{"id":91056,"date":"2025-03-17T13:08:21","date_gmt":"2025-03-17T13:08:21","guid":{"rendered":"https:\/\/www.pilgrim.es\/french-way\/logrono\/"},"modified":"2025-03-17T13:08:21","modified_gmt":"2025-03-17T13:08:21","slug":"logrono","status":"publish","type":"page","link":"https:\/\/www.pilgrim.es\/en\/french-way\/logrono\/","title":{"rendered":"Logro\u00f1o"},"content":{"rendered":" <section id=\"hero\">\n\t<h1>Logro\u00f1o<\/h1>\n\t<div class=\"hero-grid\">\n\t\t<div class=\"hero-grid__town-col\" data-background=\"https:\/\/cdn.pilgrim.es\/web\/caminos\/camino-frances\/pueblos\/logrono\/logrono.jpg\">\n\t\t\t<div>\n\t\t\t\t<a class=\"link-to-stage\" href=\"https:\/\/www.pilgrim.es\/camino-frances\/etapa-7-los-arcos-logrono\/\">\n\t\t\t\t\t<p>&#8249; Back to the stage<\/p>\n\t\t\t\t<\/a>\n\n\t\t\t\t<div class=\"town-data\">\n\t\t\t\t\t<h2>Logro\u00f1o<\/h2>\n\t\t\t\t\t<ul>\n\t\t\t\t\t\t<li>Residents: 151.962 aprox.<\/li>\n\t\t\t\t\t\t<li>Province: La Rioja<\/li>\n\t\t\t\t\t<\/ul>\n\t\t\t\t<\/div>\n\t\t\t<\/div>\n\t\t<\/div>\n\t\t<div class=\"hero-grid__planner-col\"><div\r\n  class=\"p-col-span-1 p-rounded-lg p-px-5 p-h-full\"\r\n  style=\"background-image: url('https:\/\/cdn.pilgrim.es\/web\/pilgrim-planner\/bg-plugin-planificador.webp')\"\r\n  rel=\"preload\"\r\n  fetchpriority=\"high\"\r\n  >\r\n    <div class=\"p-text-center p-pt-5 p-text-white p-text-2xl p-font-semibold\">\r\n      Plan your journey    <\/div>\r\n    <div\r\n            id='primary-app'\r\n            data-name='banner'\r\n            data-api='https:\/\/pathfinder.pilgrim.es\/api\/pathfinder\/v2'\r\n            data-mode='normal'\r\n            data-lang='en'\r\n            data-route='1'\r\n            data-destiny='https:\/\/planificador.pilgrim.es'\r\n            data-modality='1'\r\n            data-inline=''\r\n        ><\/div><\/div><\/div>\n\t<\/div>\n<\/section>\n\n<section id=\"infoTown\">\n\t<div class=\"sections-town\">\n\n\t\t<div id=\"informationSection\">\n\t\t\t<div>\n\t\t\t\t<h2 class=\"p-h2-town\">Information<\/h2>\n\t\t\t\t<hr>\n\t\t\t\t<h3 class=\"p-h3-town\">Get to know Logro\u00f1o<\/h3>\n\t\t\t<\/div>\n\t\t\t<p>Once we leave Navarre we enter the lands of La Rioja and we find another great city, Logro\u00f1o.<\/p> <p>This is bathed by the Ebro River, the first major channel of the French Way and is considered as a crossroads since ancient times as it was the midpoint between the different kingdoms of the north of the peninsula.<\/p> <p>\n\t\t<\/div>\n\n\t\t<div id=\"locationSection\">\n\t\t\t<div>\n\t\t\t\t<h2 class=\"p-h2-town\">Location<\/h2>\n\t\t\t\t<hr>\n\t\t\t\t<h3 class=\"p-h3-town\">How to get there<\/h3>\n\t\t\t<\/div>\n\t\t\t<p>Logro\u00f1o is well connected thanks to the roads LO-20, A-12, A-11 and AP-68, only the last one has a toll area. If, on the other hand, you want to reach the city by public transport, there are several possibilities, plane, bus and train.\n\n<p>Logro\u00f1o airport has hardly any air traffic but it has several flights to Madrid, another impediment is that despite being 9 km from the city has no public transport to get there.<\/p> &lt;p\n\n<p>With regard to the other two transport options, both are very well connected with the main points of Spain such as: Madrid, Valencia, Leon, Alicante, Alicante, Zamora, Barcelona, Santander, Vigo, Pontevedra, Orense, Valladolid, A Coru\u00f1a, etc. <\/p>\n\t\t\t<div>\n\t\t\t\t<div>\n  <iframe loading=\"lazy\"\n    src=\"https:\/\/www.google.com\/maps\/d\/embed?mid=1oBYgb06zU-N-9hhWXrlYmcse_ElGiwo&amp;ehbc=2E312F\"\n    width=\"640\"\n    height=\"480\"\n    alt=\"Mapa Logro\u00f1o\"\n  ><\/iframe>\n<\/div>\n\n\t\t\t<\/div>\n\t\t<\/div>\n\n\t\t\n\t\t\t<div id=\"toVisitSection\">\n\t\t\t\t<div>\n\t\t\t\t\t<h2 class=\"p-h2-town\">History \/ Culture<\/h2>\n\t\t\t\t\t<hr>\n\t\t\t\t\t<h3 class=\"p-h3-town\">What to see<\/h3>\n\t\t\t\t<\/div>\n\t\t\t\t<div>\n\t\t\t\t\t<div class=\"accordion\">\n\t\t\t\t\t\t<div class=\"accordion__menu\">\n\t\t\t\t\t\t\t<nav>\n\t\t\t\t\t\t\t\t\n\t\t\t\t\t\t\t\t\t<button class=\"nav-tab-accordion active\"><span>&#10093;<\/span><span> Darien<\/span><\/button>\n\t\t\t\t\t\t\t\t\n\t\t\t\t\t\t\t\t\t<button class=\"nav-tab-accordion \"><span>&#10093;<\/span><span> Puente Mantible<\/span><\/button>\n\t\t\t\t\t\t\t\t\n\t\t\t\t\t\t\t\t\t<button class=\"nav-tab-accordion \"><span>&#10093;<\/span><span> Museo W\u00fcrth<\/span><\/button>\n\t\t\t\t\t\t\t\t\n\t\t\t\t\t\t\t\t\t<button class=\"nav-tab-accordion \"><span>&#10093;<\/span><span> Puente de Piedra<\/span><\/button>\n\t\t\t\t\t\t\t\t\n\t\t\t\t\t\t\t\t\t<button class=\"nav-tab-accordion \"><span>&#10093;<\/span><span> Teatro Bret\u00f3n de Los Herreros<\/span><\/button>\n\t\t\t\t\t\t\t\t\n\t\t\t\t\t\t\t\t\t<button class=\"nav-tab-accordion \"><span>&#10093;<\/span><span> Calado de San Gregorio<\/span><\/button>\n\t\t\t\t\t\t\t\t\n\t\t\t\t\t\t\t\t\t<button class=\"nav-tab-accordion \"><span>&#10093;<\/span><span> Castillo de Clavijo<\/span><\/button>\n\t\t\t\t\t\t\t\t\n\t\t\t\t\t\t\t\t\t<button class=\"nav-tab-accordion \"><span>&#10093;<\/span><span> Centro de la Cultura de la Rioja<\/span><\/button>\n\t\t\t\t\t\t\t\t\n\t\t\t\t\t\t\t\t\t<button class=\"nav-tab-accordion \"><span>&#10093;<\/span><span> Cubo de Revell\u00edn y la Muralla<\/span><\/button>\n\t\t\t\t\t\t\t\t\n\t\t\t\t\t\t\t\t\t<button class=\"nav-tab-accordion \"><span>&#10093;<\/span><span> Edificio de Correos<\/span><\/button>\n\t\t\t\t\t\t\t\t\n\t\t\t\t\t\t\t\t\t<button class=\"nav-tab-accordion \"><span>&#10093;<\/span><span> Edificio del Parlamento<\/span><\/button>\n\t\t\t\t\t\t\t\t\n\t\t\t\t\t\t\t\t\t<button class=\"nav-tab-accordion \"><span>&#10093;<\/span><span> Fuente del Peregrino<\/span><\/button>\n\t\t\t\t\t\t\t\t\n\t\t\t\t\t\t\t\t\t<button class=\"nav-tab-accordion \"><span>&#10093;<\/span><span> Iglesia de Santiago<\/span><\/button>\n\t\t\t\t\t\t\t\t\n\t\t\t\t\t\t\t\t\t<button class=\"nav-tab-accordion \"><span>&#10093;<\/span><span> Iglesia de San Bartolom\u00e9<\/span><\/button>\n\t\t\t\t\t\t\t\t\n\t\t\t\t\t\t\t\t\t<button class=\"nav-tab-accordion \"><span>&#10093;<\/span><span> Imperial Iglesia de Santa Mar\u00eda Palacio<\/span><\/button>\n\t\t\t\t\t\t\t\t\n\t\t\t\t\t\t\t\t\t<button class=\"nav-tab-accordion \"><span>&#10093;<\/span><span> Marqu\u00e9s de Murrieta<\/span><\/button>\n\t\t\t\t\t\t\t\t\n\t\t\t\t\t\t\t\t\t<button class=\"nav-tab-accordion \"><span>&#10093;<\/span><span> Museo de La Rioja<\/span><\/button>\n\t\t\t\t\t\t\t\t\n\t\t\t\t\t\t\t\t\t<button class=\"nav-tab-accordion \"><span>&#10093;<\/span><span> Campo Viejo<\/span><\/button>\n\t\t\t\t\t\t\t\t\n\t\t\t\t\t\t\t\t\t<button class=\"nav-tab-accordion \"><span>&#10093;<\/span><span> Palacio de Congresos<\/span><\/button>\n\t\t\t\t\t\t\t\t\n\t\t\t\t\t\t\t\t\t<button class=\"nav-tab-accordion \"><span>&#10093;<\/span><span> Palacio Marqu\u00e9s de Monasterio<\/span><\/button>\n\t\t\t\t\t\t\t\t\n\t\t\t\t\t\t\t\t\t<button class=\"nav-tab-accordion \"><span>&#10093;<\/span><span> Parque de La Grajera<\/span><\/button>\n\t\t\t\t\t\t\t\t\n\t\t\t\t\t\t\t\t\t<button class=\"nav-tab-accordion \"><span>&#10093;<\/span><span> Plaza del Ayuntamiento<\/span><\/button>\n\t\t\t\t\t\t\t\t\n\t\t\t\t\t\t\t\t\t<button class=\"nav-tab-accordion \"><span>&#10093;<\/span><span> Puente de Hierro<\/span><\/button>\n\t\t\t\t\t\t\t\t\n\t\t\t\t\t\t\t\t\t<button class=\"nav-tab-accordion \"><span>&#10093;<\/span><span> Bodega Onta\u00f1\u00f3n<\/span><\/button>\n\t\t\t\t\t\t\t\t\n\t\t\t\t\t\t\t\t\t<button class=\"nav-tab-accordion \"><span>&#10093;<\/span><span> Restos de la Antigua Vareia<\/span><\/button>\n\t\t\t\t\t\t\t\t\n\t\t\t\t\t\t\t\t\t<button class=\"nav-tab-accordion \"><span>&#10093;<\/span><span> Casa de Mateo de Nuevas<\/span><\/button>\n\t\t\t\t\t\t\t\t\n\t\t\t\t\t\t\t\t\t<button class=\"nav-tab-accordion \"><span>&#10093;<\/span><span> Concatedral de la Redonda<\/span><\/button>\n\t\t\t\t\t\t\t\t\n\t\t\t\t\t\t\t\t\t<button class=\"nav-tab-accordion \"><span>&#10093;<\/span><span> Sala Am\u00f3s Salvador<\/span><\/button>\n\t\t\t\t\t\t\t\t\n\t\t\t\t\t\t\t\t\t<button class=\"nav-tab-accordion \"><span>&#10093;<\/span><span> Bodega Marqu\u00e9s de Vargas<\/span><\/button>\n\t\t\t\t\t\t\t\t\n\t\t\t\t\t\t\t<\/nav>\n\t\t\t\t\t\t<\/div>\n\n\t\t\t\t\t\t\n\t\t\t\t\t\t\t<div class=\"accordion__accordion-content \">\n\t\t\t\t\t\t\t\t<div>\n\t\t\t\t\t\t\t\t\t<div>\n\t\t\t\t\t\t\t\t\t\t<h4>Darien<\/h4>\n\t\t\t\t\t\t\t\t\t\t<p>Darien is a winery built in an avant-garde style by architect Jes\u00fas Mariano Pascual. It is surrounded by vineyards and is equipped with the most advanced technology for the production of personal and modern wines.\n\n<p>HOURS<\/p>\n\n<p>From Monday to Saturday it is open from 11:00 to 17:00 Sundays from 11:00 to 14:00<\/p> <p>Sundays from 11:00 to 14:00.\n\n<p>Fees<\/p>\n\n<p>Guided tour with tasting of 1 wine: 6\u20ac Guided tour with tasting of 4 wines and appetizer: 15\u20ac Free visit with tasting of 1 wine: 3\u20ac<\/p>\n\n<p>INFORMATION OF INTEREST<\/p>\n\n<p>Web: www.darien.es E-mail: infor@darien.es Telephone: 941 25 81 30<\/p>\n\n<p>Guided tours require reservations<\/p>\n\t\t\t\t\t\t\t\t\t<\/div>\n\t\t\t\t\t\t\t\t\t<img decoding=\"async\" src=\"https:\/\/cdn.pilgrim.es\/web\/caminos\/camino-frances\/pueblos\/logrono\/puntos-de-interes\/darien.jpg\" alt=\"Darien\">\n\t\t\t\t\t\t\t\t<\/div>\n\t\t\t\t\t\t\t<\/div>\n\t\t\t\t\t\t\n\t\t\t\t\t\t\t<div class=\"accordion__accordion-content inactive\">\n\t\t\t\t\t\t\t\t<div>\n\t\t\t\t\t\t\t\t\t<div>\n\t\t\t\t\t\t\t\t\t\t<h4>Puente Mantible<\/h4>\n\t\t\t\t\t\t\t\t\t\t<p>The ruins of the Mantible bridge show one of the ancient routes to cross the Ebro. There is no agreement on the date of its construction; for historians it dates back to the first half of the second century, in the middle of the Roman imperial period, while for others, the bridge was built in the eleventh century and would be contemporary to the existing one in Puente la Reina. <\/p>\n\n<p>Following the second theory, both bridges had been built to link the two main cities of the kingdom of Navarre, Pamplona and N\u00e1jera. Its length was 164 meters, with a width of 5 and with a maximum height of 30 meters. It was composed of seven semicircular arches, only two of which are still standing. In the structure, still visible today, you can see the excellent quality of the stonework used in its construction.\n\t\t\t\t\t\t\t\t\t<\/div>\n\t\t\t\t\t\t\t\t\t<img decoding=\"async\" src=\"https:\/\/cdn.pilgrim.es\/web\/caminos\/camino-frances\/pueblos\/logrono\/puntos-de-interes\/puente-mantible.jpg\" alt=\"Puente Mantible\">\n\t\t\t\t\t\t\t\t<\/div>\n\t\t\t\t\t\t\t<\/div>\n\t\t\t\t\t\t\n\t\t\t\t\t\t\t<div class=\"accordion__accordion-content inactive\">\n\t\t\t\t\t\t\t\t<div>\n\t\t\t\t\t\t\t\t\t<div>\n\t\t\t\t\t\t\t\t\t\t<h4>Museo W\u00fcrth<\/h4>\n\t\t\t\t\t\t\t\t\t\t<p>Located in the El Sequero industrial estate, the W\u00fcrth Museum, owned by the German multinational of the same name, is a contemporary art museum that usually combines prestigious exhibitions by renowned authors with museum collections belonging to the multinational&#8217;s own collections.\n\t\t\t\t\t\t\t\t\t<\/div>\n\t\t\t\t\t\t\t\t\t<img decoding=\"async\" src=\"https:\/\/cdn.pilgrim.es\/web\/caminos\/camino-frances\/pueblos\/logrono\/puntos-de-interes\/museo-wurth.jpg\" alt=\"Museo W\u00fcrth\">\n\t\t\t\t\t\t\t\t<\/div>\n\t\t\t\t\t\t\t<\/div>\n\t\t\t\t\t\t\n\t\t\t\t\t\t\t<div class=\"accordion__accordion-content inactive\">\n\t\t\t\t\t\t\t\t<div>\n\t\t\t\t\t\t\t\t\t<div>\n\t\t\t\t\t\t\t\t\t\t<h4>Puente de Piedra<\/h4>\n\t\t\t\t\t\t\t\t\t\t<p>The toll houses of the Stone Bridge were built at the end of the 19th century with the purpose of collecting taxes from people who wanted to access the city. Located opposite each other at each end of the bridge, they also served as housing for the carabineros who guarded the bridge. <\/p>\n\n<p>Engineer Ferm\u00edn Manso de Z\u00fa\u00f1iga erected this new infrastructure after his predecessor was demolished in 1871 due to a flood. This had twelve arches and exceeded two hundred meters in length. The reconstruction of the new bridge was completed in 1884, undergoing a new reform in 1917. It is one of the symbols of Logro\u00f1o, being dated its appearance in the coat of arms of the city since 1285. <\/p>\n\t\t\t\t\t\t\t\t\t<\/div>\n\t\t\t\t\t\t\t\t\t<img decoding=\"async\" src=\"https:\/\/cdn.pilgrim.es\/web\/caminos\/camino-frances\/pueblos\/logrono\/puntos-de-interes\/puente-de-piedra.jpg\" alt=\"Puente de Piedra\">\n\t\t\t\t\t\t\t\t<\/div>\n\t\t\t\t\t\t\t<\/div>\n\t\t\t\t\t\t\n\t\t\t\t\t\t\t<div class=\"accordion__accordion-content inactive\">\n\t\t\t\t\t\t\t\t<div>\n\t\t\t\t\t\t\t\t\t<div>\n\t\t\t\t\t\t\t\t\t\t<h4>Teatro Bret\u00f3n de Los Herreros<\/h4>\n\t\t\t\t\t\t\t\t\t\t<p>The Bret\u00f3n de los Herreros Theater is the receiving space for large-format cultural shows. In addition, together with the Sala Am\u00f3s Salvador, they are responsible for showing the city the avant-garde of art, through prestigious exhibitions for the quality of their works and the name of their authors.\n\n<p>This one is located in the center of Logro\u00f1o, in the pedestrian street. It was financed through a popular subscription in which illustrious Riojans such as Espartero, Sagasta and the architect of the building himself, Felix Navarro, participated. <\/p>\n\t\t\t\t\t\t\t\t\t<\/div>\n\t\t\t\t\t\t\t\t\t<img decoding=\"async\" src=\"https:\/\/cdn.pilgrim.es\/web\/caminos\/camino-frances\/pueblos\/logrono\/puntos-de-interes\/teatro-breton-de-los-herreros.jpg\" alt=\"Teatro Bret\u00f3n de Los Herreros\">\n\t\t\t\t\t\t\t\t<\/div>\n\t\t\t\t\t\t\t<\/div>\n\t\t\t\t\t\t\n\t\t\t\t\t\t\t<div class=\"accordion__accordion-content inactive\">\n\t\t\t\t\t\t\t\t<div>\n\t\t\t\t\t\t\t\t\t<div>\n\t\t\t\t\t\t\t\t\t\t<h4>Calado de San Gregorio<\/h4>\n\t\t\t\t\t\t\t\t\t\t<p>The capital of La Rioja is known, above all, for its relationship with wine. Already in the sixteenth century it was customary to build cellars, which is the name given to the subway cellars in the area, under the floor of the houses of the city. At that time, families made their own wine for their own consumption. The &#8220;calados&#8221;, with ashlar walls, provide the ideal temperature and humidity for the fermentation and preservation of these wines.\n\n<p>The calado of San Gregorio, located in Ruavieja Street, is the longest of those that have survived to the present day. It is currently the heritage of the City Council, as it is a real jewel of traditional wine architecture. It is thirty meters long and its origins date back to the sixteenth century. <\/p>\n\t\t\t\t\t\t\t\t\t<\/div>\n\t\t\t\t\t\t\t\t\t<img decoding=\"async\" src=\"https:\/\/cdn.pilgrim.es\/web\/caminos\/camino-frances\/pueblos\/logrono\/puntos-de-interes\/calado-san-gregorio.jpg\" alt=\"Calado de San Gregorio\">\n\t\t\t\t\t\t\t\t<\/div>\n\t\t\t\t\t\t\t<\/div>\n\t\t\t\t\t\t\n\t\t\t\t\t\t\t<div class=\"accordion__accordion-content inactive\">\n\t\t\t\t\t\t\t\t<div>\n\t\t\t\t\t\t\t\t\t<div>\n\t\t\t\t\t\t\t\t\t\t<h4>Castillo de Clavijo<\/h4>\n\t\t\t\t\t\t\t\t\t\t<p>The castle of Clavijo sits on a rocky promontory in the town of Clavijo, located about fifteen kilometers from Logro\u00f1o. <\/p>\n\n<p>According to Jacobean tradition, it was here that the apparition of the apostle St. James, mounted on his white steed, led the Christian troops to defeat the Muslim hordes in 844.\n\t\t\t\t\t\t\t\t\t<\/div>\n\t\t\t\t\t\t\t\t\t<img decoding=\"async\" src=\"https:\/\/cdn.pilgrim.es\/web\/caminos\/camino-frances\/pueblos\/logrono\/puntos-de-interes\/castillo-clavijo.jpg\" alt=\"Castillo de Clavijo\">\n\t\t\t\t\t\t\t\t<\/div>\n\t\t\t\t\t\t\t<\/div>\n\t\t\t\t\t\t\n\t\t\t\t\t\t\t<div class=\"accordion__accordion-content inactive\">\n\t\t\t\t\t\t\t\t<div>\n\t\t\t\t\t\t\t\t\t<div>\n\t\t\t\t\t\t\t\t\t\t<h4>Centro de la Cultura de la Rioja<\/h4>\n\t\t\t\t\t\t\t\t\t\t<p>The Rioja Culture Center is the work of the architect Jes\u00fas Marino Pascual, located in the center of the city and in the historic center. The ambition of this project is to be an international reference for the culture of &#8220;Rioja&#8221; wine, in addition to fulfilling a function of rehabilitation of the social and cultural life of the historic city. <\/p>\n\n<p>The center was built on the old palace of the Yang\u00fcas, from the sixteenth century, of which the entrance hall, the arch of the front, the stairwell, the fretwork, the roof and the balcony are still preserved.  Its facade is presided over by the figure of a large bottle rack. <\/p>\n\t\t\t\t\t\t\t\t\t<\/div>\n\t\t\t\t\t\t\t\t\t<img decoding=\"async\" src=\"https:\/\/cdn.pilgrim.es\/web\/caminos\/camino-frances\/pueblos\/logrono\/puntos-de-interes\/centro--cultura.jpg\" alt=\"Centro de la Cultura de la Rioja\">\n\t\t\t\t\t\t\t\t<\/div>\n\t\t\t\t\t\t\t<\/div>\n\t\t\t\t\t\t\n\t\t\t\t\t\t\t<div class=\"accordion__accordion-content inactive\">\n\t\t\t\t\t\t\t\t<div>\n\t\t\t\t\t\t\t\t\t<div>\n\t\t\t\t\t\t\t\t\t\t<h4>Cubo de Revell\u00edn y la Muralla<\/h4>\n\t\t\t\t\t\t\t\t\t\t<p>The Cubo de Revell\u00edn is a cubic structure fort that is preserved in perfect condition and houses inside a documentary exhibition on the history of the fortification of the city. Linked to this fort you can see two different sections of the wall.\n\n<p>The regrowth of the defensive masonry allows us to see what the northern facade of the city looked like in the 16th and 17th centuries, different periods in the construction of the defensive structure.\n\t\t\t\t\t\t\t\t\t<\/div>\n\t\t\t\t\t\t\t\t\t<img decoding=\"async\" src=\"https:\/\/cdn.pilgrim.es\/web\/caminos\/camino-frances\/pueblos\/logrono\/puntos-de-interes\/cubo-revellin.jpg\" alt=\"Cubo de Revell\u00edn y la Muralla\">\n\t\t\t\t\t\t\t\t<\/div>\n\t\t\t\t\t\t\t<\/div>\n\t\t\t\t\t\t\n\t\t\t\t\t\t\t<div class=\"accordion__accordion-content inactive\">\n\t\t\t\t\t\t\t\t<div>\n\t\t\t\t\t\t\t\t\t<div>\n\t\t\t\t\t\t\t\t\t\t<h4>Edificio de Correos<\/h4>\n\t\t\t\t\t\t\t\t\t\t<p>The construction of the Post Office Building began in 1927, although it was inaugurated in 1932. It is a work of neo-baroque architecture signed by the architect Agapito del Valle, erected on the former convent of the Augustinian nuns.\n\t\t\t\t\t\t\t\t\t<\/div>\n\t\t\t\t\t\t\t\t\t<img decoding=\"async\" src=\"https:\/\/cdn.pilgrim.es\/web\/caminos\/camino-frances\/pueblos\/logrono\/puntos-de-interes\/edificio-correos.jpg\" alt=\"Edificio de Correos\">\n\t\t\t\t\t\t\t\t<\/div>\n\t\t\t\t\t\t\t<\/div>\n\t\t\t\t\t\t\n\t\t\t\t\t\t\t<div class=\"accordion__accordion-content inactive\">\n\t\t\t\t\t\t\t\t<div>\n\t\t\t\t\t\t\t\t\t<div>\n\t\t\t\t\t\t\t\t\t\t<h4>Edificio del Parlamento<\/h4>\n\t\t\t\t\t\t\t\t\t\t<p>The Parliament Building of La Rioja is the former convent of La Merced, which has its origins in the fourteenth century, although almost all of it was built in the sixteenth century, as can be seen in the coats of arms of the order that adorn the north facade. <\/p>\n\n<p>The convent, flanked by the wall, was located at one of the city gates. As time passed, the building has gone through all sorts of uses. In 1820 it served as a barracks; a decade later it was used as a military hospital, warehouse, artillery park and prison. Between 1847 and 1868 it was the home of the Carmelite nuns. That year, the building was exchanged for some plots of land and given to the City Council of Logro\u00f1o, by means of a Royal Order. Due to the Carlist wars, the municipal ownership was lost and it passed into military hands.\n\t\t\t\t\t\t\t\t\t<\/div>\n\t\t\t\t\t\t\t\t\t<img decoding=\"async\" src=\"https:\/\/cdn.pilgrim.es\/web\/caminos\/camino-frances\/pueblos\/logrono\/puntos-de-interes\/parlamento.jpg\" alt=\"Edificio del Parlamento\">\n\t\t\t\t\t\t\t\t<\/div>\n\t\t\t\t\t\t\t<\/div>\n\t\t\t\t\t\t\n\t\t\t\t\t\t\t<div class=\"accordion__accordion-content inactive\">\n\t\t\t\t\t\t\t\t<div>\n\t\t\t\t\t\t\t\t\t<div>\n\t\t\t\t\t\t\t\t\t\t<h4>Fuente del Peregrino<\/h4>\n\t\t\t\t\t\t\t\t\t\t<p>The fountain of the Pilgrim is located a few meters before reaching the ramp leading to the church of Santiago. The fountain is built in stone, it is composed of a recessed arch figure flanked by two pillars, frieze and pediment.\n\n<p>Although it is not known exactly the year of construction, what is known is data of a reconstruction that was carried out in 1675, although everything suggests that it is older. Since then its two spouts offer fresh water to pilgrims on their way to Santiago along the route of the French Way, where the fountain is located. <\/p>\n\t\t\t\t\t\t\t\t\t<\/div>\n\t\t\t\t\t\t\t\t\t<img decoding=\"async\" src=\"https:\/\/cdn.pilgrim.es\/web\/caminos\/camino-frances\/pueblos\/logrono\/puntos-de-interes\/fuente-peregrinos.jpg\" alt=\"Fuente del Peregrino\">\n\t\t\t\t\t\t\t\t<\/div>\n\t\t\t\t\t\t\t<\/div>\n\t\t\t\t\t\t\n\t\t\t\t\t\t\t<div class=\"accordion__accordion-content inactive\">\n\t\t\t\t\t\t\t\t<div>\n\t\t\t\t\t\t\t\t\t<div>\n\t\t\t\t\t\t\t\t\t\t<h4>Iglesia de Santiago<\/h4>\n\t\t\t\t\t\t\t\t\t\t<p>The origins of the Church of St. James date back to 844 when Arcadius, a disciple of the Apostle, built the first church in honor of the saint.\n\n<p>That first temple was enlarged several times and destroyed by fire around 1500. The present church begins to be built immediately after the flames made the original one disappear. <\/p>\n\t\t\t\t\t\t\t\t\t<\/div>\n\t\t\t\t\t\t\t\t\t<img decoding=\"async\" src=\"https:\/\/cdn.pilgrim.es\/web\/caminos\/camino-frances\/pueblos\/logrono\/puntos-de-interes\/iglesia-santiago.jpg\" alt=\"Iglesia de Santiago\">\n\t\t\t\t\t\t\t\t<\/div>\n\t\t\t\t\t\t\t<\/div>\n\t\t\t\t\t\t\n\t\t\t\t\t\t\t<div class=\"accordion__accordion-content inactive\">\n\t\t\t\t\t\t\t\t<div>\n\t\t\t\t\t\t\t\t\t<div>\n\t\t\t\t\t\t\t\t\t\t<h4>Iglesia de San Bartolom\u00e9<\/h4>\n\t\t\t\t\t\t\t\t\t\t<p>The Church of San Bartolom\u00e9 is the oldest of those preserved in the city. Erected in the early years of the thirteenth century, probably on an old church that already existed. Regarding its structure, it has a triple chevet, a transept, three naves and a tower. The chevet and the floor plan date back to the Romanesque style and, the closer we get to the main door, the more the Gothic style reigns. The reform that took place in the 16th century added new pillars, a covered vault and a choir at the entrance.\n\t\t\t\t\t\t\t\t\t<\/div>\n\t\t\t\t\t\t\t\t\t<img decoding=\"async\" src=\"https:\/\/cdn.pilgrim.es\/web\/caminos\/camino-frances\/pueblos\/logrono\/puntos-de-interes\/iglesia-san-bartolome.jpg\" alt=\"Iglesia de San Bartolom\u00e9\">\n\t\t\t\t\t\t\t\t<\/div>\n\t\t\t\t\t\t\t<\/div>\n\t\t\t\t\t\t\n\t\t\t\t\t\t\t<div class=\"accordion__accordion-content inactive\">\n\t\t\t\t\t\t\t\t<div>\n\t\t\t\t\t\t\t\t\t<div>\n\t\t\t\t\t\t\t\t\t\t<h4>Imperial Iglesia de Santa Mar\u00eda Palacio<\/h4>\n\t\t\t\t\t\t\t\t\t\t<p>The Church of Santa Maria del Palacio sits on an ancient church founded by the Order of the Holy Sepulchre and dates back to the second half of the 12th century. <\/p>\n\t\t\t\t\t\t\t\t\t<\/div>\n\t\t\t\t\t\t\t\t\t<img decoding=\"async\" src=\"https:\/\/cdn.pilgrim.es\/web\/caminos\/camino-frances\/pueblos\/logrono\/puntos-de-interes\/iglesia-santa-maria-palacio.jpg\" alt=\"Imperial Iglesia de Santa Mar\u00eda Palacio\">\n\t\t\t\t\t\t\t\t<\/div>\n\t\t\t\t\t\t\t<\/div>\n\t\t\t\t\t\t\n\t\t\t\t\t\t\t<div class=\"accordion__accordion-content inactive\">\n\t\t\t\t\t\t\t\t<div>\n\t\t\t\t\t\t\t\t\t<div>\n\t\t\t\t\t\t\t\t\t\t<h4>Marqu\u00e9s de Murrieta<\/h4>\n\t\t\t\t\t\t\t\t\t\t<p>Marqu\u00e9s de Murrieta is a century-old project that dates back to 1852. A dream conceived by the Marqu\u00e9s de Murrieta, a native of Logro\u00f1o and Riojan by adoption.\n\n<p>From 1983 to the present day the Cebri\u00e1n-Sagarriga family, led by Vicente Dalmau Cebri\u00e1n Sagarriga Count of Creixell, has been running the winery and its 300 hectares of surrounding vineyards. <\/p>\n\n<\/p> <p> <\/p>\n\t\t\t\t\t\t\t\t\t<\/div>\n\t\t\t\t\t\t\t\t\t<img decoding=\"async\" src=\"https:\/\/cdn.pilgrim.es\/web\/caminos\/camino-frances\/pueblos\/logrono\/puntos-de-interes\/marques-murrieta.jpg\" alt=\"Marqu\u00e9s de Murrieta\">\n\t\t\t\t\t\t\t\t<\/div>\n\t\t\t\t\t\t\t<\/div>\n\t\t\t\t\t\t\n\t\t\t\t\t\t\t<div class=\"accordion__accordion-content inactive\">\n\t\t\t\t\t\t\t\t<div>\n\t\t\t\t\t\t\t\t\t<div>\n\t\t\t\t\t\t\t\t\t\t<h4>Museo de La Rioja<\/h4>\n\t\t\t\t\t\t\t\t\t\t<p>Opened to the public in 1971, the Museum of La Rioja is located in the Palace of Espartero, with its main facade facing the Plaza de San Agustin. It is a Baroque-style building used by General Espartero after retiring from politics to live with his wife Jacinta Mart\u00ednez de Sicilia.<\/p> <p>It was built in the Baroque style by General Espartero after he retired from politics to live with his wife Jacinta Mart\u00ednez de Sicilia.\n\t\t\t\t\t\t\t\t\t<\/div>\n\t\t\t\t\t\t\t\t\t<img decoding=\"async\" src=\"https:\/\/cdn.pilgrim.es\/web\/caminos\/camino-frances\/pueblos\/logrono\/puntos-de-interes\/museo-la-rioja.jpg\" alt=\"Museo de La Rioja\">\n\t\t\t\t\t\t\t\t<\/div>\n\t\t\t\t\t\t\t<\/div>\n\t\t\t\t\t\t\n\t\t\t\t\t\t\t<div class=\"accordion__accordion-content inactive\">\n\t\t\t\t\t\t\t\t<div>\n\t\t\t\t\t\t\t\t\t<div>\n\t\t\t\t\t\t\t\t\t\t<h4>Campo Viejo<\/h4>\n\t\t\t\t\t\t\t\t\t\t<p>El Campo Viejo was inaugurated in 2001 under the name of the new Campo Viejo winery. The reform of the winery was raised to find a balance between oenology and architecture with the aim of ensuring its sustainability over time. Thus was born this temple that is currently at the forefront of the international wine market.\n\n<p>Wines such as Campo Viejo, Alcorta, Azpilicueta are proof of this. First and only winery in Rioja with the Q for Quality Tourism Certification.\n\t\t\t\t\t\t\t\t\t<\/div>\n\t\t\t\t\t\t\t\t\t<img decoding=\"async\" src=\"https:\/\/cdn.pilgrim.es\/web\/caminos\/camino-frances\/pueblos\/logrono\/puntos-de-interes\/castillo-clavijo.jpg\" alt=\"Campo Viejo\">\n\t\t\t\t\t\t\t\t<\/div>\n\t\t\t\t\t\t\t<\/div>\n\t\t\t\t\t\t\n\t\t\t\t\t\t\t<div class=\"accordion__accordion-content inactive\">\n\t\t\t\t\t\t\t\t<div>\n\t\t\t\t\t\t\t\t\t<div>\n\t\t\t\t\t\t\t\t\t\t<h4>Palacio de Congresos<\/h4>\n\t\t\t\t\t\t\t\t\t\t<p>Also known by the nickname of Rioja Forum, the Palacio de Congresos de Logro\u00f1o is the auditorium with the largest capacity in the city. Located in the enclave of the Parque de la Ribera, it was inaugurated in 2004 with a capacity of around three thousand people. <\/p>\n\n<p>It has three floors where you can find among others an auditorium, a chamber hall, an exhibition hall or a banquet hall. It was conceived for holding large format shows and all kinds of events in terms of congresses or exhibitions.\n\t\t\t\t\t\t\t\t\t<\/div>\n\t\t\t\t\t\t\t\t\t<img decoding=\"async\" src=\"https:\/\/cdn.pilgrim.es\/web\/caminos\/camino-frances\/pueblos\/logrono\/puntos-de-interes\/palacio-congresos.jpg\" alt=\"Palacio de Congresos\">\n\t\t\t\t\t\t\t\t<\/div>\n\t\t\t\t\t\t\t<\/div>\n\t\t\t\t\t\t\n\t\t\t\t\t\t\t<div class=\"accordion__accordion-content inactive\">\n\t\t\t\t\t\t\t\t<div>\n\t\t\t\t\t\t\t\t\t<div>\n\t\t\t\t\t\t\t\t\t\t<h4>Palacio Marqu\u00e9s de Monasterio<\/h4>\n\t\t\t\t\t\t\t\t\t\t<p>Located in the Herrer\u00edas area and current headquarters of the Social Security of Logro\u00f1o, the Marqu\u00e9s de Monesterio Palace is a clear example of Renaissance architecture.  It is in the sixteenth century when Francisco de Tejada and his wife In\u00e9s de Sesma carry out the construction of a house in the area of Herrer\u00edas where the current Palace has its origin, which would gain more weight when later an extension of the house to the Church of San Bartolom\u00e9 was carried out by Juan de Tejada and his wife Leonor de Z\u00fa\u00f1iga. <\/p>\n\n<p>It was already in the eighteenth century when the building was in the hands of the Marquises of Monesterio, the demolition of the last extension was carried out and the palace we know today was built. Throughout the nineteenth century there was a gradual decline of the house, which has been rehabilitated for the last time in the first decade of the twenty-first century. <\/p>\n\t\t\t\t\t\t\t\t\t<\/div>\n\t\t\t\t\t\t\t\t\t<img decoding=\"async\" src=\"https:\/\/cdn.pilgrim.es\/web\/caminos\/camino-frances\/pueblos\/logrono\/puntos-de-interes\/palacio-marques-monesterio.jpg\" alt=\"Palacio Marqu\u00e9s de Monasterio\">\n\t\t\t\t\t\t\t\t<\/div>\n\t\t\t\t\t\t\t<\/div>\n\t\t\t\t\t\t\n\t\t\t\t\t\t\t<div class=\"accordion__accordion-content inactive\">\n\t\t\t\t\t\t\t\t<div>\n\t\t\t\t\t\t\t\t\t<div>\n\t\t\t\t\t\t\t\t\t\t<h4>Parque de La Grajera<\/h4>\n\t\t\t\t\t\t\t\t\t\t<p>The Grajera Park is an impressive site that spans more than four hundred hectares of land and whose hallmark is the reservoir built in the last third of the nineteenth century, on what was once only a small lake. <\/p>\n\t\t\t\t\t\t\t\t\t<\/div>\n\t\t\t\t\t\t\t\t\t<img decoding=\"async\" src=\"https:\/\/cdn.pilgrim.es\/web\/caminos\/camino-frances\/pueblos\/logrono\/puntos-de-interes\/la-grajera.jpg\" alt=\"Parque de La Grajera\">\n\t\t\t\t\t\t\t\t<\/div>\n\t\t\t\t\t\t\t<\/div>\n\t\t\t\t\t\t\n\t\t\t\t\t\t\t<div class=\"accordion__accordion-content inactive\">\n\t\t\t\t\t\t\t\t<div>\n\t\t\t\t\t\t\t\t\t<div>\n\t\t\t\t\t\t\t\t\t\t<h4>Plaza del Ayuntamiento<\/h4>\n\t\t\t\t\t\t\t\t\t\t<p>The Town Hall Square is surrounded by the building designed by the architect Rafael Moneo, in the years 1973-1974, concluding the works around 1980. It was built on the land occupied by an old barracks, this construction has perfectly fulfilled the objective of linking the old city with the new. <\/p>\n\n<p>The square, of large dimensions and where the town hall building presides majestically with its sandstone facade, is as before a point of proactivity within the city. <\/p>\n\n<p>Outstanding on the wall is the sculpture of the Lady of the Fountain, which stands on a fountain of the same name, made of bronze and with two water spouts that over time has become a true symbol of the City Hall.\n\t\t\t\t\t\t\t\t\t<\/div>\n\t\t\t\t\t\t\t\t\t<img decoding=\"async\" src=\"https:\/\/cdn.pilgrim.es\/web\/caminos\/camino-frances\/pueblos\/logrono\/puntos-de-interes\/plaza-ayuntamiento.jpg\" alt=\"Plaza del Ayuntamiento\">\n\t\t\t\t\t\t\t\t<\/div>\n\t\t\t\t\t\t\t<\/div>\n\t\t\t\t\t\t\n\t\t\t\t\t\t\t<div class=\"accordion__accordion-content inactive\">\n\t\t\t\t\t\t\t\t<div>\n\t\t\t\t\t\t\t\t\t<div>\n\t\t\t\t\t\t\t\t\t\t<h4>Puente de Hierro<\/h4>\n\t\t\t\t\t\t\t\t\t\t<p>The Iron Bridge was inaugurated in 1882 and thanks to its construction the city improved its commercial connections with the north of Spain, especially with the Basque Country. <\/p>\n\n<p>The idea came from the Riojan politician Pr\u00e1xedes Mateo Sagasta, who being president of the Government promoted the construction project of the same, being the work was designed by the engineer Ferm\u00edn Manso de Z\u00fa\u00f1iga. <\/p>\n\t\t\t\t\t\t\t\t\t<\/div>\n\t\t\t\t\t\t\t\t\t<img decoding=\"async\" src=\"https:\/\/cdn.pilgrim.es\/web\/caminos\/camino-frances\/pueblos\/logrono\/puntos-de-interes\/puente-hierro.jpg\" alt=\"Puente de Hierro\">\n\t\t\t\t\t\t\t\t<\/div>\n\t\t\t\t\t\t\t<\/div>\n\t\t\t\t\t\t\n\t\t\t\t\t\t\t<div class=\"accordion__accordion-content inactive\">\n\t\t\t\t\t\t\t\t<div>\n\t\t\t\t\t\t\t\t\t<div>\n\t\t\t\t\t\t\t\t\t\t<h4>Bodega Onta\u00f1\u00f3n<\/h4>\n\t\t\t\t\t\t\t\t\t\t<p>The Onta\u00f1\u00f3n Winery-Museum was converted into a temple of wine culture thanks to the Riojan artist Miguel \u00c1ngel S\u00e1inz. <\/p>\n\n<p>The visit is threaded through the History of wine through mythology, culminating with the discovery of the treasure of the Onta\u00f1\u00f3n Winery: the wine tasting.<\/p>\n\n<p>TIME<\/p>\n\n<p>Monday to Saturday open from 10:00 to 14:00 and from 16:00 to 19:00Sundays from 11:00 to 14:00<\/p> <p>Sundays from 11:00 to 14:00.\n\n<p>INFORMATION OF INTEREST<\/p>\n\n<p>Web: www.ontanon.esTel\u00e9fono: 941 234 200 \/ 690 85 85 19<\/p>\n\t\t\t\t\t\t\t\t\t<\/div>\n\t\t\t\t\t\t\t\t\t<img decoding=\"async\" src=\"https:\/\/cdn.pilgrim.es\/web\/caminos\/camino-frances\/pueblos\/logrono\/puntos-de-interes\/bodegas-ontanon.jpg\" alt=\"Bodega Onta\u00f1\u00f3n\">\n\t\t\t\t\t\t\t\t<\/div>\n\t\t\t\t\t\t\t<\/div>\n\t\t\t\t\t\t\n\t\t\t\t\t\t\t<div class=\"accordion__accordion-content inactive\">\n\t\t\t\t\t\t\t\t<div>\n\t\t\t\t\t\t\t\t\t<div>\n\t\t\t\t\t\t\t\t\t\t<h4>Restos de la Antigua Vareia<\/h4>\n\t\t\t\t\t\t\t\t\t\t<p>The Remains of the Ancient Varela form an archaeological site of Roman origin. Most of these remains date from the V century although there are earlier, of them you can see the sections of the houses in which lived Titus Livius, Pliny, Strabo or Ptolemy and other illustrious figures of the Empire.\n\t\t\t\t\t\t\t\t\t<\/div>\n\t\t\t\t\t\t\t\t\t<img decoding=\"async\" src=\"https:\/\/cdn.pilgrim.es\/web\/caminos\/camino-frances\/pueblos\/logrono\/puntos-de-interes\/iglesia-santa-maria-palacio.jpg\" alt=\"Restos de la Antigua Vareia\">\n\t\t\t\t\t\t\t\t<\/div>\n\t\t\t\t\t\t\t<\/div>\n\t\t\t\t\t\t\n\t\t\t\t\t\t\t<div class=\"accordion__accordion-content inactive\">\n\t\t\t\t\t\t\t\t<div>\n\t\t\t\t\t\t\t\t\t<div>\n\t\t\t\t\t\t\t\t\t\t<h4>Casa de Mateo de Nuevas<\/h4>\n\t\t\t\t\t\t\t\t\t\t<p>The Casa de Mateo de Nuevas is the only architectural reference to the Inquisition in all of northern Spain, dating back to the 18th century. <\/p> <p>The House of Mateo de Nuevas is the only architectural reference to the Inquisition in all of northern Spain.\n\n<p>In the interior of the temple, specifically in the dome, you can contemplate a mural painting depicting the coat of arms of the Inquisition. On the first floor, as in most of the houses in the Old Town, there is a place for winemaking. <\/p>\n\n<p>The House of Mateo de Nuevas was built in the 18th century, thus being the only architectural reference to the Spanish Inquisition that exists in the north of Spain.\n\t\t\t\t\t\t\t\t\t<\/div>\n\t\t\t\t\t\t\t\t\t<img decoding=\"async\" src=\"https:\/\/cdn.pilgrim.es\/web\/caminos\/camino-frances\/pueblos\/logrono\/puntos-de-interes\/sala-amos.jpg\" alt=\"Casa de Mateo de Nuevas\">\n\t\t\t\t\t\t\t\t<\/div>\n\t\t\t\t\t\t\t<\/div>\n\t\t\t\t\t\t\n\t\t\t\t\t\t\t<div class=\"accordion__accordion-content inactive\">\n\t\t\t\t\t\t\t\t<div>\n\t\t\t\t\t\t\t\t\t<div>\n\t\t\t\t\t\t\t\t\t\t<h4>Concatedral de la Redonda<\/h4>\n\t\t\t\t\t\t\t\t\t\t<p>Of the Co-cathedral of La Redonda it is worth mentioning its fa\u00e7ade with an oven structure, on the sides of which stand two 18th century towers known as &#8220;the twins&#8221;, in Baroque style.\n\n<p>The main entrance leads to the square and has a large stone altarpiece framed by Corinthian columns and protected by a gate that allows access to the chapel of Santo Cristo. Crowning the transept of the temple is an oven vault, in which we can appreciate the representations in relief of the four evangelists.\n\t\t\t\t\t\t\t\t\t<\/div>\n\t\t\t\t\t\t\t\t\t<img decoding=\"async\" src=\"https:\/\/cdn.pilgrim.es\/web\/caminos\/camino-frances\/pueblos\/logrono\/puntos-de-interes\/concatedral-la-redonda.jpg\" alt=\"Concatedral de la Redonda\">\n\t\t\t\t\t\t\t\t<\/div>\n\t\t\t\t\t\t\t<\/div>\n\t\t\t\t\t\t\n\t\t\t\t\t\t\t<div class=\"accordion__accordion-content inactive\">\n\t\t\t\t\t\t\t\t<div>\n\t\t\t\t\t\t\t\t\t<div>\n\t\t\t\t\t\t\t\t\t\t<h4>Sala Am\u00f3s Salvador<\/h4>\n\t\t\t\t\t\t\t\t\t\t<p>The Am\u00f3s Salvador Hall is one of the essential halls of contemporary culture in Logro\u00f1o. It is located in one of the buildings that were part of the tobacco factory. The most famous works and artists of the moment, whether painters, sculptors, photographers or professionals of any other artistic discipline, pass through this room every year.\n\t\t\t\t\t\t\t\t\t<\/div>\n\t\t\t\t\t\t\t\t\t<img decoding=\"async\" src=\"https:\/\/cdn.pilgrim.es\/web\/caminos\/camino-frances\/pueblos\/logrono\/puntos-de-interes\/sala-amos.jpg\" alt=\"Sala Am\u00f3s Salvador\">\n\t\t\t\t\t\t\t\t<\/div>\n\t\t\t\t\t\t\t<\/div>\n\t\t\t\t\t\t\n\t\t\t\t\t\t\t<div class=\"accordion__accordion-content inactive\">\n\t\t\t\t\t\t\t\t<div>\n\t\t\t\t\t\t\t\t\t<div>\n\t\t\t\t\t\t\t\t\t\t<h4>Bodega Marqu\u00e9s de Vargas<\/h4>\n\t\t\t\t\t\t\t\t\t\t<p>The Marqu\u00e9s de Vargas winery was built in 1989 and is located in the center of the Pradolagar estate. It is a winery with a rich history: as early as 1840, Don Felipe de la Mata, the eighth Marquis of Vargas, cultivated the first vineyards in their land, near Logro\u00f1o.<\/p> <p>\n\n<p>Known as a &#8220;chateau&#8221;, the winery produces three high-end red wines: Marques de Vargas Reserva, M. Vargas Reserva Privada and Hacienda Pradolagar with selected grapes from its own vineyards of limited production.\n\t\t\t\t\t\t\t\t\t<\/div>\n\t\t\t\t\t\t\t\t\t<img decoding=\"async\" src=\"https:\/\/cdn.pilgrim.es\/web\/caminos\/camino-frances\/pueblos\/logrono\/puntos-de-interes\/marques-vargas.jpg\" alt=\"Bodega Marqu\u00e9s de Vargas\">\n\t\t\t\t\t\t\t\t<\/div>\n\t\t\t\t\t\t\t<\/div>\n\t\t\t\t\t\t\n\t\t\t\t\t<\/div>\n\t\t\t\t<\/div>\n\t\t\t<\/div>\n\t\t\n\n\t\t<div id=\"phonesSection\">\n\t\t\t<div>\n\t\t\t\t<h2 class=\"p-h3-town\">Information of interest<\/h2>\n\t\t\t<\/div>\n\t\t\t<div class=\"grid\">\n\t\t\t\t\n\t\t\t\t\t<div class=\"phone-number-item\">\n\t\t\t\t\t\t<div class=\"phone-number-item__icon\"><i class=\"icon-police\"><\/i><\/div>\n\t\t\t\t\t\t<div class=\"phone-number-item__title\">\n\t\t\t\t\t\t\t<h3 class=\"p-font-bold\">Local police<\/h3>\n\t\t\t\t\t\t\t<p>941 235 011<\/p>\n\t\t\t\t\t\t\t\n\t\t\t\t\t\t<\/div>\n\t\t\t\t\t<\/div>\n\t\t\t\t\n\t\t\t\t\t<div class=\"phone-number-item\">\n\t\t\t\t\t\t<div class=\"phone-number-item__icon\"><i class=\"icon-spanish-military-police\"><\/i><\/div>\n\t\t\t\t\t\t<div class=\"phone-number-item__title\">\n\t\t\t\t\t\t\t<h3 class=\"p-font-bold\">Civil guard<\/h3>\n\t\t\t\t\t\t\t<p>941 221 100<\/p>\n\t\t\t\t\t\t\t\n\t\t\t\t\t\t<\/div>\n\t\t\t\t\t<\/div>\n\t\t\t\t\n\t\t\t\t\t<div class=\"phone-number-item\">\n\t\t\t\t\t\t<div class=\"phone-number-item__icon\"><i class=\"icon-firefighters\"><\/i><\/div>\n\t\t\t\t\t\t<div class=\"phone-number-item__title\">\n\t\t\t\t\t\t\t<h3 class=\"p-font-bold\">Fire department<\/h3>\n\t\t\t\t\t\t\t<p>941 228 058<\/p>\n\t\t\t\t\t\t\t\n\t\t\t\t\t\t<\/div>\n\t\t\t\t\t<\/div>\n\t\t\t\t\n\t\t\t\t\t<div class=\"phone-number-item\">\n\t\t\t\t\t\t<div class=\"phone-number-item__icon\"><i class=\"icon-civil-protection\"><\/i><\/div>\n\t\t\t\t\t\t<div class=\"phone-number-item__title\">\n\t\t\t\t\t\t\t<h3 class=\"p-font-bold\">Civil protection<\/h3>\n\t\t\t\t\t\t\t<p>941 228 604<\/p>\n\t\t\t\t\t\t\t\n\t\t\t\t\t\t<\/div>\n\t\t\t\t\t<\/div>\n\t\t\t\t\n\t\t\t\t\t<div class=\"phone-number-item\">\n\t\t\t\t\t\t<div class=\"phone-number-item__icon\"><i class=\"icon-town-council\"><\/i><\/div>\n\t\t\t\t\t\t<div class=\"phone-number-item__title\">\n\t\t\t\t\t\t\t<h3 class=\"p-font-bold\">Town hall<\/h3>\n\t\t\t\t\t\t\t<p>941 277 000<\/p>\n\t\t\t\t\t\t\t\n\t\t\t\t\t\t<\/div>\n\t\t\t\t\t<\/div>\n\t\t\t\t\n\t\t\t\t\t<div class=\"phone-number-item\">\n\t\t\t\t\t\t<div class=\"phone-number-item__icon\"><i class=\"icon-hospital\"><\/i><\/div>\n\t\t\t\t\t\t<div class=\"phone-number-item__title\">\n\t\t\t\t\t\t\t<h3 class=\"p-font-bold\">Health center<\/h3>\n\t\t\t\t\t\t\t<p>941 261 414 \/ 941 509 310<\/p>\n\t\t\t\t\t\t\t\n\t\t\t\t\t\t<\/div>\n\t\t\t\t\t<\/div>\n\t\t\t\t\n\t\t\t\t\t<div class=\"phone-number-item\">\n\t\t\t\t\t\t<div class=\"phone-number-item__icon\"><i class=\"icon-tourism\"><\/i><\/div>\n\t\t\t\t\t\t<div class=\"phone-number-item__title\">\n\t\t\t\t\t\t\t<h3 class=\"p-font-bold\">Tourism office<\/h3>\n\t\t\t\t\t\t\t<p>941 277 000<\/p>\n\t\t\t\t\t\t\t\n\t\t\t\t\t\t\t\t<p>C\/ Portales, 50<\/p>\n\t\t\t\t\t\t\t\n\t\t\t\t\t\t<\/div>\n\t\t\t\t\t<\/div>\n\t\t\t\t\n\t\t\t<\/div>\n\t\t<\/div>\n\n\t\t<div id=\"clientForm\">\n        <section>\n        <img decoding=\"async\" src=\"https:\/\/cdn.pilgrim.es\/web\/home\/email-contacto.png\" alt=\"contacto\">\n        <div>\n            <p>We send you your itinerary<\/p>\n            <p>Enter your details and receive your travel itinerary by email <\/p>\n            <form method=\"post\" data-url=\"\/wp-admin\/admin-ajax.php\" id=\"planner--client\" class=\"flag-right form-client\">\n    <div class=\"form-data\">\n        <input name=\"form_id\" type=\"hidden\" value=\"Formulario Leads\">\n        <input name=\"type\" type=\"hidden\" value=\"planner_client\">\n        <input type=\"text\" name=\"nombre\" value=\"\" size=\"40\" class=\"form-control\" aria-required=\"true\" aria-invalid=\"false\" placeholder=\"Name\">\n        <input type=\"email\" name=\"email\" value=\"\" size=\"40\" class=\"form-control\" aria-required=\"true\" aria-invalid=\"false\" placeholder=\"Email\">\n        <input type=\"text\" id=\"phone-input\" name=\"tel\" value=\"\" size=\"40\" class=\"phone-input form-control\" aria-required=\"true\" aria-invalid=\"false\" placeholder=\"Telephone\">\n        <input type=\"hidden\" name=\"telefono\">\n    <\/div>\n    <div class=\"form-checkbox\">\n        <span>\n            Pilgrim Travel, S.L. informs, in accordance with Regulation 2016\/679, that the data used in this form will be used both for answering any queries and for the publication of comments, the basis of legitimacy being the consent of the user. The rights may be exercised in accordance with the provisions of our             <a href=\"https:\/\/www.pilgrim.es\/en\/privacy-policy\/\" target=\"_blank\" rel=\"noopener noreferrer nofollow\">Privacy Policy.<\/a>\n        <\/span>\n    <\/div>\n\n    <div class=\"form-submit\">\n        <button id=\"planner--client-create\" type=\"submit\">Contact form<\/button>\n        <div class=\"loadingDiv\"><i class=\"p-spinner\"><\/i><\/div>\n    <\/div>\n\n    <div class=\"contact-content-form-success\">\n        <p><i class=\"fas fa-check\"><\/i> The form has been sent successfully<\/p>\n    <\/div>\n\n    <div class=\"contact-content-form-error\">\n        <span class=\"input-error\"><\/span>\n    <\/div>\n<\/form>        <\/div>\n    <\/section>\n<\/div>\n\n\t\t<div id=\"recomendationSection\">\n\t\t\t<div>\n\t\t\t\t<h2 class=\"p-h2-town\">Recommended<\/h2>\n\t\t\t\t<hr>\n\t\t\t\t<h3 class=\"p-h3-town\">Gastronomy<\/h3>\n\t\t\t<\/div>\n\t\t\tLogro\u00f1o has won the title of gastronomic capital of Spain, so it is to be expected that good food abounds in these lands. The most typical dishes of Riojan gastronomy are Rioja-style potatoes, lamb chops with vine shoots, Rioja-style eggs and tuna with tomato, ribs with vine shoots, migas de pastor, caparrones, Riojan-style cod, etc. But each of these dishes should always be accompanied by a good Rioja Denomination of Origin wine.\n\nIt is also very common that during the festivities of San Bernab\u00e9 and San Mateo, each neighborhood prepares a different dish such as meat stews, tripe, ears, cardoon casseroles, etc.\n\t\t<\/div>\n\n\n\t\t\n\t\t\t<div id=\"holidaysSection\">\n\t\t\t\t<div>\n\t\t\t\t\t<h2 class=\"p-h2-town\">Recommended<\/h2>\n\t\t\t\t\t<hr>\n\t\t\t\t\t<h3 class=\"p-h3-town\">Festivals and Pilgrimages<\/h3>\n\t\t\t\t<\/div>\n\t\t\t\t<div class=\"grid holidays-grid\">\n\t\t\t\t\t\n\t\t\t\t\t\t<div>\n\t\t\t\t\t\t\t<div class=\"phone-number-item\">\n\t\t\t\t\t\t\t\t<div class=\"phone-number-item__icon\"><i class=\"icon-holiday\"><\/i><\/div>\n\t\t\t\t\t\t\t\t<div class=\"phone-number-item__title dark-text\">\n\t\t\t\t\t\t\t\t\t<p class=\"p-font-bold\">Local festivity<\/p>\n\t\t\t\t\t\t\t\t\t<p>21 de septiembre: Fiesta de San Mateo<\/p>\n\t\t\t\t\t\t\t\t<\/div>\n\t\t\t\t\t\t\t<\/div>\n\t\t\t\t\t\t<\/div>\n\t\t\t\t\t\n\t\t\t\t\t\t<div>\n\t\t\t\t\t\t\t<div class=\"phone-number-item\">\n\t\t\t\t\t\t\t\t<div class=\"phone-number-item__icon\"><i class=\"icon-holiday\"><\/i><\/div>\n\t\t\t\t\t\t\t\t<div class=\"phone-number-item__title dark-text\">\n\t\t\t\t\t\t\t\t\t<p class=\"p-font-bold\">Local festivity<\/p>\n\t\t\t\t\t\t\t\t\t<p>11 de junio: Fiesta de San Bernab\u00e9<\/p>\n\t\t\t\t\t\t\t\t<\/div>\n\t\t\t\t\t\t\t<\/div>\n\t\t\t\t\t\t<\/div>\n\t\t\t\t\t\n\t\t\t\t<\/div>\n\t\t\t<\/div>\n\t\t\n\t<\/div>\n<\/section>\n\n<div id=\"stage_list_section\"><div class=\"stage-list\">\n    <div class='stage-list__map-card'>\n        <div class='stage-list__map-card__map'>\n            <div class='stage-list__map-card__map__text'>\n                <h2> Pages <\/h2>\n                <p> On foot<\/p>\n                <p> 0 stages<\/p>\n            <\/div>\n            <div class='stage-list__map-card__map__img'>\n                <img decoding=\"async\" src=\"\" alt=\" mapa \" \/>\n            <\/div>\n        <\/div>\n    <\/div>\n\n    <\/div>\n<\/div> ","protected":false},"excerpt":{"rendered":"<p>Logro\u00f1o &#8249; Back to the stage Logro\u00f1o Residents: 151.962 aprox. Province: La Rioja Information Get to know Logro\u00f1o Once we leave Navarre we enter the lands of La Rioja and we find another great city, Logro\u00f1o. This is bathed by the Ebro River, the first major channel of the French Way and is considered as &hellip; <\/p>\n<p class=\"read_more\"><a href=\"https:\/\/www.pilgrim.es\/en\/french-way\/logrono\/\">Leer m\u00e1s<\/a><\/p>\n","protected":false},"author":0,"featured_media":6123,"parent":36273,"menu_order":0,"comment_status":"closed","ping_status":"closed","template":"views\/template-new-web-design.blade.php","meta":{"footnotes":""},"categories":[],"tags":[],"class_list":["post-91056","page","type-page","status-publish","has-post-thumbnail","hentry"],"yoast_head":"<!-- This site is optimized with the Yoast SEO plugin v27.4 - https:\/\/yoast.com\/product\/yoast-seo-wordpress\/ -->\n<title>Logro\u00f1o: What to see and where to stay | Camino de Santiago | Pilgrim<\/title>\n<meta name=\"description\" content=\"Logro\u00f1o Discover all the information you need about accommodation, how to get there, gastronomy and the main points of interest in the towns along the French Way.\" \/>\n<meta name=\"robots\" content=\"index, follow, max-snippet:-1, max-image-preview:large, max-video-preview:-1\" \/>\n<link rel=\"canonical\" href=\"https:\/\/www.pilgrim.es\/en\/french-way\/logrono\/\" \/>\n<meta property=\"og:locale\" content=\"en_US\" \/>\n<meta property=\"og:type\" content=\"article\" \/>\n<meta property=\"og:title\" content=\"Logro\u00f1o: What to see and where to stay | Camino de Santiago | Pilgrim\" \/>\n<meta property=\"og:description\" content=\"Logro\u00f1o Discover all the information you need about accommodation, how to get there, gastronomy and the main points of interest in the towns along the French Way.\" \/>\n<meta property=\"og:url\" content=\"https:\/\/www.pilgrim.es\/en\/french-way\/logrono\/\" \/>\n<meta property=\"og:site_name\" content=\"Pilgrim\" \/>\n<meta property=\"article:publisher\" content=\"https:\/\/www.facebook.com\/pilgrim.es\/\" \/>\n<meta property=\"og:image\" content=\"https:\/\/www.pilgrim.es\/wp-content\/uploads\/2019\/02\/LogroC3B1o1.jpg\" \/>\n\t<meta property=\"og:image:width\" content=\"700\" \/>\n\t<meta property=\"og:image:height\" content=\"420\" \/>\n\t<meta property=\"og:image:type\" content=\"image\/jpeg\" \/>\n<meta name=\"twitter:card\" content=\"summary_large_image\" \/>\n<meta name=\"twitter:site\" content=\"@pilgrim_es\" \/>\n<meta name=\"twitter:label1\" content=\"Est. reading time\" \/>\n\t<meta name=\"twitter:data1\" content=\"15 minutes\" \/>\n<script type=\"application\/ld+json\" class=\"yoast-schema-graph\">{\"@context\":\"https:\\\/\\\/schema.org\",\"@graph\":[{\"@type\":\"WebPage\",\"@id\":\"https:\\\/\\\/www.pilgrim.es\\\/en\\\/french-way\\\/logrono\\\/\",\"url\":\"https:\\\/\\\/www.pilgrim.es\\\/en\\\/french-way\\\/logrono\\\/\",\"name\":\"Logro\u00f1o: What to see and where to stay | Camino de Santiago | Pilgrim\",\"isPartOf\":{\"@id\":\"https:\\\/\\\/www.pilgrim.es\\\/en\\\/#website\"},\"primaryImageOfPage\":{\"@id\":\"https:\\\/\\\/www.pilgrim.es\\\/en\\\/french-way\\\/logrono\\\/#primaryimage\"},\"image\":{\"@id\":\"https:\\\/\\\/www.pilgrim.es\\\/en\\\/french-way\\\/logrono\\\/#primaryimage\"},\"thumbnailUrl\":\"https:\\\/\\\/www.pilgrim.es\\\/wp-content\\\/uploads\\\/2019\\\/02\\\/LogroC3B1o1.jpg\",\"datePublished\":\"2025-03-17T13:08:21+00:00\",\"description\":\"Logro\u00f1o Discover all the information you need about accommodation, how to get there, gastronomy and the main points of interest in the towns along the French Way.\",\"breadcrumb\":{\"@id\":\"https:\\\/\\\/www.pilgrim.es\\\/en\\\/french-way\\\/logrono\\\/#breadcrumb\"},\"inLanguage\":\"en-US\",\"potentialAction\":[{\"@type\":\"ReadAction\",\"target\":[\"https:\\\/\\\/www.pilgrim.es\\\/en\\\/french-way\\\/logrono\\\/\"]}]},{\"@type\":\"ImageObject\",\"inLanguage\":\"en-US\",\"@id\":\"https:\\\/\\\/www.pilgrim.es\\\/en\\\/french-way\\\/logrono\\\/#primaryimage\",\"url\":\"https:\\\/\\\/www.pilgrim.es\\\/wp-content\\\/uploads\\\/2019\\\/02\\\/LogroC3B1o1.jpg\",\"contentUrl\":\"https:\\\/\\\/www.pilgrim.es\\\/wp-content\\\/uploads\\\/2019\\\/02\\\/LogroC3B1o1.jpg\",\"width\":700,\"height\":420,\"caption\":\"Logro\u00f1o\"},{\"@type\":\"BreadcrumbList\",\"@id\":\"https:\\\/\\\/www.pilgrim.es\\\/en\\\/french-way\\\/logrono\\\/#breadcrumb\",\"itemListElement\":[{\"@type\":\"ListItem\",\"position\":1,\"name\":\"Camino de Santiago\",\"item\":\"https:\\\/\\\/www.pilgrim.es\\\/en\\\/\"},{\"@type\":\"ListItem\",\"position\":2,\"name\":\"French Way\",\"item\":\"https:\\\/\\\/www.pilgrim.es\\\/en\\\/french-way\\\/\"},{\"@type\":\"ListItem\",\"position\":3,\"name\":\"Logro\u00f1o\"}]},{\"@type\":\"WebSite\",\"@id\":\"https:\\\/\\\/www.pilgrim.es\\\/en\\\/#website\",\"url\":\"https:\\\/\\\/www.pilgrim.es\\\/en\\\/\",\"name\":\"Pilgrim\",\"description\":\"Camino de Santiago | Caminamos Contigo\",\"publisher\":{\"@id\":\"https:\\\/\\\/www.pilgrim.es\\\/en\\\/#organization\"},\"potentialAction\":[{\"@type\":\"SearchAction\",\"target\":{\"@type\":\"EntryPoint\",\"urlTemplate\":\"https:\\\/\\\/www.pilgrim.es\\\/en\\\/?s={search_term_string}\"},\"query-input\":{\"@type\":\"PropertyValueSpecification\",\"valueRequired\":true,\"valueName\":\"search_term_string\"}}],\"inLanguage\":\"en-US\"},{\"@type\":\"Organization\",\"@id\":\"https:\\\/\\\/www.pilgrim.es\\\/en\\\/#organization\",\"name\":\"Pilgrim Camino de Santiago\",\"url\":\"https:\\\/\\\/www.pilgrim.es\\\/en\\\/\",\"logo\":{\"@type\":\"ImageObject\",\"inLanguage\":\"en-US\",\"@id\":\"https:\\\/\\\/www.pilgrim.es\\\/en\\\/#\\\/schema\\\/logo\\\/image\\\/\",\"url\":\"https:\\\/\\\/www.pilgrim.es\\\/wp-content\\\/uploads\\\/2019\\\/04\\\/logo_pilgrim.png\",\"contentUrl\":\"https:\\\/\\\/www.pilgrim.es\\\/wp-content\\\/uploads\\\/2019\\\/04\\\/logo_pilgrim.png\",\"width\":512,\"height\":512,\"caption\":\"Pilgrim Camino de Santiago\"},\"image\":{\"@id\":\"https:\\\/\\\/www.pilgrim.es\\\/en\\\/#\\\/schema\\\/logo\\\/image\\\/\"},\"sameAs\":[\"https:\\\/\\\/www.facebook.com\\\/pilgrim.es\\\/\",\"https:\\\/\\\/x.com\\\/pilgrim_es\",\"https:\\\/\\\/www.instagram.com\\\/pilgrim.es\\\/\",\"https:\\\/\\\/www.linkedin.com\\\/company\\\/pilgrim-camino-de-santiago\\\/\",\"https:\\\/\\\/www.pinterest.es\\\/pilgrimcaminodesantiago\\\/\",\"https:\\\/\\\/www.youtube.com\\\/channel\\\/UCIv2ZzFLXVqthkNF32rKedw\\\/featured\"]}]}<\/script>\n<!-- \/ Yoast SEO plugin. -->","yoast_head_json":{"title":"Logro\u00f1o: What to see and where to stay | Camino de Santiago | Pilgrim","description":"Logro\u00f1o Discover all the information you need about accommodation, how to get there, gastronomy and the main points of interest in the towns along the French Way.","robots":{"index":"index","follow":"follow","max-snippet":"max-snippet:-1","max-image-preview":"max-image-preview:large","max-video-preview":"max-video-preview:-1"},"canonical":"https:\/\/www.pilgrim.es\/en\/french-way\/logrono\/","og_locale":"en_US","og_type":"article","og_title":"Logro\u00f1o: What to see and where to stay | Camino de Santiago | Pilgrim","og_description":"Logro\u00f1o Discover all the information you need about accommodation, how to get there, gastronomy and the main points of interest in the towns along the French Way.","og_url":"https:\/\/www.pilgrim.es\/en\/french-way\/logrono\/","og_site_name":"Pilgrim","article_publisher":"https:\/\/www.facebook.com\/pilgrim.es\/","og_image":[{"width":700,"height":420,"url":"https:\/\/www.pilgrim.es\/wp-content\/uploads\/2019\/02\/LogroC3B1o1.jpg","type":"image\/jpeg"}],"twitter_card":"summary_large_image","twitter_site":"@pilgrim_es","twitter_misc":{"Est. reading time":"15 minutes"},"schema":{"@context":"https:\/\/schema.org","@graph":[{"@type":"WebPage","@id":"https:\/\/www.pilgrim.es\/en\/french-way\/logrono\/","url":"https:\/\/www.pilgrim.es\/en\/french-way\/logrono\/","name":"Logro\u00f1o: What to see and where to stay | Camino de Santiago | Pilgrim","isPartOf":{"@id":"https:\/\/www.pilgrim.es\/en\/#website"},"primaryImageOfPage":{"@id":"https:\/\/www.pilgrim.es\/en\/french-way\/logrono\/#primaryimage"},"image":{"@id":"https:\/\/www.pilgrim.es\/en\/french-way\/logrono\/#primaryimage"},"thumbnailUrl":"https:\/\/www.pilgrim.es\/wp-content\/uploads\/2019\/02\/LogroC3B1o1.jpg","datePublished":"2025-03-17T13:08:21+00:00","description":"Logro\u00f1o Discover all the information you need about accommodation, how to get there, gastronomy and the main points of interest in the towns along the French Way.","breadcrumb":{"@id":"https:\/\/www.pilgrim.es\/en\/french-way\/logrono\/#breadcrumb"},"inLanguage":"en-US","potentialAction":[{"@type":"ReadAction","target":["https:\/\/www.pilgrim.es\/en\/french-way\/logrono\/"]}]},{"@type":"ImageObject","inLanguage":"en-US","@id":"https:\/\/www.pilgrim.es\/en\/french-way\/logrono\/#primaryimage","url":"https:\/\/www.pilgrim.es\/wp-content\/uploads\/2019\/02\/LogroC3B1o1.jpg","contentUrl":"https:\/\/www.pilgrim.es\/wp-content\/uploads\/2019\/02\/LogroC3B1o1.jpg","width":700,"height":420,"caption":"Logro\u00f1o"},{"@type":"BreadcrumbList","@id":"https:\/\/www.pilgrim.es\/en\/french-way\/logrono\/#breadcrumb","itemListElement":[{"@type":"ListItem","position":1,"name":"Camino de Santiago","item":"https:\/\/www.pilgrim.es\/en\/"},{"@type":"ListItem","position":2,"name":"French Way","item":"https:\/\/www.pilgrim.es\/en\/french-way\/"},{"@type":"ListItem","position":3,"name":"Logro\u00f1o"}]},{"@type":"WebSite","@id":"https:\/\/www.pilgrim.es\/en\/#website","url":"https:\/\/www.pilgrim.es\/en\/","name":"Pilgrim","description":"Camino de Santiago | Caminamos Contigo","publisher":{"@id":"https:\/\/www.pilgrim.es\/en\/#organization"},"potentialAction":[{"@type":"SearchAction","target":{"@type":"EntryPoint","urlTemplate":"https:\/\/www.pilgrim.es\/en\/?s={search_term_string}"},"query-input":{"@type":"PropertyValueSpecification","valueRequired":true,"valueName":"search_term_string"}}],"inLanguage":"en-US"},{"@type":"Organization","@id":"https:\/\/www.pilgrim.es\/en\/#organization","name":"Pilgrim Camino de Santiago","url":"https:\/\/www.pilgrim.es\/en\/","logo":{"@type":"ImageObject","inLanguage":"en-US","@id":"https:\/\/www.pilgrim.es\/en\/#\/schema\/logo\/image\/","url":"https:\/\/www.pilgrim.es\/wp-content\/uploads\/2019\/04\/logo_pilgrim.png","contentUrl":"https:\/\/www.pilgrim.es\/wp-content\/uploads\/2019\/04\/logo_pilgrim.png","width":512,"height":512,"caption":"Pilgrim Camino de Santiago"},"image":{"@id":"https:\/\/www.pilgrim.es\/en\/#\/schema\/logo\/image\/"},"sameAs":["https:\/\/www.facebook.com\/pilgrim.es\/","https:\/\/x.com\/pilgrim_es","https:\/\/www.instagram.com\/pilgrim.es\/","https:\/\/www.linkedin.com\/company\/pilgrim-camino-de-santiago\/","https:\/\/www.pinterest.es\/pilgrimcaminodesantiago\/","https:\/\/www.youtube.com\/channel\/UCIv2ZzFLXVqthkNF32rKedw\/featured"]}]}},"_links":{"self":[{"href":"https:\/\/www.pilgrim.es\/en\/wp-json\/wp\/v2\/pages\/91056","targetHints":{"allow":["GET"]}}],"collection":[{"href":"https:\/\/www.pilgrim.es\/en\/wp-json\/wp\/v2\/pages"}],"about":[{"href":"https:\/\/www.pilgrim.es\/en\/wp-json\/wp\/v2\/types\/page"}],"replies":[{"embeddable":true,"href":"https:\/\/www.pilgrim.es\/en\/wp-json\/wp\/v2\/comments?post=91056"}],"version-history":[{"count":0,"href":"https:\/\/www.pilgrim.es\/en\/wp-json\/wp\/v2\/pages\/91056\/revisions"}],"up":[{"embeddable":true,"href":"https:\/\/www.pilgrim.es\/en\/wp-json\/wp\/v2\/pages\/36273"}],"wp:featuredmedia":[{"embeddable":true,"href":"https:\/\/www.pilgrim.es\/en\/wp-json\/wp\/v2\/media\/6123"}],"wp:attachment":[{"href":"https:\/\/www.pilgrim.es\/en\/wp-json\/wp\/v2\/media?parent=91056"}],"wp:term":[{"taxonomy":"category","embeddable":true,"href":"https:\/\/www.pilgrim.es\/en\/wp-json\/wp\/v2\/categories?post=91056"},{"taxonomy":"post_tag","embeddable":true,"href":"https:\/\/www.pilgrim.es\/en\/wp-json\/wp\/v2\/tags?post=91056"}],"curies":[{"name":"wp","href":"https:\/\/api.w.org\/{rel}","templated":true}]}}