{"id":16365,"date":"2019-04-03T08:13:05","date_gmt":"2019-04-03T08:13:05","guid":{"rendered":"https:\/\/desarrollo.pilgrim.es\/stage-16-fromista-carrion-de-los-condes\/"},"modified":"2025-05-08T08:08:18","modified_gmt":"2025-05-08T08:08:18","slug":"stage-16-fromista-carrion-de-los-condes","status":"publish","type":"page","link":"https:\/\/www.pilgrim.es\/en\/french-way\/stage-16-fromista-carrion-de-los-condes\/","title":{"rendered":"Camino Santiago Frances: Stage 16 Fromista -Carrion de Condes | Pilgrim"},"content":{"rendered":"\n<section id=\"heroStage\">\n\t<h1>French Way (Camino Franc\u00e9s) &#8231; Stage 16<\/h1>\n\t<div>\n\t\t<div class=\"hero\"\n\t\t\tdata-background=\"https:\/\/cdn.pilgrim.es\/web\/caminos\/camino-frances\/pueblos\/fromista\/fromista.jpg\">\n\t\t\t<div class=\"hero__container\">\n\t\t\t\t<div class=\"hero__container__labels\">\n\t\t\t\t\t<p>On foot<\/p>\n\t\t\t\t\t<p>33 Stages \/ 764 Kms<\/p>\n\t\t\t\t<\/div>\n\t\t\t\t<div class=\"hero__container__stage-name\">\n\t\t\t\t\t<h2>\n\t\t\t\t\t\tFr\u00f3mista <br \/>\n\t\t\t\t\t\t<span>&#10093;<\/span>\n\t\t\t\t\t\tCarri\u00f3n de los Condes\n\t\t\t\t\t<\/h2>\n\t\t\t\t\t<p>18,8 Km<\/p>\n\t\t\t\t<\/div>\n\t\t\t\t<div class=\"hero__container__stage-changer\">\n\t\t\t\t\t<div class=\"stage-control\">\n\t\t\t\t\t\t<a class=\"stage-control__link\"\n\t\t\t\t\t\t\thref=\"https:\/\/www.pilgrim.es\/en\/french-way\/stage-15-castrojeriz-fromista\/\"><span>&#10094;<\/span> Stage 15<\/a>\n\t\t\t\t\t<\/div>\n\t\t\t\t\t<div class=\"stage-control\">\n\t\t\t\t\t\t<a class=\"stage-control__link\"\n\t\t\t\t\t\t\thref=\"https:\/\/www.pilgrim.es\/en\/french-way\/stage-17-carrion-terradillo-de-los-templarios\/\">Stage 17\n\t\t\t\t\t\t\t<span>&#10095;<\/span><\/a>\n\t\t\t\t\t<\/div>\n\t\t\t\t<\/div>\n\t\t\t<\/div>\n\t\t<\/div>\n\t\t<div class=\"planner\"><div\r\n  class=\"p-col-span-1 p-rounded-lg p-px-5 p-h-full\"\r\n  style=\"background-image: url('https:\/\/cdn.pilgrim.es\/web\/pilgrim-planner\/bg-plugin-planificador.webp')\"\r\n  rel=\"preload\"\r\n  fetchpriority=\"high\"\r\n  >\r\n    <div class=\"p-text-center p-pt-5 p-text-white p-text-2xl p-font-semibold\">\r\n      Plan your journey    <\/div>\r\n    <div\r\n            id='primary-app'\r\n            data-name='banner'\r\n            data-api='https:\/\/pathfinder.pilgrim.es\/api\/pathfinder\/v2'\r\n            data-mode='normal'\r\n            data-lang='en'\r\n            data-route='1'\r\n            data-destiny='https:\/\/planificador.pilgrim.es'\r\n            data-modality='1'\r\n            data-inline=''\r\n        ><\/div><\/div><\/div>\n\t<\/div>\n<\/section>\n\n<section id=\"scoreBarsStage\">\n\t<section>\r\n  <div class=\"p-flex p-flex-nowrap p-space-x-4 p-py-5 p-overflow-x-auto md:p-grid md:p-grid-cols-3 lg:p-grid-cols-5 md:p-gap-8 md:p-space-x-0 md:p-overflow-hidden scrollbar-thin\">\r\n    <div class=\"p-grid p-grid-cols-4 p-shrink-0 p-w-72 p-snap-start md:p-w-full\">\r\n        <div class=\"p-col-span-1 p-self-center p-text-center p-text-3xl\">\r\n            <i class=\"icon-influx\"><\/i>\r\n        <\/div>\r\n        <div class=\"p-col-span-3 p-flex p-flex-col p-items-start\">\r\n            <div class=\"p-text-start p-text-secondary p-mb-1 p-bold\"> Affluence <\/div>\r\n            <div class=\"p-w-full p-bg-light p-rounded-full p-h-2 p-relative\">\r\n                <div class=\"p-bg-primary p-h-2 p-rounded-full p-absolute\" style=\"width: 20%;\"><\/div>\r\n            <\/div>\r\n        <\/div>\r\n    <\/div>\r\n\r\n    <div class=\"p-grid p-grid-cols-4 p-shrink-0 p-w-72 p-snap-start md:p-w-full\">\r\n        <div class=\"p-col-span-1 p-self-center p-text-center p-text-3xl\">\r\n            <i class=\"icon-difficulty\"><\/i>\r\n        <\/div>\r\n        <div class=\"p-col-span-3 p-flex p-flex-col p-items-start\">\r\n            <div class=\"p-text-start p-text-secondary p-mb-1 p-bold\"> Difficulty <\/div>\r\n            <div class=\"p-w-full p-bg-light p-rounded-full p-h-2 p-relative\">\r\n                <div class=\"p-bg-primary p-h-2 p-rounded-full p-absolute\" style=\"width: 40%;\"><\/div>\r\n            <\/div>\r\n        <\/div>\r\n    <\/div>\r\n\r\n    <div class=\"p-grid p-grid-cols-4 p-shrink-0 p-w-72 p-snap-start md:p-w-full\">\r\n        <div class=\"p-col-span-1 p-self-center p-text-center p-text-3xl\">\r\n            <i class=\"icon-patrimony\"><\/i>\r\n        <\/div>\r\n        <div class=\"p-col-span-3 p-flex p-flex-col p-items-start\">\r\n            <div class=\"p-text-start p-text-secondary p-mb-1 p-bold\"> Art\/History <\/div>\r\n            <div class=\"p-w-full p-bg-light p-rounded-full p-h-2 p-relative\">\r\n                <div class=\"p-bg-primary p-h-2 p-rounded-full p-absolute\" style=\"width: 20%;\"><\/div>\r\n            <\/div>\r\n        <\/div>\r\n    <\/div>\r\n\r\n    <div class=\"p-grid p-grid-cols-4 p-shrink-0 p-w-72 p-snap-start md:p-w-full\">\r\n        <div class=\"p-col-span-1 p-self-center p-text-center p-text-3xl\">\r\n            <i class=\"icon-nature\"><\/i>\r\n        <\/div>\r\n        <div class=\"p-col-span-3 p-flex p-flex-col p-items-start\">\r\n            <div class=\"p-text-start p-text-secondary p-mb-1 p-bold\"> Nature <\/div>\r\n            <div class=\"p-w-full p-bg-light p-rounded-full p-h-2 p-relative\">\r\n                <div class=\"p-bg-primary p-h-2 p-rounded-full p-absolute\" style=\"width: 40%;\"><\/div>\r\n            <\/div>\r\n        <\/div>\r\n    <\/div>\r\n\r\n    <div class=\"p-grid p-grid-cols-4 p-shrink-0 p-w-72 p-snap-start md:p-w-full\">\r\n        <div class=\"p-col-span-1 p-self-center p-text-center p-text-3xl\">\r\n            <i class=\"icon-urban\"><\/i>\r\n        <\/div>\r\n        <div class=\"p-col-span-3 p-flex p-flex-col p-items-start\">\r\n            <div class=\"p-text-start p-text-secondary p-mb-1 p-bold\"> Urban road <\/div>\r\n            <div class=\"p-w-full p-bg-light p-rounded-full p-h-2 p-relative\">\r\n                <div class=\"p-bg-primary p-h-2 p-rounded-full p-absolute\" style=\"width: 20%;\"><\/div>\r\n            <\/div>\r\n        <\/div>\r\n    <\/div>\r\n  <\/div>\r\n<\/section>\n<\/section>\n\n<div id=\"stage-list-section\"><div class=\"stage-list\">\n    <div class='stage-list__map-card'>\n        <div class='stage-list__map-card__map'>\n            <div class='stage-list__map-card__map__text'>\n                <h2> Pages <\/h2>\n                <p> On foot<\/p>\n                <p> 0 stages<\/p>\n            <\/div>\n            <div class='stage-list__map-card__map__img'>\n                <img decoding=\"async\" src=\"\" alt=\" mapa \" \/>\n            <\/div>\n        <\/div>\n    <\/div>\n\n    <\/div>\n<\/div>\n\n<section id=\"navStage\">\n\t<div>\n\t\t<nav id=\"tab-navigation-section\" class=\"tab-navigation-section--cols-4\">\n\t\t\t<a href=\"#infoSection\" class=\"active\">Information<\/a>\n\t\t\t<a href=\"#profileSection\">Profile<\/a>\n\t\t\t<a href=\"#itinerarySection\">Itinerary<\/a>\n\t\t\t<a href=\"#locationsSection\">Localities<\/a>\n\t\t<\/nav>\n\n\t\t<div id=\"infoSection\">\n\t\t\t<!-- Title Section with Orange Line -->\n\t\t\t<div>\n\t\t\t\t<h2 class=\"p-h2-stage\">Information<\/h2>\n\t\t\t\t<hr class=\"orange-bar\" \/>\n\t\t\t\t<h3 class=\"p-h3-stage\">About this stage<\/h3>\n\t\t\t<\/div>\n\n\n\t\t\t<p>A relaxed day, just under twenty kilometres separate Fr\u00f3mista from Carri\u00f3n de los\n\t\t\t\tCondes. This stage, with a clearly flat profile, is characterised by the monotonous\n\t\t\t\tCastilian plains, dotted with a succession of typical Camino villages where you can rest in\n\t\t\t\tthe shade of monuments of great beauty and Jacobean tradition.\n\t\t\t<\/p>\n\n\n\t\t\t<div class=\"recomendation-card\">\n\t\t\t\t<div>\n\t\t\t\t\t<i class=\"icon-logo-pilgrim\"><\/i>\n\t\t\t\t\t<h5>Recommendation Pilgrim<\/h5>\n\t\t\t\t<\/div>\n\n\n\t\t\t\t<p>After the difficulties found on early stages, pilgrims with reduced mobility won\u2019t find this time any\n\t\t\t\t\tbump on the road. This stage can be fulfilled by cyclists in about two hours thanks to be a short\n\t\t\t\t\tand easy path with barely difficulties on the way.<\/p>\n\n\t\t\t<\/div>\n\t\t<\/div>\n\n\t\t<div id=\"profileSection\">\n\t\t\t<div>\n\t\t\t\t<h2 class=\"p-h2-stage\">Distance and elevation<\/h2>\n\t\t\t\t<hr class=\"orange-bar\" \/>\n\t\t\t\t<h3 class=\"p-h3-stage\">Stage profile<\/h3>\n\t\t\t\t<img decoding=\"async\" src=\"https:\/\/cdn.pilgrim.es\/web\/caminos\/camino-frances\/etapas\/etapa-16-fromista-carrion-de-los-condes\/etapa16-perfil-fromista-carrion-de-los-condes.jpg\"\n\t\t\t\t\talt=\"Stage profile\" \/>\n\t\t\t<\/div>\n\t\t<\/div>\n\n\t\t<div id=\"itinerarySection\">\n\t\t\t<h2 class=\"p-h2-stage\">Route<\/h2>\n\t\t\t<hr \/>\n\t\t\t<h3 class=\"p-h3-stage\">Itinerary<\/h3>\n\n\n\t\t\t<div>\n\t\t\t\t<h4>Km 0 &#8231; Fr\u00f3mista<\/h4>\n\n\t\t\t\t<p>We leave Fr\u00f3mista on the P-980 provincial road, crossing the N-611 national road over a\n\t\t\t\t\tbridge and the A-67 motorway over another bridge. We then continue along the\n\t\t\t\t\tpedestrian path parallel to the P-980 road.\n\t\t\t\t<\/p>\n\n\t\t\t\t<a class=\"town-link\" href=\"https:\/\/www.pilgrim.es\/en\/french-way\/fromista\/\">\n\t\t\t\t\t<div class=\"town-link__link-content\">\n\t\t\t\t\t\t<div class=\"town-link__link-content__text\">\n\t\t\t\t\t\t\t<p>Local Information<\/p>\n\t\t\t\t\t\t\t<p>Police, Medical Care, What to See, Where to Eat&#8230;<\/p>\n\t\t\t\t\t\t<\/div>\n\t\t\t\t\t\t<div class=\"town-link__link-content__town-btn\">\n\t\t\t\t\t\t\t<i class=\"icon-arrow\"><\/i>\n\t\t\t\t\t\t<\/div>\n\t\t\t\t\t<\/div>\n\t\t\t\t<\/a>\n\n\t\t\t<\/div>\n\t\t\t<hr \/>\n\n\t\t\t<div>\n\t\t\t\t<h4>Km 3,4 &#8231; Poblaci\u00f3n de Campos<\/h4>\n\n\t\t\t\t<p>On leaving the village, just before crossing the river Ucieza, we have the possibility of\n\t\t\t\t\ttaking (following the street in front of the village) the well-signposted Villovieco by-pass;\n\t\t\t\t\tthis pleasant walk is a good alternative to get away from the road for a while. The official\n\t\t\t\t\troute continues along the path next to the road.\n\t\t\t\t<\/p>\n\n\t\t\t<\/div>\n\t\t\t<hr \/>\n\n\t\t\t<div>\n\t\t\t\t<h4>Km 7 &#8231; Revenga de Campos<\/h4>\n\n\t\t\t\t<p>At the exit of Revenga there is a rest area. We continue along the same pedestrian path.<\/p>\n\n\t\t\t<\/div>\n\t\t\t<hr \/>\n\n\t\t\t<div>\n\t\t\t\t<h4>Km 9,1 &#8231; Villarmentero de Campos<\/h4>\n\n\t\t\t\t<p>There is also a rest area at the Villarmentero exit. We follow the pedestrian path next to\n\t\t\t\t\tthe P-980 road.\n\t\t\t\t<\/p>\n\n\t\t\t<\/div>\n\t\t\t<hr \/>\n\n\t\t\t<div>\n\t\t\t\t<h4>Km 13,2 &#8231; Villalc\u00e1zar de Sirga<\/h4>\n\n\t\t\t\t<p>We follow the same route. At the entrance to Carri\u00f3n we cross the P-980 road; we then\n\t\t\t\t\tfollow the Avenida de los Peregrinos and Calle Santa Mar\u00eda.\n\t\t\t\t<\/p>\n\n\t\t\t<\/div>\n\t\t\t<hr \/>\n\n\t\t\t<div>\n\t\t\t\t<h4>Km 18,8 &#8231; Carri\u00f3n de los Condes<\/h4>\n\t\t\t\t<a class=\"town-link\" href=\"https:\/\/www.pilgrim.es\/en\/french-way\/carrion-de-los-condes\/\">\n\t\t\t\t\t<div class=\"town-link__link-content\">\n\t\t\t\t\t\t<div class=\"town-link__link-content__text\">\n\t\t\t\t\t\t\t<p>Local Information<\/p>\n\t\t\t\t\t\t\t<p>Police, Medical Care, What to See, Where to Eat&#8230;<\/p>\n\t\t\t\t\t\t<\/div>\n\t\t\t\t\t\t<div class=\"town-link__link-content__town-btn\">\n\t\t\t\t\t\t\t<i class=\"icon-arrow\"><\/i>\n\t\t\t\t\t\t<\/div>\n\t\t\t\t\t<\/div>\n\t\t\t\t<\/a>\n\t\t\t<\/div>\n\t\t<\/div>\n\n\n\n\t\t<div id=\"locationsSection\">\n\t\t\t<h2 class=\"p-h2-stage\">Localities<\/h2>\n\t\t\t<hr \/>\n\t\t\t<h3 class=\"p-h3-stage\">Towns<\/h3>\n\t\t\t<div class=\"grid-container\">\n\n\t\t\t\t<div class=\"p-group card-stage p-max-w-full\">\n\t\t\t\t\t<a href=\"https:\/\/www.pilgrim.es\/en\/french-way\/fromista\/\" class=\"town-card\">\n\t\t\t\t\t\t<div class=\"card-stage__header\">\n\t\t\t\t\t\t\t<img decoding=\"async\" src=\"https:\/\/cdn.pilgrim.es\/web\/caminos\/camino-frances\/pueblos\/fromista\/fromista.jpg\"\n\t\t\t\t\t\t\t\talt=\"Fr\u00f3mista\" class=\"group-hover:p-scale-110\" \/>\n\t\t\t\t\t\t\t<div class=\"card-overlay group-hover:p-opacity-50\"><\/div>\n\t\t\t\t\t\t<\/div>\n\t\t\t\t\t\t<div class=\"town-card__flex-container\">\n\t\t\t\t\t\t\t<div class=\"town-card__flex-container__info\">\n\t\t\t\t\t\t\t\t<h3>Fr\u00f3mista<\/h3>\n\t\t\t\t\t\t\t\t<p>Province: Palencia<\/p>\n\t\t\t\t\t\t\t<\/div>\n\t\t\t\t\t\t\t<div class=\"town-card__flex-container__btn\">\n\t\t\t\t\t\t\t\t<i class=\"icon-arrow\"><\/i>\n\t\t\t\t\t\t\t<\/div>\n\t\t\t\t\t\t<\/div>\n\t\t\t\t\t<\/a>\n\t\t\t\t<\/div>\n\t\t\t\t<div class=\"p-group card-stage p-max-w-full\">\n\t\t\t\t\t<a href=\"https:\/\/www.pilgrim.es\/en\/french-way\/carrion-de-los-condes\/\" class=\"town-card\">\n\t\t\t\t\t\t<div class=\"card-stage__header\">\n\t\t\t\t\t\t\t<img decoding=\"async\" src=\"https:\/\/cdn.pilgrim.es\/web\/caminos\/camino-frances\/pueblos\/carrion-de-los-condes\/carrion-de-los-condes.jpg\"\n\t\t\t\t\t\t\t\talt=\"Carri\u00f3n de los Condes\" class=\"group-hover:p-scale-110\" \/>\n\t\t\t\t\t\t\t<div class=\"card-overlay group-hover:p-opacity-50\"><\/div>\n\t\t\t\t\t\t<\/div>\n\t\t\t\t\t\t<div class=\"town-card__flex-container\">\n\t\t\t\t\t\t\t<div class=\"town-card__flex-container__info\">\n\t\t\t\t\t\t\t\t<h3>Carri\u00f3n de los Condes<\/h3>\n\t\t\t\t\t\t\t\t<p>Province: Palencia<\/p>\n\t\t\t\t\t\t\t<\/div>\n\t\t\t\t\t\t\t<div class=\"town-card__flex-container__btn\">\n\t\t\t\t\t\t\t\t<i class=\"icon-arrow\"><\/i>\n\t\t\t\t\t\t\t<\/div>\n\t\t\t\t\t\t<\/div>\n\t\t\t\t\t<\/a>\n\t\t\t\t<\/div>\n\t\t\t<\/div>\n\t\t<\/div>\n\t\t<hr class=\"single-bar\" \/>\n\t<\/div>\n<\/section>\n\n<section id=\"stageChange\">\n\t<div>\n\t\t<a href=\"https:\/\/www.pilgrim.es\/en\/french-way\/stage-15-castrojeriz-fromista\/\" class=\"change-btn\">\n\t\t\t<div class=\"change-btn\">\n\t\t\t\t<div class=\"btn-arrow previous\">\n\t\t\t\t\t<i class=\"icon-arrow\"><\/i>\n\t\t\t\t<\/div>\n\t\t\t\t<div class=\"change-btn__info\">\n\t\t\t\t\t<div>Stage 15<\/div>\n\t\t\t\t\t<p>\n\t\t\t\t\t\tCastrojeriz \u276f <br> Fr\u00f3mista\n\t\t\t\t\t<\/p>\n\t\t\t\t<\/div>\n\t\t\t<\/div>\n\t\t<\/a>\n\t\t<a href=\"https:\/\/www.pilgrim.es\/en\/french-way\/stage-17-carrion-terradillo-de-los-templarios\/\" class=\"change-btn\">\n\t\t\t<div class=\"change-btn__info\">\n\t\t\t\t<div>Stage 17<\/div>\n\t\t\t\t<p>\n\t\t\t\t\tCarri\u00f3n de los Condes \u276f <br> Terradillos de los Templarios\n\t\t\t\t<\/p>\n\t\t\t<\/div>\n\t\t\t<div class=\"btn-arrow\">\n\t\t\t\t<i class=\"icon-arrow\"><\/i>\n\t\t\t<\/div>\n\t\t<\/a>\n\t<\/div>\n<\/section>\n","protected":false},"excerpt":{"rendered":"<p>French Way (Camino Franc\u00e9s) &#8231; Stage 16 On foot 33 Stages \/ 764 Kms Fr\u00f3mista &#10093; Carri\u00f3n de los Condes 18,8 Km &#10094; Stage 15 Stage 17 &#10095; Information Profile Itinerary Localities Information About this stage A relaxed day, just under twenty kilometres separate Fr\u00f3mista from Carri\u00f3n de los Condes. This stage, with a clearly &hellip; <\/p>\n<p class=\"read_more\"><a href=\"https:\/\/www.pilgrim.es\/en\/french-way\/stage-16-fromista-carrion-de-los-condes\/\">Leer m\u00e1s<\/a><\/p>\n","protected":false},"author":4,"featured_media":11255,"parent":36273,"menu_order":0,"comment_status":"closed","ping_status":"closed","template":"views\/template-new-web-design.blade.php","meta":{"footnotes":""},"categories":[],"tags":[],"class_list":["post-16365","page","type-page","status-publish","has-post-thumbnail","hentry"],"yoast_head":"<!-- This site is optimized with the Yoast SEO plugin v27.4 - https:\/\/yoast.com\/product\/yoast-seo-wordpress\/ -->\n<title>Camino Franc\u00e9s desde Fr\u00f3mista a Carri\u00f3n de los Condes | Pilgrim<\/title>\n<meta name=\"description\" content=\"Plan the Stage 16 of the French Way (Camino Frances) from Fromista to Carrion de los Condes. Route distance, map, accommodation, cities &amp; pilgrim guide.\" \/>\n<meta name=\"robots\" content=\"index, follow, max-snippet:-1, max-image-preview:large, max-video-preview:-1\" \/>\n<link rel=\"canonical\" href=\"https:\/\/www.pilgrim.es\/en\/french-way\/stage-16-fromista-carrion-de-los-condes\/\" \/>\n<meta property=\"og:locale\" content=\"en_US\" \/>\n<meta property=\"og:type\" content=\"article\" \/>\n<meta property=\"og:title\" content=\"Camino Franc\u00e9s desde Fr\u00f3mista a Carri\u00f3n de los Condes | Pilgrim\" \/>\n<meta property=\"og:description\" content=\"Plan the Stage 16 of the French Way (Camino Frances) from Fromista to Carrion de los Condes. Route distance, map, accommodation, cities &amp; pilgrim guide.\" \/>\n<meta property=\"og:url\" content=\"https:\/\/www.pilgrim.es\/en\/french-way\/stage-16-fromista-carrion-de-los-condes\/\" \/>\n<meta property=\"og:site_name\" content=\"Pilgrim\" \/>\n<meta property=\"article:publisher\" content=\"https:\/\/www.facebook.com\/pilgrim.es\/\" \/>\n<meta property=\"article:modified_time\" content=\"2025-05-08T08:08:18+00:00\" \/>\n<meta property=\"og:image\" content=\"https:\/\/www.pilgrim.es\/wp-content\/uploads\/2019\/02\/camino_frances_etapa_16.jpg\" \/>\n\t<meta property=\"og:image:width\" content=\"1637\" \/>\n\t<meta property=\"og:image:height\" content=\"546\" \/>\n\t<meta property=\"og:image:type\" content=\"image\/jpeg\" \/>\n<meta name=\"twitter:card\" content=\"summary_large_image\" \/>\n<meta name=\"twitter:site\" content=\"@pilgrim_es\" \/>\n<meta name=\"twitter:label1\" content=\"Est. reading time\" \/>\n\t<meta name=\"twitter:data1\" content=\"2 minutes\" \/>\n<script type=\"application\/ld+json\" class=\"yoast-schema-graph\">{\"@context\":\"https:\\\/\\\/schema.org\",\"@graph\":[{\"@type\":\"WebPage\",\"@id\":\"https:\\\/\\\/www.pilgrim.es\\\/en\\\/french-way\\\/stage-16-fromista-carrion-de-los-condes\\\/\",\"url\":\"https:\\\/\\\/www.pilgrim.es\\\/en\\\/french-way\\\/stage-16-fromista-carrion-de-los-condes\\\/\",\"name\":\"Camino Franc\u00e9s desde Fr\u00f3mista a Carri\u00f3n de los Condes | Pilgrim\",\"isPartOf\":{\"@id\":\"https:\\\/\\\/www.pilgrim.es\\\/en\\\/#website\"},\"primaryImageOfPage\":{\"@id\":\"https:\\\/\\\/www.pilgrim.es\\\/en\\\/french-way\\\/stage-16-fromista-carrion-de-los-condes\\\/#primaryimage\"},\"image\":{\"@id\":\"https:\\\/\\\/www.pilgrim.es\\\/en\\\/french-way\\\/stage-16-fromista-carrion-de-los-condes\\\/#primaryimage\"},\"thumbnailUrl\":\"https:\\\/\\\/www.pilgrim.es\\\/wp-content\\\/uploads\\\/2019\\\/02\\\/camino_frances_etapa_16.jpg\",\"datePublished\":\"2019-04-03T08:13:05+00:00\",\"dateModified\":\"2025-05-08T08:08:18+00:00\",\"description\":\"Plan the Stage 16 of the French Way (Camino Frances) from Fromista to Carrion de los Condes. Route distance, map, accommodation, cities & pilgrim guide.\",\"breadcrumb\":{\"@id\":\"https:\\\/\\\/www.pilgrim.es\\\/en\\\/french-way\\\/stage-16-fromista-carrion-de-los-condes\\\/#breadcrumb\"},\"inLanguage\":\"en-US\",\"potentialAction\":[{\"@type\":\"ReadAction\",\"target\":[\"https:\\\/\\\/www.pilgrim.es\\\/en\\\/french-way\\\/stage-16-fromista-carrion-de-los-condes\\\/\"]}]},{\"@type\":\"ImageObject\",\"inLanguage\":\"en-US\",\"@id\":\"https:\\\/\\\/www.pilgrim.es\\\/en\\\/french-way\\\/stage-16-fromista-carrion-de-los-condes\\\/#primaryimage\",\"url\":\"https:\\\/\\\/www.pilgrim.es\\\/wp-content\\\/uploads\\\/2019\\\/02\\\/camino_frances_etapa_16.jpg\",\"contentUrl\":\"https:\\\/\\\/www.pilgrim.es\\\/wp-content\\\/uploads\\\/2019\\\/02\\\/camino_frances_etapa_16.jpg\",\"width\":1637,\"height\":546,\"caption\":\"Mapa Etapa 16 Camino Franc\u00e9s\"},{\"@type\":\"BreadcrumbList\",\"@id\":\"https:\\\/\\\/www.pilgrim.es\\\/en\\\/french-way\\\/stage-16-fromista-carrion-de-los-condes\\\/#breadcrumb\",\"itemListElement\":[{\"@type\":\"ListItem\",\"position\":1,\"name\":\"Camino de Santiago\",\"item\":\"https:\\\/\\\/www.pilgrim.es\\\/en\\\/\"},{\"@type\":\"ListItem\",\"position\":2,\"name\":\"French Way\",\"item\":\"https:\\\/\\\/www.pilgrim.es\\\/en\\\/french-way\\\/\"},{\"@type\":\"ListItem\",\"position\":3,\"name\":\"Camino Santiago Frances: Stage 16 Fromista -Carrion de Condes | Pilgrim\"}]},{\"@type\":\"WebSite\",\"@id\":\"https:\\\/\\\/www.pilgrim.es\\\/en\\\/#website\",\"url\":\"https:\\\/\\\/www.pilgrim.es\\\/en\\\/\",\"name\":\"Pilgrim\",\"description\":\"Camino de Santiago | Caminamos Contigo\",\"publisher\":{\"@id\":\"https:\\\/\\\/www.pilgrim.es\\\/en\\\/#organization\"},\"potentialAction\":[{\"@type\":\"SearchAction\",\"target\":{\"@type\":\"EntryPoint\",\"urlTemplate\":\"https:\\\/\\\/www.pilgrim.es\\\/en\\\/?s={search_term_string}\"},\"query-input\":{\"@type\":\"PropertyValueSpecification\",\"valueRequired\":true,\"valueName\":\"search_term_string\"}}],\"inLanguage\":\"en-US\"},{\"@type\":\"Organization\",\"@id\":\"https:\\\/\\\/www.pilgrim.es\\\/en\\\/#organization\",\"name\":\"Pilgrim Camino de Santiago\",\"url\":\"https:\\\/\\\/www.pilgrim.es\\\/en\\\/\",\"logo\":{\"@type\":\"ImageObject\",\"inLanguage\":\"en-US\",\"@id\":\"https:\\\/\\\/www.pilgrim.es\\\/en\\\/#\\\/schema\\\/logo\\\/image\\\/\",\"url\":\"https:\\\/\\\/www.pilgrim.es\\\/wp-content\\\/uploads\\\/2019\\\/04\\\/logo_pilgrim.png\",\"contentUrl\":\"https:\\\/\\\/www.pilgrim.es\\\/wp-content\\\/uploads\\\/2019\\\/04\\\/logo_pilgrim.png\",\"width\":512,\"height\":512,\"caption\":\"Pilgrim Camino de Santiago\"},\"image\":{\"@id\":\"https:\\\/\\\/www.pilgrim.es\\\/en\\\/#\\\/schema\\\/logo\\\/image\\\/\"},\"sameAs\":[\"https:\\\/\\\/www.facebook.com\\\/pilgrim.es\\\/\",\"https:\\\/\\\/x.com\\\/pilgrim_es\",\"https:\\\/\\\/www.instagram.com\\\/pilgrim.es\\\/\",\"https:\\\/\\\/www.linkedin.com\\\/company\\\/pilgrim-camino-de-santiago\\\/\",\"https:\\\/\\\/www.pinterest.es\\\/pilgrimcaminodesantiago\\\/\",\"https:\\\/\\\/www.youtube.com\\\/channel\\\/UCIv2ZzFLXVqthkNF32rKedw\\\/featured\"]}]}<\/script>\n<!-- \/ Yoast SEO plugin. -->","yoast_head_json":{"title":"Camino Franc\u00e9s desde Fr\u00f3mista a Carri\u00f3n de los Condes | Pilgrim","description":"Plan the Stage 16 of the French Way (Camino Frances) from Fromista to Carrion de los Condes. Route distance, map, accommodation, cities & pilgrim guide.","robots":{"index":"index","follow":"follow","max-snippet":"max-snippet:-1","max-image-preview":"max-image-preview:large","max-video-preview":"max-video-preview:-1"},"canonical":"https:\/\/www.pilgrim.es\/en\/french-way\/stage-16-fromista-carrion-de-los-condes\/","og_locale":"en_US","og_type":"article","og_title":"Camino Franc\u00e9s desde Fr\u00f3mista a Carri\u00f3n de los Condes | Pilgrim","og_description":"Plan the Stage 16 of the French Way (Camino Frances) from Fromista to Carrion de los Condes. Route distance, map, accommodation, cities & pilgrim guide.","og_url":"https:\/\/www.pilgrim.es\/en\/french-way\/stage-16-fromista-carrion-de-los-condes\/","og_site_name":"Pilgrim","article_publisher":"https:\/\/www.facebook.com\/pilgrim.es\/","article_modified_time":"2025-05-08T08:08:18+00:00","og_image":[{"width":1637,"height":546,"url":"https:\/\/www.pilgrim.es\/wp-content\/uploads\/2019\/02\/camino_frances_etapa_16.jpg","type":"image\/jpeg"}],"twitter_card":"summary_large_image","twitter_site":"@pilgrim_es","twitter_misc":{"Est. reading time":"2 minutes"},"schema":{"@context":"https:\/\/schema.org","@graph":[{"@type":"WebPage","@id":"https:\/\/www.pilgrim.es\/en\/french-way\/stage-16-fromista-carrion-de-los-condes\/","url":"https:\/\/www.pilgrim.es\/en\/french-way\/stage-16-fromista-carrion-de-los-condes\/","name":"Camino Franc\u00e9s desde Fr\u00f3mista a Carri\u00f3n de los Condes | Pilgrim","isPartOf":{"@id":"https:\/\/www.pilgrim.es\/en\/#website"},"primaryImageOfPage":{"@id":"https:\/\/www.pilgrim.es\/en\/french-way\/stage-16-fromista-carrion-de-los-condes\/#primaryimage"},"image":{"@id":"https:\/\/www.pilgrim.es\/en\/french-way\/stage-16-fromista-carrion-de-los-condes\/#primaryimage"},"thumbnailUrl":"https:\/\/www.pilgrim.es\/wp-content\/uploads\/2019\/02\/camino_frances_etapa_16.jpg","datePublished":"2019-04-03T08:13:05+00:00","dateModified":"2025-05-08T08:08:18+00:00","description":"Plan the Stage 16 of the French Way (Camino Frances) from Fromista to Carrion de los Condes. Route distance, map, accommodation, cities & pilgrim guide.","breadcrumb":{"@id":"https:\/\/www.pilgrim.es\/en\/french-way\/stage-16-fromista-carrion-de-los-condes\/#breadcrumb"},"inLanguage":"en-US","potentialAction":[{"@type":"ReadAction","target":["https:\/\/www.pilgrim.es\/en\/french-way\/stage-16-fromista-carrion-de-los-condes\/"]}]},{"@type":"ImageObject","inLanguage":"en-US","@id":"https:\/\/www.pilgrim.es\/en\/french-way\/stage-16-fromista-carrion-de-los-condes\/#primaryimage","url":"https:\/\/www.pilgrim.es\/wp-content\/uploads\/2019\/02\/camino_frances_etapa_16.jpg","contentUrl":"https:\/\/www.pilgrim.es\/wp-content\/uploads\/2019\/02\/camino_frances_etapa_16.jpg","width":1637,"height":546,"caption":"Mapa Etapa 16 Camino Franc\u00e9s"},{"@type":"BreadcrumbList","@id":"https:\/\/www.pilgrim.es\/en\/french-way\/stage-16-fromista-carrion-de-los-condes\/#breadcrumb","itemListElement":[{"@type":"ListItem","position":1,"name":"Camino de Santiago","item":"https:\/\/www.pilgrim.es\/en\/"},{"@type":"ListItem","position":2,"name":"French Way","item":"https:\/\/www.pilgrim.es\/en\/french-way\/"},{"@type":"ListItem","position":3,"name":"Camino Santiago Frances: Stage 16 Fromista -Carrion de Condes | Pilgrim"}]},{"@type":"WebSite","@id":"https:\/\/www.pilgrim.es\/en\/#website","url":"https:\/\/www.pilgrim.es\/en\/","name":"Pilgrim","description":"Camino de Santiago | Caminamos Contigo","publisher":{"@id":"https:\/\/www.pilgrim.es\/en\/#organization"},"potentialAction":[{"@type":"SearchAction","target":{"@type":"EntryPoint","urlTemplate":"https:\/\/www.pilgrim.es\/en\/?s={search_term_string}"},"query-input":{"@type":"PropertyValueSpecification","valueRequired":true,"valueName":"search_term_string"}}],"inLanguage":"en-US"},{"@type":"Organization","@id":"https:\/\/www.pilgrim.es\/en\/#organization","name":"Pilgrim Camino de Santiago","url":"https:\/\/www.pilgrim.es\/en\/","logo":{"@type":"ImageObject","inLanguage":"en-US","@id":"https:\/\/www.pilgrim.es\/en\/#\/schema\/logo\/image\/","url":"https:\/\/www.pilgrim.es\/wp-content\/uploads\/2019\/04\/logo_pilgrim.png","contentUrl":"https:\/\/www.pilgrim.es\/wp-content\/uploads\/2019\/04\/logo_pilgrim.png","width":512,"height":512,"caption":"Pilgrim Camino de Santiago"},"image":{"@id":"https:\/\/www.pilgrim.es\/en\/#\/schema\/logo\/image\/"},"sameAs":["https:\/\/www.facebook.com\/pilgrim.es\/","https:\/\/x.com\/pilgrim_es","https:\/\/www.instagram.com\/pilgrim.es\/","https:\/\/www.linkedin.com\/company\/pilgrim-camino-de-santiago\/","https:\/\/www.pinterest.es\/pilgrimcaminodesantiago\/","https:\/\/www.youtube.com\/channel\/UCIv2ZzFLXVqthkNF32rKedw\/featured"]}]}},"_links":{"self":[{"href":"https:\/\/www.pilgrim.es\/en\/wp-json\/wp\/v2\/pages\/16365","targetHints":{"allow":["GET"]}}],"collection":[{"href":"https:\/\/www.pilgrim.es\/en\/wp-json\/wp\/v2\/pages"}],"about":[{"href":"https:\/\/www.pilgrim.es\/en\/wp-json\/wp\/v2\/types\/page"}],"author":[{"embeddable":true,"href":"https:\/\/www.pilgrim.es\/en\/wp-json\/wp\/v2\/users\/4"}],"replies":[{"embeddable":true,"href":"https:\/\/www.pilgrim.es\/en\/wp-json\/wp\/v2\/comments?post=16365"}],"version-history":[{"count":13,"href":"https:\/\/www.pilgrim.es\/en\/wp-json\/wp\/v2\/pages\/16365\/revisions"}],"predecessor-version":[{"id":130962,"href":"https:\/\/www.pilgrim.es\/en\/wp-json\/wp\/v2\/pages\/16365\/revisions\/130962"}],"up":[{"embeddable":true,"href":"https:\/\/www.pilgrim.es\/en\/wp-json\/wp\/v2\/pages\/36273"}],"wp:featuredmedia":[{"embeddable":true,"href":"https:\/\/www.pilgrim.es\/en\/wp-json\/wp\/v2\/media\/11255"}],"wp:attachment":[{"href":"https:\/\/www.pilgrim.es\/en\/wp-json\/wp\/v2\/media?parent=16365"}],"wp:term":[{"taxonomy":"category","embeddable":true,"href":"https:\/\/www.pilgrim.es\/en\/wp-json\/wp\/v2\/categories?post=16365"},{"taxonomy":"post_tag","embeddable":true,"href":"https:\/\/www.pilgrim.es\/en\/wp-json\/wp\/v2\/tags?post=16365"}],"curies":[{"name":"wp","href":"https:\/\/api.w.org\/{rel}","templated":true}]}}