{"id":16248,"date":"2019-04-02T17:05:15","date_gmt":"2019-04-02T17:05:15","guid":{"rendered":"https:\/\/desarrollo.pilgrim.es\/stage-13-oliveira-de-azemeis-grijo\/"},"modified":"2025-08-06T07:55:17","modified_gmt":"2025-08-06T07:55:17","slug":"stage-13-oliveira-de-azemeis-grijo","status":"publish","type":"page","link":"https:\/\/www.pilgrim.es\/en\/portuguese-way\/stage-13-oliveira-de-azemeis-grijo\/","title":{"rendered":"Portuguese Way: Stage 13\u2013 Oliveira de Azem\u00e9is &#8211; Grij\u00f3 | Pilgrim"},"content":{"rendered":"\n<section id=\"heroStage\">\n  <h1>Camino Portugu\u00e9s: Stage 13<\/h1>\n  <div>\n    <div class=\"hero\" data-background=\"https:\/\/cdn.pilgrim.es\/web\/caminos\/camino-portugues\/pueblos\/oliveira-de-azemeis\/oliveira-de-azemeis.jpg\">\n      <div class=\"hero__container\">\n        <div class=\"hero__container__labels\">\n          <p>Walk<\/p>\n          <p>25 Stages \/ 620 Kms<\/p>\n        <\/div>\n        <div class=\"hero__container__stage-name\">\n          <h2>\n            Oliveira de Azem\u00e9is <br \/>\n            <span>&#10093;<\/span>\n            Grij\u00f3\n          <\/h2>\n          <p>28.1 Km<\/p>\n        <\/div>\n        <div class=\"hero__container__stage-changer\">\n            <div class=\"stage-control\">\n              <a class=\"stage-control__link\" href=\"https:\/\/www.pilgrim.es\/en\/portuguese-way\/stage-12-albergaria-a-velha-oliveira-de-azemeis\/\"><span>&#10094;<\/span> Stage 12<\/a>\n            <\/div>\n          <div class=\"stage-control\">\n            <a class=\"stage-control__link\" href=\"https:\/\/www.pilgrim.es\/en\/portuguese-way\/stage-14-grijo-oporto\/\">Stage 14 <span>&#10095;<\/span><\/a>\n          <\/div>\n        <\/div>\n      <\/div>\n    <\/div>\n    <div class=\"planner\"><div\r\n  class=\"p-col-span-1 p-rounded-lg p-px-5 p-h-full\"\r\n  style=\"background-image: url('https:\/\/cdn.pilgrim.es\/web\/pilgrim-planner\/bg-plugin-planificador.webp')\"\r\n  rel=\"preload\"\r\n  fetchpriority=\"high\"\r\n  >\r\n    <div class=\"p-text-center p-pt-5 p-text-white p-text-2xl p-font-semibold\">\r\n      Plan your journey    <\/div>\r\n    <div\r\n            id='primary-app'\r\n            data-name='banner'\r\n            data-api='https:\/\/pathfinder.pilgrim.es\/api\/pathfinder\/v2'\r\n            data-mode='normal'\r\n            data-lang='en'\r\n            data-route='1'\r\n            data-destiny='https:\/\/planificador.pilgrim.es'\r\n            data-modality='1'\r\n            data-inline=''\r\n        ><\/div><\/div><\/div>\n  <\/div>\n<\/section>\n\n<section id=\"scoreBarsStage\">\n  <section>\r\n  <div class=\"p-flex p-flex-nowrap p-space-x-4 p-py-5 p-overflow-x-auto md:p-grid md:p-grid-cols-3 lg:p-grid-cols-5 md:p-gap-8 md:p-space-x-0 md:p-overflow-hidden scrollbar-thin\">\r\n    <div class=\"p-grid p-grid-cols-4 p-shrink-0 p-w-72 p-snap-start md:p-w-full\">\r\n        <div class=\"p-col-span-1 p-self-center p-text-center p-text-3xl\">\r\n            <i class=\"icon-influx\"><\/i>\r\n        <\/div>\r\n        <div class=\"p-col-span-3 p-flex p-flex-col p-items-start\">\r\n            <div class=\"p-text-start p-text-secondary p-mb-1 p-bold\"> Affluence <\/div>\r\n            <div class=\"p-w-full p-bg-light p-rounded-full p-h-2 p-relative\">\r\n                <div class=\"p-bg-primary p-h-2 p-rounded-full p-absolute\" style=\"width: 40%;\"><\/div>\r\n            <\/div>\r\n        <\/div>\r\n    <\/div>\r\n\r\n    <div class=\"p-grid p-grid-cols-4 p-shrink-0 p-w-72 p-snap-start md:p-w-full\">\r\n        <div class=\"p-col-span-1 p-self-center p-text-center p-text-3xl\">\r\n            <i class=\"icon-difficulty\"><\/i>\r\n        <\/div>\r\n        <div class=\"p-col-span-3 p-flex p-flex-col p-items-start\">\r\n            <div class=\"p-text-start p-text-secondary p-mb-1 p-bold\"> Difficulty <\/div>\r\n            <div class=\"p-w-full p-bg-light p-rounded-full p-h-2 p-relative\">\r\n                <div class=\"p-bg-primary p-h-2 p-rounded-full p-absolute\" style=\"width: 40%;\"><\/div>\r\n            <\/div>\r\n        <\/div>\r\n    <\/div>\r\n\r\n    <div class=\"p-grid p-grid-cols-4 p-shrink-0 p-w-72 p-snap-start md:p-w-full\">\r\n        <div class=\"p-col-span-1 p-self-center p-text-center p-text-3xl\">\r\n            <i class=\"icon-patrimony\"><\/i>\r\n        <\/div>\r\n        <div class=\"p-col-span-3 p-flex p-flex-col p-items-start\">\r\n            <div class=\"p-text-start p-text-secondary p-mb-1 p-bold\"> Art\/History <\/div>\r\n            <div class=\"p-w-full p-bg-light p-rounded-full p-h-2 p-relative\">\r\n                <div class=\"p-bg-primary p-h-2 p-rounded-full p-absolute\" style=\"width: 20%;\"><\/div>\r\n            <\/div>\r\n        <\/div>\r\n    <\/div>\r\n\r\n    <div class=\"p-grid p-grid-cols-4 p-shrink-0 p-w-72 p-snap-start md:p-w-full\">\r\n        <div class=\"p-col-span-1 p-self-center p-text-center p-text-3xl\">\r\n            <i class=\"icon-nature\"><\/i>\r\n        <\/div>\r\n        <div class=\"p-col-span-3 p-flex p-flex-col p-items-start\">\r\n            <div class=\"p-text-start p-text-secondary p-mb-1 p-bold\"> Nature <\/div>\r\n            <div class=\"p-w-full p-bg-light p-rounded-full p-h-2 p-relative\">\r\n                <div class=\"p-bg-primary p-h-2 p-rounded-full p-absolute\" style=\"width: 20%;\"><\/div>\r\n            <\/div>\r\n        <\/div>\r\n    <\/div>\r\n\r\n    <div class=\"p-grid p-grid-cols-4 p-shrink-0 p-w-72 p-snap-start md:p-w-full\">\r\n        <div class=\"p-col-span-1 p-self-center p-text-center p-text-3xl\">\r\n            <i class=\"icon-urban\"><\/i>\r\n        <\/div>\r\n        <div class=\"p-col-span-3 p-flex p-flex-col p-items-start\">\r\n            <div class=\"p-text-start p-text-secondary p-mb-1 p-bold\"> Urban road <\/div>\r\n            <div class=\"p-w-full p-bg-light p-rounded-full p-h-2 p-relative\">\r\n                <div class=\"p-bg-primary p-h-2 p-rounded-full p-absolute\" style=\"width: 20%;\"><\/div>\r\n            <\/div>\r\n        <\/div>\r\n    <\/div>\r\n  <\/div>\r\n<\/section>\n<\/section>\n\n<div id=\"stage-list-section\"><div class=\"stage-list\">\n    <div class='stage-list__map-card'>\n        <div class='stage-list__map-card__map'>\n            <div class='stage-list__map-card__map__text'>\n                <h2> Pages <\/h2>\n                <p> On foot<\/p>\n                <p> 0 stages<\/p>\n            <\/div>\n            <div class='stage-list__map-card__map__img'>\n                <img decoding=\"async\" src=\"\" alt=\" mapa \" \/>\n            <\/div>\n        <\/div>\n    <\/div>\n\n    <\/div>\n<\/div>\n\n<section id=\"navStage\">\n  <div>\n    <nav id=\"tab-navigation-section\" class=\"tab-navigation-section--cols-5\">\n      <a href=\"#infoSection\" class=\"active\">Information<\/a>\n       <a href=\"#profileSection\">Profile<\/a>\n       <a href=\"#itinerarySection\">Itinerary<\/a>\n       <a href=\"#locationsSection\">Localities<\/a>\n    <\/nav>\n\n    <div id=\"infoSection\">\n      <!-- Title Section with Orange Line -->\n      <div>\n        <h2 class=\"p-h2-stage\">Information<\/h2>\n        <hr class=\"orange-bar\" \/>\n        <h3 class=\"p-h3-stage\">About this stage<\/h3>\n      <\/div>\n\n      \n        <p>Today\u2019s stage is a little bit longer than 30 kilometers but you will cross some amazing villages such as Cucuj\u00e3es that is a must to see its monastery. You could decide to conclude in Arrifama, Lourosa or continue to get to Grij\u00f3 that belongs to Vila Nova de Gaia.<\/p>\n      \n\n      <div class=\"recomendation-card\">\n        <div>\n          <i class=\"icon-logo-pilgrim\"><\/i>\n          <h5>Recommendation Pilgrim<\/h5>\n        <\/div>\n\n        \n          <p>You will cross some villages and you can turn away to get to more villages to find services. In Grij\u00f3 you won\u2019t find any hostel nor other kinds of accommodation, so you will have to get to Vila Nova de Gaia or maybe stop before to find a place where you can stay the night. This is an easy stage for everyone.<\/p>\n        \n      <\/div>\n    <\/div>\n\n    <div id=\"profileSection\">\n      <div>\n        <h2 class=\"p-h2-stage\">Distance and elevation<\/h2>\n        <hr class=\"orange-bar\" \/>\n        <h3 class=\"p-h3-stage\">Stage profile<\/h3>\n        <img decoding=\"async\" src=\"https:\/\/cdn.pilgrim.es\/web\/caminos\/camino-portugues\/etapas\/etapa-13\/etapa13_perfil-oliveira-de-azemeis-grijo.jpg\" alt=\"Stage profile stage-13-oliveira-de-azemeis-grijo\" \/>\n      <\/div>\n    <\/div>\n\n    <div id=\"itinerarySection\">\n      <h2 class=\"p-h2-stage\">Route<\/h2>\n      <hr \/>\n      <h3 class=\"p-h3-stage\">Itinerary<\/h3>\n\n      \n        <div>\n          <h4>Km 0 &#8211; Inicio<\/h4>\n\n          \n            <p>If you leave Oliveira from its church you will have to turn left through the Rua Carqueja and Rua da Industria streets. Then, you will have to cross a bridge and continue towards Cucuj\u00e3es, crossing Ponte do Salgueiro where you will have to turn right. It is a lovely region, here you will find lots of villages and cultures. A little bit after the bridge you will cross a monastery called S\u00e3o Martinho do Couto de Cucuj\u00e3es that belongs to the Order of Saint Benedict. A little bit after you will leave the asphalted road to get to O Couto and descend to another medieval bridge and get to Faria da Cima. Once you get there you will have to turn left through Largo sa Senhora dos Milagres and through Avenida Doutor Renato Araujo avenue to turn right after the second roundabout. You will continue through Rua Padre Ant\u00f3nio Maria Pinho street crossing the Igreja de S\u00e3o Jo\u00e3o da Madeira church that was built in the 19 century devoted to S\u00e3o Jo\u00e3o Baptista.<\/p>\n          \n            <p>Este templo destaca por la sobriedad de sus l\u00edneas exteriores. After a stop here you will continue to the left towards Largo Luis Ribeiro where you have to go towards Rua Oliveira Junior street and then through Fundi\u00e7\u00e3o. You will have to walk through Rua V\u00e1eza street towards Arrifana and crossing the Capela da Senhora do O chapel. After some paths and some streets, you will get to Infensas where you should turn right to get to a housing development. This way will lead you a little bit after to the road IC2, you will have to continue to Malaposta.<\/p>\n          \n            <p>Now, you will continue through the old Roman road through Airas, Carlvalhosa, Monte Grande and Lourosa where you will enter again in the national road to Ordem. Once you have crossed all this village you will have to turn left crossing very carefully the road to get to Ermil and after a few meters you will get to Goda. Grij\u00f3 is located just 5 kilometers from here you just have to go through Loureiro de Baixa and Santa Rita.<\/p>\n          \n            <p>At the end, you will get to Grij\u00f3 that belongs to Vila Nova de Gaia. You can\u2019t leave this village without visiting its wonderful Mosteiro de S\u00e3o Salvador monastery also known as Mosteiro de Grij\u00f3 monastery; it is from the 10 century and belongs to Santo Agostinho order. It has one of the oldest catafalque in Portugal where Rodrigo Sanches of Portugal is buried.<\/p>\n          \n\n          \n            <a class=\"town-link\" href=\"https:\/\/www.pilgrim.es\/en\/portuguese-way\/oliveira-de-azemeis\/\">\n              <div class=\"town-link__link-content\">\n                <div class=\"town-link__link-content__text\">\n                  <p>Local Information<\/p>\n                  <p>Police, Medical Care, What to See, Where to Eat&#8230;<\/p>\n                <\/div>\n                <div class=\"town-link__link-content__town-btn\">\n                  <i class=\"icon-arrow\"><\/i>\n                <\/div>\n              <\/div>\n            <\/a>\n          \n        <\/div>\n        <hr \/>\n      \n      <div>\n        <h4>Km 28.1 &#8231; Grij\u00f3<\/h4>\n        <a class=\"town-link\" href=\"https:\/\/www.pilgrim.es\/en\/portuguese-way\/grijo\/\">\n          <div class=\"town-link__link-content\">\n            <div class=\"town-link__link-content__text\">\n              <p>Local Information<\/p>\n              <p>Police, Medical Care, What to See, Where to Eat&#8230;<\/p>\n            <\/div>\n            <div class=\"town-link__link-content__town-btn\">\n              <i class=\"icon-arrow\"><\/i>\n            <\/div>\n          <\/div>\n        <\/a>\n      <\/div>\n    <\/div>\n\n    \n\n  <div id=\"locationsSection\">\n      <h2 class=\"p-h2-stage\">Localities<\/h2>\n      <hr \/>\n      <h3 class=\"p-h3-stage\">Towns<\/h3>\n      <div class=\"grid-container\">\n\n        <div class=\"p-group card-stage p-max-w-full\">\n          <a href=\"https:\/\/www.pilgrim.es\/en\/portuguese-way\/oliveira-de-azemeis\/\" class=\"town-card\">\n            <div class=\"card-stage__header\">\n              <img decoding=\"async\" src=\"https:\/\/cdn.pilgrim.es\/web\/caminos\/camino-portugues\/pueblos\/oliveira-de-azemeis\/oliveira-de-azemeis.jpg\" alt=\"Oliveira de Azem\u00e9is\" class=\"group-hover:p-scale-110\" \/>\n              <div class=\"card-overlay group-hover:p-opacity-50\"><\/div>\n            <\/div>\n            <div class=\"town-card__flex-container\">\n              <div class=\"town-card__flex-container__info\">\n                <h3>Oliveira de Azem\u00e9is<\/h3>\n                <p>Distrito: Aveiro<\/p>\n              <\/div>\n              <div class=\"town-card__flex-container__btn\">\n                <i class=\"icon-arrow\"><\/i>\n              <\/div>\n            <\/div>\n          <\/a>\n        <\/div>\n        <div class=\"p-group card-stage p-max-w-full\">\n          <a href=\"https:\/\/www.pilgrim.es\/en\/portuguese-way\/grijo\/\" class=\"town-card\">\n            <div class=\"card-stage__header\">\n              <img decoding=\"async\" src=\"https:\/\/cdn.pilgrim.es\/web\/caminos\/camino-portugues\/pueblos\/grijo\/grijo.jpg\" alt=\"Grij\u00f3\" class=\"group-hover:p-scale-110\" \/>\n              <div class=\"card-overlay group-hover:p-opacity-50\"><\/div>\n            <\/div>\n            <div class=\"town-card__flex-container\">\n              <div class=\"town-card__flex-container__info\">\n                <h3>Grij\u00f3<\/h3>\n                <p>Distrito: Porto<\/p>\n              <\/div>\n              <div class=\"town-card__flex-container__btn\">\n                <i class=\"icon-arrow\"><\/i>\n              <\/div>\n            <\/div>\n          <\/a>\n        <\/div>\n      <\/div>\n    <\/div>\n    <hr class=\"single-bar\" \/>\n  <\/div>\n<\/section>\n\n<section id=\"stageChange\">\n  <div>\n    <a href=\"https:\/\/www.pilgrim.es\/en\/portuguese-way\/stage-12-albergaria-a-velha-oliveira-de-azemeis\/\" class=\"change-btn\">\n    <div class=\"change-btn\">\n      <div class=\"btn-arrow previous\">\n        <i class=\"icon-arrow\"><\/i>\n      <\/div>\n      <div class=\"change-btn__info\">\n        <div>Stage 12<\/div>\n        <p>\n          Albergaria-a-Velha \u276f <br> Oliveira de Azem\u00e9is\n        <\/p>\n      <\/div>\n    <\/div>\n    <\/a>\n    <a href=\"https:\/\/www.pilgrim.es\/en\/portuguese-way\/stage-14-grijo-oporto\/\" class=\"change-btn\">\n      <div class=\"change-btn__info\">\n        <div>Stage 14<\/div>\n        <p>\n          Grij\u00f3 \u276f <br> Oporto\n        <\/p>\n      <\/div>\n      <div class=\"btn-arrow\">\n        <i class=\"icon-arrow\"><\/i>\n      <\/div>\n    <\/a>\n  <\/div>\n<\/section>\n","protected":false},"excerpt":{"rendered":"<p>Camino Portugu\u00e9s: Stage 13 Walk 25 Stages \/ 620 Kms Oliveira de Azem\u00e9is &#10093; Grij\u00f3 28.1 Km &#10094; Stage 12 Stage 14 &#10095; Information Profile Itinerary Localities Information About this stage Today\u2019s stage is a little bit longer than 30 kilometers but you will cross some amazing villages such as Cucuj\u00e3es that is a must &hellip; <\/p>\n<p class=\"read_more\"><a href=\"https:\/\/www.pilgrim.es\/en\/portuguese-way\/stage-13-oliveira-de-azemeis-grijo\/\">Leer m\u00e1s<\/a><\/p>\n","protected":false},"author":4,"featured_media":12529,"parent":36303,"menu_order":0,"comment_status":"closed","ping_status":"closed","template":"views\/template-new-web-design.blade.php","meta":{"footnotes":""},"categories":[],"tags":[],"class_list":["post-16248","page","type-page","status-publish","has-post-thumbnail","hentry"],"yoast_head":"<!-- This site is optimized with the Yoast SEO plugin v27.4 - https:\/\/yoast.com\/product\/yoast-seo-wordpress\/ -->\n<title>Camino Portugu\u00e9s desde Oliveira de Azem\u00e9is a Grij\u00f3 | Camino de Santiago<\/title>\n<meta name=\"description\" content=\"Plan the Stage 13 of the Portuguese Way (Camino Portuguese) from Oliveira to Grij\u00f3. Route distance, map, accommodation, cities &amp; pilgrim guide.\" \/>\n<meta name=\"robots\" content=\"index, follow, max-snippet:-1, max-image-preview:large, max-video-preview:-1\" \/>\n<link rel=\"canonical\" href=\"https:\/\/www.pilgrim.es\/en\/portuguese-way\/stage-13-oliveira-de-azemeis-grijo\/\" \/>\n<meta property=\"og:locale\" content=\"en_US\" \/>\n<meta property=\"og:type\" content=\"article\" \/>\n<meta property=\"og:title\" content=\"Camino Portugu\u00e9s desde Oliveira de Azem\u00e9is a Grij\u00f3 | Camino de Santiago\" \/>\n<meta property=\"og:description\" content=\"Plan the Stage 13 of the Portuguese Way (Camino Portuguese) from Oliveira to Grij\u00f3. Route distance, map, accommodation, cities &amp; pilgrim guide.\" \/>\n<meta property=\"og:url\" content=\"https:\/\/www.pilgrim.es\/en\/portuguese-way\/stage-13-oliveira-de-azemeis-grijo\/\" \/>\n<meta property=\"og:site_name\" content=\"Pilgrim\" \/>\n<meta property=\"article:publisher\" content=\"https:\/\/www.facebook.com\/pilgrim.es\/\" \/>\n<meta property=\"article:modified_time\" content=\"2025-08-06T07:55:17+00:00\" \/>\n<meta property=\"og:image\" content=\"https:\/\/www.pilgrim.es\/wp-content\/uploads\/2019\/03\/camino_portugues_etapa_13.jpg\" \/>\n\t<meta property=\"og:image:width\" content=\"1633\" \/>\n\t<meta property=\"og:image:height\" content=\"549\" \/>\n\t<meta property=\"og:image:type\" content=\"image\/jpeg\" \/>\n<meta name=\"twitter:card\" content=\"summary_large_image\" \/>\n<meta name=\"twitter:site\" content=\"@pilgrim_es\" \/>\n<meta name=\"twitter:label1\" content=\"Est. reading time\" \/>\n\t<meta name=\"twitter:data1\" content=\"3 minutes\" \/>\n<script type=\"application\/ld+json\" class=\"yoast-schema-graph\">{\"@context\":\"https:\\\/\\\/schema.org\",\"@graph\":[{\"@type\":\"WebPage\",\"@id\":\"https:\\\/\\\/www.pilgrim.es\\\/en\\\/portuguese-way\\\/stage-13-oliveira-de-azemeis-grijo\\\/\",\"url\":\"https:\\\/\\\/www.pilgrim.es\\\/en\\\/portuguese-way\\\/stage-13-oliveira-de-azemeis-grijo\\\/\",\"name\":\"Camino Portugu\u00e9s desde Oliveira de Azem\u00e9is a Grij\u00f3 | Camino de Santiago\",\"isPartOf\":{\"@id\":\"https:\\\/\\\/www.pilgrim.es\\\/en\\\/#website\"},\"primaryImageOfPage\":{\"@id\":\"https:\\\/\\\/www.pilgrim.es\\\/en\\\/portuguese-way\\\/stage-13-oliveira-de-azemeis-grijo\\\/#primaryimage\"},\"image\":{\"@id\":\"https:\\\/\\\/www.pilgrim.es\\\/en\\\/portuguese-way\\\/stage-13-oliveira-de-azemeis-grijo\\\/#primaryimage\"},\"thumbnailUrl\":\"https:\\\/\\\/www.pilgrim.es\\\/wp-content\\\/uploads\\\/2019\\\/03\\\/camino_portugues_etapa_13.jpg\",\"datePublished\":\"2019-04-02T17:05:15+00:00\",\"dateModified\":\"2025-08-06T07:55:17+00:00\",\"description\":\"Plan the Stage 13 of the Portuguese Way (Camino Portuguese) from Oliveira to Grij\u00f3. Route distance, map, accommodation, cities & pilgrim guide.\",\"breadcrumb\":{\"@id\":\"https:\\\/\\\/www.pilgrim.es\\\/en\\\/portuguese-way\\\/stage-13-oliveira-de-azemeis-grijo\\\/#breadcrumb\"},\"inLanguage\":\"en-US\",\"potentialAction\":[{\"@type\":\"ReadAction\",\"target\":[\"https:\\\/\\\/www.pilgrim.es\\\/en\\\/portuguese-way\\\/stage-13-oliveira-de-azemeis-grijo\\\/\"]}]},{\"@type\":\"ImageObject\",\"inLanguage\":\"en-US\",\"@id\":\"https:\\\/\\\/www.pilgrim.es\\\/en\\\/portuguese-way\\\/stage-13-oliveira-de-azemeis-grijo\\\/#primaryimage\",\"url\":\"https:\\\/\\\/www.pilgrim.es\\\/wp-content\\\/uploads\\\/2019\\\/03\\\/camino_portugues_etapa_13.jpg\",\"contentUrl\":\"https:\\\/\\\/www.pilgrim.es\\\/wp-content\\\/uploads\\\/2019\\\/03\\\/camino_portugues_etapa_13.jpg\",\"width\":1633,\"height\":549,\"caption\":\"Mapa Etapa 13 Camino Portugu\u00e9s\"},{\"@type\":\"BreadcrumbList\",\"@id\":\"https:\\\/\\\/www.pilgrim.es\\\/en\\\/portuguese-way\\\/stage-13-oliveira-de-azemeis-grijo\\\/#breadcrumb\",\"itemListElement\":[{\"@type\":\"ListItem\",\"position\":1,\"name\":\"Camino de Santiago\",\"item\":\"https:\\\/\\\/www.pilgrim.es\\\/en\\\/\"},{\"@type\":\"ListItem\",\"position\":2,\"name\":\"Portuguese Way\",\"item\":\"https:\\\/\\\/www.pilgrim.es\\\/en\\\/portuguese-way\\\/\"},{\"@type\":\"ListItem\",\"position\":3,\"name\":\"Portuguese Way: Stage 13\u2013 Oliveira de Azem\u00e9is &#8211; Grij\u00f3 | Pilgrim\"}]},{\"@type\":\"WebSite\",\"@id\":\"https:\\\/\\\/www.pilgrim.es\\\/en\\\/#website\",\"url\":\"https:\\\/\\\/www.pilgrim.es\\\/en\\\/\",\"name\":\"Pilgrim\",\"description\":\"Camino de Santiago | Caminamos Contigo\",\"publisher\":{\"@id\":\"https:\\\/\\\/www.pilgrim.es\\\/en\\\/#organization\"},\"potentialAction\":[{\"@type\":\"SearchAction\",\"target\":{\"@type\":\"EntryPoint\",\"urlTemplate\":\"https:\\\/\\\/www.pilgrim.es\\\/en\\\/?s={search_term_string}\"},\"query-input\":{\"@type\":\"PropertyValueSpecification\",\"valueRequired\":true,\"valueName\":\"search_term_string\"}}],\"inLanguage\":\"en-US\"},{\"@type\":\"Organization\",\"@id\":\"https:\\\/\\\/www.pilgrim.es\\\/en\\\/#organization\",\"name\":\"Pilgrim Camino de Santiago\",\"url\":\"https:\\\/\\\/www.pilgrim.es\\\/en\\\/\",\"logo\":{\"@type\":\"ImageObject\",\"inLanguage\":\"en-US\",\"@id\":\"https:\\\/\\\/www.pilgrim.es\\\/en\\\/#\\\/schema\\\/logo\\\/image\\\/\",\"url\":\"https:\\\/\\\/www.pilgrim.es\\\/wp-content\\\/uploads\\\/2019\\\/04\\\/logo_pilgrim.png\",\"contentUrl\":\"https:\\\/\\\/www.pilgrim.es\\\/wp-content\\\/uploads\\\/2019\\\/04\\\/logo_pilgrim.png\",\"width\":512,\"height\":512,\"caption\":\"Pilgrim Camino de Santiago\"},\"image\":{\"@id\":\"https:\\\/\\\/www.pilgrim.es\\\/en\\\/#\\\/schema\\\/logo\\\/image\\\/\"},\"sameAs\":[\"https:\\\/\\\/www.facebook.com\\\/pilgrim.es\\\/\",\"https:\\\/\\\/x.com\\\/pilgrim_es\",\"https:\\\/\\\/www.instagram.com\\\/pilgrim.es\\\/\",\"https:\\\/\\\/www.linkedin.com\\\/company\\\/pilgrim-camino-de-santiago\\\/\",\"https:\\\/\\\/www.pinterest.es\\\/pilgrimcaminodesantiago\\\/\",\"https:\\\/\\\/www.youtube.com\\\/channel\\\/UCIv2ZzFLXVqthkNF32rKedw\\\/featured\"]}]}<\/script>\n<!-- \/ Yoast SEO plugin. -->","yoast_head_json":{"title":"Camino Portugu\u00e9s desde Oliveira de Azem\u00e9is a Grij\u00f3 | Camino de Santiago","description":"Plan the Stage 13 of the Portuguese Way (Camino Portuguese) from Oliveira to Grij\u00f3. Route distance, map, accommodation, cities & pilgrim guide.","robots":{"index":"index","follow":"follow","max-snippet":"max-snippet:-1","max-image-preview":"max-image-preview:large","max-video-preview":"max-video-preview:-1"},"canonical":"https:\/\/www.pilgrim.es\/en\/portuguese-way\/stage-13-oliveira-de-azemeis-grijo\/","og_locale":"en_US","og_type":"article","og_title":"Camino Portugu\u00e9s desde Oliveira de Azem\u00e9is a Grij\u00f3 | Camino de Santiago","og_description":"Plan the Stage 13 of the Portuguese Way (Camino Portuguese) from Oliveira to Grij\u00f3. Route distance, map, accommodation, cities & pilgrim guide.","og_url":"https:\/\/www.pilgrim.es\/en\/portuguese-way\/stage-13-oliveira-de-azemeis-grijo\/","og_site_name":"Pilgrim","article_publisher":"https:\/\/www.facebook.com\/pilgrim.es\/","article_modified_time":"2025-08-06T07:55:17+00:00","og_image":[{"width":1633,"height":549,"url":"https:\/\/www.pilgrim.es\/wp-content\/uploads\/2019\/03\/camino_portugues_etapa_13.jpg","type":"image\/jpeg"}],"twitter_card":"summary_large_image","twitter_site":"@pilgrim_es","twitter_misc":{"Est. reading time":"3 minutes"},"schema":{"@context":"https:\/\/schema.org","@graph":[{"@type":"WebPage","@id":"https:\/\/www.pilgrim.es\/en\/portuguese-way\/stage-13-oliveira-de-azemeis-grijo\/","url":"https:\/\/www.pilgrim.es\/en\/portuguese-way\/stage-13-oliveira-de-azemeis-grijo\/","name":"Camino Portugu\u00e9s desde Oliveira de Azem\u00e9is a Grij\u00f3 | Camino de Santiago","isPartOf":{"@id":"https:\/\/www.pilgrim.es\/en\/#website"},"primaryImageOfPage":{"@id":"https:\/\/www.pilgrim.es\/en\/portuguese-way\/stage-13-oliveira-de-azemeis-grijo\/#primaryimage"},"image":{"@id":"https:\/\/www.pilgrim.es\/en\/portuguese-way\/stage-13-oliveira-de-azemeis-grijo\/#primaryimage"},"thumbnailUrl":"https:\/\/www.pilgrim.es\/wp-content\/uploads\/2019\/03\/camino_portugues_etapa_13.jpg","datePublished":"2019-04-02T17:05:15+00:00","dateModified":"2025-08-06T07:55:17+00:00","description":"Plan the Stage 13 of the Portuguese Way (Camino Portuguese) from Oliveira to Grij\u00f3. Route distance, map, accommodation, cities & pilgrim guide.","breadcrumb":{"@id":"https:\/\/www.pilgrim.es\/en\/portuguese-way\/stage-13-oliveira-de-azemeis-grijo\/#breadcrumb"},"inLanguage":"en-US","potentialAction":[{"@type":"ReadAction","target":["https:\/\/www.pilgrim.es\/en\/portuguese-way\/stage-13-oliveira-de-azemeis-grijo\/"]}]},{"@type":"ImageObject","inLanguage":"en-US","@id":"https:\/\/www.pilgrim.es\/en\/portuguese-way\/stage-13-oliveira-de-azemeis-grijo\/#primaryimage","url":"https:\/\/www.pilgrim.es\/wp-content\/uploads\/2019\/03\/camino_portugues_etapa_13.jpg","contentUrl":"https:\/\/www.pilgrim.es\/wp-content\/uploads\/2019\/03\/camino_portugues_etapa_13.jpg","width":1633,"height":549,"caption":"Mapa Etapa 13 Camino Portugu\u00e9s"},{"@type":"BreadcrumbList","@id":"https:\/\/www.pilgrim.es\/en\/portuguese-way\/stage-13-oliveira-de-azemeis-grijo\/#breadcrumb","itemListElement":[{"@type":"ListItem","position":1,"name":"Camino de Santiago","item":"https:\/\/www.pilgrim.es\/en\/"},{"@type":"ListItem","position":2,"name":"Portuguese Way","item":"https:\/\/www.pilgrim.es\/en\/portuguese-way\/"},{"@type":"ListItem","position":3,"name":"Portuguese Way: Stage 13\u2013 Oliveira de Azem\u00e9is &#8211; Grij\u00f3 | Pilgrim"}]},{"@type":"WebSite","@id":"https:\/\/www.pilgrim.es\/en\/#website","url":"https:\/\/www.pilgrim.es\/en\/","name":"Pilgrim","description":"Camino de Santiago | Caminamos Contigo","publisher":{"@id":"https:\/\/www.pilgrim.es\/en\/#organization"},"potentialAction":[{"@type":"SearchAction","target":{"@type":"EntryPoint","urlTemplate":"https:\/\/www.pilgrim.es\/en\/?s={search_term_string}"},"query-input":{"@type":"PropertyValueSpecification","valueRequired":true,"valueName":"search_term_string"}}],"inLanguage":"en-US"},{"@type":"Organization","@id":"https:\/\/www.pilgrim.es\/en\/#organization","name":"Pilgrim Camino de Santiago","url":"https:\/\/www.pilgrim.es\/en\/","logo":{"@type":"ImageObject","inLanguage":"en-US","@id":"https:\/\/www.pilgrim.es\/en\/#\/schema\/logo\/image\/","url":"https:\/\/www.pilgrim.es\/wp-content\/uploads\/2019\/04\/logo_pilgrim.png","contentUrl":"https:\/\/www.pilgrim.es\/wp-content\/uploads\/2019\/04\/logo_pilgrim.png","width":512,"height":512,"caption":"Pilgrim Camino de Santiago"},"image":{"@id":"https:\/\/www.pilgrim.es\/en\/#\/schema\/logo\/image\/"},"sameAs":["https:\/\/www.facebook.com\/pilgrim.es\/","https:\/\/x.com\/pilgrim_es","https:\/\/www.instagram.com\/pilgrim.es\/","https:\/\/www.linkedin.com\/company\/pilgrim-camino-de-santiago\/","https:\/\/www.pinterest.es\/pilgrimcaminodesantiago\/","https:\/\/www.youtube.com\/channel\/UCIv2ZzFLXVqthkNF32rKedw\/featured"]}]}},"_links":{"self":[{"href":"https:\/\/www.pilgrim.es\/en\/wp-json\/wp\/v2\/pages\/16248","targetHints":{"allow":["GET"]}}],"collection":[{"href":"https:\/\/www.pilgrim.es\/en\/wp-json\/wp\/v2\/pages"}],"about":[{"href":"https:\/\/www.pilgrim.es\/en\/wp-json\/wp\/v2\/types\/page"}],"author":[{"embeddable":true,"href":"https:\/\/www.pilgrim.es\/en\/wp-json\/wp\/v2\/users\/4"}],"replies":[{"embeddable":true,"href":"https:\/\/www.pilgrim.es\/en\/wp-json\/wp\/v2\/comments?post=16248"}],"version-history":[{"count":12,"href":"https:\/\/www.pilgrim.es\/en\/wp-json\/wp\/v2\/pages\/16248\/revisions"}],"predecessor-version":[{"id":134409,"href":"https:\/\/www.pilgrim.es\/en\/wp-json\/wp\/v2\/pages\/16248\/revisions\/134409"}],"up":[{"embeddable":true,"href":"https:\/\/www.pilgrim.es\/en\/wp-json\/wp\/v2\/pages\/36303"}],"wp:featuredmedia":[{"embeddable":true,"href":"https:\/\/www.pilgrim.es\/en\/wp-json\/wp\/v2\/media\/12529"}],"wp:attachment":[{"href":"https:\/\/www.pilgrim.es\/en\/wp-json\/wp\/v2\/media?parent=16248"}],"wp:term":[{"taxonomy":"category","embeddable":true,"href":"https:\/\/www.pilgrim.es\/en\/wp-json\/wp\/v2\/categories?post=16248"},{"taxonomy":"post_tag","embeddable":true,"href":"https:\/\/www.pilgrim.es\/en\/wp-json\/wp\/v2\/tags?post=16248"}],"curies":[{"name":"wp","href":"https:\/\/api.w.org\/{rel}","templated":true}]}}