{"id":97974,"date":"2025-03-28T10:31:07","date_gmt":"2025-03-28T10:31:07","guid":{"rendered":"https:\/\/www.pilgrim.es\/?page_id=97974"},"modified":"2025-04-02T11:20:44","modified_gmt":"2025-04-02T11:20:44","slug":"sao-miguel-de-arcos","status":"publish","type":"page","link":"https:\/\/www.pilgrim.es\/de\/portugiesischer-weg\/sao-miguel-de-arcos\/","title":{"rendered":"S\u00e3o Miguel de Arcos"},"content":{"rendered":"\n<section id=\"hero\">\n    <h1>S\u00e3o Miguel de Arcos<\/h1>\n    <div class=\"hero-grid\">\n        <div class=\"hero-grid__town-col\"\n            data-background=\"https:\/\/cdn.pilgrim.es\/web\/caminos\/camino-portugues\/pueblos\/sao-miguel-de-arcos\/sao-miguel-de-arcos.jpg\">\n            <div>\n                <a class=\"link-to-stage\" href=\"https:\/\/www.pilgrim.es\/de\/portugiesischer-weg\/etappe-15-oporto-sao-miguel-de-arcos\/\">\n                    <p>&#8249; Zur\u00fcck zur B\u00fchne<\/p>\n                <\/a>\n\n                <div class=\"town-data\">\n                    <h2>S\u00e3o Miguel de Arcos<\/h2>\n                    <ul>\n                        <li>Einwohner: ca. 800.<\/li>\n                        <li>Bundesland: Oporto <\/li>\n                    <\/ul>\n                <\/div>\n            <\/div>\n        <\/div>\n        <div class=\"hero-grid__planner-col\"><div\r\n  class=\"p-col-span-1 p-rounded-lg p-px-5 p-h-full\"\r\n  style=\"background-image: url('https:\/\/cdn.pilgrim.es\/web\/pilgrim-planner\/bg-plugin-planificador.webp')\"\r\n  rel=\"preload\"\r\n  fetchpriority=\"high\"\r\n  >\r\n    <div class=\"p-text-center p-pt-5 p-text-white p-text-2xl p-font-semibold\">\r\n      Plane deinen Weg    <\/div>\r\n    <div\r\n            id='primary-app'\r\n            data-name='banner'\r\n            data-api='https:\/\/pathfinder.pilgrim.es\/api\/pathfinder\/v2'\r\n            data-mode='normal'\r\n            data-lang='de'\r\n            data-route='1'\r\n            data-destiny='https:\/\/planificador.pilgrim.es'\r\n            data-modality='1'\r\n            data-inline=''\r\n        ><\/div><\/div><\/div>\n    <\/div>\n<\/section>\n\n<section id=\"infoTown\">\n    <div class=\"sections-town\">\n\n        <div id=\"informationSection\">\n            <div>\n                <h2 class=\"p-h2-town\">Informationen<\/h2>\n                <hr>\n                <h3 class=\"p-h3-town\">Lernen Sie S\u00e3o Miguel de Arcos kennen<\/h3>\n            <\/div>\n            <p>S\u00e3o Miguel dos Arcos ist eine malerische Gemeinde im Norden Portugals, genauer gesagt im Bezirk Braga.\n                Dieser charmante Ort vereint die nat\u00fcrliche Sch\u00f6nheit seiner Umgebung mit einer reichen kulturellen\n                Geschichte, was ihn zu einem idealen Ziel f\u00fcr diejenigen macht, die ein authentisches und ruhiges\n                Erlebnis im Herzen der Minho-Region suchen.<\/p>\n            <p>S\u00e3o Miguel dos Arcos ist bekannt f\u00fcr seine religi\u00f6sen Feste, insbesondere das Fest zu Ehren von S\u00e3o\n                Miguel, das zu Ehren des Schutzpatrons der Gemeinde, des Erzengels Michael, gefeiert wird. Diese\n                Festlichkeiten beinhalten Prozessionen, traditionelle Musik, T\u00e4nze und eine Vielzahl von\n                Veranstaltungen, die Einheimische und Besucher in einer festlichen Atmosph\u00e4re zusammenbringen.<\/p>\n        <\/div>\n\n        <div id=\"locationSection\">\n            <div>\n                <h2 class=\"p-h2-town\">Standort<\/h2>\n                <hr>\n                <h3 class=\"p-h3-town\">Wegbeschreibung<\/h3>\n            <\/div>\n            <p>Die schnellste M\u00f6glichkeit, diese Ortschaft zu erreichen, w\u00e4re ein Flug nach Porto, da der Flughafen\n                Porto der n\u00e4chstgelegene zu S\u00e3o Miguel dos Arcos ist. Einmal in Porto angekommen, w\u00e4re es ganz einfach,\n                einen Zug oder einen Bus vom Stadtzentrum nach Braga zu nehmen, wo wir umsteigen m\u00fcssen, um nach S\u00e3o\n                Miguel dos Arcos zu fahren.<\/p>\n\n            <p>Wenn wir uns f\u00fcr die Anreise mit dem Auto entscheiden, sollten wir Madrid als Ausgangspunkt nehmen und\n                die A-6 in Richtung A Coru\u00f1a nehmen. Wir werden die Grenze nach Portugal \u00fcberqueren und der A-3 folgen,\n                bis wir Porto erreichen. Von Porto aus nehmen wir die A28 in Richtung Norden und dann die N206 bis S\u00e3o\n                Miguel dos Arcos.<\/p>\n            <div>\n                <div>\n  <iframe loading=\"lazy\"\n    src=\"https:\/\/www.google.com\/maps\/d\/embed?mid=1voGC9mSSGr4KJcsxBWqmN7Phx100JV8&ehbc=2E312F\"\n    width=\"640\"\n    height=\"480\"\n    alt=\"Karte von S\u00e3o Miguel de Arcos\"\n  ><\/iframe>\n<\/div>\n\n            <\/div>\n        <\/div>\n\n\n        <div id=\"toVisitSection\">\n            <div>\n                <h2 class=\"p-h2-town\">Geschichte \/ Kultur<\/h2>\n                <hr>\n                <h3 class=\"p-h3-town\">Was es zu sehen gibt<\/h3>\n            <\/div>\n            <div>\n                <div class=\"accordion\">\n                    <div class=\"accordion__menu\">\n                        <nav>\n\n                            <button class=\"nav-tab-accordion active\"><span>&#10093;<\/span><span> S\u00e3o Miguel\n                                    Kirche<\/span><\/button>\n\n                            <button class=\"nav-tab-accordion \"><span>&#10093;<\/span><span> Altstadt<\/span><\/button>\n\n                            <button class=\"nav-tab-accordion \"><span>&#10093;<\/span><span> Braga<\/span><\/button>\n\n                            <button class=\"nav-tab-accordion \"><span>&#10093;<\/span><span> Guimar\u00e3es<\/span><\/button>\n                        <\/nav>\n                    <\/div>\n\n\n                    <div class=\"accordion__accordion-content \">\n                        <div>\n                            <div>\n                                <h4>S\u00e3o Miguel Kirche<\/h4>\n                                <p>Die Kirche von S\u00e3o Miguel dos Arcos ist einer der wichtigsten Anziehungspunkte der\n                                    Stadt. Dieses religi\u00f6se Geb\u00e4ude, das der Stadt ihren Namen gibt, ist ein\n                                    historisches Bauwerk mit traditioneller Architektur. Die Kirche ist ein bedeutendes\n                                    Symbol f\u00fcr die Einheimischen und hat eine reiche Geschichte, die mit der Verehrung\n                                    des Erzengels Michael verbunden ist.<\/p>\n                            <\/div>\n                            <img decoding=\"async\" src=\"https:\/\/cdn.pilgrim.es\/web\/caminos\/camino-portugues\/pueblos\/sao-miguel-de-arcos\/puntos-de-interes\/iglesia-sao-miguel-de-arcos.jpg\"\n                                alt=\"S\u00e3o Miguel Kirche\">\n                        <\/div>\n                    <\/div>\n\n                    <div class=\"accordion__accordion-content inactive\">\n                        <div>\n                            <div>\n                                <h4>Altstadt<\/h4>\n                                <p>Die kleine Altstadt von S\u00e3o Miguel dos Arcos bewahrt viele der Merkmale\n                                    traditioneller D\u00f6rfer der Region Minho. Hier kann man durch die engen gepflasterten\n                                    Stra\u00dfen spazieren, die Steinh\u00e4user bewundern und das lokale Leben in seiner\n                                    authentischen Umgebung beobachten.<\/p>\n                            <\/div>\n                            <img decoding=\"async\" src=\"https:\/\/cdn.pilgrim.es\/web\/caminos\/camino-portugues\/pueblos\/sao-miguel-de-arcos\/puntos-de-interes\/casco-antiguo-sao-miguel-de-arcos.jpg\"\n                                alt=\"Altstadt\">\n                        <\/div>\n                    <\/div>\n\n                    <div class=\"accordion__accordion-content inactive\">\n                        <div>\n                            <div>\n                                <h4>Braga<\/h4>\n                                <p>Nur etwa 20 Minuten mit dem Auto entfernt, ist Braga eine historische Stadt mit\n                                    vielen Sehensw\u00fcrdigkeiten wie dem Heiligtum Bom Jesus do Monte, der Kathedrale von\n                                    Braga und beeindruckender Architektur.<\/p>\n                            <\/div>\n                            <img decoding=\"async\" src=\"https:\/\/cdn.pilgrim.es\/web\/caminos\/camino-portugues\/pueblos\/sao-miguel-de-arcos\/puntos-de-interes\/braga.jpg\"\n                                alt=\"Braga\">\n                        <\/div>\n                    <\/div>\n\n                    <div class=\"accordion__accordion-content inactive\">\n                        <div>\n                            <div>\n                                <h4>Guimar\u00e3es<\/h4>\n                                <p>Etwa 40 Minuten mit dem Auto entfernt, ist Guimar\u00e3es eine UNESCO-Weltkulturerbestadt,\n                                    bekannt als die Wiege der portugiesischen Nation.<\/p>\n                            <\/div>\n                            <img decoding=\"async\" src=\"https:\/\/cdn.pilgrim.es\/web\/caminos\/camino-portugues\/pueblos\/sao-miguel-de-arcos\/puntos-de-interes\/guimaraes.jpg\"\n                                alt=\"Guimar\u00e3es\">\n                        <\/div>\n                    <\/div>\n\n\n\n                <\/div>\n            <\/div>\n        <\/div>\n\n\n        <div id=\"phonesSection\">\n            <div>\n                <h2 class=\"p-h3-town\">Informationen von Interesse<\/h2>\n            <\/div>\n            <div class=\"grid\">\n\n                <div class=\"phone-number-item\">\n                    <div class=\"phone-number-item__icon\"><i class=\"icon-police\"><\/i><\/div>\n                    <div class=\"phone-number-item__title\">\n                        <h3 class=\"p-font-bold\">Ortspolizei<\/h3>\n                        <p><\/p>\n\n                    <\/div>\n                <\/div>\n\n                <div class=\"phone-number-item\">\n                    <div class=\"phone-number-item__icon\"><i class=\"None\"><\/i><\/div>\n                    <div class=\"phone-number-item__title\">\n                        <h3 class=\"p-font-bold\">Polizei f\u00fcr \u00f6ffentliche Sicherheit<\/h3>\n                        <p>+351 252 648 400<\/p>\n\n                    <\/div>\n                <\/div>\n\n                <div class=\"phone-number-item\">\n                    <div class=\"phone-number-item__icon\"><i class=\"icon-firefighters\"><\/i><\/div>\n                    <div class=\"phone-number-item__title\">\n                        <h3 class=\"p-font-bold\">Feuerwehr<\/h3>\n                        <p>+351 252 648 300<\/p>\n\n                    <\/div>\n                <\/div>\n\n                <div class=\"phone-number-item\">\n                    <div class=\"phone-number-item__icon\"><i class=\"icon-civil-protection\"><\/i><\/div>\n                    <div class=\"phone-number-item__title\">\n                        <h3 class=\"p-font-bold\">Zivilschutz<\/h3>\n                        <p>+351 21 391 39 33 (Portugiesisches Rotes Kreuz)<\/p>\n\n                    <\/div>\n                <\/div>\n\n                <div class=\"phone-number-item\">\n                    <div class=\"phone-number-item__icon\"><i class=\"icon-town-council\"><\/i><\/div>\n                    <div class=\"phone-number-item__title\">\n                        <h3 class=\"p-font-bold\">Rathaus<\/h3>\n                        <p>+351 252 248 700<\/p>\n\n                    <\/div>\n                <\/div>\n\n                <div class=\"phone-number-item\">\n                    <div class=\"phone-number-item__icon\"><i class=\"icon-hospital\"><\/i><\/div>\n                    <div class=\"phone-number-item__title\">\n                        <h3 class=\"p-font-bold\">Gesundheitszentrum<\/h3>\n                        <p>+351 252 648 600<\/p>\n\n                    <\/div>\n                <\/div>\n\n                <div class=\"phone-number-item\">\n                    <div class=\"phone-number-item__icon\"><i class=\"icon-tourism\"><\/i><\/div>\n                    <div class=\"phone-number-item__title\">\n                        <h3 class=\"p-font-bold\">Fremdenverkehrsamt<\/h3>\n                        <p>Avenida do Brasil, 100, 4480-668 Vila do Conde \/ +351 252 648 700<\/p>\n\n                    <\/div>\n                <\/div>\n\n            <\/div>\n        <\/div>\n\n        <div id=\"clientForm\">\n        <section>\n        <img decoding=\"async\" src=\"https:\/\/cdn.pilgrim.es\/web\/home\/email-contacto.png\" alt=\"contacto\">\n        <div>\n            <p>Wir senden dir deine Planung<\/p>\n            <p>Gib uns deine Daten an und erhalte die Planung deiner Reise per E-Mail <\/p>\n            <form method=\"post\" data-url=\"\/wp-admin\/admin-ajax.php\" id=\"planner--client\" class=\"flag-right form-client\">\n    <div class=\"form-data\">\n        <input name=\"form_id\" type=\"hidden\" value=\"Formulario Leads\">\n        <input name=\"type\" type=\"hidden\" value=\"planner_client\">\n        <input type=\"text\" name=\"nombre\" value=\"\" size=\"40\" class=\"form-control\" aria-required=\"true\" aria-invalid=\"false\" placeholder=\"Name\">\n        <input type=\"email\" name=\"email\" value=\"\" size=\"40\" class=\"form-control\" aria-required=\"true\" aria-invalid=\"false\" placeholder=\"E- Mail\">\n        <input type=\"text\" id=\"phone-input\" name=\"tel\" value=\"\" size=\"40\" class=\"phone-input form-control\" aria-required=\"true\" aria-invalid=\"false\" placeholder=\"Telefon\">\n        <input type=\"hidden\" name=\"telefono\">\n    <\/div>\n    <div class=\"form-checkbox\">\n        <span>\n            Pilgrim Travel, S.L. teilt gem\u00e4\u00df Regulierung 2016\/679 mit, dass die in diesem Formular verwendeten Daten sowohl f\u00fcr die Beantwortung der m\u00f6glichen Anfragen als auch f\u00fcr die Ver\u00f6ffentlichung der Kommentare verwendet werden, mit der Zustimmung des Nutzers. Sie k\u00f6nnen Ihre Rechte in \u00dcbereinstimmung mit unserer Datenschutzbestimmungen aus\u00fcben             <a href=\"https:\/\/www.pilgrim.es\/politica-de-privacidad\/\" target=\"_blank\" rel=\"noopener noreferrer nofollow\">Datenschutzerkl\u00e4rung.<\/a>\n        <\/span>\n    <\/div>\n\n    <div class=\"form-submit\">\n        <button id=\"planner--client-create\" type=\"submit\">Anfrage senden<\/button>\n        <div class=\"loadingDiv\"><i class=\"p-spinner\"><\/i><\/div>\n    <\/div>\n\n    <div class=\"contact-content-form-success\">\n        <p><i class=\"fas fa-check\"><\/i> Das Formular hat sich erfolgreich gesendet.<\/p>\n    <\/div>\n\n    <div class=\"contact-content-form-error\">\n        <span class=\"input-error\"><\/span>\n    <\/div>\n<\/form>        <\/div>\n    <\/section>\n<\/div>\n\n        <div id=\"recomendationSection\">\n            <div>\n                <h2 class=\"p-h2-town\">Empfohlen<\/h2>\n                <hr>\n                <h3 class=\"p-h3-town\">Gastronomie<\/h3>\n            <\/div>\n            <p>In S\u00e3o Miguel dos Arcos und der Region Minho zeichnet sich die Gastronomie durch traditionelle Gerichte\n                wie\n                Bacalhau (in verschiedenen Varianten zubereitet), arroz de cabidela, das schmackhafte Cozido \u00e0\n                Portuguesa\n                und die leichte Suppe Caldo Verde aus. Weitere typische Delikatessen sind Francesinha, der luftige\n                P\u00e3o-de-l\u00f3\n                und der Queijo da Serra K\u00e4se. Dar\u00fcber hinaus ist der Vinho Verde, frisch und jung, ein idealer Begleiter\n                zu\n                den Mahlzeiten. Roj\u00f5es (frittiertes Schweinefleisch) und Pulposalat sind ebenfalls lokale\n                K\u00f6stlichkeiten,\n                die perfekt f\u00fcr ein authentisches gastronomisches Erlebnis in der Region sind.<\/p>\n\n            <p>In dieser Gegend kannst du auch den lokalen Apfelwein genie\u00dfen, bekannt als &#8222;Sidra de Minho.&#8220;<\/p>\n        <\/div>\n\n\n\n        <div id=\"holidaysSection\">\n            <div>\n                <h2 class=\"p-h2-town\">Empfohlen<\/h2>\n                <hr>\n                <h3 class=\"p-h3-town\">Feste und Pilgerfahrten<\/h3>\n            <\/div>\n            <div class=\"grid holidays-grid\">\n\n                <div>\n                    <div class=\"phone-number-item\">\n                        <div class=\"phone-number-item__icon\"><i class=\"icon-holiday\"><\/i><\/div>\n                        <div class=\"phone-number-item__title dark-text\">\n                            <p class=\"p-font-bold\">Lokales Fest<\/p>\n                            <p>14. September: Fest der Heiligen Kreuz<\/p>\n                        <\/div>\n                    <\/div>\n                <\/div>\n\n                <div>\n                    <div class=\"phone-number-item\">\n                        <div class=\"phone-number-item__icon\"><i class=\"icon-holiday\"><\/i><\/div>\n                        <div class=\"phone-number-item__title dark-text\">\n                            <p class=\"p-font-bold\">Lokales Fest<\/p>\n                            <p>29. September: Fest von S\u00e3o Miguel (Patronatsfest)<\/p>\n                        <\/div>\n                    <\/div>\n                <\/div>\n\n            <\/div>\n        <\/div>\n\n    <\/div>\n<\/section>\n\n<div id=\"stage_list_section\"><div class=\"stage-list\">\n    <div class='stage-list__map-card'>\n        <div class='stage-list__map-card__map'>\n            <div class='stage-list__map-card__map__text'>\n                <h2> Pages <\/h2>\n                <p> Zu Fu\u00df<\/p>\n                <p> 0etappen<\/p>\n            <\/div>\n            <div class='stage-list__map-card__map__img'>\n                <img decoding=\"async\" src=\"\" alt=\" mapa \" \/>\n            <\/div>\n        <\/div>\n    <\/div>\n\n    <\/div>\n<\/div>\n\n\n\n<p><\/p>\n","protected":false},"excerpt":{"rendered":"<p>S\u00e3o Miguel de Arcos &#8249; Zur\u00fcck zur B\u00fchne S\u00e3o Miguel de Arcos Einwohner: ca. 800. Bundesland: Oporto Informationen Lernen Sie S\u00e3o Miguel de Arcos kennen S\u00e3o Miguel dos Arcos ist eine malerische Gemeinde im Norden Portugals, genauer gesagt im Bezirk Braga. Dieser charmante Ort vereint die nat\u00fcrliche Sch\u00f6nheit seiner Umgebung mit einer reichen kulturellen Geschichte, &hellip; <\/p>\n<p class=\"read_more\"><a href=\"https:\/\/www.pilgrim.es\/de\/portugiesischer-weg\/sao-miguel-de-arcos\/\">Leer m\u00e1s<\/a><\/p>\n","protected":false},"author":4,"featured_media":0,"parent":10665,"menu_order":0,"comment_status":"closed","ping_status":"closed","template":"views\/template-new-web-design.blade.php","meta":{"footnotes":""},"categories":[],"tags":[],"class_list":["post-97974","page","type-page","status-publish","hentry"],"yoast_head":"<!-- This site is optimized with the Yoast SEO plugin v27.4 - https:\/\/yoast.com\/product\/yoast-seo-wordpress\/ -->\n<title>S\u00e3o Miguel de Arcos: Was sehen und wo \u00fcbernachten | Jakobsweg | Pilgrim<\/title>\n<meta name=\"description\" content=\"S\u00e3o Miguel de Arcos Entdecken Sie alle Informationen \u00fcber Unterk\u00fcnfte, Anreise, Gastronomie und die wichtigsten Sehensw\u00fcrdigkeiten der Orte am Portugiesischer Weg\" \/>\n<meta name=\"robots\" content=\"index, follow, max-snippet:-1, max-image-preview:large, max-video-preview:-1\" \/>\n<link rel=\"canonical\" href=\"https:\/\/www.pilgrim.es\/de\/portugiesischer-weg\/sao-miguel-de-arcos\/\" \/>\n<meta property=\"og:locale\" content=\"de_DE\" \/>\n<meta property=\"og:type\" content=\"article\" \/>\n<meta property=\"og:title\" content=\"S\u00e3o Miguel de Arcos: Was sehen und wo \u00fcbernachten | Jakobsweg | Pilgrim\" \/>\n<meta property=\"og:description\" content=\"S\u00e3o Miguel de Arcos Entdecken Sie alle Informationen \u00fcber Unterk\u00fcnfte, Anreise, Gastronomie und die wichtigsten Sehensw\u00fcrdigkeiten der Orte am Portugiesischer Weg\" \/>\n<meta property=\"og:url\" content=\"https:\/\/www.pilgrim.es\/de\/portugiesischer-weg\/sao-miguel-de-arcos\/\" \/>\n<meta property=\"og:site_name\" content=\"Pilgrim\" \/>\n<meta property=\"article:publisher\" content=\"https:\/\/www.facebook.com\/pilgrim.es\/\" \/>\n<meta property=\"article:modified_time\" content=\"2025-04-02T11:20:44+00:00\" \/>\n<meta property=\"og:image\" content=\"https:\/\/cdn.pilgrim.es\/web\/caminos\/camino-portugues\/pueblos\/sao-miguel-de-arcos\/puntos-de-interes\/iglesia-sao-miguel-de-arcos.jpg\" \/>\n<meta name=\"twitter:card\" content=\"summary_large_image\" \/>\n<meta name=\"twitter:site\" content=\"@pilgrim_es\" \/>\n<meta name=\"twitter:label1\" content=\"Gesch\u00e4tzte Lesezeit\" \/>\n\t<meta name=\"twitter:data1\" content=\"3\u00a0Minuten\" \/>\n<script type=\"application\/ld+json\" class=\"yoast-schema-graph\">{\"@context\":\"https:\\\/\\\/schema.org\",\"@graph\":[{\"@type\":\"WebPage\",\"@id\":\"https:\\\/\\\/www.pilgrim.es\\\/de\\\/portugiesischer-weg\\\/sao-miguel-de-arcos\\\/\",\"url\":\"https:\\\/\\\/www.pilgrim.es\\\/de\\\/portugiesischer-weg\\\/sao-miguel-de-arcos\\\/\",\"name\":\"S\u00e3o Miguel de Arcos: Was sehen und wo \u00fcbernachten | Jakobsweg | Pilgrim\",\"isPartOf\":{\"@id\":\"https:\\\/\\\/www.pilgrim.es\\\/de\\\/#website\"},\"primaryImageOfPage\":{\"@id\":\"https:\\\/\\\/www.pilgrim.es\\\/de\\\/portugiesischer-weg\\\/sao-miguel-de-arcos\\\/#primaryimage\"},\"image\":{\"@id\":\"https:\\\/\\\/www.pilgrim.es\\\/de\\\/portugiesischer-weg\\\/sao-miguel-de-arcos\\\/#primaryimage\"},\"thumbnailUrl\":\"https:\\\/\\\/cdn.pilgrim.es\\\/web\\\/caminos\\\/camino-portugues\\\/pueblos\\\/sao-miguel-de-arcos\\\/puntos-de-interes\\\/iglesia-sao-miguel-de-arcos.jpg\",\"datePublished\":\"2025-03-28T10:31:07+00:00\",\"dateModified\":\"2025-04-02T11:20:44+00:00\",\"description\":\"S\u00e3o Miguel de Arcos Entdecken Sie alle Informationen \u00fcber Unterk\u00fcnfte, Anreise, Gastronomie und die wichtigsten Sehensw\u00fcrdigkeiten der Orte am Portugiesischer Weg\",\"breadcrumb\":{\"@id\":\"https:\\\/\\\/www.pilgrim.es\\\/de\\\/portugiesischer-weg\\\/sao-miguel-de-arcos\\\/#breadcrumb\"},\"inLanguage\":\"de\",\"potentialAction\":[{\"@type\":\"ReadAction\",\"target\":[\"https:\\\/\\\/www.pilgrim.es\\\/de\\\/portugiesischer-weg\\\/sao-miguel-de-arcos\\\/\"]}]},{\"@type\":\"ImageObject\",\"inLanguage\":\"de\",\"@id\":\"https:\\\/\\\/www.pilgrim.es\\\/de\\\/portugiesischer-weg\\\/sao-miguel-de-arcos\\\/#primaryimage\",\"url\":\"https:\\\/\\\/cdn.pilgrim.es\\\/web\\\/caminos\\\/camino-portugues\\\/pueblos\\\/sao-miguel-de-arcos\\\/puntos-de-interes\\\/iglesia-sao-miguel-de-arcos.jpg\",\"contentUrl\":\"https:\\\/\\\/cdn.pilgrim.es\\\/web\\\/caminos\\\/camino-portugues\\\/pueblos\\\/sao-miguel-de-arcos\\\/puntos-de-interes\\\/iglesia-sao-miguel-de-arcos.jpg\"},{\"@type\":\"BreadcrumbList\",\"@id\":\"https:\\\/\\\/www.pilgrim.es\\\/de\\\/portugiesischer-weg\\\/sao-miguel-de-arcos\\\/#breadcrumb\",\"itemListElement\":[{\"@type\":\"ListItem\",\"position\":1,\"name\":\"Camino de Santiago\",\"item\":\"https:\\\/\\\/www.pilgrim.es\\\/de\\\/\"},{\"@type\":\"ListItem\",\"position\":2,\"name\":\"Portugiesischer Weg\",\"item\":\"https:\\\/\\\/www.pilgrim.es\\\/de\\\/portugiesischer-weg\\\/\"},{\"@type\":\"ListItem\",\"position\":3,\"name\":\"S\u00e3o Miguel de Arcos\"}]},{\"@type\":\"WebSite\",\"@id\":\"https:\\\/\\\/www.pilgrim.es\\\/de\\\/#website\",\"url\":\"https:\\\/\\\/www.pilgrim.es\\\/de\\\/\",\"name\":\"Pilgrim\",\"description\":\"Camino de Santiago | Caminamos Contigo\",\"publisher\":{\"@id\":\"https:\\\/\\\/www.pilgrim.es\\\/de\\\/#organization\"},\"potentialAction\":[{\"@type\":\"SearchAction\",\"target\":{\"@type\":\"EntryPoint\",\"urlTemplate\":\"https:\\\/\\\/www.pilgrim.es\\\/de\\\/?s={search_term_string}\"},\"query-input\":{\"@type\":\"PropertyValueSpecification\",\"valueRequired\":true,\"valueName\":\"search_term_string\"}}],\"inLanguage\":\"de\"},{\"@type\":\"Organization\",\"@id\":\"https:\\\/\\\/www.pilgrim.es\\\/de\\\/#organization\",\"name\":\"Pilgrim Camino de Santiago\",\"url\":\"https:\\\/\\\/www.pilgrim.es\\\/de\\\/\",\"logo\":{\"@type\":\"ImageObject\",\"inLanguage\":\"de\",\"@id\":\"https:\\\/\\\/www.pilgrim.es\\\/de\\\/#\\\/schema\\\/logo\\\/image\\\/\",\"url\":\"https:\\\/\\\/www.pilgrim.es\\\/wp-content\\\/uploads\\\/2019\\\/04\\\/logo_pilgrim.png\",\"contentUrl\":\"https:\\\/\\\/www.pilgrim.es\\\/wp-content\\\/uploads\\\/2019\\\/04\\\/logo_pilgrim.png\",\"width\":512,\"height\":512,\"caption\":\"Pilgrim Camino de Santiago\"},\"image\":{\"@id\":\"https:\\\/\\\/www.pilgrim.es\\\/de\\\/#\\\/schema\\\/logo\\\/image\\\/\"},\"sameAs\":[\"https:\\\/\\\/www.facebook.com\\\/pilgrim.es\\\/\",\"https:\\\/\\\/x.com\\\/pilgrim_es\",\"https:\\\/\\\/www.instagram.com\\\/pilgrim.es\\\/\",\"https:\\\/\\\/www.linkedin.com\\\/company\\\/pilgrim-camino-de-santiago\\\/\",\"https:\\\/\\\/www.pinterest.es\\\/pilgrimcaminodesantiago\\\/\",\"https:\\\/\\\/www.youtube.com\\\/channel\\\/UCIv2ZzFLXVqthkNF32rKedw\\\/featured\"]}]}<\/script>\n<!-- \/ Yoast SEO plugin. -->","yoast_head_json":{"title":"S\u00e3o Miguel de Arcos: Was sehen und wo \u00fcbernachten | Jakobsweg | Pilgrim","description":"S\u00e3o Miguel de Arcos Entdecken Sie alle Informationen \u00fcber Unterk\u00fcnfte, Anreise, Gastronomie und die wichtigsten Sehensw\u00fcrdigkeiten der Orte am Portugiesischer Weg","robots":{"index":"index","follow":"follow","max-snippet":"max-snippet:-1","max-image-preview":"max-image-preview:large","max-video-preview":"max-video-preview:-1"},"canonical":"https:\/\/www.pilgrim.es\/de\/portugiesischer-weg\/sao-miguel-de-arcos\/","og_locale":"de_DE","og_type":"article","og_title":"S\u00e3o Miguel de Arcos: Was sehen und wo \u00fcbernachten | Jakobsweg | Pilgrim","og_description":"S\u00e3o Miguel de Arcos Entdecken Sie alle Informationen \u00fcber Unterk\u00fcnfte, Anreise, Gastronomie und die wichtigsten Sehensw\u00fcrdigkeiten der Orte am Portugiesischer Weg","og_url":"https:\/\/www.pilgrim.es\/de\/portugiesischer-weg\/sao-miguel-de-arcos\/","og_site_name":"Pilgrim","article_publisher":"https:\/\/www.facebook.com\/pilgrim.es\/","article_modified_time":"2025-04-02T11:20:44+00:00","og_image":[{"url":"https:\/\/cdn.pilgrim.es\/web\/caminos\/camino-portugues\/pueblos\/sao-miguel-de-arcos\/puntos-de-interes\/iglesia-sao-miguel-de-arcos.jpg","type":"","width":"","height":""}],"twitter_card":"summary_large_image","twitter_site":"@pilgrim_es","twitter_misc":{"Gesch\u00e4tzte Lesezeit":"3\u00a0Minuten"},"schema":{"@context":"https:\/\/schema.org","@graph":[{"@type":"WebPage","@id":"https:\/\/www.pilgrim.es\/de\/portugiesischer-weg\/sao-miguel-de-arcos\/","url":"https:\/\/www.pilgrim.es\/de\/portugiesischer-weg\/sao-miguel-de-arcos\/","name":"S\u00e3o Miguel de Arcos: Was sehen und wo \u00fcbernachten | Jakobsweg | Pilgrim","isPartOf":{"@id":"https:\/\/www.pilgrim.es\/de\/#website"},"primaryImageOfPage":{"@id":"https:\/\/www.pilgrim.es\/de\/portugiesischer-weg\/sao-miguel-de-arcos\/#primaryimage"},"image":{"@id":"https:\/\/www.pilgrim.es\/de\/portugiesischer-weg\/sao-miguel-de-arcos\/#primaryimage"},"thumbnailUrl":"https:\/\/cdn.pilgrim.es\/web\/caminos\/camino-portugues\/pueblos\/sao-miguel-de-arcos\/puntos-de-interes\/iglesia-sao-miguel-de-arcos.jpg","datePublished":"2025-03-28T10:31:07+00:00","dateModified":"2025-04-02T11:20:44+00:00","description":"S\u00e3o Miguel de Arcos Entdecken Sie alle Informationen \u00fcber Unterk\u00fcnfte, Anreise, Gastronomie und die wichtigsten Sehensw\u00fcrdigkeiten der Orte am Portugiesischer Weg","breadcrumb":{"@id":"https:\/\/www.pilgrim.es\/de\/portugiesischer-weg\/sao-miguel-de-arcos\/#breadcrumb"},"inLanguage":"de","potentialAction":[{"@type":"ReadAction","target":["https:\/\/www.pilgrim.es\/de\/portugiesischer-weg\/sao-miguel-de-arcos\/"]}]},{"@type":"ImageObject","inLanguage":"de","@id":"https:\/\/www.pilgrim.es\/de\/portugiesischer-weg\/sao-miguel-de-arcos\/#primaryimage","url":"https:\/\/cdn.pilgrim.es\/web\/caminos\/camino-portugues\/pueblos\/sao-miguel-de-arcos\/puntos-de-interes\/iglesia-sao-miguel-de-arcos.jpg","contentUrl":"https:\/\/cdn.pilgrim.es\/web\/caminos\/camino-portugues\/pueblos\/sao-miguel-de-arcos\/puntos-de-interes\/iglesia-sao-miguel-de-arcos.jpg"},{"@type":"BreadcrumbList","@id":"https:\/\/www.pilgrim.es\/de\/portugiesischer-weg\/sao-miguel-de-arcos\/#breadcrumb","itemListElement":[{"@type":"ListItem","position":1,"name":"Camino de Santiago","item":"https:\/\/www.pilgrim.es\/de\/"},{"@type":"ListItem","position":2,"name":"Portugiesischer Weg","item":"https:\/\/www.pilgrim.es\/de\/portugiesischer-weg\/"},{"@type":"ListItem","position":3,"name":"S\u00e3o Miguel de Arcos"}]},{"@type":"WebSite","@id":"https:\/\/www.pilgrim.es\/de\/#website","url":"https:\/\/www.pilgrim.es\/de\/","name":"Pilgrim","description":"Camino de Santiago | Caminamos Contigo","publisher":{"@id":"https:\/\/www.pilgrim.es\/de\/#organization"},"potentialAction":[{"@type":"SearchAction","target":{"@type":"EntryPoint","urlTemplate":"https:\/\/www.pilgrim.es\/de\/?s={search_term_string}"},"query-input":{"@type":"PropertyValueSpecification","valueRequired":true,"valueName":"search_term_string"}}],"inLanguage":"de"},{"@type":"Organization","@id":"https:\/\/www.pilgrim.es\/de\/#organization","name":"Pilgrim Camino de Santiago","url":"https:\/\/www.pilgrim.es\/de\/","logo":{"@type":"ImageObject","inLanguage":"de","@id":"https:\/\/www.pilgrim.es\/de\/#\/schema\/logo\/image\/","url":"https:\/\/www.pilgrim.es\/wp-content\/uploads\/2019\/04\/logo_pilgrim.png","contentUrl":"https:\/\/www.pilgrim.es\/wp-content\/uploads\/2019\/04\/logo_pilgrim.png","width":512,"height":512,"caption":"Pilgrim Camino de Santiago"},"image":{"@id":"https:\/\/www.pilgrim.es\/de\/#\/schema\/logo\/image\/"},"sameAs":["https:\/\/www.facebook.com\/pilgrim.es\/","https:\/\/x.com\/pilgrim_es","https:\/\/www.instagram.com\/pilgrim.es\/","https:\/\/www.linkedin.com\/company\/pilgrim-camino-de-santiago\/","https:\/\/www.pinterest.es\/pilgrimcaminodesantiago\/","https:\/\/www.youtube.com\/channel\/UCIv2ZzFLXVqthkNF32rKedw\/featured"]}]}},"_links":{"self":[{"href":"https:\/\/www.pilgrim.es\/de\/wp-json\/wp\/v2\/pages\/97974","targetHints":{"allow":["GET"]}}],"collection":[{"href":"https:\/\/www.pilgrim.es\/de\/wp-json\/wp\/v2\/pages"}],"about":[{"href":"https:\/\/www.pilgrim.es\/de\/wp-json\/wp\/v2\/types\/page"}],"author":[{"embeddable":true,"href":"https:\/\/www.pilgrim.es\/de\/wp-json\/wp\/v2\/users\/4"}],"replies":[{"embeddable":true,"href":"https:\/\/www.pilgrim.es\/de\/wp-json\/wp\/v2\/comments?post=97974"}],"version-history":[{"count":12,"href":"https:\/\/www.pilgrim.es\/de\/wp-json\/wp\/v2\/pages\/97974\/revisions"}],"predecessor-version":[{"id":123399,"href":"https:\/\/www.pilgrim.es\/de\/wp-json\/wp\/v2\/pages\/97974\/revisions\/123399"}],"up":[{"embeddable":true,"href":"https:\/\/www.pilgrim.es\/de\/wp-json\/wp\/v2\/pages\/10665"}],"wp:attachment":[{"href":"https:\/\/www.pilgrim.es\/de\/wp-json\/wp\/v2\/media?parent=97974"}],"wp:term":[{"taxonomy":"category","embeddable":true,"href":"https:\/\/www.pilgrim.es\/de\/wp-json\/wp\/v2\/categories?post=97974"},{"taxonomy":"post_tag","embeddable":true,"href":"https:\/\/www.pilgrim.es\/de\/wp-json\/wp\/v2\/tags?post=97974"}],"curies":[{"name":"wp","href":"https:\/\/api.w.org\/{rel}","templated":true}]}}