{"id":96081,"date":"2025-03-25T09:55:03","date_gmt":"2025-03-25T09:55:03","guid":{"rendered":"https:\/\/www.pilgrim.es\/?page_id=96081"},"modified":"2025-11-20T15:37:59","modified_gmt":"2025-11-20T15:37:59","slug":"etappe-20-villaviciosa-gijon","status":"publish","type":"page","link":"https:\/\/www.pilgrim.es\/de\/weg-im-norden\/etappe-20-villaviciosa-gijon\/","title":{"rendered":"Weg im Norden | Etappe 20: Villaviciosa &#8211; Gij\u00f3n"},"content":{"rendered":"\n<section id=\"heroStage\">\n    <h1>Weg im Norden &#8231; Etappe 20<\/h1>\n    <div>\n        <div class=\"hero\" data-background=\"https:\/\/cdn.pilgrim.es\/web\/caminos\/camino-norte\/pueblos\/villaviciosa.jpg\">\n            <div class=\" hero__container\">\n                <div class=\"hero__container__labels\">\n                    <p>zu Fu\u00df<\/p>\n                    <p>35 etappen \/ 804 kms<\/p>\n                <\/div>\n                <div class=\"hero__container__stage-name\">\n                    <h2>\n                        Villaviciosa <br \/>\n                        <span>&#10093;<\/span>\n                        Gij\u00f3n\n                    <\/h2>\n                    <p>29,8 Km<\/p>\n                <\/div>\n                <div class=\"hero__container__stage-changer\">\n                    <div class=\"stage-control\">\n                        <a class=\"stage-control__link\"\n                            href=\"https:\/\/www.pilgrim.es\/de\/weg-im-norden\/etappe-19-colunga-villaviciosa\/\"><span>&#10094;<\/span> Etappe 19<\/a>\n                    <\/div>\n                    <div class=\"stage-control\">\n                        <a class=\"stage-control__link\" href=\"https:\/\/www.pilgrim.es\/de\/weg-im-norden\/etappe-21-gijon-aviles\/\">Etappe 21\n                            <span>&#10095;<\/span><\/a>\n                    <\/div>\n                <\/div>\n            <\/div>\n        <\/div>\n        <div class=\"planner\"><div\r\n  class=\"p-col-span-1 p-rounded-lg p-px-5 p-h-full\"\r\n  style=\"background-image: url('https:\/\/cdn.pilgrim.es\/web\/pilgrim-planner\/bg-plugin-planificador.webp')\"\r\n  rel=\"preload\"\r\n  fetchpriority=\"high\"\r\n  >\r\n    <div class=\"p-text-center p-pt-5 p-text-white p-text-2xl p-font-semibold\">\r\n      Plane deinen Weg    <\/div>\r\n    <div\r\n            id='primary-app'\r\n            data-name='banner'\r\n            data-api='https:\/\/pathfinder.pilgrim.es\/api\/pathfinder\/v2'\r\n            data-mode='normal'\r\n            data-lang='de'\r\n            data-route='1'\r\n            data-destiny='https:\/\/planificador.pilgrim.es'\r\n            data-modality='1'\r\n            data-inline=''\r\n        ><\/div><\/div><\/div>\n    <\/div>\n<\/section>\n\n<section id=\"scoreBarsStage\">\n    <section>\r\n  <div class=\"p-flex p-flex-nowrap p-space-x-4 p-py-5 p-overflow-x-auto md:p-grid md:p-grid-cols-3 lg:p-grid-cols-5 md:p-gap-8 md:p-space-x-0 md:p-overflow-hidden scrollbar-thin\">\r\n    <div class=\"p-grid p-grid-cols-4 p-shrink-0 p-w-72 p-snap-start md:p-w-full\">\r\n        <div class=\"p-col-span-1 p-self-center p-text-center p-text-3xl\">\r\n            <i class=\"icon-influx\"><\/i>\r\n        <\/div>\r\n        <div class=\"p-col-span-3 p-flex p-flex-col p-items-start\">\r\n            <div class=\"p-text-start p-text-secondary p-mb-1 p-bold\"> Zustrom <\/div>\r\n            <div class=\"p-w-full p-bg-light p-rounded-full p-h-2 p-relative\">\r\n                <div class=\"p-bg-primary p-h-2 p-rounded-full p-absolute\" style=\"width: 40%;\"><\/div>\r\n            <\/div>\r\n        <\/div>\r\n    <\/div>\r\n\r\n    <div class=\"p-grid p-grid-cols-4 p-shrink-0 p-w-72 p-snap-start md:p-w-full\">\r\n        <div class=\"p-col-span-1 p-self-center p-text-center p-text-3xl\">\r\n            <i class=\"icon-difficulty\"><\/i>\r\n        <\/div>\r\n        <div class=\"p-col-span-3 p-flex p-flex-col p-items-start\">\r\n            <div class=\"p-text-start p-text-secondary p-mb-1 p-bold\"> Schwierigkeitsgrad <\/div>\r\n            <div class=\"p-w-full p-bg-light p-rounded-full p-h-2 p-relative\">\r\n                <div class=\"p-bg-primary p-h-2 p-rounded-full p-absolute\" style=\"width: 80%;\"><\/div>\r\n            <\/div>\r\n        <\/div>\r\n    <\/div>\r\n\r\n    <div class=\"p-grid p-grid-cols-4 p-shrink-0 p-w-72 p-snap-start md:p-w-full\">\r\n        <div class=\"p-col-span-1 p-self-center p-text-center p-text-3xl\">\r\n            <i class=\"icon-patrimony\"><\/i>\r\n        <\/div>\r\n        <div class=\"p-col-span-3 p-flex p-flex-col p-items-start\">\r\n            <div class=\"p-text-start p-text-secondary p-mb-1 p-bold\"> Kunst\/Geschichte <\/div>\r\n            <div class=\"p-w-full p-bg-light p-rounded-full p-h-2 p-relative\">\r\n                <div class=\"p-bg-primary p-h-2 p-rounded-full p-absolute\" style=\"width: 60%;\"><\/div>\r\n            <\/div>\r\n        <\/div>\r\n    <\/div>\r\n\r\n    <div class=\"p-grid p-grid-cols-4 p-shrink-0 p-w-72 p-snap-start md:p-w-full\">\r\n        <div class=\"p-col-span-1 p-self-center p-text-center p-text-3xl\">\r\n            <i class=\"icon-nature\"><\/i>\r\n        <\/div>\r\n        <div class=\"p-col-span-3 p-flex p-flex-col p-items-start\">\r\n            <div class=\"p-text-start p-text-secondary p-mb-1 p-bold\"> Natur <\/div>\r\n            <div class=\"p-w-full p-bg-light p-rounded-full p-h-2 p-relative\">\r\n                <div class=\"p-bg-primary p-h-2 p-rounded-full p-absolute\" style=\"width: 60%;\"><\/div>\r\n            <\/div>\r\n        <\/div>\r\n    <\/div>\r\n\r\n    <div class=\"p-grid p-grid-cols-4 p-shrink-0 p-w-72 p-snap-start md:p-w-full\">\r\n        <div class=\"p-col-span-1 p-self-center p-text-center p-text-3xl\">\r\n            <i class=\"icon-urban\"><\/i>\r\n        <\/div>\r\n        <div class=\"p-col-span-3 p-flex p-flex-col p-items-start\">\r\n            <div class=\"p-text-start p-text-secondary p-mb-1 p-bold\"> St\u00e4dtischer Weg <\/div>\r\n            <div class=\"p-w-full p-bg-light p-rounded-full p-h-2 p-relative\">\r\n                <div class=\"p-bg-primary p-h-2 p-rounded-full p-absolute\" style=\"width: 20%;\"><\/div>\r\n            <\/div>\r\n        <\/div>\r\n    <\/div>\r\n  <\/div>\r\n<\/section>\n<\/section>\n\n<div id=\"stage-list-section\"><div class=\"stage-list\">\n    <div class='stage-list__map-card'>\n        <div class='stage-list__map-card__map'>\n            <div class='stage-list__map-card__map__text'>\n                <h2> Pages <\/h2>\n                <p> Zu Fu\u00df<\/p>\n                <p> 0etappen<\/p>\n            <\/div>\n            <div class='stage-list__map-card__map__img'>\n                <img decoding=\"async\" src=\"\" alt=\" mapa \" \/>\n            <\/div>\n        <\/div>\n    <\/div>\n\n    <\/div>\n<\/div>\n\n<section id=\"navStage\">\n    <div>\n        <nav id=\"tab-navigation-section\" class=\"tab-navigation-section--cols-4\">\n            <a href=\"#infoSection\" class=\"active\">Informationen<\/a>\n            <a href=\"#profileSection\">Profil<\/a>\n            <a href=\"#itinerarySection\">Reiseplan<\/a>\n            <a href=\"#locationsSection\">\u00d6rtlichkeiten<\/a>\n        <\/nav>\n\n        <div id=\"infoSection\">\n            <!-- Title Section with Orange Line -->\n            <div>\n                <h4 class=\"p-h4--section\">Informationen<\/h4>\n                <hr class=\"orange-bar\" \/>\n                <h3 class=\"p-h3\">Auf dieser Etappe<\/h3>\n            <\/div>\n\n            <!-- Main Content Section -->\n            <p>\n                Heute steht uns eine der schwierigsten Etappen des gesamten Weges bevor, mit zwei steilen Anstiegen und\n                einer langen Einfahrt nach Gij\u00f3n. Wenn wir das Dorf Casquita erreichen, m\u00fcssen wir uns entscheiden, ob\n                wir den primitiven Weg nach Oviedo nehmen oder auf dem Camino del Norte weitergehen und die K\u00fcstenstadt\n                Gij\u00f3n besuchen. Diese Entscheidung wird den weiteren Verlauf unserer Route pr\u00e4gen.\n            <\/p>\n\n            <div class=\"recomendation-card\">\n                <div>\n                    <i class=\"icon-logo-pilgrim\"><\/i>\n                    <h5>Empfehlung f\u00fcr Pilgrim<\/h5>\n                <\/div>\n\n                <p>\n                    Sowohl Gij\u00f3n als auch Oviedo sind aufgrund ihrer Gastfreundschaft, ihrer reichhaltigen K\u00fcche und der\n                    vielen Interessenspunkte und Sehensw\u00fcrdigkeiten einen Besuch wert. Diese Etappe weist keine\n                    zus\u00e4tzlichen Schwierigkeiten f\u00fcr Radfahrer oder Personen mit eingeschr\u00e4nkter Bewegungsfreiheit auf.\n                <\/p>\n            <\/div>\n        <\/div>\n\n        <div id=\"profileSection\">\n            <div>\n                <h4 class=\"p-h4--section\">Entfernung und H\u00f6henlage<\/h4>\n                <hr class=\"orange-bar\" \/>\n                <h3 class=\"p-h3\">B\u00fchnenprofil<\/h3>\n                <img decoding=\"async\" src=\"https:\/\/cdn.pilgrim.es\/web\/caminos\/camino-norte\/etapas\/etapa-20\/etapa20-perfil-villaviciosa-gijon.jpg\"\n                    alt=\"B\u00fchnenprofil\" \/>\n            <\/div>\n        <\/div>\n\n        <div id=\"itinerarySection\">\n            <h4 class=\"p-h4--section\">Route<\/h4>\n            <hr \/>\n            <h3 class=\"p-h3\">Reiseplan<\/h3>\n            <div>\n                <h4>Km 0 &#8231; Villaviciosa<\/h4>\n                <p>\n                    Nachdem wir das Stadtzentrum durchquert haben, verlassen wir die Stra\u00dfe in Richtung Infiesto und\n                    kommen kurz darauf durch den Alameda-Park, der vom Fluss Linares durchflossen wird. Wir \u00fcberqueren\n                    die Br\u00fccke von San Juan und durchqueren dann die Stadtteile La Parra und Casquita, ein\n                    symboltr\u00e4chtiger Punkt auf dieser Reise, denn hier teilt sich der N\u00f6rdliche Weg in die primitive\n                    Route und die eigentliche n\u00f6rdliche Route, die wir dieses Mal gew\u00e4hlt haben.\n                <\/p>\n                <!-- <a class=\"town-link\" href=\"\/de\/weg-im-norden\/villaviciosa\/\"> -->\n                <div class=\"town-link__link-content\">\n                    <div class=\"town-link__link-content__text\">\n                        <p>Lokale Informationen<\/p>\n                        <p>Polizei, medizinische Versorgung, Sehenswertes, Essen&#8230;<\/p>\n                    <\/div>\n                    <div class=\"town-link__link-content__town-btn\">\n                        <i class=\"icon-arrow\"><\/i>\n                    <\/div>\n                <\/div>\n                <!-- <\/a> -->\n            <\/div>\n            <hr \/>\n            <div>\n                <h4>Km 3,7 &#8231; Casquita<\/h4>\n                <p>\n                    Auf dem Weg nach Gij\u00f3n fahren wir geradeaus weiter nach Grases de Abajo und Ni\u00e9veres, das wir nach\n                    wenigen Kilometern erreichen. Von hier aus geht es weiter auf der VV-9 bis zum Alto de la Cruz,\n                    einem harten Anstieg, der unsere k\u00f6rperliche Ausdauer auf die Probe stellt. Die Aussicht auf die\n                    T\u00e4ler von Pe\u00f3n und Boides l\u00e4dt zum Verschnaufen ein. Von hier aus folgen wir der gleichen Stra\u00dfe,\n                    nun bergab und auf der gegen\u00fcberliegenden Seite des Gebirgszuges, in Richtung Pe\u00f3n-Tal.\n                <\/p>\n            <\/div>\n            <hr \/>\n            <div>\n                <h4>Km 15,2 &#8231; Pe\u00f3n<\/h4>\n                <p>\n                    Als es schien, dass wir mit dem Abstieg aufgeh\u00f6rt haben, beginnen wir einen neuen Aufstieg, in\n                    diesem Fall zum Gipfel des Curbiello. Die Route f\u00fchrt nicht am nahe gelegenen Palacio de los\n                    Cienfuegos de Jovellanos vorbei. Auf der AS-331 gehen wir weiter auf dem alten Cam\u00edn Real de Pe\u00f3n,\n                    einem Weg, der die Strecke zwischen Villaviciosa und Gij\u00f3n zur\u00fccklegte und die D\u00f6rfer B\u00e1rcena,\n                    Requexo&#8230; durchquert. Ein St\u00fcck weiter biegen wir vor einer Kapelle nach rechts ab. Bei der\n                    Ortschaft La Olla biegen wir links ab, \u00fcberqueren die Autobahn und fahren auf der Suche nach der\n                    AS-331 wieder auf Landstra\u00dfen. Wir fahren geradeaus weiter, bis wir den Campingplatz Deva erreichen.\n                <\/p>\n            <\/div>\n            <hr \/>\n            <div>\n                <h4>Km 21,8 &#8231; Deva (Gij\u00f3n)<\/h4>\n                <p>\n                    Nach knapp vier Kilometern erreichen wir den Campingplatz Deva, der sich am Stadtrand von Gij\u00f3n\n                    befindet. Zu diesem Zeitpunkt haben wir bereits mehr als zwanzig Kilometer zur\u00fcckgelegt, aber wir\n                    m\u00fcssen hinunter in die Stadt, dem Ziel der heutigen Etappe, wo wir ihre zahlreichen touristischen\n                    Attraktionen besichtigen k\u00f6nnen; vom Stadtzentrum trennen uns etwa sechs Kilometer, die wir entlang\n                    der Senda de Pe\u00f1afrancia zur\u00fccklegen m\u00fcssen.\n                <\/p>\n            <\/div>\n            <hr \/>\n            <div>\n                <h4>Km 29,8 &#8231; Gij\u00f3n<\/h4>\n                <a class=\"town-link\" href=\"https:\/\/www.pilgrim.es\/de\/weg-im-norden\/gijon\/\">\n                    <div class=\"town-link__link-content\">\n                        <div class=\"town-link__link-content__text\">\n                            <p>Lokale Informationen<\/p>\n                            <p>Polizei, medizinische Versorgung, Sehenswertes, Essen&#8230;<\/p>\n                        <\/div>\n                        <div class=\"town-link__link-content__town-btn\">\n                            <i class=\"icon-arrow\"><\/i>\n                        <\/div>\n                    <\/div>\n                <\/a>\n            <\/div>\n        <\/div>\n\n        <div id=\"locationsSection\">\n            <h4 class=\"p-h4--section\">\u00d6rtlichkeiten<\/h4>\n            <hr \/>\n            <h3 class=\"p-h3\">D\u00f6rfer<\/h3>\n            <div class=\"grid-container\">\n                <div class=\"p-group p-hidden card-stage p-max-w-full\">\n                    <a href=\"\" class=\"town-card\">\n                        <div class=\"card-stage__header\">\n                            <img decoding=\"async\" src=\"https:\/\/cdn.pilgrim.es\/web\/caminos\/camino-norte\/pueblos\/villaviciosa.jpg\"\n                                alt=\"Villaviciosa\" class=\"group-hover:p-scale-110\" \/>\n                            <div class=\"card-overlay group-hover:p-opacity-50\"><\/div>\n                        <\/div>\n                        <div class=\"town-card__flex-container\">\n                            <div class=\"town-card__flex-container__info\">\n                                <h4>Villaviciosa<\/h4>\n                                <p>Provinz: Asturias<\/p>\n                            <\/div>\n                            <div class=\"town-card__flex-container__btn\">\n                                <i class=\"icon-arrow\"><\/i>\n                            <\/div>\n                        <\/div>\n                    <\/a>\n                <\/div>\n                <div class=\"p-group card-stage p-max-w-full\">\n                    <a href=\"https:\/\/www.pilgrim.es\/de\/weg-im-norden\/gijon\/\" class=\"town-card\">\n                        <div class=\"card-stage__header\">\n                            <img decoding=\"async\" src=\"https:\/\/cdn.pilgrim.es\/web\/caminos\/camino-norte\/pueblos\/gijon.jpg\" alt=\"Gij\u00f3n\"\n                                class=\"group-hover:p-scale-110\" \/>\n                            <div class=\"card-overlay group-hover:p-opacity-50\"><\/div>\n                        <\/div>\n                        <div class=\"town-card__flex-container\">\n                            <div class=\"town-card__flex-container__info\">\n                                <h4>Gij\u00f3n<\/h4>\n                                <p>Provinz: Asturias<\/p>\n                            <\/div>\n                            <div class=\"town-card__flex-container__btn\">\n                                <i class=\"icon-arrow\"><\/i>\n                            <\/div>\n                        <\/div>\n                    <\/a>\n                <\/div>\n            <\/div>\n        <\/div>\n        <hr class=\"single-bar\" \/>\n    <\/div>\n<\/section>\n\n<section id=\"stageChange\">\n    <div>\n        <a href=\"https:\/\/www.pilgrim.es\/de\/weg-im-norden\/etappe-19-colunga-villaviciosa\/\" class=\"change-btn\">\n            <div class=\"btn-arrow previous\">\n                <i class=\"icon-arrow\"><\/i>\n            <\/div>\n            <div class=\"change-btn__info\">\n                <div>Etappe 19<\/div>\n                <p>\n                    Colunga &#10095; <br \/>\n                    Villaviciosa\n                <\/p>\n            <\/div>\n        <\/a>\n        <a href=\"https:\/\/www.pilgrim.es\/de\/weg-im-norden\/etappe-21-gijon-aviles\/\" class=\"change-btn\">\n            <div class=\"change-btn__info\">\n                <div>Etappe 21<\/div>\n                <p>\n                    Gij\u00f3n &#10095; <br \/>\n                    Avil\u00e9s\n                <\/p>\n            <\/div>\n            <div class=\"btn-arrow\">\n                <i class=\"icon-arrow\"><\/i>\n            <\/div>\n        <\/a>\n    <\/div>\n<\/section>\n","protected":false},"excerpt":{"rendered":"<p>Weg im Norden &#8231; Etappe 20 zu Fu\u00df 35 etappen \/ 804 kms Villaviciosa &#10093; Gij\u00f3n 29,8 Km &#10094; Etappe 19 Etappe 21 &#10095; Informationen Profil Reiseplan \u00d6rtlichkeiten Informationen Auf dieser Etappe Heute steht uns eine der schwierigsten Etappen des gesamten Weges bevor, mit zwei steilen Anstiegen und einer langen Einfahrt nach Gij\u00f3n. Wenn wir &hellip; <\/p>\n<p class=\"read_more\"><a href=\"https:\/\/www.pilgrim.es\/de\/weg-im-norden\/etappe-20-villaviciosa-gijon\/\">Leer m\u00e1s<\/a><\/p>\n","protected":false},"author":1,"featured_media":0,"parent":10670,"menu_order":0,"comment_status":"closed","ping_status":"closed","template":"views\/template-new-web-design.blade.php","meta":{"footnotes":""},"categories":[],"tags":[],"class_list":["post-96081","page","type-page","status-publish","hentry"],"yoast_head":"<!-- This site is optimized with the Yoast SEO plugin v27.4 - https:\/\/yoast.com\/product\/yoast-seo-wordpress\/ -->\n<title>Weg im Norden | Etappe 20: Villaviciosa - Gij\u00f3n - Pilgrim<\/title>\n<meta name=\"robots\" content=\"index, follow, max-snippet:-1, max-image-preview:large, max-video-preview:-1\" \/>\n<link rel=\"canonical\" href=\"https:\/\/www.pilgrim.es\/de\/weg-im-norden\/etappe-20-villaviciosa-gijon\/\" \/>\n<meta property=\"og:locale\" content=\"de_DE\" \/>\n<meta property=\"og:type\" content=\"article\" \/>\n<meta property=\"og:title\" content=\"Weg im Norden | Etappe 20: Villaviciosa - Gij\u00f3n - Pilgrim\" \/>\n<meta property=\"og:description\" content=\"Weg im Norden &#8231; Etappe 20 zu Fu\u00df 35 etappen \/ 804 kms Villaviciosa &#10093; Gij\u00f3n 29,8 Km &#10094; Etappe 19 Etappe 21 &#10095; Informationen Profil Reiseplan \u00d6rtlichkeiten Informationen Auf dieser Etappe Heute steht uns eine der schwierigsten Etappen des gesamten Weges bevor, mit zwei steilen Anstiegen und einer langen Einfahrt nach Gij\u00f3n. Wenn wir &hellip; Leer m\u00e1s\" \/>\n<meta property=\"og:url\" content=\"https:\/\/www.pilgrim.es\/de\/weg-im-norden\/etappe-20-villaviciosa-gijon\/\" \/>\n<meta property=\"og:site_name\" content=\"Pilgrim\" \/>\n<meta property=\"article:publisher\" content=\"https:\/\/www.facebook.com\/pilgrim.es\/\" \/>\n<meta property=\"article:modified_time\" content=\"2025-11-20T15:37:59+00:00\" \/>\n<meta property=\"og:image\" content=\"https:\/\/cdn.pilgrim.es\/web\/caminos\/camino-norte\/etapas\/etapa-20\/etapa20-perfil-villaviciosa-gijon.jpg\" \/>\n<meta name=\"twitter:card\" content=\"summary_large_image\" \/>\n<meta name=\"twitter:site\" content=\"@pilgrim_es\" \/>\n<meta name=\"twitter:label1\" content=\"Gesch\u00e4tzte Lesezeit\" \/>\n\t<meta name=\"twitter:data1\" content=\"3\u00a0Minuten\" \/>\n<script type=\"application\/ld+json\" class=\"yoast-schema-graph\">{\"@context\":\"https:\\\/\\\/schema.org\",\"@graph\":[{\"@type\":\"WebPage\",\"@id\":\"https:\\\/\\\/www.pilgrim.es\\\/de\\\/weg-im-norden\\\/etappe-20-villaviciosa-gijon\\\/\",\"url\":\"https:\\\/\\\/www.pilgrim.es\\\/de\\\/weg-im-norden\\\/etappe-20-villaviciosa-gijon\\\/\",\"name\":\"Weg im Norden | Etappe 20: Villaviciosa - Gij\u00f3n - Pilgrim\",\"isPartOf\":{\"@id\":\"https:\\\/\\\/www.pilgrim.es\\\/de\\\/#website\"},\"primaryImageOfPage\":{\"@id\":\"https:\\\/\\\/www.pilgrim.es\\\/de\\\/weg-im-norden\\\/etappe-20-villaviciosa-gijon\\\/#primaryimage\"},\"image\":{\"@id\":\"https:\\\/\\\/www.pilgrim.es\\\/de\\\/weg-im-norden\\\/etappe-20-villaviciosa-gijon\\\/#primaryimage\"},\"thumbnailUrl\":\"https:\\\/\\\/cdn.pilgrim.es\\\/web\\\/caminos\\\/camino-norte\\\/etapas\\\/etapa-20\\\/etapa20-perfil-villaviciosa-gijon.jpg\",\"datePublished\":\"2025-03-25T09:55:03+00:00\",\"dateModified\":\"2025-11-20T15:37:59+00:00\",\"breadcrumb\":{\"@id\":\"https:\\\/\\\/www.pilgrim.es\\\/de\\\/weg-im-norden\\\/etappe-20-villaviciosa-gijon\\\/#breadcrumb\"},\"inLanguage\":\"de\",\"potentialAction\":[{\"@type\":\"ReadAction\",\"target\":[\"https:\\\/\\\/www.pilgrim.es\\\/de\\\/weg-im-norden\\\/etappe-20-villaviciosa-gijon\\\/\"]}]},{\"@type\":\"ImageObject\",\"inLanguage\":\"de\",\"@id\":\"https:\\\/\\\/www.pilgrim.es\\\/de\\\/weg-im-norden\\\/etappe-20-villaviciosa-gijon\\\/#primaryimage\",\"url\":\"https:\\\/\\\/cdn.pilgrim.es\\\/web\\\/caminos\\\/camino-norte\\\/etapas\\\/etapa-20\\\/etapa20-perfil-villaviciosa-gijon.jpg\",\"contentUrl\":\"https:\\\/\\\/cdn.pilgrim.es\\\/web\\\/caminos\\\/camino-norte\\\/etapas\\\/etapa-20\\\/etapa20-perfil-villaviciosa-gijon.jpg\"},{\"@type\":\"BreadcrumbList\",\"@id\":\"https:\\\/\\\/www.pilgrim.es\\\/de\\\/weg-im-norden\\\/etappe-20-villaviciosa-gijon\\\/#breadcrumb\",\"itemListElement\":[{\"@type\":\"ListItem\",\"position\":1,\"name\":\"Camino de Santiago\",\"item\":\"https:\\\/\\\/www.pilgrim.es\\\/de\\\/\"},{\"@type\":\"ListItem\",\"position\":2,\"name\":\"Weg im Norden\",\"item\":\"https:\\\/\\\/www.pilgrim.es\\\/de\\\/weg-im-norden\\\/\"},{\"@type\":\"ListItem\",\"position\":3,\"name\":\"Weg im Norden | Etappe 20: Villaviciosa &#8211; Gij\u00f3n\"}]},{\"@type\":\"WebSite\",\"@id\":\"https:\\\/\\\/www.pilgrim.es\\\/de\\\/#website\",\"url\":\"https:\\\/\\\/www.pilgrim.es\\\/de\\\/\",\"name\":\"Pilgrim\",\"description\":\"Camino de Santiago | Caminamos Contigo\",\"publisher\":{\"@id\":\"https:\\\/\\\/www.pilgrim.es\\\/de\\\/#organization\"},\"potentialAction\":[{\"@type\":\"SearchAction\",\"target\":{\"@type\":\"EntryPoint\",\"urlTemplate\":\"https:\\\/\\\/www.pilgrim.es\\\/de\\\/?s={search_term_string}\"},\"query-input\":{\"@type\":\"PropertyValueSpecification\",\"valueRequired\":true,\"valueName\":\"search_term_string\"}}],\"inLanguage\":\"de\"},{\"@type\":\"Organization\",\"@id\":\"https:\\\/\\\/www.pilgrim.es\\\/de\\\/#organization\",\"name\":\"Pilgrim Camino de Santiago\",\"url\":\"https:\\\/\\\/www.pilgrim.es\\\/de\\\/\",\"logo\":{\"@type\":\"ImageObject\",\"inLanguage\":\"de\",\"@id\":\"https:\\\/\\\/www.pilgrim.es\\\/de\\\/#\\\/schema\\\/logo\\\/image\\\/\",\"url\":\"https:\\\/\\\/www.pilgrim.es\\\/wp-content\\\/uploads\\\/2019\\\/04\\\/logo_pilgrim.png\",\"contentUrl\":\"https:\\\/\\\/www.pilgrim.es\\\/wp-content\\\/uploads\\\/2019\\\/04\\\/logo_pilgrim.png\",\"width\":512,\"height\":512,\"caption\":\"Pilgrim Camino de Santiago\"},\"image\":{\"@id\":\"https:\\\/\\\/www.pilgrim.es\\\/de\\\/#\\\/schema\\\/logo\\\/image\\\/\"},\"sameAs\":[\"https:\\\/\\\/www.facebook.com\\\/pilgrim.es\\\/\",\"https:\\\/\\\/x.com\\\/pilgrim_es\",\"https:\\\/\\\/www.instagram.com\\\/pilgrim.es\\\/\",\"https:\\\/\\\/www.linkedin.com\\\/company\\\/pilgrim-camino-de-santiago\\\/\",\"https:\\\/\\\/www.pinterest.es\\\/pilgrimcaminodesantiago\\\/\",\"https:\\\/\\\/www.youtube.com\\\/channel\\\/UCIv2ZzFLXVqthkNF32rKedw\\\/featured\"]}]}<\/script>\n<!-- \/ Yoast SEO plugin. -->","yoast_head_json":{"title":"Weg im Norden | Etappe 20: Villaviciosa - Gij\u00f3n - Pilgrim","robots":{"index":"index","follow":"follow","max-snippet":"max-snippet:-1","max-image-preview":"max-image-preview:large","max-video-preview":"max-video-preview:-1"},"canonical":"https:\/\/www.pilgrim.es\/de\/weg-im-norden\/etappe-20-villaviciosa-gijon\/","og_locale":"de_DE","og_type":"article","og_title":"Weg im Norden | Etappe 20: Villaviciosa - Gij\u00f3n - Pilgrim","og_description":"Weg im Norden &#8231; Etappe 20 zu Fu\u00df 35 etappen \/ 804 kms Villaviciosa &#10093; Gij\u00f3n 29,8 Km &#10094; Etappe 19 Etappe 21 &#10095; Informationen Profil Reiseplan \u00d6rtlichkeiten Informationen Auf dieser Etappe Heute steht uns eine der schwierigsten Etappen des gesamten Weges bevor, mit zwei steilen Anstiegen und einer langen Einfahrt nach Gij\u00f3n. Wenn wir &hellip; Leer m\u00e1s","og_url":"https:\/\/www.pilgrim.es\/de\/weg-im-norden\/etappe-20-villaviciosa-gijon\/","og_site_name":"Pilgrim","article_publisher":"https:\/\/www.facebook.com\/pilgrim.es\/","article_modified_time":"2025-11-20T15:37:59+00:00","og_image":[{"url":"https:\/\/cdn.pilgrim.es\/web\/caminos\/camino-norte\/etapas\/etapa-20\/etapa20-perfil-villaviciosa-gijon.jpg","type":"","width":"","height":""}],"twitter_card":"summary_large_image","twitter_site":"@pilgrim_es","twitter_misc":{"Gesch\u00e4tzte Lesezeit":"3\u00a0Minuten"},"schema":{"@context":"https:\/\/schema.org","@graph":[{"@type":"WebPage","@id":"https:\/\/www.pilgrim.es\/de\/weg-im-norden\/etappe-20-villaviciosa-gijon\/","url":"https:\/\/www.pilgrim.es\/de\/weg-im-norden\/etappe-20-villaviciosa-gijon\/","name":"Weg im Norden | Etappe 20: Villaviciosa - Gij\u00f3n - Pilgrim","isPartOf":{"@id":"https:\/\/www.pilgrim.es\/de\/#website"},"primaryImageOfPage":{"@id":"https:\/\/www.pilgrim.es\/de\/weg-im-norden\/etappe-20-villaviciosa-gijon\/#primaryimage"},"image":{"@id":"https:\/\/www.pilgrim.es\/de\/weg-im-norden\/etappe-20-villaviciosa-gijon\/#primaryimage"},"thumbnailUrl":"https:\/\/cdn.pilgrim.es\/web\/caminos\/camino-norte\/etapas\/etapa-20\/etapa20-perfil-villaviciosa-gijon.jpg","datePublished":"2025-03-25T09:55:03+00:00","dateModified":"2025-11-20T15:37:59+00:00","breadcrumb":{"@id":"https:\/\/www.pilgrim.es\/de\/weg-im-norden\/etappe-20-villaviciosa-gijon\/#breadcrumb"},"inLanguage":"de","potentialAction":[{"@type":"ReadAction","target":["https:\/\/www.pilgrim.es\/de\/weg-im-norden\/etappe-20-villaviciosa-gijon\/"]}]},{"@type":"ImageObject","inLanguage":"de","@id":"https:\/\/www.pilgrim.es\/de\/weg-im-norden\/etappe-20-villaviciosa-gijon\/#primaryimage","url":"https:\/\/cdn.pilgrim.es\/web\/caminos\/camino-norte\/etapas\/etapa-20\/etapa20-perfil-villaviciosa-gijon.jpg","contentUrl":"https:\/\/cdn.pilgrim.es\/web\/caminos\/camino-norte\/etapas\/etapa-20\/etapa20-perfil-villaviciosa-gijon.jpg"},{"@type":"BreadcrumbList","@id":"https:\/\/www.pilgrim.es\/de\/weg-im-norden\/etappe-20-villaviciosa-gijon\/#breadcrumb","itemListElement":[{"@type":"ListItem","position":1,"name":"Camino de Santiago","item":"https:\/\/www.pilgrim.es\/de\/"},{"@type":"ListItem","position":2,"name":"Weg im Norden","item":"https:\/\/www.pilgrim.es\/de\/weg-im-norden\/"},{"@type":"ListItem","position":3,"name":"Weg im Norden | Etappe 20: Villaviciosa &#8211; Gij\u00f3n"}]},{"@type":"WebSite","@id":"https:\/\/www.pilgrim.es\/de\/#website","url":"https:\/\/www.pilgrim.es\/de\/","name":"Pilgrim","description":"Camino de Santiago | Caminamos Contigo","publisher":{"@id":"https:\/\/www.pilgrim.es\/de\/#organization"},"potentialAction":[{"@type":"SearchAction","target":{"@type":"EntryPoint","urlTemplate":"https:\/\/www.pilgrim.es\/de\/?s={search_term_string}"},"query-input":{"@type":"PropertyValueSpecification","valueRequired":true,"valueName":"search_term_string"}}],"inLanguage":"de"},{"@type":"Organization","@id":"https:\/\/www.pilgrim.es\/de\/#organization","name":"Pilgrim Camino de Santiago","url":"https:\/\/www.pilgrim.es\/de\/","logo":{"@type":"ImageObject","inLanguage":"de","@id":"https:\/\/www.pilgrim.es\/de\/#\/schema\/logo\/image\/","url":"https:\/\/www.pilgrim.es\/wp-content\/uploads\/2019\/04\/logo_pilgrim.png","contentUrl":"https:\/\/www.pilgrim.es\/wp-content\/uploads\/2019\/04\/logo_pilgrim.png","width":512,"height":512,"caption":"Pilgrim Camino de Santiago"},"image":{"@id":"https:\/\/www.pilgrim.es\/de\/#\/schema\/logo\/image\/"},"sameAs":["https:\/\/www.facebook.com\/pilgrim.es\/","https:\/\/x.com\/pilgrim_es","https:\/\/www.instagram.com\/pilgrim.es\/","https:\/\/www.linkedin.com\/company\/pilgrim-camino-de-santiago\/","https:\/\/www.pinterest.es\/pilgrimcaminodesantiago\/","https:\/\/www.youtube.com\/channel\/UCIv2ZzFLXVqthkNF32rKedw\/featured"]}]}},"_links":{"self":[{"href":"https:\/\/www.pilgrim.es\/de\/wp-json\/wp\/v2\/pages\/96081","targetHints":{"allow":["GET"]}}],"collection":[{"href":"https:\/\/www.pilgrim.es\/de\/wp-json\/wp\/v2\/pages"}],"about":[{"href":"https:\/\/www.pilgrim.es\/de\/wp-json\/wp\/v2\/types\/page"}],"author":[{"embeddable":true,"href":"https:\/\/www.pilgrim.es\/de\/wp-json\/wp\/v2\/users\/1"}],"replies":[{"embeddable":true,"href":"https:\/\/www.pilgrim.es\/de\/wp-json\/wp\/v2\/comments?post=96081"}],"version-history":[{"count":5,"href":"https:\/\/www.pilgrim.es\/de\/wp-json\/wp\/v2\/pages\/96081\/revisions"}],"predecessor-version":[{"id":138132,"href":"https:\/\/www.pilgrim.es\/de\/wp-json\/wp\/v2\/pages\/96081\/revisions\/138132"}],"up":[{"embeddable":true,"href":"https:\/\/www.pilgrim.es\/de\/wp-json\/wp\/v2\/pages\/10670"}],"wp:attachment":[{"href":"https:\/\/www.pilgrim.es\/de\/wp-json\/wp\/v2\/media?parent=96081"}],"wp:term":[{"taxonomy":"category","embeddable":true,"href":"https:\/\/www.pilgrim.es\/de\/wp-json\/wp\/v2\/categories?post=96081"},{"taxonomy":"post_tag","embeddable":true,"href":"https:\/\/www.pilgrim.es\/de\/wp-json\/wp\/v2\/tags?post=96081"}],"curies":[{"name":"wp","href":"https:\/\/api.w.org\/{rel}","templated":true}]}}