{"id":91563,"date":"2025-03-17T16:16:31","date_gmt":"2025-03-17T16:16:31","guid":{"rendered":"https:\/\/www.pilgrim.es\/silber-route\/benavente\/"},"modified":"2025-03-17T16:16:31","modified_gmt":"2025-03-17T16:16:31","slug":"benavente","status":"publish","type":"page","link":"https:\/\/www.pilgrim.es\/de\/silber-route\/benavente\/","title":{"rendered":"Benavente"},"content":{"rendered":" <section id=\"hero\">\n\t<h1>Benavente<\/h1>\n\t<div class=\"hero-grid\">\n\t\t<div class=\"hero-grid__town-col\" data-background=\"https:\/\/cdn.pilgrim.es\/web\/caminos\/via-de-la-plata\/pueblos\/benavente.jpg\">\n\t\t\t<div>\n\t\t\t\t<a class=\"link-to-stage\" href=\"https:\/\/www.pilgrim.es\/via-plata\/etapa-24-granja-de-moreruela-benavente\/\">\n\t\t\t\t\t<p>&#8249; Zur\u00fcck zur B\u00fchne<\/p>\n\t\t\t\t<\/a>\n\n\t\t\t\t<div class=\"town-data\">\n\t\t\t\t\t<h2>Benavente<\/h2>\n\t\t\t\t\t<ul>\n\t\t\t\t\t\t<li>Einwohner: 18.879 aprox.<\/li>\n\t\t\t\t\t\t<li>Bundesland: Zamora<\/li>\n\t\t\t\t\t<\/ul>\n\t\t\t\t<\/div>\n\t\t\t<\/div>\n\t\t<\/div>\n\t\t<div class=\"hero-grid__planner-col\"><div\r\n  class=\"p-col-span-1 p-rounded-lg p-px-5 p-h-full\"\r\n  style=\"background-image: url('https:\/\/cdn.pilgrim.es\/web\/pilgrim-planner\/bg-plugin-planificador.webp')\"\r\n  rel=\"preload\"\r\n  fetchpriority=\"high\"\r\n  >\r\n    <div class=\"p-text-center p-pt-5 p-text-white p-text-2xl p-font-semibold\">\r\n      Plane deinen Weg    <\/div>\r\n    <div\r\n            id='primary-app'\r\n            data-name='banner'\r\n            data-api='https:\/\/pathfinder.pilgrim.es\/api\/pathfinder\/v2'\r\n            data-mode='normal'\r\n            data-lang='de'\r\n            data-route='1'\r\n            data-destiny='https:\/\/planificador.pilgrim.es'\r\n            data-modality='1'\r\n            data-inline=''\r\n        ><\/div><\/div><\/div>\n\t<\/div>\n<\/section>\n\n<section id=\"infoTown\">\n\t<div class=\"sections-town\">\n\n\t\t<div id=\"informationSection\">\n\t\t\t<div>\n\t\t\t\t<h2 class=\"p-h2-town\">Informationen<\/h2>\n\t\t\t\t<hr>\n\t\t\t\t<h3 class=\"p-h3-town\">Get to know Benavente<\/h3>\n\t\t\t<\/div>\n\t\t\t<p>Die Stadt Benavente ist seit der Antike ein strategischer Knotenpunkt, die Silberstra\u00dfe und der Mozarabische Weg f\u00fchren durch die Stadt, so dass Pilger, die hier Halt machen, nicht nur alle notwendigen Dienstleistungen vorfinden, sondern auch neue Gef\u00e4hrten auf ihrem Weg nach Santiago.<\/p> <p>Die Stadt gilt auch heute noch als wichtigster Verkehrsknotenpunkt im Nordwesten der Halbinsel.\n\t\t<\/div>\n\n\t\t<div id=\"locationSection\">\n\t\t\t<div>\n\t\t\t\t<h2 class=\"p-h2-town\">Standort<\/h2>\n\t\t\t\t<hr>\n\t\t\t\t<h3 class=\"p-h3-town\">Wegbeschreibung<\/h3>\n\t\t\t<\/div>\n\t\t\t<p>Die wichtigste Art, Benavente zu erreichen, ist die Stra\u00dfe, die Stadt ist sehr gut mit den wichtigsten spanischen St\u00e4dten verbunden. Die Autobahnen A-66, A-6 und A-52 f\u00fchren durch die Stadt, so dass die Stadt direkt mit Vigo, A Coru\u00f1a, Madrid, Sevilla und Gij\u00f3n verbunden ist.<\/p> <p>Die wichtigste Art, Benavente zu erreichen, ist die Stra\u00dfe, die Stadt ist sehr gut mit den wichtigsten spanischen St\u00e4dten verbunden.\n\n<p>Es gibt auch einen Busbahnhof, der regelm\u00e4\u00dfige Linien um Benavente und einige spanische St\u00e4dte anbietet. Aber was wirklich wichtig ist, ist der Bahnhof, der eine sehr hohe Anzahl von Zugverbindungen mit spanischen und ausl\u00e4ndischen St\u00e4dten hat, wie der Schweiz, Deutschland, Belgien, Holland, Frankreich, etc.<\/p> <p>.\n\t\t\t<div>\n\t\t\t\t<div>\n  <iframe loading=\"lazy\"\n    src=\"https:\/\/www.google.com\/maps\/d\/embed?mid=1ZVfq6yQEIC4eTXTlbGjU9_zbL9B3HSk&amp;ehbc=2E312F\"\n    width=\"640\"\n    height=\"480\"\n    alt=\"Mapa Benavente\"\n  ><\/iframe>\n<\/div>\n\n\t\t\t<\/div>\n\t\t<\/div>\n\n\t\t\n\t\t\t<div id=\"toVisitSection\">\n\t\t\t\t<div>\n\t\t\t\t\t<h2 class=\"p-h2-town\">Geschichte \/ Kultur<\/h2>\n\t\t\t\t\t<hr>\n\t\t\t\t\t<h3 class=\"p-h3-town\">Was es zu sehen gibt<\/h3>\n\t\t\t\t<\/div>\n\t\t\t\t<div>\n\t\t\t\t\t<div class=\"accordion\">\n\t\t\t\t\t\t<div class=\"accordion__menu\">\n\t\t\t\t\t\t\t<nav>\n\t\t\t\t\t\t\t\t\n\t\t\t\t\t\t\t\t\t<button class=\"nav-tab-accordion active\"><span>&#10093;<\/span><span> Palacio de los Condes de Patilla<\/span><\/button>\n\t\t\t\t\t\t\t\t\n\t\t\t\t\t\t\t\t\t<button class=\"nav-tab-accordion \"><span>&#10093;<\/span><span> Torre de Caracol o Castillo de la Mota<\/span><\/button>\n\t\t\t\t\t\t\t\t\n\t\t\t\t\t\t\t\t\t<button class=\"nav-tab-accordion \"><span>&#10093;<\/span><span> Santa Mar\u00eda del Carmen de Renueva<\/span><\/button>\n\t\t\t\t\t\t\t\t\n\t\t\t\t\t\t\t\t\t<button class=\"nav-tab-accordion \"><span>&#10093;<\/span><span> Puente Medieval Sobre el Esla<\/span><\/button>\n\t\t\t\t\t\t\t\t\n\t\t\t\t\t\t\t\t\t<button class=\"nav-tab-accordion \"><span>&#10093;<\/span><span> Parque de la Pradera<\/span><\/button>\n\t\t\t\t\t\t\t\t\n\t\t\t\t\t\t\t\t\t<button class=\"nav-tab-accordion \"><span>&#10093;<\/span><span> Museo de Semana Santa<\/span><\/button>\n\t\t\t\t\t\t\t\t\n\t\t\t\t\t\t\t\t\t<button class=\"nav-tab-accordion \"><span>&#10093;<\/span><span> Monasterio Cisterciense de San Salvador<\/span><\/button>\n\t\t\t\t\t\t\t\t\n\t\t\t\t\t\t\t\t\t<button class=\"nav-tab-accordion \"><span>&#10093;<\/span><span> Plaza Mayor<\/span><\/button>\n\t\t\t\t\t\t\t\t\n\t\t\t\t\t\t\t\t\t<button class=\"nav-tab-accordion \"><span>&#10093;<\/span><span> Jardines de la Rosaleda<\/span><\/button>\n\t\t\t\t\t\t\t\t\n\t\t\t\t\t\t\t\t\t<button class=\"nav-tab-accordion \"><span>&#10093;<\/span><span> Jardines de la Mota<\/span><\/button>\n\t\t\t\t\t\t\t\t\n\t\t\t\t\t\t\t\t\t<button class=\"nav-tab-accordion \"><span>&#10093;<\/span><span> Iglesia de Santiago<\/span><\/button>\n\t\t\t\t\t\t\t\t\n\t\t\t\t\t\t\t\t\t<button class=\"nav-tab-accordion \"><span>&#10093;<\/span><span> Iglesia de Santa Mar\u00eda de Azogue<\/span><\/button>\n\t\t\t\t\t\t\t\t\n\t\t\t\t\t\t\t\t\t<button class=\"nav-tab-accordion \"><span>&#10093;<\/span><span> Iglesia de San Juan del Mercado<\/span><\/button>\n\t\t\t\t\t\t\t\t\n\t\t\t\t\t\t\t\t\t<button class=\"nav-tab-accordion \"><span>&#10093;<\/span><span> Hospital de Peregrinos de la Piedad<\/span><\/button>\n\t\t\t\t\t\t\t\t\n\t\t\t\t\t\t\t\t\t<button class=\"nav-tab-accordion \"><span>&#10093;<\/span><span> Gran Teatro Reina Sof\u00eda<\/span><\/button>\n\t\t\t\t\t\t\t\t\n\t\t\t\t\t\t\t\t\t<button class=\"nav-tab-accordion \"><span>&#10093;<\/span><span> Espada\u00f1a de la Ermita de San L\u00e1zaro<\/span><\/button>\n\t\t\t\t\t\t\t\t\n\t\t\t\t\t\t\t\t\t<button class=\"nav-tab-accordion \"><span>&#10093;<\/span><span> Centro de Interpretaci\u00f3n de los R\u00edos<\/span><\/button>\n\t\t\t\t\t\t\t\t\n\t\t\t\t\t\t\t\t\t<button class=\"nav-tab-accordion \"><span>&#10093;<\/span><span> Arco del Puente del Jard\u00edn<\/span><\/button>\n\t\t\t\t\t\t\t\t\n\t\t\t\t\t\t\t\t\t<button class=\"nav-tab-accordion \"><span>&#10093;<\/span><span> Ermita de la Soledad<\/span><\/button>\n\t\t\t\t\t\t\t\t\n\t\t\t\t\t\t\t\t\t<button class=\"nav-tab-accordion \"><span>&#10093;<\/span><span> Casa Ramos<\/span><\/button>\n\t\t\t\t\t\t\t\t\n\t\t\t\t\t\t\t\t\t<button class=\"nav-tab-accordion \"><span>&#10093;<\/span><span> Casa del Cervato<\/span><\/button>\n\t\t\t\t\t\t\t\t\n\t\t\t\t\t\t\t\t\t<button class=\"nav-tab-accordion \"><span>&#10093;<\/span><span> Casa de Soledad Gonz\u00e1lez<\/span><\/button>\n\t\t\t\t\t\t\t\t\n\t\t\t\t\t\t\t\t\t<button class=\"nav-tab-accordion \"><span>&#10093;<\/span><span> Casa de Manuel Grande<\/span><\/button>\n\t\t\t\t\t\t\t\t\n\t\t\t\t\t\t\t\t\t<button class=\"nav-tab-accordion \"><span>&#10093;<\/span><span> Casa de la Cultura de la Encomienda<\/span><\/button>\n\t\t\t\t\t\t\t\t\n\t\t\t\t\t\t\t\t\t<button class=\"nav-tab-accordion \"><span>&#10093;<\/span><span> Casa Barrios<\/span><\/button>\n\t\t\t\t\t\t\t\t\n\t\t\t\t\t\t\t\t\t<button class=\"nav-tab-accordion \"><span>&#10093;<\/span><span> Capilla San Vicente de Paul<\/span><\/button>\n\t\t\t\t\t\t\t\t\n\t\t\t\t\t\t\t<\/nav>\n\t\t\t\t\t\t<\/div>\n\n\t\t\t\t\t\t\n\t\t\t\t\t\t\t<div class=\"accordion__accordion-content \">\n\t\t\t\t\t\t\t\t<div>\n\t\t\t\t\t\t\t\t\t<div>\n\t\t\t\t\t\t\t\t\t\t<h4>Palacio de los Condes de Patilla<\/h4>\n\t\t\t\t\t\t\t\t\t\t<p>Dieses herrliche Bauernhaus wurde Mitte des 19. Jahrhunderts an der Stelle eines Hauses der Familie Pimentel (Grafen von Benavente) errichtet.<\/p> <p>Dieses herrliche Bauernhaus wurde Mitte des 19. Jahrhunderts an der Stelle eines Hauses der Familie Pimentel (Grafen von Benavente) errichtet.\n\t\t\t\t\t\t\t\t\t<\/div>\n\t\t\t\t\t\t\t\t\t<img decoding=\"async\" src=\"https:\/\/cdn.pilgrim.es\/web\/caminos\/via-de-la-plata\/pueblos\/benavente\/puntos-de-interes\/palacio-de-los-condes-de-patilla.jpg\" alt=\"Palacio de los Condes de Patilla\">\n\t\t\t\t\t\t\t\t<\/div>\n\t\t\t\t\t\t\t<\/div>\n\t\t\t\t\t\t\n\t\t\t\t\t\t\t<div class=\"accordion__accordion-content inactive\">\n\t\t\t\t\t\t\t\t<div>\n\t\t\t\t\t\t\t\t\t<div>\n\t\t\t\t\t\t\t\t\t\t<h4>Torre de Caracol o Castillo de la Mota<\/h4>\n\t\t\t\t\t\t\t\t\t\t<p>Diese pr\u00e4chtige Burg stammt aus der Zeit nach der Wiederbesiedlung durch Fernando II. im 12. Zu der Zeit, als die Stadt unter der Herrschaft der Familie Pimentel stand, diente sie als Residenz f\u00fcr die Grafen. Wie alle Geb\u00e4ude dieser Zeit wurde sie bis zum Beginn des 19. Jahrhunderts stark ver\u00e4ndert, als die Franzosen den Ort verw\u00fcsteten und die gesamte Burg in Brand setzten.  Schlie\u00dflich wurde das historische Geb\u00e4ude dank der Bem\u00fchungen der B\u00fcrger und des Staates restauriert und in einen Parador Nacional de Turismo umgewandelt.\n\t\t\t\t\t\t\t\t\t<\/div>\n\t\t\t\t\t\t\t\t\t<img decoding=\"async\" src=\"https:\/\/cdn.pilgrim.es\/web\/caminos\/via-de-la-plata\/pueblos\/benavente\/puntos-de-interes\/torre-de-caracol-o-castillo-de-la-mota.jpg\" alt=\"Torre de Caracol o Castillo de la Mota\">\n\t\t\t\t\t\t\t\t<\/div>\n\t\t\t\t\t\t\t<\/div>\n\t\t\t\t\t\t\n\t\t\t\t\t\t\t<div class=\"accordion__accordion-content inactive\">\n\t\t\t\t\t\t\t\t<div>\n\t\t\t\t\t\t\t\t\t<div>\n\t\t\t\t\t\t\t\t\t\t<h4>Santa Mar\u00eda del Carmen de Renueva<\/h4>\n\t\t\t\t\t\t\t\t\t\t<p>Der Bau dieses wundersch\u00f6nen Tempels aus j\u00fcngerer Zeit begann 1930 unter der Leitung von Don Juli\u00e1n Fern\u00e1ndez. Nur wenige Jahre sp\u00e4ter starb er und lie\u00df das gesamte Projekt bis 1965 ruhen. Von diesem Zeitpunkt an wurde Don Jos\u00e9 Mu\u00f1oz Mi\u00f1ambres zum neuen Pfarrer der Stadt ernannt und beschloss, die Arbeiten wieder aufzunehmen. Drei Jahre sp\u00e4ter, am 16. Juli, dem Fest der Virgen del Carmen, wurde die neue Kirche eingeweiht.\n\t\t\t\t\t\t\t\t\t<\/div>\n\t\t\t\t\t\t\t\t\t<img decoding=\"async\" src=\"https:\/\/cdn.pilgrim.es\/web\/caminos\/via-de-la-plata\/pueblos\/benavente\/puntos-de-interes\/santa-maria-del-carmen-de-renueva.jpg\" alt=\"Santa Mar\u00eda del Carmen de Renueva\">\n\t\t\t\t\t\t\t\t<\/div>\n\t\t\t\t\t\t\t<\/div>\n\t\t\t\t\t\t\n\t\t\t\t\t\t\t<div class=\"accordion__accordion-content inactive\">\n\t\t\t\t\t\t\t\t<div>\n\t\t\t\t\t\t\t\t\t<div>\n\t\t\t\t\t\t\t\t\t\t<h4>Puente Medieval Sobre el Esla<\/h4>\n\t\t\t\t\t\t\t\t\t\t<p>Diese sch\u00f6ne mittelalterliche Br\u00fccke verbindet die beiden Ufer des Flusses Esla. Obwohl sie mehrmals umgebaut werden musste, hat sie ihren mittelalterlichen Grundriss beibehalten. Die urspr\u00fcngliche Konstruktion bestand aus vier Br\u00fccken mit drei dazwischen liegenden Wiesen, die so angelegt waren, dass sie das Flussbett der Esla sch\u00fctzten. <\/p>\n\t\t\t\t\t\t\t\t\t<\/div>\n\t\t\t\t\t\t\t\t\t<img decoding=\"async\" src=\"https:\/\/cdn.pilgrim.es\/web\/caminos\/via-de-la-plata\/pueblos\/benavente\/puntos-de-interes\/puente-medieval-sobre-el-esla.jpg\" alt=\"Puente Medieval Sobre el Esla\">\n\t\t\t\t\t\t\t\t<\/div>\n\t\t\t\t\t\t\t<\/div>\n\t\t\t\t\t\t\n\t\t\t\t\t\t\t<div class=\"accordion__accordion-content inactive\">\n\t\t\t\t\t\t\t\t<div>\n\t\t\t\t\t\t\t\t\t<div>\n\t\t\t\t\t\t\t\t\t\t<h4>Parque de la Pradera<\/h4>\n\t\t\t\t\t\t\t\t\t\t<p>Dieser herrliche Naturraum ist voll von kleinen B\u00e4chen mit einigen Teichen dazwischen. Etwas weiter entfernt befindet sich der ber\u00fchmte &#8222;Merendero de la Fuente Mineral&#8220;, in einer wundersch\u00f6nen Umgebung, umgeben von wundersch\u00f6nen Kastanienb\u00e4umen. In der N\u00e4he befinden sich der Parque de Entreca\u00f1os, die Isla de las Pavas und der Merendero de la Estaci\u00f3n, die alle drei zum Ausruhen und Entspannen an der frischen Luft einladen.\n\t\t\t\t\t\t\t\t\t<\/div>\n\t\t\t\t\t\t\t\t\t<img decoding=\"async\" src=\"https:\/\/cdn.pilgrim.es\/web\/caminos\/via-de-la-plata\/pueblos\/benavente\/puntos-de-interes\/parque-de-la-pradera.jpg\" alt=\"Parque de la Pradera\">\n\t\t\t\t\t\t\t\t<\/div>\n\t\t\t\t\t\t\t<\/div>\n\t\t\t\t\t\t\n\t\t\t\t\t\t\t<div class=\"accordion__accordion-content inactive\">\n\t\t\t\t\t\t\t\t<div>\n\t\t\t\t\t\t\t\t\t<div>\n\t\t\t\t\t\t\t\t\t\t<h4>Museo de Semana Santa<\/h4>\n\t\t\t\t\t\t\t\t\t\t<p>Dieses Museum befindet sich in der Ermita de la Soledad. Es handelt sich um ein Geb\u00e4ude aus dem 16. Jahrhundert, das urspr\u00fcnglich als Sitz der Bruderschaften von Santo Entierro und Santa Vera Cruz diente, bis man schlie\u00dflich beschloss, es in ein Museum umzuwandeln. Die Ausstellung enth\u00e4lt Elemente, die zum Erbe der Osterwoche in Benavente geh\u00f6ren.\n\t\t\t\t\t\t\t\t\t<\/div>\n\t\t\t\t\t\t\t\t\t<img decoding=\"async\" src=\"https:\/\/cdn.pilgrim.es\/web\/caminos\/via-de-la-plata\/pueblos\/benavente\/puntos-de-interes\/museo-de-semana-santa.jpg\" alt=\"Museo de Semana Santa\">\n\t\t\t\t\t\t\t\t<\/div>\n\t\t\t\t\t\t\t<\/div>\n\t\t\t\t\t\t\n\t\t\t\t\t\t\t<div class=\"accordion__accordion-content inactive\">\n\t\t\t\t\t\t\t\t<div>\n\t\t\t\t\t\t\t\t\t<div>\n\t\t\t\t\t\t\t\t\t\t<h4>Monasterio Cisterciense de San Salvador<\/h4>\n\t\t\t\t\t\t\t\t\t\t<p>Dieser pr\u00e4chtige, 1181 gegr\u00fcndete Tempel ist allgemein als das Kloster Santa Colomba bekannt. Es diente bis nach 1976 als Sitz des Zisterzienserordens von San Salvador de Benavente. Da es im Laufe der Jahre mehrfach umgebaut wurde, sind heute nur noch wenige Elemente des urspr\u00fcnglichen Geb\u00e4udes erhalten.\n\t\t\t\t\t\t\t\t\t<\/div>\n\t\t\t\t\t\t\t\t\t<img decoding=\"async\" src=\"https:\/\/cdn.pilgrim.es\/web\/caminos\/via-de-la-plata\/pueblos\/benavente\/puntos-de-interes\/monasterio-cisterciense-de-san-salvador.jpg\" alt=\"Monasterio Cisterciense de San Salvador\">\n\t\t\t\t\t\t\t\t<\/div>\n\t\t\t\t\t\t\t<\/div>\n\t\t\t\t\t\t\n\t\t\t\t\t\t\t<div class=\"accordion__accordion-content inactive\">\n\t\t\t\t\t\t\t\t<div>\n\t\t\t\t\t\t\t\t\t<div>\n\t\t\t\t\t\t\t\t\t\t<h4>Plaza Mayor<\/h4>\n\t\t\t\t\t\t\t\t\t\t<p>Dieser herrliche Platz befindet sich im Zentrum der Stadt. Er dient als Treffpunkt f\u00fcr die Einwohner von Benavente, wo die wichtigsten Feste und Veranstaltungen der Stadt stattfinden. Dazu geh\u00f6ren das Veguilla-Fest, der Toro Enmaromad und die Festlichkeiten zu Beginn des Jahres. Au\u00dferdem befindet sich in der Umgebung das Einkaufsviertel mit vielen Fu\u00dfg\u00e4ngerzonen und zahlreichen Gesch\u00e4ften. <\/p>\n\t\t\t\t\t\t\t\t\t<\/div>\n\t\t\t\t\t\t\t\t\t<img decoding=\"async\" src=\"https:\/\/cdn.pilgrim.es\/web\/caminos\/via-de-la-plata\/pueblos\/benavente\/puntos-de-interes\/plaza-mayor.jpg\" alt=\"Plaza Mayor\">\n\t\t\t\t\t\t\t\t<\/div>\n\t\t\t\t\t\t\t<\/div>\n\t\t\t\t\t\t\n\t\t\t\t\t\t\t<div class=\"accordion__accordion-content inactive\">\n\t\t\t\t\t\t\t\t<div>\n\t\t\t\t\t\t\t\t\t<div>\n\t\t\t\t\t\t\t\t\t\t<h4>Jardines de la Rosaleda<\/h4>\n\t\t\t\t\t\t\t\t\t\t<p>Dieser herrliche Naturraum, der als &#8222;Jardines de La Rosaleda&#8220; bekannt ist, befindet sich ganz in der N\u00e4he des Parador de Turismo der Stadt. Wie der Name schon sagt, ist er voller Rosen und anderer Blumen, die zum Spazierengehen einladen, w\u00e4hrend man von allen vier Seiten Ruhe atmet. <\/p>\n\t\t\t\t\t\t\t\t\t<\/div>\n\t\t\t\t\t\t\t\t\t<img decoding=\"async\" src=\"https:\/\/cdn.pilgrim.es\/web\/caminos\/via-de-la-plata\/pueblos\/benavente\/puntos-de-interes\/jardines-de-la-rosaleda.jpg\" alt=\"Jardines de la Rosaleda\">\n\t\t\t\t\t\t\t\t<\/div>\n\t\t\t\t\t\t\t<\/div>\n\t\t\t\t\t\t\n\t\t\t\t\t\t\t<div class=\"accordion__accordion-content inactive\">\n\t\t\t\t\t\t\t\t<div>\n\t\t\t\t\t\t\t\t\t<div>\n\t\t\t\t\t\t\t\t\t\t<h4>Jardines de la Mota<\/h4>\n\t\t\t\t\t\t\t\t\t\t<p>Dieser wundersch\u00f6ne Garten, der von allen Benaventanern besucht wird, ist einer der Naturr\u00e4ume der Stadt. Er hei\u00dft so, weil er sich auf dem Gel\u00e4nde eines alten Schlosses befindet. Der Park mit seiner \u00fcppigen Vegetation und seinen Wegen bietet einen sch\u00f6nen Blick auf die Ufer der Fl\u00fcsse \u00d3rbigo und Esla. Im Park befindet sich auch ein Musikpavillon mit Wegen, die einem Labyrinth \u00e4hneln. <\/p>\n\t\t\t\t\t\t\t\t\t<\/div>\n\t\t\t\t\t\t\t\t\t<img decoding=\"async\" src=\"https:\/\/cdn.pilgrim.es\/web\/caminos\/via-de-la-plata\/pueblos\/benavente\/puntos-de-interes\/jardines-de-la-mota.jpg\" alt=\"Jardines de la Mota\">\n\t\t\t\t\t\t\t\t<\/div>\n\t\t\t\t\t\t\t<\/div>\n\t\t\t\t\t\t\n\t\t\t\t\t\t\t<div class=\"accordion__accordion-content inactive\">\n\t\t\t\t\t\t\t\t<div>\n\t\t\t\t\t\t\t\t\t<div>\n\t\t\t\t\t\t\t\t\t\t<h4>Iglesia de Santiago<\/h4>\n\t\t\t\t\t\t\t\t\t\t<p>Anl\u00e4sslich der Durchquerung des Jakobsweges durch die Stadt Benavente wurde beschlossen, einen Tempel zur Verehrung des Heiligen Jakobus zu errichten, der sich durch seine sorgf\u00e4ltige Dekoration mit jakobinischen Motiven auszeichnet. Im Inneren dieses Tempels finden wir wundersch\u00f6ne, mit Sorgfalt verzierte Glasfenster und eine moderne Skulptur, die sehr gut zum allgemeinen Stil des Tempels passt.\n\t\t\t\t\t\t\t\t\t<\/div>\n\t\t\t\t\t\t\t\t\t<img decoding=\"async\" src=\"https:\/\/cdn.pilgrim.es\/web\/caminos\/via-de-la-plata\/pueblos\/benavente\/puntos-de-interes\/iglesia-de-santiago.jpg\" alt=\"Iglesia de Santiago\">\n\t\t\t\t\t\t\t\t<\/div>\n\t\t\t\t\t\t\t<\/div>\n\t\t\t\t\t\t\n\t\t\t\t\t\t\t<div class=\"accordion__accordion-content inactive\">\n\t\t\t\t\t\t\t\t<div>\n\t\t\t\t\t\t\t\t\t<div>\n\t\t\t\t\t\t\t\t\t\t<h4>Iglesia de Santa Mar\u00eda de Azogue<\/h4>\n\t\t\t\t\t\t\t\t\t\t<p>Es handelt sich um einen der wichtigsten Tempel von Benavente, der zweifellos das repr\u00e4sentativste Bild dieser Stadt ist. Sie wurde 1180 erbaut und verdankt ihren Namen einem arabischen Wort, das &#8222;Markt&#8220; bedeutet, da sich dieser im Mittelalter in der Umgebung entwickelte. Es sind noch viele Elemente aus dieser Zeit erhalten, wie der Grundriss, der Chevet, f\u00fcnf halbrunde Apsiden und zwei Portale.\n\t\t\t\t\t\t\t\t\t<\/div>\n\t\t\t\t\t\t\t\t\t<img decoding=\"async\" src=\"https:\/\/cdn.pilgrim.es\/web\/caminos\/via-de-la-plata\/pueblos\/benavente\/puntos-de-interes\/iglesia-de-santa-maria-de-azogue.jpg\" alt=\"Iglesia de Santa Mar\u00eda de Azogue\">\n\t\t\t\t\t\t\t\t<\/div>\n\t\t\t\t\t\t\t<\/div>\n\t\t\t\t\t\t\n\t\t\t\t\t\t\t<div class=\"accordion__accordion-content inactive\">\n\t\t\t\t\t\t\t\t<div>\n\t\t\t\t\t\t\t\t\t<div>\n\t\t\t\t\t\t\t\t\t\t<h4>Iglesia de San Juan del Mercado<\/h4>\n\t\t\t\t\t\t\t\t\t\t<p>Der Bau dieses pr\u00e4chtigen Tempels wurde 1181 im Auftrag von Do\u00f1a Eldoncia begonnen und vom Orden des Hospitals San Juan finanziert, daher der Heilige, der hier verehrt wird. <\/p>\n\n<p>Der vorherrschende Stil ist romanisch und gliedert sich in drei Schiffe mit einem gro\u00dfen Querschiff und einem mit drei kleinen halborangenen Apsiden verzierten Dachreiter. Dieses gro\u00dfe Gotteshaus besitzt lediglich drei beeindruckende romanische Portale mit einer sch\u00f6nen Ikonographie unter einem Spitzbogen<\/p> <p>.\n\t\t\t\t\t\t\t\t\t<\/div>\n\t\t\t\t\t\t\t\t\t<img decoding=\"async\" src=\"https:\/\/cdn.pilgrim.es\/web\/caminos\/via-de-la-plata\/pueblos\/benavente\/puntos-de-interes\/iglesia-de-san-juan-del-mercado.jpg\" alt=\"Iglesia de San Juan del Mercado\">\n\t\t\t\t\t\t\t\t<\/div>\n\t\t\t\t\t\t\t<\/div>\n\t\t\t\t\t\t\n\t\t\t\t\t\t\t<div class=\"accordion__accordion-content inactive\">\n\t\t\t\t\t\t\t\t<div>\n\t\t\t\t\t\t\t\t\t<div>\n\t\t\t\t\t\t\t\t\t\t<h4>Hospital de Peregrinos de la Piedad<\/h4>\n\t\t\t\t\t\t\t\t\t\t<p>Ihre Hauptfunktion war der Empfang der Pilger auf dem Jakobsweg nach Santiago de Compostela. Sie stammt aus dem 16. Jahrhundert und zeichnet sich durch ihr Renaissance-Frontelement aus, das einige gotische Elemente enth\u00e4lt, wie zum Beispiel einen pr\u00e4chtigen Rundbogen, der von einem Alfiz mit pflanzlichen Ornamenten eingerahmt wird.  Es gibt ein Hochrelief der Piet\u00e0, das von einer jakobinischen Muschel gekr\u00f6nt wird. Im Inneren des Krankenhauses befindet sich ein von gro\u00dfen Fenstern umgebener Innenhof, durch den man die Krankenhauskapelle betreten kann.\n\t\t\t\t\t\t\t\t\t<\/div>\n\t\t\t\t\t\t\t\t\t<img decoding=\"async\" src=\"https:\/\/cdn.pilgrim.es\/web\/caminos\/via-de-la-plata\/pueblos\/benavente\/puntos-de-interes\/hospital-de-peregrinos-de-la-piedad.jpg\" alt=\"Hospital de Peregrinos de la Piedad\">\n\t\t\t\t\t\t\t\t<\/div>\n\t\t\t\t\t\t\t<\/div>\n\t\t\t\t\t\t\n\t\t\t\t\t\t\t<div class=\"accordion__accordion-content inactive\">\n\t\t\t\t\t\t\t\t<div>\n\t\t\t\t\t\t\t\t\t<div>\n\t\t\t\t\t\t\t\t\t\t<h4>Gran Teatro Reina Sof\u00eda<\/h4>\n\t\t\t\t\t\t\t\t\t\t<p>Es handelt sich um ein wundersch\u00f6nes Geb\u00e4ude, das 1928 von dem Architekten Antonio Garc\u00eda S\u00e1nchez-Blanco anstelle des alten Teatro del Jardinillo errichtet wurde. Einer seiner S\u00e4le, das so genannte &#8222;Gran Teatro&#8220;, wurde auf Teilen des ehemaligen Klosters Santo Domingo errichtet, das einige Zeit zuvor aufgel\u00f6st worden war.<\/p> <p>Es handelt sich um ein sch\u00f6nes Geb\u00e4ude, das 1928 von dem Architekten Antonio Garc\u00eda S\u00e1nchez-Blanco anstelle des alten Teatro del Jardinillo errichtet wurde.\n\t\t\t\t\t\t\t\t\t<\/div>\n\t\t\t\t\t\t\t\t\t<img decoding=\"async\" src=\"https:\/\/cdn.pilgrim.es\/web\/caminos\/via-de-la-plata\/pueblos\/benavente\/puntos-de-interes\/gran-teatro-reina-sofia.jpg\" alt=\"Gran Teatro Reina Sof\u00eda\">\n\t\t\t\t\t\t\t\t<\/div>\n\t\t\t\t\t\t\t<\/div>\n\t\t\t\t\t\t\n\t\t\t\t\t\t\t<div class=\"accordion__accordion-content inactive\">\n\t\t\t\t\t\t\t\t<div>\n\t\t\t\t\t\t\t\t\t<div>\n\t\t\t\t\t\t\t\t\t\t<h4>Espada\u00f1a de la Ermita de San L\u00e1zaro<\/h4>\n\t\t\t\t\t\t\t\t\t\t<p>Das sind leider die einzigen \u00dcberreste, die von der alten Einsiedelei von San L\u00e1zaro, die im Volksmund unter dem Namen El Calvario bekannt ist, geborgen werden konnten. Urspr\u00fcnglich diente sie vor allem als Lazarett oder Herberge, in der Menschen mit ansteckenden Krankheiten untergebracht waren.\n\t\t\t\t\t\t\t\t\t<\/div>\n\t\t\t\t\t\t\t\t\t<img decoding=\"async\" src=\"https:\/\/cdn.pilgrim.es\/web\/caminos\/via-de-la-plata\/pueblos\/benavente\/puntos-de-interes\/espadana-de-la-ermita-de-san-lazaro.jpg\" alt=\"Espada\u00f1a de la Ermita de San L\u00e1zaro\">\n\t\t\t\t\t\t\t\t<\/div>\n\t\t\t\t\t\t\t<\/div>\n\t\t\t\t\t\t\n\t\t\t\t\t\t\t<div class=\"accordion__accordion-content inactive\">\n\t\t\t\t\t\t\t\t<div>\n\t\t\t\t\t\t\t\t\t<div>\n\t\t\t\t\t\t\t\t\t\t<h4>Centro de Interpretaci\u00f3n de los R\u00edos<\/h4>\n\t\t\t\t\t\t\t\t\t\t<p>Dieses innovative Interpretationszentrum wurde 2010 eingeweiht, um den Grund und die Eigenschaften der Wasserwege der Region zu erkl\u00e4ren. Das Geb\u00e4ude, in dem es untergebracht ist, wurde erst k\u00fcrzlich gebaut und ist in ein pr\u00e4chtiges Stockwerk unterteilt, das wiederum in sieben R\u00e4ume unterteilt ist, f\u00fcnf mit Ausstellungen und zwei, die die Aktivit\u00e4t unterst\u00fctzen.\n\t\t\t\t\t\t\t\t\t<\/div>\n\t\t\t\t\t\t\t\t\t<img decoding=\"async\" src=\"https:\/\/cdn.pilgrim.es\/web\/caminos\/via-de-la-plata\/pueblos\/benavente\/puntos-de-interes\/centro-de-interpretacion-de-los-rios.jpg\" alt=\"Centro de Interpretaci\u00f3n de los R\u00edos\">\n\t\t\t\t\t\t\t\t<\/div>\n\t\t\t\t\t\t\t<\/div>\n\t\t\t\t\t\t\n\t\t\t\t\t\t\t<div class=\"accordion__accordion-content inactive\">\n\t\t\t\t\t\t\t\t<div>\n\t\t\t\t\t\t\t\t\t<div>\n\t\t\t\t\t\t\t\t\t\t<h4>Arco del Puente del Jard\u00edn<\/h4>\n\t\t\t\t\t\t\t\t\t\t<p>Sie befindet sich im Entreca\u00f1os-Park in der N\u00e4he des Kanals von Sorribas.  Sie ist derzeit das einzige noch erhaltene Element einer alten mittelalterlichen Br\u00fccke, die den Sorribas-Kanal verband. Sie wurde im 13. Jahrhundert erbaut und hatte bis zu f\u00fcnf B\u00f6gen. <\/p>\n\t\t\t\t\t\t\t\t\t<\/div>\n\t\t\t\t\t\t\t\t\t<img decoding=\"async\" src=\"https:\/\/cdn.pilgrim.es\/web\/caminos\/via-de-la-plata\/pueblos\/benavente\/puntos-de-interes\/arco-del-puente-del-jardin.jpg\" alt=\"Arco del Puente del Jard\u00edn\">\n\t\t\t\t\t\t\t\t<\/div>\n\t\t\t\t\t\t\t<\/div>\n\t\t\t\t\t\t\n\t\t\t\t\t\t\t<div class=\"accordion__accordion-content inactive\">\n\t\t\t\t\t\t\t\t<div>\n\t\t\t\t\t\t\t\t\t<div>\n\t\t\t\t\t\t\t\t\t\t<h4>Ermita de la Soledad<\/h4>\n\t\t\t\t\t\t\t\t\t\t&lt;Jh. auf Wunsch von Francisco Su\u00e1rez erbaut und als Reaktion auf die zunehmende Verehrung der Virgen de la Soledad ab 1679 in der Gegend von Benavente vergr\u00f6\u00dfert. Mitte des 19. Jahrhunderts wurde es umgebaut und pl\u00f6tzlich in ein Krankenhaus umgewandelt, dessen Aufgabe es war, die von gro\u00dfen Epidemien Betroffenen zu beherbergen und zu versorgen. Zuletzt diente es als Lager f\u00fcr die Bilder und Festwagen der ber\u00fchmten und grandiosen Semana Santa (Karwoche) von Benavente. <\/p>\n\t\t\t\t\t\t\t\t\t<\/div>\n\t\t\t\t\t\t\t\t\t<img decoding=\"async\" src=\"https:\/\/cdn.pilgrim.es\/web\/caminos\/via-de-la-plata\/pueblos\/benavente\/puntos-de-interes\/ermita-de-la-soledad.jpg\" alt=\"Ermita de la Soledad\">\n\t\t\t\t\t\t\t\t<\/div>\n\t\t\t\t\t\t\t<\/div>\n\t\t\t\t\t\t\n\t\t\t\t\t\t\t<div class=\"accordion__accordion-content inactive\">\n\t\t\t\t\t\t\t\t<div>\n\t\t\t\t\t\t\t\t\t<div>\n\t\t\t\t\t\t\t\t\t\t<h4>Casa Ramos<\/h4>\n\t\t\t\t\t\t\t\t\t\t<p>Dieses Bauernhaus ist ein weiteres der vielen Beispiele f\u00fcr Neo-Mud\u00e9jar-Architektur in der Gegend. Es wurde im Jahr 1900 von dem Architekten Santiago Madrigal Rodr\u00edguez erbaut und ist im Volksmund als Casa Donci bekannt. <\/p>\n\t\t\t\t\t\t\t\t\t<\/div>\n\t\t\t\t\t\t\t\t\t<img decoding=\"async\" src=\"https:\/\/cdn.pilgrim.es\/web\/caminos\/via-de-la-plata\/pueblos\/benavente\/puntos-de-interes\/casa-ramos.jpg\" alt=\"Casa Ramos\">\n\t\t\t\t\t\t\t\t<\/div>\n\t\t\t\t\t\t\t<\/div>\n\t\t\t\t\t\t\n\t\t\t\t\t\t\t<div class=\"accordion__accordion-content inactive\">\n\t\t\t\t\t\t\t\t<div>\n\t\t\t\t\t\t\t\t\t<div>\n\t\t\t\t\t\t\t\t\t\t<h4>Casa del Cervato<\/h4>\n\t\t\t\t\t\t\t\t\t\t<p>Gemeinsam bekannt unter dem Namen Casa de los Rodr\u00edguez, wurde dieses Geb\u00e4ude im 19. Jahrhundert errichtet und seither mehrfach umgebaut. Es wurde im Auftrag von Don Jos\u00e9 Rodr\u00edguez y Rodr\u00edguez gebaut, um seine Familie zu beherbergen. In den oberen Stockwerken des Hauses sind die Fenster perfekt zentriert und mit einheitlichen Ziegelw\u00e4nden versehen. F\u00fcr die Umrahmung der Fenster wurde edler Stein verwendet. <\/p>\n\t\t\t\t\t\t\t\t\t<\/div>\n\t\t\t\t\t\t\t\t\t<img decoding=\"async\" src=\"https:\/\/cdn.pilgrim.es\/web\/caminos\/via-de-la-plata\/pueblos\/benavente\/puntos-de-interes\/casa-del-cervato.jpg\" alt=\"Casa del Cervato\">\n\t\t\t\t\t\t\t\t<\/div>\n\t\t\t\t\t\t\t<\/div>\n\t\t\t\t\t\t\n\t\t\t\t\t\t\t<div class=\"accordion__accordion-content inactive\">\n\t\t\t\t\t\t\t\t<div>\n\t\t\t\t\t\t\t\t\t<div>\n\t\t\t\t\t\t\t\t\t\t<h4>Casa de Soledad Gonz\u00e1lez<\/h4>\n\t\t\t\t\t\t\t\t\t\t<p>Dieses Bauernhaus geh\u00f6rte zu Beginn des 20. Jahrhunderts der Bourgeoisie von Benaventura. Jahrhunderts. Es wurde 1904 im Auftrag des Gro\u00dfgrundbesitzers und Senators Don Felipe Gonz\u00e1lez G\u00f3mez erbaut. Der mit dem Entwurf beauftragte Architekt war Segundo Viloria Escarda, der f\u00fcr die Fassaden Materialien wie Ziegel verwendete, um der Uniformit\u00e4t der W\u00e4nde ein Ende zu setzen. <\/p>\n\t\t\t\t\t\t\t\t\t<\/div>\n\t\t\t\t\t\t\t\t\t<img decoding=\"async\" src=\"https:\/\/cdn.pilgrim.es\/web\/caminos\/via-de-la-plata\/pueblos\/benavente\/puntos-de-interes\/casa-de-soledad-gonzalez.jpg\" alt=\"Casa de Soledad Gonz\u00e1lez\">\n\t\t\t\t\t\t\t\t<\/div>\n\t\t\t\t\t\t\t<\/div>\n\t\t\t\t\t\t\n\t\t\t\t\t\t\t<div class=\"accordion__accordion-content inactive\">\n\t\t\t\t\t\t\t\t<div>\n\t\t\t\t\t\t\t\t\t<div>\n\t\t\t\t\t\t\t\t\t\t<h4>Casa de Manuel Grande<\/h4>\n\t\t\t\t\t\t\t\t\t\t<p>Dieses zu Beginn des 20. Jahrhunderts erbaute Haus zeichnet sich durch seinen modernistischen Stil aus, der von dem Architekten Francisco Ferriol entworfen wurde. An der Ecke des Geb\u00e4udes befindet sich ein pr\u00e4chtiger Laubengang mit floralen Elementen und Girlanden, die sich durch die gesamte Verzierung ziehen, insbesondere in den h\u00f6chsten Bereichen des Geb\u00e4udes.\n\t\t\t\t\t\t\t\t\t<\/div>\n\t\t\t\t\t\t\t\t\t<img decoding=\"async\" src=\"https:\/\/cdn.pilgrim.es\/web\/caminos\/via-de-la-plata\/pueblos\/benavente\/puntos-de-interes\/casa-de-manuel-grande.jpg\" alt=\"Casa de Manuel Grande\">\n\t\t\t\t\t\t\t\t<\/div>\n\t\t\t\t\t\t\t<\/div>\n\t\t\t\t\t\t\n\t\t\t\t\t\t\t<div class=\"accordion__accordion-content inactive\">\n\t\t\t\t\t\t\t\t<div>\n\t\t\t\t\t\t\t\t\t<div>\n\t\t\t\t\t\t\t\t\t\t<h4>Casa de la Cultura de la Encomienda<\/h4>\n\t\t\t\t\t\t\t\t\t\t<p>Dieses sch\u00f6ne Bauernhaus wurde von dem Architekten Segundo Viloria Escarda in der letzten Periode des 19. und zu Beginn des n\u00e4chsten Jahrhunderts entworfen. Es besteht aus zwei unterschiedlichen Strukturen: Der Eingang des Geb\u00e4udes ist hoch und schmal, w\u00e4hrend seine Verl\u00e4ngerung lang und niedrig ist. Er besteht aus einem erh\u00f6hten Tor auf einem sch\u00f6nen Sockel aus Quarzitstein, der den Au\u00dfenhof umschlie\u00dft.\n\t\t\t\t\t\t\t\t\t<\/div>\n\t\t\t\t\t\t\t\t\t<img decoding=\"async\" src=\"https:\/\/cdn.pilgrim.es\/web\/caminos\/via-de-la-plata\/pueblos\/benavente\/puntos-de-interes\/casa-de-la-cultura-de-la-encomienda.jpg\" alt=\"Casa de la Cultura de la Encomienda\">\n\t\t\t\t\t\t\t\t<\/div>\n\t\t\t\t\t\t\t<\/div>\n\t\t\t\t\t\t\n\t\t\t\t\t\t\t<div class=\"accordion__accordion-content inactive\">\n\t\t\t\t\t\t\t\t<div>\n\t\t\t\t\t\t\t\t\t<div>\n\t\t\t\t\t\t\t\t\t\t<h4>Casa Barrios<\/h4>\n\t\t\t\t\t\t\t\t\t\t<p>Dieses Bauernhaus ist eines der herausragendsten zivilen Bauwerke in Benavente. Es stammt aus dem Jahr 1932 und wurde als Wohnhaus f\u00fcr den Gro\u00dfkaufmann Santiago Barrios gebaut, dessen Initialen in die Fassade eingraviert sind. Es handelt sich um ein typisches B\u00fcrgerhaus mit gro\u00dfen, mit auff\u00e4lligen Kacheln verzierten Balkonen an der Fassade. <\/p>\n\t\t\t\t\t\t\t\t\t<\/div>\n\t\t\t\t\t\t\t\t\t<img decoding=\"async\" src=\"https:\/\/cdn.pilgrim.es\/web\/caminos\/via-de-la-plata\/pueblos\/benavente\/puntos-de-interes\/casa-barrios.jpg\" alt=\"Casa Barrios\">\n\t\t\t\t\t\t\t\t<\/div>\n\t\t\t\t\t\t\t<\/div>\n\t\t\t\t\t\t\n\t\t\t\t\t\t\t<div class=\"accordion__accordion-content inactive\">\n\t\t\t\t\t\t\t\t<div>\n\t\t\t\t\t\t\t\t\t<div>\n\t\t\t\t\t\t\t\t\t\t<h4>Capilla San Vicente de Paul<\/h4>\n\t\t\t\t\t\t\t\t\t\t<p>Es handelt sich um eine sch\u00f6ne Nonnenschule, mit deren Bau 1956 begonnen wurde und die 1958 den Status eines Kollegs erhielt. Sie besteht aus dem Wohngeb\u00e4ude und einer kleinen Kapelle. Auf dem Frontispiz sind drei gro\u00dfe Buntglasfenster zu sehen, die sich vom ersten Stock bis zum Dach erstrecken.\n\t\t\t\t\t\t\t\t\t<\/div>\n\t\t\t\t\t\t\t\t\t<img decoding=\"async\" src=\"https:\/\/cdn.pilgrim.es\/web\/caminos\/via-de-la-plata\/pueblos\/benavente\/puntos-de-interes\/capilla-san-vicente-de-paul.jpg\" alt=\"Capilla San Vicente de Paul\">\n\t\t\t\t\t\t\t\t<\/div>\n\t\t\t\t\t\t\t<\/div>\n\t\t\t\t\t\t\n\t\t\t\t\t<\/div>\n\t\t\t\t<\/div>\n\t\t\t<\/div>\n\t\t\n\n\t\t<div id=\"phonesSection\">\n\t\t\t<div>\n\t\t\t\t<h2 class=\"p-h3-town\">Informationen von Interesse<\/h2>\n\t\t\t<\/div>\n\t\t\t<div class=\"grid\">\n\t\t\t\t\n\t\t\t\t\t<div class=\"phone-number-item\">\n\t\t\t\t\t\t<div class=\"phone-number-item__icon\"><i class=\"icon-police\"><\/i><\/div>\n\t\t\t\t\t\t<div class=\"phone-number-item__title\">\n\t\t\t\t\t\t\t<h3 class=\"p-font-bold\">Ortspolizei<\/h3>\n\t\t\t\t\t\t\t<p>980 635 015<\/p>\n\t\t\t\t\t\t\t\n\t\t\t\t\t\t<\/div>\n\t\t\t\t\t<\/div>\n\t\t\t\t\n\t\t\t\t\t<div class=\"phone-number-item\">\n\t\t\t\t\t\t<div class=\"phone-number-item__icon\"><i class=\"icon-spanish-military-police\"><\/i><\/div>\n\t\t\t\t\t\t<div class=\"phone-number-item__title\">\n\t\t\t\t\t\t\t<h3 class=\"p-font-bold\">Zivilwache<\/h3>\n\t\t\t\t\t\t\t<p>980 631 322<\/p>\n\t\t\t\t\t\t\t\n\t\t\t\t\t\t<\/div>\n\t\t\t\t\t<\/div>\n\t\t\t\t\n\t\t\t\t\t<div class=\"phone-number-item\">\n\t\t\t\t\t\t<div class=\"phone-number-item__icon\"><i class=\"icon-firefighters\"><\/i><\/div>\n\t\t\t\t\t\t<div class=\"phone-number-item__title\">\n\t\t\t\t\t\t\t<h3 class=\"p-font-bold\">Feuerwehr<\/h3>\n\t\t\t\t\t\t\t<p>980 527 080<\/p>\n\t\t\t\t\t\t\t\n\t\t\t\t\t\t<\/div>\n\t\t\t\t\t<\/div>\n\t\t\t\t\n\t\t\t\t\t<div class=\"phone-number-item\">\n\t\t\t\t\t\t<div class=\"phone-number-item__icon\"><i class=\"icon-civil-protection\"><\/i><\/div>\n\t\t\t\t\t\t<div class=\"phone-number-item__title\">\n\t\t\t\t\t\t\t<h3 class=\"p-font-bold\">Zivilschutz<\/h3>\n\t\t\t\t\t\t\t<p>980 637 171<\/p>\n\t\t\t\t\t\t\t\n\t\t\t\t\t\t<\/div>\n\t\t\t\t\t<\/div>\n\t\t\t\t\n\t\t\t\t\t<div class=\"phone-number-item\">\n\t\t\t\t\t\t<div class=\"phone-number-item__icon\"><i class=\"icon-town-council\"><\/i><\/div>\n\t\t\t\t\t\t<div class=\"phone-number-item__title\">\n\t\t\t\t\t\t\t<h3 class=\"p-font-bold\">Rathaus<\/h3>\n\t\t\t\t\t\t\t<p>980 630 445<\/p>\n\t\t\t\t\t\t\t\n\t\t\t\t\t\t<\/div>\n\t\t\t\t\t<\/div>\n\t\t\t\t\n\t\t\t\t\t<div class=\"phone-number-item\">\n\t\t\t\t\t\t<div class=\"phone-number-item__icon\"><i class=\"icon-hospital\"><\/i><\/div>\n\t\t\t\t\t\t<div class=\"phone-number-item__title\">\n\t\t\t\t\t\t\t<h3 class=\"p-font-bold\">Gesundheitszentrum<\/h3>\n\t\t\t\t\t\t\t<p>980 635 361 \/ 980 630 329<\/p>\n\t\t\t\t\t\t\t\n\t\t\t\t\t\t<\/div>\n\t\t\t\t\t<\/div>\n\t\t\t\t\n\t\t\t\t\t<div class=\"phone-number-item\">\n\t\t\t\t\t\t<div class=\"phone-number-item__icon\"><i class=\"icon-tourism\"><\/i><\/div>\n\t\t\t\t\t\t<div class=\"phone-number-item__title\">\n\t\t\t\t\t\t\t<h3 class=\"p-font-bold\">Fremdenverkehrsamt<\/h3>\n\t\t\t\t\t\t\t<p>980 634 211<\/p>\n\t\t\t\t\t\t\t\n\t\t\t\t\t\t\t\t<p>Plaza Mayor, 1<\/p>\n\t\t\t\t\t\t\t\n\t\t\t\t\t\t<\/div>\n\t\t\t\t\t<\/div>\n\t\t\t\t\n\t\t\t<\/div>\n\t\t<\/div>\n\n\t\t<div id=\"clientForm\">\n        <section>\n        <img decoding=\"async\" src=\"https:\/\/cdn.pilgrim.es\/web\/home\/email-contacto.png\" alt=\"contacto\">\n        <div>\n            <p>Wir senden dir deine Planung<\/p>\n            <p>Gib uns deine Daten an und erhalte die Planung deiner Reise per E-Mail <\/p>\n            <form method=\"post\" data-url=\"\/wp-admin\/admin-ajax.php\" id=\"planner--client\" class=\"flag-right form-client\">\n    <div class=\"form-data\">\n        <input name=\"form_id\" type=\"hidden\" value=\"Formulario Leads\">\n        <input name=\"type\" type=\"hidden\" value=\"planner_client\">\n        <input type=\"text\" name=\"nombre\" value=\"\" size=\"40\" class=\"form-control\" aria-required=\"true\" aria-invalid=\"false\" placeholder=\"Name\">\n        <input type=\"email\" name=\"email\" value=\"\" size=\"40\" class=\"form-control\" aria-required=\"true\" aria-invalid=\"false\" placeholder=\"E- Mail\">\n        <input type=\"text\" id=\"phone-input\" name=\"tel\" value=\"\" size=\"40\" class=\"phone-input form-control\" aria-required=\"true\" aria-invalid=\"false\" placeholder=\"Telefon\">\n        <input type=\"hidden\" name=\"telefono\">\n    <\/div>\n    <div class=\"form-checkbox\">\n        <span>\n            Pilgrim Travel, S.L. teilt gem\u00e4\u00df Regulierung 2016\/679 mit, dass die in diesem Formular verwendeten Daten sowohl f\u00fcr die Beantwortung der m\u00f6glichen Anfragen als auch f\u00fcr die Ver\u00f6ffentlichung der Kommentare verwendet werden, mit der Zustimmung des Nutzers. Sie k\u00f6nnen Ihre Rechte in \u00dcbereinstimmung mit unserer Datenschutzbestimmungen aus\u00fcben             <a href=\"https:\/\/www.pilgrim.es\/politica-de-privacidad\/\" target=\"_blank\" rel=\"noopener noreferrer nofollow\">Datenschutzerkl\u00e4rung.<\/a>\n        <\/span>\n    <\/div>\n\n    <div class=\"form-submit\">\n        <button id=\"planner--client-create\" type=\"submit\">Anfrage senden<\/button>\n        <div class=\"loadingDiv\"><i class=\"p-spinner\"><\/i><\/div>\n    <\/div>\n\n    <div class=\"contact-content-form-success\">\n        <p><i class=\"fas fa-check\"><\/i> Das Formular hat sich erfolgreich gesendet.<\/p>\n    <\/div>\n\n    <div class=\"contact-content-form-error\">\n        <span class=\"input-error\"><\/span>\n    <\/div>\n<\/form>        <\/div>\n    <\/section>\n<\/div>\n\n\t\t<div id=\"recomendationSection\">\n\t\t\t<div>\n\t\t\t\t<h2 class=\"p-h2-town\">Empfohlen<\/h2>\n\t\t\t\t<hr>\n\t\t\t\t<h3 class=\"p-h3-town\">Gastronomie<\/h3>\n\t\t\t<\/div>\n\t\t\tDie traditionelle Gastronomie von Benavente basiert auf Gartenprodukten wie Paprika, Schweinefleischprodukten wie Wurstwaren und vor allem auf K\u00e4se.\n\nDie traditionellsten Rezepte sind Forellen aus dem Fluss Tera, gebratenes Lamm, Kabeljau &#8222;a lo t\u00edo&#8220; oder &#8222;a la cazuela&#8220;, Krabben und Froschschenkel. Vergessen Sie nicht, zu jedem Essen einen guten Wein zu trinken, z. B. den Benavente-Wein, der internationales Ansehen erlangt hat.\n\nIn der Gastronomie sind vor allem die Feos, die Bombas, die Rosquillas de trancalapuerta, die Bollos de coscar\u00f3n, die Rosquillas de ramo und de \u00e1ngel, die Tarta del Cister und die Tarta de Veguilla zu nennen.\n\t\t<\/div>\n\n\n\t\t\n\t\t\t<div id=\"holidaysSection\">\n\t\t\t\t<div>\n\t\t\t\t\t<h2 class=\"p-h2-town\">Empfohlen<\/h2>\n\t\t\t\t\t<hr>\n\t\t\t\t\t<h3 class=\"p-h3-town\">Feste und Pilgerfahrten<\/h3>\n\t\t\t\t<\/div>\n\t\t\t\t<div class=\"grid holidays-grid\">\n\t\t\t\t\t\n\t\t\t\t\t\t<div>\n\t\t\t\t\t\t\t<div class=\"phone-number-item\">\n\t\t\t\t\t\t\t\t<div class=\"phone-number-item__icon\"><i class=\"icon-holiday\"><\/i><\/div>\n\t\t\t\t\t\t\t\t<div class=\"phone-number-item__title dark-text\">\n\t\t\t\t\t\t\t\t\t<p class=\"p-font-bold\">Lokaler Urlaub<\/p>\n\t\t\t\t\t\t\t\t\t<p>Agosto: El mercado medieval<\/p>\n\t\t\t\t\t\t\t\t<\/div>\n\t\t\t\t\t\t\t<\/div>\n\t\t\t\t\t\t<\/div>\n\t\t\t\t\t\n\t\t\t\t\t\t<div>\n\t\t\t\t\t\t\t<div class=\"phone-number-item\">\n\t\t\t\t\t\t\t\t<div class=\"phone-number-item__icon\"><i class=\"icon-holiday\"><\/i><\/div>\n\t\t\t\t\t\t\t\t<div class=\"phone-number-item__title dark-text\">\n\t\t\t\t\t\t\t\t\t<p class=\"p-font-bold\">Lokaler Urlaub<\/p>\n\t\t\t\t\t\t\t\t\t<p>Primer fin de semana de septiembre: La Femag<\/p>\n\t\t\t\t\t\t\t\t<\/div>\n\t\t\t\t\t\t\t<\/div>\n\t\t\t\t\t\t<\/div>\n\t\t\t\t\t\n\t\t\t\t\t\t<div>\n\t\t\t\t\t\t\t<div class=\"phone-number-item\">\n\t\t\t\t\t\t\t\t<div class=\"phone-number-item__icon\"><i class=\"icon-holiday\"><\/i><\/div>\n\t\t\t\t\t\t\t\t<div class=\"phone-number-item__title dark-text\">\n\t\t\t\t\t\t\t\t\t<p class=\"p-font-bold\">Lokaler Urlaub<\/p>\n\t\t\t\t\t\t\t\t\t<p>El d\u00eda anterior a corpus: Fiesta del toro enmaromado<\/p>\n\t\t\t\t\t\t\t\t<\/div>\n\t\t\t\t\t\t\t<\/div>\n\t\t\t\t\t\t<\/div>\n\t\t\t\t\t\n\t\t\t\t\t\t<div>\n\t\t\t\t\t\t\t<div class=\"phone-number-item\">\n\t\t\t\t\t\t\t\t<div class=\"phone-number-item__icon\"><i class=\"icon-holiday\"><\/i><\/div>\n\t\t\t\t\t\t\t\t<div class=\"phone-number-item__title dark-text\">\n\t\t\t\t\t\t\t\t\t<p class=\"p-font-bold\">Lokaler Urlaub<\/p>\n\t\t\t\t\t\t\t\t\t<p>A finales de septiembre: La feria del pimiento<\/p>\n\t\t\t\t\t\t\t\t<\/div>\n\t\t\t\t\t\t\t<\/div>\n\t\t\t\t\t\t<\/div>\n\t\t\t\t\t\n\t\t\t\t\t\t<div>\n\t\t\t\t\t\t\t<div class=\"phone-number-item\">\n\t\t\t\t\t\t\t\t<div class=\"phone-number-item__icon\"><i class=\"icon-holiday\"><\/i><\/div>\n\t\t\t\t\t\t\t\t<div class=\"phone-number-item__title dark-text\">\n\t\t\t\t\t\t\t\t\t<p class=\"p-font-bold\">Lokaler Urlaub<\/p>\n\t\t\t\t\t\t\t\t\t<p>Ocho d\u00edas despu\u00e9s del d\u00eda de resurrecci\u00f3n: La fiesta de la Veguilla<\/p>\n\t\t\t\t\t\t\t\t<\/div>\n\t\t\t\t\t\t\t<\/div>\n\t\t\t\t\t\t<\/div>\n\t\t\t\t\t\n\t\t\t\t<\/div>\n\t\t\t<\/div>\n\t\t\n\t<\/div>\n<\/section>\n\n<div id=\"stage_list_section\"><div class=\"stage-list\">\n    <div class='stage-list__map-card'>\n        <div class='stage-list__map-card__map'>\n            <div class='stage-list__map-card__map__text'>\n                <h2> Pages <\/h2>\n                <p> Zu Fu\u00df<\/p>\n                <p> 0etappen<\/p>\n            <\/div>\n            <div class='stage-list__map-card__map__img'>\n                <img decoding=\"async\" src=\"\" alt=\" mapa \" \/>\n            <\/div>\n        <\/div>\n    <\/div>\n\n    <\/div>\n<\/div> ","protected":false},"excerpt":{"rendered":"<p>Benavente &#8249; Zur\u00fcck zur B\u00fchne Benavente Einwohner: 18.879 aprox. Bundesland: Zamora Informationen Get to know Benavente Die Stadt Benavente ist seit der Antike ein strategischer Knotenpunkt, die Silberstra\u00dfe und der Mozarabische Weg f\u00fchren durch die Stadt, so dass Pilger, die hier Halt machen, nicht nur alle notwendigen Dienstleistungen vorfinden, sondern auch neue Gef\u00e4hrten auf ihrem &hellip; <\/p>\n<p class=\"read_more\"><a href=\"https:\/\/www.pilgrim.es\/de\/silber-route\/benavente\/\">Leer m\u00e1s<\/a><\/p>\n","protected":false},"author":0,"featured_media":1959,"parent":10601,"menu_order":0,"comment_status":"closed","ping_status":"closed","template":"views\/template-new-web-design.blade.php","meta":{"footnotes":""},"categories":[],"tags":[],"class_list":["post-91563","page","type-page","status-publish","has-post-thumbnail","hentry"],"yoast_head":"<!-- This site is optimized with the Yoast SEO plugin v27.4 - https:\/\/yoast.com\/product\/yoast-seo-wordpress\/ -->\n<title>Benavente: Was sehen und wo \u00fcbernachten | Jakobsweg | Pilgrim<\/title>\n<meta name=\"description\" content=\"Benavente Entdecken Sie alle Informationen \u00fcber Unterk\u00fcnfte, Anreise, Gastronomie und die wichtigsten Sehensw\u00fcrdigkeiten der Orte am Silberweg\" \/>\n<meta name=\"robots\" content=\"index, follow, max-snippet:-1, max-image-preview:large, max-video-preview:-1\" \/>\n<link rel=\"canonical\" href=\"https:\/\/www.pilgrim.es\/de\/silber-route\/benavente\/\" \/>\n<meta property=\"og:locale\" content=\"de_DE\" \/>\n<meta property=\"og:type\" content=\"article\" \/>\n<meta property=\"og:title\" content=\"Benavente: Was sehen und wo \u00fcbernachten | Jakobsweg | Pilgrim\" \/>\n<meta property=\"og:description\" content=\"Benavente Entdecken Sie alle Informationen \u00fcber Unterk\u00fcnfte, Anreise, Gastronomie und die wichtigsten Sehensw\u00fcrdigkeiten der Orte am Silberweg\" \/>\n<meta property=\"og:url\" content=\"https:\/\/www.pilgrim.es\/de\/silber-route\/benavente\/\" \/>\n<meta property=\"og:site_name\" content=\"Pilgrim\" \/>\n<meta property=\"article:publisher\" content=\"https:\/\/www.facebook.com\/pilgrim.es\/\" \/>\n<meta property=\"og:image\" content=\"https:\/\/www.pilgrim.es\/wp-content\/uploads\/2019\/02\/benavente-520x370.jpg\" \/>\n\t<meta property=\"og:image:width\" content=\"520\" \/>\n\t<meta property=\"og:image:height\" content=\"370\" \/>\n\t<meta property=\"og:image:type\" content=\"image\/jpeg\" \/>\n<meta name=\"twitter:card\" content=\"summary_large_image\" \/>\n<meta name=\"twitter:site\" content=\"@pilgrim_es\" \/>\n<meta name=\"twitter:label1\" content=\"Gesch\u00e4tzte Lesezeit\" \/>\n\t<meta name=\"twitter:data1\" content=\"11\u00a0Minuten\" \/>\n<script type=\"application\/ld+json\" class=\"yoast-schema-graph\">{\"@context\":\"https:\\\/\\\/schema.org\",\"@graph\":[{\"@type\":\"WebPage\",\"@id\":\"https:\\\/\\\/www.pilgrim.es\\\/de\\\/silber-route\\\/benavente\\\/\",\"url\":\"https:\\\/\\\/www.pilgrim.es\\\/de\\\/silber-route\\\/benavente\\\/\",\"name\":\"Benavente: Was sehen und wo \u00fcbernachten | Jakobsweg | Pilgrim\",\"isPartOf\":{\"@id\":\"https:\\\/\\\/www.pilgrim.es\\\/de\\\/#website\"},\"primaryImageOfPage\":{\"@id\":\"https:\\\/\\\/www.pilgrim.es\\\/de\\\/silber-route\\\/benavente\\\/#primaryimage\"},\"image\":{\"@id\":\"https:\\\/\\\/www.pilgrim.es\\\/de\\\/silber-route\\\/benavente\\\/#primaryimage\"},\"thumbnailUrl\":\"https:\\\/\\\/www.pilgrim.es\\\/wp-content\\\/uploads\\\/2019\\\/02\\\/benavente-520x370.jpg\",\"datePublished\":\"2025-03-17T16:16:31+00:00\",\"description\":\"Benavente Entdecken Sie alle Informationen \u00fcber Unterk\u00fcnfte, Anreise, Gastronomie und die wichtigsten Sehensw\u00fcrdigkeiten der Orte am Silberweg\",\"breadcrumb\":{\"@id\":\"https:\\\/\\\/www.pilgrim.es\\\/de\\\/silber-route\\\/benavente\\\/#breadcrumb\"},\"inLanguage\":\"de\",\"potentialAction\":[{\"@type\":\"ReadAction\",\"target\":[\"https:\\\/\\\/www.pilgrim.es\\\/de\\\/silber-route\\\/benavente\\\/\"]}]},{\"@type\":\"ImageObject\",\"inLanguage\":\"de\",\"@id\":\"https:\\\/\\\/www.pilgrim.es\\\/de\\\/silber-route\\\/benavente\\\/#primaryimage\",\"url\":\"https:\\\/\\\/www.pilgrim.es\\\/wp-content\\\/uploads\\\/2019\\\/02\\\/benavente-520x370.jpg\",\"contentUrl\":\"https:\\\/\\\/www.pilgrim.es\\\/wp-content\\\/uploads\\\/2019\\\/02\\\/benavente-520x370.jpg\",\"width\":520,\"height\":370,\"caption\":\"Benavente\"},{\"@type\":\"BreadcrumbList\",\"@id\":\"https:\\\/\\\/www.pilgrim.es\\\/de\\\/silber-route\\\/benavente\\\/#breadcrumb\",\"itemListElement\":[{\"@type\":\"ListItem\",\"position\":1,\"name\":\"Camino de Santiago\",\"item\":\"https:\\\/\\\/www.pilgrim.es\\\/de\\\/\"},{\"@type\":\"ListItem\",\"position\":2,\"name\":\"Die Silber-Route\",\"item\":\"https:\\\/\\\/www.pilgrim.es\\\/de\\\/silber-route\\\/\"},{\"@type\":\"ListItem\",\"position\":3,\"name\":\"Benavente\"}]},{\"@type\":\"WebSite\",\"@id\":\"https:\\\/\\\/www.pilgrim.es\\\/de\\\/#website\",\"url\":\"https:\\\/\\\/www.pilgrim.es\\\/de\\\/\",\"name\":\"Pilgrim\",\"description\":\"Camino de Santiago | Caminamos Contigo\",\"publisher\":{\"@id\":\"https:\\\/\\\/www.pilgrim.es\\\/de\\\/#organization\"},\"potentialAction\":[{\"@type\":\"SearchAction\",\"target\":{\"@type\":\"EntryPoint\",\"urlTemplate\":\"https:\\\/\\\/www.pilgrim.es\\\/de\\\/?s={search_term_string}\"},\"query-input\":{\"@type\":\"PropertyValueSpecification\",\"valueRequired\":true,\"valueName\":\"search_term_string\"}}],\"inLanguage\":\"de\"},{\"@type\":\"Organization\",\"@id\":\"https:\\\/\\\/www.pilgrim.es\\\/de\\\/#organization\",\"name\":\"Pilgrim Camino de Santiago\",\"url\":\"https:\\\/\\\/www.pilgrim.es\\\/de\\\/\",\"logo\":{\"@type\":\"ImageObject\",\"inLanguage\":\"de\",\"@id\":\"https:\\\/\\\/www.pilgrim.es\\\/de\\\/#\\\/schema\\\/logo\\\/image\\\/\",\"url\":\"https:\\\/\\\/www.pilgrim.es\\\/wp-content\\\/uploads\\\/2019\\\/04\\\/logo_pilgrim.png\",\"contentUrl\":\"https:\\\/\\\/www.pilgrim.es\\\/wp-content\\\/uploads\\\/2019\\\/04\\\/logo_pilgrim.png\",\"width\":512,\"height\":512,\"caption\":\"Pilgrim Camino de Santiago\"},\"image\":{\"@id\":\"https:\\\/\\\/www.pilgrim.es\\\/de\\\/#\\\/schema\\\/logo\\\/image\\\/\"},\"sameAs\":[\"https:\\\/\\\/www.facebook.com\\\/pilgrim.es\\\/\",\"https:\\\/\\\/x.com\\\/pilgrim_es\",\"https:\\\/\\\/www.instagram.com\\\/pilgrim.es\\\/\",\"https:\\\/\\\/www.linkedin.com\\\/company\\\/pilgrim-camino-de-santiago\\\/\",\"https:\\\/\\\/www.pinterest.es\\\/pilgrimcaminodesantiago\\\/\",\"https:\\\/\\\/www.youtube.com\\\/channel\\\/UCIv2ZzFLXVqthkNF32rKedw\\\/featured\"]}]}<\/script>\n<!-- \/ Yoast SEO plugin. -->","yoast_head_json":{"title":"Benavente: Was sehen und wo \u00fcbernachten | Jakobsweg | Pilgrim","description":"Benavente Entdecken Sie alle Informationen \u00fcber Unterk\u00fcnfte, Anreise, Gastronomie und die wichtigsten Sehensw\u00fcrdigkeiten der Orte am Silberweg","robots":{"index":"index","follow":"follow","max-snippet":"max-snippet:-1","max-image-preview":"max-image-preview:large","max-video-preview":"max-video-preview:-1"},"canonical":"https:\/\/www.pilgrim.es\/de\/silber-route\/benavente\/","og_locale":"de_DE","og_type":"article","og_title":"Benavente: Was sehen und wo \u00fcbernachten | Jakobsweg | Pilgrim","og_description":"Benavente Entdecken Sie alle Informationen \u00fcber Unterk\u00fcnfte, Anreise, Gastronomie und die wichtigsten Sehensw\u00fcrdigkeiten der Orte am Silberweg","og_url":"https:\/\/www.pilgrim.es\/de\/silber-route\/benavente\/","og_site_name":"Pilgrim","article_publisher":"https:\/\/www.facebook.com\/pilgrim.es\/","og_image":[{"width":520,"height":370,"url":"https:\/\/www.pilgrim.es\/wp-content\/uploads\/2019\/02\/benavente-520x370.jpg","type":"image\/jpeg"}],"twitter_card":"summary_large_image","twitter_site":"@pilgrim_es","twitter_misc":{"Gesch\u00e4tzte Lesezeit":"11\u00a0Minuten"},"schema":{"@context":"https:\/\/schema.org","@graph":[{"@type":"WebPage","@id":"https:\/\/www.pilgrim.es\/de\/silber-route\/benavente\/","url":"https:\/\/www.pilgrim.es\/de\/silber-route\/benavente\/","name":"Benavente: Was sehen und wo \u00fcbernachten | Jakobsweg | Pilgrim","isPartOf":{"@id":"https:\/\/www.pilgrim.es\/de\/#website"},"primaryImageOfPage":{"@id":"https:\/\/www.pilgrim.es\/de\/silber-route\/benavente\/#primaryimage"},"image":{"@id":"https:\/\/www.pilgrim.es\/de\/silber-route\/benavente\/#primaryimage"},"thumbnailUrl":"https:\/\/www.pilgrim.es\/wp-content\/uploads\/2019\/02\/benavente-520x370.jpg","datePublished":"2025-03-17T16:16:31+00:00","description":"Benavente Entdecken Sie alle Informationen \u00fcber Unterk\u00fcnfte, Anreise, Gastronomie und die wichtigsten Sehensw\u00fcrdigkeiten der Orte am Silberweg","breadcrumb":{"@id":"https:\/\/www.pilgrim.es\/de\/silber-route\/benavente\/#breadcrumb"},"inLanguage":"de","potentialAction":[{"@type":"ReadAction","target":["https:\/\/www.pilgrim.es\/de\/silber-route\/benavente\/"]}]},{"@type":"ImageObject","inLanguage":"de","@id":"https:\/\/www.pilgrim.es\/de\/silber-route\/benavente\/#primaryimage","url":"https:\/\/www.pilgrim.es\/wp-content\/uploads\/2019\/02\/benavente-520x370.jpg","contentUrl":"https:\/\/www.pilgrim.es\/wp-content\/uploads\/2019\/02\/benavente-520x370.jpg","width":520,"height":370,"caption":"Benavente"},{"@type":"BreadcrumbList","@id":"https:\/\/www.pilgrim.es\/de\/silber-route\/benavente\/#breadcrumb","itemListElement":[{"@type":"ListItem","position":1,"name":"Camino de Santiago","item":"https:\/\/www.pilgrim.es\/de\/"},{"@type":"ListItem","position":2,"name":"Die Silber-Route","item":"https:\/\/www.pilgrim.es\/de\/silber-route\/"},{"@type":"ListItem","position":3,"name":"Benavente"}]},{"@type":"WebSite","@id":"https:\/\/www.pilgrim.es\/de\/#website","url":"https:\/\/www.pilgrim.es\/de\/","name":"Pilgrim","description":"Camino de Santiago | Caminamos Contigo","publisher":{"@id":"https:\/\/www.pilgrim.es\/de\/#organization"},"potentialAction":[{"@type":"SearchAction","target":{"@type":"EntryPoint","urlTemplate":"https:\/\/www.pilgrim.es\/de\/?s={search_term_string}"},"query-input":{"@type":"PropertyValueSpecification","valueRequired":true,"valueName":"search_term_string"}}],"inLanguage":"de"},{"@type":"Organization","@id":"https:\/\/www.pilgrim.es\/de\/#organization","name":"Pilgrim Camino de Santiago","url":"https:\/\/www.pilgrim.es\/de\/","logo":{"@type":"ImageObject","inLanguage":"de","@id":"https:\/\/www.pilgrim.es\/de\/#\/schema\/logo\/image\/","url":"https:\/\/www.pilgrim.es\/wp-content\/uploads\/2019\/04\/logo_pilgrim.png","contentUrl":"https:\/\/www.pilgrim.es\/wp-content\/uploads\/2019\/04\/logo_pilgrim.png","width":512,"height":512,"caption":"Pilgrim Camino de Santiago"},"image":{"@id":"https:\/\/www.pilgrim.es\/de\/#\/schema\/logo\/image\/"},"sameAs":["https:\/\/www.facebook.com\/pilgrim.es\/","https:\/\/x.com\/pilgrim_es","https:\/\/www.instagram.com\/pilgrim.es\/","https:\/\/www.linkedin.com\/company\/pilgrim-camino-de-santiago\/","https:\/\/www.pinterest.es\/pilgrimcaminodesantiago\/","https:\/\/www.youtube.com\/channel\/UCIv2ZzFLXVqthkNF32rKedw\/featured"]}]}},"_links":{"self":[{"href":"https:\/\/www.pilgrim.es\/de\/wp-json\/wp\/v2\/pages\/91563","targetHints":{"allow":["GET"]}}],"collection":[{"href":"https:\/\/www.pilgrim.es\/de\/wp-json\/wp\/v2\/pages"}],"about":[{"href":"https:\/\/www.pilgrim.es\/de\/wp-json\/wp\/v2\/types\/page"}],"replies":[{"embeddable":true,"href":"https:\/\/www.pilgrim.es\/de\/wp-json\/wp\/v2\/comments?post=91563"}],"version-history":[{"count":0,"href":"https:\/\/www.pilgrim.es\/de\/wp-json\/wp\/v2\/pages\/91563\/revisions"}],"up":[{"embeddable":true,"href":"https:\/\/www.pilgrim.es\/de\/wp-json\/wp\/v2\/pages\/10601"}],"wp:featuredmedia":[{"embeddable":true,"href":"https:\/\/www.pilgrim.es\/de\/wp-json\/wp\/v2\/media\/1959"}],"wp:attachment":[{"href":"https:\/\/www.pilgrim.es\/de\/wp-json\/wp\/v2\/media?parent=91563"}],"wp:term":[{"taxonomy":"category","embeddable":true,"href":"https:\/\/www.pilgrim.es\/de\/wp-json\/wp\/v2\/categories?post=91563"},{"taxonomy":"post_tag","embeddable":true,"href":"https:\/\/www.pilgrim.es\/de\/wp-json\/wp\/v2\/tags?post=91563"}],"curies":[{"name":"wp","href":"https:\/\/api.w.org\/{rel}","templated":true}]}}