{"id":91554,"date":"2025-03-17T16:14:14","date_gmt":"2025-03-17T16:14:14","guid":{"rendered":"https:\/\/www.pilgrim.es\/silber-route\/zamora\/"},"modified":"2025-03-17T16:14:14","modified_gmt":"2025-03-17T16:14:14","slug":"zamora","status":"publish","type":"page","link":"https:\/\/www.pilgrim.es\/de\/silber-route\/zamora\/","title":{"rendered":"Zamora"},"content":{"rendered":" <section id=\"hero\">\n\t<h1>Zamora<\/h1>\n\t<div class=\"hero-grid\">\n\t\t<div class=\"hero-grid__town-col\" data-background=\"https:\/\/cdn.pilgrim.es\/web\/caminos\/via-de-la-plata\/pueblos\/zamora.jpg\">\n\t\t\t<div>\n\t\t\t\t<a class=\"link-to-stage\" href=\"https:\/\/www.pilgrim.es\/via-plata\/etapa-21-el-cubo-de-la-tierra-del-vino-zamora\/\">\n\t\t\t\t\t<p>&#8249; Zur\u00fcck zur B\u00fchne<\/p>\n\t\t\t\t<\/a>\n\n\t\t\t\t<div class=\"town-data\">\n\t\t\t\t\t<h2>Zamora<\/h2>\n\t\t\t\t\t<ul>\n\t\t\t\t\t\t<li>Einwohner: 63.831 aprox.<\/li>\n\t\t\t\t\t\t<li>Bundesland: Zamora<\/li>\n\t\t\t\t\t<\/ul>\n\t\t\t\t<\/div>\n\t\t\t<\/div>\n\t\t<\/div>\n\t\t<div class=\"hero-grid__planner-col\"><div\r\n  class=\"p-col-span-1 p-rounded-lg p-px-5 p-h-full\"\r\n  style=\"background-image: url('https:\/\/cdn.pilgrim.es\/web\/pilgrim-planner\/bg-plugin-planificador.webp')\"\r\n  rel=\"preload\"\r\n  fetchpriority=\"high\"\r\n  >\r\n    <div class=\"p-text-center p-pt-5 p-text-white p-text-2xl p-font-semibold\">\r\n      Plane deinen Weg    <\/div>\r\n    <div\r\n            id='primary-app'\r\n            data-name='banner'\r\n            data-api='https:\/\/pathfinder.pilgrim.es\/api\/pathfinder\/v2'\r\n            data-mode='normal'\r\n            data-lang='de'\r\n            data-route='1'\r\n            data-destiny='https:\/\/planificador.pilgrim.es'\r\n            data-modality='1'\r\n            data-inline=''\r\n        ><\/div><\/div><\/div>\n\t<\/div>\n<\/section>\n\n<section id=\"infoTown\">\n\t<div class=\"sections-town\">\n\n\t\t<div id=\"informationSection\">\n\t\t\t<div>\n\t\t\t\t<h2 class=\"p-h2-town\">Informationen<\/h2>\n\t\t\t\t<hr>\n\t\t\t\t<h3 class=\"p-h3-town\">Get to know Zamora<\/h3>\n\t\t\t<\/div>\n\t\t\t<p>Die Stadt Zamora ist als historisch-k\u00fcnstlerische St\u00e4tte klassifiziert. Sie erhielt diesen Status, weil sie eine Gruppe romanischer Geb\u00e4ude, Kirchen, eine ummauerte Anlage und andere Denkm\u00e4ler von hohem historischem Wert besitzt.<\/p> <p>Dieser monumentale Komplex ist bewundernswert, so dass es allen Pilgern empfohlen wird, einen gem\u00fctlichen Spaziergang durch das historische Zentrum der Stadt zu unternehmen.<\/p> <p>\n\t\t<\/div>\n\n\t\t<div id=\"locationSection\">\n\t\t\t<div>\n\t\t\t\t<h2 class=\"p-h2-town\">Standort<\/h2>\n\t\t\t\t<hr>\n\t\t\t\t<h3 class=\"p-h3-town\">Wegbeschreibung<\/h3>\n\t\t\t<\/div>\n\t\t\t<p>Die Stadt Zamora ist haupts\u00e4chlich \u00fcber die Stra\u00dfe zu erreichen. Sie ist \u00fcber zwei gro\u00dfe Autobahnen erreichbar: die A-66 und die A-11. Au\u00dferdem gibt es Nationalstra\u00dfen wie die N-630 und die N-122, so dass Zamora perfekt mit den wichtigsten St\u00e4dten im Norden und S\u00fcden Spaniens verbunden ist.\n\n<p>Zamora verf\u00fcgt \u00fcber einen Busbahnhof, der t\u00e4glich eine Vielzahl von Linien anbietet, sowohl um sich in der Stadt zu bewegen als auch um verschiedene nationale St\u00e4dte wie Madrid, das Baskenland, La Rioja, Katalonien usw.<\/p> <p>zu erreichen.\n\n<p>Es gibt auch einen Zug- und AVE-Bahnhof in der Stadt, der die An- und Abreise sehr einfach und schnell macht. Es gibt regelm\u00e4\u00dfige Verbindungen mit zahlreichen spanischen St\u00e4dten: Vigo, La Coru\u00f1a, Valladolid, Orense, Gij\u00f3n, Sevilla, Astorga, Barcelona, usw.<\/p> <p>.\n\t\t\t<div>\n\t\t\t\t<div>\n  <iframe loading=\"lazy\"\n    src=\"https:\/\/www.google.com\/maps\/d\/embed?mid=1lJsA_Jn1hbJJxdby9p40P9nVLojOZok&amp;ehbc=2E312F\"\n    width=\"640\"\n    height=\"480\"\n    alt=\"Mapa Zamora\"\n  ><\/iframe>\n<\/div>\n\n\t\t\t<\/div>\n\t\t<\/div>\n\n\t\t\n\t\t\t<div id=\"toVisitSection\">\n\t\t\t\t<div>\n\t\t\t\t\t<h2 class=\"p-h2-town\">Geschichte \/ Kultur<\/h2>\n\t\t\t\t\t<hr>\n\t\t\t\t\t<h3 class=\"p-h3-town\">Was es zu sehen gibt<\/h3>\n\t\t\t\t<\/div>\n\t\t\t\t<div>\n\t\t\t\t\t<div class=\"accordion\">\n\t\t\t\t\t\t<div class=\"accordion__menu\">\n\t\t\t\t\t\t\t<nav>\n\t\t\t\t\t\t\t\t\n\t\t\t\t\t\t\t\t\t<button class=\"nav-tab-accordion active\"><span>&#10093;<\/span><span> Puente Nuevo o de Piedra<\/span><\/button>\n\t\t\t\t\t\t\t\t\n\t\t\t\t\t\t\t\t\t<button class=\"nav-tab-accordion \"><span>&#10093;<\/span><span> Plaza Mayor<\/span><\/button>\n\t\t\t\t\t\t\t\t\n\t\t\t\t\t\t\t\t\t<button class=\"nav-tab-accordion \"><span>&#10093;<\/span><span> Plaza de Viriato<\/span><\/button>\n\t\t\t\t\t\t\t\t\n\t\t\t\t\t\t\t\t\t<button class=\"nav-tab-accordion \"><span>&#10093;<\/span><span> Palacio del Cord\u00f3n<\/span><\/button>\n\t\t\t\t\t\t\t\t\n\t\t\t\t\t\t\t\t\t<button class=\"nav-tab-accordion \"><span>&#10093;<\/span><span> Palacio de los Momos<\/span><\/button>\n\t\t\t\t\t\t\t\t\n\t\t\t\t\t\t\t\t\t<button class=\"nav-tab-accordion \"><span>&#10093;<\/span><span> Palacio de Arias Gonzalo<\/span><\/button>\n\t\t\t\t\t\t\t\t\n\t\t\t\t\t\t\t\t\t<button class=\"nav-tab-accordion \"><span>&#10093;<\/span><span> Museo Etnogr\u00e1fico de Castilla y Le\u00f3n<\/span><\/button>\n\t\t\t\t\t\t\t\t\n\t\t\t\t\t\t\t\t\t<button class=\"nav-tab-accordion \"><span>&#10093;<\/span><span> Museo Diocesano<\/span><\/button>\n\t\t\t\t\t\t\t\t\n\t\t\t\t\t\t\t\t\t<button class=\"nav-tab-accordion \"><span>&#10093;<\/span><span> Museo de Semana Santa de Zamora<\/span><\/button>\n\t\t\t\t\t\t\t\t\n\t\t\t\t\t\t\t\t\t<button class=\"nav-tab-accordion \"><span>&#10093;<\/span><span> Museo Catedralicio<\/span><\/button>\n\t\t\t\t\t\t\t\t\n\t\t\t\t\t\t\t\t\t<button class=\"nav-tab-accordion \"><span>&#10093;<\/span><span> Muralla de Zamora<\/span><\/button>\n\t\t\t\t\t\t\t\t\n\t\t\t\t\t\t\t\t\t<button class=\"nav-tab-accordion \"><span>&#10093;<\/span><span> La Catedral<\/span><\/button>\n\t\t\t\t\t\t\t\t\n\t\t\t\t\t\t\t\t\t<button class=\"nav-tab-accordion \"><span>&#10093;<\/span><span> La Alh\u00f3ndiga del Pan<\/span><\/button>\n\t\t\t\t\t\t\t\t\n\t\t\t\t\t\t\t\t\t<button class=\"nav-tab-accordion \"><span>&#10093;<\/span><span> Iglesia de Santiago del Burgo<\/span><\/button>\n\t\t\t\t\t\t\t\t\n\t\t\t\t\t\t\t\t\t<button class=\"nav-tab-accordion \"><span>&#10093;<\/span><span> Iglesia de Santa Mar\u00eda de la Horta<\/span><\/button>\n\t\t\t\t\t\t\t\t\n\t\t\t\t\t\t\t\t\t<button class=\"nav-tab-accordion \"><span>&#10093;<\/span><span> Iglesia de San Pedro y San Ildefonso<\/span><\/button>\n\t\t\t\t\t\t\t\t\n\t\t\t\t\t\t\t\t\t<button class=\"nav-tab-accordion \"><span>&#10093;<\/span><span> Iglesia de San Isidoro<\/span><\/button>\n\t\t\t\t\t\t\t\t\n\t\t\t\t\t\t\t\t\t<button class=\"nav-tab-accordion \"><span>&#10093;<\/span><span> Iglesia de San Esteban<\/span><\/button>\n\t\t\t\t\t\t\t\t\n\t\t\t\t\t\t\t\t\t<button class=\"nav-tab-accordion \"><span>&#10093;<\/span><span> Iglesia de San Cipriano<\/span><\/button>\n\t\t\t\t\t\t\t\t\n\t\t\t\t\t\t\t\t\t<button class=\"nav-tab-accordion \"><span>&#10093;<\/span><span> Iglesia de San Andr\u00e9s<\/span><\/button>\n\t\t\t\t\t\t\t\t\n\t\t\t\t\t\t\t\t\t<button class=\"nav-tab-accordion \"><span>&#10093;<\/span><span> Iglesia de la Magdalena<\/span><\/button>\n\t\t\t\t\t\t\t\t\n\t\t\t\t\t\t\t\t\t<button class=\"nav-tab-accordion \"><span>&#10093;<\/span><span> Ermita de Nuestra Se\u00f1ora de los Remedios<\/span><\/button>\n\t\t\t\t\t\t\t\t\n\t\t\t\t\t\t\t\t\t<button class=\"nav-tab-accordion \"><span>&#10093;<\/span><span> Museo Baltasar Lobo<\/span><\/button>\n\t\t\t\t\t\t\t\t\n\t\t\t\t\t\t\t\t\t<button class=\"nav-tab-accordion \"><span>&#10093;<\/span><span> Convento del Corpus Christi<\/span><\/button>\n\t\t\t\t\t\t\t\t\n\t\t\t\t\t\t\t\t\t<button class=\"nav-tab-accordion \"><span>&#10093;<\/span><span> Iglesia de Santo Tom\u00e9<\/span><\/button>\n\t\t\t\t\t\t\t\t\n\t\t\t\t\t\t\t\t\t<button class=\"nav-tab-accordion \"><span>&#10093;<\/span><span> Convento de San Francisco<\/span><\/button>\n\t\t\t\t\t\t\t\t\n\t\t\t\t\t\t\t\t\t<button class=\"nav-tab-accordion \"><span>&#10093;<\/span><span> Castillo<\/span><\/button>\n\t\t\t\t\t\t\t\t\n\t\t\t\t\t\t\t\t\t<button class=\"nav-tab-accordion \"><span>&#10093;<\/span><span> Ayuntamiento Viejo<\/span><\/button>\n\t\t\t\t\t\t\t\t\n\t\t\t\t\t\t\t\t\t<button class=\"nav-tab-accordion \"><span>&#10093;<\/span><span> Iglesia de San Juan Bautista<\/span><\/button>\n\t\t\t\t\t\t\t\t\n\t\t\t\t\t\t\t\t\t<button class=\"nav-tab-accordion \"><span>&#10093;<\/span><span> Antiguo Hospital de la Encarnaci\u00f3n<\/span><\/button>\n\t\t\t\t\t\t\t\t\n\t\t\t\t\t\t\t<\/nav>\n\t\t\t\t\t\t<\/div>\n\n\t\t\t\t\t\t\n\t\t\t\t\t\t\t<div class=\"accordion__accordion-content \">\n\t\t\t\t\t\t\t\t<div>\n\t\t\t\t\t\t\t\t\t<div>\n\t\t\t\t\t\t\t\t\t\t<h4>Puente Nuevo o de Piedra<\/h4>\n\t\t\t\t\t\t\t\t\t\t<p>Die als Neue oder Steinerne Br\u00fccke bekannte Br\u00fccke wurde um das 12. Jahrhundert \u00fcber den Fluss Douro gebaut und verbindet das Stadtzentrum mit den Vierteln auf der anderen Seite des Flusses.\n\t\t\t\t\t\t\t\t\t<\/div>\n\t\t\t\t\t\t\t\t\t<img decoding=\"async\" src=\"https:\/\/cdn.pilgrim.es\/web\/caminos\/via-de-la-plata\/pueblos\/zamora\/puntos-de-interes\/puente-nuevo-o-de-piedra.jpg\" alt=\"Puente Nuevo o de Piedra\">\n\t\t\t\t\t\t\t\t<\/div>\n\t\t\t\t\t\t\t<\/div>\n\t\t\t\t\t\t\n\t\t\t\t\t\t\t<div class=\"accordion__accordion-content inactive\">\n\t\t\t\t\t\t\t\t<div>\n\t\t\t\t\t\t\t\t\t<div>\n\t\t\t\t\t\t\t\t\t\t<h4>Plaza Mayor<\/h4>\n\t\t\t\t\t\t\t\t\t\t<p>Die Plaza Mayor hat einen quadratischen Grundriss und ist von einer Reihe von emblematischen Geb\u00e4uden umgeben, darunter das aktuelle Rathaus, das alte Rathaus und die Kirche San Juan Bautista. <\/p>\n\n<p>Auf dem Platz befinden sich mehrere Denkm\u00e4ler. Das herausragendste ist &#8222;El Merl\u00fa&#8220;, das die Bedeutung der Osterwoche in der Stadt symbolisiert und sich neben der Kirche befindet.\n\t\t\t\t\t\t\t\t\t<\/div>\n\t\t\t\t\t\t\t\t\t<img decoding=\"async\" src=\"https:\/\/cdn.pilgrim.es\/web\/caminos\/via-de-la-plata\/pueblos\/zamora\/puntos-de-interes\/plaza-mayor.jpg\" alt=\"Plaza Mayor\">\n\t\t\t\t\t\t\t\t<\/div>\n\t\t\t\t\t\t\t<\/div>\n\t\t\t\t\t\t\n\t\t\t\t\t\t\t<div class=\"accordion__accordion-content inactive\">\n\t\t\t\t\t\t\t\t<div>\n\t\t\t\t\t\t\t\t\t<div>\n\t\t\t\t\t\t\t\t\t\t<h4>Plaza de Viriato<\/h4>\n\t\t\t\t\t\t\t\t\t\t<p>Die Viriato-Plaza befindet sich im alten Stadtkern von Zamora und ist einer der bedeutendsten Freizeitbereiche, da sich hier der Palast der Grafen von Alba und Aliste, der heute als Parador-Hotel genutzt wird, sowie der Provinzrat befinden. <\/p>\n\n<p>Auf diesem Platz, der sich durch seinen gro\u00dfen Baumbestand auszeichnet, steht die Skulptur des Viriato, die an den Sieg dieses lusitanischen Anf\u00fchrers \u00fcber die R\u00f6mer erinnert.<\/p> <p>Auf dem Platz steht auch eine Skulptur des Viriato, die an den Sieg dieses lusitanischen Anf\u00fchrers \u00fcber die R\u00f6mer erinnert.\n\t\t\t\t\t\t\t\t\t<\/div>\n\t\t\t\t\t\t\t\t\t<img decoding=\"async\" src=\"https:\/\/cdn.pilgrim.es\/web\/caminos\/via-de-la-plata\/pueblos\/zamora\/puntos-de-interes\/plaza-de-viriato.jpg\" alt=\"Plaza de Viriato\">\n\t\t\t\t\t\t\t\t<\/div>\n\t\t\t\t\t\t\t<\/div>\n\t\t\t\t\t\t\n\t\t\t\t\t\t\t<div class=\"accordion__accordion-content inactive\">\n\t\t\t\t\t\t\t\t<div>\n\t\t\t\t\t\t\t\t\t<div>\n\t\t\t\t\t\t\t\t\t\t<h4>Palacio del Cord\u00f3n<\/h4>\n\t\t\t\t\t\t\t\t\t\t<p>Der Palacio del Cord\u00f3n ist ein Geb\u00e4ude aus dem fr\u00fchen 16. Jahrhundert und war im Besitz der Familie Pu\u00f1onrostro, weshalb er auch als Pu\u00f1orostro-Palast bekannt ist. Die Fassade des Geb\u00e4udes ist sehr schlicht und der franziskanische Kordon \u00fcber dem Eingangstor sticht hervor. Dar\u00fcber sind die Wappen der Grafen von Pu\u00f1onrostro zu sehen.\n\t\t\t\t\t\t\t\t\t<\/div>\n\t\t\t\t\t\t\t\t\t<img decoding=\"async\" src=\"https:\/\/cdn.pilgrim.es\/web\/caminos\/via-de-la-plata\/pueblos\/zamora\/puntos-de-interes\/palacio-del-cordon.jpg\" alt=\"Palacio del Cord\u00f3n\">\n\t\t\t\t\t\t\t\t<\/div>\n\t\t\t\t\t\t\t<\/div>\n\t\t\t\t\t\t\n\t\t\t\t\t\t\t<div class=\"accordion__accordion-content inactive\">\n\t\t\t\t\t\t\t\t<div>\n\t\t\t\t\t\t\t\t\t<div>\n\t\t\t\t\t\t\t\t\t\t<h4>Palacio de los Momos<\/h4>\n\t\t\t\t\t\t\t\t\t\t<p>Der Palacio de los Momos, der den Stil der Renaissance mit einigen \u00fcppigen gotischen Details verbindet, wurde zwischen dem Ende des 15. und dem Beginn des 16. Jahrhunderts erbaut. Jahrhunderts im Auftrag von Pedro de Ledesma, Kommandant von Pe\u00f1ausende, erbaut.\n\t\t\t\t\t\t\t\t\t<\/div>\n\t\t\t\t\t\t\t\t\t<img decoding=\"async\" src=\"https:\/\/cdn.pilgrim.es\/web\/caminos\/via-de-la-plata\/pueblos\/zamora\/puntos-de-interes\/palacio-de-los-momos.jpg\" alt=\"Palacio de los Momos\">\n\t\t\t\t\t\t\t\t<\/div>\n\t\t\t\t\t\t\t<\/div>\n\t\t\t\t\t\t\n\t\t\t\t\t\t\t<div class=\"accordion__accordion-content inactive\">\n\t\t\t\t\t\t\t\t<div>\n\t\t\t\t\t\t\t\t\t<div>\n\t\t\t\t\t\t\t\t\t\t<h4>Palacio de Arias Gonzalo<\/h4>\n\t\t\t\t\t\t\t\t\t\t<p>Der Palast von Arias Gonzalo, auch als Casa del Cid bekannt, stammt aus dem 11. Jahrhundert und wurde 1931 zum kunsthistorischen Denkmal erkl\u00e4rt. Der Cid und die S\u00f6hne von Fernando I. wurden in diesem Haus aufgezogen, letztere unter der Vormundschaft von Arias Gonzalo. <\/p>\n\t\t\t\t\t\t\t\t\t<\/div>\n\t\t\t\t\t\t\t\t\t<img decoding=\"async\" src=\"https:\/\/cdn.pilgrim.es\/web\/caminos\/via-de-la-plata\/pueblos\/zamora\/puntos-de-interes\/palacio-de-arias-gonzalo.jpg\" alt=\"Palacio de Arias Gonzalo\">\n\t\t\t\t\t\t\t\t<\/div>\n\t\t\t\t\t\t\t<\/div>\n\t\t\t\t\t\t\n\t\t\t\t\t\t\t<div class=\"accordion__accordion-content inactive\">\n\t\t\t\t\t\t\t\t<div>\n\t\t\t\t\t\t\t\t\t<div>\n\t\t\t\t\t\t\t\t\t\t<h4>Museo Etnogr\u00e1fico de Castilla y Le\u00f3n<\/h4>\n\t\t\t\t\t\t\t\t\t\t<p>Das Ethnographische Museum von Kastilien und Le\u00f3n befindet sich im historischen Zentrum der Stadt Zamora und beherbergt eine der besten ethnographischen Sammlungen Spaniens. Es wurde mit dem Ziel gegr\u00fcndet, die wissenschaftlichen Disziplinen, die mit dem ethnografischen Erbe der Gemeinschaft Kastilien und Le\u00f3n verbunden sind, durch Ausstellungen und andere interaktive Aktivit\u00e4ten zu verbreiten und hervorzuheben.\n\t\t\t\t\t\t\t\t\t<\/div>\n\t\t\t\t\t\t\t\t\t<img decoding=\"async\" src=\"https:\/\/cdn.pilgrim.es\/web\/caminos\/via-de-la-plata\/pueblos\/zamora\/puntos-de-interes\/museo-etnografico-de-castilla-y-leon.jpg\" alt=\"Museo Etnogr\u00e1fico de Castilla y Le\u00f3n\">\n\t\t\t\t\t\t\t\t<\/div>\n\t\t\t\t\t\t\t<\/div>\n\t\t\t\t\t\t\n\t\t\t\t\t\t\t<div class=\"accordion__accordion-content inactive\">\n\t\t\t\t\t\t\t\t<div>\n\t\t\t\t\t\t\t\t\t<div>\n\t\t\t\t\t\t\t\t\t\t<h4>Museo Diocesano<\/h4>\n\t\t\t\t\t\t\t\t\t\t<p>Die Kirche Santo Tom\u00e9 beherbergt den Sitz des Di\u00f6zesanmuseums von Zamora, das eine Sammlung von mehr als 130 Skulpturen, Gem\u00e4lden, Gold- und Silberarbeiten, M\u00f6beln, Metall und Stein aus dem 1. bis 19. Diese Werke sind religi\u00f6ser Natur, auch wenn sie verschiedenen k\u00fcnstlerischen Stilen angeh\u00f6ren: Westgotik, Hispano-Romanik, Romanik, Gotik, Renaissance, Barock, usw. <\/p>\n\t\t\t\t\t\t\t\t\t<\/div>\n\t\t\t\t\t\t\t\t\t<img decoding=\"async\" src=\"https:\/\/cdn.pilgrim.es\/web\/caminos\/via-de-la-plata\/pueblos\/zamora\/puntos-de-interes\/museo-diocesano.jpg\" alt=\"Museo Diocesano\">\n\t\t\t\t\t\t\t\t<\/div>\n\t\t\t\t\t\t\t<\/div>\n\t\t\t\t\t\t\n\t\t\t\t\t\t\t<div class=\"accordion__accordion-content inactive\">\n\t\t\t\t\t\t\t\t<div>\n\t\t\t\t\t\t\t\t\t<div>\n\t\t\t\t\t\t\t\t\t\t<h4>Museo de Semana Santa de Zamora<\/h4>\n\t\t\t\t\t\t\t\t\t\t<p>Das Museum der Karwoche in Zamora wurde mit dem Ziel gegr\u00fcndet, die verschiedenen Bildwerke, die von gro\u00dfem Wert sind, zu erhalten und auszustellen sowie die Bedeutung der sakralen Kunst zu verbreiten. Das Museum beherbergt insgesamt sechsunddrei\u00dfig Skulpturengruppen von gro\u00dfer k\u00fcnstlerischer Bedeutung, wie die der Bildhauer Mariano Benlliure, Ram\u00f3n \u00c1lvarez und Ruiz de Zumeta. In der Osterwoche werden diese religi\u00f6sen Schnitzereien in einer Prozession vorgef\u00fchrt.\n\t\t\t\t\t\t\t\t\t<\/div>\n\t\t\t\t\t\t\t\t\t<img decoding=\"async\" src=\"https:\/\/cdn.pilgrim.es\/web\/caminos\/via-de-la-plata\/pueblos\/zamora\/puntos-de-interes\/museo-de-semana-santa-de-zamora.jpg\" alt=\"Museo de Semana Santa de Zamora\">\n\t\t\t\t\t\t\t\t<\/div>\n\t\t\t\t\t\t\t<\/div>\n\t\t\t\t\t\t\n\t\t\t\t\t\t\t<div class=\"accordion__accordion-content inactive\">\n\t\t\t\t\t\t\t\t<div>\n\t\t\t\t\t\t\t\t\t<div>\n\t\t\t\t\t\t\t\t\t\t<h4>Museo Catedralicio<\/h4>\n\t\t\t\t\t\t\t\t\t\t<p>Das Kathedralmuseum befindet sich im Kreuzgang der Kathedrale von Zamora. Es ist zwar klein, beherbergt aber eine gro\u00dfe Anzahl von bedeutenden St\u00fccken von hervorragender Qualit\u00e4t. Das Museum beherbergt verschiedene Werke der Malerei, Bildhauerei, Wandteppiche sowie Gold- und Silberarbeiten, darunter das Marmorbild der Jungfrau mit dem Kind und dem Heiligen Johannes, die Fronleichnamsmonstranz aus dem fr\u00fchen 16. Jahrhundert und den Gr\u00fcndonnerstagsaltar aus Silber aus der ersten H\u00e4lfte des 18. Das wertvollste Element des Museums ist jedoch zweifellos eine Sammlung fl\u00e4mischer Wandteppiche aus dem 15. Jahrhundert, die den Trojanischen Krieg und die Geschichte von Priscus Tarquinus, dem K\u00f6nig von Rom, darstellen. Diese Sammlung stammt aus Werkst\u00e4tten in Arras, Tournai und Br\u00fcssel.\n\t\t\t\t\t\t\t\t\t<\/div>\n\t\t\t\t\t\t\t\t\t<img decoding=\"async\" src=\"https:\/\/cdn.pilgrim.es\/web\/caminos\/via-de-la-plata\/pueblos\/zamora\/puntos-de-interes\/museo-catedralicio.jpg\" alt=\"Museo Catedralicio\">\n\t\t\t\t\t\t\t\t<\/div>\n\t\t\t\t\t\t\t<\/div>\n\t\t\t\t\t\t\n\t\t\t\t\t\t\t<div class=\"accordion__accordion-content inactive\">\n\t\t\t\t\t\t\t\t<div>\n\t\t\t\t\t\t\t\t\t<div>\n\t\t\t\t\t\t\t\t\t\t<h4>Muralla de Zamora<\/h4>\n\t\t\t\t\t\t\t\t\t\t<p>Die Stadtmauer von Zamora ist auch unter dem Namen &#8222;La bien cercada&#8220; bekannt, ein Begriff, den man versteht, wenn man die Stadt kennenlernt und sieht, dass sie von insgesamt drei Mauern verteidigt wird.<\/p> <p>Die Stadtmauer von Zamora ist auch unter dem Namen &#8222;La bien cercada&#8220; bekannt, ein Begriff, den man versteht, wenn man die Stadt kennenlernt und sieht, dass sie von insgesamt drei Mauern verteidigt wird.\n\t\t\t\t\t\t\t\t\t<\/div>\n\t\t\t\t\t\t\t\t\t<img decoding=\"async\" src=\"https:\/\/cdn.pilgrim.es\/web\/caminos\/via-de-la-plata\/pueblos\/zamora\/puntos-de-interes\/muralla-de-zamora.jpg\" alt=\"Muralla de Zamora\">\n\t\t\t\t\t\t\t\t<\/div>\n\t\t\t\t\t\t\t<\/div>\n\t\t\t\t\t\t\n\t\t\t\t\t\t\t<div class=\"accordion__accordion-content inactive\">\n\t\t\t\t\t\t\t\t<div>\n\t\t\t\t\t\t\t\t\t<div>\n\t\t\t\t\t\t\t\t\t\t<h4>La Catedral<\/h4>\n\t\t\t\t\t\t\t\t\t\t<p>Die Kathedrale von Zamora zeichnet sich dadurch aus, dass sie eine der kleinsten der Gemeinde ist. Ende des 19. Jahrhunderts wurde sie durch den k\u00f6niglichen Erlass zum Nationaldenkmal erkl\u00e4rt. F\u00fcr diese Kathedrale gibt es Dokumente, die belegen, dass ihre Arbeiten, zumindest die Fundamente, bereits in der ersten H\u00e4lfte des 12. Jahrhunderts begonnen wurden, denn als Bischof Bernardo starb, waren sowohl der Chor als auch das s\u00fcdliche Kirchenschiff und das Portal bereits fertiggestellt. In der zweiten H\u00e4lfte des 12. Jahrhunderts wurden die Arbeiten unter Bischof Stephan wieder aufgenommen, w\u00e4hrend unter Bischof Wilhelm der Hauptteil der Kirche und das Querschiff errichtet wurden.\n\t\t\t\t\t\t\t\t\t<\/div>\n\t\t\t\t\t\t\t\t\t<img decoding=\"async\" src=\"https:\/\/cdn.pilgrim.es\/web\/caminos\/via-de-la-plata\/pueblos\/zamora\/puntos-de-interes\/la-catedral.jpg\" alt=\"La Catedral\">\n\t\t\t\t\t\t\t\t<\/div>\n\t\t\t\t\t\t\t<\/div>\n\t\t\t\t\t\t\n\t\t\t\t\t\t\t<div class=\"accordion__accordion-content inactive\">\n\t\t\t\t\t\t\t\t<div>\n\t\t\t\t\t\t\t\t\t<div>\n\t\t\t\t\t\t\t\t\t\t<h4>La Alh\u00f3ndiga del Pan<\/h4>\n\t\t\t\t\t\t\t\t\t\t<p>Die Alh\u00f3ndiga de pan ist ein altes Geb\u00e4ude, das um das 16. Jahrhundert herum errichtet wurde und als Getreidelager diente. W\u00e4hrend des Unabh\u00e4ngigkeitskrieges erlitt es erhebliche Sch\u00e4den und wurde sp\u00e4ter als Gef\u00e4ngnis genutzt. Sp\u00e4ter wurde das Geb\u00e4ude f\u00fcr industrielle Zwecke genutzt und dann aufgegeben. Heute ist das Geb\u00e4ude nach einer Restaurierung in ein Kulturzentrum umgewandelt worden.\n\n<p>Auf der West- und der S\u00fcdfassade sind die Wappen der Katholischen K\u00f6nige und Philipps II. zu sehen.<\/p> <p>Das Geb\u00e4ude wurde restauriert und erstrahlt nun in seinem alten Glanz.\n\n<p>INFORMATIONEN VON INTERESSE<\/p> <p>Informationen von Interesse<\/p> <p>Informationen zum Geb\u00e4ude<\/p> &lt;p\n\n<p>E-Mail: cultura@zamora.esTel\u00e9fono: 980 508 028<\/p> <p>E-Mail: cultura@zamora.esTel\u00e9fono: 980 508 028<\/p>\n\t\t\t\t\t\t\t\t\t<\/div>\n\t\t\t\t\t\t\t\t\t<img decoding=\"async\" src=\"https:\/\/cdn.pilgrim.es\/web\/caminos\/via-de-la-plata\/pueblos\/zamora\/puntos-de-interes\/la-alhondiga-del-pan.jpg\" alt=\"La Alh\u00f3ndiga del Pan\">\n\t\t\t\t\t\t\t\t<\/div>\n\t\t\t\t\t\t\t<\/div>\n\t\t\t\t\t\t\n\t\t\t\t\t\t\t<div class=\"accordion__accordion-content inactive\">\n\t\t\t\t\t\t\t\t<div>\n\t\t\t\t\t\t\t\t\t<div>\n\t\t\t\t\t\t\t\t\t\t<h4>Iglesia de Santiago del Burgo<\/h4>\n\t\t\t\t\t\t\t\t\t\t<p>Die Kirche von Santiago del Burgo wurde 1915 zum Nationaldenkmal erkl\u00e4rt. Es handelt sich um ein sp\u00e4tromanisches Gotteshaus aus dem 12. Jahrhundert, das als Unterkunft f\u00fcr die Gemeindemitglieder der Gegend gebaut wurde. <\/p>\n\t\t\t\t\t\t\t\t\t<\/div>\n\t\t\t\t\t\t\t\t\t<img decoding=\"async\" src=\"https:\/\/cdn.pilgrim.es\/web\/caminos\/via-de-la-plata\/pueblos\/zamora\/puntos-de-interes\/iglesia-de-santiago-del-burgo.jpg\" alt=\"Iglesia de Santiago del Burgo\">\n\t\t\t\t\t\t\t\t<\/div>\n\t\t\t\t\t\t\t<\/div>\n\t\t\t\t\t\t\n\t\t\t\t\t\t\t<div class=\"accordion__accordion-content inactive\">\n\t\t\t\t\t\t\t\t<div>\n\t\t\t\t\t\t\t\t\t<div>\n\t\t\t\t\t\t\t\t\t\t<h4>Iglesia de Santa Mar\u00eda de la Horta<\/h4>\n\t\t\t\t\t\t\t\t\t\t<p>Die Kirche Santa Maria de la Horta wurde 1931 zum Nationaldenkmal erkl\u00e4rt. Sie wurde im 12. Jahrhundert erbaut und geh\u00f6rte den Johannitern des Ordens des Heiligen Johannes von Jerusalem und sp\u00e4ter den Nonnen desselben Ordens und wurde fr\u00fcher als Kloster genutzt.\n\t\t\t\t\t\t\t\t\t<\/div>\n\t\t\t\t\t\t\t\t\t<img decoding=\"async\" src=\"https:\/\/cdn.pilgrim.es\/web\/caminos\/via-de-la-plata\/pueblos\/zamora\/puntos-de-interes\/iglesia-de-santa-maria-de-la-horta.jpg\" alt=\"Iglesia de Santa Mar\u00eda de la Horta\">\n\t\t\t\t\t\t\t\t<\/div>\n\t\t\t\t\t\t\t<\/div>\n\t\t\t\t\t\t\n\t\t\t\t\t\t\t<div class=\"accordion__accordion-content inactive\">\n\t\t\t\t\t\t\t\t<div>\n\t\t\t\t\t\t\t\t\t<div>\n\t\t\t\t\t\t\t\t\t\t<h4>Iglesia de San Pedro y San Ildefonso<\/h4>\n\t\t\t\t\t\t\t\t\t\t<p>Die Kirche von San Pedro und San Ildefonso wurde 1974 zum Nationaldenkmal erkl\u00e4rt. Ab dem 15. Jahrhundert wurde sie mehrfach umgebaut, so dass von dem urspr\u00fcnglichen romanischen Stil nur noch wenig \u00fcbrig geblieben ist.\n\t\t\t\t\t\t\t\t\t<\/div>\n\t\t\t\t\t\t\t\t\t<img decoding=\"async\" src=\"https:\/\/cdn.pilgrim.es\/web\/caminos\/via-de-la-plata\/pueblos\/zamora\/puntos-de-interes\/iglesia-de-san-pedro-y-san-ildefonso.jpg\" alt=\"Iglesia de San Pedro y San Ildefonso\">\n\t\t\t\t\t\t\t\t<\/div>\n\t\t\t\t\t\t\t<\/div>\n\t\t\t\t\t\t\n\t\t\t\t\t\t\t<div class=\"accordion__accordion-content inactive\">\n\t\t\t\t\t\t\t\t<div>\n\t\t\t\t\t\t\t\t\t<div>\n\t\t\t\t\t\t\t\t\t\t<h4>Iglesia de San Isidoro<\/h4>\n\t\t\t\t\t\t\t\t\t\t<p>Die Kirche San Isidoro wurde im 12. Jahrhundert erbaut und ist im Volksmund als Carmen del Castillo bekannt, da sie seit Ende des 17. Jahrhunderts die Bruderschaft Carmen del Castillo beherbergt. <\/p> <p>Die Kirche ist seit Ende des 17.\n\n<p>Sie besteht aus Sandsteinmauerwerk und gliedert sich in ein Schiff mit drei Jochen, einen quadratischen Chor und einen Glockenturm mit drei flachen Archivolten am Nordportal.\n\t\t\t\t\t\t\t\t\t<\/div>\n\t\t\t\t\t\t\t\t\t<img decoding=\"async\" src=\"https:\/\/cdn.pilgrim.es\/web\/caminos\/via-de-la-plata\/pueblos\/zamora\/puntos-de-interes\/iglesia-de-san-isidoro.jpg\" alt=\"Iglesia de San Isidoro\">\n\t\t\t\t\t\t\t\t<\/div>\n\t\t\t\t\t\t\t<\/div>\n\t\t\t\t\t\t\n\t\t\t\t\t\t\t<div class=\"accordion__accordion-content inactive\">\n\t\t\t\t\t\t\t\t<div>\n\t\t\t\t\t\t\t\t\t<div>\n\t\t\t\t\t\t\t\t\t\t<h4>Iglesia de San Esteban<\/h4>\n\t\t\t\t\t\t\t\t\t\t<p>Die Kirche San Esteban ist ein romanisches Gotteshaus aus dem 12. Jahrhundert, dessen Inneres im 18. Jahrhundert mehrfach umgebaut wurde. Jahrhundert zahlreiche Umbauten erfuhr. Von au\u00dfen ist die alte Struktur erhalten geblieben, mit einem basilikalen Grundriss, der sich in drei Schiffe mit je vier Schiffen und ein Schiff mit drei rechteckigen Apsiden gliedert. <\/p>\n\t\t\t\t\t\t\t\t\t<\/div>\n\t\t\t\t\t\t\t\t\t<img decoding=\"async\" src=\"https:\/\/cdn.pilgrim.es\/web\/caminos\/via-de-la-plata\/pueblos\/zamora\/puntos-de-interes\/iglesia-de-san-esteban.jpg\" alt=\"Iglesia de San Esteban\">\n\t\t\t\t\t\t\t\t<\/div>\n\t\t\t\t\t\t\t<\/div>\n\t\t\t\t\t\t\n\t\t\t\t\t\t\t<div class=\"accordion__accordion-content inactive\">\n\t\t\t\t\t\t\t\t<div>\n\t\t\t\t\t\t\t\t\t<div>\n\t\t\t\t\t\t\t\t\t\t<h4>Iglesia de San Cipriano<\/h4>\n\t\t\t\t\t\t\t\t\t\t<p>Die Kirche San Cipriano wurde 1931 zum Nationaldenkmal erkl\u00e4rt und ist eine der \u00e4ltesten Kirchen der Stadt, die im 11. Jahrhundert erbaut wurde, obwohl sie in sp\u00e4teren Jahrhunderten zahlreiche Ver\u00e4nderungen erfuhr. <\/p>\n\t\t\t\t\t\t\t\t\t<\/div>\n\t\t\t\t\t\t\t\t\t<img decoding=\"async\" src=\"https:\/\/cdn.pilgrim.es\/web\/caminos\/via-de-la-plata\/pueblos\/zamora\/puntos-de-interes\/iglesia-de-san-cipriano.jpg\" alt=\"Iglesia de San Cipriano\">\n\t\t\t\t\t\t\t\t<\/div>\n\t\t\t\t\t\t\t<\/div>\n\t\t\t\t\t\t\n\t\t\t\t\t\t\t<div class=\"accordion__accordion-content inactive\">\n\t\t\t\t\t\t\t\t<div>\n\t\t\t\t\t\t\t\t\t<div>\n\t\t\t\t\t\t\t\t\t\t<h4>Iglesia de San Andr\u00e9s<\/h4>\n\t\t\t\t\t\t\t\t\t\t<p>Die Kirche San Andr\u00e9s wurde im 12. Jahrhundert von der Familie Sotelo erbaut, obwohl sie sp\u00e4ter im 16. Von der urspr\u00fcnglichen Konstruktion sind nur noch der Turm und ein Teil der Nordfassade erhalten. Die gro\u00dfe Kirche hat ein einziges Schiff mit zwei miteinander verbundenen Zwillingskapellen im Altarraum. <\/p>\n\t\t\t\t\t\t\t\t\t<\/div>\n\t\t\t\t\t\t\t\t\t<img decoding=\"async\" src=\"https:\/\/cdn.pilgrim.es\/web\/caminos\/via-de-la-plata\/pueblos\/zamora\/puntos-de-interes\/iglesia-de-san-andres.jpg\" alt=\"Iglesia de San Andr\u00e9s\">\n\t\t\t\t\t\t\t\t<\/div>\n\t\t\t\t\t\t\t<\/div>\n\t\t\t\t\t\t\n\t\t\t\t\t\t\t<div class=\"accordion__accordion-content inactive\">\n\t\t\t\t\t\t\t\t<div>\n\t\t\t\t\t\t\t\t\t<div>\n\t\t\t\t\t\t\t\t\t\t<h4>Iglesia de la Magdalena<\/h4>\n\t\t\t\t\t\t\t\t\t\t<p>Die Kirche La Magdalena wurde Anfang des 20. Jahrhunderts zum Nationaldenkmal erkl\u00e4rt. Es handelt sich um eine Kirche, die bis zum 19. Jahrhundert den Orden der Templer, der Hospitaliter und des Ordens des Heiligen Johannes von Jerusalem geh\u00f6rte. Sie wurde im 12. Jahrhundert erbaut und zeichnet sich durch ihre Eleganz und Reinheit aus, weshalb sie als eine der sch\u00f6nsten der Stadt gilt. Die Kirche wurde in zwei Perioden erbaut, in der ersten wurde das gesamte Gew\u00f6lbe des Kirchenschiffs errichtet und in der zweiten, nach dem Einsturz des Kirchenschiffs, wurde der obere Teil der S\u00fcdwand rekonstruiert, wobei Fenster im gotischen Stil und eine Holzverkleidung eingebaut wurden. <\/p>\n\t\t\t\t\t\t\t\t\t<\/div>\n\t\t\t\t\t\t\t\t\t<img decoding=\"async\" src=\"https:\/\/cdn.pilgrim.es\/web\/caminos\/via-de-la-plata\/pueblos\/zamora\/puntos-de-interes\/iglesia-de-la-magdalena.jpg\" alt=\"Iglesia de la Magdalena\">\n\t\t\t\t\t\t\t\t<\/div>\n\t\t\t\t\t\t\t<\/div>\n\t\t\t\t\t\t\n\t\t\t\t\t\t\t<div class=\"accordion__accordion-content inactive\">\n\t\t\t\t\t\t\t\t<div>\n\t\t\t\t\t\t\t\t\t<div>\n\t\t\t\t\t\t\t\t\t\t<h4>Ermita de Nuestra Se\u00f1ora de los Remedios<\/h4>\n\t\t\t\t\t\t\t\t\t\t<p>Die Einsiedelei Nuestra Se\u00f1ora de los Remedios, die urspr\u00fcnglich Nuestra Se\u00f1ora de Los Olleros hie\u00df, wurde um das 12. Jahrhundert erbaut und ist daher im sp\u00e4tromanischen Stil gehalten. Von dieser Zeit ist jedoch aufgrund der im 18. Jahrhundert durchgef\u00fchrten Umgestaltung kaum noch etwas erhalten.\n\t\t\t\t\t\t\t\t\t<\/div>\n\t\t\t\t\t\t\t\t\t<img decoding=\"async\" src=\"https:\/\/cdn.pilgrim.es\/web\/caminos\/via-de-la-plata\/pueblos\/zamora\/puntos-de-interes\/ermita-de-nuestra-senora-de-los-remedios.jpg\" alt=\"Ermita de Nuestra Se\u00f1ora de los Remedios\">\n\t\t\t\t\t\t\t\t<\/div>\n\t\t\t\t\t\t\t<\/div>\n\t\t\t\t\t\t\n\t\t\t\t\t\t\t<div class=\"accordion__accordion-content inactive\">\n\t\t\t\t\t\t\t\t<div>\n\t\t\t\t\t\t\t\t\t<div>\n\t\t\t\t\t\t\t\t\t\t<h4>Museo Baltasar Lobo<\/h4>\n\t\t\t\t\t\t\t\t\t\t<p>Das Museum Baltasar Lobo befindet sich in der Burg von Zamora und beherbergt das wiedergefundene Werk dieses zeitgen\u00f6ssischen K\u00fcnstlers, das sich auf die ideale Vision des weiblichen K\u00f6rpers bezieht. Dieser Bildhauer stammte aus Zamora und nach seinem Tod konnten viele seiner Skulpturen in diesem Museum ausgestellt werden.\n\t\t\t\t\t\t\t\t\t<\/div>\n\t\t\t\t\t\t\t\t\t<img decoding=\"async\" src=\"https:\/\/cdn.pilgrim.es\/web\/caminos\/via-de-la-plata\/pueblos\/zamora\/puntos-de-interes\/museo-baltasar-lobo.jpg\" alt=\"Museo Baltasar Lobo\">\n\t\t\t\t\t\t\t\t<\/div>\n\t\t\t\t\t\t\t<\/div>\n\t\t\t\t\t\t\n\t\t\t\t\t\t\t<div class=\"accordion__accordion-content inactive\">\n\t\t\t\t\t\t\t\t<div>\n\t\t\t\t\t\t\t\t\t<div>\n\t\t\t\t\t\t\t\t\t\t<h4>Convento del Corpus Christi<\/h4>\n\t\t\t\t\t\t\t\t\t\t<p>Das Kloster Corpus Christi wurde zum Kulturgut erkl\u00e4rt. Es geh\u00f6rte dem Orden der entlassenen Klarissen, wurde zu Beginn des 16. Jahrhunderts erbaut und besteht aus einer gro\u00dfen Anzahl von Nebengeb\u00e4uden um einen Kreuzgang. <\/p>\n\t\t\t\t\t\t\t\t\t<\/div>\n\t\t\t\t\t\t\t\t\t<img decoding=\"async\" src=\"https:\/\/cdn.pilgrim.es\/web\/caminos\/via-de-la-plata\/pueblos\/zamora\/puntos-de-interes\/convento-del-corpus-christi.jpg\" alt=\"Convento del Corpus Christi\">\n\t\t\t\t\t\t\t\t<\/div>\n\t\t\t\t\t\t\t<\/div>\n\t\t\t\t\t\t\n\t\t\t\t\t\t\t<div class=\"accordion__accordion-content inactive\">\n\t\t\t\t\t\t\t\t<div>\n\t\t\t\t\t\t\t\t\t<div>\n\t\t\t\t\t\t\t\t\t\t<h4>Iglesia de Santo Tom\u00e9<\/h4>\n\t\t\t\t\t\t\t\t\t\t<p>Die Kirche von Santo Tom\u00e9 wurde 1931 zum Nationaldenkmal erkl\u00e4rt. Es handelt sich um eine Kirche, die vorromanische Einfl\u00fcsse bewahrt hat und daher als eine der \u00e4ltesten der Stadt gilt. <\/p>\n\t\t\t\t\t\t\t\t\t<\/div>\n\t\t\t\t\t\t\t\t\t<img decoding=\"async\" src=\"https:\/\/cdn.pilgrim.es\/web\/caminos\/via-de-la-plata\/pueblos\/zamora\/puntos-de-interes\/iglesia-de-santo-tome.jpg\" alt=\"Iglesia de Santo Tom\u00e9\">\n\t\t\t\t\t\t\t\t<\/div>\n\t\t\t\t\t\t\t<\/div>\n\t\t\t\t\t\t\n\t\t\t\t\t\t\t<div class=\"accordion__accordion-content inactive\">\n\t\t\t\t\t\t\t\t<div>\n\t\t\t\t\t\t\t\t\t<div>\n\t\t\t\t\t\t\t\t\t\t<h4>Convento de San Francisco<\/h4>\n\t\t\t\t\t\t\t\t\t\t<p>Das Kloster von San Francisco wurde 1246 vom Franziskanerorden neben der Kapelle Nuestra Se\u00f1ora de los Milagros erbaut. Im Jahr 1443 wurde das Kloster renoviert und im 16. Jahrhundert wurden die meisten Einrichtungen des Klosters erneuert. Derzeit wird es als Sitz der spanisch-portugiesischen Stiftung Rei Afonso Henriques genutzt.\n\n<p>STUNDEN<\/p>\n\n<p>Vormittags von 10:00 bis 14:00 UhrNachmittags von 17:00 bis 20:00 Uhr<\/p> <p>Vormittags von 10:00 bis 14:00 UhrNachmittags von 17:00 bis 20:00 Uhr<\/p>\n\t\t\t\t\t\t\t\t\t<\/div>\n\t\t\t\t\t\t\t\t\t<img decoding=\"async\" src=\"https:\/\/cdn.pilgrim.es\/web\/caminos\/via-de-la-plata\/pueblos\/zamora\/puntos-de-interes\/convento-de-san-francisco.jpg\" alt=\"Convento de San Francisco\">\n\t\t\t\t\t\t\t\t<\/div>\n\t\t\t\t\t\t\t<\/div>\n\t\t\t\t\t\t\n\t\t\t\t\t\t\t<div class=\"accordion__accordion-content inactive\">\n\t\t\t\t\t\t\t\t<div>\n\t\t\t\t\t\t\t\t\t<div>\n\t\t\t\t\t\t\t\t\t\t<h4>Castillo<\/h4>\n\t\t\t\t\t\t\t\t\t\t<p>Die Burg ist das repr\u00e4sentativste Element der Geschichte von Zamora und daher ist diese touristische Ressource seit 1931 als Teil des spanischen historischen Erbes gesch\u00fctzt.<\/p> <p>Die Burg ist das repr\u00e4sentativste Element der Geschichte von Zamora und daher ist diese touristische Ressource seit 1931 als Teil des spanischen historischen Erbes gesch\u00fctzt.\n\n<p>Den Unterlagen zufolge wurde die Burg im Auftrag von Alfonso II. erbaut, doch anderen Forschungen verschiedener Historiker zufolge wurde sie von Fernando I. in Auftrag gegeben. Somit w\u00fcrde das Geb\u00e4ude auf die Mitte des 11. Jahrhunderts zur\u00fcckgehen, obwohl aus dieser Zeit kaum \u00dcberreste erhalten sind.\n\t\t\t\t\t\t\t\t\t<\/div>\n\t\t\t\t\t\t\t\t\t<img decoding=\"async\" src=\"https:\/\/cdn.pilgrim.es\/web\/caminos\/via-de-la-plata\/pueblos\/zamora\/puntos-de-interes\/castillo.jpg\" alt=\"Castillo\">\n\t\t\t\t\t\t\t\t<\/div>\n\t\t\t\t\t\t\t<\/div>\n\t\t\t\t\t\t\n\t\t\t\t\t\t\t<div class=\"accordion__accordion-content inactive\">\n\t\t\t\t\t\t\t\t<div>\n\t\t\t\t\t\t\t\t\t<div>\n\t\t\t\t\t\t\t\t\t\t<h4>Ayuntamiento Viejo<\/h4>\n\t\t\t\t\t\t\t\t\t\t<p>Das Alte Rathaus von Zamora, im spanischen Platereskenstil, war nicht das urspr\u00fcngliche Rathaus der Stadt, sondern wurde aufgrund der geringen Gr\u00f6\u00dfe des Vorg\u00e4ngerbaus errichtet.<\/p> <p>Das Alte Rathaus von Zamora, im spanischen Platereskenstil, war nicht das urspr\u00fcngliche Rathaus, sondern wurde aufgrund der geringen Gr\u00f6\u00dfe des Vorg\u00e4ngerbaus errichtet.\n\n<p>Es wurde um das 17. Jahrhundert herum errichtet und diente von da an bis in die 1950er Jahre als Rathaus der Stadt Zamora. Heute beherbergt das Geb\u00e4ude die B\u00fcros der Stadtpolizei.\n\t\t\t\t\t\t\t\t\t<\/div>\n\t\t\t\t\t\t\t\t\t<img decoding=\"async\" src=\"https:\/\/cdn.pilgrim.es\/web\/caminos\/via-de-la-plata\/pueblos\/zamora\/puntos-de-interes\/ayuntamiento-viejo.jpg\" alt=\"Ayuntamiento Viejo\">\n\t\t\t\t\t\t\t\t<\/div>\n\t\t\t\t\t\t\t<\/div>\n\t\t\t\t\t\t\n\t\t\t\t\t\t\t<div class=\"accordion__accordion-content inactive\">\n\t\t\t\t\t\t\t\t<div>\n\t\t\t\t\t\t\t\t\t<div>\n\t\t\t\t\t\t\t\t\t\t<h4>Iglesia de San Juan Bautista<\/h4>\n\t\t\t\t\t\t\t\t\t\t<p>Die Kirche San Juan Bautista wurde ab dem 12. Jh. bis ins 14. Jh. erbaut, wobei verschiedene architektonische Stile wie die Zamora-Romanik und die Gotik miteinander vermischt wurden. Das S\u00fcdportal mit einer Rosette, die von zwei S\u00e4ulen und drei halbrunden Archivolten flankiert wird, und das Fenster des Westportals sind die bemerkenswertesten Vertreter der ersteren. <\/p>\n\t\t\t\t\t\t\t\t\t<\/div>\n\t\t\t\t\t\t\t\t\t<img decoding=\"async\" src=\"https:\/\/cdn.pilgrim.es\/web\/caminos\/via-de-la-plata\/pueblos\/zamora\/puntos-de-interes\/iglesia-de-san-juan-bautista.jpg\" alt=\"Iglesia de San Juan Bautista\">\n\t\t\t\t\t\t\t\t<\/div>\n\t\t\t\t\t\t\t<\/div>\n\t\t\t\t\t\t\n\t\t\t\t\t\t\t<div class=\"accordion__accordion-content inactive\">\n\t\t\t\t\t\t\t\t<div>\n\t\t\t\t\t\t\t\t\t<div>\n\t\t\t\t\t\t\t\t\t\t<h4>Antiguo Hospital de la Encarnaci\u00f3n<\/h4>\n\t\t\t\t\t\t\t\t\t\t<p>Das Hospital de la Encarnaci\u00f3n wurde im 17. Jahrhundert erbaut. Es ist ein Geb\u00e4ude im Renaissance-Stil, das als Krankenhaus, Hospiz und Gef\u00e4ngnis diente. Es hat eine klassizistische Fassade, an der ein barockes Hochrelief zu Ehren der Encarnaci\u00f3n hervorsticht.  Das Geb\u00e4ude beherbergt heute den Sitz der Provinzialverwaltung von Zamora.\n\t\t\t\t\t\t\t\t\t<\/div>\n\t\t\t\t\t\t\t\t\t<img decoding=\"async\" src=\"https:\/\/cdn.pilgrim.es\/web\/caminos\/via-de-la-plata\/pueblos\/zamora\/puntos-de-interes\/antiguo-hospital-de-la-encarnacion.jpg\" alt=\"Antiguo Hospital de la Encarnaci\u00f3n\">\n\t\t\t\t\t\t\t\t<\/div>\n\t\t\t\t\t\t\t<\/div>\n\t\t\t\t\t\t\n\t\t\t\t\t<\/div>\n\t\t\t\t<\/div>\n\t\t\t<\/div>\n\t\t\n\n\t\t<div id=\"phonesSection\">\n\t\t\t<div>\n\t\t\t\t<h2 class=\"p-h3-town\">Informationen von Interesse<\/h2>\n\t\t\t<\/div>\n\t\t\t<div class=\"grid\">\n\t\t\t\t\n\t\t\t\t\t<div class=\"phone-number-item\">\n\t\t\t\t\t\t<div class=\"phone-number-item__icon\"><i class=\"icon-police\"><\/i><\/div>\n\t\t\t\t\t\t<div class=\"phone-number-item__title\">\n\t\t\t\t\t\t\t<h3 class=\"p-font-bold\">Ortspolizei<\/h3>\n\t\t\t\t\t\t\t<p>980 509 250<\/p>\n\t\t\t\t\t\t\t\n\t\t\t\t\t\t<\/div>\n\t\t\t\t\t<\/div>\n\t\t\t\t\n\t\t\t\t\t<div class=\"phone-number-item\">\n\t\t\t\t\t\t<div class=\"phone-number-item__icon\"><i class=\"icon-spanish-military-police\"><\/i><\/div>\n\t\t\t\t\t\t<div class=\"phone-number-item__title\">\n\t\t\t\t\t\t\t<h3 class=\"p-font-bold\">Zivilwache<\/h3>\n\t\t\t\t\t\t\t<p>980 557 732<\/p>\n\t\t\t\t\t\t\t\n\t\t\t\t\t\t<\/div>\n\t\t\t\t\t<\/div>\n\t\t\t\t\n\t\t\t\t\t<div class=\"phone-number-item\">\n\t\t\t\t\t\t<div class=\"phone-number-item__icon\"><i class=\"icon-firefighters\"><\/i><\/div>\n\t\t\t\t\t\t<div class=\"phone-number-item__title\">\n\t\t\t\t\t\t\t<h3 class=\"p-font-bold\">Feuerwehr<\/h3>\n\t\t\t\t\t\t\t<p>980 527 080<\/p>\n\t\t\t\t\t\t\t\n\t\t\t\t\t\t<\/div>\n\t\t\t\t\t<\/div>\n\t\t\t\t\n\t\t\t\t\t<div class=\"phone-number-item\">\n\t\t\t\t\t\t<div class=\"phone-number-item__icon\"><i class=\"icon-civil-protection\"><\/i><\/div>\n\t\t\t\t\t\t<div class=\"phone-number-item__title\">\n\t\t\t\t\t\t\t<h3 class=\"p-font-bold\">Zivilschutz<\/h3>\n\t\t\t\t\t\t\t<p>980 521 846<\/p>\n\t\t\t\t\t\t\t\n\t\t\t\t\t\t<\/div>\n\t\t\t\t\t<\/div>\n\t\t\t\t\n\t\t\t\t\t<div class=\"phone-number-item\">\n\t\t\t\t\t\t<div class=\"phone-number-item__icon\"><i class=\"icon-town-council\"><\/i><\/div>\n\t\t\t\t\t\t<div class=\"phone-number-item__title\">\n\t\t\t\t\t\t\t<h3 class=\"p-font-bold\">Rathaus<\/h3>\n\t\t\t\t\t\t\t<p>980 512 035<\/p>\n\t\t\t\t\t\t\t\n\t\t\t\t\t\t<\/div>\n\t\t\t\t\t<\/div>\n\t\t\t\t\n\t\t\t\t\t<div class=\"phone-number-item\">\n\t\t\t\t\t\t<div class=\"phone-number-item__icon\"><i class=\"icon-hospital\"><\/i><\/div>\n\t\t\t\t\t\t<div class=\"phone-number-item__title\">\n\t\t\t\t\t\t\t<h3 class=\"p-font-bold\">Gesundheitszentrum<\/h3>\n\t\t\t\t\t\t\t<p>980 510 761 \/ 980 517 119<\/p>\n\t\t\t\t\t\t\t\n\t\t\t\t\t\t<\/div>\n\t\t\t\t\t<\/div>\n\t\t\t\t\n\t\t\t\t\t<div class=\"phone-number-item\">\n\t\t\t\t\t\t<div class=\"phone-number-item__icon\"><i class=\"icon-tourism\"><\/i><\/div>\n\t\t\t\t\t\t<div class=\"phone-number-item__title\">\n\t\t\t\t\t\t\t<h3 class=\"p-font-bold\">Fremdenverkehrsamt<\/h3>\n\t\t\t\t\t\t\t<p>980 533 694<\/p>\n\t\t\t\t\t\t\t\n\t\t\t\t\t\t\t\t<p>Plaza Arias Gonzalo, 6<\/p>\n\t\t\t\t\t\t\t\n\t\t\t\t\t\t<\/div>\n\t\t\t\t\t<\/div>\n\t\t\t\t\n\t\t\t<\/div>\n\t\t<\/div>\n\n\t\t<div id=\"clientForm\">\n        <section>\n        <img decoding=\"async\" src=\"https:\/\/cdn.pilgrim.es\/web\/home\/email-contacto.png\" alt=\"contacto\">\n        <div>\n            <p>Wir senden dir deine Planung<\/p>\n            <p>Gib uns deine Daten an und erhalte die Planung deiner Reise per E-Mail <\/p>\n            <form method=\"post\" data-url=\"\/wp-admin\/admin-ajax.php\" id=\"planner--client\" class=\"flag-right form-client\">\n    <div class=\"form-data\">\n        <input name=\"form_id\" type=\"hidden\" value=\"Formulario Leads\">\n        <input name=\"type\" type=\"hidden\" value=\"planner_client\">\n        <input type=\"text\" name=\"nombre\" value=\"\" size=\"40\" class=\"form-control\" aria-required=\"true\" aria-invalid=\"false\" placeholder=\"Name\">\n        <input type=\"email\" name=\"email\" value=\"\" size=\"40\" class=\"form-control\" aria-required=\"true\" aria-invalid=\"false\" placeholder=\"E- Mail\">\n        <input type=\"text\" id=\"phone-input\" name=\"tel\" value=\"\" size=\"40\" class=\"phone-input form-control\" aria-required=\"true\" aria-invalid=\"false\" placeholder=\"Telefon\">\n        <input type=\"hidden\" name=\"telefono\">\n    <\/div>\n    <div class=\"form-checkbox\">\n        <span>\n            Pilgrim Travel, S.L. teilt gem\u00e4\u00df Regulierung 2016\/679 mit, dass die in diesem Formular verwendeten Daten sowohl f\u00fcr die Beantwortung der m\u00f6glichen Anfragen als auch f\u00fcr die Ver\u00f6ffentlichung der Kommentare verwendet werden, mit der Zustimmung des Nutzers. Sie k\u00f6nnen Ihre Rechte in \u00dcbereinstimmung mit unserer Datenschutzbestimmungen aus\u00fcben             <a href=\"https:\/\/www.pilgrim.es\/politica-de-privacidad\/\" target=\"_blank\" rel=\"noopener noreferrer nofollow\">Datenschutzerkl\u00e4rung.<\/a>\n        <\/span>\n    <\/div>\n\n    <div class=\"form-submit\">\n        <button id=\"planner--client-create\" type=\"submit\">Anfrage senden<\/button>\n        <div class=\"loadingDiv\"><i class=\"p-spinner\"><\/i><\/div>\n    <\/div>\n\n    <div class=\"contact-content-form-success\">\n        <p><i class=\"fas fa-check\"><\/i> Das Formular hat sich erfolgreich gesendet.<\/p>\n    <\/div>\n\n    <div class=\"contact-content-form-error\">\n        <span class=\"input-error\"><\/span>\n    <\/div>\n<\/form>        <\/div>\n    <\/section>\n<\/div>\n\n\t\t<div id=\"recomendationSection\">\n\t\t\t<div>\n\t\t\t\t<h2 class=\"p-h2-town\">Empfohlen<\/h2>\n\t\t\t\t<hr>\n\t\t\t\t<h3 class=\"p-h3-town\">Gastronomie<\/h3>\n\t\t\t<\/div>\n\t\t\tDie Gastronomie von Zamora ist zu vielf\u00e4ltig, aber alle Gerichte drehen sich um die folgenden traditionellen Produkte: Der K\u00e4se zeichnet sich durch seine eigene Ursprungsbezeichnung aus, ebenso wie die Weine der Sorten Toro, Tierra del Vino, Arribes und Benavente. Lokale Produkte wie Mehl, Fresno-Paprika und Kichererbsen aus Fuentesa\u00faco zeichnen sich durch ihre hohe Qualit\u00e4t aus.\n\nAuch einige Fleischsorten wie Lammfleisch aus Aliste, das ein G\u00fctesiegel tr\u00e4gt, oder Schweinefleisch und seine Folgeprodukte wie Chorizo aus Zamora, das ebenfalls ein G\u00fctesiegel tr\u00e4gt, sind besonders hervorzuheben.\n\nBesonders hervorzuheben sind auch die traditionellen Gerichte wie Reis nach Zamora-Art, Pinchos morunos, Meerschweinchen, Tiberios und Kutteln, Cachuelas und Kalbsbries. Was die Gastronomie betrifft, so sind die &#8222;ca\u00f1as zamoranas&#8220; und die &#8222;almendras garrapi\u00f1adas&#8220; (gezuckerte Mandeln) die herausragendsten Gerichte.\n\t\t<\/div>\n\n\n\t\t\n\t\t\t<div id=\"holidaysSection\">\n\t\t\t\t<div>\n\t\t\t\t\t<h2 class=\"p-h2-town\">Empfohlen<\/h2>\n\t\t\t\t\t<hr>\n\t\t\t\t\t<h3 class=\"p-h3-town\">Feste und Pilgerfahrten<\/h3>\n\t\t\t\t<\/div>\n\t\t\t\t<div class=\"grid holidays-grid\">\n\t\t\t\t\t\n\t\t\t\t\t\t<div>\n\t\t\t\t\t\t\t<div class=\"phone-number-item\">\n\t\t\t\t\t\t\t\t<div class=\"phone-number-item__icon\"><i class=\"icon-holiday\"><\/i><\/div>\n\t\t\t\t\t\t\t\t<div class=\"phone-number-item__title dark-text\">\n\t\t\t\t\t\t\t\t\t<p class=\"p-font-bold\">Lokaler Urlaub<\/p>\n\t\t\t\t\t\t\t\t\t<p>29 de junio: Fiesta de San Pedro<\/p>\n\t\t\t\t\t\t\t\t<\/div>\n\t\t\t\t\t\t\t<\/div>\n\t\t\t\t\t\t<\/div>\n\t\t\t\t\t\n\t\t\t\t\t\t<div>\n\t\t\t\t\t\t\t<div class=\"phone-number-item\">\n\t\t\t\t\t\t\t\t<div class=\"phone-number-item__icon\"><i class=\"icon-holiday\"><\/i><\/div>\n\t\t\t\t\t\t\t\t<div class=\"phone-number-item__title dark-text\">\n\t\t\t\t\t\t\t\t\t<p class=\"p-font-bold\">Lokaler Urlaub<\/p>\n\t\t\t\t\t\t\t\t\t<p>8 de septiembre: Romer\u00eda de la Hiniesta<\/p>\n\t\t\t\t\t\t\t\t<\/div>\n\t\t\t\t\t\t\t<\/div>\n\t\t\t\t\t\t<\/div>\n\t\t\t\t\t\n\t\t\t\t\t\t<div>\n\t\t\t\t\t\t\t<div class=\"phone-number-item\">\n\t\t\t\t\t\t\t\t<div class=\"phone-number-item__icon\"><i class=\"icon-holiday\"><\/i><\/div>\n\t\t\t\t\t\t\t\t<div class=\"phone-number-item__title dark-text\">\n\t\t\t\t\t\t\t\t\t<p class=\"p-font-bold\">Lokaler Urlaub<\/p>\n\t\t\t\t\t\t\t\t\t<p>Marzo: Fiesta de la Virgen del Tr\u00e1nsito<\/p>\n\t\t\t\t\t\t\t\t<\/div>\n\t\t\t\t\t\t\t<\/div>\n\t\t\t\t\t\t<\/div>\n\t\t\t\t\t\n\t\t\t\t\t\t<div>\n\t\t\t\t\t\t\t<div class=\"phone-number-item\">\n\t\t\t\t\t\t\t\t<div class=\"phone-number-item__icon\"><i class=\"icon-holiday\"><\/i><\/div>\n\t\t\t\t\t\t\t\t<div class=\"phone-number-item__title dark-text\">\n\t\t\t\t\t\t\t\t\t<p class=\"p-font-bold\">Lokaler Urlaub<\/p>\n\t\t\t\t\t\t\t\t\t<p>Siguiente domingo a resurrecci\u00f3n: La romer\u00eda del Cristo de Valderrey<\/p>\n\t\t\t\t\t\t\t\t<\/div>\n\t\t\t\t\t\t\t<\/div>\n\t\t\t\t\t\t<\/div>\n\t\t\t\t\t\n\t\t\t\t\t\t<div>\n\t\t\t\t\t\t\t<div class=\"phone-number-item\">\n\t\t\t\t\t\t\t\t<div class=\"phone-number-item__icon\"><i class=\"icon-holiday\"><\/i><\/div>\n\t\t\t\t\t\t\t\t<div class=\"phone-number-item__title dark-text\">\n\t\t\t\t\t\t\t\t\t<p class=\"p-font-bold\">Lokaler Urlaub<\/p>\n\t\t\t\t\t\t\t\t\t<p>22 de Febrero: Festival de Interpretaci\u00f3n de M\u00fasica \u201cP\u00f3rtico de Zamora\u201d<\/p>\n\t\t\t\t\t\t\t\t<\/div>\n\t\t\t\t\t\t\t<\/div>\n\t\t\t\t\t\t<\/div>\n\t\t\t\t\t\n\t\t\t\t<\/div>\n\t\t\t<\/div>\n\t\t\n\t<\/div>\n<\/section>\n\n<div id=\"stage_list_section\"><div class=\"stage-list\">\n    <div class='stage-list__map-card'>\n        <div class='stage-list__map-card__map'>\n            <div class='stage-list__map-card__map__text'>\n                <h2> Pages <\/h2>\n                <p> Zu Fu\u00df<\/p>\n                <p> 0etappen<\/p>\n            <\/div>\n            <div class='stage-list__map-card__map__img'>\n                <img decoding=\"async\" src=\"\" alt=\" mapa \" \/>\n            <\/div>\n        <\/div>\n    <\/div>\n\n    <\/div>\n<\/div> ","protected":false},"excerpt":{"rendered":"<p>Zamora &#8249; Zur\u00fcck zur B\u00fchne Zamora Einwohner: 63.831 aprox. Bundesland: Zamora Informationen Get to know Zamora Die Stadt Zamora ist als historisch-k\u00fcnstlerische St\u00e4tte klassifiziert. Sie erhielt diesen Status, weil sie eine Gruppe romanischer Geb\u00e4ude, Kirchen, eine ummauerte Anlage und andere Denkm\u00e4ler von hohem historischem Wert besitzt. Dieser monumentale Komplex ist bewundernswert, so dass es allen &hellip; <\/p>\n<p class=\"read_more\"><a href=\"https:\/\/www.pilgrim.es\/de\/silber-route\/zamora\/\">Leer m\u00e1s<\/a><\/p>\n","protected":false},"author":0,"featured_media":19484,"parent":10601,"menu_order":0,"comment_status":"closed","ping_status":"closed","template":"views\/template-new-web-design.blade.php","meta":{"footnotes":""},"categories":[],"tags":[],"class_list":["post-91554","page","type-page","status-publish","has-post-thumbnail","hentry"],"yoast_head":"<!-- This site is optimized with the Yoast SEO plugin v27.4 - https:\/\/yoast.com\/product\/yoast-seo-wordpress\/ -->\n<title>Zamora: Was sehen und wo \u00fcbernachten | Jakobsweg | Pilgrim<\/title>\n<meta name=\"description\" content=\"Zamora Entdecken Sie alle Informationen \u00fcber Unterk\u00fcnfte, Anreise, Gastronomie und die wichtigsten Sehensw\u00fcrdigkeiten der Orte am Silberweg\" \/>\n<meta name=\"robots\" content=\"index, follow, max-snippet:-1, max-image-preview:large, max-video-preview:-1\" \/>\n<link rel=\"canonical\" href=\"https:\/\/www.pilgrim.es\/de\/silber-route\/zamora\/\" \/>\n<meta property=\"og:locale\" content=\"de_DE\" \/>\n<meta property=\"og:type\" content=\"article\" \/>\n<meta property=\"og:title\" content=\"Zamora: Was sehen und wo \u00fcbernachten | Jakobsweg | Pilgrim\" \/>\n<meta property=\"og:description\" content=\"Zamora Entdecken Sie alle Informationen \u00fcber Unterk\u00fcnfte, Anreise, Gastronomie und die wichtigsten Sehensw\u00fcrdigkeiten der Orte am Silberweg\" \/>\n<meta property=\"og:url\" content=\"https:\/\/www.pilgrim.es\/de\/silber-route\/zamora\/\" \/>\n<meta property=\"og:site_name\" content=\"Pilgrim\" \/>\n<meta property=\"article:publisher\" content=\"https:\/\/www.facebook.com\/pilgrim.es\/\" \/>\n<meta property=\"og:image\" content=\"https:\/\/www.pilgrim.es\/wp-content\/uploads\/2019\/04\/castillo1.jpg\" \/>\n\t<meta property=\"og:image:width\" content=\"800\" \/>\n\t<meta property=\"og:image:height\" content=\"400\" \/>\n\t<meta property=\"og:image:type\" content=\"image\/jpeg\" \/>\n<meta name=\"twitter:card\" content=\"summary_large_image\" \/>\n<meta name=\"twitter:site\" content=\"@pilgrim_es\" \/>\n<meta name=\"twitter:label1\" content=\"Gesch\u00e4tzte Lesezeit\" \/>\n\t<meta name=\"twitter:data1\" content=\"13\u00a0Minuten\" \/>\n<script type=\"application\/ld+json\" class=\"yoast-schema-graph\">{\"@context\":\"https:\\\/\\\/schema.org\",\"@graph\":[{\"@type\":\"WebPage\",\"@id\":\"https:\\\/\\\/www.pilgrim.es\\\/de\\\/silber-route\\\/zamora\\\/\",\"url\":\"https:\\\/\\\/www.pilgrim.es\\\/de\\\/silber-route\\\/zamora\\\/\",\"name\":\"Zamora: Was sehen und wo \u00fcbernachten | Jakobsweg | Pilgrim\",\"isPartOf\":{\"@id\":\"https:\\\/\\\/www.pilgrim.es\\\/de\\\/#website\"},\"primaryImageOfPage\":{\"@id\":\"https:\\\/\\\/www.pilgrim.es\\\/de\\\/silber-route\\\/zamora\\\/#primaryimage\"},\"image\":{\"@id\":\"https:\\\/\\\/www.pilgrim.es\\\/de\\\/silber-route\\\/zamora\\\/#primaryimage\"},\"thumbnailUrl\":\"https:\\\/\\\/www.pilgrim.es\\\/wp-content\\\/uploads\\\/2019\\\/04\\\/castillo1.jpg\",\"datePublished\":\"2025-03-17T16:14:14+00:00\",\"description\":\"Zamora Entdecken Sie alle Informationen \u00fcber Unterk\u00fcnfte, Anreise, Gastronomie und die wichtigsten Sehensw\u00fcrdigkeiten der Orte am Silberweg\",\"breadcrumb\":{\"@id\":\"https:\\\/\\\/www.pilgrim.es\\\/de\\\/silber-route\\\/zamora\\\/#breadcrumb\"},\"inLanguage\":\"de\",\"potentialAction\":[{\"@type\":\"ReadAction\",\"target\":[\"https:\\\/\\\/www.pilgrim.es\\\/de\\\/silber-route\\\/zamora\\\/\"]}]},{\"@type\":\"ImageObject\",\"inLanguage\":\"de\",\"@id\":\"https:\\\/\\\/www.pilgrim.es\\\/de\\\/silber-route\\\/zamora\\\/#primaryimage\",\"url\":\"https:\\\/\\\/www.pilgrim.es\\\/wp-content\\\/uploads\\\/2019\\\/04\\\/castillo1.jpg\",\"contentUrl\":\"https:\\\/\\\/www.pilgrim.es\\\/wp-content\\\/uploads\\\/2019\\\/04\\\/castillo1.jpg\",\"width\":800,\"height\":400,\"caption\":\"Zamora\"},{\"@type\":\"BreadcrumbList\",\"@id\":\"https:\\\/\\\/www.pilgrim.es\\\/de\\\/silber-route\\\/zamora\\\/#breadcrumb\",\"itemListElement\":[{\"@type\":\"ListItem\",\"position\":1,\"name\":\"Camino de Santiago\",\"item\":\"https:\\\/\\\/www.pilgrim.es\\\/de\\\/\"},{\"@type\":\"ListItem\",\"position\":2,\"name\":\"Die Silber-Route\",\"item\":\"https:\\\/\\\/www.pilgrim.es\\\/de\\\/silber-route\\\/\"},{\"@type\":\"ListItem\",\"position\":3,\"name\":\"Zamora\"}]},{\"@type\":\"WebSite\",\"@id\":\"https:\\\/\\\/www.pilgrim.es\\\/de\\\/#website\",\"url\":\"https:\\\/\\\/www.pilgrim.es\\\/de\\\/\",\"name\":\"Pilgrim\",\"description\":\"Camino de Santiago | Caminamos Contigo\",\"publisher\":{\"@id\":\"https:\\\/\\\/www.pilgrim.es\\\/de\\\/#organization\"},\"potentialAction\":[{\"@type\":\"SearchAction\",\"target\":{\"@type\":\"EntryPoint\",\"urlTemplate\":\"https:\\\/\\\/www.pilgrim.es\\\/de\\\/?s={search_term_string}\"},\"query-input\":{\"@type\":\"PropertyValueSpecification\",\"valueRequired\":true,\"valueName\":\"search_term_string\"}}],\"inLanguage\":\"de\"},{\"@type\":\"Organization\",\"@id\":\"https:\\\/\\\/www.pilgrim.es\\\/de\\\/#organization\",\"name\":\"Pilgrim Camino de Santiago\",\"url\":\"https:\\\/\\\/www.pilgrim.es\\\/de\\\/\",\"logo\":{\"@type\":\"ImageObject\",\"inLanguage\":\"de\",\"@id\":\"https:\\\/\\\/www.pilgrim.es\\\/de\\\/#\\\/schema\\\/logo\\\/image\\\/\",\"url\":\"https:\\\/\\\/www.pilgrim.es\\\/wp-content\\\/uploads\\\/2019\\\/04\\\/logo_pilgrim.png\",\"contentUrl\":\"https:\\\/\\\/www.pilgrim.es\\\/wp-content\\\/uploads\\\/2019\\\/04\\\/logo_pilgrim.png\",\"width\":512,\"height\":512,\"caption\":\"Pilgrim Camino de Santiago\"},\"image\":{\"@id\":\"https:\\\/\\\/www.pilgrim.es\\\/de\\\/#\\\/schema\\\/logo\\\/image\\\/\"},\"sameAs\":[\"https:\\\/\\\/www.facebook.com\\\/pilgrim.es\\\/\",\"https:\\\/\\\/x.com\\\/pilgrim_es\",\"https:\\\/\\\/www.instagram.com\\\/pilgrim.es\\\/\",\"https:\\\/\\\/www.linkedin.com\\\/company\\\/pilgrim-camino-de-santiago\\\/\",\"https:\\\/\\\/www.pinterest.es\\\/pilgrimcaminodesantiago\\\/\",\"https:\\\/\\\/www.youtube.com\\\/channel\\\/UCIv2ZzFLXVqthkNF32rKedw\\\/featured\"]}]}<\/script>\n<!-- \/ Yoast SEO plugin. -->","yoast_head_json":{"title":"Zamora: Was sehen und wo \u00fcbernachten | Jakobsweg | Pilgrim","description":"Zamora Entdecken Sie alle Informationen \u00fcber Unterk\u00fcnfte, Anreise, Gastronomie und die wichtigsten Sehensw\u00fcrdigkeiten der Orte am Silberweg","robots":{"index":"index","follow":"follow","max-snippet":"max-snippet:-1","max-image-preview":"max-image-preview:large","max-video-preview":"max-video-preview:-1"},"canonical":"https:\/\/www.pilgrim.es\/de\/silber-route\/zamora\/","og_locale":"de_DE","og_type":"article","og_title":"Zamora: Was sehen und wo \u00fcbernachten | Jakobsweg | Pilgrim","og_description":"Zamora Entdecken Sie alle Informationen \u00fcber Unterk\u00fcnfte, Anreise, Gastronomie und die wichtigsten Sehensw\u00fcrdigkeiten der Orte am Silberweg","og_url":"https:\/\/www.pilgrim.es\/de\/silber-route\/zamora\/","og_site_name":"Pilgrim","article_publisher":"https:\/\/www.facebook.com\/pilgrim.es\/","og_image":[{"width":800,"height":400,"url":"https:\/\/www.pilgrim.es\/wp-content\/uploads\/2019\/04\/castillo1.jpg","type":"image\/jpeg"}],"twitter_card":"summary_large_image","twitter_site":"@pilgrim_es","twitter_misc":{"Gesch\u00e4tzte Lesezeit":"13\u00a0Minuten"},"schema":{"@context":"https:\/\/schema.org","@graph":[{"@type":"WebPage","@id":"https:\/\/www.pilgrim.es\/de\/silber-route\/zamora\/","url":"https:\/\/www.pilgrim.es\/de\/silber-route\/zamora\/","name":"Zamora: Was sehen und wo \u00fcbernachten | Jakobsweg | Pilgrim","isPartOf":{"@id":"https:\/\/www.pilgrim.es\/de\/#website"},"primaryImageOfPage":{"@id":"https:\/\/www.pilgrim.es\/de\/silber-route\/zamora\/#primaryimage"},"image":{"@id":"https:\/\/www.pilgrim.es\/de\/silber-route\/zamora\/#primaryimage"},"thumbnailUrl":"https:\/\/www.pilgrim.es\/wp-content\/uploads\/2019\/04\/castillo1.jpg","datePublished":"2025-03-17T16:14:14+00:00","description":"Zamora Entdecken Sie alle Informationen \u00fcber Unterk\u00fcnfte, Anreise, Gastronomie und die wichtigsten Sehensw\u00fcrdigkeiten der Orte am Silberweg","breadcrumb":{"@id":"https:\/\/www.pilgrim.es\/de\/silber-route\/zamora\/#breadcrumb"},"inLanguage":"de","potentialAction":[{"@type":"ReadAction","target":["https:\/\/www.pilgrim.es\/de\/silber-route\/zamora\/"]}]},{"@type":"ImageObject","inLanguage":"de","@id":"https:\/\/www.pilgrim.es\/de\/silber-route\/zamora\/#primaryimage","url":"https:\/\/www.pilgrim.es\/wp-content\/uploads\/2019\/04\/castillo1.jpg","contentUrl":"https:\/\/www.pilgrim.es\/wp-content\/uploads\/2019\/04\/castillo1.jpg","width":800,"height":400,"caption":"Zamora"},{"@type":"BreadcrumbList","@id":"https:\/\/www.pilgrim.es\/de\/silber-route\/zamora\/#breadcrumb","itemListElement":[{"@type":"ListItem","position":1,"name":"Camino de Santiago","item":"https:\/\/www.pilgrim.es\/de\/"},{"@type":"ListItem","position":2,"name":"Die Silber-Route","item":"https:\/\/www.pilgrim.es\/de\/silber-route\/"},{"@type":"ListItem","position":3,"name":"Zamora"}]},{"@type":"WebSite","@id":"https:\/\/www.pilgrim.es\/de\/#website","url":"https:\/\/www.pilgrim.es\/de\/","name":"Pilgrim","description":"Camino de Santiago | Caminamos Contigo","publisher":{"@id":"https:\/\/www.pilgrim.es\/de\/#organization"},"potentialAction":[{"@type":"SearchAction","target":{"@type":"EntryPoint","urlTemplate":"https:\/\/www.pilgrim.es\/de\/?s={search_term_string}"},"query-input":{"@type":"PropertyValueSpecification","valueRequired":true,"valueName":"search_term_string"}}],"inLanguage":"de"},{"@type":"Organization","@id":"https:\/\/www.pilgrim.es\/de\/#organization","name":"Pilgrim Camino de Santiago","url":"https:\/\/www.pilgrim.es\/de\/","logo":{"@type":"ImageObject","inLanguage":"de","@id":"https:\/\/www.pilgrim.es\/de\/#\/schema\/logo\/image\/","url":"https:\/\/www.pilgrim.es\/wp-content\/uploads\/2019\/04\/logo_pilgrim.png","contentUrl":"https:\/\/www.pilgrim.es\/wp-content\/uploads\/2019\/04\/logo_pilgrim.png","width":512,"height":512,"caption":"Pilgrim Camino de Santiago"},"image":{"@id":"https:\/\/www.pilgrim.es\/de\/#\/schema\/logo\/image\/"},"sameAs":["https:\/\/www.facebook.com\/pilgrim.es\/","https:\/\/x.com\/pilgrim_es","https:\/\/www.instagram.com\/pilgrim.es\/","https:\/\/www.linkedin.com\/company\/pilgrim-camino-de-santiago\/","https:\/\/www.pinterest.es\/pilgrimcaminodesantiago\/","https:\/\/www.youtube.com\/channel\/UCIv2ZzFLXVqthkNF32rKedw\/featured"]}]}},"_links":{"self":[{"href":"https:\/\/www.pilgrim.es\/de\/wp-json\/wp\/v2\/pages\/91554","targetHints":{"allow":["GET"]}}],"collection":[{"href":"https:\/\/www.pilgrim.es\/de\/wp-json\/wp\/v2\/pages"}],"about":[{"href":"https:\/\/www.pilgrim.es\/de\/wp-json\/wp\/v2\/types\/page"}],"replies":[{"embeddable":true,"href":"https:\/\/www.pilgrim.es\/de\/wp-json\/wp\/v2\/comments?post=91554"}],"version-history":[{"count":0,"href":"https:\/\/www.pilgrim.es\/de\/wp-json\/wp\/v2\/pages\/91554\/revisions"}],"up":[{"embeddable":true,"href":"https:\/\/www.pilgrim.es\/de\/wp-json\/wp\/v2\/pages\/10601"}],"wp:featuredmedia":[{"embeddable":true,"href":"https:\/\/www.pilgrim.es\/de\/wp-json\/wp\/v2\/media\/19484"}],"wp:attachment":[{"href":"https:\/\/www.pilgrim.es\/de\/wp-json\/wp\/v2\/media?parent=91554"}],"wp:term":[{"taxonomy":"category","embeddable":true,"href":"https:\/\/www.pilgrim.es\/de\/wp-json\/wp\/v2\/categories?post=91554"},{"taxonomy":"post_tag","embeddable":true,"href":"https:\/\/www.pilgrim.es\/de\/wp-json\/wp\/v2\/tags?post=91554"}],"curies":[{"name":"wp","href":"https:\/\/api.w.org\/{rel}","templated":true}]}}