{"id":91548,"date":"2025-03-17T16:12:14","date_gmt":"2025-03-17T16:12:14","guid":{"rendered":"https:\/\/www.pilgrim.es\/silber-route\/salamanca\/"},"modified":"2025-03-17T16:12:14","modified_gmt":"2025-03-17T16:12:14","slug":"salamanca","status":"publish","type":"page","link":"https:\/\/www.pilgrim.es\/de\/silber-route\/salamanca\/","title":{"rendered":"Salamanca"},"content":{"rendered":" <section id=\"hero\">\n\t<h1>Salamanca<\/h1>\n\t<div class=\"hero-grid\">\n\t\t<div class=\"hero-grid__town-col\" data-background=\"https:\/\/cdn.pilgrim.es\/web\/caminos\/via-de-la-plata\/pueblos\/salamanca.jpg\">\n\t\t\t<div>\n\t\t\t\t<a class=\"link-to-stage\" href=\"https:\/\/www.pilgrim.es\/via-plata\/etapa-19-san-pedro-de-rozados-salamanca\/\">\n\t\t\t\t\t<p>&#8249; Zur\u00fcck zur B\u00fchne<\/p>\n\t\t\t\t<\/a>\n\n\t\t\t\t<div class=\"town-data\">\n\t\t\t\t\t<h2>Salamanca<\/h2>\n\t\t\t\t\t<ul>\n\t\t\t\t\t\t<li>Einwohner: 155.921 aprox.<\/li>\n\t\t\t\t\t\t<li>Bundesland: Salamanca<\/li>\n\t\t\t\t\t<\/ul>\n\t\t\t\t<\/div>\n\t\t\t<\/div>\n\t\t<\/div>\n\t\t<div class=\"hero-grid__planner-col\"><div\r\n  class=\"p-col-span-1 p-rounded-lg p-px-5 p-h-full\"\r\n  style=\"background-image: url('https:\/\/cdn.pilgrim.es\/web\/pilgrim-planner\/bg-plugin-planificador.webp')\"\r\n  rel=\"preload\"\r\n  fetchpriority=\"high\"\r\n  >\r\n    <div class=\"p-text-center p-pt-5 p-text-white p-text-2xl p-font-semibold\">\r\n      Plane deinen Weg    <\/div>\r\n    <div\r\n            id='primary-app'\r\n            data-name='banner'\r\n            data-api='https:\/\/pathfinder.pilgrim.es\/api\/pathfinder\/v2'\r\n            data-mode='normal'\r\n            data-lang='de'\r\n            data-route='1'\r\n            data-destiny='https:\/\/planificador.pilgrim.es'\r\n            data-modality='1'\r\n            data-inline=''\r\n        ><\/div><\/div><\/div>\n\t<\/div>\n<\/section>\n\n<section id=\"infoTown\">\n\t<div class=\"sections-town\">\n\n\t\t<div id=\"informationSection\">\n\t\t\t<div>\n\t\t\t\t<h2 class=\"p-h2-town\">Informationen<\/h2>\n\t\t\t\t<hr>\n\t\t\t\t<h3 class=\"p-h3-town\">Get to know Salamanca<\/h3>\n\t\t\t<\/div>\n\t\t\t<p>Salamanca ist die n\u00e4chste gro\u00dfe Stadt, die der Pilger kennenlernen wird. Dort angekommen, stehen ihnen alle Dienstleistungen zur Verf\u00fcgung, die sie ben\u00f6tigen.<\/p> <p>Es ist empfehlenswert, dass alle Pilger Zeit f\u00fcr einen Besuch des beeindruckenden historischen Zentrums der Altstadt von Salamanca einplanen.\n\t\t<\/div>\n\n\t\t<div id=\"locationSection\">\n\t\t\t<div>\n\t\t\t\t<h2 class=\"p-h2-town\">Standort<\/h2>\n\t\t\t\t<hr>\n\t\t\t\t<h3 class=\"p-h3-town\">Wegbeschreibung<\/h3>\n\t\t\t<\/div>\n\t\t\t<p>Die Stadt Salamanca ist sehr gut angebunden. Die Autobahnen A-50, A-62 und A-66 erreichen die Stadt ebenso wie Nationalstra\u00dfen wie die N-501, N-620 und N-630 sowie Nebenstra\u00dfen.\n\n<p>Au\u00dferdem gibt es einen Busbahnhof mit zahlreichen Linien, die die Stadt mit den umliegenden Ortschaften und Gro\u00dfst\u00e4dten verbinden und sogar Linien nach Frankreich haben.\n\n<p>Der Bahnhof verbindet die Stadt mit vielen spanischen St\u00e4dten wie Madrid, Barcelona, Valladolid, Burgos, Zaragoza, Bilbao und ausl\u00e4ndischen St\u00e4dten wie Irun, Porto und Lissabon.<\/p> <p>Der Bahnhof liegt am Rande der Stadt.\n\n<p>Salamanca verf\u00fcgt auch \u00fcber einen Flughafen, der 17 km vom Stadtzentrum entfernt ist und derzeit nur Charterfl\u00fcge und Fl\u00fcge nach Palma de Mallorca anbietet.<\/p> <p>Der Flughafen von Salamanca befindet sich im Stadtzentrum.\n\t\t\t<div>\n\t\t\t\t<div>\n  <iframe loading=\"lazy\"\n    src=\"https:\/\/www.google.com\/maps\/d\/embed?mid=1dZKheGDW4Lw0yI9aP5fj9guKbj61QQs&amp;ehbc=2E312F\"\n    width=\"640\"\n    height=\"480\"\n    alt=\"Mapa Salamanca\"\n  ><\/iframe>\n<\/div>\n\n\t\t\t<\/div>\n\t\t<\/div>\n\n\t\t\n\t\t\t<div id=\"toVisitSection\">\n\t\t\t\t<div>\n\t\t\t\t\t<h2 class=\"p-h2-town\">Geschichte \/ Kultur<\/h2>\n\t\t\t\t\t<hr>\n\t\t\t\t\t<h3 class=\"p-h3-town\">Was es zu sehen gibt<\/h3>\n\t\t\t\t<\/div>\n\t\t\t\t<div>\n\t\t\t\t\t<div class=\"accordion\">\n\t\t\t\t\t\t<div class=\"accordion__menu\">\n\t\t\t\t\t\t\t<nav>\n\t\t\t\t\t\t\t\t\n\t\t\t\t\t\t\t\t\t<button class=\"nav-tab-accordion active\"><span>&#10093;<\/span><span> Torre del Clavero<\/span><\/button>\n\t\t\t\t\t\t\t\t\n\t\t\t\t\t\t\t\t\t<button class=\"nav-tab-accordion \"><span>&#10093;<\/span><span> Puente Romano<\/span><\/button>\n\t\t\t\t\t\t\t\t\n\t\t\t\t\t\t\t\t\t<button class=\"nav-tab-accordion \"><span>&#10093;<\/span><span> Plaza Mayor<\/span><\/button>\n\t\t\t\t\t\t\t\t\n\t\t\t\t\t\t\t\t\t<button class=\"nav-tab-accordion \"><span>&#10093;<\/span><span> Plaza de Monterrey<\/span><\/button>\n\t\t\t\t\t\t\t\t\n\t\t\t\t\t\t\t\t\t<button class=\"nav-tab-accordion \"><span>&#10093;<\/span><span> Palacio de la Salina<\/span><\/button>\n\t\t\t\t\t\t\t\t\n\t\t\t\t\t\t\t\t\t<button class=\"nav-tab-accordion \"><span>&#10093;<\/span><span> Palacio de Anaya<\/span><\/button>\n\t\t\t\t\t\t\t\t\n\t\t\t\t\t\t\t\t\t<button class=\"nav-tab-accordion \"><span>&#10093;<\/span><span> Museo de Salamanca<\/span><\/button>\n\t\t\t\t\t\t\t\t\n\t\t\t\t\t\t\t\t\t<button class=\"nav-tab-accordion \"><span>&#10093;<\/span><span> Museo Catedralicio<\/span><\/button>\n\t\t\t\t\t\t\t\t\n\t\t\t\t\t\t\t\t\t<button class=\"nav-tab-accordion \"><span>&#10093;<\/span><span> La Clerec\u00eda<\/span><\/button>\n\t\t\t\t\t\t\t\t\n\t\t\t\t\t\t\t\t\t<button class=\"nav-tab-accordion \"><span>&#10093;<\/span><span> Iglesia de Santo Tom\u00e1s Cantuariense<\/span><\/button>\n\t\t\t\t\t\t\t\t\n\t\t\t\t\t\t\t\t\t<button class=\"nav-tab-accordion \"><span>&#10093;<\/span><span> Iglesia de San Mart\u00edn<\/span><\/button>\n\t\t\t\t\t\t\t\t\n\t\t\t\t\t\t\t\t\t<button class=\"nav-tab-accordion \"><span>&#10093;<\/span><span> Iglesia de San Marcos<\/span><\/button>\n\t\t\t\t\t\t\t\t\n\t\t\t\t\t\t\t\t\t<button class=\"nav-tab-accordion \"><span>&#10093;<\/span><span> Iglesia de San Juli\u00e1n y Santa Basilisa<\/span><\/button>\n\t\t\t\t\t\t\t\t\n\t\t\t\t\t\t\t\t\t<button class=\"nav-tab-accordion \"><span>&#10093;<\/span><span> Iglesia de San Benito<\/span><\/button>\n\t\t\t\t\t\t\t\t\n\t\t\t\t\t\t\t\t\t<button class=\"nav-tab-accordion \"><span>&#10093;<\/span><span> Murallas de Salamanca<\/span><\/button>\n\t\t\t\t\t\t\t\t\n\t\t\t\t\t\t\t\t\t<button class=\"nav-tab-accordion \"><span>&#10093;<\/span><span> Fonda Veracruz<\/span><\/button>\n\t\t\t\t\t\t\t\t\n\t\t\t\t\t\t\t\t\t<button class=\"nav-tab-accordion \"><span>&#10093;<\/span><span> Edificio Hist\u00f3rico de la Universidad de Salamanca<\/span><\/button>\n\t\t\t\t\t\t\t\t\n\t\t\t\t\t\t\t\t\t<button class=\"nav-tab-accordion \"><span>&#10093;<\/span><span> Cueva de Salamanca<\/span><\/button>\n\t\t\t\t\t\t\t\t\n\t\t\t\t\t\t\t\t\t<button class=\"nav-tab-accordion \"><span>&#10093;<\/span><span> Convento de San Esteban<\/span><\/button>\n\t\t\t\t\t\t\t\t\n\t\t\t\t\t\t\t\t\t<button class=\"nav-tab-accordion \"><span>&#10093;<\/span><span> Convento de las Due\u00f1as<\/span><\/button>\n\t\t\t\t\t\t\t\t\n\t\t\t\t\t\t\t\t\t<button class=\"nav-tab-accordion \"><span>&#10093;<\/span><span> Convento de la Anunciaci\u00f3n<\/span><\/button>\n\t\t\t\t\t\t\t\t\n\t\t\t\t\t\t\t\t\t<button class=\"nav-tab-accordion \"><span>&#10093;<\/span><span> Colegio de Calatrava<\/span><\/button>\n\t\t\t\t\t\t\t\t\n\t\t\t\t\t\t\t\t\t<button class=\"nav-tab-accordion \"><span>&#10093;<\/span><span> Centro Documental de la Memoria Hist\u00f3rica<\/span><\/button>\n\t\t\t\t\t\t\t\t\n\t\t\t\t\t\t\t\t\t<button class=\"nav-tab-accordion \"><span>&#10093;<\/span><span> Catedral Vieja<\/span><\/button>\n\t\t\t\t\t\t\t\t\n\t\t\t\t\t\t\t\t\t<button class=\"nav-tab-accordion \"><span>&#10093;<\/span><span> Catedral Nueva<\/span><\/button>\n\t\t\t\t\t\t\t\t\n\t\t\t\t\t\t\t\t\t<button class=\"nav-tab-accordion \"><span>&#10093;<\/span><span> Casa-Museo de Unamuno<\/span><\/button>\n\t\t\t\t\t\t\t\t\n\t\t\t\t\t\t\t\t\t<button class=\"nav-tab-accordion \"><span>&#10093;<\/span><span> Iglesia de la Pur\u00edsima<\/span><\/button>\n\t\t\t\t\t\t\t\t\n\t\t\t\t\t\t\t\t\t<button class=\"nav-tab-accordion \"><span>&#10093;<\/span><span> Casa Lis<\/span><\/button>\n\t\t\t\t\t\t\t\t\n\t\t\t\t\t\t\t\t\t<button class=\"nav-tab-accordion \"><span>&#10093;<\/span><span> Casa de las Conchas<\/span><\/button>\n\t\t\t\t\t\t\t\t\n\t\t\t\t\t\t\t<\/nav>\n\t\t\t\t\t\t<\/div>\n\n\t\t\t\t\t\t\n\t\t\t\t\t\t\t<div class=\"accordion__accordion-content \">\n\t\t\t\t\t\t\t\t<div>\n\t\t\t\t\t\t\t\t\t<div>\n\t\t\t\t\t\t\t\t\t\t<h4>Torre del Clavero<\/h4>\n\t\t\t\t\t\t\t\t\t\t<p>Dieser Wehrturm im gotischen Stil wurde um das 15. Jahrhundert als Teil des Palastes von Don Francisco de Sotomayor erbaut. Er war der B\u00fcrgermeister von Calvero des Calatrava-Ordens, dessen Aufgabe es war, bei Prozessionen die N\u00e4gel des Kreuzes von Jesus Christus zu tragen.\n\n<p>Er wurde auf einem viereckigen Sockel erbaut, obwohl der obere Teil des Geb\u00e4udes einen achteckigen Grundriss mit weiteren kleinen T\u00fcrmchen auf jeder Seite hat.<\/p> <p>Er wurde auf einem quadratischen Sockel erbaut, obwohl der obere Teil des Geb\u00e4udes einen achteckigen Grundriss mit weiteren kleinen T\u00fcrmchen auf jeder Seite hat.<\/p> <p>Er wurde auf einem viereckigen Sockel erbaut.\n\t\t\t\t\t\t\t\t\t<\/div>\n\t\t\t\t\t\t\t\t\t<img decoding=\"async\" src=\"https:\/\/cdn.pilgrim.es\/web\/caminos\/via-de-la-plata\/pueblos\/salamanca\/puntos-de-interes\/torre-del-clavero.jpg\" alt=\"Torre del Clavero\">\n\t\t\t\t\t\t\t\t<\/div>\n\t\t\t\t\t\t\t<\/div>\n\t\t\t\t\t\t\n\t\t\t\t\t\t\t<div class=\"accordion__accordion-content inactive\">\n\t\t\t\t\t\t\t\t<div>\n\t\t\t\t\t\t\t\t\t<div>\n\t\t\t\t\t\t\t\t\t\t<h4>Puente Romano<\/h4>\n\t\t\t\t\t\t\t\t\t\t<p>Die r\u00f6mische Br\u00fccke in Salamanca \u00fcberspannt den Fluss Tormes und ist eine der am besten erhaltenen Br\u00fccken der Silberstra\u00dfe.\n\n<p>Obwohl der Urheber dieser Br\u00fccke unbekannt ist, vermuten Experten, dass es der Kaiser Trajan selbst gewesen sein k\u00f6nnte. Es handelt sich um eine sehr robuste Konstruktion, die bis vor etwas mehr als einem Jahrhundert als einzige Br\u00fccke \u00fcber den Fluss Tormes galt.<\/p> <p>Es handelt sich um eine Br\u00fccke von gro\u00dfer St\u00e4rke, die bis vor etwas mehr als einem Jahrhundert als einzige Br\u00fccke \u00fcber den Fluss Tormes galt.\n\t\t\t\t\t\t\t\t\t<\/div>\n\t\t\t\t\t\t\t\t\t<img decoding=\"async\" src=\"https:\/\/cdn.pilgrim.es\/web\/caminos\/via-de-la-plata\/pueblos\/salamanca\/puntos-de-interes\/puente-romano.jpg\" alt=\"Puente Romano\">\n\t\t\t\t\t\t\t\t<\/div>\n\t\t\t\t\t\t\t<\/div>\n\t\t\t\t\t\t\n\t\t\t\t\t\t\t<div class=\"accordion__accordion-content inactive\">\n\t\t\t\t\t\t\t\t<div>\n\t\t\t\t\t\t\t\t\t<div>\n\t\t\t\t\t\t\t\t\t\t<h4>Plaza Mayor<\/h4>\n\t\t\t\t\t\t\t\t\t\t<p>Die 1935 zum Nationaldenkmal und 1973 zum kunsthistorischen Denkmal erkl\u00e4rte Plaza Mayor von Salamanca wurde im Laufe von zwei Jahrzehnten des 18. Jahrhunderts im churrigueresken Stil erbaut.\n\t\t\t\t\t\t\t\t\t<\/div>\n\t\t\t\t\t\t\t\t\t<img decoding=\"async\" src=\"https:\/\/cdn.pilgrim.es\/web\/caminos\/via-de-la-plata\/pueblos\/salamanca\/puntos-de-interes\/plaza-mayor.jpg\" alt=\"Plaza Mayor\">\n\t\t\t\t\t\t\t\t<\/div>\n\t\t\t\t\t\t\t<\/div>\n\t\t\t\t\t\t\n\t\t\t\t\t\t\t<div class=\"accordion__accordion-content inactive\">\n\t\t\t\t\t\t\t\t<div>\n\t\t\t\t\t\t\t\t\t<div>\n\t\t\t\t\t\t\t\t\t\t<h4>Plaza de Monterrey<\/h4>\n\t\t\t\t\t\t\t\t\t\t<p>Es wurde im 16. Jahrhundert erbaut und gilt als das ber\u00fchmteste und am h\u00e4ufigsten kopierte Bauwerk im Renaissance-Stil in Spanien und Lateinamerika. Das Projekt wurde nach den Pl\u00e4nen von Don Alonso de Z\u00fa\u00f1iga y Acevedo, dem dritten Grafen von Monterrey, und nach den Entw\u00fcrfen von Rodrigo Gil de Honta\u00f1\u00f3n durchgef\u00fchrt. Seine Hauptfunktion bestand darin, als Residenz zu dienen, die den Kanons des italienischen Stils folgt.\n\t\t\t\t\t\t\t\t\t<\/div>\n\t\t\t\t\t\t\t\t\t<img decoding=\"async\" src=\"https:\/\/cdn.pilgrim.es\/web\/caminos\/via-de-la-plata\/pueblos\/salamanca\/puntos-de-interes\/plaza-de-monterrey.jpg\" alt=\"Plaza de Monterrey\">\n\t\t\t\t\t\t\t\t<\/div>\n\t\t\t\t\t\t\t<\/div>\n\t\t\t\t\t\t\n\t\t\t\t\t\t\t<div class=\"accordion__accordion-content inactive\">\n\t\t\t\t\t\t\t\t<div>\n\t\t\t\t\t\t\t\t\t<div>\n\t\t\t\t\t\t\t\t\t\t<h4>Palacio de la Salina<\/h4>\n\t\t\t\t\t\t\t\t\t\t<p>Auch bekannt unter dem Namen Palacio Fonseca, erbaut im Auftrag von Rodrigo de Mess\u00eda, dem Ehemann von Do\u00f1a Mayor de Fonseca y Toledo. Dieses Anwesen wurde sp\u00e4ter von seinem zweiten Sohn, Juan de Fonseca, geerbt.\n\t\t\t\t\t\t\t\t\t<\/div>\n\t\t\t\t\t\t\t\t\t<img decoding=\"async\" src=\"https:\/\/cdn.pilgrim.es\/web\/caminos\/via-de-la-plata\/pueblos\/salamanca\/puntos-de-interes\/palacio-de-la-salina.jpg\" alt=\"Palacio de la Salina\">\n\t\t\t\t\t\t\t\t<\/div>\n\t\t\t\t\t\t\t<\/div>\n\t\t\t\t\t\t\n\t\t\t\t\t\t\t<div class=\"accordion__accordion-content inactive\">\n\t\t\t\t\t\t\t\t<div>\n\t\t\t\t\t\t\t\t\t<div>\n\t\t\t\t\t\t\t\t\t\t<h4>Palacio de Anaya<\/h4>\n\t\t\t\t\t\t\t\t\t\t<p>Auch unter dem Namen Colegio Mayor de San Bartolom\u00e9 bekannt, wurde dieses neoklassizistische Geb\u00e4ude 1760 im Auftrag von Diego de Anaya y Maldonado errichtet.<\/p> <p>Das Geb\u00e4ude wurde 1760 im Auftrag von Diego de Anaya y Maldonado errichtet.\n\n<p>Heute beherbergt es die Philologische Fakult\u00e4t der Universit\u00e4t von Salamanca. Sein \u00c4u\u00dferes zeichnet sich durch die vier ionischen S\u00e4ulen aus, die die Fassade flankieren, die mit einem dreieckigen Giebel und einer gro\u00dfen Treppe endet, die zum Eingang f\u00fchrt.<\/p> <p>Es ist ein Geb\u00e4ude von gro\u00dfer Sch\u00f6nheit.\n\t\t\t\t\t\t\t\t\t<\/div>\n\t\t\t\t\t\t\t\t\t<img decoding=\"async\" src=\"https:\/\/cdn.pilgrim.es\/web\/caminos\/via-de-la-plata\/pueblos\/salamanca\/puntos-de-interes\/palacio-de-anaya.jpg\" alt=\"Palacio de Anaya\">\n\t\t\t\t\t\t\t\t<\/div>\n\t\t\t\t\t\t\t<\/div>\n\t\t\t\t\t\t\n\t\t\t\t\t\t\t<div class=\"accordion__accordion-content inactive\">\n\t\t\t\t\t\t\t\t<div>\n\t\t\t\t\t\t\t\t\t<div>\n\t\t\t\t\t\t\t\t\t\t<h4>Museo de Salamanca<\/h4>\n\t\t\t\t\t\t\t\t\t\t<p>Auch bekannt als Provinzmuseum oder Museum der Sch\u00f6nen K\u00fcnste, befindet es sich seit 1948 in der Casa de los \u00c1lvarez Abarca, in der Stra\u00dfe Patio de Escuelas. Das Museum wurde gegr\u00fcndet, um Sammlungen der Arch\u00e4ologie, der sch\u00f6nen K\u00fcnste und der Ethnografie zu beherbergen, und ist in drei Abteilungen unterteilt. Die Abteilung f\u00fcr bildende Kunst ist die umfangreichste, w\u00e4hrend die arch\u00e4ologische und ethnografische Abteilung regelm\u00e4\u00dfig erneuert wird.\n\t\t\t\t\t\t\t\t\t<\/div>\n\t\t\t\t\t\t\t\t\t<img decoding=\"async\" src=\"https:\/\/cdn.pilgrim.es\/web\/caminos\/via-de-la-plata\/pueblos\/salamanca\/puntos-de-interes\/museo-de-salamanca.jpg\" alt=\"Museo de Salamanca\">\n\t\t\t\t\t\t\t\t<\/div>\n\t\t\t\t\t\t\t<\/div>\n\t\t\t\t\t\t\n\t\t\t\t\t\t\t<div class=\"accordion__accordion-content inactive\">\n\t\t\t\t\t\t\t\t<div>\n\t\t\t\t\t\t\t\t\t<div>\n\t\t\t\t\t\t\t\t\t\t<h4>Museo Catedralicio<\/h4>\n\t\t\t\t\t\t\t\t\t\t<p>Die Kapitels\u00e4le des Kreuzgangs der Alten Kathedrale und die Kapelle Santa Catalina beherbergen seit 1953 das Kathedralmuseum von Salamanca. Dieses Kulturzentrum wurde mit dem Ziel gegr\u00fcndet, alle Kunstwerke, die in den beiden Kathedralen der Stadt aufbewahrt werden, in einem einzigen Raum zu vereinen.\n\t\t\t\t\t\t\t\t\t<\/div>\n\t\t\t\t\t\t\t\t\t<img decoding=\"async\" src=\"https:\/\/cdn.pilgrim.es\/web\/caminos\/via-de-la-plata\/pueblos\/salamanca\/puntos-de-interes\/museo-catedralicio.jpg\" alt=\"Museo Catedralicio\">\n\t\t\t\t\t\t\t\t<\/div>\n\t\t\t\t\t\t\t<\/div>\n\t\t\t\t\t\t\n\t\t\t\t\t\t\t<div class=\"accordion__accordion-content inactive\">\n\t\t\t\t\t\t\t\t<div>\n\t\t\t\t\t\t\t\t\t<div>\n\t\t\t\t\t\t\t\t\t\t<h4>La Clerec\u00eda<\/h4>\n\t\t\t\t\t\t\t\t\t\t<p>Das auch als K\u00f6nigliches Kolleg der Gesellschaft Jesu bekannte Geb\u00e4ude wurde 1617 von dem Architekten Juan G\u00f3mez de Mora erbaut und dauerte etwa 150 Jahre. Seine Hauptfunktion war die Unterbringung des Jesuitenkollegs, aber seit 1940 ist es der Sitz der P\u00e4pstlichen Universit\u00e4t von Salamanca. Sie ist in drei Teile gegliedert: die Kirche, das Kolleg und die Residenz. <\/p>\n\t\t\t\t\t\t\t\t\t<\/div>\n\t\t\t\t\t\t\t\t\t<img decoding=\"async\" src=\"https:\/\/cdn.pilgrim.es\/web\/caminos\/via-de-la-plata\/pueblos\/salamanca\/puntos-de-interes\/la-clerecia.jpg\" alt=\"La Clerec\u00eda\">\n\t\t\t\t\t\t\t\t<\/div>\n\t\t\t\t\t\t\t<\/div>\n\t\t\t\t\t\t\n\t\t\t\t\t\t\t<div class=\"accordion__accordion-content inactive\">\n\t\t\t\t\t\t\t\t<div>\n\t\t\t\t\t\t\t\t\t<div>\n\t\t\t\t\t\t\t\t\t\t<h4>Iglesia de Santo Tom\u00e1s Cantuariense<\/h4>\n\t\t\t\t\t\t\t\t\t\t<p>Es handelt sich um eine Kirche aus dem 12. Jahrhundert im vorherrschenden romanischen Stil dieser Zeit.  Jahrhundert im vorherrschenden romanischen Stil. Sie zeichnet sich durch die Strenge ihrer Formen aus und ist die erste dem Heiligen Thomas Beckett geweihte Kirche au\u00dferhalb Gro\u00dfbritanniens. Ber\u00fchmt ist sie auch als Wohnsitz des Dramatikers Lucas Fern\u00e1ndez, der in der Stadt Salamanca geboren wurde und die sieben Farsas und Eklogen im pastoralen Stil verfasste.\n\n<p>MESSENSTUNDEN<\/p>\n\n<p>Vom 1. Oktober bis 31. Mai Feiertage um 18:00 Uhr Vom 1. Juni bis 30. September Feiertage um 11:00 Uhr<\/p> <p>Vom 1. Oktober bis 31. Mai Feiertage um 18:00 Uhr Vom 1. Juni bis 30. September Feiertage um 11:00 Uhr<\/p> <p>Vom 1. Oktober bis 31. Mai Feiertage um 18:00 Uhr\n\n<p>INFORMATIONEN VON INTERESSE<\/p> <p>Vom 1. Oktober bis 30. September\n\n<p>Telefon: 923 217 106<\/p>\n\t\t\t\t\t\t\t\t\t<\/div>\n\t\t\t\t\t\t\t\t\t<img decoding=\"async\" src=\"https:\/\/cdn.pilgrim.es\/web\/caminos\/via-de-la-plata\/pueblos\/salamanca\/puntos-de-interes\/iglesia-de-santo-tomas-cantuariense.jpg\" alt=\"Iglesia de Santo Tom\u00e1s Cantuariense\">\n\t\t\t\t\t\t\t\t<\/div>\n\t\t\t\t\t\t\t<\/div>\n\t\t\t\t\t\t\n\t\t\t\t\t\t\t<div class=\"accordion__accordion-content inactive\">\n\t\t\t\t\t\t\t\t<div>\n\t\t\t\t\t\t\t\t\t<div>\n\t\t\t\t\t\t\t\t\t\t<h4>Iglesia de San Mart\u00edn<\/h4>\n\t\t\t\t\t\t\t\t\t\t<p>Es handelt sich um eine um 1103 erbaute Kirche im romanischen Stil von Salamanca. Ihr Inneres ist in drei Schiffe unterteilt, wobei das Mittelschiff das breiteste ist und mit einem Tonnengew\u00f6lbe bedeckt ist, w\u00e4hrend die Seitenschiffe mit einem Kreuzgratgew\u00f6lbe bedeckt sind.<\/p> <p>Es handelt sich um eine um 1103 im romanischen Stil von Salamanca erbaute Kirche.\n\t\t\t\t\t\t\t\t\t<\/div>\n\t\t\t\t\t\t\t\t\t<img decoding=\"async\" src=\"https:\/\/cdn.pilgrim.es\/web\/caminos\/via-de-la-plata\/pueblos\/salamanca\/puntos-de-interes\/iglesia-de-san-martin.jpg\" alt=\"Iglesia de San Mart\u00edn\">\n\t\t\t\t\t\t\t\t<\/div>\n\t\t\t\t\t\t\t<\/div>\n\t\t\t\t\t\t\n\t\t\t\t\t\t\t<div class=\"accordion__accordion-content inactive\">\n\t\t\t\t\t\t\t\t<div>\n\t\t\t\t\t\t\t\t\t<div>\n\t\t\t\t\t\t\t\t\t\t<h4>Iglesia de San Marcos<\/h4>\n\t\t\t\t\t\t\t\t\t\t<p>Es handelt sich um eine Kirche im romanischen Stil, die um das 12. Jahrhundert erbaut wurde und einen komplett runden Grundriss hat, der in drei Schiffe unterteilt ist, von denen das mittlere das breiteste ist und von gestuften, halbrunden Apsiden gekr\u00f6nt wird. An der Au\u00dfenseite befindet sich ein Glockenturm, ebenfalls im Barockstil, und im Inneren sind gotische Gem\u00e4lde zu sehen, die Szenen aus dem Leben der Jungfrau Maria darstellen.\n\n<p>MESSENZEITPLAN <\/p>.\n\n<p>Vom 1. September bis 30. Juni Wochentags um 09:30, 13:00 und 20:30 Uhr Vesper um 19:30 und 20:30 Uhr Feiertags um 09:30, 11:15, 12:30, 13:30, 19:30 und 20:30 Uhr<\/p> &lt;p\n\n<p>INFORMATIONEN VON INTERESSE<\/p>\n\n<p>Telefon: 923 212 525<\/p>\n\t\t\t\t\t\t\t\t\t<\/div>\n\t\t\t\t\t\t\t\t\t<img decoding=\"async\" src=\"https:\/\/cdn.pilgrim.es\/web\/caminos\/via-de-la-plata\/pueblos\/salamanca\/puntos-de-interes\/iglesia-de-san-marcos.jpg\" alt=\"Iglesia de San Marcos\">\n\t\t\t\t\t\t\t\t<\/div>\n\t\t\t\t\t\t\t<\/div>\n\t\t\t\t\t\t\n\t\t\t\t\t\t\t<div class=\"accordion__accordion-content inactive\">\n\t\t\t\t\t\t\t\t<div>\n\t\t\t\t\t\t\t\t\t<div>\n\t\t\t\t\t\t\t\t\t\t<h4>Iglesia de San Juli\u00e1n y Santa Basilisa<\/h4>\n\t\t\t\t\t\t\t\t\t\t<p>Es handelt sich um eine zu Beginn des 12. Jahrhunderts im romanischen Stil erbaute Kirche, die im Laufe der Jahre zahlreiche Ver\u00e4nderungen erfahren hat. Sie beherbergt das Grab des Doktors Francisco Ramos del Manzano, der als Jurist in der Stadt von gro\u00dfer Bedeutung war und auch als Professor an der Universit\u00e4t von Salamanca und als Tutor von Karl II.\n\t\t\t\t\t\t\t\t\t<\/div>\n\t\t\t\t\t\t\t\t\t<img decoding=\"async\" src=\"https:\/\/cdn.pilgrim.es\/web\/caminos\/via-de-la-plata\/pueblos\/salamanca\/puntos-de-interes\/iglesia-de-san-julian-y-santa-basilisa.jpg\" alt=\"Iglesia de San Juli\u00e1n y Santa Basilisa\">\n\t\t\t\t\t\t\t\t<\/div>\n\t\t\t\t\t\t\t<\/div>\n\t\t\t\t\t\t\n\t\t\t\t\t\t\t<div class=\"accordion__accordion-content inactive\">\n\t\t\t\t\t\t\t\t<div>\n\t\t\t\t\t\t\t\t\t<div>\n\t\t\t\t\t\t\t\t\t\t<h4>Iglesia de San Benito<\/h4>\n\t\t\t\t\t\t\t\t\t\t<p>Die 1104 im damals vorherrschenden romanischen Stil errichtete Kirche wurde sp\u00e4ter im Auftrag des Erzbischofs Fonseca, der hier getauft wurde, umgebaut. Im Inneren fallen die gotische Fassade, das Hauptaltarbild und der Kalvarienberg aus dem 16. Jahrhundert auf. Der Name stammt von einer der Adelsfraktionen, die jahrelang um die Macht in Salamanca k\u00e4mpften. <\/p>\n\n<p>STUNDEN<\/p>\n\n<p>Vom 1. Oktober bis 30. Juni an Feiertagen um 11:30, 17:45 und 21:00 Uhr 2. und 4. Sonntag im Monat um 17:45 Uhr<\/p>\n\t\t\t\t\t\t\t\t\t<\/div>\n\t\t\t\t\t\t\t\t\t<img decoding=\"async\" src=\"https:\/\/cdn.pilgrim.es\/web\/caminos\/via-de-la-plata\/pueblos\/salamanca\/puntos-de-interes\/iglesia-de-san-benito.jpg\" alt=\"Iglesia de San Benito\">\n\t\t\t\t\t\t\t\t<\/div>\n\t\t\t\t\t\t\t<\/div>\n\t\t\t\t\t\t\n\t\t\t\t\t\t\t<div class=\"accordion__accordion-content inactive\">\n\t\t\t\t\t\t\t\t<div>\n\t\t\t\t\t\t\t\t\t<div>\n\t\t\t\t\t\t\t\t\t\t<h4>Murallas de Salamanca<\/h4>\n\t\t\t\t\t\t\t\t\t\t<p>Die beiden Umfassungsmauern, die die Stadt Salamanca umschlossen, haben mehrere Zentren: W\u00e4hrend die erste die Alte Kathedrale in ihrem Zentrum hatte, ist die zweite Umfassung das Konsistorium. Seit dem Ende des 19. Jahrhunderts verschwindet die alte Mauer aufgrund der unvermeidlichen Ausdehnung der Stadt. <\/p>\n\t\t\t\t\t\t\t\t\t<\/div>\n\t\t\t\t\t\t\t\t\t<img decoding=\"async\" src=\"https:\/\/cdn.pilgrim.es\/web\/caminos\/via-de-la-plata\/pueblos\/salamanca\/puntos-de-interes\/murallas-de-salamanca.jpg\" alt=\"Murallas de Salamanca\">\n\t\t\t\t\t\t\t\t<\/div>\n\t\t\t\t\t\t\t<\/div>\n\t\t\t\t\t\t\n\t\t\t\t\t\t\t<div class=\"accordion__accordion-content inactive\">\n\t\t\t\t\t\t\t\t<div>\n\t\t\t\t\t\t\t\t\t<div>\n\t\t\t\t\t\t\t\t\t\t<h4>Fonda Veracruz<\/h4>\n\t\t\t\t\t\t\t\t\t\t<p>Es handelt sich um ein einzigartiges Geb\u00e4ude, das bis Mitte des 20. Jahrhunderts als Gastst\u00e4tte und Restaurant diente.  Heute beherbergt es die Hotelfachschule von Salamanca. Bemerkenswert ist der von Arkaden umgebene Eingangshof und die beiden Treppen, die den Turm flankieren, durch den man den Eingang erreicht. Heute bedeckt eine Vielzahl von Efeu die gesamte Fassade und verleiht ihr ein besonderes Aussehen. <\/p>\n\n<p>INFORMATIONEN VON INTERESSE<\/p>\n\n<p>Telefon: 923 270 314<\/p>\n\t\t\t\t\t\t\t\t\t<\/div>\n\t\t\t\t\t\t\t\t\t<img decoding=\"async\" src=\"https:\/\/cdn.pilgrim.es\/web\/caminos\/via-de-la-plata\/pueblos\/salamanca\/puntos-de-interes\/fonda-veracruz.jpg\" alt=\"Fonda Veracruz\">\n\t\t\t\t\t\t\t\t<\/div>\n\t\t\t\t\t\t\t<\/div>\n\t\t\t\t\t\t\n\t\t\t\t\t\t\t<div class=\"accordion__accordion-content inactive\">\n\t\t\t\t\t\t\t\t<div>\n\t\t\t\t\t\t\t\t\t<div>\n\t\t\t\t\t\t\t\t\t\t<h4>Edificio Hist\u00f3rico de la Universidad de Salamanca<\/h4>\n\t\t\t\t\t\t\t\t\t\t<p>Salamanca ist die \u00e4lteste Universit\u00e4t des Landes und eine der \u00e4ltesten in Europa. <\/p>\n\n<p>Die Fassade des historischen Geb\u00e4udes, das im Stil der Gotik gehalten ist, wurde direkt in den Stein gehauen. <\/p>\n\t\t\t\t\t\t\t\t\t<\/div>\n\t\t\t\t\t\t\t\t\t<img decoding=\"async\" src=\"https:\/\/cdn.pilgrim.es\/web\/caminos\/via-de-la-plata\/pueblos\/salamanca\/puntos-de-interes\/edificio-historico-de-la-universidad-de-salamanca.jpg\" alt=\"Edificio Hist\u00f3rico de la Universidad de Salamanca\">\n\t\t\t\t\t\t\t\t<\/div>\n\t\t\t\t\t\t\t<\/div>\n\t\t\t\t\t\t\n\t\t\t\t\t\t\t<div class=\"accordion__accordion-content inactive\">\n\t\t\t\t\t\t\t\t<div>\n\t\t\t\t\t\t\t\t\t<div>\n\t\t\t\t\t\t\t\t\t\t<h4>Cueva de Salamanca<\/h4>\n\t\t\t\t\t\t\t\t\t\t<p>Die H\u00f6hle von Salamanca befindet sich in der Krypta des heute verschwundenen Tempels San Cebri\u00e1n, der im 16. Jahrhundert abgerissen wurde. Jahrhundert abgerissen wurde. Sie befindet sich neben dem Turm des Markgrafen von Villena, der eine schockierende Legende verbirgt.<\/p> <p>Die H\u00f6hle von Salamanca befindet sich in der Krypta des heute verschwundenen Tempels von San Cebri\u00e1n, der im 16.\n\t\t\t\t\t\t\t\t\t<\/div>\n\t\t\t\t\t\t\t\t\t<img decoding=\"async\" src=\"https:\/\/cdn.pilgrim.es\/web\/caminos\/via-de-la-plata\/pueblos\/salamanca\/puntos-de-interes\/cueva-de-salamanca.jpg\" alt=\"Cueva de Salamanca\">\n\t\t\t\t\t\t\t\t<\/div>\n\t\t\t\t\t\t\t<\/div>\n\t\t\t\t\t\t\n\t\t\t\t\t\t\t<div class=\"accordion__accordion-content inactive\">\n\t\t\t\t\t\t\t\t<div>\n\t\t\t\t\t\t\t\t\t<div>\n\t\t\t\t\t\t\t\t\t\t<h4>Convento de San Esteban<\/h4>\n\t\t\t\t\t\t\t\t\t\t<p>Auch bekannt als das Kloster der Dominikaner, weil es zu diesem religi\u00f6sen Orden geh\u00f6rte, wurde es im 13. Jahrhundert erbaut, aber sp\u00e4ter unwiederbringlich zerst\u00f6rt.<\/p> <p>Das Kloster ist auch bekannt als das Kloster der Dominikaner, weil es zu diesem religi\u00f6sen Orden geh\u00f6rte.\n\t\t\t\t\t\t\t\t\t<\/div>\n\t\t\t\t\t\t\t\t\t<img decoding=\"async\" src=\"https:\/\/cdn.pilgrim.es\/web\/caminos\/via-de-la-plata\/pueblos\/salamanca\/puntos-de-interes\/convento-de-san-esteban.jpg\" alt=\"Convento de San Esteban\">\n\t\t\t\t\t\t\t\t<\/div>\n\t\t\t\t\t\t\t<\/div>\n\t\t\t\t\t\t\n\t\t\t\t\t\t\t<div class=\"accordion__accordion-content inactive\">\n\t\t\t\t\t\t\t\t<div>\n\t\t\t\t\t\t\t\t\t<div>\n\t\t\t\t\t\t\t\t\t\t<h4>Convento de las Due\u00f1as<\/h4>\n\t\t\t\t\t\t\t\t\t\t<p>Auch bekannt unter dem Namen der Dominikanerinnen, da es dem Orden des Heiligen Dominikus angeh\u00f6rt, wurde es 1419 im Mud\u00e9jar-Stil errichtet. In den folgenden Jahren wurde sie mehrfach umgebaut, wobei verschiedene Teile des Geb\u00e4udes erheblich ver\u00e4ndert wurden. Leider sind heute nur noch wenige der urspr\u00fcnglichen Elemente erhalten, und wir k\u00f6nnen eine Mischung aus Renaissance, Gotik und platereskem Stil bewundern.\n\t\t\t\t\t\t\t\t\t<\/div>\n\t\t\t\t\t\t\t\t\t<img decoding=\"async\" src=\"https:\/\/cdn.pilgrim.es\/web\/caminos\/via-de-la-plata\/pueblos\/salamanca\/puntos-de-interes\/convento-de-las-duenas.jpg\" alt=\"Convento de las Due\u00f1as\">\n\t\t\t\t\t\t\t\t<\/div>\n\t\t\t\t\t\t\t<\/div>\n\t\t\t\t\t\t\n\t\t\t\t\t\t\t<div class=\"accordion__accordion-content inactive\">\n\t\t\t\t\t\t\t\t<div>\n\t\t\t\t\t\t\t\t\t<div>\n\t\t\t\t\t\t\t\t\t\t<h4>Convento de la Anunciaci\u00f3n<\/h4>\n\t\t\t\t\t\t\t\t\t\t<p>Auch unter dem Namen Ursulakloster bekannt, ist es seit Anfang des 16. Jahrhunderts in Betrieb. Jahrhunderts in Betrieb. Es genie\u00dft gro\u00dfe Bedeutung in der Stadt, da es als ewige Ruhest\u00e4tte des Erzbischofs de Fonseca, seines Gr\u00fcnders, diente. Das Geb\u00e4ude ist eine Mischung aus Gotik und Renaissance. Au\u00dferdem befindet sich unter dem Chor der Kirche ein kleines, aber gut erhaltenes Museum. <\/p>\n\t\t\t\t\t\t\t\t\t<\/div>\n\t\t\t\t\t\t\t\t\t<img decoding=\"async\" src=\"https:\/\/cdn.pilgrim.es\/web\/caminos\/via-de-la-plata\/pueblos\/salamanca\/puntos-de-interes\/convento-de-la-anunciacion.jpg\" alt=\"Convento de la Anunciaci\u00f3n\">\n\t\t\t\t\t\t\t\t<\/div>\n\t\t\t\t\t\t\t<\/div>\n\t\t\t\t\t\t\n\t\t\t\t\t\t\t<div class=\"accordion__accordion-content inactive\">\n\t\t\t\t\t\t\t\t<div>\n\t\t\t\t\t\t\t\t\t<div>\n\t\t\t\t\t\t\t\t\t\t<h4>Colegio de Calatrava<\/h4>\n\t\t\t\t\t\t\t\t\t\t<p>Auch bekannt als das Kolleg der Unbefleckten Empf\u00e4ngnis, wurde es im 18. Jahrhundert vom Calatrava-Orden erbaut, dem es seinen Namen verdankt. Die Kapelle, die mehrere Originalgem\u00e4lde von Francisco de Goya beherbergte, wie das Gem\u00e4lde der Unbefleckten Empf\u00e4ngnis, sticht besonders hervor, bis sie von den Franzosen gepl\u00fcndert wurde und dann verschwand. Zwischen 2000 und 2003 mussten umfangreiche Renovierungsarbeiten durchgef\u00fchrt werden, um den gesamten Bedarf der Di\u00f6zese an einem Ort zu konzentrieren.\n\t\t\t\t\t\t\t\t\t<\/div>\n\t\t\t\t\t\t\t\t\t<img decoding=\"async\" src=\"https:\/\/cdn.pilgrim.es\/web\/caminos\/via-de-la-plata\/pueblos\/salamanca\/puntos-de-interes\/colegio-de-calatrava.jpg\" alt=\"Colegio de Calatrava\">\n\t\t\t\t\t\t\t\t<\/div>\n\t\t\t\t\t\t\t<\/div>\n\t\t\t\t\t\t\n\t\t\t\t\t\t\t<div class=\"accordion__accordion-content inactive\">\n\t\t\t\t\t\t\t\t<div>\n\t\t\t\t\t\t\t\t\t<div>\n\t\t\t\t\t\t\t\t\t\t<h4>Centro Documental de la Memoria Hist\u00f3rica<\/h4>\n\t\t\t\t\t\t\t\t\t\t<p>Das in der Calle Gibraltar gelegene Museum wurde dank des Generalarchivs des Spanischen B\u00fcrgerkriegs gegr\u00fcndet. Sein Hauptzweck besteht darin, die Dokumentation zu bewahren und sie als Hilfsmittel f\u00fcr die Forschung und Verbreitung zu nutzen. Dieses Zentrum ist bei den Einwohnern von Salamanca auch als &#8222;das Archiv&#8220; bekannt. W\u00e4hrend des Spanischen B\u00fcrgerkriegs diente es als Hauptquartier des franquistischen Generalstabs und war f\u00fcr die faschistische Seite ein unverzichtbares Zentrum, um die gesamte Dokumentation aufzubewahren und so Personen mit einer Ideologie zu identifizieren, die nicht mit dem Regime verbunden war. <\/p>\n\t\t\t\t\t\t\t\t\t<\/div>\n\t\t\t\t\t\t\t\t\t<img decoding=\"async\" src=\"https:\/\/cdn.pilgrim.es\/web\/caminos\/via-de-la-plata\/pueblos\/salamanca\/puntos-de-interes\/centro-documental-de-la-memoria-historica.jpg\" alt=\"Centro Documental de la Memoria Hist\u00f3rica\">\n\t\t\t\t\t\t\t\t<\/div>\n\t\t\t\t\t\t\t<\/div>\n\t\t\t\t\t\t\n\t\t\t\t\t\t\t<div class=\"accordion__accordion-content inactive\">\n\t\t\t\t\t\t\t\t<div>\n\t\t\t\t\t\t\t\t\t<div>\n\t\t\t\t\t\t\t\t\t\t<h4>Catedral Vieja<\/h4>\n\t\t\t\t\t\t\t\t\t\t<p>Es ist eines der bekanntesten Bauwerke der spanischen Romanik. Ihr Bau begann im Jahr 1140 und dauerte etwas mehr als ein Jahrhundert. Sie besteht aus drei Schiffen, die von Kreuzrippengew\u00f6lben \u00fcberdacht sind, einem Querschiff, das ebenfalls von einer Kreuzrippenkuppel (Torre del Gallo genannt) \u00fcberdacht ist, und drei halbrunden Apsiden. Im Inneren stechen die mittelalterlichen Skulpturen hervor, die die Kapitelle und die Grabm\u00e4ler aus dem 13. und 14. Das herausragendste Merkmal des Innenraums ist der Hauptaltar, der aus verschiedenen Wandgem\u00e4lden aus der Mitte des 15. Jahrhunderts besteht, die das Leben Christi darstellen, und in dessen Mitte sich ein Bild der Virgen de la Vega befindet, die als Schutzpatronin der Stadt gilt. <\/p>\n\t\t\t\t\t\t\t\t\t<\/div>\n\t\t\t\t\t\t\t\t\t<img decoding=\"async\" src=\"https:\/\/cdn.pilgrim.es\/web\/caminos\/via-de-la-plata\/pueblos\/salamanca\/puntos-de-interes\/catedral-vieja.jpg\" alt=\"Catedral Vieja\">\n\t\t\t\t\t\t\t\t<\/div>\n\t\t\t\t\t\t\t<\/div>\n\t\t\t\t\t\t\n\t\t\t\t\t\t\t<div class=\"accordion__accordion-content inactive\">\n\t\t\t\t\t\t\t\t<div>\n\t\t\t\t\t\t\t\t\t<div>\n\t\t\t\t\t\t\t\t\t\t<h4>Catedral Nueva<\/h4>\n\t\t\t\t\t\t\t\t\t\t<p>Dies ist eine der wichtigsten Kathedralen von Salamanca. Sie wurde als Ersatz f\u00fcr die Alte Kathedrale gebaut, die langsam zu klein wurde. Die Arbeiten begannen 1512 durch den Architekten Rodrigo Gil de Honta\u00f1\u00f3n, wurden aber erst 1733 abgeschlossen. <\/p>\n\t\t\t\t\t\t\t\t\t<\/div>\n\t\t\t\t\t\t\t\t\t<img decoding=\"async\" src=\"https:\/\/cdn.pilgrim.es\/web\/caminos\/via-de-la-plata\/pueblos\/salamanca\/puntos-de-interes\/catedral-nueva.jpg\" alt=\"Catedral Nueva\">\n\t\t\t\t\t\t\t\t<\/div>\n\t\t\t\t\t\t\t<\/div>\n\t\t\t\t\t\t\n\t\t\t\t\t\t\t<div class=\"accordion__accordion-content inactive\">\n\t\t\t\t\t\t\t\t<div>\n\t\t\t\t\t\t\t\t\t<div>\n\t\t\t\t\t\t\t\t\t\t<h4>Casa-Museo de Unamuno<\/h4>\n\t\t\t\t\t\t\t\t\t\t<p>In der Calle Libreros in Salamanca kann man das Haus besichtigen, in dem der Schriftsteller Miguel de Unamuno w\u00e4hrend seiner Zeit als Rektor der Universit\u00e4t von Salamanca lebte. Heute sind die R\u00e4umlichkeiten f\u00fcr die Ausstellung und Verbreitung der Werke und pers\u00f6nlichen Gegenst\u00e4nde dieses gro\u00dfen Schriftstellers hergerichtet worden. Insbesondere k\u00f6nnen wir seine mehr als 6000 B\u00fccher bewundern, die pers\u00f6nliche Dokumentation des Autors und sogar die einiger seiner Freunde und Kollegen analysieren. <\/p>\n\t\t\t\t\t\t\t\t\t<\/div>\n\t\t\t\t\t\t\t\t\t<img decoding=\"async\" src=\"https:\/\/cdn.pilgrim.es\/web\/caminos\/via-de-la-plata\/pueblos\/salamanca\/puntos-de-interes\/casa-museo-de-unamuno.jpg\" alt=\"Casa-Museo de Unamuno\">\n\t\t\t\t\t\t\t\t<\/div>\n\t\t\t\t\t\t\t<\/div>\n\t\t\t\t\t\t\n\t\t\t\t\t\t\t<div class=\"accordion__accordion-content inactive\">\n\t\t\t\t\t\t\t\t<div>\n\t\t\t\t\t\t\t\t\t<div>\n\t\t\t\t\t\t\t\t\t\t<h4>Iglesia de la Pur\u00edsima<\/h4>\n\t\t\t\t\t\t\t\t\t\t<p>Angeschlossen an das Kloster der Augustinerinnen wurde diese Kirche im 17. Jahrhundert im Auftrag des Grafen von Monterrey als Geschenk an seine Tochter, die dem Orden der Augustinerinnen angeh\u00f6rte, errichtet.<\/p> <p>Die Kirche wurde im 17. Jahrhundert im Auftrag des Grafen von Monterrey als Geschenk an seine Tochter, die dem Orden der Augustinerinnen angeh\u00f6rte, errichtet.\n\n<p>Es handelt sich um ein sehr strenges Geb\u00e4ude im Barockstil, in dem mehrere Werke des K\u00fcnstlers Jos\u00e9 de Ribera zu sehen sind. Das ber\u00fchmteste ist die Darstellung der Pur\u00edsima, die als eines der sch\u00f6nsten der Jungfrau gewidmeten Gem\u00e4lde gilt. Im Hauptaltar und in der Kanzel befinden sich au\u00dferdem die Grabm\u00e4ler der Stifter, die alle aus italienischem Marmor gefertigt sind. <\/p>\n\n<p>MESSENZEITPLAN<\/p>\n\n<p>Vom 1. Oktober bis 30. Juni Wochentage und Vesper um 19:00 Uhr Feiertage um 12:30 UhrVom 1. Juli bis 30. September Wochentage und Vesper um 20:00 Uhr<\/p> <p>Vom 1. Juli bis 30. September Wochentage und Vesper um 20:00 Uhr<\/p> <p>Vom 1. Oktober bis 30. Juni Wochentage und Vesper um 19:00 Uhr Feiertage um 12:30 Uhr<\/p> &lt;p\n\n<p>INFORMATIONEN VON INTERESSE<\/p>\n\n<p>Web: www.lapurisimasalamanca.esTel\u00e9fono: 923 212 738<\/p>\n\t\t\t\t\t\t\t\t\t<\/div>\n\t\t\t\t\t\t\t\t\t<img decoding=\"async\" src=\"https:\/\/cdn.pilgrim.es\/web\/caminos\/via-de-la-plata\/pueblos\/salamanca\/puntos-de-interes\/iglesia-de-la-purisima.jpg\" alt=\"Iglesia de la Pur\u00edsima\">\n\t\t\t\t\t\t\t\t<\/div>\n\t\t\t\t\t\t\t<\/div>\n\t\t\t\t\t\t\n\t\t\t\t\t\t\t<div class=\"accordion__accordion-content inactive\">\n\t\t\t\t\t\t\t\t<div>\n\t\t\t\t\t\t\t\t\t<div>\n\t\t\t\t\t\t\t\t\t\t<h4>Casa Lis<\/h4>\n\t\t\t\t\t\t\t\t\t\t<p>Es handelt sich um ein Geb\u00e4ude an der alten Stadtmauer, das 1905 von dem Architekten Joaqu\u00edn Vargas Aguirre errichtet wurde. Es gilt als eines der bekanntesten Denkm\u00e4ler der Stadt, da die S\u00fcdfassade mit ihren bunten Glasfenstern, die dem ganzen Haus viel Licht verleihen, ein deutliches Beispiel f\u00fcr modernistische Kunst ist. Seit 1995 befindet sich hier das Museum f\u00fcr Kunst Noevau und Art D\u00e8co mit 19 Sammlungen von Kunstgegenst\u00e4nden, die von Manuel Ramos Andrade zusammengetragen wurden. <\/p>\n\t\t\t\t\t\t\t\t\t<\/div>\n\t\t\t\t\t\t\t\t\t<img decoding=\"async\" src=\"https:\/\/cdn.pilgrim.es\/web\/caminos\/via-de-la-plata\/pueblos\/salamanca\/puntos-de-interes\/casa-lis.jpg\" alt=\"Casa Lis\">\n\t\t\t\t\t\t\t\t<\/div>\n\t\t\t\t\t\t\t<\/div>\n\t\t\t\t\t\t\n\t\t\t\t\t\t\t<div class=\"accordion__accordion-content inactive\">\n\t\t\t\t\t\t\t\t<div>\n\t\t\t\t\t\t\t\t\t<div>\n\t\t\t\t\t\t\t\t\t\t<h4>Casa de las Conchas<\/h4>\n\t\t\t\t\t\t\t\t\t\t<p>Es handelt sich um ein gro\u00dfes Haus im Palaststil, das w\u00e4hrend der Herrschaft der Katholischen K\u00f6nige von Rodrigo Arias Maldonado errichtet wurde. Es ist eines der bedeutendsten Geb\u00e4ude des ganzen Ortes und hebt sich von den anderen durch seine mehr als 300 in die Fassade eingelassenen Muscheln ab, die eine rhomboidische Komposition bilden. Es gibt eine Legende, die besagt, dass unter einer dieser Muscheln eine legend\u00e4re Goldm\u00fcnze versteckt ist. <\/p>\n\t\t\t\t\t\t\t\t\t<\/div>\n\t\t\t\t\t\t\t\t\t<img decoding=\"async\" src=\"https:\/\/cdn.pilgrim.es\/web\/caminos\/via-de-la-plata\/pueblos\/salamanca\/puntos-de-interes\/casa-de-las-conchas.jpg\" alt=\"Casa de las Conchas\">\n\t\t\t\t\t\t\t\t<\/div>\n\t\t\t\t\t\t\t<\/div>\n\t\t\t\t\t\t\n\t\t\t\t\t<\/div>\n\t\t\t\t<\/div>\n\t\t\t<\/div>\n\t\t\n\n\t\t<div id=\"phonesSection\">\n\t\t\t<div>\n\t\t\t\t<h2 class=\"p-h3-town\">Informationen von Interesse<\/h2>\n\t\t\t<\/div>\n\t\t\t<div class=\"grid\">\n\t\t\t\t\n\t\t\t\t\t<div class=\"phone-number-item\">\n\t\t\t\t\t\t<div class=\"phone-number-item__icon\"><i class=\"icon-police\"><\/i><\/div>\n\t\t\t\t\t\t<div class=\"phone-number-item__title\">\n\t\t\t\t\t\t\t<h3 class=\"p-font-bold\">Ortspolizei<\/h3>\n\t\t\t\t\t\t\t<p>923 194 433<\/p>\n\t\t\t\t\t\t\t\n\t\t\t\t\t\t<\/div>\n\t\t\t\t\t<\/div>\n\t\t\t\t\n\t\t\t\t\t<div class=\"phone-number-item\">\n\t\t\t\t\t\t<div class=\"phone-number-item__icon\"><i class=\"icon-spanish-military-police\"><\/i><\/div>\n\t\t\t\t\t\t<div class=\"phone-number-item__title\">\n\t\t\t\t\t\t\t<h3 class=\"p-font-bold\">Zivilwache<\/h3>\n\t\t\t\t\t\t\t<p>923 475 500<\/p>\n\t\t\t\t\t\t\t\n\t\t\t\t\t\t<\/div>\n\t\t\t\t\t<\/div>\n\t\t\t\t\n\t\t\t\t\t<div class=\"phone-number-item\">\n\t\t\t\t\t\t<div class=\"phone-number-item__icon\"><i class=\"icon-firefighters\"><\/i><\/div>\n\t\t\t\t\t\t<div class=\"phone-number-item__title\">\n\t\t\t\t\t\t\t<h3 class=\"p-font-bold\">Feuerwehr<\/h3>\n\t\t\t\t\t\t\t<p>923 232 336<\/p>\n\t\t\t\t\t\t\t\n\t\t\t\t\t\t<\/div>\n\t\t\t\t\t<\/div>\n\t\t\t\t\n\t\t\t\t\t<div class=\"phone-number-item\">\n\t\t\t\t\t\t<div class=\"phone-number-item__icon\"><i class=\"icon-civil-protection\"><\/i><\/div>\n\t\t\t\t\t\t<div class=\"phone-number-item__title\">\n\t\t\t\t\t\t\t<h3 class=\"p-font-bold\">Zivilschutz<\/h3>\n\t\t\t\t\t\t\t<p>923 759 000<\/p>\n\t\t\t\t\t\t\t\n\t\t\t\t\t\t<\/div>\n\t\t\t\t\t<\/div>\n\t\t\t\t\n\t\t\t\t\t<div class=\"phone-number-item\">\n\t\t\t\t\t\t<div class=\"phone-number-item__icon\"><i class=\"icon-town-council\"><\/i><\/div>\n\t\t\t\t\t\t<div class=\"phone-number-item__title\">\n\t\t\t\t\t\t\t<h3 class=\"p-font-bold\">Rathaus<\/h3>\n\t\t\t\t\t\t\t<p>923 531 137<\/p>\n\t\t\t\t\t\t\t\n\t\t\t\t\t\t<\/div>\n\t\t\t\t\t<\/div>\n\t\t\t\t\n\t\t\t\t\t<div class=\"phone-number-item\">\n\t\t\t\t\t\t<div class=\"phone-number-item__icon\"><i class=\"icon-hospital\"><\/i><\/div>\n\t\t\t\t\t\t<div class=\"phone-number-item__title\">\n\t\t\t\t\t\t\t<h3 class=\"p-font-bold\">Gesundheitszentrum<\/h3>\n\t\t\t\t\t\t\t<p>923 255 994 \/ 923 126 591<\/p>\n\t\t\t\t\t\t\t\n\t\t\t\t\t\t<\/div>\n\t\t\t\t\t<\/div>\n\t\t\t\t\n\t\t\t\t\t<div class=\"phone-number-item\">\n\t\t\t\t\t\t<div class=\"phone-number-item__icon\"><i class=\"icon-tourism\"><\/i><\/div>\n\t\t\t\t\t\t<div class=\"phone-number-item__title\">\n\t\t\t\t\t\t\t<h3 class=\"p-font-bold\">Fremdenverkehrsamt<\/h3>\n\t\t\t\t\t\t\t<p>923 218 342<\/p>\n\t\t\t\t\t\t\t\n\t\t\t\t\t\t\t\t<p>Plaza Mayor, 32<\/p>\n\t\t\t\t\t\t\t\n\t\t\t\t\t\t<\/div>\n\t\t\t\t\t<\/div>\n\t\t\t\t\n\t\t\t<\/div>\n\t\t<\/div>\n\n\t\t<div id=\"clientForm\">\n        <section>\n        <img decoding=\"async\" src=\"https:\/\/cdn.pilgrim.es\/web\/home\/email-contacto.png\" alt=\"contacto\">\n        <div>\n            <p>Wir senden dir deine Planung<\/p>\n            <p>Gib uns deine Daten an und erhalte die Planung deiner Reise per E-Mail <\/p>\n            <form method=\"post\" data-url=\"\/wp-admin\/admin-ajax.php\" id=\"planner--client\" class=\"flag-right form-client\">\n    <div class=\"form-data\">\n        <input name=\"form_id\" type=\"hidden\" value=\"Formulario Leads\">\n        <input name=\"type\" type=\"hidden\" value=\"planner_client\">\n        <input type=\"text\" name=\"nombre\" value=\"\" size=\"40\" class=\"form-control\" aria-required=\"true\" aria-invalid=\"false\" placeholder=\"Name\">\n        <input type=\"email\" name=\"email\" value=\"\" size=\"40\" class=\"form-control\" aria-required=\"true\" aria-invalid=\"false\" placeholder=\"E- Mail\">\n        <input type=\"text\" id=\"phone-input\" name=\"tel\" value=\"\" size=\"40\" class=\"phone-input form-control\" aria-required=\"true\" aria-invalid=\"false\" placeholder=\"Telefon\">\n        <input type=\"hidden\" name=\"telefono\">\n    <\/div>\n    <div class=\"form-checkbox\">\n        <span>\n            Pilgrim Travel, S.L. teilt gem\u00e4\u00df Regulierung 2016\/679 mit, dass die in diesem Formular verwendeten Daten sowohl f\u00fcr die Beantwortung der m\u00f6glichen Anfragen als auch f\u00fcr die Ver\u00f6ffentlichung der Kommentare verwendet werden, mit der Zustimmung des Nutzers. Sie k\u00f6nnen Ihre Rechte in \u00dcbereinstimmung mit unserer Datenschutzbestimmungen aus\u00fcben             <a href=\"https:\/\/www.pilgrim.es\/politica-de-privacidad\/\" target=\"_blank\" rel=\"noopener noreferrer nofollow\">Datenschutzerkl\u00e4rung.<\/a>\n        <\/span>\n    <\/div>\n\n    <div class=\"form-submit\">\n        <button id=\"planner--client-create\" type=\"submit\">Anfrage senden<\/button>\n        <div class=\"loadingDiv\"><i class=\"p-spinner\"><\/i><\/div>\n    <\/div>\n\n    <div class=\"contact-content-form-success\">\n        <p><i class=\"fas fa-check\"><\/i> Das Formular hat sich erfolgreich gesendet.<\/p>\n    <\/div>\n\n    <div class=\"contact-content-form-error\">\n        <span class=\"input-error\"><\/span>\n    <\/div>\n<\/form>        <\/div>\n    <\/section>\n<\/div>\n\n\t\t<div id=\"recomendationSection\">\n\t\t\t<div>\n\t\t\t\t<h2 class=\"p-h2-town\">Empfohlen<\/h2>\n\t\t\t\t<hr>\n\t\t\t\t<h3 class=\"p-h3-town\">Gastronomie<\/h3>\n\t\t\t<\/div>\n\t\t\tDie Gastronomie der Stadt Salamanca zeichnet sich durch sehr traditionelle Gerichte wie Chanfaina, Chichas, Spanferkel, Hornazo und iberische W\u00fcrste aus.\n\nBei den S\u00fc\u00dfspeisen sind vor allem die chochos de yema, perrunillas und bollo maim\u00f3n zu nennen.\n\t\t<\/div>\n\n\n\t\t\n\t\t\t<div id=\"holidaysSection\">\n\t\t\t\t<div>\n\t\t\t\t\t<h2 class=\"p-h2-town\">Empfohlen<\/h2>\n\t\t\t\t\t<hr>\n\t\t\t\t\t<h3 class=\"p-h3-town\">Feste und Pilgerfahrten<\/h3>\n\t\t\t\t<\/div>\n\t\t\t\t<div class=\"grid holidays-grid\">\n\t\t\t\t\t\n\t\t\t\t\t\t<div>\n\t\t\t\t\t\t\t<div class=\"phone-number-item\">\n\t\t\t\t\t\t\t\t<div class=\"phone-number-item__icon\"><i class=\"icon-holiday\"><\/i><\/div>\n\t\t\t\t\t\t\t\t<div class=\"phone-number-item__title dark-text\">\n\t\t\t\t\t\t\t\t\t<p class=\"p-font-bold\">Lokaler Urlaub<\/p>\n\t\t\t\t\t\t\t\t\t<p>5 de febrero: Fiesta de las \u00c1guedas<\/p>\n\t\t\t\t\t\t\t\t<\/div>\n\t\t\t\t\t\t\t<\/div>\n\t\t\t\t\t\t<\/div>\n\t\t\t\t\t\n\t\t\t\t\t\t<div>\n\t\t\t\t\t\t\t<div class=\"phone-number-item\">\n\t\t\t\t\t\t\t\t<div class=\"phone-number-item__icon\"><i class=\"icon-holiday\"><\/i><\/div>\n\t\t\t\t\t\t\t\t<div class=\"phone-number-item__title dark-text\">\n\t\t\t\t\t\t\t\t\t<p class=\"p-font-bold\">Lokaler Urlaub<\/p>\n\t\t\t\t\t\t\t\t\t<p>Semana Santa: Declarada de Inter\u00e9s Tur\u00edstico<\/p>\n\t\t\t\t\t\t\t\t<\/div>\n\t\t\t\t\t\t\t<\/div>\n\t\t\t\t\t\t<\/div>\n\t\t\t\t\t\n\t\t\t\t\t\t<div>\n\t\t\t\t\t\t\t<div class=\"phone-number-item\">\n\t\t\t\t\t\t\t\t<div class=\"phone-number-item__icon\"><i class=\"icon-holiday\"><\/i><\/div>\n\t\t\t\t\t\t\t\t<div class=\"phone-number-item__title dark-text\">\n\t\t\t\t\t\t\t\t\t<p class=\"p-font-bold\">Lokaler Urlaub<\/p>\n\t\t\t\t\t\t\t\t\t<p>Siguiente lunes al lunes de Pascua: El lunes de aguas<\/p>\n\t\t\t\t\t\t\t\t<\/div>\n\t\t\t\t\t\t\t<\/div>\n\t\t\t\t\t\t<\/div>\n\t\t\t\t\t\n\t\t\t\t\t\t<div>\n\t\t\t\t\t\t\t<div class=\"phone-number-item\">\n\t\t\t\t\t\t\t\t<div class=\"phone-number-item__icon\"><i class=\"icon-holiday\"><\/i><\/div>\n\t\t\t\t\t\t\t\t<div class=\"phone-number-item__title dark-text\">\n\t\t\t\t\t\t\t\t\t<p class=\"p-font-bold\">Lokaler Urlaub<\/p>\n\t\t\t\t\t\t\t\t\t<p>Del 1 al 15 de junio: El festival internacional de las Artes de Castilla y Le\u00f3n<\/p>\n\t\t\t\t\t\t\t\t<\/div>\n\t\t\t\t\t\t\t<\/div>\n\t\t\t\t\t\t<\/div>\n\t\t\t\t\t\n\t\t\t\t\t\t<div>\n\t\t\t\t\t\t\t<div class=\"phone-number-item\">\n\t\t\t\t\t\t\t\t<div class=\"phone-number-item__icon\"><i class=\"icon-holiday\"><\/i><\/div>\n\t\t\t\t\t\t\t\t<div class=\"phone-number-item__title dark-text\">\n\t\t\t\t\t\t\t\t\t<p class=\"p-font-bold\">Lokaler Urlaub<\/p>\n\t\t\t\t\t\t\t\t\t<p>8 de septiembre: Virgen de la Vega<\/p>\n\t\t\t\t\t\t\t\t<\/div>\n\t\t\t\t\t\t\t<\/div>\n\t\t\t\t\t\t<\/div>\n\t\t\t\t\t\n\t\t\t\t\t\t<div>\n\t\t\t\t\t\t\t<div class=\"phone-number-item\">\n\t\t\t\t\t\t\t\t<div class=\"phone-number-item__icon\"><i class=\"icon-holiday\"><\/i><\/div>\n\t\t\t\t\t\t\t\t<div class=\"phone-number-item__title dark-text\">\n\t\t\t\t\t\t\t\t\t<p class=\"p-font-bold\">Lokaler Urlaub<\/p>\n\t\t\t\t\t\t\t\t\t<p>12 de junio: Fiesta de San Juan de Sahag\u00fan<\/p>\n\t\t\t\t\t\t\t\t<\/div>\n\t\t\t\t\t\t\t<\/div>\n\t\t\t\t\t\t<\/div>\n\t\t\t\t\t\n\t\t\t\t\t\t<div>\n\t\t\t\t\t\t\t<div class=\"phone-number-item\">\n\t\t\t\t\t\t\t\t<div class=\"phone-number-item__icon\"><i class=\"icon-holiday\"><\/i><\/div>\n\t\t\t\t\t\t\t\t<div class=\"phone-number-item__title dark-text\">\n\t\t\t\t\t\t\t\t\t<p class=\"p-font-bold\">Lokaler Urlaub<\/p>\n\t\t\t\t\t\t\t\t\t<p>31 de octubre: Fiesta de ascensi\u00f3n del Mariquelo<\/p>\n\t\t\t\t\t\t\t\t<\/div>\n\t\t\t\t\t\t\t<\/div>\n\t\t\t\t\t\t<\/div>\n\t\t\t\t\t\n\t\t\t\t\t\t<div>\n\t\t\t\t\t\t\t<div class=\"phone-number-item\">\n\t\t\t\t\t\t\t\t<div class=\"phone-number-item__icon\"><i class=\"icon-holiday\"><\/i><\/div>\n\t\t\t\t\t\t\t\t<div class=\"phone-number-item__title dark-text\">\n\t\t\t\t\t\t\t\t\t<p class=\"p-font-bold\">Lokaler Urlaub<\/p>\n\t\t\t\t\t\t\t\t\t<p>15 de diciembre: Nochevieja universitaria<\/p>\n\t\t\t\t\t\t\t\t<\/div>\n\t\t\t\t\t\t\t<\/div>\n\t\t\t\t\t\t<\/div>\n\t\t\t\t\t\n\t\t\t\t<\/div>\n\t\t\t<\/div>\n\t\t\n\t<\/div>\n<\/section>\n\n<div id=\"stage_list_section\"><div class=\"stage-list\">\n    <div class='stage-list__map-card'>\n        <div class='stage-list__map-card__map'>\n            <div class='stage-list__map-card__map__text'>\n                <h2> Pages <\/h2>\n                <p> Zu Fu\u00df<\/p>\n                <p> 0etappen<\/p>\n            <\/div>\n            <div class='stage-list__map-card__map__img'>\n                <img decoding=\"async\" src=\"\" alt=\" mapa \" \/>\n            <\/div>\n        <\/div>\n    <\/div>\n\n    <\/div>\n<\/div> ","protected":false},"excerpt":{"rendered":"<p>Salamanca &#8249; Zur\u00fcck zur B\u00fchne Salamanca Einwohner: 155.921 aprox. Bundesland: Salamanca Informationen Get to know Salamanca Salamanca ist die n\u00e4chste gro\u00dfe Stadt, die der Pilger kennenlernen wird. Dort angekommen, stehen ihnen alle Dienstleistungen zur Verf\u00fcgung, die sie ben\u00f6tigen. Es ist empfehlenswert, dass alle Pilger Zeit f\u00fcr einen Besuch des beeindruckenden historischen Zentrums der Altstadt von &hellip; <\/p>\n<p class=\"read_more\"><a href=\"https:\/\/www.pilgrim.es\/de\/silber-route\/salamanca\/\">Leer m\u00e1s<\/a><\/p>\n","protected":false},"author":0,"featured_media":8289,"parent":10601,"menu_order":0,"comment_status":"closed","ping_status":"closed","template":"views\/template-new-web-design.blade.php","meta":{"footnotes":""},"categories":[],"tags":[],"class_list":["post-91548","page","type-page","status-publish","has-post-thumbnail","hentry"],"yoast_head":"<!-- This site is optimized with the Yoast SEO plugin v27.4 - https:\/\/yoast.com\/product\/yoast-seo-wordpress\/ -->\n<title>Salamanca: Was sehen und wo \u00fcbernachten | Jakobsweg | Pilgrim<\/title>\n<meta name=\"description\" content=\"Salamanca Entdecken Sie alle Informationen \u00fcber Unterk\u00fcnfte, Anreise, Gastronomie und die wichtigsten Sehensw\u00fcrdigkeiten der Orte am Silberweg\" \/>\n<meta name=\"robots\" content=\"index, follow, max-snippet:-1, max-image-preview:large, max-video-preview:-1\" \/>\n<link rel=\"canonical\" href=\"https:\/\/www.pilgrim.es\/de\/silber-route\/salamanca\/\" \/>\n<meta property=\"og:locale\" content=\"de_DE\" \/>\n<meta property=\"og:type\" content=\"article\" \/>\n<meta property=\"og:title\" content=\"Salamanca: Was sehen und wo \u00fcbernachten | Jakobsweg | Pilgrim\" \/>\n<meta property=\"og:description\" content=\"Salamanca Entdecken Sie alle Informationen \u00fcber Unterk\u00fcnfte, Anreise, Gastronomie und die wichtigsten Sehensw\u00fcrdigkeiten der Orte am Silberweg\" \/>\n<meta property=\"og:url\" content=\"https:\/\/www.pilgrim.es\/de\/silber-route\/salamanca\/\" \/>\n<meta property=\"og:site_name\" content=\"Pilgrim\" \/>\n<meta property=\"article:publisher\" content=\"https:\/\/www.facebook.com\/pilgrim.es\/\" \/>\n<meta property=\"og:image\" content=\"https:\/\/www.pilgrim.es\/wp-content\/uploads\/2019\/02\/salamanca1-520x370.jpg\" \/>\n\t<meta property=\"og:image:width\" content=\"520\" \/>\n\t<meta property=\"og:image:height\" content=\"370\" \/>\n\t<meta property=\"og:image:type\" content=\"image\/jpeg\" \/>\n<meta name=\"twitter:card\" content=\"summary_large_image\" \/>\n<meta name=\"twitter:site\" content=\"@pilgrim_es\" \/>\n<meta name=\"twitter:label1\" content=\"Gesch\u00e4tzte Lesezeit\" \/>\n\t<meta name=\"twitter:data1\" content=\"13\u00a0Minuten\" \/>\n<script type=\"application\/ld+json\" class=\"yoast-schema-graph\">{\"@context\":\"https:\\\/\\\/schema.org\",\"@graph\":[{\"@type\":\"WebPage\",\"@id\":\"https:\\\/\\\/www.pilgrim.es\\\/de\\\/silber-route\\\/salamanca\\\/\",\"url\":\"https:\\\/\\\/www.pilgrim.es\\\/de\\\/silber-route\\\/salamanca\\\/\",\"name\":\"Salamanca: Was sehen und wo \u00fcbernachten | Jakobsweg | Pilgrim\",\"isPartOf\":{\"@id\":\"https:\\\/\\\/www.pilgrim.es\\\/de\\\/#website\"},\"primaryImageOfPage\":{\"@id\":\"https:\\\/\\\/www.pilgrim.es\\\/de\\\/silber-route\\\/salamanca\\\/#primaryimage\"},\"image\":{\"@id\":\"https:\\\/\\\/www.pilgrim.es\\\/de\\\/silber-route\\\/salamanca\\\/#primaryimage\"},\"thumbnailUrl\":\"https:\\\/\\\/www.pilgrim.es\\\/wp-content\\\/uploads\\\/2019\\\/02\\\/salamanca1-520x370.jpg\",\"datePublished\":\"2025-03-17T16:12:14+00:00\",\"description\":\"Salamanca Entdecken Sie alle Informationen \u00fcber Unterk\u00fcnfte, Anreise, Gastronomie und die wichtigsten Sehensw\u00fcrdigkeiten der Orte am Silberweg\",\"breadcrumb\":{\"@id\":\"https:\\\/\\\/www.pilgrim.es\\\/de\\\/silber-route\\\/salamanca\\\/#breadcrumb\"},\"inLanguage\":\"de\",\"potentialAction\":[{\"@type\":\"ReadAction\",\"target\":[\"https:\\\/\\\/www.pilgrim.es\\\/de\\\/silber-route\\\/salamanca\\\/\"]}]},{\"@type\":\"ImageObject\",\"inLanguage\":\"de\",\"@id\":\"https:\\\/\\\/www.pilgrim.es\\\/de\\\/silber-route\\\/salamanca\\\/#primaryimage\",\"url\":\"https:\\\/\\\/www.pilgrim.es\\\/wp-content\\\/uploads\\\/2019\\\/02\\\/salamanca1-520x370.jpg\",\"contentUrl\":\"https:\\\/\\\/www.pilgrim.es\\\/wp-content\\\/uploads\\\/2019\\\/02\\\/salamanca1-520x370.jpg\",\"width\":520,\"height\":370,\"caption\":\"Salamanca\"},{\"@type\":\"BreadcrumbList\",\"@id\":\"https:\\\/\\\/www.pilgrim.es\\\/de\\\/silber-route\\\/salamanca\\\/#breadcrumb\",\"itemListElement\":[{\"@type\":\"ListItem\",\"position\":1,\"name\":\"Camino de Santiago\",\"item\":\"https:\\\/\\\/www.pilgrim.es\\\/de\\\/\"},{\"@type\":\"ListItem\",\"position\":2,\"name\":\"Die Silber-Route\",\"item\":\"https:\\\/\\\/www.pilgrim.es\\\/de\\\/silber-route\\\/\"},{\"@type\":\"ListItem\",\"position\":3,\"name\":\"Salamanca\"}]},{\"@type\":\"WebSite\",\"@id\":\"https:\\\/\\\/www.pilgrim.es\\\/de\\\/#website\",\"url\":\"https:\\\/\\\/www.pilgrim.es\\\/de\\\/\",\"name\":\"Pilgrim\",\"description\":\"Camino de Santiago | Caminamos Contigo\",\"publisher\":{\"@id\":\"https:\\\/\\\/www.pilgrim.es\\\/de\\\/#organization\"},\"potentialAction\":[{\"@type\":\"SearchAction\",\"target\":{\"@type\":\"EntryPoint\",\"urlTemplate\":\"https:\\\/\\\/www.pilgrim.es\\\/de\\\/?s={search_term_string}\"},\"query-input\":{\"@type\":\"PropertyValueSpecification\",\"valueRequired\":true,\"valueName\":\"search_term_string\"}}],\"inLanguage\":\"de\"},{\"@type\":\"Organization\",\"@id\":\"https:\\\/\\\/www.pilgrim.es\\\/de\\\/#organization\",\"name\":\"Pilgrim Camino de Santiago\",\"url\":\"https:\\\/\\\/www.pilgrim.es\\\/de\\\/\",\"logo\":{\"@type\":\"ImageObject\",\"inLanguage\":\"de\",\"@id\":\"https:\\\/\\\/www.pilgrim.es\\\/de\\\/#\\\/schema\\\/logo\\\/image\\\/\",\"url\":\"https:\\\/\\\/www.pilgrim.es\\\/wp-content\\\/uploads\\\/2019\\\/04\\\/logo_pilgrim.png\",\"contentUrl\":\"https:\\\/\\\/www.pilgrim.es\\\/wp-content\\\/uploads\\\/2019\\\/04\\\/logo_pilgrim.png\",\"width\":512,\"height\":512,\"caption\":\"Pilgrim Camino de Santiago\"},\"image\":{\"@id\":\"https:\\\/\\\/www.pilgrim.es\\\/de\\\/#\\\/schema\\\/logo\\\/image\\\/\"},\"sameAs\":[\"https:\\\/\\\/www.facebook.com\\\/pilgrim.es\\\/\",\"https:\\\/\\\/x.com\\\/pilgrim_es\",\"https:\\\/\\\/www.instagram.com\\\/pilgrim.es\\\/\",\"https:\\\/\\\/www.linkedin.com\\\/company\\\/pilgrim-camino-de-santiago\\\/\",\"https:\\\/\\\/www.pinterest.es\\\/pilgrimcaminodesantiago\\\/\",\"https:\\\/\\\/www.youtube.com\\\/channel\\\/UCIv2ZzFLXVqthkNF32rKedw\\\/featured\"]}]}<\/script>\n<!-- \/ Yoast SEO plugin. -->","yoast_head_json":{"title":"Salamanca: Was sehen und wo \u00fcbernachten | Jakobsweg | Pilgrim","description":"Salamanca Entdecken Sie alle Informationen \u00fcber Unterk\u00fcnfte, Anreise, Gastronomie und die wichtigsten Sehensw\u00fcrdigkeiten der Orte am Silberweg","robots":{"index":"index","follow":"follow","max-snippet":"max-snippet:-1","max-image-preview":"max-image-preview:large","max-video-preview":"max-video-preview:-1"},"canonical":"https:\/\/www.pilgrim.es\/de\/silber-route\/salamanca\/","og_locale":"de_DE","og_type":"article","og_title":"Salamanca: Was sehen und wo \u00fcbernachten | Jakobsweg | Pilgrim","og_description":"Salamanca Entdecken Sie alle Informationen \u00fcber Unterk\u00fcnfte, Anreise, Gastronomie und die wichtigsten Sehensw\u00fcrdigkeiten der Orte am Silberweg","og_url":"https:\/\/www.pilgrim.es\/de\/silber-route\/salamanca\/","og_site_name":"Pilgrim","article_publisher":"https:\/\/www.facebook.com\/pilgrim.es\/","og_image":[{"width":520,"height":370,"url":"https:\/\/www.pilgrim.es\/wp-content\/uploads\/2019\/02\/salamanca1-520x370.jpg","type":"image\/jpeg"}],"twitter_card":"summary_large_image","twitter_site":"@pilgrim_es","twitter_misc":{"Gesch\u00e4tzte Lesezeit":"13\u00a0Minuten"},"schema":{"@context":"https:\/\/schema.org","@graph":[{"@type":"WebPage","@id":"https:\/\/www.pilgrim.es\/de\/silber-route\/salamanca\/","url":"https:\/\/www.pilgrim.es\/de\/silber-route\/salamanca\/","name":"Salamanca: Was sehen und wo \u00fcbernachten | Jakobsweg | Pilgrim","isPartOf":{"@id":"https:\/\/www.pilgrim.es\/de\/#website"},"primaryImageOfPage":{"@id":"https:\/\/www.pilgrim.es\/de\/silber-route\/salamanca\/#primaryimage"},"image":{"@id":"https:\/\/www.pilgrim.es\/de\/silber-route\/salamanca\/#primaryimage"},"thumbnailUrl":"https:\/\/www.pilgrim.es\/wp-content\/uploads\/2019\/02\/salamanca1-520x370.jpg","datePublished":"2025-03-17T16:12:14+00:00","description":"Salamanca Entdecken Sie alle Informationen \u00fcber Unterk\u00fcnfte, Anreise, Gastronomie und die wichtigsten Sehensw\u00fcrdigkeiten der Orte am Silberweg","breadcrumb":{"@id":"https:\/\/www.pilgrim.es\/de\/silber-route\/salamanca\/#breadcrumb"},"inLanguage":"de","potentialAction":[{"@type":"ReadAction","target":["https:\/\/www.pilgrim.es\/de\/silber-route\/salamanca\/"]}]},{"@type":"ImageObject","inLanguage":"de","@id":"https:\/\/www.pilgrim.es\/de\/silber-route\/salamanca\/#primaryimage","url":"https:\/\/www.pilgrim.es\/wp-content\/uploads\/2019\/02\/salamanca1-520x370.jpg","contentUrl":"https:\/\/www.pilgrim.es\/wp-content\/uploads\/2019\/02\/salamanca1-520x370.jpg","width":520,"height":370,"caption":"Salamanca"},{"@type":"BreadcrumbList","@id":"https:\/\/www.pilgrim.es\/de\/silber-route\/salamanca\/#breadcrumb","itemListElement":[{"@type":"ListItem","position":1,"name":"Camino de Santiago","item":"https:\/\/www.pilgrim.es\/de\/"},{"@type":"ListItem","position":2,"name":"Die Silber-Route","item":"https:\/\/www.pilgrim.es\/de\/silber-route\/"},{"@type":"ListItem","position":3,"name":"Salamanca"}]},{"@type":"WebSite","@id":"https:\/\/www.pilgrim.es\/de\/#website","url":"https:\/\/www.pilgrim.es\/de\/","name":"Pilgrim","description":"Camino de Santiago | Caminamos Contigo","publisher":{"@id":"https:\/\/www.pilgrim.es\/de\/#organization"},"potentialAction":[{"@type":"SearchAction","target":{"@type":"EntryPoint","urlTemplate":"https:\/\/www.pilgrim.es\/de\/?s={search_term_string}"},"query-input":{"@type":"PropertyValueSpecification","valueRequired":true,"valueName":"search_term_string"}}],"inLanguage":"de"},{"@type":"Organization","@id":"https:\/\/www.pilgrim.es\/de\/#organization","name":"Pilgrim Camino de Santiago","url":"https:\/\/www.pilgrim.es\/de\/","logo":{"@type":"ImageObject","inLanguage":"de","@id":"https:\/\/www.pilgrim.es\/de\/#\/schema\/logo\/image\/","url":"https:\/\/www.pilgrim.es\/wp-content\/uploads\/2019\/04\/logo_pilgrim.png","contentUrl":"https:\/\/www.pilgrim.es\/wp-content\/uploads\/2019\/04\/logo_pilgrim.png","width":512,"height":512,"caption":"Pilgrim Camino de Santiago"},"image":{"@id":"https:\/\/www.pilgrim.es\/de\/#\/schema\/logo\/image\/"},"sameAs":["https:\/\/www.facebook.com\/pilgrim.es\/","https:\/\/x.com\/pilgrim_es","https:\/\/www.instagram.com\/pilgrim.es\/","https:\/\/www.linkedin.com\/company\/pilgrim-camino-de-santiago\/","https:\/\/www.pinterest.es\/pilgrimcaminodesantiago\/","https:\/\/www.youtube.com\/channel\/UCIv2ZzFLXVqthkNF32rKedw\/featured"]}]}},"_links":{"self":[{"href":"https:\/\/www.pilgrim.es\/de\/wp-json\/wp\/v2\/pages\/91548","targetHints":{"allow":["GET"]}}],"collection":[{"href":"https:\/\/www.pilgrim.es\/de\/wp-json\/wp\/v2\/pages"}],"about":[{"href":"https:\/\/www.pilgrim.es\/de\/wp-json\/wp\/v2\/types\/page"}],"replies":[{"embeddable":true,"href":"https:\/\/www.pilgrim.es\/de\/wp-json\/wp\/v2\/comments?post=91548"}],"version-history":[{"count":0,"href":"https:\/\/www.pilgrim.es\/de\/wp-json\/wp\/v2\/pages\/91548\/revisions"}],"up":[{"embeddable":true,"href":"https:\/\/www.pilgrim.es\/de\/wp-json\/wp\/v2\/pages\/10601"}],"wp:featuredmedia":[{"embeddable":true,"href":"https:\/\/www.pilgrim.es\/de\/wp-json\/wp\/v2\/media\/8289"}],"wp:attachment":[{"href":"https:\/\/www.pilgrim.es\/de\/wp-json\/wp\/v2\/media?parent=91548"}],"wp:term":[{"taxonomy":"category","embeddable":true,"href":"https:\/\/www.pilgrim.es\/de\/wp-json\/wp\/v2\/categories?post=91548"},{"taxonomy":"post_tag","embeddable":true,"href":"https:\/\/www.pilgrim.es\/de\/wp-json\/wp\/v2\/tags?post=91548"}],"curies":[{"name":"wp","href":"https:\/\/api.w.org\/{rel}","templated":true}]}}