{"id":91518,"date":"2025-03-17T16:06:16","date_gmt":"2025-03-17T16:06:16","guid":{"rendered":"https:\/\/www.pilgrim.es\/silber-route\/caceres\/"},"modified":"2025-03-17T16:06:16","modified_gmt":"2025-03-17T16:06:16","slug":"caceres","status":"publish","type":"page","link":"https:\/\/www.pilgrim.es\/de\/silber-route\/caceres\/","title":{"rendered":"C\u00e1ceres"},"content":{"rendered":" <section id=\"hero\">\n\t<h1>C\u00e1ceres<\/h1>\n\t<div class=\"hero-grid\">\n\t\t<div class=\"hero-grid__town-col\" data-background=\"https:\/\/cdn.pilgrim.es\/web\/caminos\/via-de-la-plata\/pueblos\/caceres.jpg\">\n\t\t\t<div>\n\t\t\t\t<a class=\"link-to-stage\" href=\"https:\/\/www.pilgrim.es\/via-plata\/etapa-11-alcuescar-caceres\/\">\n\t\t\t\t\t<p>&#8249; Zur\u00fcck zur B\u00fchne<\/p>\n\t\t\t\t<\/a>\n\n\t\t\t\t<div class=\"town-data\">\n\t\t\t\t\t<h2>C\u00e1ceres<\/h2>\n\t\t\t\t\t<ul>\n\t\t\t\t\t\t<li>Einwohner: 95.617 aprox.<\/li>\n\t\t\t\t\t\t<li>Bundesland: C\u00e1ceres<\/li>\n\t\t\t\t\t<\/ul>\n\t\t\t\t<\/div>\n\t\t\t<\/div>\n\t\t<\/div>\n\t\t<div class=\"hero-grid__planner-col\"><div\r\n  class=\"p-col-span-1 p-rounded-lg p-px-5 p-h-full\"\r\n  style=\"background-image: url('https:\/\/cdn.pilgrim.es\/web\/pilgrim-planner\/bg-plugin-planificador.webp')\"\r\n  rel=\"preload\"\r\n  fetchpriority=\"high\"\r\n  >\r\n    <div class=\"p-text-center p-pt-5 p-text-white p-text-2xl p-font-semibold\">\r\n      Plane deinen Weg    <\/div>\r\n    <div\r\n            id='primary-app'\r\n            data-name='banner'\r\n            data-api='https:\/\/pathfinder.pilgrim.es\/api\/pathfinder\/v2'\r\n            data-mode='normal'\r\n            data-lang='de'\r\n            data-route='1'\r\n            data-destiny='https:\/\/planificador.pilgrim.es'\r\n            data-modality='1'\r\n            data-inline=''\r\n        ><\/div><\/div><\/div>\n\t<\/div>\n<\/section>\n\n<section id=\"infoTown\">\n\t<div class=\"sections-town\">\n\n\t\t<div id=\"informationSection\">\n\t\t\t<div>\n\t\t\t\t<h2 class=\"p-h2-town\">Informationen<\/h2>\n\t\t\t\t<hr>\n\t\t\t\t<h3 class=\"p-h3-town\">Get to know C\u00e1ceres<\/h3>\n\t\t\t<\/div>\n\t\t\t<p>Die Stadt C\u00e1ceres liegt in der autonomen Gemeinschaft Extremadura und gilt als die Stadt mit dem sch\u00f6nsten und bewundernswertesten Stadtkomplex der Welt.<\/p> <p>Ihr historisches Zentrum ist eines der vollst\u00e4ndigsten, so dass es nicht \u00fcberrascht, dass sie zum Unesco-Weltkulturerbe geh\u00f6rt.<\/p> <p>Sie wurde von der Unesco zum Weltkulturerbe erkl\u00e4rt.<\/p> <p>Die Stadt wurde von der UNESCO zum Weltkulturerbe erkl\u00e4rt.\n\t\t<\/div>\n\n\t\t<div id=\"locationSection\">\n\t\t\t<div>\n\t\t\t\t<h2 class=\"p-h2-town\">Standort<\/h2>\n\t\t\t\t<hr>\n\t\t\t\t<h3 class=\"p-h3-town\">Wegbeschreibung<\/h3>\n\t\t\t<\/div>\n\t\t\t<p>Die Stadt C\u00e1ceres ist perfekt angebunden, \u00fcber die Autobahn A-66, die Sevilla mit Gij\u00f3n verbindet, und \u00fcber die A-58, die Trujillo und C\u00e1ceres miteinander verbindet, zu erreichen. Au\u00dferdem kann man \u00fcber Nebenstra\u00dfen wie die CC-11\/N-630, CC-21\/N-521, CC-38, EX-390, EX-206 und EX-100 anreisen. Die oben genannten Nebenstra\u00dfen verbinden die Stadt mit den umliegenden Gebieten wie Casar de C\u00e1ceres, Torrej\u00f3n el Rubio, Badajoz usw.<\/p> <p>.\n\n<p>Der Bahnhof verf\u00fcgt auch \u00fcber gute Bahnverbindungen, die die Stadt mit Madrid, Lissabon, Barcelona und Sevilla verbinden. Und mit dem Bus kann man die Stadt von einer Vielzahl von Orten aus erreichen, dank der zahlreichen Buslinien, die Madrid, Sevilla, Salamanca, Oviedo usw. verbinden.<\/p> <p>.\n\t\t\t<div>\n\t\t\t\t<div>\n  <iframe loading=\"lazy\"\n    src=\"https:\/\/www.google.com\/maps\/d\/embed?mid=1XahXGMBO6PnwX4M6TWEyFOypT2GQmKE&amp;ehbc=2E312F\"\n    width=\"640\"\n    height=\"480\"\n    alt=\"Mapa C\u00e1ceres\"\n  ><\/iframe>\n<\/div>\n\n\t\t\t<\/div>\n\t\t<\/div>\n\n\t\t\n\t\t\t<div id=\"toVisitSection\">\n\t\t\t\t<div>\n\t\t\t\t\t<h2 class=\"p-h2-town\">Geschichte \/ Kultur<\/h2>\n\t\t\t\t\t<hr>\n\t\t\t\t\t<h3 class=\"p-h3-town\">Was es zu sehen gibt<\/h3>\n\t\t\t\t<\/div>\n\t\t\t\t<div>\n\t\t\t\t\t<div class=\"accordion\">\n\t\t\t\t\t\t<div class=\"accordion__menu\">\n\t\t\t\t\t\t\t<nav>\n\t\t\t\t\t\t\t\t\n\t\t\t\t\t\t\t\t\t<button class=\"nav-tab-accordion active\"><span>&#10093;<\/span><span> Casa de los Sol\u00eds o Casa del Sol<\/span><\/button>\n\t\t\t\t\t\t\t\t\n\t\t\t\t\t\t\t\t\t<button class=\"nav-tab-accordion \"><span>&#10093;<\/span><span> Ermita de San Blas<\/span><\/button>\n\t\t\t\t\t\t\t\t\n\t\t\t\t\t\t\t\t\t<button class=\"nav-tab-accordion \"><span>&#10093;<\/span><span> Casa del Mono<\/span><\/button>\n\t\t\t\t\t\t\t\t\n\t\t\t\t\t\t\t\t\t<button class=\"nav-tab-accordion \"><span>&#10093;<\/span><span> Casa Museo \u00c1rabe Yusuf Al Burch<\/span><\/button>\n\t\t\t\t\t\t\t\t\n\t\t\t\t\t\t\t\t\t<button class=\"nav-tab-accordion \"><span>&#10093;<\/span><span> Centro de Interpretaci\u00f3n de la Torre de Bujaco<\/span><\/button>\n\t\t\t\t\t\t\t\t\n\t\t\t\t\t\t\t\t\t<button class=\"nav-tab-accordion \"><span>&#10093;<\/span><span> Concatedral de Santa Mar\u00eda<\/span><\/button>\n\t\t\t\t\t\t\t\t\n\t\t\t\t\t\t\t\t\t<button class=\"nav-tab-accordion \"><span>&#10093;<\/span><span> Convento de San Pablo<\/span><\/button>\n\t\t\t\t\t\t\t\t\n\t\t\t\t\t\t\t\t\t<button class=\"nav-tab-accordion \"><span>&#10093;<\/span><span> Ermita de la Paz<\/span><\/button>\n\t\t\t\t\t\t\t\t\n\t\t\t\t\t\t\t\t\t<button class=\"nav-tab-accordion \"><span>&#10093;<\/span><span> Foro de los Balbos<\/span><\/button>\n\t\t\t\t\t\t\t\t\n\t\t\t\t\t\t\t\t\t<button class=\"nav-tab-accordion \"><span>&#10093;<\/span><span> Iglesia de la Sagrada Familia<\/span><\/button>\n\t\t\t\t\t\t\t\t\n\t\t\t\t\t\t\t\t\t<button class=\"nav-tab-accordion \"><span>&#10093;<\/span><span> Iglesia de San Eugenio<\/span><\/button>\n\t\t\t\t\t\t\t\t\n\t\t\t\t\t\t\t\t\t<button class=\"nav-tab-accordion \"><span>&#10093;<\/span><span> Iglesia de San Francisco Javier<\/span><\/button>\n\t\t\t\t\t\t\t\t\n\t\t\t\t\t\t\t\t\t<button class=\"nav-tab-accordion \"><span>&#10093;<\/span><span> Iglesia de San Mateo<\/span><\/button>\n\t\t\t\t\t\t\t\t\n\t\t\t\t\t\t\t\t\t<button class=\"nav-tab-accordion \"><span>&#10093;<\/span><span> Iglesia de San Pedro Alc\u00e1ntara<\/span><\/button>\n\t\t\t\t\t\t\t\t\n\t\t\t\t\t\t\t\t\t<button class=\"nav-tab-accordion \"><span>&#10093;<\/span><span> Iglesia de Santiago<\/span><\/button>\n\t\t\t\t\t\t\t\t\n\t\t\t\t\t\t\t\t\t<button class=\"nav-tab-accordion \"><span>&#10093;<\/span><span> Iglesia del Beato Marcelo Spinola<\/span><\/button>\n\t\t\t\t\t\t\t\t\n\t\t\t\t\t\t\t\t\t<button class=\"nav-tab-accordion \"><span>&#10093;<\/span><span> Museo Municipal Ciudad de C\u00e1ceres<\/span><\/button>\n\t\t\t\t\t\t\t\t\n\t\t\t\t\t\t\t\t\t<button class=\"nav-tab-accordion \"><span>&#10093;<\/span><span> Palacio de Carvajal<\/span><\/button>\n\t\t\t\t\t\t\t\t\n\t\t\t\t\t\t\t\t\t<button class=\"nav-tab-accordion \"><span>&#10093;<\/span><span> Palacio de las Cig\u00fce\u00f1as<\/span><\/button>\n\t\t\t\t\t\t\t\t\n\t\t\t\t\t\t\t\t\t<button class=\"nav-tab-accordion \"><span>&#10093;<\/span><span> Palacio de los Golfines de Abajo<\/span><\/button>\n\t\t\t\t\t\t\t\t\n\t\t\t\t\t\t\t\t\t<button class=\"nav-tab-accordion \"><span>&#10093;<\/span><span> Palacio del Comendador de Alcu\u00e9scar<\/span><\/button>\n\t\t\t\t\t\t\t\t\n\t\t\t\t\t\t\t\t\t<button class=\"nav-tab-accordion \"><span>&#10093;<\/span><span> Palacio Episcopal<\/span><\/button>\n\t\t\t\t\t\t\t\t\n\t\t\t\t\t\t\t\t\t<button class=\"nav-tab-accordion \"><span>&#10093;<\/span><span> Museo de C\u00e1ceres &#8211; Palacio de las Veletas y Casa de los Caballos<\/span><\/button>\n\t\t\t\t\t\t\t\t\n\t\t\t\t\t\t\t\t\t<button class=\"nav-tab-accordion \"><span>&#10093;<\/span><span> Palacio Toledo<\/span><\/button>\n\t\t\t\t\t\t\t\t\n\t\t\t\t\t\t\t\t\t<button class=\"nav-tab-accordion \"><span>&#10093;<\/span><span> Plaza de San Jorge<\/span><\/button>\n\t\t\t\t\t\t\t\t\n\t\t\t\t\t\t\t\t\t<button class=\"nav-tab-accordion \"><span>&#10093;<\/span><span> Torre de los P\u00falpitos<\/span><\/button>\n\t\t\t\t\t\t\t\t\n\t\t\t\t\t\t\t\t\t<button class=\"nav-tab-accordion \"><span>&#10093;<\/span><span> Plaza de Toros<\/span><\/button>\n\t\t\t\t\t\t\t\t\n\t\t\t\t\t\t\t\t\t<button class=\"nav-tab-accordion \"><span>&#10093;<\/span><span> Plaza Mayor<\/span><\/button>\n\t\t\t\t\t\t\t\t\n\t\t\t\t\t\t\t\t\t<button class=\"nav-tab-accordion \"><span>&#10093;<\/span><span> Arco de la Estrella<\/span><\/button>\n\t\t\t\t\t\t\t\t\n\t\t\t\t\t\t\t<\/nav>\n\t\t\t\t\t\t<\/div>\n\n\t\t\t\t\t\t\n\t\t\t\t\t\t\t<div class=\"accordion__accordion-content \">\n\t\t\t\t\t\t\t\t<div>\n\t\t\t\t\t\t\t\t\t<div>\n\t\t\t\t\t\t\t\t\t\t<h4>Casa de los Sol\u00eds o Casa del Sol<\/h4>\n\t\t\t\t\t\t\t\t\t\t<p>Die Casa del Sol oder Casa de los Sol\u00eds ist ein Haus, das f\u00fcr seine Legende ber\u00fchmt ist, die besagt, dass die Familie Sol\u00eds den Titel &#8222;Geschlecht&#8220; dadurch erlangte, dass sie es schaffte, eine Botschaft der K\u00f6nigin von C\u00e1ceres nach Valladolid zu Pferd zu \u00fcberbringen, und das an nur einem Tag. Das Geb\u00e4ude aus dem 16. Jahrhundert weist an seiner Fassade eine Vielzahl dekorativer Elemente auf, wie das Wappen der Familie Sol\u00eds, den Helm, die runde Machikolation, das Tor mit Rundbogen und den Alfiz, der das ornamentale Ensemble einrahmt. <\/p>\n\t\t\t\t\t\t\t\t\t<\/div>\n\t\t\t\t\t\t\t\t\t<img decoding=\"async\" src=\"https:\/\/cdn.pilgrim.es\/web\/caminos\/via-de-la-plata\/pueblos\/caceres\/puntos-de-interes\/casa-de-los-solis-o-casa-del-sol.jpg\" alt=\"Casa de los Sol\u00eds o Casa del Sol\">\n\t\t\t\t\t\t\t\t<\/div>\n\t\t\t\t\t\t\t<\/div>\n\t\t\t\t\t\t\n\t\t\t\t\t\t\t<div class=\"accordion__accordion-content inactive\">\n\t\t\t\t\t\t\t\t<div>\n\t\t\t\t\t\t\t\t\t<div>\n\t\t\t\t\t\t\t\t\t\t<h4>Ermita de San Blas<\/h4>\n\t\t\t\t\t\t\t\t\t\t<p>In der Einsiedelei von San Blas findet am 31. Januar das San-Blas-Fest statt, eine der \u00e4ltesten und traditionsreichsten Wallfahrten der Stadt. Das Fest besteht aus einem traditionellen Schlachtfest, einem Volksessen und verschiedenen Wettbewerben und musikalischen Darbietungen. An diesem Tag versammeln sich die jungen Leute in Campuza-Kleidung und mit dem beliebten &#8222;Wassermelonen&#8220;- oder &#8222;Tausend-Farben&#8220;-Schal um die Einsiedelei.\n\n<p>INFORMATIONEN VON INTERESSE<\/p>\n\n<p>Telefon: 927 224 254<\/p>\n\t\t\t\t\t\t\t\t\t<\/div>\n\t\t\t\t\t\t\t\t\t<img decoding=\"async\" src=\"https:\/\/cdn.pilgrim.es\/web\/caminos\/via-de-la-plata\/pueblos\/caceres\/puntos-de-interes\/ermita-de-san-blas.jpg\" alt=\"Ermita de San Blas\">\n\t\t\t\t\t\t\t\t<\/div>\n\t\t\t\t\t\t\t<\/div>\n\t\t\t\t\t\t\n\t\t\t\t\t\t\t<div class=\"accordion__accordion-content inactive\">\n\t\t\t\t\t\t\t\t<div>\n\t\t\t\t\t\t\t\t\t<div>\n\t\t\t\t\t\t\t\t\t\t<h4>Casa del Mono<\/h4>\n\t\t\t\t\t\t\t\t\t\t<p>Das Affenhaus wurde so genannt, weil der fr\u00fchere Besitzer des Hauses bei seiner R\u00fcckkehr von einer langen Reise einen Affen mitbrachte und ihn wie einen der seinen behandelte: mit eigenem Zimmer, Spielzeug usw. Die Familie wurde mit einem Baby gesegnet, was den Affen eifers\u00fcchtig machte und dazu f\u00fchrte, dass er es aus dem Fenster warf, wodurch es starb. <\/p>\n\t\t\t\t\t\t\t\t\t<\/div>\n\t\t\t\t\t\t\t\t\t<img decoding=\"async\" src=\"https:\/\/cdn.pilgrim.es\/web\/caminos\/via-de-la-plata\/pueblos\/caceres\/puntos-de-interes\/casa-del-mono.jpg\" alt=\"Casa del Mono\">\n\t\t\t\t\t\t\t\t<\/div>\n\t\t\t\t\t\t\t<\/div>\n\t\t\t\t\t\t\n\t\t\t\t\t\t\t<div class=\"accordion__accordion-content inactive\">\n\t\t\t\t\t\t\t\t<div>\n\t\t\t\t\t\t\t\t\t<div>\n\t\t\t\t\t\t\t\t\t\t<h4>Casa Museo \u00c1rabe Yusuf Al Burch<\/h4>\n\t\t\t\t\t\t\t\t\t\t<p>Das Arabische Haus-Museum Yusuf al Burch befindet sich im monumentalen Bereich der Stadt, genauer gesagt zwischen der Plaza de San Jorge und dem Arco del Cristo.<\/p> <p>Das Arabische Haus-Museum Yusuf al Burch befindet sich im monumentalen Bereich der Stadt, genauer gesagt zwischen der Plaza de San Jorge und dem Arco del Cristo.\n\n<p>Es wurde von Jos\u00e9 de la Torre Gentil gegr\u00fcndet, einem Mann, der sich sehr f\u00fcr die hispano-arabische Geschichte und Kunst interessierte. Don Jos\u00e9 restaurierte das Haus, das sich im Besitz seiner Familie befand, mit dem Ziel, es zu modernisieren. Als er jedoch r\u00f6mische und arabische Spuren entdeckte, beschloss er, seinen urspr\u00fcnglichen Ursprung zu respektieren.\n\t\t\t\t\t\t\t\t\t<\/div>\n\t\t\t\t\t\t\t\t\t<img decoding=\"async\" src=\"https:\/\/cdn.pilgrim.es\/web\/caminos\/via-de-la-plata\/pueblos\/caceres\/puntos-de-interes\/casa-museo-arabe-yusuf-al-burch.jpg\" alt=\"Casa Museo \u00c1rabe Yusuf Al Burch\">\n\t\t\t\t\t\t\t\t<\/div>\n\t\t\t\t\t\t\t<\/div>\n\t\t\t\t\t\t\n\t\t\t\t\t\t\t<div class=\"accordion__accordion-content inactive\">\n\t\t\t\t\t\t\t\t<div>\n\t\t\t\t\t\t\t\t\t<div>\n\t\t\t\t\t\t\t\t\t\t<h4>Centro de Interpretaci\u00f3n de la Torre de Bujaco<\/h4>\n\t\t\t\t\t\t\t\t\t\t<p>Der Bujaco-Turm beherbergt das Interpretationszentrum der drei Kulturen, einen gro\u00dfen Raum, der mit Schautafeln ausgestattet ist, auf denen die Besucher mehr \u00fcber die verschiedenen historischen Epochen und die wichtigsten \u00dcberreste der Stadt C\u00e1ceres erfahren k\u00f6nnen. <\/p>\n\t\t\t\t\t\t\t\t\t<\/div>\n\t\t\t\t\t\t\t\t\t<img decoding=\"async\" src=\"https:\/\/cdn.pilgrim.es\/web\/caminos\/via-de-la-plata\/pueblos\/caceres\/puntos-de-interes\/centro-de-interpretacion-de-la-torre-de-bujaco.jpg\" alt=\"Centro de Interpretaci\u00f3n de la Torre de Bujaco\">\n\t\t\t\t\t\t\t\t<\/div>\n\t\t\t\t\t\t\t<\/div>\n\t\t\t\t\t\t\n\t\t\t\t\t\t\t<div class=\"accordion__accordion-content inactive\">\n\t\t\t\t\t\t\t\t<div>\n\t\t\t\t\t\t\t\t\t<div>\n\t\t\t\t\t\t\t\t\t\t<h4>Concatedral de Santa Mar\u00eda<\/h4>\n\t\t\t\t\t\t\t\t\t\t<p>Die Co-Kathedrale Santa Mar\u00eda de C\u00e1ceres ist das wichtigste Gotteshaus der Stadt, denn sie wurde in der zweiten H\u00e4lfte des 20. Ihre Urspr\u00fcnge gehen auf das 15. bis 16. Jahrhundert zur\u00fcck und sie beherbergt verschiedene architektonische Stile.\n\t\t\t\t\t\t\t\t\t<\/div>\n\t\t\t\t\t\t\t\t\t<img decoding=\"async\" src=\"https:\/\/cdn.pilgrim.es\/web\/caminos\/via-de-la-plata\/pueblos\/caceres\/puntos-de-interes\/concatedral-de-santa-maria.jpg\" alt=\"Concatedral de Santa Mar\u00eda\">\n\t\t\t\t\t\t\t\t<\/div>\n\t\t\t\t\t\t\t<\/div>\n\t\t\t\t\t\t\n\t\t\t\t\t\t\t<div class=\"accordion__accordion-content inactive\">\n\t\t\t\t\t\t\t\t<div>\n\t\t\t\t\t\t\t\t\t<div>\n\t\t\t\t\t\t\t\t\t\t<h4>Convento de San Pablo<\/h4>\n\t\t\t\t\t\t\t\t\t\t<p>Das Kloster San Pablo stammt aus dem 15. Jahrhundert und wird noch immer von der Gemeinschaft der Klarissinnen des Franziskanerordens bewohnt. Der gotische Stil ist an der Fassade zu erkennen. Das Kloster ist ber\u00fchmt f\u00fcr die von den Nonnen handgefertigten S\u00fc\u00dfigkeiten, die hier zum Verkauf angeboten werden.\n\t\t\t\t\t\t\t\t\t<\/div>\n\t\t\t\t\t\t\t\t\t<img decoding=\"async\" src=\"https:\/\/cdn.pilgrim.es\/web\/caminos\/via-de-la-plata\/pueblos\/caceres\/puntos-de-interes\/convento-de-san-pablo.jpg\" alt=\"Convento de San Pablo\">\n\t\t\t\t\t\t\t\t<\/div>\n\t\t\t\t\t\t\t<\/div>\n\t\t\t\t\t\t\n\t\t\t\t\t\t\t<div class=\"accordion__accordion-content inactive\">\n\t\t\t\t\t\t\t\t<div>\n\t\t\t\t\t\t\t\t\t<div>\n\t\t\t\t\t\t\t\t\t\t<h4>Ermita de la Paz<\/h4>\n\t\t\t\t\t\t\t\t\t\t<p>Die Einsiedelei von La Paz wurde im 18. Jahrhundert erbaut und ist San Benito gewidmet, sie ist im Barockstil gehalten und mit Backstein verkleidet. Am Eingang befindet sich ein S\u00e4ulengang, der aus drei Rundb\u00f6gen besteht, die auf entsprechenden Quaderpfeilern ruhen. Aus der zweiten H\u00e4lfte des 18. Jahrhunderts stammt das Gitter des Portikus, auf dem das Monogramm des Namens Jesu Christi (IHS) zu sehen ist. Das Innere beherbergt ein barockes Altarbild mit der Jungfrau, die das Jesuskind in ihren Armen h\u00e4lt. <\/p>\n\n<p>Stunden<\/p>\n\n<p>Ge\u00f6ffnet f\u00fcr Gottesdienste. Messe sonntags um 08:00<\/p> <p>Sonntagsmesse<\/p> <p>Sonntagsmesse um 08:00<\/p>\n\t\t\t\t\t\t\t\t\t<\/div>\n\t\t\t\t\t\t\t\t\t<img decoding=\"async\" src=\"https:\/\/cdn.pilgrim.es\/web\/caminos\/via-de-la-plata\/pueblos\/caceres\/puntos-de-interes\/ermita-de-la-paz.jpg\" alt=\"Ermita de la Paz\">\n\t\t\t\t\t\t\t\t<\/div>\n\t\t\t\t\t\t\t<\/div>\n\t\t\t\t\t\t\n\t\t\t\t\t\t\t<div class=\"accordion__accordion-content inactive\">\n\t\t\t\t\t\t\t\t<div>\n\t\t\t\t\t\t\t\t\t<div>\n\t\t\t\t\t\t\t\t\t\t<h4>Foro de los Balbos<\/h4>\n\t\t\t\t\t\t\t\t\t\t<p>Das Forum der Balbos ist auch unter dem Namen Atrio del Corregidor bekannt. Es handelt sich um einen kleinen Platz s\u00fcdlich des Hauptplatzes der Stadt, der an die Stadtmauern von C\u00e1ceres angrenzt. Genauer gesagt befindet sich diese touristische Ressource an der Stelle, an der sich das antike Tor der r\u00f6mischen Kolonie Norba Caeserina befand.\n\t\t\t\t\t\t\t\t\t<\/div>\n\t\t\t\t\t\t\t\t\t<img decoding=\"async\" src=\"https:\/\/cdn.pilgrim.es\/web\/caminos\/via-de-la-plata\/pueblos\/caceres\/puntos-de-interes\/foro-de-los-balbos.jpg\" alt=\"Foro de los Balbos\">\n\t\t\t\t\t\t\t\t<\/div>\n\t\t\t\t\t\t\t<\/div>\n\t\t\t\t\t\t\n\t\t\t\t\t\t\t<div class=\"accordion__accordion-content inactive\">\n\t\t\t\t\t\t\t\t<div>\n\t\t\t\t\t\t\t\t\t<div>\n\t\t\t\t\t\t\t\t\t\t<h4>Iglesia de la Sagrada Familia<\/h4>\n\t\t\t\t\t\t\t\t\t\t<p>Die Kirche der Sagrada Familia befindet sich in der Nachbarschaft von San Antonio-Nuevo C\u00e1ceres und hat einen rechteckigen Grundriss mit einer diagonalen Mittelachse. Die Kirche hat ein einfaches Erscheinungsbild, obwohl die Verwendung von wei\u00dfem Marmor im Presbyterium, dem Altar, dem Glaubensbekenntnis usw. auff\u00e4llig ist.\n\n<p>In der Kapelle befindet sich ein gro\u00dfes transparentes Glasfenster, das den Tabernakel optisch mit der Perspektive der Kirche der Virgen de la Monta\u00f1a verbindet.\n\n<p>MESSENZEITPLAN<\/p> <p>MESSENZEITPLAN<\/p> <p>.\n\n<p>Vom 1. Oktober bis 30. April werktags um 20:00 Uhr Vesper um 20:00 Uhr Feiertage um 11:30 Uhr und 12:30 UhrVom 1. Mai bis 30. September werktags um 20:30 Uhr Vesper um 20:30 Uhr Feiertage um 12:30 Uhr<\/p> &lt;p\n\n<p>INFORMATIONEN VON INTERESSE<\/p>\n\n<p>Telefon: 927 238 683<\/p>\n\t\t\t\t\t\t\t\t\t<\/div>\n\t\t\t\t\t\t\t\t\t<img decoding=\"async\" src=\"https:\/\/cdn.pilgrim.es\/web\/caminos\/via-de-la-plata\/pueblos\/caceres\/puntos-de-interes\/iglesia-de-la-sagrada-familia.jpg\" alt=\"Iglesia de la Sagrada Familia\">\n\t\t\t\t\t\t\t\t<\/div>\n\t\t\t\t\t\t\t<\/div>\n\t\t\t\t\t\t\n\t\t\t\t\t\t\t<div class=\"accordion__accordion-content inactive\">\n\t\t\t\t\t\t\t\t<div>\n\t\t\t\t\t\t\t\t\t<div>\n\t\t\t\t\t\t\t\t\t\t<h4>Iglesia de San Eugenio<\/h4>\n\t\t\t\t\t\t\t\t\t\t<p>Die Kirche San Eugenio befindet sich in Aldea Moret, einem Viertel der Stadt C\u00e1ceres, und wurde von dem Architekten Emilio Mar\u00eda Rodr\u00edguez entworfen. Sie hat den Grundriss eines lateinischen Kreuzes mit einem einzigen Schiff, das in drei Joche unterteilt ist, und einem Querschiff mit Seitenkapellen und zwei Sakristeien.\n\t\t\t\t\t\t\t\t\t<\/div>\n\t\t\t\t\t\t\t\t\t<img decoding=\"async\" src=\"https:\/\/cdn.pilgrim.es\/web\/caminos\/via-de-la-plata\/pueblos\/caceres\/puntos-de-interes\/iglesia-de-san-eugenio.jpg\" alt=\"Iglesia de San Eugenio\">\n\t\t\t\t\t\t\t\t<\/div>\n\t\t\t\t\t\t\t<\/div>\n\t\t\t\t\t\t\n\t\t\t\t\t\t\t<div class=\"accordion__accordion-content inactive\">\n\t\t\t\t\t\t\t\t<div>\n\t\t\t\t\t\t\t\t\t<div>\n\t\t\t\t\t\t\t\t\t\t<h4>Iglesia de San Francisco Javier<\/h4>\n\t\t\t\t\t\t\t\t\t\t<p>Die Kirche San Francisco Javier ist eine Kombination aus den Geb\u00e4uden der Kirche und des Kollegs der Gesellschaft Jesu, die beide im 18. Die Fassade der Kirche zeichnet sich durch einen Rundbogen und eine Nische mit dem Bildnis des Heiligen Franz Xaver aus. Auf jeder Seite befindet sich ein Turm, der in Form einer Pyramide endet. Im Inneren ist die Kirche einschiffig und verf\u00fcgt \u00fcber Seitenkapellen. Das Hauptaltarbild besticht durch seine korinthischen S\u00e4ulen und eine Darstellung des &#8222;Krebswunders&#8220;. <\/p>\n\t\t\t\t\t\t\t\t\t<\/div>\n\t\t\t\t\t\t\t\t\t<img decoding=\"async\" src=\"https:\/\/cdn.pilgrim.es\/web\/caminos\/via-de-la-plata\/pueblos\/caceres\/puntos-de-interes\/iglesia-de-san-francisco-javier.jpg\" alt=\"Iglesia de San Francisco Javier\">\n\t\t\t\t\t\t\t\t<\/div>\n\t\t\t\t\t\t\t<\/div>\n\t\t\t\t\t\t\n\t\t\t\t\t\t\t<div class=\"accordion__accordion-content inactive\">\n\t\t\t\t\t\t\t\t<div>\n\t\t\t\t\t\t\t\t\t<div>\n\t\t\t\t\t\t\t\t\t\t<h4>Iglesia de San Mateo<\/h4>\n\t\t\t\t\t\t\t\t\t\t<p>Die Kirche San Mateo ist ein Gotteshaus, dessen Bau im 16. Jahrhundert begonnen, aber erst fast drei Jahrhunderte sp\u00e4ter vollendet wurde. Besonders bemerkenswert sind die plateresken Verzierungen an der Fassade und das 1766 aus Kiefernholz gefertigte Hauptaltarbild. Die Sakristei der Kirche befindet sich in der Kapelle der Familie Sande, deren Innenraum im gotischen Stil von einem sternf\u00f6rmigen Kreuzrippengew\u00f6lbe bedeckt ist. <\/p>\n\n<p>MESSENZEITPLAN <\/p> <p>MESSENZEITPLAN <\/p> <p>.\n\n<p>Samstags um 20:00 UhrSonntags um 12:00 Uhr und um 20:00 UhrNur w\u00e4hrend der Gottesdienste ge\u00f6ffnet<\/p>\n\n<p>INFORMATIONEN VON INTERESSE<\/p>\n\n<p>Telefon: 927 245 754<\/p>\n\t\t\t\t\t\t\t\t\t<\/div>\n\t\t\t\t\t\t\t\t\t<img decoding=\"async\" src=\"https:\/\/cdn.pilgrim.es\/web\/caminos\/via-de-la-plata\/pueblos\/caceres\/puntos-de-interes\/iglesia-de-san-mateo.jpg\" alt=\"Iglesia de San Mateo\">\n\t\t\t\t\t\t\t\t<\/div>\n\t\t\t\t\t\t\t<\/div>\n\t\t\t\t\t\t\n\t\t\t\t\t\t\t<div class=\"accordion__accordion-content inactive\">\n\t\t\t\t\t\t\t\t<div>\n\t\t\t\t\t\t\t\t\t<div>\n\t\t\t\t\t\t\t\t\t\t<h4>Iglesia de San Pedro Alc\u00e1ntara<\/h4>\n\t\t\t\t\t\t\t\t\t\t<p>Die Kirche San Pedro de Alc\u00e1ntara stammt aus dem 18. Jahrhundert und wurde an der Stelle errichtet, an der sich in einer anderen Epoche das Geburtshaus des Heiligen befand, der in der Stadt geboren wurde. Dieser Heilige war der Schutzpatron von Alc\u00e1ntara sowie der Gr\u00fcnder vieler anderer Kl\u00f6ster und Beichtvater der Heiligen Teresa von Jesus.\n\n<p>MESSENZEITPLAN<\/p>\n\n<p>1. Oktober bis 30. April werktags um 19:30 Uhr Vesper um 19:30 Uhr Feiertage um 11:00 und 12:00 Uhr <\/p> <p>1. Mai bis 30. September werktags um 20:30 Uhr Vesper um 20:30 Uhr Feiertage um 11:00 und 12:30 Uhr <\/p> <p>1. Mai bis 30. April werktags um 20:30 Uhr Vesper um 20:30 Uhr Feiertage um 11:00 und 12:30 Uhr <\/p> <p>1. Mai bis 30. September werktags um 20:30 Uhr Vesper um 20:30 Uhr\n\n<p>INFORMATIONEN VON INTERESSE<\/p>\n\n<p>Telefon: 927 220 548<\/p>\n\t\t\t\t\t\t\t\t\t<\/div>\n\t\t\t\t\t\t\t\t\t<img decoding=\"async\" src=\"https:\/\/cdn.pilgrim.es\/web\/caminos\/via-de-la-plata\/pueblos\/caceres\/puntos-de-interes\/iglesia-de-san-pedro-alcantara.jpg\" alt=\"Iglesia de San Pedro Alc\u00e1ntara\">\n\t\t\t\t\t\t\t\t<\/div>\n\t\t\t\t\t\t\t<\/div>\n\t\t\t\t\t\t\n\t\t\t\t\t\t\t<div class=\"accordion__accordion-content inactive\">\n\t\t\t\t\t\t\t\t<div>\n\t\t\t\t\t\t\t\t\t<div>\n\t\t\t\t\t\t\t\t\t\t<h4>Iglesia de Santiago<\/h4>\n\t\t\t\t\t\t\t\t\t\t<p>Die Santiago-Kirche wurde in Caleros au\u00dferhalb der Stadtmauern errichtet. Diese Kirche zeichnet sich durch ihre gotischen Portale mit Archivolten aus, die von Alfiz umrahmt sind. Das Innere der Kirche besteht aus einem einzigen Schiff mit einem Kreuzrippengew\u00f6lbe und einem gro\u00dfen Chor.\n\n<p>Hervorzuheben ist das Hauptaltarbild aus dem 16. Jahrhundert, ein Werk von Alonso de Berruguete. Jahrhundert, ein Werk von Alonso de Berruguete. Auch die Bilder von Nuestra Se\u00f1ora de la Esclarecida, Cristo de los Milagros und Jes\u00fas Nazareno aus dem 17.\n\n<p>MESSENZEITPLAN<\/p>\n\n<p>Vom 1. Oktober bis 30. April werktags um 19:30 Uhr Vesper um 19:30 Uhr Feiertage um 10:30 Uhr und 12:30 UhrVom 1. Mai bis 30. September werktags um 20:30 Uhr Vesper um 20:00 Uhr Feiertage um 10:30 Uhr und 12:00 Uhr<\/p> <p>Vom 1. Mai bis 30. September werktags um 20:30 Uhr Vesper um 20:00 Uhr Feiertage um 10:30 Uhr und 12:00 Uhr<\/p> <p>Vom 1. Oktober bis 30. April werktags um 19:30 Uhr Vesper um 19:30 Uhr Feiertage um 10:30 Uhr und 12:30 Uhr\n\n<p>INFORMATIONEN VON INTERESSE<\/p>\n\n<p>Telefon: 927 249 677<\/p>\n\t\t\t\t\t\t\t\t\t<\/div>\n\t\t\t\t\t\t\t\t\t<img decoding=\"async\" src=\"https:\/\/cdn.pilgrim.es\/web\/caminos\/via-de-la-plata\/pueblos\/caceres\/puntos-de-interes\/iglesia-de-santiago.jpg\" alt=\"Iglesia de Santiago\">\n\t\t\t\t\t\t\t\t<\/div>\n\t\t\t\t\t\t\t<\/div>\n\t\t\t\t\t\t\n\t\t\t\t\t\t\t<div class=\"accordion__accordion-content inactive\">\n\t\t\t\t\t\t\t\t<div>\n\t\t\t\t\t\t\t\t\t<div>\n\t\t\t\t\t\t\t\t\t\t<h4>Iglesia del Beato Marcelo Spinola<\/h4>\n\t\t\t\t\t\t\t\t\t\t<p>Die Kirche Beato Marcelo Spinola wurde im Sommer 2003 eingeweiht. Es handelt sich um ein Gotteshaus mit einem modernen und innovativen Stil. Es handelt sich um eine Kapelle, die f\u00fcr Zeremonien mit einer kleinen Anzahl von Personen gedacht ist, mit einer Sakristei, einem Oratorium, einem Chor, Kinderzimmern, vier Versammlungsr\u00e4umen und einem gro\u00dfen Saal f\u00fcr verschiedene Veranstaltungen, wie z. B. Weihnachtsliederfeste oder Videoprojektionen.\n\n<p>MESSENZEITPLAN<\/p>\n\n<p>Vom 1. Oktober bis 30. April werktags um 19:00 Uhr Vesper um 19:00 Uhr Feiertage um 11:30, 12:30 und 19:00 UhrVom 1. Mai bis 30. September werktags um 20:00 Uhr Vesper um 20:00 Uhr Feiertage um 20:00 Uhr<\/p> <p>Vom 1. Mai bis 30. September werktags um 20:00 Uhr Vesper um 20:00 Uhr Feiertage um 20:00 Uhr<\/p> <p>Vom 1. Oktober bis 30. April werktags um 19:00 Uhr Vesper um 19:00 Uhr Feiertage um 11:30, 12:30 und 19:00 Uhr\n\n<p>INFORMATIONEN VON INTERESSE<\/p>\n\n<p>Telefon: 927 232 345<\/p>\n\t\t\t\t\t\t\t\t\t<\/div>\n\t\t\t\t\t\t\t\t\t<img decoding=\"async\" src=\"https:\/\/cdn.pilgrim.es\/web\/caminos\/via-de-la-plata\/pueblos\/caceres\/puntos-de-interes\/iglesia-del-beato-marcelo-spinola.jpg\" alt=\"Iglesia del Beato Marcelo Spinola\">\n\t\t\t\t\t\t\t\t<\/div>\n\t\t\t\t\t\t\t<\/div>\n\t\t\t\t\t\t\n\t\t\t\t\t\t\t<div class=\"accordion__accordion-content inactive\">\n\t\t\t\t\t\t\t\t<div>\n\t\t\t\t\t\t\t\t\t<div>\n\t\t\t\t\t\t\t\t\t\t<h4>Museo Municipal Ciudad de C\u00e1ceres<\/h4>\n\t\t\t\t\t\t\t\t\t\t<p>Dieses st\u00e4dtische Museum befindet sich in der Monumentalstadt und ist Teil der ummauerten Anlage, die die Altstadt umgibt. Das Geb\u00e4ude ist von zwei Pl\u00e4tzen aus zug\u00e4nglich, zum einen von der Plaza de Publio Hurtado und zum anderen von der Adarve de Santa Ana.\n\t\t\t\t\t\t\t\t\t<\/div>\n\t\t\t\t\t\t\t\t\t<img decoding=\"async\" src=\"https:\/\/cdn.pilgrim.es\/web\/caminos\/via-de-la-plata\/pueblos\/caceres\/puntos-de-interes\/museo-municipal-ciudad-de-caceres.jpg\" alt=\"Museo Municipal Ciudad de C\u00e1ceres\">\n\t\t\t\t\t\t\t\t<\/div>\n\t\t\t\t\t\t\t<\/div>\n\t\t\t\t\t\t\n\t\t\t\t\t\t\t<div class=\"accordion__accordion-content inactive\">\n\t\t\t\t\t\t\t\t<div>\n\t\t\t\t\t\t\t\t\t<div>\n\t\t\t\t\t\t\t\t\t\t<h4>Palacio de Carvajal<\/h4>\n\t\t\t\t\t\t\t\t\t\t<p>Der Palast von Carvajal stammt aus der Zeit zwischen dem 15. und 16. Jahrhundert und befindet sich in der Calle Amargura. Der Palast verbindet architektonische Elemente der Gotik und der Renaissance und verf\u00fcgt \u00fcber einen sch\u00f6nen Garten. Die Hauptfassade des Geb\u00e4udes, die aus Granitmauerwerk besteht, zeichnet sich durch einen Rundbogen mit breiten W\u00f6lbungssteinen aus. Dar\u00fcber befindet sich das Wappen der Familie Carvajal, eingerahmt von einem Alfiz und einem Balkon, der die Ecke des Geb\u00e4udes mit einem Spitzbogen bildet. <\/p>\n\t\t\t\t\t\t\t\t\t<\/div>\n\t\t\t\t\t\t\t\t\t<img decoding=\"async\" src=\"https:\/\/cdn.pilgrim.es\/web\/caminos\/via-de-la-plata\/pueblos\/caceres\/puntos-de-interes\/palacio-de-carvajal.jpg\" alt=\"Palacio de Carvajal\">\n\t\t\t\t\t\t\t\t<\/div>\n\t\t\t\t\t\t\t<\/div>\n\t\t\t\t\t\t\n\t\t\t\t\t\t\t<div class=\"accordion__accordion-content inactive\">\n\t\t\t\t\t\t\t\t<div>\n\t\t\t\t\t\t\t\t\t<div>\n\t\t\t\t\t\t\t\t\t\t<h4>Palacio de las Cig\u00fce\u00f1as<\/h4>\n\t\t\t\t\t\t\t\t\t\t<p>Der Palacio de las Cig\u00fce\u00f1as, auch Palast des Kapit\u00e4ns Diego de Ovando genannt, hat einen charakteristischen Turm, denn er ist h\u00f6her als die anderen Pal\u00e4ste der Stadt. Als K\u00f6nigin Isabella die Katholische beschloss, die Spitzen aller T\u00fcrme der Stadt abzutragen, machte sie f\u00fcr diesen eine Ausnahme, da der Erbauer ein Mitglied ihres k\u00f6niglichen Rates war. <\/p>\n\n<p>INFORMATIONEN VON INTERESSE<\/p> <p>Informationen von Interesse<\/p> <p>Info.\n\n<p>Telefon: 927 629 760<\/p>\n\t\t\t\t\t\t\t\t\t<\/div>\n\t\t\t\t\t\t\t\t\t<img decoding=\"async\" src=\"https:\/\/cdn.pilgrim.es\/web\/caminos\/via-de-la-plata\/pueblos\/caceres\/puntos-de-interes\/palacio-de-las-ciguenas.jpg\" alt=\"Palacio de las Cig\u00fce\u00f1as\">\n\t\t\t\t\t\t\t\t<\/div>\n\t\t\t\t\t\t\t<\/div>\n\t\t\t\t\t\t\n\t\t\t\t\t\t\t<div class=\"accordion__accordion-content inactive\">\n\t\t\t\t\t\t\t\t<div>\n\t\t\t\t\t\t\t\t\t<div>\n\t\t\t\t\t\t\t\t\t\t<h4>Palacio de los Golfines de Abajo<\/h4>\n\t\t\t\t\t\t\t\t\t\t<p>Der Palacio de los Golfines de Abajo ist das gr\u00f6\u00dfte Geb\u00e4ude der Stadt, da er die Fl\u00e4che von zwanzig H\u00e4usern einnimmt, weshalb er verschiedene Baustile wie Gotik, Renaissance und Plateresk beherbergt. An der Hauptfassade befindet sich ein Zwillingsfenster mit einem Rundbogen und einem Marmorpfosten mit ionischem Kapitell, auf dem das Wappen der Katholischen K\u00f6nige ruht. Unter demselben Fenster befindet sich das Wappen der Golfinen, flankiert von zwei Engeln und einem Aureus. <\/p>\n\n<p>Stunden<\/p>\n\n<p>Von Mai bis September Dienstag bis Samstag um 10:00, 11:00, 12:00, 13:00, 17:00, 18:00 und 19:00 Sonntags um 10:00, 11:00, 12:00 und 13:00 Montags geschlossen au\u00dfer an FeiertagenVon Oktober bis April Dienstag bis Samstag um 10:00, 11:00, 12:00, 13:00, 16:30, 17:30 und 18:30 Sonntags um 10:00, 11:00, 12:00 und 13:00 Montag geschlossen au\u00dfer an FeiertagenAlle Besuche sind gef\u00fchrte Touren<\/p>\n\n<p>INFORMATIONEN VON INTERESSE<\/p>\n\n<p>Web: www.palaciogolfinesdeabajo.comE-mail: info@palaciogolfinesdeabajo.comTel\u00e9fono: 927 218 051<\/p>\n\t\t\t\t\t\t\t\t\t<\/div>\n\t\t\t\t\t\t\t\t\t<img decoding=\"async\" src=\"https:\/\/cdn.pilgrim.es\/web\/caminos\/via-de-la-plata\/pueblos\/caceres\/puntos-de-interes\/palacio-de-los-golfines-de-abajo.jpg\" alt=\"Palacio de los Golfines de Abajo\">\n\t\t\t\t\t\t\t\t<\/div>\n\t\t\t\t\t\t\t<\/div>\n\t\t\t\t\t\t\n\t\t\t\t\t\t\t<div class=\"accordion__accordion-content inactive\">\n\t\t\t\t\t\t\t\t<div>\n\t\t\t\t\t\t\t\t\t<div>\n\t\t\t\t\t\t\t\t\t\t<h4>Palacio del Comendador de Alcu\u00e9scar<\/h4>\n\t\t\t\t\t\t\t\t\t\t<p>Der Palacio del Comendador de Alcu\u00e9scar, der auch als Palacio de Torreorgaz bekannt ist, weist eine Mischung aus verschiedenen architektonischen Stilen auf, von der Gotik, die sich in seinen T\u00fcren, Fenstern und dem Turm selbst widerspiegelt, bis hin zur Fassade aus dem 18.\n\t\t\t\t\t\t\t\t\t<\/div>\n\t\t\t\t\t\t\t\t\t<img decoding=\"async\" src=\"https:\/\/cdn.pilgrim.es\/web\/caminos\/via-de-la-plata\/pueblos\/caceres\/puntos-de-interes\/palacio-del-comendador-de-alcuescar.jpg\" alt=\"Palacio del Comendador de Alcu\u00e9scar\">\n\t\t\t\t\t\t\t\t<\/div>\n\t\t\t\t\t\t\t<\/div>\n\t\t\t\t\t\t\n\t\t\t\t\t\t\t<div class=\"accordion__accordion-content inactive\">\n\t\t\t\t\t\t\t\t<div>\n\t\t\t\t\t\t\t\t\t<div>\n\t\t\t\t\t\t\t\t\t\t<h4>Palacio Episcopal<\/h4>\n\t\t\t\t\t\t\t\t\t\t<p>Der Bischofspalast ist ein eleganter Palast aus dem sp\u00e4ten 16. Jahrhundert, der im Auftrag von Pedro Garc\u00eda de Galarza umgebaut wurde. Seine Fassade weist ein Rundbogenportal auf, das von zwei Medaillons mit Darstellungen zweier amerikanischer Indianer flankiert wird. Dar\u00fcber hinaus verf\u00fcgt er \u00fcber zwei Seitenfassaden, von denen eine vom ehemaligen Priesterseminar San Pedro stammt.\n\n<p>INFORMATIONEN VON INTERESSE<\/p>.\n\n<p>Telefon: 927 255 800<\/p> <p>Telefon: 927 255 800<\/p>\n\t\t\t\t\t\t\t\t\t<\/div>\n\t\t\t\t\t\t\t\t\t<img decoding=\"async\" src=\"https:\/\/cdn.pilgrim.es\/web\/caminos\/via-de-la-plata\/pueblos\/caceres\/puntos-de-interes\/palacio-episcopal.jpg\" alt=\"Palacio Episcopal\">\n\t\t\t\t\t\t\t\t<\/div>\n\t\t\t\t\t\t\t<\/div>\n\t\t\t\t\t\t\n\t\t\t\t\t\t\t<div class=\"accordion__accordion-content inactive\">\n\t\t\t\t\t\t\t\t<div>\n\t\t\t\t\t\t\t\t\t<div>\n\t\t\t\t\t\t\t\t\t\t<h4>Museo de C\u00e1ceres &#8211; Palacio de las Veletas y Casa de los Caballos<\/h4>\n\t\t\t\t\t\t\t\t\t\t<p>Im Palast der Veletas und der Casa de los Caballos ist heute das Museum von C\u00e1ceres untergebracht, in dem der Besucher eine Sammlung von der Vorgeschichte bis zur westgotischen Epoche, eine ethnologische Sammlung, eine hispanoarabische Zisterne und eine Sammlung der Sch\u00f6nen K\u00fcnste mit weiteren Werken aus dem Prado-Museum bewundern kann.<\/p> <p>Das Museum von C\u00e1ceres befindet sich im Palast der Veletas und der Casa de los Caballos.\n\t\t\t\t\t\t\t\t\t<\/div>\n\t\t\t\t\t\t\t\t\t<img decoding=\"async\" src=\"https:\/\/cdn.pilgrim.es\/web\/caminos\/via-de-la-plata\/pueblos\/caceres\/puntos-de-interes\/museo-de-caceres-palacio-de-las-veletas-y-casa-de-los-caballos.jpg\" alt=\"Museo de C\u00e1ceres - Palacio de las Veletas y Casa de los Caballos\">\n\t\t\t\t\t\t\t\t<\/div>\n\t\t\t\t\t\t\t<\/div>\n\t\t\t\t\t\t\n\t\t\t\t\t\t\t<div class=\"accordion__accordion-content inactive\">\n\t\t\t\t\t\t\t\t<div>\n\t\t\t\t\t\t\t\t\t<div>\n\t\t\t\t\t\t\t\t\t\t<h4>Palacio Toledo<\/h4>\n\t\t\t\t\t\t\t\t\t\t<p>Der Toledo-Moctezuma-Palast ist ein gro\u00dfer Palast, der zwischen dem 14. und 15. Jahrhundert errichtet wurde, obwohl er zwei Jahrhunderte sp\u00e4ter zahlreiche Erweiterungen erfuhr. Von au\u00dfen kann man sein Mauerwerk aus Ziegeln und Granitquadern sowie sein Kuppeldach sehen. Im Inneren bestechen die f\u00fcrstlichen S\u00e4le durch ihre Fresken, die Szenen verschiedener r\u00f6mischer Kaiser, B\u00fcsten mexikanischer K\u00f6nige und sogar Landschaften europ\u00e4ischer St\u00e4dte darstellen.<\/p> <p>Im Inneren des Geb\u00e4udes sind die Haupts\u00e4le mit Fresken verschiedener r\u00f6mischer Kaiser, B\u00fcsten mexikanischer K\u00f6nige und sogar Landschaften europ\u00e4ischer St\u00e4dte geschm\u00fcckt.\n\n<p>INFORMATIONEN VON INTERESSE<\/p> <p>Informationen von Interesse<\/p> <p>Interessante Informationen\n\n<p>Telefon: 927 005 400<\/p>\n\t\t\t\t\t\t\t\t\t<\/div>\n\t\t\t\t\t\t\t\t\t<img decoding=\"async\" src=\"https:\/\/cdn.pilgrim.es\/web\/caminos\/via-de-la-plata\/pueblos\/caceres\/puntos-de-interes\/palacio-toledo.jpg\" alt=\"Palacio Toledo\">\n\t\t\t\t\t\t\t\t<\/div>\n\t\t\t\t\t\t\t<\/div>\n\t\t\t\t\t\t\n\t\t\t\t\t\t\t<div class=\"accordion__accordion-content inactive\">\n\t\t\t\t\t\t\t\t<div>\n\t\t\t\t\t\t\t\t\t<div>\n\t\t\t\t\t\t\t\t\t\t<h4>Plaza de San Jorge<\/h4>\n\t\t\t\t\t\t\t\t\t\t<p>Der Platz des Heiligen Georg liegt im Herzen der Monumentalstadt und wurde in der zweiten H\u00e4lfte des 20. Jahrhunderts erbaut. Die vom K\u00fcnstler Jes\u00fas Rodr\u00edguez Aranda geschaffene Statue des Heiligen Georg dominiert den gesamten Platz, da sie sich im zentralen Teil des Platzes befindet.<\/p> <p>Die Statue des Heiligen Georg ist die wichtigste Statue des Platzes und wurde in der zweiten H\u00e4lfte des 20.\n\n<p>In unmittelbarer N\u00e4he des Platzes, im h\u00f6chsten Teil, stehen die Kirche San Francisco Javier und das Colegio de la Compa\u00f1\u00eda de Jes\u00fas. Einen Besuch wert sind auch die Sammlungen der Stiftung Mercedes Calles und Carlos Ballestero.\n\t\t\t\t\t\t\t\t\t<\/div>\n\t\t\t\t\t\t\t\t\t<img decoding=\"async\" src=\"https:\/\/cdn.pilgrim.es\/web\/caminos\/via-de-la-plata\/pueblos\/caceres\/puntos-de-interes\/plaza-de-san-jorge.jpg\" alt=\"Plaza de San Jorge\">\n\t\t\t\t\t\t\t\t<\/div>\n\t\t\t\t\t\t\t<\/div>\n\t\t\t\t\t\t\n\t\t\t\t\t\t\t<div class=\"accordion__accordion-content inactive\">\n\t\t\t\t\t\t\t\t<div>\n\t\t\t\t\t\t\t\t\t<div>\n\t\t\t\t\t\t\t\t\t\t<h4>Torre de los P\u00falpitos<\/h4>\n\t\t\t\t\t\t\t\t\t\t<p>Der Turm der Kanzeln wurde nach der Eroberung der Stadt durch das K\u00f6nigreich von Le\u00f3n errichtet. Das Monument ist sechzehn Meter hoch und wurde im Gegensatz zu den anderen T\u00fcrmen arabischen Ursprungs, die aus Mauerwerk errichtet wurden, aus Quadersteinen gebaut. Dadurch erhielt der Torre de los P\u00falpitos ein \u00e4sthetisches Erscheinungsbild, das sich von der Norm abhebt. <\/p>\n\n<p>Dieser Turm, der sich auf der Plaza Mayor befindet, ist \u00fcber eine Bogenbr\u00fccke mit dem Palast von Mayaralgo verbunden, von dem aus die Bewohner das Geschehen auf der Plaza Mayor beobachten konnten.  <\/p>\n\t\t\t\t\t\t\t\t\t<\/div>\n\t\t\t\t\t\t\t\t\t<img decoding=\"async\" src=\"https:\/\/cdn.pilgrim.es\/web\/caminos\/via-de-la-plata\/pueblos\/caceres\/puntos-de-interes\/torre-de-los-pulpitos.jpg\" alt=\"Torre de los P\u00falpitos\">\n\t\t\t\t\t\t\t\t<\/div>\n\t\t\t\t\t\t\t<\/div>\n\t\t\t\t\t\t\n\t\t\t\t\t\t\t<div class=\"accordion__accordion-content inactive\">\n\t\t\t\t\t\t\t\t<div>\n\t\t\t\t\t\t\t\t\t<div>\n\t\t\t\t\t\t\t\t\t\t<h4>Plaza de Toros<\/h4>\n\t\t\t\t\t\t\t\t\t\t<p>Die Stierkampfarena ist eine der \u00e4ltesten Stierkampfarenen Spaniens und wurde 1846 erbaut. Diese zweitklassige Stierkampfarena hat eine maximale Kapazit\u00e4t von 7.000 Zuschauern und neben Stierkampfveranstaltungen finden hier auch Musikkonzerte statt.<\/p> <p>Die Stierkampfarena hat eine Kapazit\u00e4t von 7.000 Zuschauern.\n\t\t\t\t\t\t\t\t\t<\/div>\n\t\t\t\t\t\t\t\t\t<img decoding=\"async\" src=\"https:\/\/cdn.pilgrim.es\/web\/caminos\/via-de-la-plata\/pueblos\/caceres\/puntos-de-interes\/plaza-de-toros.jpg\" alt=\"Plaza de Toros\">\n\t\t\t\t\t\t\t\t<\/div>\n\t\t\t\t\t\t\t<\/div>\n\t\t\t\t\t\t\n\t\t\t\t\t\t\t<div class=\"accordion__accordion-content inactive\">\n\t\t\t\t\t\t\t\t<div>\n\t\t\t\t\t\t\t\t\t<div>\n\t\t\t\t\t\t\t\t\t\t<h4>Plaza Mayor<\/h4>\n\t\t\t\t\t\t\t\t\t\t<p>Die Plaza Mayor von C\u00e1ceres war und ist seit der Antike der Treffpunkt der Einwohner. Im Laufe der Zeit wurde dieser Platz f\u00fcr verschiedene Zwecke genutzt: die Messe, der Markt, aber auch Turniere, Osterprozessionen und Milit\u00e4rm\u00e4rsche wurden hier abgehalten.\n\n<p>Dieser Platz wird vom Rathaus beherrscht, und in der N\u00e4he befinden sich einige bedeutende Bauwerke, darunter der Torre de la Hierba, der Torre de los P\u00falpitos und der Torre de Bujaco.<\/p> <p>Dieser Platz wird vom Rathaus beherrscht, und in der N\u00e4he befinden sich einige bedeutende Bauwerke, darunter der Torre de la Hierba, der Torre de los P\u00falpitos und der Torre de Bujaco.\n\t\t\t\t\t\t\t\t\t<\/div>\n\t\t\t\t\t\t\t\t\t<img decoding=\"async\" src=\"https:\/\/cdn.pilgrim.es\/web\/caminos\/via-de-la-plata\/pueblos\/caceres\/puntos-de-interes\/plaza-mayor.jpg\" alt=\"Plaza Mayor\">\n\t\t\t\t\t\t\t\t<\/div>\n\t\t\t\t\t\t\t<\/div>\n\t\t\t\t\t\t\n\t\t\t\t\t\t\t<div class=\"accordion__accordion-content inactive\">\n\t\t\t\t\t\t\t\t<div>\n\t\t\t\t\t\t\t\t\t<div>\n\t\t\t\t\t\t\t\t\t\t<h4>Arco de la Estrella<\/h4>\n\t\t\t\t\t\t\t\t\t\t<p>Der Arco de la Estrella (Sternbogen) stammt aus dem 18. Jahrhundert und ist ein Werk von Manuel de Larra. Dieses Denkmal beherbergt das Bild der Virgen de la Estrella an der Spitze, daher sein Name, und verbindet die Plaza Mayor mit der Plaza de Santa Mar\u00eda.<\/p> <p>Der Sternenbogen stammt aus dem 18. Jahrhundert, ein Werk von Manuel de Larra.\n\t\t\t\t\t\t\t\t\t<\/div>\n\t\t\t\t\t\t\t\t\t<img decoding=\"async\" src=\"https:\/\/cdn.pilgrim.es\/web\/caminos\/via-de-la-plata\/pueblos\/caceres\/puntos-de-interes\/arco-de-la-estrella.jpg\" alt=\"Arco de la Estrella\">\n\t\t\t\t\t\t\t\t<\/div>\n\t\t\t\t\t\t\t<\/div>\n\t\t\t\t\t\t\n\t\t\t\t\t<\/div>\n\t\t\t\t<\/div>\n\t\t\t<\/div>\n\t\t\n\n\t\t<div id=\"phonesSection\">\n\t\t\t<div>\n\t\t\t\t<h2 class=\"p-h3-town\">Informationen von Interesse<\/h2>\n\t\t\t<\/div>\n\t\t\t<div class=\"grid\">\n\t\t\t\t\n\t\t\t\t\t<div class=\"phone-number-item\">\n\t\t\t\t\t\t<div class=\"phone-number-item__icon\"><i class=\"icon-police\"><\/i><\/div>\n\t\t\t\t\t\t<div class=\"phone-number-item__title\">\n\t\t\t\t\t\t\t<h3 class=\"p-font-bold\">Ortspolizei<\/h3>\n\t\t\t\t\t\t\t<p>927 255 769<\/p>\n\t\t\t\t\t\t\t\n\t\t\t\t\t\t<\/div>\n\t\t\t\t\t<\/div>\n\t\t\t\t\n\t\t\t\t\t<div class=\"phone-number-item\">\n\t\t\t\t\t\t<div class=\"phone-number-item__icon\"><i class=\"icon-spanish-military-police\"><\/i><\/div>\n\t\t\t\t\t\t<div class=\"phone-number-item__title\">\n\t\t\t\t\t\t\t<h3 class=\"p-font-bold\">Zivilwache<\/h3>\n\t\t\t\t\t\t\t<p>927 242 750<\/p>\n\t\t\t\t\t\t\t\n\t\t\t\t\t\t<\/div>\n\t\t\t\t\t<\/div>\n\t\t\t\t\n\t\t\t\t\t<div class=\"phone-number-item\">\n\t\t\t\t\t\t<div class=\"phone-number-item__icon\"><i class=\"icon-firefighters\"><\/i><\/div>\n\t\t\t\t\t\t<div class=\"phone-number-item__title\">\n\t\t\t\t\t\t\t<h3 class=\"p-font-bold\">Feuerwehr<\/h3>\n\t\t\t\t\t\t\t<p>927 224 080<\/p>\n\t\t\t\t\t\t\t\n\t\t\t\t\t\t<\/div>\n\t\t\t\t\t<\/div>\n\t\t\t\t\n\t\t\t\t\t<div class=\"phone-number-item\">\n\t\t\t\t\t\t<div class=\"phone-number-item__icon\"><i class=\"icon-civil-protection\"><\/i><\/div>\n\t\t\t\t\t\t<div class=\"phone-number-item__title\">\n\t\t\t\t\t\t\t<h3 class=\"p-font-bold\">Zivilschutz<\/h3>\n\t\t\t\t\t\t\t<p>927 214 900<\/p>\n\t\t\t\t\t\t\t\n\t\t\t\t\t\t<\/div>\n\t\t\t\t\t<\/div>\n\t\t\t\t\n\t\t\t\t\t<div class=\"phone-number-item\">\n\t\t\t\t\t\t<div class=\"phone-number-item__icon\"><i class=\"icon-town-council\"><\/i><\/div>\n\t\t\t\t\t\t<div class=\"phone-number-item__title\">\n\t\t\t\t\t\t\t<h3 class=\"p-font-bold\">Rathaus<\/h3>\n\t\t\t\t\t\t\t<p>927 255 765<\/p>\n\t\t\t\t\t\t\t\n\t\t\t\t\t\t<\/div>\n\t\t\t\t\t<\/div>\n\t\t\t\t\n\t\t\t\t\t<div class=\"phone-number-item\">\n\t\t\t\t\t\t<div class=\"phone-number-item__icon\"><i class=\"icon-hospital\"><\/i><\/div>\n\t\t\t\t\t\t<div class=\"phone-number-item__title\">\n\t\t\t\t\t\t\t<h3 class=\"p-font-bold\">Gesundheitszentrum<\/h3>\n\t\t\t\t\t\t\t<p>927 213 730<\/p>\n\t\t\t\t\t\t\t\n\t\t\t\t\t\t<\/div>\n\t\t\t\t\t<\/div>\n\t\t\t\t\n\t\t\t\t\t<div class=\"phone-number-item\">\n\t\t\t\t\t\t<div class=\"phone-number-item__icon\"><i class=\"icon-tourism\"><\/i><\/div>\n\t\t\t\t\t\t<div class=\"phone-number-item__title\">\n\t\t\t\t\t\t\t<h3 class=\"p-font-bold\">Fremdenverkehrsamt<\/h3>\n\t\t\t\t\t\t\t<p>927 247 172<\/p>\n\t\t\t\t\t\t\t\n\t\t\t\t\t\t\t\t<p>C\/Plaza de las Claras, s\/n<\/p>\n\t\t\t\t\t\t\t\n\t\t\t\t\t\t<\/div>\n\t\t\t\t\t<\/div>\n\t\t\t\t\n\t\t\t<\/div>\n\t\t<\/div>\n\n\t\t<div id=\"clientForm\">\n        <section>\n        <img decoding=\"async\" src=\"https:\/\/cdn.pilgrim.es\/web\/home\/email-contacto.png\" alt=\"contacto\">\n        <div>\n            <p>Wir senden dir deine Planung<\/p>\n            <p>Gib uns deine Daten an und erhalte die Planung deiner Reise per E-Mail <\/p>\n            <form method=\"post\" data-url=\"\/wp-admin\/admin-ajax.php\" id=\"planner--client\" class=\"flag-right form-client\">\n    <div class=\"form-data\">\n        <input name=\"form_id\" type=\"hidden\" value=\"Formulario Leads\">\n        <input name=\"type\" type=\"hidden\" value=\"planner_client\">\n        <input type=\"text\" name=\"nombre\" value=\"\" size=\"40\" class=\"form-control\" aria-required=\"true\" aria-invalid=\"false\" placeholder=\"Name\">\n        <input type=\"email\" name=\"email\" value=\"\" size=\"40\" class=\"form-control\" aria-required=\"true\" aria-invalid=\"false\" placeholder=\"E- Mail\">\n        <input type=\"text\" id=\"phone-input\" name=\"tel\" value=\"\" size=\"40\" class=\"phone-input form-control\" aria-required=\"true\" aria-invalid=\"false\" placeholder=\"Telefon\">\n        <input type=\"hidden\" name=\"telefono\">\n    <\/div>\n    <div class=\"form-checkbox\">\n        <span>\n            Pilgrim Travel, S.L. teilt gem\u00e4\u00df Regulierung 2016\/679 mit, dass die in diesem Formular verwendeten Daten sowohl f\u00fcr die Beantwortung der m\u00f6glichen Anfragen als auch f\u00fcr die Ver\u00f6ffentlichung der Kommentare verwendet werden, mit der Zustimmung des Nutzers. Sie k\u00f6nnen Ihre Rechte in \u00dcbereinstimmung mit unserer Datenschutzbestimmungen aus\u00fcben             <a href=\"https:\/\/www.pilgrim.es\/politica-de-privacidad\/\" target=\"_blank\" rel=\"noopener noreferrer nofollow\">Datenschutzerkl\u00e4rung.<\/a>\n        <\/span>\n    <\/div>\n\n    <div class=\"form-submit\">\n        <button id=\"planner--client-create\" type=\"submit\">Anfrage senden<\/button>\n        <div class=\"loadingDiv\"><i class=\"p-spinner\"><\/i><\/div>\n    <\/div>\n\n    <div class=\"contact-content-form-success\">\n        <p><i class=\"fas fa-check\"><\/i> Das Formular hat sich erfolgreich gesendet.<\/p>\n    <\/div>\n\n    <div class=\"contact-content-form-error\">\n        <span class=\"input-error\"><\/span>\n    <\/div>\n<\/form>        <\/div>\n    <\/section>\n<\/div>\n\n\t\t<div id=\"recomendationSection\">\n\t\t\t<div>\n\t\t\t\t<h2 class=\"p-h2-town\">Empfohlen<\/h2>\n\t\t\t\t<hr>\n\t\t\t\t<h3 class=\"p-h3-town\">Gastronomie<\/h3>\n\t\t\t<\/div>\n\t\t\tDie Gastronomie von C\u00e1ceres st\u00fctzt sich haupts\u00e4chlich auf Produkte mit eigener Herkunftsbezeichnung, wie iberisches Schweine-, Kalb- und Lammfleisch, oder Grundprodukte wie \u00d6l und Paprika.\n\nEinige der traditionellsten Rezepte der Stadt sind Chanfaina, Gazpacho, Migas, eingelegte Kartoffeln mit Schleie und Calderetas.\n\nUnbedingt probieren sollte man den K\u00e4se und die Torta de Casar, die eine eigene Herkunftsbezeichnung haben und zu den wenigen Produkten geh\u00f6ren, die noch nach traditionellen Methoden hergestellt werden.\n\nZu den traditionellen S\u00fc\u00dfwaren von C\u00e1ceres geh\u00f6ren Floretas, Pesti\u00f1os, Perrunillas, Huesos de Santo (Heiligenknochen), Honig und Kirschen.\n\t\t<\/div>\n\n\n\t\t\n\t\t\t<div id=\"holidaysSection\">\n\t\t\t\t<div>\n\t\t\t\t\t<h2 class=\"p-h2-town\">Empfohlen<\/h2>\n\t\t\t\t\t<hr>\n\t\t\t\t\t<h3 class=\"p-h3-town\">Feste und Pilgerfahrten<\/h3>\n\t\t\t\t<\/div>\n\t\t\t\t<div class=\"grid holidays-grid\">\n\t\t\t\t\t\n\t\t\t\t\t\t<div>\n\t\t\t\t\t\t\t<div class=\"phone-number-item\">\n\t\t\t\t\t\t\t\t<div class=\"phone-number-item__icon\"><i class=\"icon-holiday\"><\/i><\/div>\n\t\t\t\t\t\t\t\t<div class=\"phone-number-item__title dark-text\">\n\t\t\t\t\t\t\t\t\t<p class=\"p-font-bold\">Lokaler Urlaub<\/p>\n\t\t\t\t\t\t\t\t\t<p>23 de abril: Fiesta de San Jorge<\/p>\n\t\t\t\t\t\t\t\t<\/div>\n\t\t\t\t\t\t\t<\/div>\n\t\t\t\t\t\t<\/div>\n\t\t\t\t\t\n\t\t\t\t\t\t<div>\n\t\t\t\t\t\t\t<div class=\"phone-number-item\">\n\t\t\t\t\t\t\t\t<div class=\"phone-number-item__icon\"><i class=\"icon-holiday\"><\/i><\/div>\n\t\t\t\t\t\t\t\t<div class=\"phone-number-item__title dark-text\">\n\t\t\t\t\t\t\t\t\t<p class=\"p-font-bold\">Lokaler Urlaub<\/p>\n\t\t\t\t\t\t\t\t\t<p>Mayo: Festival de m\u00fasica WOMAD<\/p>\n\t\t\t\t\t\t\t\t<\/div>\n\t\t\t\t\t\t\t<\/div>\n\t\t\t\t\t\t<\/div>\n\t\t\t\t\t\n\t\t\t\t\t\t<div>\n\t\t\t\t\t\t\t<div class=\"phone-number-item\">\n\t\t\t\t\t\t\t\t<div class=\"phone-number-item__icon\"><i class=\"icon-holiday\"><\/i><\/div>\n\t\t\t\t\t\t\t\t<div class=\"phone-number-item__title dark-text\">\n\t\t\t\t\t\t\t\t\t<p class=\"p-font-bold\">Lokaler Urlaub<\/p>\n\t\t\t\t\t\t\t\t\t<p>Septiembre: Festival C\u00e1ceres Pop-Art<\/p>\n\t\t\t\t\t\t\t\t<\/div>\n\t\t\t\t\t\t\t<\/div>\n\t\t\t\t\t\t<\/div>\n\t\t\t\t\t\n\t\t\t\t\t\t<div>\n\t\t\t\t\t\t\t<div class=\"phone-number-item\">\n\t\t\t\t\t\t\t\t<div class=\"phone-number-item__icon\"><i class=\"icon-holiday\"><\/i><\/div>\n\t\t\t\t\t\t\t\t<div class=\"phone-number-item__title dark-text\">\n\t\t\t\t\t\t\t\t\t<p class=\"p-font-bold\">Lokaler Urlaub<\/p>\n\t\t\t\t\t\t\t\t\t<p>Septiembre: Festival Aldea de la Amex<\/p>\n\t\t\t\t\t\t\t\t<\/div>\n\t\t\t\t\t\t\t<\/div>\n\t\t\t\t\t\t<\/div>\n\t\t\t\t\t\n\t\t\t\t\t\t<div>\n\t\t\t\t\t\t\t<div class=\"phone-number-item\">\n\t\t\t\t\t\t\t\t<div class=\"phone-number-item__icon\"><i class=\"icon-holiday\"><\/i><\/div>\n\t\t\t\t\t\t\t\t<div class=\"phone-number-item__title dark-text\">\n\t\t\t\t\t\t\t\t\t<p class=\"p-font-bold\">Lokaler Urlaub<\/p>\n\t\t\t\t\t\t\t\t\t<p>El primer fin de semana de julio: Festival Oeste<\/p>\n\t\t\t\t\t\t\t\t<\/div>\n\t\t\t\t\t\t\t<\/div>\n\t\t\t\t\t\t<\/div>\n\t\t\t\t\t\n\t\t\t\t\t\t<div>\n\t\t\t\t\t\t\t<div class=\"phone-number-item\">\n\t\t\t\t\t\t\t\t<div class=\"phone-number-item__icon\"><i class=\"icon-holiday\"><\/i><\/div>\n\t\t\t\t\t\t\t\t<div class=\"phone-number-item__title dark-text\">\n\t\t\t\t\t\t\t\t\t<p class=\"p-font-bold\">Lokaler Urlaub<\/p>\n\t\t\t\t\t\t\t\t\t<p>Septiembre: Festival de M\u00fasica Antigua Iberoamericana<\/p>\n\t\t\t\t\t\t\t\t<\/div>\n\t\t\t\t\t\t\t<\/div>\n\t\t\t\t\t\t<\/div>\n\t\t\t\t\t\n\t\t\t\t\t\t<div>\n\t\t\t\t\t\t\t<div class=\"phone-number-item\">\n\t\t\t\t\t\t\t\t<div class=\"phone-number-item__icon\"><i class=\"icon-holiday\"><\/i><\/div>\n\t\t\t\t\t\t\t\t<div class=\"phone-number-item__title dark-text\">\n\t\t\t\t\t\t\t\t\t<p class=\"p-font-bold\">Lokaler Urlaub<\/p>\n\t\t\t\t\t\t\t\t\t<p>Julio: Festival folcl\u00f3rico internacional de Pueblos del Mundo<\/p>\n\t\t\t\t\t\t\t\t<\/div>\n\t\t\t\t\t\t\t<\/div>\n\t\t\t\t\t\t<\/div>\n\t\t\t\t\t\n\t\t\t\t\t\t<div>\n\t\t\t\t\t\t\t<div class=\"phone-number-item\">\n\t\t\t\t\t\t\t\t<div class=\"phone-number-item__icon\"><i class=\"icon-holiday\"><\/i><\/div>\n\t\t\t\t\t\t\t\t<div class=\"phone-number-item__title dark-text\">\n\t\t\t\t\t\t\t\t\t<p class=\"p-font-bold\">Lokaler Urlaub<\/p>\n\t\t\t\t\t\t\t\t\t<p>Septiembre: Festival C\u00e1ceres, Irish Fleadh, m\u00fasica tradicional irlandesa y celta<\/p>\n\t\t\t\t\t\t\t\t<\/div>\n\t\t\t\t\t\t\t<\/div>\n\t\t\t\t\t\t<\/div>\n\t\t\t\t\t\n\t\t\t\t\t\t<div>\n\t\t\t\t\t\t\t<div class=\"phone-number-item\">\n\t\t\t\t\t\t\t\t<div class=\"phone-number-item__icon\"><i class=\"icon-holiday\"><\/i><\/div>\n\t\t\t\t\t\t\t\t<div class=\"phone-number-item__title dark-text\">\n\t\t\t\t\t\t\t\t\t<p class=\"p-font-bold\">Lokaler Urlaub<\/p>\n\t\t\t\t\t\t\t\t\t<p>Julio: Festival de m\u00fasica negra<\/p>\n\t\t\t\t\t\t\t\t<\/div>\n\t\t\t\t\t\t\t<\/div>\n\t\t\t\t\t\t<\/div>\n\t\t\t\t\t\n\t\t\t\t\t\t<div>\n\t\t\t\t\t\t\t<div class=\"phone-number-item\">\n\t\t\t\t\t\t\t\t<div class=\"phone-number-item__icon\"><i class=\"icon-holiday\"><\/i><\/div>\n\t\t\t\t\t\t\t\t<div class=\"phone-number-item__title dark-text\">\n\t\t\t\t\t\t\t\t\t<p class=\"p-font-bold\">Lokaler Urlaub<\/p>\n\t\t\t\t\t\t\t\t\t<p>Mayo: Feria de Mayo<\/p>\n\t\t\t\t\t\t\t\t<\/div>\n\t\t\t\t\t\t\t<\/div>\n\t\t\t\t\t\t<\/div>\n\t\t\t\t\t\n\t\t\t\t\t\t<div>\n\t\t\t\t\t\t\t<div class=\"phone-number-item\">\n\t\t\t\t\t\t\t\t<div class=\"phone-number-item__icon\"><i class=\"icon-holiday\"><\/i><\/div>\n\t\t\t\t\t\t\t\t<div class=\"phone-number-item__title dark-text\">\n\t\t\t\t\t\t\t\t\t<p class=\"p-font-bold\">Lokaler Urlaub<\/p>\n\t\t\t\t\t\t\t\t\t<p>1 de mayo: Romer\u00eda de Santiago de Venc\u00e1liz<\/p>\n\t\t\t\t\t\t\t\t<\/div>\n\t\t\t\t\t\t\t<\/div>\n\t\t\t\t\t\t<\/div>\n\t\t\t\t\t\n\t\t\t\t\t\t<div>\n\t\t\t\t\t\t\t<div class=\"phone-number-item\">\n\t\t\t\t\t\t\t\t<div class=\"phone-number-item__icon\"><i class=\"icon-holiday\"><\/i><\/div>\n\t\t\t\t\t\t\t\t<div class=\"phone-number-item__title dark-text\">\n\t\t\t\t\t\t\t\t\t<p class=\"p-font-bold\">Lokaler Urlaub<\/p>\n\t\t\t\t\t\t\t\t\t<p>Febrero: Fiesta de las Candelas y de San Blas<\/p>\n\t\t\t\t\t\t\t\t<\/div>\n\t\t\t\t\t\t\t<\/div>\n\t\t\t\t\t\t<\/div>\n\t\t\t\t\t\n\t\t\t\t\t\t<div>\n\t\t\t\t\t\t\t<div class=\"phone-number-item\">\n\t\t\t\t\t\t\t\t<div class=\"phone-number-item__icon\"><i class=\"icon-holiday\"><\/i><\/div>\n\t\t\t\t\t\t\t\t<div class=\"phone-number-item__title dark-text\">\n\t\t\t\t\t\t\t\t\t<p class=\"p-font-bold\">Lokaler Urlaub<\/p>\n\t\t\t\t\t\t\t\t\t<p>El segundo domingo de mayo: Fiesta de Santa Luc\u00eda<\/p>\n\t\t\t\t\t\t\t\t<\/div>\n\t\t\t\t\t\t\t<\/div>\n\t\t\t\t\t\t<\/div>\n\t\t\t\t\t\n\t\t\t\t\t\t<div>\n\t\t\t\t\t\t\t<div class=\"phone-number-item\">\n\t\t\t\t\t\t\t\t<div class=\"phone-number-item__icon\"><i class=\"icon-holiday\"><\/i><\/div>\n\t\t\t\t\t\t\t\t<div class=\"phone-number-item__title dark-text\">\n\t\t\t\t\t\t\t\t\t<p class=\"p-font-bold\">Lokaler Urlaub<\/p>\n\t\t\t\t\t\t\t\t\t<p>Semana Santa: Semana Santa Cacere\u00f1a<\/p>\n\t\t\t\t\t\t\t\t<\/div>\n\t\t\t\t\t\t\t<\/div>\n\t\t\t\t\t\t<\/div>\n\t\t\t\t\t\n\t\t\t\t\t\t<div>\n\t\t\t\t\t\t\t<div class=\"phone-number-item\">\n\t\t\t\t\t\t\t\t<div class=\"phone-number-item__icon\"><i class=\"icon-holiday\"><\/i><\/div>\n\t\t\t\t\t\t\t\t<div class=\"phone-number-item__title dark-text\">\n\t\t\t\t\t\t\t\t\t<p class=\"p-font-bold\">Lokaler Urlaub<\/p>\n\t\t\t\t\t\t\t\t\t<p>El primer domingo de mayo: Fiesta de Nuestra Se\u00f1ora de la Monta\u00f1a<\/p>\n\t\t\t\t\t\t\t\t<\/div>\n\t\t\t\t\t\t\t<\/div>\n\t\t\t\t\t\t<\/div>\n\t\t\t\t\t\n\t\t\t\t\t\t<div>\n\t\t\t\t\t\t\t<div class=\"phone-number-item\">\n\t\t\t\t\t\t\t\t<div class=\"phone-number-item__icon\"><i class=\"icon-holiday\"><\/i><\/div>\n\t\t\t\t\t\t\t\t<div class=\"phone-number-item__title dark-text\">\n\t\t\t\t\t\t\t\t\t<p class=\"p-font-bold\">Lokaler Urlaub<\/p>\n\t\t\t\t\t\t\t\t\t<p>El domingo m\u00e1s cercano al 20 de enero: Romer\u00eda de los Santos M\u00e1rtires San Fabi\u00e1n y San Sebasti\u00e1n<\/p>\n\t\t\t\t\t\t\t\t<\/div>\n\t\t\t\t\t\t\t<\/div>\n\t\t\t\t\t\t<\/div>\n\t\t\t\t\t\n\t\t\t\t<\/div>\n\t\t\t<\/div>\n\t\t\n\t<\/div>\n<\/section>\n\n<div id=\"stage_list_section\"><div class=\"stage-list\">\n    <div class='stage-list__map-card'>\n        <div class='stage-list__map-card__map'>\n            <div class='stage-list__map-card__map__text'>\n                <h2> Pages <\/h2>\n                <p> Zu Fu\u00df<\/p>\n                <p> 0etappen<\/p>\n            <\/div>\n            <div class='stage-list__map-card__map__img'>\n                <img decoding=\"async\" src=\"\" alt=\" mapa \" \/>\n            <\/div>\n        <\/div>\n    <\/div>\n\n    <\/div>\n<\/div> ","protected":false},"excerpt":{"rendered":"<p>C\u00e1ceres &#8249; Zur\u00fcck zur B\u00fchne C\u00e1ceres Einwohner: 95.617 aprox. Bundesland: C\u00e1ceres Informationen Get to know C\u00e1ceres Die Stadt C\u00e1ceres liegt in der autonomen Gemeinschaft Extremadura und gilt als die Stadt mit dem sch\u00f6nsten und bewundernswertesten Stadtkomplex der Welt. Ihr historisches Zentrum ist eines der vollst\u00e4ndigsten, so dass es nicht \u00fcberrascht, dass sie zum Unesco-Weltkulturerbe geh\u00f6rt. &hellip; <\/p>\n<p class=\"read_more\"><a href=\"https:\/\/www.pilgrim.es\/de\/silber-route\/caceres\/\">Leer m\u00e1s<\/a><\/p>\n","protected":false},"author":0,"featured_media":2139,"parent":10601,"menu_order":0,"comment_status":"closed","ping_status":"closed","template":"views\/template-new-web-design.blade.php","meta":{"footnotes":""},"categories":[],"tags":[],"class_list":["post-91518","page","type-page","status-publish","has-post-thumbnail","hentry"],"yoast_head":"<!-- This site is optimized with the Yoast SEO plugin v27.4 - https:\/\/yoast.com\/product\/yoast-seo-wordpress\/ -->\n<title>C\u00e1ceres: Was sehen und wo \u00fcbernachten | Jakobsweg | Pilgrim<\/title>\n<meta name=\"description\" content=\"C\u00e1ceres Entdecken Sie alle Informationen \u00fcber Unterk\u00fcnfte, Anreise, Gastronomie und die wichtigsten Sehensw\u00fcrdigkeiten der Orte am Silberweg\" \/>\n<meta name=\"robots\" content=\"index, follow, max-snippet:-1, max-image-preview:large, max-video-preview:-1\" \/>\n<link rel=\"canonical\" href=\"https:\/\/www.pilgrim.es\/de\/silber-route\/caceres\/\" \/>\n<meta property=\"og:locale\" content=\"de_DE\" \/>\n<meta property=\"og:type\" content=\"article\" \/>\n<meta property=\"og:title\" content=\"C\u00e1ceres: Was sehen und wo \u00fcbernachten | Jakobsweg | Pilgrim\" \/>\n<meta property=\"og:description\" content=\"C\u00e1ceres Entdecken Sie alle Informationen \u00fcber Unterk\u00fcnfte, Anreise, Gastronomie und die wichtigsten Sehensw\u00fcrdigkeiten der Orte am Silberweg\" \/>\n<meta property=\"og:url\" content=\"https:\/\/www.pilgrim.es\/de\/silber-route\/caceres\/\" \/>\n<meta property=\"og:site_name\" content=\"Pilgrim\" \/>\n<meta property=\"article:publisher\" content=\"https:\/\/www.facebook.com\/pilgrim.es\/\" \/>\n<meta property=\"og:image\" content=\"https:\/\/www.pilgrim.es\/wp-content\/uploads\/2019\/02\/caceres-520x370.jpg\" \/>\n\t<meta property=\"og:image:width\" content=\"520\" \/>\n\t<meta property=\"og:image:height\" content=\"370\" \/>\n\t<meta property=\"og:image:type\" content=\"image\/jpeg\" \/>\n<meta name=\"twitter:card\" content=\"summary_large_image\" \/>\n<meta name=\"twitter:site\" content=\"@pilgrim_es\" \/>\n<meta name=\"twitter:label1\" content=\"Gesch\u00e4tzte Lesezeit\" \/>\n\t<meta name=\"twitter:data1\" content=\"16\u00a0Minuten\" \/>\n<script type=\"application\/ld+json\" class=\"yoast-schema-graph\">{\"@context\":\"https:\\\/\\\/schema.org\",\"@graph\":[{\"@type\":\"WebPage\",\"@id\":\"https:\\\/\\\/www.pilgrim.es\\\/de\\\/silber-route\\\/caceres\\\/\",\"url\":\"https:\\\/\\\/www.pilgrim.es\\\/de\\\/silber-route\\\/caceres\\\/\",\"name\":\"C\u00e1ceres: Was sehen und wo \u00fcbernachten | Jakobsweg | Pilgrim\",\"isPartOf\":{\"@id\":\"https:\\\/\\\/www.pilgrim.es\\\/de\\\/#website\"},\"primaryImageOfPage\":{\"@id\":\"https:\\\/\\\/www.pilgrim.es\\\/de\\\/silber-route\\\/caceres\\\/#primaryimage\"},\"image\":{\"@id\":\"https:\\\/\\\/www.pilgrim.es\\\/de\\\/silber-route\\\/caceres\\\/#primaryimage\"},\"thumbnailUrl\":\"https:\\\/\\\/www.pilgrim.es\\\/wp-content\\\/uploads\\\/2019\\\/02\\\/caceres-520x370.jpg\",\"datePublished\":\"2025-03-17T16:06:16+00:00\",\"description\":\"C\u00e1ceres Entdecken Sie alle Informationen \u00fcber Unterk\u00fcnfte, Anreise, Gastronomie und die wichtigsten Sehensw\u00fcrdigkeiten der Orte am Silberweg\",\"breadcrumb\":{\"@id\":\"https:\\\/\\\/www.pilgrim.es\\\/de\\\/silber-route\\\/caceres\\\/#breadcrumb\"},\"inLanguage\":\"de\",\"potentialAction\":[{\"@type\":\"ReadAction\",\"target\":[\"https:\\\/\\\/www.pilgrim.es\\\/de\\\/silber-route\\\/caceres\\\/\"]}]},{\"@type\":\"ImageObject\",\"inLanguage\":\"de\",\"@id\":\"https:\\\/\\\/www.pilgrim.es\\\/de\\\/silber-route\\\/caceres\\\/#primaryimage\",\"url\":\"https:\\\/\\\/www.pilgrim.es\\\/wp-content\\\/uploads\\\/2019\\\/02\\\/caceres-520x370.jpg\",\"contentUrl\":\"https:\\\/\\\/www.pilgrim.es\\\/wp-content\\\/uploads\\\/2019\\\/02\\\/caceres-520x370.jpg\",\"width\":520,\"height\":370,\"caption\":\"C\u00e1ceres\"},{\"@type\":\"BreadcrumbList\",\"@id\":\"https:\\\/\\\/www.pilgrim.es\\\/de\\\/silber-route\\\/caceres\\\/#breadcrumb\",\"itemListElement\":[{\"@type\":\"ListItem\",\"position\":1,\"name\":\"Camino de Santiago\",\"item\":\"https:\\\/\\\/www.pilgrim.es\\\/de\\\/\"},{\"@type\":\"ListItem\",\"position\":2,\"name\":\"Die Silber-Route\",\"item\":\"https:\\\/\\\/www.pilgrim.es\\\/de\\\/silber-route\\\/\"},{\"@type\":\"ListItem\",\"position\":3,\"name\":\"C\u00e1ceres\"}]},{\"@type\":\"WebSite\",\"@id\":\"https:\\\/\\\/www.pilgrim.es\\\/de\\\/#website\",\"url\":\"https:\\\/\\\/www.pilgrim.es\\\/de\\\/\",\"name\":\"Pilgrim\",\"description\":\"Camino de Santiago | Caminamos Contigo\",\"publisher\":{\"@id\":\"https:\\\/\\\/www.pilgrim.es\\\/de\\\/#organization\"},\"potentialAction\":[{\"@type\":\"SearchAction\",\"target\":{\"@type\":\"EntryPoint\",\"urlTemplate\":\"https:\\\/\\\/www.pilgrim.es\\\/de\\\/?s={search_term_string}\"},\"query-input\":{\"@type\":\"PropertyValueSpecification\",\"valueRequired\":true,\"valueName\":\"search_term_string\"}}],\"inLanguage\":\"de\"},{\"@type\":\"Organization\",\"@id\":\"https:\\\/\\\/www.pilgrim.es\\\/de\\\/#organization\",\"name\":\"Pilgrim Camino de Santiago\",\"url\":\"https:\\\/\\\/www.pilgrim.es\\\/de\\\/\",\"logo\":{\"@type\":\"ImageObject\",\"inLanguage\":\"de\",\"@id\":\"https:\\\/\\\/www.pilgrim.es\\\/de\\\/#\\\/schema\\\/logo\\\/image\\\/\",\"url\":\"https:\\\/\\\/www.pilgrim.es\\\/wp-content\\\/uploads\\\/2019\\\/04\\\/logo_pilgrim.png\",\"contentUrl\":\"https:\\\/\\\/www.pilgrim.es\\\/wp-content\\\/uploads\\\/2019\\\/04\\\/logo_pilgrim.png\",\"width\":512,\"height\":512,\"caption\":\"Pilgrim Camino de Santiago\"},\"image\":{\"@id\":\"https:\\\/\\\/www.pilgrim.es\\\/de\\\/#\\\/schema\\\/logo\\\/image\\\/\"},\"sameAs\":[\"https:\\\/\\\/www.facebook.com\\\/pilgrim.es\\\/\",\"https:\\\/\\\/x.com\\\/pilgrim_es\",\"https:\\\/\\\/www.instagram.com\\\/pilgrim.es\\\/\",\"https:\\\/\\\/www.linkedin.com\\\/company\\\/pilgrim-camino-de-santiago\\\/\",\"https:\\\/\\\/www.pinterest.es\\\/pilgrimcaminodesantiago\\\/\",\"https:\\\/\\\/www.youtube.com\\\/channel\\\/UCIv2ZzFLXVqthkNF32rKedw\\\/featured\"]}]}<\/script>\n<!-- \/ Yoast SEO plugin. -->","yoast_head_json":{"title":"C\u00e1ceres: Was sehen und wo \u00fcbernachten | Jakobsweg | Pilgrim","description":"C\u00e1ceres Entdecken Sie alle Informationen \u00fcber Unterk\u00fcnfte, Anreise, Gastronomie und die wichtigsten Sehensw\u00fcrdigkeiten der Orte am Silberweg","robots":{"index":"index","follow":"follow","max-snippet":"max-snippet:-1","max-image-preview":"max-image-preview:large","max-video-preview":"max-video-preview:-1"},"canonical":"https:\/\/www.pilgrim.es\/de\/silber-route\/caceres\/","og_locale":"de_DE","og_type":"article","og_title":"C\u00e1ceres: Was sehen und wo \u00fcbernachten | Jakobsweg | Pilgrim","og_description":"C\u00e1ceres Entdecken Sie alle Informationen \u00fcber Unterk\u00fcnfte, Anreise, Gastronomie und die wichtigsten Sehensw\u00fcrdigkeiten der Orte am Silberweg","og_url":"https:\/\/www.pilgrim.es\/de\/silber-route\/caceres\/","og_site_name":"Pilgrim","article_publisher":"https:\/\/www.facebook.com\/pilgrim.es\/","og_image":[{"width":520,"height":370,"url":"https:\/\/www.pilgrim.es\/wp-content\/uploads\/2019\/02\/caceres-520x370.jpg","type":"image\/jpeg"}],"twitter_card":"summary_large_image","twitter_site":"@pilgrim_es","twitter_misc":{"Gesch\u00e4tzte Lesezeit":"16\u00a0Minuten"},"schema":{"@context":"https:\/\/schema.org","@graph":[{"@type":"WebPage","@id":"https:\/\/www.pilgrim.es\/de\/silber-route\/caceres\/","url":"https:\/\/www.pilgrim.es\/de\/silber-route\/caceres\/","name":"C\u00e1ceres: Was sehen und wo \u00fcbernachten | Jakobsweg | Pilgrim","isPartOf":{"@id":"https:\/\/www.pilgrim.es\/de\/#website"},"primaryImageOfPage":{"@id":"https:\/\/www.pilgrim.es\/de\/silber-route\/caceres\/#primaryimage"},"image":{"@id":"https:\/\/www.pilgrim.es\/de\/silber-route\/caceres\/#primaryimage"},"thumbnailUrl":"https:\/\/www.pilgrim.es\/wp-content\/uploads\/2019\/02\/caceres-520x370.jpg","datePublished":"2025-03-17T16:06:16+00:00","description":"C\u00e1ceres Entdecken Sie alle Informationen \u00fcber Unterk\u00fcnfte, Anreise, Gastronomie und die wichtigsten Sehensw\u00fcrdigkeiten der Orte am Silberweg","breadcrumb":{"@id":"https:\/\/www.pilgrim.es\/de\/silber-route\/caceres\/#breadcrumb"},"inLanguage":"de","potentialAction":[{"@type":"ReadAction","target":["https:\/\/www.pilgrim.es\/de\/silber-route\/caceres\/"]}]},{"@type":"ImageObject","inLanguage":"de","@id":"https:\/\/www.pilgrim.es\/de\/silber-route\/caceres\/#primaryimage","url":"https:\/\/www.pilgrim.es\/wp-content\/uploads\/2019\/02\/caceres-520x370.jpg","contentUrl":"https:\/\/www.pilgrim.es\/wp-content\/uploads\/2019\/02\/caceres-520x370.jpg","width":520,"height":370,"caption":"C\u00e1ceres"},{"@type":"BreadcrumbList","@id":"https:\/\/www.pilgrim.es\/de\/silber-route\/caceres\/#breadcrumb","itemListElement":[{"@type":"ListItem","position":1,"name":"Camino de Santiago","item":"https:\/\/www.pilgrim.es\/de\/"},{"@type":"ListItem","position":2,"name":"Die Silber-Route","item":"https:\/\/www.pilgrim.es\/de\/silber-route\/"},{"@type":"ListItem","position":3,"name":"C\u00e1ceres"}]},{"@type":"WebSite","@id":"https:\/\/www.pilgrim.es\/de\/#website","url":"https:\/\/www.pilgrim.es\/de\/","name":"Pilgrim","description":"Camino de Santiago | Caminamos Contigo","publisher":{"@id":"https:\/\/www.pilgrim.es\/de\/#organization"},"potentialAction":[{"@type":"SearchAction","target":{"@type":"EntryPoint","urlTemplate":"https:\/\/www.pilgrim.es\/de\/?s={search_term_string}"},"query-input":{"@type":"PropertyValueSpecification","valueRequired":true,"valueName":"search_term_string"}}],"inLanguage":"de"},{"@type":"Organization","@id":"https:\/\/www.pilgrim.es\/de\/#organization","name":"Pilgrim Camino de Santiago","url":"https:\/\/www.pilgrim.es\/de\/","logo":{"@type":"ImageObject","inLanguage":"de","@id":"https:\/\/www.pilgrim.es\/de\/#\/schema\/logo\/image\/","url":"https:\/\/www.pilgrim.es\/wp-content\/uploads\/2019\/04\/logo_pilgrim.png","contentUrl":"https:\/\/www.pilgrim.es\/wp-content\/uploads\/2019\/04\/logo_pilgrim.png","width":512,"height":512,"caption":"Pilgrim Camino de Santiago"},"image":{"@id":"https:\/\/www.pilgrim.es\/de\/#\/schema\/logo\/image\/"},"sameAs":["https:\/\/www.facebook.com\/pilgrim.es\/","https:\/\/x.com\/pilgrim_es","https:\/\/www.instagram.com\/pilgrim.es\/","https:\/\/www.linkedin.com\/company\/pilgrim-camino-de-santiago\/","https:\/\/www.pinterest.es\/pilgrimcaminodesantiago\/","https:\/\/www.youtube.com\/channel\/UCIv2ZzFLXVqthkNF32rKedw\/featured"]}]}},"_links":{"self":[{"href":"https:\/\/www.pilgrim.es\/de\/wp-json\/wp\/v2\/pages\/91518","targetHints":{"allow":["GET"]}}],"collection":[{"href":"https:\/\/www.pilgrim.es\/de\/wp-json\/wp\/v2\/pages"}],"about":[{"href":"https:\/\/www.pilgrim.es\/de\/wp-json\/wp\/v2\/types\/page"}],"replies":[{"embeddable":true,"href":"https:\/\/www.pilgrim.es\/de\/wp-json\/wp\/v2\/comments?post=91518"}],"version-history":[{"count":0,"href":"https:\/\/www.pilgrim.es\/de\/wp-json\/wp\/v2\/pages\/91518\/revisions"}],"up":[{"embeddable":true,"href":"https:\/\/www.pilgrim.es\/de\/wp-json\/wp\/v2\/pages\/10601"}],"wp:featuredmedia":[{"embeddable":true,"href":"https:\/\/www.pilgrim.es\/de\/wp-json\/wp\/v2\/media\/2139"}],"wp:attachment":[{"href":"https:\/\/www.pilgrim.es\/de\/wp-json\/wp\/v2\/media?parent=91518"}],"wp:term":[{"taxonomy":"category","embeddable":true,"href":"https:\/\/www.pilgrim.es\/de\/wp-json\/wp\/v2\/categories?post=91518"},{"taxonomy":"post_tag","embeddable":true,"href":"https:\/\/www.pilgrim.es\/de\/wp-json\/wp\/v2\/tags?post=91518"}],"curies":[{"name":"wp","href":"https:\/\/api.w.org\/{rel}","templated":true}]}}