{"id":91512,"date":"2025-03-17T16:03:45","date_gmt":"2025-03-17T16:03:45","guid":{"rendered":"https:\/\/www.pilgrim.es\/silber-route\/merida\/"},"modified":"2025-03-17T16:03:45","modified_gmt":"2025-03-17T16:03:45","slug":"merida","status":"publish","type":"page","link":"https:\/\/www.pilgrim.es\/de\/silber-route\/merida\/","title":{"rendered":"M\u00e9rida"},"content":{"rendered":" <section id=\"hero\">\n\t<h1>M\u00e9rida<\/h1>\n\t<div class=\"hero-grid\">\n\t\t<div class=\"hero-grid__town-col\" data-background=\"https:\/\/cdn.pilgrim.es\/web\/caminos\/via-de-la-plata\/pueblos\/merida.jpg\">\n\t\t\t<div>\n\t\t\t\t<a class=\"link-to-stage\" href=\"https:\/\/www.pilgrim.es\/via-plata\/etapa-9-torremejia-merida\/\">\n\t\t\t\t\t<p>&#8249; Zur\u00fcck zur B\u00fchne<\/p>\n\t\t\t\t<\/a>\n\n\t\t\t\t<div class=\"town-data\">\n\t\t\t\t\t<h2>M\u00e9rida<\/h2>\n\t\t\t\t\t<ul>\n\t\t\t\t\t\t<li>Einwohner: 58.985 aprox.<\/li>\n\t\t\t\t\t\t<li>Bundesland: Badajoz<\/li>\n\t\t\t\t\t<\/ul>\n\t\t\t\t<\/div>\n\t\t\t<\/div>\n\t\t<\/div>\n\t\t<div class=\"hero-grid__planner-col\"><div\r\n  class=\"p-col-span-1 p-rounded-lg p-px-5 p-h-full\"\r\n  style=\"background-image: url('https:\/\/cdn.pilgrim.es\/web\/pilgrim-planner\/bg-plugin-planificador.webp')\"\r\n  rel=\"preload\"\r\n  fetchpriority=\"high\"\r\n  >\r\n    <div class=\"p-text-center p-pt-5 p-text-white p-text-2xl p-font-semibold\">\r\n      Plane deinen Weg    <\/div>\r\n    <div\r\n            id='primary-app'\r\n            data-name='banner'\r\n            data-api='https:\/\/pathfinder.pilgrim.es\/api\/pathfinder\/v2'\r\n            data-mode='normal'\r\n            data-lang='de'\r\n            data-route='1'\r\n            data-destiny='https:\/\/planificador.pilgrim.es'\r\n            data-modality='1'\r\n            data-inline=''\r\n        ><\/div><\/div><\/div>\n\t<\/div>\n<\/section>\n\n<section id=\"infoTown\">\n\t<div class=\"sections-town\">\n\n\t\t<div id=\"informationSection\">\n\t\t\t<div>\n\t\t\t\t<h2 class=\"p-h2-town\">Informationen<\/h2>\n\t\t\t\t<hr>\n\t\t\t\t<h3 class=\"p-h3-town\">Get to know M\u00e9rida<\/h3>\n\t\t\t<\/div>\n\t\t\t<p>Die Stadt M\u00e9rida wurde von den R\u00f6mern gegr\u00fcndet und wurde zur wichtigsten Stadt Hispaniens und zur Hauptstadt des westgotischen K\u00f6nigreichs. Sie war auch die Siedlungsstadt der Muslime.<\/p> <p>Bei so viel Geschichte in ihren Stra\u00dfen ist es nicht verwunderlich, dass ihre arch\u00e4ologische St\u00e4tte zum UNESCO-Weltkulturerbe erkl\u00e4rt wurde.<\/p> <p>Bei so viel Geschichte in ihren Stra\u00dfen ist es nicht verwunderlich, dass ihre arch\u00e4ologische St\u00e4tte zum UNESCO-Weltkulturerbe erkl\u00e4rt wurde.\n\t\t<\/div>\n\n\t\t<div id=\"locationSection\">\n\t\t\t<div>\n\t\t\t\t<h2 class=\"p-h2-town\">Standort<\/h2>\n\t\t\t\t<hr>\n\t\t\t\t<h3 class=\"p-h3-town\">Wegbeschreibung<\/h3>\n\t\t\t<\/div>\n\t\t\t<p>Am einfachsten ist die Stadt M\u00e9rida \u00fcber die Stra\u00dfe zu erreichen, denn es gibt mehrere wichtige Routen, die durch die Stadt f\u00fchren und somit den Zugang zu ihr erleichtern, wie die Autobahn A-5, die Madrid mit Lissabon verbindet, die A-66, die Gij\u00f3n mit Sevilla verbindet und die Nationalstra\u00dfe N-430, die Valencia und Badajoz verbindet. Die Stadt verf\u00fcgt au\u00dferdem \u00fcber Nebenstra\u00dfen, die den Zugang zu benachbarten St\u00e4dten wie Badajoz, Alange, Don \u00c1lvaro usw. erm\u00f6glichen.<\/p> <p>.\n\n<p>Merida verf\u00fcgt auch \u00fcber einen Bahnhof, der die Stadt u.a. mit Ciudad Real, Sevilla und Madrid verbindet, sowie \u00fcber einen Busbahnhof, von dem aus t\u00e4glich Linien in die Au\u00dfenbezirke der Stadt und zu verschiedenen Orten der Halbinsel fahren.\n\t\t\t<div>\n\t\t\t\t<div>\n  <iframe loading=\"lazy\"\n    src=\"https:\/\/www.google.com\/maps\/d\/embed?mid=15vg353PURoDi-qoUvu8-2eW93GdxJTs&amp;ehbc=2E312F\"\n    width=\"640\"\n    height=\"480\"\n    alt=\"Mapa M\u00e9rida\"\n  ><\/iframe>\n<\/div>\n\n\t\t\t<\/div>\n\t\t<\/div>\n\n\t\t\n\t\t\t<div id=\"toVisitSection\">\n\t\t\t\t<div>\n\t\t\t\t\t<h2 class=\"p-h2-town\">Geschichte \/ Kultur<\/h2>\n\t\t\t\t\t<hr>\n\t\t\t\t\t<h3 class=\"p-h3-town\">Was es zu sehen gibt<\/h3>\n\t\t\t\t<\/div>\n\t\t\t\t<div>\n\t\t\t\t\t<div class=\"accordion\">\n\t\t\t\t\t\t<div class=\"accordion__menu\">\n\t\t\t\t\t\t\t<nav>\n\t\t\t\t\t\t\t\t\n\t\t\t\t\t\t\t\t\t<button class=\"nav-tab-accordion active\"><span>&#10093;<\/span><span> Acueducto de los Milagros<\/span><\/button>\n\t\t\t\t\t\t\t\t\n\t\t\t\t\t\t\t\t\t<button class=\"nav-tab-accordion \"><span>&#10093;<\/span><span> Acueducto y Termas de San L\u00e1zaro<\/span><\/button>\n\t\t\t\t\t\t\t\t\n\t\t\t\t\t\t\t\t\t<button class=\"nav-tab-accordion \"><span>&#10093;<\/span><span> Alcazaba \u00c1rabe<\/span><\/button>\n\t\t\t\t\t\t\t\t\n\t\t\t\t\t\t\t\t\t<button class=\"nav-tab-accordion \"><span>&#10093;<\/span><span> Anfiteatro<\/span><\/button>\n\t\t\t\t\t\t\t\t\n\t\t\t\t\t\t\t\t\t<button class=\"nav-tab-accordion \"><span>&#10093;<\/span><span> Arco de Trajano<\/span><\/button>\n\t\t\t\t\t\t\t\t\n\t\t\t\t\t\t\t\t\t<button class=\"nav-tab-accordion \"><span>&#10093;<\/span><span> Bas\u00edlica de Santa Eulalia<\/span><\/button>\n\t\t\t\t\t\t\t\t\n\t\t\t\t\t\t\t\t\t<button class=\"nav-tab-accordion \"><span>&#10093;<\/span><span> Casa del Mitreo<\/span><\/button>\n\t\t\t\t\t\t\t\t\n\t\t\t\t\t\t\t\t\t<button class=\"nav-tab-accordion \"><span>&#10093;<\/span><span> Castellum Aquae<\/span><\/button>\n\t\t\t\t\t\t\t\t\n\t\t\t\t\t\t\t\t\t<button class=\"nav-tab-accordion \"><span>&#10093;<\/span><span> Circo Romano<\/span><\/button>\n\t\t\t\t\t\t\t\t\n\t\t\t\t\t\t\t\t\t<button class=\"nav-tab-accordion \"><span>&#10093;<\/span><span> Columbarios<\/span><\/button>\n\t\t\t\t\t\t\t\t\n\t\t\t\t\t\t\t\t\t<button class=\"nav-tab-accordion \"><span>&#10093;<\/span><span> Concatedral de Santa Mar\u00eda<\/span><\/button>\n\t\t\t\t\t\t\t\t\n\t\t\t\t\t\t\t\t\t<button class=\"nav-tab-accordion \"><span>&#10093;<\/span><span> Conventual Santiaguista<\/span><\/button>\n\t\t\t\t\t\t\t\t\n\t\t\t\t\t\t\t\t\t<button class=\"nav-tab-accordion \"><span>&#10093;<\/span><span> Ermita de Nuestra Se\u00f1ora de la Antigua<\/span><\/button>\n\t\t\t\t\t\t\t\t\n\t\t\t\t\t\t\t\t\t<button class=\"nav-tab-accordion \"><span>&#10093;<\/span><span> Iglesia de Santa Clara<\/span><\/button>\n\t\t\t\t\t\t\t\t\n\t\t\t\t\t\t\t\t\t<button class=\"nav-tab-accordion \"><span>&#10093;<\/span><span> Iglesia del Carmen<\/span><\/button>\n\t\t\t\t\t\t\t\t\n\t\t\t\t\t\t\t\t\t<button class=\"nav-tab-accordion \"><span>&#10093;<\/span><span> Museo Abierto de M\u00e9rida<\/span><\/button>\n\t\t\t\t\t\t\t\t\n\t\t\t\t\t\t\t\t\t<button class=\"nav-tab-accordion \"><span>&#10093;<\/span><span> Museo Nacional de Arte Romano<\/span><\/button>\n\t\t\t\t\t\t\t\t\n\t\t\t\t\t\t\t\t\t<button class=\"nav-tab-accordion \"><span>&#10093;<\/span><span> Plaza de Espa\u00f1a<\/span><\/button>\n\t\t\t\t\t\t\t\t\n\t\t\t\t\t\t\t\t\t<button class=\"nav-tab-accordion \"><span>&#10093;<\/span><span> Plaza de Toros<\/span><\/button>\n\t\t\t\t\t\t\t\t\n\t\t\t\t\t\t\t\t\t<button class=\"nav-tab-accordion \"><span>&#10093;<\/span><span> P\u00f3rtico del Foro<\/span><\/button>\n\t\t\t\t\t\t\t\t\n\t\t\t\t\t\t\t\t\t<button class=\"nav-tab-accordion \"><span>&#10093;<\/span><span> Puente Lusitania<\/span><\/button>\n\t\t\t\t\t\t\t\t\n\t\t\t\t\t\t\t\t\t<button class=\"nav-tab-accordion \"><span>&#10093;<\/span><span> Puente Romano<\/span><\/button>\n\t\t\t\t\t\t\t\t\n\t\t\t\t\t\t\t\t\t<button class=\"nav-tab-accordion \"><span>&#10093;<\/span><span> Puente sobre el Albarregas<\/span><\/button>\n\t\t\t\t\t\t\t\t\n\t\t\t\t\t\t\t\t\t<button class=\"nav-tab-accordion \"><span>&#10093;<\/span><span> Teatro Romano<\/span><\/button>\n\t\t\t\t\t\t\t\t\n\t\t\t\t\t\t\t\t\t<button class=\"nav-tab-accordion \"><span>&#10093;<\/span><span> Templo de Diana<\/span><\/button>\n\t\t\t\t\t\t\t\t\n\t\t\t\t\t\t\t\t\t<button class=\"nav-tab-accordion \"><span>&#10093;<\/span><span> Termas \/ Pozo de Nieve<\/span><\/button>\n\t\t\t\t\t\t\t\t\n\t\t\t\t\t\t\t\t\t<button class=\"nav-tab-accordion \"><span>&#10093;<\/span><span> Termas de la Calle Pontezuelas y la Zona Arqueol\u00f3gica de las Siete Siellas<\/span><\/button>\n\t\t\t\t\t\t\t\t\n\t\t\t\t\t\t\t\t\t<button class=\"nav-tab-accordion \"><span>&#10093;<\/span><span> Xenodochium<\/span><\/button>\n\t\t\t\t\t\t\t\t\n\t\t\t\t\t\t\t\t\t<button class=\"nav-tab-accordion \"><span>&#10093;<\/span><span> Zona Arqueol\u00f3gica de Morer\u00edas<\/span><\/button>\n\t\t\t\t\t\t\t\t\n\t\t\t\t\t\t\t\t\t<button class=\"nav-tab-accordion \"><span>&#10093;<\/span><span> Bas\u00edlica de Santa Eulalia\/Templo de Marte<\/span><\/button>\n\t\t\t\t\t\t\t\t\n\t\t\t\t\t\t\t<\/nav>\n\t\t\t\t\t\t<\/div>\n\n\t\t\t\t\t\t\n\t\t\t\t\t\t\t<div class=\"accordion__accordion-content \">\n\t\t\t\t\t\t\t\t<div>\n\t\t\t\t\t\t\t\t\t<div>\n\t\t\t\t\t\t\t\t\t\t<h4>Acueducto de los Milagros<\/h4>\n\t\t\t\t\t\t\t\t\t\t<p>Es handelt sich um ein gro\u00dfes Aqu\u00e4dukt, das in der R\u00f6merzeit genutzt wurde, um Wasser aus dem als Charca de la Albuera bekannten Stausee in die Stadt zu leiten. Dieses Bauwerk ist unter dem Namen &#8222;Los Milagros&#8220; (Die Wunder) bekannt, da es aufgrund seiner Monumentalit\u00e4t und seines guten Erhaltungszustandes bei den Einheimischen gro\u00dfes Erstaunen hervorrief. Es ist 800 Meter lang und teilweise 27 Meter hoch. Hervorzuheben ist die Stelle, an der der Albarregas-Bach mit einem sch\u00f6nen Bogen aus Granitquadern flie\u00dft. <\/p>\n\n<p>INFORMATIONEN VON INTERESSE<\/p>\n\n<p>Web: www.turismomerida.org\/es\/que-ver\/acueducto-de-los-milagrosTel\u00e9fono: 673 456 891<\/p> <p>Web: www.turismomerida.org\/es\/que-ver\/acueducto-de-los-milagrosTel\u00e9fono: 673 456 891<\/p>\n\t\t\t\t\t\t\t\t\t<\/div>\n\t\t\t\t\t\t\t\t\t<img decoding=\"async\" src=\"https:\/\/cdn.pilgrim.es\/web\/caminos\/via-de-la-plata\/pueblos\/merida\/puntos-de-interes\/acueducto-de-los-milagros.jpg\" alt=\"Acueducto de los Milagros\">\n\t\t\t\t\t\t\t\t<\/div>\n\t\t\t\t\t\t\t<\/div>\n\t\t\t\t\t\t\n\t\t\t\t\t\t\t<div class=\"accordion__accordion-content inactive\">\n\t\t\t\t\t\t\t\t<div>\n\t\t\t\t\t\t\t\t\t<div>\n\t\t\t\t\t\t\t\t\t\t<h4>Acueducto y Termas de San L\u00e1zaro<\/h4>\n\t\t\t\t\t\t\t\t\t\t<p>Es handelt sich um ein Aqu\u00e4dukt, das Wasser aus dem Albarregas sammelte und im 16. Jahrhundert komplett umgebaut wurde. Er ist mehr als anderthalb Kilometer lang, obwohl nur die Einschnitte einiger Becken und einige halbkreisf\u00f6rmige B\u00f6gen erhalten sind. Am Fu\u00dfe dieser B\u00f6gen befindet sich die r\u00f6mische Stra\u00dfe, die nach C\u00f3rdoba f\u00fchrte. <\/p>\n\n<p>INFORMATIONEN VON INTERESSE<\/p> <p>Informationen von Interesse<\/p> <p>Siehe auch\n\n<p>Website: www.turismomerida.org\/que-ver\/acueducto-y-termas-de-san-lazaro<\/p>\n\t\t\t\t\t\t\t\t\t<\/div>\n\t\t\t\t\t\t\t\t\t<img decoding=\"async\" src=\"https:\/\/cdn.pilgrim.es\/web\/caminos\/via-de-la-plata\/pueblos\/merida\/puntos-de-interes\/acueducto-y-termas-de-san-lazaro.jpg\" alt=\"Acueducto y Termas de San L\u00e1zaro\">\n\t\t\t\t\t\t\t\t<\/div>\n\t\t\t\t\t\t\t<\/div>\n\t\t\t\t\t\t\n\t\t\t\t\t\t\t<div class=\"accordion__accordion-content inactive\">\n\t\t\t\t\t\t\t\t<div>\n\t\t\t\t\t\t\t\t\t<div>\n\t\t\t\t\t\t\t\t\t\t<h4>Alcazaba \u00c1rabe<\/h4>\n\t\t\t\t\t\t\t\t\t\t<p>Es handelt sich um eine gro\u00dfe muslimische Festung, die im Jahr 835 n. Chr. erbaut wurde und mehreren Zwecken diente, u. a. als Sitz der umayyadischen Verwaltung und als Residenz des \u00f6rtlichen Gouverneurs, als Zugang zur Stadt nach \u00dcberquerung der r\u00f6mischen Br\u00fccke und als Zufluchtsort f\u00fcr die arabische Minderheit w\u00e4hrend lokaler K\u00e4mpfe.<\/p> <p>Es wurde im Jahr 835 n. Chr. erbaut und diente als Festung der umayyadischen Verwaltung und als Residenz des \u00f6rtlichen Gouverneurs, als Zugang zur Stadt nach \u00dcberquerung der r\u00f6mischen Br\u00fccke und als Zufluchtsort f\u00fcr die arabische Minderheit w\u00e4hrend lokaler K\u00e4mpfe.\n\t\t\t\t\t\t\t\t\t<\/div>\n\t\t\t\t\t\t\t\t\t<img decoding=\"async\" src=\"https:\/\/cdn.pilgrim.es\/web\/caminos\/via-de-la-plata\/pueblos\/merida\/puntos-de-interes\/alcazaba-arabe.jpg\" alt=\"Alcazaba \u00c1rabe\">\n\t\t\t\t\t\t\t\t<\/div>\n\t\t\t\t\t\t\t<\/div>\n\t\t\t\t\t\t\n\t\t\t\t\t\t\t<div class=\"accordion__accordion-content inactive\">\n\t\t\t\t\t\t\t\t<div>\n\t\t\t\t\t\t\t\t\t<div>\n\t\t\t\t\t\t\t\t\t\t<h4>Anfiteatro<\/h4>\n\t\t\t\t\t\t\t\t\t\t<p>Das aus dem 8. Jahrhundert v. Chr. stammende Geb\u00e4ude diente als B\u00fchne f\u00fcr Spektakel wie Gladiatorenspiele, Wildtierjagden, K\u00e4mpfe zwischen wilden Tieren&#8230; und bot Platz f\u00fcr etwa 16.000 Zuschauer. Es befindet sich auf demselben Gel\u00e4nde wie das R\u00f6mische Theater, obwohl es durch einen Damm von diesem getrennt ist. <\/p>\n\t\t\t\t\t\t\t\t\t<\/div>\n\t\t\t\t\t\t\t\t\t<img decoding=\"async\" src=\"https:\/\/cdn.pilgrim.es\/web\/caminos\/via-de-la-plata\/pueblos\/merida\/puntos-de-interes\/anfiteatro.jpg\" alt=\"Anfiteatro\">\n\t\t\t\t\t\t\t\t<\/div>\n\t\t\t\t\t\t\t<\/div>\n\t\t\t\t\t\t\n\t\t\t\t\t\t\t<div class=\"accordion__accordion-content inactive\">\n\t\t\t\t\t\t\t\t<div>\n\t\t\t\t\t\t\t\t\t<div>\n\t\t\t\t\t\t\t\t\t\t<h4>Arco de Trajano<\/h4>\n\t\t\t\t\t\t\t\t\t\t<p>Dies ist der Haupteingang zu einem gro\u00dfen Tempel der kaiserlichen Verehrung, der zum Forum der Provinz geh\u00f6rt. Seine Struktur basiert auf einem halbkreisf\u00f6rmigen Bogen, der sich 15 Meter \u00fcber die Spitze der Pfeiler erhebt und aus Granitquadern besteht, die mit Marmorplatten bedeckt sind. Auf dem Boden des Bogens sind noch die Scharniere der T\u00fcren zu sehen, die dieses monumentale Tor schlossen. <\/p>\n\n<p>INFORMATIONEN VON INTERESSE<\/p> <p>Informationen von Interesse<\/p> <p>Informationen von Interesse\n\n<p>Web: www.turismomerida.org\/que-ver\/arco-de-trajano<\/p>\n\t\t\t\t\t\t\t\t\t<\/div>\n\t\t\t\t\t\t\t\t\t<img decoding=\"async\" src=\"https:\/\/cdn.pilgrim.es\/web\/caminos\/via-de-la-plata\/pueblos\/merida\/puntos-de-interes\/arco-de-trajano.jpg\" alt=\"Arco de Trajano\">\n\t\t\t\t\t\t\t\t<\/div>\n\t\t\t\t\t\t\t<\/div>\n\t\t\t\t\t\t\n\t\t\t\t\t\t\t<div class=\"accordion__accordion-content inactive\">\n\t\t\t\t\t\t\t\t<div>\n\t\t\t\t\t\t\t\t\t<div>\n\t\t\t\t\t\t\t\t\t\t<h4>Bas\u00edlica de Santa Eulalia<\/h4>\n\t\t\t\t\t\t\t\t\t\t<p>Eulalia war ein M\u00e4dchen aus Emerita, das zur Zeit der von Kaiser Diokletian angeordneten Verfolgungen um 303 und 305 n. Chr.<\/p> <p>A.D.<\/p> <p>Eulalia war ein Kind aus Emerita, das zur Zeit der von Kaiser Diokletian angeordneten Verfolgungen um 303 und 305 n. Chr.<p>zum M\u00e4rtyrer gemacht wurde.\n\t\t\t\t\t\t\t\t\t<\/div>\n\t\t\t\t\t\t\t\t\t<img decoding=\"async\" src=\"https:\/\/cdn.pilgrim.es\/web\/caminos\/via-de-la-plata\/pueblos\/merida\/puntos-de-interes\/basilica-de-santa-eulalia.jpg\" alt=\"Bas\u00edlica de Santa Eulalia\">\n\t\t\t\t\t\t\t\t<\/div>\n\t\t\t\t\t\t\t<\/div>\n\t\t\t\t\t\t\n\t\t\t\t\t\t\t<div class=\"accordion__accordion-content inactive\">\n\t\t\t\t\t\t\t\t<div>\n\t\t\t\t\t\t\t\t\t<div>\n\t\t\t\t\t\t\t\t\t\t<h4>Casa del Mitreo<\/h4>\n\t\t\t\t\t\t\t\t\t\t<p>Es handelt sich um ein Geb\u00e4ude aus dem Ende des 1. und Anfang des 2. Jahrhunderts n. Chr., das um drei H\u00f6fe angeordnet ist. Der erste der H\u00f6fe ist \u00fcber eine Treppe zug\u00e4nglich und besteht aus einem S\u00e4ulenvorhof, in dem sich ein Brunnen zur Wassergewinnung befindet. Dieses Atrium f\u00fchrt zu mehreren R\u00e4umen, die aus einem gemauerten Sockel bestehen, w\u00e4hrend der Rest der Fassade aus Stampflehm besteht. <\/p>\n\t\t\t\t\t\t\t\t\t<\/div>\n\t\t\t\t\t\t\t\t\t<img decoding=\"async\" src=\"https:\/\/cdn.pilgrim.es\/web\/caminos\/via-de-la-plata\/pueblos\/merida\/puntos-de-interes\/casa-del-mitreo.jpg\" alt=\"Casa del Mitreo\">\n\t\t\t\t\t\t\t\t<\/div>\n\t\t\t\t\t\t\t<\/div>\n\t\t\t\t\t\t\n\t\t\t\t\t\t\t<div class=\"accordion__accordion-content inactive\">\n\t\t\t\t\t\t\t\t<div>\n\t\t\t\t\t\t\t\t\t<div>\n\t\t\t\t\t\t\t\t\t\t<h4>Castellum Aquae<\/h4>\n\t\t\t\t\t\t\t\t\t\t<p>Es handelt sich um ein Bauwerk, das vollst\u00e4ndig aus Beton und Quadersteinen aus der R\u00f6merzeit besteht. Urspr\u00fcnglich geh\u00f6rte er zur Einsiedelei Ermita del Calvario, bis diese abgerissen wurde. Bei ihrem Abriss wurde der Turm freigelegt, von dem aus das Wasser aus dem Proserpina-Stausee in den n\u00f6rdlichen Teil von M\u00e9rida geleitet wurde. <\/p>\n\n<p>INFORMATIONEN VON INTERESSE<\/p> <p>Informationen von Interesse<\/p> <p>Informationen von Interesse\n\n<p>Web: www.turismomerida.org\/que-ver\/castellum-aquae<\/p>\n\t\t\t\t\t\t\t\t\t<\/div>\n\t\t\t\t\t\t\t\t\t<img decoding=\"async\" src=\"https:\/\/cdn.pilgrim.es\/web\/caminos\/via-de-la-plata\/pueblos\/merida\/puntos-de-interes\/castellum-aquae.jpg\" alt=\"Castellum Aquae\">\n\t\t\t\t\t\t\t\t<\/div>\n\t\t\t\t\t\t\t<\/div>\n\t\t\t\t\t\t\n\t\t\t\t\t\t\t<div class=\"accordion__accordion-content inactive\">\n\t\t\t\t\t\t\t\t<div>\n\t\t\t\t\t\t\t\t\t<div>\n\t\t\t\t\t\t\t\t\t\t<h4>Circo Romano<\/h4>\n\t\t\t\t\t\t\t\t\t\t<p>Es handelt sich um einen der am besten erhaltenen Zirkusse des Reiches und einen der gr\u00f6\u00dften mit einer L\u00e4nge von 403 Metern und einer Breite von 96,5 Metern, der bis zu 30.000 Zuschauer fassen kann. Er wurde w\u00e4hrend der julisch-claudischen Dynastie erbaut, aber erst bei seiner letzten Ver\u00e4nderung im 4. nachchristlichen Jahrhundert datiert.\n\t\t\t\t\t\t\t\t\t<\/div>\n\t\t\t\t\t\t\t\t\t<img decoding=\"async\" src=\"https:\/\/cdn.pilgrim.es\/web\/caminos\/via-de-la-plata\/pueblos\/merida\/puntos-de-interes\/circo-romano.jpg\" alt=\"Circo Romano\">\n\t\t\t\t\t\t\t\t<\/div>\n\t\t\t\t\t\t\t<\/div>\n\t\t\t\t\t\t\n\t\t\t\t\t\t\t<div class=\"accordion__accordion-content inactive\">\n\t\t\t\t\t\t\t\t<div>\n\t\t\t\t\t\t\t\t\t<div>\n\t\t\t\t\t\t\t\t\t\t<h4>Columbarios<\/h4>\n\t\t\t\t\t\t\t\t\t\t<p>Es handelt sich um einen Platz unter freiem Himmel aus dem 1. Jh. n. Chr., auf dem die verschiedenen Arten von Bestattungsriten im Laufe der Geschichte zu sehen sind, und im Hintergrund befinden sich zwei Geb\u00e4ude, in denen die Aschenurnen der Familien Voconius und Julius beigesetzt wurden.<\/p> <p>Es handelt sich um einen Platz unter freiem Himmel, auf dem die verschiedenen Arten von Bestattungsriten im Laufe der Geschichte zu sehen sind, und im Hintergrund befinden sich zwei Geb\u00e4ude, in denen die Aschenurnen der Familien Voconius und Julius beigesetzt wurden.<\/p> <p>Sie befinden sich im selben Geb\u00e4ude.\n\t\t\t\t\t\t\t\t\t<\/div>\n\t\t\t\t\t\t\t\t\t<img decoding=\"async\" src=\"https:\/\/cdn.pilgrim.es\/web\/caminos\/via-de-la-plata\/pueblos\/merida\/puntos-de-interes\/columbarios.jpg\" alt=\"Columbarios\">\n\t\t\t\t\t\t\t\t<\/div>\n\t\t\t\t\t\t\t<\/div>\n\t\t\t\t\t\t\n\t\t\t\t\t\t\t<div class=\"accordion__accordion-content inactive\">\n\t\t\t\t\t\t\t\t<div>\n\t\t\t\t\t\t\t\t\t<div>\n\t\t\t\t\t\t\t\t\t\t<h4>Concatedral de Santa Mar\u00eda<\/h4>\n\t\t\t\t\t\t\t\t\t\t<p>Dieses Geb\u00e4ude ist das \u00e4lteste von allen, die um die Plaza de Espa\u00f1a herum angeordnet sind. Die Entdeckung einiger St\u00fccke westgotischen Ursprungs l\u00e4sst vermuten, dass sich an dieser Stelle die Kathedrale Santa Mar\u00eda de Jerusal\u00e9n mit ihrem Baptisterium, dem Bischofspalast und dem Atrium, das beide miteinander verband, befand. Sicher ist, dass nach der R\u00fcckeroberung an dieser Stelle eine Einsiedelei errichtet wurde, die sich im Laufe der Zeit vergr\u00f6\u00dferte.<\/p> <p>Sicher ist, dass nach der R\u00fcckeroberung an dieser Stelle eine Einsiedelei errichtet wurde, die sich im Laufe der Zeit vergr\u00f6\u00dferte.\n\t\t\t\t\t\t\t\t\t<\/div>\n\t\t\t\t\t\t\t\t\t<img decoding=\"async\" src=\"https:\/\/cdn.pilgrim.es\/web\/caminos\/via-de-la-plata\/pueblos\/merida\/puntos-de-interes\/concatedral-de-santa-maria.jpg\" alt=\"Concatedral de Santa Mar\u00eda\">\n\t\t\t\t\t\t\t\t<\/div>\n\t\t\t\t\t\t\t<\/div>\n\t\t\t\t\t\t\n\t\t\t\t\t\t\t<div class=\"accordion__accordion-content inactive\">\n\t\t\t\t\t\t\t\t<div>\n\t\t\t\t\t\t\t\t\t<div>\n\t\t\t\t\t\t\t\t\t\t<h4>Conventual Santiaguista<\/h4>\n\t\t\t\t\t\t\t\t\t\t<p>Das Santiaguista-Kloster wurde als Residenz f\u00fcr das Priorat am Rande der Zitadelle errichtet. Dies geschah nach der R\u00fcckeroberung der Stadt im Jahr 1230, als M\u00e9rida der Gerichtsbarkeit des Santiagoordens unterstellt wurde. Zu dieser Zeit befand sich der Sitz des Priorats im Kloster San Marcos in Le\u00f3n, doch Mitte des 16. Jahrhunderts wurde durch die Bestimmungen des Konzils von Trient vorgeschrieben, dass die kirchlichen Oberh\u00e4upter in den L\u00e4ndereien wohnen mussten, die ihrer Gerichtsbarkeit unterstanden.\n\n<p>Dieses Geb\u00e4ude ist heute das Pr\u00e4sidium der Regierung von Extremadura.\n\n<p>INFORMATIONEN VON INTERESSE<\/p> <p>Informationen von Interesse<\/p> <p>Das Geb\u00e4ude ist heute das Pr\u00e4sidium der Regierung von Extremadura.\n\n<p>Web: www.turismomerida.org\/que-ver\/conventual-santiaguista<\/p>\n\t\t\t\t\t\t\t\t\t<\/div>\n\t\t\t\t\t\t\t\t\t<img decoding=\"async\" src=\"https:\/\/cdn.pilgrim.es\/web\/caminos\/via-de-la-plata\/pueblos\/merida\/puntos-de-interes\/conventual-santiaguista.jpg\" alt=\"Conventual Santiaguista\">\n\t\t\t\t\t\t\t\t<\/div>\n\t\t\t\t\t\t\t<\/div>\n\t\t\t\t\t\t\n\t\t\t\t\t\t\t<div class=\"accordion__accordion-content inactive\">\n\t\t\t\t\t\t\t\t<div>\n\t\t\t\t\t\t\t\t\t<div>\n\t\t\t\t\t\t\t\t\t\t<h4>Ermita de Nuestra Se\u00f1ora de la Antigua<\/h4>\n\t\t\t\t\t\t\t\t\t\t<p>Diese Einsiedelei im gotischen Stil stammt etwa aus dem Ende des 15. Dieses l\u00e4ndliche Gotteshaus, das sich vom Stadtzentrum abhebt, besteht aus einem einzigen Schiff mit Kreuzrippengew\u00f6lbe und einer Apsis. Die eine Fassade der Kapelle ist im Renaissance-Stil gehalten, die andere im manieristischen Stil. <\/p>\n\t\t\t\t\t\t\t\t\t<\/div>\n\t\t\t\t\t\t\t\t\t<img decoding=\"async\" src=\"https:\/\/cdn.pilgrim.es\/web\/caminos\/via-de-la-plata\/pueblos\/merida\/puntos-de-interes\/ermita-de-nuestra-senora-de-la-antigua.jpg\" alt=\"Ermita de Nuestra Se\u00f1ora de la Antigua\">\n\t\t\t\t\t\t\t\t<\/div>\n\t\t\t\t\t\t\t<\/div>\n\t\t\t\t\t\t\n\t\t\t\t\t\t\t<div class=\"accordion__accordion-content inactive\">\n\t\t\t\t\t\t\t\t<div>\n\t\t\t\t\t\t\t\t\t<div>\n\t\t\t\t\t\t\t\t\t\t<h4>Iglesia de Santa Clara<\/h4>\n\t\t\t\t\t\t\t\t\t\t<p>Dieses Kloster, ein Werk von Lope S\u00e1nchez de Triana, wurde erst im 17. Jahrhundert fertiggestellt. Im 19. Jahrhundert ging das Geb\u00e4ude im Zuge der Beschlagnahmungen in Privatbesitz \u00fcber und die Kirche Santa Clara wurde lange Zeit als Lagerhaus, Schule, Theater und Museum genutzt, eine Funktion, die sie auch heute noch aus\u00fcbt und in der sich auch der Sitz der Westgoten-Sammlung befindet.\n\t\t\t\t\t\t\t\t\t<\/div>\n\t\t\t\t\t\t\t\t\t<img decoding=\"async\" src=\"https:\/\/cdn.pilgrim.es\/web\/caminos\/via-de-la-plata\/pueblos\/merida\/puntos-de-interes\/iglesia-de-santa-clara.jpg\" alt=\"Iglesia de Santa Clara\">\n\t\t\t\t\t\t\t\t<\/div>\n\t\t\t\t\t\t\t<\/div>\n\t\t\t\t\t\t\n\t\t\t\t\t\t\t<div class=\"accordion__accordion-content inactive\">\n\t\t\t\t\t\t\t\t<div>\n\t\t\t\t\t\t\t\t\t<div>\n\t\t\t\t\t\t\t\t\t\t<h4>Iglesia del Carmen<\/h4>\n\t\t\t\t\t\t\t\t\t\t<p>Das ehemalige Kloster der Barf\u00fc\u00dfer-Franziskaner beherbergt heute eine Kirche zur Verehrung der Virgen del Carmen. Es handelt sich um ein gotisches Gotteshaus mit einer einfachen, aber soliden Struktur, deren Hauptmerkmal die Fassade ist, die mit den Wappen des Ordens und der Stadt M\u00e9rida verziert ist. Das Innere des Tempels zeichnet sich durch eine kleine Kapelle aus, ein Raum von gro\u00dfer architektonischer Anziehungskraft.<\/p> <p>Es hat eine kleine Kapelle, ein Raum von gro\u00dfer architektonischer Anziehungskraft.\n\n<p>INFORMATIONEN VON INTERESSE<\/p> <p>Informationen von Interesse<\/p> <p>Informationen von Interesse\n\n<p>Website: www.turismomerida.org\/que-ver\/iglesia-del-carmen<\/p>\n\t\t\t\t\t\t\t\t\t<\/div>\n\t\t\t\t\t\t\t\t\t<img decoding=\"async\" src=\"https:\/\/cdn.pilgrim.es\/web\/caminos\/via-de-la-plata\/pueblos\/merida\/puntos-de-interes\/iglesia-del-carmen.jpg\" alt=\"Iglesia del Carmen\">\n\t\t\t\t\t\t\t\t<\/div>\n\t\t\t\t\t\t\t<\/div>\n\t\t\t\t\t\t\n\t\t\t\t\t\t\t<div class=\"accordion__accordion-content inactive\">\n\t\t\t\t\t\t\t\t<div>\n\t\t\t\t\t\t\t\t\t<div>\n\t\t\t\t\t\t\t\t\t\t<h4>Museo Abierto de M\u00e9rida<\/h4>\n\t\t\t\t\t\t\t\t\t\t<p>Das Museo Abierto de M\u00e9rida befindet sich in einem 2007 eingeweihten Geb\u00e4ude und beherbergt zwei Sammlungen von gro\u00dfem Wert: die pr\u00e4historische Sammlung, bekannt als Praem\u00e9rita, und die geologische Sammlung, bekannt als Geoem\u00e9rita.<\/p> <p>Das Museum befindet sich in einem 2007 eingeweihten Geb\u00e4ude und beherbergt zwei Sammlungen von gro\u00dfem Wert: die pr\u00e4historische Sammlung, bekannt als Praem\u00e9rita, und die geologische Sammlung, bekannt als Geoem\u00e9rita.\n\t\t\t\t\t\t\t\t\t<\/div>\n\t\t\t\t\t\t\t\t\t<img decoding=\"async\" src=\"https:\/\/cdn.pilgrim.es\/web\/caminos\/via-de-la-plata\/pueblos\/merida\/puntos-de-interes\/museo-abierto-de-merida.jpg\" alt=\"Museo Abierto de M\u00e9rida\">\n\t\t\t\t\t\t\t\t<\/div>\n\t\t\t\t\t\t\t<\/div>\n\t\t\t\t\t\t\n\t\t\t\t\t\t\t<div class=\"accordion__accordion-content inactive\">\n\t\t\t\t\t\t\t\t<div>\n\t\t\t\t\t\t\t\t\t<div>\n\t\t\t\t\t\t\t\t\t\t<h4>Museo Nacional de Arte Romano<\/h4>\n\t\t\t\t\t\t\t\t\t\t<p>Das Geb\u00e4ude, das das Nationalmuseum f\u00fcr R\u00f6mische Kunst beherbergt, wurde von dem Architekten Rafael Moneo Vall\u00e9s erbaut und zeichnet sich durch seine gro\u00dfen Proportionen aus. Bei seinem Bau versuchte der Architekt aus Navarra, die sp\u00e4tromanischen Bauten der Diokletiansthermen in Rom oder das Mausoleum des Gordian in Thessaloniki nachzubilden, indem er Ziegel, Beton und eine gro\u00dfe Anzahl von Rundb\u00f6gen in diesem Geb\u00e4ude verwendete.\n\t\t\t\t\t\t\t\t\t<\/div>\n\t\t\t\t\t\t\t\t\t<img decoding=\"async\" src=\"https:\/\/cdn.pilgrim.es\/web\/caminos\/via-de-la-plata\/pueblos\/merida\/puntos-de-interes\/museo-nacional-de-arte-romano.jpg\" alt=\"Museo Nacional de Arte Romano\">\n\t\t\t\t\t\t\t\t<\/div>\n\t\t\t\t\t\t\t<\/div>\n\t\t\t\t\t\t\n\t\t\t\t\t\t\t<div class=\"accordion__accordion-content inactive\">\n\t\t\t\t\t\t\t\t<div>\n\t\t\t\t\t\t\t\t\t<div>\n\t\t\t\t\t\t\t\t\t\t<h4>Plaza de Espa\u00f1a<\/h4>\n\t\t\t\t\t\t\t\t\t\t<p>Seit seiner Entstehung in der Zeit der Katholischen K\u00f6nige war der Plaza de Espa\u00f1a Schauplatz des st\u00e4dtischen Marktes, und genau hier befanden sich auch die Trinkbrunnen. Auf diesem Platz fanden auch andere Veranstaltungen statt, wie z. B. Stierk\u00e4mpfe und Theaterauff\u00fchrungen.<\/p> <p>Auf dem Platz befanden sich auch die Trinkwasserbrunnen.\n\t\t\t\t\t\t\t\t\t<\/div>\n\t\t\t\t\t\t\t\t\t<img decoding=\"async\" src=\"https:\/\/cdn.pilgrim.es\/web\/caminos\/via-de-la-plata\/pueblos\/merida\/puntos-de-interes\/plaza-de-espana.jpg\" alt=\"Plaza de Espa\u00f1a\">\n\t\t\t\t\t\t\t\t<\/div>\n\t\t\t\t\t\t\t<\/div>\n\t\t\t\t\t\t\n\t\t\t\t\t\t\t<div class=\"accordion__accordion-content inactive\">\n\t\t\t\t\t\t\t\t<div>\n\t\t\t\t\t\t\t\t\t<div>\n\t\t\t\t\t\t\t\t\t\t<h4>Plaza de Toros<\/h4>\n\t\t\t\t\t\t\t\t\t\t<p>Die Stierkampfarena von M\u00e9rida, die sich in der Calle Oviedo in der Stadt befindet, genauer gesagt auf dem so genannten Cerro de San Alb\u00edn, wurde 1914 eingeweiht. \u00c4sthetisch gesehen kann man erkennen, dass der Architekt, der sie entworfen hat, den Neo-Mud\u00e9jar-Stil mit Eisen kombiniert hat.\n\n<p>Die Stierkampfarena, die 8.700 Personen fasst, ist in drei Stockwerke unterteilt, die sich dadurch auszeichnen, dass jedes Stockwerk verschiedene Arten von Fenstern hat, in denen sich die Trib\u00fcnen und Sitzbereiche befinden.<\/p> <p>Die Stierkampfarena fasst 8.700 Personen.\n\n<p>INFORMATIONEN VON INTERESSE<\/p>\n\n<p>Telefon: 924 380 100 (Rathaus von M\u00e9rida)<\/p> <p>Telefon: 924 380 100 (Stadtverwaltung von M\u00e9rida)<\/p> &lt;p\n\t\t\t\t\t\t\t\t\t<\/div>\n\t\t\t\t\t\t\t\t\t<img decoding=\"async\" src=\"https:\/\/cdn.pilgrim.es\/web\/caminos\/via-de-la-plata\/pueblos\/merida\/puntos-de-interes\/plaza-de-toros.jpg\" alt=\"Plaza de Toros\">\n\t\t\t\t\t\t\t\t<\/div>\n\t\t\t\t\t\t\t<\/div>\n\t\t\t\t\t\t\n\t\t\t\t\t\t\t<div class=\"accordion__accordion-content inactive\">\n\t\t\t\t\t\t\t\t<div>\n\t\t\t\t\t\t\t\t\t<div>\n\t\t\t\t\t\t\t\t\t\t<h4>P\u00f3rtico del Foro<\/h4>\n\t\t\t\t\t\t\t\t\t\t<p>Dies ist ein Teil des monumentalen Eingangsportals zum Forum von Merida, das in der Mitte des 1. Er wurde vollst\u00e4ndig mit Marmor verkleidet und weist Gesimse auf, die von gro\u00dfen korinthischen S\u00e4ulen getragen werden. Auf diesen S\u00e4ulen befindet sich auch eine Attika, die mit Metopen verziert ist, die aus den K\u00f6pfen von Jupiter-Amun, Medusa und einer Karyatide, die Krater tr\u00e4gt, bestehen. Die Umfassungsw\u00e4nde enthalten Nischen, in denen Statuen der kaiserlichen Familie sowie der mit Rom verbundenen G\u00f6tter und Mythen aufgestellt wurden. <\/p>\n\n<p>INFORMATIONEN VON INTERESSE<\/p>\n\n<p>Website: www.turismomerida.org\/que-ver\/portico-del-foro<\/p>\n\t\t\t\t\t\t\t\t\t<\/div>\n\t\t\t\t\t\t\t\t\t<img decoding=\"async\" src=\"https:\/\/cdn.pilgrim.es\/web\/caminos\/via-de-la-plata\/pueblos\/merida\/puntos-de-interes\/portico-del-foro.jpg\" alt=\"P\u00f3rtico del Foro\">\n\t\t\t\t\t\t\t\t<\/div>\n\t\t\t\t\t\t\t<\/div>\n\t\t\t\t\t\t\n\t\t\t\t\t\t\t<div class=\"accordion__accordion-content inactive\">\n\t\t\t\t\t\t\t\t<div>\n\t\t\t\t\t\t\t\t\t<div>\n\t\t\t\t\t\t\t\t\t\t<h4>Puente Lusitania<\/h4>\n\t\t\t\t\t\t\t\t\t\t<p>Diese vom Ingenieur und Architekten Santiago Calatrava errichtete Br\u00fccke wurde 1991 eingeweiht und f\u00fchrt \u00fcber den Fluss Guadiana im Bereich des Paseo de Roma. Der Bau dieser Br\u00fccke war notwendig geworden, weil die alte r\u00f6mische Br\u00fccke, die durch den st\u00e4ndigen Autoverkehr immer mehr verfallen war, f\u00fcr Fu\u00dfg\u00e4nger zug\u00e4nglich gemacht werden musste.\n\t\t\t\t\t\t\t\t\t<\/div>\n\t\t\t\t\t\t\t\t\t<img decoding=\"async\" src=\"https:\/\/cdn.pilgrim.es\/web\/caminos\/via-de-la-plata\/pueblos\/merida\/puntos-de-interes\/puente-lusitania.jpg\" alt=\"Puente Lusitania\">\n\t\t\t\t\t\t\t\t<\/div>\n\t\t\t\t\t\t\t<\/div>\n\t\t\t\t\t\t\n\t\t\t\t\t\t\t<div class=\"accordion__accordion-content inactive\">\n\t\t\t\t\t\t\t\t<div>\n\t\t\t\t\t\t\t\t\t<div>\n\t\t\t\t\t\t\t\t\t\t<h4>Puente Romano<\/h4>\n\t\t\t\t\t\t\t\t\t\t<p>Diese Br\u00fccke wurde in r\u00f6mischer Zeit erbaut und \u00fcberquert den Fluss Guadiana. Sie gilt als eine der l\u00e4ngsten Br\u00fccken der Antike. Sie besteht vollst\u00e4ndig aus Beton und ist mit Granitquadern ausgekleidet, die auf sechzig Rundb\u00f6gen verteilt sind und an den h\u00f6chsten Stellen eine H\u00f6he von zw\u00f6lf Metern erreichen. Schon damals wurden durchbrochene Abschnitte mit B\u00f6gen als \u00dcberlauf gebaut, um den Widerstand gegen die Str\u00f6mung zu verringern. <\/p>\n\n<p>INFORMATIONEN VON INTERESSE<\/p> <p>Informationen von Interesse<\/p> <p>Interessante Informationen\n\n<p>Website: www.turismomerida.org\/que-ver\/puente-romano<\/p>\n\t\t\t\t\t\t\t\t\t<\/div>\n\t\t\t\t\t\t\t\t\t<img decoding=\"async\" src=\"https:\/\/cdn.pilgrim.es\/web\/caminos\/via-de-la-plata\/pueblos\/merida\/puntos-de-interes\/puente-romano.jpg\" alt=\"Puente Romano\">\n\t\t\t\t\t\t\t\t<\/div>\n\t\t\t\t\t\t\t<\/div>\n\t\t\t\t\t\t\n\t\t\t\t\t\t\t<div class=\"accordion__accordion-content inactive\">\n\t\t\t\t\t\t\t\t<div>\n\t\t\t\t\t\t\t\t\t<div>\n\t\t\t\t\t\t\t\t\t\t<h4>Puente sobre el Albarregas<\/h4>\n\t\t\t\t\t\t\t\t\t\t<p>Es handelt sich um eine 145 m lange und 8 m breite Br\u00fccke, \u00fcber die die Hauptzufahrt zur Stadt und die Ausfahrt nach Astorga entlang der V\u00eda de la Plata f\u00fchrte. Sie befindet sich \u00fcber dem Fluss Albarregas neben dem Aqu\u00e4dukt von Los Milagros. Sie besteht aus vier Rundb\u00f6gen, die alle aus gepolsterten Quadern bestehen. Die Br\u00fcstung stammt nicht aus der R\u00f6merzeit, sondern wurde vermutlich mit der ersten Stra\u00dfe in C\u00e1ceres im Jahr 1863 errichtet.\n\n<p>INFORMATIONEN VON INTERESSE<\/p> <p>Informationen von Interesse<\/p> <p>Informationen von Interesse\n\n<p>Web: www.turismomerida.org\/que-ver\/puente-sobre-el-albarregas<\/p>\n\t\t\t\t\t\t\t\t\t<\/div>\n\t\t\t\t\t\t\t\t\t<img decoding=\"async\" src=\"https:\/\/cdn.pilgrim.es\/web\/caminos\/via-de-la-plata\/pueblos\/merida\/puntos-de-interes\/puente-sobre-el-albarregas.jpg\" alt=\"Puente sobre el Albarregas\">\n\t\t\t\t\t\t\t\t<\/div>\n\t\t\t\t\t\t\t<\/div>\n\t\t\t\t\t\t\n\t\t\t\t\t\t\t<div class=\"accordion__accordion-content inactive\">\n\t\t\t\t\t\t\t\t<div>\n\t\t\t\t\t\t\t\t\t<div>\n\t\t\t\t\t\t\t\t\t\t<h4>Teatro Romano<\/h4>\n\t\t\t\t\t\t\t\t\t\t<p>Es handelt sich um ein gro\u00dfes r\u00f6misches Theater aus den Jahren 16-15 v. Chr., das an der Seite eines H\u00fcgels aus Betonmauerwerk errichtet wurde. Dieses Theater beherbergte 6.000 Zuschauer, die von oben nach unten entsprechend ihrem sozialen Rang in drei Sektoren von R\u00e4ngen sa\u00dfen: caveas summa, media und ima, die wiederum durch G\u00e4nge und Barrieren getrennt waren.<\/p> <p>Das Theater wurde an der Seite eines H\u00fcgels mit Betonquadermauerwerk gebaut.\n\t\t\t\t\t\t\t\t\t<\/div>\n\t\t\t\t\t\t\t\t\t<img decoding=\"async\" src=\"https:\/\/cdn.pilgrim.es\/web\/caminos\/via-de-la-plata\/pueblos\/merida\/puntos-de-interes\/teatro-romano.jpg\" alt=\"Teatro Romano\">\n\t\t\t\t\t\t\t\t<\/div>\n\t\t\t\t\t\t\t<\/div>\n\t\t\t\t\t\t\n\t\t\t\t\t\t\t<div class=\"accordion__accordion-content inactive\">\n\t\t\t\t\t\t\t\t<div>\n\t\t\t\t\t\t\t\t\t<div>\n\t\t\t\t\t\t\t\t\t\t<h4>Templo de Diana<\/h4>\n\t\t\t\t\t\t\t\t\t\t<p>Es handelt sich um einen antiken Gebetstempel aus der Kaiserzeit. Er hat einen rechteckigen Grundriss und steht auf einem Granitpodium. Besonders bemerkenswert ist die Kolonnade, die den gesamten Tempel umgibt, sowie die Treppe, die zu ihr hinauff\u00fchrt und von der nur noch der Unterbau erhalten ist. <\/p>\n\n<p>INFORMATIONEN VON INTERESSE<\/p>.\n\n<p>Web: www.turismomerida.org\/que-ver\/templo-de-diana<\/p>\n\t\t\t\t\t\t\t\t\t<\/div>\n\t\t\t\t\t\t\t\t\t<img decoding=\"async\" src=\"https:\/\/cdn.pilgrim.es\/web\/caminos\/via-de-la-plata\/pueblos\/merida\/puntos-de-interes\/templo-de-diana.jpg\" alt=\"Templo de Diana\">\n\t\t\t\t\t\t\t\t<\/div>\n\t\t\t\t\t\t\t<\/div>\n\t\t\t\t\t\t\n\t\t\t\t\t\t\t<div class=\"accordion__accordion-content inactive\">\n\t\t\t\t\t\t\t\t<div>\n\t\t\t\t\t\t\t\t\t<div>\n\t\t\t\t\t\t\t\t\t\t<h4>Termas \/ Pozo de Nieve<\/h4>\n\t\t\t\t\t\t\t\t\t\t<p>Es handelt sich um eine Entdeckung aus dem Jahr 1920, die dank arch\u00e4ologischer Untersuchungen darauf schlie\u00dfen l\u00e4sst, dass es sich um einen Brunnen handelte, in dem der Schnee in der unteren kreisf\u00f6rmigen Kammer gelagert wurde, die in der hohen Kaiserzeit errichtet wurde. Die R\u00e4ume im Obergeschoss wurden im 3. oder 4. Jahrhundert n. Chr. erbaut und dienten wohl der W\u00e4rmegewinnung.\n\n<p>INFORMATIONEN VON INTERESSE<\/p> <p>Informationen von Interesse<\/p> <p>Informationen zum Standort\n\n<p>Website: www.turismomerida.org\/que-ver\/termas-pozo-de-nieve<\/p>\n\t\t\t\t\t\t\t\t\t<\/div>\n\t\t\t\t\t\t\t\t\t<img decoding=\"async\" src=\"https:\/\/cdn.pilgrim.es\/web\/caminos\/via-de-la-plata\/pueblos\/merida\/puntos-de-interes\/termas-pozo-de-nieve.jpg\" alt=\"Termas \/ Pozo de Nieve\">\n\t\t\t\t\t\t\t\t<\/div>\n\t\t\t\t\t\t\t<\/div>\n\t\t\t\t\t\t\n\t\t\t\t\t\t\t<div class=\"accordion__accordion-content inactive\">\n\t\t\t\t\t\t\t\t<div>\n\t\t\t\t\t\t\t\t\t<div>\n\t\t\t\t\t\t\t\t\t\t<h4>Termas de la Calle Pontezuelas y la Zona Arqueol\u00f3gica de las Siete Siellas<\/h4>\n\t\t\t\t\t\t\t\t\t\t<p>Es handelt sich um die \u00dcberreste von Wohnh\u00e4usern aus dem 1. Jahrhundert sowie um einen fast vollst\u00e4ndig erhaltenen Thermalkomplex. In diesem Komplex k\u00f6nnen Sie die B\u00e4der mit hei\u00dfem, kaltem und warmem Wasser sowie die Umkleider\u00e4ume mit Marmorfliesen sehen. Neben diesem Komplex befinden sich ein Fitnessraum und ein Schwimmbad. Alle diese R\u00e4ume wurden bis zum 5. Jahrhundert n. Chr. genutzt.\n\t\t\t\t\t\t\t\t\t<\/div>\n\t\t\t\t\t\t\t\t\t<img decoding=\"async\" src=\"https:\/\/cdn.pilgrim.es\/web\/caminos\/via-de-la-plata\/pueblos\/merida\/puntos-de-interes\/termas-de-la-calle-pontezuelas-y-la-zona-arqueologica-de-las-siete-siellas.jpg\" alt=\"Termas de la Calle Pontezuelas y la Zona Arqueol\u00f3gica de las Siete Siellas\">\n\t\t\t\t\t\t\t\t<\/div>\n\t\t\t\t\t\t\t<\/div>\n\t\t\t\t\t\t\n\t\t\t\t\t\t\t<div class=\"accordion__accordion-content inactive\">\n\t\t\t\t\t\t\t\t<div>\n\t\t\t\t\t\t\t\t\t<div>\n\t\t\t\t\t\t\t\t\t\t<h4>Xenodochium<\/h4>\n\t\t\t\t\t\t\t\t\t\t<p>Es war ein altes Krankenhaus, das von Bischof Masona gebaut wurde, um die kranken Armen und die Pilger, die in die Stadt kamen, um das Grab der M\u00e4rtyrerin Eulalia zu bewundern, zu behandeln und unterzubringen.<\/p> <p>Es war ein altes Krankenhaus, das von Bischof Masona gebaut wurde, um die kranken Armen und die Pilger, die in die Stadt kamen, um das Grab der M\u00e4rtyrerin Eulalia zu bewundern, zu behandeln und unterzubringen.\n\t\t\t\t\t\t\t\t\t<\/div>\n\t\t\t\t\t\t\t\t\t<img decoding=\"async\" src=\"https:\/\/cdn.pilgrim.es\/web\/caminos\/via-de-la-plata\/pueblos\/merida\/puntos-de-interes\/xenodochium.jpg\" alt=\"Xenodochium\">\n\t\t\t\t\t\t\t\t<\/div>\n\t\t\t\t\t\t\t<\/div>\n\t\t\t\t\t\t\n\t\t\t\t\t\t\t<div class=\"accordion__accordion-content inactive\">\n\t\t\t\t\t\t\t\t<div>\n\t\t\t\t\t\t\t\t\t<div>\n\t\t\t\t\t\t\t\t\t\t<h4>Zona Arqueol\u00f3gica de Morer\u00edas<\/h4>\n\t\t\t\t\t\t\t\t\t\t<p>Es handelt sich um ein etwa 14 m2 gro\u00dfes Grundst\u00fcck, das einst zu einer der gr\u00f6\u00dften st\u00e4dtischen Siedlungen der Halbinsel geh\u00f6rte. In Morer\u00edas ist der l\u00e4ngste Abschnitt der r\u00f6mischen Mauer erhalten, mit einer Breite von fast drei Metern und einer H\u00f6he von acht Metern. <\/p>\n\t\t\t\t\t\t\t\t\t<\/div>\n\t\t\t\t\t\t\t\t\t<img decoding=\"async\" src=\"https:\/\/cdn.pilgrim.es\/web\/caminos\/via-de-la-plata\/pueblos\/merida\/puntos-de-interes\/zona-arqueologica-de-morerias.jpg\" alt=\"Zona Arqueol\u00f3gica de Morer\u00edas\">\n\t\t\t\t\t\t\t\t<\/div>\n\t\t\t\t\t\t\t<\/div>\n\t\t\t\t\t\t\n\t\t\t\t\t\t\t<div class=\"accordion__accordion-content inactive\">\n\t\t\t\t\t\t\t\t<div>\n\t\t\t\t\t\t\t\t\t<div>\n\t\t\t\t\t\t\t\t\t\t<h4>Bas\u00edlica de Santa Eulalia\/Templo de Marte<\/h4>\n\t\t\t\t\t\t\t\t\t\t<p>Auch unter dem Namen &#8222;El Hornito&#8220; bekannt, befindet sie sich gegen\u00fcber der Basilika Santa Eulalia und wurde als Oratorium zu Ehren der Heiligen Eulalia errichtet. Das \u00c4u\u00dfere der Kirche besteht aus einem mit Marmorst\u00fccken verkleideten S\u00e4ulengang. Die Inschrift auf der Vorderseite, urspr\u00fcnglich in vergoldeten Buchstaben, preist Vetilla, die Ehefrau von Paculus, die den Bau bezahlte. Was die Dekoration betrifft, so zeichnet sie sich durch ihre Akribie aus, da sie mit einer Reihe von Kriegstroph\u00e4en wie Brustpanzern, Wappen, Schwertern usw. ausgestattet ist.<\/p> <p>.\n\n<p>INFORMATIONEN VON INTERESSE<\/p>\n\n<p>Web: www.turismomerida.org\/que-ver\/basilica-de-santa-eulalia-templo-de-marte<\/p>\n\t\t\t\t\t\t\t\t\t<\/div>\n\t\t\t\t\t\t\t\t\t<img decoding=\"async\" src=\"https:\/\/cdn.pilgrim.es\/web\/caminos\/via-de-la-plata\/pueblos\/merida\/puntos-de-interes\/basilica-de-santa-eulaliatemplo-de-marte.jpg\" alt=\"Bas\u00edlica de Santa Eulalia\/Templo de Marte\">\n\t\t\t\t\t\t\t\t<\/div>\n\t\t\t\t\t\t\t<\/div>\n\t\t\t\t\t\t\n\t\t\t\t\t<\/div>\n\t\t\t\t<\/div>\n\t\t\t<\/div>\n\t\t\n\n\t\t<div id=\"phonesSection\">\n\t\t\t<div>\n\t\t\t\t<h2 class=\"p-h3-town\">Informationen von Interesse<\/h2>\n\t\t\t<\/div>\n\t\t\t<div class=\"grid\">\n\t\t\t\t\n\t\t\t\t\t<div class=\"phone-number-item\">\n\t\t\t\t\t\t<div class=\"phone-number-item__icon\"><i class=\"icon-police\"><\/i><\/div>\n\t\t\t\t\t\t<div class=\"phone-number-item__title\">\n\t\t\t\t\t\t\t<h3 class=\"p-font-bold\">Ortspolizei<\/h3>\n\t\t\t\t\t\t\t<p>924 380 138<\/p>\n\t\t\t\t\t\t\t\n\t\t\t\t\t\t<\/div>\n\t\t\t\t\t<\/div>\n\t\t\t\t\n\t\t\t\t\t<div class=\"phone-number-item\">\n\t\t\t\t\t\t<div class=\"phone-number-item__icon\"><i class=\"icon-spanish-military-police\"><\/i><\/div>\n\t\t\t\t\t\t<div class=\"phone-number-item__title\">\n\t\t\t\t\t\t\t<h3 class=\"p-font-bold\">Zivilwache<\/h3>\n\t\t\t\t\t\t\t<p>924 371 120<\/p>\n\t\t\t\t\t\t\t\n\t\t\t\t\t\t<\/div>\n\t\t\t\t\t<\/div>\n\t\t\t\t\n\t\t\t\t\t<div class=\"phone-number-item\">\n\t\t\t\t\t\t<div class=\"phone-number-item__icon\"><i class=\"icon-firefighters\"><\/i><\/div>\n\t\t\t\t\t\t<div class=\"phone-number-item__title\">\n\t\t\t\t\t\t\t<h3 class=\"p-font-bold\">Feuerwehr<\/h3>\n\t\t\t\t\t\t\t<p>924 372 861<\/p>\n\t\t\t\t\t\t\t\n\t\t\t\t\t\t<\/div>\n\t\t\t\t\t<\/div>\n\t\t\t\t\n\t\t\t\t\t<div class=\"phone-number-item\">\n\t\t\t\t\t\t<div class=\"phone-number-item__icon\"><i class=\"icon-civil-protection\"><\/i><\/div>\n\t\t\t\t\t\t<div class=\"phone-number-item__title\">\n\t\t\t\t\t\t\t<h3 class=\"p-font-bold\">Zivilschutz<\/h3>\n\t\t\t\t\t\t\t<p>924 876 336<\/p>\n\t\t\t\t\t\t\t\n\t\t\t\t\t\t<\/div>\n\t\t\t\t\t<\/div>\n\t\t\t\t\n\t\t\t\t\t<div class=\"phone-number-item\">\n\t\t\t\t\t\t<div class=\"phone-number-item__icon\"><i class=\"icon-town-council\"><\/i><\/div>\n\t\t\t\t\t\t<div class=\"phone-number-item__title\">\n\t\t\t\t\t\t\t<h3 class=\"p-font-bold\">Rathaus<\/h3>\n\t\t\t\t\t\t\t<p>924 380 100<\/p>\n\t\t\t\t\t\t\t\n\t\t\t\t\t\t<\/div>\n\t\t\t\t\t<\/div>\n\t\t\t\t\n\t\t\t\t\t<div class=\"phone-number-item\">\n\t\t\t\t\t\t<div class=\"phone-number-item__icon\"><i class=\"icon-hospital\"><\/i><\/div>\n\t\t\t\t\t\t<div class=\"phone-number-item__title\">\n\t\t\t\t\t\t\t<h3 class=\"p-font-bold\">Gesundheitszentrum<\/h3>\n\t\t\t\t\t\t\t<p>924 381 000<\/p>\n\t\t\t\t\t\t\t\n\t\t\t\t\t\t<\/div>\n\t\t\t\t\t<\/div>\n\t\t\t\t\n\t\t\t\t\t<div class=\"phone-number-item\">\n\t\t\t\t\t\t<div class=\"phone-number-item__icon\"><i class=\"icon-tourism\"><\/i><\/div>\n\t\t\t\t\t\t<div class=\"phone-number-item__title\">\n\t\t\t\t\t\t\t<h3 class=\"p-font-bold\">Fremdenverkehrsamt<\/h3>\n\t\t\t\t\t\t\t<p><\/p>\n\t\t\t\t\t\t\t\n\t\t\t\t\t\t<\/div>\n\t\t\t\t\t<\/div>\n\t\t\t\t\n\t\t\t<\/div>\n\t\t<\/div>\n\n\t\t<div id=\"clientForm\">\n        <section>\n        <img decoding=\"async\" src=\"https:\/\/cdn.pilgrim.es\/web\/home\/email-contacto.png\" alt=\"contacto\">\n        <div>\n            <p>Wir senden dir deine Planung<\/p>\n            <p>Gib uns deine Daten an und erhalte die Planung deiner Reise per E-Mail <\/p>\n            <form method=\"post\" data-url=\"\/wp-admin\/admin-ajax.php\" id=\"planner--client\" class=\"flag-right form-client\">\n    <div class=\"form-data\">\n        <input name=\"form_id\" type=\"hidden\" value=\"Formulario Leads\">\n        <input name=\"type\" type=\"hidden\" value=\"planner_client\">\n        <input type=\"text\" name=\"nombre\" value=\"\" size=\"40\" class=\"form-control\" aria-required=\"true\" aria-invalid=\"false\" placeholder=\"Name\">\n        <input type=\"email\" name=\"email\" value=\"\" size=\"40\" class=\"form-control\" aria-required=\"true\" aria-invalid=\"false\" placeholder=\"E- Mail\">\n        <input type=\"text\" id=\"phone-input\" name=\"tel\" value=\"\" size=\"40\" class=\"phone-input form-control\" aria-required=\"true\" aria-invalid=\"false\" placeholder=\"Telefon\">\n        <input type=\"hidden\" name=\"telefono\">\n    <\/div>\n    <div class=\"form-checkbox\">\n        <span>\n            Pilgrim Travel, S.L. teilt gem\u00e4\u00df Regulierung 2016\/679 mit, dass die in diesem Formular verwendeten Daten sowohl f\u00fcr die Beantwortung der m\u00f6glichen Anfragen als auch f\u00fcr die Ver\u00f6ffentlichung der Kommentare verwendet werden, mit der Zustimmung des Nutzers. Sie k\u00f6nnen Ihre Rechte in \u00dcbereinstimmung mit unserer Datenschutzbestimmungen aus\u00fcben             <a href=\"https:\/\/www.pilgrim.es\/politica-de-privacidad\/\" target=\"_blank\" rel=\"noopener noreferrer nofollow\">Datenschutzerkl\u00e4rung.<\/a>\n        <\/span>\n    <\/div>\n\n    <div class=\"form-submit\">\n        <button id=\"planner--client-create\" type=\"submit\">Anfrage senden<\/button>\n        <div class=\"loadingDiv\"><i class=\"p-spinner\"><\/i><\/div>\n    <\/div>\n\n    <div class=\"contact-content-form-success\">\n        <p><i class=\"fas fa-check\"><\/i> Das Formular hat sich erfolgreich gesendet.<\/p>\n    <\/div>\n\n    <div class=\"contact-content-form-error\">\n        <span class=\"input-error\"><\/span>\n    <\/div>\n<\/form>        <\/div>\n    <\/section>\n<\/div>\n\n\t\t<div id=\"recomendationSection\">\n\t\t\t<div>\n\t\t\t\t<h2 class=\"p-h2-town\">Empfohlen<\/h2>\n\t\t\t\t<hr>\n\t\t\t\t<h3 class=\"p-h3-town\">Gastronomie<\/h3>\n\t\t\t<\/div>\n\t\t\tDie Gastronomie von Emeritense zeichnet sich durch einfache, haupts\u00e4chlich kalte Gerichte aus, wie Gazpachos (kalte Suppen), Ajo Blanco (wei\u00dfer Knoblauch) und abgerundete Salate, die alle Produkte des Landes optimal nutzen. Zu den warmen Gerichten geh\u00f6ren Br\u00fchen, Gem\u00fcsecremes, ged\u00fcnstete H\u00fclsenfr\u00fcchte, Rebuj\u00f3n-Kartoffeln, Gem\u00fcse-Ratatouille und Spargel-R\u00fchrei.\n\nBei den Fleischgerichten sind vor allem Wildgerichte wie Kaninchen- und Lammragout zu nennen, aber auch Schweinefleisch und daraus hergestellte Produkte wie Schinken, Schweinelende, Chorizos, Salchichones usw. sind von gro\u00dfer Bedeutung.\n\nDie typischsten Fische der Region sind Forellen, Schleien und Karpfen, die immer von Gem\u00fcse begleitet werden. Vergessen Sie nicht, Ihre Mahlzeit mit einem guten Wein aus der Ribera del Guadiana zu begleiten.\n\t\t<\/div>\n\n\n\t\t\n\t\t\t<div id=\"holidaysSection\">\n\t\t\t\t<div>\n\t\t\t\t\t<h2 class=\"p-h2-town\">Empfohlen<\/h2>\n\t\t\t\t\t<hr>\n\t\t\t\t\t<h3 class=\"p-h3-town\">Feste und Pilgerfahrten<\/h3>\n\t\t\t\t<\/div>\n\t\t\t\t<div class=\"grid holidays-grid\">\n\t\t\t\t\t\n\t\t\t\t\t\t<div>\n\t\t\t\t\t\t\t<div class=\"phone-number-item\">\n\t\t\t\t\t\t\t\t<div class=\"phone-number-item__icon\"><i class=\"icon-holiday\"><\/i><\/div>\n\t\t\t\t\t\t\t\t<div class=\"phone-number-item__title dark-text\">\n\t\t\t\t\t\t\t\t\t<p class=\"p-font-bold\">Lokaler Urlaub<\/p>\n\t\t\t\t\t\t\t\t\t<p>Julio y agosto: Fiesta del teatro cl\u00e1sico<\/p>\n\t\t\t\t\t\t\t\t<\/div>\n\t\t\t\t\t\t\t<\/div>\n\t\t\t\t\t\t<\/div>\n\t\t\t\t\t\n\t\t\t\t\t\t<div>\n\t\t\t\t\t\t\t<div class=\"phone-number-item\">\n\t\t\t\t\t\t\t\t<div class=\"phone-number-item__icon\"><i class=\"icon-holiday\"><\/i><\/div>\n\t\t\t\t\t\t\t\t<div class=\"phone-number-item__title dark-text\">\n\t\t\t\t\t\t\t\t\t<p class=\"p-font-bold\">Lokaler Urlaub<\/p>\n\t\t\t\t\t\t\t\t\t<p>Febrero y marzo: Los carnavales romanos<\/p>\n\t\t\t\t\t\t\t\t<\/div>\n\t\t\t\t\t\t\t<\/div>\n\t\t\t\t\t\t<\/div>\n\t\t\t\t\t\n\t\t\t\t\t\t<div>\n\t\t\t\t\t\t\t<div class=\"phone-number-item\">\n\t\t\t\t\t\t\t\t<div class=\"phone-number-item__icon\"><i class=\"icon-holiday\"><\/i><\/div>\n\t\t\t\t\t\t\t\t<div class=\"phone-number-item__title dark-text\">\n\t\t\t\t\t\t\t\t\t<p class=\"p-font-bold\">Lokaler Urlaub<\/p>\n\t\t\t\t\t\t\t\t\t<p>A principios de septiembre: Feria grande de M\u00e9rida<\/p>\n\t\t\t\t\t\t\t\t<\/div>\n\t\t\t\t\t\t\t<\/div>\n\t\t\t\t\t\t<\/div>\n\t\t\t\t\t\n\t\t\t\t\t\t<div>\n\t\t\t\t\t\t\t<div class=\"phone-number-item\">\n\t\t\t\t\t\t\t\t<div class=\"phone-number-item__icon\"><i class=\"icon-holiday\"><\/i><\/div>\n\t\t\t\t\t\t\t\t<div class=\"phone-number-item__title dark-text\">\n\t\t\t\t\t\t\t\t\t<p class=\"p-font-bold\">Lokaler Urlaub<\/p>\n\t\t\t\t\t\t\t\t\t<p>Semana Santa: Fiesta de Inter\u00e9s Tur\u00edstico Nacional<\/p>\n\t\t\t\t\t\t\t\t<\/div>\n\t\t\t\t\t\t\t<\/div>\n\t\t\t\t\t\t<\/div>\n\t\t\t\t\t\n\t\t\t\t\t\t<div>\n\t\t\t\t\t\t\t<div class=\"phone-number-item\">\n\t\t\t\t\t\t\t\t<div class=\"phone-number-item__icon\"><i class=\"icon-holiday\"><\/i><\/div>\n\t\t\t\t\t\t\t\t<div class=\"phone-number-item__title dark-text\">\n\t\t\t\t\t\t\t\t\t<p class=\"p-font-bold\">Lokaler Urlaub<\/p>\n\t\t\t\t\t\t\t\t\t<p>Entre abril y mayo: Festival grecolatino juvenil<\/p>\n\t\t\t\t\t\t\t\t<\/div>\n\t\t\t\t\t\t\t<\/div>\n\t\t\t\t\t\t<\/div>\n\t\t\t\t\t\n\t\t\t\t\t\t<div>\n\t\t\t\t\t\t\t<div class=\"phone-number-item\">\n\t\t\t\t\t\t\t\t<div class=\"phone-number-item__icon\"><i class=\"icon-holiday\"><\/i><\/div>\n\t\t\t\t\t\t\t\t<div class=\"phone-number-item__title dark-text\">\n\t\t\t\t\t\t\t\t\t<p class=\"p-font-bold\">Lokaler Urlaub<\/p>\n\t\t\t\t\t\t\t\t\t<p>A finales de noviembre: Festival de cine in\u00e9dito<\/p>\n\t\t\t\t\t\t\t\t<\/div>\n\t\t\t\t\t\t\t<\/div>\n\t\t\t\t\t\t<\/div>\n\t\t\t\t\t\n\t\t\t\t\t\t<div>\n\t\t\t\t\t\t\t<div class=\"phone-number-item\">\n\t\t\t\t\t\t\t\t<div class=\"phone-number-item__icon\"><i class=\"icon-holiday\"><\/i><\/div>\n\t\t\t\t\t\t\t\t<div class=\"phone-number-item__title dark-text\">\n\t\t\t\t\t\t\t\t\t<p class=\"p-font-bold\">Lokaler Urlaub<\/p>\n\t\t\t\t\t\t\t\t\t<p>Del 9 al 12 de octubre: Feria chica de los gitanos<\/p>\n\t\t\t\t\t\t\t\t<\/div>\n\t\t\t\t\t\t\t<\/div>\n\t\t\t\t\t\t<\/div>\n\t\t\t\t\t\n\t\t\t\t\t\t<div>\n\t\t\t\t\t\t\t<div class=\"phone-number-item\">\n\t\t\t\t\t\t\t\t<div class=\"phone-number-item__icon\"><i class=\"icon-holiday\"><\/i><\/div>\n\t\t\t\t\t\t\t\t<div class=\"phone-number-item__title dark-text\">\n\t\t\t\t\t\t\t\t\t<p class=\"p-font-bold\">Lokaler Urlaub<\/p>\n\t\t\t\t\t\t\t\t\t<p>10 de diciembre: M\u00e1rtir Santa Eulalia de M\u00e9rida<\/p>\n\t\t\t\t\t\t\t\t<\/div>\n\t\t\t\t\t\t\t<\/div>\n\t\t\t\t\t\t<\/div>\n\t\t\t\t\t\n\t\t\t\t<\/div>\n\t\t\t<\/div>\n\t\t\n\t<\/div>\n<\/section>\n\n<div id=\"stage_list_section\"><div class=\"stage-list\">\n    <div class='stage-list__map-card'>\n        <div class='stage-list__map-card__map'>\n            <div class='stage-list__map-card__map__text'>\n                <h2> Pages <\/h2>\n                <p> Zu Fu\u00df<\/p>\n                <p> 0etappen<\/p>\n            <\/div>\n            <div class='stage-list__map-card__map__img'>\n                <img decoding=\"async\" src=\"\" alt=\" mapa \" \/>\n            <\/div>\n        <\/div>\n    <\/div>\n\n    <\/div>\n<\/div> ","protected":false},"excerpt":{"rendered":"<p>M\u00e9rida &#8249; Zur\u00fcck zur B\u00fchne M\u00e9rida Einwohner: 58.985 aprox. Bundesland: Badajoz Informationen Get to know M\u00e9rida Die Stadt M\u00e9rida wurde von den R\u00f6mern gegr\u00fcndet und wurde zur wichtigsten Stadt Hispaniens und zur Hauptstadt des westgotischen K\u00f6nigreichs. Sie war auch die Siedlungsstadt der Muslime. Bei so viel Geschichte in ihren Stra\u00dfen ist es nicht verwunderlich, dass &hellip; <\/p>\n<p class=\"read_more\"><a href=\"https:\/\/www.pilgrim.es\/de\/silber-route\/merida\/\">Leer m\u00e1s<\/a><\/p>\n","protected":false},"author":0,"featured_media":6339,"parent":10601,"menu_order":0,"comment_status":"closed","ping_status":"closed","template":"views\/template-new-web-design.blade.php","meta":{"footnotes":""},"categories":[],"tags":[],"class_list":["post-91512","page","type-page","status-publish","has-post-thumbnail","hentry"],"yoast_head":"<!-- This site is optimized with the Yoast SEO plugin v27.4 - https:\/\/yoast.com\/product\/yoast-seo-wordpress\/ -->\n<title>M\u00e9rida: Was sehen und wo \u00fcbernachten | Jakobsweg | Pilgrim<\/title>\n<meta name=\"description\" content=\"M\u00e9rida Entdecken Sie alle Informationen \u00fcber Unterk\u00fcnfte, Anreise, Gastronomie und die wichtigsten Sehensw\u00fcrdigkeiten der Orte am Silberweg\" \/>\n<meta name=\"robots\" content=\"index, follow, max-snippet:-1, max-image-preview:large, max-video-preview:-1\" \/>\n<link rel=\"canonical\" href=\"https:\/\/www.pilgrim.es\/de\/silber-route\/merida\/\" \/>\n<meta property=\"og:locale\" content=\"de_DE\" \/>\n<meta property=\"og:type\" content=\"article\" \/>\n<meta property=\"og:title\" content=\"M\u00e9rida: Was sehen und wo \u00fcbernachten | Jakobsweg | Pilgrim\" \/>\n<meta property=\"og:description\" content=\"M\u00e9rida Entdecken Sie alle Informationen \u00fcber Unterk\u00fcnfte, Anreise, Gastronomie und die wichtigsten Sehensw\u00fcrdigkeiten der Orte am Silberweg\" \/>\n<meta property=\"og:url\" content=\"https:\/\/www.pilgrim.es\/de\/silber-route\/merida\/\" \/>\n<meta property=\"og:site_name\" content=\"Pilgrim\" \/>\n<meta property=\"article:publisher\" content=\"https:\/\/www.facebook.com\/pilgrim.es\/\" \/>\n<meta property=\"og:image\" content=\"https:\/\/www.pilgrim.es\/wp-content\/uploads\/2019\/02\/merida.jpg\" \/>\n\t<meta property=\"og:image:width\" content=\"520\" \/>\n\t<meta property=\"og:image:height\" content=\"370\" \/>\n\t<meta property=\"og:image:type\" content=\"image\/jpeg\" \/>\n<meta name=\"twitter:card\" content=\"summary_large_image\" \/>\n<meta name=\"twitter:site\" content=\"@pilgrim_es\" \/>\n<meta name=\"twitter:label1\" content=\"Gesch\u00e4tzte Lesezeit\" \/>\n\t<meta name=\"twitter:data1\" content=\"15\u00a0Minuten\" \/>\n<script type=\"application\/ld+json\" class=\"yoast-schema-graph\">{\"@context\":\"https:\\\/\\\/schema.org\",\"@graph\":[{\"@type\":\"WebPage\",\"@id\":\"https:\\\/\\\/www.pilgrim.es\\\/de\\\/silber-route\\\/merida\\\/\",\"url\":\"https:\\\/\\\/www.pilgrim.es\\\/de\\\/silber-route\\\/merida\\\/\",\"name\":\"M\u00e9rida: Was sehen und wo \u00fcbernachten | Jakobsweg | Pilgrim\",\"isPartOf\":{\"@id\":\"https:\\\/\\\/www.pilgrim.es\\\/de\\\/#website\"},\"primaryImageOfPage\":{\"@id\":\"https:\\\/\\\/www.pilgrim.es\\\/de\\\/silber-route\\\/merida\\\/#primaryimage\"},\"image\":{\"@id\":\"https:\\\/\\\/www.pilgrim.es\\\/de\\\/silber-route\\\/merida\\\/#primaryimage\"},\"thumbnailUrl\":\"https:\\\/\\\/www.pilgrim.es\\\/wp-content\\\/uploads\\\/2019\\\/02\\\/merida.jpg\",\"datePublished\":\"2025-03-17T16:03:45+00:00\",\"description\":\"M\u00e9rida Entdecken Sie alle Informationen \u00fcber Unterk\u00fcnfte, Anreise, Gastronomie und die wichtigsten Sehensw\u00fcrdigkeiten der Orte am Silberweg\",\"breadcrumb\":{\"@id\":\"https:\\\/\\\/www.pilgrim.es\\\/de\\\/silber-route\\\/merida\\\/#breadcrumb\"},\"inLanguage\":\"de\",\"potentialAction\":[{\"@type\":\"ReadAction\",\"target\":[\"https:\\\/\\\/www.pilgrim.es\\\/de\\\/silber-route\\\/merida\\\/\"]}]},{\"@type\":\"ImageObject\",\"inLanguage\":\"de\",\"@id\":\"https:\\\/\\\/www.pilgrim.es\\\/de\\\/silber-route\\\/merida\\\/#primaryimage\",\"url\":\"https:\\\/\\\/www.pilgrim.es\\\/wp-content\\\/uploads\\\/2019\\\/02\\\/merida.jpg\",\"contentUrl\":\"https:\\\/\\\/www.pilgrim.es\\\/wp-content\\\/uploads\\\/2019\\\/02\\\/merida.jpg\",\"width\":520,\"height\":370,\"caption\":\"M\u00e9rida\"},{\"@type\":\"BreadcrumbList\",\"@id\":\"https:\\\/\\\/www.pilgrim.es\\\/de\\\/silber-route\\\/merida\\\/#breadcrumb\",\"itemListElement\":[{\"@type\":\"ListItem\",\"position\":1,\"name\":\"Camino de Santiago\",\"item\":\"https:\\\/\\\/www.pilgrim.es\\\/de\\\/\"},{\"@type\":\"ListItem\",\"position\":2,\"name\":\"Die Silber-Route\",\"item\":\"https:\\\/\\\/www.pilgrim.es\\\/de\\\/silber-route\\\/\"},{\"@type\":\"ListItem\",\"position\":3,\"name\":\"M\u00e9rida\"}]},{\"@type\":\"WebSite\",\"@id\":\"https:\\\/\\\/www.pilgrim.es\\\/de\\\/#website\",\"url\":\"https:\\\/\\\/www.pilgrim.es\\\/de\\\/\",\"name\":\"Pilgrim\",\"description\":\"Camino de Santiago | Caminamos Contigo\",\"publisher\":{\"@id\":\"https:\\\/\\\/www.pilgrim.es\\\/de\\\/#organization\"},\"potentialAction\":[{\"@type\":\"SearchAction\",\"target\":{\"@type\":\"EntryPoint\",\"urlTemplate\":\"https:\\\/\\\/www.pilgrim.es\\\/de\\\/?s={search_term_string}\"},\"query-input\":{\"@type\":\"PropertyValueSpecification\",\"valueRequired\":true,\"valueName\":\"search_term_string\"}}],\"inLanguage\":\"de\"},{\"@type\":\"Organization\",\"@id\":\"https:\\\/\\\/www.pilgrim.es\\\/de\\\/#organization\",\"name\":\"Pilgrim Camino de Santiago\",\"url\":\"https:\\\/\\\/www.pilgrim.es\\\/de\\\/\",\"logo\":{\"@type\":\"ImageObject\",\"inLanguage\":\"de\",\"@id\":\"https:\\\/\\\/www.pilgrim.es\\\/de\\\/#\\\/schema\\\/logo\\\/image\\\/\",\"url\":\"https:\\\/\\\/www.pilgrim.es\\\/wp-content\\\/uploads\\\/2019\\\/04\\\/logo_pilgrim.png\",\"contentUrl\":\"https:\\\/\\\/www.pilgrim.es\\\/wp-content\\\/uploads\\\/2019\\\/04\\\/logo_pilgrim.png\",\"width\":512,\"height\":512,\"caption\":\"Pilgrim Camino de Santiago\"},\"image\":{\"@id\":\"https:\\\/\\\/www.pilgrim.es\\\/de\\\/#\\\/schema\\\/logo\\\/image\\\/\"},\"sameAs\":[\"https:\\\/\\\/www.facebook.com\\\/pilgrim.es\\\/\",\"https:\\\/\\\/x.com\\\/pilgrim_es\",\"https:\\\/\\\/www.instagram.com\\\/pilgrim.es\\\/\",\"https:\\\/\\\/www.linkedin.com\\\/company\\\/pilgrim-camino-de-santiago\\\/\",\"https:\\\/\\\/www.pinterest.es\\\/pilgrimcaminodesantiago\\\/\",\"https:\\\/\\\/www.youtube.com\\\/channel\\\/UCIv2ZzFLXVqthkNF32rKedw\\\/featured\"]}]}<\/script>\n<!-- \/ Yoast SEO plugin. -->","yoast_head_json":{"title":"M\u00e9rida: Was sehen und wo \u00fcbernachten | Jakobsweg | Pilgrim","description":"M\u00e9rida Entdecken Sie alle Informationen \u00fcber Unterk\u00fcnfte, Anreise, Gastronomie und die wichtigsten Sehensw\u00fcrdigkeiten der Orte am Silberweg","robots":{"index":"index","follow":"follow","max-snippet":"max-snippet:-1","max-image-preview":"max-image-preview:large","max-video-preview":"max-video-preview:-1"},"canonical":"https:\/\/www.pilgrim.es\/de\/silber-route\/merida\/","og_locale":"de_DE","og_type":"article","og_title":"M\u00e9rida: Was sehen und wo \u00fcbernachten | Jakobsweg | Pilgrim","og_description":"M\u00e9rida Entdecken Sie alle Informationen \u00fcber Unterk\u00fcnfte, Anreise, Gastronomie und die wichtigsten Sehensw\u00fcrdigkeiten der Orte am Silberweg","og_url":"https:\/\/www.pilgrim.es\/de\/silber-route\/merida\/","og_site_name":"Pilgrim","article_publisher":"https:\/\/www.facebook.com\/pilgrim.es\/","og_image":[{"width":520,"height":370,"url":"https:\/\/www.pilgrim.es\/wp-content\/uploads\/2019\/02\/merida.jpg","type":"image\/jpeg"}],"twitter_card":"summary_large_image","twitter_site":"@pilgrim_es","twitter_misc":{"Gesch\u00e4tzte Lesezeit":"15\u00a0Minuten"},"schema":{"@context":"https:\/\/schema.org","@graph":[{"@type":"WebPage","@id":"https:\/\/www.pilgrim.es\/de\/silber-route\/merida\/","url":"https:\/\/www.pilgrim.es\/de\/silber-route\/merida\/","name":"M\u00e9rida: Was sehen und wo \u00fcbernachten | Jakobsweg | Pilgrim","isPartOf":{"@id":"https:\/\/www.pilgrim.es\/de\/#website"},"primaryImageOfPage":{"@id":"https:\/\/www.pilgrim.es\/de\/silber-route\/merida\/#primaryimage"},"image":{"@id":"https:\/\/www.pilgrim.es\/de\/silber-route\/merida\/#primaryimage"},"thumbnailUrl":"https:\/\/www.pilgrim.es\/wp-content\/uploads\/2019\/02\/merida.jpg","datePublished":"2025-03-17T16:03:45+00:00","description":"M\u00e9rida Entdecken Sie alle Informationen \u00fcber Unterk\u00fcnfte, Anreise, Gastronomie und die wichtigsten Sehensw\u00fcrdigkeiten der Orte am Silberweg","breadcrumb":{"@id":"https:\/\/www.pilgrim.es\/de\/silber-route\/merida\/#breadcrumb"},"inLanguage":"de","potentialAction":[{"@type":"ReadAction","target":["https:\/\/www.pilgrim.es\/de\/silber-route\/merida\/"]}]},{"@type":"ImageObject","inLanguage":"de","@id":"https:\/\/www.pilgrim.es\/de\/silber-route\/merida\/#primaryimage","url":"https:\/\/www.pilgrim.es\/wp-content\/uploads\/2019\/02\/merida.jpg","contentUrl":"https:\/\/www.pilgrim.es\/wp-content\/uploads\/2019\/02\/merida.jpg","width":520,"height":370,"caption":"M\u00e9rida"},{"@type":"BreadcrumbList","@id":"https:\/\/www.pilgrim.es\/de\/silber-route\/merida\/#breadcrumb","itemListElement":[{"@type":"ListItem","position":1,"name":"Camino de Santiago","item":"https:\/\/www.pilgrim.es\/de\/"},{"@type":"ListItem","position":2,"name":"Die Silber-Route","item":"https:\/\/www.pilgrim.es\/de\/silber-route\/"},{"@type":"ListItem","position":3,"name":"M\u00e9rida"}]},{"@type":"WebSite","@id":"https:\/\/www.pilgrim.es\/de\/#website","url":"https:\/\/www.pilgrim.es\/de\/","name":"Pilgrim","description":"Camino de Santiago | Caminamos Contigo","publisher":{"@id":"https:\/\/www.pilgrim.es\/de\/#organization"},"potentialAction":[{"@type":"SearchAction","target":{"@type":"EntryPoint","urlTemplate":"https:\/\/www.pilgrim.es\/de\/?s={search_term_string}"},"query-input":{"@type":"PropertyValueSpecification","valueRequired":true,"valueName":"search_term_string"}}],"inLanguage":"de"},{"@type":"Organization","@id":"https:\/\/www.pilgrim.es\/de\/#organization","name":"Pilgrim Camino de Santiago","url":"https:\/\/www.pilgrim.es\/de\/","logo":{"@type":"ImageObject","inLanguage":"de","@id":"https:\/\/www.pilgrim.es\/de\/#\/schema\/logo\/image\/","url":"https:\/\/www.pilgrim.es\/wp-content\/uploads\/2019\/04\/logo_pilgrim.png","contentUrl":"https:\/\/www.pilgrim.es\/wp-content\/uploads\/2019\/04\/logo_pilgrim.png","width":512,"height":512,"caption":"Pilgrim Camino de Santiago"},"image":{"@id":"https:\/\/www.pilgrim.es\/de\/#\/schema\/logo\/image\/"},"sameAs":["https:\/\/www.facebook.com\/pilgrim.es\/","https:\/\/x.com\/pilgrim_es","https:\/\/www.instagram.com\/pilgrim.es\/","https:\/\/www.linkedin.com\/company\/pilgrim-camino-de-santiago\/","https:\/\/www.pinterest.es\/pilgrimcaminodesantiago\/","https:\/\/www.youtube.com\/channel\/UCIv2ZzFLXVqthkNF32rKedw\/featured"]}]}},"_links":{"self":[{"href":"https:\/\/www.pilgrim.es\/de\/wp-json\/wp\/v2\/pages\/91512","targetHints":{"allow":["GET"]}}],"collection":[{"href":"https:\/\/www.pilgrim.es\/de\/wp-json\/wp\/v2\/pages"}],"about":[{"href":"https:\/\/www.pilgrim.es\/de\/wp-json\/wp\/v2\/types\/page"}],"replies":[{"embeddable":true,"href":"https:\/\/www.pilgrim.es\/de\/wp-json\/wp\/v2\/comments?post=91512"}],"version-history":[{"count":0,"href":"https:\/\/www.pilgrim.es\/de\/wp-json\/wp\/v2\/pages\/91512\/revisions"}],"up":[{"embeddable":true,"href":"https:\/\/www.pilgrim.es\/de\/wp-json\/wp\/v2\/pages\/10601"}],"wp:featuredmedia":[{"embeddable":true,"href":"https:\/\/www.pilgrim.es\/de\/wp-json\/wp\/v2\/media\/6339"}],"wp:attachment":[{"href":"https:\/\/www.pilgrim.es\/de\/wp-json\/wp\/v2\/media?parent=91512"}],"wp:term":[{"taxonomy":"category","embeddable":true,"href":"https:\/\/www.pilgrim.es\/de\/wp-json\/wp\/v2\/categories?post=91512"},{"taxonomy":"post_tag","embeddable":true,"href":"https:\/\/www.pilgrim.es\/de\/wp-json\/wp\/v2\/tags?post=91512"}],"curies":[{"name":"wp","href":"https:\/\/api.w.org\/{rel}","templated":true}]}}