{"id":91500,"date":"2025-03-17T15:59:58","date_gmt":"2025-03-17T15:59:58","guid":{"rendered":"https:\/\/www.pilgrim.es\/silber-route\/zafra\/"},"modified":"2025-03-17T15:59:58","modified_gmt":"2025-03-17T15:59:58","slug":"zafra","status":"publish","type":"page","link":"https:\/\/www.pilgrim.es\/de\/silber-route\/zafra\/","title":{"rendered":"Zafra"},"content":{"rendered":" <section id=\"hero\">\n\t<h1>Zafra<\/h1>\n\t<div class=\"hero-grid\">\n\t\t<div class=\"hero-grid__town-col\" data-background=\"https:\/\/cdn.pilgrim.es\/web\/caminos\/via-de-la-plata\/pueblos\/zafra.jpg\">\n\t\t\t<div>\n\t\t\t\t<a class=\"link-to-stage\" href=\"https:\/\/www.pilgrim.es\/via-plata\/etapa-6-fuente-de-cantos-zafra\/\">\n\t\t\t\t\t<p>&#8249; Zur\u00fcck zur B\u00fchne<\/p>\n\t\t\t\t<\/a>\n\n\t\t\t\t<div class=\"town-data\">\n\t\t\t\t\t<h2>Zafra<\/h2>\n\t\t\t\t\t<ul>\n\t\t\t\t\t\t<li>Einwohner: 16.828 aprox.<\/li>\n\t\t\t\t\t\t<li>Bundesland: Badajoz<\/li>\n\t\t\t\t\t<\/ul>\n\t\t\t\t<\/div>\n\t\t\t<\/div>\n\t\t<\/div>\n\t\t<div class=\"hero-grid__planner-col\"><div\r\n  class=\"p-col-span-1 p-rounded-lg p-px-5 p-h-full\"\r\n  style=\"background-image: url('https:\/\/cdn.pilgrim.es\/web\/pilgrim-planner\/bg-plugin-planificador.webp')\"\r\n  rel=\"preload\"\r\n  fetchpriority=\"high\"\r\n  >\r\n    <div class=\"p-text-center p-pt-5 p-text-white p-text-2xl p-font-semibold\">\r\n      Plane deinen Weg    <\/div>\r\n    <div\r\n            id='primary-app'\r\n            data-name='banner'\r\n            data-api='https:\/\/pathfinder.pilgrim.es\/api\/pathfinder\/v2'\r\n            data-mode='normal'\r\n            data-lang='de'\r\n            data-route='1'\r\n            data-destiny='https:\/\/planificador.pilgrim.es'\r\n            data-modality='1'\r\n            data-inline=''\r\n        ><\/div><\/div><\/div>\n\t<\/div>\n<\/section>\n\n<section id=\"infoTown\">\n\t<div class=\"sections-town\">\n\n\t\t<div id=\"informationSection\">\n\t\t\t<div>\n\t\t\t\t<h2 class=\"p-h2-town\">Informationen<\/h2>\n\t\t\t\t<hr>\n\t\t\t\t<h3 class=\"p-h3-town\">Get to know Zafra<\/h3>\n\t\t\t<\/div>\n\t\t\t<p>Die Gemeinde Zafra liegt in der Mitte zwischen Andalusien, Kastilien-La Mancha und dem Alentejo, und ihre Lage hat sie zu einem Unterkunfts- und Erholungsort f\u00fcr alle Reisenden gemacht.<\/p> <p>Dank der Geschichte, die der Ort erlebt hat, verf\u00fcgt er \u00fcber ein beeindruckendes historisches Zentrum, und dar\u00fcber hinaus ist er als Messezentrum international anerkannt.\n\t\t<\/div>\n\n\t\t<div id=\"locationSection\">\n\t\t\t<div>\n\t\t\t\t<h2 class=\"p-h2-town\">Standort<\/h2>\n\t\t\t\t<hr>\n\t\t\t\t<h3 class=\"p-h3-town\">Wegbeschreibung<\/h3>\n\t\t\t<\/div>\n\t\t\t<p>Am einfachsten erreicht man die Gemeinde Zafra \u00fcber die Autobahn A-66, die als Silberstra\u00dfe bekannt ist. Dies ist der direkteste Weg, um die Stadt zu erreichen. Es ist am besten, in M\u00e9rida anzukommen und dann nach Zafra zu fahren, da dies die n\u00e4chstgelegene Stadt mit allen m\u00f6glichen \u00f6ffentlichen Verkehrsverbindungen ist.\n\n<p>\u00dcber dieselbe Stra\u00dfe in umgekehrter Richtung kann man auch von Sevilla aus schnell dorthin gelangen, wobei diese Reise dank einer Eisenbahnlinie, die die beiden St\u00e4dte miteinander verbindet, auch mit \u00f6ffentlichen Verkehrsmitteln m\u00f6glich ist. Von Madrid aus erreicht man Zafra direkt \u00fcber die Schnellstra\u00dfe A-5, von C\u00f3rdoba aus \u00fcber die Nationalstra\u00dfe N-432 oder eine Eisenbahnlinie, die beide Orte miteinander verbindet.\n\t\t\t<div>\n\t\t\t\t<div>\n  <iframe loading=\"lazy\"\n    src=\"https:\/\/www.google.com\/maps\/d\/embed?mid=1kcZtzHp_IGD3uyRQ9dcG7ggy2-UNXxw&amp;ehbc=2E312F\"\n    width=\"640\"\n    height=\"480\"\n    alt=\"Mapa Zafra\"\n  ><\/iframe>\n<\/div>\n\n\t\t\t<\/div>\n\t\t<\/div>\n\n\t\t\n\t\t\t<div id=\"toVisitSection\">\n\t\t\t\t<div>\n\t\t\t\t\t<h2 class=\"p-h2-town\">Geschichte \/ Kultur<\/h2>\n\t\t\t\t\t<hr>\n\t\t\t\t\t<h3 class=\"p-h3-town\">Was es zu sehen gibt<\/h3>\n\t\t\t\t<\/div>\n\t\t\t\t<div>\n\t\t\t\t\t<div class=\"accordion\">\n\t\t\t\t\t\t<div class=\"accordion__menu\">\n\t\t\t\t\t\t\t<nav>\n\t\t\t\t\t\t\t\t\n\t\t\t\t\t\t\t\t\t<button class=\"nav-tab-accordion active\"><span>&#10093;<\/span><span> Arco de Jerez<\/span><\/button>\n\t\t\t\t\t\t\t\t\n\t\t\t\t\t\t\t\t\t<button class=\"nav-tab-accordion \"><span>&#10093;<\/span><span> Arco del Cubo<\/span><\/button>\n\t\t\t\t\t\t\t\t\n\t\t\t\t\t\t\t\t\t<button class=\"nav-tab-accordion \"><span>&#10093;<\/span><span> Arquillo del Pan<\/span><\/button>\n\t\t\t\t\t\t\t\t\n\t\t\t\t\t\t\t\t\t<button class=\"nav-tab-accordion \"><span>&#10093;<\/span><span> Casa del Aj\u00edmez<\/span><\/button>\n\t\t\t\t\t\t\t\t\n\t\t\t\t\t\t\t\t\t<button class=\"nav-tab-accordion \"><span>&#10093;<\/span><span> Colegiata de la Candelaria<\/span><\/button>\n\t\t\t\t\t\t\t\t\n\t\t\t\t\t\t\t\t\t<button class=\"nav-tab-accordion \"><span>&#10093;<\/span><span> Convento de Santa Catalina<\/span><\/button>\n\t\t\t\t\t\t\t\t\n\t\t\t\t\t\t\t\t\t<button class=\"nav-tab-accordion \"><span>&#10093;<\/span><span> El Pilar de la Rep\u00fablica<\/span><\/button>\n\t\t\t\t\t\t\t\t\n\t\t\t\t\t\t\t\t\t<button class=\"nav-tab-accordion \"><span>&#10093;<\/span><span> Pilar del Duque<\/span><\/button>\n\t\t\t\t\t\t\t\t\n\t\t\t\t\t\t\t\t\t<button class=\"nav-tab-accordion \"><span>&#10093;<\/span><span> Hospital del Santiago<\/span><\/button>\n\t\t\t\t\t\t\t\t\n\t\t\t\t\t\t\t\t\t<button class=\"nav-tab-accordion \"><span>&#10093;<\/span><span> Iglesia de Santa Marina<\/span><\/button>\n\t\t\t\t\t\t\t\t\n\t\t\t\t\t\t\t\t\t<button class=\"nav-tab-accordion \"><span>&#10093;<\/span><span> Iglesia del Rosario<\/span><\/button>\n\t\t\t\t\t\t\t\t\n\t\t\t\t\t\t\t\t\t<button class=\"nav-tab-accordion \"><span>&#10093;<\/span><span> La Casa Grande<\/span><\/button>\n\t\t\t\t\t\t\t\t\n\t\t\t\t\t\t\t\t\t<button class=\"nav-tab-accordion \"><span>&#10093;<\/span><span> Plaza Grande<\/span><\/button>\n\t\t\t\t\t\t\t\t\n\t\t\t\t\t\t\t\t\t<button class=\"nav-tab-accordion \"><span>&#10093;<\/span><span> La Vieja Sinagoga<\/span><\/button>\n\t\t\t\t\t\t\t\t\n\t\t\t\t\t\t\t\t\t<button class=\"nav-tab-accordion \"><span>&#10093;<\/span><span> Museo de Santa Clara<\/span><\/button>\n\t\t\t\t\t\t\t\t\n\t\t\t\t\t\t\t\t\t<button class=\"nav-tab-accordion \"><span>&#10093;<\/span><span> Palacete del Conde de la Corte<\/span><\/button>\n\t\t\t\t\t\t\t\t\n\t\t\t\t\t\t\t\t\t<button class=\"nav-tab-accordion \"><span>&#10093;<\/span><span> Palacio de los Duques de la Feria<\/span><\/button>\n\t\t\t\t\t\t\t\t\n\t\t\t\t\t\t\t\t\t<button class=\"nav-tab-accordion \"><span>&#10093;<\/span><span> Pilar de San Benito<\/span><\/button>\n\t\t\t\t\t\t\t\t\n\t\t\t\t\t\t\t\t\t<button class=\"nav-tab-accordion \"><span>&#10093;<\/span><span> Plaza Chica<\/span><\/button>\n\t\t\t\t\t\t\t\t\n\t\t\t\t\t\t\t\t\t<button class=\"nav-tab-accordion \"><span>&#10093;<\/span><span> Torre de San Francisco<\/span><\/button>\n\t\t\t\t\t\t\t\t\n\t\t\t\t\t\t\t<\/nav>\n\t\t\t\t\t\t<\/div>\n\n\t\t\t\t\t\t\n\t\t\t\t\t\t\t<div class=\"accordion__accordion-content \">\n\t\t\t\t\t\t\t\t<div>\n\t\t\t\t\t\t\t\t\t<div>\n\t\t\t\t\t\t\t\t\t\t<h4>Arco de Jerez<\/h4>\n\t\t\t\t\t\t\t\t\t\t<p>Der Arco de Jerez ist das einzige Tor, das von der alten Stadtmauer erhalten geblieben ist, obwohl es mehrere andere Eing\u00e4nge gab. Seine strategische Lage zwischen den K\u00f6nigreichen von Sevilla und Badajoz war der Grund f\u00fcr seinen Bau, auf dem sp\u00e4ter eine Kapelle errichtet wurde. Dieser Tempel ist als Cristo de la Humildad y la Paciencia (Christus der Demut und der Geduld) bekannt, der der Jungfrau der Barmherzigkeit gewidmet ist. An jedem Karmittwoch findet von hier aus eine gro\u00dfe Prozession statt. <\/p>\n\t\t\t\t\t\t\t\t\t<\/div>\n\t\t\t\t\t\t\t\t\t<img decoding=\"async\" src=\"https:\/\/cdn.pilgrim.es\/web\/caminos\/via-de-la-plata\/pueblos\/zafra\/puntos-de-interes\/arco-de-jerez.jpg\" alt=\"Arco de Jerez\">\n\t\t\t\t\t\t\t\t<\/div>\n\t\t\t\t\t\t\t<\/div>\n\t\t\t\t\t\t\n\t\t\t\t\t\t\t<div class=\"accordion__accordion-content inactive\">\n\t\t\t\t\t\t\t\t<div>\n\t\t\t\t\t\t\t\t\t<div>\n\t\t\t\t\t\t\t\t\t\t<h4>Arco del Cubo<\/h4>\n\t\t\t\t\t\t\t\t\t\t<p>Auch bekannt als das Tor von Badajoz, ist dies das wichtigste Tor der Stadt Zafra. Der Bogen wurde sp\u00e4ter, n\u00e4mlich Ende des 17. Jahrhunderts, hinzugef\u00fcgt und zeigt das Bild von Santiago Matamoros, was einmal mehr die enge historische Verbindung zwischen dieser Gemeinde und dem Santiagoorden zeigt. <\/p>\n\t\t\t\t\t\t\t\t\t<\/div>\n\t\t\t\t\t\t\t\t\t<img decoding=\"async\" src=\"https:\/\/cdn.pilgrim.es\/web\/caminos\/via-de-la-plata\/pueblos\/zafra\/puntos-de-interes\/arco-del-cubo.jpg\" alt=\"Arco del Cubo\">\n\t\t\t\t\t\t\t\t<\/div>\n\t\t\t\t\t\t\t<\/div>\n\t\t\t\t\t\t\n\t\t\t\t\t\t\t<div class=\"accordion__accordion-content inactive\">\n\t\t\t\t\t\t\t\t<div>\n\t\t\t\t\t\t\t\t\t<div>\n\t\t\t\t\t\t\t\t\t\t<h4>Arquillo del Pan<\/h4>\n\t\t\t\t\t\t\t\t\t\t<p>Das an der s\u00fcd\u00f6stlichen Ecke der Plaza Grande und der Plaza Chica gelegene Geb\u00e4ude ist als Arquillo del Pan bekannt, da sich dort einst eine historische Brotfabrik befand. Das Geb\u00e4ude selbst besteht aus einem Korridor, in dem das Altarbild von San Blas de Escobar steht, wo auch das Bild der Virgen de la Esperancita de Zafra verehrt wird.<\/p> <p>Das Geb\u00e4ude selbst besteht aus einem Korridor, in dem das Altarbild von San Blas de Escobar steht, wo auch das Bild der Virgen de la Esperancita de Zafra verehrt wird.\n\t\t\t\t\t\t\t\t\t<\/div>\n\t\t\t\t\t\t\t\t\t<img decoding=\"async\" src=\"https:\/\/cdn.pilgrim.es\/web\/caminos\/via-de-la-plata\/pueblos\/zafra\/puntos-de-interes\/arquillo-del-pan.jpg\" alt=\"Arquillo del Pan\">\n\t\t\t\t\t\t\t\t<\/div>\n\t\t\t\t\t\t\t<\/div>\n\t\t\t\t\t\t\n\t\t\t\t\t\t\t<div class=\"accordion__accordion-content inactive\">\n\t\t\t\t\t\t\t\t<div>\n\t\t\t\t\t\t\t\t\t<div>\n\t\t\t\t\t\t\t\t\t\t<h4>Casa del Aj\u00edmez<\/h4>\n\t\t\t\t\t\t\t\t\t\t<p>Dieses Haus befindet sich in der Calle Boticas de Zafra und beherbergt derzeit das Centro de Interpretaci\u00f3n Las Voces de la Ciudad (Interpretationszentrum der Stimmen der Stadt). <\/p>\n\n<p>Dieses Geb\u00e4ude ist einzigartig, da es seit dem 15. Jahrhundert eine Vielzahl von Arzneimitteln aus der Stadtapotheke beherbergt, die mit Hilfe von Destillierern und Zerkleinerern gemischt werden konnten. Dank dieser Mischungen wurden Medikamente und Drogen hergestellt, um den kranken Menschen der Stadt zu helfen.\n\n<p>Zwischen dem 17. und 18. Jahrhundert wurde das Geb\u00e4ude weiterhin f\u00fcr die Herstellung von medizinischen Pr\u00e4paraten genutzt. Im Laufe der Jahre wurde es jedoch f\u00fcr viele andere Aktivit\u00e4ten genutzt, bis das gesamte Geb\u00e4ude verfallen war.\n\t\t\t\t\t\t\t\t\t<\/div>\n\t\t\t\t\t\t\t\t\t<img decoding=\"async\" src=\"https:\/\/cdn.pilgrim.es\/web\/caminos\/via-de-la-plata\/pueblos\/zafra\/puntos-de-interes\/casa-del-ajimez.jpg\" alt=\"Casa del Aj\u00edmez\">\n\t\t\t\t\t\t\t\t<\/div>\n\t\t\t\t\t\t\t<\/div>\n\t\t\t\t\t\t\n\t\t\t\t\t\t\t<div class=\"accordion__accordion-content inactive\">\n\t\t\t\t\t\t\t\t<div>\n\t\t\t\t\t\t\t\t\t<div>\n\t\t\t\t\t\t\t\t\t\t<h4>Colegiata de la Candelaria<\/h4>\n\t\t\t\t\t\t\t\t\t\t<p>Die Stiftskirche Candelaria wurde im 16. Jahrhundert im Auftrag des dritten Grafen von Feria erbaut, um das alte christliche Zentrum zu ersetzen, das sich an der Plaza Grande befand. <\/p>\n\n<p>Sie besteht aus einem einzigen Kirchenschiff, Kapellen in den Strebepfeilern und einem erh\u00f6hten Chor. Sie hat auch ein Querschiff und eine achteckige Apsis.<\/p> <p>Sie hat auch ein Querschiff und eine achteckige Apsis.\n\t\t\t\t\t\t\t\t\t<\/div>\n\t\t\t\t\t\t\t\t\t<img decoding=\"async\" src=\"https:\/\/cdn.pilgrim.es\/web\/caminos\/via-de-la-plata\/pueblos\/zafra\/puntos-de-interes\/colegiata-de-la-candelaria.jpg\" alt=\"Colegiata de la Candelaria\">\n\t\t\t\t\t\t\t\t<\/div>\n\t\t\t\t\t\t\t<\/div>\n\t\t\t\t\t\t\n\t\t\t\t\t\t\t<div class=\"accordion__accordion-content inactive\">\n\t\t\t\t\t\t\t\t<div>\n\t\t\t\t\t\t\t\t\t<div>\n\t\t\t\t\t\t\t\t\t\t<h4>Convento de Santa Catalina<\/h4>\n\t\t\t\t\t\t\t\t\t\t<p>Das 1520 gegr\u00fcndete Kloster besteht aus einer Gruppe von H\u00e4usern, die von den Katholischen K\u00f6nigen ihrem Sekret\u00e4r Hernando de Zafra geschenkt wurden. Die R\u00e4umlichkeiten verteilen sich auf mehrere Innenh\u00f6fe aus dem 16. Jahrhundert, von denen einer mit hispano-muslimischen und christlichen Ornamenten ausgestattet ist. Die Kirche des Klosters ist im Mud\u00e9jar-Stil gehalten, weist jedoch barocke Verzierungen auf. <\/p>\n\n<p>STUNDEN<\/p>\n\n<p>Montags bis freitags um 13:00 Uhr Sonntags w\u00e4hrend der Gottesdienstzeiten Feiertags um 9:00 Uhr<\/p>\n\n<p>GEB\u00dcHR<\/p>\n\n<p>Freier Eintritt<\/p> <p>Kostenlos<\/p>\n\n<p>INFORMATIONEN VON INTERESSE<\/p>\n\n<p>Telefon: 958 226 189<\/p>\n\t\t\t\t\t\t\t\t\t<\/div>\n\t\t\t\t\t\t\t\t\t<img decoding=\"async\" src=\"https:\/\/cdn.pilgrim.es\/web\/caminos\/via-de-la-plata\/pueblos\/zafra\/puntos-de-interes\/convento-de-santa-catalina.jpg\" alt=\"Convento de Santa Catalina\">\n\t\t\t\t\t\t\t\t<\/div>\n\t\t\t\t\t\t\t<\/div>\n\t\t\t\t\t\t\n\t\t\t\t\t\t\t<div class=\"accordion__accordion-content inactive\">\n\t\t\t\t\t\t\t\t<div>\n\t\t\t\t\t\t\t\t\t<div>\n\t\t\t\t\t\t\t\t\t\t<h4>El Pilar de la Rep\u00fablica<\/h4>\n\t\t\t\t\t\t\t\t\t\t<p>Diese S\u00e4ule befindet sich in der Mitte des angrenzenden Brunnens mit runden Ausl\u00e4ufen. Sie unterscheidet sich von den \u00fcbrigen St\u00fctzen oder Pfeilern dadurch, dass sie nur ein Becken hat, das mit einem gro\u00dfen Pfosten abschlie\u00dft und aus dem ein einzelner Ausguss flie\u00dft. <\/p>\n\t\t\t\t\t\t\t\t\t<\/div>\n\t\t\t\t\t\t\t\t\t<img decoding=\"async\" src=\"https:\/\/cdn.pilgrim.es\/web\/caminos\/via-de-la-plata\/pueblos\/zafra\/puntos-de-interes\/el-pilar-de-la-republica.jpg\" alt=\"El Pilar de la Rep\u00fablica\">\n\t\t\t\t\t\t\t\t<\/div>\n\t\t\t\t\t\t\t<\/div>\n\t\t\t\t\t\t\n\t\t\t\t\t\t\t<div class=\"accordion__accordion-content inactive\">\n\t\t\t\t\t\t\t\t<div>\n\t\t\t\t\t\t\t\t\t<div>\n\t\t\t\t\t\t\t\t\t\t<h4>Pilar del Duque<\/h4>\n\t\t\t\t\t\t\t\t\t\t<p>Dieser aus Marmorbl\u00f6cken und Steinen errichtete Pfeiler aus dem 15. Jahrhundert befindet sich gegen\u00fcber der Bibliothek von Zafra und besitzt zwei Wasserspeier, die in ein rechteckiges Becken m\u00fcnden. Sie weist gotische Verzierungen auf, darunter das Gesicht eines Mannes zwischen den Wasserspeiern, eine Vase mit Lilien \u00fcber dem Gesicht und kleine, aber zahlreiche Tierk\u00f6pfe. <\/p>\n\t\t\t\t\t\t\t\t\t<\/div>\n\t\t\t\t\t\t\t\t\t<img decoding=\"async\" src=\"https:\/\/cdn.pilgrim.es\/web\/caminos\/via-de-la-plata\/pueblos\/zafra\/puntos-de-interes\/pilar-del-duque.jpg\" alt=\"Pilar del Duque\">\n\t\t\t\t\t\t\t\t<\/div>\n\t\t\t\t\t\t\t<\/div>\n\t\t\t\t\t\t\n\t\t\t\t\t\t\t<div class=\"accordion__accordion-content inactive\">\n\t\t\t\t\t\t\t\t<div>\n\t\t\t\t\t\t\t\t\t<div>\n\t\t\t\t\t\t\t\t\t\t<h4>Hospital del Santiago<\/h4>\n\t\t\t\t\t\t\t\t\t\t<p>Das Hospital de Santiago wurde um 1438 von Lorenzo II. Su\u00e1rez und Mar\u00eda Manuel errichtet und war das erste herrschaftliche Geb\u00e4ude der Gemeinde. Der vorherrschende Stil ist der Mud\u00e9jar-Stil, wobei die Kapelle den n\u00f6rdlichen Teil des Geb\u00e4udes einnimmt.\n\n<p>Die Fassade ist reich verziert und verbindet Elemente des Mud\u00e9jar-Stils mit anderen, die zur Sp\u00e4tgotik geh\u00f6ren. In der Nische der Fassade befindet sich ein Gem\u00e4lde, das die Begr\u00fc\u00dfung des Erzengels Gabriel darstellt, der urspr\u00fcnglich in dem Geb\u00e4ude verehrt wurde. <\/p>\n\n<p>INFORMATIONEN VON INTERESSE<\/p>.\n\n<p>Telefon: 924 555 550<\/p> <p>Telefon: 924 555 550<\/p>\n\t\t\t\t\t\t\t\t\t<\/div>\n\t\t\t\t\t\t\t\t\t<img decoding=\"async\" src=\"https:\/\/cdn.pilgrim.es\/web\/caminos\/via-de-la-plata\/pueblos\/zafra\/puntos-de-interes\/hospital-del-santiago.jpg\" alt=\"Hospital del Santiago\">\n\t\t\t\t\t\t\t\t<\/div>\n\t\t\t\t\t\t\t<\/div>\n\t\t\t\t\t\t\n\t\t\t\t\t\t\t<div class=\"accordion__accordion-content inactive\">\n\t\t\t\t\t\t\t\t<div>\n\t\t\t\t\t\t\t\t\t<div>\n\t\t\t\t\t\t\t\t\t\t<h4>Iglesia de Santa Marina<\/h4>\n\t\t\t\t\t\t\t\t\t\t<p>Das 1984 zum kunsthistorischen Denkmal erkl\u00e4rte Geb\u00e4ude wurde Anfang des 17. Jahrhunderts im Auftrag von Margaret Harrington f\u00fcr die Franziskanerinnen errichtet. <\/p>\n\n<p>Sie zeichnet sich durch ihren einfachen Stil aus, der kaum Verzierungen aufweist. Es handelt sich um ein Geb\u00e4ude mit dem Grundriss eines lateinischen Kreuzes, das mit Ausnahme der T\u00fcren, Fenster und Sockel ganz aus Ziegeln errichtet wurde. Im Inneren sind die Schnitzerei, die Margaret Harrington selbst darstellt und Teil ihres Grabes ist, sowie das Hauptaltarbild im klassizistischen Barockstil hervorzuheben. Heute dient sie als Kulturzentrum. <\/p>\n\n<p>INFORMATIONEN VON INTERESSE<\/p>.\n\n<p>Telefon: 924 551 036 (Fremdenverkehrsamt) E-Mail: turismo@zafra.es<\/p>\n\t\t\t\t\t\t\t\t\t<\/div>\n\t\t\t\t\t\t\t\t\t<img decoding=\"async\" src=\"https:\/\/cdn.pilgrim.es\/web\/caminos\/via-de-la-plata\/pueblos\/zafra\/puntos-de-interes\/iglesia-de-santa-marina.jpg\" alt=\"Iglesia de Santa Marina\">\n\t\t\t\t\t\t\t\t<\/div>\n\t\t\t\t\t\t\t<\/div>\n\t\t\t\t\t\t\n\t\t\t\t\t\t\t<div class=\"accordion__accordion-content inactive\">\n\t\t\t\t\t\t\t\t<div>\n\t\t\t\t\t\t\t\t\t<div>\n\t\t\t\t\t\t\t\t\t\t<h4>Iglesia del Rosario<\/h4>\n\t\t\t\t\t\t\t\t\t\t<p>Das Geb\u00e4ude stammt aus dem Ende des 16. Jahrhunderts und sollte das Dominikanerkloster Nuestra Se\u00f1ora de la Encarnaci\u00f3n beherbergen. Sp\u00e4ter, im 17. Jahrhundert, wurde der westliche Kreuzgang gebaut, der heute eine Ruine ist. In der Kirche befindet sich ein Altaraufsatz, ein Werk von Blas de Figueredo und Francisco G\u00f3mez. <\/p>\n\t\t\t\t\t\t\t\t\t<\/div>\n\t\t\t\t\t\t\t\t\t<img decoding=\"async\" src=\"https:\/\/cdn.pilgrim.es\/web\/caminos\/via-de-la-plata\/pueblos\/zafra\/puntos-de-interes\/iglesia-del-rosario.jpg\" alt=\"Iglesia del Rosario\">\n\t\t\t\t\t\t\t\t<\/div>\n\t\t\t\t\t\t\t<\/div>\n\t\t\t\t\t\t\n\t\t\t\t\t\t\t<div class=\"accordion__accordion-content inactive\">\n\t\t\t\t\t\t\t\t<div>\n\t\t\t\t\t\t\t\t\t<div>\n\t\t\t\t\t\t\t\t\t\t<h4>La Casa Grande<\/h4>\n\t\t\t\t\t\t\t\t\t\t<p>Das um 1601 errichtete Geb\u00e4ude ist die ehemalige Residenz von Hern\u00e1n L\u00f3pez Ram\u00edrez, einem ber\u00fchmten Kaufmann aus Zafra. Bemerkenswert sind der Haupteingang, der ganz aus Marmor und im klassizistischen Stil gebaut ist, sowie der zentrale Innenhof und das Treppenhaus, die eher im italienischen Stil gehalten sind. <\/p>\n\t\t\t\t\t\t\t\t\t<\/div>\n\t\t\t\t\t\t\t\t\t<img decoding=\"async\" src=\"https:\/\/cdn.pilgrim.es\/web\/caminos\/via-de-la-plata\/pueblos\/zafra\/puntos-de-interes\/la-casa-grande.jpg\" alt=\"La Casa Grande\">\n\t\t\t\t\t\t\t\t<\/div>\n\t\t\t\t\t\t\t<\/div>\n\t\t\t\t\t\t\n\t\t\t\t\t\t\t<div class=\"accordion__accordion-content inactive\">\n\t\t\t\t\t\t\t\t<div>\n\t\t\t\t\t\t\t\t\t<div>\n\t\t\t\t\t\t\t\t\t\t<h4>Plaza Grande<\/h4>\n\t\t\t\t\t\t\t\t\t\t<p>Urspr\u00fcnglich bestand die Plaza Grande aus einem Grundst\u00fcck, dem Friedhof und dem an die Pfarrkirche von Candelaria angrenzenden Gel\u00e4nde. In der Mitte des 15. Jahrhunderts f\u00fchrte die kommerzielle Aktivit\u00e4t der Stadt jedoch zum Bau von Arkaden rund um den Friedhof, um den Handelsaustausch zu f\u00f6rdern. Von den H\u00e4usern rund um die Plaza Grande sticht vor allem das Geburtshaus von Pedro de Valencia hervor, einem humanistischen Schriftsteller, der 1555 in Zafra geboren wurde.\n\t\t\t\t\t\t\t\t\t<\/div>\n\t\t\t\t\t\t\t\t\t<img decoding=\"async\" src=\"https:\/\/cdn.pilgrim.es\/web\/caminos\/via-de-la-plata\/pueblos\/zafra\/puntos-de-interes\/plaza-grande.jpg\" alt=\"Plaza Grande\">\n\t\t\t\t\t\t\t\t<\/div>\n\t\t\t\t\t\t\t<\/div>\n\t\t\t\t\t\t\n\t\t\t\t\t\t\t<div class=\"accordion__accordion-content inactive\">\n\t\t\t\t\t\t\t\t<div>\n\t\t\t\t\t\t\t\t\t<div>\n\t\t\t\t\t\t\t\t\t\t<h4>La Vieja Sinagoga<\/h4>\n\t\t\t\t\t\t\t\t\t\t<p>Diese alte Synagoge befand sich in den Stra\u00dfen, die das alte j\u00fcdische Viertel bildeten, in dem sich heute die Kapelle San Jos\u00e9 oder Santa Catalina la Vieja befindet. <\/p>\n\n<p>Diese Touristenattraktion scheint aus der zweiten H\u00e4lfte des 15. Jahrhunderts zu stammen und ist von gro\u00dfem Ausma\u00df. Der Raum, in dem sich die Synagoge befand, besteht aus B\u00f6gen, die auf der H\u00f6he der Kapitelle eine Art Schlaufe aufweisen, und das Portal im gotischen Stil hat Halbs\u00e4ulen mit Torsi. <\/p>\n\t\t\t\t\t\t\t\t\t<\/div>\n\t\t\t\t\t\t\t\t\t<img decoding=\"async\" src=\"https:\/\/cdn.pilgrim.es\/web\/caminos\/via-de-la-plata\/pueblos\/zafra\/puntos-de-interes\/la-vieja-sinagoga.jpg\" alt=\"La Vieja Sinagoga\">\n\t\t\t\t\t\t\t\t<\/div>\n\t\t\t\t\t\t\t<\/div>\n\t\t\t\t\t\t\n\t\t\t\t\t\t\t<div class=\"accordion__accordion-content inactive\">\n\t\t\t\t\t\t\t\t<div>\n\t\t\t\t\t\t\t\t\t<div>\n\t\t\t\t\t\t\t\t\t\t<h4>Museo de Santa Clara<\/h4>\n\t\t\t\t\t\t\t\t\t\t<p>Im Kloster Santa Mar\u00eda del Valle, das auch als Kloster Santa Clara bekannt ist, soll dem Besucher das alte kl\u00f6sterliche Leben seiner urspr\u00fcnglichen Bewohner n\u00e4her gebracht werden. Dank der restaurierten R\u00e4ume wie der Kirche und der Sakristei, der neuen Krankenstation, der Freitreppe, der Zelle und des Kreuzgangs k\u00f6nnen alle Besucher diese besondere Lebensweise nachempfinden und kennenlernen. Dar\u00fcber hinaus hat es auch eine klare informative Funktion \u00fcber die Geschichte von Zafra durch das k\u00fcnstlerische Erbe des Klosters. <\/p>\n\n<p>STUNDEN<\/p>\n\n<p>Vom 15. Oktober bis 14. Juni Dienstag bis Sonntag von 11:00 bis 14:00 Uhr und von 17:00 bis 18:30 Uhr Montag geschlossen au\u00dfer an Feiertagen und langen Wochenenden F\u00fchrungen um 12:00 UhrVom 15. Juni bis 14. Oktober Dienstag bis Sonntag von 10:00 bis 14:00 Uhr Montag geschlossen au\u00dfer an Feiertagen und langen Wochenenden F\u00fchrungen um 12:00 Uhr<\/p>\n\n<p>TARIF<\/p>\n\n<p>Freier Eintritt<\/p> <p>Geb\u00fchr<\/p> <p>Freier Eintritt<\/p>\n\n<p>INFORMATIONEN VON INTERESSE<\/p>\n\n<p>Web: www.museozafra.esE-mail: info@museozafra.esTel\u00e9fono: 924 551 487<\/p>\n\t\t\t\t\t\t\t\t\t<\/div>\n\t\t\t\t\t\t\t\t\t<img decoding=\"async\" src=\"https:\/\/cdn.pilgrim.es\/web\/caminos\/via-de-la-plata\/pueblos\/zafra\/puntos-de-interes\/museo-de-santa-clara.jpg\" alt=\"Museo de Santa Clara\">\n\t\t\t\t\t\t\t\t<\/div>\n\t\t\t\t\t\t\t<\/div>\n\t\t\t\t\t\t\n\t\t\t\t\t\t\t<div class=\"accordion__accordion-content inactive\">\n\t\t\t\t\t\t\t\t<div>\n\t\t\t\t\t\t\t\t\t<div>\n\t\t\t\t\t\t\t\t\t\t<h4>Palacete del Conde de la Corte<\/h4>\n\t\t\t\t\t\t\t\t\t\t<p>Dieser ehemalige neoklassizistische Palast aus dem 19. Jahrhundert war die Residenz von Agust\u00edn Mendoza y Montero, dem sechsten Grafen des Hofes von La Berrona, einem ber\u00fchmten Stierz\u00fcchter. Heute ist dieser Palast des Conde la Corte in ein Vier-Sterne-Hotel umgewandelt worden, das vom Stierkampf inspiriert ist und Besucher dazu einladen soll, die l\u00e4ndliche Umgebung der Extremadura zu entdecken.\n\n<p>INFORMATIONEN VON INTERESSE<\/p>\n\n<p>Web: www.vivedespacio.com\/condedelacorte E-Mail: condedelacorte@vivedespacio.com Telefon: 924 563 311<\/p> <p>Web: www.vivedespacio.com\/condedelacorte E-Mail: condedelacorte@vivedespacio.com Telefon: 924 563 311<\/p>\n\t\t\t\t\t\t\t\t\t<\/div>\n\t\t\t\t\t\t\t\t\t<img decoding=\"async\" src=\"https:\/\/cdn.pilgrim.es\/web\/caminos\/via-de-la-plata\/pueblos\/zafra\/puntos-de-interes\/palacete-del-conde-de-la-corte.jpg\" alt=\"Palacete del Conde de la Corte\">\n\t\t\t\t\t\t\t\t<\/div>\n\t\t\t\t\t\t\t<\/div>\n\t\t\t\t\t\t\n\t\t\t\t\t\t\t<div class=\"accordion__accordion-content inactive\">\n\t\t\t\t\t\t\t\t<div>\n\t\t\t\t\t\t\t\t\t<div>\n\t\t\t\t\t\t\t\t\t\t<h4>Palacio de los Duques de la Feria<\/h4>\n\t\t\t\t\t\t\t\t\t\t<p>Die 1441 im Auftrag von Lorenzo II. Su\u00e1rez de Figueroa errichtete Burg diente in erster Linie dazu, die Residenz dieses Adligen unterzubringen und die Verteidigungsanlagen der Stadt zu vervollst\u00e4ndigen. Sie hat einen ausgepr\u00e4gten gotischen Stil, auch wenn ihre Dekoration in einigen Bereichen mit dem Mud\u00e9jar-Stil in Verbindung gebracht werden kann.\n\t\t\t\t\t\t\t\t\t<\/div>\n\t\t\t\t\t\t\t\t\t<img decoding=\"async\" src=\"https:\/\/cdn.pilgrim.es\/web\/caminos\/via-de-la-plata\/pueblos\/zafra\/puntos-de-interes\/palacio-de-los-duques-de-la-feria.jpg\" alt=\"Palacio de los Duques de la Feria\">\n\t\t\t\t\t\t\t\t<\/div>\n\t\t\t\t\t\t\t<\/div>\n\t\t\t\t\t\t\n\t\t\t\t\t\t\t<div class=\"accordion__accordion-content inactive\">\n\t\t\t\t\t\t\t\t<div>\n\t\t\t\t\t\t\t\t\t<div>\n\t\t\t\t\t\t\t\t\t\t<h4>Pilar de San Benito<\/h4>\n\t\t\t\t\t\t\t\t\t\t<p>Es handelt sich um eine gro\u00dfe S\u00e4ule von herausragender gotischer Dekoration aus der Mitte des 15. Jahrhunderts, die haupts\u00e4chlich mit pflanzlichen Ornamenten verziert ist. Jh., die haupts\u00e4chlich mit vegetabilen Ornamenten verziert ist. Sie ist haupts\u00e4chlich aus Stein gebaut und besteht aus zwei Gef\u00e4\u00dfen: einem kleineren, das zum F\u00fcllen von Gef\u00e4\u00dfen und als \u00f6ffentlicher Brunnen diente, und einem etwas niedrigeren, gr\u00f6\u00dferen, das den Durst der Tiere l\u00f6schte.\n\t\t\t\t\t\t\t\t\t<\/div>\n\t\t\t\t\t\t\t\t\t<img decoding=\"async\" src=\"https:\/\/cdn.pilgrim.es\/web\/caminos\/via-de-la-plata\/pueblos\/zafra\/puntos-de-interes\/pilar-de-san-benito.jpg\" alt=\"Pilar de San Benito\">\n\t\t\t\t\t\t\t\t<\/div>\n\t\t\t\t\t\t\t<\/div>\n\t\t\t\t\t\t\n\t\t\t\t\t\t\t<div class=\"accordion__accordion-content inactive\">\n\t\t\t\t\t\t\t\t<div>\n\t\t\t\t\t\t\t\t\t<div>\n\t\t\t\t\t\t\t\t\t\t<h4>Plaza Chica<\/h4>\n\t\t\t\t\t\t\t\t\t\t<p>Dies ist der urspr\u00fcngliche Platz von Zafra, der die zentrale Achse der mittelalterlichen Stadt darstellte, da hier jede Woche der st\u00e4dtische Markt stattfand, und zwar seit 1380. <\/p>\n\n<p>Um die Ma\u00dfe der verschiedenen auf dem Markt ausgestellten Waren zu \u00fcberpr\u00fcfen und zu kontrollieren, wurde ein Raum eingerichtet, der als Lagerraum diente, und ein in eine der S\u00e4ulen eingravierter Schaft hatte die gleiche Funktion, der als Stab von Zafra bekannt ist.\n\t\t\t\t\t\t\t\t\t<\/div>\n\t\t\t\t\t\t\t\t\t<img decoding=\"async\" src=\"https:\/\/cdn.pilgrim.es\/web\/caminos\/via-de-la-plata\/pueblos\/zafra\/puntos-de-interes\/plaza-chica.jpg\" alt=\"Plaza Chica\">\n\t\t\t\t\t\t\t\t<\/div>\n\t\t\t\t\t\t\t<\/div>\n\t\t\t\t\t\t\n\t\t\t\t\t\t\t<div class=\"accordion__accordion-content inactive\">\n\t\t\t\t\t\t\t\t<div>\n\t\t\t\t\t\t\t\t\t<div>\n\t\t\t\t\t\t\t\t\t\t<h4>Torre de San Francisco<\/h4>\n\t\t\t\t\t\t\t\t\t\t<p>Der Turm, der aus dem 16. und 17. Jahrhundert stammt, ist der einzige verbliebene Teil des alten Klosters San Benito.<\/p> <p>Der Turm, der aus dem 16. und 17. Jahrhundert stammt, ist der einzige verbliebene Teil des alten Klosters San Benito.\n\t\t\t\t\t\t\t\t\t<\/div>\n\t\t\t\t\t\t\t\t\t<img decoding=\"async\" src=\"https:\/\/cdn.pilgrim.es\/web\/caminos\/via-de-la-plata\/pueblos\/zafra\/puntos-de-interes\/torre-de-san-francisco.jpg\" alt=\"Torre de San Francisco\">\n\t\t\t\t\t\t\t\t<\/div>\n\t\t\t\t\t\t\t<\/div>\n\t\t\t\t\t\t\n\t\t\t\t\t<\/div>\n\t\t\t\t<\/div>\n\t\t\t<\/div>\n\t\t\n\n\t\t<div id=\"phonesSection\">\n\t\t\t<div>\n\t\t\t\t<h2 class=\"p-h3-town\">Informationen von Interesse<\/h2>\n\t\t\t<\/div>\n\t\t\t<div class=\"grid\">\n\t\t\t\t\n\t\t\t\t\t<div class=\"phone-number-item\">\n\t\t\t\t\t\t<div class=\"phone-number-item__icon\"><i class=\"icon-police\"><\/i><\/div>\n\t\t\t\t\t\t<div class=\"phone-number-item__title\">\n\t\t\t\t\t\t\t<h3 class=\"p-font-bold\">Ortspolizei<\/h3>\n\t\t\t\t\t\t\t<p>924 554 601<\/p>\n\t\t\t\t\t\t\t\n\t\t\t\t\t\t<\/div>\n\t\t\t\t\t<\/div>\n\t\t\t\t\n\t\t\t\t\t<div class=\"phone-number-item\">\n\t\t\t\t\t\t<div class=\"phone-number-item__icon\"><i class=\"icon-spanish-military-police\"><\/i><\/div>\n\t\t\t\t\t\t<div class=\"phone-number-item__title\">\n\t\t\t\t\t\t\t<h3 class=\"p-font-bold\">Zivilwache<\/h3>\n\t\t\t\t\t\t\t<p>924 550 124<\/p>\n\t\t\t\t\t\t\t\n\t\t\t\t\t\t<\/div>\n\t\t\t\t\t<\/div>\n\t\t\t\t\n\t\t\t\t\t<div class=\"phone-number-item\">\n\t\t\t\t\t\t<div class=\"phone-number-item__icon\"><i class=\"icon-firefighters\"><\/i><\/div>\n\t\t\t\t\t\t<div class=\"phone-number-item__title\">\n\t\t\t\t\t\t\t<h3 class=\"p-font-bold\">Feuerwehr<\/h3>\n\t\t\t\t\t\t\t<p>924 550 891<\/p>\n\t\t\t\t\t\t\t\n\t\t\t\t\t\t<\/div>\n\t\t\t\t\t<\/div>\n\t\t\t\t\n\t\t\t\t\t<div class=\"phone-number-item\">\n\t\t\t\t\t\t<div class=\"phone-number-item__icon\"><i class=\"icon-civil-protection\"><\/i><\/div>\n\t\t\t\t\t\t<div class=\"phone-number-item__title\">\n\t\t\t\t\t\t\t<h3 class=\"p-font-bold\">Zivilschutz<\/h3>\n\t\t\t\t\t\t\t<p>924 550 860<\/p>\n\t\t\t\t\t\t\t\n\t\t\t\t\t\t<\/div>\n\t\t\t\t\t<\/div>\n\t\t\t\t\n\t\t\t\t\t<div class=\"phone-number-item\">\n\t\t\t\t\t\t<div class=\"phone-number-item__icon\"><i class=\"icon-town-council\"><\/i><\/div>\n\t\t\t\t\t\t<div class=\"phone-number-item__title\">\n\t\t\t\t\t\t\t<h3 class=\"p-font-bold\">Rathaus<\/h3>\n\t\t\t\t\t\t\t<p>924 554 601<\/p>\n\t\t\t\t\t\t\t\n\t\t\t\t\t\t<\/div>\n\t\t\t\t\t<\/div>\n\t\t\t\t\n\t\t\t\t\t<div class=\"phone-number-item\">\n\t\t\t\t\t\t<div class=\"phone-number-item__icon\"><i class=\"icon-hospital\"><\/i><\/div>\n\t\t\t\t\t\t<div class=\"phone-number-item__title\">\n\t\t\t\t\t\t\t<h3 class=\"p-font-bold\">Gesundheitszentrum<\/h3>\n\t\t\t\t\t\t\t<p>924 558 831<\/p>\n\t\t\t\t\t\t\t\n\t\t\t\t\t\t<\/div>\n\t\t\t\t\t<\/div>\n\t\t\t\t\n\t\t\t\t\t<div class=\"phone-number-item\">\n\t\t\t\t\t\t<div class=\"phone-number-item__icon\"><i class=\"icon-tourism\"><\/i><\/div>\n\t\t\t\t\t\t<div class=\"phone-number-item__title\">\n\t\t\t\t\t\t\t<h3 class=\"p-font-bold\">Fremdenverkehrsamt<\/h3>\n\t\t\t\t\t\t\t<p>924 551 036<\/p>\n\t\t\t\t\t\t\t\n\t\t\t\t\t\t\t\t<p>Plaza de Espa\u00f1a, s\/n<\/p>\n\t\t\t\t\t\t\t\n\t\t\t\t\t\t<\/div>\n\t\t\t\t\t<\/div>\n\t\t\t\t\n\t\t\t<\/div>\n\t\t<\/div>\n\n\t\t<div id=\"clientForm\">\n        <section>\n        <img decoding=\"async\" src=\"https:\/\/cdn.pilgrim.es\/web\/home\/email-contacto.png\" alt=\"contacto\">\n        <div>\n            <p>Wir senden dir deine Planung<\/p>\n            <p>Gib uns deine Daten an und erhalte die Planung deiner Reise per E-Mail <\/p>\n            <form method=\"post\" data-url=\"\/wp-admin\/admin-ajax.php\" id=\"planner--client\" class=\"flag-right form-client\">\n    <div class=\"form-data\">\n        <input name=\"form_id\" type=\"hidden\" value=\"Formulario Leads\">\n        <input name=\"type\" type=\"hidden\" value=\"planner_client\">\n        <input type=\"text\" name=\"nombre\" value=\"\" size=\"40\" class=\"form-control\" aria-required=\"true\" aria-invalid=\"false\" placeholder=\"Name\">\n        <input type=\"email\" name=\"email\" value=\"\" size=\"40\" class=\"form-control\" aria-required=\"true\" aria-invalid=\"false\" placeholder=\"E- Mail\">\n        <input type=\"text\" id=\"phone-input\" name=\"tel\" value=\"\" size=\"40\" class=\"phone-input form-control\" aria-required=\"true\" aria-invalid=\"false\" placeholder=\"Telefon\">\n        <input type=\"hidden\" name=\"telefono\">\n    <\/div>\n    <div class=\"form-checkbox\">\n        <span>\n            Pilgrim Travel, S.L. teilt gem\u00e4\u00df Regulierung 2016\/679 mit, dass die in diesem Formular verwendeten Daten sowohl f\u00fcr die Beantwortung der m\u00f6glichen Anfragen als auch f\u00fcr die Ver\u00f6ffentlichung der Kommentare verwendet werden, mit der Zustimmung des Nutzers. Sie k\u00f6nnen Ihre Rechte in \u00dcbereinstimmung mit unserer Datenschutzbestimmungen aus\u00fcben             <a href=\"https:\/\/www.pilgrim.es\/politica-de-privacidad\/\" target=\"_blank\" rel=\"noopener noreferrer nofollow\">Datenschutzerkl\u00e4rung.<\/a>\n        <\/span>\n    <\/div>\n\n    <div class=\"form-submit\">\n        <button id=\"planner--client-create\" type=\"submit\">Anfrage senden<\/button>\n        <div class=\"loadingDiv\"><i class=\"p-spinner\"><\/i><\/div>\n    <\/div>\n\n    <div class=\"contact-content-form-success\">\n        <p><i class=\"fas fa-check\"><\/i> Das Formular hat sich erfolgreich gesendet.<\/p>\n    <\/div>\n\n    <div class=\"contact-content-form-error\">\n        <span class=\"input-error\"><\/span>\n    <\/div>\n<\/form>        <\/div>\n    <\/section>\n<\/div>\n\n\t\t<div id=\"recomendationSection\">\n\t\t\t<div>\n\t\t\t\t<h2 class=\"p-h2-town\">Empfohlen<\/h2>\n\t\t\t\t<hr>\n\t\t\t\t<h3 class=\"p-h3-town\">Gastronomie<\/h3>\n\t\t\t<\/div>\n\t\t\tObwohl die kulinarische Kultur der Gemeinde Zafra der der gesamten Extremadura sehr \u00e4hnlich ist, sind einige der traditionellen Rezepte der Stadt erw\u00e4hnenswert, wie z. B. Lamm- oder Schweinefleischeintopf, Ochsenschwanz, Lamminnereien, Migas, Retinto (eine Art Rindfleisch, das mit verschiedenen So\u00dfen zubereitet wird) und alle Wurstsorten, die vom iberischen Schwein stammen.\n\nVergessen Sie nicht, einige der Weine der Region zu probieren, die aus einheimischen Trauben hergestellt werden, wie z. B. Tempranillo, Garnacha oder Cabernet Sauvignon.\n\nBei den S\u00fc\u00dfwaren sind die im Kloster Santa Clara hergestellten Backwaren wie Mandelherzen und echte Cubiletes hervorzuheben.\n\t\t<\/div>\n\n\n\t\t\n\t\t\t<div id=\"holidaysSection\">\n\t\t\t\t<div>\n\t\t\t\t\t<h2 class=\"p-h2-town\">Empfohlen<\/h2>\n\t\t\t\t\t<hr>\n\t\t\t\t\t<h3 class=\"p-h3-town\">Feste und Pilgerfahrten<\/h3>\n\t\t\t\t<\/div>\n\t\t\t\t<div class=\"grid holidays-grid\">\n\t\t\t\t\t\n\t\t\t\t\t\t<div>\n\t\t\t\t\t\t\t<div class=\"phone-number-item\">\n\t\t\t\t\t\t\t\t<div class=\"phone-number-item__icon\"><i class=\"icon-holiday\"><\/i><\/div>\n\t\t\t\t\t\t\t\t<div class=\"phone-number-item__title dark-text\">\n\t\t\t\t\t\t\t\t\t<p class=\"p-font-bold\">Lokaler Urlaub<\/p>\n\t\t\t\t\t\t\t\t\t<p>15 de mayo: La Garganz\u00e1<\/p>\n\t\t\t\t\t\t\t\t<\/div>\n\t\t\t\t\t\t\t<\/div>\n\t\t\t\t\t\t<\/div>\n\t\t\t\t\t\n\t\t\t\t\t\t<div>\n\t\t\t\t\t\t\t<div class=\"phone-number-item\">\n\t\t\t\t\t\t\t\t<div class=\"phone-number-item__icon\"><i class=\"icon-holiday\"><\/i><\/div>\n\t\t\t\t\t\t\t\t<div class=\"phone-number-item__title dark-text\">\n\t\t\t\t\t\t\t\t\t<p class=\"p-font-bold\">Lokaler Urlaub<\/p>\n\t\t\t\t\t\t\t\t\t<p>Domingo de carnaval: La Bacanal de la grasa<\/p>\n\t\t\t\t\t\t\t\t<\/div>\n\t\t\t\t\t\t\t<\/div>\n\t\t\t\t\t\t<\/div>\n\t\t\t\t\t\n\t\t\t\t\t\t<div>\n\t\t\t\t\t\t\t<div class=\"phone-number-item\">\n\t\t\t\t\t\t\t\t<div class=\"phone-number-item__icon\"><i class=\"icon-holiday\"><\/i><\/div>\n\t\t\t\t\t\t\t\t<div class=\"phone-number-item__title dark-text\">\n\t\t\t\t\t\t\t\t\t<p class=\"p-font-bold\">Lokaler Urlaub<\/p>\n\t\t\t\t\t\t\t\t\t<p>Del 17 al 26 de junio: Fiesta de la Luna al Fuego<\/p>\n\t\t\t\t\t\t\t\t<\/div>\n\t\t\t\t\t\t\t<\/div>\n\t\t\t\t\t\t<\/div>\n\t\t\t\t\t\n\t\t\t\t\t\t<div>\n\t\t\t\t\t\t\t<div class=\"phone-number-item\">\n\t\t\t\t\t\t\t\t<div class=\"phone-number-item__icon\"><i class=\"icon-holiday\"><\/i><\/div>\n\t\t\t\t\t\t\t\t<div class=\"phone-number-item__title dark-text\">\n\t\t\t\t\t\t\t\t\t<p class=\"p-font-bold\">Lokaler Urlaub<\/p>\n\t\t\t\t\t\t\t\t\t<p>Domingo siguiente al domingo de resurrecci\u00f3n: Domingo de Quasimodo<\/p>\n\t\t\t\t\t\t\t\t<\/div>\n\t\t\t\t\t\t\t<\/div>\n\t\t\t\t\t\t<\/div>\n\t\t\t\t\t\n\t\t\t\t<\/div>\n\t\t\t<\/div>\n\t\t\n\t<\/div>\n<\/section>\n\n<div id=\"stage_list_section\"><div class=\"stage-list\">\n    <div class='stage-list__map-card'>\n        <div class='stage-list__map-card__map'>\n            <div class='stage-list__map-card__map__text'>\n                <h2> Pages <\/h2>\n                <p> Zu Fu\u00df<\/p>\n                <p> 0etappen<\/p>\n            <\/div>\n            <div class='stage-list__map-card__map__img'>\n                <img decoding=\"async\" src=\"\" alt=\" mapa \" \/>\n            <\/div>\n        <\/div>\n    <\/div>\n\n    <\/div>\n<\/div> ","protected":false},"excerpt":{"rendered":"<p>Zafra &#8249; Zur\u00fcck zur B\u00fchne Zafra Einwohner: 16.828 aprox. Bundesland: Badajoz Informationen Get to know Zafra Die Gemeinde Zafra liegt in der Mitte zwischen Andalusien, Kastilien-La Mancha und dem Alentejo, und ihre Lage hat sie zu einem Unterkunfts- und Erholungsort f\u00fcr alle Reisenden gemacht. Dank der Geschichte, die der Ort erlebt hat, verf\u00fcgt er \u00fcber &hellip; <\/p>\n<p class=\"read_more\"><a href=\"https:\/\/www.pilgrim.es\/de\/silber-route\/zafra\/\">Leer m\u00e1s<\/a><\/p>\n","protected":false},"author":0,"featured_media":109,"parent":10601,"menu_order":0,"comment_status":"closed","ping_status":"closed","template":"views\/template-new-web-design.blade.php","meta":{"footnotes":""},"categories":[],"tags":[],"class_list":["post-91500","page","type-page","status-publish","has-post-thumbnail","hentry"],"yoast_head":"<!-- This site is optimized with the Yoast SEO plugin v27.4 - https:\/\/yoast.com\/product\/yoast-seo-wordpress\/ -->\n<title>Zafra: Was sehen und wo \u00fcbernachten | Jakobsweg | Pilgrim<\/title>\n<meta name=\"description\" content=\"Zafra Entdecken Sie alle Informationen \u00fcber Unterk\u00fcnfte, Anreise, Gastronomie und die wichtigsten Sehensw\u00fcrdigkeiten der Orte am Silberweg\" \/>\n<meta name=\"robots\" content=\"index, follow, max-snippet:-1, max-image-preview:large, max-video-preview:-1\" \/>\n<link rel=\"canonical\" href=\"https:\/\/www.pilgrim.es\/de\/silber-route\/zafra\/\" \/>\n<meta property=\"og:locale\" content=\"de_DE\" \/>\n<meta property=\"og:type\" content=\"article\" \/>\n<meta property=\"og:title\" content=\"Zafra: Was sehen und wo \u00fcbernachten | Jakobsweg | Pilgrim\" \/>\n<meta property=\"og:description\" content=\"Zafra Entdecken Sie alle Informationen \u00fcber Unterk\u00fcnfte, Anreise, Gastronomie und die wichtigsten Sehensw\u00fcrdigkeiten der Orte am Silberweg\" \/>\n<meta property=\"og:url\" content=\"https:\/\/www.pilgrim.es\/de\/silber-route\/zafra\/\" \/>\n<meta property=\"og:site_name\" content=\"Pilgrim\" \/>\n<meta property=\"article:publisher\" content=\"https:\/\/www.facebook.com\/pilgrim.es\/\" \/>\n<meta property=\"og:image\" content=\"https:\/\/www.pilgrim.es\/wp-content\/uploads\/2019\/02\/zafra1.jpg\" \/>\n\t<meta property=\"og:image:width\" content=\"520\" \/>\n\t<meta property=\"og:image:height\" content=\"370\" \/>\n\t<meta property=\"og:image:type\" content=\"image\/jpeg\" \/>\n<meta name=\"twitter:card\" content=\"summary_large_image\" \/>\n<meta name=\"twitter:site\" content=\"@pilgrim_es\" \/>\n<meta name=\"twitter:label1\" content=\"Gesch\u00e4tzte Lesezeit\" \/>\n\t<meta name=\"twitter:data1\" content=\"10\u00a0Minuten\" \/>\n<script type=\"application\/ld+json\" class=\"yoast-schema-graph\">{\"@context\":\"https:\\\/\\\/schema.org\",\"@graph\":[{\"@type\":\"WebPage\",\"@id\":\"https:\\\/\\\/www.pilgrim.es\\\/de\\\/silber-route\\\/zafra\\\/\",\"url\":\"https:\\\/\\\/www.pilgrim.es\\\/de\\\/silber-route\\\/zafra\\\/\",\"name\":\"Zafra: Was sehen und wo \u00fcbernachten | Jakobsweg | Pilgrim\",\"isPartOf\":{\"@id\":\"https:\\\/\\\/www.pilgrim.es\\\/de\\\/#website\"},\"primaryImageOfPage\":{\"@id\":\"https:\\\/\\\/www.pilgrim.es\\\/de\\\/silber-route\\\/zafra\\\/#primaryimage\"},\"image\":{\"@id\":\"https:\\\/\\\/www.pilgrim.es\\\/de\\\/silber-route\\\/zafra\\\/#primaryimage\"},\"thumbnailUrl\":\"https:\\\/\\\/www.pilgrim.es\\\/wp-content\\\/uploads\\\/2019\\\/02\\\/zafra1.jpg\",\"datePublished\":\"2025-03-17T15:59:58+00:00\",\"description\":\"Zafra Entdecken Sie alle Informationen \u00fcber Unterk\u00fcnfte, Anreise, Gastronomie und die wichtigsten Sehensw\u00fcrdigkeiten der Orte am Silberweg\",\"breadcrumb\":{\"@id\":\"https:\\\/\\\/www.pilgrim.es\\\/de\\\/silber-route\\\/zafra\\\/#breadcrumb\"},\"inLanguage\":\"de\",\"potentialAction\":[{\"@type\":\"ReadAction\",\"target\":[\"https:\\\/\\\/www.pilgrim.es\\\/de\\\/silber-route\\\/zafra\\\/\"]}]},{\"@type\":\"ImageObject\",\"inLanguage\":\"de\",\"@id\":\"https:\\\/\\\/www.pilgrim.es\\\/de\\\/silber-route\\\/zafra\\\/#primaryimage\",\"url\":\"https:\\\/\\\/www.pilgrim.es\\\/wp-content\\\/uploads\\\/2019\\\/02\\\/zafra1.jpg\",\"contentUrl\":\"https:\\\/\\\/www.pilgrim.es\\\/wp-content\\\/uploads\\\/2019\\\/02\\\/zafra1.jpg\",\"width\":520,\"height\":370,\"caption\":\"Zafra\"},{\"@type\":\"BreadcrumbList\",\"@id\":\"https:\\\/\\\/www.pilgrim.es\\\/de\\\/silber-route\\\/zafra\\\/#breadcrumb\",\"itemListElement\":[{\"@type\":\"ListItem\",\"position\":1,\"name\":\"Camino de Santiago\",\"item\":\"https:\\\/\\\/www.pilgrim.es\\\/de\\\/\"},{\"@type\":\"ListItem\",\"position\":2,\"name\":\"Die Silber-Route\",\"item\":\"https:\\\/\\\/www.pilgrim.es\\\/de\\\/silber-route\\\/\"},{\"@type\":\"ListItem\",\"position\":3,\"name\":\"Zafra\"}]},{\"@type\":\"WebSite\",\"@id\":\"https:\\\/\\\/www.pilgrim.es\\\/de\\\/#website\",\"url\":\"https:\\\/\\\/www.pilgrim.es\\\/de\\\/\",\"name\":\"Pilgrim\",\"description\":\"Camino de Santiago | Caminamos Contigo\",\"publisher\":{\"@id\":\"https:\\\/\\\/www.pilgrim.es\\\/de\\\/#organization\"},\"potentialAction\":[{\"@type\":\"SearchAction\",\"target\":{\"@type\":\"EntryPoint\",\"urlTemplate\":\"https:\\\/\\\/www.pilgrim.es\\\/de\\\/?s={search_term_string}\"},\"query-input\":{\"@type\":\"PropertyValueSpecification\",\"valueRequired\":true,\"valueName\":\"search_term_string\"}}],\"inLanguage\":\"de\"},{\"@type\":\"Organization\",\"@id\":\"https:\\\/\\\/www.pilgrim.es\\\/de\\\/#organization\",\"name\":\"Pilgrim Camino de Santiago\",\"url\":\"https:\\\/\\\/www.pilgrim.es\\\/de\\\/\",\"logo\":{\"@type\":\"ImageObject\",\"inLanguage\":\"de\",\"@id\":\"https:\\\/\\\/www.pilgrim.es\\\/de\\\/#\\\/schema\\\/logo\\\/image\\\/\",\"url\":\"https:\\\/\\\/www.pilgrim.es\\\/wp-content\\\/uploads\\\/2019\\\/04\\\/logo_pilgrim.png\",\"contentUrl\":\"https:\\\/\\\/www.pilgrim.es\\\/wp-content\\\/uploads\\\/2019\\\/04\\\/logo_pilgrim.png\",\"width\":512,\"height\":512,\"caption\":\"Pilgrim Camino de Santiago\"},\"image\":{\"@id\":\"https:\\\/\\\/www.pilgrim.es\\\/de\\\/#\\\/schema\\\/logo\\\/image\\\/\"},\"sameAs\":[\"https:\\\/\\\/www.facebook.com\\\/pilgrim.es\\\/\",\"https:\\\/\\\/x.com\\\/pilgrim_es\",\"https:\\\/\\\/www.instagram.com\\\/pilgrim.es\\\/\",\"https:\\\/\\\/www.linkedin.com\\\/company\\\/pilgrim-camino-de-santiago\\\/\",\"https:\\\/\\\/www.pinterest.es\\\/pilgrimcaminodesantiago\\\/\",\"https:\\\/\\\/www.youtube.com\\\/channel\\\/UCIv2ZzFLXVqthkNF32rKedw\\\/featured\"]}]}<\/script>\n<!-- \/ Yoast SEO plugin. -->","yoast_head_json":{"title":"Zafra: Was sehen und wo \u00fcbernachten | Jakobsweg | Pilgrim","description":"Zafra Entdecken Sie alle Informationen \u00fcber Unterk\u00fcnfte, Anreise, Gastronomie und die wichtigsten Sehensw\u00fcrdigkeiten der Orte am Silberweg","robots":{"index":"index","follow":"follow","max-snippet":"max-snippet:-1","max-image-preview":"max-image-preview:large","max-video-preview":"max-video-preview:-1"},"canonical":"https:\/\/www.pilgrim.es\/de\/silber-route\/zafra\/","og_locale":"de_DE","og_type":"article","og_title":"Zafra: Was sehen und wo \u00fcbernachten | Jakobsweg | Pilgrim","og_description":"Zafra Entdecken Sie alle Informationen \u00fcber Unterk\u00fcnfte, Anreise, Gastronomie und die wichtigsten Sehensw\u00fcrdigkeiten der Orte am Silberweg","og_url":"https:\/\/www.pilgrim.es\/de\/silber-route\/zafra\/","og_site_name":"Pilgrim","article_publisher":"https:\/\/www.facebook.com\/pilgrim.es\/","og_image":[{"width":520,"height":370,"url":"https:\/\/www.pilgrim.es\/wp-content\/uploads\/2019\/02\/zafra1.jpg","type":"image\/jpeg"}],"twitter_card":"summary_large_image","twitter_site":"@pilgrim_es","twitter_misc":{"Gesch\u00e4tzte Lesezeit":"10\u00a0Minuten"},"schema":{"@context":"https:\/\/schema.org","@graph":[{"@type":"WebPage","@id":"https:\/\/www.pilgrim.es\/de\/silber-route\/zafra\/","url":"https:\/\/www.pilgrim.es\/de\/silber-route\/zafra\/","name":"Zafra: Was sehen und wo \u00fcbernachten | Jakobsweg | Pilgrim","isPartOf":{"@id":"https:\/\/www.pilgrim.es\/de\/#website"},"primaryImageOfPage":{"@id":"https:\/\/www.pilgrim.es\/de\/silber-route\/zafra\/#primaryimage"},"image":{"@id":"https:\/\/www.pilgrim.es\/de\/silber-route\/zafra\/#primaryimage"},"thumbnailUrl":"https:\/\/www.pilgrim.es\/wp-content\/uploads\/2019\/02\/zafra1.jpg","datePublished":"2025-03-17T15:59:58+00:00","description":"Zafra Entdecken Sie alle Informationen \u00fcber Unterk\u00fcnfte, Anreise, Gastronomie und die wichtigsten Sehensw\u00fcrdigkeiten der Orte am Silberweg","breadcrumb":{"@id":"https:\/\/www.pilgrim.es\/de\/silber-route\/zafra\/#breadcrumb"},"inLanguage":"de","potentialAction":[{"@type":"ReadAction","target":["https:\/\/www.pilgrim.es\/de\/silber-route\/zafra\/"]}]},{"@type":"ImageObject","inLanguage":"de","@id":"https:\/\/www.pilgrim.es\/de\/silber-route\/zafra\/#primaryimage","url":"https:\/\/www.pilgrim.es\/wp-content\/uploads\/2019\/02\/zafra1.jpg","contentUrl":"https:\/\/www.pilgrim.es\/wp-content\/uploads\/2019\/02\/zafra1.jpg","width":520,"height":370,"caption":"Zafra"},{"@type":"BreadcrumbList","@id":"https:\/\/www.pilgrim.es\/de\/silber-route\/zafra\/#breadcrumb","itemListElement":[{"@type":"ListItem","position":1,"name":"Camino de Santiago","item":"https:\/\/www.pilgrim.es\/de\/"},{"@type":"ListItem","position":2,"name":"Die Silber-Route","item":"https:\/\/www.pilgrim.es\/de\/silber-route\/"},{"@type":"ListItem","position":3,"name":"Zafra"}]},{"@type":"WebSite","@id":"https:\/\/www.pilgrim.es\/de\/#website","url":"https:\/\/www.pilgrim.es\/de\/","name":"Pilgrim","description":"Camino de Santiago | Caminamos Contigo","publisher":{"@id":"https:\/\/www.pilgrim.es\/de\/#organization"},"potentialAction":[{"@type":"SearchAction","target":{"@type":"EntryPoint","urlTemplate":"https:\/\/www.pilgrim.es\/de\/?s={search_term_string}"},"query-input":{"@type":"PropertyValueSpecification","valueRequired":true,"valueName":"search_term_string"}}],"inLanguage":"de"},{"@type":"Organization","@id":"https:\/\/www.pilgrim.es\/de\/#organization","name":"Pilgrim Camino de Santiago","url":"https:\/\/www.pilgrim.es\/de\/","logo":{"@type":"ImageObject","inLanguage":"de","@id":"https:\/\/www.pilgrim.es\/de\/#\/schema\/logo\/image\/","url":"https:\/\/www.pilgrim.es\/wp-content\/uploads\/2019\/04\/logo_pilgrim.png","contentUrl":"https:\/\/www.pilgrim.es\/wp-content\/uploads\/2019\/04\/logo_pilgrim.png","width":512,"height":512,"caption":"Pilgrim Camino de Santiago"},"image":{"@id":"https:\/\/www.pilgrim.es\/de\/#\/schema\/logo\/image\/"},"sameAs":["https:\/\/www.facebook.com\/pilgrim.es\/","https:\/\/x.com\/pilgrim_es","https:\/\/www.instagram.com\/pilgrim.es\/","https:\/\/www.linkedin.com\/company\/pilgrim-camino-de-santiago\/","https:\/\/www.pinterest.es\/pilgrimcaminodesantiago\/","https:\/\/www.youtube.com\/channel\/UCIv2ZzFLXVqthkNF32rKedw\/featured"]}]}},"_links":{"self":[{"href":"https:\/\/www.pilgrim.es\/de\/wp-json\/wp\/v2\/pages\/91500","targetHints":{"allow":["GET"]}}],"collection":[{"href":"https:\/\/www.pilgrim.es\/de\/wp-json\/wp\/v2\/pages"}],"about":[{"href":"https:\/\/www.pilgrim.es\/de\/wp-json\/wp\/v2\/types\/page"}],"replies":[{"embeddable":true,"href":"https:\/\/www.pilgrim.es\/de\/wp-json\/wp\/v2\/comments?post=91500"}],"version-history":[{"count":0,"href":"https:\/\/www.pilgrim.es\/de\/wp-json\/wp\/v2\/pages\/91500\/revisions"}],"up":[{"embeddable":true,"href":"https:\/\/www.pilgrim.es\/de\/wp-json\/wp\/v2\/pages\/10601"}],"wp:featuredmedia":[{"embeddable":true,"href":"https:\/\/www.pilgrim.es\/de\/wp-json\/wp\/v2\/media\/109"}],"wp:attachment":[{"href":"https:\/\/www.pilgrim.es\/de\/wp-json\/wp\/v2\/media?parent=91500"}],"wp:term":[{"taxonomy":"category","embeddable":true,"href":"https:\/\/www.pilgrim.es\/de\/wp-json\/wp\/v2\/categories?post=91500"},{"taxonomy":"post_tag","embeddable":true,"href":"https:\/\/www.pilgrim.es\/de\/wp-json\/wp\/v2\/tags?post=91500"}],"curies":[{"name":"wp","href":"https:\/\/api.w.org\/{rel}","templated":true}]}}