{"id":91497,"date":"2025-03-17T15:58:59","date_gmt":"2025-03-17T15:58:59","guid":{"rendered":"https:\/\/www.pilgrim.es\/silber-route\/fuente-de-cantos\/"},"modified":"2025-03-17T15:58:59","modified_gmt":"2025-03-17T15:58:59","slug":"fuente-de-cantos","status":"publish","type":"page","link":"https:\/\/www.pilgrim.es\/de\/silber-route\/fuente-de-cantos\/","title":{"rendered":"Fuente de Cantos"},"content":{"rendered":" <section id=\"hero\">\n\t<h1>Fuente de Cantos<\/h1>\n\t<div class=\"hero-grid\">\n\t\t<div class=\"hero-grid__town-col\" data-background=\"https:\/\/cdn.pilgrim.es\/web\/caminos\/via-de-la-plata\/pueblos\/fuente-de-cantos.jpg\">\n\t\t\t<div>\n\t\t\t\t<a class=\"link-to-stage\" href=\"https:\/\/www.pilgrim.es\/via-plata\/etapa-5-monesterio-fuente-de-cantos\/\">\n\t\t\t\t\t<p>&#8249; Zur\u00fcck zur B\u00fchne<\/p>\n\t\t\t\t<\/a>\n\n\t\t\t\t<div class=\"town-data\">\n\t\t\t\t\t<h2>Fuente de Cantos<\/h2>\n\t\t\t\t\t<ul>\n\t\t\t\t\t\t<li>Einwohner: 5.002 aprox.<\/li>\n\t\t\t\t\t\t<li>Bundesland: Badajoz<\/li>\n\t\t\t\t\t<\/ul>\n\t\t\t\t<\/div>\n\t\t\t<\/div>\n\t\t<\/div>\n\t\t<div class=\"hero-grid__planner-col\"><div\r\n  class=\"p-col-span-1 p-rounded-lg p-px-5 p-h-full\"\r\n  style=\"background-image: url('https:\/\/cdn.pilgrim.es\/web\/pilgrim-planner\/bg-plugin-planificador.webp')\"\r\n  rel=\"preload\"\r\n  fetchpriority=\"high\"\r\n  >\r\n    <div class=\"p-text-center p-pt-5 p-text-white p-text-2xl p-font-semibold\">\r\n      Plane deinen Weg    <\/div>\r\n    <div\r\n            id='primary-app'\r\n            data-name='banner'\r\n            data-api='https:\/\/pathfinder.pilgrim.es\/api\/pathfinder\/v2'\r\n            data-mode='normal'\r\n            data-lang='de'\r\n            data-route='1'\r\n            data-destiny='https:\/\/planificador.pilgrim.es'\r\n            data-modality='1'\r\n            data-inline=''\r\n        ><\/div><\/div><\/div>\n\t<\/div>\n<\/section>\n\n<section id=\"infoTown\">\n\t<div class=\"sections-town\">\n\n\t\t<div id=\"informationSection\">\n\t\t\t<div>\n\t\t\t\t<h2 class=\"p-h2-town\">Informationen<\/h2>\n\t\t\t\t<hr>\n\t\t\t\t<h3 class=\"p-h3-town\">Get to know Fuente de Cantos<\/h3>\n\t\t\t<\/div>\n\t\t\t<p>Die Gemeinde Fuente de Cantos stellt dank der religi\u00f6sen Stiftungen, die in der Stadt entstanden sind, sowie als Geburtsort von Francisco de Zurbar\u00e1n de Vel\u00e1zquez eine wichtige historische St\u00e4tte dar.<\/p> <p>Dem Pilger, der sich entscheidet, die Etappe in dieser Stadt zu beenden, wird es nicht an grundlegenden Dienstleistungen fehlen. Au\u00dferdem ist das Dorf das Zentrum des S\u00fcdens der Extremadura.\n\t\t<\/div>\n\n\t\t<div id=\"locationSection\">\n\t\t\t<div>\n\t\t\t\t<h2 class=\"p-h2-town\">Standort<\/h2>\n\t\t\t\t<hr>\n\t\t\t\t<h3 class=\"p-h3-town\">Wegbeschreibung<\/h3>\n\t\t\t<\/div>\n\t\t\t<p>Am einfachsten erreicht man Fuentes de Cantos \u00fcber die Autobahn A-66, die so genannte V\u00eda de la Plata. Die A-66 verbindet Gij\u00f3n mit Sevilla, so dass die Stadt Fuentes de Cantos von jedem Punkt aus leicht zu erreichen ist, obwohl es auch andere M\u00f6glichkeiten gibt, wie die A-5 aus Madrid oder die N-432 aus Badajoz. Sie k\u00f6nnen die gleiche Stra\u00dfe auch in umgekehrter Richtung von C\u00f3rdoba aus benutzen.\n\n<p>Wenn Sie das Dorf mit dem Bus erreichen m\u00f6chten, gibt es mehrere Linien. Zum einen gibt es einen Bus, der Badajoz mit Sevilla verbindet, mit einer Haltestelle in Fuente de Cantos, oder umgekehrt Sevilla-Badajoz. Auch von M\u00e9rida aus gibt es t\u00e4gliche Busverbindungen, ebenso wie von Madrid, Salamanca usw.<\/p> <p>.\n\t\t\t<div>\n\t\t\t\t<div>\n  <iframe loading=\"lazy\"\n    src=\"https:\/\/www.google.com\/maps\/d\/embed?mid=1Ys5mt5unR1CTTNr1eNVGLl3IIXIIz60&amp;ehbc=2E312F\"\n    width=\"640\"\n    height=\"480\"\n    alt=\"Mapa Fuente de Cantos\"\n  ><\/iframe>\n<\/div>\n\n\t\t\t<\/div>\n\t\t<\/div>\n\n\t\t\n\t\t\t<div id=\"toVisitSection\">\n\t\t\t\t<div>\n\t\t\t\t\t<h2 class=\"p-h2-town\">Geschichte \/ Kultur<\/h2>\n\t\t\t\t\t<hr>\n\t\t\t\t\t<h3 class=\"p-h3-town\">Was es zu sehen gibt<\/h3>\n\t\t\t\t<\/div>\n\t\t\t\t<div>\n\t\t\t\t\t<div class=\"accordion\">\n\t\t\t\t\t\t<div class=\"accordion__menu\">\n\t\t\t\t\t\t\t<nav>\n\t\t\t\t\t\t\t\t\n\t\t\t\t\t\t\t\t\t<button class=\"nav-tab-accordion active\"><span>&#10093;<\/span><span> Casa Museo de Zurbar\u00e1n<\/span><\/button>\n\t\t\t\t\t\t\t\t\n\t\t\t\t\t\t\t\t\t<button class=\"nav-tab-accordion \"><span>&#10093;<\/span><span> Convento de las Carmelitas<\/span><\/button>\n\t\t\t\t\t\t\t\t\n\t\t\t\t\t\t\t\t\t<button class=\"nav-tab-accordion \"><span>&#10093;<\/span><span> Convento de San Diego<\/span><\/button>\n\t\t\t\t\t\t\t\t\n\t\t\t\t\t\t\t\t\t<button class=\"nav-tab-accordion \"><span>&#10093;<\/span><span> Ermita de la Aurora<\/span><\/button>\n\t\t\t\t\t\t\t\t\n\t\t\t\t\t\t\t\t\t<button class=\"nav-tab-accordion \"><span>&#10093;<\/span><span> Ermita de Nuestra Se\u00f1ora de la Hermosa<\/span><\/button>\n\t\t\t\t\t\t\t\t\n\t\t\t\t\t\t\t\t\t<button class=\"nav-tab-accordion \"><span>&#10093;<\/span><span> Ermita de San Juan<\/span><\/button>\n\t\t\t\t\t\t\t\t\n\t\t\t\t\t\t\t\t\t<button class=\"nav-tab-accordion \"><span>&#10093;<\/span><span> Iglesia de Nuestra Se\u00f1ora de la Granada<\/span><\/button>\n\t\t\t\t\t\t\t\t\n\t\t\t\t\t\t\t\t\t<button class=\"nav-tab-accordion \"><span>&#10093;<\/span><span> Yacimientos Arqueol\u00f3gico de los Castillejos<\/span><\/button>\n\t\t\t\t\t\t\t\t\n\t\t\t\t\t\t\t<\/nav>\n\t\t\t\t\t\t<\/div>\n\n\t\t\t\t\t\t\n\t\t\t\t\t\t\t<div class=\"accordion__accordion-content \">\n\t\t\t\t\t\t\t\t<div>\n\t\t\t\t\t\t\t\t\t<div>\n\t\t\t\t\t\t\t\t\t\t<h4>Casa Museo de Zurbar\u00e1n<\/h4>\n\t\t\t\t\t\t\t\t\t\t<p>Dieses Haus geh\u00f6rte dem extremaduranischen Maler Francisco de Zurbar\u00e1n. Es wurde restauriert und mit modernster Technik vollst\u00e4ndig renoviert, um den Besuchern einen m\u00f6glichst realistischen Eindruck vom Haus und Leben des Malers zu vermitteln.<\/p> <p>Dieses Haus war das Zuhause des extremaduranischen Malers Francisco de Zurbar\u00e1n.\n\n<p>In sechs S\u00e4len kann man verschiedene Aspekte seines Lebens kennenlernen, von seiner Kindheit und Jugend bis zu der Zeit, als er zu einem der bedeutendsten Maler der spanischen Generation des Goldenen Zeitalters wurde. Mehrsprachige Audioguides stehen den Besuchern zur Verf\u00fcgung, um sich an das Leben dieses Meisters des Helldunkels zu erinnern und seinen Lebensstil besser zu verstehen.\n\t\t\t\t\t\t\t\t\t<\/div>\n\t\t\t\t\t\t\t\t\t<img decoding=\"async\" src=\"https:\/\/cdn.pilgrim.es\/web\/caminos\/via-de-la-plata\/pueblos\/fuente-de-cantos\/puntos-de-interes\/casa-museo-de-zurbaran.jpg\" alt=\"Casa Museo de Zurbar\u00e1n\">\n\t\t\t\t\t\t\t\t<\/div>\n\t\t\t\t\t\t\t<\/div>\n\t\t\t\t\t\t\n\t\t\t\t\t\t\t<div class=\"accordion__accordion-content inactive\">\n\t\t\t\t\t\t\t\t<div>\n\t\t\t\t\t\t\t\t\t<div>\n\t\t\t\t\t\t\t\t\t\t<h4>Convento de las Carmelitas<\/h4>\n\t\t\t\t\t\t\t\t\t\t<p>Gegr\u00fcndet im Jahr 1649 mit der Hauptaufgabe, arme und verwaiste Jugendliche aufzunehmen und auszubilden, wurde es bald darauf dem Orden der reformierten Karmeliten zur Verf\u00fcgung gestellt.<\/p> <p>Es wurde 1649 mit der Hauptaufgabe gegr\u00fcndet, arme und verwaiste Jugendliche aufzunehmen und auszubilden.\n\n<p>Der Grundriss des Geb\u00e4udes ist ein lateinisches Kreuz, das von einem Tonnengew\u00f6lbe mit L\u00fcnetten bedeckt und in drei Abschnitte unterteilt ist. Die Eingangst\u00fcr befindet sich auf der Epistelseite, wo sich auch die Sakristei befindet. Besonders erw\u00e4hnenswert ist das Hauptaltarbild, das 1675 von Juan Mart\u00ednez de Vargas entworfen wurde und von der Darstellung der Nuestra Se\u00f1ora del Carmen beherrscht wird.\n\t\t\t\t\t\t\t\t\t<\/div>\n\t\t\t\t\t\t\t\t\t<img decoding=\"async\" src=\"https:\/\/cdn.pilgrim.es\/web\/caminos\/via-de-la-plata\/pueblos\/fuente-de-cantos\/puntos-de-interes\/convento-de-las-carmelitas.jpg\" alt=\"Convento de las Carmelitas\">\n\t\t\t\t\t\t\t\t<\/div>\n\t\t\t\t\t\t\t<\/div>\n\t\t\t\t\t\t\n\t\t\t\t\t\t\t<div class=\"accordion__accordion-content inactive\">\n\t\t\t\t\t\t\t\t<div>\n\t\t\t\t\t\t\t\t\t<div>\n\t\t\t\t\t\t\t\t\t\t<h4>Convento de San Diego<\/h4>\n\t\t\t\t\t\t\t\t\t\t<p>Dieses Ende 1624 auf Anweisung von Francisco Daza errichtete Kloster wurde im Laufe des 18. Jahrhunderts mehrfach umgebaut. <\/p> <p>Es wurde 1624 auf Anweisung von Francisco Daza erbaut.\n\n<p>Im Jahr 1835 wurde es aufgel\u00f6st und sein Inhalt wurde zwischen der Pfarrkirche und dem Kloster Carmen aufgeteilt. Die st\u00e4ndige Renovierung der Geb\u00e4ude, deren letzte im Jahr 2002 abgeschlossen wurde, hat die urspr\u00fcngliche Struktur fast vollst\u00e4ndig verschwinden lassen, so dass nur noch die Kirche \u00fcbrig geblieben ist, die aus vier Teilen besteht, die durch Pilaster und ein Tonnengew\u00f6lbe miteinander verbunden sind.\n\t\t\t\t\t\t\t\t\t<\/div>\n\t\t\t\t\t\t\t\t\t<img decoding=\"async\" src=\"https:\/\/cdn.pilgrim.es\/web\/caminos\/via-de-la-plata\/pueblos\/fuente-de-cantos\/puntos-de-interes\/convento-de-san-diego.jpg\" alt=\"Convento de San Diego\">\n\t\t\t\t\t\t\t\t<\/div>\n\t\t\t\t\t\t\t<\/div>\n\t\t\t\t\t\t\n\t\t\t\t\t\t\t<div class=\"accordion__accordion-content inactive\">\n\t\t\t\t\t\t\t\t<div>\n\t\t\t\t\t\t\t\t\t<div>\n\t\t\t\t\t\t\t\t\t\t<h4>Ermita de la Aurora<\/h4>\n\t\t\t\t\t\t\t\t\t\t<p>Diese Einsiedelei ist aufgrund ihrer Physiognomie recht ungew\u00f6hnlich, denn ihr Kirchenschiff ist ziemlich schief. Es besteht aus drei Jochen, ausgeschnittenen Pilastern und ist mit einem Tonnengew\u00f6lbe bedeckt. Die Decke ist viereckig und wird von einem halbrunden, h\u00e4ngenden Gew\u00f6lbe bedeckt, das von einer Laterne gekr\u00f6nt wird. <\/p>\n\n<p>Das sch\u00f6nste und herausragendste Merkmal der Kirche ist der sch\u00f6ne barocke Glockenturm, der sich \u00fcber der T\u00fcr mit drei \u00d6ffnungen erhebt.<\/p> <p>Das wichtigste Merkmal der Kirche ist der sch\u00f6ne barocke Glockenturm, der sich \u00fcber der T\u00fcr mit drei \u00d6ffnungen erhebt.\n\n<\/p> <p>INFORMATIONEN VON INTERESSE<\/p> <p>Das Hauptmerkmal der Kirche ist der sch\u00f6ne barocke Glockenturm, der sich \u00fcber der T\u00fcr mit den drei L\u00f6chern erhebt.\n\n<p>Web: www.fuentedecantos.eu\/la-ermita-de-la-aurora Telefon: 924 500 211<\/p> <p>Telefonnummer: 924 500 211<\/p>\n\t\t\t\t\t\t\t\t\t<\/div>\n\t\t\t\t\t\t\t\t\t<img decoding=\"async\" src=\"https:\/\/cdn.pilgrim.es\/web\/caminos\/via-de-la-plata\/pueblos\/fuente-de-cantos\/puntos-de-interes\/ermita-de-la-aurora.jpg\" alt=\"Ermita de la Aurora\">\n\t\t\t\t\t\t\t\t<\/div>\n\t\t\t\t\t\t\t<\/div>\n\t\t\t\t\t\t\n\t\t\t\t\t\t\t<div class=\"accordion__accordion-content inactive\">\n\t\t\t\t\t\t\t\t<div>\n\t\t\t\t\t\t\t\t\t<div>\n\t\t\t\t\t\t\t\t\t\t<h4>Ermita de Nuestra Se\u00f1ora de la Hermosa<\/h4>\n\t\t\t\t\t\t\t\t\t\t<p>Dieses im 15. Jahrhundert erbaute Gotteshaus erfuhr in den folgenden Jahrhunderten zahlreiche Umbauten, von denen die wichtigsten im 18. Jahrhundert durchgef\u00fchrt wurden, bis es zu dem wurde, was es heute ist. Im Laufe der Jahre beschloss man, die drei Kirchenschiffe zu einem einzigen zusammenzufassen und die Kirche mit einem Tonnengew\u00f6lbe mit Fl\u00fcgeln und L\u00fcnetten zu \u00fcberdachen. Die acht vorhandenen Seitenkapellen wurden auf die gleiche Weise verteilt, und sowohl die Hauptkapelle als auch die angrenzende Kapelle erhielten Kuppeln. <\/p>\n\t\t\t\t\t\t\t\t\t<\/div>\n\t\t\t\t\t\t\t\t\t<img decoding=\"async\" src=\"https:\/\/cdn.pilgrim.es\/web\/caminos\/via-de-la-plata\/pueblos\/fuente-de-cantos\/puntos-de-interes\/ermita-de-nuestra-senora-de-la-hermosa.jpg\" alt=\"Ermita de Nuestra Se\u00f1ora de la Hermosa\">\n\t\t\t\t\t\t\t\t<\/div>\n\t\t\t\t\t\t\t<\/div>\n\t\t\t\t\t\t\n\t\t\t\t\t\t\t<div class=\"accordion__accordion-content inactive\">\n\t\t\t\t\t\t\t\t<div>\n\t\t\t\t\t\t\t\t\t<div>\n\t\t\t\t\t\t\t\t\t\t<h4>Ermita de San Juan<\/h4>\n\t\t\t\t\t\t\t\t\t\t<p>Es handelt sich um eine 1515 erbaute Kirche, die als Krankenhaus von San Juan de Letr\u00e1n gegr\u00fcndet wurde. Urspr\u00fcnglich wurde es von den Franziskanerinnen der Konzeptionisten geleitet, die sich dort niederlie\u00dfen und es in ein Kloster umwandelten. Die heute noch bestehende Einsiedelei bildet den Kopf des alten Klosters, von dem nur noch die Hauptkapelle erhalten ist. <\/p>\n\t\t\t\t\t\t\t\t\t<\/div>\n\t\t\t\t\t\t\t\t\t<img decoding=\"async\" src=\"https:\/\/cdn.pilgrim.es\/web\/caminos\/via-de-la-plata\/pueblos\/fuente-de-cantos\/puntos-de-interes\/ermita-de-san-juan.jpg\" alt=\"Ermita de San Juan\">\n\t\t\t\t\t\t\t\t<\/div>\n\t\t\t\t\t\t\t<\/div>\n\t\t\t\t\t\t\n\t\t\t\t\t\t\t<div class=\"accordion__accordion-content inactive\">\n\t\t\t\t\t\t\t\t<div>\n\t\t\t\t\t\t\t\t\t<div>\n\t\t\t\t\t\t\t\t\t\t<h4>Iglesia de Nuestra Se\u00f1ora de la Granada<\/h4>\n\t\t\t\t\t\t\t\t\t\t<p>Es handelt sich um einen Tempel, der praktisch wieder aufgebaut wurde und von dem nur noch der alte Turm aus dem 15. <\/p>\n\n<p>Im 16. Jahrhundert wurde die Sakristei angebaut, ein Jahrhundert sp\u00e4ter kamen die Seitenfassaden hinzu und im 18. Jahrhundert wurde das Innere endg\u00fcltig mit einem einzigen, von einem Tonnengew\u00f6lbe bedeckten Schiff ausgestattet, das in sechs Joche unterteilt ist, mit flachen Kapellen zwischen den Strebepfeilern.\n\t\t\t\t\t\t\t\t\t<\/div>\n\t\t\t\t\t\t\t\t\t<img decoding=\"async\" src=\"https:\/\/cdn.pilgrim.es\/web\/caminos\/via-de-la-plata\/pueblos\/fuente-de-cantos\/puntos-de-interes\/iglesia-de-nuestra-senora-de-la-granada.jpg\" alt=\"Iglesia de Nuestra Se\u00f1ora de la Granada\">\n\t\t\t\t\t\t\t\t<\/div>\n\t\t\t\t\t\t\t<\/div>\n\t\t\t\t\t\t\n\t\t\t\t\t\t\t<div class=\"accordion__accordion-content inactive\">\n\t\t\t\t\t\t\t\t<div>\n\t\t\t\t\t\t\t\t\t<div>\n\t\t\t\t\t\t\t\t\t\t<h4>Yacimientos Arqueol\u00f3gico de los Castillejos<\/h4>\n\t\t\t\t\t\t\t\t\t\t<p>Das Gel\u00e4nde, auf dem sich die Lagerst\u00e4tten befinden, ist haupts\u00e4chlich in zwei Bereiche unterteilt: <\/p> <p>Das Gel\u00e4nde ist in zwei Bereiche unterteilt: <\/p> <p>Das Gel\u00e4nde ist in zwei Bereiche unterteilt: <\/p> &lt;p\n\n<p>Der erste befindet sich am Fu\u00dfe der Anlage und wird als Castillejos I bezeichnet, der zweite befindet sich auf der Spitze des H\u00fcgels und wird auch als Castillejos II bezeichnet. <\/p>\n\n<p>Diese beiden Bereiche des Castro sind in einem guten Erhaltungszustand, mit mehreren rechteckigen und quadratischen R\u00e4umen, gemauerten Sockeln und Stampflehmw\u00e4nden. Das herausragendste Element der gesamten Siedlung ist jedoch zweifellos die Mauer in Castillejos II, die perfekt erhalten ist. Sie folgt fast perfekt den Konturen des Gel\u00e4ndes und nimmt eine fast f\u00fcnfeckige Form an. Erw\u00e4hnenswert ist auch, dass sie an einigen Stellen bis zu drei Meter dick ist und es Hinweise darauf gibt, dass sie gro\u00dfe rechteckige T\u00fcrme hatte.\n\n<p>Von Castillejos I ist nur wenig erhalten, da die Theorie besagt, dass die Siedlung aufgrund von Br\u00e4nden, die sie zerst\u00f6rten, aufgegeben wurde. Aufgrund der zahlreichen Aschenreste, die um die Mauer herum gefunden wurden, ist man der Meinung, dass diese Tatsache der Realit\u00e4t sehr nahe kommt.\n\n<\/p> <p> <\/p> &lt;p\n\t\t\t\t\t\t\t\t\t<\/div>\n\t\t\t\t\t\t\t\t\t<img decoding=\"async\" src=\"https:\/\/cdn.pilgrim.es\/web\/caminos\/via-de-la-plata\/pueblos\/fuente-de-cantos\/puntos-de-interes\/yacimientos-arqueologico-de-los-castillejos.jpg\" alt=\"Yacimientos Arqueol\u00f3gico de los Castillejos\">\n\t\t\t\t\t\t\t\t<\/div>\n\t\t\t\t\t\t\t<\/div>\n\t\t\t\t\t\t\n\t\t\t\t\t<\/div>\n\t\t\t\t<\/div>\n\t\t\t<\/div>\n\t\t\n\n\t\t<div id=\"phonesSection\">\n\t\t\t<div>\n\t\t\t\t<h2 class=\"p-h3-town\">Informationen von Interesse<\/h2>\n\t\t\t<\/div>\n\t\t\t<div class=\"grid\">\n\t\t\t\t\n\t\t\t\t\t<div class=\"phone-number-item\">\n\t\t\t\t\t\t<div class=\"phone-number-item__icon\"><i class=\"icon-police\"><\/i><\/div>\n\t\t\t\t\t\t<div class=\"phone-number-item__title\">\n\t\t\t\t\t\t\t<h3 class=\"p-font-bold\">Ortspolizei<\/h3>\n\t\t\t\t\t\t\t<p>924 500 211<\/p>\n\t\t\t\t\t\t\t\n\t\t\t\t\t\t<\/div>\n\t\t\t\t\t<\/div>\n\t\t\t\t\n\t\t\t\t\t<div class=\"phone-number-item\">\n\t\t\t\t\t\t<div class=\"phone-number-item__icon\"><i class=\"icon-spanish-military-police\"><\/i><\/div>\n\t\t\t\t\t\t<div class=\"phone-number-item__title\">\n\t\t\t\t\t\t\t<h3 class=\"p-font-bold\">Zivilwache<\/h3>\n\t\t\t\t\t\t\t<p>924 500 008<\/p>\n\t\t\t\t\t\t\t\n\t\t\t\t\t\t<\/div>\n\t\t\t\t\t<\/div>\n\t\t\t\t\n\t\t\t\t\t<div class=\"phone-number-item\">\n\t\t\t\t\t\t<div class=\"phone-number-item__icon\"><i class=\"icon-firefighters\"><\/i><\/div>\n\t\t\t\t\t\t<div class=\"phone-number-item__title\">\n\t\t\t\t\t\t\t<h3 class=\"p-font-bold\">Feuerwehr<\/h3>\n\t\t\t\t\t\t\t<p>112<\/p>\n\t\t\t\t\t\t\t\n\t\t\t\t\t\t<\/div>\n\t\t\t\t\t<\/div>\n\t\t\t\t\n\t\t\t\t\t<div class=\"phone-number-item\">\n\t\t\t\t\t\t<div class=\"phone-number-item__icon\"><i class=\"icon-civil-protection\"><\/i><\/div>\n\t\t\t\t\t\t<div class=\"phone-number-item__title\">\n\t\t\t\t\t\t\t<h3 class=\"p-font-bold\">Zivilschutz<\/h3>\n\t\t\t\t\t\t\t<p>924 500 225<\/p>\n\t\t\t\t\t\t\t\n\t\t\t\t\t\t<\/div>\n\t\t\t\t\t<\/div>\n\t\t\t\t\n\t\t\t\t\t<div class=\"phone-number-item\">\n\t\t\t\t\t\t<div class=\"phone-number-item__icon\"><i class=\"icon-town-council\"><\/i><\/div>\n\t\t\t\t\t\t<div class=\"phone-number-item__title\">\n\t\t\t\t\t\t\t<h3 class=\"p-font-bold\">Rathaus<\/h3>\n\t\t\t\t\t\t\t<p>924 500 225<\/p>\n\t\t\t\t\t\t\t\n\t\t\t\t\t\t<\/div>\n\t\t\t\t\t<\/div>\n\t\t\t\t\n\t\t\t\t\t<div class=\"phone-number-item\">\n\t\t\t\t\t\t<div class=\"phone-number-item__icon\"><i class=\"icon-hospital\"><\/i><\/div>\n\t\t\t\t\t\t<div class=\"phone-number-item__title\">\n\t\t\t\t\t\t\t<h3 class=\"p-font-bold\">Gesundheitszentrum<\/h3>\n\t\t\t\t\t\t\t<p>924 500 951<\/p>\n\t\t\t\t\t\t\t\n\t\t\t\t\t\t<\/div>\n\t\t\t\t\t<\/div>\n\t\t\t\t\n\t\t\t\t\t<div class=\"phone-number-item\">\n\t\t\t\t\t\t<div class=\"phone-number-item__icon\"><i class=\"icon-tourism\"><\/i><\/div>\n\t\t\t\t\t\t<div class=\"phone-number-item__title\">\n\t\t\t\t\t\t\t<h3 class=\"p-font-bold\">Fremdenverkehrsamt<\/h3>\n\t\t\t\t\t\t\t<p>924 580 380<\/p>\n\t\t\t\t\t\t\t\n\t\t\t\t\t\t\t\t<p>C\/Carmen, 0<\/p>\n\t\t\t\t\t\t\t\n\t\t\t\t\t\t<\/div>\n\t\t\t\t\t<\/div>\n\t\t\t\t\n\t\t\t<\/div>\n\t\t<\/div>\n\n\t\t<div id=\"clientForm\">\n        <section>\n        <img decoding=\"async\" src=\"https:\/\/cdn.pilgrim.es\/web\/home\/email-contacto.png\" alt=\"contacto\">\n        <div>\n            <p>Wir senden dir deine Planung<\/p>\n            <p>Gib uns deine Daten an und erhalte die Planung deiner Reise per E-Mail <\/p>\n            <form method=\"post\" data-url=\"\/wp-admin\/admin-ajax.php\" id=\"planner--client\" class=\"flag-right form-client\">\n    <div class=\"form-data\">\n        <input name=\"form_id\" type=\"hidden\" value=\"Formulario Leads\">\n        <input name=\"type\" type=\"hidden\" value=\"planner_client\">\n        <input type=\"text\" name=\"nombre\" value=\"\" size=\"40\" class=\"form-control\" aria-required=\"true\" aria-invalid=\"false\" placeholder=\"Name\">\n        <input type=\"email\" name=\"email\" value=\"\" size=\"40\" class=\"form-control\" aria-required=\"true\" aria-invalid=\"false\" placeholder=\"E- Mail\">\n        <input type=\"text\" id=\"phone-input\" name=\"tel\" value=\"\" size=\"40\" class=\"phone-input form-control\" aria-required=\"true\" aria-invalid=\"false\" placeholder=\"Telefon\">\n        <input type=\"hidden\" name=\"telefono\">\n    <\/div>\n    <div class=\"form-checkbox\">\n        <span>\n            Pilgrim Travel, S.L. teilt gem\u00e4\u00df Regulierung 2016\/679 mit, dass die in diesem Formular verwendeten Daten sowohl f\u00fcr die Beantwortung der m\u00f6glichen Anfragen als auch f\u00fcr die Ver\u00f6ffentlichung der Kommentare verwendet werden, mit der Zustimmung des Nutzers. Sie k\u00f6nnen Ihre Rechte in \u00dcbereinstimmung mit unserer Datenschutzbestimmungen aus\u00fcben             <a href=\"https:\/\/www.pilgrim.es\/politica-de-privacidad\/\" target=\"_blank\" rel=\"noopener noreferrer nofollow\">Datenschutzerkl\u00e4rung.<\/a>\n        <\/span>\n    <\/div>\n\n    <div class=\"form-submit\">\n        <button id=\"planner--client-create\" type=\"submit\">Anfrage senden<\/button>\n        <div class=\"loadingDiv\"><i class=\"p-spinner\"><\/i><\/div>\n    <\/div>\n\n    <div class=\"contact-content-form-success\">\n        <p><i class=\"fas fa-check\"><\/i> Das Formular hat sich erfolgreich gesendet.<\/p>\n    <\/div>\n\n    <div class=\"contact-content-form-error\">\n        <span class=\"input-error\"><\/span>\n    <\/div>\n<\/form>        <\/div>\n    <\/section>\n<\/div>\n\n\t\t<div id=\"recomendationSection\">\n\t\t\t<div>\n\t\t\t\t<h2 class=\"p-h2-town\">Empfohlen<\/h2>\n\t\t\t\t<hr>\n\t\t\t\t<h3 class=\"p-h3-town\">Gastronomie<\/h3>\n\t\t\t<\/div>\n\t\t\tIn der Gemeinde Fuentes de Cantos basiert die Gastronomie, wie auch in den anderen umliegenden D\u00f6rfern, auf Schweinefleisch und dessen Derivaten, insbesondere iberischem Schinken.\n\nEin weiteres sehr traditionelles Produkt ist die Chanfaina, f\u00fcr die es ein eigenes Fest gibt, wobei die ber\u00fchmten Migas, Trincalla und Gazpacho extreme\u00f1o nicht vergessen werden d\u00fcrfen.\n\nSeit dem Altertum verf\u00fcgt diese Stadt \u00fcber eine bedeutende B\u00e4ckerei- und Konditoreiindustrie von hoher Qualit\u00e4t.\n\t\t<\/div>\n\n\n\t\t\n\t\t\t<div id=\"holidaysSection\">\n\t\t\t\t<div>\n\t\t\t\t\t<h2 class=\"p-h2-town\">Empfohlen<\/h2>\n\t\t\t\t\t<hr>\n\t\t\t\t\t<h3 class=\"p-h3-town\">Feste und Pilgerfahrten<\/h3>\n\t\t\t\t<\/div>\n\t\t\t\t<div class=\"grid holidays-grid\">\n\t\t\t\t\t\n\t\t\t\t\t\t<div>\n\t\t\t\t\t\t\t<div class=\"phone-number-item\">\n\t\t\t\t\t\t\t\t<div class=\"phone-number-item__icon\"><i class=\"icon-holiday\"><\/i><\/div>\n\t\t\t\t\t\t\t\t<div class=\"phone-number-item__title dark-text\">\n\t\t\t\t\t\t\t\t\t<p class=\"p-font-bold\">Lokaler Urlaub<\/p>\n\t\t\t\t\t\t\t\t\t<p>15 de agosto: Fiesta de Fuente de Cantos<\/p>\n\t\t\t\t\t\t\t\t<\/div>\n\t\t\t\t\t\t\t<\/div>\n\t\t\t\t\t\t<\/div>\n\t\t\t\t\t\n\t\t\t\t\t\t<div>\n\t\t\t\t\t\t\t<div class=\"phone-number-item\">\n\t\t\t\t\t\t\t\t<div class=\"phone-number-item__icon\"><i class=\"icon-holiday\"><\/i><\/div>\n\t\t\t\t\t\t\t\t<div class=\"phone-number-item__title dark-text\">\n\t\t\t\t\t\t\t\t\t<p class=\"p-font-bold\">Lokaler Urlaub<\/p>\n\t\t\t\t\t\t\t\t\t<p>15 de mayo: Romer\u00eda de San Isidro Labrado<\/p>\n\t\t\t\t\t\t\t\t<\/div>\n\t\t\t\t\t\t\t<\/div>\n\t\t\t\t\t\t<\/div>\n\t\t\t\t\t\n\t\t\t\t\t\t<div>\n\t\t\t\t\t\t\t<div class=\"phone-number-item\">\n\t\t\t\t\t\t\t\t<div class=\"phone-number-item__icon\"><i class=\"icon-holiday\"><\/i><\/div>\n\t\t\t\t\t\t\t\t<div class=\"phone-number-item__title dark-text\">\n\t\t\t\t\t\t\t\t\t<p class=\"p-font-bold\">Lokaler Urlaub<\/p>\n\t\t\t\t\t\t\t\t\t<p>\u00daltimo fin de semana de abril: Fiesta de la Chanfaina<\/p>\n\t\t\t\t\t\t\t\t<\/div>\n\t\t\t\t\t\t\t<\/div>\n\t\t\t\t\t\t<\/div>\n\t\t\t\t\t\n\t\t\t\t\t\t<div>\n\t\t\t\t\t\t\t<div class=\"phone-number-item\">\n\t\t\t\t\t\t\t\t<div class=\"phone-number-item__icon\"><i class=\"icon-holiday\"><\/i><\/div>\n\t\t\t\t\t\t\t\t<div class=\"phone-number-item__title dark-text\">\n\t\t\t\t\t\t\t\t\t<p class=\"p-font-bold\">Lokaler Urlaub<\/p>\n\t\t\t\t\t\t\t\t\t<p>15 de enero: La matanza did\u00e1ctica<\/p>\n\t\t\t\t\t\t\t\t<\/div>\n\t\t\t\t\t\t\t<\/div>\n\t\t\t\t\t\t<\/div>\n\t\t\t\t\t\n\t\t\t\t\t\t<div>\n\t\t\t\t\t\t\t<div class=\"phone-number-item\">\n\t\t\t\t\t\t\t\t<div class=\"phone-number-item__icon\"><i class=\"icon-holiday\"><\/i><\/div>\n\t\t\t\t\t\t\t\t<div class=\"phone-number-item__title dark-text\">\n\t\t\t\t\t\t\t\t\t<p class=\"p-font-bold\">Lokaler Urlaub<\/p>\n\t\t\t\t\t\t\t\t\t<p>24 de junio: San Juan<\/p>\n\t\t\t\t\t\t\t\t<\/div>\n\t\t\t\t\t\t\t<\/div>\n\t\t\t\t\t\t<\/div>\n\t\t\t\t\t\n\t\t\t\t\t\t<div>\n\t\t\t\t\t\t\t<div class=\"phone-number-item\">\n\t\t\t\t\t\t\t\t<div class=\"phone-number-item__icon\"><i class=\"icon-holiday\"><\/i><\/div>\n\t\t\t\t\t\t\t\t<div class=\"phone-number-item__title dark-text\">\n\t\t\t\t\t\t\t\t\t<p class=\"p-font-bold\">Lokaler Urlaub<\/p>\n\t\t\t\t\t\t\t\t\t<p>8 de septiembre: Fiesta de Nuestra Se\u00f1ora de la Hermosa<\/p>\n\t\t\t\t\t\t\t\t<\/div>\n\t\t\t\t\t\t\t<\/div>\n\t\t\t\t\t\t<\/div>\n\t\t\t\t\t\n\t\t\t\t<\/div>\n\t\t\t<\/div>\n\t\t\n\t<\/div>\n<\/section>\n\n<div id=\"stage_list_section\"><div class=\"stage-list\">\n    <div class='stage-list__map-card'>\n        <div class='stage-list__map-card__map'>\n            <div class='stage-list__map-card__map__text'>\n                <h2> Pages <\/h2>\n                <p> Zu Fu\u00df<\/p>\n                <p> 0etappen<\/p>\n            <\/div>\n            <div class='stage-list__map-card__map__img'>\n                <img decoding=\"async\" src=\"\" alt=\" mapa \" \/>\n            <\/div>\n        <\/div>\n    <\/div>\n\n    <\/div>\n<\/div> ","protected":false},"excerpt":{"rendered":"<p>Fuente de Cantos &#8249; Zur\u00fcck zur B\u00fchne Fuente de Cantos Einwohner: 5.002 aprox. Bundesland: Badajoz Informationen Get to know Fuente de Cantos Die Gemeinde Fuente de Cantos stellt dank der religi\u00f6sen Stiftungen, die in der Stadt entstanden sind, sowie als Geburtsort von Francisco de Zurbar\u00e1n de Vel\u00e1zquez eine wichtige historische St\u00e4tte dar. Dem Pilger, der &hellip; <\/p>\n<p class=\"read_more\"><a href=\"https:\/\/www.pilgrim.es\/de\/silber-route\/fuente-de-cantos\/\">Leer m\u00e1s<\/a><\/p>\n","protected":false},"author":0,"featured_media":4579,"parent":10601,"menu_order":0,"comment_status":"closed","ping_status":"closed","template":"views\/template-new-web-design.blade.php","meta":{"footnotes":""},"categories":[],"tags":[],"class_list":["post-91497","page","type-page","status-publish","has-post-thumbnail","hentry"],"yoast_head":"<!-- This site is optimized with the Yoast SEO plugin v27.4 - https:\/\/yoast.com\/product\/yoast-seo-wordpress\/ -->\n<title>Fuente de Cantos: Was sehen und wo \u00fcbernachten | Jakobsweg | Pilgrim<\/title>\n<meta name=\"description\" content=\"Fuente de Cantos Entdecken Sie alle Informationen \u00fcber Unterk\u00fcnfte, Anreise, Gastronomie und die wichtigsten Sehensw\u00fcrdigkeiten der Orte am Silberweg\" \/>\n<meta name=\"robots\" content=\"index, follow, max-snippet:-1, max-image-preview:large, max-video-preview:-1\" \/>\n<link rel=\"canonical\" href=\"https:\/\/www.pilgrim.es\/de\/silber-route\/fuente-de-cantos\/\" \/>\n<meta property=\"og:locale\" content=\"de_DE\" \/>\n<meta property=\"og:type\" content=\"article\" \/>\n<meta property=\"og:title\" content=\"Fuente de Cantos: Was sehen und wo \u00fcbernachten | Jakobsweg | Pilgrim\" \/>\n<meta property=\"og:description\" content=\"Fuente de Cantos Entdecken Sie alle Informationen \u00fcber Unterk\u00fcnfte, Anreise, Gastronomie und die wichtigsten Sehensw\u00fcrdigkeiten der Orte am Silberweg\" \/>\n<meta property=\"og:url\" content=\"https:\/\/www.pilgrim.es\/de\/silber-route\/fuente-de-cantos\/\" \/>\n<meta property=\"og:site_name\" content=\"Pilgrim\" \/>\n<meta property=\"article:publisher\" content=\"https:\/\/www.facebook.com\/pilgrim.es\/\" \/>\n<meta property=\"og:image\" content=\"https:\/\/www.pilgrim.es\/wp-content\/uploads\/2019\/02\/Fuente_de_cantos-520x370.jpg\" \/>\n\t<meta property=\"og:image:width\" content=\"520\" \/>\n\t<meta property=\"og:image:height\" content=\"370\" \/>\n\t<meta property=\"og:image:type\" content=\"image\/jpeg\" \/>\n<meta name=\"twitter:card\" content=\"summary_large_image\" \/>\n<meta name=\"twitter:site\" content=\"@pilgrim_es\" \/>\n<meta name=\"twitter:label1\" content=\"Gesch\u00e4tzte Lesezeit\" \/>\n\t<meta name=\"twitter:data1\" content=\"7\u00a0Minuten\" \/>\n<script type=\"application\/ld+json\" class=\"yoast-schema-graph\">{\"@context\":\"https:\\\/\\\/schema.org\",\"@graph\":[{\"@type\":\"WebPage\",\"@id\":\"https:\\\/\\\/www.pilgrim.es\\\/de\\\/silber-route\\\/fuente-de-cantos\\\/\",\"url\":\"https:\\\/\\\/www.pilgrim.es\\\/de\\\/silber-route\\\/fuente-de-cantos\\\/\",\"name\":\"Fuente de Cantos: Was sehen und wo \u00fcbernachten | Jakobsweg | Pilgrim\",\"isPartOf\":{\"@id\":\"https:\\\/\\\/www.pilgrim.es\\\/de\\\/#website\"},\"primaryImageOfPage\":{\"@id\":\"https:\\\/\\\/www.pilgrim.es\\\/de\\\/silber-route\\\/fuente-de-cantos\\\/#primaryimage\"},\"image\":{\"@id\":\"https:\\\/\\\/www.pilgrim.es\\\/de\\\/silber-route\\\/fuente-de-cantos\\\/#primaryimage\"},\"thumbnailUrl\":\"https:\\\/\\\/www.pilgrim.es\\\/wp-content\\\/uploads\\\/2019\\\/02\\\/Fuente_de_cantos-520x370.jpg\",\"datePublished\":\"2025-03-17T15:58:59+00:00\",\"description\":\"Fuente de Cantos Entdecken Sie alle Informationen \u00fcber Unterk\u00fcnfte, Anreise, Gastronomie und die wichtigsten Sehensw\u00fcrdigkeiten der Orte am Silberweg\",\"breadcrumb\":{\"@id\":\"https:\\\/\\\/www.pilgrim.es\\\/de\\\/silber-route\\\/fuente-de-cantos\\\/#breadcrumb\"},\"inLanguage\":\"de\",\"potentialAction\":[{\"@type\":\"ReadAction\",\"target\":[\"https:\\\/\\\/www.pilgrim.es\\\/de\\\/silber-route\\\/fuente-de-cantos\\\/\"]}]},{\"@type\":\"ImageObject\",\"inLanguage\":\"de\",\"@id\":\"https:\\\/\\\/www.pilgrim.es\\\/de\\\/silber-route\\\/fuente-de-cantos\\\/#primaryimage\",\"url\":\"https:\\\/\\\/www.pilgrim.es\\\/wp-content\\\/uploads\\\/2019\\\/02\\\/Fuente_de_cantos-520x370.jpg\",\"contentUrl\":\"https:\\\/\\\/www.pilgrim.es\\\/wp-content\\\/uploads\\\/2019\\\/02\\\/Fuente_de_cantos-520x370.jpg\",\"width\":520,\"height\":370,\"caption\":\"Fuente de Cantos\"},{\"@type\":\"BreadcrumbList\",\"@id\":\"https:\\\/\\\/www.pilgrim.es\\\/de\\\/silber-route\\\/fuente-de-cantos\\\/#breadcrumb\",\"itemListElement\":[{\"@type\":\"ListItem\",\"position\":1,\"name\":\"Camino de Santiago\",\"item\":\"https:\\\/\\\/www.pilgrim.es\\\/de\\\/\"},{\"@type\":\"ListItem\",\"position\":2,\"name\":\"Die Silber-Route\",\"item\":\"https:\\\/\\\/www.pilgrim.es\\\/de\\\/silber-route\\\/\"},{\"@type\":\"ListItem\",\"position\":3,\"name\":\"Fuente de Cantos\"}]},{\"@type\":\"WebSite\",\"@id\":\"https:\\\/\\\/www.pilgrim.es\\\/de\\\/#website\",\"url\":\"https:\\\/\\\/www.pilgrim.es\\\/de\\\/\",\"name\":\"Pilgrim\",\"description\":\"Camino de Santiago | Caminamos Contigo\",\"publisher\":{\"@id\":\"https:\\\/\\\/www.pilgrim.es\\\/de\\\/#organization\"},\"potentialAction\":[{\"@type\":\"SearchAction\",\"target\":{\"@type\":\"EntryPoint\",\"urlTemplate\":\"https:\\\/\\\/www.pilgrim.es\\\/de\\\/?s={search_term_string}\"},\"query-input\":{\"@type\":\"PropertyValueSpecification\",\"valueRequired\":true,\"valueName\":\"search_term_string\"}}],\"inLanguage\":\"de\"},{\"@type\":\"Organization\",\"@id\":\"https:\\\/\\\/www.pilgrim.es\\\/de\\\/#organization\",\"name\":\"Pilgrim Camino de Santiago\",\"url\":\"https:\\\/\\\/www.pilgrim.es\\\/de\\\/\",\"logo\":{\"@type\":\"ImageObject\",\"inLanguage\":\"de\",\"@id\":\"https:\\\/\\\/www.pilgrim.es\\\/de\\\/#\\\/schema\\\/logo\\\/image\\\/\",\"url\":\"https:\\\/\\\/www.pilgrim.es\\\/wp-content\\\/uploads\\\/2019\\\/04\\\/logo_pilgrim.png\",\"contentUrl\":\"https:\\\/\\\/www.pilgrim.es\\\/wp-content\\\/uploads\\\/2019\\\/04\\\/logo_pilgrim.png\",\"width\":512,\"height\":512,\"caption\":\"Pilgrim Camino de Santiago\"},\"image\":{\"@id\":\"https:\\\/\\\/www.pilgrim.es\\\/de\\\/#\\\/schema\\\/logo\\\/image\\\/\"},\"sameAs\":[\"https:\\\/\\\/www.facebook.com\\\/pilgrim.es\\\/\",\"https:\\\/\\\/x.com\\\/pilgrim_es\",\"https:\\\/\\\/www.instagram.com\\\/pilgrim.es\\\/\",\"https:\\\/\\\/www.linkedin.com\\\/company\\\/pilgrim-camino-de-santiago\\\/\",\"https:\\\/\\\/www.pinterest.es\\\/pilgrimcaminodesantiago\\\/\",\"https:\\\/\\\/www.youtube.com\\\/channel\\\/UCIv2ZzFLXVqthkNF32rKedw\\\/featured\"]}]}<\/script>\n<!-- \/ Yoast SEO plugin. -->","yoast_head_json":{"title":"Fuente de Cantos: Was sehen und wo \u00fcbernachten | Jakobsweg | Pilgrim","description":"Fuente de Cantos Entdecken Sie alle Informationen \u00fcber Unterk\u00fcnfte, Anreise, Gastronomie und die wichtigsten Sehensw\u00fcrdigkeiten der Orte am Silberweg","robots":{"index":"index","follow":"follow","max-snippet":"max-snippet:-1","max-image-preview":"max-image-preview:large","max-video-preview":"max-video-preview:-1"},"canonical":"https:\/\/www.pilgrim.es\/de\/silber-route\/fuente-de-cantos\/","og_locale":"de_DE","og_type":"article","og_title":"Fuente de Cantos: Was sehen und wo \u00fcbernachten | Jakobsweg | Pilgrim","og_description":"Fuente de Cantos Entdecken Sie alle Informationen \u00fcber Unterk\u00fcnfte, Anreise, Gastronomie und die wichtigsten Sehensw\u00fcrdigkeiten der Orte am Silberweg","og_url":"https:\/\/www.pilgrim.es\/de\/silber-route\/fuente-de-cantos\/","og_site_name":"Pilgrim","article_publisher":"https:\/\/www.facebook.com\/pilgrim.es\/","og_image":[{"width":520,"height":370,"url":"https:\/\/www.pilgrim.es\/wp-content\/uploads\/2019\/02\/Fuente_de_cantos-520x370.jpg","type":"image\/jpeg"}],"twitter_card":"summary_large_image","twitter_site":"@pilgrim_es","twitter_misc":{"Gesch\u00e4tzte Lesezeit":"7\u00a0Minuten"},"schema":{"@context":"https:\/\/schema.org","@graph":[{"@type":"WebPage","@id":"https:\/\/www.pilgrim.es\/de\/silber-route\/fuente-de-cantos\/","url":"https:\/\/www.pilgrim.es\/de\/silber-route\/fuente-de-cantos\/","name":"Fuente de Cantos: Was sehen und wo \u00fcbernachten | Jakobsweg | Pilgrim","isPartOf":{"@id":"https:\/\/www.pilgrim.es\/de\/#website"},"primaryImageOfPage":{"@id":"https:\/\/www.pilgrim.es\/de\/silber-route\/fuente-de-cantos\/#primaryimage"},"image":{"@id":"https:\/\/www.pilgrim.es\/de\/silber-route\/fuente-de-cantos\/#primaryimage"},"thumbnailUrl":"https:\/\/www.pilgrim.es\/wp-content\/uploads\/2019\/02\/Fuente_de_cantos-520x370.jpg","datePublished":"2025-03-17T15:58:59+00:00","description":"Fuente de Cantos Entdecken Sie alle Informationen \u00fcber Unterk\u00fcnfte, Anreise, Gastronomie und die wichtigsten Sehensw\u00fcrdigkeiten der Orte am Silberweg","breadcrumb":{"@id":"https:\/\/www.pilgrim.es\/de\/silber-route\/fuente-de-cantos\/#breadcrumb"},"inLanguage":"de","potentialAction":[{"@type":"ReadAction","target":["https:\/\/www.pilgrim.es\/de\/silber-route\/fuente-de-cantos\/"]}]},{"@type":"ImageObject","inLanguage":"de","@id":"https:\/\/www.pilgrim.es\/de\/silber-route\/fuente-de-cantos\/#primaryimage","url":"https:\/\/www.pilgrim.es\/wp-content\/uploads\/2019\/02\/Fuente_de_cantos-520x370.jpg","contentUrl":"https:\/\/www.pilgrim.es\/wp-content\/uploads\/2019\/02\/Fuente_de_cantos-520x370.jpg","width":520,"height":370,"caption":"Fuente de Cantos"},{"@type":"BreadcrumbList","@id":"https:\/\/www.pilgrim.es\/de\/silber-route\/fuente-de-cantos\/#breadcrumb","itemListElement":[{"@type":"ListItem","position":1,"name":"Camino de Santiago","item":"https:\/\/www.pilgrim.es\/de\/"},{"@type":"ListItem","position":2,"name":"Die Silber-Route","item":"https:\/\/www.pilgrim.es\/de\/silber-route\/"},{"@type":"ListItem","position":3,"name":"Fuente de Cantos"}]},{"@type":"WebSite","@id":"https:\/\/www.pilgrim.es\/de\/#website","url":"https:\/\/www.pilgrim.es\/de\/","name":"Pilgrim","description":"Camino de Santiago | Caminamos Contigo","publisher":{"@id":"https:\/\/www.pilgrim.es\/de\/#organization"},"potentialAction":[{"@type":"SearchAction","target":{"@type":"EntryPoint","urlTemplate":"https:\/\/www.pilgrim.es\/de\/?s={search_term_string}"},"query-input":{"@type":"PropertyValueSpecification","valueRequired":true,"valueName":"search_term_string"}}],"inLanguage":"de"},{"@type":"Organization","@id":"https:\/\/www.pilgrim.es\/de\/#organization","name":"Pilgrim Camino de Santiago","url":"https:\/\/www.pilgrim.es\/de\/","logo":{"@type":"ImageObject","inLanguage":"de","@id":"https:\/\/www.pilgrim.es\/de\/#\/schema\/logo\/image\/","url":"https:\/\/www.pilgrim.es\/wp-content\/uploads\/2019\/04\/logo_pilgrim.png","contentUrl":"https:\/\/www.pilgrim.es\/wp-content\/uploads\/2019\/04\/logo_pilgrim.png","width":512,"height":512,"caption":"Pilgrim Camino de Santiago"},"image":{"@id":"https:\/\/www.pilgrim.es\/de\/#\/schema\/logo\/image\/"},"sameAs":["https:\/\/www.facebook.com\/pilgrim.es\/","https:\/\/x.com\/pilgrim_es","https:\/\/www.instagram.com\/pilgrim.es\/","https:\/\/www.linkedin.com\/company\/pilgrim-camino-de-santiago\/","https:\/\/www.pinterest.es\/pilgrimcaminodesantiago\/","https:\/\/www.youtube.com\/channel\/UCIv2ZzFLXVqthkNF32rKedw\/featured"]}]}},"_links":{"self":[{"href":"https:\/\/www.pilgrim.es\/de\/wp-json\/wp\/v2\/pages\/91497","targetHints":{"allow":["GET"]}}],"collection":[{"href":"https:\/\/www.pilgrim.es\/de\/wp-json\/wp\/v2\/pages"}],"about":[{"href":"https:\/\/www.pilgrim.es\/de\/wp-json\/wp\/v2\/types\/page"}],"replies":[{"embeddable":true,"href":"https:\/\/www.pilgrim.es\/de\/wp-json\/wp\/v2\/comments?post=91497"}],"version-history":[{"count":0,"href":"https:\/\/www.pilgrim.es\/de\/wp-json\/wp\/v2\/pages\/91497\/revisions"}],"up":[{"embeddable":true,"href":"https:\/\/www.pilgrim.es\/de\/wp-json\/wp\/v2\/pages\/10601"}],"wp:featuredmedia":[{"embeddable":true,"href":"https:\/\/www.pilgrim.es\/de\/wp-json\/wp\/v2\/media\/4579"}],"wp:attachment":[{"href":"https:\/\/www.pilgrim.es\/de\/wp-json\/wp\/v2\/media?parent=91497"}],"wp:term":[{"taxonomy":"category","embeddable":true,"href":"https:\/\/www.pilgrim.es\/de\/wp-json\/wp\/v2\/categories?post=91497"},{"taxonomy":"post_tag","embeddable":true,"href":"https:\/\/www.pilgrim.es\/de\/wp-json\/wp\/v2\/tags?post=91497"}],"curies":[{"name":"wp","href":"https:\/\/api.w.org\/{rel}","templated":true}]}}