{"id":91480,"date":"2025-03-17T15:39:17","date_gmt":"2025-03-17T15:39:17","guid":{"rendered":"https:\/\/www.pilgrim.es\/silber-route\/sevilla\/"},"modified":"2025-03-17T15:39:17","modified_gmt":"2025-03-17T15:39:17","slug":"sevilla","status":"publish","type":"page","link":"https:\/\/www.pilgrim.es\/de\/silber-route\/sevilla\/","title":{"rendered":"Sevilla"},"content":{"rendered":" <section id=\"hero\">\n\t<h1>Sevilla<\/h1>\n\t<div class=\"hero-grid\">\n\t\t<div class=\"hero-grid__town-col\" data-background=\"https:\/\/cdn.pilgrim.es\/web\/caminos\/via-de-la-plata\/pueblos\/sevilla.jpg\">\n\t\t\t<div>\n\t\t\t\t<a class=\"link-to-stage\" href=\"https:\/\/www.pilgrim.es\/via-plata\/etapa-1-sevilla-guillena\/\">\n\t\t\t\t\t<p>&#8249; Zur\u00fcck zur B\u00fchne<\/p>\n\t\t\t\t<\/a>\n\n\t\t\t\t<div class=\"town-data\">\n\t\t\t\t\t<h2>Sevilla<\/h2>\n\t\t\t\t\t<ul>\n\t\t\t\t\t\t<li>Einwohner: 693.878 aprox.<\/li>\n\t\t\t\t\t\t<li>Bundesland: Sevilla<\/li>\n\t\t\t\t\t<\/ul>\n\t\t\t\t<\/div>\n\t\t\t<\/div>\n\t\t<\/div>\n\t\t<div class=\"hero-grid__planner-col\"><div\r\n  class=\"p-col-span-1 p-rounded-lg p-px-5 p-h-full\"\r\n  style=\"background-image: url('https:\/\/cdn.pilgrim.es\/web\/pilgrim-planner\/bg-plugin-planificador.webp')\"\r\n  rel=\"preload\"\r\n  fetchpriority=\"high\"\r\n  >\r\n    <div class=\"p-text-center p-pt-5 p-text-white p-text-2xl p-font-semibold\">\r\n      Plane deinen Weg    <\/div>\r\n    <div\r\n            id='primary-app'\r\n            data-name='banner'\r\n            data-api='https:\/\/pathfinder.pilgrim.es\/api\/pathfinder\/v2'\r\n            data-mode='normal'\r\n            data-lang='de'\r\n            data-route='1'\r\n            data-destiny='https:\/\/planificador.pilgrim.es'\r\n            data-modality='1'\r\n            data-inline=''\r\n        ><\/div><\/div><\/div>\n\t<\/div>\n<\/section>\n\n<section id=\"infoTown\">\n\t<div class=\"sections-town\">\n\n\t\t<div id=\"informationSection\">\n\t\t\t<div>\n\t\t\t\t<h2 class=\"p-h2-town\">Informationen<\/h2>\n\t\t\t\t<hr>\n\t\t\t\t<h3 class=\"p-h3-town\">Get to know Sevilla<\/h3>\n\t\t\t<\/div>\n\t\t\t<p>Die Stadt Sevilla hat das gr\u00f6\u00dfte historische Zentrum Spaniens und geh\u00f6rt zu den drei gr\u00f6\u00dften in Europa.<\/p> <p>Es ist auch erw\u00e4hnenswert, dass diese Stadt den einzigen Binnenhafen hat, da der Fluss Guadalquivir auf den 80 km, die ihn vom Atlantik trennen, vollst\u00e4ndig schiffbar ist.<\/p> <p>Sevilla ist die drittmeistbesuchte Stadt Spaniens.<\/p> <p>\n\t\t<\/div>\n\n\t\t<div id=\"locationSection\">\n\t\t\t<div>\n\t\t\t\t<h2 class=\"p-h2-town\">Standort<\/h2>\n\t\t\t\t<hr>\n\t\t\t\t<h3 class=\"p-h3-town\">Wegbeschreibung<\/h3>\n\t\t\t<\/div>\n\t\t\t<p>Am einfachsten kommt man mit dem Auto nach Sevilla, denn die Stadt ist dank folgender Stra\u00dfen sehr gut an die wichtigsten St\u00e4dte angebunden: die E-5 und die AP-4, die S\u00fcdautobahn, die Dos Hermanas und Puerto Real verbindet, die A-4, die Madrid mit Dos Hermanas verbindet, die A-66 oder die E-803, die Gij\u00f3n mit Sevilla verbindet, die A-1 und die A-49, die Sevilla mit der portugiesischen Grenze verbindet und die A-92, die Almer\u00eda mit Sevilla verbindet.<\/p> &lt;p\n\n<p>Es ist auch m\u00f6glich, die Stadt mit \u00f6ffentlichen Verkehrsmitteln zu erreichen, da sie \u00fcber alle m\u00f6glichen Optionen verf\u00fcgt. Sowohl mit dem Zug oder dem AVE als auch mit dem Bus gibt es t\u00e4gliche Verbindungen zu den meisten spanischen St\u00e4dten und Ortschaften.\n\n<p>Auch der Flughafen wird sowohl von nationalen als auch von internationalen Fl\u00fcgen gut angeflogen. Er befindet sich etwa 10 km n\u00f6rdlich der Stadt, aber es gibt Busse, mit denen man schnell und einfach ins Stadtzentrum gelangen kann.\n\t\t\t<div>\n\t\t\t\t<div>\n  <iframe loading=\"lazy\"\n    src=\"https:\/\/www.google.com\/maps\/d\/embed?mid=1IYY1Gwf7WIX_9HmzUwvj2v5b7ehd5bc&amp;ehbc=2E312F\"\n    width=\"640\"\n    height=\"480\"\n    alt=\"Mapa Sevilla\"\n  ><\/iframe>\n<\/div>\n\n\t\t\t<\/div>\n\t\t<\/div>\n\n\t\t\n\t\t\t<div id=\"toVisitSection\">\n\t\t\t\t<div>\n\t\t\t\t\t<h2 class=\"p-h2-town\">Geschichte \/ Kultur<\/h2>\n\t\t\t\t\t<hr>\n\t\t\t\t\t<h3 class=\"p-h3-town\">Was es zu sehen gibt<\/h3>\n\t\t\t\t<\/div>\n\t\t\t\t<div>\n\t\t\t\t\t<div class=\"accordion\">\n\t\t\t\t\t\t<div class=\"accordion__menu\">\n\t\t\t\t\t\t\t<nav>\n\t\t\t\t\t\t\t\t\n\t\t\t\t\t\t\t\t\t<button class=\"nav-tab-accordion active\"><span>&#10093;<\/span><span> Barrio de Santa Cruz<\/span><\/button>\n\t\t\t\t\t\t\t\t\n\t\t\t\t\t\t\t\t\t<button class=\"nav-tab-accordion \"><span>&#10093;<\/span><span> Capilla de los Marineros (Hermandad Esperanza Triana)<\/span><\/button>\n\t\t\t\t\t\t\t\t\n\t\t\t\t\t\t\t\t\t<button class=\"nav-tab-accordion \"><span>&#10093;<\/span><span> Capilla de San Jos\u00e9<\/span><\/button>\n\t\t\t\t\t\t\t\t\n\t\t\t\t\t\t\t\t\t<button class=\"nav-tab-accordion \"><span>&#10093;<\/span><span> Casa de los Pilatos<\/span><\/button>\n\t\t\t\t\t\t\t\t\n\t\t\t\t\t\t\t\t\t<button class=\"nav-tab-accordion \"><span>&#10093;<\/span><span> Casa de las Salinas<\/span><\/button>\n\t\t\t\t\t\t\t\t\n\t\t\t\t\t\t\t\t\t<button class=\"nav-tab-accordion \"><span>&#10093;<\/span><span> Catedral de Santa Mar\u00eda<\/span><\/button>\n\t\t\t\t\t\t\t\t\n\t\t\t\t\t\t\t\t\t<button class=\"nav-tab-accordion \"><span>&#10093;<\/span><span> Edificio del Archivo de Indias<\/span><\/button>\n\t\t\t\t\t\t\t\t\n\t\t\t\t\t\t\t\t\t<button class=\"nav-tab-accordion \"><span>&#10093;<\/span><span> Hospital de la Caridad<\/span><\/button>\n\t\t\t\t\t\t\t\t\n\t\t\t\t\t\t\t\t\t<button class=\"nav-tab-accordion \"><span>&#10093;<\/span><span> Hospital de las Cinco Llagas<\/span><\/button>\n\t\t\t\t\t\t\t\t\n\t\t\t\t\t\t\t\t\t<button class=\"nav-tab-accordion \"><span>&#10093;<\/span><span> Iglesia de la Magdalena<\/span><\/button>\n\t\t\t\t\t\t\t\t\n\t\t\t\t\t\t\t\t\t<button class=\"nav-tab-accordion \"><span>&#10093;<\/span><span> Iglesia del Divino Salvador<\/span><\/button>\n\t\t\t\t\t\t\t\t\n\t\t\t\t\t\t\t\t\t<button class=\"nav-tab-accordion \"><span>&#10093;<\/span><span> Las Setas o Metropol Parasol<\/span><\/button>\n\t\t\t\t\t\t\t\t\n\t\t\t\t\t\t\t\t\t<button class=\"nav-tab-accordion \"><span>&#10093;<\/span><span> La Giralda<\/span><\/button>\n\t\t\t\t\t\t\t\t\n\t\t\t\t\t\t\t\t\t<button class=\"nav-tab-accordion \"><span>&#10093;<\/span><span> Mercado Triana<\/span><\/button>\n\t\t\t\t\t\t\t\t\n\t\t\t\t\t\t\t\t\t<button class=\"nav-tab-accordion \"><span>&#10093;<\/span><span> Plaza de Toros la Maestranza<\/span><\/button>\n\t\t\t\t\t\t\t\t\n\t\t\t\t\t\t\t\t\t<button class=\"nav-tab-accordion \"><span>&#10093;<\/span><span> Museo de Bellas Artes<\/span><\/button>\n\t\t\t\t\t\t\t\t\n\t\t\t\t\t\t\t\t\t<button class=\"nav-tab-accordion \"><span>&#10093;<\/span><span> Museo del Baile Flamenco<\/span><\/button>\n\t\t\t\t\t\t\t\t\n\t\t\t\t\t\t\t\t\t<button class=\"nav-tab-accordion \"><span>&#10093;<\/span><span> Museo &#8211; Palacio de la Condesa de Lebrija<\/span><\/button>\n\t\t\t\t\t\t\t\t\n\t\t\t\t\t\t\t\t\t<button class=\"nav-tab-accordion \"><span>&#10093;<\/span><span> Palacio de San Telmo<\/span><\/button>\n\t\t\t\t\t\t\t\t\n\t\t\t\t\t\t\t\t\t<button class=\"nav-tab-accordion \"><span>&#10093;<\/span><span> Patio de Banderas<\/span><\/button>\n\t\t\t\t\t\t\t\t\n\t\t\t\t\t\t\t\t\t<button class=\"nav-tab-accordion \"><span>&#10093;<\/span><span> Plaza de Am\u00e9rica<\/span><\/button>\n\t\t\t\t\t\t\t\t\n\t\t\t\t\t\t\t\t\t<button class=\"nav-tab-accordion \"><span>&#10093;<\/span><span> Plaza de Espa\u00f1a<\/span><\/button>\n\t\t\t\t\t\t\t\t\n\t\t\t\t\t\t\t\t\t<button class=\"nav-tab-accordion \"><span>&#10093;<\/span><span> Plaza Nueva<\/span><\/button>\n\t\t\t\t\t\t\t\t\n\t\t\t\t\t\t\t\t\t<button class=\"nav-tab-accordion \"><span>&#10093;<\/span><span> Plaza San Francisco<\/span><\/button>\n\t\t\t\t\t\t\t\t\n\t\t\t\t\t\t\t\t\t<button class=\"nav-tab-accordion \"><span>&#10093;<\/span><span> Puente Isabel II<\/span><\/button>\n\t\t\t\t\t\t\t\t\n\t\t\t\t\t\t\t\t\t<button class=\"nav-tab-accordion \"><span>&#10093;<\/span><span> Real Alc\u00e1zar<\/span><\/button>\n\t\t\t\t\t\t\t\t\n\t\t\t\t\t\t\t\t\t<button class=\"nav-tab-accordion \"><span>&#10093;<\/span><span> Real F\u00e1brica de Tabaco<\/span><\/button>\n\t\t\t\t\t\t\t\t\n\t\t\t\t\t\t\t\t\t<button class=\"nav-tab-accordion \"><span>&#10093;<\/span><span> Torre de los Perdigones<\/span><\/button>\n\t\t\t\t\t\t\t\t\n\t\t\t\t\t\t\t\t\t<button class=\"nav-tab-accordion \"><span>&#10093;<\/span><span> Torre del Oro<\/span><\/button>\n\t\t\t\t\t\t\t\t\n\t\t\t\t\t\t\t<\/nav>\n\t\t\t\t\t\t<\/div>\n\n\t\t\t\t\t\t\n\t\t\t\t\t\t\t<div class=\"accordion__accordion-content \">\n\t\t\t\t\t\t\t\t<div>\n\t\t\t\t\t\t\t\t\t<div>\n\t\t\t\t\t\t\t\t\t\t<h4>Barrio de Santa Cruz<\/h4>\n\t\t\t\t\t\t\t\t\t\t<p>Das Viertel Santa Cruz ist aus mehreren Gr\u00fcnden eines der volkst\u00fcmlichsten und am meisten besuchten Viertel Sevillas. Einer davon ist, dass der Besucher in diesem Viertel die sevillanische Tradition wiedererleben kann, dank der malerischen, engen Gassen, der aristokratischen H\u00e4user, die hier noch stehen, der riesigen Innenh\u00f6fe voller Blumen, dem Pl\u00e4tschern der Brunnen und dem Duft der Orangenbl\u00fcte.\n\t\t\t\t\t\t\t\t\t<\/div>\n\t\t\t\t\t\t\t\t\t<img decoding=\"async\" src=\"https:\/\/cdn.pilgrim.es\/web\/caminos\/via-de-la-plata\/pueblos\/sevilla\/puntos-de-interes\/barrio-de-santa-cruz.jpg\" alt=\"Barrio de Santa Cruz\">\n\t\t\t\t\t\t\t\t<\/div>\n\t\t\t\t\t\t\t<\/div>\n\t\t\t\t\t\t\n\t\t\t\t\t\t\t<div class=\"accordion__accordion-content inactive\">\n\t\t\t\t\t\t\t\t<div>\n\t\t\t\t\t\t\t\t\t<div>\n\t\t\t\t\t\t\t\t\t\t<h4>Capilla de los Marineros (Hermandad Esperanza Triana)<\/h4>\n\t\t\t\t\t\t\t\t\t\t<p>Diese Kapelle in der Calle Pureza im Viertel Triana beherbergt den Sitz der Hermandad de la Esperanza de Triana. Sie wurde 1759 erbaut und nach der franz\u00f6sischen Invasion in ein Lagerhaus umgewandelt und wurde auch ein anglikanischer Tempel und ein Theater.<\/p> <p>Die Kapelle wurde 1759 erbaut.\n\t\t\t\t\t\t\t\t\t<\/div>\n\t\t\t\t\t\t\t\t\t<img decoding=\"async\" src=\"https:\/\/cdn.pilgrim.es\/web\/caminos\/via-de-la-plata\/pueblos\/sevilla\/puntos-de-interes\/capilla-de-los-marineros-hermandad-esperanza-triana.jpg\" alt=\"Capilla de los Marineros (Hermandad Esperanza Triana)\">\n\t\t\t\t\t\t\t\t<\/div>\n\t\t\t\t\t\t\t<\/div>\n\t\t\t\t\t\t\n\t\t\t\t\t\t\t<div class=\"accordion__accordion-content inactive\">\n\t\t\t\t\t\t\t\t<div>\n\t\t\t\t\t\t\t\t\t<div>\n\t\t\t\t\t\t\t\t\t\t<h4>Capilla de San Jos\u00e9<\/h4>\n\t\t\t\t\t\t\t\t\t\t<p>Die Kapelle San Jos\u00e9 befindet sich im historischen Zentrum der Stadt Sevilla, genauer gesagt in der Calle Jovellanos, und wurde in zwei Phasen zwischen 1699 und 1766 erbaut. Sie wurde zum Kulturgut erkl\u00e4rt und ist eines der wertvollsten Gottesh\u00e4user der Stadt. Ihr \u00e4sthetisches Erscheinungsbild ist auf die Arbeit von zwei Meistern zur\u00fcckzuf\u00fchren: Pedro Romero, der den zentralen Teil des Kirchenschiffs gestaltete, und Esteban Walls, der f\u00fcr die Hauptkapelle und das Portal am Fu\u00df der Kirche verantwortlich war.\n\t\t\t\t\t\t\t\t\t<\/div>\n\t\t\t\t\t\t\t\t\t<img decoding=\"async\" src=\"https:\/\/cdn.pilgrim.es\/web\/caminos\/via-de-la-plata\/pueblos\/sevilla\/puntos-de-interes\/capilla-de-san-jose.jpg\" alt=\"Capilla de San Jos\u00e9\">\n\t\t\t\t\t\t\t\t<\/div>\n\t\t\t\t\t\t\t<\/div>\n\t\t\t\t\t\t\n\t\t\t\t\t\t\t<div class=\"accordion__accordion-content inactive\">\n\t\t\t\t\t\t\t\t<div>\n\t\t\t\t\t\t\t\t\t<div>\n\t\t\t\t\t\t\t\t\t\t<h4>Casa de los Pilatos<\/h4>\n\t\t\t\t\t\t\t\t\t\t<p>Es handelt sich um einen andalusischen Palast, der sich an der Plaza de Pilatos im historischen Zentrum von Sevilla befindet und zwischen dem 15. und 16. Er gilt als der prunkvollste Wohnkomplex der Stadt.  <\/p>\n\n<p>Das Geb\u00e4ude vereint die Stile der Mud\u00e9jar-Gotik, der Renaissance und der Romanik. Es wurde im Auftrag von Pedro Enr\u00edquez de Qui\u00f1ones und seiner Frau Catalina de Ribera, den beiden Gr\u00fcndern des Hauses Alcal\u00e1, errichtet.\n\t\t\t\t\t\t\t\t\t<\/div>\n\t\t\t\t\t\t\t\t\t<img decoding=\"async\" src=\"https:\/\/cdn.pilgrim.es\/web\/caminos\/via-de-la-plata\/pueblos\/sevilla\/puntos-de-interes\/casa-de-los-pilatos.jpg\" alt=\"Casa de los Pilatos\">\n\t\t\t\t\t\t\t\t<\/div>\n\t\t\t\t\t\t\t<\/div>\n\t\t\t\t\t\t\n\t\t\t\t\t\t\t<div class=\"accordion__accordion-content inactive\">\n\t\t\t\t\t\t\t\t<div>\n\t\t\t\t\t\t\t\t\t<div>\n\t\t\t\t\t\t\t\t\t\t<h4>Casa de las Salinas<\/h4>\n\t\t\t\t\t\t\t\t\t\t<p>Dieses Haus befindet sich im historischen Zentrum von Sevilla, ganz in der N\u00e4he der Kathedrale, und verbindet Gotik und Mud\u00e9jar-Stil. Urspr\u00fcnglich geh\u00f6rte das Haus Baltasar Ja\u00e9n, der sein erster Besitzer war. Zu Beginn des 20. Jahrhunderts ging es jedoch in den Besitz der Familie Salinas \u00fcber, so dass das Haus einer umfassenden Renovierung unterzogen wurde, um sein urspr\u00fcngliches Aussehen wiederherzustellen. <\/p>\n\t\t\t\t\t\t\t\t\t<\/div>\n\t\t\t\t\t\t\t\t\t<img decoding=\"async\" src=\"https:\/\/cdn.pilgrim.es\/web\/caminos\/via-de-la-plata\/pueblos\/sevilla\/puntos-de-interes\/casa-de-las-salinas.jpg\" alt=\"Casa de las Salinas\">\n\t\t\t\t\t\t\t\t<\/div>\n\t\t\t\t\t\t\t<\/div>\n\t\t\t\t\t\t\n\t\t\t\t\t\t\t<div class=\"accordion__accordion-content inactive\">\n\t\t\t\t\t\t\t\t<div>\n\t\t\t\t\t\t\t\t\t<div>\n\t\t\t\t\t\t\t\t\t\t<h4>Catedral de Santa Mar\u00eda<\/h4>\n\t\t\t\t\t\t\t\t\t\t<p>Aufgrund ihrer Gr\u00f6\u00dfe ist sie die gr\u00f6\u00dfte katholische Kathedrale der Welt und die drittgr\u00f6\u00dfte christliche Kirche nach St. Peter (Rom) und St. Paul (London). Sie ist auch bekannt als die Kathedrale Santa Mar\u00eda de la Sede, die urspr\u00fcnglich das Geb\u00e4ude der Aljama oder Gro\u00dfen Moschee aus der Zeit der Eroberung der Stadt im Jahr 1248 war. Als sie zu einer katholischen Kathedrale wurde, musste ihre Ausrichtung von S\u00fcden nach Osten ge\u00e4ndert werden, wobei die Hauptkapelle von ihr abgewandt war.\n\t\t\t\t\t\t\t\t\t<\/div>\n\t\t\t\t\t\t\t\t\t<img decoding=\"async\" src=\"https:\/\/cdn.pilgrim.es\/web\/caminos\/via-de-la-plata\/pueblos\/sevilla\/puntos-de-interes\/catedral-de-santa-maria.jpg\" alt=\"Catedral de Santa Mar\u00eda\">\n\t\t\t\t\t\t\t\t<\/div>\n\t\t\t\t\t\t\t<\/div>\n\t\t\t\t\t\t\n\t\t\t\t\t\t\t<div class=\"accordion__accordion-content inactive\">\n\t\t\t\t\t\t\t\t<div>\n\t\t\t\t\t\t\t\t\t<div>\n\t\t\t\t\t\t\t\t\t\t<h4>Edificio del Archivo de Indias<\/h4>\n\t\t\t\t\t\t\t\t\t\t<p>Das Geb\u00e4ude, das das Archiv der Indias beherbergt, das 1785 mit dem Ziel gegr\u00fcndet wurde, die gesamte Verwaltungsdokumentation der spanischen Kolonien an einem Ort zu sammeln, und das von der UNESCO zum Weltkulturerbe erkl\u00e4rt wurde, hat einen viereckigen Grundriss und einen zentralen Innenhof und besteht au\u00dfen aus roten Ziegeln und Steinelementen. Das zweist\u00f6ckige Geb\u00e4ude verf\u00fcgt \u00fcber einen sehr gro\u00dfen, aus Stein errichteten Innenhof, auf dessen Pfeilern die B\u00f6gen und die Haupttreppe des Geb\u00e4udes, ein Werk von Lucas Cintora, errichtet sind.\n\t\t\t\t\t\t\t\t\t<\/div>\n\t\t\t\t\t\t\t\t\t<img decoding=\"async\" src=\"https:\/\/cdn.pilgrim.es\/web\/caminos\/via-de-la-plata\/pueblos\/sevilla\/puntos-de-interes\/edificio-del-archivo-de-indias.jpg\" alt=\"Edificio del Archivo de Indias\">\n\t\t\t\t\t\t\t\t<\/div>\n\t\t\t\t\t\t\t<\/div>\n\t\t\t\t\t\t\n\t\t\t\t\t\t\t<div class=\"accordion__accordion-content inactive\">\n\t\t\t\t\t\t\t\t<div>\n\t\t\t\t\t\t\t\t\t<div>\n\t\t\t\t\t\t\t\t\t\t<h4>Hospital de la Caridad<\/h4>\n\t\t\t\t\t\t\t\t\t\t<p>Dieses Krankenhaus beherbergt die Hermandad de la Caridad (Bruderschaft der N\u00e4chstenliebe), die Mitte des 15. Jahrhunderts gegr\u00fcndet wurde und sich der Pflege obdachloser Kranker und der Bestattung von Ertrunkenen und Hingerichteten widmete. Die drei S\u00e4le, die man im Krankenhaus besichtigen kann, wurden aus den \u00dcberresten der Schiffe der k\u00f6niglichen Schiffswerften von Sevilla eingerichtet, die w\u00e4hrend der Herrschaft von Alfons X. erbaut wurden.<\/p> <p>Die drei S\u00e4le des Krankenhauses wurden aus den \u00dcberresten der Schiffe der k\u00f6niglichen Schiffswerften von Sevilla errichtet, die w\u00e4hrend der Herrschaft von Alfons X. erbaut wurden.<p>.\n\t\t\t\t\t\t\t\t\t<\/div>\n\t\t\t\t\t\t\t\t\t<img decoding=\"async\" src=\"https:\/\/cdn.pilgrim.es\/web\/caminos\/via-de-la-plata\/pueblos\/sevilla\/puntos-de-interes\/hospital-de-la-caridad.jpg\" alt=\"Hospital de la Caridad\">\n\t\t\t\t\t\t\t\t<\/div>\n\t\t\t\t\t\t\t<\/div>\n\t\t\t\t\t\t\n\t\t\t\t\t\t\t<div class=\"accordion__accordion-content inactive\">\n\t\t\t\t\t\t\t\t<div>\n\t\t\t\t\t\t\t\t\t<div>\n\t\t\t\t\t\t\t\t\t\t<h4>Hospital de las Cinco Llagas<\/h4>\n\t\t\t\t\t\t\t\t\t\t<p>Dieses Geb\u00e4ude, das den Sitz des andalusischen Parlaments beherbergt, wurde um 1546 auf Wunsch von Don Fadrique Enr\u00edquez de Ribera erbaut, der 1539 starb. Das Hospital de las Cinco Llagas, auch Hospital de la Sangre genannt, wurde von Mart\u00edn de Gainza entworfen, der die Bauarbeiten bis zu seinem Tod im Jahr 1556 koordinierte.\n\t\t\t\t\t\t\t\t\t<\/div>\n\t\t\t\t\t\t\t\t\t<img decoding=\"async\" src=\"https:\/\/cdn.pilgrim.es\/web\/caminos\/via-de-la-plata\/pueblos\/sevilla\/puntos-de-interes\/hospital-de-las-cinco-llagas.jpg\" alt=\"Hospital de las Cinco Llagas\">\n\t\t\t\t\t\t\t\t<\/div>\n\t\t\t\t\t\t\t<\/div>\n\t\t\t\t\t\t\n\t\t\t\t\t\t\t<div class=\"accordion__accordion-content inactive\">\n\t\t\t\t\t\t\t\t<div>\n\t\t\t\t\t\t\t\t\t<div>\n\t\t\t\t\t\t\t\t\t\t<h4>Iglesia de la Magdalena<\/h4>\n\t\t\t\t\t\t\t\t\t\t<p>W\u00e4hrend der franz\u00f6sischen Invasion wurde die Kirche Santa Maria Magdalena im gotischen Mud\u00e9jar-Stil abgerissen, und die Gemeinde wurde 1840 in das verschwundene Kloster von San Pablo el Real verlegt. Von diesem Geb\u00e4ude sticht die Fassade hervor, an der ein Grabstein an die Weihe von Fray Bartolom\u00e9 de las Casas zum Bischof von Chiapas um 1544 erinnert.\n\t\t\t\t\t\t\t\t\t<\/div>\n\t\t\t\t\t\t\t\t\t<img decoding=\"async\" src=\"https:\/\/cdn.pilgrim.es\/web\/caminos\/via-de-la-plata\/pueblos\/sevilla\/puntos-de-interes\/iglesia-de-la-magdalena.jpg\" alt=\"Iglesia de la Magdalena\">\n\t\t\t\t\t\t\t\t<\/div>\n\t\t\t\t\t\t\t<\/div>\n\t\t\t\t\t\t\n\t\t\t\t\t\t\t<div class=\"accordion__accordion-content inactive\">\n\t\t\t\t\t\t\t\t<div>\n\t\t\t\t\t\t\t\t\t<div>\n\t\t\t\t\t\t\t\t\t\t<h4>Iglesia del Divino Salvador<\/h4>\n\t\t\t\t\t\t\t\t\t\t<p>Es handelt sich um einen katholischen Tempel, in dem der Heilige Erl\u00f6ser verehrt wird und der nach der Kathedrale als die gr\u00f6\u00dfte Kirche der Stadt gilt. <\/p>\n\n<p>Der Bau wurde 1674 von dem Architekten Esteban Garc\u00eda an der Stelle einer ehemaligen Moschee begonnen und 1712 von dem Architekten Leonardo de Figueroa vollendet und anschlie\u00dfend zwischen 2003 und 2008 restauriert.<\/p> <p>Die Kirche wurde 1674 von dem Architekten Esteban Garc\u00eda an der Stelle einer ehemaligen Moschee gebaut und 1712 von dem Architekten Leonardo de Figueroa vollendet und anschlie\u00dfend zwischen 2003 und 2008 restauriert.\n\t\t\t\t\t\t\t\t\t<\/div>\n\t\t\t\t\t\t\t\t\t<img decoding=\"async\" src=\"https:\/\/cdn.pilgrim.es\/web\/caminos\/via-de-la-plata\/pueblos\/sevilla\/puntos-de-interes\/iglesia-del-divino-salvador.jpg\" alt=\"Iglesia del Divino Salvador\">\n\t\t\t\t\t\t\t\t<\/div>\n\t\t\t\t\t\t\t<\/div>\n\t\t\t\t\t\t\n\t\t\t\t\t\t\t<div class=\"accordion__accordion-content inactive\">\n\t\t\t\t\t\t\t\t<div>\n\t\t\t\t\t\t\t\t\t<div>\n\t\t\t\t\t\t\t\t\t\t<h4>Las Setas o Metropol Parasol<\/h4>\n\t\t\t\t\t\t\t\t\t\t<p>Auch als Setas de la Encarnaci\u00f3n bekannt, handelt es sich um eine von zwei Betons\u00e4ulen getragene Holzkonstruktion, auf der sich die Aufz\u00fcge zum Aussichtspunkt befinden. Seine Struktur basiert auf sechs pilzf\u00f6rmigen Sonnenschirmen mit gro\u00dfen Proportionen, die auf f\u00fcnf Ebenen angeordnet sind. <\/p>\n\t\t\t\t\t\t\t\t\t<\/div>\n\t\t\t\t\t\t\t\t\t<img decoding=\"async\" src=\"https:\/\/cdn.pilgrim.es\/web\/caminos\/via-de-la-plata\/pueblos\/sevilla\/puntos-de-interes\/las-setas-o-metropol-parasol.jpg\" alt=\"Las Setas o Metropol Parasol\">\n\t\t\t\t\t\t\t\t<\/div>\n\t\t\t\t\t\t\t<\/div>\n\t\t\t\t\t\t\n\t\t\t\t\t\t\t<div class=\"accordion__accordion-content inactive\">\n\t\t\t\t\t\t\t\t<div>\n\t\t\t\t\t\t\t\t\t<div>\n\t\t\t\t\t\t\t\t\t\t<h4>La Giralda<\/h4>\n\t\t\t\t\t\t\t\t\t\t<p>Dies ist der Glockenturm der Kathedrale von Sevilla. Mit 97,5 Metern H\u00f6he galt er einst als der h\u00f6chste Turm der Welt und wurde 1987 zum Weltkulturerbe ernannt. <\/p>\n\n<p>Der Turm ist in zwei verschiedene Abschnitte unterteilt: der erste, im maurischen Stil, an dem 1184 mit den Arbeiten begonnen wurde; der zweite, aus dem 16. Jahrhundert und im christlichen Stil, endet im Glockenturm. <\/p>\n\t\t\t\t\t\t\t\t\t<\/div>\n\t\t\t\t\t\t\t\t\t<img decoding=\"async\" src=\"https:\/\/cdn.pilgrim.es\/web\/caminos\/via-de-la-plata\/pueblos\/sevilla\/puntos-de-interes\/la-giralda.jpg\" alt=\"La Giralda\">\n\t\t\t\t\t\t\t\t<\/div>\n\t\t\t\t\t\t\t<\/div>\n\t\t\t\t\t\t\n\t\t\t\t\t\t\t<div class=\"accordion__accordion-content inactive\">\n\t\t\t\t\t\t\t\t<div>\n\t\t\t\t\t\t\t\t\t<div>\n\t\t\t\t\t\t\t\t\t\t<h4>Mercado Triana<\/h4>\n\t\t\t\t\t\t\t\t\t\t<p>Dies ist der Markt im gleichnamigen Viertel, der auf den \u00dcberresten der Burg San Jorge errichtet wurde. Im Jahr 2001 wurde der neue und aktuelle Markt eingeweiht, der f\u00fcr die Weltausstellung 1992 in Sevilla umgestaltet wurde. Bis dahin war er unter dem Namen Plaza de Abastos bekannt.\n\n<p>Einkaufszeiten<\/p>\n\n<p>Montag bis Samstag 09:00 bis 15:00<\/p> <p>Montag bis Samstag von 09:00 bis 15:00<\/p>\n\n<p>\u00d6FFNUNGSZEITEN DER RESTORATION<\/p>\n\n<p>Montag bis Samstag ge\u00f6ffnet von 10:00 bis 24:00 Uhr Sonntags und Feiertags von 12:00 bis 17:00 Uhr<\/p> <p>Samstag bis Samstag ge\u00f6ffnet von 10:00 bis 24:00 Uhr Sonntags und Feiertags von 12:00 bis 17:00 Uhr<\/p>\n\t\t\t\t\t\t\t\t\t<\/div>\n\t\t\t\t\t\t\t\t\t<img decoding=\"async\" src=\"https:\/\/cdn.pilgrim.es\/web\/caminos\/via-de-la-plata\/pueblos\/sevilla\/puntos-de-interes\/mercado-triana.jpg\" alt=\"Mercado Triana\">\n\t\t\t\t\t\t\t\t<\/div>\n\t\t\t\t\t\t\t<\/div>\n\t\t\t\t\t\t\n\t\t\t\t\t\t\t<div class=\"accordion__accordion-content inactive\">\n\t\t\t\t\t\t\t\t<div>\n\t\t\t\t\t\t\t\t\t<div>\n\t\t\t\t\t\t\t\t\t\t<h4>Plaza de Toros la Maestranza<\/h4>\n\t\t\t\t\t\t\t\t\t\t<p>Die 1984 zum Kulturgut erkl\u00e4rte Stierkampfarena ist die \u00e4lteste Spaniens, in der w\u00e4hrend der Feria de Abril in Sevilla Stierk\u00e4mpfe ausgetragen werden. <\/p>\n\t\t\t\t\t\t\t\t\t<\/div>\n\t\t\t\t\t\t\t\t\t<img decoding=\"async\" src=\"https:\/\/cdn.pilgrim.es\/web\/caminos\/via-de-la-plata\/pueblos\/sevilla\/puntos-de-interes\/plaza-de-toros-la-maestranza.jpg\" alt=\"Plaza de Toros la Maestranza\">\n\t\t\t\t\t\t\t\t<\/div>\n\t\t\t\t\t\t\t<\/div>\n\t\t\t\t\t\t\n\t\t\t\t\t\t\t<div class=\"accordion__accordion-content inactive\">\n\t\t\t\t\t\t\t\t<div>\n\t\t\t\t\t\t\t\t\t<div>\n\t\t\t\t\t\t\t\t\t\t<h4>Museo de Bellas Artes<\/h4>\n\t\t\t\t\t\t\t\t\t\t<p>Dieses Museum wurde 1841 eingeweiht und zeigt Werke von Zurbar\u00e1n, Murillo und Vald\u00e9s Leal, ber\u00fchmten Barockmalern aus Sevilla. Seit seiner Einweihung wurde es dreimal umgebaut: 1868 und 1898, als die B\u00f6gen und W\u00e4nde des ersten Stocks restauriert wurden, zwischen 1942 und 1945, als die Sakristei in den Patio de las Conchas umgewandelt wurde, und zwischen 1985 und 1993, als sie zum Sitz des Museums umgebaut wurde. <\/p>\n\t\t\t\t\t\t\t\t\t<\/div>\n\t\t\t\t\t\t\t\t\t<img decoding=\"async\" src=\"https:\/\/cdn.pilgrim.es\/web\/caminos\/via-de-la-plata\/pueblos\/sevilla\/puntos-de-interes\/museo-de-bellas-artes.jpg\" alt=\"Museo de Bellas Artes\">\n\t\t\t\t\t\t\t\t<\/div>\n\t\t\t\t\t\t\t<\/div>\n\t\t\t\t\t\t\n\t\t\t\t\t\t\t<div class=\"accordion__accordion-content inactive\">\n\t\t\t\t\t\t\t\t<div>\n\t\t\t\t\t\t\t\t\t<div>\n\t\t\t\t\t\t\t\t\t\t<h4>Museo del Baile Flamenco<\/h4>\n\t\t\t\t\t\t\t\t\t\t<p>Dieses Museum ist dem Flamenco-Tanz gewidmet, der so bekannt und repr\u00e4sentativ f\u00fcr ganz Andalusien ist. Es wurde 2006 eingeweiht und hat zum Ziel, die Entwicklung und Tradition der Tanzkultur zu zeigen, indem es die Ausstellung in vier Etagen unterteilt. <\/p>\n\t\t\t\t\t\t\t\t\t<\/div>\n\t\t\t\t\t\t\t\t\t<img decoding=\"async\" src=\"https:\/\/cdn.pilgrim.es\/web\/caminos\/via-de-la-plata\/pueblos\/sevilla\/puntos-de-interes\/museo-del-baile-flamenco.jpg\" alt=\"Museo del Baile Flamenco\">\n\t\t\t\t\t\t\t\t<\/div>\n\t\t\t\t\t\t\t<\/div>\n\t\t\t\t\t\t\n\t\t\t\t\t\t\t<div class=\"accordion__accordion-content inactive\">\n\t\t\t\t\t\t\t\t<div>\n\t\t\t\t\t\t\t\t\t<div>\n\t\t\t\t\t\t\t\t\t\t<h4>Museo &#8211; Palacio de la Condesa de Lebrija<\/h4>\n\t\t\t\t\t\t\t\t\t\t<p>Es handelt sich um ein Geb\u00e4ude aus dem 16. Jahrhundert, das durch seine r\u00f6mischen Mosaike in der Pflasterung des Erdgeschosses sowie durch die Fliesen im gesamten Haus auff\u00e4llt. Das Haus ist in zwei Etagen unterteilt und besitzt ein zweiteiliges Marmorportal, das von zwei Pilastern flankiert wird. <\/p>\n\t\t\t\t\t\t\t\t\t<\/div>\n\t\t\t\t\t\t\t\t\t<img decoding=\"async\" src=\"https:\/\/cdn.pilgrim.es\/web\/caminos\/via-de-la-plata\/pueblos\/sevilla\/puntos-de-interes\/museo-palacio-de-la-condesa-de-lebrija.jpg\" alt=\"Museo - Palacio de la Condesa de Lebrija\">\n\t\t\t\t\t\t\t\t<\/div>\n\t\t\t\t\t\t\t<\/div>\n\t\t\t\t\t\t\n\t\t\t\t\t\t\t<div class=\"accordion__accordion-content inactive\">\n\t\t\t\t\t\t\t\t<div>\n\t\t\t\t\t\t\t\t\t<div>\n\t\t\t\t\t\t\t\t\t\t<h4>Palacio de San Telmo<\/h4>\n\t\t\t\t\t\t\t\t\t\t<p>Es handelt sich um einen Palast, mit dessen Bau 1682 begonnen wurde und der das College-Seminar der Universit\u00e4t der Kaufleute beherbergen sollte, eine Einrichtung, die sich um die Aufnahme und Ausbildung von Seemannswaisen bem\u00fchte. <\/p>\n\t\t\t\t\t\t\t\t\t<\/div>\n\t\t\t\t\t\t\t\t\t<img decoding=\"async\" src=\"https:\/\/cdn.pilgrim.es\/web\/caminos\/via-de-la-plata\/pueblos\/sevilla\/puntos-de-interes\/palacio-de-san-telmo.jpg\" alt=\"Palacio de San Telmo\">\n\t\t\t\t\t\t\t\t<\/div>\n\t\t\t\t\t\t\t<\/div>\n\t\t\t\t\t\t\n\t\t\t\t\t\t\t<div class=\"accordion__accordion-content inactive\">\n\t\t\t\t\t\t\t\t<div>\n\t\t\t\t\t\t\t\t\t<div>\n\t\t\t\t\t\t\t\t\t\t<h4>Patio de Banderas<\/h4>\n\t\t\t\t\t\t\t\t\t\t<p>Es handelt sich um einen Raum, der 1729 als Waffenkammer gebaut und in die Reales Alc\u00e1zares integriert wurde.<\/p> <p>Es wurde 1729 als Waffenkammer gebaut und in die Reales Alc\u00e1zares integriert.\n\n<p>Im Laufe der Jahre wurden in der Mitte B\u00e4nke und ein Springbrunnen aufgestellt, die von B\u00e4umen umgeben waren. 1857 wurden diese B\u00e4nke entfernt und durch Orangenb\u00e4ume ersetzt. Im Jahr 1929 wurde der zentrale Teil vollst\u00e4ndig umgestaltet, indem der Brunnen neu gebaut und eine gepflasterte Fl\u00e4che um ihn herum angelegt wurde.\n\n<p>INFORMATIONEN VON INTERESSE<\/p> <p>INFOUNTAIN INFO<\/p> <p>Interessante Informationen\n\n<p>Telefon: 954 502 324<\/p>\n\n<p> <\/p> <p>\n\t\t\t\t\t\t\t\t\t<\/div>\n\t\t\t\t\t\t\t\t\t<img decoding=\"async\" src=\"https:\/\/cdn.pilgrim.es\/web\/caminos\/via-de-la-plata\/pueblos\/sevilla\/puntos-de-interes\/patio-de-banderas.jpg\" alt=\"Patio de Banderas\">\n\t\t\t\t\t\t\t\t<\/div>\n\t\t\t\t\t\t\t<\/div>\n\t\t\t\t\t\t\n\t\t\t\t\t\t\t<div class=\"accordion__accordion-content inactive\">\n\t\t\t\t\t\t\t\t<div>\n\t\t\t\t\t\t\t\t\t<div>\n\t\t\t\t\t\t\t\t\t\t<h4>Plaza de Am\u00e9rica<\/h4>\n\t\t\t\t\t\t\t\t\t\t<p>Im Maria-Luisa-Park gelegen, ist es umgeben vom Museum f\u00fcr Volkskunst und Brauchtum, dem Arch\u00e4ologischen Museum und dem K\u00f6niglichen Pavillon. Alle diese Geb\u00e4ude sind von einer S\u00e4ulengruppe umgeben, die durch Ketten mit Lichtkugeln verbunden sind. <\/p>\n\t\t\t\t\t\t\t\t\t<\/div>\n\t\t\t\t\t\t\t\t\t<img decoding=\"async\" src=\"https:\/\/cdn.pilgrim.es\/web\/caminos\/via-de-la-plata\/pueblos\/sevilla\/puntos-de-interes\/plaza-de-america.jpg\" alt=\"Plaza de Am\u00e9rica\">\n\t\t\t\t\t\t\t\t<\/div>\n\t\t\t\t\t\t\t<\/div>\n\t\t\t\t\t\t\n\t\t\t\t\t\t\t<div class=\"accordion__accordion-content inactive\">\n\t\t\t\t\t\t\t\t<div>\n\t\t\t\t\t\t\t\t\t<div>\n\t\t\t\t\t\t\t\t\t\t<h4>Plaza de Espa\u00f1a<\/h4>\n\t\t\t\t\t\t\t\t\t\t<p>Es handelt sich um einen Rahmen im regionalistischen Stil, der im Jahr 1929 errichtet wurde. Auffallend sind die B\u00e4nke, die alle Provinzen Spaniens repr\u00e4sentieren, sowie die B\u00fcsten und\/oder Denkm\u00e4ler zu Ehren ber\u00fchmter Spanier an den W\u00e4nden. Der Platz erstreckt sich \u00fcber eine Gesamtfl\u00e4che von 50.000 m2 und ist von einem gro\u00dfen zentralen Geb\u00e4ude umgeben.\n\t\t\t\t\t\t\t\t\t<\/div>\n\t\t\t\t\t\t\t\t\t<img decoding=\"async\" src=\"https:\/\/cdn.pilgrim.es\/web\/caminos\/via-de-la-plata\/pueblos\/sevilla\/puntos-de-interes\/plaza-de-espana.jpg\" alt=\"Plaza de Espa\u00f1a\">\n\t\t\t\t\t\t\t\t<\/div>\n\t\t\t\t\t\t\t<\/div>\n\t\t\t\t\t\t\n\t\t\t\t\t\t\t<div class=\"accordion__accordion-content inactive\">\n\t\t\t\t\t\t\t\t<div>\n\t\t\t\t\t\t\t\t\t<div>\n\t\t\t\t\t\t\t\t\t\t<h4>Plaza Nueva<\/h4>\n\t\t\t\t\t\t\t\t\t\t<p>Dieser Platz befindet sich im historischen Zentrum von Sevilla und umfasst eine Fl\u00e4che von etwa 14.000 m2. Er wurde zwischen 1848 und 1857 erbaut und in seiner Mitte befand sich ein gro\u00dfer Musikpavillon, der sp\u00e4ter verschwand. <\/p>\n\t\t\t\t\t\t\t\t\t<\/div>\n\t\t\t\t\t\t\t\t\t<img decoding=\"async\" src=\"https:\/\/cdn.pilgrim.es\/web\/caminos\/via-de-la-plata\/pueblos\/sevilla\/puntos-de-interes\/plaza-nueva.jpg\" alt=\"Plaza Nueva\">\n\t\t\t\t\t\t\t\t<\/div>\n\t\t\t\t\t\t\t<\/div>\n\t\t\t\t\t\t\n\t\t\t\t\t\t\t<div class=\"accordion__accordion-content inactive\">\n\t\t\t\t\t\t\t\t<div>\n\t\t\t\t\t\t\t\t\t<div>\n\t\t\t\t\t\t\t\t\t\t<h4>Plaza San Francisco<\/h4>\n\t\t\t\t\t\t\t\t\t\t<p>Es handelt sich um einen im 16. Jahrhundert errichteten Platz im Herzen der Stadt, auf dem sich die wichtigsten zivilen Machtorgane befanden sowie die Glaubensakte der Heiligen Inquisition, die Stierk\u00e4mpfe und Stierkampffeste, die Oster- und Fronleichnamsprozessionen stattfanden&#8230;<\/p> <p>Es handelt sich um einen im 16. Jahrhundert errichteten Platz im Herzen der Stadt.\n\n<p>Ab dem 19. Jahrhundert erfuhr er eine Reihe von Umbenennungen: &#8222;Plaza de la Constituci\u00f3n&#8220;, &#8222;Plaza de Fernando VII&#8220;, &#8222;Plaza del Rey&#8220;&#8230; bis er 1980 den Namen &#8222;Plaza de San Francisco&#8220;<\/p> <p>San Francisco Square&#8220;<\/p> <p>&#8230;.\n\t\t\t\t\t\t\t\t\t<\/div>\n\t\t\t\t\t\t\t\t\t<img decoding=\"async\" src=\"https:\/\/cdn.pilgrim.es\/web\/caminos\/via-de-la-plata\/pueblos\/sevilla\/puntos-de-interes\/plaza-san-francisco.jpg\" alt=\"Plaza San Francisco\">\n\t\t\t\t\t\t\t\t<\/div>\n\t\t\t\t\t\t\t<\/div>\n\t\t\t\t\t\t\n\t\t\t\t\t\t\t<div class=\"accordion__accordion-content inactive\">\n\t\t\t\t\t\t\t\t<div>\n\t\t\t\t\t\t\t\t\t<div>\n\t\t\t\t\t\t\t\t\t\t<h4>Puente Isabel II<\/h4>\n\t\t\t\t\t\t\t\t\t\t<p>Es handelt sich um eine Br\u00fccke aus dem Jahr 845, die 1976 zum Nationalen Historischen Denkmal erkl\u00e4rt wurde. Sie wurde \u00fcber der Br\u00fccke errichtet, die als Br\u00fccke der Boote bekannt war, da sie aus dreizehn Booten bestand, die mit Ketten zusammengebunden waren, auf denen starke Holzplanken ruhten. Das Design dieser zweiten Br\u00fccke war das gleiche wie das der Carrousel-Br\u00fccke in Paris.\n\t\t\t\t\t\t\t\t\t<\/div>\n\t\t\t\t\t\t\t\t\t<img decoding=\"async\" src=\"https:\/\/cdn.pilgrim.es\/web\/caminos\/via-de-la-plata\/pueblos\/sevilla\/puntos-de-interes\/puente-isabel-ii.jpg\" alt=\"Puente Isabel II\">\n\t\t\t\t\t\t\t\t<\/div>\n\t\t\t\t\t\t\t<\/div>\n\t\t\t\t\t\t\n\t\t\t\t\t\t\t<div class=\"accordion__accordion-content inactive\">\n\t\t\t\t\t\t\t\t<div>\n\t\t\t\t\t\t\t\t\t<div>\n\t\t\t\t\t\t\t\t\t\t<h4>Real Alc\u00e1zar<\/h4>\n\t\t\t\t\t\t\t\t\t\t<p>Es ist ein befestigter Palast, der als einer der charakteristischsten Spaniens gilt und 1987 von der UNESCO zum Weltkulturerbe erkl\u00e4rt wurde. <\/p>\n\n<p>Die Arbeiten an den bekannten Reales Alc\u00e1zares in Sevilla begannen im Jahr 713 und bestanden aus mehreren Anlagen wie der Casa de los Pr\u00edncipes (Haus der Prinzen): eine Gruppe von Wohnh\u00e4usern, die im 9. Die erste Erweiterung fand zwischen dem 11. und 12. Jahrhundert statt, wobei zahlreiche R\u00e4ume wie der Alcazar und andere H\u00f6fe und Pal\u00e4ste befestigt und hinzugef\u00fcgt wurden. Nach der R\u00fcckeroberung der Stadt wurde der Komplex als Unterkunft f\u00fcr die nachfolgenden Monarchen genutzt, weshalb Alfons X. der Weise beschloss, die ersten Reformen durchzuf\u00fchren und drei gotische S\u00e4le einzurichten. <\/p>\n\n<p>Sp\u00e4ter, im Jahr 1364, beschloss Peter I. der Grausame, den ersten Palast eines kastilischen K\u00f6nigs im Mud\u00e9jar-Stil zu errichten, der nicht durch die Mauern einer Burg gesch\u00fctzt war, darunter die gotische Kapelle, die Apsis, der Patio de la Monter\u00eda und die Grutescos in den G\u00e4rten.  <\/p>\n\t\t\t\t\t\t\t\t\t<\/div>\n\t\t\t\t\t\t\t\t\t<img decoding=\"async\" src=\"https:\/\/cdn.pilgrim.es\/web\/caminos\/via-de-la-plata\/pueblos\/sevilla\/puntos-de-interes\/real-alcazar.jpg\" alt=\"Real Alc\u00e1zar\">\n\t\t\t\t\t\t\t\t<\/div>\n\t\t\t\t\t\t\t<\/div>\n\t\t\t\t\t\t\n\t\t\t\t\t\t\t<div class=\"accordion__accordion-content inactive\">\n\t\t\t\t\t\t\t\t<div>\n\t\t\t\t\t\t\t\t\t<div>\n\t\t\t\t\t\t\t\t\t\t<h4>Real F\u00e1brica de Tabaco<\/h4>\n\t\t\t\t\t\t\t\t\t\t<p>Es handelt sich um ein Geb\u00e4ude, das als die erste Tabakfabrik in Europa gilt und im 18. Sie erstreckt sich \u00fcber eine der gr\u00f6\u00dften Fl\u00e4chen Spaniens, gleich nach dem Escorial. Der Renaissancestil pr\u00e4gt das Gesamtbild, obwohl auch herrschaftliche Elemente im Grundriss, in den Innenh\u00f6fen und in einigen Fassadendetails zu finden sind. <\/p>\n\t\t\t\t\t\t\t\t\t<\/div>\n\t\t\t\t\t\t\t\t\t<img decoding=\"async\" src=\"https:\/\/cdn.pilgrim.es\/web\/caminos\/via-de-la-plata\/pueblos\/sevilla\/puntos-de-interes\/real-fabrica-de-tabaco.jpg\" alt=\"Real F\u00e1brica de Tabaco\">\n\t\t\t\t\t\t\t\t<\/div>\n\t\t\t\t\t\t\t<\/div>\n\t\t\t\t\t\t\n\t\t\t\t\t\t\t<div class=\"accordion__accordion-content inactive\">\n\t\t\t\t\t\t\t\t<div>\n\t\t\t\t\t\t\t\t\t<div>\n\t\t\t\t\t\t\t\t\t\t<h4>Torre de los Perdigones<\/h4>\n\t\t\t\t\t\t\t\t\t\t<p>Dieser Turm war Teil der alten &#8222;F\u00e1brica de Perdigones&#8220; (Pelletfabrik), in der fr\u00fcher Pellets, Kugeln und Zinkblech f\u00fcr die Herstellung von Zinkbadewannen hergestellt wurden. Er wurde 2007 zum letzten Mal restauriert und als &#8222;Camera Obscura&#8220; eingeweiht, von der aus man die Stadt aus einer H\u00f6he von 45 Metern beobachten kann. <\/p>\n\t\t\t\t\t\t\t\t\t<\/div>\n\t\t\t\t\t\t\t\t\t<img decoding=\"async\" src=\"https:\/\/cdn.pilgrim.es\/web\/caminos\/via-de-la-plata\/pueblos\/sevilla\/puntos-de-interes\/torre-de-los-perdigones.jpg\" alt=\"Torre de los Perdigones\">\n\t\t\t\t\t\t\t\t<\/div>\n\t\t\t\t\t\t\t<\/div>\n\t\t\t\t\t\t\n\t\t\t\t\t\t\t<div class=\"accordion__accordion-content inactive\">\n\t\t\t\t\t\t\t\t<div>\n\t\t\t\t\t\t\t\t\t<div>\n\t\t\t\t\t\t\t\t\t\t<h4>Torre del Oro<\/h4>\n\t\t\t\t\t\t\t\t\t\t<p>Dieser charakteristische Wehrturm steht in einer idyllischen Umgebung, direkt am linken Ufer des Guadalquivir und bewacht von der &#8222;Kathedrale des Stierkampfes&#8220;. Er war Teil einer viel gr\u00f6\u00dferen Verteidigungsbastion, wobei er mit dem Rest der Festung durch einen Bogen verbunden war, was die Isolierung dieses Bereichs mit der Zerst\u00f6rung der Verbindung im Falle einer Invasion oder eines Angriffs erm\u00f6glichte. <\/p>\n\n<p>Was die Struktur betrifft, so erreicht sie eine H\u00f6he von etwa sechsunddrei\u00dfig Metern und ist in drei Teile oder K\u00f6rper unterteilt. Der \u00e4lteste, der aus dem fr\u00fchen 13. Jahrhundert stammt, wurde im Auftrag des Stadthalters in einer zw\u00f6lfeckigen polygonalen Form errichtet. Der zweite Teil dieses einzigartigen Turms wurde etwa ein Jahrhundert sp\u00e4ter auf Anordnung von Pedro I. dem Grausamen errichtet, hat eine zw\u00f6lfeckige Form und wurde in den 1930er Jahren zum kunsthistorischen Monument erkl\u00e4rt. Der dritte und letzte Bauk\u00f6rper hingegen hat eine zylindrische Form. Er wurde von Sebasti\u00e1n Van der Borcht entworfen, einem spanischen Milit\u00e4rarchitekten, der auch andere einzigartige Geb\u00e4ude in Sevilla entwarf, wie z. B. die Real Casa de la Moneda (K\u00f6nigliche M\u00fcnze). Heute beherbergt es den Sitz des Marinemuseums von Sevilla.\n\n<p>STUNDEN<\/p>\n\n<p>Montag bis Freitag von 09:30 bis 18:45 Uhr Samstag und Sonntag von 10:30 bis 18:45 UhrGeschlossen an Feiertagen.\n\n<p>Preise<\/p>\n\n<p>Allgemeiner Eintritt: 3 \u20ac Studenten und Senioren: 1,50 \u20ac Jeden Montag: freier Eintritt<\/p> <p>Freier Eintritt.\n\n<p>INFORMATIONEN VON INTERESSE<\/p>\n\n<p>Telefon: 954 222 419<\/p> <p>Telefon: 954 222 419<\/p>\n\t\t\t\t\t\t\t\t\t<\/div>\n\t\t\t\t\t\t\t\t\t<img decoding=\"async\" src=\"https:\/\/cdn.pilgrim.es\/web\/caminos\/via-de-la-plata\/pueblos\/sevilla\/puntos-de-interes\/torre-del-oro.jpg\" alt=\"Torre del Oro\">\n\t\t\t\t\t\t\t\t<\/div>\n\t\t\t\t\t\t\t<\/div>\n\t\t\t\t\t\t\n\t\t\t\t\t<\/div>\n\t\t\t\t<\/div>\n\t\t\t<\/div>\n\t\t\n\n\t\t<div id=\"phonesSection\">\n\t\t\t<div>\n\t\t\t\t<h2 class=\"p-h3-town\">Informationen von Interesse<\/h2>\n\t\t\t<\/div>\n\t\t\t<div class=\"grid\">\n\t\t\t\t\n\t\t\t\t\t<div class=\"phone-number-item\">\n\t\t\t\t\t\t<div class=\"phone-number-item__icon\"><i class=\"icon-police\"><\/i><\/div>\n\t\t\t\t\t\t<div class=\"phone-number-item__title\">\n\t\t\t\t\t\t\t<h3 class=\"p-font-bold\">Ortspolizei<\/h3>\n\t\t\t\t\t\t\t<p>955 471 199 \/ 954 618 501<\/p>\n\t\t\t\t\t\t\t\n\t\t\t\t\t\t<\/div>\n\t\t\t\t\t<\/div>\n\t\t\t\t\n\t\t\t\t\t<div class=\"phone-number-item\">\n\t\t\t\t\t\t<div class=\"phone-number-item__icon\"><i class=\"icon-spanish-military-police\"><\/i><\/div>\n\t\t\t\t\t\t<div class=\"phone-number-item__title\">\n\t\t\t\t\t\t\t<h3 class=\"p-font-bold\">Zivilwache<\/h3>\n\t\t\t\t\t\t\t<p>954 889 901 \/ 954 231 902<\/p>\n\t\t\t\t\t\t\t\n\t\t\t\t\t\t<\/div>\n\t\t\t\t\t<\/div>\n\t\t\t\t\n\t\t\t\t\t<div class=\"phone-number-item\">\n\t\t\t\t\t\t<div class=\"phone-number-item__icon\"><i class=\"icon-firefighters\"><\/i><\/div>\n\t\t\t\t\t\t<div class=\"phone-number-item__title\">\n\t\t\t\t\t\t\t<h3 class=\"p-font-bold\">Feuerwehr<\/h3>\n\t\t\t\t\t\t\t<p>954 751 112<\/p>\n\t\t\t\t\t\t\t\n\t\t\t\t\t\t<\/div>\n\t\t\t\t\t<\/div>\n\t\t\t\t\n\t\t\t\t\t<div class=\"phone-number-item\">\n\t\t\t\t\t\t<div class=\"phone-number-item__icon\"><i class=\"icon-civil-protection\"><\/i><\/div>\n\t\t\t\t\t\t<div class=\"phone-number-item__title\">\n\t\t\t\t\t\t\t<h3 class=\"p-font-bold\">Zivilschutz<\/h3>\n\t\t\t\t\t\t\t<p>955 473 896<\/p>\n\t\t\t\t\t\t\t\n\t\t\t\t\t\t<\/div>\n\t\t\t\t\t<\/div>\n\t\t\t\t\n\t\t\t\t\t<div class=\"phone-number-item\">\n\t\t\t\t\t\t<div class=\"phone-number-item__icon\"><i class=\"icon-town-council\"><\/i><\/div>\n\t\t\t\t\t\t<div class=\"phone-number-item__title\">\n\t\t\t\t\t\t\t<h3 class=\"p-font-bold\">Rathaus<\/h3>\n\t\t\t\t\t\t\t<p>954 229 681<\/p>\n\t\t\t\t\t\t\t\n\t\t\t\t\t\t<\/div>\n\t\t\t\t\t<\/div>\n\t\t\t\t\n\t\t\t\t\t<div class=\"phone-number-item\">\n\t\t\t\t\t\t<div class=\"phone-number-item__icon\"><i class=\"icon-hospital\"><\/i><\/div>\n\t\t\t\t\t\t<div class=\"phone-number-item__title\">\n\t\t\t\t\t\t\t<h3 class=\"p-font-bold\">Gesundheitszentrum<\/h3>\n\t\t\t\t\t\t\t<p>954 786 814 \/ 954 994 182<\/p>\n\t\t\t\t\t\t\t\n\t\t\t\t\t\t<\/div>\n\t\t\t\t\t<\/div>\n\t\t\t\t\n\t\t\t\t\t<div class=\"phone-number-item\">\n\t\t\t\t\t\t<div class=\"phone-number-item__icon\"><i class=\"icon-tourism\"><\/i><\/div>\n\t\t\t\t\t\t<div class=\"phone-number-item__title\">\n\t\t\t\t\t\t\t<h3 class=\"p-font-bold\">Fremdenverkehrsamt<\/h3>\n\t\t\t\t\t\t\t<p><\/p>\n\t\t\t\t\t\t\t\n\t\t\t\t\t\t<\/div>\n\t\t\t\t\t<\/div>\n\t\t\t\t\n\t\t\t<\/div>\n\t\t<\/div>\n\n\t\t<div id=\"clientForm\">\n        <section>\n        <img decoding=\"async\" src=\"https:\/\/cdn.pilgrim.es\/web\/home\/email-contacto.png\" alt=\"contacto\">\n        <div>\n            <p>Wir senden dir deine Planung<\/p>\n            <p>Gib uns deine Daten an und erhalte die Planung deiner Reise per E-Mail <\/p>\n            <form method=\"post\" data-url=\"\/wp-admin\/admin-ajax.php\" id=\"planner--client\" class=\"flag-right form-client\">\n    <div class=\"form-data\">\n        <input name=\"form_id\" type=\"hidden\" value=\"Formulario Leads\">\n        <input name=\"type\" type=\"hidden\" value=\"planner_client\">\n        <input type=\"text\" name=\"nombre\" value=\"\" size=\"40\" class=\"form-control\" aria-required=\"true\" aria-invalid=\"false\" placeholder=\"Name\">\n        <input type=\"email\" name=\"email\" value=\"\" size=\"40\" class=\"form-control\" aria-required=\"true\" aria-invalid=\"false\" placeholder=\"E- Mail\">\n        <input type=\"text\" id=\"phone-input\" name=\"tel\" value=\"\" size=\"40\" class=\"phone-input form-control\" aria-required=\"true\" aria-invalid=\"false\" placeholder=\"Telefon\">\n        <input type=\"hidden\" name=\"telefono\">\n    <\/div>\n    <div class=\"form-checkbox\">\n        <span>\n            Pilgrim Travel, S.L. teilt gem\u00e4\u00df Regulierung 2016\/679 mit, dass die in diesem Formular verwendeten Daten sowohl f\u00fcr die Beantwortung der m\u00f6glichen Anfragen als auch f\u00fcr die Ver\u00f6ffentlichung der Kommentare verwendet werden, mit der Zustimmung des Nutzers. Sie k\u00f6nnen Ihre Rechte in \u00dcbereinstimmung mit unserer Datenschutzbestimmungen aus\u00fcben             <a href=\"https:\/\/www.pilgrim.es\/politica-de-privacidad\/\" target=\"_blank\" rel=\"noopener noreferrer nofollow\">Datenschutzerkl\u00e4rung.<\/a>\n        <\/span>\n    <\/div>\n\n    <div class=\"form-submit\">\n        <button id=\"planner--client-create\" type=\"submit\">Anfrage senden<\/button>\n        <div class=\"loadingDiv\"><i class=\"p-spinner\"><\/i><\/div>\n    <\/div>\n\n    <div class=\"contact-content-form-success\">\n        <p><i class=\"fas fa-check\"><\/i> Das Formular hat sich erfolgreich gesendet.<\/p>\n    <\/div>\n\n    <div class=\"contact-content-form-error\">\n        <span class=\"input-error\"><\/span>\n    <\/div>\n<\/form>        <\/div>\n    <\/section>\n<\/div>\n\n\t\t<div id=\"recomendationSection\">\n\t\t\t<div>\n\t\t\t\t<h2 class=\"p-h2-town\">Empfohlen<\/h2>\n\t\t\t\t<hr>\n\t\t\t\t<h3 class=\"p-h3-town\">Gastronomie<\/h3>\n\t\t\t<\/div>\n\t\t\tIn der Stadt Sevilla ist die Gastronomie eng mit der mediterranen Ern\u00e4hrung verbunden. Rezepte wie &#8222;cocido a la sevillana&#8220;, &#8222;huevos a la macarena&#8220;, &#8222;ternera a la sevillana&#8220;, &#8222;callos a la andaluza&#8220;, &#8222;fritanga de sangre&#8220;, &#8222;caldereta de cordero&#8220;, &#8222;huevos a la flamenca&#8220;, &#8222;patatas al mont\u00f3n&#8220; und &#8222;gazpacho andaluz&#8220; ragen heraus.\n\nIn der Region sind Oliven wichtiger als jedes andere Produkt, weshalb Tapas aus Oliven in Restaurants und Bars so typisch sind. Das liegt daran, dass die Olivenhaine eine der reichhaltigsten kulinarischen Ressourcen sind, obwohl es auch viele Orangen- und Mandelhaine gibt.\n\nBei den S\u00fc\u00dfwaren sind die Tortas de Aceite (Oliven\u00f6lkuchen), Polvorones, Cortadillos, gef\u00fcllt mit Cabello de \u00e1ngel, Pi\u00f1onates, Roscos de vino, Alfajores, Yemas de san Leandro, Mostachones de Utrera und Pole\u00e1s am beliebtesten.\n\t\t<\/div>\n\n\n\t\t\n\t\t\t<div id=\"holidaysSection\">\n\t\t\t\t<div>\n\t\t\t\t\t<h2 class=\"p-h2-town\">Empfohlen<\/h2>\n\t\t\t\t\t<hr>\n\t\t\t\t\t<h3 class=\"p-h3-town\">Feste und Pilgerfahrten<\/h3>\n\t\t\t\t<\/div>\n\t\t\t\t<div class=\"grid holidays-grid\">\n\t\t\t\t\t\n\t\t\t\t\t\t<div>\n\t\t\t\t\t\t\t<div class=\"phone-number-item\">\n\t\t\t\t\t\t\t\t<div class=\"phone-number-item__icon\"><i class=\"icon-holiday\"><\/i><\/div>\n\t\t\t\t\t\t\t\t<div class=\"phone-number-item__title dark-text\">\n\t\t\t\t\t\t\t\t\t<p class=\"p-font-bold\">Lokaler Urlaub<\/p>\n\t\t\t\t\t\t\t\t\t<p>12 al 17 de abril: Feria de Abril<\/p>\n\t\t\t\t\t\t\t\t<\/div>\n\t\t\t\t\t\t\t<\/div>\n\t\t\t\t\t\t<\/div>\n\t\t\t\t\t\n\t\t\t\t\t\t<div>\n\t\t\t\t\t\t\t<div class=\"phone-number-item\">\n\t\t\t\t\t\t\t\t<div class=\"phone-number-item__icon\"><i class=\"icon-holiday\"><\/i><\/div>\n\t\t\t\t\t\t\t\t<div class=\"phone-number-item__title dark-text\">\n\t\t\t\t\t\t\t\t\t<p class=\"p-font-bold\">Lokaler Urlaub<\/p>\n\t\t\t\t\t\t\t\t\t<p>Semana Santa: Actos religiosos<\/p>\n\t\t\t\t\t\t\t\t<\/div>\n\t\t\t\t\t\t\t<\/div>\n\t\t\t\t\t\t<\/div>\n\t\t\t\t\t\n\t\t\t\t\t\t<div>\n\t\t\t\t\t\t\t<div class=\"phone-number-item\">\n\t\t\t\t\t\t\t\t<div class=\"phone-number-item__icon\"><i class=\"icon-holiday\"><\/i><\/div>\n\t\t\t\t\t\t\t\t<div class=\"phone-number-item__title dark-text\">\n\t\t\t\t\t\t\t\t\t<p class=\"p-font-bold\">Lokaler Urlaub<\/p>\n\t\t\t\t\t\t\t\t\t<p>5 al 12 de junio: Festividad del Corpus<\/p>\n\t\t\t\t\t\t\t\t<\/div>\n\t\t\t\t\t\t\t<\/div>\n\t\t\t\t\t\t<\/div>\n\t\t\t\t\t\n\t\t\t\t\t\t<div>\n\t\t\t\t\t\t\t<div class=\"phone-number-item\">\n\t\t\t\t\t\t\t\t<div class=\"phone-number-item__icon\"><i class=\"icon-holiday\"><\/i><\/div>\n\t\t\t\t\t\t\t\t<div class=\"phone-number-item__title dark-text\">\n\t\t\t\t\t\t\t\t\t<p class=\"p-font-bold\">Lokaler Urlaub<\/p>\n\t\t\t\t\t\t\t\t\t<p>Del 12 al 14 de Octubre: Encuentro de las Casas Regionales<\/p>\n\t\t\t\t\t\t\t\t<\/div>\n\t\t\t\t\t\t\t<\/div>\n\t\t\t\t\t\t<\/div>\n\t\t\t\t\t\n\t\t\t\t<\/div>\n\t\t\t<\/div>\n\t\t\n\t<\/div>\n<\/section>\n\n<div id=\"stage_list_section\"><div class=\"stage-list\">\n    <div class='stage-list__map-card'>\n        <div class='stage-list__map-card__map'>\n            <div class='stage-list__map-card__map__text'>\n                <h2> Pages <\/h2>\n                <p> Zu Fu\u00df<\/p>\n                <p> 0etappen<\/p>\n            <\/div>\n            <div class='stage-list__map-card__map__img'>\n                <img decoding=\"async\" src=\"\" alt=\" mapa \" \/>\n            <\/div>\n        <\/div>\n    <\/div>\n\n    <\/div>\n<\/div> ","protected":false},"excerpt":{"rendered":"<p>Sevilla &#8249; Zur\u00fcck zur B\u00fchne Sevilla Einwohner: 693.878 aprox. Bundesland: Sevilla Informationen Get to know Sevilla Die Stadt Sevilla hat das gr\u00f6\u00dfte historische Zentrum Spaniens und geh\u00f6rt zu den drei gr\u00f6\u00dften in Europa. Es ist auch erw\u00e4hnenswert, dass diese Stadt den einzigen Binnenhafen hat, da der Fluss Guadalquivir auf den 80 km, die ihn vom &hellip; <\/p>\n<p class=\"read_more\"><a href=\"https:\/\/www.pilgrim.es\/de\/silber-route\/sevilla\/\">Leer m\u00e1s<\/a><\/p>\n","protected":false},"author":0,"featured_media":9314,"parent":10601,"menu_order":0,"comment_status":"closed","ping_status":"closed","template":"views\/template-new-web-design.blade.php","meta":{"footnotes":""},"categories":[],"tags":[],"class_list":["post-91480","page","type-page","status-publish","has-post-thumbnail","hentry"],"yoast_head":"<!-- This site is optimized with the Yoast SEO plugin v27.4 - https:\/\/yoast.com\/product\/yoast-seo-wordpress\/ -->\n<title>Sevilla: Was sehen und wo \u00fcbernachten | Jakobsweg | Pilgrim<\/title>\n<meta name=\"description\" content=\"Sevilla Entdecken Sie alle Informationen \u00fcber Unterk\u00fcnfte, Anreise, Gastronomie und die wichtigsten Sehensw\u00fcrdigkeiten der Orte am Silberweg\" \/>\n<meta name=\"robots\" content=\"index, follow, max-snippet:-1, max-image-preview:large, max-video-preview:-1\" \/>\n<link rel=\"canonical\" href=\"https:\/\/www.pilgrim.es\/de\/silber-route\/sevilla\/\" \/>\n<meta property=\"og:locale\" content=\"de_DE\" \/>\n<meta property=\"og:type\" content=\"article\" \/>\n<meta property=\"og:title\" content=\"Sevilla: Was sehen und wo \u00fcbernachten | Jakobsweg | Pilgrim\" \/>\n<meta property=\"og:description\" content=\"Sevilla Entdecken Sie alle Informationen \u00fcber Unterk\u00fcnfte, Anreise, Gastronomie und die wichtigsten Sehensw\u00fcrdigkeiten der Orte am Silberweg\" \/>\n<meta property=\"og:url\" content=\"https:\/\/www.pilgrim.es\/de\/silber-route\/sevilla\/\" \/>\n<meta property=\"og:site_name\" content=\"Pilgrim\" \/>\n<meta property=\"article:publisher\" content=\"https:\/\/www.facebook.com\/pilgrim.es\/\" \/>\n<meta property=\"og:image\" content=\"https:\/\/www.pilgrim.es\/wp-content\/uploads\/2019\/02\/SEVILLA-520x370.png\" \/>\n\t<meta property=\"og:image:width\" content=\"520\" \/>\n\t<meta property=\"og:image:height\" content=\"370\" \/>\n\t<meta property=\"og:image:type\" content=\"image\/png\" \/>\n<meta name=\"twitter:card\" content=\"summary_large_image\" \/>\n<meta name=\"twitter:site\" content=\"@pilgrim_es\" \/>\n<meta name=\"twitter:label1\" content=\"Gesch\u00e4tzte Lesezeit\" \/>\n\t<meta name=\"twitter:data1\" content=\"14\u00a0Minuten\" \/>\n<script type=\"application\/ld+json\" class=\"yoast-schema-graph\">{\"@context\":\"https:\\\/\\\/schema.org\",\"@graph\":[{\"@type\":\"WebPage\",\"@id\":\"https:\\\/\\\/www.pilgrim.es\\\/de\\\/silber-route\\\/sevilla\\\/\",\"url\":\"https:\\\/\\\/www.pilgrim.es\\\/de\\\/silber-route\\\/sevilla\\\/\",\"name\":\"Sevilla: Was sehen und wo \u00fcbernachten | Jakobsweg | Pilgrim\",\"isPartOf\":{\"@id\":\"https:\\\/\\\/www.pilgrim.es\\\/de\\\/#website\"},\"primaryImageOfPage\":{\"@id\":\"https:\\\/\\\/www.pilgrim.es\\\/de\\\/silber-route\\\/sevilla\\\/#primaryimage\"},\"image\":{\"@id\":\"https:\\\/\\\/www.pilgrim.es\\\/de\\\/silber-route\\\/sevilla\\\/#primaryimage\"},\"thumbnailUrl\":\"https:\\\/\\\/www.pilgrim.es\\\/wp-content\\\/uploads\\\/2019\\\/02\\\/SEVILLA-520x370.png\",\"datePublished\":\"2025-03-17T15:39:17+00:00\",\"description\":\"Sevilla Entdecken Sie alle Informationen \u00fcber Unterk\u00fcnfte, Anreise, Gastronomie und die wichtigsten Sehensw\u00fcrdigkeiten der Orte am Silberweg\",\"breadcrumb\":{\"@id\":\"https:\\\/\\\/www.pilgrim.es\\\/de\\\/silber-route\\\/sevilla\\\/#breadcrumb\"},\"inLanguage\":\"de\",\"potentialAction\":[{\"@type\":\"ReadAction\",\"target\":[\"https:\\\/\\\/www.pilgrim.es\\\/de\\\/silber-route\\\/sevilla\\\/\"]}]},{\"@type\":\"ImageObject\",\"inLanguage\":\"de\",\"@id\":\"https:\\\/\\\/www.pilgrim.es\\\/de\\\/silber-route\\\/sevilla\\\/#primaryimage\",\"url\":\"https:\\\/\\\/www.pilgrim.es\\\/wp-content\\\/uploads\\\/2019\\\/02\\\/SEVILLA-520x370.png\",\"contentUrl\":\"https:\\\/\\\/www.pilgrim.es\\\/wp-content\\\/uploads\\\/2019\\\/02\\\/SEVILLA-520x370.png\",\"width\":520,\"height\":370,\"caption\":\"Sevilla\"},{\"@type\":\"BreadcrumbList\",\"@id\":\"https:\\\/\\\/www.pilgrim.es\\\/de\\\/silber-route\\\/sevilla\\\/#breadcrumb\",\"itemListElement\":[{\"@type\":\"ListItem\",\"position\":1,\"name\":\"Camino de Santiago\",\"item\":\"https:\\\/\\\/www.pilgrim.es\\\/de\\\/\"},{\"@type\":\"ListItem\",\"position\":2,\"name\":\"Die Silber-Route\",\"item\":\"https:\\\/\\\/www.pilgrim.es\\\/de\\\/silber-route\\\/\"},{\"@type\":\"ListItem\",\"position\":3,\"name\":\"Sevilla\"}]},{\"@type\":\"WebSite\",\"@id\":\"https:\\\/\\\/www.pilgrim.es\\\/de\\\/#website\",\"url\":\"https:\\\/\\\/www.pilgrim.es\\\/de\\\/\",\"name\":\"Pilgrim\",\"description\":\"Camino de Santiago | Caminamos Contigo\",\"publisher\":{\"@id\":\"https:\\\/\\\/www.pilgrim.es\\\/de\\\/#organization\"},\"potentialAction\":[{\"@type\":\"SearchAction\",\"target\":{\"@type\":\"EntryPoint\",\"urlTemplate\":\"https:\\\/\\\/www.pilgrim.es\\\/de\\\/?s={search_term_string}\"},\"query-input\":{\"@type\":\"PropertyValueSpecification\",\"valueRequired\":true,\"valueName\":\"search_term_string\"}}],\"inLanguage\":\"de\"},{\"@type\":\"Organization\",\"@id\":\"https:\\\/\\\/www.pilgrim.es\\\/de\\\/#organization\",\"name\":\"Pilgrim Camino de Santiago\",\"url\":\"https:\\\/\\\/www.pilgrim.es\\\/de\\\/\",\"logo\":{\"@type\":\"ImageObject\",\"inLanguage\":\"de\",\"@id\":\"https:\\\/\\\/www.pilgrim.es\\\/de\\\/#\\\/schema\\\/logo\\\/image\\\/\",\"url\":\"https:\\\/\\\/www.pilgrim.es\\\/wp-content\\\/uploads\\\/2019\\\/04\\\/logo_pilgrim.png\",\"contentUrl\":\"https:\\\/\\\/www.pilgrim.es\\\/wp-content\\\/uploads\\\/2019\\\/04\\\/logo_pilgrim.png\",\"width\":512,\"height\":512,\"caption\":\"Pilgrim Camino de Santiago\"},\"image\":{\"@id\":\"https:\\\/\\\/www.pilgrim.es\\\/de\\\/#\\\/schema\\\/logo\\\/image\\\/\"},\"sameAs\":[\"https:\\\/\\\/www.facebook.com\\\/pilgrim.es\\\/\",\"https:\\\/\\\/x.com\\\/pilgrim_es\",\"https:\\\/\\\/www.instagram.com\\\/pilgrim.es\\\/\",\"https:\\\/\\\/www.linkedin.com\\\/company\\\/pilgrim-camino-de-santiago\\\/\",\"https:\\\/\\\/www.pinterest.es\\\/pilgrimcaminodesantiago\\\/\",\"https:\\\/\\\/www.youtube.com\\\/channel\\\/UCIv2ZzFLXVqthkNF32rKedw\\\/featured\"]}]}<\/script>\n<!-- \/ Yoast SEO plugin. -->","yoast_head_json":{"title":"Sevilla: Was sehen und wo \u00fcbernachten | Jakobsweg | Pilgrim","description":"Sevilla Entdecken Sie alle Informationen \u00fcber Unterk\u00fcnfte, Anreise, Gastronomie und die wichtigsten Sehensw\u00fcrdigkeiten der Orte am Silberweg","robots":{"index":"index","follow":"follow","max-snippet":"max-snippet:-1","max-image-preview":"max-image-preview:large","max-video-preview":"max-video-preview:-1"},"canonical":"https:\/\/www.pilgrim.es\/de\/silber-route\/sevilla\/","og_locale":"de_DE","og_type":"article","og_title":"Sevilla: Was sehen und wo \u00fcbernachten | Jakobsweg | Pilgrim","og_description":"Sevilla Entdecken Sie alle Informationen \u00fcber Unterk\u00fcnfte, Anreise, Gastronomie und die wichtigsten Sehensw\u00fcrdigkeiten der Orte am Silberweg","og_url":"https:\/\/www.pilgrim.es\/de\/silber-route\/sevilla\/","og_site_name":"Pilgrim","article_publisher":"https:\/\/www.facebook.com\/pilgrim.es\/","og_image":[{"width":520,"height":370,"url":"https:\/\/www.pilgrim.es\/wp-content\/uploads\/2019\/02\/SEVILLA-520x370.png","type":"image\/png"}],"twitter_card":"summary_large_image","twitter_site":"@pilgrim_es","twitter_misc":{"Gesch\u00e4tzte Lesezeit":"14\u00a0Minuten"},"schema":{"@context":"https:\/\/schema.org","@graph":[{"@type":"WebPage","@id":"https:\/\/www.pilgrim.es\/de\/silber-route\/sevilla\/","url":"https:\/\/www.pilgrim.es\/de\/silber-route\/sevilla\/","name":"Sevilla: Was sehen und wo \u00fcbernachten | Jakobsweg | Pilgrim","isPartOf":{"@id":"https:\/\/www.pilgrim.es\/de\/#website"},"primaryImageOfPage":{"@id":"https:\/\/www.pilgrim.es\/de\/silber-route\/sevilla\/#primaryimage"},"image":{"@id":"https:\/\/www.pilgrim.es\/de\/silber-route\/sevilla\/#primaryimage"},"thumbnailUrl":"https:\/\/www.pilgrim.es\/wp-content\/uploads\/2019\/02\/SEVILLA-520x370.png","datePublished":"2025-03-17T15:39:17+00:00","description":"Sevilla Entdecken Sie alle Informationen \u00fcber Unterk\u00fcnfte, Anreise, Gastronomie und die wichtigsten Sehensw\u00fcrdigkeiten der Orte am Silberweg","breadcrumb":{"@id":"https:\/\/www.pilgrim.es\/de\/silber-route\/sevilla\/#breadcrumb"},"inLanguage":"de","potentialAction":[{"@type":"ReadAction","target":["https:\/\/www.pilgrim.es\/de\/silber-route\/sevilla\/"]}]},{"@type":"ImageObject","inLanguage":"de","@id":"https:\/\/www.pilgrim.es\/de\/silber-route\/sevilla\/#primaryimage","url":"https:\/\/www.pilgrim.es\/wp-content\/uploads\/2019\/02\/SEVILLA-520x370.png","contentUrl":"https:\/\/www.pilgrim.es\/wp-content\/uploads\/2019\/02\/SEVILLA-520x370.png","width":520,"height":370,"caption":"Sevilla"},{"@type":"BreadcrumbList","@id":"https:\/\/www.pilgrim.es\/de\/silber-route\/sevilla\/#breadcrumb","itemListElement":[{"@type":"ListItem","position":1,"name":"Camino de Santiago","item":"https:\/\/www.pilgrim.es\/de\/"},{"@type":"ListItem","position":2,"name":"Die Silber-Route","item":"https:\/\/www.pilgrim.es\/de\/silber-route\/"},{"@type":"ListItem","position":3,"name":"Sevilla"}]},{"@type":"WebSite","@id":"https:\/\/www.pilgrim.es\/de\/#website","url":"https:\/\/www.pilgrim.es\/de\/","name":"Pilgrim","description":"Camino de Santiago | Caminamos Contigo","publisher":{"@id":"https:\/\/www.pilgrim.es\/de\/#organization"},"potentialAction":[{"@type":"SearchAction","target":{"@type":"EntryPoint","urlTemplate":"https:\/\/www.pilgrim.es\/de\/?s={search_term_string}"},"query-input":{"@type":"PropertyValueSpecification","valueRequired":true,"valueName":"search_term_string"}}],"inLanguage":"de"},{"@type":"Organization","@id":"https:\/\/www.pilgrim.es\/de\/#organization","name":"Pilgrim Camino de Santiago","url":"https:\/\/www.pilgrim.es\/de\/","logo":{"@type":"ImageObject","inLanguage":"de","@id":"https:\/\/www.pilgrim.es\/de\/#\/schema\/logo\/image\/","url":"https:\/\/www.pilgrim.es\/wp-content\/uploads\/2019\/04\/logo_pilgrim.png","contentUrl":"https:\/\/www.pilgrim.es\/wp-content\/uploads\/2019\/04\/logo_pilgrim.png","width":512,"height":512,"caption":"Pilgrim Camino de Santiago"},"image":{"@id":"https:\/\/www.pilgrim.es\/de\/#\/schema\/logo\/image\/"},"sameAs":["https:\/\/www.facebook.com\/pilgrim.es\/","https:\/\/x.com\/pilgrim_es","https:\/\/www.instagram.com\/pilgrim.es\/","https:\/\/www.linkedin.com\/company\/pilgrim-camino-de-santiago\/","https:\/\/www.pinterest.es\/pilgrimcaminodesantiago\/","https:\/\/www.youtube.com\/channel\/UCIv2ZzFLXVqthkNF32rKedw\/featured"]}]}},"_links":{"self":[{"href":"https:\/\/www.pilgrim.es\/de\/wp-json\/wp\/v2\/pages\/91480","targetHints":{"allow":["GET"]}}],"collection":[{"href":"https:\/\/www.pilgrim.es\/de\/wp-json\/wp\/v2\/pages"}],"about":[{"href":"https:\/\/www.pilgrim.es\/de\/wp-json\/wp\/v2\/types\/page"}],"replies":[{"embeddable":true,"href":"https:\/\/www.pilgrim.es\/de\/wp-json\/wp\/v2\/comments?post=91480"}],"version-history":[{"count":0,"href":"https:\/\/www.pilgrim.es\/de\/wp-json\/wp\/v2\/pages\/91480\/revisions"}],"up":[{"embeddable":true,"href":"https:\/\/www.pilgrim.es\/de\/wp-json\/wp\/v2\/pages\/10601"}],"wp:featuredmedia":[{"embeddable":true,"href":"https:\/\/www.pilgrim.es\/de\/wp-json\/wp\/v2\/media\/9314"}],"wp:attachment":[{"href":"https:\/\/www.pilgrim.es\/de\/wp-json\/wp\/v2\/media?parent=91480"}],"wp:term":[{"taxonomy":"category","embeddable":true,"href":"https:\/\/www.pilgrim.es\/de\/wp-json\/wp\/v2\/categories?post=91480"},{"taxonomy":"post_tag","embeddable":true,"href":"https:\/\/www.pilgrim.es\/de\/wp-json\/wp\/v2\/tags?post=91480"}],"curies":[{"name":"wp","href":"https:\/\/api.w.org\/{rel}","templated":true}]}}