{"id":91474,"date":"2025-03-17T15:36:13","date_gmt":"2025-03-17T15:36:13","guid":{"rendered":"https:\/\/www.pilgrim.es\/sanabres-weg\/lalin-a-laxe\/"},"modified":"2025-06-27T08:54:47","modified_gmt":"2025-06-27T08:54:47","slug":"lalin-a-laxe","status":"publish","type":"page","link":"https:\/\/www.pilgrim.es\/de\/sanabres-weg\/lalin-a-laxe\/","title":{"rendered":"Lal\u00edn"},"content":{"rendered":"\n<section id=\"hero\">\n\t<h1>Lal\u00edn<\/h1>\n\t<div class=\"hero-grid\">\n\t\t<div class=\"hero-grid__town-col\" data-background=\"https:\/\/cdn.pilgrim.es\/web\/caminos\/camino-invierno\/pueblos\/a-laxe.jpg\">\n\t\t\t<div>\n\t\t\t\t<a class=\"link-to-stage\" href=\"https:\/\/www.pilgrim.es\/camino-sanabres\/etapa-11-cea-a-laxe\/\">\n\t\t\t\t\t<p>&#8249; Zur\u00fcck zur B\u00fchne<\/p>\n\t\t\t\t<\/a>\n\n\t\t\t\t<div class=\"town-data\">\n\t\t\t\t\t<h2>Lal\u00edn<\/h2>\n\t\t\t\t\t<ul>\n\t\t\t\t\t\t<li>Einwohner: 20.158 aprox.<\/li>\n\t\t\t\t\t\t<li>Bundesland: Pontevedra<\/li>\n\t\t\t\t\t<\/ul>\n\t\t\t\t<\/div>\n\t\t\t<\/div>\n\t\t<\/div>\n\t\t<div class=\"hero-grid__planner-col\"><div\r\n  class=\"p-col-span-1 p-rounded-lg p-px-5 p-h-full\"\r\n  style=\"background-image: url('https:\/\/cdn.pilgrim.es\/web\/pilgrim-planner\/bg-plugin-planificador.webp')\"\r\n  rel=\"preload\"\r\n  fetchpriority=\"high\"\r\n  >\r\n    <div class=\"p-text-center p-pt-5 p-text-white p-text-2xl p-font-semibold\">\r\n      Plane deinen Weg    <\/div>\r\n    <div\r\n            id='primary-app'\r\n            data-name='banner'\r\n            data-api='https:\/\/pathfinder.pilgrim.es\/api\/pathfinder\/v2'\r\n            data-mode='normal'\r\n            data-lang='de'\r\n            data-route='1'\r\n            data-destiny='https:\/\/planificador.pilgrim.es'\r\n            data-modality='1'\r\n            data-inline=''\r\n        ><\/div><\/div><\/div>\n\t<\/div>\n<\/section>\n\n<section id=\"infoTown\">\n\t<div class=\"sections-town\">\n\n\t\t<div id=\"informationSection\">\n\t\t\t<div>\n\t\t\t\t<h2 class=\"p-h2-town\">Informationen<\/h2>\n\t\t\t\t<hr>\n\t\t\t\t<h3 class=\"p-h3-town\">Get to know Lal\u00edn<\/h3>\n\t\t\t<\/div>\n\t\t\t<p>Die Stadt Lal\u00edn liegt in der Provinz Pontevedra und gilt als Epizentrum der galicischen Gemeinschaft, Kilometer Null.<\/p> <p>Der Pilger betritt eine neue galicische Provinz, die er bald wieder verlassen wird, aber er wird eine gro\u00dfe Erfahrung mitnehmen, nachdem er die Br\u00e4uche und den gastronomischen Geschmack von drei der vier galicischen Provinzen kennengelernt hat.<\/p> <p>Der Pilger wird eine gro\u00dfe Erfahrung machen, nachdem er die Br\u00e4uche und den gastronomischen Geschmack von drei der vier galicischen Provinzen kennengelernt hat.<\/p> <p>Der Pilger wird die Br\u00e4uche und den gastronomischen Geschmack von drei der vier galicischen Provinzen kennenlernen.\n\t\t<\/div>\n\n\t\t<div id=\"locationSection\">\n\t\t\t<div>\n\t\t\t\t<h2 class=\"p-h2-town\">Standort<\/h2>\n\t\t\t\t<hr>\n\t\t\t\t<h3 class=\"p-h3-town\">Wegbeschreibung<\/h3>\n\t\t\t<\/div>\n\t\t\t<p>Die Gemeinde Lal\u00edn ist haupts\u00e4chlich \u00fcber die Stra\u00dfe zu erreichen, da mehrere Stra\u00dfen in die Stadt f\u00fchren, wie die N-525, die N-640 und die AP-53, die alle drei am gleichen Ortseingang von Lal\u00edn enden. Dar\u00fcber hinaus gibt es weitere Stra\u00dfen wie die PO-206, die PO-533 und die PO-534, die ebenfalls zum Ortseingang f\u00fchren.\n\n<p>Mit dem Bus der Firma Alsa kann man von Santiago de Compostela und von Madrid aus anreisen und die Firma Monb\u00fas bietet regelm\u00e4\u00dfige Linien an, die Ourense mit Santiago verbinden. Es gibt auch eine Eisenbahnlinie, die es erm\u00f6glicht, die Stadt mit dem Zug zu erreichen. Die Linie verbindet Santiago de Compostela mit Ourense und h\u00e4lt in Lal\u00edn.\n\t\t\t<div>\n\t\t\t\t<div>\n  <iframe loading=\"lazy\"\n    src=\"https:\/\/www.google.com\/maps\/d\/embed?mid=1r4ySDulM2NzziG1IGiuzpfmbADiOoFc&amp;ehbc=2E312F\"\n    width=\"640\"\n    height=\"480\"\n    alt=\"Mapa Lal\u00edn\"\n  ><\/iframe>\n<\/div>\n\n\t\t\t<\/div>\n\t\t<\/div>\n\n\t\t\n\t\t\t<div id=\"toVisitSection\">\n\t\t\t\t<div>\n\t\t\t\t\t<h2 class=\"p-h2-town\">Geschichte \/ Kultur<\/h2>\n\t\t\t\t\t<hr>\n\t\t\t\t\t<h3 class=\"p-h3-town\">Was es zu sehen gibt<\/h3>\n\t\t\t\t<\/div>\n\t\t\t\t<div>\n\t\t\t\t\t<div class=\"accordion\">\n\t\t\t\t\t\t<div class=\"accordion__menu\">\n\t\t\t\t\t\t\t<nav>\n\t\t\t\t\t\t\t\t\n\t\t\t\t\t\t\t\t\t<button class=\"nav-tab-accordion active\"><span>&#10093;<\/span><span> Capilla de los Dolores<\/span><\/button>\n\t\t\t\t\t\t\t\t\n\t\t\t\t\t\t\t\t\t<button class=\"nav-tab-accordion \"><span>&#10093;<\/span><span> Capilla de San Ant\u00f3n<\/span><\/button>\n\t\t\t\t\t\t\t\t\n\t\t\t\t\t\t\t\t\t<button class=\"nav-tab-accordion \"><span>&#10093;<\/span><span> Capilla de San Caetano<\/span><\/button>\n\t\t\t\t\t\t\t\t\n\t\t\t\t\t\t\t\t\t<button class=\"nav-tab-accordion \"><span>&#10093;<\/span><span> Castro Tecnol\u00f3gico<\/span><\/button>\n\t\t\t\t\t\t\t\t\n\t\t\t\t\t\t\t\t\t<button class=\"nav-tab-accordion \"><span>&#10093;<\/span><span> Estatua do Porco<\/span><\/button>\n\t\t\t\t\t\t\t\t\n\t\t\t\t\t\t\t\t\t<button class=\"nav-tab-accordion \"><span>&#10093;<\/span><span> Estatua Ram\u00f3n Mar\u00eda Aller<\/span><\/button>\n\t\t\t\t\t\t\t\t\n\t\t\t\t\t\t\t\t\t<button class=\"nav-tab-accordion \"><span>&#10093;<\/span><span> Iglesia de Goi\u00e1s<\/span><\/button>\n\t\t\t\t\t\t\t\t\n\t\t\t\t\t\t\t\t\t<button class=\"nav-tab-accordion \"><span>&#10093;<\/span><span> Iglesia de Lal\u00edn de Arriba<\/span><\/button>\n\t\t\t\t\t\t\t\t\n\t\t\t\t\t\t\t\t\t<button class=\"nav-tab-accordion \"><span>&#10093;<\/span><span> Museo Etnogr\u00e1fico Casa do Patr\u00f3n<\/span><\/button>\n\t\t\t\t\t\t\t\t\n\t\t\t\t\t\t\t\t\t<button class=\"nav-tab-accordion \"><span>&#10093;<\/span><span> Museo Galego da Marioneta<\/span><\/button>\n\t\t\t\t\t\t\t\t\n\t\t\t\t\t\t\t\t\t<button class=\"nav-tab-accordion \"><span>&#10093;<\/span><span> Museo Municipal Ram\u00f3n Mar\u00eda Aller Ulloa<\/span><\/button>\n\t\t\t\t\t\t\t\t\n\t\t\t\t\t\t\t\t\t<button class=\"nav-tab-accordion \"><span>&#10093;<\/span><span> Pazo de Anzuxao<\/span><\/button>\n\t\t\t\t\t\t\t\t\n\t\t\t\t\t\t\t\t\t<button class=\"nav-tab-accordion \"><span>&#10093;<\/span><span> Playa Fluvial Pozo do Boi<\/span><\/button>\n\t\t\t\t\t\t\t\t\n\t\t\t\t\t\t\t<\/nav>\n\t\t\t\t\t\t<\/div>\n\n\t\t\t\t\t\t\n\t\t\t\t\t\t\t<div class=\"accordion__accordion-content \">\n\t\t\t\t\t\t\t\t<div>\n\t\t\t\t\t\t\t\t\t<div>\n\t\t\t\t\t\t\t\t\t\t<h4>Capilla de los Dolores<\/h4>\n\t\t\t\t\t\t\t\t\t\t<p>Die Schmerzenskapelle ist im barocken Stil gehalten und befindet sich in der Mitte des Jakobsweges entlang der Winterroute.<\/p> <p>Die Schmerzenskapelle ist im barocken Stil gehalten und befindet sich in der Mitte des Jakobsweges entlang der Winterroute.\n\n<p>Sie besteht aus einem einzigen Schiff, einige der beeindruckendsten Elemente sind die Gr\u00f6\u00dfe des Chevets dieses Tempels und das Tympanon, wo man die Skulptur der Virgen de los Dolores sehen kann. Der Glockenturm hat einen doppelten Aufbau, der untere ist quadratisch und schlank, der obere ist achteckig und mit einer Kuppel versehen.\n\n<p>MESSENZEITPLAN<\/p>\n\n<p>Vom 1. September bis 30. Juni Wochentags um 09:00 und 20:00 Uhr Vesper um 20:00 Uhr Feiertags um 09:00, 12:00, 13:00 und 18:00 Uhr Vom 1. Juli bis 31. August Wochentags um 09:00 und 20:00 Uhr Vesper um 20:00 Uhr Feiertags um 09:00, 12:00, 13:00 und 20:00 Uhr<\/p> &lt;p\n\n<p>INFORMATIONEN VON INTERESSE<\/p>\n\n<p>Telefon: 986 780 437<\/p>\n\t\t\t\t\t\t\t\t\t<\/div>\n\t\t\t\t\t\t\t\t\t<img decoding=\"async\" src=\"https:\/\/cdn.pilgrim.es\/web\/caminos\/camino-sanabres\/pueblos\/lalin-a-laxe\/puntos-de-interes\/capilla-de-los-dolores.jpg\" alt=\"Capilla de los Dolores\">\n\t\t\t\t\t\t\t\t<\/div>\n\t\t\t\t\t\t\t<\/div>\n\t\t\t\t\t\t\n\t\t\t\t\t\t\t<div class=\"accordion__accordion-content inactive\">\n\t\t\t\t\t\t\t\t<div>\n\t\t\t\t\t\t\t\t\t<div>\n\t\t\t\t\t\t\t\t\t\t<h4>Capilla de San Ant\u00f3n<\/h4>\n\t\t\t\t\t\t\t\t\t\t<p>Die einschiffige Kapelle San Ant\u00f3n zeichnet sich vor allem durch den beeindruckenden hohen Glockenturm mit einem einzigen Bogen mit Kreuz aus, der aus der Fassade und den seitlichen \u00d6ffnungen des Kirchenschiffs herausragt.<\/p> <p>Die einschiffige Kapelle San Ant\u00f3n ist ein wahres Schmuckst\u00fcck.\n\t\t\t\t\t\t\t\t\t<\/div>\n\t\t\t\t\t\t\t\t\t<img decoding=\"async\" src=\"https:\/\/cdn.pilgrim.es\/web\/caminos\/camino-sanabres\/pueblos\/lalin-a-laxe\/puntos-de-interes\/capilla-de-san-anton.jpg\" alt=\"Capilla de San Ant\u00f3n\">\n\t\t\t\t\t\t\t\t<\/div>\n\t\t\t\t\t\t\t<\/div>\n\t\t\t\t\t\t\n\t\t\t\t\t\t\t<div class=\"accordion__accordion-content inactive\">\n\t\t\t\t\t\t\t\t<div>\n\t\t\t\t\t\t\t\t\t<div>\n\t\t\t\t\t\t\t\t\t\t<h4>Capilla de San Caetano<\/h4>\n\t\t\t\t\t\t\t\t\t\t<p>Die Kapelle San Caetano dient der Verehrung von San Xoan Degollado und Santa Margarita. Dank der Nachbarn aus den D\u00f6rfern Soutolongo und Lodeiro, die sie wieder aufgebaut haben, ist sie heute noch in gutem Zustand.\n\n<p>Im Eichenhain um den Tempel wird am ersten Sonntag im August ein Fest f\u00fcr alle Dorfbewohner gefeiert.\n\t\t\t\t\t\t\t\t\t<\/div>\n\t\t\t\t\t\t\t\t\t<img decoding=\"async\" src=\"https:\/\/cdn.pilgrim.es\/web\/caminos\/camino-sanabres\/pueblos\/lalin-a-laxe\/puntos-de-interes\/capilla-de-san-caetano.jpg\" alt=\"Capilla de San Caetano\">\n\t\t\t\t\t\t\t\t<\/div>\n\t\t\t\t\t\t\t<\/div>\n\t\t\t\t\t\t\n\t\t\t\t\t\t\t<div class=\"accordion__accordion-content inactive\">\n\t\t\t\t\t\t\t\t<div>\n\t\t\t\t\t\t\t\t\t<div>\n\t\t\t\t\t\t\t\t\t\t<h4>Castro Tecnol\u00f3gico<\/h4>\n\t\t\t\t\t\t\t\t\t\t<p>Das Castro Tecnol\u00f3gico ist ein kurioses Geb\u00e4ude aus dem Jahr 2011 (eingeweiht 2013), erbaut von den ber\u00fchmten Architekten Luis M. Mansilla und Emilio Tu\u00f1\u00f3n.<\/p> <p>Das Castro Tecnol\u00f3gico ist ein kurioses Geb\u00e4ude aus dem Jahr 2011 (eingeweiht 2013), erbaut von den ber\u00fchmten Architekten Luis M. Mansilla und Emilio Tu\u00f1\u00f3n.\n\n<p>Es handelt sich um ein stilvolles Avantgarde-Geb\u00e4ude, das sich durch seine kreisf\u00f6rmige Struktur von anderen Geb\u00e4uden abhebt und den Grundriss der alten galicischen Castros darstellen soll. Heute gilt es weltweit als architektonische Referenz des 21. Jahrhunderts und wurde auf der XII. Biennale f\u00fcr Architektur und St\u00e4dtebau Spaniens in der Sektion der b\u00fcrgerlichen Symbole ausgezeichnet.\n\t\t\t\t\t\t\t\t\t<\/div>\n\t\t\t\t\t\t\t\t\t<img decoding=\"async\" src=\"https:\/\/cdn.pilgrim.es\/web\/caminos\/camino-sanabres\/pueblos\/lalin-a-laxe\/puntos-de-interes\/castro-tecnologico.jpg\" alt=\"Castro Tecnol\u00f3gico\">\n\t\t\t\t\t\t\t\t<\/div>\n\t\t\t\t\t\t\t<\/div>\n\t\t\t\t\t\t\n\t\t\t\t\t\t\t<div class=\"accordion__accordion-content inactive\">\n\t\t\t\t\t\t\t\t<div>\n\t\t\t\t\t\t\t\t\t<div>\n\t\t\t\t\t\t\t\t\t\t<h4>Estatua do Porco<\/h4>\n\t\t\t\t\t\t\t\t\t\t<p>Die eigent\u00fcmliche Estatua do Porco ist eines der repr\u00e4sentativsten Bilder des Dorfes. Diese lebensgro\u00dfe Darstellung wurde geschmiedet, um an eines der wichtigsten gastronomischen Ereignisse der autonomen Gemeinschaft zu erinnern, die ber\u00fchmte Feria del cocido, die zum Fest von nationalem touristischem Interesse erkl\u00e4rt wurde, da das Schwein eines der Hauptelemente dieses k\u00f6stlichen Gerichts ist.\n\t\t\t\t\t\t\t\t\t<\/div>\n\t\t\t\t\t\t\t\t\t<img decoding=\"async\" src=\"https:\/\/cdn.pilgrim.es\/web\/caminos\/camino-sanabres\/pueblos\/lalin-a-laxe\/puntos-de-interes\/estatua-do-porco.jpg\" alt=\"Estatua do Porco\">\n\t\t\t\t\t\t\t\t<\/div>\n\t\t\t\t\t\t\t<\/div>\n\t\t\t\t\t\t\n\t\t\t\t\t\t\t<div class=\"accordion__accordion-content inactive\">\n\t\t\t\t\t\t\t\t<div>\n\t\t\t\t\t\t\t\t\t<div>\n\t\t\t\t\t\t\t\t\t\t<h4>Estatua Ram\u00f3n Mar\u00eda Aller<\/h4>\n\t\t\t\t\t\t\t\t\t\t<p>Die Statue von Ram\u00f3n Mar\u00eda Aller ist eine gro\u00dfartige Skulptur, die vor mehr als f\u00fcnfzig Jahren, am 4. September 1960, zu Ehren des beliebten Astronomen Ram\u00f3n Mar\u00eda Aller Ulloa, geboren in Lal\u00edn, enth\u00fcllt wurde.<\/p> <p>Die Statue von Ram\u00f3n Mar\u00eda Aller ist eine gro\u00dfartige Skulptur, die vor mehr als f\u00fcnfzig Jahren, am 4. September 1960, zu Ehren des beliebten Astronomen Ram\u00f3n Mar\u00eda Aller Ulloa, geboren in Lal\u00edn, enth\u00fcllt wurde.\n\n<p>Die Skulptur besteht aus einem gro\u00dfen Sockel, der von einem kleinen Springbrunnen umgeben ist, in dem die Darstellung dieser Figur steht.<\/p> <p>Die Skulptur besteht aus einem gro\u00dfen Sockel, der von einem kleinen Springbrunnen umgeben ist, in dem die Darstellung dieser Figur steht.\n\t\t\t\t\t\t\t\t\t<\/div>\n\t\t\t\t\t\t\t\t\t<img decoding=\"async\" src=\"https:\/\/cdn.pilgrim.es\/web\/caminos\/camino-sanabres\/pueblos\/lalin-a-laxe\/puntos-de-interes\/estatua-ramon-maria-aller.jpg\" alt=\"Estatua Ram\u00f3n Mar\u00eda Aller\">\n\t\t\t\t\t\t\t\t<\/div>\n\t\t\t\t\t\t\t<\/div>\n\t\t\t\t\t\t\n\t\t\t\t\t\t\t<div class=\"accordion__accordion-content inactive\">\n\t\t\t\t\t\t\t\t<div>\n\t\t\t\t\t\t\t\t\t<div>\n\t\t\t\t\t\t\t\t\t\t<h4>Iglesia de Goi\u00e1s<\/h4>\n\t\t\t\t\t\t\t\t\t\t<p>Die romanische Kirche von Goi\u00e1s wurde im 12. Jahrhundert erbaut und weist heute noch viele Elemente des urspr\u00fcnglichen Baus auf. An der Fassade befinden sich ein Balkon und ein sch\u00f6ner Glockenturm mit zwei B\u00f6gen.\n\n<p>Im Inneren der Kirche im Renaissancestil befinden sich mehrere Grabm\u00e4ler der Familie Garc\u00eda-S\u00e1nchez, von denen das bemerkenswerteste die Statue eines Geistlichen aus demselben Geschlecht ist.\n\n<p>STUNDEN<\/p>\n\n<p>Winter Montag bis Freitag von 11:00 bis 14:30 und von 16:00 bis 20:00Sommer Montag bis Donnerstag von 11:00 bis 14:30 und von 16:00 bis 20:00 Freitag, Samstag und Sonntag von 11:00 bis 15:00 und von 16:30 bis 20:00<\/p> <p>Sommer Montag bis Donnerstag von 11:00 bis 14:30 und von 16:30 bis 20:00<\/p> <p>Samstag und Sonntag von 11:00 bis 15:00 und von 16:30 bis 20:00.\n\n<p>MASSENSTUNDEN<\/p>\n\n<p>Jeden Sonntag um 12:00 Uhr<\/p>\n\t\t\t\t\t\t\t\t\t<\/div>\n\t\t\t\t\t\t\t\t\t<img decoding=\"async\" src=\"https:\/\/cdn.pilgrim.es\/web\/caminos\/camino-sanabres\/pueblos\/lalin-a-laxe\/puntos-de-interes\/iglesia-de-goias.jpg\" alt=\"Iglesia de Goi\u00e1s\">\n\t\t\t\t\t\t\t\t<\/div>\n\t\t\t\t\t\t\t<\/div>\n\t\t\t\t\t\t\n\t\t\t\t\t\t\t<div class=\"accordion__accordion-content inactive\">\n\t\t\t\t\t\t\t\t<div>\n\t\t\t\t\t\t\t\t\t<div>\n\t\t\t\t\t\t\t\t\t\t<h4>Iglesia de Lal\u00edn de Arriba<\/h4>\n\t\t\t\t\t\t\t\t\t\t<p>Die Kirche von Lal\u00edn de Arriba ist im romanischen Stil gehalten, obwohl nur die Apsis erhalten ist. Sie hat nur ein rechteckiges Kirchenschiff mit ausladenden Fenstern auf jeder Seite. Das herausragendste Merkmal der Kirche ist ein sch\u00f6ner halbrunder Triumphbogen.\n\t\t\t\t\t\t\t\t\t<\/div>\n\t\t\t\t\t\t\t\t\t<img decoding=\"async\" src=\"https:\/\/cdn.pilgrim.es\/web\/caminos\/camino-sanabres\/pueblos\/lalin-a-laxe\/puntos-de-interes\/iglesia-de-lalin-de-arriba.jpg\" alt=\"Iglesia de Lal\u00edn de Arriba\">\n\t\t\t\t\t\t\t\t<\/div>\n\t\t\t\t\t\t\t<\/div>\n\t\t\t\t\t\t\n\t\t\t\t\t\t\t<div class=\"accordion__accordion-content inactive\">\n\t\t\t\t\t\t\t\t<div>\n\t\t\t\t\t\t\t\t\t<div>\n\t\t\t\t\t\t\t\t\t\t<h4>Museo Etnogr\u00e1fico Casa do Patr\u00f3n<\/h4>\n\t\t\t\t\t\t\t\t\t\t<p>Das ethnografische Museum Casa do Patr\u00f3n beherbergt eine riesige Sammlung von fast 3.500 Objekten. Zu seinen Einrichtungen geh\u00f6ren eine Bibliothek, traditionelle \u00d6fen, ein Auditorium und sogar Getreidem\u00fchlen.\n\t\t\t\t\t\t\t\t\t<\/div>\n\t\t\t\t\t\t\t\t\t<img decoding=\"async\" src=\"https:\/\/cdn.pilgrim.es\/web\/caminos\/camino-sanabres\/pueblos\/lalin-a-laxe\/puntos-de-interes\/museo-etnografico-casa-do-patron.jpg\" alt=\"Museo Etnogr\u00e1fico Casa do Patr\u00f3n\">\n\t\t\t\t\t\t\t\t<\/div>\n\t\t\t\t\t\t\t<\/div>\n\t\t\t\t\t\t\n\t\t\t\t\t\t\t<div class=\"accordion__accordion-content inactive\">\n\t\t\t\t\t\t\t\t<div>\n\t\t\t\t\t\t\t\t\t<div>\n\t\t\t\t\t\t\t\t\t\t<h4>Museo Galego da Marioneta<\/h4>\n\t\t\t\t\t\t\t\t\t\t<p>Das Museo Galego da Marioneta wurde 2001 dank der Zusammenarbeit zwischen der Stadtverwaltung von Lal\u00edn und dem Unternehmen Viravolta t\u00edteres eingeweiht. Neben den Ausstellungen bietet das Museum ein umfangreiches Programm mit Workshops zur Einf\u00fchrung in diese Kunst, Kursen f\u00fcr Fachleute, Puppentheater und anderen Aktivit\u00e4ten zu Weihnachten, im Sommer und zu Ostern.\n\n<p>Seit 2014 befindet sich das Museum im Pazo de Li\u00f1ares.\n\n<p>STUNDEN<\/p>\n\n<p>Mittwoch bis Sonntag von 10:00 bis 14:00 Uhr und 17:00 bis 19:00 Uhr<\/p> <p>Mittwoch bis Sonntag von 10:00 bis 14:00 Uhr und von 17:00 bis 19:00 Uhr<\/p>\n\n<p>INFORMATIONEN VON INTERESSE<\/p>\n\n<p>Telefon: 986 784 694<\/p>\n\t\t\t\t\t\t\t\t\t<\/div>\n\t\t\t\t\t\t\t\t\t<img decoding=\"async\" src=\"https:\/\/cdn.pilgrim.es\/web\/caminos\/camino-sanabres\/pueblos\/lalin-a-laxe\/puntos-de-interes\/museo-galego-da-marioneta.jpg\" alt=\"Museo Galego da Marioneta\">\n\t\t\t\t\t\t\t\t<\/div>\n\t\t\t\t\t\t\t<\/div>\n\t\t\t\t\t\t\n\t\t\t\t\t\t\t<div class=\"accordion__accordion-content inactive\">\n\t\t\t\t\t\t\t\t<div>\n\t\t\t\t\t\t\t\t\t<div>\n\t\t\t\t\t\t\t\t\t\t<h4>Museo Municipal Ram\u00f3n Mar\u00eda Aller Ulloa<\/h4>\n\t\t\t\t\t\t\t\t\t\t<p>Das St\u00e4dtische Museum Ram\u00f3n Mar\u00eda Aller Ulloa wurde 1989 eingeweiht und ist seither im ehemaligen Observatorium des Priesters und Astronomen Ram\u00f3n Mar\u00eda Aller Ulloa untergebracht.\n\n<p>Im Jahr 2011 wurde ein Projekt entwickelt, um das erste galicische astronomische Observatorium durch die Installation eines neuen Teleskops wieder in Betrieb zu nehmen.\n\t\t\t\t\t\t\t\t\t<\/div>\n\t\t\t\t\t\t\t\t\t<img decoding=\"async\" src=\"https:\/\/cdn.pilgrim.es\/web\/caminos\/camino-sanabres\/pueblos\/lalin-a-laxe\/puntos-de-interes\/museo-municipal-ramon-maria-aller-ulloa.jpg\" alt=\"Museo Municipal Ram\u00f3n Mar\u00eda Aller Ulloa\">\n\t\t\t\t\t\t\t\t<\/div>\n\t\t\t\t\t\t\t<\/div>\n\t\t\t\t\t\t\n\t\t\t\t\t\t\t<div class=\"accordion__accordion-content inactive\">\n\t\t\t\t\t\t\t\t<div>\n\t\t\t\t\t\t\t\t\t<div>\n\t\t\t\t\t\t\t\t\t\t<h4>Pazo de Anzuxao<\/h4>\n\t\t\t\t\t\t\t\t\t\t<p>Der Pazo de Anzuxao gilt als einer der sch\u00f6nsten Herrensitze der Region, umgeben von feierlichen G\u00e4rten und einer Kapelle. Das architektonische Ensemble verf\u00fcgt aber auch \u00fcber ein Familienwappen wie in allen Herrenh\u00e4usern, einen fantastischen Taubenschlag und einen Getreidespeicher.<\/p> <p>Der Pazo de Anzuxao gilt als einer der sch\u00f6nsten Pazos der Region.\n\t\t\t\t\t\t\t\t\t<\/div>\n\t\t\t\t\t\t\t\t\t<img decoding=\"async\" src=\"https:\/\/cdn.pilgrim.es\/web\/caminos\/camino-sanabres\/pueblos\/lalin-a-laxe\/puntos-de-interes\/pazo-de-anzuxao.jpg\" alt=\"Pazo de Anzuxao\">\n\t\t\t\t\t\t\t\t<\/div>\n\t\t\t\t\t\t\t<\/div>\n\t\t\t\t\t\t\n\t\t\t\t\t\t\t<div class=\"accordion__accordion-content inactive\">\n\t\t\t\t\t\t\t\t<div>\n\t\t\t\t\t\t\t\t\t<div>\n\t\t\t\t\t\t\t\t\t\t<h4>Playa Fluvial Pozo do Boi<\/h4>\n\t\t\t\t\t\t\t\t\t\t<p>Der Strand des Flusses Pozo do Boi befindet sich in der Gemeinde Vilatuxe, etwa zehn Kilometer von Lal\u00edn entfernt. Er ist einer der meistbesuchten Str\u00e4nde der Region, da er \u00fcber alle notwendigen Einrichtungen verf\u00fcgt, um einen sch\u00f6nen Nachmittag zu verbringen: Toiletten, Picknickpl\u00e4tze, Grillpl\u00e4tze, usw. Zwar ist das Wasser des Flusses Deza, wie an allen Flussstr\u00e4nden, f\u00fcr manche Menschen etwas kalt, aber die Tatsache, dass man an diesem nat\u00fcrlichen Ort mit Wasser von ausgezeichneter Qualit\u00e4t baden kann, gleicht die kalte Temperatur aus. Au\u00dferdem verf\u00fcgt er \u00fcber mehrere Tiefen, einen Bereich f\u00fcr Kinder und einen f\u00fcr Erwachsene.\n\t\t\t\t\t\t\t\t\t<\/div>\n\t\t\t\t\t\t\t\t\t<img decoding=\"async\" src=\"https:\/\/cdn.pilgrim.es\/web\/caminos\/camino-sanabres\/pueblos\/lalin-a-laxe\/puntos-de-interes\/playa-fluvial-pozo-do-boi.jpg\" alt=\"Playa Fluvial Pozo do Boi\">\n\t\t\t\t\t\t\t\t<\/div>\n\t\t\t\t\t\t\t<\/div>\n\t\t\t\t\t\t\n\t\t\t\t\t<\/div>\n\t\t\t\t<\/div>\n\t\t\t<\/div>\n\t\t\n\n\t\t<div id=\"phonesSection\">\n\t\t\t<div>\n\t\t\t\t<h2 class=\"p-h3-town\">Informationen von Interesse<\/h2>\n\t\t\t<\/div>\n\t\t\t<div class=\"grid\">\n\t\t\t\t\n\t\t\t\t\t<div class=\"phone-number-item\">\n\t\t\t\t\t\t<div class=\"phone-number-item__icon\"><i class=\"icon-police\"><\/i><\/div>\n\t\t\t\t\t\t<div class=\"phone-number-item__title\">\n\t\t\t\t\t\t\t<h3 class=\"p-font-bold\">Ortspolizei<\/h3>\n\t\t\t\t\t\t\t<p>986 784 444<\/p>\n\t\t\t\t\t\t\t\n\t\t\t\t\t\t<\/div>\n\t\t\t\t\t<\/div>\n\t\t\t\t\n\t\t\t\t\t<div class=\"phone-number-item\">\n\t\t\t\t\t\t<div class=\"phone-number-item__icon\"><i class=\"icon-spanish-military-police\"><\/i><\/div>\n\t\t\t\t\t\t<div class=\"phone-number-item__title\">\n\t\t\t\t\t\t\t<h3 class=\"p-font-bold\">Zivilwache<\/h3>\n\t\t\t\t\t\t\t<p>986 780 203 \/ 986 787 119<\/p>\n\t\t\t\t\t\t\t\n\t\t\t\t\t\t<\/div>\n\t\t\t\t\t<\/div>\n\t\t\t\t\n\t\t\t\t\t<div class=\"phone-number-item\">\n\t\t\t\t\t\t<div class=\"phone-number-item__icon\"><i class=\"icon-firefighters\"><\/i><\/div>\n\t\t\t\t\t\t<div class=\"phone-number-item__title\">\n\t\t\t\t\t\t\t<h3 class=\"p-font-bold\">Feuerwehr<\/h3>\n\t\t\t\t\t\t\t<p>112<\/p>\n\t\t\t\t\t\t\t\n\t\t\t\t\t\t<\/div>\n\t\t\t\t\t<\/div>\n\t\t\t\t\n\t\t\t\t\t<div class=\"phone-number-item\">\n\t\t\t\t\t\t<div class=\"phone-number-item__icon\"><i class=\"icon-civil-protection\"><\/i><\/div>\n\t\t\t\t\t\t<div class=\"phone-number-item__title\">\n\t\t\t\t\t\t\t<h3 class=\"p-font-bold\">Zivilschutz<\/h3>\n\t\t\t\t\t\t\t<p>986 787 161<\/p>\n\t\t\t\t\t\t\t\n\t\t\t\t\t\t<\/div>\n\t\t\t\t\t<\/div>\n\t\t\t\t\n\t\t\t\t\t<div class=\"phone-number-item\">\n\t\t\t\t\t\t<div class=\"phone-number-item__icon\"><i class=\"icon-town-council\"><\/i><\/div>\n\t\t\t\t\t\t<div class=\"phone-number-item__title\">\n\t\t\t\t\t\t\t<h3 class=\"p-font-bold\">Rathaus<\/h3>\n\t\t\t\t\t\t\t<p>986 787 060<\/p>\n\t\t\t\t\t\t\t\n\t\t\t\t\t\t<\/div>\n\t\t\t\t\t<\/div>\n\t\t\t\t\n\t\t\t\t\t<div class=\"phone-number-item\">\n\t\t\t\t\t\t<div class=\"phone-number-item__icon\"><i class=\"icon-hospital\"><\/i><\/div>\n\t\t\t\t\t\t<div class=\"phone-number-item__title\">\n\t\t\t\t\t\t\t<h3 class=\"p-font-bold\">Gesundheitszentrum<\/h3>\n\t\t\t\t\t\t\t<p>986 780 085<\/p>\n\t\t\t\t\t\t\t\n\t\t\t\t\t\t<\/div>\n\t\t\t\t\t<\/div>\n\t\t\t\t\n\t\t\t<\/div>\n\t\t<\/div>\n\n\t\t<div id=\"clientForm\">\n        <section>\n        <img decoding=\"async\" src=\"https:\/\/cdn.pilgrim.es\/web\/home\/email-contacto.png\" alt=\"contacto\">\n        <div>\n            <p>Wir senden dir deine Planung<\/p>\n            <p>Gib uns deine Daten an und erhalte die Planung deiner Reise per E-Mail <\/p>\n            <form method=\"post\" data-url=\"\/wp-admin\/admin-ajax.php\" id=\"planner--client\" class=\"flag-right form-client\">\n    <div class=\"form-data\">\n        <input name=\"form_id\" type=\"hidden\" value=\"Formulario Leads\">\n        <input name=\"type\" type=\"hidden\" value=\"planner_client\">\n        <input type=\"text\" name=\"nombre\" value=\"\" size=\"40\" class=\"form-control\" aria-required=\"true\" aria-invalid=\"false\" placeholder=\"Name\">\n        <input type=\"email\" name=\"email\" value=\"\" size=\"40\" class=\"form-control\" aria-required=\"true\" aria-invalid=\"false\" placeholder=\"E- Mail\">\n        <input type=\"text\" id=\"phone-input\" name=\"tel\" value=\"\" size=\"40\" class=\"phone-input form-control\" aria-required=\"true\" aria-invalid=\"false\" placeholder=\"Telefon\">\n        <input type=\"hidden\" name=\"telefono\">\n    <\/div>\n    <div class=\"form-checkbox\">\n        <span>\n            Pilgrim Travel, S.L. teilt gem\u00e4\u00df Regulierung 2016\/679 mit, dass die in diesem Formular verwendeten Daten sowohl f\u00fcr die Beantwortung der m\u00f6glichen Anfragen als auch f\u00fcr die Ver\u00f6ffentlichung der Kommentare verwendet werden, mit der Zustimmung des Nutzers. Sie k\u00f6nnen Ihre Rechte in \u00dcbereinstimmung mit unserer Datenschutzbestimmungen aus\u00fcben             <a href=\"https:\/\/www.pilgrim.es\/politica-de-privacidad\/\" target=\"_blank\" rel=\"noopener noreferrer nofollow\">Datenschutzerkl\u00e4rung.<\/a>\n        <\/span>\n    <\/div>\n\n    <div class=\"form-submit\">\n        <button id=\"planner--client-create\" type=\"submit\">Anfrage senden<\/button>\n        <div class=\"loadingDiv\"><i class=\"p-spinner\"><\/i><\/div>\n    <\/div>\n\n    <div class=\"contact-content-form-success\">\n        <p><i class=\"fas fa-check\"><\/i> Das Formular hat sich erfolgreich gesendet.<\/p>\n    <\/div>\n\n    <div class=\"contact-content-form-error\">\n        <span class=\"input-error\"><\/span>\n    <\/div>\n<\/form>        <\/div>\n    <\/section>\n<\/div>\n\n\t\t<div id=\"recomendationSection\">\n\t\t\t<div>\n\t\t\t\t<h2 class=\"p-h2-town\">Empfohlen<\/h2>\n\t\t\t\t<hr>\n\t\t\t\t<h3 class=\"p-h3-town\">Gastronomie<\/h3>\n\t\t\t<\/div>\n\t\t\tIn der Gemeinde Lal\u00edn ist der traditionelle Cocido (Eintopf) ein Muss. Fleisch, lokaler K\u00e4se und Brot sind sehr typische Produkte der lokalen Gastronomie.\n\nAls Nachspeise sind Honig, S\u00fc\u00dfigkeiten aus den \u00f6rtlichen B\u00e4ckereien und traditionelle galicische Lik\u00f6re sehr verlockend.\n\t\t<\/div>\n\n\n\t\t\n\t\t\t<div id=\"holidaysSection\">\n\t\t\t\t<div>\n\t\t\t\t\t<h2 class=\"p-h2-town\">Empfohlen<\/h2>\n\t\t\t\t\t<hr>\n\t\t\t\t\t<h3 class=\"p-h3-town\">Feste und Pilgerfahrten<\/h3>\n\t\t\t\t<\/div>\n\t\t\t\t<div class=\"grid holidays-grid\">\n\t\t\t\t\t\n\t\t\t\t\t\t<div>\n\t\t\t\t\t\t\t<div class=\"phone-number-item\">\n\t\t\t\t\t\t\t\t<div class=\"phone-number-item__icon\"><i class=\"icon-holiday\"><\/i><\/div>\n\t\t\t\t\t\t\t\t<div class=\"phone-number-item__title dark-text\">\n\t\t\t\t\t\t\t\t\t<p class=\"p-font-bold\">Lokaler Urlaub<\/p>\n\t\t\t\t\t\t\t\t\t<p>Junio: Feriadeza<\/p>\n\t\t\t\t\t\t\t\t<\/div>\n\t\t\t\t\t\t\t<\/div>\n\t\t\t\t\t\t<\/div>\n\t\t\t\t\t\n\t\t\t\t\t\t<div>\n\t\t\t\t\t\t\t<div class=\"phone-number-item\">\n\t\t\t\t\t\t\t\t<div class=\"phone-number-item__icon\"><i class=\"icon-holiday\"><\/i><\/div>\n\t\t\t\t\t\t\t\t<div class=\"phone-number-item__title dark-text\">\n\t\t\t\t\t\t\t\t\t<p class=\"p-font-bold\">Lokaler Urlaub<\/p>\n\t\t\t\t\t\t\t\t\t<p>A finales de septiembre: Fiesta de las Dolores<\/p>\n\t\t\t\t\t\t\t\t<\/div>\n\t\t\t\t\t\t\t<\/div>\n\t\t\t\t\t\t<\/div>\n\t\t\t\t\t\n\t\t\t\t\t\t<div>\n\t\t\t\t\t\t\t<div class=\"phone-number-item\">\n\t\t\t\t\t\t\t\t<div class=\"phone-number-item__icon\"><i class=\"icon-holiday\"><\/i><\/div>\n\t\t\t\t\t\t\t\t<div class=\"phone-number-item__title dark-text\">\n\t\t\t\t\t\t\t\t\t<p class=\"p-font-bold\">Lokaler Urlaub<\/p>\n\t\t\t\t\t\t\t\t\t<p>El primer fin de semana de abril: Feria del Caballo<\/p>\n\t\t\t\t\t\t\t\t<\/div>\n\t\t\t\t\t\t\t<\/div>\n\t\t\t\t\t\t<\/div>\n\t\t\t\t\t\n\t\t\t\t\t\t<div>\n\t\t\t\t\t\t\t<div class=\"phone-number-item\">\n\t\t\t\t\t\t\t\t<div class=\"phone-number-item__icon\"><i class=\"icon-holiday\"><\/i><\/div>\n\t\t\t\t\t\t\t\t<div class=\"phone-number-item__title dark-text\">\n\t\t\t\t\t\t\t\t\t<p class=\"p-font-bold\">Lokaler Urlaub<\/p>\n\t\t\t\t\t\t\t\t\t<p>Primavera: Feria del Caballo<\/p>\n\t\t\t\t\t\t\t\t<\/div>\n\t\t\t\t\t\t\t<\/div>\n\t\t\t\t\t\t<\/div>\n\t\t\t\t\t\n\t\t\t\t\t\t<div>\n\t\t\t\t\t\t\t<div class=\"phone-number-item\">\n\t\t\t\t\t\t\t\t<div class=\"phone-number-item__icon\"><i class=\"icon-holiday\"><\/i><\/div>\n\t\t\t\t\t\t\t\t<div class=\"phone-number-item__title dark-text\">\n\t\t\t\t\t\t\t\t\t<p class=\"p-font-bold\">Lokaler Urlaub<\/p>\n\t\t\t\t\t\t\t\t\t<p>\u00daltimo fin de semana de enero o el primero de febrero: Feria del Cocido<\/p>\n\t\t\t\t\t\t\t\t<\/div>\n\t\t\t\t\t\t\t<\/div>\n\t\t\t\t\t\t<\/div>\n\t\t\t\t\t\n\t\t\t\t<\/div>\n\t\t\t<\/div>\n\t\t\n\t<\/div>\n<\/section>\n\n<div id=\"stage_list_section\"><div class=\"stage-list\">\n    <div class='stage-list__map-card'>\n        <div class='stage-list__map-card__map'>\n            <div class='stage-list__map-card__map__text'>\n                <h2> Pages <\/h2>\n                <p> Zu Fu\u00df<\/p>\n                <p> 0etappen<\/p>\n            <\/div>\n            <div class='stage-list__map-card__map__img'>\n                <img decoding=\"async\" src=\"\" alt=\" mapa \" \/>\n            <\/div>\n        <\/div>\n    <\/div>\n\n    <\/div>\n<\/div>\n","protected":false},"excerpt":{"rendered":"<p>Lal\u00edn &#8249; Zur\u00fcck zur B\u00fchne Lal\u00edn Einwohner: 20.158 aprox. Bundesland: Pontevedra Informationen Get to know Lal\u00edn Die Stadt Lal\u00edn liegt in der Provinz Pontevedra und gilt als Epizentrum der galicischen Gemeinschaft, Kilometer Null. Der Pilger betritt eine neue galicische Provinz, die er bald wieder verlassen wird, aber er wird eine gro\u00dfe Erfahrung mitnehmen, nachdem er &hellip; <\/p>\n<p class=\"read_more\"><a href=\"https:\/\/www.pilgrim.es\/de\/sanabres-weg\/lalin-a-laxe\/\">Leer m\u00e1s<\/a><\/p>\n","protected":false},"author":1,"featured_media":5959,"parent":10613,"menu_order":0,"comment_status":"closed","ping_status":"closed","template":"views\/template-new-web-design.blade.php","meta":{"footnotes":""},"categories":[],"tags":[],"class_list":["post-91474","page","type-page","status-publish","has-post-thumbnail","hentry"],"yoast_head":"<!-- This site is optimized with the Yoast SEO plugin v27.4 - https:\/\/yoast.com\/product\/yoast-seo-wordpress\/ -->\n<title>Lal\u00edn: Was sehen und wo \u00fcbernachten | Jakobsweg | Pilgrim<\/title>\n<meta name=\"description\" content=\"Lal\u00edn Entdecken Sie alle Informationen \u00fcber Unterk\u00fcnfte, Anreise, Gastronomie und die wichtigsten Sehensw\u00fcrdigkeiten der Orte am Sanabr\u00e9s Weg\" \/>\n<meta name=\"robots\" content=\"index, follow, max-snippet:-1, max-image-preview:large, max-video-preview:-1\" \/>\n<link rel=\"canonical\" href=\"https:\/\/www.pilgrim.es\/de\/sanabres-weg\/lalin-a-laxe\/\" \/>\n<meta property=\"og:locale\" content=\"de_DE\" \/>\n<meta property=\"og:type\" content=\"article\" \/>\n<meta property=\"og:title\" content=\"Lal\u00edn: Was sehen und wo \u00fcbernachten | Jakobsweg | Pilgrim\" \/>\n<meta property=\"og:description\" content=\"Lal\u00edn Entdecken Sie alle Informationen \u00fcber Unterk\u00fcnfte, Anreise, Gastronomie und die wichtigsten Sehensw\u00fcrdigkeiten der Orte am Sanabr\u00e9s Weg\" \/>\n<meta property=\"og:url\" content=\"https:\/\/www.pilgrim.es\/de\/sanabres-weg\/lalin-a-laxe\/\" \/>\n<meta property=\"og:site_name\" content=\"Pilgrim\" \/>\n<meta property=\"article:publisher\" content=\"https:\/\/www.facebook.com\/pilgrim.es\/\" \/>\n<meta property=\"article:modified_time\" content=\"2025-06-27T08:54:47+00:00\" \/>\n<meta property=\"og:image\" content=\"https:\/\/www.pilgrim.es\/wp-content\/uploads\/2019\/02\/lalin2.jpg\" \/>\n\t<meta property=\"og:image:width\" content=\"600\" \/>\n\t<meta property=\"og:image:height\" content=\"390\" \/>\n\t<meta property=\"og:image:type\" content=\"image\/jpeg\" \/>\n<meta name=\"twitter:card\" content=\"summary_large_image\" \/>\n<meta name=\"twitter:site\" content=\"@pilgrim_es\" \/>\n<meta name=\"twitter:label1\" content=\"Gesch\u00e4tzte Lesezeit\" \/>\n\t<meta name=\"twitter:data1\" content=\"8\u00a0Minuten\" \/>\n<script type=\"application\/ld+json\" class=\"yoast-schema-graph\">{\"@context\":\"https:\\\/\\\/schema.org\",\"@graph\":[{\"@type\":\"WebPage\",\"@id\":\"https:\\\/\\\/www.pilgrim.es\\\/de\\\/sanabres-weg\\\/lalin-a-laxe\\\/\",\"url\":\"https:\\\/\\\/www.pilgrim.es\\\/de\\\/sanabres-weg\\\/lalin-a-laxe\\\/\",\"name\":\"Lal\u00edn: Was sehen und wo \u00fcbernachten | Jakobsweg | Pilgrim\",\"isPartOf\":{\"@id\":\"https:\\\/\\\/www.pilgrim.es\\\/de\\\/#website\"},\"primaryImageOfPage\":{\"@id\":\"https:\\\/\\\/www.pilgrim.es\\\/de\\\/sanabres-weg\\\/lalin-a-laxe\\\/#primaryimage\"},\"image\":{\"@id\":\"https:\\\/\\\/www.pilgrim.es\\\/de\\\/sanabres-weg\\\/lalin-a-laxe\\\/#primaryimage\"},\"thumbnailUrl\":\"https:\\\/\\\/www.pilgrim.es\\\/wp-content\\\/uploads\\\/2019\\\/02\\\/lalin2.jpg\",\"datePublished\":\"2025-03-17T15:36:13+00:00\",\"dateModified\":\"2025-06-27T08:54:47+00:00\",\"description\":\"Lal\u00edn Entdecken Sie alle Informationen \u00fcber Unterk\u00fcnfte, Anreise, Gastronomie und die wichtigsten Sehensw\u00fcrdigkeiten der Orte am Sanabr\u00e9s Weg\",\"breadcrumb\":{\"@id\":\"https:\\\/\\\/www.pilgrim.es\\\/de\\\/sanabres-weg\\\/lalin-a-laxe\\\/#breadcrumb\"},\"inLanguage\":\"de\",\"potentialAction\":[{\"@type\":\"ReadAction\",\"target\":[\"https:\\\/\\\/www.pilgrim.es\\\/de\\\/sanabres-weg\\\/lalin-a-laxe\\\/\"]}]},{\"@type\":\"ImageObject\",\"inLanguage\":\"de\",\"@id\":\"https:\\\/\\\/www.pilgrim.es\\\/de\\\/sanabres-weg\\\/lalin-a-laxe\\\/#primaryimage\",\"url\":\"https:\\\/\\\/www.pilgrim.es\\\/wp-content\\\/uploads\\\/2019\\\/02\\\/lalin2.jpg\",\"contentUrl\":\"https:\\\/\\\/www.pilgrim.es\\\/wp-content\\\/uploads\\\/2019\\\/02\\\/lalin2.jpg\",\"width\":600,\"height\":390,\"caption\":\"Lal\u00edn (A Laxe)\"},{\"@type\":\"BreadcrumbList\",\"@id\":\"https:\\\/\\\/www.pilgrim.es\\\/de\\\/sanabres-weg\\\/lalin-a-laxe\\\/#breadcrumb\",\"itemListElement\":[{\"@type\":\"ListItem\",\"position\":1,\"name\":\"Camino de Santiago\",\"item\":\"https:\\\/\\\/www.pilgrim.es\\\/de\\\/\"},{\"@type\":\"ListItem\",\"position\":2,\"name\":\"Sanabr\u00e9s- Weg\",\"item\":\"https:\\\/\\\/www.pilgrim.es\\\/de\\\/sanabres-weg\\\/\"},{\"@type\":\"ListItem\",\"position\":3,\"name\":\"Lal\u00edn\"}]},{\"@type\":\"WebSite\",\"@id\":\"https:\\\/\\\/www.pilgrim.es\\\/de\\\/#website\",\"url\":\"https:\\\/\\\/www.pilgrim.es\\\/de\\\/\",\"name\":\"Pilgrim\",\"description\":\"Camino de Santiago | Caminamos Contigo\",\"publisher\":{\"@id\":\"https:\\\/\\\/www.pilgrim.es\\\/de\\\/#organization\"},\"potentialAction\":[{\"@type\":\"SearchAction\",\"target\":{\"@type\":\"EntryPoint\",\"urlTemplate\":\"https:\\\/\\\/www.pilgrim.es\\\/de\\\/?s={search_term_string}\"},\"query-input\":{\"@type\":\"PropertyValueSpecification\",\"valueRequired\":true,\"valueName\":\"search_term_string\"}}],\"inLanguage\":\"de\"},{\"@type\":\"Organization\",\"@id\":\"https:\\\/\\\/www.pilgrim.es\\\/de\\\/#organization\",\"name\":\"Pilgrim Camino de Santiago\",\"url\":\"https:\\\/\\\/www.pilgrim.es\\\/de\\\/\",\"logo\":{\"@type\":\"ImageObject\",\"inLanguage\":\"de\",\"@id\":\"https:\\\/\\\/www.pilgrim.es\\\/de\\\/#\\\/schema\\\/logo\\\/image\\\/\",\"url\":\"https:\\\/\\\/www.pilgrim.es\\\/wp-content\\\/uploads\\\/2019\\\/04\\\/logo_pilgrim.png\",\"contentUrl\":\"https:\\\/\\\/www.pilgrim.es\\\/wp-content\\\/uploads\\\/2019\\\/04\\\/logo_pilgrim.png\",\"width\":512,\"height\":512,\"caption\":\"Pilgrim Camino de Santiago\"},\"image\":{\"@id\":\"https:\\\/\\\/www.pilgrim.es\\\/de\\\/#\\\/schema\\\/logo\\\/image\\\/\"},\"sameAs\":[\"https:\\\/\\\/www.facebook.com\\\/pilgrim.es\\\/\",\"https:\\\/\\\/x.com\\\/pilgrim_es\",\"https:\\\/\\\/www.instagram.com\\\/pilgrim.es\\\/\",\"https:\\\/\\\/www.linkedin.com\\\/company\\\/pilgrim-camino-de-santiago\\\/\",\"https:\\\/\\\/www.pinterest.es\\\/pilgrimcaminodesantiago\\\/\",\"https:\\\/\\\/www.youtube.com\\\/channel\\\/UCIv2ZzFLXVqthkNF32rKedw\\\/featured\"]}]}<\/script>\n<!-- \/ Yoast SEO plugin. -->","yoast_head_json":{"title":"Lal\u00edn: Was sehen und wo \u00fcbernachten | Jakobsweg | Pilgrim","description":"Lal\u00edn Entdecken Sie alle Informationen \u00fcber Unterk\u00fcnfte, Anreise, Gastronomie und die wichtigsten Sehensw\u00fcrdigkeiten der Orte am Sanabr\u00e9s Weg","robots":{"index":"index","follow":"follow","max-snippet":"max-snippet:-1","max-image-preview":"max-image-preview:large","max-video-preview":"max-video-preview:-1"},"canonical":"https:\/\/www.pilgrim.es\/de\/sanabres-weg\/lalin-a-laxe\/","og_locale":"de_DE","og_type":"article","og_title":"Lal\u00edn: Was sehen und wo \u00fcbernachten | Jakobsweg | Pilgrim","og_description":"Lal\u00edn Entdecken Sie alle Informationen \u00fcber Unterk\u00fcnfte, Anreise, Gastronomie und die wichtigsten Sehensw\u00fcrdigkeiten der Orte am Sanabr\u00e9s Weg","og_url":"https:\/\/www.pilgrim.es\/de\/sanabres-weg\/lalin-a-laxe\/","og_site_name":"Pilgrim","article_publisher":"https:\/\/www.facebook.com\/pilgrim.es\/","article_modified_time":"2025-06-27T08:54:47+00:00","og_image":[{"width":600,"height":390,"url":"https:\/\/www.pilgrim.es\/wp-content\/uploads\/2019\/02\/lalin2.jpg","type":"image\/jpeg"}],"twitter_card":"summary_large_image","twitter_site":"@pilgrim_es","twitter_misc":{"Gesch\u00e4tzte Lesezeit":"8\u00a0Minuten"},"schema":{"@context":"https:\/\/schema.org","@graph":[{"@type":"WebPage","@id":"https:\/\/www.pilgrim.es\/de\/sanabres-weg\/lalin-a-laxe\/","url":"https:\/\/www.pilgrim.es\/de\/sanabres-weg\/lalin-a-laxe\/","name":"Lal\u00edn: Was sehen und wo \u00fcbernachten | Jakobsweg | Pilgrim","isPartOf":{"@id":"https:\/\/www.pilgrim.es\/de\/#website"},"primaryImageOfPage":{"@id":"https:\/\/www.pilgrim.es\/de\/sanabres-weg\/lalin-a-laxe\/#primaryimage"},"image":{"@id":"https:\/\/www.pilgrim.es\/de\/sanabres-weg\/lalin-a-laxe\/#primaryimage"},"thumbnailUrl":"https:\/\/www.pilgrim.es\/wp-content\/uploads\/2019\/02\/lalin2.jpg","datePublished":"2025-03-17T15:36:13+00:00","dateModified":"2025-06-27T08:54:47+00:00","description":"Lal\u00edn Entdecken Sie alle Informationen \u00fcber Unterk\u00fcnfte, Anreise, Gastronomie und die wichtigsten Sehensw\u00fcrdigkeiten der Orte am Sanabr\u00e9s Weg","breadcrumb":{"@id":"https:\/\/www.pilgrim.es\/de\/sanabres-weg\/lalin-a-laxe\/#breadcrumb"},"inLanguage":"de","potentialAction":[{"@type":"ReadAction","target":["https:\/\/www.pilgrim.es\/de\/sanabres-weg\/lalin-a-laxe\/"]}]},{"@type":"ImageObject","inLanguage":"de","@id":"https:\/\/www.pilgrim.es\/de\/sanabres-weg\/lalin-a-laxe\/#primaryimage","url":"https:\/\/www.pilgrim.es\/wp-content\/uploads\/2019\/02\/lalin2.jpg","contentUrl":"https:\/\/www.pilgrim.es\/wp-content\/uploads\/2019\/02\/lalin2.jpg","width":600,"height":390,"caption":"Lal\u00edn (A Laxe)"},{"@type":"BreadcrumbList","@id":"https:\/\/www.pilgrim.es\/de\/sanabres-weg\/lalin-a-laxe\/#breadcrumb","itemListElement":[{"@type":"ListItem","position":1,"name":"Camino de Santiago","item":"https:\/\/www.pilgrim.es\/de\/"},{"@type":"ListItem","position":2,"name":"Sanabr\u00e9s- Weg","item":"https:\/\/www.pilgrim.es\/de\/sanabres-weg\/"},{"@type":"ListItem","position":3,"name":"Lal\u00edn"}]},{"@type":"WebSite","@id":"https:\/\/www.pilgrim.es\/de\/#website","url":"https:\/\/www.pilgrim.es\/de\/","name":"Pilgrim","description":"Camino de Santiago | Caminamos Contigo","publisher":{"@id":"https:\/\/www.pilgrim.es\/de\/#organization"},"potentialAction":[{"@type":"SearchAction","target":{"@type":"EntryPoint","urlTemplate":"https:\/\/www.pilgrim.es\/de\/?s={search_term_string}"},"query-input":{"@type":"PropertyValueSpecification","valueRequired":true,"valueName":"search_term_string"}}],"inLanguage":"de"},{"@type":"Organization","@id":"https:\/\/www.pilgrim.es\/de\/#organization","name":"Pilgrim Camino de Santiago","url":"https:\/\/www.pilgrim.es\/de\/","logo":{"@type":"ImageObject","inLanguage":"de","@id":"https:\/\/www.pilgrim.es\/de\/#\/schema\/logo\/image\/","url":"https:\/\/www.pilgrim.es\/wp-content\/uploads\/2019\/04\/logo_pilgrim.png","contentUrl":"https:\/\/www.pilgrim.es\/wp-content\/uploads\/2019\/04\/logo_pilgrim.png","width":512,"height":512,"caption":"Pilgrim Camino de Santiago"},"image":{"@id":"https:\/\/www.pilgrim.es\/de\/#\/schema\/logo\/image\/"},"sameAs":["https:\/\/www.facebook.com\/pilgrim.es\/","https:\/\/x.com\/pilgrim_es","https:\/\/www.instagram.com\/pilgrim.es\/","https:\/\/www.linkedin.com\/company\/pilgrim-camino-de-santiago\/","https:\/\/www.pinterest.es\/pilgrimcaminodesantiago\/","https:\/\/www.youtube.com\/channel\/UCIv2ZzFLXVqthkNF32rKedw\/featured"]}]}},"_links":{"self":[{"href":"https:\/\/www.pilgrim.es\/de\/wp-json\/wp\/v2\/pages\/91474","targetHints":{"allow":["GET"]}}],"collection":[{"href":"https:\/\/www.pilgrim.es\/de\/wp-json\/wp\/v2\/pages"}],"about":[{"href":"https:\/\/www.pilgrim.es\/de\/wp-json\/wp\/v2\/types\/page"}],"author":[{"embeddable":true,"href":"https:\/\/www.pilgrim.es\/de\/wp-json\/wp\/v2\/users\/1"}],"replies":[{"embeddable":true,"href":"https:\/\/www.pilgrim.es\/de\/wp-json\/wp\/v2\/comments?post=91474"}],"version-history":[{"count":1,"href":"https:\/\/www.pilgrim.es\/de\/wp-json\/wp\/v2\/pages\/91474\/revisions"}],"predecessor-version":[{"id":132474,"href":"https:\/\/www.pilgrim.es\/de\/wp-json\/wp\/v2\/pages\/91474\/revisions\/132474"}],"up":[{"embeddable":true,"href":"https:\/\/www.pilgrim.es\/de\/wp-json\/wp\/v2\/pages\/10613"}],"wp:featuredmedia":[{"embeddable":true,"href":"https:\/\/www.pilgrim.es\/de\/wp-json\/wp\/v2\/media\/5959"}],"wp:attachment":[{"href":"https:\/\/www.pilgrim.es\/de\/wp-json\/wp\/v2\/media?parent=91474"}],"wp:term":[{"taxonomy":"category","embeddable":true,"href":"https:\/\/www.pilgrim.es\/de\/wp-json\/wp\/v2\/categories?post=91474"},{"taxonomy":"post_tag","embeddable":true,"href":"https:\/\/www.pilgrim.es\/de\/wp-json\/wp\/v2\/tags?post=91474"}],"curies":[{"name":"wp","href":"https:\/\/api.w.org\/{rel}","templated":true}]}}