{"id":91459,"date":"2025-03-17T15:32:52","date_gmt":"2025-03-17T15:32:52","guid":{"rendered":"https:\/\/www.pilgrim.es\/sanabres-weg\/laza\/"},"modified":"2025-03-17T15:32:52","modified_gmt":"2025-03-17T15:32:52","slug":"laza","status":"publish","type":"page","link":"https:\/\/www.pilgrim.es\/de\/sanabres-weg\/laza\/","title":{"rendered":"Laza"},"content":{"rendered":" <section id=\"hero\">\n\t<h1>Laza<\/h1>\n\t<div class=\"hero-grid\">\n\t\t<div class=\"hero-grid__town-col\" data-background=\"https:\/\/cdn.pilgrim.es\/web\/caminos\/camino-sanabres\/pueblos\/laza.jpg\">\n\t\t\t<div>\n\t\t\t\t<a class=\"link-to-stage\" href=\"https:\/\/www.pilgrim.es\/camino-sanabres\/etapa-7-a-gudina-laza\/\">\n\t\t\t\t\t<p>&#8249; Zur\u00fcck zur B\u00fchne<\/p>\n\t\t\t\t<\/a>\n\n\t\t\t\t<div class=\"town-data\">\n\t\t\t\t\t<h2>Laza<\/h2>\n\t\t\t\t\t<ul>\n\t\t\t\t\t\t<li>Einwohner: 1.424 aprox.<\/li>\n\t\t\t\t\t\t<li>Bundesland: Ourense<\/li>\n\t\t\t\t\t<\/ul>\n\t\t\t\t<\/div>\n\t\t\t<\/div>\n\t\t<\/div>\n\t\t<div class=\"hero-grid__planner-col\"><div\r\n  class=\"p-col-span-1 p-rounded-lg p-px-5 p-h-full\"\r\n  style=\"background-image: url('https:\/\/cdn.pilgrim.es\/web\/pilgrim-planner\/bg-plugin-planificador.webp')\"\r\n  rel=\"preload\"\r\n  fetchpriority=\"high\"\r\n  >\r\n    <div class=\"p-text-center p-pt-5 p-text-white p-text-2xl p-font-semibold\">\r\n      Plane deinen Weg    <\/div>\r\n    <div\r\n            id='primary-app'\r\n            data-name='banner'\r\n            data-api='https:\/\/pathfinder.pilgrim.es\/api\/pathfinder\/v2'\r\n            data-mode='normal'\r\n            data-lang='de'\r\n            data-route='1'\r\n            data-destiny='https:\/\/planificador.pilgrim.es'\r\n            data-modality='1'\r\n            data-inline=''\r\n        ><\/div><\/div><\/div>\n\t<\/div>\n<\/section>\n\n<section id=\"infoTown\">\n\t<div class=\"sections-town\">\n\n\t\t<div id=\"informationSection\">\n\t\t\t<div>\n\t\t\t\t<h2 class=\"p-h2-town\">Informationen<\/h2>\n\t\t\t\t<hr>\n\t\t\t\t<h3 class=\"p-h3-town\">Get to know Laza<\/h3>\n\t\t\t<\/div>\n\t\t\t<p>Die Stadt Laza geh\u00f6rt zur Region Ver\u00edn und ist dank der Bedeutung des Karnevals sehr bekannt. Dieses Fest gilt als das \u00e4lteste in Galicien und auch als das zahlreichste.<\/p> <p>In Laza wird es den Pilgern an nichts fehlen, die Stadt bietet alle Dienstleistungen, die sie w\u00e4hrend ihres Aufenthalts ben\u00f6tigen. Hier treffen die Pilger, die sich f\u00fcr die Variante von Ver\u00edn entschieden haben, und diejenigen, die den \u00fcblichen Weg genommen haben, wieder zusammen.\n\t\t<\/div>\n\n\t\t<div id=\"locationSection\">\n\t\t\t<div>\n\t\t\t\t<h2 class=\"p-h2-town\">Standort<\/h2>\n\t\t\t\t<hr>\n\t\t\t\t<h3 class=\"p-h3-town\">Wegbeschreibung<\/h3>\n\t\t\t<\/div>\n\t\t\t<p>Die Gemeinde Laza erreicht man haupts\u00e4chlich \u00fcber die Schnellstra\u00dfe A-52, die Schnellstra\u00dfe R\u00edas Biazas oder die Nationalstra\u00dfe N-525, die beide in Ver\u00edn verlassen werden m\u00fcssen, um auf die OU-113 nach Laza zu gelangen.<\/p> <p>Die Gemeinde Laza erreicht man haupts\u00e4chlich \u00fcber die Schnellstra\u00dfe A-52, die Schnellstra\u00dfe R\u00edas Biazas oder die Nationalstra\u00dfe N-525, die beide in Ver\u00edn verlassen werden m\u00fcssen, um auf die OU-113 nach Laza zu gelangen.\n\n<p>Das Unternehmen Anpian bietet regelm\u00e4\u00dfige Linien durch die Gemeinde an und es gibt auch Linien, die Ver\u00edn und Orense mit Laza verbinden. Diese Linien verkehren nicht an Wochenenden.\n\t\t\t<div>\n\t\t\t\t<div>\n  <iframe loading=\"lazy\"\n    src=\"https:\/\/www.google.com\/maps\/d\/embed?mid=1bGyc_epwlXjx4Cl7ZxyaP3OIzAvBoUI&amp;ehbc=2E312F\"\n    width=\"640\"\n    height=\"480\"\n    alt=\"Mapa Laza\"\n  ><\/iframe>\n<\/div>\n\n\t\t\t<\/div>\n\t\t<\/div>\n\n\t\t\n\t\t\t<div id=\"toVisitSection\">\n\t\t\t\t<div>\n\t\t\t\t\t<h2 class=\"p-h2-town\">Geschichte \/ Kultur<\/h2>\n\t\t\t\t\t<hr>\n\t\t\t\t\t<h3 class=\"p-h3-town\">Was es zu sehen gibt<\/h3>\n\t\t\t\t<\/div>\n\t\t\t\t<div>\n\t\t\t\t\t<div class=\"accordion\">\n\t\t\t\t\t\t<div class=\"accordion__menu\">\n\t\t\t\t\t\t\t<nav>\n\t\t\t\t\t\t\t\t\n\t\t\t\t\t\t\t\t\t<button class=\"nav-tab-accordion active\"><span>&#10093;<\/span><span> Iglesia de San Juan de Laza<\/span><\/button>\n\t\t\t\t\t\t\t\t\n\t\t\t\t\t\t\t<\/nav>\n\t\t\t\t\t\t<\/div>\n\n\t\t\t\t\t\t\n\t\t\t\t\t\t\t<div class=\"accordion__accordion-content \">\n\t\t\t\t\t\t\t\t<div>\n\t\t\t\t\t\t\t\t\t<div>\n\t\t\t\t\t\t\t\t\t\t<h4>Iglesia de San Juan de Laza<\/h4>\n\t\t\t\t\t\t\t\t\t\t<p>Die Kirche San Juan de Laza ist ein gro\u00dfes l\u00e4ndliches Gotteshaus, das sich durch seinen toskanischen Stil und seinen robusten Turm mit einem sch\u00f6nen Kapitell auszeichnet. Im Inneren der Kirche befinden sich vier Alt\u00e4re im Barockstil, die alle mit Blattgold \u00fcberzogen sind. <\/p>\n\t\t\t\t\t\t\t\t\t<\/div>\n\t\t\t\t\t\t\t\t\t<img decoding=\"async\" src=\"https:\/\/cdn.pilgrim.es\/web\/caminos\/camino-sanabres\/pueblos\/laza\/puntos-de-interes\/iglesia-de-san-juan-de-laza.jpg\" alt=\"Iglesia de San Juan de Laza\">\n\t\t\t\t\t\t\t\t<\/div>\n\t\t\t\t\t\t\t<\/div>\n\t\t\t\t\t\t\n\t\t\t\t\t<\/div>\n\t\t\t\t<\/div>\n\t\t\t<\/div>\n\t\t\n\n\t\t<div id=\"phonesSection\">\n\t\t\t<div>\n\t\t\t\t<h2 class=\"p-h3-town\">Informationen von Interesse<\/h2>\n\t\t\t<\/div>\n\t\t\t<div class=\"grid\">\n\t\t\t\t\n\t\t\t\t\t<div class=\"phone-number-item\">\n\t\t\t\t\t\t<div class=\"phone-number-item__icon\"><i class=\"icon-police\"><\/i><\/div>\n\t\t\t\t\t\t<div class=\"phone-number-item__title\">\n\t\t\t\t\t\t\t<h3 class=\"p-font-bold\">Ortspolizei<\/h3>\n\t\t\t\t\t\t\t<p>112<\/p>\n\t\t\t\t\t\t\t\n\t\t\t\t\t\t<\/div>\n\t\t\t\t\t<\/div>\n\t\t\t\t\n\t\t\t\t\t<div class=\"phone-number-item\">\n\t\t\t\t\t\t<div class=\"phone-number-item__icon\"><i class=\"icon-spanish-military-police\"><\/i><\/div>\n\t\t\t\t\t\t<div class=\"phone-number-item__title\">\n\t\t\t\t\t\t\t<h3 class=\"p-font-bold\">Zivilwache<\/h3>\n\t\t\t\t\t\t\t<p>988 422 112<\/p>\n\t\t\t\t\t\t\t\n\t\t\t\t\t\t<\/div>\n\t\t\t\t\t<\/div>\n\t\t\t\t\n\t\t\t\t\t<div class=\"phone-number-item\">\n\t\t\t\t\t\t<div class=\"phone-number-item__icon\"><i class=\"icon-firefighters\"><\/i><\/div>\n\t\t\t\t\t\t<div class=\"phone-number-item__title\">\n\t\t\t\t\t\t\t<h3 class=\"p-font-bold\">Feuerwehr<\/h3>\n\t\t\t\t\t\t\t<p>112<\/p>\n\t\t\t\t\t\t\t\n\t\t\t\t\t\t<\/div>\n\t\t\t\t\t<\/div>\n\t\t\t\t\n\t\t\t\t\t<div class=\"phone-number-item\">\n\t\t\t\t\t\t<div class=\"phone-number-item__icon\"><i class=\"icon-civil-protection\"><\/i><\/div>\n\t\t\t\t\t\t<div class=\"phone-number-item__title\">\n\t\t\t\t\t\t\t<h3 class=\"p-font-bold\">Zivilschutz<\/h3>\n\t\t\t\t\t\t\t<p>112<\/p>\n\t\t\t\t\t\t\t\n\t\t\t\t\t\t<\/div>\n\t\t\t\t\t<\/div>\n\t\t\t\t\n\t\t\t\t\t<div class=\"phone-number-item\">\n\t\t\t\t\t\t<div class=\"phone-number-item__icon\"><i class=\"icon-town-council\"><\/i><\/div>\n\t\t\t\t\t\t<div class=\"phone-number-item__title\">\n\t\t\t\t\t\t\t<h3 class=\"p-font-bold\">Rathaus<\/h3>\n\t\t\t\t\t\t\t<p>988 422 002<\/p>\n\t\t\t\t\t\t\t\n\t\t\t\t\t\t<\/div>\n\t\t\t\t\t<\/div>\n\t\t\t\t\n\t\t\t\t\t<div class=\"phone-number-item\">\n\t\t\t\t\t\t<div class=\"phone-number-item__icon\"><i class=\"icon-hospital\"><\/i><\/div>\n\t\t\t\t\t\t<div class=\"phone-number-item__title\">\n\t\t\t\t\t\t\t<h3 class=\"p-font-bold\">Gesundheitszentrum<\/h3>\n\t\t\t\t\t\t\t<p>988 422 221<\/p>\n\t\t\t\t\t\t\t\n\t\t\t\t\t\t<\/div>\n\t\t\t\t\t<\/div>\n\t\t\t\t\n\t\t\t\t\t<div class=\"phone-number-item\">\n\t\t\t\t\t\t<div class=\"phone-number-item__icon\"><i class=\"icon-tourism\"><\/i><\/div>\n\t\t\t\t\t\t<div class=\"phone-number-item__title\">\n\t\t\t\t\t\t\t<h3 class=\"p-font-bold\">Fremdenverkehrsamt<\/h3>\n\t\t\t\t\t\t\t<p>988 422 002<\/p>\n\t\t\t\t\t\t\t\n\t\t\t\t\t\t\t\t<p>Casti\u00f1eiro, 4<\/p>\n\t\t\t\t\t\t\t\n\t\t\t\t\t\t<\/div>\n\t\t\t\t\t<\/div>\n\t\t\t\t\n\t\t\t<\/div>\n\t\t<\/div>\n\n\t\t<div id=\"clientForm\">\n        <section>\n        <img decoding=\"async\" src=\"https:\/\/cdn.pilgrim.es\/web\/home\/email-contacto.png\" alt=\"contacto\">\n        <div>\n            <p>Wir senden dir deine Planung<\/p>\n            <p>Gib uns deine Daten an und erhalte die Planung deiner Reise per E-Mail <\/p>\n            <form method=\"post\" data-url=\"\/wp-admin\/admin-ajax.php\" id=\"planner--client\" class=\"flag-right form-client\">\n    <div class=\"form-data\">\n        <input name=\"form_id\" type=\"hidden\" value=\"Formulario Leads\">\n        <input name=\"type\" type=\"hidden\" value=\"planner_client\">\n        <input type=\"text\" name=\"nombre\" value=\"\" size=\"40\" class=\"form-control\" aria-required=\"true\" aria-invalid=\"false\" placeholder=\"Name\">\n        <input type=\"email\" name=\"email\" value=\"\" size=\"40\" class=\"form-control\" aria-required=\"true\" aria-invalid=\"false\" placeholder=\"E- Mail\">\n        <input type=\"text\" id=\"phone-input\" name=\"tel\" value=\"\" size=\"40\" class=\"phone-input form-control\" aria-required=\"true\" aria-invalid=\"false\" placeholder=\"Telefon\">\n        <input type=\"hidden\" name=\"telefono\">\n    <\/div>\n    <div class=\"form-checkbox\">\n        <span>\n            Pilgrim Travel, S.L. teilt gem\u00e4\u00df Regulierung 2016\/679 mit, dass die in diesem Formular verwendeten Daten sowohl f\u00fcr die Beantwortung der m\u00f6glichen Anfragen als auch f\u00fcr die Ver\u00f6ffentlichung der Kommentare verwendet werden, mit der Zustimmung des Nutzers. Sie k\u00f6nnen Ihre Rechte in \u00dcbereinstimmung mit unserer Datenschutzbestimmungen aus\u00fcben             <a href=\"https:\/\/www.pilgrim.es\/politica-de-privacidad\/\" target=\"_blank\" rel=\"noopener noreferrer nofollow\">Datenschutzerkl\u00e4rung.<\/a>\n        <\/span>\n    <\/div>\n\n    <div class=\"form-submit\">\n        <button id=\"planner--client-create\" type=\"submit\">Anfrage senden<\/button>\n        <div class=\"loadingDiv\"><i class=\"p-spinner\"><\/i><\/div>\n    <\/div>\n\n    <div class=\"contact-content-form-success\">\n        <p><i class=\"fas fa-check\"><\/i> Das Formular hat sich erfolgreich gesendet.<\/p>\n    <\/div>\n\n    <div class=\"contact-content-form-error\">\n        <span class=\"input-error\"><\/span>\n    <\/div>\n<\/form>        <\/div>\n    <\/section>\n<\/div>\n\n\t\t<div id=\"recomendationSection\">\n\t\t\t<div>\n\t\t\t\t<h2 class=\"p-h2-town\">Empfohlen<\/h2>\n\t\t\t\t<hr>\n\t\t\t\t<h3 class=\"p-h3-town\">Gastronomie<\/h3>\n\t\t\t<\/div>\n\t\t\tDie typische Gastronomie des Gebiets von Laza umfasst Fleischwaren wie Rippchen, Schweineschulter, Cachucha und Chorizo-W\u00fcrste. Lokale Produkte wie Kartoffeln und Kohlrabi zeichnen sich durch ihre hohe Qualit\u00e4t aus.\n\nZu den lokalen S\u00fc\u00dfwaren geh\u00f6rt die Bica Blanca, eine f\u00fcr diese Gemeinde typische Biskuittorte.  Beliebt sind auch die Bica do Peliqueiro und die Bica Amerela. Au\u00dferdem gibt es einen hausgemachten Lik\u00f6r namens Xastr\u00e9, der aus acht verschiedenen Kr\u00e4utern hergestellt wird und komplett handgemacht ist.\n\t\t<\/div>\n\n\n\t\t\n\t\t\t<div id=\"holidaysSection\">\n\t\t\t\t<div>\n\t\t\t\t\t<h2 class=\"p-h2-town\">Empfohlen<\/h2>\n\t\t\t\t\t<hr>\n\t\t\t\t\t<h3 class=\"p-h3-town\">Feste und Pilgerfahrten<\/h3>\n\t\t\t\t<\/div>\n\t\t\t\t<div class=\"grid holidays-grid\">\n\t\t\t\t\t\n\t\t\t\t\t\t<div>\n\t\t\t\t\t\t\t<div class=\"phone-number-item\">\n\t\t\t\t\t\t\t\t<div class=\"phone-number-item__icon\"><i class=\"icon-holiday\"><\/i><\/div>\n\t\t\t\t\t\t\t\t<div class=\"phone-number-item__title dark-text\">\n\t\t\t\t\t\t\t\t\t<p class=\"p-font-bold\">Lokaler Urlaub<\/p>\n\t\t\t\t\t\t\t\t\t<p>3 de mayo: Santo Cristo de Laza<\/p>\n\t\t\t\t\t\t\t\t<\/div>\n\t\t\t\t\t\t\t<\/div>\n\t\t\t\t\t\t<\/div>\n\t\t\t\t\t\n\t\t\t\t\t\t<div>\n\t\t\t\t\t\t\t<div class=\"phone-number-item\">\n\t\t\t\t\t\t\t\t<div class=\"phone-number-item__icon\"><i class=\"icon-holiday\"><\/i><\/div>\n\t\t\t\t\t\t\t\t<div class=\"phone-number-item__title dark-text\">\n\t\t\t\t\t\t\t\t\t<p class=\"p-font-bold\">Lokaler Urlaub<\/p>\n\t\t\t\t\t\t\t\t\t<p>24 de junio: Fiesta de San Juan Bautista<\/p>\n\t\t\t\t\t\t\t\t<\/div>\n\t\t\t\t\t\t\t<\/div>\n\t\t\t\t\t\t<\/div>\n\t\t\t\t\t\n\t\t\t\t\t\t<div>\n\t\t\t\t\t\t\t<div class=\"phone-number-item\">\n\t\t\t\t\t\t\t\t<div class=\"phone-number-item__icon\"><i class=\"icon-holiday\"><\/i><\/div>\n\t\t\t\t\t\t\t\t<div class=\"phone-number-item__title dark-text\">\n\t\t\t\t\t\t\t\t\t<p class=\"p-font-bold\">Lokaler Urlaub<\/p>\n\t\t\t\t\t\t\t\t\t<p>Carnaval: Diversas actividade<\/p>\n\t\t\t\t\t\t\t\t<\/div>\n\t\t\t\t\t\t\t<\/div>\n\t\t\t\t\t\t<\/div>\n\t\t\t\t\t\n\t\t\t\t<\/div>\n\t\t\t<\/div>\n\t\t\n\t<\/div>\n<\/section>\n\n<div id=\"stage_list_section\"><div class=\"stage-list\">\n    <div class='stage-list__map-card'>\n        <div class='stage-list__map-card__map'>\n            <div class='stage-list__map-card__map__text'>\n                <h2> Pages <\/h2>\n                <p> Zu Fu\u00df<\/p>\n                <p> 0etappen<\/p>\n            <\/div>\n            <div class='stage-list__map-card__map__img'>\n                <img decoding=\"async\" src=\"\" alt=\" mapa \" \/>\n            <\/div>\n        <\/div>\n    <\/div>\n\n    <\/div>\n<\/div> ","protected":false},"excerpt":{"rendered":"<p>Laza &#8249; Zur\u00fcck zur B\u00fchne Laza Einwohner: 1.424 aprox. Bundesland: Ourense Informationen Get to know Laza Die Stadt Laza geh\u00f6rt zur Region Ver\u00edn und ist dank der Bedeutung des Karnevals sehr bekannt. Dieses Fest gilt als das \u00e4lteste in Galicien und auch als das zahlreichste. In Laza wird es den Pilgern an nichts fehlen, die &hellip; <\/p>\n<p class=\"read_more\"><a href=\"https:\/\/www.pilgrim.es\/de\/sanabres-weg\/laza\/\">Leer m\u00e1s<\/a><\/p>\n","protected":false},"author":0,"featured_media":6029,"parent":10613,"menu_order":0,"comment_status":"closed","ping_status":"closed","template":"views\/template-new-web-design.blade.php","meta":{"footnotes":""},"categories":[],"tags":[],"class_list":["post-91459","page","type-page","status-publish","has-post-thumbnail","hentry"],"yoast_head":"<!-- This site is optimized with the Yoast SEO plugin v27.4 - https:\/\/yoast.com\/product\/yoast-seo-wordpress\/ -->\n<title>Laza: Was sehen und wo \u00fcbernachten | Jakobsweg | Pilgrim<\/title>\n<meta name=\"description\" content=\"Laza Entdecken Sie alle Informationen \u00fcber Unterk\u00fcnfte, Anreise, Gastronomie und die wichtigsten Sehensw\u00fcrdigkeiten der Orte am Sanabr\u00e9s Weg\" \/>\n<meta name=\"robots\" content=\"index, follow, max-snippet:-1, max-image-preview:large, max-video-preview:-1\" \/>\n<link rel=\"canonical\" href=\"https:\/\/www.pilgrim.es\/de\/sanabres-weg\/laza\/\" \/>\n<meta property=\"og:locale\" content=\"de_DE\" \/>\n<meta property=\"og:type\" content=\"article\" \/>\n<meta property=\"og:title\" content=\"Laza: Was sehen und wo \u00fcbernachten | Jakobsweg | Pilgrim\" \/>\n<meta property=\"og:description\" content=\"Laza Entdecken Sie alle Informationen \u00fcber Unterk\u00fcnfte, Anreise, Gastronomie und die wichtigsten Sehensw\u00fcrdigkeiten der Orte am Sanabr\u00e9s Weg\" \/>\n<meta property=\"og:url\" content=\"https:\/\/www.pilgrim.es\/de\/sanabres-weg\/laza\/\" \/>\n<meta property=\"og:site_name\" content=\"Pilgrim\" \/>\n<meta property=\"article:publisher\" content=\"https:\/\/www.facebook.com\/pilgrim.es\/\" \/>\n<meta property=\"og:image\" content=\"https:\/\/www.pilgrim.es\/wp-content\/uploads\/2019\/02\/laza.jpg\" \/>\n\t<meta property=\"og:image:width\" content=\"1024\" \/>\n\t<meta property=\"og:image:height\" content=\"768\" \/>\n\t<meta property=\"og:image:type\" content=\"image\/jpeg\" \/>\n<meta name=\"twitter:card\" content=\"summary_large_image\" \/>\n<meta name=\"twitter:site\" content=\"@pilgrim_es\" \/>\n<meta name=\"twitter:label1\" content=\"Gesch\u00e4tzte Lesezeit\" \/>\n\t<meta name=\"twitter:data1\" content=\"2\u00a0Minuten\" \/>\n<script type=\"application\/ld+json\" class=\"yoast-schema-graph\">{\"@context\":\"https:\\\/\\\/schema.org\",\"@graph\":[{\"@type\":\"WebPage\",\"@id\":\"https:\\\/\\\/www.pilgrim.es\\\/de\\\/sanabres-weg\\\/laza\\\/\",\"url\":\"https:\\\/\\\/www.pilgrim.es\\\/de\\\/sanabres-weg\\\/laza\\\/\",\"name\":\"Laza: Was sehen und wo \u00fcbernachten | Jakobsweg | Pilgrim\",\"isPartOf\":{\"@id\":\"https:\\\/\\\/www.pilgrim.es\\\/de\\\/#website\"},\"primaryImageOfPage\":{\"@id\":\"https:\\\/\\\/www.pilgrim.es\\\/de\\\/sanabres-weg\\\/laza\\\/#primaryimage\"},\"image\":{\"@id\":\"https:\\\/\\\/www.pilgrim.es\\\/de\\\/sanabres-weg\\\/laza\\\/#primaryimage\"},\"thumbnailUrl\":\"https:\\\/\\\/www.pilgrim.es\\\/wp-content\\\/uploads\\\/2019\\\/02\\\/laza.jpg\",\"datePublished\":\"2025-03-17T15:32:52+00:00\",\"description\":\"Laza Entdecken Sie alle Informationen \u00fcber Unterk\u00fcnfte, Anreise, Gastronomie und die wichtigsten Sehensw\u00fcrdigkeiten der Orte am Sanabr\u00e9s Weg\",\"breadcrumb\":{\"@id\":\"https:\\\/\\\/www.pilgrim.es\\\/de\\\/sanabres-weg\\\/laza\\\/#breadcrumb\"},\"inLanguage\":\"de\",\"potentialAction\":[{\"@type\":\"ReadAction\",\"target\":[\"https:\\\/\\\/www.pilgrim.es\\\/de\\\/sanabres-weg\\\/laza\\\/\"]}]},{\"@type\":\"ImageObject\",\"inLanguage\":\"de\",\"@id\":\"https:\\\/\\\/www.pilgrim.es\\\/de\\\/sanabres-weg\\\/laza\\\/#primaryimage\",\"url\":\"https:\\\/\\\/www.pilgrim.es\\\/wp-content\\\/uploads\\\/2019\\\/02\\\/laza.jpg\",\"contentUrl\":\"https:\\\/\\\/www.pilgrim.es\\\/wp-content\\\/uploads\\\/2019\\\/02\\\/laza.jpg\",\"width\":1024,\"height\":768,\"caption\":\"Laza\"},{\"@type\":\"BreadcrumbList\",\"@id\":\"https:\\\/\\\/www.pilgrim.es\\\/de\\\/sanabres-weg\\\/laza\\\/#breadcrumb\",\"itemListElement\":[{\"@type\":\"ListItem\",\"position\":1,\"name\":\"Camino de Santiago\",\"item\":\"https:\\\/\\\/www.pilgrim.es\\\/de\\\/\"},{\"@type\":\"ListItem\",\"position\":2,\"name\":\"Sanabr\u00e9s- Weg\",\"item\":\"https:\\\/\\\/www.pilgrim.es\\\/de\\\/sanabres-weg\\\/\"},{\"@type\":\"ListItem\",\"position\":3,\"name\":\"Laza\"}]},{\"@type\":\"WebSite\",\"@id\":\"https:\\\/\\\/www.pilgrim.es\\\/de\\\/#website\",\"url\":\"https:\\\/\\\/www.pilgrim.es\\\/de\\\/\",\"name\":\"Pilgrim\",\"description\":\"Camino de Santiago | Caminamos Contigo\",\"publisher\":{\"@id\":\"https:\\\/\\\/www.pilgrim.es\\\/de\\\/#organization\"},\"potentialAction\":[{\"@type\":\"SearchAction\",\"target\":{\"@type\":\"EntryPoint\",\"urlTemplate\":\"https:\\\/\\\/www.pilgrim.es\\\/de\\\/?s={search_term_string}\"},\"query-input\":{\"@type\":\"PropertyValueSpecification\",\"valueRequired\":true,\"valueName\":\"search_term_string\"}}],\"inLanguage\":\"de\"},{\"@type\":\"Organization\",\"@id\":\"https:\\\/\\\/www.pilgrim.es\\\/de\\\/#organization\",\"name\":\"Pilgrim Camino de Santiago\",\"url\":\"https:\\\/\\\/www.pilgrim.es\\\/de\\\/\",\"logo\":{\"@type\":\"ImageObject\",\"inLanguage\":\"de\",\"@id\":\"https:\\\/\\\/www.pilgrim.es\\\/de\\\/#\\\/schema\\\/logo\\\/image\\\/\",\"url\":\"https:\\\/\\\/www.pilgrim.es\\\/wp-content\\\/uploads\\\/2019\\\/04\\\/logo_pilgrim.png\",\"contentUrl\":\"https:\\\/\\\/www.pilgrim.es\\\/wp-content\\\/uploads\\\/2019\\\/04\\\/logo_pilgrim.png\",\"width\":512,\"height\":512,\"caption\":\"Pilgrim Camino de Santiago\"},\"image\":{\"@id\":\"https:\\\/\\\/www.pilgrim.es\\\/de\\\/#\\\/schema\\\/logo\\\/image\\\/\"},\"sameAs\":[\"https:\\\/\\\/www.facebook.com\\\/pilgrim.es\\\/\",\"https:\\\/\\\/x.com\\\/pilgrim_es\",\"https:\\\/\\\/www.instagram.com\\\/pilgrim.es\\\/\",\"https:\\\/\\\/www.linkedin.com\\\/company\\\/pilgrim-camino-de-santiago\\\/\",\"https:\\\/\\\/www.pinterest.es\\\/pilgrimcaminodesantiago\\\/\",\"https:\\\/\\\/www.youtube.com\\\/channel\\\/UCIv2ZzFLXVqthkNF32rKedw\\\/featured\"]}]}<\/script>\n<!-- \/ Yoast SEO plugin. -->","yoast_head_json":{"title":"Laza: Was sehen und wo \u00fcbernachten | Jakobsweg | Pilgrim","description":"Laza Entdecken Sie alle Informationen \u00fcber Unterk\u00fcnfte, Anreise, Gastronomie und die wichtigsten Sehensw\u00fcrdigkeiten der Orte am Sanabr\u00e9s Weg","robots":{"index":"index","follow":"follow","max-snippet":"max-snippet:-1","max-image-preview":"max-image-preview:large","max-video-preview":"max-video-preview:-1"},"canonical":"https:\/\/www.pilgrim.es\/de\/sanabres-weg\/laza\/","og_locale":"de_DE","og_type":"article","og_title":"Laza: Was sehen und wo \u00fcbernachten | Jakobsweg | Pilgrim","og_description":"Laza Entdecken Sie alle Informationen \u00fcber Unterk\u00fcnfte, Anreise, Gastronomie und die wichtigsten Sehensw\u00fcrdigkeiten der Orte am Sanabr\u00e9s Weg","og_url":"https:\/\/www.pilgrim.es\/de\/sanabres-weg\/laza\/","og_site_name":"Pilgrim","article_publisher":"https:\/\/www.facebook.com\/pilgrim.es\/","og_image":[{"width":1024,"height":768,"url":"https:\/\/www.pilgrim.es\/wp-content\/uploads\/2019\/02\/laza.jpg","type":"image\/jpeg"}],"twitter_card":"summary_large_image","twitter_site":"@pilgrim_es","twitter_misc":{"Gesch\u00e4tzte Lesezeit":"2\u00a0Minuten"},"schema":{"@context":"https:\/\/schema.org","@graph":[{"@type":"WebPage","@id":"https:\/\/www.pilgrim.es\/de\/sanabres-weg\/laza\/","url":"https:\/\/www.pilgrim.es\/de\/sanabres-weg\/laza\/","name":"Laza: Was sehen und wo \u00fcbernachten | Jakobsweg | Pilgrim","isPartOf":{"@id":"https:\/\/www.pilgrim.es\/de\/#website"},"primaryImageOfPage":{"@id":"https:\/\/www.pilgrim.es\/de\/sanabres-weg\/laza\/#primaryimage"},"image":{"@id":"https:\/\/www.pilgrim.es\/de\/sanabres-weg\/laza\/#primaryimage"},"thumbnailUrl":"https:\/\/www.pilgrim.es\/wp-content\/uploads\/2019\/02\/laza.jpg","datePublished":"2025-03-17T15:32:52+00:00","description":"Laza Entdecken Sie alle Informationen \u00fcber Unterk\u00fcnfte, Anreise, Gastronomie und die wichtigsten Sehensw\u00fcrdigkeiten der Orte am Sanabr\u00e9s Weg","breadcrumb":{"@id":"https:\/\/www.pilgrim.es\/de\/sanabres-weg\/laza\/#breadcrumb"},"inLanguage":"de","potentialAction":[{"@type":"ReadAction","target":["https:\/\/www.pilgrim.es\/de\/sanabres-weg\/laza\/"]}]},{"@type":"ImageObject","inLanguage":"de","@id":"https:\/\/www.pilgrim.es\/de\/sanabres-weg\/laza\/#primaryimage","url":"https:\/\/www.pilgrim.es\/wp-content\/uploads\/2019\/02\/laza.jpg","contentUrl":"https:\/\/www.pilgrim.es\/wp-content\/uploads\/2019\/02\/laza.jpg","width":1024,"height":768,"caption":"Laza"},{"@type":"BreadcrumbList","@id":"https:\/\/www.pilgrim.es\/de\/sanabres-weg\/laza\/#breadcrumb","itemListElement":[{"@type":"ListItem","position":1,"name":"Camino de Santiago","item":"https:\/\/www.pilgrim.es\/de\/"},{"@type":"ListItem","position":2,"name":"Sanabr\u00e9s- Weg","item":"https:\/\/www.pilgrim.es\/de\/sanabres-weg\/"},{"@type":"ListItem","position":3,"name":"Laza"}]},{"@type":"WebSite","@id":"https:\/\/www.pilgrim.es\/de\/#website","url":"https:\/\/www.pilgrim.es\/de\/","name":"Pilgrim","description":"Camino de Santiago | Caminamos Contigo","publisher":{"@id":"https:\/\/www.pilgrim.es\/de\/#organization"},"potentialAction":[{"@type":"SearchAction","target":{"@type":"EntryPoint","urlTemplate":"https:\/\/www.pilgrim.es\/de\/?s={search_term_string}"},"query-input":{"@type":"PropertyValueSpecification","valueRequired":true,"valueName":"search_term_string"}}],"inLanguage":"de"},{"@type":"Organization","@id":"https:\/\/www.pilgrim.es\/de\/#organization","name":"Pilgrim Camino de Santiago","url":"https:\/\/www.pilgrim.es\/de\/","logo":{"@type":"ImageObject","inLanguage":"de","@id":"https:\/\/www.pilgrim.es\/de\/#\/schema\/logo\/image\/","url":"https:\/\/www.pilgrim.es\/wp-content\/uploads\/2019\/04\/logo_pilgrim.png","contentUrl":"https:\/\/www.pilgrim.es\/wp-content\/uploads\/2019\/04\/logo_pilgrim.png","width":512,"height":512,"caption":"Pilgrim Camino de Santiago"},"image":{"@id":"https:\/\/www.pilgrim.es\/de\/#\/schema\/logo\/image\/"},"sameAs":["https:\/\/www.facebook.com\/pilgrim.es\/","https:\/\/x.com\/pilgrim_es","https:\/\/www.instagram.com\/pilgrim.es\/","https:\/\/www.linkedin.com\/company\/pilgrim-camino-de-santiago\/","https:\/\/www.pinterest.es\/pilgrimcaminodesantiago\/","https:\/\/www.youtube.com\/channel\/UCIv2ZzFLXVqthkNF32rKedw\/featured"]}]}},"_links":{"self":[{"href":"https:\/\/www.pilgrim.es\/de\/wp-json\/wp\/v2\/pages\/91459","targetHints":{"allow":["GET"]}}],"collection":[{"href":"https:\/\/www.pilgrim.es\/de\/wp-json\/wp\/v2\/pages"}],"about":[{"href":"https:\/\/www.pilgrim.es\/de\/wp-json\/wp\/v2\/types\/page"}],"replies":[{"embeddable":true,"href":"https:\/\/www.pilgrim.es\/de\/wp-json\/wp\/v2\/comments?post=91459"}],"version-history":[{"count":0,"href":"https:\/\/www.pilgrim.es\/de\/wp-json\/wp\/v2\/pages\/91459\/revisions"}],"up":[{"embeddable":true,"href":"https:\/\/www.pilgrim.es\/de\/wp-json\/wp\/v2\/pages\/10613"}],"wp:featuredmedia":[{"embeddable":true,"href":"https:\/\/www.pilgrim.es\/de\/wp-json\/wp\/v2\/media\/6029"}],"wp:attachment":[{"href":"https:\/\/www.pilgrim.es\/de\/wp-json\/wp\/v2\/media?parent=91459"}],"wp:term":[{"taxonomy":"category","embeddable":true,"href":"https:\/\/www.pilgrim.es\/de\/wp-json\/wp\/v2\/categories?post=91459"},{"taxonomy":"post_tag","embeddable":true,"href":"https:\/\/www.pilgrim.es\/de\/wp-json\/wp\/v2\/tags?post=91459"}],"curies":[{"name":"wp","href":"https:\/\/api.w.org\/{rel}","templated":true}]}}