{"id":91429,"date":"2025-03-17T15:28:51","date_gmt":"2025-03-17T15:28:51","guid":{"rendered":"https:\/\/www.pilgrim.es\/primitiver-weg\/fonsagrada\/"},"modified":"2025-03-17T15:28:51","modified_gmt":"2025-03-17T15:28:51","slug":"fonsagrada","status":"publish","type":"page","link":"https:\/\/www.pilgrim.es\/de\/primitiver-weg\/fonsagrada\/","title":{"rendered":"A Fonsagrada"},"content":{"rendered":" <section id=\"hero\">\n\t<h1>A Fonsagrada<\/h1>\n\t<div class=\"hero-grid\">\n\t\t<div class=\"hero-grid__town-col\" data-background=\"https:\/\/cdn.pilgrim.es\/web\/caminos\/camino-primitivo\/pueblos\/fonsagrada.jpg\">\n\t\t\t<div>\n\t\t\t\t<a class=\"link-to-stage\" href=\"https:\/\/www.pilgrim.es\/camino-primitivo\/etapa-7-grandas-de-salime-fonsagrada\/\">\n\t\t\t\t\t<p>&#8249; Zur\u00fcck zur B\u00fchne<\/p>\n\t\t\t\t<\/a>\n\n\t\t\t\t<div class=\"town-data\">\n\t\t\t\t\t<h2>A Fonsagrada<\/h2>\n\t\t\t\t\t<ul>\n\t\t\t\t\t\t<li>Einwohner: 3.838 aprox.<\/li>\n\t\t\t\t\t\t<li>Bundesland: Lugo<\/li>\n\t\t\t\t\t<\/ul>\n\t\t\t\t<\/div>\n\t\t\t<\/div>\n\t\t<\/div>\n\t\t<div class=\"hero-grid__planner-col\"><div\r\n  class=\"p-col-span-1 p-rounded-lg p-px-5 p-h-full\"\r\n  style=\"background-image: url('https:\/\/cdn.pilgrim.es\/web\/pilgrim-planner\/bg-plugin-planificador.webp')\"\r\n  rel=\"preload\"\r\n  fetchpriority=\"high\"\r\n  >\r\n    <div class=\"p-text-center p-pt-5 p-text-white p-text-2xl p-font-semibold\">\r\n      Plane deinen Weg    <\/div>\r\n    <div\r\n            id='primary-app'\r\n            data-name='banner'\r\n            data-api='https:\/\/pathfinder.pilgrim.es\/api\/pathfinder\/v2'\r\n            data-mode='normal'\r\n            data-lang='de'\r\n            data-route='1'\r\n            data-destiny='https:\/\/planificador.pilgrim.es'\r\n            data-modality='1'\r\n            data-inline=''\r\n        ><\/div><\/div><\/div>\n\t<\/div>\n<\/section>\n\n<section id=\"infoTown\">\n\t<div class=\"sections-town\">\n\n\t\t<div id=\"informationSection\">\n\t\t\t<div>\n\t\t\t\t<h2 class=\"p-h2-town\">Informationen<\/h2>\n\t\t\t\t<hr>\n\t\t\t\t<h3 class=\"p-h3-town\">Get to know A Fonsagrada<\/h3>\n\t\t\t<\/div>\n\t\t\t<p>Die Gemeinde A Fonsagrada verdankt ihren Namen einer Quelle im Dorf namens Fons Sacrata, von der viele Legenden im Zusammenhang mit dem Jakobsweg und dem Apostel erz\u00e4hlt werden.<\/p> <p>A Fonsagrada ist der erste Ort, an dem der Pilger mit der galicischen Gemeinschaft in Ber\u00fchrung kommt. Beachten Sie auch, dass es fast 1.000 Meter \u00fcber dem Meeresspiegel liegt, so dass es im Winter ganz normal ist, dass es schneit.<\/p> <p>A Fonsagrada ist der erste Ort, an dem der Pilger mit der galicischen Gemeinschaft in Kontakt kommt.\n\t\t<\/div>\n\n\t\t<div id=\"locationSection\">\n\t\t\t<div>\n\t\t\t\t<h2 class=\"p-h2-town\">Standort<\/h2>\n\t\t\t\t<hr>\n\t\t\t\t<h3 class=\"p-h3-town\">Wegbeschreibung<\/h3>\n\t\t\t<\/div>\n\t\t\t<p>Um die Gemeinde A Fonsagrada zu erreichen, empfiehlt es sich, die Regionalstra\u00dfe LU-630 zu nehmen, die ganz in der N\u00e4he des Pilgerortes verl\u00e4uft, da sie eine sehr \u00e4hnliche Route wie der Jakobsweg aufweist.\n\n<p>Um mit den \u00f6ffentlichen Verkehrsmitteln dorthin zu gelangen, gibt es einen Bus, der dank des Unternehmens Her-vei t\u00e4glich zwischen Lugo und der Gemeinde verkehrt.\n\t\t\t<div>\n\t\t\t\t<div>\n  <iframe loading=\"lazy\"\n    src=\"https:\/\/www.google.com\/maps\/d\/embed?mid=1erAKPApWgewJFs6ds96w4f7mA669hSc&amp;ehbc=2E312F\"\n    width=\"640\"\n    height=\"480\"\n    alt=\"Mapa A Fonsagrada\"\n  ><\/iframe>\n<\/div>\n\n\t\t\t<\/div>\n\t\t<\/div>\n\n\t\t\n\t\t\t<div id=\"toVisitSection\">\n\t\t\t\t<div>\n\t\t\t\t\t<h2 class=\"p-h2-town\">Geschichte \/ Kultur<\/h2>\n\t\t\t\t\t<hr>\n\t\t\t\t\t<h3 class=\"p-h3-town\">Was es zu sehen gibt<\/h3>\n\t\t\t\t<\/div>\n\t\t\t\t<div>\n\t\t\t\t\t<div class=\"accordion\">\n\t\t\t\t\t\t<div class=\"accordion__menu\">\n\t\t\t\t\t\t\t<nav>\n\t\t\t\t\t\t\t\t\n\t\t\t\t\t\t\t\t\t<button class=\"nav-tab-accordion active\"><span>&#10093;<\/span><span> R\u00edo Eo<\/span><\/button>\n\t\t\t\t\t\t\t\t\n\t\t\t\t\t\t\t\t\t<button class=\"nav-tab-accordion \"><span>&#10093;<\/span><span> Museo Etnogr\u00e1fico A Fonsagrada<\/span><\/button>\n\t\t\t\t\t\t\t\t\n\t\t\t\t\t\t\t\t\t<button class=\"nav-tab-accordion \"><span>&#10093;<\/span><span> Iglesia de Santa Mar\u00eda de Lamas de Moreira<\/span><\/button>\n\t\t\t\t\t\t\t\t\n\t\t\t\t\t\t\t\t\t<button class=\"nav-tab-accordion \"><span>&#10093;<\/span><span> Iglesia de San Pedro<\/span><\/button>\n\t\t\t\t\t\t\t\t\n\t\t\t\t\t\t\t\t\t<button class=\"nav-tab-accordion \"><span>&#10093;<\/span><span> Iglesia de San Andr\u00e9s de Logares<\/span><\/button>\n\t\t\t\t\t\t\t\t\n\t\t\t\t\t\t\t\t\t<button class=\"nav-tab-accordion \"><span>&#10093;<\/span><span> Hospital de Montouto<\/span><\/button>\n\t\t\t\t\t\t\t\t\n\t\t\t\t\t\t\t\t\t<button class=\"nav-tab-accordion \"><span>&#10093;<\/span><span> H\u00f3rreos de Lamas de Moreira<\/span><\/button>\n\t\t\t\t\t\t\t\t\n\t\t\t\t\t\t\t\t\t<button class=\"nav-tab-accordion \"><span>&#10093;<\/span><span> Castillo de la Fortaleza y Torre de Bur\u00f3n<\/span><\/button>\n\t\t\t\t\t\t\t\t\n\t\t\t\t\t\t\t\t\t<button class=\"nav-tab-accordion \"><span>&#10093;<\/span><span> Capilla de San Jos\u00e9<\/span><\/button>\n\t\t\t\t\t\t\t\t\n\t\t\t\t\t\t\t<\/nav>\n\t\t\t\t\t\t<\/div>\n\n\t\t\t\t\t\t\n\t\t\t\t\t\t\t<div class=\"accordion__accordion-content \">\n\t\t\t\t\t\t\t\t<div>\n\t\t\t\t\t\t\t\t\t<div>\n\t\t\t\t\t\t\t\t\t\t<h4>R\u00edo Eo<\/h4>\n\t\t\t\t\t\t\t\t\t\t<p>Vierzehn Gemeinden in den Gemeinschaften Asturiens und Galiciens umfassen die mehr als einhundertf\u00fcnfzigtausend Hektar des Biosph\u00e4renreservats Rio Eo Oscos und Terras de Bur\u00f3n.<\/p> <p>Vierzehn Gemeinden in den Gemeinschaften Asturiens und Galiciens umfassen die mehr als einhundertf\u00fcnfzigtausend Hektar des Biosph\u00e4renreservats Rio Eo Oscos und Terras de Bur\u00f3n.\n\t\t\t\t\t\t\t\t\t<\/div>\n\t\t\t\t\t\t\t\t\t<img decoding=\"async\" src=\"https:\/\/cdn.pilgrim.es\/web\/caminos\/camino-primitivo\/pueblos\/fonsagrada\/puntos-de-interes\/rio-eo.jpg\" alt=\"R\u00edo Eo\">\n\t\t\t\t\t\t\t\t<\/div>\n\t\t\t\t\t\t\t<\/div>\n\t\t\t\t\t\t\n\t\t\t\t\t\t\t<div class=\"accordion__accordion-content inactive\">\n\t\t\t\t\t\t\t\t<div>\n\t\t\t\t\t\t\t\t\t<div>\n\t\t\t\t\t\t\t\t\t\t<h4>Museo Etnogr\u00e1fico A Fonsagrada<\/h4>\n\t\t\t\t\t\t\t\t\t\t<p>Das 1984 von den Bewohnern von A Fonsagrada gegr\u00fcndete Museum ist in ein dreist\u00f6ckiges Geb\u00e4ude unterteilt: Im ersten Stock sind ethnografische Objekte und Gegenst\u00e4nde zu verschiedenen traditionellen Berufen der Region ausgestellt. Im ersten Stock sind Gegenst\u00e4nde aus der Vorgeschichte und der Arch\u00e4ologie ausgestellt, und in der letzten Abteilung werden Castros, Grabh\u00fcgel und r\u00f6mische Minen der Region gezeigt. <\/p>\n\n<p>STUNDEN<\/p>\n\n<p>Vom 15. Juni bis 14. September ist es von Dienstag bis Sonntag von 12:00 bis 14:00 Uhr und von 17:00 bis 19:00 Uhr ge\u00f6ffnet. Vom 15. September bis 14. Juni ist es von Dienstag bis Freitag von 12:00 bis 14:00 Uhr und samstags und sonntags von 12:00 bis 14:00 Uhr und von 17:00 bis 18:00 Uhr ge\u00f6ffnet. Montags geschlossen.\n\n<p>Geb\u00fchren<\/p>\n\n<p>Allgemeiner Eintritt: 1,50 \u20acKinder unter 12 Jahren: freiM\u00f6glichkeit der Voranmeldung f\u00fcr Gruppen.<\/p> <p>Erlaubnisschein: 1,50 \u20ac.\n\n<p>INFORMATIONEN VON INTERESSE<\/p> <p>Preise<\/p> <p>Preise f\u00fcr Gruppen.\n\n<p>E-Mail: museofonsagrada@telefonica.net Telefon: 982 340 507<\/p> <p>E-Mail: museofonsagrada@telefonica.net Telefon: 982 340 507<\/p>\n\t\t\t\t\t\t\t\t\t<\/div>\n\t\t\t\t\t\t\t\t\t<img decoding=\"async\" src=\"https:\/\/cdn.pilgrim.es\/web\/caminos\/camino-primitivo\/pueblos\/fonsagrada\/puntos-de-interes\/museo-etnografico-a-fonsagrada.jpg\" alt=\"Museo Etnogr\u00e1fico A Fonsagrada\">\n\t\t\t\t\t\t\t\t<\/div>\n\t\t\t\t\t\t\t<\/div>\n\t\t\t\t\t\t\n\t\t\t\t\t\t\t<div class=\"accordion__accordion-content inactive\">\n\t\t\t\t\t\t\t\t<div>\n\t\t\t\t\t\t\t\t\t<div>\n\t\t\t\t\t\t\t\t\t\t<h4>Iglesia de Santa Mar\u00eda de Lamas de Moreira<\/h4>\n\t\t\t\t\t\t\t\t\t\t<p>Diese Kirche stammt aus dem 18. Jahrhundert und hat einen Grundriss in Form eines lateinischen Kreuzes und ist mit Schiefer verkleidet. Sie hat einen S\u00e4ulengang, der von einem dreifach geneigten Schieferdach gesch\u00fctzt wird, und einen Glockenturm, der aus zwei Teilen besteht, von denen einer drei bogenf\u00f6rmige \u00d6ffnungen f\u00fcr die Glocken hat, w\u00e4hrend die oberen Teile steinerne Endst\u00fccke haben, die in Kugeln enden. <\/p>\n\n<p>Zu den herausragenden Merkmalen der Kirche geh\u00f6ren die Apsis, die aus dem 12. Jahrhundert stammt und daher im romanischen Stil gehalten ist, drei Altarbilder aus dem 18.\n\n<p>MESSENZEITPLAN<\/p>\n\n<p>Vom 1. September bis 30. Juni Wochentage und Abende um 19:00 Uhr Feiertage um 12:00 UhrVom 1. Juli bis 31. August Wochentage und Abende um 20:00 Uhr Feiertage um 12:00 Uhr und 20:00 Uhr<\/p> <p>Vom 1. September bis 30. Juni Wochentage und Abende um 19:00 Uhr Feiertage um 12:00 Uhr und 20:00 Uhr<\/p> <p>Vom 1. Juli bis 31. August Wochentage und Abende um 20:00 Uhr Feiertage um 12:00 Uhr und 20:00 Uhr<\/p> &lt;p\n\t\t\t\t\t\t\t\t\t<\/div>\n\t\t\t\t\t\t\t\t\t<img decoding=\"async\" src=\"https:\/\/cdn.pilgrim.es\/web\/caminos\/camino-primitivo\/pueblos\/fonsagrada\/puntos-de-interes\/iglesia-de-santa-maria-de-lamas-de-moreira.jpg\" alt=\"Iglesia de Santa Mar\u00eda de Lamas de Moreira\">\n\t\t\t\t\t\t\t\t<\/div>\n\t\t\t\t\t\t\t<\/div>\n\t\t\t\t\t\t\n\t\t\t\t\t\t\t<div class=\"accordion__accordion-content inactive\">\n\t\t\t\t\t\t\t\t<div>\n\t\t\t\t\t\t\t\t\t<div>\n\t\t\t\t\t\t\t\t\t\t<h4>Iglesia de San Pedro<\/h4>\n\t\t\t\t\t\t\t\t\t\t<p>Die Kirche San Pedro de Neiro wurde vor kurzem renoviert und hat einen Grundriss in Form eines lateinischen Kreuzes aus Schiefermauerwerk mit einem Satteldach.<\/p> <p>Die Kirche hat einen Grundriss aus Schiefermauerwerk und ein Satteldach.\n\n<p>Das herausragendste Merkmal der Kirche ist zweifellos der grandiose Eingangsportikus, der drei B\u00f6gen aufweist, von denen der in der Mitte der gr\u00f6\u00dfte ist. Der Glockenturm ist in zwei Teile unterteilt: Der erste Teil endet in einem kleinen Satteldach, das als Dach f\u00fcr die Glocken dient, und der zweite Teil des Glockenturms hat in der Mitte eine bogenf\u00f6rmige \u00d6ffnung und ist mit einem dreieckigen Giebel abgeschlossen.<\/p> <p>Der Glockenturm ist in zwei Teile unterteilt: Der erste Teil endet in einem kleinen Satteldach, das als Dach f\u00fcr die Glocken dient, und der zweite Teil des Glockenturms hat in der Mitte eine bogenf\u00f6rmige \u00d6ffnung und ist mit einem dreieckigen Giebel abgeschlossen.\n\t\t\t\t\t\t\t\t\t<\/div>\n\t\t\t\t\t\t\t\t\t<img decoding=\"async\" src=\"https:\/\/cdn.pilgrim.es\/web\/caminos\/camino-primitivo\/pueblos\/fonsagrada\/puntos-de-interes\/iglesia-de-san-pedro.jpg\" alt=\"Iglesia de San Pedro\">\n\t\t\t\t\t\t\t\t<\/div>\n\t\t\t\t\t\t\t<\/div>\n\t\t\t\t\t\t\n\t\t\t\t\t\t\t<div class=\"accordion__accordion-content inactive\">\n\t\t\t\t\t\t\t\t<div>\n\t\t\t\t\t\t\t\t\t<div>\n\t\t\t\t\t\t\t\t\t\t<h4>Iglesia de San Andr\u00e9s de Logares<\/h4>\n\t\t\t\t\t\t\t\t\t\t<p>Es handelt sich um eine Kirche aus Schiefermauerwerk mit dem Grundriss eines lateinischen Kreuzes. Man betritt die Kirche durch einen quadratischen, gew\u00f6lbten S\u00e4ulengang mit einem dreiseitigen Schieferdach. Das herausragendste Merkmal des Geb\u00e4udes ist der Glockenturm, der ebenfalls aus Mauerwerk und im Barockstil errichtet wurde. Der Glockenturm besteht aus drei Teilen: Der erste Teil hat zwei bogenf\u00f6rmige \u00d6ffnungen f\u00fcr die Glocken, der zweite Teil hat eine kleinere \u00d6ffnung und endet in einem dreieckigen Giebel.\n\t\t\t\t\t\t\t\t\t<\/div>\n\t\t\t\t\t\t\t\t\t<img decoding=\"async\" src=\"https:\/\/cdn.pilgrim.es\/web\/caminos\/camino-primitivo\/pueblos\/fonsagrada\/puntos-de-interes\/iglesia-de-san-andres-de-logares.jpg\" alt=\"Iglesia de San Andr\u00e9s de Logares\">\n\t\t\t\t\t\t\t\t<\/div>\n\t\t\t\t\t\t\t<\/div>\n\t\t\t\t\t\t\n\t\t\t\t\t\t\t<div class=\"accordion__accordion-content inactive\">\n\t\t\t\t\t\t\t\t<div>\n\t\t\t\t\t\t\t\t\t<div>\n\t\t\t\t\t\t\t\t\t\t<h4>Hospital de Montouto<\/h4>\n\t\t\t\t\t\t\t\t\t\t<p>Das Mitte des 14. Jahrhunderts von Peter dem Grausamen errichtete Geb\u00e4ude ist heute eine Ruine, von der nur ein Geb\u00e4ude dank des Wiederaufbaus mit Steinmauerwerk erhalten geblieben ist.<\/p> <p>Das Geb\u00e4ude wurde Mitte des 14. Jahrhunderts von Peter dem Grausamen erbaut.\n\t\t\t\t\t\t\t\t\t<\/div>\n\t\t\t\t\t\t\t\t\t<img decoding=\"async\" src=\"https:\/\/cdn.pilgrim.es\/web\/caminos\/camino-primitivo\/pueblos\/fonsagrada\/puntos-de-interes\/hospital-de-montouto.jpg\" alt=\"Hospital de Montouto\">\n\t\t\t\t\t\t\t\t<\/div>\n\t\t\t\t\t\t\t<\/div>\n\t\t\t\t\t\t\n\t\t\t\t\t\t\t<div class=\"accordion__accordion-content inactive\">\n\t\t\t\t\t\t\t\t<div>\n\t\t\t\t\t\t\t\t\t<div>\n\t\t\t\t\t\t\t\t\t\t<h4>H\u00f3rreos de Lamas de Moreira<\/h4>\n\t\t\t\t\t\t\t\t\t\t<p>Es handelt sich um einen H\u00f3rreo (Getreidespeicher) mit quadratischem Grundriss im asturischen Stil, der mit Ausnahme des Daches, das aus Schiefer besteht, vollst\u00e4ndig aus Holzbohlen gebaut ist. Das Besondere an diesem kleinen Bauwerk sind die &#8222;tornarratos&#8220;, eine Schieferplatte, die zwischen den F\u00fc\u00dfen und der Struktur angebracht ist, um M\u00e4use und andere kleine Tiere fernzuhalten.\n\t\t\t\t\t\t\t\t\t<\/div>\n\t\t\t\t\t\t\t\t\t<img decoding=\"async\" src=\"https:\/\/cdn.pilgrim.es\/web\/caminos\/camino-primitivo\/pueblos\/fonsagrada\/puntos-de-interes\/horreos-de-lamas-de-moreira.jpg\" alt=\"H\u00f3rreos de Lamas de Moreira\">\n\t\t\t\t\t\t\t\t<\/div>\n\t\t\t\t\t\t\t<\/div>\n\t\t\t\t\t\t\n\t\t\t\t\t\t\t<div class=\"accordion__accordion-content inactive\">\n\t\t\t\t\t\t\t\t<div>\n\t\t\t\t\t\t\t\t\t<div>\n\t\t\t\t\t\t\t\t\t\t<h4>Castillo de la Fortaleza y Torre de Bur\u00f3n<\/h4>\n\t\t\t\t\t\t\t\t\t\t<p>Von der ber\u00fchmten Burg in La Puebla de Bur\u00f3n sind nur noch die Reste eines ihrer T\u00fcrme erhalten, da sie Mitte des 20. Jahrhunderts fast vollst\u00e4ndig zerst\u00f6rt wurde. <\/p>\n\t\t\t\t\t\t\t\t\t<\/div>\n\t\t\t\t\t\t\t\t\t<img decoding=\"async\" src=\"https:\/\/cdn.pilgrim.es\/web\/caminos\/camino-primitivo\/pueblos\/fonsagrada\/puntos-de-interes\/castillo-de-la-fortaleza-y-torre-de-buron.jpg\" alt=\"Castillo de la Fortaleza y Torre de Bur\u00f3n\">\n\t\t\t\t\t\t\t\t<\/div>\n\t\t\t\t\t\t\t<\/div>\n\t\t\t\t\t\t\n\t\t\t\t\t\t\t<div class=\"accordion__accordion-content inactive\">\n\t\t\t\t\t\t\t\t<div>\n\t\t\t\t\t\t\t\t\t<div>\n\t\t\t\t\t\t\t\t\t\t<h4>Capilla de San Jos\u00e9<\/h4>\n\t\t\t\t\t\t\t\t\t\t<p>Die Kapelle San Jos\u00e9 de Bur\u00f3n hat einen quadratischen Grundriss, besteht aus Schiefermauerwerk und hat ein Giebeldach aus Schiefer. Sie zeichnet sich durch ihre Fassade aus, aus der der Glockenturm hervorsticht, der in zwei bogenf\u00f6rmigen \u00d6ffnungen endet, von denen die gr\u00f6\u00dfte quadratisch ist. Die andere \u00d6ffnung ist kleiner und besteht aus einem geschwungenen Tympanon. Vom Sockel des Glockenturms gehen zwei geschwungene Abzweigungen aus, die f\u00fcr den Barockstil typisch sind und sich bis zu den Ecken der Kirchenfassade erstrecken.\n\t\t\t\t\t\t\t\t\t<\/div>\n\t\t\t\t\t\t\t\t\t<img decoding=\"async\" src=\"https:\/\/cdn.pilgrim.es\/web\/caminos\/camino-primitivo\/pueblos\/fonsagrada\/puntos-de-interes\/capilla-de-san-jose.jpg\" alt=\"Capilla de San Jos\u00e9\">\n\t\t\t\t\t\t\t\t<\/div>\n\t\t\t\t\t\t\t<\/div>\n\t\t\t\t\t\t\n\t\t\t\t\t<\/div>\n\t\t\t\t<\/div>\n\t\t\t<\/div>\n\t\t\n\n\t\t<div id=\"phonesSection\">\n\t\t\t<div>\n\t\t\t\t<h2 class=\"p-h3-town\">Informationen von Interesse<\/h2>\n\t\t\t<\/div>\n\t\t\t<div class=\"grid\">\n\t\t\t\t\n\t\t\t\t\t<div class=\"phone-number-item\">\n\t\t\t\t\t\t<div class=\"phone-number-item__icon\"><i class=\"icon-police\"><\/i><\/div>\n\t\t\t\t\t\t<div class=\"phone-number-item__title\">\n\t\t\t\t\t\t\t<h3 class=\"p-font-bold\">Ortspolizei<\/h3>\n\t\t\t\t\t\t\t<p>982 340 000<\/p>\n\t\t\t\t\t\t\t\n\t\t\t\t\t\t<\/div>\n\t\t\t\t\t<\/div>\n\t\t\t\t\n\t\t\t\t\t<div class=\"phone-number-item\">\n\t\t\t\t\t\t<div class=\"phone-number-item__icon\"><i class=\"icon-spanish-military-police\"><\/i><\/div>\n\t\t\t\t\t\t<div class=\"phone-number-item__title\">\n\t\t\t\t\t\t\t<h3 class=\"p-font-bold\">Zivilwache<\/h3>\n\t\t\t\t\t\t\t<p>982 340 004<\/p>\n\t\t\t\t\t\t\t\n\t\t\t\t\t\t<\/div>\n\t\t\t\t\t<\/div>\n\t\t\t\t\n\t\t\t\t\t<div class=\"phone-number-item\">\n\t\t\t\t\t\t<div class=\"phone-number-item__icon\"><i class=\"icon-firefighters\"><\/i><\/div>\n\t\t\t\t\t\t<div class=\"phone-number-item__title\">\n\t\t\t\t\t\t\t<h3 class=\"p-font-bold\">Feuerwehr<\/h3>\n\t\t\t\t\t\t\t<p>112<\/p>\n\t\t\t\t\t\t\t\n\t\t\t\t\t\t<\/div>\n\t\t\t\t\t<\/div>\n\t\t\t\t\n\t\t\t\t\t<div class=\"phone-number-item\">\n\t\t\t\t\t\t<div class=\"phone-number-item__icon\"><i class=\"icon-civil-protection\"><\/i><\/div>\n\t\t\t\t\t\t<div class=\"phone-number-item__title\">\n\t\t\t\t\t\t\t<h3 class=\"p-font-bold\">Zivilschutz<\/h3>\n\t\t\t\t\t\t\t<p>628 925 037<\/p>\n\t\t\t\t\t\t\t\n\t\t\t\t\t\t<\/div>\n\t\t\t\t\t<\/div>\n\t\t\t\t\n\t\t\t\t\t<div class=\"phone-number-item\">\n\t\t\t\t\t\t<div class=\"phone-number-item__icon\"><i class=\"icon-town-council\"><\/i><\/div>\n\t\t\t\t\t\t<div class=\"phone-number-item__title\">\n\t\t\t\t\t\t\t<h3 class=\"p-font-bold\">Rathaus<\/h3>\n\t\t\t\t\t\t\t<p>982 340 000<\/p>\n\t\t\t\t\t\t\t\n\t\t\t\t\t\t<\/div>\n\t\t\t\t\t<\/div>\n\t\t\t\t\n\t\t\t\t\t<div class=\"phone-number-item\">\n\t\t\t\t\t\t<div class=\"phone-number-item__icon\"><i class=\"icon-hospital\"><\/i><\/div>\n\t\t\t\t\t\t<div class=\"phone-number-item__title\">\n\t\t\t\t\t\t\t<h3 class=\"p-font-bold\">Gesundheitszentrum<\/h3>\n\t\t\t\t\t\t\t<p>982 350 100<\/p>\n\t\t\t\t\t\t\t\n\t\t\t\t\t\t<\/div>\n\t\t\t\t\t<\/div>\n\t\t\t\t\n\t\t\t\t\t<div class=\"phone-number-item\">\n\t\t\t\t\t\t<div class=\"phone-number-item__icon\"><i class=\"icon-tourism\"><\/i><\/div>\n\t\t\t\t\t\t<div class=\"phone-number-item__title\">\n\t\t\t\t\t\t\t<h3 class=\"p-font-bold\">Fremdenverkehrsamt<\/h3>\n\t\t\t\t\t\t\t<p>982 340 504<\/p>\n\t\t\t\t\t\t\t\n\t\t\t\t\t\t\t\t<p>C\/ Rosal\u00eda de Castro, s\/n<\/p>\n\t\t\t\t\t\t\t\n\t\t\t\t\t\t<\/div>\n\t\t\t\t\t<\/div>\n\t\t\t\t\n\t\t\t<\/div>\n\t\t<\/div>\n\n\t\t<div id=\"clientForm\">\n        <section>\n        <img decoding=\"async\" src=\"https:\/\/cdn.pilgrim.es\/web\/home\/email-contacto.png\" alt=\"contacto\">\n        <div>\n            <p>Wir senden dir deine Planung<\/p>\n            <p>Gib uns deine Daten an und erhalte die Planung deiner Reise per E-Mail <\/p>\n            <form method=\"post\" data-url=\"\/wp-admin\/admin-ajax.php\" id=\"planner--client\" class=\"flag-right form-client\">\n    <div class=\"form-data\">\n        <input name=\"form_id\" type=\"hidden\" value=\"Formulario Leads\">\n        <input name=\"type\" type=\"hidden\" value=\"planner_client\">\n        <input type=\"text\" name=\"nombre\" value=\"\" size=\"40\" class=\"form-control\" aria-required=\"true\" aria-invalid=\"false\" placeholder=\"Name\">\n        <input type=\"email\" name=\"email\" value=\"\" size=\"40\" class=\"form-control\" aria-required=\"true\" aria-invalid=\"false\" placeholder=\"E- Mail\">\n        <input type=\"text\" id=\"phone-input\" name=\"tel\" value=\"\" size=\"40\" class=\"phone-input form-control\" aria-required=\"true\" aria-invalid=\"false\" placeholder=\"Telefon\">\n        <input type=\"hidden\" name=\"telefono\">\n    <\/div>\n    <div class=\"form-checkbox\">\n        <span>\n            Pilgrim Travel, S.L. teilt gem\u00e4\u00df Regulierung 2016\/679 mit, dass die in diesem Formular verwendeten Daten sowohl f\u00fcr die Beantwortung der m\u00f6glichen Anfragen als auch f\u00fcr die Ver\u00f6ffentlichung der Kommentare verwendet werden, mit der Zustimmung des Nutzers. Sie k\u00f6nnen Ihre Rechte in \u00dcbereinstimmung mit unserer Datenschutzbestimmungen aus\u00fcben             <a href=\"https:\/\/www.pilgrim.es\/politica-de-privacidad\/\" target=\"_blank\" rel=\"noopener noreferrer nofollow\">Datenschutzerkl\u00e4rung.<\/a>\n        <\/span>\n    <\/div>\n\n    <div class=\"form-submit\">\n        <button id=\"planner--client-create\" type=\"submit\">Anfrage senden<\/button>\n        <div class=\"loadingDiv\"><i class=\"p-spinner\"><\/i><\/div>\n    <\/div>\n\n    <div class=\"contact-content-form-success\">\n        <p><i class=\"fas fa-check\"><\/i> Das Formular hat sich erfolgreich gesendet.<\/p>\n    <\/div>\n\n    <div class=\"contact-content-form-error\">\n        <span class=\"input-error\"><\/span>\n    <\/div>\n<\/form>        <\/div>\n    <\/section>\n<\/div>\n\n\t\t<div id=\"recomendationSection\">\n\t\t\t<div>\n\t\t\t\t<h2 class=\"p-h2-town\">Empfohlen<\/h2>\n\t\t\t\t<hr>\n\t\t\t\t<h3 class=\"p-h3-town\">Gastronomie<\/h3>\n\t\t\t<\/div>\n\t\t\tIn der Gastronomie der Fonsagrada ist das Wild hervorragend, vor allem Wildschwein, Reh und Rebhuhn, aber auch Botillo, galicisches Kalbfleisch, keltisches Schweinefleisch, Forellen, Pilze und Tintenfisch sind sehr beliebt.\n\nDie herausragendsten Desserts sind Kastanien, Berghonig, der Kuchen A Fonsagrada und der Krapfen Campelo.\n\t\t<\/div>\n\n\n\t\t\n\t\t\t<div id=\"holidaysSection\">\n\t\t\t\t<div>\n\t\t\t\t\t<h2 class=\"p-h2-town\">Empfohlen<\/h2>\n\t\t\t\t\t<hr>\n\t\t\t\t\t<h3 class=\"p-h3-town\">Feste und Pilgerfahrten<\/h3>\n\t\t\t\t<\/div>\n\t\t\t\t<div class=\"grid holidays-grid\">\n\t\t\t\t\t\n\t\t\t\t\t\t<div>\n\t\t\t\t\t\t\t<div class=\"phone-number-item\">\n\t\t\t\t\t\t\t\t<div class=\"phone-number-item__icon\"><i class=\"icon-holiday\"><\/i><\/div>\n\t\t\t\t\t\t\t\t<div class=\"phone-number-item__title dark-text\">\n\t\t\t\t\t\t\t\t\t<p class=\"p-font-bold\">Lokaler Urlaub<\/p>\n\t\t\t\t\t\t\t\t\t<p>26 de diciembre: La foliada<\/p>\n\t\t\t\t\t\t\t\t<\/div>\n\t\t\t\t\t\t\t<\/div>\n\t\t\t\t\t\t<\/div>\n\t\t\t\t\t\n\t\t\t\t\t\t<div>\n\t\t\t\t\t\t\t<div class=\"phone-number-item\">\n\t\t\t\t\t\t\t\t<div class=\"phone-number-item__icon\"><i class=\"icon-holiday\"><\/i><\/div>\n\t\t\t\t\t\t\t\t<div class=\"phone-number-item__title dark-text\">\n\t\t\t\t\t\t\t\t\t<p class=\"p-font-bold\">Lokaler Urlaub<\/p>\n\t\t\t\t\t\t\t\t\t<p>25 de julio: D\u00eda del Ap\u00f3stol<\/p>\n\t\t\t\t\t\t\t\t<\/div>\n\t\t\t\t\t\t\t<\/div>\n\t\t\t\t\t\t<\/div>\n\t\t\t\t\t\n\t\t\t\t\t\t<div>\n\t\t\t\t\t\t\t<div class=\"phone-number-item\">\n\t\t\t\t\t\t\t\t<div class=\"phone-number-item__icon\"><i class=\"icon-holiday\"><\/i><\/div>\n\t\t\t\t\t\t\t\t<div class=\"phone-number-item__title dark-text\">\n\t\t\t\t\t\t\t\t\t<p class=\"p-font-bold\">Lokaler Urlaub<\/p>\n\t\t\t\t\t\t\t\t\t<p>30 y 31 de enero: Feria del botillo<\/p>\n\t\t\t\t\t\t\t\t<\/div>\n\t\t\t\t\t\t\t<\/div>\n\t\t\t\t\t\t<\/div>\n\t\t\t\t\t\n\t\t\t\t\t\t<div>\n\t\t\t\t\t\t\t<div class=\"phone-number-item\">\n\t\t\t\t\t\t\t\t<div class=\"phone-number-item__icon\"><i class=\"icon-holiday\"><\/i><\/div>\n\t\t\t\t\t\t\t\t<div class=\"phone-number-item__title dark-text\">\n\t\t\t\t\t\t\t\t\t<p class=\"p-font-bold\">Lokaler Urlaub<\/p>\n\t\t\t\t\t\t\t\t\t<p>5 al 13 de septiembre: Fiesta de Santa Mar\u00eda<\/p>\n\t\t\t\t\t\t\t\t<\/div>\n\t\t\t\t\t\t\t<\/div>\n\t\t\t\t\t\t<\/div>\n\t\t\t\t\t\n\t\t\t\t\t\t<div>\n\t\t\t\t\t\t\t<div class=\"phone-number-item\">\n\t\t\t\t\t\t\t\t<div class=\"phone-number-item__icon\"><i class=\"icon-holiday\"><\/i><\/div>\n\t\t\t\t\t\t\t\t<div class=\"phone-number-item__title dark-text\">\n\t\t\t\t\t\t\t\t\t<p class=\"p-font-bold\">Lokaler Urlaub<\/p>\n\t\t\t\t\t\t\t\t\t<p>Febrero: Carnaval<\/p>\n\t\t\t\t\t\t\t\t<\/div>\n\t\t\t\t\t\t\t<\/div>\n\t\t\t\t\t\t<\/div>\n\t\t\t\t\t\n\t\t\t\t\t\t<div>\n\t\t\t\t\t\t\t<div class=\"phone-number-item\">\n\t\t\t\t\t\t\t\t<div class=\"phone-number-item__icon\"><i class=\"icon-holiday\"><\/i><\/div>\n\t\t\t\t\t\t\t\t<div class=\"phone-number-item__title dark-text\">\n\t\t\t\t\t\t\t\t\t<p class=\"p-font-bold\">Lokaler Urlaub<\/p>\n\t\t\t\t\t\t\t\t\t<p>La primera quincena de agosto: Feria del Emigrante<\/p>\n\t\t\t\t\t\t\t\t<\/div>\n\t\t\t\t\t\t\t<\/div>\n\t\t\t\t\t\t<\/div>\n\t\t\t\t\t\n\t\t\t\t<\/div>\n\t\t\t<\/div>\n\t\t\n\t<\/div>\n<\/section>\n\n<div id=\"stage_list_section\"><div class=\"stage-list\">\n    <div class='stage-list__map-card'>\n        <div class='stage-list__map-card__map'>\n            <div class='stage-list__map-card__map__text'>\n                <h2> Pages <\/h2>\n                <p> Zu Fu\u00df<\/p>\n                <p> 0etappen<\/p>\n            <\/div>\n            <div class='stage-list__map-card__map__img'>\n                <img decoding=\"async\" src=\"\" alt=\" mapa \" \/>\n            <\/div>\n        <\/div>\n    <\/div>\n\n    <\/div>\n<\/div> ","protected":false},"excerpt":{"rendered":"<p>A Fonsagrada &#8249; Zur\u00fcck zur B\u00fchne A Fonsagrada Einwohner: 3.838 aprox. Bundesland: Lugo Informationen Get to know A Fonsagrada Die Gemeinde A Fonsagrada verdankt ihren Namen einer Quelle im Dorf namens Fons Sacrata, von der viele Legenden im Zusammenhang mit dem Jakobsweg und dem Apostel erz\u00e4hlt werden. A Fonsagrada ist der erste Ort, an dem &hellip; <\/p>\n<p class=\"read_more\"><a href=\"https:\/\/www.pilgrim.es\/de\/primitiver-weg\/fonsagrada\/\">Leer m\u00e1s<\/a><\/p>\n","protected":false},"author":0,"featured_media":8799,"parent":10635,"menu_order":0,"comment_status":"closed","ping_status":"closed","template":"views\/template-new-web-design.blade.php","meta":{"footnotes":""},"categories":[],"tags":[],"class_list":["post-91429","page","type-page","status-publish","has-post-thumbnail","hentry"],"yoast_head":"<!-- This site is optimized with the Yoast SEO plugin v27.4 - https:\/\/yoast.com\/product\/yoast-seo-wordpress\/ -->\n<title>A Fonsagrada: Was sehen und wo \u00fcbernachten | Jakobsweg | Pilgrim<\/title>\n<meta name=\"description\" content=\"A Fonsagrada Entdecken Sie alle Informationen \u00fcber Unterk\u00fcnfte, Anreise, Gastronomie und die wichtigsten Sehensw\u00fcrdigkeiten der Orte am Primitivo\" \/>\n<meta name=\"robots\" content=\"index, follow, max-snippet:-1, max-image-preview:large, max-video-preview:-1\" \/>\n<link rel=\"canonical\" href=\"https:\/\/www.pilgrim.es\/de\/primitiver-weg\/fonsagrada\/\" \/>\n<meta property=\"og:locale\" content=\"de_DE\" \/>\n<meta property=\"og:type\" content=\"article\" \/>\n<meta property=\"og:title\" content=\"A Fonsagrada: Was sehen und wo \u00fcbernachten | Jakobsweg | Pilgrim\" \/>\n<meta property=\"og:description\" content=\"A Fonsagrada Entdecken Sie alle Informationen \u00fcber Unterk\u00fcnfte, Anreise, Gastronomie und die wichtigsten Sehensw\u00fcrdigkeiten der Orte am Primitivo\" \/>\n<meta property=\"og:url\" content=\"https:\/\/www.pilgrim.es\/de\/primitiver-weg\/fonsagrada\/\" \/>\n<meta property=\"og:site_name\" content=\"Pilgrim\" \/>\n<meta property=\"article:publisher\" content=\"https:\/\/www.facebook.com\/pilgrim.es\/\" \/>\n<meta property=\"og:image\" content=\"https:\/\/www.pilgrim.es\/wp-content\/uploads\/2019\/02\/tg_carrusel_cabecera_grande-4.jpg\" \/>\n\t<meta property=\"og:image:width\" content=\"1056\" \/>\n\t<meta property=\"og:image:height\" content=\"782\" \/>\n\t<meta property=\"og:image:type\" content=\"image\/jpeg\" \/>\n<meta name=\"twitter:card\" content=\"summary_large_image\" \/>\n<meta name=\"twitter:site\" content=\"@pilgrim_es\" \/>\n<meta name=\"twitter:label1\" content=\"Gesch\u00e4tzte Lesezeit\" \/>\n\t<meta name=\"twitter:data1\" content=\"6\u00a0Minuten\" \/>\n<script type=\"application\/ld+json\" class=\"yoast-schema-graph\">{\"@context\":\"https:\\\/\\\/schema.org\",\"@graph\":[{\"@type\":\"WebPage\",\"@id\":\"https:\\\/\\\/www.pilgrim.es\\\/de\\\/primitiver-weg\\\/fonsagrada\\\/\",\"url\":\"https:\\\/\\\/www.pilgrim.es\\\/de\\\/primitiver-weg\\\/fonsagrada\\\/\",\"name\":\"A Fonsagrada: Was sehen und wo \u00fcbernachten | Jakobsweg | Pilgrim\",\"isPartOf\":{\"@id\":\"https:\\\/\\\/www.pilgrim.es\\\/de\\\/#website\"},\"primaryImageOfPage\":{\"@id\":\"https:\\\/\\\/www.pilgrim.es\\\/de\\\/primitiver-weg\\\/fonsagrada\\\/#primaryimage\"},\"image\":{\"@id\":\"https:\\\/\\\/www.pilgrim.es\\\/de\\\/primitiver-weg\\\/fonsagrada\\\/#primaryimage\"},\"thumbnailUrl\":\"https:\\\/\\\/www.pilgrim.es\\\/wp-content\\\/uploads\\\/2019\\\/02\\\/tg_carrusel_cabecera_grande-4.jpg\",\"datePublished\":\"2025-03-17T15:28:51+00:00\",\"description\":\"A Fonsagrada Entdecken Sie alle Informationen \u00fcber Unterk\u00fcnfte, Anreise, Gastronomie und die wichtigsten Sehensw\u00fcrdigkeiten der Orte am Primitivo\",\"breadcrumb\":{\"@id\":\"https:\\\/\\\/www.pilgrim.es\\\/de\\\/primitiver-weg\\\/fonsagrada\\\/#breadcrumb\"},\"inLanguage\":\"de\",\"potentialAction\":[{\"@type\":\"ReadAction\",\"target\":[\"https:\\\/\\\/www.pilgrim.es\\\/de\\\/primitiver-weg\\\/fonsagrada\\\/\"]}]},{\"@type\":\"ImageObject\",\"inLanguage\":\"de\",\"@id\":\"https:\\\/\\\/www.pilgrim.es\\\/de\\\/primitiver-weg\\\/fonsagrada\\\/#primaryimage\",\"url\":\"https:\\\/\\\/www.pilgrim.es\\\/wp-content\\\/uploads\\\/2019\\\/02\\\/tg_carrusel_cabecera_grande-4.jpg\",\"contentUrl\":\"https:\\\/\\\/www.pilgrim.es\\\/wp-content\\\/uploads\\\/2019\\\/02\\\/tg_carrusel_cabecera_grande-4.jpg\",\"width\":1056,\"height\":782,\"caption\":\"A Fonsagrada\"},{\"@type\":\"BreadcrumbList\",\"@id\":\"https:\\\/\\\/www.pilgrim.es\\\/de\\\/primitiver-weg\\\/fonsagrada\\\/#breadcrumb\",\"itemListElement\":[{\"@type\":\"ListItem\",\"position\":1,\"name\":\"Camino de Santiago\",\"item\":\"https:\\\/\\\/www.pilgrim.es\\\/de\\\/\"},{\"@type\":\"ListItem\",\"position\":2,\"name\":\"Der Primitive Weg (Urweg)\",\"item\":\"https:\\\/\\\/www.pilgrim.es\\\/de\\\/primitiver-weg\\\/\"},{\"@type\":\"ListItem\",\"position\":3,\"name\":\"A Fonsagrada\"}]},{\"@type\":\"WebSite\",\"@id\":\"https:\\\/\\\/www.pilgrim.es\\\/de\\\/#website\",\"url\":\"https:\\\/\\\/www.pilgrim.es\\\/de\\\/\",\"name\":\"Pilgrim\",\"description\":\"Camino de Santiago | Caminamos Contigo\",\"publisher\":{\"@id\":\"https:\\\/\\\/www.pilgrim.es\\\/de\\\/#organization\"},\"potentialAction\":[{\"@type\":\"SearchAction\",\"target\":{\"@type\":\"EntryPoint\",\"urlTemplate\":\"https:\\\/\\\/www.pilgrim.es\\\/de\\\/?s={search_term_string}\"},\"query-input\":{\"@type\":\"PropertyValueSpecification\",\"valueRequired\":true,\"valueName\":\"search_term_string\"}}],\"inLanguage\":\"de\"},{\"@type\":\"Organization\",\"@id\":\"https:\\\/\\\/www.pilgrim.es\\\/de\\\/#organization\",\"name\":\"Pilgrim Camino de Santiago\",\"url\":\"https:\\\/\\\/www.pilgrim.es\\\/de\\\/\",\"logo\":{\"@type\":\"ImageObject\",\"inLanguage\":\"de\",\"@id\":\"https:\\\/\\\/www.pilgrim.es\\\/de\\\/#\\\/schema\\\/logo\\\/image\\\/\",\"url\":\"https:\\\/\\\/www.pilgrim.es\\\/wp-content\\\/uploads\\\/2019\\\/04\\\/logo_pilgrim.png\",\"contentUrl\":\"https:\\\/\\\/www.pilgrim.es\\\/wp-content\\\/uploads\\\/2019\\\/04\\\/logo_pilgrim.png\",\"width\":512,\"height\":512,\"caption\":\"Pilgrim Camino de Santiago\"},\"image\":{\"@id\":\"https:\\\/\\\/www.pilgrim.es\\\/de\\\/#\\\/schema\\\/logo\\\/image\\\/\"},\"sameAs\":[\"https:\\\/\\\/www.facebook.com\\\/pilgrim.es\\\/\",\"https:\\\/\\\/x.com\\\/pilgrim_es\",\"https:\\\/\\\/www.instagram.com\\\/pilgrim.es\\\/\",\"https:\\\/\\\/www.linkedin.com\\\/company\\\/pilgrim-camino-de-santiago\\\/\",\"https:\\\/\\\/www.pinterest.es\\\/pilgrimcaminodesantiago\\\/\",\"https:\\\/\\\/www.youtube.com\\\/channel\\\/UCIv2ZzFLXVqthkNF32rKedw\\\/featured\"]}]}<\/script>\n<!-- \/ Yoast SEO plugin. -->","yoast_head_json":{"title":"A Fonsagrada: Was sehen und wo \u00fcbernachten | Jakobsweg | Pilgrim","description":"A Fonsagrada Entdecken Sie alle Informationen \u00fcber Unterk\u00fcnfte, Anreise, Gastronomie und die wichtigsten Sehensw\u00fcrdigkeiten der Orte am Primitivo","robots":{"index":"index","follow":"follow","max-snippet":"max-snippet:-1","max-image-preview":"max-image-preview:large","max-video-preview":"max-video-preview:-1"},"canonical":"https:\/\/www.pilgrim.es\/de\/primitiver-weg\/fonsagrada\/","og_locale":"de_DE","og_type":"article","og_title":"A Fonsagrada: Was sehen und wo \u00fcbernachten | Jakobsweg | Pilgrim","og_description":"A Fonsagrada Entdecken Sie alle Informationen \u00fcber Unterk\u00fcnfte, Anreise, Gastronomie und die wichtigsten Sehensw\u00fcrdigkeiten der Orte am Primitivo","og_url":"https:\/\/www.pilgrim.es\/de\/primitiver-weg\/fonsagrada\/","og_site_name":"Pilgrim","article_publisher":"https:\/\/www.facebook.com\/pilgrim.es\/","og_image":[{"width":1056,"height":782,"url":"https:\/\/www.pilgrim.es\/wp-content\/uploads\/2019\/02\/tg_carrusel_cabecera_grande-4.jpg","type":"image\/jpeg"}],"twitter_card":"summary_large_image","twitter_site":"@pilgrim_es","twitter_misc":{"Gesch\u00e4tzte Lesezeit":"6\u00a0Minuten"},"schema":{"@context":"https:\/\/schema.org","@graph":[{"@type":"WebPage","@id":"https:\/\/www.pilgrim.es\/de\/primitiver-weg\/fonsagrada\/","url":"https:\/\/www.pilgrim.es\/de\/primitiver-weg\/fonsagrada\/","name":"A Fonsagrada: Was sehen und wo \u00fcbernachten | Jakobsweg | Pilgrim","isPartOf":{"@id":"https:\/\/www.pilgrim.es\/de\/#website"},"primaryImageOfPage":{"@id":"https:\/\/www.pilgrim.es\/de\/primitiver-weg\/fonsagrada\/#primaryimage"},"image":{"@id":"https:\/\/www.pilgrim.es\/de\/primitiver-weg\/fonsagrada\/#primaryimage"},"thumbnailUrl":"https:\/\/www.pilgrim.es\/wp-content\/uploads\/2019\/02\/tg_carrusel_cabecera_grande-4.jpg","datePublished":"2025-03-17T15:28:51+00:00","description":"A Fonsagrada Entdecken Sie alle Informationen \u00fcber Unterk\u00fcnfte, Anreise, Gastronomie und die wichtigsten Sehensw\u00fcrdigkeiten der Orte am Primitivo","breadcrumb":{"@id":"https:\/\/www.pilgrim.es\/de\/primitiver-weg\/fonsagrada\/#breadcrumb"},"inLanguage":"de","potentialAction":[{"@type":"ReadAction","target":["https:\/\/www.pilgrim.es\/de\/primitiver-weg\/fonsagrada\/"]}]},{"@type":"ImageObject","inLanguage":"de","@id":"https:\/\/www.pilgrim.es\/de\/primitiver-weg\/fonsagrada\/#primaryimage","url":"https:\/\/www.pilgrim.es\/wp-content\/uploads\/2019\/02\/tg_carrusel_cabecera_grande-4.jpg","contentUrl":"https:\/\/www.pilgrim.es\/wp-content\/uploads\/2019\/02\/tg_carrusel_cabecera_grande-4.jpg","width":1056,"height":782,"caption":"A Fonsagrada"},{"@type":"BreadcrumbList","@id":"https:\/\/www.pilgrim.es\/de\/primitiver-weg\/fonsagrada\/#breadcrumb","itemListElement":[{"@type":"ListItem","position":1,"name":"Camino de Santiago","item":"https:\/\/www.pilgrim.es\/de\/"},{"@type":"ListItem","position":2,"name":"Der Primitive Weg (Urweg)","item":"https:\/\/www.pilgrim.es\/de\/primitiver-weg\/"},{"@type":"ListItem","position":3,"name":"A Fonsagrada"}]},{"@type":"WebSite","@id":"https:\/\/www.pilgrim.es\/de\/#website","url":"https:\/\/www.pilgrim.es\/de\/","name":"Pilgrim","description":"Camino de Santiago | Caminamos Contigo","publisher":{"@id":"https:\/\/www.pilgrim.es\/de\/#organization"},"potentialAction":[{"@type":"SearchAction","target":{"@type":"EntryPoint","urlTemplate":"https:\/\/www.pilgrim.es\/de\/?s={search_term_string}"},"query-input":{"@type":"PropertyValueSpecification","valueRequired":true,"valueName":"search_term_string"}}],"inLanguage":"de"},{"@type":"Organization","@id":"https:\/\/www.pilgrim.es\/de\/#organization","name":"Pilgrim Camino de Santiago","url":"https:\/\/www.pilgrim.es\/de\/","logo":{"@type":"ImageObject","inLanguage":"de","@id":"https:\/\/www.pilgrim.es\/de\/#\/schema\/logo\/image\/","url":"https:\/\/www.pilgrim.es\/wp-content\/uploads\/2019\/04\/logo_pilgrim.png","contentUrl":"https:\/\/www.pilgrim.es\/wp-content\/uploads\/2019\/04\/logo_pilgrim.png","width":512,"height":512,"caption":"Pilgrim Camino de Santiago"},"image":{"@id":"https:\/\/www.pilgrim.es\/de\/#\/schema\/logo\/image\/"},"sameAs":["https:\/\/www.facebook.com\/pilgrim.es\/","https:\/\/x.com\/pilgrim_es","https:\/\/www.instagram.com\/pilgrim.es\/","https:\/\/www.linkedin.com\/company\/pilgrim-camino-de-santiago\/","https:\/\/www.pinterest.es\/pilgrimcaminodesantiago\/","https:\/\/www.youtube.com\/channel\/UCIv2ZzFLXVqthkNF32rKedw\/featured"]}]}},"_links":{"self":[{"href":"https:\/\/www.pilgrim.es\/de\/wp-json\/wp\/v2\/pages\/91429","targetHints":{"allow":["GET"]}}],"collection":[{"href":"https:\/\/www.pilgrim.es\/de\/wp-json\/wp\/v2\/pages"}],"about":[{"href":"https:\/\/www.pilgrim.es\/de\/wp-json\/wp\/v2\/types\/page"}],"replies":[{"embeddable":true,"href":"https:\/\/www.pilgrim.es\/de\/wp-json\/wp\/v2\/comments?post=91429"}],"version-history":[{"count":0,"href":"https:\/\/www.pilgrim.es\/de\/wp-json\/wp\/v2\/pages\/91429\/revisions"}],"up":[{"embeddable":true,"href":"https:\/\/www.pilgrim.es\/de\/wp-json\/wp\/v2\/pages\/10635"}],"wp:featuredmedia":[{"embeddable":true,"href":"https:\/\/www.pilgrim.es\/de\/wp-json\/wp\/v2\/media\/8799"}],"wp:attachment":[{"href":"https:\/\/www.pilgrim.es\/de\/wp-json\/wp\/v2\/media?parent=91429"}],"wp:term":[{"taxonomy":"category","embeddable":true,"href":"https:\/\/www.pilgrim.es\/de\/wp-json\/wp\/v2\/categories?post=91429"},{"taxonomy":"post_tag","embeddable":true,"href":"https:\/\/www.pilgrim.es\/de\/wp-json\/wp\/v2\/tags?post=91429"}],"curies":[{"name":"wp","href":"https:\/\/api.w.org\/{rel}","templated":true}]}}