{"id":91403,"date":"2025-03-17T15:24:34","date_gmt":"2025-03-17T15:24:34","guid":{"rendered":"https:\/\/www.pilgrim.es\/primitiver-weg\/oviedo\/"},"modified":"2025-03-17T15:24:34","modified_gmt":"2025-03-17T15:24:34","slug":"oviedo","status":"publish","type":"page","link":"https:\/\/www.pilgrim.es\/de\/primitiver-weg\/oviedo\/","title":{"rendered":"Oviedo"},"content":{"rendered":" <section id=\"hero\">\n\t<h1>Oviedo<\/h1>\n\t<div class=\"hero-grid\">\n\t\t<div class=\"hero-grid__town-col\" data-background=\"https:\/\/cdn.pilgrim.es\/web\/caminos\/camino-primitivo\/pueblos\/oviedo.jpg\">\n\t\t\t<div>\n\t\t\t\t<a class=\"link-to-stage\" href=\"https:\/\/www.pilgrim.es\/camino-primitivo\/etapa-1-oviedo-gradosan-juan-de-villapanada\/\">\n\t\t\t\t\t<p>&#8249; Zur\u00fcck zur B\u00fchne<\/p>\n\t\t\t\t<\/a>\n\n\t\t\t\t<div class=\"town-data\">\n\t\t\t\t\t<h2>Oviedo<\/h2>\n\t\t\t\t\t<ul>\n\t\t\t\t\t\t<li>Einwohner: 223.765 aprox.<\/li>\n\t\t\t\t\t\t<li>Bundesland: Asturias<\/li>\n\t\t\t\t\t<\/ul>\n\t\t\t\t<\/div>\n\t\t\t<\/div>\n\t\t<\/div>\n\t\t<div class=\"hero-grid__planner-col\"><div\r\n  class=\"p-col-span-1 p-rounded-lg p-px-5 p-h-full\"\r\n  style=\"background-image: url('https:\/\/cdn.pilgrim.es\/web\/pilgrim-planner\/bg-plugin-planificador.webp')\"\r\n  rel=\"preload\"\r\n  fetchpriority=\"high\"\r\n  >\r\n    <div class=\"p-text-center p-pt-5 p-text-white p-text-2xl p-font-semibold\">\r\n      Plane deinen Weg    <\/div>\r\n    <div\r\n            id='primary-app'\r\n            data-name='banner'\r\n            data-api='https:\/\/pathfinder.pilgrim.es\/api\/pathfinder\/v2'\r\n            data-mode='normal'\r\n            data-lang='de'\r\n            data-route='1'\r\n            data-destiny='https:\/\/planificador.pilgrim.es'\r\n            data-modality='1'\r\n            data-inline=''\r\n        ><\/div><\/div><\/div>\n\t<\/div>\n<\/section>\n\n<section id=\"infoTown\">\n\t<div class=\"sections-town\">\n\n\t\t<div id=\"informationSection\">\n\t\t\t<div>\n\t\t\t\t<h2 class=\"p-h2-town\">Informationen<\/h2>\n\t\t\t\t<hr>\n\t\t\t\t<h3 class=\"p-h3-town\">Get to know Oviedo<\/h3>\n\t\t\t<\/div>\n\t\t\t<p>Die Stadt Oviedo ist die Hauptstadt des F\u00fcrstentums Asturien und das zweitgr\u00f6\u00dfte Bev\u00f6lkerungszentrum der gesamten Gemeinschaft.<\/p> <p>In dieser Stadt beginnt der Primitive Weg, ein jakobinischer Weg, der als der erste gilt, auf dem die Pilgerfahrt nach Santiago de Compostela begann. Er wurde so wichtig, dass viele Pilger aus Le\u00f3n einen Abstecher nach Oviedo machten, um auf diesem Weg nach Melide weiterzugehen, wo sich der Urweg mit dem Franz\u00f6sischen Weg vereint.\n\t\t<\/div>\n\n\t\t<div id=\"locationSection\">\n\t\t\t<div>\n\t\t\t\t<h2 class=\"p-h2-town\">Standort<\/h2>\n\t\t\t\t<hr>\n\t\t\t\t<h3 class=\"p-h3-town\">Wegbeschreibung<\/h3>\n\t\t\t<\/div>\n\t\t\t<p>Oviedo ist sehr gut mit den wichtigsten spanischen St\u00e4dten verbunden. Es verf\u00fcgt \u00fcber mehrere wichtige Autobahnen wie die A-63, die Oviedo mit La Espina verbindet, die A-64 mit Villaviciosa, die A-66, die Gij\u00f3n mit Sevilla verbindet, und die AS-II, die Gij\u00f3n mit Oviedo verbindet. Die Stadt wird auch durch nationale und regionale Stra\u00dfen wie die N-630, N-634, AS-232, AS-242 und AS-266 erschlossen, die alle mit den umliegenden Gebieten von Oviedo verbunden sind.\n\n<p>Au\u00dferdem verf\u00fcgt die Stadt \u00fcber drei Bahnh\u00f6fe und ein ausgedehntes Netz von Eisenbahnlinien, die die Stadt mit dem gesamten Norden der Halbinsel, mit Madrid, Barcelona, Alicante, Le\u00f3n, Ferrol, Santander, usw. verbinden. Es ist auch m\u00f6glich, die Stadt mit dem Bus zu erreichen, mit verschiedenen Unternehmen wie Alsa, Alcot\u00e1n, EASA, Hortal, Llanera, etc. Diese bieten eine gro\u00dfe Anzahl von Linien an, die die Stadt mit den meisten spanischen St\u00e4dten und mit vielen ausl\u00e4ndischen St\u00e4dten wie Belgien, Frankreich, Gro\u00dfbritannien und der Schweiz verbinden.\n\t\t\t<div>\n\t\t\t\t<div>\n  <iframe loading=\"lazy\"\n    src=\"https:\/\/www.google.com\/maps\/d\/embed?mid=1ScwUQ0gmeWfOTxC3XyzYW23jLFeCbQw&amp;ehbc=2E312F\"\n    width=\"640\"\n    height=\"480\"\n    alt=\"Mapa Oviedo\"\n  ><\/iframe>\n<\/div>\n\n\t\t\t<\/div>\n\t\t<\/div>\n\n\t\t\n\t\t\t<div id=\"toVisitSection\">\n\t\t\t\t<div>\n\t\t\t\t\t<h2 class=\"p-h2-town\">Geschichte \/ Kultur<\/h2>\n\t\t\t\t\t<hr>\n\t\t\t\t\t<h3 class=\"p-h3-town\">Was es zu sehen gibt<\/h3>\n\t\t\t\t<\/div>\n\t\t\t\t<div>\n\t\t\t\t\t<div class=\"accordion\">\n\t\t\t\t\t\t<div class=\"accordion__menu\">\n\t\t\t\t\t\t\t<nav>\n\t\t\t\t\t\t\t\t\n\t\t\t\t\t\t\t\t\t<button class=\"nav-tab-accordion active\"><span>&#10093;<\/span><span> Antiguo Hospicio de Oviedo<\/span><\/button>\n\t\t\t\t\t\t\t\t\n\t\t\t\t\t\t\t\t\t<button class=\"nav-tab-accordion \"><span>&#10093;<\/span><span> C\u00e1mara Santa de Oviedo<\/span><\/button>\n\t\t\t\t\t\t\t\t\n\t\t\t\t\t\t\t\t\t<button class=\"nav-tab-accordion \"><span>&#10093;<\/span><span> Casa Consistorial<\/span><\/button>\n\t\t\t\t\t\t\t\t\n\t\t\t\t\t\t\t\t\t<button class=\"nav-tab-accordion \"><span>&#10093;<\/span><span> Casa de la R\u00faa<\/span><\/button>\n\t\t\t\t\t\t\t\t\n\t\t\t\t\t\t\t\t\t<button class=\"nav-tab-accordion \"><span>&#10093;<\/span><span> Iglesia de San Isidoro<\/span><\/button>\n\t\t\t\t\t\t\t\t\n\t\t\t\t\t\t\t\t\t<button class=\"nav-tab-accordion \"><span>&#10093;<\/span><span> Monasterio de San Vicente<\/span><\/button>\n\t\t\t\t\t\t\t\t\n\t\t\t\t\t\t\t\t\t<button class=\"nav-tab-accordion \"><span>&#10093;<\/span><span> El Museo de Bellas Artes<\/span><\/button>\n\t\t\t\t\t\t\t\t\n\t\t\t\t\t\t\t\t\t<button class=\"nav-tab-accordion \"><span>&#10093;<\/span><span> Fuente de Foncalada<\/span><\/button>\n\t\t\t\t\t\t\t\t\n\t\t\t\t\t\t\t\t\t<button class=\"nav-tab-accordion \"><span>&#10093;<\/span><span> Iglesia de San Juan El Real<\/span><\/button>\n\t\t\t\t\t\t\t\t\n\t\t\t\t\t\t\t\t\t<button class=\"nav-tab-accordion \"><span>&#10093;<\/span><span> Iglesia de San Juli\u00e1n de los Prados<\/span><\/button>\n\t\t\t\t\t\t\t\t\n\t\t\t\t\t\t\t\t\t<button class=\"nav-tab-accordion \"><span>&#10093;<\/span><span> Monasterio de San Pelayo<\/span><\/button>\n\t\t\t\t\t\t\t\t\n\t\t\t\t\t\t\t\t\t<button class=\"nav-tab-accordion \"><span>&#10093;<\/span><span> La Gascona<\/span><\/button>\n\t\t\t\t\t\t\t\t\n\t\t\t\t\t\t\t\t\t<button class=\"nav-tab-accordion \"><span>&#10093;<\/span><span> El Museo Arqueol\u00f3gico de Asturias<\/span><\/button>\n\t\t\t\t\t\t\t\t\n\t\t\t\t\t\t\t\t\t<button class=\"nav-tab-accordion \"><span>&#10093;<\/span><span> Palacio de Camposagrado<\/span><\/button>\n\t\t\t\t\t\t\t\t\n\t\t\t\t\t\t\t\t\t<button class=\"nav-tab-accordion \"><span>&#10093;<\/span><span> Palacio de Congresos de Oviedo<\/span><\/button>\n\t\t\t\t\t\t\t\t\n\t\t\t\t\t\t\t\t\t<button class=\"nav-tab-accordion \"><span>&#10093;<\/span><span> Campo de San Francisco<\/span><\/button>\n\t\t\t\t\t\t\t\t\n\t\t\t\t\t\t\t\t\t<button class=\"nav-tab-accordion \"><span>&#10093;<\/span><span> Palacio de la Junta General del Principado de Asturias<\/span><\/button>\n\t\t\t\t\t\t\t\t\n\t\t\t\t\t\t\t\t\t<button class=\"nav-tab-accordion \"><span>&#10093;<\/span><span> Palacio de Valdecarzana<\/span><\/button>\n\t\t\t\t\t\t\t\t\n\t\t\t\t\t\t\t\t\t<button class=\"nav-tab-accordion \"><span>&#10093;<\/span><span> Palacio del Marqu\u00e9s de San Feliz<\/span><\/button>\n\t\t\t\t\t\t\t\t\n\t\t\t\t\t\t\t\t\t<button class=\"nav-tab-accordion \"><span>&#10093;<\/span><span> Catedral de San Salvador<\/span><\/button>\n\t\t\t\t\t\t\t\t\n\t\t\t\t\t\t\t\t\t<button class=\"nav-tab-accordion \"><span>&#10093;<\/span><span> San Miguel de Lillo<\/span><\/button>\n\t\t\t\t\t\t\t\t\n\t\t\t\t\t\t\t\t\t<button class=\"nav-tab-accordion \"><span>&#10093;<\/span><span> Santa Mar\u00eda del Naranco<\/span><\/button>\n\t\t\t\t\t\t\t\t\n\t\t\t\t\t\t\t\t\t<button class=\"nav-tab-accordion \"><span>&#10093;<\/span><span> Campill\u00edn<\/span><\/button>\n\t\t\t\t\t\t\t\t\n\t\t\t\t\t\t\t<\/nav>\n\t\t\t\t\t\t<\/div>\n\n\t\t\t\t\t\t\n\t\t\t\t\t\t\t<div class=\"accordion__accordion-content \">\n\t\t\t\t\t\t\t\t<div>\n\t\t\t\t\t\t\t\t\t<div>\n\t\t\t\t\t\t\t\t\t\t<h4>Antiguo Hospicio de Oviedo<\/h4>\n\t\t\t\t\t\t\t\t\t\t<p>Das zum Kulturgut erkl\u00e4rte Geb\u00e4ude ist ein gro\u00dfer Bau mit einer Kapelle in der Mitte, die in verschiedene Stockwerke unterteilt ist. Die Arbeiten begannen im Jahr 1752 auf Wunsch von Don Isidoro Gil de Jaz an seinen Architekten Pedro Antonio Men\u00e9ndez. Seine Gesamtkomposition und die h\u00f6lzernen Galerien, die die Innenh\u00f6fe umgeben, sind den alten kastilischen Pl\u00e4tzen nachempfunden.\n\t\t\t\t\t\t\t\t\t<\/div>\n\t\t\t\t\t\t\t\t\t<img decoding=\"async\" src=\"https:\/\/cdn.pilgrim.es\/web\/caminos\/camino-primitivo\/pueblos\/oviedo\/puntos-de-interes\/antiguo-hospicio-de-oviedo.jpg\" alt=\"Antiguo Hospicio de Oviedo\">\n\t\t\t\t\t\t\t\t<\/div>\n\t\t\t\t\t\t\t<\/div>\n\t\t\t\t\t\t\n\t\t\t\t\t\t\t<div class=\"accordion__accordion-content inactive\">\n\t\t\t\t\t\t\t\t<div>\n\t\t\t\t\t\t\t\t\t<div>\n\t\t\t\t\t\t\t\t\t\t<h4>C\u00e1mara Santa de Oviedo<\/h4>\n\t\t\t\t\t\t\t\t\t\t<p>Die 1998 zum Weltkulturerbe erkl\u00e4rte und an die Kathedrale von Oviedo angegliederte C\u00e1mara Santa ist ein im 9. Jahrhundert im asturischen vorromanischen Stil erbautes Geb\u00e4ude, das als Aufbewahrungsort f\u00fcr die Reliquien und Sch\u00e4tze der Kathedrale dient. <\/p>\n\t\t\t\t\t\t\t\t\t<\/div>\n\t\t\t\t\t\t\t\t\t<img decoding=\"async\" src=\"https:\/\/cdn.pilgrim.es\/web\/caminos\/camino-primitivo\/pueblos\/oviedo\/puntos-de-interes\/camara-santa-de-oviedo.jpg\" alt=\"C\u00e1mara Santa de Oviedo\">\n\t\t\t\t\t\t\t\t<\/div>\n\t\t\t\t\t\t\t<\/div>\n\t\t\t\t\t\t\n\t\t\t\t\t\t\t<div class=\"accordion__accordion-content inactive\">\n\t\t\t\t\t\t\t\t<div>\n\t\t\t\t\t\t\t\t\t<div>\n\t\t\t\t\t\t\t\t\t\t<h4>Casa Consistorial<\/h4>\n\t\t\t\t\t\t\t\t\t\t<p>Das 1623 von Juan de Naveda errichtete Geb\u00e4ude wurde drei\u00dfig Jahre sp\u00e4ter von Marcos de Velasco erheblich erweitert. Dieses neue Geb\u00e4ude umfasst sieben B\u00f6gen und einen Turm und ist in zwei Stockwerke unterteilt, wobei sich im ersten Stock der Hauptsaal, das Oratorium und das Archiv befinden. <\/p>\n\t\t\t\t\t\t\t\t\t<\/div>\n\t\t\t\t\t\t\t\t\t<img decoding=\"async\" src=\"https:\/\/cdn.pilgrim.es\/web\/caminos\/camino-primitivo\/pueblos\/oviedo\/puntos-de-interes\/casa-consistorial.jpg\" alt=\"Casa Consistorial\">\n\t\t\t\t\t\t\t\t<\/div>\n\t\t\t\t\t\t\t<\/div>\n\t\t\t\t\t\t\n\t\t\t\t\t\t\t<div class=\"accordion__accordion-content inactive\">\n\t\t\t\t\t\t\t\t<div>\n\t\t\t\t\t\t\t\t\t<div>\n\t\t\t\t\t\t\t\t\t\t<h4>Casa de la R\u00faa<\/h4>\n\t\t\t\t\t\t\t\t\t\t<p>Es ist eines der \u00e4ltesten zivilen Geb\u00e4ude der Stadt, denn es wurde im 15. Jahrhundert im Auftrag von Rodrigo de la R\u00faa erbaut, dem es auch seinen Namen verdankt. Im 17. Jahrhundert ging es in den Besitz des Markgrafen von Santa Cruz de Marcenado \u00fcber. Es ist ein deutliches Beispiel f\u00fcr die Architektur des Mittelalters, mit ungeordneten \u00d6ffnungen in der Fassade und einem Innenhof mit einem Garten im Inneren. <\/p>\n\t\t\t\t\t\t\t\t\t<\/div>\n\t\t\t\t\t\t\t\t\t<img decoding=\"async\" src=\"https:\/\/cdn.pilgrim.es\/web\/caminos\/camino-primitivo\/pueblos\/oviedo\/puntos-de-interes\/casa-de-la-rua.jpg\" alt=\"Casa de la R\u00faa\">\n\t\t\t\t\t\t\t\t<\/div>\n\t\t\t\t\t\t\t<\/div>\n\t\t\t\t\t\t\n\t\t\t\t\t\t\t<div class=\"accordion__accordion-content inactive\">\n\t\t\t\t\t\t\t\t<div>\n\t\t\t\t\t\t\t\t\t<div>\n\t\t\t\t\t\t\t\t\t\t<h4>Iglesia de San Isidoro<\/h4>\n\t\t\t\t\t\t\t\t\t\t<p>Die alte Kirche San Mat\u00edas aus dem 16. Jahrhundert diente bis 1770 als Jesuitentempel und wurde dann zur heutigen San Isidoro. Sie ist im Barockstil gehalten und hat einen rechteckigen Grundriss mit einem einzigen Schiff, das in vier Joche unterteilt ist, zwischen denen sich die Seitenkapellen befinden. Die Joche des Kirchenschiffs sind durch zur\u00fcckgesetzte Pilaster unterteilt und mit einem Tonnengew\u00f6lbe bedeckt. Das Querschiff, das die Kirche teilt, wird von einer Kuppel \u00fcberspannt, die auf H\u00e4ngezwickeln ruht, und der Altarraum von einem Kreuzgew\u00f6lbe. <\/p>\n\t\t\t\t\t\t\t\t\t<\/div>\n\t\t\t\t\t\t\t\t\t<img decoding=\"async\" src=\"https:\/\/cdn.pilgrim.es\/web\/caminos\/camino-primitivo\/pueblos\/oviedo\/puntos-de-interes\/iglesia-de-san-isidoro.jpg\" alt=\"Iglesia de San Isidoro\">\n\t\t\t\t\t\t\t\t<\/div>\n\t\t\t\t\t\t\t<\/div>\n\t\t\t\t\t\t\n\t\t\t\t\t\t\t<div class=\"accordion__accordion-content inactive\">\n\t\t\t\t\t\t\t\t<div>\n\t\t\t\t\t\t\t\t\t<div>\n\t\t\t\t\t\t\t\t\t\t<h4>Monasterio de San Vicente<\/h4>\n\t\t\t\t\t\t\t\t\t\t<p>Das 1962 zum kunsthistorischen Denkmal erkl\u00e4rte Geb\u00e4ude, das um das Jahr 761 erbaut, aber erst 781 gegr\u00fcndet wurde, beherbergt heute das Arch\u00e4ologische Museum von Asturien. Das Kloster wurde mehrfach umgebaut, so dass seine mittelalterlichen und romanischen \u00dcberreste im Laufe der Jahre verloren gingen.\n\t\t\t\t\t\t\t\t\t<\/div>\n\t\t\t\t\t\t\t\t\t<img decoding=\"async\" src=\"https:\/\/cdn.pilgrim.es\/web\/caminos\/camino-primitivo\/pueblos\/oviedo\/puntos-de-interes\/monasterio-de-san-vicente.jpg\" alt=\"Monasterio de San Vicente\">\n\t\t\t\t\t\t\t\t<\/div>\n\t\t\t\t\t\t\t<\/div>\n\t\t\t\t\t\t\n\t\t\t\t\t\t\t<div class=\"accordion__accordion-content inactive\">\n\t\t\t\t\t\t\t\t<div>\n\t\t\t\t\t\t\t\t\t<div>\n\t\t\t\t\t\t\t\t\t\t<h4>El Museo de Bellas Artes<\/h4>\n\t\t\t\t\t\t\t\t\t\t<p>Das Museum der Sch\u00f6nen K\u00fcnste von Oviedo befindet sich nicht in einem einzigen Geb\u00e4ude, sondern ist auf vier verschiedene Geb\u00e4ude verteilt, die alle neben der Kathedrale liegen. Eines davon ist der Palacio de Velarde, in dem die \u00e4ltesten Sammlungen untergebracht sind. Die Casa de Oviedo &#8211; Portal ist ganz der Kunst des 19. Jahrhunderts gewidmet und die Ampliaci\u00f3n beherbergt die zeitgen\u00f6ssischen Sammlungen des 20. und 21. Jahrhunderts. Das letzte dieser Geb\u00e4ude wird als B\u00fcro f\u00fcr die Verwaltung und andere interne Dienste des Museums genutzt. <\/p>\n\n<p>STUNDEN<\/p>\n\n<p>Winter Dienstag bis Freitag von 10:30 bis 14:00 und von 16:30 bis 20:30Samstag von 11:30 bis 14:00 und von 17:00 bis 20:00Sonn- und Feiertage von 11:30 bis 14:30Sommer Dienstag bis Samstag von 10:30 bis 14:00 und von 16:00 bis 20:00Sonn- und Feiertage von 10:30 bis 14:30<\/p>\n\n<p>GEB\u00dcHR<\/p>\n\n<p>Freier Eintritt<\/p> <p>Geb\u00fchr<\/p> <p>Freier Eintritt.\n\n<p>INFORMATIONEN VON INTERESSE<\/p> <p>FREIER EINTRITT<\/p> <p>GEB\u00dcHRENFREI.\n\n<p>Web: www.museobbaa.comE-mail: museobbaa@museobbaa.comTel\u00e9fono: 985 213 061<\/p>\n\t\t\t\t\t\t\t\t\t<\/div>\n\t\t\t\t\t\t\t\t\t<img decoding=\"async\" src=\"https:\/\/cdn.pilgrim.es\/web\/caminos\/camino-primitivo\/pueblos\/oviedo\/puntos-de-interes\/el-museo-de-bellas-artes.jpg\" alt=\"El Museo de Bellas Artes\">\n\t\t\t\t\t\t\t\t<\/div>\n\t\t\t\t\t\t\t<\/div>\n\t\t\t\t\t\t\n\t\t\t\t\t\t\t<div class=\"accordion__accordion-content inactive\">\n\t\t\t\t\t\t\t\t<div>\n\t\t\t\t\t\t\t\t\t<div>\n\t\t\t\t\t\t\t\t\t\t<h4>Fuente de Foncalada<\/h4>\n\t\t\t\t\t\t\t\t\t\t<p>Dieser romanische Brunnen wurde im 9. Jahrhundert in der N\u00e4he der alten Stadtmauer von Oviedo errichtet. Er ist eines der bedeutendsten und am besten erhaltenen fr\u00fchmittelalterlichen Bauwerke auf dem gesamten europ\u00e4ischen Kontinent. Noch heute ist der alte Ausguss erhalten, auf dem sich der Brunnen mit seiner Inschrift und das Victoria-Kreuz befinden. <\/p>\n\n<p>Sie befindet sich in der gleichnamigen Stra\u00dfe, ganz in der N\u00e4he der ber\u00fchmten Gascona-Stra\u00dfe, die f\u00fcr ihre zahlreichen Lokale bekannt ist, in denen man den ber\u00fchmten Apfelwein probieren kann. <\/p>\n\t\t\t\t\t\t\t\t\t<\/div>\n\t\t\t\t\t\t\t\t\t<img decoding=\"async\" src=\"https:\/\/cdn.pilgrim.es\/web\/caminos\/camino-primitivo\/pueblos\/oviedo\/puntos-de-interes\/fuente-de-foncalada.jpg\" alt=\"Fuente de Foncalada\">\n\t\t\t\t\t\t\t\t<\/div>\n\t\t\t\t\t\t\t<\/div>\n\t\t\t\t\t\t\n\t\t\t\t\t\t\t<div class=\"accordion__accordion-content inactive\">\n\t\t\t\t\t\t\t\t<div>\n\t\t\t\t\t\t\t\t\t<div>\n\t\t\t\t\t\t\t\t\t\t<h4>Iglesia de San Juan El Real<\/h4>\n\t\t\t\t\t\t\t\t\t\t<p>Die auch als Kathedrale der Ensanche bekannte Kirche ist die Pfarrkirche von Oviedo und wurde zur Basilika minor erkl\u00e4rt. Sie wurde zwischen 1912 und 1915 mit dem Grundriss eines lateinischen Kreuzes mit einem Kirchenschiff und zwei angrenzenden Seitenkapellen erbaut. Sie wird von einer gro\u00dfen Kuppel auf H\u00e4ngezwickeln und einer Kuppelkuppel bedeckt. Die Hauptfassade hat ein gro\u00dfes dreiteiliges Fenster \u00fcber dem Portal und wird von zwei T\u00fcrmen flankiert.\n\t\t\t\t\t\t\t\t\t<\/div>\n\t\t\t\t\t\t\t\t\t<img decoding=\"async\" src=\"https:\/\/cdn.pilgrim.es\/web\/caminos\/camino-primitivo\/pueblos\/oviedo\/puntos-de-interes\/iglesia-de-san-juan-el-real.jpg\" alt=\"Iglesia de San Juan El Real\">\n\t\t\t\t\t\t\t\t<\/div>\n\t\t\t\t\t\t\t<\/div>\n\t\t\t\t\t\t\n\t\t\t\t\t\t\t<div class=\"accordion__accordion-content inactive\">\n\t\t\t\t\t\t\t\t<div>\n\t\t\t\t\t\t\t\t\t<div>\n\t\t\t\t\t\t\t\t\t\t<h4>Iglesia de San Juli\u00e1n de los Prados<\/h4>\n\t\t\t\t\t\t\t\t\t\t<p>Die auch als Santullano bekannte Kirche wurde zwischen 826 und 828 erbaut und gilt als die \u00e4lteste noch erhaltene vorromanische Kirche. Jahrhunderte sp\u00e4ter, zwischen 1912 und 1915, wurde sie einer umfassenden Restaurierung unterzogen, bei der einige Anbauten abgerissen, die Gew\u00f6lbe durch Holzd\u00e4cher ersetzt und alle Gitter mit Ausnahme desjenigen in der Nordapsis, das noch erhalten ist, ausgetauscht wurden. <\/p>\n\t\t\t\t\t\t\t\t\t<\/div>\n\t\t\t\t\t\t\t\t\t<img decoding=\"async\" src=\"https:\/\/cdn.pilgrim.es\/web\/caminos\/camino-primitivo\/pueblos\/oviedo\/puntos-de-interes\/iglesia-de-san-julian-de-los-prados.jpg\" alt=\"Iglesia de San Juli\u00e1n de los Prados\">\n\t\t\t\t\t\t\t\t<\/div>\n\t\t\t\t\t\t\t<\/div>\n\t\t\t\t\t\t\n\t\t\t\t\t\t\t<div class=\"accordion__accordion-content inactive\">\n\t\t\t\t\t\t\t\t<div>\n\t\t\t\t\t\t\t\t\t<div>\n\t\t\t\t\t\t\t\t\t\t<h4>Monasterio de San Pelayo<\/h4>\n\t\t\t\t\t\t\t\t\t\t<p>Der Anfang des 10. Jahrhunderts geborene Pelayo wurde im Alter von vier Jahren w\u00e4hrend des Kalifats von Abderraman III. in Cordoba inhaftiert, weil er einen tiefen Glauben an Christus hatte. Sp\u00e4ter wurde er im Alter von dreizehn Jahren zum M\u00e4rtyrer, weil er seine Ideologie verteidigt hatte. Seine Reliquien wurden nach Nordspanien gebracht. Als er 994 in Oviedo ankam, stellte die Gemeinschaft der Benediktinerinnen, die ihn aufnahmen, die Urne mit den Reliquien unter den Hauptaltar der Klosterkirche, die von da an den Namen &#8222;Kloster San Pelayo&#8220; erhielt.\n\t\t\t\t\t\t\t\t\t<\/div>\n\t\t\t\t\t\t\t\t\t<img decoding=\"async\" src=\"https:\/\/cdn.pilgrim.es\/web\/caminos\/camino-primitivo\/pueblos\/oviedo\/puntos-de-interes\/monasterio-de-san-pelayo.jpg\" alt=\"Monasterio de San Pelayo\">\n\t\t\t\t\t\t\t\t<\/div>\n\t\t\t\t\t\t\t<\/div>\n\t\t\t\t\t\t\n\t\t\t\t\t\t\t<div class=\"accordion__accordion-content inactive\">\n\t\t\t\t\t\t\t\t<div>\n\t\t\t\t\t\t\t\t\t<div>\n\t\t\t\t\t\t\t\t\t\t<h4>La Gascona<\/h4>\n\t\t\t\t\t\t\t\t\t\t<p>Auch unter dem Namen El Boulevar de la Sidra bekannt, ist diese ber\u00fchmte Fu\u00dfg\u00e4ngerzone in Oviedo voll von Lokalen, in denen man das fl\u00fcssige Gold Asturiens probieren kann: Apfelwein. Diese Apfelweinbars werden auch &#8222;chigres&#8220; genannt. Es ist der perfekte Ort, um etwas zu trinken und dabei typische Gerichte wie Cachopo, Ziegenkuchen oder die ber\u00fchmte Fabada (Bohneneintopf) zu essen. <\/p>\n\t\t\t\t\t\t\t\t\t<\/div>\n\t\t\t\t\t\t\t\t\t<img decoding=\"async\" src=\"https:\/\/cdn.pilgrim.es\/web\/caminos\/camino-primitivo\/pueblos\/oviedo\/puntos-de-interes\/la-gascona.jpg\" alt=\"La Gascona\">\n\t\t\t\t\t\t\t\t<\/div>\n\t\t\t\t\t\t\t<\/div>\n\t\t\t\t\t\t\n\t\t\t\t\t\t\t<div class=\"accordion__accordion-content inactive\">\n\t\t\t\t\t\t\t\t<div>\n\t\t\t\t\t\t\t\t\t<div>\n\t\t\t\t\t\t\t\t\t\t<h4>El Museo Arqueol\u00f3gico de Asturias<\/h4>\n\t\t\t\t\t\t\t\t\t\t<p>Das 1934 zum Nationaldenkmal erkl\u00e4rte Kloster wurde 761 als Kloster San Vicente gegr\u00fcndet. 1539 wurde der heutige Kreuzgang auf dem alten Geb\u00e4ude errichtet. <\/p>\n\n<p>Der untere Kreuzgang besteht aus zwanzig Gew\u00f6lben mit einer Spannweite von vier Metern im gotischen Stil, mit einfachen sternf\u00f6rmigen Rippen und einfachen Schlusssteinen. Die Rippen der Gew\u00f6lbe st\u00fctzen sich auf dem Mauerwerk auf Gesimsen ab, die mit einem Fries im Stil der Renaissance verbunden sind. Dieser Stil findet sich auch in den Pilastern und den Rundb\u00f6gen wieder, die sich zum Garten des Kreuzgangs hin \u00f6ffnen.<\/p> <p>Die Gew\u00f6lbe des Kreuzgangs sind im gotischen Stil gehalten.\n\t\t\t\t\t\t\t\t\t<\/div>\n\t\t\t\t\t\t\t\t\t<img decoding=\"async\" src=\"https:\/\/cdn.pilgrim.es\/web\/caminos\/camino-primitivo\/pueblos\/oviedo\/puntos-de-interes\/el-museo-arqueologico-de-asturias.jpg\" alt=\"El Museo Arqueol\u00f3gico de Asturias\">\n\t\t\t\t\t\t\t\t<\/div>\n\t\t\t\t\t\t\t<\/div>\n\t\t\t\t\t\t\n\t\t\t\t\t\t\t<div class=\"accordion__accordion-content inactive\">\n\t\t\t\t\t\t\t\t<div>\n\t\t\t\t\t\t\t\t\t<div>\n\t\t\t\t\t\t\t\t\t\t<h4>Palacio de Camposagrado<\/h4>\n\t\t\t\t\t\t\t\t\t\t<p>Der Camposagrado-Palast wurde 1943 zum kunsthistorischen Denkmal erkl\u00e4rt und Mitte des 18. Jahrhunderts vom Markgrafen von Camposagrado in Auftrag gegeben, dessen Architekten, Pablo Fern\u00e1ndez Lorenzana und Domingo Su\u00e1rez Solar, noch im selben Jahr mit den Arbeiten begannen. Im Jahr 1719 wurde ein anderer Architekt, Francisco de la Riva Ladr\u00f3n de Guevara, mit dem Bau eines neuen Geb\u00e4udes beauftragt, doch konnte er letztlich nur die Fundamente und einige Teile des unteren Teils des Palastes errichten. <\/p>\n\t\t\t\t\t\t\t\t\t<\/div>\n\t\t\t\t\t\t\t\t\t<img decoding=\"async\" src=\"https:\/\/cdn.pilgrim.es\/web\/caminos\/camino-primitivo\/pueblos\/oviedo\/puntos-de-interes\/palacio-de-camposagrado.jpg\" alt=\"Palacio de Camposagrado\">\n\t\t\t\t\t\t\t\t<\/div>\n\t\t\t\t\t\t\t<\/div>\n\t\t\t\t\t\t\n\t\t\t\t\t\t\t<div class=\"accordion__accordion-content inactive\">\n\t\t\t\t\t\t\t\t<div>\n\t\t\t\t\t\t\t\t\t<div>\n\t\t\t\t\t\t\t\t\t\t<h4>Palacio de Congresos de Oviedo<\/h4>\n\t\t\t\t\t\t\t\t\t\t<p>Modernes Geb\u00e4ude, das 2011 mit dem Ziel eingeweiht wurde, die asturische Hauptstadt im Hinblick auf den Kongress- und Gesch\u00e4ftstourismus bekannt zu machen und zu positionieren. Das vom Architekten Santiago Calatrava entworfene Geb\u00e4ude hat eine eif\u00f6rmige Form und besteht aus wei\u00dfen Stahlrippen, genau wie die Stadt der K\u00fcnste und Wissenschaften in Valencia.\n\t\t\t\t\t\t\t\t\t<\/div>\n\t\t\t\t\t\t\t\t\t<img decoding=\"async\" src=\"https:\/\/cdn.pilgrim.es\/web\/caminos\/camino-primitivo\/pueblos\/oviedo\/puntos-de-interes\/palacio-de-congresos-de-oviedo.jpg\" alt=\"Palacio de Congresos de Oviedo\">\n\t\t\t\t\t\t\t\t<\/div>\n\t\t\t\t\t\t\t<\/div>\n\t\t\t\t\t\t\n\t\t\t\t\t\t\t<div class=\"accordion__accordion-content inactive\">\n\t\t\t\t\t\t\t\t<div>\n\t\t\t\t\t\t\t\t\t<div>\n\t\t\t\t\t\t\t\t\t\t<h4>Campo de San Francisco<\/h4>\n\t\t\t\t\t\t\t\t\t\t<p>Dieser Park war urspr\u00fcnglich ein kleiner Wald, der zum Franziskanerkloster geh\u00f6rte, und wurde 1816 zu einem botanischen Garten mit 127 Baum- und Straucharten. Der volkst\u00fcmliche Spitzname, unter dem die Einwohner der Stadt bekannt sind, die Carbayones, verdankt seinen Namen der ber\u00fchmten Carbay\u00f3n de Oviedo, einer riesigen Eiche, die genau auf diesem Feld wuchs. <\/p>\n\t\t\t\t\t\t\t\t\t<\/div>\n\t\t\t\t\t\t\t\t\t<img decoding=\"async\" src=\"https:\/\/cdn.pilgrim.es\/web\/caminos\/camino-primitivo\/pueblos\/oviedo\/puntos-de-interes\/campo-de-san-francisco.jpg\" alt=\"Campo de San Francisco\">\n\t\t\t\t\t\t\t\t<\/div>\n\t\t\t\t\t\t\t<\/div>\n\t\t\t\t\t\t\n\t\t\t\t\t\t\t<div class=\"accordion__accordion-content inactive\">\n\t\t\t\t\t\t\t\t<div>\n\t\t\t\t\t\t\t\t\t<div>\n\t\t\t\t\t\t\t\t\t\t<h4>Palacio de la Junta General del Principado de Asturias<\/h4>\n\t\t\t\t\t\t\t\t\t\t<p>Seit 1978 sind der Regionalrat von Asturien und das Komitee zur Ausarbeitung des Autonomiestatuts in dem Palast in der Calle Furela untergebracht. Im Jahr 1993 wurde dieser Palast vollst\u00e4ndig vom Parlament eingenommen, wof\u00fcr Renovierungs- und Sanierungsarbeiten durchgef\u00fchrt wurden, wie z.B. die Computerverkabelung, der Pressesaal, die Aufzeichnung&#8230; <\/p> <p>.\n\t\t\t\t\t\t\t\t\t<\/div>\n\t\t\t\t\t\t\t\t\t<img decoding=\"async\" src=\"https:\/\/cdn.pilgrim.es\/web\/caminos\/camino-primitivo\/pueblos\/oviedo\/puntos-de-interes\/palacio-de-la-junta-general-del-principado-de-asturias.jpg\" alt=\"Palacio de la Junta General del Principado de Asturias\">\n\t\t\t\t\t\t\t\t<\/div>\n\t\t\t\t\t\t\t<\/div>\n\t\t\t\t\t\t\n\t\t\t\t\t\t\t<div class=\"accordion__accordion-content inactive\">\n\t\t\t\t\t\t\t\t<div>\n\t\t\t\t\t\t\t\t\t<div>\n\t\t\t\t\t\t\t\t\t\t<h4>Palacio de Valdecarzana<\/h4>\n\t\t\t\t\t\t\t\t\t\t<p>Der Palast wurde zwischen 1627 und 1629 von Diego de Miranda erbaut. Es handelt sich um ein gro\u00dfes Haus im asturischen Barockstil, das vom Klassizismus inspiriert ist und sich um einen gro\u00dfen zentralen Innenhof gruppiert. <\/p>\n\t\t\t\t\t\t\t\t\t<\/div>\n\t\t\t\t\t\t\t\t\t<img decoding=\"async\" src=\"https:\/\/cdn.pilgrim.es\/web\/caminos\/camino-primitivo\/pueblos\/oviedo\/puntos-de-interes\/palacio-de-valdecarzana.jpg\" alt=\"Palacio de Valdecarzana\">\n\t\t\t\t\t\t\t\t<\/div>\n\t\t\t\t\t\t\t<\/div>\n\t\t\t\t\t\t\n\t\t\t\t\t\t\t<div class=\"accordion__accordion-content inactive\">\n\t\t\t\t\t\t\t\t<div>\n\t\t\t\t\t\t\t\t\t<div>\n\t\t\t\t\t\t\t\t\t\t<h4>Palacio del Marqu\u00e9s de San Feliz<\/h4>\n\t\t\t\t\t\t\t\t\t\t<p>Auch bekannt als der Palast des Herzogs des Parks, wurde er zwischen dem 17. und 18. Jahrhundert von Francisco de la Riva Ladr\u00f3n de Guevara im Barockstil erbaut. Jahrhundert im Barockstil erbaut. Er wurde mit Sandsteinmauerwerk und gepolsterten Ecken um einen Innenhof herum gebaut. <\/p>\n\t\t\t\t\t\t\t\t\t<\/div>\n\t\t\t\t\t\t\t\t\t<img decoding=\"async\" src=\"https:\/\/cdn.pilgrim.es\/web\/caminos\/camino-primitivo\/pueblos\/oviedo\/puntos-de-interes\/palacio-del-marques-de-san-feliz.jpg\" alt=\"Palacio del Marqu\u00e9s de San Feliz\">\n\t\t\t\t\t\t\t\t<\/div>\n\t\t\t\t\t\t\t<\/div>\n\t\t\t\t\t\t\n\t\t\t\t\t\t\t<div class=\"accordion__accordion-content inactive\">\n\t\t\t\t\t\t\t\t<div>\n\t\t\t\t\t\t\t\t\t<div>\n\t\t\t\t\t\t\t\t\t\t<h4>Catedral de San Salvador<\/h4>\n\t\t\t\t\t\t\t\t\t\t<p>Die auch als Sancta Ovetensis bekannte Kathedrale ist die gr\u00f6\u00dfte Kathedrale von Oviedo im gotischen Stil, deren Bau Ende des 13. Die Arbeiten wurden mit dem Bau des Turms Mitte des 16. Jahrhunderts abgeschlossen, obwohl mehrere Kapellen und ein Wandelgang sp\u00e4ter im 17. Jahrhundert hinzugef\u00fcgt wurden. <\/p> <p>Die Kathedrale ist auch als Sancta Ovetensis bekannt.\n\t\t\t\t\t\t\t\t\t<\/div>\n\t\t\t\t\t\t\t\t\t<img decoding=\"async\" src=\"https:\/\/cdn.pilgrim.es\/web\/caminos\/camino-primitivo\/pueblos\/oviedo\/puntos-de-interes\/catedral-de-san-salvador.jpg\" alt=\"Catedral de San Salvador\">\n\t\t\t\t\t\t\t\t<\/div>\n\t\t\t\t\t\t\t<\/div>\n\t\t\t\t\t\t\n\t\t\t\t\t\t\t<div class=\"accordion__accordion-content inactive\">\n\t\t\t\t\t\t\t\t<div>\n\t\t\t\t\t\t\t\t\t<div>\n\t\t\t\t\t\t\t\t\t\t<h4>San Miguel de Lillo<\/h4>\n\t\t\t\t\t\t\t\t\t\t<p>Die Kirche von San Miguel de Lillo wurde 1985 zum Weltkulturerbe erkl\u00e4rt.  Heute sind noch einige Elemente des urspr\u00fcnglichen Geb\u00e4udes erhalten. Nach dem Einsturz der Kirche wurden der S\u00e4ulengang und Teile des urspr\u00fcnglichen Kirchenschiffs in m\u00fchevoller Arbeit wieder aufgebaut.\n\t\t\t\t\t\t\t\t\t<\/div>\n\t\t\t\t\t\t\t\t\t<img decoding=\"async\" src=\"https:\/\/cdn.pilgrim.es\/web\/caminos\/camino-primitivo\/pueblos\/oviedo\/puntos-de-interes\/san-miguel-de-lillo.jpg\" alt=\"San Miguel de Lillo\">\n\t\t\t\t\t\t\t\t<\/div>\n\t\t\t\t\t\t\t<\/div>\n\t\t\t\t\t\t\n\t\t\t\t\t\t\t<div class=\"accordion__accordion-content inactive\">\n\t\t\t\t\t\t\t\t<div>\n\t\t\t\t\t\t\t\t\t<div>\n\t\t\t\t\t\t\t\t\t\t<h4>Santa Mar\u00eda del Naranco<\/h4>\n\t\t\t\t\t\t\t\t\t\t<p>Der Alte Palast von Santa Mar\u00eda del Naranco ist eines der wichtigsten Bauwerke der Stadt Oviedo, das 1985 von der UNESCO zusammen mit der Kirche San Miguel de Lillo zum Weltkulturerbe erkl\u00e4rt wurde. <\/p>\n\t\t\t\t\t\t\t\t\t<\/div>\n\t\t\t\t\t\t\t\t\t<img decoding=\"async\" src=\"https:\/\/cdn.pilgrim.es\/web\/caminos\/camino-primitivo\/pueblos\/oviedo\/puntos-de-interes\/santa-maria-del-naranco.jpg\" alt=\"Santa Mar\u00eda del Naranco\">\n\t\t\t\t\t\t\t\t<\/div>\n\t\t\t\t\t\t\t<\/div>\n\t\t\t\t\t\t\n\t\t\t\t\t\t\t<div class=\"accordion__accordion-content inactive\">\n\t\t\t\t\t\t\t\t<div>\n\t\t\t\t\t\t\t\t\t<div>\n\t\t\t\t\t\t\t\t\t\t<h4>Campill\u00edn<\/h4>\n\t\t\t\t\t\t\t\t\t\t<p>Dieser mitten im Stadtzentrum gelegene Park wurde nach dem B\u00fcrgerkrieg angelegt und erstreckt sich \u00fcber mehr als zw\u00f6lftausend Quadratmeter, in denen eine Vielzahl von B\u00e4umen wie Platanen, Buchen, Linden und Katalpen wuchern. Dar\u00fcber hinaus gibt es neben den verschiedenen Baumarten eine Vielzahl von Skulpturen, wie die Skulptur von Sim\u00f3n Bol\u00edvar oder die Hommage an Ram\u00f3n P\u00e9rez de Ayala, unter denen vor allem der Olivenbaum hervorsticht, der die Wiedervereinigung zwischen der Stadt und dem j\u00fcdischen Volk symbolisiert.\n\t\t\t\t\t\t\t\t\t<\/div>\n\t\t\t\t\t\t\t\t\t<img decoding=\"async\" src=\"https:\/\/cdn.pilgrim.es\/web\/caminos\/camino-primitivo\/pueblos\/oviedo\/puntos-de-interes\/campillin.jpg\" alt=\"Campill\u00edn\">\n\t\t\t\t\t\t\t\t<\/div>\n\t\t\t\t\t\t\t<\/div>\n\t\t\t\t\t\t\n\t\t\t\t\t<\/div>\n\t\t\t\t<\/div>\n\t\t\t<\/div>\n\t\t\n\n\t\t<div id=\"phonesSection\">\n\t\t\t<div>\n\t\t\t\t<h2 class=\"p-h3-town\">Informationen von Interesse<\/h2>\n\t\t\t<\/div>\n\t\t\t<div class=\"grid\">\n\t\t\t\t\n\t\t\t\t\t<div class=\"phone-number-item\">\n\t\t\t\t\t\t<div class=\"phone-number-item__icon\"><i class=\"icon-police\"><\/i><\/div>\n\t\t\t\t\t\t<div class=\"phone-number-item__title\">\n\t\t\t\t\t\t\t<h3 class=\"p-font-bold\">Ortspolizei<\/h3>\n\t\t\t\t\t\t\t<p>985 113 477<\/p>\n\t\t\t\t\t\t\t\n\t\t\t\t\t\t<\/div>\n\t\t\t\t\t<\/div>\n\t\t\t\t\n\t\t\t\t\t<div class=\"phone-number-item\">\n\t\t\t\t\t\t<div class=\"phone-number-item__icon\"><i class=\"icon-spanish-military-police\"><\/i><\/div>\n\t\t\t\t\t\t<div class=\"phone-number-item__title\">\n\t\t\t\t\t\t\t<h3 class=\"p-font-bold\">Zivilwache<\/h3>\n\t\t\t\t\t\t\t<p>985 119 000<\/p>\n\t\t\t\t\t\t\t\n\t\t\t\t\t\t<\/div>\n\t\t\t\t\t<\/div>\n\t\t\t\t\n\t\t\t\t\t<div class=\"phone-number-item\">\n\t\t\t\t\t\t<div class=\"phone-number-item__icon\"><i class=\"icon-firefighters\"><\/i><\/div>\n\t\t\t\t\t\t<div class=\"phone-number-item__title\">\n\t\t\t\t\t\t\t<h3 class=\"p-font-bold\">Feuerwehr<\/h3>\n\t\t\t\t\t\t\t<p>985 210 031<\/p>\n\t\t\t\t\t\t\t\n\t\t\t\t\t\t<\/div>\n\t\t\t\t\t<\/div>\n\t\t\t\t\n\t\t\t\t\t<div class=\"phone-number-item\">\n\t\t\t\t\t\t<div class=\"phone-number-item__icon\"><i class=\"icon-civil-protection\"><\/i><\/div>\n\t\t\t\t\t\t<div class=\"phone-number-item__title\">\n\t\t\t\t\t\t\t<h3 class=\"p-font-bold\">Zivilschutz<\/h3>\n\t\t\t\t\t\t\t<p>984 769 913<\/p>\n\t\t\t\t\t\t\t\n\t\t\t\t\t\t<\/div>\n\t\t\t\t\t<\/div>\n\t\t\t\t\n\t\t\t\t\t<div class=\"phone-number-item\">\n\t\t\t\t\t\t<div class=\"phone-number-item__icon\"><i class=\"icon-town-council\"><\/i><\/div>\n\t\t\t\t\t\t<div class=\"phone-number-item__title\">\n\t\t\t\t\t\t\t<h3 class=\"p-font-bold\">Rathaus<\/h3>\n\t\t\t\t\t\t\t<p>984 083 800<\/p>\n\t\t\t\t\t\t\t\n\t\t\t\t\t\t<\/div>\n\t\t\t\t\t<\/div>\n\t\t\t\t\n\t\t\t\t\t<div class=\"phone-number-item\">\n\t\t\t\t\t\t<div class=\"phone-number-item__icon\"><i class=\"icon-hospital\"><\/i><\/div>\n\t\t\t\t\t\t<div class=\"phone-number-item__title\">\n\t\t\t\t\t\t\t<h3 class=\"p-font-bold\">Gesundheitszentrum<\/h3>\n\t\t\t\t\t\t\t<p>985 108 900 \/ 985 212 529<\/p>\n\t\t\t\t\t\t\t\n\t\t\t\t\t\t<\/div>\n\t\t\t\t\t<\/div>\n\t\t\t\t\n\t\t\t\t\t<div class=\"phone-number-item\">\n\t\t\t\t\t\t<div class=\"phone-number-item__icon\"><i class=\"icon-tourism\"><\/i><\/div>\n\t\t\t\t\t\t<div class=\"phone-number-item__title\">\n\t\t\t\t\t\t\t<h3 class=\"p-font-bold\">Fremdenverkehrsamt<\/h3>\n\t\t\t\t\t\t\t<p>982 511 383<\/p>\n\t\t\t\t\t\t\t\n\t\t\t\t\t\t\t\t<p>Calle Domingo Go\u00e1s, 2 (Museo de Prehistoria y Arqueolog\u00eda)<\/p>\n\t\t\t\t\t\t\t\n\t\t\t\t\t\t<\/div>\n\t\t\t\t\t<\/div>\n\t\t\t\t\n\t\t\t<\/div>\n\t\t<\/div>\n\n\t\t<div id=\"clientForm\">\n        <section>\n        <img decoding=\"async\" src=\"https:\/\/cdn.pilgrim.es\/web\/home\/email-contacto.png\" alt=\"contacto\">\n        <div>\n            <p>Wir senden dir deine Planung<\/p>\n            <p>Gib uns deine Daten an und erhalte die Planung deiner Reise per E-Mail <\/p>\n            <form method=\"post\" data-url=\"\/wp-admin\/admin-ajax.php\" id=\"planner--client\" class=\"flag-right form-client\">\n    <div class=\"form-data\">\n        <input name=\"form_id\" type=\"hidden\" value=\"Formulario Leads\">\n        <input name=\"type\" type=\"hidden\" value=\"planner_client\">\n        <input type=\"text\" name=\"nombre\" value=\"\" size=\"40\" class=\"form-control\" aria-required=\"true\" aria-invalid=\"false\" placeholder=\"Name\">\n        <input type=\"email\" name=\"email\" value=\"\" size=\"40\" class=\"form-control\" aria-required=\"true\" aria-invalid=\"false\" placeholder=\"E- Mail\">\n        <input type=\"text\" id=\"phone-input\" name=\"tel\" value=\"\" size=\"40\" class=\"phone-input form-control\" aria-required=\"true\" aria-invalid=\"false\" placeholder=\"Telefon\">\n        <input type=\"hidden\" name=\"telefono\">\n    <\/div>\n    <div class=\"form-checkbox\">\n        <span>\n            Pilgrim Travel, S.L. teilt gem\u00e4\u00df Regulierung 2016\/679 mit, dass die in diesem Formular verwendeten Daten sowohl f\u00fcr die Beantwortung der m\u00f6glichen Anfragen als auch f\u00fcr die Ver\u00f6ffentlichung der Kommentare verwendet werden, mit der Zustimmung des Nutzers. Sie k\u00f6nnen Ihre Rechte in \u00dcbereinstimmung mit unserer Datenschutzbestimmungen aus\u00fcben             <a href=\"https:\/\/www.pilgrim.es\/politica-de-privacidad\/\" target=\"_blank\" rel=\"noopener noreferrer nofollow\">Datenschutzerkl\u00e4rung.<\/a>\n        <\/span>\n    <\/div>\n\n    <div class=\"form-submit\">\n        <button id=\"planner--client-create\" type=\"submit\">Anfrage senden<\/button>\n        <div class=\"loadingDiv\"><i class=\"p-spinner\"><\/i><\/div>\n    <\/div>\n\n    <div class=\"contact-content-form-success\">\n        <p><i class=\"fas fa-check\"><\/i> Das Formular hat sich erfolgreich gesendet.<\/p>\n    <\/div>\n\n    <div class=\"contact-content-form-error\">\n        <span class=\"input-error\"><\/span>\n    <\/div>\n<\/form>        <\/div>\n    <\/section>\n<\/div>\n\n\t\t<div id=\"recomendationSection\">\n\t\t\t<div>\n\t\t\t\t<h2 class=\"p-h2-town\">Empfohlen<\/h2>\n\t\t\t\t<hr>\n\t\t\t\t<h3 class=\"p-h3-town\">Gastronomie<\/h3>\n\t\t\t<\/div>\n\t\t\tDie Gastronomie der Stadt Oviedo ist der der \u00fcbrigen Region sehr \u00e4hnlich, wobei das Hauptgericht die Fabada ist. Erw\u00e4hnenswert sind auch die mit Chorizo-Wurst, Kutteln, Kichererbsen, Spinat und Kabeljau gef\u00fcllten Br\u00f6tchen.\n\nBei den S\u00fc\u00dfspeisen stechen Milchreis, Carball\u00f3n, Moscovitas und Pralinen hervor.\n\t\t<\/div>\n\n\n\t\t\n\t\t\t<div id=\"holidaysSection\">\n\t\t\t\t<div>\n\t\t\t\t\t<h2 class=\"p-h2-town\">Empfohlen<\/h2>\n\t\t\t\t\t<hr>\n\t\t\t\t\t<h3 class=\"p-h3-town\">Feste und Pilgerfahrten<\/h3>\n\t\t\t\t<\/div>\n\t\t\t\t<div class=\"grid holidays-grid\">\n\t\t\t\t\t\n\t\t\t\t\t\t<div>\n\t\t\t\t\t\t\t<div class=\"phone-number-item\">\n\t\t\t\t\t\t\t\t<div class=\"phone-number-item__icon\"><i class=\"icon-holiday\"><\/i><\/div>\n\t\t\t\t\t\t\t\t<div class=\"phone-number-item__title dark-text\">\n\t\t\t\t\t\t\t\t\t<p class=\"p-font-bold\">Lokaler Urlaub<\/p>\n\t\t\t\t\t\t\t\t\t<p>21 de septiembre: Fiesta de San Mateo<\/p>\n\t\t\t\t\t\t\t\t<\/div>\n\t\t\t\t\t\t\t<\/div>\n\t\t\t\t\t\t<\/div>\n\t\t\t\t\t\n\t\t\t\t\t\t<div>\n\t\t\t\t\t\t\t<div class=\"phone-number-item\">\n\t\t\t\t\t\t\t\t<div class=\"phone-number-item__icon\"><i class=\"icon-holiday\"><\/i><\/div>\n\t\t\t\t\t\t\t\t<div class=\"phone-number-item__title dark-text\">\n\t\t\t\t\t\t\t\t\t<p class=\"p-font-bold\">Lokaler Urlaub<\/p>\n\t\t\t\t\t\t\t\t\t<p>Primer martes despu\u00e9s de Pentecost\u00e9s: Martes de Campo o La Balesquida<\/p>\n\t\t\t\t\t\t\t\t<\/div>\n\t\t\t\t\t\t\t<\/div>\n\t\t\t\t\t\t<\/div>\n\t\t\t\t\t\n\t\t\t\t\t\t<div>\n\t\t\t\t\t\t\t<div class=\"phone-number-item\">\n\t\t\t\t\t\t\t\t<div class=\"phone-number-item__icon\"><i class=\"icon-holiday\"><\/i><\/div>\n\t\t\t\t\t\t\t\t<div class=\"phone-number-item__title dark-text\">\n\t\t\t\t\t\t\t\t\t<p class=\"p-font-bold\">Lokaler Urlaub<\/p>\n\t\t\t\t\t\t\t\t\t<p>19 de octubre: Desarme<\/p>\n\t\t\t\t\t\t\t\t<\/div>\n\t\t\t\t\t\t\t<\/div>\n\t\t\t\t\t\t<\/div>\n\t\t\t\t\t\n\t\t\t\t<\/div>\n\t\t\t<\/div>\n\t\t\n\t<\/div>\n<\/section>\n\n<div id=\"stage_list_section\"><div class=\"stage-list\">\n    <div class='stage-list__map-card'>\n        <div class='stage-list__map-card__map'>\n            <div class='stage-list__map-card__map__text'>\n                <h2> Pages <\/h2>\n                <p> Zu Fu\u00df<\/p>\n                <p> 0etappen<\/p>\n            <\/div>\n            <div class='stage-list__map-card__map__img'>\n                <img decoding=\"async\" src=\"\" alt=\" mapa \" \/>\n            <\/div>\n        <\/div>\n    <\/div>\n\n    <\/div>\n<\/div> ","protected":false},"excerpt":{"rendered":"<p>Oviedo &#8249; Zur\u00fcck zur B\u00fchne Oviedo Einwohner: 223.765 aprox. Bundesland: Asturias Informationen Get to know Oviedo Die Stadt Oviedo ist die Hauptstadt des F\u00fcrstentums Asturien und das zweitgr\u00f6\u00dfte Bev\u00f6lkerungszentrum der gesamten Gemeinschaft. In dieser Stadt beginnt der Primitive Weg, ein jakobinischer Weg, der als der erste gilt, auf dem die Pilgerfahrt nach Santiago de Compostela &hellip; <\/p>\n<p class=\"read_more\"><a href=\"https:\/\/www.pilgrim.es\/de\/primitiver-weg\/oviedo\/\">Leer m\u00e1s<\/a><\/p>\n","protected":false},"author":0,"featured_media":6864,"parent":10635,"menu_order":0,"comment_status":"closed","ping_status":"closed","template":"views\/template-new-web-design.blade.php","meta":{"footnotes":""},"categories":[],"tags":[],"class_list":["post-91403","page","type-page","status-publish","has-post-thumbnail","hentry"],"yoast_head":"<!-- This site is optimized with the Yoast SEO plugin v27.4 - https:\/\/yoast.com\/product\/yoast-seo-wordpress\/ -->\n<title>Oviedo: Was sehen und wo \u00fcbernachten | Jakobsweg | Pilgrim<\/title>\n<meta name=\"description\" content=\"Oviedo Entdecken Sie alle Informationen \u00fcber Unterk\u00fcnfte, Anreise, Gastronomie und die wichtigsten Sehensw\u00fcrdigkeiten der Orte am Primitivo\" \/>\n<meta name=\"robots\" content=\"index, follow, max-snippet:-1, max-image-preview:large, max-video-preview:-1\" \/>\n<link rel=\"canonical\" href=\"https:\/\/www.pilgrim.es\/de\/primitiver-weg\/oviedo\/\" \/>\n<meta property=\"og:locale\" content=\"de_DE\" \/>\n<meta property=\"og:type\" content=\"article\" \/>\n<meta property=\"og:title\" content=\"Oviedo: Was sehen und wo \u00fcbernachten | Jakobsweg | Pilgrim\" \/>\n<meta property=\"og:description\" content=\"Oviedo Entdecken Sie alle Informationen \u00fcber Unterk\u00fcnfte, Anreise, Gastronomie und die wichtigsten Sehensw\u00fcrdigkeiten der Orte am Primitivo\" \/>\n<meta property=\"og:url\" content=\"https:\/\/www.pilgrim.es\/de\/primitiver-weg\/oviedo\/\" \/>\n<meta property=\"og:site_name\" content=\"Pilgrim\" \/>\n<meta property=\"article:publisher\" content=\"https:\/\/www.facebook.com\/pilgrim.es\/\" \/>\n<meta property=\"og:image\" content=\"https:\/\/www.pilgrim.es\/wp-content\/uploads\/2019\/02\/oviedo1.jpg\" \/>\n\t<meta property=\"og:image:width\" content=\"1024\" \/>\n\t<meta property=\"og:image:height\" content=\"767\" \/>\n\t<meta property=\"og:image:type\" content=\"image\/jpeg\" \/>\n<meta name=\"twitter:card\" content=\"summary_large_image\" \/>\n<meta name=\"twitter:site\" content=\"@pilgrim_es\" \/>\n<meta name=\"twitter:label1\" content=\"Gesch\u00e4tzte Lesezeit\" \/>\n\t<meta name=\"twitter:data1\" content=\"11\u00a0Minuten\" \/>\n<script type=\"application\/ld+json\" class=\"yoast-schema-graph\">{\"@context\":\"https:\\\/\\\/schema.org\",\"@graph\":[{\"@type\":\"WebPage\",\"@id\":\"https:\\\/\\\/www.pilgrim.es\\\/de\\\/primitiver-weg\\\/oviedo\\\/\",\"url\":\"https:\\\/\\\/www.pilgrim.es\\\/de\\\/primitiver-weg\\\/oviedo\\\/\",\"name\":\"Oviedo: Was sehen und wo \u00fcbernachten | Jakobsweg | Pilgrim\",\"isPartOf\":{\"@id\":\"https:\\\/\\\/www.pilgrim.es\\\/de\\\/#website\"},\"primaryImageOfPage\":{\"@id\":\"https:\\\/\\\/www.pilgrim.es\\\/de\\\/primitiver-weg\\\/oviedo\\\/#primaryimage\"},\"image\":{\"@id\":\"https:\\\/\\\/www.pilgrim.es\\\/de\\\/primitiver-weg\\\/oviedo\\\/#primaryimage\"},\"thumbnailUrl\":\"https:\\\/\\\/www.pilgrim.es\\\/wp-content\\\/uploads\\\/2019\\\/02\\\/oviedo1.jpg\",\"datePublished\":\"2025-03-17T15:24:34+00:00\",\"description\":\"Oviedo Entdecken Sie alle Informationen \u00fcber Unterk\u00fcnfte, Anreise, Gastronomie und die wichtigsten Sehensw\u00fcrdigkeiten der Orte am Primitivo\",\"breadcrumb\":{\"@id\":\"https:\\\/\\\/www.pilgrim.es\\\/de\\\/primitiver-weg\\\/oviedo\\\/#breadcrumb\"},\"inLanguage\":\"de\",\"potentialAction\":[{\"@type\":\"ReadAction\",\"target\":[\"https:\\\/\\\/www.pilgrim.es\\\/de\\\/primitiver-weg\\\/oviedo\\\/\"]}]},{\"@type\":\"ImageObject\",\"inLanguage\":\"de\",\"@id\":\"https:\\\/\\\/www.pilgrim.es\\\/de\\\/primitiver-weg\\\/oviedo\\\/#primaryimage\",\"url\":\"https:\\\/\\\/www.pilgrim.es\\\/wp-content\\\/uploads\\\/2019\\\/02\\\/oviedo1.jpg\",\"contentUrl\":\"https:\\\/\\\/www.pilgrim.es\\\/wp-content\\\/uploads\\\/2019\\\/02\\\/oviedo1.jpg\",\"width\":1024,\"height\":767,\"caption\":\"Oviedo\"},{\"@type\":\"BreadcrumbList\",\"@id\":\"https:\\\/\\\/www.pilgrim.es\\\/de\\\/primitiver-weg\\\/oviedo\\\/#breadcrumb\",\"itemListElement\":[{\"@type\":\"ListItem\",\"position\":1,\"name\":\"Camino de Santiago\",\"item\":\"https:\\\/\\\/www.pilgrim.es\\\/de\\\/\"},{\"@type\":\"ListItem\",\"position\":2,\"name\":\"Der Primitive Weg (Urweg)\",\"item\":\"https:\\\/\\\/www.pilgrim.es\\\/de\\\/primitiver-weg\\\/\"},{\"@type\":\"ListItem\",\"position\":3,\"name\":\"Oviedo\"}]},{\"@type\":\"WebSite\",\"@id\":\"https:\\\/\\\/www.pilgrim.es\\\/de\\\/#website\",\"url\":\"https:\\\/\\\/www.pilgrim.es\\\/de\\\/\",\"name\":\"Pilgrim\",\"description\":\"Camino de Santiago | Caminamos Contigo\",\"publisher\":{\"@id\":\"https:\\\/\\\/www.pilgrim.es\\\/de\\\/#organization\"},\"potentialAction\":[{\"@type\":\"SearchAction\",\"target\":{\"@type\":\"EntryPoint\",\"urlTemplate\":\"https:\\\/\\\/www.pilgrim.es\\\/de\\\/?s={search_term_string}\"},\"query-input\":{\"@type\":\"PropertyValueSpecification\",\"valueRequired\":true,\"valueName\":\"search_term_string\"}}],\"inLanguage\":\"de\"},{\"@type\":\"Organization\",\"@id\":\"https:\\\/\\\/www.pilgrim.es\\\/de\\\/#organization\",\"name\":\"Pilgrim Camino de Santiago\",\"url\":\"https:\\\/\\\/www.pilgrim.es\\\/de\\\/\",\"logo\":{\"@type\":\"ImageObject\",\"inLanguage\":\"de\",\"@id\":\"https:\\\/\\\/www.pilgrim.es\\\/de\\\/#\\\/schema\\\/logo\\\/image\\\/\",\"url\":\"https:\\\/\\\/www.pilgrim.es\\\/wp-content\\\/uploads\\\/2019\\\/04\\\/logo_pilgrim.png\",\"contentUrl\":\"https:\\\/\\\/www.pilgrim.es\\\/wp-content\\\/uploads\\\/2019\\\/04\\\/logo_pilgrim.png\",\"width\":512,\"height\":512,\"caption\":\"Pilgrim Camino de Santiago\"},\"image\":{\"@id\":\"https:\\\/\\\/www.pilgrim.es\\\/de\\\/#\\\/schema\\\/logo\\\/image\\\/\"},\"sameAs\":[\"https:\\\/\\\/www.facebook.com\\\/pilgrim.es\\\/\",\"https:\\\/\\\/x.com\\\/pilgrim_es\",\"https:\\\/\\\/www.instagram.com\\\/pilgrim.es\\\/\",\"https:\\\/\\\/www.linkedin.com\\\/company\\\/pilgrim-camino-de-santiago\\\/\",\"https:\\\/\\\/www.pinterest.es\\\/pilgrimcaminodesantiago\\\/\",\"https:\\\/\\\/www.youtube.com\\\/channel\\\/UCIv2ZzFLXVqthkNF32rKedw\\\/featured\"]}]}<\/script>\n<!-- \/ Yoast SEO plugin. -->","yoast_head_json":{"title":"Oviedo: Was sehen und wo \u00fcbernachten | Jakobsweg | Pilgrim","description":"Oviedo Entdecken Sie alle Informationen \u00fcber Unterk\u00fcnfte, Anreise, Gastronomie und die wichtigsten Sehensw\u00fcrdigkeiten der Orte am Primitivo","robots":{"index":"index","follow":"follow","max-snippet":"max-snippet:-1","max-image-preview":"max-image-preview:large","max-video-preview":"max-video-preview:-1"},"canonical":"https:\/\/www.pilgrim.es\/de\/primitiver-weg\/oviedo\/","og_locale":"de_DE","og_type":"article","og_title":"Oviedo: Was sehen und wo \u00fcbernachten | Jakobsweg | Pilgrim","og_description":"Oviedo Entdecken Sie alle Informationen \u00fcber Unterk\u00fcnfte, Anreise, Gastronomie und die wichtigsten Sehensw\u00fcrdigkeiten der Orte am Primitivo","og_url":"https:\/\/www.pilgrim.es\/de\/primitiver-weg\/oviedo\/","og_site_name":"Pilgrim","article_publisher":"https:\/\/www.facebook.com\/pilgrim.es\/","og_image":[{"width":1024,"height":767,"url":"https:\/\/www.pilgrim.es\/wp-content\/uploads\/2019\/02\/oviedo1.jpg","type":"image\/jpeg"}],"twitter_card":"summary_large_image","twitter_site":"@pilgrim_es","twitter_misc":{"Gesch\u00e4tzte Lesezeit":"11\u00a0Minuten"},"schema":{"@context":"https:\/\/schema.org","@graph":[{"@type":"WebPage","@id":"https:\/\/www.pilgrim.es\/de\/primitiver-weg\/oviedo\/","url":"https:\/\/www.pilgrim.es\/de\/primitiver-weg\/oviedo\/","name":"Oviedo: Was sehen und wo \u00fcbernachten | Jakobsweg | Pilgrim","isPartOf":{"@id":"https:\/\/www.pilgrim.es\/de\/#website"},"primaryImageOfPage":{"@id":"https:\/\/www.pilgrim.es\/de\/primitiver-weg\/oviedo\/#primaryimage"},"image":{"@id":"https:\/\/www.pilgrim.es\/de\/primitiver-weg\/oviedo\/#primaryimage"},"thumbnailUrl":"https:\/\/www.pilgrim.es\/wp-content\/uploads\/2019\/02\/oviedo1.jpg","datePublished":"2025-03-17T15:24:34+00:00","description":"Oviedo Entdecken Sie alle Informationen \u00fcber Unterk\u00fcnfte, Anreise, Gastronomie und die wichtigsten Sehensw\u00fcrdigkeiten der Orte am Primitivo","breadcrumb":{"@id":"https:\/\/www.pilgrim.es\/de\/primitiver-weg\/oviedo\/#breadcrumb"},"inLanguage":"de","potentialAction":[{"@type":"ReadAction","target":["https:\/\/www.pilgrim.es\/de\/primitiver-weg\/oviedo\/"]}]},{"@type":"ImageObject","inLanguage":"de","@id":"https:\/\/www.pilgrim.es\/de\/primitiver-weg\/oviedo\/#primaryimage","url":"https:\/\/www.pilgrim.es\/wp-content\/uploads\/2019\/02\/oviedo1.jpg","contentUrl":"https:\/\/www.pilgrim.es\/wp-content\/uploads\/2019\/02\/oviedo1.jpg","width":1024,"height":767,"caption":"Oviedo"},{"@type":"BreadcrumbList","@id":"https:\/\/www.pilgrim.es\/de\/primitiver-weg\/oviedo\/#breadcrumb","itemListElement":[{"@type":"ListItem","position":1,"name":"Camino de Santiago","item":"https:\/\/www.pilgrim.es\/de\/"},{"@type":"ListItem","position":2,"name":"Der Primitive Weg (Urweg)","item":"https:\/\/www.pilgrim.es\/de\/primitiver-weg\/"},{"@type":"ListItem","position":3,"name":"Oviedo"}]},{"@type":"WebSite","@id":"https:\/\/www.pilgrim.es\/de\/#website","url":"https:\/\/www.pilgrim.es\/de\/","name":"Pilgrim","description":"Camino de Santiago | Caminamos Contigo","publisher":{"@id":"https:\/\/www.pilgrim.es\/de\/#organization"},"potentialAction":[{"@type":"SearchAction","target":{"@type":"EntryPoint","urlTemplate":"https:\/\/www.pilgrim.es\/de\/?s={search_term_string}"},"query-input":{"@type":"PropertyValueSpecification","valueRequired":true,"valueName":"search_term_string"}}],"inLanguage":"de"},{"@type":"Organization","@id":"https:\/\/www.pilgrim.es\/de\/#organization","name":"Pilgrim Camino de Santiago","url":"https:\/\/www.pilgrim.es\/de\/","logo":{"@type":"ImageObject","inLanguage":"de","@id":"https:\/\/www.pilgrim.es\/de\/#\/schema\/logo\/image\/","url":"https:\/\/www.pilgrim.es\/wp-content\/uploads\/2019\/04\/logo_pilgrim.png","contentUrl":"https:\/\/www.pilgrim.es\/wp-content\/uploads\/2019\/04\/logo_pilgrim.png","width":512,"height":512,"caption":"Pilgrim Camino de Santiago"},"image":{"@id":"https:\/\/www.pilgrim.es\/de\/#\/schema\/logo\/image\/"},"sameAs":["https:\/\/www.facebook.com\/pilgrim.es\/","https:\/\/x.com\/pilgrim_es","https:\/\/www.instagram.com\/pilgrim.es\/","https:\/\/www.linkedin.com\/company\/pilgrim-camino-de-santiago\/","https:\/\/www.pinterest.es\/pilgrimcaminodesantiago\/","https:\/\/www.youtube.com\/channel\/UCIv2ZzFLXVqthkNF32rKedw\/featured"]}]}},"_links":{"self":[{"href":"https:\/\/www.pilgrim.es\/de\/wp-json\/wp\/v2\/pages\/91403","targetHints":{"allow":["GET"]}}],"collection":[{"href":"https:\/\/www.pilgrim.es\/de\/wp-json\/wp\/v2\/pages"}],"about":[{"href":"https:\/\/www.pilgrim.es\/de\/wp-json\/wp\/v2\/types\/page"}],"replies":[{"embeddable":true,"href":"https:\/\/www.pilgrim.es\/de\/wp-json\/wp\/v2\/comments?post=91403"}],"version-history":[{"count":0,"href":"https:\/\/www.pilgrim.es\/de\/wp-json\/wp\/v2\/pages\/91403\/revisions"}],"up":[{"embeddable":true,"href":"https:\/\/www.pilgrim.es\/de\/wp-json\/wp\/v2\/pages\/10635"}],"wp:featuredmedia":[{"embeddable":true,"href":"https:\/\/www.pilgrim.es\/de\/wp-json\/wp\/v2\/media\/6864"}],"wp:attachment":[{"href":"https:\/\/www.pilgrim.es\/de\/wp-json\/wp\/v2\/media?parent=91403"}],"wp:term":[{"taxonomy":"category","embeddable":true,"href":"https:\/\/www.pilgrim.es\/de\/wp-json\/wp\/v2\/categories?post=91403"},{"taxonomy":"post_tag","embeddable":true,"href":"https:\/\/www.pilgrim.es\/de\/wp-json\/wp\/v2\/tags?post=91403"}],"curies":[{"name":"wp","href":"https:\/\/api.w.org\/{rel}","templated":true}]}}