{"id":91390,"date":"2025-03-17T15:22:29","date_gmt":"2025-03-17T15:22:29","guid":{"rendered":"https:\/\/www.pilgrim.es\/winter-weg\/monforte-de-lemos\/"},"modified":"2025-03-17T15:22:29","modified_gmt":"2025-03-17T15:22:29","slug":"monforte-de-lemos","status":"publish","type":"page","link":"https:\/\/www.pilgrim.es\/de\/winter-weg\/monforte-de-lemos\/","title":{"rendered":"Monforte de Lemos"},"content":{"rendered":" <section id=\"hero\">\n\t<h1>Monforte de Lemos<\/h1>\n\t<div class=\"hero-grid\">\n\t\t<div class=\"hero-grid__town-col\" data-background=\"https:\/\/cdn.pilgrim.es\/web\/caminos\/camino-invierno\/pueblos\/monforte-de-lemos.jpg\">\n\t\t\t<div>\n\t\t\t\t<a class=\"link-to-stage\" href=\"https:\/\/www.pilgrim.es\/camino-invierno\/etapa-5-quiroga-monforte-de-lemos\/\">\n\t\t\t\t\t<p>&#8249; Zur\u00fcck zur B\u00fchne<\/p>\n\t\t\t\t<\/a>\n\n\t\t\t\t<div class=\"town-data\">\n\t\t\t\t\t<h2>Monforte de Lemos<\/h2>\n\t\t\t\t\t<ul>\n\t\t\t\t\t\t<li>Einwohner: 19.201 aprox.<\/li>\n\t\t\t\t\t\t<li>Bundesland: Lugo<\/li>\n\t\t\t\t\t<\/ul>\n\t\t\t\t<\/div>\n\t\t\t<\/div>\n\t\t<\/div>\n\t\t<div class=\"hero-grid__planner-col\"><div\r\n  class=\"p-col-span-1 p-rounded-lg p-px-5 p-h-full\"\r\n  style=\"background-image: url('https:\/\/cdn.pilgrim.es\/web\/pilgrim-planner\/bg-plugin-planificador.webp')\"\r\n  rel=\"preload\"\r\n  fetchpriority=\"high\"\r\n  >\r\n    <div class=\"p-text-center p-pt-5 p-text-white p-text-2xl p-font-semibold\">\r\n      Plane deinen Weg    <\/div>\r\n    <div\r\n            id='primary-app'\r\n            data-name='banner'\r\n            data-api='https:\/\/pathfinder.pilgrim.es\/api\/pathfinder\/v2'\r\n            data-mode='normal'\r\n            data-lang='de'\r\n            data-route='1'\r\n            data-destiny='https:\/\/planificador.pilgrim.es'\r\n            data-modality='1'\r\n            data-inline=''\r\n        ><\/div><\/div><\/div>\n\t<\/div>\n<\/section>\n\n<section id=\"infoTown\">\n\t<div class=\"sections-town\">\n\n\t\t<div id=\"informationSection\">\n\t\t\t<div>\n\t\t\t\t<h2 class=\"p-h2-town\">Informationen<\/h2>\n\t\t\t\t<hr>\n\t\t\t\t<h3 class=\"p-h3-town\">Get to know Monforte de Lemos<\/h3>\n\t\t\t<\/div>\n\t\t\t<p>Monforte de Lemos gilt als Hauptstadt der Ribeira Sacra, nicht nur, weil es im Zentrum der Region liegt, sondern auch, weil es die einzige Gemeinde ist, die als Stadt gilt.<\/p> <p>Sie hat eine gro\u00dfe Geschichte und ist mit allen Arten von Dienstleistungen ausgestattet, die Pilger auf ihrem Weg nach Santiago ben\u00f6tigen.\n\t\t<\/div>\n\n\t\t<div id=\"locationSection\">\n\t\t\t<div>\n\t\t\t\t<h2 class=\"p-h2-town\">Standort<\/h2>\n\t\t\t\t<hr>\n\t\t\t\t<h3 class=\"p-h3-town\">Wegbeschreibung<\/h3>\n\t\t\t<\/div>\n\t\t\t<p>Die Gemeinde Monforte de Lemos ist haupts\u00e4chlich \u00fcber die Stra\u00dfe zu erreichen, auch wenn keine Hauptstra\u00dfe nach Monforte f\u00fchrt. Die Autobahn A-52 m\u00fcndet an der Ausfahrt Orense in eine Regionalstra\u00dfe, die bis zum Ort f\u00fchrt. Dasselbe gilt f\u00fcr die A-6, Ausfahrt Ponferrada oder Ausfahrt Lugo, \u00fcber die man \u00fcber Nebenstra\u00dfen in die Region Ribeira Sacra gelangt.\n\n<p>Wenn Sie sich f\u00fcr eine Fahrt mit dem Bus entscheiden, bieten mehrere Unternehmen regelm\u00e4\u00dfige Linien an, mit denen Sie die Gemeinde von verschiedenen Teilen Galiciens aus erreichen k\u00f6nnen, wie Santiago de Compostela, Lugo, Orense und O Barco de Valdeorras. Die Unternehmen VIBASA und ALSA bieten Linien von verschiedenen St\u00e4dten Spaniens aus an, z. B. von Madrid.\n\t\t\t<div>\n\t\t\t\t<div>\n  <iframe loading=\"lazy\"\n    src=\"https:\/\/www.google.com\/maps\/d\/embed?mid=1o4Dmo2Tfg1od7EzFASLnba3sz7F06iY&amp;ehbc=2E312F\"\n    width=\"640\"\n    height=\"480\"\n    alt=\"Mapa Monforte de Lemos\"\n  ><\/iframe>\n<\/div>\n\n\t\t\t<\/div>\n\t\t<\/div>\n\n\t\t\n\t\t\t<div id=\"toVisitSection\">\n\t\t\t\t<div>\n\t\t\t\t\t<h2 class=\"p-h2-town\">Geschichte \/ Kultur<\/h2>\n\t\t\t\t\t<hr>\n\t\t\t\t\t<h3 class=\"p-h3-town\">Was es zu sehen gibt<\/h3>\n\t\t\t\t<\/div>\n\t\t\t\t<div>\n\t\t\t\t\t<div class=\"accordion\">\n\t\t\t\t\t\t<div class=\"accordion__menu\">\n\t\t\t\t\t\t\t<nav>\n\t\t\t\t\t\t\t\t\n\t\t\t\t\t\t\t\t\t<button class=\"nav-tab-accordion active\"><span>&#10093;<\/span><span> Colegio de los Padres Escolapios<\/span><\/button>\n\t\t\t\t\t\t\t\t\n\t\t\t\t\t\t\t\t\t<button class=\"nav-tab-accordion \"><span>&#10093;<\/span><span> Burgo Medieval y Juder\u00eda<\/span><\/button>\n\t\t\t\t\t\t\t\t\n\t\t\t\t\t\t\t\t\t<button class=\"nav-tab-accordion \"><span>&#10093;<\/span><span> Centro del Vino de la Ribeira Sacra<\/span><\/button>\n\t\t\t\t\t\t\t\t\n\t\t\t\t\t\t\t\t\t<button class=\"nav-tab-accordion \"><span>&#10093;<\/span><span> Monasterio San Vicente do Pino<\/span><\/button>\n\t\t\t\t\t\t\t\t\n\t\t\t\t\t\t\t\t\t<button class=\"nav-tab-accordion \"><span>&#10093;<\/span><span> Monasterio de San Salvador<\/span><\/button>\n\t\t\t\t\t\t\t\t\n\t\t\t\t\t\t\t\t\t<button class=\"nav-tab-accordion \"><span>&#10093;<\/span><span> Museo de Arte Sacro de las Madres Clarisas<\/span><\/button>\n\t\t\t\t\t\t\t\t\n\t\t\t\t\t\t\t\t\t<button class=\"nav-tab-accordion \"><span>&#10093;<\/span><span> Museo del Ferrocarril<\/span><\/button>\n\t\t\t\t\t\t\t\t\n\t\t\t\t\t\t\t\t\t<button class=\"nav-tab-accordion \"><span>&#10093;<\/span><span> Palacio Condal<\/span><\/button>\n\t\t\t\t\t\t\t\t\n\t\t\t\t\t\t\t\t\t<button class=\"nav-tab-accordion \"><span>&#10093;<\/span><span> Pazo Molinos de Antero<\/span><\/button>\n\t\t\t\t\t\t\t\t\n\t\t\t\t\t\t\t\t\t<button class=\"nav-tab-accordion \"><span>&#10093;<\/span><span> Ponte Vella<\/span><\/button>\n\t\t\t\t\t\t\t\t\n\t\t\t\t\t\t\t\t\t<button class=\"nav-tab-accordion \"><span>&#10093;<\/span><span> Torre del Homenaje<\/span><\/button>\n\t\t\t\t\t\t\t\t\n\t\t\t\t\t\t\t<\/nav>\n\t\t\t\t\t\t<\/div>\n\n\t\t\t\t\t\t\n\t\t\t\t\t\t\t<div class=\"accordion__accordion-content \">\n\t\t\t\t\t\t\t\t<div>\n\t\t\t\t\t\t\t\t\t<div>\n\t\t\t\t\t\t\t\t\t\t<h4>Colegio de los Padres Escolapios<\/h4>\n\t\t\t\t\t\t\t\t\t\t<p>Die Schule der Piaristenpatres wurde von Kardinal Rodrigo de Castro, Sohn der III. Gr\u00e4fin von Lemos D\u00aa Beatriz de Castro und des Grafen Don \u00c1lvaro de Osorio, gegr\u00fcndet. Die Schule im herrerianischen Stil wurde von verschiedenen Architekten gebaut.\n\n<p>Der Kreuzgang, der im dorischen Stil mit kannelierten S\u00e4ulen und einem mit Triglyphen und Metopen verzierten Fries errichtet wurde, ist das herausragendste Merkmal der Schule. Im oberen Teil des Kreuzgangs befinden sich f\u00fcnf Fenster, in deren Mitte sich ein Oculus befindet, mit Ausnahme der mittleren, \u00fcber denen sich ein Wappen befindet.<\/p> <p>Der Kreuzgang hat f\u00fcnf Fenster, in deren Mitte sich ein Oculus befindet, mit Ausnahme der mittleren, \u00fcber denen sich ein Wappen befindet.\n\n<p>Vom Kreuzgang der Schule aus hat man Zugang zur Kirche im Jesuitenstil, deren Bau vom Ges\u00fa in Rom inspiriert wurde, und zur Treppe, die zu den Klassen der Sekundarstufe f\u00fchrt, die dort heute unterrichtet werden.<\/p> <p>Vom Kreuzgang der Schule aus hat man Zugang zur Kirche, deren Bau vom Ges\u00fa in Rom inspiriert wurde, und zur Treppe, die zu den Klassen der Sekundarstufe f\u00fchrt, die dort heute unterrichtet werden.\n\n<p>INFORMATIONEN VON INTERESSE<\/p>\n\n<p>Telefon: 982 400 450<\/p> <p>Telefon: 982 400 450<\/p>\n\t\t\t\t\t\t\t\t\t<\/div>\n\t\t\t\t\t\t\t\t\t<img decoding=\"async\" src=\"https:\/\/cdn.pilgrim.es\/web\/caminos\/camino-invierno\/pueblos\/monforte-de-lemos\/puntos-de-interes\/colegio-de-los-padres-escolapios.jpg\" alt=\"Colegio de los Padres Escolapios\">\n\t\t\t\t\t\t\t\t<\/div>\n\t\t\t\t\t\t\t<\/div>\n\t\t\t\t\t\t\n\t\t\t\t\t\t\t<div class=\"accordion__accordion-content inactive\">\n\t\t\t\t\t\t\t\t<div>\n\t\t\t\t\t\t\t\t\t<div>\n\t\t\t\t\t\t\t\t\t\t<h4>Burgo Medieval y Juder\u00eda<\/h4>\n\t\t\t\t\t\t\t\t\t\t<p>Die erste Station des Besuchs ist der Torre del Homenaje (Huldigungsturm), wo man durch das gesamte j\u00fcdische Viertel spazieren kann und noch die H\u00e4user einiger ber\u00fchmter Juden, wie der Familie Gaibor, besichtigen kann. <\/p>\n\n<p>Nach der Besichtigung findet man in der Stra\u00dfe Pescader\u00edas einen weiteren der T\u00fcrme der Stadtmauer, von dem aus man einen herrlichen Blick auf die Stadt, das Kloster A Regua und die Stadtmauer im Allgemeinen hat. Weiter unten befindet sich das alte Gef\u00e4ngnis, das dank seiner neuen Terrasse erneut einen Panoramablick auf die Altstadt bietet, und schlie\u00dflich kann man ganz in der N\u00e4he dieses Geb\u00e4udes \u00fcber die Plaza de Espa\u00f1a schlendern, den Haupteingang zum Gesch\u00e4ftsviertel.\n\t\t\t\t\t\t\t\t\t<\/div>\n\t\t\t\t\t\t\t\t\t<img decoding=\"async\" src=\"https:\/\/cdn.pilgrim.es\/web\/caminos\/camino-invierno\/pueblos\/monforte-de-lemos\/puntos-de-interes\/burgo-medieval-y-juderia.jpg\" alt=\"Burgo Medieval y Juder\u00eda\">\n\t\t\t\t\t\t\t\t<\/div>\n\t\t\t\t\t\t\t<\/div>\n\t\t\t\t\t\t\n\t\t\t\t\t\t\t<div class=\"accordion__accordion-content inactive\">\n\t\t\t\t\t\t\t\t<div>\n\t\t\t\t\t\t\t\t\t<div>\n\t\t\t\t\t\t\t\t\t\t<h4>Centro del Vino de la Ribeira Sacra<\/h4>\n\t\t\t\t\t\t\t\t\t\t<p>Das Weinzentrum Ribeira Sacra befindet sich in einem Geb\u00e4ude aus dem Jahr 1583, das urspr\u00fcnglich als Krankenhaus genutzt wurde, aber im Laufe der Jahre und nach mehreren Renovierungen verschiedene Nutzungen erfuhr, bis es 2009 zum Sitz des Weinzentrums Ribeira Sacra wurde.<\/p> <p>Das Weinzentrum Ribeira Sacra befindet sich in einem Geb\u00e4ude aus dem Jahr 1583, das urspr\u00fcnglich als Krankenhaus genutzt wurde, aber im Laufe der Jahre und nach mehreren Renovierungen verschiedene Nutzungen erfuhr, bis es 2009 zum Sitz des Weinzentrums Ribeira Sacra wurde.<\/p> <p>Das Weinzentrum Ribeira Sacra.\n\n<p>Es beherbergt derzeit eine gro\u00dfartige Ausstellung \u00fcber den Wein der Region, mit einem Verkostungsraum, einer Tapas-Bar und einem gro\u00dfen Gesch\u00e4ft, in dem eine gro\u00dfe Auswahl an Weinen mit der Herkunftsbezeichnung Ribeira Sacra verkauft wird.\n\n<p>INFORMATIONEN VON INTERESSE<\/p>\n\n<p>Web: www.centrovino-ribeirasacra.com E-Mail: info@centrovino-ribeirasacra.com Telefon: 982 105 303<\/p> <p>Web: www.centrovino-ribeirasacra.com E-Mail: info@centrovino-ribeirasacra.com Telefon: 982 105 303<\/p>\n\t\t\t\t\t\t\t\t\t<\/div>\n\t\t\t\t\t\t\t\t\t<img decoding=\"async\" src=\"https:\/\/cdn.pilgrim.es\/web\/caminos\/camino-invierno\/pueblos\/monforte-de-lemos\/puntos-de-interes\/centro-del-vino-de-la-ribeira-sacra.jpg\" alt=\"Centro del Vino de la Ribeira Sacra\">\n\t\t\t\t\t\t\t\t<\/div>\n\t\t\t\t\t\t\t<\/div>\n\t\t\t\t\t\t\n\t\t\t\t\t\t\t<div class=\"accordion__accordion-content inactive\">\n\t\t\t\t\t\t\t\t<div>\n\t\t\t\t\t\t\t\t\t<div>\n\t\t\t\t\t\t\t\t\t\t<h4>Monasterio San Vicente do Pino<\/h4>\n\t\t\t\t\t\t\t\t\t\t<p>Das Benediktinerkloster San Vicente del Pino wurde im 16. Jahrhundert errichtet und in verschiedenen Phasen gebaut, so dass verschiedene Stile ineinander \u00fcbergehen. Dieses Monument wurde auf einem anderen primitiven Geb\u00e4ude aus dem 10. Jahrhundert errichtet. <\/p>\n\n<p>Ein gro\u00dfer Teil des Klosterkomplexes ist heute restauriert und beherbergt den Parador de Monforte de Lemos.\n\n<p>INFORMATIONEN VON INTERESSE<\/p> <p>Informationen von Interesse<\/p> <p>Informationen von Interesse\n\n<p>Telefon: 982 418 484<\/p> <p>Telefon: 982 418 484<\/p>\n\t\t\t\t\t\t\t\t\t<\/div>\n\t\t\t\t\t\t\t\t\t<img decoding=\"async\" src=\"https:\/\/cdn.pilgrim.es\/web\/caminos\/camino-invierno\/pueblos\/monforte-de-lemos\/puntos-de-interes\/monasterio-san-vicente-do-pino.jpg\" alt=\"Monasterio San Vicente do Pino\">\n\t\t\t\t\t\t\t\t<\/div>\n\t\t\t\t\t\t\t<\/div>\n\t\t\t\t\t\t\n\t\t\t\t\t\t\t<div class=\"accordion__accordion-content inactive\">\n\t\t\t\t\t\t\t\t<div>\n\t\t\t\t\t\t\t\t\t<div>\n\t\t\t\t\t\t\t\t\t\t<h4>Monasterio de San Salvador<\/h4>\n\t\t\t\t\t\t\t\t\t\t<p>Das Kloster von San Salvador war ein reines Frauenkloster und geh\u00f6rte im Laufe der Jahre verschiedenen Orden. Heute ist es das einzige in der autonomen Gemeinschaft, das noch als Kloster genutzt wird. <\/p>\n\n<p>Es wurde sehr langsam, \u00fcber fast f\u00fcnf Jahrhunderte hinweg, erbaut, so dass wir sehen k\u00f6nnen, dass viele seiner Teile aus verschiedenen architektonischen Stilen bestehen. Da ist zum einen die romanische Kirche aus dem 12. Jahrhundert, dann der Kreuzgang, der im 15. Jahrhundert errichtet wurde, und der Rest der Elemente aus dem 18. Zu seinem Schutz wurde eine Mauer um das Kloster gebaut, in deren Inneren sich ein Kreuzgang befindet, in dem das Grab der Rektorin des Klosters, Do\u00f1a Fronilde, untergebracht ist und in dem Don Diego de Lemos und sein Sohn, der Anf\u00fchrer der Irmandi\u00f1as-Revolte, begraben sind.\n\n<p>STUNDEN T\u00e4glich von 11:00 bis 13:00 Uhr und von 16:00 bis 18:00 Uhr <\/p> <p>.\n\t\t\t\t\t\t\t\t\t<\/div>\n\t\t\t\t\t\t\t\t\t<img decoding=\"async\" src=\"https:\/\/cdn.pilgrim.es\/web\/caminos\/camino-invierno\/pueblos\/monforte-de-lemos\/puntos-de-interes\/monasterio-de-san-salvador.jpg\" alt=\"Monasterio de San Salvador\">\n\t\t\t\t\t\t\t\t<\/div>\n\t\t\t\t\t\t\t<\/div>\n\t\t\t\t\t\t\n\t\t\t\t\t\t\t<div class=\"accordion__accordion-content inactive\">\n\t\t\t\t\t\t\t\t<div>\n\t\t\t\t\t\t\t\t\t<div>\n\t\t\t\t\t\t\t\t\t\t<h4>Museo de Arte Sacro de las Madres Clarisas<\/h4>\n\t\t\t\t\t\t\t\t\t\t<p>Das Museo de Arte Sacro de las Madres Clarisas beherbergt eine der beeindruckendsten und wichtigsten Ausstellungen unseres Landes. Es ist in einem Kloster aus dem 17. Jahrhundert untergebracht, das von den VII Grafen von Lemos und Vizek\u00f6nigen von Neapel regiert wurde, die einen gro\u00dfen Teil ihrer Kunstsammlung mit italienischen und spanischen Werken stifteten. <\/p>\n\n<p>In dem Kloster leben auch die Nonnen des Ordens der enthaltsamen Franziskanerinnen.<\/p> <p>Das Kloster ist auch die Heimat der Franziskanerinnen des Ordens der barf\u00fc\u00dfigen Franziskanerinnen.\n\n<p>STUNDEN<\/p>\n\n<p>Montag bis Samstag Schichten um 11:00, 12:00, 16:00, 17:00 und 18:00Sonn- und Feiertage Schichten um 12:00, 16:00, 17:00 und 18:00F\u00fchrungen von 45 Minuten<\/p>\n\n<p>GEB\u00dcHR<\/p>\n\n<p>Einzeleintritt 4\u20ac<\/p>\n\n<p>INFORMATIONEN VON INTERESSE<\/p>\n\n<p>Web: museos.xunta.gal\/de\/clarisas-monforteE-Mail: sacro33@hotmail.comTel\u00e9fono: 982 401 544<\/p>\n\t\t\t\t\t\t\t\t\t<\/div>\n\t\t\t\t\t\t\t\t\t<img decoding=\"async\" src=\"https:\/\/cdn.pilgrim.es\/web\/caminos\/camino-invierno\/pueblos\/monforte-de-lemos\/puntos-de-interes\/museo-de-arte-sacro-de-las-madres-clarisas.jpg\" alt=\"Museo de Arte Sacro de las Madres Clarisas\">\n\t\t\t\t\t\t\t\t<\/div>\n\t\t\t\t\t\t\t<\/div>\n\t\t\t\t\t\t\n\t\t\t\t\t\t\t<div class=\"accordion__accordion-content inactive\">\n\t\t\t\t\t\t\t\t<div>\n\t\t\t\t\t\t\t\t\t<div>\n\t\t\t\t\t\t\t\t\t\t<h4>Museo del Ferrocarril<\/h4>\n\t\t\t\t\t\t\t\t\t\t<p>K\u00f6nig Alfonso XII. weihte 1883 die Eisenbahnlinie ein, die Madrid mit der Stadt A Coru\u00f1a verbinden sollte, weshalb Monforte de Lemos zu einem wichtigen Eisenbahnpunkt wurde. <\/p>\n\n<p>Im 20. Jahrhundert gab es in Monforte jedoch keine Eisenbahn mehr, und in dem Geb\u00e4ude, das als Depot diente, wurde das Eisenbahnmuseum eingerichtet, das Ausstellungen von Wagen und Lokomotiven der damaligen Zeit beherbergt.\n\n<p>STUNDEN<\/p>\n\n<p>Dienstags bis freitags von 10:00 bis 14:00 Uhr und von 16:00 bis 19:00 Uhr Samstags, sonntags und an Feiertagen von 12:00 bis 14:00 Uhr und von 17:00 bis 19:00 Uhr Montags geschlossen au\u00dfer an Feiertagen<\/p> &lt;p\n\n<p>INFORMATIONEN VON INTERESSE<\/p>\n\n<p>E-Mail: direccion@muferga.es Telefon: 982 418 421<\/p>\n\t\t\t\t\t\t\t\t\t<\/div>\n\t\t\t\t\t\t\t\t\t<img decoding=\"async\" src=\"https:\/\/cdn.pilgrim.es\/web\/caminos\/camino-invierno\/pueblos\/monforte-de-lemos\/puntos-de-interes\/museo-del-ferrocarril.jpg\" alt=\"Museo del Ferrocarril\">\n\t\t\t\t\t\t\t\t<\/div>\n\t\t\t\t\t\t\t<\/div>\n\t\t\t\t\t\t\n\t\t\t\t\t\t\t<div class=\"accordion__accordion-content inactive\">\n\t\t\t\t\t\t\t\t<div>\n\t\t\t\t\t\t\t\t\t<div>\n\t\t\t\t\t\t\t\t\t\t<h4>Palacio Condal<\/h4>\n\t\t\t\t\t\t\t\t\t\t<p>Der Palacio Condal war der Sitz der Grafen von Lemos und wurde im 16. Jahrhundert erbaut, aber ein schrecklicher Brand zerst\u00f6rte das Geb\u00e4ude, das ein Jahrhundert sp\u00e4ter wieder aufgebaut werden musste. <\/p>\n\n<p>Heute befindet sich dieses pr\u00e4chtige Geb\u00e4ude auf dem Gel\u00e4nde des Parador, wo viele seiner R\u00e4ume zu finden sind. <\/p>\n\t\t\t\t\t\t\t\t\t<\/div>\n\t\t\t\t\t\t\t\t\t<img decoding=\"async\" src=\"https:\/\/cdn.pilgrim.es\/web\/caminos\/camino-invierno\/pueblos\/monforte-de-lemos\/puntos-de-interes\/palacio-condal.jpg\" alt=\"Palacio Condal\">\n\t\t\t\t\t\t\t\t<\/div>\n\t\t\t\t\t\t\t<\/div>\n\t\t\t\t\t\t\n\t\t\t\t\t\t\t<div class=\"accordion__accordion-content inactive\">\n\t\t\t\t\t\t\t\t<div>\n\t\t\t\t\t\t\t\t\t<div>\n\t\t\t\t\t\t\t\t\t\t<h4>Pazo Molinos de Antero<\/h4>\n\t\t\t\t\t\t\t\t\t\t<p>Der Pazo de Molinos de Antero ist ein wundersch\u00f6nes Geb\u00e4ude, das sich von den anderen galicischen Pazos durch seine kuriose franz\u00f6sisch anmutende Architektur und die unglaubliche malerische Dekoration seiner R\u00e4ume abhebt. Als es gebaut wurde, diente es der Erhebung von Steuern, wie z. B. der Tabaksteuer, was das umfangreiche Sicherheitssystem des Geb\u00e4udes erkl\u00e4rt.\n\n<p>INFORMATIONEN VON INTERESSE<\/p> <p>Interessante Informationen\n\n<p>Web: www.pazomolinosdeantero.comE-mail: info@pazomolinosdeantero.comTel\u00e9fono: 982403072, 676573563<\/p> <p>Web: www.pazomolinosdeantero.comE-mail: info@pazomolinosdeantero.comTel\u00e9fono: 982403072, 676573563<\/p>\n\t\t\t\t\t\t\t\t\t<\/div>\n\t\t\t\t\t\t\t\t\t<img decoding=\"async\" src=\"https:\/\/cdn.pilgrim.es\/web\/caminos\/camino-invierno\/pueblos\/monforte-de-lemos\/puntos-de-interes\/pazo-molinos-de-antero.jpg\" alt=\"Pazo Molinos de Antero\">\n\t\t\t\t\t\t\t\t<\/div>\n\t\t\t\t\t\t\t<\/div>\n\t\t\t\t\t\t\n\t\t\t\t\t\t\t<div class=\"accordion__accordion-content inactive\">\n\t\t\t\t\t\t\t\t<div>\n\t\t\t\t\t\t\t\t\t<div>\n\t\t\t\t\t\t\t\t\t\t<h4>Ponte Vella<\/h4>\n\t\t\t\t\t\t\t\t\t\t<p>Eine Ponte Vella ist r\u00f6mischen Ursprungs, musste aber Ende des 16. Jahrhunderts von dem bekannten Pedro Rodr\u00edguez Remberde umgestaltet werden. <\/p>\n\n<p>Heute hat sie noch vier Rundb\u00f6gen, an denen man die verschiedenen Signaturen des Steinmetzmeisters erkennen kann.<\/p> <p>A Ponte Vella ist r\u00f6mischen Ursprungs.\n\t\t\t\t\t\t\t\t\t<\/div>\n\t\t\t\t\t\t\t\t\t<img decoding=\"async\" src=\"https:\/\/cdn.pilgrim.es\/web\/caminos\/camino-invierno\/pueblos\/monforte-de-lemos\/puntos-de-interes\/ponte-vella.jpg\" alt=\"Ponte Vella\">\n\t\t\t\t\t\t\t\t<\/div>\n\t\t\t\t\t\t\t<\/div>\n\t\t\t\t\t\t\n\t\t\t\t\t\t\t<div class=\"accordion__accordion-content inactive\">\n\t\t\t\t\t\t\t\t<div>\n\t\t\t\t\t\t\t\t\t<div>\n\t\t\t\t\t\t\t\t\t\t<h4>Torre del Homenaje<\/h4>\n\t\t\t\t\t\t\t\t\t\t<p>Der Bergfried wurde zwischen dem 13. und 15. Jahrhundert errichtet und hei\u00dft so, weil hier die Huldigungszeremonien stattfanden, ein ber\u00fchmtes Ritual, das den Burgherrn mit seinem Vasallen verband. <\/p>\n\n<p>F\u00fcr die damalige Zeit ist das Geb\u00e4ude 30 m hoch, mit 13 m auf einer Seite und 3 m dicken Mauern, die das Innere vor K\u00e4lte, Hitze und m\u00f6glichen Angriffen sch\u00fctzen. <\/p>\n\n<p>Der Turm und die Mauern der Festung wurden w\u00e4hrend des gro\u00dfen Irmandi\u00f1os-Krieges fast zerst\u00f6rt und mussten nach Beendigung der schrecklichen Kriegssituation wieder aufgebaut werden.\n\t\t\t\t\t\t\t\t\t<\/div>\n\t\t\t\t\t\t\t\t\t<img decoding=\"async\" src=\"https:\/\/cdn.pilgrim.es\/web\/caminos\/camino-invierno\/pueblos\/monforte-de-lemos\/puntos-de-interes\/torre-del-homenaje.png\" alt=\"Torre del Homenaje\">\n\t\t\t\t\t\t\t\t<\/div>\n\t\t\t\t\t\t\t<\/div>\n\t\t\t\t\t\t\n\t\t\t\t\t<\/div>\n\t\t\t\t<\/div>\n\t\t\t<\/div>\n\t\t\n\n\t\t<div id=\"phonesSection\">\n\t\t\t<div>\n\t\t\t\t<h2 class=\"p-h3-town\">Informationen von Interesse<\/h2>\n\t\t\t<\/div>\n\t\t\t<div class=\"grid\">\n\t\t\t\t\n\t\t\t\t\t<div class=\"phone-number-item\">\n\t\t\t\t\t\t<div class=\"phone-number-item__icon\"><i class=\"icon-police\"><\/i><\/div>\n\t\t\t\t\t\t<div class=\"phone-number-item__title\">\n\t\t\t\t\t\t\t<h3 class=\"p-font-bold\">Ortspolizei<\/h3>\n\t\t\t\t\t\t\t<p>982 400 264<\/p>\n\t\t\t\t\t\t\t\n\t\t\t\t\t\t<\/div>\n\t\t\t\t\t<\/div>\n\t\t\t\t\n\t\t\t\t\t<div class=\"phone-number-item\">\n\t\t\t\t\t\t<div class=\"phone-number-item__icon\"><i class=\"icon-spanish-military-police\"><\/i><\/div>\n\t\t\t\t\t\t<div class=\"phone-number-item__title\">\n\t\t\t\t\t\t\t<h3 class=\"p-font-bold\">Zivilwache<\/h3>\n\t\t\t\t\t\t\t<p>982 410 023<\/p>\n\t\t\t\t\t\t\t\n\t\t\t\t\t\t<\/div>\n\t\t\t\t\t<\/div>\n\t\t\t\t\n\t\t\t\t\t<div class=\"phone-number-item\">\n\t\t\t\t\t\t<div class=\"phone-number-item__icon\"><i class=\"icon-firefighters\"><\/i><\/div>\n\t\t\t\t\t\t<div class=\"phone-number-item__title\">\n\t\t\t\t\t\t\t<h3 class=\"p-font-bold\">Feuerwehr<\/h3>\n\t\t\t\t\t\t\t<p>982 402 156<\/p>\n\t\t\t\t\t\t\t\n\t\t\t\t\t\t<\/div>\n\t\t\t\t\t<\/div>\n\t\t\t\t\n\t\t\t\t\t<div class=\"phone-number-item\">\n\t\t\t\t\t\t<div class=\"phone-number-item__icon\"><i class=\"icon-civil-protection\"><\/i><\/div>\n\t\t\t\t\t\t<div class=\"phone-number-item__title\">\n\t\t\t\t\t\t\t<h3 class=\"p-font-bold\">Zivilschutz<\/h3>\n\t\t\t\t\t\t\t<p>982 402 501 \/ 670 679 501<\/p>\n\t\t\t\t\t\t\t\n\t\t\t\t\t\t<\/div>\n\t\t\t\t\t<\/div>\n\t\t\t\t\n\t\t\t\t\t<div class=\"phone-number-item\">\n\t\t\t\t\t\t<div class=\"phone-number-item__icon\"><i class=\"icon-town-council\"><\/i><\/div>\n\t\t\t\t\t\t<div class=\"phone-number-item__title\">\n\t\t\t\t\t\t\t<h3 class=\"p-font-bold\">Rathaus<\/h3>\n\t\t\t\t\t\t\t<p>982 402 501<\/p>\n\t\t\t\t\t\t\t\n\t\t\t\t\t\t<\/div>\n\t\t\t\t\t<\/div>\n\t\t\t\t\n\t\t\t\t\t<div class=\"phone-number-item\">\n\t\t\t\t\t\t<div class=\"phone-number-item__icon\"><i class=\"icon-hospital\"><\/i><\/div>\n\t\t\t\t\t\t<div class=\"phone-number-item__title\">\n\t\t\t\t\t\t\t<h3 class=\"p-font-bold\">Gesundheitszentrum<\/h3>\n\t\t\t\t\t\t\t<p>982 404 712<\/p>\n\t\t\t\t\t\t\t\n\t\t\t\t\t\t<\/div>\n\t\t\t\t\t<\/div>\n\t\t\t\t\n\t\t\t\t\t<div class=\"phone-number-item\">\n\t\t\t\t\t\t<div class=\"phone-number-item__icon\"><i class=\"icon-tourism\"><\/i><\/div>\n\t\t\t\t\t\t<div class=\"phone-number-item__title\">\n\t\t\t\t\t\t\t<h3 class=\"p-font-bold\">Fremdenverkehrsamt<\/h3>\n\t\t\t\t\t\t\t<p>982 404 715<\/p>\n\t\t\t\t\t\t\t\n\t\t\t\t\t\t\t\t<p>C\/ Comercio, 8<\/p>\n\t\t\t\t\t\t\t\n\t\t\t\t\t\t<\/div>\n\t\t\t\t\t<\/div>\n\t\t\t\t\n\t\t\t<\/div>\n\t\t<\/div>\n\n\t\t<div id=\"clientForm\">\n        <section>\n        <img decoding=\"async\" src=\"https:\/\/cdn.pilgrim.es\/web\/home\/email-contacto.png\" alt=\"contacto\">\n        <div>\n            <p>Wir senden dir deine Planung<\/p>\n            <p>Gib uns deine Daten an und erhalte die Planung deiner Reise per E-Mail <\/p>\n            <form method=\"post\" data-url=\"\/wp-admin\/admin-ajax.php\" id=\"planner--client\" class=\"flag-right form-client\">\n    <div class=\"form-data\">\n        <input name=\"form_id\" type=\"hidden\" value=\"Formulario Leads\">\n        <input name=\"type\" type=\"hidden\" value=\"planner_client\">\n        <input type=\"text\" name=\"nombre\" value=\"\" size=\"40\" class=\"form-control\" aria-required=\"true\" aria-invalid=\"false\" placeholder=\"Name\">\n        <input type=\"email\" name=\"email\" value=\"\" size=\"40\" class=\"form-control\" aria-required=\"true\" aria-invalid=\"false\" placeholder=\"E- Mail\">\n        <input type=\"text\" id=\"phone-input\" name=\"tel\" value=\"\" size=\"40\" class=\"phone-input form-control\" aria-required=\"true\" aria-invalid=\"false\" placeholder=\"Telefon\">\n        <input type=\"hidden\" name=\"telefono\">\n    <\/div>\n    <div class=\"form-checkbox\">\n        <span>\n            Pilgrim Travel, S.L. teilt gem\u00e4\u00df Regulierung 2016\/679 mit, dass die in diesem Formular verwendeten Daten sowohl f\u00fcr die Beantwortung der m\u00f6glichen Anfragen als auch f\u00fcr die Ver\u00f6ffentlichung der Kommentare verwendet werden, mit der Zustimmung des Nutzers. Sie k\u00f6nnen Ihre Rechte in \u00dcbereinstimmung mit unserer Datenschutzbestimmungen aus\u00fcben             <a href=\"https:\/\/www.pilgrim.es\/politica-de-privacidad\/\" target=\"_blank\" rel=\"noopener noreferrer nofollow\">Datenschutzerkl\u00e4rung.<\/a>\n        <\/span>\n    <\/div>\n\n    <div class=\"form-submit\">\n        <button id=\"planner--client-create\" type=\"submit\">Anfrage senden<\/button>\n        <div class=\"loadingDiv\"><i class=\"p-spinner\"><\/i><\/div>\n    <\/div>\n\n    <div class=\"contact-content-form-success\">\n        <p><i class=\"fas fa-check\"><\/i> Das Formular hat sich erfolgreich gesendet.<\/p>\n    <\/div>\n\n    <div class=\"contact-content-form-error\">\n        <span class=\"input-error\"><\/span>\n    <\/div>\n<\/form>        <\/div>\n    <\/section>\n<\/div>\n\n\t\t<div id=\"recomendationSection\">\n\t\t\t<div>\n\t\t\t\t<h2 class=\"p-h2-town\">Empfohlen<\/h2>\n\t\t\t\t<hr>\n\t\t\t\t<h3 class=\"p-h3-town\">Gastronomie<\/h3>\n\t\t\t<\/div>\n\t\t\tDie Gastronomie von Monforte de Lemos ist vielf\u00e4ltig und abwechslungsreich. Hervorzuheben sind Fleisch, K\u00e4se und Mehlprodukte, insbesondere die Chorizo- oder Speckpastete, die in der Region sehr ber\u00fchmt ist, sowie das Brot.\n\nIn den B\u00e4ckereien von Monfort finden Sie viele verschiedene Varianten dieser Delikatesse, die alle k\u00f6stlich sind. Eine gute Beilage zum Brot war schon immer der Tintenfisch.\n\nZum Nachtisch d\u00fcrfen wir die ber\u00fchmte Larpeira nicht vergessen.\n\t\t<\/div>\n\n\n\t\t\n\t\t\t<div id=\"holidaysSection\">\n\t\t\t\t<div>\n\t\t\t\t\t<h2 class=\"p-h2-town\">Empfohlen<\/h2>\n\t\t\t\t\t<hr>\n\t\t\t\t\t<h3 class=\"p-h3-town\">Feste und Pilgerfahrten<\/h3>\n\t\t\t\t<\/div>\n\t\t\t\t<div class=\"grid holidays-grid\">\n\t\t\t\t\t\n\t\t\t\t\t\t<div>\n\t\t\t\t\t\t\t<div class=\"phone-number-item\">\n\t\t\t\t\t\t\t\t<div class=\"phone-number-item__icon\"><i class=\"icon-holiday\"><\/i><\/div>\n\t\t\t\t\t\t\t\t<div class=\"phone-number-item__title dark-text\">\n\t\t\t\t\t\t\t\t\t<p class=\"p-font-bold\">Lokaler Urlaub<\/p>\n\t\t\t\t\t\t\t\t\t<p>Abril: Feria medieval<\/p>\n\t\t\t\t\t\t\t\t<\/div>\n\t\t\t\t\t\t\t<\/div>\n\t\t\t\t\t\t<\/div>\n\t\t\t\t\t\n\t\t\t\t\t\t<div>\n\t\t\t\t\t\t\t<div class=\"phone-number-item\">\n\t\t\t\t\t\t\t\t<div class=\"phone-number-item__icon\"><i class=\"icon-holiday\"><\/i><\/div>\n\t\t\t\t\t\t\t\t<div class=\"phone-number-item__title dark-text\">\n\t\t\t\t\t\t\t\t\t<p class=\"p-font-bold\">Lokaler Urlaub<\/p>\n\t\t\t\t\t\t\t\t\t<p>A mediados de marzo: Fiesta de San L\u00e1zaro<\/p>\n\t\t\t\t\t\t\t\t<\/div>\n\t\t\t\t\t\t\t<\/div>\n\t\t\t\t\t\t<\/div>\n\t\t\t\t\t\n\t\t\t\t\t\t<div>\n\t\t\t\t\t\t\t<div class=\"phone-number-item\">\n\t\t\t\t\t\t\t\t<div class=\"phone-number-item__icon\"><i class=\"icon-holiday\"><\/i><\/div>\n\t\t\t\t\t\t\t\t<div class=\"phone-number-item__title dark-text\">\n\t\t\t\t\t\t\t\t\t<p class=\"p-font-bold\">Lokaler Urlaub<\/p>\n\t\t\t\t\t\t\t\t\t<p>24 de junio: San Juan<\/p>\n\t\t\t\t\t\t\t\t<\/div>\n\t\t\t\t\t\t\t<\/div>\n\t\t\t\t\t\t<\/div>\n\t\t\t\t\t\n\t\t\t\t\t\t<div>\n\t\t\t\t\t\t\t<div class=\"phone-number-item\">\n\t\t\t\t\t\t\t\t<div class=\"phone-number-item__icon\"><i class=\"icon-holiday\"><\/i><\/div>\n\t\t\t\t\t\t\t\t<div class=\"phone-number-item__title dark-text\">\n\t\t\t\t\t\t\t\t\t<p class=\"p-font-bold\">Lokaler Urlaub<\/p>\n\t\t\t\t\t\t\t\t\t<p>Agosto: Fiesta de la Virgen de Monserrat<\/p>\n\t\t\t\t\t\t\t\t<\/div>\n\t\t\t\t\t\t\t<\/div>\n\t\t\t\t\t\t<\/div>\n\t\t\t\t\t\n\t\t\t\t<\/div>\n\t\t\t<\/div>\n\t\t\n\t<\/div>\n<\/section>\n\n<div id=\"stage_list_section\"><div class=\"stage-list\">\n    <div class='stage-list__map-card'>\n        <div class='stage-list__map-card__map'>\n            <div class='stage-list__map-card__map__text'>\n                <h2> Pages <\/h2>\n                <p> Zu Fu\u00df<\/p>\n                <p> 0etappen<\/p>\n            <\/div>\n            <div class='stage-list__map-card__map__img'>\n                <img decoding=\"async\" src=\"\" alt=\" mapa \" \/>\n            <\/div>\n        <\/div>\n    <\/div>\n\n    <\/div>\n<\/div> ","protected":false},"excerpt":{"rendered":"<p>Monforte de Lemos &#8249; Zur\u00fcck zur B\u00fchne Monforte de Lemos Einwohner: 19.201 aprox. Bundesland: Lugo Informationen Get to know Monforte de Lemos Monforte de Lemos gilt als Hauptstadt der Ribeira Sacra, nicht nur, weil es im Zentrum der Region liegt, sondern auch, weil es die einzige Gemeinde ist, die als Stadt gilt. Sie hat eine &hellip; <\/p>\n<p class=\"read_more\"><a href=\"https:\/\/www.pilgrim.es\/de\/winter-weg\/monforte-de-lemos\/\">Leer m\u00e1s<\/a><\/p>\n","protected":false},"author":0,"featured_media":6549,"parent":10673,"menu_order":0,"comment_status":"closed","ping_status":"closed","template":"views\/template-new-web-design.blade.php","meta":{"footnotes":""},"categories":[],"tags":[],"class_list":["post-91390","page","type-page","status-publish","has-post-thumbnail","hentry"],"yoast_head":"<!-- This site is optimized with the Yoast SEO plugin v27.4 - https:\/\/yoast.com\/product\/yoast-seo-wordpress\/ -->\n<title>Monforte de Lemos: Was sehen und wo \u00fcbernachten | Jakobsweg | Pilgrim<\/title>\n<meta name=\"description\" content=\"Monforte de Lemos Entdecken Sie alle Informationen \u00fcber Unterk\u00fcnfte, Anreise, Gastronomie und die wichtigsten Sehensw\u00fcrdigkeiten der Orte am Winterweg\" \/>\n<meta name=\"robots\" content=\"index, follow, max-snippet:-1, max-image-preview:large, max-video-preview:-1\" \/>\n<link rel=\"canonical\" href=\"https:\/\/www.pilgrim.es\/de\/winter-weg\/monforte-de-lemos\/\" \/>\n<meta property=\"og:locale\" content=\"de_DE\" \/>\n<meta property=\"og:type\" content=\"article\" \/>\n<meta property=\"og:title\" content=\"Monforte de Lemos: Was sehen und wo \u00fcbernachten | Jakobsweg | Pilgrim\" \/>\n<meta property=\"og:description\" content=\"Monforte de Lemos Entdecken Sie alle Informationen \u00fcber Unterk\u00fcnfte, Anreise, Gastronomie und die wichtigsten Sehensw\u00fcrdigkeiten der Orte am Winterweg\" \/>\n<meta property=\"og:url\" content=\"https:\/\/www.pilgrim.es\/de\/winter-weg\/monforte-de-lemos\/\" \/>\n<meta property=\"og:site_name\" content=\"Pilgrim\" \/>\n<meta property=\"article:publisher\" content=\"https:\/\/www.facebook.com\/pilgrim.es\/\" \/>\n<meta property=\"og:image\" content=\"https:\/\/www.pilgrim.es\/wp-content\/uploads\/2019\/02\/Monforte-mriq69tysijjdnnx2qo89h3xrr301ygptv31ldgoq4.jpg\" \/>\n\t<meta property=\"og:image:width\" content=\"770\" \/>\n\t<meta property=\"og:image:height\" content=\"350\" \/>\n\t<meta property=\"og:image:type\" content=\"image\/jpeg\" \/>\n<meta name=\"twitter:card\" content=\"summary_large_image\" \/>\n<meta name=\"twitter:site\" content=\"@pilgrim_es\" \/>\n<meta name=\"twitter:label1\" content=\"Gesch\u00e4tzte Lesezeit\" \/>\n\t<meta name=\"twitter:data1\" content=\"8\u00a0Minuten\" \/>\n<script type=\"application\/ld+json\" class=\"yoast-schema-graph\">{\"@context\":\"https:\\\/\\\/schema.org\",\"@graph\":[{\"@type\":\"WebPage\",\"@id\":\"https:\\\/\\\/www.pilgrim.es\\\/de\\\/winter-weg\\\/monforte-de-lemos\\\/\",\"url\":\"https:\\\/\\\/www.pilgrim.es\\\/de\\\/winter-weg\\\/monforte-de-lemos\\\/\",\"name\":\"Monforte de Lemos: Was sehen und wo \u00fcbernachten | Jakobsweg | Pilgrim\",\"isPartOf\":{\"@id\":\"https:\\\/\\\/www.pilgrim.es\\\/de\\\/#website\"},\"primaryImageOfPage\":{\"@id\":\"https:\\\/\\\/www.pilgrim.es\\\/de\\\/winter-weg\\\/monforte-de-lemos\\\/#primaryimage\"},\"image\":{\"@id\":\"https:\\\/\\\/www.pilgrim.es\\\/de\\\/winter-weg\\\/monforte-de-lemos\\\/#primaryimage\"},\"thumbnailUrl\":\"https:\\\/\\\/www.pilgrim.es\\\/wp-content\\\/uploads\\\/2019\\\/02\\\/Monforte-mriq69tysijjdnnx2qo89h3xrr301ygptv31ldgoq4.jpg\",\"datePublished\":\"2025-03-17T15:22:29+00:00\",\"description\":\"Monforte de Lemos Entdecken Sie alle Informationen \u00fcber Unterk\u00fcnfte, Anreise, Gastronomie und die wichtigsten Sehensw\u00fcrdigkeiten der Orte am Winterweg\",\"breadcrumb\":{\"@id\":\"https:\\\/\\\/www.pilgrim.es\\\/de\\\/winter-weg\\\/monforte-de-lemos\\\/#breadcrumb\"},\"inLanguage\":\"de\",\"potentialAction\":[{\"@type\":\"ReadAction\",\"target\":[\"https:\\\/\\\/www.pilgrim.es\\\/de\\\/winter-weg\\\/monforte-de-lemos\\\/\"]}]},{\"@type\":\"ImageObject\",\"inLanguage\":\"de\",\"@id\":\"https:\\\/\\\/www.pilgrim.es\\\/de\\\/winter-weg\\\/monforte-de-lemos\\\/#primaryimage\",\"url\":\"https:\\\/\\\/www.pilgrim.es\\\/wp-content\\\/uploads\\\/2019\\\/02\\\/Monforte-mriq69tysijjdnnx2qo89h3xrr301ygptv31ldgoq4.jpg\",\"contentUrl\":\"https:\\\/\\\/www.pilgrim.es\\\/wp-content\\\/uploads\\\/2019\\\/02\\\/Monforte-mriq69tysijjdnnx2qo89h3xrr301ygptv31ldgoq4.jpg\",\"width\":770,\"height\":350,\"caption\":\"Monforte de Lemos\"},{\"@type\":\"BreadcrumbList\",\"@id\":\"https:\\\/\\\/www.pilgrim.es\\\/de\\\/winter-weg\\\/monforte-de-lemos\\\/#breadcrumb\",\"itemListElement\":[{\"@type\":\"ListItem\",\"position\":1,\"name\":\"Camino de Santiago\",\"item\":\"https:\\\/\\\/www.pilgrim.es\\\/de\\\/\"},{\"@type\":\"ListItem\",\"position\":2,\"name\":\"Winter Weg\",\"item\":\"https:\\\/\\\/www.pilgrim.es\\\/de\\\/winter-weg\\\/\"},{\"@type\":\"ListItem\",\"position\":3,\"name\":\"Monforte de Lemos\"}]},{\"@type\":\"WebSite\",\"@id\":\"https:\\\/\\\/www.pilgrim.es\\\/de\\\/#website\",\"url\":\"https:\\\/\\\/www.pilgrim.es\\\/de\\\/\",\"name\":\"Pilgrim\",\"description\":\"Camino de Santiago | Caminamos Contigo\",\"publisher\":{\"@id\":\"https:\\\/\\\/www.pilgrim.es\\\/de\\\/#organization\"},\"potentialAction\":[{\"@type\":\"SearchAction\",\"target\":{\"@type\":\"EntryPoint\",\"urlTemplate\":\"https:\\\/\\\/www.pilgrim.es\\\/de\\\/?s={search_term_string}\"},\"query-input\":{\"@type\":\"PropertyValueSpecification\",\"valueRequired\":true,\"valueName\":\"search_term_string\"}}],\"inLanguage\":\"de\"},{\"@type\":\"Organization\",\"@id\":\"https:\\\/\\\/www.pilgrim.es\\\/de\\\/#organization\",\"name\":\"Pilgrim Camino de Santiago\",\"url\":\"https:\\\/\\\/www.pilgrim.es\\\/de\\\/\",\"logo\":{\"@type\":\"ImageObject\",\"inLanguage\":\"de\",\"@id\":\"https:\\\/\\\/www.pilgrim.es\\\/de\\\/#\\\/schema\\\/logo\\\/image\\\/\",\"url\":\"https:\\\/\\\/www.pilgrim.es\\\/wp-content\\\/uploads\\\/2019\\\/04\\\/logo_pilgrim.png\",\"contentUrl\":\"https:\\\/\\\/www.pilgrim.es\\\/wp-content\\\/uploads\\\/2019\\\/04\\\/logo_pilgrim.png\",\"width\":512,\"height\":512,\"caption\":\"Pilgrim Camino de Santiago\"},\"image\":{\"@id\":\"https:\\\/\\\/www.pilgrim.es\\\/de\\\/#\\\/schema\\\/logo\\\/image\\\/\"},\"sameAs\":[\"https:\\\/\\\/www.facebook.com\\\/pilgrim.es\\\/\",\"https:\\\/\\\/x.com\\\/pilgrim_es\",\"https:\\\/\\\/www.instagram.com\\\/pilgrim.es\\\/\",\"https:\\\/\\\/www.linkedin.com\\\/company\\\/pilgrim-camino-de-santiago\\\/\",\"https:\\\/\\\/www.pinterest.es\\\/pilgrimcaminodesantiago\\\/\",\"https:\\\/\\\/www.youtube.com\\\/channel\\\/UCIv2ZzFLXVqthkNF32rKedw\\\/featured\"]}]}<\/script>\n<!-- \/ Yoast SEO plugin. -->","yoast_head_json":{"title":"Monforte de Lemos: Was sehen und wo \u00fcbernachten | Jakobsweg | Pilgrim","description":"Monforte de Lemos Entdecken Sie alle Informationen \u00fcber Unterk\u00fcnfte, Anreise, Gastronomie und die wichtigsten Sehensw\u00fcrdigkeiten der Orte am Winterweg","robots":{"index":"index","follow":"follow","max-snippet":"max-snippet:-1","max-image-preview":"max-image-preview:large","max-video-preview":"max-video-preview:-1"},"canonical":"https:\/\/www.pilgrim.es\/de\/winter-weg\/monforte-de-lemos\/","og_locale":"de_DE","og_type":"article","og_title":"Monforte de Lemos: Was sehen und wo \u00fcbernachten | Jakobsweg | Pilgrim","og_description":"Monforte de Lemos Entdecken Sie alle Informationen \u00fcber Unterk\u00fcnfte, Anreise, Gastronomie und die wichtigsten Sehensw\u00fcrdigkeiten der Orte am Winterweg","og_url":"https:\/\/www.pilgrim.es\/de\/winter-weg\/monforte-de-lemos\/","og_site_name":"Pilgrim","article_publisher":"https:\/\/www.facebook.com\/pilgrim.es\/","og_image":[{"width":770,"height":350,"url":"https:\/\/www.pilgrim.es\/wp-content\/uploads\/2019\/02\/Monforte-mriq69tysijjdnnx2qo89h3xrr301ygptv31ldgoq4.jpg","type":"image\/jpeg"}],"twitter_card":"summary_large_image","twitter_site":"@pilgrim_es","twitter_misc":{"Gesch\u00e4tzte Lesezeit":"8\u00a0Minuten"},"schema":{"@context":"https:\/\/schema.org","@graph":[{"@type":"WebPage","@id":"https:\/\/www.pilgrim.es\/de\/winter-weg\/monforte-de-lemos\/","url":"https:\/\/www.pilgrim.es\/de\/winter-weg\/monforte-de-lemos\/","name":"Monforte de Lemos: Was sehen und wo \u00fcbernachten | Jakobsweg | Pilgrim","isPartOf":{"@id":"https:\/\/www.pilgrim.es\/de\/#website"},"primaryImageOfPage":{"@id":"https:\/\/www.pilgrim.es\/de\/winter-weg\/monforte-de-lemos\/#primaryimage"},"image":{"@id":"https:\/\/www.pilgrim.es\/de\/winter-weg\/monforte-de-lemos\/#primaryimage"},"thumbnailUrl":"https:\/\/www.pilgrim.es\/wp-content\/uploads\/2019\/02\/Monforte-mriq69tysijjdnnx2qo89h3xrr301ygptv31ldgoq4.jpg","datePublished":"2025-03-17T15:22:29+00:00","description":"Monforte de Lemos Entdecken Sie alle Informationen \u00fcber Unterk\u00fcnfte, Anreise, Gastronomie und die wichtigsten Sehensw\u00fcrdigkeiten der Orte am Winterweg","breadcrumb":{"@id":"https:\/\/www.pilgrim.es\/de\/winter-weg\/monforte-de-lemos\/#breadcrumb"},"inLanguage":"de","potentialAction":[{"@type":"ReadAction","target":["https:\/\/www.pilgrim.es\/de\/winter-weg\/monforte-de-lemos\/"]}]},{"@type":"ImageObject","inLanguage":"de","@id":"https:\/\/www.pilgrim.es\/de\/winter-weg\/monforte-de-lemos\/#primaryimage","url":"https:\/\/www.pilgrim.es\/wp-content\/uploads\/2019\/02\/Monforte-mriq69tysijjdnnx2qo89h3xrr301ygptv31ldgoq4.jpg","contentUrl":"https:\/\/www.pilgrim.es\/wp-content\/uploads\/2019\/02\/Monforte-mriq69tysijjdnnx2qo89h3xrr301ygptv31ldgoq4.jpg","width":770,"height":350,"caption":"Monforte de Lemos"},{"@type":"BreadcrumbList","@id":"https:\/\/www.pilgrim.es\/de\/winter-weg\/monforte-de-lemos\/#breadcrumb","itemListElement":[{"@type":"ListItem","position":1,"name":"Camino de Santiago","item":"https:\/\/www.pilgrim.es\/de\/"},{"@type":"ListItem","position":2,"name":"Winter Weg","item":"https:\/\/www.pilgrim.es\/de\/winter-weg\/"},{"@type":"ListItem","position":3,"name":"Monforte de Lemos"}]},{"@type":"WebSite","@id":"https:\/\/www.pilgrim.es\/de\/#website","url":"https:\/\/www.pilgrim.es\/de\/","name":"Pilgrim","description":"Camino de Santiago | Caminamos Contigo","publisher":{"@id":"https:\/\/www.pilgrim.es\/de\/#organization"},"potentialAction":[{"@type":"SearchAction","target":{"@type":"EntryPoint","urlTemplate":"https:\/\/www.pilgrim.es\/de\/?s={search_term_string}"},"query-input":{"@type":"PropertyValueSpecification","valueRequired":true,"valueName":"search_term_string"}}],"inLanguage":"de"},{"@type":"Organization","@id":"https:\/\/www.pilgrim.es\/de\/#organization","name":"Pilgrim Camino de Santiago","url":"https:\/\/www.pilgrim.es\/de\/","logo":{"@type":"ImageObject","inLanguage":"de","@id":"https:\/\/www.pilgrim.es\/de\/#\/schema\/logo\/image\/","url":"https:\/\/www.pilgrim.es\/wp-content\/uploads\/2019\/04\/logo_pilgrim.png","contentUrl":"https:\/\/www.pilgrim.es\/wp-content\/uploads\/2019\/04\/logo_pilgrim.png","width":512,"height":512,"caption":"Pilgrim Camino de Santiago"},"image":{"@id":"https:\/\/www.pilgrim.es\/de\/#\/schema\/logo\/image\/"},"sameAs":["https:\/\/www.facebook.com\/pilgrim.es\/","https:\/\/x.com\/pilgrim_es","https:\/\/www.instagram.com\/pilgrim.es\/","https:\/\/www.linkedin.com\/company\/pilgrim-camino-de-santiago\/","https:\/\/www.pinterest.es\/pilgrimcaminodesantiago\/","https:\/\/www.youtube.com\/channel\/UCIv2ZzFLXVqthkNF32rKedw\/featured"]}]}},"_links":{"self":[{"href":"https:\/\/www.pilgrim.es\/de\/wp-json\/wp\/v2\/pages\/91390","targetHints":{"allow":["GET"]}}],"collection":[{"href":"https:\/\/www.pilgrim.es\/de\/wp-json\/wp\/v2\/pages"}],"about":[{"href":"https:\/\/www.pilgrim.es\/de\/wp-json\/wp\/v2\/types\/page"}],"replies":[{"embeddable":true,"href":"https:\/\/www.pilgrim.es\/de\/wp-json\/wp\/v2\/comments?post=91390"}],"version-history":[{"count":0,"href":"https:\/\/www.pilgrim.es\/de\/wp-json\/wp\/v2\/pages\/91390\/revisions"}],"up":[{"embeddable":true,"href":"https:\/\/www.pilgrim.es\/de\/wp-json\/wp\/v2\/pages\/10673"}],"wp:featuredmedia":[{"embeddable":true,"href":"https:\/\/www.pilgrim.es\/de\/wp-json\/wp\/v2\/media\/6549"}],"wp:attachment":[{"href":"https:\/\/www.pilgrim.es\/de\/wp-json\/wp\/v2\/media?parent=91390"}],"wp:term":[{"taxonomy":"category","embeddable":true,"href":"https:\/\/www.pilgrim.es\/de\/wp-json\/wp\/v2\/categories?post=91390"},{"taxonomy":"post_tag","embeddable":true,"href":"https:\/\/www.pilgrim.es\/de\/wp-json\/wp\/v2\/tags?post=91390"}],"curies":[{"name":"wp","href":"https:\/\/api.w.org\/{rel}","templated":true}]}}