{"id":91380,"date":"2025-03-17T15:20:38","date_gmt":"2025-03-17T15:20:38","guid":{"rendered":"https:\/\/www.pilgrim.es\/winter-weg\/o-barco-de-valdeorras\/"},"modified":"2025-03-17T15:20:38","modified_gmt":"2025-03-17T15:20:38","slug":"o-barco-de-valdeorras","status":"publish","type":"page","link":"https:\/\/www.pilgrim.es\/de\/winter-weg\/o-barco-de-valdeorras\/","title":{"rendered":"O Barco de Valdeorras"},"content":{"rendered":" <section id=\"hero\">\n\t<h1>O Barco de Valdeorras<\/h1>\n\t<div class=\"hero-grid\">\n\t\t<div class=\"hero-grid__town-col\" data-background=\"https:\/\/cdn.pilgrim.es\/web\/caminos\/camino-invierno\/pueblos\/o-barco-de-valdeorras.jpg\">\n\t\t\t<div>\n\t\t\t\t<a class=\"link-to-stage\" href=\"https:\/\/www.pilgrim.es\/camino-invierno\/etapa-2-las-medulas-o-barco-de-valdeorras\/\">\n\t\t\t\t\t<p>&#8249; Zur\u00fcck zur B\u00fchne<\/p>\n\t\t\t\t<\/a>\n\n\t\t\t\t<div class=\"town-data\">\n\t\t\t\t\t<h2>O Barco de Valdeorras<\/h2>\n\t\t\t\t\t<ul>\n\t\t\t\t\t\t<li>Einwohner: 13.785 aprox.<\/li>\n\t\t\t\t\t\t<li>Bundesland: Ourense<\/li>\n\t\t\t\t\t<\/ul>\n\t\t\t\t<\/div>\n\t\t\t<\/div>\n\t\t<\/div>\n\t\t<div class=\"hero-grid__planner-col\"><div\r\n  class=\"p-col-span-1 p-rounded-lg p-px-5 p-h-full\"\r\n  style=\"background-image: url('https:\/\/cdn.pilgrim.es\/web\/pilgrim-planner\/bg-plugin-planificador.webp')\"\r\n  rel=\"preload\"\r\n  fetchpriority=\"high\"\r\n  >\r\n    <div class=\"p-text-center p-pt-5 p-text-white p-text-2xl p-font-semibold\">\r\n      Plane deinen Weg    <\/div>\r\n    <div\r\n            id='primary-app'\r\n            data-name='banner'\r\n            data-api='https:\/\/pathfinder.pilgrim.es\/api\/pathfinder\/v2'\r\n            data-mode='normal'\r\n            data-lang='de'\r\n            data-route='1'\r\n            data-destiny='https:\/\/planificador.pilgrim.es'\r\n            data-modality='1'\r\n            data-inline=''\r\n        ><\/div><\/div><\/div>\n\t<\/div>\n<\/section>\n\n<section id=\"infoTown\">\n\t<div class=\"sections-town\">\n\n\t\t<div id=\"informationSection\">\n\t\t\t<div>\n\t\t\t\t<h2 class=\"p-h2-town\">Informationen<\/h2>\n\t\t\t\t<hr>\n\t\t\t\t<h3 class=\"p-h3-town\">Get to know O Barco de Valdeorras<\/h3>\n\t\t\t<\/div>\n\t\t\t<p>Dieser ber\u00fchmte galicische Ort ist vermutlich schon seit der Urzeit besiedelt. Es gibt Petroglyphen und Castre\u00f1o-Siedlungen, und man nimmt an, dass ihr heutiger Name von einem Volk stammt, das vor Hunderten von Jahren in dieser Gegend lebte, den Gegurros, die den Namen aus dem Val-de-Giorres ableiteten.<\/p> <p> Andererseits k\u00f6nnte der Name O Barco, da er zwischen den Bergen neben dem Fluss Sil liegt, keltische Wurzeln haben, und zwar von barc\/barg, was so viel wie H\u00f6hlung bedeutet.<\/p> <p>\n\t\t<\/div>\n\n\t\t<div id=\"locationSection\">\n\t\t\t<div>\n\t\t\t\t<h2 class=\"p-h2-town\">Standort<\/h2>\n\t\t\t\t<hr>\n\t\t\t\t<h3 class=\"p-h3-town\">Wegbeschreibung<\/h3>\n\t\t\t<\/div>\n\t\t\t<p>Um nach O Barco de Valdeorras zu gelangen, nimmt man am besten die Autobahn A-6 in Ponferrada und verl\u00e4sst sie, um auf die Nationalstra\u00dfe N-536 zu gelangen. Eine andere M\u00f6glichkeit ist die Autobahn A-52; fahren Sie in A Guidi\u00f1a auf die Landstra\u00dfe OU-533 nach R\u00faa und nehmen Sie die N-120 nach O Barco.<\/p> <p>Eine weitere M\u00f6glichkeit ist die Autobahn A-52; fahren Sie in A Guidi\u00f1a auf die Landstra\u00dfe OU-533 nach R\u00faa und nehmen Sie die N-120 nach O Barco.\n\n<p>Die Stadt ist auch mit dem Zug von Ourense oder Ponferrada aus erreichbar. Die Anreise mit dem Bus ist von Madrid, Ponferrada, Ourense, Santiago, etc. m\u00f6glich.<\/p> <p>Mit dem Bus von Madrid, Ponferrada, Ourense, Santiago, etc.\n\t\t\t<div>\n\t\t\t\t<div>\n  <iframe loading=\"lazy\"\n    src=\"https:\/\/www.google.com\/maps\/d\/embed?mid=14mqy8S5lIIyLAFBcsaXofNx0aoDoKGI&amp;ehbc=2E312F\"\n    width=\"640\"\n    height=\"480\"\n    alt=\"Mapa O Barco de Valdeorras\"\n  ><\/iframe>\n<\/div>\n\n\t\t\t<\/div>\n\t\t<\/div>\n\n\t\t\n\t\t\t<div id=\"toVisitSection\">\n\t\t\t\t<div>\n\t\t\t\t\t<h2 class=\"p-h2-town\">Geschichte \/ Kultur<\/h2>\n\t\t\t\t\t<hr>\n\t\t\t\t\t<h3 class=\"p-h3-town\">Was es zu sehen gibt<\/h3>\n\t\t\t\t<\/div>\n\t\t\t\t<div>\n\t\t\t\t\t<div class=\"accordion\">\n\t\t\t\t\t\t<div class=\"accordion__menu\">\n\t\t\t\t\t\t\t<nav>\n\t\t\t\t\t\t\t\t\n\t\t\t\t\t\t\t\t\t<button class=\"nav-tab-accordion active\"><span>&#10093;<\/span><span> La Villa del Castro<\/span><\/button>\n\t\t\t\t\t\t\t\t\n\t\t\t\t\t\t\t\t\t<button class=\"nav-tab-accordion \"><span>&#10093;<\/span><span> Torre y Fortaleza de O Castro<\/span><\/button>\n\t\t\t\t\t\t\t\t\n\t\t\t\t\t\t\t\t\t<button class=\"nav-tab-accordion \"><span>&#10093;<\/span><span> Monasterio de Xagoaza<\/span><\/button>\n\t\t\t\t\t\t\t\t\n\t\t\t\t\t\t\t\t\t<button class=\"nav-tab-accordion \"><span>&#10093;<\/span><span> O Teixadal<\/span><\/button>\n\t\t\t\t\t\t\t\t\n\t\t\t\t\t\t\t\t\t<button class=\"nav-tab-accordion \"><span>&#10093;<\/span><span> Iglesia de San Mauro<\/span><\/button>\n\t\t\t\t\t\t\t\t\n\t\t\t\t\t\t\t\t\t<button class=\"nav-tab-accordion \"><span>&#10093;<\/span><span> Espacios Naturales<\/span><\/button>\n\t\t\t\t\t\t\t\t\n\t\t\t\t\t\t\t<\/nav>\n\t\t\t\t\t\t<\/div>\n\n\t\t\t\t\t\t\n\t\t\t\t\t\t\t<div class=\"accordion__accordion-content \">\n\t\t\t\t\t\t\t\t<div>\n\t\t\t\t\t\t\t\t\t<div>\n\t\t\t\t\t\t\t\t\t\t<h4>La Villa del Castro<\/h4>\n\t\t\t\t\t\t\t\t\t\t<p>In La Villa del Castro kann man einige Spuren der alten Festung der Castro, Pimentel und Sarmiento Linie (auch bekannt als die Grafen von Ribadavia) finden.<\/p> <p>In La Villa del Castro kann man einige Spuren der alten Festung der Castro, Pimentel und Sarmiento Linie finden.\n\n<p>Ein weiteres Highlight ist die Pfarrkirche, das Haus Carballo, aber vor allem der Pazo de Fl\u00f3rez. Dieses Herrenhaus stammt aus dem Jahr 1630 und hebt sich von den \u00fcbrigen Geb\u00e4uden durch seine Fassade mit sechs B\u00f6gen aus eingelegtem Stein ab.\n\n<p>INFORMATIONEN VON INTERESSE<\/p> <p>Informationen von Interesse<\/p> <p>Interessante Informationen\n\n<p>E-Mail: info@pazodocastro.com Web: pazodocastro.com Telefon: 988 347 423<\/p> <p>Bitte rufen Sie uns an: 988 347 423<\/p> <p>.\n\t\t\t\t\t\t\t\t\t<\/div>\n\t\t\t\t\t\t\t\t\t<img decoding=\"async\" src=\"https:\/\/cdn.pilgrim.es\/web\/caminos\/camino-invierno\/pueblos\/o-barco-de-valdeorras\/puntos-de-interes\/la-villa-del-castro.jpg\" alt=\"La Villa del Castro\">\n\t\t\t\t\t\t\t\t<\/div>\n\t\t\t\t\t\t\t<\/div>\n\t\t\t\t\t\t\n\t\t\t\t\t\t\t<div class=\"accordion__accordion-content inactive\">\n\t\t\t\t\t\t\t\t<div>\n\t\t\t\t\t\t\t\t\t<div>\n\t\t\t\t\t\t\t\t\t\t<h4>Torre y Fortaleza de O Castro<\/h4>\n\t\t\t\t\t\t\t\t\t\t<p>Der Turm und die Festung von O Castro sind in der gesamten Region Valdeorras bekannt und tragen seit 1994 die Auszeichnung Bien de Inter\u00e9s Cultural (BIC).<\/p> <p>Der Turm und die Festung von O Castro sind in der gesamten Region Valdeorras bekannt und tragen seit 1994 die Auszeichnung Bien de Inter\u00e9s Cultural (BIC).\n\n<p>Es handelt sich um ein mittelalterliches Geb\u00e4ude aus dem 14. Jahrhundert, aber die heutige Konstruktion unterscheidet sich vom Original, da sie in der letzten Periode des 15. Jahrhunderts mehrfach zerst\u00f6rt wurde. Jahrhunderts mehrere Zerst\u00f6rungen erlitten hat. Jahre sp\u00e4ter wurde es wieder aufgebaut und renoviert und im 18. Nach der Aufhebung der Grundherrschaft im 19. Jahrhundert wurde sie jedoch aufgegeben und ihr Zustand verschlechterte sich nach und nach.\n\n<p>Jahre sp\u00e4ter wurde der Turm wiederhergestellt und die Renovierung des Komplexes mit einer modernen Eisentreppe mit Podesten, die als Aussichtspunkt dienen, abgeschlossen.\n\t\t\t\t\t\t\t\t\t<\/div>\n\t\t\t\t\t\t\t\t\t<img decoding=\"async\" src=\"https:\/\/cdn.pilgrim.es\/web\/caminos\/camino-invierno\/pueblos\/o-barco-de-valdeorras\/puntos-de-interes\/torre-y-fortaleza-de-o-castro.jpg\" alt=\"Torre y Fortaleza de O Castro\">\n\t\t\t\t\t\t\t\t<\/div>\n\t\t\t\t\t\t\t<\/div>\n\t\t\t\t\t\t\n\t\t\t\t\t\t\t<div class=\"accordion__accordion-content inactive\">\n\t\t\t\t\t\t\t\t<div>\n\t\t\t\t\t\t\t\t\t<div>\n\t\t\t\t\t\t\t\t\t\t<h4>Monasterio de Xagoaza<\/h4>\n\t\t\t\t\t\t\t\t\t\t<p>Die Kirche San Miguel wurde im 12. Jahrhundert im romanischen Stil erbaut, wie man an den Fenstern und der Apsis erkennen kann. Im Inneren finden wir ein Malteserkreuz, was bedeutet, dass das Gotteshaus vom Orden des Heiligen Xoan von Jerusalem verwaltet wurde.\n\n<p>Erst im 18. Jahrhundert wurde das Kloster gebaut. Heutzutage wird dieser Raum als Weinkeller genutzt und es werden dort Godello-Weine hergestellt.\n\n<p>INFORMATIONEN VON INTERESSE<\/p>\n\n<p>Telefon: 988 325 309<\/p>\n\t\t\t\t\t\t\t\t\t<\/div>\n\t\t\t\t\t\t\t\t\t<img decoding=\"async\" src=\"https:\/\/cdn.pilgrim.es\/web\/caminos\/camino-invierno\/pueblos\/o-barco-de-valdeorras\/puntos-de-interes\/monasterio-de-xagoaza.jpg\" alt=\"Monasterio de Xagoaza\">\n\t\t\t\t\t\t\t\t<\/div>\n\t\t\t\t\t\t\t<\/div>\n\t\t\t\t\t\t\n\t\t\t\t\t\t\t<div class=\"accordion__accordion-content inactive\">\n\t\t\t\t\t\t\t\t<div>\n\t\t\t\t\t\t\t\t\t<div>\n\t\t\t\t\t\t\t\t\t\t<h4>O Teixadal<\/h4>\n\t\t\t\t\t\t\t\t\t\t<p>O Teixadal ist ein wundersch\u00f6nes Naturgebiet, das zu einem der bedeutendsten in Europa erkl\u00e4rt wurde. Viele der heiligen B\u00e4ume, die hier zu finden sind, sind \u00fcber 2.000 Jahre alt und einige von ihnen befinden sich hoch in den Trevinca-Bergen in einer H\u00f6he von \u00fcber 2.000 Metern.<\/p> <p>O Teixadal ist ein gro\u00dfartiges Naturgebiet, das zu einem der wichtigsten in Europa erkl\u00e4rt wurde.\n\t\t\t\t\t\t\t\t\t<\/div>\n\t\t\t\t\t\t\t\t\t<img decoding=\"async\" src=\"https:\/\/cdn.pilgrim.es\/web\/caminos\/camino-invierno\/pueblos\/o-barco-de-valdeorras\/puntos-de-interes\/o-teixadal.jpg\" alt=\"O Teixadal\">\n\t\t\t\t\t\t\t\t<\/div>\n\t\t\t\t\t\t\t<\/div>\n\t\t\t\t\t\t\n\t\t\t\t\t\t\t<div class=\"accordion__accordion-content inactive\">\n\t\t\t\t\t\t\t\t<div>\n\t\t\t\t\t\t\t\t\t<div>\n\t\t\t\t\t\t\t\t\t\t<h4>Iglesia de San Mauro<\/h4>\n\t\t\t\t\t\t\t\t\t\t<p>Die Pfarrkirche San Mauro steht auf dem Hauptplatz im Zentrum von O Barco de Valdeorras. Auf den ersten Blick weist sie typische Elemente der Sp\u00e4tgotik auf, die sowohl an der Fassade als auch an den Fenstern zu erkennen sind.\n\n<p>Die Fassade des Geb\u00e4udes zeigt eine klare N\u00fcchternheit, in der die Dekoration des Portikuseingangs besonders hervorsticht, der mit neoklassischen Stilelementen gestaltet ist.<\/p> <p>Die Fassade des Geb\u00e4udes zeigt eine klare N\u00fcchternheit, in der die Dekoration des Portikuseingangs besonders hervorsticht, der mit neoklassischen Stilelementen gestaltet ist.\n\n<p>MASSENZEITPLAN<\/p>\n\n<p>Winter Werktags und abends um 19:00 Uhr Feiertags um 09:30 UhrSommer Werktags und abends um 20:00 Uhr Feiertags um 09:30 Uhr<\/p> <p>Sommer\n\n<p>INFORMATIONEN VON INTERESSE<\/p>\n\n<p>E-Mail: rodrgueztoms@gmail.comTel\u00e9fono: 988 321 448<\/p>\n\t\t\t\t\t\t\t\t\t<\/div>\n\t\t\t\t\t\t\t\t\t<img decoding=\"async\" src=\"https:\/\/cdn.pilgrim.es\/web\/caminos\/camino-invierno\/pueblos\/o-barco-de-valdeorras\/puntos-de-interes\/iglesia-de-san-mauro.jpg\" alt=\"Iglesia de San Mauro\">\n\t\t\t\t\t\t\t\t<\/div>\n\t\t\t\t\t\t\t<\/div>\n\t\t\t\t\t\t\n\t\t\t\t\t\t\t<div class=\"accordion__accordion-content inactive\">\n\t\t\t\t\t\t\t\t<div>\n\t\t\t\t\t\t\t\t\t<div>\n\t\t\t\t\t\t\t\t\t\t<h4>Espacios Naturales<\/h4>\n\t\t\t\t\t\t\t\t\t\t<p>Valdeorras hat einen sehr interessanten landschaftlichen Reiz durch die Weinberge an den H\u00e4ngen und die Haine von hundertj\u00e4hrigen Kastanienb\u00e4umen, besonders im Herbst, wenn die W\u00e4lder in verschiedenen Braun- und Oranget\u00f6nen gef\u00e4rbt sind.<\/p> <p>Valdeorras hat einen sehr interessanten landschaftlichen Reiz durch die Weinberge an den H\u00e4ngen und die Haine von hundertj\u00e4hrigen Kastanienb\u00e4umen, besonders im Herbst, wenn die W\u00e4lder in verschiedenen Braun- und Oranget\u00f6nen gef\u00e4rbt sind.\n\n<p>Zu den Naturr\u00e4umen geh\u00f6rt der Naturpark Sierra de la Encina de la Lastra, der zum besonderen Schutzgebiet f\u00fcr V\u00f6gel (SPA) erkl\u00e4rt wurde. Er beherbergt eine immense mediterrane Flora, Kalksteinformationen und eine gro\u00dfe Vogelvielfalt.\n\n<p>Nicht zu vergessen ist das Trevinca-Massiv mit seinen \u00fcber 200 Meter hohen Gipfeln, in dem sich ein wundersch\u00f6ner Baumhain, El Teixadal de Casaio, bezaubernde Fl\u00fcsse wie Xares oder Pastora, entspannende Lagunen und viele Spuren alter Vergletscherungen befinden.\n\t\t\t\t\t\t\t\t\t<\/div>\n\t\t\t\t\t\t\t\t\t<img decoding=\"async\" src=\"https:\/\/cdn.pilgrim.es\/web\/caminos\/camino-invierno\/pueblos\/o-barco-de-valdeorras\/puntos-de-interes\/espacios-naturales.jpg\" alt=\"Espacios Naturales\">\n\t\t\t\t\t\t\t\t<\/div>\n\t\t\t\t\t\t\t<\/div>\n\t\t\t\t\t\t\n\t\t\t\t\t<\/div>\n\t\t\t\t<\/div>\n\t\t\t<\/div>\n\t\t\n\n\t\t<div id=\"phonesSection\">\n\t\t\t<div>\n\t\t\t\t<h2 class=\"p-h3-town\">Informationen von Interesse<\/h2>\n\t\t\t<\/div>\n\t\t\t<div class=\"grid\">\n\t\t\t\t\n\t\t\t\t\t<div class=\"phone-number-item\">\n\t\t\t\t\t\t<div class=\"phone-number-item__icon\"><i class=\"icon-police\"><\/i><\/div>\n\t\t\t\t\t\t<div class=\"phone-number-item__title\">\n\t\t\t\t\t\t\t<h3 class=\"p-font-bold\">Ortspolizei<\/h3>\n\t\t\t\t\t\t\t<p>988 322 939<\/p>\n\t\t\t\t\t\t\t\n\t\t\t\t\t\t<\/div>\n\t\t\t\t\t<\/div>\n\t\t\t\t\n\t\t\t\t\t<div class=\"phone-number-item\">\n\t\t\t\t\t\t<div class=\"phone-number-item__icon\"><i class=\"icon-spanish-military-police\"><\/i><\/div>\n\t\t\t\t\t\t<div class=\"phone-number-item__title\">\n\t\t\t\t\t\t\t<h3 class=\"p-font-bold\">Zivilwache<\/h3>\n\t\t\t\t\t\t\t<p>988 320 381<\/p>\n\t\t\t\t\t\t\t\n\t\t\t\t\t\t<\/div>\n\t\t\t\t\t<\/div>\n\t\t\t\t\n\t\t\t\t\t<div class=\"phone-number-item\">\n\t\t\t\t\t\t<div class=\"phone-number-item__icon\"><i class=\"icon-firefighters\"><\/i><\/div>\n\t\t\t\t\t\t<div class=\"phone-number-item__title\">\n\t\t\t\t\t\t\t<h3 class=\"p-font-bold\">Feuerwehr<\/h3>\n\t\t\t\t\t\t\t<p>112<\/p>\n\t\t\t\t\t\t\t\n\t\t\t\t\t\t<\/div>\n\t\t\t\t\t<\/div>\n\t\t\t\t\n\t\t\t\t\t<div class=\"phone-number-item\">\n\t\t\t\t\t\t<div class=\"phone-number-item__icon\"><i class=\"icon-civil-protection\"><\/i><\/div>\n\t\t\t\t\t\t<div class=\"phone-number-item__title\">\n\t\t\t\t\t\t\t<h3 class=\"p-font-bold\">Zivilschutz<\/h3>\n\t\t\t\t\t\t\t<p>616 402 882<\/p>\n\t\t\t\t\t\t\t\n\t\t\t\t\t\t<\/div>\n\t\t\t\t\t<\/div>\n\t\t\t\t\n\t\t\t\t\t<div class=\"phone-number-item\">\n\t\t\t\t\t\t<div class=\"phone-number-item__icon\"><i class=\"icon-town-council\"><\/i><\/div>\n\t\t\t\t\t\t<div class=\"phone-number-item__title\">\n\t\t\t\t\t\t\t<h3 class=\"p-font-bold\">Rathaus<\/h3>\n\t\t\t\t\t\t\t<p>988 832 010<\/p>\n\t\t\t\t\t\t\t\n\t\t\t\t\t\t<\/div>\n\t\t\t\t\t<\/div>\n\t\t\t\t\n\t\t\t\t\t<div class=\"phone-number-item\">\n\t\t\t\t\t\t<div class=\"phone-number-item__icon\"><i class=\"icon-hospital\"><\/i><\/div>\n\t\t\t\t\t\t<div class=\"phone-number-item__title\">\n\t\t\t\t\t\t\t<h3 class=\"p-font-bold\">Gesundheitszentrum<\/h3>\n\t\t\t\t\t\t\t<p>988 325 794<\/p>\n\t\t\t\t\t\t\t\n\t\t\t\t\t\t<\/div>\n\t\t\t\t\t<\/div>\n\t\t\t\t\n\t\t\t\t\t<div class=\"phone-number-item\">\n\t\t\t\t\t\t<div class=\"phone-number-item__icon\"><i class=\"icon-tourism\"><\/i><\/div>\n\t\t\t\t\t\t<div class=\"phone-number-item__title\">\n\t\t\t\t\t\t\t<h3 class=\"p-font-bold\">Fremdenverkehrsamt<\/h3>\n\t\t\t\t\t\t\t<p>988 347 425<\/p>\n\t\t\t\t\t\t\t\n\t\t\t\t\t\t\t\t<p>R\u00faa a Veigui\u00f1a, 5<\/p>\n\t\t\t\t\t\t\t\n\t\t\t\t\t\t<\/div>\n\t\t\t\t\t<\/div>\n\t\t\t\t\n\t\t\t<\/div>\n\t\t<\/div>\n\n\t\t<div id=\"clientForm\">\n        <section>\n        <img decoding=\"async\" src=\"https:\/\/cdn.pilgrim.es\/web\/home\/email-contacto.png\" alt=\"contacto\">\n        <div>\n            <p>Wir senden dir deine Planung<\/p>\n            <p>Gib uns deine Daten an und erhalte die Planung deiner Reise per E-Mail <\/p>\n            <form method=\"post\" data-url=\"\/wp-admin\/admin-ajax.php\" id=\"planner--client\" class=\"flag-right form-client\">\n    <div class=\"form-data\">\n        <input name=\"form_id\" type=\"hidden\" value=\"Formulario Leads\">\n        <input name=\"type\" type=\"hidden\" value=\"planner_client\">\n        <input type=\"text\" name=\"nombre\" value=\"\" size=\"40\" class=\"form-control\" aria-required=\"true\" aria-invalid=\"false\" placeholder=\"Name\">\n        <input type=\"email\" name=\"email\" value=\"\" size=\"40\" class=\"form-control\" aria-required=\"true\" aria-invalid=\"false\" placeholder=\"E- Mail\">\n        <input type=\"text\" id=\"phone-input\" name=\"tel\" value=\"\" size=\"40\" class=\"phone-input form-control\" aria-required=\"true\" aria-invalid=\"false\" placeholder=\"Telefon\">\n        <input type=\"hidden\" name=\"telefono\">\n    <\/div>\n    <div class=\"form-checkbox\">\n        <span>\n            Pilgrim Travel, S.L. teilt gem\u00e4\u00df Regulierung 2016\/679 mit, dass die in diesem Formular verwendeten Daten sowohl f\u00fcr die Beantwortung der m\u00f6glichen Anfragen als auch f\u00fcr die Ver\u00f6ffentlichung der Kommentare verwendet werden, mit der Zustimmung des Nutzers. Sie k\u00f6nnen Ihre Rechte in \u00dcbereinstimmung mit unserer Datenschutzbestimmungen aus\u00fcben             <a href=\"https:\/\/www.pilgrim.es\/politica-de-privacidad\/\" target=\"_blank\" rel=\"noopener noreferrer nofollow\">Datenschutzerkl\u00e4rung.<\/a>\n        <\/span>\n    <\/div>\n\n    <div class=\"form-submit\">\n        <button id=\"planner--client-create\" type=\"submit\">Anfrage senden<\/button>\n        <div class=\"loadingDiv\"><i class=\"p-spinner\"><\/i><\/div>\n    <\/div>\n\n    <div class=\"contact-content-form-success\">\n        <p><i class=\"fas fa-check\"><\/i> Das Formular hat sich erfolgreich gesendet.<\/p>\n    <\/div>\n\n    <div class=\"contact-content-form-error\">\n        <span class=\"input-error\"><\/span>\n    <\/div>\n<\/form>        <\/div>\n    <\/section>\n<\/div>\n\n\t\t<div id=\"recomendationSection\">\n\t\t\t<div>\n\t\t\t\t<h2 class=\"p-h2-town\">Empfohlen<\/h2>\n\t\t\t\t<hr>\n\t\t\t\t<h3 class=\"p-h3-town\">Gastronomie<\/h3>\n\t\t\t<\/div>\n\t\t\tDie Gastronomie von O Barco de Valdeorras ist in ganz Spanien f\u00fcr ihre Weine mit der Herkunftsbezeichnung bekannt. Die Wei\u00dfweine haben viel Pers\u00f6nlichkeit und unschlagbare Aromen, die Rotweine werden aus den besten Trauben der Region hergestellt und die Ros\u00e9weine erinnern in Farbe und Duft an Wildfr\u00fcchte, Kirschen und Erdbeeren.\n\nBesonders hervorzuheben sind das Schweinefleisch und seine Derivate, wie W\u00fcrste, Androllas und Botelo, Aalpastete, Tintenfisch und Zickleinbraten. Bei den S\u00fc\u00dfwaren sind vor allem die Roscones und die Rix\u00f3ns-Kuchen hervorzuheben.\n\t\t<\/div>\n\n\n\t\t\n\t\t\t<div id=\"holidaysSection\">\n\t\t\t\t<div>\n\t\t\t\t\t<h2 class=\"p-h2-town\">Empfohlen<\/h2>\n\t\t\t\t\t<hr>\n\t\t\t\t\t<h3 class=\"p-h3-town\">Feste und Pilgerfahrten<\/h3>\n\t\t\t\t<\/div>\n\t\t\t\t<div class=\"grid holidays-grid\">\n\t\t\t\t\t\n\t\t\t\t\t\t<div>\n\t\t\t\t\t\t\t<div class=\"phone-number-item\">\n\t\t\t\t\t\t\t\t<div class=\"phone-number-item__icon\"><i class=\"icon-holiday\"><\/i><\/div>\n\t\t\t\t\t\t\t\t<div class=\"phone-number-item__title dark-text\">\n\t\t\t\t\t\t\t\t\t<p class=\"p-font-bold\">Lokaler Urlaub<\/p>\n\t\t\t\t\t\t\t\t\t<p>Carnaval: Diversas actividades<\/p>\n\t\t\t\t\t\t\t\t<\/div>\n\t\t\t\t\t\t\t<\/div>\n\t\t\t\t\t\t<\/div>\n\t\t\t\t\t\n\t\t\t\t\t\t<div>\n\t\t\t\t\t\t\t<div class=\"phone-number-item\">\n\t\t\t\t\t\t\t\t<div class=\"phone-number-item__icon\"><i class=\"icon-holiday\"><\/i><\/div>\n\t\t\t\t\t\t\t\t<div class=\"phone-number-item__title dark-text\">\n\t\t\t\t\t\t\t\t\t<p class=\"p-font-bold\">Lokaler Urlaub<\/p>\n\t\t\t\t\t\t\t\t\t<p>El d\u00eda 6 de cada mes: Feria de Viloira<\/p>\n\t\t\t\t\t\t\t\t<\/div>\n\t\t\t\t\t\t\t<\/div>\n\t\t\t\t\t\t<\/div>\n\t\t\t\t\t\n\t\t\t\t\t\t<div>\n\t\t\t\t\t\t\t<div class=\"phone-number-item\">\n\t\t\t\t\t\t\t\t<div class=\"phone-number-item__icon\"><i class=\"icon-holiday\"><\/i><\/div>\n\t\t\t\t\t\t\t\t<div class=\"phone-number-item__title dark-text\">\n\t\t\t\t\t\t\t\t\t<p class=\"p-font-bold\">Lokaler Urlaub<\/p>\n\t\t\t\t\t\t\t\t\t<p>14 de Septiembre: Festas do Cristo y el famoso descenso del r\u00edo Sil<\/p>\n\t\t\t\t\t\t\t\t<\/div>\n\t\t\t\t\t\t\t<\/div>\n\t\t\t\t\t\t<\/div>\n\t\t\t\t\t\n\t\t\t\t<\/div>\n\t\t\t<\/div>\n\t\t\n\t<\/div>\n<\/section>\n\n<div id=\"stage_list_section\"><div class=\"stage-list\">\n    <div class='stage-list__map-card'>\n        <div class='stage-list__map-card__map'>\n            <div class='stage-list__map-card__map__text'>\n                <h2> Pages <\/h2>\n                <p> Zu Fu\u00df<\/p>\n                <p> 0etappen<\/p>\n            <\/div>\n            <div class='stage-list__map-card__map__img'>\n                <img decoding=\"async\" src=\"\" alt=\" mapa \" \/>\n            <\/div>\n        <\/div>\n    <\/div>\n\n    <\/div>\n<\/div> ","protected":false},"excerpt":{"rendered":"<p>O Barco de Valdeorras &#8249; Zur\u00fcck zur B\u00fchne O Barco de Valdeorras Einwohner: 13.785 aprox. Bundesland: Ourense Informationen Get to know O Barco de Valdeorras Dieser ber\u00fchmte galicische Ort ist vermutlich schon seit der Urzeit besiedelt. Es gibt Petroglyphen und Castre\u00f1o-Siedlungen, und man nimmt an, dass ihr heutiger Name von einem Volk stammt, das vor &hellip; <\/p>\n<p class=\"read_more\"><a href=\"https:\/\/www.pilgrim.es\/de\/winter-weg\/o-barco-de-valdeorras\/\">Leer m\u00e1s<\/a><\/p>\n","protected":false},"author":0,"featured_media":304,"parent":10673,"menu_order":0,"comment_status":"closed","ping_status":"closed","template":"views\/template-new-web-design.blade.php","meta":{"footnotes":""},"categories":[],"tags":[],"class_list":["post-91380","page","type-page","status-publish","has-post-thumbnail","hentry"],"yoast_head":"<!-- This site is optimized with the Yoast SEO plugin v27.4 - https:\/\/yoast.com\/product\/yoast-seo-wordpress\/ -->\n<title>O Barco de Valdeorras: Was sehen und wo \u00fcbernachten | Jakobsweg | Pilgrim<\/title>\n<meta name=\"description\" content=\"O Barco de Valdeorras Entdecken Sie alle Informationen \u00fcber Unterk\u00fcnfte, Anreise, Gastronomie und die wichtigsten Sehensw\u00fcrdigkeiten der Orte am Winterweg\" \/>\n<meta name=\"robots\" content=\"index, follow, max-snippet:-1, max-image-preview:large, max-video-preview:-1\" \/>\n<link rel=\"canonical\" href=\"https:\/\/www.pilgrim.es\/de\/winter-weg\/o-barco-de-valdeorras\/\" \/>\n<meta property=\"og:locale\" content=\"de_DE\" \/>\n<meta property=\"og:type\" content=\"article\" \/>\n<meta property=\"og:title\" content=\"O Barco de Valdeorras: Was sehen und wo \u00fcbernachten | Jakobsweg | Pilgrim\" \/>\n<meta property=\"og:description\" content=\"O Barco de Valdeorras Entdecken Sie alle Informationen \u00fcber Unterk\u00fcnfte, Anreise, Gastronomie und die wichtigsten Sehensw\u00fcrdigkeiten der Orte am Winterweg\" \/>\n<meta property=\"og:url\" content=\"https:\/\/www.pilgrim.es\/de\/winter-weg\/o-barco-de-valdeorras\/\" \/>\n<meta property=\"og:site_name\" content=\"Pilgrim\" \/>\n<meta property=\"article:publisher\" content=\"https:\/\/www.facebook.com\/pilgrim.es\/\" \/>\n<meta property=\"og:image\" content=\"https:\/\/www.pilgrim.es\/wp-content\/uploads\/2019\/02\/72547092-e1515750998424-nk9a17qzlpu3olfyrbcfo2uymsc694xbhhaufl5sto.jpg\" \/>\n\t<meta property=\"og:image:width\" content=\"770\" \/>\n\t<meta property=\"og:image:height\" content=\"350\" \/>\n\t<meta property=\"og:image:type\" content=\"image\/jpeg\" \/>\n<meta name=\"twitter:card\" content=\"summary_large_image\" \/>\n<meta name=\"twitter:site\" content=\"@pilgrim_es\" \/>\n<meta name=\"twitter:label1\" content=\"Gesch\u00e4tzte Lesezeit\" \/>\n\t<meta name=\"twitter:data1\" content=\"6\u00a0Minuten\" \/>\n<script type=\"application\/ld+json\" class=\"yoast-schema-graph\">{\"@context\":\"https:\\\/\\\/schema.org\",\"@graph\":[{\"@type\":\"WebPage\",\"@id\":\"https:\\\/\\\/www.pilgrim.es\\\/de\\\/winter-weg\\\/o-barco-de-valdeorras\\\/\",\"url\":\"https:\\\/\\\/www.pilgrim.es\\\/de\\\/winter-weg\\\/o-barco-de-valdeorras\\\/\",\"name\":\"O Barco de Valdeorras: Was sehen und wo \u00fcbernachten | Jakobsweg | Pilgrim\",\"isPartOf\":{\"@id\":\"https:\\\/\\\/www.pilgrim.es\\\/de\\\/#website\"},\"primaryImageOfPage\":{\"@id\":\"https:\\\/\\\/www.pilgrim.es\\\/de\\\/winter-weg\\\/o-barco-de-valdeorras\\\/#primaryimage\"},\"image\":{\"@id\":\"https:\\\/\\\/www.pilgrim.es\\\/de\\\/winter-weg\\\/o-barco-de-valdeorras\\\/#primaryimage\"},\"thumbnailUrl\":\"https:\\\/\\\/www.pilgrim.es\\\/wp-content\\\/uploads\\\/2019\\\/02\\\/72547092-e1515750998424-nk9a17qzlpu3olfyrbcfo2uymsc694xbhhaufl5sto.jpg\",\"datePublished\":\"2025-03-17T15:20:38+00:00\",\"description\":\"O Barco de Valdeorras Entdecken Sie alle Informationen \u00fcber Unterk\u00fcnfte, Anreise, Gastronomie und die wichtigsten Sehensw\u00fcrdigkeiten der Orte am Winterweg\",\"breadcrumb\":{\"@id\":\"https:\\\/\\\/www.pilgrim.es\\\/de\\\/winter-weg\\\/o-barco-de-valdeorras\\\/#breadcrumb\"},\"inLanguage\":\"de\",\"potentialAction\":[{\"@type\":\"ReadAction\",\"target\":[\"https:\\\/\\\/www.pilgrim.es\\\/de\\\/winter-weg\\\/o-barco-de-valdeorras\\\/\"]}]},{\"@type\":\"ImageObject\",\"inLanguage\":\"de\",\"@id\":\"https:\\\/\\\/www.pilgrim.es\\\/de\\\/winter-weg\\\/o-barco-de-valdeorras\\\/#primaryimage\",\"url\":\"https:\\\/\\\/www.pilgrim.es\\\/wp-content\\\/uploads\\\/2019\\\/02\\\/72547092-e1515750998424-nk9a17qzlpu3olfyrbcfo2uymsc694xbhhaufl5sto.jpg\",\"contentUrl\":\"https:\\\/\\\/www.pilgrim.es\\\/wp-content\\\/uploads\\\/2019\\\/02\\\/72547092-e1515750998424-nk9a17qzlpu3olfyrbcfo2uymsc694xbhhaufl5sto.jpg\",\"width\":770,\"height\":350,\"caption\":\"O Barco de Valdeorras\"},{\"@type\":\"BreadcrumbList\",\"@id\":\"https:\\\/\\\/www.pilgrim.es\\\/de\\\/winter-weg\\\/o-barco-de-valdeorras\\\/#breadcrumb\",\"itemListElement\":[{\"@type\":\"ListItem\",\"position\":1,\"name\":\"Camino de Santiago\",\"item\":\"https:\\\/\\\/www.pilgrim.es\\\/de\\\/\"},{\"@type\":\"ListItem\",\"position\":2,\"name\":\"Winter Weg\",\"item\":\"https:\\\/\\\/www.pilgrim.es\\\/de\\\/winter-weg\\\/\"},{\"@type\":\"ListItem\",\"position\":3,\"name\":\"O Barco de Valdeorras\"}]},{\"@type\":\"WebSite\",\"@id\":\"https:\\\/\\\/www.pilgrim.es\\\/de\\\/#website\",\"url\":\"https:\\\/\\\/www.pilgrim.es\\\/de\\\/\",\"name\":\"Pilgrim\",\"description\":\"Camino de Santiago | Caminamos Contigo\",\"publisher\":{\"@id\":\"https:\\\/\\\/www.pilgrim.es\\\/de\\\/#organization\"},\"potentialAction\":[{\"@type\":\"SearchAction\",\"target\":{\"@type\":\"EntryPoint\",\"urlTemplate\":\"https:\\\/\\\/www.pilgrim.es\\\/de\\\/?s={search_term_string}\"},\"query-input\":{\"@type\":\"PropertyValueSpecification\",\"valueRequired\":true,\"valueName\":\"search_term_string\"}}],\"inLanguage\":\"de\"},{\"@type\":\"Organization\",\"@id\":\"https:\\\/\\\/www.pilgrim.es\\\/de\\\/#organization\",\"name\":\"Pilgrim Camino de Santiago\",\"url\":\"https:\\\/\\\/www.pilgrim.es\\\/de\\\/\",\"logo\":{\"@type\":\"ImageObject\",\"inLanguage\":\"de\",\"@id\":\"https:\\\/\\\/www.pilgrim.es\\\/de\\\/#\\\/schema\\\/logo\\\/image\\\/\",\"url\":\"https:\\\/\\\/www.pilgrim.es\\\/wp-content\\\/uploads\\\/2019\\\/04\\\/logo_pilgrim.png\",\"contentUrl\":\"https:\\\/\\\/www.pilgrim.es\\\/wp-content\\\/uploads\\\/2019\\\/04\\\/logo_pilgrim.png\",\"width\":512,\"height\":512,\"caption\":\"Pilgrim Camino de Santiago\"},\"image\":{\"@id\":\"https:\\\/\\\/www.pilgrim.es\\\/de\\\/#\\\/schema\\\/logo\\\/image\\\/\"},\"sameAs\":[\"https:\\\/\\\/www.facebook.com\\\/pilgrim.es\\\/\",\"https:\\\/\\\/x.com\\\/pilgrim_es\",\"https:\\\/\\\/www.instagram.com\\\/pilgrim.es\\\/\",\"https:\\\/\\\/www.linkedin.com\\\/company\\\/pilgrim-camino-de-santiago\\\/\",\"https:\\\/\\\/www.pinterest.es\\\/pilgrimcaminodesantiago\\\/\",\"https:\\\/\\\/www.youtube.com\\\/channel\\\/UCIv2ZzFLXVqthkNF32rKedw\\\/featured\"]}]}<\/script>\n<!-- \/ Yoast SEO plugin. -->","yoast_head_json":{"title":"O Barco de Valdeorras: Was sehen und wo \u00fcbernachten | Jakobsweg | Pilgrim","description":"O Barco de Valdeorras Entdecken Sie alle Informationen \u00fcber Unterk\u00fcnfte, Anreise, Gastronomie und die wichtigsten Sehensw\u00fcrdigkeiten der Orte am Winterweg","robots":{"index":"index","follow":"follow","max-snippet":"max-snippet:-1","max-image-preview":"max-image-preview:large","max-video-preview":"max-video-preview:-1"},"canonical":"https:\/\/www.pilgrim.es\/de\/winter-weg\/o-barco-de-valdeorras\/","og_locale":"de_DE","og_type":"article","og_title":"O Barco de Valdeorras: Was sehen und wo \u00fcbernachten | Jakobsweg | Pilgrim","og_description":"O Barco de Valdeorras Entdecken Sie alle Informationen \u00fcber Unterk\u00fcnfte, Anreise, Gastronomie und die wichtigsten Sehensw\u00fcrdigkeiten der Orte am Winterweg","og_url":"https:\/\/www.pilgrim.es\/de\/winter-weg\/o-barco-de-valdeorras\/","og_site_name":"Pilgrim","article_publisher":"https:\/\/www.facebook.com\/pilgrim.es\/","og_image":[{"width":770,"height":350,"url":"https:\/\/www.pilgrim.es\/wp-content\/uploads\/2019\/02\/72547092-e1515750998424-nk9a17qzlpu3olfyrbcfo2uymsc694xbhhaufl5sto.jpg","type":"image\/jpeg"}],"twitter_card":"summary_large_image","twitter_site":"@pilgrim_es","twitter_misc":{"Gesch\u00e4tzte Lesezeit":"6\u00a0Minuten"},"schema":{"@context":"https:\/\/schema.org","@graph":[{"@type":"WebPage","@id":"https:\/\/www.pilgrim.es\/de\/winter-weg\/o-barco-de-valdeorras\/","url":"https:\/\/www.pilgrim.es\/de\/winter-weg\/o-barco-de-valdeorras\/","name":"O Barco de Valdeorras: Was sehen und wo \u00fcbernachten | Jakobsweg | Pilgrim","isPartOf":{"@id":"https:\/\/www.pilgrim.es\/de\/#website"},"primaryImageOfPage":{"@id":"https:\/\/www.pilgrim.es\/de\/winter-weg\/o-barco-de-valdeorras\/#primaryimage"},"image":{"@id":"https:\/\/www.pilgrim.es\/de\/winter-weg\/o-barco-de-valdeorras\/#primaryimage"},"thumbnailUrl":"https:\/\/www.pilgrim.es\/wp-content\/uploads\/2019\/02\/72547092-e1515750998424-nk9a17qzlpu3olfyrbcfo2uymsc694xbhhaufl5sto.jpg","datePublished":"2025-03-17T15:20:38+00:00","description":"O Barco de Valdeorras Entdecken Sie alle Informationen \u00fcber Unterk\u00fcnfte, Anreise, Gastronomie und die wichtigsten Sehensw\u00fcrdigkeiten der Orte am Winterweg","breadcrumb":{"@id":"https:\/\/www.pilgrim.es\/de\/winter-weg\/o-barco-de-valdeorras\/#breadcrumb"},"inLanguage":"de","potentialAction":[{"@type":"ReadAction","target":["https:\/\/www.pilgrim.es\/de\/winter-weg\/o-barco-de-valdeorras\/"]}]},{"@type":"ImageObject","inLanguage":"de","@id":"https:\/\/www.pilgrim.es\/de\/winter-weg\/o-barco-de-valdeorras\/#primaryimage","url":"https:\/\/www.pilgrim.es\/wp-content\/uploads\/2019\/02\/72547092-e1515750998424-nk9a17qzlpu3olfyrbcfo2uymsc694xbhhaufl5sto.jpg","contentUrl":"https:\/\/www.pilgrim.es\/wp-content\/uploads\/2019\/02\/72547092-e1515750998424-nk9a17qzlpu3olfyrbcfo2uymsc694xbhhaufl5sto.jpg","width":770,"height":350,"caption":"O Barco de Valdeorras"},{"@type":"BreadcrumbList","@id":"https:\/\/www.pilgrim.es\/de\/winter-weg\/o-barco-de-valdeorras\/#breadcrumb","itemListElement":[{"@type":"ListItem","position":1,"name":"Camino de Santiago","item":"https:\/\/www.pilgrim.es\/de\/"},{"@type":"ListItem","position":2,"name":"Winter Weg","item":"https:\/\/www.pilgrim.es\/de\/winter-weg\/"},{"@type":"ListItem","position":3,"name":"O Barco de Valdeorras"}]},{"@type":"WebSite","@id":"https:\/\/www.pilgrim.es\/de\/#website","url":"https:\/\/www.pilgrim.es\/de\/","name":"Pilgrim","description":"Camino de Santiago | Caminamos Contigo","publisher":{"@id":"https:\/\/www.pilgrim.es\/de\/#organization"},"potentialAction":[{"@type":"SearchAction","target":{"@type":"EntryPoint","urlTemplate":"https:\/\/www.pilgrim.es\/de\/?s={search_term_string}"},"query-input":{"@type":"PropertyValueSpecification","valueRequired":true,"valueName":"search_term_string"}}],"inLanguage":"de"},{"@type":"Organization","@id":"https:\/\/www.pilgrim.es\/de\/#organization","name":"Pilgrim Camino de Santiago","url":"https:\/\/www.pilgrim.es\/de\/","logo":{"@type":"ImageObject","inLanguage":"de","@id":"https:\/\/www.pilgrim.es\/de\/#\/schema\/logo\/image\/","url":"https:\/\/www.pilgrim.es\/wp-content\/uploads\/2019\/04\/logo_pilgrim.png","contentUrl":"https:\/\/www.pilgrim.es\/wp-content\/uploads\/2019\/04\/logo_pilgrim.png","width":512,"height":512,"caption":"Pilgrim Camino de Santiago"},"image":{"@id":"https:\/\/www.pilgrim.es\/de\/#\/schema\/logo\/image\/"},"sameAs":["https:\/\/www.facebook.com\/pilgrim.es\/","https:\/\/x.com\/pilgrim_es","https:\/\/www.instagram.com\/pilgrim.es\/","https:\/\/www.linkedin.com\/company\/pilgrim-camino-de-santiago\/","https:\/\/www.pinterest.es\/pilgrimcaminodesantiago\/","https:\/\/www.youtube.com\/channel\/UCIv2ZzFLXVqthkNF32rKedw\/featured"]}]}},"_links":{"self":[{"href":"https:\/\/www.pilgrim.es\/de\/wp-json\/wp\/v2\/pages\/91380","targetHints":{"allow":["GET"]}}],"collection":[{"href":"https:\/\/www.pilgrim.es\/de\/wp-json\/wp\/v2\/pages"}],"about":[{"href":"https:\/\/www.pilgrim.es\/de\/wp-json\/wp\/v2\/types\/page"}],"replies":[{"embeddable":true,"href":"https:\/\/www.pilgrim.es\/de\/wp-json\/wp\/v2\/comments?post=91380"}],"version-history":[{"count":0,"href":"https:\/\/www.pilgrim.es\/de\/wp-json\/wp\/v2\/pages\/91380\/revisions"}],"up":[{"embeddable":true,"href":"https:\/\/www.pilgrim.es\/de\/wp-json\/wp\/v2\/pages\/10673"}],"wp:featuredmedia":[{"embeddable":true,"href":"https:\/\/www.pilgrim.es\/de\/wp-json\/wp\/v2\/media\/304"}],"wp:attachment":[{"href":"https:\/\/www.pilgrim.es\/de\/wp-json\/wp\/v2\/media?parent=91380"}],"wp:term":[{"taxonomy":"category","embeddable":true,"href":"https:\/\/www.pilgrim.es\/de\/wp-json\/wp\/v2\/categories?post=91380"},{"taxonomy":"post_tag","embeddable":true,"href":"https:\/\/www.pilgrim.es\/de\/wp-json\/wp\/v2\/tags?post=91380"}],"curies":[{"name":"wp","href":"https:\/\/api.w.org\/{rel}","templated":true}]}}