{"id":91354,"date":"2025-03-17T15:08:17","date_gmt":"2025-03-17T15:08:17","guid":{"rendered":"https:\/\/www.pilgrim.es\/englischer-weg\/ferrol\/"},"modified":"2025-03-17T15:08:17","modified_gmt":"2025-03-17T15:08:17","slug":"ferrol","status":"publish","type":"page","link":"https:\/\/www.pilgrim.es\/de\/englischer-weg\/ferrol\/","title":{"rendered":"Ferrol"},"content":{"rendered":" <section id=\"hero\">\n\t<h1>Ferrol<\/h1>\n\t<div class=\"hero-grid\">\n\t\t<div class=\"hero-grid__town-col\" data-background=\"https:\/\/cdn.pilgrim.es\/web\/caminos\/camino-ingles\/pueblos\/ferrol.jpg\">\n\t\t\t<div>\n\t\t\t\t<a class=\"link-to-stage\" href=\"https:\/\/www.pilgrim.es\/camino-ingles\/etapa-1-ferrol-neda\/\">\n\t\t\t\t\t<p>&#8249; Zur\u00fcck zur B\u00fchne<\/p>\n\t\t\t\t<\/a>\n\n\t\t\t\t<div class=\"town-data\">\n\t\t\t\t\t<h2>Ferrol<\/h2>\n\t\t\t\t\t<ul>\n\t\t\t\t\t\t<li>Einwohner: 69.452 aprox.<\/li>\n\t\t\t\t\t\t<li>Bundesland: A Coru\u00f1a<\/li>\n\t\t\t\t\t<\/ul>\n\t\t\t\t<\/div>\n\t\t\t<\/div>\n\t\t<\/div>\n\t\t<div class=\"hero-grid__planner-col\"><div\r\n  class=\"p-col-span-1 p-rounded-lg p-px-5 p-h-full\"\r\n  style=\"background-image: url('https:\/\/cdn.pilgrim.es\/web\/pilgrim-planner\/bg-plugin-planificador.webp')\"\r\n  rel=\"preload\"\r\n  fetchpriority=\"high\"\r\n  >\r\n    <div class=\"p-text-center p-pt-5 p-text-white p-text-2xl p-font-semibold\">\r\n      Plane deinen Weg    <\/div>\r\n    <div\r\n            id='primary-app'\r\n            data-name='banner'\r\n            data-api='https:\/\/pathfinder.pilgrim.es\/api\/pathfinder\/v2'\r\n            data-mode='normal'\r\n            data-lang='de'\r\n            data-route='1'\r\n            data-destiny='https:\/\/planificador.pilgrim.es'\r\n            data-modality='1'\r\n            data-inline=''\r\n        ><\/div><\/div><\/div>\n\t<\/div>\n<\/section>\n\n<section id=\"infoTown\">\n\t<div class=\"sections-town\">\n\n\t\t<div id=\"informationSection\">\n\t\t\t<div>\n\t\t\t\t<h2 class=\"p-h2-town\">Informationen<\/h2>\n\t\t\t\t<hr>\n\t\t\t\t<h3 class=\"p-h3-town\">Get to know Ferrol<\/h3>\n\t\t\t<\/div>\n\t\t\t<p>Die Gemeinde Ferrol ist seit jeher eng mit dem Meer verbunden, aber auch mit dem Jakobsweg, denn hier kommen viele Pilger mit dem Schiff an, um den Weg zum Apostel zu gehen.<\/p> <p>Diese Stadt ist die erste Etappe des Englischen Weges.\n\t\t<\/div>\n\n\t\t<div id=\"locationSection\">\n\t\t\t<div>\n\t\t\t\t<h2 class=\"p-h2-town\">Standort<\/h2>\n\t\t\t\t<hr>\n\t\t\t\t<h3 class=\"p-h3-town\">Wegbeschreibung<\/h3>\n\t\t\t<\/div>\n\t\t\t<p>Am einfachsten erreicht man Ferrol \u00fcber die Stra\u00dfe. Die Gemeinde ist \u00fcber die Autobahn AP-9, die nach Vigo f\u00fchrt, die Landstra\u00dfe AG-64, die nach Villalba f\u00fchrt, und die Nationalstra\u00dfe N-651 erreichbar.\n\n<p>Es ist auch m\u00f6glich, die Stadt mit dem Zug und dem Bus zu erreichen. Es gibt t\u00e4gliche Zugverbindungen nach Bilbao, Madrid, Barcelona, A Coru\u00f1a und in die Umgebung. Mit den bestehenden Buslinien kann man von A Coru\u00f1a, Santiago, Pontevedra, Fisterra, Ourense, Vigo, Cambados, Madrid, Gij\u00f3n, Bilbao, Ir\u00fan, Ponferrada, Astorga, Benavente, Zamora, Salamanca, Sevilla, Portugal, Deutschland, Belgien, Frankreich und der Schweiz anreisen. Diese Dienste werden von Castromil-Monbus, Arriva und Alsa angeboten.\n\t\t\t<div>\n\t\t\t\t<div>\n  <iframe loading=\"lazy\"\n    src=\"https:\/\/www.google.com\/maps\/d\/embed?mid=1gcb8Dy-taCq3_ypaLu1qp4qmMohpnU0&amp;ehbc=2E312F\"\n    width=\"640\"\n    height=\"480\"\n    alt=\"Mapa Ferrol\"\n  ><\/iframe>\n<\/div>\n\n\t\t\t<\/div>\n\t\t<\/div>\n\n\t\t\n\t\t\t<div id=\"toVisitSection\">\n\t\t\t\t<div>\n\t\t\t\t\t<h2 class=\"p-h2-town\">Geschichte \/ Kultur<\/h2>\n\t\t\t\t\t<hr>\n\t\t\t\t\t<h3 class=\"p-h3-town\">Was es zu sehen gibt<\/h3>\n\t\t\t\t<\/div>\n\t\t\t\t<div>\n\t\t\t\t\t<div class=\"accordion\">\n\t\t\t\t\t\t<div class=\"accordion__menu\">\n\t\t\t\t\t\t\t<nav>\n\t\t\t\t\t\t\t\t\n\t\t\t\t\t\t\t\t\t<button class=\"nav-tab-accordion active\"><span>&#10093;<\/span><span> Puerta del Dique<\/span><\/button>\n\t\t\t\t\t\t\t\t\n\t\t\t\t\t\t\t\t\t<button class=\"nav-tab-accordion \"><span>&#10093;<\/span><span> Playa de Santa Comba<\/span><\/button>\n\t\t\t\t\t\t\t\t\n\t\t\t\t\t\t\t\t\t<button class=\"nav-tab-accordion \"><span>&#10093;<\/span><span> Playa de San Jorge<\/span><\/button>\n\t\t\t\t\t\t\t\t\n\t\t\t\t\t\t\t\t\t<button class=\"nav-tab-accordion \"><span>&#10093;<\/span><span> Playa de Ponzos<\/span><\/button>\n\t\t\t\t\t\t\t\t\n\t\t\t\t\t\t\t\t\t<button class=\"nav-tab-accordion \"><span>&#10093;<\/span><span> Playa de Esmelle<\/span><\/button>\n\t\t\t\t\t\t\t\t\n\t\t\t\t\t\t\t\t\t<button class=\"nav-tab-accordion \"><span>&#10093;<\/span><span> Playa de Doni\u00f1os<\/span><\/button>\n\t\t\t\t\t\t\t\t\n\t\t\t\t\t\t\t\t\t<button class=\"nav-tab-accordion \"><span>&#10093;<\/span><span> Hospital de la Caridad<\/span><\/button>\n\t\t\t\t\t\t\t\t\n\t\t\t\t\t\t\t\t\t<button class=\"nav-tab-accordion \"><span>&#10093;<\/span><span> Playa de A Fragata<\/span><\/button>\n\t\t\t\t\t\t\t\t\n\t\t\t\t\t\t\t\t\t<button class=\"nav-tab-accordion \"><span>&#10093;<\/span><span> Sala de Armas del Arsenal Militar<\/span><\/button>\n\t\t\t\t\t\t\t\t\n\t\t\t\t\t\t\t\t\t<button class=\"nav-tab-accordion \"><span>&#10093;<\/span><span> Parque Reina Sof\u00eda y Museo de Aquaciencia<\/span><\/button>\n\t\t\t\t\t\t\t\t\n\t\t\t\t\t\t\t\t\t<button class=\"nav-tab-accordion \"><span>&#10093;<\/span><span> Palacio de la Capitan\u00eda General<\/span><\/button>\n\t\t\t\t\t\t\t\t\n\t\t\t\t\t\t\t\t\t<button class=\"nav-tab-accordion \"><span>&#10093;<\/span><span> Nuestra Se\u00f1ora del Socorro<\/span><\/button>\n\t\t\t\t\t\t\t\t\n\t\t\t\t\t\t\t\t\t<button class=\"nav-tab-accordion \"><span>&#10093;<\/span><span> Museo Naval<\/span><\/button>\n\t\t\t\t\t\t\t\t\n\t\t\t\t\t\t\t\t\t<button class=\"nav-tab-accordion \"><span>&#10093;<\/span><span> Museo de la Sociedad Gallega de Historia Natural<\/span><\/button>\n\t\t\t\t\t\t\t\t\n\t\t\t\t\t\t\t\t\t<button class=\"nav-tab-accordion \"><span>&#10093;<\/span><span> Iglesia de San Francisco<\/span><\/button>\n\t\t\t\t\t\t\t\t\n\t\t\t\t\t\t\t\t\t<button class=\"nav-tab-accordion \"><span>&#10093;<\/span><span> Fuente de San Roque<\/span><\/button>\n\t\t\t\t\t\t\t\t\n\t\t\t\t\t\t\t\t\t<button class=\"nav-tab-accordion \"><span>&#10093;<\/span><span> Fortaleza de San Felipe<\/span><\/button>\n\t\t\t\t\t\t\t\t\n\t\t\t\t\t\t\t\t\t<button class=\"nav-tab-accordion \"><span>&#10093;<\/span><span> Faro Cabo Prior<\/span><\/button>\n\t\t\t\t\t\t\t\t\n\t\t\t\t\t\t\t\t\t<button class=\"nav-tab-accordion \"><span>&#10093;<\/span><span> Faro Cabo Priori\u00f1o<\/span><\/button>\n\t\t\t\t\t\t\t\t\n\t\t\t\t\t\t\t\t\t<button class=\"nav-tab-accordion \"><span>&#10093;<\/span><span> Exponav<\/span><\/button>\n\t\t\t\t\t\t\t\t\n\t\t\t\t\t\t\t\t\t<button class=\"nav-tab-accordion \"><span>&#10093;<\/span><span> Ermita de Santa Comba<\/span><\/button>\n\t\t\t\t\t\t\t\t\n\t\t\t\t\t\t\t\t\t<button class=\"nav-tab-accordion \"><span>&#10093;<\/span><span> Ermita de Chamorro<\/span><\/button>\n\t\t\t\t\t\t\t\t\n\t\t\t\t\t\t\t\t\t<button class=\"nav-tab-accordion \"><span>&#10093;<\/span><span> Meninas de Canido<\/span><\/button>\n\t\t\t\t\t\t\t\t\n\t\t\t\t\t\t\t\t\t<button class=\"nav-tab-accordion \"><span>&#10093;<\/span><span> D\u00e1rsena de Curuxeiras<\/span><\/button>\n\t\t\t\t\t\t\t\t\n\t\t\t\t\t\t\t\t\t<button class=\"nav-tab-accordion \"><span>&#10093;<\/span><span> Concatedral de San Juli\u00e1n<\/span><\/button>\n\t\t\t\t\t\t\t\t\n\t\t\t\t\t\t\t\t\t<button class=\"nav-tab-accordion \"><span>&#10093;<\/span><span> Cant\u00f3n de Mol\u00edns<\/span><\/button>\n\t\t\t\t\t\t\t\t\n\t\t\t\t\t\t\t\t\t<button class=\"nav-tab-accordion \"><span>&#10093;<\/span><span> Bater\u00edas Militares Cabo Prior<\/span><\/button>\n\t\t\t\t\t\t\t\t\n\t\t\t\t\t\t\t\t\t<button class=\"nav-tab-accordion \"><span>&#10093;<\/span><span> Barrio de la Magdalena<\/span><\/button>\n\t\t\t\t\t\t\t\t\n\t\t\t\t\t\t\t\t\t<button class=\"nav-tab-accordion \"><span>&#10093;<\/span><span> Baluarte de San Juan<\/span><\/button>\n\t\t\t\t\t\t\t\t\n\t\t\t\t\t\t\t\t\t<button class=\"nav-tab-accordion \"><span>&#10093;<\/span><span> Jardines de Herrera y de San Francisco<\/span><\/button>\n\t\t\t\t\t\t\t\t\n\t\t\t\t\t\t\t\t\t<button class=\"nav-tab-accordion \"><span>&#10093;<\/span><span> Ferrol Vello<\/span><\/button>\n\t\t\t\t\t\t\t\t\n\t\t\t\t\t\t\t\t\t<button class=\"nav-tab-accordion \"><span>&#10093;<\/span><span> Barrio Esteiro<\/span><\/button>\n\t\t\t\t\t\t\t\t\n\t\t\t\t\t\t\t\t\t<button class=\"nav-tab-accordion \"><span>&#10093;<\/span><span> Plaza de Espa\u00f1a<\/span><\/button>\n\t\t\t\t\t\t\t\t\n\t\t\t\t\t\t\t\t\t<button class=\"nav-tab-accordion \"><span>&#10093;<\/span><span> Plaza de Armas y Palacio Consistorial<\/span><\/button>\n\t\t\t\t\t\t\t\t\n\t\t\t\t\t\t\t\t\t<button class=\"nav-tab-accordion \"><span>&#10093;<\/span><span> Plaza de Amboage<\/span><\/button>\n\t\t\t\t\t\t\t\t\n\t\t\t\t\t\t\t\t\t<button class=\"nav-tab-accordion \"><span>&#10093;<\/span><span> Iglesia de las Angustias<\/span><\/button>\n\t\t\t\t\t\t\t\t\n\t\t\t\t\t\t\t\t\t<button class=\"nav-tab-accordion \"><span>&#10093;<\/span><span> Teatro de Jofre<\/span><\/button>\n\t\t\t\t\t\t\t\t\n\t\t\t\t\t\t\t<\/nav>\n\t\t\t\t\t\t<\/div>\n\n\t\t\t\t\t\t\n\t\t\t\t\t\t\t<div class=\"accordion__accordion-content \">\n\t\t\t\t\t\t\t\t<div>\n\t\t\t\t\t\t\t\t\t<div>\n\t\t\t\t\t\t\t\t\t\t<h4>Puerta del Dique<\/h4>\n\t\t\t\t\t\t\t\t\t\t<p>Dieser bekannte Eingang zum Milit\u00e4rarsenal von Ferrol ist im neoklassischen Stil gehalten und wurde 1765 von Juli\u00e1n S\u00e1nchez Bort, einem Architekten, der f\u00fcr zahlreiche Werke und Konstruktionen in der ganzen Stadt bekannt ist, erbaut und entworfen. <\/p>\n\t\t\t\t\t\t\t\t\t<\/div>\n\t\t\t\t\t\t\t\t\t<img decoding=\"async\" src=\"https:\/\/cdn.pilgrim.es\/web\/caminos\/camino-ingles\/pueblos\/ferrol\/puntos-de-interes\/puerta-del-dique.jpg\" alt=\"Puerta del Dique\">\n\t\t\t\t\t\t\t\t<\/div>\n\t\t\t\t\t\t\t<\/div>\n\t\t\t\t\t\t\n\t\t\t\t\t\t\t<div class=\"accordion__accordion-content inactive\">\n\t\t\t\t\t\t\t\t<div>\n\t\t\t\t\t\t\t\t\t<div>\n\t\t\t\t\t\t\t\t\t\t<h4>Playa de Santa Comba<\/h4>\n\t\t\t\t\t\t\t\t\t\t<p>Es handelt sich um einen der sch\u00f6nsten Str\u00e4nde der Gemeinde. Er ist knapp 1.500 Meter lang und von unber\u00fchrter Natur umgeben, was ihm eine einzigartige Ausstrahlung verleiht. Der Sand ist sehr fein und weich, so dass es ein unvergleichliches Erlebnis ist, mit nackten F\u00fc\u00dfen von einem Ende des Strandes zum anderen zu laufen. <\/p>\n\n<p>Am einen Ende dieses Sandbereichs befindet sich die gleichnamige Einsiedelei, die nur bei Ebbe zug\u00e4nglich ist.<\/p> <p>Am einen Ende des Strandes befindet sich die gleichnamige Einsiedelei, die nur bei Ebbe zug\u00e4nglich ist.\n\t\t\t\t\t\t\t\t\t<\/div>\n\t\t\t\t\t\t\t\t\t<img decoding=\"async\" src=\"https:\/\/cdn.pilgrim.es\/web\/caminos\/camino-ingles\/pueblos\/ferrol\/puntos-de-interes\/playa-de-santa-comba.jpg\" alt=\"Playa de Santa Comba\">\n\t\t\t\t\t\t\t\t<\/div>\n\t\t\t\t\t\t\t<\/div>\n\t\t\t\t\t\t\n\t\t\t\t\t\t\t<div class=\"accordion__accordion-content inactive\">\n\t\t\t\t\t\t\t\t<div>\n\t\t\t\t\t\t\t\t\t<div>\n\t\t\t\t\t\t\t\t\t\t<h4>Playa de San Jorge<\/h4>\n\t\t\t\t\t\t\t\t\t\t<p>Er liegt etwa zehn Kilometer vom Stadtzentrum entfernt und ist der gr\u00f6\u00dfte Strand der Gemeinde. Im Vergleich zu Ferrols anderem gro\u00dfen Strand, Doni\u00f1os, ist er nicht so stark frequentiert und eignet sich daher perfekt zum Entspannen und f\u00fcr einen langen Spaziergang am Ufer. <\/p>\n\n<p>Der Strand ist 2100 Meter lang und 100 Meter breit, wodurch sich der verf\u00fcgbare Platz bei Ebbe exponentiell vergr\u00f6\u00dfert. Charakteristisch f\u00fcr diese Sandfl\u00e4che sind die D\u00fcnen mit ihrer autochthonen Vegetation, von denen einige aufgrund ihrer Seltenheit und ihres \u00f6kologischen Reichtums unter Naturschutz stehen. <\/p>\n\t\t\t\t\t\t\t\t\t<\/div>\n\t\t\t\t\t\t\t\t\t<img decoding=\"async\" src=\"https:\/\/cdn.pilgrim.es\/web\/caminos\/camino-ingles\/pueblos\/ferrol\/puntos-de-interes\/playa-de-san-jorge.jpg\" alt=\"Playa de San Jorge\">\n\t\t\t\t\t\t\t\t<\/div>\n\t\t\t\t\t\t\t<\/div>\n\t\t\t\t\t\t\n\t\t\t\t\t\t\t<div class=\"accordion__accordion-content inactive\">\n\t\t\t\t\t\t\t\t<div>\n\t\t\t\t\t\t\t\t\t<div>\n\t\t\t\t\t\t\t\t\t\t<h4>Playa de Ponzos<\/h4>\n\t\t\t\t\t\t\t\t\t\t<p>Dieser rustikale Strand ist 1400 Meter lang und 55 Meter breit. Aufgrund seiner Lage ist er in der Regel sehr windig, so dass er normalerweise nicht \u00fcberf\u00fcllt ist und ein Favorit f\u00fcr Kitesurfer und Windsurfer ist.  Er ist in der Gegend auch daf\u00fcr bekannt, dass er einer der wenigen FKK-Str\u00e4nde ist, die in der Stadt noch erhalten sind, da ein Teil f\u00fcr diesen Zweck reserviert ist. <\/p>\n\t\t\t\t\t\t\t\t\t<\/div>\n\t\t\t\t\t\t\t\t\t<img decoding=\"async\" src=\"https:\/\/cdn.pilgrim.es\/web\/caminos\/camino-ingles\/pueblos\/ferrol\/puntos-de-interes\/playa-de-ponzos.jpg\" alt=\"Playa de Ponzos\">\n\t\t\t\t\t\t\t\t<\/div>\n\t\t\t\t\t\t\t<\/div>\n\t\t\t\t\t\t\n\t\t\t\t\t\t\t<div class=\"accordion__accordion-content inactive\">\n\t\t\t\t\t\t\t\t<div>\n\t\t\t\t\t\t\t\t\t<div>\n\t\t\t\t\t\t\t\t\t\t<h4>Playa de Esmelle<\/h4>\n\t\t\t\t\t\t\t\t\t\t<p>Dieser Sandbereich ist die Fortsetzung des Strandes von San Jorge, nur durch einen kleinen Bach, den O Xuncal, getrennt. Er ist dank eines nahe gelegenen unbefestigten Parkplatzes und eines langen Holzstegs, der den Abstieg zum Strand erleichtert, leicht zug\u00e4nglich. <\/p>\n\n<p>Er ist etwas kleiner als der vorige, nur 300 Meter lang und 100 Meter breit. Da er vom Atlantik halb abgeschirmt ist, ist er in der Regel weniger windig als die benachbarten Str\u00e4nde. <\/p>\n\t\t\t\t\t\t\t\t\t<\/div>\n\t\t\t\t\t\t\t\t\t<img decoding=\"async\" src=\"https:\/\/cdn.pilgrim.es\/web\/caminos\/camino-ingles\/pueblos\/ferrol\/puntos-de-interes\/playa-de-esmelle.jpg\" alt=\"Playa de Esmelle\">\n\t\t\t\t\t\t\t\t<\/div>\n\t\t\t\t\t\t\t<\/div>\n\t\t\t\t\t\t\n\t\t\t\t\t\t\t<div class=\"accordion__accordion-content inactive\">\n\t\t\t\t\t\t\t\t<div>\n\t\t\t\t\t\t\t\t\t<div>\n\t\t\t\t\t\t\t\t\t\t<h4>Playa de Doni\u00f1os<\/h4>\n\t\t\t\t\t\t\t\t\t\t<p>Auf einem hohen Punkt des Sumpfes steht ein Denkmal zu Ehren des Sportlers Adolfo Ros, der 1984 an dieser Stelle sein Leben verlor, als er mehrere Badeg\u00e4ste in Not rettete. Seitdem wird er sowohl am Strand selbst als auch im Rahmen des Halbmarathons oder &#8222;volta \u00e1 r\u00eda&#8220; geehrt, der jedes Jahr in der Gegend von Ferrolterra stattfindet.\n\n<p>Mit seiner L\u00e4nge von fast zwei Kilometern ist er einer der beliebtesten Str\u00e4nde f\u00fcr Surfer, die sich den verf\u00fcgbaren Platz mit den \u00fcbrigen Badeg\u00e4sten teilen.\n\t\t\t\t\t\t\t\t\t<\/div>\n\t\t\t\t\t\t\t\t\t<img decoding=\"async\" src=\"https:\/\/cdn.pilgrim.es\/web\/caminos\/camino-ingles\/pueblos\/ferrol\/puntos-de-interes\/playa-de-doninos.jpg\" alt=\"Playa de Doni\u00f1os\">\n\t\t\t\t\t\t\t\t<\/div>\n\t\t\t\t\t\t\t<\/div>\n\t\t\t\t\t\t\n\t\t\t\t\t\t\t<div class=\"accordion__accordion-content inactive\">\n\t\t\t\t\t\t\t\t<div>\n\t\t\t\t\t\t\t\t\t<div>\n\t\t\t\t\t\t\t\t\t\t<h4>Hospital de la Caridad<\/h4>\n\t\t\t\t\t\t\t\t\t\t<p>Dieses ehemalige Wohlt\u00e4tigkeitskrankenhaus wurde von Dionisio S\u00e1nchez de Aguilera entworfen und 1783 dank der uneigenn\u00fctzigen Spenden von Nachbarn und hochrangigen Beamten erbaut. <\/p>\n\t\t\t\t\t\t\t\t\t<\/div>\n\t\t\t\t\t\t\t\t\t<img decoding=\"async\" src=\"https:\/\/cdn.pilgrim.es\/web\/caminos\/camino-ingles\/pueblos\/ferrol\/puntos-de-interes\/hospital-de-la-caridad.jpg\" alt=\"Hospital de la Caridad\">\n\t\t\t\t\t\t\t\t<\/div>\n\t\t\t\t\t\t\t<\/div>\n\t\t\t\t\t\t\n\t\t\t\t\t\t\t<div class=\"accordion__accordion-content inactive\">\n\t\t\t\t\t\t\t\t<div>\n\t\t\t\t\t\t\t\t\t<div>\n\t\t\t\t\t\t\t\t\t\t<h4>Playa de A Fragata<\/h4>\n\t\t\t\t\t\t\t\t\t\t<p>Dieser kleine aber sch\u00f6ne Sandbereich ist nur 200 Meter lang und 50 Meter breit.<\/p> <p>Dieser kleine aber sch\u00f6ne Sandbereich ist nur 200 Meter lang und 50 Meter breit.\n\n<p>Es ist ein Strand, der bei Einheimischen und Nachbarn sehr beliebt ist, da er \u00fcber sehr gute Einrichtungen verf\u00fcgt. Aufgrund seiner geografischen Lage gibt es hier in der Regel ziemlich viele Wellen, weshalb viele Sportler an diesen Strand kommen, um Wassersportarten wie Kajakfahren, Windsurfen, Surfen usw. zu betreiben<\/p> <p>.\n\t\t\t\t\t\t\t\t\t<\/div>\n\t\t\t\t\t\t\t\t\t<img decoding=\"async\" src=\"https:\/\/cdn.pilgrim.es\/web\/caminos\/camino-ingles\/pueblos\/ferrol\/puntos-de-interes\/playa-de-a-fragata.jpg\" alt=\"Playa de A Fragata\">\n\t\t\t\t\t\t\t\t<\/div>\n\t\t\t\t\t\t\t<\/div>\n\t\t\t\t\t\t\n\t\t\t\t\t\t\t<div class=\"accordion__accordion-content inactive\">\n\t\t\t\t\t\t\t\t<div>\n\t\t\t\t\t\t\t\t\t<div>\n\t\t\t\t\t\t\t\t\t\t<h4>Sala de Armas del Arsenal Militar<\/h4>\n\t\t\t\t\t\t\t\t\t\t<p>Die Waffenkammer des Arsenals von Ferrol beherbergt ein historisch-k\u00fcnstlerisches Ensemble von unglaublichem Wert. Das Geb\u00e4ude, das sich neben den Arkadenlagern befindet, wurde in Anlehnung an den urbanen Stil der Stadt entworfen. Bemerkenswert ist das Vorhandensein eines klaren Musters, das sich in all diesen Bauten wiederholt, sowohl auf dem Platz als auch im Geb\u00e4ude selbst. <\/p>\n\n<p>Das Geb\u00e4ude selbst sieht eher wie ein Palast aus und es ist schwer vorstellbar, dass es als Lagerhaus gebaut wurde; es sollte die gro\u00dfe milit\u00e4rische Macht, die die Stadt zu dieser Zeit genoss, unterstreichen und andeuten.\n\t\t\t\t\t\t\t\t\t<\/div>\n\t\t\t\t\t\t\t\t\t<img decoding=\"async\" src=\"https:\/\/cdn.pilgrim.es\/web\/caminos\/camino-ingles\/pueblos\/ferrol\/puntos-de-interes\/sala-de-armas-del-arsenal-militar.jpg\" alt=\"Sala de Armas del Arsenal Militar\">\n\t\t\t\t\t\t\t\t<\/div>\n\t\t\t\t\t\t\t<\/div>\n\t\t\t\t\t\t\n\t\t\t\t\t\t\t<div class=\"accordion__accordion-content inactive\">\n\t\t\t\t\t\t\t\t<div>\n\t\t\t\t\t\t\t\t\t<div>\n\t\t\t\t\t\t\t\t\t\t<h4>Parque Reina Sof\u00eda y Museo de Aquaciencia<\/h4>\n\t\t\t\t\t\t\t\t\t\t<p>Dieser sch\u00f6ne Park ist seit seiner Entstehung die gr\u00fcne Lunge der Stadt. Besonders hervorzuheben ist der als &#8222;Tanzboden&#8220; bekannte Platz, auf dem w\u00e4hrend der wichtigsten Feste Ferrols Open-Air-Konzerte stattfinden.  Zu den Pflanzen in den G\u00e4rten geh\u00f6ren der Wallace-Brunnen, der 1889 in Paris erworben wurde, sowie mehrere B\u00fcsten und Skulpturen.\n\t\t\t\t\t\t\t\t\t<\/div>\n\t\t\t\t\t\t\t\t\t<img decoding=\"async\" src=\"https:\/\/cdn.pilgrim.es\/web\/caminos\/camino-ingles\/pueblos\/ferrol\/puntos-de-interes\/parque-reina-sofia-y-museo-de-aquaciencia.jpg\" alt=\"Parque Reina Sof\u00eda y Museo de Aquaciencia\">\n\t\t\t\t\t\t\t\t<\/div>\n\t\t\t\t\t\t\t<\/div>\n\t\t\t\t\t\t\n\t\t\t\t\t\t\t<div class=\"accordion__accordion-content inactive\">\n\t\t\t\t\t\t\t\t<div>\n\t\t\t\t\t\t\t\t\t<div>\n\t\t\t\t\t\t\t\t\t\t<h4>Palacio de la Capitan\u00eda General<\/h4>\n\t\t\t\t\t\t\t\t\t\t<p>Dieses Geb\u00e4ude mit einem gewissen Palastcharakter wurde urspr\u00fcnglich als Sitz des Generalkapit\u00e4ns des Seeamtes geplant und zeitgleich mit dem Bau der st\u00e4dtischen Werften und des Arsenals errichtet. <\/p>\n\t\t\t\t\t\t\t\t\t<\/div>\n\t\t\t\t\t\t\t\t\t<img decoding=\"async\" src=\"https:\/\/cdn.pilgrim.es\/web\/caminos\/camino-ingles\/pueblos\/ferrol\/puntos-de-interes\/palacio-de-la-capitania-general.jpg\" alt=\"Palacio de la Capitan\u00eda General\">\n\t\t\t\t\t\t\t\t<\/div>\n\t\t\t\t\t\t\t<\/div>\n\t\t\t\t\t\t\n\t\t\t\t\t\t\t<div class=\"accordion__accordion-content inactive\">\n\t\t\t\t\t\t\t\t<div>\n\t\t\t\t\t\t\t\t\t<div>\n\t\t\t\t\t\t\t\t\t\t<h4>Nuestra Se\u00f1ora del Socorro<\/h4>\n\t\t\t\t\t\t\t\t\t\t<p>Mit dem Bau dieser klassizistischen Kapelle am Kai von Ferrol wurde im 18. Jahrhundert begonnen, und die Arbeiten wurden bis Anfang des 19. Jh. erweitert. Bemerkenswert sind das Hauptaltarbild aus dem Jahr 1813 und die Darstellungen von Christus dem Seefahrer und der Jungfrau von der Hilfe. Sie ist die Bezugskapelle der Seeleute, von der aus in der Karwoche wichtige Prozessionen stattfinden.\n\n<p>MESSSTUNDEN<\/p>\n\n<p>Vom 1. September bis 30. Juni Werktags um 19:00 Uhr Vesper um 19:00 Uhr Feiertags um 11:00 und 12:30 Uhr<\/p> <p>Messzeiten<\/p> <p>Vom 1. September bis 30. Juni Werktags um 19:00 Uhr Vesper um 19:00 Uhr Feiertags um 11:00 und 12:30 Uhr<\/p> &lt;p\n\n<p>INFORMATIONEN VON INTERESSE<\/p> <p>Vom 1. September bis 30. Juni\n\n<p>Telefon: 981 358 227<\/p>\n\t\t\t\t\t\t\t\t\t<\/div>\n\t\t\t\t\t\t\t\t\t<img decoding=\"async\" src=\"https:\/\/cdn.pilgrim.es\/web\/caminos\/camino-ingles\/pueblos\/ferrol\/puntos-de-interes\/nuestra-senora-del-socorro.jpg\" alt=\"Nuestra Se\u00f1ora del Socorro\">\n\t\t\t\t\t\t\t\t<\/div>\n\t\t\t\t\t\t\t<\/div>\n\t\t\t\t\t\t\n\t\t\t\t\t\t\t<div class=\"accordion__accordion-content inactive\">\n\t\t\t\t\t\t\t\t<div>\n\t\t\t\t\t\t\t\t\t<div>\n\t\t\t\t\t\t\t\t\t\t<h4>Museo Naval<\/h4>\n\t\t\t\t\t\t\t\t\t\t<p>Es wurde 1986 eingeweiht und befindet sich im Marinest\u00fctzpunkt der Stadt. Es befindet sich in dem alten Geb\u00e4ude, in dem fr\u00fcher die 1765 erbaute Gefangenenkaserne (San Campio) untergebracht war, direkt neben dem EXPONAV-Museum und gegen\u00fcber dem Cant\u00f3n de Mol\u00edns. <\/p>\n\t\t\t\t\t\t\t\t\t<\/div>\n\t\t\t\t\t\t\t\t\t<img decoding=\"async\" src=\"https:\/\/cdn.pilgrim.es\/web\/caminos\/camino-ingles\/pueblos\/ferrol\/puntos-de-interes\/museo-naval.jpg\" alt=\"Museo Naval\">\n\t\t\t\t\t\t\t\t<\/div>\n\t\t\t\t\t\t\t<\/div>\n\t\t\t\t\t\t\n\t\t\t\t\t\t\t<div class=\"accordion__accordion-content inactive\">\n\t\t\t\t\t\t\t\t<div>\n\t\t\t\t\t\t\t\t\t<div>\n\t\t\t\t\t\t\t\t\t\t<h4>Museo de la Sociedad Gallega de Historia Natural<\/h4>\n\t\t\t\t\t\t\t\t\t\t<p>Dieses einzigartige Museum ist seit 2011 in einem ehemaligen Milit\u00e4rgeb\u00e4ude untergebracht. Sein Ziel ist es, das Bewusstsein f\u00fcr die Bedeutung des Schutzes von \u00d6kosystemen zu sch\u00e4rfen und dabei insbesondere Wale und Delfine zu unterst\u00fctzen.\n\t\t\t\t\t\t\t\t\t<\/div>\n\t\t\t\t\t\t\t\t\t<img decoding=\"async\" src=\"https:\/\/cdn.pilgrim.es\/web\/caminos\/camino-ingles\/pueblos\/ferrol\/puntos-de-interes\/museo-de-la-sociedad-gallega-de-historia-natural.jpg\" alt=\"Museo de la Sociedad Gallega de Historia Natural\">\n\t\t\t\t\t\t\t\t<\/div>\n\t\t\t\t\t\t\t<\/div>\n\t\t\t\t\t\t\n\t\t\t\t\t\t\t<div class=\"accordion__accordion-content inactive\">\n\t\t\t\t\t\t\t\t<div>\n\t\t\t\t\t\t\t\t\t<div>\n\t\t\t\t\t\t\t\t\t\t<h4>Iglesia de San Francisco<\/h4>\n\t\t\t\t\t\t\t\t\t\t<p>Es ist eine Milit\u00e4rkirche und untersteht dem Erzbistum Castrense, das seinen Sitz in Madrid hat. Dieses sch\u00f6ne und einzigartige neoklassizistische Geb\u00e4ude wurde 1757 an der Stelle des Klosters San Francisco als Tempel errichtet, daher der heutige Name. Hervorzuheben ist das Altarbild des ber\u00fchmten Bildhauers Xos\u00e9 Ferreiro.\n\n<p>MESSENZEITPLAN<\/p>\n\n<p>Vom 15. September bis 31. Mai Wochentags um 11:30 Uhr, 19:00 Uhr Vesper um 19:00 Uhr Feiertags um 11:00 Uhr und 12:00 Uhr Vom 1. Juni bis 14. September Wochentags um 11:30 Uhr und 20:30 Uhr Vesper um 20:30 Uhr Feiertags um 12:00 Uhr und 20:30 Uhr<\/p> &lt;p\n\n<p>INFORMATIONEN VON INTERESSE<\/p>\n\n<p>E-Mail: jvalzar@et.mde.es Telefon: 981 358 038<\/p>\n\t\t\t\t\t\t\t\t\t<\/div>\n\t\t\t\t\t\t\t\t\t<img decoding=\"async\" src=\"https:\/\/cdn.pilgrim.es\/web\/caminos\/camino-ingles\/pueblos\/ferrol\/puntos-de-interes\/iglesia-de-san-francisco.jpg\" alt=\"Iglesia de San Francisco\">\n\t\t\t\t\t\t\t\t<\/div>\n\t\t\t\t\t\t\t<\/div>\n\t\t\t\t\t\t\n\t\t\t\t\t\t\t<div class=\"accordion__accordion-content inactive\">\n\t\t\t\t\t\t\t\t<div>\n\t\t\t\t\t\t\t\t\t<div>\n\t\t\t\t\t\t\t\t\t\t<h4>Fuente de San Roque<\/h4>\n\t\t\t\t\t\t\t\t\t\t<p>Dieser sch\u00f6ne Brunnen aus dem Jahr 1784 ist das Werk von Francisco Solini, Juan Andr\u00e9s Pardi\u00f1as und dem Bildhauer Carlos de Porto.<\/p> <p>Der Brunnen wurde von Francisco Solini, Juan Andr\u00e9s Pardi\u00f1as und dem Bildhauer Carlos de Porto entworfen.\n\t\t\t\t\t\t\t\t\t<\/div>\n\t\t\t\t\t\t\t\t\t<img decoding=\"async\" src=\"https:\/\/cdn.pilgrim.es\/web\/caminos\/camino-ingles\/pueblos\/ferrol\/puntos-de-interes\/fuente-de-san-roque.jpg\" alt=\"Fuente de San Roque\">\n\t\t\t\t\t\t\t\t<\/div>\n\t\t\t\t\t\t\t<\/div>\n\t\t\t\t\t\t\n\t\t\t\t\t\t\t<div class=\"accordion__accordion-content inactive\">\n\t\t\t\t\t\t\t\t<div>\n\t\t\t\t\t\t\t\t\t<div>\n\t\t\t\t\t\t\t\t\t\t<h4>Fortaleza de San Felipe<\/h4>\n\t\t\t\t\t\t\t\t\t\t<p>Die 1557 im Auftrag von Philipp II., nach dem sie benannt ist, errichtete Festung wurde mehrmals renoviert, um die Verteidigung der Flussm\u00fcndung zu verbessern. Zwischen 1731 und 1755 wurden betr\u00e4chtliche Verbesserungen vorgenommen, darunter der Bau einer Hornabeque, des Grabens und des Haupttors.<\/p> <p>Erbaut im Jahr 1557 unter dem Mandat von Philipp II.\n\t\t\t\t\t\t\t\t\t<\/div>\n\t\t\t\t\t\t\t\t\t<img decoding=\"async\" src=\"https:\/\/cdn.pilgrim.es\/web\/caminos\/camino-ingles\/pueblos\/ferrol\/puntos-de-interes\/fortaleza-de-san-felipe.jpg\" alt=\"Fortaleza de San Felipe\">\n\t\t\t\t\t\t\t\t<\/div>\n\t\t\t\t\t\t\t<\/div>\n\t\t\t\t\t\t\n\t\t\t\t\t\t\t<div class=\"accordion__accordion-content inactive\">\n\t\t\t\t\t\t\t\t<div>\n\t\t\t\t\t\t\t\t\t<div>\n\t\t\t\t\t\t\t\t\t\t<h4>Faro Cabo Prior<\/h4>\n\t\t\t\t\t\t\t\t\t\t<p>Es ist der von vielen Naturliebhabern gew\u00e4hlte Ort, um die Wanderung zahlreicher Seevogelarten zu beobachten. Die Aussicht ist spektakul\u00e4r: Der nahe gelegene Leuchtturm von A Frouxeira in der Stadt Valdovi\u00f1o ist vom Aussichtspunkt aus zu sehen, und an klaren Tagen kann man sogar den gro\u00dfen Herkulesturm in A Coru\u00f1a und die Stadt selbst ausmachen. <\/p>\n\t\t\t\t\t\t\t\t\t<\/div>\n\t\t\t\t\t\t\t\t\t<img decoding=\"async\" src=\"https:\/\/cdn.pilgrim.es\/web\/caminos\/camino-ingles\/pueblos\/ferrol\/puntos-de-interes\/faro-cabo-prior.jpg\" alt=\"Faro Cabo Prior\">\n\t\t\t\t\t\t\t\t<\/div>\n\t\t\t\t\t\t\t<\/div>\n\t\t\t\t\t\t\n\t\t\t\t\t\t\t<div class=\"accordion__accordion-content inactive\">\n\t\t\t\t\t\t\t\t<div>\n\t\t\t\t\t\t\t\t\t<div>\n\t\t\t\t\t\t\t\t\t\t<h4>Faro Cabo Priori\u00f1o<\/h4>\n\t\t\t\t\t\t\t\t\t\t<p>Zusammen mit dem Leuchtturm von Kap Prior beleuchtet er seit dem 19. Jahrhundert die Schiffe, die aus dem Golf von \u00c1rtabro in die R\u00eda de Ferrol einlaufen. Jahrhundert die in den Golf von \u00c1rtabro einfahrenden Schiffe beleuchtet. Es handelt sich also um ein Gebiet von gro\u00dfer historischer und strategischer Bedeutung, in dem sich ein Informationszentrum befindet, das auch die Milit\u00e4rbatterien und den gesamten Bereich des k\u00fcrzlich angelegten Au\u00dfenhafens umfasst. Dar\u00fcber hinaus wurden ein sch\u00f6ner Aussichtspunkt und ein ornithologisches Observatorium eingerichtet. <\/p>\n\t\t\t\t\t\t\t\t\t<\/div>\n\t\t\t\t\t\t\t\t\t<img decoding=\"async\" src=\"https:\/\/cdn.pilgrim.es\/web\/caminos\/camino-ingles\/pueblos\/ferrol\/puntos-de-interes\/faro-cabo-priorino.jpg\" alt=\"Faro Cabo Priori\u00f1o\">\n\t\t\t\t\t\t\t\t<\/div>\n\t\t\t\t\t\t\t<\/div>\n\t\t\t\t\t\t\n\t\t\t\t\t\t\t<div class=\"accordion__accordion-content inactive\">\n\t\t\t\t\t\t\t\t<div>\n\t\t\t\t\t\t\t\t\t<div>\n\t\t\t\t\t\t\t\t\t\t<h4>Exponav<\/h4>\n\t\t\t\t\t\t\t\t\t\t<p>Die 2008 er\u00f6ffnete Nationale Schiffbauausstellung ist das wichtigste Schifffahrtsmuseum in Spanien und eines der vollst\u00e4ndigsten in diesem Bereich in Europa. Es ist ganz dem Schiffbau in der Welt gewidmet und konzentriert sich auf die Besonderheiten Spaniens und der Ferrolterra.\n\t\t\t\t\t\t\t\t\t<\/div>\n\t\t\t\t\t\t\t\t\t<img decoding=\"async\" src=\"https:\/\/cdn.pilgrim.es\/web\/caminos\/camino-ingles\/pueblos\/ferrol\/puntos-de-interes\/exponav.jpg\" alt=\"Exponav\">\n\t\t\t\t\t\t\t\t<\/div>\n\t\t\t\t\t\t\t<\/div>\n\t\t\t\t\t\t\n\t\t\t\t\t\t\t<div class=\"accordion__accordion-content inactive\">\n\t\t\t\t\t\t\t\t<div>\n\t\t\t\t\t\t\t\t\t<div>\n\t\t\t\t\t\t\t\t\t\t<h4>Ermita de Santa Comba<\/h4>\n\t\t\t\t\t\t\t\t\t\t<p>Es ist bekannt, dass sie seit 1110 existiert. Von da an wurde sie im Laufe der Jahrhunderte mehrfach umgebaut, bis sie ihre heutige Gestalt erhielt. Sie hat nur ein Schiff mit einem einfachen Glockenturm und einem Giebeldach, und der Zugang zur Kapelle ist nur bei Ebbe m\u00f6glich.\n\t\t\t\t\t\t\t\t\t<\/div>\n\t\t\t\t\t\t\t\t\t<img decoding=\"async\" src=\"https:\/\/cdn.pilgrim.es\/web\/caminos\/camino-ingles\/pueblos\/ferrol\/puntos-de-interes\/ermita-de-santa-comba.jpg\" alt=\"Ermita de Santa Comba\">\n\t\t\t\t\t\t\t\t<\/div>\n\t\t\t\t\t\t\t<\/div>\n\t\t\t\t\t\t\n\t\t\t\t\t\t\t<div class=\"accordion__accordion-content inactive\">\n\t\t\t\t\t\t\t\t<div>\n\t\t\t\t\t\t\t\t\t<div>\n\t\t\t\t\t\t\t\t\t\t<h4>Ermita de Chamorro<\/h4>\n\t\t\t\t\t\t\t\t\t\t<p>Es hei\u00dft, dass im 17. Jahrhundert ein Fischer auf der Suche nach seinem Boot war, das auf dem Meer verloren gegangen war, als es sich zu bewegen begann und das Boot fast sank. Der Fischer rief zum Himmel: &#8222;Halt, Morro&#8220; &#8211; ein Schrei, den die Jungfrau h\u00f6rte und den Fischer vor dem Ertrinken rettete.\n\t\t\t\t\t\t\t\t\t<\/div>\n\t\t\t\t\t\t\t\t\t<img decoding=\"async\" src=\"https:\/\/cdn.pilgrim.es\/web\/caminos\/camino-ingles\/pueblos\/ferrol\/puntos-de-interes\/ermita-de-chamorro.jpg\" alt=\"Ermita de Chamorro\">\n\t\t\t\t\t\t\t\t<\/div>\n\t\t\t\t\t\t\t<\/div>\n\t\t\t\t\t\t\n\t\t\t\t\t\t\t<div class=\"accordion__accordion-content inactive\">\n\t\t\t\t\t\t\t\t<div>\n\t\t\t\t\t\t\t\t\t<div>\n\t\t\t\t\t\t\t\t\t\t<h4>Meninas de Canido<\/h4>\n\t\t\t\t\t\t\t\t\t\t<p>Wenn Sie durch das obere Viertel von Canido spazieren, werden Sie an den Fassaden fast aller Geb\u00e4ude kuriose Gem\u00e4lde finden, die die ber\u00fchmten Meninas von Vel\u00e1zquez darstellen. <\/p>\n\t\t\t\t\t\t\t\t\t<\/div>\n\t\t\t\t\t\t\t\t\t<img decoding=\"async\" src=\"https:\/\/cdn.pilgrim.es\/web\/caminos\/camino-ingles\/pueblos\/ferrol\/puntos-de-interes\/meninas-de-canido.jpg\" alt=\"Meninas de Canido\">\n\t\t\t\t\t\t\t\t<\/div>\n\t\t\t\t\t\t\t<\/div>\n\t\t\t\t\t\t\n\t\t\t\t\t\t\t<div class=\"accordion__accordion-content inactive\">\n\t\t\t\t\t\t\t\t<div>\n\t\t\t\t\t\t\t\t\t<div>\n\t\t\t\t\t\t\t\t\t\t<h4>D\u00e1rsena de Curuxeiras<\/h4>\n\t\t\t\t\t\t\t\t\t\t<p>Der Hafen von Curuxeiras wird von einer sch\u00f6nen Promenade mit Palmen und den bekannten Ranita-G\u00e4rten begleitet, einem Gebiet voller Terrassen und Restaurants, wo man sich entspannen kann, w\u00e4hrend man die Aussicht genie\u00dft.<\/p> <p>Der Hafen von Curuxeiras wird von einer sch\u00f6nen Promenade mit Palmen und den bekannten Ranita-G\u00e4rten begleitet, einem Gebiet voller Terrassen und Restaurants, wo man sich entspannen kann, w\u00e4hrend man die Aussicht genie\u00dft.\n\t\t\t\t\t\t\t\t\t<\/div>\n\t\t\t\t\t\t\t\t\t<img decoding=\"async\" src=\"https:\/\/cdn.pilgrim.es\/web\/caminos\/camino-ingles\/pueblos\/ferrol\/puntos-de-interes\/darsena-de-curuxeiras.jpg\" alt=\"D\u00e1rsena de Curuxeiras\">\n\t\t\t\t\t\t\t\t<\/div>\n\t\t\t\t\t\t\t<\/div>\n\t\t\t\t\t\t\n\t\t\t\t\t\t\t<div class=\"accordion__accordion-content inactive\">\n\t\t\t\t\t\t\t\t<div>\n\t\t\t\t\t\t\t\t\t<div>\n\t\t\t\t\t\t\t\t\t\t<h4>Concatedral de San Juli\u00e1n<\/h4>\n\t\t\t\t\t\t\t\t\t\t<p>Es handelt sich eigentlich um eine Co-Kathedrale, da sie den Titel der Kathedrale mit der von Mondo\u00f1edo teilt. <\/p>\n\n<p>Dieses Gotteshaus stammt aus dem letzten Drittel des 18. Jahrhunderts und ist das Werk von Juli\u00e1n S\u00e1nchez Bort, der sich an den Pl\u00e4nen der Kirche San Andr\u00e9s Avelino in Rom orientierte. Die Hauptfassade besteht aus zwei sich \u00fcberlagernden K\u00f6rpern, die in einem dreieckigen Giebel enden, auf dem sich ein Kreuz erhebt.<\/p> <p>Die Hauptfassade besteht aus zwei sich \u00fcberlagernden K\u00f6rpern, die in einem dreieckigen Giebel enden, auf dem sich ein Kreuz erhebt.\n\t\t\t\t\t\t\t\t\t<\/div>\n\t\t\t\t\t\t\t\t\t<img decoding=\"async\" src=\"https:\/\/cdn.pilgrim.es\/web\/caminos\/camino-ingles\/pueblos\/ferrol\/puntos-de-interes\/concatedral-de-san-julian.jpg\" alt=\"Concatedral de San Juli\u00e1n\">\n\t\t\t\t\t\t\t\t<\/div>\n\t\t\t\t\t\t\t<\/div>\n\t\t\t\t\t\t\n\t\t\t\t\t\t\t<div class=\"accordion__accordion-content inactive\">\n\t\t\t\t\t\t\t\t<div>\n\t\t\t\t\t\t\t\t\t<div>\n\t\t\t\t\t\t\t\t\t\t<h4>Cant\u00f3n de Mol\u00edns<\/h4>\n\t\t\t\t\t\t\t\t\t\t<p>Diese historische Alameda gilt als eine der ersten Gr\u00fcnanlagen in Galicien. Sie wurde im 18. Jahrhundert erbaut, einer Zeit, in der wissenschaftliche Expeditionen das Ziel hatten, neue Baumarten zur Versch\u00f6nerung der st\u00e4dtischen G\u00e4rten zu finden. Die Alameda erstreckte sich \u00fcber eine viel gr\u00f6\u00dfere Fl\u00e4che als heute, wurde aber nach und nach von der Stadt verschluckt.\n\t\t\t\t\t\t\t\t\t<\/div>\n\t\t\t\t\t\t\t\t\t<img decoding=\"async\" src=\"https:\/\/cdn.pilgrim.es\/web\/caminos\/camino-ingles\/pueblos\/ferrol\/puntos-de-interes\/canton-de-molins.jpg\" alt=\"Cant\u00f3n de Mol\u00edns\">\n\t\t\t\t\t\t\t\t<\/div>\n\t\t\t\t\t\t\t<\/div>\n\t\t\t\t\t\t\n\t\t\t\t\t\t\t<div class=\"accordion__accordion-content inactive\">\n\t\t\t\t\t\t\t\t<div>\n\t\t\t\t\t\t\t\t\t<div>\n\t\t\t\t\t\t\t\t\t\t<h4>Bater\u00edas Militares Cabo Prior<\/h4>\n\t\t\t\t\t\t\t\t\t\t<p>Die \u00dcberreste der Milit\u00e4rbatterien von Cabo Prior befinden sich in der bekannten Gegend von Covas. Dies sind jedoch nicht die einzigen \u00dcberreste dieser Art von Geb\u00e4uden in der Gegend. Entlang der gesamten K\u00fcste des Golfo \u00c1rtabro in Ferrol gibt es viele von ihnen, die meisten davon in einem ruin\u00f6sen Zustand. <\/p>\n\t\t\t\t\t\t\t\t\t<\/div>\n\t\t\t\t\t\t\t\t\t<img decoding=\"async\" src=\"https:\/\/cdn.pilgrim.es\/web\/caminos\/camino-ingles\/pueblos\/ferrol\/puntos-de-interes\/baterias-militares-cabo-prior.jpg\" alt=\"Bater\u00edas Militares Cabo Prior\">\n\t\t\t\t\t\t\t\t<\/div>\n\t\t\t\t\t\t\t<\/div>\n\t\t\t\t\t\t\n\t\t\t\t\t\t\t<div class=\"accordion__accordion-content inactive\">\n\t\t\t\t\t\t\t\t<div>\n\t\t\t\t\t\t\t\t\t<div>\n\t\t\t\t\t\t\t\t\t\t<h4>Barrio de la Magdalena<\/h4>\n\t\t\t\t\t\t\t\t\t\t<p>Die Anlage ist klar gegliedert und wurde 1763 mit der Absicht entworfen, als Schauplatz f\u00fcr zivile Prozessionen und Milit\u00e4rparaden zu dienen<\/p> <p>.\n\t\t\t\t\t\t\t\t\t<\/div>\n\t\t\t\t\t\t\t\t\t<img decoding=\"async\" src=\"https:\/\/cdn.pilgrim.es\/web\/caminos\/camino-ingles\/pueblos\/ferrol\/puntos-de-interes\/barrio-de-la-magdalena.jpg\" alt=\"Barrio de la Magdalena\">\n\t\t\t\t\t\t\t\t<\/div>\n\t\t\t\t\t\t\t<\/div>\n\t\t\t\t\t\t\n\t\t\t\t\t\t\t<div class=\"accordion__accordion-content inactive\">\n\t\t\t\t\t\t\t\t<div>\n\t\t\t\t\t\t\t\t\t<div>\n\t\t\t\t\t\t\t\t\t\t<h4>Baluarte de San Juan<\/h4>\n\t\t\t\t\t\t\t\t\t\t<p>Dieses Verteidigungsbauwerk aus dem 18. Jahrhundert war Teil der Stadtmauer und befand sich auf einer Anh\u00f6he, die sich ideal zur \u00dcberwachung der Einfahrt zur M\u00fcndung von Ferrol und zur Verteidigung gegen m\u00f6gliche feindliche Angriffe eignete. Sie befindet sich im Stadtteil Canido und bietet einen au\u00dfergew\u00f6hnlichen Blick auf die Flussm\u00fcndung und den Hafen der Stadt und wird heute als Aussichtspunkt und Erholungsgebiet genutzt.\n\t\t\t\t\t\t\t\t\t<\/div>\n\t\t\t\t\t\t\t\t\t<img decoding=\"async\" src=\"https:\/\/cdn.pilgrim.es\/web\/caminos\/camino-ingles\/pueblos\/ferrol\/puntos-de-interes\/baluarte-de-san-juan.jpg\" alt=\"Baluarte de San Juan\">\n\t\t\t\t\t\t\t\t<\/div>\n\t\t\t\t\t\t\t<\/div>\n\t\t\t\t\t\t\n\t\t\t\t\t\t\t<div class=\"accordion__accordion-content inactive\">\n\t\t\t\t\t\t\t\t<div>\n\t\t\t\t\t\t\t\t\t<div>\n\t\t\t\t\t\t\t\t\t\t<h4>Jardines de Herrera y de San Francisco<\/h4>\n\t\t\t\t\t\t\t\t\t\t<p>Diese wundersch\u00f6nen G\u00e4rten befinden sich auf einer Anh\u00f6he innerhalb einer Verteidigungsbastion und sind Eigentum der spanischen Marine, obwohl sie der \u00d6ffentlichkeit zur Verf\u00fcgung stehen. Er dient auch als Aussichtspunkt, von dem aus man einen spektakul\u00e4ren Blick auf die Flussm\u00fcndung und die Anlagen des Milit\u00e4rarsenals genie\u00dfen kann. <\/p>\n\t\t\t\t\t\t\t\t\t<\/div>\n\t\t\t\t\t\t\t\t\t<img decoding=\"async\" src=\"https:\/\/cdn.pilgrim.es\/web\/caminos\/camino-ingles\/pueblos\/ferrol\/puntos-de-interes\/jardines-de-herrera-y-de-san-francisco.jpg\" alt=\"Jardines de Herrera y de San Francisco\">\n\t\t\t\t\t\t\t\t<\/div>\n\t\t\t\t\t\t\t<\/div>\n\t\t\t\t\t\t\n\t\t\t\t\t\t\t<div class=\"accordion__accordion-content inactive\">\n\t\t\t\t\t\t\t\t<div>\n\t\t\t\t\t\t\t\t\t<div>\n\t\t\t\t\t\t\t\t\t\t<h4>Ferrol Vello<\/h4>\n\t\t\t\t\t\t\t\t\t\t<p>Dies ist der \u00e4lteste Teil der Stadt Ferrol. Urspr\u00fcnglich teilten sich die Adelsfamilien Andrade und Lemos die Gerichtsbarkeit. Hier entstand die Stadt am Meer, und zwar aus einer K\u00fcstensiedlung aus dem sp\u00e4ten Mittelalter. Nach und nach ver\u00e4nderte sich die Physiognomie dieses Viertels und verwandelte es in eine Seefahrerstadt, die Jahrhunderte sp\u00e4ter zu einem wichtigen St\u00fctzpunkt der spanischen Marine wurde.\n\t\t\t\t\t\t\t\t\t<\/div>\n\t\t\t\t\t\t\t\t\t<img decoding=\"async\" src=\"https:\/\/cdn.pilgrim.es\/web\/caminos\/camino-ingles\/pueblos\/ferrol\/puntos-de-interes\/ferrol-vello.jpg\" alt=\"Ferrol Vello\">\n\t\t\t\t\t\t\t\t<\/div>\n\t\t\t\t\t\t\t<\/div>\n\t\t\t\t\t\t\n\t\t\t\t\t\t\t<div class=\"accordion__accordion-content inactive\">\n\t\t\t\t\t\t\t\t<div>\n\t\t\t\t\t\t\t\t\t<div>\n\t\t\t\t\t\t\t\t\t\t<h4>Barrio Esteiro<\/h4>\n\t\t\t\t\t\t\t\t\t\t<p>Esteiro ist ein traditionelles Arbeiterviertel, das von und f\u00fcr die Werften von Ferrol geschaffen wurde. Die ersten H\u00e4user wurden zu Beginn des 18. Jahrhunderts \u00fcber dem alten Dorf errichtet, um den Tausenden von Arbeitern, die auf der Suche nach Arbeit in der neu gegr\u00fcndeten Empresa Nacional Baz\u00e1n in die Departementsstadt kamen, eine Unterkunft zu bieten. Zun\u00e4chst wurde mit dem Bau der Geb\u00e4ude in der Stra\u00dfe San Carlos begonnen, dann folgten die benachbarten Stra\u00dfen San Fernando und San Pedro, immer nach dem typischen Raster der Aufkl\u00e4rung. <\/p>\n\t\t\t\t\t\t\t\t\t<\/div>\n\t\t\t\t\t\t\t\t\t<img decoding=\"async\" src=\"https:\/\/cdn.pilgrim.es\/web\/caminos\/camino-ingles\/pueblos\/ferrol\/puntos-de-interes\/barrio-esteiro.jpg\" alt=\"Barrio Esteiro\">\n\t\t\t\t\t\t\t\t<\/div>\n\t\t\t\t\t\t\t<\/div>\n\t\t\t\t\t\t\n\t\t\t\t\t\t\t<div class=\"accordion__accordion-content inactive\">\n\t\t\t\t\t\t\t\t<div>\n\t\t\t\t\t\t\t\t\t<div>\n\t\t\t\t\t\t\t\t\t\t<h4>Plaza de Espa\u00f1a<\/h4>\n\t\t\t\t\t\t\t\t\t\t<p>Nur wenige Obstg\u00e4rten und bewirtschaftete Felder nahmen fr\u00fcher die Fl\u00e4che ein, die heute die Plaza de Espa\u00f1a, den traditionellen Eingang zum Stadtzentrum im bekannten Viertel Recimil, einnimmt. Zwischen diesen beiden Bereichen ist noch eines der alten Tore der Stadtmauer erhalten, die die Stadt umgab. <\/p>\n\t\t\t\t\t\t\t\t\t<\/div>\n\t\t\t\t\t\t\t\t\t<img decoding=\"async\" src=\"https:\/\/cdn.pilgrim.es\/web\/caminos\/camino-ingles\/pueblos\/ferrol\/puntos-de-interes\/plaza-de-espana.jpg\" alt=\"Plaza de Espa\u00f1a\">\n\t\t\t\t\t\t\t\t<\/div>\n\t\t\t\t\t\t\t<\/div>\n\t\t\t\t\t\t\n\t\t\t\t\t\t\t<div class=\"accordion__accordion-content inactive\">\n\t\t\t\t\t\t\t\t<div>\n\t\t\t\t\t\t\t\t\t<div>\n\t\t\t\t\t\t\t\t\t\t<h4>Plaza de Armas y Palacio Consistorial<\/h4>\n\t\t\t\t\t\t\t\t\t\t<p>Die bekannte Plaza de Armas in Ferrol ist der Standort des Rathauses der Departementsstadt. Er wurde zu Beginn des 19. Jahrhunderts erbaut, nur wenige Jahre nach der ber\u00fchmten Schlacht von Bri\u00f3n, und einige Jahre sp\u00e4ter in Plaza de la Churruca umbenannt, zu Ehren des spanischen Seefahrers, der das Schiff Juan Nepomuceno in der Schlacht von Trafalgar f\u00fchrte. Zu Ehren dieser bedeutenden Pers\u00f6nlichkeit wurde in der Mitte des Platzes ein gro\u00dfer Obelisk aufgestellt, der heute in den Herrera-G\u00e4rten zu sehen ist.  <\/p>\n\t\t\t\t\t\t\t\t\t<\/div>\n\t\t\t\t\t\t\t\t\t<img decoding=\"async\" src=\"https:\/\/cdn.pilgrim.es\/web\/caminos\/camino-ingles\/pueblos\/ferrol\/puntos-de-interes\/plaza-de-armas-y-palacio-consistorial.jpg\" alt=\"Plaza de Armas y Palacio Consistorial\">\n\t\t\t\t\t\t\t\t<\/div>\n\t\t\t\t\t\t\t<\/div>\n\t\t\t\t\t\t\n\t\t\t\t\t\t\t<div class=\"accordion__accordion-content inactive\">\n\t\t\t\t\t\t\t\t<div>\n\t\t\t\t\t\t\t\t\t<div>\n\t\t\t\t\t\t\t\t\t\t<h4>Plaza de Amboage<\/h4>\n\t\t\t\t\t\t\t\t\t\t<p>Dieser Platz verdankt seinen Namen dem Marquis von Amboage, Ram\u00f3n Pla y Monge, einem Auswanderer aus Ferrol in Kuba, der Ger\u00fcchten zufolge Eigent\u00fcmer einer Reederei war, die mit Sklaven handelte. Nach seinem Tod und seiner Ernennung zum Marquis wurde beschlossen, ihm zu Ehren eine Statue auf der Plaza de Dolores in Ferrol aufzustellen, und zwar im Jahr 1896, als auch der Name des Platzes ge\u00e4ndert wurde. <\/p>\n\t\t\t\t\t\t\t\t\t<\/div>\n\t\t\t\t\t\t\t\t\t<img decoding=\"async\" src=\"https:\/\/cdn.pilgrim.es\/web\/caminos\/camino-ingles\/pueblos\/ferrol\/puntos-de-interes\/plaza-de-amboage.jpg\" alt=\"Plaza de Amboage\">\n\t\t\t\t\t\t\t\t<\/div>\n\t\t\t\t\t\t\t<\/div>\n\t\t\t\t\t\t\n\t\t\t\t\t\t\t<div class=\"accordion__accordion-content inactive\">\n\t\t\t\t\t\t\t\t<div>\n\t\t\t\t\t\t\t\t\t<div>\n\t\t\t\t\t\t\t\t\t\t<h4>Iglesia de las Angustias<\/h4>\n\t\t\t\t\t\t\t\t\t\t<p>Diese Kirche wurde dank der 1768 gegr\u00fcndeten gleichnamigen Bruderschaft errichtet. Der Grund daf\u00fcr war, dass der Platz in der nahe gelegenen Kapelle San Roque allm\u00e4hlich zu klein wurde, da sich die Co-Kathedrale San Juli\u00e1n zu dieser Zeit ebenfalls im Bau befand. Aus diesem Grund wurde dank verschiedener Spenden der Gl\u00e4ubigen und der Di\u00f6zese beschlossen, dieses neue Gotteshaus zu Ehren von Las Angustias zu errichten. Es wird angenommen, dass das Bildnis dieser Jungfrau aus der Kapelle San Amaro im Stadtteil Recimil \u00fcbertragen und mehrmals umgestaltet wurde. Dieses Diokletian-Denkmal zeigt die Jungfrau Maria mit ihrem toten Sohn in den Armen. <\/p>\n\t\t\t\t\t\t\t\t\t<\/div>\n\t\t\t\t\t\t\t\t\t<img decoding=\"async\" src=\"https:\/\/cdn.pilgrim.es\/web\/caminos\/camino-ingles\/pueblos\/ferrol\/puntos-de-interes\/iglesia-de-las-angustias.jpg\" alt=\"Iglesia de las Angustias\">\n\t\t\t\t\t\t\t\t<\/div>\n\t\t\t\t\t\t\t<\/div>\n\t\t\t\t\t\t\n\t\t\t\t\t\t\t<div class=\"accordion__accordion-content inactive\">\n\t\t\t\t\t\t\t\t<div>\n\t\t\t\t\t\t\t\t\t<div>\n\t\t\t\t\t\t\t\t\t\t<h4>Teatro de Jofre<\/h4>\n\t\t\t\t\t\t\t\t\t\t<p>Dieses spektakul\u00e4re Theater aus dem Jahr 1871 wurde urspr\u00fcnglich von Faustino Dom\u00ednguez entworfen, musste aber aufgrund von Finanzierungsproblemen in den \u00f6ffentlichen Kassen mehrere Jahre lang \u00fcberarbeitet und erweitert werden. Eusebio Lucini verringerte die Abmessungen des Geb\u00e4udes, so dass die lang ersehnten Arbeiten endlich durchgef\u00fchrt werden konnten, und gab ihm eine ganz besondere Gestaltung aller S\u00e4le. <\/p>\n\t\t\t\t\t\t\t\t\t<\/div>\n\t\t\t\t\t\t\t\t\t<img decoding=\"async\" src=\"https:\/\/cdn.pilgrim.es\/web\/caminos\/camino-ingles\/pueblos\/ferrol\/puntos-de-interes\/teatro-de-jofre.jpg\" alt=\"Teatro de Jofre\">\n\t\t\t\t\t\t\t\t<\/div>\n\t\t\t\t\t\t\t<\/div>\n\t\t\t\t\t\t\n\t\t\t\t\t<\/div>\n\t\t\t\t<\/div>\n\t\t\t<\/div>\n\t\t\n\n\t\t<div id=\"phonesSection\">\n\t\t\t<div>\n\t\t\t\t<h2 class=\"p-h3-town\">Informationen von Interesse<\/h2>\n\t\t\t<\/div>\n\t\t\t<div class=\"grid\">\n\t\t\t\t\n\t\t\t\t\t<div class=\"phone-number-item\">\n\t\t\t\t\t\t<div class=\"phone-number-item__icon\"><i class=\"icon-police\"><\/i><\/div>\n\t\t\t\t\t\t<div class=\"phone-number-item__title\">\n\t\t\t\t\t\t\t<h3 class=\"p-font-bold\">Ortspolizei<\/h3>\n\t\t\t\t\t\t\t<p>981 333 800<\/p>\n\t\t\t\t\t\t\t\n\t\t\t\t\t\t<\/div>\n\t\t\t\t\t<\/div>\n\t\t\t\t\n\t\t\t\t\t<div class=\"phone-number-item\">\n\t\t\t\t\t\t<div class=\"phone-number-item__icon\"><i class=\"icon-spanish-military-police\"><\/i><\/div>\n\t\t\t\t\t\t<div class=\"phone-number-item__title\">\n\t\t\t\t\t\t\t<h3 class=\"p-font-bold\">Zivilwache<\/h3>\n\t\t\t\t\t\t\t<p>981 314 403<\/p>\n\t\t\t\t\t\t\t\n\t\t\t\t\t\t<\/div>\n\t\t\t\t\t<\/div>\n\t\t\t\t\n\t\t\t\t\t<div class=\"phone-number-item\">\n\t\t\t\t\t\t<div class=\"phone-number-item__icon\"><i class=\"icon-firefighters\"><\/i><\/div>\n\t\t\t\t\t\t<div class=\"phone-number-item__title\">\n\t\t\t\t\t\t\t<h3 class=\"p-font-bold\">Feuerwehr<\/h3>\n\t\t\t\t\t\t\t<p>981 944 080<\/p>\n\t\t\t\t\t\t\t\n\t\t\t\t\t\t<\/div>\n\t\t\t\t\t<\/div>\n\t\t\t\t\n\t\t\t\t\t<div class=\"phone-number-item\">\n\t\t\t\t\t\t<div class=\"phone-number-item__icon\"><i class=\"icon-civil-protection\"><\/i><\/div>\n\t\t\t\t\t\t<div class=\"phone-number-item__title\">\n\t\t\t\t\t\t\t<h3 class=\"p-font-bold\">Zivilschutz<\/h3>\n\t\t\t\t\t\t\t<p>981 390 000<\/p>\n\t\t\t\t\t\t\t\n\t\t\t\t\t\t<\/div>\n\t\t\t\t\t<\/div>\n\t\t\t\t\n\t\t\t\t\t<div class=\"phone-number-item\">\n\t\t\t\t\t\t<div class=\"phone-number-item__icon\"><i class=\"icon-town-council\"><\/i><\/div>\n\t\t\t\t\t\t<div class=\"phone-number-item__title\">\n\t\t\t\t\t\t\t<h3 class=\"p-font-bold\">Rathaus<\/h3>\n\t\t\t\t\t\t\t<p>982 320 001<\/p>\n\t\t\t\t\t\t\t\n\t\t\t\t\t\t<\/div>\n\t\t\t\t\t<\/div>\n\t\t\t\t\n\t\t\t\t\t<div class=\"phone-number-item\">\n\t\t\t\t\t\t<div class=\"phone-number-item__icon\"><i class=\"icon-hospital\"><\/i><\/div>\n\t\t\t\t\t\t<div class=\"phone-number-item__title\">\n\t\t\t\t\t\t\t<h3 class=\"p-font-bold\">Gesundheitszentrum<\/h3>\n\t\t\t\t\t\t\t<p>981 334 040<\/p>\n\t\t\t\t\t\t\t\n\t\t\t\t\t\t<\/div>\n\t\t\t\t\t<\/div>\n\t\t\t\t\n\t\t\t\t\t<div class=\"phone-number-item\">\n\t\t\t\t\t\t<div class=\"phone-number-item__icon\"><i class=\"icon-tourism\"><\/i><\/div>\n\t\t\t\t\t\t<div class=\"phone-number-item__title\">\n\t\t\t\t\t\t\t<h3 class=\"p-font-bold\">Fremdenverkehrsamt<\/h3>\n\t\t\t\t\t\t\t<p>619 177 402<\/p>\n\t\t\t\t\t\t\t\n\t\t\t\t\t\t\t\t<p>Plaza de Espa\u00f1a, s\/n<\/p>\n\t\t\t\t\t\t\t\n\t\t\t\t\t\t<\/div>\n\t\t\t\t\t<\/div>\n\t\t\t\t\n\t\t\t<\/div>\n\t\t<\/div>\n\n\t\t<div id=\"clientForm\">\n        <section>\n        <img decoding=\"async\" src=\"https:\/\/cdn.pilgrim.es\/web\/home\/email-contacto.png\" alt=\"contacto\">\n        <div>\n            <p>Wir senden dir deine Planung<\/p>\n            <p>Gib uns deine Daten an und erhalte die Planung deiner Reise per E-Mail <\/p>\n            <form method=\"post\" data-url=\"\/wp-admin\/admin-ajax.php\" id=\"planner--client\" class=\"flag-right form-client\">\n    <div class=\"form-data\">\n        <input name=\"form_id\" type=\"hidden\" value=\"Formulario Leads\">\n        <input name=\"type\" type=\"hidden\" value=\"planner_client\">\n        <input type=\"text\" name=\"nombre\" value=\"\" size=\"40\" class=\"form-control\" aria-required=\"true\" aria-invalid=\"false\" placeholder=\"Name\">\n        <input type=\"email\" name=\"email\" value=\"\" size=\"40\" class=\"form-control\" aria-required=\"true\" aria-invalid=\"false\" placeholder=\"E- Mail\">\n        <input type=\"text\" id=\"phone-input\" name=\"tel\" value=\"\" size=\"40\" class=\"phone-input form-control\" aria-required=\"true\" aria-invalid=\"false\" placeholder=\"Telefon\">\n        <input type=\"hidden\" name=\"telefono\">\n    <\/div>\n    <div class=\"form-checkbox\">\n        <span>\n            Pilgrim Travel, S.L. teilt gem\u00e4\u00df Regulierung 2016\/679 mit, dass die in diesem Formular verwendeten Daten sowohl f\u00fcr die Beantwortung der m\u00f6glichen Anfragen als auch f\u00fcr die Ver\u00f6ffentlichung der Kommentare verwendet werden, mit der Zustimmung des Nutzers. Sie k\u00f6nnen Ihre Rechte in \u00dcbereinstimmung mit unserer Datenschutzbestimmungen aus\u00fcben             <a href=\"https:\/\/www.pilgrim.es\/politica-de-privacidad\/\" target=\"_blank\" rel=\"noopener noreferrer nofollow\">Datenschutzerkl\u00e4rung.<\/a>\n        <\/span>\n    <\/div>\n\n    <div class=\"form-submit\">\n        <button id=\"planner--client-create\" type=\"submit\">Anfrage senden<\/button>\n        <div class=\"loadingDiv\"><i class=\"p-spinner\"><\/i><\/div>\n    <\/div>\n\n    <div class=\"contact-content-form-success\">\n        <p><i class=\"fas fa-check\"><\/i> Das Formular hat sich erfolgreich gesendet.<\/p>\n    <\/div>\n\n    <div class=\"contact-content-form-error\">\n        <span class=\"input-error\"><\/span>\n    <\/div>\n<\/form>        <\/div>\n    <\/section>\n<\/div>\n\n\t\t<div id=\"recomendationSection\">\n\t\t\t<div>\n\t\t\t\t<h2 class=\"p-h2-town\">Empfohlen<\/h2>\n\t\t\t\t<hr>\n\t\t\t\t<h3 class=\"p-h3-town\">Gastronomie<\/h3>\n\t\t\t<\/div>\n\t\t\tIn der Gemeinde Ferrol sind die &#8222;chicharrones&#8220; oder &#8222;rox\u00f3ns&#8220; (Schweineschwarten) aufgrund ihrer besonderen Zubereitungsart besonders bekannt. Aber es gibt auch typische galicische Produkte wie Cocido (Eintopf), Lac\u00f3n con grelos (Schweineschulter mit R\u00fcben), Empanadas (Pasteten) und Pulpo &#8222;a feira&#8220; (Tintenfisch).\n\nBesonders hervorzuheben sind die einheimischen Fische und Meeresfr\u00fcchte wie Seehecht, Steinbutt, Wolfsbarsch, Zackenbarsch, Seezunge, Kalmare, Tintenfische, Krabben, Seepocken, Venusmuscheln, Austern, Seespinnen, Hummer, usw.\n\nZum Nachtisch sollten Sie unbedingt die Bicos, die herzf\u00f6rmigen Kuchen, den Ferrol-Kuchen, auch Casti\u00f1eira genannt, den Milchreis, den Anis-Kuchen und die Cocadas probieren.\n\t\t<\/div>\n\n\n\t\t\n\t\t\t<div id=\"holidaysSection\">\n\t\t\t\t<div>\n\t\t\t\t\t<h2 class=\"p-h2-town\">Empfohlen<\/h2>\n\t\t\t\t\t<hr>\n\t\t\t\t\t<h3 class=\"p-h3-town\">Feste und Pilgerfahrten<\/h3>\n\t\t\t\t<\/div>\n\t\t\t\t<div class=\"grid holidays-grid\">\n\t\t\t\t\t\n\t\t\t\t\t\t<div>\n\t\t\t\t\t\t\t<div class=\"phone-number-item\">\n\t\t\t\t\t\t\t\t<div class=\"phone-number-item__icon\"><i class=\"icon-holiday\"><\/i><\/div>\n\t\t\t\t\t\t\t\t<div class=\"phone-number-item__title dark-text\">\n\t\t\t\t\t\t\t\t\t<p class=\"p-font-bold\">Lokaler Urlaub<\/p>\n\t\t\t\t\t\t\t\t\t<p>7 de enero: San Xiao<\/p>\n\t\t\t\t\t\t\t\t<\/div>\n\t\t\t\t\t\t\t<\/div>\n\t\t\t\t\t\t<\/div>\n\t\t\t\t\t\n\t\t\t\t\t\t<div>\n\t\t\t\t\t\t\t<div class=\"phone-number-item\">\n\t\t\t\t\t\t\t\t<div class=\"phone-number-item__icon\"><i class=\"icon-holiday\"><\/i><\/div>\n\t\t\t\t\t\t\t\t<div class=\"phone-number-item__title dark-text\">\n\t\t\t\t\t\t\t\t\t<p class=\"p-font-bold\">Lokaler Urlaub<\/p>\n\t\t\t\t\t\t\t\t\t<p>Primera quincena de julio: Feria de muestras<\/p>\n\t\t\t\t\t\t\t\t<\/div>\n\t\t\t\t\t\t\t<\/div>\n\t\t\t\t\t\t<\/div>\n\t\t\t\t\t\n\t\t\t\t\t\t<div>\n\t\t\t\t\t\t\t<div class=\"phone-number-item\">\n\t\t\t\t\t\t\t\t<div class=\"phone-number-item__icon\"><i class=\"icon-holiday\"><\/i><\/div>\n\t\t\t\t\t\t\t\t<div class=\"phone-number-item__title dark-text\">\n\t\t\t\t\t\t\t\t\t<p class=\"p-font-bold\">Lokaler Urlaub<\/p>\n\t\t\t\t\t\t\t\t\t<p>Agosto: Feria de artesan\u00eda, gastronom\u00eda y espect\u00e1culos de \u00e9poca<\/p>\n\t\t\t\t\t\t\t\t<\/div>\n\t\t\t\t\t\t\t<\/div>\n\t\t\t\t\t\t<\/div>\n\t\t\t\t\t\n\t\t\t\t\t\t<div>\n\t\t\t\t\t\t\t<div class=\"phone-number-item\">\n\t\t\t\t\t\t\t\t<div class=\"phone-number-item__icon\"><i class=\"icon-holiday\"><\/i><\/div>\n\t\t\t\t\t\t\t\t<div class=\"phone-number-item__title dark-text\">\n\t\t\t\t\t\t\t\t\t<p class=\"p-font-bold\">Lokaler Urlaub<\/p>\n\t\t\t\t\t\t\t\t\t<p>Lunes de pascua: Virgen de Chamorro o Virgen del Nord\u00e9s<\/p>\n\t\t\t\t\t\t\t\t<\/div>\n\t\t\t\t\t\t\t<\/div>\n\t\t\t\t\t\t<\/div>\n\t\t\t\t\t\n\t\t\t\t\t\t<div>\n\t\t\t\t\t\t\t<div class=\"phone-number-item\">\n\t\t\t\t\t\t\t\t<div class=\"phone-number-item__icon\"><i class=\"icon-holiday\"><\/i><\/div>\n\t\t\t\t\t\t\t\t<div class=\"phone-number-item__title dark-text\">\n\t\t\t\t\t\t\t\t\t<p class=\"p-font-bold\">Lokaler Urlaub<\/p>\n\t\t\t\t\t\t\t\t\t<p>18 al 19 de marzo: D\u00eda de las Pepitas<\/p>\n\t\t\t\t\t\t\t\t<\/div>\n\t\t\t\t\t\t\t<\/div>\n\t\t\t\t\t\t<\/div>\n\t\t\t\t\t\n\t\t\t\t\t\t<div>\n\t\t\t\t\t\t\t<div class=\"phone-number-item\">\n\t\t\t\t\t\t\t\t<div class=\"phone-number-item__icon\"><i class=\"icon-holiday\"><\/i><\/div>\n\t\t\t\t\t\t\t\t<div class=\"phone-number-item__title dark-text\">\n\t\t\t\t\t\t\t\t\t<p class=\"p-font-bold\">Lokaler Urlaub<\/p>\n\t\t\t\t\t\t\t\t\t<p>La \u00faltima semana de agosto: Fuegos de San Ram\u00f3n<\/p>\n\t\t\t\t\t\t\t\t<\/div>\n\t\t\t\t\t\t\t<\/div>\n\t\t\t\t\t\t<\/div>\n\t\t\t\t\t\n\t\t\t\t\t\t<div>\n\t\t\t\t\t\t\t<div class=\"phone-number-item\">\n\t\t\t\t\t\t\t\t<div class=\"phone-number-item__icon\"><i class=\"icon-holiday\"><\/i><\/div>\n\t\t\t\t\t\t\t\t<div class=\"phone-number-item__title dark-text\">\n\t\t\t\t\t\t\t\t\t<p class=\"p-font-bold\">Lokaler Urlaub<\/p>\n\t\t\t\t\t\t\t\t\t<p>El domingo m\u00e1s pr\u00f3ximo al 25 de agosto: Batalla de Bri\u00f3n<\/p>\n\t\t\t\t\t\t\t\t<\/div>\n\t\t\t\t\t\t\t<\/div>\n\t\t\t\t\t\t<\/div>\n\t\t\t\t\t\n\t\t\t\t\t\t<div>\n\t\t\t\t\t\t\t<div class=\"phone-number-item\">\n\t\t\t\t\t\t\t\t<div class=\"phone-number-item__icon\"><i class=\"icon-holiday\"><\/i><\/div>\n\t\t\t\t\t\t\t\t<div class=\"phone-number-item__title dark-text\">\n\t\t\t\t\t\t\t\t\t<p class=\"p-font-bold\">Lokaler Urlaub<\/p>\n\t\t\t\t\t\t\t\t\t<p>Semana Santa: La semana santa ferrolana<\/p>\n\t\t\t\t\t\t\t\t<\/div>\n\t\t\t\t\t\t\t<\/div>\n\t\t\t\t\t\t<\/div>\n\t\t\t\t\t\n\t\t\t\t<\/div>\n\t\t\t<\/div>\n\t\t\n\t<\/div>\n<\/section>\n\n<div id=\"stage_list_section\"><div class=\"stage-list\">\n    <div class='stage-list__map-card'>\n        <div class='stage-list__map-card__map'>\n            <div class='stage-list__map-card__map__text'>\n                <h2> Pages <\/h2>\n                <p> Zu Fu\u00df<\/p>\n                <p> 0etappen<\/p>\n            <\/div>\n            <div class='stage-list__map-card__map__img'>\n                <img decoding=\"async\" src=\"\" alt=\" mapa \" \/>\n            <\/div>\n        <\/div>\n    <\/div>\n\n    <\/div>\n<\/div> ","protected":false},"excerpt":{"rendered":"<p>Ferrol &#8249; Zur\u00fcck zur B\u00fchne Ferrol Einwohner: 69.452 aprox. Bundesland: A Coru\u00f1a Informationen Get to know Ferrol Die Gemeinde Ferrol ist seit jeher eng mit dem Meer verbunden, aber auch mit dem Jakobsweg, denn hier kommen viele Pilger mit dem Schiff an, um den Weg zum Apostel zu gehen. Diese Stadt ist die erste Etappe &hellip; <\/p>\n<p class=\"read_more\"><a href=\"https:\/\/www.pilgrim.es\/de\/englischer-weg\/ferrol\/\">Leer m\u00e1s<\/a><\/p>\n","protected":false},"author":0,"featured_media":4474,"parent":10675,"menu_order":0,"comment_status":"closed","ping_status":"closed","template":"views\/template-new-web-design.blade.php","meta":{"footnotes":""},"categories":[],"tags":[],"class_list":["post-91354","page","type-page","status-publish","has-post-thumbnail","hentry"],"yoast_head":"<!-- This site is optimized with the Yoast SEO plugin v27.4 - https:\/\/yoast.com\/product\/yoast-seo-wordpress\/ -->\n<title>Ferrol: Was sehen und wo \u00fcbernachten | Jakobsweg | Pilgrim<\/title>\n<meta name=\"description\" content=\"Ferrol Entdecken Sie alle Informationen \u00fcber Unterk\u00fcnfte, Anreise, Gastronomie und die wichtigsten Sehensw\u00fcrdigkeiten der Orte am Englischer Weg\" \/>\n<meta name=\"robots\" content=\"index, follow, max-snippet:-1, max-image-preview:large, max-video-preview:-1\" \/>\n<link rel=\"canonical\" href=\"https:\/\/www.pilgrim.es\/de\/englischer-weg\/ferrol\/\" \/>\n<meta property=\"og:locale\" content=\"de_DE\" \/>\n<meta property=\"og:type\" content=\"article\" \/>\n<meta property=\"og:title\" content=\"Ferrol: Was sehen und wo \u00fcbernachten | Jakobsweg | Pilgrim\" \/>\n<meta property=\"og:description\" content=\"Ferrol Entdecken Sie alle Informationen \u00fcber Unterk\u00fcnfte, Anreise, Gastronomie und die wichtigsten Sehensw\u00fcrdigkeiten der Orte am Englischer Weg\" \/>\n<meta property=\"og:url\" content=\"https:\/\/www.pilgrim.es\/de\/englischer-weg\/ferrol\/\" \/>\n<meta property=\"og:site_name\" content=\"Pilgrim\" \/>\n<meta property=\"article:publisher\" content=\"https:\/\/www.facebook.com\/pilgrim.es\/\" \/>\n<meta property=\"og:image\" content=\"https:\/\/www.pilgrim.es\/wp-content\/uploads\/2019\/02\/ferrol1-mrs54dpelib3cbf7c633hbdf84g4v1zhgosh3t9yy4.jpg\" \/>\n\t<meta property=\"og:image:width\" content=\"770\" \/>\n\t<meta property=\"og:image:height\" content=\"350\" \/>\n\t<meta property=\"og:image:type\" content=\"image\/jpeg\" \/>\n<meta name=\"twitter:card\" content=\"summary_large_image\" \/>\n<meta name=\"twitter:site\" content=\"@pilgrim_es\" \/>\n<meta name=\"twitter:label1\" content=\"Gesch\u00e4tzte Lesezeit\" \/>\n\t<meta name=\"twitter:data1\" content=\"15\u00a0Minuten\" \/>\n<script type=\"application\/ld+json\" class=\"yoast-schema-graph\">{\"@context\":\"https:\\\/\\\/schema.org\",\"@graph\":[{\"@type\":\"WebPage\",\"@id\":\"https:\\\/\\\/www.pilgrim.es\\\/de\\\/englischer-weg\\\/ferrol\\\/\",\"url\":\"https:\\\/\\\/www.pilgrim.es\\\/de\\\/englischer-weg\\\/ferrol\\\/\",\"name\":\"Ferrol: Was sehen und wo \u00fcbernachten | Jakobsweg | Pilgrim\",\"isPartOf\":{\"@id\":\"https:\\\/\\\/www.pilgrim.es\\\/de\\\/#website\"},\"primaryImageOfPage\":{\"@id\":\"https:\\\/\\\/www.pilgrim.es\\\/de\\\/englischer-weg\\\/ferrol\\\/#primaryimage\"},\"image\":{\"@id\":\"https:\\\/\\\/www.pilgrim.es\\\/de\\\/englischer-weg\\\/ferrol\\\/#primaryimage\"},\"thumbnailUrl\":\"https:\\\/\\\/www.pilgrim.es\\\/wp-content\\\/uploads\\\/2019\\\/02\\\/ferrol1-mrs54dpelib3cbf7c633hbdf84g4v1zhgosh3t9yy4.jpg\",\"datePublished\":\"2025-03-17T15:08:17+00:00\",\"description\":\"Ferrol Entdecken Sie alle Informationen \u00fcber Unterk\u00fcnfte, Anreise, Gastronomie und die wichtigsten Sehensw\u00fcrdigkeiten der Orte am Englischer Weg\",\"breadcrumb\":{\"@id\":\"https:\\\/\\\/www.pilgrim.es\\\/de\\\/englischer-weg\\\/ferrol\\\/#breadcrumb\"},\"inLanguage\":\"de\",\"potentialAction\":[{\"@type\":\"ReadAction\",\"target\":[\"https:\\\/\\\/www.pilgrim.es\\\/de\\\/englischer-weg\\\/ferrol\\\/\"]}]},{\"@type\":\"ImageObject\",\"inLanguage\":\"de\",\"@id\":\"https:\\\/\\\/www.pilgrim.es\\\/de\\\/englischer-weg\\\/ferrol\\\/#primaryimage\",\"url\":\"https:\\\/\\\/www.pilgrim.es\\\/wp-content\\\/uploads\\\/2019\\\/02\\\/ferrol1-mrs54dpelib3cbf7c633hbdf84g4v1zhgosh3t9yy4.jpg\",\"contentUrl\":\"https:\\\/\\\/www.pilgrim.es\\\/wp-content\\\/uploads\\\/2019\\\/02\\\/ferrol1-mrs54dpelib3cbf7c633hbdf84g4v1zhgosh3t9yy4.jpg\",\"width\":770,\"height\":350,\"caption\":\"Ferrol\"},{\"@type\":\"BreadcrumbList\",\"@id\":\"https:\\\/\\\/www.pilgrim.es\\\/de\\\/englischer-weg\\\/ferrol\\\/#breadcrumb\",\"itemListElement\":[{\"@type\":\"ListItem\",\"position\":1,\"name\":\"Camino de Santiago\",\"item\":\"https:\\\/\\\/www.pilgrim.es\\\/de\\\/\"},{\"@type\":\"ListItem\",\"position\":2,\"name\":\"Englischer Weg\",\"item\":\"https:\\\/\\\/www.pilgrim.es\\\/de\\\/englischer-weg\\\/\"},{\"@type\":\"ListItem\",\"position\":3,\"name\":\"Ferrol\"}]},{\"@type\":\"WebSite\",\"@id\":\"https:\\\/\\\/www.pilgrim.es\\\/de\\\/#website\",\"url\":\"https:\\\/\\\/www.pilgrim.es\\\/de\\\/\",\"name\":\"Pilgrim\",\"description\":\"Camino de Santiago | Caminamos Contigo\",\"publisher\":{\"@id\":\"https:\\\/\\\/www.pilgrim.es\\\/de\\\/#organization\"},\"potentialAction\":[{\"@type\":\"SearchAction\",\"target\":{\"@type\":\"EntryPoint\",\"urlTemplate\":\"https:\\\/\\\/www.pilgrim.es\\\/de\\\/?s={search_term_string}\"},\"query-input\":{\"@type\":\"PropertyValueSpecification\",\"valueRequired\":true,\"valueName\":\"search_term_string\"}}],\"inLanguage\":\"de\"},{\"@type\":\"Organization\",\"@id\":\"https:\\\/\\\/www.pilgrim.es\\\/de\\\/#organization\",\"name\":\"Pilgrim Camino de Santiago\",\"url\":\"https:\\\/\\\/www.pilgrim.es\\\/de\\\/\",\"logo\":{\"@type\":\"ImageObject\",\"inLanguage\":\"de\",\"@id\":\"https:\\\/\\\/www.pilgrim.es\\\/de\\\/#\\\/schema\\\/logo\\\/image\\\/\",\"url\":\"https:\\\/\\\/www.pilgrim.es\\\/wp-content\\\/uploads\\\/2019\\\/04\\\/logo_pilgrim.png\",\"contentUrl\":\"https:\\\/\\\/www.pilgrim.es\\\/wp-content\\\/uploads\\\/2019\\\/04\\\/logo_pilgrim.png\",\"width\":512,\"height\":512,\"caption\":\"Pilgrim Camino de Santiago\"},\"image\":{\"@id\":\"https:\\\/\\\/www.pilgrim.es\\\/de\\\/#\\\/schema\\\/logo\\\/image\\\/\"},\"sameAs\":[\"https:\\\/\\\/www.facebook.com\\\/pilgrim.es\\\/\",\"https:\\\/\\\/x.com\\\/pilgrim_es\",\"https:\\\/\\\/www.instagram.com\\\/pilgrim.es\\\/\",\"https:\\\/\\\/www.linkedin.com\\\/company\\\/pilgrim-camino-de-santiago\\\/\",\"https:\\\/\\\/www.pinterest.es\\\/pilgrimcaminodesantiago\\\/\",\"https:\\\/\\\/www.youtube.com\\\/channel\\\/UCIv2ZzFLXVqthkNF32rKedw\\\/featured\"]}]}<\/script>\n<!-- \/ Yoast SEO plugin. -->","yoast_head_json":{"title":"Ferrol: Was sehen und wo \u00fcbernachten | Jakobsweg | Pilgrim","description":"Ferrol Entdecken Sie alle Informationen \u00fcber Unterk\u00fcnfte, Anreise, Gastronomie und die wichtigsten Sehensw\u00fcrdigkeiten der Orte am Englischer Weg","robots":{"index":"index","follow":"follow","max-snippet":"max-snippet:-1","max-image-preview":"max-image-preview:large","max-video-preview":"max-video-preview:-1"},"canonical":"https:\/\/www.pilgrim.es\/de\/englischer-weg\/ferrol\/","og_locale":"de_DE","og_type":"article","og_title":"Ferrol: Was sehen und wo \u00fcbernachten | Jakobsweg | Pilgrim","og_description":"Ferrol Entdecken Sie alle Informationen \u00fcber Unterk\u00fcnfte, Anreise, Gastronomie und die wichtigsten Sehensw\u00fcrdigkeiten der Orte am Englischer Weg","og_url":"https:\/\/www.pilgrim.es\/de\/englischer-weg\/ferrol\/","og_site_name":"Pilgrim","article_publisher":"https:\/\/www.facebook.com\/pilgrim.es\/","og_image":[{"width":770,"height":350,"url":"https:\/\/www.pilgrim.es\/wp-content\/uploads\/2019\/02\/ferrol1-mrs54dpelib3cbf7c633hbdf84g4v1zhgosh3t9yy4.jpg","type":"image\/jpeg"}],"twitter_card":"summary_large_image","twitter_site":"@pilgrim_es","twitter_misc":{"Gesch\u00e4tzte Lesezeit":"15\u00a0Minuten"},"schema":{"@context":"https:\/\/schema.org","@graph":[{"@type":"WebPage","@id":"https:\/\/www.pilgrim.es\/de\/englischer-weg\/ferrol\/","url":"https:\/\/www.pilgrim.es\/de\/englischer-weg\/ferrol\/","name":"Ferrol: Was sehen und wo \u00fcbernachten | Jakobsweg | Pilgrim","isPartOf":{"@id":"https:\/\/www.pilgrim.es\/de\/#website"},"primaryImageOfPage":{"@id":"https:\/\/www.pilgrim.es\/de\/englischer-weg\/ferrol\/#primaryimage"},"image":{"@id":"https:\/\/www.pilgrim.es\/de\/englischer-weg\/ferrol\/#primaryimage"},"thumbnailUrl":"https:\/\/www.pilgrim.es\/wp-content\/uploads\/2019\/02\/ferrol1-mrs54dpelib3cbf7c633hbdf84g4v1zhgosh3t9yy4.jpg","datePublished":"2025-03-17T15:08:17+00:00","description":"Ferrol Entdecken Sie alle Informationen \u00fcber Unterk\u00fcnfte, Anreise, Gastronomie und die wichtigsten Sehensw\u00fcrdigkeiten der Orte am Englischer Weg","breadcrumb":{"@id":"https:\/\/www.pilgrim.es\/de\/englischer-weg\/ferrol\/#breadcrumb"},"inLanguage":"de","potentialAction":[{"@type":"ReadAction","target":["https:\/\/www.pilgrim.es\/de\/englischer-weg\/ferrol\/"]}]},{"@type":"ImageObject","inLanguage":"de","@id":"https:\/\/www.pilgrim.es\/de\/englischer-weg\/ferrol\/#primaryimage","url":"https:\/\/www.pilgrim.es\/wp-content\/uploads\/2019\/02\/ferrol1-mrs54dpelib3cbf7c633hbdf84g4v1zhgosh3t9yy4.jpg","contentUrl":"https:\/\/www.pilgrim.es\/wp-content\/uploads\/2019\/02\/ferrol1-mrs54dpelib3cbf7c633hbdf84g4v1zhgosh3t9yy4.jpg","width":770,"height":350,"caption":"Ferrol"},{"@type":"BreadcrumbList","@id":"https:\/\/www.pilgrim.es\/de\/englischer-weg\/ferrol\/#breadcrumb","itemListElement":[{"@type":"ListItem","position":1,"name":"Camino de Santiago","item":"https:\/\/www.pilgrim.es\/de\/"},{"@type":"ListItem","position":2,"name":"Englischer Weg","item":"https:\/\/www.pilgrim.es\/de\/englischer-weg\/"},{"@type":"ListItem","position":3,"name":"Ferrol"}]},{"@type":"WebSite","@id":"https:\/\/www.pilgrim.es\/de\/#website","url":"https:\/\/www.pilgrim.es\/de\/","name":"Pilgrim","description":"Camino de Santiago | Caminamos Contigo","publisher":{"@id":"https:\/\/www.pilgrim.es\/de\/#organization"},"potentialAction":[{"@type":"SearchAction","target":{"@type":"EntryPoint","urlTemplate":"https:\/\/www.pilgrim.es\/de\/?s={search_term_string}"},"query-input":{"@type":"PropertyValueSpecification","valueRequired":true,"valueName":"search_term_string"}}],"inLanguage":"de"},{"@type":"Organization","@id":"https:\/\/www.pilgrim.es\/de\/#organization","name":"Pilgrim Camino de Santiago","url":"https:\/\/www.pilgrim.es\/de\/","logo":{"@type":"ImageObject","inLanguage":"de","@id":"https:\/\/www.pilgrim.es\/de\/#\/schema\/logo\/image\/","url":"https:\/\/www.pilgrim.es\/wp-content\/uploads\/2019\/04\/logo_pilgrim.png","contentUrl":"https:\/\/www.pilgrim.es\/wp-content\/uploads\/2019\/04\/logo_pilgrim.png","width":512,"height":512,"caption":"Pilgrim Camino de Santiago"},"image":{"@id":"https:\/\/www.pilgrim.es\/de\/#\/schema\/logo\/image\/"},"sameAs":["https:\/\/www.facebook.com\/pilgrim.es\/","https:\/\/x.com\/pilgrim_es","https:\/\/www.instagram.com\/pilgrim.es\/","https:\/\/www.linkedin.com\/company\/pilgrim-camino-de-santiago\/","https:\/\/www.pinterest.es\/pilgrimcaminodesantiago\/","https:\/\/www.youtube.com\/channel\/UCIv2ZzFLXVqthkNF32rKedw\/featured"]}]}},"_links":{"self":[{"href":"https:\/\/www.pilgrim.es\/de\/wp-json\/wp\/v2\/pages\/91354","targetHints":{"allow":["GET"]}}],"collection":[{"href":"https:\/\/www.pilgrim.es\/de\/wp-json\/wp\/v2\/pages"}],"about":[{"href":"https:\/\/www.pilgrim.es\/de\/wp-json\/wp\/v2\/types\/page"}],"replies":[{"embeddable":true,"href":"https:\/\/www.pilgrim.es\/de\/wp-json\/wp\/v2\/comments?post=91354"}],"version-history":[{"count":0,"href":"https:\/\/www.pilgrim.es\/de\/wp-json\/wp\/v2\/pages\/91354\/revisions"}],"up":[{"embeddable":true,"href":"https:\/\/www.pilgrim.es\/de\/wp-json\/wp\/v2\/pages\/10675"}],"wp:featuredmedia":[{"embeddable":true,"href":"https:\/\/www.pilgrim.es\/de\/wp-json\/wp\/v2\/media\/4474"}],"wp:attachment":[{"href":"https:\/\/www.pilgrim.es\/de\/wp-json\/wp\/v2\/media?parent=91354"}],"wp:term":[{"taxonomy":"category","embeddable":true,"href":"https:\/\/www.pilgrim.es\/de\/wp-json\/wp\/v2\/categories?post=91354"},{"taxonomy":"post_tag","embeddable":true,"href":"https:\/\/www.pilgrim.es\/de\/wp-json\/wp\/v2\/tags?post=91354"}],"curies":[{"name":"wp","href":"https:\/\/api.w.org\/{rel}","templated":true}]}}