{"id":91311,"date":"2025-03-17T14:57:47","date_gmt":"2025-03-17T14:57:47","guid":{"rendered":"https:\/\/www.pilgrim.es\/weg-im-norden\/luarca\/"},"modified":"2025-03-17T14:57:47","modified_gmt":"2025-03-17T14:57:47","slug":"luarca","status":"publish","type":"page","link":"https:\/\/www.pilgrim.es\/de\/weg-im-norden\/luarca\/","title":{"rendered":"Luarca"},"content":{"rendered":" <section id=\"hero\">\n\t<h1>Luarca<\/h1>\n\t<div class=\"hero-grid\">\n\t\t<div class=\"hero-grid__town-col\" data-background=\"https:\/\/cdn.pilgrim.es\/web\/caminos\/camino-norte\/pueblos\/luarca.jpg\">\n\t\t\t<div>\n\t\t\t\t<a class=\"link-to-stage\" href=\"https:\/\/www.pilgrim.es\/camino-norte\/etapa-25-cadavedo-luarca\/\">\n\t\t\t\t\t<p>&#8249; Zur\u00fcck zur B\u00fchne<\/p>\n\t\t\t\t<\/a>\n\n\t\t\t\t<div class=\"town-data\">\n\t\t\t\t\t<h2>Luarca<\/h2>\n\t\t\t\t\t<ul>\n\t\t\t\t\t\t<li>Einwohner: 4.118 aprox.<\/li>\n\t\t\t\t\t\t<li>Bundesland: Asturias<\/li>\n\t\t\t\t\t<\/ul>\n\t\t\t\t<\/div>\n\t\t\t<\/div>\n\t\t<\/div>\n\t\t<div class=\"hero-grid__planner-col\"><div\r\n  class=\"p-col-span-1 p-rounded-lg p-px-5 p-h-full\"\r\n  style=\"background-image: url('https:\/\/cdn.pilgrim.es\/web\/pilgrim-planner\/bg-plugin-planificador.webp')\"\r\n  rel=\"preload\"\r\n  fetchpriority=\"high\"\r\n  >\r\n    <div class=\"p-text-center p-pt-5 p-text-white p-text-2xl p-font-semibold\">\r\n      Plane deinen Weg    <\/div>\r\n    <div\r\n            id='primary-app'\r\n            data-name='banner'\r\n            data-api='https:\/\/pathfinder.pilgrim.es\/api\/pathfinder\/v2'\r\n            data-mode='normal'\r\n            data-lang='de'\r\n            data-route='1'\r\n            data-destiny='https:\/\/planificador.pilgrim.es'\r\n            data-modality='1'\r\n            data-inline=''\r\n        ><\/div><\/div><\/div>\n\t<\/div>\n<\/section>\n\n<section id=\"infoTown\">\n\t<div class=\"sections-town\">\n\n\t\t<div id=\"informationSection\">\n\t\t\t<div>\n\t\t\t\t<h2 class=\"p-h2-town\">Informationen<\/h2>\n\t\t\t\t<hr>\n\t\t\t\t<h3 class=\"p-h3-town\">Get to know Luarca<\/h3>\n\t\t\t<\/div>\n\t\t\t<p>Luarca ist ein kleines Dorf in der Gemeinde Vald\u00e9s, dessen Hauptwirtschaftszweig die Fischerei ist, obwohl es heutzutage eng mit dem Jakobsweg verbunden ist.<\/p> <p>Dieses Dorf wurde k\u00fcrzlich in die Auswahl der 20 sch\u00f6nsten D\u00f6rfer Spaniens aufgenommen, so dass der Pilger, der in Luarca \u00fcbernachtet, jeden Winkel sorgf\u00e4ltig bewundern muss.<\/p> &lt;p\n\t\t<\/div>\n\n\t\t<div id=\"locationSection\">\n\t\t\t<div>\n\t\t\t\t<h2 class=\"p-h2-town\">Standort<\/h2>\n\t\t\t\t<hr>\n\t\t\t\t<h3 class=\"p-h3-town\">Wegbeschreibung<\/h3>\n\t\t\t<\/div>\n\t\t\t<p>Die Stadt Luarca ist nur \u00fcber die Nationalstra\u00dfe N-634 und die Schnellstra\u00dfe A-8 zu erreichen, beides Stra\u00dfen, die Galicien mit dem Baskenland verbinden, und daher leicht zu erreichen.<\/p> <p>Die Zufahrt zur Stadt Luarca ist einfach.\n\n<p>Mit den \u00f6ffentlichen Verkehrsmitteln kommt man dank der Gesellschaft ALSA dorthin, die Buslinien anbietet, die die Stadt mit dem Rest Asturiens und spanischen St\u00e4dten verbinden. F\u00fcr die Anreise mit dem Zug gibt es eine Bahnlinie, die Ferrol mit Oviedo verbindet und die eine Haltestelle im Dorf hat.\n\t\t\t<div>\n\t\t\t\t<div>\n  <iframe loading=\"lazy\"\n    src=\"https:\/\/www.google.com\/maps\/d\/embed?mid=1vtkH6ozrX3lYE23-AUMBbahHEAGBbRs&amp;ehbc=2E312F\"\n    width=\"640\"\n    height=\"480\"\n    alt=\"Mapa Luarca\"\n  ><\/iframe>\n<\/div>\n\n\t\t\t<\/div>\n\t\t<\/div>\n\n\t\t\n\t\t\t<div id=\"toVisitSection\">\n\t\t\t\t<div>\n\t\t\t\t\t<h2 class=\"p-h2-town\">Geschichte \/ Kultur<\/h2>\n\t\t\t\t\t<hr>\n\t\t\t\t\t<h3 class=\"p-h3-town\">Was es zu sehen gibt<\/h3>\n\t\t\t\t<\/div>\n\t\t\t\t<div>\n\t\t\t\t\t<div class=\"accordion\">\n\t\t\t\t\t\t<div class=\"accordion__menu\">\n\t\t\t\t\t\t\t<nav>\n\t\t\t\t\t\t\t\t\n\t\t\t\t\t\t\t\t\t<button class=\"nav-tab-accordion active\"><span>&#10093;<\/span><span> Centro de Interpretacio\u0301n de Hoces del Esva<\/span><\/button>\n\t\t\t\t\t\t\t\t\n\t\t\t\t\t\t\t\t\t<button class=\"nav-tab-accordion \"><span>&#10093;<\/span><span> CEPESMA<\/span><\/button>\n\t\t\t\t\t\t\t\t\n\t\t\t\t\t\t\t\t\t<button class=\"nav-tab-accordion \"><span>&#10093;<\/span><span> Circulo Liceo<\/span><\/button>\n\t\t\t\t\t\t\t\t\n\t\t\t\t\t\t\t\t\t<button class=\"nav-tab-accordion \"><span>&#10093;<\/span><span> Iglesia de Santa Eulalia<\/span><\/button>\n\t\t\t\t\t\t\t\t\n\t\t\t\t\t\t\t\t\t<button class=\"nav-tab-accordion \"><span>&#10093;<\/span><span> Mesa de mareantes<\/span><\/button>\n\t\t\t\t\t\t\t\t\n\t\t\t\t\t\t\t\t\t<button class=\"nav-tab-accordion \"><span>&#10093;<\/span><span> Mirador de la Funiar<\/span><\/button>\n\t\t\t\t\t\t\t\t\n\t\t\t\t\t\t\t\t\t<button class=\"nav-tab-accordion \"><span>&#10093;<\/span><span> Mirador del Chano<\/span><\/button>\n\t\t\t\t\t\t\t\t\n\t\t\t\t\t\t\t\t\t<button class=\"nav-tab-accordion \"><span>&#10093;<\/span><span> Museo rural etnogra\u0301fico<\/span><\/button>\n\t\t\t\t\t\t\t\t\n\t\t\t\t\t\t\t\t\t<button class=\"nav-tab-accordion \"><span>&#10093;<\/span><span> Palacio del Marque\u0301s de Ferrera<\/span><\/button>\n\t\t\t\t\t\t\t\t\n\t\t\t\t\t\t\t\t\t<button class=\"nav-tab-accordion \"><span>&#10093;<\/span><span> Playa de Salinas<\/span><\/button>\n\t\t\t\t\t\t\t\t\n\t\t\t\t\t\t\t\t\t<button class=\"nav-tab-accordion \"><span>&#10093;<\/span><span> Parque de la Vida<\/span><\/button>\n\t\t\t\t\t\t\t\t\n\t\t\t\t\t\t\t\t\t<button class=\"nav-tab-accordion \"><span>&#10093;<\/span><span> Playa de Luarca<\/span><\/button>\n\t\t\t\t\t\t\t\t\n\t\t\t\t\t\t\t\t\t<button class=\"nav-tab-accordion \"><span>&#10093;<\/span><span> Playa de Portizuelo<\/span><\/button>\n\t\t\t\t\t\t\t\t\n\t\t\t\t\t\t\t\t\t<button class=\"nav-tab-accordion \"><span>&#10093;<\/span><span> Playa de Quintana<\/span><\/button>\n\t\t\t\t\t\t\t\t\n\t\t\t\t\t\t\t\t\t<button class=\"nav-tab-accordion \"><span>&#10093;<\/span><span> Playa de Toura\u0301n<\/span><\/button>\n\t\t\t\t\t\t\t\t\n\t\t\t\t\t\t\t\t\t<button class=\"nav-tab-accordion \"><span>&#10093;<\/span><span> Villa Argentina<\/span><\/button>\n\t\t\t\t\t\t\t\t\n\t\t\t\t\t\t\t\t\t<button class=\"nav-tab-accordion \"><span>&#10093;<\/span><span> Faro<\/span><\/button>\n\t\t\t\t\t\t\t\t\n\t\t\t\t\t\t\t\t\t<button class=\"nav-tab-accordion \"><span>&#10093;<\/span><span> Villa Barrera<\/span><\/button>\n\t\t\t\t\t\t\t\t\n\t\t\t\t\t\t\t\t\t<button class=\"nav-tab-accordion \"><span>&#10093;<\/span><span> Villa Carmen<\/span><\/button>\n\t\t\t\t\t\t\t\t\n\t\t\t\t\t\t\t\t\t<button class=\"nav-tab-accordion \"><span>&#10093;<\/span><span> Villa Cristina<\/span><\/button>\n\t\t\t\t\t\t\t\t\n\t\t\t\t\t\t\t\t\t<button class=\"nav-tab-accordion \"><span>&#10093;<\/span><span> Villa Excelsior<\/span><\/button>\n\t\t\t\t\t\t\t\t\n\t\t\t\t\t\t\t\t\t<button class=\"nav-tab-accordion \"><span>&#10093;<\/span><span> Ayuntamiento<\/span><\/button>\n\t\t\t\t\t\t\t\t\n\t\t\t\t\t\t\t\t\t<button class=\"nav-tab-accordion \"><span>&#10093;<\/span><span> Atalaya y cementerio<\/span><\/button>\n\t\t\t\t\t\t\t\t\n\t\t\t\t\t\t\t<\/nav>\n\t\t\t\t\t\t<\/div>\n\n\t\t\t\t\t\t\n\t\t\t\t\t\t\t<div class=\"accordion__accordion-content \">\n\t\t\t\t\t\t\t\t<div>\n\t\t\t\t\t\t\t\t\t<div>\n\t\t\t\t\t\t\t\t\t\t<h4>Centro de Interpretacio\u0301n de Hoces del Esva<\/h4>\n\t\t\t\t\t\t\t\t\t\t<p>Das Interpretationszentrum soll den Besuchern helfen, das Esva-Becken sowie den nat\u00fcrlichen und k\u00fcnstlerischen Reichtum des Paredes-Tals durch verschiedene audiovisuelle Medien, von denen einige interaktiv sind, zu entdecken. <\/p>\n\n<p>Das Zentrum ist dem Fischotter gewidmet, denn die Esva ist einer der Fl\u00fcsse in Europa mit der gr\u00f6\u00dften Anzahl von Fischottern. Das Geb\u00e4ude hat zwei Etagen: Im Erdgeschoss k\u00f6nnen die Besucher eine Projektion \u00fcber die Geschichte des Tals sehen. Au\u00dferdem kann man in diesem Raum einen Rundgang durch die St\u00e4dte machen, durch die der Fluss Esva flie\u00dft, denn es gibt einen 3D-Flugsimulator.\n\t\t\t\t\t\t\t\t\t<\/div>\n\t\t\t\t\t\t\t\t\t<img decoding=\"async\" src=\"https:\/\/cdn.pilgrim.es\/web\/caminos\/camino-norte\/pueblos\/luarca\/puntos-de-interes\/centro-de-interpretacion-de-hoces-del-esva.jpg\" alt=\"Centro de Interpretacio\u0301n de Hoces del Esva\">\n\t\t\t\t\t\t\t\t<\/div>\n\t\t\t\t\t\t\t<\/div>\n\t\t\t\t\t\t\n\t\t\t\t\t\t\t<div class=\"accordion__accordion-content inactive\">\n\t\t\t\t\t\t\t\t<div>\n\t\t\t\t\t\t\t\t\t<div>\n\t\t\t\t\t\t\t\t\t\t<h4>CEPESMA<\/h4>\n\t\t\t\t\t\t\t\t\t\t<p>CEPESMA ist ein Klassenzimmer des Meeres, in dem acht ganz besondere Arten von Tintenfischen mit einer L\u00e4nge von bis zu dreizehn Metern zu sehen sind. Aus diesem Grund gilt diese Ausstellung als eine der wichtigsten in der Meereswelt Spaniens. <\/p>\n\n<p>Ziel von CEPESMA ist es, die Besucher f\u00fcr den Schutz und die Erhaltung der marinen Artenvielfalt zu sensibilisieren.\n\n<p>Im Klassenzimmer des Meeres sind mehr als 700 Arten ausgestellt, die in unseren Meeren leben, wie Schildkr\u00f6ten, Weichtiere, Wirbellose, Seev\u00f6gel usw. Zweifelsohne ist dies eine ideale Tour, um mehr \u00fcber das Leben in unseren Meeren zu erfahren.\n\t\t\t\t\t\t\t\t\t<\/div>\n\t\t\t\t\t\t\t\t\t<img decoding=\"async\" src=\"https:\/\/cdn.pilgrim.es\/web\/caminos\/camino-norte\/pueblos\/luarca\/puntos-de-interes\/cepesma.jpg\" alt=\"CEPESMA\">\n\t\t\t\t\t\t\t\t<\/div>\n\t\t\t\t\t\t\t<\/div>\n\t\t\t\t\t\t\n\t\t\t\t\t\t\t<div class=\"accordion__accordion-content inactive\">\n\t\t\t\t\t\t\t\t<div>\n\t\t\t\t\t\t\t\t\t<div>\n\t\t\t\t\t\t\t\t\t\t<h4>Circulo Liceo<\/h4>\n\t\t\t\t\t\t\t\t\t\t<p>Das Casino wurde Anfang des 20. Jahrhunderts von Manuel del Busto erbaut. Jahrhunderts von Manuel del Busto erbaut. Dieses Geb\u00e4ude wurde einst f\u00fcr Freizeitaktivit\u00e4ten wie Versammlungen und andere Freizeitaktivit\u00e4ten genutzt, die nur f\u00fcr M\u00e4nner geeignet waren, da Frauen den C\u00edrculo Liceo nur f\u00fcr bestimmte Veranstaltungen wie T\u00e4nze betreten durften.<\/p> <p>Das Casino wurde zu Beginn des 20.\n\nJahrhunderts von Manuel del Busto erbaut. <p>Das herausragendste Merkmal des Geb\u00e4udes ist die Dekoration der Fassade, insbesondere die urspr\u00fcnglichen \u00d6ffnungen.\n\n<p>Hervorzuheben ist die Dekoration der Fassade mit originellen \u00d6ffnungen und Tafeln mit Reliefs in Form von Blumen, die typisch f\u00fcr den modernistischen Stil sind. Die Dach\u00f6ffnungen und ihre Umrahmungen geh\u00f6ren jedoch dem Secessionismus an (Wiener Modell). Bemerkenswert ist auch der angebaute K\u00f6rper mit einem Terrassendach.<\/p> <p>Das Geb\u00e4ude wurde im Stil des Wiener Stils errichtet.\n\t\t\t\t\t\t\t\t\t<\/div>\n\t\t\t\t\t\t\t\t\t<img decoding=\"async\" src=\"https:\/\/cdn.pilgrim.es\/web\/caminos\/camino-norte\/pueblos\/luarca\/puntos-de-interes\/circulo-liceo.jpg\" alt=\"Circulo Liceo\">\n\t\t\t\t\t\t\t\t<\/div>\n\t\t\t\t\t\t\t<\/div>\n\t\t\t\t\t\t\n\t\t\t\t\t\t\t<div class=\"accordion__accordion-content inactive\">\n\t\t\t\t\t\t\t\t<div>\n\t\t\t\t\t\t\t\t\t<div>\n\t\t\t\t\t\t\t\t\t\t<h4>Iglesia de Santa Eulalia<\/h4>\n\t\t\t\t\t\t\t\t\t\t<p>Die Pfarrkirche Santa Eulalia stammt aus der ersten H\u00e4lfte des 12. Jahrhunderts und hat somit mittelalterliche Urspr\u00fcnge. Das urspr\u00fcngliche Geb\u00e4ude wurde Ende des 19. Jahrhunderts zerst\u00f6rt, um die Kirche zu bauen, die heute an gleicher Stelle zu sehen ist. <\/p>\n\n<p>Die Kirche hat einen rechteckigen Grundriss und drei Kirchenschiffe. Diese Schiffe und die Apsis sind von Kreuzgratgew\u00f6lben bedeckt, und das Querschiff des Mittelschiffs endet in einer Kuppel, die auf Pendentiven ruht. Im Inneren der Kirche gibt es zehn \u00d6ffnungen, die f\u00fcr eine nat\u00fcrliche Beleuchtung sorgen.<\/p> <p>Im Inneren der Kirche gibt es zehn \u00d6ffnungen, die f\u00fcr eine nat\u00fcrliche Beleuchtung sorgen.\n\t\t\t\t\t\t\t\t\t<\/div>\n\t\t\t\t\t\t\t\t\t<img decoding=\"async\" src=\"https:\/\/cdn.pilgrim.es\/web\/caminos\/camino-norte\/pueblos\/luarca\/puntos-de-interes\/iglesia-de-santa-eulalia.jpg\" alt=\"Iglesia de Santa Eulalia\">\n\t\t\t\t\t\t\t\t<\/div>\n\t\t\t\t\t\t\t<\/div>\n\t\t\t\t\t\t\n\t\t\t\t\t\t\t<div class=\"accordion__accordion-content inactive\">\n\t\t\t\t\t\t\t\t<div>\n\t\t\t\t\t\t\t\t\t<div>\n\t\t\t\t\t\t\t\t\t\t<h4>Mesa de mareantes<\/h4>\n\t\t\t\t\t\t\t\t\t\t<p>Es handelt sich um eine Anlage, die zu Beginn der zweiten H\u00e4lfte des 20. Jahrhunderts auf den Resten einer alten Festung aus dem 16. Jahrhundert mit einem Mauerabschnitt errichtet wurde. Der Komplex verf\u00fcgt \u00fcber eine Schiefertafel, hinter der eine von Goico Aguirre gemalte halbrunde Leinwand steht, die ein Treffen von Schiffsf\u00fchrern aus dem 15. Jahrhundert darstellt. Jahrhundert. Die Verse zum Gedenken an die Opfer des Meeres stechen hervor, ebenso wie die Figur einer Kanone und eines Ankers.\n\t\t\t\t\t\t\t\t\t<\/div>\n\t\t\t\t\t\t\t\t\t<img decoding=\"async\" src=\"https:\/\/cdn.pilgrim.es\/web\/caminos\/camino-norte\/pueblos\/luarca\/puntos-de-interes\/mesa-de-mareantes.jpg\" alt=\"Mesa de mareantes\">\n\t\t\t\t\t\t\t\t<\/div>\n\t\t\t\t\t\t\t<\/div>\n\t\t\t\t\t\t\n\t\t\t\t\t\t\t<div class=\"accordion__accordion-content inactive\">\n\t\t\t\t\t\t\t\t<div>\n\t\t\t\t\t\t\t\t\t<div>\n\t\t\t\t\t\t\t\t\t\t<h4>Mirador de la Funiar<\/h4>\n\t\t\t\t\t\t\t\t\t\t<p>Der Mirador de la Funiar ist ein Aussichtspunkt, von dem aus man praktisch die gesamte Stadt Luarca \u00fcberblicken kann und der zu Fu\u00df vom Viertel Villar und sogar mit dem Auto von Almu\u00f1a aus erreichbar ist. <\/p>\n\n<p>Der Mirador de la Funiar eignet sich hervorragend, um die beeindruckende Aussicht bei Sonnenuntergang zu genie\u00dfen oder zu essen und sich auszuruhen, denn er ist mit B\u00e4nken ausgestattet.\n\t\t\t\t\t\t\t\t\t<\/div>\n\t\t\t\t\t\t\t\t\t<img decoding=\"async\" src=\"https:\/\/cdn.pilgrim.es\/web\/caminos\/camino-norte\/pueblos\/luarca\/puntos-de-interes\/mirador-de-la-funiar.jpg\" alt=\"Mirador de la Funiar\">\n\t\t\t\t\t\t\t\t<\/div>\n\t\t\t\t\t\t\t<\/div>\n\t\t\t\t\t\t\n\t\t\t\t\t\t\t<div class=\"accordion__accordion-content inactive\">\n\t\t\t\t\t\t\t\t<div>\n\t\t\t\t\t\t\t\t\t<div>\n\t\t\t\t\t\t\t\t\t\t<h4>Mirador del Chano<\/h4>\n\t\t\t\t\t\t\t\t\t\t<p>Westlich von Luarca befindet sich dieser sch\u00f6ne Aussichtspunkt, bekannt als Mirador del Chano, von dem aus man zahlreiche Str\u00e4nde, den Hafen oder das Stadtzentrum sowie die auf dem Weg liegende Einsiedelei San Roque sehen kann. Er ist sowohl f\u00fcr Fu\u00dfg\u00e4nger als auch f\u00fcr Fahrzeuge zug\u00e4nglich.\n\t\t\t\t\t\t\t\t\t<\/div>\n\t\t\t\t\t\t\t\t\t<img decoding=\"async\" src=\"https:\/\/cdn.pilgrim.es\/web\/caminos\/camino-norte\/pueblos\/luarca\/puntos-de-interes\/mirador-del-chano.jpg\" alt=\"Mirador del Chano\">\n\t\t\t\t\t\t\t\t<\/div>\n\t\t\t\t\t\t\t<\/div>\n\t\t\t\t\t\t\n\t\t\t\t\t\t\t<div class=\"accordion__accordion-content inactive\">\n\t\t\t\t\t\t\t\t<div>\n\t\t\t\t\t\t\t\t\t<div>\n\t\t\t\t\t\t\t\t\t\t<h4>Museo rural etnogra\u0301fico<\/h4>\n\t\t\t\t\t\t\t\t\t\t<p>Das Ethnografische Landwirtschaftsmuseum befindet sich in San Mart\u00edn, weniger als zwei Kilometer von Luarca entfernt. Es ist ein Museum mit 1.300 Exponaten, darunter landwirtschaftliche und b\u00e4uerliche Ger\u00e4te, die in zw\u00f6lf \u00f6ffentlich zug\u00e4nglichen R\u00e4umen ausgestellt sind.\n\t\t\t\t\t\t\t\t\t<\/div>\n\t\t\t\t\t\t\t\t\t<img decoding=\"async\" src=\"https:\/\/cdn.pilgrim.es\/web\/caminos\/camino-norte\/pueblos\/luarca\/puntos-de-interes\/museo-rural-etnografico.jpg\" alt=\"Museo rural etnogra\u0301fico\">\n\t\t\t\t\t\t\t\t<\/div>\n\t\t\t\t\t\t\t<\/div>\n\t\t\t\t\t\t\n\t\t\t\t\t\t\t<div class=\"accordion__accordion-content inactive\">\n\t\t\t\t\t\t\t\t<div>\n\t\t\t\t\t\t\t\t\t<div>\n\t\t\t\t\t\t\t\t\t\t<h4>Palacio del Marque\u0301s de Ferrera<\/h4>\n\t\t\t\t\t\t\t\t\t\t<p>Auch bekannt als Palacio de La Moral, befindet er sich in der Calle Olavarrieta, von den Einheimischen Los Escalerones genannt, wo fr\u00fcher der Weg nach Santiago vorbeif\u00fchrte. Der Komplex wurde zum Kulturgut mit der Kategorie Historisch-k\u00fcnstlerisches Denkmal erkl\u00e4rt.\n\n<p>Der Palast besteht aus den Resten eines Turms, zwei L-f\u00f6rmigen Fl\u00fcgeln, einer Kapelle und Stallungen.<\/p> <p>Der Palast besteht aus den Resten eines Turms, zwei L-f\u00f6rmigen Fl\u00fcgeln, einer Kapelle und Stallungen.\n\n<p>Der Turm, der aus dem 13. Jahrhundert stammt, ist der \u00e4lteste Teil des Schlosses. Jahrhundert zur\u00fcckgeht, ist der \u00e4lteste Teil des Schlosses. Heute ist er jedoch nur noch ein weiteres Element des Geb\u00e4udes, da seine H\u00f6he verringert wurde.<\/p> <p>Der Turm, der aus dem 13.\n\nJh. stammt, ist der \u00e4lteste Teil des Palastes.<\/p> <p>Der Palast ist in zwei Volumen aus verschiedenen Epochen unterteilt, die durch einen Raum verbunden sind, der von einem glockenf\u00f6rmigen Bogen getragen wird.<\/p> <p>Der Palast ist in zwei Volumen aus verschiedenen Epochen unterteilt, die durch einen Raum miteinander verbunden sind, der von einem glockenf\u00f6rmigen Bogen getragen wird.\n\n<p>Das Geb\u00e4ude beherbergt heute in einem Teil das Haus der Kultur von Luarca und im anderen Teil die Polizeistation.<\/p> <p>Der Palast ist in zwei Volumen aus verschiedenen Epochen unterteilt, die durch einen von einem glockenf\u00f6rmigen Bogen gest\u00fctzten Raum miteinander verbunden sind.\n\t\t\t\t\t\t\t\t\t<\/div>\n\t\t\t\t\t\t\t\t\t<img decoding=\"async\" src=\"https:\/\/cdn.pilgrim.es\/web\/caminos\/camino-norte\/pueblos\/luarca\/puntos-de-interes\/palacio-del-marques-de-ferrera.jpg\" alt=\"Palacio del Marque\u0301s de Ferrera\">\n\t\t\t\t\t\t\t\t<\/div>\n\t\t\t\t\t\t\t<\/div>\n\t\t\t\t\t\t\n\t\t\t\t\t\t\t<div class=\"accordion__accordion-content inactive\">\n\t\t\t\t\t\t\t\t<div>\n\t\t\t\t\t\t\t\t\t<div>\n\t\t\t\t\t\t\t\t\t\t<h4>Playa de Salinas<\/h4>\n\t\t\t\t\t\t\t\t\t\t<p>Dieser Strand bildet zusammen mit dem ersten und zweiten Strand von Luarca die Gruppe der Str\u00e4nde in der attraktiven Stadt Luarca. Es ist ein sehr sauberer Strand mit allen Arten von Einrichtungen und einer gro\u00dfen Anzahl von Besuchern in den Sommermonaten. <\/p>\n\n<p>Der Zugang zu diesem Sandbereich erfolgt \u00fcber die Promenade, die am zweiten Strand von Luarca beginnt und daher nicht mit dem Auto zu erreichen ist.\n\t\t\t\t\t\t\t\t\t<\/div>\n\t\t\t\t\t\t\t\t\t<img decoding=\"async\" src=\"https:\/\/cdn.pilgrim.es\/web\/caminos\/camino-norte\/pueblos\/luarca\/puntos-de-interes\/playa-de-salinas.jpg\" alt=\"Playa de Salinas\">\n\t\t\t\t\t\t\t\t<\/div>\n\t\t\t\t\t\t\t<\/div>\n\t\t\t\t\t\t\n\t\t\t\t\t\t\t<div class=\"accordion__accordion-content inactive\">\n\t\t\t\t\t\t\t\t<div>\n\t\t\t\t\t\t\t\t\t<div>\n\t\t\t\t\t\t\t\t\t\t<h4>Parque de la Vida<\/h4>\n\t\t\t\t\t\t\t\t\t\t<p>Der Park des Lebens befindet sich auf einem 32.000 m2 gro\u00dfen Grundst\u00fcck und verf\u00fcgt \u00fcber einen etwa einen Kilometer langen Rundweg, auf dem man Klimamessger\u00e4te und zwei Wetterstationen besichtigen kann. Der Park ist in die folgenden Bereiche unterteilt:<\/p> &lt;p\n\t\t\t\t\t\t\t\t\t<\/div>\n\t\t\t\t\t\t\t\t\t<img decoding=\"async\" src=\"https:\/\/cdn.pilgrim.es\/web\/caminos\/camino-norte\/pueblos\/luarca\/puntos-de-interes\/parque-de-la-vida.jpg\" alt=\"Parque de la Vida\">\n\t\t\t\t\t\t\t\t<\/div>\n\t\t\t\t\t\t\t<\/div>\n\t\t\t\t\t\t\n\t\t\t\t\t\t\t<div class=\"accordion__accordion-content inactive\">\n\t\t\t\t\t\t\t\t<div>\n\t\t\t\t\t\t\t\t\t<div>\n\t\t\t\t\t\t\t\t\t\t<h4>Playa de Luarca<\/h4>\n\t\t\t\t\t\t\t\t\t\t<p>Die beiden Str\u00e4nde von Luarca sind durch mehrere D\u00e4mme vor der Kraft des Meeres gesch\u00fctzt, so dass sie einen einzigen Sandbereich bilden, der in den Sommermonaten sehr beliebt ist.<\/p> <p>Die beiden Str\u00e4nde von Luarca sind durch mehrere D\u00e4mme vor der Kraft des Meeres gesch\u00fctzt, so dass sie einen einzigen Sandbereich bilden, der in den Sommermonaten sehr beliebt ist.\n\n<p>Dieser Sandstrand ist vollst\u00e4ndig st\u00e4dtisch, obwohl er eine gro\u00dfe nat\u00fcrliche Anziehungskraft besitzt. Aus diesem Grund k\u00f6nnen die Str\u00e4nde mit dem Auto oder zu Fu\u00df erreicht werden. Es handelt sich um eine privilegierte st\u00e4dtische Umgebung, die es dem Besucher erm\u00f6glicht, die Verbindung des Fischerei- und Jachthafens mit dem Meer zu beobachten.\n\t\t\t\t\t\t\t\t\t<\/div>\n\t\t\t\t\t\t\t\t\t<img decoding=\"async\" src=\"https:\/\/cdn.pilgrim.es\/web\/caminos\/camino-norte\/pueblos\/luarca\/puntos-de-interes\/playa-de-luarca.jpg\" alt=\"Playa de Luarca\">\n\t\t\t\t\t\t\t\t<\/div>\n\t\t\t\t\t\t\t<\/div>\n\t\t\t\t\t\t\n\t\t\t\t\t\t\t<div class=\"accordion__accordion-content inactive\">\n\t\t\t\t\t\t\t\t<div>\n\t\t\t\t\t\t\t\t\t<div>\n\t\t\t\t\t\t\t\t\t\t<h4>Playa de Portizuelo<\/h4>\n\t\t\t\t\t\t\t\t\t\t<p>Der Strand von Portizuelo ist ein kieseliger Sandstrand aus Felsbrocken, der sich im Landschaftsschutzgebiet der Westk\u00fcste befindet. Dieser Strand zeichnet sich dadurch aus, dass er fr\u00fcher der Treffpunkt der &#8222;Maruyas&#8220; war, Frauen aus dem Dorf, die in ihren Kleidern im Meer badeten. Au\u00dferdem ist der Sandstrand unter Malern sehr bekannt, da sich hier der so genannte &#8222;\u00d6lstein&#8220; befindet.\n\t\t\t\t\t\t\t\t\t<\/div>\n\t\t\t\t\t\t\t\t\t<img decoding=\"async\" src=\"https:\/\/cdn.pilgrim.es\/web\/caminos\/camino-norte\/pueblos\/luarca\/puntos-de-interes\/playa-de-portizuelo.jpg\" alt=\"Playa de Portizuelo\">\n\t\t\t\t\t\t\t\t<\/div>\n\t\t\t\t\t\t\t<\/div>\n\t\t\t\t\t\t\n\t\t\t\t\t\t\t<div class=\"accordion__accordion-content inactive\">\n\t\t\t\t\t\t\t\t<div>\n\t\t\t\t\t\t\t\t\t<div>\n\t\t\t\t\t\t\t\t\t\t<h4>Playa de Quintana<\/h4>\n\t\t\t\t\t\t\t\t\t\t<p>Der Strand von Quintana befindet sich in der gesch\u00fctzten Landschaft der Westk\u00fcste, in einem Ort von gro\u00dfer nat\u00fcrlicher Anziehungskraft. Er hat eine L\u00e4nge von etwa einem Kilometer, ist sehr interessant f\u00fcr Angler und leicht zug\u00e4nglich.\n\t\t\t\t\t\t\t\t\t<\/div>\n\t\t\t\t\t\t\t\t\t<img decoding=\"async\" src=\"https:\/\/cdn.pilgrim.es\/web\/caminos\/camino-norte\/pueblos\/luarca\/puntos-de-interes\/playa-de-quintana.jpg\" alt=\"Playa de Quintana\">\n\t\t\t\t\t\t\t\t<\/div>\n\t\t\t\t\t\t\t<\/div>\n\t\t\t\t\t\t\n\t\t\t\t\t\t\t<div class=\"accordion__accordion-content inactive\">\n\t\t\t\t\t\t\t\t<div>\n\t\t\t\t\t\t\t\t\t<div>\n\t\t\t\t\t\t\t\t\t\t<h4>Playa de Toura\u0301n<\/h4>\n\t\t\t\t\t\t\t\t\t\t<p>Der Strand von Tour\u00e1n liegt im Landschaftsschutzgebiet der Westk\u00fcste und befindet sich in einer Bucht ganz in der N\u00e4he der Stadt Luarca.<\/p> <p>Der Strand von Tour\u00e1n liegt im Landschaftsschutzgebiet der Westk\u00fcste und befindet sich in einer Bucht ganz in der N\u00e4he der Stadt Luarca.\n\n<p>Der Sandstrand bildet zusammen mit der Flussm\u00fcndung, der kleinen Insel und der Steilk\u00fcste einen landschaftlich sehr sch\u00f6nen Rahmen, der mit dem Auto bis zum Campingplatz erreicht werden kann, obwohl wir aufgrund des schlechten Zustands der Stra\u00dfe empfehlen, den Rest des Weges zu Fu\u00df zu gehen.<\/p> <p>Der Strand befindet sich in einer Bucht ganz in der N\u00e4he der Stadt Luarca.\n\t\t\t\t\t\t\t\t\t<\/div>\n\t\t\t\t\t\t\t\t\t<img decoding=\"async\" src=\"https:\/\/cdn.pilgrim.es\/web\/caminos\/camino-norte\/pueblos\/luarca\/puntos-de-interes\/playa-de-touran.jpg\" alt=\"Playa de Toura\u0301n\">\n\t\t\t\t\t\t\t\t<\/div>\n\t\t\t\t\t\t\t<\/div>\n\t\t\t\t\t\t\n\t\t\t\t\t\t\t<div class=\"accordion__accordion-content inactive\">\n\t\t\t\t\t\t\t\t<div>\n\t\t\t\t\t\t\t\t\t<div>\n\t\t\t\t\t\t\t\t\t\t<h4>Villa Argentina<\/h4>\n\t\t\t\t\t\t\t\t\t\t<p>Die Villa Argentina wurde von Manuel Garc\u00eda Fern\u00e1ndez in Auftrag gegeben und ist eine elegante Villa, die mit Granitecken gebaut wurde, die wiederum die Doppelfenster einfassen. Der zentralste Teil der Fassade ist leicht erh\u00f6ht und endet in einer giebelst\u00e4ndigen Traufe, die mit einer Palmette in Form einer Akroterie eingefasst ist. Der H\u00f6hepunkt des Ensembles ist die verglaste Galerie \u00fcber dem Hauptportal. Die Galerie wird von vier Eisens\u00e4ulen getragen.\n\t\t\t\t\t\t\t\t\t<\/div>\n\t\t\t\t\t\t\t\t\t<img decoding=\"async\" src=\"https:\/\/cdn.pilgrim.es\/web\/caminos\/camino-norte\/pueblos\/luarca\/puntos-de-interes\/villa-argentina.jpg\" alt=\"Villa Argentina\">\n\t\t\t\t\t\t\t\t<\/div>\n\t\t\t\t\t\t\t<\/div>\n\t\t\t\t\t\t\n\t\t\t\t\t\t\t<div class=\"accordion__accordion-content inactive\">\n\t\t\t\t\t\t\t\t<div>\n\t\t\t\t\t\t\t\t\t<div>\n\t\t\t\t\t\t\t\t\t\t<h4>Faro<\/h4>\n\t\t\t\t\t\t\t\t\t\t<p>Es ist ein Geb\u00e4ude aus der zweiten H\u00e4lfte des 19. Jahrhunderts und besteht aus einem Leuchtturmw\u00e4rterhaus und einem Turm.<\/p> <p>Es wurde in der zweiten H\u00e4lfte des 19. Jahrhunderts erbaut.\n\t\t\t\t\t\t\t\t\t<\/div>\n\t\t\t\t\t\t\t\t\t<img decoding=\"async\" src=\"https:\/\/cdn.pilgrim.es\/web\/caminos\/camino-norte\/pueblos\/luarca\/puntos-de-interes\/faro.jpg\" alt=\"Faro\">\n\t\t\t\t\t\t\t\t<\/div>\n\t\t\t\t\t\t\t<\/div>\n\t\t\t\t\t\t\n\t\t\t\t\t\t\t<div class=\"accordion__accordion-content inactive\">\n\t\t\t\t\t\t\t\t<div>\n\t\t\t\t\t\t\t\t\t<div>\n\t\t\t\t\t\t\t\t\t\t<h4>Villa Barrera<\/h4>\n\t\t\t\t\t\t\t\t\t\t<p>Villa Barrera war ein gro\u00dfes Haus, das von Jos\u00e9 Garc\u00eda Fern\u00e1ndez in Auftrag gegeben, aber von Juan Miguel de la Guardia gebaut wurde. Das Geb\u00e4ude zeichnet sich durch seine Horizontalit\u00e4t und seine Unterteilung in ein Halbgeschoss und ein Hauptgeschoss aus. Es zeichnet sich auch durch die Kombination von zwei symmetrischen Fassaden im klassizistischen Stil mit zwei weiteren im gotischen Stil aus, wodurch ein einzigartiges Geb\u00e4ude entsteht. <\/p>\n\t\t\t\t\t\t\t\t\t<\/div>\n\t\t\t\t\t\t\t\t\t<img decoding=\"async\" src=\"https:\/\/cdn.pilgrim.es\/web\/caminos\/camino-norte\/pueblos\/luarca\/puntos-de-interes\/villa-barrera.jpg\" alt=\"Villa Barrera\">\n\t\t\t\t\t\t\t\t<\/div>\n\t\t\t\t\t\t\t<\/div>\n\t\t\t\t\t\t\n\t\t\t\t\t\t\t<div class=\"accordion__accordion-content inactive\">\n\t\t\t\t\t\t\t\t<div>\n\t\t\t\t\t\t\t\t\t<div>\n\t\t\t\t\t\t\t\t\t\t<h4>Villa Carmen<\/h4>\n\t\t\t\t\t\t\t\t\t\t&lt;Jahrhunderts von Juan Miguel de La Guardia erbaut und geh\u00f6rte bis 1905 der Familie Olavarrieta. Danach ging es in den Besitz der Familie Ochoa de Albornoz \u00fcber, in deren Haus der ber\u00fchmte Severo Ochoa geboren wurde. Diese neue Villa wurde zu Ehren von Carmen de Albornoz Limiana, seiner Mutter, Villa Carmen genannt.\n\n<p>Die Villa ist H-f\u00f6rmig und besteht aus drei Bauk\u00f6rpern, von denen der zentrale mit einem geometrisch gegliederten, verglasten Galeriedach den H\u00f6hepunkt der Villa darstellt und ebenfalls mit Wandmalereien an der Decke versehen ist. Die beiden Seitenk\u00f6rper sind turmf\u00f6rmig und werden von einem Giebel gekr\u00f6nt. <\/p>\n\t\t\t\t\t\t\t\t\t<\/div>\n\t\t\t\t\t\t\t\t\t<img decoding=\"async\" src=\"https:\/\/cdn.pilgrim.es\/web\/caminos\/camino-norte\/pueblos\/luarca\/puntos-de-interes\/villa-carmen.jpg\" alt=\"Villa Carmen\">\n\t\t\t\t\t\t\t\t<\/div>\n\t\t\t\t\t\t\t<\/div>\n\t\t\t\t\t\t\n\t\t\t\t\t\t\t<div class=\"accordion__accordion-content inactive\">\n\t\t\t\t\t\t\t\t<div>\n\t\t\t\t\t\t\t\t\t<div>\n\t\t\t\t\t\t\t\t\t\t<h4>Villa Cristina<\/h4>\n\t\t\t\t\t\t\t\t\t\t<p>Die Villa Cristina ist ein Geb\u00e4ude im Neorenaissance-Stil, das Ende des 19. Jahrhunderts erbaut wurde. Das Geb\u00e4ude hat einen viereckigen Grundriss mit drei Abschnitten und einer H-f\u00f6rmigen Struktur. Das Eingangstor befindet sich in der Mitte der Fassade und wird von zwei S\u00e4ulen mit Voluten und einem verzierten T\u00fcrsturz gebildet. Au\u00dferdem gibt es ein Haus f\u00fcr die Bediensteten und eine Garage, die sich in einem Bereich des Anwesens befindet. <\/p>\n\t\t\t\t\t\t\t\t\t<\/div>\n\t\t\t\t\t\t\t\t\t<img decoding=\"async\" src=\"https:\/\/cdn.pilgrim.es\/web\/caminos\/camino-norte\/pueblos\/luarca\/puntos-de-interes\/villa-cristina.jpg\" alt=\"Villa Cristina\">\n\t\t\t\t\t\t\t\t<\/div>\n\t\t\t\t\t\t\t<\/div>\n\t\t\t\t\t\t\n\t\t\t\t\t\t\t<div class=\"accordion__accordion-content inactive\">\n\t\t\t\t\t\t\t\t<div>\n\t\t\t\t\t\t\t\t\t<div>\n\t\t\t\t\t\t\t\t\t\t<h4>Villa Excelsior<\/h4>\n\t\t\t\t\t\t\t\t\t\t<p>Die Villa Excelsior ist ein gro\u00dfes Haus, das zu Beginn des 20. Jahrhunderts von Manuel de Busto erbaut wurde. Jahrhunderts von Manuel de Busto erbaut wurde. Sein Grundriss ist drei\u00dfig Meter lang und zwanzig Meter breit und hat eine rechteckige Struktur. Es besteht aus drei unregelm\u00e4\u00dfigen K\u00f6rpern, die eine asymmetrische Konstruktion bilden. An der Ecke des Geb\u00e4udes erhebt sich der beeindruckende Turm, der mit einer Kuppel aus gr\u00fcnen Ziegeln bedeckt ist.\n\t\t\t\t\t\t\t\t\t<\/div>\n\t\t\t\t\t\t\t\t\t<img decoding=\"async\" src=\"https:\/\/cdn.pilgrim.es\/web\/caminos\/camino-norte\/pueblos\/luarca\/puntos-de-interes\/villa-excelsior.jpg\" alt=\"Villa Excelsior\">\n\t\t\t\t\t\t\t\t<\/div>\n\t\t\t\t\t\t\t<\/div>\n\t\t\t\t\t\t\n\t\t\t\t\t\t\t<div class=\"accordion__accordion-content inactive\">\n\t\t\t\t\t\t\t\t<div>\n\t\t\t\t\t\t\t\t\t<div>\n\t\t\t\t\t\t\t\t\t\t<h4>Ayuntamiento<\/h4>\n\t\t\t\t\t\t\t\t\t\t<p>Beide befinden sich auf einem H\u00fcgel, der als Verteidigungsbastion gegen Angriffe vom Meer her diente. Sie wurde erstmals im 13. Jahrhundert erbaut, erfuhr jedoch in der Folgezeit zahlreiche Ver\u00e4nderungen, insbesondere im 18. Die Fassade weist ein Hauptportal mit einem glockenf\u00f6rmigen Bogen und hellgrauen Bord\u00fcren mit schwarzen Umrandungen auf. \u00dcber dieser Fassade befindet sich der Glockenturm mit zwei Pilastern und einem kleinen halbrunden Gew\u00f6lbe, in dem sich die Glocke und der Kreuzgiebel befinden. <\/p>\n\n<p>Es handelt sich um einen Holzbau mit einem Glasaufsatz und einer runden Rosette sowie einem Satteldach. Der Zugang zum oberen Teil des Kirchturms erfolgt \u00fcber eine sch\u00f6ne Wendeltreppe.<\/p> <p>Der Kirchturm ist ein Holzbau mit einem Glasdach und einer runden Fensterrose.\n\t\t\t\t\t\t\t\t\t<\/div>\n\t\t\t\t\t\t\t\t\t<img decoding=\"async\" src=\"https:\/\/cdn.pilgrim.es\/web\/caminos\/camino-norte\/pueblos\/luarca\/puntos-de-interes\/ayuntamiento.jpg\" alt=\"Ayuntamiento\">\n\t\t\t\t\t\t\t\t<\/div>\n\t\t\t\t\t\t\t<\/div>\n\t\t\t\t\t\t\n\t\t\t\t\t\t\t<div class=\"accordion__accordion-content inactive\">\n\t\t\t\t\t\t\t\t<div>\n\t\t\t\t\t\t\t\t\t<div>\n\t\t\t\t\t\t\t\t\t\t<h4>Atalaya y cementerio<\/h4>\n\t\t\t\t\t\t\t\t\t\t<p>Beide befinden sich auf einem H\u00fcgel, der als Verteidigungsbastion gegen Angriffe vom Meer her diente. Sie wurde erstmals im 13. Jahrhundert erbaut, erfuhr jedoch in der Folgezeit zahlreiche Ver\u00e4nderungen, insbesondere im 18. Die Fassade weist ein Hauptportal mit glockenf\u00f6rmigem Bogen und hellgrauen Bord\u00fcren mit schwarzer Umrandung auf. \u00dcber dieser Fassade befindet sich der Glockenturm mit zwei Pilastern und einem kleinen halbrunden Gew\u00f6lbe, in dem sich die Glocke und der Kreuzgiebel befinden. <\/p>\n\n<p>Es handelt sich um einen Holzbau mit einem Glasaufsatz und einer runden Rosette sowie einem Satteldach. Der Zugang zum oberen Teil des Kirchturms erfolgt \u00fcber eine sch\u00f6ne Wendeltreppe.<\/p> <p>Der Kirchturm ist ein Holzbau mit einem Glasdach und einer runden Fensterrose.\n\t\t\t\t\t\t\t\t\t<\/div>\n\t\t\t\t\t\t\t\t\t<img decoding=\"async\" src=\"https:\/\/cdn.pilgrim.es\/web\/caminos\/camino-norte\/pueblos\/luarca\/puntos-de-interes\/atalaya-y-cementerio.jpg\" alt=\"Atalaya y cementerio\">\n\t\t\t\t\t\t\t\t<\/div>\n\t\t\t\t\t\t\t<\/div>\n\t\t\t\t\t\t\n\t\t\t\t\t<\/div>\n\t\t\t\t<\/div>\n\t\t\t<\/div>\n\t\t\n\n\t\t<div id=\"phonesSection\">\n\t\t\t<div>\n\t\t\t\t<h2 class=\"p-h3-town\">Informationen von Interesse<\/h2>\n\t\t\t<\/div>\n\t\t\t<div class=\"grid\">\n\t\t\t\t\n\t\t\t\t\t<div class=\"phone-number-item\">\n\t\t\t\t\t\t<div class=\"phone-number-item__icon\"><i class=\"icon-police\"><\/i><\/div>\n\t\t\t\t\t\t<div class=\"phone-number-item__title\">\n\t\t\t\t\t\t\t<h3 class=\"p-font-bold\">Ortspolizei<\/h3>\n\t\t\t\t\t\t\t<p>985 470 708<\/p>\n\t\t\t\t\t\t\t\n\t\t\t\t\t\t<\/div>\n\t\t\t\t\t<\/div>\n\t\t\t\t\n\t\t\t\t\t<div class=\"phone-number-item\">\n\t\t\t\t\t\t<div class=\"phone-number-item__icon\"><i class=\"icon-spanish-military-police\"><\/i><\/div>\n\t\t\t\t\t\t<div class=\"phone-number-item__title\">\n\t\t\t\t\t\t\t<h3 class=\"p-font-bold\">Zivilwache<\/h3>\n\t\t\t\t\t\t\t<p>985 640 565<\/p>\n\t\t\t\t\t\t\t\n\t\t\t\t\t\t<\/div>\n\t\t\t\t\t<\/div>\n\t\t\t\t\n\t\t\t\t\t<div class=\"phone-number-item\">\n\t\t\t\t\t\t<div class=\"phone-number-item__icon\"><i class=\"icon-firefighters\"><\/i><\/div>\n\t\t\t\t\t\t<div class=\"phone-number-item__title\">\n\t\t\t\t\t\t\t<h3 class=\"p-font-bold\">Feuerwehr<\/h3>\n\t\t\t\t\t\t\t<p>985 640 680<\/p>\n\t\t\t\t\t\t\t\n\t\t\t\t\t\t<\/div>\n\t\t\t\t\t<\/div>\n\t\t\t\t\n\t\t\t\t\t<div class=\"phone-number-item\">\n\t\t\t\t\t\t<div class=\"phone-number-item__icon\"><i class=\"icon-civil-protection\"><\/i><\/div>\n\t\t\t\t\t\t<div class=\"phone-number-item__title\">\n\t\t\t\t\t\t\t<h3 class=\"p-font-bold\">Zivilschutz<\/h3>\n\t\t\t\t\t\t\t<p>659 942 158<\/p>\n\t\t\t\t\t\t\t\n\t\t\t\t\t\t<\/div>\n\t\t\t\t\t<\/div>\n\t\t\t\t\n\t\t\t\t\t<div class=\"phone-number-item\">\n\t\t\t\t\t\t<div class=\"phone-number-item__icon\"><i class=\"icon-town-council\"><\/i><\/div>\n\t\t\t\t\t\t<div class=\"phone-number-item__title\">\n\t\t\t\t\t\t\t<h3 class=\"p-font-bold\">Rathaus<\/h3>\n\t\t\t\t\t\t\t<p>985 640 085<\/p>\n\t\t\t\t\t\t\t\n\t\t\t\t\t\t<\/div>\n\t\t\t\t\t<\/div>\n\t\t\t\t\n\t\t\t\t\t<div class=\"phone-number-item\">\n\t\t\t\t\t\t<div class=\"phone-number-item__icon\"><i class=\"icon-hospital\"><\/i><\/div>\n\t\t\t\t\t\t<div class=\"phone-number-item__title\">\n\t\t\t\t\t\t\t<h3 class=\"p-font-bold\">Gesundheitszentrum<\/h3>\n\t\t\t\t\t\t\t<p>985 641 699<\/p>\n\t\t\t\t\t\t\t\n\t\t\t\t\t\t<\/div>\n\t\t\t\t\t<\/div>\n\t\t\t\t\n\t\t\t\t\t<div class=\"phone-number-item\">\n\t\t\t\t\t\t<div class=\"phone-number-item__icon\"><i class=\"icon-tourism\"><\/i><\/div>\n\t\t\t\t\t\t<div class=\"phone-number-item__title\">\n\t\t\t\t\t\t\t<h3 class=\"p-font-bold\">Fremdenverkehrsamt<\/h3>\n\t\t\t\t\t\t\t<p>985 640 083<\/p>\n\t\t\t\t\t\t\t\n\t\t\t\t\t\t\t\t<p>Plaza Alfonso X el Sabio s\/n (Palacio del Marqu\u00e9s de Gamoneda)<\/p>\n\t\t\t\t\t\t\t\n\t\t\t\t\t\t<\/div>\n\t\t\t\t\t<\/div>\n\t\t\t\t\n\t\t\t<\/div>\n\t\t<\/div>\n\n\t\t<div id=\"clientForm\">\n        <section>\n        <img decoding=\"async\" src=\"https:\/\/cdn.pilgrim.es\/web\/home\/email-contacto.png\" alt=\"contacto\">\n        <div>\n            <p>Wir senden dir deine Planung<\/p>\n            <p>Gib uns deine Daten an und erhalte die Planung deiner Reise per E-Mail <\/p>\n            <form method=\"post\" data-url=\"\/wp-admin\/admin-ajax.php\" id=\"planner--client\" class=\"flag-right form-client\">\n    <div class=\"form-data\">\n        <input name=\"form_id\" type=\"hidden\" value=\"Formulario Leads\">\n        <input name=\"type\" type=\"hidden\" value=\"planner_client\">\n        <input type=\"text\" name=\"nombre\" value=\"\" size=\"40\" class=\"form-control\" aria-required=\"true\" aria-invalid=\"false\" placeholder=\"Name\">\n        <input type=\"email\" name=\"email\" value=\"\" size=\"40\" class=\"form-control\" aria-required=\"true\" aria-invalid=\"false\" placeholder=\"E- Mail\">\n        <input type=\"text\" id=\"phone-input\" name=\"tel\" value=\"\" size=\"40\" class=\"phone-input form-control\" aria-required=\"true\" aria-invalid=\"false\" placeholder=\"Telefon\">\n        <input type=\"hidden\" name=\"telefono\">\n    <\/div>\n    <div class=\"form-checkbox\">\n        <span>\n            Pilgrim Travel, S.L. teilt gem\u00e4\u00df Regulierung 2016\/679 mit, dass die in diesem Formular verwendeten Daten sowohl f\u00fcr die Beantwortung der m\u00f6glichen Anfragen als auch f\u00fcr die Ver\u00f6ffentlichung der Kommentare verwendet werden, mit der Zustimmung des Nutzers. Sie k\u00f6nnen Ihre Rechte in \u00dcbereinstimmung mit unserer Datenschutzbestimmungen aus\u00fcben             <a href=\"https:\/\/www.pilgrim.es\/politica-de-privacidad\/\" target=\"_blank\" rel=\"noopener noreferrer nofollow\">Datenschutzerkl\u00e4rung.<\/a>\n        <\/span>\n    <\/div>\n\n    <div class=\"form-submit\">\n        <button id=\"planner--client-create\" type=\"submit\">Anfrage senden<\/button>\n        <div class=\"loadingDiv\"><i class=\"p-spinner\"><\/i><\/div>\n    <\/div>\n\n    <div class=\"contact-content-form-success\">\n        <p><i class=\"fas fa-check\"><\/i> Das Formular hat sich erfolgreich gesendet.<\/p>\n    <\/div>\n\n    <div class=\"contact-content-form-error\">\n        <span class=\"input-error\"><\/span>\n    <\/div>\n<\/form>        <\/div>\n    <\/section>\n<\/div>\n\n\t\t<div id=\"recomendationSection\">\n\t\t\t<div>\n\t\t\t\t<h2 class=\"p-h2-town\">Empfohlen<\/h2>\n\t\t\t\t<hr>\n\t\t\t\t<h3 class=\"p-h3-town\">Gastronomie<\/h3>\n\t\t\t<\/div>\n\t\t\tDie Gastronomie von Luarca ist von der asturischen Gastronomie im Allgemeinen beeinflusst, auch wenn traditionelle, f\u00fcr die Region typische Rezepte wie die Pixin-Suppe von Luarca, der Meeraal nach Luarca-Art, Fisch- und Meeresfr\u00fcchteeint\u00f6pfe, Kohleintopf, Bohneneintopf, Bonito-Rolle, Tintenfisch in Tinte, Aal, Makrele oder Lendenbraten beibehalten wurden.\n\nZu empfehlen sind auch Kartoffeln mit Chorizo-Wurst, Kutteln oder Fisch und Meeresfr\u00fcchte aus den sauberen Gew\u00e4ssern der Region.\n\t\t<\/div>\n\n\n\t\t\n\t\t\t<div id=\"holidaysSection\">\n\t\t\t\t<div>\n\t\t\t\t\t<h2 class=\"p-h2-town\">Empfohlen<\/h2>\n\t\t\t\t\t<hr>\n\t\t\t\t\t<h3 class=\"p-h3-town\">Feste und Pilgerfahrten<\/h3>\n\t\t\t\t<\/div>\n\t\t\t\t<div class=\"grid holidays-grid\">\n\t\t\t\t\t\n\t\t\t\t\t\t<div>\n\t\t\t\t\t\t\t<div class=\"phone-number-item\">\n\t\t\t\t\t\t\t\t<div class=\"phone-number-item__icon\"><i class=\"icon-holiday\"><\/i><\/div>\n\t\t\t\t\t\t\t\t<div class=\"phone-number-item__title dark-text\">\n\t\t\t\t\t\t\t\t\t<p class=\"p-font-bold\">Lokaler Urlaub<\/p>\n\t\t\t\t\t\t\t\t\t<p>15 de agosto: Rosario<\/p>\n\t\t\t\t\t\t\t\t<\/div>\n\t\t\t\t\t\t\t<\/div>\n\t\t\t\t\t\t<\/div>\n\t\t\t\t\t\n\t\t\t\t\t\t<div>\n\t\t\t\t\t\t\t<div class=\"phone-number-item\">\n\t\t\t\t\t\t\t\t<div class=\"phone-number-item__icon\"><i class=\"icon-holiday\"><\/i><\/div>\n\t\t\t\t\t\t\t\t<div class=\"phone-number-item__title dark-text\">\n\t\t\t\t\t\t\t\t\t<p class=\"p-font-bold\">Lokaler Urlaub<\/p>\n\t\t\t\t\t\t\t\t\t<p>22 de agosto: Fiesta de San Timoteo<\/p>\n\t\t\t\t\t\t\t\t<\/div>\n\t\t\t\t\t\t\t<\/div>\n\t\t\t\t\t\t<\/div>\n\t\t\t\t\t\n\t\t\t\t\t\t<div>\n\t\t\t\t\t\t\t<div class=\"phone-number-item\">\n\t\t\t\t\t\t\t\t<div class=\"phone-number-item__icon\"><i class=\"icon-holiday\"><\/i><\/div>\n\t\t\t\t\t\t\t\t<div class=\"phone-number-item__title dark-text\">\n\t\t\t\t\t\t\t\t\t<p class=\"p-font-bold\">Lokaler Urlaub<\/p>\n\t\t\t\t\t\t\t\t\t<p>Finales de agosto: Fiesta de la Regalina<\/p>\n\t\t\t\t\t\t\t\t<\/div>\n\t\t\t\t\t\t\t<\/div>\n\t\t\t\t\t\t<\/div>\n\t\t\t\t\t\n\t\t\t\t\t\t<div>\n\t\t\t\t\t\t\t<div class=\"phone-number-item\">\n\t\t\t\t\t\t\t\t<div class=\"phone-number-item__icon\"><i class=\"icon-holiday\"><\/i><\/div>\n\t\t\t\t\t\t\t\t<div class=\"phone-number-item__title dark-text\">\n\t\t\t\t\t\t\t\t\t<p class=\"p-font-bold\">Lokaler Urlaub<\/p>\n\t\t\t\t\t\t\t\t\t<p>\u00daltimo domingo de julio: Fiesta de la Vaqueirada<\/p>\n\t\t\t\t\t\t\t\t<\/div>\n\t\t\t\t\t\t\t<\/div>\n\t\t\t\t\t\t<\/div>\n\t\t\t\t\t\n\t\t\t\t<\/div>\n\t\t\t<\/div>\n\t\t\n\t<\/div>\n<\/section>\n\n<div id=\"stage_list_section\"><div class=\"stage-list\">\n    <div class='stage-list__map-card'>\n        <div class='stage-list__map-card__map'>\n            <div class='stage-list__map-card__map__text'>\n                <h2> Pages <\/h2>\n                <p> Zu Fu\u00df<\/p>\n                <p> 0etappen<\/p>\n            <\/div>\n            <div class='stage-list__map-card__map__img'>\n                <img decoding=\"async\" src=\"\" alt=\" mapa \" \/>\n            <\/div>\n        <\/div>\n    <\/div>\n\n    <\/div>\n<\/div> ","protected":false},"excerpt":{"rendered":"<p>Luarca &#8249; Zur\u00fcck zur B\u00fchne Luarca Einwohner: 4.118 aprox. Bundesland: Asturias Informationen Get to know Luarca Luarca ist ein kleines Dorf in der Gemeinde Vald\u00e9s, dessen Hauptwirtschaftszweig die Fischerei ist, obwohl es heutzutage eng mit dem Jakobsweg verbunden ist. Dieses Dorf wurde k\u00fcrzlich in die Auswahl der 20 sch\u00f6nsten D\u00f6rfer Spaniens aufgenommen, so dass der &hellip; <\/p>\n<p class=\"read_more\"><a href=\"https:\/\/www.pilgrim.es\/de\/weg-im-norden\/luarca\/\">Leer m\u00e1s<\/a><\/p>\n","protected":false},"author":0,"featured_media":7834,"parent":10670,"menu_order":0,"comment_status":"closed","ping_status":"closed","template":"views\/template-new-web-design.blade.php","meta":{"footnotes":""},"categories":[],"tags":[],"class_list":["post-91311","page","type-page","status-publish","has-post-thumbnail","hentry"],"yoast_head":"<!-- This site is optimized with the Yoast SEO plugin v27.4 - https:\/\/yoast.com\/product\/yoast-seo-wordpress\/ -->\n<title>Luarca: Was sehen und wo \u00fcbernachten | Jakobsweg | Pilgrim<\/title>\n<meta name=\"description\" content=\"Luarca Entdecken Sie alle Informationen \u00fcber Unterk\u00fcnfte, Anreise, Gastronomie und die wichtigsten Sehensw\u00fcrdigkeiten der Orte am K\u00fcstenweg\" \/>\n<meta name=\"robots\" content=\"index, follow, max-snippet:-1, max-image-preview:large, max-video-preview:-1\" \/>\n<link rel=\"canonical\" href=\"https:\/\/www.pilgrim.es\/de\/weg-im-norden\/luarca\/\" \/>\n<meta property=\"og:locale\" content=\"de_DE\" \/>\n<meta property=\"og:type\" content=\"article\" \/>\n<meta property=\"og:title\" content=\"Luarca: Was sehen und wo \u00fcbernachten | Jakobsweg | Pilgrim\" \/>\n<meta property=\"og:description\" content=\"Luarca Entdecken Sie alle Informationen \u00fcber Unterk\u00fcnfte, Anreise, Gastronomie und die wichtigsten Sehensw\u00fcrdigkeiten der Orte am K\u00fcstenweg\" \/>\n<meta property=\"og:url\" content=\"https:\/\/www.pilgrim.es\/de\/weg-im-norden\/luarca\/\" \/>\n<meta property=\"og:site_name\" content=\"Pilgrim\" \/>\n<meta property=\"article:publisher\" content=\"https:\/\/www.facebook.com\/pilgrim.es\/\" \/>\n<meta property=\"og:image\" content=\"https:\/\/www.pilgrim.es\/wp-content\/uploads\/2019\/02\/puerto-de-luarca.jpg\" \/>\n\t<meta property=\"og:image:width\" content=\"1280\" \/>\n\t<meta property=\"og:image:height\" content=\"720\" \/>\n\t<meta property=\"og:image:type\" content=\"image\/jpeg\" \/>\n<meta name=\"twitter:card\" content=\"summary_large_image\" \/>\n<meta name=\"twitter:site\" content=\"@pilgrim_es\" \/>\n<meta name=\"twitter:label1\" content=\"Gesch\u00e4tzte Lesezeit\" \/>\n\t<meta name=\"twitter:data1\" content=\"12\u00a0Minuten\" \/>\n<script type=\"application\/ld+json\" class=\"yoast-schema-graph\">{\"@context\":\"https:\\\/\\\/schema.org\",\"@graph\":[{\"@type\":\"WebPage\",\"@id\":\"https:\\\/\\\/www.pilgrim.es\\\/de\\\/weg-im-norden\\\/luarca\\\/\",\"url\":\"https:\\\/\\\/www.pilgrim.es\\\/de\\\/weg-im-norden\\\/luarca\\\/\",\"name\":\"Luarca: Was sehen und wo \u00fcbernachten | Jakobsweg | Pilgrim\",\"isPartOf\":{\"@id\":\"https:\\\/\\\/www.pilgrim.es\\\/de\\\/#website\"},\"primaryImageOfPage\":{\"@id\":\"https:\\\/\\\/www.pilgrim.es\\\/de\\\/weg-im-norden\\\/luarca\\\/#primaryimage\"},\"image\":{\"@id\":\"https:\\\/\\\/www.pilgrim.es\\\/de\\\/weg-im-norden\\\/luarca\\\/#primaryimage\"},\"thumbnailUrl\":\"https:\\\/\\\/www.pilgrim.es\\\/wp-content\\\/uploads\\\/2019\\\/02\\\/puerto-de-luarca.jpg\",\"datePublished\":\"2025-03-17T14:57:47+00:00\",\"description\":\"Luarca Entdecken Sie alle Informationen \u00fcber Unterk\u00fcnfte, Anreise, Gastronomie und die wichtigsten Sehensw\u00fcrdigkeiten der Orte am K\u00fcstenweg\",\"breadcrumb\":{\"@id\":\"https:\\\/\\\/www.pilgrim.es\\\/de\\\/weg-im-norden\\\/luarca\\\/#breadcrumb\"},\"inLanguage\":\"de\",\"potentialAction\":[{\"@type\":\"ReadAction\",\"target\":[\"https:\\\/\\\/www.pilgrim.es\\\/de\\\/weg-im-norden\\\/luarca\\\/\"]}]},{\"@type\":\"ImageObject\",\"inLanguage\":\"de\",\"@id\":\"https:\\\/\\\/www.pilgrim.es\\\/de\\\/weg-im-norden\\\/luarca\\\/#primaryimage\",\"url\":\"https:\\\/\\\/www.pilgrim.es\\\/wp-content\\\/uploads\\\/2019\\\/02\\\/puerto-de-luarca.jpg\",\"contentUrl\":\"https:\\\/\\\/www.pilgrim.es\\\/wp-content\\\/uploads\\\/2019\\\/02\\\/puerto-de-luarca.jpg\",\"width\":1280,\"height\":720,\"caption\":\"Luarca\"},{\"@type\":\"BreadcrumbList\",\"@id\":\"https:\\\/\\\/www.pilgrim.es\\\/de\\\/weg-im-norden\\\/luarca\\\/#breadcrumb\",\"itemListElement\":[{\"@type\":\"ListItem\",\"position\":1,\"name\":\"Camino de Santiago\",\"item\":\"https:\\\/\\\/www.pilgrim.es\\\/de\\\/\"},{\"@type\":\"ListItem\",\"position\":2,\"name\":\"Weg im Norden\",\"item\":\"https:\\\/\\\/www.pilgrim.es\\\/de\\\/weg-im-norden\\\/\"},{\"@type\":\"ListItem\",\"position\":3,\"name\":\"Luarca\"}]},{\"@type\":\"WebSite\",\"@id\":\"https:\\\/\\\/www.pilgrim.es\\\/de\\\/#website\",\"url\":\"https:\\\/\\\/www.pilgrim.es\\\/de\\\/\",\"name\":\"Pilgrim\",\"description\":\"Camino de Santiago | Caminamos Contigo\",\"publisher\":{\"@id\":\"https:\\\/\\\/www.pilgrim.es\\\/de\\\/#organization\"},\"potentialAction\":[{\"@type\":\"SearchAction\",\"target\":{\"@type\":\"EntryPoint\",\"urlTemplate\":\"https:\\\/\\\/www.pilgrim.es\\\/de\\\/?s={search_term_string}\"},\"query-input\":{\"@type\":\"PropertyValueSpecification\",\"valueRequired\":true,\"valueName\":\"search_term_string\"}}],\"inLanguage\":\"de\"},{\"@type\":\"Organization\",\"@id\":\"https:\\\/\\\/www.pilgrim.es\\\/de\\\/#organization\",\"name\":\"Pilgrim Camino de Santiago\",\"url\":\"https:\\\/\\\/www.pilgrim.es\\\/de\\\/\",\"logo\":{\"@type\":\"ImageObject\",\"inLanguage\":\"de\",\"@id\":\"https:\\\/\\\/www.pilgrim.es\\\/de\\\/#\\\/schema\\\/logo\\\/image\\\/\",\"url\":\"https:\\\/\\\/www.pilgrim.es\\\/wp-content\\\/uploads\\\/2019\\\/04\\\/logo_pilgrim.png\",\"contentUrl\":\"https:\\\/\\\/www.pilgrim.es\\\/wp-content\\\/uploads\\\/2019\\\/04\\\/logo_pilgrim.png\",\"width\":512,\"height\":512,\"caption\":\"Pilgrim Camino de Santiago\"},\"image\":{\"@id\":\"https:\\\/\\\/www.pilgrim.es\\\/de\\\/#\\\/schema\\\/logo\\\/image\\\/\"},\"sameAs\":[\"https:\\\/\\\/www.facebook.com\\\/pilgrim.es\\\/\",\"https:\\\/\\\/x.com\\\/pilgrim_es\",\"https:\\\/\\\/www.instagram.com\\\/pilgrim.es\\\/\",\"https:\\\/\\\/www.linkedin.com\\\/company\\\/pilgrim-camino-de-santiago\\\/\",\"https:\\\/\\\/www.pinterest.es\\\/pilgrimcaminodesantiago\\\/\",\"https:\\\/\\\/www.youtube.com\\\/channel\\\/UCIv2ZzFLXVqthkNF32rKedw\\\/featured\"]}]}<\/script>\n<!-- \/ Yoast SEO plugin. -->","yoast_head_json":{"title":"Luarca: Was sehen und wo \u00fcbernachten | Jakobsweg | Pilgrim","description":"Luarca Entdecken Sie alle Informationen \u00fcber Unterk\u00fcnfte, Anreise, Gastronomie und die wichtigsten Sehensw\u00fcrdigkeiten der Orte am K\u00fcstenweg","robots":{"index":"index","follow":"follow","max-snippet":"max-snippet:-1","max-image-preview":"max-image-preview:large","max-video-preview":"max-video-preview:-1"},"canonical":"https:\/\/www.pilgrim.es\/de\/weg-im-norden\/luarca\/","og_locale":"de_DE","og_type":"article","og_title":"Luarca: Was sehen und wo \u00fcbernachten | Jakobsweg | Pilgrim","og_description":"Luarca Entdecken Sie alle Informationen \u00fcber Unterk\u00fcnfte, Anreise, Gastronomie und die wichtigsten Sehensw\u00fcrdigkeiten der Orte am K\u00fcstenweg","og_url":"https:\/\/www.pilgrim.es\/de\/weg-im-norden\/luarca\/","og_site_name":"Pilgrim","article_publisher":"https:\/\/www.facebook.com\/pilgrim.es\/","og_image":[{"width":1280,"height":720,"url":"https:\/\/www.pilgrim.es\/wp-content\/uploads\/2019\/02\/puerto-de-luarca.jpg","type":"image\/jpeg"}],"twitter_card":"summary_large_image","twitter_site":"@pilgrim_es","twitter_misc":{"Gesch\u00e4tzte Lesezeit":"12\u00a0Minuten"},"schema":{"@context":"https:\/\/schema.org","@graph":[{"@type":"WebPage","@id":"https:\/\/www.pilgrim.es\/de\/weg-im-norden\/luarca\/","url":"https:\/\/www.pilgrim.es\/de\/weg-im-norden\/luarca\/","name":"Luarca: Was sehen und wo \u00fcbernachten | Jakobsweg | Pilgrim","isPartOf":{"@id":"https:\/\/www.pilgrim.es\/de\/#website"},"primaryImageOfPage":{"@id":"https:\/\/www.pilgrim.es\/de\/weg-im-norden\/luarca\/#primaryimage"},"image":{"@id":"https:\/\/www.pilgrim.es\/de\/weg-im-norden\/luarca\/#primaryimage"},"thumbnailUrl":"https:\/\/www.pilgrim.es\/wp-content\/uploads\/2019\/02\/puerto-de-luarca.jpg","datePublished":"2025-03-17T14:57:47+00:00","description":"Luarca Entdecken Sie alle Informationen \u00fcber Unterk\u00fcnfte, Anreise, Gastronomie und die wichtigsten Sehensw\u00fcrdigkeiten der Orte am K\u00fcstenweg","breadcrumb":{"@id":"https:\/\/www.pilgrim.es\/de\/weg-im-norden\/luarca\/#breadcrumb"},"inLanguage":"de","potentialAction":[{"@type":"ReadAction","target":["https:\/\/www.pilgrim.es\/de\/weg-im-norden\/luarca\/"]}]},{"@type":"ImageObject","inLanguage":"de","@id":"https:\/\/www.pilgrim.es\/de\/weg-im-norden\/luarca\/#primaryimage","url":"https:\/\/www.pilgrim.es\/wp-content\/uploads\/2019\/02\/puerto-de-luarca.jpg","contentUrl":"https:\/\/www.pilgrim.es\/wp-content\/uploads\/2019\/02\/puerto-de-luarca.jpg","width":1280,"height":720,"caption":"Luarca"},{"@type":"BreadcrumbList","@id":"https:\/\/www.pilgrim.es\/de\/weg-im-norden\/luarca\/#breadcrumb","itemListElement":[{"@type":"ListItem","position":1,"name":"Camino de Santiago","item":"https:\/\/www.pilgrim.es\/de\/"},{"@type":"ListItem","position":2,"name":"Weg im Norden","item":"https:\/\/www.pilgrim.es\/de\/weg-im-norden\/"},{"@type":"ListItem","position":3,"name":"Luarca"}]},{"@type":"WebSite","@id":"https:\/\/www.pilgrim.es\/de\/#website","url":"https:\/\/www.pilgrim.es\/de\/","name":"Pilgrim","description":"Camino de Santiago | Caminamos Contigo","publisher":{"@id":"https:\/\/www.pilgrim.es\/de\/#organization"},"potentialAction":[{"@type":"SearchAction","target":{"@type":"EntryPoint","urlTemplate":"https:\/\/www.pilgrim.es\/de\/?s={search_term_string}"},"query-input":{"@type":"PropertyValueSpecification","valueRequired":true,"valueName":"search_term_string"}}],"inLanguage":"de"},{"@type":"Organization","@id":"https:\/\/www.pilgrim.es\/de\/#organization","name":"Pilgrim Camino de Santiago","url":"https:\/\/www.pilgrim.es\/de\/","logo":{"@type":"ImageObject","inLanguage":"de","@id":"https:\/\/www.pilgrim.es\/de\/#\/schema\/logo\/image\/","url":"https:\/\/www.pilgrim.es\/wp-content\/uploads\/2019\/04\/logo_pilgrim.png","contentUrl":"https:\/\/www.pilgrim.es\/wp-content\/uploads\/2019\/04\/logo_pilgrim.png","width":512,"height":512,"caption":"Pilgrim Camino de Santiago"},"image":{"@id":"https:\/\/www.pilgrim.es\/de\/#\/schema\/logo\/image\/"},"sameAs":["https:\/\/www.facebook.com\/pilgrim.es\/","https:\/\/x.com\/pilgrim_es","https:\/\/www.instagram.com\/pilgrim.es\/","https:\/\/www.linkedin.com\/company\/pilgrim-camino-de-santiago\/","https:\/\/www.pinterest.es\/pilgrimcaminodesantiago\/","https:\/\/www.youtube.com\/channel\/UCIv2ZzFLXVqthkNF32rKedw\/featured"]}]}},"_links":{"self":[{"href":"https:\/\/www.pilgrim.es\/de\/wp-json\/wp\/v2\/pages\/91311","targetHints":{"allow":["GET"]}}],"collection":[{"href":"https:\/\/www.pilgrim.es\/de\/wp-json\/wp\/v2\/pages"}],"about":[{"href":"https:\/\/www.pilgrim.es\/de\/wp-json\/wp\/v2\/types\/page"}],"replies":[{"embeddable":true,"href":"https:\/\/www.pilgrim.es\/de\/wp-json\/wp\/v2\/comments?post=91311"}],"version-history":[{"count":0,"href":"https:\/\/www.pilgrim.es\/de\/wp-json\/wp\/v2\/pages\/91311\/revisions"}],"up":[{"embeddable":true,"href":"https:\/\/www.pilgrim.es\/de\/wp-json\/wp\/v2\/pages\/10670"}],"wp:featuredmedia":[{"embeddable":true,"href":"https:\/\/www.pilgrim.es\/de\/wp-json\/wp\/v2\/media\/7834"}],"wp:attachment":[{"href":"https:\/\/www.pilgrim.es\/de\/wp-json\/wp\/v2\/media?parent=91311"}],"wp:term":[{"taxonomy":"category","embeddable":true,"href":"https:\/\/www.pilgrim.es\/de\/wp-json\/wp\/v2\/categories?post=91311"},{"taxonomy":"post_tag","embeddable":true,"href":"https:\/\/www.pilgrim.es\/de\/wp-json\/wp\/v2\/tags?post=91311"}],"curies":[{"name":"wp","href":"https:\/\/api.w.org\/{rel}","templated":true}]}}