{"id":91299,"date":"2025-03-17T14:55:26","date_gmt":"2025-03-17T14:55:26","guid":{"rendered":"https:\/\/www.pilgrim.es\/weg-im-norden\/aviles\/"},"modified":"2025-03-17T14:55:26","modified_gmt":"2025-03-17T14:55:26","slug":"aviles","status":"publish","type":"page","link":"https:\/\/www.pilgrim.es\/de\/weg-im-norden\/aviles\/","title":{"rendered":"Avil\u00e9s"},"content":{"rendered":" <section id=\"hero\">\n\t<h1>Avil\u00e9s<\/h1>\n\t<div class=\"hero-grid\">\n\t\t<div class=\"hero-grid__town-col\" data-background=\"https:\/\/cdn.pilgrim.es\/web\/caminos\/camino-norte\/pueblos\/aviles.jpg\">\n\t\t\t<div>\n\t\t\t\t<a class=\"link-to-stage\" href=\"https:\/\/www.pilgrim.es\/camino-norte\/etapa-21-gijon-aviles\/\">\n\t\t\t\t\t<p>&#8249; Zur\u00fcck zur B\u00fchne<\/p>\n\t\t\t\t<\/a>\n\n\t\t\t\t<div class=\"town-data\">\n\t\t\t\t\t<h2>Avil\u00e9s<\/h2>\n\t\t\t\t\t<ul>\n\t\t\t\t\t\t<li>Einwohner: 81.659 aprox.<\/li>\n\t\t\t\t\t\t<li>Bundesland: Asturias<\/li>\n\t\t\t\t\t<\/ul>\n\t\t\t\t<\/div>\n\t\t\t<\/div>\n\t\t<\/div>\n\t\t<div class=\"hero-grid__planner-col\"><div\r\n  class=\"p-col-span-1 p-rounded-lg p-px-5 p-h-full\"\r\n  style=\"background-image: url('https:\/\/cdn.pilgrim.es\/web\/pilgrim-planner\/bg-plugin-planificador.webp')\"\r\n  rel=\"preload\"\r\n  fetchpriority=\"high\"\r\n  >\r\n    <div class=\"p-text-center p-pt-5 p-text-white p-text-2xl p-font-semibold\">\r\n      Plane deinen Weg    <\/div>\r\n    <div\r\n            id='primary-app'\r\n            data-name='banner'\r\n            data-api='https:\/\/pathfinder.pilgrim.es\/api\/pathfinder\/v2'\r\n            data-mode='normal'\r\n            data-lang='de'\r\n            data-route='1'\r\n            data-destiny='https:\/\/planificador.pilgrim.es'\r\n            data-modality='1'\r\n            data-inline=''\r\n        ><\/div><\/div><\/div>\n\t<\/div>\n<\/section>\n\n<section id=\"infoTown\">\n\t<div class=\"sections-town\">\n\n\t\t<div id=\"informationSection\">\n\t\t\t<div>\n\t\t\t\t<h2 class=\"p-h2-town\">Informationen<\/h2>\n\t\t\t\t<hr>\n\t\t\t\t<h3 class=\"p-h3-town\">Get to know Avil\u00e9s<\/h3>\n\t\t\t<\/div>\n\t\t\t<p>Die Stadt Avil\u00e9s befindet sich auf beiden Seiten des gleichnamigen Flusses. Sie beherbergt den zweitwichtigsten Handelshafen der Autonomen Gemeinschaft und den ersten Fischereihafen, weshalb sie eine gro\u00dfe Fischereitradition hat und auch eine starke Geschichte, die mit dem Industriesektor, insbesondere der Stahlindustrie, verbunden ist.<\/p> <p>Pilger, die sich entschieden haben, dem Camino del Norte zu folgen, finden in dieser gro\u00dfen kosmopolitischen Stadt alles, was sie wollen und brauchen.\n\t\t<\/div>\n\n\t\t<div id=\"locationSection\">\n\t\t\t<div>\n\t\t\t\t<h2 class=\"p-h2-town\">Standort<\/h2>\n\t\t\t\t<hr>\n\t\t\t\t<h3 class=\"p-h3-town\">Wegbeschreibung<\/h3>\n\t\t\t<\/div>\n\t\t\t<p>Die Stadt Avil\u00e9s wird von zwei wichtigen Stra\u00dfen erschlossen, der A-8, der kantabrischen Autobahn, und der AI-81, der Ruta de la Plata, die die Stadt mit der n\u00f6rdlichen H\u00e4lfte der Halbinsel und mit dem S\u00fcden der Halbinsel verbindet. Au\u00dferdem gibt es Stra\u00dfen wie die N-632, AS-17, AS-19, AS-237, AS-238 und CV-2.\n\n<p>In der Stadt gibt es einen Bahnhof und einen Busbahnhof mit regelm\u00e4\u00dfigen Verbindungen nach Oviedo, San Juan de Nieva, Guij\u00f3n, Cudillero und anderen asturischen und nationalen Zentren.\n\t\t\t<div>\n\t\t\t\t<div>\n  <iframe loading=\"lazy\"\n    src=\"https:\/\/www.google.com\/maps\/d\/embed?mid=1SMWKvhIVqKo9v9LiEzY3YTlyyTH7rUE&amp;ehbc=2E312F\"\n    width=\"640\"\n    height=\"480\"\n    alt=\"Mapa Avil\u00e9s\"\n  ><\/iframe>\n<\/div>\n\n\t\t\t<\/div>\n\t\t<\/div>\n\n\t\t\n\t\t\t<div id=\"toVisitSection\">\n\t\t\t\t<div>\n\t\t\t\t\t<h2 class=\"p-h2-town\">Geschichte \/ Kultur<\/h2>\n\t\t\t\t\t<hr>\n\t\t\t\t\t<h3 class=\"p-h3-town\">Was es zu sehen gibt<\/h3>\n\t\t\t\t<\/div>\n\t\t\t\t<div>\n\t\t\t\t\t<div class=\"accordion\">\n\t\t\t\t\t\t<div class=\"accordion__menu\">\n\t\t\t\t\t\t\t<nav>\n\t\t\t\t\t\t\t\t\n\t\t\t\t\t\t\t\t\t<button class=\"nav-tab-accordion active\"><span>&#10093;<\/span><span> Capilla de Santa Maria de las Alas<\/span><\/button>\n\t\t\t\t\t\t\t\t\n\t\t\t\t\t\t\t\t\t<button class=\"nav-tab-accordion \"><span>&#10093;<\/span><span> Casco Histo\u0301rico<\/span><\/button>\n\t\t\t\t\t\t\t\t\n\t\t\t\t\t\t\t\t\t<button class=\"nav-tab-accordion \"><span>&#10093;<\/span><span> Factoria Cultural<\/span><\/button>\n\t\t\t\t\t\t\t\t\n\t\t\t\t\t\t\t\t\t<button class=\"nav-tab-accordion \"><span>&#10093;<\/span><span> Faro de San Juan<\/span><\/button>\n\t\t\t\t\t\t\t\t\n\t\t\t\t\t\t\t\t\t<button class=\"nav-tab-accordion \"><span>&#10093;<\/span><span> Fuente de los can\u0303os de San Francisco<\/span><\/button>\n\t\t\t\t\t\t\t\t\n\t\t\t\t\t\t\t\t\t<button class=\"nav-tab-accordion \"><span>&#10093;<\/span><span> Iglesia de los Padres Franciscanos<\/span><\/button>\n\t\t\t\t\t\t\t\t\n\t\t\t\t\t\t\t\t\t<button class=\"nav-tab-accordion \"><span>&#10093;<\/span><span> Iglesia de San Nicola\u0301s de Bari<\/span><\/button>\n\t\t\t\t\t\t\t\t\n\t\t\t\t\t\t\t\t\t<button class=\"nav-tab-accordion \"><span>&#10093;<\/span><span> Iglesia de Santa Maria Magdalena de los Corros<\/span><\/button>\n\t\t\t\t\t\t\t\t\n\t\t\t\t\t\t\t\t\t<button class=\"nav-tab-accordion \"><span>&#10093;<\/span><span> Iglesia de Santo Tom\u00e1s de Canterbury<\/span><\/button>\n\t\t\t\t\t\t\t\t\n\t\t\t\t\t\t\t\t\t<button class=\"nav-tab-accordion \"><span>&#10093;<\/span><span> Iglesia vieja de Sabugo<\/span><\/button>\n\t\t\t\t\t\t\t\t\n\t\t\t\t\t\t\t\t\t<button class=\"nav-tab-accordion \"><span>&#10093;<\/span><span> Museo Alfercam<\/span><\/button>\n\t\t\t\t\t\t\t\t\n\t\t\t\t\t\t\t\t\t<button class=\"nav-tab-accordion \"><span>&#10093;<\/span><span> Museo de la historia urbana<\/span><\/button>\n\t\t\t\t\t\t\t\t\n\t\t\t\t\t\t\t\t\t<button class=\"nav-tab-accordion \"><span>&#10093;<\/span><span> Palacio de Balsera<\/span><\/button>\n\t\t\t\t\t\t\t\t\n\t\t\t\t\t\t\t\t\t<button class=\"nav-tab-accordion \"><span>&#10093;<\/span><span> Palacio de Camposagrado<\/span><\/button>\n\t\t\t\t\t\t\t\t\n\t\t\t\t\t\t\t\t\t<button class=\"nav-tab-accordion \"><span>&#10093;<\/span><span> Palacio de Ferrera<\/span><\/button>\n\t\t\t\t\t\t\t\t\n\t\t\t\t\t\t\t\t\t<button class=\"nav-tab-accordion \"><span>&#10093;<\/span><span> Palacio de Llano Ponte<\/span><\/button>\n\t\t\t\t\t\t\t\t\n\t\t\t\t\t\t\t\t\t<button class=\"nav-tab-accordion \"><span>&#10093;<\/span><span> Palacio de Valdecarzana<\/span><\/button>\n\t\t\t\t\t\t\t\t\n\t\t\t\t\t\t\t\t\t<button class=\"nav-tab-accordion \"><span>&#10093;<\/span><span> Palacio municipal<\/span><\/button>\n\t\t\t\t\t\t\t\t\n\t\t\t\t\t\t\t\t\t<button class=\"nav-tab-accordion \"><span>&#10093;<\/span><span> Parque del Muelle<\/span><\/button>\n\t\t\t\t\t\t\t\t\n\t\t\t\t\t\t\t\t\t<button class=\"nav-tab-accordion \"><span>&#10093;<\/span><span> Parque Ferrera<\/span><\/button>\n\t\t\t\t\t\t\t\t\n\t\t\t\t\t\t\t\t\t<button class=\"nav-tab-accordion \"><span>&#10093;<\/span><span> Plaza Mayor<\/span><\/button>\n\t\t\t\t\t\t\t\t\n\t\t\t\t\t\t\t\t\t<button class=\"nav-tab-accordion \"><span>&#10093;<\/span><span> Centro Cultural Internacional<\/span><\/button>\n\t\t\t\t\t\t\t\t\n\t\t\t\t\t\t\t\t\t<button class=\"nav-tab-accordion \"><span>&#10093;<\/span><span> Teatro palacio Valde\u0301s<\/span><\/button>\n\t\t\t\t\t\t\t\t\n\t\t\t\t\t\t\t<\/nav>\n\t\t\t\t\t\t<\/div>\n\n\t\t\t\t\t\t\n\t\t\t\t\t\t\t<div class=\"accordion__accordion-content \">\n\t\t\t\t\t\t\t\t<div>\n\t\t\t\t\t\t\t\t\t<div>\n\t\t\t\t\t\t\t\t\t\t<h4>Capilla de Santa Maria de las Alas<\/h4>\n\t\t\t\t\t\t\t\t\t\t<p>Die Kapelle Santa Mar\u00eda de las Alas ist eines der besten Beispiele f\u00fcr den gotischen Stil des 13. Jahrhunderts in Asturien, und ihre Funktion hatte mit Bestattungen zu tun, d. h. sie ist ein Grabdenkmal, das in fr\u00fcheren Zeiten dazu diente, Menschen zu bestatten. Aus diesem Grund befinden sich an der Nord- und S\u00fcdwand vier gew\u00f6lbte Gr\u00e4ber und vier weitere am Boden.\n\n<p>Diese Kapelle hat einen quadratischen Grundriss und besteht aus Quadersteinen. Das Au\u00dfenportal der Kapelle hat einen leicht spitz zulaufenden doppelten Rundbogen, der von vier Pfosten mit vier Sch\u00e4ften und mit menschlichen K\u00f6pfen verzierten Kapitellen getragen wird. Die Kapelle weist an der s\u00fcdwestlichen Wand Sch\u00e4den auf, die auf sp\u00e4tere Bauten zur\u00fcckzuf\u00fchren sind.\n\n<p>Im Inneren ist das spitzbogige Gew\u00f6lbe hervorzuheben, aus dem vier mit menschlichen K\u00f6pfen verzierte Kragsteine herausragen.\n\t\t\t\t\t\t\t\t\t<\/div>\n\t\t\t\t\t\t\t\t\t<img decoding=\"async\" src=\"https:\/\/cdn.pilgrim.es\/web\/caminos\/camino-norte\/pueblos\/aviles\/puntos-de-interes\/capilla-de-santa-maria-de-las-alas.jpg\" alt=\"Capilla de Santa Maria de las Alas\">\n\t\t\t\t\t\t\t\t<\/div>\n\t\t\t\t\t\t\t<\/div>\n\t\t\t\t\t\t\n\t\t\t\t\t\t\t<div class=\"accordion__accordion-content inactive\">\n\t\t\t\t\t\t\t\t<div>\n\t\t\t\t\t\t\t\t\t<div>\n\t\t\t\t\t\t\t\t\t\t<h4>Casco Histo\u0301rico<\/h4>\n\t\t\t\t\t\t\t\t\t\t<p>Das gesamte Gebiet wurde in den 1950er Jahren zur kunsthistorischen St\u00e4tte erkl\u00e4rt, da sich hier einige der wichtigsten zivilen und religi\u00f6sen Bauwerke der Stadt befinden. Nach Oviedo ist es das am zweitbesten erhaltene historische Viertel der asturischen Gemeinschaft. Besonders hervorzuheben sind die \u00dcberreste der alten Stadtmauer, die die Stadt umgab, sowie mehrere Pal\u00e4ste und Herrenh\u00e4user, wie der Palacio Ferrera, der Palacio de Camposagrado und der Palacio de Valdecarzana. An religi\u00f6sen Bauwerken sind unter anderem die Kapelle Los Alas, die Kirche San Nicol\u00e1s de Bari und die Kirche von Sabugo zu nennen. Die zahlreichen Pl\u00e4tze, Brunnen, gepflasterten und asphaltierten Stra\u00dfen laden zum Eintauchen in die Geschichte dieser herrlichen Stadt ein. <\/p>\n\t\t\t\t\t\t\t\t\t<\/div>\n\t\t\t\t\t\t\t\t\t<img decoding=\"async\" src=\"https:\/\/cdn.pilgrim.es\/web\/caminos\/camino-norte\/pueblos\/aviles\/puntos-de-interes\/casco-historico.jpg\" alt=\"Casco Histo\u0301rico\">\n\t\t\t\t\t\t\t\t<\/div>\n\t\t\t\t\t\t\t<\/div>\n\t\t\t\t\t\t\n\t\t\t\t\t\t\t<div class=\"accordion__accordion-content inactive\">\n\t\t\t\t\t\t\t\t<div>\n\t\t\t\t\t\t\t\t\t<div>\n\t\t\t\t\t\t\t\t\t\t<h4>Factoria Cultural<\/h4>\n\t\t\t\t\t\t\t\t\t\t<p>Die Kulturfabrik von Avil\u00e9s befindet sich in einem alten Geb\u00e4ude, in dem fr\u00fcher eine alte Hemdenfabrik untergebracht war. Sie wurde 2010 eingeweiht und ist in vier Stockwerke unterteilt, in denen sich die Bibliothek f\u00fcr die Sch\u00fcler des Zentrums, das Lager, zwei Umkleider\u00e4ume, zwei Computerr\u00e4ume, vier Unterrichtsr\u00e4ume f\u00fcr Keramikworkshops, ein Unterrichtsraum f\u00fcr Malerei, ein Unterrichtsraum f\u00fcr Buchbinderei, Lederwaren und Glas und ein weiterer Unterrichtsraum f\u00fcr Gravur befinden.\n\n<p>Im Inneren des Geb\u00e4udes befinden sich auch die St\u00e4dtische Keramikschule und die Volksuniversit\u00e4t. Deshalb finden in diesem Zentrum jedes Jahr die Keramikmesse, an der zahlreiche Keramikk\u00fcnstler unterschiedlicher Herkunft teilnehmen, und die Wei\u00dfe Nacht statt, die darauf abzielt, die B\u00fcrger zur aktiven Teilnahme am Veranstaltungsprogramm (Ausstellungen, Workshops, Konzerte usw.)<\/p> <p>Das Zentrum ist auch Veranstaltungsort der Keramikmesse, an der zahlreiche Keramikk\u00fcnstler unterschiedlicher Herkunft teilnehmen, und der Wei\u00dfen Nacht, die darauf abzielt, die B\u00fcrger zur aktiven Teilnahme am Veranstaltungsprogramm (Ausstellungen, Workshops, Konzerte usw.)<\/p> <p>.\n\t\t\t\t\t\t\t\t\t<\/div>\n\t\t\t\t\t\t\t\t\t<img decoding=\"async\" src=\"https:\/\/cdn.pilgrim.es\/web\/caminos\/camino-norte\/pueblos\/aviles\/puntos-de-interes\/factoria-cultural.jpg\" alt=\"Factoria Cultural\">\n\t\t\t\t\t\t\t\t<\/div>\n\t\t\t\t\t\t\t<\/div>\n\t\t\t\t\t\t\n\t\t\t\t\t\t\t<div class=\"accordion__accordion-content inactive\">\n\t\t\t\t\t\t\t\t<div>\n\t\t\t\t\t\t\t\t\t<div>\n\t\t\t\t\t\t\t\t\t\t<h4>Faro de San Juan<\/h4>\n\t\t\t\t\t\t\t\t\t\t<p>Der auch als Leuchtturm von San Juan bekannte Leuchtturm befindet sich in der Mitte der R\u00eda de Avil\u00e9s, genauer gesagt an der &#8222;Punta del Castillo&#8220;. Sein Bau geht auf die Mitte des 19. Jahrhunderts zur\u00fcck, und urspr\u00fcnglich sollte er an der nahegelegenen Horcada-Spitze stehen, aber da er den st\u00e4ndigen St\u00fcrmen, denen diese K\u00fcsten ausgesetzt sind, so stark ausgesetzt war, entschied man sich schlie\u00dflich, ihn an diesem anderen Ort aufzustellen. <\/p>\n\n<p>Neben seiner Hauptfunktion, der F\u00fchrung von Schiffen, ist er aufgrund seiner strategischen Lage ein au\u00dfergew\u00f6hnlicher Aussichtspunkt \u00fcber die gesamte Flussm\u00fcndung von Avil\u00e9s, mit einem kleinen Garten, der an ihn angrenzt, und ganz in der N\u00e4he einer alten Milit\u00e4rbatterie.\n\t\t\t\t\t\t\t\t\t<\/div>\n\t\t\t\t\t\t\t\t\t<img decoding=\"async\" src=\"https:\/\/cdn.pilgrim.es\/web\/caminos\/camino-norte\/pueblos\/aviles\/puntos-de-interes\/faro-de-san-juan.jpg\" alt=\"Faro de San Juan\">\n\t\t\t\t\t\t\t\t<\/div>\n\t\t\t\t\t\t\t<\/div>\n\t\t\t\t\t\t\n\t\t\t\t\t\t\t<div class=\"accordion__accordion-content inactive\">\n\t\t\t\t\t\t\t\t<div>\n\t\t\t\t\t\t\t\t\t<div>\n\t\t\t\t\t\t\t\t\t\t<h4>Fuente de los can\u0303os de San Francisco<\/h4>\n\t\t\t\t\t\t\t\t\t\t<p>Der Ca\u00f1os de San Francisco ist einer der einzigartigsten Brunnen der Gegend. Er besteht aus einer Front, aus der sechs Wasserh\u00e4hne in Form eines menschlichen Kopfes herausragen, aus denen Wasser in ein rechteckiges Becken flie\u00dft. <\/p>\n\n<p>Besonders erw\u00e4hnenswert sind auch die drei Wappen auf der Vorderseite des Brunnens, von denen zwei von Avil\u00e9s und das andere vom k\u00f6niglichen Wappen stammen.\n\t\t\t\t\t\t\t\t\t<\/div>\n\t\t\t\t\t\t\t\t\t<img decoding=\"async\" src=\"https:\/\/cdn.pilgrim.es\/web\/caminos\/camino-norte\/pueblos\/aviles\/puntos-de-interes\/fuente-de-los-canos-de-san-francisco.jpg\" alt=\"Fuente de los can\u0303os de San Francisco\">\n\t\t\t\t\t\t\t\t<\/div>\n\t\t\t\t\t\t\t<\/div>\n\t\t\t\t\t\t\n\t\t\t\t\t\t\t<div class=\"accordion__accordion-content inactive\">\n\t\t\t\t\t\t\t\t<div>\n\t\t\t\t\t\t\t\t\t<div>\n\t\t\t\t\t\t\t\t\t\t<h4>Iglesia de los Padres Franciscanos<\/h4>\n\t\t\t\t\t\t\t\t\t\t<p>Die dem Heiligen Antonius von Padua geweihte Kirche wurde im 12. Jahrhundert im romanischen Stil erbaut. Jahrhundert im romanischen Stil erbaut. Besonders bemerkenswert ist die reiche Verzierung an den Kapitellen, Kragsteinen und Metopen sowie die auf einem der Kapitelle geschnitzte Szene der Erbs\u00fcnde. Im Inneren befindet sich das Grab von Pedro Men\u00e9ndez, dem Gr\u00fcnder der \u00e4ltesten Stadt der Vereinigten Staaten von Amerika: St. Augustine (Florida).\n\t\t\t\t\t\t\t\t\t<\/div>\n\t\t\t\t\t\t\t\t\t<img decoding=\"async\" src=\"https:\/\/cdn.pilgrim.es\/web\/caminos\/camino-norte\/pueblos\/aviles\/puntos-de-interes\/iglesia-de-los-padres-franciscanos.jpg\" alt=\"Iglesia de los Padres Franciscanos\">\n\t\t\t\t\t\t\t\t<\/div>\n\t\t\t\t\t\t\t<\/div>\n\t\t\t\t\t\t\n\t\t\t\t\t\t\t<div class=\"accordion__accordion-content inactive\">\n\t\t\t\t\t\t\t\t<div>\n\t\t\t\t\t\t\t\t\t<div>\n\t\t\t\t\t\t\t\t\t\t<h4>Iglesia de San Nicola\u0301s de Bari<\/h4>\n\t\t\t\t\t\t\t\t\t\t<p>Die Kirche San Nicol\u00e1s de Bari ist heute Sitz der Franziskanerpatres, wurde aber urspr\u00fcnglich f\u00fcr die Bed\u00fcrfnisse der Bev\u00f6lkerung von Aviles zwischen dem 12. und 13. Jahrhundert errichtet. Aus dieser Zeit stammen das Westportal, sein Fenster und die Stirnwand. Dieses Fenster bildet zwei halbrunde Archivolten und hat eine Staubkappe, aber die Verzierung der S\u00e4ulenkapitelle ist kaum zu erkennen. <\/p>\n\n<p>Diese Kirche erfuhr zahlreiche sp\u00e4tere Um- und Anbauten, wie zum Beispiel die Kapelle der Fl\u00fcgel oder die Kapelle von Pedro Sol\u00eds.<\/p> <p>Diese Kirche erfuhr zahlreiche sp\u00e4tere Um- und Anbauten, wie zum Beispiel die Kapelle der Fl\u00fcgel oder die Kapelle von Pedro Sol\u00eds.\n\n<p>Der Haupteingang zu diesem Gotteshaus befindet sich an der Westfassade, die einen vorspringenden K\u00f6rper mit einem von Kragsteinen getragenen Ziegeldach aufweist, aus dem die Figur einer Katze mit ausgestreckten Krallen herausragt. An dieser Fassade befinden sich auch drei halbrunde Archivolten, die von einer karierten Staubkappe gesch\u00fctzt werden. Von diesen Bogenst\u00fctzen werden die \u00e4u\u00dferen von S\u00e4ulen mit Kapitellen getragen, w\u00e4hrend die innere von Pfosten gest\u00fctzt wird. Die Kapitelle des Portals sind auf der linken Seite mit der Erbs\u00fcnde und auf der rechten Seite mit zwei einander gegen\u00fcberstehenden V\u00f6geln verziert.\n\t\t\t\t\t\t\t\t\t<\/div>\n\t\t\t\t\t\t\t\t\t<img decoding=\"async\" src=\"https:\/\/cdn.pilgrim.es\/web\/caminos\/camino-norte\/pueblos\/aviles\/puntos-de-interes\/iglesia-de-san-nicolas-de-bari.jpg\" alt=\"Iglesia de San Nicola\u0301s de Bari\">\n\t\t\t\t\t\t\t\t<\/div>\n\t\t\t\t\t\t\t<\/div>\n\t\t\t\t\t\t\n\t\t\t\t\t\t\t<div class=\"accordion__accordion-content inactive\">\n\t\t\t\t\t\t\t\t<div>\n\t\t\t\t\t\t\t\t\t<div>\n\t\t\t\t\t\t\t\t\t\t<h4>Iglesia de Santa Maria Magdalena de los Corros<\/h4>\n\t\t\t\t\t\t\t\t\t\t<p>Die Kirche Santa Mar\u00eda Magdalena de los Corros wurde zwischen dem Ende des 12. und dem Beginn des 13. Jahrhunderts erbaut, wobei von ihren Urspr\u00fcngen nur das Westportal und der Triumphbogen erhalten sind. Urspr\u00fcnglich handelte es sich um eine kleine Kirche mit einem einzigen Schiff und einem geraden Altarraum. <\/p>\n\n<p>Der Triumphbogen der Kirche ist recht n\u00fcchtern und hat zwei halbrunde Archivolten ohne jegliche Verzierung, seine Pfeiler sind glatt und die Verzierung der Kapitelle besteht aus Pflanzenmotiven. Das westliche Portal hingegen ist viel aufw\u00e4ndiger, mit zwei halbrunden Archivolten, die von einem verzierten schachbrettartigen und halbrunden Putz gesch\u00fctzt werden. Die erste Archivolte ist mit einem Faden mit Zickzack-Motiv versehen, die zweite mit einer Folge von Kreisen und einem konkaven Sims mit kleinen Zinnen und einem halbrunden Sims an der Laibung. <\/p>\n\t\t\t\t\t\t\t\t\t<\/div>\n\t\t\t\t\t\t\t\t\t<img decoding=\"async\" src=\"https:\/\/cdn.pilgrim.es\/web\/caminos\/camino-norte\/pueblos\/aviles\/puntos-de-interes\/iglesia-de-santa-maria-magdalena-de-los-corros.jpg\" alt=\"Iglesia de Santa Maria Magdalena de los Corros\">\n\t\t\t\t\t\t\t\t<\/div>\n\t\t\t\t\t\t\t<\/div>\n\t\t\t\t\t\t\n\t\t\t\t\t\t\t<div class=\"accordion__accordion-content inactive\">\n\t\t\t\t\t\t\t\t<div>\n\t\t\t\t\t\t\t\t\t<div>\n\t\t\t\t\t\t\t\t\t\t<h4>Iglesia de Santo Tom\u00e1s de Canterbury<\/h4>\n\t\t\t\t\t\t\t\t\t\t<p>Die Kirche Santo Tom\u00e1s de Cantorbery, im Volksmund auch Neue Kirche von Sabugo genannt, hat ein einziges Kirchenschiff, das sich um eine Basilika mit halbkreisf\u00f6rmigem Grundriss erstreckt. <\/p>\n\n<p>Die Hauptfassade zeichnet sich durch vier Archivolten mit profilierten Gesimsen und kaum verzierten T\u00fcllen aus, die auf S\u00e4ulen ruhen, die von vier Kapitellen auf jeder Seite mit Schnitzereien gekr\u00f6nt werden, in denen die Verzierungen kombiniert sind. An den Seiten der Kirche befindet sich au\u00dferdem ein Portal, das aus drei Rundb\u00f6gen und Kapitellen mit Pflanzen- und Tiermotiven besteht.\n\n<p>Im Inneren befinden sich ein erh\u00f6hter Chor und zwei Kapellen auf der Seite des Evangeliums. Es wird derzeit von einem L\u00fcnettengew\u00f6lbe im Kirchenschiff und einem Kreuzrippengew\u00f6lbe im Altarraum \u00fcberdeckt. <\/p>\n\t\t\t\t\t\t\t\t\t<\/div>\n\t\t\t\t\t\t\t\t\t<img decoding=\"async\" src=\"https:\/\/cdn.pilgrim.es\/web\/caminos\/camino-norte\/pueblos\/aviles\/puntos-de-interes\/iglesia-de-santo-tomas-de-canterbury.jpg\" alt=\"Iglesia de Santo Tom\u00e1s de Canterbury\">\n\t\t\t\t\t\t\t\t<\/div>\n\t\t\t\t\t\t\t<\/div>\n\t\t\t\t\t\t\n\t\t\t\t\t\t\t<div class=\"accordion__accordion-content inactive\">\n\t\t\t\t\t\t\t\t<div>\n\t\t\t\t\t\t\t\t\t<div>\n\t\t\t\t\t\t\t\t\t\t<h4>Iglesia vieja de Sabugo<\/h4>\n\t\t\t\t\t\t\t\t\t\t<p>Die Alte Kirche von Sabugo gilt als eines der wichtigsten Identit\u00e4tsmerkmale der Stadt Avil\u00e9s, da sie sich nicht nur im alten Teil der Stadt befindet, sondern auch das einschiffige Kirchenschiff und die halbrunde Apsis ihrer Urspr\u00fcnge aus dem 13.\n\n<p>Die Kirche wurde im 17. und 18. Jahrhundert umgebaut und vergr\u00f6\u00dfert, wobei gro\u00dfe \u00d6ffnungen geschaffen wurden und die Fassade und das Dach mit Mauerwerk und Quadersteinen erh\u00f6ht wurden. Besonders erw\u00e4hnenswert sind das S\u00fcdportal, das aus einem vorspringenden Bauk\u00f6rper besteht und mit einem von Kragsteinen getragenen Ziegeldach bedeckt ist, und das Westportal, das den Haupteingang der Kirche darstellt und aus vier auf S\u00e4ulen und mit Tieren und Pflanzen verzierten Kapitellen ruhenden Archivolten besteht. <\/p>\n\t\t\t\t\t\t\t\t\t<\/div>\n\t\t\t\t\t\t\t\t\t<img decoding=\"async\" src=\"https:\/\/cdn.pilgrim.es\/web\/caminos\/camino-norte\/pueblos\/aviles\/puntos-de-interes\/iglesia-vieja-de-sabugo.jpg\" alt=\"Iglesia vieja de Sabugo\">\n\t\t\t\t\t\t\t\t<\/div>\n\t\t\t\t\t\t\t<\/div>\n\t\t\t\t\t\t\n\t\t\t\t\t\t\t<div class=\"accordion__accordion-content inactive\">\n\t\t\t\t\t\t\t\t<div>\n\t\t\t\t\t\t\t\t\t<div>\n\t\t\t\t\t\t\t\t\t\t<h4>Museo Alfercam<\/h4>\n\t\t\t\t\t\t\t\t\t\t<p>Das Alfercam-Museum ist ein interaktiver Raum, in dem man \u00fcber Kopfh\u00f6rer, die am Eingang zur Verf\u00fcgung gestellt werden, die verschiedenen Arten von ethnischer Musik entdecken und sogar den Ger\u00e4uschen von Kriegsfahrzeugen lauschen kann. <\/p>\n\n<p>Dieses Museum ist in zwei Bereiche unterteilt: den Automobilbereich, in dem die Besucher Autos und Motorr\u00e4der aus dem vergangenen Jahrhundert sehen k\u00f6nnen, und den Musikbereich mit etwa 500 Instrumenten.\n\n<p>STUNDEN<\/p>\n\n<p>Montag bis Sonntag von 11:00 bis 14:00 Uhr und von 16:00 bis 20:00 Uhr<\/p> <p>Montag bis Sonntag von 11:00 bis 14:00 Uhr und von 16:00 bis 20:00 Uhr<\/p>\n\n<p>INFORMATIONEN VON INTERESSE<\/p>\n\n<p>Web: www.museoalfercam.com Telefon: 984 839 115<\/p>\n\t\t\t\t\t\t\t\t\t<\/div>\n\t\t\t\t\t\t\t\t\t<img decoding=\"async\" src=\"https:\/\/cdn.pilgrim.es\/web\/caminos\/camino-norte\/pueblos\/aviles\/puntos-de-interes\/museo-alfercam.jpg\" alt=\"Museo Alfercam\">\n\t\t\t\t\t\t\t\t<\/div>\n\t\t\t\t\t\t\t<\/div>\n\t\t\t\t\t\t\n\t\t\t\t\t\t\t<div class=\"accordion__accordion-content inactive\">\n\t\t\t\t\t\t\t\t<div>\n\t\t\t\t\t\t\t\t\t<div>\n\t\t\t\t\t\t\t\t\t\t<h4>Museo de la historia urbana<\/h4>\n\t\t\t\t\t\t\t\t\t\t<p>Das Museum f\u00fcr Stadtgeschichte befindet sich im historischen Zentrum der Stadt Avil\u00e9s, genauer gesagt in der Stra\u00dfe La Ferrer\u00eda, gegen\u00fcber der Kirche San Nicol\u00e1s de Bari und dem Internationalen Kulturzentrum Oscar Niemeyer.<\/p> <p>Das Museum f\u00fcr Stadtgeschichte befindet sich im historischen Zentrum der Stadt Avil\u00e9s, genauer gesagt in der Stra\u00dfe La Ferrer\u00eda, gegen\u00fcber der Kirche San Nicol\u00e1s de Bari und dem Internationalen Kulturzentrum Oscar Niemeyer.\n\n<p>Das Museum bietet einen interessanten Rundgang, der damit beginnt, die Geschichte der Entwicklung von Avil\u00e9s zu erz\u00e4hlen, und sich mit dem Raum verbindet, in dem die aktuelle Situation durch ein gro\u00dfes Fenster erkl\u00e4rt wird. Von diesem Fenster aus kann man Oscar Niemeyers Werk sehen, das einzige, das er in Spanien geschaffen hat.\n\t\t\t\t\t\t\t\t\t<\/div>\n\t\t\t\t\t\t\t\t\t<img decoding=\"async\" src=\"https:\/\/cdn.pilgrim.es\/web\/caminos\/camino-norte\/pueblos\/aviles\/puntos-de-interes\/museo-de-la-historia-urbana.jpg\" alt=\"Museo de la historia urbana\">\n\t\t\t\t\t\t\t\t<\/div>\n\t\t\t\t\t\t\t<\/div>\n\t\t\t\t\t\t\n\t\t\t\t\t\t\t<div class=\"accordion__accordion-content inactive\">\n\t\t\t\t\t\t\t\t<div>\n\t\t\t\t\t\t\t\t\t<div>\n\t\t\t\t\t\t\t\t\t\t<h4>Palacio de Balsera<\/h4>\n\t\t\t\t\t\t\t\t\t\t<p>Der Balsera-Palast, der 1991 zum Kulturgut erkl\u00e4rt wurde, befindet sich in der Stadt Avil\u00e9s und wurde im ersten Jahrzehnt des 20. Jahrhunderts auf Wunsch von Victoriano Fern\u00e1ndez Balsera, einem wohlhabenden Kaufmann der Stadt, errichtet. <\/p>\n\n<p>Das \u00c4u\u00dfere des Palastes verbindet modernistische und eklektische Stile und ist \u00fcppig dekoriert. Sein Grundriss besteht aus einer Reihe von Volumina in verschiedenen H\u00f6hen und das Innere des Palastes ist in sehr gutem Zustand.\n\n<p>Der Palast beherbergt heute den Sitz des St\u00e4dtischen Konservatoriums f\u00fcr Musik Juli\u00e1n Orb\u00f3n. <\/p>\n\t\t\t\t\t\t\t\t\t<\/div>\n\t\t\t\t\t\t\t\t\t<img decoding=\"async\" src=\"https:\/\/cdn.pilgrim.es\/web\/caminos\/camino-norte\/pueblos\/aviles\/puntos-de-interes\/palacio-de-balsera.jpg\" alt=\"Palacio de Balsera\">\n\t\t\t\t\t\t\t\t<\/div>\n\t\t\t\t\t\t\t<\/div>\n\t\t\t\t\t\t\n\t\t\t\t\t\t\t<div class=\"accordion__accordion-content inactive\">\n\t\t\t\t\t\t\t\t<div>\n\t\t\t\t\t\t\t\t\t<div>\n\t\t\t\t\t\t\t\t\t\t<h4>Palacio de Camposagrado<\/h4>\n\t\t\t\t\t\t\t\t\t\t<p>Der Camposagrado-Palast ist ein palastartiges Geb\u00e4ude im Barockstil, von dem zwei der \u00e4ltesten Hauptfassaden aus dem 17. Jahrhundert erhalten geblieben sind. Jahrhundert erhalten sind. Der Komplex hat im Allgemeinen einen defensiven Charakter und besteht aus drei Stockwerken: Das untere Stockwerk ist durch kleine Schie\u00dfscharten verschlossen, das mittlere Stockwerk hat breite Galerien mit Segmentb\u00f6gen, die von toskanischen S\u00e4ulen getragen werden, und das dritte Stockwerk ist ein Anbau aus dem 19.\n\n<p>Die vom Architekten Francisco Men\u00e9ndez Camina Ende des 17. Jahrhunderts errichtete Fassade zeichnet sich durch eine n\u00fcchterne Ornamentik aus, aus der zwei T\u00fcrme herausragen, und im Inneren befindet sich eine monumentale Steintreppe, von der aus man heute die Kunstschule des F\u00fcrstentums Asturien betritt.<\/p> <p>Das Geb\u00e4ude wurde vom Architekten Francisco Men\u00e9ndez Camina Ende des 17. Jahrhunderts erbaut, mit einer n\u00fcchternen Ornamentik, aus der zwei T\u00fcrme herausragen.\n\n<p>INFORMATIONEN VON INTERESSE<\/p>\n\n<p>Telefonnummer: 984 836 725<\/p>\n\t\t\t\t\t\t\t\t\t<\/div>\n\t\t\t\t\t\t\t\t\t<img decoding=\"async\" src=\"https:\/\/cdn.pilgrim.es\/web\/caminos\/camino-norte\/pueblos\/aviles\/puntos-de-interes\/palacio-de-camposagrado.jpg\" alt=\"Palacio de Camposagrado\">\n\t\t\t\t\t\t\t\t<\/div>\n\t\t\t\t\t\t\t<\/div>\n\t\t\t\t\t\t\n\t\t\t\t\t\t\t<div class=\"accordion__accordion-content inactive\">\n\t\t\t\t\t\t\t\t<div>\n\t\t\t\t\t\t\t\t\t<div>\n\t\t\t\t\t\t\t\t\t\t<h4>Palacio de Ferrera<\/h4>\n\t\t\t\t\t\t\t\t\t\t<p>Der Ferrera-Palast ist eines der \u00e4ltesten Barockgeb\u00e4ude der Stadt Avil\u00e9s. Er stammt aus dem Jahr 1974 und diente als Residenz des Marquis von Ferrera und seiner engen Verwandten. Nach einer vollst\u00e4ndigen Renovierung wird er heute als F\u00fcnf-Sterne-Hotel von der Kette NH Hoteles genutzt.\n\t\t\t\t\t\t\t\t\t<\/div>\n\t\t\t\t\t\t\t\t\t<img decoding=\"async\" src=\"https:\/\/cdn.pilgrim.es\/web\/caminos\/camino-norte\/pueblos\/aviles\/puntos-de-interes\/palacio-de-ferrera.jpg\" alt=\"Palacio de Ferrera\">\n\t\t\t\t\t\t\t\t<\/div>\n\t\t\t\t\t\t\t<\/div>\n\t\t\t\t\t\t\n\t\t\t\t\t\t\t<div class=\"accordion__accordion-content inactive\">\n\t\t\t\t\t\t\t\t<div>\n\t\t\t\t\t\t\t\t\t<div>\n\t\t\t\t\t\t\t\t\t\t<h4>Palacio de Llano Ponte<\/h4>\n\t\t\t\t\t\t\t\t\t\t<p>Der Hauspalast von Llano Ponte wurde Anfang des 18. Jahrhunderts auf Wunsch von Rodrigo Garc\u00eda Pumarino von den Architekten Francisco Men\u00e9ndez Camina und Domingo Su\u00e1rez Solar errichtet. Nach seiner Nutzung als Wohnhaus wurde es bis 2013 zu einem Kloster, einer Schule und sogar einem Kino. <\/p>\n\n<p>An der Au\u00dfenseite des Geb\u00e4udes sind f\u00fcnf vertikale Arkadenreihen zu sehen, die die Arkaden des Erdgeschosses bilden, auf denen die Balkone des Obergeschosses ruhen. Die Enden des Geb\u00e4udes werden durch zur\u00fcckgesetzte Pilaster begrenzt, die mit pflanzlichen Motiven und dem Familienwappen verziert sind.  <\/p>\n\t\t\t\t\t\t\t\t\t<\/div>\n\t\t\t\t\t\t\t\t\t<img decoding=\"async\" src=\"https:\/\/cdn.pilgrim.es\/web\/caminos\/camino-norte\/pueblos\/aviles\/puntos-de-interes\/palacio-de-llano-ponte.jpg\" alt=\"Palacio de Llano Ponte\">\n\t\t\t\t\t\t\t\t<\/div>\n\t\t\t\t\t\t\t<\/div>\n\t\t\t\t\t\t\n\t\t\t\t\t\t\t<div class=\"accordion__accordion-content inactive\">\n\t\t\t\t\t\t\t\t<div>\n\t\t\t\t\t\t\t\t\t<div>\n\t\t\t\t\t\t\t\t\t\t<h4>Palacio de Valdecarzana<\/h4>\n\t\t\t\t\t\t\t\t\t\t<p>Der Palast von Valdecarzana ist ein palastartiges Geb\u00e4ude aus dem 14. Jahrhundert, das \u00e4lteste Geb\u00e4ude von Avil\u00e9s und das einzige nicht-religi\u00f6se gotische Zentrum sowie das einzige Beispiel f\u00fcr b\u00fcrgerliche Architektur in der Stadt. <\/p>\n\n<p>Heute ist nur noch die Hauptfassade des urspr\u00fcnglichen Geb\u00e4udes erhalten, das in zwei Stockwerke unterteilt ist: das untere Stockwerk, das als Gesch\u00e4ftsraum genutzt wird, und das obere Stockwerk, das als Wohnung dient. <\/p>\n\n<p>Die Legende dieses Hauses besagt, dass Peter I. der Grausame hier \u00fcbernachtete, als er Avil\u00e9s im Jahr 1352 von der Belagerung durch seinen Bastardbruder befreite.\n\n<p>INFORMATIONEN VON INTERESSE<\/p> <p>Informationen von Interesse<\/p> <p>Das Haus befindet sich im Zentrum von Avil\u00e9s.\n\n<p>Telefon: 985 544 325<\/p>\n\t\t\t\t\t\t\t\t\t<\/div>\n\t\t\t\t\t\t\t\t\t<img decoding=\"async\" src=\"https:\/\/cdn.pilgrim.es\/web\/caminos\/camino-norte\/pueblos\/aviles\/puntos-de-interes\/palacio-de-valdecarzana.jpg\" alt=\"Palacio de Valdecarzana\">\n\t\t\t\t\t\t\t\t<\/div>\n\t\t\t\t\t\t\t<\/div>\n\t\t\t\t\t\t\n\t\t\t\t\t\t\t<div class=\"accordion__accordion-content inactive\">\n\t\t\t\t\t\t\t\t<div>\n\t\t\t\t\t\t\t\t\t<div>\n\t\t\t\t\t\t\t\t\t\t<h4>Palacio municipal<\/h4>\n\t\t\t\t\t\t\t\t\t\t<p>Der Stadtpalast ist ein Rathaus, in dem das Rathaus von Avil\u00e9s untergebracht ist. Die Arbeiten begannen im Jahr 1670 und wurden sieben Jahre sp\u00e4ter abgeschlossen. Dieses Projekt wurde dem Architekten Juan de Estrada in Auftrag gegeben. <\/p>\n\n<p>Traditionell war dieses Geb\u00e4ude nicht an die Mauer angebaut, aber im Laufe der Zeit wurde es immer weiter vergr\u00f6\u00dfert, bis es mit ihr verbunden wurde. Die zweigeschossige Fassade, die durch einen Pfosten getrennt ist, sticht in dieser Komposition hervor. Das untere Stockwerk besteht aus einer Folge von elf B\u00f6gen, die die Arkaden bilden und das obere Stockwerk st\u00fctzen, wodurch die Balkone entstehen.\n\t\t\t\t\t\t\t\t\t<\/div>\n\t\t\t\t\t\t\t\t\t<img decoding=\"async\" src=\"https:\/\/cdn.pilgrim.es\/web\/caminos\/camino-norte\/pueblos\/aviles\/puntos-de-interes\/palacio-municipal.jpg\" alt=\"Palacio municipal\">\n\t\t\t\t\t\t\t\t<\/div>\n\t\t\t\t\t\t\t<\/div>\n\t\t\t\t\t\t\n\t\t\t\t\t\t\t<div class=\"accordion__accordion-content inactive\">\n\t\t\t\t\t\t\t\t<div>\n\t\t\t\t\t\t\t\t\t<div>\n\t\t\t\t\t\t\t\t\t\t<h4>Parque del Muelle<\/h4>\n\t\t\t\t\t\t\t\t\t\t<p>Einst befanden sich hier der Hafen und der Handelshafen der Stadt, der eine rege T\u00e4tigkeit aus\u00fcbte. Heute ist diese Gr\u00fcnanlage f\u00fcr ihre beeindruckende Skulpturensammlung bekannt, die von der Stadtverwaltung Ende des 19. Sie alle sind Nachbildungen einiger griechischer Skulpturen im Pariser Louvre-Museum, die unter anderem die G\u00f6tter Artemis, Aphrodite oder die Allegorien darstellen. <\/p>\n\t\t\t\t\t\t\t\t\t<\/div>\n\t\t\t\t\t\t\t\t\t<img decoding=\"async\" src=\"https:\/\/cdn.pilgrim.es\/web\/caminos\/camino-norte\/pueblos\/aviles\/puntos-de-interes\/parque-del-muelle.jpg\" alt=\"Parque del Muelle\">\n\t\t\t\t\t\t\t\t<\/div>\n\t\t\t\t\t\t\t<\/div>\n\t\t\t\t\t\t\n\t\t\t\t\t\t\t<div class=\"accordion__accordion-content inactive\">\n\t\t\t\t\t\t\t\t<div>\n\t\t\t\t\t\t\t\t\t<div>\n\t\t\t\t\t\t\t\t\t\t<h4>Parque Ferrera<\/h4>\n\t\t\t\t\t\t\t\t\t\t<p>Dieser bewaldete Platz mit breiten Wegen wurde angelegt, um den Adligen der Stadt, insbesondere den Bewohnern des Ferrera-Palastes, als Ort der Erholung und Freizeitgestaltung zu dienen. Nach dem Vorbild typischer englischer Parks wird er seit dem 20. Jahrhundert \u00f6ffentlich genutzt, nachdem jahrelang zwischen den ehemaligen Besitzern und der Stadtverwaltung verhandelt wurde. Der dem Palast am n\u00e4chsten gelegene Bereich, der so genannte Franz\u00f6sische Garten, war urspr\u00fcnglich der Marquise vorbehalten, die hier eine pr\u00e4chtige Rotbuche pflanzte, die sie sehr sch\u00e4tzte. <\/p>\n\n<p>Alle Einwohner Avilas k\u00f6nnen sich heute an der Vielzahl von Baumarten, Wegen, Stadtm\u00f6beln, einem Kiosk und dem st\u00e4dtischen Kulturhaus erfreuen, das er beherbergt. <\/p>\n\t\t\t\t\t\t\t\t\t<\/div>\n\t\t\t\t\t\t\t\t\t<img decoding=\"async\" src=\"https:\/\/cdn.pilgrim.es\/web\/caminos\/camino-norte\/pueblos\/aviles\/puntos-de-interes\/parque-ferrera.jpg\" alt=\"Parque Ferrera\">\n\t\t\t\t\t\t\t\t<\/div>\n\t\t\t\t\t\t\t<\/div>\n\t\t\t\t\t\t\n\t\t\t\t\t\t\t<div class=\"accordion__accordion-content inactive\">\n\t\t\t\t\t\t\t\t<div>\n\t\t\t\t\t\t\t\t\t<div>\n\t\t\t\t\t\t\t\t\t\t<h4>Plaza Mayor<\/h4>\n\t\t\t\t\t\t\t\t\t\t<p>Die Plaza Mayor ist ein unregelm\u00e4\u00dfig geformter Platz mit einem monumentalen Rathausgeb\u00e4ude und einem gegen\u00fcberliegenden alten Geb\u00e4ude, das heute ein Luxushotel beherbergt.\n\t\t\t\t\t\t\t\t\t<\/div>\n\t\t\t\t\t\t\t\t\t<img decoding=\"async\" src=\"https:\/\/cdn.pilgrim.es\/web\/caminos\/camino-norte\/pueblos\/aviles\/puntos-de-interes\/plaza-mayor.jpg\" alt=\"Plaza Mayor\">\n\t\t\t\t\t\t\t\t<\/div>\n\t\t\t\t\t\t\t<\/div>\n\t\t\t\t\t\t\n\t\t\t\t\t\t\t<div class=\"accordion__accordion-content inactive\">\n\t\t\t\t\t\t\t\t<div>\n\t\t\t\t\t\t\t\t\t<div>\n\t\t\t\t\t\t\t\t\t\t<h4>Centro Cultural Internacional<\/h4>\n\t\t\t\t\t\t\t\t\t\t<p>Das Internationale Kulturzentrum Oscar Niemeyer ist in einem Geb\u00e4ude untergebracht, das der ber\u00fchmte brasilianische Architekt in Spanien entworfen hat. Es befindet sich in einer privilegierten Lage zwischen der Flussm\u00fcndung und dem historischen Zentrum der Stadt Avil\u00e9s. <\/p>\n\n<p>Das Geb\u00e4ude besteht aus vier Geb\u00e4uden, die durch einen gro\u00dfen Platz miteinander verbunden sind. Hier k\u00f6nnen die Besucher eine originelle und zugleich besondere Atmosph\u00e4re bewundern, die die Identit\u00e4tsmerkmale des Autors erkennen l\u00e4sst: die Gr\u00f6\u00dfe der Geb\u00e4ude, die visuelle Ausdehnung des Raums, die wei\u00dfe Farbe der Decken, die den Horizont simulieren, und die verschiedenen Arten, eine gebogene Linie zu zeichnen.\n\t\t\t\t\t\t\t\t\t<\/div>\n\t\t\t\t\t\t\t\t\t<img decoding=\"async\" src=\"https:\/\/cdn.pilgrim.es\/web\/caminos\/camino-norte\/pueblos\/aviles\/puntos-de-interes\/centro-cultural-internacional.jpg\" alt=\"Centro Cultural Internacional\">\n\t\t\t\t\t\t\t\t<\/div>\n\t\t\t\t\t\t\t<\/div>\n\t\t\t\t\t\t\n\t\t\t\t\t\t\t<div class=\"accordion__accordion-content inactive\">\n\t\t\t\t\t\t\t\t<div>\n\t\t\t\t\t\t\t\t\t<div>\n\t\t\t\t\t\t\t\t\t\t<h4>Teatro palacio Valde\u0301s<\/h4>\n\t\t\t\t\t\t\t\t\t\t<p>Das Theater Palacio Vald\u00e9s wurde von Manuel del Busto erbaut und 1982 zum Kulturgut in der Kategorie Denkmal erkl\u00e4rt, da es eines der wichtigsten architektonischen Werke des fr\u00fchen 20. Jahrhunderts ist.<\/p> <p>Das Theater Palacio Vald\u00e9s wurde von Manuel del Busto erbaut und 1982 zum Kulturgut in der Kategorie Denkmal erkl\u00e4rt, da es eines der wichtigsten architektonischen Werke des fr\u00fchen 20.\n\n<p>Es ist somit das bedeutendste und wertvollste Theater der Stadt Avil\u00e9s und befindet sich in unmittelbarer N\u00e4he zu wichtigen Geb\u00e4uden wie dem Auditorium der Casa de Cultura und dem Sitz des Programms &#8222;EscenAvil\u00e9s&#8220;. <\/p>\n\t\t\t\t\t\t\t\t\t<\/div>\n\t\t\t\t\t\t\t\t\t<img decoding=\"async\" src=\"https:\/\/cdn.pilgrim.es\/web\/caminos\/camino-norte\/pueblos\/aviles\/puntos-de-interes\/teatro-palacio-valdes.jpg\" alt=\"Teatro palacio Valde\u0301s\">\n\t\t\t\t\t\t\t\t<\/div>\n\t\t\t\t\t\t\t<\/div>\n\t\t\t\t\t\t\n\t\t\t\t\t<\/div>\n\t\t\t\t<\/div>\n\t\t\t<\/div>\n\t\t\n\n\t\t<div id=\"phonesSection\">\n\t\t\t<div>\n\t\t\t\t<h2 class=\"p-h3-town\">Informationen von Interesse<\/h2>\n\t\t\t<\/div>\n\t\t\t<div class=\"grid\">\n\t\t\t\t\n\t\t\t\t\t<div class=\"phone-number-item\">\n\t\t\t\t\t\t<div class=\"phone-number-item__icon\"><i class=\"icon-police\"><\/i><\/div>\n\t\t\t\t\t\t<div class=\"phone-number-item__title\">\n\t\t\t\t\t\t\t<h3 class=\"p-font-bold\">Ortspolizei<\/h3>\n\t\t\t\t\t\t\t<p>985 525 410<\/p>\n\t\t\t\t\t\t\t\n\t\t\t\t\t\t<\/div>\n\t\t\t\t\t<\/div>\n\t\t\t\t\n\t\t\t\t\t<div class=\"phone-number-item\">\n\t\t\t\t\t\t<div class=\"phone-number-item__icon\"><i class=\"icon-spanish-military-police\"><\/i><\/div>\n\t\t\t\t\t\t<div class=\"phone-number-item__title\">\n\t\t\t\t\t\t\t<h3 class=\"p-font-bold\">Zivilwache<\/h3>\n\t\t\t\t\t\t\t<p>985 570 200<\/p>\n\t\t\t\t\t\t\t\n\t\t\t\t\t\t<\/div>\n\t\t\t\t\t<\/div>\n\t\t\t\t\n\t\t\t\t\t<div class=\"phone-number-item\">\n\t\t\t\t\t\t<div class=\"phone-number-item__icon\"><i class=\"icon-firefighters\"><\/i><\/div>\n\t\t\t\t\t\t<div class=\"phone-number-item__title\">\n\t\t\t\t\t\t\t<h3 class=\"p-font-bold\">Feuerwehr<\/h3>\n\t\t\t\t\t\t\t<p>985 511 858<\/p>\n\t\t\t\t\t\t\t\n\t\t\t\t\t\t<\/div>\n\t\t\t\t\t<\/div>\n\t\t\t\t\n\t\t\t\t\t<div class=\"phone-number-item\">\n\t\t\t\t\t\t<div class=\"phone-number-item__icon\"><i class=\"icon-civil-protection\"><\/i><\/div>\n\t\t\t\t\t\t<div class=\"phone-number-item__title\">\n\t\t\t\t\t\t\t<h3 class=\"p-font-bold\">Zivilschutz<\/h3>\n\t\t\t\t\t\t\t<p>112<\/p>\n\t\t\t\t\t\t\t\n\t\t\t\t\t\t<\/div>\n\t\t\t\t\t<\/div>\n\t\t\t\t\n\t\t\t\t\t<div class=\"phone-number-item\">\n\t\t\t\t\t\t<div class=\"phone-number-item__icon\"><i class=\"icon-town-council\"><\/i><\/div>\n\t\t\t\t\t\t<div class=\"phone-number-item__title\">\n\t\t\t\t\t\t\t<h3 class=\"p-font-bold\">Rathaus<\/h3>\n\t\t\t\t\t\t\t<p>985 122 100<\/p>\n\t\t\t\t\t\t\t\n\t\t\t\t\t\t<\/div>\n\t\t\t\t\t<\/div>\n\t\t\t\t\n\t\t\t\t\t<div class=\"phone-number-item\">\n\t\t\t\t\t\t<div class=\"phone-number-item__icon\"><i class=\"icon-hospital\"><\/i><\/div>\n\t\t\t\t\t\t<div class=\"phone-number-item__title\">\n\t\t\t\t\t\t\t<h3 class=\"p-font-bold\">Gesundheitszentrum<\/h3>\n\t\t\t\t\t\t\t<p>985 563 954<\/p>\n\t\t\t\t\t\t\t\n\t\t\t\t\t\t<\/div>\n\t\t\t\t\t<\/div>\n\t\t\t\t\n\t\t\t\t\t<div class=\"phone-number-item\">\n\t\t\t\t\t\t<div class=\"phone-number-item__icon\"><i class=\"icon-tourism\"><\/i><\/div>\n\t\t\t\t\t\t<div class=\"phone-number-item__title\">\n\t\t\t\t\t\t\t<h3 class=\"p-font-bold\">Fremdenverkehrsamt<\/h3>\n\t\t\t\t\t\t\t<p>985 544 625<\/p>\n\t\t\t\t\t\t\t\n\t\t\t\t\t\t\t\t<p>Calle de Ruiz G\u00f3mez, 21<\/p>\n\t\t\t\t\t\t\t\n\t\t\t\t\t\t<\/div>\n\t\t\t\t\t<\/div>\n\t\t\t\t\n\t\t\t<\/div>\n\t\t<\/div>\n\n\t\t<div id=\"clientForm\">\n        <section>\n        <img decoding=\"async\" src=\"https:\/\/cdn.pilgrim.es\/web\/home\/email-contacto.png\" alt=\"contacto\">\n        <div>\n            <p>Wir senden dir deine Planung<\/p>\n            <p>Gib uns deine Daten an und erhalte die Planung deiner Reise per E-Mail <\/p>\n            <form method=\"post\" data-url=\"\/wp-admin\/admin-ajax.php\" id=\"planner--client\" class=\"flag-right form-client\">\n    <div class=\"form-data\">\n        <input name=\"form_id\" type=\"hidden\" value=\"Formulario Leads\">\n        <input name=\"type\" type=\"hidden\" value=\"planner_client\">\n        <input type=\"text\" name=\"nombre\" value=\"\" size=\"40\" class=\"form-control\" aria-required=\"true\" aria-invalid=\"false\" placeholder=\"Name\">\n        <input type=\"email\" name=\"email\" value=\"\" size=\"40\" class=\"form-control\" aria-required=\"true\" aria-invalid=\"false\" placeholder=\"E- Mail\">\n        <input type=\"text\" id=\"phone-input\" name=\"tel\" value=\"\" size=\"40\" class=\"phone-input form-control\" aria-required=\"true\" aria-invalid=\"false\" placeholder=\"Telefon\">\n        <input type=\"hidden\" name=\"telefono\">\n    <\/div>\n    <div class=\"form-checkbox\">\n        <span>\n            Pilgrim Travel, S.L. teilt gem\u00e4\u00df Regulierung 2016\/679 mit, dass die in diesem Formular verwendeten Daten sowohl f\u00fcr die Beantwortung der m\u00f6glichen Anfragen als auch f\u00fcr die Ver\u00f6ffentlichung der Kommentare verwendet werden, mit der Zustimmung des Nutzers. Sie k\u00f6nnen Ihre Rechte in \u00dcbereinstimmung mit unserer Datenschutzbestimmungen aus\u00fcben             <a href=\"https:\/\/www.pilgrim.es\/politica-de-privacidad\/\" target=\"_blank\" rel=\"noopener noreferrer nofollow\">Datenschutzerkl\u00e4rung.<\/a>\n        <\/span>\n    <\/div>\n\n    <div class=\"form-submit\">\n        <button id=\"planner--client-create\" type=\"submit\">Anfrage senden<\/button>\n        <div class=\"loadingDiv\"><i class=\"p-spinner\"><\/i><\/div>\n    <\/div>\n\n    <div class=\"contact-content-form-success\">\n        <p><i class=\"fas fa-check\"><\/i> Das Formular hat sich erfolgreich gesendet.<\/p>\n    <\/div>\n\n    <div class=\"contact-content-form-error\">\n        <span class=\"input-error\"><\/span>\n    <\/div>\n<\/form>        <\/div>\n    <\/section>\n<\/div>\n\n\t\t<div id=\"recomendationSection\">\n\t\t\t<div>\n\t\t\t\t<h2 class=\"p-h2-town\">Empfohlen<\/h2>\n\t\t\t\t<hr>\n\t\t\t\t<h3 class=\"p-h3-town\">Gastronomie<\/h3>\n\t\t\t<\/div>\n\t\t\tDie Gastronomie von Avil\u00e9s ist der der \u00fcbrigen Provinz sehr \u00e4hnlich: Die wichtigsten Gerichte sind Fabada, Kutteln, Wild, Fisch, Meeresfr\u00fcchte, Reis, Kaninchen mit Schnecken, Hase mit Gurullos, Migas mit St\u00fcckchen, Schweinswurst, Zigeunertopf mit K\u00fcrbis, Weizeneintopf, Weizen mit Bohnen und Schnecken, Frat\u00e1, Schweinef\u00fc\u00dfe.\n\nIn der Konditorei von Avil\u00e9s sticht El Bollo hervor, eine S\u00fc\u00dfspeise in Form eines vierbl\u00e4ttrigen Kleeblatts, die sehr repr\u00e4sentativ f\u00fcr die Stadt ist. Traditionell sind aber auch die Riffe der Salzwiesen, die Colosinos, die Conos de Avil\u00e9s, die Niemerynos, die Tarta Pumariega, die Mara\u00f1ueas, die Tortas de Mosto und die Merlit\u00f3n (eine Art Merlit\u00f3n).\n\t\t<\/div>\n\n\n\t\t\n\t\t\t<div id=\"holidaysSection\">\n\t\t\t\t<div>\n\t\t\t\t\t<h2 class=\"p-h2-town\">Empfohlen<\/h2>\n\t\t\t\t\t<hr>\n\t\t\t\t\t<h3 class=\"p-h3-town\">Feste und Pilgerfahrten<\/h3>\n\t\t\t\t<\/div>\n\t\t\t\t<div class=\"grid holidays-grid\">\n\t\t\t\t\t\n\t\t\t\t\t\t<div>\n\t\t\t\t\t\t\t<div class=\"phone-number-item\">\n\t\t\t\t\t\t\t\t<div class=\"phone-number-item__icon\"><i class=\"icon-holiday\"><\/i><\/div>\n\t\t\t\t\t\t\t\t<div class=\"phone-number-item__title dark-text\">\n\t\t\t\t\t\t\t\t\t<p class=\"p-font-bold\">Lokaler Urlaub<\/p>\n\t\t\t\t\t\t\t\t\t<p>16 de julio: Fiestas del Carmen<\/p>\n\t\t\t\t\t\t\t\t<\/div>\n\t\t\t\t\t\t\t<\/div>\n\t\t\t\t\t\t<\/div>\n\t\t\t\t\t\n\t\t\t\t\t\t<div>\n\t\t\t\t\t\t\t<div class=\"phone-number-item\">\n\t\t\t\t\t\t\t\t<div class=\"phone-number-item__icon\"><i class=\"icon-holiday\"><\/i><\/div>\n\t\t\t\t\t\t\t\t<div class=\"phone-number-item__title dark-text\">\n\t\t\t\t\t\t\t\t\t<p class=\"p-font-bold\">Lokaler Urlaub<\/p>\n\t\t\t\t\t\t\t\t\t<p>Primer viernes de agosto: Arrozada<\/p>\n\t\t\t\t\t\t\t\t<\/div>\n\t\t\t\t\t\t\t<\/div>\n\t\t\t\t\t\t<\/div>\n\t\t\t\t\t\n\t\t\t\t\t\t<div>\n\t\t\t\t\t\t\t<div class=\"phone-number-item\">\n\t\t\t\t\t\t\t\t<div class=\"phone-number-item__icon\"><i class=\"icon-holiday\"><\/i><\/div>\n\t\t\t\t\t\t\t\t<div class=\"phone-number-item__title dark-text\">\n\t\t\t\t\t\t\t\t\t<p class=\"p-font-bold\">Lokaler Urlaub<\/p>\n\t\t\t\t\t\t\t\t\t<p>28 de agosto: Fiestas de San Agust\u00edn<\/p>\n\t\t\t\t\t\t\t\t<\/div>\n\t\t\t\t\t\t\t<\/div>\n\t\t\t\t\t\t<\/div>\n\t\t\t\t\t\n\t\t\t\t\t\t<div>\n\t\t\t\t\t\t\t<div class=\"phone-number-item\">\n\t\t\t\t\t\t\t\t<div class=\"phone-number-item__icon\"><i class=\"icon-holiday\"><\/i><\/div>\n\t\t\t\t\t\t\t\t<div class=\"phone-number-item__title dark-text\">\n\t\t\t\t\t\t\t\t\t<p class=\"p-font-bold\">Lokaler Urlaub<\/p>\n\t\t\t\t\t\t\t\t\t<p>26 de julio: La danza prima de Santa Ana<\/p>\n\t\t\t\t\t\t\t\t<\/div>\n\t\t\t\t\t\t\t<\/div>\n\t\t\t\t\t\t<\/div>\n\t\t\t\t\t\n\t\t\t\t\t\t<div>\n\t\t\t\t\t\t\t<div class=\"phone-number-item\">\n\t\t\t\t\t\t\t\t<div class=\"phone-number-item__icon\"><i class=\"icon-holiday\"><\/i><\/div>\n\t\t\t\t\t\t\t\t<div class=\"phone-number-item__title dark-text\">\n\t\t\t\t\t\t\t\t\t<p class=\"p-font-bold\">Lokaler Urlaub<\/p>\n\t\t\t\t\t\t\t\t\t<p>Del 21 al 27 de agosto: Festival de la cerveza<\/p>\n\t\t\t\t\t\t\t\t<\/div>\n\t\t\t\t\t\t\t<\/div>\n\t\t\t\t\t\t<\/div>\n\t\t\t\t\t\n\t\t\t\t\t\t<div>\n\t\t\t\t\t\t\t<div class=\"phone-number-item\">\n\t\t\t\t\t\t\t\t<div class=\"phone-number-item__icon\"><i class=\"icon-holiday\"><\/i><\/div>\n\t\t\t\t\t\t\t\t<div class=\"phone-number-item__title dark-text\">\n\t\t\t\t\t\t\t\t\t<p class=\"p-font-bold\">Lokaler Urlaub<\/p>\n\t\t\t\t\t\t\t\t\t<p>Carnaval: Fiesta de inter\u00e9s nacional<\/p>\n\t\t\t\t\t\t\t\t<\/div>\n\t\t\t\t\t\t\t<\/div>\n\t\t\t\t\t\t<\/div>\n\t\t\t\t\t\n\t\t\t\t\t\t<div>\n\t\t\t\t\t\t\t<div class=\"phone-number-item\">\n\t\t\t\t\t\t\t\t<div class=\"phone-number-item__icon\"><i class=\"icon-holiday\"><\/i><\/div>\n\t\t\t\t\t\t\t\t<div class=\"phone-number-item__title dark-text\">\n\t\t\t\t\t\t\t\t\t<p class=\"p-font-bold\">Lokaler Urlaub<\/p>\n\t\t\t\t\t\t\t\t\t<p>Domingo y el lunes de pascua: Fiesta de El Bollo<\/p>\n\t\t\t\t\t\t\t\t<\/div>\n\t\t\t\t\t\t\t<\/div>\n\t\t\t\t\t\t<\/div>\n\t\t\t\t\t\n\t\t\t\t\t\t<div>\n\t\t\t\t\t\t\t<div class=\"phone-number-item\">\n\t\t\t\t\t\t\t\t<div class=\"phone-number-item__icon\"><i class=\"icon-holiday\"><\/i><\/div>\n\t\t\t\t\t\t\t\t<div class=\"phone-number-item__title dark-text\">\n\t\t\t\t\t\t\t\t\t<p class=\"p-font-bold\">Lokaler Urlaub<\/p>\n\t\t\t\t\t\t\t\t\t<p>22 de julio: Nuestra Se\u00f1ora de la Magdalena<\/p>\n\t\t\t\t\t\t\t\t<\/div>\n\t\t\t\t\t\t\t<\/div>\n\t\t\t\t\t\t<\/div>\n\t\t\t\t\t\n\t\t\t\t\t\t<div>\n\t\t\t\t\t\t\t<div class=\"phone-number-item\">\n\t\t\t\t\t\t\t\t<div class=\"phone-number-item__icon\"><i class=\"icon-holiday\"><\/i><\/div>\n\t\t\t\t\t\t\t\t<div class=\"phone-number-item__title dark-text\">\n\t\t\t\t\t\t\t\t\t<p class=\"p-font-bold\">Lokaler Urlaub<\/p>\n\t\t\t\t\t\t\t\t\t<p>Segunda quincena de julio: Festival interc\u00e9ltico<\/p>\n\t\t\t\t\t\t\t\t<\/div>\n\t\t\t\t\t\t\t<\/div>\n\t\t\t\t\t\t<\/div>\n\t\t\t\t\t\n\t\t\t\t\t\t<div>\n\t\t\t\t\t\t\t<div class=\"phone-number-item\">\n\t\t\t\t\t\t\t\t<div class=\"phone-number-item__icon\"><i class=\"icon-holiday\"><\/i><\/div>\n\t\t\t\t\t\t\t\t<div class=\"phone-number-item__title dark-text\">\n\t\t\t\t\t\t\t\t\t<p class=\"p-font-bold\">Lokaler Urlaub<\/p>\n\t\t\t\t\t\t\t\t\t<p>8 de septiembre: Fiestas de la Virgen de Covadonga<\/p>\n\t\t\t\t\t\t\t\t<\/div>\n\t\t\t\t\t\t\t<\/div>\n\t\t\t\t\t\t<\/div>\n\t\t\t\t\t\n\t\t\t\t\t\t<div>\n\t\t\t\t\t\t\t<div class=\"phone-number-item\">\n\t\t\t\t\t\t\t\t<div class=\"phone-number-item__icon\"><i class=\"icon-holiday\"><\/i><\/div>\n\t\t\t\t\t\t\t\t<div class=\"phone-number-item__title dark-text\">\n\t\t\t\t\t\t\t\t\t<p class=\"p-font-bold\">Lokaler Urlaub<\/p>\n\t\t\t\t\t\t\t\t\t<p>Martes despu\u00e9s del s\u00e9ptimo domingo de pascua: Fiesta del Puchero en Villalegre<\/p>\n\t\t\t\t\t\t\t\t<\/div>\n\t\t\t\t\t\t\t<\/div>\n\t\t\t\t\t\t<\/div>\n\t\t\t\t\t\n\t\t\t\t\t\t<div>\n\t\t\t\t\t\t\t<div class=\"phone-number-item\">\n\t\t\t\t\t\t\t\t<div class=\"phone-number-item__icon\"><i class=\"icon-holiday\"><\/i><\/div>\n\t\t\t\t\t\t\t\t<div class=\"phone-number-item__title dark-text\">\n\t\t\t\t\t\t\t\t\t<p class=\"p-font-bold\">Lokaler Urlaub<\/p>\n\t\t\t\t\t\t\t\t\t<p>Junio: Avil\u00e9s Acci\u00f3n<\/p>\n\t\t\t\t\t\t\t\t<\/div>\n\t\t\t\t\t\t\t<\/div>\n\t\t\t\t\t\t<\/div>\n\t\t\t\t\t\n\t\t\t\t\t\t<div>\n\t\t\t\t\t\t\t<div class=\"phone-number-item\">\n\t\t\t\t\t\t\t\t<div class=\"phone-number-item__icon\"><i class=\"icon-holiday\"><\/i><\/div>\n\t\t\t\t\t\t\t\t<div class=\"phone-number-item__title dark-text\">\n\t\t\t\t\t\t\t\t\t<p class=\"p-font-bold\">Lokaler Urlaub<\/p>\n\t\t\t\t\t\t\t\t\t<p>\u00daltima semana de julio y la primera de septiembre: El festival de ciencia ficci\u00f3n, terror y fantas\u00eda<\/p>\n\t\t\t\t\t\t\t\t<\/div>\n\t\t\t\t\t\t\t<\/div>\n\t\t\t\t\t\t<\/div>\n\t\t\t\t\t\n\t\t\t\t<\/div>\n\t\t\t<\/div>\n\t\t\n\t<\/div>\n<\/section>\n\n<div id=\"stage_list_section\"><div class=\"stage-list\">\n    <div class='stage-list__map-card'>\n        <div class='stage-list__map-card__map'>\n            <div class='stage-list__map-card__map__text'>\n                <h2> Pages <\/h2>\n                <p> Zu Fu\u00df<\/p>\n                <p> 0etappen<\/p>\n            <\/div>\n            <div class='stage-list__map-card__map__img'>\n                <img decoding=\"async\" src=\"\" alt=\" mapa \" \/>\n            <\/div>\n        <\/div>\n    <\/div>\n\n    <\/div>\n<\/div> ","protected":false},"excerpt":{"rendered":"<p>Avil\u00e9s &#8249; Zur\u00fcck zur B\u00fchne Avil\u00e9s Einwohner: 81.659 aprox. Bundesland: Asturias Informationen Get to know Avil\u00e9s Die Stadt Avil\u00e9s befindet sich auf beiden Seiten des gleichnamigen Flusses. Sie beherbergt den zweitwichtigsten Handelshafen der Autonomen Gemeinschaft und den ersten Fischereihafen, weshalb sie eine gro\u00dfe Fischereitradition hat und auch eine starke Geschichte, die mit dem Industriesektor, insbesondere &hellip; <\/p>\n<p class=\"read_more\"><a href=\"https:\/\/www.pilgrim.es\/de\/weg-im-norden\/aviles\/\">Leer m\u00e1s<\/a><\/p>\n","protected":false},"author":0,"featured_media":1804,"parent":10670,"menu_order":0,"comment_status":"closed","ping_status":"closed","template":"views\/template-new-web-design.blade.php","meta":{"footnotes":""},"categories":[],"tags":[],"class_list":["post-91299","page","type-page","status-publish","has-post-thumbnail","hentry"],"yoast_head":"<!-- This site is optimized with the Yoast SEO plugin v27.4 - https:\/\/yoast.com\/product\/yoast-seo-wordpress\/ -->\n<title>Avil\u00e9s: Was sehen und wo \u00fcbernachten | Jakobsweg | Pilgrim<\/title>\n<meta name=\"description\" content=\"Avil\u00e9s Entdecken Sie alle Informationen \u00fcber Unterk\u00fcnfte, Anreise, Gastronomie und die wichtigsten Sehensw\u00fcrdigkeiten der Orte am K\u00fcstenweg\" \/>\n<meta name=\"robots\" content=\"index, follow, max-snippet:-1, max-image-preview:large, max-video-preview:-1\" \/>\n<link rel=\"canonical\" href=\"https:\/\/www.pilgrim.es\/de\/weg-im-norden\/aviles\/\" \/>\n<meta property=\"og:locale\" content=\"de_DE\" \/>\n<meta property=\"og:type\" content=\"article\" \/>\n<meta property=\"og:title\" content=\"Avil\u00e9s: Was sehen und wo \u00fcbernachten | Jakobsweg | Pilgrim\" \/>\n<meta property=\"og:description\" content=\"Avil\u00e9s Entdecken Sie alle Informationen \u00fcber Unterk\u00fcnfte, Anreise, Gastronomie und die wichtigsten Sehensw\u00fcrdigkeiten der Orte am K\u00fcstenweg\" \/>\n<meta property=\"og:url\" content=\"https:\/\/www.pilgrim.es\/de\/weg-im-norden\/aviles\/\" \/>\n<meta property=\"og:site_name\" content=\"Pilgrim\" \/>\n<meta property=\"article:publisher\" content=\"https:\/\/www.facebook.com\/pilgrim.es\/\" \/>\n<meta property=\"og:image\" content=\"https:\/\/www.pilgrim.es\/wp-content\/uploads\/2019\/02\/aviles1.jpg\" \/>\n\t<meta property=\"og:image:width\" content=\"900\" \/>\n\t<meta property=\"og:image:height\" content=\"612\" \/>\n\t<meta property=\"og:image:type\" content=\"image\/jpeg\" \/>\n<meta name=\"twitter:card\" content=\"summary_large_image\" \/>\n<meta name=\"twitter:site\" content=\"@pilgrim_es\" \/>\n<meta name=\"twitter:label1\" content=\"Gesch\u00e4tzte Lesezeit\" \/>\n\t<meta name=\"twitter:data1\" content=\"16\u00a0Minuten\" \/>\n<script type=\"application\/ld+json\" class=\"yoast-schema-graph\">{\"@context\":\"https:\\\/\\\/schema.org\",\"@graph\":[{\"@type\":\"WebPage\",\"@id\":\"https:\\\/\\\/www.pilgrim.es\\\/de\\\/weg-im-norden\\\/aviles\\\/\",\"url\":\"https:\\\/\\\/www.pilgrim.es\\\/de\\\/weg-im-norden\\\/aviles\\\/\",\"name\":\"Avil\u00e9s: Was sehen und wo \u00fcbernachten | Jakobsweg | Pilgrim\",\"isPartOf\":{\"@id\":\"https:\\\/\\\/www.pilgrim.es\\\/de\\\/#website\"},\"primaryImageOfPage\":{\"@id\":\"https:\\\/\\\/www.pilgrim.es\\\/de\\\/weg-im-norden\\\/aviles\\\/#primaryimage\"},\"image\":{\"@id\":\"https:\\\/\\\/www.pilgrim.es\\\/de\\\/weg-im-norden\\\/aviles\\\/#primaryimage\"},\"thumbnailUrl\":\"https:\\\/\\\/www.pilgrim.es\\\/wp-content\\\/uploads\\\/2019\\\/02\\\/aviles1.jpg\",\"datePublished\":\"2025-03-17T14:55:26+00:00\",\"description\":\"Avil\u00e9s Entdecken Sie alle Informationen \u00fcber Unterk\u00fcnfte, Anreise, Gastronomie und die wichtigsten Sehensw\u00fcrdigkeiten der Orte am K\u00fcstenweg\",\"breadcrumb\":{\"@id\":\"https:\\\/\\\/www.pilgrim.es\\\/de\\\/weg-im-norden\\\/aviles\\\/#breadcrumb\"},\"inLanguage\":\"de\",\"potentialAction\":[{\"@type\":\"ReadAction\",\"target\":[\"https:\\\/\\\/www.pilgrim.es\\\/de\\\/weg-im-norden\\\/aviles\\\/\"]}]},{\"@type\":\"ImageObject\",\"inLanguage\":\"de\",\"@id\":\"https:\\\/\\\/www.pilgrim.es\\\/de\\\/weg-im-norden\\\/aviles\\\/#primaryimage\",\"url\":\"https:\\\/\\\/www.pilgrim.es\\\/wp-content\\\/uploads\\\/2019\\\/02\\\/aviles1.jpg\",\"contentUrl\":\"https:\\\/\\\/www.pilgrim.es\\\/wp-content\\\/uploads\\\/2019\\\/02\\\/aviles1.jpg\",\"width\":900,\"height\":612,\"caption\":\"Avil\u00e9s\"},{\"@type\":\"BreadcrumbList\",\"@id\":\"https:\\\/\\\/www.pilgrim.es\\\/de\\\/weg-im-norden\\\/aviles\\\/#breadcrumb\",\"itemListElement\":[{\"@type\":\"ListItem\",\"position\":1,\"name\":\"Camino de Santiago\",\"item\":\"https:\\\/\\\/www.pilgrim.es\\\/de\\\/\"},{\"@type\":\"ListItem\",\"position\":2,\"name\":\"Weg im Norden\",\"item\":\"https:\\\/\\\/www.pilgrim.es\\\/de\\\/weg-im-norden\\\/\"},{\"@type\":\"ListItem\",\"position\":3,\"name\":\"Avil\u00e9s\"}]},{\"@type\":\"WebSite\",\"@id\":\"https:\\\/\\\/www.pilgrim.es\\\/de\\\/#website\",\"url\":\"https:\\\/\\\/www.pilgrim.es\\\/de\\\/\",\"name\":\"Pilgrim\",\"description\":\"Camino de Santiago | Caminamos Contigo\",\"publisher\":{\"@id\":\"https:\\\/\\\/www.pilgrim.es\\\/de\\\/#organization\"},\"potentialAction\":[{\"@type\":\"SearchAction\",\"target\":{\"@type\":\"EntryPoint\",\"urlTemplate\":\"https:\\\/\\\/www.pilgrim.es\\\/de\\\/?s={search_term_string}\"},\"query-input\":{\"@type\":\"PropertyValueSpecification\",\"valueRequired\":true,\"valueName\":\"search_term_string\"}}],\"inLanguage\":\"de\"},{\"@type\":\"Organization\",\"@id\":\"https:\\\/\\\/www.pilgrim.es\\\/de\\\/#organization\",\"name\":\"Pilgrim Camino de Santiago\",\"url\":\"https:\\\/\\\/www.pilgrim.es\\\/de\\\/\",\"logo\":{\"@type\":\"ImageObject\",\"inLanguage\":\"de\",\"@id\":\"https:\\\/\\\/www.pilgrim.es\\\/de\\\/#\\\/schema\\\/logo\\\/image\\\/\",\"url\":\"https:\\\/\\\/www.pilgrim.es\\\/wp-content\\\/uploads\\\/2019\\\/04\\\/logo_pilgrim.png\",\"contentUrl\":\"https:\\\/\\\/www.pilgrim.es\\\/wp-content\\\/uploads\\\/2019\\\/04\\\/logo_pilgrim.png\",\"width\":512,\"height\":512,\"caption\":\"Pilgrim Camino de Santiago\"},\"image\":{\"@id\":\"https:\\\/\\\/www.pilgrim.es\\\/de\\\/#\\\/schema\\\/logo\\\/image\\\/\"},\"sameAs\":[\"https:\\\/\\\/www.facebook.com\\\/pilgrim.es\\\/\",\"https:\\\/\\\/x.com\\\/pilgrim_es\",\"https:\\\/\\\/www.instagram.com\\\/pilgrim.es\\\/\",\"https:\\\/\\\/www.linkedin.com\\\/company\\\/pilgrim-camino-de-santiago\\\/\",\"https:\\\/\\\/www.pinterest.es\\\/pilgrimcaminodesantiago\\\/\",\"https:\\\/\\\/www.youtube.com\\\/channel\\\/UCIv2ZzFLXVqthkNF32rKedw\\\/featured\"]}]}<\/script>\n<!-- \/ Yoast SEO plugin. -->","yoast_head_json":{"title":"Avil\u00e9s: Was sehen und wo \u00fcbernachten | Jakobsweg | Pilgrim","description":"Avil\u00e9s Entdecken Sie alle Informationen \u00fcber Unterk\u00fcnfte, Anreise, Gastronomie und die wichtigsten Sehensw\u00fcrdigkeiten der Orte am K\u00fcstenweg","robots":{"index":"index","follow":"follow","max-snippet":"max-snippet:-1","max-image-preview":"max-image-preview:large","max-video-preview":"max-video-preview:-1"},"canonical":"https:\/\/www.pilgrim.es\/de\/weg-im-norden\/aviles\/","og_locale":"de_DE","og_type":"article","og_title":"Avil\u00e9s: Was sehen und wo \u00fcbernachten | Jakobsweg | Pilgrim","og_description":"Avil\u00e9s Entdecken Sie alle Informationen \u00fcber Unterk\u00fcnfte, Anreise, Gastronomie und die wichtigsten Sehensw\u00fcrdigkeiten der Orte am K\u00fcstenweg","og_url":"https:\/\/www.pilgrim.es\/de\/weg-im-norden\/aviles\/","og_site_name":"Pilgrim","article_publisher":"https:\/\/www.facebook.com\/pilgrim.es\/","og_image":[{"width":900,"height":612,"url":"https:\/\/www.pilgrim.es\/wp-content\/uploads\/2019\/02\/aviles1.jpg","type":"image\/jpeg"}],"twitter_card":"summary_large_image","twitter_site":"@pilgrim_es","twitter_misc":{"Gesch\u00e4tzte Lesezeit":"16\u00a0Minuten"},"schema":{"@context":"https:\/\/schema.org","@graph":[{"@type":"WebPage","@id":"https:\/\/www.pilgrim.es\/de\/weg-im-norden\/aviles\/","url":"https:\/\/www.pilgrim.es\/de\/weg-im-norden\/aviles\/","name":"Avil\u00e9s: Was sehen und wo \u00fcbernachten | Jakobsweg | Pilgrim","isPartOf":{"@id":"https:\/\/www.pilgrim.es\/de\/#website"},"primaryImageOfPage":{"@id":"https:\/\/www.pilgrim.es\/de\/weg-im-norden\/aviles\/#primaryimage"},"image":{"@id":"https:\/\/www.pilgrim.es\/de\/weg-im-norden\/aviles\/#primaryimage"},"thumbnailUrl":"https:\/\/www.pilgrim.es\/wp-content\/uploads\/2019\/02\/aviles1.jpg","datePublished":"2025-03-17T14:55:26+00:00","description":"Avil\u00e9s Entdecken Sie alle Informationen \u00fcber Unterk\u00fcnfte, Anreise, Gastronomie und die wichtigsten Sehensw\u00fcrdigkeiten der Orte am K\u00fcstenweg","breadcrumb":{"@id":"https:\/\/www.pilgrim.es\/de\/weg-im-norden\/aviles\/#breadcrumb"},"inLanguage":"de","potentialAction":[{"@type":"ReadAction","target":["https:\/\/www.pilgrim.es\/de\/weg-im-norden\/aviles\/"]}]},{"@type":"ImageObject","inLanguage":"de","@id":"https:\/\/www.pilgrim.es\/de\/weg-im-norden\/aviles\/#primaryimage","url":"https:\/\/www.pilgrim.es\/wp-content\/uploads\/2019\/02\/aviles1.jpg","contentUrl":"https:\/\/www.pilgrim.es\/wp-content\/uploads\/2019\/02\/aviles1.jpg","width":900,"height":612,"caption":"Avil\u00e9s"},{"@type":"BreadcrumbList","@id":"https:\/\/www.pilgrim.es\/de\/weg-im-norden\/aviles\/#breadcrumb","itemListElement":[{"@type":"ListItem","position":1,"name":"Camino de Santiago","item":"https:\/\/www.pilgrim.es\/de\/"},{"@type":"ListItem","position":2,"name":"Weg im Norden","item":"https:\/\/www.pilgrim.es\/de\/weg-im-norden\/"},{"@type":"ListItem","position":3,"name":"Avil\u00e9s"}]},{"@type":"WebSite","@id":"https:\/\/www.pilgrim.es\/de\/#website","url":"https:\/\/www.pilgrim.es\/de\/","name":"Pilgrim","description":"Camino de Santiago | Caminamos Contigo","publisher":{"@id":"https:\/\/www.pilgrim.es\/de\/#organization"},"potentialAction":[{"@type":"SearchAction","target":{"@type":"EntryPoint","urlTemplate":"https:\/\/www.pilgrim.es\/de\/?s={search_term_string}"},"query-input":{"@type":"PropertyValueSpecification","valueRequired":true,"valueName":"search_term_string"}}],"inLanguage":"de"},{"@type":"Organization","@id":"https:\/\/www.pilgrim.es\/de\/#organization","name":"Pilgrim Camino de Santiago","url":"https:\/\/www.pilgrim.es\/de\/","logo":{"@type":"ImageObject","inLanguage":"de","@id":"https:\/\/www.pilgrim.es\/de\/#\/schema\/logo\/image\/","url":"https:\/\/www.pilgrim.es\/wp-content\/uploads\/2019\/04\/logo_pilgrim.png","contentUrl":"https:\/\/www.pilgrim.es\/wp-content\/uploads\/2019\/04\/logo_pilgrim.png","width":512,"height":512,"caption":"Pilgrim Camino de Santiago"},"image":{"@id":"https:\/\/www.pilgrim.es\/de\/#\/schema\/logo\/image\/"},"sameAs":["https:\/\/www.facebook.com\/pilgrim.es\/","https:\/\/x.com\/pilgrim_es","https:\/\/www.instagram.com\/pilgrim.es\/","https:\/\/www.linkedin.com\/company\/pilgrim-camino-de-santiago\/","https:\/\/www.pinterest.es\/pilgrimcaminodesantiago\/","https:\/\/www.youtube.com\/channel\/UCIv2ZzFLXVqthkNF32rKedw\/featured"]}]}},"_links":{"self":[{"href":"https:\/\/www.pilgrim.es\/de\/wp-json\/wp\/v2\/pages\/91299","targetHints":{"allow":["GET"]}}],"collection":[{"href":"https:\/\/www.pilgrim.es\/de\/wp-json\/wp\/v2\/pages"}],"about":[{"href":"https:\/\/www.pilgrim.es\/de\/wp-json\/wp\/v2\/types\/page"}],"replies":[{"embeddable":true,"href":"https:\/\/www.pilgrim.es\/de\/wp-json\/wp\/v2\/comments?post=91299"}],"version-history":[{"count":0,"href":"https:\/\/www.pilgrim.es\/de\/wp-json\/wp\/v2\/pages\/91299\/revisions"}],"up":[{"embeddable":true,"href":"https:\/\/www.pilgrim.es\/de\/wp-json\/wp\/v2\/pages\/10670"}],"wp:featuredmedia":[{"embeddable":true,"href":"https:\/\/www.pilgrim.es\/de\/wp-json\/wp\/v2\/media\/1804"}],"wp:attachment":[{"href":"https:\/\/www.pilgrim.es\/de\/wp-json\/wp\/v2\/media?parent=91299"}],"wp:term":[{"taxonomy":"category","embeddable":true,"href":"https:\/\/www.pilgrim.es\/de\/wp-json\/wp\/v2\/categories?post=91299"},{"taxonomy":"post_tag","embeddable":true,"href":"https:\/\/www.pilgrim.es\/de\/wp-json\/wp\/v2\/tags?post=91299"}],"curies":[{"name":"wp","href":"https:\/\/api.w.org\/{rel}","templated":true}]}}