{"id":91296,"date":"2025-03-17T14:53:49","date_gmt":"2025-03-17T14:53:49","guid":{"rendered":"https:\/\/www.pilgrim.es\/weg-im-norden\/gijon\/"},"modified":"2026-04-24T07:46:12","modified_gmt":"2026-04-24T07:46:12","slug":"gijon","status":"publish","type":"page","link":"https:\/\/www.pilgrim.es\/de\/weg-im-norden\/gijon\/","title":{"rendered":"Gij\u00f3n"},"content":{"rendered":"\n<section id=\"hero\">\n\t<h1>Gij\u00f3n<\/h1>\n\t<div class=\"hero-grid\">\n\t\t<div class=\"hero-grid__town-col\" data-background=\"https:\/\/cdn.pilgrim.es\/web\/caminos\/camino-norte\/pueblos\/gijon.jpg\">\n\t\t\t<div>\n\t\t\t\t<a class=\"link-to-stage\" href=\"https:\/\/www.pilgrim.es\/camino-norte\/etapa-19-colunga-villaviciosa\/\">\n\t\t\t\t\t<p>&#8249; Zur\u00fcck zur B\u00fchne<\/p>\n\t\t\t\t<\/a>\n\n\t\t\t\t<div class=\"town-data\">\n\t\t\t\t\t<h2>Gij\u00f3n<\/h2>\n\t\t\t\t\t<ul>\n\t\t\t\t\t\t<li>Einwohner: 274.290 aprox.<\/li>\n\t\t\t\t\t\t<li>Bundesland: Asturias<\/li>\n\t\t\t\t\t<\/ul>\n\t\t\t\t<\/div>\n\t\t\t<\/div>\n\t\t<\/div>\n\t\t<div class=\"hero-grid__planner-col\"><div\r\n  class=\"p-col-span-1 p-rounded-lg p-px-5 p-h-full\"\r\n  style=\"background-image: url('https:\/\/cdn.pilgrim.es\/web\/pilgrim-planner\/bg-plugin-planificador.webp')\"\r\n  rel=\"preload\"\r\n  fetchpriority=\"high\"\r\n  >\r\n    <div class=\"p-text-center p-pt-5 p-text-white p-text-2xl p-font-semibold\">\r\n      Plane deinen Weg    <\/div>\r\n    <div\r\n            id='primary-app'\r\n            data-name='banner'\r\n            data-api='https:\/\/pathfinder.pilgrim.es\/api\/pathfinder\/v2'\r\n            data-mode='normal'\r\n            data-lang='de'\r\n            data-route='1'\r\n            data-destiny='https:\/\/planificador.pilgrim.es'\r\n            data-modality='1'\r\n            data-inline=''\r\n        ><\/div><\/div><\/div>\n\t<\/div>\n<\/section>\n\n<section id=\"infoTown\">\n\t<div class=\"sections-town\">\n\n\t\t<div id=\"informationSection\">\n\t\t\t<div>\n\t\t\t\t<h2 class=\"p-h2-town\">Informationen<\/h2>\n\t\t\t\t<hr>\n\t\t\t\t<h3 class=\"p-h3-town\">Get to know Gij\u00f3n<\/h3>\n\t\t\t<\/div>\n\t\t\t<p>Gij\u00f3n ist eine K\u00fcstenstadt im Norden Spaniens, in der das Kantabrische Meer und die jakobinische Tradition miteinander verschmelzen, da sie direkt am Camino del Norte liegt, einer der sch\u00f6nsten historischen Routen. Pilger aus aller Welt ziehen entlang dieses K\u00fcstenabschnitts und finden in Gij\u00f3n einen Ort der Ruhe mit einem reichen maritimen, kulturellen und gastronomischen Erbe. Die Strandpromenade, die Altstadt und die einladende Atmosph\u00e4re machen die Stadt zu einem besonderen Halt auf dem Jakobsweg, wo sich Tradition, Gastfreundschaft und Landschaft vereinen.\n\t\t<\/div>\n\n\t\t<div id=\"locationSection\">\n\t\t\t<div>\n\t\t\t\t<h2 class=\"p-h2-town\">Standort<\/h2>\n\t\t\t\t<hr>\n\t\t\t\t<h3 class=\"p-h3-town\">Wegbeschreibung<\/h3>\n\t\t\t<\/div>\n\t\t\t<p>Die Stadt Gij\u00f3n ist strategisch g\u00fcnstig gelegen und wird von den Hauptverkehrsstra\u00dfen der n\u00f6rdlichen H\u00e4lfte der Halbinsel angefahren, wie der A-8, der A-66, der GJ-81, der AS-I und der AS-II. Dar\u00fcber hinaus gibt es noch weitere Stra\u00dfen wie die N-630 und die N-634 oder die AS-19, AS-264, AS-248 und AS-266.\n\n<p>Die Stadt verf\u00fcgt \u00fcber einen Busbahnhof und einen Bahnhof, die beide t\u00e4glich Linien in die gr\u00f6\u00dferen St\u00e4dte, aber auch in die Au\u00dfenbezirke der Stadt anbieten. Die wichtigsten Linien f\u00fchren nach Oviedo, Avil\u00e9s, Madrid und Gij\u00f3n.\n\t\t\t<div>\n\t\t\t\t<div>\n  <iframe loading=\"lazy\"\n    src=\"https:\/\/www.google.com\/maps\/d\/embed?mid=15TbEbt-3yNykJUDMXmH7slKp1v-1DLQ&amp;ehbc=2E312F\"\n    width=\"640\"\n    height=\"480\"\n    alt=\"Mapa Gij\u00f3n\"\n  ><\/iframe>\n<\/div>\n\n\t\t\t<\/div>\n\t\t<\/div>\n\n\t\t\n\t\t\t<div id=\"toVisitSection\">\n\t\t\t\t<div>\n\t\t\t\t\t<h2 class=\"p-h2-town\">Geschichte \/ Kultur<\/h2>\n\t\t\t\t\t<hr>\n\t\t\t\t\t<h3 class=\"p-h3-town\">Was es zu sehen gibt<\/h3>\n\t\t\t\t<\/div>\n\t\t\t\t<div>\n\t\t\t\t\t<div class=\"accordion\">\n\t\t\t\t\t\t<div class=\"accordion__menu\">\n\t\t\t\t\t\t\t<nav>\n\t\t\t\t\t\t\t\t\n\t\t\t\t\t\t\t\t\t<button class=\"nav-tab-accordion active\"><span>&#10093;<\/span><span> Capilla de San Lorenzo<\/span><\/button>\n\t\t\t\t\t\t\t\t\n\t\t\t\t\t\t\t\t\t<button class=\"nav-tab-accordion \"><span>&#10093;<\/span><span> Casino de Asturias<\/span><\/button>\n\t\t\t\t\t\t\t\t\n\t\t\t\t\t\t\t\t\t<button class=\"nav-tab-accordion \"><span>&#10093;<\/span><span> Centro de Interpretacio\u0301n de la Naturaleza<\/span><\/button>\n\t\t\t\t\t\t\t\t\n\t\t\t\t\t\t\t\t\t<button class=\"nav-tab-accordion \"><span>&#10093;<\/span><span> Centro de Interpretacio\u0301n del Cine<\/span><\/button>\n\t\t\t\t\t\t\t\t\n\t\t\t\t\t\t\t\t\t<button class=\"nav-tab-accordion \"><span>&#10093;<\/span><span> Centro de Experimentaci\u00f3n Pesquera<\/span><\/button>\n\t\t\t\t\t\t\t\t\n\t\t\t\t\t\t\t\t\t<button class=\"nav-tab-accordion \"><span>&#10093;<\/span><span> Cerro de Santa Catalina<\/span><\/button>\n\t\t\t\t\t\t\t\t\n\t\t\t\t\t\t\t\t\t<button class=\"nav-tab-accordion \"><span>&#10093;<\/span><span> Iglesia de San Jose\u0301<\/span><\/button>\n\t\t\t\t\t\t\t\t\n\t\t\t\t\t\t\t\t\t<button class=\"nav-tab-accordion \"><span>&#10093;<\/span><span> Iglesia de San Lorenzo<\/span><\/button>\n\t\t\t\t\t\t\t\t\n\t\t\t\t\t\t\t\t\t<button class=\"nav-tab-accordion \"><span>&#10093;<\/span><span> Iglesia de San Pedro<\/span><\/button>\n\t\t\t\t\t\t\t\t\n\t\t\t\t\t\t\t\t\t<button class=\"nav-tab-accordion \"><span>&#10093;<\/span><span> Jardi\u0301n Bota\u0301nico Atla\u0301ntico<\/span><\/button>\n\t\t\t\t\t\t\t\t\n\t\t\t\t\t\t\t\t\t<button class=\"nav-tab-accordion \"><span>&#10093;<\/span><span> Museo casa Jovellanos<\/span><\/button>\n\t\t\t\t\t\t\t\t\n\t\t\t\t\t\t\t\t\t<button class=\"nav-tab-accordion \"><span>&#10093;<\/span><span> Museo del Ferrocarril<\/span><\/button>\n\t\t\t\t\t\t\t\t\n\t\t\t\t\t\t\t\t\t<button class=\"nav-tab-accordion \"><span>&#10093;<\/span><span> Museo del pueblo de Asturias<\/span><\/button>\n\t\t\t\t\t\t\t\t\n\t\t\t\t\t\t\t\t\t<button class=\"nav-tab-accordion \"><span>&#10093;<\/span><span> Museo Evaristo Valle<\/span><\/button>\n\t\t\t\t\t\t\t\t\n\t\t\t\t\t\t\t\t\t<button class=\"nav-tab-accordion \"><span>&#10093;<\/span><span> Museo internacional de la gaita<\/span><\/button>\n\t\t\t\t\t\t\t\t\n\t\t\t\t\t\t\t\t\t<button class=\"nav-tab-accordion \"><span>&#10093;<\/span><span> Museo torre del reloj<\/span><\/button>\n\t\t\t\t\t\t\t\t\n\t\t\t\t\t\t\t\t\t<button class=\"nav-tab-accordion \"><span>&#10093;<\/span><span> Palacio de Revillagigedo<\/span><\/button>\n\t\t\t\t\t\t\t\t\n\t\t\t\t\t\t\t\t\t<button class=\"nav-tab-accordion \"><span>&#10093;<\/span><span> Parque arqueolo\u0301gico de la Campa<\/span><\/button>\n\t\t\t\t\t\t\t\t\n\t\t\t\t\t\t\t\t\t<button class=\"nav-tab-accordion \"><span>&#10093;<\/span><span> Parque de Isabel La Cato\u0301lica<\/span><\/button>\n\t\t\t\t\t\t\t\t\n\t\t\t\t\t\t\t\t\t<button class=\"nav-tab-accordion \"><span>&#10093;<\/span><span> Playas<\/span><\/button>\n\t\t\t\t\t\t\t\t\n\t\t\t\t\t\t\t\t\t<button class=\"nav-tab-accordion \"><span>&#10093;<\/span><span> Santuario de Nuestra Sen\u0303ora de Contrueces<\/span><\/button>\n\t\t\t\t\t\t\t\t\n\t\t\t\t\t\t\t\t\t<button class=\"nav-tab-accordion \"><span>&#10093;<\/span><span> Universidad Laboral<\/span><\/button>\n\t\t\t\t\t\t\t\t\n\t\t\t\t\t\t\t\t\t<button class=\"nav-tab-accordion \"><span>&#10093;<\/span><span> Teatro Jovellanos<\/span><\/button>\n\t\t\t\t\t\t\t\t\n\t\t\t\t\t\t\t\t\t<button class=\"nav-tab-accordion \"><span>&#10093;<\/span><span> Termas romanas de campo Valde\u0301s<\/span><\/button>\n\t\t\t\t\t\t\t\t\n\t\t\t\t\t\t\t\t\t<button class=\"nav-tab-accordion \"><span>&#10093;<\/span><span> Aquarium<\/span><\/button>\n\t\t\t\t\t\t\t\t\n\t\t\t\t\t\t\t\t\t<button class=\"nav-tab-accordion \"><span>&#10093;<\/span><span> Basilica del Sagrado Corazo\u0301n<\/span><\/button>\n\t\t\t\t\t\t\t\t\n\t\t\t\t\t\t\t<\/nav>\n\t\t\t\t\t\t<\/div>\n\n\t\t\t\t\t\t\n\t\t\t\t\t\t\t<div class=\"accordion__accordion-content \">\n\t\t\t\t\t\t\t\t<div>\n\t\t\t\t\t\t\t\t\t<div>\n\t\t\t\t\t\t\t\t\t\t<h4>Capilla de San Lorenzo<\/h4>\n\t\t\t\t\t\t\t\t\t\t<p>Die Kapelle San Lorenzo im Zentrum von Gij\u00f3n ist bekannt f\u00fcr ihren gro\u00dfen Ausstellungssaal aus Sandsteinquadern. Sie ist das ganze Jahr \u00fcber ge\u00f6ffnet und beherbergt eine Vielzahl von Ausstellungen und kulturellen Veranstaltungen. Erw\u00e4hnenswert sind das Portal, das aus einem Rundbogen besteht, der in einem geschwungenen Giebel endet, und der mit Pyramiden- und Kugelzinnen verzierte Glockenturm.\n\t\t\t\t\t\t\t\t\t<\/div>\n\t\t\t\t\t\t\t\t\t<img decoding=\"async\" src=\"https:\/\/cdn.pilgrim.es\/web\/caminos\/camino-norte\/pueblos\/gijon\/puntos-de-interes\/capilla-de-san-lorenzo.jpg\" alt=\"Capilla de San Lorenzo\">\n\t\t\t\t\t\t\t\t<\/div>\n\t\t\t\t\t\t\t<\/div>\n\t\t\t\t\t\t\n\t\t\t\t\t\t\t<div class=\"accordion__accordion-content inactive\">\n\t\t\t\t\t\t\t\t<div>\n\t\t\t\t\t\t\t\t\t<div>\n\t\t\t\t\t\t\t\t\t\t<h4>Casino de Asturias<\/h4>\n\t\t\t\t\t\t\t\t\t\t<p>Das Casino von Asturien ist ein monumentales Geb\u00e4ude im Zentrum der Stadt Gij\u00f3n. Es ist ein Vergn\u00fcgungs- und Freizeitzentrum, in dem die Besucher eine Vielzahl von Freizeitaktivit\u00e4ten genie\u00dfen k\u00f6nnen: Gl\u00fccksspiele, Ausstellungsr\u00e4ume, einen Tagungsraum mit der siebten Kunst, einen hochmodernen Erholungsbereich und einen Partyraum. All diese Aktivit\u00e4ten k\u00f6nnen durch ein exklusives gastronomisches Angebot erg\u00e4nzt werden. <\/p>\n\n<\/p> <p>Au\u00dferdem ist das Innere des Geb\u00e4udes mit Werken von Dal\u00ed, Gem\u00e4lden von Mir\u00f3 und anderen wertvollen Kunstwerken ausgestattet.\n\t\t\t\t\t\t\t\t\t<\/div>\n\t\t\t\t\t\t\t\t\t<img decoding=\"async\" src=\"https:\/\/cdn.pilgrim.es\/web\/caminos\/camino-norte\/pueblos\/gijon\/puntos-de-interes\/casino-de-asturias.jpg\" alt=\"Casino de Asturias\">\n\t\t\t\t\t\t\t\t<\/div>\n\t\t\t\t\t\t\t<\/div>\n\t\t\t\t\t\t\n\t\t\t\t\t\t\t<div class=\"accordion__accordion-content inactive\">\n\t\t\t\t\t\t\t\t<div>\n\t\t\t\t\t\t\t\t\t<div>\n\t\t\t\t\t\t\t\t\t\t<h4>Centro de Interpretacio\u0301n de la Naturaleza<\/h4>\n\t\t\t\t\t\t\t\t\t\t<p>Das Naturinterpretationszentrum Monte Deva ist ein Museum, das im Jahr 2002 dank der Restaurierung des Herrenhauses, in dem es untergebracht ist, eingeweiht wurde. Der Zweck dieser Einrichtung ist es, Aktivit\u00e4ten im Zusammenhang mit der Umwelt anzubieten. <\/p>\n\n<\/p> <p>Zu diesem Zweck beherbergt das Geb\u00e4ude verschiedene R\u00e4ume, darunter ein Empfangszentrum f\u00fcr Besucher, eine Bibliothek, einen Ausstellungssaal, einen Mehrzweckraum und einen Versammlungsraum.\n\t\t\t\t\t\t\t\t\t<\/div>\n\t\t\t\t\t\t\t\t\t<img decoding=\"async\" src=\"https:\/\/cdn.pilgrim.es\/web\/caminos\/camino-norte\/pueblos\/gijon\/puntos-de-interes\/centro-de-interpretacion-de-la-naturaleza.jpg\" alt=\"Centro de Interpretacio\u0301n de la Naturaleza\">\n\t\t\t\t\t\t\t\t<\/div>\n\t\t\t\t\t\t\t<\/div>\n\t\t\t\t\t\t\n\t\t\t\t\t\t\t<div class=\"accordion__accordion-content inactive\">\n\t\t\t\t\t\t\t\t<div>\n\t\t\t\t\t\t\t\t\t<div>\n\t\t\t\t\t\t\t\t\t\t<h4>Centro de Interpretacio\u0301n del Cine<\/h4>\n\t\t\t\t\t\t\t\t\t\t<p>Das Interpretationszentrum des Kinos in Asturien befindet sich im vierten Stock des Kasinos von Gij\u00f3n und bietet einen Streifzug durch die Geschichte des Kinos in Asturien mit seinen repr\u00e4sentativsten Figuren und Werken.<\/p> <p>Das Interpretationszentrum des Kinos in Asturien befindet sich im vierten Stock des Kasinos von Gij\u00f3n und bietet einen Streifzug durch die Geschichte des Kinos in Asturien mit seinen repr\u00e4sentativsten Figuren und Werken.\n\n<p>Um diese Reise bekannt zu machen, werden jedes Jahr so unterschiedliche Aktivit\u00e4ten wie Filmzyklen, Buchpr\u00e4sentationen, Konferenzen von Fachleuten aus der audiovisuellen Welt und Musikkonzerte in seinem audiovisuellen und Konferenzraum veranstaltet. Es verf\u00fcgt auch \u00fcber einen Raum f\u00fcr tempor\u00e4re Ausstellungen, der aus einem didaktischen Bereich, dem Kino selbst, dem Tonbereich, der Logistik und der Bibliothek besteht.\n\t\t\t\t\t\t\t\t\t<\/div>\n\t\t\t\t\t\t\t\t\t<img decoding=\"async\" src=\"https:\/\/cdn.pilgrim.es\/web\/caminos\/camino-norte\/pueblos\/gijon\/puntos-de-interes\/centro-de-interpretacion-del-cine.jpg\" alt=\"Centro de Interpretacio\u0301n del Cine\">\n\t\t\t\t\t\t\t\t<\/div>\n\t\t\t\t\t\t\t<\/div>\n\t\t\t\t\t\t\n\t\t\t\t\t\t\t<div class=\"accordion__accordion-content inactive\">\n\t\t\t\t\t\t\t\t<div>\n\t\t\t\t\t\t\t\t\t<div>\n\t\t\t\t\t\t\t\t\t\t<h4>Centro de Experimentaci\u00f3n Pesquera<\/h4>\n\t\t\t\t\t\t\t\t\t\t<p>Das Fischereiversuchszentrum ist ein Museum, das 1985 mit dem Ziel er\u00f6ffnet wurde, Material \u00fcber die Fischerei und die Meereswelt in Asturien zu verbreiten. Unter diesen Materialien befinden sich auch Wirbeltiere und wirbellose Tiere sowie Abteilungen, die auf Krebstiere, Fische, Kopff\u00fc\u00dfer und Malakologie spezialisiert sind. <\/p>\n\n<\/p> <p>Es gibt auch einen Saal, der ausschlie\u00dflich der Geschichte und den Fischerbooten gewidmet ist.\n\t\t\t\t\t\t\t\t\t<\/div>\n\t\t\t\t\t\t\t\t\t<img decoding=\"async\" src=\"https:\/\/cdn.pilgrim.es\/web\/caminos\/camino-norte\/pueblos\/gijon\/puntos-de-interes\/centro-de-experimentacion-pesquera.jpg\" alt=\"Centro de Experimentaci\u00f3n Pesquera\">\n\t\t\t\t\t\t\t\t<\/div>\n\t\t\t\t\t\t\t<\/div>\n\t\t\t\t\t\t\n\t\t\t\t\t\t\t<div class=\"accordion__accordion-content inactive\">\n\t\t\t\t\t\t\t\t<div>\n\t\t\t\t\t\t\t\t\t<div>\n\t\t\t\t\t\t\t\t\t\t<h4>Cerro de Santa Catalina<\/h4>\n\t\t\t\t\t\t\t\t\t\t<p>Der Cerro de Santa Catalina ist ein Park, der vor allem von zwei Skulpturen gekr\u00f6nt wird: Auf dem Gipfel steht die Skulptur &#8222;Elogio del Horizonte&#8220;, ein Werk von Chillida, und an einem der Eing\u00e4nge zum Park befindet sich die Skulptur &#8222;Nordeste&#8220; von Joaqu\u00edn Vaquero Turcios.<\/p> <p>Die Skulptur &#8222;Nordeste&#8220; von Joaqu\u00edn Vaquero Turcios befindet sich am Eingang des Parks.\n\t\t\t\t\t\t\t\t\t<\/div>\n\t\t\t\t\t\t\t\t\t<img decoding=\"async\" src=\"https:\/\/cdn.pilgrim.es\/web\/caminos\/camino-norte\/pueblos\/gijon\/puntos-de-interes\/cerro-de-santa-catalina.jpg\" alt=\"Cerro de Santa Catalina\">\n\t\t\t\t\t\t\t\t<\/div>\n\t\t\t\t\t\t\t<\/div>\n\t\t\t\t\t\t\n\t\t\t\t\t\t\t<div class=\"accordion__accordion-content inactive\">\n\t\t\t\t\t\t\t\t<div>\n\t\t\t\t\t\t\t\t\t<div>\n\t\t\t\t\t\t\t\t\t\t<h4>Iglesia de San Jose\u0301<\/h4>\n\t\t\t\t\t\t\t\t\t\t<p>Die Kirche San Jos\u00e9 ist das Ergebnis der Umgestaltung eines alten Gotteshauses aus dem Ende des 19. Jahrhunderts, ein Werk des Architekten Nicol\u00e1s Garc\u00eda Rivero. Die Kirche hat drei Schiffe, von denen das mittlere das l\u00e4ngste ist, und besteht aus einem S\u00e4ulengang, einem Querschiff, einem Presbyterium und den bereits erw\u00e4hnten Seitenschiffen. <\/p>\n\n<p>Das Querschiff wird von einer gro\u00dfen runden Kuppel \u00fcberdacht und \u00fcber den hinteren Schiffen befindet sich eine Trib\u00fcne, die durch ein schmiedeeisernes Tor und Bronzeelemente gesch\u00fctzt ist. Die Hauptfassade gliedert sich in einen dreigeschossigen Mittelteil, der in einem Giebel endet, der von zwei T\u00fcrmen flankiert wird, die in einer Kuppel enden.<\/p> <p>Die Hauptfassade des Geb\u00e4udes besteht aus einem dreigeschossigen Mittelteil, der in einem Giebel endet, der von zwei T\u00fcrmen flankiert wird, die in einer Kuppel enden.\n\t\t\t\t\t\t\t\t\t<\/div>\n\t\t\t\t\t\t\t\t\t<img decoding=\"async\" src=\"https:\/\/cdn.pilgrim.es\/web\/caminos\/camino-norte\/pueblos\/gijon\/puntos-de-interes\/iglesia-de-san-jose.jpg\" alt=\"Iglesia de San Jose\u0301\">\n\t\t\t\t\t\t\t\t<\/div>\n\t\t\t\t\t\t\t<\/div>\n\t\t\t\t\t\t\n\t\t\t\t\t\t\t<div class=\"accordion__accordion-content inactive\">\n\t\t\t\t\t\t\t\t<div>\n\t\t\t\t\t\t\t\t\t<div>\n\t\t\t\t\t\t\t\t\t\t<h4>Iglesia de San Lorenzo<\/h4>\n\t\t\t\t\t\t\t\t\t\t<p>Die Kirche San Lorenzo mit sp\u00e4tmittelalterlichen gotischen Z\u00fcgen wurde 1896 und 1901 von Luis Bellido y Gonz\u00e1lez erbaut und weist eine F\u00fclle von Glasfenstern, spitzbogigen Formen und Fialen auf. Die Struktur der Kirche basiert auf einem Grundriss mit lateinischem Kreuz, der von einem flachen Dachreiter gekr\u00f6nt wird. <\/p>\n\n<p>Die Fassade zeichnet sich durch das Fehlen von \u00d6ffnungen aus, die f\u00fcr den gotischen Stil charakteristisch sind, und weist einen traditionellen Portikus mit Giebel und zentraler Rosette auf. Der gesamte Komplex wird von zwei T\u00fcrmen mit dreifl\u00fcgeligen B\u00f6gen flankiert, die in Fialen enden. Im Inneren sticht das Bildnis der Jungfrau mit dem auferstandenen Christus, ein Werk von Joaqu\u00edn Rubio Cam\u00edn, hervor.\n\t\t\t\t\t\t\t\t\t<\/div>\n\t\t\t\t\t\t\t\t\t<img decoding=\"async\" src=\"https:\/\/cdn.pilgrim.es\/web\/caminos\/camino-norte\/pueblos\/gijon\/puntos-de-interes\/iglesia-de-san-lorenzo.jpg\" alt=\"Iglesia de San Lorenzo\">\n\t\t\t\t\t\t\t\t<\/div>\n\t\t\t\t\t\t\t<\/div>\n\t\t\t\t\t\t\n\t\t\t\t\t\t\t<div class=\"accordion__accordion-content inactive\">\n\t\t\t\t\t\t\t\t<div>\n\t\t\t\t\t\t\t\t\t<div>\n\t\t\t\t\t\t\t\t\t\t<h4>Iglesia de San Pedro<\/h4>\n\t\t\t\t\t\t\t\t\t\t<p>Die Kirche San Pedro wurde in der Mitte des 20. Jahrhunderts, genauer gesagt in den 1950er Jahren, von Francisco und Federico Somolinos auf den \u00dcberresten eines alten Tempels aus dem 15. <\/p>\n\nJh. <\/p> <p>Das Bauwerk ist aufgrund seiner senkrecht \u00fcbereinander liegenden Gew\u00f6lbe, der Strebepfeiler, des erh\u00f6hten Querschiffs und der dekorativen Elemente wie dem Gitterwerk, dem Sogueado der S\u00e4ulen und den dreiteiligen Fenstern dem asturischen vorromanischen Stil zuzuordnen.<\/p> <p>Die Kirche wurde Mitte des 20. Jh. von Francisco und Federico Somolinos auf den Resten einer alten Kirche aus dem 15.\n\t\t\t\t\t\t\t\t\t<\/div>\n\t\t\t\t\t\t\t\t\t<img decoding=\"async\" src=\"https:\/\/cdn.pilgrim.es\/web\/caminos\/camino-norte\/pueblos\/gijon\/puntos-de-interes\/iglesia-de-san-pedro.jpg\" alt=\"Iglesia de San Pedro\">\n\t\t\t\t\t\t\t\t<\/div>\n\t\t\t\t\t\t\t<\/div>\n\t\t\t\t\t\t\n\t\t\t\t\t\t\t<div class=\"accordion__accordion-content inactive\">\n\t\t\t\t\t\t\t\t<div>\n\t\t\t\t\t\t\t\t\t<div>\n\t\t\t\t\t\t\t\t\t\t<h4>Jardi\u0301n Bota\u0301nico Atla\u0301ntico<\/h4>\n\t\t\t\t\t\t\t\t\t\t<p>Der Atlantische Botanische Garten liegt etwa drei Kilometer vom Stadtzentrum von Gij\u00f3n entfernt und in der N\u00e4he der Universidad Laboral.<\/p> <p>Der Atlantische Botanische Garten liegt etwa drei Kilometer vom Stadtzentrum von Gij\u00f3n entfernt und in der N\u00e4he der Universidad Laboral.\n\n<p>Auf einer Fl\u00e4che von etwa 25 Hektar beherbergt er rund 30.000 Pflanzen von 2.000 verschiedenen Arten, die nach ihrem jeweiligen Lebensraum geordnet sind. <\/p>\n\n<p>Der Garten ist also in vier Bereiche aufgeteilt: den kantabrischen Bereich, die Gem\u00fcsefabrik, einen Bereich, der dem historischen Garten der Insel gewidmet ist, und den atlantischen Bereich.\n\t\t\t\t\t\t\t\t\t<\/div>\n\t\t\t\t\t\t\t\t\t<img decoding=\"async\" src=\"https:\/\/cdn.pilgrim.es\/web\/caminos\/camino-norte\/pueblos\/gijon\/puntos-de-interes\/jardin-botanico-atlantico.jpg\" alt=\"Jardi\u0301n Bota\u0301nico Atla\u0301ntico\">\n\t\t\t\t\t\t\t\t<\/div>\n\t\t\t\t\t\t\t<\/div>\n\t\t\t\t\t\t\n\t\t\t\t\t\t\t<div class=\"accordion__accordion-content inactive\">\n\t\t\t\t\t\t\t\t<div>\n\t\t\t\t\t\t\t\t\t<div>\n\t\t\t\t\t\t\t\t\t\t<h4>Museo casa Jovellanos<\/h4>\n\t\t\t\t\t\t\t\t\t\t<p>Das Jovellanos-Geburtshaus-Museum wurde 1971 er\u00f6ffnet und pr\u00e4sentierte die Kunstsammlung, die bereits im Erdgeschoss des ehemaligen Jovellanos-Instituts ausgestellt war. Seitdem ist es das Ziel des Museums, der Gesellschaft die Dokumentation, Forschung, Erhaltung, Bildung und Verbreitung seiner Sammlungen zu zeigen.\n\n<p>Die beiden S\u00e4le, die der Verbreitung des Lebens und des Werks von Jovellanos gewidmet sind, werden erg\u00e4nzt durch einen gro\u00dfen Rundgang durch die asturische Kunst des 19. und 20. Jahrhunderts und eine besondere Darstellung der wichtigsten europ\u00e4ischen Schulen des 17. und 18. Jahrhunderts, unter denen die fl\u00e4mische und die niederl\u00e4ndische Schule hervorstechen.\n\t\t\t\t\t\t\t\t\t<\/div>\n\t\t\t\t\t\t\t\t\t<img decoding=\"async\" src=\"https:\/\/cdn.pilgrim.es\/web\/caminos\/camino-norte\/pueblos\/gijon\/puntos-de-interes\/museo-casa-jovellanos.jpg\" alt=\"Museo casa Jovellanos\">\n\t\t\t\t\t\t\t\t<\/div>\n\t\t\t\t\t\t\t<\/div>\n\t\t\t\t\t\t\n\t\t\t\t\t\t\t<div class=\"accordion__accordion-content inactive\">\n\t\t\t\t\t\t\t\t<div>\n\t\t\t\t\t\t\t\t\t<div>\n\t\t\t\t\t\t\t\t\t\t<h4>Museo del Ferrocarril<\/h4>\n\t\t\t\t\t\t\t\t\t\t<p>Das Eisenbahnmuseum von Asturien wurde mit dem Ziel gegr\u00fcndet, das Material der Eisenbahn durch verschiedene Dauerausstellungen zu beherbergen und zu verbreiten. Diese Ausstellungen zeigen die Vergangenheit, die Gegenwart und die Zukunft der verschiedenen Eisenbahnprozesse in Bezug auf Technologie, Kosten, Entwicklung als Transportmittel, Br\u00e4uche und soziales Verhalten.\n\t\t\t\t\t\t\t\t\t<\/div>\n\t\t\t\t\t\t\t\t\t<img decoding=\"async\" src=\"https:\/\/cdn.pilgrim.es\/web\/caminos\/camino-norte\/pueblos\/gijon\/puntos-de-interes\/museo-del-ferrocarril.jpg\" alt=\"Museo del Ferrocarril\">\n\t\t\t\t\t\t\t\t<\/div>\n\t\t\t\t\t\t\t<\/div>\n\t\t\t\t\t\t\n\t\t\t\t\t\t\t<div class=\"accordion__accordion-content inactive\">\n\t\t\t\t\t\t\t\t<div>\n\t\t\t\t\t\t\t\t\t<div>\n\t\t\t\t\t\t\t\t\t\t<h4>Museo del pueblo de Asturias<\/h4>\n\t\t\t\t\t\t\t\t\t\t<p>Das Museum des Volkes von Asturien wurde 1968 mit dem Ziel er\u00f6ffnet, die Erinnerung an das asturische Volk zu bewahren und zu verbreiten. Es beherbergt umfangreiche Sammlungen zu Fotografie, Ethnologie, Musikinstrumenten, Legenden, Erz\u00e4hlungen und Liedern aus Asturien.\n\n<p>Um das Museum bekannt zu machen, finden im Museum verschiedene Konferenzen, Ausstellungen, Seminare, Konzerte und p\u00e4dagogische Workshops statt. Es geh\u00f6rt auch zum Netzwerk der Archive und Forscher der Volksschrift, einer Organisation, die sich mit dem Studium und der Bewahrung des schriftlichen Ged\u00e4chtnisses einer jeden Person befasst.\n\t\t\t\t\t\t\t\t\t<\/div>\n\t\t\t\t\t\t\t\t\t<img decoding=\"async\" src=\"https:\/\/cdn.pilgrim.es\/web\/caminos\/camino-norte\/pueblos\/gijon\/puntos-de-interes\/museo-del-pueblo-de-asturias.jpg\" alt=\"Museo del pueblo de Asturias\">\n\t\t\t\t\t\t\t\t<\/div>\n\t\t\t\t\t\t\t<\/div>\n\t\t\t\t\t\t\n\t\t\t\t\t\t\t<div class=\"accordion__accordion-content inactive\">\n\t\t\t\t\t\t\t\t<div>\n\t\t\t\t\t\t\t\t\t<div>\n\t\t\t\t\t\t\t\t\t\t<h4>Museo Evaristo Valle<\/h4>\n\t\t\t\t\t\t\t\t\t\t<p>Das Museum Evaristo Valle wurde 1981 von Mar\u00eda Rodr\u00edguez del Valle, der Nichte des Malers Evaristo Valle, als Kulturstiftung gegr\u00fcndet. Nach dem Tod des K\u00fcnstlers im Jahr 1951 bewahrte Mar\u00eda seine pers\u00f6nlichen Gegenst\u00e4nde und seine Werke auf, und heute werden diese Schmuckst\u00fccke in diesem Museum gesammelt. <\/p>\n\n<p>Dieser Raum zeigt st\u00e4ndig mehr als hundert Werke des K\u00fcnstlers, die chronologisch, nach Themen oder nach Techniken geordnet sind und dem Besucher die M\u00f6glichkeit geben, seine gro\u00dfartige Malerei und Zeichenkunst zu bewundern. Das Museum beherbergt auch eine Sammlung von Muscheln, die der K\u00fcnstler von seinem Vater geerbt hat.  <\/p>\n\t\t\t\t\t\t\t\t\t<\/div>\n\t\t\t\t\t\t\t\t\t<img decoding=\"async\" src=\"https:\/\/cdn.pilgrim.es\/web\/caminos\/camino-norte\/pueblos\/gijon\/puntos-de-interes\/museo-evaristo-valle.jpg\" alt=\"Museo Evaristo Valle\">\n\t\t\t\t\t\t\t\t<\/div>\n\t\t\t\t\t\t\t<\/div>\n\t\t\t\t\t\t\n\t\t\t\t\t\t\t<div class=\"accordion__accordion-content inactive\">\n\t\t\t\t\t\t\t\t<div>\n\t\t\t\t\t\t\t\t\t<div>\n\t\t\t\t\t\t\t\t\t\t<h4>Museo internacional de la gaita<\/h4>\n\t\t\t\t\t\t\t\t\t\t<p>Das Internationale Dudelsackmuseum wurde 1966 mit dem Ziel er\u00f6ffnet, die Vielfalt der weltweit verwendeten Dudels\u00e4cke sowie ihre Melodien, T\u00e4nze und Traditionen zu pr\u00e4sentieren. Derzeit ist das Dudelsackmuseum Teil des Mus\u00e9u del Pueblu d&#8217;Asturies und seine Sammlung wird in vier S\u00e4len pr\u00e4sentiert: <\/p>\n\t\t\t\t\t\t\t\t\t<\/div>\n\t\t\t\t\t\t\t\t\t<img decoding=\"async\" src=\"https:\/\/cdn.pilgrim.es\/web\/caminos\/camino-norte\/pueblos\/gijon\/puntos-de-interes\/museo-internacional-de-la-gaita.jpg\" alt=\"Museo internacional de la gaita\">\n\t\t\t\t\t\t\t\t<\/div>\n\t\t\t\t\t\t\t<\/div>\n\t\t\t\t\t\t\n\t\t\t\t\t\t\t<div class=\"accordion__accordion-content inactive\">\n\t\t\t\t\t\t\t\t<div>\n\t\t\t\t\t\t\t\t\t<div>\n\t\t\t\t\t\t\t\t\t\t<h4>Museo torre del reloj<\/h4>\n\t\t\t\t\t\t\t\t\t\t<p>Das Uhrturm-Museum wurde 1572 auf den \u00dcberresten einer alten r\u00f6mischen Mauer erbaut. Dieser Turm war urspr\u00fcnglich der Sitz des Rathauses von Gij\u00f3n, bis er 1909 zum Gef\u00e4ngnis wurde. 1911 wurde er aufgrund seiner Vernachl\u00e4ssigung abgerissen und 1989 wiederaufgebaut. <\/p>\n\n<p>Es beherbergt heute das Stadtarchiv von Gij\u00f3n und bietet mit seiner Dauerausstellung eine Reise durch die Geschichte der Stadt. Die Ausstellung enth\u00e4lt eine Sammlung historischer und arch\u00e4ologischer Daten \u00fcber die Entwicklung der Stadt von der vorr\u00f6mischen Zeit bis heute.\n\t\t\t\t\t\t\t\t\t<\/div>\n\t\t\t\t\t\t\t\t\t<img decoding=\"async\" src=\"https:\/\/cdn.pilgrim.es\/web\/caminos\/camino-norte\/pueblos\/gijon\/puntos-de-interes\/museo-torre-del-reloj.jpg\" alt=\"Museo torre del reloj\">\n\t\t\t\t\t\t\t\t<\/div>\n\t\t\t\t\t\t\t<\/div>\n\t\t\t\t\t\t\n\t\t\t\t\t\t\t<div class=\"accordion__accordion-content inactive\">\n\t\t\t\t\t\t\t\t<div>\n\t\t\t\t\t\t\t\t\t<div>\n\t\t\t\t\t\t\t\t\t\t<h4>Palacio de Revillagigedo<\/h4>\n\t\t\t\t\t\t\t\t\t\t<p>Der Revillagigedo-Palast befindet sich im Viertel Cimadevilla, im s\u00fcdlichen Teil des Santa-Catalina-H\u00fcgels, und wurde 1704 von Carlos Miguel Ram\u00edrez de Jove, dem ersten Marquis von San Esteban del Mar, in Auftrag gegeben. Das Geb\u00e4ude im Barockstil repr\u00e4sentiert perfekt die palastartige Architektur des 18. Jahrhunderts.\n\n<p>Die Wehrt\u00fcrme des Palastes haben eine mittelalterliche Strenge und stehen in starkem Kontrast zu den barocken Verzierungen der drei Stockwerke des Geb\u00e4udes. Im ersten Stock des Palastes gibt es eine Arkadengalerie, im zweiten Stock ionische S\u00e4ulen und im dritten Stock toskanische S\u00e4ulen.<\/p> <p>Die Wehrt\u00fcrme des Palastes sind von gro\u00dfer mittelalterlicher Strenge und stehen in starkem Kontrast zu den barocken Verzierungen der drei Stockwerke des Geb\u00e4udes.\n\t\t\t\t\t\t\t\t\t<\/div>\n\t\t\t\t\t\t\t\t\t<img decoding=\"async\" src=\"https:\/\/cdn.pilgrim.es\/web\/caminos\/camino-norte\/pueblos\/gijon\/puntos-de-interes\/palacio-de-revillagigedo.jpg\" alt=\"Palacio de Revillagigedo\">\n\t\t\t\t\t\t\t\t<\/div>\n\t\t\t\t\t\t\t<\/div>\n\t\t\t\t\t\t\n\t\t\t\t\t\t\t<div class=\"accordion__accordion-content inactive\">\n\t\t\t\t\t\t\t\t<div>\n\t\t\t\t\t\t\t\t\t<div>\n\t\t\t\t\t\t\t\t\t\t<h4>Parque arqueolo\u0301gico de la Campa<\/h4>\n\t\t\t\t\t\t\t\t\t\t<p>Der arch\u00e4ologisch-nat\u00fcrliche Park Campa Torres befindet sich auf einem Gel\u00e4nde westlich von Kap Torres, etwa sieben Kilometer vom Zentrum von Gij\u00f3n entfernt. Diese St\u00e4tte bietet Informationen \u00fcber die Vorgeschichte Asturiens und die Urspr\u00fcnge Gij\u00f3ns.\n\n<p>Ziel des Parks ist es, die hier gefundenen \u00dcberreste zu sch\u00fctzen, zu erhalten und aufzuwerten sowie das Bewusstsein der Besucher f\u00fcr den Schutz des historischen Erbes zu sch\u00e4rfen. <\/p>\n\n<p>Die Einrichtungen des Parks sind in drei Geb\u00e4ude unterteilt: die Rezeption, das Museum und der Leuchtturm. Au\u00dferdem verf\u00fcgt der Park \u00fcber einen arch\u00e4ologischen Lehrpfad, eine Vogelwarte und einen Aussichtspunkt, von dem aus man einen sch\u00f6nen Panoramablick auf Gij\u00f3n und El Musel hat. <\/p>\n\t\t\t\t\t\t\t\t\t<\/div>\n\t\t\t\t\t\t\t\t\t<img decoding=\"async\" src=\"https:\/\/cdn.pilgrim.es\/web\/caminos\/camino-norte\/pueblos\/gijon\/puntos-de-interes\/parque-arqueologico-de-la-campa.jpg\" alt=\"Parque arqueolo\u0301gico de la Campa\">\n\t\t\t\t\t\t\t\t<\/div>\n\t\t\t\t\t\t\t<\/div>\n\t\t\t\t\t\t\n\t\t\t\t\t\t\t<div class=\"accordion__accordion-content inactive\">\n\t\t\t\t\t\t\t\t<div>\n\t\t\t\t\t\t\t\t\t<div>\n\t\t\t\t\t\t\t\t\t\t<h4>Parque de Isabel La Cato\u0301lica<\/h4>\n\t\t\t\t\t\t\t\t\t\t<p>Der Park Isabel la Cat\u00f3lica ist seit 1941 die gr\u00f6\u00dfte Gr\u00fcnanlage der Stadt Gij\u00f3n und umfasst eine Fl\u00e4che von rund 151 857 Quadratmetern. Er beherbergt verschiedene Pflanzen- und Tierarten: B\u00e4ume, Wildv\u00f6gel, G\u00e4nse, Schw\u00e4ne und Pfaue. <\/p>\n\n<p>Au\u00dferdem verf\u00fcgt der Park \u00fcber einige Seen in seinem Inneren sowie weitere interessante Bereiche wie den Kinderspielplatz oder die Wiese, die sich in unmittelbarer N\u00e4he der Avenida de Castilla befindet. <\/p>\n\n<p>In diesem Bereich k\u00f6nnen die Besucher auch eine Vielzahl von Skulpturen bewundern, die sich auf Mythologie, Geschichte und Pers\u00f6nlichkeiten der Stadt beziehen. \u00dcberall im Park gibt es Stein- und Eisenb\u00e4nke aus den 1920er Jahren, auf denen sich die Besucher ausruhen k\u00f6nnen. <\/p>\n\t\t\t\t\t\t\t\t\t<\/div>\n\t\t\t\t\t\t\t\t\t<img decoding=\"async\" src=\"https:\/\/cdn.pilgrim.es\/web\/caminos\/camino-norte\/pueblos\/gijon\/puntos-de-interes\/parque-de-isabel-la-catolica.jpg\" alt=\"Parque de Isabel La Cato\u0301lica\">\n\t\t\t\t\t\t\t\t<\/div>\n\t\t\t\t\t\t\t<\/div>\n\t\t\t\t\t\t\n\t\t\t\t\t\t\t<div class=\"accordion__accordion-content inactive\">\n\t\t\t\t\t\t\t\t<div>\n\t\t\t\t\t\t\t\t\t<div>\n\t\t\t\t\t\t\t\t\t\t<h4>Playas<\/h4>\n\t\t\t\t\t\t\t\t\t\t<p>SAN LORENZO BEACH<\/p> <p>SAN LORENZO BEACH<\/p> <p>SAN LORENZO BEACH<\/p> &lt;p\n\n<p>Dieser st\u00e4dtische Strand ist der gr\u00f6\u00dfte der Stadt Gij\u00f3n und in allen vier Jahreszeiten der meistbesuchte. Er ist muschelf\u00f6rmig und wird von einer fast drei Kilometer langen Strandpromenade ges\u00e4umt, die in der Regel zu jeder Zeit gut besucht ist.\n\n<p>Durch seine Lage im Stadtzentrum ist der Strand sehr leicht zu erreichen. Dar\u00fcber hinaus verf\u00fcgt der Sandstrand \u00fcber eine Vielzahl von Dienstleistungen und Einrichtungen und ist der perfekte Ort, um verschiedene Wassersportarten auszu\u00fcben.\n\n<\/p> <p> <\/p> &lt;p\n\n<p>PONIENTE STRAND<\/p> <p>PONIENTE STRAND<\/p> <p>PONIENTE STRAND\n\n<p>Dieser st\u00e4dtische Sandstrand, der sehr gesch\u00fctzt ist und in den 90er Jahren saniert wurde, befindet sich direkt neben dem Jachthafen von Gij\u00f3n. Aufgrund seiner Lage verf\u00fcgt dieser Strand \u00fcber alle Arten von Dienstleistungen und Einrichtungen sowie eine Promenade von etwa 500 Metern L\u00e4nge. Er ist auch ein ausgezeichneter Strand f\u00fcr Wassersportler und verf\u00fcgt \u00fcber Rampen, die f\u00fcr Menschen mit eingeschr\u00e4nkter Mobilit\u00e4t zug\u00e4nglich sind.\n\t\t\t\t\t\t\t\t\t<\/div>\n\t\t\t\t\t\t\t\t\t<img decoding=\"async\" src=\"https:\/\/cdn.pilgrim.es\/web\/caminos\/camino-norte\/pueblos\/gijon\/puntos-de-interes\/playas.jpg\" alt=\"Playas\">\n\t\t\t\t\t\t\t\t<\/div>\n\t\t\t\t\t\t\t<\/div>\n\t\t\t\t\t\t\n\t\t\t\t\t\t\t<div class=\"accordion__accordion-content inactive\">\n\t\t\t\t\t\t\t\t<div>\n\t\t\t\t\t\t\t\t\t<div>\n\t\t\t\t\t\t\t\t\t\t<h4>Santuario de Nuestra Sen\u0303ora de Contrueces<\/h4>\n\t\t\t\t\t\t\t\t\t\t<p>Die Wallfahrtskirche Nuestra Se\u00f1ora de Contrueces wurde an der Stelle eines alten Tempels aus dem 10. Jahrhundert errichtet, der im 16. Jahrhundert zerst\u00f6rt wurde. Jahrhundert zerst\u00f6rt wurde. Danach begannen die Wiederaufbauarbeiten, die den Tempel in den heutigen Zustand verwandelten. <\/p>\n\n<p>Diese Arbeiten wurden von dem Architekten Gonzalo de G\u00fcemes Bracamonte entworfen und sp\u00e4ter von Fernando de la Huerta fortgesetzt, bis der Komplex 1660 fertiggestellt wurde.\n\n<p>Dieses Heiligtum war zusammen mit dem Herz-Jesu-Kloster eines der wenigen, das w\u00e4hrend der Barbarei des B\u00fcrgerkriegs respektiert wurde.\n\t\t\t\t\t\t\t\t\t<\/div>\n\t\t\t\t\t\t\t\t\t<img decoding=\"async\" src=\"https:\/\/cdn.pilgrim.es\/web\/caminos\/camino-norte\/pueblos\/gijon\/puntos-de-interes\/santuario-de-nuestra-senora-de-contrueces.jpg\" alt=\"Santuario de Nuestra Sen\u0303ora de Contrueces\">\n\t\t\t\t\t\t\t\t<\/div>\n\t\t\t\t\t\t\t<\/div>\n\t\t\t\t\t\t\n\t\t\t\t\t\t\t<div class=\"accordion__accordion-content inactive\">\n\t\t\t\t\t\t\t\t<div>\n\t\t\t\t\t\t\t\t\t<div>\n\t\t\t\t\t\t\t\t\t\t<h4>Universidad Laboral<\/h4>\n\t\t\t\t\t\t\t\t\t\t<p>Das Geb\u00e4ude der Universidad Laboral in Gij\u00f3n wurde von dem Architekten Luis Moya mit der Absicht erbaut, das Waisenhaus der Bergarbeiter zu beherbergen und so eine perfekte Stadt zu schaffen, ein Symbol der &#8222;neuen Ordnung&#8220;. <\/p>\n\n<p>Die Hauptfassade ist asymmetrisch und zeigt den Einfluss der Chicagoer Schule. Das Eingangstor befindet sich unter einem T\u00fcrmchen, das Rom und dem mittelalterlichen Europa nachempfunden ist. Nach dem Atrium gelangt man auf die 8.300 Quadratmeter gro\u00dfe Central Plaza. Das Theater bietet Platz f\u00fcr 1.654 Personen, und die fr\u00fchchristliche Kapelle kann alle Bewohner der Universit\u00e4t aufnehmen.<\/p> <p>Das Theater bietet Platz f\u00fcr 1.654 Personen.\n\t\t\t\t\t\t\t\t\t<\/div>\n\t\t\t\t\t\t\t\t\t<img decoding=\"async\" src=\"https:\/\/cdn.pilgrim.es\/web\/caminos\/camino-norte\/pueblos\/gijon\/puntos-de-interes\/universidad-laboral.jpg\" alt=\"Universidad Laboral\">\n\t\t\t\t\t\t\t\t<\/div>\n\t\t\t\t\t\t\t<\/div>\n\t\t\t\t\t\t\n\t\t\t\t\t\t\t<div class=\"accordion__accordion-content inactive\">\n\t\t\t\t\t\t\t\t<div>\n\t\t\t\t\t\t\t\t\t<div>\n\t\t\t\t\t\t\t\t\t\t<h4>Teatro Jovellanos<\/h4>\n\t\t\t\t\t\t\t\t\t\t<p>Das Stadttheater Jovellanos befindet sich im Zentrum der Stadt Gij\u00f3n, genauer gesagt am Paseo de Bego\u00f1a. Es wurde im Juli 1889 eingeweiht und verf\u00fcgt \u00fcber eine etwa elf Meter breite und neun Meter lange B\u00fchne, die bis zu einem Sinfonieorchester Platz bieten kann. <\/p>\n\n<p>Dieser gro\u00dfe Freizeitraum bietet eine Vielzahl von kulturellen Aktivit\u00e4ten wie Theaterauff\u00fchrungen, Tanzausstellungen, Opern, Konzerte, Monologe und Kabarettvorstellungen. <\/p>\n\t\t\t\t\t\t\t\t\t<\/div>\n\t\t\t\t\t\t\t\t\t<img decoding=\"async\" src=\"https:\/\/cdn.pilgrim.es\/web\/caminos\/camino-norte\/pueblos\/gijon\/puntos-de-interes\/teatro-jovellanos.jpg\" alt=\"Teatro Jovellanos\">\n\t\t\t\t\t\t\t\t<\/div>\n\t\t\t\t\t\t\t<\/div>\n\t\t\t\t\t\t\n\t\t\t\t\t\t\t<div class=\"accordion__accordion-content inactive\">\n\t\t\t\t\t\t\t\t<div>\n\t\t\t\t\t\t\t\t\t<div>\n\t\t\t\t\t\t\t\t\t\t<h4>Termas romanas de campo Valde\u0301s<\/h4>\n\t\t\t\t\t\t\t\t\t\t<p>Das Museum der R\u00f6mischen B\u00e4der von Campo Vald\u00e9s liegt ganz in der N\u00e4he der K\u00fcste, genauer gesagt im alten Teil der Stadt, und wurde 1995 eingeweiht. Der Zweck dieses Museums ist der Schutz, die Erhaltung, die Forschung und die Verbreitung der arch\u00e4ologischen \u00dcberreste, die gefunden wurden.\n\n<p>Der Besuch gliedert sich in zwei Bereiche: Im ersten Teil des Rundgangs werden anhand von Modellen, Informationstafeln und Projektionen die Geschichte und die Funktionsweise der B\u00e4der in der R\u00f6merzeit dargestellt. Im zweiten Teil des Rundgangs kann der Besucher die arch\u00e4ologischen \u00dcberreste durch einen Gang bewundern, der den inneren Kreislauf der r\u00f6mischen Thermen simuliert. <\/p>\n\n<p>Neben den \u00dcberresten sind auch andere Werkzeuge und Utensilien zu sehen, die wahrscheinlich im t\u00e4glichen Leben verwendet wurden und die antike Bautechniken offenbaren. <\/p>\n\t\t\t\t\t\t\t\t\t<\/div>\n\t\t\t\t\t\t\t\t\t<img decoding=\"async\" src=\"https:\/\/cdn.pilgrim.es\/web\/caminos\/camino-norte\/pueblos\/gijon\/puntos-de-interes\/termas-romanas-de-campo-valdes.jpg\" alt=\"Termas romanas de campo Valde\u0301s\">\n\t\t\t\t\t\t\t\t<\/div>\n\t\t\t\t\t\t\t<\/div>\n\t\t\t\t\t\t\n\t\t\t\t\t\t\t<div class=\"accordion__accordion-content inactive\">\n\t\t\t\t\t\t\t\t<div>\n\t\t\t\t\t\t\t\t\t<div>\n\t\t\t\t\t\t\t\t\t\t<h4>Aquarium<\/h4>\n\t\t\t\t\t\t\t\t\t\t<p>Das Aquarium von Gij\u00f3n bietet den Besuchern einen Rundgang durch mehr als sechzig Arten von S\u00fc\u00df- und Salzwasserfischen, die einen Einblick in die Meeresfauna und -flora der Weltmeere geben. <\/p>\n\n<p>Mit einem Fassungsverm\u00f6gen von rund 2.000 Kubikmetern Wasser k\u00f6nnen die Besucher die Meereslebewesen der asturischen Fl\u00fcsse, der kantabrischen K\u00fcste, der Karibik, des Pazifiks und des Indischen Ozeans, des Roten Meeres, des afrikanischen Indischen Ozeans, des S\u00fcdatlantiks und des subtropischen Atlantiks entdecken. Dar\u00fcber hinaus gibt es einen Laden, ein Restaurant und eine Cafeteria sowie ein Klassenzimmer f\u00fcr den Unterricht.\n\t\t\t\t\t\t\t\t\t<\/div>\n\t\t\t\t\t\t\t\t\t<img decoding=\"async\" src=\"https:\/\/cdn.pilgrim.es\/web\/caminos\/camino-norte\/pueblos\/gijon\/puntos-de-interes\/aquarium.jpg\" alt=\"Aquarium\">\n\t\t\t\t\t\t\t\t<\/div>\n\t\t\t\t\t\t\t<\/div>\n\t\t\t\t\t\t\n\t\t\t\t\t\t\t<div class=\"accordion__accordion-content inactive\">\n\t\t\t\t\t\t\t\t<div>\n\t\t\t\t\t\t\t\t\t<div>\n\t\t\t\t\t\t\t\t\t\t<h4>Basilica del Sagrado Corazo\u0301n<\/h4>\n\t\t\t\t\t\t\t\t\t\t<p>Der Herz-Jesu-Tempel wurde 2003 in &#8222;Basilika&#8220; umbenannt, fr\u00fcher bekannt als &#8222;La Iglesiona&#8220;, die zwischen 1918 und 1922 von Rubio Bellver erbaut wurde.<\/p> <p>Der Herz-Jesu-Tempel wurde 2003 in &#8222;Basilika&#8220; umbenannt, fr\u00fcher bekannt als &#8222;La Iglesiona&#8220;, die zwischen 1918 und 1922 von Rubio Bellver erbaut wurde.\n\n<p>Der Hauptzweck dieser Kirche war es, den Jesuitenpatres Unterschlupf zu gew\u00e4hren, weshalb der Architekt auf L\u00f6sungen zur\u00fcckgriff, die den Werken Gaud\u00eds \u00e4hneln, was man an den parabolischen Abschnitten des Gew\u00f6lbes und den polylobenf\u00f6rmigen B\u00f6gen des Presbyteriums erkennen kann. <\/p>\n\n<p>Besonders erw\u00e4hnenswert sind Elemente der Hauptfassade wie die zentrale Rosette, der Giebel und die Seitent\u00fcrme, die in expressionistischer Manier einen starken Licht- und Schattenkontrast zu den T\u00fcrmen bilden.  <\/p>\n\t\t\t\t\t\t\t\t\t<\/div>\n\t\t\t\t\t\t\t\t\t<img decoding=\"async\" src=\"https:\/\/cdn.pilgrim.es\/web\/caminos\/camino-norte\/pueblos\/gijon\/puntos-de-interes\/basilica-del-sagrado-corazon.jpg\" alt=\"Basilica del Sagrado Corazo\u0301n\">\n\t\t\t\t\t\t\t\t<\/div>\n\t\t\t\t\t\t\t<\/div>\n\t\t\t\t\t\t\n\t\t\t\t\t<\/div>\n\t\t\t\t<\/div>\n\t\t\t<\/div>\n\t\t\n\n\t\t<div id=\"phonesSection\">\n\t\t\t<div>\n\t\t\t\t<h2 class=\"p-h3-town\">Informationen von Interesse<\/h2>\n\t\t\t<\/div>\n\t\t\t<div class=\"grid\">\n\t\t\t\t\n\t\t\t\t\t<div class=\"phone-number-item\">\n\t\t\t\t\t\t<div class=\"phone-number-item__icon\"><i class=\"icon-police\"><\/i><\/div>\n\t\t\t\t\t\t<div class=\"phone-number-item__title\">\n\t\t\t\t\t\t\t<h3 class=\"p-font-bold\">Ortspolizei<\/h3>\n\t\t\t\t\t\t\t<p>985 181 100<\/p>\n\t\t\t\t\t\t\t\n\t\t\t\t\t\t<\/div>\n\t\t\t\t\t<\/div>\n\t\t\t\t\n\t\t\t\t\t<div class=\"phone-number-item\">\n\t\t\t\t\t\t<div class=\"phone-number-item__icon\"><i class=\"icon-spanish-military-police\"><\/i><\/div>\n\t\t\t\t\t\t<div class=\"phone-number-item__title\">\n\t\t\t\t\t\t\t<h3 class=\"p-font-bold\">Zivilwache<\/h3>\n\t\t\t\t\t\t\t<p>985 385 800<\/p>\n\t\t\t\t\t\t\t\n\t\t\t\t\t\t<\/div>\n\t\t\t\t\t<\/div>\n\t\t\t\t\n\t\t\t\t\t<div class=\"phone-number-item\">\n\t\t\t\t\t\t<div class=\"phone-number-item__icon\"><i class=\"icon-firefighters\"><\/i><\/div>\n\t\t\t\t\t\t<div class=\"phone-number-item__title\">\n\t\t\t\t\t\t\t<h3 class=\"p-font-bold\">Feuerwehr<\/h3>\n\t\t\t\t\t\t\t<p>985 181 440<\/p>\n\t\t\t\t\t\t\t\n\t\t\t\t\t\t<\/div>\n\t\t\t\t\t<\/div>\n\t\t\t\t\n\t\t\t\t\t<div class=\"phone-number-item\">\n\t\t\t\t\t\t<div class=\"phone-number-item__icon\"><i class=\"icon-civil-protection\"><\/i><\/div>\n\t\t\t\t\t\t<div class=\"phone-number-item__title\">\n\t\t\t\t\t\t\t<h3 class=\"p-font-bold\">Zivilschutz<\/h3>\n\t\t\t\t\t\t\t<p>985 181 965<\/p>\n\t\t\t\t\t\t\t\n\t\t\t\t\t\t<\/div>\n\t\t\t\t\t<\/div>\n\t\t\t\t\n\t\t\t\t\t<div class=\"phone-number-item\">\n\t\t\t\t\t\t<div class=\"phone-number-item__icon\"><i class=\"icon-town-council\"><\/i><\/div>\n\t\t\t\t\t\t<div class=\"phone-number-item__title\">\n\t\t\t\t\t\t\t<h3 class=\"p-font-bold\">Rathaus<\/h3>\n\t\t\t\t\t\t\t<p>985 181 111<\/p>\n\t\t\t\t\t\t\t\n\t\t\t\t\t\t<\/div>\n\t\t\t\t\t<\/div>\n\t\t\t\t\n\t\t\t\t\t<div class=\"phone-number-item\">\n\t\t\t\t\t\t<div class=\"phone-number-item__icon\"><i class=\"icon-hospital\"><\/i><\/div>\n\t\t\t\t\t\t<div class=\"phone-number-item__title\">\n\t\t\t\t\t\t\t<h3 class=\"p-font-bold\">Gesundheitszentrum<\/h3>\n\t\t\t\t\t\t\t<p>985 143 030 \/ 985 134 400<\/p>\n\t\t\t\t\t\t\t\n\t\t\t\t\t\t<\/div>\n\t\t\t\t\t<\/div>\n\t\t\t\t\n\t\t\t\t\t<div class=\"phone-number-item\">\n\t\t\t\t\t\t<div class=\"phone-number-item__icon\"><i class=\"icon-tourism\"><\/i><\/div>\n\t\t\t\t\t\t<div class=\"phone-number-item__title\">\n\t\t\t\t\t\t\t<h3 class=\"p-font-bold\">Fremdenverkehrsamt<\/h3>\n\t\t\t\t\t\t\t<p>Espig\u00f3n Central de Fomento C\/ Rodriguez San Pedro, s\/n; Tel\u00e9fono: 985 341 771; Horario: abre todo el a\u00f1o de 10:00 a 14:30 y de 16:30 a 19:30<\/p>\n\t\t\t\t\t\t\t\n\t\t\t\t\t\t<\/div>\n\t\t\t\t\t<\/div>\n\t\t\t\t\n\t\t\t<\/div>\n\t\t<\/div>\n\n\t\t<div id=\"clientForm\">\n        <section>\n        <img decoding=\"async\" src=\"https:\/\/cdn.pilgrim.es\/web\/home\/email-contacto.png\" alt=\"contacto\">\n        <div>\n            <p>Wir senden dir deine Planung<\/p>\n            <p>Gib uns deine Daten an und erhalte die Planung deiner Reise per E-Mail <\/p>\n            <form method=\"post\" data-url=\"\/wp-admin\/admin-ajax.php\" id=\"planner--client\" class=\"flag-right form-client\">\n    <div class=\"form-data\">\n        <input name=\"form_id\" type=\"hidden\" value=\"Formulario Leads\">\n        <input name=\"type\" type=\"hidden\" value=\"planner_client\">\n        <input type=\"text\" name=\"nombre\" value=\"\" size=\"40\" class=\"form-control\" aria-required=\"true\" aria-invalid=\"false\" placeholder=\"Name\">\n        <input type=\"email\" name=\"email\" value=\"\" size=\"40\" class=\"form-control\" aria-required=\"true\" aria-invalid=\"false\" placeholder=\"E- Mail\">\n        <input type=\"text\" id=\"phone-input\" name=\"tel\" value=\"\" size=\"40\" class=\"phone-input form-control\" aria-required=\"true\" aria-invalid=\"false\" placeholder=\"Telefon\">\n        <input type=\"hidden\" name=\"telefono\">\n    <\/div>\n    <div class=\"form-checkbox\">\n        <span>\n            Pilgrim Travel, S.L. teilt gem\u00e4\u00df Regulierung 2016\/679 mit, dass die in diesem Formular verwendeten Daten sowohl f\u00fcr die Beantwortung der m\u00f6glichen Anfragen als auch f\u00fcr die Ver\u00f6ffentlichung der Kommentare verwendet werden, mit der Zustimmung des Nutzers. Sie k\u00f6nnen Ihre Rechte in \u00dcbereinstimmung mit unserer Datenschutzbestimmungen aus\u00fcben             <a href=\"https:\/\/www.pilgrim.es\/politica-de-privacidad\/\" target=\"_blank\" rel=\"noopener noreferrer nofollow\">Datenschutzerkl\u00e4rung.<\/a>\n        <\/span>\n    <\/div>\n\n    <div class=\"form-submit\">\n        <button id=\"planner--client-create\" type=\"submit\">Anfrage senden<\/button>\n        <div class=\"loadingDiv\"><i class=\"p-spinner\"><\/i><\/div>\n    <\/div>\n\n    <div class=\"contact-content-form-success\">\n        <p><i class=\"fas fa-check\"><\/i> Das Formular hat sich erfolgreich gesendet.<\/p>\n    <\/div>\n\n    <div class=\"contact-content-form-error\">\n        <span class=\"input-error\"><\/span>\n    <\/div>\n<\/form>        <\/div>\n    <\/section>\n<\/div>\n\n\t\t<div id=\"recomendationSection\">\n\t\t\t<div>\n\t\t\t\t<h2 class=\"p-h2-town\">Empfohlen<\/h2>\n\t\t\t\t<hr>\n\t\t\t\t<h3 class=\"p-h3-town\">Gastronomie<\/h3>\n\t\t\t<\/div>\n\t\t\tDie Gastronomie von Gij\u00f3n ist der der \u00fcbrigen autonomen Gemeinschaft sehr \u00e4hnlich: In der Stadt sind die fabes (Bohnen) mit Chorizo, Blutwurst und lac\u00f3n (Schweineschulter) hervorzuheben, sowie weitere Meeresfr\u00fcchtegerichte mit Venusmuscheln, Seespinne und Wild. Dann gibt es Dorade auf dem R\u00fccken, chopas a la sidra, ventresca de bonito, oricios, geschmortes Kalbfleisch, pitu de caleya, choricillos a la sidra, empanada und tortilla. Zu jedem Essen in Asturien geh\u00f6rt ein guter Apfelwein, vergessen Sie nicht, danach zu fragen.\n\nBei den S\u00fc\u00dfspeisen stechen Milchreis, Charlota-Kuchen, Gij\u00f3n-Kekse, Apfelwein-Bonbons und kleine Prinzessinnen am Strand hervor.\n\t\t<\/div>\n\n\n\t\t\n\t\t\t<div id=\"holidaysSection\">\n\t\t\t\t<div>\n\t\t\t\t\t<h2 class=\"p-h2-town\">Empfohlen<\/h2>\n\t\t\t\t\t<hr>\n\t\t\t\t\t<h3 class=\"p-h3-town\">Feste und Pilgerfahrten<\/h3>\n\t\t\t\t<\/div>\n\t\t\t\t<div class=\"grid holidays-grid\">\n\t\t\t\t\t\n\t\t\t\t\t\t<div>\n\t\t\t\t\t\t\t<div class=\"phone-number-item\">\n\t\t\t\t\t\t\t\t<div class=\"phone-number-item__icon\"><i class=\"icon-holiday\"><\/i><\/div>\n\t\t\t\t\t\t\t\t<div class=\"phone-number-item__title dark-text\">\n\t\t\t\t\t\t\t\t\t<p class=\"p-font-bold\">Lokaler Urlaub<\/p>\n\t\t\t\t\t\t\t\t\t<p>29 de junio: Fiestas de San Pedro<\/p>\n\t\t\t\t\t\t\t\t<\/div>\n\t\t\t\t\t\t\t<\/div>\n\t\t\t\t\t\t<\/div>\n\t\t\t\t\t\n\t\t\t\t\t\t<div>\n\t\t\t\t\t\t\t<div class=\"phone-number-item\">\n\t\t\t\t\t\t\t\t<div class=\"phone-number-item__icon\"><i class=\"icon-holiday\"><\/i><\/div>\n\t\t\t\t\t\t\t\t<div class=\"phone-number-item__title dark-text\">\n\t\t\t\t\t\t\t\t\t<p class=\"p-font-bold\">Lokaler Urlaub<\/p>\n\t\t\t\t\t\t\t\t\t<p>10 d\u00edas de julio: Semana Negra<\/p>\n\t\t\t\t\t\t\t\t<\/div>\n\t\t\t\t\t\t\t<\/div>\n\t\t\t\t\t\t<\/div>\n\t\t\t\t\t\n\t\t\t\t\t\t<div>\n\t\t\t\t\t\t\t<div class=\"phone-number-item\">\n\t\t\t\t\t\t\t\t<div class=\"phone-number-item__icon\"><i class=\"icon-holiday\"><\/i><\/div>\n\t\t\t\t\t\t\t\t<div class=\"phone-number-item__title dark-text\">\n\t\t\t\t\t\t\t\t\t<p class=\"p-font-bold\">Lokaler Urlaub<\/p>\n\t\t\t\t\t\t\t\t\t<p>El \u00faltimo fin de semana de agosto: Fiestas de la sidra<\/p>\n\t\t\t\t\t\t\t\t<\/div>\n\t\t\t\t\t\t\t<\/div>\n\t\t\t\t\t\t<\/div>\n\t\t\t\t\t\n\t\t\t\t\t\t<div>\n\t\t\t\t\t\t\t<div class=\"phone-number-item\">\n\t\t\t\t\t\t\t\t<div class=\"phone-number-item__icon\"><i class=\"icon-holiday\"><\/i><\/div>\n\t\t\t\t\t\t\t\t<div class=\"phone-number-item__title dark-text\">\n\t\t\t\t\t\t\t\t\t<p class=\"p-font-bold\">Lokaler Urlaub<\/p>\n\t\t\t\t\t\t\t\t\t<p>Febrero: El Antroxi o fiestas de carnaval<\/p>\n\t\t\t\t\t\t\t\t<\/div>\n\t\t\t\t\t\t\t<\/div>\n\t\t\t\t\t\t<\/div>\n\t\t\t\t\t\n\t\t\t\t\t\t<div>\n\t\t\t\t\t\t\t<div class=\"phone-number-item\">\n\t\t\t\t\t\t\t\t<div class=\"phone-number-item__icon\"><i class=\"icon-holiday\"><\/i><\/div>\n\t\t\t\t\t\t\t\t<div class=\"phone-number-item__title dark-text\">\n\t\t\t\t\t\t\t\t\t<p class=\"p-font-bold\">Lokaler Urlaub<\/p>\n\t\t\t\t\t\t\t\t\t<p>El primer domingo de agosto: D\u00eda de Asturias en Gij\u00f3n<\/p>\n\t\t\t\t\t\t\t\t<\/div>\n\t\t\t\t\t\t\t<\/div>\n\t\t\t\t\t\t<\/div>\n\t\t\t\t\t\n\t\t\t\t\t\t<div>\n\t\t\t\t\t\t\t<div class=\"phone-number-item\">\n\t\t\t\t\t\t\t\t<div class=\"phone-number-item__icon\"><i class=\"icon-holiday\"><\/i><\/div>\n\t\t\t\t\t\t\t\t<div class=\"phone-number-item__title dark-text\">\n\t\t\t\t\t\t\t\t\t<p class=\"p-font-bold\">Lokaler Urlaub<\/p>\n\t\t\t\t\t\t\t\t\t<p>Dos primeras semanas de agosto: Fiestas de San Lorenzo<\/p>\n\t\t\t\t\t\t\t\t<\/div>\n\t\t\t\t\t\t\t<\/div>\n\t\t\t\t\t\t<\/div>\n\t\t\t\t\t\n\t\t\t\t\t\t<div>\n\t\t\t\t\t\t\t<div class=\"phone-number-item\">\n\t\t\t\t\t\t\t\t<div class=\"phone-number-item__icon\"><i class=\"icon-holiday\"><\/i><\/div>\n\t\t\t\t\t\t\t\t<div class=\"phone-number-item__title dark-text\">\n\t\t\t\t\t\t\t\t\t<p class=\"p-font-bold\">Lokaler Urlaub<\/p>\n\t\t\t\t\t\t\t\t\t<p>9 de Agosto: Semana grande<\/p>\n\t\t\t\t\t\t\t\t<\/div>\n\t\t\t\t\t\t\t<\/div>\n\t\t\t\t\t\t<\/div>\n\t\t\t\t\t\n\t\t\t\t<\/div>\n\t\t\t<\/div>\n\t\t\n\t<\/div>\n<\/section>\n\n<div id=\"stage_list_section\"><div class=\"stage-list\">\n    <div class='stage-list__map-card'>\n        <div class='stage-list__map-card__map'>\n            <div class='stage-list__map-card__map__text'>\n                <h2> Pages <\/h2>\n                <p> Zu Fu\u00df<\/p>\n                <p> 0etappen<\/p>\n            <\/div>\n            <div class='stage-list__map-card__map__img'>\n                <img decoding=\"async\" src=\"\" alt=\" mapa \" \/>\n            <\/div>\n        <\/div>\n    <\/div>\n\n    <\/div>\n<\/div>\n","protected":false},"excerpt":{"rendered":"<p>Gij\u00f3n &#8249; Zur\u00fcck zur B\u00fchne Gij\u00f3n Einwohner: 274.290 aprox. Bundesland: Asturias Informationen Get to know Gij\u00f3n Gij\u00f3n ist eine K\u00fcstenstadt im Norden Spaniens, in der das Kantabrische Meer und die jakobinische Tradition miteinander verschmelzen, da sie direkt am Camino del Norte liegt, einer der sch\u00f6nsten historischen Routen. Pilger aus aller Welt ziehen entlang dieses K\u00fcstenabschnitts &hellip; <\/p>\n<p class=\"read_more\"><a href=\"https:\/\/www.pilgrim.es\/de\/weg-im-norden\/gijon\/\">Leer m\u00e1s<\/a><\/p>\n","protected":false},"author":16,"featured_media":4654,"parent":10670,"menu_order":0,"comment_status":"closed","ping_status":"closed","template":"views\/template-new-web-design.blade.php","meta":{"footnotes":""},"categories":[],"tags":[],"class_list":["post-91296","page","type-page","status-publish","has-post-thumbnail","hentry"],"yoast_head":"<!-- This site is optimized with the Yoast SEO plugin v27.4 - https:\/\/yoast.com\/product\/yoast-seo-wordpress\/ -->\n<title>Gij\u00f3n: Was sehen und wo \u00fcbernachten | Jakobsweg | Pilgrim<\/title>\n<meta name=\"description\" content=\"Gij\u00f3n Entdecken Sie alle Informationen \u00fcber Unterk\u00fcnfte, Anreise, Gastronomie und die wichtigsten Sehensw\u00fcrdigkeiten der Orte am K\u00fcstenweg\" \/>\n<meta name=\"robots\" content=\"index, follow, max-snippet:-1, max-image-preview:large, max-video-preview:-1\" \/>\n<link rel=\"canonical\" href=\"https:\/\/www.pilgrim.es\/de\/weg-im-norden\/gijon\/\" \/>\n<meta property=\"og:locale\" content=\"de_DE\" \/>\n<meta property=\"og:type\" content=\"article\" \/>\n<meta property=\"og:title\" content=\"Gij\u00f3n: Was sehen und wo \u00fcbernachten | Jakobsweg | Pilgrim\" \/>\n<meta property=\"og:description\" content=\"Gij\u00f3n Entdecken Sie alle Informationen \u00fcber Unterk\u00fcnfte, Anreise, Gastronomie und die wichtigsten Sehensw\u00fcrdigkeiten der Orte am K\u00fcstenweg\" \/>\n<meta property=\"og:url\" content=\"https:\/\/www.pilgrim.es\/de\/weg-im-norden\/gijon\/\" \/>\n<meta property=\"og:site_name\" content=\"Pilgrim\" \/>\n<meta property=\"article:publisher\" content=\"https:\/\/www.facebook.com\/pilgrim.es\/\" \/>\n<meta property=\"article:modified_time\" content=\"2026-04-24T07:46:12+00:00\" \/>\n<meta property=\"og:image\" content=\"https:\/\/www.pilgrim.es\/wp-content\/uploads\/2019\/02\/gijon1-520x370.jpg\" \/>\n\t<meta property=\"og:image:width\" content=\"520\" \/>\n\t<meta property=\"og:image:height\" content=\"370\" \/>\n\t<meta property=\"og:image:type\" content=\"image\/jpeg\" \/>\n<meta name=\"twitter:card\" content=\"summary_large_image\" \/>\n<meta name=\"twitter:site\" content=\"@pilgrim_es\" \/>\n<meta name=\"twitter:label1\" content=\"Gesch\u00e4tzte Lesezeit\" \/>\n\t<meta name=\"twitter:data1\" content=\"16\u00a0Minuten\" \/>\n<script type=\"application\/ld+json\" class=\"yoast-schema-graph\">{\"@context\":\"https:\\\/\\\/schema.org\",\"@graph\":[{\"@type\":\"WebPage\",\"@id\":\"https:\\\/\\\/www.pilgrim.es\\\/de\\\/weg-im-norden\\\/gijon\\\/\",\"url\":\"https:\\\/\\\/www.pilgrim.es\\\/de\\\/weg-im-norden\\\/gijon\\\/\",\"name\":\"Gij\u00f3n: Was sehen und wo \u00fcbernachten | Jakobsweg | Pilgrim\",\"isPartOf\":{\"@id\":\"https:\\\/\\\/www.pilgrim.es\\\/de\\\/#website\"},\"primaryImageOfPage\":{\"@id\":\"https:\\\/\\\/www.pilgrim.es\\\/de\\\/weg-im-norden\\\/gijon\\\/#primaryimage\"},\"image\":{\"@id\":\"https:\\\/\\\/www.pilgrim.es\\\/de\\\/weg-im-norden\\\/gijon\\\/#primaryimage\"},\"thumbnailUrl\":\"https:\\\/\\\/www.pilgrim.es\\\/wp-content\\\/uploads\\\/2019\\\/02\\\/gijon1-520x370.jpg\",\"datePublished\":\"2025-03-17T14:53:49+00:00\",\"dateModified\":\"2026-04-24T07:46:12+00:00\",\"description\":\"Gij\u00f3n Entdecken Sie alle Informationen \u00fcber Unterk\u00fcnfte, Anreise, Gastronomie und die wichtigsten Sehensw\u00fcrdigkeiten der Orte am K\u00fcstenweg\",\"breadcrumb\":{\"@id\":\"https:\\\/\\\/www.pilgrim.es\\\/de\\\/weg-im-norden\\\/gijon\\\/#breadcrumb\"},\"inLanguage\":\"de\",\"potentialAction\":[{\"@type\":\"ReadAction\",\"target\":[\"https:\\\/\\\/www.pilgrim.es\\\/de\\\/weg-im-norden\\\/gijon\\\/\"]}]},{\"@type\":\"ImageObject\",\"inLanguage\":\"de\",\"@id\":\"https:\\\/\\\/www.pilgrim.es\\\/de\\\/weg-im-norden\\\/gijon\\\/#primaryimage\",\"url\":\"https:\\\/\\\/www.pilgrim.es\\\/wp-content\\\/uploads\\\/2019\\\/02\\\/gijon1-520x370.jpg\",\"contentUrl\":\"https:\\\/\\\/www.pilgrim.es\\\/wp-content\\\/uploads\\\/2019\\\/02\\\/gijon1-520x370.jpg\",\"width\":520,\"height\":370,\"caption\":\"Gij\u00f3n\"},{\"@type\":\"BreadcrumbList\",\"@id\":\"https:\\\/\\\/www.pilgrim.es\\\/de\\\/weg-im-norden\\\/gijon\\\/#breadcrumb\",\"itemListElement\":[{\"@type\":\"ListItem\",\"position\":1,\"name\":\"Camino de Santiago\",\"item\":\"https:\\\/\\\/www.pilgrim.es\\\/de\\\/\"},{\"@type\":\"ListItem\",\"position\":2,\"name\":\"Weg im Norden\",\"item\":\"https:\\\/\\\/www.pilgrim.es\\\/de\\\/weg-im-norden\\\/\"},{\"@type\":\"ListItem\",\"position\":3,\"name\":\"Gij\u00f3n\"}]},{\"@type\":\"WebSite\",\"@id\":\"https:\\\/\\\/www.pilgrim.es\\\/de\\\/#website\",\"url\":\"https:\\\/\\\/www.pilgrim.es\\\/de\\\/\",\"name\":\"Pilgrim\",\"description\":\"Camino de Santiago | Caminamos Contigo\",\"publisher\":{\"@id\":\"https:\\\/\\\/www.pilgrim.es\\\/de\\\/#organization\"},\"potentialAction\":[{\"@type\":\"SearchAction\",\"target\":{\"@type\":\"EntryPoint\",\"urlTemplate\":\"https:\\\/\\\/www.pilgrim.es\\\/de\\\/?s={search_term_string}\"},\"query-input\":{\"@type\":\"PropertyValueSpecification\",\"valueRequired\":true,\"valueName\":\"search_term_string\"}}],\"inLanguage\":\"de\"},{\"@type\":\"Organization\",\"@id\":\"https:\\\/\\\/www.pilgrim.es\\\/de\\\/#organization\",\"name\":\"Pilgrim Camino de Santiago\",\"url\":\"https:\\\/\\\/www.pilgrim.es\\\/de\\\/\",\"logo\":{\"@type\":\"ImageObject\",\"inLanguage\":\"de\",\"@id\":\"https:\\\/\\\/www.pilgrim.es\\\/de\\\/#\\\/schema\\\/logo\\\/image\\\/\",\"url\":\"https:\\\/\\\/www.pilgrim.es\\\/wp-content\\\/uploads\\\/2019\\\/04\\\/logo_pilgrim.png\",\"contentUrl\":\"https:\\\/\\\/www.pilgrim.es\\\/wp-content\\\/uploads\\\/2019\\\/04\\\/logo_pilgrim.png\",\"width\":512,\"height\":512,\"caption\":\"Pilgrim Camino de Santiago\"},\"image\":{\"@id\":\"https:\\\/\\\/www.pilgrim.es\\\/de\\\/#\\\/schema\\\/logo\\\/image\\\/\"},\"sameAs\":[\"https:\\\/\\\/www.facebook.com\\\/pilgrim.es\\\/\",\"https:\\\/\\\/x.com\\\/pilgrim_es\",\"https:\\\/\\\/www.instagram.com\\\/pilgrim.es\\\/\",\"https:\\\/\\\/www.linkedin.com\\\/company\\\/pilgrim-camino-de-santiago\\\/\",\"https:\\\/\\\/www.pinterest.es\\\/pilgrimcaminodesantiago\\\/\",\"https:\\\/\\\/www.youtube.com\\\/channel\\\/UCIv2ZzFLXVqthkNF32rKedw\\\/featured\"]}]}<\/script>\n<!-- \/ Yoast SEO plugin. -->","yoast_head_json":{"title":"Gij\u00f3n: Was sehen und wo \u00fcbernachten | Jakobsweg | Pilgrim","description":"Gij\u00f3n Entdecken Sie alle Informationen \u00fcber Unterk\u00fcnfte, Anreise, Gastronomie und die wichtigsten Sehensw\u00fcrdigkeiten der Orte am K\u00fcstenweg","robots":{"index":"index","follow":"follow","max-snippet":"max-snippet:-1","max-image-preview":"max-image-preview:large","max-video-preview":"max-video-preview:-1"},"canonical":"https:\/\/www.pilgrim.es\/de\/weg-im-norden\/gijon\/","og_locale":"de_DE","og_type":"article","og_title":"Gij\u00f3n: Was sehen und wo \u00fcbernachten | Jakobsweg | Pilgrim","og_description":"Gij\u00f3n Entdecken Sie alle Informationen \u00fcber Unterk\u00fcnfte, Anreise, Gastronomie und die wichtigsten Sehensw\u00fcrdigkeiten der Orte am K\u00fcstenweg","og_url":"https:\/\/www.pilgrim.es\/de\/weg-im-norden\/gijon\/","og_site_name":"Pilgrim","article_publisher":"https:\/\/www.facebook.com\/pilgrim.es\/","article_modified_time":"2026-04-24T07:46:12+00:00","og_image":[{"width":520,"height":370,"url":"https:\/\/www.pilgrim.es\/wp-content\/uploads\/2019\/02\/gijon1-520x370.jpg","type":"image\/jpeg"}],"twitter_card":"summary_large_image","twitter_site":"@pilgrim_es","twitter_misc":{"Gesch\u00e4tzte Lesezeit":"16\u00a0Minuten"},"schema":{"@context":"https:\/\/schema.org","@graph":[{"@type":"WebPage","@id":"https:\/\/www.pilgrim.es\/de\/weg-im-norden\/gijon\/","url":"https:\/\/www.pilgrim.es\/de\/weg-im-norden\/gijon\/","name":"Gij\u00f3n: Was sehen und wo \u00fcbernachten | Jakobsweg | Pilgrim","isPartOf":{"@id":"https:\/\/www.pilgrim.es\/de\/#website"},"primaryImageOfPage":{"@id":"https:\/\/www.pilgrim.es\/de\/weg-im-norden\/gijon\/#primaryimage"},"image":{"@id":"https:\/\/www.pilgrim.es\/de\/weg-im-norden\/gijon\/#primaryimage"},"thumbnailUrl":"https:\/\/www.pilgrim.es\/wp-content\/uploads\/2019\/02\/gijon1-520x370.jpg","datePublished":"2025-03-17T14:53:49+00:00","dateModified":"2026-04-24T07:46:12+00:00","description":"Gij\u00f3n Entdecken Sie alle Informationen \u00fcber Unterk\u00fcnfte, Anreise, Gastronomie und die wichtigsten Sehensw\u00fcrdigkeiten der Orte am K\u00fcstenweg","breadcrumb":{"@id":"https:\/\/www.pilgrim.es\/de\/weg-im-norden\/gijon\/#breadcrumb"},"inLanguage":"de","potentialAction":[{"@type":"ReadAction","target":["https:\/\/www.pilgrim.es\/de\/weg-im-norden\/gijon\/"]}]},{"@type":"ImageObject","inLanguage":"de","@id":"https:\/\/www.pilgrim.es\/de\/weg-im-norden\/gijon\/#primaryimage","url":"https:\/\/www.pilgrim.es\/wp-content\/uploads\/2019\/02\/gijon1-520x370.jpg","contentUrl":"https:\/\/www.pilgrim.es\/wp-content\/uploads\/2019\/02\/gijon1-520x370.jpg","width":520,"height":370,"caption":"Gij\u00f3n"},{"@type":"BreadcrumbList","@id":"https:\/\/www.pilgrim.es\/de\/weg-im-norden\/gijon\/#breadcrumb","itemListElement":[{"@type":"ListItem","position":1,"name":"Camino de Santiago","item":"https:\/\/www.pilgrim.es\/de\/"},{"@type":"ListItem","position":2,"name":"Weg im Norden","item":"https:\/\/www.pilgrim.es\/de\/weg-im-norden\/"},{"@type":"ListItem","position":3,"name":"Gij\u00f3n"}]},{"@type":"WebSite","@id":"https:\/\/www.pilgrim.es\/de\/#website","url":"https:\/\/www.pilgrim.es\/de\/","name":"Pilgrim","description":"Camino de Santiago | Caminamos Contigo","publisher":{"@id":"https:\/\/www.pilgrim.es\/de\/#organization"},"potentialAction":[{"@type":"SearchAction","target":{"@type":"EntryPoint","urlTemplate":"https:\/\/www.pilgrim.es\/de\/?s={search_term_string}"},"query-input":{"@type":"PropertyValueSpecification","valueRequired":true,"valueName":"search_term_string"}}],"inLanguage":"de"},{"@type":"Organization","@id":"https:\/\/www.pilgrim.es\/de\/#organization","name":"Pilgrim Camino de Santiago","url":"https:\/\/www.pilgrim.es\/de\/","logo":{"@type":"ImageObject","inLanguage":"de","@id":"https:\/\/www.pilgrim.es\/de\/#\/schema\/logo\/image\/","url":"https:\/\/www.pilgrim.es\/wp-content\/uploads\/2019\/04\/logo_pilgrim.png","contentUrl":"https:\/\/www.pilgrim.es\/wp-content\/uploads\/2019\/04\/logo_pilgrim.png","width":512,"height":512,"caption":"Pilgrim Camino de Santiago"},"image":{"@id":"https:\/\/www.pilgrim.es\/de\/#\/schema\/logo\/image\/"},"sameAs":["https:\/\/www.facebook.com\/pilgrim.es\/","https:\/\/x.com\/pilgrim_es","https:\/\/www.instagram.com\/pilgrim.es\/","https:\/\/www.linkedin.com\/company\/pilgrim-camino-de-santiago\/","https:\/\/www.pinterest.es\/pilgrimcaminodesantiago\/","https:\/\/www.youtube.com\/channel\/UCIv2ZzFLXVqthkNF32rKedw\/featured"]}]}},"_links":{"self":[{"href":"https:\/\/www.pilgrim.es\/de\/wp-json\/wp\/v2\/pages\/91296","targetHints":{"allow":["GET"]}}],"collection":[{"href":"https:\/\/www.pilgrim.es\/de\/wp-json\/wp\/v2\/pages"}],"about":[{"href":"https:\/\/www.pilgrim.es\/de\/wp-json\/wp\/v2\/types\/page"}],"author":[{"embeddable":true,"href":"https:\/\/www.pilgrim.es\/de\/wp-json\/wp\/v2\/users\/16"}],"replies":[{"embeddable":true,"href":"https:\/\/www.pilgrim.es\/de\/wp-json\/wp\/v2\/comments?post=91296"}],"version-history":[{"count":1,"href":"https:\/\/www.pilgrim.es\/de\/wp-json\/wp\/v2\/pages\/91296\/revisions"}],"predecessor-version":[{"id":140559,"href":"https:\/\/www.pilgrim.es\/de\/wp-json\/wp\/v2\/pages\/91296\/revisions\/140559"}],"up":[{"embeddable":true,"href":"https:\/\/www.pilgrim.es\/de\/wp-json\/wp\/v2\/pages\/10670"}],"wp:featuredmedia":[{"embeddable":true,"href":"https:\/\/www.pilgrim.es\/de\/wp-json\/wp\/v2\/media\/4654"}],"wp:attachment":[{"href":"https:\/\/www.pilgrim.es\/de\/wp-json\/wp\/v2\/media?parent=91296"}],"wp:term":[{"taxonomy":"category","embeddable":true,"href":"https:\/\/www.pilgrim.es\/de\/wp-json\/wp\/v2\/categories?post=91296"},{"taxonomy":"post_tag","embeddable":true,"href":"https:\/\/www.pilgrim.es\/de\/wp-json\/wp\/v2\/tags?post=91296"}],"curies":[{"name":"wp","href":"https:\/\/api.w.org\/{rel}","templated":true}]}}