{"id":91290,"date":"2025-03-17T14:51:54","date_gmt":"2025-03-17T14:51:54","guid":{"rendered":"https:\/\/www.pilgrim.es\/weg-im-norden\/ribadesella\/"},"modified":"2025-03-17T14:51:54","modified_gmt":"2025-03-17T14:51:54","slug":"ribadesella","status":"publish","type":"page","link":"https:\/\/www.pilgrim.es\/de\/weg-im-norden\/ribadesella\/","title":{"rendered":"Ribadesella"},"content":{"rendered":" <section id=\"hero\">\n\t<h1>Ribadesella<\/h1>\n\t<div class=\"hero-grid\">\n\t\t<div class=\"hero-grid__town-col\" data-background=\"https:\/\/cdn.pilgrim.es\/web\/caminos\/camino-norte\/pueblos\/ribadesella.jpg\">\n\t\t\t<div>\n\t\t\t\t<a class=\"link-to-stage\" href=\"https:\/\/www.pilgrim.es\/camino-norte\/etapa-17-llanes-ribadesella\/\">\n\t\t\t\t\t<p>&#8249; Zur\u00fcck zur B\u00fchne<\/p>\n\t\t\t\t<\/a>\n\n\t\t\t\t<div class=\"town-data\">\n\t\t\t\t\t<h2>Ribadesella<\/h2>\n\t\t\t\t\t<ul>\n\t\t\t\t\t\t<li>Einwohner: 5.904 aprox.<\/li>\n\t\t\t\t\t\t<li>Bundesland: Asturias<\/li>\n\t\t\t\t\t<\/ul>\n\t\t\t\t<\/div>\n\t\t\t<\/div>\n\t\t<\/div>\n\t\t<div class=\"hero-grid__planner-col\"><div\r\n  class=\"p-col-span-1 p-rounded-lg p-px-5 p-h-full\"\r\n  style=\"background-image: url('https:\/\/cdn.pilgrim.es\/web\/pilgrim-planner\/bg-plugin-planificador.webp')\"\r\n  rel=\"preload\"\r\n  fetchpriority=\"high\"\r\n  >\r\n    <div class=\"p-text-center p-pt-5 p-text-white p-text-2xl p-font-semibold\">\r\n      Plane deinen Weg    <\/div>\r\n    <div\r\n            id='primary-app'\r\n            data-name='banner'\r\n            data-api='https:\/\/pathfinder.pilgrim.es\/api\/pathfinder\/v2'\r\n            data-mode='normal'\r\n            data-lang='de'\r\n            data-route='1'\r\n            data-destiny='https:\/\/planificador.pilgrim.es'\r\n            data-modality='1'\r\n            data-inline=''\r\n        ><\/div><\/div><\/div>\n\t<\/div>\n<\/section>\n\n<section id=\"infoTown\">\n\t<div class=\"sections-town\">\n\n\t\t<div id=\"informationSection\">\n\t\t\t<div>\n\t\t\t\t<h2 class=\"p-h2-town\">Informationen<\/h2>\n\t\t\t\t<hr>\n\t\t\t\t<h3 class=\"p-h3-town\">Get to know Ribadesella<\/h3>\n\t\t\t<\/div>\n\t\t\t<p>Das St\u00e4dtchen Ribadesella ist ein sehr touristischer Ort, dessen Einwohnerzahl sich im Sommer verdreifacht, so dass es in Bezug auf die Dienstleistungen perfekt vorbereitet ist. Pilger finden hier alles, was sie auf ihrem Weg nach Santiago brauchen.<\/p> <p>Am ersten Samstag im August findet die Internationale Sella-Abfahrt statt, eine sportliche Aktivit\u00e4t, die Tausende von Sportlern und Besuchern aus der ganzen Welt anzieht.\n\t\t<\/div>\n\n\t\t<div id=\"locationSection\">\n\t\t\t<div>\n\t\t\t\t<h2 class=\"p-h2-town\">Standort<\/h2>\n\t\t\t\t<hr>\n\t\t\t\t<h3 class=\"p-h3-town\">Wegbeschreibung<\/h3>\n\t\t\t<\/div>\n\t\t\t<p>Die Stadt Ribadesella ist dank der Autobahn A-8 sehr gut angebunden. Sowohl von Oviedo als auch von Gij\u00f3n und Santander aus muss man diese Autobahn nehmen und sie an der Ausfahrt 326 oder 333 verlassen, je nachdem, in welchen Teil der Gemeinde man f\u00e4hrt. Die Gemeinde kann auch \u00fcber die Nationalstra\u00dfen N-634 und N-632 erreicht werden.\n\n<p>Au\u00dferdem verf\u00fcgt die Stadt \u00fcber einen Busbahnhof, der von der Gesellschaft Alsa betrieben wird und der die Stadt unter anderem mit Gij\u00f3n, Madrid, Santander, Oviedo und A Coru\u00f1a verbindet.\n\n<p>Der Bahnhof von Ribadesella bietet regelm\u00e4\u00dfige Zugverbindungen, wie zum Beispiel die, die die Stadt Oviedo mit der Stadt Ribadesella verbindet.\n\t\t\t<div>\n\t\t\t\t<div>\n  <iframe loading=\"lazy\"\n    src=\"https:\/\/www.google.com\/maps\/d\/embed?mid=10c7EIDJ8_B_sgZFxscyPKiC1I-aFuuA&amp;ehbc=2E312F\"\n    width=\"640\"\n    height=\"480\"\n    alt=\"Mapa Ribadesella\"\n  ><\/iframe>\n<\/div>\n\n\t\t\t<\/div>\n\t\t<\/div>\n\n\t\t\n\t\t\t<div id=\"toVisitSection\">\n\t\t\t\t<div>\n\t\t\t\t\t<h2 class=\"p-h2-town\">Geschichte \/ Kultur<\/h2>\n\t\t\t\t\t<hr>\n\t\t\t\t\t<h3 class=\"p-h3-town\">Was es zu sehen gibt<\/h3>\n\t\t\t\t<\/div>\n\t\t\t\t<div>\n\t\t\t\t\t<div class=\"accordion\">\n\t\t\t\t\t\t<div class=\"accordion__menu\">\n\t\t\t\t\t\t\t<nav>\n\t\t\t\t\t\t\t\t\n\t\t\t\t\t\t\t\t\t<button class=\"nav-tab-accordion active\"><span>&#10093;<\/span><span> Casa Ardines<\/span><\/button>\n\t\t\t\t\t\t\t\t\n\t\t\t\t\t\t\t\t\t<button class=\"nav-tab-accordion \"><span>&#10093;<\/span><span> Chalet de Indianos<\/span><\/button>\n\t\t\t\t\t\t\t\t\n\t\t\t\t\t\t\t\t\t<button class=\"nav-tab-accordion \"><span>&#10093;<\/span><span> Chalet de los hermanos Uri\u0301a Aza<\/span><\/button>\n\t\t\t\t\t\t\t\t\n\t\t\t\t\t\t\t\t\t<button class=\"nav-tab-accordion \"><span>&#10093;<\/span><span> Cueva de la Lloseta<\/span><\/button>\n\t\t\t\t\t\t\t\t\n\t\t\t\t\t\t\t\t\t<button class=\"nav-tab-accordion \"><span>&#10093;<\/span><span> Cueva de Les Pedroses<\/span><\/button>\n\t\t\t\t\t\t\t\t\n\t\t\t\t\t\t\t\t\t<button class=\"nav-tab-accordion \"><span>&#10093;<\/span><span> Cueva de Tito Bustillo<\/span><\/button>\n\t\t\t\t\t\t\t\t\n\t\t\t\t\t\t\t\t\t<button class=\"nav-tab-accordion \"><span>&#10093;<\/span><span> Cueva Rosa<\/span><\/button>\n\t\t\t\t\t\t\t\t\n\t\t\t\t\t\t\t\t\t<button class=\"nav-tab-accordion \"><span>&#10093;<\/span><span> Fuente de los peregrinos<\/span><\/button>\n\t\t\t\t\t\t\t\t\n\t\t\t\t\t\t\t\t\t<button class=\"nav-tab-accordion \"><span>&#10093;<\/span><span> Iglesia de San Esteban de Leces<\/span><\/button>\n\t\t\t\t\t\t\t\t\n\t\t\t\t\t\t\t\t\t<button class=\"nav-tab-accordion \"><span>&#10093;<\/span><span> Iglesia de Santa Mari\u0301a de Junco<\/span><\/button>\n\t\t\t\t\t\t\t\t\n\t\t\t\t\t\t\t\t\t<button class=\"nav-tab-accordion \"><span>&#10093;<\/span><span> Iglesia de Santa Mari\u0301a Magdalena<\/span><\/button>\n\t\t\t\t\t\t\t\t\n\t\t\t\t\t\t\t\t\t<button class=\"nav-tab-accordion \"><span>&#10093;<\/span><span> Paseo de la princesa Letizia<\/span><\/button>\n\t\t\t\t\t\t\t\t\n\t\t\t\t\t\t\t\t\t<button class=\"nav-tab-accordion \"><span>&#10093;<\/span><span> Restos de dinosaurios<\/span><\/button>\n\t\t\t\t\t\t\t\t\n\t\t\t\t\t\t\t\t\t<button class=\"nav-tab-accordion \"><span>&#10093;<\/span><span> Santuario de San Mame\u0301s<\/span><\/button>\n\t\t\t\t\t\t\t\t\n\t\t\t\t\t\t\t\t\t<button class=\"nav-tab-accordion \"><span>&#10093;<\/span><span> Torre del Junco<\/span><\/button>\n\t\t\t\t\t\t\t\t\n\t\t\t\t\t\t\t\t\t<button class=\"nav-tab-accordion \"><span>&#10093;<\/span><span> Palacio de la familia Prieto Collado<\/span><\/button>\n\t\t\t\t\t\t\t\t\n\t\t\t\t\t\t\t\t\t<button class=\"nav-tab-accordion \"><span>&#10093;<\/span><span> Torre de San Esteban<\/span><\/button>\n\t\t\t\t\t\t\t\t\n\t\t\t\t\t\t\t\t\t<button class=\"nav-tab-accordion \"><span>&#10093;<\/span><span> Torre de la Atalaya<\/span><\/button>\n\t\t\t\t\t\t\t\t\n\t\t\t\t\t\t\t\t\t<button class=\"nav-tab-accordion \"><span>&#10093;<\/span><span> Iglesia de San Marti\u0301n<\/span><\/button>\n\t\t\t\t\t\t\t\t\n\t\t\t\t\t\t\t\t\t<button class=\"nav-tab-accordion \"><span>&#10093;<\/span><span> Capilla de la Virgen de la gui\u0301a<\/span><\/button>\n\t\t\t\t\t\t\t\t\n\t\t\t\t\t\t\t\t\t<button class=\"nav-tab-accordion \"><span>&#10093;<\/span><span> Capilla de Santa Rita<\/span><\/button>\n\t\t\t\t\t\t\t\t\n\t\t\t\t\t\t\t<\/nav>\n\t\t\t\t\t\t<\/div>\n\n\t\t\t\t\t\t\n\t\t\t\t\t\t\t<div class=\"accordion__accordion-content \">\n\t\t\t\t\t\t\t\t<div>\n\t\t\t\t\t\t\t\t\t<div>\n\t\t\t\t\t\t\t\t\t\t<h4>Casa Ardines<\/h4>\n\t\t\t\t\t\t\t\t\t\t<p>Das Haus Ardines wurde im 18. Jahrhundert erbaut und geh\u00f6rt zu der Gruppe von Pal\u00e4sten und Herrenh\u00e4usern, die \u00fcber die Altstadt von Ribadesella verstreut sind. Es handelt sich um ein dreist\u00f6ckiges Haus mit einer einbogigen Veranda im Erdgeschoss. Die Fassade weist durchgehende Balkone und ein Wappen der Familie Ardines auf.\n\t\t\t\t\t\t\t\t\t<\/div>\n\t\t\t\t\t\t\t\t\t<img decoding=\"async\" src=\"https:\/\/cdn.pilgrim.es\/web\/caminos\/camino-norte\/pueblos\/ribadesella\/puntos-de-interes\/casa-ardines.jpg\" alt=\"Casa Ardines\">\n\t\t\t\t\t\t\t\t<\/div>\n\t\t\t\t\t\t\t<\/div>\n\t\t\t\t\t\t\n\t\t\t\t\t\t\t<div class=\"accordion__accordion-content inactive\">\n\t\t\t\t\t\t\t\t<div>\n\t\t\t\t\t\t\t\t\t<div>\n\t\t\t\t\t\t\t\t\t\t<h4>Chalet de Indianos<\/h4>\n\t\t\t\t\t\t\t\t\t\t<p>Das Chalet de Indianos Villa Rosario wurde 1924 von dem Architekten Jos\u00e9 Quesada Espulgas entworfen und ist nach der Frau von D. Antonio Quesada Gonz\u00e1lez benannt, der in Kuba als Tabakh\u00e4ndler viel Geld verdiente.<\/p> <p>Das Chalet de Indianos Villa Rosario wurde 1924 von dem Architekten Jos\u00e9 Quesada Espulgas entworfen.\n\n<p>Es ist ein \u00fcppig dekoriertes Geb\u00e4ude mit einem verglasten Ziegeldach. Es befindet sich am Rande des Strandes von Santa Marina, einer seit dem vorigen Jahrhundert sehr beliebten Gegend. Das Geb\u00e4ude wird derzeit als Hotel genutzt.\n\t\t\t\t\t\t\t\t\t<\/div>\n\t\t\t\t\t\t\t\t\t<img decoding=\"async\" src=\"https:\/\/cdn.pilgrim.es\/web\/caminos\/camino-norte\/pueblos\/ribadesella\/puntos-de-interes\/chalet-de-indianos.jpg\" alt=\"Chalet de Indianos\">\n\t\t\t\t\t\t\t\t<\/div>\n\t\t\t\t\t\t\t<\/div>\n\t\t\t\t\t\t\n\t\t\t\t\t\t\t<div class=\"accordion__accordion-content inactive\">\n\t\t\t\t\t\t\t\t<div>\n\t\t\t\t\t\t\t\t\t<div>\n\t\t\t\t\t\t\t\t\t\t<h4>Chalet de los hermanos Uri\u0301a Aza<\/h4>\n\t\t\t\t\t\t\t\t\t\t<p>Das Chalet de los Hermanos Ur\u00eda-Aza oder fr\u00fcher auch als Chalet Antero Prieto bekannt, weil es dieser Familie geh\u00f6rte, wurde von dem Architekten Miguel Garc\u00eda-Lomas Somoano entworfen. Heute ist das Anwesen im Besitz mexikanischer Nachkommen.\n\n<p>Heute tr\u00e4gt das Herrenhaus den Namen der Br\u00fcder Ur\u00eda-Aza, die in Ribadesella geboren wurden. Im Garten dieses Hauses stehen einige von ihnen selbst geschaffene Skulpturen, obwohl sie auch f\u00fcr zahlreiche Werke der Kirche Santa Mar\u00eda Magdalena bekannt sind.<\/p> <p>Sie sind auch f\u00fcr zahlreiche Werke der Kirche Santa Mar\u00eda Magdalena bekannt.<\/p> <p>Sie wurden in Ribadesella geboren.\n\t\t\t\t\t\t\t\t\t<\/div>\n\t\t\t\t\t\t\t\t\t<img decoding=\"async\" src=\"https:\/\/cdn.pilgrim.es\/web\/caminos\/camino-norte\/pueblos\/ribadesella\/puntos-de-interes\/chalet-de-los-hermanos-uria-aza.jpg\" alt=\"Chalet de los hermanos Uri\u0301a Aza\">\n\t\t\t\t\t\t\t\t<\/div>\n\t\t\t\t\t\t\t<\/div>\n\t\t\t\t\t\t\n\t\t\t\t\t\t\t<div class=\"accordion__accordion-content inactive\">\n\t\t\t\t\t\t\t\t<div>\n\t\t\t\t\t\t\t\t\t<div>\n\t\t\t\t\t\t\t\t\t\t<h4>Cueva de la Lloseta<\/h4>\n\t\t\t\t\t\t\t\t\t\t<p>Die Cueva de la Lloseta, auch bekannt als La Mor\u00eda oder La Mor\u00eda del R\u00edo, ist eine H\u00f6hle mit pr\u00e4historischen Malereien, aufgrund derer sie zum Kulturgut erkl\u00e4rt wurde. Diese Malereien stellen ein Pferd, zwei Ziegen, eine Reihe von roten Punkten und ein Zeichen in Rot und Schwarz dar.<\/p> <p>Die Malereien zeigen ein Pferd, zwei Ziegen, eine Reihe von roten Punkten und ein Zeichen in Rot und Schwarz.\n\t\t\t\t\t\t\t\t\t<\/div>\n\t\t\t\t\t\t\t\t\t<img decoding=\"async\" src=\"https:\/\/cdn.pilgrim.es\/web\/caminos\/camino-norte\/pueblos\/ribadesella\/puntos-de-interes\/cueva-de-la-lloseta.jpg\" alt=\"Cueva de la Lloseta\">\n\t\t\t\t\t\t\t\t<\/div>\n\t\t\t\t\t\t\t<\/div>\n\t\t\t\t\t\t\n\t\t\t\t\t\t\t<div class=\"accordion__accordion-content inactive\">\n\t\t\t\t\t\t\t\t<div>\n\t\t\t\t\t\t\t\t\t<div>\n\t\t\t\t\t\t\t\t\t\t<h4>Cueva de Les Pedroses<\/h4>\n\t\t\t\t\t\t\t\t\t\t<p>Die H\u00f6hle von Les Pedroses wurde im Jahr 1956 von Francisco Jord\u00e1 entdeckt. Im Inneren der H\u00f6hle befinden sich Gravuren von drei kopflosen Tieren und eine Figur eines kompletten Pferdes mit feinem Umriss.<\/p> <p>Die H\u00f6hle wurde 1956 von Francisco Jord\u00e1 entdeckt.\n\t\t\t\t\t\t\t\t\t<\/div>\n\t\t\t\t\t\t\t\t\t<img decoding=\"async\" src=\"https:\/\/cdn.pilgrim.es\/web\/caminos\/camino-norte\/pueblos\/ribadesella\/puntos-de-interes\/cueva-de-les-pedroses.jpg\" alt=\"Cueva de Les Pedroses\">\n\t\t\t\t\t\t\t\t<\/div>\n\t\t\t\t\t\t\t<\/div>\n\t\t\t\t\t\t\n\t\t\t\t\t\t\t<div class=\"accordion__accordion-content inactive\">\n\t\t\t\t\t\t\t\t<div>\n\t\t\t\t\t\t\t\t\t<div>\n\t\t\t\t\t\t\t\t\t\t<h4>Cueva de Tito Bustillo<\/h4>\n\t\t\t\t\t\t\t\t\t\t<p>Die H\u00f6hle Tito Bustillo ist eine H\u00f6hle mit pr\u00e4historischen Malereien aus der Zeit von 22000 bis 10000 v. Chr., die 1968 entdeckt wurde und seit 2008 zum UNESCO-Weltkulturerbe geh\u00f6rt.<\/p> <p>Die H\u00f6hle Tito Bustillo ist eine H\u00f6hle mit pr\u00e4historischen Malereien aus der Zeit von 22000 bis 10000 v. Chr., die 1968 entdeckt wurde und seit 2008 zum UNESCO-Weltkulturerbe geh\u00f6rt.\n\t\t\t\t\t\t\t\t\t<\/div>\n\t\t\t\t\t\t\t\t\t<img decoding=\"async\" src=\"https:\/\/cdn.pilgrim.es\/web\/caminos\/camino-norte\/pueblos\/ribadesella\/puntos-de-interes\/cueva-de-tito-bustillo.jpg\" alt=\"Cueva de Tito Bustillo\">\n\t\t\t\t\t\t\t\t<\/div>\n\t\t\t\t\t\t\t<\/div>\n\t\t\t\t\t\t\n\t\t\t\t\t\t\t<div class=\"accordion__accordion-content inactive\">\n\t\t\t\t\t\t\t\t<div>\n\t\t\t\t\t\t\t\t\t<div>\n\t\t\t\t\t\t\t\t\t\t<h4>Cueva Rosa<\/h4>\n\t\t\t\t\t\t\t\t\t\t<p>Die Rosa H\u00f6hle ist ein Teil-Naturschutzgebiet, das eine interessante Gruppe von Karststeinen beherbergt, die sich durch ihre unterschiedliche Form auszeichnen. Dieses Reservat beherbergt die gr\u00f6\u00dfte Troglobit-Fauna (eine Gruppe von Tieren, die sich an das Leben in H\u00f6hlen angepasst haben) in Asturien, mit mehr als 30 Insektenarten.\n\n<p>Aufgrund der vielen Flederm\u00e4use, die sie beherbergt, gilt sie auch als die wichtigste H\u00f6hle der Region. <\/p>\n\t\t\t\t\t\t\t\t\t<\/div>\n\t\t\t\t\t\t\t\t\t<img decoding=\"async\" src=\"https:\/\/cdn.pilgrim.es\/web\/caminos\/camino-norte\/pueblos\/ribadesella\/puntos-de-interes\/cueva-rosa.jpg\" alt=\"Cueva Rosa\">\n\t\t\t\t\t\t\t\t<\/div>\n\t\t\t\t\t\t\t<\/div>\n\t\t\t\t\t\t\n\t\t\t\t\t\t\t<div class=\"accordion__accordion-content inactive\">\n\t\t\t\t\t\t\t\t<div>\n\t\t\t\t\t\t\t\t\t<div>\n\t\t\t\t\t\t\t\t\t\t<h4>Fuente de los peregrinos<\/h4>\n\t\t\t\t\t\t\t\t\t\t<p>Der Pilgerbrunnen befindet sich vor der Wallfahrtskirche San Mam\u00e9s de Cuerres, die aus dem Mittelalter stammt. Von seiner Struktur her hat er die Form eines kleinen Hauses, das ganz aus Stein gebaut und mit einem Giebeldach versehen ist. An der Fassade befindet sich der Wasserauslauf, der von einem dreieckigen Giebel gekr\u00f6nt wird.\n\t\t\t\t\t\t\t\t\t<\/div>\n\t\t\t\t\t\t\t\t\t<img decoding=\"async\" src=\"https:\/\/cdn.pilgrim.es\/web\/caminos\/camino-norte\/pueblos\/ribadesella\/puntos-de-interes\/fuente-de-los-peregrinos.jpg\" alt=\"Fuente de los peregrinos\">\n\t\t\t\t\t\t\t\t<\/div>\n\t\t\t\t\t\t\t<\/div>\n\t\t\t\t\t\t\n\t\t\t\t\t\t\t<div class=\"accordion__accordion-content inactive\">\n\t\t\t\t\t\t\t\t<div>\n\t\t\t\t\t\t\t\t\t<div>\n\t\t\t\t\t\t\t\t\t\t<h4>Iglesia de San Esteban de Leces<\/h4>\n\t\t\t\t\t\t\t\t\t\t<p>Die Kirche San Esteban de Leces ist ein altes romanisches Gotteshaus, das nach dem B\u00fcrgerkrieg 1958 vollst\u00e4ndig umgebaut werden musste. Sie zeichnet sich durch einen primitiven Bau aus, der dem der Wallfahrtskirche Santa Mar\u00eda de Junco sehr \u00e4hnlich ist, und hat ein einziges Schiff und eine halbrunde Apsis. Bemerkenswert ist, dass das Apsisfenster mit den Kapitellen, die mit einander zugewandten V\u00f6geln verziert sind, und den verzierten Kragsteinen aus der Entstehungszeit erhalten geblieben ist.  <\/p>\n\t\t\t\t\t\t\t\t\t<\/div>\n\t\t\t\t\t\t\t\t\t<img decoding=\"async\" src=\"https:\/\/cdn.pilgrim.es\/web\/caminos\/camino-norte\/pueblos\/ribadesella\/puntos-de-interes\/iglesia-de-san-esteban-de-leces.jpg\" alt=\"Iglesia de San Esteban de Leces\">\n\t\t\t\t\t\t\t\t<\/div>\n\t\t\t\t\t\t\t<\/div>\n\t\t\t\t\t\t\n\t\t\t\t\t\t\t<div class=\"accordion__accordion-content inactive\">\n\t\t\t\t\t\t\t\t<div>\n\t\t\t\t\t\t\t\t\t<div>\n\t\t\t\t\t\t\t\t\t\t<h4>Iglesia de Santa Mari\u0301a de Junco<\/h4>\n\t\t\t\t\t\t\t\t\t\t<p>Die Kirche Santa Mar\u00eda de Junco ist ein romanisches Gotteshaus aus dem 13. Jahrhundert, das w\u00e4hrend des B\u00fcrgerkriegs zerst\u00f6rt und schlie\u00dflich 1984 restauriert wurde. Das Gotteshaus besteht aus einem einzigen rechteckigen Schiff mit einer halbrunden Apsis, die ein kleines Fenster aufweist, und an der Hauptfassade ist das Wappen der Familie Junco zu sehen. In der Apsis sind Reste der Dekoration aus dem 13. und 14. Jahrhundert erhalten.\n\t\t\t\t\t\t\t\t\t<\/div>\n\t\t\t\t\t\t\t\t\t<img decoding=\"async\" src=\"https:\/\/cdn.pilgrim.es\/web\/caminos\/camino-norte\/pueblos\/ribadesella\/puntos-de-interes\/iglesia-de-santa-maria-de-junco.jpg\" alt=\"Iglesia de Santa Mari\u0301a de Junco\">\n\t\t\t\t\t\t\t\t<\/div>\n\t\t\t\t\t\t\t<\/div>\n\t\t\t\t\t\t\n\t\t\t\t\t\t\t<div class=\"accordion__accordion-content inactive\">\n\t\t\t\t\t\t\t\t<div>\n\t\t\t\t\t\t\t\t\t<div>\n\t\t\t\t\t\t\t\t\t\t<h4>Iglesia de Santa Mari\u0301a Magdalena<\/h4>\n\t\t\t\t\t\t\t\t\t\t<p>Die Pfarrkirche Santa Mar\u00eda Magdalena wurde 1924 auf den romanischen \u00dcberresten einer fr\u00fcheren Kirche errichtet. Sie wurde jedoch 1936 zerst\u00f6rt, so dass sie wieder aufgebaut werden musste. <\/p>\n\n<p>Es handelt sich um einen Tempel mit einer grandiosen Kuppel \u00fcber dem Querschiff, in dessen Inneren sich das Hauptaltarbild befindet, das von dem Bildhauer Emilio del Valle in Stein gehauen wurde. \u00dcber der Kuppel des Querschiffs befinden sich die Wandmalereien von Bernardo, Antonio und Celestino Ur\u00eda-Aza, die der Kirche ein besonderes Ansehen verleihen.\n\n<p>Diese Kirche in der Gemeinde Ribadesella beherbergt also ein spektakul\u00e4res zeitgen\u00f6ssisches Werk von drei K\u00fcnstlern, das Bewunderung verdient. Besonders hervorzuheben sind vier grandiose Wandgem\u00e4lde, die w\u00e4hrend der Zweiten Republik begonnen und in der Nachkriegszeit aufgrund des B\u00fcrgerkriegs, der Finanzierungsprobleme der K\u00fcnstler, der menschlichen Not und Entbehrungen, der Versorgungsschwierigkeiten usw.<\/p> <p> fertiggestellt wurden.\n\n<p>MASSENZEITPLAN<\/p>\n\n<p>Winter Werktags und abends um 19:00 Uhr Feiertags um 12:00 UhrSommer Werktags und abends um 20:00 Uhr Feiertags um 12:00 Uhr<\/p> <p>Sommer\n\n<p>INFORMATIONEN VON INTERESSE<\/p>\n\n<p>E-Mail: parroquiaribadesella@gmail.com<\/p>\n\t\t\t\t\t\t\t\t\t<\/div>\n\t\t\t\t\t\t\t\t\t<img decoding=\"async\" src=\"https:\/\/cdn.pilgrim.es\/web\/caminos\/camino-norte\/pueblos\/ribadesella\/puntos-de-interes\/iglesia-de-santa-maria-magdalena.jpg\" alt=\"Iglesia de Santa Mari\u0301a Magdalena\">\n\t\t\t\t\t\t\t\t<\/div>\n\t\t\t\t\t\t\t<\/div>\n\t\t\t\t\t\t\n\t\t\t\t\t\t\t<div class=\"accordion__accordion-content inactive\">\n\t\t\t\t\t\t\t\t<div>\n\t\t\t\t\t\t\t\t\t<div>\n\t\t\t\t\t\t\t\t\t\t<h4>Paseo de la princesa Letizia<\/h4>\n\t\t\t\t\t\t\t\t\t\t<p>Der Paseo de la Princesa Letizia ist eine Promenade zu Ehren der derzeitigen K\u00f6nigin von Spanien. Sie hat eine gro\u00dfe Ausdehnung und erstreckt sich vom Ende der Sella-Br\u00fccke bis zur Lonja del Pescado. <\/p>\n\n<p>Zusammen mit der Calle de los Marqueses de Arg\u00fcelles bildet sie eine breite Flaniermeile, auf der sich die meisten Restaurants und Apfelweinbars der Stadt befinden.\n\t\t\t\t\t\t\t\t\t<\/div>\n\t\t\t\t\t\t\t\t\t<img decoding=\"async\" src=\"https:\/\/cdn.pilgrim.es\/web\/caminos\/camino-norte\/pueblos\/ribadesella\/puntos-de-interes\/paseo-de-la-princesa-letizia.jpg\" alt=\"Paseo de la princesa Letizia\">\n\t\t\t\t\t\t\t\t<\/div>\n\t\t\t\t\t\t\t<\/div>\n\t\t\t\t\t\t\n\t\t\t\t\t\t\t<div class=\"accordion__accordion-content inactive\">\n\t\t\t\t\t\t\t\t<div>\n\t\t\t\t\t\t\t\t\t<div>\n\t\t\t\t\t\t\t\t\t\t<h4>Restos de dinosaurios<\/h4>\n\t\t\t\t\t\t\t\t\t\t<p>In der asturischen Region, genauer gesagt zwischen Villaviciosa und Ribadesella, gibt es einen maritimen Streifen mit mehreren Fundstellen aus der Sekund\u00e4rzeit. Die S\u00fcmpfe und K\u00fcsten sowie die Klippen waren die Orte, an denen sich die meisten Fu\u00dfabdr\u00fccke erhalten haben. <\/p>\n\t\t\t\t\t\t\t\t\t<\/div>\n\t\t\t\t\t\t\t\t\t<img decoding=\"async\" src=\"https:\/\/cdn.pilgrim.es\/web\/caminos\/camino-norte\/pueblos\/ribadesella\/puntos-de-interes\/restos-de-dinosaurios.jpg\" alt=\"Restos de dinosaurios\">\n\t\t\t\t\t\t\t\t<\/div>\n\t\t\t\t\t\t\t<\/div>\n\t\t\t\t\t\t\n\t\t\t\t\t\t\t<div class=\"accordion__accordion-content inactive\">\n\t\t\t\t\t\t\t\t<div>\n\t\t\t\t\t\t\t\t\t<div>\n\t\t\t\t\t\t\t\t\t\t<h4>Santuario de San Mame\u0301s<\/h4>\n\t\t\t\t\t\t\t\t\t\t<p>Die Wallfahrtskirche San Mam\u00e9s de Cuerres ist eine im 14. Jahrhundert erbaute Kirche mit einem Steingew\u00f6lbe, in dem Kreuze und Gravuren aus dieser Zeit zu sehen sind. In ihrem Inneren befindet sich ein Bildnis zu Ehren von San Mam\u00e9s zusammen mit anderen von San Ant\u00f3n und der Jungfrau des Rosenkranzes.\n\t\t\t\t\t\t\t\t\t<\/div>\n\t\t\t\t\t\t\t\t\t<img decoding=\"async\" src=\"https:\/\/cdn.pilgrim.es\/web\/caminos\/camino-norte\/pueblos\/ribadesella\/puntos-de-interes\/santuario-de-san-mames.jpg\" alt=\"Santuario de San Mame\u0301s\">\n\t\t\t\t\t\t\t\t<\/div>\n\t\t\t\t\t\t\t<\/div>\n\t\t\t\t\t\t\n\t\t\t\t\t\t\t<div class=\"accordion__accordion-content inactive\">\n\t\t\t\t\t\t\t\t<div>\n\t\t\t\t\t\t\t\t\t<div>\n\t\t\t\t\t\t\t\t\t\t<h4>Torre del Junco<\/h4>\n\t\t\t\t\t\t\t\t\t\t<p>La Torre de Junco ist ein Herrenhaus aus dem 14. Jahrhundert, das sich in einer strategisch g\u00fcnstigen Lage befand und dem Geschlecht der Familie Ruiz Junco geh\u00f6rte. Es hat einen quadratischen Grundriss, der in zwei Stockwerke unterteilt ist, und die Hauptfassade zeichnet sich durch ihre Fassade aus der Mitte des 16. Jahrhunderts. Sie ist seitlich versetzt und besteht aus dunkelgrauem Quaderstein. \u00dcber der Fassade ist ein Familienwappen zu sehen.\n\t\t\t\t\t\t\t\t\t<\/div>\n\t\t\t\t\t\t\t\t\t<img decoding=\"async\" src=\"https:\/\/cdn.pilgrim.es\/web\/caminos\/camino-norte\/pueblos\/ribadesella\/puntos-de-interes\/torre-del-junco.jpg\" alt=\"Torre del Junco\">\n\t\t\t\t\t\t\t\t<\/div>\n\t\t\t\t\t\t\t<\/div>\n\t\t\t\t\t\t\n\t\t\t\t\t\t\t<div class=\"accordion__accordion-content inactive\">\n\t\t\t\t\t\t\t\t<div>\n\t\t\t\t\t\t\t\t\t<div>\n\t\t\t\t\t\t\t\t\t\t<h4>Palacio de la familia Prieto Collado<\/h4>\n\t\t\t\t\t\t\t\t\t\t<p>Der Palast von Prieto Collado, auch bekannt als Casa del Escudo, ist ein Barockgeb\u00e4ude in der N\u00e4he der Kirche Santa Mar\u00eda Magdalena. Es hat drei Stockwerke und ein Erdgeschoss und ist ber\u00fchmt f\u00fcr das Geburtshaus des Malers Dar\u00edo de Regoyos. <\/p>\n\n<p>Hervorzuheben sind der Balkon, der sich \u00fcber die gesamte Front der Hauptfassade erstreckt, und das Wappen der Markgrafen von Collado. <\/p>\n\n<p>Heute ist dieser Palast als Casa del Collado bekannt und beherbergt in seinem Inneren den Sitz der Post der Stadt.<\/p> <p>Der Palast ist auch als Casa del Collado bekannt und beherbergt die Post der Stadt.\n\t\t\t\t\t\t\t\t\t<\/div>\n\t\t\t\t\t\t\t\t\t<img decoding=\"async\" src=\"https:\/\/cdn.pilgrim.es\/web\/caminos\/camino-norte\/pueblos\/ribadesella\/puntos-de-interes\/palacio-de-la-familia-prieto-collado.jpg\" alt=\"Palacio de la familia Prieto Collado\">\n\t\t\t\t\t\t\t\t<\/div>\n\t\t\t\t\t\t\t<\/div>\n\t\t\t\t\t\t\n\t\t\t\t\t\t\t<div class=\"accordion__accordion-content inactive\">\n\t\t\t\t\t\t\t\t<div>\n\t\t\t\t\t\t\t\t\t<div>\n\t\t\t\t\t\t\t\t\t\t<h4>Torre de San Esteban<\/h4>\n\t\t\t\t\t\t\t\t\t\t<p>Der Turm von San Esteban befindet sich in der Gemeinde Leces, in der N\u00e4he der Kirche von San Esteban de Leces. Er ist ein Herrenhaus der Familie Ruiz de Junco, das zwischen dem 14. und 15. Jahrhundert erbaut wurde.\n\n<p>Im Laufe der Zeit wurde der Turm umgebaut und ist heute von anderen Geb\u00e4uden umgeben. Er hat einen quadratischen Grundriss und drei Stockwerke. Die Hauptfassade weist eine gro\u00dfe Fassade aus der Mitte des 16. Jahrhunderts auf, die aus Quadersteinen und dem Wappen besteht.\n\n<p>Im dritten Stock gibt es ein kleines Fenster, das in einem Spitzbogen endet, und links, im Erdgeschoss und neben dem Portal, befindet sich eine kleine T\u00fcr, \u00fcber der eine \u00d6ffnung mit Steinverkleidung zu sehen ist.<\/p> <p>Die Hauptfassade hat eine kleine T\u00fcr mit einer \u00d6ffnung mit Steinverkleidung.<\/p> <p>Im dritten Stock gibt es ein kleines Fenster, das in einem Spitzbogen endet.\n\t\t\t\t\t\t\t\t\t<\/div>\n\t\t\t\t\t\t\t\t\t<img decoding=\"async\" src=\"https:\/\/cdn.pilgrim.es\/web\/caminos\/camino-norte\/pueblos\/ribadesella\/puntos-de-interes\/torre-de-san-esteban.jpg\" alt=\"Torre de San Esteban\">\n\t\t\t\t\t\t\t\t<\/div>\n\t\t\t\t\t\t\t<\/div>\n\t\t\t\t\t\t\n\t\t\t\t\t\t\t<div class=\"accordion__accordion-content inactive\">\n\t\t\t\t\t\t\t\t<div>\n\t\t\t\t\t\t\t\t\t<div>\n\t\t\t\t\t\t\t\t\t\t<h4>Torre de la Atalaya<\/h4>\n\t\t\t\t\t\t\t\t\t\t<p>Der Torre de la Atalaya wurde im 19. Jahrhundert auf den \u00dcberresten eines alten Wehrturms mittelalterlichen Ursprungs errichtet. Er befindet sich an der Plaza de Villar y Valle, die auch als Plaza de la Atalaya bekannt ist. <\/p>\n\n<p>Das Geb\u00e4ude hat einen mittelalterlichen Stil mit einem quadratischen Grundriss aus Mauerwerk, der von Zinnen gekr\u00f6nt wird. Es wird derzeit als Wohnhaus genutzt und zeichnet sich dadurch aus, dass es von einer gro\u00dfen Weinrebe bedeckt ist.\n\t\t\t\t\t\t\t\t\t<\/div>\n\t\t\t\t\t\t\t\t\t<img decoding=\"async\" src=\"https:\/\/cdn.pilgrim.es\/web\/caminos\/camino-norte\/pueblos\/ribadesella\/puntos-de-interes\/torre-de-la-atalaya.jpg\" alt=\"Torre de la Atalaya\">\n\t\t\t\t\t\t\t\t<\/div>\n\t\t\t\t\t\t\t<\/div>\n\t\t\t\t\t\t\n\t\t\t\t\t\t\t<div class=\"accordion__accordion-content inactive\">\n\t\t\t\t\t\t\t\t<div>\n\t\t\t\t\t\t\t\t\t<div>\n\t\t\t\t\t\t\t\t\t\t<h4>Iglesia de San Marti\u0301n<\/h4>\n\t\t\t\t\t\t\t\t\t\t<p>Die Kirche San Mart\u00edn de Collera ist alles, was vom alten Kloster San Mart\u00edn de Collera aus dem Jahr 1052 \u00fcbrig geblieben ist. Dass nur noch die Kirche \u00fcbrig ist, ist auf die Abnutzung durch die Jahrhunderte und vor allem auf die Auswirkungen des B\u00fcrgerkriegs zur\u00fcckzuf\u00fchren.\n\n<p>Anzumerken ist, dass sich im Inneren der Kirche vier in Stein gehauene St\u00fccke befinden, die m\u00f6glicherweise romanischen Ursprungs sind, sowie eine Kapelle aus dem 18.\n\t\t\t\t\t\t\t\t\t<\/div>\n\t\t\t\t\t\t\t\t\t<img decoding=\"async\" src=\"https:\/\/cdn.pilgrim.es\/web\/caminos\/camino-norte\/pueblos\/ribadesella\/puntos-de-interes\/iglesia-de-san-martin.jpg\" alt=\"Iglesia de San Marti\u0301n\">\n\t\t\t\t\t\t\t\t<\/div>\n\t\t\t\t\t\t\t<\/div>\n\t\t\t\t\t\t\n\t\t\t\t\t\t\t<div class=\"accordion__accordion-content inactive\">\n\t\t\t\t\t\t\t\t<div>\n\t\t\t\t\t\t\t\t\t<div>\n\t\t\t\t\t\t\t\t\t\t<h4>Capilla de la Virgen de la gui\u0301a<\/h4>\n\t\t\t\t\t\t\t\t\t\t<p>Die Kapelle der Virgen de la Gu\u00eda befindet sich auf dem Gipfel des Monte Corberu. Sie wurde im 16. Jahrhundert im Stil der Protorrenaissance und im Auftrag der Zunft der Seeleute, der \u00e4ltesten Vereinigung Spaniens, erbaut.\n\n<p>Die Seitenfassade dieses Tempels zeichnet sich heute durch ihren guten Erhaltungszustand und die gut geschnittenen Quadersteine aus.\n\t\t\t\t\t\t\t\t\t<\/div>\n\t\t\t\t\t\t\t\t\t<img decoding=\"async\" src=\"https:\/\/cdn.pilgrim.es\/web\/caminos\/camino-norte\/pueblos\/ribadesella\/puntos-de-interes\/capilla-de-la-virgen-de-la-guia.jpg\" alt=\"Capilla de la Virgen de la gui\u0301a\">\n\t\t\t\t\t\t\t\t<\/div>\n\t\t\t\t\t\t\t<\/div>\n\t\t\t\t\t\t\n\t\t\t\t\t\t\t<div class=\"accordion__accordion-content inactive\">\n\t\t\t\t\t\t\t\t<div>\n\t\t\t\t\t\t\t\t\t<div>\n\t\t\t\t\t\t\t\t\t\t<h4>Capilla de Santa Rita<\/h4>\n\t\t\t\t\t\t\t\t\t\t<p>Die Kapelle Santa Rita ist eine kleine Kirche, die 1666 als Ersatz f\u00fcr eine fr\u00fchere Kirche in schlechtem Zustand errichtet wurde. Sie besteht aus drei verschiedenen Teilen: einem offenen S\u00e4ulengang, dem Kirchenschiff, das in die H\u00f6he ragt, und dem Altarraum. <\/p>\n\t\t\t\t\t\t\t\t\t<\/div>\n\t\t\t\t\t\t\t\t\t<img decoding=\"async\" src=\"https:\/\/cdn.pilgrim.es\/web\/caminos\/camino-norte\/pueblos\/ribadesella\/puntos-de-interes\/capilla-de-santa-rita.jpg\" alt=\"Capilla de Santa Rita\">\n\t\t\t\t\t\t\t\t<\/div>\n\t\t\t\t\t\t\t<\/div>\n\t\t\t\t\t\t\n\t\t\t\t\t<\/div>\n\t\t\t\t<\/div>\n\t\t\t<\/div>\n\t\t\n\n\t\t<div id=\"phonesSection\">\n\t\t\t<div>\n\t\t\t\t<h2 class=\"p-h3-town\">Informationen von Interesse<\/h2>\n\t\t\t<\/div>\n\t\t\t<div class=\"grid\">\n\t\t\t\t\n\t\t\t\t\t<div class=\"phone-number-item\">\n\t\t\t\t\t\t<div class=\"phone-number-item__icon\"><i class=\"icon-police\"><\/i><\/div>\n\t\t\t\t\t\t<div class=\"phone-number-item__title\">\n\t\t\t\t\t\t\t<h3 class=\"p-font-bold\">Ortspolizei<\/h3>\n\t\t\t\t\t\t\t<p>985 858 022 \/ 619 769 576<\/p>\n\t\t\t\t\t\t\t\n\t\t\t\t\t\t<\/div>\n\t\t\t\t\t<\/div>\n\t\t\t\t\n\t\t\t\t\t<div class=\"phone-number-item\">\n\t\t\t\t\t\t<div class=\"phone-number-item__icon\"><i class=\"icon-spanish-military-police\"><\/i><\/div>\n\t\t\t\t\t\t<div class=\"phone-number-item__title\">\n\t\t\t\t\t\t\t<h3 class=\"p-font-bold\">Zivilwache<\/h3>\n\t\t\t\t\t\t\t<p>985 860 153<\/p>\n\t\t\t\t\t\t\t\n\t\t\t\t\t\t<\/div>\n\t\t\t\t\t<\/div>\n\t\t\t\t\n\t\t\t\t\t<div class=\"phone-number-item\">\n\t\t\t\t\t\t<div class=\"phone-number-item__icon\"><i class=\"icon-firefighters\"><\/i><\/div>\n\t\t\t\t\t\t<div class=\"phone-number-item__title\">\n\t\t\t\t\t\t\t<h3 class=\"p-font-bold\">Feuerwehr<\/h3>\n\t\t\t\t\t\t\t<p>985 848 482<\/p>\n\t\t\t\t\t\t\t\n\t\t\t\t\t\t<\/div>\n\t\t\t\t\t<\/div>\n\t\t\t\t\n\t\t\t\t\t<div class=\"phone-number-item\">\n\t\t\t\t\t\t<div class=\"phone-number-item__icon\"><i class=\"icon-civil-protection\"><\/i><\/div>\n\t\t\t\t\t\t<div class=\"phone-number-item__title\">\n\t\t\t\t\t\t\t<h3 class=\"p-font-bold\">Zivilschutz<\/h3>\n\t\t\t\t\t\t\t<p>985 771 777<\/p>\n\t\t\t\t\t\t\t\n\t\t\t\t\t\t<\/div>\n\t\t\t\t\t<\/div>\n\t\t\t\t\n\t\t\t\t\t<div class=\"phone-number-item\">\n\t\t\t\t\t\t<div class=\"phone-number-item__icon\"><i class=\"icon-town-council\"><\/i><\/div>\n\t\t\t\t\t\t<div class=\"phone-number-item__title\">\n\t\t\t\t\t\t\t<h3 class=\"p-font-bold\">Rathaus<\/h3>\n\t\t\t\t\t\t\t<p>985 860 255<\/p>\n\t\t\t\t\t\t\t\n\t\t\t\t\t\t<\/div>\n\t\t\t\t\t<\/div>\n\t\t\t\t\n\t\t\t\t\t<div class=\"phone-number-item\">\n\t\t\t\t\t\t<div class=\"phone-number-item__icon\"><i class=\"icon-hospital\"><\/i><\/div>\n\t\t\t\t\t\t<div class=\"phone-number-item__title\">\n\t\t\t\t\t\t\t<h3 class=\"p-font-bold\">Gesundheitszentrum<\/h3>\n\t\t\t\t\t\t\t<p>985 857 440<\/p>\n\t\t\t\t\t\t\t\n\t\t\t\t\t\t<\/div>\n\t\t\t\t\t<\/div>\n\t\t\t\t\n\t\t\t\t\t<div class=\"phone-number-item\">\n\t\t\t\t\t\t<div class=\"phone-number-item__icon\"><i class=\"icon-tourism\"><\/i><\/div>\n\t\t\t\t\t\t<div class=\"phone-number-item__title\">\n\t\t\t\t\t\t\t<h3 class=\"p-font-bold\">Fremdenverkehrsamt<\/h3>\n\t\t\t\t\t\t\t<p>985 860 038<\/p>\n\t\t\t\t\t\t\t\n\t\t\t\t\t\t\t\t<p>Paseo Princesa Letizia, s\/n<\/p>\n\t\t\t\t\t\t\t\n\t\t\t\t\t\t<\/div>\n\t\t\t\t\t<\/div>\n\t\t\t\t\n\t\t\t<\/div>\n\t\t<\/div>\n\n\t\t<div id=\"clientForm\">\n        <section>\n        <img decoding=\"async\" src=\"https:\/\/cdn.pilgrim.es\/web\/home\/email-contacto.png\" alt=\"contacto\">\n        <div>\n            <p>Wir senden dir deine Planung<\/p>\n            <p>Gib uns deine Daten an und erhalte die Planung deiner Reise per E-Mail <\/p>\n            <form method=\"post\" data-url=\"\/wp-admin\/admin-ajax.php\" id=\"planner--client\" class=\"flag-right form-client\">\n    <div class=\"form-data\">\n        <input name=\"form_id\" type=\"hidden\" value=\"Formulario Leads\">\n        <input name=\"type\" type=\"hidden\" value=\"planner_client\">\n        <input type=\"text\" name=\"nombre\" value=\"\" size=\"40\" class=\"form-control\" aria-required=\"true\" aria-invalid=\"false\" placeholder=\"Name\">\n        <input type=\"email\" name=\"email\" value=\"\" size=\"40\" class=\"form-control\" aria-required=\"true\" aria-invalid=\"false\" placeholder=\"E- Mail\">\n        <input type=\"text\" id=\"phone-input\" name=\"tel\" value=\"\" size=\"40\" class=\"phone-input form-control\" aria-required=\"true\" aria-invalid=\"false\" placeholder=\"Telefon\">\n        <input type=\"hidden\" name=\"telefono\">\n    <\/div>\n    <div class=\"form-checkbox\">\n        <span>\n            Pilgrim Travel, S.L. teilt gem\u00e4\u00df Regulierung 2016\/679 mit, dass die in diesem Formular verwendeten Daten sowohl f\u00fcr die Beantwortung der m\u00f6glichen Anfragen als auch f\u00fcr die Ver\u00f6ffentlichung der Kommentare verwendet werden, mit der Zustimmung des Nutzers. Sie k\u00f6nnen Ihre Rechte in \u00dcbereinstimmung mit unserer Datenschutzbestimmungen aus\u00fcben             <a href=\"https:\/\/www.pilgrim.es\/politica-de-privacidad\/\" target=\"_blank\" rel=\"noopener noreferrer nofollow\">Datenschutzerkl\u00e4rung.<\/a>\n        <\/span>\n    <\/div>\n\n    <div class=\"form-submit\">\n        <button id=\"planner--client-create\" type=\"submit\">Anfrage senden<\/button>\n        <div class=\"loadingDiv\"><i class=\"p-spinner\"><\/i><\/div>\n    <\/div>\n\n    <div class=\"contact-content-form-success\">\n        <p><i class=\"fas fa-check\"><\/i> Das Formular hat sich erfolgreich gesendet.<\/p>\n    <\/div>\n\n    <div class=\"contact-content-form-error\">\n        <span class=\"input-error\"><\/span>\n    <\/div>\n<\/form>        <\/div>\n    <\/section>\n<\/div>\n\n\t\t<div id=\"recomendationSection\">\n\t\t\t<div>\n\t\t\t\t<h2 class=\"p-h2-town\">Empfohlen<\/h2>\n\t\t\t\t<hr>\n\t\t\t\t<h3 class=\"p-h3-town\">Gastronomie<\/h3>\n\t\t\t<\/div>\n\t\t\tDie Gastronomie von Ribadesella ist ber\u00fchmt f\u00fcr ihre typischen Rezepte wie Calderetas, Marmitas, Fideos con Besugo, Congrio con Guisantes, Pix\u00edn en Salsa, Merluza a la Sidra, Bonito-Rolle, gebackene Dorade, gebackener Wolfsbarsch, gebackener St\u00f6cker, Bonito, einheimische Meeresfr\u00fcchte, Tortos Fritos, Borona, ger\u00e4ucherte Blutwurst, Sardellen und Fabes con Almejas (Bohnen mit Venusmuscheln).\n\nBei den Fleischgerichten stehen Rindfleisch, W\u00fcrste und Pitos de Caleya (H\u00fchner aus Freilandhaltung) im Vordergrund. Drei K\u00e4sesorten stechen in der Region hervor: Gamon\u00e9u-K\u00e4se, Beyos-K\u00e4se und Cabrales-K\u00e4se.\n\nBei den S\u00fc\u00dfspeisen gibt es die Kekse der Gro\u00dfmutter, &#8222;suspiros&#8220;, &#8222;casadiellas&#8220;, &#8222;piraguas&#8220;, &#8222;tentaciones del puerto&#8220;, &#8222;leticias&#8220;, &#8222;leche frita&#8220; und &#8222;arroz con leche requem\u00e1u&#8220; (Milchreis). Und schlie\u00dflich sollten Sie die lokalen Lik\u00f6re und Destillate probieren, darunter den Apfelweinbrand.\n\t\t<\/div>\n\n\n\t\t\n\t\t\t<div id=\"holidaysSection\">\n\t\t\t\t<div>\n\t\t\t\t\t<h2 class=\"p-h2-town\">Empfohlen<\/h2>\n\t\t\t\t\t<hr>\n\t\t\t\t\t<h3 class=\"p-h3-town\">Feste und Pilgerfahrten<\/h3>\n\t\t\t\t<\/div>\n\t\t\t\t<div class=\"grid holidays-grid\">\n\t\t\t\t\t\n\t\t\t\t\t\t<div>\n\t\t\t\t\t\t\t<div class=\"phone-number-item\">\n\t\t\t\t\t\t\t\t<div class=\"phone-number-item__icon\"><i class=\"icon-holiday\"><\/i><\/div>\n\t\t\t\t\t\t\t\t<div class=\"phone-number-item__title dark-text\">\n\t\t\t\t\t\t\t\t\t<p class=\"p-font-bold\">Lokaler Urlaub<\/p>\n\t\t\t\t\t\t\t\t\t<p>24 de junio: San Juan<\/p>\n\t\t\t\t\t\t\t\t<\/div>\n\t\t\t\t\t\t\t<\/div>\n\t\t\t\t\t\t<\/div>\n\t\t\t\t\t\n\t\t\t\t\t\t<div>\n\t\t\t\t\t\t\t<div class=\"phone-number-item\">\n\t\t\t\t\t\t\t\t<div class=\"phone-number-item__icon\"><i class=\"icon-holiday\"><\/i><\/div>\n\t\t\t\t\t\t\t\t<div class=\"phone-number-item__title dark-text\">\n\t\t\t\t\t\t\t\t\t<p class=\"p-font-bold\">Lokaler Urlaub<\/p>\n\t\t\t\t\t\t\t\t\t<p>17 de enero: Fiesta de San Ant\u00f3n<\/p>\n\t\t\t\t\t\t\t\t<\/div>\n\t\t\t\t\t\t\t<\/div>\n\t\t\t\t\t\t<\/div>\n\t\t\t\t\t\n\t\t\t\t\t\t<div>\n\t\t\t\t\t\t\t<div class=\"phone-number-item\">\n\t\t\t\t\t\t\t\t<div class=\"phone-number-item__icon\"><i class=\"icon-holiday\"><\/i><\/div>\n\t\t\t\t\t\t\t\t<div class=\"phone-number-item__title dark-text\">\n\t\t\t\t\t\t\t\t\t<p class=\"p-font-bold\">Lokaler Urlaub<\/p>\n\t\t\t\t\t\t\t\t\t<p>7 de agosto: Fiesta del San Mam\u00e9s<\/p>\n\t\t\t\t\t\t\t\t<\/div>\n\t\t\t\t\t\t\t<\/div>\n\t\t\t\t\t\t<\/div>\n\t\t\t\t\t\n\t\t\t\t\t\t<div>\n\t\t\t\t\t\t\t<div class=\"phone-number-item\">\n\t\t\t\t\t\t\t\t<div class=\"phone-number-item__icon\"><i class=\"icon-holiday\"><\/i><\/div>\n\t\t\t\t\t\t\t\t<div class=\"phone-number-item__title dark-text\">\n\t\t\t\t\t\t\t\t\t<p class=\"p-font-bold\">Lokaler Urlaub<\/p>\n\t\t\t\t\t\t\t\t\t<p>25 de agosto: Fiesta de Santa Marina<\/p>\n\t\t\t\t\t\t\t\t<\/div>\n\t\t\t\t\t\t\t<\/div>\n\t\t\t\t\t\t<\/div>\n\t\t\t\t\t\n\t\t\t\t\t\t<div>\n\t\t\t\t\t\t\t<div class=\"phone-number-item\">\n\t\t\t\t\t\t\t\t<div class=\"phone-number-item__icon\"><i class=\"icon-holiday\"><\/i><\/div>\n\t\t\t\t\t\t\t\t<div class=\"phone-number-item__title dark-text\">\n\t\t\t\t\t\t\t\t\t<p class=\"p-font-bold\">Lokaler Urlaub<\/p>\n\t\t\t\t\t\t\t\t\t<p>9 de agosto: Feria del queso de Cuerres<\/p>\n\t\t\t\t\t\t\t\t<\/div>\n\t\t\t\t\t\t\t<\/div>\n\t\t\t\t\t\t<\/div>\n\t\t\t\t\t\n\t\t\t\t\t\t<div>\n\t\t\t\t\t\t\t<div class=\"phone-number-item\">\n\t\t\t\t\t\t\t\t<div class=\"phone-number-item__icon\"><i class=\"icon-holiday\"><\/i><\/div>\n\t\t\t\t\t\t\t\t<div class=\"phone-number-item__title dark-text\">\n\t\t\t\t\t\t\t\t\t<p class=\"p-font-bold\">Lokaler Urlaub<\/p>\n\t\t\t\t\t\t\t\t\t<p>Julio: Fiesta de la Virgen de la Gu\u00eda<\/p>\n\t\t\t\t\t\t\t\t<\/div>\n\t\t\t\t\t\t\t<\/div>\n\t\t\t\t\t\t<\/div>\n\t\t\t\t\t\n\t\t\t\t\t\t<div>\n\t\t\t\t\t\t\t<div class=\"phone-number-item\">\n\t\t\t\t\t\t\t\t<div class=\"phone-number-item__icon\"><i class=\"icon-holiday\"><\/i><\/div>\n\t\t\t\t\t\t\t\t<div class=\"phone-number-item__title dark-text\">\n\t\t\t\t\t\t\t\t\t<p class=\"p-font-bold\">Lokaler Urlaub<\/p>\n\t\t\t\t\t\t\t\t\t<p>Septiembre: Fiesta de la Virgen de la Esperanza<\/p>\n\t\t\t\t\t\t\t\t<\/div>\n\t\t\t\t\t\t\t<\/div>\n\t\t\t\t\t\t<\/div>\n\t\t\t\t\t\n\t\t\t\t\t\t<div>\n\t\t\t\t\t\t\t<div class=\"phone-number-item\">\n\t\t\t\t\t\t\t\t<div class=\"phone-number-item__icon\"><i class=\"icon-holiday\"><\/i><\/div>\n\t\t\t\t\t\t\t\t<div class=\"phone-number-item__title dark-text\">\n\t\t\t\t\t\t\t\t\t<p class=\"p-font-bold\">Lokaler Urlaub<\/p>\n\t\t\t\t\t\t\t\t\t<p>Agosto: Fiesta de San Lorenzo y la feria del ganado<\/p>\n\t\t\t\t\t\t\t\t<\/div>\n\t\t\t\t\t\t\t<\/div>\n\t\t\t\t\t\t<\/div>\n\t\t\t\t\t\n\t\t\t\t\t\t<div>\n\t\t\t\t\t\t\t<div class=\"phone-number-item\">\n\t\t\t\t\t\t\t\t<div class=\"phone-number-item__icon\"><i class=\"icon-holiday\"><\/i><\/div>\n\t\t\t\t\t\t\t\t<div class=\"phone-number-item__title dark-text\">\n\t\t\t\t\t\t\t\t\t<p class=\"p-font-bold\">Lokaler Urlaub<\/p>\n\t\t\t\t\t\t\t\t\t<p>S\u00e1bado despu\u00e9s del 7 de septiembre: Fiesta de Nuestra Se\u00f1ora del Rosario<\/p>\n\t\t\t\t\t\t\t\t<\/div>\n\t\t\t\t\t\t\t<\/div>\n\t\t\t\t\t\t<\/div>\n\t\t\t\t\t\n\t\t\t\t\t\t<div>\n\t\t\t\t\t\t\t<div class=\"phone-number-item\">\n\t\t\t\t\t\t\t\t<div class=\"phone-number-item__icon\"><i class=\"icon-holiday\"><\/i><\/div>\n\t\t\t\t\t\t\t\t<div class=\"phone-number-item__title dark-text\">\n\t\t\t\t\t\t\t\t\t<p class=\"p-font-bold\">Lokaler Urlaub<\/p>\n\t\t\t\t\t\t\t\t\t<p>Primer s\u00e1bado de agosto: Celebra el descenso internacional del Sella<\/p>\n\t\t\t\t\t\t\t\t<\/div>\n\t\t\t\t\t\t\t<\/div>\n\t\t\t\t\t\t<\/div>\n\t\t\t\t\t\n\t\t\t\t<\/div>\n\t\t\t<\/div>\n\t\t\n\t<\/div>\n<\/section>\n\n<div id=\"stage_list_section\"><div class=\"stage-list\">\n    <div class='stage-list__map-card'>\n        <div class='stage-list__map-card__map'>\n            <div class='stage-list__map-card__map__text'>\n                <h2> Pages <\/h2>\n                <p> Zu Fu\u00df<\/p>\n                <p> 0etappen<\/p>\n            <\/div>\n            <div class='stage-list__map-card__map__img'>\n                <img decoding=\"async\" src=\"\" alt=\" mapa \" \/>\n            <\/div>\n        <\/div>\n    <\/div>\n\n    <\/div>\n<\/div> ","protected":false},"excerpt":{"rendered":"<p>Ribadesella &#8249; Zur\u00fcck zur B\u00fchne Ribadesella Einwohner: 5.904 aprox. Bundesland: Asturias Informationen Get to know Ribadesella Das St\u00e4dtchen Ribadesella ist ein sehr touristischer Ort, dessen Einwohnerzahl sich im Sommer verdreifacht, so dass es in Bezug auf die Dienstleistungen perfekt vorbereitet ist. Pilger finden hier alles, was sie auf ihrem Weg nach Santiago brauchen. Am ersten &hellip; <\/p>\n<p class=\"read_more\"><a href=\"https:\/\/www.pilgrim.es\/de\/weg-im-norden\/ribadesella\/\">Leer m\u00e1s<\/a><\/p>\n","protected":false},"author":0,"featured_media":8139,"parent":10670,"menu_order":0,"comment_status":"closed","ping_status":"closed","template":"views\/template-new-web-design.blade.php","meta":{"footnotes":""},"categories":[],"tags":[],"class_list":["post-91290","page","type-page","status-publish","has-post-thumbnail","hentry"],"yoast_head":"<!-- This site is optimized with the Yoast SEO plugin v27.4 - https:\/\/yoast.com\/product\/yoast-seo-wordpress\/ -->\n<title>Ribadesella: Was sehen und wo \u00fcbernachten | Jakobsweg | Pilgrim<\/title>\n<meta name=\"description\" content=\"Ribadesella Entdecken Sie alle Informationen \u00fcber Unterk\u00fcnfte, Anreise, Gastronomie und die wichtigsten Sehensw\u00fcrdigkeiten der Orte am K\u00fcstenweg\" \/>\n<meta name=\"robots\" content=\"index, follow, max-snippet:-1, max-image-preview:large, max-video-preview:-1\" \/>\n<link rel=\"canonical\" href=\"https:\/\/www.pilgrim.es\/de\/weg-im-norden\/ribadesella\/\" \/>\n<meta property=\"og:locale\" content=\"de_DE\" \/>\n<meta property=\"og:type\" content=\"article\" \/>\n<meta property=\"og:title\" content=\"Ribadesella: Was sehen und wo \u00fcbernachten | Jakobsweg | Pilgrim\" \/>\n<meta property=\"og:description\" content=\"Ribadesella Entdecken Sie alle Informationen \u00fcber Unterk\u00fcnfte, Anreise, Gastronomie und die wichtigsten Sehensw\u00fcrdigkeiten der Orte am K\u00fcstenweg\" \/>\n<meta property=\"og:url\" content=\"https:\/\/www.pilgrim.es\/de\/weg-im-norden\/ribadesella\/\" \/>\n<meta property=\"og:site_name\" content=\"Pilgrim\" \/>\n<meta property=\"article:publisher\" content=\"https:\/\/www.facebook.com\/pilgrim.es\/\" \/>\n<meta property=\"og:image\" content=\"https:\/\/www.pilgrim.es\/wp-content\/uploads\/2019\/02\/ribadesella1.jpg\" \/>\n\t<meta property=\"og:image:width\" content=\"800\" \/>\n\t<meta property=\"og:image:height\" content=\"550\" \/>\n\t<meta property=\"og:image:type\" content=\"image\/jpeg\" \/>\n<meta name=\"twitter:card\" content=\"summary_large_image\" \/>\n<meta name=\"twitter:site\" content=\"@pilgrim_es\" \/>\n<meta name=\"twitter:label1\" content=\"Gesch\u00e4tzte Lesezeit\" \/>\n\t<meta name=\"twitter:data1\" content=\"11\u00a0Minuten\" \/>\n<script type=\"application\/ld+json\" class=\"yoast-schema-graph\">{\"@context\":\"https:\\\/\\\/schema.org\",\"@graph\":[{\"@type\":\"WebPage\",\"@id\":\"https:\\\/\\\/www.pilgrim.es\\\/de\\\/weg-im-norden\\\/ribadesella\\\/\",\"url\":\"https:\\\/\\\/www.pilgrim.es\\\/de\\\/weg-im-norden\\\/ribadesella\\\/\",\"name\":\"Ribadesella: Was sehen und wo \u00fcbernachten | Jakobsweg | Pilgrim\",\"isPartOf\":{\"@id\":\"https:\\\/\\\/www.pilgrim.es\\\/de\\\/#website\"},\"primaryImageOfPage\":{\"@id\":\"https:\\\/\\\/www.pilgrim.es\\\/de\\\/weg-im-norden\\\/ribadesella\\\/#primaryimage\"},\"image\":{\"@id\":\"https:\\\/\\\/www.pilgrim.es\\\/de\\\/weg-im-norden\\\/ribadesella\\\/#primaryimage\"},\"thumbnailUrl\":\"https:\\\/\\\/www.pilgrim.es\\\/wp-content\\\/uploads\\\/2019\\\/02\\\/ribadesella1.jpg\",\"datePublished\":\"2025-03-17T14:51:54+00:00\",\"description\":\"Ribadesella Entdecken Sie alle Informationen \u00fcber Unterk\u00fcnfte, Anreise, Gastronomie und die wichtigsten Sehensw\u00fcrdigkeiten der Orte am K\u00fcstenweg\",\"breadcrumb\":{\"@id\":\"https:\\\/\\\/www.pilgrim.es\\\/de\\\/weg-im-norden\\\/ribadesella\\\/#breadcrumb\"},\"inLanguage\":\"de\",\"potentialAction\":[{\"@type\":\"ReadAction\",\"target\":[\"https:\\\/\\\/www.pilgrim.es\\\/de\\\/weg-im-norden\\\/ribadesella\\\/\"]}]},{\"@type\":\"ImageObject\",\"inLanguage\":\"de\",\"@id\":\"https:\\\/\\\/www.pilgrim.es\\\/de\\\/weg-im-norden\\\/ribadesella\\\/#primaryimage\",\"url\":\"https:\\\/\\\/www.pilgrim.es\\\/wp-content\\\/uploads\\\/2019\\\/02\\\/ribadesella1.jpg\",\"contentUrl\":\"https:\\\/\\\/www.pilgrim.es\\\/wp-content\\\/uploads\\\/2019\\\/02\\\/ribadesella1.jpg\",\"width\":800,\"height\":550,\"caption\":\"Ribadesella\"},{\"@type\":\"BreadcrumbList\",\"@id\":\"https:\\\/\\\/www.pilgrim.es\\\/de\\\/weg-im-norden\\\/ribadesella\\\/#breadcrumb\",\"itemListElement\":[{\"@type\":\"ListItem\",\"position\":1,\"name\":\"Camino de Santiago\",\"item\":\"https:\\\/\\\/www.pilgrim.es\\\/de\\\/\"},{\"@type\":\"ListItem\",\"position\":2,\"name\":\"Weg im Norden\",\"item\":\"https:\\\/\\\/www.pilgrim.es\\\/de\\\/weg-im-norden\\\/\"},{\"@type\":\"ListItem\",\"position\":3,\"name\":\"Ribadesella\"}]},{\"@type\":\"WebSite\",\"@id\":\"https:\\\/\\\/www.pilgrim.es\\\/de\\\/#website\",\"url\":\"https:\\\/\\\/www.pilgrim.es\\\/de\\\/\",\"name\":\"Pilgrim\",\"description\":\"Camino de Santiago | Caminamos Contigo\",\"publisher\":{\"@id\":\"https:\\\/\\\/www.pilgrim.es\\\/de\\\/#organization\"},\"potentialAction\":[{\"@type\":\"SearchAction\",\"target\":{\"@type\":\"EntryPoint\",\"urlTemplate\":\"https:\\\/\\\/www.pilgrim.es\\\/de\\\/?s={search_term_string}\"},\"query-input\":{\"@type\":\"PropertyValueSpecification\",\"valueRequired\":true,\"valueName\":\"search_term_string\"}}],\"inLanguage\":\"de\"},{\"@type\":\"Organization\",\"@id\":\"https:\\\/\\\/www.pilgrim.es\\\/de\\\/#organization\",\"name\":\"Pilgrim Camino de Santiago\",\"url\":\"https:\\\/\\\/www.pilgrim.es\\\/de\\\/\",\"logo\":{\"@type\":\"ImageObject\",\"inLanguage\":\"de\",\"@id\":\"https:\\\/\\\/www.pilgrim.es\\\/de\\\/#\\\/schema\\\/logo\\\/image\\\/\",\"url\":\"https:\\\/\\\/www.pilgrim.es\\\/wp-content\\\/uploads\\\/2019\\\/04\\\/logo_pilgrim.png\",\"contentUrl\":\"https:\\\/\\\/www.pilgrim.es\\\/wp-content\\\/uploads\\\/2019\\\/04\\\/logo_pilgrim.png\",\"width\":512,\"height\":512,\"caption\":\"Pilgrim Camino de Santiago\"},\"image\":{\"@id\":\"https:\\\/\\\/www.pilgrim.es\\\/de\\\/#\\\/schema\\\/logo\\\/image\\\/\"},\"sameAs\":[\"https:\\\/\\\/www.facebook.com\\\/pilgrim.es\\\/\",\"https:\\\/\\\/x.com\\\/pilgrim_es\",\"https:\\\/\\\/www.instagram.com\\\/pilgrim.es\\\/\",\"https:\\\/\\\/www.linkedin.com\\\/company\\\/pilgrim-camino-de-santiago\\\/\",\"https:\\\/\\\/www.pinterest.es\\\/pilgrimcaminodesantiago\\\/\",\"https:\\\/\\\/www.youtube.com\\\/channel\\\/UCIv2ZzFLXVqthkNF32rKedw\\\/featured\"]}]}<\/script>\n<!-- \/ Yoast SEO plugin. -->","yoast_head_json":{"title":"Ribadesella: Was sehen und wo \u00fcbernachten | Jakobsweg | Pilgrim","description":"Ribadesella Entdecken Sie alle Informationen \u00fcber Unterk\u00fcnfte, Anreise, Gastronomie und die wichtigsten Sehensw\u00fcrdigkeiten der Orte am K\u00fcstenweg","robots":{"index":"index","follow":"follow","max-snippet":"max-snippet:-1","max-image-preview":"max-image-preview:large","max-video-preview":"max-video-preview:-1"},"canonical":"https:\/\/www.pilgrim.es\/de\/weg-im-norden\/ribadesella\/","og_locale":"de_DE","og_type":"article","og_title":"Ribadesella: Was sehen und wo \u00fcbernachten | Jakobsweg | Pilgrim","og_description":"Ribadesella Entdecken Sie alle Informationen \u00fcber Unterk\u00fcnfte, Anreise, Gastronomie und die wichtigsten Sehensw\u00fcrdigkeiten der Orte am K\u00fcstenweg","og_url":"https:\/\/www.pilgrim.es\/de\/weg-im-norden\/ribadesella\/","og_site_name":"Pilgrim","article_publisher":"https:\/\/www.facebook.com\/pilgrim.es\/","og_image":[{"width":800,"height":550,"url":"https:\/\/www.pilgrim.es\/wp-content\/uploads\/2019\/02\/ribadesella1.jpg","type":"image\/jpeg"}],"twitter_card":"summary_large_image","twitter_site":"@pilgrim_es","twitter_misc":{"Gesch\u00e4tzte Lesezeit":"11\u00a0Minuten"},"schema":{"@context":"https:\/\/schema.org","@graph":[{"@type":"WebPage","@id":"https:\/\/www.pilgrim.es\/de\/weg-im-norden\/ribadesella\/","url":"https:\/\/www.pilgrim.es\/de\/weg-im-norden\/ribadesella\/","name":"Ribadesella: Was sehen und wo \u00fcbernachten | Jakobsweg | Pilgrim","isPartOf":{"@id":"https:\/\/www.pilgrim.es\/de\/#website"},"primaryImageOfPage":{"@id":"https:\/\/www.pilgrim.es\/de\/weg-im-norden\/ribadesella\/#primaryimage"},"image":{"@id":"https:\/\/www.pilgrim.es\/de\/weg-im-norden\/ribadesella\/#primaryimage"},"thumbnailUrl":"https:\/\/www.pilgrim.es\/wp-content\/uploads\/2019\/02\/ribadesella1.jpg","datePublished":"2025-03-17T14:51:54+00:00","description":"Ribadesella Entdecken Sie alle Informationen \u00fcber Unterk\u00fcnfte, Anreise, Gastronomie und die wichtigsten Sehensw\u00fcrdigkeiten der Orte am K\u00fcstenweg","breadcrumb":{"@id":"https:\/\/www.pilgrim.es\/de\/weg-im-norden\/ribadesella\/#breadcrumb"},"inLanguage":"de","potentialAction":[{"@type":"ReadAction","target":["https:\/\/www.pilgrim.es\/de\/weg-im-norden\/ribadesella\/"]}]},{"@type":"ImageObject","inLanguage":"de","@id":"https:\/\/www.pilgrim.es\/de\/weg-im-norden\/ribadesella\/#primaryimage","url":"https:\/\/www.pilgrim.es\/wp-content\/uploads\/2019\/02\/ribadesella1.jpg","contentUrl":"https:\/\/www.pilgrim.es\/wp-content\/uploads\/2019\/02\/ribadesella1.jpg","width":800,"height":550,"caption":"Ribadesella"},{"@type":"BreadcrumbList","@id":"https:\/\/www.pilgrim.es\/de\/weg-im-norden\/ribadesella\/#breadcrumb","itemListElement":[{"@type":"ListItem","position":1,"name":"Camino de Santiago","item":"https:\/\/www.pilgrim.es\/de\/"},{"@type":"ListItem","position":2,"name":"Weg im Norden","item":"https:\/\/www.pilgrim.es\/de\/weg-im-norden\/"},{"@type":"ListItem","position":3,"name":"Ribadesella"}]},{"@type":"WebSite","@id":"https:\/\/www.pilgrim.es\/de\/#website","url":"https:\/\/www.pilgrim.es\/de\/","name":"Pilgrim","description":"Camino de Santiago | Caminamos Contigo","publisher":{"@id":"https:\/\/www.pilgrim.es\/de\/#organization"},"potentialAction":[{"@type":"SearchAction","target":{"@type":"EntryPoint","urlTemplate":"https:\/\/www.pilgrim.es\/de\/?s={search_term_string}"},"query-input":{"@type":"PropertyValueSpecification","valueRequired":true,"valueName":"search_term_string"}}],"inLanguage":"de"},{"@type":"Organization","@id":"https:\/\/www.pilgrim.es\/de\/#organization","name":"Pilgrim Camino de Santiago","url":"https:\/\/www.pilgrim.es\/de\/","logo":{"@type":"ImageObject","inLanguage":"de","@id":"https:\/\/www.pilgrim.es\/de\/#\/schema\/logo\/image\/","url":"https:\/\/www.pilgrim.es\/wp-content\/uploads\/2019\/04\/logo_pilgrim.png","contentUrl":"https:\/\/www.pilgrim.es\/wp-content\/uploads\/2019\/04\/logo_pilgrim.png","width":512,"height":512,"caption":"Pilgrim Camino de Santiago"},"image":{"@id":"https:\/\/www.pilgrim.es\/de\/#\/schema\/logo\/image\/"},"sameAs":["https:\/\/www.facebook.com\/pilgrim.es\/","https:\/\/x.com\/pilgrim_es","https:\/\/www.instagram.com\/pilgrim.es\/","https:\/\/www.linkedin.com\/company\/pilgrim-camino-de-santiago\/","https:\/\/www.pinterest.es\/pilgrimcaminodesantiago\/","https:\/\/www.youtube.com\/channel\/UCIv2ZzFLXVqthkNF32rKedw\/featured"]}]}},"_links":{"self":[{"href":"https:\/\/www.pilgrim.es\/de\/wp-json\/wp\/v2\/pages\/91290","targetHints":{"allow":["GET"]}}],"collection":[{"href":"https:\/\/www.pilgrim.es\/de\/wp-json\/wp\/v2\/pages"}],"about":[{"href":"https:\/\/www.pilgrim.es\/de\/wp-json\/wp\/v2\/types\/page"}],"replies":[{"embeddable":true,"href":"https:\/\/www.pilgrim.es\/de\/wp-json\/wp\/v2\/comments?post=91290"}],"version-history":[{"count":0,"href":"https:\/\/www.pilgrim.es\/de\/wp-json\/wp\/v2\/pages\/91290\/revisions"}],"up":[{"embeddable":true,"href":"https:\/\/www.pilgrim.es\/de\/wp-json\/wp\/v2\/pages\/10670"}],"wp:featuredmedia":[{"embeddable":true,"href":"https:\/\/www.pilgrim.es\/de\/wp-json\/wp\/v2\/media\/8139"}],"wp:attachment":[{"href":"https:\/\/www.pilgrim.es\/de\/wp-json\/wp\/v2\/media?parent=91290"}],"wp:term":[{"taxonomy":"category","embeddable":true,"href":"https:\/\/www.pilgrim.es\/de\/wp-json\/wp\/v2\/categories?post=91290"},{"taxonomy":"post_tag","embeddable":true,"href":"https:\/\/www.pilgrim.es\/de\/wp-json\/wp\/v2\/tags?post=91290"}],"curies":[{"name":"wp","href":"https:\/\/api.w.org\/{rel}","templated":true}]}}