{"id":91287,"date":"2025-03-17T14:50:31","date_gmt":"2025-03-17T14:50:31","guid":{"rendered":"https:\/\/www.pilgrim.es\/weg-im-norden\/llanes\/"},"modified":"2025-03-17T14:50:31","modified_gmt":"2025-03-17T14:50:31","slug":"llanes","status":"publish","type":"page","link":"https:\/\/www.pilgrim.es\/de\/weg-im-norden\/llanes\/","title":{"rendered":"Llanes"},"content":{"rendered":" <section id=\"hero\">\n\t<h1>Llanes<\/h1>\n\t<div class=\"hero-grid\">\n\t\t<div class=\"hero-grid__town-col\" data-background=\"https:\/\/cdn.pilgrim.es\/web\/caminos\/camino-norte\/pueblos\/llanes.jpg\">\n\t\t\t<div>\n\t\t\t\t<a class=\"link-to-stage\" href=\"https:\/\/www.pilgrim.es\/camino-norte\/etapa-16-colombres-llanes\/\">\n\t\t\t\t\t<p>&#8249; Zur\u00fcck zur B\u00fchne<\/p>\n\t\t\t\t<\/a>\n\n\t\t\t\t<div class=\"town-data\">\n\t\t\t\t\t<h2>Llanes<\/h2>\n\t\t\t\t\t<ul>\n\t\t\t\t\t\t<li>Einwohner: 13.960 aprox.<\/li>\n\t\t\t\t\t\t<li>Bundesland: Asturias<\/li>\n\t\t\t\t\t<\/ul>\n\t\t\t\t<\/div>\n\t\t\t<\/div>\n\t\t<\/div>\n\t\t<div class=\"hero-grid__planner-col\"><div\r\n  class=\"p-col-span-1 p-rounded-lg p-px-5 p-h-full\"\r\n  style=\"background-image: url('https:\/\/cdn.pilgrim.es\/web\/pilgrim-planner\/bg-plugin-planificador.webp')\"\r\n  rel=\"preload\"\r\n  fetchpriority=\"high\"\r\n  >\r\n    <div class=\"p-text-center p-pt-5 p-text-white p-text-2xl p-font-semibold\">\r\n      Plane deinen Weg    <\/div>\r\n    <div\r\n            id='primary-app'\r\n            data-name='banner'\r\n            data-api='https:\/\/pathfinder.pilgrim.es\/api\/pathfinder\/v2'\r\n            data-mode='normal'\r\n            data-lang='de'\r\n            data-route='1'\r\n            data-destiny='https:\/\/planificador.pilgrim.es'\r\n            data-modality='1'\r\n            data-inline=''\r\n        ><\/div><\/div><\/div>\n\t<\/div>\n<\/section>\n\n<section id=\"infoTown\">\n\t<div class=\"sections-town\">\n\n\t\t<div id=\"informationSection\">\n\t\t\t<div>\n\t\t\t\t<h2 class=\"p-h2-town\">Informationen<\/h2>\n\t\t\t\t<hr>\n\t\t\t\t<h3 class=\"p-h3-town\">Get to know Llanes<\/h3>\n\t\t\t<\/div>\n\t\t\t<p>Die Stadt Llanes ist ein typisches Fischerdorf, obwohl sie heute auch weitgehend vom Tourismus lebt.<\/p> <p>Dank der Tatsache, dass das Meer viele Bereiche der Stadt durchdringt und in jedem Winkel idyllische Landschaften bildet, ist die Stadt als Ganzes eine gro\u00dfe Touristenattraktion.<\/p> <p>Die Stadt ist eine gro\u00dfe Touristenattraktion.<\/p> <p>Dank der Tatsache, dass das Meer viele Bereiche der Stadt durchdringt und in jedem Winkel idyllische Landschaften bildet, ist die Stadt als Ganzes eine gro\u00dfe Touristenattraktion.\n\t\t<\/div>\n\n\t\t<div id=\"locationSection\">\n\t\t\t<div>\n\t\t\t\t<h2 class=\"p-h2-town\">Standort<\/h2>\n\t\t\t\t<hr>\n\t\t\t\t<h3 class=\"p-h3-town\">Wegbeschreibung<\/h3>\n\t\t\t<\/div>\n\t\t\t<p>Die Stadt Llanes ist sehr leicht zu erreichen, da die wichtigste Autobahn und die bedeutendste Nationalstra\u00dfe des Nordens durch die Gemeinde f\u00fchrt, die A-8, die Galicien mit dem Baskenland verbindet, und die N-634, die auf der gleichen Strecke verl\u00e4uft, aber an einigen Stellen eine andere Streckenf\u00fchrung aufweist.\n\n<p>Auch mit \u00f6ffentlichen Verkehrsmitteln ist die Gemeinde gut zu erreichen. Es gibt einen Busbahnhof mit Zielen wie Bilbao, Oviedo und Santander sowie kurze Linien in die umliegenden D\u00f6rfer.  Es gibt auch einen Bahnhof mit Verbindungen nach Oviedo, Gij\u00f3n, Santander, Bilbao und Ir\u00fan.\n\t\t\t<div>\n\t\t\t\t<div>\n  <iframe loading=\"lazy\"\n    src=\"https:\/\/www.google.com\/maps\/d\/embed?mid=1MOKsrLoZqmMDcyErkaqIoVvM1qO0PUw&amp;ehbc=2E312F\"\n    width=\"640\"\n    height=\"480\"\n    alt=\"Mapa Llanes\"\n  ><\/iframe>\n<\/div>\n\n\t\t\t<\/div>\n\t\t<\/div>\n\n\t\t\n\t\t\t<div id=\"toVisitSection\">\n\t\t\t\t<div>\n\t\t\t\t\t<h2 class=\"p-h2-town\">Geschichte \/ Kultur<\/h2>\n\t\t\t\t\t<hr>\n\t\t\t\t\t<h3 class=\"p-h3-town\">Was es zu sehen gibt<\/h3>\n\t\t\t\t<\/div>\n\t\t\t\t<div>\n\t\t\t\t\t<div class=\"accordion\">\n\t\t\t\t\t\t<div class=\"accordion__menu\">\n\t\t\t\t\t\t\t<nav>\n\t\t\t\t\t\t\t\t\n\t\t\t\t\t\t\t\t\t<button class=\"nav-tab-accordion active\"><span>&#10093;<\/span><span> Basilica de Santa Mari\u0301a de Concejo<\/span><\/button>\n\t\t\t\t\t\t\t\t\n\t\t\t\t\t\t\t\t\t<button class=\"nav-tab-accordion \"><span>&#10093;<\/span><span> Capilla de la Magdalena<\/span><\/button>\n\t\t\t\t\t\t\t\t\n\t\t\t\t\t\t\t\t\t<button class=\"nav-tab-accordion \"><span>&#10093;<\/span><span> Casa de los Leones<\/span><\/button>\n\t\t\t\t\t\t\t\t\n\t\t\t\t\t\t\t\t\t<button class=\"nav-tab-accordion \"><span>&#10093;<\/span><span> Casa de Rivero<\/span><\/button>\n\t\t\t\t\t\t\t\t\n\t\t\t\t\t\t\t\t\t<button class=\"nav-tab-accordion \"><span>&#10093;<\/span><span> Casino<\/span><\/button>\n\t\t\t\t\t\t\t\t\n\t\t\t\t\t\t\t\t\t<button class=\"nav-tab-accordion \"><span>&#10093;<\/span><span> Convento de las monjas Agustinas Recoletas<\/span><\/button>\n\t\t\t\t\t\t\t\t\n\t\t\t\t\t\t\t\t\t<button class=\"nav-tab-accordion \"><span>&#10093;<\/span><span> Cueva Bolado<\/span><\/button>\n\t\t\t\t\t\t\t\t\n\t\t\t\t\t\t\t\t\t<button class=\"nav-tab-accordion \"><span>&#10093;<\/span><span> Puerto Pesquero<\/span><\/button>\n\t\t\t\t\t\t\t\t\n\t\t\t\t\t\t\t\t\t<button class=\"nav-tab-accordion \"><span>&#10093;<\/span><span> Ermita de Cristo del Camino<\/span><\/button>\n\t\t\t\t\t\t\t\t\n\t\t\t\t\t\t\t\t\t<button class=\"nav-tab-accordion \"><span>&#10093;<\/span><span> Faro<\/span><\/button>\n\t\t\t\t\t\t\t\t\n\t\t\t\t\t\t\t\t\t<button class=\"nav-tab-accordion \"><span>&#10093;<\/span><span> Casa de la Cultura<\/span><\/button>\n\t\t\t\t\t\t\t\t\n\t\t\t\t\t\t\t\t\t<button class=\"nav-tab-accordion \"><span>&#10093;<\/span><span> La Rula<\/span><\/button>\n\t\t\t\t\t\t\t\t\n\t\t\t\t\t\t\t\t\t<button class=\"nav-tab-accordion \"><span>&#10093;<\/span><span> Monasterio de San Salvador<\/span><\/button>\n\t\t\t\t\t\t\t\t\n\t\t\t\t\t\t\t\t\t<button class=\"nav-tab-accordion \"><span>&#10093;<\/span><span> Monumento de Egidio Gavito Bustamante<\/span><\/button>\n\t\t\t\t\t\t\t\t\n\t\t\t\t\t\t\t\t\t<button class=\"nav-tab-accordion \"><span>&#10093;<\/span><span> Muralla de Llanes<\/span><\/button>\n\t\t\t\t\t\t\t\t\n\t\t\t\t\t\t\t\t\t<button class=\"nav-tab-accordion \"><span>&#10093;<\/span><span> Palacete del Conde de la Vega del Sella<\/span><\/button>\n\t\t\t\t\t\t\t\t\n\t\t\t\t\t\t\t\t\t<button class=\"nav-tab-accordion \"><span>&#10093;<\/span><span> Palacio de los Duques de Estrada<\/span><\/button>\n\t\t\t\t\t\t\t\t\n\t\t\t\t\t\t\t\t\t<button class=\"nav-tab-accordion \"><span>&#10093;<\/span><span> Torrexo\u0301n de la Posada<\/span><\/button>\n\t\t\t\t\t\t\t\t\n\t\t\t\t\t\t\t<\/nav>\n\t\t\t\t\t\t<\/div>\n\n\t\t\t\t\t\t\n\t\t\t\t\t\t\t<div class=\"accordion__accordion-content \">\n\t\t\t\t\t\t\t\t<div>\n\t\t\t\t\t\t\t\t\t<div>\n\t\t\t\t\t\t\t\t\t\t<h4>Basilica de Santa Mari\u0301a de Concejo<\/h4>\n\t\t\t\t\t\t\t\t\t\t<p>Die mittelalterliche Basilika Santa Mar\u00eda de Concejo im gotischen Stil und mit einer der Fassaden im romanischen Stil stellt zwei Theorien \u00fcber das m\u00f6gliche Baudatum auf. Die erste zeigt, dass das Vorhandensein eines zweigeteilten Fensters in der Westfassade der Kirche ein unwiderlegbarer Beweis f\u00fcr den Baubeginn um das 13. oder 14.\n\n<p>Die zweite Bautheorie zeigt, dass die Basilika diejenige ist, die darauf hindeutet, dass sie einer einzigen Periode entspricht, dass sie am Ende der letzten H\u00e4lfte des 15. Jahrhunderts gebaut worden w\u00e4re und dass sie 1480 geweiht wurde, obwohl die Arbeiten noch nicht abgeschlossen waren.<\/p> &lt;p\n\t\t\t\t\t\t\t\t\t<\/div>\n\t\t\t\t\t\t\t\t\t<img decoding=\"async\" src=\"https:\/\/cdn.pilgrim.es\/web\/caminos\/camino-norte\/pueblos\/llanes\/puntos-de-interes\/basilica-de-santa-maria-de-concejo.jpg\" alt=\"Basilica de Santa Mari\u0301a de Concejo\">\n\t\t\t\t\t\t\t\t<\/div>\n\t\t\t\t\t\t\t<\/div>\n\t\t\t\t\t\t\n\t\t\t\t\t\t\t<div class=\"accordion__accordion-content inactive\">\n\t\t\t\t\t\t\t\t<div>\n\t\t\t\t\t\t\t\t\t<div>\n\t\t\t\t\t\t\t\t\t\t<h4>Capilla de la Magdalena<\/h4>\n\t\t\t\t\t\t\t\t\t\t<p>Die Kapelle La Magdalena im historischen Zentrum von Llanes ist eines der religi\u00f6sen und festlichen Wahrzeichen des Fischerdorfes. Dank ihr feiern die Einheimischen das Fest der Magdalena, das zum Fest von touristischem Interesse erkl\u00e4rt wurde. <\/p>\n\n<p>Die Kirche wurde im 13. Jahrhundert auf einem fr\u00fcheren Grundriss erbaut und mehrmals umgebaut, wobei ihr einschiffiges Portal mit Spitzbogen erhalten blieb. <\/p>\n\t\t\t\t\t\t\t\t\t<\/div>\n\t\t\t\t\t\t\t\t\t<img decoding=\"async\" src=\"https:\/\/cdn.pilgrim.es\/web\/caminos\/camino-norte\/pueblos\/llanes\/puntos-de-interes\/capilla-de-la-magdalena.jpg\" alt=\"Capilla de la Magdalena\">\n\t\t\t\t\t\t\t\t<\/div>\n\t\t\t\t\t\t\t<\/div>\n\t\t\t\t\t\t\n\t\t\t\t\t\t\t<div class=\"accordion__accordion-content inactive\">\n\t\t\t\t\t\t\t\t<div>\n\t\t\t\t\t\t\t\t\t<div>\n\t\t\t\t\t\t\t\t\t\t<h4>Casa de los Leones<\/h4>\n\t\t\t\t\t\t\t\t\t\t<p>Das Casa de los Leones, auch bekannt als Villa Flora, wurde 1906 von Manuel Garc\u00eda erbaut. Er wanderte nach Puebla, Mexiko, aus, um in der Textilbranche zu arbeiten. Dort heiratete er Flor Valladie, weshalb das Haus auch als Villa Flora bekannt ist.\n\n<p>Die Struktur des Geb\u00e4udes besteht aus einem einzigen Volumen mit zwei Stockwerken und drei Dachgeschossen. Die Hauptfassade hat einen Portikus und eine Treppe mit einem steinernen L\u00f6wen auf jeder Seite. Aus diesem Grund ist dieses indianische Haus auch als Casa de los Leones (Haus der L\u00f6wen) bekannt.  <\/p>\n\t\t\t\t\t\t\t\t\t<\/div>\n\t\t\t\t\t\t\t\t\t<img decoding=\"async\" src=\"https:\/\/cdn.pilgrim.es\/web\/caminos\/camino-norte\/pueblos\/llanes\/puntos-de-interes\/casa-de-los-leones.jpg\" alt=\"Casa de los Leones\">\n\t\t\t\t\t\t\t\t<\/div>\n\t\t\t\t\t\t\t<\/div>\n\t\t\t\t\t\t\n\t\t\t\t\t\t\t<div class=\"accordion__accordion-content inactive\">\n\t\t\t\t\t\t\t\t<div>\n\t\t\t\t\t\t\t\t\t<div>\n\t\t\t\t\t\t\t\t\t\t<h4>Casa de Rivero<\/h4>\n\t\t\t\t\t\t\t\t\t\t<p>Die Casa de Rivero im mittelalterlichen Stil wurde 1656 erbaut, obwohl das oberste Stockwerk zusammen mit den Balkonen und anderen Zugangst\u00fcren erst im 18. Jahrhundert hinzugef\u00fcgt wurden. Das \u00c4u\u00dfere zeigt ein halbrundes Tor an einem Ende der Fassade und das Familienwappen.\n\n<p>Dieser historische Komplex wurde mit unregelm\u00e4\u00dfigem Quadermauerwerk errichtet, mit Ausnahme der Ecken und \u00d6ffnungen. Das Rivero-Haus ist in zwei Teile geteilt, die beide durch eine Gasse verbunden sind. Im Hauptteil sind die K\u00fcchen, die Keller und die Palastkapelle zu sehen.\n\t\t\t\t\t\t\t\t\t<\/div>\n\t\t\t\t\t\t\t\t\t<img decoding=\"async\" src=\"https:\/\/cdn.pilgrim.es\/web\/caminos\/camino-norte\/pueblos\/llanes\/puntos-de-interes\/casa-de-rivero.jpg\" alt=\"Casa de Rivero\">\n\t\t\t\t\t\t\t\t<\/div>\n\t\t\t\t\t\t\t<\/div>\n\t\t\t\t\t\t\n\t\t\t\t\t\t\t<div class=\"accordion__accordion-content inactive\">\n\t\t\t\t\t\t\t\t<div>\n\t\t\t\t\t\t\t\t\t<div>\n\t\t\t\t\t\t\t\t\t\t<h4>Casino<\/h4>\n\t\t\t\t\t\t\t\t\t\t<p>Das Casino von Llanes wurde 1909 von Juan \u00c1lvarez Mendoza erbaut und gilt heute als eines der emblematischsten Geb\u00e4ude der Stadt. Dieses farbenfrohe Geb\u00e4ude wird von einem mittelalterlichen Turm und dem Rathaus flankiert. <\/p>\n\n<p>Das Geb\u00e4ude wird heute f\u00fcr Freizeit- und Erholungszwecke genutzt. <\/p>\n\n<p>INFORMATIONEN VON INTERESSE<\/p> <p>Informationen von Interesse<\/p> <p>Informationen von Interesse\n\n<p>Telefon: 985 403 329<\/p> <p>Telefon: 985 403 329<\/p>\n\t\t\t\t\t\t\t\t\t<\/div>\n\t\t\t\t\t\t\t\t\t<img decoding=\"async\" src=\"https:\/\/cdn.pilgrim.es\/web\/caminos\/camino-norte\/pueblos\/llanes\/puntos-de-interes\/casino.jpg\" alt=\"Casino\">\n\t\t\t\t\t\t\t\t<\/div>\n\t\t\t\t\t\t\t<\/div>\n\t\t\t\t\t\t\n\t\t\t\t\t\t\t<div class=\"accordion__accordion-content inactive\">\n\t\t\t\t\t\t\t\t<div>\n\t\t\t\t\t\t\t\t\t<div>\n\t\t\t\t\t\t\t\t\t\t<h4>Convento de las monjas Agustinas Recoletas<\/h4>\n\t\t\t\t\t\t\t\t\t\t<p>Das Kloster der Augustiner-Rekollekten-Nonnen wurde au\u00dferhalb der Stadt Llanes gebaut. In der Mitte der Bauarbeiten, um 1666, starb der Architekt, der es entworfen hatte, und die Arbeiten mussten erweitert werden.<\/p> <p>Das Kloster wurde au\u00dferhalb der Stadtmauern von Llanes errichtet.\n\n<p>Nach der Fertigstellung wurde es f\u00fcr verschiedene Zwecke genutzt: Anfang des 19. Jahrhunderts wurde es von franz\u00f6sischen Truppen besetzt und nach der Aufl\u00f6sung beherbergte das Geb\u00e4ude das Encarnaci\u00f3n-Kolleg, durch das viele ber\u00fchmte Pers\u00f6nlichkeiten aus Llanes gingen.\n\t\t\t\t\t\t\t\t\t<\/div>\n\t\t\t\t\t\t\t\t\t<img decoding=\"async\" src=\"https:\/\/cdn.pilgrim.es\/web\/caminos\/camino-norte\/pueblos\/llanes\/puntos-de-interes\/convento-de-las-monjas-agustinas-recoletas.jpg\" alt=\"Convento de las monjas Agustinas Recoletas\">\n\t\t\t\t\t\t\t\t<\/div>\n\t\t\t\t\t\t\t<\/div>\n\t\t\t\t\t\t\n\t\t\t\t\t\t\t<div class=\"accordion__accordion-content inactive\">\n\t\t\t\t\t\t\t\t<div>\n\t\t\t\t\t\t\t\t\t<div>\n\t\t\t\t\t\t\t\t\t\t<h4>Cueva Bolado<\/h4>\n\t\t\t\t\t\t\t\t\t\t<p>Die Bolado-H\u00f6hle ist eine leicht zug\u00e4ngliche H\u00f6hle mit einem einfachen Weg, die eine gro\u00dfe Vielfalt an Kristallen aufweist. Im Inneren der H\u00f6hle findet man neben Kristallen auch arch\u00e4ologisch interessante Malereien, wie zum Beispiel die Zeichnung eines Stiers.\n\t\t\t\t\t\t\t\t\t<\/div>\n\t\t\t\t\t\t\t\t\t<img decoding=\"async\" src=\"https:\/\/cdn.pilgrim.es\/web\/caminos\/camino-norte\/pueblos\/llanes\/puntos-de-interes\/cueva-bolado.jpg\" alt=\"Cueva Bolado\">\n\t\t\t\t\t\t\t\t<\/div>\n\t\t\t\t\t\t\t<\/div>\n\t\t\t\t\t\t\n\t\t\t\t\t\t\t<div class=\"accordion__accordion-content inactive\">\n\t\t\t\t\t\t\t\t<div>\n\t\t\t\t\t\t\t\t\t<div>\n\t\t\t\t\t\t\t\t\t\t<h4>Puerto Pesquero<\/h4>\n\t\t\t\t\t\t\t\t\t\t<p>Der Fischerei- und Jachthafen von Llanes wurde 1991 mit der Absicht gebaut, den Fischereisektor und den Fremdenverkehr im selben Hafengebiet zusammenzuf\u00fchren. Zu diesem Zweck wurde der neue Wellenbrecher gebaut, der von zwei gro\u00dfen Betonbl\u00f6cken flankiert wird und so das ganze Jahr \u00fcber vor den unterschiedlichen Wetterbedingungen sch\u00fctzt.\n\n<p>Die Breite des Hafens variiert zwischen 35 und 65 Metern, wobei die schmalste Stelle 8 Meter betr\u00e4gt. <\/p>\n\t\t\t\t\t\t\t\t\t<\/div>\n\t\t\t\t\t\t\t\t\t<img decoding=\"async\" src=\"https:\/\/cdn.pilgrim.es\/web\/caminos\/camino-norte\/pueblos\/llanes\/puntos-de-interes\/puerto-pesquero.jpg\" alt=\"Puerto Pesquero\">\n\t\t\t\t\t\t\t\t<\/div>\n\t\t\t\t\t\t\t<\/div>\n\t\t\t\t\t\t\n\t\t\t\t\t\t\t<div class=\"accordion__accordion-content inactive\">\n\t\t\t\t\t\t\t\t<div>\n\t\t\t\t\t\t\t\t\t<div>\n\t\t\t\t\t\t\t\t\t\t<h4>Ermita de Cristo del Camino<\/h4>\n\t\t\t\t\t\t\t\t\t\t<p>Die Kapelle Cristo del Camino befindet sich, wie der Name schon sagt, in der Mitte des Jakobsweges, der durch die Stadt Llanes f\u00fchrt. Sie wurde 1595 von Pedro S\u00e1nchez de Llanes erbaut, obwohl sie sp\u00e4ter nach mehreren Br\u00e4nden wiederaufgebaut wurde. Die kleine Einsiedelei wird heute nicht mehr genutzt, ist aber ein beliebter Ort f\u00fcr Pilger und Besucher, die sich in der Umgebung entspannen m\u00f6chten.\n\t\t\t\t\t\t\t\t\t<\/div>\n\t\t\t\t\t\t\t\t\t<img decoding=\"async\" src=\"https:\/\/cdn.pilgrim.es\/web\/caminos\/camino-norte\/pueblos\/llanes\/puntos-de-interes\/ermita-de-cristo-del-camino.jpg\" alt=\"Ermita de Cristo del Camino\">\n\t\t\t\t\t\t\t\t<\/div>\n\t\t\t\t\t\t\t<\/div>\n\t\t\t\t\t\t\n\t\t\t\t\t\t\t<div class=\"accordion__accordion-content inactive\">\n\t\t\t\t\t\t\t\t<div>\n\t\t\t\t\t\t\t\t\t<div>\n\t\t\t\t\t\t\t\t\t\t<h4>Faro<\/h4>\n\t\t\t\t\t\t\t\t\t\t<p>Der Leuchtturm von Llanes steht seit Ende des 19. Jahrhunderts an der Punta de San Ant\u00f3n, obwohl er erst 1920 elektrifiziert wurde. Er hat eine achteckige Form und zeichnet sich durch seine wei\u00dfe Farbe aus, die in der Ferne zu sehen ist.\n\n<p>Neben ihm steht das charakteristische Leuchtturmhaus. Von hier aus hat man einen herrlichen Blick auf den Stadtstrand von Puerto Chico.<\/p> <p>Das Leuchtturmhaus befindet sich direkt neben dem Leuchtturm.\n\n<p>INFORMATIONEN VON INTERESSE<\/p> <p>Informationen von Interesse<\/p> <p>Informationen von Interesse<\/p> &lt;p\n\n<p>Telefon: 985 400 222<\/p> <p>Telefon: 985 400 222<\/p>\n\t\t\t\t\t\t\t\t\t<\/div>\n\t\t\t\t\t\t\t\t\t<img decoding=\"async\" src=\"https:\/\/cdn.pilgrim.es\/web\/caminos\/camino-norte\/pueblos\/llanes\/puntos-de-interes\/faro.jpg\" alt=\"Faro\">\n\t\t\t\t\t\t\t\t<\/div>\n\t\t\t\t\t\t\t<\/div>\n\t\t\t\t\t\t\n\t\t\t\t\t\t\t<div class=\"accordion__accordion-content inactive\">\n\t\t\t\t\t\t\t\t<div>\n\t\t\t\t\t\t\t\t\t<div>\n\t\t\t\t\t\t\t\t\t\t<h4>Casa de la Cultura<\/h4>\n\t\t\t\t\t\t\t\t\t\t<p>Das heutige Kulturhaus von Llanes war der Hauptwohnsitz des Politikers Jos\u00e9 Posada Herrera. Erst 1987 wurden die kulturellen Aktivit\u00e4ten in dieses Geb\u00e4ude verlegt. Heute finden in dem Haus Konzerte, Kurse, Workshops, Ausstellungen usw. statt. <\/p>\n\t\t\t\t\t\t\t\t\t<\/div>\n\t\t\t\t\t\t\t\t\t<img decoding=\"async\" src=\"https:\/\/cdn.pilgrim.es\/web\/caminos\/camino-norte\/pueblos\/llanes\/puntos-de-interes\/casa-de-la-cultura.jpg\" alt=\"Casa de la Cultura\">\n\t\t\t\t\t\t\t\t<\/div>\n\t\t\t\t\t\t\t<\/div>\n\t\t\t\t\t\t\n\t\t\t\t\t\t\t<div class=\"accordion__accordion-content inactive\">\n\t\t\t\t\t\t\t\t<div>\n\t\t\t\t\t\t\t\t\t<div>\n\t\t\t\t\t\t\t\t\t\t<h4>La Rula<\/h4>\n\t\t\t\t\t\t\t\t\t\t<p>Die Rula ist ein System von Fischauktionen, bei dem die Preise niedrig angesetzt werden und der Erste, der bietet, den Zuschlag erh\u00e4lt. Aufgrund seiner Gr\u00f6\u00dfe ist die Rula die Bezeichnung f\u00fcr das Geb\u00e4ude, in dem sich der Fischmarkt von Llanes befindet. Es liegt im Herzen des Fischereihafens und gilt als wichtigster Verkaufs- und Vertriebsort f\u00fcr Fisch im \u00f6stlichen Teil Asturiens. Von diesem Geb\u00e4ude aus kann man eine beeindruckende Aussicht genie\u00dfen.\n\n<p>In den R\u00e4umlichkeiten des alten Fischmarktes befindet sich heute das Fremdenverkehrsb\u00fcro der Stadt.\n\n<p>STUNDEN<\/p>\n\n<p>T\u00e4glich von 10:00 bis 14:00 Uhr und von 16:00 bis 20:00 Uhr<\/p> <p>T\u00e4glich von 10:00 bis 14:00 Uhr und von 16:00 bis 20:00 Uhr<\/p>\n\n<p>INFORMATIONEN VON INTERESSE<\/p>\n\n<p>Telefon: 985 400 164<\/p>\n\t\t\t\t\t\t\t\t\t<\/div>\n\t\t\t\t\t\t\t\t\t<img decoding=\"async\" src=\"https:\/\/cdn.pilgrim.es\/web\/caminos\/camino-norte\/pueblos\/llanes\/puntos-de-interes\/la-rula.jpg\" alt=\"La Rula\">\n\t\t\t\t\t\t\t\t<\/div>\n\t\t\t\t\t\t\t<\/div>\n\t\t\t\t\t\t\n\t\t\t\t\t\t\t<div class=\"accordion__accordion-content inactive\">\n\t\t\t\t\t\t\t\t<div>\n\t\t\t\t\t\t\t\t\t<div>\n\t\t\t\t\t\t\t\t\t\t<h4>Monasterio de San Salvador<\/h4>\n\t\t\t\t\t\t\t\t\t\t<p>Vom Kloster San Salvador de Celorio ist kaum noch etwas erhalten. Es gab jedoch eine Gedenktafel, die auf Alfonso Su\u00e1rez und seine Frau Cristilde als Gr\u00fcnder des Klosters im Jahr 1107 hinwies. <\/p>\n\n<p>Heute sind nur noch die mittelalterlichen \u00dcberreste des Chorturms und eines Portals am Fu\u00df der Kirche zu sehen, die aus der zweiten H\u00e4lfte des 12. und 13. Jahrhunderts stammen. Der Chorturm hat einen quadratischen Grundriss, w\u00e4hrend das Portal typische Merkmale der Sp\u00e4tromanik aufweist.\n\t\t\t\t\t\t\t\t\t<\/div>\n\t\t\t\t\t\t\t\t\t<img decoding=\"async\" src=\"https:\/\/cdn.pilgrim.es\/web\/caminos\/camino-norte\/pueblos\/llanes\/puntos-de-interes\/monasterio-de-san-salvador.jpg\" alt=\"Monasterio de San Salvador\">\n\t\t\t\t\t\t\t\t<\/div>\n\t\t\t\t\t\t\t<\/div>\n\t\t\t\t\t\t\n\t\t\t\t\t\t\t<div class=\"accordion__accordion-content inactive\">\n\t\t\t\t\t\t\t\t<div>\n\t\t\t\t\t\t\t\t\t<div>\n\t\t\t\t\t\t\t\t\t\t<h4>Monumento de Egidio Gavito Bustamante<\/h4>\n\t\t\t\t\t\t\t\t\t\t<p>Das Egidio-Gavito-Bustamante-Denkmal ist ein 1911 eingeweihtes bildhauerisches Werk in der Stadt Poo. Der Sockel, auf dem die Statue steht, ist das Werk des Architekten Manuel del Busto. <\/p>\n\n<p>Das in Bronze gegossene Werk stammt von dem Bildhauer Sebasti\u00e1n Miranda, der damit seinen Stil demonstriert, der sich durch seine gesamte Karriere zieht.\n\n<p>Gavito, ehemaliger B\u00fcrgermeister von Llanes und Philanthrop, sitzt in einer entspannten Haltung, die dem Besucher ein Gef\u00fchl von Emotion und N\u00e4he vermittelt.\n\t\t\t\t\t\t\t\t\t<\/div>\n\t\t\t\t\t\t\t\t\t<img decoding=\"async\" src=\"https:\/\/cdn.pilgrim.es\/web\/caminos\/camino-norte\/pueblos\/llanes\/puntos-de-interes\/monumento-de-egidio-gavito-bustamante.jpg\" alt=\"Monumento de Egidio Gavito Bustamante\">\n\t\t\t\t\t\t\t\t<\/div>\n\t\t\t\t\t\t\t<\/div>\n\t\t\t\t\t\t\n\t\t\t\t\t\t\t<div class=\"accordion__accordion-content inactive\">\n\t\t\t\t\t\t\t\t<div>\n\t\t\t\t\t\t\t\t\t<div>\n\t\t\t\t\t\t\t\t\t\t<h4>Muralla de Llanes<\/h4>\n\t\t\t\t\t\t\t\t\t\t<p>Die mittelalterliche Stadtmauer von Llanes wurde ab 1270 erbaut und bis ins 15. Jahrhundert fortgef\u00fchrt, danach wurde sie mehrfach renoviert.<\/p> <p>Die Stadtmauer wurde im 15. Jahrhundert erbaut und danach mehrfach renoviert.\n\n<p>Etwa dreihundert Meter der Nordseite der Mauer und der Turm auf der S\u00fcdseite, in dem sich das Fremdenverkehrsamt der Stadt befindet, sind erhalten geblieben. Was erhalten ist, ist nicht einmal ein Drittel der urspr\u00fcnglichen Fl\u00e4che von 900 Quadratmetern mit einer Mauerbreite von eineinhalb Metern.\n\t\t\t\t\t\t\t\t\t<\/div>\n\t\t\t\t\t\t\t\t\t<img decoding=\"async\" src=\"https:\/\/cdn.pilgrim.es\/web\/caminos\/camino-norte\/pueblos\/llanes\/puntos-de-interes\/muralla-de-llanes.jpg\" alt=\"Muralla de Llanes\">\n\t\t\t\t\t\t\t\t<\/div>\n\t\t\t\t\t\t\t<\/div>\n\t\t\t\t\t\t\n\t\t\t\t\t\t\t<div class=\"accordion__accordion-content inactive\">\n\t\t\t\t\t\t\t\t<div>\n\t\t\t\t\t\t\t\t\t<div>\n\t\t\t\t\t\t\t\t\t\t<h4>Palacete del Conde de la Vega del Sella<\/h4>\n\t\t\t\t\t\t\t\t\t\t<p>Der Palast des Grafen von Vega del Sella wurde zwischen dem 17. und 18. Jahrhundert erbaut, obwohl er in den folgenden zweihundert Jahren einige Umbauten erfuhr. Von der urspr\u00fcnglichen Konstruktion ist noch der Turm der Familie Aguilar de San Jorge zu sehen, von dem die Mauern mittelalterlichen Ursprungs erhalten sind.\n\n<p>Die Fassade des Palastes hat aufgrund der symmetrischen Anordnung der \u00d6ffnungen ein einfaches modernistisches Aussehen. An der Fassade sind die Embleme des Geschlechts zu sehen, wobei ein gekr\u00f6nter Doppeladler zu sehen ist, der dem Wappen des Herzogs entspricht, da Fern\u00e1n Duque de Estrada Equino 1647 den Titel eines Grafen von Vega del Sella erhielt, dessen ber\u00fchmtester Titeltr\u00e4ger sein Sohn Ricardo Duque de Estrada y Mart\u00ednez de Moren (1870-1941) war.<\/p> <p>\n\t\t\t\t\t\t\t\t\t<\/div>\n\t\t\t\t\t\t\t\t\t<img decoding=\"async\" src=\"https:\/\/cdn.pilgrim.es\/web\/caminos\/camino-norte\/pueblos\/llanes\/puntos-de-interes\/palacete-del-conde-de-la-vega-del-sella.jpg\" alt=\"Palacete del Conde de la Vega del Sella\">\n\t\t\t\t\t\t\t\t<\/div>\n\t\t\t\t\t\t\t<\/div>\n\t\t\t\t\t\t\n\t\t\t\t\t\t\t<div class=\"accordion__accordion-content inactive\">\n\t\t\t\t\t\t\t\t<div>\n\t\t\t\t\t\t\t\t\t<div>\n\t\t\t\t\t\t\t\t\t\t<h4>Palacio de los Duques de Estrada<\/h4>\n\t\t\t\t\t\t\t\t\t\t<p>Der Palast der Herz\u00f6ge von Estrada war im Besitz der Herz\u00f6ge von Estrada, bis er im 19. Jahrhundert leer stand. Jahrhundert leer stand. Der derzeitige Zustand der Verlassenheit des Geb\u00e4udes ist auf die Angriffe zur\u00fcckzuf\u00fchren, denen es w\u00e4hrend der napoleonischen Invasion unter dem Kommando von General Bonet im Jahr 1809 ausgesetzt war.\n\n<p>Die Fassaden des Geb\u00e4udes sind offensichtlich recht unterschiedlich, denn w\u00e4hrend die Hauptfassade \u00fcbertrieben streng ist, ist die Ostfassade mit B\u00f6gen verziert. Ein bemerkenswertes architektonisches Element an der S\u00fcdfassade des Geb\u00e4udes ist der seitliche Portikus.  <\/p>\n\t\t\t\t\t\t\t\t\t<\/div>\n\t\t\t\t\t\t\t\t\t<img decoding=\"async\" src=\"https:\/\/cdn.pilgrim.es\/web\/caminos\/camino-norte\/pueblos\/llanes\/puntos-de-interes\/palacio-de-los-duques-de-estrada.jpg\" alt=\"Palacio de los Duques de Estrada\">\n\t\t\t\t\t\t\t\t<\/div>\n\t\t\t\t\t\t\t<\/div>\n\t\t\t\t\t\t\n\t\t\t\t\t\t\t<div class=\"accordion__accordion-content inactive\">\n\t\t\t\t\t\t\t\t<div>\n\t\t\t\t\t\t\t\t\t<div>\n\t\t\t\t\t\t\t\t\t\t<h4>Torrexo\u0301n de la Posada<\/h4>\n\t\t\t\t\t\t\t\t\t\t<p>Der Torrex\u00f3n de la Posada befindet sich auf dem Grundst\u00fcck, auf dem der Palast der Familie Posada Cort\u00e9s steht. Es handelt sich um ein zwischen dem 14. und 15. Jahrhundert erbautes Festungshaus mit rechteckigem Grundriss und einem Rundbogen als Zugang zum Inneren. Einige Autoren vermuten, dass der Torrex\u00f3n ein Grundst\u00fcck ist, das urspr\u00fcnglich der Familie Posada geh\u00f6rte. <\/p>\n\n<p>Die Seiten des Geb\u00e4udes sind sehr kompakt, wobei die Nordseite die meisten \u00d6ffnungen aufweist, und im Obergeschoss der Nordseite befinden sich drei gotische \u00d6ffnungen, die oben mit Spitzb\u00f6gen verschlossen sind.<\/p> <p>Der Torrex\u00f3n hat eine gro\u00dfe Anzahl von \u00d6ffnungen.\n\t\t\t\t\t\t\t\t\t<\/div>\n\t\t\t\t\t\t\t\t\t<img decoding=\"async\" src=\"https:\/\/cdn.pilgrim.es\/web\/caminos\/camino-norte\/pueblos\/llanes\/puntos-de-interes\/torrexon-de-la-posada.jpg\" alt=\"Torrexo\u0301n de la Posada\">\n\t\t\t\t\t\t\t\t<\/div>\n\t\t\t\t\t\t\t<\/div>\n\t\t\t\t\t\t\n\t\t\t\t\t<\/div>\n\t\t\t\t<\/div>\n\t\t\t<\/div>\n\t\t\n\n\t\t<div id=\"phonesSection\">\n\t\t\t<div>\n\t\t\t\t<h2 class=\"p-h3-town\">Informationen von Interesse<\/h2>\n\t\t\t<\/div>\n\t\t\t<div class=\"grid\">\n\t\t\t\t\n\t\t\t\t\t<div class=\"phone-number-item\">\n\t\t\t\t\t\t<div class=\"phone-number-item__icon\"><i class=\"icon-police\"><\/i><\/div>\n\t\t\t\t\t\t<div class=\"phone-number-item__title\">\n\t\t\t\t\t\t\t<h3 class=\"p-font-bold\">Ortspolizei<\/h3>\n\t\t\t\t\t\t\t<p>985 401 887<\/p>\n\t\t\t\t\t\t\t\n\t\t\t\t\t\t<\/div>\n\t\t\t\t\t<\/div>\n\t\t\t\t\n\t\t\t\t\t<div class=\"phone-number-item\">\n\t\t\t\t\t\t<div class=\"phone-number-item__icon\"><i class=\"icon-spanish-military-police\"><\/i><\/div>\n\t\t\t\t\t\t<div class=\"phone-number-item__title\">\n\t\t\t\t\t\t\t<h3 class=\"p-font-bold\">Zivilwache<\/h3>\n\t\t\t\t\t\t\t<p>985 400 070<\/p>\n\t\t\t\t\t\t\t\n\t\t\t\t\t\t<\/div>\n\t\t\t\t\t<\/div>\n\t\t\t\t\n\t\t\t\t\t<div class=\"phone-number-item\">\n\t\t\t\t\t\t<div class=\"phone-number-item__icon\"><i class=\"icon-firefighters\"><\/i><\/div>\n\t\t\t\t\t\t<div class=\"phone-number-item__title\">\n\t\t\t\t\t\t\t<h3 class=\"p-font-bold\">Feuerwehr<\/h3>\n\t\t\t\t\t\t\t<p>985 400 513<\/p>\n\t\t\t\t\t\t\t\n\t\t\t\t\t\t<\/div>\n\t\t\t\t\t<\/div>\n\t\t\t\t\n\t\t\t\t\t<div class=\"phone-number-item\">\n\t\t\t\t\t\t<div class=\"phone-number-item__icon\"><i class=\"icon-civil-protection\"><\/i><\/div>\n\t\t\t\t\t\t<div class=\"phone-number-item__title\">\n\t\t\t\t\t\t\t<h3 class=\"p-font-bold\">Zivilschutz<\/h3>\n\t\t\t\t\t\t\t<p>649 395 899<\/p>\n\t\t\t\t\t\t\t\n\t\t\t\t\t\t<\/div>\n\t\t\t\t\t<\/div>\n\t\t\t\t\n\t\t\t\t\t<div class=\"phone-number-item\">\n\t\t\t\t\t\t<div class=\"phone-number-item__icon\"><i class=\"icon-town-council\"><\/i><\/div>\n\t\t\t\t\t\t<div class=\"phone-number-item__title\">\n\t\t\t\t\t\t\t<h3 class=\"p-font-bold\">Rathaus<\/h3>\n\t\t\t\t\t\t\t<p>985 400 102<\/p>\n\t\t\t\t\t\t\t\n\t\t\t\t\t\t<\/div>\n\t\t\t\t\t<\/div>\n\t\t\t\t\n\t\t\t\t\t<div class=\"phone-number-item\">\n\t\t\t\t\t\t<div class=\"phone-number-item__icon\"><i class=\"icon-hospital\"><\/i><\/div>\n\t\t\t\t\t\t<div class=\"phone-number-item__title\">\n\t\t\t\t\t\t\t<h3 class=\"p-font-bold\">Gesundheitszentrum<\/h3>\n\t\t\t\t\t\t\t<p>985 403 615<\/p>\n\t\t\t\t\t\t\t\n\t\t\t\t\t\t<\/div>\n\t\t\t\t\t<\/div>\n\t\t\t\t\n\t\t\t\t\t<div class=\"phone-number-item\">\n\t\t\t\t\t\t<div class=\"phone-number-item__icon\"><i class=\"icon-tourism\"><\/i><\/div>\n\t\t\t\t\t\t<div class=\"phone-number-item__title\">\n\t\t\t\t\t\t\t<h3 class=\"p-font-bold\">Fremdenverkehrsamt<\/h3>\n\t\t\t\t\t\t\t<p>985 400 164<\/p>\n\t\t\t\t\t\t\t\n\t\t\t\t\t\t\t\t<p>Antigua Lonja, Marqu\u00e9s de Canillejas, 1<\/p>\n\t\t\t\t\t\t\t\n\t\t\t\t\t\t<\/div>\n\t\t\t\t\t<\/div>\n\t\t\t\t\n\t\t\t<\/div>\n\t\t<\/div>\n\n\t\t<div id=\"clientForm\">\n        <section>\n        <img decoding=\"async\" src=\"https:\/\/cdn.pilgrim.es\/web\/home\/email-contacto.png\" alt=\"contacto\">\n        <div>\n            <p>Wir senden dir deine Planung<\/p>\n            <p>Gib uns deine Daten an und erhalte die Planung deiner Reise per E-Mail <\/p>\n            <form method=\"post\" data-url=\"\/wp-admin\/admin-ajax.php\" id=\"planner--client\" class=\"flag-right form-client\">\n    <div class=\"form-data\">\n        <input name=\"form_id\" type=\"hidden\" value=\"Formulario Leads\">\n        <input name=\"type\" type=\"hidden\" value=\"planner_client\">\n        <input type=\"text\" name=\"nombre\" value=\"\" size=\"40\" class=\"form-control\" aria-required=\"true\" aria-invalid=\"false\" placeholder=\"Name\">\n        <input type=\"email\" name=\"email\" value=\"\" size=\"40\" class=\"form-control\" aria-required=\"true\" aria-invalid=\"false\" placeholder=\"E- Mail\">\n        <input type=\"text\" id=\"phone-input\" name=\"tel\" value=\"\" size=\"40\" class=\"phone-input form-control\" aria-required=\"true\" aria-invalid=\"false\" placeholder=\"Telefon\">\n        <input type=\"hidden\" name=\"telefono\">\n    <\/div>\n    <div class=\"form-checkbox\">\n        <span>\n            Pilgrim Travel, S.L. teilt gem\u00e4\u00df Regulierung 2016\/679 mit, dass die in diesem Formular verwendeten Daten sowohl f\u00fcr die Beantwortung der m\u00f6glichen Anfragen als auch f\u00fcr die Ver\u00f6ffentlichung der Kommentare verwendet werden, mit der Zustimmung des Nutzers. Sie k\u00f6nnen Ihre Rechte in \u00dcbereinstimmung mit unserer Datenschutzbestimmungen aus\u00fcben             <a href=\"https:\/\/www.pilgrim.es\/politica-de-privacidad\/\" target=\"_blank\" rel=\"noopener noreferrer nofollow\">Datenschutzerkl\u00e4rung.<\/a>\n        <\/span>\n    <\/div>\n\n    <div class=\"form-submit\">\n        <button id=\"planner--client-create\" type=\"submit\">Anfrage senden<\/button>\n        <div class=\"loadingDiv\"><i class=\"p-spinner\"><\/i><\/div>\n    <\/div>\n\n    <div class=\"contact-content-form-success\">\n        <p><i class=\"fas fa-check\"><\/i> Das Formular hat sich erfolgreich gesendet.<\/p>\n    <\/div>\n\n    <div class=\"contact-content-form-error\">\n        <span class=\"input-error\"><\/span>\n    <\/div>\n<\/form>        <\/div>\n    <\/section>\n<\/div>\n\n\t\t<div id=\"recomendationSection\">\n\t\t\t<div>\n\t\t\t\t<h2 class=\"p-h2-town\">Empfohlen<\/h2>\n\t\t\t\t<hr>\n\t\t\t\t<h3 class=\"p-h3-town\">Gastronomie<\/h3>\n\t\t\t<\/div>\n\t\t\tDie Gastronomie von Llanes ist von den Produkten des Meeres gepr\u00e4gt, wie Andaricans, Seespinnen, Seespinnen, Riesengarnelen, Hummer, Rotbarbe, Rotbarbe, Drachenkopf, Seeteufel, Seebrasse, Wolfsbarsch, Thunfisch, Sardellen, Tintenfisch und Anchovis. All diese Fische werden traditionell gegrillt oder gebacken, aber auch in Eint\u00f6pfen oder Fischsuppen serviert.\n\nWeitere herausragende Produkte der Region sind unter anderem Verdinas und Bohnen. Die traditionellsten Rezepte sind die ber\u00fchmte asturische Fabada, Compango mit Fleisch oder Meeresfr\u00fcchten, Tortos mit Cabrales-K\u00e4se oder Spiegeleiern, Borona Pre\u00f1ada mit Chorizo, Rippchen oder was einem sonst noch einf\u00e4llt.\n\nWas das Fleisch betrifft, so sind Wildschwein, Reh, Schaf und Ziege hervorzuheben. Vergessen Sie nicht, immer mit einem guten asturischen Apfelwein zu essen.\n\nZu den traditionellen Backwaren der Stadt geh\u00f6ren Frixuelos, Casadielles, Milchreis, Pe\u00f1asanta-Eis, Walnuss- oder Haselnuss-Millefeuille und Llanes-Schokoladen.\n\t\t<\/div>\n\n\n\t\t\n\t\t\t<div id=\"holidaysSection\">\n\t\t\t\t<div>\n\t\t\t\t\t<h2 class=\"p-h2-town\">Empfohlen<\/h2>\n\t\t\t\t\t<hr>\n\t\t\t\t\t<h3 class=\"p-h3-town\">Feste und Pilgerfahrten<\/h3>\n\t\t\t\t<\/div>\n\t\t\t\t<div class=\"grid holidays-grid\">\n\t\t\t\t\t\n\t\t\t\t\t\t<div>\n\t\t\t\t\t\t\t<div class=\"phone-number-item\">\n\t\t\t\t\t\t\t\t<div class=\"phone-number-item__icon\"><i class=\"icon-holiday\"><\/i><\/div>\n\t\t\t\t\t\t\t\t<div class=\"phone-number-item__title dark-text\">\n\t\t\t\t\t\t\t\t\t<p class=\"p-font-bold\">Lokaler Urlaub<\/p>\n\t\t\t\t\t\t\t\t\t<p>Agosto: Fiesta de San Roque<\/p>\n\t\t\t\t\t\t\t\t<\/div>\n\t\t\t\t\t\t\t<\/div>\n\t\t\t\t\t\t<\/div>\n\t\t\t\t\t\n\t\t\t\t\t\t<div>\n\t\t\t\t\t\t\t<div class=\"phone-number-item\">\n\t\t\t\t\t\t\t\t<div class=\"phone-number-item__icon\"><i class=\"icon-holiday\"><\/i><\/div>\n\t\t\t\t\t\t\t\t<div class=\"phone-number-item__title dark-text\">\n\t\t\t\t\t\t\t\t\t<p class=\"p-font-bold\">Lokaler Urlaub<\/p>\n\t\t\t\t\t\t\t\t\t<p>Septiembre: Fiesta de la Gu\u00eda.<\/p>\n\t\t\t\t\t\t\t\t<\/div>\n\t\t\t\t\t\t\t<\/div>\n\t\t\t\t\t\t<\/div>\n\t\t\t\t\t\n\t\t\t\t\t\t<div>\n\t\t\t\t\t\t\t<div class=\"phone-number-item\">\n\t\t\t\t\t\t\t\t<div class=\"phone-number-item__icon\"><i class=\"icon-holiday\"><\/i><\/div>\n\t\t\t\t\t\t\t\t<div class=\"phone-number-item__title dark-text\">\n\t\t\t\t\t\t\t\t\t<p class=\"p-font-bold\">Lokaler Urlaub<\/p>\n\t\t\t\t\t\t\t\t\t<p>26 de julio: Fiesta de Santa Ana<\/p>\n\t\t\t\t\t\t\t\t<\/div>\n\t\t\t\t\t\t\t<\/div>\n\t\t\t\t\t\t<\/div>\n\t\t\t\t\t\n\t\t\t\t\t\t<div>\n\t\t\t\t\t\t\t<div class=\"phone-number-item\">\n\t\t\t\t\t\t\t\t<div class=\"phone-number-item__icon\"><i class=\"icon-holiday\"><\/i><\/div>\n\t\t\t\t\t\t\t\t<div class=\"phone-number-item__title dark-text\">\n\t\t\t\t\t\t\t\t\t<p class=\"p-font-bold\">Lokaler Urlaub<\/p>\n\t\t\t\t\t\t\t\t\t<p>24 de junio: San Juan<\/p>\n\t\t\t\t\t\t\t\t<\/div>\n\t\t\t\t\t\t\t<\/div>\n\t\t\t\t\t\t<\/div>\n\t\t\t\t\t\n\t\t\t\t\t\t<div>\n\t\t\t\t\t\t\t<div class=\"phone-number-item\">\n\t\t\t\t\t\t\t\t<div class=\"phone-number-item__icon\"><i class=\"icon-holiday\"><\/i><\/div>\n\t\t\t\t\t\t\t\t<div class=\"phone-number-item__title dark-text\">\n\t\t\t\t\t\t\t\t\t<p class=\"p-font-bold\">Lokaler Urlaub<\/p>\n\t\t\t\t\t\t\t\t\t<p>La tercera semana de agosto: Noche de Brujas<\/p>\n\t\t\t\t\t\t\t\t<\/div>\n\t\t\t\t\t\t\t<\/div>\n\t\t\t\t\t\t<\/div>\n\t\t\t\t\t\n\t\t\t\t\t\t<div>\n\t\t\t\t\t\t\t<div class=\"phone-number-item\">\n\t\t\t\t\t\t\t\t<div class=\"phone-number-item__icon\"><i class=\"icon-holiday\"><\/i><\/div>\n\t\t\t\t\t\t\t\t<div class=\"phone-number-item__title dark-text\">\n\t\t\t\t\t\t\t\t\t<p class=\"p-font-bold\">Lokaler Urlaub<\/p>\n\t\t\t\t\t\t\t\t\t<p>15 de agosto: Fiesta de Nuestra Se\u00f1ora del Conseyu<\/p>\n\t\t\t\t\t\t\t\t<\/div>\n\t\t\t\t\t\t\t<\/div>\n\t\t\t\t\t\t<\/div>\n\t\t\t\t\t\n\t\t\t\t\t\t<div>\n\t\t\t\t\t\t\t<div class=\"phone-number-item\">\n\t\t\t\t\t\t\t\t<div class=\"phone-number-item__icon\"><i class=\"icon-holiday\"><\/i><\/div>\n\t\t\t\t\t\t\t\t<div class=\"phone-number-item__title dark-text\">\n\t\t\t\t\t\t\t\t\t<p class=\"p-font-bold\">Lokaler Urlaub<\/p>\n\t\t\t\t\t\t\t\t\t<p>Julio: Fiesta de la Magdalena<\/p>\n\t\t\t\t\t\t\t\t<\/div>\n\t\t\t\t\t\t\t<\/div>\n\t\t\t\t\t\t<\/div>\n\t\t\t\t\t\n\t\t\t\t<\/div>\n\t\t\t<\/div>\n\t\t\n\t<\/div>\n<\/section>\n\n<div id=\"stage_list_section\"><div class=\"stage-list\">\n    <div class='stage-list__map-card'>\n        <div class='stage-list__map-card__map'>\n            <div class='stage-list__map-card__map__text'>\n                <h2> Pages <\/h2>\n                <p> Zu Fu\u00df<\/p>\n                <p> 0etappen<\/p>\n            <\/div>\n            <div class='stage-list__map-card__map__img'>\n                <img decoding=\"async\" src=\"\" alt=\" mapa \" \/>\n            <\/div>\n        <\/div>\n    <\/div>\n\n    <\/div>\n<\/div> ","protected":false},"excerpt":{"rendered":"<p>Llanes &#8249; Zur\u00fcck zur B\u00fchne Llanes Einwohner: 13.960 aprox. Bundesland: Asturias Informationen Get to know Llanes Die Stadt Llanes ist ein typisches Fischerdorf, obwohl sie heute auch weitgehend vom Tourismus lebt. Dank der Tatsache, dass das Meer viele Bereiche der Stadt durchdringt und in jedem Winkel idyllische Landschaften bildet, ist die Stadt als Ganzes eine &hellip; <\/p>\n<p class=\"read_more\"><a href=\"https:\/\/www.pilgrim.es\/de\/weg-im-norden\/llanes\/\">Leer m\u00e1s<\/a><\/p>\n","protected":false},"author":0,"featured_media":6114,"parent":10670,"menu_order":0,"comment_status":"closed","ping_status":"closed","template":"views\/template-new-web-design.blade.php","meta":{"footnotes":""},"categories":[],"tags":[],"class_list":["post-91287","page","type-page","status-publish","has-post-thumbnail","hentry"],"yoast_head":"<!-- This site is optimized with the Yoast SEO plugin v27.4 - https:\/\/yoast.com\/product\/yoast-seo-wordpress\/ -->\n<title>Llanes: Was sehen und wo \u00fcbernachten | Jakobsweg | Pilgrim<\/title>\n<meta name=\"description\" content=\"Llanes Entdecken Sie alle Informationen \u00fcber Unterk\u00fcnfte, Anreise, Gastronomie und die wichtigsten Sehensw\u00fcrdigkeiten der Orte am K\u00fcstenweg\" \/>\n<meta name=\"robots\" content=\"index, follow, max-snippet:-1, max-image-preview:large, max-video-preview:-1\" \/>\n<link rel=\"canonical\" href=\"https:\/\/www.pilgrim.es\/de\/weg-im-norden\/llanes\/\" \/>\n<meta property=\"og:locale\" content=\"de_DE\" \/>\n<meta property=\"og:type\" content=\"article\" \/>\n<meta property=\"og:title\" content=\"Llanes: Was sehen und wo \u00fcbernachten | Jakobsweg | Pilgrim\" \/>\n<meta property=\"og:description\" content=\"Llanes Entdecken Sie alle Informationen \u00fcber Unterk\u00fcnfte, Anreise, Gastronomie und die wichtigsten Sehensw\u00fcrdigkeiten der Orte am K\u00fcstenweg\" \/>\n<meta property=\"og:url\" content=\"https:\/\/www.pilgrim.es\/de\/weg-im-norden\/llanes\/\" \/>\n<meta property=\"og:site_name\" content=\"Pilgrim\" \/>\n<meta property=\"article:publisher\" content=\"https:\/\/www.facebook.com\/pilgrim.es\/\" \/>\n<meta property=\"og:image\" content=\"https:\/\/www.pilgrim.es\/wp-content\/uploads\/2019\/02\/llanes1.jpg\" \/>\n\t<meta property=\"og:image:width\" content=\"800\" \/>\n\t<meta property=\"og:image:height\" content=\"400\" \/>\n\t<meta property=\"og:image:type\" content=\"image\/jpeg\" \/>\n<meta name=\"twitter:card\" content=\"summary_large_image\" \/>\n<meta name=\"twitter:site\" content=\"@pilgrim_es\" \/>\n<meta name=\"twitter:label1\" content=\"Gesch\u00e4tzte Lesezeit\" \/>\n\t<meta name=\"twitter:data1\" content=\"10\u00a0Minuten\" \/>\n<script type=\"application\/ld+json\" class=\"yoast-schema-graph\">{\"@context\":\"https:\\\/\\\/schema.org\",\"@graph\":[{\"@type\":\"WebPage\",\"@id\":\"https:\\\/\\\/www.pilgrim.es\\\/de\\\/weg-im-norden\\\/llanes\\\/\",\"url\":\"https:\\\/\\\/www.pilgrim.es\\\/de\\\/weg-im-norden\\\/llanes\\\/\",\"name\":\"Llanes: Was sehen und wo \u00fcbernachten | Jakobsweg | Pilgrim\",\"isPartOf\":{\"@id\":\"https:\\\/\\\/www.pilgrim.es\\\/de\\\/#website\"},\"primaryImageOfPage\":{\"@id\":\"https:\\\/\\\/www.pilgrim.es\\\/de\\\/weg-im-norden\\\/llanes\\\/#primaryimage\"},\"image\":{\"@id\":\"https:\\\/\\\/www.pilgrim.es\\\/de\\\/weg-im-norden\\\/llanes\\\/#primaryimage\"},\"thumbnailUrl\":\"https:\\\/\\\/www.pilgrim.es\\\/wp-content\\\/uploads\\\/2019\\\/02\\\/llanes1.jpg\",\"datePublished\":\"2025-03-17T14:50:31+00:00\",\"description\":\"Llanes Entdecken Sie alle Informationen \u00fcber Unterk\u00fcnfte, Anreise, Gastronomie und die wichtigsten Sehensw\u00fcrdigkeiten der Orte am K\u00fcstenweg\",\"breadcrumb\":{\"@id\":\"https:\\\/\\\/www.pilgrim.es\\\/de\\\/weg-im-norden\\\/llanes\\\/#breadcrumb\"},\"inLanguage\":\"de\",\"potentialAction\":[{\"@type\":\"ReadAction\",\"target\":[\"https:\\\/\\\/www.pilgrim.es\\\/de\\\/weg-im-norden\\\/llanes\\\/\"]}]},{\"@type\":\"ImageObject\",\"inLanguage\":\"de\",\"@id\":\"https:\\\/\\\/www.pilgrim.es\\\/de\\\/weg-im-norden\\\/llanes\\\/#primaryimage\",\"url\":\"https:\\\/\\\/www.pilgrim.es\\\/wp-content\\\/uploads\\\/2019\\\/02\\\/llanes1.jpg\",\"contentUrl\":\"https:\\\/\\\/www.pilgrim.es\\\/wp-content\\\/uploads\\\/2019\\\/02\\\/llanes1.jpg\",\"width\":800,\"height\":400,\"caption\":\"Llanes\"},{\"@type\":\"BreadcrumbList\",\"@id\":\"https:\\\/\\\/www.pilgrim.es\\\/de\\\/weg-im-norden\\\/llanes\\\/#breadcrumb\",\"itemListElement\":[{\"@type\":\"ListItem\",\"position\":1,\"name\":\"Camino de Santiago\",\"item\":\"https:\\\/\\\/www.pilgrim.es\\\/de\\\/\"},{\"@type\":\"ListItem\",\"position\":2,\"name\":\"Weg im Norden\",\"item\":\"https:\\\/\\\/www.pilgrim.es\\\/de\\\/weg-im-norden\\\/\"},{\"@type\":\"ListItem\",\"position\":3,\"name\":\"Llanes\"}]},{\"@type\":\"WebSite\",\"@id\":\"https:\\\/\\\/www.pilgrim.es\\\/de\\\/#website\",\"url\":\"https:\\\/\\\/www.pilgrim.es\\\/de\\\/\",\"name\":\"Pilgrim\",\"description\":\"Camino de Santiago | Caminamos Contigo\",\"publisher\":{\"@id\":\"https:\\\/\\\/www.pilgrim.es\\\/de\\\/#organization\"},\"potentialAction\":[{\"@type\":\"SearchAction\",\"target\":{\"@type\":\"EntryPoint\",\"urlTemplate\":\"https:\\\/\\\/www.pilgrim.es\\\/de\\\/?s={search_term_string}\"},\"query-input\":{\"@type\":\"PropertyValueSpecification\",\"valueRequired\":true,\"valueName\":\"search_term_string\"}}],\"inLanguage\":\"de\"},{\"@type\":\"Organization\",\"@id\":\"https:\\\/\\\/www.pilgrim.es\\\/de\\\/#organization\",\"name\":\"Pilgrim Camino de Santiago\",\"url\":\"https:\\\/\\\/www.pilgrim.es\\\/de\\\/\",\"logo\":{\"@type\":\"ImageObject\",\"inLanguage\":\"de\",\"@id\":\"https:\\\/\\\/www.pilgrim.es\\\/de\\\/#\\\/schema\\\/logo\\\/image\\\/\",\"url\":\"https:\\\/\\\/www.pilgrim.es\\\/wp-content\\\/uploads\\\/2019\\\/04\\\/logo_pilgrim.png\",\"contentUrl\":\"https:\\\/\\\/www.pilgrim.es\\\/wp-content\\\/uploads\\\/2019\\\/04\\\/logo_pilgrim.png\",\"width\":512,\"height\":512,\"caption\":\"Pilgrim Camino de Santiago\"},\"image\":{\"@id\":\"https:\\\/\\\/www.pilgrim.es\\\/de\\\/#\\\/schema\\\/logo\\\/image\\\/\"},\"sameAs\":[\"https:\\\/\\\/www.facebook.com\\\/pilgrim.es\\\/\",\"https:\\\/\\\/x.com\\\/pilgrim_es\",\"https:\\\/\\\/www.instagram.com\\\/pilgrim.es\\\/\",\"https:\\\/\\\/www.linkedin.com\\\/company\\\/pilgrim-camino-de-santiago\\\/\",\"https:\\\/\\\/www.pinterest.es\\\/pilgrimcaminodesantiago\\\/\",\"https:\\\/\\\/www.youtube.com\\\/channel\\\/UCIv2ZzFLXVqthkNF32rKedw\\\/featured\"]}]}<\/script>\n<!-- \/ Yoast SEO plugin. -->","yoast_head_json":{"title":"Llanes: Was sehen und wo \u00fcbernachten | Jakobsweg | Pilgrim","description":"Llanes Entdecken Sie alle Informationen \u00fcber Unterk\u00fcnfte, Anreise, Gastronomie und die wichtigsten Sehensw\u00fcrdigkeiten der Orte am K\u00fcstenweg","robots":{"index":"index","follow":"follow","max-snippet":"max-snippet:-1","max-image-preview":"max-image-preview:large","max-video-preview":"max-video-preview:-1"},"canonical":"https:\/\/www.pilgrim.es\/de\/weg-im-norden\/llanes\/","og_locale":"de_DE","og_type":"article","og_title":"Llanes: Was sehen und wo \u00fcbernachten | Jakobsweg | Pilgrim","og_description":"Llanes Entdecken Sie alle Informationen \u00fcber Unterk\u00fcnfte, Anreise, Gastronomie und die wichtigsten Sehensw\u00fcrdigkeiten der Orte am K\u00fcstenweg","og_url":"https:\/\/www.pilgrim.es\/de\/weg-im-norden\/llanes\/","og_site_name":"Pilgrim","article_publisher":"https:\/\/www.facebook.com\/pilgrim.es\/","og_image":[{"width":800,"height":400,"url":"https:\/\/www.pilgrim.es\/wp-content\/uploads\/2019\/02\/llanes1.jpg","type":"image\/jpeg"}],"twitter_card":"summary_large_image","twitter_site":"@pilgrim_es","twitter_misc":{"Gesch\u00e4tzte Lesezeit":"10\u00a0Minuten"},"schema":{"@context":"https:\/\/schema.org","@graph":[{"@type":"WebPage","@id":"https:\/\/www.pilgrim.es\/de\/weg-im-norden\/llanes\/","url":"https:\/\/www.pilgrim.es\/de\/weg-im-norden\/llanes\/","name":"Llanes: Was sehen und wo \u00fcbernachten | Jakobsweg | Pilgrim","isPartOf":{"@id":"https:\/\/www.pilgrim.es\/de\/#website"},"primaryImageOfPage":{"@id":"https:\/\/www.pilgrim.es\/de\/weg-im-norden\/llanes\/#primaryimage"},"image":{"@id":"https:\/\/www.pilgrim.es\/de\/weg-im-norden\/llanes\/#primaryimage"},"thumbnailUrl":"https:\/\/www.pilgrim.es\/wp-content\/uploads\/2019\/02\/llanes1.jpg","datePublished":"2025-03-17T14:50:31+00:00","description":"Llanes Entdecken Sie alle Informationen \u00fcber Unterk\u00fcnfte, Anreise, Gastronomie und die wichtigsten Sehensw\u00fcrdigkeiten der Orte am K\u00fcstenweg","breadcrumb":{"@id":"https:\/\/www.pilgrim.es\/de\/weg-im-norden\/llanes\/#breadcrumb"},"inLanguage":"de","potentialAction":[{"@type":"ReadAction","target":["https:\/\/www.pilgrim.es\/de\/weg-im-norden\/llanes\/"]}]},{"@type":"ImageObject","inLanguage":"de","@id":"https:\/\/www.pilgrim.es\/de\/weg-im-norden\/llanes\/#primaryimage","url":"https:\/\/www.pilgrim.es\/wp-content\/uploads\/2019\/02\/llanes1.jpg","contentUrl":"https:\/\/www.pilgrim.es\/wp-content\/uploads\/2019\/02\/llanes1.jpg","width":800,"height":400,"caption":"Llanes"},{"@type":"BreadcrumbList","@id":"https:\/\/www.pilgrim.es\/de\/weg-im-norden\/llanes\/#breadcrumb","itemListElement":[{"@type":"ListItem","position":1,"name":"Camino de Santiago","item":"https:\/\/www.pilgrim.es\/de\/"},{"@type":"ListItem","position":2,"name":"Weg im Norden","item":"https:\/\/www.pilgrim.es\/de\/weg-im-norden\/"},{"@type":"ListItem","position":3,"name":"Llanes"}]},{"@type":"WebSite","@id":"https:\/\/www.pilgrim.es\/de\/#website","url":"https:\/\/www.pilgrim.es\/de\/","name":"Pilgrim","description":"Camino de Santiago | Caminamos Contigo","publisher":{"@id":"https:\/\/www.pilgrim.es\/de\/#organization"},"potentialAction":[{"@type":"SearchAction","target":{"@type":"EntryPoint","urlTemplate":"https:\/\/www.pilgrim.es\/de\/?s={search_term_string}"},"query-input":{"@type":"PropertyValueSpecification","valueRequired":true,"valueName":"search_term_string"}}],"inLanguage":"de"},{"@type":"Organization","@id":"https:\/\/www.pilgrim.es\/de\/#organization","name":"Pilgrim Camino de Santiago","url":"https:\/\/www.pilgrim.es\/de\/","logo":{"@type":"ImageObject","inLanguage":"de","@id":"https:\/\/www.pilgrim.es\/de\/#\/schema\/logo\/image\/","url":"https:\/\/www.pilgrim.es\/wp-content\/uploads\/2019\/04\/logo_pilgrim.png","contentUrl":"https:\/\/www.pilgrim.es\/wp-content\/uploads\/2019\/04\/logo_pilgrim.png","width":512,"height":512,"caption":"Pilgrim Camino de Santiago"},"image":{"@id":"https:\/\/www.pilgrim.es\/de\/#\/schema\/logo\/image\/"},"sameAs":["https:\/\/www.facebook.com\/pilgrim.es\/","https:\/\/x.com\/pilgrim_es","https:\/\/www.instagram.com\/pilgrim.es\/","https:\/\/www.linkedin.com\/company\/pilgrim-camino-de-santiago\/","https:\/\/www.pinterest.es\/pilgrimcaminodesantiago\/","https:\/\/www.youtube.com\/channel\/UCIv2ZzFLXVqthkNF32rKedw\/featured"]}]}},"_links":{"self":[{"href":"https:\/\/www.pilgrim.es\/de\/wp-json\/wp\/v2\/pages\/91287","targetHints":{"allow":["GET"]}}],"collection":[{"href":"https:\/\/www.pilgrim.es\/de\/wp-json\/wp\/v2\/pages"}],"about":[{"href":"https:\/\/www.pilgrim.es\/de\/wp-json\/wp\/v2\/types\/page"}],"replies":[{"embeddable":true,"href":"https:\/\/www.pilgrim.es\/de\/wp-json\/wp\/v2\/comments?post=91287"}],"version-history":[{"count":0,"href":"https:\/\/www.pilgrim.es\/de\/wp-json\/wp\/v2\/pages\/91287\/revisions"}],"up":[{"embeddable":true,"href":"https:\/\/www.pilgrim.es\/de\/wp-json\/wp\/v2\/pages\/10670"}],"wp:featuredmedia":[{"embeddable":true,"href":"https:\/\/www.pilgrim.es\/de\/wp-json\/wp\/v2\/media\/6114"}],"wp:attachment":[{"href":"https:\/\/www.pilgrim.es\/de\/wp-json\/wp\/v2\/media?parent=91287"}],"wp:term":[{"taxonomy":"category","embeddable":true,"href":"https:\/\/www.pilgrim.es\/de\/wp-json\/wp\/v2\/categories?post=91287"},{"taxonomy":"post_tag","embeddable":true,"href":"https:\/\/www.pilgrim.es\/de\/wp-json\/wp\/v2\/tags?post=91287"}],"curies":[{"name":"wp","href":"https:\/\/api.w.org\/{rel}","templated":true}]}}