{"id":91278,"date":"2025-03-17T14:48:00","date_gmt":"2025-03-17T14:48:00","guid":{"rendered":"https:\/\/www.pilgrim.es\/weg-im-norden\/santillana-del-mar\/"},"modified":"2025-03-17T14:48:00","modified_gmt":"2025-03-17T14:48:00","slug":"santillana-del-mar","status":"publish","type":"page","link":"https:\/\/www.pilgrim.es\/de\/weg-im-norden\/santillana-del-mar\/","title":{"rendered":"Santillana del Mar"},"content":{"rendered":" <section id=\"hero\">\n\t<h1>Santillana del Mar<\/h1>\n\t<div class=\"hero-grid\">\n\t\t<div class=\"hero-grid__town-col\" data-background=\"https:\/\/cdn.pilgrim.es\/web\/caminos\/camino-norte\/pueblos\/santillana-del-mar.jpg\">\n\t\t\t<div>\n\t\t\t\t<a class=\"link-to-stage\" href=\"https:\/\/www.pilgrim.es\/camino-norte\/etapa-13-santander-santillana-del-mar\/\">\n\t\t\t\t\t<p>&#8249; Zur\u00fcck zur B\u00fchne<\/p>\n\t\t\t\t<\/a>\n\n\t\t\t\t<div class=\"town-data\">\n\t\t\t\t\t<h2>Santillana del Mar<\/h2>\n\t\t\t\t\t<ul>\n\t\t\t\t\t\t<li>Einwohner: 4.203 aprox.<\/li>\n\t\t\t\t\t\t<li>Bundesland: Cantabria<\/li>\n\t\t\t\t\t<\/ul>\n\t\t\t\t<\/div>\n\t\t\t<\/div>\n\t\t<\/div>\n\t\t<div class=\"hero-grid__planner-col\"><div\r\n  class=\"p-col-span-1 p-rounded-lg p-px-5 p-h-full\"\r\n  style=\"background-image: url('https:\/\/cdn.pilgrim.es\/web\/pilgrim-planner\/bg-plugin-planificador.webp')\"\r\n  rel=\"preload\"\r\n  fetchpriority=\"high\"\r\n  >\r\n    <div class=\"p-text-center p-pt-5 p-text-white p-text-2xl p-font-semibold\">\r\n      Plane deinen Weg    <\/div>\r\n    <div\r\n            id='primary-app'\r\n            data-name='banner'\r\n            data-api='https:\/\/pathfinder.pilgrim.es\/api\/pathfinder\/v2'\r\n            data-mode='normal'\r\n            data-lang='de'\r\n            data-route='1'\r\n            data-destiny='https:\/\/planificador.pilgrim.es'\r\n            data-modality='1'\r\n            data-inline=''\r\n        ><\/div><\/div><\/div>\n\t<\/div>\n<\/section>\n\n<section id=\"infoTown\">\n\t<div class=\"sections-town\">\n\n\t\t<div id=\"informationSection\">\n\t\t\t<div>\n\t\t\t\t<h2 class=\"p-h2-town\">Informationen<\/h2>\n\t\t\t\t<hr>\n\t\t\t\t<h3 class=\"p-h3-town\">Get to know Santillana del Mar<\/h3>\n\t\t\t<\/div>\n\t\t\t<p>Die Stadt Santillana del Mar ist im Volksmund als die Stadt der drei L\u00fcgen bekannt, sie ist nicht heilig, sie ist nicht flach und sie hat auch kein Meer.<\/p> <p>Sie gilt als die meistbesuchte Stadt Kantabriens und ihr historisches Zentrum und die H\u00f6hlen von Altamira wurden zum Weltkulturerbe erkl\u00e4rt. Dar\u00fcber hinaus ist Santillana del Mar seit einigen Jahren eines der sch\u00f6nsten D\u00f6rfer Spaniens.<\/p> <p>Es gilt als das meistbesuchte Dorf Kantabriens.\n\t\t<\/div>\n\n\t\t<div id=\"locationSection\">\n\t\t\t<div>\n\t\t\t\t<h2 class=\"p-h2-town\">Standort<\/h2>\n\t\t\t\t<hr>\n\t\t\t\t<h3 class=\"p-h3-town\">Wegbeschreibung<\/h3>\n\t\t\t<\/div>\n\t\t\t<p>Wenn Sie mit dem Auto \u00fcber die Autobahn A-8 anreisen m\u00f6chten, die A Coru\u00f1a mit ganz Kantabrien verbindet, m\u00fcssen Sie von der Autobahn aus die Landstra\u00dfe CA-133 nehmen, um in das Dorf zu gelangen. Eine weitere Stra\u00dfe, \u00fcber die man in den Ort gelangt, ist die CA-351. Eine weitere M\u00f6glichkeit ist die Autobahn A-67, die die gesamte Hochebene verbindet und die man von vielen Punkten im Norden der Halbinsel aus erreichen kann.\n\n<p>Es gibt zwei Busbahnh\u00f6fe in der N\u00e4he, die t\u00e4glich mehrere Linien anbieten. Sie sind nicht spezifisch f\u00fcr Santillana, sondern sind l\u00e4ngere Linien wie Santander-Madrid und halten im Dorf. Das Gleiche gilt f\u00fcr den Bahnhof, es gibt drei in der N\u00e4he und viele der Bahnlinien halten im Dorf.\n\t\t\t<div>\n\t\t\t\t<div>\n  <iframe loading=\"lazy\"\n    src=\"https:\/\/www.google.com\/maps\/d\/embed?mid=1UafaaIxqzPl994lCEF-cFrxbf6W2RAY&amp;ehbc=2E312F\"\n    width=\"640\"\n    height=\"480\"\n    alt=\"Mapa Santillana del Mar\"\n  ><\/iframe>\n<\/div>\n\n\t\t\t<\/div>\n\t\t<\/div>\n\n\t\t\n\t\t\t<div id=\"toVisitSection\">\n\t\t\t\t<div>\n\t\t\t\t\t<h2 class=\"p-h2-town\">Geschichte \/ Kultur<\/h2>\n\t\t\t\t\t<hr>\n\t\t\t\t\t<h3 class=\"p-h3-town\">Was es zu sehen gibt<\/h3>\n\t\t\t\t<\/div>\n\t\t\t\t<div>\n\t\t\t\t\t<div class=\"accordion\">\n\t\t\t\t\t\t<div class=\"accordion__menu\">\n\t\t\t\t\t\t\t<nav>\n\t\t\t\t\t\t\t\t\n\t\t\t\t\t\t\t\t\t<button class=\"nav-tab-accordion active\"><span>&#10093;<\/span><span> Casa de la Archiduquesa<\/span><\/button>\n\t\t\t\t\t\t\t\t\n\t\t\t\t\t\t\t\t\t<button class=\"nav-tab-accordion \"><span>&#10093;<\/span><span> Casa de Leonor de la Vega<\/span><\/button>\n\t\t\t\t\t\t\t\t\n\t\t\t\t\t\t\t\t\t<button class=\"nav-tab-accordion \"><span>&#10093;<\/span><span> Casa de los Quevedo<\/span><\/button>\n\t\t\t\t\t\t\t\t\n\t\t\t\t\t\t\t\t\t<button class=\"nav-tab-accordion \"><span>&#10093;<\/span><span> Casa de los Villa<\/span><\/button>\n\t\t\t\t\t\t\t\t\n\t\t\t\t\t\t\t\t\t<button class=\"nav-tab-accordion \"><span>&#10093;<\/span><span> Casa torre de Caldero\u0301n de la Barca<\/span><\/button>\n\t\t\t\t\t\t\t\t\n\t\t\t\t\t\t\t\t\t<button class=\"nav-tab-accordion \"><span>&#10093;<\/span><span> Casas de A\u0301guila y La Parra<\/span><\/button>\n\t\t\t\t\t\t\t\t\n\t\t\t\t\t\t\t\t\t<button class=\"nav-tab-accordion \"><span>&#10093;<\/span><span> Colegiata de Santa Juliana<\/span><\/button>\n\t\t\t\t\t\t\t\t\n\t\t\t\t\t\t\t\t\t<button class=\"nav-tab-accordion \"><span>&#10093;<\/span><span> Convento de las Dominicas<\/span><\/button>\n\t\t\t\t\t\t\t\t\n\t\t\t\t\t\t\t\t\t<button class=\"nav-tab-accordion \"><span>&#10093;<\/span><span> Cuevas de Altamira<\/span><\/button>\n\t\t\t\t\t\t\t\t\n\t\t\t\t\t\t\t\t\t<button class=\"nav-tab-accordion \"><span>&#10093;<\/span><span> Museo Diocesano Regional<\/span><\/button>\n\t\t\t\t\t\t\t\t\n\t\t\t\t\t\t\t\t\t<button class=\"nav-tab-accordion \"><span>&#10093;<\/span><span> Ayuntamiento<\/span><\/button>\n\t\t\t\t\t\t\t\t\n\t\t\t\t\t\t\t\t\t<button class=\"nav-tab-accordion \"><span>&#10093;<\/span><span> Museo de la Tortura<\/span><\/button>\n\t\t\t\t\t\t\t\t\n\t\t\t\t\t\t\t\t\t<button class=\"nav-tab-accordion \"><span>&#10093;<\/span><span> Palacio de los Benemejis<\/span><\/button>\n\t\t\t\t\t\t\t\t\n\t\t\t\t\t\t\t\t\t<button class=\"nav-tab-accordion \"><span>&#10093;<\/span><span> Palacio de Mijares<\/span><\/button>\n\t\t\t\t\t\t\t\t\n\t\t\t\t\t\t\t\t\t<button class=\"nav-tab-accordion \"><span>&#10093;<\/span><span> Palacio de Velarde<\/span><\/button>\n\t\t\t\t\t\t\t\t\n\t\t\t\t\t\t\t\t\t<button class=\"nav-tab-accordion \"><span>&#10093;<\/span><span> Palacio de Viveda<\/span><\/button>\n\t\t\t\t\t\t\t\t\n\t\t\t\t\t\t\t\t\t<button class=\"nav-tab-accordion \"><span>&#10093;<\/span><span> Playa y Ermita de Santa Justa<\/span><\/button>\n\t\t\t\t\t\t\t\t\n\t\t\t\t\t\t\t\t\t<button class=\"nav-tab-accordion \"><span>&#10093;<\/span><span> Museo de Altamira<\/span><\/button>\n\t\t\t\t\t\t\t\t\n\t\t\t\t\t\t\t\t\t<button class=\"nav-tab-accordion \"><span>&#10093;<\/span><span> Casa de los Sanchez Tagle<\/span><\/button>\n\t\t\t\t\t\t\t\t\n\t\t\t\t\t\t\t\t\t<button class=\"nav-tab-accordion \"><span>&#10093;<\/span><span> Puerto de Caldero\u0301n<\/span><\/button>\n\t\t\t\t\t\t\t\t\n\t\t\t\t\t\t\t\t\t<button class=\"nav-tab-accordion \"><span>&#10093;<\/span><span> Torre de Don Beltra\u0301n de la Cueva<\/span><\/button>\n\t\t\t\t\t\t\t\t\n\t\t\t\t\t\t\t\t\t<button class=\"nav-tab-accordion \"><span>&#10093;<\/span><span> Torre de Don Borja<\/span><\/button>\n\t\t\t\t\t\t\t\t\n\t\t\t\t\t\t\t\t\t<button class=\"nav-tab-accordion \"><span>&#10093;<\/span><span> Torre del Merino<\/span><\/button>\n\t\t\t\t\t\t\t\t\n\t\t\t\t\t\t\t\t\t<button class=\"nav-tab-accordion \"><span>&#10093;<\/span><span> Zoo<\/span><\/button>\n\t\t\t\t\t\t\t\t\n\t\t\t\t\t\t\t\t\t<button class=\"nav-tab-accordion \"><span>&#10093;<\/span><span> Casa de los Bustamante<\/span><\/button>\n\t\t\t\t\t\t\t\t\n\t\t\t\t\t\t\t<\/nav>\n\t\t\t\t\t\t<\/div>\n\n\t\t\t\t\t\t\n\t\t\t\t\t\t\t<div class=\"accordion__accordion-content \">\n\t\t\t\t\t\t\t\t<div>\n\t\t\t\t\t\t\t\t\t<div>\n\t\t\t\t\t\t\t\t\t\t<h4>Casa de la Archiduquesa<\/h4>\n\t\t\t\t\t\t\t\t\t\t<p>Die Casa de la Archduquesa oder auch Casa de los Abades ist ein Geb\u00e4ude aus dem sp\u00e4ten 17. Jahrhundert, das sich links von der Stiftskirche befindet. Jh., das sich links von der Stiftskirche befindet. Es geh\u00f6rte der Familie Barreda Bracho, und noch heute kann man an der Fassade die Wappen im modernen Stil bewundern, die von Jes\u00fas Otero angefertigt wurden.\n\t\t\t\t\t\t\t\t\t<\/div>\n\t\t\t\t\t\t\t\t\t<img decoding=\"async\" src=\"https:\/\/cdn.pilgrim.es\/web\/caminos\/camino-norte\/pueblos\/santillana-del-mar\/puntos-de-interes\/casa-de-la-archiduquesa.jpg\" alt=\"Casa de la Archiduquesa\">\n\t\t\t\t\t\t\t\t<\/div>\n\t\t\t\t\t\t\t<\/div>\n\t\t\t\t\t\t\n\t\t\t\t\t\t\t<div class=\"accordion__accordion-content inactive\">\n\t\t\t\t\t\t\t\t<div>\n\t\t\t\t\t\t\t\t\t<div>\n\t\t\t\t\t\t\t\t\t\t<h4>Casa de Leonor de la Vega<\/h4>\n\t\t\t\t\t\t\t\t\t\t<p>Das Haus von Leonor de la Vega befindet sich in der Calle del Cant\u00f3n und stammt der \u00dcberlieferung nach aus dem Ende des 15. und dem Beginn des 16. Jahrhunderts. Es soll das Haus sein, in dem Do\u00f1a Leonor de la Vega, die Mutter des ersten Marquis von Santillana, lebte, was durch die drei Wappen im gotischen Stil an der Fassade best\u00e4tigt wird.\n\t\t\t\t\t\t\t\t\t<\/div>\n\t\t\t\t\t\t\t\t\t<img decoding=\"async\" src=\"https:\/\/cdn.pilgrim.es\/web\/caminos\/camino-norte\/pueblos\/santillana-del-mar\/puntos-de-interes\/casa-de-leonor-de-la-vega.jpg\" alt=\"Casa de Leonor de la Vega\">\n\t\t\t\t\t\t\t\t<\/div>\n\t\t\t\t\t\t\t<\/div>\n\t\t\t\t\t\t\n\t\t\t\t\t\t\t<div class=\"accordion__accordion-content inactive\">\n\t\t\t\t\t\t\t\t<div>\n\t\t\t\t\t\t\t\t\t<div>\n\t\t\t\t\t\t\t\t\t\t<h4>Casa de los Quevedo<\/h4>\n\t\t\t\t\t\t\t\t\t\t<p>Das Haus der Familie Quevedo und Coss\u00edo aus dem Ende des 17. Jahrhunderts befindet sich in der Calle Del R\u00edo gegen\u00fcber einem Wassertrog. Bei diesem Geb\u00e4ude handelt es sich eigentlich um zwei H\u00e4user, die nebeneinander angeordnet sind und einen Platz bilden, auch wenn sie derzeit zu einem einzigen Wohnhaus zusammengef\u00fcgt sind. Das Haus auf der S\u00fcdseite war im Besitz der Familie Quevedo, das andere ist das Haus von Coss\u00edo. <\/p>\n\n<p>Das Haus der Familie Quevedo hat ein Schild, das von einer Br\u00fcstung an der Nordfassade gebildet wird. Was jedoch am meisten auff\u00e4llt, ist der Tunnel aus Steinb\u00f6gen, der das Haus durchquert, um den Trog und den Bach zu entw\u00e4ssern.<\/p> <p>Das Haus der Familie Quevedo hat ein Schild, das von einer Br\u00fcstung an der Nordfassade gebildet wird, was jedoch am meisten auff\u00e4llt, ist der Tunnel aus Steinb\u00f6gen, der das Haus durchquert, um den Trog und den Bach zu entw\u00e4ssern.\n\n<p>Das Haus Coss\u00edo betritt man durch ein gro\u00dfes Portal, das von Pilastern gesch\u00fctzt wird, die an S\u00e4ulen befestigt sind, auf denen ein eiserner Balkon steht. Das Geb\u00e4ude hat zwei Eingangst\u00fcren, in deren Mitte sich das Wappen von Coss\u00edo befindet.\n\n<p>INFORMATIONEN VON INTERESSE<\/p> <p>Informationen von Interesse<\/p> <p>Das Geb\u00e4ude hat zwei Eingangst\u00fcren.\n\n<p>Telefon: 653 310 371<\/p> <p>Telefon: 653 310 371<\/p>\n\t\t\t\t\t\t\t\t\t<\/div>\n\t\t\t\t\t\t\t\t\t<img decoding=\"async\" src=\"https:\/\/cdn.pilgrim.es\/web\/caminos\/camino-norte\/pueblos\/santillana-del-mar\/puntos-de-interes\/casa-de-los-quevedo.jpg\" alt=\"Casa de los Quevedo\">\n\t\t\t\t\t\t\t\t<\/div>\n\t\t\t\t\t\t\t<\/div>\n\t\t\t\t\t\t\n\t\t\t\t\t\t\t<div class=\"accordion__accordion-content inactive\">\n\t\t\t\t\t\t\t\t<div>\n\t\t\t\t\t\t\t\t\t<div>\n\t\t\t\t\t\t\t\t\t\t<h4>Casa de los Villa<\/h4>\n\t\t\t\t\t\t\t\t\t\t<p>Das Haus der Familie Villa wurde im 18. Jahrhundert mit einem quadratischen Grundriss erbaut, sp\u00e4ter jedoch mehrfach umgebaut. Das Element, das am meisten umgebaut wurde, war der Turm, auf dem im 18. Jahrhundert ein langgestrecktes rechteckiges Haus errichtet wurde.\n\nJh. ein langgestrecktes, rechteckiges Haus errichtet wurde. <p>Die herausragendsten Elemente des Hauses sind die mit Lisenen versehene Fassade, die von kleinen \u00d6ffnungen in Form von Oculi umgeben ist, sowie die mit Steinkonsolen verzierten Eisenbalkone und die Wappen der Familien Cos, Bracho und Bustamante.\n\t\t\t\t\t\t\t\t\t<\/div>\n\t\t\t\t\t\t\t\t\t<img decoding=\"async\" src=\"https:\/\/cdn.pilgrim.es\/web\/caminos\/camino-norte\/pueblos\/santillana-del-mar\/puntos-de-interes\/casa-de-los-villa.jpg\" alt=\"Casa de los Villa\">\n\t\t\t\t\t\t\t\t<\/div>\n\t\t\t\t\t\t\t<\/div>\n\t\t\t\t\t\t\n\t\t\t\t\t\t\t<div class=\"accordion__accordion-content inactive\">\n\t\t\t\t\t\t\t\t<div>\n\t\t\t\t\t\t\t\t\t<div>\n\t\t\t\t\t\t\t\t\t\t<h4>Casa torre de Caldero\u0301n de la Barca<\/h4>\n\t\t\t\t\t\t\t\t\t\t<p>Der Turm von Calder\u00f3n de la Barca ist das \u00e4lteste zivile Geb\u00e4ude der Autonomen Gemeinschaft Kantabrien und weist Elemente aus dem 15. Jahrhundert auf.<\/p> <p>Der Turm von Calder\u00f3n de la Barca ist das \u00e4lteste zivile Geb\u00e4ude der Autonomen Gemeinschaft Kantabrien und weist Elemente aus dem 15. Jahrhundert auf.\n\n<p>Hervorzuheben ist der grandiose quadratische Turm mit Zinnen und einem Walmdach. Dieser Turm befand sich im Besitz der Familie Calder\u00f3n, und da er zu Verteidigungszwecken bei der \u00dcberquerung des Flusses Saja diente, den man mit dem Boot \u00fcberquerte, wurde er als Familie Calder\u00f3n de la Barca bekannt.\n\n<p>Angrenzend an den Turm befindet sich der Palast, zu dem man durch ein Vestib\u00fcl unter einem Gew\u00f6lbe gelangt, das von vier Rundb\u00f6gen getragen wird.\n\t\t\t\t\t\t\t\t\t<\/div>\n\t\t\t\t\t\t\t\t\t<img decoding=\"async\" src=\"https:\/\/cdn.pilgrim.es\/web\/caminos\/camino-norte\/pueblos\/santillana-del-mar\/puntos-de-interes\/casa-torre-de-calderon-de-la-barca.jpg\" alt=\"Casa torre de Caldero\u0301n de la Barca\">\n\t\t\t\t\t\t\t\t<\/div>\n\t\t\t\t\t\t\t<\/div>\n\t\t\t\t\t\t\n\t\t\t\t\t\t\t<div class=\"accordion__accordion-content inactive\">\n\t\t\t\t\t\t\t\t<div>\n\t\t\t\t\t\t\t\t\t<div>\n\t\t\t\t\t\t\t\t\t\t<h4>Casas de A\u0301guila y La Parra<\/h4>\n\t\t\t\t\t\t\t\t\t\t<p>Die Casa del \u00c1guila und die Casa de la Parra sind zwei Geb\u00e4ude aus dem 16. und 17. Jahrhundert, die durch ein kleines zweist\u00f6ckiges Element verbunden sind, in dem tempor\u00e4re Ausstellungen des Ministeriums f\u00fcr Kultur, Tourismus und Sport gezeigt werden. <\/p>\n\n<p>Die Casa de la Parra hat eine Hauptfassade mit zwei gotischen T\u00fcren, die zum alten Marktplatz f\u00fchren, dar\u00fcber befindet sich ein Sichtschutz aus Holz und Ziegeln, der die urspr\u00fcngliche Fassade verdeckt. Dieses Haus hat seinen Namen von dem Baum, der es fr\u00fcher begleitete. <\/p>\n\n<p>Das Erdgeschoss der Casa del \u00c1guila hat zwei halbrunde Arkaden und wurde nach dem Wappen der Familie Estrada benannt.<\/p> <p>Das Haus des Adlers hat zwei halbrunde Arkaden im Erdgeschoss und wurde nach dem Wappen der Familie Estrada benannt.\n\n<p>H\u00e4user<\/p>\n\n<p>Dienstag bis Samstag von 10:00 bis 13:30 Uhr und von 16:30 bis 20:00 Uhr Sonntag von 11:00 bis 13:30 UhrMontag geschlossen<\/p> <p>Montag geschlossen<\/p> <p>Montag geschlossen<\/p> <p>\n\n<p>INFORMATIONEN VON INTERESSE<\/p>\n\n<p>Telefon: 942 818 398<\/p>\n\t\t\t\t\t\t\t\t\t<\/div>\n\t\t\t\t\t\t\t\t\t<img decoding=\"async\" src=\"https:\/\/cdn.pilgrim.es\/web\/caminos\/camino-norte\/pueblos\/santillana-del-mar\/puntos-de-interes\/casas-de-aguila-y-la-parra.jpg\" alt=\"Casas de A\u0301guila y La Parra\">\n\t\t\t\t\t\t\t\t<\/div>\n\t\t\t\t\t\t\t<\/div>\n\t\t\t\t\t\t\n\t\t\t\t\t\t\t<div class=\"accordion__accordion-content inactive\">\n\t\t\t\t\t\t\t\t<div>\n\t\t\t\t\t\t\t\t\t<div>\n\t\t\t\t\t\t\t\t\t\t<h4>Colegiata de Santa Juliana<\/h4>\n\t\t\t\t\t\t\t\t\t\t<p>Die Stiftskirche Santa Juliana entstand Mitte des 12. Jahrhunderts, als das alte Kloster gleichen Namens aufging. Sie wurde von mehreren M\u00f6nchen mit der Absicht erbaut, das Gebiet von Santillana del Mar, das fr\u00fcher &#8222;Sancta luliana&#8220; genannt wurde, wieder zu besiedeln und eine kleine Einsiedelei zu schaffen, um die Reliquien der M\u00e4rtyrerin Juliana auszustellen.<\/p> <p>Die Stiftskirche Santa Juliana wurde Mitte des 12.\n\nJh. erbaut. <p>Vom alten Kloster sind keine \u00dcberreste erhalten, obwohl man annimmt, dass es ein einfacher Steinbau mit einer rechteckigen Apsis und einem Holzdach war, wie andere mozarabische oder westgotische Bauten.\n\t\t\t\t\t\t\t\t\t<\/div>\n\t\t\t\t\t\t\t\t\t<img decoding=\"async\" src=\"https:\/\/cdn.pilgrim.es\/web\/caminos\/camino-norte\/pueblos\/santillana-del-mar\/puntos-de-interes\/colegiata-de-santa-juliana.jpg\" alt=\"Colegiata de Santa Juliana\">\n\t\t\t\t\t\t\t\t<\/div>\n\t\t\t\t\t\t\t<\/div>\n\t\t\t\t\t\t\n\t\t\t\t\t\t\t<div class=\"accordion__accordion-content inactive\">\n\t\t\t\t\t\t\t\t<div>\n\t\t\t\t\t\t\t\t\t<div>\n\t\t\t\t\t\t\t\t\t\t<h4>Convento de las Dominicas<\/h4>\n\t\t\t\t\t\t\t\t\t\t<p>Das Dominikanerkloster, in dem die Dienstm\u00e4dchen der f\u00fchrenden Familien der Stadt untergebracht waren, besteht aus einer Kirche im Norden, die parallel zur Stra\u00dfe liegt, und einem Kreuzgang im S\u00fcden. Letzterer ist einfach mit kleinen Arkaden und schmucklosen Fenstern. <\/p>\n\n<p>Das Highlight im Inneren der Kirche ist ein gro\u00dfer philippinischer Elfenbein-Christus aus dem fr\u00fchen 18. Jahrhundert, der \u00fcber dem Hochaltar thront.<\/p> <p>Es gibt eine gro\u00dfe philippinische Elfenbeinstatue von Christus.\n\t\t\t\t\t\t\t\t\t<\/div>\n\t\t\t\t\t\t\t\t\t<img decoding=\"async\" src=\"https:\/\/cdn.pilgrim.es\/web\/caminos\/camino-norte\/pueblos\/santillana-del-mar\/puntos-de-interes\/convento-de-las-dominicas.jpg\" alt=\"Convento de las Dominicas\">\n\t\t\t\t\t\t\t\t<\/div>\n\t\t\t\t\t\t\t<\/div>\n\t\t\t\t\t\t\n\t\t\t\t\t\t\t<div class=\"accordion__accordion-content inactive\">\n\t\t\t\t\t\t\t\t<div>\n\t\t\t\t\t\t\t\t\t<div>\n\t\t\t\t\t\t\t\t\t\t<h4>Cuevas de Altamira<\/h4>\n\t\t\t\t\t\t\t\t\t\t<p>Es kann eindeutig festgestellt werden, dass die H\u00f6hle von Altamira das ultimative Beispiel f\u00fcr den sch\u00f6pferischen Einfallsreichtum des Menschen ist, da sie alle grundlegenden Merkmale der Kunst vereint. Man kann die verschiedenen k\u00fcnstlerischen Techniken (Zeichnung, Malerei und Gravur), die Behandlung der Form und die Nutzung des Raums sowie Symbolismus, Naturalismus, Dreidimensionalit\u00e4t und Abstraktion sch\u00e4tzen. <\/p>\n\n<p>Diese H\u00f6hle hat den Vorteil und das Privileg, der erste Ort auf der Welt zu sein, an dem oberpal\u00e4olithische Felskunst entdeckt wurde, und dank ihrer fantastischen Erhaltung, ihrer Besonderheit und der Frische ihrer Pigmente dauerte die Anerkennung und Bedeutung der St\u00e4tte ein Vierteljahrhundert lang.\n\t\t\t\t\t\t\t\t\t<\/div>\n\t\t\t\t\t\t\t\t\t<img decoding=\"async\" src=\"https:\/\/cdn.pilgrim.es\/web\/caminos\/camino-norte\/pueblos\/santillana-del-mar\/puntos-de-interes\/cuevas-de-altamira.jpg\" alt=\"Cuevas de Altamira\">\n\t\t\t\t\t\t\t\t<\/div>\n\t\t\t\t\t\t\t<\/div>\n\t\t\t\t\t\t\n\t\t\t\t\t\t\t<div class=\"accordion__accordion-content inactive\">\n\t\t\t\t\t\t\t\t<div>\n\t\t\t\t\t\t\t\t\t<div>\n\t\t\t\t\t\t\t\t\t\t<h4>Museo Diocesano Regional<\/h4>\n\t\t\t\t\t\t\t\t\t\t<p>Das Di\u00f6zesanmuseum Regina Coeli gilt als das erste Di\u00f6zesanmuseum Spaniens und wurde 1592 in einem ehemaligen Dominikanerkloster eingerichtet. Die an das Kloster angeschlossene Kirche wurde 1648 mit einem einzigen Schiff und einem Kreuzgang erbaut.\n\n<p>Das Museum beherbergt mehr als 800 Kunstwerke aus den Kirchengemeinden der Region. Von all diesen Sammlungen sind die gotischen Skulpturen, die Gruppen von San Roque und San Sebasti\u00e1n, die Seiden und hispano-philippinischen Elfenbeine, die Emaillen und Silberwaren aus allen Epochen und vor allem die Sammlung aus Amerika am bedeutendsten.\n\n<p>INFORMATIONEN VON INTERESSE<\/p>\n\n<p>Telefonnummer: 942 840 317<\/p>\n\t\t\t\t\t\t\t\t\t<\/div>\n\t\t\t\t\t\t\t\t\t<img decoding=\"async\" src=\"https:\/\/cdn.pilgrim.es\/web\/caminos\/camino-norte\/pueblos\/santillana-del-mar\/puntos-de-interes\/museo-diocesano-regional.jpg\" alt=\"Museo Diocesano Regional\">\n\t\t\t\t\t\t\t\t<\/div>\n\t\t\t\t\t\t\t<\/div>\n\t\t\t\t\t\t\n\t\t\t\t\t\t\t<div class=\"accordion__accordion-content inactive\">\n\t\t\t\t\t\t\t\t<div>\n\t\t\t\t\t\t\t\t\t<div>\n\t\t\t\t\t\t\t\t\t\t<h4>Ayuntamiento<\/h4>\n\t\t\t\t\t\t\t\t\t\t<p>Das Rathaus wurde zu Beginn des 18. Jahrhunderts aus gelbem Quadermauerwerk erbaut und in der Folgezeit mehrfach renoviert, vor allem im Jahr 1883, dem Jahr, in dem der Umbau des Geb\u00e4udes zum Rathaus begann. Aus dieser Zeit stammt auch das Stadtwappen, das mit L\u00f6wen und Meerjungfrauen verziert ist.7<\/p>&gt;\n\n<p>INFORMATIONEN VON INTERESSE<\/p>\n\n<p>Telefon: 942 818 075<\/p>\n\t\t\t\t\t\t\t\t\t<\/div>\n\t\t\t\t\t\t\t\t\t<img decoding=\"async\" src=\"https:\/\/cdn.pilgrim.es\/web\/caminos\/camino-norte\/pueblos\/santillana-del-mar\/puntos-de-interes\/ayuntamiento.jpg\" alt=\"Ayuntamiento\">\n\t\t\t\t\t\t\t\t<\/div>\n\t\t\t\t\t\t\t<\/div>\n\t\t\t\t\t\t\n\t\t\t\t\t\t\t<div class=\"accordion__accordion-content inactive\">\n\t\t\t\t\t\t\t\t<div>\n\t\t\t\t\t\t\t\t\t<div>\n\t\t\t\t\t\t\t\t\t\t<h4>Museo de la Tortura<\/h4>\n\t\t\t\t\t\t\t\t\t\t<p>Das Foltermuseum El Solar bietet eine Ausstellung mit mehr als 50 Strafinstrumenten, die von der Heiligen Inquisition verwendet wurden und die nach ihrem Verwendungszweck klassifiziert sind: &#8222;Zur Bestrafung und \u00f6ffentlichen Dem\u00fctigung&#8220;, &#8222;Instrumente, deren Zweck die Hinrichtung war&#8220; und &#8222;Ger\u00e4te, die speziell zur Folterung von Frauen geschaffen wurden&#8220;.<\/p> <p>Das Foltermuseum El Solar bietet eine Ausstellung mit mehr als 50 Strafinstrumenten, die von der Heiligen Inquisition verwendet wurden und die nach ihrem Verwendungszweck klassifiziert sind: &#8222;Zur Bestrafung und \u00f6ffentlichen Dem\u00fctigung&#8220;, &#8222;Instrumente, deren Zweck die Hinrichtung war&#8220; und &#8222;Ger\u00e4te, die speziell zur Folterung von Frauen geschaffen wurden&#8220;.\n\n<p>Auch lose Gegenst\u00e4nde wie die Guillotine, die eiserne Jungfrau, Colts, Keulen, Keuschheitsg\u00fcrtel usw. sind zu sehen. <\/p>\n\t\t\t\t\t\t\t\t\t<\/div>\n\t\t\t\t\t\t\t\t\t<img decoding=\"async\" src=\"https:\/\/cdn.pilgrim.es\/web\/caminos\/camino-norte\/pueblos\/santillana-del-mar\/puntos-de-interes\/museo-de-la-tortura.jpg\" alt=\"Museo de la Tortura\">\n\t\t\t\t\t\t\t\t<\/div>\n\t\t\t\t\t\t\t<\/div>\n\t\t\t\t\t\t\n\t\t\t\t\t\t\t<div class=\"accordion__accordion-content inactive\">\n\t\t\t\t\t\t\t\t<div>\n\t\t\t\t\t\t\t\t\t<div>\n\t\t\t\t\t\t\t\t\t\t<h4>Palacio de los Benemejis<\/h4>\n\t\t\t\t\t\t\t\t\t\t<p>Der Benemej\u00eds-Palast gilt als eines der elegantesten Geb\u00e4ude der Stadt. Er wurde im 17. Jahrhundert im Barockstil mit quadratischem Grundriss, einem Walmdach mit dekorativen Fialen an den Ecken und zwei Stockwerken errichtet. <\/p>\n\n<p>Das Highlight des Palastes ist die Hauptfassade mit dem Wappen der Familie Peredo und dem gro\u00dfen schmiedeeisernen Balkon direkt unter dem Wappen. <\/p>\n\n<p>Gegenw\u00e4rtig beherbergt der Palast von Benemej\u00eds das Kulturzentrum und beherbergt Ausstellungen. <\/p>\n\t\t\t\t\t\t\t\t\t<\/div>\n\t\t\t\t\t\t\t\t\t<img decoding=\"async\" src=\"https:\/\/cdn.pilgrim.es\/web\/caminos\/camino-norte\/pueblos\/santillana-del-mar\/puntos-de-interes\/palacio-de-los-benemejis.jpg\" alt=\"Palacio de los Benemejis\">\n\t\t\t\t\t\t\t\t<\/div>\n\t\t\t\t\t\t\t<\/div>\n\t\t\t\t\t\t\n\t\t\t\t\t\t\t<div class=\"accordion__accordion-content inactive\">\n\t\t\t\t\t\t\t\t<div>\n\t\t\t\t\t\t\t\t\t<div>\n\t\t\t\t\t\t\t\t\t\t<h4>Palacio de Mijares<\/h4>\n\t\t\t\t\t\t\t\t\t\t<p>Der Mijares-Palast wurde Mitte des 16. Jahrhunderts in Mijares als Hauptresidenz der Familie Peredo erbaut und 1995 zum Kulturgut erkl\u00e4rt.<\/p> <p>Der Mijares-Palast wurde Mitte des 16. Jahrhunderts in Mijares als Hauptresidenz der Familie Peredo erbaut.\n\nJh. in Mijares als Hauptwohnsitz der Familie Peredo erbaut. <p>Das Geb\u00e4ude wurde vollst\u00e4ndig in Quadermauerwerk in Form eines Turms errichtet, und es sind die Fialen und Wasserspeier an den Ecken sowie das prachtvolle Wappen der Familie Peredo an einem der Balkone erw\u00e4hnenswert.\n\n<p>Im Jahr 2007 begann die Renovierung des Palastes mit der Absicht, ihn in ein Hotel-Restaurant umzuwandeln. <\/p>\n\t\t\t\t\t\t\t\t\t<\/div>\n\t\t\t\t\t\t\t\t\t<img decoding=\"async\" src=\"https:\/\/cdn.pilgrim.es\/web\/caminos\/camino-norte\/pueblos\/santillana-del-mar\/puntos-de-interes\/palacio-de-mijares.jpg\" alt=\"Palacio de Mijares\">\n\t\t\t\t\t\t\t\t<\/div>\n\t\t\t\t\t\t\t<\/div>\n\t\t\t\t\t\t\n\t\t\t\t\t\t\t<div class=\"accordion__accordion-content inactive\">\n\t\t\t\t\t\t\t\t<div>\n\t\t\t\t\t\t\t\t\t<div>\n\t\t\t\t\t\t\t\t\t\t<h4>Palacio de Velarde<\/h4>\n\t\t\t\t\t\t\t\t\t\t<p>Der Palast von Velarde oder auch Palast von Las Arenas im gotischen Renaissance-Stil wurde im 15. Jahrhundert an der Plaza de las Arenas erbaut. Einige Jahrhunderte sp\u00e4ter, genauer gesagt im 17. Jahrhundert, wurde der Palast umfassend umgestaltet.\n\n<p>Die Fassade ist noch heute erhalten, mit dem Wappen der Familie Velarde, einem Stufengiebel und Fialen als Verzierung<\/p> <p>.\n\t\t\t\t\t\t\t\t\t<\/div>\n\t\t\t\t\t\t\t\t\t<img decoding=\"async\" src=\"https:\/\/cdn.pilgrim.es\/web\/caminos\/camino-norte\/pueblos\/santillana-del-mar\/puntos-de-interes\/palacio-de-velarde.jpg\" alt=\"Palacio de Velarde\">\n\t\t\t\t\t\t\t\t<\/div>\n\t\t\t\t\t\t\t<\/div>\n\t\t\t\t\t\t\n\t\t\t\t\t\t\t<div class=\"accordion__accordion-content inactive\">\n\t\t\t\t\t\t\t\t<div>\n\t\t\t\t\t\t\t\t\t<div>\n\t\t\t\t\t\t\t\t\t\t<h4>Palacio de Viveda<\/h4>\n\t\t\t\t\t\t\t\t\t\t<p>Der Palast von Viveda, der auch als Palast von Peredo bekannt ist, gilt als Bergpalast, da er im 17. Jahrhundert auf einem H\u00fcgel im Dorf Viveda errichtet wurde. Jahrhundert auf einem H\u00fcgel im Dorf Viveda erbaut wurde. <\/p> <p>Auch seine Fassaden weisen zahlreiche Elemente auf, die haupts\u00e4chlich im 18. Jahrhundert hinzugef\u00fcgt wurden.\n\n<p>Im Jahr 1982 wurde sie zum Kulturgut erkl\u00e4rt und im Jahr 2003 wurde sie von der Stadtverwaltung renoviert, um f\u00fcr verschiedene kulturelle Veranstaltungen in der Gemeinde genutzt zu werden.\n\t\t\t\t\t\t\t\t\t<\/div>\n\t\t\t\t\t\t\t\t\t<img decoding=\"async\" src=\"https:\/\/cdn.pilgrim.es\/web\/caminos\/camino-norte\/pueblos\/santillana-del-mar\/puntos-de-interes\/palacio-de-viveda.jpg\" alt=\"Palacio de Viveda\">\n\t\t\t\t\t\t\t\t<\/div>\n\t\t\t\t\t\t\t<\/div>\n\t\t\t\t\t\t\n\t\t\t\t\t\t\t<div class=\"accordion__accordion-content inactive\">\n\t\t\t\t\t\t\t\t<div>\n\t\t\t\t\t\t\t\t\t<div>\n\t\t\t\t\t\t\t\t\t\t<h4>Playa y Ermita de Santa Justa<\/h4>\n\t\t\t\t\t\t\t\t\t\t<p>Die Einsiedelei von Santa Justa befindet sich in der Ortschaft Ubiarco, in der Gemeinde Santillana del Mar. Sie ist als Kulturgut von lokalem Interesse eingestuft, da es sich um eine in einen Felsen gegrabene Konstruktion am Strand von Santa Justa handelt. <\/p>\n\n<p>Dieser kleine Tempel wurde im 16. Jahrhundert zur Verehrung von Santa Justa und Rufina errichtet. Heute sind noch zwei Steinmauern erhalten, die mit einem Pultdach bedeckt sind. <\/p>\n\n<p>Im Laufe der Jahre hat sich diese Einsiedelei zu einem der wichtigsten Anziehungspunkte f\u00fcr Pilger an der kantabrischen K\u00fcste entwickelt. <\/p>\n\t\t\t\t\t\t\t\t\t<\/div>\n\t\t\t\t\t\t\t\t\t<img decoding=\"async\" src=\"https:\/\/cdn.pilgrim.es\/web\/caminos\/camino-norte\/pueblos\/santillana-del-mar\/puntos-de-interes\/playa-y-ermita-de-santa-justa.jpg\" alt=\"Playa y Ermita de Santa Justa\">\n\t\t\t\t\t\t\t\t<\/div>\n\t\t\t\t\t\t\t<\/div>\n\t\t\t\t\t\t\n\t\t\t\t\t\t\t<div class=\"accordion__accordion-content inactive\">\n\t\t\t\t\t\t\t\t<div>\n\t\t\t\t\t\t\t\t\t<div>\n\t\t\t\t\t\t\t\t\t\t<h4>Museo de Altamira<\/h4>\n\t\t\t\t\t\t\t\t\t\t<p>Das Nationale Museum und Forschungszentrum Altamira, auch bekannt als Altamira-Museum, wurde 1979 im Auftrag des Kulturministeriums mit dem Ziel gegr\u00fcndet, die Altamira-H\u00f6hle zu verwalten und zu erhalten. Der neue Sitz des Museums wurde jedoch erst im Juli 2001 in einem von Juan Navarro Baldeweg entworfenen Geb\u00e4ude in unmittelbarer N\u00e4he der H\u00f6hle eingerichtet. <\/p>\n\n<p>Neben der Altamira-H\u00f6hle beherbergt das Museum Sammlungen aus anderen kantabrischen St\u00e4tten wie der Cueva de las Estalactitas, der Cueva del Castillo und der Cueva de las Monedas, um nur einige zu nennen. <\/p>\n\n<p>Das Highlight des Museums ist die Neoh\u00f6hle, die eine dreidimensionale Darstellung der H\u00f6hle von Altamira darstellt, wie sie vor 35.000 bis 13.000 Jahren von verschiedenen Gruppen von J\u00e4gern und Sammlern bewohnt wurde. Auf ihrem Weg kann der Besucher den Lebensraum der Bewohner und die Sch\u00f6nheit der H\u00f6hlenkunst entdecken. <\/p>\n\t\t\t\t\t\t\t\t\t<\/div>\n\t\t\t\t\t\t\t\t\t<img decoding=\"async\" src=\"https:\/\/cdn.pilgrim.es\/web\/caminos\/camino-norte\/pueblos\/santillana-del-mar\/puntos-de-interes\/museo-de-altamira.jpg\" alt=\"Museo de Altamira\">\n\t\t\t\t\t\t\t\t<\/div>\n\t\t\t\t\t\t\t<\/div>\n\t\t\t\t\t\t\n\t\t\t\t\t\t\t<div class=\"accordion__accordion-content inactive\">\n\t\t\t\t\t\t\t\t<div>\n\t\t\t\t\t\t\t\t\t<div>\n\t\t\t\t\t\t\t\t\t\t<h4>Casa de los Sanchez Tagle<\/h4>\n\t\t\t\t\t\t\t\t\t\t<p>Das Haus der Familie S\u00e1nchez Tagle ist ein Geb\u00e4ude aus dem 17. Jahrhundert, das von drei wichtigen Pers\u00f6nlichkeiten der Geschichte Santillanas entworfen wurde: Don Andr\u00e9s (Bruder des ersten Marquis von Altamira), Don Anselmo und Don Pedro. Im Obergeschoss befindet sich eine Reihe von Balkonen \u00fcber dem grandiosen Wappen des Geschlechts. Im Inneren des Geb\u00e4udes befinden sich heute ein ausgezeichnetes Archiv und eine Kunstsammlung.\n\n<p>INFORMATIONEN VON INTERESSE<\/p>\n\n<p>Telefon: 942 818 812<\/p>\n\t\t\t\t\t\t\t\t\t<\/div>\n\t\t\t\t\t\t\t\t\t<img decoding=\"async\" src=\"https:\/\/cdn.pilgrim.es\/web\/caminos\/camino-norte\/pueblos\/santillana-del-mar\/puntos-de-interes\/casa-de-los-sanchez-tagle.jpg\" alt=\"Casa de los Sanchez Tagle\">\n\t\t\t\t\t\t\t\t<\/div>\n\t\t\t\t\t\t\t<\/div>\n\t\t\t\t\t\t\n\t\t\t\t\t\t\t<div class=\"accordion__accordion-content inactive\">\n\t\t\t\t\t\t\t\t<div>\n\t\t\t\t\t\t\t\t\t<div>\n\t\t\t\t\t\t\t\t\t\t<h4>Puerto de Caldero\u0301n<\/h4>\n\t\t\t\t\t\t\t\t\t\t<p>Der Hafen von Calder\u00f3n ist eine Bucht am Kantabrischen Meer mit romanischem Ursprung, wie auch die Anlegestellen, die bei Ebbe zu sehen sind. Dieser Hafen war von gro\u00dfer Bedeutung, da er der einzige Freihafen war, in dem Fisch und andere Waren ein- und ausgeschifft werden konnten. <\/p>\n\n<p>Erst diente er als Umschlagplatz f\u00fcr das hier abgebaute Zinkerz, heute wird er als Hafen f\u00fcr kleine Sport- und Fischerboote genutzt.<\/p> <p>Der Hafen wird auch als Hafen f\u00fcr kleine Fischerboote genutzt.\n\t\t\t\t\t\t\t\t\t<\/div>\n\t\t\t\t\t\t\t\t\t<img decoding=\"async\" src=\"https:\/\/cdn.pilgrim.es\/web\/caminos\/camino-norte\/pueblos\/santillana-del-mar\/puntos-de-interes\/puerto-de-calderon.jpg\" alt=\"Puerto de Caldero\u0301n\">\n\t\t\t\t\t\t\t\t<\/div>\n\t\t\t\t\t\t\t<\/div>\n\t\t\t\t\t\t\n\t\t\t\t\t\t\t<div class=\"accordion__accordion-content inactive\">\n\t\t\t\t\t\t\t\t<div>\n\t\t\t\t\t\t\t\t\t<div>\n\t\t\t\t\t\t\t\t\t\t<h4>Torre de Don Beltra\u0301n de la Cueva<\/h4>\n\t\t\t\t\t\t\t\t\t\t<p>Der Turm von Beltr\u00e1n de la Cueva ist unter verschiedenen Namen bekannt (obwohl dies der offizielle Name ist), wie La Beltraneja oder Torre de Quevada.  Er befindet sich in Quevada, in der Gemeinde Santillana del Mar, neben der Pfarrkirche von Quevada.\n\n<p>Er wurde im Auftrag von Don Beltr\u00e1n de la Cueva Ende des 15. oder Anfang des 16. Jahrhunderts zu Verteidigungszwecken errichtet. Jahrhunderts zu Verteidigungszwecken erbaut. Im Laufe der Zeit wurde der Turm in eine Privatresidenz umgewandelt, so dass er nicht mehr zu Verteidigungszwecken diente. Sp\u00e4ter, im 17. Jahrhundert, wurde ihm ein Berghaus hinzugef\u00fcgt, das noch heute zu bewundern ist, und schlie\u00dflich wurde der Komplex 1981 zum Kulturgut erkl\u00e4rt.\n\t\t\t\t\t\t\t\t\t<\/div>\n\t\t\t\t\t\t\t\t\t<img decoding=\"async\" src=\"https:\/\/cdn.pilgrim.es\/web\/caminos\/camino-norte\/pueblos\/santillana-del-mar\/puntos-de-interes\/torre-de-don-beltran-de-la-cueva.jpg\" alt=\"Torre de Don Beltra\u0301n de la Cueva\">\n\t\t\t\t\t\t\t\t<\/div>\n\t\t\t\t\t\t\t<\/div>\n\t\t\t\t\t\t\n\t\t\t\t\t\t\t<div class=\"accordion__accordion-content inactive\">\n\t\t\t\t\t\t\t\t<div>\n\t\t\t\t\t\t\t\t\t<div>\n\t\t\t\t\t\t\t\t\t\t<h4>Torre de Don Borja<\/h4>\n\t\t\t\t\t\t\t\t\t\t<p>Der Turm von Don Borja, der auch als Santillana-Stiftung bekannt ist, befindet sich an der Plaza de Ram\u00f3n Pelayo, ebenso wie der Torre del Merino. Sein Name stammt von Don Francisco de Borja Barreda, dem Sohn der Familie Barreda, der den Turm im 19. Jahrhundert errichten lie\u00df. <\/p>\n\n<p>Zu den sp\u00e4teren Besitzern geh\u00f6rte die Infantin Do\u00f1a Paz de Borb\u00f3n, und 1981 wurde er zum Sitz der Santillana-Stiftung umgebaut.\n\n<p>Im Hinblick auf den architektonischen Charakter des Geb\u00e4udes ist erw\u00e4hnenswert, dass sich an den Seiten der Br\u00fcstung ein Wappen der Familie Barreda befindet.\n\n<p>INFORMATIONEN VON INTERESSE<\/p> <p>Informationen von Interesse<\/p> <p>Das Geb\u00e4ude hat eine gro\u00dfe Anzahl von R\u00e4umen.\n\n<p>Telefonnummer: 942 818 075<\/p>\n\t\t\t\t\t\t\t\t\t<\/div>\n\t\t\t\t\t\t\t\t\t<img decoding=\"async\" src=\"https:\/\/cdn.pilgrim.es\/web\/caminos\/camino-norte\/pueblos\/santillana-del-mar\/puntos-de-interes\/torre-de-don-borja.jpg\" alt=\"Torre de Don Borja\">\n\t\t\t\t\t\t\t\t<\/div>\n\t\t\t\t\t\t\t<\/div>\n\t\t\t\t\t\t\n\t\t\t\t\t\t\t<div class=\"accordion__accordion-content inactive\">\n\t\t\t\t\t\t\t\t<div>\n\t\t\t\t\t\t\t\t\t<div>\n\t\t\t\t\t\t\t\t\t\t<h4>Torre del Merino<\/h4>\n\t\t\t\t\t\t\t\t\t\t<p>Der Merino-Turm befindet sich auf dem alten Marktplatz von Santillana del Mar, der heute als Plaza de Ram\u00f3n Pelayo bekannt ist. Der Turm stammt aus dem 14. Jahrhundert und ist unter dem Namen Merino bekannt, weil hier der Merino residierte, eine Person, die ein Beamter war und den K\u00f6nig repr\u00e4sentierte.\n\n<p>Das auff\u00e4lligste Merkmal des Bauwerks sind die Zinnen an der Spitze des Turms.<\/p> <p>Die Struktur des Turms ist auch als &#8222;Merino&#8220; bekannt.\n\t\t\t\t\t\t\t\t\t<\/div>\n\t\t\t\t\t\t\t\t\t<img decoding=\"async\" src=\"https:\/\/cdn.pilgrim.es\/web\/caminos\/camino-norte\/pueblos\/santillana-del-mar\/puntos-de-interes\/torre-del-merino.jpg\" alt=\"Torre del Merino\">\n\t\t\t\t\t\t\t\t<\/div>\n\t\t\t\t\t\t\t<\/div>\n\t\t\t\t\t\t\n\t\t\t\t\t\t\t<div class=\"accordion__accordion-content inactive\">\n\t\t\t\t\t\t\t\t<div>\n\t\t\t\t\t\t\t\t\t<div>\n\t\t\t\t\t\t\t\t\t\t<h4>Zoo<\/h4>\n\t\t\t\t\t\t\t\t\t\t<p>Der Zoo erstreckt sich \u00fcber 60.000 m2 ohne architektonische Barrieren, ist seit 37 Jahren in Betrieb und wurde von ADENA\/WWF als einer der vier besten Zoos in Spanien eingestuft. Er ist au\u00dferdem Gr\u00fcndungsmitglied der Iberischen Vereinigung der Zoos und Aquarien (AIZA) seit 1988 und Mitglied der Europ\u00e4ischen Vereinigung der Zoos und Aquarien (EAZA) seit 1997. <\/p>\n\n<p>Jedes Jahr werden dort verschiedene Zuchtprogramme f\u00fcr gef\u00e4hrdete Tierarten wie den Schneepanther, das Kaiser-Murmeltier, den Otter und den Europ\u00e4ischen Bison durchgef\u00fchrt. Seit 2003 beteiligt es sich an der Wiederherstellung der Flora und Fauna von Altamira aus der Quart\u00e4rzeit.\n\t\t\t\t\t\t\t\t\t<\/div>\n\t\t\t\t\t\t\t\t\t<img decoding=\"async\" src=\"https:\/\/cdn.pilgrim.es\/web\/caminos\/camino-norte\/pueblos\/santillana-del-mar\/puntos-de-interes\/zoo.jpg\" alt=\"Zoo\">\n\t\t\t\t\t\t\t\t<\/div>\n\t\t\t\t\t\t\t<\/div>\n\t\t\t\t\t\t\n\t\t\t\t\t\t\t<div class=\"accordion__accordion-content inactive\">\n\t\t\t\t\t\t\t\t<div>\n\t\t\t\t\t\t\t\t\t<div>\n\t\t\t\t\t\t\t\t\t\t<h4>Casa de los Bustamante<\/h4>\n\t\t\t\t\t\t\t\t\t\t<p>Die Casa de los Bustamante ist ein Haus, das zwischen dem 17. und 18. Jahrhundert von Francisco Ambrosio S\u00e1nchez de Bustamante erbaut wurde. Dieses Geb\u00e4ude wird von zwei Oculi und Balkonen an der Kanzel des Hauptgeschosses flankiert, einem Stockwerk, auf dem ein dritter Balkon von einem Gesims mit Ohrenklappen eingerahmt wird. An der Fassade ist das Wappen der Familie Bustamante zu sehen.\n\t\t\t\t\t\t\t\t\t<\/div>\n\t\t\t\t\t\t\t\t\t<img decoding=\"async\" src=\"https:\/\/cdn.pilgrim.es\/web\/caminos\/camino-norte\/pueblos\/santillana-del-mar\/puntos-de-interes\/casa-de-los-bustamante.jpg\" alt=\"Casa de los Bustamante\">\n\t\t\t\t\t\t\t\t<\/div>\n\t\t\t\t\t\t\t<\/div>\n\t\t\t\t\t\t\n\t\t\t\t\t<\/div>\n\t\t\t\t<\/div>\n\t\t\t<\/div>\n\t\t\n\n\t\t<div id=\"phonesSection\">\n\t\t\t<div>\n\t\t\t\t<h2 class=\"p-h3-town\">Informationen von Interesse<\/h2>\n\t\t\t<\/div>\n\t\t\t<div class=\"grid\">\n\t\t\t\t\n\t\t\t\t\t<div class=\"phone-number-item\">\n\t\t\t\t\t\t<div class=\"phone-number-item__icon\"><i class=\"icon-police\"><\/i><\/div>\n\t\t\t\t\t\t<div class=\"phone-number-item__title\">\n\t\t\t\t\t\t\t<h3 class=\"p-font-bold\">Ortspolizei<\/h3>\n\t\t\t\t\t\t\t<p>645 922 151<\/p>\n\t\t\t\t\t\t\t\n\t\t\t\t\t\t<\/div>\n\t\t\t\t\t<\/div>\n\t\t\t\t\n\t\t\t\t\t<div class=\"phone-number-item\">\n\t\t\t\t\t\t<div class=\"phone-number-item__icon\"><i class=\"icon-spanish-military-police\"><\/i><\/div>\n\t\t\t\t\t\t<div class=\"phone-number-item__title\">\n\t\t\t\t\t\t\t<h3 class=\"p-font-bold\">Zivilwache<\/h3>\n\t\t\t\t\t\t\t<p>942 818 010<\/p>\n\t\t\t\t\t\t\t\n\t\t\t\t\t\t<\/div>\n\t\t\t\t\t<\/div>\n\t\t\t\t\n\t\t\t\t\t<div class=\"phone-number-item\">\n\t\t\t\t\t\t<div class=\"phone-number-item__icon\"><i class=\"icon-firefighters\"><\/i><\/div>\n\t\t\t\t\t\t<div class=\"phone-number-item__title\">\n\t\t\t\t\t\t\t<h3 class=\"p-font-bold\">Feuerwehr<\/h3>\n\t\t\t\t\t\t\t<p>942 818 812<\/p>\n\t\t\t\t\t\t\t\n\t\t\t\t\t\t<\/div>\n\t\t\t\t\t<\/div>\n\t\t\t\t\n\t\t\t\t\t<div class=\"phone-number-item\">\n\t\t\t\t\t\t<div class=\"phone-number-item__icon\"><i class=\"icon-civil-protection\"><\/i><\/div>\n\t\t\t\t\t\t<div class=\"phone-number-item__title\">\n\t\t\t\t\t\t\t<h3 class=\"p-font-bold\">Zivilschutz<\/h3>\n\t\t\t\t\t\t\t<p>645 922 151<\/p>\n\t\t\t\t\t\t\t\n\t\t\t\t\t\t<\/div>\n\t\t\t\t\t<\/div>\n\t\t\t\t\n\t\t\t\t\t<div class=\"phone-number-item\">\n\t\t\t\t\t\t<div class=\"phone-number-item__icon\"><i class=\"icon-town-council\"><\/i><\/div>\n\t\t\t\t\t\t<div class=\"phone-number-item__title\">\n\t\t\t\t\t\t\t<h3 class=\"p-font-bold\">Rathaus<\/h3>\n\t\t\t\t\t\t\t<p>942 818 075<\/p>\n\t\t\t\t\t\t\t\n\t\t\t\t\t\t<\/div>\n\t\t\t\t\t<\/div>\n\t\t\t\t\n\t\t\t\t\t<div class=\"phone-number-item\">\n\t\t\t\t\t\t<div class=\"phone-number-item__icon\"><i class=\"icon-hospital\"><\/i><\/div>\n\t\t\t\t\t\t<div class=\"phone-number-item__title\">\n\t\t\t\t\t\t\t<h3 class=\"p-font-bold\">Gesundheitszentrum<\/h3>\n\t\t\t\t\t\t\t<p>942 818 276<\/p>\n\t\t\t\t\t\t\t\n\t\t\t\t\t\t<\/div>\n\t\t\t\t\t<\/div>\n\t\t\t\t\n\t\t\t\t\t<div class=\"phone-number-item\">\n\t\t\t\t\t\t<div class=\"phone-number-item__icon\"><i class=\"icon-tourism\"><\/i><\/div>\n\t\t\t\t\t\t<div class=\"phone-number-item__title\">\n\t\t\t\t\t\t\t<h3 class=\"p-font-bold\">Fremdenverkehrsamt<\/h3>\n\t\t\t\t\t\t\t<p>942 818 812<\/p>\n\t\t\t\t\t\t\t\n\t\t\t\t\t\t\t\t<p>Jes\u00fas Otero, 20<\/p>\n\t\t\t\t\t\t\t\n\t\t\t\t\t\t<\/div>\n\t\t\t\t\t<\/div>\n\t\t\t\t\n\t\t\t<\/div>\n\t\t<\/div>\n\n\t\t<div id=\"clientForm\">\n        <section>\n        <img decoding=\"async\" src=\"https:\/\/cdn.pilgrim.es\/web\/home\/email-contacto.png\" alt=\"contacto\">\n        <div>\n            <p>Wir senden dir deine Planung<\/p>\n            <p>Gib uns deine Daten an und erhalte die Planung deiner Reise per E-Mail <\/p>\n            <form method=\"post\" data-url=\"\/wp-admin\/admin-ajax.php\" id=\"planner--client\" class=\"flag-right form-client\">\n    <div class=\"form-data\">\n        <input name=\"form_id\" type=\"hidden\" value=\"Formulario Leads\">\n        <input name=\"type\" type=\"hidden\" value=\"planner_client\">\n        <input type=\"text\" name=\"nombre\" value=\"\" size=\"40\" class=\"form-control\" aria-required=\"true\" aria-invalid=\"false\" placeholder=\"Name\">\n        <input type=\"email\" name=\"email\" value=\"\" size=\"40\" class=\"form-control\" aria-required=\"true\" aria-invalid=\"false\" placeholder=\"E- Mail\">\n        <input type=\"text\" id=\"phone-input\" name=\"tel\" value=\"\" size=\"40\" class=\"phone-input form-control\" aria-required=\"true\" aria-invalid=\"false\" placeholder=\"Telefon\">\n        <input type=\"hidden\" name=\"telefono\">\n    <\/div>\n    <div class=\"form-checkbox\">\n        <span>\n            Pilgrim Travel, S.L. teilt gem\u00e4\u00df Regulierung 2016\/679 mit, dass die in diesem Formular verwendeten Daten sowohl f\u00fcr die Beantwortung der m\u00f6glichen Anfragen als auch f\u00fcr die Ver\u00f6ffentlichung der Kommentare verwendet werden, mit der Zustimmung des Nutzers. Sie k\u00f6nnen Ihre Rechte in \u00dcbereinstimmung mit unserer Datenschutzbestimmungen aus\u00fcben             <a href=\"https:\/\/www.pilgrim.es\/politica-de-privacidad\/\" target=\"_blank\" rel=\"noopener noreferrer nofollow\">Datenschutzerkl\u00e4rung.<\/a>\n        <\/span>\n    <\/div>\n\n    <div class=\"form-submit\">\n        <button id=\"planner--client-create\" type=\"submit\">Anfrage senden<\/button>\n        <div class=\"loadingDiv\"><i class=\"p-spinner\"><\/i><\/div>\n    <\/div>\n\n    <div class=\"contact-content-form-success\">\n        <p><i class=\"fas fa-check\"><\/i> Das Formular hat sich erfolgreich gesendet.<\/p>\n    <\/div>\n\n    <div class=\"contact-content-form-error\">\n        <span class=\"input-error\"><\/span>\n    <\/div>\n<\/form>        <\/div>\n    <\/section>\n<\/div>\n\n\t\t<div id=\"recomendationSection\">\n\t\t\t<div>\n\t\t\t\t<h2 class=\"p-h2-town\">Empfohlen<\/h2>\n\t\t\t\t<hr>\n\t\t\t\t<h3 class=\"p-h3-town\">Gastronomie<\/h3>\n\t\t\t<\/div>\n\t\t\tDie Gastronomie von Santillana del Mar ist ganz von der Gastronomie der Provinz gepr\u00e4gt, au\u00dferdem dreht sich alles um den Tourismus, so dass viele Traditionen verloren gegangen sind.\n\nWas noch sehr traditionell ist, ist ein Biskuitkuchen, bekannt als Pastel de Leche oder Tableta de Chocolate, der einfach mit Eiern, Mehl, Zucker und Zitrone zubereitet wird.\n\nWeitere herausragende Produkte sind Milchprodukte, K\u00e4se, Quesadas und Sobaos.\n\t\t<\/div>\n\n\n\t\t\n\t\t\t<div id=\"holidaysSection\">\n\t\t\t\t<div>\n\t\t\t\t\t<h2 class=\"p-h2-town\">Empfohlen<\/h2>\n\t\t\t\t\t<hr>\n\t\t\t\t\t<h3 class=\"p-h3-town\">Feste und Pilgerfahrten<\/h3>\n\t\t\t\t<\/div>\n\t\t\t\t<div class=\"grid holidays-grid\">\n\t\t\t\t\t\n\t\t\t\t\t\t<div>\n\t\t\t\t\t\t\t<div class=\"phone-number-item\">\n\t\t\t\t\t\t\t\t<div class=\"phone-number-item__icon\"><i class=\"icon-holiday\"><\/i><\/div>\n\t\t\t\t\t\t\t\t<div class=\"phone-number-item__title dark-text\">\n\t\t\t\t\t\t\t\t\t<p class=\"p-font-bold\">Lokaler Urlaub<\/p>\n\t\t\t\t\t\t\t\t\t<p>15 y 16 de agosto: San Roque<\/p>\n\t\t\t\t\t\t\t\t<\/div>\n\t\t\t\t\t\t\t<\/div>\n\t\t\t\t\t\t<\/div>\n\t\t\t\t\t\n\t\t\t\t\t\t<div>\n\t\t\t\t\t\t\t<div class=\"phone-number-item\">\n\t\t\t\t\t\t\t\t<div class=\"phone-number-item__icon\"><i class=\"icon-holiday\"><\/i><\/div>\n\t\t\t\t\t\t\t\t<div class=\"phone-number-item__title dark-text\">\n\t\t\t\t\t\t\t\t\t<p class=\"p-font-bold\">Lokaler Urlaub<\/p>\n\t\t\t\t\t\t\t\t\t<p>28 de junio: Fiesta de Santa Juliana<\/p>\n\t\t\t\t\t\t\t\t<\/div>\n\t\t\t\t\t\t\t<\/div>\n\t\t\t\t\t\t<\/div>\n\t\t\t\t\t\n\t\t\t\t\t\t<div>\n\t\t\t\t\t\t\t<div class=\"phone-number-item\">\n\t\t\t\t\t\t\t\t<div class=\"phone-number-item__icon\"><i class=\"icon-holiday\"><\/i><\/div>\n\t\t\t\t\t\t\t\t<div class=\"phone-number-item__title dark-text\">\n\t\t\t\t\t\t\t\t\t<p class=\"p-font-bold\">Lokaler Urlaub<\/p>\n\t\t\t\t\t\t\t\t\t<p>Julio y agosto: Santillana al Aire<\/p>\n\t\t\t\t\t\t\t\t<\/div>\n\t\t\t\t\t\t\t<\/div>\n\t\t\t\t\t\t<\/div>\n\t\t\t\t\t\n\t\t\t\t\t\t<div>\n\t\t\t\t\t\t\t<div class=\"phone-number-item\">\n\t\t\t\t\t\t\t\t<div class=\"phone-number-item__icon\"><i class=\"icon-holiday\"><\/i><\/div>\n\t\t\t\t\t\t\t\t<div class=\"phone-number-item__title dark-text\">\n\t\t\t\t\t\t\t\t\t<p class=\"p-font-bold\">Lokaler Urlaub<\/p>\n\t\t\t\t\t\t\t\t\t<p>Junio: Festival de Capa y Espada<\/p>\n\t\t\t\t\t\t\t\t<\/div>\n\t\t\t\t\t\t\t<\/div>\n\t\t\t\t\t\t<\/div>\n\t\t\t\t\t\n\t\t\t\t\t\t<div>\n\t\t\t\t\t\t\t<div class=\"phone-number-item\">\n\t\t\t\t\t\t\t\t<div class=\"phone-number-item__icon\"><i class=\"icon-holiday\"><\/i><\/div>\n\t\t\t\t\t\t\t\t<div class=\"phone-number-item__title dark-text\">\n\t\t\t\t\t\t\t\t\t<p class=\"p-font-bold\">Lokaler Urlaub<\/p>\n\t\t\t\t\t\t\t\t\t<p>A finales de mayo: Festival internacional de T\u00edteres<\/p>\n\t\t\t\t\t\t\t\t<\/div>\n\t\t\t\t\t\t\t<\/div>\n\t\t\t\t\t\t<\/div>\n\t\t\t\t\t\n\t\t\t\t\t\t<div>\n\t\t\t\t\t\t\t<div class=\"phone-number-item\">\n\t\t\t\t\t\t\t\t<div class=\"phone-number-item__icon\"><i class=\"icon-holiday\"><\/i><\/div>\n\t\t\t\t\t\t\t\t<div class=\"phone-number-item__title dark-text\">\n\t\t\t\t\t\t\t\t\t<p class=\"p-font-bold\">Lokaler Urlaub<\/p>\n\t\t\t\t\t\t\t\t\t<p>5 de enero: Auto sacramental de los reyes magos<\/p>\n\t\t\t\t\t\t\t\t<\/div>\n\t\t\t\t\t\t\t<\/div>\n\t\t\t\t\t\t<\/div>\n\t\t\t\t\t\n\t\t\t\t<\/div>\n\t\t\t<\/div>\n\t\t\n\t<\/div>\n<\/section>\n\n<div id=\"stage_list_section\"><div class=\"stage-list\">\n    <div class='stage-list__map-card'>\n        <div class='stage-list__map-card__map'>\n            <div class='stage-list__map-card__map__text'>\n                <h2> Pages <\/h2>\n                <p> Zu Fu\u00df<\/p>\n                <p> 0etappen<\/p>\n            <\/div>\n            <div class='stage-list__map-card__map__img'>\n                <img decoding=\"async\" src=\"\" alt=\" mapa \" \/>\n            <\/div>\n        <\/div>\n    <\/div>\n\n    <\/div>\n<\/div> ","protected":false},"excerpt":{"rendered":"<p>Santillana del Mar &#8249; Zur\u00fcck zur B\u00fchne Santillana del Mar Einwohner: 4.203 aprox. Bundesland: Cantabria Informationen Get to know Santillana del Mar Die Stadt Santillana del Mar ist im Volksmund als die Stadt der drei L\u00fcgen bekannt, sie ist nicht heilig, sie ist nicht flach und sie hat auch kein Meer. Sie gilt als die &hellip; <\/p>\n<p class=\"read_more\"><a href=\"https:\/\/www.pilgrim.es\/de\/weg-im-norden\/santillana-del-mar\/\">Leer m\u00e1s<\/a><\/p>\n","protected":false},"author":0,"featured_media":8474,"parent":10670,"menu_order":0,"comment_status":"closed","ping_status":"closed","template":"views\/template-new-web-design.blade.php","meta":{"footnotes":""},"categories":[],"tags":[],"class_list":["post-91278","page","type-page","status-publish","has-post-thumbnail","hentry"],"yoast_head":"<!-- This site is optimized with the Yoast SEO plugin v27.4 - https:\/\/yoast.com\/product\/yoast-seo-wordpress\/ -->\n<title>Santillana del Mar: Was sehen und wo \u00fcbernachten | Jakobsweg | Pilgrim<\/title>\n<meta name=\"description\" content=\"Santillana del Mar Entdecken Sie alle Informationen \u00fcber Unterk\u00fcnfte, Anreise, Gastronomie und die wichtigsten Sehensw\u00fcrdigkeiten der Orte am K\u00fcstenweg\" \/>\n<meta name=\"robots\" content=\"index, follow, max-snippet:-1, max-image-preview:large, max-video-preview:-1\" \/>\n<link rel=\"canonical\" href=\"https:\/\/www.pilgrim.es\/de\/weg-im-norden\/santillana-del-mar\/\" \/>\n<meta property=\"og:locale\" content=\"de_DE\" \/>\n<meta property=\"og:type\" content=\"article\" \/>\n<meta property=\"og:title\" content=\"Santillana del Mar: Was sehen und wo \u00fcbernachten | Jakobsweg | Pilgrim\" \/>\n<meta property=\"og:description\" content=\"Santillana del Mar Entdecken Sie alle Informationen \u00fcber Unterk\u00fcnfte, Anreise, Gastronomie und die wichtigsten Sehensw\u00fcrdigkeiten der Orte am K\u00fcstenweg\" \/>\n<meta property=\"og:url\" content=\"https:\/\/www.pilgrim.es\/de\/weg-im-norden\/santillana-del-mar\/\" \/>\n<meta property=\"og:site_name\" content=\"Pilgrim\" \/>\n<meta property=\"article:publisher\" content=\"https:\/\/www.facebook.com\/pilgrim.es\/\" \/>\n<meta property=\"og:image\" content=\"https:\/\/www.pilgrim.es\/wp-content\/uploads\/2019\/02\/santillana1.jpg\" \/>\n\t<meta property=\"og:image:width\" content=\"685\" \/>\n\t<meta property=\"og:image:height\" content=\"457\" \/>\n\t<meta property=\"og:image:type\" content=\"image\/jpeg\" \/>\n<meta name=\"twitter:card\" content=\"summary_large_image\" \/>\n<meta name=\"twitter:site\" content=\"@pilgrim_es\" \/>\n<meta name=\"twitter:label1\" content=\"Gesch\u00e4tzte Lesezeit\" \/>\n\t<meta name=\"twitter:data1\" content=\"15\u00a0Minuten\" \/>\n<script type=\"application\/ld+json\" class=\"yoast-schema-graph\">{\"@context\":\"https:\\\/\\\/schema.org\",\"@graph\":[{\"@type\":\"WebPage\",\"@id\":\"https:\\\/\\\/www.pilgrim.es\\\/de\\\/weg-im-norden\\\/santillana-del-mar\\\/\",\"url\":\"https:\\\/\\\/www.pilgrim.es\\\/de\\\/weg-im-norden\\\/santillana-del-mar\\\/\",\"name\":\"Santillana del Mar: Was sehen und wo \u00fcbernachten | Jakobsweg | Pilgrim\",\"isPartOf\":{\"@id\":\"https:\\\/\\\/www.pilgrim.es\\\/de\\\/#website\"},\"primaryImageOfPage\":{\"@id\":\"https:\\\/\\\/www.pilgrim.es\\\/de\\\/weg-im-norden\\\/santillana-del-mar\\\/#primaryimage\"},\"image\":{\"@id\":\"https:\\\/\\\/www.pilgrim.es\\\/de\\\/weg-im-norden\\\/santillana-del-mar\\\/#primaryimage\"},\"thumbnailUrl\":\"https:\\\/\\\/www.pilgrim.es\\\/wp-content\\\/uploads\\\/2019\\\/02\\\/santillana1.jpg\",\"datePublished\":\"2025-03-17T14:48:00+00:00\",\"description\":\"Santillana del Mar Entdecken Sie alle Informationen \u00fcber Unterk\u00fcnfte, Anreise, Gastronomie und die wichtigsten Sehensw\u00fcrdigkeiten der Orte am K\u00fcstenweg\",\"breadcrumb\":{\"@id\":\"https:\\\/\\\/www.pilgrim.es\\\/de\\\/weg-im-norden\\\/santillana-del-mar\\\/#breadcrumb\"},\"inLanguage\":\"de\",\"potentialAction\":[{\"@type\":\"ReadAction\",\"target\":[\"https:\\\/\\\/www.pilgrim.es\\\/de\\\/weg-im-norden\\\/santillana-del-mar\\\/\"]}]},{\"@type\":\"ImageObject\",\"inLanguage\":\"de\",\"@id\":\"https:\\\/\\\/www.pilgrim.es\\\/de\\\/weg-im-norden\\\/santillana-del-mar\\\/#primaryimage\",\"url\":\"https:\\\/\\\/www.pilgrim.es\\\/wp-content\\\/uploads\\\/2019\\\/02\\\/santillana1.jpg\",\"contentUrl\":\"https:\\\/\\\/www.pilgrim.es\\\/wp-content\\\/uploads\\\/2019\\\/02\\\/santillana1.jpg\",\"width\":685,\"height\":457,\"caption\":\"Santillana del Mar\"},{\"@type\":\"BreadcrumbList\",\"@id\":\"https:\\\/\\\/www.pilgrim.es\\\/de\\\/weg-im-norden\\\/santillana-del-mar\\\/#breadcrumb\",\"itemListElement\":[{\"@type\":\"ListItem\",\"position\":1,\"name\":\"Camino de Santiago\",\"item\":\"https:\\\/\\\/www.pilgrim.es\\\/de\\\/\"},{\"@type\":\"ListItem\",\"position\":2,\"name\":\"Weg im Norden\",\"item\":\"https:\\\/\\\/www.pilgrim.es\\\/de\\\/weg-im-norden\\\/\"},{\"@type\":\"ListItem\",\"position\":3,\"name\":\"Santillana del Mar\"}]},{\"@type\":\"WebSite\",\"@id\":\"https:\\\/\\\/www.pilgrim.es\\\/de\\\/#website\",\"url\":\"https:\\\/\\\/www.pilgrim.es\\\/de\\\/\",\"name\":\"Pilgrim\",\"description\":\"Camino de Santiago | Caminamos Contigo\",\"publisher\":{\"@id\":\"https:\\\/\\\/www.pilgrim.es\\\/de\\\/#organization\"},\"potentialAction\":[{\"@type\":\"SearchAction\",\"target\":{\"@type\":\"EntryPoint\",\"urlTemplate\":\"https:\\\/\\\/www.pilgrim.es\\\/de\\\/?s={search_term_string}\"},\"query-input\":{\"@type\":\"PropertyValueSpecification\",\"valueRequired\":true,\"valueName\":\"search_term_string\"}}],\"inLanguage\":\"de\"},{\"@type\":\"Organization\",\"@id\":\"https:\\\/\\\/www.pilgrim.es\\\/de\\\/#organization\",\"name\":\"Pilgrim Camino de Santiago\",\"url\":\"https:\\\/\\\/www.pilgrim.es\\\/de\\\/\",\"logo\":{\"@type\":\"ImageObject\",\"inLanguage\":\"de\",\"@id\":\"https:\\\/\\\/www.pilgrim.es\\\/de\\\/#\\\/schema\\\/logo\\\/image\\\/\",\"url\":\"https:\\\/\\\/www.pilgrim.es\\\/wp-content\\\/uploads\\\/2019\\\/04\\\/logo_pilgrim.png\",\"contentUrl\":\"https:\\\/\\\/www.pilgrim.es\\\/wp-content\\\/uploads\\\/2019\\\/04\\\/logo_pilgrim.png\",\"width\":512,\"height\":512,\"caption\":\"Pilgrim Camino de Santiago\"},\"image\":{\"@id\":\"https:\\\/\\\/www.pilgrim.es\\\/de\\\/#\\\/schema\\\/logo\\\/image\\\/\"},\"sameAs\":[\"https:\\\/\\\/www.facebook.com\\\/pilgrim.es\\\/\",\"https:\\\/\\\/x.com\\\/pilgrim_es\",\"https:\\\/\\\/www.instagram.com\\\/pilgrim.es\\\/\",\"https:\\\/\\\/www.linkedin.com\\\/company\\\/pilgrim-camino-de-santiago\\\/\",\"https:\\\/\\\/www.pinterest.es\\\/pilgrimcaminodesantiago\\\/\",\"https:\\\/\\\/www.youtube.com\\\/channel\\\/UCIv2ZzFLXVqthkNF32rKedw\\\/featured\"]}]}<\/script>\n<!-- \/ Yoast SEO plugin. -->","yoast_head_json":{"title":"Santillana del Mar: Was sehen und wo \u00fcbernachten | Jakobsweg | Pilgrim","description":"Santillana del Mar Entdecken Sie alle Informationen \u00fcber Unterk\u00fcnfte, Anreise, Gastronomie und die wichtigsten Sehensw\u00fcrdigkeiten der Orte am K\u00fcstenweg","robots":{"index":"index","follow":"follow","max-snippet":"max-snippet:-1","max-image-preview":"max-image-preview:large","max-video-preview":"max-video-preview:-1"},"canonical":"https:\/\/www.pilgrim.es\/de\/weg-im-norden\/santillana-del-mar\/","og_locale":"de_DE","og_type":"article","og_title":"Santillana del Mar: Was sehen und wo \u00fcbernachten | Jakobsweg | Pilgrim","og_description":"Santillana del Mar Entdecken Sie alle Informationen \u00fcber Unterk\u00fcnfte, Anreise, Gastronomie und die wichtigsten Sehensw\u00fcrdigkeiten der Orte am K\u00fcstenweg","og_url":"https:\/\/www.pilgrim.es\/de\/weg-im-norden\/santillana-del-mar\/","og_site_name":"Pilgrim","article_publisher":"https:\/\/www.facebook.com\/pilgrim.es\/","og_image":[{"width":685,"height":457,"url":"https:\/\/www.pilgrim.es\/wp-content\/uploads\/2019\/02\/santillana1.jpg","type":"image\/jpeg"}],"twitter_card":"summary_large_image","twitter_site":"@pilgrim_es","twitter_misc":{"Gesch\u00e4tzte Lesezeit":"15\u00a0Minuten"},"schema":{"@context":"https:\/\/schema.org","@graph":[{"@type":"WebPage","@id":"https:\/\/www.pilgrim.es\/de\/weg-im-norden\/santillana-del-mar\/","url":"https:\/\/www.pilgrim.es\/de\/weg-im-norden\/santillana-del-mar\/","name":"Santillana del Mar: Was sehen und wo \u00fcbernachten | Jakobsweg | Pilgrim","isPartOf":{"@id":"https:\/\/www.pilgrim.es\/de\/#website"},"primaryImageOfPage":{"@id":"https:\/\/www.pilgrim.es\/de\/weg-im-norden\/santillana-del-mar\/#primaryimage"},"image":{"@id":"https:\/\/www.pilgrim.es\/de\/weg-im-norden\/santillana-del-mar\/#primaryimage"},"thumbnailUrl":"https:\/\/www.pilgrim.es\/wp-content\/uploads\/2019\/02\/santillana1.jpg","datePublished":"2025-03-17T14:48:00+00:00","description":"Santillana del Mar Entdecken Sie alle Informationen \u00fcber Unterk\u00fcnfte, Anreise, Gastronomie und die wichtigsten Sehensw\u00fcrdigkeiten der Orte am K\u00fcstenweg","breadcrumb":{"@id":"https:\/\/www.pilgrim.es\/de\/weg-im-norden\/santillana-del-mar\/#breadcrumb"},"inLanguage":"de","potentialAction":[{"@type":"ReadAction","target":["https:\/\/www.pilgrim.es\/de\/weg-im-norden\/santillana-del-mar\/"]}]},{"@type":"ImageObject","inLanguage":"de","@id":"https:\/\/www.pilgrim.es\/de\/weg-im-norden\/santillana-del-mar\/#primaryimage","url":"https:\/\/www.pilgrim.es\/wp-content\/uploads\/2019\/02\/santillana1.jpg","contentUrl":"https:\/\/www.pilgrim.es\/wp-content\/uploads\/2019\/02\/santillana1.jpg","width":685,"height":457,"caption":"Santillana del Mar"},{"@type":"BreadcrumbList","@id":"https:\/\/www.pilgrim.es\/de\/weg-im-norden\/santillana-del-mar\/#breadcrumb","itemListElement":[{"@type":"ListItem","position":1,"name":"Camino de Santiago","item":"https:\/\/www.pilgrim.es\/de\/"},{"@type":"ListItem","position":2,"name":"Weg im Norden","item":"https:\/\/www.pilgrim.es\/de\/weg-im-norden\/"},{"@type":"ListItem","position":3,"name":"Santillana del Mar"}]},{"@type":"WebSite","@id":"https:\/\/www.pilgrim.es\/de\/#website","url":"https:\/\/www.pilgrim.es\/de\/","name":"Pilgrim","description":"Camino de Santiago | Caminamos Contigo","publisher":{"@id":"https:\/\/www.pilgrim.es\/de\/#organization"},"potentialAction":[{"@type":"SearchAction","target":{"@type":"EntryPoint","urlTemplate":"https:\/\/www.pilgrim.es\/de\/?s={search_term_string}"},"query-input":{"@type":"PropertyValueSpecification","valueRequired":true,"valueName":"search_term_string"}}],"inLanguage":"de"},{"@type":"Organization","@id":"https:\/\/www.pilgrim.es\/de\/#organization","name":"Pilgrim Camino de Santiago","url":"https:\/\/www.pilgrim.es\/de\/","logo":{"@type":"ImageObject","inLanguage":"de","@id":"https:\/\/www.pilgrim.es\/de\/#\/schema\/logo\/image\/","url":"https:\/\/www.pilgrim.es\/wp-content\/uploads\/2019\/04\/logo_pilgrim.png","contentUrl":"https:\/\/www.pilgrim.es\/wp-content\/uploads\/2019\/04\/logo_pilgrim.png","width":512,"height":512,"caption":"Pilgrim Camino de Santiago"},"image":{"@id":"https:\/\/www.pilgrim.es\/de\/#\/schema\/logo\/image\/"},"sameAs":["https:\/\/www.facebook.com\/pilgrim.es\/","https:\/\/x.com\/pilgrim_es","https:\/\/www.instagram.com\/pilgrim.es\/","https:\/\/www.linkedin.com\/company\/pilgrim-camino-de-santiago\/","https:\/\/www.pinterest.es\/pilgrimcaminodesantiago\/","https:\/\/www.youtube.com\/channel\/UCIv2ZzFLXVqthkNF32rKedw\/featured"]}]}},"_links":{"self":[{"href":"https:\/\/www.pilgrim.es\/de\/wp-json\/wp\/v2\/pages\/91278","targetHints":{"allow":["GET"]}}],"collection":[{"href":"https:\/\/www.pilgrim.es\/de\/wp-json\/wp\/v2\/pages"}],"about":[{"href":"https:\/\/www.pilgrim.es\/de\/wp-json\/wp\/v2\/types\/page"}],"replies":[{"embeddable":true,"href":"https:\/\/www.pilgrim.es\/de\/wp-json\/wp\/v2\/comments?post=91278"}],"version-history":[{"count":0,"href":"https:\/\/www.pilgrim.es\/de\/wp-json\/wp\/v2\/pages\/91278\/revisions"}],"up":[{"embeddable":true,"href":"https:\/\/www.pilgrim.es\/de\/wp-json\/wp\/v2\/pages\/10670"}],"wp:featuredmedia":[{"embeddable":true,"href":"https:\/\/www.pilgrim.es\/de\/wp-json\/wp\/v2\/media\/8474"}],"wp:attachment":[{"href":"https:\/\/www.pilgrim.es\/de\/wp-json\/wp\/v2\/media?parent=91278"}],"wp:term":[{"taxonomy":"category","embeddable":true,"href":"https:\/\/www.pilgrim.es\/de\/wp-json\/wp\/v2\/categories?post=91278"},{"taxonomy":"post_tag","embeddable":true,"href":"https:\/\/www.pilgrim.es\/de\/wp-json\/wp\/v2\/tags?post=91278"}],"curies":[{"name":"wp","href":"https:\/\/api.w.org\/{rel}","templated":true}]}}