{"id":91274,"date":"2025-03-17T14:46:13","date_gmt":"2025-03-17T14:46:13","guid":{"rendered":"https:\/\/www.pilgrim.es\/weg-im-norden\/santander\/"},"modified":"2025-03-17T14:46:13","modified_gmt":"2025-03-17T14:46:13","slug":"santander","status":"publish","type":"page","link":"https:\/\/www.pilgrim.es\/de\/weg-im-norden\/santander\/","title":{"rendered":"Santander"},"content":{"rendered":" <section id=\"hero\">\n\t<h1>Santander<\/h1>\n\t<div class=\"hero-grid\">\n\t\t<div class=\"hero-grid__town-col\" data-background=\"https:\/\/cdn.pilgrim.es\/web\/caminos\/camino-norte\/pueblos\/santander.jpg\">\n\t\t\t<div>\n\t\t\t\t<a class=\"link-to-stage\" href=\"https:\/\/www.pilgrim.es\/camino-norte\/etapa-12-guemes-santander\/\">\n\t\t\t\t\t<p>&#8249; Zur\u00fcck zur B\u00fchne<\/p>\n\t\t\t\t<\/a>\n\n\t\t\t\t<div class=\"town-data\">\n\t\t\t\t\t<h2>Santander<\/h2>\n\t\t\t\t\t<ul>\n\t\t\t\t\t\t<li>Einwohner: 173.957 aprox.<\/li>\n\t\t\t\t\t\t<li>Bundesland: Cantabria<\/li>\n\t\t\t\t\t<\/ul>\n\t\t\t\t<\/div>\n\t\t\t<\/div>\n\t\t<\/div>\n\t\t<div class=\"hero-grid__planner-col\"><div\r\n  class=\"p-col-span-1 p-rounded-lg p-px-5 p-h-full\"\r\n  style=\"background-image: url('https:\/\/cdn.pilgrim.es\/web\/pilgrim-planner\/bg-plugin-planificador.webp')\"\r\n  rel=\"preload\"\r\n  fetchpriority=\"high\"\r\n  >\r\n    <div class=\"p-text-center p-pt-5 p-text-white p-text-2xl p-font-semibold\">\r\n      Plane deinen Weg    <\/div>\r\n    <div\r\n            id='primary-app'\r\n            data-name='banner'\r\n            data-api='https:\/\/pathfinder.pilgrim.es\/api\/pathfinder\/v2'\r\n            data-mode='normal'\r\n            data-lang='de'\r\n            data-route='1'\r\n            data-destiny='https:\/\/planificador.pilgrim.es'\r\n            data-modality='1'\r\n            data-inline=''\r\n        ><\/div><\/div><\/div>\n\t<\/div>\n<\/section>\n\n<section id=\"infoTown\">\n\t<div class=\"sections-town\">\n\n\t\t<div id=\"informationSection\">\n\t\t\t<div>\n\t\t\t\t<h2 class=\"p-h2-town\">Informationen<\/h2>\n\t\t\t\t<hr>\n\t\t\t\t<h3 class=\"p-h3-town\">Get to know Santander<\/h3>\n\t\t\t<\/div>\n\t\t\t<p>Die Stadt Santander ist eine der gr\u00f6\u00dften St\u00e4dte Spaniens. Es ist erw\u00e4hnenswert, dass sie nicht nur die H\u00e4lfte der Bev\u00f6lkerung der gesamten Provinz Kantabrien beherbergt, sondern dass sich ihre Einwohnerzahl im Sommer dank des Einflusses des Tourismus verdoppelt.<\/p> <p>Es wird empfohlen, dass Pilger sich Zeit nehmen, um durch die Stra\u00dfen der Stadt zu schlendern und die vielf\u00e4ltige Gastronomie der Stadt zu entdecken.<\/p> <p>\n\t\t<\/div>\n\n\t\t<div id=\"locationSection\">\n\t\t\t<div>\n\t\t\t\t<h2 class=\"p-h2-town\">Standort<\/h2>\n\t\t\t\t<hr>\n\t\t\t\t<h3 class=\"p-h3-town\">Wegbeschreibung<\/h3>\n\t\t\t<\/div>\n\t\t\t<p>Die Stadt Santander ist durch Hauptverkehrsstra\u00dfen wie die A-67, die Santander mit Venta de Ba\u00f1os verbindet, die S-10, die nach San Salvador f\u00fchrt, die S-20, die Bezana mit La Albericia verbindet, die S-30, die Cacicedo mit La Albericia verbindet, und die A-8, die A Coru\u00f1a mit dem gesamten Norden der Halbinsel verbindet, perfekt an die Au\u00dfenwelt angebunden. <\/p>\n\n<p>Die Stadt verf\u00fcgt auch \u00fcber einen Seeverkehr, obwohl es nur eine Linie gibt, die Santander mit der britischen Stadt Plymouth verbindet. Die Stadt verf\u00fcgt au\u00dferdem \u00fcber einen 5 km entfernten Flughafen, der regelm\u00e4\u00dfige Fl\u00fcge nach Madrid, Paris, Barcelona, Br\u00fcssel, London, Bergamo, Palma de Mallorca, Beauvais, Rom, Sevilla, Teneriffa, Valencia, Alicante, Venedig und Menorca anbietet<\/p> <p>.\n\n<p>Der Busbahnhof verf\u00fcgt \u00fcber ein umfangreiches Liniennetz, das es Ihnen erm\u00f6glicht, jeden Ort zu erreichen, einige St\u00e4dte, die Sie erreichen k\u00f6nnen, sind: Alicante, Barcelona, Bilbao, Burgos, C\u00e1ceres, Cartagena, La Coru\u00f1a, Elche, Gij\u00f3n, Ir\u00fan, Le\u00f3n, Logro\u00f1o, Lugo, Madrid, M\u00e9rida, Murcia, Oviedo, Palencia, Pontevedra, Salamanca, Santiago, San Sebasti\u00e1n, Sevilla, Tarragona, Valencia, Valladolid, Vigo, Vitoria, Zaragoza, Br\u00fcssel, Bordeaux, Genf, Lyon, Paris und Z\u00fcrich.\n\n<p>Auch der Bahnhof verf\u00fcgt \u00fcber mehrere regelm\u00e4\u00dfige Zugverbindungen mit Zielen wie Reinosa, Madrid, Palencia, Valladolid, Albacete, Alicante, Avila, Bilbao und Oviedo.\n\t\t\t<div>\n\t\t\t\t<div>\n  <iframe loading=\"lazy\"\n    src=\"https:\/\/www.google.com\/maps\/d\/embed?mid=1NiAkM_S6-j_y-Ceb78AqORCzzJYoI6M&amp;ehbc=2E312F\"\n    width=\"640\"\n    height=\"480\"\n    alt=\"Mapa Santander\"\n  ><\/iframe>\n<\/div>\n\n\t\t\t<\/div>\n\t\t<\/div>\n\n\t\t\n\t\t\t<div id=\"toVisitSection\">\n\t\t\t\t<div>\n\t\t\t\t\t<h2 class=\"p-h2-town\">Geschichte \/ Kultur<\/h2>\n\t\t\t\t\t<hr>\n\t\t\t\t\t<h3 class=\"p-h3-town\">Was es zu sehen gibt<\/h3>\n\t\t\t\t<\/div>\n\t\t\t\t<div>\n\t\t\t\t\t<div class=\"accordion\">\n\t\t\t\t\t\t<div class=\"accordion__menu\">\n\t\t\t\t\t\t\t<nav>\n\t\t\t\t\t\t\t\t\n\t\t\t\t\t\t\t\t\t<button class=\"nav-tab-accordion active\"><span>&#10093;<\/span><span> Catedral de Nuestra Sen\u0303ora de la Asuncio\u0301n<\/span><\/button>\n\t\t\t\t\t\t\t\t\n\t\t\t\t\t\t\t\t\t<button class=\"nav-tab-accordion \"><span>&#10093;<\/span><span> Cementerio Protestante<\/span><\/button>\n\t\t\t\t\t\t\t\t\n\t\t\t\t\t\t\t\t\t<button class=\"nav-tab-accordion \"><span>&#10093;<\/span><span> Centro de arte Faro Cabo Mayor<\/span><\/button>\n\t\t\t\t\t\t\t\t\n\t\t\t\t\t\t\t\t\t<button class=\"nav-tab-accordion \"><span>&#10093;<\/span><span> Centro de Interpretacio\u0301n de la historia de la ciudad<\/span><\/button>\n\t\t\t\t\t\t\t\t\n\t\t\t\t\t\t\t\t\t<button class=\"nav-tab-accordion \"><span>&#10093;<\/span><span> Dique de Gamazo<\/span><\/button>\n\t\t\t\t\t\t\t\t\n\t\t\t\t\t\t\t\t\t<button class=\"nav-tab-accordion \"><span>&#10093;<\/span><span> Faro de Cabo Mayor<\/span><\/button>\n\t\t\t\t\t\t\t\t\n\t\t\t\t\t\t\t\t\t<button class=\"nav-tab-accordion \"><span>&#10093;<\/span><span> Funicular del Rio de la Pila<\/span><\/button>\n\t\t\t\t\t\t\t\t\n\t\t\t\t\t\t\t\t\t<button class=\"nav-tab-accordion \"><span>&#10093;<\/span><span> Gran Casino<\/span><\/button>\n\t\t\t\t\t\t\t\t\n\t\t\t\t\t\t\t\t\t<button class=\"nav-tab-accordion \"><span>&#10093;<\/span><span> Hospital de San Rafael<\/span><\/button>\n\t\t\t\t\t\t\t\t\n\t\t\t\t\t\t\t\t\t<button class=\"nav-tab-accordion \"><span>&#10093;<\/span><span> Hotel Real<\/span><\/button>\n\t\t\t\t\t\t\t\t\n\t\t\t\t\t\t\t\t\t<button class=\"nav-tab-accordion \"><span>&#10093;<\/span><span> Iglesia de la Anunciacio\u0301n<\/span><\/button>\n\t\t\t\t\t\t\t\t\n\t\t\t\t\t\t\t\t\t<button class=\"nav-tab-accordion \"><span>&#10093;<\/span><span> Iglesia de la Virgen del Faro<\/span><\/button>\n\t\t\t\t\t\t\t\t\n\t\t\t\t\t\t\t\t\t<button class=\"nav-tab-accordion \"><span>&#10093;<\/span><span> Iglesia de Nuestra Sen\u0303ora de la Visitacio\u0301n<\/span><\/button>\n\t\t\t\t\t\t\t\t\n\t\t\t\t\t\t\t\t\t<button class=\"nav-tab-accordion \"><span>&#10093;<\/span><span> Iglesia de San Francisco<\/span><\/button>\n\t\t\t\t\t\t\t\t\n\t\t\t\t\t\t\t\t\t<button class=\"nav-tab-accordion \"><span>&#10093;<\/span><span> Iglesia de Santa Lucia<\/span><\/button>\n\t\t\t\t\t\t\t\t\n\t\t\t\t\t\t\t\t\t<button class=\"nav-tab-accordion \"><span>&#10093;<\/span><span> Museo Mari\u0301timo del Canta\u0301brico<\/span><\/button>\n\t\t\t\t\t\t\t\t\n\t\t\t\t\t\t\t\t\t<button class=\"nav-tab-accordion \"><span>&#10093;<\/span><span> Jardines de Piqui\u0301o<\/span><\/button>\n\t\t\t\t\t\t\t\t\n\t\t\t\t\t\t\t\t\t<button class=\"nav-tab-accordion \"><span>&#10093;<\/span><span> La locomotora Pe\u00f1acastillo y la locomotora Revilla<\/span><\/button>\n\t\t\t\t\t\t\t\t\n\t\t\t\t\t\t\t\t\t<button class=\"nav-tab-accordion \"><span>&#10093;<\/span><span> Mercado del Este<\/span><\/button>\n\t\t\t\t\t\t\t\t\n\t\t\t\t\t\t\t\t\t<button class=\"nav-tab-accordion \"><span>&#10093;<\/span><span> Museo de Arte Moderno<\/span><\/button>\n\t\t\t\t\t\t\t\t\n\t\t\t\t\t\t\t\t\t<button class=\"nav-tab-accordion \"><span>&#10093;<\/span><span> Museo de Prehistoria y arqueologi\u0301a<\/span><\/button>\n\t\t\t\t\t\t\t\t\n\t\t\t\t\t\t\t\t\t<button class=\"nav-tab-accordion \"><span>&#10093;<\/span><span> Centro de Interpretacio\u0301n de la Muralla<\/span><\/button>\n\t\t\t\t\t\t\t\t\n\t\t\t\t\t\t\t\t\t<button class=\"nav-tab-accordion \"><span>&#10093;<\/span><span> Museo del agua<\/span><\/button>\n\t\t\t\t\t\t\t\t\n\t\t\t\t\t\t\t\t\t<button class=\"nav-tab-accordion \"><span>&#10093;<\/span><span> Palacio de la Riva<\/span><\/button>\n\t\t\t\t\t\t\t\t\n\t\t\t\t\t\t\t\t\t<button class=\"nav-tab-accordion \"><span>&#10093;<\/span><span> Palacio y jardines de la Magdalena<\/span><\/button>\n\t\t\t\t\t\t\t\t\n\t\t\t\t\t\t\t\t\t<button class=\"nav-tab-accordion \"><span>&#10093;<\/span><span> Playa del Sardinero<\/span><\/button>\n\t\t\t\t\t\t\t\t\n\t\t\t\t\t\t\t\t\t<button class=\"nav-tab-accordion \"><span>&#10093;<\/span><span> Bateria de San Pedro<\/span><\/button>\n\t\t\t\t\t\t\t\t\n\t\t\t\t\t\t\t\t\t<button class=\"nav-tab-accordion \"><span>&#10093;<\/span><span> Castillo de la Corbanera<\/span><\/button>\n\t\t\t\t\t\t\t\t\n\t\t\t\t\t\t\t<\/nav>\n\t\t\t\t\t\t<\/div>\n\n\t\t\t\t\t\t\n\t\t\t\t\t\t\t<div class=\"accordion__accordion-content \">\n\t\t\t\t\t\t\t\t<div>\n\t\t\t\t\t\t\t\t\t<div>\n\t\t\t\t\t\t\t\t\t\t<h4>Catedral de Nuestra Sen\u0303ora de la Asuncio\u0301n<\/h4>\n\t\t\t\t\t\t\t\t\t\t<p>Die Kathedrale Nuestra Se\u00f1ora de la Asunci\u00f3n ist ein Geb\u00e4ude, das seit 1754 als Kathedrale unter Denkmalschutz steht und 1931 zum Kulturgut erkl\u00e4rt wurde. Sie ist ein emblematisches Geb\u00e4ude, dessen Bau auf das 14. Jahrhundert zur\u00fcckgeht. Ab dem 16. und 17. Jahrhundert wurden verschiedene Reformen durchgef\u00fchrt. Diese Reformen dauerten jedoch nur bis 1941, als ein Brand Santander heimsuchte. Damals wurde dem Chor ein Querschiff angef\u00fcgt, in dessen Mitte eine achteckige Kuppel \u00fcber gallonenf\u00f6rmigen Trompeten errichtet wurde. Die Seitenschiffe gehen in einen gotischen Wandelgang \u00fcber, der das Presbyterium und den Altar umgibt und zwei Kapellen zu Ehren der Virgen de las Batallas und des San Mat\u00edas umfasst.\n\t\t\t\t\t\t\t\t\t<\/div>\n\t\t\t\t\t\t\t\t\t<img decoding=\"async\" src=\"https:\/\/cdn.pilgrim.es\/web\/caminos\/camino-norte\/pueblos\/santander\/puntos-de-interes\/catedral-de-nuestra-senora-de-la-asuncion.jpg\" alt=\"Catedral de Nuestra Sen\u0303ora de la Asuncio\u0301n\">\n\t\t\t\t\t\t\t\t<\/div>\n\t\t\t\t\t\t\t<\/div>\n\t\t\t\t\t\t\n\t\t\t\t\t\t\t<div class=\"accordion__accordion-content inactive\">\n\t\t\t\t\t\t\t\t<div>\n\t\t\t\t\t\t\t\t\t<div>\n\t\t\t\t\t\t\t\t\t\t<h4>Cementerio Protestante<\/h4>\n\t\t\t\t\t\t\t\t\t\t<p>Der protestantische Friedhof wurde am Stadtrand von Santander, genauer gesagt im Viertel Cazo\u00f1a, angelegt. Dieser Friedhof wurde als Begr\u00e4bnisst\u00e4tte f\u00fcr die Briten eingerichtet, die in der Stadt als Ingenieure, Techniker und Kaufleute arbeiteten, da sie Protestanten waren und nicht auf einem katholischen Friedhof beerdigt werden konnten, da dieser als &#8222;heiliger Boden&#8220; galt.\n\t\t\t\t\t\t\t\t\t<\/div>\n\t\t\t\t\t\t\t\t\t<img decoding=\"async\" src=\"https:\/\/cdn.pilgrim.es\/web\/caminos\/camino-norte\/pueblos\/santander\/puntos-de-interes\/cementerio-protestante.jpg\" alt=\"Cementerio Protestante\">\n\t\t\t\t\t\t\t\t<\/div>\n\t\t\t\t\t\t\t<\/div>\n\t\t\t\t\t\t\n\t\t\t\t\t\t\t<div class=\"accordion__accordion-content inactive\">\n\t\t\t\t\t\t\t\t<div>\n\t\t\t\t\t\t\t\t\t<div>\n\t\t\t\t\t\t\t\t\t\t<h4>Centro de arte Faro Cabo Mayor<\/h4>\n\t\t\t\t\t\t\t\t\t\t<p>Das Kunstzentrum des Leuchtturms von Cabo Mayor ist ein Kulturprojekt der Hafenbeh\u00f6rde der Stadt Santander, das dank einer Vereinbarung mit der Familie Sanz-Vilar entstanden ist. In diesem Zentrum k\u00f6nnen die Besucher die Installationen des Leuchtturms von Cabo und die dort ausgestellten Sammlungen von Kunstwerken und Gegenst\u00e4nden mit Bezug zum Meer bewundern, die von den K\u00fcnstlern Eduardo Sanz und Isabel Villar zusammengestellt worden sind.\n\t\t\t\t\t\t\t\t\t<\/div>\n\t\t\t\t\t\t\t\t\t<img decoding=\"async\" src=\"https:\/\/cdn.pilgrim.es\/web\/caminos\/camino-norte\/pueblos\/santander\/puntos-de-interes\/centro-de-arte-faro-cabo-mayor.jpg\" alt=\"Centro de arte Faro Cabo Mayor\">\n\t\t\t\t\t\t\t\t<\/div>\n\t\t\t\t\t\t\t<\/div>\n\t\t\t\t\t\t\n\t\t\t\t\t\t\t<div class=\"accordion__accordion-content inactive\">\n\t\t\t\t\t\t\t\t<div>\n\t\t\t\t\t\t\t\t\t<div>\n\t\t\t\t\t\t\t\t\t\t<h4>Centro de Interpretacio\u0301n de la historia de la ciudad<\/h4>\n\t\t\t\t\t\t\t\t\t\t<p>Dieses Interpretationszentrum besteht haupts\u00e4chlich aus der Mari\u00e4-Entschlafens-Kathedrale, der Christuskirche, dem Kreuzgang und dem Glockenturm, die alle 1931 zum Nationaldenkmal erkl\u00e4rt wurden. Von hier aus kann man den Turmraum besichtigen, in dem Chorb\u00fccher, Gem\u00e4lde, Pergamente, Ornamente, arch\u00e4ologische \u00dcberreste usw. zu sehen sind. Der Besuch dieses Raums bietet auch die M\u00f6glichkeit, von der Spitze des Glockenturms aus einen spektakul\u00e4ren Panoramablick auf die Stadt zu genie\u00dfen.\n\n<p>TARIFA<\/p>\n\n<p>Freier Eintritt<\/p> <p>Geb\u00fchr<\/p> <p>Freier Eintritt<\/p> <p>Geb\u00fchr<\/p> &lt;p\n\n<p>INFORMATIONEN VON INTERESSE<\/p>\n\n<p>Telefon: 942 203 000<\/p>\n\t\t\t\t\t\t\t\t\t<\/div>\n\t\t\t\t\t\t\t\t\t<img decoding=\"async\" src=\"https:\/\/cdn.pilgrim.es\/web\/caminos\/camino-norte\/pueblos\/santander\/puntos-de-interes\/centro-de-interpretacion-de-la-historia-de-la-ciudad.jpg\" alt=\"Centro de Interpretacio\u0301n de la historia de la ciudad\">\n\t\t\t\t\t\t\t\t<\/div>\n\t\t\t\t\t\t\t<\/div>\n\t\t\t\t\t\t\n\t\t\t\t\t\t\t<div class=\"accordion__accordion-content inactive\">\n\t\t\t\t\t\t\t\t<div>\n\t\t\t\t\t\t\t\t\t<div>\n\t\t\t\t\t\t\t\t\t\t<h4>Dique de Gamazo<\/h4>\n\t\t\t\t\t\t\t\t\t\t<p>Der Gamazo-Staudamm mit einer Fl\u00e4che von 3.382 m2 und einem rechteckigen Grundriss hat eine halbrunde Form und wurde 2001 zum Kulturgut erkl\u00e4rt. Er verf\u00fcgt \u00fcber einen Maschinenschuppen und ein Zugangstor, das 1907 im modernistischen Stil geschmiedet wurde. Sein Bau war eine Herausforderung f\u00fcr die technische Entwicklung der damaligen Zeit, da zahlreiche strukturelle und finanzielle Hindernisse zu \u00fcberwinden waren.\n\t\t\t\t\t\t\t\t\t<\/div>\n\t\t\t\t\t\t\t\t\t<img decoding=\"async\" src=\"https:\/\/cdn.pilgrim.es\/web\/caminos\/camino-norte\/pueblos\/santander\/puntos-de-interes\/dique-de-gamazo.jpg\" alt=\"Dique de Gamazo\">\n\t\t\t\t\t\t\t\t<\/div>\n\t\t\t\t\t\t\t<\/div>\n\t\t\t\t\t\t\n\t\t\t\t\t\t\t<div class=\"accordion__accordion-content inactive\">\n\t\t\t\t\t\t\t\t<div>\n\t\t\t\t\t\t\t\t\t<div>\n\t\t\t\t\t\t\t\t\t\t<h4>Faro de Cabo Mayor<\/h4>\n\t\t\t\t\t\t\t\t\t\t<p>Dieser Leuchtturm steht am nordwestlichen Ende von Santander, \u00fcber dem Eingang zur Bucht der Stadt, und ist zweifellos eines der repr\u00e4sentativsten Werke von Santander.<\/p> <p>Dieser Leuchtturm steht am nordwestlichen Ende von Santander, \u00fcber dem Eingang zur Bucht der Stadt.\n\n<p>Der Raum, in dem sich der Leuchtturm befindet, bildet ein Gebiet von gro\u00dfer L\u00e4nge, in dem die Landzungen Cabo Mayor und Cabo Menor hervorstechen. Dieses Gebiet ist durch Str\u00e4nde, Steilk\u00fcsten und ein ziemlich zerkl\u00fcftetes Relief gekennzeichnet.\n\n<p>Die Gebiete von Cabo Mayor und Cabo Menor haben eine Vielzahl von Funktionen und Nutzungen: als Wegweiser f\u00fcr Boote dank des Leuchtturms, als Verteidigungsanlage, als Rennbahn, Campingplatz, \u00f6ffentlicher Park, Golfplatz usw.<\/p> <p>Die Gebiete von Cabo Mayor und Cabo Menor haben eine Vielzahl von Funktionen und Nutzungen.\n\n<p>INFORMATIONEN VON INTERESSE<\/p>\n\n<p>Telefon: 942 203 648<\/p>\n\t\t\t\t\t\t\t\t\t<\/div>\n\t\t\t\t\t\t\t\t\t<img decoding=\"async\" src=\"https:\/\/cdn.pilgrim.es\/web\/caminos\/camino-norte\/pueblos\/santander\/puntos-de-interes\/faro-de-cabo-mayor.jpg\" alt=\"Faro de Cabo Mayor\">\n\t\t\t\t\t\t\t\t<\/div>\n\t\t\t\t\t\t\t<\/div>\n\t\t\t\t\t\t\n\t\t\t\t\t\t\t<div class=\"accordion__accordion-content inactive\">\n\t\t\t\t\t\t\t\t<div>\n\t\t\t\t\t\t\t\t\t<div>\n\t\t\t\t\t\t\t\t\t\t<h4>Funicular del Rio de la Pila<\/h4>\n\t\t\t\t\t\t\t\t\t\t<p>Die Standseilbahn R\u00edo de la Pila wurde 2008 eingeweiht und hat eine Strecke von 78 Metern mit vier Haltestellen: R\u00edo de la Pila, Calle San Sebasti\u00e1n, Prado San Roque und Fu\u00dfballplatz El Regimiento. Sie ist von 06:00 bis 00:00 Uhr in Betrieb und bietet Platz f\u00fcr 20 Personen. Die Benutzung ist kostenlos.<\/p> <p>\n\t\t\t\t\t\t\t\t\t<\/div>\n\t\t\t\t\t\t\t\t\t<img decoding=\"async\" src=\"https:\/\/cdn.pilgrim.es\/web\/caminos\/camino-norte\/pueblos\/santander\/puntos-de-interes\/funicular-del-rio-de-la-pila.jpg\" alt=\"Funicular del Rio de la Pila\">\n\t\t\t\t\t\t\t\t<\/div>\n\t\t\t\t\t\t\t<\/div>\n\t\t\t\t\t\t\n\t\t\t\t\t\t\t<div class=\"accordion__accordion-content inactive\">\n\t\t\t\t\t\t\t\t<div>\n\t\t\t\t\t\t\t\t\t<div>\n\t\t\t\t\t\t\t\t\t\t<h4>Gran Casino<\/h4>\n\t\t\t\t\t\t\t\t\t\t<p>Das Gran Casino wurde 1916 an der Stelle eines alten Casinos aus dem Jahr 1870 errichtet und eingeweiht, das von Pers\u00f6nlichkeiten wie Amadeo de Saboya, Alfonso XIII. und Victoria Eugenia besucht wurde. Das heutige Kasino begann jedoch, Roulette und Bakkarat mit Tanzveranstaltungen, Kotillions, Theaterauff\u00fchrungen, Opern usw. zu kombinieren. Heute verf\u00fcgt es \u00fcber einen Spielsaal und einen Automatensaal, ein Restaurant, drei Speises\u00e4le, zwei Bars, eine Cafeteria und einen Festsaal sowie einen Ausstellungsraum.\n\n<p>STUNDEN<\/p>\n\n<p>Spielsaal von 20:00 bis 04:00 UhrMaschinensaal von 14:00 bis 04:00 Uhr<\/p> <p>Spielsaal von 20:00 bis 04:00 Uhr<\/p> <p>Maschinensaal von 14:00 bis 04:00 Uhr.\n\n<p>INFORMATIONEN VON INTERESSE<\/p>\n\n<p>E-Mail: mkg.casardinero@grupocomar.comTel\u00e9fono: 942 276 054<\/p>\n\t\t\t\t\t\t\t\t\t<\/div>\n\t\t\t\t\t\t\t\t\t<img decoding=\"async\" src=\"https:\/\/cdn.pilgrim.es\/web\/caminos\/camino-norte\/pueblos\/santander\/puntos-de-interes\/gran-casino.jpg\" alt=\"Gran Casino\">\n\t\t\t\t\t\t\t\t<\/div>\n\t\t\t\t\t\t\t<\/div>\n\t\t\t\t\t\t\n\t\t\t\t\t\t\t<div class=\"accordion__accordion-content inactive\">\n\t\t\t\t\t\t\t\t<div>\n\t\t\t\t\t\t\t\t\t<div>\n\t\t\t\t\t\t\t\t\t\t<h4>Hospital de San Rafael<\/h4>\n\t\t\t\t\t\t\t\t\t\t<p>Das Hospital de San Rafael ist eines der \u00e4ltesten noch in Betrieb befindlichen Geb\u00e4ude in Santander. Es wurde 1791 gegr\u00fcndet und in den folgenden Jahren mehrfach umgebaut. Das Ergebnis ist ein klassizistischer Bau mit einem viereckigen Grundriss und einem zentralen Innenhof. Das innere Erdgeschoss dieses Geb\u00e4udes weist Arkaden mit B\u00f6gen und Pilastern auf, w\u00e4hrend das Obergeschoss \u00d6ffnungen mit Gittern in verschiedenen Gr\u00f6\u00dfen aufweist. Die Hauptfassade besteht aus Quadermauerwerk mit neun B\u00f6gen, die einen S\u00e4ulengang bilden.\n\t\t\t\t\t\t\t\t\t<\/div>\n\t\t\t\t\t\t\t\t\t<img decoding=\"async\" src=\"https:\/\/cdn.pilgrim.es\/web\/caminos\/camino-norte\/pueblos\/santander\/puntos-de-interes\/hospital-de-san-rafael.jpg\" alt=\"Hospital de San Rafael\">\n\t\t\t\t\t\t\t\t<\/div>\n\t\t\t\t\t\t\t<\/div>\n\t\t\t\t\t\t\n\t\t\t\t\t\t\t<div class=\"accordion__accordion-content inactive\">\n\t\t\t\t\t\t\t\t<div>\n\t\t\t\t\t\t\t\t\t<div>\n\t\t\t\t\t\t\t\t\t\t<h4>Hotel Real<\/h4>\n\t\t\t\t\t\t\t\t\t\t<p>Das Luxushotel Real, das zur Eurostars-Kette geh\u00f6rt, liegt direkt am Strand Playa de los Peligros und nur wenige Gehminuten vom Palacio de la Magdalena entfernt, der dank seiner Tradition, seines Stils, seiner Lage und seines Prestiges dazu beigetragen hat, das Ansehen der Stadt Santander zu steigern. <\/p>\n\n<p>Das Hotel Real wurde von dem Architekten Gonz\u00e1lez Riancho erbaut und 1917 er\u00f6ffnet. Das Geb\u00e4ude vereint modernistische und eklektische Stilelemente und f\u00e4llt sowohl durch seine spektakul\u00e4re Terrasse als auch durch das Wei\u00df seiner Fassade auf. Es ist au\u00dferdem eines der luxuri\u00f6sesten Hotels Spaniens und verf\u00fcgt \u00fcber ein Thalassobad mit einer Fl\u00e4che von etwa 1.400 Quadratmetern.\n\t\t\t\t\t\t\t\t\t<\/div>\n\t\t\t\t\t\t\t\t\t<img decoding=\"async\" src=\"https:\/\/cdn.pilgrim.es\/web\/caminos\/camino-norte\/pueblos\/santander\/puntos-de-interes\/hotel-real.jpg\" alt=\"Hotel Real\">\n\t\t\t\t\t\t\t\t<\/div>\n\t\t\t\t\t\t\t<\/div>\n\t\t\t\t\t\t\n\t\t\t\t\t\t\t<div class=\"accordion__accordion-content inactive\">\n\t\t\t\t\t\t\t\t<div>\n\t\t\t\t\t\t\t\t\t<div>\n\t\t\t\t\t\t\t\t\t\t<h4>Iglesia de la Anunciacio\u0301n<\/h4>\n\t\t\t\t\t\t\t\t\t\t<p>Die Verk\u00fcndigungskirche ist ein 1607 erbautes Gotteshaus im Renaissancestil, das 1993 zum Kulturgut erkl\u00e4rt wurde. Sie besteht aus einem einzigen Schiff und einer rechteckigen Apsis mit Seitenkapellen, die durch Rundb\u00f6gen verbunden sind. Die Fassade besteht aus einem h\u00f6heren Mittelteil, an den sich zwei schmalere und niedrigere Seitenteile anschlie\u00dfen, die durch eine steinerne Trennwand mit ihm verbunden sind. Die Fassade besteht aus drei Abschnitten, zwei schmaleren und niedrigeren und einem Hauptabschnitt, in dem sich das Portal befindet, mit einer halbkreisf\u00f6rmigen Eingangs\u00f6ffnung, die von doppelten Pilastern eingerahmt wird und mit einem geteilten Giebel, der die Nische mit dem Bildnis der Jungfrau einfasst. Im ersten Stock des Mittelteils befindet sich ein gro\u00dfes rechteckiges Fenster mit Architrav, das von zwei gro\u00dfen Barockwappen aus dem 18. Jahrhundert umgeben ist.<\/p> <p>Im ersten Stock des Mittelteils befindet sich ein gro\u00dfes rechteckiges Fenster mit Architrav, das von zwei gro\u00dfen Barockwappen aus dem 18.\n\t\t\t\t\t\t\t\t\t<\/div>\n\t\t\t\t\t\t\t\t\t<img decoding=\"async\" src=\"https:\/\/cdn.pilgrim.es\/web\/caminos\/camino-norte\/pueblos\/santander\/puntos-de-interes\/iglesia-de-la-anunciacion.jpg\" alt=\"Iglesia de la Anunciacio\u0301n\">\n\t\t\t\t\t\t\t\t<\/div>\n\t\t\t\t\t\t\t<\/div>\n\t\t\t\t\t\t\n\t\t\t\t\t\t\t<div class=\"accordion__accordion-content inactive\">\n\t\t\t\t\t\t\t\t<div>\n\t\t\t\t\t\t\t\t\t<div>\n\t\t\t\t\t\t\t\t\t\t<h4>Iglesia de la Virgen del Faro<\/h4>\n\t\t\t\t\t\t\t\t\t\t<p>Die Kirche der Virgen del Faro, ein Werk des Architekten Jaime Carceller, ist eine architektonische Besonderheit, da ihr Betongew\u00f6lbe als Dach dient. Sie wurde 1969 gegr\u00fcndet und f\u00fcr Gottesdienste ge\u00f6ffnet. Im Jahr 1990 wurde das Gotteshaus jedoch aufgrund von Problemen mit seiner Struktur geschlossen und 2009 wiederer\u00f6ffnet. <\/p>\n\n<p>Das Innere der Kirche ist bekannt f\u00fcr die Figur des gekreuzigten Christus, ein Werk des Bildhauers Jes\u00fas Otero.<\/p> <p>Das Innere der Kirche ist bekannt f\u00fcr die Figur des gekreuzigten Christus, ein Werk des Bildhauers Jes\u00fas Otero.\n\n<p>MESSSTUNDEN<\/p>\n\n<p>Ganzj\u00e4hrigDienstags und donnerstags um 19:00Feiertags um 11:00<\/p> <p>Montags und donnerstags um 19:00Feiertags um 11:00<\/p>\n\t\t\t\t\t\t\t\t\t<\/div>\n\t\t\t\t\t\t\t\t\t<img decoding=\"async\" src=\"https:\/\/cdn.pilgrim.es\/web\/caminos\/camino-norte\/pueblos\/santander\/puntos-de-interes\/iglesia-de-la-virgen-del-faro.jpg\" alt=\"Iglesia de la Virgen del Faro\">\n\t\t\t\t\t\t\t\t<\/div>\n\t\t\t\t\t\t\t<\/div>\n\t\t\t\t\t\t\n\t\t\t\t\t\t\t<div class=\"accordion__accordion-content inactive\">\n\t\t\t\t\t\t\t\t<div>\n\t\t\t\t\t\t\t\t\t<div>\n\t\t\t\t\t\t\t\t\t\t<h4>Iglesia de Nuestra Sen\u0303ora de la Visitacio\u0301n<\/h4>\n\t\t\t\t\t\t\t\t\t\t<p>Die Kirche Nuestra Se\u00f1ora de la Visitaci\u00f3n ist eine neugotische Kirche, die an das gleichnamige Kloster angeschlossen ist, aus dem 19. Das in der Calle Camilo Alonso Vega gelegene Gotteshaus wurde von dem Architekten Joaqu\u00edn Rucoba erbaut. Seine Fassade hat einen S\u00e4ulengang mit f\u00fcnf B\u00f6gen, gro\u00dfe Fenster, Fialen und einen Glockenturm mit zwei kleineren Seitent\u00fcrmen.\n\n<p>MASSENSTUNDEN<\/p>\n\n<p>W\u00f6chentlich um 09:30 und 19:30Abends um 19:30Feiertags um 09:30, 11:00, 12:30 und 19:30<\/p> <p>Messen um 09:30, 11:00, 12:30 und 19:30<\/p> <p>Messen um 09:30, 11:00, 12:30 und 19:30.\n\n<p>INFORMATIONEN VON INTERESSE<\/p>\n\n<p>Telefon: 942 336 690<\/p>\n\t\t\t\t\t\t\t\t\t<\/div>\n\t\t\t\t\t\t\t\t\t<img decoding=\"async\" src=\"https:\/\/cdn.pilgrim.es\/web\/caminos\/camino-norte\/pueblos\/santander\/puntos-de-interes\/iglesia-de-nuestra-senora-de-la-visitacion.jpg\" alt=\"Iglesia de Nuestra Sen\u0303ora de la Visitacio\u0301n\">\n\t\t\t\t\t\t\t\t<\/div>\n\t\t\t\t\t\t\t<\/div>\n\t\t\t\t\t\t\n\t\t\t\t\t\t\t<div class=\"accordion__accordion-content inactive\">\n\t\t\t\t\t\t\t\t<div>\n\t\t\t\t\t\t\t\t\t<div>\n\t\t\t\t\t\t\t\t\t\t<h4>Iglesia de San Francisco<\/h4>\n\t\t\t\t\t\t\t\t\t\t<p>Die Kirche San Francisco ist ein katholisches Gotteshaus, das Mitte des 20. Jahrhunderts von Javier Gonz\u00e1lez Riancho entworfen und 1953 eingeweiht wurde. Ihre Fassade besteht aus einem klassizistischen Portikus, der von einer Balustrade ausgenommen ist, die von S\u00e4ulen mit dorischen Kapitellen und einem dreieckigen, mit Fialen verzierten Giebel im oberen Teil getragen wird. Diese Kirche hat auch einen Turm mit einem achteckigen, gew\u00f6lbten Glockenturm.\n\n<p>MESSENZEITPLAN<\/p> <p>MESSENZEITPLAN<\/p> <p>.\n\n<p>Ganzj\u00e4hrig werktags um 09:30, 12:00 und 19:30 Uhr Vesper um 19:30 Uhr Feiertage um 09:30, 11:30, 12:30 und 19:30 Uhr<\/p> <p>Messen finden um 09:30, 11:30, 12:30 und 19:30 Uhr statt.\n\n<p>INFORMATIONEN VON INTERESSE<\/p>\n\n<p>Telefonnummer: 942 035 323<\/p>\n\t\t\t\t\t\t\t\t\t<\/div>\n\t\t\t\t\t\t\t\t\t<img decoding=\"async\" src=\"https:\/\/cdn.pilgrim.es\/web\/caminos\/camino-norte\/pueblos\/santander\/puntos-de-interes\/iglesia-de-san-francisco.jpg\" alt=\"Iglesia de San Francisco\">\n\t\t\t\t\t\t\t\t<\/div>\n\t\t\t\t\t\t\t<\/div>\n\t\t\t\t\t\t\n\t\t\t\t\t\t\t<div class=\"accordion__accordion-content inactive\">\n\t\t\t\t\t\t\t\t<div>\n\t\t\t\t\t\t\t\t\t<div>\n\t\t\t\t\t\t\t\t\t\t<h4>Iglesia de Santa Lucia<\/h4>\n\t\t\t\t\t\t\t\t\t\t<p>Die Kirche Santa Luc\u00eda ist eine eklektische Kirche im Stil der Neorenaissance, die 1987 zum Kulturgut erkl\u00e4rt wurde. Sie wurde 1868 von A. Zabaleta erbaut und hat einen rechteckigen Grundriss mit einem einzigen Schiff und Seitenkapellen, die sich zu von Pilastern getragenen Arkaden \u00f6ffnen, einem Querschiff mit kurzen Armen und einer halbrunden Apsis. Hervorzuheben ist der monumentale S\u00e4ulengang, zu dem man \u00fcber eine gro\u00dfe Treppe mit gro\u00dfen ionischen S\u00e4ulen gelangt. <\/p>\n\n<p>Im Inneren der Kirche sind noch einige Kunstwerke erhalten, wie die gotische Schnitzerei der Jungfrau mit dem Kind, ein Gem\u00e4lde, das die Heilige Lucia darstellt, und eine Jungfrau des Sieges.<\/p> <p>Im Inneren der Kirche sind noch einige Kunstwerke erhalten, wie die gotische Schnitzerei der Jungfrau mit dem Kind, ein Gem\u00e4lde, das die Heilige Lucia darstellt, und eine Jungfrau des Sieges.\n\n<p>MESSENZEITPLAN<\/p>\n\n<p>Wochentags um 09:30 Uhr, 12:00 Uhr und 20:00 UhrAbends um 12:00 Uhr und 20:00 UhrFeiertags um 09:00 Uhr, 11:00 Uhr, 12:00 Uhr, 13:00 Uhr und 18:45 Uhr<\/p> <p>Wochentags um 09:00 Uhr, 11:00 Uhr, 12:00 Uhr, 13:00 Uhr und 18:45 Uhr<\/p> <p>Wochenenden um 09:30 Uhr, 12:00 Uhr und 20:00 Uhr.\n\n<p>INFORMATIONEN VON INTERESSE<\/p>\n\n<p>Telefon: 942 211 723<\/p>\n\t\t\t\t\t\t\t\t\t<\/div>\n\t\t\t\t\t\t\t\t\t<img decoding=\"async\" src=\"https:\/\/cdn.pilgrim.es\/web\/caminos\/camino-norte\/pueblos\/santander\/puntos-de-interes\/iglesia-de-santa-lucia.jpg\" alt=\"Iglesia de Santa Lucia\">\n\t\t\t\t\t\t\t\t<\/div>\n\t\t\t\t\t\t\t<\/div>\n\t\t\t\t\t\t\n\t\t\t\t\t\t\t<div class=\"accordion__accordion-content inactive\">\n\t\t\t\t\t\t\t\t<div>\n\t\t\t\t\t\t\t\t\t<div>\n\t\t\t\t\t\t\t\t\t\t<h4>Museo Mari\u0301timo del Canta\u0301brico<\/h4>\n\t\t\t\t\t\t\t\t\t\t<p>Das Kantabrische Meeresmuseum befindet sich in der Calle San Mart\u00edn de Abajo und seine Urspr\u00fcnge gehen auf das Jahr 1886 zur\u00fcck, als das Museum-Aquarium auf Initiative des Wissenschaftlers und Forschers Augusto Gonz\u00e1lez de Linares gegr\u00fcndet wurde. Der heutige Standort des Museums wurde jedoch erst 1981 eingeweiht.\n\n<p>Die Museumsr\u00e4ume sind in vier Abteilungen unterteilt: Meeresbiologie und Aquarien, Fischerei-Ethnographie, maritime Geschichte sowie Schiffbau und Navigationstechniken.\n\t\t\t\t\t\t\t\t\t<\/div>\n\t\t\t\t\t\t\t\t\t<img decoding=\"async\" src=\"https:\/\/cdn.pilgrim.es\/web\/caminos\/camino-norte\/pueblos\/santander\/puntos-de-interes\/museo-maritimo-del-cantabrico.jpg\" alt=\"Museo Mari\u0301timo del Canta\u0301brico\">\n\t\t\t\t\t\t\t\t<\/div>\n\t\t\t\t\t\t\t<\/div>\n\t\t\t\t\t\t\n\t\t\t\t\t\t\t<div class=\"accordion__accordion-content inactive\">\n\t\t\t\t\t\t\t\t<div>\n\t\t\t\t\t\t\t\t\t<div>\n\t\t\t\t\t\t\t\t\t\t<h4>Jardines de Piqui\u0301o<\/h4>\n\t\t\t\t\t\t\t\t\t\t<p>Die Piqu\u00edo-G\u00e4rten sind eine der spektakul\u00e4rsten Gr\u00fcnanlagen der Stadt und befinden sich an der Plaza de las Brisas. Sie wurden 1925 von dem Architekten Ramiro Sainz Mart\u00ednez entworfen und haben eine L\u00e4nge von etwa 7000 Quadratmetern. In diesem Bereich k\u00f6nnen Sie verschiedene Baumarten wie Palmen, Eukalyptus, Yuccas usw. bewundern. Von diesen G\u00e4rten, die auf einer Anh\u00f6he liegen, hat man einen herrlichen Blick auf den Strand von Sardinero. <\/p>\n\t\t\t\t\t\t\t\t\t<\/div>\n\t\t\t\t\t\t\t\t\t<img decoding=\"async\" src=\"https:\/\/cdn.pilgrim.es\/web\/caminos\/camino-norte\/pueblos\/santander\/puntos-de-interes\/jardines-de-piquio.jpg\" alt=\"Jardines de Piqui\u0301o\">\n\t\t\t\t\t\t\t\t<\/div>\n\t\t\t\t\t\t\t<\/div>\n\t\t\t\t\t\t\n\t\t\t\t\t\t\t<div class=\"accordion__accordion-content inactive\">\n\t\t\t\t\t\t\t\t<div>\n\t\t\t\t\t\t\t\t\t<div>\n\t\t\t\t\t\t\t\t\t\t<h4>La locomotora Pe\u00f1acastillo y la locomotora Revilla<\/h4>\n\t\t\t\t\t\t\t\t\t\t<p>Beide Lokomotiven, die von Pe\u00f1acastillo und Revilla, befinden sich im Museum der Kantabrischen Eisenbahn, das vom Verein der Freunde der Kantabrischen Eisenbahn gegr\u00fcndet wurde, und beide wurden von Krauss gebaut. Insbesondere die Lokomotive von Pe\u00f1acastillo ist historisch geworden, sie wurde 1912 in Deutschland gebaut und ist vom Typ 030T. Die Revilla-Lokomotive hingegen ist ebenfalls Teil des wissenschaftlichen und technischen Erbes der Region, da sie 1907 in Deutschland gebaut wurde und vom Typ 020WT ist.\n\t\t\t\t\t\t\t\t\t<\/div>\n\t\t\t\t\t\t\t\t\t<img decoding=\"async\" src=\"https:\/\/cdn.pilgrim.es\/web\/caminos\/camino-norte\/pueblos\/santander\/puntos-de-interes\/la-locomotora-penacastillo-y-la-locomotora-revilla.jpg\" alt=\"La locomotora Pe\u00f1acastillo y la locomotora Revilla\">\n\t\t\t\t\t\t\t\t<\/div>\n\t\t\t\t\t\t\t<\/div>\n\t\t\t\t\t\t\n\t\t\t\t\t\t\t<div class=\"accordion__accordion-content inactive\">\n\t\t\t\t\t\t\t\t<div>\n\t\t\t\t\t\t\t\t\t<div>\n\t\t\t\t\t\t\t\t\t\t<h4>Mercado del Este<\/h4>\n\t\t\t\t\t\t\t\t\t\t<p>Der Ostmarkt ist ein zwischen 1839 und 1842 erbauter Markt, der zwei Bl\u00f6cke der Ensanche de Santander einnimmt und 1986 zum Kulturgut erkl\u00e4rt wurde. Er gilt als eines der ersten Beispiele f\u00fcr Galerien, die zu kommerziellen Zwecken gebaut wurden, da er als ein Netz von Stra\u00dfen angelegt ist, die in Form von \u00fcberdachten Gassen in einem Gittermuster angeordnet sind.\n\n<p>Im Jahr 2000 wurde der Markt abgerissen und neu aufgebaut (wobei nur wenige der urspr\u00fcnglichen Elemente erhalten blieben). Heute beherbergt er mehrere Unternehmen des Dienstleistungssektors. Neben einem Fremdenverkehrsb\u00fcro gibt es einige Caf\u00e9s, Gesch\u00e4fte verschiedener Art (Geschenkartikel, Blumenl\u00e4den, Feinkost usw.) und das Museum f\u00fcr Vorgeschichte und Arch\u00e4ologie Kantabriens. <\/p>\n\t\t\t\t\t\t\t\t\t<\/div>\n\t\t\t\t\t\t\t\t\t<img decoding=\"async\" src=\"https:\/\/cdn.pilgrim.es\/web\/caminos\/camino-norte\/pueblos\/santander\/puntos-de-interes\/mercado-del-este.jpg\" alt=\"Mercado del Este\">\n\t\t\t\t\t\t\t\t<\/div>\n\t\t\t\t\t\t\t<\/div>\n\t\t\t\t\t\t\n\t\t\t\t\t\t\t<div class=\"accordion__accordion-content inactive\">\n\t\t\t\t\t\t\t\t<div>\n\t\t\t\t\t\t\t\t\t<div>\n\t\t\t\t\t\t\t\t\t\t<h4>Museo de Arte Moderno<\/h4>\n\t\t\t\t\t\t\t\t\t\t<p>Das 1908 gegr\u00fcndete MAS begann als allgemeines Museum und wurde als regionales Kunstmuseum weitergef\u00fchrt. Heute ist es ein Museum f\u00fcr zeitgen\u00f6ssische Kunst mit internationaler Ausstrahlung, dessen Aufgabe es ist, die neuesten Str\u00f6mungen des Denkens zu verbreiten und sich auf moderne und zeitgen\u00f6ssische Kunst zu spezialisieren.\n\n<p>Es verf\u00fcgt \u00fcber eine st\u00e4ndige Ausstellung mit Skulpturen, Tonarbeiten, Gem\u00e4lden, Videos, Installationen&#8230; sowie \u00fcber eine gro\u00dfe Anzahl von Wechselausstellungen pro Jahr.<\/p> <p>\n\t\t\t\t\t\t\t\t\t<\/div>\n\t\t\t\t\t\t\t\t\t<img decoding=\"async\" src=\"https:\/\/cdn.pilgrim.es\/web\/caminos\/camino-norte\/pueblos\/santander\/puntos-de-interes\/museo-de-arte-moderno.jpg\" alt=\"Museo de Arte Moderno\">\n\t\t\t\t\t\t\t\t<\/div>\n\t\t\t\t\t\t\t<\/div>\n\t\t\t\t\t\t\n\t\t\t\t\t\t\t<div class=\"accordion__accordion-content inactive\">\n\t\t\t\t\t\t\t\t<div>\n\t\t\t\t\t\t\t\t\t<div>\n\t\t\t\t\t\t\t\t\t\t<h4>Museo de Prehistoria y arqueologi\u0301a<\/h4>\n\t\t\t\t\t\t\t\t\t\t<p>Der Markt f\u00fcr Vorgeschichte und Arch\u00e4ologie befindet sich im Erdgeschoss des Marktes Ost in Santander und hat eine Fl\u00e4che von fast 2.000 m2. Er wurde zum Kulturgut erkl\u00e4rt und 1998 renoviert. Das Museum verf\u00fcgt \u00fcber eine Ausstellung, die die verschiedenen Lebensweisen in der Vorgeschichte und Geschichte Kantabriens erkl\u00e4rt. Es beherbergt eine F\u00fclle von audiovisuellen und interaktiven Medien, digitalen Postern, Szenografien&#8230; <\/p> <p>.\n\t\t\t\t\t\t\t\t\t<\/div>\n\t\t\t\t\t\t\t\t\t<img decoding=\"async\" src=\"https:\/\/cdn.pilgrim.es\/web\/caminos\/camino-norte\/pueblos\/santander\/puntos-de-interes\/museo-de-prehistoria-y-arqueologia.jpg\" alt=\"Museo de Prehistoria y arqueologi\u0301a\">\n\t\t\t\t\t\t\t\t<\/div>\n\t\t\t\t\t\t\t<\/div>\n\t\t\t\t\t\t\n\t\t\t\t\t\t\t<div class=\"accordion__accordion-content inactive\">\n\t\t\t\t\t\t\t\t<div>\n\t\t\t\t\t\t\t\t\t<div>\n\t\t\t\t\t\t\t\t\t\t<h4>Centro de Interpretacio\u0301n de la Muralla<\/h4>\n\t\t\t\t\t\t\t\t\t\t<p>Das Interpretationszentrum der Stadtmauer zeigt den letzten Abschnitt der Stadtmauer von Santander. Es erkl\u00e4rt die Entwicklung der Stadt anhand der arch\u00e4ologischen \u00dcberreste, die in diesem Gebiet gefunden wurden: Keramik, geflieste Stra\u00dfen und Strukturen alter T\u00fcrme, die den reichsten Familien der Stadt geh\u00f6rten.\n\n<\/p> <p> <\/p> <p>.\n\n<p>Besuchszeitplan<\/p> <p>Besucherstunden<\/p> <p>.\n\n<p>Dienstag um 19:00 Uhr Mittwoch, Donnerstag, Freitag und Samstag um 11:00, 12:00 und 19:00 UhrSonntag um 11:00 und 12:00 Uhr Montag (geschlossen)<\/p> <p>Dienstag um 19:00 Uhr Mittwoch, Donnerstag, Freitag und Samstag um 11:00, 12:00 und 19:00 UhrSonntag um 11:00 und 12:00 Uhr Montag (geschlossen)<\/p> &lt;p\n\n<p>INFORMATIONEN VON INTERESSE<\/p>\n\n<p>E-Mail: turismo@santander.es<\/p>\n\t\t\t\t\t\t\t\t\t<\/div>\n\t\t\t\t\t\t\t\t\t<img decoding=\"async\" src=\"https:\/\/cdn.pilgrim.es\/web\/caminos\/camino-norte\/pueblos\/santander\/puntos-de-interes\/centro-de-interpretacion-de-la-muralla.jpg\" alt=\"Centro de Interpretacio\u0301n de la Muralla\">\n\t\t\t\t\t\t\t\t<\/div>\n\t\t\t\t\t\t\t<\/div>\n\t\t\t\t\t\t\n\t\t\t\t\t\t\t<div class=\"accordion__accordion-content inactive\">\n\t\t\t\t\t\t\t\t<div>\n\t\t\t\t\t\t\t\t\t<div>\n\t\t\t\t\t\t\t\t\t\t<h4>Museo del agua<\/h4>\n\t\t\t\t\t\t\t\t\t\t<p>Das in Pronillo (Santander) gelegene Wassermuseum erkl\u00e4rt die Geschichte der Wasserversorgung der Stadt von 1874 bis zum heutigen Tag. Au\u00dferdem l\u00e4dt das Museum dazu ein, den Wasserkreislauf von der Gewinnung aus den Bergen im Inneren Santanders bis zur R\u00fcckf\u00fchrung ins Kantabrische Meer kennenzulernen.\n\t\t\t\t\t\t\t\t\t<\/div>\n\t\t\t\t\t\t\t\t\t<img decoding=\"async\" src=\"https:\/\/cdn.pilgrim.es\/web\/caminos\/camino-norte\/pueblos\/santander\/puntos-de-interes\/museo-del-agua.jpg\" alt=\"Museo del agua\">\n\t\t\t\t\t\t\t\t<\/div>\n\t\t\t\t\t\t\t<\/div>\n\t\t\t\t\t\t\n\t\t\t\t\t\t\t<div class=\"accordion__accordion-content inactive\">\n\t\t\t\t\t\t\t\t<div>\n\t\t\t\t\t\t\t\t\t<div>\n\t\t\t\t\t\t\t\t\t\t<h4>Palacio de la Riva<\/h4>\n\t\t\t\t\t\t\t\t\t\t<p>Der Palacio de la Riva wurde zum Kulturgut erkl\u00e4rt und besteht aus einem Komplex, der den Turm, die Mauern und das Denkmal des Adelshauses umfasst. Fernando de la Riva renovierte das Geb\u00e4ude Mitte des 16. Jahrhunderts, indem er den mittelalterlichen Turm an einen zweist\u00f6ckigen horizontalen K\u00f6rper mit einer offenen Fassade mit einem Portikus aus zwei Segmentb\u00f6gen anschloss, der durch eine zentrale S\u00e4ule mit korinthischem Kapitell geteilt wurde.\n\n<p>Gegenw\u00e4rtig ist es der Sitz der Fundaci\u00f3n Santander Creativa.\n\t\t\t\t\t\t\t\t\t<\/div>\n\t\t\t\t\t\t\t\t\t<img decoding=\"async\" src=\"https:\/\/cdn.pilgrim.es\/web\/caminos\/camino-norte\/pueblos\/santander\/puntos-de-interes\/palacio-de-la-riva.jpg\" alt=\"Palacio de la Riva\">\n\t\t\t\t\t\t\t\t<\/div>\n\t\t\t\t\t\t\t<\/div>\n\t\t\t\t\t\t\n\t\t\t\t\t\t\t<div class=\"accordion__accordion-content inactive\">\n\t\t\t\t\t\t\t\t<div>\n\t\t\t\t\t\t\t\t\t<div>\n\t\t\t\t\t\t\t\t\t\t<h4>Palacio y jardines de la Magdalena<\/h4>\n\t\t\t\t\t\t\t\t\t\t<p>Der auf der Halbinsel Magdalena gelegene Palast und seine G\u00e4rten wurden mit dem Ziel gebaut, von Alfons XIII. genutzt zu werden. Die Arbeiten begannen 1909 und wurden 1911 abgeschlossen. Das Palastgeb\u00e4ude hat zwei Haupteing\u00e4nge, den n\u00f6rdlichen mit einem S\u00e4ulengang und den s\u00fcdlichen mit einer Treppe. Die verschiedenen Teile des Palastes, einschlie\u00dflich des Turms, haben zahlreiche \u00d6ffnungen, durch die Licht in das Geb\u00e4ude f\u00e4llt. Im Inneren stechen die Haupttreppe und der Saal im Adam-Stil hervor. Er ist mit einer Sammlung von M\u00f6beln, Fotografien und Gem\u00e4lden aus dieser Zeit dekoriert, darunter K\u00fcnstler wie Sorolla, Sotomayor&#8230;<\/p> <p>Er ist mit einer Sammlung von M\u00f6beln, Fotografien und Gem\u00e4lden aus dieser Zeit dekoriert.\n\n<p>STUNDEN:<\/p>\n\n<p>Montag bis Freitag von 12:00 bis 13:00 Uhr und von 16:00 bis 17:00 Uhr<\/p> <p>Von Montag bis Freitag von 12:00 bis 13:00 Uhr und von 16:00 bis 17:00 Uhr<\/p>\n\t\t\t\t\t\t\t\t\t<\/div>\n\t\t\t\t\t\t\t\t\t<img decoding=\"async\" src=\"https:\/\/cdn.pilgrim.es\/web\/caminos\/camino-norte\/pueblos\/santander\/puntos-de-interes\/palacio-y-jardines-de-la-magdalena.jpg\" alt=\"Palacio y jardines de la Magdalena\">\n\t\t\t\t\t\t\t\t<\/div>\n\t\t\t\t\t\t\t<\/div>\n\t\t\t\t\t\t\n\t\t\t\t\t\t\t<div class=\"accordion__accordion-content inactive\">\n\t\t\t\t\t\t\t\t<div>\n\t\t\t\t\t\t\t\t\t<div>\n\t\t\t\t\t\t\t\t\t\t<h4>Playa del Sardinero<\/h4>\n\t\t\t\t\t\t\t\t\t\t<p>Der Sardinero-Strand gilt als der bekannteste Strand der Autonomen Gemeinschaft Kantabrien, da er \u00fcber eine Vielzahl von Dienstleistungen verf\u00fcgt und mit der Blauen Flagge ausgezeichnet wurde. Er ist etwa 330 Meter lang, obwohl er als Stadtstrand gilt.\n\t\t\t\t\t\t\t\t\t<\/div>\n\t\t\t\t\t\t\t\t\t<img decoding=\"async\" src=\"https:\/\/cdn.pilgrim.es\/web\/caminos\/camino-norte\/pueblos\/santander\/puntos-de-interes\/playa-del-sardinero.jpg\" alt=\"Playa del Sardinero\">\n\t\t\t\t\t\t\t\t<\/div>\n\t\t\t\t\t\t\t<\/div>\n\t\t\t\t\t\t\n\t\t\t\t\t\t\t<div class=\"accordion__accordion-content inactive\">\n\t\t\t\t\t\t\t\t<div>\n\t\t\t\t\t\t\t\t\t<div>\n\t\t\t\t\t\t\t\t\t\t<h4>Bateria de San Pedro<\/h4>\n\t\t\t\t\t\t\t\t\t\t<p>Die Batterie von San Pedro del Mar wurde 1763 um die gleichnamige Kapelle herum errichtet und von Joaqu\u00edn del Pino entworfen. Im Jahr 1807 wurde die Artilleriebatterie renoviert und sp\u00e4ter, um 1874, wurde die Batterie aufgrund der Karlistenkriege durch Gr\u00e4ben mit den Quellen von La Cabanera und anderen Orten verbunden, die die Landenge der Stadt abschlossen.<\/p> <p>Die Batterie von San Pedro del Mar wurde 1763 um die gleichnamige Kapelle herum gebaut und von Joaqu\u00edn del Pino entworfen.\n\t\t\t\t\t\t\t\t\t<\/div>\n\t\t\t\t\t\t\t\t\t<img decoding=\"async\" src=\"https:\/\/cdn.pilgrim.es\/web\/caminos\/camino-norte\/pueblos\/santander\/puntos-de-interes\/bateria-de-san-pedro.jpg\" alt=\"Bateria de San Pedro\">\n\t\t\t\t\t\t\t\t<\/div>\n\t\t\t\t\t\t\t<\/div>\n\t\t\t\t\t\t\n\t\t\t\t\t\t\t<div class=\"accordion__accordion-content inactive\">\n\t\t\t\t\t\t\t\t<div>\n\t\t\t\t\t\t\t\t\t<div>\n\t\t\t\t\t\t\t\t\t\t<h4>Castillo de la Corbanera<\/h4>\n\t\t\t\t\t\t\t\t\t\t<p>Die Burg von Corbanera ist eine alte Festung, die 1847 mit dem Ziel erbaut wurde, die Stadt gegen die Karlistenkriege zu verteidigen und zu sch\u00fctzen. Sie besteht aus einem Hauptturm in der Mitte, der von einer kreisf\u00f6rmigen Mauer umgeben ist, die von vier strategisch in den Himmelsrichtungen platzierten T\u00fcrmen gest\u00fctzt wird. Die Mauer hat einen Durchmesser von 50 Metern und wurde aus Mauerwerk mit M\u00f6rtel errichtet.\n\t\t\t\t\t\t\t\t\t<\/div>\n\t\t\t\t\t\t\t\t\t<img decoding=\"async\" src=\"https:\/\/cdn.pilgrim.es\/web\/caminos\/camino-norte\/pueblos\/santander\/puntos-de-interes\/castillo-de-la-corbanera.jpg\" alt=\"Castillo de la Corbanera\">\n\t\t\t\t\t\t\t\t<\/div>\n\t\t\t\t\t\t\t<\/div>\n\t\t\t\t\t\t\n\t\t\t\t\t<\/div>\n\t\t\t\t<\/div>\n\t\t\t<\/div>\n\t\t\n\n\t\t<div id=\"phonesSection\">\n\t\t\t<div>\n\t\t\t\t<h2 class=\"p-h3-town\">Informationen von Interesse<\/h2>\n\t\t\t<\/div>\n\t\t\t<div class=\"grid\">\n\t\t\t\t\n\t\t\t\t\t<div class=\"phone-number-item\">\n\t\t\t\t\t\t<div class=\"phone-number-item__icon\"><i class=\"icon-police\"><\/i><\/div>\n\t\t\t\t\t\t<div class=\"phone-number-item__title\">\n\t\t\t\t\t\t\t<h3 class=\"p-font-bold\">Ortspolizei<\/h3>\n\t\t\t\t\t\t\t<p>942 200 615<\/p>\n\t\t\t\t\t\t\t\n\t\t\t\t\t\t<\/div>\n\t\t\t\t\t<\/div>\n\t\t\t\t\n\t\t\t\t\t<div class=\"phone-number-item\">\n\t\t\t\t\t\t<div class=\"phone-number-item__icon\"><i class=\"icon-spanish-military-police\"><\/i><\/div>\n\t\t\t\t\t\t<div class=\"phone-number-item__title\">\n\t\t\t\t\t\t\t<h3 class=\"p-font-bold\">Zivilwache<\/h3>\n\t\t\t\t\t\t\t<p>942 211 117<\/p>\n\t\t\t\t\t\t\t\n\t\t\t\t\t\t<\/div>\n\t\t\t\t\t<\/div>\n\t\t\t\t\n\t\t\t\t\t<div class=\"phone-number-item\">\n\t\t\t\t\t\t<div class=\"phone-number-item__icon\"><i class=\"icon-firefighters\"><\/i><\/div>\n\t\t\t\t\t\t<div class=\"phone-number-item__title\">\n\t\t\t\t\t\t\t<h3 class=\"p-font-bold\">Feuerwehr<\/h3>\n\t\t\t\t\t\t\t<p>942 200 828<\/p>\n\t\t\t\t\t\t\t\n\t\t\t\t\t\t<\/div>\n\t\t\t\t\t<\/div>\n\t\t\t\t\n\t\t\t\t\t<div class=\"phone-number-item\">\n\t\t\t\t\t\t<div class=\"phone-number-item__icon\"><i class=\"icon-civil-protection\"><\/i><\/div>\n\t\t\t\t\t\t<div class=\"phone-number-item__title\">\n\t\t\t\t\t\t\t<h3 class=\"p-font-bold\">Zivilschutz<\/h3>\n\t\t\t\t\t\t\t<p>942 999 125<\/p>\n\t\t\t\t\t\t\t\n\t\t\t\t\t\t<\/div>\n\t\t\t\t\t<\/div>\n\t\t\t\t\n\t\t\t\t\t<div class=\"phone-number-item\">\n\t\t\t\t\t\t<div class=\"phone-number-item__icon\"><i class=\"icon-town-council\"><\/i><\/div>\n\t\t\t\t\t\t<div class=\"phone-number-item__title\">\n\t\t\t\t\t\t\t<h3 class=\"p-font-bold\">Rathaus<\/h3>\n\t\t\t\t\t\t\t<p>942 200 600<\/p>\n\t\t\t\t\t\t\t\n\t\t\t\t\t\t<\/div>\n\t\t\t\t\t<\/div>\n\t\t\t\t\n\t\t\t\t\t<div class=\"phone-number-item\">\n\t\t\t\t\t\t<div class=\"phone-number-item__icon\"><i class=\"icon-hospital\"><\/i><\/div>\n\t\t\t\t\t\t<div class=\"phone-number-item__title\">\n\t\t\t\t\t\t\t<h3 class=\"p-font-bold\">Gesundheitszentrum<\/h3>\n\t\t\t\t\t\t\t<p>942 202 770 \/ 942 612 914<\/p>\n\t\t\t\t\t\t\t\n\t\t\t\t\t\t<\/div>\n\t\t\t\t\t<\/div>\n\t\t\t\t\n\t\t\t\t\t<div class=\"phone-number-item\">\n\t\t\t\t\t\t<div class=\"phone-number-item__icon\"><i class=\"icon-tourism\"><\/i><\/div>\n\t\t\t\t\t\t<div class=\"phone-number-item__title\">\n\t\t\t\t\t\t\t<h3 class=\"p-font-bold\">Fremdenverkehrsamt<\/h3>\n\t\t\t\t\t\t\t<p>942 310 708; Horario: todos los d\u00edas de 09:00 a 21:00<\/p>\n\t\t\t\t\t\t\t\n\t\t\t\t\t\t<\/div>\n\t\t\t\t\t<\/div>\n\t\t\t\t\n\t\t\t<\/div>\n\t\t<\/div>\n\n\t\t<div id=\"clientForm\">\n        <section>\n        <img decoding=\"async\" src=\"https:\/\/cdn.pilgrim.es\/web\/home\/email-contacto.png\" alt=\"contacto\">\n        <div>\n            <p>Wir senden dir deine Planung<\/p>\n            <p>Gib uns deine Daten an und erhalte die Planung deiner Reise per E-Mail <\/p>\n            <form method=\"post\" data-url=\"\/wp-admin\/admin-ajax.php\" id=\"planner--client\" class=\"flag-right form-client\">\n    <div class=\"form-data\">\n        <input name=\"form_id\" type=\"hidden\" value=\"Formulario Leads\">\n        <input name=\"type\" type=\"hidden\" value=\"planner_client\">\n        <input type=\"text\" name=\"nombre\" value=\"\" size=\"40\" class=\"form-control\" aria-required=\"true\" aria-invalid=\"false\" placeholder=\"Name\">\n        <input type=\"email\" name=\"email\" value=\"\" size=\"40\" class=\"form-control\" aria-required=\"true\" aria-invalid=\"false\" placeholder=\"E- Mail\">\n        <input type=\"text\" id=\"phone-input\" name=\"tel\" value=\"\" size=\"40\" class=\"phone-input form-control\" aria-required=\"true\" aria-invalid=\"false\" placeholder=\"Telefon\">\n        <input type=\"hidden\" name=\"telefono\">\n    <\/div>\n    <div class=\"form-checkbox\">\n        <span>\n            Pilgrim Travel, S.L. teilt gem\u00e4\u00df Regulierung 2016\/679 mit, dass die in diesem Formular verwendeten Daten sowohl f\u00fcr die Beantwortung der m\u00f6glichen Anfragen als auch f\u00fcr die Ver\u00f6ffentlichung der Kommentare verwendet werden, mit der Zustimmung des Nutzers. Sie k\u00f6nnen Ihre Rechte in \u00dcbereinstimmung mit unserer Datenschutzbestimmungen aus\u00fcben             <a href=\"https:\/\/www.pilgrim.es\/politica-de-privacidad\/\" target=\"_blank\" rel=\"noopener noreferrer nofollow\">Datenschutzerkl\u00e4rung.<\/a>\n        <\/span>\n    <\/div>\n\n    <div class=\"form-submit\">\n        <button id=\"planner--client-create\" type=\"submit\">Anfrage senden<\/button>\n        <div class=\"loadingDiv\"><i class=\"p-spinner\"><\/i><\/div>\n    <\/div>\n\n    <div class=\"contact-content-form-success\">\n        <p><i class=\"fas fa-check\"><\/i> Das Formular hat sich erfolgreich gesendet.<\/p>\n    <\/div>\n\n    <div class=\"contact-content-form-error\">\n        <span class=\"input-error\"><\/span>\n    <\/div>\n<\/form>        <\/div>\n    <\/section>\n<\/div>\n\n\t\t<div id=\"recomendationSection\">\n\t\t\t<div>\n\t\t\t\t<h2 class=\"p-h2-town\">Empfohlen<\/h2>\n\t\t\t\t<hr>\n\t\t\t\t<h3 class=\"p-h3-town\">Gastronomie<\/h3>\n\t\t\t<\/div>\n\t\t\tZur traditionellen Gastronomie Santanders geh\u00f6ren Amayuelas, Morgueras, Panchos, Rotbarben, Bocartes, Seebarsche, Sardinen, Tintenfische, Chachones, Venusmuscheln, Bonito, Sardellen und Seebrassen.\n\nBei den Fleischgerichten sind Rindfleisch, Kalbfleisch, einj\u00e4hriges Kalb, F\u00e4rse und Ochse hervorzuheben, aber die traditionellsten Rezepte basieren meist auf Fisch oder Meeresfr\u00fcchten, wie z. B. Rabas, Rosquillas dobles, Wolfsbarsch, Sardinen und Morguera. Sehr typisch ist auch der Cocido monta\u00f1\u00e9s.\n\t\t<\/div>\n\n\n\t\t\n\t\t\t<div id=\"holidaysSection\">\n\t\t\t\t<div>\n\t\t\t\t\t<h2 class=\"p-h2-town\">Empfohlen<\/h2>\n\t\t\t\t\t<hr>\n\t\t\t\t\t<h3 class=\"p-h3-town\">Feste und Pilgerfahrten<\/h3>\n\t\t\t\t<\/div>\n\t\t\t\t<div class=\"grid holidays-grid\">\n\t\t\t\t\t\n\t\t\t\t\t\t<div>\n\t\t\t\t\t\t\t<div class=\"phone-number-item\">\n\t\t\t\t\t\t\t\t<div class=\"phone-number-item__icon\"><i class=\"icon-holiday\"><\/i><\/div>\n\t\t\t\t\t\t\t\t<div class=\"phone-number-item__title dark-text\">\n\t\t\t\t\t\t\t\t\t<p class=\"p-font-bold\">Lokaler Urlaub<\/p>\n\t\t\t\t\t\t\t\t\t<p>24 de junio: San Juan<\/p>\n\t\t\t\t\t\t\t\t<\/div>\n\t\t\t\t\t\t\t<\/div>\n\t\t\t\t\t\t<\/div>\n\t\t\t\t\t\n\t\t\t\t\t\t<div>\n\t\t\t\t\t\t\t<div class=\"phone-number-item\">\n\t\t\t\t\t\t\t\t<div class=\"phone-number-item__icon\"><i class=\"icon-holiday\"><\/i><\/div>\n\t\t\t\t\t\t\t\t<div class=\"phone-number-item__title dark-text\">\n\t\t\t\t\t\t\t\t\t<p class=\"p-font-bold\">Lokaler Urlaub<\/p>\n\t\t\t\t\t\t\t\t\t<p>25 de julio: Fiesta de Santiago Ap\u00f3stol<\/p>\n\t\t\t\t\t\t\t\t<\/div>\n\t\t\t\t\t\t\t<\/div>\n\t\t\t\t\t\t<\/div>\n\t\t\t\t\t\n\t\t\t\t\t\t<div>\n\t\t\t\t\t\t\t<div class=\"phone-number-item\">\n\t\t\t\t\t\t\t\t<div class=\"phone-number-item__icon\"><i class=\"icon-holiday\"><\/i><\/div>\n\t\t\t\t\t\t\t\t<div class=\"phone-number-item__title dark-text\">\n\t\t\t\t\t\t\t\t\t<p class=\"p-font-bold\">Lokaler Urlaub<\/p>\n\t\t\t\t\t\t\t\t\t<p>30 de agosto: Fiesta de los Santos M\u00e1rtires<\/p>\n\t\t\t\t\t\t\t\t<\/div>\n\t\t\t\t\t\t\t<\/div>\n\t\t\t\t\t\t<\/div>\n\t\t\t\t\t\n\t\t\t\t\t\t<div>\n\t\t\t\t\t\t\t<div class=\"phone-number-item\">\n\t\t\t\t\t\t\t\t<div class=\"phone-number-item__icon\"><i class=\"icon-holiday\"><\/i><\/div>\n\t\t\t\t\t\t\t\t<div class=\"phone-number-item__title dark-text\">\n\t\t\t\t\t\t\t\t\t<p class=\"p-font-bold\">Lokaler Urlaub<\/p>\n\t\t\t\t\t\t\t\t\t<p>Lunes de pentecost\u00e9s: Fiesta de la Virgen del Mar<\/p>\n\t\t\t\t\t\t\t\t<\/div>\n\t\t\t\t\t\t\t<\/div>\n\t\t\t\t\t\t<\/div>\n\t\t\t\t\t\n\t\t\t\t\t\t<div>\n\t\t\t\t\t\t\t<div class=\"phone-number-item\">\n\t\t\t\t\t\t\t\t<div class=\"phone-number-item__icon\"><i class=\"icon-holiday\"><\/i><\/div>\n\t\t\t\t\t\t\t\t<div class=\"phone-number-item__title dark-text\">\n\t\t\t\t\t\t\t\t\t<p class=\"p-font-bold\">Lokaler Urlaub<\/p>\n\t\t\t\t\t\t\t\t\t<p>Primer domingo de junio: D\u00eda infantil<\/p>\n\t\t\t\t\t\t\t\t<\/div>\n\t\t\t\t\t\t\t<\/div>\n\t\t\t\t\t\t<\/div>\n\t\t\t\t\t\n\t\t\t\t\t\t<div>\n\t\t\t\t\t\t\t<div class=\"phone-number-item\">\n\t\t\t\t\t\t\t\t<div class=\"phone-number-item__icon\"><i class=\"icon-holiday\"><\/i><\/div>\n\t\t\t\t\t\t\t\t<div class=\"phone-number-item__title dark-text\">\n\t\t\t\t\t\t\t\t\t<p class=\"p-font-bold\">Lokaler Urlaub<\/p>\n\t\t\t\t\t\t\t\t\t<p>30 de agosto al 2 de septiembre: Festival del mar<\/p>\n\t\t\t\t\t\t\t\t<\/div>\n\t\t\t\t\t\t\t<\/div>\n\t\t\t\t\t\t<\/div>\n\t\t\t\t\t\n\t\t\t\t\t\t<div>\n\t\t\t\t\t\t\t<div class=\"phone-number-item\">\n\t\t\t\t\t\t\t\t<div class=\"phone-number-item__icon\"><i class=\"icon-holiday\"><\/i><\/div>\n\t\t\t\t\t\t\t\t<div class=\"phone-number-item__title dark-text\">\n\t\t\t\t\t\t\t\t\t<p class=\"p-font-bold\">Lokaler Urlaub<\/p>\n\t\t\t\t\t\t\t\t\t<p>15 de septiembre: Fiesta de la Virgen de la Bien Aparecida<\/p>\n\t\t\t\t\t\t\t\t<\/div>\n\t\t\t\t\t\t\t<\/div>\n\t\t\t\t\t\t<\/div>\n\t\t\t\t\t\n\t\t\t\t<\/div>\n\t\t\t<\/div>\n\t\t\n\t<\/div>\n<\/section>\n\n<div id=\"stage_list_section\"><div class=\"stage-list\">\n    <div class='stage-list__map-card'>\n        <div class='stage-list__map-card__map'>\n            <div class='stage-list__map-card__map__text'>\n                <h2> Pages <\/h2>\n                <p> Zu Fu\u00df<\/p>\n                <p> 0etappen<\/p>\n            <\/div>\n            <div class='stage-list__map-card__map__img'>\n                <img decoding=\"async\" src=\"\" alt=\" mapa \" \/>\n            <\/div>\n        <\/div>\n    <\/div>\n\n    <\/div>\n<\/div> ","protected":false},"excerpt":{"rendered":"<p>Santander &#8249; Zur\u00fcck zur B\u00fchne Santander Einwohner: 173.957 aprox. Bundesland: Cantabria Informationen Get to know Santander Die Stadt Santander ist eine der gr\u00f6\u00dften St\u00e4dte Spaniens. Es ist erw\u00e4hnenswert, dass sie nicht nur die H\u00e4lfte der Bev\u00f6lkerung der gesamten Provinz Kantabrien beherbergt, sondern dass sich ihre Einwohnerzahl im Sommer dank des Einflusses des Tourismus verdoppelt. Es &hellip; <\/p>\n<p class=\"read_more\"><a href=\"https:\/\/www.pilgrim.es\/de\/weg-im-norden\/santander\/\">Leer m\u00e1s<\/a><\/p>\n","protected":false},"author":0,"featured_media":8444,"parent":10670,"menu_order":0,"comment_status":"closed","ping_status":"closed","template":"views\/template-new-web-design.blade.php","meta":{"footnotes":""},"categories":[],"tags":[],"class_list":["post-91274","page","type-page","status-publish","has-post-thumbnail","hentry"],"yoast_head":"<!-- This site is optimized with the Yoast SEO plugin v27.4 - https:\/\/yoast.com\/product\/yoast-seo-wordpress\/ -->\n<title>Santander: Was sehen und wo \u00fcbernachten | Jakobsweg | Pilgrim<\/title>\n<meta name=\"description\" content=\"Santander Entdecken Sie alle Informationen \u00fcber Unterk\u00fcnfte, Anreise, Gastronomie und die wichtigsten Sehensw\u00fcrdigkeiten der Orte am K\u00fcstenweg\" \/>\n<meta name=\"robots\" content=\"index, follow, max-snippet:-1, max-image-preview:large, max-video-preview:-1\" \/>\n<link rel=\"canonical\" href=\"https:\/\/www.pilgrim.es\/de\/weg-im-norden\/santander\/\" \/>\n<meta property=\"og:locale\" content=\"de_DE\" \/>\n<meta property=\"og:type\" content=\"article\" \/>\n<meta property=\"og:title\" content=\"Santander: Was sehen und wo \u00fcbernachten | Jakobsweg | Pilgrim\" \/>\n<meta property=\"og:description\" content=\"Santander Entdecken Sie alle Informationen \u00fcber Unterk\u00fcnfte, Anreise, Gastronomie und die wichtigsten Sehensw\u00fcrdigkeiten der Orte am K\u00fcstenweg\" \/>\n<meta property=\"og:url\" content=\"https:\/\/www.pilgrim.es\/de\/weg-im-norden\/santander\/\" \/>\n<meta property=\"og:site_name\" content=\"Pilgrim\" \/>\n<meta property=\"article:publisher\" content=\"https:\/\/www.facebook.com\/pilgrim.es\/\" \/>\n<meta property=\"og:image\" content=\"https:\/\/www.pilgrim.es\/wp-content\/uploads\/2019\/02\/santander1.jpg\" \/>\n\t<meta property=\"og:image:width\" content=\"1024\" \/>\n\t<meta property=\"og:image:height\" content=\"721\" \/>\n\t<meta property=\"og:image:type\" content=\"image\/jpeg\" \/>\n<meta name=\"twitter:card\" content=\"summary_large_image\" \/>\n<meta name=\"twitter:site\" content=\"@pilgrim_es\" \/>\n<meta name=\"twitter:label1\" content=\"Gesch\u00e4tzte Lesezeit\" \/>\n\t<meta name=\"twitter:data1\" content=\"16\u00a0Minuten\" \/>\n<script type=\"application\/ld+json\" class=\"yoast-schema-graph\">{\"@context\":\"https:\\\/\\\/schema.org\",\"@graph\":[{\"@type\":\"WebPage\",\"@id\":\"https:\\\/\\\/www.pilgrim.es\\\/de\\\/weg-im-norden\\\/santander\\\/\",\"url\":\"https:\\\/\\\/www.pilgrim.es\\\/de\\\/weg-im-norden\\\/santander\\\/\",\"name\":\"Santander: Was sehen und wo \u00fcbernachten | Jakobsweg | Pilgrim\",\"isPartOf\":{\"@id\":\"https:\\\/\\\/www.pilgrim.es\\\/de\\\/#website\"},\"primaryImageOfPage\":{\"@id\":\"https:\\\/\\\/www.pilgrim.es\\\/de\\\/weg-im-norden\\\/santander\\\/#primaryimage\"},\"image\":{\"@id\":\"https:\\\/\\\/www.pilgrim.es\\\/de\\\/weg-im-norden\\\/santander\\\/#primaryimage\"},\"thumbnailUrl\":\"https:\\\/\\\/www.pilgrim.es\\\/wp-content\\\/uploads\\\/2019\\\/02\\\/santander1.jpg\",\"datePublished\":\"2025-03-17T14:46:13+00:00\",\"description\":\"Santander Entdecken Sie alle Informationen \u00fcber Unterk\u00fcnfte, Anreise, Gastronomie und die wichtigsten Sehensw\u00fcrdigkeiten der Orte am K\u00fcstenweg\",\"breadcrumb\":{\"@id\":\"https:\\\/\\\/www.pilgrim.es\\\/de\\\/weg-im-norden\\\/santander\\\/#breadcrumb\"},\"inLanguage\":\"de\",\"potentialAction\":[{\"@type\":\"ReadAction\",\"target\":[\"https:\\\/\\\/www.pilgrim.es\\\/de\\\/weg-im-norden\\\/santander\\\/\"]}]},{\"@type\":\"ImageObject\",\"inLanguage\":\"de\",\"@id\":\"https:\\\/\\\/www.pilgrim.es\\\/de\\\/weg-im-norden\\\/santander\\\/#primaryimage\",\"url\":\"https:\\\/\\\/www.pilgrim.es\\\/wp-content\\\/uploads\\\/2019\\\/02\\\/santander1.jpg\",\"contentUrl\":\"https:\\\/\\\/www.pilgrim.es\\\/wp-content\\\/uploads\\\/2019\\\/02\\\/santander1.jpg\",\"width\":1024,\"height\":721,\"caption\":\"Santander\"},{\"@type\":\"BreadcrumbList\",\"@id\":\"https:\\\/\\\/www.pilgrim.es\\\/de\\\/weg-im-norden\\\/santander\\\/#breadcrumb\",\"itemListElement\":[{\"@type\":\"ListItem\",\"position\":1,\"name\":\"Camino de Santiago\",\"item\":\"https:\\\/\\\/www.pilgrim.es\\\/de\\\/\"},{\"@type\":\"ListItem\",\"position\":2,\"name\":\"Weg im Norden\",\"item\":\"https:\\\/\\\/www.pilgrim.es\\\/de\\\/weg-im-norden\\\/\"},{\"@type\":\"ListItem\",\"position\":3,\"name\":\"Santander\"}]},{\"@type\":\"WebSite\",\"@id\":\"https:\\\/\\\/www.pilgrim.es\\\/de\\\/#website\",\"url\":\"https:\\\/\\\/www.pilgrim.es\\\/de\\\/\",\"name\":\"Pilgrim\",\"description\":\"Camino de Santiago | Caminamos Contigo\",\"publisher\":{\"@id\":\"https:\\\/\\\/www.pilgrim.es\\\/de\\\/#organization\"},\"potentialAction\":[{\"@type\":\"SearchAction\",\"target\":{\"@type\":\"EntryPoint\",\"urlTemplate\":\"https:\\\/\\\/www.pilgrim.es\\\/de\\\/?s={search_term_string}\"},\"query-input\":{\"@type\":\"PropertyValueSpecification\",\"valueRequired\":true,\"valueName\":\"search_term_string\"}}],\"inLanguage\":\"de\"},{\"@type\":\"Organization\",\"@id\":\"https:\\\/\\\/www.pilgrim.es\\\/de\\\/#organization\",\"name\":\"Pilgrim Camino de Santiago\",\"url\":\"https:\\\/\\\/www.pilgrim.es\\\/de\\\/\",\"logo\":{\"@type\":\"ImageObject\",\"inLanguage\":\"de\",\"@id\":\"https:\\\/\\\/www.pilgrim.es\\\/de\\\/#\\\/schema\\\/logo\\\/image\\\/\",\"url\":\"https:\\\/\\\/www.pilgrim.es\\\/wp-content\\\/uploads\\\/2019\\\/04\\\/logo_pilgrim.png\",\"contentUrl\":\"https:\\\/\\\/www.pilgrim.es\\\/wp-content\\\/uploads\\\/2019\\\/04\\\/logo_pilgrim.png\",\"width\":512,\"height\":512,\"caption\":\"Pilgrim Camino de Santiago\"},\"image\":{\"@id\":\"https:\\\/\\\/www.pilgrim.es\\\/de\\\/#\\\/schema\\\/logo\\\/image\\\/\"},\"sameAs\":[\"https:\\\/\\\/www.facebook.com\\\/pilgrim.es\\\/\",\"https:\\\/\\\/x.com\\\/pilgrim_es\",\"https:\\\/\\\/www.instagram.com\\\/pilgrim.es\\\/\",\"https:\\\/\\\/www.linkedin.com\\\/company\\\/pilgrim-camino-de-santiago\\\/\",\"https:\\\/\\\/www.pinterest.es\\\/pilgrimcaminodesantiago\\\/\",\"https:\\\/\\\/www.youtube.com\\\/channel\\\/UCIv2ZzFLXVqthkNF32rKedw\\\/featured\"]}]}<\/script>\n<!-- \/ Yoast SEO plugin. -->","yoast_head_json":{"title":"Santander: Was sehen und wo \u00fcbernachten | Jakobsweg | Pilgrim","description":"Santander Entdecken Sie alle Informationen \u00fcber Unterk\u00fcnfte, Anreise, Gastronomie und die wichtigsten Sehensw\u00fcrdigkeiten der Orte am K\u00fcstenweg","robots":{"index":"index","follow":"follow","max-snippet":"max-snippet:-1","max-image-preview":"max-image-preview:large","max-video-preview":"max-video-preview:-1"},"canonical":"https:\/\/www.pilgrim.es\/de\/weg-im-norden\/santander\/","og_locale":"de_DE","og_type":"article","og_title":"Santander: Was sehen und wo \u00fcbernachten | Jakobsweg | Pilgrim","og_description":"Santander Entdecken Sie alle Informationen \u00fcber Unterk\u00fcnfte, Anreise, Gastronomie und die wichtigsten Sehensw\u00fcrdigkeiten der Orte am K\u00fcstenweg","og_url":"https:\/\/www.pilgrim.es\/de\/weg-im-norden\/santander\/","og_site_name":"Pilgrim","article_publisher":"https:\/\/www.facebook.com\/pilgrim.es\/","og_image":[{"width":1024,"height":721,"url":"https:\/\/www.pilgrim.es\/wp-content\/uploads\/2019\/02\/santander1.jpg","type":"image\/jpeg"}],"twitter_card":"summary_large_image","twitter_site":"@pilgrim_es","twitter_misc":{"Gesch\u00e4tzte Lesezeit":"16\u00a0Minuten"},"schema":{"@context":"https:\/\/schema.org","@graph":[{"@type":"WebPage","@id":"https:\/\/www.pilgrim.es\/de\/weg-im-norden\/santander\/","url":"https:\/\/www.pilgrim.es\/de\/weg-im-norden\/santander\/","name":"Santander: Was sehen und wo \u00fcbernachten | Jakobsweg | Pilgrim","isPartOf":{"@id":"https:\/\/www.pilgrim.es\/de\/#website"},"primaryImageOfPage":{"@id":"https:\/\/www.pilgrim.es\/de\/weg-im-norden\/santander\/#primaryimage"},"image":{"@id":"https:\/\/www.pilgrim.es\/de\/weg-im-norden\/santander\/#primaryimage"},"thumbnailUrl":"https:\/\/www.pilgrim.es\/wp-content\/uploads\/2019\/02\/santander1.jpg","datePublished":"2025-03-17T14:46:13+00:00","description":"Santander Entdecken Sie alle Informationen \u00fcber Unterk\u00fcnfte, Anreise, Gastronomie und die wichtigsten Sehensw\u00fcrdigkeiten der Orte am K\u00fcstenweg","breadcrumb":{"@id":"https:\/\/www.pilgrim.es\/de\/weg-im-norden\/santander\/#breadcrumb"},"inLanguage":"de","potentialAction":[{"@type":"ReadAction","target":["https:\/\/www.pilgrim.es\/de\/weg-im-norden\/santander\/"]}]},{"@type":"ImageObject","inLanguage":"de","@id":"https:\/\/www.pilgrim.es\/de\/weg-im-norden\/santander\/#primaryimage","url":"https:\/\/www.pilgrim.es\/wp-content\/uploads\/2019\/02\/santander1.jpg","contentUrl":"https:\/\/www.pilgrim.es\/wp-content\/uploads\/2019\/02\/santander1.jpg","width":1024,"height":721,"caption":"Santander"},{"@type":"BreadcrumbList","@id":"https:\/\/www.pilgrim.es\/de\/weg-im-norden\/santander\/#breadcrumb","itemListElement":[{"@type":"ListItem","position":1,"name":"Camino de Santiago","item":"https:\/\/www.pilgrim.es\/de\/"},{"@type":"ListItem","position":2,"name":"Weg im Norden","item":"https:\/\/www.pilgrim.es\/de\/weg-im-norden\/"},{"@type":"ListItem","position":3,"name":"Santander"}]},{"@type":"WebSite","@id":"https:\/\/www.pilgrim.es\/de\/#website","url":"https:\/\/www.pilgrim.es\/de\/","name":"Pilgrim","description":"Camino de Santiago | Caminamos Contigo","publisher":{"@id":"https:\/\/www.pilgrim.es\/de\/#organization"},"potentialAction":[{"@type":"SearchAction","target":{"@type":"EntryPoint","urlTemplate":"https:\/\/www.pilgrim.es\/de\/?s={search_term_string}"},"query-input":{"@type":"PropertyValueSpecification","valueRequired":true,"valueName":"search_term_string"}}],"inLanguage":"de"},{"@type":"Organization","@id":"https:\/\/www.pilgrim.es\/de\/#organization","name":"Pilgrim Camino de Santiago","url":"https:\/\/www.pilgrim.es\/de\/","logo":{"@type":"ImageObject","inLanguage":"de","@id":"https:\/\/www.pilgrim.es\/de\/#\/schema\/logo\/image\/","url":"https:\/\/www.pilgrim.es\/wp-content\/uploads\/2019\/04\/logo_pilgrim.png","contentUrl":"https:\/\/www.pilgrim.es\/wp-content\/uploads\/2019\/04\/logo_pilgrim.png","width":512,"height":512,"caption":"Pilgrim Camino de Santiago"},"image":{"@id":"https:\/\/www.pilgrim.es\/de\/#\/schema\/logo\/image\/"},"sameAs":["https:\/\/www.facebook.com\/pilgrim.es\/","https:\/\/x.com\/pilgrim_es","https:\/\/www.instagram.com\/pilgrim.es\/","https:\/\/www.linkedin.com\/company\/pilgrim-camino-de-santiago\/","https:\/\/www.pinterest.es\/pilgrimcaminodesantiago\/","https:\/\/www.youtube.com\/channel\/UCIv2ZzFLXVqthkNF32rKedw\/featured"]}]}},"_links":{"self":[{"href":"https:\/\/www.pilgrim.es\/de\/wp-json\/wp\/v2\/pages\/91274","targetHints":{"allow":["GET"]}}],"collection":[{"href":"https:\/\/www.pilgrim.es\/de\/wp-json\/wp\/v2\/pages"}],"about":[{"href":"https:\/\/www.pilgrim.es\/de\/wp-json\/wp\/v2\/types\/page"}],"replies":[{"embeddable":true,"href":"https:\/\/www.pilgrim.es\/de\/wp-json\/wp\/v2\/comments?post=91274"}],"version-history":[{"count":0,"href":"https:\/\/www.pilgrim.es\/de\/wp-json\/wp\/v2\/pages\/91274\/revisions"}],"up":[{"embeddable":true,"href":"https:\/\/www.pilgrim.es\/de\/wp-json\/wp\/v2\/pages\/10670"}],"wp:featuredmedia":[{"embeddable":true,"href":"https:\/\/www.pilgrim.es\/de\/wp-json\/wp\/v2\/media\/8444"}],"wp:attachment":[{"href":"https:\/\/www.pilgrim.es\/de\/wp-json\/wp\/v2\/media?parent=91274"}],"wp:term":[{"taxonomy":"category","embeddable":true,"href":"https:\/\/www.pilgrim.es\/de\/wp-json\/wp\/v2\/categories?post=91274"},{"taxonomy":"post_tag","embeddable":true,"href":"https:\/\/www.pilgrim.es\/de\/wp-json\/wp\/v2\/tags?post=91274"}],"curies":[{"name":"wp","href":"https:\/\/api.w.org\/{rel}","templated":true}]}}