{"id":91265,"date":"2025-03-17T14:43:20","date_gmt":"2025-03-17T14:43:20","guid":{"rendered":"https:\/\/www.pilgrim.es\/weg-im-norden\/castro-urdiales\/"},"modified":"2025-03-17T14:43:20","modified_gmt":"2025-03-17T14:43:20","slug":"castro-urdiales","status":"publish","type":"page","link":"https:\/\/www.pilgrim.es\/de\/weg-im-norden\/castro-urdiales\/","title":{"rendered":"Castro Urdiales"},"content":{"rendered":" <section id=\"hero\">\n\t<h1>Castro Urdiales<\/h1>\n\t<div class=\"hero-grid\">\n\t\t<div class=\"hero-grid__town-col\" data-background=\"https:\/\/cdn.pilgrim.es\/web\/caminos\/camino-norte\/pueblos\/castro-urdiales.jpg\">\n\t\t\t<div>\n\t\t\t\t<a class=\"link-to-stage\" href=\"https:\/\/www.pilgrim.es\/camino-norte\/etapa-9-portugalete-pobenacastro-urdiales\/\">\n\t\t\t\t\t<p>&#8249; Zur\u00fcck zur B\u00fchne<\/p>\n\t\t\t\t<\/a>\n\n\t\t\t\t<div class=\"town-data\">\n\t\t\t\t\t<h2>Castro Urdiales<\/h2>\n\t\t\t\t\t<ul>\n\t\t\t\t\t\t<li>Einwohner: 32.144 aprox.<\/li>\n\t\t\t\t\t\t<li>Bundesland: Cantabria<\/li>\n\t\t\t\t\t<\/ul>\n\t\t\t\t<\/div>\n\t\t\t<\/div>\n\t\t<\/div>\n\t\t<div class=\"hero-grid__planner-col\"><div\r\n  class=\"p-col-span-1 p-rounded-lg p-px-5 p-h-full\"\r\n  style=\"background-image: url('https:\/\/cdn.pilgrim.es\/web\/pilgrim-planner\/bg-plugin-planificador.webp')\"\r\n  rel=\"preload\"\r\n  fetchpriority=\"high\"\r\n  >\r\n    <div class=\"p-text-center p-pt-5 p-text-white p-text-2xl p-font-semibold\">\r\n      Plane deinen Weg    <\/div>\r\n    <div\r\n            id='primary-app'\r\n            data-name='banner'\r\n            data-api='https:\/\/pathfinder.pilgrim.es\/api\/pathfinder\/v2'\r\n            data-mode='normal'\r\n            data-lang='de'\r\n            data-route='1'\r\n            data-destiny='https:\/\/planificador.pilgrim.es'\r\n            data-modality='1'\r\n            data-inline=''\r\n        ><\/div><\/div><\/div>\n\t<\/div>\n<\/section>\n\n<section id=\"infoTown\">\n\t<div class=\"sections-town\">\n\n\t\t<div id=\"informationSection\">\n\t\t\t<div>\n\t\t\t\t<h2 class=\"p-h2-town\">Informationen<\/h2>\n\t\t\t\t<hr>\n\t\t\t\t<h3 class=\"p-h3-town\">Get to know Castro Urdiales<\/h3>\n\t\t\t<\/div>\n\t\t\t<p>Die Stadt Castro de Urdiales liegt am westlichsten Punkt der Provinz Kantabrien, au\u00dferdem ist dies die bev\u00f6lkerungsreichste Gemeinde der Provinz nach den Gro\u00dfst\u00e4dten Santander und Torrelavega.<\/p> <p>An dieser Station wird es dem Pilger an nichts fehlen, Castro Urdiales bietet alle und so viele Dienstleistungen, wie der Pilger ben\u00f6tigt.<\/p> <p>Die Stadt Castro de Urdiales liegt am westlichsten Punkt der Provinz Kantabrien, au\u00dferdem ist dies die bev\u00f6lkerungsreichste Gemeinde der Provinz nach den Gro\u00dfst\u00e4dten Santander und Torrelavega.\n\t\t<\/div>\n\n\t\t<div id=\"locationSection\">\n\t\t\t<div>\n\t\t\t\t<h2 class=\"p-h2-town\">Standort<\/h2>\n\t\t\t\t<hr>\n\t\t\t\t<h3 class=\"p-h3-town\">Wegbeschreibung<\/h3>\n\t\t\t<\/div>\n\t\t\t<p>Um in diese Stadt zu gelangen, m\u00fcssen Sie eine der folgenden Stra\u00dfen nehmen: die Autobahn A-8, die E-70, die Nationalstra\u00dfe N-634, die CA-250, die CA-520, die CA-522 und die CA-523, die alle Castro de Urdiales mit St\u00e4dten wie Ir\u00fan, Santiago, San Sebasti\u00e1n, S\u00e1samo, Santull\u00e1n und Ota\u00f1es verbinden, und andere.\n\n<p>Eine weitere M\u00f6glichkeit ist der Bus, es gibt regelm\u00e4\u00dfige Linien, die Sie von verschiedenen Punkten wie Bilbao, Barakaldo, Gij\u00f3n, Ir\u00fan, Santander, Zaragoza, Pamplona, Castro, Casa Blanca, Cotolino, Guriezo, Baltezana, Herguera, etc.<\/p> <p>ankommen lassen.\n\t\t\t<div>\n\t\t\t\t<div>\n  <iframe loading=\"lazy\"\n    src=\"https:\/\/www.google.com\/maps\/d\/embed?mid=1gdb4UTwXeS2OhTLcnG2xhWBym2vr0ik&amp;ehbc=2E312F\"\n    width=\"640\"\n    height=\"480\"\n    alt=\"Mapa Castro Urdiales\"\n  ><\/iframe>\n<\/div>\n\n\t\t\t<\/div>\n\t\t<\/div>\n\n\t\t\n\t\t\t<div id=\"toVisitSection\">\n\t\t\t\t<div>\n\t\t\t\t\t<h2 class=\"p-h2-town\">Geschichte \/ Kultur<\/h2>\n\t\t\t\t\t<hr>\n\t\t\t\t\t<h3 class=\"p-h3-town\">Was es zu sehen gibt<\/h3>\n\t\t\t\t<\/div>\n\t\t\t\t<div>\n\t\t\t\t\t<div class=\"accordion\">\n\t\t\t\t\t\t<div class=\"accordion__menu\">\n\t\t\t\t\t\t\t<nav>\n\t\t\t\t\t\t\t\t\n\t\t\t\t\t\t\t\t\t<button class=\"nav-tab-accordion active\"><span>&#10093;<\/span><span> Casa de los Chelines<\/span><\/button>\n\t\t\t\t\t\t\t\t\n\t\t\t\t\t\t\t\t\t<button class=\"nav-tab-accordion \"><span>&#10093;<\/span><span> Casa Isidra del Cerro<\/span><\/button>\n\t\t\t\t\t\t\t\t\n\t\t\t\t\t\t\t\t\t<button class=\"nav-tab-accordion \"><span>&#10093;<\/span><span> Casa Sotileza<\/span><\/button>\n\t\t\t\t\t\t\t\t\n\t\t\t\t\t\t\t\t\t<button class=\"nav-tab-accordion \"><span>&#10093;<\/span><span> Castro de la Pen\u0303a de Sa\u0301mano<\/span><\/button>\n\t\t\t\t\t\t\t\t\n\t\t\t\t\t\t\t\t\t<button class=\"nav-tab-accordion \"><span>&#10093;<\/span><span> Chalet de los San Marti\u0301n<\/span><\/button>\n\t\t\t\t\t\t\t\t\n\t\t\t\t\t\t\t\t\t<button class=\"nav-tab-accordion \"><span>&#10093;<\/span><span> Cueva de la Lastrilla<\/span><\/button>\n\t\t\t\t\t\t\t\t\n\t\t\t\t\t\t\t\t\t<button class=\"nav-tab-accordion \"><span>&#10093;<\/span><span> Cueva Grande<\/span><\/button>\n\t\t\t\t\t\t\t\t\n\t\t\t\t\t\t\t\t\t<button class=\"nav-tab-accordion \"><span>&#10093;<\/span><span> El San Guille\u0301n<\/span><\/button>\n\t\t\t\t\t\t\t\t\n\t\t\t\t\t\t\t\t\t<button class=\"nav-tab-accordion \"><span>&#10093;<\/span><span> Ermita de Santa Ana<\/span><\/button>\n\t\t\t\t\t\t\t\t\n\t\t\t\t\t\t\t\t\t<button class=\"nav-tab-accordion \"><span>&#10093;<\/span><span> Iglesia de Santa Mar\u00eda de la Asunci\u00f3n<\/span><\/button>\n\t\t\t\t\t\t\t\t\n\t\t\t\t\t\t\t\t\t<button class=\"nav-tab-accordion \"><span>&#10093;<\/span><span> Conduccio\u0301n de agua El Chorrillo<\/span><\/button>\n\t\t\t\t\t\t\t\t\n\t\t\t\t\t\t\t\t\t<button class=\"nav-tab-accordion \"><span>&#10093;<\/span><span> Mercado Municipal<\/span><\/button>\n\t\t\t\t\t\t\t\t\n\t\t\t\t\t\t\t\t\t<button class=\"nav-tab-accordion \"><span>&#10093;<\/span><span> Palacete y Jardines de los Ocharan<\/span><\/button>\n\t\t\t\t\t\t\t\t\n\t\t\t\t\t\t\t\t\t<button class=\"nav-tab-accordion \"><span>&#10093;<\/span><span> Residencia Pedro Velarte<\/span><\/button>\n\t\t\t\t\t\t\t\t\n\t\t\t\t\t\t\t\t\t<button class=\"nav-tab-accordion \"><span>&#10093;<\/span><span> Ruinas de la Iglesia de San Pedro<\/span><\/button>\n\t\t\t\t\t\t\t\t\n\t\t\t\t\t\t\t\t\t<button class=\"nav-tab-accordion \"><span>&#10093;<\/span><span> Torre de Otanes<\/span><\/button>\n\t\t\t\t\t\t\t\t\n\t\t\t\t\t\t\t\t\t<button class=\"nav-tab-accordion \"><span>&#10093;<\/span><span> Antiguo Hospital Santo Civil<\/span><\/button>\n\t\t\t\t\t\t\t\t\n\t\t\t\t\t\t\t\t\t<button class=\"nav-tab-accordion \"><span>&#10093;<\/span><span> Casa de la naturaleza<\/span><\/button>\n\t\t\t\t\t\t\t\t\n\t\t\t\t\t\t\t<\/nav>\n\t\t\t\t\t\t<\/div>\n\n\t\t\t\t\t\t\n\t\t\t\t\t\t\t<div class=\"accordion__accordion-content \">\n\t\t\t\t\t\t\t\t<div>\n\t\t\t\t\t\t\t\t\t<div>\n\t\t\t\t\t\t\t\t\t\t<h4>Casa de los Chelines<\/h4>\n\t\t\t\t\t\t\t\t\t\t<p>Die Casa de los Chelines ist ein 1902 erbautes neugotisches Geb\u00e4ude mit modernistischen Einfl\u00fcssen, das zum Kulturgut erkl\u00e4rt wurde. Das Geb\u00e4ude ist um einen zentralen Innenhof herum angeordnet, von dem f\u00fcnf Stockwerke auskragen. Im Erdgeschoss sind einige Gesch\u00e4fte untergebracht und die vier oberen Stockwerke werden als Wohnr\u00e4ume genutzt.<\/p> <p>Das Geb\u00e4ude verf\u00fcgt \u00fcber einen zentralen Innenhof mit einem zentralen Innenhof.\n\n<p>Die Fassade wird durch einen Laubengang mit Arkaden im Erdgeschoss und rechteckigen Fenstern mit gotischem Dekor in den folgenden Stockwerken gebildet. Das auff\u00e4lligste Merkmal ist der reich verzierte Erker in der Mitte des Geb\u00e4udes, der ebenfalls mit gotischen Motiven verziert ist.\n\t\t\t\t\t\t\t\t\t<\/div>\n\t\t\t\t\t\t\t\t\t<img decoding=\"async\" src=\"https:\/\/cdn.pilgrim.es\/web\/caminos\/camino-norte\/pueblos\/castro-urdiales\/puntos-de-interes\/casa-de-los-chelines.jpg\" alt=\"Casa de los Chelines\">\n\t\t\t\t\t\t\t\t<\/div>\n\t\t\t\t\t\t\t<\/div>\n\t\t\t\t\t\t\n\t\t\t\t\t\t\t<div class=\"accordion__accordion-content inactive\">\n\t\t\t\t\t\t\t\t<div>\n\t\t\t\t\t\t\t\t\t<div>\n\t\t\t\t\t\t\t\t\t\t<h4>Casa Isidra del Cerro<\/h4>\n\t\t\t\t\t\t\t\t\t\t<p>Die Casa Isidra del Cerro, die 1990 zum Kulturgut erkl\u00e4rt wurde, gilt als das erste Geb\u00e4ude in Spanien, in dem ein Aufzug eingebaut wurde. Es wurde von Leonardo Rucabado erbaut und hat eine Fassade mit zahlreichen Balkonen, von denen aus man im Vordergrund das Meer sehen kann. Es hat eine Fassade, die drei Stra\u00dfen zugewandt ist, und ist in drei Stockwerke unterteilt, die von einem Dachboden gekr\u00f6nt werden.\n\t\t\t\t\t\t\t\t\t<\/div>\n\t\t\t\t\t\t\t\t\t<img decoding=\"async\" src=\"https:\/\/cdn.pilgrim.es\/web\/caminos\/camino-norte\/pueblos\/castro-urdiales\/puntos-de-interes\/casa-isidra-del-cerro.jpg\" alt=\"Casa Isidra del Cerro\">\n\t\t\t\t\t\t\t\t<\/div>\n\t\t\t\t\t\t\t<\/div>\n\t\t\t\t\t\t\n\t\t\t\t\t\t\t<div class=\"accordion__accordion-content inactive\">\n\t\t\t\t\t\t\t\t<div>\n\t\t\t\t\t\t\t\t\t<div>\n\t\t\t\t\t\t\t\t\t\t<h4>Casa Sotileza<\/h4>\n\t\t\t\t\t\t\t\t\t\t<p>Das Haus Sotileza wurde 1913 von dem Architekten Leonardo Rucabado zusammen mit f\u00fcnf anderen Villen, die er in der Stadt Castro Urdiales baute, errichtet.  Das Geb\u00e4ude ist seit 1989 zum Kulturgut erkl\u00e4rt worden.\n\n<p>Es besteht aus einem dreist\u00f6ckigen Geb\u00e4ude, an das ein Turm angebaut ist. Das herausragendste Merkmal des Geb\u00e4udes sind die S\u00e4uleng\u00e4nge im Erdgeschoss, die aus einer Reihe von halbkreisf\u00f6rmigen Arkaden bestehen. <\/p>\n\t\t\t\t\t\t\t\t\t<\/div>\n\t\t\t\t\t\t\t\t\t<img decoding=\"async\" src=\"https:\/\/cdn.pilgrim.es\/web\/caminos\/camino-norte\/pueblos\/castro-urdiales\/puntos-de-interes\/casa-sotileza.jpg\" alt=\"Casa Sotileza\">\n\t\t\t\t\t\t\t\t<\/div>\n\t\t\t\t\t\t\t<\/div>\n\t\t\t\t\t\t\n\t\t\t\t\t\t\t<div class=\"accordion__accordion-content inactive\">\n\t\t\t\t\t\t\t\t<div>\n\t\t\t\t\t\t\t\t\t<div>\n\t\t\t\t\t\t\t\t\t\t<h4>Castro de la Pen\u0303a de Sa\u0301mano<\/h4>\n\t\t\t\t\t\t\t\t\t\t<p>Castro de la Pe\u00f1a de S\u00e1mano ist eine befestigte Siedlung, die auf dem Gipfel des Pe\u00f1a de Santull\u00e1n liegt und den Charakter einer Festung hat, da die Umfassungsmauer mehr als 2 Meter breit ist und einen Wachturm besitzt. Diese Mauer hat ein kleines Eingangstor, das &#8222;Puerta del Valleg\u00f3n&#8220; genannt wird.\n\n<p>Im Inneren des Castros gibt es zwei verschiedene Sektoren: Im ersten Bereich befinden sich einige \u00dcberreste der alten Wohnh\u00e4user und der gegen\u00fcberliegende Bereich ist v\u00f6llig leer. Im westlichen Teil des Castro befindet sich eine kleine H\u00f6hle, die als &#8222;La Cueva del Ziguste&#8220; bekannt ist und in der zahlreiche Materialien aus der Megalithzeit gefunden wurden.\n\t\t\t\t\t\t\t\t\t<\/div>\n\t\t\t\t\t\t\t\t\t<img decoding=\"async\" src=\"https:\/\/cdn.pilgrim.es\/web\/caminos\/camino-norte\/pueblos\/castro-urdiales\/puntos-de-interes\/castro-de-la-pena-de-samano.jpg\" alt=\"Castro de la Pen\u0303a de Sa\u0301mano\">\n\t\t\t\t\t\t\t\t<\/div>\n\t\t\t\t\t\t\t<\/div>\n\t\t\t\t\t\t\n\t\t\t\t\t\t\t<div class=\"accordion__accordion-content inactive\">\n\t\t\t\t\t\t\t\t<div>\n\t\t\t\t\t\t\t\t\t<div>\n\t\t\t\t\t\t\t\t\t\t<h4>Chalet de los San Marti\u0301n<\/h4>\n\t\t\t\t\t\t\t\t\t\t<p>Das Chalet de los San Mart\u00edn im malerischen eklektischen Stil wurde im Jahr 1900 von Gregorio de Ibarreche erbaut und besteht aus drei Stockwerken und einem Untergeschoss. Seine Hauptfassade hat einen gro\u00dfen Holzbalkon \u00fcber einer gro\u00dfen Terrasse. <\/p>\n\n<p>Heute sind die bemerkenswertesten Merkmale des Geb\u00e4udes die Gesimse und D\u00e4cher, die unterschiedliche Formen und H\u00f6hen haben. <\/p>\n\t\t\t\t\t\t\t\t\t<\/div>\n\t\t\t\t\t\t\t\t\t<img decoding=\"async\" src=\"https:\/\/cdn.pilgrim.es\/web\/caminos\/camino-norte\/pueblos\/castro-urdiales\/puntos-de-interes\/chalet-de-los-san-martin.jpg\" alt=\"Chalet de los San Marti\u0301n\">\n\t\t\t\t\t\t\t\t<\/div>\n\t\t\t\t\t\t\t<\/div>\n\t\t\t\t\t\t\n\t\t\t\t\t\t\t<div class=\"accordion__accordion-content inactive\">\n\t\t\t\t\t\t\t\t<div>\n\t\t\t\t\t\t\t\t\t<div>\n\t\t\t\t\t\t\t\t\t\t<h4>Cueva de la Lastrilla<\/h4>\n\t\t\t\t\t\t\t\t\t\t<p>La Cueva de La Lastrilla ist eine mehr als 13 Kilometer lange H\u00f6hle mit H\u00f6hlenmalereien aus dem Jungpal\u00e4olithikum (Gravetian oder Solutrense) und wurde 1998 zum Kulturgut erkl\u00e4rt. <\/p>\n\n<p>In der Vorhalle wurden handgefertigte T\u00f6pferwaren gefunden, darunter ein komplettes Gef\u00e4\u00df, und in der oberen Vorhalle wurden drei Einzelgr\u00e4ber gefunden. Im Inneren, in einem kleinen Raum, wurden zahlreiche arch\u00e4ologische \u00dcberreste gefunden, darunter eine Keramikschale, ein Ebersto\u00dfzahn und eine unvollst\u00e4ndige rote H\u00f6hlenmalerei, die als Ziege interpretiert werden kann.\n\t\t\t\t\t\t\t\t\t<\/div>\n\t\t\t\t\t\t\t\t\t<img decoding=\"async\" src=\"https:\/\/cdn.pilgrim.es\/web\/caminos\/camino-norte\/pueblos\/castro-urdiales\/puntos-de-interes\/cueva-de-la-lastrilla.jpg\" alt=\"Cueva de la Lastrilla\">\n\t\t\t\t\t\t\t\t<\/div>\n\t\t\t\t\t\t\t<\/div>\n\t\t\t\t\t\t\n\t\t\t\t\t\t\t<div class=\"accordion__accordion-content inactive\">\n\t\t\t\t\t\t\t\t<div>\n\t\t\t\t\t\t\t\t\t<div>\n\t\t\t\t\t\t\t\t\t\t<h4>Cueva Grande<\/h4>\n\t\t\t\t\t\t\t\t\t\t<p>Die Cueva Grande oder auch Cueva de los Corrales ist eine H\u00f6hle mit H\u00f6hlenmalereien aus dem Magdal\u00e9nien (16.000 bis 14.000 Jahre alt), die 1998 zum Kulturgut erkl\u00e4rt wurde.<\/p> <p>Die Cueva Grande, auch Cueva de los Corrales genannt, ist eine H\u00f6hle mit H\u00f6hlenmalereien aus dem Magdal\u00e9nien (16.000 bis 14.000 Jahre alt), die 1998 zum Kulturgut erkl\u00e4rt wurde.\n\n<p>Sie wurde 1970 entdeckt und in ihrem Vorraum wurden zun\u00e4chst zahlreiche pal\u00e4ontologische und lithische Materialien sowie Keramikfragmente gefunden. Im hinteren Teil der H\u00f6hle befinden sich mehrere Schwarzmalereien aus dem schema-abstrakten Zyklus, in denen feine pal\u00e4olithische Gravuren zu sehen sind, die einander gegen\u00fcberstehende Tiere darstellen. Das erste Bild zeigt einen Hirsch, das zweite eine Ziege.\n\t\t\t\t\t\t\t\t\t<\/div>\n\t\t\t\t\t\t\t\t\t<img decoding=\"async\" src=\"https:\/\/cdn.pilgrim.es\/web\/caminos\/camino-norte\/pueblos\/castro-urdiales\/puntos-de-interes\/cueva-grande.jpg\" alt=\"Cueva Grande\">\n\t\t\t\t\t\t\t\t<\/div>\n\t\t\t\t\t\t\t<\/div>\n\t\t\t\t\t\t\n\t\t\t\t\t\t\t<div class=\"accordion__accordion-content inactive\">\n\t\t\t\t\t\t\t\t<div>\n\t\t\t\t\t\t\t\t\t<div>\n\t\t\t\t\t\t\t\t\t\t<h4>El San Guille\u0301n<\/h4>\n\t\t\t\t\t\t\t\t\t\t<p>Der San Guill\u00e9n ist ein Ort, an dem Boote repariert werden, und ist auch ein Sommerbadeplatz, der sich in der N\u00e4he der Ermita de Santa Ana befindet. Im Sommer wird hier eine &#8222;Fiesta del Ba\u00f1o&#8220; (Badefest) mit altmodischen Kost\u00fcmen veranstaltet.\n\t\t\t\t\t\t\t\t\t<\/div>\n\t\t\t\t\t\t\t\t\t<img decoding=\"async\" src=\"https:\/\/cdn.pilgrim.es\/web\/caminos\/camino-norte\/pueblos\/castro-urdiales\/puntos-de-interes\/el-san-guillen.jpg\" alt=\"El San Guille\u0301n\">\n\t\t\t\t\t\t\t\t<\/div>\n\t\t\t\t\t\t\t<\/div>\n\t\t\t\t\t\t\n\t\t\t\t\t\t\t<div class=\"accordion__accordion-content inactive\">\n\t\t\t\t\t\t\t\t<div>\n\t\t\t\t\t\t\t\t\t<div>\n\t\t\t\t\t\t\t\t\t\t<h4>Ermita de Santa Ana<\/h4>\n\t\t\t\t\t\t\t\t\t\t<p>Die Ermita de Santa Ana ist eine kleine Kapelle, die 1941 auf einem Felsvorsprung an der K\u00fcste errichtet wurde. Sie hat einen einfachen rechteckigen Grundriss und wurde k\u00fcrzlich renoviert, so dass ihr Inneres besichtigt werden kann.<\/p> <p>Die Kapelle wurde 1941 auf einem Felsvorsprung erbaut.\n\n<p>Um zu dieser Kapelle zu gelangen, muss man die mittelalterliche Br\u00fccke im gotischen Stil \u00fcberqueren, die aus einem einzigen Bogen besteht und im Jahr 617 wieder aufgebaut wurde.\n\t\t\t\t\t\t\t\t\t<\/div>\n\t\t\t\t\t\t\t\t\t<img decoding=\"async\" src=\"https:\/\/cdn.pilgrim.es\/web\/caminos\/camino-norte\/pueblos\/castro-urdiales\/puntos-de-interes\/ermita-de-santa-ana.jpg\" alt=\"Ermita de Santa Ana\">\n\t\t\t\t\t\t\t\t<\/div>\n\t\t\t\t\t\t\t<\/div>\n\t\t\t\t\t\t\n\t\t\t\t\t\t\t<div class=\"accordion__accordion-content inactive\">\n\t\t\t\t\t\t\t\t<div>\n\t\t\t\t\t\t\t\t\t<div>\n\t\t\t\t\t\t\t\t\t\t<h4>Iglesia de Santa Mar\u00eda de la Asunci\u00f3n<\/h4>\n\t\t\t\t\t\t\t\t\t\t<p>Die Kirche Santa Mar\u00eda de la Asunci\u00f3n ist ein katholisches Gotteshaus, das zwischen dem 13. und 15. Jahrhundert erbaut wurde und 1931 zum kunsthistorischen Denkmal und 2002 zum Kulturgut erkl\u00e4rt wurde. <\/p>\n\n<p>Der Grundriss der Basilika besteht aus drei Schiffen, die von einem geraden Dachreiter gekr\u00f6nt werden, und einer Hauptfassade, die in zwei Stockwerke unterteilt ist, die durch ein sch\u00f6nes Gesims voneinander getrennt sind. Im Inneren befinden sich drei polygonale Kapellen und eine weitere aus dem 16. Jahrhundert mit quadratischem Grundriss, die sich in der Mitte der vorherigen befindet.\n\n<p>Es ist erw\u00e4hnenswert, dass diese Kirche als krank gilt, weil sie an der &#8222;Steinkrankheit&#8220; leidet, die einer Reihe von Pathologien den Namen gibt, die chemische Reaktionen verursachen, die den Stein in Sand verwandeln.<\/p> <p>Sie ist auch als &#8222;die Steinkrankheit&#8220; bekannt.\n\n<p>MESSENZEITPLAN<\/p>\n\n<p>Vom 1. September bis 30. Juni Feiertage um 12:00 UhrVom 1. Juli bis 31. August Vesper um 20:30 Uhr Feiertage um 12:00 Uhr<\/p> <p>Messzeiten<\/p> <p>Vom 1. September bis 30. Juni Feiertage um 12:00 Uhr\n\t\t\t\t\t\t\t\t\t<\/div>\n\t\t\t\t\t\t\t\t\t<img decoding=\"async\" src=\"https:\/\/cdn.pilgrim.es\/web\/caminos\/camino-norte\/pueblos\/castro-urdiales\/puntos-de-interes\/iglesia-de-santa-maria-de-la-asuncion.jpg\" alt=\"Iglesia de Santa Mar\u00eda de la Asunci\u00f3n\">\n\t\t\t\t\t\t\t\t<\/div>\n\t\t\t\t\t\t\t<\/div>\n\t\t\t\t\t\t\n\t\t\t\t\t\t\t<div class=\"accordion__accordion-content inactive\">\n\t\t\t\t\t\t\t\t<div>\n\t\t\t\t\t\t\t\t\t<div>\n\t\t\t\t\t\t\t\t\t\t<h4>Conduccio\u0301n de agua El Chorrillo<\/h4>\n\t\t\t\t\t\t\t\t\t\t<p>Die Wasserleitung von El Chorrillo ist ein altes Wasserleitungssystem aus der R\u00f6merzeit, das Wasser aus verschiedenen Quellen in der Gegend sammelte. Sie besteht aus einer Reihe von Steinmauerrohren, die mit hydraulischem M\u00f6rtel verbunden sind, und diese Rohre sind mit Stein- und M\u00f6rtelw\u00e4nden bedeckt. Erw\u00e4hnenswert sind auch die Wasserbeh\u00e4lter und Zisternen, die das Wasser auf seinem Weg regulieren.\n\n<p>Im Jahr 2005 wurde das System umgebaut, was dazu f\u00fchrte, dass es ein Jahr sp\u00e4ter zum Kulturgut erkl\u00e4rt wurde. <\/p>\n\t\t\t\t\t\t\t\t\t<\/div>\n\t\t\t\t\t\t\t\t\t<img decoding=\"async\" src=\"https:\/\/cdn.pilgrim.es\/web\/caminos\/camino-norte\/pueblos\/castro-urdiales\/puntos-de-interes\/conduccion-de-agua-el-chorrillo.jpg\" alt=\"Conduccio\u0301n de agua El Chorrillo\">\n\t\t\t\t\t\t\t\t<\/div>\n\t\t\t\t\t\t\t<\/div>\n\t\t\t\t\t\t\n\t\t\t\t\t\t\t<div class=\"accordion__accordion-content inactive\">\n\t\t\t\t\t\t\t\t<div>\n\t\t\t\t\t\t\t\t\t<div>\n\t\t\t\t\t\t\t\t\t\t<h4>Mercado Municipal<\/h4>\n\t\t\t\t\t\t\t\t\t\t<p>Der Stadtmarkt ist ein Geb\u00e4ude des Architekten Eladio Laredo aus dem Jahr 1911 mit einem einzigen Kirchenschiff, das von starken, undurchsichtigen Mauern umgeben ist. Das Geb\u00e4ude ist von einer Metallstruktur \u00fcberdacht, die ein Oberlicht aus Buntglas bildet. Am auff\u00e4lligsten sind jedoch die vier Eingangst\u00fcren mit modernistischem Blumendekor.\n\n<p>STUNDEN<\/p>\n\n<p>Arbeitszeiten von 08:30 bis 13:30 und von 17:00 bis 20:00Samstags von 08:30 bis 14:00<\/p> <p>Samstags von 08:30 bis 14:00<\/p> <p>Samstags von 08:30 bis 14:00.\n\t\t\t\t\t\t\t\t\t<\/div>\n\t\t\t\t\t\t\t\t\t<img decoding=\"async\" src=\"https:\/\/cdn.pilgrim.es\/web\/caminos\/camino-norte\/pueblos\/castro-urdiales\/puntos-de-interes\/mercado-municipal.jpg\" alt=\"Mercado Municipal\">\n\t\t\t\t\t\t\t\t<\/div>\n\t\t\t\t\t\t\t<\/div>\n\t\t\t\t\t\t\n\t\t\t\t\t\t\t<div class=\"accordion__accordion-content inactive\">\n\t\t\t\t\t\t\t\t<div>\n\t\t\t\t\t\t\t\t\t<div>\n\t\t\t\t\t\t\t\t\t\t<h4>Palacete y Jardines de los Ocharan<\/h4>\n\t\t\t\t\t\t\t\t\t\t<p>Der Palacete de los Ocharan wurde 1901 von Eladio Laredo erbaut und besitzt eine sehr bemerkenswerte Fassade mit einem Arkadengang, der von S\u00e4ulen im klassischen Stil flankiert und mit polychromer Keramik verkleidet ist, sowie eine Unterteilung in zwei Bereiche. Der erste Teil besteht aus einer Reihe von zehn ionischen S\u00e4ulen, auf denen die Terrasse des zweiten Teils ruht.\n\n<p>Das Geb\u00e4ude ist mit einem Walmdach bedeckt, das von einem quadratischen, mit Blumenmotiven verzierten Turm gekr\u00f6nt wird. <\/p>\n\n<p>Um den Palast herum befinden sich die G\u00e4rten, die aufgrund ihrer Vielfalt an B\u00e4umen und Blumen zum historischen Garten erkl\u00e4rt wurden.\n\t\t\t\t\t\t\t\t\t<\/div>\n\t\t\t\t\t\t\t\t\t<img decoding=\"async\" src=\"https:\/\/cdn.pilgrim.es\/web\/caminos\/camino-norte\/pueblos\/castro-urdiales\/puntos-de-interes\/palacete-y-jardines-de-los-ocharan.jpg\" alt=\"Palacete y Jardines de los Ocharan\">\n\t\t\t\t\t\t\t\t<\/div>\n\t\t\t\t\t\t\t<\/div>\n\t\t\t\t\t\t\n\t\t\t\t\t\t\t<div class=\"accordion__accordion-content inactive\">\n\t\t\t\t\t\t\t\t<div>\n\t\t\t\t\t\t\t\t\t<div>\n\t\t\t\t\t\t\t\t\t\t<h4>Residencia Pedro Velarte<\/h4>\n\t\t\t\t\t\t\t\t\t\t<p>Die Residencia de Pedro Velarde wurde 1899 von dem ber\u00fchmten Architekten Eladio Laredo im eklektischen Stil erbaut, wobei die Ziegel- und Keramikfassade besonders hervorsticht.<\/p> <p>Das Geb\u00e4ude wurde 1899 von dem ber\u00fchmten Architekten Eladio Laredo erbaut, wobei die Ziegel- und Keramikfassade besonders hervorsticht.\n\n<p>Das Geb\u00e4ude ist in vier Etagen unterteilt; im Erdgeschoss befindet sich der rechteckige Eingang, im ersten Stock eine Terrasse mit rechteckigen \u00d6ffnungen, die mit einem Fries verziert sind, und zwischen dem dritten Stock und dem Dachgeschoss befindet sich eine kleine ovale \u00d6ffnung.<\/p> <p>Das Geb\u00e4ude ist in vier Etagen unterteilt; im Erdgeschoss befindet sich der rechteckige Eingang, im ersten Stock eine Terrasse mit rechteckigen \u00d6ffnungen, die mit einem Fries verziert sind, und zwischen dem dritten Stock und dem Dachgeschoss befindet sich eine kleine ovale \u00d6ffnung.\n\t\t\t\t\t\t\t\t\t<\/div>\n\t\t\t\t\t\t\t\t\t<img decoding=\"async\" src=\"https:\/\/cdn.pilgrim.es\/web\/caminos\/camino-norte\/pueblos\/castro-urdiales\/puntos-de-interes\/residencia-pedro-velarte.jpg\" alt=\"Residencia Pedro Velarte\">\n\t\t\t\t\t\t\t\t<\/div>\n\t\t\t\t\t\t\t<\/div>\n\t\t\t\t\t\t\n\t\t\t\t\t\t\t<div class=\"accordion__accordion-content inactive\">\n\t\t\t\t\t\t\t\t<div>\n\t\t\t\t\t\t\t\t\t<div>\n\t\t\t\t\t\t\t\t\t\t<h4>Ruinas de la Iglesia de San Pedro<\/h4>\n\t\t\t\t\t\t\t\t\t\t<p>Die Ruinen der Kirche San Pedro wurden im Jahr 2000 aufgrund der Quantit\u00e4t und Qualit\u00e4t der erhaltenen Elemente zum Kulturgut erkl\u00e4rt: ein Teil des Fundaments, die Apsis, die Mauern, eine T\u00fcr mit Spitzbogen und ein Fenster mit Rundbogen. <\/p>\n\n<p>Diese antike Kirche wurde auf einem rechteckigen Grundriss mit einem halbrunden Presbyterium errichtet und bestand vollst\u00e4ndig aus Steinmauerwerk, mit Ausnahme der Ecken, die mit Quadersteinen gemauert wurden.<\/p> <p>Die Kirche wurde auf einem rechteckigen Grundriss mit einem halbrunden Presbyterium errichtet und bestand vollst\u00e4ndig aus Steinmauerwerk, mit Ausnahme der Ecken, die mit Quadersteinen gemauert wurden.\n\t\t\t\t\t\t\t\t\t<\/div>\n\t\t\t\t\t\t\t\t\t<img decoding=\"async\" src=\"https:\/\/cdn.pilgrim.es\/web\/caminos\/camino-norte\/pueblos\/castro-urdiales\/puntos-de-interes\/ruinas-de-la-iglesia-de-san-pedro.jpg\" alt=\"Ruinas de la Iglesia de San Pedro\">\n\t\t\t\t\t\t\t\t<\/div>\n\t\t\t\t\t\t\t<\/div>\n\t\t\t\t\t\t\n\t\t\t\t\t\t\t<div class=\"accordion__accordion-content inactive\">\n\t\t\t\t\t\t\t\t<div>\n\t\t\t\t\t\t\t\t\t<div>\n\t\t\t\t\t\t\t\t\t\t<h4>Torre de Otanes<\/h4>\n\t\t\t\t\t\t\t\t\t\t<p>Der Ota\u00f1es-Turm wurde 1445 von Lope Garc\u00eda de Ota\u00f1es y Salazar erbaut, um die Stadt zu verteidigen. 1713 wurde er jedoch mit einem Walmdach versehen, das ihm den Anschein einer Festung nahm. Einige Jahre sp\u00e4ter, im Jahr 1757, wurde dem Komplex ein dritter Bauk\u00f6rper hinzugef\u00fcgt. Seit 1949 steht sie unter dem Schutz des spanischen Kulturerbes.\n\n<p>Augenblicklich ist das herausragendste Merkmal dieses monumentalen Komplexes die M\u00fchle, die sich auf dem alten Exerzierplatz befindet. <\/p>\n\t\t\t\t\t\t\t\t\t<\/div>\n\t\t\t\t\t\t\t\t\t<img decoding=\"async\" src=\"https:\/\/cdn.pilgrim.es\/web\/caminos\/camino-norte\/pueblos\/castro-urdiales\/puntos-de-interes\/torre-de-otanes.jpg\" alt=\"Torre de Otanes\">\n\t\t\t\t\t\t\t\t<\/div>\n\t\t\t\t\t\t\t<\/div>\n\t\t\t\t\t\t\n\t\t\t\t\t\t\t<div class=\"accordion__accordion-content inactive\">\n\t\t\t\t\t\t\t\t<div>\n\t\t\t\t\t\t\t\t\t<div>\n\t\t\t\t\t\t\t\t\t\t<h4>Antiguo Hospital Santo Civil<\/h4>\n\t\t\t\t\t\t\t\t\t\t<p>Das ehemalige Krankenhaus Santo Civil ist ein Geb\u00e4ude im Bergstil, das zu Beginn des 20. Jahrhunderts von Eladio Laredo errichtet wurde. Jahrhunderts von Eladio Laredo erbaut wurde. Es handelt sich um ein schlichtes Geb\u00e4ude mit vier Stockwerken, aus denen der zentrale Turm herausragt.\n\n<p>Die repr\u00e4sentativsten Elemente des Geb\u00e4udes sind die gro\u00dfen Fenster, die Veranda und die kugelf\u00f6rmigen Dachabschl\u00fcsse. <\/p>\n\t\t\t\t\t\t\t\t\t<\/div>\n\t\t\t\t\t\t\t\t\t<img decoding=\"async\" src=\"https:\/\/cdn.pilgrim.es\/web\/caminos\/camino-norte\/pueblos\/castro-urdiales\/puntos-de-interes\/antiguo-hospital-santo-civil.jpg\" alt=\"Antiguo Hospital Santo Civil\">\n\t\t\t\t\t\t\t\t<\/div>\n\t\t\t\t\t\t\t<\/div>\n\t\t\t\t\t\t\n\t\t\t\t\t\t\t<div class=\"accordion__accordion-content inactive\">\n\t\t\t\t\t\t\t\t<div>\n\t\t\t\t\t\t\t\t\t<div>\n\t\t\t\t\t\t\t\t\t\t<h4>Casa de la naturaleza<\/h4>\n\t\t\t\t\t\t\t\t\t\t<p>Die Casa de la Naturaleza wurde in der Mitte des letzten Jahrhunderts von Jacobo und Lorenzo Romero erbaut, die in der Stadt Castro Urdiales eine Gruppe von f\u00fcnf weiteren Wohnvillen errichteten. <\/p>\n\n<p>Dieses gro\u00dfe Haus ist in drei verschiedene Stockwerke unterteilt und sein \u00c4u\u00dferes zeichnet sich durch die Einzigartigkeit der Elemente aus, aus denen es besteht.\n\n<p>STUNDEN:<\/p>\n\n<p>Montag bis Freitag von 10:00 bis 14:00 Uhr<\/p> <p>Von Montag bis Freitag von 10:00 bis 14:00 Uhr<\/p>\n\t\t\t\t\t\t\t\t\t<\/div>\n\t\t\t\t\t\t\t\t\t<img decoding=\"async\" src=\"https:\/\/cdn.pilgrim.es\/web\/caminos\/camino-norte\/pueblos\/castro-urdiales\/puntos-de-interes\/casa-de-la-naturaleza.jpg\" alt=\"Casa de la naturaleza\">\n\t\t\t\t\t\t\t\t<\/div>\n\t\t\t\t\t\t\t<\/div>\n\t\t\t\t\t\t\n\t\t\t\t\t<\/div>\n\t\t\t\t<\/div>\n\t\t\t<\/div>\n\t\t\n\n\t\t<div id=\"phonesSection\">\n\t\t\t<div>\n\t\t\t\t<h2 class=\"p-h3-town\">Informationen von Interesse<\/h2>\n\t\t\t<\/div>\n\t\t\t<div class=\"grid\">\n\t\t\t\t\n\t\t\t\t\t<div class=\"phone-number-item\">\n\t\t\t\t\t\t<div class=\"phone-number-item__icon\"><i class=\"icon-police\"><\/i><\/div>\n\t\t\t\t\t\t<div class=\"phone-number-item__title\">\n\t\t\t\t\t\t\t<h3 class=\"p-font-bold\">Ortspolizei<\/h3>\n\t\t\t\t\t\t\t<p>942 861 294<\/p>\n\t\t\t\t\t\t\t\n\t\t\t\t\t\t<\/div>\n\t\t\t\t\t<\/div>\n\t\t\t\t\n\t\t\t\t\t<div class=\"phone-number-item\">\n\t\t\t\t\t\t<div class=\"phone-number-item__icon\"><i class=\"icon-spanish-military-police\"><\/i><\/div>\n\t\t\t\t\t\t<div class=\"phone-number-item__title\">\n\t\t\t\t\t\t\t<h3 class=\"p-font-bold\">Zivilwache<\/h3>\n\t\t\t\t\t\t\t<p>942 861 146<\/p>\n\t\t\t\t\t\t\t\n\t\t\t\t\t\t<\/div>\n\t\t\t\t\t<\/div>\n\t\t\t\t\n\t\t\t\t\t<div class=\"phone-number-item\">\n\t\t\t\t\t\t<div class=\"phone-number-item__icon\"><i class=\"icon-firefighters\"><\/i><\/div>\n\t\t\t\t\t\t<div class=\"phone-number-item__title\">\n\t\t\t\t\t\t\t<h3 class=\"p-font-bold\">Feuerwehr<\/h3>\n\t\t\t\t\t\t\t<p>942 859 090<\/p>\n\t\t\t\t\t\t\t\n\t\t\t\t\t\t<\/div>\n\t\t\t\t\t<\/div>\n\t\t\t\t\n\t\t\t\t\t<div class=\"phone-number-item\">\n\t\t\t\t\t\t<div class=\"phone-number-item__icon\"><i class=\"icon-civil-protection\"><\/i><\/div>\n\t\t\t\t\t\t<div class=\"phone-number-item__title\">\n\t\t\t\t\t\t\t<h3 class=\"p-font-bold\">Zivilschutz<\/h3>\n\t\t\t\t\t\t\t<p>942 859 090<\/p>\n\t\t\t\t\t\t\t\n\t\t\t\t\t\t<\/div>\n\t\t\t\t\t<\/div>\n\t\t\t\t\n\t\t\t\t\t<div class=\"phone-number-item\">\n\t\t\t\t\t\t<div class=\"phone-number-item__icon\"><i class=\"icon-town-council\"><\/i><\/div>\n\t\t\t\t\t\t<div class=\"phone-number-item__title\">\n\t\t\t\t\t\t\t<h3 class=\"p-font-bold\">Rathaus<\/h3>\n\t\t\t\t\t\t\t<p>942 782 900<\/p>\n\t\t\t\t\t\t\t\n\t\t\t\t\t\t<\/div>\n\t\t\t\t\t<\/div>\n\t\t\t\t\n\t\t\t\t\t<div class=\"phone-number-item\">\n\t\t\t\t\t\t<div class=\"phone-number-item__icon\"><i class=\"icon-hospital\"><\/i><\/div>\n\t\t\t\t\t\t<div class=\"phone-number-item__title\">\n\t\t\t\t\t\t\t<h3 class=\"p-font-bold\">Gesundheitszentrum<\/h3>\n\t\t\t\t\t\t\t<p>942 869 169<\/p>\n\t\t\t\t\t\t\t\n\t\t\t\t\t\t<\/div>\n\t\t\t\t\t<\/div>\n\t\t\t\t\n\t\t\t\t\t<div class=\"phone-number-item\">\n\t\t\t\t\t\t<div class=\"phone-number-item__icon\"><i class=\"icon-tourism\"><\/i><\/div>\n\t\t\t\t\t\t<div class=\"phone-number-item__title\">\n\t\t\t\t\t\t\t<h3 class=\"p-font-bold\">Fremdenverkehrsamt<\/h3>\n\t\t\t\t\t\t\t<p>942 871 512<\/p>\n\t\t\t\t\t\t\t\n\t\t\t\t\t\t\t\t<p>Avda. de la Constituaci\u00f3n s\/n (Parque Amestoy)<\/p>\n\t\t\t\t\t\t\t\n\t\t\t\t\t\t<\/div>\n\t\t\t\t\t<\/div>\n\t\t\t\t\n\t\t\t<\/div>\n\t\t<\/div>\n\n\t\t<div id=\"clientForm\">\n        <section>\n        <img decoding=\"async\" src=\"https:\/\/cdn.pilgrim.es\/web\/home\/email-contacto.png\" alt=\"contacto\">\n        <div>\n            <p>Wir senden dir deine Planung<\/p>\n            <p>Gib uns deine Daten an und erhalte die Planung deiner Reise per E-Mail <\/p>\n            <form method=\"post\" data-url=\"\/wp-admin\/admin-ajax.php\" id=\"planner--client\" class=\"flag-right form-client\">\n    <div class=\"form-data\">\n        <input name=\"form_id\" type=\"hidden\" value=\"Formulario Leads\">\n        <input name=\"type\" type=\"hidden\" value=\"planner_client\">\n        <input type=\"text\" name=\"nombre\" value=\"\" size=\"40\" class=\"form-control\" aria-required=\"true\" aria-invalid=\"false\" placeholder=\"Name\">\n        <input type=\"email\" name=\"email\" value=\"\" size=\"40\" class=\"form-control\" aria-required=\"true\" aria-invalid=\"false\" placeholder=\"E- Mail\">\n        <input type=\"text\" id=\"phone-input\" name=\"tel\" value=\"\" size=\"40\" class=\"phone-input form-control\" aria-required=\"true\" aria-invalid=\"false\" placeholder=\"Telefon\">\n        <input type=\"hidden\" name=\"telefono\">\n    <\/div>\n    <div class=\"form-checkbox\">\n        <span>\n            Pilgrim Travel, S.L. teilt gem\u00e4\u00df Regulierung 2016\/679 mit, dass die in diesem Formular verwendeten Daten sowohl f\u00fcr die Beantwortung der m\u00f6glichen Anfragen als auch f\u00fcr die Ver\u00f6ffentlichung der Kommentare verwendet werden, mit der Zustimmung des Nutzers. Sie k\u00f6nnen Ihre Rechte in \u00dcbereinstimmung mit unserer Datenschutzbestimmungen aus\u00fcben             <a href=\"https:\/\/www.pilgrim.es\/politica-de-privacidad\/\" target=\"_blank\" rel=\"noopener noreferrer nofollow\">Datenschutzerkl\u00e4rung.<\/a>\n        <\/span>\n    <\/div>\n\n    <div class=\"form-submit\">\n        <button id=\"planner--client-create\" type=\"submit\">Anfrage senden<\/button>\n        <div class=\"loadingDiv\"><i class=\"p-spinner\"><\/i><\/div>\n    <\/div>\n\n    <div class=\"contact-content-form-success\">\n        <p><i class=\"fas fa-check\"><\/i> Das Formular hat sich erfolgreich gesendet.<\/p>\n    <\/div>\n\n    <div class=\"contact-content-form-error\">\n        <span class=\"input-error\"><\/span>\n    <\/div>\n<\/form>        <\/div>\n    <\/section>\n<\/div>\n\n\t\t<div id=\"recomendationSection\">\n\t\t\t<div>\n\t\t\t\t<h2 class=\"p-h2-town\">Empfohlen<\/h2>\n\t\t\t\t<hr>\n\t\t\t\t<h3 class=\"p-h3-town\">Gastronomie<\/h3>\n\t\t\t<\/div>\n\t\t\tDie Gastronomie von Castro de Urdiales basiert auf frischem Fisch und Meeresfr\u00fcchten wie Wolfsbarsch, Seezunge, Kabeljau, Tintenfisch, Eint\u00f6pfen, Aufl\u00e4ufen mit Meeresfr\u00fcchten, gegrillten Sardinen und Sardellen in Essig oder in Teig.\n\nWeitere typische Gerichte der Region sind Rinderfilet, Br\u00fchen, Suppen, Eint\u00f6pfe, Omeletts, Paella, Spanferkel und Lamm.\n\t\t<\/div>\n\n\n\t\t\n\t\t\t<div id=\"holidaysSection\">\n\t\t\t\t<div>\n\t\t\t\t\t<h2 class=\"p-h2-town\">Empfohlen<\/h2>\n\t\t\t\t\t<hr>\n\t\t\t\t\t<h3 class=\"p-h3-town\">Feste und Pilgerfahrten<\/h3>\n\t\t\t\t<\/div>\n\t\t\t\t<div class=\"grid holidays-grid\">\n\t\t\t\t\t\n\t\t\t\t\t\t<div>\n\t\t\t\t\t\t\t<div class=\"phone-number-item\">\n\t\t\t\t\t\t\t\t<div class=\"phone-number-item__icon\"><i class=\"icon-holiday\"><\/i><\/div>\n\t\t\t\t\t\t\t\t<div class=\"phone-number-item__title dark-text\">\n\t\t\t\t\t\t\t\t\t<p class=\"p-font-bold\">Lokaler Urlaub<\/p>\n\t\t\t\t\t\t\t\t\t<p>26 de julio: Santa Ana<\/p>\n\t\t\t\t\t\t\t\t<\/div>\n\t\t\t\t\t\t\t<\/div>\n\t\t\t\t\t\t<\/div>\n\t\t\t\t\t\n\t\t\t\t\t\t<div>\n\t\t\t\t\t\t\t<div class=\"phone-number-item\">\n\t\t\t\t\t\t\t\t<div class=\"phone-number-item__icon\"><i class=\"icon-holiday\"><\/i><\/div>\n\t\t\t\t\t\t\t\t<div class=\"phone-number-item__title dark-text\">\n\t\t\t\t\t\t\t\t\t<p class=\"p-font-bold\">Lokaler Urlaub<\/p>\n\t\t\t\t\t\t\t\t\t<p>24 de junio: San Juan<\/p>\n\t\t\t\t\t\t\t\t<\/div>\n\t\t\t\t\t\t\t<\/div>\n\t\t\t\t\t\t<\/div>\n\t\t\t\t\t\n\t\t\t\t\t\t<div>\n\t\t\t\t\t\t\t<div class=\"phone-number-item\">\n\t\t\t\t\t\t\t\t<div class=\"phone-number-item__icon\"><i class=\"icon-holiday\"><\/i><\/div>\n\t\t\t\t\t\t\t\t<div class=\"phone-number-item__title dark-text\">\n\t\t\t\t\t\t\t\t\t<p class=\"p-font-bold\">Lokaler Urlaub<\/p>\n\t\t\t\t\t\t\t\t\t<p>16 de julio: Virgen del Carmen<\/p>\n\t\t\t\t\t\t\t\t<\/div>\n\t\t\t\t\t\t\t<\/div>\n\t\t\t\t\t\t<\/div>\n\t\t\t\t\t\n\t\t\t\t\t\t<div>\n\t\t\t\t\t\t\t<div class=\"phone-number-item\">\n\t\t\t\t\t\t\t\t<div class=\"phone-number-item__icon\"><i class=\"icon-holiday\"><\/i><\/div>\n\t\t\t\t\t\t\t\t<div class=\"phone-number-item__title dark-text\">\n\t\t\t\t\t\t\t\t\t<p class=\"p-font-bold\">Lokaler Urlaub<\/p>\n\t\t\t\t\t\t\t\t\t<p>30 de noviembre: San Andr\u00e9s Ap\u00f3stol<\/p>\n\t\t\t\t\t\t\t\t<\/div>\n\t\t\t\t\t\t\t<\/div>\n\t\t\t\t\t\t<\/div>\n\t\t\t\t\t\n\t\t\t\t\t\t<div>\n\t\t\t\t\t\t\t<div class=\"phone-number-item\">\n\t\t\t\t\t\t\t\t<div class=\"phone-number-item__icon\"><i class=\"icon-holiday\"><\/i><\/div>\n\t\t\t\t\t\t\t\t<div class=\"phone-number-item__title dark-text\">\n\t\t\t\t\t\t\t\t\t<p class=\"p-font-bold\">Lokaler Urlaub<\/p>\n\t\t\t\t\t\t\t\t\t<p>14 de agosto: Santa Mar\u00eda de la Asunci\u00f3n<\/p>\n\t\t\t\t\t\t\t\t<\/div>\n\t\t\t\t\t\t\t<\/div>\n\t\t\t\t\t\t<\/div>\n\t\t\t\t\t\n\t\t\t\t\t\t<div>\n\t\t\t\t\t\t\t<div class=\"phone-number-item\">\n\t\t\t\t\t\t\t\t<div class=\"phone-number-item__icon\"><i class=\"icon-holiday\"><\/i><\/div>\n\t\t\t\t\t\t\t\t<div class=\"phone-number-item__title dark-text\">\n\t\t\t\t\t\t\t\t\t<p class=\"p-font-bold\">Lokaler Urlaub<\/p>\n\t\t\t\t\t\t\t\t\t<p>26 de junio: Festividad de San Pelayo M\u00e1rtir<\/p>\n\t\t\t\t\t\t\t\t<\/div>\n\t\t\t\t\t\t\t<\/div>\n\t\t\t\t\t\t<\/div>\n\t\t\t\t\t\n\t\t\t\t\t\t<div>\n\t\t\t\t\t\t\t<div class=\"phone-number-item\">\n\t\t\t\t\t\t\t\t<div class=\"phone-number-item__icon\"><i class=\"icon-holiday\"><\/i><\/div>\n\t\t\t\t\t\t\t\t<div class=\"phone-number-item__title dark-text\">\n\t\t\t\t\t\t\t\t\t<p class=\"p-font-bold\">Lokaler Urlaub<\/p>\n\t\t\t\t\t\t\t\t\t<p>El primer viernes de julio: Fiesta del Coso Blanco<\/p>\n\t\t\t\t\t\t\t\t<\/div>\n\t\t\t\t\t\t\t<\/div>\n\t\t\t\t\t\t<\/div>\n\t\t\t\t\t\n\t\t\t\t<\/div>\n\t\t\t<\/div>\n\t\t\n\t<\/div>\n<\/section>\n\n<div id=\"stage_list_section\"><div class=\"stage-list\">\n    <div class='stage-list__map-card'>\n        <div class='stage-list__map-card__map'>\n            <div class='stage-list__map-card__map__text'>\n                <h2> Pages <\/h2>\n                <p> Zu Fu\u00df<\/p>\n                <p> 0etappen<\/p>\n            <\/div>\n            <div class='stage-list__map-card__map__img'>\n                <img decoding=\"async\" src=\"\" alt=\" mapa \" \/>\n            <\/div>\n        <\/div>\n    <\/div>\n\n    <\/div>\n<\/div> ","protected":false},"excerpt":{"rendered":"<p>Castro Urdiales &#8249; Zur\u00fcck zur B\u00fchne Castro Urdiales Einwohner: 32.144 aprox. Bundesland: Cantabria Informationen Get to know Castro Urdiales Die Stadt Castro de Urdiales liegt am westlichsten Punkt der Provinz Kantabrien, au\u00dferdem ist dies die bev\u00f6lkerungsreichste Gemeinde der Provinz nach den Gro\u00dfst\u00e4dten Santander und Torrelavega. An dieser Station wird es dem Pilger an nichts fehlen, &hellip; <\/p>\n<p class=\"read_more\"><a href=\"https:\/\/www.pilgrim.es\/de\/weg-im-norden\/castro-urdiales\/\">Leer m\u00e1s<\/a><\/p>\n","protected":false},"author":0,"featured_media":2894,"parent":10670,"menu_order":0,"comment_status":"closed","ping_status":"closed","template":"views\/template-new-web-design.blade.php","meta":{"footnotes":""},"categories":[],"tags":[],"class_list":["post-91265","page","type-page","status-publish","has-post-thumbnail","hentry"],"yoast_head":"<!-- This site is optimized with the Yoast SEO plugin v27.4 - https:\/\/yoast.com\/product\/yoast-seo-wordpress\/ -->\n<title>Castro Urdiales: Was sehen und wo \u00fcbernachten | Jakobsweg | Pilgrim<\/title>\n<meta name=\"description\" content=\"Castro Urdiales Entdecken Sie alle Informationen \u00fcber Unterk\u00fcnfte, Anreise, Gastronomie und die wichtigsten Sehensw\u00fcrdigkeiten der Orte am K\u00fcstenweg\" \/>\n<meta name=\"robots\" content=\"index, follow, max-snippet:-1, max-image-preview:large, max-video-preview:-1\" \/>\n<link rel=\"canonical\" href=\"https:\/\/www.pilgrim.es\/de\/weg-im-norden\/castro-urdiales\/\" \/>\n<meta property=\"og:locale\" content=\"de_DE\" \/>\n<meta property=\"og:type\" content=\"article\" \/>\n<meta property=\"og:title\" content=\"Castro Urdiales: Was sehen und wo \u00fcbernachten | Jakobsweg | Pilgrim\" \/>\n<meta property=\"og:description\" content=\"Castro Urdiales Entdecken Sie alle Informationen \u00fcber Unterk\u00fcnfte, Anreise, Gastronomie und die wichtigsten Sehensw\u00fcrdigkeiten der Orte am K\u00fcstenweg\" \/>\n<meta property=\"og:url\" content=\"https:\/\/www.pilgrim.es\/de\/weg-im-norden\/castro-urdiales\/\" \/>\n<meta property=\"og:site_name\" content=\"Pilgrim\" \/>\n<meta property=\"article:publisher\" content=\"https:\/\/www.facebook.com\/pilgrim.es\/\" \/>\n<meta property=\"og:image\" content=\"https:\/\/www.pilgrim.es\/wp-content\/uploads\/2019\/02\/castro-urdiales.jpg\" \/>\n\t<meta property=\"og:image:width\" content=\"600\" \/>\n\t<meta property=\"og:image:height\" content=\"400\" \/>\n\t<meta property=\"og:image:type\" content=\"image\/jpeg\" \/>\n<meta name=\"twitter:card\" content=\"summary_large_image\" \/>\n<meta name=\"twitter:site\" content=\"@pilgrim_es\" \/>\n<meta name=\"twitter:label1\" content=\"Gesch\u00e4tzte Lesezeit\" \/>\n\t<meta name=\"twitter:data1\" content=\"11\u00a0Minuten\" \/>\n<script type=\"application\/ld+json\" class=\"yoast-schema-graph\">{\"@context\":\"https:\\\/\\\/schema.org\",\"@graph\":[{\"@type\":\"WebPage\",\"@id\":\"https:\\\/\\\/www.pilgrim.es\\\/de\\\/weg-im-norden\\\/castro-urdiales\\\/\",\"url\":\"https:\\\/\\\/www.pilgrim.es\\\/de\\\/weg-im-norden\\\/castro-urdiales\\\/\",\"name\":\"Castro Urdiales: Was sehen und wo \u00fcbernachten | Jakobsweg | Pilgrim\",\"isPartOf\":{\"@id\":\"https:\\\/\\\/www.pilgrim.es\\\/de\\\/#website\"},\"primaryImageOfPage\":{\"@id\":\"https:\\\/\\\/www.pilgrim.es\\\/de\\\/weg-im-norden\\\/castro-urdiales\\\/#primaryimage\"},\"image\":{\"@id\":\"https:\\\/\\\/www.pilgrim.es\\\/de\\\/weg-im-norden\\\/castro-urdiales\\\/#primaryimage\"},\"thumbnailUrl\":\"https:\\\/\\\/www.pilgrim.es\\\/wp-content\\\/uploads\\\/2019\\\/02\\\/castro-urdiales.jpg\",\"datePublished\":\"2025-03-17T14:43:20+00:00\",\"description\":\"Castro Urdiales Entdecken Sie alle Informationen \u00fcber Unterk\u00fcnfte, Anreise, Gastronomie und die wichtigsten Sehensw\u00fcrdigkeiten der Orte am K\u00fcstenweg\",\"breadcrumb\":{\"@id\":\"https:\\\/\\\/www.pilgrim.es\\\/de\\\/weg-im-norden\\\/castro-urdiales\\\/#breadcrumb\"},\"inLanguage\":\"de\",\"potentialAction\":[{\"@type\":\"ReadAction\",\"target\":[\"https:\\\/\\\/www.pilgrim.es\\\/de\\\/weg-im-norden\\\/castro-urdiales\\\/\"]}]},{\"@type\":\"ImageObject\",\"inLanguage\":\"de\",\"@id\":\"https:\\\/\\\/www.pilgrim.es\\\/de\\\/weg-im-norden\\\/castro-urdiales\\\/#primaryimage\",\"url\":\"https:\\\/\\\/www.pilgrim.es\\\/wp-content\\\/uploads\\\/2019\\\/02\\\/castro-urdiales.jpg\",\"contentUrl\":\"https:\\\/\\\/www.pilgrim.es\\\/wp-content\\\/uploads\\\/2019\\\/02\\\/castro-urdiales.jpg\",\"width\":600,\"height\":400,\"caption\":\"Castro Urdiales\"},{\"@type\":\"BreadcrumbList\",\"@id\":\"https:\\\/\\\/www.pilgrim.es\\\/de\\\/weg-im-norden\\\/castro-urdiales\\\/#breadcrumb\",\"itemListElement\":[{\"@type\":\"ListItem\",\"position\":1,\"name\":\"Camino de Santiago\",\"item\":\"https:\\\/\\\/www.pilgrim.es\\\/de\\\/\"},{\"@type\":\"ListItem\",\"position\":2,\"name\":\"Weg im Norden\",\"item\":\"https:\\\/\\\/www.pilgrim.es\\\/de\\\/weg-im-norden\\\/\"},{\"@type\":\"ListItem\",\"position\":3,\"name\":\"Castro Urdiales\"}]},{\"@type\":\"WebSite\",\"@id\":\"https:\\\/\\\/www.pilgrim.es\\\/de\\\/#website\",\"url\":\"https:\\\/\\\/www.pilgrim.es\\\/de\\\/\",\"name\":\"Pilgrim\",\"description\":\"Camino de Santiago | Caminamos Contigo\",\"publisher\":{\"@id\":\"https:\\\/\\\/www.pilgrim.es\\\/de\\\/#organization\"},\"potentialAction\":[{\"@type\":\"SearchAction\",\"target\":{\"@type\":\"EntryPoint\",\"urlTemplate\":\"https:\\\/\\\/www.pilgrim.es\\\/de\\\/?s={search_term_string}\"},\"query-input\":{\"@type\":\"PropertyValueSpecification\",\"valueRequired\":true,\"valueName\":\"search_term_string\"}}],\"inLanguage\":\"de\"},{\"@type\":\"Organization\",\"@id\":\"https:\\\/\\\/www.pilgrim.es\\\/de\\\/#organization\",\"name\":\"Pilgrim Camino de Santiago\",\"url\":\"https:\\\/\\\/www.pilgrim.es\\\/de\\\/\",\"logo\":{\"@type\":\"ImageObject\",\"inLanguage\":\"de\",\"@id\":\"https:\\\/\\\/www.pilgrim.es\\\/de\\\/#\\\/schema\\\/logo\\\/image\\\/\",\"url\":\"https:\\\/\\\/www.pilgrim.es\\\/wp-content\\\/uploads\\\/2019\\\/04\\\/logo_pilgrim.png\",\"contentUrl\":\"https:\\\/\\\/www.pilgrim.es\\\/wp-content\\\/uploads\\\/2019\\\/04\\\/logo_pilgrim.png\",\"width\":512,\"height\":512,\"caption\":\"Pilgrim Camino de Santiago\"},\"image\":{\"@id\":\"https:\\\/\\\/www.pilgrim.es\\\/de\\\/#\\\/schema\\\/logo\\\/image\\\/\"},\"sameAs\":[\"https:\\\/\\\/www.facebook.com\\\/pilgrim.es\\\/\",\"https:\\\/\\\/x.com\\\/pilgrim_es\",\"https:\\\/\\\/www.instagram.com\\\/pilgrim.es\\\/\",\"https:\\\/\\\/www.linkedin.com\\\/company\\\/pilgrim-camino-de-santiago\\\/\",\"https:\\\/\\\/www.pinterest.es\\\/pilgrimcaminodesantiago\\\/\",\"https:\\\/\\\/www.youtube.com\\\/channel\\\/UCIv2ZzFLXVqthkNF32rKedw\\\/featured\"]}]}<\/script>\n<!-- \/ Yoast SEO plugin. -->","yoast_head_json":{"title":"Castro Urdiales: Was sehen und wo \u00fcbernachten | Jakobsweg | Pilgrim","description":"Castro Urdiales Entdecken Sie alle Informationen \u00fcber Unterk\u00fcnfte, Anreise, Gastronomie und die wichtigsten Sehensw\u00fcrdigkeiten der Orte am K\u00fcstenweg","robots":{"index":"index","follow":"follow","max-snippet":"max-snippet:-1","max-image-preview":"max-image-preview:large","max-video-preview":"max-video-preview:-1"},"canonical":"https:\/\/www.pilgrim.es\/de\/weg-im-norden\/castro-urdiales\/","og_locale":"de_DE","og_type":"article","og_title":"Castro Urdiales: Was sehen und wo \u00fcbernachten | Jakobsweg | Pilgrim","og_description":"Castro Urdiales Entdecken Sie alle Informationen \u00fcber Unterk\u00fcnfte, Anreise, Gastronomie und die wichtigsten Sehensw\u00fcrdigkeiten der Orte am K\u00fcstenweg","og_url":"https:\/\/www.pilgrim.es\/de\/weg-im-norden\/castro-urdiales\/","og_site_name":"Pilgrim","article_publisher":"https:\/\/www.facebook.com\/pilgrim.es\/","og_image":[{"width":600,"height":400,"url":"https:\/\/www.pilgrim.es\/wp-content\/uploads\/2019\/02\/castro-urdiales.jpg","type":"image\/jpeg"}],"twitter_card":"summary_large_image","twitter_site":"@pilgrim_es","twitter_misc":{"Gesch\u00e4tzte Lesezeit":"11\u00a0Minuten"},"schema":{"@context":"https:\/\/schema.org","@graph":[{"@type":"WebPage","@id":"https:\/\/www.pilgrim.es\/de\/weg-im-norden\/castro-urdiales\/","url":"https:\/\/www.pilgrim.es\/de\/weg-im-norden\/castro-urdiales\/","name":"Castro Urdiales: Was sehen und wo \u00fcbernachten | Jakobsweg | Pilgrim","isPartOf":{"@id":"https:\/\/www.pilgrim.es\/de\/#website"},"primaryImageOfPage":{"@id":"https:\/\/www.pilgrim.es\/de\/weg-im-norden\/castro-urdiales\/#primaryimage"},"image":{"@id":"https:\/\/www.pilgrim.es\/de\/weg-im-norden\/castro-urdiales\/#primaryimage"},"thumbnailUrl":"https:\/\/www.pilgrim.es\/wp-content\/uploads\/2019\/02\/castro-urdiales.jpg","datePublished":"2025-03-17T14:43:20+00:00","description":"Castro Urdiales Entdecken Sie alle Informationen \u00fcber Unterk\u00fcnfte, Anreise, Gastronomie und die wichtigsten Sehensw\u00fcrdigkeiten der Orte am K\u00fcstenweg","breadcrumb":{"@id":"https:\/\/www.pilgrim.es\/de\/weg-im-norden\/castro-urdiales\/#breadcrumb"},"inLanguage":"de","potentialAction":[{"@type":"ReadAction","target":["https:\/\/www.pilgrim.es\/de\/weg-im-norden\/castro-urdiales\/"]}]},{"@type":"ImageObject","inLanguage":"de","@id":"https:\/\/www.pilgrim.es\/de\/weg-im-norden\/castro-urdiales\/#primaryimage","url":"https:\/\/www.pilgrim.es\/wp-content\/uploads\/2019\/02\/castro-urdiales.jpg","contentUrl":"https:\/\/www.pilgrim.es\/wp-content\/uploads\/2019\/02\/castro-urdiales.jpg","width":600,"height":400,"caption":"Castro Urdiales"},{"@type":"BreadcrumbList","@id":"https:\/\/www.pilgrim.es\/de\/weg-im-norden\/castro-urdiales\/#breadcrumb","itemListElement":[{"@type":"ListItem","position":1,"name":"Camino de Santiago","item":"https:\/\/www.pilgrim.es\/de\/"},{"@type":"ListItem","position":2,"name":"Weg im Norden","item":"https:\/\/www.pilgrim.es\/de\/weg-im-norden\/"},{"@type":"ListItem","position":3,"name":"Castro Urdiales"}]},{"@type":"WebSite","@id":"https:\/\/www.pilgrim.es\/de\/#website","url":"https:\/\/www.pilgrim.es\/de\/","name":"Pilgrim","description":"Camino de Santiago | Caminamos Contigo","publisher":{"@id":"https:\/\/www.pilgrim.es\/de\/#organization"},"potentialAction":[{"@type":"SearchAction","target":{"@type":"EntryPoint","urlTemplate":"https:\/\/www.pilgrim.es\/de\/?s={search_term_string}"},"query-input":{"@type":"PropertyValueSpecification","valueRequired":true,"valueName":"search_term_string"}}],"inLanguage":"de"},{"@type":"Organization","@id":"https:\/\/www.pilgrim.es\/de\/#organization","name":"Pilgrim Camino de Santiago","url":"https:\/\/www.pilgrim.es\/de\/","logo":{"@type":"ImageObject","inLanguage":"de","@id":"https:\/\/www.pilgrim.es\/de\/#\/schema\/logo\/image\/","url":"https:\/\/www.pilgrim.es\/wp-content\/uploads\/2019\/04\/logo_pilgrim.png","contentUrl":"https:\/\/www.pilgrim.es\/wp-content\/uploads\/2019\/04\/logo_pilgrim.png","width":512,"height":512,"caption":"Pilgrim Camino de Santiago"},"image":{"@id":"https:\/\/www.pilgrim.es\/de\/#\/schema\/logo\/image\/"},"sameAs":["https:\/\/www.facebook.com\/pilgrim.es\/","https:\/\/x.com\/pilgrim_es","https:\/\/www.instagram.com\/pilgrim.es\/","https:\/\/www.linkedin.com\/company\/pilgrim-camino-de-santiago\/","https:\/\/www.pinterest.es\/pilgrimcaminodesantiago\/","https:\/\/www.youtube.com\/channel\/UCIv2ZzFLXVqthkNF32rKedw\/featured"]}]}},"_links":{"self":[{"href":"https:\/\/www.pilgrim.es\/de\/wp-json\/wp\/v2\/pages\/91265","targetHints":{"allow":["GET"]}}],"collection":[{"href":"https:\/\/www.pilgrim.es\/de\/wp-json\/wp\/v2\/pages"}],"about":[{"href":"https:\/\/www.pilgrim.es\/de\/wp-json\/wp\/v2\/types\/page"}],"replies":[{"embeddable":true,"href":"https:\/\/www.pilgrim.es\/de\/wp-json\/wp\/v2\/comments?post=91265"}],"version-history":[{"count":0,"href":"https:\/\/www.pilgrim.es\/de\/wp-json\/wp\/v2\/pages\/91265\/revisions"}],"up":[{"embeddable":true,"href":"https:\/\/www.pilgrim.es\/de\/wp-json\/wp\/v2\/pages\/10670"}],"wp:featuredmedia":[{"embeddable":true,"href":"https:\/\/www.pilgrim.es\/de\/wp-json\/wp\/v2\/media\/2894"}],"wp:attachment":[{"href":"https:\/\/www.pilgrim.es\/de\/wp-json\/wp\/v2\/media?parent=91265"}],"wp:term":[{"taxonomy":"category","embeddable":true,"href":"https:\/\/www.pilgrim.es\/de\/wp-json\/wp\/v2\/categories?post=91265"},{"taxonomy":"post_tag","embeddable":true,"href":"https:\/\/www.pilgrim.es\/de\/wp-json\/wp\/v2\/tags?post=91265"}],"curies":[{"name":"wp","href":"https:\/\/api.w.org\/{rel}","templated":true}]}}