{"id":91259,"date":"2025-03-17T14:41:40","date_gmt":"2025-03-17T14:41:40","guid":{"rendered":"https:\/\/www.pilgrim.es\/weg-im-norden\/portugalete\/"},"modified":"2025-03-17T14:41:40","modified_gmt":"2025-03-17T14:41:40","slug":"portugalete","status":"publish","type":"page","link":"https:\/\/www.pilgrim.es\/de\/weg-im-norden\/portugalete\/","title":{"rendered":"Portugalete"},"content":{"rendered":" <section id=\"hero\">\n\t<h1>Portugalete<\/h1>\n\t<div class=\"hero-grid\">\n\t\t<div class=\"hero-grid__town-col\" data-background=\"https:\/\/cdn.pilgrim.es\/web\/caminos\/camino-norte\/pueblos\/portugalete.jpg\">\n\t\t\t<div>\n\t\t\t\t<a class=\"link-to-stage\" href=\"https:\/\/www.pilgrim.es\/camino-norte\/etapa-8-bilbao-portugalete\/\">\n\t\t\t\t\t<p>&#8249; Zur\u00fcck zur B\u00fchne<\/p>\n\t\t\t\t<\/a>\n\n\t\t\t\t<div class=\"town-data\">\n\t\t\t\t\t<h2>Portugalete<\/h2>\n\t\t\t\t\t<ul>\n\t\t\t\t\t\t<li>Einwohner: 47.117 aprox.<\/li>\n\t\t\t\t\t\t<li>Bundesland: Bizkaia<\/li>\n\t\t\t\t\t<\/ul>\n\t\t\t\t<\/div>\n\t\t\t<\/div>\n\t\t<\/div>\n\t\t<div class=\"hero-grid__planner-col\"><div\r\n  class=\"p-col-span-1 p-rounded-lg p-px-5 p-h-full\"\r\n  style=\"background-image: url('https:\/\/cdn.pilgrim.es\/web\/pilgrim-planner\/bg-plugin-planificador.webp')\"\r\n  rel=\"preload\"\r\n  fetchpriority=\"high\"\r\n  >\r\n    <div class=\"p-text-center p-pt-5 p-text-white p-text-2xl p-font-semibold\">\r\n      Plane deinen Weg    <\/div>\r\n    <div\r\n            id='primary-app'\r\n            data-name='banner'\r\n            data-api='https:\/\/pathfinder.pilgrim.es\/api\/pathfinder\/v2'\r\n            data-mode='normal'\r\n            data-lang='de'\r\n            data-route='1'\r\n            data-destiny='https:\/\/planificador.pilgrim.es'\r\n            data-modality='1'\r\n            data-inline=''\r\n        ><\/div><\/div><\/div>\n\t<\/div>\n<\/section>\n\n<section id=\"infoTown\">\n\t<div class=\"sections-town\">\n\n\t\t<div id=\"informationSection\">\n\t\t\t<div>\n\t\t\t\t<h2 class=\"p-h2-town\">Informationen<\/h2>\n\t\t\t\t<hr>\n\t\t\t\t<h3 class=\"p-h3-town\">Get to know Portugalete<\/h3>\n\t\t\t<\/div>\n\t\t\t<p>Portugalete liegt in der Region des linken Ufers, obwohl es nur f\u00fcnfzehn Kilometer von der Stadt Bilbao entfernt ist und als im Ballungsraum dieser Stadt liegend betrachtet wird.<\/p> <p>Es gibt viele Legenden \u00fcber den Ursprung des Namens der Stadt, obwohl keine von ihnen bewiesen ist, diejenige, die die meisten Anh\u00e4nger hat, ist, dass die Stadt Ugalete oder Ugaleta gehei\u00dfen haben muss und dass mit der Ankunft der R\u00f6mer sie Portu davor setzten.<\/p> <p>Portugalete ist der Name der Stadt Bilbao, und sie gilt als im Ballungsraum dieser Stadt liegend.<\/p> <p>Portugalete ist der Name der Stadt Bilbao.\n\t\t<\/div>\n\n\t\t<div id=\"locationSection\">\n\t\t\t<div>\n\t\t\t\t<h2 class=\"p-h2-town\">Standort<\/h2>\n\t\t\t\t<hr>\n\t\t\t\t<h3 class=\"p-h3-town\">Wegbeschreibung<\/h3>\n\t\t\t<\/div>\n\t\t\t<p>Am einfachsten erreicht man diese Stadt \u00fcber die Autobahn AP-8, die A Coru\u00f1a mit Ir\u00fan verbindet. Auch die Nebenstra\u00dfen BI-628 und BI-3739 f\u00fchren zu dem Ort.\n\n<p>Mit den \u00f6ffentlichen Verkehrsmitteln kann man dank der Buslinien, die das Dorf mit den wichtigsten St\u00e4dten des Baskenlandes verbinden, ebenfalls dorthin gelangen. Und schlie\u00dflich kann man Portugalete auch mit dem Zug erreichen, denn es gibt eine Bahnlinie, die den Ort mit der Stadt Bilbao verbindet.\n\t\t\t<div>\n\t\t\t\t<div>\n  <iframe loading=\"lazy\"\n    src=\"https:\/\/www.google.com\/maps\/d\/embed?mid=1y30OUrlcSC8GV-XpNPhThwwBYwQDsqs&amp;ehbc=2E312F\"\n    width=\"640\"\n    height=\"480\"\n    alt=\"Mapa Portugalete\"\n  ><\/iframe>\n<\/div>\n\n\t\t\t<\/div>\n\t\t<\/div>\n\n\t\t\n\t\t\t<div id=\"toVisitSection\">\n\t\t\t\t<div>\n\t\t\t\t\t<h2 class=\"p-h2-town\">Geschichte \/ Kultur<\/h2>\n\t\t\t\t\t<hr>\n\t\t\t\t\t<h3 class=\"p-h3-town\">Was es zu sehen gibt<\/h3>\n\t\t\t\t<\/div>\n\t\t\t\t<div>\n\t\t\t\t\t<div class=\"accordion\">\n\t\t\t\t\t\t<div class=\"accordion__menu\">\n\t\t\t\t\t\t\t<nav>\n\t\t\t\t\t\t\t\t\n\t\t\t\t\t\t\t\t\t<button class=\"nav-tab-accordion active\"><span>&#10093;<\/span><span> Bas\u00edlica de Santa Mar\u00eda<\/span><\/button>\n\t\t\t\t\t\t\t\t\n\t\t\t\t\t\t\t\t\t<button class=\"nav-tab-accordion \"><span>&#10093;<\/span><span> Casa Consistorial<\/span><\/button>\n\t\t\t\t\t\t\t\t\n\t\t\t\t\t\t\t\t\t<button class=\"nav-tab-accordion \"><span>&#10093;<\/span><span> Conjunto del casco viejo<\/span><\/button>\n\t\t\t\t\t\t\t\t\n\t\t\t\t\t\t\t\t\t<button class=\"nav-tab-accordion \"><span>&#10093;<\/span><span> Convento de Santa Clara<\/span><\/button>\n\t\t\t\t\t\t\t\t\n\t\t\t\t\t\t\t\t\t<button class=\"nav-tab-accordion \"><span>&#10093;<\/span><span> Puente Bizkaia<\/span><\/button>\n\t\t\t\t\t\t\t\t\n\t\t\t\t\t\t\t\t\t<button class=\"nav-tab-accordion \"><span>&#10093;<\/span><span> Estacio\u0301n de la Canilla<\/span><\/button>\n\t\t\t\t\t\t\t\t\n\t\t\t\t\t\t\t\t\t<button class=\"nav-tab-accordion \"><span>&#10093;<\/span><span> Gran Hotel Puente Colgante<\/span><\/button>\n\t\t\t\t\t\t\t\t\n\t\t\t\t\t\t\t\t\t<button class=\"nav-tab-accordion \"><span>&#10093;<\/span><span> Kiosko de la Mu\u0301sica<\/span><\/button>\n\t\t\t\t\t\t\t\t\n\t\t\t\t\t\t\t\t\t<button class=\"nav-tab-accordion \"><span>&#10093;<\/span><span> Mareo\u0301metro<\/span><\/button>\n\t\t\t\t\t\t\t\t\n\t\t\t\t\t\t\t\t\t<button class=\"nav-tab-accordion \"><span>&#10093;<\/span><span> Monumento a Victor Chavarri<\/span><\/button>\n\t\t\t\t\t\t\t\t\n\t\t\t\t\t\t\t\t\t<button class=\"nav-tab-accordion \"><span>&#10093;<\/span><span> Muelle de Hierro<\/span><\/button>\n\t\t\t\t\t\t\t\t\n\t\t\t\t\t\t\t\t\t<button class=\"nav-tab-accordion \"><span>&#10093;<\/span><span> Museo de la Industria<\/span><\/button>\n\t\t\t\t\t\t\t\t\n\t\t\t\t\t\t\t\t\t<button class=\"nav-tab-accordion \"><span>&#10093;<\/span><span> Palacio Lexarza<\/span><\/button>\n\t\t\t\t\t\t\t\t\n\t\t\t\t\t\t\t\t\t<button class=\"nav-tab-accordion \"><span>&#10093;<\/span><span> Parque del Doctor Areilza<\/span><\/button>\n\t\t\t\t\t\t\t\t\n\t\t\t\t\t\t\t\t\t<button class=\"nav-tab-accordion \"><span>&#10093;<\/span><span> Paseo de la Canilla<\/span><\/button>\n\t\t\t\t\t\t\t\t\n\t\t\t\t\t\t\t\t\t<button class=\"nav-tab-accordion \"><span>&#10093;<\/span><span> Torre de Salazar<\/span><\/button>\n\t\t\t\t\t\t\t\t\n\t\t\t\t\t\t\t<\/nav>\n\t\t\t\t\t\t<\/div>\n\n\t\t\t\t\t\t\n\t\t\t\t\t\t\t<div class=\"accordion__accordion-content \">\n\t\t\t\t\t\t\t\t<div>\n\t\t\t\t\t\t\t\t\t<div>\n\t\t\t\t\t\t\t\t\t\t<h4>Bas\u00edlica de Santa Mar\u00eda<\/h4>\n\t\t\t\t\t\t\t\t\t\t<p>Die Basilika Santa Maria wurde 1492 im Gotik-Renaissance-Stil \u00fcber einem anderen, schlichteren Stil erbaut, mit einem Holzdach und einem gotischen Bildnis der Jungfrau, das noch heute erhalten ist. Ihr heutiges Aussehen erhielt sie bei der Renovierung im Jahr 1691, da die Basilika im letzten Karlistenkrieg 1874 zerst\u00f6rt worden war.\n\n<p>Dieses Gotteshaus zeichnet sich durch drei Schiffe und eine achteckige Apsis aus. An der Au\u00dfenseite der Kirche befinden sich zwei Wasserspeier mittelalterlichen Ursprungs, die auf den Strebepfeilern ruhen und fantastische Tiere darstellen.<\/p> <p>Die Kirche hat zwei Schiffe und eine achteckige Apsis.\n\t\t\t\t\t\t\t\t\t<\/div>\n\t\t\t\t\t\t\t\t\t<img decoding=\"async\" src=\"https:\/\/cdn.pilgrim.es\/web\/caminos\/camino-norte\/pueblos\/portugalete\/puntos-de-interes\/basilica-de-santa-maria.jpg\" alt=\"Bas\u00edlica de Santa Mar\u00eda\">\n\t\t\t\t\t\t\t\t<\/div>\n\t\t\t\t\t\t\t<\/div>\n\t\t\t\t\t\t\n\t\t\t\t\t\t\t<div class=\"accordion__accordion-content inactive\">\n\t\t\t\t\t\t\t\t<div>\n\t\t\t\t\t\t\t\t\t<div>\n\t\t\t\t\t\t\t\t\t\t<h4>Casa Consistorial<\/h4>\n\t\t\t\t\t\t\t\t\t\t<p>Das Rathaus von Portugalete befindet sich in einem alten historischen Geb\u00e4ude, das 1883 von dem Architekten Atanasio Anduiza erbaut und 1985 renoviert und vergr\u00f6\u00dfert wurde, um den Raum besser nutzen zu k\u00f6nnen. Das Rathaus im neoklassizistischen Stil hat einen rechteckigen Grundriss und ein Erdgeschoss mit S\u00e4ulengang von vornehmer Strenge. <\/p>\n\n<p>Die auff\u00e4lligsten Merkmale des Geb\u00e4udes sind derzeit die dekorativen Motive, wie die schmiedeeisernen Gel\u00e4nder an den Balkonen, die korinthischen S\u00e4ulen an der Fassade und das Wappen auf dem Gesims der Adelsvilla.\n\n<p>STUNDEN<\/p>\n\n<p>Montag bis Freitag von 08:00 bis 14:00 Uhr<\/p> <p>Von Montag bis Freitag von 08:00 bis 14:00 Uhr<\/p>\n\n<p>INFORMATIONEN VON INTERESSE<\/p>\n\n<p>Telefon: 944 729 200<\/p>\n\t\t\t\t\t\t\t\t\t<\/div>\n\t\t\t\t\t\t\t\t\t<img decoding=\"async\" src=\"https:\/\/cdn.pilgrim.es\/web\/caminos\/camino-norte\/pueblos\/portugalete\/puntos-de-interes\/casa-consistorial.jpg\" alt=\"Casa Consistorial\">\n\t\t\t\t\t\t\t\t<\/div>\n\t\t\t\t\t\t\t<\/div>\n\t\t\t\t\t\t\n\t\t\t\t\t\t\t<div class=\"accordion__accordion-content inactive\">\n\t\t\t\t\t\t\t\t<div>\n\t\t\t\t\t\t\t\t\t<div>\n\t\t\t\t\t\t\t\t\t\t<h4>Conjunto del casco viejo<\/h4>\n\t\t\t\t\t\t\t\t\t\t<p>Die Altstadt von Portugalete befand sich innerhalb der Stadtmauern, die die Stadt im Mittelalter sch\u00fctzten. Daher ist es wahrscheinlich, dass die wichtigsten historischen und kulturellen Geb\u00e4ude wie die Kirche Santa Mar\u00eda, das Kloster Santa Clara oder der Turm von Salazar hier zu finden sind. Aus diesem Grund wurde die Altstadt von Portugalete zum kunsthistorischen Ensemble erkl\u00e4rt.\n\t\t\t\t\t\t\t\t\t<\/div>\n\t\t\t\t\t\t\t\t\t<img decoding=\"async\" src=\"https:\/\/cdn.pilgrim.es\/web\/caminos\/camino-norte\/pueblos\/portugalete\/puntos-de-interes\/conjunto-del-casco-viejo.jpg\" alt=\"Conjunto del casco viejo\">\n\t\t\t\t\t\t\t\t<\/div>\n\t\t\t\t\t\t\t<\/div>\n\t\t\t\t\t\t\n\t\t\t\t\t\t\t<div class=\"accordion__accordion-content inactive\">\n\t\t\t\t\t\t\t\t<div>\n\t\t\t\t\t\t\t\t\t<div>\n\t\t\t\t\t\t\t\t\t\t<h4>Convento de Santa Clara<\/h4>\n\t\t\t\t\t\t\t\t\t\t<p>Das Kloster Santa Clara im Barockstil wurde 1614 gegr\u00fcndet und 1987 von der Stadtverwaltung erworben. Das herausragendste \u00e4u\u00dfere Merkmal dieses Denkmals ist die Hauptfassade im plateresken Renaissance-Stil, die von einem Triumphbogen mit Pilastern beherrscht und von einer Nische mit der Figur der Santa Clara gekr\u00f6nt wird. <\/p>\n\n<p>Zur Zeit wurde das Geb\u00e4ude renoviert, um das Kulturzentrum der Villa zu beherbergen, und der ehemalige Kreuzgang wurde in einen Gartenbereich und ein Amphitheater umgewandelt.\n\n<p>STUNDEN<\/p>\n\n<p>Montag und Freitag von 8:00 bis 21:30 UhrSamstag und Sonntag nach VereinbarungJuli und 24. und 31. Dezember von 8:00 bis 15:00 UhrVom 21. bis 30. Dezember von 8:00 bis 20:30 UhrAugust geschlossen<\/p>\n\t\t\t\t\t\t\t\t\t<\/div>\n\t\t\t\t\t\t\t\t\t<img decoding=\"async\" src=\"https:\/\/cdn.pilgrim.es\/web\/caminos\/camino-norte\/pueblos\/portugalete\/puntos-de-interes\/convento-de-santa-clara.jpg\" alt=\"Convento de Santa Clara\">\n\t\t\t\t\t\t\t\t<\/div>\n\t\t\t\t\t\t\t<\/div>\n\t\t\t\t\t\t\n\t\t\t\t\t\t\t<div class=\"accordion__accordion-content inactive\">\n\t\t\t\t\t\t\t\t<div>\n\t\t\t\t\t\t\t\t\t<div>\n\t\t\t\t\t\t\t\t\t\t<h4>Puente Bizkaia<\/h4>\n\t\t\t\t\t\t\t\t\t\t<p>Die Bizkaia-Br\u00fccke, auch bekannt als H\u00e4ngebr\u00fccke, wurde 1893 von Alberto Palacio erbaut und 2006 zum Weltkulturerbe erkl\u00e4rt, da sie die erste F\u00e4hrbr\u00fccke ist, die vollst\u00e4ndig aus Metallkonstruktionen besteht. <\/p>\n\n<p>Sie wird von vier T\u00fcrmen getragen, die durch einen 160 Meter langen Quertr\u00e4ger zwischen Portugalete und Getxo miteinander verbunden sind. Dieser gro\u00dfe Quertr\u00e4ger f\u00e4llt durch seine auff\u00e4llige rote Farbe auf, die von den Bergleuten in der Gegend verwendet wurde. <\/p>\n\n<\/p> <p>Um dieses einzigartige Bauwerk besser kennenzulernen, laden wir Sie ein, es zu besuchen.\n\n<p>TARIFAS<\/p>\n\n<p>F\u00fchrungen mit Audioguides in vier Sprachen (Spanisch, Baskisch, Franz\u00f6sisch und Englisch): 9 \u20ac<\/p> <p>.\n\t\t\t\t\t\t\t\t\t<\/div>\n\t\t\t\t\t\t\t\t\t<img decoding=\"async\" src=\"https:\/\/cdn.pilgrim.es\/web\/caminos\/camino-norte\/pueblos\/portugalete\/puntos-de-interes\/puente-bizkaia.jpg\" alt=\"Puente Bizkaia\">\n\t\t\t\t\t\t\t\t<\/div>\n\t\t\t\t\t\t\t<\/div>\n\t\t\t\t\t\t\n\t\t\t\t\t\t\t<div class=\"accordion__accordion-content inactive\">\n\t\t\t\t\t\t\t\t<div>\n\t\t\t\t\t\t\t\t\t<div>\n\t\t\t\t\t\t\t\t\t\t<h4>Estacio\u0301n de la Canilla<\/h4>\n\t\t\t\t\t\t\t\t\t\t<p>Der alte Bahnhof La Canilla befindet sich am Muelle Viejo (alter Kai) neben dem Paseo de La Canilla. Dieses Geb\u00e4ude im klassizistischen Stil wurde Ende des 19. Jahrhunderts mit dem Ziel erbaut, den Bahnhof Bilbao-Portugalete zu schaffen.<\/p> <p>Der Bahnhof befindet sich am alten Kai neben dem Paseo de La Canilla.\n\n<p>Heute ist der Bahnhof nicht mehr in Betrieb, aber das Geb\u00e4ude beherbergt das Fremdenverkehrsamt, die Abteilung f\u00fcr Wirtschaftsf\u00f6rderung und Besch\u00e4ftigung sowie die B\u00fcros der Abteilung f\u00fcr Auftragsvergabe und Einkauf.\n\t\t\t\t\t\t\t\t\t<\/div>\n\t\t\t\t\t\t\t\t\t<img decoding=\"async\" src=\"https:\/\/cdn.pilgrim.es\/web\/caminos\/camino-norte\/pueblos\/portugalete\/puntos-de-interes\/estacion-de-la-canilla.jpg\" alt=\"Estacio\u0301n de la Canilla\">\n\t\t\t\t\t\t\t\t<\/div>\n\t\t\t\t\t\t\t<\/div>\n\t\t\t\t\t\t\n\t\t\t\t\t\t\t<div class=\"accordion__accordion-content inactive\">\n\t\t\t\t\t\t\t\t<div>\n\t\t\t\t\t\t\t\t\t<div>\n\t\t\t\t\t\t\t\t\t\t<h4>Gran Hotel Puente Colgante<\/h4>\n\t\t\t\t\t\t\t\t\t\t<p>Das Drei-Sterne-Hotel Gran Hotel Puente Colgante befindet sich in einem historischen Geb\u00e4ude aus dem 19. Jahrhundert, das komplett umgebaut wurde, obwohl die Fassade, wie Sie sehen k\u00f6nnen, erhalten geblieben ist.<\/p> <p>Das Drei-Sterne-Hotel Gran Hotel Puente Colgante befindet sich in einem historischen Geb\u00e4ude aus dem 19. Jahrhundert, das komplett umgebaut wurde, obwohl die Fassade, wie Sie sehen k\u00f6nnen, erhalten geblieben ist.\n\n<p>Wie der Name schon sagt, befindet sich das Gran Hotel Puente Colgante in der N\u00e4he der Bizkaia-Br\u00fccke, die von der UNESCO zum Weltkulturerbe erkl\u00e4rt wurde. Das Hotel verf\u00fcgt \u00fcber insgesamt 74 Zimmer mit privilegiertem Blick auf das Meer und die M\u00fcndung von Bilbao.\n\n<p>INFORMATIONEN VON INTERESSE<\/p>\n\n<p>Telefon: 944 014 800<\/p>\n\t\t\t\t\t\t\t\t\t<\/div>\n\t\t\t\t\t\t\t\t\t<img decoding=\"async\" src=\"https:\/\/cdn.pilgrim.es\/web\/caminos\/camino-norte\/pueblos\/portugalete\/puntos-de-interes\/gran-hotel-puente-colgante.jpg\" alt=\"Gran Hotel Puente Colgante\">\n\t\t\t\t\t\t\t\t<\/div>\n\t\t\t\t\t\t\t<\/div>\n\t\t\t\t\t\t\n\t\t\t\t\t\t\t<div class=\"accordion__accordion-content inactive\">\n\t\t\t\t\t\t\t\t<div>\n\t\t\t\t\t\t\t\t\t<div>\n\t\t\t\t\t\t\t\t\t\t<h4>Kiosko de la Mu\u0301sica<\/h4>\n\t\t\t\t\t\t\t\t\t\t<p>Der Kiosko de la M\u00fasica ist ein Geb\u00e4ude im eklektischen Stil, das 1912 von Emiliano Pagazaurtundua an der Plaza del Solar errichtet wurde. Der Name Kiosko de la M\u00fasica r\u00fchrt daher, dass an diesem Ort fr\u00fcher sonnt\u00e4gliche Konzerte und Festivals stattfanden, an denen die st\u00e4dtische Musikkapelle teilnahm.<\/p> <p>Der Kiosko de la M\u00fasica ist ein Geb\u00e4ude im eklektischen Stil, das 1912 von Emiliano Pagazazaurtundua erbaut wurde.\n\n<p>Heutzutage ist der Kiosk ein Treffpunkt, an dem jeden Dienstag, Donnerstag und Samstag im Jahr ein Markt unter freiem Himmel stattfindet, der unter dem Namen &#8222;El Mercado de las aldeanas&#8220; (Der Markt der Dorfbewohner) bekannt ist und auf dem man Blumen und Produkte vom Lande kaufen kann.\n\t\t\t\t\t\t\t\t\t<\/div>\n\t\t\t\t\t\t\t\t\t<img decoding=\"async\" src=\"https:\/\/cdn.pilgrim.es\/web\/caminos\/camino-norte\/pueblos\/portugalete\/puntos-de-interes\/kiosko-de-la-musica.jpg\" alt=\"Kiosko de la Mu\u0301sica\">\n\t\t\t\t\t\t\t\t<\/div>\n\t\t\t\t\t\t\t<\/div>\n\t\t\t\t\t\t\n\t\t\t\t\t\t\t<div class=\"accordion__accordion-content inactive\">\n\t\t\t\t\t\t\t\t<div>\n\t\t\t\t\t\t\t\t\t<div>\n\t\t\t\t\t\t\t\t\t\t<h4>Mareo\u0301metro<\/h4>\n\t\t\t\t\t\t\t\t\t\t<p>Der Gezeitenmesser ist ein historisches nautisches Instrument, das sich am Ende des Eisernen Piers befindet. Er wurde in Paris hergestellt und dort von der Junta de Obras del Puerto um 1883 installiert.<\/p> <p>Das Mare\u00f3metro ist ein nautisches Instrument, das am Ende der Muelle de Hierro steht.\n\n<p>Dieses Instrument misst die Tiefe des Flussbettes, indem es das Steigen und Fallen des Gezeitenwasserspiegels feststellt, was seinerzeit unerl\u00e4sslich war, damit die Schiffe die Hafenm\u00fcndung passieren und so die gef\u00fcrchtete Sandbarriere von Portugalete umgehen konnten. <\/p>\n\t\t\t\t\t\t\t\t\t<\/div>\n\t\t\t\t\t\t\t\t\t<img decoding=\"async\" src=\"https:\/\/cdn.pilgrim.es\/web\/caminos\/camino-norte\/pueblos\/portugalete\/puntos-de-interes\/mareometro.jpg\" alt=\"Mareo\u0301metro\">\n\t\t\t\t\t\t\t\t<\/div>\n\t\t\t\t\t\t\t<\/div>\n\t\t\t\t\t\t\n\t\t\t\t\t\t\t<div class=\"accordion__accordion-content inactive\">\n\t\t\t\t\t\t\t\t<div>\n\t\t\t\t\t\t\t\t\t<div>\n\t\t\t\t\t\t\t\t\t\t<h4>Monumento a Victor Chavarri<\/h4>\n\t\t\t\t\t\t\t\t\t\t<p>V\u00edctor Ch\u00e1varri war f\u00fcr Portugalete eine wichtige Pers\u00f6nlichkeit, die die wirtschaftliche und politische Entwicklung des Baskenlandes Ende des 19. Jahrhunderts stark beg\u00fcnstigte, weshalb Miquel Blay ihm zu Ehren 1903 auf der Plaza del Solar ein Denkmal errichtete.<\/p> <p>V\u00edctor Ch\u00e1varri war f\u00fcr Portugalete eine wichtige Pers\u00f6nlichkeit, die die wirtschaftliche und politische Entwicklung des Baskenlandes Ende des 19. Jahrhunderts stark beg\u00fcnstigte.\n\n<p>Die Struktur des Denkmals basiert auf der B\u00fcste von V\u00edctor Ch\u00e1varri, die von den K\u00f6rpern zweier Arbeiter umgeben ist, die diejenigen repr\u00e4sentieren, die dank ihm gearbeitet haben.\n\t\t\t\t\t\t\t\t\t<\/div>\n\t\t\t\t\t\t\t\t\t<img decoding=\"async\" src=\"https:\/\/cdn.pilgrim.es\/web\/caminos\/camino-norte\/pueblos\/portugalete\/puntos-de-interes\/monumento-a-victor-chavarri.jpg\" alt=\"Monumento a Victor Chavarri\">\n\t\t\t\t\t\t\t\t<\/div>\n\t\t\t\t\t\t\t<\/div>\n\t\t\t\t\t\t\n\t\t\t\t\t\t\t<div class=\"accordion__accordion-content inactive\">\n\t\t\t\t\t\t\t\t<div>\n\t\t\t\t\t\t\t\t\t<div>\n\t\t\t\t\t\t\t\t\t\t<h4>Muelle de Hierro<\/h4>\n\t\t\t\t\t\t\t\t\t\t<p>Der Eiserne Steg wurde zwischen 1881 und 1887 von dem Ingenieur Evaristo Churruca erbaut, um den Unf\u00e4llen und Schiffbr\u00fcchen in dieser Gegend ein Ende zu setzen. Die Struktur erstreckt sich \u00fcber eine L\u00e4nge von 800 Metern, von denen nur 600 Meter aus Eisen und die restlichen 200 aus Stein bestehen.\n\n<p>Dieser Kai erleichterte die Entwicklung der Aktivit\u00e4t des Hafens von Bilbao und wurde schnell zu einem der sichersten in Spanien. Heute ist er bei den Anwohnern sehr beliebt, da er eine Promenade beherbergt und einen sch\u00f6nen Blick auf die Flussm\u00fcndung und die H\u00e4ngebr\u00fccke bietet.\n\t\t\t\t\t\t\t\t\t<\/div>\n\t\t\t\t\t\t\t\t\t<img decoding=\"async\" src=\"https:\/\/cdn.pilgrim.es\/web\/caminos\/camino-norte\/pueblos\/portugalete\/puntos-de-interes\/muelle-de-hierro.jpg\" alt=\"Muelle de Hierro\">\n\t\t\t\t\t\t\t\t<\/div>\n\t\t\t\t\t\t\t<\/div>\n\t\t\t\t\t\t\n\t\t\t\t\t\t\t<div class=\"accordion__accordion-content inactive\">\n\t\t\t\t\t\t\t\t<div>\n\t\t\t\t\t\t\t\t\t<div>\n\t\t\t\t\t\t\t\t\t\t<h4>Museo de la Industria<\/h4>\n\t\t\t\t\t\t\t\t\t\t<p>Der Bau des Industriemuseums begann 1993 und wurde erst am 31. Januar 2006 eingeweiht. Es ist ein historisch-k\u00fcnstlerischer Ort, der die \u00dcberreste der industriellen Vergangenheit des Baskenlandes verbreiten und wiederherstellen soll. <\/p>\n\n<p>Heute ist das Museum eine Kultureinrichtung, die zu einem Bezugspunkt in der Region werden soll, da es \u00fcber eine Vielzahl von Sammlungen verf\u00fcgt, darunter die folgenden: <\/p>\n\n<\/p> <p>Au\u00dferdem finden hier auch einige Konferenzen, Workshops und Vorf\u00fchrungen statt.\n\t\t\t\t\t\t\t\t\t<\/div>\n\t\t\t\t\t\t\t\t\t<img decoding=\"async\" src=\"https:\/\/cdn.pilgrim.es\/web\/caminos\/camino-norte\/pueblos\/portugalete\/puntos-de-interes\/museo-de-la-industria.jpg\" alt=\"Museo de la Industria\">\n\t\t\t\t\t\t\t\t<\/div>\n\t\t\t\t\t\t\t<\/div>\n\t\t\t\t\t\t\n\t\t\t\t\t\t\t<div class=\"accordion__accordion-content inactive\">\n\t\t\t\t\t\t\t\t<div>\n\t\t\t\t\t\t\t\t\t<div>\n\t\t\t\t\t\t\t\t\t\t<h4>Palacio Lexarza<\/h4>\n\t\t\t\t\t\t\t\t\t\t<p>Der Lexarza-Palast wurde im 19. Jahrhundert im Doctor Areilza-Park erbaut, wo sich auch die Kapelle und das Exerzitienhaus San Ignacio de Loyola befinden. Die drei bilden ein sch\u00f6nes neoklassizistisches Ensemble.<\/p> <p>Der Lexarza-Palast wurde im 19. Jahrhundert im Doctor Areilza-Park erbaut, wo sich auch die Kapelle und das Exerzitienhaus San Ignacio de Loyola befinden.\n\n<p>Dieses Bauwerk hat einen viereckigen Grundriss mit drei Stockwerken und ist von weitl\u00e4ufigen und sch\u00f6nen G\u00e4rten umgeben. Bemerkenswert ist auch das Wappen der Lexarza-Linie, das in der Mitte der Fassade zu sehen ist.<\/p> <p>Das Monument hat einen viereckigen Grundriss mit drei Stockwerken und ist von weitl\u00e4ufigen und sch\u00f6nen G\u00e4rten umgeben.\n\t\t\t\t\t\t\t\t\t<\/div>\n\t\t\t\t\t\t\t\t\t<img decoding=\"async\" src=\"https:\/\/cdn.pilgrim.es\/web\/caminos\/camino-norte\/pueblos\/portugalete\/puntos-de-interes\/palacio-lexarza.jpg\" alt=\"Palacio Lexarza\">\n\t\t\t\t\t\t\t\t<\/div>\n\t\t\t\t\t\t\t<\/div>\n\t\t\t\t\t\t\n\t\t\t\t\t\t\t<div class=\"accordion__accordion-content inactive\">\n\t\t\t\t\t\t\t\t<div>\n\t\t\t\t\t\t\t\t\t<div>\n\t\t\t\t\t\t\t\t\t\t<h4>Parque del Doctor Areilza<\/h4>\n\t\t\t\t\t\t\t\t\t\t<p>Der Doctor Areilza Park wurde um 1913 von Emiliano Pagazaurtundua auf einer spektakul\u00e4ren Sandfl\u00e4che gegr\u00fcndet. Heute ist der Park ein wundersch\u00f6ner botanischer Garten mit einer gro\u00dfen Vielfalt an ausl\u00e4ndischen Arten, Bananenstauden und Koniferen. Er wurde mit viel Liebe zum Detail angelegt, damit die Bourgeoisie des 20. Jahrhunderts in Bilbao ihn genie\u00dfen konnte.\n\t\t\t\t\t\t\t\t\t<\/div>\n\t\t\t\t\t\t\t\t\t<img decoding=\"async\" src=\"https:\/\/cdn.pilgrim.es\/web\/caminos\/camino-norte\/pueblos\/portugalete\/puntos-de-interes\/parque-del-doctor-areilza.jpg\" alt=\"Parque del Doctor Areilza\">\n\t\t\t\t\t\t\t\t<\/div>\n\t\t\t\t\t\t\t<\/div>\n\t\t\t\t\t\t\n\t\t\t\t\t\t\t<div class=\"accordion__accordion-content inactive\">\n\t\t\t\t\t\t\t\t<div>\n\t\t\t\t\t\t\t\t\t<div>\n\t\t\t\t\t\t\t\t\t\t<h4>Paseo de la Canilla<\/h4>\n\t\t\t\t\t\t\t\t\t\t<p>Der Paseo de la Canilla ist ideal f\u00fcr jeden Besucher, um die Stadt Portugalete besser kennen zu lernen. Es handelt sich um eine landschaftlich gestaltete Promenade, die parallel zur Flussm\u00fcndung verl\u00e4uft und in deren Mitte sich ein sch\u00f6ner Brunnen befindet, der von vier Marmorskulpturen \u00fcberragt wird, die die vier Jahreszeiten symbolisieren. Am Ende der Promenade kann der Besucher eine Bronzeskulptur bewundern, die den Kampf des Menschen um die Kanalisierung der Flussm\u00fcndung darstellt.\n\t\t\t\t\t\t\t\t\t<\/div>\n\t\t\t\t\t\t\t\t\t<img decoding=\"async\" src=\"https:\/\/cdn.pilgrim.es\/web\/caminos\/camino-norte\/pueblos\/portugalete\/puntos-de-interes\/paseo-de-la-canilla.jpg\" alt=\"Paseo de la Canilla\">\n\t\t\t\t\t\t\t\t<\/div>\n\t\t\t\t\t\t\t<\/div>\n\t\t\t\t\t\t\n\t\t\t\t\t\t\t<div class=\"accordion__accordion-content inactive\">\n\t\t\t\t\t\t\t\t<div>\n\t\t\t\t\t\t\t\t\t<div>\n\t\t\t\t\t\t\t\t\t\t<h4>Torre de Salazar<\/h4>\n\t\t\t\t\t\t\t\t\t\t<p>Der Salazar-Turm war ein alter Wohnturm aus dem 15. Jahrhundert im Besitz der Familie Salazar, der Ende des 15. Jahrhunderts erbaut und sp\u00e4ter um 1958 dank des Architekten Joaqu\u00edn de Yrizar wieder aufgebaut wurde.<\/p> <p>Der Salazar-Turm war ein alter Wohnturm aus dem 15. Jahrhundert im Besitz der Familie Salazar, der Ende des 15. Jahrhunderts erbaut und sp\u00e4ter um 1958 dank des Architekten Joaqu\u00edn de Yrizar wieder aufgebaut wurde.\n\n<p>Im Jahr 2003 erwarb die Stadtverwaltung den Turm und baute ihn mit der Absicht um, ihn f\u00fcr kulturelle Zwecke zu nutzen. Heute beherbergt das Turmhaus ein Museum, in dem die Besucher eine Vielzahl von Dokumenten und Exponaten zur Geschichte von Portugalete und Salazar sehen k\u00f6nnen. Dar\u00fcber hinaus wird dieser Raum auch f\u00fcr Wechselausstellungen genutzt und verf\u00fcgt \u00fcber ein Restaurant.\n\n<p>STUNDEN<\/p>\n\n<p>Dienstags bis freitags von 17:30 bis 20:30Samstags von 11:00 bis 14:00 und von 17:30 bis 20:30Sonn- und Feiertags von 11:00 bis 14:00<\/p> <p>Samstags von 11:00 bis 14:00 und von 17:30 bis 20:30Sonn- und Feiertags von 11:00 bis 14:00<\/p>\n\t\t\t\t\t\t\t\t\t<\/div>\n\t\t\t\t\t\t\t\t\t<img decoding=\"async\" src=\"https:\/\/cdn.pilgrim.es\/web\/caminos\/camino-norte\/pueblos\/portugalete\/puntos-de-interes\/torre-de-salazar.jpg\" alt=\"Torre de Salazar\">\n\t\t\t\t\t\t\t\t<\/div>\n\t\t\t\t\t\t\t<\/div>\n\t\t\t\t\t\t\n\t\t\t\t\t<\/div>\n\t\t\t\t<\/div>\n\t\t\t<\/div>\n\t\t\n\n\t\t<div id=\"phonesSection\">\n\t\t\t<div>\n\t\t\t\t<h2 class=\"p-h3-town\">Informationen von Interesse<\/h2>\n\t\t\t<\/div>\n\t\t\t<div class=\"grid\">\n\t\t\t\t\n\t\t\t\t\t<div class=\"phone-number-item\">\n\t\t\t\t\t\t<div class=\"phone-number-item__icon\"><i class=\"icon-police\"><\/i><\/div>\n\t\t\t\t\t\t<div class=\"phone-number-item__title\">\n\t\t\t\t\t\t\t<h3 class=\"p-font-bold\">Ortspolizei<\/h3>\n\t\t\t\t\t\t\t<p>944 729 292<\/p>\n\t\t\t\t\t\t\t\n\t\t\t\t\t\t<\/div>\n\t\t\t\t\t<\/div>\n\t\t\t\t\n\t\t\t\t\t<div class=\"phone-number-item\">\n\t\t\t\t\t\t<div class=\"phone-number-item__icon\"><i class=\"icon-spanish-military-police\"><\/i><\/div>\n\t\t\t\t\t\t<div class=\"phone-number-item__title\">\n\t\t\t\t\t\t\t<h3 class=\"p-font-bold\">Zivilwache<\/h3>\n\t\t\t\t\t\t\t<p>944 837 347<\/p>\n\t\t\t\t\t\t\t\n\t\t\t\t\t\t<\/div>\n\t\t\t\t\t<\/div>\n\t\t\t\t\n\t\t\t\t\t<div class=\"phone-number-item\">\n\t\t\t\t\t\t<div class=\"phone-number-item__icon\"><i class=\"icon-firefighters\"><\/i><\/div>\n\t\t\t\t\t\t<div class=\"phone-number-item__title\">\n\t\t\t\t\t\t\t<h3 class=\"p-font-bold\">Feuerwehr<\/h3>\n\t\t\t\t\t\t\t<p>944 061 200<\/p>\n\t\t\t\t\t\t\t\n\t\t\t\t\t\t<\/div>\n\t\t\t\t\t<\/div>\n\t\t\t\t\n\t\t\t\t\t<div class=\"phone-number-item\">\n\t\t\t\t\t\t<div class=\"phone-number-item__icon\"><i class=\"icon-civil-protection\"><\/i><\/div>\n\t\t\t\t\t\t<div class=\"phone-number-item__title\">\n\t\t\t\t\t\t\t<h3 class=\"p-font-bold\">Zivilschutz<\/h3>\n\t\t\t\t\t\t\t<p>629 117 907<\/p>\n\t\t\t\t\t\t\t\n\t\t\t\t\t\t<\/div>\n\t\t\t\t\t<\/div>\n\t\t\t\t\n\t\t\t\t\t<div class=\"phone-number-item\">\n\t\t\t\t\t\t<div class=\"phone-number-item__icon\"><i class=\"icon-town-council\"><\/i><\/div>\n\t\t\t\t\t\t<div class=\"phone-number-item__title\">\n\t\t\t\t\t\t\t<h3 class=\"p-font-bold\">Rathaus<\/h3>\n\t\t\t\t\t\t\t<p>944 729 200<\/p>\n\t\t\t\t\t\t\t\n\t\t\t\t\t\t<\/div>\n\t\t\t\t\t<\/div>\n\t\t\t\t\n\t\t\t\t\t<div class=\"phone-number-item\">\n\t\t\t\t\t\t<div class=\"phone-number-item__icon\"><i class=\"icon-hospital\"><\/i><\/div>\n\t\t\t\t\t\t<div class=\"phone-number-item__title\">\n\t\t\t\t\t\t\t<h3 class=\"p-font-bold\">Gesundheitszentrum<\/h3>\n\t\t\t\t\t\t\t<p>946 007 660 \/ 946 007 500<\/p>\n\t\t\t\t\t\t\t\n\t\t\t\t\t\t<\/div>\n\t\t\t\t\t<\/div>\n\t\t\t\t\n\t\t\t\t\t<div class=\"phone-number-item\">\n\t\t\t\t\t\t<div class=\"phone-number-item__icon\"><i class=\"icon-tourism\"><\/i><\/div>\n\t\t\t\t\t\t<div class=\"phone-number-item__title\">\n\t\t\t\t\t\t\t<h3 class=\"p-font-bold\">Fremdenverkehrsamt<\/h3>\n\t\t\t\t\t\t\t<p>944 729 314<\/p>\n\t\t\t\t\t\t\t\n\t\t\t\t\t\t\t\t<p>Paseo de la Canilla s\/n<\/p>\n\t\t\t\t\t\t\t\n\t\t\t\t\t\t<\/div>\n\t\t\t\t\t<\/div>\n\t\t\t\t\n\t\t\t<\/div>\n\t\t<\/div>\n\n\t\t<div id=\"clientForm\">\n        <section>\n        <img decoding=\"async\" src=\"https:\/\/cdn.pilgrim.es\/web\/home\/email-contacto.png\" alt=\"contacto\">\n        <div>\n            <p>Wir senden dir deine Planung<\/p>\n            <p>Gib uns deine Daten an und erhalte die Planung deiner Reise per E-Mail <\/p>\n            <form method=\"post\" data-url=\"\/wp-admin\/admin-ajax.php\" id=\"planner--client\" class=\"flag-right form-client\">\n    <div class=\"form-data\">\n        <input name=\"form_id\" type=\"hidden\" value=\"Formulario Leads\">\n        <input name=\"type\" type=\"hidden\" value=\"planner_client\">\n        <input type=\"text\" name=\"nombre\" value=\"\" size=\"40\" class=\"form-control\" aria-required=\"true\" aria-invalid=\"false\" placeholder=\"Name\">\n        <input type=\"email\" name=\"email\" value=\"\" size=\"40\" class=\"form-control\" aria-required=\"true\" aria-invalid=\"false\" placeholder=\"E- Mail\">\n        <input type=\"text\" id=\"phone-input\" name=\"tel\" value=\"\" size=\"40\" class=\"phone-input form-control\" aria-required=\"true\" aria-invalid=\"false\" placeholder=\"Telefon\">\n        <input type=\"hidden\" name=\"telefono\">\n    <\/div>\n    <div class=\"form-checkbox\">\n        <span>\n            Pilgrim Travel, S.L. teilt gem\u00e4\u00df Regulierung 2016\/679 mit, dass die in diesem Formular verwendeten Daten sowohl f\u00fcr die Beantwortung der m\u00f6glichen Anfragen als auch f\u00fcr die Ver\u00f6ffentlichung der Kommentare verwendet werden, mit der Zustimmung des Nutzers. Sie k\u00f6nnen Ihre Rechte in \u00dcbereinstimmung mit unserer Datenschutzbestimmungen aus\u00fcben             <a href=\"https:\/\/www.pilgrim.es\/politica-de-privacidad\/\" target=\"_blank\" rel=\"noopener noreferrer nofollow\">Datenschutzerkl\u00e4rung.<\/a>\n        <\/span>\n    <\/div>\n\n    <div class=\"form-submit\">\n        <button id=\"planner--client-create\" type=\"submit\">Anfrage senden<\/button>\n        <div class=\"loadingDiv\"><i class=\"p-spinner\"><\/i><\/div>\n    <\/div>\n\n    <div class=\"contact-content-form-success\">\n        <p><i class=\"fas fa-check\"><\/i> Das Formular hat sich erfolgreich gesendet.<\/p>\n    <\/div>\n\n    <div class=\"contact-content-form-error\">\n        <span class=\"input-error\"><\/span>\n    <\/div>\n<\/form>        <\/div>\n    <\/section>\n<\/div>\n\n\t\t<div id=\"recomendationSection\">\n\t\t\t<div>\n\t\t\t\t<h2 class=\"p-h2-town\">Empfohlen<\/h2>\n\t\t\t\t<hr>\n\t\t\t\t<h3 class=\"p-h3-town\">Gastronomie<\/h3>\n\t\t\t<\/div>\n\t\t\tDie Gastronomie von Portugalete \u00e4hnelt der anderer Orte der Provinz: Pintxos vascos&#8220;, Purrusalda und zum Nachtisch Gouxa, eine f\u00fcr das Baskenland typische S\u00fc\u00dfspeise aus Sahne und Karamell.\n\t\t<\/div>\n\n\n\t\t\n\t\t\t<div id=\"holidaysSection\">\n\t\t\t\t<div>\n\t\t\t\t\t<h2 class=\"p-h2-town\">Empfohlen<\/h2>\n\t\t\t\t\t<hr>\n\t\t\t\t\t<h3 class=\"p-h3-town\">Feste und Pilgerfahrten<\/h3>\n\t\t\t\t<\/div>\n\t\t\t\t<div class=\"grid holidays-grid\">\n\t\t\t\t\t\n\t\t\t\t\t\t<div>\n\t\t\t\t\t\t\t<div class=\"phone-number-item\">\n\t\t\t\t\t\t\t\t<div class=\"phone-number-item__icon\"><i class=\"icon-holiday\"><\/i><\/div>\n\t\t\t\t\t\t\t\t<div class=\"phone-number-item__title dark-text\">\n\t\t\t\t\t\t\t\t\t<p class=\"p-font-bold\">Lokaler Urlaub<\/p>\n\t\t\t\t\t\t\t\t\t<p>15 al 17 de agosto: Fiestas de San Roque<\/p>\n\t\t\t\t\t\t\t\t<\/div>\n\t\t\t\t\t\t\t<\/div>\n\t\t\t\t\t\t<\/div>\n\t\t\t\t\t\n\t\t\t\t\t\t<div>\n\t\t\t\t\t\t\t<div class=\"phone-number-item\">\n\t\t\t\t\t\t\t\t<div class=\"phone-number-item__icon\"><i class=\"icon-holiday\"><\/i><\/div>\n\t\t\t\t\t\t\t\t<div class=\"phone-number-item__title dark-text\">\n\t\t\t\t\t\t\t\t\t<p class=\"p-font-bold\">Lokaler Urlaub<\/p>\n\t\t\t\t\t\t\t\t\t<p>10 de julio: D\u00eda de Santo Tom\u00e1s<\/p>\n\t\t\t\t\t\t\t\t<\/div>\n\t\t\t\t\t\t\t<\/div>\n\t\t\t\t\t\t<\/div>\n\t\t\t\t\t\n\t\t\t\t\t\t<div>\n\t\t\t\t\t\t\t<div class=\"phone-number-item\">\n\t\t\t\t\t\t\t\t<div class=\"phone-number-item__icon\"><i class=\"icon-holiday\"><\/i><\/div>\n\t\t\t\t\t\t\t\t<div class=\"phone-number-item__title dark-text\">\n\t\t\t\t\t\t\t\t\t<p class=\"p-font-bold\">Lokaler Urlaub<\/p>\n\t\t\t\t\t\t\t\t\t<p>13 de junio: Fiesta de San Antonio de Padua<\/p>\n\t\t\t\t\t\t\t\t<\/div>\n\t\t\t\t\t\t\t<\/div>\n\t\t\t\t\t\t<\/div>\n\t\t\t\t\t\n\t\t\t\t\t\t<div>\n\t\t\t\t\t\t\t<div class=\"phone-number-item\">\n\t\t\t\t\t\t\t\t<div class=\"phone-number-item__icon\"><i class=\"icon-holiday\"><\/i><\/div>\n\t\t\t\t\t\t\t\t<div class=\"phone-number-item__title dark-text\">\n\t\t\t\t\t\t\t\t\t<p class=\"p-font-bold\">Lokaler Urlaub<\/p>\n\t\t\t\t\t\t\t\t\t<p>1 de julio: Festividad de la Virgen de la Gu\u00eda<\/p>\n\t\t\t\t\t\t\t\t<\/div>\n\t\t\t\t\t\t\t<\/div>\n\t\t\t\t\t\t<\/div>\n\t\t\t\t\t\n\t\t\t\t\t\t<div>\n\t\t\t\t\t\t\t<div class=\"phone-number-item\">\n\t\t\t\t\t\t\t\t<div class=\"phone-number-item__icon\"><i class=\"icon-holiday\"><\/i><\/div>\n\t\t\t\t\t\t\t\t<div class=\"phone-number-item__title dark-text\">\n\t\t\t\t\t\t\t\t\t<p class=\"p-font-bold\">Lokaler Urlaub<\/p>\n\t\t\t\t\t\t\t\t\t<p>Octubre: Fiesta del barrio de Azeta<\/p>\n\t\t\t\t\t\t\t\t<\/div>\n\t\t\t\t\t\t\t<\/div>\n\t\t\t\t\t\t<\/div>\n\t\t\t\t\t\n\t\t\t\t\t\t<div>\n\t\t\t\t\t\t\t<div class=\"phone-number-item\">\n\t\t\t\t\t\t\t\t<div class=\"phone-number-item__icon\"><i class=\"icon-holiday\"><\/i><\/div>\n\t\t\t\t\t\t\t\t<div class=\"phone-number-item__title dark-text\">\n\t\t\t\t\t\t\t\t\t<p class=\"p-font-bold\">Lokaler Urlaub<\/p>\n\t\t\t\t\t\t\t\t\t<p>4 de septiembre: Fiesta de San Nicol\u00e1s<\/p>\n\t\t\t\t\t\t\t\t<\/div>\n\t\t\t\t\t\t\t<\/div>\n\t\t\t\t\t\t<\/div>\n\t\t\t\t\t\n\t\t\t\t\t\t<div>\n\t\t\t\t\t\t\t<div class=\"phone-number-item\">\n\t\t\t\t\t\t\t\t<div class=\"phone-number-item__icon\"><i class=\"icon-holiday\"><\/i><\/div>\n\t\t\t\t\t\t\t\t<div class=\"phone-number-item__title dark-text\">\n\t\t\t\t\t\t\t\t\t<p class=\"p-font-bold\">Lokaler Urlaub<\/p>\n\t\t\t\t\t\t\t\t\t<p>A mediados de Septiembre: Fiesta de la Cruz<\/p>\n\t\t\t\t\t\t\t\t<\/div>\n\t\t\t\t\t\t\t<\/div>\n\t\t\t\t\t\t<\/div>\n\t\t\t\t\t\n\t\t\t\t\t\t<div>\n\t\t\t\t\t\t\t<div class=\"phone-number-item\">\n\t\t\t\t\t\t\t\t<div class=\"phone-number-item__icon\"><i class=\"icon-holiday\"><\/i><\/div>\n\t\t\t\t\t\t\t\t<div class=\"phone-number-item__title dark-text\">\n\t\t\t\t\t\t\t\t\t<p class=\"p-font-bold\">Lokaler Urlaub<\/p>\n\t\t\t\t\t\t\t\t\t<p>25 de julio: Festival internacional de folclore<\/p>\n\t\t\t\t\t\t\t\t<\/div>\n\t\t\t\t\t\t\t<\/div>\n\t\t\t\t\t\t<\/div>\n\t\t\t\t\t\n\t\t\t\t<\/div>\n\t\t\t<\/div>\n\t\t\n\t<\/div>\n<\/section>\n\n<div id=\"stage_list_section\"><div class=\"stage-list\">\n    <div class='stage-list__map-card'>\n        <div class='stage-list__map-card__map'>\n            <div class='stage-list__map-card__map__text'>\n                <h2> Pages <\/h2>\n                <p> Zu Fu\u00df<\/p>\n                <p> 0etappen<\/p>\n            <\/div>\n            <div class='stage-list__map-card__map__img'>\n                <img decoding=\"async\" src=\"\" alt=\" mapa \" \/>\n            <\/div>\n        <\/div>\n    <\/div>\n\n    <\/div>\n<\/div> ","protected":false},"excerpt":{"rendered":"<p>Portugalete &#8249; Zur\u00fcck zur B\u00fchne Portugalete Einwohner: 47.117 aprox. Bundesland: Bizkaia Informationen Get to know Portugalete Portugalete liegt in der Region des linken Ufers, obwohl es nur f\u00fcnfzehn Kilometer von der Stadt Bilbao entfernt ist und als im Ballungsraum dieser Stadt liegend betrachtet wird. Es gibt viele Legenden \u00fcber den Ursprung des Namens der Stadt, &hellip; <\/p>\n<p class=\"read_more\"><a href=\"https:\/\/www.pilgrim.es\/de\/weg-im-norden\/portugalete\/\">Leer m\u00e1s<\/a><\/p>\n","protected":false},"author":0,"featured_media":7694,"parent":10670,"menu_order":0,"comment_status":"closed","ping_status":"closed","template":"views\/template-new-web-design.blade.php","meta":{"footnotes":""},"categories":[],"tags":[],"class_list":["post-91259","page","type-page","status-publish","has-post-thumbnail","hentry"],"yoast_head":"<!-- This site is optimized with the Yoast SEO plugin v27.4 - https:\/\/yoast.com\/product\/yoast-seo-wordpress\/ -->\n<title>Portugalete: Was sehen und wo \u00fcbernachten | Jakobsweg | Pilgrim<\/title>\n<meta name=\"description\" content=\"Portugalete Entdecken Sie alle Informationen \u00fcber Unterk\u00fcnfte, Anreise, Gastronomie und die wichtigsten Sehensw\u00fcrdigkeiten der Orte am K\u00fcstenweg\" \/>\n<meta name=\"robots\" content=\"index, follow, max-snippet:-1, max-image-preview:large, max-video-preview:-1\" \/>\n<link rel=\"canonical\" href=\"https:\/\/www.pilgrim.es\/de\/weg-im-norden\/portugalete\/\" \/>\n<meta property=\"og:locale\" content=\"de_DE\" \/>\n<meta property=\"og:type\" content=\"article\" \/>\n<meta property=\"og:title\" content=\"Portugalete: Was sehen und wo \u00fcbernachten | Jakobsweg | Pilgrim\" \/>\n<meta property=\"og:description\" content=\"Portugalete Entdecken Sie alle Informationen \u00fcber Unterk\u00fcnfte, Anreise, Gastronomie und die wichtigsten Sehensw\u00fcrdigkeiten der Orte am K\u00fcstenweg\" \/>\n<meta property=\"og:url\" content=\"https:\/\/www.pilgrim.es\/de\/weg-im-norden\/portugalete\/\" \/>\n<meta property=\"og:site_name\" content=\"Pilgrim\" \/>\n<meta property=\"article:publisher\" content=\"https:\/\/www.facebook.com\/pilgrim.es\/\" \/>\n<meta property=\"og:image\" content=\"https:\/\/www.pilgrim.es\/wp-content\/uploads\/2019\/02\/portugalete1.jpg\" \/>\n\t<meta property=\"og:image:width\" content=\"1024\" \/>\n\t<meta property=\"og:image:height\" content=\"768\" \/>\n\t<meta property=\"og:image:type\" content=\"image\/jpeg\" \/>\n<meta name=\"twitter:card\" content=\"summary_large_image\" \/>\n<meta name=\"twitter:site\" content=\"@pilgrim_es\" \/>\n<meta name=\"twitter:label1\" content=\"Gesch\u00e4tzte Lesezeit\" \/>\n\t<meta name=\"twitter:data1\" content=\"10\u00a0Minuten\" \/>\n<script type=\"application\/ld+json\" class=\"yoast-schema-graph\">{\"@context\":\"https:\\\/\\\/schema.org\",\"@graph\":[{\"@type\":\"WebPage\",\"@id\":\"https:\\\/\\\/www.pilgrim.es\\\/de\\\/weg-im-norden\\\/portugalete\\\/\",\"url\":\"https:\\\/\\\/www.pilgrim.es\\\/de\\\/weg-im-norden\\\/portugalete\\\/\",\"name\":\"Portugalete: Was sehen und wo \u00fcbernachten | Jakobsweg | Pilgrim\",\"isPartOf\":{\"@id\":\"https:\\\/\\\/www.pilgrim.es\\\/de\\\/#website\"},\"primaryImageOfPage\":{\"@id\":\"https:\\\/\\\/www.pilgrim.es\\\/de\\\/weg-im-norden\\\/portugalete\\\/#primaryimage\"},\"image\":{\"@id\":\"https:\\\/\\\/www.pilgrim.es\\\/de\\\/weg-im-norden\\\/portugalete\\\/#primaryimage\"},\"thumbnailUrl\":\"https:\\\/\\\/www.pilgrim.es\\\/wp-content\\\/uploads\\\/2019\\\/02\\\/portugalete1.jpg\",\"datePublished\":\"2025-03-17T14:41:40+00:00\",\"description\":\"Portugalete Entdecken Sie alle Informationen \u00fcber Unterk\u00fcnfte, Anreise, Gastronomie und die wichtigsten Sehensw\u00fcrdigkeiten der Orte am K\u00fcstenweg\",\"breadcrumb\":{\"@id\":\"https:\\\/\\\/www.pilgrim.es\\\/de\\\/weg-im-norden\\\/portugalete\\\/#breadcrumb\"},\"inLanguage\":\"de\",\"potentialAction\":[{\"@type\":\"ReadAction\",\"target\":[\"https:\\\/\\\/www.pilgrim.es\\\/de\\\/weg-im-norden\\\/portugalete\\\/\"]}]},{\"@type\":\"ImageObject\",\"inLanguage\":\"de\",\"@id\":\"https:\\\/\\\/www.pilgrim.es\\\/de\\\/weg-im-norden\\\/portugalete\\\/#primaryimage\",\"url\":\"https:\\\/\\\/www.pilgrim.es\\\/wp-content\\\/uploads\\\/2019\\\/02\\\/portugalete1.jpg\",\"contentUrl\":\"https:\\\/\\\/www.pilgrim.es\\\/wp-content\\\/uploads\\\/2019\\\/02\\\/portugalete1.jpg\",\"width\":1024,\"height\":768,\"caption\":\"Portugalete\"},{\"@type\":\"BreadcrumbList\",\"@id\":\"https:\\\/\\\/www.pilgrim.es\\\/de\\\/weg-im-norden\\\/portugalete\\\/#breadcrumb\",\"itemListElement\":[{\"@type\":\"ListItem\",\"position\":1,\"name\":\"Camino de Santiago\",\"item\":\"https:\\\/\\\/www.pilgrim.es\\\/de\\\/\"},{\"@type\":\"ListItem\",\"position\":2,\"name\":\"Weg im Norden\",\"item\":\"https:\\\/\\\/www.pilgrim.es\\\/de\\\/weg-im-norden\\\/\"},{\"@type\":\"ListItem\",\"position\":3,\"name\":\"Portugalete\"}]},{\"@type\":\"WebSite\",\"@id\":\"https:\\\/\\\/www.pilgrim.es\\\/de\\\/#website\",\"url\":\"https:\\\/\\\/www.pilgrim.es\\\/de\\\/\",\"name\":\"Pilgrim\",\"description\":\"Camino de Santiago | Caminamos Contigo\",\"publisher\":{\"@id\":\"https:\\\/\\\/www.pilgrim.es\\\/de\\\/#organization\"},\"potentialAction\":[{\"@type\":\"SearchAction\",\"target\":{\"@type\":\"EntryPoint\",\"urlTemplate\":\"https:\\\/\\\/www.pilgrim.es\\\/de\\\/?s={search_term_string}\"},\"query-input\":{\"@type\":\"PropertyValueSpecification\",\"valueRequired\":true,\"valueName\":\"search_term_string\"}}],\"inLanguage\":\"de\"},{\"@type\":\"Organization\",\"@id\":\"https:\\\/\\\/www.pilgrim.es\\\/de\\\/#organization\",\"name\":\"Pilgrim Camino de Santiago\",\"url\":\"https:\\\/\\\/www.pilgrim.es\\\/de\\\/\",\"logo\":{\"@type\":\"ImageObject\",\"inLanguage\":\"de\",\"@id\":\"https:\\\/\\\/www.pilgrim.es\\\/de\\\/#\\\/schema\\\/logo\\\/image\\\/\",\"url\":\"https:\\\/\\\/www.pilgrim.es\\\/wp-content\\\/uploads\\\/2019\\\/04\\\/logo_pilgrim.png\",\"contentUrl\":\"https:\\\/\\\/www.pilgrim.es\\\/wp-content\\\/uploads\\\/2019\\\/04\\\/logo_pilgrim.png\",\"width\":512,\"height\":512,\"caption\":\"Pilgrim Camino de Santiago\"},\"image\":{\"@id\":\"https:\\\/\\\/www.pilgrim.es\\\/de\\\/#\\\/schema\\\/logo\\\/image\\\/\"},\"sameAs\":[\"https:\\\/\\\/www.facebook.com\\\/pilgrim.es\\\/\",\"https:\\\/\\\/x.com\\\/pilgrim_es\",\"https:\\\/\\\/www.instagram.com\\\/pilgrim.es\\\/\",\"https:\\\/\\\/www.linkedin.com\\\/company\\\/pilgrim-camino-de-santiago\\\/\",\"https:\\\/\\\/www.pinterest.es\\\/pilgrimcaminodesantiago\\\/\",\"https:\\\/\\\/www.youtube.com\\\/channel\\\/UCIv2ZzFLXVqthkNF32rKedw\\\/featured\"]}]}<\/script>\n<!-- \/ Yoast SEO plugin. -->","yoast_head_json":{"title":"Portugalete: Was sehen und wo \u00fcbernachten | Jakobsweg | Pilgrim","description":"Portugalete Entdecken Sie alle Informationen \u00fcber Unterk\u00fcnfte, Anreise, Gastronomie und die wichtigsten Sehensw\u00fcrdigkeiten der Orte am K\u00fcstenweg","robots":{"index":"index","follow":"follow","max-snippet":"max-snippet:-1","max-image-preview":"max-image-preview:large","max-video-preview":"max-video-preview:-1"},"canonical":"https:\/\/www.pilgrim.es\/de\/weg-im-norden\/portugalete\/","og_locale":"de_DE","og_type":"article","og_title":"Portugalete: Was sehen und wo \u00fcbernachten | Jakobsweg | Pilgrim","og_description":"Portugalete Entdecken Sie alle Informationen \u00fcber Unterk\u00fcnfte, Anreise, Gastronomie und die wichtigsten Sehensw\u00fcrdigkeiten der Orte am K\u00fcstenweg","og_url":"https:\/\/www.pilgrim.es\/de\/weg-im-norden\/portugalete\/","og_site_name":"Pilgrim","article_publisher":"https:\/\/www.facebook.com\/pilgrim.es\/","og_image":[{"width":1024,"height":768,"url":"https:\/\/www.pilgrim.es\/wp-content\/uploads\/2019\/02\/portugalete1.jpg","type":"image\/jpeg"}],"twitter_card":"summary_large_image","twitter_site":"@pilgrim_es","twitter_misc":{"Gesch\u00e4tzte Lesezeit":"10\u00a0Minuten"},"schema":{"@context":"https:\/\/schema.org","@graph":[{"@type":"WebPage","@id":"https:\/\/www.pilgrim.es\/de\/weg-im-norden\/portugalete\/","url":"https:\/\/www.pilgrim.es\/de\/weg-im-norden\/portugalete\/","name":"Portugalete: Was sehen und wo \u00fcbernachten | Jakobsweg | Pilgrim","isPartOf":{"@id":"https:\/\/www.pilgrim.es\/de\/#website"},"primaryImageOfPage":{"@id":"https:\/\/www.pilgrim.es\/de\/weg-im-norden\/portugalete\/#primaryimage"},"image":{"@id":"https:\/\/www.pilgrim.es\/de\/weg-im-norden\/portugalete\/#primaryimage"},"thumbnailUrl":"https:\/\/www.pilgrim.es\/wp-content\/uploads\/2019\/02\/portugalete1.jpg","datePublished":"2025-03-17T14:41:40+00:00","description":"Portugalete Entdecken Sie alle Informationen \u00fcber Unterk\u00fcnfte, Anreise, Gastronomie und die wichtigsten Sehensw\u00fcrdigkeiten der Orte am K\u00fcstenweg","breadcrumb":{"@id":"https:\/\/www.pilgrim.es\/de\/weg-im-norden\/portugalete\/#breadcrumb"},"inLanguage":"de","potentialAction":[{"@type":"ReadAction","target":["https:\/\/www.pilgrim.es\/de\/weg-im-norden\/portugalete\/"]}]},{"@type":"ImageObject","inLanguage":"de","@id":"https:\/\/www.pilgrim.es\/de\/weg-im-norden\/portugalete\/#primaryimage","url":"https:\/\/www.pilgrim.es\/wp-content\/uploads\/2019\/02\/portugalete1.jpg","contentUrl":"https:\/\/www.pilgrim.es\/wp-content\/uploads\/2019\/02\/portugalete1.jpg","width":1024,"height":768,"caption":"Portugalete"},{"@type":"BreadcrumbList","@id":"https:\/\/www.pilgrim.es\/de\/weg-im-norden\/portugalete\/#breadcrumb","itemListElement":[{"@type":"ListItem","position":1,"name":"Camino de Santiago","item":"https:\/\/www.pilgrim.es\/de\/"},{"@type":"ListItem","position":2,"name":"Weg im Norden","item":"https:\/\/www.pilgrim.es\/de\/weg-im-norden\/"},{"@type":"ListItem","position":3,"name":"Portugalete"}]},{"@type":"WebSite","@id":"https:\/\/www.pilgrim.es\/de\/#website","url":"https:\/\/www.pilgrim.es\/de\/","name":"Pilgrim","description":"Camino de Santiago | Caminamos Contigo","publisher":{"@id":"https:\/\/www.pilgrim.es\/de\/#organization"},"potentialAction":[{"@type":"SearchAction","target":{"@type":"EntryPoint","urlTemplate":"https:\/\/www.pilgrim.es\/de\/?s={search_term_string}"},"query-input":{"@type":"PropertyValueSpecification","valueRequired":true,"valueName":"search_term_string"}}],"inLanguage":"de"},{"@type":"Organization","@id":"https:\/\/www.pilgrim.es\/de\/#organization","name":"Pilgrim Camino de Santiago","url":"https:\/\/www.pilgrim.es\/de\/","logo":{"@type":"ImageObject","inLanguage":"de","@id":"https:\/\/www.pilgrim.es\/de\/#\/schema\/logo\/image\/","url":"https:\/\/www.pilgrim.es\/wp-content\/uploads\/2019\/04\/logo_pilgrim.png","contentUrl":"https:\/\/www.pilgrim.es\/wp-content\/uploads\/2019\/04\/logo_pilgrim.png","width":512,"height":512,"caption":"Pilgrim Camino de Santiago"},"image":{"@id":"https:\/\/www.pilgrim.es\/de\/#\/schema\/logo\/image\/"},"sameAs":["https:\/\/www.facebook.com\/pilgrim.es\/","https:\/\/x.com\/pilgrim_es","https:\/\/www.instagram.com\/pilgrim.es\/","https:\/\/www.linkedin.com\/company\/pilgrim-camino-de-santiago\/","https:\/\/www.pinterest.es\/pilgrimcaminodesantiago\/","https:\/\/www.youtube.com\/channel\/UCIv2ZzFLXVqthkNF32rKedw\/featured"]}]}},"_links":{"self":[{"href":"https:\/\/www.pilgrim.es\/de\/wp-json\/wp\/v2\/pages\/91259","targetHints":{"allow":["GET"]}}],"collection":[{"href":"https:\/\/www.pilgrim.es\/de\/wp-json\/wp\/v2\/pages"}],"about":[{"href":"https:\/\/www.pilgrim.es\/de\/wp-json\/wp\/v2\/types\/page"}],"replies":[{"embeddable":true,"href":"https:\/\/www.pilgrim.es\/de\/wp-json\/wp\/v2\/comments?post=91259"}],"version-history":[{"count":0,"href":"https:\/\/www.pilgrim.es\/de\/wp-json\/wp\/v2\/pages\/91259\/revisions"}],"up":[{"embeddable":true,"href":"https:\/\/www.pilgrim.es\/de\/wp-json\/wp\/v2\/pages\/10670"}],"wp:featuredmedia":[{"embeddable":true,"href":"https:\/\/www.pilgrim.es\/de\/wp-json\/wp\/v2\/media\/7694"}],"wp:attachment":[{"href":"https:\/\/www.pilgrim.es\/de\/wp-json\/wp\/v2\/media?parent=91259"}],"wp:term":[{"taxonomy":"category","embeddable":true,"href":"https:\/\/www.pilgrim.es\/de\/wp-json\/wp\/v2\/categories?post=91259"},{"taxonomy":"post_tag","embeddable":true,"href":"https:\/\/www.pilgrim.es\/de\/wp-json\/wp\/v2\/tags?post=91259"}],"curies":[{"name":"wp","href":"https:\/\/api.w.org\/{rel}","templated":true}]}}