{"id":91256,"date":"2025-03-17T14:40:13","date_gmt":"2025-03-17T14:40:13","guid":{"rendered":"https:\/\/www.pilgrim.es\/weg-im-norden\/bilbao\/"},"modified":"2025-03-17T14:40:13","modified_gmt":"2025-03-17T14:40:13","slug":"bilbao","status":"publish","type":"page","link":"https:\/\/www.pilgrim.es\/de\/weg-im-norden\/bilbao\/","title":{"rendered":"Bilbao"},"content":{"rendered":" <section id=\"hero\">\n\t<h1>Bilbao<\/h1>\n\t<div class=\"hero-grid\">\n\t\t<div class=\"hero-grid__town-col\" data-background=\"https:\/\/cdn.pilgrim.es\/web\/caminos\/camino-norte\/pueblos\/bilbao.jpg\">\n\t\t\t<div>\n\t\t\t\t<a class=\"link-to-stage\" href=\"https:\/\/www.pilgrim.es\/camino-norte\/etapa-7-lezama-bilbao\/\">\n\t\t\t\t\t<p>&#8249; Zur\u00fcck zur B\u00fchne<\/p>\n\t\t\t\t<\/a>\n\n\t\t\t\t<div class=\"town-data\">\n\t\t\t\t\t<h2>Bilbao<\/h2>\n\t\t\t\t\t<ul>\n\t\t\t\t\t\t<li>Einwohner: 345.151 aprox.<\/li>\n\t\t\t\t\t\t<li>Bundesland: Bizkaia<\/li>\n\t\t\t\t\t<\/ul>\n\t\t\t\t<\/div>\n\t\t\t<\/div>\n\t\t<\/div>\n\t\t<div class=\"hero-grid__planner-col\"><div\r\n  class=\"p-col-span-1 p-rounded-lg p-px-5 p-h-full\"\r\n  style=\"background-image: url('https:\/\/cdn.pilgrim.es\/web\/pilgrim-planner\/bg-plugin-planificador.webp')\"\r\n  rel=\"preload\"\r\n  fetchpriority=\"high\"\r\n  >\r\n    <div class=\"p-text-center p-pt-5 p-text-white p-text-2xl p-font-semibold\">\r\n      Plane deinen Weg    <\/div>\r\n    <div\r\n            id='primary-app'\r\n            data-name='banner'\r\n            data-api='https:\/\/pathfinder.pilgrim.es\/api\/pathfinder\/v2'\r\n            data-mode='normal'\r\n            data-lang='de'\r\n            data-route='1'\r\n            data-destiny='https:\/\/planificador.pilgrim.es'\r\n            data-modality='1'\r\n            data-inline=''\r\n        ><\/div><\/div><\/div>\n\t<\/div>\n<\/section>\n\n<section id=\"infoTown\">\n\t<div class=\"sections-town\">\n\n\t\t<div id=\"informationSection\">\n\t\t\t<div>\n\t\t\t\t<h2 class=\"p-h2-town\">Informationen<\/h2>\n\t\t\t\t<hr>\n\t\t\t\t<h3 class=\"p-h3-town\">Get to know Bilbao<\/h3>\n\t\t\t<\/div>\n\t\t\t<p>Bilbao ist die n\u00e4chste Stadt, auf die die Pilger auf ihrem Weg nach Santiago sto\u00dfen werden. Sie ist nicht nur die bev\u00f6lkerungsreichste Stadt der autonomen Gemeinschaft, sondern wurde auch von der britischen Stiftung &#8222;The City Mayors&#8220; f\u00fcr den st\u00e4dtischen Wandel ausgezeichnet, den sie seit 1990 vollzogen hat.<\/p> <p>In dieser Stadt kann man ein umfangreiches historisches Erbe, eine gro\u00dfe Vielfalt an touristischen Ressourcen und eine breite Palette an Gastronomie genie\u00dfen.\n\t\t<\/div>\n\n\t\t<div id=\"locationSection\">\n\t\t\t<div>\n\t\t\t\t<h2 class=\"p-h2-town\">Standort<\/h2>\n\t\t\t\t<hr>\n\t\t\t\t<h3 class=\"p-h3-town\">Wegbeschreibung<\/h3>\n\t\t\t<\/div>\n\t\t\t<p>Dank der Autobahnen A-8 und AP-8 ist die Stadt perfekt an den Norden des Landes angebunden, denn diese Stra\u00dfen verbinden Ir\u00fan mit Lugo, die AP-68 verbindet Arag\u00f3n mit dem Baskenland und die Nationalstra\u00dfen N-634 und N-637 verbinden San Sebasti\u00e1n mit Santiago de Compostela.\n\n<p>Mit dem Bus k\u00f6nnen Sie die Stadt bequem erreichen. Sie k\u00f6nnen die Stadt von \u00c1vila, Gipuzkoa, Madrid, Barcelona, Salamanca, San Sebasti\u00e1n, Oviedo, Avil\u00e9s und anderen St\u00e4dten sowie von mehreren internationalen Punkten aus erreichen, dank der Unternehmen Alsa, Pesa, IRB Castro, Bilman Bus, Vibasa, Secorbus, etc.<\/p> <p>.\n\n<p>Die Stadt verf\u00fcgt auch \u00fcber einen Bahnhof, der Linien nach Muskiz, Santurtzi, Ordu\u00f1a, Castej\u00f3n, Madrid, Santander, Le\u00f3n und anderen Orten anbietet.<\/p> <p>Die Stadt verf\u00fcgt auch \u00fcber einen Bahnhof, der Linien nach Muskiz, Santurtzi, Ordu\u00f1a, Castej\u00f3n, Madrid, Santander, Le\u00f3n und anderen Orten anbietet.\n\n<p>Der Flughafen der Stadt liegt 12 km von der Stadt entfernt und bietet regelm\u00e4\u00dfige Fl\u00fcge, die von insgesamt 20 Fluggesellschaften durchgef\u00fchrt werden.<\/p> <p>Der Flughafen der Stadt liegt 12 km von der Stadt entfernt und bietet regelm\u00e4\u00dfige Fl\u00fcge, die von insgesamt 20 Fluggesellschaften durchgef\u00fchrt werden.<\/p> <p>Der Flughafen liegt 12 km von der Stadt entfernt.\n\t\t\t<div>\n\t\t\t\t<div>\n  <iframe loading=\"lazy\"\n    src=\"https:\/\/www.google.com\/maps\/d\/embed?mid=1xKJ11JTsSv3BnwGfEpBZJW5FMawUKxA&amp;ehbc=2E312F\"\n    width=\"640\"\n    height=\"480\"\n    alt=\"Mapa Bilbao\"\n  ><\/iframe>\n<\/div>\n\n\t\t\t<\/div>\n\t\t<\/div>\n\n\t\t\n\t\t\t<div id=\"toVisitSection\">\n\t\t\t\t<div>\n\t\t\t\t\t<h2 class=\"p-h2-town\">Geschichte \/ Kultur<\/h2>\n\t\t\t\t\t<hr>\n\t\t\t\t\t<h3 class=\"p-h3-town\">Was es zu sehen gibt<\/h3>\n\t\t\t\t<\/div>\n\t\t\t\t<div>\n\t\t\t\t\t<div class=\"accordion\">\n\t\t\t\t\t\t<div class=\"accordion__menu\">\n\t\t\t\t\t\t\t<nav>\n\t\t\t\t\t\t\t\t\n\t\t\t\t\t\t\t\t\t<button class=\"nav-tab-accordion active\"><span>&#10093;<\/span><span> Casas Americanas<\/span><\/button>\n\t\t\t\t\t\t\t\t\n\t\t\t\t\t\t\t\t\t<button class=\"nav-tab-accordion \"><span>&#10093;<\/span><span> Casilda de Iturrizar<\/span><\/button>\n\t\t\t\t\t\t\t\t\n\t\t\t\t\t\t\t\t\t<button class=\"nav-tab-accordion \"><span>&#10093;<\/span><span> Catedral de Santiago<\/span><\/button>\n\t\t\t\t\t\t\t\t\n\t\t\t\t\t\t\t\t\t<button class=\"nav-tab-accordion \"><span>&#10093;<\/span><span> Chalet Allende<\/span><\/button>\n\t\t\t\t\t\t\t\t\n\t\t\t\t\t\t\t\t\t<button class=\"nav-tab-accordion \"><span>&#10093;<\/span><span> Edificio de la Sociedad Bilba\u00edna<\/span><\/button>\n\t\t\t\t\t\t\t\t\n\t\t\t\t\t\t\t\t\t<button class=\"nav-tab-accordion \"><span>&#10093;<\/span><span> Puente de Vizcaya<\/span><\/button>\n\t\t\t\t\t\t\t\t\n\t\t\t\t\t\t\t\t\t<button class=\"nav-tab-accordion \"><span>&#10093;<\/span><span> Estaci\u00f3n Atxuri<\/span><\/button>\n\t\t\t\t\t\t\t\t\n\t\t\t\t\t\t\t\t\t<button class=\"nav-tab-accordion \"><span>&#10093;<\/span><span> Estaci\u00f3n de La Concordia<\/span><\/button>\n\t\t\t\t\t\t\t\t\n\t\t\t\t\t\t\t\t\t<button class=\"nav-tab-accordion \"><span>&#10093;<\/span><span> Sede del banco BBVA<\/span><\/button>\n\t\t\t\t\t\t\t\t\n\t\t\t\t\t\t\t\t\t<button class=\"nav-tab-accordion \"><span>&#10093;<\/span><span> Hotel Carlton<\/span><\/button>\n\t\t\t\t\t\t\t\t\n\t\t\t\t\t\t\t\t\t<button class=\"nav-tab-accordion \"><span>&#10093;<\/span><span> Iglesia del Sagrado Coraz\u00f3n<\/span><\/button>\n\t\t\t\t\t\t\t\t\n\t\t\t\t\t\t\t\t\t<button class=\"nav-tab-accordion \"><span>&#10093;<\/span><span> Iglesia San Vicente M\u00e1rtir de Abando<\/span><\/button>\n\t\t\t\t\t\t\t\t\n\t\t\t\t\t\t\t\t\t<button class=\"nav-tab-accordion \"><span>&#10093;<\/span><span> Museo Guggenheim<\/span><\/button>\n\t\t\t\t\t\t\t\t\n\t\t\t\t\t\t\t\t\t<button class=\"nav-tab-accordion \"><span>&#10093;<\/span><span> Bas\u00edlica de la Virgen Bego\u00f1a<\/span><\/button>\n\t\t\t\t\t\t\t\t\n\t\t\t\t\t\t\t\t\t<button class=\"nav-tab-accordion \"><span>&#10093;<\/span><span> Palacio Ch\u00e1varri<\/span><\/button>\n\t\t\t\t\t\t\t\t\n\t\t\t\t\t\t\t\t\t<button class=\"nav-tab-accordion \"><span>&#10093;<\/span><span> Palacio Euskalduna<\/span><\/button>\n\t\t\t\t\t\t\t\t\n\t\t\t\t\t\t\t\t\t<button class=\"nav-tab-accordion \"><span>&#10093;<\/span><span> Palacio Foral<\/span><\/button>\n\t\t\t\t\t\t\t\t\n\t\t\t\t\t\t\t\t\t<button class=\"nav-tab-accordion \"><span>&#10093;<\/span><span> Palacio Gort\u00e1zar<\/span><\/button>\n\t\t\t\t\t\t\t\t\n\t\t\t\t\t\t\t\t\t<button class=\"nav-tab-accordion \"><span>&#10093;<\/span><span> Palacio Olabarri<\/span><\/button>\n\t\t\t\t\t\t\t\t\n\t\t\t\t\t\t\t\t\t<button class=\"nav-tab-accordion \"><span>&#10093;<\/span><span> Plaza Nueva<\/span><\/button>\n\t\t\t\t\t\t\t\t\n\t\t\t\t\t\t\t\t\t<button class=\"nav-tab-accordion \"><span>&#10093;<\/span><span> Rascacielos de la calle Bail\u00e9n<\/span><\/button>\n\t\t\t\t\t\t\t\t\n\t\t\t\t\t\t\t\t\t<button class=\"nav-tab-accordion \"><span>&#10093;<\/span><span> Kiosko Arenal<\/span><\/button>\n\t\t\t\t\t\t\t\t\n\t\t\t\t\t\t\t\t\t<button class=\"nav-tab-accordion \"><span>&#10093;<\/span><span> Iglesia de San Ant\u00f3n<\/span><\/button>\n\t\t\t\t\t\t\t\t\n\t\t\t\t\t\t\t\t\t<button class=\"nav-tab-accordion \"><span>&#10093;<\/span><span> Teatro Campos El\u00edseos<\/span><\/button>\n\t\t\t\t\t\t\t\t\n\t\t\t\t\t\t\t\t\t<button class=\"nav-tab-accordion \"><span>&#10093;<\/span><span> Estaci\u00f3n Abando<\/span><\/button>\n\t\t\t\t\t\t\t\t\n\t\t\t\t\t\t\t\t\t<button class=\"nav-tab-accordion \"><span>&#10093;<\/span><span> Universidad de Deusto<\/span><\/button>\n\t\t\t\t\t\t\t\t\n\t\t\t\t\t\t\t\t\t<button class=\"nav-tab-accordion \"><span>&#10093;<\/span><span> Casa Lezama<\/span><\/button>\n\t\t\t\t\t\t\t\t\n\t\t\t\t\t\t\t\t\t<button class=\"nav-tab-accordion \"><span>&#10093;<\/span><span> Casa Montero<\/span><\/button>\n\t\t\t\t\t\t\t\t\n\t\t\t\t\t\t\t<\/nav>\n\t\t\t\t\t\t<\/div>\n\n\t\t\t\t\t\t\n\t\t\t\t\t\t\t<div class=\"accordion__accordion-content \">\n\t\t\t\t\t\t\t\t<div>\n\t\t\t\t\t\t\t\t\t<div>\n\t\t\t\t\t\t\t\t\t\t<h4>Casas Americanas<\/h4>\n\t\t\t\t\t\t\t\t\t\t<p>Es handelt sich um einen sozialen Wohnkomplex, der 1964 von drei jungen Architekten gebaut wurde: Rufino Basa\u00f1ez, E. Arg\u00e1rate und J. Larrea. Die &#8222;amerikanischen H\u00e4user&#8220; zeichnen sich durch ihre architektonische Qualit\u00e4t, Originalit\u00e4t und Innovation aus und sind in drei Bl\u00f6cke unterteilt, die eine volumetrische Komposition, Doppelhaush\u00e4lften und die Verwendung von Farbe miteinander verbinden. Das Ensemble wird durch die skulpturale Au\u00dfentreppe, die der gesamten Fassade einen Sinn verleiht, mit F\u00fclle erf\u00fcllt.\n\t\t\t\t\t\t\t\t\t<\/div>\n\t\t\t\t\t\t\t\t\t<img decoding=\"async\" src=\"https:\/\/cdn.pilgrim.es\/web\/caminos\/camino-norte\/pueblos\/bilbao\/puntos-de-interes\/casas-americanas.jpg\" alt=\"Casas Americanas\">\n\t\t\t\t\t\t\t\t<\/div>\n\t\t\t\t\t\t\t<\/div>\n\t\t\t\t\t\t\n\t\t\t\t\t\t\t<div class=\"accordion__accordion-content inactive\">\n\t\t\t\t\t\t\t\t<div>\n\t\t\t\t\t\t\t\t\t<div>\n\t\t\t\t\t\t\t\t\t\t<h4>Casilda de Iturrizar<\/h4>\n\t\t\t\t\t\t\t\t\t\t<p>Der Park, bekannt als Casilda de Iturrizar, wurde 1920 eingeweiht, nachdem Do\u00f1a Casilda das Land an die Stadtverwaltung von Bilbao abgetreten hatte. Es handelt sich um eine Bronzeb\u00fcste der genannten Schutzpatronin, die auf einer wundersch\u00f6n verzierten S\u00e4ule in der Mitte des Teiches am Paseo de la P\u00e9rgola ruht, ein Werk von Agust\u00edn Querol.\n\t\t\t\t\t\t\t\t\t<\/div>\n\t\t\t\t\t\t\t\t\t<img decoding=\"async\" src=\"https:\/\/cdn.pilgrim.es\/web\/caminos\/camino-norte\/pueblos\/bilbao\/puntos-de-interes\/casilda-de-iturrizar.jpg\" alt=\"Casilda de Iturrizar\">\n\t\t\t\t\t\t\t\t<\/div>\n\t\t\t\t\t\t\t<\/div>\n\t\t\t\t\t\t\n\t\t\t\t\t\t\t<div class=\"accordion__accordion-content inactive\">\n\t\t\t\t\t\t\t\t<div>\n\t\t\t\t\t\t\t\t\t<div>\n\t\t\t\t\t\t\t\t\t\t<h4>Catedral de Santiago<\/h4>\n\t\t\t\t\t\t\t\t\t\t<p>Die Kathedrale von Santiago de Bilbao ist ein Gotteshaus, das im 15. Jahrhundert im gotischen Stil erbaut wurde, mit Ausnahme der Fassade und des Turms, die im neugotischen Stil gehalten sind. In der Folgezeit wurde sie mehrfach umgebaut, zuletzt im Jahr 2000. Im Inneren befinden sich ein kleiner gotischer Kreuzgang, ein Eingangstor namens Puerta de los Peregrinos (Pilgertor) und ein Turm sowie 26 Alt\u00e4re. <\/p>\n\n<p>STUNDEN<\/p>\n\n<p>Montag bis Samstag von 11:00 bis 13:00 und von 17:00 bis 19:30Sonn- und Feiertage von 11:00 bis 12:00<\/p> <p>Samstag bis Samstag von 11:00 bis 13:00 und von 17:00 bis 19:30.\n\n<p>INFORMATIONEN VON INTERESSE<\/p>\n\n<p>E-Mail: catedraldebilbao@gmail.comTel\u00e9fono: 944 153 627<\/p>\n\t\t\t\t\t\t\t\t\t<\/div>\n\t\t\t\t\t\t\t\t\t<img decoding=\"async\" src=\"https:\/\/cdn.pilgrim.es\/web\/caminos\/camino-norte\/pueblos\/bilbao\/puntos-de-interes\/catedral-de-santiago.jpg\" alt=\"Catedral de Santiago\">\n\t\t\t\t\t\t\t\t<\/div>\n\t\t\t\t\t\t\t<\/div>\n\t\t\t\t\t\t\n\t\t\t\t\t\t\t<div class=\"accordion__accordion-content inactive\">\n\t\t\t\t\t\t\t\t<div>\n\t\t\t\t\t\t\t\t\t<div>\n\t\t\t\t\t\t\t\t\t\t<h4>Chalet Allende<\/h4>\n\t\t\t\t\t\t\t\t\t\t<p>Das Chalet Allende aus den 1910er Jahren wurde von dem Architekten Leonardo Rucabado auf Wunsch von Luis Allende erbaut und ist das einzige erhaltene Beispiel f\u00fcr die luxuri\u00f6sen B\u00fcrgerh\u00e4user, die im Wohngebiet von Indautxu errichtet wurden. Es handelt sich um ein traditionelles Haus im Gebirgsstil, bei dem Stein und Ziegel mit Fachwerk kombiniert wurden. Es ist bemerkenswert f\u00fcr seine Sonnenfallen, Sporen und den Eckturm.<\/p> <p>Es handelt sich um ein traditionelles Haus im Bergstil, das Stein und Ziegel mit Fachwerk kombiniert.\n\t\t\t\t\t\t\t\t\t<\/div>\n\t\t\t\t\t\t\t\t\t<img decoding=\"async\" src=\"https:\/\/cdn.pilgrim.es\/web\/caminos\/camino-norte\/pueblos\/bilbao\/puntos-de-interes\/chalet-allende.jpg\" alt=\"Chalet Allende\">\n\t\t\t\t\t\t\t\t<\/div>\n\t\t\t\t\t\t\t<\/div>\n\t\t\t\t\t\t\n\t\t\t\t\t\t\t<div class=\"accordion__accordion-content inactive\">\n\t\t\t\t\t\t\t\t<div>\n\t\t\t\t\t\t\t\t\t<div>\n\t\t\t\t\t\t\t\t\t\t<h4>Edificio de la Sociedad Bilba\u00edna<\/h4>\n\t\t\t\t\t\t\t\t\t\t<p>Das Geb\u00e4ude der Sociedad Bilba\u00edna, das zum Kulturgut erkl\u00e4rt wurde, beherbergt einen 1839 gegr\u00fcndeten Sportverein mit englischem Einfluss. Es ist ein M\u00e4nnerclub, und nur M\u00e4nner k\u00f6nnen Mitglied werden. Im Inneren des Geb\u00e4udes befinden sich jedoch andere R\u00e4ume, die der Freizeitgestaltung gewidmet sind, wie z. B. Restaurants, die von jedermann, unabh\u00e4ngig vom Geschlecht, betreten werden k\u00f6nnen. Das Geb\u00e4ude beherbergt auch eine private Bibliothek, die mit mehr als 40.000 B\u00e4nden zu den bedeutendsten Spaniens z\u00e4hlt.\n\n<p>INFORMATIONEN VON INTERESSE<\/p> <p>Informationen von Interesse<\/p> <p>Interessante Informationen\n\n<p>Web: www.sociedadbilbaina.com E-Mail: info@sociedadbilbaina.comTel\u00e9fono: 944 230 00<\/p> <p>Web: www.sociedadbilbaina.com E-Mail: info@sociedadbilbaina.comTel\u00e9fono: 944 230 00<\/p>\n\t\t\t\t\t\t\t\t\t<\/div>\n\t\t\t\t\t\t\t\t\t<img decoding=\"async\" src=\"https:\/\/cdn.pilgrim.es\/web\/caminos\/camino-norte\/pueblos\/bilbao\/puntos-de-interes\/edificio-de-la-sociedad-bilbaina.jpg\" alt=\"Edificio de la Sociedad Bilba\u00edna\">\n\t\t\t\t\t\t\t\t<\/div>\n\t\t\t\t\t\t\t<\/div>\n\t\t\t\t\t\t\n\t\t\t\t\t\t\t<div class=\"accordion__accordion-content inactive\">\n\t\t\t\t\t\t\t\t<div>\n\t\t\t\t\t\t\t\t\t<div>\n\t\t\t\t\t\t\t\t\t\t<h4>Puente de Vizcaya<\/h4>\n\t\t\t\t\t\t\t\t\t\t<p>Die Bizkaia-Br\u00fccke, auch bekannt als H\u00e4ngebr\u00fccke, wurde von Alberto Palacio y Elissague entworfen und am 28. Juli 1893 eingeweiht. Die Bizkaia-Br\u00fccke, die 2006 von der UNESCO zum Weltkulturerbe erkl\u00e4rt wurde, war die erste F\u00e4hrbr\u00fccke, die mit einer Metallkonstruktion gebaut wurde.\n\n<p>Die H\u00e4ngebr\u00fccke besteht aus vier 61 Meter hohen Eisent\u00fcrmen, die durch einen 160 Meter hohen Querbalken miteinander verbunden sind, und befindet sich 45 Meter \u00fcber dem Meeresspiegel. Sie ist auch die Verbindung zwischen Portugalete und Getxo, wo sich die M\u00fcndung von Bilbao in das Meer verbreitert. Sie ist bekannt f\u00fcr ihren Anstrich &#8222;Vena Rojo Somorrostro&#8220;, eine Farbe, die zum Bergbau in der Region passt.\n\t\t\t\t\t\t\t\t\t<\/div>\n\t\t\t\t\t\t\t\t\t<img decoding=\"async\" src=\"https:\/\/cdn.pilgrim.es\/web\/caminos\/camino-norte\/pueblos\/bilbao\/puntos-de-interes\/puente-de-vizcaya.jpg\" alt=\"Puente de Vizcaya\">\n\t\t\t\t\t\t\t\t<\/div>\n\t\t\t\t\t\t\t<\/div>\n\t\t\t\t\t\t\n\t\t\t\t\t\t\t<div class=\"accordion__accordion-content inactive\">\n\t\t\t\t\t\t\t\t<div>\n\t\t\t\t\t\t\t\t\t<div>\n\t\t\t\t\t\t\t\t\t\t<h4>Estaci\u00f3n Atxuri<\/h4>\n\t\t\t\t\t\t\t\t\t\t<p>Der 1912 eingeweihte Bahnhof Atxuri wurde von dem Architekten Manuel Mar\u00eda de Smith erbaut. Im Gegensatz zu anderen, st\u00e4rker industrialisierten Bahnh\u00f6fen weist dieser eine neue und originelle Architektur auf, die den Berg- und den baskischen Stil verbindet.\n\n<p>Am Eingang des Bahnhofs kann der Besucher mehrere Wappen der drei baskischen Provinzen Bizkaia, Gipuzkoa und Alava sowie die zum Wappen von Navarra geh\u00f6renden Ketten sehen. Diese Tatsache ist darauf zur\u00fcckzuf\u00fchren, dass die Gesellschaft, die den Bahnhof von Atxuri verwaltete und Ferrocarriles Vascongados hie\u00df, die Absicht hatte, auch die Ferrocarril Vasco-Navarro zu \u00fcbernehmen, was letztendlich nicht verwirklicht wurde.\n\t\t\t\t\t\t\t\t\t<\/div>\n\t\t\t\t\t\t\t\t\t<img decoding=\"async\" src=\"https:\/\/cdn.pilgrim.es\/web\/caminos\/camino-norte\/pueblos\/bilbao\/puntos-de-interes\/estacion-atxuri.jpg\" alt=\"Estaci\u00f3n Atxuri\">\n\t\t\t\t\t\t\t\t<\/div>\n\t\t\t\t\t\t\t<\/div>\n\t\t\t\t\t\t\n\t\t\t\t\t\t\t<div class=\"accordion__accordion-content inactive\">\n\t\t\t\t\t\t\t\t<div>\n\t\t\t\t\t\t\t\t\t<div>\n\t\t\t\t\t\t\t\t\t\t<h4>Estaci\u00f3n de La Concordia<\/h4>\n\t\t\t\t\t\t\t\t\t\t<p>Der Bahnhof Concordia wurde 1902 eingeweiht und befindet sich parallel zur Flussm\u00fcndung. Dieser Bahnhof, der Santander mit Bilbao verbindet, f\u00e4llt durch seine Fassade auf, die einen gewissen romantischen Stil aufweist und das industrielle Stereotyp der anderen Bahnh\u00f6fe der Stadt Bilbao hinter sich l\u00e4sst.\n\n<p>Der Rest des Geb\u00e4udes ist in einem modernistischen Stil gehalten, der durch Elemente wie Keramik, Schmiedeeisen und Glas gekennzeichnet ist. Au\u00dferdem kann man vom Bahnhof aus einen herrlichen Panoramablick \u00fcber die Flussm\u00fcndung genie\u00dfen, was ihn zu einem der besten Aussichtspunkte der Stadt macht.\n\n<p>INFORMATIONEN VON INTERESSE<\/p>\n\n<p>Telefon: 944 250 615<\/p>\n\n<p> <\/p> &lt;p\n\t\t\t\t\t\t\t\t\t<\/div>\n\t\t\t\t\t\t\t\t\t<img decoding=\"async\" src=\"https:\/\/cdn.pilgrim.es\/web\/caminos\/camino-norte\/pueblos\/bilbao\/puntos-de-interes\/estacion-de-la-concordia.jpg\" alt=\"Estaci\u00f3n de La Concordia\">\n\t\t\t\t\t\t\t\t<\/div>\n\t\t\t\t\t\t\t<\/div>\n\t\t\t\t\t\t\n\t\t\t\t\t\t\t<div class=\"accordion__accordion-content inactive\">\n\t\t\t\t\t\t\t\t<div>\n\t\t\t\t\t\t\t\t\t<div>\n\t\t\t\t\t\t\t\t\t\t<h4>Sede del banco BBVA<\/h4>\n\t\t\t\t\t\t\t\t\t\t<p>Das Geb\u00e4ude, in dem sich heute die BBVA Bank befindet, war die alte Banco de Comercio de Bilbao, die 1912 von Pedro Guim\u00f3n erbaut wurde. Es befindet sich in der Gran V\u00eda D. Diego L\u00f3pez de Haro und weist einen klaren klassischen Stil auf. Das Geb\u00e4ude hat drei Fassaden, von denen zwei, an der Gran V\u00eda und der Alameda, korinthische S\u00e4ulen aufweisen. Das Geb\u00e4ude verf\u00fcgt \u00fcber einen Pavillon zu Ehren des Gottes Merkur.\n\t\t\t\t\t\t\t\t\t<\/div>\n\t\t\t\t\t\t\t\t\t<img decoding=\"async\" src=\"https:\/\/cdn.pilgrim.es\/web\/caminos\/camino-norte\/pueblos\/bilbao\/puntos-de-interes\/sede-del-banco-bbva.jpg\" alt=\"Sede del banco BBVA\">\n\t\t\t\t\t\t\t\t<\/div>\n\t\t\t\t\t\t\t<\/div>\n\t\t\t\t\t\t\n\t\t\t\t\t\t\t<div class=\"accordion__accordion-content inactive\">\n\t\t\t\t\t\t\t\t<div>\n\t\t\t\t\t\t\t\t\t<div>\n\t\t\t\t\t\t\t\t\t\t<h4>Hotel Carlton<\/h4>\n\t\t\t\t\t\t\t\t\t\t<p>Das renommierte Hotel Carlton ist ein historisches Geb\u00e4ude aus dem Jahr 1926, das aufgrund seiner majest\u00e4tischen Erscheinung zum architektonischen, historischen, k\u00fcnstlerischen und kulturellen Denkmal erkl\u00e4rt wurde. Heute ist es komplett renoviert und gepflegt. Seine Fassade mit Blick auf drei Stra\u00dfen sticht hervor.\n\n<p>INFORMATIONEN VON INTERESSE<\/p>\n\n<p>Telefon: 944 162 200<\/p> <p>Telefon: 944 162 200<\/p>\n\t\t\t\t\t\t\t\t\t<\/div>\n\t\t\t\t\t\t\t\t\t<img decoding=\"async\" src=\"https:\/\/cdn.pilgrim.es\/web\/caminos\/camino-norte\/pueblos\/bilbao\/puntos-de-interes\/hotel-carlton.jpg\" alt=\"Hotel Carlton\">\n\t\t\t\t\t\t\t\t<\/div>\n\t\t\t\t\t\t\t<\/div>\n\t\t\t\t\t\t\n\t\t\t\t\t\t\t<div class=\"accordion__accordion-content inactive\">\n\t\t\t\t\t\t\t\t<div>\n\t\t\t\t\t\t\t\t\t<div>\n\t\t\t\t\t\t\t\t\t\t<h4>Iglesia del Sagrado Coraz\u00f3n<\/h4>\n\t\t\t\t\t\t\t\t\t\t<p>Ein Werk von Jos\u00e9 Mar\u00eda Basterra, eine Kirche im neugotischen Stil, die Ende des 19. Jahrhunderts aus Ziegeln und Stein erbaut und im Inneren mit byzantinischen Ornamenten verziert wurde. Ende des letzten Jahrhunderts wurden die urspr\u00fcnglichen Fialen der T\u00fcrme wegen Einsturzgefahr entfernt, und die spektakul\u00e4re Fassade wurde gereinigt. Heute beherbergt sie den Sitz der Gesellschaft Jesu.\n\n<p>MESSSTUNDEN<\/p>\n\n<p>Vom 16. September bis 30. Juni Wochentags: 07:15, 09:00, 12:00 Vesper: 12:00, 19:00, 20:00 Feiertags: 09:00, 12:00, 13:00, 19:00, 20:00 (zweisprachig) Vom 1. Juli bis 15. September Wochentags: 07:15, 09:00, 12:00 Abend: 12:00, 20:00 (zweisprachig) Feiertage: 09:00, 12:00, 13:00, 19:00, 20:00<\/p> <p>\n\n<p>INFORMATIONEN VON INTERESSE<\/p>\n\n<p>Telefon: 944 154 022<\/p>\n\t\t\t\t\t\t\t\t\t<\/div>\n\t\t\t\t\t\t\t\t\t<img decoding=\"async\" src=\"https:\/\/cdn.pilgrim.es\/web\/caminos\/camino-norte\/pueblos\/bilbao\/puntos-de-interes\/iglesia-del-sagrado-corazon.jpg\" alt=\"Iglesia del Sagrado Coraz\u00f3n\">\n\t\t\t\t\t\t\t\t<\/div>\n\t\t\t\t\t\t\t<\/div>\n\t\t\t\t\t\t\n\t\t\t\t\t\t\t<div class=\"accordion__accordion-content inactive\">\n\t\t\t\t\t\t\t\t<div>\n\t\t\t\t\t\t\t\t\t<div>\n\t\t\t\t\t\t\t\t\t\t<h4>Iglesia San Vicente M\u00e1rtir de Abando<\/h4>\n\t\t\t\t\t\t\t\t\t\t<p>Die Kirche San Vicente M\u00e1rtir in Abando ist eine baskische gotische Kirche aus dem 16. Jahrhundert, die durch ihre besondere Fassade im Renaissance-Stil auff\u00e4llt. In ihr liegt der Schriftsteller Antonio Trueba begraben. Auf seinem Grabstein sind die letzten Zeilen des Dichters zu lesen: &#8222;Man sagt, dass der Schwan singt, wenn er stirbt, und heute ist mein Schmerz so t\u00f6dlich, dass er vielleicht der des Schwans in meiner Kehle ist.\n\n<p>Vom 12. September bis 30. Juni Wochentags: 11:00, 18:00 Uhr Abends: 13:00, 18:00 Uhr Feiertags: 11:00, 12:00, 13:00, 18:00 Uhr<\/p>\n\n<p>Vom 12. September bis 30. Juni Wochentags: 11:00, 18:00 Uhr Abends: 18:00 Uhr Feiertags: 11:00, 12:00, 18:00 Uhr<\/p>\n\n<p>INFORMATIONEN VON INTERESSE<\/p>\n\n<p>Telefon: 944 231 296<\/p>\n\t\t\t\t\t\t\t\t\t<\/div>\n\t\t\t\t\t\t\t\t\t<img decoding=\"async\" src=\"https:\/\/cdn.pilgrim.es\/web\/caminos\/camino-norte\/pueblos\/bilbao\/puntos-de-interes\/iglesia-san-vicente-martir-de-abando.jpg\" alt=\"Iglesia San Vicente M\u00e1rtir de Abando\">\n\t\t\t\t\t\t\t\t<\/div>\n\t\t\t\t\t\t\t<\/div>\n\t\t\t\t\t\t\n\t\t\t\t\t\t\t<div class=\"accordion__accordion-content inactive\">\n\t\t\t\t\t\t\t\t<div>\n\t\t\t\t\t\t\t\t\t<div>\n\t\t\t\t\t\t\t\t\t\t<h4>Museo Guggenheim<\/h4>\n\t\t\t\t\t\t\t\t\t\t<p>Das 1997 er\u00f6ffnete Guggenheim-Museum gilt als das sch\u00f6nste Geb\u00e4ude der zweiten H\u00e4lfte des 20. Jahrhunderts. Das Museum wurde von dem amerikanischen Architekten Frank Gehry entworfen, der nach einem Besuch in Bilbao eine klare Vorstellung davon hatte, wo er das Museum ansiedeln wollte. Der Standort des Geb\u00e4udes sollte das Gel\u00e4nde der ehemaligen Compa\u00f1\u00eda de Maderas sein, und zwar auf der linken Seite der Flussm\u00fcndung. Dem Architekten zufolge stellen die Struktur und das Design des Museums ein Schiff dar, das am Ufer des Flusses Nervi\u00f3n vor Anker liegt. <\/p>\n\n<p>Das Museum befindet sich an der Promenade von Abandoibarra und wird von zwei gro\u00dfen Skulpturen \u00fcberragt. Die erste ist die Skulptur einer Spinne, ein Werk von Louise Borgoise, und die zweite ist ein zw\u00f6lf Meter hoher Blumenhund, ein Werk von Jeff Koons.\n\t\t\t\t\t\t\t\t\t<\/div>\n\t\t\t\t\t\t\t\t\t<img decoding=\"async\" src=\"https:\/\/cdn.pilgrim.es\/web\/caminos\/camino-norte\/pueblos\/bilbao\/puntos-de-interes\/museo-guggenheim.jpg\" alt=\"Museo Guggenheim\">\n\t\t\t\t\t\t\t\t<\/div>\n\t\t\t\t\t\t\t<\/div>\n\t\t\t\t\t\t\n\t\t\t\t\t\t\t<div class=\"accordion__accordion-content inactive\">\n\t\t\t\t\t\t\t\t<div>\n\t\t\t\t\t\t\t\t\t<div>\n\t\t\t\t\t\t\t\t\t\t<h4>Bas\u00edlica de la Virgen Bego\u00f1a<\/h4>\n\t\t\t\t\t\t\t\t\t\t<p>Die zu Beginn des 16. Jahrhunderts von Sancho Mart\u00ednez de Arego im gotischen Stil errichtete Basilika der Jungfrau von Bego\u00f1a ist eine dreischiffige Basilika ohne Querschiff, die mit Kreuzrippengew\u00f6lben bedeckt ist. Die heutige Fassade und der Turm wurden zwischen 1902 und 1907 von Jos\u00e9 Mar\u00eda Basterra erbaut, ebenso wie die Sakristei, die zwischen 1900 und 1903 umgestaltet wurde. Bei einer zwischen 1993 und 1994 durchgef\u00fchrten Restaurierung wurden das Mauerwerk restauriert und die Uhr, das Glockenspiel und die Glocken erneuert. Im Inneren der Kirche befindet sich das Bildnis der Jungfrau von Bego\u00f1a, auch bekannt als &#8222;Amatxo&#8220;. Tausende von Pilgern auf dem Jakobsweg kommen zu dieser Basilika.\n\n<p>STUNDEN<\/p>\n\n<p>Montags bis samstags von 10:30 bis 13:30 und von 17:30 bis 20:30Sonntags w\u00e4hrend der Messen ge\u00f6ffnet<\/p> <p>Sonntags<\/p> <p>Samstags von 10:30 bis 13:30 und 17:30 bis 20:30\n\n<p>INFORMATIONEN VON INTERESSE<\/p>\n\n<p>Telefon: 944 127 091<\/p> <p>Montag bis Samstag: 10:30 bis 13:30 Uhr und 17:30 bis 20:30 Uhr.\n\t\t\t\t\t\t\t\t\t<\/div>\n\t\t\t\t\t\t\t\t\t<img decoding=\"async\" src=\"https:\/\/cdn.pilgrim.es\/web\/caminos\/camino-norte\/pueblos\/bilbao\/puntos-de-interes\/basilica-de-la-virgen-begona.jpg\" alt=\"Bas\u00edlica de la Virgen Bego\u00f1a\">\n\t\t\t\t\t\t\t\t<\/div>\n\t\t\t\t\t\t\t<\/div>\n\t\t\t\t\t\t\n\t\t\t\t\t\t\t<div class=\"accordion__accordion-content inactive\">\n\t\t\t\t\t\t\t\t<div>\n\t\t\t\t\t\t\t\t\t<div>\n\t\t\t\t\t\t\t\t\t\t<h4>Palacio Ch\u00e1varri<\/h4>\n\t\t\t\t\t\t\t\t\t\t<p>Der Ch\u00e1varri-Palast wurde 1889 von dem Architekten Paul Hankar entworfen und beherbergt heute den Sitz der Regierungsdelegation in Vizcaya. <\/p>\n\n<p>Dieser Palast war die Residenz des Gesch\u00e4ftsmannes V\u00edctor Ch\u00e1varri, Markgraf von Triano, und ist eines der emblematischsten Geb\u00e4ude der Stadt Bilbao.\n\n<p>Hervorstechende Merkmale des Palastes sind seine Fassade, die mit ihrer eigenartigen Farbgebung und der unterschiedlichen Anordnung der Fenster sehr ungew\u00f6hnlich ist. Au\u00dferdem hat er ein fantastisches Dach.\n\n<p>STUNDEN<\/p>\n\n<p>Montag bis Donnerstag von 09:00 bis 14:00 und von 16:30 bis 18.30Freitag von 09:00 bis 14:00<\/p> <p>Freitag von 09:00 bis 14:00<\/p> <p>Freitag von 09:00 bis 14:00<\/p> <p>\n\t\t\t\t\t\t\t\t\t<\/div>\n\t\t\t\t\t\t\t\t\t<img decoding=\"async\" src=\"https:\/\/cdn.pilgrim.es\/web\/caminos\/camino-norte\/pueblos\/bilbao\/puntos-de-interes\/palacio-chavarri.jpg\" alt=\"Palacio Ch\u00e1varri\">\n\t\t\t\t\t\t\t\t<\/div>\n\t\t\t\t\t\t\t<\/div>\n\t\t\t\t\t\t\n\t\t\t\t\t\t\t<div class=\"accordion__accordion-content inactive\">\n\t\t\t\t\t\t\t\t<div>\n\t\t\t\t\t\t\t\t\t<div>\n\t\t\t\t\t\t\t\t\t\t<h4>Palacio Euskalduna<\/h4>\n\t\t\t\t\t\t\t\t\t\t<p>Der Euskalduna-Palast ist eines der wichtigsten Symbole des Bilbao des 21. Jahrhunderts und wurde 1999 von Federico Soriano und Dolores Palacios erbaut. Sie wollten ihm das Bild eines Schiffes geben, das aus einem Dock kommt, in dem sich die Euskalduna-Werft befand. Der Palast wurde auf der VI. spanischen Architekturbiennale mit dem Enric Miralles-Preis 2001 ausgezeichnet.\n\n<p>Jedes Jahr finden hier zahlreiche wirtschaftliche, institutionelle, soziale und kulturelle Aktivit\u00e4ten statt. Er beherbergt die ABAO-Opernsaison, eine der wichtigsten und renommiertesten in Spanien und Europa, sowie das Bilbao Orkestra Sinfonikoa, eine gro\u00dfartige musikalische Institution, die 1922 ihr erstes Konzert gab.\n\n<p>F\u00fchrender Besuchsplan<\/p>\n\n<p>Samstag: 12:00 Wenn die Besuchergruppe mehr als 30 Personen umfasst, findet um 13:00 Uhr eine weitere Besichtigung statt<\/p>\n\n<p>INFORMATIONEN VON INTERESSE<\/p>\n\n<p>Web: www.euskalduna.eusE-mail: info@euskalduna.eusTel\u00e9fono: 944 035 000<\/p>\n\t\t\t\t\t\t\t\t\t<\/div>\n\t\t\t\t\t\t\t\t\t<img decoding=\"async\" src=\"https:\/\/cdn.pilgrim.es\/web\/caminos\/camino-norte\/pueblos\/bilbao\/puntos-de-interes\/palacio-euskalduna.jpg\" alt=\"Palacio Euskalduna\">\n\t\t\t\t\t\t\t\t<\/div>\n\t\t\t\t\t\t\t<\/div>\n\t\t\t\t\t\t\n\t\t\t\t\t\t\t<div class=\"accordion__accordion-content inactive\">\n\t\t\t\t\t\t\t\t<div>\n\t\t\t\t\t\t\t\t\t<div>\n\t\t\t\t\t\t\t\t\t\t<h4>Palacio Foral<\/h4>\n\t\t\t\t\t\t\t\t\t\t<p>Der Palacio Foral von Bilbao wurde 1900 von dem Architekten Luis Aladr\u00e9n in einem eklektischen, barocken und mittelalterlichen Stil errichtet. Dieses Geb\u00e4ude spiegelt die b\u00fcrgerliche Mentalit\u00e4t wider, die ihre Macht mit soliden und majest\u00e4tischen Geb\u00e4uden unterstreichen wollte. Seine S\u00e4le sind reich verziert und beherbergen eine interessante Sammlung von Kunstwerken.\n\n<p>STUNDEN<\/p>\n\n<p>Montags bis freitags um 10:30, 11:30, 12:30, 17:00 und 17:45 Uhr. Keine Besichtigung an Feiertagen und Wochenenden.  Juli und August nur vormittags.\n\n<p>INFORMATIONEN VON INTERESSE<\/p>\n\n<p>Telefonnummer: 944 068 000<\/p>\n\t\t\t\t\t\t\t\t\t<\/div>\n\t\t\t\t\t\t\t\t\t<img decoding=\"async\" src=\"https:\/\/cdn.pilgrim.es\/web\/caminos\/camino-norte\/pueblos\/bilbao\/puntos-de-interes\/palacio-foral.jpg\" alt=\"Palacio Foral\">\n\t\t\t\t\t\t\t\t<\/div>\n\t\t\t\t\t\t\t<\/div>\n\t\t\t\t\t\t\n\t\t\t\t\t\t\t<div class=\"accordion__accordion-content inactive\">\n\t\t\t\t\t\t\t\t<div>\n\t\t\t\t\t\t\t\t\t<div>\n\t\t\t\t\t\t\t\t\t\t<h4>Palacio Gort\u00e1zar<\/h4>\n\t\t\t\t\t\t\t\t\t\t<p>Der Gort\u00e1zar-Palast im Barockstil befindet sich neben der Plaza Nueva und stammt aus dem 18. Jahrhundert. Das Geb\u00e4ude wurde von Domingo Mart\u00edn de Gort\u00e1zar y Guendica auf einem Teil des Anwesens seiner Eltern in Auftrag gegeben, und an seiner Fassade prangt ein Familienwappen. <\/p>\n\n<p>Die Familie Gort\u00e1zar hat, wie viele andere wohlhabende Familien in Bilbao, ihren Palast modernisiert und ihre Wohngegend in eine der luxuri\u00f6sesten Gegenden der Stadt verwandelt, wie es damals hie\u00df.\n\t\t\t\t\t\t\t\t\t<\/div>\n\t\t\t\t\t\t\t\t\t<img decoding=\"async\" src=\"https:\/\/cdn.pilgrim.es\/web\/caminos\/camino-norte\/pueblos\/bilbao\/puntos-de-interes\/palacio-gortazar.jpg\" alt=\"Palacio Gort\u00e1zar\">\n\t\t\t\t\t\t\t\t<\/div>\n\t\t\t\t\t\t\t<\/div>\n\t\t\t\t\t\t\n\t\t\t\t\t\t\t<div class=\"accordion__accordion-content inactive\">\n\t\t\t\t\t\t\t\t<div>\n\t\t\t\t\t\t\t\t\t<div>\n\t\t\t\t\t\t\t\t\t\t<h4>Palacio Olabarri<\/h4>\n\t\t\t\t\t\t\t\t\t\t<p>Der Olabarri-Palast, der 1894 von dem Architekten Juli\u00e1n de Zubizarreta entworfen wurde, ist eines der wenigen Beispiele f\u00fcr die kleinen Pal\u00e4ste, die zwischen dem Ende des 19. und dem Beginn des 20. Jahrhunderts in der Gegend von Campo Volat\u00edn gebaut wurden, die heute noch zu sehen sind. Die Villa wurde f\u00fcr Jos\u00e9 Mar\u00eda de Olabarri, einen bedeutenden Gesch\u00e4ftsmann jener Zeit, gebaut und ist heute der Sitz der Hafenbeh\u00f6rde von Bilbao.\n\n<p>Die Architektur des Hauses zeigt deutliche Anzeichen englischer und franz\u00f6sischer Einfl\u00fcsse.\n\t\t\t\t\t\t\t\t\t<\/div>\n\t\t\t\t\t\t\t\t\t<img decoding=\"async\" src=\"https:\/\/cdn.pilgrim.es\/web\/caminos\/camino-norte\/pueblos\/bilbao\/puntos-de-interes\/palacio-olabarri.jpg\" alt=\"Palacio Olabarri\">\n\t\t\t\t\t\t\t\t<\/div>\n\t\t\t\t\t\t\t<\/div>\n\t\t\t\t\t\t\n\t\t\t\t\t\t\t<div class=\"accordion__accordion-content inactive\">\n\t\t\t\t\t\t\t\t<div>\n\t\t\t\t\t\t\t\t\t<div>\n\t\t\t\t\t\t\t\t\t\t<h4>Plaza Nueva<\/h4>\n\t\t\t\t\t\t\t\t\t\t<p>Dieser Platz, der sich durch seine neoklassizistischen architektonischen Werte auszeichnet, wurde 1851 eingeweiht, nach einer sehr langen und komplizierten Bauzeit, die f\u00fcnfundsechzig Jahre dauerte. Dieser Platz bietet zu jeder Tageszeit eine gro\u00dfartige urbane Atmosph\u00e4re, da er von einer Vielzahl von Restaurants und Bars umgeben ist, die den Platz den ganzen Tag \u00fcber beleben.<\/p> <p>Der Platz bietet eine Vielzahl von Restaurants und Bars, die ihn den ganzen Tag \u00fcber beleben.\n\n<p>Au\u00dferdem findet auf der Plaza Nueva sonntags ein Markt statt, der von allen m\u00f6glichen Leuten besucht wird, auch von Sammlern.\n\t\t\t\t\t\t\t\t\t<\/div>\n\t\t\t\t\t\t\t\t\t<img decoding=\"async\" src=\"https:\/\/cdn.pilgrim.es\/web\/caminos\/camino-norte\/pueblos\/bilbao\/puntos-de-interes\/plaza-nueva.jpg\" alt=\"Plaza Nueva\">\n\t\t\t\t\t\t\t\t<\/div>\n\t\t\t\t\t\t\t<\/div>\n\t\t\t\t\t\t\n\t\t\t\t\t\t\t<div class=\"accordion__accordion-content inactive\">\n\t\t\t\t\t\t\t\t<div>\n\t\t\t\t\t\t\t\t\t<div>\n\t\t\t\t\t\t\t\t\t\t<h4>Rascacielos de la calle Bail\u00e9n<\/h4>\n\t\t\t\t\t\t\t\t\t\t<p>Der Wolkenkratzer in der Calle Bail\u00e9n ist von gro\u00dfem Wert, denn er war das erste Geb\u00e4ude in Bilbao, das eine H\u00f6he von vierzig Metern \u00fcberschritt. Das Geb\u00e4ude wurde von Manuel I. Gal\u00edndez um 1946 als eine Gruppe von B\u00fcros in zwei verschiedenen Bauk\u00f6rpern entworfen, von denen der niedrigere mit den historischen Geb\u00e4uden der Naja verbunden ist und der h\u00f6here die Spitze des Komplexes bildet. Die Fassade des Wolkenkratzers zeichnet sich durch ihren Rationalismus aus und verzichtet auf jegliche ornamentale oder \u00fcberfl\u00fcssige Motive.\n\t\t\t\t\t\t\t\t\t<\/div>\n\t\t\t\t\t\t\t\t\t<img decoding=\"async\" src=\"https:\/\/cdn.pilgrim.es\/web\/caminos\/camino-norte\/pueblos\/bilbao\/puntos-de-interes\/rascacielos-de-la-calle-bailen.jpg\" alt=\"Rascacielos de la calle Bail\u00e9n\">\n\t\t\t\t\t\t\t\t<\/div>\n\t\t\t\t\t\t\t<\/div>\n\t\t\t\t\t\t\n\t\t\t\t\t\t\t<div class=\"accordion__accordion-content inactive\">\n\t\t\t\t\t\t\t\t<div>\n\t\t\t\t\t\t\t\t\t<div>\n\t\t\t\t\t\t\t\t\t\t<h4>Kiosko Arenal<\/h4>\n\t\t\t\t\t\t\t\t\t\t<p>Dieses von der Form einer Muschel inspirierte Werk im historischen Zentrum von Bilbao wurde von dem aus Bermeo stammenden Architekten Pedro Ispizua entworfen. Im Kiosko Arenal, der eine runde Form und ein auskragendes Dach hat, sind die grafischen Spuren des Autors zu sehen, der ein Liebhaber der k\u00fcnstlerischen Zeichnung ist. Das Werk ist von gro\u00dfem Expressionismus gepr\u00e4gt, und es finden hier private Veranstaltungen, Konzerte usw. statt.\n\t\t\t\t\t\t\t\t\t<\/div>\n\t\t\t\t\t\t\t\t\t<img decoding=\"async\" src=\"https:\/\/cdn.pilgrim.es\/web\/caminos\/camino-norte\/pueblos\/bilbao\/puntos-de-interes\/kiosko-arenal.jpg\" alt=\"Kiosko Arenal\">\n\t\t\t\t\t\t\t\t<\/div>\n\t\t\t\t\t\t\t<\/div>\n\t\t\t\t\t\t\n\t\t\t\t\t\t\t<div class=\"accordion__accordion-content inactive\">\n\t\t\t\t\t\t\t\t<div>\n\t\t\t\t\t\t\t\t\t<div>\n\t\t\t\t\t\t\t\t\t\t<h4>Iglesia de San Ant\u00f3n<\/h4>\n\t\t\t\t\t\t\t\t\t\t<p>Die Kirche San Ant\u00f3n gilt als eine der charakteristischsten Kirchen der Stadt, da sie zusammen mit der dazugeh\u00f6rigen Br\u00fccke im Stadtwappen abgebildet ist. Die heutige Kirche wurde zwischen 1546 und 1548 an der Stelle einer fr\u00fcheren Kirche erbaut und ist bis auf die Renaissance-Fassade und den barocken Glockenturm ganz im gotischen Stil gehalten. Im Inneren sind Werke von Luisa Paret, Manuel Losada und sogar das platereske Altarbild von Beaugrant zu sehen. \u00dcberreste der urspr\u00fcnglichen Kirche sind im Altarbereich und im Altarraum zu finden.\n\n<p>STUNDEN<\/p>\n\n<p>Montag bis Freitag von 18:30 bis 20:30<\/p> <p>Montag bis Freitag von 18:30 bis 20:30<\/p>\n\t\t\t\t\t\t\t\t\t<\/div>\n\t\t\t\t\t\t\t\t\t<img decoding=\"async\" src=\"https:\/\/cdn.pilgrim.es\/web\/caminos\/camino-norte\/pueblos\/bilbao\/puntos-de-interes\/iglesia-de-san-anton.jpg\" alt=\"Iglesia de San Ant\u00f3n\">\n\t\t\t\t\t\t\t\t<\/div>\n\t\t\t\t\t\t\t<\/div>\n\t\t\t\t\t\t\n\t\t\t\t\t\t\t<div class=\"accordion__accordion-content inactive\">\n\t\t\t\t\t\t\t\t<div>\n\t\t\t\t\t\t\t\t\t<div>\n\t\t\t\t\t\t\t\t\t\t<h4>Teatro Campos El\u00edseos<\/h4>\n\t\t\t\t\t\t\t\t\t\t<p>Es handelt sich um ein modernistisches Geb\u00e4ude, das unter Denkmalschutz steht und 1902 von dem Architekten Alfredo Acebal entworfen wurde. Es zeichnet sich vor allem durch seine Jugendstilfassade aus, die von dem franz\u00f6sisch-baskischen Dekorateur Jean Batiste Darroguy entworfen wurde. Es wurde 2010 restauriert und beherbergt heute 800 R\u00e4ume mit avantgardistischen technischen und szenografischen Merkmalen.\n\n<p>STUNDEN<\/p>\n\n<p>Dienstag bis Donnerstag von 17:00 bis 20:0 Uhr Freitag von 17:00 bis 20:00 Uhr Montag, Samstag und Sonntag geschlossen<\/p> <p>Samstag und Sonntag geschlossen<\/p> <p>Freitag von 17:00 bis 20:0 Uhr\n\t\t\t\t\t\t\t\t\t<\/div>\n\t\t\t\t\t\t\t\t\t<img decoding=\"async\" src=\"https:\/\/cdn.pilgrim.es\/web\/caminos\/camino-norte\/pueblos\/bilbao\/puntos-de-interes\/teatro-campos-eliseos.jpg\" alt=\"Teatro Campos El\u00edseos\">\n\t\t\t\t\t\t\t\t<\/div>\n\t\t\t\t\t\t\t<\/div>\n\t\t\t\t\t\t\n\t\t\t\t\t\t\t<div class=\"accordion__accordion-content inactive\">\n\t\t\t\t\t\t\t\t<div>\n\t\t\t\t\t\t\t\t\t<div>\n\t\t\t\t\t\t\t\t\t\t<h4>Estaci\u00f3n Abando<\/h4>\n\t\t\t\t\t\t\t\t\t\t<p>Der Bahnhof von Bando, auch Estaci\u00f3n del Norte genannt, befindet sich an einem Ende der Plaza Circular und gilt als der wichtigste Verkehrsknotenpunkt der Stadt. Das Innere des Geb\u00e4udes zeichnet sich durch seine grandiosen Glasfenster aus, die auf das traditionelle Leben und die Br\u00e4uche der Stadt anspielen, mit Hinweisen auf die Br\u00fccke San Ant\u00f3n, die Eisen- und Stahlindustrie, den Sport usw.<\/p> <p>.\n\n<p>STUNDEN<\/p>\n\n<p>Von 04:45 bis 00:00 Uhr, au\u00dfer freitags, samstags, sonntags und an Feiertagen, wenn es von 04:45 bis 00:30 Uhr ge\u00f6ffnet ist<\/p>\n\t\t\t\t\t\t\t\t\t<\/div>\n\t\t\t\t\t\t\t\t\t<img decoding=\"async\" src=\"https:\/\/cdn.pilgrim.es\/web\/caminos\/camino-norte\/pueblos\/bilbao\/puntos-de-interes\/estacion-abando.jpg\" alt=\"Estaci\u00f3n Abando\">\n\t\t\t\t\t\t\t\t<\/div>\n\t\t\t\t\t\t\t<\/div>\n\t\t\t\t\t\t\n\t\t\t\t\t\t\t<div class=\"accordion__accordion-content inactive\">\n\t\t\t\t\t\t\t\t<div>\n\t\t\t\t\t\t\t\t\t<div>\n\t\t\t\t\t\t\t\t\t\t<h4>Universidad de Deusto<\/h4>\n\t\t\t\t\t\t\t\t\t\t<p>Die Universit\u00e4t von Deusto wurde 1886 von der Gesellschaft Jesu erbaut und war zu dieser Zeit eines der gr\u00f6\u00dften Geb\u00e4ude der Stadt. Sie wurde nach einem Entwurf des Architekten Francisco de Cubas gebaut und 1916 wurde die Handelsuniversit\u00e4t eingeweiht. Heute dominiert die Fassade im eklektischen Stil die Flussm\u00fcndung.\n\n<p>INFORMATIONEN VON INTERESSE<\/p>\n\n<p>Web: www.deusto.esTel\u00e9fono: 944 139 000<\/p> <p>Website: www.deusto.esTel\u00e9fono: 944 139 000<\/p>\n\t\t\t\t\t\t\t\t\t<\/div>\n\t\t\t\t\t\t\t\t\t<img decoding=\"async\" src=\"https:\/\/cdn.pilgrim.es\/web\/caminos\/camino-norte\/pueblos\/bilbao\/puntos-de-interes\/universidad-de-deusto.jpg\" alt=\"Universidad de Deusto\">\n\t\t\t\t\t\t\t\t<\/div>\n\t\t\t\t\t\t\t<\/div>\n\t\t\t\t\t\t\n\t\t\t\t\t\t\t<div class=\"accordion__accordion-content inactive\">\n\t\t\t\t\t\t\t\t<div>\n\t\t\t\t\t\t\t\t\t<div>\n\t\t\t\t\t\t\t\t\t\t<h4>Casa Lezama<\/h4>\n\t\t\t\t\t\t\t\t\t\t<p>Das von Ricardo Bastida und Jos\u00e9 Mar\u00eda Basterra entworfene Haus Lezama wurde 1922 erbaut und ist eines der Beispiele daf\u00fcr, wie sich die Bourgeoisie der Stadt in der neuen Stadterweiterung, die zu Beginn des 20. Jahrhunderts entstand, f\u00fcr den Bau von Gemeinschaftsh\u00e4usern entschied.<\/p> <p>Das Haus Lezama wurde 1922 erbaut und ist eines der Beispiele daf\u00fcr, wie sich die Bourgeoisie der Stadt in der neuen Stadterweiterung, die zu Beginn des 20. Jahrhunderts entstand, f\u00fcr den Bau von Gemeinschaftsh\u00e4usern entschied.\n\t\t\t\t\t\t\t\t\t<\/div>\n\t\t\t\t\t\t\t\t\t<img decoding=\"async\" src=\"https:\/\/cdn.pilgrim.es\/web\/caminos\/camino-norte\/pueblos\/bilbao\/puntos-de-interes\/casa-lezama.jpg\" alt=\"Casa Lezama\">\n\t\t\t\t\t\t\t\t<\/div>\n\t\t\t\t\t\t\t<\/div>\n\t\t\t\t\t\t\n\t\t\t\t\t\t\t<div class=\"accordion__accordion-content inactive\">\n\t\t\t\t\t\t\t\t<div>\n\t\t\t\t\t\t\t\t\t<div>\n\t\t\t\t\t\t\t\t\t\t<h4>Casa Montero<\/h4>\n\t\t\t\t\t\t\t\t\t\t<p>Das Montero-Haus ist das einzige Beispiel f\u00fcr den Modernismus in der Stadt Bilbao und wird ausschlie\u00dflich zu Wohnzwecken genutzt. Es steht in der Calle Alameda Recalde und ist unter den Einheimischen als &#8222;Gaud\u00ed-Haus&#8220; bekannt, da sein Aussehen stark an die Geb\u00e4ude des ber\u00fchmten katalanischen Architekten erinnert. Es wurde 1904 von dem Architekten Luis Aladr\u00e9n erbaut und ist zum kunsthistorischen Denkmal erkl\u00e4rt worden.\n\n<p>Das Haus zeichnet sich durch seine reichhaltigen Verzierungen an den Erkern und Balkonen aus.\n\t\t\t\t\t\t\t\t\t<\/div>\n\t\t\t\t\t\t\t\t\t<img decoding=\"async\" src=\"https:\/\/cdn.pilgrim.es\/web\/caminos\/camino-norte\/pueblos\/bilbao\/puntos-de-interes\/casa-montero.jpg\" alt=\"Casa Montero\">\n\t\t\t\t\t\t\t\t<\/div>\n\t\t\t\t\t\t\t<\/div>\n\t\t\t\t\t\t\n\t\t\t\t\t<\/div>\n\t\t\t\t<\/div>\n\t\t\t<\/div>\n\t\t\n\n\t\t<div id=\"phonesSection\">\n\t\t\t<div>\n\t\t\t\t<h2 class=\"p-h3-town\">Informationen von Interesse<\/h2>\n\t\t\t<\/div>\n\t\t\t<div class=\"grid\">\n\t\t\t\t\n\t\t\t\t\t<div class=\"phone-number-item\">\n\t\t\t\t\t\t<div class=\"phone-number-item__icon\"><i class=\"icon-police\"><\/i><\/div>\n\t\t\t\t\t\t<div class=\"phone-number-item__title\">\n\t\t\t\t\t\t\t<h3 class=\"p-font-bold\">Ortspolizei<\/h3>\n\t\t\t\t\t\t\t<p>944 205 000<\/p>\n\t\t\t\t\t\t\t\n\t\t\t\t\t\t<\/div>\n\t\t\t\t\t<\/div>\n\t\t\t\t\n\t\t\t\t\t<div class=\"phone-number-item\">\n\t\t\t\t\t\t<div class=\"phone-number-item__icon\"><i class=\"icon-spanish-military-police\"><\/i><\/div>\n\t\t\t\t\t\t<div class=\"phone-number-item__title\">\n\t\t\t\t\t\t\t<h3 class=\"p-font-bold\">Zivilwache<\/h3>\n\t\t\t\t\t\t\t<p>944 253 410<\/p>\n\t\t\t\t\t\t\t\n\t\t\t\t\t\t<\/div>\n\t\t\t\t\t<\/div>\n\t\t\t\t\n\t\t\t\t\t<div class=\"phone-number-item\">\n\t\t\t\t\t\t<div class=\"phone-number-item__icon\"><i class=\"icon-firefighters\"><\/i><\/div>\n\t\t\t\t\t\t<div class=\"phone-number-item__title\">\n\t\t\t\t\t\t\t<h3 class=\"p-font-bold\">Feuerwehr<\/h3>\n\t\t\t\t\t\t\t<p>944 203 137<\/p>\n\t\t\t\t\t\t\t\n\t\t\t\t\t\t<\/div>\n\t\t\t\t\t<\/div>\n\t\t\t\t\n\t\t\t\t\t<div class=\"phone-number-item\">\n\t\t\t\t\t\t<div class=\"phone-number-item__icon\"><i class=\"icon-civil-protection\"><\/i><\/div>\n\t\t\t\t\t\t<div class=\"phone-number-item__title\">\n\t\t\t\t\t\t\t<h3 class=\"p-font-bold\">Zivilschutz<\/h3>\n\t\t\t\t\t\t\t<p>944 204 200<\/p>\n\t\t\t\t\t\t\t\n\t\t\t\t\t\t<\/div>\n\t\t\t\t\t<\/div>\n\t\t\t\t\n\t\t\t\t\t<div class=\"phone-number-item\">\n\t\t\t\t\t\t<div class=\"phone-number-item__icon\"><i class=\"icon-town-council\"><\/i><\/div>\n\t\t\t\t\t\t<div class=\"phone-number-item__title\">\n\t\t\t\t\t\t\t<h3 class=\"p-font-bold\">Rathaus<\/h3>\n\t\t\t\t\t\t\t<p>944 204 200<\/p>\n\t\t\t\t\t\t\t\n\t\t\t\t\t\t<\/div>\n\t\t\t\t\t<\/div>\n\t\t\t\t\n\t\t\t\t\t<div class=\"phone-number-item\">\n\t\t\t\t\t\t<div class=\"phone-number-item__icon\"><i class=\"icon-hospital\"><\/i><\/div>\n\t\t\t\t\t\t<div class=\"phone-number-item__title\">\n\t\t\t\t\t\t\t<h3 class=\"p-font-bold\">Gesundheitszentrum<\/h3>\n\t\t\t\t\t\t\t<p>944 007 760 \/ 944 007 445<\/p>\n\t\t\t\t\t\t\t\n\t\t\t\t\t\t<\/div>\n\t\t\t\t\t<\/div>\n\t\t\t\t\n\t\t\t\t\t<div class=\"phone-number-item\">\n\t\t\t\t\t\t<div class=\"phone-number-item__icon\"><i class=\"icon-tourism\"><\/i><\/div>\n\t\t\t\t\t\t<div class=\"phone-number-item__title\">\n\t\t\t\t\t\t\t<h3 class=\"p-font-bold\">Fremdenverkehrsamt<\/h3>\n\t\t\t\t\t\t\t<p>944 795 760<\/p>\n\t\t\t\t\t\t\t\n\t\t\t\t\t\t\t\t<p>Plaza Circular, 1<\/p>\n\t\t\t\t\t\t\t\n\t\t\t\t\t\t<\/div>\n\t\t\t\t\t<\/div>\n\t\t\t\t\n\t\t\t<\/div>\n\t\t<\/div>\n\n\t\t<div id=\"clientForm\">\n        <section>\n        <img decoding=\"async\" src=\"https:\/\/cdn.pilgrim.es\/web\/home\/email-contacto.png\" alt=\"contacto\">\n        <div>\n            <p>Wir senden dir deine Planung<\/p>\n            <p>Gib uns deine Daten an und erhalte die Planung deiner Reise per E-Mail <\/p>\n            <form method=\"post\" data-url=\"\/wp-admin\/admin-ajax.php\" id=\"planner--client\" class=\"flag-right form-client\">\n    <div class=\"form-data\">\n        <input name=\"form_id\" type=\"hidden\" value=\"Formulario Leads\">\n        <input name=\"type\" type=\"hidden\" value=\"planner_client\">\n        <input type=\"text\" name=\"nombre\" value=\"\" size=\"40\" class=\"form-control\" aria-required=\"true\" aria-invalid=\"false\" placeholder=\"Name\">\n        <input type=\"email\" name=\"email\" value=\"\" size=\"40\" class=\"form-control\" aria-required=\"true\" aria-invalid=\"false\" placeholder=\"E- Mail\">\n        <input type=\"text\" id=\"phone-input\" name=\"tel\" value=\"\" size=\"40\" class=\"phone-input form-control\" aria-required=\"true\" aria-invalid=\"false\" placeholder=\"Telefon\">\n        <input type=\"hidden\" name=\"telefono\">\n    <\/div>\n    <div class=\"form-checkbox\">\n        <span>\n            Pilgrim Travel, S.L. teilt gem\u00e4\u00df Regulierung 2016\/679 mit, dass die in diesem Formular verwendeten Daten sowohl f\u00fcr die Beantwortung der m\u00f6glichen Anfragen als auch f\u00fcr die Ver\u00f6ffentlichung der Kommentare verwendet werden, mit der Zustimmung des Nutzers. Sie k\u00f6nnen Ihre Rechte in \u00dcbereinstimmung mit unserer Datenschutzbestimmungen aus\u00fcben             <a href=\"https:\/\/www.pilgrim.es\/politica-de-privacidad\/\" target=\"_blank\" rel=\"noopener noreferrer nofollow\">Datenschutzerkl\u00e4rung.<\/a>\n        <\/span>\n    <\/div>\n\n    <div class=\"form-submit\">\n        <button id=\"planner--client-create\" type=\"submit\">Anfrage senden<\/button>\n        <div class=\"loadingDiv\"><i class=\"p-spinner\"><\/i><\/div>\n    <\/div>\n\n    <div class=\"contact-content-form-success\">\n        <p><i class=\"fas fa-check\"><\/i> Das Formular hat sich erfolgreich gesendet.<\/p>\n    <\/div>\n\n    <div class=\"contact-content-form-error\">\n        <span class=\"input-error\"><\/span>\n    <\/div>\n<\/form>        <\/div>\n    <\/section>\n<\/div>\n\n\t\t<div id=\"recomendationSection\">\n\t\t\t<div>\n\t\t\t\t<h2 class=\"p-h2-town\">Empfohlen<\/h2>\n\t\t\t\t<hr>\n\t\t\t\t<h3 class=\"p-h3-town\">Gastronomie<\/h3>\n\t\t\t<\/div>\n\t\t\tDie Gastronomie von Bilbao umfasst Produkte wie Speck, Blutwurst, Seebrassen, Aale, Karpfen, Blumenkohl, Lauch, Pilze, Rebh\u00fchner, Waldschnepfen, Wildschweine, Erbsen, Saubohnen, kantabrische Sardellen, Apfelwein, Quark und K\u00e4se.\n\nBesonders hervorzuheben sind die reichhaltigsten Produkte des Sommers, wie Thunfisch, Roter Thun, Sardinen, Tintenfisch, Paprika und Tomaten.\n\nDie traditionellsten Rezepte sind der Kabeljau Pil Pil, der Kabeljau Biscaya, der Seehecht in gr\u00fcner So\u00dfe, der Baby-Tintenfisch in seiner eigenen Tinte und die gro\u00dfe Auswahl an Tapas, die man in den Stra\u00dfen der Stadt probieren kann.\n\nZum Schluss empfehlen wir Ihnen, das ber\u00fchmte Wasser der Stadt zu probieren, aber erwarten Sie nicht das, was Sie als Wasser kennen, sondern den ber\u00fchmten Cava, der Ihnen serviert wird. Sie sollten auch den Txakoli-Wein probieren, der eine eigene Herkunftsbezeichnung hat.\n\nIn der Gastronomie stechen die Canutillos de Bilbao hervor, ein mit Sahne und Zucker gef\u00fcllter Geb\u00e4ckteig.\n\t\t<\/div>\n\n\n\t\t\n\t\t\t<div id=\"holidaysSection\">\n\t\t\t\t<div>\n\t\t\t\t\t<h2 class=\"p-h2-town\">Empfohlen<\/h2>\n\t\t\t\t\t<hr>\n\t\t\t\t\t<h3 class=\"p-h3-town\">Feste und Pilgerfahrten<\/h3>\n\t\t\t\t<\/div>\n\t\t\t\t<div class=\"grid holidays-grid\">\n\t\t\t\t\t\n\t\t\t\t\t\t<div>\n\t\t\t\t\t\t\t<div class=\"phone-number-item\">\n\t\t\t\t\t\t\t\t<div class=\"phone-number-item__icon\"><i class=\"icon-holiday\"><\/i><\/div>\n\t\t\t\t\t\t\t\t<div class=\"phone-number-item__title dark-text\">\n\t\t\t\t\t\t\t\t\t<p class=\"p-font-bold\">Lokaler Urlaub<\/p>\n\t\t\t\t\t\t\t\t\t<p>23 de diciembre: Olentzero<\/p>\n\t\t\t\t\t\t\t\t<\/div>\n\t\t\t\t\t\t\t<\/div>\n\t\t\t\t\t\t<\/div>\n\t\t\t\t\t\n\t\t\t\t\t\t<div>\n\t\t\t\t\t\t\t<div class=\"phone-number-item\">\n\t\t\t\t\t\t\t\t<div class=\"phone-number-item__icon\"><i class=\"icon-holiday\"><\/i><\/div>\n\t\t\t\t\t\t\t\t<div class=\"phone-number-item__title dark-text\">\n\t\t\t\t\t\t\t\t\t<p class=\"p-font-bold\">Lokaler Urlaub<\/p>\n\t\t\t\t\t\t\t\t\t<p>21 de Diciembre: D\u00eda de Santo Tom\u00e1s<\/p>\n\t\t\t\t\t\t\t\t<\/div>\n\t\t\t\t\t\t\t<\/div>\n\t\t\t\t\t\t<\/div>\n\t\t\t\t\t\n\t\t\t\t\t\t<div>\n\t\t\t\t\t\t\t<div class=\"phone-number-item\">\n\t\t\t\t\t\t\t\t<div class=\"phone-number-item__icon\"><i class=\"icon-holiday\"><\/i><\/div>\n\t\t\t\t\t\t\t\t<div class=\"phone-number-item__title dark-text\">\n\t\t\t\t\t\t\t\t\t<p class=\"p-font-bold\">Lokaler Urlaub<\/p>\n\t\t\t\t\t\t\t\t\t<p>5 de febrero: Festividad de Santa \u00c1gueda<\/p>\n\t\t\t\t\t\t\t\t<\/div>\n\t\t\t\t\t\t\t<\/div>\n\t\t\t\t\t\t<\/div>\n\t\t\t\t\t\n\t\t\t\t\t\t<div>\n\t\t\t\t\t\t\t<div class=\"phone-number-item\">\n\t\t\t\t\t\t\t\t<div class=\"phone-number-item__icon\"><i class=\"icon-holiday\"><\/i><\/div>\n\t\t\t\t\t\t\t\t<div class=\"phone-number-item__title dark-text\">\n\t\t\t\t\t\t\t\t\t<p class=\"p-font-bold\">Lokaler Urlaub<\/p>\n\t\t\t\t\t\t\t\t\t<p>11 de octubre: Fiesta de Nuestra se\u00f1ora de Bego\u00f1a<\/p>\n\t\t\t\t\t\t\t\t<\/div>\n\t\t\t\t\t\t\t<\/div>\n\t\t\t\t\t\t<\/div>\n\t\t\t\t\t\n\t\t\t\t\t\t<div>\n\t\t\t\t\t\t\t<div class=\"phone-number-item\">\n\t\t\t\t\t\t\t\t<div class=\"phone-number-item__icon\"><i class=\"icon-holiday\"><\/i><\/div>\n\t\t\t\t\t\t\t\t<div class=\"phone-number-item__title dark-text\">\n\t\t\t\t\t\t\t\t\t<p class=\"p-font-bold\">Lokaler Urlaub<\/p>\n\t\t\t\t\t\t\t\t\t<p>Agosto: Fiestas de San Roque<\/p>\n\t\t\t\t\t\t\t\t<\/div>\n\t\t\t\t\t\t\t<\/div>\n\t\t\t\t\t\t<\/div>\n\t\t\t\t\t\n\t\t\t\t\t\t<div>\n\t\t\t\t\t\t\t<div class=\"phone-number-item\">\n\t\t\t\t\t\t\t\t<div class=\"phone-number-item__icon\"><i class=\"icon-holiday\"><\/i><\/div>\n\t\t\t\t\t\t\t\t<div class=\"phone-number-item__title dark-text\">\n\t\t\t\t\t\t\t\t\t<p class=\"p-font-bold\">Lokaler Urlaub<\/p>\n\t\t\t\t\t\t\t\t\t<p>Julio: Fiestas del Carmen<\/p>\n\t\t\t\t\t\t\t\t<\/div>\n\t\t\t\t\t\t\t<\/div>\n\t\t\t\t\t\t<\/div>\n\t\t\t\t\t\n\t\t\t\t\t\t<div>\n\t\t\t\t\t\t\t<div class=\"phone-number-item\">\n\t\t\t\t\t\t\t\t<div class=\"phone-number-item__icon\"><i class=\"icon-holiday\"><\/i><\/div>\n\t\t\t\t\t\t\t\t<div class=\"phone-number-item__title dark-text\">\n\t\t\t\t\t\t\t\t\t<p class=\"p-font-bold\">Lokaler Urlaub<\/p>\n\t\t\t\t\t\t\t\t\t<p>Julio: Fiestas de San Ignacio y de Santiago<\/p>\n\t\t\t\t\t\t\t\t<\/div>\n\t\t\t\t\t\t\t<\/div>\n\t\t\t\t\t\t<\/div>\n\t\t\t\t\t\n\t\t\t\t\t\t<div>\n\t\t\t\t\t\t\t<div class=\"phone-number-item\">\n\t\t\t\t\t\t\t\t<div class=\"phone-number-item__icon\"><i class=\"icon-holiday\"><\/i><\/div>\n\t\t\t\t\t\t\t\t<div class=\"phone-number-item__title dark-text\">\n\t\t\t\t\t\t\t\t\t<p class=\"p-font-bold\">Lokaler Urlaub<\/p>\n\t\t\t\t\t\t\t\t\t<p>Alrededor del 22 de agosto: Semana grande de Bilbao<\/p>\n\t\t\t\t\t\t\t\t<\/div>\n\t\t\t\t\t\t\t<\/div>\n\t\t\t\t\t\t<\/div>\n\t\t\t\t\t\n\t\t\t\t<\/div>\n\t\t\t<\/div>\n\t\t\n\t<\/div>\n<\/section>\n\n<div id=\"stage_list_section\"><div class=\"stage-list\">\n    <div class='stage-list__map-card'>\n        <div class='stage-list__map-card__map'>\n            <div class='stage-list__map-card__map__text'>\n                <h2> Pages <\/h2>\n                <p> Zu Fu\u00df<\/p>\n                <p> 0etappen<\/p>\n            <\/div>\n            <div class='stage-list__map-card__map__img'>\n                <img decoding=\"async\" src=\"\" alt=\" mapa \" \/>\n            <\/div>\n        <\/div>\n    <\/div>\n\n    <\/div>\n<\/div> ","protected":false},"excerpt":{"rendered":"<p>Bilbao &#8249; Zur\u00fcck zur B\u00fchne Bilbao Einwohner: 345.151 aprox. Bundesland: Bizkaia Informationen Get to know Bilbao Bilbao ist die n\u00e4chste Stadt, auf die die Pilger auf ihrem Weg nach Santiago sto\u00dfen werden. Sie ist nicht nur die bev\u00f6lkerungsreichste Stadt der autonomen Gemeinschaft, sondern wurde auch von der britischen Stiftung &#8222;The City Mayors&#8220; f\u00fcr den st\u00e4dtischen &hellip; <\/p>\n<p class=\"read_more\"><a href=\"https:\/\/www.pilgrim.es\/de\/weg-im-norden\/bilbao\/\">Leer m\u00e1s<\/a><\/p>\n","protected":false},"author":0,"featured_media":5119,"parent":10670,"menu_order":0,"comment_status":"closed","ping_status":"closed","template":"views\/template-new-web-design.blade.php","meta":{"footnotes":""},"categories":[],"tags":[],"class_list":["post-91256","page","type-page","status-publish","has-post-thumbnail","hentry"],"yoast_head":"<!-- This site is optimized with the Yoast SEO plugin v27.4 - https:\/\/yoast.com\/product\/yoast-seo-wordpress\/ -->\n<title>Bilbao: Was sehen und wo \u00fcbernachten | Jakobsweg | Pilgrim<\/title>\n<meta name=\"description\" content=\"Bilbao Entdecken Sie alle Informationen \u00fcber Unterk\u00fcnfte, Anreise, Gastronomie und die wichtigsten Sehensw\u00fcrdigkeiten der Orte am K\u00fcstenweg\" \/>\n<meta name=\"robots\" content=\"index, follow, max-snippet:-1, max-image-preview:large, max-video-preview:-1\" \/>\n<link rel=\"canonical\" href=\"https:\/\/www.pilgrim.es\/de\/weg-im-norden\/bilbao\/\" \/>\n<meta property=\"og:locale\" content=\"de_DE\" \/>\n<meta property=\"og:type\" content=\"article\" \/>\n<meta property=\"og:title\" content=\"Bilbao: Was sehen und wo \u00fcbernachten | Jakobsweg | Pilgrim\" \/>\n<meta property=\"og:description\" content=\"Bilbao Entdecken Sie alle Informationen \u00fcber Unterk\u00fcnfte, Anreise, Gastronomie und die wichtigsten Sehensw\u00fcrdigkeiten der Orte am K\u00fcstenweg\" \/>\n<meta property=\"og:url\" content=\"https:\/\/www.pilgrim.es\/de\/weg-im-norden\/bilbao\/\" \/>\n<meta property=\"og:site_name\" content=\"Pilgrim\" \/>\n<meta property=\"article:publisher\" content=\"https:\/\/www.facebook.com\/pilgrim.es\/\" \/>\n<meta property=\"og:image\" content=\"https:\/\/www.pilgrim.es\/wp-content\/uploads\/2019\/02\/Guggenheim.jpg\" \/>\n\t<meta property=\"og:image:width\" content=\"1620\" \/>\n\t<meta property=\"og:image:height\" content=\"1080\" \/>\n\t<meta property=\"og:image:type\" content=\"image\/jpeg\" \/>\n<meta name=\"twitter:card\" content=\"summary_large_image\" \/>\n<meta name=\"twitter:site\" content=\"@pilgrim_es\" \/>\n<meta name=\"twitter:label1\" content=\"Gesch\u00e4tzte Lesezeit\" \/>\n\t<meta name=\"twitter:data1\" content=\"16\u00a0Minuten\" \/>\n<script type=\"application\/ld+json\" class=\"yoast-schema-graph\">{\"@context\":\"https:\\\/\\\/schema.org\",\"@graph\":[{\"@type\":\"WebPage\",\"@id\":\"https:\\\/\\\/www.pilgrim.es\\\/de\\\/weg-im-norden\\\/bilbao\\\/\",\"url\":\"https:\\\/\\\/www.pilgrim.es\\\/de\\\/weg-im-norden\\\/bilbao\\\/\",\"name\":\"Bilbao: Was sehen und wo \u00fcbernachten | Jakobsweg | Pilgrim\",\"isPartOf\":{\"@id\":\"https:\\\/\\\/www.pilgrim.es\\\/de\\\/#website\"},\"primaryImageOfPage\":{\"@id\":\"https:\\\/\\\/www.pilgrim.es\\\/de\\\/weg-im-norden\\\/bilbao\\\/#primaryimage\"},\"image\":{\"@id\":\"https:\\\/\\\/www.pilgrim.es\\\/de\\\/weg-im-norden\\\/bilbao\\\/#primaryimage\"},\"thumbnailUrl\":\"https:\\\/\\\/www.pilgrim.es\\\/wp-content\\\/uploads\\\/2019\\\/02\\\/Guggenheim.jpg\",\"datePublished\":\"2025-03-17T14:40:13+00:00\",\"description\":\"Bilbao Entdecken Sie alle Informationen \u00fcber Unterk\u00fcnfte, Anreise, Gastronomie und die wichtigsten Sehensw\u00fcrdigkeiten der Orte am K\u00fcstenweg\",\"breadcrumb\":{\"@id\":\"https:\\\/\\\/www.pilgrim.es\\\/de\\\/weg-im-norden\\\/bilbao\\\/#breadcrumb\"},\"inLanguage\":\"de\",\"potentialAction\":[{\"@type\":\"ReadAction\",\"target\":[\"https:\\\/\\\/www.pilgrim.es\\\/de\\\/weg-im-norden\\\/bilbao\\\/\"]}]},{\"@type\":\"ImageObject\",\"inLanguage\":\"de\",\"@id\":\"https:\\\/\\\/www.pilgrim.es\\\/de\\\/weg-im-norden\\\/bilbao\\\/#primaryimage\",\"url\":\"https:\\\/\\\/www.pilgrim.es\\\/wp-content\\\/uploads\\\/2019\\\/02\\\/Guggenheim.jpg\",\"contentUrl\":\"https:\\\/\\\/www.pilgrim.es\\\/wp-content\\\/uploads\\\/2019\\\/02\\\/Guggenheim.jpg\",\"width\":1620,\"height\":1080,\"caption\":\"Bilbao\"},{\"@type\":\"BreadcrumbList\",\"@id\":\"https:\\\/\\\/www.pilgrim.es\\\/de\\\/weg-im-norden\\\/bilbao\\\/#breadcrumb\",\"itemListElement\":[{\"@type\":\"ListItem\",\"position\":1,\"name\":\"Camino de Santiago\",\"item\":\"https:\\\/\\\/www.pilgrim.es\\\/de\\\/\"},{\"@type\":\"ListItem\",\"position\":2,\"name\":\"Weg im Norden\",\"item\":\"https:\\\/\\\/www.pilgrim.es\\\/de\\\/weg-im-norden\\\/\"},{\"@type\":\"ListItem\",\"position\":3,\"name\":\"Bilbao\"}]},{\"@type\":\"WebSite\",\"@id\":\"https:\\\/\\\/www.pilgrim.es\\\/de\\\/#website\",\"url\":\"https:\\\/\\\/www.pilgrim.es\\\/de\\\/\",\"name\":\"Pilgrim\",\"description\":\"Camino de Santiago | Caminamos Contigo\",\"publisher\":{\"@id\":\"https:\\\/\\\/www.pilgrim.es\\\/de\\\/#organization\"},\"potentialAction\":[{\"@type\":\"SearchAction\",\"target\":{\"@type\":\"EntryPoint\",\"urlTemplate\":\"https:\\\/\\\/www.pilgrim.es\\\/de\\\/?s={search_term_string}\"},\"query-input\":{\"@type\":\"PropertyValueSpecification\",\"valueRequired\":true,\"valueName\":\"search_term_string\"}}],\"inLanguage\":\"de\"},{\"@type\":\"Organization\",\"@id\":\"https:\\\/\\\/www.pilgrim.es\\\/de\\\/#organization\",\"name\":\"Pilgrim Camino de Santiago\",\"url\":\"https:\\\/\\\/www.pilgrim.es\\\/de\\\/\",\"logo\":{\"@type\":\"ImageObject\",\"inLanguage\":\"de\",\"@id\":\"https:\\\/\\\/www.pilgrim.es\\\/de\\\/#\\\/schema\\\/logo\\\/image\\\/\",\"url\":\"https:\\\/\\\/www.pilgrim.es\\\/wp-content\\\/uploads\\\/2019\\\/04\\\/logo_pilgrim.png\",\"contentUrl\":\"https:\\\/\\\/www.pilgrim.es\\\/wp-content\\\/uploads\\\/2019\\\/04\\\/logo_pilgrim.png\",\"width\":512,\"height\":512,\"caption\":\"Pilgrim Camino de Santiago\"},\"image\":{\"@id\":\"https:\\\/\\\/www.pilgrim.es\\\/de\\\/#\\\/schema\\\/logo\\\/image\\\/\"},\"sameAs\":[\"https:\\\/\\\/www.facebook.com\\\/pilgrim.es\\\/\",\"https:\\\/\\\/x.com\\\/pilgrim_es\",\"https:\\\/\\\/www.instagram.com\\\/pilgrim.es\\\/\",\"https:\\\/\\\/www.linkedin.com\\\/company\\\/pilgrim-camino-de-santiago\\\/\",\"https:\\\/\\\/www.pinterest.es\\\/pilgrimcaminodesantiago\\\/\",\"https:\\\/\\\/www.youtube.com\\\/channel\\\/UCIv2ZzFLXVqthkNF32rKedw\\\/featured\"]}]}<\/script>\n<!-- \/ Yoast SEO plugin. -->","yoast_head_json":{"title":"Bilbao: Was sehen und wo \u00fcbernachten | Jakobsweg | Pilgrim","description":"Bilbao Entdecken Sie alle Informationen \u00fcber Unterk\u00fcnfte, Anreise, Gastronomie und die wichtigsten Sehensw\u00fcrdigkeiten der Orte am K\u00fcstenweg","robots":{"index":"index","follow":"follow","max-snippet":"max-snippet:-1","max-image-preview":"max-image-preview:large","max-video-preview":"max-video-preview:-1"},"canonical":"https:\/\/www.pilgrim.es\/de\/weg-im-norden\/bilbao\/","og_locale":"de_DE","og_type":"article","og_title":"Bilbao: Was sehen und wo \u00fcbernachten | Jakobsweg | Pilgrim","og_description":"Bilbao Entdecken Sie alle Informationen \u00fcber Unterk\u00fcnfte, Anreise, Gastronomie und die wichtigsten Sehensw\u00fcrdigkeiten der Orte am K\u00fcstenweg","og_url":"https:\/\/www.pilgrim.es\/de\/weg-im-norden\/bilbao\/","og_site_name":"Pilgrim","article_publisher":"https:\/\/www.facebook.com\/pilgrim.es\/","og_image":[{"width":1620,"height":1080,"url":"https:\/\/www.pilgrim.es\/wp-content\/uploads\/2019\/02\/Guggenheim.jpg","type":"image\/jpeg"}],"twitter_card":"summary_large_image","twitter_site":"@pilgrim_es","twitter_misc":{"Gesch\u00e4tzte Lesezeit":"16\u00a0Minuten"},"schema":{"@context":"https:\/\/schema.org","@graph":[{"@type":"WebPage","@id":"https:\/\/www.pilgrim.es\/de\/weg-im-norden\/bilbao\/","url":"https:\/\/www.pilgrim.es\/de\/weg-im-norden\/bilbao\/","name":"Bilbao: Was sehen und wo \u00fcbernachten | Jakobsweg | Pilgrim","isPartOf":{"@id":"https:\/\/www.pilgrim.es\/de\/#website"},"primaryImageOfPage":{"@id":"https:\/\/www.pilgrim.es\/de\/weg-im-norden\/bilbao\/#primaryimage"},"image":{"@id":"https:\/\/www.pilgrim.es\/de\/weg-im-norden\/bilbao\/#primaryimage"},"thumbnailUrl":"https:\/\/www.pilgrim.es\/wp-content\/uploads\/2019\/02\/Guggenheim.jpg","datePublished":"2025-03-17T14:40:13+00:00","description":"Bilbao Entdecken Sie alle Informationen \u00fcber Unterk\u00fcnfte, Anreise, Gastronomie und die wichtigsten Sehensw\u00fcrdigkeiten der Orte am K\u00fcstenweg","breadcrumb":{"@id":"https:\/\/www.pilgrim.es\/de\/weg-im-norden\/bilbao\/#breadcrumb"},"inLanguage":"de","potentialAction":[{"@type":"ReadAction","target":["https:\/\/www.pilgrim.es\/de\/weg-im-norden\/bilbao\/"]}]},{"@type":"ImageObject","inLanguage":"de","@id":"https:\/\/www.pilgrim.es\/de\/weg-im-norden\/bilbao\/#primaryimage","url":"https:\/\/www.pilgrim.es\/wp-content\/uploads\/2019\/02\/Guggenheim.jpg","contentUrl":"https:\/\/www.pilgrim.es\/wp-content\/uploads\/2019\/02\/Guggenheim.jpg","width":1620,"height":1080,"caption":"Bilbao"},{"@type":"BreadcrumbList","@id":"https:\/\/www.pilgrim.es\/de\/weg-im-norden\/bilbao\/#breadcrumb","itemListElement":[{"@type":"ListItem","position":1,"name":"Camino de Santiago","item":"https:\/\/www.pilgrim.es\/de\/"},{"@type":"ListItem","position":2,"name":"Weg im Norden","item":"https:\/\/www.pilgrim.es\/de\/weg-im-norden\/"},{"@type":"ListItem","position":3,"name":"Bilbao"}]},{"@type":"WebSite","@id":"https:\/\/www.pilgrim.es\/de\/#website","url":"https:\/\/www.pilgrim.es\/de\/","name":"Pilgrim","description":"Camino de Santiago | Caminamos Contigo","publisher":{"@id":"https:\/\/www.pilgrim.es\/de\/#organization"},"potentialAction":[{"@type":"SearchAction","target":{"@type":"EntryPoint","urlTemplate":"https:\/\/www.pilgrim.es\/de\/?s={search_term_string}"},"query-input":{"@type":"PropertyValueSpecification","valueRequired":true,"valueName":"search_term_string"}}],"inLanguage":"de"},{"@type":"Organization","@id":"https:\/\/www.pilgrim.es\/de\/#organization","name":"Pilgrim Camino de Santiago","url":"https:\/\/www.pilgrim.es\/de\/","logo":{"@type":"ImageObject","inLanguage":"de","@id":"https:\/\/www.pilgrim.es\/de\/#\/schema\/logo\/image\/","url":"https:\/\/www.pilgrim.es\/wp-content\/uploads\/2019\/04\/logo_pilgrim.png","contentUrl":"https:\/\/www.pilgrim.es\/wp-content\/uploads\/2019\/04\/logo_pilgrim.png","width":512,"height":512,"caption":"Pilgrim Camino de Santiago"},"image":{"@id":"https:\/\/www.pilgrim.es\/de\/#\/schema\/logo\/image\/"},"sameAs":["https:\/\/www.facebook.com\/pilgrim.es\/","https:\/\/x.com\/pilgrim_es","https:\/\/www.instagram.com\/pilgrim.es\/","https:\/\/www.linkedin.com\/company\/pilgrim-camino-de-santiago\/","https:\/\/www.pinterest.es\/pilgrimcaminodesantiago\/","https:\/\/www.youtube.com\/channel\/UCIv2ZzFLXVqthkNF32rKedw\/featured"]}]}},"_links":{"self":[{"href":"https:\/\/www.pilgrim.es\/de\/wp-json\/wp\/v2\/pages\/91256","targetHints":{"allow":["GET"]}}],"collection":[{"href":"https:\/\/www.pilgrim.es\/de\/wp-json\/wp\/v2\/pages"}],"about":[{"href":"https:\/\/www.pilgrim.es\/de\/wp-json\/wp\/v2\/types\/page"}],"replies":[{"embeddable":true,"href":"https:\/\/www.pilgrim.es\/de\/wp-json\/wp\/v2\/comments?post=91256"}],"version-history":[{"count":0,"href":"https:\/\/www.pilgrim.es\/de\/wp-json\/wp\/v2\/pages\/91256\/revisions"}],"up":[{"embeddable":true,"href":"https:\/\/www.pilgrim.es\/de\/wp-json\/wp\/v2\/pages\/10670"}],"wp:featuredmedia":[{"embeddable":true,"href":"https:\/\/www.pilgrim.es\/de\/wp-json\/wp\/v2\/media\/5119"}],"wp:attachment":[{"href":"https:\/\/www.pilgrim.es\/de\/wp-json\/wp\/v2\/media?parent=91256"}],"wp:term":[{"taxonomy":"category","embeddable":true,"href":"https:\/\/www.pilgrim.es\/de\/wp-json\/wp\/v2\/categories?post=91256"},{"taxonomy":"post_tag","embeddable":true,"href":"https:\/\/www.pilgrim.es\/de\/wp-json\/wp\/v2\/tags?post=91256"}],"curies":[{"name":"wp","href":"https:\/\/api.w.org\/{rel}","templated":true}]}}