{"id":91241,"date":"2025-03-17T14:35:48","date_gmt":"2025-03-17T14:35:48","guid":{"rendered":"https:\/\/www.pilgrim.es\/weg-im-norden\/san-sebastian\/"},"modified":"2025-03-17T14:35:48","modified_gmt":"2025-03-17T14:35:48","slug":"san-sebastian","status":"publish","type":"page","link":"https:\/\/www.pilgrim.es\/de\/weg-im-norden\/san-sebastian\/","title":{"rendered":"San Sebasti\u00e1n"},"content":{"rendered":" <section id=\"hero\">\n\t<h1>San Sebasti\u00e1n<\/h1>\n\t<div class=\"hero-grid\">\n\t\t<div class=\"hero-grid__town-col\" data-background=\"https:\/\/cdn.pilgrim.es\/web\/caminos\/camino-norte\/pueblos\/san-sebastian.jpg\">\n\t\t\t<div>\n\t\t\t\t<a class=\"link-to-stage\" href=\"https:\/\/www.pilgrim.es\/camino-norte\/etapa-1-irun-san-sebastian\/\">\n\t\t\t\t\t<p>&#8249; Zur\u00fcck zur B\u00fchne<\/p>\n\t\t\t\t<\/a>\n\n\t\t\t\t<div class=\"town-data\">\n\t\t\t\t\t<h2>San Sebasti\u00e1n<\/h2>\n\t\t\t\t\t<ul>\n\t\t\t\t\t\t<li>Einwohner: 186.095 aprox.<\/li>\n\t\t\t\t\t\t<li>Bundesland: Guip\u00fazcoa<\/li>\n\t\t\t\t\t<\/ul>\n\t\t\t\t<\/div>\n\t\t\t<\/div>\n\t\t<\/div>\n\t\t<div class=\"hero-grid__planner-col\"><div\r\n  class=\"p-col-span-1 p-rounded-lg p-px-5 p-h-full\"\r\n  style=\"background-image: url('https:\/\/cdn.pilgrim.es\/web\/pilgrim-planner\/bg-plugin-planificador.webp')\"\r\n  rel=\"preload\"\r\n  fetchpriority=\"high\"\r\n  >\r\n    <div class=\"p-text-center p-pt-5 p-text-white p-text-2xl p-font-semibold\">\r\n      Plane deinen Weg    <\/div>\r\n    <div\r\n            id='primary-app'\r\n            data-name='banner'\r\n            data-api='https:\/\/pathfinder.pilgrim.es\/api\/pathfinder\/v2'\r\n            data-mode='normal'\r\n            data-lang='de'\r\n            data-route='1'\r\n            data-destiny='https:\/\/planificador.pilgrim.es'\r\n            data-modality='1'\r\n            data-inline=''\r\n        ><\/div><\/div><\/div>\n\t<\/div>\n<\/section>\n\n<section id=\"infoTown\">\n\t<div class=\"sections-town\">\n\n\t\t<div id=\"informationSection\">\n\t\t\t<div>\n\t\t\t\t<h2 class=\"p-h2-town\">Informationen<\/h2>\n\t\t\t\t<hr>\n\t\t\t\t<h3 class=\"p-h3-town\">Get to know San Sebasti\u00e1n<\/h3>\n\t\t\t<\/div>\n\t\t\t<p>San Sebasti\u00e1n oder auch Donostia, der offizielle Name in der Sprache der autonomen Gemeinschaft, zu der sie geh\u00f6rt, ist die n\u00e4chste Stadt, der die Pilger auf ihrer Jakobsroute begegnen werden.<\/p> <p>Es ist eine Stadt voller Geschichte und mit einem hohen kulturellen Erbe, das sich mit ihren zahlreichen touristischen Ressourcen und einem breiten gastronomischen Angebot verbindet.\n\t\t<\/div>\n\n\t\t<div id=\"locationSection\">\n\t\t\t<div>\n\t\t\t\t<h2 class=\"p-h2-town\">Standort<\/h2>\n\t\t\t\t<hr>\n\t\t\t\t<h3 class=\"p-h3-town\">Wegbeschreibung<\/h3>\n\t\t\t<\/div>\n\t\t\t<p>Die Stadt San Sebasti\u00e1n wird von den Regionalstra\u00dfen GI-11, GI-21, GI-41, GI-20, GI-40 und zwei Hauptautobahnen, der AP-1 und der AP-8, erschlossen.\n\n<p>Die R\u00fcckkehr in die Stadt mit dem Bus ist eine sehr empfehlenswerte Option, es gibt zahlreiche Linien, die die Stadt San Sebasti\u00e1n mit dem Rest der autonomen Gemeinschaft verbinden und dar\u00fcber hinaus bietet der Bahnhof Amara internationale und nationale Linien zu den wichtigsten St\u00e4dten.\n\n<p>Der Bahnhof bietet auch t\u00e4gliche Verbindungen zu St\u00e4dten im Baskenland und anderen, wie z.B. die t\u00e4gliche Verbindung nach Madrid, an.\n\n<p>Der Flughafen der Stadt bietet t\u00e4glich Fl\u00fcge nach Madrid und Barcelona an, und in der Sommersaison wird das Angebot erweitert, zum Beispiel nach Malaga und Palma de Mallorca.\n\t\t\t<div>\n\t\t\t\t<div>\n  <iframe loading=\"lazy\"\n    src=\"https:\/\/www.google.com\/maps\/d\/embed?mid=1laM659RUIMMETXh1lGjbHg-exPTcDVs&amp;ehbc=2E312F\"\n    width=\"640\"\n    height=\"480\"\n    alt=\"Mapa San Sebasti\u00e1n\"\n  ><\/iframe>\n<\/div>\n\n\t\t\t<\/div>\n\t\t<\/div>\n\n\t\t\n\t\t\t<div id=\"toVisitSection\">\n\t\t\t\t<div>\n\t\t\t\t\t<h2 class=\"p-h2-town\">Geschichte \/ Kultur<\/h2>\n\t\t\t\t\t<hr>\n\t\t\t\t\t<h3 class=\"p-h3-town\">Was es zu sehen gibt<\/h3>\n\t\t\t\t<\/div>\n\t\t\t\t<div>\n\t\t\t\t\t<div class=\"accordion\">\n\t\t\t\t\t\t<div class=\"accordion__menu\">\n\t\t\t\t\t\t\t<nav>\n\t\t\t\t\t\t\t\t\n\t\t\t\t\t\t\t\t\t<button class=\"nav-tab-accordion active\"><span>&#10093;<\/span><span> Castillo de la Mota<\/span><\/button>\n\t\t\t\t\t\t\t\t\n\t\t\t\t\t\t\t\t\t<button class=\"nav-tab-accordion \"><span>&#10093;<\/span><span> Diputaci\u00f3n Foral de Guipuzkoa<\/span><\/button>\n\t\t\t\t\t\t\t\t\n\t\t\t\t\t\t\t\t\t<button class=\"nav-tab-accordion \"><span>&#10093;<\/span><span> El Paseo Nuevo<\/span><\/button>\n\t\t\t\t\t\t\t\t\n\t\t\t\t\t\t\t\t\t<button class=\"nav-tab-accordion \"><span>&#10093;<\/span><span> Estaci\u00f3n Funicular<\/span><\/button>\n\t\t\t\t\t\t\t\t\n\t\t\t\t\t\t\t\t\t<button class=\"nav-tab-accordion \"><span>&#10093;<\/span><span> Hotel Maria Cristina<\/span><\/button>\n\t\t\t\t\t\t\t\t\n\t\t\t\t\t\t\t\t\t<button class=\"nav-tab-accordion \"><span>&#10093;<\/span><span> Iglesia de San Vicente<\/span><\/button>\n\t\t\t\t\t\t\t\t\n\t\t\t\t\t\t\t\t\t<button class=\"nav-tab-accordion \"><span>&#10093;<\/span><span> Isla de Santa Clara<\/span><\/button>\n\t\t\t\t\t\t\t\t\n\t\t\t\t\t\t\t\t\t<button class=\"nav-tab-accordion \"><span>&#10093;<\/span><span> Los Cubos de Kursaal<\/span><\/button>\n\t\t\t\t\t\t\t\t\n\t\t\t\t\t\t\t\t\t<button class=\"nav-tab-accordion \"><span>&#10093;<\/span><span> Museo de Ciencia Eureka<\/span><\/button>\n\t\t\t\t\t\t\t\t\n\t\t\t\t\t\t\t\t\t<button class=\"nav-tab-accordion \"><span>&#10093;<\/span><span> Palacio de Aiete<\/span><\/button>\n\t\t\t\t\t\t\t\t\n\t\t\t\t\t\t\t\t\t<button class=\"nav-tab-accordion \"><span>&#10093;<\/span><span> Palacio de Miramar y jardines<\/span><\/button>\n\t\t\t\t\t\t\t\t\n\t\t\t\t\t\t\t\t\t<button class=\"nav-tab-accordion \"><span>&#10093;<\/span><span> Palacio del Duque de Mandas<\/span><\/button>\n\t\t\t\t\t\t\t\t\n\t\t\t\t\t\t\t\t\t<button class=\"nav-tab-accordion \"><span>&#10093;<\/span><span> Parque de Atracciones del Monte Igueldo<\/span><\/button>\n\t\t\t\t\t\t\t\t\n\t\t\t\t\t\t\t\t\t<button class=\"nav-tab-accordion \"><span>&#10093;<\/span><span> Museo Cemento Rezola<\/span><\/button>\n\t\t\t\t\t\t\t\t\n\t\t\t\t\t\t\t\t\t<button class=\"nav-tab-accordion \"><span>&#10093;<\/span><span> Playa de La Concha<\/span><\/button>\n\t\t\t\t\t\t\t\t\n\t\t\t\t\t\t\t\t\t<button class=\"nav-tab-accordion \"><span>&#10093;<\/span><span> Puente de Mar\u00eda Cristina<\/span><\/button>\n\t\t\t\t\t\t\t\t\n\t\t\t\t\t\t\t\t\t<button class=\"nav-tab-accordion \"><span>&#10093;<\/span><span> Tabakalera<\/span><\/button>\n\t\t\t\t\t\t\t\t\n\t\t\t\t\t\t\t\t\t<button class=\"nav-tab-accordion \"><span>&#10093;<\/span><span> Biblioteca Koldo Mitxelena<\/span><\/button>\n\t\t\t\t\t\t\t\t\n\t\t\t\t\t\t\t\t\t<button class=\"nav-tab-accordion \"><span>&#10093;<\/span><span> La Perla<\/span><\/button>\n\t\t\t\t\t\t\t\t\n\t\t\t\t\t\t\t\t\t<button class=\"nav-tab-accordion \"><span>&#10093;<\/span><span> Catedral del Buen Pastor<\/span><\/button>\n\t\t\t\t\t\t\t\t\n\t\t\t\t\t\t\t\t\t<button class=\"nav-tab-accordion \"><span>&#10093;<\/span><span> Peine del Viento<\/span><\/button>\n\t\t\t\t\t\t\t\t\n\t\t\t\t\t\t\t\t\t<button class=\"nav-tab-accordion \"><span>&#10093;<\/span><span> Teatro Victoria Eugenia<\/span><\/button>\n\t\t\t\t\t\t\t\t\n\t\t\t\t\t\t\t\t\t<button class=\"nav-tab-accordion \"><span>&#10093;<\/span><span> Museo Chillida<\/span><\/button>\n\t\t\t\t\t\t\t\t\n\t\t\t\t\t\t\t\t\t<button class=\"nav-tab-accordion \"><span>&#10093;<\/span><span> Plaza de la Constituci\u00f3n<\/span><\/button>\n\t\t\t\t\t\t\t\t\n\t\t\t\t\t\t\t\t\t<button class=\"nav-tab-accordion \"><span>&#10093;<\/span><span> Lourdes Txiki<\/span><\/button>\n\t\t\t\t\t\t\t\t\n\t\t\t\t\t\t\t\t\t<button class=\"nav-tab-accordion \"><span>&#10093;<\/span><span> Aquarium<\/span><\/button>\n\t\t\t\t\t\t\t\t\n\t\t\t\t\t\t\t\t\t<button class=\"nav-tab-accordion \"><span>&#10093;<\/span><span> Bas\u00edlica de Santa Mar\u00eda del Coro<\/span><\/button>\n\t\t\t\t\t\t\t\t\n\t\t\t\t\t\t\t<\/nav>\n\t\t\t\t\t\t<\/div>\n\n\t\t\t\t\t\t\n\t\t\t\t\t\t\t<div class=\"accordion__accordion-content \">\n\t\t\t\t\t\t\t\t<div>\n\t\t\t\t\t\t\t\t\t<div>\n\t\t\t\t\t\t\t\t\t\t<h4>Castillo de la Mota<\/h4>\n\t\t\t\t\t\t\t\t\t\t<p>Die Burg von Santa Cruz de la Mota wurde im 12. Jahrhundert von K\u00f6nig Sancho el Mayor von Navarra auf dem Berg Urgull erbaut. Im Laufe der Jahre und mit den aufeinanderfolgenden Kriegen musste sie immer wieder umgebaut werden, weshalb im Inneren noch drei Kapellen erhalten sind, von denen eine dem Cristo de la Mota und einer beeindruckenden Herz-Jesu-Statue aus dem Jahr 1950 gewidmet ist.<\/p> <p>Die Burg steht noch heute.\n\n<p>STUNDEN<\/p>\n\n<p>Montags bis sonntags von 10:00 bis 19:00<\/p> <p>Montags bis sonntags von 10:00 bis 19:00<\/p>\n\t\t\t\t\t\t\t\t\t<\/div>\n\t\t\t\t\t\t\t\t\t<img decoding=\"async\" src=\"https:\/\/cdn.pilgrim.es\/web\/caminos\/camino-norte\/pueblos\/san-sebastian\/puntos-de-interes\/castillo-de-la-mota.jpg\" alt=\"Castillo de la Mota\">\n\t\t\t\t\t\t\t\t<\/div>\n\t\t\t\t\t\t\t<\/div>\n\t\t\t\t\t\t\n\t\t\t\t\t\t\t<div class=\"accordion__accordion-content inactive\">\n\t\t\t\t\t\t\t\t<div>\n\t\t\t\t\t\t\t\t\t<div>\n\t\t\t\t\t\t\t\t\t\t<h4>Diputaci\u00f3n Foral de Guipuzkoa<\/h4>\n\t\t\t\t\t\t\t\t\t\t<p>Der Provinzialrat von Gipuzkoa befindet sich in einem dreigeteilten Geb\u00e4ude, das 1885 von Jos\u00e9 Goicoa erbaut wurde, wobei jeder Fl\u00fcgel das Werk eines anderen Fachmanns ist. Ram\u00f3n M\u00fagica war f\u00fcr den rechten Fl\u00fcgel zust\u00e4ndig, Manuel de Urcola f\u00fcr den linken und Lorenzo de Arteaga und Manuel de Urcola f\u00fcr den mittleren. Zun\u00e4chst beherbergte es die Staatsverwaltung und den Palast der Provinz.\n\n<p>Im selben Jahr der Errichtung zerst\u00f6rte ein Brand das Geb\u00e4ude, wobei nur die Fassaden und die Fundamente erhalten blieben. Die Architekten Luis Aladr\u00e9n und Adolfo Morales wurden mit der Sanierung des Geb\u00e4udes beauftragt, wobei die urspr\u00fcngliche Idee von Goicoa beibehalten wurde. Das neue Geb\u00e4ude wurde 1890 fertiggestellt. <\/p>\n\n<p>STUNDEN<\/p>\n\n<p>Montag bis Donnerstag von 08:30 bis 19:00 Uhr Freitag von 08:30 bis 15:00 Uhr Im August, Montag bis Freitag von 08:30 bis 15:00 Uhr<\/p> <p>Montag bis Freitag von 08:30 bis 15:00 Uhr<\/p> <p>Freitag von 08:30 bis 15:00 Uhr<\/p> &lt;p\n\n<p>INFORMATIONEN VON INTERESSE<\/p>\n\n<p>Web: www.gipuzkoa.eus\/esTel\u00e9fono: +34 943 112 111<\/p>\n\t\t\t\t\t\t\t\t\t<\/div>\n\t\t\t\t\t\t\t\t\t<img decoding=\"async\" src=\"https:\/\/cdn.pilgrim.es\/web\/caminos\/camino-norte\/pueblos\/san-sebastian\/puntos-de-interes\/diputacion-foral-de-guipuzkoa.jpg\" alt=\"Diputaci\u00f3n Foral de Guipuzkoa\">\n\t\t\t\t\t\t\t\t<\/div>\n\t\t\t\t\t\t\t<\/div>\n\t\t\t\t\t\t\n\t\t\t\t\t\t\t<div class=\"accordion__accordion-content inactive\">\n\t\t\t\t\t\t\t\t<div>\n\t\t\t\t\t\t\t\t\t<div>\n\t\t\t\t\t\t\t\t\t\t<h4>El Paseo Nuevo<\/h4>\n\t\t\t\t\t\t\t\t\t\t<p>Der Paseo Nuevo wurde 1916 eingeweiht und verl\u00e4uft rund um den Berg Urgull vom Hafen bis zur Calle Salamanca. Das Charakteristischste und Sch\u00f6nste, was Sie hier finden werden, ist neben der sch\u00f6nen Aussicht das Bild, das die Wellen auf der Promenade selbst erzeugen.<\/p> <p>Der Paseo Nuevo ist die sch\u00f6nste Promenade der Stadt.\n\t\t\t\t\t\t\t\t\t<\/div>\n\t\t\t\t\t\t\t\t\t<img decoding=\"async\" src=\"https:\/\/cdn.pilgrim.es\/web\/caminos\/camino-norte\/pueblos\/san-sebastian\/puntos-de-interes\/el-paseo-nuevo.jpg\" alt=\"El Paseo Nuevo\">\n\t\t\t\t\t\t\t\t<\/div>\n\t\t\t\t\t\t\t<\/div>\n\t\t\t\t\t\t\n\t\t\t\t\t\t\t<div class=\"accordion__accordion-content inactive\">\n\t\t\t\t\t\t\t\t<div>\n\t\t\t\t\t\t\t\t\t<div>\n\t\t\t\t\t\t\t\t\t\t<h4>Estaci\u00f3n Funicular<\/h4>\n\t\t\t\t\t\t\t\t\t\t<p>Die Standseilbahn ist die beste M\u00f6glichkeit, den Touristenkomplex auf dem Berg Igueldo zu erreichen und die Aussicht zu genie\u00dfen, w\u00e4hrend sie \u00fcber die Stadt schwebt. Zur \u00dcberraschung vieler ist diese 1912 eingeweihte Standseilbahn noch heute in Betrieb, und zwar mit den gleichen Einrichtungen und Fahrzeugen wie damals.\n\n<p>STUNDEN<\/p>\n\n<p>Winter: An Wochenenden und Feiertagen von 11:30 bis 14:00 Uhr und von 16:00 bis 19:00 Uhr Fr\u00fchling: An Wochenenden und Feiertagen von 11:00 bis 14:00 Uhr und von 16:00 bis 20:30 Uhr Sommer: Werktags: 11:00 bis 14:00 Uhr und 15:30 bis 20:30 Uhr:00 und 15:30 bis 20:15 Wochenenden und Feiertage von 11:00 bis 14:00 und 15:30 bis 20:45 Gro\u00dfe Woche: bis 23:30 Herbst: Wochenenden und Feiertage von 11:30 bis 14:00 und 16:00 bis 20:00<\/p>&gt;&gt;\n\n<p>INFORMATIONEN VON INTERESSE: <\/p>\n\n<p>Telefon: +34 943 21 05 64<\/p>\n\t\t\t\t\t\t\t\t\t<\/div>\n\t\t\t\t\t\t\t\t\t<img decoding=\"async\" src=\"https:\/\/cdn.pilgrim.es\/web\/caminos\/camino-norte\/pueblos\/san-sebastian\/puntos-de-interes\/estacion-funicular.jpg\" alt=\"Estaci\u00f3n Funicular\">\n\t\t\t\t\t\t\t\t<\/div>\n\t\t\t\t\t\t\t<\/div>\n\t\t\t\t\t\t\n\t\t\t\t\t\t\t<div class=\"accordion__accordion-content inactive\">\n\t\t\t\t\t\t\t\t<div>\n\t\t\t\t\t\t\t\t\t<div>\n\t\t\t\t\t\t\t\t\t\t<h4>Hotel Maria Cristina<\/h4>\n\t\t\t\t\t\t\t\t\t\t<p>Das 1920 von Charles Mewes erbaute Hotel Mar\u00eda Cristina mit seinen 136 Zimmern wurde schnell zum Treffpunkt f\u00fcr K\u00f6nige und Aristokraten, um die Sonne zu genie\u00dfen und im Wasser des Strandes La Concha zu baden. <\/p>\n\n<p>Dieses Geb\u00e4ude gilt als das Juwel von San Sebasti\u00e1n, da es w\u00e4hrend des Filmfestivals von San Sebasti\u00e1n zahlreiche Ber\u00fchmtheiten aus aller Welt beherbergt, darunter Woody Allen, Brad Pitt und Julia Roberts.<\/p> <p>Das Hotel hat viele der ber\u00fchmtesten Ber\u00fchmtheiten der Welt beherbergt, darunter Woody Allen, Brad Pitt und Julia Roberts.\n\t\t\t\t\t\t\t\t\t<\/div>\n\t\t\t\t\t\t\t\t\t<img decoding=\"async\" src=\"https:\/\/cdn.pilgrim.es\/web\/caminos\/camino-norte\/pueblos\/san-sebastian\/puntos-de-interes\/hotel-maria-cristina.jpg\" alt=\"Hotel Maria Cristina\">\n\t\t\t\t\t\t\t\t<\/div>\n\t\t\t\t\t\t\t<\/div>\n\t\t\t\t\t\t\n\t\t\t\t\t\t\t<div class=\"accordion__accordion-content inactive\">\n\t\t\t\t\t\t\t\t<div>\n\t\t\t\t\t\t\t\t\t<div>\n\t\t\t\t\t\t\t\t\t\t<h4>Iglesia de San Vicente<\/h4>\n\t\t\t\t\t\t\t\t\t\t<p>Die Kirche San Vicente im Stil der baskischen Gotik ist die \u00e4lteste Kirche der Stadt, wurde im 16. Jahrhundert erbaut und 1984 zum Kulturgut erkl\u00e4rt. Im Laufe der Zeit hat sie zahlreiche Ver\u00e4nderungen und Erg\u00e4nzungen erfahren, wie z. B. den barocken S\u00e4ulengang, die Sakristei, die Chortreppe, ein Baptisterium an der Ostfassade, das Atrium und das S\u00fcdportal. Au\u00dferdem wurden an den Fassaden vier Rosettenfenster hinzugef\u00fcgt. <\/p>\n\n<p>Der Innenraum hat einen dreischiffigen Grundriss, wobei das Mittelschiff das h\u00f6chste ist, und eine achteckige Apsis, die von einem Kreuzrippengew\u00f6lbe \u00fcberspannt wird, das innen von Runds\u00e4ulen mit angef\u00fcgten kleinen S\u00e4ulen getragen wird und auf Strebepfeilern ruht. Das herausragendste Merkmal der Innenausstattung ist das Hauptaltarbild, das als eines der sch\u00f6nsten aus r\u00f6mischer Zeit gilt. <\/p>\n\n<p>Die Menschen, die in der Kirche San Vicente getauft wurden, sind als &#8222;koxkeros&#8220; bekannt, was auf die hervorstehenden Steine des Tempels zur\u00fcckzuf\u00fchren ist, die im Baskischen &#8222;koxka&#8220; genannt werden.<\/p> <p>Das Hauptaltarbild der Kirche gilt als eines der sch\u00f6nsten der Romanik.\n\n<p>Stunden<\/p>\n\n<p>Montag bis Freitag von 09:00 bis 13:00 Uhr und von 17:00 bis 20:00 Uhr<\/p> <p>Montag bis Freitag von 09:00 bis 13:00 Uhr und von 17:00 bis 20:00 Uhr<\/p>\n\n<p>INFORMATIONEN VON INTERESSE<\/p>\n\n<p>Telefonnummer: +34 943 433 596<\/p>\n\t\t\t\t\t\t\t\t\t<\/div>\n\t\t\t\t\t\t\t\t\t<img decoding=\"async\" src=\"https:\/\/cdn.pilgrim.es\/web\/caminos\/camino-norte\/pueblos\/san-sebastian\/puntos-de-interes\/iglesia-de-san-vicente.jpg\" alt=\"Iglesia de San Vicente\">\n\t\t\t\t\t\t\t\t<\/div>\n\t\t\t\t\t\t\t<\/div>\n\t\t\t\t\t\t\n\t\t\t\t\t\t\t<div class=\"accordion__accordion-content inactive\">\n\t\t\t\t\t\t\t\t<div>\n\t\t\t\t\t\t\t\t\t<div>\n\t\t\t\t\t\t\t\t\t\t<h4>Isla de Santa Clara<\/h4>\n\t\t\t\t\t\t\t\t\t\t<p>Die Insel Santa Clara liegt im Herzen der Bucht von La Concha, in der unter anderem die Eidechse zu Hause ist. Sie beherbergt einen Steg und einen kleinen Strand, der zwar nur 30 Meter lang ist, aber \u00fcber einen Rettungsdienst, Duschen und sogar eine Bar verf\u00fcgt. Das einzige Geb\u00e4ude im Inneren ist der Leuchtturm, der auf seinem Gipfel steht. <\/p>\n\n<p>Im Sommer ist er mit dem Hafen von San Sebasti\u00e1n durch eine regelm\u00e4\u00dfige Schiffsverbindung im Halbstundentakt verbunden.\n\t\t\t\t\t\t\t\t\t<\/div>\n\t\t\t\t\t\t\t\t\t<img decoding=\"async\" src=\"https:\/\/cdn.pilgrim.es\/web\/caminos\/camino-norte\/pueblos\/san-sebastian\/puntos-de-interes\/isla-de-santa-clara.jpg\" alt=\"Isla de Santa Clara\">\n\t\t\t\t\t\t\t\t<\/div>\n\t\t\t\t\t\t\t<\/div>\n\t\t\t\t\t\t\n\t\t\t\t\t\t\t<div class=\"accordion__accordion-content inactive\">\n\t\t\t\t\t\t\t\t<div>\n\t\t\t\t\t\t\t\t\t<div>\n\t\t\t\t\t\t\t\t\t\t<h4>Los Cubos de Kursaal<\/h4>\n\t\t\t\t\t\t\t\t\t\t<p>Der Kursaal Cubes ist ein au\u00dfergew\u00f6hnliches Geb\u00e4ude, das von dem bekannten Architekten Rafael Moneo entworfen wurde. Das Geb\u00e4ude besteht aus zwei gl\u00e4sernen Kuben, die versuchen, die Geografie zu bewahren und die Harmonie zwischen der k\u00fcnstlichen und der nat\u00fcrlichen Welt zu betonen.\n\n<p>Dieser Palast wurde mit dem Preis f\u00fcr zeitgen\u00f6ssische Architektur von Mies van der Rohe ausgezeichnet und ist das Ergebnis eines Projekts, von dem Donostia und Gipuzkoa tr\u00e4umten, um jede Art von Veranstaltung in diesem beeindruckenden Konferenzzentrum durchf\u00fchren zu k\u00f6nnen.<\/p> <p>Der Palast ist das Ergebnis eines Projekts, von dem Donostia und Gipuzkoa tr\u00e4umten, um jede Art von Veranstaltung in diesem beeindruckenden Konferenzzentrum durchf\u00fchren zu k\u00f6nnen.\n\t\t\t\t\t\t\t\t\t<\/div>\n\t\t\t\t\t\t\t\t\t<img decoding=\"async\" src=\"https:\/\/cdn.pilgrim.es\/web\/caminos\/camino-norte\/pueblos\/san-sebastian\/puntos-de-interes\/los-cubos-de-kursaal.jpg\" alt=\"Los Cubos de Kursaal\">\n\t\t\t\t\t\t\t\t<\/div>\n\t\t\t\t\t\t\t<\/div>\n\t\t\t\t\t\t\n\t\t\t\t\t\t\t<div class=\"accordion__accordion-content inactive\">\n\t\t\t\t\t\t\t\t<div>\n\t\t\t\t\t\t\t\t\t<div>\n\t\t\t\t\t\t\t\t\t\t<h4>Museo de Ciencia Eureka<\/h4>\n\t\t\t\t\t\t\t\t\t\t<p>Das Eureka Science Museum hat sich zum Ziel gesetzt, die Welt der Wissenschaft und Technologie, die f\u00fcr ein Publikum aller Altersgruppen zug\u00e4nglich ist, durch eine Reihe anregender Aktivit\u00e4ten zu erg\u00e4nzen. <\/p>\n\n<p>Dieses Zentrum beherbergt die Dauerausstellung HIPATIA mit mehr als 160 interaktiven Modulen, die sich auf acht Themens\u00e4le verteilen. Bemerkenswert ist auch das Planetarium, in dem astronomische Vorf\u00fchrungen und immersive Kinoprojektionen gezeigt werden. <\/p>\n\n<p>Im Inneren gibt es au\u00dferdem ein Foucaultsches Pendel sowie eine Vielzahl von Animationen, Shows und Achterbahnsimulatoren. In den G\u00e4rten im Freien kann man eine Reihe von Modellen sehen, die den historischen Geb\u00e4uden von Gipuzkoa entsprechen, sowie einen kleinen botanischen Garten.\n\n<p>\u00d6ffnungszeiten des Museums: von 10:00 bis 20:00 Uhr \u00d6ffnungszeiten der Simulatoren: von 12:00 bis 14:00 Uhr und von 16:00 bis 20:00 Uhr \u00d6ffnungszeiten der Tierhalle: von 12:00 bis 14:00 Uhr und von 16:00 bis 20:00 Uhr<\/p>\n\n<p>INFORMATIONEN VON INTERESSE<\/p>\n\n<p>Telefon: +34 943 012 478<\/p>\n\t\t\t\t\t\t\t\t\t<\/div>\n\t\t\t\t\t\t\t\t\t<img decoding=\"async\" src=\"https:\/\/cdn.pilgrim.es\/web\/caminos\/camino-norte\/pueblos\/san-sebastian\/puntos-de-interes\/museo-de-ciencia-eureka.jpg\" alt=\"Museo de Ciencia Eureka\">\n\t\t\t\t\t\t\t\t<\/div>\n\t\t\t\t\t\t\t<\/div>\n\t\t\t\t\t\t\n\t\t\t\t\t\t\t<div class=\"accordion__accordion-content inactive\">\n\t\t\t\t\t\t\t\t<div>\n\t\t\t\t\t\t\t\t\t<div>\n\t\t\t\t\t\t\t\t\t\t<h4>Palacio de Aiete<\/h4>\n\t\t\t\t\t\t\t\t\t\t<p>Der Palacio de Aiete ist ein wundersch\u00f6ner Wohnkomplex, der zum Kulturgut erkl\u00e4rt wurde. Er besteht aus dem Palast und seinen G\u00e4rten und wurde 1878 auf Wunsch des Herzogs und der Herzogin von Bail\u00e9n von dem Architekten Adolfo Ombrecht erbaut. <\/p>\n\n<p>Zurzeit befindet sich im Inneren des Palastes das Haus des Friedens und der Menschenrechte, und im n\u00f6rdlichen Teil der G\u00e4rten wurde ein neues Geb\u00e4ude errichtet, das das Haus der Kultur beherbergt. <\/p>\n\t\t\t\t\t\t\t\t\t<\/div>\n\t\t\t\t\t\t\t\t\t<img decoding=\"async\" src=\"https:\/\/cdn.pilgrim.es\/web\/caminos\/camino-norte\/pueblos\/san-sebastian\/puntos-de-interes\/palacio-de-aiete.jpg\" alt=\"Palacio de Aiete\">\n\t\t\t\t\t\t\t\t<\/div>\n\t\t\t\t\t\t\t<\/div>\n\t\t\t\t\t\t\n\t\t\t\t\t\t\t<div class=\"accordion__accordion-content inactive\">\n\t\t\t\t\t\t\t\t<div>\n\t\t\t\t\t\t\t\t\t<div>\n\t\t\t\t\t\t\t\t\t\t<h4>Palacio de Miramar y jardines<\/h4>\n\t\t\t\t\t\t\t\t\t\t<p>Der Miramar Palace im englischen Queen-Anne-Stil liegt an den Str\u00e4nden der Santa Clara Bay und der Santa Clara Island und war die Sommerresidenz der k\u00f6niglichen Familie.\n\n<p>Er ist aus Ziegeln, Sandstein und Fachwerk gebaut und ist von gro\u00dfen G\u00e4rten umgeben, die von Pierre Ducasse entworfen wurden.  Es beherbergt derzeit die Sommerkurse der Universit\u00e4t des Baskenlandes und ist der Sitz des H\u00f6heren Musikzentrums des Baskenlandes.<\/p> <p>Es ist auch der Sitz der Universit\u00e4t des Baskenlandes.\n\n<p>STUNDEN<\/p>\n\n<p>Montag bis Samstag, von 09:00 bis 13:30 Uhr und von 15:30 bis 19:00 Uhr Sonntags und an Feiertagen, von 10:00 bis 14:00 Uhr<\/p> <p>Samstag bis Samstag, von 09:00 bis 13:30 Uhr und von 15:30 bis 19:00 Uhr Sonntags und an Feiertagen, von 10:00 bis 14:00 Uhr<\/p>\n\n<p>INFORMATIONEN VON INTERESSE<\/p>\n\n<p>Telefon: +34 943 219 022<\/p>\n\t\t\t\t\t\t\t\t\t<\/div>\n\t\t\t\t\t\t\t\t\t<img decoding=\"async\" src=\"https:\/\/cdn.pilgrim.es\/web\/caminos\/camino-norte\/pueblos\/san-sebastian\/puntos-de-interes\/palacio-de-miramar-y-jardines.jpg\" alt=\"Palacio de Miramar y jardines\">\n\t\t\t\t\t\t\t\t<\/div>\n\t\t\t\t\t\t\t<\/div>\n\t\t\t\t\t\t\n\t\t\t\t\t\t\t<div class=\"accordion__accordion-content inactive\">\n\t\t\t\t\t\t\t\t<div>\n\t\t\t\t\t\t\t\t\t<div>\n\t\t\t\t\t\t\t\t\t\t<h4>Palacio del Duque de Mandas<\/h4>\n\t\t\t\t\t\t\t\t\t\t<p>Der Palast des Herzogs von Mandas befindet sich im Park von Cristina Enea und war die Hauptresidenz des Herzogs von Mandas, beherbergt aber heute den Sitz des Zentrums f\u00fcr Umweltressourcen. Es ist erw\u00e4hnenswert, dass sowohl die Renovierung der Fassade als auch des Innenraums f\u00fcr gro\u00dfe Kontroversen sorgte.\n\n<p>STUNDEN<\/p>\n\n<p>Montag bis Samstag von 09:30 bis 13:30 Uhr Sonntags und an Feiertagen von 10:00 bis 14:00 Uhr<\/p> <p>Montag bis Samstag von 09:30 bis 13:30 Uhr Sonntags und an Feiertagen von 10:00 bis 14:00 Uhr<\/p>\n\t\t\t\t\t\t\t\t\t<\/div>\n\t\t\t\t\t\t\t\t\t<img decoding=\"async\" src=\"https:\/\/cdn.pilgrim.es\/web\/caminos\/camino-norte\/pueblos\/san-sebastian\/puntos-de-interes\/palacio-del-duque-de-mandas.jpg\" alt=\"Palacio del Duque de Mandas\">\n\t\t\t\t\t\t\t\t<\/div>\n\t\t\t\t\t\t\t<\/div>\n\t\t\t\t\t\t\n\t\t\t\t\t\t\t<div class=\"accordion__accordion-content inactive\">\n\t\t\t\t\t\t\t\t<div>\n\t\t\t\t\t\t\t\t\t<div>\n\t\t\t\t\t\t\t\t\t\t<h4>Parque de Atracciones del Monte Igueldo<\/h4>\n\t\t\t\t\t\t\t\t\t\t<p>Der Vergn\u00fcgungspark Monte Igueldo befindet sich am Paseo del Faro in San Sebasti\u00e1n und verf\u00fcgt \u00fcber eine Standseilbahn, die nach La Farola hinauff\u00e4hrt, so dass Sie auch mit einer der anderen Attraktionen fahren k\u00f6nnen: dem Labyrinth, dem Karussell, der Achterbahn, den Autoscootern usw. Au\u00dferdem kann man auf dem R\u00fccken eines Ponys reiten, das Haus des Grauens betreten oder sich auf den Trampolinen vergn\u00fcgen. <\/p>\n\n<p>Neben all diesen Attraktionen k\u00f6nnen die Kleinen an zahlreichen Geschicklichkeitsspielen teilnehmen: ferngesteuerte Trucks, Bowlingbahn, Schildkr\u00f6tenrennen, Westernschie\u00dfen usw.<\/p> <p>.\n\n<p>ZEITPLAN<\/p>\n\n<p>Winter: An Wochenenden und Feiertagen von 11:30 bis 14:00 Uhr und 16:00 bis 19:00 Uhr Fr\u00fchling: An Wochenenden und Feiertagen von 11:00 bis 14:00 Uhr und 16:00 bis 20:30 Uhr Sommer: Werktags: 11:00 bis 14:Wochenenden und Feiertage: 11:00 bis 14:00 Uhr und 15:30 bis 20:45 Uhr Gro\u00dfe Woche: bis 23:30 Uhr Herbst: Wochenenden und Feiertage: 11:30 bis 14:00 Uhr und 16:00 bis 20:00 Uhr<\/p>&gt;&gt;\n\n<p>INFORMATIONEN VON INTERESSE<\/p>\n\n<p>Telefon: +34 943 210 564 Web: www.monteigueldo.es<\/p>\n\t\t\t\t\t\t\t\t\t<\/div>\n\t\t\t\t\t\t\t\t\t<img decoding=\"async\" src=\"https:\/\/cdn.pilgrim.es\/web\/caminos\/camino-norte\/pueblos\/san-sebastian\/puntos-de-interes\/parque-de-atracciones-del-monte-igueldo.jpg\" alt=\"Parque de Atracciones del Monte Igueldo\">\n\t\t\t\t\t\t\t\t<\/div>\n\t\t\t\t\t\t\t<\/div>\n\t\t\t\t\t\t\n\t\t\t\t\t\t\t<div class=\"accordion__accordion-content inactive\">\n\t\t\t\t\t\t\t\t<div>\n\t\t\t\t\t\t\t\t\t<div>\n\t\t\t\t\t\t\t\t\t\t<h4>Museo Cemento Rezola<\/h4>\n\t\t\t\t\t\t\t\t\t\t<p>Das Rezola-Zementmuseum ist in einem Geb\u00e4ude untergebracht, das bis zum Jahr 2000 eine Zementfabrik war. Bei der Renovierung des Geb\u00e4udes zu einem Museum blieb die urspr\u00fcngliche Struktur erhalten, so dass heute noch die vollst\u00e4ndig mit Zementm\u00f6rtel verkleidete Fassade und die drei Innenr\u00e4ume zu sehen sind, in denen das Auditorium f\u00fcr Konferenzen und Tagungen eingerichtet wurde, der st\u00e4ndige Ausstellungssaal, der einen Rundgang durch die Welt des Zements bietet, und der Bereich f\u00fcr Wechselausstellungen in der Mitte des Geb\u00e4udes.\n\n<p>Dieses Museum soll nicht nur den Zweck und die Verwendung von Zement erkl\u00e4ren, sondern auch die Gr\u00fcnder der Fabrik ehren und die M\u00e4nner und Frauen w\u00fcrdigen, die dazu beigetragen haben, dass dieses Unternehmen zu einem der wichtigsten des Landes in diesem Sektor wurde.<\/p> &lt;p\n\n<p>STUNDENDienstag bis Samstag: von 10:00 bis 14:00 Uhr <\/p>\n\n<p>INFORMATIONEN VON INTERESSE<\/p>\n\n<p>Telefon: +34 943 364 192 E-Mail: info@museumcementorezola.org Web: http:\/\/museumcementorezola.org\/es\/<\/p> <p>Web: http:\/\/museumcementorezola.org\/es\/<\/p>\n\t\t\t\t\t\t\t\t\t<\/div>\n\t\t\t\t\t\t\t\t\t<img decoding=\"async\" src=\"https:\/\/cdn.pilgrim.es\/web\/caminos\/camino-norte\/pueblos\/san-sebastian\/puntos-de-interes\/museo-cemento-rezola.jpg\" alt=\"Museo Cemento Rezola\">\n\t\t\t\t\t\t\t\t<\/div>\n\t\t\t\t\t\t\t<\/div>\n\t\t\t\t\t\t\n\t\t\t\t\t\t\t<div class=\"accordion__accordion-content inactive\">\n\t\t\t\t\t\t\t\t<div>\n\t\t\t\t\t\t\t\t\t<div>\n\t\t\t\t\t\t\t\t\t\t<h4>Playa de La Concha<\/h4>\n\t\t\t\t\t\t\t\t\t\t<p>Der Strand La Concha ist das Aush\u00e4ngeschild von San Sebasti\u00e1n, denn er ist nicht nur der sch\u00f6nste, sondern auch der zentralste Strand der Stadt und erstreckt sich \u00fcber anderthalb Kilometer mit wei\u00dfem Sand. Er ist nicht nur der beste Strand am Golf von Biskaya, sondern gilt auch als einer der besten Stadtstr\u00e4nde in Europa. <\/p>\n\n<p>\u00dcberall in der Bucht fallen verschiedene Elemente auf, wie das Gel\u00e4nder von La Concha mit seinen Verzierungen, die Laternenpf\u00e4hle, die als Preise beim Filmfestival dienen, das Viertel &#8222;Los Relojes&#8220;, das Viertel La Perla usw. Am meisten sticht jedoch die Insel Santa Clara hervor, die mitten in der Bucht liegt.\n\t\t\t\t\t\t\t\t\t<\/div>\n\t\t\t\t\t\t\t\t\t<img decoding=\"async\" src=\"https:\/\/cdn.pilgrim.es\/web\/caminos\/camino-norte\/pueblos\/san-sebastian\/puntos-de-interes\/playa-de-la-concha.jpg\" alt=\"Playa de La Concha\">\n\t\t\t\t\t\t\t\t<\/div>\n\t\t\t\t\t\t\t<\/div>\n\t\t\t\t\t\t\n\t\t\t\t\t\t\t<div class=\"accordion__accordion-content inactive\">\n\t\t\t\t\t\t\t\t<div>\n\t\t\t\t\t\t\t\t\t<div>\n\t\t\t\t\t\t\t\t\t\t<h4>Puente de Mar\u00eda Cristina<\/h4>\n\t\t\t\t\t\t\t\t\t\t<p>Die Maria-Christina-Br\u00fccke verbindet beide Seiten des Flusses und hat vier monumentale Obelisken an beiden Eing\u00e4ngen, die von Skulpturengruppen gekr\u00f6nt werden. Bevor die heutige Br\u00fccke am 20. Januar 1905 eingeweiht wurde, gab es einen provisorischen Holzsteg. Dieses Datum f\u00e4llt mit dem Fest des Heiligen Sebastian zusammen. <\/p>\n\t\t\t\t\t\t\t\t\t<\/div>\n\t\t\t\t\t\t\t\t\t<img decoding=\"async\" src=\"https:\/\/cdn.pilgrim.es\/web\/caminos\/camino-norte\/pueblos\/san-sebastian\/puntos-de-interes\/puente-de-maria-cristina.jpg\" alt=\"Puente de Mar\u00eda Cristina\">\n\t\t\t\t\t\t\t\t<\/div>\n\t\t\t\t\t\t\t<\/div>\n\t\t\t\t\t\t\n\t\t\t\t\t\t\t<div class=\"accordion__accordion-content inactive\">\n\t\t\t\t\t\t\t\t<div>\n\t\t\t\t\t\t\t\t\t<div>\n\t\t\t\t\t\t\t\t\t\t<h4>Tabakalera<\/h4>\n\t\t\t\t\t\t\t\t\t\t<p>Die Tabakalera ist ein Geb\u00e4ude, das so genannt wurde, weil es von 1913 bis 2003 die Tabakfabrik von Donostia beherbergte. Seit diesem Jahr sind die Stadtverwaltung von San Sebasti\u00e1n, die Provinzregierung von Gipuzkoa und die baskische Regierung Eigent\u00fcmer des Geb\u00e4udes und haben es in das heutige internationale Kulturzentrum umgewandelt.<\/p> <p>Die Tabakalera ist das wichtigste Kulturzentrum in San Sebasti\u00e1n.\n\n<p>Von 2011 bis 2015 wurde das Geb\u00e4ude kontinuierlich renoviert, um ein Zentrum f\u00fcr zeitgen\u00f6ssische Kultur zu werden. Zu diesem Zweck wurde das Geb\u00e4ude zur Stadt hin ge\u00f6ffnet, indem Z\u00e4une und umgebende Mauern entfernt wurden und ein Glasprisma geschaffen wurde, um das Geb\u00e4ude heller und sichtbarer zu machen. <\/p>\n\t\t\t\t\t\t\t\t\t<\/div>\n\t\t\t\t\t\t\t\t\t<img decoding=\"async\" src=\"https:\/\/cdn.pilgrim.es\/web\/caminos\/camino-norte\/pueblos\/san-sebastian\/puntos-de-interes\/tabakalera.jpg\" alt=\"Tabakalera\">\n\t\t\t\t\t\t\t\t<\/div>\n\t\t\t\t\t\t\t<\/div>\n\t\t\t\t\t\t\n\t\t\t\t\t\t\t<div class=\"accordion__accordion-content inactive\">\n\t\t\t\t\t\t\t\t<div>\n\t\t\t\t\t\t\t\t\t<div>\n\t\t\t\t\t\t\t\t\t\t<h4>Biblioteca Koldo Mitxelena<\/h4>\n\t\t\t\t\t\t\t\t\t\t<p>Die Koldo Mitxelena Kulturunea ist ein Geb\u00e4ude, das den Sitz der Bibliothek des Provinzialrats von Gipuzkoa beherbergt. Sie gilt derzeit als eine der besten Bibliotheken f\u00fcr Geisteswissenschaften und baskische Kultur. Sie ist in zwei Ausstellungsr\u00e4ume unterteilt, von denen sich der erste auf die bildende Kunst konzentriert und der zweite ein Mehrzweckraum ist, in dem man Ausstellungen zu aktuellen Themen findet.\n\n<p>STUNDEN<\/p>\n\n<p>Montag bis Freitag von 08:30 bis 20:30 Uhr Samstags von 08:30 bis 14:00 Uhr Sonntag: geschlossen<\/p> <p>Samstags von 08:30 bis 14:00 Uhr Sonntag: geschlossen<\/p> <p>Samstags von 08:30 bis 20:30 Uhr\n\n<p>INFORMATIONEN VON INTERESSE<\/p>\n\n<p>Telefon: +34 943 112 760 Web: www.kmliburutegia.net\/?lng=es<\/p>\n\t\t\t\t\t\t\t\t\t<\/div>\n\t\t\t\t\t\t\t\t\t<img decoding=\"async\" src=\"https:\/\/cdn.pilgrim.es\/web\/caminos\/camino-norte\/pueblos\/san-sebastian\/puntos-de-interes\/biblioteca-koldo-mitxelena.jpg\" alt=\"Biblioteca Koldo Mitxelena\">\n\t\t\t\t\t\t\t\t<\/div>\n\t\t\t\t\t\t\t<\/div>\n\t\t\t\t\t\t\n\t\t\t\t\t\t\t<div class=\"accordion__accordion-content inactive\">\n\t\t\t\t\t\t\t\t<div>\n\t\t\t\t\t\t\t\t\t<div>\n\t\t\t\t\t\t\t\t\t\t<h4>La Perla<\/h4>\n\t\t\t\t\t\t\t\t\t\t<p>La Perla befindet sich am Strand La Concha und ist eines der symboltr\u00e4chtigsten Geb\u00e4ude San Sebastians aus der &#8222;Belle Epoque&#8220;. Urspr\u00fcnglich war das Geb\u00e4ude bis 1912 aus Holz, dann wurde es ersetzt und renoviert, um ihm sein heutiges Aussehen zu geben.\n\n<p>Dieses Geb\u00e4ude war vor mehr als einem Jahrhundert die Sommerresidenz der k\u00f6niglichen Familie. Heute beherbergt das Geb\u00e4ude ein Thalasso-Sportzentrum, das mit Hilfe des Meerwassers therapeutische Behandlungen im Inneren anbietet.\n\t\t\t\t\t\t\t\t\t<\/div>\n\t\t\t\t\t\t\t\t\t<img decoding=\"async\" src=\"https:\/\/cdn.pilgrim.es\/web\/caminos\/camino-norte\/pueblos\/san-sebastian\/puntos-de-interes\/la-perla.jpg\" alt=\"La Perla\">\n\t\t\t\t\t\t\t\t<\/div>\n\t\t\t\t\t\t\t<\/div>\n\t\t\t\t\t\t\n\t\t\t\t\t\t\t<div class=\"accordion__accordion-content inactive\">\n\t\t\t\t\t\t\t\t<div>\n\t\t\t\t\t\t\t\t\t<div>\n\t\t\t\t\t\t\t\t\t\t<h4>Catedral del Buen Pastor<\/h4>\n\t\t\t\t\t\t\t\t\t\t<p>Die Kathedrale des Guten Hirten von San Sebasti\u00e1n befindet sich seit ihrer Einweihung im Jahr 1897 im Herzen der Ensanche de Amara. Sie wurde von Manuel Echave nach dem Vorbild der deutschen gotischen Kathedralen erbaut, obwohl sie im Laufe der Jahre zahlreiche Umbauten erfahren hat. <\/p>\n\n<p>Die Struktur der Kirche basiert auf einem Grundriss in Form eines lateinischen Kreuzes, das in drei Schiffe unterteilt ist und von einem Presbyterium gekr\u00f6nt wird. Die zahlreichen Glasfenster von Juan Bautista, die die zw\u00f6lf Apostel in Begleitung von Jesus und Maria darstellen, ragen im oberen Teil der Kirchenschiffe hervor. <\/p>\n\t\t\t\t\t\t\t\t\t<\/div>\n\t\t\t\t\t\t\t\t\t<img decoding=\"async\" src=\"https:\/\/cdn.pilgrim.es\/web\/caminos\/camino-norte\/pueblos\/san-sebastian\/puntos-de-interes\/catedral-del-buen-pastor.jpg\" alt=\"Catedral del Buen Pastor\">\n\t\t\t\t\t\t\t\t<\/div>\n\t\t\t\t\t\t\t<\/div>\n\t\t\t\t\t\t\n\t\t\t\t\t\t\t<div class=\"accordion__accordion-content inactive\">\n\t\t\t\t\t\t\t\t<div>\n\t\t\t\t\t\t\t\t\t<div>\n\t\t\t\t\t\t\t\t\t\t<h4>Peine del Viento<\/h4>\n\t\t\t\t\t\t\t\t\t\t<p>Der Windkamm aus dem Jahr 1977 ist eines der ber\u00fchmtesten Werke von Eduardo Chillida, das aus Terrassen aus rosa Granit und drei Stahlteilen \u00fcber den steinigen Bereichen des Meeres besteht. <\/p>\n\n<p>Das Spektakul\u00e4rste an dieser Konstruktion ist, dass die von den Wellen des Meeres angetriebene Luft dank eines R\u00f6hrensystems an die Oberfl\u00e4che steigt und dabei einen sehr eigenartigen Klang erzeugt sowie das verspritzte Wasser ausst\u00f6\u00dft, daher der Name.<\/p> <p>Wind Comb.\n\t\t\t\t\t\t\t\t\t<\/div>\n\t\t\t\t\t\t\t\t\t<img decoding=\"async\" src=\"https:\/\/cdn.pilgrim.es\/web\/caminos\/camino-norte\/pueblos\/san-sebastian\/puntos-de-interes\/peine-del-viento.jpg\" alt=\"Peine del Viento\">\n\t\t\t\t\t\t\t\t<\/div>\n\t\t\t\t\t\t\t<\/div>\n\t\t\t\t\t\t\n\t\t\t\t\t\t\t<div class=\"accordion__accordion-content inactive\">\n\t\t\t\t\t\t\t\t<div>\n\t\t\t\t\t\t\t\t\t<div>\n\t\t\t\t\t\t\t\t\t\t<h4>Teatro Victoria Eugenia<\/h4>\n\t\t\t\t\t\t\t\t\t\t<p>Das Victoria-Eugenia-Theater ist in einem Geb\u00e4ude aus dem Jahr 1912 untergebracht, in dem die wichtigsten kulturellen Veranstaltungen der Stadt stattfinden. Es bietet Platz f\u00fcr 910 Personen im Hauptsaal und verf\u00fcgt \u00fcber weitere Mehrzweckr\u00e4ume f\u00fcr die darstellenden K\u00fcnste. <\/p>\n\n<p>Das Theater wurde zur gleichen Zeit wie das Hotel Mar\u00eda Cristina und die Okendo-G\u00e4rten erbaut, wodurch ein monumentaler \u00f6ffentlicher Raum entstand. Das Grundst\u00fcck des Theaters hat eine rechteckige Form und erstreckt sich \u00fcber 2 460 m2.\n\n<p>STUNDEN<\/p>\n\n<p>Montag bis Sonntag: 11:30 Uhr bis 13:30 Uhr und 17:00 Uhr bis 20:00 Uhr<\/p> <p>Montag bis Sonntag: 11:30 Uhr bis 13:30 Uhr und 17:00 Uhr bis 20:00 Uhr<\/p>\n\n<p>INFORMATIONEN VON INTERESSE<\/p>\n\n<p>Telefon: +34 943 48 11 60 E-Mail: victoria_eugenia@donostia.eus Web: http:\/\/www.victoriaeugenia.com\/<\/p>\n\t\t\t\t\t\t\t\t\t<\/div>\n\t\t\t\t\t\t\t\t\t<img decoding=\"async\" src=\"https:\/\/cdn.pilgrim.es\/web\/caminos\/camino-norte\/pueblos\/san-sebastian\/puntos-de-interes\/teatro-victoria-eugenia.jpg\" alt=\"Teatro Victoria Eugenia\">\n\t\t\t\t\t\t\t\t<\/div>\n\t\t\t\t\t\t\t<\/div>\n\t\t\t\t\t\t\n\t\t\t\t\t\t\t<div class=\"accordion__accordion-content inactive\">\n\t\t\t\t\t\t\t\t<div>\n\t\t\t\t\t\t\t\t\t<div>\n\t\t\t\t\t\t\t\t\t\t<h4>Museo Chillida<\/h4>\n\t\t\t\t\t\t\t\t\t\t<p>Das Museum Chillida-Leku wurde von Eduardo Chillida und seiner Frau Pilar Belzunce mit dem Ziel gegr\u00fcndet, ihre Skulpturen auszustellen. Es befindet sich auf dem Landgut Zabalaga, zu dem ein Bauernhaus geh\u00f6rt, das sp\u00e4ter in ein Museum umgewandelt wurde. Dieses Museum zeigt sowohl innen als auch au\u00dfen die Entwicklung und den Werdegang des Autors \u00fcber 50 Jahre hinweg, wobei die Sammlung in drei definierte Bereiche unterteilt ist:<\/p> <p>\n\n<p>Zurzeit, und nach 10 Jahren des Bestehens, ist das Museum f\u00fcr die \u00d6ffentlichkeit geschlossen.\n\t\t\t\t\t\t\t\t\t<\/div>\n\t\t\t\t\t\t\t\t\t<img decoding=\"async\" src=\"https:\/\/cdn.pilgrim.es\/web\/caminos\/camino-norte\/pueblos\/san-sebastian\/puntos-de-interes\/museo-chillida.jpg\" alt=\"Museo Chillida\">\n\t\t\t\t\t\t\t\t<\/div>\n\t\t\t\t\t\t\t<\/div>\n\t\t\t\t\t\t\n\t\t\t\t\t\t\t<div class=\"accordion__accordion-content inactive\">\n\t\t\t\t\t\t\t\t<div>\n\t\t\t\t\t\t\t\t\t<div>\n\t\t\t\t\t\t\t\t\t\t<h4>Plaza de la Constituci\u00f3n<\/h4>\n\t\t\t\t\t\t\t\t\t\t<p>Die Plaza de la Constituci\u00f3n befindet sich im historischen Zentrum der Stadt San Sebasti\u00e1n. Bis in die erste H\u00e4lfte des 20. Jahrhunderts war dieser Platz als &#8222;Plaza del Ayuntamiento&#8220; (Rathausplatz) bekannt, da er der Sitz des Rathauses war. <\/p>\n\n<p>Heute ist dieser Platz Schauplatz vieler wichtiger Feierlichkeiten in der Stadt, wie das Hissen und Senken der Flagge am 20. Januar, die Messe am Tag des Heiligen Thomas&#8230;<\/p> <p>Der Platz ist auch Schauplatz der wichtigsten Festlichkeiten der Stadt.\n\n<p>Es ist erw\u00e4hnenswert, dass der Platz, bevor er zur Stierkampfarena wurde, als Stierkampfarena genutzt wurde, was man an den Nummern auf den Balkonen der umliegenden Geb\u00e4ude erkennen kann.\n\t\t\t\t\t\t\t\t\t<\/div>\n\t\t\t\t\t\t\t\t\t<img decoding=\"async\" src=\"https:\/\/cdn.pilgrim.es\/web\/caminos\/camino-norte\/pueblos\/san-sebastian\/puntos-de-interes\/plaza-de-la-constitucion.jpg\" alt=\"Plaza de la Constituci\u00f3n\">\n\t\t\t\t\t\t\t\t<\/div>\n\t\t\t\t\t\t\t<\/div>\n\t\t\t\t\t\t\n\t\t\t\t\t\t\t<div class=\"accordion__accordion-content inactive\">\n\t\t\t\t\t\t\t\t<div>\n\t\t\t\t\t\t\t\t\t<div>\n\t\t\t\t\t\t\t\t\t\t<h4>Lourdes Txiki<\/h4>\n\t\t\t\t\t\t\t\t\t\t<p>Die Geschichte der Stadt geht auf das Jahr 1903 zur\u00fcck, als eine Kongregation von Dominikanerm\u00f6nchen aus Frankreich floh und sich in der Stadt auf einem Anwesen namens &#8222;La mallorquina&#8220; niederlie\u00df. Ein Jahr sp\u00e4ter baute diese Gruppe eine Nachbildung der Grotten von Lourdes, die als Lourdes Txiki bekannt wurde. <\/p>\n\n<p>Das heutige Bauwerk stammt aus dem Jahr 1933, als eine Kongregation von Kapuzinern die Grotte renovierte. Jeden 11. Februar wird ihr zu Ehren eine Messe abgehalten, die mit dem Lourdesfest zusammenf\u00e4llt.\n\t\t\t\t\t\t\t\t\t<\/div>\n\t\t\t\t\t\t\t\t\t<img decoding=\"async\" src=\"https:\/\/cdn.pilgrim.es\/web\/caminos\/camino-norte\/pueblos\/san-sebastian\/puntos-de-interes\/lourdes-txiki.jpg\" alt=\"Lourdes Txiki\">\n\t\t\t\t\t\t\t\t<\/div>\n\t\t\t\t\t\t\t<\/div>\n\t\t\t\t\t\t\n\t\t\t\t\t\t\t<div class=\"accordion__accordion-content inactive\">\n\t\t\t\t\t\t\t\t<div>\n\t\t\t\t\t\t\t\t\t<div>\n\t\t\t\t\t\t\t\t\t\t<h4>Aquarium<\/h4>\n\t\t\t\t\t\t\t\t\t\t<p>Das Aquarium befindet sich in einem Geb\u00e4ude aus dem Jahr 1928 und ist in zwei Etagen unterteilt, die vollst\u00e4ndig der Meeresflora und -fauna von Gipuzkoa gewidmet sind. Zu den H\u00f6hepunkten dieser Sammlung geh\u00f6ren das Skelett eines Glattwals, der 360-Grad-Tunnel und die tropischen Arten, die hier beobachtet werden k\u00f6nnen.\n\n<p>Dieser Raum ist nicht nur ein Aquarium, sondern auch ein Museum und verf\u00fcgt \u00fcber eine Ausstellung zu Themen, die mit dem Meer zu tun haben, wie z.B. Seehandel, Fischerei, baskische Walf\u00e4nger, usw.<\/p> <p>.\n\t\t\t\t\t\t\t\t\t<\/div>\n\t\t\t\t\t\t\t\t\t<img decoding=\"async\" src=\"https:\/\/cdn.pilgrim.es\/web\/caminos\/camino-norte\/pueblos\/san-sebastian\/puntos-de-interes\/aquarium.jpg\" alt=\"Aquarium\">\n\t\t\t\t\t\t\t\t<\/div>\n\t\t\t\t\t\t\t<\/div>\n\t\t\t\t\t\t\n\t\t\t\t\t\t\t<div class=\"accordion__accordion-content inactive\">\n\t\t\t\t\t\t\t\t<div>\n\t\t\t\t\t\t\t\t\t<div>\n\t\t\t\t\t\t\t\t\t\t<h4>Bas\u00edlica de Santa Mar\u00eda del Coro<\/h4>\n\t\t\t\t\t\t\t\t\t\t<p>Die Basilika Santa Maria wurde im 18. Jahrhundert erbaut und zeichnet sich durch ihre barocke Fassade mit churrigueresken, gotischen und neoklassizistischen Elementen aus. An der Fassade befindet sich eine gro\u00dfe Skulptur des heiligen M\u00e4rtyrers Sebastian und im Inneren der Kirche gibt es herausragende Schnitzereien, wie die in der mittleren Stra\u00dfe des Hauptaltars, die die Jungfrau des Chors verehrt.\n\n<p>MESSENZEITPLAN<\/p>\n\n<p>Montag bis Samstag um 09:00, 11:00 und 19:30 Uhr Sonn- und Feiertage um 09:00, 10:00, 11:00, 12:00, 13:00 und 20:00 Uhr<\/p> <p>Montag bis Samstag um 09:00, 11:00, 12:00, 13:00 und 20:00 Uhr<\/p>\n\t\t\t\t\t\t\t\t\t<\/div>\n\t\t\t\t\t\t\t\t\t<img decoding=\"async\" src=\"https:\/\/cdn.pilgrim.es\/web\/caminos\/camino-norte\/pueblos\/san-sebastian\/puntos-de-interes\/basilica-de-santa-maria-del-coro.jpg\" alt=\"Bas\u00edlica de Santa Mar\u00eda del Coro\">\n\t\t\t\t\t\t\t\t<\/div>\n\t\t\t\t\t\t\t<\/div>\n\t\t\t\t\t\t\n\t\t\t\t\t<\/div>\n\t\t\t\t<\/div>\n\t\t\t<\/div>\n\t\t\n\n\t\t<div id=\"phonesSection\">\n\t\t\t<div>\n\t\t\t\t<h2 class=\"p-h3-town\">Informationen von Interesse<\/h2>\n\t\t\t<\/div>\n\t\t\t<div class=\"grid\">\n\t\t\t\t\n\t\t\t\t\t<div class=\"phone-number-item\">\n\t\t\t\t\t\t<div class=\"phone-number-item__icon\"><i class=\"icon-police\"><\/i><\/div>\n\t\t\t\t\t\t<div class=\"phone-number-item__title\">\n\t\t\t\t\t\t\t<h3 class=\"p-font-bold\">Ortspolizei<\/h3>\n\t\t\t\t\t\t\t<p>943 481 320<\/p>\n\t\t\t\t\t\t\t\n\t\t\t\t\t\t<\/div>\n\t\t\t\t\t<\/div>\n\t\t\t\t\n\t\t\t\t\t<div class=\"phone-number-item\">\n\t\t\t\t\t\t<div class=\"phone-number-item__icon\"><i class=\"icon-spanish-military-police\"><\/i><\/div>\n\t\t\t\t\t\t<div class=\"phone-number-item__title\">\n\t\t\t\t\t\t\t<h3 class=\"p-font-bold\">Zivilwache<\/h3>\n\t\t\t\t\t\t\t<p>943 276 661<\/p>\n\t\t\t\t\t\t\t\n\t\t\t\t\t\t<\/div>\n\t\t\t\t\t<\/div>\n\t\t\t\t\n\t\t\t\t\t<div class=\"phone-number-item\">\n\t\t\t\t\t\t<div class=\"phone-number-item__icon\"><i class=\"icon-firefighters\"><\/i><\/div>\n\t\t\t\t\t\t<div class=\"phone-number-item__title\">\n\t\t\t\t\t\t\t<h3 class=\"p-font-bold\">Feuerwehr<\/h3>\n\t\t\t\t\t\t\t<p>943 464 609<\/p>\n\t\t\t\t\t\t\t\n\t\t\t\t\t\t<\/div>\n\t\t\t\t\t<\/div>\n\t\t\t\t\n\t\t\t\t\t<div class=\"phone-number-item\">\n\t\t\t\t\t\t<div class=\"phone-number-item__icon\"><i class=\"icon-civil-protection\"><\/i><\/div>\n\t\t\t\t\t\t<div class=\"phone-number-item__title\">\n\t\t\t\t\t\t\t<h3 class=\"p-font-bold\">Zivilschutz<\/h3>\n\t\t\t\t\t\t\t<p>943 469 991<\/p>\n\t\t\t\t\t\t\t\n\t\t\t\t\t\t<\/div>\n\t\t\t\t\t<\/div>\n\t\t\t\t\n\t\t\t\t\t<div class=\"phone-number-item\">\n\t\t\t\t\t\t<div class=\"phone-number-item__icon\"><i class=\"icon-town-council\"><\/i><\/div>\n\t\t\t\t\t\t<div class=\"phone-number-item__title\">\n\t\t\t\t\t\t\t<h3 class=\"p-font-bold\">Rathaus<\/h3>\n\t\t\t\t\t\t\t<p>943 481 000<\/p>\n\t\t\t\t\t\t\t\n\t\t\t\t\t\t<\/div>\n\t\t\t\t\t<\/div>\n\t\t\t\t\n\t\t\t\t\t<div class=\"phone-number-item\">\n\t\t\t\t\t\t<div class=\"phone-number-item__icon\"><i class=\"icon-hospital\"><\/i><\/div>\n\t\t\t\t\t\t<div class=\"phone-number-item__title\">\n\t\t\t\t\t\t\t<h3 class=\"p-font-bold\">Gesundheitszentrum<\/h3>\n\t\t\t\t\t\t\t<p>943 007 909<\/p>\n\t\t\t\t\t\t\t\n\t\t\t\t\t\t<\/div>\n\t\t\t\t\t<\/div>\n\t\t\t\t\n\t\t\t\t\t<div class=\"phone-number-item\">\n\t\t\t\t\t\t<div class=\"phone-number-item__icon\"><i class=\"icon-tourism\"><\/i><\/div>\n\t\t\t\t\t\t<div class=\"phone-number-item__title\">\n\t\t\t\t\t\t\t<h3 class=\"p-font-bold\">Fremdenverkehrsamt<\/h3>\n\t\t\t\t\t\t\t<p>943 48 11 66<\/p>\n\t\t\t\t\t\t\t\n\t\t\t\t\t\t\t\t<p>Boulevard, 8<\/p>\n\t\t\t\t\t\t\t\n\t\t\t\t\t\t<\/div>\n\t\t\t\t\t<\/div>\n\t\t\t\t\n\t\t\t<\/div>\n\t\t<\/div>\n\n\t\t<div id=\"clientForm\">\n        <section>\n        <img decoding=\"async\" src=\"https:\/\/cdn.pilgrim.es\/web\/home\/email-contacto.png\" alt=\"contacto\">\n        <div>\n            <p>Wir senden dir deine Planung<\/p>\n            <p>Gib uns deine Daten an und erhalte die Planung deiner Reise per E-Mail <\/p>\n            <form method=\"post\" data-url=\"\/wp-admin\/admin-ajax.php\" id=\"planner--client\" class=\"flag-right form-client\">\n    <div class=\"form-data\">\n        <input name=\"form_id\" type=\"hidden\" value=\"Formulario Leads\">\n        <input name=\"type\" type=\"hidden\" value=\"planner_client\">\n        <input type=\"text\" name=\"nombre\" value=\"\" size=\"40\" class=\"form-control\" aria-required=\"true\" aria-invalid=\"false\" placeholder=\"Name\">\n        <input type=\"email\" name=\"email\" value=\"\" size=\"40\" class=\"form-control\" aria-required=\"true\" aria-invalid=\"false\" placeholder=\"E- Mail\">\n        <input type=\"text\" id=\"phone-input\" name=\"tel\" value=\"\" size=\"40\" class=\"phone-input form-control\" aria-required=\"true\" aria-invalid=\"false\" placeholder=\"Telefon\">\n        <input type=\"hidden\" name=\"telefono\">\n    <\/div>\n    <div class=\"form-checkbox\">\n        <span>\n            Pilgrim Travel, S.L. teilt gem\u00e4\u00df Regulierung 2016\/679 mit, dass die in diesem Formular verwendeten Daten sowohl f\u00fcr die Beantwortung der m\u00f6glichen Anfragen als auch f\u00fcr die Ver\u00f6ffentlichung der Kommentare verwendet werden, mit der Zustimmung des Nutzers. Sie k\u00f6nnen Ihre Rechte in \u00dcbereinstimmung mit unserer Datenschutzbestimmungen aus\u00fcben             <a href=\"https:\/\/www.pilgrim.es\/politica-de-privacidad\/\" target=\"_blank\" rel=\"noopener noreferrer nofollow\">Datenschutzerkl\u00e4rung.<\/a>\n        <\/span>\n    <\/div>\n\n    <div class=\"form-submit\">\n        <button id=\"planner--client-create\" type=\"submit\">Anfrage senden<\/button>\n        <div class=\"loadingDiv\"><i class=\"p-spinner\"><\/i><\/div>\n    <\/div>\n\n    <div class=\"contact-content-form-success\">\n        <p><i class=\"fas fa-check\"><\/i> Das Formular hat sich erfolgreich gesendet.<\/p>\n    <\/div>\n\n    <div class=\"contact-content-form-error\">\n        <span class=\"input-error\"><\/span>\n    <\/div>\n<\/form>        <\/div>\n    <\/section>\n<\/div>\n\n\t\t<div id=\"recomendationSection\">\n\t\t\t<div>\n\t\t\t\t<h2 class=\"p-h2-town\">Empfohlen<\/h2>\n\t\t\t\t<hr>\n\t\t\t\t<h3 class=\"p-h3-town\">Gastronomie<\/h3>\n\t\t\t<\/div>\n\t\t\tBesonders hervorzuheben sind Spargel, Tomaten, Pilze, Paprika, Bohnen, Txangurro, iberischer Schinken, Blutwurst, Kohl, Asche, Perretxikos, Paprika, Varinas, Sardinen, Berdel, Aal und Wildfleisch.\n\nDie traditionellsten Rezepte sind gebackene Seespinne, Seehecht kokotxas in gr\u00fcner So\u00dfe, koxkera oder Seehecht nach Donostia-Art, Venusmuscheln in Meeresfr\u00fcchteso\u00dfe, Baby-Tintenfisch in seiner eigenen Tinte, gebratene Seebrasse und Glasaale aus Aguinaga.\n\nZu jedem Essen sollte man einen guten Cidre oder den in der Gegend so ber\u00fchmten Txakol\u00ed trinken.\n\nZu den Nachspeisen geh\u00f6ren Quark aus Schafsmilch, \u00c4pfel in Kompott oder gebacken, Waln\u00fcsse mit K\u00e4se oder in Intxaursalsa und Kastanien.\n\t\t<\/div>\n\n\n\t\t\n\t\t\t<div id=\"holidaysSection\">\n\t\t\t\t<div>\n\t\t\t\t\t<h2 class=\"p-h2-town\">Empfohlen<\/h2>\n\t\t\t\t\t<hr>\n\t\t\t\t\t<h3 class=\"p-h3-town\">Feste und Pilgerfahrten<\/h3>\n\t\t\t\t<\/div>\n\t\t\t\t<div class=\"grid holidays-grid\">\n\t\t\t\t\t\n\t\t\t\t\t\t<div>\n\t\t\t\t\t\t\t<div class=\"phone-number-item\">\n\t\t\t\t\t\t\t\t<div class=\"phone-number-item__icon\"><i class=\"icon-holiday\"><\/i><\/div>\n\t\t\t\t\t\t\t\t<div class=\"phone-number-item__title dark-text\">\n\t\t\t\t\t\t\t\t\t<p class=\"p-font-bold\">Lokaler Urlaub<\/p>\n\t\t\t\t\t\t\t\t\t<p>Julio: Festival de Jazz<\/p>\n\t\t\t\t\t\t\t\t<\/div>\n\t\t\t\t\t\t\t<\/div>\n\t\t\t\t\t\t<\/div>\n\t\t\t\t\t\n\t\t\t\t\t\t<div>\n\t\t\t\t\t\t\t<div class=\"phone-number-item\">\n\t\t\t\t\t\t\t\t<div class=\"phone-number-item__icon\"><i class=\"icon-holiday\"><\/i><\/div>\n\t\t\t\t\t\t\t\t<div class=\"phone-number-item__title dark-text\">\n\t\t\t\t\t\t\t\t\t<p class=\"p-font-bold\">Lokaler Urlaub<\/p>\n\t\t\t\t\t\t\t\t\t<p>16 al 24 de septiembre: Festival de cine<\/p>\n\t\t\t\t\t\t\t\t<\/div>\n\t\t\t\t\t\t\t<\/div>\n\t\t\t\t\t\t<\/div>\n\t\t\t\t\t\n\t\t\t\t\t\t<div>\n\t\t\t\t\t\t\t<div class=\"phone-number-item\">\n\t\t\t\t\t\t\t\t<div class=\"phone-number-item__icon\"><i class=\"icon-holiday\"><\/i><\/div>\n\t\t\t\t\t\t\t\t<div class=\"phone-number-item__title dark-text\">\n\t\t\t\t\t\t\t\t\t<p class=\"p-font-bold\">Lokaler Urlaub<\/p>\n\t\t\t\t\t\t\t\t\t<p>Mediados de septiembre: Festival internacional de cine<\/p>\n\t\t\t\t\t\t\t\t<\/div>\n\t\t\t\t\t\t\t<\/div>\n\t\t\t\t\t\t<\/div>\n\t\t\t\t\t\n\t\t\t\t\t\t<div>\n\t\t\t\t\t\t\t<div class=\"phone-number-item\">\n\t\t\t\t\t\t\t\t<div class=\"phone-number-item__icon\"><i class=\"icon-holiday\"><\/i><\/div>\n\t\t\t\t\t\t\t\t<div class=\"phone-number-item__title dark-text\">\n\t\t\t\t\t\t\t\t\t<p class=\"p-font-bold\">Lokaler Urlaub<\/p>\n\t\t\t\t\t\t\t\t\t<p>20 de octubre al 4 de noviembre: Semana del cine fant\u00e1stico y de terror<\/p>\n\t\t\t\t\t\t\t\t<\/div>\n\t\t\t\t\t\t\t<\/div>\n\t\t\t\t\t\t<\/div>\n\t\t\t\t\t\n\t\t\t\t\t\t<div>\n\t\t\t\t\t\t\t<div class=\"phone-number-item\">\n\t\t\t\t\t\t\t\t<div class=\"phone-number-item__icon\"><i class=\"icon-holiday\"><\/i><\/div>\n\t\t\t\t\t\t\t\t<div class=\"phone-number-item__title dark-text\">\n\t\t\t\t\t\t\t\t\t<p class=\"p-font-bold\">Lokaler Urlaub<\/p>\n\t\t\t\t\t\t\t\t\t<p>Agosto: Concurso y festival internacional de fuegos artificiales<\/p>\n\t\t\t\t\t\t\t\t<\/div>\n\t\t\t\t\t\t\t<\/div>\n\t\t\t\t\t\t<\/div>\n\t\t\t\t\t\n\t\t\t\t\t\t<div>\n\t\t\t\t\t\t\t<div class=\"phone-number-item\">\n\t\t\t\t\t\t\t\t<div class=\"phone-number-item__icon\"><i class=\"icon-holiday\"><\/i><\/div>\n\t\t\t\t\t\t\t\t<div class=\"phone-number-item__title dark-text\">\n\t\t\t\t\t\t\t\t\t<p class=\"p-font-bold\">Lokaler Urlaub<\/p>\n\t\t\t\t\t\t\t\t\t<p>21 de diciembre: Santo Tom\u00e1s<\/p>\n\t\t\t\t\t\t\t\t<\/div>\n\t\t\t\t\t\t\t<\/div>\n\t\t\t\t\t\t<\/div>\n\t\t\t\t\t\n\t\t\t\t\t\t<div>\n\t\t\t\t\t\t\t<div class=\"phone-number-item\">\n\t\t\t\t\t\t\t\t<div class=\"phone-number-item__icon\"><i class=\"icon-holiday\"><\/i><\/div>\n\t\t\t\t\t\t\t\t<div class=\"phone-number-item__title dark-text\">\n\t\t\t\t\t\t\t\t\t<p class=\"p-font-bold\">Lokaler Urlaub<\/p>\n\t\t\t\t\t\t\t\t\t<p>20 de enero: Festividad de Tamborrada<\/p>\n\t\t\t\t\t\t\t\t<\/div>\n\t\t\t\t\t\t\t<\/div>\n\t\t\t\t\t\t<\/div>\n\t\t\t\t\t\n\t\t\t\t\t\t<div>\n\t\t\t\t\t\t\t<div class=\"phone-number-item\">\n\t\t\t\t\t\t\t\t<div class=\"phone-number-item__icon\"><i class=\"icon-holiday\"><\/i><\/div>\n\t\t\t\t\t\t\t\t<div class=\"phone-number-item__title dark-text\">\n\t\t\t\t\t\t\t\t\t<p class=\"p-font-bold\">Lokaler Urlaub<\/p>\n\t\t\t\t\t\t\t\t\t<p>15 de agosto: Semana grande donostiarra<\/p>\n\t\t\t\t\t\t\t\t<\/div>\n\t\t\t\t\t\t\t<\/div>\n\t\t\t\t\t\t<\/div>\n\t\t\t\t\t\n\t\t\t\t\t\t<div>\n\t\t\t\t\t\t\t<div class=\"phone-number-item\">\n\t\t\t\t\t\t\t\t<div class=\"phone-number-item__icon\"><i class=\"icon-holiday\"><\/i><\/div>\n\t\t\t\t\t\t\t\t<div class=\"phone-number-item__title dark-text\">\n\t\t\t\t\t\t\t\t\t<p class=\"p-font-bold\">Lokaler Urlaub<\/p>\n\t\t\t\t\t\t\t\t\t<p>Finales de agosto y principios de septiembre: Euskal Jaiak<\/p>\n\t\t\t\t\t\t\t\t<\/div>\n\t\t\t\t\t\t\t<\/div>\n\t\t\t\t\t\t<\/div>\n\t\t\t\t\t\n\t\t\t\t\t\t<div>\n\t\t\t\t\t\t\t<div class=\"phone-number-item\">\n\t\t\t\t\t\t\t\t<div class=\"phone-number-item__icon\"><i class=\"icon-holiday\"><\/i><\/div>\n\t\t\t\t\t\t\t\t<div class=\"phone-number-item__title dark-text\">\n\t\t\t\t\t\t\t\t\t<p class=\"p-font-bold\">Lokaler Urlaub<\/p>\n\t\t\t\t\t\t\t\t\t<p>S\u00e1bado m\u00e1s pr\u00f3ximo a la Virgen de la Candelaria: Fiesta de los Caldereros y la de I\u00f1udes eta Artzaiak<\/p>\n\t\t\t\t\t\t\t\t<\/div>\n\t\t\t\t\t\t\t<\/div>\n\t\t\t\t\t\t<\/div>\n\t\t\t\t\t\n\t\t\t\t<\/div>\n\t\t\t<\/div>\n\t\t\n\t<\/div>\n<\/section>\n\n<div id=\"stage_list_section\"><div class=\"stage-list\">\n    <div class='stage-list__map-card'>\n        <div class='stage-list__map-card__map'>\n            <div class='stage-list__map-card__map__text'>\n                <h2> Pages <\/h2>\n                <p> Zu Fu\u00df<\/p>\n                <p> 0etappen<\/p>\n            <\/div>\n            <div class='stage-list__map-card__map__img'>\n                <img decoding=\"async\" src=\"\" alt=\" mapa \" \/>\n            <\/div>\n        <\/div>\n    <\/div>\n\n    <\/div>\n<\/div> ","protected":false},"excerpt":{"rendered":"<p>San Sebasti\u00e1n &#8249; Zur\u00fcck zur B\u00fchne San Sebasti\u00e1n Einwohner: 186.095 aprox. Bundesland: Guip\u00fazcoa Informationen Get to know San Sebasti\u00e1n San Sebasti\u00e1n oder auch Donostia, der offizielle Name in der Sprache der autonomen Gemeinschaft, zu der sie geh\u00f6rt, ist die n\u00e4chste Stadt, der die Pilger auf ihrer Jakobsroute begegnen werden. Es ist eine Stadt voller Geschichte &hellip; <\/p>\n<p class=\"read_more\"><a href=\"https:\/\/www.pilgrim.es\/de\/weg-im-norden\/san-sebastian\/\">Leer m\u00e1s<\/a><\/p>\n","protected":false},"author":0,"featured_media":8354,"parent":10670,"menu_order":0,"comment_status":"closed","ping_status":"closed","template":"views\/template-new-web-design.blade.php","meta":{"footnotes":""},"categories":[],"tags":[],"class_list":["post-91241","page","type-page","status-publish","has-post-thumbnail","hentry"],"yoast_head":"<!-- This site is optimized with the Yoast SEO plugin v27.4 - https:\/\/yoast.com\/product\/yoast-seo-wordpress\/ -->\n<title>San Sebasti\u00e1n: Was sehen und wo \u00fcbernachten | Jakobsweg | Pilgrim<\/title>\n<meta name=\"description\" content=\"San Sebasti\u00e1n Entdecken Sie alle Informationen \u00fcber Unterk\u00fcnfte, Anreise, Gastronomie und die wichtigsten Sehensw\u00fcrdigkeiten der Orte am K\u00fcstenweg\" \/>\n<meta name=\"robots\" content=\"index, follow, max-snippet:-1, max-image-preview:large, max-video-preview:-1\" \/>\n<link rel=\"canonical\" href=\"https:\/\/www.pilgrim.es\/de\/weg-im-norden\/san-sebastian\/\" \/>\n<meta property=\"og:locale\" content=\"de_DE\" \/>\n<meta property=\"og:type\" content=\"article\" \/>\n<meta property=\"og:title\" content=\"San Sebasti\u00e1n: Was sehen und wo \u00fcbernachten | Jakobsweg | Pilgrim\" \/>\n<meta property=\"og:description\" content=\"San Sebasti\u00e1n Entdecken Sie alle Informationen \u00fcber Unterk\u00fcnfte, Anreise, Gastronomie und die wichtigsten Sehensw\u00fcrdigkeiten der Orte am K\u00fcstenweg\" \/>\n<meta property=\"og:url\" content=\"https:\/\/www.pilgrim.es\/de\/weg-im-norden\/san-sebastian\/\" \/>\n<meta property=\"og:site_name\" content=\"Pilgrim\" \/>\n<meta property=\"article:publisher\" content=\"https:\/\/www.facebook.com\/pilgrim.es\/\" \/>\n<meta property=\"og:image\" content=\"https:\/\/www.pilgrim.es\/wp-content\/uploads\/2019\/02\/san_sebastian.jpg\" \/>\n\t<meta property=\"og:image:width\" content=\"520\" \/>\n\t<meta property=\"og:image:height\" content=\"370\" \/>\n\t<meta property=\"og:image:type\" content=\"image\/jpeg\" \/>\n<meta name=\"twitter:card\" content=\"summary_large_image\" \/>\n<meta name=\"twitter:site\" content=\"@pilgrim_es\" \/>\n<meta name=\"twitter:label1\" content=\"Gesch\u00e4tzte Lesezeit\" \/>\n\t<meta name=\"twitter:data1\" content=\"17\u00a0Minuten\" \/>\n<script type=\"application\/ld+json\" class=\"yoast-schema-graph\">{\"@context\":\"https:\\\/\\\/schema.org\",\"@graph\":[{\"@type\":\"WebPage\",\"@id\":\"https:\\\/\\\/www.pilgrim.es\\\/de\\\/weg-im-norden\\\/san-sebastian\\\/\",\"url\":\"https:\\\/\\\/www.pilgrim.es\\\/de\\\/weg-im-norden\\\/san-sebastian\\\/\",\"name\":\"San Sebasti\u00e1n: Was sehen und wo \u00fcbernachten | Jakobsweg | Pilgrim\",\"isPartOf\":{\"@id\":\"https:\\\/\\\/www.pilgrim.es\\\/de\\\/#website\"},\"primaryImageOfPage\":{\"@id\":\"https:\\\/\\\/www.pilgrim.es\\\/de\\\/weg-im-norden\\\/san-sebastian\\\/#primaryimage\"},\"image\":{\"@id\":\"https:\\\/\\\/www.pilgrim.es\\\/de\\\/weg-im-norden\\\/san-sebastian\\\/#primaryimage\"},\"thumbnailUrl\":\"https:\\\/\\\/www.pilgrim.es\\\/wp-content\\\/uploads\\\/2019\\\/02\\\/san_sebastian.jpg\",\"datePublished\":\"2025-03-17T14:35:48+00:00\",\"description\":\"San Sebasti\u00e1n Entdecken Sie alle Informationen \u00fcber Unterk\u00fcnfte, Anreise, Gastronomie und die wichtigsten Sehensw\u00fcrdigkeiten der Orte am K\u00fcstenweg\",\"breadcrumb\":{\"@id\":\"https:\\\/\\\/www.pilgrim.es\\\/de\\\/weg-im-norden\\\/san-sebastian\\\/#breadcrumb\"},\"inLanguage\":\"de\",\"potentialAction\":[{\"@type\":\"ReadAction\",\"target\":[\"https:\\\/\\\/www.pilgrim.es\\\/de\\\/weg-im-norden\\\/san-sebastian\\\/\"]}]},{\"@type\":\"ImageObject\",\"inLanguage\":\"de\",\"@id\":\"https:\\\/\\\/www.pilgrim.es\\\/de\\\/weg-im-norden\\\/san-sebastian\\\/#primaryimage\",\"url\":\"https:\\\/\\\/www.pilgrim.es\\\/wp-content\\\/uploads\\\/2019\\\/02\\\/san_sebastian.jpg\",\"contentUrl\":\"https:\\\/\\\/www.pilgrim.es\\\/wp-content\\\/uploads\\\/2019\\\/02\\\/san_sebastian.jpg\",\"width\":520,\"height\":370,\"caption\":\"San Sebasti\u00e1n\"},{\"@type\":\"BreadcrumbList\",\"@id\":\"https:\\\/\\\/www.pilgrim.es\\\/de\\\/weg-im-norden\\\/san-sebastian\\\/#breadcrumb\",\"itemListElement\":[{\"@type\":\"ListItem\",\"position\":1,\"name\":\"Camino de Santiago\",\"item\":\"https:\\\/\\\/www.pilgrim.es\\\/de\\\/\"},{\"@type\":\"ListItem\",\"position\":2,\"name\":\"Weg im Norden\",\"item\":\"https:\\\/\\\/www.pilgrim.es\\\/de\\\/weg-im-norden\\\/\"},{\"@type\":\"ListItem\",\"position\":3,\"name\":\"San Sebasti\u00e1n\"}]},{\"@type\":\"WebSite\",\"@id\":\"https:\\\/\\\/www.pilgrim.es\\\/de\\\/#website\",\"url\":\"https:\\\/\\\/www.pilgrim.es\\\/de\\\/\",\"name\":\"Pilgrim\",\"description\":\"Camino de Santiago | Caminamos Contigo\",\"publisher\":{\"@id\":\"https:\\\/\\\/www.pilgrim.es\\\/de\\\/#organization\"},\"potentialAction\":[{\"@type\":\"SearchAction\",\"target\":{\"@type\":\"EntryPoint\",\"urlTemplate\":\"https:\\\/\\\/www.pilgrim.es\\\/de\\\/?s={search_term_string}\"},\"query-input\":{\"@type\":\"PropertyValueSpecification\",\"valueRequired\":true,\"valueName\":\"search_term_string\"}}],\"inLanguage\":\"de\"},{\"@type\":\"Organization\",\"@id\":\"https:\\\/\\\/www.pilgrim.es\\\/de\\\/#organization\",\"name\":\"Pilgrim Camino de Santiago\",\"url\":\"https:\\\/\\\/www.pilgrim.es\\\/de\\\/\",\"logo\":{\"@type\":\"ImageObject\",\"inLanguage\":\"de\",\"@id\":\"https:\\\/\\\/www.pilgrim.es\\\/de\\\/#\\\/schema\\\/logo\\\/image\\\/\",\"url\":\"https:\\\/\\\/www.pilgrim.es\\\/wp-content\\\/uploads\\\/2019\\\/04\\\/logo_pilgrim.png\",\"contentUrl\":\"https:\\\/\\\/www.pilgrim.es\\\/wp-content\\\/uploads\\\/2019\\\/04\\\/logo_pilgrim.png\",\"width\":512,\"height\":512,\"caption\":\"Pilgrim Camino de Santiago\"},\"image\":{\"@id\":\"https:\\\/\\\/www.pilgrim.es\\\/de\\\/#\\\/schema\\\/logo\\\/image\\\/\"},\"sameAs\":[\"https:\\\/\\\/www.facebook.com\\\/pilgrim.es\\\/\",\"https:\\\/\\\/x.com\\\/pilgrim_es\",\"https:\\\/\\\/www.instagram.com\\\/pilgrim.es\\\/\",\"https:\\\/\\\/www.linkedin.com\\\/company\\\/pilgrim-camino-de-santiago\\\/\",\"https:\\\/\\\/www.pinterest.es\\\/pilgrimcaminodesantiago\\\/\",\"https:\\\/\\\/www.youtube.com\\\/channel\\\/UCIv2ZzFLXVqthkNF32rKedw\\\/featured\"]}]}<\/script>\n<!-- \/ Yoast SEO plugin. -->","yoast_head_json":{"title":"San Sebasti\u00e1n: Was sehen und wo \u00fcbernachten | Jakobsweg | Pilgrim","description":"San Sebasti\u00e1n Entdecken Sie alle Informationen \u00fcber Unterk\u00fcnfte, Anreise, Gastronomie und die wichtigsten Sehensw\u00fcrdigkeiten der Orte am K\u00fcstenweg","robots":{"index":"index","follow":"follow","max-snippet":"max-snippet:-1","max-image-preview":"max-image-preview:large","max-video-preview":"max-video-preview:-1"},"canonical":"https:\/\/www.pilgrim.es\/de\/weg-im-norden\/san-sebastian\/","og_locale":"de_DE","og_type":"article","og_title":"San Sebasti\u00e1n: Was sehen und wo \u00fcbernachten | Jakobsweg | Pilgrim","og_description":"San Sebasti\u00e1n Entdecken Sie alle Informationen \u00fcber Unterk\u00fcnfte, Anreise, Gastronomie und die wichtigsten Sehensw\u00fcrdigkeiten der Orte am K\u00fcstenweg","og_url":"https:\/\/www.pilgrim.es\/de\/weg-im-norden\/san-sebastian\/","og_site_name":"Pilgrim","article_publisher":"https:\/\/www.facebook.com\/pilgrim.es\/","og_image":[{"width":520,"height":370,"url":"https:\/\/www.pilgrim.es\/wp-content\/uploads\/2019\/02\/san_sebastian.jpg","type":"image\/jpeg"}],"twitter_card":"summary_large_image","twitter_site":"@pilgrim_es","twitter_misc":{"Gesch\u00e4tzte Lesezeit":"17\u00a0Minuten"},"schema":{"@context":"https:\/\/schema.org","@graph":[{"@type":"WebPage","@id":"https:\/\/www.pilgrim.es\/de\/weg-im-norden\/san-sebastian\/","url":"https:\/\/www.pilgrim.es\/de\/weg-im-norden\/san-sebastian\/","name":"San Sebasti\u00e1n: Was sehen und wo \u00fcbernachten | Jakobsweg | Pilgrim","isPartOf":{"@id":"https:\/\/www.pilgrim.es\/de\/#website"},"primaryImageOfPage":{"@id":"https:\/\/www.pilgrim.es\/de\/weg-im-norden\/san-sebastian\/#primaryimage"},"image":{"@id":"https:\/\/www.pilgrim.es\/de\/weg-im-norden\/san-sebastian\/#primaryimage"},"thumbnailUrl":"https:\/\/www.pilgrim.es\/wp-content\/uploads\/2019\/02\/san_sebastian.jpg","datePublished":"2025-03-17T14:35:48+00:00","description":"San Sebasti\u00e1n Entdecken Sie alle Informationen \u00fcber Unterk\u00fcnfte, Anreise, Gastronomie und die wichtigsten Sehensw\u00fcrdigkeiten der Orte am K\u00fcstenweg","breadcrumb":{"@id":"https:\/\/www.pilgrim.es\/de\/weg-im-norden\/san-sebastian\/#breadcrumb"},"inLanguage":"de","potentialAction":[{"@type":"ReadAction","target":["https:\/\/www.pilgrim.es\/de\/weg-im-norden\/san-sebastian\/"]}]},{"@type":"ImageObject","inLanguage":"de","@id":"https:\/\/www.pilgrim.es\/de\/weg-im-norden\/san-sebastian\/#primaryimage","url":"https:\/\/www.pilgrim.es\/wp-content\/uploads\/2019\/02\/san_sebastian.jpg","contentUrl":"https:\/\/www.pilgrim.es\/wp-content\/uploads\/2019\/02\/san_sebastian.jpg","width":520,"height":370,"caption":"San Sebasti\u00e1n"},{"@type":"BreadcrumbList","@id":"https:\/\/www.pilgrim.es\/de\/weg-im-norden\/san-sebastian\/#breadcrumb","itemListElement":[{"@type":"ListItem","position":1,"name":"Camino de Santiago","item":"https:\/\/www.pilgrim.es\/de\/"},{"@type":"ListItem","position":2,"name":"Weg im Norden","item":"https:\/\/www.pilgrim.es\/de\/weg-im-norden\/"},{"@type":"ListItem","position":3,"name":"San Sebasti\u00e1n"}]},{"@type":"WebSite","@id":"https:\/\/www.pilgrim.es\/de\/#website","url":"https:\/\/www.pilgrim.es\/de\/","name":"Pilgrim","description":"Camino de Santiago | Caminamos Contigo","publisher":{"@id":"https:\/\/www.pilgrim.es\/de\/#organization"},"potentialAction":[{"@type":"SearchAction","target":{"@type":"EntryPoint","urlTemplate":"https:\/\/www.pilgrim.es\/de\/?s={search_term_string}"},"query-input":{"@type":"PropertyValueSpecification","valueRequired":true,"valueName":"search_term_string"}}],"inLanguage":"de"},{"@type":"Organization","@id":"https:\/\/www.pilgrim.es\/de\/#organization","name":"Pilgrim Camino de Santiago","url":"https:\/\/www.pilgrim.es\/de\/","logo":{"@type":"ImageObject","inLanguage":"de","@id":"https:\/\/www.pilgrim.es\/de\/#\/schema\/logo\/image\/","url":"https:\/\/www.pilgrim.es\/wp-content\/uploads\/2019\/04\/logo_pilgrim.png","contentUrl":"https:\/\/www.pilgrim.es\/wp-content\/uploads\/2019\/04\/logo_pilgrim.png","width":512,"height":512,"caption":"Pilgrim Camino de Santiago"},"image":{"@id":"https:\/\/www.pilgrim.es\/de\/#\/schema\/logo\/image\/"},"sameAs":["https:\/\/www.facebook.com\/pilgrim.es\/","https:\/\/x.com\/pilgrim_es","https:\/\/www.instagram.com\/pilgrim.es\/","https:\/\/www.linkedin.com\/company\/pilgrim-camino-de-santiago\/","https:\/\/www.pinterest.es\/pilgrimcaminodesantiago\/","https:\/\/www.youtube.com\/channel\/UCIv2ZzFLXVqthkNF32rKedw\/featured"]}]}},"_links":{"self":[{"href":"https:\/\/www.pilgrim.es\/de\/wp-json\/wp\/v2\/pages\/91241","targetHints":{"allow":["GET"]}}],"collection":[{"href":"https:\/\/www.pilgrim.es\/de\/wp-json\/wp\/v2\/pages"}],"about":[{"href":"https:\/\/www.pilgrim.es\/de\/wp-json\/wp\/v2\/types\/page"}],"replies":[{"embeddable":true,"href":"https:\/\/www.pilgrim.es\/de\/wp-json\/wp\/v2\/comments?post=91241"}],"version-history":[{"count":0,"href":"https:\/\/www.pilgrim.es\/de\/wp-json\/wp\/v2\/pages\/91241\/revisions"}],"up":[{"embeddable":true,"href":"https:\/\/www.pilgrim.es\/de\/wp-json\/wp\/v2\/pages\/10670"}],"wp:featuredmedia":[{"embeddable":true,"href":"https:\/\/www.pilgrim.es\/de\/wp-json\/wp\/v2\/media\/8354"}],"wp:attachment":[{"href":"https:\/\/www.pilgrim.es\/de\/wp-json\/wp\/v2\/media?parent=91241"}],"wp:term":[{"taxonomy":"category","embeddable":true,"href":"https:\/\/www.pilgrim.es\/de\/wp-json\/wp\/v2\/categories?post=91241"},{"taxonomy":"post_tag","embeddable":true,"href":"https:\/\/www.pilgrim.es\/de\/wp-json\/wp\/v2\/tags?post=91241"}],"curies":[{"name":"wp","href":"https:\/\/api.w.org\/{rel}","templated":true}]}}