{"id":91238,"date":"2025-03-17T14:34:21","date_gmt":"2025-03-17T14:34:21","guid":{"rendered":"https:\/\/www.pilgrim.es\/weg-im-norden\/irun\/"},"modified":"2025-03-17T14:34:21","modified_gmt":"2025-03-17T14:34:21","slug":"irun","status":"publish","type":"page","link":"https:\/\/www.pilgrim.es\/de\/weg-im-norden\/irun\/","title":{"rendered":"Ir\u00fan"},"content":{"rendered":" <section id=\"hero\">\n\t<h1>Ir\u00fan<\/h1>\n\t<div class=\"hero-grid\">\n\t\t<div class=\"hero-grid__town-col\" data-background=\"https:\/\/cdn.pilgrim.es\/web\/caminos\/camino-norte\/pueblos\/irun.jpg\">\n\t\t\t<div>\n\t\t\t\t<a class=\"link-to-stage\" href=\"https:\/\/www.pilgrim.es\/camino-norte\/etapa-1-irun-san-sebastian\/\">\n\t\t\t\t\t<p>&#8249; Zur\u00fcck zur B\u00fchne<\/p>\n\t\t\t\t<\/a>\n\n\t\t\t\t<div class=\"town-data\">\n\t\t\t\t\t<h2>Ir\u00fan<\/h2>\n\t\t\t\t\t<ul>\n\t\t\t\t\t\t<li>Einwohner: 61.195 aprox.<\/li>\n\t\t\t\t\t\t<li>Bundesland: Guip\u00fazcoa<\/li>\n\t\t\t\t\t<\/ul>\n\t\t\t\t<\/div>\n\t\t\t<\/div>\n\t\t<\/div>\n\t\t<div class=\"hero-grid__planner-col\"><div\r\n  class=\"p-col-span-1 p-rounded-lg p-px-5 p-h-full\"\r\n  style=\"background-image: url('https:\/\/cdn.pilgrim.es\/web\/pilgrim-planner\/bg-plugin-planificador.webp')\"\r\n  rel=\"preload\"\r\n  fetchpriority=\"high\"\r\n  >\r\n    <div class=\"p-text-center p-pt-5 p-text-white p-text-2xl p-font-semibold\">\r\n      Plane deinen Weg    <\/div>\r\n    <div\r\n            id='primary-app'\r\n            data-name='banner'\r\n            data-api='https:\/\/pathfinder.pilgrim.es\/api\/pathfinder\/v2'\r\n            data-mode='normal'\r\n            data-lang='de'\r\n            data-route='1'\r\n            data-destiny='https:\/\/planificador.pilgrim.es'\r\n            data-modality='1'\r\n            data-inline=''\r\n        ><\/div><\/div><\/div>\n\t<\/div>\n<\/section>\n\n<section id=\"infoTown\">\n\t<div class=\"sections-town\">\n\n\t\t<div id=\"informationSection\">\n\t\t\t<div>\n\t\t\t\t<h2 class=\"p-h2-town\">Informationen<\/h2>\n\t\t\t\t<hr>\n\t\t\t\t<h3 class=\"p-h3-town\">Get to know Ir\u00fan<\/h3>\n\t\t\t<\/div>\n\t\t\t<p>Irun ist der Ausgangspunkt f\u00fcr die Pilger, die den Jakobsweg an seinem Nordhang beginnen.<\/p> <p>Irun liegt an der Grenze zu Frankreich und ist seit jeher ein strategischer Punkt f\u00fcr die Handelsbeziehungen mit der Au\u00dfenwelt und wurde auch schon mehrfach zur Stadt des Verkehrs erkl\u00e4rt.<\/p> <p>Irun ist der Ausgangspunkt f\u00fcr die Pilger, die den Jakobsweg an seinem Nordhang beginnen.<\/p> <p>Irun liegt an der Grenze zu Frankreich und ist seit jeher ein strategischer Punkt f\u00fcr die Handelsbeziehungen mit der Au\u00dfenwelt.\n\t\t<\/div>\n\n\t\t<div id=\"locationSection\">\n\t\t\t<div>\n\t\t\t\t<h2 class=\"p-h2-town\">Standort<\/h2>\n\t\t\t\t<hr>\n\t\t\t\t<h3 class=\"p-h3-town\">Wegbeschreibung<\/h3>\n\t\t\t<\/div>\n\t\t\t<p>Irun verf\u00fcgt \u00fcber ein sehr gut ausgebautes \u00f6ffentliches Verkehrsnetz, so dass die Stadt gut mit den wichtigsten St\u00e4dten Spaniens und Frankreichs verbunden ist. Der Bahnhof von Irun bietet zahlreiche Linien, die die Stadt mit Madrid, Barcelona, Lissabon, San Sebastian, Vitoria, Bilbao usw. verbinden. Was die Busse betrifft, so gibt es zahlreiche Linien, die die Stadt mit dem Rest der autonomen Gemeinschaft sowie mit wichtigen spanischen St\u00e4dten verbinden.\n\n<p>Auf der Stra\u00dfe ist die Stadt ebenfalls leicht zu erreichen, die Autobahnen GI-636, GI-20 und AP-8 verbinden den gesamten Norden der Halbinsel mit der Stadt.\n\n<p>Der Flughafen von San Sebasti\u00e1n liegt in der N\u00e4he von Irun und ist somit eine weitere Option, um die Stadt zu erreichen. Er bietet regelm\u00e4\u00dfige Fl\u00fcge nach Madrid und Barcelona, und in der Sommersaison wird das Angebot durch Fl\u00fcge in andere spanische St\u00e4dte wie Malaga und Palma de Mallorca erweitert.\n\t\t\t<div>\n\t\t\t\t<div>\n  <iframe loading=\"lazy\"\n    src=\"https:\/\/www.google.com\/maps\/d\/embed?mid=14Zsei-yT2g56KU7WMyehmYt8kQ1yMO8&amp;ehbc=2E312F\"\n    width=\"640\"\n    height=\"480\"\n    alt=\"Mapa Ir\u00fan\"\n  ><\/iframe>\n<\/div>\n\n\t\t\t<\/div>\n\t\t<\/div>\n\n\t\t\n\t\t\t<div id=\"toVisitSection\">\n\t\t\t\t<div>\n\t\t\t\t\t<h2 class=\"p-h2-town\">Geschichte \/ Kultur<\/h2>\n\t\t\t\t\t<hr>\n\t\t\t\t\t<h3 class=\"p-h3-town\">Was es zu sehen gibt<\/h3>\n\t\t\t\t<\/div>\n\t\t\t\t<div>\n\t\t\t\t\t<div class=\"accordion\">\n\t\t\t\t\t\t<div class=\"accordion__menu\">\n\t\t\t\t\t\t\t<nav>\n\t\t\t\t\t\t\t\t\n\t\t\t\t\t\t\t\t\t<button class=\"nav-tab-accordion active\"><span>&#10093;<\/span><span> Ermita de San Marcial<\/span><\/button>\n\t\t\t\t\t\t\t\t\n\t\t\t\t\t\t\t\t\t<button class=\"nav-tab-accordion \"><span>&#10093;<\/span><span> Iglesia de Santa Mar\u00eda del Juncal<\/span><\/button>\n\t\t\t\t\t\t\t\t\n\t\t\t\t\t\t\t\t\t<button class=\"nav-tab-accordion \"><span>&#10093;<\/span><span> Isla de Los Faisanes<\/span><\/button>\n\t\t\t\t\t\t\t\t\n\t\t\t\t\t\t\t\t\t<button class=\"nav-tab-accordion \"><span>&#10093;<\/span><span> Casa Consistorial<\/span><\/button>\n\t\t\t\t\t\t\t\t\n\t\t\t\t\t\t\t\t\t<button class=\"nav-tab-accordion \"><span>&#10093;<\/span><span> Columna de San Juan de Harri<\/span><\/button>\n\t\t\t\t\t\t\t\t\n\t\t\t\t\t\t\t\t\t<button class=\"nav-tab-accordion \"><span>&#10093;<\/span><span> Museo Romano Oiasso<\/span><\/button>\n\t\t\t\t\t\t\t\t\n\t\t\t\t\t\t\t\t\t<button class=\"nav-tab-accordion \"><span>&#10093;<\/span><span> Palacio de Arbelaiz<\/span><\/button>\n\t\t\t\t\t\t\t\t\n\t\t\t\t\t\t\t\t\t<button class=\"nav-tab-accordion \"><span>&#10093;<\/span><span> Ermita de Santa Elena<\/span><\/button>\n\t\t\t\t\t\t\t\t\n\t\t\t\t\t\t\t\t\t<button class=\"nav-tab-accordion \"><span>&#10093;<\/span><span> Palacio de Urdanibia<\/span><\/button>\n\t\t\t\t\t\t\t\t\n\t\t\t\t\t\t\t\t\t<button class=\"nav-tab-accordion \"><span>&#10093;<\/span><span> Fuente de Santa Elena<\/span><\/button>\n\t\t\t\t\t\t\t\t\n\t\t\t\t\t\t\t\t\t<button class=\"nav-tab-accordion \"><span>&#10093;<\/span><span> Parque Natural de Pe\u00f1as de Aia<\/span><\/button>\n\t\t\t\t\t\t\t\t\n\t\t\t\t\t\t\t\t\t<button class=\"nav-tab-accordion \"><span>&#10093;<\/span><span> Hospital de Sancho de Urdanibia<\/span><\/button>\n\t\t\t\t\t\t\t\t\n\t\t\t\t\t\t\t<\/nav>\n\t\t\t\t\t\t<\/div>\n\n\t\t\t\t\t\t\n\t\t\t\t\t\t\t<div class=\"accordion__accordion-content \">\n\t\t\t\t\t\t\t\t<div>\n\t\t\t\t\t\t\t\t\t<div>\n\t\t\t\t\t\t\t\t\t\t<h4>Ermita de San Marcial<\/h4>\n\t\t\t\t\t\t\t\t\t\t<p>Die Eremitage von San Marcial wurde zum Gedenken an den Sieg \u00fcber die Franzosen in der Schlacht von 1522 errichtet. Jahre sp\u00e4ter wurde der urspr\u00fcngliche Tempel durch ein Feuer zerst\u00f6rt, so dass er 1804 und der Turm 1910 wiederaufgebaut wurden. <\/p>\n\n<p>An der Au\u00dfenseite des Tempels ist eine aus Stein gehauene Zinne mit zwei Grabsteinen, die an die Schlachten von San Marcial erinnern, sehenswert. <\/p>\n\n<p>STUNDEN<\/p>\n\n<p>Dienstag bis Sonntag von 11:00 bis 23:00 Uhr Montags geschlossen<\/p> <p>Montag bis Sonntag von 11:00 bis 23:00 Uhr.\n\n<p>INFORMATIONEN VON INTERESSE<\/p>\n\n<p>Telefon: 943 645 458<\/p>\n\t\t\t\t\t\t\t\t\t<\/div>\n\t\t\t\t\t\t\t\t\t<img decoding=\"async\" src=\"https:\/\/cdn.pilgrim.es\/web\/caminos\/camino-norte\/pueblos\/irun\/puntos-de-interes\/ermita-de-san-marcial.jpg\" alt=\"Ermita de San Marcial\">\n\t\t\t\t\t\t\t\t<\/div>\n\t\t\t\t\t\t\t<\/div>\n\t\t\t\t\t\t\n\t\t\t\t\t\t\t<div class=\"accordion__accordion-content inactive\">\n\t\t\t\t\t\t\t\t<div>\n\t\t\t\t\t\t\t\t\t<div>\n\t\t\t\t\t\t\t\t\t\t<h4>Iglesia de Santa Mar\u00eda del Juncal<\/h4>\n\t\t\t\t\t\t\t\t\t\t<p>Die Kirche Nuestra Se\u00f1ora del Juncal wurde im 16. Jahrhundert erbaut und hundert Jahre sp\u00e4ter, im 17. Jahrhundert, fertiggestellt, weshalb sich in ihrem Stil Elemente der \u00e4ltesten Gotik mit der baskischen Gotik vermischen. Sie wurde 1973 zum nationalen kunsthistorischen Monument erkl\u00e4rt.\n\n<p>Die Kirche hat einen rechteckigen Grundriss mit drei Schiffen und einer Apsis mit flacher Fassade sowie einen Turm aus Stein. Von au\u00dfen fallen vor allem die Quadersteinfassade und die Barockfassade aus dem 17. Jahrhundert auf, w\u00e4hrend im Inneren das Bildnis der Jungfrau von Juncal im byzantinischen Stil aus dem 12. <\/p>\n\t\t\t\t\t\t\t\t\t<\/div>\n\t\t\t\t\t\t\t\t\t<img decoding=\"async\" src=\"https:\/\/cdn.pilgrim.es\/web\/caminos\/camino-norte\/pueblos\/irun\/puntos-de-interes\/iglesia-de-santa-maria-del-juncal.jpg\" alt=\"Iglesia de Santa Mar\u00eda del Juncal\">\n\t\t\t\t\t\t\t\t<\/div>\n\t\t\t\t\t\t\t<\/div>\n\t\t\t\t\t\t\n\t\t\t\t\t\t\t<div class=\"accordion__accordion-content inactive\">\n\t\t\t\t\t\t\t\t<div>\n\t\t\t\t\t\t\t\t\t<div>\n\t\t\t\t\t\t\t\t\t\t<h4>Isla de Los Faisanes<\/h4>\n\t\t\t\t\t\t\t\t\t\t<p>Die Fasaneninsel geh\u00f6rt sowohl zu Irun als auch zu Hendaye und umfasst eine Fl\u00e4che von 2.000 m2, die dank der durchgef\u00fchrten Schutzma\u00dfnahmen stabilisiert wurde. <\/p>\n\n<p>Unter den vielen historischen Ereignissen, die auf dieser Insel stattfanden, ist das ber\u00fchmteste die Unterzeichnung des Friedensvertrags der Pyren\u00e4en. In der Mitte der Insel steht ein Monolith mit einer Inschrift, die dieses Ereignis erkl\u00e4rt und an es erinnert. <\/p>\n\t\t\t\t\t\t\t\t\t<\/div>\n\t\t\t\t\t\t\t\t\t<img decoding=\"async\" src=\"https:\/\/cdn.pilgrim.es\/web\/caminos\/camino-norte\/pueblos\/irun\/puntos-de-interes\/isla-de-los-faisanes.jpg\" alt=\"Isla de Los Faisanes\">\n\t\t\t\t\t\t\t\t<\/div>\n\t\t\t\t\t\t\t<\/div>\n\t\t\t\t\t\t\n\t\t\t\t\t\t\t<div class=\"accordion__accordion-content inactive\">\n\t\t\t\t\t\t\t\t<div>\n\t\t\t\t\t\t\t\t\t<div>\n\t\t\t\t\t\t\t\t\t\t<h4>Casa Consistorial<\/h4>\n\t\t\t\t\t\t\t\t\t\t<p>Das Geb\u00e4ude, in dem sich das Rathaus befindet, ist im Barockstil des 18. Jahrhunderts gehalten. Jahrhundert. Es musste 1936 wieder aufgebaut werden, da das Geb\u00e4ude w\u00e4hrend des B\u00fcrgerkriegs niedergebrannt war.\n\n<p>Die Hauptfassade dieses Komplexes zeichnet sich durch ihre Strenge und Symmetrie aus und besitzt einen Portikus mit f\u00fcnf Rundb\u00f6gen aus gepolstertem Quadermauerwerk und Kreuzgratgew\u00f6lben im Inneren. Diese Fassade wird von einer Balustrade gekr\u00f6nt, die mit mehreren Fleuronen, zwei Glocken, einem Wappen und im ersten Stock mit einem an die Fassade angelehnten Balkon verziert ist.\n\n<p>Im Inneren des Geb\u00e4udes befinden sich eine gro\u00dfe zentrale Treppe aus Eichenholz und eine Kuppel mit acht Fenstern mit Glasmalereien, die die alten historischen Territorien des Baskenlandes darstellen.\n\t\t\t\t\t\t\t\t\t<\/div>\n\t\t\t\t\t\t\t\t\t<img decoding=\"async\" src=\"https:\/\/cdn.pilgrim.es\/web\/caminos\/camino-norte\/pueblos\/irun\/puntos-de-interes\/casa-consistorial.jpg\" alt=\"Casa Consistorial\">\n\t\t\t\t\t\t\t\t<\/div>\n\t\t\t\t\t\t\t<\/div>\n\t\t\t\t\t\t\n\t\t\t\t\t\t\t<div class=\"accordion__accordion-content inactive\">\n\t\t\t\t\t\t\t\t<div>\n\t\t\t\t\t\t\t\t\t<div>\n\t\t\t\t\t\t\t\t\t\t<h4>Columna de San Juan de Harri<\/h4>\n\t\t\t\t\t\t\t\t\t\t<p>Die S\u00e4ule von San Juan de Harri ist aus Stein mit einem Sockel gebaut, und obwohl das genaue Datum ihrer Errichtung nicht bekannt ist, wei\u00df man, dass sie 1964 zum kunsthistorischen Denkmal erkl\u00e4rt wurde.\n\n<p>Sie hat einen kannelierten Schaft, der in einem Kapitell endet, das von Wappen des Hauses \u00d6sterreich in Gipuzkoa und der Universit\u00e4t von Ir\u00fan &#8211; Uranzu getragen wird. Am h\u00f6chsten Punkt der S\u00e4ule steht eine kleine Statue.<\/p> <p>Am h\u00f6chsten Punkt der S\u00e4ule steht eine kleine Statue.\n\t\t\t\t\t\t\t\t\t<\/div>\n\t\t\t\t\t\t\t\t\t<img decoding=\"async\" src=\"https:\/\/cdn.pilgrim.es\/web\/caminos\/camino-norte\/pueblos\/irun\/puntos-de-interes\/columna-de-san-juan-de-harri.jpg\" alt=\"Columna de San Juan de Harri\">\n\t\t\t\t\t\t\t\t<\/div>\n\t\t\t\t\t\t\t<\/div>\n\t\t\t\t\t\t\n\t\t\t\t\t\t\t<div class=\"accordion__accordion-content inactive\">\n\t\t\t\t\t\t\t\t<div>\n\t\t\t\t\t\t\t\t\t<div>\n\t\t\t\t\t\t\t\t\t\t<h4>Museo Romano Oiasso<\/h4>\n\t\t\t\t\t\t\t\t\t\t<p>Das R\u00f6mische Museum von Oiasso ist ein arch\u00e4ologischer Raum, der mit dem Ziel gegr\u00fcndet wurde, die r\u00f6mischen \u00dcberreste zu sammeln, die in der als &#8222;altes Oiasso&#8220; bekannten Gemeinde von Irun gefunden wurden, und das arch\u00e4ologische Erbe, das in diesem Gebiet gefunden wurde, zu verbreiten.\n\n<p>Ein Bereich des Museums ist f\u00fcr kulturelle Aktivit\u00e4ten im Zusammenhang mit der antiken Geschichte und Arch\u00e4ologie vorgesehen, um es zu einem unverzichtbaren Ort zu machen, den man besuchen sollte.\n\t\t\t\t\t\t\t\t\t<\/div>\n\t\t\t\t\t\t\t\t\t<img decoding=\"async\" src=\"https:\/\/cdn.pilgrim.es\/web\/caminos\/camino-norte\/pueblos\/irun\/puntos-de-interes\/museo-romano-oiasso.jpg\" alt=\"Museo Romano Oiasso\">\n\t\t\t\t\t\t\t\t<\/div>\n\t\t\t\t\t\t\t<\/div>\n\t\t\t\t\t\t\n\t\t\t\t\t\t\t<div class=\"accordion__accordion-content inactive\">\n\t\t\t\t\t\t\t\t<div>\n\t\t\t\t\t\t\t\t\t<div>\n\t\t\t\t\t\t\t\t\t\t<h4>Palacio de Arbelaiz<\/h4>\n\t\t\t\t\t\t\t\t\t\t<p>Der Arbelaiz-Palast wurde 1964 zum kunsthistorischen Denkmal der Provinz erkl\u00e4rt und ist dank der Arbelaiz-Linie und der ber\u00fchmten Pers\u00f6nlichkeiten, die dort wohnten, bekannt: Heinrich II. von Frankreich, Katharina von Medici, Karl IV. usw.<\/p> <p>Der Arbelaiz-Palast wurde 1964 zum kunsthistorischen Denkmal der Provinz erkl\u00e4rt.\n\n<p>Nach dem Brand von 1936 wurde er vollst\u00e4ndig wiederaufgebaut und erhielt sein heutiges Aussehen, ein rechteckiges Haus mit Quadersteinmauerwerk. Bemerkenswert ist, dass die barocke Fassade mit einem Portal, das von zwei dorischen S\u00e4ulen flankiert wird, die von einem mit Triglyphen und Metopen verzierten Fries getragen werden, sowie der geteilte Giebel, der das Wappen einrahmt, vom urspr\u00fcnglichen Bauwerk erhalten geblieben sind.\n\t\t\t\t\t\t\t\t\t<\/div>\n\t\t\t\t\t\t\t\t\t<img decoding=\"async\" src=\"https:\/\/cdn.pilgrim.es\/web\/caminos\/camino-norte\/pueblos\/irun\/puntos-de-interes\/palacio-de-arbelaiz.jpg\" alt=\"Palacio de Arbelaiz\">\n\t\t\t\t\t\t\t\t<\/div>\n\t\t\t\t\t\t\t<\/div>\n\t\t\t\t\t\t\n\t\t\t\t\t\t\t<div class=\"accordion__accordion-content inactive\">\n\t\t\t\t\t\t\t\t<div>\n\t\t\t\t\t\t\t\t\t<div>\n\t\t\t\t\t\t\t\t\t\t<h4>Ermita de Santa Elena<\/h4>\n\t\t\t\t\t\t\t\t\t\t<p>Die Einsiedelei von Santa Elena ist der einzige Tempel in Gipuzkoa aus dem 10. Jahrhundert. Dieser Tempel wurde auf den \u00dcberresten einer r\u00f6mischen Kirche &#8222;in antis&#8220; aus dem 1. Jahrhundert und den \u00dcberresten einer einheimischen Nekropole errichtet.\n\n<p>Die Einsiedelei beherbergt heute einen Teil des r\u00f6mischen Museums von Oiasso, in dem Sammlungen von Werkzeugen ausgestellt sind, die von den Dorfbewohnern im t\u00e4glichen Leben benutzt wurden.\n\t\t\t\t\t\t\t\t\t<\/div>\n\t\t\t\t\t\t\t\t\t<img decoding=\"async\" src=\"https:\/\/cdn.pilgrim.es\/web\/caminos\/camino-norte\/pueblos\/irun\/puntos-de-interes\/ermita-de-santa-elena.jpg\" alt=\"Ermita de Santa Elena\">\n\t\t\t\t\t\t\t\t<\/div>\n\t\t\t\t\t\t\t<\/div>\n\t\t\t\t\t\t\n\t\t\t\t\t\t\t<div class=\"accordion__accordion-content inactive\">\n\t\t\t\t\t\t\t\t<div>\n\t\t\t\t\t\t\t\t\t<div>\n\t\t\t\t\t\t\t\t\t\t<h4>Palacio de Urdanibia<\/h4>\n\t\t\t\t\t\t\t\t\t\t<p>Der Urdanibia-Palast wurde im Jahr 2000 zusammen mit der M\u00fchle und der Schmiede, die sich in der Umgebung befinden, unter Denkmalschutz gestellt. Das Geb\u00e4ude hat einen rechteckigen Grundriss und ist in drei Stockwerke unterteilt, die von einem Walmdach bedeckt sind. Im Erdgeschoss befinden sich zwei gekehlte Fenster und in der Mitte eine T\u00fcr, die von zwei Pilastern flankiert und von einem Gesims gekr\u00f6nt wird. Die oberen Stockwerke haben die gleichen Fenster wie die unteren, jedoch mit profilierten Br\u00fcstungen, die eine gerade Linie bilden.<\/p> <p>Die oberen Stockwerke haben die gleichen Fenster wie die unteren, jedoch mit profilierten Br\u00fcstungen, die eine gerade Linie bilden.\n\n<p>Von 1992 bis 2003 war es der Sitz der Internationalen F\u00f6deration der Baskischen Pelota.\n\t\t\t\t\t\t\t\t\t<\/div>\n\t\t\t\t\t\t\t\t\t<img decoding=\"async\" src=\"https:\/\/cdn.pilgrim.es\/web\/caminos\/camino-norte\/pueblos\/irun\/puntos-de-interes\/palacio-de-urdanibia.jpg\" alt=\"Palacio de Urdanibia\">\n\t\t\t\t\t\t\t\t<\/div>\n\t\t\t\t\t\t\t<\/div>\n\t\t\t\t\t\t\n\t\t\t\t\t\t\t<div class=\"accordion__accordion-content inactive\">\n\t\t\t\t\t\t\t\t<div>\n\t\t\t\t\t\t\t\t\t<div>\n\t\t\t\t\t\t\t\t\t\t<h4>Fuente de Santa Elena<\/h4>\n\t\t\t\t\t\t\t\t\t\t<p>Der Brunnen von Santa Elena befindet sich in einem kleinen Barockgeb\u00e4ude aus dem Jahr 1667, das aus Quadersteinen errichtet wurde. Der Brunnen besteht aus einem Becken und zwei B\u00e4nken, die beide von einem Tonnengew\u00f6lbe bedeckt sind. In der Mitte des Gew\u00f6lbes befindet sich eine muschelf\u00f6rmige Nische mit einer Darstellung der Heiligen Helena.\n\t\t\t\t\t\t\t\t\t<\/div>\n\t\t\t\t\t\t\t\t\t<img decoding=\"async\" src=\"https:\/\/cdn.pilgrim.es\/web\/caminos\/camino-norte\/pueblos\/irun\/puntos-de-interes\/fuente-de-santa-elena.jpg\" alt=\"Fuente de Santa Elena\">\n\t\t\t\t\t\t\t\t<\/div>\n\t\t\t\t\t\t\t<\/div>\n\t\t\t\t\t\t\n\t\t\t\t\t\t\t<div class=\"accordion__accordion-content inactive\">\n\t\t\t\t\t\t\t\t<div>\n\t\t\t\t\t\t\t\t\t<div>\n\t\t\t\t\t\t\t\t\t\t<h4>Parque Natural de Pe\u00f1as de Aia<\/h4>\n\t\t\t\t\t\t\t\t\t\t<p>Der Naturpark Pe\u00f1as de Aia ist ein pal\u00e4olithisches Massiv, das die \u00e4ltesten Materialien des Landes bewahrt und sich \u00fcber eine Fl\u00e4che von 6.913 Hektar erstreckt, mit Gipfeln, die \u00fcber 800 Meter hoch sind. <\/p>\n\n<\/p> <p>In diesem Zusammenhang sind der Urdaburu-Wald, die Ufer des A\u00f1arbe-Stausees und Arditurri zu nennen, eine alte Goldmine, die vor mehr als zweihundert Jahren ausgebeutet wurde und \u00fcber eine F\u00fclle von arch\u00e4ologischen und mineralischen Sch\u00e4tzen verf\u00fcgt.\n\t\t\t\t\t\t\t\t\t<\/div>\n\t\t\t\t\t\t\t\t\t<img decoding=\"async\" src=\"https:\/\/cdn.pilgrim.es\/web\/caminos\/camino-norte\/pueblos\/irun\/puntos-de-interes\/parque-natural-de-penas-de-aia.jpg\" alt=\"Parque Natural de Pe\u00f1as de Aia\">\n\t\t\t\t\t\t\t\t<\/div>\n\t\t\t\t\t\t\t<\/div>\n\t\t\t\t\t\t\n\t\t\t\t\t\t\t<div class=\"accordion__accordion-content inactive\">\n\t\t\t\t\t\t\t\t<div>\n\t\t\t\t\t\t\t\t\t<div>\n\t\t\t\t\t\t\t\t\t\t<h4>Hospital de Sancho de Urdanibia<\/h4>\n\t\t\t\t\t\t\t\t\t\t<p>Das Hospital Sancho de Urdanibia wurde 1644 dank einer Spende von Sancho de Urdanibia mit der Absicht errichtet, eine Herberge und ein Krankenhaus zu bauen. Es wurde aus Mauerwerk, Quadersteinen und Putz gebaut und hat einen rechteckigen Grundriss, der in drei Ebenen unterteilt ist.\n\n<p>An der Hauptfassade befindet sich eine mit Pilastern verzierte Nische mit einem Bild der Jungfrau Maria, die von einem Giebel mit dem Wappen des Hauses Urdanibia gekr\u00f6nt wird. <\/p>\n\n<p>Das Geb\u00e4ude wurde vollst\u00e4ndig restauriert und beherbergt nun die Gemeindeverwaltung Euskaltegi und den Ausstellungssaal Menchu Gal.\n\t\t\t\t\t\t\t\t\t<\/div>\n\t\t\t\t\t\t\t\t\t<img decoding=\"async\" src=\"https:\/\/cdn.pilgrim.es\/web\/caminos\/camino-norte\/pueblos\/irun\/puntos-de-interes\/hospital-de-sancho-de-urdanibia.jpg\" alt=\"Hospital de Sancho de Urdanibia\">\n\t\t\t\t\t\t\t\t<\/div>\n\t\t\t\t\t\t\t<\/div>\n\t\t\t\t\t\t\n\t\t\t\t\t<\/div>\n\t\t\t\t<\/div>\n\t\t\t<\/div>\n\t\t\n\n\t\t<div id=\"phonesSection\">\n\t\t\t<div>\n\t\t\t\t<h2 class=\"p-h3-town\">Informationen von Interesse<\/h2>\n\t\t\t<\/div>\n\t\t\t<div class=\"grid\">\n\t\t\t\t\n\t\t\t\t\t<div class=\"phone-number-item\">\n\t\t\t\t\t\t<div class=\"phone-number-item__icon\"><i class=\"icon-police\"><\/i><\/div>\n\t\t\t\t\t\t<div class=\"phone-number-item__title\">\n\t\t\t\t\t\t\t<h3 class=\"p-font-bold\">Ortspolizei<\/h3>\n\t\t\t\t\t\t\t<p>943 505 555<\/p>\n\t\t\t\t\t\t\t\n\t\t\t\t\t\t<\/div>\n\t\t\t\t\t<\/div>\n\t\t\t\t\n\t\t\t\t\t<div class=\"phone-number-item\">\n\t\t\t\t\t\t<div class=\"phone-number-item__icon\"><i class=\"icon-spanish-military-police\"><\/i><\/div>\n\t\t\t\t\t\t<div class=\"phone-number-item__title\">\n\t\t\t\t\t\t\t<h3 class=\"p-font-bold\">Zivilwache<\/h3>\n\t\t\t\t\t\t\t<p>943 627 836<\/p>\n\t\t\t\t\t\t\t\n\t\t\t\t\t\t<\/div>\n\t\t\t\t\t<\/div>\n\t\t\t\t\n\t\t\t\t\t<div class=\"phone-number-item\">\n\t\t\t\t\t\t<div class=\"phone-number-item__icon\"><i class=\"icon-firefighters\"><\/i><\/div>\n\t\t\t\t\t\t<div class=\"phone-number-item__title\">\n\t\t\t\t\t\t\t<h3 class=\"p-font-bold\">Feuerwehr<\/h3>\n\t\t\t\t\t\t\t<p>943 415 302 \/ 943 415 320<\/p>\n\t\t\t\t\t\t\t\n\t\t\t\t\t\t<\/div>\n\t\t\t\t\t<\/div>\n\t\t\t\t\n\t\t\t\t\t<div class=\"phone-number-item\">\n\t\t\t\t\t\t<div class=\"phone-number-item__icon\"><i class=\"icon-civil-protection\"><\/i><\/div>\n\t\t\t\t\t\t<div class=\"phone-number-item__title\">\n\t\t\t\t\t\t\t<h3 class=\"p-font-bold\">Zivilschutz<\/h3>\n\t\t\t\t\t\t\t<p>943 505 566 \/ 943 505 567<\/p>\n\t\t\t\t\t\t\t\n\t\t\t\t\t\t<\/div>\n\t\t\t\t\t<\/div>\n\t\t\t\t\n\t\t\t\t\t<div class=\"phone-number-item\">\n\t\t\t\t\t\t<div class=\"phone-number-item__icon\"><i class=\"icon-town-council\"><\/i><\/div>\n\t\t\t\t\t\t<div class=\"phone-number-item__title\">\n\t\t\t\t\t\t\t<h3 class=\"p-font-bold\">Rathaus<\/h3>\n\t\t\t\t\t\t\t<p>943 505 152<\/p>\n\t\t\t\t\t\t\t\n\t\t\t\t\t\t<\/div>\n\t\t\t\t\t<\/div>\n\t\t\t\t\n\t\t\t\t\t<div class=\"phone-number-item\">\n\t\t\t\t\t\t<div class=\"phone-number-item__icon\"><i class=\"icon-hospital\"><\/i><\/div>\n\t\t\t\t\t\t<div class=\"phone-number-item__title\">\n\t\t\t\t\t\t\t<h3 class=\"p-font-bold\">Gesundheitszentrum<\/h3>\n\t\t\t\t\t\t\t<p>943 006 700 \/ 943 617 888<\/p>\n\t\t\t\t\t\t\t\n\t\t\t\t\t\t<\/div>\n\t\t\t\t\t<\/div>\n\t\t\t\t\n\t\t\t\t\t<div class=\"phone-number-item\">\n\t\t\t\t\t\t<div class=\"phone-number-item__icon\"><i class=\"icon-tourism\"><\/i><\/div>\n\t\t\t\t\t\t<div class=\"phone-number-item__title\">\n\t\t\t\t\t\t\t<h3 class=\"p-font-bold\">Fremdenverkehrsamt<\/h3>\n\t\t\t\t\t\t\t<p>943 020 732<\/p>\n\t\t\t\t\t\t\t\n\t\t\t\t\t\t\t\t<p>Plaza de Luis Mariano<\/p>\n\t\t\t\t\t\t\t\n\t\t\t\t\t\t<\/div>\n\t\t\t\t\t<\/div>\n\t\t\t\t\n\t\t\t<\/div>\n\t\t<\/div>\n\n\t\t<div id=\"clientForm\">\n        <section>\n        <img decoding=\"async\" src=\"https:\/\/cdn.pilgrim.es\/web\/home\/email-contacto.png\" alt=\"contacto\">\n        <div>\n            <p>Wir senden dir deine Planung<\/p>\n            <p>Gib uns deine Daten an und erhalte die Planung deiner Reise per E-Mail <\/p>\n            <form method=\"post\" data-url=\"\/wp-admin\/admin-ajax.php\" id=\"planner--client\" class=\"flag-right form-client\">\n    <div class=\"form-data\">\n        <input name=\"form_id\" type=\"hidden\" value=\"Formulario Leads\">\n        <input name=\"type\" type=\"hidden\" value=\"planner_client\">\n        <input type=\"text\" name=\"nombre\" value=\"\" size=\"40\" class=\"form-control\" aria-required=\"true\" aria-invalid=\"false\" placeholder=\"Name\">\n        <input type=\"email\" name=\"email\" value=\"\" size=\"40\" class=\"form-control\" aria-required=\"true\" aria-invalid=\"false\" placeholder=\"E- Mail\">\n        <input type=\"text\" id=\"phone-input\" name=\"tel\" value=\"\" size=\"40\" class=\"phone-input form-control\" aria-required=\"true\" aria-invalid=\"false\" placeholder=\"Telefon\">\n        <input type=\"hidden\" name=\"telefono\">\n    <\/div>\n    <div class=\"form-checkbox\">\n        <span>\n            Pilgrim Travel, S.L. teilt gem\u00e4\u00df Regulierung 2016\/679 mit, dass die in diesem Formular verwendeten Daten sowohl f\u00fcr die Beantwortung der m\u00f6glichen Anfragen als auch f\u00fcr die Ver\u00f6ffentlichung der Kommentare verwendet werden, mit der Zustimmung des Nutzers. Sie k\u00f6nnen Ihre Rechte in \u00dcbereinstimmung mit unserer Datenschutzbestimmungen aus\u00fcben             <a href=\"https:\/\/www.pilgrim.es\/politica-de-privacidad\/\" target=\"_blank\" rel=\"noopener noreferrer nofollow\">Datenschutzerkl\u00e4rung.<\/a>\n        <\/span>\n    <\/div>\n\n    <div class=\"form-submit\">\n        <button id=\"planner--client-create\" type=\"submit\">Anfrage senden<\/button>\n        <div class=\"loadingDiv\"><i class=\"p-spinner\"><\/i><\/div>\n    <\/div>\n\n    <div class=\"contact-content-form-success\">\n        <p><i class=\"fas fa-check\"><\/i> Das Formular hat sich erfolgreich gesendet.<\/p>\n    <\/div>\n\n    <div class=\"contact-content-form-error\">\n        <span class=\"input-error\"><\/span>\n    <\/div>\n<\/form>        <\/div>\n    <\/section>\n<\/div>\n\n\t\t<div id=\"recomendationSection\">\n\t\t\t<div>\n\t\t\t\t<h2 class=\"p-h2-town\">Empfohlen<\/h2>\n\t\t\t\t<hr>\n\t\t\t\t<h3 class=\"p-h3-town\">Gastronomie<\/h3>\n\t\t\t<\/div>\n\t\t\tDer H\u00f6hepunkt der Gastronomie von Ir\u00fan ist der Kabeljau, der laut The Washington Post als der beste der Welt gilt. Dar\u00fcber hinaus wird es in der Stadt nicht an hochwertigem Fisch und\/oder Meeresfr\u00fcchten auf dem Tisch mangeln, die immer von lokalen Produkten begleitet werden. Die traditionellsten Rezepte sind der Koxkera-Seehecht und der Baby-Tintenfisch in seiner eigenen Tinte.\n\nAuf der s\u00fc\u00dfen Seite der Gastronomie stechen der baskische Kuchen, auch &#8222;g\u00e2teau basque&#8220; genannt, und die &#8222;opilla de San Marcos&#8220; (Markuskuchen) hervor.\n\t\t<\/div>\n\n\n\t\t\n\t\t\t<div id=\"holidaysSection\">\n\t\t\t\t<div>\n\t\t\t\t\t<h2 class=\"p-h2-town\">Empfohlen<\/h2>\n\t\t\t\t\t<hr>\n\t\t\t\t\t<h3 class=\"p-h3-town\">Feste und Pilgerfahrten<\/h3>\n\t\t\t\t<\/div>\n\t\t\t\t<div class=\"grid holidays-grid\">\n\t\t\t\t\t\n\t\t\t\t\t\t<div>\n\t\t\t\t\t\t\t<div class=\"phone-number-item\">\n\t\t\t\t\t\t\t\t<div class=\"phone-number-item__icon\"><i class=\"icon-holiday\"><\/i><\/div>\n\t\t\t\t\t\t\t\t<div class=\"phone-number-item__title dark-text\">\n\t\t\t\t\t\t\t\t\t<p class=\"p-font-bold\">Lokaler Urlaub<\/p>\n\t\t\t\t\t\t\t\t\t<p>30 de junio: Ap\u00f3stol<\/p>\n\t\t\t\t\t\t\t\t<\/div>\n\t\t\t\t\t\t\t<\/div>\n\t\t\t\t\t\t<\/div>\n\t\t\t\t\t\n\t\t\t\t\t\t<div>\n\t\t\t\t\t\t\t<div class=\"phone-number-item\">\n\t\t\t\t\t\t\t\t<div class=\"phone-number-item__icon\"><i class=\"icon-holiday\"><\/i><\/div>\n\t\t\t\t\t\t\t\t<div class=\"phone-number-item__title dark-text\">\n\t\t\t\t\t\t\t\t\t<p class=\"p-font-bold\">Lokaler Urlaub<\/p>\n\t\t\t\t\t\t\t\t\t<p>4 de febrero: Fiesta de Santa \u00c1gueda<\/p>\n\t\t\t\t\t\t\t\t<\/div>\n\t\t\t\t\t\t\t<\/div>\n\t\t\t\t\t\t<\/div>\n\t\t\t\t\t\n\t\t\t\t\t\t<div>\n\t\t\t\t\t\t\t<div class=\"phone-number-item\">\n\t\t\t\t\t\t\t\t<div class=\"phone-number-item__icon\"><i class=\"icon-holiday\"><\/i><\/div>\n\t\t\t\t\t\t\t\t<div class=\"phone-number-item__title dark-text\">\n\t\t\t\t\t\t\t\t\t<p class=\"p-font-bold\">Lokaler Urlaub<\/p>\n\t\t\t\t\t\t\t\t\t<p>Primer fin de semana de mayo: Feria de abril<\/p>\n\t\t\t\t\t\t\t\t<\/div>\n\t\t\t\t\t\t\t<\/div>\n\t\t\t\t\t\t<\/div>\n\t\t\t\t\t\n\t\t\t\t\t\t<div>\n\t\t\t\t\t\t\t<div class=\"phone-number-item\">\n\t\t\t\t\t\t\t\t<div class=\"phone-number-item__icon\"><i class=\"icon-holiday\"><\/i><\/div>\n\t\t\t\t\t\t\t\t<div class=\"phone-number-item__title dark-text\">\n\t\t\t\t\t\t\t\t\t<p class=\"p-font-bold\">Lokaler Urlaub<\/p>\n\t\t\t\t\t\t\t\t\t<p>Mayo: Sagardo Eguna<\/p>\n\t\t\t\t\t\t\t\t<\/div>\n\t\t\t\t\t\t\t<\/div>\n\t\t\t\t\t\t<\/div>\n\t\t\t\t\t\n\t\t\t\t\t\t<div>\n\t\t\t\t\t\t\t<div class=\"phone-number-item\">\n\t\t\t\t\t\t\t\t<div class=\"phone-number-item__icon\"><i class=\"icon-holiday\"><\/i><\/div>\n\t\t\t\t\t\t\t\t<div class=\"phone-number-item__title dark-text\">\n\t\t\t\t\t\t\t\t\t<p class=\"p-font-bold\">Lokaler Urlaub<\/p>\n\t\t\t\t\t\t\t\t\t<p>25 de abril: Fiesta de la opilla<\/p>\n\t\t\t\t\t\t\t\t<\/div>\n\t\t\t\t\t\t\t<\/div>\n\t\t\t\t\t\t<\/div>\n\t\t\t\t\t\n\t\t\t\t\t\t<div>\n\t\t\t\t\t\t\t<div class=\"phone-number-item\">\n\t\t\t\t\t\t\t\t<div class=\"phone-number-item__icon\"><i class=\"icon-holiday\"><\/i><\/div>\n\t\t\t\t\t\t\t\t<div class=\"phone-number-item__title dark-text\">\n\t\t\t\t\t\t\t\t\t<p class=\"p-font-bold\">Lokaler Urlaub<\/p>\n\t\t\t\t\t\t\t\t\t<p>24 de Diciembre: Olentzero<\/p>\n\t\t\t\t\t\t\t\t<\/div>\n\t\t\t\t\t\t\t<\/div>\n\t\t\t\t\t\t<\/div>\n\t\t\t\t\t\n\t\t\t\t\t\t<div>\n\t\t\t\t\t\t\t<div class=\"phone-number-item\">\n\t\t\t\t\t\t\t\t<div class=\"phone-number-item__icon\"><i class=\"icon-holiday\"><\/i><\/div>\n\t\t\t\t\t\t\t\t<div class=\"phone-number-item__title dark-text\">\n\t\t\t\t\t\t\t\t\t<p class=\"p-font-bold\">Lokaler Urlaub<\/p>\n\t\t\t\t\t\t\t\t\t<p>21 de Diciembre: Fiesta de Santo Tom\u00e1s<\/p>\n\t\t\t\t\t\t\t\t<\/div>\n\t\t\t\t\t\t\t<\/div>\n\t\t\t\t\t\t<\/div>\n\t\t\t\t\t\n\t\t\t\t\t\t<div>\n\t\t\t\t\t\t\t<div class=\"phone-number-item\">\n\t\t\t\t\t\t\t\t<div class=\"phone-number-item__icon\"><i class=\"icon-holiday\"><\/i><\/div>\n\t\t\t\t\t\t\t\t<div class=\"phone-number-item__title dark-text\">\n\t\t\t\t\t\t\t\t\t<p class=\"p-font-bold\">Lokaler Urlaub<\/p>\n\t\t\t\t\t\t\t\t\t<p>Primer s\u00e1bado de agosto: Fiesta Euskal Jira<\/p>\n\t\t\t\t\t\t\t\t<\/div>\n\t\t\t\t\t\t\t<\/div>\n\t\t\t\t\t\t<\/div>\n\t\t\t\t\t\n\t\t\t\t\t\t<div>\n\t\t\t\t\t\t\t<div class=\"phone-number-item\">\n\t\t\t\t\t\t\t\t<div class=\"phone-number-item__icon\"><i class=\"icon-holiday\"><\/i><\/div>\n\t\t\t\t\t\t\t\t<div class=\"phone-number-item__title dark-text\">\n\t\t\t\t\t\t\t\t\t<p class=\"p-font-bold\">Lokaler Urlaub<\/p>\n\t\t\t\t\t\t\t\t\t<p>Segunda mitad de Julio: Festival Folcl\u00f3rico Internacional de Bidasoa<\/p>\n\t\t\t\t\t\t\t\t<\/div>\n\t\t\t\t\t\t\t<\/div>\n\t\t\t\t\t\t<\/div>\n\t\t\t\t\t\n\t\t\t\t\t\t<div>\n\t\t\t\t\t\t\t<div class=\"phone-number-item\">\n\t\t\t\t\t\t\t\t<div class=\"phone-number-item__icon\"><i class=\"icon-holiday\"><\/i><\/div>\n\t\t\t\t\t\t\t\t<div class=\"phone-number-item__title dark-text\">\n\t\t\t\t\t\t\t\t\t<p class=\"p-font-bold\">Lokaler Urlaub<\/p>\n\t\t\t\t\t\t\t\t\t<p>A finales del mes de julio: Dies Oiassonis<\/p>\n\t\t\t\t\t\t\t\t<\/div>\n\t\t\t\t\t\t\t<\/div>\n\t\t\t\t\t\t<\/div>\n\t\t\t\t\t\n\t\t\t\t<\/div>\n\t\t\t<\/div>\n\t\t\n\t<\/div>\n<\/section>\n\n<div id=\"stage_list_section\"><div class=\"stage-list\">\n    <div class='stage-list__map-card'>\n        <div class='stage-list__map-card__map'>\n            <div class='stage-list__map-card__map__text'>\n                <h2> Pages <\/h2>\n                <p> Zu Fu\u00df<\/p>\n                <p> 0etappen<\/p>\n            <\/div>\n            <div class='stage-list__map-card__map__img'>\n                <img decoding=\"async\" src=\"\" alt=\" mapa \" \/>\n            <\/div>\n        <\/div>\n    <\/div>\n\n    <\/div>\n<\/div> ","protected":false},"excerpt":{"rendered":"<p>Ir\u00fan &#8249; Zur\u00fcck zur B\u00fchne Ir\u00fan Einwohner: 61.195 aprox. Bundesland: Guip\u00fazcoa Informationen Get to know Ir\u00fan Irun ist der Ausgangspunkt f\u00fcr die Pilger, die den Jakobsweg an seinem Nordhang beginnen. Irun liegt an der Grenze zu Frankreich und ist seit jeher ein strategischer Punkt f\u00fcr die Handelsbeziehungen mit der Au\u00dfenwelt und wurde auch schon mehrfach &hellip; <\/p>\n<p class=\"read_more\"><a href=\"https:\/\/www.pilgrim.es\/de\/weg-im-norden\/irun\/\">Leer m\u00e1s<\/a><\/p>\n","protected":false},"author":0,"featured_media":89,"parent":10670,"menu_order":0,"comment_status":"closed","ping_status":"closed","template":"views\/template-new-web-design.blade.php","meta":{"footnotes":""},"categories":[],"tags":[],"class_list":["post-91238","page","type-page","status-publish","has-post-thumbnail","hentry"],"yoast_head":"<!-- This site is optimized with the Yoast SEO plugin v27.4 - https:\/\/yoast.com\/product\/yoast-seo-wordpress\/ -->\n<title>Ir\u00fan: Was sehen und wo \u00fcbernachten | Jakobsweg | Pilgrim<\/title>\n<meta name=\"description\" content=\"Ir\u00fan Entdecken Sie alle Informationen \u00fcber Unterk\u00fcnfte, Anreise, Gastronomie und die wichtigsten Sehensw\u00fcrdigkeiten der Orte am K\u00fcstenweg\" \/>\n<meta name=\"robots\" content=\"index, follow, max-snippet:-1, max-image-preview:large, max-video-preview:-1\" \/>\n<link rel=\"canonical\" href=\"https:\/\/www.pilgrim.es\/de\/weg-im-norden\/irun\/\" \/>\n<meta property=\"og:locale\" content=\"de_DE\" \/>\n<meta property=\"og:type\" content=\"article\" \/>\n<meta property=\"og:title\" content=\"Ir\u00fan: Was sehen und wo \u00fcbernachten | Jakobsweg | Pilgrim\" \/>\n<meta property=\"og:description\" content=\"Ir\u00fan Entdecken Sie alle Informationen \u00fcber Unterk\u00fcnfte, Anreise, Gastronomie und die wichtigsten Sehensw\u00fcrdigkeiten der Orte am K\u00fcstenweg\" \/>\n<meta property=\"og:url\" content=\"https:\/\/www.pilgrim.es\/de\/weg-im-norden\/irun\/\" \/>\n<meta property=\"og:site_name\" content=\"Pilgrim\" \/>\n<meta property=\"article:publisher\" content=\"https:\/\/www.facebook.com\/pilgrim.es\/\" \/>\n<meta property=\"og:image\" content=\"https:\/\/www.pilgrim.es\/wp-content\/uploads\/2019\/02\/viviendas-irun-01.jpg\" \/>\n\t<meta property=\"og:image:width\" content=\"500\" \/>\n\t<meta property=\"og:image:height\" content=\"375\" \/>\n\t<meta property=\"og:image:type\" content=\"image\/jpeg\" \/>\n<meta name=\"twitter:card\" content=\"summary_large_image\" \/>\n<meta name=\"twitter:site\" content=\"@pilgrim_es\" \/>\n<meta name=\"twitter:label1\" content=\"Gesch\u00e4tzte Lesezeit\" \/>\n\t<meta name=\"twitter:data1\" content=\"8\u00a0Minuten\" \/>\n<script type=\"application\/ld+json\" class=\"yoast-schema-graph\">{\"@context\":\"https:\\\/\\\/schema.org\",\"@graph\":[{\"@type\":\"WebPage\",\"@id\":\"https:\\\/\\\/www.pilgrim.es\\\/de\\\/weg-im-norden\\\/irun\\\/\",\"url\":\"https:\\\/\\\/www.pilgrim.es\\\/de\\\/weg-im-norden\\\/irun\\\/\",\"name\":\"Ir\u00fan: Was sehen und wo \u00fcbernachten | Jakobsweg | Pilgrim\",\"isPartOf\":{\"@id\":\"https:\\\/\\\/www.pilgrim.es\\\/de\\\/#website\"},\"primaryImageOfPage\":{\"@id\":\"https:\\\/\\\/www.pilgrim.es\\\/de\\\/weg-im-norden\\\/irun\\\/#primaryimage\"},\"image\":{\"@id\":\"https:\\\/\\\/www.pilgrim.es\\\/de\\\/weg-im-norden\\\/irun\\\/#primaryimage\"},\"thumbnailUrl\":\"https:\\\/\\\/www.pilgrim.es\\\/wp-content\\\/uploads\\\/2019\\\/02\\\/viviendas-irun-01.jpg\",\"datePublished\":\"2025-03-17T14:34:21+00:00\",\"description\":\"Ir\u00fan Entdecken Sie alle Informationen \u00fcber Unterk\u00fcnfte, Anreise, Gastronomie und die wichtigsten Sehensw\u00fcrdigkeiten der Orte am K\u00fcstenweg\",\"breadcrumb\":{\"@id\":\"https:\\\/\\\/www.pilgrim.es\\\/de\\\/weg-im-norden\\\/irun\\\/#breadcrumb\"},\"inLanguage\":\"de\",\"potentialAction\":[{\"@type\":\"ReadAction\",\"target\":[\"https:\\\/\\\/www.pilgrim.es\\\/de\\\/weg-im-norden\\\/irun\\\/\"]}]},{\"@type\":\"ImageObject\",\"inLanguage\":\"de\",\"@id\":\"https:\\\/\\\/www.pilgrim.es\\\/de\\\/weg-im-norden\\\/irun\\\/#primaryimage\",\"url\":\"https:\\\/\\\/www.pilgrim.es\\\/wp-content\\\/uploads\\\/2019\\\/02\\\/viviendas-irun-01.jpg\",\"contentUrl\":\"https:\\\/\\\/www.pilgrim.es\\\/wp-content\\\/uploads\\\/2019\\\/02\\\/viviendas-irun-01.jpg\",\"width\":500,\"height\":375,\"caption\":\"Ir\u00fan\"},{\"@type\":\"BreadcrumbList\",\"@id\":\"https:\\\/\\\/www.pilgrim.es\\\/de\\\/weg-im-norden\\\/irun\\\/#breadcrumb\",\"itemListElement\":[{\"@type\":\"ListItem\",\"position\":1,\"name\":\"Camino de Santiago\",\"item\":\"https:\\\/\\\/www.pilgrim.es\\\/de\\\/\"},{\"@type\":\"ListItem\",\"position\":2,\"name\":\"Weg im Norden\",\"item\":\"https:\\\/\\\/www.pilgrim.es\\\/de\\\/weg-im-norden\\\/\"},{\"@type\":\"ListItem\",\"position\":3,\"name\":\"Ir\u00fan\"}]},{\"@type\":\"WebSite\",\"@id\":\"https:\\\/\\\/www.pilgrim.es\\\/de\\\/#website\",\"url\":\"https:\\\/\\\/www.pilgrim.es\\\/de\\\/\",\"name\":\"Pilgrim\",\"description\":\"Camino de Santiago | Caminamos Contigo\",\"publisher\":{\"@id\":\"https:\\\/\\\/www.pilgrim.es\\\/de\\\/#organization\"},\"potentialAction\":[{\"@type\":\"SearchAction\",\"target\":{\"@type\":\"EntryPoint\",\"urlTemplate\":\"https:\\\/\\\/www.pilgrim.es\\\/de\\\/?s={search_term_string}\"},\"query-input\":{\"@type\":\"PropertyValueSpecification\",\"valueRequired\":true,\"valueName\":\"search_term_string\"}}],\"inLanguage\":\"de\"},{\"@type\":\"Organization\",\"@id\":\"https:\\\/\\\/www.pilgrim.es\\\/de\\\/#organization\",\"name\":\"Pilgrim Camino de Santiago\",\"url\":\"https:\\\/\\\/www.pilgrim.es\\\/de\\\/\",\"logo\":{\"@type\":\"ImageObject\",\"inLanguage\":\"de\",\"@id\":\"https:\\\/\\\/www.pilgrim.es\\\/de\\\/#\\\/schema\\\/logo\\\/image\\\/\",\"url\":\"https:\\\/\\\/www.pilgrim.es\\\/wp-content\\\/uploads\\\/2019\\\/04\\\/logo_pilgrim.png\",\"contentUrl\":\"https:\\\/\\\/www.pilgrim.es\\\/wp-content\\\/uploads\\\/2019\\\/04\\\/logo_pilgrim.png\",\"width\":512,\"height\":512,\"caption\":\"Pilgrim Camino de Santiago\"},\"image\":{\"@id\":\"https:\\\/\\\/www.pilgrim.es\\\/de\\\/#\\\/schema\\\/logo\\\/image\\\/\"},\"sameAs\":[\"https:\\\/\\\/www.facebook.com\\\/pilgrim.es\\\/\",\"https:\\\/\\\/x.com\\\/pilgrim_es\",\"https:\\\/\\\/www.instagram.com\\\/pilgrim.es\\\/\",\"https:\\\/\\\/www.linkedin.com\\\/company\\\/pilgrim-camino-de-santiago\\\/\",\"https:\\\/\\\/www.pinterest.es\\\/pilgrimcaminodesantiago\\\/\",\"https:\\\/\\\/www.youtube.com\\\/channel\\\/UCIv2ZzFLXVqthkNF32rKedw\\\/featured\"]}]}<\/script>\n<!-- \/ Yoast SEO plugin. -->","yoast_head_json":{"title":"Ir\u00fan: Was sehen und wo \u00fcbernachten | Jakobsweg | Pilgrim","description":"Ir\u00fan Entdecken Sie alle Informationen \u00fcber Unterk\u00fcnfte, Anreise, Gastronomie und die wichtigsten Sehensw\u00fcrdigkeiten der Orte am K\u00fcstenweg","robots":{"index":"index","follow":"follow","max-snippet":"max-snippet:-1","max-image-preview":"max-image-preview:large","max-video-preview":"max-video-preview:-1"},"canonical":"https:\/\/www.pilgrim.es\/de\/weg-im-norden\/irun\/","og_locale":"de_DE","og_type":"article","og_title":"Ir\u00fan: Was sehen und wo \u00fcbernachten | Jakobsweg | Pilgrim","og_description":"Ir\u00fan Entdecken Sie alle Informationen \u00fcber Unterk\u00fcnfte, Anreise, Gastronomie und die wichtigsten Sehensw\u00fcrdigkeiten der Orte am K\u00fcstenweg","og_url":"https:\/\/www.pilgrim.es\/de\/weg-im-norden\/irun\/","og_site_name":"Pilgrim","article_publisher":"https:\/\/www.facebook.com\/pilgrim.es\/","og_image":[{"width":500,"height":375,"url":"https:\/\/www.pilgrim.es\/wp-content\/uploads\/2019\/02\/viviendas-irun-01.jpg","type":"image\/jpeg"}],"twitter_card":"summary_large_image","twitter_site":"@pilgrim_es","twitter_misc":{"Gesch\u00e4tzte Lesezeit":"8\u00a0Minuten"},"schema":{"@context":"https:\/\/schema.org","@graph":[{"@type":"WebPage","@id":"https:\/\/www.pilgrim.es\/de\/weg-im-norden\/irun\/","url":"https:\/\/www.pilgrim.es\/de\/weg-im-norden\/irun\/","name":"Ir\u00fan: Was sehen und wo \u00fcbernachten | Jakobsweg | Pilgrim","isPartOf":{"@id":"https:\/\/www.pilgrim.es\/de\/#website"},"primaryImageOfPage":{"@id":"https:\/\/www.pilgrim.es\/de\/weg-im-norden\/irun\/#primaryimage"},"image":{"@id":"https:\/\/www.pilgrim.es\/de\/weg-im-norden\/irun\/#primaryimage"},"thumbnailUrl":"https:\/\/www.pilgrim.es\/wp-content\/uploads\/2019\/02\/viviendas-irun-01.jpg","datePublished":"2025-03-17T14:34:21+00:00","description":"Ir\u00fan Entdecken Sie alle Informationen \u00fcber Unterk\u00fcnfte, Anreise, Gastronomie und die wichtigsten Sehensw\u00fcrdigkeiten der Orte am K\u00fcstenweg","breadcrumb":{"@id":"https:\/\/www.pilgrim.es\/de\/weg-im-norden\/irun\/#breadcrumb"},"inLanguage":"de","potentialAction":[{"@type":"ReadAction","target":["https:\/\/www.pilgrim.es\/de\/weg-im-norden\/irun\/"]}]},{"@type":"ImageObject","inLanguage":"de","@id":"https:\/\/www.pilgrim.es\/de\/weg-im-norden\/irun\/#primaryimage","url":"https:\/\/www.pilgrim.es\/wp-content\/uploads\/2019\/02\/viviendas-irun-01.jpg","contentUrl":"https:\/\/www.pilgrim.es\/wp-content\/uploads\/2019\/02\/viviendas-irun-01.jpg","width":500,"height":375,"caption":"Ir\u00fan"},{"@type":"BreadcrumbList","@id":"https:\/\/www.pilgrim.es\/de\/weg-im-norden\/irun\/#breadcrumb","itemListElement":[{"@type":"ListItem","position":1,"name":"Camino de Santiago","item":"https:\/\/www.pilgrim.es\/de\/"},{"@type":"ListItem","position":2,"name":"Weg im Norden","item":"https:\/\/www.pilgrim.es\/de\/weg-im-norden\/"},{"@type":"ListItem","position":3,"name":"Ir\u00fan"}]},{"@type":"WebSite","@id":"https:\/\/www.pilgrim.es\/de\/#website","url":"https:\/\/www.pilgrim.es\/de\/","name":"Pilgrim","description":"Camino de Santiago | Caminamos Contigo","publisher":{"@id":"https:\/\/www.pilgrim.es\/de\/#organization"},"potentialAction":[{"@type":"SearchAction","target":{"@type":"EntryPoint","urlTemplate":"https:\/\/www.pilgrim.es\/de\/?s={search_term_string}"},"query-input":{"@type":"PropertyValueSpecification","valueRequired":true,"valueName":"search_term_string"}}],"inLanguage":"de"},{"@type":"Organization","@id":"https:\/\/www.pilgrim.es\/de\/#organization","name":"Pilgrim Camino de Santiago","url":"https:\/\/www.pilgrim.es\/de\/","logo":{"@type":"ImageObject","inLanguage":"de","@id":"https:\/\/www.pilgrim.es\/de\/#\/schema\/logo\/image\/","url":"https:\/\/www.pilgrim.es\/wp-content\/uploads\/2019\/04\/logo_pilgrim.png","contentUrl":"https:\/\/www.pilgrim.es\/wp-content\/uploads\/2019\/04\/logo_pilgrim.png","width":512,"height":512,"caption":"Pilgrim Camino de Santiago"},"image":{"@id":"https:\/\/www.pilgrim.es\/de\/#\/schema\/logo\/image\/"},"sameAs":["https:\/\/www.facebook.com\/pilgrim.es\/","https:\/\/x.com\/pilgrim_es","https:\/\/www.instagram.com\/pilgrim.es\/","https:\/\/www.linkedin.com\/company\/pilgrim-camino-de-santiago\/","https:\/\/www.pinterest.es\/pilgrimcaminodesantiago\/","https:\/\/www.youtube.com\/channel\/UCIv2ZzFLXVqthkNF32rKedw\/featured"]}]}},"_links":{"self":[{"href":"https:\/\/www.pilgrim.es\/de\/wp-json\/wp\/v2\/pages\/91238","targetHints":{"allow":["GET"]}}],"collection":[{"href":"https:\/\/www.pilgrim.es\/de\/wp-json\/wp\/v2\/pages"}],"about":[{"href":"https:\/\/www.pilgrim.es\/de\/wp-json\/wp\/v2\/types\/page"}],"replies":[{"embeddable":true,"href":"https:\/\/www.pilgrim.es\/de\/wp-json\/wp\/v2\/comments?post=91238"}],"version-history":[{"count":0,"href":"https:\/\/www.pilgrim.es\/de\/wp-json\/wp\/v2\/pages\/91238\/revisions"}],"up":[{"embeddable":true,"href":"https:\/\/www.pilgrim.es\/de\/wp-json\/wp\/v2\/pages\/10670"}],"wp:featuredmedia":[{"embeddable":true,"href":"https:\/\/www.pilgrim.es\/de\/wp-json\/wp\/v2\/media\/89"}],"wp:attachment":[{"href":"https:\/\/www.pilgrim.es\/de\/wp-json\/wp\/v2\/media?parent=91238"}],"wp:term":[{"taxonomy":"category","embeddable":true,"href":"https:\/\/www.pilgrim.es\/de\/wp-json\/wp\/v2\/categories?post=91238"},{"taxonomy":"post_tag","embeddable":true,"href":"https:\/\/www.pilgrim.es\/de\/wp-json\/wp\/v2\/tags?post=91238"}],"curies":[{"name":"wp","href":"https:\/\/api.w.org\/{rel}","templated":true}]}}