{"id":91234,"date":"2025-03-17T14:10:21","date_gmt":"2025-03-17T14:10:21","guid":{"rendered":"https:\/\/www.pilgrim.es\/portugiesischer-weg\/padron\/"},"modified":"2025-03-17T14:10:21","modified_gmt":"2025-03-17T14:10:21","slug":"padron","status":"publish","type":"page","link":"https:\/\/www.pilgrim.es\/de\/portugiesischer-weg\/padron\/","title":{"rendered":"Padr\u00f3n"},"content":{"rendered":" <section id=\"hero\">\n\t<h1>Padr\u00f3n<\/h1>\n\t<div class=\"hero-grid\">\n\t\t<div class=\"hero-grid__town-col\" data-background=\"https:\/\/cdn.pilgrim.es\/web\/caminos\/camino-portugues\/pueblos\/padron\/padron.jpg\">\n\t\t\t<div>\n\t\t\t\t<a class=\"link-to-stage\" href=\"https:\/\/www.pilgrim.es\/camino-portugues\/etapa-24-caldas-de-reis-padron\/\">\n\t\t\t\t\t<p>&#8249; Zur\u00fcck zur B\u00fchne<\/p>\n\t\t\t\t<\/a>\n\n\t\t\t\t<div class=\"town-data\">\n\t\t\t\t\t<h2>Padr\u00f3n<\/h2>\n\t\t\t\t\t<ul>\n\t\t\t\t\t\t<li>Einwohner: 8.693 aprox.<\/li>\n\t\t\t\t\t\t<li>Bundesland: A Coru\u00f1a<\/li>\n\t\t\t\t\t<\/ul>\n\t\t\t\t<\/div>\n\t\t\t<\/div>\n\t\t<\/div>\n\t\t<div class=\"hero-grid__planner-col\"><div\r\n  class=\"p-col-span-1 p-rounded-lg p-px-5 p-h-full\"\r\n  style=\"background-image: url('https:\/\/cdn.pilgrim.es\/web\/pilgrim-planner\/bg-plugin-planificador.webp')\"\r\n  rel=\"preload\"\r\n  fetchpriority=\"high\"\r\n  >\r\n    <div class=\"p-text-center p-pt-5 p-text-white p-text-2xl p-font-semibold\">\r\n      Plane deinen Weg    <\/div>\r\n    <div\r\n            id='primary-app'\r\n            data-name='banner'\r\n            data-api='https:\/\/pathfinder.pilgrim.es\/api\/pathfinder\/v2'\r\n            data-mode='normal'\r\n            data-lang='de'\r\n            data-route='1'\r\n            data-destiny='https:\/\/planificador.pilgrim.es'\r\n            data-modality='1'\r\n            data-inline=''\r\n        ><\/div><\/div><\/div>\n\t<\/div>\n<\/section>\n\n<section id=\"infoTown\">\n\t<div class=\"sections-town\">\n\n\t\t<div id=\"informationSection\">\n\t\t\t<div>\n\t\t\t\t<h2 class=\"p-h2-town\">Informationen<\/h2>\n\t\t\t\t<hr>\n\t\t\t\t<h3 class=\"p-h3-town\">Get to know Padr\u00f3n<\/h3>\n\t\t\t<\/div>\n\t\t\t<p>Padr\u00f3n ist einer der wichtigsten Orte auf dem Jakobsweg, denn der Legende nach war der Apostel zu Lebzeiten und nach seinem Tod hier, wobei sein Leichnam nach seinem Tod von seinen J\u00fcngern in einem steinernen Boot \u00fcberf\u00fchrt wurde.<\/p> <p>Neben seiner historischen Verbindung zum Jakobsweg ist der kleine Ort auch daf\u00fcr bekannt, dass hier zwei der bedeutendsten Schriftsteller der galicischen und spanischen Literatur lebten: Rosal\u00eda de Castro und Camilo Jos\u00e9 Cela. In gastronomischer Hinsicht ist sie au\u00dferdem weltber\u00fchmt, weil hier die ber\u00fchmten Herb\u00f3n-Paprikaschoten angebaut werden.\n\t\t<\/div>\n\n\t\t<div id=\"locationSection\">\n\t\t\t<div>\n\t\t\t\t<h2 class=\"p-h2-town\">Standort<\/h2>\n\t\t\t\t<hr>\n\t\t\t\t<h3 class=\"p-h3-town\">Wegbeschreibung<\/h3>\n\t\t\t<\/div>\n\t\t\t<p>Padr\u00f3n ist sehr verkehrsg\u00fcnstig gelegen, da es an der Hauptzufahrtsstra\u00dfe AP-9 liegt, die eine Ausfahrt in der Stadt selbst hat. Auf diese Weise ist es nur wenige Minuten von den gro\u00dfen St\u00e4dten Santiago, Coru\u00f1a und Vigo entfernt. Eine andere M\u00f6glichkeit, die Stadt zu erreichen, ist die Nationalstra\u00dfe, die Padr\u00f3n mit Pontevedra verbindet.\n\n<p>Der Ort verf\u00fcgt \u00fcber einen Bus- und einen Bahnhof, die ihn mehrmals t\u00e4glich mit den wichtigsten St\u00e4dten Galiciens verbinden und ihn so besser zug\u00e4nglich machen.\n\t\t\t<div>\n\t\t\t\t<div>\n  <iframe loading=\"lazy\"\n    src=\"https:\/\/www.google.com\/maps\/d\/embed?mid=1DCMVMBWBenlOkafgsZ3NiiR2xXicet0&amp;ehbc=2E312F\"\n    width=\"640\"\n    height=\"480\"\n    alt=\"Mapa Padr\u00f3n\"\n  ><\/iframe>\n<\/div>\n\n\t\t\t<\/div>\n\t\t<\/div>\n\n\t\t\n\t\t\t<div id=\"toVisitSection\">\n\t\t\t\t<div>\n\t\t\t\t\t<h2 class=\"p-h2-town\">Geschichte \/ Kultur<\/h2>\n\t\t\t\t\t<hr>\n\t\t\t\t\t<h3 class=\"p-h3-town\">Was es zu sehen gibt<\/h3>\n\t\t\t\t<\/div>\n\t\t\t\t<div>\n\t\t\t\t\t<div class=\"accordion\">\n\t\t\t\t\t\t<div class=\"accordion__menu\">\n\t\t\t\t\t\t\t<nav>\n\t\t\t\t\t\t\t\t\n\t\t\t\t\t\t\t\t\t<button class=\"nav-tab-accordion active\"><span>&#10093;<\/span><span> Puente de Santiago<\/span><\/button>\n\t\t\t\t\t\t\t\t\n\t\t\t\t\t\t\t\t\t<button class=\"nav-tab-accordion \"><span>&#10093;<\/span><span> Iglesia de Santiago<\/span><\/button>\n\t\t\t\t\t\t\t\t\n\t\t\t\t\t\t\t\t\t<button class=\"nav-tab-accordion \"><span>&#10093;<\/span><span> Fundaci\u00f3n Camilo Jos\u00e9 Cela<\/span><\/button>\n\t\t\t\t\t\t\t\t\n\t\t\t\t\t\t\t\t\t<button class=\"nav-tab-accordion \"><span>&#10093;<\/span><span> Fuente do Carme<\/span><\/button>\n\t\t\t\t\t\t\t\t\n\t\t\t\t\t\t\t\t\t<button class=\"nav-tab-accordion \"><span>&#10093;<\/span><span> Convento do Carme<\/span><\/button>\n\t\t\t\t\t\t\t\t\n\t\t\t\t\t\t\t\t\t<button class=\"nav-tab-accordion \"><span>&#10093;<\/span><span> El Espol\u00f3n<\/span><\/button>\n\t\t\t\t\t\t\t\t\n\t\t\t\t\t\t\t\t\t<button class=\"nav-tab-accordion \"><span>&#10093;<\/span><span> Palacio del Obispo Quito<\/span><\/button>\n\t\t\t\t\t\t\t\t\n\t\t\t\t\t\t\t\t\t<button class=\"nav-tab-accordion \"><span>&#10093;<\/span><span> Jard\u00edn Bot\u00e1nico Art\u00edstico<\/span><\/button>\n\t\t\t\t\t\t\t\t\n\t\t\t\t\t\t\t\t\t<button class=\"nav-tab-accordion \"><span>&#10093;<\/span><span> Ermita de Santiagui\u00f1o do Monte<\/span><\/button>\n\t\t\t\t\t\t\t\t\n\t\t\t\t\t\t\t\t\t<button class=\"nav-tab-accordion \"><span>&#10093;<\/span><span> Colegiata de Iria Flavia<\/span><\/button>\n\t\t\t\t\t\t\t\t\n\t\t\t\t\t\t\t\t\t<button class=\"nav-tab-accordion \"><span>&#10093;<\/span><span> El Pedr\u00f3n<\/span><\/button>\n\t\t\t\t\t\t\t\t\n\t\t\t\t\t\t\t\t\t<button class=\"nav-tab-accordion \"><span>&#10093;<\/span><span> Cruceiro de Fondo da Vila<\/span><\/button>\n\t\t\t\t\t\t\t\t\n\t\t\t\t\t\t\t\t\t<button class=\"nav-tab-accordion \"><span>&#10093;<\/span><span> Casa de Rosal\u00eda de Castro<\/span><\/button>\n\t\t\t\t\t\t\t\t\n\t\t\t\t\t\t\t\t\t<button class=\"nav-tab-accordion \"><span>&#10093;<\/span><span> \u00c1rea Recreativa Santiagui\u00f1o do Monte<\/span><\/button>\n\t\t\t\t\t\t\t\t\n\t\t\t\t\t\t\t<\/nav>\n\t\t\t\t\t\t<\/div>\n\n\t\t\t\t\t\t\n\t\t\t\t\t\t\t<div class=\"accordion__accordion-content \">\n\t\t\t\t\t\t\t\t<div>\n\t\t\t\t\t\t\t\t\t<div>\n\t\t\t\t\t\t\t\t\t\t<h4>Puente de Santiago<\/h4>\n\t\t\t\t\t\t\t\t\t\t<p>Die Br\u00fccke von Santiago wurde 1852 \u00fcber einem alten Tempel erbaut, der von einer Flut weggeschwemmt wurde. Die heutige Konstruktion ist aus Mauerwerk und besteht aus drei B\u00f6gen, die von dicken Pfeilern gest\u00fctzt werden.<\/p> <p>Die Br\u00fccke wurde 1852 \u00fcber einer alten Kirche gebaut, die von einer Flut weggeschwemmt wurde.\n\t\t\t\t\t\t\t\t\t<\/div>\n\t\t\t\t\t\t\t\t\t<img decoding=\"async\" src=\"https:\/\/cdn.pilgrim.es\/web\/caminos\/camino-portugues\/pueblos\/padron\/puntos-de-interes\/puente-de-santiago.jpg\" alt=\"Puente de Santiago\">\n\t\t\t\t\t\t\t\t<\/div>\n\t\t\t\t\t\t\t<\/div>\n\t\t\t\t\t\t\n\t\t\t\t\t\t\t<div class=\"accordion__accordion-content inactive\">\n\t\t\t\t\t\t\t\t<div>\n\t\t\t\t\t\t\t\t\t<div>\n\t\t\t\t\t\t\t\t\t\t<h4>Iglesia de Santiago<\/h4>\n\t\t\t\t\t\t\t\t\t\t<p>Die Kirche von Santiago ist eine neoklassizistische Kirche mit einer gotischen Trib\u00fcne, auf der ein Bild des Heiligen Jakobus des Pilgers aus dem 15.\n\n<p>Besonders erw\u00e4hnenswert ist, dass im Gotteshaus unter dem Hauptaltar die Reliquie des Pedr\u00f3n aufbewahrt wird, ein Felsen, der der Legende nach dazu diente, das Boot zu halten, das die sterblichen \u00dcberreste des Apostels von Pal\u00e4stina nach Galicien brachte.\n\n<p>MESSENZEITPLAN<\/p> <p>MESSENZEITPLAN<\/p> <p>.\n\n<p>Vom 1. Oktober bis 30. Juni Wochentage und Abende um 19:30 Uhr Vesper um 19:30 Uhr Feiertage um 09:30 Uhr und 12:30 UhrVom 1. Juli bis 30. September Wochentage und Abende um 20:30 Uhr Feiertage um 09:30 Uhr und 12:30 Uhr<\/p> <p>Vom 1. Juli bis 30. September Wochentage und Abende um 20:30 Uhr Feiertage um 09:30 Uhr und 12:30 Uhr<\/p> <p>Vom 1. Oktober bis 30. Juni Wochentage und Vesper um 19:30 Uhr Vesper um 19:30 Uhr Feiertage um 09:30 Uhr und 12:30 Uhr\n\n<p>INFORMATIONEN VON INTERESSE<\/p>\n\n<p>Telefon: 981 810 350<\/p>\n\t\t\t\t\t\t\t\t\t<\/div>\n\t\t\t\t\t\t\t\t\t<img decoding=\"async\" src=\"https:\/\/cdn.pilgrim.es\/web\/caminos\/camino-portugues\/pueblos\/padron\/puntos-de-interes\/iglesia-de-santiago.jpg\" alt=\"Iglesia de Santiago\">\n\t\t\t\t\t\t\t\t<\/div>\n\t\t\t\t\t\t\t<\/div>\n\t\t\t\t\t\t\n\t\t\t\t\t\t\t<div class=\"accordion__accordion-content inactive\">\n\t\t\t\t\t\t\t\t<div>\n\t\t\t\t\t\t\t\t\t<div>\n\t\t\t\t\t\t\t\t\t\t<h4>Fundaci\u00f3n Camilo Jos\u00e9 Cela<\/h4>\n\t\t\t\t\t\t\t\t\t\t<p>Diese Stiftung zu Ehren des Schriftstellers Camilo Jos\u00e9 Cela befindet sich im selben Geb\u00e4ude wie sein Hausmuseum und gegen\u00fcber der Stiftskirche Santa Mar\u00eda. In den R\u00e4umlichkeiten k\u00f6nnen wir seine Geschichte anhand zahlreicher pers\u00f6nlicher Gegenst\u00e4nde, einiger Werke und sogar eines kleinen Eisenbahnmuseums, das von Jos\u00e9 Celas Gro\u00dfvater gestiftet wurde, nachvollziehen. Er hatte eine sehr verantwortungsvolle Position in dem Unternehmen inne, das die erste Eisenbahnlinie zwischen Santiago und Pontevedra baute. <\/p>\n\n<p>STUNDEN<\/p>\n\n<p>Von September bis Juni Dienstag bis Samstag von 10:00 bis 14:00 Uhr und von 16:00 bis 19:00 Uhr Sonntags, Montags und an Feiertagen geschlossen<\/p> <p>Juli und August Dienstag bis Samstag von 10:00 bis 14:00 Uhr und von 16:00 bis 20:00 Uhr Sonntags, Montags und an Feiertagen geschlossen<\/p> &lt;p\n\n<p>GEB\u00dcHR<\/p>\n\n<p>Allgemeiner Eintritt 2,40\u20acJugend- oder Studentenausweis und Erwachsenengruppen ab 15 Personen 1,20\u20acMinderj\u00e4hrige, \u00fcber 65-J\u00e4hrige, Rentner, Mitglieder der &#8222;Freunde des Museums&#8220;, Freiwillige im Kultur- und Bildungsbereich, Arbeitslose, Einwohner von Padr\u00f3n, freier EintrittKinder, Gruppen von Grund- und weiterf\u00fchrenden Schulen, Gymnasien, Berufsschulen und Universit\u00e4ten, freier EintrittDienstags ganzt\u00e4gig und samstags nachmittags, freier Eintritt<\/p>\n\n<p>INFORMATIONEN VON INTERESSE<\/p>\n\n<p>Web: www.fundacioncela.comE-mail: visitas@fundacioncela.comTel\u00e9fono: 981 812 425, 981 810 348<\/p>\n\t\t\t\t\t\t\t\t\t<\/div>\n\t\t\t\t\t\t\t\t\t<img decoding=\"async\" src=\"https:\/\/cdn.pilgrim.es\/web\/caminos\/camino-portugues\/pueblos\/padron\/puntos-de-interes\/fundacion-camilo-jose-cela.jpg\" alt=\"Fundaci\u00f3n Camilo Jos\u00e9 Cela\">\n\t\t\t\t\t\t\t\t<\/div>\n\t\t\t\t\t\t\t<\/div>\n\t\t\t\t\t\t\n\t\t\t\t\t\t\t<div class=\"accordion__accordion-content inactive\">\n\t\t\t\t\t\t\t\t<div>\n\t\t\t\t\t\t\t\t\t<div>\n\t\t\t\t\t\t\t\t\t\t<h4>Fuente do Carme<\/h4>\n\t\t\t\t\t\t\t\t\t\t<p>Der Carme-Brunnen wurde im 16. Jahrhundert erbaut und beherbergt eine Schmerzensmutter. Er wurde 1789 wieder aufgebaut, wie eine Inschrift auf dem Brunnen zeigt. <\/p>\n\n<p>Im Inneren befindet sich eine Tafel, auf der zu lesen ist, dass der Bischof von Sidonia allen Gl\u00e4ubigen, die zu F\u00fc\u00dfen des Bildes der Jungfrau beten, vierzig Tage Aufschub gew\u00e4hrt.\n\t\t\t\t\t\t\t\t\t<\/div>\n\t\t\t\t\t\t\t\t\t<img decoding=\"async\" src=\"https:\/\/cdn.pilgrim.es\/web\/caminos\/camino-portugues\/pueblos\/padron\/puntos-de-interes\/fuente-do-carme.jpg\" alt=\"Fuente do Carme\">\n\t\t\t\t\t\t\t\t<\/div>\n\t\t\t\t\t\t\t<\/div>\n\t\t\t\t\t\t\n\t\t\t\t\t\t\t<div class=\"accordion__accordion-content inactive\">\n\t\t\t\t\t\t\t\t<div>\n\t\t\t\t\t\t\t\t\t<div>\n\t\t\t\t\t\t\t\t\t\t<h4>Convento do Carme<\/h4>\n\t\t\t\t\t\t\t\t\t\t<p>Das Kloster El Carmen wurde im 18. Jahrhundert dank der Schenkung von Alonso de la Pe\u00f1a y Montenegro errichtet. Urspr\u00fcnglich geh\u00f6rte es dem Orden der Karmeliter und sp\u00e4ter dem Dominikanerorden. <\/p>\n\n<p>Dieses Bauwerk ist heute ein gro\u00dfartiges Beispiel f\u00fcr die neoklassizistische Architektur Galiciens und wurde zu einem improvisierten Aussichtspunkt, von dem aus man die Stadt Padr\u00f3n vom Monte San Gregorio aus beobachten kann.\n\n<p>MESSENZEITPLAN<\/p>\n\n<p>Winter Montag bis Samstag um 19:30 Sonntags um 09:00, 13:00 und 19:30Sommer Montag bis Samstag um 20:00 Sonntags um 09:00, 13:00 und 20:00<\/p> <p>Sommer Montag bis Samstag um 20:00 Sonntags um 09:00, 13:00 und 20:00<\/p> <p>Sommer\n\n<p>STUNDEN<\/p>\n\n<p>Vor und nach den liturgischen Handlungen<\/p>\n\n<p>TARIF<\/p>\n\n<p>Freier Eintritt<\/p> <p>Freier Eintritt<\/p>\n\n<p>INFORMATIONEN VON INTERESSE<\/p>\n\n<p>Telefon: 981 810 044 <\/p>\n\t\t\t\t\t\t\t\t\t<\/div>\n\t\t\t\t\t\t\t\t\t<img decoding=\"async\" src=\"https:\/\/cdn.pilgrim.es\/web\/caminos\/camino-portugues\/pueblos\/padron\/puntos-de-interes\/convento-do-carme.jpg\" alt=\"Convento do Carme\">\n\t\t\t\t\t\t\t\t<\/div>\n\t\t\t\t\t\t\t<\/div>\n\t\t\t\t\t\t\n\t\t\t\t\t\t\t<div class=\"accordion__accordion-content inactive\">\n\t\t\t\t\t\t\t\t<div>\n\t\t\t\t\t\t\t\t\t<div>\n\t\t\t\t\t\t\t\t\t\t<h4>El Espol\u00f3n<\/h4>\n\t\t\t\t\t\t\t\t\t\t<p>El Espol\u00f3n ist eine sch\u00f6ne Promenade, an der sich zwei Skulpturen befinden, von denen eine nach Norden gerichtet ist und vom K\u00fcnstler Jos\u00e9 Mar\u00eda Mateos Mitte des 20. Jahrhunderts zu Ehren von Rosal\u00eda de Castro geschaffen wurde. Jahrhunderts zu Ehren von Rosal\u00eda de Castro geschaffen wurde. Die andere ist nach S\u00fcden ausgerichtet und erinnert an den Schriftsteller Camilo Jos\u00e9 Cela, ein Werk von Ferreiro Bad\u00eda.\n\n<p>Auf diesem nat\u00fcrlichen Platz findet jeden Sonntag ein gro\u00dfer Markt statt, auf dem man eine Vielzahl hochwertiger, f\u00fcr die Region typischer Produkte erwerben kann.\n\t\t\t\t\t\t\t\t\t<\/div>\n\t\t\t\t\t\t\t\t\t<img decoding=\"async\" src=\"https:\/\/cdn.pilgrim.es\/web\/caminos\/camino-portugues\/pueblos\/padron\/puntos-de-interes\/espolon.jpg\" alt=\"El Espol\u00f3n\">\n\t\t\t\t\t\t\t\t<\/div>\n\t\t\t\t\t\t\t<\/div>\n\t\t\t\t\t\t\n\t\t\t\t\t\t\t<div class=\"accordion__accordion-content inactive\">\n\t\t\t\t\t\t\t\t<div>\n\t\t\t\t\t\t\t\t\t<div>\n\t\t\t\t\t\t\t\t\t\t<h4>Palacio del Obispo Quito<\/h4>\n\t\t\t\t\t\t\t\t\t\t<p>Der Palast des Bischofs von Quito verdankt seinen Namen dem Bischof Alonso de la Pe\u00f1a y Montenegro, der auch Generalkapit\u00e4n von Quito war. An diesem Denkmal sind Elemente wie ein Rundbogen und zwei Wappen an der Fassade zur Calle de los Dolores hervorzuheben.<\/p> <p>Die Fassade des Geb\u00e4udes weist zahlreiche Elemente wie einen Rundbogen und zwei Wappen an der Fassade zur Calle de los Dolores auf.\n\n<p>INFORMATIONEN VON INTERESSE<\/p>.\n\n<p>Privates Herrenhaus, nicht f\u00fcr die \u00d6ffentlichkeit zug\u00e4nglich<\/p> <p>Privates Herrenhaus, nicht f\u00fcr die \u00d6ffentlichkeit zug\u00e4nglich<\/p> <p>.\n\t\t\t\t\t\t\t\t\t<\/div>\n\t\t\t\t\t\t\t\t\t<img decoding=\"async\" src=\"https:\/\/cdn.pilgrim.es\/web\/caminos\/camino-portugues\/pueblos\/padron\/puntos-de-interes\/palacio-obispo-quito.jpg\" alt=\"Palacio del Obispo Quito\">\n\t\t\t\t\t\t\t\t<\/div>\n\t\t\t\t\t\t\t<\/div>\n\t\t\t\t\t\t\n\t\t\t\t\t\t\t<div class=\"accordion__accordion-content inactive\">\n\t\t\t\t\t\t\t\t<div>\n\t\t\t\t\t\t\t\t\t<div>\n\t\t\t\t\t\t\t\t\t\t<h4>Jard\u00edn Bot\u00e1nico Art\u00edstico<\/h4>\n\t\t\t\t\t\t\t\t\t\t<p>Der Botanische Kunstgarten wurde zum Nationalen Kunstdenkmal erkl\u00e4rt, da er einer der \u00e4ltesten G\u00e4rten Spaniens ist. Dieser Ort ist bei den Einwohnern sehr beliebt und steht in engem Zusammenhang mit dem Apostel Santiago und den Schriftstellern Camilo Jos\u00e9 Cela und Rosal\u00eda de Castro, zu deren Ehren hier Skulpturen aufgestellt wurden.\n\n<p>Dieser Platz beherbergt eine gro\u00dfe Vielfalt an Pflanzenarten, insbesondere kann man etwa dreihundert Pflanzenarten und neun Arten von Flora sehen, die im Katalog der monumentalen B\u00e4ume von Finisterrae aufgef\u00fchrt sind.<\/p> <p>Sie sind auch im Katalog der monumentalen B\u00e4ume von Finisterrae aufgef\u00fchrt.<\/p> <p>Sie sind auch im Katalog der monumentalen B\u00e4ume von Finisterrae aufgef\u00fchrt.\n\n<p>STUNDEN<\/p>\n\n<p>Montag bis Sonntag von 09:00 bis 21:00 Uhr<\/p> <p>Montag bis Sonntag von 09:00 bis 21:00 Uhr<\/p>\n\t\t\t\t\t\t\t\t\t<\/div>\n\t\t\t\t\t\t\t\t\t<img decoding=\"async\" src=\"https:\/\/cdn.pilgrim.es\/web\/caminos\/camino-portugues\/pueblos\/padron\/puntos-de-interes\/jardin-botanico.jpg\" alt=\"Jard\u00edn Bot\u00e1nico Art\u00edstico\">\n\t\t\t\t\t\t\t\t<\/div>\n\t\t\t\t\t\t\t<\/div>\n\t\t\t\t\t\t\n\t\t\t\t\t\t\t<div class=\"accordion__accordion-content inactive\">\n\t\t\t\t\t\t\t\t<div>\n\t\t\t\t\t\t\t\t\t<div>\n\t\t\t\t\t\t\t\t\t\t<h4>Ermita de Santiagui\u00f1o do Monte<\/h4>\n\t\t\t\t\t\t\t\t\t\t<p>Die Kapelle Santiagui\u00f1o do Monte befindet sich an den H\u00e4ngen des Monte San Gregorio. Dieses kleine Gotteshaus wurde im 15. Jahrhundert von Erzbischof Rodrigo de Luna erbaut und im Laufe der Jahre mehrfach umgebaut. Davon zeugen alle heutigen Anbauten und Erweiterungen, wie die Hauptfassade mit dem Turm und das Atrium, die alle aus dem 19.\n\n<p>Besonders erw\u00e4hnenswert ist, dass sich in dieser Einsiedelei das gotische Grab von San Gregorio, dem Einsiedler, der das alte Geb\u00e4ude betreute, und das Wappen der Familie von Erzbischof Rodrigo de Luna befinden. <\/p>\n\t\t\t\t\t\t\t\t\t<\/div>\n\t\t\t\t\t\t\t\t\t<img decoding=\"async\" src=\"https:\/\/cdn.pilgrim.es\/web\/caminos\/camino-portugues\/pueblos\/padron\/puntos-de-interes\/ermita-santiaguino-do-monte.jpg\" alt=\"Ermita de Santiagui\u00f1o do Monte\">\n\t\t\t\t\t\t\t\t<\/div>\n\t\t\t\t\t\t\t<\/div>\n\t\t\t\t\t\t\n\t\t\t\t\t\t\t<div class=\"accordion__accordion-content inactive\">\n\t\t\t\t\t\t\t\t<div>\n\t\t\t\t\t\t\t\t\t<div>\n\t\t\t\t\t\t\t\t\t\t<h4>Colegiata de Iria Flavia<\/h4>\n\t\t\t\t\t\t\t\t\t\t<p>Die Stiftskirche Iria Flavia gilt als eine der ersten katholischen Kirchen der Welt, die der Jungfrau Maria geweiht ist, und ist damit eine der \u00e4ltesten Kirchen Galiciens. <\/p>\n\n<p>In diesem Gotteshaus befinden sich die Gr\u00e4ber der galicischen Schriftsteller Rosal\u00eda de Castro und Camilo Jos\u00e9 Cela sowie die sterblichen \u00dcberreste von achtundzwanzig Bisch\u00f6fen.<\/p> <p>Die Stiftskirche Iria Flavia beherbergt auch die Gr\u00e4ber der galicischen Schriftsteller Rosal\u00eda de Castro und Camilo Jos\u00e9 Cela.\n\n<p>MESSENZEITPLAN<\/p>\n\n<p>Montags bis samstags um 19:0Sonntags um 11:30<\/p>\n\n<p>STUNDEN<\/p>\n\n<p>Montag bis Samstag von 18:15 bis 19:30Sonntag von 10:30 bis 12:30<\/p> <p>Montag bis Samstag von 18:15 bis 19:30Sonntag von 10:30 bis 12:30<\/p> &lt;p\n\n<p>INFORMATIONEN VON INTERESSE<\/p>\n\n<p>Telefon: 981 810 802, 981 810 350<\/p> <p>Telefon: 981 810 802, 981 810 350<\/p>\n\t\t\t\t\t\t\t\t\t<\/div>\n\t\t\t\t\t\t\t\t\t<img decoding=\"async\" src=\"https:\/\/cdn.pilgrim.es\/web\/caminos\/camino-portugues\/pueblos\/padron\/puntos-de-interes\/colegiata-iria-flavia.jpg\" alt=\"Colegiata de Iria Flavia\">\n\t\t\t\t\t\t\t\t<\/div>\n\t\t\t\t\t\t\t<\/div>\n\t\t\t\t\t\t\n\t\t\t\t\t\t\t<div class=\"accordion__accordion-content inactive\">\n\t\t\t\t\t\t\t\t<div>\n\t\t\t\t\t\t\t\t\t<div>\n\t\t\t\t\t\t\t\t\t\t<h4>El Pedr\u00f3n<\/h4>\n\t\t\t\t\t\t\t\t\t\t<p>Der Pedr\u00f3n ist ein Stein, der am Hauptaltar der Kirche von Santiago aufbewahrt wird und der der \u00dcberlieferung nach dazu diente, das &#8222;steinerne Boot&#8220; zu halten, das die sterblichen \u00dcberreste des Apostels von Pal\u00e4stina nach Galicien brachte.<\/p> <p>Der Pedr\u00f3n ist ein Stein, der dazu diente, das &#8222;steinerne Boot&#8220; zu halten, das die sterblichen \u00dcberreste des Apostels von Pal\u00e4stina nach Galicien brachte.\n\n<p>Heute gilt dieser Granitstein als Symbol f\u00fcr unz\u00e4hlige Pilger, die auf ihrem Weg entlang des Portugiesischen Weges in der Stadt Padr\u00f3n ankommen, um dieses interessante Granitdenkmal zu bewundern.\n\n<p>STUNDEN<\/p>\n\n<p>Winter Montag von 18:00 bis 19:30 Uhr Dienstag bis Samstag von 10:00 bis 13:00 Uhr und von 17:00 bis 19:30 Uhr Sonntags von 10:00 bis 12:00 UhrSommer Montag von 18:00 bis 20:00 Uhr Dienstag bis Samstag von 10:00 bis 13:00 Uhr und von 17:00 bis 20:00 Uhr Sonntags von 10:00 bis 12:00 Uhr<\/p>\n\n<p>INFORMATIONEN VON INTERESSE<\/p>\n\n<p>Telefon: 981 810 350<\/p> <p>Telefon: 981 810 350<\/p>\n\t\t\t\t\t\t\t\t\t<\/div>\n\t\t\t\t\t\t\t\t\t<img decoding=\"async\" src=\"https:\/\/cdn.pilgrim.es\/web\/caminos\/camino-portugues\/pueblos\/padron\/puntos-de-interes\/pedron.jpg\" alt=\"El Pedr\u00f3n\">\n\t\t\t\t\t\t\t\t<\/div>\n\t\t\t\t\t\t\t<\/div>\n\t\t\t\t\t\t\n\t\t\t\t\t\t\t<div class=\"accordion__accordion-content inactive\">\n\t\t\t\t\t\t\t\t<div>\n\t\t\t\t\t\t\t\t\t<div>\n\t\t\t\t\t\t\t\t\t\t<h4>Cruceiro de Fondo da Vila<\/h4>\n\t\t\t\t\t\t\t\t\t\t<p>Das Querschiff Fondo da Vila aus dem 15. Jahrhundert stellt auf der Vorderseite den gekreuzigten Christus und auf der R\u00fcckseite die Kreuzabnahme dar. Au\u00dferdem sind vier Totenk\u00f6pfe an den R\u00e4ndern des Sockels der Konstruktion zu sehen.\n\n<p>Dieses religi\u00f6se Monument befand sich in O Espol\u00f3n, und es ist auch erw\u00e4hnenswert, dass es von Alfonso Daniel Rodr\u00edguez Castelao sehr bewundert wurde.<\/p> &lt;p\n\t\t\t\t\t\t\t\t\t<\/div>\n\t\t\t\t\t\t\t\t\t<img decoding=\"async\" src=\"https:\/\/cdn.pilgrim.es\/web\/caminos\/camino-portugues\/pueblos\/padron\/puntos-de-interes\/cruceiro-fondo-da-vila.jpg\" alt=\"Cruceiro de Fondo da Vila\">\n\t\t\t\t\t\t\t\t<\/div>\n\t\t\t\t\t\t\t<\/div>\n\t\t\t\t\t\t\n\t\t\t\t\t\t\t<div class=\"accordion__accordion-content inactive\">\n\t\t\t\t\t\t\t\t<div>\n\t\t\t\t\t\t\t\t\t<div>\n\t\t\t\t\t\t\t\t\t\t<h4>Casa de Rosal\u00eda de Castro<\/h4>\n\t\t\t\t\t\t\t\t\t\t<p>An diesem Ort starb 1885 die ber\u00fchmte galicische Schriftstellerin und Dichterin Rosal\u00eda de Castro. In den 1970er Jahren wurde beschlossen, diesen Ort zu restaurieren und zu renovieren, um diese f\u00fcr die gesamte galicische Gemeinschaft wichtige Pers\u00f6nlichkeit zu ehren, und im Nebengeb\u00e4ude wurde das Zentrum f\u00fcr Rosal\u00eda-Studien eingerichtet.\n\n<p>Heute kann man die zahlreichen R\u00e4ume besichtigen, um sich an das Leben dieser gro\u00dfen Dichterin zu erinnern, wo man zahlreiche pers\u00f6nliche Gegenst\u00e4nde und verschiedene Dokumente sehen kann. Abgesehen von der historischen Bedeutung des Ortes ist er von einem wundersch\u00f6nen Garten voller B\u00e4ume und Blumen umgeben, den es fr\u00fcher nicht gab, sondern einen Obstgarten, in dem die Familie Castro Nahrungsmittel f\u00fcr den Lebensunterhalt anpflanzte. <\/p>\n\n<p>STUNDEN<\/p>\n\n<p>Juli bis September Dienstag bis Samstag von 10:00 bis 14:00 Uhr und von 16:00 bis 20:00 Uhr Sonntags und an Feiertagen von 10:00 bis 13:30 Uhr Montag geschlossenOktober bis Juni Dienstag bis Samstag von 10:00 bis 13:30 Uhr und von 16:00 bis 19:00 Uhr Sonntags und an Feiertagen von 10:00 bis 13:30 Uhr Montag geschlossen<\/p> <p>Oktober bis Juni Dienstag bis Samstag von 10:00 bis 13:30 Uhr und von 16:00 bis 19:00 Uhr Sonntags und an Feiertagen von 10:00 bis 13:30 Uhr Montag geschlossen<\/p> &lt;p\n\n<p>GEB\u00dcHR<\/p>\n\n<p>Allgemeiner Eintritt 2\u20acGruppen +20 Personen 1,50\u20acColexios (maiores 6 anos) 1\u20acColexios (menores 6 anos) freier Eintritt<\/p>\n\n<p>INFORMATIONEN VON INTERESSE<\/p>\n\n<p>Web: rosalia.gal\/a-casa-museoE-Mail: fundacion@rosaliadecastro.orgTel\u00e9fono: 981 811 204<\/p>\n\t\t\t\t\t\t\t\t\t<\/div>\n\t\t\t\t\t\t\t\t\t<img decoding=\"async\" src=\"https:\/\/cdn.pilgrim.es\/web\/caminos\/camino-portugues\/pueblos\/padron\/puntos-de-interes\/casa-rosalia-de-castro.jpg\" alt=\"Casa de Rosal\u00eda de Castro\">\n\t\t\t\t\t\t\t\t<\/div>\n\t\t\t\t\t\t\t<\/div>\n\t\t\t\t\t\t\n\t\t\t\t\t\t\t<div class=\"accordion__accordion-content inactive\">\n\t\t\t\t\t\t\t\t<div>\n\t\t\t\t\t\t\t\t\t<div>\n\t\t\t\t\t\t\t\t\t\t<h4>\u00c1rea Recreativa Santiagui\u00f1o do Monte<\/h4>\n\t\t\t\t\t\t\t\t\t\t<p>Das Erholungsgebiet Santiagui\u00f1o do Monte verf\u00fcgt \u00fcber verschiedene Dienstleistungen und ist mit Grills, Brunnen, Tischen und einem Kinderspielplatz ausgestattet. Dieser Ort ist der Freizeit und dem Genuss der Natur gewidmet, steht aber auch in engem Zusammenhang mit der H\u00f6hle, in der sich der Apostel Santiago versteckt hatte. Aus diesem Grund symbolisiert dieser Ort die Vergebung der S\u00fcnden. <\/p>\n\n<p>Es gibt auch einen Brunnen, der eine gro\u00dfe Tradition birgt, denn es hei\u00dft, dass sich an diesem Ort ein Wunder des Apostels Santiago ereignet hat. Er brachte das Wasser zum Flie\u00dfen, nachdem er dreimal mit seinem Stock auf den Brunnen geschlagen hatte, um den Durst einer liebensw\u00fcrdigen Frau zu stillen.\n\t\t\t\t\t\t\t\t\t<\/div>\n\t\t\t\t\t\t\t\t\t<img decoding=\"async\" src=\"https:\/\/cdn.pilgrim.es\/web\/caminos\/camino-portugues\/pueblos\/padron\/puntos-de-interes\/santiaguino-do-monte.jpg\" alt=\"\u00c1rea Recreativa Santiagui\u00f1o do Monte\">\n\t\t\t\t\t\t\t\t<\/div>\n\t\t\t\t\t\t\t<\/div>\n\t\t\t\t\t\t\n\t\t\t\t\t<\/div>\n\t\t\t\t<\/div>\n\t\t\t<\/div>\n\t\t\n\n\t\t<div id=\"phonesSection\">\n\t\t\t<div>\n\t\t\t\t<h2 class=\"p-h3-town\">Informationen von Interesse<\/h2>\n\t\t\t<\/div>\n\t\t\t<div class=\"grid\">\n\t\t\t\t\n\t\t\t\t\t<div class=\"phone-number-item\">\n\t\t\t\t\t\t<div class=\"phone-number-item__icon\"><i class=\"icon-police\"><\/i><\/div>\n\t\t\t\t\t\t<div class=\"phone-number-item__title\">\n\t\t\t\t\t\t\t<h3 class=\"p-font-bold\">Ortspolizei<\/h3>\n\t\t\t\t\t\t\t<p>981 810 247<\/p>\n\t\t\t\t\t\t\t\n\t\t\t\t\t\t<\/div>\n\t\t\t\t\t<\/div>\n\t\t\t\t\n\t\t\t\t\t<div class=\"phone-number-item\">\n\t\t\t\t\t\t<div class=\"phone-number-item__icon\"><i class=\"icon-spanish-military-police\"><\/i><\/div>\n\t\t\t\t\t\t<div class=\"phone-number-item__title\">\n\t\t\t\t\t\t\t<h3 class=\"p-font-bold\">Zivilwache<\/h3>\n\t\t\t\t\t\t\t<p>981 810 091<\/p>\n\t\t\t\t\t\t\t\n\t\t\t\t\t\t<\/div>\n\t\t\t\t\t<\/div>\n\t\t\t\t\n\t\t\t\t\t<div class=\"phone-number-item\">\n\t\t\t\t\t\t<div class=\"phone-number-item__icon\"><i class=\"icon-firefighters\"><\/i><\/div>\n\t\t\t\t\t\t<div class=\"phone-number-item__title\">\n\t\t\t\t\t\t\t<h3 class=\"p-font-bold\">Feuerwehr<\/h3>\n\t\t\t\t\t\t\t<p>981 542 444<\/p>\n\t\t\t\t\t\t\t\n\t\t\t\t\t\t<\/div>\n\t\t\t\t\t<\/div>\n\t\t\t\t\n\t\t\t\t\t<div class=\"phone-number-item\">\n\t\t\t\t\t\t<div class=\"phone-number-item__icon\"><i class=\"icon-civil-protection\"><\/i><\/div>\n\t\t\t\t\t\t<div class=\"phone-number-item__title\">\n\t\t\t\t\t\t\t<h3 class=\"p-font-bold\">Zivilschutz<\/h3>\n\t\t\t\t\t\t\t<p>981 812 929<\/p>\n\t\t\t\t\t\t\t\n\t\t\t\t\t\t<\/div>\n\t\t\t\t\t<\/div>\n\t\t\t\t\n\t\t\t\t\t<div class=\"phone-number-item\">\n\t\t\t\t\t\t<div class=\"phone-number-item__icon\"><i class=\"icon-town-council\"><\/i><\/div>\n\t\t\t\t\t\t<div class=\"phone-number-item__title\">\n\t\t\t\t\t\t\t<h3 class=\"p-font-bold\">Rathaus<\/h3>\n\t\t\t\t\t\t\t<p>981 810 451<\/p>\n\t\t\t\t\t\t\t\n\t\t\t\t\t\t<\/div>\n\t\t\t\t\t<\/div>\n\t\t\t\t\n\t\t\t\t\t<div class=\"phone-number-item\">\n\t\t\t\t\t\t<div class=\"phone-number-item__icon\"><i class=\"icon-hospital\"><\/i><\/div>\n\t\t\t\t\t\t<div class=\"phone-number-item__title\">\n\t\t\t\t\t\t\t<h3 class=\"p-font-bold\">Gesundheitszentrum<\/h3>\n\t\t\t\t\t\t\t<p>981 810 920<\/p>\n\t\t\t\t\t\t\t\n\t\t\t\t\t\t<\/div>\n\t\t\t\t\t<\/div>\n\t\t\t\t\n\t\t\t\t\t<div class=\"phone-number-item\">\n\t\t\t\t\t\t<div class=\"phone-number-item__icon\"><i class=\"icon-tourism\"><\/i><\/div>\n\t\t\t\t\t\t<div class=\"phone-number-item__title\">\n\t\t\t\t\t\t\t<h3 class=\"p-font-bold\">Fremdenverkehrsamt<\/h3>\n\t\t\t\t\t\t\t<p>646 593 319<\/p>\n\t\t\t\t\t\t\t\n\t\t\t\t\t\t\t\t<p>Av. Compostela, S\/N<\/p>\n\t\t\t\t\t\t\t\n\t\t\t\t\t\t<\/div>\n\t\t\t\t\t<\/div>\n\t\t\t\t\n\t\t\t<\/div>\n\t\t<\/div>\n\n\t\t<div id=\"clientForm\">\n        <section>\n        <img decoding=\"async\" src=\"https:\/\/cdn.pilgrim.es\/web\/home\/email-contacto.png\" alt=\"contacto\">\n        <div>\n            <p>Wir senden dir deine Planung<\/p>\n            <p>Gib uns deine Daten an und erhalte die Planung deiner Reise per E-Mail <\/p>\n            <form method=\"post\" data-url=\"\/wp-admin\/admin-ajax.php\" id=\"planner--client\" class=\"flag-right form-client\">\n    <div class=\"form-data\">\n        <input name=\"form_id\" type=\"hidden\" value=\"Formulario Leads\">\n        <input name=\"type\" type=\"hidden\" value=\"planner_client\">\n        <input type=\"text\" name=\"nombre\" value=\"\" size=\"40\" class=\"form-control\" aria-required=\"true\" aria-invalid=\"false\" placeholder=\"Name\">\n        <input type=\"email\" name=\"email\" value=\"\" size=\"40\" class=\"form-control\" aria-required=\"true\" aria-invalid=\"false\" placeholder=\"E- Mail\">\n        <input type=\"text\" id=\"phone-input\" name=\"tel\" value=\"\" size=\"40\" class=\"phone-input form-control\" aria-required=\"true\" aria-invalid=\"false\" placeholder=\"Telefon\">\n        <input type=\"hidden\" name=\"telefono\">\n    <\/div>\n    <div class=\"form-checkbox\">\n        <span>\n            Pilgrim Travel, S.L. teilt gem\u00e4\u00df Regulierung 2016\/679 mit, dass die in diesem Formular verwendeten Daten sowohl f\u00fcr die Beantwortung der m\u00f6glichen Anfragen als auch f\u00fcr die Ver\u00f6ffentlichung der Kommentare verwendet werden, mit der Zustimmung des Nutzers. Sie k\u00f6nnen Ihre Rechte in \u00dcbereinstimmung mit unserer Datenschutzbestimmungen aus\u00fcben             <a href=\"https:\/\/www.pilgrim.es\/politica-de-privacidad\/\" target=\"_blank\" rel=\"noopener noreferrer nofollow\">Datenschutzerkl\u00e4rung.<\/a>\n        <\/span>\n    <\/div>\n\n    <div class=\"form-submit\">\n        <button id=\"planner--client-create\" type=\"submit\">Anfrage senden<\/button>\n        <div class=\"loadingDiv\"><i class=\"p-spinner\"><\/i><\/div>\n    <\/div>\n\n    <div class=\"contact-content-form-success\">\n        <p><i class=\"fas fa-check\"><\/i> Das Formular hat sich erfolgreich gesendet.<\/p>\n    <\/div>\n\n    <div class=\"contact-content-form-error\">\n        <span class=\"input-error\"><\/span>\n    <\/div>\n<\/form>        <\/div>\n    <\/section>\n<\/div>\n\n\t\t<div id=\"recomendationSection\">\n\t\t\t<div>\n\t\t\t\t<h2 class=\"p-h2-town\">Empfohlen<\/h2>\n\t\t\t\t<hr>\n\t\t\t\t<h3 class=\"p-h3-town\">Gastronomie<\/h3>\n\t\t\t<\/div>\n\t\t\tDas Starprodukt dieser Stadt und fast der gesamten galicischen Provinz und Gemeinde sind die ber\u00fchmten Herb\u00f3n-Paprikaschoten, die seit 2009 eine eigene Ursprungsbezeichnung haben. Sie k\u00f6nnen Ihre Pilgerreise nicht fortsetzen, ohne die echten, in der Nachbarstadt Herb\u00f3n angebauten Paprikaschoten zu probieren und sich zu vergewissern, ob es stimmt, dass &#8222;uns pican e outros non&#8220;.\n\nAuch bei den Meeresfr\u00fcchten und dem Fisch ist die Frische der Produkte aufgrund der N\u00e4he zum Meer hervorzuheben, wobei der galicische Tintenfisch oder das traditionelle Neunauge wie in den vorherigen Orten hervorstechen.\n\nIn Galicien gibt es kein gutes Essen ohne ein gutes Getr\u00e4nk nach dem Essen, und das ist in Padr\u00f3n kein Problem, denn es gibt mehrere typische Nachspeisen. Zum einen gibt es einen Mandel-Eigelb-Kuchen, der dem traditionellen Santiago-Kuchen \u00e4hnelt, aber mit Eigelb gef\u00fcllt ist. Ebenfalls typisch sind Milhojas, Filloas, Almendrados und Picos de Picos-Kekse.\n\t\t<\/div>\n\n\n\t\t\n\t\t\t<div id=\"holidaysSection\">\n\t\t\t\t<div>\n\t\t\t\t\t<h2 class=\"p-h2-town\">Empfohlen<\/h2>\n\t\t\t\t\t<hr>\n\t\t\t\t\t<h3 class=\"p-h3-town\">Feste und Pilgerfahrten<\/h3>\n\t\t\t\t<\/div>\n\t\t\t\t<div class=\"grid holidays-grid\">\n\t\t\t\t\t\n\t\t\t\t\t\t<div>\n\t\t\t\t\t\t\t<div class=\"phone-number-item\">\n\t\t\t\t\t\t\t\t<div class=\"phone-number-item__icon\"><i class=\"icon-holiday\"><\/i><\/div>\n\t\t\t\t\t\t\t\t<div class=\"phone-number-item__title dark-text\">\n\t\t\t\t\t\t\t\t\t<p class=\"p-font-bold\">Lokaler Urlaub<\/p>\n\t\t\t\t\t\t\t\t\t<p>25 de Julio: Ap\u00f3stol<\/p>\n\t\t\t\t\t\t\t\t<\/div>\n\t\t\t\t\t\t\t<\/div>\n\t\t\t\t\t\t<\/div>\n\t\t\t\t\t\n\t\t\t\t\t\t<div>\n\t\t\t\t\t\t\t<div class=\"phone-number-item\">\n\t\t\t\t\t\t\t\t<div class=\"phone-number-item__icon\"><i class=\"icon-holiday\"><\/i><\/div>\n\t\t\t\t\t\t\t\t<div class=\"phone-number-item__title dark-text\">\n\t\t\t\t\t\t\t\t\t<p class=\"p-font-bold\">Lokaler Urlaub<\/p>\n\t\t\t\t\t\t\t\t\t<p>El segundo fin de semana de Julio: Feria Medieval<\/p>\n\t\t\t\t\t\t\t\t<\/div>\n\t\t\t\t\t\t\t<\/div>\n\t\t\t\t\t\t<\/div>\n\t\t\t\t\t\n\t\t\t\t\t\t<div>\n\t\t\t\t\t\t\t<div class=\"phone-number-item\">\n\t\t\t\t\t\t\t\t<div class=\"phone-number-item__icon\"><i class=\"icon-holiday\"><\/i><\/div>\n\t\t\t\t\t\t\t\t<div class=\"phone-number-item__title dark-text\">\n\t\t\t\t\t\t\t\t\t<p class=\"p-font-bold\">Lokaler Urlaub<\/p>\n\t\t\t\t\t\t\t\t\t<p>6 de Agosto: Fiesta del Pimiento de Herb\u00f3n<\/p>\n\t\t\t\t\t\t\t\t<\/div>\n\t\t\t\t\t\t\t<\/div>\n\t\t\t\t\t\t<\/div>\n\t\t\t\t\t\n\t\t\t\t<\/div>\n\t\t\t<\/div>\n\t\t\n\t<\/div>\n<\/section>\n\n<div id=\"stage_list_section\"><div class=\"stage-list\">\n    <div class='stage-list__map-card'>\n        <div class='stage-list__map-card__map'>\n            <div class='stage-list__map-card__map__text'>\n                <h2> Pages <\/h2>\n                <p> Zu Fu\u00df<\/p>\n                <p> 0etappen<\/p>\n            <\/div>\n            <div class='stage-list__map-card__map__img'>\n                <img decoding=\"async\" src=\"\" alt=\" mapa \" \/>\n            <\/div>\n        <\/div>\n    <\/div>\n\n    <\/div>\n<\/div> ","protected":false},"excerpt":{"rendered":"<p>Padr\u00f3n &#8249; Zur\u00fcck zur B\u00fchne Padr\u00f3n Einwohner: 8.693 aprox. Bundesland: A Coru\u00f1a Informationen Get to know Padr\u00f3n Padr\u00f3n ist einer der wichtigsten Orte auf dem Jakobsweg, denn der Legende nach war der Apostel zu Lebzeiten und nach seinem Tod hier, wobei sein Leichnam nach seinem Tod von seinen J\u00fcngern in einem steinernen Boot \u00fcberf\u00fchrt wurde. &hellip; <\/p>\n<p class=\"read_more\"><a href=\"https:\/\/www.pilgrim.es\/de\/portugiesischer-weg\/padron\/\">Leer m\u00e1s<\/a><\/p>\n","protected":false},"author":0,"featured_media":9659,"parent":10665,"menu_order":0,"comment_status":"closed","ping_status":"closed","template":"views\/template-new-web-design.blade.php","meta":{"footnotes":""},"categories":[],"tags":[],"class_list":["post-91234","page","type-page","status-publish","has-post-thumbnail","hentry"],"yoast_head":"<!-- This site is optimized with the Yoast SEO plugin v27.4 - https:\/\/yoast.com\/product\/yoast-seo-wordpress\/ -->\n<title>Padr\u00f3n: Was sehen und wo \u00fcbernachten | Jakobsweg | Pilgrim<\/title>\n<meta name=\"description\" content=\"Padr\u00f3n Entdecken Sie alle Informationen \u00fcber Unterk\u00fcnfte, Anreise, Gastronomie und die wichtigsten Sehensw\u00fcrdigkeiten der Orte am Portugiesischer Weg\" \/>\n<meta name=\"robots\" content=\"index, follow, max-snippet:-1, max-image-preview:large, max-video-preview:-1\" \/>\n<link rel=\"canonical\" href=\"https:\/\/www.pilgrim.es\/de\/portugiesischer-weg\/padron\/\" \/>\n<meta property=\"og:locale\" content=\"de_DE\" \/>\n<meta property=\"og:type\" content=\"article\" \/>\n<meta property=\"og:title\" content=\"Padr\u00f3n: Was sehen und wo \u00fcbernachten | Jakobsweg | Pilgrim\" \/>\n<meta property=\"og:description\" content=\"Padr\u00f3n Entdecken Sie alle Informationen \u00fcber Unterk\u00fcnfte, Anreise, Gastronomie und die wichtigsten Sehensw\u00fcrdigkeiten der Orte am Portugiesischer Weg\" \/>\n<meta property=\"og:url\" content=\"https:\/\/www.pilgrim.es\/de\/portugiesischer-weg\/padron\/\" \/>\n<meta property=\"og:site_name\" content=\"Pilgrim\" \/>\n<meta property=\"article:publisher\" content=\"https:\/\/www.facebook.com\/pilgrim.es\/\" \/>\n<meta property=\"og:image\" content=\"https:\/\/www.pilgrim.es\/wp-content\/uploads\/2019\/02\/padron11-520x370.png\" \/>\n\t<meta property=\"og:image:width\" content=\"520\" \/>\n\t<meta property=\"og:image:height\" content=\"370\" \/>\n\t<meta property=\"og:image:type\" content=\"image\/png\" \/>\n<meta name=\"twitter:card\" content=\"summary_large_image\" \/>\n<meta name=\"twitter:site\" content=\"@pilgrim_es\" \/>\n<meta name=\"twitter:label1\" content=\"Gesch\u00e4tzte Lesezeit\" \/>\n\t<meta name=\"twitter:data1\" content=\"11\u00a0Minuten\" \/>\n<script type=\"application\/ld+json\" class=\"yoast-schema-graph\">{\"@context\":\"https:\\\/\\\/schema.org\",\"@graph\":[{\"@type\":\"WebPage\",\"@id\":\"https:\\\/\\\/www.pilgrim.es\\\/de\\\/portugiesischer-weg\\\/padron\\\/\",\"url\":\"https:\\\/\\\/www.pilgrim.es\\\/de\\\/portugiesischer-weg\\\/padron\\\/\",\"name\":\"Padr\u00f3n: Was sehen und wo \u00fcbernachten | Jakobsweg | Pilgrim\",\"isPartOf\":{\"@id\":\"https:\\\/\\\/www.pilgrim.es\\\/de\\\/#website\"},\"primaryImageOfPage\":{\"@id\":\"https:\\\/\\\/www.pilgrim.es\\\/de\\\/portugiesischer-weg\\\/padron\\\/#primaryimage\"},\"image\":{\"@id\":\"https:\\\/\\\/www.pilgrim.es\\\/de\\\/portugiesischer-weg\\\/padron\\\/#primaryimage\"},\"thumbnailUrl\":\"https:\\\/\\\/www.pilgrim.es\\\/wp-content\\\/uploads\\\/2019\\\/02\\\/padron11-520x370.png\",\"datePublished\":\"2025-03-17T14:10:21+00:00\",\"description\":\"Padr\u00f3n Entdecken Sie alle Informationen \u00fcber Unterk\u00fcnfte, Anreise, Gastronomie und die wichtigsten Sehensw\u00fcrdigkeiten der Orte am Portugiesischer Weg\",\"breadcrumb\":{\"@id\":\"https:\\\/\\\/www.pilgrim.es\\\/de\\\/portugiesischer-weg\\\/padron\\\/#breadcrumb\"},\"inLanguage\":\"de\",\"potentialAction\":[{\"@type\":\"ReadAction\",\"target\":[\"https:\\\/\\\/www.pilgrim.es\\\/de\\\/portugiesischer-weg\\\/padron\\\/\"]}]},{\"@type\":\"ImageObject\",\"inLanguage\":\"de\",\"@id\":\"https:\\\/\\\/www.pilgrim.es\\\/de\\\/portugiesischer-weg\\\/padron\\\/#primaryimage\",\"url\":\"https:\\\/\\\/www.pilgrim.es\\\/wp-content\\\/uploads\\\/2019\\\/02\\\/padron11-520x370.png\",\"contentUrl\":\"https:\\\/\\\/www.pilgrim.es\\\/wp-content\\\/uploads\\\/2019\\\/02\\\/padron11-520x370.png\",\"width\":520,\"height\":370,\"caption\":\"Padr\u00f3n\"},{\"@type\":\"BreadcrumbList\",\"@id\":\"https:\\\/\\\/www.pilgrim.es\\\/de\\\/portugiesischer-weg\\\/padron\\\/#breadcrumb\",\"itemListElement\":[{\"@type\":\"ListItem\",\"position\":1,\"name\":\"Camino de Santiago\",\"item\":\"https:\\\/\\\/www.pilgrim.es\\\/de\\\/\"},{\"@type\":\"ListItem\",\"position\":2,\"name\":\"Portugiesischer Weg\",\"item\":\"https:\\\/\\\/www.pilgrim.es\\\/de\\\/portugiesischer-weg\\\/\"},{\"@type\":\"ListItem\",\"position\":3,\"name\":\"Padr\u00f3n\"}]},{\"@type\":\"WebSite\",\"@id\":\"https:\\\/\\\/www.pilgrim.es\\\/de\\\/#website\",\"url\":\"https:\\\/\\\/www.pilgrim.es\\\/de\\\/\",\"name\":\"Pilgrim\",\"description\":\"Camino de Santiago | Caminamos Contigo\",\"publisher\":{\"@id\":\"https:\\\/\\\/www.pilgrim.es\\\/de\\\/#organization\"},\"potentialAction\":[{\"@type\":\"SearchAction\",\"target\":{\"@type\":\"EntryPoint\",\"urlTemplate\":\"https:\\\/\\\/www.pilgrim.es\\\/de\\\/?s={search_term_string}\"},\"query-input\":{\"@type\":\"PropertyValueSpecification\",\"valueRequired\":true,\"valueName\":\"search_term_string\"}}],\"inLanguage\":\"de\"},{\"@type\":\"Organization\",\"@id\":\"https:\\\/\\\/www.pilgrim.es\\\/de\\\/#organization\",\"name\":\"Pilgrim Camino de Santiago\",\"url\":\"https:\\\/\\\/www.pilgrim.es\\\/de\\\/\",\"logo\":{\"@type\":\"ImageObject\",\"inLanguage\":\"de\",\"@id\":\"https:\\\/\\\/www.pilgrim.es\\\/de\\\/#\\\/schema\\\/logo\\\/image\\\/\",\"url\":\"https:\\\/\\\/www.pilgrim.es\\\/wp-content\\\/uploads\\\/2019\\\/04\\\/logo_pilgrim.png\",\"contentUrl\":\"https:\\\/\\\/www.pilgrim.es\\\/wp-content\\\/uploads\\\/2019\\\/04\\\/logo_pilgrim.png\",\"width\":512,\"height\":512,\"caption\":\"Pilgrim Camino de Santiago\"},\"image\":{\"@id\":\"https:\\\/\\\/www.pilgrim.es\\\/de\\\/#\\\/schema\\\/logo\\\/image\\\/\"},\"sameAs\":[\"https:\\\/\\\/www.facebook.com\\\/pilgrim.es\\\/\",\"https:\\\/\\\/x.com\\\/pilgrim_es\",\"https:\\\/\\\/www.instagram.com\\\/pilgrim.es\\\/\",\"https:\\\/\\\/www.linkedin.com\\\/company\\\/pilgrim-camino-de-santiago\\\/\",\"https:\\\/\\\/www.pinterest.es\\\/pilgrimcaminodesantiago\\\/\",\"https:\\\/\\\/www.youtube.com\\\/channel\\\/UCIv2ZzFLXVqthkNF32rKedw\\\/featured\"]}]}<\/script>\n<!-- \/ Yoast SEO plugin. -->","yoast_head_json":{"title":"Padr\u00f3n: Was sehen und wo \u00fcbernachten | Jakobsweg | Pilgrim","description":"Padr\u00f3n Entdecken Sie alle Informationen \u00fcber Unterk\u00fcnfte, Anreise, Gastronomie und die wichtigsten Sehensw\u00fcrdigkeiten der Orte am Portugiesischer Weg","robots":{"index":"index","follow":"follow","max-snippet":"max-snippet:-1","max-image-preview":"max-image-preview:large","max-video-preview":"max-video-preview:-1"},"canonical":"https:\/\/www.pilgrim.es\/de\/portugiesischer-weg\/padron\/","og_locale":"de_DE","og_type":"article","og_title":"Padr\u00f3n: Was sehen und wo \u00fcbernachten | Jakobsweg | Pilgrim","og_description":"Padr\u00f3n Entdecken Sie alle Informationen \u00fcber Unterk\u00fcnfte, Anreise, Gastronomie und die wichtigsten Sehensw\u00fcrdigkeiten der Orte am Portugiesischer Weg","og_url":"https:\/\/www.pilgrim.es\/de\/portugiesischer-weg\/padron\/","og_site_name":"Pilgrim","article_publisher":"https:\/\/www.facebook.com\/pilgrim.es\/","og_image":[{"width":520,"height":370,"url":"https:\/\/www.pilgrim.es\/wp-content\/uploads\/2019\/02\/padron11-520x370.png","type":"image\/png"}],"twitter_card":"summary_large_image","twitter_site":"@pilgrim_es","twitter_misc":{"Gesch\u00e4tzte Lesezeit":"11\u00a0Minuten"},"schema":{"@context":"https:\/\/schema.org","@graph":[{"@type":"WebPage","@id":"https:\/\/www.pilgrim.es\/de\/portugiesischer-weg\/padron\/","url":"https:\/\/www.pilgrim.es\/de\/portugiesischer-weg\/padron\/","name":"Padr\u00f3n: Was sehen und wo \u00fcbernachten | Jakobsweg | Pilgrim","isPartOf":{"@id":"https:\/\/www.pilgrim.es\/de\/#website"},"primaryImageOfPage":{"@id":"https:\/\/www.pilgrim.es\/de\/portugiesischer-weg\/padron\/#primaryimage"},"image":{"@id":"https:\/\/www.pilgrim.es\/de\/portugiesischer-weg\/padron\/#primaryimage"},"thumbnailUrl":"https:\/\/www.pilgrim.es\/wp-content\/uploads\/2019\/02\/padron11-520x370.png","datePublished":"2025-03-17T14:10:21+00:00","description":"Padr\u00f3n Entdecken Sie alle Informationen \u00fcber Unterk\u00fcnfte, Anreise, Gastronomie und die wichtigsten Sehensw\u00fcrdigkeiten der Orte am Portugiesischer Weg","breadcrumb":{"@id":"https:\/\/www.pilgrim.es\/de\/portugiesischer-weg\/padron\/#breadcrumb"},"inLanguage":"de","potentialAction":[{"@type":"ReadAction","target":["https:\/\/www.pilgrim.es\/de\/portugiesischer-weg\/padron\/"]}]},{"@type":"ImageObject","inLanguage":"de","@id":"https:\/\/www.pilgrim.es\/de\/portugiesischer-weg\/padron\/#primaryimage","url":"https:\/\/www.pilgrim.es\/wp-content\/uploads\/2019\/02\/padron11-520x370.png","contentUrl":"https:\/\/www.pilgrim.es\/wp-content\/uploads\/2019\/02\/padron11-520x370.png","width":520,"height":370,"caption":"Padr\u00f3n"},{"@type":"BreadcrumbList","@id":"https:\/\/www.pilgrim.es\/de\/portugiesischer-weg\/padron\/#breadcrumb","itemListElement":[{"@type":"ListItem","position":1,"name":"Camino de Santiago","item":"https:\/\/www.pilgrim.es\/de\/"},{"@type":"ListItem","position":2,"name":"Portugiesischer Weg","item":"https:\/\/www.pilgrim.es\/de\/portugiesischer-weg\/"},{"@type":"ListItem","position":3,"name":"Padr\u00f3n"}]},{"@type":"WebSite","@id":"https:\/\/www.pilgrim.es\/de\/#website","url":"https:\/\/www.pilgrim.es\/de\/","name":"Pilgrim","description":"Camino de Santiago | Caminamos Contigo","publisher":{"@id":"https:\/\/www.pilgrim.es\/de\/#organization"},"potentialAction":[{"@type":"SearchAction","target":{"@type":"EntryPoint","urlTemplate":"https:\/\/www.pilgrim.es\/de\/?s={search_term_string}"},"query-input":{"@type":"PropertyValueSpecification","valueRequired":true,"valueName":"search_term_string"}}],"inLanguage":"de"},{"@type":"Organization","@id":"https:\/\/www.pilgrim.es\/de\/#organization","name":"Pilgrim Camino de Santiago","url":"https:\/\/www.pilgrim.es\/de\/","logo":{"@type":"ImageObject","inLanguage":"de","@id":"https:\/\/www.pilgrim.es\/de\/#\/schema\/logo\/image\/","url":"https:\/\/www.pilgrim.es\/wp-content\/uploads\/2019\/04\/logo_pilgrim.png","contentUrl":"https:\/\/www.pilgrim.es\/wp-content\/uploads\/2019\/04\/logo_pilgrim.png","width":512,"height":512,"caption":"Pilgrim Camino de Santiago"},"image":{"@id":"https:\/\/www.pilgrim.es\/de\/#\/schema\/logo\/image\/"},"sameAs":["https:\/\/www.facebook.com\/pilgrim.es\/","https:\/\/x.com\/pilgrim_es","https:\/\/www.instagram.com\/pilgrim.es\/","https:\/\/www.linkedin.com\/company\/pilgrim-camino-de-santiago\/","https:\/\/www.pinterest.es\/pilgrimcaminodesantiago\/","https:\/\/www.youtube.com\/channel\/UCIv2ZzFLXVqthkNF32rKedw\/featured"]}]}},"_links":{"self":[{"href":"https:\/\/www.pilgrim.es\/de\/wp-json\/wp\/v2\/pages\/91234","targetHints":{"allow":["GET"]}}],"collection":[{"href":"https:\/\/www.pilgrim.es\/de\/wp-json\/wp\/v2\/pages"}],"about":[{"href":"https:\/\/www.pilgrim.es\/de\/wp-json\/wp\/v2\/types\/page"}],"replies":[{"embeddable":true,"href":"https:\/\/www.pilgrim.es\/de\/wp-json\/wp\/v2\/comments?post=91234"}],"version-history":[{"count":0,"href":"https:\/\/www.pilgrim.es\/de\/wp-json\/wp\/v2\/pages\/91234\/revisions"}],"up":[{"embeddable":true,"href":"https:\/\/www.pilgrim.es\/de\/wp-json\/wp\/v2\/pages\/10665"}],"wp:featuredmedia":[{"embeddable":true,"href":"https:\/\/www.pilgrim.es\/de\/wp-json\/wp\/v2\/media\/9659"}],"wp:attachment":[{"href":"https:\/\/www.pilgrim.es\/de\/wp-json\/wp\/v2\/media?parent=91234"}],"wp:term":[{"taxonomy":"category","embeddable":true,"href":"https:\/\/www.pilgrim.es\/de\/wp-json\/wp\/v2\/categories?post=91234"},{"taxonomy":"post_tag","embeddable":true,"href":"https:\/\/www.pilgrim.es\/de\/wp-json\/wp\/v2\/tags?post=91234"}],"curies":[{"name":"wp","href":"https:\/\/api.w.org\/{rel}","templated":true}]}}