{"id":91231,"date":"2025-03-17T14:09:23","date_gmt":"2025-03-17T14:09:23","guid":{"rendered":"https:\/\/www.pilgrim.es\/portugiesischer-weg\/caldas-de-reis\/"},"modified":"2025-03-17T14:09:23","modified_gmt":"2025-03-17T14:09:23","slug":"caldas-de-reis","status":"publish","type":"page","link":"https:\/\/www.pilgrim.es\/de\/portugiesischer-weg\/caldas-de-reis\/","title":{"rendered":"Caldas de Reis"},"content":{"rendered":" <section id=\"hero\">\n\t<h1>Caldas de Reis<\/h1>\n\t<div class=\"hero-grid\">\n\t\t<div class=\"hero-grid__town-col\" data-background=\"https:\/\/cdn.pilgrim.es\/web\/caminos\/camino-portugues\/pueblos\/caldas-de-reis\/caldas-de-reis.jpg\">\n\t\t\t<div>\n\t\t\t\t<a class=\"link-to-stage\" href=\"https:\/\/www.pilgrim.es\/camino-portugues\/etapa-23-pontevedra-caldas-de-reis\/\">\n\t\t\t\t\t<p>&#8249; Zur\u00fcck zur B\u00fchne<\/p>\n\t\t\t\t<\/a>\n\n\t\t\t\t<div class=\"town-data\">\n\t\t\t\t\t<h2>Caldas de Reis<\/h2>\n\t\t\t\t\t<ul>\n\t\t\t\t\t\t<li>Einwohner: 9.895 aprox.<\/li>\n\t\t\t\t\t\t<li>Bundesland: Pontevedra<\/li>\n\t\t\t\t\t<\/ul>\n\t\t\t\t<\/div>\n\t\t\t<\/div>\n\t\t<\/div>\n\t\t<div class=\"hero-grid__planner-col\"><div\r\n  class=\"p-col-span-1 p-rounded-lg p-px-5 p-h-full\"\r\n  style=\"background-image: url('https:\/\/cdn.pilgrim.es\/web\/pilgrim-planner\/bg-plugin-planificador.webp')\"\r\n  rel=\"preload\"\r\n  fetchpriority=\"high\"\r\n  >\r\n    <div class=\"p-text-center p-pt-5 p-text-white p-text-2xl p-font-semibold\">\r\n      Plane deinen Weg    <\/div>\r\n    <div\r\n            id='primary-app'\r\n            data-name='banner'\r\n            data-api='https:\/\/pathfinder.pilgrim.es\/api\/pathfinder\/v2'\r\n            data-mode='normal'\r\n            data-lang='de'\r\n            data-route='1'\r\n            data-destiny='https:\/\/planificador.pilgrim.es'\r\n            data-modality='1'\r\n            data-inline=''\r\n        ><\/div><\/div><\/div>\n\t<\/div>\n<\/section>\n\n<section id=\"infoTown\">\n\t<div class=\"sections-town\">\n\n\t\t<div id=\"informationSection\">\n\t\t\t<div>\n\t\t\t\t<h2 class=\"p-h2-town\">Informationen<\/h2>\n\t\t\t\t<hr>\n\t\t\t\t<h3 class=\"p-h3-town\">Get to know Caldas de Reis<\/h3>\n\t\t\t<\/div>\n\t\t\t<p>Caldas de Reis ist das Gegenteil von dem, was der Pilger gerade verlassen hat. Es ist eine rein l\u00e4ndliche Gegend, in der wir einige romanische Geb\u00e4ude von gro\u00dfem historischem und kulturellem Wert finden. Vieles deutet darauf hin, dass das Dorf f\u00fcr viele Pilger eine obligatorische Station war, wie aus einer Vielzahl von Dokumenten und Schriften aus dem Mittelalter hervorgeht.<\/p> <p>Au\u00dferdem befindet sich hier eines der bedeutendsten Thermalb\u00e4der Galiciens, in dem das hei\u00dfe Wasser, das aus der Erde sprudelt, heilende Eigenschaften f\u00fcr K\u00f6rper und Geist besitzt.<\/p> &lt;p\n\t\t<\/div>\n\n\t\t<div id=\"locationSection\">\n\t\t\t<div>\n\t\t\t\t<h2 class=\"p-h2-town\">Standort<\/h2>\n\t\t\t\t<hr>\n\t\t\t\t<h3 class=\"p-h3-town\">Wegbeschreibung<\/h3>\n\t\t\t<\/div>\n\t\t\t<p>Caldas de Reis ist zwar eine kleine Stadt, aber dennoch sehr gut angebunden. Man erreicht sie \u00fcber die Verbindungsstra\u00dfe zwischen Santiago und Vigo, die N-550, sowie \u00fcber die N-640, die Vilagarc\u00eda und Lal\u00edn miteinander verbindet. Au\u00dferdem hat die Autobahn AP-9 eine Ausfahrt in Caldas.\n\n<p>Es gibt keinen Bahnhof, aber es gibt mehrere regelm\u00e4\u00dfige Buslinien, die die Stadt mit Pontevedra, A Estrada, Vilagarc\u00eda, Vigo, Redondela, Santiago und A Coru\u00f1a verbinden.\n\t\t\t<div>\n\t\t\t\t<div>\n  <iframe loading=\"lazy\"\n    src=\"https:\/\/www.google.com\/maps\/d\/embed?mid=1EtsPD9-UgoKi3QGpng8IBkTkpFJY7fA&amp;ehbc=2E312F\"\n    width=\"640\"\n    height=\"480\"\n    alt=\"Mapa Caldas de Reis\"\n  ><\/iframe>\n<\/div>\n\n\t\t\t<\/div>\n\t\t<\/div>\n\n\t\t\n\t\t\t<div id=\"toVisitSection\">\n\t\t\t\t<div>\n\t\t\t\t\t<h2 class=\"p-h2-town\">Geschichte \/ Kultur<\/h2>\n\t\t\t\t\t<hr>\n\t\t\t\t\t<h3 class=\"p-h3-town\">Was es zu sehen gibt<\/h3>\n\t\t\t\t<\/div>\n\t\t\t\t<div>\n\t\t\t\t\t<div class=\"accordion\">\n\t\t\t\t\t\t<div class=\"accordion__menu\">\n\t\t\t\t\t\t\t<nav>\n\t\t\t\t\t\t\t\t\n\t\t\t\t\t\t\t\t\t<button class=\"nav-tab-accordion active\"><span>&#10093;<\/span><span> Termalismo<\/span><\/button>\n\t\t\t\t\t\t\t\t\n\t\t\t\t\t\t\t\t\t<button class=\"nav-tab-accordion \"><span>&#10093;<\/span><span> Iglesia Santo Tom\u00e1s Becket<\/span><\/button>\n\t\t\t\t\t\t\t\t\n\t\t\t\t\t\t\t\t\t<button class=\"nav-tab-accordion \"><span>&#10093;<\/span><span> Puente Segade<\/span><\/button>\n\t\t\t\t\t\t\t\t\n\t\t\t\t\t\t\t\t\t<button class=\"nav-tab-accordion \"><span>&#10093;<\/span><span> Puente Berma\u00f1a<\/span><\/button>\n\t\t\t\t\t\t\t\t\n\t\t\t\t\t\t\t\t\t<button class=\"nav-tab-accordion \"><span>&#10093;<\/span><span> Parque Jard\u00edn Bot\u00e1nico y Carballeira<\/span><\/button>\n\t\t\t\t\t\t\t\t\n\t\t\t\t\t\t\t\t\t<button class=\"nav-tab-accordion \"><span>&#10093;<\/span><span> La Fuente de las Burgas<\/span><\/button>\n\t\t\t\t\t\t\t\t\n\t\t\t\t\t\t\t\t\t<button class=\"nav-tab-accordion \"><span>&#10093;<\/span><span> Iglesia de Santo Andr\u00e9 de C\u00e9sar<\/span><\/button>\n\t\t\t\t\t\t\t\t\n\t\t\t\t\t\t\t\t\t<button class=\"nav-tab-accordion \"><span>&#10093;<\/span><span> Iglesia de Santa Mar\u00eda de Bemil<\/span><\/button>\n\t\t\t\t\t\t\t\t\n\t\t\t\t\t\t\t\t\t<button class=\"nav-tab-accordion \"><span>&#10093;<\/span><span> Iglesia de Santa Mar\u00eda<\/span><\/button>\n\t\t\t\t\t\t\t\t\n\t\t\t\t\t\t\t\t\t<button class=\"nav-tab-accordion \"><span>&#10093;<\/span><span> Iglesia de San Estevo de Saiar<\/span><\/button>\n\t\t\t\t\t\t\t\t\n\t\t\t\t\t\t\t\t\t<button class=\"nav-tab-accordion \"><span>&#10093;<\/span><span> Cascada y Paseo de Segade<\/span><\/button>\n\t\t\t\t\t\t\t\t\n\t\t\t\t\t\t\t<\/nav>\n\t\t\t\t\t\t<\/div>\n\n\t\t\t\t\t\t\n\t\t\t\t\t\t\t<div class=\"accordion__accordion-content \">\n\t\t\t\t\t\t\t\t<div>\n\t\t\t\t\t\t\t\t\t<div>\n\t\t\t\t\t\t\t\t\t\t<h4>Termalismo<\/h4>\n\t\t\t\t\t\t\t\t\t\t<p>Der Ort verf\u00fcgt \u00fcber Wasser mit sehr heilenden Eigenschaften, das zur Gruppe der hyperthermalen W\u00e4sser geh\u00f6rt. Sie eignen sich sehr gut zur Behandlung von Erkrankungen der Atemwege, Rheuma, Hautproblemen sowie gyn\u00e4kologischen und chirurgischen Erkrankungen.\n\n<p>Die \u00f6ffentliche Quelle von Las Burgas eignet sich f\u00fcr die Hydropinik, eine Behandlung, die durch die orale Einnahme von Wasser gekennzeichnet ist, oft zu therapeutischen Zwecken.<\/p> <p>Die \u00f6ffentliche Quelle von Las Burgas eignet sich f\u00fcr die Hydropinik, eine Behandlung, die durch die orale Einnahme von Wasser gekennzeichnet ist, oft zu therapeutischen Zwecken.\n\n<p>In dem Thermaldorf gibt es zwei Thermen, die Acu\u00f1a Therme, die in einem Geb\u00e4ude im galicischen Stil des 20. Jahrhunderts untergebracht ist, und die D\u00e1vila Therme, die \u00fcber ein wundersch\u00f6nes Schilfbett verf\u00fcgt, das mit einzigartigen Bambusrohren best\u00fcckt ist.\n\t\t\t\t\t\t\t\t\t<\/div>\n\t\t\t\t\t\t\t\t\t<img decoding=\"async\" src=\"https:\/\/cdn.pilgrim.es\/web\/caminos\/camino-portugues\/pueblos\/caldas-de-reis\/puntos-de-interes\/termalismo.jpg\" alt=\"Termalismo\">\n\t\t\t\t\t\t\t\t<\/div>\n\t\t\t\t\t\t\t<\/div>\n\t\t\t\t\t\t\n\t\t\t\t\t\t\t<div class=\"accordion__accordion-content inactive\">\n\t\t\t\t\t\t\t\t<div>\n\t\t\t\t\t\t\t\t\t<div>\n\t\t\t\t\t\t\t\t\t\t<h4>Iglesia Santo Tom\u00e1s Becket<\/h4>\n\t\t\t\t\t\t\t\t\t\t<p>Diese Ende des 19. Jahrhunderts errichtete Kirche ist die einzige in Galicien, die den Heiligen Thomas Becket verehrt. Dieser englische Heilige wurde zum M\u00e4rtyrer, als er in seiner eigenen Kathedrale durch die Untertanen von K\u00f6nig Heinrich II. ermordet wurde. F\u00fcr den Bau der Kathedrale wurden Steine aus dem alten Turm von Do\u00f1a Urraca verwendet.\n\n<p>MESSSTUNDEN<\/p>\n\n<p>Vom 1. Oktober bis 30. Juni Wochentage und Abende um 19:00 Uhr Feiertage um 12:30 Uhr und 19:00 UhrVom 1. Juli bis 30. September Wochentage und Abende um 20:00 Uhr Feiertage um 12:30 Uhr und 20:00 Uhr<\/p> <p>Vom 1. Juli bis 30. September Wochentage und Abende um 20:00 Uhr Feiertage um 12:30 Uhr und 20:00 Uhr<\/p> <p>Vom 1. Oktober bis 30. Juni Wochentage und Vesper um 19:00 Uhr Feiertage um 12:30 Uhr und 19:00 Uhr\n\n<p>INFORMATIONEN VON INTERESSE<\/p>\n\n<p>Telefon: 986 540 038<\/p>\n\t\t\t\t\t\t\t\t\t<\/div>\n\t\t\t\t\t\t\t\t\t<img decoding=\"async\" src=\"https:\/\/cdn.pilgrim.es\/web\/caminos\/camino-portugues\/pueblos\/caldas-de-reis\/puntos-de-interes\/iglesia-santo-tomas-becket.jpg\" alt=\"Iglesia Santo Tom\u00e1s Becket\">\n\t\t\t\t\t\t\t\t<\/div>\n\t\t\t\t\t\t\t<\/div>\n\t\t\t\t\t\t\n\t\t\t\t\t\t\t<div class=\"accordion__accordion-content inactive\">\n\t\t\t\t\t\t\t\t<div>\n\t\t\t\t\t\t\t\t\t<div>\n\t\t\t\t\t\t\t\t\t\t<h4>Puente Segade<\/h4>\n\t\t\t\t\t\t\t\t\t\t<p>Die Segade-Br\u00fccke, die mit einem einzigen Bogen gebaut wurde, ist im r\u00f6mischen Stil aus dem 1. Die Stra\u00dfe, die einst Tui mit Caldas verband, f\u00fchrte \u00fcber sie. Im Jahr 1729 wurde diese Br\u00fccke dank des \u00f6rtlichen Pfarrers gr\u00fcndlich renoviert. Dieses Datum ist auf dem Kreuz eingraviert, das sich zum Zeitpunkt des Umbaus am Fu\u00dfe der Br\u00fccke befand, sp\u00e4ter aber in die Kirche San Andr\u00e9s verlegt wurde.\n\t\t\t\t\t\t\t\t\t<\/div>\n\t\t\t\t\t\t\t\t\t<img decoding=\"async\" src=\"https:\/\/cdn.pilgrim.es\/web\/caminos\/camino-portugues\/pueblos\/caldas-de-reis\/puntos-de-interes\/puente-segade.jpg\" alt=\"Puente Segade\">\n\t\t\t\t\t\t\t\t<\/div>\n\t\t\t\t\t\t\t<\/div>\n\t\t\t\t\t\t\n\t\t\t\t\t\t\t<div class=\"accordion__accordion-content inactive\">\n\t\t\t\t\t\t\t\t<div>\n\t\t\t\t\t\t\t\t\t<div>\n\t\t\t\t\t\t\t\t\t\t<h4>Puente Berma\u00f1a<\/h4>\n\t\t\t\t\t\t\t\t\t\t<p>Die Berma\u00f1a-Br\u00fccke wurde im 1. Jahrhundert erbaut, ist r\u00f6mischen Ursprungs und liegt an der Route des Jakobswegs, weshalb alle Pilger auf dem Portugiesischen Weg \u00fcber sie gehen. <\/p>\n\n<p>Diese Br\u00fccke, die aus drei Rundb\u00f6gen besteht, war fr\u00fcher Teil eines alten Milizwegs aus der R\u00f6merzeit. Die Konstruktion aus Quadersteinen hat in der Mitte ein Gel\u00e4nder und ein Querschiff aus dem 17. Jahrhundert.\n\t\t\t\t\t\t\t\t\t<\/div>\n\t\t\t\t\t\t\t\t\t<img decoding=\"async\" src=\"https:\/\/cdn.pilgrim.es\/web\/caminos\/camino-portugues\/pueblos\/caldas-de-reis\/puntos-de-interes\/puente-bermana.jpg\" alt=\"Puente Berma\u00f1a\">\n\t\t\t\t\t\t\t\t<\/div>\n\t\t\t\t\t\t\t<\/div>\n\t\t\t\t\t\t\n\t\t\t\t\t\t\t<div class=\"accordion__accordion-content inactive\">\n\t\t\t\t\t\t\t\t<div>\n\t\t\t\t\t\t\t\t\t<div>\n\t\t\t\t\t\t\t\t\t\t<h4>Parque Jard\u00edn Bot\u00e1nico y Carballeira<\/h4>\n\t\t\t\t\t\t\t\t\t\t<p>Der Botanische Garten von Caldas de Reis ist seit den 1960er Jahren von gro\u00dfer Bedeutung, weshalb er als malerische St\u00e4tte und historischer Garten eingestuft wurde. Die Carballeira und der Park wiederum genie\u00dfen die Auszeichnung als Kulturgut von kulturellem Interesse (BIC) und sind jedes Jahr ein Treffpunkt f\u00fcr Veranstaltungen wie das Patronatsfest oder das Musikfestival Cultura Quente und Kaldarte.\n\t\t\t\t\t\t\t\t\t<\/div>\n\t\t\t\t\t\t\t\t\t<img decoding=\"async\" src=\"https:\/\/cdn.pilgrim.es\/web\/caminos\/camino-portugues\/pueblos\/caldas-de-reis\/puntos-de-interes\/jardin-botanico-y-carballeira.jpg\" alt=\"Parque Jard\u00edn Bot\u00e1nico y Carballeira\">\n\t\t\t\t\t\t\t\t<\/div>\n\t\t\t\t\t\t\t<\/div>\n\t\t\t\t\t\t\n\t\t\t\t\t\t\t<div class=\"accordion__accordion-content inactive\">\n\t\t\t\t\t\t\t\t<div>\n\t\t\t\t\t\t\t\t\t<div>\n\t\t\t\t\t\t\t\t\t\t<h4>La Fuente de las Burgas<\/h4>\n\t\t\t\t\t\t\t\t\t\t<p>Die Fuente de las Burgas wurde 1881 im neoklassizistischen Stil erbaut und zeichnet sich durch ihre mineralisch-medizinischen Eigenschaften aus. Es handelt sich um einen Kanuspringbrunnen, der aus zwei mit einem L\u00f6wenkopf verzierten R\u00f6hren besteht, die sich am Ausgang der Quelle befinden und einen niedrigeren Pegel haben, um einen h\u00f6heren Druck zu erreichen. <\/p>\n\t\t\t\t\t\t\t\t\t<\/div>\n\t\t\t\t\t\t\t\t\t<img decoding=\"async\" src=\"https:\/\/cdn.pilgrim.es\/web\/caminos\/camino-portugues\/pueblos\/caldas-de-reis\/puntos-de-interes\/fuente-das-burgas.jpg\" alt=\"La Fuente de las Burgas\">\n\t\t\t\t\t\t\t\t<\/div>\n\t\t\t\t\t\t\t<\/div>\n\t\t\t\t\t\t\n\t\t\t\t\t\t\t<div class=\"accordion__accordion-content inactive\">\n\t\t\t\t\t\t\t\t<div>\n\t\t\t\t\t\t\t\t\t<div>\n\t\t\t\t\t\t\t\t\t\t<h4>Iglesia de Santo Andr\u00e9 de C\u00e9sar<\/h4>\n\t\t\t\t\t\t\t\t\t\t<p>Die Kirche Santo Andr\u00e9 de C\u00e9sar ist ein romanisches Gotteshaus, das sp\u00e4ter restauriert wurde und heute einen barocken Stil aufweist. Die Apsis des Gotteshauses ist das einzige architektonische Element, das vom urspr\u00fcnglichen romanischen Stil \u00fcbrig geblieben ist. <\/p>\n\n<p>Es handelt sich um eine Halbdambor-Apsis aus Quadersteinen, die von vier S\u00e4ulen mit K\u00f6pfen mit historisierenden Kragsteinen getragen wird.\n\t\t\t\t\t\t\t\t\t<\/div>\n\t\t\t\t\t\t\t\t\t<img decoding=\"async\" src=\"https:\/\/cdn.pilgrim.es\/web\/caminos\/camino-portugues\/pueblos\/caldas-de-reis\/puntos-de-interes\/iglesia-santo-andre-cesar.jpg\" alt=\"Iglesia de Santo Andr\u00e9 de C\u00e9sar\">\n\t\t\t\t\t\t\t\t<\/div>\n\t\t\t\t\t\t\t<\/div>\n\t\t\t\t\t\t\n\t\t\t\t\t\t\t<div class=\"accordion__accordion-content inactive\">\n\t\t\t\t\t\t\t\t<div>\n\t\t\t\t\t\t\t\t\t<div>\n\t\t\t\t\t\t\t\t\t\t<h4>Iglesia de Santa Mar\u00eda de Bemil<\/h4>\n\t\t\t\t\t\t\t\t\t\t<p>Die Kirche Santa Mar\u00eda de Bemil ist ein Tempel romanischen Ursprungs, von dem heute nur noch die Rosette an der Westfassade, ein Teil der S\u00fcdwand und die Apsis zu sehen sind. <\/p>\n\n<p>Die Mauern der Kirche, die sp\u00e4ter errichtet wurden, bewahren die romanischen Kragsteine. Erw\u00e4hnenswert ist, dass der Glockenturm in der Barockzeit errichtet wurde.\n\t\t\t\t\t\t\t\t\t<\/div>\n\t\t\t\t\t\t\t\t\t<img decoding=\"async\" src=\"https:\/\/cdn.pilgrim.es\/web\/caminos\/camino-portugues\/pueblos\/caldas-de-reis\/puntos-de-interes\/iglesia-santa-maria-bemil.jpg\" alt=\"Iglesia de Santa Mar\u00eda de Bemil\">\n\t\t\t\t\t\t\t\t<\/div>\n\t\t\t\t\t\t\t<\/div>\n\t\t\t\t\t\t\n\t\t\t\t\t\t\t<div class=\"accordion__accordion-content inactive\">\n\t\t\t\t\t\t\t\t<div>\n\t\t\t\t\t\t\t\t\t<div>\n\t\t\t\t\t\t\t\t\t\t<h4>Iglesia de Santa Mar\u00eda<\/h4>\n\t\t\t\t\t\t\t\t\t\t<p>Die Kirche Santa Mar\u00eda ist ein romanisches Gotteshaus, das zahlreiche Umbauten und Erweiterungen erfahren hat. Die herausragendsten Merkmale dieser Kirche sind ihre beiden Portale, von denen das auff\u00e4lligste aus zwei halbrunden Archivolten und einem Tympanon besteht, das von zwei Doppels\u00e4ulen getragen wird. Im Tympanon ist das Relief eines Lamms zu sehen, das mit einem seiner Beine das Agnus Dei h\u00e4lt, was in galicischen romanischen Kirchen sehr \u00fcblich ist. Das Westportal der Kirche wird von einem modernen Portikus gesch\u00fctzt, der wiederum den barocken Glockenturm st\u00fctzt.<\/p> <p>Das Westportal der Kirche wird von einem modernen Portikus gesch\u00fctzt, der wiederum den barocken Glockenturm st\u00fctzt.\n\n<p>MESSENZEITPLAN<\/p> <p>MESSENZEITPLAN<\/p> <p>.\n\n<p>Vom 1. September bis 30. Juni Montag, Mittwoch und Vesper um 20:00 Uhr Feiertage um 09:30 und 11:30 UhrVom 1. Juli bis 31. August Montag, Mittwoch und Vesper um 21:00 Uhr Feiertage um 09:30 und 11:30 Uhr<\/p> <p>Montag, Mittwoch und Vesper um 21:00 Uhr Feiertage um 09:30 und 11:30 Uhr<\/p> <p>Montag, Mittwoch und Vesper um 20:00 Uhr Feiertage um 09:30 und 11:30 Uhr.\n\t\t\t\t\t\t\t\t\t<\/div>\n\t\t\t\t\t\t\t\t\t<img decoding=\"async\" src=\"https:\/\/cdn.pilgrim.es\/web\/caminos\/camino-portugues\/pueblos\/caldas-de-reis\/puntos-de-interes\/iglesia-santa-maria.jpg\" alt=\"Iglesia de Santa Mar\u00eda\">\n\t\t\t\t\t\t\t\t<\/div>\n\t\t\t\t\t\t\t<\/div>\n\t\t\t\t\t\t\n\t\t\t\t\t\t\t<div class=\"accordion__accordion-content inactive\">\n\t\t\t\t\t\t\t\t<div>\n\t\t\t\t\t\t\t\t\t<div>\n\t\t\t\t\t\t\t\t\t\t<h4>Iglesia de San Estevo de Saiar<\/h4>\n\t\t\t\t\t\t\t\t\t\t<p>Die Kirche San Estevo de Saiar ist romanischen Ursprungs, auch wenn sie mehrfach umgebaut wurde. Aus der Romanik sind nur die Struktur des Kirchenschiffs und die beiden Portale erhalten, von denen eines verziert ist und ein abgesenktes Tympanon und zwei Doppels\u00e4ulen auf beiden Seiten als St\u00fctze hat, die mit Kapitellen mit Pflanzenmotiven bekr\u00f6nt sind. Das andere Portal hingegen ist einfacher gehalten und besteht aus einem einzigen, auf zwei S\u00e4ulen ruhenden Archivolten.\n\t\t\t\t\t\t\t\t\t<\/div>\n\t\t\t\t\t\t\t\t\t<img decoding=\"async\" src=\"https:\/\/cdn.pilgrim.es\/web\/caminos\/camino-portugues\/pueblos\/caldas-de-reis\/puntos-de-interes\/iglesia-san-estevo.jpg\" alt=\"Iglesia de San Estevo de Saiar\">\n\t\t\t\t\t\t\t\t<\/div>\n\t\t\t\t\t\t\t<\/div>\n\t\t\t\t\t\t\n\t\t\t\t\t\t\t<div class=\"accordion__accordion-content inactive\">\n\t\t\t\t\t\t\t\t<div>\n\t\t\t\t\t\t\t\t\t<div>\n\t\t\t\t\t\t\t\t\t\t<h4>Cascada y Paseo de Segade<\/h4>\n\t\t\t\t\t\t\t\t\t\t<p>Die Segade-Promenade und ihr bewundernswerter Wasserfall befinden sich an der Stra\u00dfe, die nach Cuntis f\u00fchrt. In der N\u00e4he wurden die \u00dcberreste einer alten elektrischen Anlage, der &#8222;F\u00e1brica de la Luz&#8220;, entdeckt. <\/p>\n\n<p>Die Wanderung f\u00fchrt durch eine attraktive Naturlandschaft, in der der Fluss Umia die Hauptrolle spielt.<\/p> <p>Die Wanderung f\u00fchrt durch eine attraktive Naturlandschaft, in der der Fluss Umia die Hauptrolle spielt.\n\t\t\t\t\t\t\t\t\t<\/div>\n\t\t\t\t\t\t\t\t\t<img decoding=\"async\" src=\"https:\/\/cdn.pilgrim.es\/web\/caminos\/camino-portugues\/pueblos\/caldas-de-reis\/puntos-de-interes\/cascada-paseo-segade.jpg\" alt=\"Cascada y Paseo de Segade\">\n\t\t\t\t\t\t\t\t<\/div>\n\t\t\t\t\t\t\t<\/div>\n\t\t\t\t\t\t\n\t\t\t\t\t<\/div>\n\t\t\t\t<\/div>\n\t\t\t<\/div>\n\t\t\n\n\t\t<div id=\"phonesSection\">\n\t\t\t<div>\n\t\t\t\t<h2 class=\"p-h3-town\">Informationen von Interesse<\/h2>\n\t\t\t<\/div>\n\t\t\t<div class=\"grid\">\n\t\t\t\t\n\t\t\t\t\t<div class=\"phone-number-item\">\n\t\t\t\t\t\t<div class=\"phone-number-item__icon\"><i class=\"icon-police\"><\/i><\/div>\n\t\t\t\t\t\t<div class=\"phone-number-item__title\">\n\t\t\t\t\t\t\t<h3 class=\"p-font-bold\">Ortspolizei<\/h3>\n\t\t\t\t\t\t\t<p>609 829 292<\/p>\n\t\t\t\t\t\t\t\n\t\t\t\t\t\t<\/div>\n\t\t\t\t\t<\/div>\n\t\t\t\t\n\t\t\t\t\t<div class=\"phone-number-item\">\n\t\t\t\t\t\t<div class=\"phone-number-item__icon\"><i class=\"icon-spanish-military-police\"><\/i><\/div>\n\t\t\t\t\t\t<div class=\"phone-number-item__title\">\n\t\t\t\t\t\t\t<h3 class=\"p-font-bold\">Zivilwache<\/h3>\n\t\t\t\t\t\t\t<p>986 540 008<\/p>\n\t\t\t\t\t\t\t\n\t\t\t\t\t\t<\/div>\n\t\t\t\t\t<\/div>\n\t\t\t\t\n\t\t\t\t\t<div class=\"phone-number-item\">\n\t\t\t\t\t\t<div class=\"phone-number-item__icon\"><i class=\"icon-firefighters\"><\/i><\/div>\n\t\t\t\t\t\t<div class=\"phone-number-item__title\">\n\t\t\t\t\t\t\t<h3 class=\"p-font-bold\">Feuerwehr<\/h3>\n\t\t\t\t\t\t\t<p>112<\/p>\n\t\t\t\t\t\t\t\n\t\t\t\t\t\t<\/div>\n\t\t\t\t\t<\/div>\n\t\t\t\t\n\t\t\t\t\t<div class=\"phone-number-item\">\n\t\t\t\t\t\t<div class=\"phone-number-item__icon\"><i class=\"icon-civil-protection\"><\/i><\/div>\n\t\t\t\t\t\t<div class=\"phone-number-item__title\">\n\t\t\t\t\t\t\t<h3 class=\"p-font-bold\">Zivilschutz<\/h3>\n\t\t\t\t\t\t\t<p>609 556 549<\/p>\n\t\t\t\t\t\t\t\n\t\t\t\t\t\t<\/div>\n\t\t\t\t\t<\/div>\n\t\t\t\t\n\t\t\t\t\t<div class=\"phone-number-item\">\n\t\t\t\t\t\t<div class=\"phone-number-item__icon\"><i class=\"icon-town-council\"><\/i><\/div>\n\t\t\t\t\t\t<div class=\"phone-number-item__title\">\n\t\t\t\t\t\t\t<h3 class=\"p-font-bold\">Rathaus<\/h3>\n\t\t\t\t\t\t\t<p>986 540 110<\/p>\n\t\t\t\t\t\t\t\n\t\t\t\t\t\t<\/div>\n\t\t\t\t\t<\/div>\n\t\t\t\t\n\t\t\t\t\t<div class=\"phone-number-item\">\n\t\t\t\t\t\t<div class=\"phone-number-item__icon\"><i class=\"icon-hospital\"><\/i><\/div>\n\t\t\t\t\t\t<div class=\"phone-number-item__title\">\n\t\t\t\t\t\t\t<h3 class=\"p-font-bold\">Gesundheitszentrum<\/h3>\n\t\t\t\t\t\t\t<p>986 540 112<\/p>\n\t\t\t\t\t\t\t\n\t\t\t\t\t\t<\/div>\n\t\t\t\t\t<\/div>\n\t\t\t\t\n\t\t\t\t\t<div class=\"phone-number-item\">\n\t\t\t\t\t\t<div class=\"phone-number-item__icon\"><i class=\"icon-tourism\"><\/i><\/div>\n\t\t\t\t\t\t<div class=\"phone-number-item__title\">\n\t\t\t\t\t\t\t<h3 class=\"p-font-bold\">Fremdenverkehrsamt<\/h3>\n\t\t\t\t\t\t\t<p>986 54 00 02<\/p>\n\t\t\t\t\t\t\t\n\t\t\t\t\t\t\t\t<p>Paseo de Rom\u00e1n L\u00f3pez s\/n<\/p>\n\t\t\t\t\t\t\t\n\t\t\t\t\t\t<\/div>\n\t\t\t\t\t<\/div>\n\t\t\t\t\n\t\t\t<\/div>\n\t\t<\/div>\n\n\t\t<div id=\"clientForm\">\n        <section>\n        <img decoding=\"async\" src=\"https:\/\/cdn.pilgrim.es\/web\/home\/email-contacto.png\" alt=\"contacto\">\n        <div>\n            <p>Wir senden dir deine Planung<\/p>\n            <p>Gib uns deine Daten an und erhalte die Planung deiner Reise per E-Mail <\/p>\n            <form method=\"post\" data-url=\"\/wp-admin\/admin-ajax.php\" id=\"planner--client\" class=\"flag-right form-client\">\n    <div class=\"form-data\">\n        <input name=\"form_id\" type=\"hidden\" value=\"Formulario Leads\">\n        <input name=\"type\" type=\"hidden\" value=\"planner_client\">\n        <input type=\"text\" name=\"nombre\" value=\"\" size=\"40\" class=\"form-control\" aria-required=\"true\" aria-invalid=\"false\" placeholder=\"Name\">\n        <input type=\"email\" name=\"email\" value=\"\" size=\"40\" class=\"form-control\" aria-required=\"true\" aria-invalid=\"false\" placeholder=\"E- Mail\">\n        <input type=\"text\" id=\"phone-input\" name=\"tel\" value=\"\" size=\"40\" class=\"phone-input form-control\" aria-required=\"true\" aria-invalid=\"false\" placeholder=\"Telefon\">\n        <input type=\"hidden\" name=\"telefono\">\n    <\/div>\n    <div class=\"form-checkbox\">\n        <span>\n            Pilgrim Travel, S.L. teilt gem\u00e4\u00df Regulierung 2016\/679 mit, dass die in diesem Formular verwendeten Daten sowohl f\u00fcr die Beantwortung der m\u00f6glichen Anfragen als auch f\u00fcr die Ver\u00f6ffentlichung der Kommentare verwendet werden, mit der Zustimmung des Nutzers. Sie k\u00f6nnen Ihre Rechte in \u00dcbereinstimmung mit unserer Datenschutzbestimmungen aus\u00fcben             <a href=\"https:\/\/www.pilgrim.es\/politica-de-privacidad\/\" target=\"_blank\" rel=\"noopener noreferrer nofollow\">Datenschutzerkl\u00e4rung.<\/a>\n        <\/span>\n    <\/div>\n\n    <div class=\"form-submit\">\n        <button id=\"planner--client-create\" type=\"submit\">Anfrage senden<\/button>\n        <div class=\"loadingDiv\"><i class=\"p-spinner\"><\/i><\/div>\n    <\/div>\n\n    <div class=\"contact-content-form-success\">\n        <p><i class=\"fas fa-check\"><\/i> Das Formular hat sich erfolgreich gesendet.<\/p>\n    <\/div>\n\n    <div class=\"contact-content-form-error\">\n        <span class=\"input-error\"><\/span>\n    <\/div>\n<\/form>        <\/div>\n    <\/section>\n<\/div>\n\n\t\t<div id=\"recomendationSection\">\n\t\t\t<div>\n\t\t\t\t<h2 class=\"p-h2-town\">Empfohlen<\/h2>\n\t\t\t\t<hr>\n\t\t\t\t<h3 class=\"p-h3-town\">Gastronomie<\/h3>\n\t\t\t<\/div>\n\t\t\tIn Caldas de Reis ist das Neunauge wieder typisch, vor allem in Eint\u00f6pfen und Pasteten, sowie Herzmuscheln und Sardinen, die von hervorragender Qualit\u00e4t und in der ganzen Gemeinde bekannt sind. Auch die Forellen und Aale sind sehr bekannt.\n\nZum Nachtisch sollten Sie sich den traditionellen Rosc\u00f3n nicht entgehen lassen, eine S\u00fc\u00dfspeise aus Eiern, Mehl, Butter und Zucker.\n\t\t<\/div>\n\n\n\t\t\n\t\t\t<div id=\"holidaysSection\">\n\t\t\t\t<div>\n\t\t\t\t\t<h2 class=\"p-h2-town\">Empfohlen<\/h2>\n\t\t\t\t\t<hr>\n\t\t\t\t\t<h3 class=\"p-h3-town\">Feste und Pilgerfahrten<\/h3>\n\t\t\t\t<\/div>\n\t\t\t\t<div class=\"grid holidays-grid\">\n\t\t\t\t\t\n\t\t\t\t\t\t<div>\n\t\t\t\t\t\t\t<div class=\"phone-number-item\">\n\t\t\t\t\t\t\t\t<div class=\"phone-number-item__icon\"><i class=\"icon-holiday\"><\/i><\/div>\n\t\t\t\t\t\t\t\t<div class=\"phone-number-item__title dark-text\">\n\t\t\t\t\t\t\t\t\t<p class=\"p-font-bold\">Lokaler Urlaub<\/p>\n\t\t\t\t\t\t\t\t\t<p>23 y 24 de Junio: San Juan<\/p>\n\t\t\t\t\t\t\t\t<\/div>\n\t\t\t\t\t\t\t<\/div>\n\t\t\t\t\t\t<\/div>\n\t\t\t\t\t\n\t\t\t\t\t\t<div>\n\t\t\t\t\t\t\t<div class=\"phone-number-item\">\n\t\t\t\t\t\t\t\t<div class=\"phone-number-item__icon\"><i class=\"icon-holiday\"><\/i><\/div>\n\t\t\t\t\t\t\t\t<div class=\"phone-number-item__title dark-text\">\n\t\t\t\t\t\t\t\t\t<p class=\"p-font-bold\">Lokaler Urlaub<\/p>\n\t\t\t\t\t\t\t\t\t<p>Junio: Corpus<\/p>\n\t\t\t\t\t\t\t\t<\/div>\n\t\t\t\t\t\t\t<\/div>\n\t\t\t\t\t\t<\/div>\n\t\t\t\t\t\n\t\t\t\t\t\t<div>\n\t\t\t\t\t\t\t<div class=\"phone-number-item\">\n\t\t\t\t\t\t\t\t<div class=\"phone-number-item__icon\"><i class=\"icon-holiday\"><\/i><\/div>\n\t\t\t\t\t\t\t\t<div class=\"phone-number-item__title dark-text\">\n\t\t\t\t\t\t\t\t\t<p class=\"p-font-bold\">Lokaler Urlaub<\/p>\n\t\t\t\t\t\t\t\t\t<p>15 al 18 agosto: Fiesta de San Roque<\/p>\n\t\t\t\t\t\t\t\t<\/div>\n\t\t\t\t\t\t\t<\/div>\n\t\t\t\t\t\t<\/div>\n\t\t\t\t\t\n\t\t\t\t\t\t<div>\n\t\t\t\t\t\t\t<div class=\"phone-number-item\">\n\t\t\t\t\t\t\t\t<div class=\"phone-number-item__icon\"><i class=\"icon-holiday\"><\/i><\/div>\n\t\t\t\t\t\t\t\t<div class=\"phone-number-item__title dark-text\">\n\t\t\t\t\t\t\t\t\t<p class=\"p-font-bold\">Lokaler Urlaub<\/p>\n\t\t\t\t\t\t\t\t\t<p>Abril: Fiesta gastron\u00f3mica dedicada al rosc\u00f3n<\/p>\n\t\t\t\t\t\t\t\t<\/div>\n\t\t\t\t\t\t\t<\/div>\n\t\t\t\t\t\t<\/div>\n\t\t\t\t\t\n\t\t\t\t<\/div>\n\t\t\t<\/div>\n\t\t\n\t<\/div>\n<\/section>\n\n<div id=\"stage_list_section\"><div class=\"stage-list\">\n    <div class='stage-list__map-card'>\n        <div class='stage-list__map-card__map'>\n            <div class='stage-list__map-card__map__text'>\n                <h2> Pages <\/h2>\n                <p> Zu Fu\u00df<\/p>\n                <p> 0etappen<\/p>\n            <\/div>\n            <div class='stage-list__map-card__map__img'>\n                <img decoding=\"async\" src=\"\" alt=\" mapa \" \/>\n            <\/div>\n        <\/div>\n    <\/div>\n\n    <\/div>\n<\/div> ","protected":false},"excerpt":{"rendered":"<p>Caldas de Reis &#8249; Zur\u00fcck zur B\u00fchne Caldas de Reis Einwohner: 9.895 aprox. Bundesland: Pontevedra Informationen Get to know Caldas de Reis Caldas de Reis ist das Gegenteil von dem, was der Pilger gerade verlassen hat. Es ist eine rein l\u00e4ndliche Gegend, in der wir einige romanische Geb\u00e4ude von gro\u00dfem historischem und kulturellem Wert finden. &hellip; <\/p>\n<p class=\"read_more\"><a href=\"https:\/\/www.pilgrim.es\/de\/portugiesischer-weg\/caldas-de-reis\/\">Leer m\u00e1s<\/a><\/p>\n","protected":false},"author":0,"featured_media":2159,"parent":10665,"menu_order":0,"comment_status":"closed","ping_status":"closed","template":"views\/template-new-web-design.blade.php","meta":{"footnotes":""},"categories":[],"tags":[],"class_list":["post-91231","page","type-page","status-publish","has-post-thumbnail","hentry"],"yoast_head":"<!-- This site is optimized with the Yoast SEO plugin v27.4 - https:\/\/yoast.com\/product\/yoast-seo-wordpress\/ -->\n<title>Caldas de Reis: Was sehen und wo \u00fcbernachten | Jakobsweg | Pilgrim<\/title>\n<meta name=\"description\" content=\"Caldas de Reis Entdecken Sie alle Informationen \u00fcber Unterk\u00fcnfte, Anreise, Gastronomie und die wichtigsten Sehensw\u00fcrdigkeiten der Orte am Portugiesischer Weg\" \/>\n<meta name=\"robots\" content=\"index, follow, max-snippet:-1, max-image-preview:large, max-video-preview:-1\" \/>\n<link rel=\"canonical\" href=\"https:\/\/www.pilgrim.es\/de\/portugiesischer-weg\/caldas-de-reis\/\" \/>\n<meta property=\"og:locale\" content=\"de_DE\" \/>\n<meta property=\"og:type\" content=\"article\" \/>\n<meta property=\"og:title\" content=\"Caldas de Reis: Was sehen und wo \u00fcbernachten | Jakobsweg | Pilgrim\" \/>\n<meta property=\"og:description\" content=\"Caldas de Reis Entdecken Sie alle Informationen \u00fcber Unterk\u00fcnfte, Anreise, Gastronomie und die wichtigsten Sehensw\u00fcrdigkeiten der Orte am Portugiesischer Weg\" \/>\n<meta property=\"og:url\" content=\"https:\/\/www.pilgrim.es\/de\/portugiesischer-weg\/caldas-de-reis\/\" \/>\n<meta property=\"og:site_name\" content=\"Pilgrim\" \/>\n<meta property=\"article:publisher\" content=\"https:\/\/www.facebook.com\/pilgrim.es\/\" \/>\n<meta property=\"og:image\" content=\"https:\/\/www.pilgrim.es\/wp-content\/uploads\/2019\/02\/caldas_de_reis-520x370.jpg\" \/>\n\t<meta property=\"og:image:width\" content=\"520\" \/>\n\t<meta property=\"og:image:height\" content=\"370\" \/>\n\t<meta property=\"og:image:type\" content=\"image\/jpeg\" \/>\n<meta name=\"twitter:card\" content=\"summary_large_image\" \/>\n<meta name=\"twitter:site\" content=\"@pilgrim_es\" \/>\n<meta name=\"twitter:label1\" content=\"Gesch\u00e4tzte Lesezeit\" \/>\n\t<meta name=\"twitter:data1\" content=\"7\u00a0Minuten\" \/>\n<script type=\"application\/ld+json\" class=\"yoast-schema-graph\">{\"@context\":\"https:\\\/\\\/schema.org\",\"@graph\":[{\"@type\":\"WebPage\",\"@id\":\"https:\\\/\\\/www.pilgrim.es\\\/de\\\/portugiesischer-weg\\\/caldas-de-reis\\\/\",\"url\":\"https:\\\/\\\/www.pilgrim.es\\\/de\\\/portugiesischer-weg\\\/caldas-de-reis\\\/\",\"name\":\"Caldas de Reis: Was sehen und wo \u00fcbernachten | Jakobsweg | Pilgrim\",\"isPartOf\":{\"@id\":\"https:\\\/\\\/www.pilgrim.es\\\/de\\\/#website\"},\"primaryImageOfPage\":{\"@id\":\"https:\\\/\\\/www.pilgrim.es\\\/de\\\/portugiesischer-weg\\\/caldas-de-reis\\\/#primaryimage\"},\"image\":{\"@id\":\"https:\\\/\\\/www.pilgrim.es\\\/de\\\/portugiesischer-weg\\\/caldas-de-reis\\\/#primaryimage\"},\"thumbnailUrl\":\"https:\\\/\\\/www.pilgrim.es\\\/wp-content\\\/uploads\\\/2019\\\/02\\\/caldas_de_reis-520x370.jpg\",\"datePublished\":\"2025-03-17T14:09:23+00:00\",\"description\":\"Caldas de Reis Entdecken Sie alle Informationen \u00fcber Unterk\u00fcnfte, Anreise, Gastronomie und die wichtigsten Sehensw\u00fcrdigkeiten der Orte am Portugiesischer Weg\",\"breadcrumb\":{\"@id\":\"https:\\\/\\\/www.pilgrim.es\\\/de\\\/portugiesischer-weg\\\/caldas-de-reis\\\/#breadcrumb\"},\"inLanguage\":\"de\",\"potentialAction\":[{\"@type\":\"ReadAction\",\"target\":[\"https:\\\/\\\/www.pilgrim.es\\\/de\\\/portugiesischer-weg\\\/caldas-de-reis\\\/\"]}]},{\"@type\":\"ImageObject\",\"inLanguage\":\"de\",\"@id\":\"https:\\\/\\\/www.pilgrim.es\\\/de\\\/portugiesischer-weg\\\/caldas-de-reis\\\/#primaryimage\",\"url\":\"https:\\\/\\\/www.pilgrim.es\\\/wp-content\\\/uploads\\\/2019\\\/02\\\/caldas_de_reis-520x370.jpg\",\"contentUrl\":\"https:\\\/\\\/www.pilgrim.es\\\/wp-content\\\/uploads\\\/2019\\\/02\\\/caldas_de_reis-520x370.jpg\",\"width\":520,\"height\":370,\"caption\":\"Caldas de Reis\"},{\"@type\":\"BreadcrumbList\",\"@id\":\"https:\\\/\\\/www.pilgrim.es\\\/de\\\/portugiesischer-weg\\\/caldas-de-reis\\\/#breadcrumb\",\"itemListElement\":[{\"@type\":\"ListItem\",\"position\":1,\"name\":\"Camino de Santiago\",\"item\":\"https:\\\/\\\/www.pilgrim.es\\\/de\\\/\"},{\"@type\":\"ListItem\",\"position\":2,\"name\":\"Portugiesischer Weg\",\"item\":\"https:\\\/\\\/www.pilgrim.es\\\/de\\\/portugiesischer-weg\\\/\"},{\"@type\":\"ListItem\",\"position\":3,\"name\":\"Caldas de Reis\"}]},{\"@type\":\"WebSite\",\"@id\":\"https:\\\/\\\/www.pilgrim.es\\\/de\\\/#website\",\"url\":\"https:\\\/\\\/www.pilgrim.es\\\/de\\\/\",\"name\":\"Pilgrim\",\"description\":\"Camino de Santiago | Caminamos Contigo\",\"publisher\":{\"@id\":\"https:\\\/\\\/www.pilgrim.es\\\/de\\\/#organization\"},\"potentialAction\":[{\"@type\":\"SearchAction\",\"target\":{\"@type\":\"EntryPoint\",\"urlTemplate\":\"https:\\\/\\\/www.pilgrim.es\\\/de\\\/?s={search_term_string}\"},\"query-input\":{\"@type\":\"PropertyValueSpecification\",\"valueRequired\":true,\"valueName\":\"search_term_string\"}}],\"inLanguage\":\"de\"},{\"@type\":\"Organization\",\"@id\":\"https:\\\/\\\/www.pilgrim.es\\\/de\\\/#organization\",\"name\":\"Pilgrim Camino de Santiago\",\"url\":\"https:\\\/\\\/www.pilgrim.es\\\/de\\\/\",\"logo\":{\"@type\":\"ImageObject\",\"inLanguage\":\"de\",\"@id\":\"https:\\\/\\\/www.pilgrim.es\\\/de\\\/#\\\/schema\\\/logo\\\/image\\\/\",\"url\":\"https:\\\/\\\/www.pilgrim.es\\\/wp-content\\\/uploads\\\/2019\\\/04\\\/logo_pilgrim.png\",\"contentUrl\":\"https:\\\/\\\/www.pilgrim.es\\\/wp-content\\\/uploads\\\/2019\\\/04\\\/logo_pilgrim.png\",\"width\":512,\"height\":512,\"caption\":\"Pilgrim Camino de Santiago\"},\"image\":{\"@id\":\"https:\\\/\\\/www.pilgrim.es\\\/de\\\/#\\\/schema\\\/logo\\\/image\\\/\"},\"sameAs\":[\"https:\\\/\\\/www.facebook.com\\\/pilgrim.es\\\/\",\"https:\\\/\\\/x.com\\\/pilgrim_es\",\"https:\\\/\\\/www.instagram.com\\\/pilgrim.es\\\/\",\"https:\\\/\\\/www.linkedin.com\\\/company\\\/pilgrim-camino-de-santiago\\\/\",\"https:\\\/\\\/www.pinterest.es\\\/pilgrimcaminodesantiago\\\/\",\"https:\\\/\\\/www.youtube.com\\\/channel\\\/UCIv2ZzFLXVqthkNF32rKedw\\\/featured\"]}]}<\/script>\n<!-- \/ Yoast SEO plugin. -->","yoast_head_json":{"title":"Caldas de Reis: Was sehen und wo \u00fcbernachten | Jakobsweg | Pilgrim","description":"Caldas de Reis Entdecken Sie alle Informationen \u00fcber Unterk\u00fcnfte, Anreise, Gastronomie und die wichtigsten Sehensw\u00fcrdigkeiten der Orte am Portugiesischer Weg","robots":{"index":"index","follow":"follow","max-snippet":"max-snippet:-1","max-image-preview":"max-image-preview:large","max-video-preview":"max-video-preview:-1"},"canonical":"https:\/\/www.pilgrim.es\/de\/portugiesischer-weg\/caldas-de-reis\/","og_locale":"de_DE","og_type":"article","og_title":"Caldas de Reis: Was sehen und wo \u00fcbernachten | Jakobsweg | Pilgrim","og_description":"Caldas de Reis Entdecken Sie alle Informationen \u00fcber Unterk\u00fcnfte, Anreise, Gastronomie und die wichtigsten Sehensw\u00fcrdigkeiten der Orte am Portugiesischer Weg","og_url":"https:\/\/www.pilgrim.es\/de\/portugiesischer-weg\/caldas-de-reis\/","og_site_name":"Pilgrim","article_publisher":"https:\/\/www.facebook.com\/pilgrim.es\/","og_image":[{"width":520,"height":370,"url":"https:\/\/www.pilgrim.es\/wp-content\/uploads\/2019\/02\/caldas_de_reis-520x370.jpg","type":"image\/jpeg"}],"twitter_card":"summary_large_image","twitter_site":"@pilgrim_es","twitter_misc":{"Gesch\u00e4tzte Lesezeit":"7\u00a0Minuten"},"schema":{"@context":"https:\/\/schema.org","@graph":[{"@type":"WebPage","@id":"https:\/\/www.pilgrim.es\/de\/portugiesischer-weg\/caldas-de-reis\/","url":"https:\/\/www.pilgrim.es\/de\/portugiesischer-weg\/caldas-de-reis\/","name":"Caldas de Reis: Was sehen und wo \u00fcbernachten | Jakobsweg | Pilgrim","isPartOf":{"@id":"https:\/\/www.pilgrim.es\/de\/#website"},"primaryImageOfPage":{"@id":"https:\/\/www.pilgrim.es\/de\/portugiesischer-weg\/caldas-de-reis\/#primaryimage"},"image":{"@id":"https:\/\/www.pilgrim.es\/de\/portugiesischer-weg\/caldas-de-reis\/#primaryimage"},"thumbnailUrl":"https:\/\/www.pilgrim.es\/wp-content\/uploads\/2019\/02\/caldas_de_reis-520x370.jpg","datePublished":"2025-03-17T14:09:23+00:00","description":"Caldas de Reis Entdecken Sie alle Informationen \u00fcber Unterk\u00fcnfte, Anreise, Gastronomie und die wichtigsten Sehensw\u00fcrdigkeiten der Orte am Portugiesischer Weg","breadcrumb":{"@id":"https:\/\/www.pilgrim.es\/de\/portugiesischer-weg\/caldas-de-reis\/#breadcrumb"},"inLanguage":"de","potentialAction":[{"@type":"ReadAction","target":["https:\/\/www.pilgrim.es\/de\/portugiesischer-weg\/caldas-de-reis\/"]}]},{"@type":"ImageObject","inLanguage":"de","@id":"https:\/\/www.pilgrim.es\/de\/portugiesischer-weg\/caldas-de-reis\/#primaryimage","url":"https:\/\/www.pilgrim.es\/wp-content\/uploads\/2019\/02\/caldas_de_reis-520x370.jpg","contentUrl":"https:\/\/www.pilgrim.es\/wp-content\/uploads\/2019\/02\/caldas_de_reis-520x370.jpg","width":520,"height":370,"caption":"Caldas de Reis"},{"@type":"BreadcrumbList","@id":"https:\/\/www.pilgrim.es\/de\/portugiesischer-weg\/caldas-de-reis\/#breadcrumb","itemListElement":[{"@type":"ListItem","position":1,"name":"Camino de Santiago","item":"https:\/\/www.pilgrim.es\/de\/"},{"@type":"ListItem","position":2,"name":"Portugiesischer Weg","item":"https:\/\/www.pilgrim.es\/de\/portugiesischer-weg\/"},{"@type":"ListItem","position":3,"name":"Caldas de Reis"}]},{"@type":"WebSite","@id":"https:\/\/www.pilgrim.es\/de\/#website","url":"https:\/\/www.pilgrim.es\/de\/","name":"Pilgrim","description":"Camino de Santiago | Caminamos Contigo","publisher":{"@id":"https:\/\/www.pilgrim.es\/de\/#organization"},"potentialAction":[{"@type":"SearchAction","target":{"@type":"EntryPoint","urlTemplate":"https:\/\/www.pilgrim.es\/de\/?s={search_term_string}"},"query-input":{"@type":"PropertyValueSpecification","valueRequired":true,"valueName":"search_term_string"}}],"inLanguage":"de"},{"@type":"Organization","@id":"https:\/\/www.pilgrim.es\/de\/#organization","name":"Pilgrim Camino de Santiago","url":"https:\/\/www.pilgrim.es\/de\/","logo":{"@type":"ImageObject","inLanguage":"de","@id":"https:\/\/www.pilgrim.es\/de\/#\/schema\/logo\/image\/","url":"https:\/\/www.pilgrim.es\/wp-content\/uploads\/2019\/04\/logo_pilgrim.png","contentUrl":"https:\/\/www.pilgrim.es\/wp-content\/uploads\/2019\/04\/logo_pilgrim.png","width":512,"height":512,"caption":"Pilgrim Camino de Santiago"},"image":{"@id":"https:\/\/www.pilgrim.es\/de\/#\/schema\/logo\/image\/"},"sameAs":["https:\/\/www.facebook.com\/pilgrim.es\/","https:\/\/x.com\/pilgrim_es","https:\/\/www.instagram.com\/pilgrim.es\/","https:\/\/www.linkedin.com\/company\/pilgrim-camino-de-santiago\/","https:\/\/www.pinterest.es\/pilgrimcaminodesantiago\/","https:\/\/www.youtube.com\/channel\/UCIv2ZzFLXVqthkNF32rKedw\/featured"]}]}},"_links":{"self":[{"href":"https:\/\/www.pilgrim.es\/de\/wp-json\/wp\/v2\/pages\/91231","targetHints":{"allow":["GET"]}}],"collection":[{"href":"https:\/\/www.pilgrim.es\/de\/wp-json\/wp\/v2\/pages"}],"about":[{"href":"https:\/\/www.pilgrim.es\/de\/wp-json\/wp\/v2\/types\/page"}],"replies":[{"embeddable":true,"href":"https:\/\/www.pilgrim.es\/de\/wp-json\/wp\/v2\/comments?post=91231"}],"version-history":[{"count":0,"href":"https:\/\/www.pilgrim.es\/de\/wp-json\/wp\/v2\/pages\/91231\/revisions"}],"up":[{"embeddable":true,"href":"https:\/\/www.pilgrim.es\/de\/wp-json\/wp\/v2\/pages\/10665"}],"wp:featuredmedia":[{"embeddable":true,"href":"https:\/\/www.pilgrim.es\/de\/wp-json\/wp\/v2\/media\/2159"}],"wp:attachment":[{"href":"https:\/\/www.pilgrim.es\/de\/wp-json\/wp\/v2\/media?parent=91231"}],"wp:term":[{"taxonomy":"category","embeddable":true,"href":"https:\/\/www.pilgrim.es\/de\/wp-json\/wp\/v2\/categories?post=91231"},{"taxonomy":"post_tag","embeddable":true,"href":"https:\/\/www.pilgrim.es\/de\/wp-json\/wp\/v2\/tags?post=91231"}],"curies":[{"name":"wp","href":"https:\/\/api.w.org\/{rel}","templated":true}]}}