{"id":91228,"date":"2025-03-17T14:08:06","date_gmt":"2025-03-17T14:08:06","guid":{"rendered":"https:\/\/www.pilgrim.es\/portugiesischer-weg\/pontevedra\/"},"modified":"2025-03-17T14:08:06","modified_gmt":"2025-03-17T14:08:06","slug":"pontevedra","status":"publish","type":"page","link":"https:\/\/www.pilgrim.es\/de\/portugiesischer-weg\/pontevedra\/","title":{"rendered":"Pontevedra"},"content":{"rendered":" <section id=\"hero\">\n\t<h1>Pontevedra<\/h1>\n\t<div class=\"hero-grid\">\n\t\t<div class=\"hero-grid__town-col\" data-background=\"https:\/\/cdn.pilgrim.es\/web\/caminos\/camino-portugues\/pueblos\/pontevedra\/pontevedra.jpg\">\n\t\t\t<div>\n\t\t\t\t<a class=\"link-to-stage\" href=\"https:\/\/www.pilgrim.es\/camino-portugues\/etapa-22-redondela-pontevedra\/\">\n\t\t\t\t\t<p>&#8249; Zur\u00fcck zur B\u00fchne<\/p>\n\t\t\t\t<\/a>\n\n\t\t\t\t<div class=\"town-data\">\n\t\t\t\t\t<h2>Pontevedra<\/h2>\n\t\t\t\t\t<ul>\n\t\t\t\t\t\t<li>Einwohner: 82.946 aprox.<\/li>\n\t\t\t\t\t\t<li>Bundesland: Pontevedra<\/li>\n\t\t\t\t\t<\/ul>\n\t\t\t\t<\/div>\n\t\t\t<\/div>\n\t\t<\/div>\n\t\t<div class=\"hero-grid__planner-col\"><div\r\n  class=\"p-col-span-1 p-rounded-lg p-px-5 p-h-full\"\r\n  style=\"background-image: url('https:\/\/cdn.pilgrim.es\/web\/pilgrim-planner\/bg-plugin-planificador.webp')\"\r\n  rel=\"preload\"\r\n  fetchpriority=\"high\"\r\n  >\r\n    <div class=\"p-text-center p-pt-5 p-text-white p-text-2xl p-font-semibold\">\r\n      Plane deinen Weg    <\/div>\r\n    <div\r\n            id='primary-app'\r\n            data-name='banner'\r\n            data-api='https:\/\/pathfinder.pilgrim.es\/api\/pathfinder\/v2'\r\n            data-mode='normal'\r\n            data-lang='de'\r\n            data-route='1'\r\n            data-destiny='https:\/\/planificador.pilgrim.es'\r\n            data-modality='1'\r\n            data-inline=''\r\n        ><\/div><\/div><\/div>\n\t<\/div>\n<\/section>\n\n<section id=\"infoTown\">\n\t<div class=\"sections-town\">\n\n\t\t<div id=\"informationSection\">\n\t\t\t<div>\n\t\t\t\t<h2 class=\"p-h2-town\">Informationen<\/h2>\n\t\t\t\t<hr>\n\t\t\t\t<h3 class=\"p-h3-town\">Get to know Pontevedra<\/h3>\n\t\t\t<\/div>\n\t\t\t<p>Pontevedra ist das zweitwichtigste Stadtgebiet Galiciens, das nur noch von der monumentalen Stadt Santiago \u00fcbertroffen wird. Deshalb machen die meisten Pilger in dieser kleinen Stadt Halt, um ihre Ecken und gepflasterten Stra\u00dfen zu erkunden, wobei vor allem die Plaza de la Peregrina und ihr Heiligtum hervorzuheben sind. <\/p> <p>Obwohl Pontevedra keine gro\u00dfe Stadt ist, wurde sie mehrfach als eine der lebenswertesten St\u00e4dte Europas ausgezeichnet, und zwar nach den Kriterien Erreichbarkeit, Mobilit\u00e4t, kultureller Reichtum und Lebensstandard. Sie gilt daher als die Hauptstadt der R\u00edas Baixas.\n\t\t<\/div>\n\n\t\t<div id=\"locationSection\">\n\t\t\t<div>\n\t\t\t\t<h2 class=\"p-h2-town\">Standort<\/h2>\n\t\t\t\t<hr>\n\t\t\t\t<h3 class=\"p-h3-town\">Wegbeschreibung<\/h3>\n\t\t\t<\/div>\n\t\t\t<p>Pontevedra ist sehr gut angebunden, da es von der Autobahn AP-9 und der N-554 durchquert wird. Es ist daher einfach, Verbindungen nach Vigo und A Coru\u00f1a zu finden.\n\n<p>Au\u00dferdem verf\u00fcgt das Stadtzentrum \u00fcber einen Bus- und einen Bahnhof, so dass die Stadt mit den wichtigsten Punkten Galiciens wie Santiago, Vilagarc\u00eda, Vigo, A Coru\u00f1a und Ourense verbunden ist. Es gibt auch Verbindungen nach Portugal und in den Rest der Halbinsel.\n\n<p>Der repr\u00e4sentative Hafen der Stadt ist der von Mar\u00edn, nur wenige Kilometer vom Zentrum entfernt. Der n\u00e4chstgelegene Flughafen ist Peinador, in Vigo.\n\t\t\t<div>\n\t\t\t\t<div>\n  <iframe loading=\"lazy\"\n    src=\"https:\/\/www.google.com\/maps\/d\/embed?mid=1puC5dYJH8_nDbL4Vgz39pbwd-yWQ3aU&amp;ehbc=2E312F\"\n    width=\"640\"\n    height=\"480\"\n    alt=\"Mapa Pontevedra\"\n  ><\/iframe>\n<\/div>\n\n\t\t\t<\/div>\n\t\t<\/div>\n\n\t\t\n\t\t\t<div id=\"toVisitSection\">\n\t\t\t\t<div>\n\t\t\t\t\t<h2 class=\"p-h2-town\">Geschichte \/ Kultur<\/h2>\n\t\t\t\t\t<hr>\n\t\t\t\t\t<h3 class=\"p-h3-town\">Was es zu sehen gibt<\/h3>\n\t\t\t\t<\/div>\n\t\t\t\t<div>\n\t\t\t\t\t<div class=\"accordion\">\n\t\t\t\t\t\t<div class=\"accordion__menu\">\n\t\t\t\t\t\t\t<nav>\n\t\t\t\t\t\t\t\t\n\t\t\t\t\t\t\t\t\t<button class=\"nav-tab-accordion active\"><span>&#10093;<\/span><span> Puente del Burgo<\/span><\/button>\n\t\t\t\t\t\t\t\t\n\t\t\t\t\t\t\t\t\t<button class=\"nav-tab-accordion \"><span>&#10093;<\/span><span> Pazo Provincial<\/span><\/button>\n\t\t\t\t\t\t\t\t\n\t\t\t\t\t\t\t\t\t<button class=\"nav-tab-accordion \"><span>&#10093;<\/span><span> Pazo da Cultura<\/span><\/button>\n\t\t\t\t\t\t\t\t\n\t\t\t\t\t\t\t\t\t<button class=\"nav-tab-accordion \"><span>&#10093;<\/span><span> Mercado de Abastos<\/span><\/button>\n\t\t\t\t\t\t\t\t\n\t\t\t\t\t\t\t\t\t<button class=\"nav-tab-accordion \"><span>&#10093;<\/span><span> Teatro Principal y Liceo Casino<\/span><\/button>\n\t\t\t\t\t\t\t\t\n\t\t\t\t\t\t\t\t\t<button class=\"nav-tab-accordion \"><span>&#10093;<\/span><span> Santuario de la Peregrina<\/span><\/button>\n\t\t\t\t\t\t\t\t\n\t\t\t\t\t\t\t\t\t<button class=\"nav-tab-accordion \"><span>&#10093;<\/span><span> San Roque A Moureira<\/span><\/button>\n\t\t\t\t\t\t\t\t\n\t\t\t\t\t\t\t\t\t<button class=\"nav-tab-accordion \"><span>&#10093;<\/span><span> Ruinas de San Domingos<\/span><\/button>\n\t\t\t\t\t\t\t\t\n\t\t\t\t\t\t\t\t\t<button class=\"nav-tab-accordion \"><span>&#10093;<\/span><span> Plaza del Teucro<\/span><\/button>\n\t\t\t\t\t\t\t\t\n\t\t\t\t\t\t\t\t\t<button class=\"nav-tab-accordion \"><span>&#10093;<\/span><span> Plaza del Peirao<\/span><\/button>\n\t\t\t\t\t\t\t\t\n\t\t\t\t\t\t\t\t\t<button class=\"nav-tab-accordion \"><span>&#10093;<\/span><span> Plaza de San Jos\u00e9<\/span><\/button>\n\t\t\t\t\t\t\t\t\n\t\t\t\t\t\t\t\t\t<button class=\"nav-tab-accordion \"><span>&#10093;<\/span><span> Plaza de M\u00e9ndez N\u00fa\u00f1ez<\/span><\/button>\n\t\t\t\t\t\t\t\t\n\t\t\t\t\t\t\t\t\t<button class=\"nav-tab-accordion \"><span>&#10093;<\/span><span> Plaza de las Cinco Calles<\/span><\/button>\n\t\t\t\t\t\t\t\t\n\t\t\t\t\t\t\t\t\t<button class=\"nav-tab-accordion \"><span>&#10093;<\/span><span> Plaza de la Verdura<\/span><\/button>\n\t\t\t\t\t\t\t\t\n\t\t\t\t\t\t\t\t\t<button class=\"nav-tab-accordion \"><span>&#10093;<\/span><span> Plaza de la Peregrina<\/span><\/button>\n\t\t\t\t\t\t\t\t\n\t\t\t\t\t\t\t\t\t<button class=\"nav-tab-accordion \"><span>&#10093;<\/span><span> Plaza de la Ferrer\u00eda<\/span><\/button>\n\t\t\t\t\t\t\t\t\n\t\t\t\t\t\t\t\t\t<button class=\"nav-tab-accordion \"><span>&#10093;<\/span><span> Museo de Pontevedra<\/span><\/button>\n\t\t\t\t\t\t\t\t\n\t\t\t\t\t\t\t\t\t<button class=\"nav-tab-accordion \"><span>&#10093;<\/span><span> Capilla del Nazareno<\/span><\/button>\n\t\t\t\t\t\t\t\t\n\t\t\t\t\t\t\t\t\t<button class=\"nav-tab-accordion \"><span>&#10093;<\/span><span> Jardines de Castro Sampedro<\/span><\/button>\n\t\t\t\t\t\t\t\t\n\t\t\t\t\t\t\t\t\t<button class=\"nav-tab-accordion \"><span>&#10093;<\/span><span> Illa do Cobo<\/span><\/button>\n\t\t\t\t\t\t\t\t\n\t\t\t\t\t\t\t\t\t<button class=\"nav-tab-accordion \"><span>&#10093;<\/span><span> Iglesia de San Bartolom\u00e9<\/span><\/button>\n\t\t\t\t\t\t\t\t\n\t\t\t\t\t\t\t\t\t<button class=\"nav-tab-accordion \"><span>&#10093;<\/span><span> Iglesia de San Francisco<\/span><\/button>\n\t\t\t\t\t\t\t\t\n\t\t\t\t\t\t\t\t\t<button class=\"nav-tab-accordion \"><span>&#10093;<\/span><span> Convento de Santa Clara<\/span><\/button>\n\t\t\t\t\t\t\t\t\n\t\t\t\t\t\t\t\t\t<button class=\"nav-tab-accordion \"><span>&#10093;<\/span><span> Casa del Bar\u00f3n de Casa Goda<\/span><\/button>\n\t\t\t\t\t\t\t\t\n\t\t\t\t\t\t\t\t\t<button class=\"nav-tab-accordion \"><span>&#10093;<\/span><span> Bas\u00edlica de Santa Mar\u00eda la Mayor<\/span><\/button>\n\t\t\t\t\t\t\t\t\n\t\t\t\t\t\t\t\t\t<button class=\"nav-tab-accordion \"><span>&#10093;<\/span><span> Alameda Palmeras Vicenti<\/span><\/button>\n\t\t\t\t\t\t\t\t\n\t\t\t\t\t\t\t\t\t<button class=\"nav-tab-accordion \"><span>&#10093;<\/span><span> Plaza da Pedreira y Pazo de Mugartegui<\/span><\/button>\n\t\t\t\t\t\t\t\t\n\t\t\t\t\t\t\t\t\t<button class=\"nav-tab-accordion \"><span>&#10093;<\/span><span> Plaza de Curros Enr\u00edquez<\/span><\/button>\n\t\t\t\t\t\t\t\t\n\t\t\t\t\t\t\t<\/nav>\n\t\t\t\t\t\t<\/div>\n\n\t\t\t\t\t\t\n\t\t\t\t\t\t\t<div class=\"accordion__accordion-content \">\n\t\t\t\t\t\t\t\t<div>\n\t\t\t\t\t\t\t\t\t<div>\n\t\t\t\t\t\t\t\t\t\t<h4>Puente del Burgo<\/h4>\n\t\t\t\t\t\t\t\t\t\t<p>Die Burgo-Br\u00fccke r\u00f6mischen Ursprungs wurde gebaut, um den Lauf des Flusses L\u00e9rez auf einer seiner wichtigsten Verbindungsstrecken, der Stra\u00dfe des XIX. Die Br\u00fccke blieb bis Mitte des 12. Jahrhunderts bestehen, obwohl sie in so schlechtem Zustand war, dass neben ihr eine neue Br\u00fccke gebaut werden musste.\n\n<p>Heute ist die Br\u00fccke Teil der Route des Portugiesischen Weges.<\/p> <p>Die Br\u00fccke wurde Mitte des 12. Jahrhunderts gebaut, obwohl sie in einem so schlechten Zustand war, dass eine neue daneben gebaut werden musste.\n\t\t\t\t\t\t\t\t\t<\/div>\n\t\t\t\t\t\t\t\t\t<img decoding=\"async\" src=\"https:\/\/cdn.pilgrim.es\/web\/caminos\/camino-portugues\/pueblos\/pontevedra\/puntos-de-interes\/puente-del-burgo.jpg\" alt=\"Puente del Burgo\">\n\t\t\t\t\t\t\t\t<\/div>\n\t\t\t\t\t\t\t<\/div>\n\t\t\t\t\t\t\n\t\t\t\t\t\t\t<div class=\"accordion__accordion-content inactive\">\n\t\t\t\t\t\t\t\t<div>\n\t\t\t\t\t\t\t\t\t<div>\n\t\t\t\t\t\t\t\t\t\t<h4>Pazo Provincial<\/h4>\n\t\t\t\t\t\t\t\t\t\t<p>Der Pazo Provincial ist ein Geb\u00e4ude im eklektischen Stil, das Ende des 19. Jahrhunderts von Alejandro Rodr\u00edguez Sesmeros erbaut wurde. Jahrhunderts erbaut wurde. Es wurde k\u00fcrzlich restauriert, damit das Geb\u00e4ude den Provinzrat beherbergen kann.<\/p> <p>Der Pazo Provincial ist ein Geb\u00e4ude im eklektischen Stil, das von Alejandro Rodr\u00edguez Sesmeros am Ende des 19.\n\n<p>INFORMATIONEN VON INTERESSE<\/p>\n\n<p>Telefon: 986 804 100<\/p>\n\t\t\t\t\t\t\t\t\t<\/div>\n\t\t\t\t\t\t\t\t\t<img decoding=\"async\" src=\"https:\/\/cdn.pilgrim.es\/web\/caminos\/camino-portugues\/pueblos\/pontevedra\/puntos-de-interes\/pazo-provincial.jpg\" alt=\"Pazo Provincial\">\n\t\t\t\t\t\t\t\t<\/div>\n\t\t\t\t\t\t\t<\/div>\n\t\t\t\t\t\t\n\t\t\t\t\t\t\t<div class=\"accordion__accordion-content inactive\">\n\t\t\t\t\t\t\t\t<div>\n\t\t\t\t\t\t\t\t\t<div>\n\t\t\t\t\t\t\t\t\t\t<h4>Pazo da Cultura<\/h4>\n\t\t\t\t\t\t\t\t\t\t<p>Der Pazo da Cultura ist ein Geb\u00e4ude, das 1997 von Manuel de las Casas mit dem Ziel errichtet wurde, eine Gruppe von Geb\u00e4uden zu schaffen, die nach landschaftlichen Gesichtspunkten gestaltet sind. Heute beherbergt das Geb\u00e4ude ein modernes Auditorium, einen Kongressbereich und eine Ausstellungshalle, in der Theaterst\u00fccke, Kongresse, Konzerte und Ausstellungen veranstaltet werden.\n\n<p>Das angegliederte Ausstellungszentrum verf\u00fcgt \u00fcber eine Nutzfl\u00e4che von fast 5.000 Quadratmetern, die es erm\u00f6glicht, alle Arten von Messen, Ausstellungen und kulturellen Veranstaltungen durchzuf\u00fchren. <\/p>\n\n<p>INFORMATIONEN VON INTERESSE<\/p> <p>Informationen von Interesse<\/p> <p>Informationen von Interesse\n\n<p>Web: www.pazodacultura.org E-Mail: coordinacion@pazodacultura.org Telefon: 986 833 061<\/p> <p>Das Messegel\u00e4nde befindet sich im Zentrum der Stadt.\n\t\t\t\t\t\t\t\t\t<\/div>\n\t\t\t\t\t\t\t\t\t<img decoding=\"async\" src=\"https:\/\/cdn.pilgrim.es\/web\/caminos\/camino-portugues\/pueblos\/pontevedra\/puntos-de-interes\/pazo-da-cultura.jpg\" alt=\"Pazo da Cultura\">\n\t\t\t\t\t\t\t\t<\/div>\n\t\t\t\t\t\t\t<\/div>\n\t\t\t\t\t\t\n\t\t\t\t\t\t\t<div class=\"accordion__accordion-content inactive\">\n\t\t\t\t\t\t\t\t<div>\n\t\t\t\t\t\t\t\t\t<div>\n\t\t\t\t\t\t\t\t\t\t<h4>Mercado de Abastos<\/h4>\n\t\t\t\t\t\t\t\t\t\t<p>Der Mercado de Abastos wurde vor mehr als einem halben Jahrhundert in der N\u00e4he des Flusses L\u00e9rez errichtet und 2003 dank C\u00e9sar Portela restauriert. Gleichzeitig wurden Ausgrabungen durchgef\u00fchrt, um einen Teil der r\u00f6mischen Mauer zu entdecken.\n\n<p>Das Geb\u00e4ude zeichnet sich nicht nur durch seinen gro\u00dfen historischen Wert aus, sondern bietet auch eine breite Palette an Lebensmitteln. Im Erdgeschoss gibt es Fisch-, Blumen- und Fleischst\u00e4nde, im ersten Stock Gem\u00fcse-, Obst- und Fruchtst\u00e4nde sowie Fleisch- und K\u00e4sest\u00e4nde.<\/p> <p>Die St\u00e4nde befinden sich im Erdgeschoss, im ersten Stock gibt es St\u00e4nde mit Gem\u00fcse und Obst sowie Fleisch und K\u00e4se.\n\t\t\t\t\t\t\t\t\t<\/div>\n\t\t\t\t\t\t\t\t\t<img decoding=\"async\" src=\"https:\/\/cdn.pilgrim.es\/web\/caminos\/camino-portugues\/pueblos\/pontevedra\/puntos-de-interes\/mercado-de-abastos.jpg\" alt=\"Mercado de Abastos\">\n\t\t\t\t\t\t\t\t<\/div>\n\t\t\t\t\t\t\t<\/div>\n\t\t\t\t\t\t\n\t\t\t\t\t\t\t<div class=\"accordion__accordion-content inactive\">\n\t\t\t\t\t\t\t\t<div>\n\t\t\t\t\t\t\t\t\t<div>\n\t\t\t\t\t\t\t\t\t\t<h4>Teatro Principal y Liceo Casino<\/h4>\n\t\t\t\t\t\t\t\t\t\t<p>Das Teatro Principal wurde im Zentrum der Stadt an der Stelle errichtet, an der fr\u00fcher die Kirche San Bartolom\u00e9 stand, und wurde nach einem Brand im Jahr 1980 wieder aufgebaut. In der N\u00e4he befinden sich einige attraktive Geb\u00e4ude wie die Casa de las Campanas in der Calle de Don Filiberto aus dem 15. Jahrhundert, deren Hauptfassade erhalten ist.<\/p> <p>Das Haupttheater befindet sich im Zentrum der Stadt.\n\n<p>Das Theater und das Liceo Casino bieten das ganze Jahr \u00fcber ein reichhaltiges und abwechslungsreiches kulturelles Angebot, das haupts\u00e4chlich aus Theatervorstellungen, Konzerten, Filmvorf\u00fchrungen und tempor\u00e4ren Ausstellungen besteht.<\/p> <p>Das Theater und das Liceo Casino bieten das ganze Jahr \u00fcber ein reichhaltiges und abwechslungsreiches kulturelles Angebot, das haupts\u00e4chlich aus Theatervorstellungen, Konzerten, Filmvorf\u00fchrungen und tempor\u00e4ren Ausstellungen besteht.\n\n<p>INFORMATIONEN VON INTERESSE<\/p>\n\n<p>Telefon: 986 854 200<\/p> <p>Telefon: 986 854 200<\/p>\n\t\t\t\t\t\t\t\t\t<\/div>\n\t\t\t\t\t\t\t\t\t<img decoding=\"async\" src=\"https:\/\/cdn.pilgrim.es\/web\/caminos\/camino-portugues\/pueblos\/pontevedra\/puntos-de-interes\/teatro-principal.jpg\" alt=\"Teatro Principal y Liceo Casino\">\n\t\t\t\t\t\t\t\t<\/div>\n\t\t\t\t\t\t\t<\/div>\n\t\t\t\t\t\t\n\t\t\t\t\t\t\t<div class=\"accordion__accordion-content inactive\">\n\t\t\t\t\t\t\t\t<div>\n\t\t\t\t\t\t\t\t\t<div>\n\t\t\t\t\t\t\t\t\t\t<h4>Santuario de la Peregrina<\/h4>\n\t\t\t\t\t\t\t\t\t\t<p>Die Wallfahrtskirche La Peregrina ist einer der bekanntesten Tempel der Stadt. Sie wurde 1778 zu Ehren der Jungfrau La Peregrina errichtet, die die Pilger von Baiona nach Santiago f\u00fchrte, und 1982 zum kunsthistorischen Denkmal erkl\u00e4rt<\/p> <p>.\n\n<p>Das Gotteshaus verbindet einen sp\u00e4tbarocken Stil mit neoklassizistischen Formen, was auch f\u00fcr das Hauptaltarbild gilt. Der Grundriss des Heiligtums hat die Form einer Jakobsmuschel, die die Pilger symbolisiert. Im Jahr 2008 wurde es restauriert.\n\t\t\t\t\t\t\t\t\t<\/div>\n\t\t\t\t\t\t\t\t\t<img decoding=\"async\" src=\"https:\/\/cdn.pilgrim.es\/web\/caminos\/camino-portugues\/pueblos\/pontevedra\/puntos-de-interes\/santuario-peregrina.jpg\" alt=\"Santuario de la Peregrina\">\n\t\t\t\t\t\t\t\t<\/div>\n\t\t\t\t\t\t\t<\/div>\n\t\t\t\t\t\t\n\t\t\t\t\t\t\t<div class=\"accordion__accordion-content inactive\">\n\t\t\t\t\t\t\t\t<div>\n\t\t\t\t\t\t\t\t\t<div>\n\t\t\t\t\t\t\t\t\t\t<h4>San Roque A Moureira<\/h4>\n\t\t\t\t\t\t\t\t\t\t<p>Die Kapelle von San Roque wurde zu Ehren von San Roque errichtet. Zun\u00e4chst wurde dieser Tempel in der N\u00e4he des Hafens errichtet, um die Stadt vor m\u00f6glichen Seuchen und Epidemien zu sch\u00fctzen, die an Bord der Schiffe kamen. Aber Jahre sp\u00e4ter wurde die Kapelle mehrmals verlegt, bis sie schlie\u00dflich 1861 in A Moureira stand. <\/p>\n\n<p>Heute bewahrt der Tempel noch einige Elemente seiner urspr\u00fcnglichen Struktur.\n\t\t\t\t\t\t\t\t\t<\/div>\n\t\t\t\t\t\t\t\t\t<img decoding=\"async\" src=\"https:\/\/cdn.pilgrim.es\/web\/caminos\/camino-portugues\/pueblos\/pontevedra\/puntos-de-interes\/san-roque-moureira.jpg\" alt=\"San Roque A Moureira\">\n\t\t\t\t\t\t\t\t<\/div>\n\t\t\t\t\t\t\t<\/div>\n\t\t\t\t\t\t\n\t\t\t\t\t\t\t<div class=\"accordion__accordion-content inactive\">\n\t\t\t\t\t\t\t\t<div>\n\t\t\t\t\t\t\t\t\t<div>\n\t\t\t\t\t\t\t\t\t\t<h4>Ruinas de San Domingos<\/h4>\n\t\t\t\t\t\t\t\t\t\t<p>Die Kirche San Domingos wurde um das 14. Jahrhundert erbaut und 1895 zum kunsthistorischen Denkmal erkl\u00e4rt. Heute sind nur noch der Altarraum und die Fassade des Kapitelsaals zu sehen.\n\n<p>Im Inneren des Gotteshauses befinden sich zahlreiche Grabsteine mit verschiedenen Wappen und mittelalterliche Gr\u00e4ber von historischen Pers\u00f6nlichkeiten wie Paio und Sueiro G\u00f3mez de Soutomaior. Auch die sterblichen \u00dcberreste von Trist\u00e1n de Montenegro und Pedro \u00c1lvarez de Soutomaior, einem galicischen Aristokraten, besser bekannt als Pedro Madruga, sind hier zu finden.\n\t\t\t\t\t\t\t\t\t<\/div>\n\t\t\t\t\t\t\t\t\t<img decoding=\"async\" src=\"https:\/\/cdn.pilgrim.es\/web\/caminos\/camino-portugues\/pueblos\/pontevedra\/puntos-de-interes\/convento-santo-domingo.jpg\" alt=\"Ruinas de San Domingos\">\n\t\t\t\t\t\t\t\t<\/div>\n\t\t\t\t\t\t\t<\/div>\n\t\t\t\t\t\t\n\t\t\t\t\t\t\t<div class=\"accordion__accordion-content inactive\">\n\t\t\t\t\t\t\t\t<div>\n\t\t\t\t\t\t\t\t\t<div>\n\t\t\t\t\t\t\t\t\t\t<h4>Plaza del Teucro<\/h4>\n\t\t\t\t\t\t\t\t\t\t<p>Der Name des Teucro-Platzes geht auf eine Legende zur\u00fcck, die besagt, dass der Bogensch\u00fctze Teucro, ein geb\u00fcrtiger Grieche, nach dem Trojanischen Krieg in den Westen zog, um Pontevedra zu gr\u00fcnden. <\/p>\n\n<p>Dieser Bereich ist von Patrizierh\u00e4usern aus dem 17. und 18. Jahrhundert umgeben.\n\t\t\t\t\t\t\t\t\t<\/div>\n\t\t\t\t\t\t\t\t\t<img decoding=\"async\" src=\"https:\/\/cdn.pilgrim.es\/web\/caminos\/camino-portugues\/pueblos\/pontevedra\/puntos-de-interes\/plaza-teucro.jpg\" alt=\"Plaza del Teucro\">\n\t\t\t\t\t\t\t\t<\/div>\n\t\t\t\t\t\t\t<\/div>\n\t\t\t\t\t\t\n\t\t\t\t\t\t\t<div class=\"accordion__accordion-content inactive\">\n\t\t\t\t\t\t\t\t<div>\n\t\t\t\t\t\t\t\t\t<div>\n\t\t\t\t\t\t\t\t\t\t<h4>Plaza del Peirao<\/h4>\n\t\t\t\t\t\t\t\t\t\t<p>Die Plaza del Peirao befindet sich an der Stelle, an der sich fr\u00fcher die alten Peiraos (Hafenbecken) der Stadt befanden. Besonders sehenswert ist hier der runde Brunnen aus dem 18. Jahrhundert, der in einer kuriosen Statue gipfelt. <\/p>\n\n<p>Au\u00dferdem kann man die \u00dcberreste des Hauses sehen, in dem Paio G\u00f3mez Chari\u00f1o lebte, sowie ein altes Bauernhaus, in dem sich der Sitz des Berufsverbandes der technischen Architekten befindet.\n\t\t\t\t\t\t\t\t\t<\/div>\n\t\t\t\t\t\t\t\t\t<img decoding=\"async\" src=\"https:\/\/cdn.pilgrim.es\/web\/caminos\/camino-portugues\/pueblos\/pontevedra\/puntos-de-interes\/plaza-peirao.jpg\" alt=\"Plaza del Peirao\">\n\t\t\t\t\t\t\t\t<\/div>\n\t\t\t\t\t\t\t<\/div>\n\t\t\t\t\t\t\n\t\t\t\t\t\t\t<div class=\"accordion__accordion-content inactive\">\n\t\t\t\t\t\t\t\t<div>\n\t\t\t\t\t\t\t\t\t<div>\n\t\t\t\t\t\t\t\t\t\t<h4>Plaza de San Jos\u00e9<\/h4>\n\t\t\t\t\t\t\t\t\t\t<p>Auf der Plaza de San Jos\u00e9 steht ein Denkmal zu Ehren der Versammlungen der f\u00fcnf adligen Intellektuellen, die im 20. Jahrhundert mit Pontevedra verbunden waren. Jahrhundert verbunden waren. Umgeben ist er von zwei der wichtigsten Kulturzentren der Stadt: dem soziokulturellen Zentrum Abanca und dem Caf\u00e9 Moderno. <\/p>\n\t\t\t\t\t\t\t\t\t<\/div>\n\t\t\t\t\t\t\t\t\t<img decoding=\"async\" src=\"https:\/\/cdn.pilgrim.es\/web\/caminos\/camino-portugues\/pueblos\/pontevedra\/puntos-de-interes\/plaza-san-jose.jpg\" alt=\"Plaza de San Jos\u00e9\">\n\t\t\t\t\t\t\t\t<\/div>\n\t\t\t\t\t\t\t<\/div>\n\t\t\t\t\t\t\n\t\t\t\t\t\t\t<div class=\"accordion__accordion-content inactive\">\n\t\t\t\t\t\t\t\t<div>\n\t\t\t\t\t\t\t\t\t<div>\n\t\t\t\t\t\t\t\t\t\t<h4>Plaza de M\u00e9ndez N\u00fa\u00f1ez<\/h4>\n\t\t\t\t\t\t\t\t\t\t<p>Traditionell hie\u00df dieser Platz Plaza de las Gallinas, wegen des Gefl\u00fcgelmarktes, der dort vor dem gro\u00dfen Herrenhaus der Familie Cruz y Montenegro stattfand. Dieses Herrenhaus aus dem 15. Jahrhundert war die Hauptresidenz von Konteradmiral Casto M\u00e9ndez N\u00fa\u00f1ez, der 1869, kurz nach dem Ende der Schlacht von El Callao (Peru), starb.<\/p> <p>Der Platz ist auch als Plaza de las Gallinas bekannt.\n\n<p>Ende des 19. Jahrhunderts diente dieses Geb\u00e4ude als Zentrum f\u00fcr wichtige Versammlungen von Denkern und Schriftstellern der damaligen Zeit, wie Valle Incl\u00e1n, da es die ber\u00fchmte Muruais-Bibliothek beherbergte.\n\n<p>Zum Gedenken an den ber\u00fchmten Autor der Sonaten wurde auf dem Platz eine Statue errichtet.<\/p> <p>Zur Zeit wurde eine Statue zum Gedenken an den ber\u00fchmten Autor der Sonaten errichtet.\n\t\t\t\t\t\t\t\t\t<\/div>\n\t\t\t\t\t\t\t\t\t<img decoding=\"async\" src=\"https:\/\/cdn.pilgrim.es\/web\/caminos\/camino-portugues\/pueblos\/pontevedra\/puntos-de-interes\/plaza-mendez-nunez.jpg\" alt=\"Plaza de M\u00e9ndez N\u00fa\u00f1ez\">\n\t\t\t\t\t\t\t\t<\/div>\n\t\t\t\t\t\t\t<\/div>\n\t\t\t\t\t\t\n\t\t\t\t\t\t\t<div class=\"accordion__accordion-content inactive\">\n\t\t\t\t\t\t\t\t<div>\n\t\t\t\t\t\t\t\t\t<div>\n\t\t\t\t\t\t\t\t\t\t<h4>Plaza de las Cinco Calles<\/h4>\n\t\t\t\t\t\t\t\t\t\t<p>An der Plaza de las cinco calles sind zwei wichtige Elemente hervorzuheben: das Haus, in dem der ber\u00fchmte Schriftsteller Valle Incl\u00e1n lebte, und das Querschiff des Hauses vom Ende des 18. Jahrhunderts, das nach dem Ende des B\u00fcrgerkriegs an diesen Platz gebracht wurde.\n\nJh., das nach dem Ende des B\u00fcrgerkriegs hierher gebracht wurde. <p>Heute ist dieser Platz zu einem echten gastronomischen und festlichen Zentrum geworden, da einige der wichtigsten Vergn\u00fcgungsstra\u00dfen, Bars und Restaurants der Stadt hier zusammentreffen.\n\t\t\t\t\t\t\t\t\t<\/div>\n\t\t\t\t\t\t\t\t\t<img decoding=\"async\" src=\"https:\/\/cdn.pilgrim.es\/web\/caminos\/camino-portugues\/pueblos\/pontevedra\/puntos-de-interes\/plaza-cinco-calles.jpg\" alt=\"Plaza de las Cinco Calles\">\n\t\t\t\t\t\t\t\t<\/div>\n\t\t\t\t\t\t\t<\/div>\n\t\t\t\t\t\t\n\t\t\t\t\t\t\t<div class=\"accordion__accordion-content inactive\">\n\t\t\t\t\t\t\t\t<div>\n\t\t\t\t\t\t\t\t\t<div>\n\t\t\t\t\t\t\t\t\t\t<h4>Plaza de la Verdura<\/h4>\n\t\t\t\t\t\t\t\t\t\t<p>Der Plaza de la Verdura (Gem\u00fcseplatz) verdankt seinen Namen den traditionellen Gem\u00fcsem\u00e4rkten, die hier in der Vergangenheit stattfanden und auch heute noch abgehalten werden. Unter den Geb\u00e4uden, die diesen Platz umgeben, sticht die im 19. Jahrhundert errichtete Lichtfabrik hervor, die Pontevedra zu einer der ersten St\u00e4dte machte, die \u00fcber eine solche Dienstleistung verf\u00fcgten. <\/p>\n\n<p>Besonders erw\u00e4hnenswert ist auch die Tatsache, dass sich auf diesem Platz ein Brunnen befindet, der dem auf der Plaza de Curros Enr\u00edquez gleicht.\n\t\t\t\t\t\t\t\t\t<\/div>\n\t\t\t\t\t\t\t\t\t<img decoding=\"async\" src=\"https:\/\/cdn.pilgrim.es\/web\/caminos\/camino-portugues\/pueblos\/pontevedra\/puntos-de-interes\/plaza-verdura.jpg\" alt=\"Plaza de la Verdura\">\n\t\t\t\t\t\t\t\t<\/div>\n\t\t\t\t\t\t\t<\/div>\n\t\t\t\t\t\t\n\t\t\t\t\t\t\t<div class=\"accordion__accordion-content inactive\">\n\t\t\t\t\t\t\t\t<div>\n\t\t\t\t\t\t\t\t\t<div>\n\t\t\t\t\t\t\t\t\t\t<h4>Plaza de la Peregrina<\/h4>\n\t\t\t\t\t\t\t\t\t\t<p>Dieser Platz wurde Ende des 18. Jahrhunderts f\u00fcr den Bau des Heiligtums der Virgen de la Peregrina errichtet. Sein Standort war kein Zufall, denn obwohl er au\u00dferhalb des Schutzes der Stadtmauern lag, befand er sich in der Mitte der R\u00f6merstra\u00dfe, einer Route, die auch von den Pilgern auf ihrem Weg nach Santiago de Compostela genutzt wurde. <\/p>\n\n<\/p> <p>Heute ist es eines der wichtigsten Zentren der Stadt, das im Laufe der Jahre mehrmals umgebaut wurde, zuletzt in den 1950er Jahren. <\/p>\n\t\t\t\t\t\t\t\t\t<\/div>\n\t\t\t\t\t\t\t\t\t<img decoding=\"async\" src=\"https:\/\/cdn.pilgrim.es\/web\/caminos\/camino-portugues\/pueblos\/pontevedra\/puntos-de-interes\/plaza-peregrina.jpg\" alt=\"Plaza de la Peregrina\">\n\t\t\t\t\t\t\t\t<\/div>\n\t\t\t\t\t\t\t<\/div>\n\t\t\t\t\t\t\n\t\t\t\t\t\t\t<div class=\"accordion__accordion-content inactive\">\n\t\t\t\t\t\t\t\t<div>\n\t\t\t\t\t\t\t\t\t<div>\n\t\t\t\t\t\t\t\t\t\t<h4>Plaza de la Ferrer\u00eda<\/h4>\n\t\t\t\t\t\t\t\t\t\t<p>Der Plaza de la Ferrer\u00eda ist einer der beliebtesten Pl\u00e4tze der Stadt, dessen Name von den Schmieden stammt, die in seinen Arkaden angeordnet waren. Das herausragendste Merkmal dieses Platzes ist der Ferrer\u00eda-Brunnen, der im 16. Jahrhundert erbaut und 1930 renoviert wurde. <\/p>\n\n<p>Ein weiteres bemerkenswertes Merkmal des Platzes ist das Haus im Renaissancestil, das wegen seiner verschiedenen gesichtsf\u00f6rmigen Skulpturen an der S\u00fcdfassade als Casa de las Caras oder Casa de los Barbeitos bekannt ist. <\/p>\n\n<p>In der gleichen Gegend befinden sich auch die Kirche San Francisco und das Finanzamt, ein Geb\u00e4ude aus dem Jahr 1800, dessen Eingangstor dem alten Tor Santo Domingo entspricht, das zur alten mittelalterlichen Stadtmauer geh\u00f6rte.\n\t\t\t\t\t\t\t\t\t<\/div>\n\t\t\t\t\t\t\t\t\t<img decoding=\"async\" src=\"https:\/\/cdn.pilgrim.es\/web\/caminos\/camino-portugues\/pueblos\/pontevedra\/puntos-de-interes\/plaza-ferreria.jpg\" alt=\"Plaza de la Ferrer\u00eda\">\n\t\t\t\t\t\t\t\t<\/div>\n\t\t\t\t\t\t\t<\/div>\n\t\t\t\t\t\t\n\t\t\t\t\t\t\t<div class=\"accordion__accordion-content inactive\">\n\t\t\t\t\t\t\t\t<div>\n\t\t\t\t\t\t\t\t\t<div>\n\t\t\t\t\t\t\t\t\t\t<h4>Museo de Pontevedra<\/h4>\n\t\t\t\t\t\t\t\t\t\t<p>Das Museum von Pontevedra verteilt sich auf sechs historische Geb\u00e4ude in der Stadt: die Geb\u00e4ude Castro Monteagudo und Garc\u00eda Fl\u00f3rez, das Geb\u00e4ude Sarmiento, das Geb\u00e4ude Fern\u00e1ndez L\u00f3pez, die Ruinen von San Domingos und das neue Geb\u00e4ude, bekannt als &#8222;Sechstes Geb\u00e4ude&#8220;. Es wurde 1927 vom Provinzialrat eingeweiht. Dank seiner Ausdehnung und seines gro\u00dfen Wertes ist es eines der besten Museen Spaniens.\n\n<p>Von den verschiedenen Geb\u00e4uden, aus denen sich das Museum zusammensetzt, sind die wichtigsten die Barockh\u00e4user von Castro Monteagudo und Garc\u00eda Fl\u00f3rez und das Sarmiento-Geb\u00e4ude, das 1962 zum kunsthistorischen Denkmal erkl\u00e4rt wurde. Letzteres zeichnet sich durch die Bedeutung und Vielfalt seiner Sammlungen aus, in denen St\u00fccke und Dokumente aus pr\u00e4historischer Zeit bis zur Gegenwart zu bewundern sind. <\/p>\n\t\t\t\t\t\t\t\t\t<\/div>\n\t\t\t\t\t\t\t\t\t<img decoding=\"async\" src=\"https:\/\/cdn.pilgrim.es\/web\/caminos\/camino-portugues\/pueblos\/pontevedra\/puntos-de-interes\/museo-pontevedra.jpg\" alt=\"Museo de Pontevedra\">\n\t\t\t\t\t\t\t\t<\/div>\n\t\t\t\t\t\t\t<\/div>\n\t\t\t\t\t\t\n\t\t\t\t\t\t\t<div class=\"accordion__accordion-content inactive\">\n\t\t\t\t\t\t\t\t<div>\n\t\t\t\t\t\t\t\t\t<div>\n\t\t\t\t\t\t\t\t\t\t<h4>Capilla del Nazareno<\/h4>\n\t\t\t\t\t\t\t\t\t\t<p>Diese im Mittelalter errichtete Kapelle in der Calle Tetu\u00e1n in der Stadt Pontevedra ist in einem klaren Barockstil gehalten. Im ersten M\u00e4rzmonat findet eine kuriose Wallfahrt statt, bei der die Gl\u00e4ubigen zu diesem Tempel gehen, um den heiligen Nazarener um die ber\u00fchmten &#8222;Drei Gnaden&#8220; zu bitten, die f\u00fcr sie eintreten und ihnen das gew\u00e4hren, worum sie gebeten haben. Es ist \u00fcblich, dass sich lange Schlangen bilden, und die Gl\u00e4ubigsten kommen schon fr\u00fch am Morgen, um sich einen Platz zu sichern. <\/p>\n\t\t\t\t\t\t\t\t\t<\/div>\n\t\t\t\t\t\t\t\t\t<img decoding=\"async\" src=\"https:\/\/cdn.pilgrim.es\/web\/caminos\/camino-portugues\/pueblos\/pontevedra\/puntos-de-interes\/capilla-nazareno.jpg\" alt=\"Capilla del Nazareno\">\n\t\t\t\t\t\t\t\t<\/div>\n\t\t\t\t\t\t\t<\/div>\n\t\t\t\t\t\t\n\t\t\t\t\t\t\t<div class=\"accordion__accordion-content inactive\">\n\t\t\t\t\t\t\t\t<div>\n\t\t\t\t\t\t\t\t\t<div>\n\t\t\t\t\t\t\t\t\t\t<h4>Jardines de Castro Sampedro<\/h4>\n\t\t\t\t\t\t\t\t\t\t<p>Die G\u00e4rten von Casto Sampedro sind ein nat\u00fcrlicher Komplex vor dem Kloster von San Francisco. Hier gibt es Rosen- und Kamelieng\u00e4rten, unter denen ein herrlicher Brunnen aus dem 16. Jahrhundert hervorsticht, der von Domingos Fern\u00e1ndez und Joao L\u00f3pez gebaut wurde. Jahrhunderts durch einen bescheideneren ersetzt wurde. 1930 kehrte der Brunnen auf den Ferrer\u00eda-Platz zur\u00fcck, nachdem er von dem Architekten Salgado repariert worden war.\n\t\t\t\t\t\t\t\t\t<\/div>\n\t\t\t\t\t\t\t\t\t<img decoding=\"async\" src=\"https:\/\/cdn.pilgrim.es\/web\/caminos\/camino-portugues\/pueblos\/pontevedra\/puntos-de-interes\/jardines-castro-sampedro.jpg\" alt=\"Jardines de Castro Sampedro\">\n\t\t\t\t\t\t\t\t<\/div>\n\t\t\t\t\t\t\t<\/div>\n\t\t\t\t\t\t\n\t\t\t\t\t\t\t<div class=\"accordion__accordion-content inactive\">\n\t\t\t\t\t\t\t\t<div>\n\t\t\t\t\t\t\t\t\t<div>\n\t\t\t\t\t\t\t\t\t\t<h4>Illa do Cobo<\/h4>\n\t\t\t\t\t\t\t\t\t\t<p>Die Illa do Cobo, die auch als Insel der Skulpturen bekannt ist, beherbergt ein einzigartiges \u00f6kologisches, landwirtschaftliches und kulturelles Erbe. Mit der Schaffung dieser Insel wurde in Spanien Pionierarbeit geleistet, und es wurde erreicht, dass eine reale Umgebung zu einem dauerhaften Ort wurde, der sehr moderne Elemente enth\u00e4lt.\n\n<p>Insgesamt zw\u00f6lf K\u00fcnstler wurden eingeladen, die Insel mit verschiedenen k\u00fcnstlerischen Skulpturen auszustatten, darunter Giovanni Anselmo, Fernando Cas\u00e1s, Jos\u00e9 Pedro Croft, Dan Graham, Francisco Leiro, Richard Long, Robert Morris, Anne &amp; Patrick Poirier, Ulrich R\u00fcckriem und Enrique Velasco. Jeder dieser K\u00fcnstler hat ein Werk mit Bezug zur Landschaft, zur Tradition des Ortes und zum Wesen des Menschen und seiner Verbindung zur Natur geschaffen.\n\t\t\t\t\t\t\t\t\t<\/div>\n\t\t\t\t\t\t\t\t\t<img decoding=\"async\" src=\"https:\/\/cdn.pilgrim.es\/web\/caminos\/camino-portugues\/pueblos\/pontevedra\/puntos-de-interes\/illa-do-covo.jpg\" alt=\"Illa do Cobo\">\n\t\t\t\t\t\t\t\t<\/div>\n\t\t\t\t\t\t\t<\/div>\n\t\t\t\t\t\t\n\t\t\t\t\t\t\t<div class=\"accordion__accordion-content inactive\">\n\t\t\t\t\t\t\t\t<div>\n\t\t\t\t\t\t\t\t\t<div>\n\t\t\t\t\t\t\t\t\t\t<h4>Iglesia de San Bartolom\u00e9<\/h4>\n\t\t\t\t\t\t\t\t\t\t<p>Die Kirche San Bartolom\u00e9 ist ein Jesuitenkloster, das zwischen 1696 und 1714 im Barockstil erbaut wurde. Ihr Inneres beherbergt eine \u00fcberraschende Anzahl von Altarbildern und Schnitzereien von K\u00fcnstlern wie Pedro de Mena, Gregorio Fern\u00e1ndez, Pedro de Campo und Bieito Silveira. <\/p>\n\n<p>Hervorzuheben sind das Bildnis der Virgen de la O, der Schutzpatronin der Stadt, und das Bildnis der Magdalena.<\/p> <p>Es beherbergt auch das Bildnis der Virgen de la O, der Schutzpatronin der Stadt.\n\n<p>MESSENZEITPLAN<\/p>\n\n<p>Vom 1. September bis 30. April wochentags um 09:30 und 18:30 Vesper um 18:30 Feiertage um 11:30, 12:30 und 20:30Vom 1. Mai bis 30. Juni wochentags um 09:30 und 20:30 Uhr Vesper um 20:30 Uhr Feiertage um 11:30 Uhr, 12:30 Uhr und 20:30 UhrVom 1. Juli bis 31. August Werktags um 20:30 Uhr Vesper um 20:30 Uhr Feiertage um 11:30 Uhr, 12:30 Uhr und 20:30 Uhr<\/p>\n\n<p>INFORMATIONEN VON INTERESSE<\/p>\n\n<p>Telefon: 986 851 375<\/p>\n\t\t\t\t\t\t\t\t\t<\/div>\n\t\t\t\t\t\t\t\t\t<img decoding=\"async\" src=\"https:\/\/cdn.pilgrim.es\/web\/caminos\/camino-portugues\/pueblos\/pontevedra\/puntos-de-interes\/iglesia-san-bartolome.jpg\" alt=\"Iglesia de San Bartolom\u00e9\">\n\t\t\t\t\t\t\t\t<\/div>\n\t\t\t\t\t\t\t<\/div>\n\t\t\t\t\t\t\n\t\t\t\t\t\t\t<div class=\"accordion__accordion-content inactive\">\n\t\t\t\t\t\t\t\t<div>\n\t\t\t\t\t\t\t\t\t<div>\n\t\t\t\t\t\t\t\t\t\t<h4>Iglesia de San Francisco<\/h4>\n\t\t\t\t\t\t\t\t\t\t<p>Die Kirche San Francisco, die dem Franziskanerorden angeh\u00f6rt, wurde im 14. Jahrhundert erbaut und 1896 zum kunsthistorischen Denkmal erkl\u00e4rt. Im Inneren der Kirche sind die Figur des Nazareners aus dem 19. Jahrhundert, die Wandmalereien und das Grab von Paio G\u00f3mez Chari\u00f1o, einem ber\u00fchmten Dichter, der Gedichte schrieb und rezitierte und auch Admiral war, erw\u00e4hnenswert. <\/p>\n\n<p>MESSENSTUNDEN<\/p>\n\n<p>Vom 28. September bis 23. Juni Wochentags um 08:00, 09:00, 12:00 und 19:30 Uhr Vesper um 19:30 und 20:30 Uhr Feiertags um 09:00, 11:00, 12:00, 13:00 und 19:30Vom 24. Juni bis 27. September Wochentags um 08:00, 09:00, 09:00, 12:00 und 19:30 Uhr Vesper um 19:30 Uhr Feiertags um 09:00, 11:00, 12:00, 13:00 und 19:30 Uhr<\/p>\n\n<p>INFORMATIONEN VON INTERESSE<\/p>\n\n<p>E-Mail: pontevedra@ofmsantiago.comTel\u00e9fono: 986 851 113<\/p>\n\t\t\t\t\t\t\t\t\t<\/div>\n\t\t\t\t\t\t\t\t\t<img decoding=\"async\" src=\"https:\/\/cdn.pilgrim.es\/web\/caminos\/camino-portugues\/pueblos\/pontevedra\/puntos-de-interes\/iglesia-san-francisco.jpg\" alt=\"Iglesia de San Francisco\">\n\t\t\t\t\t\t\t\t<\/div>\n\t\t\t\t\t\t\t<\/div>\n\t\t\t\t\t\t\n\t\t\t\t\t\t\t<div class=\"accordion__accordion-content inactive\">\n\t\t\t\t\t\t\t\t<div>\n\t\t\t\t\t\t\t\t\t<div>\n\t\t\t\t\t\t\t\t\t\t<h4>Convento de Santa Clara<\/h4>\n\t\t\t\t\t\t\t\t\t\t<p>Vom Kloster Santa Clara ist heute nur noch die Kirche erhalten, die Teil des Klosterkomplexes war. Dieses Gotteshaus wurde in der zweiten H\u00e4lfte des 14. Jahrhunderts im gotischen Stil erbaut, obwohl im Inneren eine Reihe von grandiosen barocken Altarbildern zu sehen ist, die im Zuge der aufeinanderfolgenden Reformen, denen die Kirche unterzogen wurde, entstanden sind. <\/p>\n\n<p>MESSENZEITPLAN<\/p>\n\n<p>Vom 1. September bis 30. Juni Wochentags um 19:30 Uhr Vesper um 19:00 Uhr Feiertags um 09:00 Uhr und 10:30 Uhr<\/p> <p>Messen um 19:00 Uhr und 10:30 Uhr<\/p> <p>Vom 1. September bis 30. Juni Wochentags um 19:30 Uhr Vesper um 19:00 Uhr\n\t\t\t\t\t\t\t\t\t<\/div>\n\t\t\t\t\t\t\t\t\t<img decoding=\"async\" src=\"https:\/\/cdn.pilgrim.es\/web\/caminos\/camino-portugues\/pueblos\/pontevedra\/puntos-de-interes\/convento-santa-clara.jpg\" alt=\"Convento de Santa Clara\">\n\t\t\t\t\t\t\t\t<\/div>\n\t\t\t\t\t\t\t<\/div>\n\t\t\t\t\t\t\n\t\t\t\t\t\t\t<div class=\"accordion__accordion-content inactive\">\n\t\t\t\t\t\t\t\t<div>\n\t\t\t\t\t\t\t\t\t<div>\n\t\t\t\t\t\t\t\t\t\t<h4>Casa del Bar\u00f3n de Casa Goda<\/h4>\n\t\t\t\t\t\t\t\t\t\t<p>Die Casa del Bar\u00f3n de Casa Goda ist ein im 16. Jahrhundert erbauter Pazo im Renaissancestil mit einer gro\u00dfen neoklassizistischen Fassade. Jahrhundert erbaut wurde. Im Herzen der Stadt gelegen, war es der ehemalige Sitz der Grafen von Maceda und beherbergt heute den Parador de Turismo der Stadt Pontevedra.\n\n<p>INFORMATIONEN VON INTERESSE<\/p>\n\n<p>Telefon: 986 855 800<\/p> <p>Telefon: 986 855 800<\/p>\n\t\t\t\t\t\t\t\t\t<\/div>\n\t\t\t\t\t\t\t\t\t<img decoding=\"async\" src=\"https:\/\/cdn.pilgrim.es\/web\/caminos\/camino-portugues\/pueblos\/pontevedra\/puntos-de-interes\/casa-baron-casa-goda.jpg\" alt=\"Casa del Bar\u00f3n de Casa Goda\">\n\t\t\t\t\t\t\t\t<\/div>\n\t\t\t\t\t\t\t<\/div>\n\t\t\t\t\t\t\n\t\t\t\t\t\t\t<div class=\"accordion__accordion-content inactive\">\n\t\t\t\t\t\t\t\t<div>\n\t\t\t\t\t\t\t\t\t<div>\n\t\t\t\t\t\t\t\t\t\t<h4>Bas\u00edlica de Santa Mar\u00eda la Mayor<\/h4>\n\t\t\t\t\t\t\t\t\t\t<p>Die Basilika Santa Mar\u00eda la Mayor vereint die Stilrichtungen der Sp\u00e4tgotik und der Renaissance und wurde 1931 zum kunsthistorischen Denkmal erkl\u00e4rt. Die Hauptfassade des Gotteshauses aus dem 16. Jahrhundert ist eines der bedeutendsten Werke des plateresken Stils in Galicien und beherbergt eine kuriose Darstellung des Heiligen Xerome mit Brille. <\/p>\n\n<p>Im Inneren sind das Bildnis des Cristo del Desenclavo aus dem 16. Jahrhundert, der Cristo de los Marineros aus dem 18. Jahrhundert und die herrlichen Rippengew\u00f6lbe zu erw\u00e4hnen.<\/p> <p>Die Hauptfassade der Kirche aus dem 16. Jahrhundert stellt eines der bedeutendsten Werke des plateresken Stils in Galicien dar.\n\t\t\t\t\t\t\t\t\t<\/div>\n\t\t\t\t\t\t\t\t\t<img decoding=\"async\" src=\"https:\/\/cdn.pilgrim.es\/web\/caminos\/camino-portugues\/pueblos\/pontevedra\/puntos-de-interes\/basilica-santa-maria-la-mayor.jpg\" alt=\"Bas\u00edlica de Santa Mar\u00eda la Mayor\">\n\t\t\t\t\t\t\t\t<\/div>\n\t\t\t\t\t\t\t<\/div>\n\t\t\t\t\t\t\n\t\t\t\t\t\t\t<div class=\"accordion__accordion-content inactive\">\n\t\t\t\t\t\t\t\t<div>\n\t\t\t\t\t\t\t\t\t<div>\n\t\t\t\t\t\t\t\t\t\t<h4>Alameda Palmeras Vicenti<\/h4>\n\t\t\t\t\t\t\t\t\t\t<p>Im historischen Zentrum der Stadt Pontevedra finden wir einen wertvollen Raum, der aus drei perfekt differenzierten Bereichen besteht: der Alameda, dem Eduardo Vicenti Garten und dem Paseo de las Palmeiras. <\/p>\n\n<p>Seit dem Abriss der Stadtmauer und der starken Ausdehnung der Stadt nach au\u00dfen gilt dieser Bereich als das urbane Zentrum der Stadt. Zu dieser Zeit wurden auch das Rathaus, das Institut, der Provinzialrat und der heutige Sitz des Bildungsministeriums errichtet. Hinter diesen Geb\u00e4uden befinden sich die Vicenti-G\u00e4rten und der Paseo de las Palmeras, ein interessanter Spaziergang, bei dem man einige exotische Arten beobachten kann.\n\t\t\t\t\t\t\t\t\t<\/div>\n\t\t\t\t\t\t\t\t\t<img decoding=\"async\" src=\"https:\/\/cdn.pilgrim.es\/web\/caminos\/camino-portugues\/pueblos\/pontevedra\/puntos-de-interes\/alameda-vicenti.jpg\" alt=\"Alameda Palmeras Vicenti\">\n\t\t\t\t\t\t\t\t<\/div>\n\t\t\t\t\t\t\t<\/div>\n\t\t\t\t\t\t\n\t\t\t\t\t\t\t<div class=\"accordion__accordion-content inactive\">\n\t\t\t\t\t\t\t\t<div>\n\t\t\t\t\t\t\t\t\t<div>\n\t\t\t\t\t\t\t\t\t\t<h4>Plaza da Pedreira y Pazo de Mugartegui<\/h4>\n\t\t\t\t\t\t\t\t\t\t<p>Der ehemalige Plaza de la Hierba (Grasplatz) verdankt seinen Namen den von den Steinmetzen der Stadt ausgef\u00fchrten Steinarbeiten. An diesem Platz steht der Pazo de Mugartegui, der zwischen dem 17. und 18. Dieses Geb\u00e4ude im galicischen Barockstil wurde restauriert und beherbergt nun den Sitz der Aufsichtsbeh\u00f6rde f\u00fcr die Herkunftsbezeichnung Wein der R\u00edas Baixas.\n\t\t\t\t\t\t\t\t\t<\/div>\n\t\t\t\t\t\t\t\t\t<img decoding=\"async\" src=\"https:\/\/cdn.pilgrim.es\/web\/caminos\/camino-portugues\/pueblos\/pontevedra\/puntos-de-interes\/plaza-pedreira-pazo-mugartegui.jpg\" alt=\"Plaza da Pedreira y Pazo de Mugartegui\">\n\t\t\t\t\t\t\t\t<\/div>\n\t\t\t\t\t\t\t<\/div>\n\t\t\t\t\t\t\n\t\t\t\t\t\t\t<div class=\"accordion__accordion-content inactive\">\n\t\t\t\t\t\t\t\t<div>\n\t\t\t\t\t\t\t\t\t<div>\n\t\t\t\t\t\t\t\t\t\t<h4>Plaza de Curros Enr\u00edquez<\/h4>\n\t\t\t\t\t\t\t\t\t\t<p>Auf der Plaza de Curros Enr\u00edquez, die nach dem ber\u00fchmten Schriftsteller aus Orense benannt ist, steht das Denkmal f\u00fcr Alexandre B\u00f3veda, der zusammen mit Castelao die Partido Galeguista in Pontevedra gegr\u00fcndet hat. Erw\u00e4hnenswert ist auch der herrliche eiserne Brunnen, der im 19. Jahrhundert erbaut und k\u00fcrzlich renoviert wurde. <\/p>\n\t\t\t\t\t\t\t\t\t<\/div>\n\t\t\t\t\t\t\t\t\t<img decoding=\"async\" src=\"https:\/\/cdn.pilgrim.es\/web\/caminos\/camino-portugues\/pueblos\/pontevedra\/puntos-de-interes\/plaza-curros-enriquez.jpg\" alt=\"Plaza de Curros Enr\u00edquez\">\n\t\t\t\t\t\t\t\t<\/div>\n\t\t\t\t\t\t\t<\/div>\n\t\t\t\t\t\t\n\t\t\t\t\t<\/div>\n\t\t\t\t<\/div>\n\t\t\t<\/div>\n\t\t\n\n\t\t<div id=\"phonesSection\">\n\t\t\t<div>\n\t\t\t\t<h2 class=\"p-h3-town\">Informationen von Interesse<\/h2>\n\t\t\t<\/div>\n\t\t\t<div class=\"grid\">\n\t\t\t\t\n\t\t\t\t\t<div class=\"phone-number-item\">\n\t\t\t\t\t\t<div class=\"phone-number-item__icon\"><i class=\"icon-police\"><\/i><\/div>\n\t\t\t\t\t\t<div class=\"phone-number-item__title\">\n\t\t\t\t\t\t\t<h3 class=\"p-font-bold\">Ortspolizei<\/h3>\n\t\t\t\t\t\t\t<p>986 851 972<\/p>\n\t\t\t\t\t\t\t\n\t\t\t\t\t\t<\/div>\n\t\t\t\t\t<\/div>\n\t\t\t\t\n\t\t\t\t\t<div class=\"phone-number-item\">\n\t\t\t\t\t\t<div class=\"phone-number-item__icon\"><i class=\"icon-spanish-military-police\"><\/i><\/div>\n\t\t\t\t\t\t<div class=\"phone-number-item__title\">\n\t\t\t\t\t\t\t<h3 class=\"p-font-bold\">Zivilwache<\/h3>\n\t\t\t\t\t\t\t<p>986 167 800<\/p>\n\t\t\t\t\t\t\t\n\t\t\t\t\t\t<\/div>\n\t\t\t\t\t<\/div>\n\t\t\t\t\n\t\t\t\t\t<div class=\"phone-number-item\">\n\t\t\t\t\t\t<div class=\"phone-number-item__icon\"><i class=\"icon-firefighters\"><\/i><\/div>\n\t\t\t\t\t\t<div class=\"phone-number-item__title\">\n\t\t\t\t\t\t\t<h3 class=\"p-font-bold\">Feuerwehr<\/h3>\n\t\t\t\t\t\t\t<p>986 833 329<\/p>\n\t\t\t\t\t\t\t\n\t\t\t\t\t\t<\/div>\n\t\t\t\t\t<\/div>\n\t\t\t\t\n\t\t\t\t\t<div class=\"phone-number-item\">\n\t\t\t\t\t\t<div class=\"phone-number-item__icon\"><i class=\"icon-civil-protection\"><\/i><\/div>\n\t\t\t\t\t\t<div class=\"phone-number-item__title\">\n\t\t\t\t\t\t\t<h3 class=\"p-font-bold\">Zivilschutz<\/h3>\n\t\t\t\t\t\t\t<p>986 863 036<\/p>\n\t\t\t\t\t\t\t\n\t\t\t\t\t\t<\/div>\n\t\t\t\t\t<\/div>\n\t\t\t\t\n\t\t\t\t\t<div class=\"phone-number-item\">\n\t\t\t\t\t\t<div class=\"phone-number-item__icon\"><i class=\"icon-town-council\"><\/i><\/div>\n\t\t\t\t\t\t<div class=\"phone-number-item__title\">\n\t\t\t\t\t\t\t<h3 class=\"p-font-bold\">Rathaus<\/h3>\n\t\t\t\t\t\t\t<p>986 864 825<\/p>\n\t\t\t\t\t\t\t\n\t\t\t\t\t\t<\/div>\n\t\t\t\t\t<\/div>\n\t\t\t\t\n\t\t\t\t\t<div class=\"phone-number-item\">\n\t\t\t\t\t\t<div class=\"phone-number-item__icon\"><i class=\"icon-hospital\"><\/i><\/div>\n\t\t\t\t\t\t<div class=\"phone-number-item__title\">\n\t\t\t\t\t\t\t<h3 class=\"p-font-bold\">Gesundheitszentrum<\/h3>\n\t\t\t\t\t\t\t<p>986 868 824<\/p>\n\t\t\t\t\t\t\t\n\t\t\t\t\t\t<\/div>\n\t\t\t\t\t<\/div>\n\t\t\t\t\n\t\t\t\t\t<div class=\"phone-number-item\">\n\t\t\t\t\t\t<div class=\"phone-number-item__icon\"><i class=\"icon-tourism\"><\/i><\/div>\n\t\t\t\t\t\t<div class=\"phone-number-item__title\">\n\t\t\t\t\t\t\t<h3 class=\"p-font-bold\">Fremdenverkehrsamt<\/h3>\n\t\t\t\t\t\t\t<p>986 09 08 90<\/p>\n\t\t\t\t\t\t\t\n\t\t\t\t\t\t\t\t<p>Plaza Verdura, 0<\/p>\n\t\t\t\t\t\t\t\n\t\t\t\t\t\t<\/div>\n\t\t\t\t\t<\/div>\n\t\t\t\t\n\t\t\t<\/div>\n\t\t<\/div>\n\n\t\t<div id=\"clientForm\">\n        <section>\n        <img decoding=\"async\" src=\"https:\/\/cdn.pilgrim.es\/web\/home\/email-contacto.png\" alt=\"contacto\">\n        <div>\n            <p>Wir senden dir deine Planung<\/p>\n            <p>Gib uns deine Daten an und erhalte die Planung deiner Reise per E-Mail <\/p>\n            <form method=\"post\" data-url=\"\/wp-admin\/admin-ajax.php\" id=\"planner--client\" class=\"flag-right form-client\">\n    <div class=\"form-data\">\n        <input name=\"form_id\" type=\"hidden\" value=\"Formulario Leads\">\n        <input name=\"type\" type=\"hidden\" value=\"planner_client\">\n        <input type=\"text\" name=\"nombre\" value=\"\" size=\"40\" class=\"form-control\" aria-required=\"true\" aria-invalid=\"false\" placeholder=\"Name\">\n        <input type=\"email\" name=\"email\" value=\"\" size=\"40\" class=\"form-control\" aria-required=\"true\" aria-invalid=\"false\" placeholder=\"E- Mail\">\n        <input type=\"text\" id=\"phone-input\" name=\"tel\" value=\"\" size=\"40\" class=\"phone-input form-control\" aria-required=\"true\" aria-invalid=\"false\" placeholder=\"Telefon\">\n        <input type=\"hidden\" name=\"telefono\">\n    <\/div>\n    <div class=\"form-checkbox\">\n        <span>\n            Pilgrim Travel, S.L. teilt gem\u00e4\u00df Regulierung 2016\/679 mit, dass die in diesem Formular verwendeten Daten sowohl f\u00fcr die Beantwortung der m\u00f6glichen Anfragen als auch f\u00fcr die Ver\u00f6ffentlichung der Kommentare verwendet werden, mit der Zustimmung des Nutzers. Sie k\u00f6nnen Ihre Rechte in \u00dcbereinstimmung mit unserer Datenschutzbestimmungen aus\u00fcben             <a href=\"https:\/\/www.pilgrim.es\/politica-de-privacidad\/\" target=\"_blank\" rel=\"noopener noreferrer nofollow\">Datenschutzerkl\u00e4rung.<\/a>\n        <\/span>\n    <\/div>\n\n    <div class=\"form-submit\">\n        <button id=\"planner--client-create\" type=\"submit\">Anfrage senden<\/button>\n        <div class=\"loadingDiv\"><i class=\"p-spinner\"><\/i><\/div>\n    <\/div>\n\n    <div class=\"contact-content-form-success\">\n        <p><i class=\"fas fa-check\"><\/i> Das Formular hat sich erfolgreich gesendet.<\/p>\n    <\/div>\n\n    <div class=\"contact-content-form-error\">\n        <span class=\"input-error\"><\/span>\n    <\/div>\n<\/form>        <\/div>\n    <\/section>\n<\/div>\n\n\t\t<div id=\"recomendationSection\">\n\t\t\t<div>\n\t\t\t\t<h2 class=\"p-h2-town\">Empfohlen<\/h2>\n\t\t\t\t<hr>\n\t\t\t\t<h3 class=\"p-h3-town\">Gastronomie<\/h3>\n\t\t\t<\/div>\n\t\t\tPontevedra bietet ein sehr vielf\u00e4ltiges gastronomisches Angebot, insbesondere Miesmuscheln, Austern, Venusmuscheln, Langusten und Jakobsmuscheln, die alle aus der Flussm\u00fcndung selbst stammen.\n\nEine typische S\u00fc\u00dfspeise ist der mit Mandeln, Ei und Eigelb gef\u00fcllte Bl\u00e4tterteig. Sie werden in vielen Gesch\u00e4ften angeboten.\n\nWir d\u00fcrfen nicht vergessen, dass wir uns im Land der R\u00edas Baixas befinden, so dass Sie den Wein mit der Herkunftsbezeichnung R\u00edas Baixas probieren k\u00f6nnen, der perfekt zu einem guten Essen passt.\n\t\t<\/div>\n\n\n\t\t\n\t\t\t<div id=\"holidaysSection\">\n\t\t\t\t<div>\n\t\t\t\t\t<h2 class=\"p-h2-town\">Empfohlen<\/h2>\n\t\t\t\t\t<hr>\n\t\t\t\t\t<h3 class=\"p-h3-town\">Feste und Pilgerfahrten<\/h3>\n\t\t\t\t<\/div>\n\t\t\t\t<div class=\"grid holidays-grid\">\n\t\t\t\t\t\n\t\t\t\t\t\t<div>\n\t\t\t\t\t\t\t<div class=\"phone-number-item\">\n\t\t\t\t\t\t\t\t<div class=\"phone-number-item__icon\"><i class=\"icon-holiday\"><\/i><\/div>\n\t\t\t\t\t\t\t\t<div class=\"phone-number-item__title dark-text\">\n\t\t\t\t\t\t\t\t\t<p class=\"p-font-bold\">Lokaler Urlaub<\/p>\n\t\t\t\t\t\t\t\t\t<p>Septiembre: Feria Franca<\/p>\n\t\t\t\t\t\t\t\t<\/div>\n\t\t\t\t\t\t\t<\/div>\n\t\t\t\t\t\t<\/div>\n\t\t\t\t\t\n\t\t\t\t\t\t<div>\n\t\t\t\t\t\t\t<div class=\"phone-number-item\">\n\t\t\t\t\t\t\t\t<div class=\"phone-number-item__icon\"><i class=\"icon-holiday\"><\/i><\/div>\n\t\t\t\t\t\t\t\t<div class=\"phone-number-item__title dark-text\">\n\t\t\t\t\t\t\t\t\t<p class=\"p-font-bold\">Lokaler Urlaub<\/p>\n\t\t\t\t\t\t\t\t\t<p>Segunda semana de Agosto: Fiesta de la Peregrina<\/p>\n\t\t\t\t\t\t\t\t<\/div>\n\t\t\t\t\t\t\t<\/div>\n\t\t\t\t\t\t<\/div>\n\t\t\t\t\t\n\t\t\t\t\t\t<div>\n\t\t\t\t\t\t\t<div class=\"phone-number-item\">\n\t\t\t\t\t\t\t\t<div class=\"phone-number-item__icon\"><i class=\"icon-holiday\"><\/i><\/div>\n\t\t\t\t\t\t\t\t<div class=\"phone-number-item__title dark-text\">\n\t\t\t\t\t\t\t\t\t<p class=\"p-font-bold\">Lokaler Urlaub<\/p>\n\t\t\t\t\t\t\t\t\t<p>24 de junio: Noche de san Juan<\/p>\n\t\t\t\t\t\t\t\t<\/div>\n\t\t\t\t\t\t\t<\/div>\n\t\t\t\t\t\t<\/div>\n\t\t\t\t\t\n\t\t\t\t<\/div>\n\t\t\t<\/div>\n\t\t\n\t<\/div>\n<\/section>\n\n<div id=\"stage_list_section\"><div class=\"stage-list\">\n    <div class='stage-list__map-card'>\n        <div class='stage-list__map-card__map'>\n            <div class='stage-list__map-card__map__text'>\n                <h2> Pages <\/h2>\n                <p> Zu Fu\u00df<\/p>\n                <p> 0etappen<\/p>\n            <\/div>\n            <div class='stage-list__map-card__map__img'>\n                <img decoding=\"async\" src=\"\" alt=\" mapa \" \/>\n            <\/div>\n        <\/div>\n    <\/div>\n\n    <\/div>\n<\/div> ","protected":false},"excerpt":{"rendered":"<p>Pontevedra &#8249; Zur\u00fcck zur B\u00fchne Pontevedra Einwohner: 82.946 aprox. Bundesland: Pontevedra Informationen Get to know Pontevedra Pontevedra ist das zweitwichtigste Stadtgebiet Galiciens, das nur noch von der monumentalen Stadt Santiago \u00fcbertroffen wird. Deshalb machen die meisten Pilger in dieser kleinen Stadt Halt, um ihre Ecken und gepflasterten Stra\u00dfen zu erkunden, wobei vor allem die Plaza &hellip; <\/p>\n<p class=\"read_more\"><a href=\"https:\/\/www.pilgrim.es\/de\/portugiesischer-weg\/pontevedra\/\">Leer m\u00e1s<\/a><\/p>\n","protected":false},"author":0,"featured_media":7649,"parent":10665,"menu_order":0,"comment_status":"closed","ping_status":"closed","template":"views\/template-new-web-design.blade.php","meta":{"footnotes":""},"categories":[],"tags":[],"class_list":["post-91228","page","type-page","status-publish","has-post-thumbnail","hentry"],"yoast_head":"<!-- This site is optimized with the Yoast SEO plugin v27.4 - https:\/\/yoast.com\/product\/yoast-seo-wordpress\/ -->\n<title>Pontevedra: Was sehen und wo \u00fcbernachten | Jakobsweg | Pilgrim<\/title>\n<meta name=\"description\" content=\"Pontevedra Entdecken Sie alle Informationen \u00fcber Unterk\u00fcnfte, Anreise, Gastronomie und die wichtigsten Sehensw\u00fcrdigkeiten der Orte am Portugiesischer Weg\" \/>\n<meta name=\"robots\" content=\"index, follow, max-snippet:-1, max-image-preview:large, max-video-preview:-1\" \/>\n<link rel=\"canonical\" href=\"https:\/\/www.pilgrim.es\/de\/portugiesischer-weg\/pontevedra\/\" \/>\n<meta property=\"og:locale\" content=\"de_DE\" \/>\n<meta property=\"og:type\" content=\"article\" \/>\n<meta property=\"og:title\" content=\"Pontevedra: Was sehen und wo \u00fcbernachten | Jakobsweg | Pilgrim\" \/>\n<meta property=\"og:description\" content=\"Pontevedra Entdecken Sie alle Informationen \u00fcber Unterk\u00fcnfte, Anreise, Gastronomie und die wichtigsten Sehensw\u00fcrdigkeiten der Orte am Portugiesischer Weg\" \/>\n<meta property=\"og:url\" content=\"https:\/\/www.pilgrim.es\/de\/portugiesischer-weg\/pontevedra\/\" \/>\n<meta property=\"og:site_name\" content=\"Pilgrim\" \/>\n<meta property=\"article:publisher\" content=\"https:\/\/www.facebook.com\/pilgrim.es\/\" \/>\n<meta property=\"og:image\" content=\"https:\/\/www.pilgrim.es\/wp-content\/uploads\/2019\/02\/pontevedra1-520x370.jpg\" \/>\n\t<meta property=\"og:image:width\" content=\"520\" \/>\n\t<meta property=\"og:image:height\" content=\"370\" \/>\n\t<meta property=\"og:image:type\" content=\"image\/jpeg\" \/>\n<meta name=\"twitter:card\" content=\"summary_large_image\" \/>\n<meta name=\"twitter:site\" content=\"@pilgrim_es\" \/>\n<meta name=\"twitter:label1\" content=\"Gesch\u00e4tzte Lesezeit\" \/>\n\t<meta name=\"twitter:data1\" content=\"15\u00a0Minuten\" \/>\n<script type=\"application\/ld+json\" class=\"yoast-schema-graph\">{\"@context\":\"https:\\\/\\\/schema.org\",\"@graph\":[{\"@type\":\"WebPage\",\"@id\":\"https:\\\/\\\/www.pilgrim.es\\\/de\\\/portugiesischer-weg\\\/pontevedra\\\/\",\"url\":\"https:\\\/\\\/www.pilgrim.es\\\/de\\\/portugiesischer-weg\\\/pontevedra\\\/\",\"name\":\"Pontevedra: Was sehen und wo \u00fcbernachten | Jakobsweg | Pilgrim\",\"isPartOf\":{\"@id\":\"https:\\\/\\\/www.pilgrim.es\\\/de\\\/#website\"},\"primaryImageOfPage\":{\"@id\":\"https:\\\/\\\/www.pilgrim.es\\\/de\\\/portugiesischer-weg\\\/pontevedra\\\/#primaryimage\"},\"image\":{\"@id\":\"https:\\\/\\\/www.pilgrim.es\\\/de\\\/portugiesischer-weg\\\/pontevedra\\\/#primaryimage\"},\"thumbnailUrl\":\"https:\\\/\\\/www.pilgrim.es\\\/wp-content\\\/uploads\\\/2019\\\/02\\\/pontevedra1-520x370.jpg\",\"datePublished\":\"2025-03-17T14:08:06+00:00\",\"description\":\"Pontevedra Entdecken Sie alle Informationen \u00fcber Unterk\u00fcnfte, Anreise, Gastronomie und die wichtigsten Sehensw\u00fcrdigkeiten der Orte am Portugiesischer Weg\",\"breadcrumb\":{\"@id\":\"https:\\\/\\\/www.pilgrim.es\\\/de\\\/portugiesischer-weg\\\/pontevedra\\\/#breadcrumb\"},\"inLanguage\":\"de\",\"potentialAction\":[{\"@type\":\"ReadAction\",\"target\":[\"https:\\\/\\\/www.pilgrim.es\\\/de\\\/portugiesischer-weg\\\/pontevedra\\\/\"]}]},{\"@type\":\"ImageObject\",\"inLanguage\":\"de\",\"@id\":\"https:\\\/\\\/www.pilgrim.es\\\/de\\\/portugiesischer-weg\\\/pontevedra\\\/#primaryimage\",\"url\":\"https:\\\/\\\/www.pilgrim.es\\\/wp-content\\\/uploads\\\/2019\\\/02\\\/pontevedra1-520x370.jpg\",\"contentUrl\":\"https:\\\/\\\/www.pilgrim.es\\\/wp-content\\\/uploads\\\/2019\\\/02\\\/pontevedra1-520x370.jpg\",\"width\":520,\"height\":370,\"caption\":\"Pontevedra\"},{\"@type\":\"BreadcrumbList\",\"@id\":\"https:\\\/\\\/www.pilgrim.es\\\/de\\\/portugiesischer-weg\\\/pontevedra\\\/#breadcrumb\",\"itemListElement\":[{\"@type\":\"ListItem\",\"position\":1,\"name\":\"Camino de Santiago\",\"item\":\"https:\\\/\\\/www.pilgrim.es\\\/de\\\/\"},{\"@type\":\"ListItem\",\"position\":2,\"name\":\"Portugiesischer Weg\",\"item\":\"https:\\\/\\\/www.pilgrim.es\\\/de\\\/portugiesischer-weg\\\/\"},{\"@type\":\"ListItem\",\"position\":3,\"name\":\"Pontevedra\"}]},{\"@type\":\"WebSite\",\"@id\":\"https:\\\/\\\/www.pilgrim.es\\\/de\\\/#website\",\"url\":\"https:\\\/\\\/www.pilgrim.es\\\/de\\\/\",\"name\":\"Pilgrim\",\"description\":\"Camino de Santiago | Caminamos Contigo\",\"publisher\":{\"@id\":\"https:\\\/\\\/www.pilgrim.es\\\/de\\\/#organization\"},\"potentialAction\":[{\"@type\":\"SearchAction\",\"target\":{\"@type\":\"EntryPoint\",\"urlTemplate\":\"https:\\\/\\\/www.pilgrim.es\\\/de\\\/?s={search_term_string}\"},\"query-input\":{\"@type\":\"PropertyValueSpecification\",\"valueRequired\":true,\"valueName\":\"search_term_string\"}}],\"inLanguage\":\"de\"},{\"@type\":\"Organization\",\"@id\":\"https:\\\/\\\/www.pilgrim.es\\\/de\\\/#organization\",\"name\":\"Pilgrim Camino de Santiago\",\"url\":\"https:\\\/\\\/www.pilgrim.es\\\/de\\\/\",\"logo\":{\"@type\":\"ImageObject\",\"inLanguage\":\"de\",\"@id\":\"https:\\\/\\\/www.pilgrim.es\\\/de\\\/#\\\/schema\\\/logo\\\/image\\\/\",\"url\":\"https:\\\/\\\/www.pilgrim.es\\\/wp-content\\\/uploads\\\/2019\\\/04\\\/logo_pilgrim.png\",\"contentUrl\":\"https:\\\/\\\/www.pilgrim.es\\\/wp-content\\\/uploads\\\/2019\\\/04\\\/logo_pilgrim.png\",\"width\":512,\"height\":512,\"caption\":\"Pilgrim Camino de Santiago\"},\"image\":{\"@id\":\"https:\\\/\\\/www.pilgrim.es\\\/de\\\/#\\\/schema\\\/logo\\\/image\\\/\"},\"sameAs\":[\"https:\\\/\\\/www.facebook.com\\\/pilgrim.es\\\/\",\"https:\\\/\\\/x.com\\\/pilgrim_es\",\"https:\\\/\\\/www.instagram.com\\\/pilgrim.es\\\/\",\"https:\\\/\\\/www.linkedin.com\\\/company\\\/pilgrim-camino-de-santiago\\\/\",\"https:\\\/\\\/www.pinterest.es\\\/pilgrimcaminodesantiago\\\/\",\"https:\\\/\\\/www.youtube.com\\\/channel\\\/UCIv2ZzFLXVqthkNF32rKedw\\\/featured\"]}]}<\/script>\n<!-- \/ Yoast SEO plugin. -->","yoast_head_json":{"title":"Pontevedra: Was sehen und wo \u00fcbernachten | Jakobsweg | Pilgrim","description":"Pontevedra Entdecken Sie alle Informationen \u00fcber Unterk\u00fcnfte, Anreise, Gastronomie und die wichtigsten Sehensw\u00fcrdigkeiten der Orte am Portugiesischer Weg","robots":{"index":"index","follow":"follow","max-snippet":"max-snippet:-1","max-image-preview":"max-image-preview:large","max-video-preview":"max-video-preview:-1"},"canonical":"https:\/\/www.pilgrim.es\/de\/portugiesischer-weg\/pontevedra\/","og_locale":"de_DE","og_type":"article","og_title":"Pontevedra: Was sehen und wo \u00fcbernachten | Jakobsweg | Pilgrim","og_description":"Pontevedra Entdecken Sie alle Informationen \u00fcber Unterk\u00fcnfte, Anreise, Gastronomie und die wichtigsten Sehensw\u00fcrdigkeiten der Orte am Portugiesischer Weg","og_url":"https:\/\/www.pilgrim.es\/de\/portugiesischer-weg\/pontevedra\/","og_site_name":"Pilgrim","article_publisher":"https:\/\/www.facebook.com\/pilgrim.es\/","og_image":[{"width":520,"height":370,"url":"https:\/\/www.pilgrim.es\/wp-content\/uploads\/2019\/02\/pontevedra1-520x370.jpg","type":"image\/jpeg"}],"twitter_card":"summary_large_image","twitter_site":"@pilgrim_es","twitter_misc":{"Gesch\u00e4tzte Lesezeit":"15\u00a0Minuten"},"schema":{"@context":"https:\/\/schema.org","@graph":[{"@type":"WebPage","@id":"https:\/\/www.pilgrim.es\/de\/portugiesischer-weg\/pontevedra\/","url":"https:\/\/www.pilgrim.es\/de\/portugiesischer-weg\/pontevedra\/","name":"Pontevedra: Was sehen und wo \u00fcbernachten | Jakobsweg | Pilgrim","isPartOf":{"@id":"https:\/\/www.pilgrim.es\/de\/#website"},"primaryImageOfPage":{"@id":"https:\/\/www.pilgrim.es\/de\/portugiesischer-weg\/pontevedra\/#primaryimage"},"image":{"@id":"https:\/\/www.pilgrim.es\/de\/portugiesischer-weg\/pontevedra\/#primaryimage"},"thumbnailUrl":"https:\/\/www.pilgrim.es\/wp-content\/uploads\/2019\/02\/pontevedra1-520x370.jpg","datePublished":"2025-03-17T14:08:06+00:00","description":"Pontevedra Entdecken Sie alle Informationen \u00fcber Unterk\u00fcnfte, Anreise, Gastronomie und die wichtigsten Sehensw\u00fcrdigkeiten der Orte am Portugiesischer Weg","breadcrumb":{"@id":"https:\/\/www.pilgrim.es\/de\/portugiesischer-weg\/pontevedra\/#breadcrumb"},"inLanguage":"de","potentialAction":[{"@type":"ReadAction","target":["https:\/\/www.pilgrim.es\/de\/portugiesischer-weg\/pontevedra\/"]}]},{"@type":"ImageObject","inLanguage":"de","@id":"https:\/\/www.pilgrim.es\/de\/portugiesischer-weg\/pontevedra\/#primaryimage","url":"https:\/\/www.pilgrim.es\/wp-content\/uploads\/2019\/02\/pontevedra1-520x370.jpg","contentUrl":"https:\/\/www.pilgrim.es\/wp-content\/uploads\/2019\/02\/pontevedra1-520x370.jpg","width":520,"height":370,"caption":"Pontevedra"},{"@type":"BreadcrumbList","@id":"https:\/\/www.pilgrim.es\/de\/portugiesischer-weg\/pontevedra\/#breadcrumb","itemListElement":[{"@type":"ListItem","position":1,"name":"Camino de Santiago","item":"https:\/\/www.pilgrim.es\/de\/"},{"@type":"ListItem","position":2,"name":"Portugiesischer Weg","item":"https:\/\/www.pilgrim.es\/de\/portugiesischer-weg\/"},{"@type":"ListItem","position":3,"name":"Pontevedra"}]},{"@type":"WebSite","@id":"https:\/\/www.pilgrim.es\/de\/#website","url":"https:\/\/www.pilgrim.es\/de\/","name":"Pilgrim","description":"Camino de Santiago | Caminamos Contigo","publisher":{"@id":"https:\/\/www.pilgrim.es\/de\/#organization"},"potentialAction":[{"@type":"SearchAction","target":{"@type":"EntryPoint","urlTemplate":"https:\/\/www.pilgrim.es\/de\/?s={search_term_string}"},"query-input":{"@type":"PropertyValueSpecification","valueRequired":true,"valueName":"search_term_string"}}],"inLanguage":"de"},{"@type":"Organization","@id":"https:\/\/www.pilgrim.es\/de\/#organization","name":"Pilgrim Camino de Santiago","url":"https:\/\/www.pilgrim.es\/de\/","logo":{"@type":"ImageObject","inLanguage":"de","@id":"https:\/\/www.pilgrim.es\/de\/#\/schema\/logo\/image\/","url":"https:\/\/www.pilgrim.es\/wp-content\/uploads\/2019\/04\/logo_pilgrim.png","contentUrl":"https:\/\/www.pilgrim.es\/wp-content\/uploads\/2019\/04\/logo_pilgrim.png","width":512,"height":512,"caption":"Pilgrim Camino de Santiago"},"image":{"@id":"https:\/\/www.pilgrim.es\/de\/#\/schema\/logo\/image\/"},"sameAs":["https:\/\/www.facebook.com\/pilgrim.es\/","https:\/\/x.com\/pilgrim_es","https:\/\/www.instagram.com\/pilgrim.es\/","https:\/\/www.linkedin.com\/company\/pilgrim-camino-de-santiago\/","https:\/\/www.pinterest.es\/pilgrimcaminodesantiago\/","https:\/\/www.youtube.com\/channel\/UCIv2ZzFLXVqthkNF32rKedw\/featured"]}]}},"_links":{"self":[{"href":"https:\/\/www.pilgrim.es\/de\/wp-json\/wp\/v2\/pages\/91228","targetHints":{"allow":["GET"]}}],"collection":[{"href":"https:\/\/www.pilgrim.es\/de\/wp-json\/wp\/v2\/pages"}],"about":[{"href":"https:\/\/www.pilgrim.es\/de\/wp-json\/wp\/v2\/types\/page"}],"replies":[{"embeddable":true,"href":"https:\/\/www.pilgrim.es\/de\/wp-json\/wp\/v2\/comments?post=91228"}],"version-history":[{"count":0,"href":"https:\/\/www.pilgrim.es\/de\/wp-json\/wp\/v2\/pages\/91228\/revisions"}],"up":[{"embeddable":true,"href":"https:\/\/www.pilgrim.es\/de\/wp-json\/wp\/v2\/pages\/10665"}],"wp:featuredmedia":[{"embeddable":true,"href":"https:\/\/www.pilgrim.es\/de\/wp-json\/wp\/v2\/media\/7649"}],"wp:attachment":[{"href":"https:\/\/www.pilgrim.es\/de\/wp-json\/wp\/v2\/media?parent=91228"}],"wp:term":[{"taxonomy":"category","embeddable":true,"href":"https:\/\/www.pilgrim.es\/de\/wp-json\/wp\/v2\/categories?post=91228"},{"taxonomy":"post_tag","embeddable":true,"href":"https:\/\/www.pilgrim.es\/de\/wp-json\/wp\/v2\/tags?post=91228"}],"curies":[{"name":"wp","href":"https:\/\/api.w.org\/{rel}","templated":true}]}}