{"id":91219,"date":"2025-03-17T14:05:05","date_gmt":"2025-03-17T14:05:05","guid":{"rendered":"https:\/\/www.pilgrim.es\/portugiesischer-weg\/tui\/"},"modified":"2025-03-17T14:05:05","modified_gmt":"2025-03-17T14:05:05","slug":"tui","status":"publish","type":"page","link":"https:\/\/www.pilgrim.es\/de\/portugiesischer-weg\/tui\/","title":{"rendered":"Tui"},"content":{"rendered":" <section id=\"hero\">\n\t<h1>Tui<\/h1>\n\t<div class=\"hero-grid\">\n\t\t<div class=\"hero-grid__town-col\" data-background=\"https:\/\/cdn.pilgrim.es\/web\/caminos\/camino-portugues\/pueblos\/tui\/tui.jpg\">\n\t\t\t<div>\n\t\t\t\t<a class=\"link-to-stage\" href=\"https:\/\/www.pilgrim.es\/camino-portugues\/etapa-19-rubiaes-tui\/\">\n\t\t\t\t\t<p>&#8249; Zur\u00fcck zur B\u00fchne<\/p>\n\t\t\t\t<\/a>\n\n\t\t\t\t<div class=\"town-data\">\n\t\t\t\t\t<h2>Tui<\/h2>\n\t\t\t\t\t<ul>\n\t\t\t\t\t\t<li>Einwohner: 16.884 aprox.<\/li>\n\t\t\t\t\t\t<li>Bundesland: Pontevedra<\/li>\n\t\t\t\t\t<\/ul>\n\t\t\t\t<\/div>\n\t\t\t<\/div>\n\t\t<\/div>\n\t\t<div class=\"hero-grid__planner-col\"><div\r\n  class=\"p-col-span-1 p-rounded-lg p-px-5 p-h-full\"\r\n  style=\"background-image: url('https:\/\/cdn.pilgrim.es\/web\/pilgrim-planner\/bg-plugin-planificador.webp')\"\r\n  rel=\"preload\"\r\n  fetchpriority=\"high\"\r\n  >\r\n    <div class=\"p-text-center p-pt-5 p-text-white p-text-2xl p-font-semibold\">\r\n      Plane deinen Weg    <\/div>\r\n    <div\r\n            id='primary-app'\r\n            data-name='banner'\r\n            data-api='https:\/\/pathfinder.pilgrim.es\/api\/pathfinder\/v2'\r\n            data-mode='normal'\r\n            data-lang='de'\r\n            data-route='1'\r\n            data-destiny='https:\/\/planificador.pilgrim.es'\r\n            data-modality='1'\r\n            data-inline=''\r\n        ><\/div><\/div><\/div>\n\t<\/div>\n<\/section>\n\n<section id=\"infoTown\">\n\t<div class=\"sections-town\">\n\n\t\t<div id=\"informationSection\">\n\t\t\t<div>\n\t\t\t\t<h2 class=\"p-h2-town\">Informationen<\/h2>\n\t\t\t\t<hr>\n\t\t\t\t<h3 class=\"p-h3-town\">Get to know Tui<\/h3>\n\t\t\t<\/div>\n\t\t\t<p>Tui ist das erste Dorf auf dem Portugiesischen Weg in Galicien und wird von vielen Pilgern als Ausgangspunkt f\u00fcr ihre Reise nach Compostela gew\u00e4hlt. Es ist der Grenzpunkt zwischen Portugal und Spanien und teilt sich eine Vielzahl von Dienstleistungen und Einrichtungen mit dem nahe gelegenen Valen\u00e7a do Minho.<\/p> <p>Diese mittelalterliche Stadt, die vom Fluss Minho umsp\u00fclt wird, zeichnet sich durch eine der beeindruckendsten Kathedralen in ganz Galicien aus, die Kathedrale Santa Mar\u00eda, die auf einer Landzunge wacht. Au\u00dferdem kann sie sich r\u00fchmen, von der gr\u00f6\u00dften Stadtmauer ganz Galiciens umgeben zu sein. <\/p>\n\t\t<\/div>\n\n\t\t<div id=\"locationSection\">\n\t\t\t<div>\n\t\t\t\t<h2 class=\"p-h2-town\">Standort<\/h2>\n\t\t\t\t<hr>\n\t\t\t\t<h3 class=\"p-h3-town\">Wegbeschreibung<\/h3>\n\t\t\t<\/div>\n\t\t\t<p>Die Gemeinde Tui ist vor allem \u00fcber die A-55 zu erreichen, die gleichzeitig mit der A-52 verbunden ist, um in das Zentrum der Halbinsel zu gelangen. Eine weitere M\u00f6glichkeit ist die AP-9, die Hauptverkehrsstra\u00dfe Galiciens.\n\n<p>Es ist m\u00f6glich, mit dem Zug anzureisen, da eine der Verbindungen O Porto &#8211; Vigo in Tui h\u00e4lt. Es ist auch m\u00f6glich, mit dem Bus zu fahren, da mehrere Unternehmen Tui mit Pontevedra, O Porri\u00f1o, A Guarda, Vigo, Santiago und sogar Portugal verbinden.\n\t\t\t<div>\n\t\t\t\t<div>\n  <iframe loading=\"lazy\"\n    src=\"https:\/\/www.google.com\/maps\/d\/embed?mid=1kvttzwobV-hbkme3hWmk-0adgQUoy60&amp;ehbc=2E312F\"\n    width=\"640\"\n    height=\"480\"\n    alt=\"Mapa Tui\"\n  ><\/iframe>\n<\/div>\n\n\t\t\t<\/div>\n\t\t<\/div>\n\n\t\t\n\t\t\t<div id=\"toVisitSection\">\n\t\t\t\t<div>\n\t\t\t\t\t<h2 class=\"p-h2-town\">Geschichte \/ Kultur<\/h2>\n\t\t\t\t\t<hr>\n\t\t\t\t\t<h3 class=\"p-h3-town\">Was es zu sehen gibt<\/h3>\n\t\t\t\t<\/div>\n\t\t\t\t<div>\n\t\t\t\t\t<div class=\"accordion\">\n\t\t\t\t\t\t<div class=\"accordion__menu\">\n\t\t\t\t\t\t\t<nav>\n\t\t\t\t\t\t\t\t\n\t\t\t\t\t\t\t\t\t<button class=\"nav-tab-accordion active\"><span>&#10093;<\/span><span> Puente Internacional<\/span><\/button>\n\t\t\t\t\t\t\t\t\n\t\t\t\t\t\t\t\t\t<button class=\"nav-tab-accordion \"><span>&#10093;<\/span><span> Parque Natural Monte Aloia<\/span><\/button>\n\t\t\t\t\t\t\t\t\n\t\t\t\t\t\t\t\t\t<button class=\"nav-tab-accordion \"><span>&#10093;<\/span><span> Museo Diocesano<\/span><\/button>\n\t\t\t\t\t\t\t\t\n\t\t\t\t\t\t\t\t\t<button class=\"nav-tab-accordion \"><span>&#10093;<\/span><span> Museo Catedralicio<\/span><\/button>\n\t\t\t\t\t\t\t\t\n\t\t\t\t\t\t\t\t\t<button class=\"nav-tab-accordion \"><span>&#10093;<\/span><span> Murallas<\/span><\/button>\n\t\t\t\t\t\t\t\t\n\t\t\t\t\t\t\t\t\t<button class=\"nav-tab-accordion \"><span>&#10093;<\/span><span> Catedral Santa Mar\u00eda<\/span><\/button>\n\t\t\t\t\t\t\t\t\n\t\t\t\t\t\t\t\t\t<button class=\"nav-tab-accordion \"><span>&#10093;<\/span><span> San Bartolomeu de Rebord\u00e1ns<\/span><\/button>\n\t\t\t\t\t\t\t\t\n\t\t\t\t\t\t\t\t\t<button class=\"nav-tab-accordion \"><span>&#10093;<\/span><span> Jardines de Troncoso<\/span><\/button>\n\t\t\t\t\t\t\t\t\n\t\t\t\t\t\t\t\t\t<button class=\"nav-tab-accordion \"><span>&#10093;<\/span><span> Paseo da Corredoira<\/span><\/button>\n\t\t\t\t\t\t\t\t\n\t\t\t\t\t\t\t\t\t<button class=\"nav-tab-accordion \"><span>&#10093;<\/span><span> Monumento al Caballo Salvaje<\/span><\/button>\n\t\t\t\t\t\t\t\t\n\t\t\t\t\t\t\t\t\t<button class=\"nav-tab-accordion \"><span>&#10093;<\/span><span> Playa Fluvial de Areneras<\/span><\/button>\n\t\t\t\t\t\t\t\t\n\t\t\t\t\t\t\t\t\t<button class=\"nav-tab-accordion \"><span>&#10093;<\/span><span> Iglesia de San Francisco<\/span><\/button>\n\t\t\t\t\t\t\t\t\n\t\t\t\t\t\t\t\t\t<button class=\"nav-tab-accordion \"><span>&#10093;<\/span><span> Convento de Santo Domingo<\/span><\/button>\n\t\t\t\t\t\t\t\t\n\t\t\t\t\t\t\t\t\t<button class=\"nav-tab-accordion \"><span>&#10093;<\/span><span> Convento de las Clarisas<\/span><\/button>\n\t\t\t\t\t\t\t\t\n\t\t\t\t\t\t\t\t\t<button class=\"nav-tab-accordion \"><span>&#10093;<\/span><span> Capilla de San Telmo<\/span><\/button>\n\t\t\t\t\t\t\t\t\n\t\t\t\t\t\t\t<\/nav>\n\t\t\t\t\t\t<\/div>\n\n\t\t\t\t\t\t\n\t\t\t\t\t\t\t<div class=\"accordion__accordion-content \">\n\t\t\t\t\t\t\t\t<div>\n\t\t\t\t\t\t\t\t\t<div>\n\t\t\t\t\t\t\t\t\t\t<h4>Puente Internacional<\/h4>\n\t\t\t\t\t\t\t\t\t\t<p>Die Internationale Br\u00fccke von Tui wurde 1886 dank des k\u00f6niglichen Ordens von Isabel II. eingeweiht. Die Br\u00fccke, die zur Verbindung der Eisenbahnlinien zwischen Spanien und Portugal gebaut wurde, war das Werk des Ingenieurs Pelayo Mancebo und des belgischen Unternehmens Braine le Compte. <\/p>\n\n<p>Es ist auch erw\u00e4hnenswert, dass das Design von Eiffel beeinflusst wurde, der Ende des 19. Jahrhunderts weltweit f\u00fcr die Mode der Metallkonstruktionen verantwortlich war.\n\t\t\t\t\t\t\t\t\t<\/div>\n\t\t\t\t\t\t\t\t\t<img decoding=\"async\" src=\"https:\/\/cdn.pilgrim.es\/web\/caminos\/camino-portugues\/pueblos\/tui\/puntos-de-interes\/puente-internacional.jpg\" alt=\"Puente Internacional\">\n\t\t\t\t\t\t\t\t<\/div>\n\t\t\t\t\t\t\t<\/div>\n\t\t\t\t\t\t\n\t\t\t\t\t\t\t<div class=\"accordion__accordion-content inactive\">\n\t\t\t\t\t\t\t\t<div>\n\t\t\t\t\t\t\t\t\t<div>\n\t\t\t\t\t\t\t\t\t\t<h4>Parque Natural Monte Aloia<\/h4>\n\t\t\t\t\t\t\t\t\t\t<p>Der Naturpark Monte Aloia zeichnet sich durch eine gro\u00dfe Vielfalt an Flora und Fauna aus und beherbergt etwa zweihundert Vogelarten. Der Park hat den Schutzstatus eines Gebietes von gemeinschaftlicher Bedeutung (SCI) und ist auch teilweise Teil des ornithologischen Tourismusgebietes. <\/p>\n\n<p>In diesem Gebiet kann man Beispiele f\u00fcr bedrohte Arten und sieben Lebensr\u00e4ume von europ\u00e4ischem Interesse beobachten. Au\u00dferdem kann man in diesem Naturpark Wanderungen mit dem Auto, zu Fu\u00df oder mit dem Fahrrad entlang der ausgeschilderten Routen unternehmen, die am Besucherempfangszentrum des Parks beginnen.\n\t\t\t\t\t\t\t\t\t<\/div>\n\t\t\t\t\t\t\t\t\t<img decoding=\"async\" src=\"https:\/\/cdn.pilgrim.es\/web\/caminos\/camino-portugues\/pueblos\/tui\/puntos-de-interes\/parque-natural-monte-aloia.jpg\" alt=\"Parque Natural Monte Aloia\">\n\t\t\t\t\t\t\t\t<\/div>\n\t\t\t\t\t\t\t<\/div>\n\t\t\t\t\t\t\n\t\t\t\t\t\t\t<div class=\"accordion__accordion-content inactive\">\n\t\t\t\t\t\t\t\t<div>\n\t\t\t\t\t\t\t\t\t<div>\n\t\t\t\t\t\t\t\t\t\t<h4>Museo Diocesano<\/h4>\n\t\t\t\t\t\t\t\t\t\t<p>Das Di\u00f6zesanmuseum befindet sich im alten Armen- und Pilgerhospital aus dem Jahr 1756. Besonders sehenswert sind der beeindruckende Innenhof und die interessanten Sammlungen sakraler Kunst der Di\u00f6zese und der Arch\u00e4ologie der Stadt.\n\n<p>STUNDEN<\/p>\n\n<p>Vom 1. Juni bis 15. Oktober: Dienstag bis Sonntag von 10:00 bis 13:30 Uhr und von 16:00 bis 20:00 Uhr Montags geschlossen<\/p> <p>.\n\n<p>GEB\u00dcHR<\/p>\n\n<p>Allgemeiner Eintritt 0,50\u20ac<\/p>\n\n<p>INFORMATIONEN VON INTERESSE<\/p>\n\n<p>E-Mail: bispado@diocesetuivigo.orgTel\u00e9fono: 986 600 511<\/p>\n\t\t\t\t\t\t\t\t\t<\/div>\n\t\t\t\t\t\t\t\t\t<img decoding=\"async\" src=\"https:\/\/cdn.pilgrim.es\/web\/caminos\/camino-portugues\/pueblos\/tui\/puntos-de-interes\/museo-diocesano.jpg\" alt=\"Museo Diocesano\">\n\t\t\t\t\t\t\t\t<\/div>\n\t\t\t\t\t\t\t<\/div>\n\t\t\t\t\t\t\n\t\t\t\t\t\t\t<div class=\"accordion__accordion-content inactive\">\n\t\t\t\t\t\t\t\t<div>\n\t\t\t\t\t\t\t\t\t<div>\n\t\t\t\t\t\t\t\t\t\t<h4>Museo Catedralicio<\/h4>\n\t\t\t\t\t\t\t\t\t\t<p>Das Museum der Kathedrale von Tui befindet sich in der Kapelle von Santa Catarina. In diesem Raum k\u00f6nnen wir verschiedene St\u00fccke sehen, die in verschiedenen religi\u00f6sen Handlungen verwendet werden, wie Kelche, Prozessionszepter, heilige Ornamente und Bilder wie die Kustodie des Sitzes oder die mehrfarbige Holzschnitzerei der Jungfrau und des Kindes.\n\n<p>Im Kreuzgang und im Kapitelsaal kann man auch die arch\u00e4ologische Sammlung besichtigen, in der verschiedene St\u00fccke ausgestellt sind, wie mittelalterliche S\u00e4rge, Grabsteine westgotischen Ursprungs und antike Schilde des Eingangstors von Tui, um nur einige zu nennen.\n\n<p>STUNDEN<\/p>\n\n<p>Vom 1. Juni bis 15. Oktober: Dienstag bis Sonntag von 10:00 bis 13:30 Uhr und von 16:00 bis 20:00 Uhr Montags geschlossen<\/p> <p>.\n\n<p>GEB\u00dcHR<\/p>\n\n<p>Allgemeiner Eintritt: 1,80 \u20ac Erm\u00e4\u00dfigter Tarif f\u00fcr Gruppen<\/p> <p>Allgemeiner Eintritt: 1,80 \u20ac\n\n<p>INFORMATIONEN VON INTERESSE<\/p>\n\n<p>E-Mail: bispado@diocesetuivigo.orgTel\u00e9fono: 986 600 511<\/p>\n\t\t\t\t\t\t\t\t\t<\/div>\n\t\t\t\t\t\t\t\t\t<img decoding=\"async\" src=\"https:\/\/cdn.pilgrim.es\/web\/caminos\/camino-portugues\/pueblos\/tui\/puntos-de-interes\/museo-catedralicio.jpg\" alt=\"Museo Catedralicio\">\n\t\t\t\t\t\t\t\t<\/div>\n\t\t\t\t\t\t\t<\/div>\n\t\t\t\t\t\t\n\t\t\t\t\t\t\t<div class=\"accordion__accordion-content inactive\">\n\t\t\t\t\t\t\t\t<div>\n\t\t\t\t\t\t\t\t\t<div>\n\t\t\t\t\t\t\t\t\t\t<h4>Murallas<\/h4>\n\t\t\t\t\t\t\t\t\t\t<p>Die Gemeinde Tui bewahrt noch die \u00dcberreste zweier Mauern, die seinerzeit errichtet wurden, um die Stadt vor m\u00f6glichen Angriffen zu sch\u00fctzen. Eine davon wurde im Mittelalter, zwischen dem 12. und 13. Jahrhundert, mit verschiedenen Zugangstoren erbaut, von denen aufgrund der verschiedenen Schlachten im Krieg mit Portugal nur noch die Porta da P\u00eda erhalten ist.\n\n<p>Nach diesen Ereignissen musste eine zweite Mauer gebaut werden, und so wurde im 17. und 18. Jahrhundert eine neue, gr\u00f6\u00dfere und sicherere Ummauerung errichtet.\n\t\t\t\t\t\t\t\t\t<\/div>\n\t\t\t\t\t\t\t\t\t<img decoding=\"async\" src=\"https:\/\/cdn.pilgrim.es\/web\/caminos\/camino-portugues\/pueblos\/tui\/puntos-de-interes\/murallas.jpg\" alt=\"Murallas\">\n\t\t\t\t\t\t\t\t<\/div>\n\t\t\t\t\t\t\t<\/div>\n\t\t\t\t\t\t\n\t\t\t\t\t\t\t<div class=\"accordion__accordion-content inactive\">\n\t\t\t\t\t\t\t\t<div>\n\t\t\t\t\t\t\t\t\t<div>\n\t\t\t\t\t\t\t\t\t\t<h4>Catedral Santa Mar\u00eda<\/h4>\n\t\t\t\t\t\t\t\t\t\t<p>Die Kathedrale Santa Mar\u00eda wurde zwischen 1120 und 1225 von Bischof Egea im romanischen Stil erbaut. Sp\u00e4ter wurden gotische Elemente hinzugef\u00fcgt, wie die Spitze des Portikus, die als erstes gotisches Werk auf der iberischen Halbinsel gilt. <\/p>\n\n<p>Beim Betreten des Innenraums kann der Besucher die Sakramentskapelle, die Hauptkapelle, die Kapelle San Telmo, den Chor (der eines der herausragendsten Merkmale der Kathedrale ist), das Museum (ehemals Kapelle Santa Catalina), das Archiv, die Orgel und den Kreuzgang bewundern.<\/p> <p>Die Hauptkapelle der Kathedrale ist die Kapelle San Telmo, der Chor (der eines der herausragendsten Merkmale der Kathedrale ist), das Museum (ehemals Kapelle Santa Catalina), das Archiv, die Orgel und der Kreuzgang.\n\n<p>Das Gotteshaus liegt im h\u00f6chstgelegenen Teil der Stadt neben einem Komplex, der dank seiner Wehrt\u00fcrme, G\u00e4nge und Durchg\u00e4nge ein gewisses festungs\u00e4hnliches Aussehen hat.<\/p> <p>Die Kirche befindet sich im h\u00f6chstgelegenen Teil der Stadt und hat dank seiner Wehrt\u00fcrme, G\u00e4nge und Durchg\u00e4nge das Aussehen einer Festung.\n\n<p>MESSENZEITPLAN<\/p>\n\n<p>Ganzj\u00e4hrig Montag bis Freitag um 10:00 Uhr Sonntags und an Feiertagen um 13:00 Uhr<\/p> <p>Montag bis Freitag um 10:00 Uhr.\n\n<p>INFORMATIONEN VON INTERESSE<\/p> <p>Montag<\/p> <p>Freitag um 10:00 Uhr.\n\n<p>Web: www.catedraldetui.comTel\u00e9fono: 986 600 511<\/p>\n\t\t\t\t\t\t\t\t\t<\/div>\n\t\t\t\t\t\t\t\t\t<img decoding=\"async\" src=\"https:\/\/cdn.pilgrim.es\/web\/caminos\/camino-portugues\/pueblos\/tui\/puntos-de-interes\/catedral-santa-maria.jpg\" alt=\"Catedral Santa Mar\u00eda\">\n\t\t\t\t\t\t\t\t<\/div>\n\t\t\t\t\t\t\t<\/div>\n\t\t\t\t\t\t\n\t\t\t\t\t\t\t<div class=\"accordion__accordion-content inactive\">\n\t\t\t\t\t\t\t\t<div>\n\t\t\t\t\t\t\t\t\t<div>\n\t\t\t\t\t\t\t\t\t\t<h4>San Bartolomeu de Rebord\u00e1ns<\/h4>\n\t\t\t\t\t\t\t\t\t\t<p>San Bartolomeu de Rebordans ist ein altes Kloster, das einst Bischofssitz war und dessen Kirche, die auf r\u00f6mischen und schw\u00e4bischen \u00dcberresten aus dem 11. Die Kirche hat einen basilikalen Grundriss mit Kapitellen, die mit n\u00fcchternem Primitivismus verziert sind. Im Inneren der Kirche befindet sich die Hauptkapelle, in der noch Wandmalereien aus dem 16. Jahrhundert zu sehen sind. <\/p>\n\t\t\t\t\t\t\t\t\t<\/div>\n\t\t\t\t\t\t\t\t\t<img decoding=\"async\" src=\"https:\/\/cdn.pilgrim.es\/web\/caminos\/camino-portugues\/pueblos\/tui\/puntos-de-interes\/san-bartolomeu-rebordans.jpg\" alt=\"San Bartolomeu de Rebord\u00e1ns\">\n\t\t\t\t\t\t\t\t<\/div>\n\t\t\t\t\t\t\t<\/div>\n\t\t\t\t\t\t\n\t\t\t\t\t\t\t<div class=\"accordion__accordion-content inactive\">\n\t\t\t\t\t\t\t\t<div>\n\t\t\t\t\t\t\t\t\t<div>\n\t\t\t\t\t\t\t\t\t\t<h4>Jardines de Troncoso<\/h4>\n\t\t\t\t\t\t\t\t\t\t<p>Die Troncoso-G\u00e4rten verf\u00fcgen \u00fcber eine sch\u00f6ne Promenade, die an der Kreuzung der alten Mauer aus dem 17. und 18. Die Struktur dieses Gartens ist an die Festungsanlage angepasst, mit einem verzierten Brunnen, einer Pergola und einer gro\u00dfen Voliere. <\/p>\n\t\t\t\t\t\t\t\t\t<\/div>\n\t\t\t\t\t\t\t\t\t<img decoding=\"async\" src=\"https:\/\/cdn.pilgrim.es\/web\/caminos\/camino-portugues\/pueblos\/tui\/puntos-de-interes\/jardines-troncoso.jpg\" alt=\"Jardines de Troncoso\">\n\t\t\t\t\t\t\t\t<\/div>\n\t\t\t\t\t\t\t<\/div>\n\t\t\t\t\t\t\n\t\t\t\t\t\t\t<div class=\"accordion__accordion-content inactive\">\n\t\t\t\t\t\t\t\t<div>\n\t\t\t\t\t\t\t\t\t<div>\n\t\t\t\t\t\t\t\t\t\t<h4>Paseo da Corredoira<\/h4>\n\t\t\t\t\t\t\t\t\t\t<p>Der Paseo da Corredoira f\u00fchrt durch das Stadtzentrum und an einem Aussichtspunkt entlang, von dem aus man einen herrlichen Blick auf den Fluss Minho und das portugiesische Dorf Valen\u00e7a do Minho hat. <\/p>\n\n<p>Am Ende der Promenade befindet sich die Statue eines Wildpferdes, die der Bildhauer Juan Jos\u00e9 Oliveira in Originalgr\u00f6\u00dfe geschaffen hat.<\/p> <p>Am Ende der Promenade befindet sich die Statue eines Wildpferdes, die der Bildhauer Juan Jos\u00e9 Oliveira in Originalgr\u00f6\u00dfe geschaffen hat.\n\t\t\t\t\t\t\t\t\t<\/div>\n\t\t\t\t\t\t\t\t\t<img decoding=\"async\" src=\"https:\/\/cdn.pilgrim.es\/web\/caminos\/camino-portugues\/pueblos\/tui\/puntos-de-interes\/jardines-troncoso.jpg\" alt=\"Paseo da Corredoira\">\n\t\t\t\t\t\t\t\t<\/div>\n\t\t\t\t\t\t\t<\/div>\n\t\t\t\t\t\t\n\t\t\t\t\t\t\t<div class=\"accordion__accordion-content inactive\">\n\t\t\t\t\t\t\t\t<div>\n\t\t\t\t\t\t\t\t\t<div>\n\t\t\t\t\t\t\t\t\t\t<h4>Monumento al Caballo Salvaje<\/h4>\n\t\t\t\t\t\t\t\t\t\t<p>Das Denkmal f\u00fcr das Wildpferd steht im Zentrum der Stadt Tui. Der K\u00fcnstler Oliveira war f\u00fcr den Bau des Denkmals verantwortlich und stellte es in diesem Park auf, um die wilde Fauna zu ehren, insbesondere die Wildpferde, die seit jeher in den Bergen der K\u00fcste der R\u00edas Baixas leben.\n\t\t\t\t\t\t\t\t\t<\/div>\n\t\t\t\t\t\t\t\t\t<img decoding=\"async\" src=\"https:\/\/cdn.pilgrim.es\/web\/caminos\/camino-portugues\/pueblos\/tui\/puntos-de-interes\/monumento-caballo-salvaje.jpg\" alt=\"Monumento al Caballo Salvaje\">\n\t\t\t\t\t\t\t\t<\/div>\n\t\t\t\t\t\t\t<\/div>\n\t\t\t\t\t\t\n\t\t\t\t\t\t\t<div class=\"accordion__accordion-content inactive\">\n\t\t\t\t\t\t\t\t<div>\n\t\t\t\t\t\t\t\t\t<div>\n\t\t\t\t\t\t\t\t\t\t<h4>Playa Fluvial de Areneras<\/h4>\n\t\t\t\t\t\t\t\t\t\t<p>Der Flussstrand von Areneras ist ein kleiner Strand, der sich \u00fcber hundert Meter erstreckt und nur f\u00fcnfzig Meter breit ist. Dieser Bereich ist mit einer Reihe von Reinigungsdiensten ausgestattet und kann \u00fcber die Stra\u00dfe Tui-Salvaterra erreicht werden.\n\t\t\t\t\t\t\t\t\t<\/div>\n\t\t\t\t\t\t\t\t\t<img decoding=\"async\" src=\"https:\/\/cdn.pilgrim.es\/web\/caminos\/camino-portugues\/pueblos\/tui\/puntos-de-interes\/playa-fluvial-areneras.jpg\" alt=\"Playa Fluvial de Areneras\">\n\t\t\t\t\t\t\t\t<\/div>\n\t\t\t\t\t\t\t<\/div>\n\t\t\t\t\t\t\n\t\t\t\t\t\t\t<div class=\"accordion__accordion-content inactive\">\n\t\t\t\t\t\t\t\t<div>\n\t\t\t\t\t\t\t\t\t<div>\n\t\t\t\t\t\t\t\t\t\t<h4>Iglesia de San Francisco<\/h4>\n\t\t\t\t\t\t\t\t\t\t<p>Die Kirche San Francisco geh\u00f6rte zum monumentalen Komplex des Klosters San Antonio, das zwischen 1682 und 1728 erbaut wurde. Dieses Gotteshaus besitzt ein bemerkenswertes barockes Altarbild aus der ersten H\u00e4lfte des 18. Jahrhunderts. <\/p> <p>Es wurde zwischen 1682 und 1728 erbaut.\n\n<p>Seit 1850 beherbergt das ehemalige Kloster das Di\u00f6zesanseminar f\u00fcr Minderj\u00e4hrige, das aus zwei Kreuzg\u00e4ngen besteht, von denen einer im offenen Barockstil gehalten ist.\n\n<p>MESSENSTUNDEN<\/p>\n\n<p>Vom 1. September bis 30. Juni wochentags und abends um 19:30 Uhr in den Ferien um 10:00, 12:00 und 20:30 UhrVom 1. Juli bis 31. August wochentags und abends um 20:30 Uhr in den Ferien um 10:00, 12:00 und 20:30 Uhr<\/p> <p>Vom 1. September bis 30. Juni wochentags und abends um 19:30 Uhr in den Ferien um 10:00, 12:00 und 20:30 Uhr<\/p> <p>Vom 1. Juli bis 31. August wochentags und abends um 20:30 Uhr in den Ferien um 10:00, 12:00 und 20:30 Uhr<\/p> &lt;p\n\n<p>INFORMATIONEN VON INTERESSE<\/p>\n\n<p>Telefon: 986 600 660<\/p>\n\t\t\t\t\t\t\t\t\t<\/div>\n\t\t\t\t\t\t\t\t\t<img decoding=\"async\" src=\"https:\/\/cdn.pilgrim.es\/web\/caminos\/camino-portugues\/pueblos\/tui\/puntos-de-interes\/jardines-troncoso.jpg\" alt=\"Iglesia de San Francisco\">\n\t\t\t\t\t\t\t\t<\/div>\n\t\t\t\t\t\t\t<\/div>\n\t\t\t\t\t\t\n\t\t\t\t\t\t\t<div class=\"accordion__accordion-content inactive\">\n\t\t\t\t\t\t\t\t<div>\n\t\t\t\t\t\t\t\t\t<div>\n\t\t\t\t\t\t\t\t\t\t<h4>Convento de Santo Domingo<\/h4>\n\t\t\t\t\t\t\t\t\t\t<p>Vom Kloster Santo Domingo aus sind die gotische Kirche und zwei pr\u00e4chtige barocke Altarbilder hervorzuheben. Das gr\u00f6\u00dfte von ihnen ist ein Werk von Antonio del Villar und besticht durch seine gro\u00dfen Proportionen, w\u00e4hrend das s\u00fcdliche Altarbild des Tempels f\u00fcr seine Rosenkranzmadonna und seine einzigartige Darstellung der Schlacht von Lepanto bemerkenswert ist.\n\n<p>Dieser monumentale Komplex beherbergte die Gr\u00e4ber der Aristokraten von Tudela: Soutomaiores, Correas, Ozores, etc&#8230;<\/p> <p>Dieser monumentale Komplex beherbergte die Gr\u00e4ber der Aristokraten von Tudela: Soutomaiores, Correas, Ozores, etc&#8230;\n\t\t\t\t\t\t\t\t\t<\/div>\n\t\t\t\t\t\t\t\t\t<img decoding=\"async\" src=\"https:\/\/cdn.pilgrim.es\/web\/caminos\/camino-portugues\/pueblos\/tui\/puntos-de-interes\/convento-santo-domingo.jpg\" alt=\"Convento de Santo Domingo\">\n\t\t\t\t\t\t\t\t<\/div>\n\t\t\t\t\t\t\t<\/div>\n\t\t\t\t\t\t\n\t\t\t\t\t\t\t<div class=\"accordion__accordion-content inactive\">\n\t\t\t\t\t\t\t\t<div>\n\t\t\t\t\t\t\t\t\t<div>\n\t\t\t\t\t\t\t\t\t\t<h4>Convento de las Clarisas<\/h4>\n\t\t\t\t\t\t\t\t\t\t<p>Das Klarissenkloster wurde zwischen dem 17. und 18. Jahrhundert an der Stelle der ehemaligen bisch\u00f6flichen Pal\u00e4ste von Oliveira erbaut. Im Inneren befindet sich eine gro\u00dfe Kirche, die Ende des 17. Jahrhunderts erbaut wurde.\n\n<p>MESSENSTUNDEN<\/p>\n\n<p>Ganzj\u00e4hrig werktags um 08:00 Uhr Feiertags um 09:00 Uhr<\/p> <p>Messen um 08:00 Uhr<\/p> <p>Freitags um 08:00 Uhr<\/p> <p>Freitags um 08:00 Uhr\n\n<p>INFORMATIONEN VON INTERESSE<\/p> <p>Messezeiten<\/p> <p>Ganzj\u00e4hrig\n\n<p>Telefon: 986 600 422<\/p>\n\t\t\t\t\t\t\t\t\t<\/div>\n\t\t\t\t\t\t\t\t\t<img decoding=\"async\" src=\"https:\/\/cdn.pilgrim.es\/web\/caminos\/camino-portugues\/pueblos\/tui\/puntos-de-interes\/convento-clarisas.jpg\" alt=\"Convento de las Clarisas\">\n\t\t\t\t\t\t\t\t<\/div>\n\t\t\t\t\t\t\t<\/div>\n\t\t\t\t\t\t\n\t\t\t\t\t\t\t<div class=\"accordion__accordion-content inactive\">\n\t\t\t\t\t\t\t\t<div>\n\t\t\t\t\t\t\t\t\t<div>\n\t\t\t\t\t\t\t\t\t\t<h4>Capilla de San Telmo<\/h4>\n\t\t\t\t\t\t\t\t\t\t<p>Die Kapelle von San Telmo im portugiesischen Barockstil in Galicien wurde zwischen 1769 und 1803 an der Stelle des Hauses errichtet, in dem San Telmo im 13. Bemerkenswert sind der kreisf\u00f6rmige Grundriss, die gelappte Kuppel und die Fresken, die aus dem 19. Jahrhundert stammen.\n\t\t\t\t\t\t\t\t\t<\/div>\n\t\t\t\t\t\t\t\t\t<img decoding=\"async\" src=\"https:\/\/cdn.pilgrim.es\/web\/caminos\/camino-portugues\/pueblos\/tui\/puntos-de-interes\/capilla-san-telmo.jpg\" alt=\"Capilla de San Telmo\">\n\t\t\t\t\t\t\t\t<\/div>\n\t\t\t\t\t\t\t<\/div>\n\t\t\t\t\t\t\n\t\t\t\t\t<\/div>\n\t\t\t\t<\/div>\n\t\t\t<\/div>\n\t\t\n\n\t\t<div id=\"phonesSection\">\n\t\t\t<div>\n\t\t\t\t<h2 class=\"p-h3-town\">Informationen von Interesse<\/h2>\n\t\t\t<\/div>\n\t\t\t<div class=\"grid\">\n\t\t\t\t\n\t\t\t\t\t<div class=\"phone-number-item\">\n\t\t\t\t\t\t<div class=\"phone-number-item__icon\"><i class=\"icon-police\"><\/i><\/div>\n\t\t\t\t\t\t<div class=\"phone-number-item__title\">\n\t\t\t\t\t\t\t<h3 class=\"p-font-bold\">Ortspolizei<\/h3>\n\t\t\t\t\t\t\t<p>696 482 244<\/p>\n\t\t\t\t\t\t\t\n\t\t\t\t\t\t<\/div>\n\t\t\t\t\t<\/div>\n\t\t\t\t\n\t\t\t\t\t<div class=\"phone-number-item\">\n\t\t\t\t\t\t<div class=\"phone-number-item__icon\"><i class=\"icon-spanish-military-police\"><\/i><\/div>\n\t\t\t\t\t\t<div class=\"phone-number-item__title\">\n\t\t\t\t\t\t\t<h3 class=\"p-font-bold\">Zivilwache<\/h3>\n\t\t\t\t\t\t\t<p>986 600 221<\/p>\n\t\t\t\t\t\t\t\n\t\t\t\t\t\t<\/div>\n\t\t\t\t\t<\/div>\n\t\t\t\t\n\t\t\t\t\t<div class=\"phone-number-item\">\n\t\t\t\t\t\t<div class=\"phone-number-item__icon\"><i class=\"icon-firefighters\"><\/i><\/div>\n\t\t\t\t\t\t<div class=\"phone-number-item__title\">\n\t\t\t\t\t\t\t<h3 class=\"p-font-bold\">Feuerwehr<\/h3>\n\t\t\t\t\t\t\t<p>986 661 755<\/p>\n\t\t\t\t\t\t\t\n\t\t\t\t\t\t<\/div>\n\t\t\t\t\t<\/div>\n\t\t\t\t\n\t\t\t\t\t<div class=\"phone-number-item\">\n\t\t\t\t\t\t<div class=\"phone-number-item__icon\"><i class=\"icon-civil-protection\"><\/i><\/div>\n\t\t\t\t\t\t<div class=\"phone-number-item__title\">\n\t\t\t\t\t\t\t<h3 class=\"p-font-bold\">Zivilschutz<\/h3>\n\t\t\t\t\t\t\t<p>986 600 859 \/ 619 455 936<\/p>\n\t\t\t\t\t\t\t\n\t\t\t\t\t\t<\/div>\n\t\t\t\t\t<\/div>\n\t\t\t\t\n\t\t\t\t\t<div class=\"phone-number-item\">\n\t\t\t\t\t\t<div class=\"phone-number-item__icon\"><i class=\"icon-town-council\"><\/i><\/div>\n\t\t\t\t\t\t<div class=\"phone-number-item__title\">\n\t\t\t\t\t\t\t<h3 class=\"p-font-bold\">Rathaus<\/h3>\n\t\t\t\t\t\t\t<p>986 603 625<\/p>\n\t\t\t\t\t\t\t\n\t\t\t\t\t\t<\/div>\n\t\t\t\t\t<\/div>\n\t\t\t\t\n\t\t\t\t\t<div class=\"phone-number-item\">\n\t\t\t\t\t\t<div class=\"phone-number-item__icon\"><i class=\"icon-hospital\"><\/i><\/div>\n\t\t\t\t\t\t<div class=\"phone-number-item__title\">\n\t\t\t\t\t\t\t<h3 class=\"p-font-bold\">Gesundheitszentrum<\/h3>\n\t\t\t\t\t\t\t<p>986 601 936<\/p>\n\t\t\t\t\t\t\t\n\t\t\t\t\t\t<\/div>\n\t\t\t\t\t<\/div>\n\t\t\t\t\n\t\t\t\t\t<div class=\"phone-number-item\">\n\t\t\t\t\t\t<div class=\"phone-number-item__icon\"><i class=\"icon-tourism\"><\/i><\/div>\n\t\t\t\t\t\t<div class=\"phone-number-item__title\">\n\t\t\t\t\t\t\t<h3 class=\"p-font-bold\">Fremdenverkehrsamt<\/h3>\n\t\t\t\t\t\t\t<p>677 418 405<\/p>\n\t\t\t\t\t\t\t\n\t\t\t\t\t\t\t\t<p>Praza de San Fernando s\/n<\/p>\n\t\t\t\t\t\t\t\n\t\t\t\t\t\t<\/div>\n\t\t\t\t\t<\/div>\n\t\t\t\t\n\t\t\t<\/div>\n\t\t<\/div>\n\n\t\t<div id=\"clientForm\">\n        <section>\n        <img decoding=\"async\" src=\"https:\/\/cdn.pilgrim.es\/web\/home\/email-contacto.png\" alt=\"contacto\">\n        <div>\n            <p>Wir senden dir deine Planung<\/p>\n            <p>Gib uns deine Daten an und erhalte die Planung deiner Reise per E-Mail <\/p>\n            <form method=\"post\" data-url=\"\/wp-admin\/admin-ajax.php\" id=\"planner--client\" class=\"flag-right form-client\">\n    <div class=\"form-data\">\n        <input name=\"form_id\" type=\"hidden\" value=\"Formulario Leads\">\n        <input name=\"type\" type=\"hidden\" value=\"planner_client\">\n        <input type=\"text\" name=\"nombre\" value=\"\" size=\"40\" class=\"form-control\" aria-required=\"true\" aria-invalid=\"false\" placeholder=\"Name\">\n        <input type=\"email\" name=\"email\" value=\"\" size=\"40\" class=\"form-control\" aria-required=\"true\" aria-invalid=\"false\" placeholder=\"E- Mail\">\n        <input type=\"text\" id=\"phone-input\" name=\"tel\" value=\"\" size=\"40\" class=\"phone-input form-control\" aria-required=\"true\" aria-invalid=\"false\" placeholder=\"Telefon\">\n        <input type=\"hidden\" name=\"telefono\">\n    <\/div>\n    <div class=\"form-checkbox\">\n        <span>\n            Pilgrim Travel, S.L. teilt gem\u00e4\u00df Regulierung 2016\/679 mit, dass die in diesem Formular verwendeten Daten sowohl f\u00fcr die Beantwortung der m\u00f6glichen Anfragen als auch f\u00fcr die Ver\u00f6ffentlichung der Kommentare verwendet werden, mit der Zustimmung des Nutzers. Sie k\u00f6nnen Ihre Rechte in \u00dcbereinstimmung mit unserer Datenschutzbestimmungen aus\u00fcben             <a href=\"https:\/\/www.pilgrim.es\/politica-de-privacidad\/\" target=\"_blank\" rel=\"noopener noreferrer nofollow\">Datenschutzerkl\u00e4rung.<\/a>\n        <\/span>\n    <\/div>\n\n    <div class=\"form-submit\">\n        <button id=\"planner--client-create\" type=\"submit\">Anfrage senden<\/button>\n        <div class=\"loadingDiv\"><i class=\"p-spinner\"><\/i><\/div>\n    <\/div>\n\n    <div class=\"contact-content-form-success\">\n        <p><i class=\"fas fa-check\"><\/i> Das Formular hat sich erfolgreich gesendet.<\/p>\n    <\/div>\n\n    <div class=\"contact-content-form-error\">\n        <span class=\"input-error\"><\/span>\n    <\/div>\n<\/form>        <\/div>\n    <\/section>\n<\/div>\n\n\t\t<div id=\"recomendationSection\">\n\t\t\t<div>\n\t\t\t\t<h2 class=\"p-h2-town\">Empfohlen<\/h2>\n\t\t\t\t<hr>\n\t\t\t\t<h3 class=\"p-h3-town\">Gastronomie<\/h3>\n\t\t\t<\/div>\n\t\t\tIn Tui sind aufgrund der N\u00e4he zum Fluss Mi\u00f1o Meeresfr\u00fcchte und Fisch im Allgemeinen sehr wichtig, wie z. B. Bacalhau a S\u00e3o Teot\u00f3n oder Glasaale und Neunaugen. Neben den Meeresfr\u00fcchten gibt es auch traditionelle Fleischgerichte oder typische Speisen wie Cabrito a Sanfins, Anho assado no Forno oder Caldo verde, die alle von Albari\u00f1o aus den R\u00edas Baixas begleitet werden.\n\nUnd zum Nachtisch d\u00fcrfen wir die von den Nonnen des Klosters Clarisas zubereiteten Mandelbonbons nicht vergessen, die als Peixi\u00f1os de am\u00e9ndos oder Rosc\u00f3n de yemas bekannt sind.\n\t\t<\/div>\n\n\n\t\t\n\t\t\t<div id=\"holidaysSection\">\n\t\t\t\t<div>\n\t\t\t\t\t<h2 class=\"p-h2-town\">Empfohlen<\/h2>\n\t\t\t\t\t<hr>\n\t\t\t\t\t<h3 class=\"p-h3-town\">Feste und Pilgerfahrten<\/h3>\n\t\t\t\t<\/div>\n\t\t\t\t<div class=\"grid holidays-grid\">\n\t\t\t\t\t\n\t\t\t\t\t\t<div>\n\t\t\t\t\t\t\t<div class=\"phone-number-item\">\n\t\t\t\t\t\t\t\t<div class=\"phone-number-item__icon\"><i class=\"icon-holiday\"><\/i><\/div>\n\t\t\t\t\t\t\t\t<div class=\"phone-number-item__title dark-text\">\n\t\t\t\t\t\t\t\t\t<p class=\"p-font-bold\">Lokaler Urlaub<\/p>\n\t\t\t\t\t\t\t\t\t<p>Enero: Romer\u00eda de San Xo\u00e1n<\/p>\n\t\t\t\t\t\t\t\t<\/div>\n\t\t\t\t\t\t\t<\/div>\n\t\t\t\t\t\t<\/div>\n\t\t\t\t\t\n\t\t\t\t\t\t<div>\n\t\t\t\t\t\t\t<div class=\"phone-number-item\">\n\t\t\t\t\t\t\t\t<div class=\"phone-number-item__icon\"><i class=\"icon-holiday\"><\/i><\/div>\n\t\t\t\t\t\t\t\t<div class=\"phone-number-item__title dark-text\">\n\t\t\t\t\t\t\t\t\t<p class=\"p-font-bold\">Lokaler Urlaub<\/p>\n\t\t\t\t\t\t\t\t\t<p>Julio: Fiesta de la Virgen de las Angustias<\/p>\n\t\t\t\t\t\t\t\t<\/div>\n\t\t\t\t\t\t\t<\/div>\n\t\t\t\t\t\t<\/div>\n\t\t\t\t\t\n\t\t\t\t\t\t<div>\n\t\t\t\t\t\t\t<div class=\"phone-number-item\">\n\t\t\t\t\t\t\t\t<div class=\"phone-number-item__icon\"><i class=\"icon-holiday\"><\/i><\/div>\n\t\t\t\t\t\t\t\t<div class=\"phone-number-item__title dark-text\">\n\t\t\t\t\t\t\t\t\t<p class=\"p-font-bold\">Lokaler Urlaub<\/p>\n\t\t\t\t\t\t\t\t\t<p>16 de julio: Virgen del Carmen<\/p>\n\t\t\t\t\t\t\t\t<\/div>\n\t\t\t\t\t\t\t<\/div>\n\t\t\t\t\t\t<\/div>\n\t\t\t\t\t\n\t\t\t\t\t\t<div>\n\t\t\t\t\t\t\t<div class=\"phone-number-item\">\n\t\t\t\t\t\t\t\t<div class=\"phone-number-item__icon\"><i class=\"icon-holiday\"><\/i><\/div>\n\t\t\t\t\t\t\t\t<div class=\"phone-number-item__title dark-text\">\n\t\t\t\t\t\t\t\t\t<p class=\"p-font-bold\">Lokaler Urlaub<\/p>\n\t\t\t\t\t\t\t\t\t<p>El domingo siguiente a Pascua: Fiesta de San Telmo<\/p>\n\t\t\t\t\t\t\t\t<\/div>\n\t\t\t\t\t\t\t<\/div>\n\t\t\t\t\t\t<\/div>\n\t\t\t\t\t\n\t\t\t\t<\/div>\n\t\t\t<\/div>\n\t\t\n\t<\/div>\n<\/section>\n\n<div id=\"stage_list_section\"><div class=\"stage-list\">\n    <div class='stage-list__map-card'>\n        <div class='stage-list__map-card__map'>\n            <div class='stage-list__map-card__map__text'>\n                <h2> Pages <\/h2>\n                <p> Zu Fu\u00df<\/p>\n                <p> 0etappen<\/p>\n            <\/div>\n            <div class='stage-list__map-card__map__img'>\n                <img decoding=\"async\" src=\"\" alt=\" mapa \" \/>\n            <\/div>\n        <\/div>\n    <\/div>\n\n    <\/div>\n<\/div> ","protected":false},"excerpt":{"rendered":"<p>Tui &#8249; Zur\u00fcck zur B\u00fchne Tui Einwohner: 16.884 aprox. Bundesland: Pontevedra Informationen Get to know Tui Tui ist das erste Dorf auf dem Portugiesischen Weg in Galicien und wird von vielen Pilgern als Ausgangspunkt f\u00fcr ihre Reise nach Compostela gew\u00e4hlt. Es ist der Grenzpunkt zwischen Portugal und Spanien und teilt sich eine Vielzahl von Dienstleistungen &hellip; <\/p>\n<p class=\"read_more\"><a href=\"https:\/\/www.pilgrim.es\/de\/portugiesischer-weg\/tui\/\">Leer m\u00e1s<\/a><\/p>\n","protected":false},"author":0,"featured_media":8979,"parent":10665,"menu_order":0,"comment_status":"closed","ping_status":"closed","template":"views\/template-new-web-design.blade.php","meta":{"footnotes":""},"categories":[],"tags":[],"class_list":["post-91219","page","type-page","status-publish","has-post-thumbnail","hentry"],"yoast_head":"<!-- This site is optimized with the Yoast SEO plugin v27.4 - https:\/\/yoast.com\/product\/yoast-seo-wordpress\/ -->\n<title>Tui: Was sehen und wo \u00fcbernachten | Jakobsweg | Pilgrim<\/title>\n<meta name=\"description\" content=\"Tui Entdecken Sie alle Informationen \u00fcber Unterk\u00fcnfte, Anreise, Gastronomie und die wichtigsten Sehensw\u00fcrdigkeiten der Orte am Portugiesischer Weg\" \/>\n<meta name=\"robots\" content=\"index, follow, max-snippet:-1, max-image-preview:large, max-video-preview:-1\" \/>\n<link rel=\"canonical\" href=\"https:\/\/www.pilgrim.es\/de\/portugiesischer-weg\/tui\/\" \/>\n<meta property=\"og:locale\" content=\"de_DE\" \/>\n<meta property=\"og:type\" content=\"article\" \/>\n<meta property=\"og:title\" content=\"Tui: Was sehen und wo \u00fcbernachten | Jakobsweg | Pilgrim\" \/>\n<meta property=\"og:description\" content=\"Tui Entdecken Sie alle Informationen \u00fcber Unterk\u00fcnfte, Anreise, Gastronomie und die wichtigsten Sehensw\u00fcrdigkeiten der Orte am Portugiesischer Weg\" \/>\n<meta property=\"og:url\" content=\"https:\/\/www.pilgrim.es\/de\/portugiesischer-weg\/tui\/\" \/>\n<meta property=\"og:site_name\" content=\"Pilgrim\" \/>\n<meta property=\"article:publisher\" content=\"https:\/\/www.facebook.com\/pilgrim.es\/\" \/>\n<meta property=\"og:image\" content=\"https:\/\/www.pilgrim.es\/wp-content\/uploads\/2019\/02\/Tui1.jpg\" \/>\n\t<meta property=\"og:image:width\" content=\"520\" \/>\n\t<meta property=\"og:image:height\" content=\"370\" \/>\n\t<meta property=\"og:image:type\" content=\"image\/jpeg\" \/>\n<meta name=\"twitter:card\" content=\"summary_large_image\" \/>\n<meta name=\"twitter:site\" content=\"@pilgrim_es\" \/>\n<meta name=\"twitter:label1\" content=\"Gesch\u00e4tzte Lesezeit\" \/>\n\t<meta name=\"twitter:data1\" content=\"8\u00a0Minuten\" \/>\n<script type=\"application\/ld+json\" class=\"yoast-schema-graph\">{\"@context\":\"https:\\\/\\\/schema.org\",\"@graph\":[{\"@type\":\"WebPage\",\"@id\":\"https:\\\/\\\/www.pilgrim.es\\\/de\\\/portugiesischer-weg\\\/tui\\\/\",\"url\":\"https:\\\/\\\/www.pilgrim.es\\\/de\\\/portugiesischer-weg\\\/tui\\\/\",\"name\":\"Tui: Was sehen und wo \u00fcbernachten | Jakobsweg | Pilgrim\",\"isPartOf\":{\"@id\":\"https:\\\/\\\/www.pilgrim.es\\\/de\\\/#website\"},\"primaryImageOfPage\":{\"@id\":\"https:\\\/\\\/www.pilgrim.es\\\/de\\\/portugiesischer-weg\\\/tui\\\/#primaryimage\"},\"image\":{\"@id\":\"https:\\\/\\\/www.pilgrim.es\\\/de\\\/portugiesischer-weg\\\/tui\\\/#primaryimage\"},\"thumbnailUrl\":\"https:\\\/\\\/www.pilgrim.es\\\/wp-content\\\/uploads\\\/2019\\\/02\\\/Tui1.jpg\",\"datePublished\":\"2025-03-17T14:05:05+00:00\",\"description\":\"Tui Entdecken Sie alle Informationen \u00fcber Unterk\u00fcnfte, Anreise, Gastronomie und die wichtigsten Sehensw\u00fcrdigkeiten der Orte am Portugiesischer Weg\",\"breadcrumb\":{\"@id\":\"https:\\\/\\\/www.pilgrim.es\\\/de\\\/portugiesischer-weg\\\/tui\\\/#breadcrumb\"},\"inLanguage\":\"de\",\"potentialAction\":[{\"@type\":\"ReadAction\",\"target\":[\"https:\\\/\\\/www.pilgrim.es\\\/de\\\/portugiesischer-weg\\\/tui\\\/\"]}]},{\"@type\":\"ImageObject\",\"inLanguage\":\"de\",\"@id\":\"https:\\\/\\\/www.pilgrim.es\\\/de\\\/portugiesischer-weg\\\/tui\\\/#primaryimage\",\"url\":\"https:\\\/\\\/www.pilgrim.es\\\/wp-content\\\/uploads\\\/2019\\\/02\\\/Tui1.jpg\",\"contentUrl\":\"https:\\\/\\\/www.pilgrim.es\\\/wp-content\\\/uploads\\\/2019\\\/02\\\/Tui1.jpg\",\"width\":520,\"height\":370,\"caption\":\"Tui\"},{\"@type\":\"BreadcrumbList\",\"@id\":\"https:\\\/\\\/www.pilgrim.es\\\/de\\\/portugiesischer-weg\\\/tui\\\/#breadcrumb\",\"itemListElement\":[{\"@type\":\"ListItem\",\"position\":1,\"name\":\"Camino de Santiago\",\"item\":\"https:\\\/\\\/www.pilgrim.es\\\/de\\\/\"},{\"@type\":\"ListItem\",\"position\":2,\"name\":\"Portugiesischer Weg\",\"item\":\"https:\\\/\\\/www.pilgrim.es\\\/de\\\/portugiesischer-weg\\\/\"},{\"@type\":\"ListItem\",\"position\":3,\"name\":\"Tui\"}]},{\"@type\":\"WebSite\",\"@id\":\"https:\\\/\\\/www.pilgrim.es\\\/de\\\/#website\",\"url\":\"https:\\\/\\\/www.pilgrim.es\\\/de\\\/\",\"name\":\"Pilgrim\",\"description\":\"Camino de Santiago | Caminamos Contigo\",\"publisher\":{\"@id\":\"https:\\\/\\\/www.pilgrim.es\\\/de\\\/#organization\"},\"potentialAction\":[{\"@type\":\"SearchAction\",\"target\":{\"@type\":\"EntryPoint\",\"urlTemplate\":\"https:\\\/\\\/www.pilgrim.es\\\/de\\\/?s={search_term_string}\"},\"query-input\":{\"@type\":\"PropertyValueSpecification\",\"valueRequired\":true,\"valueName\":\"search_term_string\"}}],\"inLanguage\":\"de\"},{\"@type\":\"Organization\",\"@id\":\"https:\\\/\\\/www.pilgrim.es\\\/de\\\/#organization\",\"name\":\"Pilgrim Camino de Santiago\",\"url\":\"https:\\\/\\\/www.pilgrim.es\\\/de\\\/\",\"logo\":{\"@type\":\"ImageObject\",\"inLanguage\":\"de\",\"@id\":\"https:\\\/\\\/www.pilgrim.es\\\/de\\\/#\\\/schema\\\/logo\\\/image\\\/\",\"url\":\"https:\\\/\\\/www.pilgrim.es\\\/wp-content\\\/uploads\\\/2019\\\/04\\\/logo_pilgrim.png\",\"contentUrl\":\"https:\\\/\\\/www.pilgrim.es\\\/wp-content\\\/uploads\\\/2019\\\/04\\\/logo_pilgrim.png\",\"width\":512,\"height\":512,\"caption\":\"Pilgrim Camino de Santiago\"},\"image\":{\"@id\":\"https:\\\/\\\/www.pilgrim.es\\\/de\\\/#\\\/schema\\\/logo\\\/image\\\/\"},\"sameAs\":[\"https:\\\/\\\/www.facebook.com\\\/pilgrim.es\\\/\",\"https:\\\/\\\/x.com\\\/pilgrim_es\",\"https:\\\/\\\/www.instagram.com\\\/pilgrim.es\\\/\",\"https:\\\/\\\/www.linkedin.com\\\/company\\\/pilgrim-camino-de-santiago\\\/\",\"https:\\\/\\\/www.pinterest.es\\\/pilgrimcaminodesantiago\\\/\",\"https:\\\/\\\/www.youtube.com\\\/channel\\\/UCIv2ZzFLXVqthkNF32rKedw\\\/featured\"]}]}<\/script>\n<!-- \/ Yoast SEO plugin. -->","yoast_head_json":{"title":"Tui: Was sehen und wo \u00fcbernachten | Jakobsweg | Pilgrim","description":"Tui Entdecken Sie alle Informationen \u00fcber Unterk\u00fcnfte, Anreise, Gastronomie und die wichtigsten Sehensw\u00fcrdigkeiten der Orte am Portugiesischer Weg","robots":{"index":"index","follow":"follow","max-snippet":"max-snippet:-1","max-image-preview":"max-image-preview:large","max-video-preview":"max-video-preview:-1"},"canonical":"https:\/\/www.pilgrim.es\/de\/portugiesischer-weg\/tui\/","og_locale":"de_DE","og_type":"article","og_title":"Tui: Was sehen und wo \u00fcbernachten | Jakobsweg | Pilgrim","og_description":"Tui Entdecken Sie alle Informationen \u00fcber Unterk\u00fcnfte, Anreise, Gastronomie und die wichtigsten Sehensw\u00fcrdigkeiten der Orte am Portugiesischer Weg","og_url":"https:\/\/www.pilgrim.es\/de\/portugiesischer-weg\/tui\/","og_site_name":"Pilgrim","article_publisher":"https:\/\/www.facebook.com\/pilgrim.es\/","og_image":[{"width":520,"height":370,"url":"https:\/\/www.pilgrim.es\/wp-content\/uploads\/2019\/02\/Tui1.jpg","type":"image\/jpeg"}],"twitter_card":"summary_large_image","twitter_site":"@pilgrim_es","twitter_misc":{"Gesch\u00e4tzte Lesezeit":"8\u00a0Minuten"},"schema":{"@context":"https:\/\/schema.org","@graph":[{"@type":"WebPage","@id":"https:\/\/www.pilgrim.es\/de\/portugiesischer-weg\/tui\/","url":"https:\/\/www.pilgrim.es\/de\/portugiesischer-weg\/tui\/","name":"Tui: Was sehen und wo \u00fcbernachten | Jakobsweg | Pilgrim","isPartOf":{"@id":"https:\/\/www.pilgrim.es\/de\/#website"},"primaryImageOfPage":{"@id":"https:\/\/www.pilgrim.es\/de\/portugiesischer-weg\/tui\/#primaryimage"},"image":{"@id":"https:\/\/www.pilgrim.es\/de\/portugiesischer-weg\/tui\/#primaryimage"},"thumbnailUrl":"https:\/\/www.pilgrim.es\/wp-content\/uploads\/2019\/02\/Tui1.jpg","datePublished":"2025-03-17T14:05:05+00:00","description":"Tui Entdecken Sie alle Informationen \u00fcber Unterk\u00fcnfte, Anreise, Gastronomie und die wichtigsten Sehensw\u00fcrdigkeiten der Orte am Portugiesischer Weg","breadcrumb":{"@id":"https:\/\/www.pilgrim.es\/de\/portugiesischer-weg\/tui\/#breadcrumb"},"inLanguage":"de","potentialAction":[{"@type":"ReadAction","target":["https:\/\/www.pilgrim.es\/de\/portugiesischer-weg\/tui\/"]}]},{"@type":"ImageObject","inLanguage":"de","@id":"https:\/\/www.pilgrim.es\/de\/portugiesischer-weg\/tui\/#primaryimage","url":"https:\/\/www.pilgrim.es\/wp-content\/uploads\/2019\/02\/Tui1.jpg","contentUrl":"https:\/\/www.pilgrim.es\/wp-content\/uploads\/2019\/02\/Tui1.jpg","width":520,"height":370,"caption":"Tui"},{"@type":"BreadcrumbList","@id":"https:\/\/www.pilgrim.es\/de\/portugiesischer-weg\/tui\/#breadcrumb","itemListElement":[{"@type":"ListItem","position":1,"name":"Camino de Santiago","item":"https:\/\/www.pilgrim.es\/de\/"},{"@type":"ListItem","position":2,"name":"Portugiesischer Weg","item":"https:\/\/www.pilgrim.es\/de\/portugiesischer-weg\/"},{"@type":"ListItem","position":3,"name":"Tui"}]},{"@type":"WebSite","@id":"https:\/\/www.pilgrim.es\/de\/#website","url":"https:\/\/www.pilgrim.es\/de\/","name":"Pilgrim","description":"Camino de Santiago | Caminamos Contigo","publisher":{"@id":"https:\/\/www.pilgrim.es\/de\/#organization"},"potentialAction":[{"@type":"SearchAction","target":{"@type":"EntryPoint","urlTemplate":"https:\/\/www.pilgrim.es\/de\/?s={search_term_string}"},"query-input":{"@type":"PropertyValueSpecification","valueRequired":true,"valueName":"search_term_string"}}],"inLanguage":"de"},{"@type":"Organization","@id":"https:\/\/www.pilgrim.es\/de\/#organization","name":"Pilgrim Camino de Santiago","url":"https:\/\/www.pilgrim.es\/de\/","logo":{"@type":"ImageObject","inLanguage":"de","@id":"https:\/\/www.pilgrim.es\/de\/#\/schema\/logo\/image\/","url":"https:\/\/www.pilgrim.es\/wp-content\/uploads\/2019\/04\/logo_pilgrim.png","contentUrl":"https:\/\/www.pilgrim.es\/wp-content\/uploads\/2019\/04\/logo_pilgrim.png","width":512,"height":512,"caption":"Pilgrim Camino de Santiago"},"image":{"@id":"https:\/\/www.pilgrim.es\/de\/#\/schema\/logo\/image\/"},"sameAs":["https:\/\/www.facebook.com\/pilgrim.es\/","https:\/\/x.com\/pilgrim_es","https:\/\/www.instagram.com\/pilgrim.es\/","https:\/\/www.linkedin.com\/company\/pilgrim-camino-de-santiago\/","https:\/\/www.pinterest.es\/pilgrimcaminodesantiago\/","https:\/\/www.youtube.com\/channel\/UCIv2ZzFLXVqthkNF32rKedw\/featured"]}]}},"_links":{"self":[{"href":"https:\/\/www.pilgrim.es\/de\/wp-json\/wp\/v2\/pages\/91219","targetHints":{"allow":["GET"]}}],"collection":[{"href":"https:\/\/www.pilgrim.es\/de\/wp-json\/wp\/v2\/pages"}],"about":[{"href":"https:\/\/www.pilgrim.es\/de\/wp-json\/wp\/v2\/types\/page"}],"replies":[{"embeddable":true,"href":"https:\/\/www.pilgrim.es\/de\/wp-json\/wp\/v2\/comments?post=91219"}],"version-history":[{"count":0,"href":"https:\/\/www.pilgrim.es\/de\/wp-json\/wp\/v2\/pages\/91219\/revisions"}],"up":[{"embeddable":true,"href":"https:\/\/www.pilgrim.es\/de\/wp-json\/wp\/v2\/pages\/10665"}],"wp:featuredmedia":[{"embeddable":true,"href":"https:\/\/www.pilgrim.es\/de\/wp-json\/wp\/v2\/media\/8979"}],"wp:attachment":[{"href":"https:\/\/www.pilgrim.es\/de\/wp-json\/wp\/v2\/media?parent=91219"}],"wp:term":[{"taxonomy":"category","embeddable":true,"href":"https:\/\/www.pilgrim.es\/de\/wp-json\/wp\/v2\/categories?post=91219"},{"taxonomy":"post_tag","embeddable":true,"href":"https:\/\/www.pilgrim.es\/de\/wp-json\/wp\/v2\/tags?post=91219"}],"curies":[{"name":"wp","href":"https:\/\/api.w.org\/{rel}","templated":true}]}}