{"id":91210,"date":"2025-03-17T14:02:33","date_gmt":"2025-03-17T14:02:33","guid":{"rendered":"https:\/\/www.pilgrim.es\/portugiesischer-weg\/barcelos\/"},"modified":"2025-03-17T14:02:33","modified_gmt":"2025-03-17T14:02:33","slug":"barcelos","status":"publish","type":"page","link":"https:\/\/www.pilgrim.es\/de\/portugiesischer-weg\/barcelos\/","title":{"rendered":"Barcelos"},"content":{"rendered":" <section id=\"hero\">\n\t<h1>Barcelos<\/h1>\n\t<div class=\"hero-grid\">\n\t\t<div class=\"hero-grid__town-col\" data-background=\"https:\/\/cdn.pilgrim.es\/web\/caminos\/camino-portugues\/pueblos\/barcelos\/barcelos.jpg\">\n\t\t\t<div>\n\t\t\t\t<a class=\"link-to-stage\" href=\"https:\/\/www.pilgrim.es\/camino-portugues\/etapa-16-sao-miguel-de-arcos-barcelos\/\">\n\t\t\t\t\t<p>&#8249; Zur\u00fcck zur B\u00fchne<\/p>\n\t\t\t\t<\/a>\n\n\t\t\t\t<div class=\"town-data\">\n\t\t\t\t\t<h2>Barcelos<\/h2>\n\t\t\t\t\t<ul>\n\t\t\t\t\t\t<li>Einwohner: 120.391 aprox.<\/li>\n\t\t\t\t\t\t<li>Bundesland: <\/li>\n\t\t\t\t\t<\/ul>\n\t\t\t\t<\/div>\n\t\t\t<\/div>\n\t\t<\/div>\n\t\t<div class=\"hero-grid__planner-col\"><div\r\n  class=\"p-col-span-1 p-rounded-lg p-px-5 p-h-full\"\r\n  style=\"background-image: url('https:\/\/cdn.pilgrim.es\/web\/pilgrim-planner\/bg-plugin-planificador.webp')\"\r\n  rel=\"preload\"\r\n  fetchpriority=\"high\"\r\n  >\r\n    <div class=\"p-text-center p-pt-5 p-text-white p-text-2xl p-font-semibold\">\r\n      Plane deinen Weg    <\/div>\r\n    <div\r\n            id='primary-app'\r\n            data-name='banner'\r\n            data-api='https:\/\/pathfinder.pilgrim.es\/api\/pathfinder\/v2'\r\n            data-mode='normal'\r\n            data-lang='de'\r\n            data-route='1'\r\n            data-destiny='https:\/\/planificador.pilgrim.es'\r\n            data-modality='1'\r\n            data-inline=''\r\n        ><\/div><\/div><\/div>\n\t<\/div>\n<\/section>\n\n<section id=\"infoTown\">\n\t<div class=\"sections-town\">\n\n\t\t<div id=\"informationSection\">\n\t\t\t<div>\n\t\t\t\t<h2 class=\"p-h2-town\">Informationen<\/h2>\n\t\t\t\t<hr>\n\t\t\t\t<h3 class=\"p-h3-town\">Get to know Barcelos<\/h3>\n\t\t\t<\/div>\n\t\t\t<p>Die Stadt Barcelos ist auf ganz besondere Weise mit dem traditionellen bunten Schopfhahn verbunden, der zwar ein Symbol f\u00fcr das ganze Land ist, aber als Identit\u00e4tssiegel seinen Ursprung in dieser Stadt hat.<\/p> <p>Au\u00dferdem beherbergt sie eine gro\u00dfe Anzahl von Denkm\u00e4lern und eine wundersch\u00f6ne Landschaft, die Barcelos zu einem obligatorischen Halt f\u00fcr jeden Pilger auf dem Portugiesischen Weg macht.\n\t\t<\/div>\n\n\t\t<div id=\"locationSection\">\n\t\t\t<div>\n\t\t\t\t<h2 class=\"p-h2-town\">Standort<\/h2>\n\t\t\t\t<hr>\n\t\t\t\t<h3 class=\"p-h3-town\">Wegbeschreibung<\/h3>\n\t\t\t<\/div>\n\t\t\t<p>Die einzige gro\u00dfe Stra\u00dfe, die die Stadt Barcelos erreicht, ist die A-11, die die gesamte n\u00f6rdliche H\u00e4lfte der Halbinsel verbindet, ohne durch Madrid zu f\u00fchren, d.h. sie beginnt in Soria und endet in Portugal, obwohl es noch unfertige Abschnitte gibt.<\/p> <p>Die einzige gro\u00dfe Stra\u00dfe, die die Stadt Barcelos erreicht, ist die A-11, die die gesamte n\u00f6rdliche H\u00e4lfte der Halbinsel verbindet, ohne durch Madrid zu f\u00fchren.\n\t\t\t<div>\n\t\t\t\t<div>\n  <iframe loading=\"lazy\"\n    src=\"https:\/\/www.google.com\/maps\/d\/embed?mid=1uesIsV7YtugZgi8DXR0Fuo3RvnaRCIo&amp;ehbc=2E312F\"\n    width=\"640\"\n    height=\"480\"\n    alt=\"Mapa Barcelos\"\n  ><\/iframe>\n<\/div>\n\n\t\t\t<\/div>\n\t\t<\/div>\n\n\t\t\n\t\t\t<div id=\"toVisitSection\">\n\t\t\t\t<div>\n\t\t\t\t\t<h2 class=\"p-h2-town\">Geschichte \/ Kultur<\/h2>\n\t\t\t\t\t<hr>\n\t\t\t\t\t<h3 class=\"p-h3-town\">Was es zu sehen gibt<\/h3>\n\t\t\t\t<\/div>\n\t\t\t\t<div>\n\t\t\t\t\t<div class=\"accordion\">\n\t\t\t\t\t\t<div class=\"accordion__menu\">\n\t\t\t\t\t\t\t<nav>\n\t\t\t\t\t\t\t\t\n\t\t\t\t\t\t\t\t\t<button class=\"nav-tab-accordion active\"><span>&#10093;<\/span><span> Torre da Porta Nova<\/span><\/button>\n\t\t\t\t\t\t\t\t\n\t\t\t\t\t\t\t\t\t<button class=\"nav-tab-accordion \"><span>&#10093;<\/span><span> Teatro Gil Vicente<\/span><\/button>\n\t\t\t\t\t\t\t\t\n\t\t\t\t\t\t\t\t\t<button class=\"nav-tab-accordion \"><span>&#10093;<\/span><span> Puente Medieval<\/span><\/button>\n\t\t\t\t\t\t\t\t\n\t\t\t\t\t\t\t\t\t<button class=\"nav-tab-accordion \"><span>&#10093;<\/span><span> Pelourinho<\/span><\/button>\n\t\t\t\t\t\t\t\t\n\t\t\t\t\t\t\t\t\t<button class=\"nav-tab-accordion \"><span>&#10093;<\/span><span> Monte da Franqueira<\/span><\/button>\n\t\t\t\t\t\t\t\t\n\t\t\t\t\t\t\t\t\t<button class=\"nav-tab-accordion \"><span>&#10093;<\/span><span> Edificio da Miseric\u00f3rdia<\/span><\/button>\n\t\t\t\t\t\t\t\t\n\t\t\t\t\t\t\t\t\t<button class=\"nav-tab-accordion \"><span>&#10093;<\/span><span> Jard\u00edn das Barrocas<\/span><\/button>\n\t\t\t\t\t\t\t\t\n\t\t\t\t\t\t\t\t\t<button class=\"nav-tab-accordion \"><span>&#10093;<\/span><span> Iglesia Matriz<\/span><\/button>\n\t\t\t\t\t\t\t\t\n\t\t\t\t\t\t\t\t\t<button class=\"nav-tab-accordion \"><span>&#10093;<\/span><span> Edificio C\u00e1mara Municipal<\/span><\/button>\n\t\t\t\t\t\t\t\t\n\t\t\t\t\t\t\t\t\t<button class=\"nav-tab-accordion \"><span>&#10093;<\/span><span> Crucero do Galo<\/span><\/button>\n\t\t\t\t\t\t\t\t\n\t\t\t\t\t\t\t\t\t<button class=\"nav-tab-accordion \"><span>&#10093;<\/span><span> Largo do Apoio<\/span><\/button>\n\t\t\t\t\t\t\t\t\n\t\t\t\t\t\t\t\t\t<button class=\"nav-tab-accordion \"><span>&#10093;<\/span><span> Templo do Bom Jesus da Cruz<\/span><\/button>\n\t\t\t\t\t\t\t\t\n\t\t\t\t\t\t\t\t\t<button class=\"nav-tab-accordion \"><span>&#10093;<\/span><span> R\u00faa Don Ant\u00f3nio Barroso<\/span><\/button>\n\t\t\t\t\t\t\t\t\n\t\t\t\t\t\t\t\t\t<button class=\"nav-tab-accordion \"><span>&#10093;<\/span><span> Quinta de Pa\u00e7os<\/span><\/button>\n\t\t\t\t\t\t\t\t\n\t\t\t\t\t\t\t\t\t<button class=\"nav-tab-accordion \"><span>&#10093;<\/span><span> Pazo dos Condes de Barcelos<\/span><\/button>\n\t\t\t\t\t\t\t\t\n\t\t\t\t\t\t\t\t\t<button class=\"nav-tab-accordion \"><span>&#10093;<\/span><span> Monumento a Don Antonio Barroso<\/span><\/button>\n\t\t\t\t\t\t\t\t\n\t\t\t\t\t\t\t\t\t<button class=\"nav-tab-accordion \"><span>&#10093;<\/span><span> Iglesia Santo Ant\u00f3nio<\/span><\/button>\n\t\t\t\t\t\t\t\t\n\t\t\t\t\t\t\t\t\t<button class=\"nav-tab-accordion \"><span>&#10093;<\/span><span> Iglesia de Nossa Senhora do Ter\u00e7o<\/span><\/button>\n\t\t\t\t\t\t\t\t\n\t\t\t\t\t\t\t\t\t<button class=\"nav-tab-accordion \"><span>&#10093;<\/span><span> Capilla do S\u00e3o Francisco<\/span><\/button>\n\t\t\t\t\t\t\t\t\n\t\t\t\t\t\t\t\t\t<button class=\"nav-tab-accordion \"><span>&#10093;<\/span><span> Galer\u00eda Municipal de Arte<\/span><\/button>\n\t\t\t\t\t\t\t\t\n\t\t\t\t\t\t\t\t\t<button class=\"nav-tab-accordion \"><span>&#10093;<\/span><span> Capilla dos Lopes de Amorim<\/span><\/button>\n\t\t\t\t\t\t\t\t\n\t\t\t\t\t\t\t\t\t<button class=\"nav-tab-accordion \"><span>&#10093;<\/span><span> Capilla do S\u00e3o Jos\u00e9<\/span><\/button>\n\t\t\t\t\t\t\t\t\n\t\t\t\t\t\t\t\t\t<button class=\"nav-tab-accordion \"><span>&#10093;<\/span><span> Capilla de S\u00e3o Bento da Buraquinha<\/span><\/button>\n\t\t\t\t\t\t\t\t\n\t\t\t\t\t\t\t<\/nav>\n\t\t\t\t\t\t<\/div>\n\n\t\t\t\t\t\t\n\t\t\t\t\t\t\t<div class=\"accordion__accordion-content \">\n\t\t\t\t\t\t\t\t<div>\n\t\t\t\t\t\t\t\t\t<div>\n\t\t\t\t\t\t\t\t\t\t<h4>Torre da Porta Nova<\/h4>\n\t\t\t\t\t\t\t\t\t\t<p>Der Torre da Porta Nova ist ein Teil der Stadtmauer aus dem 15. Vom 17. Jahrhundert bis 1932 wurde er als Gef\u00e4ngnis genutzt. Heute wird dieses Geb\u00e4ude als Centro de Interpreta\u00e7ao do Galo e da Cidade de Barcelos genutzt. Es wurde im Jahr 2013 eingeweiht. <\/p>\n\n<p>INFORMATIONEN VON INTERESSE<\/p>.\n\n<p>Telefon: +351 253 811 882<\/p>\n\n<p> <\/p> <p>\n\t\t\t\t\t\t\t\t\t<\/div>\n\t\t\t\t\t\t\t\t\t<img decoding=\"async\" src=\"https:\/\/cdn.pilgrim.es\/web\/caminos\/camino-portugues\/pueblos\/barcelos\/puntos-de-interes\/torre-da-porta-nova.jpg\" alt=\"Torre da Porta Nova\">\n\t\t\t\t\t\t\t\t<\/div>\n\t\t\t\t\t\t\t<\/div>\n\t\t\t\t\t\t\n\t\t\t\t\t\t\t<div class=\"accordion__accordion-content inactive\">\n\t\t\t\t\t\t\t\t<div>\n\t\t\t\t\t\t\t\t\t<div>\n\t\t\t\t\t\t\t\t\t\t<h4>Teatro Gil Vicente<\/h4>\n\t\t\t\t\t\t\t\t\t\t<p>Das Gil Vicente Theater wurde Ende des 19. Jahrhunderts erbaut und hat eine Fassade im neoklassischen Stil. Jahrhunderts erbaut und hat eine neoklassizistische Fassade. Sp\u00e4tere \u00c4nderungen haben es jedoch zu einem sehr modernen Geb\u00e4ude gemacht, das an die Bed\u00fcrfnisse der heutigen Theaterauff\u00fchrungen angepasst ist.<\/p> <p>Das Gil Vicente Theater wurde Ende des 19.\n\n<p>STUNDEN<\/p>\n\n<p>Montag bis Freitag von 09:00 bis 12:00 und von 13:30 bis 18:00<\/p> <p>Von Montag bis Freitag von 09:00 bis 12:00 und von 13:30 bis 18:00<\/p>\n\n<p>INFORMATIONEN VON INTERESSE<\/p>\n\n<p>Telefon: +351 253 809 694<\/p>\n\t\t\t\t\t\t\t\t\t<\/div>\n\t\t\t\t\t\t\t\t\t<img decoding=\"async\" src=\"https:\/\/cdn.pilgrim.es\/web\/caminos\/camino-portugues\/pueblos\/barcelos\/puntos-de-interes\/teatro-gil-vicente.jpg\" alt=\"Teatro Gil Vicente\">\n\t\t\t\t\t\t\t\t<\/div>\n\t\t\t\t\t\t\t<\/div>\n\t\t\t\t\t\t\n\t\t\t\t\t\t\t<div class=\"accordion__accordion-content inactive\">\n\t\t\t\t\t\t\t\t<div>\n\t\t\t\t\t\t\t\t\t<div>\n\t\t\t\t\t\t\t\t\t\t<h4>Puente Medieval<\/h4>\n\t\t\t\t\t\t\t\t\t\t<p>Die mittelalterliche Br\u00fccke wurde Anfang des 14. Jahrhunderts repariert und erhielt ein gotisches Aussehen, das Barcelos mit Barcelinhos verbindet. Die Konstruktion ist mit Verst\u00e4rkungselementen versehen, um die Gewichte auszugleichen und sie widerstandsf\u00e4hig gegen die Str\u00f6mungen zu machen.\n\t\t\t\t\t\t\t\t\t<\/div>\n\t\t\t\t\t\t\t\t\t<img decoding=\"async\" src=\"https:\/\/cdn.pilgrim.es\/web\/caminos\/camino-portugues\/pueblos\/barcelos\/puntos-de-interes\/puente-medieval.jpg\" alt=\"Puente Medieval\">\n\t\t\t\t\t\t\t\t<\/div>\n\t\t\t\t\t\t\t<\/div>\n\t\t\t\t\t\t\n\t\t\t\t\t\t\t<div class=\"accordion__accordion-content inactive\">\n\t\t\t\t\t\t\t\t<div>\n\t\t\t\t\t\t\t\t\t<div>\n\t\t\t\t\t\t\t\t\t\t<h4>Pelourinho<\/h4>\n\t\t\t\t\t\t\t\t\t\t<p>Pelourinho, auch Picota genannt, wurde zwischen dem Ende des 15. und dem Beginn des 16. Jahrhunderts erbaut und hat daher ein gotisches Aussehen. Dieses Querschiff hat einen abgestuften sechseckigen Sockel und anstelle des \u00fcblichen Kreuzes eine merkw\u00fcrdige Reliquienform an der Spitze.<\/p> <p>Pelourinho, auch Picota genannt, wurde zwischen dem Ende des 15. und dem Beginn des 16. Jahrhunderts erbaut und hat ein gotisches Aussehen.\n\t\t\t\t\t\t\t\t\t<\/div>\n\t\t\t\t\t\t\t\t\t<img decoding=\"async\" src=\"https:\/\/cdn.pilgrim.es\/web\/caminos\/camino-portugues\/pueblos\/barcelos\/puntos-de-interes\/pelourinho.jpg\" alt=\"Pelourinho\">\n\t\t\t\t\t\t\t\t<\/div>\n\t\t\t\t\t\t\t<\/div>\n\t\t\t\t\t\t\n\t\t\t\t\t\t\t<div class=\"accordion__accordion-content inactive\">\n\t\t\t\t\t\t\t\t<div>\n\t\t\t\t\t\t\t\t\t<div>\n\t\t\t\t\t\t\t\t\t\t<h4>Monte da Franqueira<\/h4>\n\t\t\t\t\t\t\t\t\t\t<p>Der Berg da Franqueira ist ein Gebiet mit einem herrlichen Aussichtspunkt, der sich entlang der Meeresk\u00fcste von Esposende bis P\u00f3voa de Varzim erstreckt. Von diesem Ort aus kann man das Ende des Flusslaufs des C\u00e1vado sehen und die Aussicht auf die Stadt und die Umgebung von Barcelos genie\u00dfen. Von hier aus hat man auch einen Panoramablick auf die Berge Monte do Sameiro und Bom Jesus in Braga sowie auf das kleine Ger\u00eas-Gebirge im Osten. Dieses Gebiet verf\u00fcgt \u00fcber ein reiches nat\u00fcrliches, kulturelles, arch\u00e4ologisches, religi\u00f6ses und ethnografisches Erbe. Von diesem Erbe stechen das Kloster Convento do Calv\u00e1rio do Bom Jesus da Franqueira, Fonte da Vida, Castro e Castelo de Faria, Moinho de Vento, Escad\u00f3iro und Ermida de Nossa Senhora da Franqueira durch ihre Sch\u00f6nheit hervor.\n\n<p>Dieser Berg gilt als der Heilige Berg der Einwohner Barcelonas, so sehr, dass jedes Jahr Tausende von Menschen zu ihm str\u00f6men.\n\t\t\t\t\t\t\t\t\t<\/div>\n\t\t\t\t\t\t\t\t\t<img decoding=\"async\" src=\"https:\/\/cdn.pilgrim.es\/web\/caminos\/camino-portugues\/pueblos\/barcelos\/puntos-de-interes\/monte-da-franqueira.jpg\" alt=\"Monte da Franqueira\">\n\t\t\t\t\t\t\t\t<\/div>\n\t\t\t\t\t\t\t<\/div>\n\t\t\t\t\t\t\n\t\t\t\t\t\t\t<div class=\"accordion__accordion-content inactive\">\n\t\t\t\t\t\t\t\t<div>\n\t\t\t\t\t\t\t\t\t<div>\n\t\t\t\t\t\t\t\t\t\t<h4>Edificio da Miseric\u00f3rdia<\/h4>\n\t\t\t\t\t\t\t\t\t\t<p>Das Miseric\u00f3rdia-Geb\u00e4ude war der ehemalige Convento dos Capuchos, dessen Kirche sehr reich war, obwohl ein Brand Ende des 19. Jahrhunderts einen Gro\u00dfteil der barocken Elemente zerst\u00f6rte. Sie beherbergt ein Bildnis der Santa Maria aus dem 16. Jahrhundert.\n\n<p>INFORMATIONEN VON INTERESSE<\/p>\n\n<p>Telefon: +351 253 802 270<\/p> <p>Telefonnummer: +351 253 802 270<\/p>\n\t\t\t\t\t\t\t\t\t<\/div>\n\t\t\t\t\t\t\t\t\t<img decoding=\"async\" src=\"https:\/\/cdn.pilgrim.es\/web\/caminos\/camino-portugues\/pueblos\/barcelos\/puntos-de-interes\/edificio-da-misericordia.jpg\" alt=\"Edificio da Miseric\u00f3rdia\">\n\t\t\t\t\t\t\t\t<\/div>\n\t\t\t\t\t\t\t<\/div>\n\t\t\t\t\t\t\n\t\t\t\t\t\t\t<div class=\"accordion__accordion-content inactive\">\n\t\t\t\t\t\t\t\t<div>\n\t\t\t\t\t\t\t\t\t<div>\n\t\t\t\t\t\t\t\t\t\t<h4>Jard\u00edn das Barrocas<\/h4>\n\t\t\t\t\t\t\t\t\t\t<p>Der Jardim das Barrocas, auch bekannt als Passeio dos Assentos oder das Obras, ist ein monumentales Werk, das im 18. Er verf\u00fcgt \u00fcber kleine und originelle G\u00e4rten, die wegen der auffallenden Farben ihrer Blumenarten sehr bewundernswert sind.\n\t\t\t\t\t\t\t\t\t<\/div>\n\t\t\t\t\t\t\t\t\t<img decoding=\"async\" src=\"https:\/\/cdn.pilgrim.es\/web\/caminos\/camino-portugues\/pueblos\/barcelos\/puntos-de-interes\/jardin-das-barrocas.jpg\" alt=\"Jard\u00edn das Barrocas\">\n\t\t\t\t\t\t\t\t<\/div>\n\t\t\t\t\t\t\t<\/div>\n\t\t\t\t\t\t\n\t\t\t\t\t\t\t<div class=\"accordion__accordion-content inactive\">\n\t\t\t\t\t\t\t\t<div>\n\t\t\t\t\t\t\t\t\t<div>\n\t\t\t\t\t\t\t\t\t\t<h4>Iglesia Matriz<\/h4>\n\t\t\t\t\t\t\t\t\t\t<p>Die Matriz-Kirche wurde in der zweiten H\u00e4lfte des 14. Jahrhunderts im Auftrag von Don Pedro, dem dritten Grafen von Barcelos, errichtet, dessen Wappen auf den Archivolten des Hauptportals eingraviert ist. Es handelt sich um ein Geb\u00e4ude, an dem der \u00dcbergang von der Romanik zur Gotik deutlich zu erkennen ist. Zwischen dem 15. und 18. Jahrhundert wurde es umfassend renoviert. An der S\u00fcdseite der Fassade befindet sich ein Turm aus dem 18. Jahrhundert.\n\t\t\t\t\t\t\t\t\t<\/div>\n\t\t\t\t\t\t\t\t\t<img decoding=\"async\" src=\"https:\/\/cdn.pilgrim.es\/web\/caminos\/camino-portugues\/pueblos\/barcelos\/puntos-de-interes\/iglesia-matriz.jpg\" alt=\"Iglesia Matriz\">\n\t\t\t\t\t\t\t\t<\/div>\n\t\t\t\t\t\t\t<\/div>\n\t\t\t\t\t\t\n\t\t\t\t\t\t\t<div class=\"accordion__accordion-content inactive\">\n\t\t\t\t\t\t\t\t<div>\n\t\t\t\t\t\t\t\t\t<div>\n\t\t\t\t\t\t\t\t\t\t<h4>Edificio C\u00e1mara Municipal<\/h4>\n\t\t\t\t\t\t\t\t\t\t<p>Das Geb\u00e4ude der C\u00e2mara Municipal entstand durch eine Reihe von Um- und Anbauten auf der Grundlage des Kerns des alten Pazos del Ayuntamiento. Zu diesem Komplex geh\u00f6ren das alte Hospital do Esp\u00edrito Santo, das als Hilfsstation f\u00fcr Pilger diente, und die alte Kapelle Santa Maria, beide aus dem 14. <\/p>\n\n<p>STUNDEN<\/p>\n\n<p>Montag bis Freitag von 09:00 bis 17:00 Uhr<\/p> <p>Montag bis Freitag von 09:00 bis 17:00 Uhr<\/p>\n\n<p>INFORMATIONEN VON INTERESSE<\/p>\n\n<p>Telefon: +351 253 809 600 Web: http:\/\/www.cm-barcelos.pt\/<\/p>\n\t\t\t\t\t\t\t\t\t<\/div>\n\t\t\t\t\t\t\t\t\t<img decoding=\"async\" src=\"https:\/\/cdn.pilgrim.es\/web\/caminos\/camino-portugues\/pueblos\/barcelos\/puntos-de-interes\/edificio-camara-municipal.jpg\" alt=\"Edificio C\u00e1mara Municipal\">\n\t\t\t\t\t\t\t\t<\/div>\n\t\t\t\t\t\t\t<\/div>\n\t\t\t\t\t\t\n\t\t\t\t\t\t\t<div class=\"accordion__accordion-content inactive\">\n\t\t\t\t\t\t\t\t<div>\n\t\t\t\t\t\t\t\t\t<div>\n\t\t\t\t\t\t\t\t\t\t<h4>Crucero do Galo<\/h4>\n\t\t\t\t\t\t\t\t\t\t<p>Das Galo-Kreuz befindet sich im Arch\u00e4ologischen Museum im Pazo de los Condes und ist ein Kreuz, das auf die Wunder des Heiligen Tiago und des Geh\u00e4ngten anspielt, eine Legende, die im Volksmund als Legende des Hahns bekannt ist.<\/p> <p>Das Galo-Kreuz befindet sich im Arch\u00e4ologischen Museum im Pazo de los Condes und ist ein Kreuz, das auf die Wunder des Heiligen Tiago und des Geh\u00e4ngten anspielt, eine Legende, die im Volksmund als Legende des Hahns bekannt ist.\n\t\t\t\t\t\t\t\t\t<\/div>\n\t\t\t\t\t\t\t\t\t<img decoding=\"async\" src=\"https:\/\/cdn.pilgrim.es\/web\/caminos\/camino-portugues\/pueblos\/barcelos\/puntos-de-interes\/crucero-do-galo.jpg\" alt=\"Crucero do Galo\">\n\t\t\t\t\t\t\t\t<\/div>\n\t\t\t\t\t\t\t<\/div>\n\t\t\t\t\t\t\n\t\t\t\t\t\t\t<div class=\"accordion__accordion-content inactive\">\n\t\t\t\t\t\t\t\t<div>\n\t\t\t\t\t\t\t\t\t<div>\n\t\t\t\t\t\t\t\t\t\t<h4>Largo do Apoio<\/h4>\n\t\t\t\t\t\t\t\t\t\t<p>Largo do Apoio ist die erste Stra\u00dfe des &#8222;Burgo&#8220; und erinnert heute an die mittelalterliche Stadtplanung der Stadt Barcelos. In der Mitte der Stra\u00dfe befindet sich ein Querschiff im Renaissance-Stil, wahrscheinlich ein Werk von Jo\u00e3o Lopes. In der N\u00e4he befinden sich die Casa dos Carmonas, die Casa do Alferes Barcelense und die Casa do Santo Condest\u00e1vel Don Nuno \u00c1lvares Pereira. <\/p>\n\t\t\t\t\t\t\t\t\t<\/div>\n\t\t\t\t\t\t\t\t\t<img decoding=\"async\" src=\"https:\/\/cdn.pilgrim.es\/web\/caminos\/camino-portugues\/pueblos\/barcelos\/puntos-de-interes\/largo-do-apoio.jpg\" alt=\"Largo do Apoio\">\n\t\t\t\t\t\t\t\t<\/div>\n\t\t\t\t\t\t\t<\/div>\n\t\t\t\t\t\t\n\t\t\t\t\t\t\t<div class=\"accordion__accordion-content inactive\">\n\t\t\t\t\t\t\t\t<div>\n\t\t\t\t\t\t\t\t\t<div>\n\t\t\t\t\t\t\t\t\t\t<h4>Templo do Bom Jesus da Cruz<\/h4>\n\t\t\t\t\t\t\t\t\t\t<p>Der Ursprung des Templo do Bom Jesus da Cruz geht auf das Auftauchen eines wundersamen schwarzen irdenen Kreuzes auf dem Boden des Campo da Feira im Dezember 1504 zur\u00fcck. Das heutige Gotteshaus wurde 1710 f\u00fcr den Gottesdienst ge\u00f6ffnet. Das Geb\u00e4ude hat eine Kuppel in der Mitte und einen Grundriss, dessen Innenraum die Form eines griechischen Kreuzes hat. Dieser Tempel dient jedes Jahr als zentraler Balkon f\u00fcr die Feier des traditionellen Festa das Cruzes.\n\n<p>INFORMATIONEN VON INTERESSE<\/p>\n\n<p>Telefon: +351 939 187 071<\/p> <p>Telefon: +351 939 187 071<\/p>\n\t\t\t\t\t\t\t\t\t<\/div>\n\t\t\t\t\t\t\t\t\t<img decoding=\"async\" src=\"https:\/\/cdn.pilgrim.es\/web\/caminos\/camino-portugues\/pueblos\/barcelos\/puntos-de-interes\/templo-bom-jesus-da-cruz.jpg\" alt=\"Templo do Bom Jesus da Cruz\">\n\t\t\t\t\t\t\t\t<\/div>\n\t\t\t\t\t\t\t<\/div>\n\t\t\t\t\t\t\n\t\t\t\t\t\t\t<div class=\"accordion__accordion-content inactive\">\n\t\t\t\t\t\t\t\t<div>\n\t\t\t\t\t\t\t\t\t<div>\n\t\t\t\t\t\t\t\t\t\t<h4>R\u00faa Don Ant\u00f3nio Barroso<\/h4>\n\t\t\t\t\t\t\t\t\t\t<p>Die Stra\u00dfe Don Ant\u00f3nio Barroso ist eine der \u00e4ltesten Stra\u00dfen des historischen Zentrums. Gegenw\u00e4rtig ist sie eine der lebhaftesten, was den Handel betrifft. Sie beherbergt zahlreiche architektonisch interessante Geb\u00e4ude, darunter das Geb\u00e4ude der Caixa Geral de Dep\u00f3sitos des Architekten Ernesto Korrodi, die Casa de Mathias Gon\u00e7alves da Cruz, die mit polychromen Kacheln verkleidet ist, usw.<\/p> <p>In der Stra\u00dfe befindet sich auch die Casa de Mathias Gon\u00e7alves da Cruz, die mit polychromen Kacheln verkleidet ist, usw.<\/p> <p>In der Stra\u00dfe befindet sich auch die Casa de Mathias Gon\u00e7alves da Cruz, die mit polychromen Kacheln verkleidet ist.\n\t\t\t\t\t\t\t\t\t<\/div>\n\t\t\t\t\t\t\t\t\t<img decoding=\"async\" src=\"https:\/\/cdn.pilgrim.es\/web\/caminos\/camino-portugues\/pueblos\/barcelos\/puntos-de-interes\/monumento-don-antonio-barroso.jpg\" alt=\"R\u00faa Don Ant\u00f3nio Barroso\">\n\t\t\t\t\t\t\t\t<\/div>\n\t\t\t\t\t\t\t<\/div>\n\t\t\t\t\t\t\n\t\t\t\t\t\t\t<div class=\"accordion__accordion-content inactive\">\n\t\t\t\t\t\t\t\t<div>\n\t\t\t\t\t\t\t\t\t<div>\n\t\t\t\t\t\t\t\t\t\t<h4>Quinta de Pa\u00e7os<\/h4>\n\t\t\t\t\t\t\t\t\t\t<p>Quinta de Pa\u00e7os ist ein Haus, das sich seit mehr als 500 Jahren in den H\u00e4nden von 15 Generationen derselben Familie befindet. Es handelt sich um einen Familienbetrieb, der eine Fl\u00e4che von mehr als 200 Hektar bewirtschaftet, die auf mehrere Quintas aufgeteilt ist, wo sich Qualit\u00e4t mit Innovation verbindet. Es wurde k\u00fcrzlich restauriert und pr\u00e4sentiert sich als ein Ort der Exzellenz f\u00fcr Weintourismus. <\/p>\n\t\t\t\t\t\t\t\t\t<\/div>\n\t\t\t\t\t\t\t\t\t<img decoding=\"async\" src=\"https:\/\/cdn.pilgrim.es\/web\/caminos\/camino-portugues\/pueblos\/barcelos\/puntos-de-interes\/quinta-pacos.jpg\" alt=\"Quinta de Pa\u00e7os\">\n\t\t\t\t\t\t\t\t<\/div>\n\t\t\t\t\t\t\t<\/div>\n\t\t\t\t\t\t\n\t\t\t\t\t\t\t<div class=\"accordion__accordion-content inactive\">\n\t\t\t\t\t\t\t\t<div>\n\t\t\t\t\t\t\t\t\t<div>\n\t\t\t\t\t\t\t\t\t\t<h4>Pazo dos Condes de Barcelos<\/h4>\n\t\t\t\t\t\t\t\t\t\t<p>Der Pazo dos Condes de Barcelos ist ein charakteristisches Bauwerk aus dem Sp\u00e4tmittelalter. Er wurde in der ersten H\u00e4lfte des 15. Jahrhunderts im Auftrag von Don Alfonso, dem achten Grafen von Barcelos und ersten Herzog von Bragan\u00e7a, errichtet. Das Arch\u00e4ologische Museum wurde zu Beginn des 20. Jahrhunderts in diesem Herrenhaus eingerichtet. <\/p>\n\t\t\t\t\t\t\t\t\t<\/div>\n\t\t\t\t\t\t\t\t\t<img decoding=\"async\" src=\"https:\/\/cdn.pilgrim.es\/web\/caminos\/camino-portugues\/pueblos\/barcelos\/puntos-de-interes\/pazo-condes-barcelos.jpg\" alt=\"Pazo dos Condes de Barcelos\">\n\t\t\t\t\t\t\t\t<\/div>\n\t\t\t\t\t\t\t<\/div>\n\t\t\t\t\t\t\n\t\t\t\t\t\t\t<div class=\"accordion__accordion-content inactive\">\n\t\t\t\t\t\t\t\t<div>\n\t\t\t\t\t\t\t\t\t<div>\n\t\t\t\t\t\t\t\t\t\t<h4>Monumento a Don Antonio Barroso<\/h4>\n\t\t\t\t\t\t\t\t\t\t<p>Das Denkmal f\u00fcr Ant\u00f3nio Barroso wurde 1931 eingeweiht. Es ist ein Werk aus Bronze, das vom Architekten Marqu\u00e9s da Silva entworfen und vom Bildhauer Sousa Caldas geschaffen wurde. Es befindet sich vor dem Rathaus und der Matriz-Kirche und wurde zu Ehren dieses aus Barcelos stammenden Missionars f\u00fcr seine Predigtt\u00e4tigkeit in Afrika errichtet.\n\t\t\t\t\t\t\t\t\t<\/div>\n\t\t\t\t\t\t\t\t\t<img decoding=\"async\" src=\"https:\/\/cdn.pilgrim.es\/web\/caminos\/camino-portugues\/pueblos\/barcelos\/puntos-de-interes\/monumento-don-antonio-barroso.jpg\" alt=\"Monumento a Don Antonio Barroso\">\n\t\t\t\t\t\t\t\t<\/div>\n\t\t\t\t\t\t\t<\/div>\n\t\t\t\t\t\t\n\t\t\t\t\t\t\t<div class=\"accordion__accordion-content inactive\">\n\t\t\t\t\t\t\t\t<div>\n\t\t\t\t\t\t\t\t\t<div>\n\t\t\t\t\t\t\t\t\t\t<h4>Iglesia Santo Ant\u00f3nio<\/h4>\n\t\t\t\t\t\t\t\t\t\t<p>Die Kirche Santo Ant\u00f3nio wurde in den 1930er Jahren aus den Materialien errichtet, die beim Abriss der Kirche von Terceiros anfielen. Seit 1934 ist hier der Orden der Kapuzinerfranziskaner ans\u00e4ssig.\n\t\t\t\t\t\t\t\t\t<\/div>\n\t\t\t\t\t\t\t\t\t<img decoding=\"async\" src=\"https:\/\/cdn.pilgrim.es\/web\/caminos\/camino-portugues\/pueblos\/barcelos\/puntos-de-interes\/capilla-sao-francisco.jpg\" alt=\"Iglesia Santo Ant\u00f3nio\">\n\t\t\t\t\t\t\t\t<\/div>\n\t\t\t\t\t\t\t<\/div>\n\t\t\t\t\t\t\n\t\t\t\t\t\t\t<div class=\"accordion__accordion-content inactive\">\n\t\t\t\t\t\t\t\t<div>\n\t\t\t\t\t\t\t\t\t<div>\n\t\t\t\t\t\t\t\t\t\t<h4>Iglesia de Nossa Senhora do Ter\u00e7o<\/h4>\n\t\t\t\t\t\t\t\t\t\t<p>Die Kirche Nossa Senhora do Ter\u00e7o ist Teil des ehemaligen Klosters der Benediktinerinnen, das aus dem fr\u00fchen 18. Jahrhundert stammt. Die Kirche hat einen gro\u00dfen Innenraum. Ihre Bedeutung f\u00fcr die Barockkunst ist vor allem auf die blau-wei\u00dfen Kacheltafeln aus dem Jahr 1713 zur\u00fcckzuf\u00fchren, die Szenen aus dem Leben des Heiligen Bento und moralisierende Embleme mit wertvollen vergoldeten Schnitzereien zeigen.\n\n<p>INFORMATIONEN VON INTERESSE<\/p>\n\n<p>Telefon: +351 914 955 623<\/p>\n\t\t\t\t\t\t\t\t\t<\/div>\n\t\t\t\t\t\t\t\t\t<img decoding=\"async\" src=\"https:\/\/cdn.pilgrim.es\/web\/caminos\/camino-portugues\/pueblos\/barcelos\/puntos-de-interes\/iglesia-nossa-senhora-do-terco.jpg\" alt=\"Iglesia de Nossa Senhora do Ter\u00e7o\">\n\t\t\t\t\t\t\t\t<\/div>\n\t\t\t\t\t\t\t<\/div>\n\t\t\t\t\t\t\n\t\t\t\t\t\t\t<div class=\"accordion__accordion-content inactive\">\n\t\t\t\t\t\t\t\t<div>\n\t\t\t\t\t\t\t\t\t<div>\n\t\t\t\t\t\t\t\t\t\t<h4>Capilla do S\u00e3o Francisco<\/h4>\n\t\t\t\t\t\t\t\t\t\t<p>Die Kapelle von S\u00e3o Francisco ist eine kleine Kapelle, die sich in der gleichnamigen Stra\u00dfe befindet. Ihre Fassade hat einen S\u00e4ulengang aus dem 14. Jahrhundert und auf der oberen linken Seite befindet sich ein einschiffiger Glockenturm.<\/p> <p>Die Kapelle ist eine kleine Kapelle, die sich in der gleichnamigen Stra\u00dfe befindet.\n\t\t\t\t\t\t\t\t\t<\/div>\n\t\t\t\t\t\t\t\t\t<img decoding=\"async\" src=\"https:\/\/cdn.pilgrim.es\/web\/caminos\/camino-portugues\/pueblos\/barcelos\/puntos-de-interes\/capilla-sao-francisco.jpg\" alt=\"Capilla do S\u00e3o Francisco\">\n\t\t\t\t\t\t\t\t<\/div>\n\t\t\t\t\t\t\t<\/div>\n\t\t\t\t\t\t\n\t\t\t\t\t\t\t<div class=\"accordion__accordion-content inactive\">\n\t\t\t\t\t\t\t\t<div>\n\t\t\t\t\t\t\t\t\t<div>\n\t\t\t\t\t\t\t\t\t\t<h4>Galer\u00eda Municipal de Arte<\/h4>\n\t\t\t\t\t\t\t\t\t\t<p>Die St\u00e4dtische Kunstgalerie hat sich zum Ziel gesetzt, die Kunst in ihren verschiedensten Formen zu f\u00f6rdern, in einem Raum, der der Reflexion und der kulturellen Aufwertung gewidmet ist, durch verschiedene Ausstellungen, die Malerei, Skulptur und Fotografie von lokalen und nationalen K\u00fcnstlern umfassen.<\/p> <p>Die St\u00e4dtische Kunstgalerie hat sich zum Ziel gesetzt, die Kunst in ihren verschiedensten Formen zu f\u00f6rdern, in einem Raum, der der Reflexion und der kulturellen Aufwertung gewidmet ist, durch verschiedene Ausstellungen, die Malerei, Skulptur und Fotografie von lokalen und nationalen K\u00fcnstlern umfassen.\n\n<p>STUNDEN<\/p>\n\n<p>Jeden Tag von 09:00 bis 12:30 und von 14:00 bis 18:00 <\/p> <p>Jeden Tag von 09:00 bis 12:30 und von 14:00 bis 18:00<\/p> <p>.\n\n<p>INFORMATIONEN VON INTERESSE<\/p>\n\n<p>E-Mail: galeriamunicipalarte@cm-barcelos.pt Telefon: +351 253 809 695<\/p> <p>E-Mail: galeriamunicipalarte@cm-barcelos.pt Telefon: +351 253 809 695<\/p>\n\t\t\t\t\t\t\t\t\t<\/div>\n\t\t\t\t\t\t\t\t\t<img decoding=\"async\" src=\"https:\/\/cdn.pilgrim.es\/web\/caminos\/camino-portugues\/pueblos\/barcelos\/puntos-de-interes\/galeria-municipal-arte.jpg\" alt=\"Galer\u00eda Municipal de Arte\">\n\t\t\t\t\t\t\t\t<\/div>\n\t\t\t\t\t\t\t<\/div>\n\t\t\t\t\t\t\n\t\t\t\t\t\t\t<div class=\"accordion__accordion-content inactive\">\n\t\t\t\t\t\t\t\t<div>\n\t\t\t\t\t\t\t\t\t<div>\n\t\t\t\t\t\t\t\t\t\t<h4>Capilla dos Lopes de Amorim<\/h4>\n\t\t\t\t\t\t\t\t\t\t<p>Das Casa dos Lopes de Amorim befindet sich in der Stra\u00dfe San Francisco und ist ein palastartiges Geb\u00e4ude aus dem 18. Jahrhundert. Jahrhundert. Es ist ein edles Geb\u00e4ude mit neoklassizistischem Aussehen und pr\u00e4sentiert eine florale Dekoration, vor allem in den Fenstern, die auf der ersten Ebene angeordnet sind, die Muscheln von Santiago, die seine Beziehung mit dem Camino de Santiago anzeigen.\n\t\t\t\t\t\t\t\t\t<\/div>\n\t\t\t\t\t\t\t\t\t<img decoding=\"async\" src=\"https:\/\/cdn.pilgrim.es\/web\/caminos\/camino-portugues\/pueblos\/barcelos\/puntos-de-interes\/capilla-sao-jose.jpg\" alt=\"Capilla dos Lopes de Amorim\">\n\t\t\t\t\t\t\t\t<\/div>\n\t\t\t\t\t\t\t<\/div>\n\t\t\t\t\t\t\n\t\t\t\t\t\t\t<div class=\"accordion__accordion-content inactive\">\n\t\t\t\t\t\t\t\t<div>\n\t\t\t\t\t\t\t\t\t<div>\n\t\t\t\t\t\t\t\t\t\t<h4>Capilla do S\u00e3o Jos\u00e9<\/h4>\n\t\t\t\t\t\t\t\t\t\t<p>Die Kapelle S\u00e3o Jos\u00e9 befindet sich in Campo Camilo Castelo Branco und wurde im 18. Jahrhundert umgebaut. Ihre Fassade hat ein einfaches Aussehen und besteht aus einem Portal und drei Fenstern. Auf der rechten oberen Seite der Fassade befindet sich ein sch\u00f6ner Glockenturm, der aus zwei Teilen besteht.\n\t\t\t\t\t\t\t\t\t<\/div>\n\t\t\t\t\t\t\t\t\t<img decoding=\"async\" src=\"https:\/\/cdn.pilgrim.es\/web\/caminos\/camino-portugues\/pueblos\/barcelos\/puntos-de-interes\/capilla-sao-jose.jpg\" alt=\"Capilla do S\u00e3o Jos\u00e9\">\n\t\t\t\t\t\t\t\t<\/div>\n\t\t\t\t\t\t\t<\/div>\n\t\t\t\t\t\t\n\t\t\t\t\t\t\t<div class=\"accordion__accordion-content inactive\">\n\t\t\t\t\t\t\t\t<div>\n\t\t\t\t\t\t\t\t\t<div>\n\t\t\t\t\t\t\t\t\t\t<h4>Capilla de S\u00e3o Bento da Buraquinha<\/h4>\n\t\t\t\t\t\t\t\t\t\t<p>Die Kapelle von S\u00e3o Bento da Buraquinha befindet sich am Ende der Rua C\u00e2ndido dos Reis und ist ein Geb\u00e4ude aus dem 17. Jahrhundert. Die W\u00e4nde der Kapelle sind verputzt, mit Ausnahme der Ecken, die aus Mauersteinen bestehen. Sie hat eine sehr einfache Verzierung aus geometrischen Formen.\n\t\t\t\t\t\t\t\t\t<\/div>\n\t\t\t\t\t\t\t\t\t<img decoding=\"async\" src=\"https:\/\/cdn.pilgrim.es\/web\/caminos\/camino-portugues\/pueblos\/barcelos\/puntos-de-interes\/capilla-sao-bento-da-buranquinha.jpg\" alt=\"Capilla de S\u00e3o Bento da Buraquinha\">\n\t\t\t\t\t\t\t\t<\/div>\n\t\t\t\t\t\t\t<\/div>\n\t\t\t\t\t\t\n\t\t\t\t\t<\/div>\n\t\t\t\t<\/div>\n\t\t\t<\/div>\n\t\t\n\n\t\t<div id=\"phonesSection\">\n\t\t\t<div>\n\t\t\t\t<h2 class=\"p-h3-town\">Informationen von Interesse<\/h2>\n\t\t\t<\/div>\n\t\t\t<div class=\"grid\">\n\t\t\t\t\n\t\t\t\t\t<div class=\"phone-number-item\">\n\t\t\t\t\t\t<div class=\"phone-number-item__icon\"><i class=\"icon-police\"><\/i><\/div>\n\t\t\t\t\t\t<div class=\"phone-number-item__title\">\n\t\t\t\t\t\t\t<h3 class=\"p-font-bold\">Ortspolizei<\/h3>\n\t\t\t\t\t\t\t<p>+351 53 253 802 570<\/p>\n\t\t\t\t\t\t\t\n\t\t\t\t\t\t<\/div>\n\t\t\t\t\t<\/div>\n\t\t\t\t\n\t\t\t\t\t<div class=\"phone-number-item\">\n\t\t\t\t\t\t<div class=\"phone-number-item__icon\"><i class=\"icon-firefighters\"><\/i><\/div>\n\t\t\t\t\t\t<div class=\"phone-number-item__title\">\n\t\t\t\t\t\t\t<h3 class=\"p-font-bold\">Feuerwehr<\/h3>\n\t\t\t\t\t\t\t<p>+351 53 253 802 050<\/p>\n\t\t\t\t\t\t\t\n\t\t\t\t\t\t<\/div>\n\t\t\t\t\t<\/div>\n\t\t\t\t\n\t\t\t\t\t<div class=\"phone-number-item\">\n\t\t\t\t\t\t<div class=\"phone-number-item__icon\"><i class=\"icon-civil-protection\"><\/i><\/div>\n\t\t\t\t\t\t<div class=\"phone-number-item__title\">\n\t\t\t\t\t\t\t<h3 class=\"p-font-bold\">Zivilschutz<\/h3>\n\t\t\t\t\t\t\t<p>xxx<\/p>\n\t\t\t\t\t\t\t\n\t\t\t\t\t\t<\/div>\n\t\t\t\t\t<\/div>\n\t\t\t\t\n\t\t\t\t\t<div class=\"phone-number-item\">\n\t\t\t\t\t\t<div class=\"phone-number-item__icon\"><i class=\"icon-town-council\"><\/i><\/div>\n\t\t\t\t\t\t<div class=\"phone-number-item__title\">\n\t\t\t\t\t\t\t<h3 class=\"p-font-bold\">Rathaus<\/h3>\n\t\t\t\t\t\t\t<p>+351 53 253 809 600<\/p>\n\t\t\t\t\t\t\t\n\t\t\t\t\t\t<\/div>\n\t\t\t\t\t<\/div>\n\t\t\t\t\n\t\t\t\t\t<div class=\"phone-number-item\">\n\t\t\t\t\t\t<div class=\"phone-number-item__icon\"><i class=\"icon-hospital\"><\/i><\/div>\n\t\t\t\t\t\t<div class=\"phone-number-item__title\">\n\t\t\t\t\t\t\t<h3 class=\"p-font-bold\">Gesundheitszentrum<\/h3>\n\t\t\t\t\t\t\t<p>+351 53 253 809 200<\/p>\n\t\t\t\t\t\t\t\n\t\t\t\t\t\t<\/div>\n\t\t\t\t\t<\/div>\n\t\t\t\t\n\t\t\t\t\t<div class=\"phone-number-item\">\n\t\t\t\t\t\t<div class=\"phone-number-item__icon\"><i class=\"icon-tourism\"><\/i><\/div>\n\t\t\t\t\t\t<div class=\"phone-number-item__title\">\n\t\t\t\t\t\t\t<h3 class=\"p-font-bold\">Fremdenverkehrsamt<\/h3>\n\t\t\t\t\t\t\t<p>+351 253 811 882<\/p>\n\t\t\t\t\t\t\t\n\t\t\t\t\t\t\t\t<p>Largo Dr. Jos\u00e9 Novais<\/p>\n\t\t\t\t\t\t\t\n\t\t\t\t\t\t<\/div>\n\t\t\t\t\t<\/div>\n\t\t\t\t\n\t\t\t<\/div>\n\t\t<\/div>\n\n\t\t<div id=\"clientForm\">\n        <section>\n        <img decoding=\"async\" src=\"https:\/\/cdn.pilgrim.es\/web\/home\/email-contacto.png\" alt=\"contacto\">\n        <div>\n            <p>Wir senden dir deine Planung<\/p>\n            <p>Gib uns deine Daten an und erhalte die Planung deiner Reise per E-Mail <\/p>\n            <form method=\"post\" data-url=\"\/wp-admin\/admin-ajax.php\" id=\"planner--client\" class=\"flag-right form-client\">\n    <div class=\"form-data\">\n        <input name=\"form_id\" type=\"hidden\" value=\"Formulario Leads\">\n        <input name=\"type\" type=\"hidden\" value=\"planner_client\">\n        <input type=\"text\" name=\"nombre\" value=\"\" size=\"40\" class=\"form-control\" aria-required=\"true\" aria-invalid=\"false\" placeholder=\"Name\">\n        <input type=\"email\" name=\"email\" value=\"\" size=\"40\" class=\"form-control\" aria-required=\"true\" aria-invalid=\"false\" placeholder=\"E- Mail\">\n        <input type=\"text\" id=\"phone-input\" name=\"tel\" value=\"\" size=\"40\" class=\"phone-input form-control\" aria-required=\"true\" aria-invalid=\"false\" placeholder=\"Telefon\">\n        <input type=\"hidden\" name=\"telefono\">\n    <\/div>\n    <div class=\"form-checkbox\">\n        <span>\n            Pilgrim Travel, S.L. teilt gem\u00e4\u00df Regulierung 2016\/679 mit, dass die in diesem Formular verwendeten Daten sowohl f\u00fcr die Beantwortung der m\u00f6glichen Anfragen als auch f\u00fcr die Ver\u00f6ffentlichung der Kommentare verwendet werden, mit der Zustimmung des Nutzers. Sie k\u00f6nnen Ihre Rechte in \u00dcbereinstimmung mit unserer Datenschutzbestimmungen aus\u00fcben             <a href=\"https:\/\/www.pilgrim.es\/politica-de-privacidad\/\" target=\"_blank\" rel=\"noopener noreferrer nofollow\">Datenschutzerkl\u00e4rung.<\/a>\n        <\/span>\n    <\/div>\n\n    <div class=\"form-submit\">\n        <button id=\"planner--client-create\" type=\"submit\">Anfrage senden<\/button>\n        <div class=\"loadingDiv\"><i class=\"p-spinner\"><\/i><\/div>\n    <\/div>\n\n    <div class=\"contact-content-form-success\">\n        <p><i class=\"fas fa-check\"><\/i> Das Formular hat sich erfolgreich gesendet.<\/p>\n    <\/div>\n\n    <div class=\"contact-content-form-error\">\n        <span class=\"input-error\"><\/span>\n    <\/div>\n<\/form>        <\/div>\n    <\/section>\n<\/div>\n\n\t\t<div id=\"recomendationSection\">\n\t\t\t<div>\n\t\t\t\t<h2 class=\"p-h2-town\">Empfohlen<\/h2>\n\t\t\t\t<hr>\n\t\t\t\t<h3 class=\"p-h3-town\">Gastronomie<\/h3>\n\t\t\t<\/div>\n\t\t\tDie Gastronomie der Stadt Barcelos ist eng mit dem gebratenen Hahn verbunden, zu dessen Ehren sogar ein Fest veranstaltet wird.\n\nWeitere traditionelle Gerichte sind Raketen, Sarrabulho-Kartoffeln, auf dem Stein gegrillter Oktopus, gebratener und gegrillter Kabeljau, Pica Arroz Piso und gr\u00fcne Suppe.\n\nAuf der s\u00fc\u00dfen Seite gibt es Cr\u00e8me de leche, Pudding, Ecleres, Pilgerbonbons und franz\u00f6sisches Brot aus dem Minho. Und schlie\u00dflich sollten Sie daran denken, dass zu jeder Mahlzeit ein guter lokaler Verde-Wein getrunken werden sollte.\n\t\t<\/div>\n\n\n\t\t\n\t\t\t<div id=\"holidaysSection\">\n\t\t\t\t<div>\n\t\t\t\t\t<h2 class=\"p-h2-town\">Empfohlen<\/h2>\n\t\t\t\t\t<hr>\n\t\t\t\t\t<h3 class=\"p-h3-town\">Feste und Pilgerfahrten<\/h3>\n\t\t\t\t<\/div>\n\t\t\t\t<div class=\"grid holidays-grid\">\n\t\t\t\t\t\n\t\t\t\t\t\t<div>\n\t\t\t\t\t\t\t<div class=\"phone-number-item\">\n\t\t\t\t\t\t\t\t<div class=\"phone-number-item__icon\"><i class=\"icon-holiday\"><\/i><\/div>\n\t\t\t\t\t\t\t\t<div class=\"phone-number-item__title dark-text\">\n\t\t\t\t\t\t\t\t\t<p class=\"p-font-bold\">Lokaler Urlaub<\/p>\n\t\t\t\t\t\t\t\t\t<p>Cada jueves: Mayor y m\u00e1s antiguo mercado al aire libre<\/p>\n\t\t\t\t\t\t\t\t<\/div>\n\t\t\t\t\t\t\t<\/div>\n\t\t\t\t\t\t<\/div>\n\t\t\t\t\t\n\t\t\t\t\t\t<div>\n\t\t\t\t\t\t\t<div class=\"phone-number-item\">\n\t\t\t\t\t\t\t\t<div class=\"phone-number-item__icon\"><i class=\"icon-holiday\"><\/i><\/div>\n\t\t\t\t\t\t\t\t<div class=\"phone-number-item__title dark-text\">\n\t\t\t\t\t\t\t\t\t<p class=\"p-font-bold\">Lokaler Urlaub<\/p>\n\t\t\t\t\t\t\t\t\t<p>El tercer fin de semana de Octubre: Fiesta del Gallo<\/p>\n\t\t\t\t\t\t\t\t<\/div>\n\t\t\t\t\t\t\t<\/div>\n\t\t\t\t\t\t<\/div>\n\t\t\t\t\t\n\t\t\t\t\t\t<div>\n\t\t\t\t\t\t\t<div class=\"phone-number-item\">\n\t\t\t\t\t\t\t\t<div class=\"phone-number-item__icon\"><i class=\"icon-holiday\"><\/i><\/div>\n\t\t\t\t\t\t\t\t<div class=\"phone-number-item__title dark-text\">\n\t\t\t\t\t\t\t\t\t<p class=\"p-font-bold\">Lokaler Urlaub<\/p>\n\t\t\t\t\t\t\t\t\t<p>\u00daltimo fin de semana de Julio: Festival de Folclore<\/p>\n\t\t\t\t\t\t\t\t<\/div>\n\t\t\t\t\t\t\t<\/div>\n\t\t\t\t\t\t<\/div>\n\t\t\t\t\t\n\t\t\t\t<\/div>\n\t\t\t<\/div>\n\t\t\n\t<\/div>\n<\/section>\n\n<div id=\"stage_list_section\"><div class=\"stage-list\">\n    <div class='stage-list__map-card'>\n        <div class='stage-list__map-card__map'>\n            <div class='stage-list__map-card__map__text'>\n                <h2> Pages <\/h2>\n                <p> Zu Fu\u00df<\/p>\n                <p> 0etappen<\/p>\n            <\/div>\n            <div class='stage-list__map-card__map__img'>\n                <img decoding=\"async\" src=\"\" alt=\" mapa \" \/>\n            <\/div>\n        <\/div>\n    <\/div>\n\n    <\/div>\n<\/div> ","protected":false},"excerpt":{"rendered":"<p>Barcelos &#8249; Zur\u00fcck zur B\u00fchne Barcelos Einwohner: 120.391 aprox. Bundesland: Informationen Get to know Barcelos Die Stadt Barcelos ist auf ganz besondere Weise mit dem traditionellen bunten Schopfhahn verbunden, der zwar ein Symbol f\u00fcr das ganze Land ist, aber als Identit\u00e4tssiegel seinen Ursprung in dieser Stadt hat. Au\u00dferdem beherbergt sie eine gro\u00dfe Anzahl von Denkm\u00e4lern &hellip; <\/p>\n<p class=\"read_more\"><a href=\"https:\/\/www.pilgrim.es\/de\/portugiesischer-weg\/barcelos\/\">Leer m\u00e1s<\/a><\/p>\n","protected":false},"author":0,"featured_media":1924,"parent":10665,"menu_order":0,"comment_status":"closed","ping_status":"closed","template":"views\/template-new-web-design.blade.php","meta":{"footnotes":""},"categories":[],"tags":[],"class_list":["post-91210","page","type-page","status-publish","has-post-thumbnail","hentry"],"yoast_head":"<!-- This site is optimized with the Yoast SEO plugin v27.4 - https:\/\/yoast.com\/product\/yoast-seo-wordpress\/ -->\n<title>Barcelos: Was sehen und wo \u00fcbernachten | Jakobsweg | Pilgrim<\/title>\n<meta name=\"description\" content=\"Barcelos Entdecken Sie alle Informationen \u00fcber Unterk\u00fcnfte, Anreise, Gastronomie und die wichtigsten Sehensw\u00fcrdigkeiten der Orte am Portugiesischer Weg\" \/>\n<meta name=\"robots\" content=\"index, follow, max-snippet:-1, max-image-preview:large, max-video-preview:-1\" \/>\n<link rel=\"canonical\" href=\"https:\/\/www.pilgrim.es\/de\/portugiesischer-weg\/barcelos\/\" \/>\n<meta property=\"og:locale\" content=\"de_DE\" \/>\n<meta property=\"og:type\" content=\"article\" \/>\n<meta property=\"og:title\" content=\"Barcelos: Was sehen und wo \u00fcbernachten | Jakobsweg | Pilgrim\" \/>\n<meta property=\"og:description\" content=\"Barcelos Entdecken Sie alle Informationen \u00fcber Unterk\u00fcnfte, Anreise, Gastronomie und die wichtigsten Sehensw\u00fcrdigkeiten der Orte am Portugiesischer Weg\" \/>\n<meta property=\"og:url\" content=\"https:\/\/www.pilgrim.es\/de\/portugiesischer-weg\/barcelos\/\" \/>\n<meta property=\"og:site_name\" content=\"Pilgrim\" \/>\n<meta property=\"article:publisher\" content=\"https:\/\/www.facebook.com\/pilgrim.es\/\" \/>\n<meta property=\"og:image\" content=\"https:\/\/www.pilgrim.es\/wp-content\/uploads\/2019\/02\/barcelos1-520x370.jpg\" \/>\n\t<meta property=\"og:image:width\" content=\"520\" \/>\n\t<meta property=\"og:image:height\" content=\"370\" \/>\n\t<meta property=\"og:image:type\" content=\"image\/jpeg\" \/>\n<meta name=\"twitter:card\" content=\"summary_large_image\" \/>\n<meta name=\"twitter:site\" content=\"@pilgrim_es\" \/>\n<meta name=\"twitter:label1\" content=\"Gesch\u00e4tzte Lesezeit\" \/>\n\t<meta name=\"twitter:data1\" content=\"10\u00a0Minuten\" \/>\n<script type=\"application\/ld+json\" class=\"yoast-schema-graph\">{\"@context\":\"https:\\\/\\\/schema.org\",\"@graph\":[{\"@type\":\"WebPage\",\"@id\":\"https:\\\/\\\/www.pilgrim.es\\\/de\\\/portugiesischer-weg\\\/barcelos\\\/\",\"url\":\"https:\\\/\\\/www.pilgrim.es\\\/de\\\/portugiesischer-weg\\\/barcelos\\\/\",\"name\":\"Barcelos: Was sehen und wo \u00fcbernachten | Jakobsweg | Pilgrim\",\"isPartOf\":{\"@id\":\"https:\\\/\\\/www.pilgrim.es\\\/de\\\/#website\"},\"primaryImageOfPage\":{\"@id\":\"https:\\\/\\\/www.pilgrim.es\\\/de\\\/portugiesischer-weg\\\/barcelos\\\/#primaryimage\"},\"image\":{\"@id\":\"https:\\\/\\\/www.pilgrim.es\\\/de\\\/portugiesischer-weg\\\/barcelos\\\/#primaryimage\"},\"thumbnailUrl\":\"https:\\\/\\\/www.pilgrim.es\\\/wp-content\\\/uploads\\\/2019\\\/02\\\/barcelos1-520x370.jpg\",\"datePublished\":\"2025-03-17T14:02:33+00:00\",\"description\":\"Barcelos Entdecken Sie alle Informationen \u00fcber Unterk\u00fcnfte, Anreise, Gastronomie und die wichtigsten Sehensw\u00fcrdigkeiten der Orte am Portugiesischer Weg\",\"breadcrumb\":{\"@id\":\"https:\\\/\\\/www.pilgrim.es\\\/de\\\/portugiesischer-weg\\\/barcelos\\\/#breadcrumb\"},\"inLanguage\":\"de\",\"potentialAction\":[{\"@type\":\"ReadAction\",\"target\":[\"https:\\\/\\\/www.pilgrim.es\\\/de\\\/portugiesischer-weg\\\/barcelos\\\/\"]}]},{\"@type\":\"ImageObject\",\"inLanguage\":\"de\",\"@id\":\"https:\\\/\\\/www.pilgrim.es\\\/de\\\/portugiesischer-weg\\\/barcelos\\\/#primaryimage\",\"url\":\"https:\\\/\\\/www.pilgrim.es\\\/wp-content\\\/uploads\\\/2019\\\/02\\\/barcelos1-520x370.jpg\",\"contentUrl\":\"https:\\\/\\\/www.pilgrim.es\\\/wp-content\\\/uploads\\\/2019\\\/02\\\/barcelos1-520x370.jpg\",\"width\":520,\"height\":370,\"caption\":\"Barcelos\"},{\"@type\":\"BreadcrumbList\",\"@id\":\"https:\\\/\\\/www.pilgrim.es\\\/de\\\/portugiesischer-weg\\\/barcelos\\\/#breadcrumb\",\"itemListElement\":[{\"@type\":\"ListItem\",\"position\":1,\"name\":\"Camino de Santiago\",\"item\":\"https:\\\/\\\/www.pilgrim.es\\\/de\\\/\"},{\"@type\":\"ListItem\",\"position\":2,\"name\":\"Portugiesischer Weg\",\"item\":\"https:\\\/\\\/www.pilgrim.es\\\/de\\\/portugiesischer-weg\\\/\"},{\"@type\":\"ListItem\",\"position\":3,\"name\":\"Barcelos\"}]},{\"@type\":\"WebSite\",\"@id\":\"https:\\\/\\\/www.pilgrim.es\\\/de\\\/#website\",\"url\":\"https:\\\/\\\/www.pilgrim.es\\\/de\\\/\",\"name\":\"Pilgrim\",\"description\":\"Camino de Santiago | Caminamos Contigo\",\"publisher\":{\"@id\":\"https:\\\/\\\/www.pilgrim.es\\\/de\\\/#organization\"},\"potentialAction\":[{\"@type\":\"SearchAction\",\"target\":{\"@type\":\"EntryPoint\",\"urlTemplate\":\"https:\\\/\\\/www.pilgrim.es\\\/de\\\/?s={search_term_string}\"},\"query-input\":{\"@type\":\"PropertyValueSpecification\",\"valueRequired\":true,\"valueName\":\"search_term_string\"}}],\"inLanguage\":\"de\"},{\"@type\":\"Organization\",\"@id\":\"https:\\\/\\\/www.pilgrim.es\\\/de\\\/#organization\",\"name\":\"Pilgrim Camino de Santiago\",\"url\":\"https:\\\/\\\/www.pilgrim.es\\\/de\\\/\",\"logo\":{\"@type\":\"ImageObject\",\"inLanguage\":\"de\",\"@id\":\"https:\\\/\\\/www.pilgrim.es\\\/de\\\/#\\\/schema\\\/logo\\\/image\\\/\",\"url\":\"https:\\\/\\\/www.pilgrim.es\\\/wp-content\\\/uploads\\\/2019\\\/04\\\/logo_pilgrim.png\",\"contentUrl\":\"https:\\\/\\\/www.pilgrim.es\\\/wp-content\\\/uploads\\\/2019\\\/04\\\/logo_pilgrim.png\",\"width\":512,\"height\":512,\"caption\":\"Pilgrim Camino de Santiago\"},\"image\":{\"@id\":\"https:\\\/\\\/www.pilgrim.es\\\/de\\\/#\\\/schema\\\/logo\\\/image\\\/\"},\"sameAs\":[\"https:\\\/\\\/www.facebook.com\\\/pilgrim.es\\\/\",\"https:\\\/\\\/x.com\\\/pilgrim_es\",\"https:\\\/\\\/www.instagram.com\\\/pilgrim.es\\\/\",\"https:\\\/\\\/www.linkedin.com\\\/company\\\/pilgrim-camino-de-santiago\\\/\",\"https:\\\/\\\/www.pinterest.es\\\/pilgrimcaminodesantiago\\\/\",\"https:\\\/\\\/www.youtube.com\\\/channel\\\/UCIv2ZzFLXVqthkNF32rKedw\\\/featured\"]}]}<\/script>\n<!-- \/ Yoast SEO plugin. -->","yoast_head_json":{"title":"Barcelos: Was sehen und wo \u00fcbernachten | Jakobsweg | Pilgrim","description":"Barcelos Entdecken Sie alle Informationen \u00fcber Unterk\u00fcnfte, Anreise, Gastronomie und die wichtigsten Sehensw\u00fcrdigkeiten der Orte am Portugiesischer Weg","robots":{"index":"index","follow":"follow","max-snippet":"max-snippet:-1","max-image-preview":"max-image-preview:large","max-video-preview":"max-video-preview:-1"},"canonical":"https:\/\/www.pilgrim.es\/de\/portugiesischer-weg\/barcelos\/","og_locale":"de_DE","og_type":"article","og_title":"Barcelos: Was sehen und wo \u00fcbernachten | Jakobsweg | Pilgrim","og_description":"Barcelos Entdecken Sie alle Informationen \u00fcber Unterk\u00fcnfte, Anreise, Gastronomie und die wichtigsten Sehensw\u00fcrdigkeiten der Orte am Portugiesischer Weg","og_url":"https:\/\/www.pilgrim.es\/de\/portugiesischer-weg\/barcelos\/","og_site_name":"Pilgrim","article_publisher":"https:\/\/www.facebook.com\/pilgrim.es\/","og_image":[{"width":520,"height":370,"url":"https:\/\/www.pilgrim.es\/wp-content\/uploads\/2019\/02\/barcelos1-520x370.jpg","type":"image\/jpeg"}],"twitter_card":"summary_large_image","twitter_site":"@pilgrim_es","twitter_misc":{"Gesch\u00e4tzte Lesezeit":"10\u00a0Minuten"},"schema":{"@context":"https:\/\/schema.org","@graph":[{"@type":"WebPage","@id":"https:\/\/www.pilgrim.es\/de\/portugiesischer-weg\/barcelos\/","url":"https:\/\/www.pilgrim.es\/de\/portugiesischer-weg\/barcelos\/","name":"Barcelos: Was sehen und wo \u00fcbernachten | Jakobsweg | Pilgrim","isPartOf":{"@id":"https:\/\/www.pilgrim.es\/de\/#website"},"primaryImageOfPage":{"@id":"https:\/\/www.pilgrim.es\/de\/portugiesischer-weg\/barcelos\/#primaryimage"},"image":{"@id":"https:\/\/www.pilgrim.es\/de\/portugiesischer-weg\/barcelos\/#primaryimage"},"thumbnailUrl":"https:\/\/www.pilgrim.es\/wp-content\/uploads\/2019\/02\/barcelos1-520x370.jpg","datePublished":"2025-03-17T14:02:33+00:00","description":"Barcelos Entdecken Sie alle Informationen \u00fcber Unterk\u00fcnfte, Anreise, Gastronomie und die wichtigsten Sehensw\u00fcrdigkeiten der Orte am Portugiesischer Weg","breadcrumb":{"@id":"https:\/\/www.pilgrim.es\/de\/portugiesischer-weg\/barcelos\/#breadcrumb"},"inLanguage":"de","potentialAction":[{"@type":"ReadAction","target":["https:\/\/www.pilgrim.es\/de\/portugiesischer-weg\/barcelos\/"]}]},{"@type":"ImageObject","inLanguage":"de","@id":"https:\/\/www.pilgrim.es\/de\/portugiesischer-weg\/barcelos\/#primaryimage","url":"https:\/\/www.pilgrim.es\/wp-content\/uploads\/2019\/02\/barcelos1-520x370.jpg","contentUrl":"https:\/\/www.pilgrim.es\/wp-content\/uploads\/2019\/02\/barcelos1-520x370.jpg","width":520,"height":370,"caption":"Barcelos"},{"@type":"BreadcrumbList","@id":"https:\/\/www.pilgrim.es\/de\/portugiesischer-weg\/barcelos\/#breadcrumb","itemListElement":[{"@type":"ListItem","position":1,"name":"Camino de Santiago","item":"https:\/\/www.pilgrim.es\/de\/"},{"@type":"ListItem","position":2,"name":"Portugiesischer Weg","item":"https:\/\/www.pilgrim.es\/de\/portugiesischer-weg\/"},{"@type":"ListItem","position":3,"name":"Barcelos"}]},{"@type":"WebSite","@id":"https:\/\/www.pilgrim.es\/de\/#website","url":"https:\/\/www.pilgrim.es\/de\/","name":"Pilgrim","description":"Camino de Santiago | Caminamos Contigo","publisher":{"@id":"https:\/\/www.pilgrim.es\/de\/#organization"},"potentialAction":[{"@type":"SearchAction","target":{"@type":"EntryPoint","urlTemplate":"https:\/\/www.pilgrim.es\/de\/?s={search_term_string}"},"query-input":{"@type":"PropertyValueSpecification","valueRequired":true,"valueName":"search_term_string"}}],"inLanguage":"de"},{"@type":"Organization","@id":"https:\/\/www.pilgrim.es\/de\/#organization","name":"Pilgrim Camino de Santiago","url":"https:\/\/www.pilgrim.es\/de\/","logo":{"@type":"ImageObject","inLanguage":"de","@id":"https:\/\/www.pilgrim.es\/de\/#\/schema\/logo\/image\/","url":"https:\/\/www.pilgrim.es\/wp-content\/uploads\/2019\/04\/logo_pilgrim.png","contentUrl":"https:\/\/www.pilgrim.es\/wp-content\/uploads\/2019\/04\/logo_pilgrim.png","width":512,"height":512,"caption":"Pilgrim Camino de Santiago"},"image":{"@id":"https:\/\/www.pilgrim.es\/de\/#\/schema\/logo\/image\/"},"sameAs":["https:\/\/www.facebook.com\/pilgrim.es\/","https:\/\/x.com\/pilgrim_es","https:\/\/www.instagram.com\/pilgrim.es\/","https:\/\/www.linkedin.com\/company\/pilgrim-camino-de-santiago\/","https:\/\/www.pinterest.es\/pilgrimcaminodesantiago\/","https:\/\/www.youtube.com\/channel\/UCIv2ZzFLXVqthkNF32rKedw\/featured"]}]}},"_links":{"self":[{"href":"https:\/\/www.pilgrim.es\/de\/wp-json\/wp\/v2\/pages\/91210","targetHints":{"allow":["GET"]}}],"collection":[{"href":"https:\/\/www.pilgrim.es\/de\/wp-json\/wp\/v2\/pages"}],"about":[{"href":"https:\/\/www.pilgrim.es\/de\/wp-json\/wp\/v2\/types\/page"}],"replies":[{"embeddable":true,"href":"https:\/\/www.pilgrim.es\/de\/wp-json\/wp\/v2\/comments?post=91210"}],"version-history":[{"count":0,"href":"https:\/\/www.pilgrim.es\/de\/wp-json\/wp\/v2\/pages\/91210\/revisions"}],"up":[{"embeddable":true,"href":"https:\/\/www.pilgrim.es\/de\/wp-json\/wp\/v2\/pages\/10665"}],"wp:featuredmedia":[{"embeddable":true,"href":"https:\/\/www.pilgrim.es\/de\/wp-json\/wp\/v2\/media\/1924"}],"wp:attachment":[{"href":"https:\/\/www.pilgrim.es\/de\/wp-json\/wp\/v2\/media?parent=91210"}],"wp:term":[{"taxonomy":"category","embeddable":true,"href":"https:\/\/www.pilgrim.es\/de\/wp-json\/wp\/v2\/categories?post=91210"},{"taxonomy":"post_tag","embeddable":true,"href":"https:\/\/www.pilgrim.es\/de\/wp-json\/wp\/v2\/tags?post=91210"}],"curies":[{"name":"wp","href":"https:\/\/api.w.org\/{rel}","templated":true}]}}