{"id":91204,"date":"2025-03-17T14:00:32","date_gmt":"2025-03-17T14:00:32","guid":{"rendered":"https:\/\/www.pilgrim.es\/portugiesischer-weg\/porto\/"},"modified":"2025-03-17T14:00:32","modified_gmt":"2025-03-17T14:00:32","slug":"porto","status":"publish","type":"page","link":"https:\/\/www.pilgrim.es\/de\/portugiesischer-weg\/porto\/","title":{"rendered":"Oporto"},"content":{"rendered":" <section id=\"hero\">\n\t<h1>Oporto<\/h1>\n\t<div class=\"hero-grid\">\n\t\t<div class=\"hero-grid__town-col\" data-background=\"https:\/\/cdn.pilgrim.es\/web\/caminos\/camino-portugues\/pueblos\/porto\/porto.jpg\">\n\t\t\t<div>\n\t\t\t\t<a class=\"link-to-stage\" href=\"https:\/\/www.pilgrim.es\/camino-portugues\/etapa-14-grijo-oporto\/\">\n\t\t\t\t\t<p>&#8249; Zur\u00fcck zur B\u00fchne<\/p>\n\t\t\t\t<\/a>\n\n\t\t\t\t<div class=\"town-data\">\n\t\t\t\t\t<h2>Oporto<\/h2>\n\t\t\t\t\t<ul>\n\t\t\t\t\t\t<li>Einwohner: 237.559 aprox.<\/li>\n\t\t\t\t\t\t<li>Bundesland: <\/li>\n\t\t\t\t\t<\/ul>\n\t\t\t\t<\/div>\n\t\t\t<\/div>\n\t\t<\/div>\n\t\t<div class=\"hero-grid__planner-col\"><div\r\n  class=\"p-col-span-1 p-rounded-lg p-px-5 p-h-full\"\r\n  style=\"background-image: url('https:\/\/cdn.pilgrim.es\/web\/pilgrim-planner\/bg-plugin-planificador.webp')\"\r\n  rel=\"preload\"\r\n  fetchpriority=\"high\"\r\n  >\r\n    <div class=\"p-text-center p-pt-5 p-text-white p-text-2xl p-font-semibold\">\r\n      Plane deinen Weg    <\/div>\r\n    <div\r\n            id='primary-app'\r\n            data-name='banner'\r\n            data-api='https:\/\/pathfinder.pilgrim.es\/api\/pathfinder\/v2'\r\n            data-mode='normal'\r\n            data-lang='de'\r\n            data-route='1'\r\n            data-destiny='https:\/\/planificador.pilgrim.es'\r\n            data-modality='1'\r\n            data-inline=''\r\n        ><\/div><\/div><\/div>\n\t<\/div>\n<\/section>\n\n<section id=\"infoTown\">\n\t<div class=\"sections-town\">\n\n\t\t<div id=\"informationSection\">\n\t\t\t<div>\n\t\t\t\t<h2 class=\"p-h2-town\">Informationen<\/h2>\n\t\t\t\t<hr>\n\t\t\t\t<h3 class=\"p-h3-town\">Get to know Oporto<\/h3>\n\t\t\t<\/div>\n\t\t\t<p>Oporto ist nach der Hauptstadt Lissabon die zweitwichtigste Stadt Portugals. Wie die meisten St\u00e4dte verf\u00fcgt sie \u00fcber ein umfangreiches historisches Erbe und wurde von der UNESCO zum Weltkulturerbe erkl\u00e4rt.<\/p> <p>Oporto ist der Ausgangspunkt f\u00fcr viele Pilger auf dem Camino; der Ausweis kann in der Kathedrale erworben werden. So wird es dem Wanderer an diesem Punkt an nichts fehlen.\n\t\t<\/div>\n\n\t\t<div id=\"locationSection\">\n\t\t\t<div>\n\t\t\t\t<h2 class=\"p-h2-town\">Standort<\/h2>\n\t\t\t\t<hr>\n\t\t\t\t<h3 class=\"p-h3-town\">Wegbeschreibung<\/h3>\n\t\t\t<\/div>\n\t\t\t<p>Die Stadt wird von Hauptstra\u00dfen wie der A-1, die Lissabon und Porto verbindet, der A-3, die Porto mit der galicischen Grenze verbindet, sowie der Autobahn A-28, der A-4, die Matosinhos mit Amarante verbindet, und der A-41, die Porto mit der Algarve verbindet, erschlossen. Au\u00dferdem f\u00fchren mehrere Nationalstra\u00dfen, Nebenstra\u00dfen und Ringstra\u00dfen in die Stadt.\n\n<p>Wenn Sie die Stadt von Spanien aus mit dem Zug erreichen wollen, ist die schnellste M\u00f6glichkeit die von Vigo aus, sie dauert nur zwei Stunden und es gibt mehrere t\u00e4gliche Linien. Von allen anderen Orten des Landes fahren die Z\u00fcge nach Lissabon und von dort aus mit einem anderen Zug nach Porto.\n\n<p>Der Busbahnhof bietet regelm\u00e4\u00dfige Verbindungen von verschiedenen Orten Spaniens aus, die die gesamte Halbinsel miteinander verbinden. Au\u00dferdem verf\u00fcgt die Stadt \u00fcber einen Flughafen mit einem breiten Netz von nationalen und internationalen Fluggesellschaften. Und schlie\u00dflich k\u00f6nnen Sie Porto mit dem Schiff auf einer Flusskreuzfahrt auf dem Douro erreichen.\n\t\t\t<div>\n\t\t\t\t<div>\n  <iframe loading=\"lazy\"\n    src=\"https:\/\/www.google.com\/maps\/d\/embed?mid=1GvJGkxANvZM4Hu-eOsb2eH_pZJxH080&amp;ehbc=2E312F\"\n    width=\"640\"\n    height=\"480\"\n    alt=\"Mapa Oporto\"\n  ><\/iframe>\n<\/div>\n\n\t\t\t<\/div>\n\t\t<\/div>\n\n\t\t\n\t\t\t<div id=\"toVisitSection\">\n\t\t\t\t<div>\n\t\t\t\t\t<h2 class=\"p-h2-town\">Geschichte \/ Kultur<\/h2>\n\t\t\t\t\t<hr>\n\t\t\t\t\t<h3 class=\"p-h3-town\">Was es zu sehen gibt<\/h3>\n\t\t\t\t<\/div>\n\t\t\t\t<div>\n\t\t\t\t\t<div class=\"accordion\">\n\t\t\t\t\t\t<div class=\"accordion__menu\">\n\t\t\t\t\t\t\t<nav>\n\t\t\t\t\t\t\t\t\n\t\t\t\t\t\t\t\t\t<button class=\"nav-tab-accordion active\"><span>&#10093;<\/span><span> Puente Mar\u00eda P\u00eda<\/span><\/button>\n\t\t\t\t\t\t\t\t\n\t\t\t\t\t\t\t\t\t<button class=\"nav-tab-accordion \"><span>&#10093;<\/span><span> Puente do Infante<\/span><\/button>\n\t\t\t\t\t\t\t\t\n\t\t\t\t\t\t\t\t\t<button class=\"nav-tab-accordion \"><span>&#10093;<\/span><span> Puente do Freixo<\/span><\/button>\n\t\t\t\t\t\t\t\t\n\t\t\t\t\t\t\t\t\t<button class=\"nav-tab-accordion \"><span>&#10093;<\/span><span> Puente da Arr\u00e1bida<\/span><\/button>\n\t\t\t\t\t\t\t\t\n\t\t\t\t\t\t\t\t\t<button class=\"nav-tab-accordion \"><span>&#10093;<\/span><span> Plaza da Liberdade<\/span><\/button>\n\t\t\t\t\t\t\t\t\n\t\t\t\t\t\t\t\t\t<button class=\"nav-tab-accordion \"><span>&#10093;<\/span><span> Catedral de la S\u00e9<\/span><\/button>\n\t\t\t\t\t\t\t\t\n\t\t\t\t\t\t\t\t\t<button class=\"nav-tab-accordion \"><span>&#10093;<\/span><span> Palacio da Bolsa<\/span><\/button>\n\t\t\t\t\t\t\t\t\n\t\t\t\t\t\t\t\t\t<button class=\"nav-tab-accordion \"><span>&#10093;<\/span><span> Museo Nacional Soares dos Reis<\/span><\/button>\n\t\t\t\t\t\t\t\t\n\t\t\t\t\t\t\t\t\t<button class=\"nav-tab-accordion \"><span>&#10093;<\/span><span> Museo do Vinho do Porto<\/span><\/button>\n\t\t\t\t\t\t\t\t\n\t\t\t\t\t\t\t\t\t<button class=\"nav-tab-accordion \"><span>&#10093;<\/span><span> Museo do Carro El\u00e9ctrico<\/span><\/button>\n\t\t\t\t\t\t\t\t\n\t\t\t\t\t\t\t\t\t<button class=\"nav-tab-accordion \"><span>&#10093;<\/span><span> Museo do Papel Moeda<\/span><\/button>\n\t\t\t\t\t\t\t\t\n\t\t\t\t\t\t\t\t\t<button class=\"nav-tab-accordion \"><span>&#10093;<\/span><span> Museo de Arte Sacra<\/span><\/button>\n\t\t\t\t\t\t\t\t\n\t\t\t\t\t\t\t\t\t<button class=\"nav-tab-accordion \"><span>&#10093;<\/span><span> Museo da Miseric\u00f3rdia<\/span><\/button>\n\t\t\t\t\t\t\t\t\n\t\t\t\t\t\t\t\t\t<button class=\"nav-tab-accordion \"><span>&#10093;<\/span><span> Casa do Infante<\/span><\/button>\n\t\t\t\t\t\t\t\t\n\t\t\t\t\t\t\t\t\t<button class=\"nav-tab-accordion \"><span>&#10093;<\/span><span> Casa da M\u00fasica<\/span><\/button>\n\t\t\t\t\t\t\t\t\n\t\t\t\t\t\t\t\t\t<button class=\"nav-tab-accordion \"><span>&#10093;<\/span><span> Museo de Historia Natural<\/span><\/button>\n\t\t\t\t\t\t\t\t\n\t\t\t\t\t\t\t\t\t<button class=\"nav-tab-accordion \"><span>&#10093;<\/span><span> Mercado do Bolh\u00e3o<\/span><\/button>\n\t\t\t\t\t\t\t\t\n\t\t\t\t\t\t\t\t\t<button class=\"nav-tab-accordion \"><span>&#10093;<\/span><span> Puente Lu\u00eds I<\/span><\/button>\n\t\t\t\t\t\t\t\t\n\t\t\t\t\t\t\t\t\t<button class=\"nav-tab-accordion \"><span>&#10093;<\/span><span> Puente de S\u00e3o Jo\u00e3o<\/span><\/button>\n\t\t\t\t\t\t\t\t\n\t\t\t\t\t\t\t\t\t<button class=\"nav-tab-accordion \"><span>&#10093;<\/span><span> Museo Nacional da Imprensa<\/span><\/button>\n\t\t\t\t\t\t\t\t\n\t\t\t\t\t\t\t\t\t<button class=\"nav-tab-accordion \"><span>&#10093;<\/span><span> Museo Militar do Porto<\/span><\/button>\n\t\t\t\t\t\t\t\t\n\t\t\t\t\t\t\t\t\t<button class=\"nav-tab-accordion \"><span>&#10093;<\/span><span> Museo da Industria<\/span><\/button>\n\t\t\t\t\t\t\t\t\n\t\t\t\t\t\t\t\t\t<button class=\"nav-tab-accordion \"><span>&#10093;<\/span><span> Librer\u00eda Lello e Irm\u00e3o<\/span><\/button>\n\t\t\t\t\t\t\t\t\n\t\t\t\t\t\t\t\t\t<button class=\"nav-tab-accordion \"><span>&#10093;<\/span><span> Jardines do Pal\u00e1cio de Cristal<\/span><\/button>\n\t\t\t\t\t\t\t\t\n\t\t\t\t\t\t\t\t\t<button class=\"nav-tab-accordion \"><span>&#10093;<\/span><span> Iglesia y Torre dos Cl\u00e9rigos<\/span><\/button>\n\t\t\t\t\t\t\t\t\n\t\t\t\t\t\t\t\t\t<button class=\"nav-tab-accordion \"><span>&#10093;<\/span><span> Iglesia de S\u00e3o Loren\u00e7o dos Grilos<\/span><\/button>\n\t\t\t\t\t\t\t\t\n\t\t\t\t\t\t\t\t\t<button class=\"nav-tab-accordion \"><span>&#10093;<\/span><span> Iglesia de S\u00e3o Francisco<\/span><\/button>\n\t\t\t\t\t\t\t\t\n\t\t\t\t\t\t\t\t\t<button class=\"nav-tab-accordion \"><span>&#10093;<\/span><span> Gabinete de Numism\u00e1tica<\/span><\/button>\n\t\t\t\t\t\t\t\t\n\t\t\t\t\t\t\t\t\t<button class=\"nav-tab-accordion \"><span>&#10093;<\/span><span> Forte de S\u00e3o Francisco Xavier do Queijo<\/span><\/button>\n\t\t\t\t\t\t\t\t\n\t\t\t\t\t\t\t\t\t<button class=\"nav-tab-accordion \"><span>&#10093;<\/span><span> Estaci\u00f3n S\u00e3o Bento<\/span><\/button>\n\t\t\t\t\t\t\t\t\n\t\t\t\t\t\t\t\t\t<button class=\"nav-tab-accordion \"><span>&#10093;<\/span><span> Casa Museo Marta Ortig\u00e3o Sampaio<\/span><\/button>\n\t\t\t\t\t\t\t\t\n\t\t\t\t\t\t\t\t\t<button class=\"nav-tab-accordion \"><span>&#10093;<\/span><span> Casa Museo Fernando de Castro<\/span><\/button>\n\t\t\t\t\t\t\t\t\n\t\t\t\t\t\t\t\t\t<button class=\"nav-tab-accordion \"><span>&#10093;<\/span><span> Fundaci\u00f3n Serralves<\/span><\/button>\n\t\t\t\t\t\t\t\t\n\t\t\t\t\t\t\t\t\t<button class=\"nav-tab-accordion \"><span>&#10093;<\/span><span> Museo dos Transportes e Comunica\u00e7\u00f5es<\/span><\/button>\n\t\t\t\t\t\t\t\t\n\t\t\t\t\t\t\t\t\t<button class=\"nav-tab-accordion \"><span>&#10093;<\/span><span> Bodegas Vinho Porto<\/span><\/button>\n\t\t\t\t\t\t\t\t\n\t\t\t\t\t\t\t<\/nav>\n\t\t\t\t\t\t<\/div>\n\n\t\t\t\t\t\t\n\t\t\t\t\t\t\t<div class=\"accordion__accordion-content \">\n\t\t\t\t\t\t\t\t<div>\n\t\t\t\t\t\t\t\t\t<div>\n\t\t\t\t\t\t\t\t\t\t<h4>Puente Mar\u00eda P\u00eda<\/h4>\n\t\t\t\t\t\t\t\t\t\t<p>Die Mar\u00eda-Pia-Br\u00fccke wurde zwischen 1876 und 1877 erbaut und f\u00fchrt \u00fcber den Douro. Sie gilt als die erste Bogenbr\u00fccke mit Eisenbahnanschluss, die die beiden Ufer des Douro verbindet. Seit 1991 ist diese Br\u00fccke nicht mehr in Betrieb, da parallel dazu die S\u00e3o-Jo\u00e3o-Br\u00fccke gebaut wurde. <\/p>\n\t\t\t\t\t\t\t\t\t<\/div>\n\t\t\t\t\t\t\t\t\t<img decoding=\"async\" src=\"https:\/\/cdn.pilgrim.es\/web\/caminos\/camino-portugues\/pueblos\/porto\/puntos-de-interes\/puente-maria-pia.jpg\" alt=\"Puente Mar\u00eda P\u00eda\">\n\t\t\t\t\t\t\t\t<\/div>\n\t\t\t\t\t\t\t<\/div>\n\t\t\t\t\t\t\n\t\t\t\t\t\t\t<div class=\"accordion__accordion-content inactive\">\n\t\t\t\t\t\t\t\t<div>\n\t\t\t\t\t\t\t\t\t<div>\n\t\t\t\t\t\t\t\t\t\t<h4>Puente do Infante<\/h4>\n\t\t\t\t\t\t\t\t\t\t<p>Die Infante-Br\u00fccke, die auch als Infante-Don-Enrique-Br\u00fccke bekannt ist, wurde 2003 gebaut, um Porto mit Vila Nova de Gaia \u00fcber den Fluss Douro zu verbinden. Die Struktur der Br\u00fccke besteht vollst\u00e4ndig aus Beton mit einem Oberdeck. In der Mitte der Br\u00fccke sind der Sturz und der Bogen miteinander verbunden, so dass ein rechteckiger Abschnitt entsteht. <\/p>\n\t\t\t\t\t\t\t\t\t<\/div>\n\t\t\t\t\t\t\t\t\t<img decoding=\"async\" src=\"https:\/\/cdn.pilgrim.es\/web\/caminos\/camino-portugues\/pueblos\/porto\/puntos-de-interes\/puente-do-infante.jpg\" alt=\"Puente do Infante\">\n\t\t\t\t\t\t\t\t<\/div>\n\t\t\t\t\t\t\t<\/div>\n\t\t\t\t\t\t\n\t\t\t\t\t\t\t<div class=\"accordion__accordion-content inactive\">\n\t\t\t\t\t\t\t\t<div>\n\t\t\t\t\t\t\t\t\t<div>\n\t\t\t\t\t\t\t\t\t\t<h4>Puente do Freixo<\/h4>\n\t\t\t\t\t\t\t\t\t\t<p>Die Freixo-Br\u00fccke ist eine der Br\u00fccken, die Porto seit ihrem Bau im Jahr 1980 mit Vila Nova de Gaia verbinden. Sie wurde gebaut, um die Staus auf den Br\u00fccken Arr\u00e1bida und Don Luis I zu verringern. Die Br\u00fccke ist in acht Felder unterteilt und hat acht Fahrspuren f\u00fcr den Verkehr.\n\t\t\t\t\t\t\t\t\t<\/div>\n\t\t\t\t\t\t\t\t\t<img decoding=\"async\" src=\"https:\/\/cdn.pilgrim.es\/web\/caminos\/camino-portugues\/pueblos\/porto\/puntos-de-interes\/puente-do-freixo.jpg\" alt=\"Puente do Freixo\">\n\t\t\t\t\t\t\t\t<\/div>\n\t\t\t\t\t\t\t<\/div>\n\t\t\t\t\t\t\n\t\t\t\t\t\t\t<div class=\"accordion__accordion-content inactive\">\n\t\t\t\t\t\t\t\t<div>\n\t\t\t\t\t\t\t\t\t<div>\n\t\t\t\t\t\t\t\t\t\t<h4>Puente da Arr\u00e1bida<\/h4>\n\t\t\t\t\t\t\t\t\t\t<p>Die Arr\u00e1bida-Br\u00fccke ist eine der sechs Br\u00fccken, die den Fluss Douro in Porto \u00fcberqueren und die Stadt mit Vila Nova de Gaia verbinden. Sie wurde zwischen 1957 und 1963 gebaut und galt damals als die gr\u00f6\u00dfte Stahlbetonbogenbr\u00fccke der Welt. Im Jahr 2013 wurde sie zum Nationaldenkmal erkl\u00e4rt.\n\t\t\t\t\t\t\t\t\t<\/div>\n\t\t\t\t\t\t\t\t\t<img decoding=\"async\" src=\"https:\/\/cdn.pilgrim.es\/web\/caminos\/camino-portugues\/pueblos\/porto\/puntos-de-interes\/puente-da-arrabida.jpg\" alt=\"Puente da Arr\u00e1bida\">\n\t\t\t\t\t\t\t\t<\/div>\n\t\t\t\t\t\t\t<\/div>\n\t\t\t\t\t\t\n\t\t\t\t\t\t\t<div class=\"accordion__accordion-content inactive\">\n\t\t\t\t\t\t\t\t<div>\n\t\t\t\t\t\t\t\t\t<div>\n\t\t\t\t\t\t\t\t\t\t<h4>Plaza da Liberdade<\/h4>\n\t\t\t\t\t\t\t\t\t\t<p>Die Pla\u00e7a da Liberdade ist der ber\u00fchmteste Platz in Porto, da er als Bindeglied zwischen der Altstadt und der Neustadt fungiert. In der Mitte des Platzes steht die Pferdestatue von K\u00f6nig Pedro IV., die 1862 errichtet wurde und durch ihre Spannweite von zehn Metern auff\u00e4llt. <\/p>\n\t\t\t\t\t\t\t\t\t<\/div>\n\t\t\t\t\t\t\t\t\t<img decoding=\"async\" src=\"https:\/\/cdn.pilgrim.es\/web\/caminos\/camino-portugues\/pueblos\/porto\/puntos-de-interes\/plaza-da-liberdade.jpg\" alt=\"Plaza da Liberdade\">\n\t\t\t\t\t\t\t\t<\/div>\n\t\t\t\t\t\t\t<\/div>\n\t\t\t\t\t\t\n\t\t\t\t\t\t\t<div class=\"accordion__accordion-content inactive\">\n\t\t\t\t\t\t\t\t<div>\n\t\t\t\t\t\t\t\t\t<div>\n\t\t\t\t\t\t\t\t\t\t<h4>Catedral de la S\u00e9<\/h4>\n\t\t\t\t\t\t\t\t\t\t<p>Die S\u00e9-Kathedrale von Porto ist das wichtigste religi\u00f6se Bauwerk der Stadt und gleichzeitig eine der \u00e4ltesten Kathedralen. Ihr Bau wurde in der Mitte des 12. Jahrhunderts im romanischen Stil begonnen. Jahrhunderts im romanischen Stil begonnen. Die Arbeiten wurden erst rund sechshundert Jahre sp\u00e4ter abgeschlossen, als sie zahlreiche Umbauten erfuhr und gotische und barocke Z\u00fcge aufwies. <\/p>\n\n<p>Au\u00dfenansicht<\/p>\n\n<p>Das erste, was beim Anblick der Kathedrale auff\u00e4llt, ist die gewaltige romanische Fassade, die mit ihren gro\u00dfen zinnenbewehrten Zwillingst\u00fcrmen ein festungsartiges Aussehen hat. Im Allgemeinen gibt es kaum Ornamente, obwohl die Rosette, die den Portikus der Kirche kr\u00f6nt, hervorsticht. <\/p>\n\t\t\t\t\t\t\t\t\t<\/div>\n\t\t\t\t\t\t\t\t\t<img decoding=\"async\" src=\"https:\/\/cdn.pilgrim.es\/web\/caminos\/camino-portugues\/pueblos\/porto\/puntos-de-interes\/catedral-de-la-se.jpg\" alt=\"Catedral de la S\u00e9\">\n\t\t\t\t\t\t\t\t<\/div>\n\t\t\t\t\t\t\t<\/div>\n\t\t\t\t\t\t\n\t\t\t\t\t\t\t<div class=\"accordion__accordion-content inactive\">\n\t\t\t\t\t\t\t\t<div>\n\t\t\t\t\t\t\t\t\t<div>\n\t\t\t\t\t\t\t\t\t\t<h4>Palacio da Bolsa<\/h4>\n\t\t\t\t\t\t\t\t\t\t<p>Der Pal\u00e1cio da Bolsa wurde von der UNESCO zum Weltkulturerbe erkl\u00e4rt. Er steht auf den Ruinen eines ehemaligen Klosters, das dem Franziskanerorden geh\u00f6rte. Mit seinem Bau wurde 1842 begonnen, doch eingeweiht wurde er erst ein halbes Jahrhundert sp\u00e4ter, 1891. Das Innere des Geb\u00e4udes ist im neoklassizistischen Stil gehalten und verf\u00fcgt \u00fcber einen zentralen Innenhof, den Patio de las Naciones (Hof der Nationen), der von einer Glaskonstruktion \u00fcberdacht ist, die den Palast beleuchtet. Im ersten Stock des Geb\u00e4udes befinden sich verschiedene R\u00e4ume, wie der mit Blattgold verkleidete Sala Dorada, der Sala de las Asambleas Generales und schlie\u00dflich der wichtigste, der Sala \u00c1rabe, dessen Bauweise von der Alhambra inspiriert wurde. <\/p>\n\t\t\t\t\t\t\t\t\t<\/div>\n\t\t\t\t\t\t\t\t\t<img decoding=\"async\" src=\"https:\/\/cdn.pilgrim.es\/web\/caminos\/camino-portugues\/pueblos\/porto\/puntos-de-interes\/palacio-da-bolsa.jpg\" alt=\"Palacio da Bolsa\">\n\t\t\t\t\t\t\t\t<\/div>\n\t\t\t\t\t\t\t<\/div>\n\t\t\t\t\t\t\n\t\t\t\t\t\t\t<div class=\"accordion__accordion-content inactive\">\n\t\t\t\t\t\t\t\t<div>\n\t\t\t\t\t\t\t\t\t<div>\n\t\t\t\t\t\t\t\t\t\t<h4>Museo Nacional Soares dos Reis<\/h4>\n\t\t\t\t\t\t\t\t\t\t<p>Das Nationalmuseum Soares dos Reis ist inhaltlich eines der gr\u00f6\u00dften Museen, denn seine Sammlungen reichen vom 17. bis zum fr\u00fchen 20. Jahrhundert. Es umfasst Skulpturen, Gem\u00e4lde, Kunsthandwerk, Goldschmiedearbeiten, die von Frauen getragen wurden, und so weiter. Die Ausstellungen sind in verschiedenen S\u00e4len untergebracht, die nach Jahrhunderten geordnet sind, mit Ausnahme eines weiteren Saals, der Wechselausstellungen enth\u00e4lt. Das Geb\u00e4ude, das dieses Museum beherbergt, ist der sogenannte Palacio das Carrancas, der im 18.\n\t\t\t\t\t\t\t\t\t<\/div>\n\t\t\t\t\t\t\t\t\t<img decoding=\"async\" src=\"https:\/\/cdn.pilgrim.es\/web\/caminos\/camino-portugues\/pueblos\/porto\/puntos-de-interes\/museo-nacional-soares-dos-reis.jpg\" alt=\"Museo Nacional Soares dos Reis\">\n\t\t\t\t\t\t\t\t<\/div>\n\t\t\t\t\t\t\t<\/div>\n\t\t\t\t\t\t\n\t\t\t\t\t\t\t<div class=\"accordion__accordion-content inactive\">\n\t\t\t\t\t\t\t\t<div>\n\t\t\t\t\t\t\t\t\t<div>\n\t\t\t\t\t\t\t\t\t\t<h4>Museo do Vinho do Porto<\/h4>\n\t\t\t\t\t\t\t\t\t\t<p>Das Museu do Vinho do Porto befindet sich im Erdgeschoss des Geb\u00e4udes Cais Novo. Urspr\u00fcnglich wurde es als Lager f\u00fcr die Weine der Allgemeinen Landwirtschaftlichen Gesellschaft der Weinberge des Alto Douro gebaut. Heute dient das Museum dazu, die Bedeutung des Portweins und seines Handels zu verbreiten. Im Inneren des Museums befinden sich drei S\u00e4le: die Stadt Porto, der Portwein und der Fluss Porto Douro.\n\t\t\t\t\t\t\t\t\t<\/div>\n\t\t\t\t\t\t\t\t\t<img decoding=\"async\" src=\"https:\/\/cdn.pilgrim.es\/web\/caminos\/camino-portugues\/pueblos\/porto\/puntos-de-interes\/museo-do-vinho-do-porto.jpg\" alt=\"Museo do Vinho do Porto\">\n\t\t\t\t\t\t\t\t<\/div>\n\t\t\t\t\t\t\t<\/div>\n\t\t\t\t\t\t\n\t\t\t\t\t\t\t<div class=\"accordion__accordion-content inactive\">\n\t\t\t\t\t\t\t\t<div>\n\t\t\t\t\t\t\t\t\t<div>\n\t\t\t\t\t\t\t\t\t\t<h4>Museo do Carro El\u00e9ctrico<\/h4>\n\t\t\t\t\t\t\t\t\t\t<p>Das Museo do Carro El\u00e9ctrico, auch bekannt als Stra\u00dfenbahnmuseum, befindet sich im Geb\u00e4ude des thermoelektrischen Kraftwerks von Porto. Das Museum beherbergt Sammlungen alter Stra\u00dfenbahnen und dient der Verbreitung dieser.\n\t\t\t\t\t\t\t\t\t<\/div>\n\t\t\t\t\t\t\t\t\t<img decoding=\"async\" src=\"https:\/\/cdn.pilgrim.es\/web\/caminos\/camino-portugues\/pueblos\/porto\/puntos-de-interes\/museo-do-carro-electrico.jpg\" alt=\"Museo do Carro El\u00e9ctrico\">\n\t\t\t\t\t\t\t\t<\/div>\n\t\t\t\t\t\t\t<\/div>\n\t\t\t\t\t\t\n\t\t\t\t\t\t\t<div class=\"accordion__accordion-content inactive\">\n\t\t\t\t\t\t\t\t<div>\n\t\t\t\t\t\t\t\t\t<div>\n\t\t\t\t\t\t\t\t\t\t<h4>Museo do Papel Moeda<\/h4>\n\t\t\t\t\t\t\t\t\t\t<p>Das Museo do Papel Moeda befindet sich in der Stiftung Doctor Ant\u00f3nio Cupertino. Es verf\u00fcgt \u00fcber zwei R\u00e4ume, die den st\u00e4ndigen Sammlungen gewidmet sind: in dem einen ist eine Vitrine mit Papiergeld zu sehen, in dem anderen werden Miniaturfiguren ausgestellt. Im ersten Raum wird die Geschichte des portugiesischen Papiergeldes mit einer gro\u00dfen Sammlung von Banknoten der Banco de Portugal und der Banco Nacional Ultramarino gezeigt, w\u00e4hrend im zweiten Raum mehr als 5000 Miniaturautos, Schiffe, Z\u00fcge und Flugzeuge ausgestellt werden. Dar\u00fcber hinaus verf\u00fcgt das Museum \u00fcber weitere digitale Infrastrukturen, die den Besuch abrunden.\n\t\t\t\t\t\t\t\t\t<\/div>\n\t\t\t\t\t\t\t\t\t<img decoding=\"async\" src=\"https:\/\/cdn.pilgrim.es\/web\/caminos\/camino-portugues\/pueblos\/porto\/puntos-de-interes\/museo-do-papel-moeda.jpg\" alt=\"Museo do Papel Moeda\">\n\t\t\t\t\t\t\t\t<\/div>\n\t\t\t\t\t\t\t<\/div>\n\t\t\t\t\t\t\n\t\t\t\t\t\t\t<div class=\"accordion__accordion-content inactive\">\n\t\t\t\t\t\t\t\t<div>\n\t\t\t\t\t\t\t\t\t<div>\n\t\t\t\t\t\t\t\t\t\t<h4>Museo de Arte Sacra<\/h4>\n\t\t\t\t\t\t\t\t\t\t<p>Das Museum f\u00fcr sakrale Kunst befindet sich im ehemaligen Colegio de San Lorenzo. Es handelt sich um eine sehr vielf\u00e4ltige Sammlung, die sich vor allem auf den religi\u00f6sen Schwerpunkt st\u00fctzt, wie der Irene Villar gewidmete Saal, in dem ausschlie\u00dflich Werke der K\u00fcnstlerin ausgestellt sind.\n\n<p>STUNDENDienstags bis samstags von 10:00 bis 13:00 Uhr und von 14:30 bis 17:00 UhrSonntags, montags und an Feiertagen geschlossen<\/p>\n\n<p>TARIFASTarifa allgemein 2,00\u20acGruppen von mehr als 5 Personen 1,00\u20ac pro Person<\/p>\n\t\t\t\t\t\t\t\t\t<\/div>\n\t\t\t\t\t\t\t\t\t<img decoding=\"async\" src=\"https:\/\/cdn.pilgrim.es\/web\/caminos\/camino-portugues\/pueblos\/porto\/puntos-de-interes\/museo-de-arte-sacra.jpg\" alt=\"Museo de Arte Sacra\">\n\t\t\t\t\t\t\t\t<\/div>\n\t\t\t\t\t\t\t<\/div>\n\t\t\t\t\t\t\n\t\t\t\t\t\t\t<div class=\"accordion__accordion-content inactive\">\n\t\t\t\t\t\t\t\t<div>\n\t\t\t\t\t\t\t\t\t<div>\n\t\t\t\t\t\t\t\t\t\t<h4>Museo da Miseric\u00f3rdia<\/h4>\n\t\t\t\t\t\t\t\t\t\t<p>Das Museo da Miseric\u00f3rdia beherbergt eine Sammlung institutioneller und religi\u00f6ser Kunstwerke, darunter Altarbilder und Altarskulpturen. Dieses Museumszentrum beherbergt die meisten Portr\u00e4ts in Portugal, fast 500. Unter den Exponaten befinden sich sakrale Kunst, Schmuck und nat\u00fcrlich das gr\u00f6\u00dfte Werk der fl\u00e4mischen Malerei, das Gem\u00e4lde &#8222;Fons Vitae&#8220;, das Colijn de Corter aus dem Jahr 1520 zugeschrieben wird.\n\t\t\t\t\t\t\t\t\t<\/div>\n\t\t\t\t\t\t\t\t\t<img decoding=\"async\" src=\"https:\/\/cdn.pilgrim.es\/web\/caminos\/camino-portugues\/pueblos\/porto\/puntos-de-interes\/museo-da-misericordia.jpg\" alt=\"Museo da Miseric\u00f3rdia\">\n\t\t\t\t\t\t\t\t<\/div>\n\t\t\t\t\t\t\t<\/div>\n\t\t\t\t\t\t\n\t\t\t\t\t\t\t<div class=\"accordion__accordion-content inactive\">\n\t\t\t\t\t\t\t\t<div>\n\t\t\t\t\t\t\t\t\t<div>\n\t\t\t\t\t\t\t\t\t\t<h4>Casa do Infante<\/h4>\n\t\t\t\t\t\t\t\t\t\t<p>In der Casa do Infante lebte der Infant Heinrich der Seefahrer um 1394. Das Geb\u00e4ude im mittelalterlichen Stil ist in drei Stockwerke unterteilt, in denen heute verschiedene Ausstellungen \u00fcber Mosaike und r\u00f6mische Fundamente zu sehen sind, die 2012 gefunden wurden. <\/p>\n\n<p>STUNDEN<\/p>\n\n<p>Dienstag bis Sonntag von 09:30 bis 13:00 Uhr und von 14:00 bis 17:30 Uhr Montags<\/p> <p>Geschlossen<\/p> <p>Dienstag bis Sonntag von 09:30 bis 13:00 Uhr und 14:00 bis 17:30 Uhr\n\n<p>Geb\u00fchren<\/p>\n\n<p>Erwachsene 2,20\u20ac Freier Eintritt mit Porto Card, sowie Samstags und Sonntags<\/p> <p>Samstags und Sonntags<\/p>\n\n<p>INFORMATIONEN VON INTERESSE<\/p>\n\n<p>Telefon: +351 222 060 400<\/p> <p>Telefonnummer: +351 222 060 400<\/p>\n\t\t\t\t\t\t\t\t\t<\/div>\n\t\t\t\t\t\t\t\t\t<img decoding=\"async\" src=\"https:\/\/cdn.pilgrim.es\/web\/caminos\/camino-portugues\/pueblos\/porto\/puntos-de-interes\/casa-do-infante.jpg\" alt=\"Casa do Infante\">\n\t\t\t\t\t\t\t\t<\/div>\n\t\t\t\t\t\t\t<\/div>\n\t\t\t\t\t\t\n\t\t\t\t\t\t\t<div class=\"accordion__accordion-content inactive\">\n\t\t\t\t\t\t\t\t<div>\n\t\t\t\t\t\t\t\t\t<div>\n\t\t\t\t\t\t\t\t\t\t<h4>Casa da M\u00fasica<\/h4>\n\t\t\t\t\t\t\t\t\t\t<p>Die Casa da M\u00fasica ist ein Konzertsaal, der im Jahr 2001 eingeweiht werden sollte, als Porto sich als Kulturhauptstadt Europas bewarb, aber schlie\u00dflich konnte er erst 2005 vorgestellt werden. Es f\u00e4llt durch seine besondere Form auf und gilt daher als eines der wichtigsten Wahrzeichen der Stadt.\n\n<p>STUNDEN<\/p>\n\n<p>Montag bis Samstag von 10:00 bis 19:00Sonntag von 10:00 bis 18:00<\/p> <p>Sonntag von 10:00 bis 18:00<\/p> <p>Samstag von 10:00 bis 19:00\n\n<p>Geb\u00fchren<\/p>\n\n<p>F\u00fchrung 5\u20acFrei f\u00fcr Kinder unter 12 Jahren<\/p> <p>Frei f\u00fcr Kinder unter 12 Jahren<\/p> <p>Kostenlos<\/p> <p>Frei f\u00fcr Kinder unter 12 Jahren<\/p> &lt;p\n\n<p>INFORMATIONEN VON INTERESSE<\/p>\n\n<p>Telefon: +351 220 120 220<\/p> <p>Telefon: +351 220 120 220<\/p>\n\t\t\t\t\t\t\t\t\t<\/div>\n\t\t\t\t\t\t\t\t\t<img decoding=\"async\" src=\"https:\/\/cdn.pilgrim.es\/web\/caminos\/camino-portugues\/pueblos\/porto\/puntos-de-interes\/casa-da-musica.jpg\" alt=\"Casa da M\u00fasica\">\n\t\t\t\t\t\t\t\t<\/div>\n\t\t\t\t\t\t\t<\/div>\n\t\t\t\t\t\t\n\t\t\t\t\t\t\t<div class=\"accordion__accordion-content inactive\">\n\t\t\t\t\t\t\t\t<div>\n\t\t\t\t\t\t\t\t\t<div>\n\t\t\t\t\t\t\t\t\t\t<h4>Museo de Historia Natural<\/h4>\n\t\t\t\t\t\t\t\t\t\t<p>Das Museum f\u00fcr Naturgeschichte befindet sich im Rektoratsgeb\u00e4ude der Universit\u00e4t Porto und ist in vier verschiedene R\u00e4ume unterteilt: <\/p> <p>Das Museum f\u00fcr Naturgeschichte befindet sich im Rektoratsgeb\u00e4ude der Universit\u00e4t Porto.\n\t\t\t\t\t\t\t\t\t<\/div>\n\t\t\t\t\t\t\t\t\t<img decoding=\"async\" src=\"https:\/\/cdn.pilgrim.es\/web\/caminos\/camino-portugues\/pueblos\/porto\/puntos-de-interes\/museo-de-historia-natural.jpg\" alt=\"Museo de Historia Natural\">\n\t\t\t\t\t\t\t\t<\/div>\n\t\t\t\t\t\t\t<\/div>\n\t\t\t\t\t\t\n\t\t\t\t\t\t\t<div class=\"accordion__accordion-content inactive\">\n\t\t\t\t\t\t\t\t<div>\n\t\t\t\t\t\t\t\t\t<div>\n\t\t\t\t\t\t\t\t\t\t<h4>Mercado do Bolh\u00e3o<\/h4>\n\t\t\t\t\t\t\t\t\t\t<p>Der Bolh\u00e3o-Markt wird seit 1914 abgehalten. Das Geb\u00e4ude, in dem er sich befindet, ist in mehrere Etagen um einen zentralen Innenhof herum unterteilt. In jedem Bereich des Marktes finden Sie \u00e4ltere und modernere Gesch\u00e4fte, die verschiedene Lebensmittel verkaufen: Fleisch, Fisch, Obst, Blumen und viele andere Produkte. <\/p>\n\n<p>STUNDENMontag bis Freitag von 07:00 bis 17:00Samstag von 07:00 bis 13:00<\/p>\n\n<p>INFORMATIONEN VON INTERESSE<\/p>\n\n<p>Telefon: +351 223 326 024<\/p>\n\t\t\t\t\t\t\t\t\t<\/div>\n\t\t\t\t\t\t\t\t\t<img decoding=\"async\" src=\"https:\/\/cdn.pilgrim.es\/web\/caminos\/camino-portugues\/pueblos\/porto\/puntos-de-interes\/mercado-do-bolhao.jpg\" alt=\"Mercado do Bolh\u00e3o\">\n\t\t\t\t\t\t\t\t<\/div>\n\t\t\t\t\t\t\t<\/div>\n\t\t\t\t\t\t\n\t\t\t\t\t\t\t<div class=\"accordion__accordion-content inactive\">\n\t\t\t\t\t\t\t\t<div>\n\t\t\t\t\t\t\t\t\t<div>\n\t\t\t\t\t\t\t\t\t\t<h4>Puente Lu\u00eds I<\/h4>\n\t\t\t\t\t\t\t\t\t\t<p>Die Lu\u00eds-I.-Br\u00fccke ist eine der Br\u00fccken, die den Fluss Douro \u00fcberqueren und Porto mit Vila Nova de Gaia verbinden, und wurde 1886 erbaut. Was ihre Struktur betrifft, so ist diese Br\u00fccke in zwei Etagen unterteilt: die obere Etage ist dreihundertneunzig Meter lang und die untere Etage ist einhundertvierundsiebzig Meter lang. Sie wird doppelt genutzt, da das obere Deck von der Metro von Porto und das untere von anderen Fahrzeugen (Autos, Bussen usw.) benutzt wird. Au\u00dferdem gibt es auf beiden Etagen Gehwege f\u00fcr Fu\u00dfg\u00e4nger. <\/p>\n\t\t\t\t\t\t\t\t\t<\/div>\n\t\t\t\t\t\t\t\t\t<img decoding=\"async\" src=\"https:\/\/cdn.pilgrim.es\/web\/caminos\/camino-portugues\/pueblos\/porto\/puntos-de-interes\/puente-luis.jpg\" alt=\"Puente Lu\u00eds I\">\n\t\t\t\t\t\t\t\t<\/div>\n\t\t\t\t\t\t\t<\/div>\n\t\t\t\t\t\t\n\t\t\t\t\t\t\t<div class=\"accordion__accordion-content inactive\">\n\t\t\t\t\t\t\t\t<div>\n\t\t\t\t\t\t\t\t\t<div>\n\t\t\t\t\t\t\t\t\t\t<h4>Puente de S\u00e3o Jo\u00e3o<\/h4>\n\t\t\t\t\t\t\t\t\t\t<p>Die S\u00e3o-Jo\u00e3o-Br\u00fccke ist ein modernes und innovatives Bauwerk, das 1991 errichtet wurde und dessen Struktur aus einem einzigen St\u00fcck Stahl- und Stahlbeton besteht, das mehrere offene und durchgehende B\u00f6gen mit drei vertikalen Pfeilern simuliert. Seit dem Jahr ihres Baus fahren Hochgeschwindigkeitsz\u00fcge \u00fcber diese Br\u00fccke, so dass die alte Maria-Pia-Br\u00fccke nicht mehr genutzt wird. <\/p>\n\t\t\t\t\t\t\t\t\t<\/div>\n\t\t\t\t\t\t\t\t\t<img decoding=\"async\" src=\"https:\/\/cdn.pilgrim.es\/web\/caminos\/camino-portugues\/pueblos\/porto\/puntos-de-interes\/puente-sao-joao.jpg\" alt=\"Puente de S\u00e3o Jo\u00e3o\">\n\t\t\t\t\t\t\t\t<\/div>\n\t\t\t\t\t\t\t<\/div>\n\t\t\t\t\t\t\n\t\t\t\t\t\t\t<div class=\"accordion__accordion-content inactive\">\n\t\t\t\t\t\t\t\t<div>\n\t\t\t\t\t\t\t\t\t<div>\n\t\t\t\t\t\t\t\t\t\t<h4>Museo Nacional da Imprensa<\/h4>\n\t\t\t\t\t\t\t\t\t\t<p>Das Museu Nacional da Impresa wurde 1997 eingeweiht und beherbergt eine Sammlung von Handdruckmaschinen, die in drei Ausstellungsbereiche unterteilt sind: Druckvorstufe, Druck und Weiterverarbeitung. <\/p>\n\n<p>Einer der S\u00e4le, der so genannte Rodrigo Alvarez-Saal, wurde zu Ehren des ersten portugiesischen Druckers er\u00f6ffnet, der Ende des 15. Jahrhunderts in der Stadt Porto zwei B\u00fccher druckte. Neben den Dauerausstellungen finden hier auch Wechselausstellungen statt, die sich mit der Presse und der grafischen Kunst befassen. Eine der Wechselausstellungen ist die Galerie f\u00fcr Cartoons, in der jedes Jahr das PortoCartoon-World Festival stattfindet, das als eines der drei gr\u00f6\u00dften Cartoon-Festivals der Welt gilt.<\/p> <p>Das PortoCartoon-World Festival ist eines der wichtigsten Cartoon-Festivals der Welt.\n\t\t\t\t\t\t\t\t\t<\/div>\n\t\t\t\t\t\t\t\t\t<img decoding=\"async\" src=\"https:\/\/cdn.pilgrim.es\/web\/caminos\/camino-portugues\/pueblos\/porto\/puntos-de-interes\/museo-nacional-da-imprenta.jpg\" alt=\"Museo Nacional da Imprensa\">\n\t\t\t\t\t\t\t\t<\/div>\n\t\t\t\t\t\t\t<\/div>\n\t\t\t\t\t\t\n\t\t\t\t\t\t\t<div class=\"accordion__accordion-content inactive\">\n\t\t\t\t\t\t\t\t<div>\n\t\t\t\t\t\t\t\t\t<div>\n\t\t\t\t\t\t\t\t\t\t<h4>Museo Militar do Porto<\/h4>\n\t\t\t\t\t\t\t\t\t\t<p>Das Museu Militar do Porto ist ein Geb\u00e4ude im Besitz der portugiesischen Marine und dient seit 1980 der Bewahrung und Verbreitung der Milit\u00e4rgeschichte. Dieses Museum ist in zwei S\u00e4le unterteilt:<\/p> <p>Das Museum ist in zwei S\u00e4le unterteilt:<\/p> <p>Das Museum hat zwei R\u00e4ume:<\/p> &lt;p\n\t\t\t\t\t\t\t\t\t<\/div>\n\t\t\t\t\t\t\t\t\t<img decoding=\"async\" src=\"https:\/\/cdn.pilgrim.es\/web\/caminos\/camino-portugues\/pueblos\/porto\/puntos-de-interes\/museo-militar.jpg\" alt=\"Museo Militar do Porto\">\n\t\t\t\t\t\t\t\t<\/div>\n\t\t\t\t\t\t\t<\/div>\n\t\t\t\t\t\t\n\t\t\t\t\t\t\t<div class=\"accordion__accordion-content inactive\">\n\t\t\t\t\t\t\t\t<div>\n\t\t\t\t\t\t\t\t\t<div>\n\t\t\t\t\t\t\t\t\t\t<h4>Museo da Industria<\/h4>\n\t\t\t\t\t\t\t\t\t\t<p>Das Museo da Ind\u00fastria ist ein Museum, das sich zum Ziel gesetzt hat, das arch\u00e4ologisch-industrielle Erbe der Stadt und ihrer Umgebung zu sammeln und zu verbreiten und dabei sowohl die Industrialisierung der Vergangenheit als auch die aktuelle Situation zu ber\u00fccksichtigen. Zu diesem Zweck beherbergt es eine st\u00e4ndige Sammlung von St\u00fccken, Maschinen und Dokumenten aus den charakteristischsten Industriezweigen des Gro\u00dfen Hafens, wie Textilindustrie, Gie\u00dferei, Eisen- und Stahlindustrie und Elektrizit\u00e4t. <\/p>\n\t\t\t\t\t\t\t\t\t<\/div>\n\t\t\t\t\t\t\t\t\t<img decoding=\"async\" src=\"https:\/\/cdn.pilgrim.es\/web\/caminos\/camino-portugues\/pueblos\/porto\/puntos-de-interes\/museo-dos-transportes.jpg\" alt=\"Museo da Industria\">\n\t\t\t\t\t\t\t\t<\/div>\n\t\t\t\t\t\t\t<\/div>\n\t\t\t\t\t\t\n\t\t\t\t\t\t\t<div class=\"accordion__accordion-content inactive\">\n\t\t\t\t\t\t\t\t<div>\n\t\t\t\t\t\t\t\t\t<div>\n\t\t\t\t\t\t\t\t\t\t<h4>Librer\u00eda Lello e Irm\u00e3o<\/h4>\n\t\t\t\t\t\t\t\t\t\t<p>Die Buchhandlung Lello e Irm\u00e3o gilt aufgrund ihrer neugotischen Urspr\u00fcnge aus dem Jahr 1906 als die sch\u00f6nste in Europa. Sie beherbergt eine F\u00fclle von antiken Details und verf\u00fcgt \u00fcber Holzregale, die bis zur Decke mit B\u00fcchern gef\u00fcllt sind und von einem Buntglasfenster an der Decke verdeckt werden, das f\u00fcr nat\u00fcrliches Licht sorgt. In dieser Buchhandlung wurden bereits mehrere Harry-Potter-Filme gedreht.\n\n<p>STUNDEN<\/p>\n\n<p>Montag bis Freitag von 10:00 bis 19:30 Uhr Samstag von 10:00 bis 19:00 Uhr<\/p> <p>Samstags von 10:00 bis 19:00 Uhr<\/p>\n\n<p>INFORMATIONEN VON INTERESSE<\/p>\n\n<p>Telefon: +351 222 002 037<\/p>\n\t\t\t\t\t\t\t\t\t<\/div>\n\t\t\t\t\t\t\t\t\t<img decoding=\"async\" src=\"https:\/\/cdn.pilgrim.es\/web\/caminos\/camino-portugues\/pueblos\/porto\/puntos-de-interes\/libreria-leio.jpg\" alt=\"Librer\u00eda Lello e Irm\u00e3o\">\n\t\t\t\t\t\t\t\t<\/div>\n\t\t\t\t\t\t\t<\/div>\n\t\t\t\t\t\t\n\t\t\t\t\t\t\t<div class=\"accordion__accordion-content inactive\">\n\t\t\t\t\t\t\t\t<div>\n\t\t\t\t\t\t\t\t\t<div>\n\t\t\t\t\t\t\t\t\t\t<h4>Jardines do Pal\u00e1cio de Cristal<\/h4>\n\t\t\t\t\t\t\t\t\t\t<p>Die G\u00e4rten des Pal\u00e1cio de Cristal sind ein gro\u00dfer Komplex in der Altstadt, in dem sich ein gr\u00fcner, kuppelf\u00f6rmiger Sportpavillon, eine hochmoderne Stadtbibliothek und mehrere von verschiedenen Baumarten umgebene Wege befinden. Unter den B\u00e4umen befinden sich aromatische Pflanzen, Heilpflanzen und der Garten der Gef\u00fchle. <\/p>\n\t\t\t\t\t\t\t\t\t<\/div>\n\t\t\t\t\t\t\t\t\t<img decoding=\"async\" src=\"https:\/\/cdn.pilgrim.es\/web\/caminos\/camino-portugues\/pueblos\/porto\/puntos-de-interes\/jardineas-palacio-cristal.jpg\" alt=\"Jardines do Pal\u00e1cio de Cristal\">\n\t\t\t\t\t\t\t\t<\/div>\n\t\t\t\t\t\t\t<\/div>\n\t\t\t\t\t\t\n\t\t\t\t\t\t\t<div class=\"accordion__accordion-content inactive\">\n\t\t\t\t\t\t\t\t<div>\n\t\t\t\t\t\t\t\t\t<div>\n\t\t\t\t\t\t\t\t\t\t<h4>Iglesia y Torre dos Cl\u00e9rigos<\/h4>\n\t\t\t\t\t\t\t\t\t\t<p>Die Kirche und der Turm der Cl\u00e9rigos ist ein zwischen 1735 und 1748 im Barockstil erbautes Gotteshaus. Der dazugeh\u00f6rige Turm ist mit 76 Metern H\u00f6he und mehr als 200 Stufen der h\u00f6chste Turm Portugals, von dem aus man einen sch\u00f6nen Blick auf die Stadt hat. An der Spitze des Turms sind neunundvierzig Glocken zu sehen. Dieser Kirchen- und Turmkomplex wurde von den armen Klerikern im historischen Zentrum der Stadt gebaut, wo die Hingerichteten begraben wurden. <\/p>\n\t\t\t\t\t\t\t\t\t<\/div>\n\t\t\t\t\t\t\t\t\t<img decoding=\"async\" src=\"https:\/\/cdn.pilgrim.es\/web\/caminos\/camino-portugues\/pueblos\/porto\/puntos-de-interes\/torre-dos-clerigos.jpg\" alt=\"Iglesia y Torre dos Cl\u00e9rigos\">\n\t\t\t\t\t\t\t\t<\/div>\n\t\t\t\t\t\t\t<\/div>\n\t\t\t\t\t\t\n\t\t\t\t\t\t\t<div class=\"accordion__accordion-content inactive\">\n\t\t\t\t\t\t\t\t<div>\n\t\t\t\t\t\t\t\t\t<div>\n\t\t\t\t\t\t\t\t\t\t<h4>Iglesia de S\u00e3o Loren\u00e7o dos Grilos<\/h4>\n\t\t\t\t\t\t\t\t\t\t<p>Die Kirche S\u00e3o Loren\u00e7o dos Grilos ist ein Geb\u00e4ude, dessen Bau im 16. Jahrhundert begann und im 18. Jahrhundert abgeschlossen wurde. Jahrhundert fertiggestellt wurde. Das Gotteshaus zeichnet sich vor allem durch seine Schlichtheit aus, da man jeden der Steine, aus denen es besteht, sehen kann.\n\n<p>STUNDEN<\/p>\n\n<p>Dienstag bis Samstag von 10:00 bis 12:00 Uhr und von 14:00 bis 17:00 Uhr<\/p> <p>Dienstags bis samstags von 10:00 bis 12:00 Uhr und von 14:00 bis 17:00 Uhr<\/p> <p>.\n\t\t\t\t\t\t\t\t\t<\/div>\n\t\t\t\t\t\t\t\t\t<img decoding=\"async\" src=\"https:\/\/cdn.pilgrim.es\/web\/caminos\/camino-portugues\/pueblos\/porto\/puntos-de-interes\/iglesia-san-lorenc\u0327o-dos-grilos.jpg\" alt=\"Iglesia de S\u00e3o Loren\u00e7o dos Grilos\">\n\t\t\t\t\t\t\t\t<\/div>\n\t\t\t\t\t\t\t<\/div>\n\t\t\t\t\t\t\n\t\t\t\t\t\t\t<div class=\"accordion__accordion-content inactive\">\n\t\t\t\t\t\t\t\t<div>\n\t\t\t\t\t\t\t\t\t<div>\n\t\t\t\t\t\t\t\t\t\t<h4>Iglesia de S\u00e3o Francisco<\/h4>\n\t\t\t\t\t\t\t\t\t\t<p>Die Kirche S\u00e3o Francisco ist eine Kirche, die 1245 von den Franziskanern erbaut wurde, obwohl sie sp\u00e4ter nach einem Brand einer umfassenden Renovierung unterzogen wurde. Die Urspr\u00fcnge dieser Kirche sind romanisch, aber heute kann man verschiedene Elemente nicht nur aus der Romanik, sondern auch aus der Gotik und dem Barock erkennen.  <\/p>\n\n<p>Die Kirche ist in drei Schiffe unterteilt, in denen verschiedene Schnitzereien, die mit Goldstaub verziert wurden, hervorstechen. Im linken Seitenschiff befindet sich eine der Hauptattraktionen der Kirche, der Baum von Jesse, eine vielfarbige Holzskulptur, die als eine der sch\u00f6nsten ihrer Art in der Welt gilt. Unter dem Boden dieses Tempels befinden sich die Gr\u00e4ber, in denen die \u00dcberreste der Franziskanerm\u00f6nche und der aristokratischen Familien der Stadt begraben sind. <\/p>\n\t\t\t\t\t\t\t\t\t<\/div>\n\t\t\t\t\t\t\t\t\t<img decoding=\"async\" src=\"https:\/\/cdn.pilgrim.es\/web\/caminos\/camino-portugues\/pueblos\/porto\/puntos-de-interes\/iglesia-sao-francisco.jpg\" alt=\"Iglesia de S\u00e3o Francisco\">\n\t\t\t\t\t\t\t\t<\/div>\n\t\t\t\t\t\t\t<\/div>\n\t\t\t\t\t\t\n\t\t\t\t\t\t\t<div class=\"accordion__accordion-content inactive\">\n\t\t\t\t\t\t\t\t<div>\n\t\t\t\t\t\t\t\t\t<div>\n\t\t\t\t\t\t\t\t\t\t<h4>Gabinete de Numism\u00e1tica<\/h4>\n\t\t\t\t\t\t\t\t\t\t<p>Das Numismatische Kabinett ist ein Museum, das sich im Geb\u00e4ude des Tait House befindet, das 1988 erbaut wurde. Das Museum verf\u00fcgt \u00fcber eine Sammlung von Objekten portugiesischer, griechischer und r\u00f6mischer Herkunft sowie von antiken M\u00fcnzen spanischer Herkunft. Die Sammlung wurde 1850 nach der Schenkung von M\u00fcnzen durch den Briten John Francis Allen gegr\u00fcndet, obwohl sie erst 2009 eingeweiht wurde. Neben der bedeutenden M\u00fcnzsammlung umfasst das M\u00fcnzkabinett auch andere wichtige Sammlungen, wie die von Medaillen, Orden, Policen, Banknoten, Wertmarken, Medaillenformen und Maschinen f\u00fcr den Banknotendruck.\n\t\t\t\t\t\t\t\t\t<\/div>\n\t\t\t\t\t\t\t\t\t<img decoding=\"async\" src=\"https:\/\/cdn.pilgrim.es\/web\/caminos\/camino-portugues\/pueblos\/porto\/puntos-de-interes\/gabinete-numismatica.jpg\" alt=\"Gabinete de Numism\u00e1tica\">\n\t\t\t\t\t\t\t\t<\/div>\n\t\t\t\t\t\t\t<\/div>\n\t\t\t\t\t\t\n\t\t\t\t\t\t\t<div class=\"accordion__accordion-content inactive\">\n\t\t\t\t\t\t\t\t<div>\n\t\t\t\t\t\t\t\t\t<div>\n\t\t\t\t\t\t\t\t\t\t<h4>Forte de S\u00e3o Francisco Xavier do Queijo<\/h4>\n\t\t\t\t\t\t\t\t\t\t<p>Das Forte de S\u00e3o Francisco Xavier do Queijo, auch bekannt als Schloss Queijo, wurde w\u00e4hrend des portugiesischen Restaurationskriegs in der zweiten H\u00e4lfte des 17. Jahrhunderts erbaut. Die Burg diente der Bewachung und dem Schutz vor m\u00f6glichen Invasionen spanischer Truppen vom Meer aus. Es handelt sich um eine kleine Festung, die sich durch ihre schlichte Bauweise auszeichnet. Die Fassade der Burg weist ein Rundbogenportal auf, \u00fcber dem sich das portugiesische Wappen befindet. Von der urspr\u00fcnglichen Konstruktion sind noch vier Wacht\u00fcrme und zehn Artilleriegesch\u00fctze erhalten. Der Name &#8222;K\u00e4seburg (Queijo)&#8220; r\u00fchrt daher, dass die Burg auf einem gro\u00dfen Felsen in Form eines K\u00e4ses thront.\n\n<p>STUNDEN<\/p>\n\n<p>Dienstag bis Sonntag von 13:00 bis 18:00 Uhr<\/p> <p>Dienstags bis sonntags von 13:00 bis 18:00 Uhr<\/p> &lt;p\n\n<p>INFORMATIONEN VON INTERESSE<\/p>\n\n<p>Telefon: +351 226 181 067<\/p>\n\t\t\t\t\t\t\t\t\t<\/div>\n\t\t\t\t\t\t\t\t\t<img decoding=\"async\" src=\"https:\/\/cdn.pilgrim.es\/web\/caminos\/camino-portugues\/pueblos\/porto\/puntos-de-interes\/forte-sao-francisco-xavier.jpg\" alt=\"Forte de S\u00e3o Francisco Xavier do Queijo\">\n\t\t\t\t\t\t\t\t<\/div>\n\t\t\t\t\t\t\t<\/div>\n\t\t\t\t\t\t\n\t\t\t\t\t\t\t<div class=\"accordion__accordion-content inactive\">\n\t\t\t\t\t\t\t\t<div>\n\t\t\t\t\t\t\t\t\t<div>\n\t\t\t\t\t\t\t\t\t\t<h4>Estaci\u00f3n S\u00e3o Bento<\/h4>\n\t\t\t\t\t\t\t\t\t\t<p>Der Bahnhof S\u00e3o Bento wurde im fr\u00fchen 9. Jahrhundert auf den Ruinen des Klosters San Bento de Av\u00e9-Maria erbaut, daher sein Name. Seine stattliche Fassade sticht hervor, aber vor allem der Innenhof ist mit mehr als 20.000 Kacheln verziert, die die Geschichte Portugals darstellen. <\/p>\n\n<p>STUNDEN<\/p>\n\n<p>T\u00e4glich von 13:00 bis 18:00 Uhr<\/p> <p>T\u00e4glich von 13:00 bis 18:00 Uhr<\/p> <p>.\n\t\t\t\t\t\t\t\t\t<\/div>\n\t\t\t\t\t\t\t\t\t<img decoding=\"async\" src=\"https:\/\/cdn.pilgrim.es\/web\/caminos\/camino-portugues\/pueblos\/porto\/puntos-de-interes\/estacion-sao-vento.jpg\" alt=\"Estaci\u00f3n S\u00e3o Bento\">\n\t\t\t\t\t\t\t\t<\/div>\n\t\t\t\t\t\t\t<\/div>\n\t\t\t\t\t\t\n\t\t\t\t\t\t\t<div class=\"accordion__accordion-content inactive\">\n\t\t\t\t\t\t\t\t<div>\n\t\t\t\t\t\t\t\t\t<div>\n\t\t\t\t\t\t\t\t\t\t<h4>Casa Museo Marta Ortig\u00e3o Sampaio<\/h4>\n\t\t\t\t\t\t\t\t\t\t<p>Das Marta Ortig\u00e3o Sampaio House Museum ist ein kleines Hausmuseum, das in einem Geb\u00e4ude aus der Mitte des Jahrhunderts untergebracht ist, das 1978 von Marta Ortig\u00e3o Sampaio, der ber\u00fchmten Tochter des ber\u00fchmten Ingenieurs Vasco Ortig\u00e3o Sampaio, gestiftet wurde. Es wurde 1996 eingeweiht und enthielt von Anfang an Sammlungen, die sowohl ihrem Vater als auch ihren Tanten Aur\u00e9lia de Souza und Sof\u00eda Souza geh\u00f6rten, die einen Teil ihrer Gem\u00e4lde, Schmuckst\u00fccke und M\u00f6bel stifteten.\n\t\t\t\t\t\t\t\t\t<\/div>\n\t\t\t\t\t\t\t\t\t<img decoding=\"async\" src=\"https:\/\/cdn.pilgrim.es\/web\/caminos\/camino-portugues\/pueblos\/porto\/puntos-de-interes\/casa-museu-marta-ortigao.jpg\" alt=\"Casa Museo Marta Ortig\u00e3o Sampaio\">\n\t\t\t\t\t\t\t\t<\/div>\n\t\t\t\t\t\t\t<\/div>\n\t\t\t\t\t\t\n\t\t\t\t\t\t\t<div class=\"accordion__accordion-content inactive\">\n\t\t\t\t\t\t\t\t<div>\n\t\t\t\t\t\t\t\t\t<div>\n\t\t\t\t\t\t\t\t\t\t<h4>Casa Museo Fernando de Castro<\/h4>\n\t\t\t\t\t\t\t\t\t\t<p>Das Fernando de Castro House Museum hat eine sehr kuriose Entstehungsgeschichte, denn sein Besitzer Fernando de Castro beschloss, \u00fcber Jahre hinweg verschiedene dekorative St\u00fccke zu sammeln, in der Hoffnung, dass sie eines Tages in einem Museum ausgestellt werden k\u00f6nnten. Mit dieser Idee gelang es ihm, Gem\u00e4lde vom 16. bis zum 20. Jahrhundert, religi\u00f6se Skulpturen vom 16. bis zum 19. Jahrhundert, Keramik, Glas, Thoreutik usw. sowie geschnitztes Holz aus Kirchen und Kl\u00f6stern der Gegend zu sammeln. <\/p>\n\n<p>Nach dem Tod von Fernando de Castro schenkte seine Schwester das Haus dem Staat, um den Wunsch ihres Bruders zu erf\u00fcllen, es in ein Museum zu verwandeln. Heute befindet sich dieses Museum in den H\u00e4nden des Museu Nacional de Soares dos Reis.\n\n<p>STUNDEN<\/p>\n\n<p>Mittwochs von 10:00 bis 13:00 Uhr<\/p> <p>Mittwochs von 10:00 bis 13:00 Uhr<\/p>\n\n<p>Geb\u00fchren<\/p> <p>Geb\u00fchren<\/p>\n\n<p>Freier Eintritt<\/p>\n\n<p>INFORMATIONEN VON INTERESSE<\/p>\n\n<p>Telefon: +351 225 094 625<\/p>\n\t\t\t\t\t\t\t\t\t<\/div>\n\t\t\t\t\t\t\t\t\t<img decoding=\"async\" src=\"https:\/\/cdn.pilgrim.es\/web\/caminos\/camino-portugues\/pueblos\/porto\/puntos-de-interes\/casa-museu-marta-fernando-de-castro.jpg\" alt=\"Casa Museo Fernando de Castro\">\n\t\t\t\t\t\t\t\t<\/div>\n\t\t\t\t\t\t\t<\/div>\n\t\t\t\t\t\t\n\t\t\t\t\t\t\t<div class=\"accordion__accordion-content inactive\">\n\t\t\t\t\t\t\t\t<div>\n\t\t\t\t\t\t\t\t\t<div>\n\t\t\t\t\t\t\t\t\t\t<h4>Fundaci\u00f3n Serralves<\/h4>\n\t\t\t\t\t\t\t\t\t\t<p>Die Serralves-Stiftung ist ein Komplex, der das Museum f\u00fcr zeitgen\u00f6ssische Kunst, die Serralves-G\u00e4rten, das Haus und ein Auditorium umfasst. Ziel der Stiftung ist es, zeitgen\u00f6ssische Kunst zu verbreiten und zu f\u00f6rdern. <\/p>\n\n<p>Das Museum f\u00fcr Zeitgen\u00f6ssische Kunst wurde 1999 eingeweiht und st\u00fctzt seine Sammlungen auf die Werke zahlreicher Avantgardek\u00fcnstler, zeigt aber auch einige Dauerausstellungen, deren Sammlungen von den 1960er Jahren bis heute reichen. <\/p>\n\n<p>Dieser Komplex verf\u00fcgt \u00fcber pr\u00e4chtige G\u00e4rten, die sich \u00fcber 18 Hektar erstrecken und die man von einem Ende zum anderen durchwandern kann, wobei man an der Casa Serralves Halt macht. <\/p>\n\t\t\t\t\t\t\t\t\t<\/div>\n\t\t\t\t\t\t\t\t\t<img decoding=\"async\" src=\"https:\/\/cdn.pilgrim.es\/web\/caminos\/camino-portugues\/pueblos\/porto\/puntos-de-interes\/fundacion-sarralves.jpg\" alt=\"Fundaci\u00f3n Serralves\">\n\t\t\t\t\t\t\t\t<\/div>\n\t\t\t\t\t\t\t<\/div>\n\t\t\t\t\t\t\n\t\t\t\t\t\t\t<div class=\"accordion__accordion-content inactive\">\n\t\t\t\t\t\t\t\t<div>\n\t\t\t\t\t\t\t\t\t<div>\n\t\t\t\t\t\t\t\t\t\t<h4>Museo dos Transportes e Comunica\u00e7\u00f5es<\/h4>\n\t\t\t\t\t\t\t\t\t\t<p>Das Museu dos Transportes e Comunica\u00e7\u00f5es ist eine Stiftung, die 1992 von 56 Einzelmitgliedern und 25 institutionellen Mitgliedern mit dem Ziel gegr\u00fcndet wurde, Informationen \u00fcber Gegenst\u00e4nde aus der Welt des Verkehrs und der Kommunikation zu sammeln und zu verbreiten, bis es im Jahr 2000 als Museum er\u00f6ffnet wurde. Das Museum ist in einem 1869 errichteten Geb\u00e4ude untergebracht, dem so genannten Alf\u00e2ndega-Geb\u00e4ude. Dieses Museumszentrum diente urspr\u00fcnglich als Zollamt, wurde aber sp\u00e4ter zu einem Museum. Es beherbergt mehrere Dauerausstellungen wie &#8222;Das Automobil in Raum und Zeit&#8220;, &#8222;Die Kommunikation von Wissen und Vorstellungskraft&#8220;&#8230; Das Museum f\u00fcr Verkehr und Kommunikation zeigt auch andere tempor\u00e4re Sammlungen und bietet Vortr\u00e4ge, Workshops, Shows und sogar Theaterst\u00fccke an.\n\t\t\t\t\t\t\t\t\t<\/div>\n\t\t\t\t\t\t\t\t\t<img decoding=\"async\" src=\"https:\/\/cdn.pilgrim.es\/web\/caminos\/camino-portugues\/pueblos\/porto\/puntos-de-interes\/museo-dos-transportes.jpg\" alt=\"Museo dos Transportes e Comunica\u00e7\u00f5es\">\n\t\t\t\t\t\t\t\t<\/div>\n\t\t\t\t\t\t\t<\/div>\n\t\t\t\t\t\t\n\t\t\t\t\t\t\t<div class=\"accordion__accordion-content inactive\">\n\t\t\t\t\t\t\t\t<div>\n\t\t\t\t\t\t\t\t\t<div>\n\t\t\t\t\t\t\t\t\t\t<h4>Bodegas Vinho Porto<\/h4>\n\t\t\t\t\t\t\t\t\t\t<p>Die Stadt Vila Nova de Gaia beherbergt die meisten Weinkeller der Stadt, in denen die Besucher Portwein finden k\u00f6nnen. <\/p>\n\n<p>Dieser Wein unterscheidet sich von anderen Weinen durch den Zusatz von Branntwein, um die G\u00e4rung zu stoppen und so eine einzigartige S\u00fc\u00dfe zu erreichen, w\u00e4hrend der hohe Alkoholgehalt erhalten bleibt.<\/p> <p>Der Wein wird in der Stadt Vila Nova de Gaia hergestellt.\n\n<p>Zu den beliebtesten Weinkellereien geh\u00f6ren vier: Ramos Pinto, Ferreira, Sandeman und Calem. In jeder dieser vier Weinkellereien haben Besucher die M\u00f6glichkeit, an einer F\u00fchrung durch die verschiedenen Anlagen teilzunehmen, bei der der Weinherstellungsprozess erkl\u00e4rt wird. Am Ende der F\u00fchrung bietet jede der Weinkellereien dem Besucher zwei Gl\u00e4ser des Hausweins zur Verkostung an.\n\t\t\t\t\t\t\t\t\t<\/div>\n\t\t\t\t\t\t\t\t\t<img decoding=\"async\" src=\"https:\/\/cdn.pilgrim.es\/web\/caminos\/camino-portugues\/pueblos\/porto\/puntos-de-interes\/bodegas-vinho-do-porto.jpg\" alt=\"Bodegas Vinho Porto\">\n\t\t\t\t\t\t\t\t<\/div>\n\t\t\t\t\t\t\t<\/div>\n\t\t\t\t\t\t\n\t\t\t\t\t<\/div>\n\t\t\t\t<\/div>\n\t\t\t<\/div>\n\t\t\n\n\t\t<div id=\"phonesSection\">\n\t\t\t<div>\n\t\t\t\t<h2 class=\"p-h3-town\">Informationen von Interesse<\/h2>\n\t\t\t<\/div>\n\t\t\t<div class=\"grid\">\n\t\t\t\t\n\t\t\t\t\t<div class=\"phone-number-item\">\n\t\t\t\t\t\t<div class=\"phone-number-item__icon\"><i class=\"icon-police\"><\/i><\/div>\n\t\t\t\t\t\t<div class=\"phone-number-item__title\">\n\t\t\t\t\t\t\t<h3 class=\"p-font-bold\">Ortspolizei<\/h3>\n\t\t\t\t\t\t\t<p>22 209 20 00\/ 969 863 061 \/ 22 209 20 21<\/p>\n\t\t\t\t\t\t\t\n\t\t\t\t\t\t<\/div>\n\t\t\t\t\t<\/div>\n\t\t\t\t\n\t\t\t\t\t<div class=\"phone-number-item\">\n\t\t\t\t\t\t<div class=\"phone-number-item__icon\"><i class=\"icon-firefighters\"><\/i><\/div>\n\t\t\t\t\t\t<div class=\"phone-number-item__title\">\n\t\t\t\t\t\t\t<h3 class=\"p-font-bold\">Feuerwehr<\/h3>\n\t\t\t\t\t\t\t<p>22 610 68 86<\/p>\n\t\t\t\t\t\t\t\n\t\t\t\t\t\t<\/div>\n\t\t\t\t\t<\/div>\n\t\t\t\t\n\t\t\t\t\t<div class=\"phone-number-item\">\n\t\t\t\t\t\t<div class=\"phone-number-item__icon\"><i class=\"icon-civil-protection\"><\/i><\/div>\n\t\t\t\t\t\t<div class=\"phone-number-item__title\">\n\t\t\t\t\t\t\t<h3 class=\"p-font-bold\">Zivilschutz<\/h3>\n\t\t\t\t\t\t\t<p>21 391 39 33 (Cruz Roja Portuguesa)<\/p>\n\t\t\t\t\t\t\t\n\t\t\t\t\t\t<\/div>\n\t\t\t\t\t<\/div>\n\t\t\t\t\n\t\t\t\t\t<div class=\"phone-number-item\">\n\t\t\t\t\t\t<div class=\"phone-number-item__icon\"><i class=\"icon-town-council\"><\/i><\/div>\n\t\t\t\t\t\t<div class=\"phone-number-item__title\">\n\t\t\t\t\t\t\t<h3 class=\"p-font-bold\">Rathaus<\/h3>\n\t\t\t\t\t\t\t<p>22 209 70 00<\/p>\n\t\t\t\t\t\t\t\n\t\t\t\t\t\t<\/div>\n\t\t\t\t\t<\/div>\n\t\t\t\t\n\t\t\t\t\t<div class=\"phone-number-item\">\n\t\t\t\t\t\t<div class=\"phone-number-item__icon\"><i class=\"icon-hospital\"><\/i><\/div>\n\t\t\t\t\t\t<div class=\"phone-number-item__title\">\n\t\t\t\t\t\t\t<h3 class=\"p-font-bold\">Gesundheitszentrum<\/h3>\n\t\t\t\t\t\t\t<p>22 207 7500 \/ 22 551 21 00<\/p>\n\t\t\t\t\t\t\t\n\t\t\t\t\t\t<\/div>\n\t\t\t\t\t<\/div>\n\t\t\t\t\n\t\t\t\t\t<div class=\"phone-number-item\">\n\t\t\t\t\t\t<div class=\"phone-number-item__icon\"><i class=\"icon-tourism\"><\/i><\/div>\n\t\t\t\t\t\t<div class=\"phone-number-item__title\">\n\t\t\t\t\t\t\t<h3 class=\"p-font-bold\">Fremdenverkehrsamt<\/h3>\n\t\t\t\t\t\t\t<p>+351 223 393 472. Horario: De Noviembre a Abril todos los d\u00edas de 09:00 a 19:oo; de Mayo a Octubre de 09:00 a 20:00 todos los d\u00edas.<\/p>\n\t\t\t\t\t\t\t\n\t\t\t\t\t\t<\/div>\n\t\t\t\t\t<\/div>\n\t\t\t\t\n\t\t\t<\/div>\n\t\t<\/div>\n\n\t\t<div id=\"clientForm\">\n        <section>\n        <img decoding=\"async\" src=\"https:\/\/cdn.pilgrim.es\/web\/home\/email-contacto.png\" alt=\"contacto\">\n        <div>\n            <p>Wir senden dir deine Planung<\/p>\n            <p>Gib uns deine Daten an und erhalte die Planung deiner Reise per E-Mail <\/p>\n            <form method=\"post\" data-url=\"\/wp-admin\/admin-ajax.php\" id=\"planner--client\" class=\"flag-right form-client\">\n    <div class=\"form-data\">\n        <input name=\"form_id\" type=\"hidden\" value=\"Formulario Leads\">\n        <input name=\"type\" type=\"hidden\" value=\"planner_client\">\n        <input type=\"text\" name=\"nombre\" value=\"\" size=\"40\" class=\"form-control\" aria-required=\"true\" aria-invalid=\"false\" placeholder=\"Name\">\n        <input type=\"email\" name=\"email\" value=\"\" size=\"40\" class=\"form-control\" aria-required=\"true\" aria-invalid=\"false\" placeholder=\"E- Mail\">\n        <input type=\"text\" id=\"phone-input\" name=\"tel\" value=\"\" size=\"40\" class=\"phone-input form-control\" aria-required=\"true\" aria-invalid=\"false\" placeholder=\"Telefon\">\n        <input type=\"hidden\" name=\"telefono\">\n    <\/div>\n    <div class=\"form-checkbox\">\n        <span>\n            Pilgrim Travel, S.L. teilt gem\u00e4\u00df Regulierung 2016\/679 mit, dass die in diesem Formular verwendeten Daten sowohl f\u00fcr die Beantwortung der m\u00f6glichen Anfragen als auch f\u00fcr die Ver\u00f6ffentlichung der Kommentare verwendet werden, mit der Zustimmung des Nutzers. Sie k\u00f6nnen Ihre Rechte in \u00dcbereinstimmung mit unserer Datenschutzbestimmungen aus\u00fcben             <a href=\"https:\/\/www.pilgrim.es\/politica-de-privacidad\/\" target=\"_blank\" rel=\"noopener noreferrer nofollow\">Datenschutzerkl\u00e4rung.<\/a>\n        <\/span>\n    <\/div>\n\n    <div class=\"form-submit\">\n        <button id=\"planner--client-create\" type=\"submit\">Anfrage senden<\/button>\n        <div class=\"loadingDiv\"><i class=\"p-spinner\"><\/i><\/div>\n    <\/div>\n\n    <div class=\"contact-content-form-success\">\n        <p><i class=\"fas fa-check\"><\/i> Das Formular hat sich erfolgreich gesendet.<\/p>\n    <\/div>\n\n    <div class=\"contact-content-form-error\">\n        <span class=\"input-error\"><\/span>\n    <\/div>\n<\/form>        <\/div>\n    <\/section>\n<\/div>\n\n\t\t<div id=\"recomendationSection\">\n\t\t\t<div>\n\t\t\t\t<h2 class=\"p-h2-town\">Empfohlen<\/h2>\n\t\t\t\t<hr>\n\t\t\t\t<h3 class=\"p-h3-town\">Gastronomie<\/h3>\n\t\t\t<\/div>\n\t\t\tIn der Stadt Porto gibt es ein breites gastronomisches Angebot, von dem drei traditionelle Rezepte erw\u00e4hnenswert sind: erstens das Gericht Tripas \u00e1 moda do Porto, das im ganzen Land ber\u00fchmte Bacalhau und nicht zuletzt ein kurioses Sandwich, das mit verschiedenen Fleischsorten mit K\u00e4se und Molho-Sauce gef\u00fcllt ist, diese Delikatesse ist als Francesinha bekannt.\n\nZu jedem Gericht, das Sie probieren, sollten Sie die ber\u00fchmte Br\u00fche trinken, die der Stadt ihren Namen gegeben hat und die eine eigene Herkunftsbezeichnung tr\u00e4gt: Portwein.\n\t\t<\/div>\n\n\n\t\t\n\t\t\t<div id=\"holidaysSection\">\n\t\t\t\t<div>\n\t\t\t\t\t<h2 class=\"p-h2-town\">Empfohlen<\/h2>\n\t\t\t\t\t<hr>\n\t\t\t\t\t<h3 class=\"p-h3-town\">Feste und Pilgerfahrten<\/h3>\n\t\t\t\t<\/div>\n\t\t\t\t<div class=\"grid holidays-grid\">\n\t\t\t\t\t\n\t\t\t\t\t\t<div>\n\t\t\t\t\t\t\t<div class=\"phone-number-item\">\n\t\t\t\t\t\t\t\t<div class=\"phone-number-item__icon\"><i class=\"icon-holiday\"><\/i><\/div>\n\t\t\t\t\t\t\t\t<div class=\"phone-number-item__title dark-text\">\n\t\t\t\t\t\t\t\t\t<p class=\"p-font-bold\">Lokaler Urlaub<\/p>\n\t\t\t\t\t\t\t\t\t<p>15 de Agosto: Asunci\u00f3n<\/p>\n\t\t\t\t\t\t\t\t<\/div>\n\t\t\t\t\t\t\t<\/div>\n\t\t\t\t\t\t<\/div>\n\t\t\t\t\t\n\t\t\t\t\t\t<div>\n\t\t\t\t\t\t\t<div class=\"phone-number-item\">\n\t\t\t\t\t\t\t\t<div class=\"phone-number-item__icon\"><i class=\"icon-holiday\"><\/i><\/div>\n\t\t\t\t\t\t\t\t<div class=\"phone-number-item__title dark-text\">\n\t\t\t\t\t\t\t\t\t<p class=\"p-font-bold\">Lokaler Urlaub<\/p>\n\t\t\t\t\t\t\t\t\t<p>25 de abril: D\u00eda de la Libertad<\/p>\n\t\t\t\t\t\t\t\t<\/div>\n\t\t\t\t\t\t\t<\/div>\n\t\t\t\t\t\t<\/div>\n\t\t\t\t\t\n\t\t\t\t\t\t<div>\n\t\t\t\t\t\t\t<div class=\"phone-number-item\">\n\t\t\t\t\t\t\t\t<div class=\"phone-number-item__icon\"><i class=\"icon-holiday\"><\/i><\/div>\n\t\t\t\t\t\t\t\t<div class=\"phone-number-item__title dark-text\">\n\t\t\t\t\t\t\t\t\t<p class=\"p-font-bold\">Lokaler Urlaub<\/p>\n\t\t\t\t\t\t\t\t\t<p>10 de junio: D\u00eda de Portugal y la fiesta del Corpus Christi<\/p>\n\t\t\t\t\t\t\t\t<\/div>\n\t\t\t\t\t\t\t<\/div>\n\t\t\t\t\t\t<\/div>\n\t\t\t\t\t\n\t\t\t\t<\/div>\n\t\t\t<\/div>\n\t\t\n\t<\/div>\n<\/section>\n\n<div id=\"stage_list_section\"><div class=\"stage-list\">\n    <div class='stage-list__map-card'>\n        <div class='stage-list__map-card__map'>\n            <div class='stage-list__map-card__map__text'>\n                <h2> Pages <\/h2>\n                <p> Zu Fu\u00df<\/p>\n                <p> 0etappen<\/p>\n            <\/div>\n            <div class='stage-list__map-card__map__img'>\n                <img decoding=\"async\" src=\"\" alt=\" mapa \" \/>\n            <\/div>\n        <\/div>\n    <\/div>\n\n    <\/div>\n<\/div> ","protected":false},"excerpt":{"rendered":"<p>Oporto &#8249; Zur\u00fcck zur B\u00fchne Oporto Einwohner: 237.559 aprox. Bundesland: Informationen Get to know Oporto Oporto ist nach der Hauptstadt Lissabon die zweitwichtigste Stadt Portugals. Wie die meisten St\u00e4dte verf\u00fcgt sie \u00fcber ein umfangreiches historisches Erbe und wurde von der UNESCO zum Weltkulturerbe erkl\u00e4rt. Oporto ist der Ausgangspunkt f\u00fcr viele Pilger auf dem Camino; der &hellip; <\/p>\n<p class=\"read_more\"><a href=\"https:\/\/www.pilgrim.es\/de\/portugiesischer-weg\/porto\/\">Leer m\u00e1s<\/a><\/p>\n","protected":false},"author":0,"featured_media":6834,"parent":10665,"menu_order":0,"comment_status":"closed","ping_status":"closed","template":"views\/template-new-web-design.blade.php","meta":{"footnotes":""},"categories":[],"tags":[],"class_list":["post-91204","page","type-page","status-publish","has-post-thumbnail","hentry"],"yoast_head":"<!-- This site is optimized with the Yoast SEO plugin v27.4 - https:\/\/yoast.com\/product\/yoast-seo-wordpress\/ -->\n<title>Oporto: Was sehen und wo \u00fcbernachten | Jakobsweg | Pilgrim<\/title>\n<meta name=\"description\" content=\"Oporto Entdecken Sie alle Informationen \u00fcber Unterk\u00fcnfte, Anreise, Gastronomie und die wichtigsten Sehensw\u00fcrdigkeiten der Orte am Portugiesischer Weg\" \/>\n<meta name=\"robots\" content=\"index, follow, max-snippet:-1, max-image-preview:large, max-video-preview:-1\" \/>\n<link rel=\"canonical\" href=\"https:\/\/www.pilgrim.es\/de\/portugiesischer-weg\/porto\/\" \/>\n<meta property=\"og:locale\" content=\"de_DE\" \/>\n<meta property=\"og:type\" content=\"article\" \/>\n<meta property=\"og:title\" content=\"Oporto: Was sehen und wo \u00fcbernachten | Jakobsweg | Pilgrim\" \/>\n<meta property=\"og:description\" content=\"Oporto Entdecken Sie alle Informationen \u00fcber Unterk\u00fcnfte, Anreise, Gastronomie und die wichtigsten Sehensw\u00fcrdigkeiten der Orte am Portugiesischer Weg\" \/>\n<meta property=\"og:url\" content=\"https:\/\/www.pilgrim.es\/de\/portugiesischer-weg\/porto\/\" \/>\n<meta property=\"og:site_name\" content=\"Pilgrim\" \/>\n<meta property=\"article:publisher\" content=\"https:\/\/www.facebook.com\/pilgrim.es\/\" \/>\n<meta property=\"og:image\" content=\"https:\/\/www.pilgrim.es\/wp-content\/uploads\/2019\/02\/oporto1.jpg\" \/>\n\t<meta property=\"og:image:width\" content=\"1600\" \/>\n\t<meta property=\"og:image:height\" content=\"1200\" \/>\n\t<meta property=\"og:image:type\" content=\"image\/jpeg\" \/>\n<meta name=\"twitter:card\" content=\"summary_large_image\" \/>\n<meta name=\"twitter:site\" content=\"@pilgrim_es\" \/>\n<meta name=\"twitter:label1\" content=\"Gesch\u00e4tzte Lesezeit\" \/>\n\t<meta name=\"twitter:data1\" content=\"18\u00a0Minuten\" \/>\n<script type=\"application\/ld+json\" class=\"yoast-schema-graph\">{\"@context\":\"https:\\\/\\\/schema.org\",\"@graph\":[{\"@type\":\"WebPage\",\"@id\":\"https:\\\/\\\/www.pilgrim.es\\\/de\\\/portugiesischer-weg\\\/porto\\\/\",\"url\":\"https:\\\/\\\/www.pilgrim.es\\\/de\\\/portugiesischer-weg\\\/porto\\\/\",\"name\":\"Oporto: Was sehen und wo \u00fcbernachten | Jakobsweg | Pilgrim\",\"isPartOf\":{\"@id\":\"https:\\\/\\\/www.pilgrim.es\\\/de\\\/#website\"},\"primaryImageOfPage\":{\"@id\":\"https:\\\/\\\/www.pilgrim.es\\\/de\\\/portugiesischer-weg\\\/porto\\\/#primaryimage\"},\"image\":{\"@id\":\"https:\\\/\\\/www.pilgrim.es\\\/de\\\/portugiesischer-weg\\\/porto\\\/#primaryimage\"},\"thumbnailUrl\":\"https:\\\/\\\/www.pilgrim.es\\\/wp-content\\\/uploads\\\/2019\\\/02\\\/oporto1.jpg\",\"datePublished\":\"2025-03-17T14:00:32+00:00\",\"description\":\"Oporto Entdecken Sie alle Informationen \u00fcber Unterk\u00fcnfte, Anreise, Gastronomie und die wichtigsten Sehensw\u00fcrdigkeiten der Orte am Portugiesischer Weg\",\"breadcrumb\":{\"@id\":\"https:\\\/\\\/www.pilgrim.es\\\/de\\\/portugiesischer-weg\\\/porto\\\/#breadcrumb\"},\"inLanguage\":\"de\",\"potentialAction\":[{\"@type\":\"ReadAction\",\"target\":[\"https:\\\/\\\/www.pilgrim.es\\\/de\\\/portugiesischer-weg\\\/porto\\\/\"]}]},{\"@type\":\"ImageObject\",\"inLanguage\":\"de\",\"@id\":\"https:\\\/\\\/www.pilgrim.es\\\/de\\\/portugiesischer-weg\\\/porto\\\/#primaryimage\",\"url\":\"https:\\\/\\\/www.pilgrim.es\\\/wp-content\\\/uploads\\\/2019\\\/02\\\/oporto1.jpg\",\"contentUrl\":\"https:\\\/\\\/www.pilgrim.es\\\/wp-content\\\/uploads\\\/2019\\\/02\\\/oporto1.jpg\",\"width\":1600,\"height\":1200,\"caption\":\"oporto\"},{\"@type\":\"BreadcrumbList\",\"@id\":\"https:\\\/\\\/www.pilgrim.es\\\/de\\\/portugiesischer-weg\\\/porto\\\/#breadcrumb\",\"itemListElement\":[{\"@type\":\"ListItem\",\"position\":1,\"name\":\"Camino de Santiago\",\"item\":\"https:\\\/\\\/www.pilgrim.es\\\/de\\\/\"},{\"@type\":\"ListItem\",\"position\":2,\"name\":\"Portugiesischer Weg\",\"item\":\"https:\\\/\\\/www.pilgrim.es\\\/de\\\/portugiesischer-weg\\\/\"},{\"@type\":\"ListItem\",\"position\":3,\"name\":\"Oporto\"}]},{\"@type\":\"WebSite\",\"@id\":\"https:\\\/\\\/www.pilgrim.es\\\/de\\\/#website\",\"url\":\"https:\\\/\\\/www.pilgrim.es\\\/de\\\/\",\"name\":\"Pilgrim\",\"description\":\"Camino de Santiago | Caminamos Contigo\",\"publisher\":{\"@id\":\"https:\\\/\\\/www.pilgrim.es\\\/de\\\/#organization\"},\"potentialAction\":[{\"@type\":\"SearchAction\",\"target\":{\"@type\":\"EntryPoint\",\"urlTemplate\":\"https:\\\/\\\/www.pilgrim.es\\\/de\\\/?s={search_term_string}\"},\"query-input\":{\"@type\":\"PropertyValueSpecification\",\"valueRequired\":true,\"valueName\":\"search_term_string\"}}],\"inLanguage\":\"de\"},{\"@type\":\"Organization\",\"@id\":\"https:\\\/\\\/www.pilgrim.es\\\/de\\\/#organization\",\"name\":\"Pilgrim Camino de Santiago\",\"url\":\"https:\\\/\\\/www.pilgrim.es\\\/de\\\/\",\"logo\":{\"@type\":\"ImageObject\",\"inLanguage\":\"de\",\"@id\":\"https:\\\/\\\/www.pilgrim.es\\\/de\\\/#\\\/schema\\\/logo\\\/image\\\/\",\"url\":\"https:\\\/\\\/www.pilgrim.es\\\/wp-content\\\/uploads\\\/2019\\\/04\\\/logo_pilgrim.png\",\"contentUrl\":\"https:\\\/\\\/www.pilgrim.es\\\/wp-content\\\/uploads\\\/2019\\\/04\\\/logo_pilgrim.png\",\"width\":512,\"height\":512,\"caption\":\"Pilgrim Camino de Santiago\"},\"image\":{\"@id\":\"https:\\\/\\\/www.pilgrim.es\\\/de\\\/#\\\/schema\\\/logo\\\/image\\\/\"},\"sameAs\":[\"https:\\\/\\\/www.facebook.com\\\/pilgrim.es\\\/\",\"https:\\\/\\\/x.com\\\/pilgrim_es\",\"https:\\\/\\\/www.instagram.com\\\/pilgrim.es\\\/\",\"https:\\\/\\\/www.linkedin.com\\\/company\\\/pilgrim-camino-de-santiago\\\/\",\"https:\\\/\\\/www.pinterest.es\\\/pilgrimcaminodesantiago\\\/\",\"https:\\\/\\\/www.youtube.com\\\/channel\\\/UCIv2ZzFLXVqthkNF32rKedw\\\/featured\"]}]}<\/script>\n<!-- \/ Yoast SEO plugin. -->","yoast_head_json":{"title":"Oporto: Was sehen und wo \u00fcbernachten | Jakobsweg | Pilgrim","description":"Oporto Entdecken Sie alle Informationen \u00fcber Unterk\u00fcnfte, Anreise, Gastronomie und die wichtigsten Sehensw\u00fcrdigkeiten der Orte am Portugiesischer Weg","robots":{"index":"index","follow":"follow","max-snippet":"max-snippet:-1","max-image-preview":"max-image-preview:large","max-video-preview":"max-video-preview:-1"},"canonical":"https:\/\/www.pilgrim.es\/de\/portugiesischer-weg\/porto\/","og_locale":"de_DE","og_type":"article","og_title":"Oporto: Was sehen und wo \u00fcbernachten | Jakobsweg | Pilgrim","og_description":"Oporto Entdecken Sie alle Informationen \u00fcber Unterk\u00fcnfte, Anreise, Gastronomie und die wichtigsten Sehensw\u00fcrdigkeiten der Orte am Portugiesischer Weg","og_url":"https:\/\/www.pilgrim.es\/de\/portugiesischer-weg\/porto\/","og_site_name":"Pilgrim","article_publisher":"https:\/\/www.facebook.com\/pilgrim.es\/","og_image":[{"width":1600,"height":1200,"url":"https:\/\/www.pilgrim.es\/wp-content\/uploads\/2019\/02\/oporto1.jpg","type":"image\/jpeg"}],"twitter_card":"summary_large_image","twitter_site":"@pilgrim_es","twitter_misc":{"Gesch\u00e4tzte Lesezeit":"18\u00a0Minuten"},"schema":{"@context":"https:\/\/schema.org","@graph":[{"@type":"WebPage","@id":"https:\/\/www.pilgrim.es\/de\/portugiesischer-weg\/porto\/","url":"https:\/\/www.pilgrim.es\/de\/portugiesischer-weg\/porto\/","name":"Oporto: Was sehen und wo \u00fcbernachten | Jakobsweg | Pilgrim","isPartOf":{"@id":"https:\/\/www.pilgrim.es\/de\/#website"},"primaryImageOfPage":{"@id":"https:\/\/www.pilgrim.es\/de\/portugiesischer-weg\/porto\/#primaryimage"},"image":{"@id":"https:\/\/www.pilgrim.es\/de\/portugiesischer-weg\/porto\/#primaryimage"},"thumbnailUrl":"https:\/\/www.pilgrim.es\/wp-content\/uploads\/2019\/02\/oporto1.jpg","datePublished":"2025-03-17T14:00:32+00:00","description":"Oporto Entdecken Sie alle Informationen \u00fcber Unterk\u00fcnfte, Anreise, Gastronomie und die wichtigsten Sehensw\u00fcrdigkeiten der Orte am Portugiesischer Weg","breadcrumb":{"@id":"https:\/\/www.pilgrim.es\/de\/portugiesischer-weg\/porto\/#breadcrumb"},"inLanguage":"de","potentialAction":[{"@type":"ReadAction","target":["https:\/\/www.pilgrim.es\/de\/portugiesischer-weg\/porto\/"]}]},{"@type":"ImageObject","inLanguage":"de","@id":"https:\/\/www.pilgrim.es\/de\/portugiesischer-weg\/porto\/#primaryimage","url":"https:\/\/www.pilgrim.es\/wp-content\/uploads\/2019\/02\/oporto1.jpg","contentUrl":"https:\/\/www.pilgrim.es\/wp-content\/uploads\/2019\/02\/oporto1.jpg","width":1600,"height":1200,"caption":"oporto"},{"@type":"BreadcrumbList","@id":"https:\/\/www.pilgrim.es\/de\/portugiesischer-weg\/porto\/#breadcrumb","itemListElement":[{"@type":"ListItem","position":1,"name":"Camino de Santiago","item":"https:\/\/www.pilgrim.es\/de\/"},{"@type":"ListItem","position":2,"name":"Portugiesischer Weg","item":"https:\/\/www.pilgrim.es\/de\/portugiesischer-weg\/"},{"@type":"ListItem","position":3,"name":"Oporto"}]},{"@type":"WebSite","@id":"https:\/\/www.pilgrim.es\/de\/#website","url":"https:\/\/www.pilgrim.es\/de\/","name":"Pilgrim","description":"Camino de Santiago | Caminamos Contigo","publisher":{"@id":"https:\/\/www.pilgrim.es\/de\/#organization"},"potentialAction":[{"@type":"SearchAction","target":{"@type":"EntryPoint","urlTemplate":"https:\/\/www.pilgrim.es\/de\/?s={search_term_string}"},"query-input":{"@type":"PropertyValueSpecification","valueRequired":true,"valueName":"search_term_string"}}],"inLanguage":"de"},{"@type":"Organization","@id":"https:\/\/www.pilgrim.es\/de\/#organization","name":"Pilgrim Camino de Santiago","url":"https:\/\/www.pilgrim.es\/de\/","logo":{"@type":"ImageObject","inLanguage":"de","@id":"https:\/\/www.pilgrim.es\/de\/#\/schema\/logo\/image\/","url":"https:\/\/www.pilgrim.es\/wp-content\/uploads\/2019\/04\/logo_pilgrim.png","contentUrl":"https:\/\/www.pilgrim.es\/wp-content\/uploads\/2019\/04\/logo_pilgrim.png","width":512,"height":512,"caption":"Pilgrim Camino de Santiago"},"image":{"@id":"https:\/\/www.pilgrim.es\/de\/#\/schema\/logo\/image\/"},"sameAs":["https:\/\/www.facebook.com\/pilgrim.es\/","https:\/\/x.com\/pilgrim_es","https:\/\/www.instagram.com\/pilgrim.es\/","https:\/\/www.linkedin.com\/company\/pilgrim-camino-de-santiago\/","https:\/\/www.pinterest.es\/pilgrimcaminodesantiago\/","https:\/\/www.youtube.com\/channel\/UCIv2ZzFLXVqthkNF32rKedw\/featured"]}]}},"_links":{"self":[{"href":"https:\/\/www.pilgrim.es\/de\/wp-json\/wp\/v2\/pages\/91204","targetHints":{"allow":["GET"]}}],"collection":[{"href":"https:\/\/www.pilgrim.es\/de\/wp-json\/wp\/v2\/pages"}],"about":[{"href":"https:\/\/www.pilgrim.es\/de\/wp-json\/wp\/v2\/types\/page"}],"replies":[{"embeddable":true,"href":"https:\/\/www.pilgrim.es\/de\/wp-json\/wp\/v2\/comments?post=91204"}],"version-history":[{"count":0,"href":"https:\/\/www.pilgrim.es\/de\/wp-json\/wp\/v2\/pages\/91204\/revisions"}],"up":[{"embeddable":true,"href":"https:\/\/www.pilgrim.es\/de\/wp-json\/wp\/v2\/pages\/10665"}],"wp:featuredmedia":[{"embeddable":true,"href":"https:\/\/www.pilgrim.es\/de\/wp-json\/wp\/v2\/media\/6834"}],"wp:attachment":[{"href":"https:\/\/www.pilgrim.es\/de\/wp-json\/wp\/v2\/media?parent=91204"}],"wp:term":[{"taxonomy":"category","embeddable":true,"href":"https:\/\/www.pilgrim.es\/de\/wp-json\/wp\/v2\/categories?post=91204"},{"taxonomy":"post_tag","embeddable":true,"href":"https:\/\/www.pilgrim.es\/de\/wp-json\/wp\/v2\/tags?post=91204"}],"curies":[{"name":"wp","href":"https:\/\/api.w.org\/{rel}","templated":true}]}}