{"id":91186,"date":"2025-03-17T13:56:13","date_gmt":"2025-03-17T13:56:13","guid":{"rendered":"https:\/\/www.pilgrim.es\/portugiesischer-weg\/coimbra\/"},"modified":"2025-03-17T13:56:13","modified_gmt":"2025-03-17T13:56:13","slug":"coimbra","status":"publish","type":"page","link":"https:\/\/www.pilgrim.es\/de\/portugiesischer-weg\/coimbra\/","title":{"rendered":"Co\u00edmbra"},"content":{"rendered":" <section id=\"hero\">\n\t<h1>Co\u00edmbra<\/h1>\n\t<div class=\"hero-grid\">\n\t\t<div class=\"hero-grid__town-col\" data-background=\"https:\/\/cdn.pilgrim.es\/web\/caminos\/camino-portugues\/pueblos\/coimbra\/coimbra.jpg\">\n\t\t\t<div>\n\t\t\t\t<a class=\"link-to-stage\" href=\"https:\/\/www.pilgrim.es\/camino-portugues\/etapa-8-rabacal-coimbra\/\">\n\t\t\t\t\t<p>&#8249; Zur\u00fcck zur B\u00fchne<\/p>\n\t\t\t\t<\/a>\n\n\t\t\t\t<div class=\"town-data\">\n\t\t\t\t\t<h2>Co\u00edmbra<\/h2>\n\t\t\t\t\t<ul>\n\t\t\t\t\t\t<li>Einwohner: 105.842 aprox.<\/li>\n\t\t\t\t\t\t<li>Bundesland: <\/li>\n\t\t\t\t\t<\/ul>\n\t\t\t\t<\/div>\n\t\t\t<\/div>\n\t\t<\/div>\n\t\t<div class=\"hero-grid__planner-col\"><div\r\n  class=\"p-col-span-1 p-rounded-lg p-px-5 p-h-full\"\r\n  style=\"background-image: url('https:\/\/cdn.pilgrim.es\/web\/pilgrim-planner\/bg-plugin-planificador.webp')\"\r\n  rel=\"preload\"\r\n  fetchpriority=\"high\"\r\n  >\r\n    <div class=\"p-text-center p-pt-5 p-text-white p-text-2xl p-font-semibold\">\r\n      Plane deinen Weg    <\/div>\r\n    <div\r\n            id='primary-app'\r\n            data-name='banner'\r\n            data-api='https:\/\/pathfinder.pilgrim.es\/api\/pathfinder\/v2'\r\n            data-mode='normal'\r\n            data-lang='de'\r\n            data-route='1'\r\n            data-destiny='https:\/\/planificador.pilgrim.es'\r\n            data-modality='1'\r\n            data-inline=''\r\n        ><\/div><\/div><\/div>\n\t<\/div>\n<\/section>\n\n<section id=\"infoTown\">\n\t<div class=\"sections-town\">\n\n\t\t<div id=\"informationSection\">\n\t\t\t<div>\n\t\t\t\t<h2 class=\"p-h2-town\">Informationen<\/h2>\n\t\t\t\t<hr>\n\t\t\t\t<h3 class=\"p-h3-town\">Get to know Co\u00edmbra<\/h3>\n\t\t\t<\/div>\n\t\t\t<p>Die Stadt Coimbra ist eine der bedeutendsten St\u00e4dte Portugals und wird vom Fluss Mondego durchflossen.<\/p> <p>In ihren engen Gassen finden sich historische Zeugnisse aus verschiedenen Epochen, denn sie war eine Stadt von gro\u00dfer Bedeutung. Sechs der portugiesischen K\u00f6nige wurden hier geboren. Sie war \u00fcber hundert Jahre lang die Hauptstadt des Landes und wurde zu einem wichtigen politischen und kulturellen Zentrum des Landes.<\/p> <p>Das Highlight ist die Universit\u00e4t, eine der \u00e4ltesten in Europa, die 2013 von der UNESCO zum Weltkulturerbe erkl\u00e4rt wurde.<\/p> <p>Die Universit\u00e4t ist eine UNESCO-Weltkulturerbest\u00e4tte.<\/p> <p>Die Universit\u00e4t ist eine der \u00e4ltesten in Europa und wurde 2013 von der UNESCO zum Weltkulturerbe erkl\u00e4rt.<\/p> <p>Die Universit\u00e4t ist eine der \u00e4ltesten in Europa.\n\t\t<\/div>\n\n\t\t<div id=\"locationSection\">\n\t\t\t<div>\n\t\t\t\t<h2 class=\"p-h2-town\">Standort<\/h2>\n\t\t\t\t<hr>\n\t\t\t\t<h3 class=\"p-h3-town\">Wegbeschreibung<\/h3>\n\t\t\t<\/div>\n\t\t\t<p>Am einfachsten erreicht man Coimbra entweder von Porto oder Lissabon aus. Wenn Sie von Porto oder aus dem Norden kommen, ist es am einfachsten, die E-1 zu nehmen, die beide St\u00e4dte mit Lissabon verbindet.\n\n<p>Eine andere M\u00f6glichkeit von Salamanca aus ist, die A-5 zu nehmen und in Guarda auf die E802 zu wechseln und dann auf die IC-8 abzubiegen. Sobald Sie Castelo Branco passiert haben, bevor Sie Vila Velha de Rodao erreichen, fahren Sie auf die A-13 nach Coimbra.\n\n<p>Um mit dem Bus zu fahren, k\u00f6nnen Sie von Lissabon oder Porto aus den Bus oder den Zug nehmen, aber es ist ratsam, den Express zu nehmen, da die anderen sehr lange brauchen.\n\t\t\t<div>\n\t\t\t\t<div>\n  <iframe loading=\"lazy\"\n    src=\"https:\/\/www.google.com\/maps\/d\/embed?mid=1LL40XySpDo4nMVgMzH57q2tCIIhyf4k&amp;ehbc=2E312F\"\n    width=\"640\"\n    height=\"480\"\n    alt=\"Mapa Co\u00edmbra\"\n  ><\/iframe>\n<\/div>\n\n\t\t\t<\/div>\n\t\t<\/div>\n\n\t\t\n\t\t\t<div id=\"toVisitSection\">\n\t\t\t\t<div>\n\t\t\t\t\t<h2 class=\"p-h2-town\">Geschichte \/ Kultur<\/h2>\n\t\t\t\t\t<hr>\n\t\t\t\t\t<h3 class=\"p-h3-town\">Was es zu sehen gibt<\/h3>\n\t\t\t\t<\/div>\n\t\t\t\t<div>\n\t\t\t\t\t<div class=\"accordion\">\n\t\t\t\t\t\t<div class=\"accordion__menu\">\n\t\t\t\t\t\t\t<nav>\n\t\t\t\t\t\t\t\t\n\t\t\t\t\t\t\t\t\t<button class=\"nav-tab-accordion active\"><span>&#10093;<\/span><span> Universidad de Coimbra<\/span><\/button>\n\t\t\t\t\t\t\t\t\n\t\t\t\t\t\t\t\t\t<button class=\"nav-tab-accordion \"><span>&#10093;<\/span><span> Torre de Anto<\/span><\/button>\n\t\t\t\t\t\t\t\t\n\t\t\t\t\t\t\t\t\t<button class=\"nav-tab-accordion \"><span>&#10093;<\/span><span> Portugal dos Pequenitos<\/span><\/button>\n\t\t\t\t\t\t\t\t\n\t\t\t\t\t\t\t\t\t<button class=\"nav-tab-accordion \"><span>&#10093;<\/span><span> Penedo da Saudade<\/span><\/button>\n\t\t\t\t\t\t\t\t\n\t\t\t\t\t\t\t\t\t<button class=\"nav-tab-accordion \"><span>&#10093;<\/span><span> Museo del Agua<\/span><\/button>\n\t\t\t\t\t\t\t\t\n\t\t\t\t\t\t\t\t\t<button class=\"nav-tab-accordion \"><span>&#10093;<\/span><span> Museo de la Ciencia<\/span><\/button>\n\t\t\t\t\t\t\t\t\n\t\t\t\t\t\t\t\t\t<button class=\"nav-tab-accordion \"><span>&#10093;<\/span><span> Monasterio de Santa Cruz<\/span><\/button>\n\t\t\t\t\t\t\t\t\n\t\t\t\t\t\t\t\t\t<button class=\"nav-tab-accordion \"><span>&#10093;<\/span><span> Monasterio de Santa Clara a Velha<\/span><\/button>\n\t\t\t\t\t\t\t\t\n\t\t\t\t\t\t\t\t\t<button class=\"nav-tab-accordion \"><span>&#10093;<\/span><span> Monasterio de Celas<\/span><\/button>\n\t\t\t\t\t\t\t\t\n\t\t\t\t\t\t\t\t\t<button class=\"nav-tab-accordion \"><span>&#10093;<\/span><span> Jardim Bot\u00e2nico<\/span><\/button>\n\t\t\t\t\t\t\t\t\n\t\t\t\t\t\t\t\t\t<button class=\"nav-tab-accordion \"><span>&#10093;<\/span><span> Iglesia de Santo Ant\u00f3nio dos Olivais<\/span><\/button>\n\t\t\t\t\t\t\t\t\n\t\t\t\t\t\t\t\t\t<button class=\"nav-tab-accordion \"><span>&#10093;<\/span><span> Iglesia de Santiago<\/span><\/button>\n\t\t\t\t\t\t\t\t\n\t\t\t\t\t\t\t\t\t<button class=\"nav-tab-accordion \"><span>&#10093;<\/span><span> Con\u00edmbriga<\/span><\/button>\n\t\t\t\t\t\t\t\t\n\t\t\t\t\t\t\t\t\t<button class=\"nav-tab-accordion \"><span>&#10093;<\/span><span> Catedral S\u00e9 Nova<\/span><\/button>\n\t\t\t\t\t\t\t\t\n\t\t\t\t\t\t\t\t\t<button class=\"nav-tab-accordion \"><span>&#10093;<\/span><span> Biblioteca Joanina<\/span><\/button>\n\t\t\t\t\t\t\t\t\n\t\t\t\t\t\t\t\t\t<button class=\"nav-tab-accordion \"><span>&#10093;<\/span><span> Seminario Maior de Coimbra<\/span><\/button>\n\t\t\t\t\t\t\t\t\n\t\t\t\t\t\t\t\t\t<button class=\"nav-tab-accordion \"><span>&#10093;<\/span><span> Patio da Inquisi\u00e7\u00e3o<\/span><\/button>\n\t\t\t\t\t\t\t\t\n\t\t\t\t\t\t\t\t\t<button class=\"nav-tab-accordion \"><span>&#10093;<\/span><span> Parque de Santa Cruz<\/span><\/button>\n\t\t\t\t\t\t\t\t\n\t\t\t\t\t\t\t\t\t<button class=\"nav-tab-accordion \"><span>&#10093;<\/span><span> Museo Nacional de Machado de Castro<\/span><\/button>\n\t\t\t\t\t\t\t\t\n\t\t\t\t\t\t\t\t\t<button class=\"nav-tab-accordion \"><span>&#10093;<\/span><span> Jardines S\u00e1 da Bandeira<\/span><\/button>\n\t\t\t\t\t\t\t\t\n\t\t\t\t\t\t\t\t\t<button class=\"nav-tab-accordion \"><span>&#10093;<\/span><span> Iglesia de S\u00e3o Pedro<\/span><\/button>\n\t\t\t\t\t\t\t\t\n\t\t\t\t\t\t\t\t\t<button class=\"nav-tab-accordion \"><span>&#10093;<\/span><span> Iglesia de S\u00e3o Bartolomeu<\/span><\/button>\n\t\t\t\t\t\t\t\t\n\t\t\t\t\t\t\t\t\t<button class=\"nav-tab-accordion \"><span>&#10093;<\/span><span> Iglesia de Santa Justa<\/span><\/button>\n\t\t\t\t\t\t\t\t\n\t\t\t\t\t\t\t\t\t<button class=\"nav-tab-accordion \"><span>&#10093;<\/span><span> Iglesia de Nossa Senhora da Gra\u00e7a<\/span><\/button>\n\t\t\t\t\t\t\t\t\n\t\t\t\t\t\t\t\t\t<button class=\"nav-tab-accordion \"><span>&#10093;<\/span><span> Iglesia de Nossa Senhora do Carmo<\/span><\/button>\n\t\t\t\t\t\t\t\t\n\t\t\t\t\t\t\t\t\t<button class=\"nav-tab-accordion \"><span>&#10093;<\/span><span> Convento de Santa Clara a Nova<\/span><\/button>\n\t\t\t\t\t\t\t\t\n\t\t\t\t\t\t\t\t\t<button class=\"nav-tab-accordion \"><span>&#10093;<\/span><span> Convento de Cristo<\/span><\/button>\n\t\t\t\t\t\t\t\t\n\t\t\t\t\t\t\t\t\t<button class=\"nav-tab-accordion \"><span>&#10093;<\/span><span> Catedral S\u00e9 Velha de Coimbra<\/span><\/button>\n\t\t\t\t\t\t\t\t\n\t\t\t\t\t\t\t\t\t<button class=\"nav-tab-accordion \"><span>&#10093;<\/span><span> Iglesia de S\u00e3o Salvador<\/span><\/button>\n\t\t\t\t\t\t\t\t\n\t\t\t\t\t\t\t\t\t<button class=\"nav-tab-accordion \"><span>&#10093;<\/span><span> Arco y Torre de Almedina<\/span><\/button>\n\t\t\t\t\t\t\t\t\n\t\t\t\t\t\t\t\t\t<button class=\"nav-tab-accordion \"><span>&#10093;<\/span><span> Carmelo de Santa Teresa<\/span><\/button>\n\t\t\t\t\t\t\t\t\n\t\t\t\t\t\t\t\t\t<button class=\"nav-tab-accordion \"><span>&#10093;<\/span><span> Palacio de Sub-Ripas<\/span><\/button>\n\t\t\t\t\t\t\t\t\n\t\t\t\t\t\t\t\t\t<button class=\"nav-tab-accordion \"><span>&#10093;<\/span><span> Acueducto de San Sebasti\u00e1n<\/span><\/button>\n\t\t\t\t\t\t\t\t\n\t\t\t\t\t\t\t<\/nav>\n\t\t\t\t\t\t<\/div>\n\n\t\t\t\t\t\t\n\t\t\t\t\t\t\t<div class=\"accordion__accordion-content \">\n\t\t\t\t\t\t\t\t<div>\n\t\t\t\t\t\t\t\t\t<div>\n\t\t\t\t\t\t\t\t\t\t<h4>Universidad de Coimbra<\/h4>\n\t\t\t\t\t\t\t\t\t\t<p>Die Universit\u00e4t von Coimbra ist ein Universit\u00e4tscampus, der 2013 zum UNESCO-Weltkulturerbe erkl\u00e4rt wurde. Die Universit\u00e4t wurde im Jahr 1290 mit den Fakult\u00e4ten f\u00fcr Kunst, Kirchenrecht, Zivilrecht und Medizin gegr\u00fcndet. Heute hat sie insgesamt acht Fakult\u00e4ten: Kunst, Recht, Medizin, Wissenschaft und Technik, Pharmazie, Wirtschaft, Psychologie und Erziehungswissenschaften sowie Sportwissenschaften und Leibeserziehung.\n\t\t\t\t\t\t\t\t\t<\/div>\n\t\t\t\t\t\t\t\t\t<img decoding=\"async\" src=\"https:\/\/cdn.pilgrim.es\/web\/caminos\/camino-portugues\/pueblos\/coimbra\/puntos-de-interes\/universidad-de-coimbra.jpg\" alt=\"Universidad de Coimbra\">\n\t\t\t\t\t\t\t\t<\/div>\n\t\t\t\t\t\t\t<\/div>\n\t\t\t\t\t\t\n\t\t\t\t\t\t\t<div class=\"accordion__accordion-content inactive\">\n\t\t\t\t\t\t\t\t<div>\n\t\t\t\t\t\t\t\t\t<div>\n\t\t\t\t\t\t\t\t\t\t<h4>Torre de Anto<\/h4>\n\t\t\t\t\t\t\t\t\t\t<p>Der Torre de Anto, auch bekannt als Torre do Prior do Ameal, war einer der T\u00fcrme der alten mittelalterlichen Stadtmauer, die die Stadt umschloss. Um das 16. Jahrhundert verlor der Turm jedoch seine Verteidigungsfunktion und wurde in ein Privathaus umgewandelt. Die bekannteste Person, die in diesem Haus lebte, war der Dichter Ant\u00f3nio Pereira Nobre, der dort w\u00e4hrend seines Studiums Ende des 19. Jahrhunderts wohnte.\n\n<p>Heute beherbergt der Torre de Anto die Casa da Artesan\u00e1ria de Coimbra. <\/p>\n\t\t\t\t\t\t\t\t\t<\/div>\n\t\t\t\t\t\t\t\t\t<img decoding=\"async\" src=\"https:\/\/cdn.pilgrim.es\/web\/caminos\/camino-portugues\/pueblos\/coimbra\/puntos-de-interes\/torre-de-anto.jpg\" alt=\"Torre de Anto\">\n\t\t\t\t\t\t\t\t<\/div>\n\t\t\t\t\t\t\t<\/div>\n\t\t\t\t\t\t\n\t\t\t\t\t\t\t<div class=\"accordion__accordion-content inactive\">\n\t\t\t\t\t\t\t\t<div>\n\t\t\t\t\t\t\t\t\t<div>\n\t\t\t\t\t\t\t\t\t\t<h4>Portugal dos Pequenitos<\/h4>\n\t\t\t\t\t\t\t\t\t\t<p>Portugal dos Pequenitos ist ein kleiner Themenpark, in dem die Geschichte und Architektur Portugals in ma\u00dfstabsgetreuen Darstellungen nachgebildet ist. Dieser Komplex wurde 1940 eingeweiht und ist in drei Zonen unterteilt: <\/p> <p>Portugal dos Pequenitos ist ein kleiner Themenpark, der die Geschichte und Architektur Portugals durch ma\u00dfstabsgetreue Darstellungen wiedergibt.\n\t\t\t\t\t\t\t\t\t<\/div>\n\t\t\t\t\t\t\t\t\t<img decoding=\"async\" src=\"https:\/\/cdn.pilgrim.es\/web\/caminos\/camino-portugues\/pueblos\/coimbra\/puntos-de-interes\/portugal-dos-pequenitos.jpg\" alt=\"Portugal dos Pequenitos\">\n\t\t\t\t\t\t\t\t<\/div>\n\t\t\t\t\t\t\t<\/div>\n\t\t\t\t\t\t\n\t\t\t\t\t\t\t<div class=\"accordion__accordion-content inactive\">\n\t\t\t\t\t\t\t\t<div>\n\t\t\t\t\t\t\t\t\t<div>\n\t\t\t\t\t\t\t\t\t\t<h4>Penedo da Saudade<\/h4>\n\t\t\t\t\t\t\t\t\t\t<p>Der Penedo da Saudade ist ein gro\u00dfer Felsenkomplex, der diesen Namen erhielt, weil Prinz Pedro oft dorthin ging, um den Verlust seiner geliebten In\u00e9s zu betrauern. Als Kuriosit\u00e4t sind die vielen Pl\u00e4tze im Garten zu erw\u00e4hnen, auf denen Grabsteine mit Versen verschiedener Abschlussklassen der Universit\u00e4t stehen. <\/p>\n\t\t\t\t\t\t\t\t\t<\/div>\n\t\t\t\t\t\t\t\t\t<img decoding=\"async\" src=\"https:\/\/cdn.pilgrim.es\/web\/caminos\/camino-portugues\/pueblos\/coimbra\/puntos-de-interes\/penedo-da-saudade.jpg\" alt=\"Penedo da Saudade\">\n\t\t\t\t\t\t\t\t<\/div>\n\t\t\t\t\t\t\t<\/div>\n\t\t\t\t\t\t\n\t\t\t\t\t\t\t<div class=\"accordion__accordion-content inactive\">\n\t\t\t\t\t\t\t\t<div>\n\t\t\t\t\t\t\t\t\t<div>\n\t\t\t\t\t\t\t\t\t\t<h4>Museo del Agua<\/h4>\n\t\t\t\t\t\t\t\t\t\t<p>Das Wassermuseum wurde 2007 eingeweiht und befindet sich in den R\u00e4umlichkeiten einer alten Wasserauffangstation, also in der N\u00e4he des Dr. Manuel de Braga Parks.<\/p> <p>Das Wassermuseum wurde 2007 eingeweiht und befindet sich in den R\u00e4umlichkeiten einer alten Wasserauffangstation, also in der N\u00e4he des Dr. Manuel de Braga Parks.\n\n<p>Im Inneren des Museums wird die Geschichte der \u00f6ffentlichen Wasserversorgung erl\u00e4utert, und es werden auch andere Sammlungen ausgestellt, darunter eine Sammlung von Wasserz\u00e4hlern. <\/p>\n\n<p>STUNDEN<\/p>\n\n<p>Dienstag bis Sonntag von 10:00 bis 13:00 Uhr und von 14:00 bis 18:00 Uhr<\/p> <p>Dienstags bis sonntags von 10:00 bis 13:00 Uhr und von 14:00 bis 18:00 Uhr<\/p>\n\n<p>TARIFALEintritt ist frei<\/p>\n\n<p>INFORMATIONEN VON INTERESSE<\/p>\n\n<p>Web: www.museudaagua.comE-mail: museudaagua@aguasdecoimbra.ptTel\u00e9fono: +351 239 102 115<\/p>\n\t\t\t\t\t\t\t\t\t<\/div>\n\t\t\t\t\t\t\t\t\t<img decoding=\"async\" src=\"https:\/\/cdn.pilgrim.es\/web\/caminos\/camino-portugues\/pueblos\/coimbra\/puntos-de-interes\/museo-del-agua.jpg\" alt=\"Museo del Agua\">\n\t\t\t\t\t\t\t\t<\/div>\n\t\t\t\t\t\t\t<\/div>\n\t\t\t\t\t\t\n\t\t\t\t\t\t\t<div class=\"accordion__accordion-content inactive\">\n\t\t\t\t\t\t\t\t<div>\n\t\t\t\t\t\t\t\t\t<div>\n\t\t\t\t\t\t\t\t\t\t<h4>Museo de la Ciencia<\/h4>\n\t\t\t\t\t\t\t\t\t\t<p>Das Wissenschaftsmuseum ist ein interaktives Museum, dessen Aufgabe es ist, Informationen \u00fcber verschiedene Galerien wie Physik, Zoologie, Mineralogie und Geologie und Botanik zu verbreiten. In der Galerie f\u00fcr Physik befindet sich das Laboratorio Chimico, dessen Sammlung als eine der wichtigsten der Welt gilt. Die Galerie f\u00fcr Mineralogie und Geologie beherbergt die \u00e4lteste Sammlung des Kontinents mit mehr als 5600 Exemplaren. Sie alle zeichnen sich durch den einen oder anderen Aspekt ihrer Sammlungen aus.\n\t\t\t\t\t\t\t\t\t<\/div>\n\t\t\t\t\t\t\t\t\t<img decoding=\"async\" src=\"https:\/\/cdn.pilgrim.es\/web\/caminos\/camino-portugues\/pueblos\/coimbra\/puntos-de-interes\/museo-de-la-ciencia.jpg\" alt=\"Museo de la Ciencia\">\n\t\t\t\t\t\t\t\t<\/div>\n\t\t\t\t\t\t\t<\/div>\n\t\t\t\t\t\t\n\t\t\t\t\t\t\t<div class=\"accordion__accordion-content inactive\">\n\t\t\t\t\t\t\t\t<div>\n\t\t\t\t\t\t\t\t\t<div>\n\t\t\t\t\t\t\t\t\t\t<h4>Monasterio de Santa Cruz<\/h4>\n\t\t\t\t\t\t\t\t\t\t<p>Das im 12. Jahrhundert erbaute Kloster Santa Cruz wurde vom Orden der Kanoniker des Heiligen Augustinus gegr\u00fcndet. Nach seiner Errichtung erfuhr es zahlreiche Ver\u00e4nderungen, die wichtigste im 16. Jahrhundert, als die Fassade vollst\u00e4ndig ver\u00e4ndert und zwei Glockent\u00fcrme hinzugef\u00fcgt wurden. Im Inneren des Klosters k\u00f6nnen Sie die Kapelle der M\u00e4rtyrer von Marokko, die Kapelle des Heiligen Grabes, die Kapelle des Heiligen Antonius und die Kapelle des Herrn der Stufen sowie die Hauptkapelle bewundern, in der sich die Gr\u00e4ber der ersten K\u00f6nige Portugals befinden, weshalb sie zum nationalen Pantheon erkl\u00e4rt wurde. Ebenfalls sehenswert im Inneren sind die Barockorgel, die Trib\u00fcne, die manieristische Sakristei, der Kreuzgang der Stille, das Refektorium und der Kapitelsaal. <\/p>\n\t\t\t\t\t\t\t\t\t<\/div>\n\t\t\t\t\t\t\t\t\t<img decoding=\"async\" src=\"https:\/\/cdn.pilgrim.es\/web\/caminos\/camino-portugues\/pueblos\/coimbra\/puntos-de-interes\/monasterio-de-santa-cruz.jpg\" alt=\"Monasterio de Santa Cruz\">\n\t\t\t\t\t\t\t\t<\/div>\n\t\t\t\t\t\t\t<\/div>\n\t\t\t\t\t\t\n\t\t\t\t\t\t\t<div class=\"accordion__accordion-content inactive\">\n\t\t\t\t\t\t\t\t<div>\n\t\t\t\t\t\t\t\t\t<div>\n\t\t\t\t\t\t\t\t\t\t<h4>Monasterio de Santa Clara a Velha<\/h4>\n\t\t\t\t\t\t\t\t\t\t<p>Das Kloster Santa Clara a Velha ist ein gro\u00dfes Geb\u00e4ude aus dem 13. Jahrhundert, das auf Wunsch des Adligen Mor Dias mit dem Ziel errichtet wurde, eine Gemeinschaft von Klarissennonnen unterzubringen. Nachdem die Idee sowohl von den Kanonikern des Klosters Santa Cruz als auch von den Nonnen angefochten wurde, wurde es 1311 als solches aufgegeben. Nach Jahren der Vernachl\u00e4ssigung wurde dieses alte Kloster neu gegr\u00fcndet und beherbergt heute das Interpretationszentrum mit der Dauerausstellung &#8222;Nonnen und Duennas von Santa Clara: Arch\u00e4ologie des Klosters&#8220;. <\/p>\n\t\t\t\t\t\t\t\t\t<\/div>\n\t\t\t\t\t\t\t\t\t<img decoding=\"async\" src=\"https:\/\/cdn.pilgrim.es\/web\/caminos\/camino-portugues\/pueblos\/coimbra\/puntos-de-interes\/monasterio-de-santa-clara-a-velha.jpg\" alt=\"Monasterio de Santa Clara a Velha\">\n\t\t\t\t\t\t\t\t<\/div>\n\t\t\t\t\t\t\t<\/div>\n\t\t\t\t\t\t\n\t\t\t\t\t\t\t<div class=\"accordion__accordion-content inactive\">\n\t\t\t\t\t\t\t\t<div>\n\t\t\t\t\t\t\t\t\t<div>\n\t\t\t\t\t\t\t\t\t\t<h4>Monasterio de Celas<\/h4>\n\t\t\t\t\t\t\t\t\t\t<p>Das Kloster von Celas wurde von Do\u00f1a Sancha de Portugal, der Tochter von Sancho I., zu Beginn des 13. Jahrhunderts gegr\u00fcndet. Zwischen dem 16. und 17. Jahrhundert wurde das Geb\u00e4ude einer intensiven Restaurierung unterzogen, die seine urspr\u00fcngliche \u00c4sthetik ver\u00e4nderte, mit Ausnahme der Kirche, die ihre runde Struktur beibehielt, des Kapitelsaals, des Chors und des Kreuzgangs, wo die historisierenden Kapitelle im West- und S\u00fcdfl\u00fcgel des Kreuzgangs hervorstechen.\n\n<p>STUNDEN<\/p>\n\n<p>Montag bis Freitag von 15:00 bis 18:00 Uhr<\/p>\n\n<p>GEB\u00dcHR<\/p>\n\n<p>Allgemeiner Eintritt: 1\u20acKindereintritt: 0,5\u20ac<\/p> <p>Kindereintritt: 0,5\u20ac<\/p> <p>Geb\u00fchren: 1\u20ac<\/p> &lt;p\n\t\t\t\t\t\t\t\t\t<\/div>\n\t\t\t\t\t\t\t\t\t<img decoding=\"async\" src=\"https:\/\/cdn.pilgrim.es\/web\/caminos\/camino-portugues\/pueblos\/coimbra\/puntos-de-interes\/monasterio-de-celas.jpg\" alt=\"Monasterio de Celas\">\n\t\t\t\t\t\t\t\t<\/div>\n\t\t\t\t\t\t\t<\/div>\n\t\t\t\t\t\t\n\t\t\t\t\t\t\t<div class=\"accordion__accordion-content inactive\">\n\t\t\t\t\t\t\t\t<div>\n\t\t\t\t\t\t\t\t\t<div>\n\t\t\t\t\t\t\t\t\t\t<h4>Jardim Bot\u00e2nico<\/h4>\n\t\t\t\t\t\t\t\t\t\t<p>Der Jardim Bot\u00e2nico, der im Auftrag des Marquis von Pombal um 1772 erbaut wurde, ist einer der reichsten und wohlhabendsten G\u00e4rten in Portugal. Der Botanische Garten wurde von einigen italienischen K\u00fcnstlern entworfen und beherbergt ein Waldgebiet sowie sechs f\u00fcr die Bepflanzung vorbereitete Landstriche, darunter Gew\u00e4chsh\u00e4user, Seen, Brunnen und Teiche.<\/p> <p>Der Botanische Garten wurde von einigen italienischen K\u00fcnstlern entworfen und beherbergt ein Waldgebiet sowie sechs f\u00fcr die Bepflanzung vorbereitete Landstriche, darunter Gew\u00e4chsh\u00e4user, Seen, Brunnen und Teiche.\n\n<p>Dieser Garten beherbergt mehr als 1.200 Baumarten, die meisten davon exotisch. Wenn man den Garten betritt, sieht man die Statue von Avelar Brotero, dem ersten Direktor des Gartens. Der Botanische Garten von Coimbra ist sicherlich ein idealer Ort f\u00fcr einen entspannenden Spaziergang an der frischen Luft und ist derzeit Gegenstand wissenschaftlicher Studien. <\/p>\n\n<p>STUNDEN<\/p>\n\n<p>T\u00e4glich von 09:00 bis 17:30 Uhr<\/p> <p>T\u00e4glich von 09:00 bis 17:30 Uhr<\/p>\n\n<p>INFORMATIONEN VON INTERESSE<\/p>\n\n<p>Telefon: +351 239 855 216<\/p>\n\t\t\t\t\t\t\t\t\t<\/div>\n\t\t\t\t\t\t\t\t\t<img decoding=\"async\" src=\"https:\/\/cdn.pilgrim.es\/web\/caminos\/camino-portugues\/pueblos\/coimbra\/puntos-de-interes\/jardim-botanico.jpg\" alt=\"Jardim Bot\u00e2nico\">\n\t\t\t\t\t\t\t\t<\/div>\n\t\t\t\t\t\t\t<\/div>\n\t\t\t\t\t\t\n\t\t\t\t\t\t\t<div class=\"accordion__accordion-content inactive\">\n\t\t\t\t\t\t\t\t<div>\n\t\t\t\t\t\t\t\t\t<div>\n\t\t\t\t\t\t\t\t\t\t<h4>Iglesia de Santo Ant\u00f3nio dos Olivais<\/h4>\n\t\t\t\t\t\t\t\t\t\t<p>Die Kirche Santo Ant\u00f3nio dos Olivais war urspr\u00fcnglich, im 13. Jahrhundert, eine Kapelle, die K\u00f6nigin Dona Urraca den Franziskanern \u00fcbertrug. Einer dieser Ordensleute war Fernando de Bulh\u00f5es, der sp\u00e4ter als Heiliger Antonius von Padua bekannt wurde und 1232 geweiht wurde.<\/p> <p>Die Kirche Santo Ant\u00f3nio dos Olivais war urspr\u00fcnglich im 13. Jahrhundert eine Kapelle, die K\u00f6nigin Urraca den Franziskanern \u00fcberlie\u00df.\n\n<p>Der Franziskanerorden verlie\u00df diesen Ort im Jahr 1274, so dass diese Kapelle in den Besitz des Cabildo der Stadt Coimbra \u00fcberging, das f\u00fcr die Vergr\u00f6\u00dferung der Kirche und deren Instandhaltung zust\u00e4ndig war. Im 16. Jahrhundert gelang es den Ordensleuten jedoch, den Besitz zur\u00fcckzugewinnen. Das heutige Gotteshaus ist das Ergebnis einer umfassenden Restaurierung, die im 18. Jahrhundert durchgef\u00fchrt wurde. <\/p> <p>Die Kirche ist heute noch zu sehen.\n\n<p>INFORMATIONEN VON INTERESSE<\/p>\n\n<p>Telefon: +351 239 711 992<\/p> <p>Telefon: +351 239 711 992<\/p>\n\t\t\t\t\t\t\t\t\t<\/div>\n\t\t\t\t\t\t\t\t\t<img decoding=\"async\" src=\"https:\/\/cdn.pilgrim.es\/web\/caminos\/camino-portugues\/pueblos\/coimbra\/puntos-de-interes\/iglesia-de-santo-antonio-dos-olivais.jpg\" alt=\"Iglesia de Santo Ant\u00f3nio dos Olivais\">\n\t\t\t\t\t\t\t\t<\/div>\n\t\t\t\t\t\t\t<\/div>\n\t\t\t\t\t\t\n\t\t\t\t\t\t\t<div class=\"accordion__accordion-content inactive\">\n\t\t\t\t\t\t\t\t<div>\n\t\t\t\t\t\t\t\t\t<div>\n\t\t\t\t\t\t\t\t\t\t<h4>Iglesia de Santiago<\/h4>\n\t\t\t\t\t\t\t\t\t\t<p>Die Santiago-Kirche ist eines der wichtigsten und bewundernswertesten romanischen Gottesh\u00e4user der Stadt Coimbra. Sie wurde zwischen dem Ende des 12. und dem Beginn des 13. Jahrhunderts erbaut. Das Hauptportal der Kirche hat eine Verzierung, die von der Alten Kathedrale inspiriert ist, w\u00e4hrend das Seitenportal eine Verzierung aus Muscheln als Hinweis auf Santiago, den Heiligen, dem die Kirche geweiht ist, aufweist.<\/p> <p>Das Hauptportal der Kirche hat eine Verzierung aus Muscheln als Hinweis auf Santiago, den Heiligen, dem die Kirche geweiht ist.\n\n<p>Im Inneren der Kirche stechen das Holzdach, die Hauptkapelle und das Altarbild im Rokoko-Konimbrischen Stil hervor. <\/p>\n\n<p>Stunden<\/p>\n\n<p>Von 08:00 bis 20:00 Uhr<\/p> <p>Von 08:00 bis 20:00 Uhr<\/p>\n\n<p>INFORMATIONEN VON INTERESSE<\/p>\n\n<p>Telefon: +351 239 825 154<\/p>\n\t\t\t\t\t\t\t\t\t<\/div>\n\t\t\t\t\t\t\t\t\t<img decoding=\"async\" src=\"https:\/\/cdn.pilgrim.es\/web\/caminos\/camino-portugues\/pueblos\/coimbra\/puntos-de-interes\/iglesia-de-santiago.jpg\" alt=\"Iglesia de Santiago\">\n\t\t\t\t\t\t\t\t<\/div>\n\t\t\t\t\t\t\t<\/div>\n\t\t\t\t\t\t\n\t\t\t\t\t\t\t<div class=\"accordion__accordion-content inactive\">\n\t\t\t\t\t\t\t\t<div>\n\t\t\t\t\t\t\t\t\t<div>\n\t\t\t\t\t\t\t\t\t\t<h4>Con\u00edmbriga<\/h4>\n\t\t\t\t\t\t\t\t\t\t<p>Con\u00edmbriga ist die \u00dcberreste eines antiken, seit pr\u00e4historischen Zeiten besiedelten Gebiets, das 139 v. Chr. von r\u00f6mischen Truppen besetzt wurde. Diese Siedlung bestand aus grundlegenden Strukturen wie dem Forum, dem Amphitheater und den Thermen, bis schlie\u00dflich eine Basilika im Zentrum der Stadt errichtet wurde. Das herausragendste Merkmal der Stadt sind ihre H\u00e4user, die ihre urspr\u00fcnglichen Steine bewahrt haben. Von diesen H\u00e4usern ist das Casa dos Repuxos mit seinem sch\u00f6nen Garten im Zentrum und seinen Mosaiken, die Jagdszenen, mythologische Szenen, Jahreszeiten, Meerestiere usw. darstellen, besonders sehenswert. Das Haus von Cantaber, das als gr\u00f6\u00dfer als die anderen gilt, l\u00e4sst das Museum, in dem die im Laufe der Jahre bei den Ausgrabungen gefundenen Gegenst\u00e4nde ausgestellt sind, nicht gleichg\u00fcltig.\n\t\t\t\t\t\t\t\t\t<\/div>\n\t\t\t\t\t\t\t\t\t<img decoding=\"async\" src=\"https:\/\/cdn.pilgrim.es\/web\/caminos\/camino-portugues\/pueblos\/coimbra\/puntos-de-interes\/conimbriga.jpg\" alt=\"Con\u00edmbriga\">\n\t\t\t\t\t\t\t\t<\/div>\n\t\t\t\t\t\t\t<\/div>\n\t\t\t\t\t\t\n\t\t\t\t\t\t\t<div class=\"accordion__accordion-content inactive\">\n\t\t\t\t\t\t\t\t<div>\n\t\t\t\t\t\t\t\t\t<div>\n\t\t\t\t\t\t\t\t\t\t<h4>Catedral S\u00e9 Nova<\/h4>\n\t\t\t\t\t\t\t\t\t\t<p>Die Kathedrale S\u00e9 Nova de Coimbra wurde Ende des 16. Jahrhunderts erbaut, aber erst im 17. Jahrhundert in Betrieb genommen. Urspr\u00fcnglich sollte sie als Jesuitenkolleg dienen, bis die Jesuiten aus Portugal vertrieben wurden und sie zum neuen Bischofssitz wurde. Die Fassade zeichnet sich durch eine Mischung verschiedener Stile aus, mit Skulpturen von Jesuitenheiligen im Erdgeschoss im manieristischen Stil und im Obergeschoss im barocken Stil. Im Inneren sind die Altarbilder mit vergoldeten Schnitzereien aus dem fr\u00fchen 17. und 18. Jahrhundert sowie das Chorgest\u00fchl und das Taufbecken besonders sehenswert.\n\t\t\t\t\t\t\t\t\t<\/div>\n\t\t\t\t\t\t\t\t\t<img decoding=\"async\" src=\"https:\/\/cdn.pilgrim.es\/web\/caminos\/camino-portugues\/pueblos\/coimbra\/puntos-de-interes\/catedral-se-nova.jpg\" alt=\"Catedral S\u00e9 Nova\">\n\t\t\t\t\t\t\t\t<\/div>\n\t\t\t\t\t\t\t<\/div>\n\t\t\t\t\t\t\n\t\t\t\t\t\t\t<div class=\"accordion__accordion-content inactive\">\n\t\t\t\t\t\t\t\t<div>\n\t\t\t\t\t\t\t\t\t<div>\n\t\t\t\t\t\t\t\t\t\t<h4>Biblioteca Joanina<\/h4>\n\t\t\t\t\t\t\t\t\t\t<p>Die Joanina-Bibliothek, urspr\u00fcnglich bekannt als Casa da Libreria, wurde zwischen 1717 und 1728 erbaut und nach 1750 offiziell eingeweiht. Das Geb\u00e4ude ist ganz im Barockstil gehalten und tr\u00e4gt den Namen Joanina als Hommage an seinen Autor, Dom Jo\u00e3o V. Von seiner Struktur her ist es einem sechsseitigen Polyeder nachempfunden, zu dem man durch ein gro\u00dfes, von zwei ionischen S\u00e4ulen flankiertes Triumphbogenportal gelangt. Im Inneren befinden sich drei gro\u00dfe, miteinander verbundene R\u00e4ume, die mit vergoldeten B\u00fccherregalen ausgekleidet und mit Ornamenten im chinesischen Stil verziert sind. Die Bibliothek beherbergt Sammlungen aller Art und jeden Alters aus dem 16., 17. und 18. Jahrhundert. <\/p> <p>Au\u00dferdem beherbergt sie eine gro\u00dfe Sammlung von B\u00fcchern aus dem 16., 17. und 18.\n\t\t\t\t\t\t\t\t\t<\/div>\n\t\t\t\t\t\t\t\t\t<img decoding=\"async\" src=\"https:\/\/cdn.pilgrim.es\/web\/caminos\/camino-portugues\/pueblos\/coimbra\/puntos-de-interes\/biblioteca-joanina.jpg\" alt=\"Biblioteca Joanina\">\n\t\t\t\t\t\t\t\t<\/div>\n\t\t\t\t\t\t\t<\/div>\n\t\t\t\t\t\t\n\t\t\t\t\t\t\t<div class=\"accordion__accordion-content inactive\">\n\t\t\t\t\t\t\t\t<div>\n\t\t\t\t\t\t\t\t\t<div>\n\t\t\t\t\t\t\t\t\t\t<h4>Seminario Maior de Coimbra<\/h4>\n\t\t\t\t\t\t\t\t\t\t<p>Der Bau des Seminario Maior de Coimbra begann im Jahr 1748. Die Hauptfassade des Geb\u00e4udes ist in f\u00fcnf Abschnitte unterteilt, von denen der zentrale Abschnitt einen Tempel beherbergt, der trotz seiner geringen Gr\u00f6\u00dfe architektonisch wundersch\u00f6n ist, sowohl f\u00fcr seinen Grundriss als auch f\u00fcr seine Ornamente.<\/p> <p>Die Hauptfassade des Geb\u00e4udes ist in f\u00fcnf Abschnitte unterteilt, von denen der zentrale Abschnitt einen Tempel beherbergt, der trotz seiner geringen Gr\u00f6\u00dfe architektonisch wundersch\u00f6n ist, sowohl f\u00fcr seinen Grundriss als auch f\u00fcr seine Ornamente.\n\n<p>Das Seminario Maior wird von einem pr\u00e4chtigen Garten beherrscht, der im 20. Jahrhundert im Barockstil angelegt wurde. <\/p>\n\n<p>INFORMATIONEN VON INTERESSE<\/p> <p>Das Seminario Maior<\/p> <p>Seminario Maior\n\n<p>E-Mail: smsf.coimbra@mail.telepac.pt Telefon: +351 239 792 340<\/p> <p>Das Seminario Maior liegt in einem pr\u00e4chtigen Garten, der im 20. Jahrhundert im Barockstil angelegt wurde.\n\t\t\t\t\t\t\t\t\t<\/div>\n\t\t\t\t\t\t\t\t\t<img decoding=\"async\" src=\"https:\/\/cdn.pilgrim.es\/web\/caminos\/camino-portugues\/pueblos\/coimbra\/puntos-de-interes\/seminario-maior-coimbra.jpg\" alt=\"Seminario Maior de Coimbra\">\n\t\t\t\t\t\t\t\t<\/div>\n\t\t\t\t\t\t\t<\/div>\n\t\t\t\t\t\t\n\t\t\t\t\t\t\t<div class=\"accordion__accordion-content inactive\">\n\t\t\t\t\t\t\t\t<div>\n\t\t\t\t\t\t\t\t\t<div>\n\t\t\t\t\t\t\t\t\t\t<h4>Patio da Inquisi\u00e7\u00e3o<\/h4>\n\t\t\t\t\t\t\t\t\t\t<p>Der Patio da Inquisi\u00e7\u00e3o befindet sich an dem Ort, an dem sich zwischen 1566 und 1821 das Tribunal des Heiligen Offiziums, auch bekannt als Inquisition, befand. In diesem Innenhof befand sich auch die Hochschule der K\u00fcnste, und heute befindet sich dort das Zentrum f\u00fcr visuelle K\u00fcnste. <\/p>\n\t\t\t\t\t\t\t\t\t<\/div>\n\t\t\t\t\t\t\t\t\t<img decoding=\"async\" src=\"https:\/\/cdn.pilgrim.es\/web\/caminos\/camino-portugues\/pueblos\/coimbra\/puntos-de-interes\/patio-da-inquisic\u0327ao.jpg\" alt=\"Patio da Inquisi\u00e7\u00e3o\">\n\t\t\t\t\t\t\t\t<\/div>\n\t\t\t\t\t\t\t<\/div>\n\t\t\t\t\t\t\n\t\t\t\t\t\t\t<div class=\"accordion__accordion-content inactive\">\n\t\t\t\t\t\t\t\t<div>\n\t\t\t\t\t\t\t\t\t<div>\n\t\t\t\t\t\t\t\t\t\t<h4>Parque de Santa Cruz<\/h4>\n\t\t\t\t\t\t\t\t\t\t<p>Der Park von Santa Crus, auch bekannt als Jardim da Sereia, war einst Teil des Klosters Santa Cruz und wurde im 18. Der Eingang zum Park wird von einem Triumphbogen zwischen zwei T\u00fcrmen beherrscht, \u00fcber denen drei Statuen stehen, die Glaube, Hoffnung und N\u00e4chstenliebe symbolisieren.\n\n<p>Die Fonte da Nogueira ist einer der sch\u00f6nsten Pl\u00e4tze in diesem Park, denn hier steht die Statue eines Tritons. Dieses mythologische Wesen wird oft mit einer Meerjungfrau verwechselt. Aus diesem Grund ist dieser Ort auch als Jardim da Sereia bekannt. In diesem Park k\u00f6nnen die Besucher eine Vielzahl von exotischen Baumarten und andere Tiere wie Marmormolche, Kr\u00f6ten und Salamander bewundern. <\/p>\n\t\t\t\t\t\t\t\t\t<\/div>\n\t\t\t\t\t\t\t\t\t<img decoding=\"async\" src=\"https:\/\/cdn.pilgrim.es\/web\/caminos\/camino-portugues\/pueblos\/coimbra\/puntos-de-interes\/parque-santa-cruz.jpg\" alt=\"Parque de Santa Cruz\">\n\t\t\t\t\t\t\t\t<\/div>\n\t\t\t\t\t\t\t<\/div>\n\t\t\t\t\t\t\n\t\t\t\t\t\t\t<div class=\"accordion__accordion-content inactive\">\n\t\t\t\t\t\t\t\t<div>\n\t\t\t\t\t\t\t\t\t<div>\n\t\t\t\t\t\t\t\t\t\t<h4>Museo Nacional de Machado de Castro<\/h4>\n\t\t\t\t\t\t\t\t\t\t<p>Das Nationalmuseum Machado de Castro ist ein rein religi\u00f6ses Museum, das 1913 eingeweiht und 1965 zum Nationalmuseum ernannt wurde. Seine Bezeichnung stammt von einem der besten Bildhauer der portugiesischen Geschichte: Joaquim Machado de Castro. Es beherbergt Sammlungen von Bildhauerei, Malerei, Keramik, Goldschmiedekunst und Textilien sowie arch\u00e4ologische Exponate und orientalische Kunst. Das Museum stellt nicht nur in einem Geb\u00e4ude aus, sondern in mehreren, darunter der Bischofspalast und die Kirche San Juan de Almedina.\n\t\t\t\t\t\t\t\t\t<\/div>\n\t\t\t\t\t\t\t\t\t<img decoding=\"async\" src=\"https:\/\/cdn.pilgrim.es\/web\/caminos\/camino-portugues\/pueblos\/coimbra\/puntos-de-interes\/museo-nacional-machado-de-castro.jpg\" alt=\"Museo Nacional de Machado de Castro\">\n\t\t\t\t\t\t\t\t<\/div>\n\t\t\t\t\t\t\t<\/div>\n\t\t\t\t\t\t\n\t\t\t\t\t\t\t<div class=\"accordion__accordion-content inactive\">\n\t\t\t\t\t\t\t\t<div>\n\t\t\t\t\t\t\t\t\t<div>\n\t\t\t\t\t\t\t\t\t\t<h4>Jardines S\u00e1 da Bandeira<\/h4>\n\t\t\t\t\t\t\t\t\t\t<p>Die G\u00e4rten von S\u00e1 da Bandeira befinden sich im Zentrum der Avenida S\u00e1 da Bandeira und wurden Ende des 19. Jahrhunderts im Zuge der damals geplanten Urbanisierung von Quinta de Santa Cruz angelegt.<\/p> <p>Die G\u00e4rten von S\u00e1 da Bandeira befinden sich im Zentrum der Avenida S\u00e1 da Bandeira und wurden Ende des 19. Jahrhunderts im Zuge der damals geplanten Urbanisierung von Quinta de Santa Cruz angelegt.\n\n<p>Dieser Park ist bei den Einwohnern von Coimbra sehr bekannt und beliebt, da er \u00fcber Teiche verf\u00fcgt, in denen zahlreiche Vogelarten und andere Pflanzenarten leben und die Stadt beleben.\n\t\t\t\t\t\t\t\t\t<\/div>\n\t\t\t\t\t\t\t\t\t<img decoding=\"async\" src=\"https:\/\/cdn.pilgrim.es\/web\/caminos\/camino-portugues\/pueblos\/coimbra\/puntos-de-interes\/jardines-sa-bandeira.jpg\" alt=\"Jardines S\u00e1 da Bandeira\">\n\t\t\t\t\t\t\t\t<\/div>\n\t\t\t\t\t\t\t<\/div>\n\t\t\t\t\t\t\n\t\t\t\t\t\t\t<div class=\"accordion__accordion-content inactive\">\n\t\t\t\t\t\t\t\t<div>\n\t\t\t\t\t\t\t\t\t<div>\n\t\t\t\t\t\t\t\t\t\t<h4>Iglesia de S\u00e3o Pedro<\/h4>\n\t\t\t\t\t\t\t\t\t\t<p>Das Kolleg, in dem die Kirche von S\u00e3o Pedro untergebracht ist, wurde 1540 gegr\u00fcndet und war urspr\u00fcnglich f\u00fcr arme Priester gedacht. Die Einrichtung blieb an diesem Ort, bis ihre Studenten in den oberen Teil der Stadt Coimbra umziehen mussten.\n\n<p>Die Kirche dieses Kollegs ist, wie der hier befindliche Kreuzgang, einfach, wenn auch von gro\u00dfen Ausma\u00dfen. Die Kirche hat den gleichen Grundriss wie die anderen Kirchen der benachbarten Kollegien. <\/p>\n\t\t\t\t\t\t\t\t\t<\/div>\n\t\t\t\t\t\t\t\t\t<img decoding=\"async\" src=\"https:\/\/cdn.pilgrim.es\/web\/caminos\/camino-portugues\/pueblos\/coimbra\/puntos-de-interes\/iglesia-sao-pedro.jpg\" alt=\"Iglesia de S\u00e3o Pedro\">\n\t\t\t\t\t\t\t\t<\/div>\n\t\t\t\t\t\t\t<\/div>\n\t\t\t\t\t\t\n\t\t\t\t\t\t\t<div class=\"accordion__accordion-content inactive\">\n\t\t\t\t\t\t\t\t<div>\n\t\t\t\t\t\t\t\t\t<div>\n\t\t\t\t\t\t\t\t\t\t<h4>Iglesia de S\u00e3o Bartolomeu<\/h4>\n\t\t\t\t\t\t\t\t\t\t<p>Die Kirche S\u00e3o Bartolomeu stammt aus dem 10. Jahrhundert und ist damit eine der \u00e4ltesten Kirchen der Stadt, obwohl sie im 12. und 18. Jahrhundert umgebaut wurde. Jahrhundert umgebaut wurde. Das \u00c4u\u00dfere der Kirche ist im Barockstil gehalten, obwohl ihr Grundriss recht einfach ist. Jahrhundert, das den Tod und die Auferstehung Jesu Christi anhand von Gem\u00e4lden darstellt, die auf dieses Ereignis anspielen, und die gravierten Altarbilder, die die Episode des Martyriums des Heiligen Bartholom\u00e4us wiedergeben. <\/p>\n\n<p>STUNDEN<\/p>\n\n<p>Montag bis Samstag von 08:00 bis 12:00 und von 14:00 bis 17:00Sonntag von 08:00 bis 12:00<\/p> <p>Sonntag von 08:00 bis 12:00<\/p> <p>Samstag von 08:00 bis 12:00<\/p>\n\n<p>INFORMATIONEN VON INTERESSE<\/p>\n\n<p>Telefon: +351 239 825 154<\/p>\n\t\t\t\t\t\t\t\t\t<\/div>\n\t\t\t\t\t\t\t\t\t<img decoding=\"async\" src=\"https:\/\/cdn.pilgrim.es\/web\/caminos\/camino-portugues\/pueblos\/coimbra\/puntos-de-interes\/iglesia-sao-bartolomeu.jpg\" alt=\"Iglesia de S\u00e3o Bartolomeu\">\n\t\t\t\t\t\t\t\t<\/div>\n\t\t\t\t\t\t\t<\/div>\n\t\t\t\t\t\t\n\t\t\t\t\t\t\t<div class=\"accordion__accordion-content inactive\">\n\t\t\t\t\t\t\t\t<div>\n\t\t\t\t\t\t\t\t\t<div>\n\t\t\t\t\t\t\t\t\t\t<h4>Iglesia de Santa Justa<\/h4>\n\t\t\t\t\t\t\t\t\t\t<p>Die urspr\u00fcngliche Kirche von Santa Justa stammt aus dem 12. Jahrhundert und befand sich an einem anderen Ort. Die heutige Kirche wurde jedoch erst 1724 eingeweiht.<\/p> <p>Die urspr\u00fcngliche Kirche von Santa Justa stammt aus dem 12.\n\n<p>Die Hauptfassade des Geb\u00e4udes ist prunkvoll, dreist\u00f6ckig und wird von T\u00fcrmen flankiert. Das Innere des Tempels beherbergt eine Hauptkapelle, in der ein pr\u00e4chtiges Altarbild im Barockstil aus der Zeit der Herrschaft von Johann V. im 18. Jahrhundert zu sehen ist.\n\t\t\t\t\t\t\t\t\t<\/div>\n\t\t\t\t\t\t\t\t\t<img decoding=\"async\" src=\"https:\/\/cdn.pilgrim.es\/web\/caminos\/camino-portugues\/pueblos\/coimbra\/puntos-de-interes\/iglesia-santa-justa.jpg\" alt=\"Iglesia de Santa Justa\">\n\t\t\t\t\t\t\t\t<\/div>\n\t\t\t\t\t\t\t<\/div>\n\t\t\t\t\t\t\n\t\t\t\t\t\t\t<div class=\"accordion__accordion-content inactive\">\n\t\t\t\t\t\t\t\t<div>\n\t\t\t\t\t\t\t\t\t<div>\n\t\t\t\t\t\t\t\t\t\t<h4>Iglesia de Nossa Senhora da Gra\u00e7a<\/h4>\n\t\t\t\t\t\t\t\t\t\t<p>Das Kollegium, in dem sich die Kirche Nossa Senhora da Gra\u00e7a befindet, wurde 1543 von K\u00f6nig Johann III. gegr\u00fcndet und unterstand dem Orden der Eremiten des Heiligen Augustinus. Sowohl die Kirche als auch der Kreuzgang sind Beispiele f\u00fcr die ersten Ver\u00e4nderungen, die an einigen religi\u00f6sen Geb\u00e4uden in der Stadt Coimbra vorgenommen wurden, um ihnen die f\u00fcr die Renaissance typischen klassischen Formen zu verleihen. <\/p>\n\n<p>STUNDEN<\/p>\n\n<p>Montag bis Samstag von 08:30 bis 11:45 und von 14:30 bis 18:30<\/p> <p>Montag bis Samstag von 08:30 bis 11:45 und von 14:30 bis 18:30<\/p> &lt;p\n\n<p>INFORMATIONEN VON INTERESSE<\/p>\n\n<p>Telefon: +351 239 820 576<\/p>\n\t\t\t\t\t\t\t\t\t<\/div>\n\t\t\t\t\t\t\t\t\t<img decoding=\"async\" src=\"https:\/\/cdn.pilgrim.es\/web\/caminos\/camino-portugues\/pueblos\/coimbra\/puntos-de-interes\/iglesia-nossa-senhora-da-grac\u0327a.jpg\" alt=\"Iglesia de Nossa Senhora da Gra\u00e7a\">\n\t\t\t\t\t\t\t\t<\/div>\n\t\t\t\t\t\t\t<\/div>\n\t\t\t\t\t\t\n\t\t\t\t\t\t\t<div class=\"accordion__accordion-content inactive\">\n\t\t\t\t\t\t\t\t<div>\n\t\t\t\t\t\t\t\t\t<div>\n\t\t\t\t\t\t\t\t\t\t<h4>Iglesia de Nossa Senhora do Carmo<\/h4>\n\t\t\t\t\t\t\t\t\t\t<p>Die Kirche Nossa Senhora do Carmo war Teil des Karmel-Kollegiums und geht auf das Ende des 16. Jahrhunderts zur\u00fcck. Im Inneren der Kirche befinden sich ein manieristisches Altarbild aus dem 16. Jahrhundert, das von Sim\u00e3o Rodrigues und Domingo Vieira Serr\u00e3o gemalt wurde, eine Reihe von Lissabonner Kacheln aus dem 17. Jahrhundert und die Grablegung Christi in der Sakristei von Jean de Rouen. <\/p>\n\n<p>INFORMATIONEN VON INTERESSE<\/p>.\n\n<p>Telefon: +351 239 822 938<\/p> <p>Telefonnummer: +351 239 822 938<\/p>\n\t\t\t\t\t\t\t\t\t<\/div>\n\t\t\t\t\t\t\t\t\t<img decoding=\"async\" src=\"https:\/\/cdn.pilgrim.es\/web\/caminos\/camino-portugues\/pueblos\/coimbra\/puntos-de-interes\/iglesia-nossa-senhora-do-carmo.jpg\" alt=\"Iglesia de Nossa Senhora do Carmo\">\n\t\t\t\t\t\t\t\t<\/div>\n\t\t\t\t\t\t\t<\/div>\n\t\t\t\t\t\t\n\t\t\t\t\t\t\t<div class=\"accordion__accordion-content inactive\">\n\t\t\t\t\t\t\t\t<div>\n\t\t\t\t\t\t\t\t\t<div>\n\t\t\t\t\t\t\t\t\t\t<h4>Convento de Santa Clara a Nova<\/h4>\n\t\t\t\t\t\t\t\t\t\t<p>Das Kloster Santa Clara-A-Nova wurde im 17. Jahrhundert anstelle des Klosters Santa Clara la Vieja erbaut, das durch den Anstieg des Flusses Mondego h\u00e4ufig \u00fcberflutet wurde. Es ist haupts\u00e4chlich das Werk von Jo\u00e3o Torriano, obwohl der Kreuzgang von dem Ungarn Carlos Mardel entworfen wurde. Das Kloster wurde 1891 von der Bruderschaft der Heiligen K\u00f6nigin Isabel \u00fcbernommen, nachdem die Nonnen der Armen Klara es verlassen hatten. Aus diesem Grund beherbergt es die verstorbene K\u00f6nigin Isabella von Aragon in einer Urne aus Silber und Kristall.\n\t\t\t\t\t\t\t\t\t<\/div>\n\t\t\t\t\t\t\t\t\t<img decoding=\"async\" src=\"https:\/\/cdn.pilgrim.es\/web\/caminos\/camino-portugues\/pueblos\/coimbra\/puntos-de-interes\/convento-santa-clara-a-nova.jpg\" alt=\"Convento de Santa Clara a Nova\">\n\t\t\t\t\t\t\t\t<\/div>\n\t\t\t\t\t\t\t<\/div>\n\t\t\t\t\t\t\n\t\t\t\t\t\t\t<div class=\"accordion__accordion-content inactive\">\n\t\t\t\t\t\t\t\t<div>\n\t\t\t\t\t\t\t\t\t<div>\n\t\t\t\t\t\t\t\t\t\t<h4>Convento de Cristo<\/h4>\n\t\t\t\t\t\t\t\t\t\t<p>Das Christuskloster wurde 1983 von der UNESCO zum Weltkulturerbe erkl\u00e4rt, zusammen mit dem dazugeh\u00f6rigen Geb\u00e4ude, der Templerburg. Dieser Komplex wurde an der Stelle eines p\u00e4pstlichen Kultes dank der Schenkung des Landes durch Alfonso Henriques errichtet. Die Burg war die erste, die im Jahr 1160 im Auftrag der Ritter des Tempels von Jerusalem errichtet wurde. Diese Burg wurde Tomar Castle genannt. Sp\u00e4ter ging der Komplex in den Besitz der Miliz der Christusritter \u00fcber, und das Hauptkreuz der Burg wurde in ein geradliniges Kreuz umgewandelt, das auf die Passion Christi hinweist. Erst nach dem 16. Jahrhundert wurde die Burg zum Kloster. <\/p>\n\t\t\t\t\t\t\t\t\t<\/div>\n\t\t\t\t\t\t\t\t\t<img decoding=\"async\" src=\"https:\/\/cdn.pilgrim.es\/web\/caminos\/camino-portugues\/pueblos\/coimbra\/puntos-de-interes\/convento-santa-clara-a-nova.jpg\" alt=\"Convento de Cristo\">\n\t\t\t\t\t\t\t\t<\/div>\n\t\t\t\t\t\t\t<\/div>\n\t\t\t\t\t\t\n\t\t\t\t\t\t\t<div class=\"accordion__accordion-content inactive\">\n\t\t\t\t\t\t\t\t<div>\n\t\t\t\t\t\t\t\t\t<div>\n\t\t\t\t\t\t\t\t\t\t<h4>Catedral S\u00e9 Velha de Coimbra<\/h4>\n\t\t\t\t\t\t\t\t\t\t<p>Die Kathedrale S\u00e9 Velha de Co\u00edmbra ist die \u00e4lteste Kathedrale der Stadt. Ihr Bau wurde im 12. Jahrhundert im romanischen Stil begonnen, obwohl sie sp\u00e4ter zahlreiche Erg\u00e4nzungen erfuhr, die ihr einen Hauch von Renaissance verliehen. Hervorzuheben ist die Nordfassade, die Porta Epeciosa, mit einem dreist\u00f6ckigen S\u00e4ulengang, ein Werk von Jean de Rouen. An diesem S\u00e4ulengang sind die Reliefs an den Kapitellen mit geometrischen, pflanzlichen und tierischen Ornamenten zu sehen. Im Inneren befinden sich in der Hauptkapelle, der Sakramentskapelle und der Petruskapelle wundersch\u00f6ne Altarbilder von Nicolau Chanterene. <\/p>\n\t\t\t\t\t\t\t\t\t<\/div>\n\t\t\t\t\t\t\t\t\t<img decoding=\"async\" src=\"https:\/\/cdn.pilgrim.es\/web\/caminos\/camino-portugues\/pueblos\/coimbra\/puntos-de-interes\/catedral-se-velha.jpg\" alt=\"Catedral S\u00e9 Velha de Coimbra\">\n\t\t\t\t\t\t\t\t<\/div>\n\t\t\t\t\t\t\t<\/div>\n\t\t\t\t\t\t\n\t\t\t\t\t\t\t<div class=\"accordion__accordion-content inactive\">\n\t\t\t\t\t\t\t\t<div>\n\t\t\t\t\t\t\t\t\t<div>\n\t\t\t\t\t\t\t\t\t\t<h4>Iglesia de S\u00e3o Salvador<\/h4>\n\t\t\t\t\t\t\t\t\t\t<p>Die Kirche S\u00e3o Salvador wurde im 18. Jahrhundert umgebaut, obwohl sie ihr romanisches Portal aus dem Jahr 1179 beibeh\u00e4lt. Im Inneren der Kirche stechen das Altarbild des Hauptaltars aus dem Jahr 1746 im Rokokostil und das Altarbild von Jean de Rouen aus dem Jahr 1540 hervor, das in der Kapelle von San Marcos zu sehen ist. <\/p>\n\t\t\t\t\t\t\t\t\t<\/div>\n\t\t\t\t\t\t\t\t\t<img decoding=\"async\" src=\"https:\/\/cdn.pilgrim.es\/web\/caminos\/camino-portugues\/pueblos\/coimbra\/puntos-de-interes\/iglesia-sao-salvador.jpg\" alt=\"Iglesia de S\u00e3o Salvador\">\n\t\t\t\t\t\t\t\t<\/div>\n\t\t\t\t\t\t\t<\/div>\n\t\t\t\t\t\t\n\t\t\t\t\t\t\t<div class=\"accordion__accordion-content inactive\">\n\t\t\t\t\t\t\t\t<div>\n\t\t\t\t\t\t\t\t\t<div>\n\t\t\t\t\t\t\t\t\t\t<h4>Arco y Torre de Almedina<\/h4>\n\t\t\t\t\t\t\t\t\t\t<p>Der Almedina-Bogen und der Turm waren einst Teil der alten mittelalterlichen Stadtmauer von Coimbra. Der Bogen seinerseits diente als einer der Eing\u00e4nge zur Stadtmauer. Heute dient er jedoch dazu, den oberen Teil der Stadt mit dem unteren zu verbinden.\n\n<p>Der Turm seinerseits hatte fr\u00fcher eine Verteidigungsfunktion, wie man an den zahlreichen Elementen wie den Schie\u00dfscharten und den Maschikulis erkennen kann. Seit 2003 beherbergt der Almedina-Turm das Interpretationszentrum der Stadtmauer, das zum Stadtmuseum geh\u00f6rt.<\/p> <p>Der Turm beherbergt auch das Stadtmuseum.\n\t\t\t\t\t\t\t\t\t<\/div>\n\t\t\t\t\t\t\t\t\t<img decoding=\"async\" src=\"https:\/\/cdn.pilgrim.es\/web\/caminos\/camino-portugues\/pueblos\/coimbra\/puntos-de-interes\/arco-torre-almedina.jpg\" alt=\"Arco y Torre de Almedina\">\n\t\t\t\t\t\t\t\t<\/div>\n\t\t\t\t\t\t\t<\/div>\n\t\t\t\t\t\t\n\t\t\t\t\t\t\t<div class=\"accordion__accordion-content inactive\">\n\t\t\t\t\t\t\t\t<div>\n\t\t\t\t\t\t\t\t\t<div>\n\t\t\t\t\t\t\t\t\t\t<h4>Carmelo de Santa Teresa<\/h4>\n\t\t\t\t\t\t\t\t\t\t<p>Das Karmeliterkloster Santa Teresa wurde im 18. Jahrhundert ausschlie\u00dflich f\u00fcr die Karmeliterinnen erbaut, die sich allerdings erst in den 1950er Jahren dort niederlie\u00dfen. Dieses Kloster zog viele Touristen an, denn es war die Heimat der letzten Fatima-Seherin, Schwester Lucia, die 2005 starb. <\/p>\n\t\t\t\t\t\t\t\t\t<\/div>\n\t\t\t\t\t\t\t\t\t<img decoding=\"async\" src=\"https:\/\/cdn.pilgrim.es\/web\/caminos\/camino-portugues\/pueblos\/coimbra\/puntos-de-interes\/carmelo-santa-teresa.jpg\" alt=\"Carmelo de Santa Teresa\">\n\t\t\t\t\t\t\t\t<\/div>\n\t\t\t\t\t\t\t<\/div>\n\t\t\t\t\t\t\n\t\t\t\t\t\t\t<div class=\"accordion__accordion-content inactive\">\n\t\t\t\t\t\t\t\t<div>\n\t\t\t\t\t\t\t\t\t<div>\n\t\t\t\t\t\t\t\t\t\t<h4>Palacio de Sub-Ripas<\/h4>\n\t\t\t\t\t\t\t\t\t\t<p>Der Sub-Ripas-Palast, der im 16. Jahrhundert auf einem Turm in der Stadtmauer von Coimbra errichtet wurde, hat eine Fassade im manuelinischen Stil. Die Fenster sind jedoch im Renaissancestil und wurden von Jean de Rouen angefertigt, ebenso wie die Steinverzierungen, die im Geb\u00e4ude zu sehen sind.<\/p> <p>Die Fassade des Geb\u00e4udes ist im manuelinischen Stil gehalten.\n\t\t\t\t\t\t\t\t\t<\/div>\n\t\t\t\t\t\t\t\t\t<img decoding=\"async\" src=\"https:\/\/cdn.pilgrim.es\/web\/caminos\/camino-portugues\/pueblos\/coimbra\/puntos-de-interes\/palacio-sub-ripas.jpg\" alt=\"Palacio de Sub-Ripas\">\n\t\t\t\t\t\t\t\t<\/div>\n\t\t\t\t\t\t\t<\/div>\n\t\t\t\t\t\t\n\t\t\t\t\t\t\t<div class=\"accordion__accordion-content inactive\">\n\t\t\t\t\t\t\t\t<div>\n\t\t\t\t\t\t\t\t\t<div>\n\t\t\t\t\t\t\t\t\t\t<h4>Acueducto de San Sebasti\u00e1n<\/h4>\n\t\t\t\t\t\t\t\t\t\t<p>Das Aqu\u00e4dukt von San Sebasti\u00e1n stammt aus dem 16. Jahrhundert und soll die \u00dcberreste eines alten r\u00f6mischen Aqu\u00e4dukts \u00fcberdecken. Es wurde gebaut, um Wasser vom Kloster Santa Teresa ins Stadtzentrum zu leiten. Besonders bemerkenswert ist der zentrale Bogen, in dem sich die Skulpturen des M\u00e4rtyrers San Sebasti\u00e1n und, ganz oben, die Skulptur von San Roque befinden.\n\t\t\t\t\t\t\t\t\t<\/div>\n\t\t\t\t\t\t\t\t\t<img decoding=\"async\" src=\"https:\/\/cdn.pilgrim.es\/web\/caminos\/camino-portugues\/pueblos\/coimbra\/puntos-de-interes\/acueducto-san-sebastian.jpg\" alt=\"Acueducto de San Sebasti\u00e1n\">\n\t\t\t\t\t\t\t\t<\/div>\n\t\t\t\t\t\t\t<\/div>\n\t\t\t\t\t\t\n\t\t\t\t\t<\/div>\n\t\t\t\t<\/div>\n\t\t\t<\/div>\n\t\t\n\n\t\t<div id=\"phonesSection\">\n\t\t\t<div>\n\t\t\t\t<h2 class=\"p-h3-town\">Informationen von Interesse<\/h2>\n\t\t\t<\/div>\n\t\t\t<div class=\"grid\">\n\t\t\t\t\n\t\t\t\t\t<div class=\"phone-number-item\">\n\t\t\t\t\t\t<div class=\"phone-number-item__icon\"><i class=\"icon-police\"><\/i><\/div>\n\t\t\t\t\t\t<div class=\"phone-number-item__title\">\n\t\t\t\t\t\t\t<h3 class=\"p-font-bold\">Ortspolizei<\/h3>\n\t\t\t\t\t\t\t<p>xxx<\/p>\n\t\t\t\t\t\t\t\n\t\t\t\t\t\t<\/div>\n\t\t\t\t\t<\/div>\n\t\t\t\t\n\t\t\t\t\t<div class=\"phone-number-item\">\n\t\t\t\t\t\t<div class=\"phone-number-item__icon\"><i class=\"icon-firefighters\"><\/i><\/div>\n\t\t\t\t\t\t<div class=\"phone-number-item__title\">\n\t\t\t\t\t\t\t<h3 class=\"p-font-bold\">Feuerwehr<\/h3>\n\t\t\t\t\t\t\t<p>+351 239 792 800<\/p>\n\t\t\t\t\t\t\t\n\t\t\t\t\t\t<\/div>\n\t\t\t\t\t<\/div>\n\t\t\t\t\n\t\t\t\t\t<div class=\"phone-number-item\">\n\t\t\t\t\t\t<div class=\"phone-number-item__icon\"><i class=\"icon-civil-protection\"><\/i><\/div>\n\t\t\t\t\t\t<div class=\"phone-number-item__title\">\n\t\t\t\t\t\t\t<h3 class=\"p-font-bold\">Zivilschutz<\/h3>\n\t\t\t\t\t\t\t<p>+351 239 854 061<\/p>\n\t\t\t\t\t\t\t\n\t\t\t\t\t\t<\/div>\n\t\t\t\t\t<\/div>\n\t\t\t\t\n\t\t\t\t\t<div class=\"phone-number-item\">\n\t\t\t\t\t\t<div class=\"phone-number-item__icon\"><i class=\"icon-town-council\"><\/i><\/div>\n\t\t\t\t\t\t<div class=\"phone-number-item__title\">\n\t\t\t\t\t\t\t<h3 class=\"p-font-bold\">Rathaus<\/h3>\n\t\t\t\t\t\t\t<p>+351 239 857 500<\/p>\n\t\t\t\t\t\t\t\n\t\t\t\t\t\t<\/div>\n\t\t\t\t\t<\/div>\n\t\t\t\t\n\t\t\t\t\t<div class=\"phone-number-item\">\n\t\t\t\t\t\t<div class=\"phone-number-item__icon\"><i class=\"icon-hospital\"><\/i><\/div>\n\t\t\t\t\t\t<div class=\"phone-number-item__title\">\n\t\t\t\t\t\t\t<h3 class=\"p-font-bold\">Gesundheitszentrum<\/h3>\n\t\t\t\t\t\t\t<p>+351 239 400 400<\/p>\n\t\t\t\t\t\t\t\n\t\t\t\t\t\t<\/div>\n\t\t\t\t\t<\/div>\n\t\t\t\t\n\t\t\t\t\t<div class=\"phone-number-item\">\n\t\t\t\t\t\t<div class=\"phone-number-item__icon\"><i class=\"icon-tourism\"><\/i><\/div>\n\t\t\t\t\t\t<div class=\"phone-number-item__title\">\n\t\t\t\t\t\t\t<h3 class=\"p-font-bold\">Fremdenverkehrsamt<\/h3>\n\t\t\t\t\t\t\t<p>+351 239 488 120<\/p>\n\t\t\t\t\t\t\t\n\t\t\t\t\t\t\t\t<p>Largo da Portagem<\/p>\n\t\t\t\t\t\t\t\n\t\t\t\t\t\t<\/div>\n\t\t\t\t\t<\/div>\n\t\t\t\t\n\t\t\t<\/div>\n\t\t<\/div>\n\n\t\t<div id=\"clientForm\">\n        <section>\n        <img decoding=\"async\" src=\"https:\/\/cdn.pilgrim.es\/web\/home\/email-contacto.png\" alt=\"contacto\">\n        <div>\n            <p>Wir senden dir deine Planung<\/p>\n            <p>Gib uns deine Daten an und erhalte die Planung deiner Reise per E-Mail <\/p>\n            <form method=\"post\" data-url=\"\/wp-admin\/admin-ajax.php\" id=\"planner--client\" class=\"flag-right form-client\">\n    <div class=\"form-data\">\n        <input name=\"form_id\" type=\"hidden\" value=\"Formulario Leads\">\n        <input name=\"type\" type=\"hidden\" value=\"planner_client\">\n        <input type=\"text\" name=\"nombre\" value=\"\" size=\"40\" class=\"form-control\" aria-required=\"true\" aria-invalid=\"false\" placeholder=\"Name\">\n        <input type=\"email\" name=\"email\" value=\"\" size=\"40\" class=\"form-control\" aria-required=\"true\" aria-invalid=\"false\" placeholder=\"E- Mail\">\n        <input type=\"text\" id=\"phone-input\" name=\"tel\" value=\"\" size=\"40\" class=\"phone-input form-control\" aria-required=\"true\" aria-invalid=\"false\" placeholder=\"Telefon\">\n        <input type=\"hidden\" name=\"telefono\">\n    <\/div>\n    <div class=\"form-checkbox\">\n        <span>\n            Pilgrim Travel, S.L. teilt gem\u00e4\u00df Regulierung 2016\/679 mit, dass die in diesem Formular verwendeten Daten sowohl f\u00fcr die Beantwortung der m\u00f6glichen Anfragen als auch f\u00fcr die Ver\u00f6ffentlichung der Kommentare verwendet werden, mit der Zustimmung des Nutzers. Sie k\u00f6nnen Ihre Rechte in \u00dcbereinstimmung mit unserer Datenschutzbestimmungen aus\u00fcben             <a href=\"https:\/\/www.pilgrim.es\/politica-de-privacidad\/\" target=\"_blank\" rel=\"noopener noreferrer nofollow\">Datenschutzerkl\u00e4rung.<\/a>\n        <\/span>\n    <\/div>\n\n    <div class=\"form-submit\">\n        <button id=\"planner--client-create\" type=\"submit\">Anfrage senden<\/button>\n        <div class=\"loadingDiv\"><i class=\"p-spinner\"><\/i><\/div>\n    <\/div>\n\n    <div class=\"contact-content-form-success\">\n        <p><i class=\"fas fa-check\"><\/i> Das Formular hat sich erfolgreich gesendet.<\/p>\n    <\/div>\n\n    <div class=\"contact-content-form-error\">\n        <span class=\"input-error\"><\/span>\n    <\/div>\n<\/form>        <\/div>\n    <\/section>\n<\/div>\n\n\t\t<div id=\"recomendationSection\">\n\t\t\t<div>\n\t\t\t\t<h2 class=\"p-h2-town\">Empfohlen<\/h2>\n\t\t\t\t<hr>\n\t\t\t\t<h3 class=\"p-h3-town\">Gastronomie<\/h3>\n\t\t\t<\/div>\n\t\t\tIn der Stadt Coimbra gibt es Hunderte von k\u00f6stlichen Gerichten zu probieren. Experten sagen, dass das charakteristischste Rezept der Stadt die Bairrada (Spanferkel) zusammen mit dem lokalen Sekt ist. Andere typische Gerichte sind Chanfana (Ziegenbraten) und Reis mit Neunauge.\n\nAls Beilage oder Zwischenmahlzeit gibt es unter anderem den k\u00f6stlichen Serra-K\u00e4se und die Nachspeisen Pasteis de Tent\u00fagal, Arrufada de Coimbra und Pasteles de Santa Clara.\n\t\t<\/div>\n\n\n\t\t\n\t\t\t<div id=\"holidaysSection\">\n\t\t\t\t<div>\n\t\t\t\t\t<h2 class=\"p-h2-town\">Empfohlen<\/h2>\n\t\t\t\t\t<hr>\n\t\t\t\t\t<h3 class=\"p-h3-town\">Feste und Pilgerfahrten<\/h3>\n\t\t\t\t<\/div>\n\t\t\t\t<div class=\"grid holidays-grid\">\n\t\t\t\t\t\n\t\t\t\t\t\t<div>\n\t\t\t\t\t\t\t<div class=\"phone-number-item\">\n\t\t\t\t\t\t\t\t<div class=\"phone-number-item__icon\"><i class=\"icon-holiday\"><\/i><\/div>\n\t\t\t\t\t\t\t\t<div class=\"phone-number-item__title dark-text\">\n\t\t\t\t\t\t\t\t\t<p class=\"p-font-bold\">Lokaler Urlaub<\/p>\n\t\t\t\t\t\t\t\t\t<p>Octubre: Fiesta das Latas<\/p>\n\t\t\t\t\t\t\t\t<\/div>\n\t\t\t\t\t\t\t<\/div>\n\t\t\t\t\t\t<\/div>\n\t\t\t\t\t\n\t\t\t\t\t\t<div>\n\t\t\t\t\t\t\t<div class=\"phone-number-item\">\n\t\t\t\t\t\t\t\t<div class=\"phone-number-item__icon\"><i class=\"icon-holiday\"><\/i><\/div>\n\t\t\t\t\t\t\t\t<div class=\"phone-number-item__title dark-text\">\n\t\t\t\t\t\t\t\t\t<p class=\"p-font-bold\">Lokaler Urlaub<\/p>\n\t\t\t\t\t\t\t\t\t<p>Mayo: Queima das Fitas<\/p>\n\t\t\t\t\t\t\t\t<\/div>\n\t\t\t\t\t\t\t<\/div>\n\t\t\t\t\t\t<\/div>\n\t\t\t\t\t\n\t\t\t\t\t\t<div>\n\t\t\t\t\t\t\t<div class=\"phone-number-item\">\n\t\t\t\t\t\t\t\t<div class=\"phone-number-item__icon\"><i class=\"icon-holiday\"><\/i><\/div>\n\t\t\t\t\t\t\t\t<div class=\"phone-number-item__title dark-text\">\n\t\t\t\t\t\t\t\t\t<p class=\"p-font-bold\">Lokaler Urlaub<\/p>\n\t\t\t\t\t\t\t\t\t<p>Julio: Fiesta de la ciudad de Co\u00edmbra y de la Reina Santa Isabel<\/p>\n\t\t\t\t\t\t\t\t<\/div>\n\t\t\t\t\t\t\t<\/div>\n\t\t\t\t\t\t<\/div>\n\t\t\t\t\t\n\t\t\t\t<\/div>\n\t\t\t<\/div>\n\t\t\n\t<\/div>\n<\/section>\n\n<div id=\"stage_list_section\"><div class=\"stage-list\">\n    <div class='stage-list__map-card'>\n        <div class='stage-list__map-card__map'>\n            <div class='stage-list__map-card__map__text'>\n                <h2> Pages <\/h2>\n                <p> Zu Fu\u00df<\/p>\n                <p> 0etappen<\/p>\n            <\/div>\n            <div class='stage-list__map-card__map__img'>\n                <img decoding=\"async\" src=\"\" alt=\" mapa \" \/>\n            <\/div>\n        <\/div>\n    <\/div>\n\n    <\/div>\n<\/div> ","protected":false},"excerpt":{"rendered":"<p>Co\u00edmbra &#8249; Zur\u00fcck zur B\u00fchne Co\u00edmbra Einwohner: 105.842 aprox. Bundesland: Informationen Get to know Co\u00edmbra Die Stadt Coimbra ist eine der bedeutendsten St\u00e4dte Portugals und wird vom Fluss Mondego durchflossen. In ihren engen Gassen finden sich historische Zeugnisse aus verschiedenen Epochen, denn sie war eine Stadt von gro\u00dfer Bedeutung. Sechs der portugiesischen K\u00f6nige wurden hier &hellip; <\/p>\n<p class=\"read_more\"><a href=\"https:\/\/www.pilgrim.es\/de\/portugiesischer-weg\/coimbra\/\">Leer m\u00e1s<\/a><\/p>\n","protected":false},"author":0,"featured_media":3224,"parent":10665,"menu_order":0,"comment_status":"closed","ping_status":"closed","template":"views\/template-new-web-design.blade.php","meta":{"footnotes":""},"categories":[],"tags":[],"class_list":["post-91186","page","type-page","status-publish","has-post-thumbnail","hentry"],"yoast_head":"<!-- This site is optimized with the Yoast SEO plugin v27.4 - https:\/\/yoast.com\/product\/yoast-seo-wordpress\/ -->\n<title>Co\u00edmbra: Was sehen und wo \u00fcbernachten | Jakobsweg | Pilgrim<\/title>\n<meta name=\"description\" content=\"Co\u00edmbra Entdecken Sie alle Informationen \u00fcber Unterk\u00fcnfte, Anreise, Gastronomie und die wichtigsten Sehensw\u00fcrdigkeiten der Orte am Portugiesischer Weg\" \/>\n<meta name=\"robots\" content=\"index, follow, max-snippet:-1, max-image-preview:large, max-video-preview:-1\" \/>\n<link rel=\"canonical\" href=\"https:\/\/www.pilgrim.es\/de\/portugiesischer-weg\/coimbra\/\" \/>\n<meta property=\"og:locale\" content=\"de_DE\" \/>\n<meta property=\"og:type\" content=\"article\" \/>\n<meta property=\"og:title\" content=\"Co\u00edmbra: Was sehen und wo \u00fcbernachten | Jakobsweg | Pilgrim\" \/>\n<meta property=\"og:description\" content=\"Co\u00edmbra Entdecken Sie alle Informationen \u00fcber Unterk\u00fcnfte, Anreise, Gastronomie und die wichtigsten Sehensw\u00fcrdigkeiten der Orte am Portugiesischer Weg\" \/>\n<meta property=\"og:url\" content=\"https:\/\/www.pilgrim.es\/de\/portugiesischer-weg\/coimbra\/\" \/>\n<meta property=\"og:site_name\" content=\"Pilgrim\" \/>\n<meta property=\"article:publisher\" content=\"https:\/\/www.facebook.com\/pilgrim.es\/\" \/>\n<meta property=\"og:image\" content=\"https:\/\/www.pilgrim.es\/wp-content\/uploads\/2019\/02\/Coimbra-520x370.jpg\" \/>\n\t<meta property=\"og:image:width\" content=\"520\" \/>\n\t<meta property=\"og:image:height\" content=\"370\" \/>\n\t<meta property=\"og:image:type\" content=\"image\/jpeg\" \/>\n<meta name=\"twitter:card\" content=\"summary_large_image\" \/>\n<meta name=\"twitter:site\" content=\"@pilgrim_es\" \/>\n<meta name=\"twitter:label1\" content=\"Gesch\u00e4tzte Lesezeit\" \/>\n\t<meta name=\"twitter:data1\" content=\"18\u00a0Minuten\" \/>\n<script type=\"application\/ld+json\" class=\"yoast-schema-graph\">{\"@context\":\"https:\\\/\\\/schema.org\",\"@graph\":[{\"@type\":\"WebPage\",\"@id\":\"https:\\\/\\\/www.pilgrim.es\\\/de\\\/portugiesischer-weg\\\/coimbra\\\/\",\"url\":\"https:\\\/\\\/www.pilgrim.es\\\/de\\\/portugiesischer-weg\\\/coimbra\\\/\",\"name\":\"Co\u00edmbra: Was sehen und wo \u00fcbernachten | Jakobsweg | Pilgrim\",\"isPartOf\":{\"@id\":\"https:\\\/\\\/www.pilgrim.es\\\/de\\\/#website\"},\"primaryImageOfPage\":{\"@id\":\"https:\\\/\\\/www.pilgrim.es\\\/de\\\/portugiesischer-weg\\\/coimbra\\\/#primaryimage\"},\"image\":{\"@id\":\"https:\\\/\\\/www.pilgrim.es\\\/de\\\/portugiesischer-weg\\\/coimbra\\\/#primaryimage\"},\"thumbnailUrl\":\"https:\\\/\\\/www.pilgrim.es\\\/wp-content\\\/uploads\\\/2019\\\/02\\\/Coimbra-520x370.jpg\",\"datePublished\":\"2025-03-17T13:56:13+00:00\",\"description\":\"Co\u00edmbra Entdecken Sie alle Informationen \u00fcber Unterk\u00fcnfte, Anreise, Gastronomie und die wichtigsten Sehensw\u00fcrdigkeiten der Orte am Portugiesischer Weg\",\"breadcrumb\":{\"@id\":\"https:\\\/\\\/www.pilgrim.es\\\/de\\\/portugiesischer-weg\\\/coimbra\\\/#breadcrumb\"},\"inLanguage\":\"de\",\"potentialAction\":[{\"@type\":\"ReadAction\",\"target\":[\"https:\\\/\\\/www.pilgrim.es\\\/de\\\/portugiesischer-weg\\\/coimbra\\\/\"]}]},{\"@type\":\"ImageObject\",\"inLanguage\":\"de\",\"@id\":\"https:\\\/\\\/www.pilgrim.es\\\/de\\\/portugiesischer-weg\\\/coimbra\\\/#primaryimage\",\"url\":\"https:\\\/\\\/www.pilgrim.es\\\/wp-content\\\/uploads\\\/2019\\\/02\\\/Coimbra-520x370.jpg\",\"contentUrl\":\"https:\\\/\\\/www.pilgrim.es\\\/wp-content\\\/uploads\\\/2019\\\/02\\\/Coimbra-520x370.jpg\",\"width\":520,\"height\":370,\"caption\":\"Coimbra\"},{\"@type\":\"BreadcrumbList\",\"@id\":\"https:\\\/\\\/www.pilgrim.es\\\/de\\\/portugiesischer-weg\\\/coimbra\\\/#breadcrumb\",\"itemListElement\":[{\"@type\":\"ListItem\",\"position\":1,\"name\":\"Camino de Santiago\",\"item\":\"https:\\\/\\\/www.pilgrim.es\\\/de\\\/\"},{\"@type\":\"ListItem\",\"position\":2,\"name\":\"Portugiesischer Weg\",\"item\":\"https:\\\/\\\/www.pilgrim.es\\\/de\\\/portugiesischer-weg\\\/\"},{\"@type\":\"ListItem\",\"position\":3,\"name\":\"Co\u00edmbra\"}]},{\"@type\":\"WebSite\",\"@id\":\"https:\\\/\\\/www.pilgrim.es\\\/de\\\/#website\",\"url\":\"https:\\\/\\\/www.pilgrim.es\\\/de\\\/\",\"name\":\"Pilgrim\",\"description\":\"Camino de Santiago | Caminamos Contigo\",\"publisher\":{\"@id\":\"https:\\\/\\\/www.pilgrim.es\\\/de\\\/#organization\"},\"potentialAction\":[{\"@type\":\"SearchAction\",\"target\":{\"@type\":\"EntryPoint\",\"urlTemplate\":\"https:\\\/\\\/www.pilgrim.es\\\/de\\\/?s={search_term_string}\"},\"query-input\":{\"@type\":\"PropertyValueSpecification\",\"valueRequired\":true,\"valueName\":\"search_term_string\"}}],\"inLanguage\":\"de\"},{\"@type\":\"Organization\",\"@id\":\"https:\\\/\\\/www.pilgrim.es\\\/de\\\/#organization\",\"name\":\"Pilgrim Camino de Santiago\",\"url\":\"https:\\\/\\\/www.pilgrim.es\\\/de\\\/\",\"logo\":{\"@type\":\"ImageObject\",\"inLanguage\":\"de\",\"@id\":\"https:\\\/\\\/www.pilgrim.es\\\/de\\\/#\\\/schema\\\/logo\\\/image\\\/\",\"url\":\"https:\\\/\\\/www.pilgrim.es\\\/wp-content\\\/uploads\\\/2019\\\/04\\\/logo_pilgrim.png\",\"contentUrl\":\"https:\\\/\\\/www.pilgrim.es\\\/wp-content\\\/uploads\\\/2019\\\/04\\\/logo_pilgrim.png\",\"width\":512,\"height\":512,\"caption\":\"Pilgrim Camino de Santiago\"},\"image\":{\"@id\":\"https:\\\/\\\/www.pilgrim.es\\\/de\\\/#\\\/schema\\\/logo\\\/image\\\/\"},\"sameAs\":[\"https:\\\/\\\/www.facebook.com\\\/pilgrim.es\\\/\",\"https:\\\/\\\/x.com\\\/pilgrim_es\",\"https:\\\/\\\/www.instagram.com\\\/pilgrim.es\\\/\",\"https:\\\/\\\/www.linkedin.com\\\/company\\\/pilgrim-camino-de-santiago\\\/\",\"https:\\\/\\\/www.pinterest.es\\\/pilgrimcaminodesantiago\\\/\",\"https:\\\/\\\/www.youtube.com\\\/channel\\\/UCIv2ZzFLXVqthkNF32rKedw\\\/featured\"]}]}<\/script>\n<!-- \/ Yoast SEO plugin. -->","yoast_head_json":{"title":"Co\u00edmbra: Was sehen und wo \u00fcbernachten | Jakobsweg | Pilgrim","description":"Co\u00edmbra Entdecken Sie alle Informationen \u00fcber Unterk\u00fcnfte, Anreise, Gastronomie und die wichtigsten Sehensw\u00fcrdigkeiten der Orte am Portugiesischer Weg","robots":{"index":"index","follow":"follow","max-snippet":"max-snippet:-1","max-image-preview":"max-image-preview:large","max-video-preview":"max-video-preview:-1"},"canonical":"https:\/\/www.pilgrim.es\/de\/portugiesischer-weg\/coimbra\/","og_locale":"de_DE","og_type":"article","og_title":"Co\u00edmbra: Was sehen und wo \u00fcbernachten | Jakobsweg | Pilgrim","og_description":"Co\u00edmbra Entdecken Sie alle Informationen \u00fcber Unterk\u00fcnfte, Anreise, Gastronomie und die wichtigsten Sehensw\u00fcrdigkeiten der Orte am Portugiesischer Weg","og_url":"https:\/\/www.pilgrim.es\/de\/portugiesischer-weg\/coimbra\/","og_site_name":"Pilgrim","article_publisher":"https:\/\/www.facebook.com\/pilgrim.es\/","og_image":[{"width":520,"height":370,"url":"https:\/\/www.pilgrim.es\/wp-content\/uploads\/2019\/02\/Coimbra-520x370.jpg","type":"image\/jpeg"}],"twitter_card":"summary_large_image","twitter_site":"@pilgrim_es","twitter_misc":{"Gesch\u00e4tzte Lesezeit":"18\u00a0Minuten"},"schema":{"@context":"https:\/\/schema.org","@graph":[{"@type":"WebPage","@id":"https:\/\/www.pilgrim.es\/de\/portugiesischer-weg\/coimbra\/","url":"https:\/\/www.pilgrim.es\/de\/portugiesischer-weg\/coimbra\/","name":"Co\u00edmbra: Was sehen und wo \u00fcbernachten | Jakobsweg | Pilgrim","isPartOf":{"@id":"https:\/\/www.pilgrim.es\/de\/#website"},"primaryImageOfPage":{"@id":"https:\/\/www.pilgrim.es\/de\/portugiesischer-weg\/coimbra\/#primaryimage"},"image":{"@id":"https:\/\/www.pilgrim.es\/de\/portugiesischer-weg\/coimbra\/#primaryimage"},"thumbnailUrl":"https:\/\/www.pilgrim.es\/wp-content\/uploads\/2019\/02\/Coimbra-520x370.jpg","datePublished":"2025-03-17T13:56:13+00:00","description":"Co\u00edmbra Entdecken Sie alle Informationen \u00fcber Unterk\u00fcnfte, Anreise, Gastronomie und die wichtigsten Sehensw\u00fcrdigkeiten der Orte am Portugiesischer Weg","breadcrumb":{"@id":"https:\/\/www.pilgrim.es\/de\/portugiesischer-weg\/coimbra\/#breadcrumb"},"inLanguage":"de","potentialAction":[{"@type":"ReadAction","target":["https:\/\/www.pilgrim.es\/de\/portugiesischer-weg\/coimbra\/"]}]},{"@type":"ImageObject","inLanguage":"de","@id":"https:\/\/www.pilgrim.es\/de\/portugiesischer-weg\/coimbra\/#primaryimage","url":"https:\/\/www.pilgrim.es\/wp-content\/uploads\/2019\/02\/Coimbra-520x370.jpg","contentUrl":"https:\/\/www.pilgrim.es\/wp-content\/uploads\/2019\/02\/Coimbra-520x370.jpg","width":520,"height":370,"caption":"Coimbra"},{"@type":"BreadcrumbList","@id":"https:\/\/www.pilgrim.es\/de\/portugiesischer-weg\/coimbra\/#breadcrumb","itemListElement":[{"@type":"ListItem","position":1,"name":"Camino de Santiago","item":"https:\/\/www.pilgrim.es\/de\/"},{"@type":"ListItem","position":2,"name":"Portugiesischer Weg","item":"https:\/\/www.pilgrim.es\/de\/portugiesischer-weg\/"},{"@type":"ListItem","position":3,"name":"Co\u00edmbra"}]},{"@type":"WebSite","@id":"https:\/\/www.pilgrim.es\/de\/#website","url":"https:\/\/www.pilgrim.es\/de\/","name":"Pilgrim","description":"Camino de Santiago | Caminamos Contigo","publisher":{"@id":"https:\/\/www.pilgrim.es\/de\/#organization"},"potentialAction":[{"@type":"SearchAction","target":{"@type":"EntryPoint","urlTemplate":"https:\/\/www.pilgrim.es\/de\/?s={search_term_string}"},"query-input":{"@type":"PropertyValueSpecification","valueRequired":true,"valueName":"search_term_string"}}],"inLanguage":"de"},{"@type":"Organization","@id":"https:\/\/www.pilgrim.es\/de\/#organization","name":"Pilgrim Camino de Santiago","url":"https:\/\/www.pilgrim.es\/de\/","logo":{"@type":"ImageObject","inLanguage":"de","@id":"https:\/\/www.pilgrim.es\/de\/#\/schema\/logo\/image\/","url":"https:\/\/www.pilgrim.es\/wp-content\/uploads\/2019\/04\/logo_pilgrim.png","contentUrl":"https:\/\/www.pilgrim.es\/wp-content\/uploads\/2019\/04\/logo_pilgrim.png","width":512,"height":512,"caption":"Pilgrim Camino de Santiago"},"image":{"@id":"https:\/\/www.pilgrim.es\/de\/#\/schema\/logo\/image\/"},"sameAs":["https:\/\/www.facebook.com\/pilgrim.es\/","https:\/\/x.com\/pilgrim_es","https:\/\/www.instagram.com\/pilgrim.es\/","https:\/\/www.linkedin.com\/company\/pilgrim-camino-de-santiago\/","https:\/\/www.pinterest.es\/pilgrimcaminodesantiago\/","https:\/\/www.youtube.com\/channel\/UCIv2ZzFLXVqthkNF32rKedw\/featured"]}]}},"_links":{"self":[{"href":"https:\/\/www.pilgrim.es\/de\/wp-json\/wp\/v2\/pages\/91186","targetHints":{"allow":["GET"]}}],"collection":[{"href":"https:\/\/www.pilgrim.es\/de\/wp-json\/wp\/v2\/pages"}],"about":[{"href":"https:\/\/www.pilgrim.es\/de\/wp-json\/wp\/v2\/types\/page"}],"replies":[{"embeddable":true,"href":"https:\/\/www.pilgrim.es\/de\/wp-json\/wp\/v2\/comments?post=91186"}],"version-history":[{"count":0,"href":"https:\/\/www.pilgrim.es\/de\/wp-json\/wp\/v2\/pages\/91186\/revisions"}],"up":[{"embeddable":true,"href":"https:\/\/www.pilgrim.es\/de\/wp-json\/wp\/v2\/pages\/10665"}],"wp:featuredmedia":[{"embeddable":true,"href":"https:\/\/www.pilgrim.es\/de\/wp-json\/wp\/v2\/media\/3224"}],"wp:attachment":[{"href":"https:\/\/www.pilgrim.es\/de\/wp-json\/wp\/v2\/media?parent=91186"}],"wp:term":[{"taxonomy":"category","embeddable":true,"href":"https:\/\/www.pilgrim.es\/de\/wp-json\/wp\/v2\/categories?post=91186"},{"taxonomy":"post_tag","embeddable":true,"href":"https:\/\/www.pilgrim.es\/de\/wp-json\/wp\/v2\/tags?post=91186"}],"curies":[{"name":"wp","href":"https:\/\/api.w.org\/{rel}","templated":true}]}}