{"id":91162,"date":"2025-03-17T13:51:07","date_gmt":"2025-03-17T13:51:07","guid":{"rendered":"https:\/\/www.pilgrim.es\/portugiesischer-weg\/lisboa\/"},"modified":"2025-03-17T13:51:07","modified_gmt":"2025-03-17T13:51:07","slug":"lisboa","status":"publish","type":"page","link":"https:\/\/www.pilgrim.es\/de\/portugiesischer-weg\/lisboa\/","title":{"rendered":"Lisboa"},"content":{"rendered":" <section id=\"hero\">\n\t<h1>Lisboa<\/h1>\n\t<div class=\"hero-grid\">\n\t\t<div class=\"hero-grid__town-col\" data-background=\"https:\/\/cdn.pilgrim.es\/web\/caminos\/camino-portugues\/pueblos\/lisboa\/lisboa.jpg\">\n\t\t\t<div>\n\t\t\t\t<a class=\"link-to-stage\" href=\"https:\/\/www.pilgrim.es\/camino-portugues\/etapa-1-lisboa-alhandra\/\">\n\t\t\t\t\t<p>&#8249; Zur\u00fcck zur B\u00fchne<\/p>\n\t\t\t\t<\/a>\n\n\t\t\t\t<div class=\"town-data\">\n\t\t\t\t\t<h2>Lisboa<\/h2>\n\t\t\t\t\t<ul>\n\t\t\t\t\t\t<li>Einwohner: 530.847 aprox.<\/li>\n\t\t\t\t\t\t<li>Bundesland: <\/li>\n\t\t\t\t\t<\/ul>\n\t\t\t\t<\/div>\n\t\t\t<\/div>\n\t\t<\/div>\n\t\t<div class=\"hero-grid__planner-col\"><div\r\n  class=\"p-col-span-1 p-rounded-lg p-px-5 p-h-full\"\r\n  style=\"background-image: url('https:\/\/cdn.pilgrim.es\/web\/pilgrim-planner\/bg-plugin-planificador.webp')\"\r\n  rel=\"preload\"\r\n  fetchpriority=\"high\"\r\n  >\r\n    <div class=\"p-text-center p-pt-5 p-text-white p-text-2xl p-font-semibold\">\r\n      Plane deinen Weg    <\/div>\r\n    <div\r\n            id='primary-app'\r\n            data-name='banner'\r\n            data-api='https:\/\/pathfinder.pilgrim.es\/api\/pathfinder\/v2'\r\n            data-mode='normal'\r\n            data-lang='de'\r\n            data-route='1'\r\n            data-destiny='https:\/\/planificador.pilgrim.es'\r\n            data-modality='1'\r\n            data-inline=''\r\n        ><\/div><\/div><\/div>\n\t<\/div>\n<\/section>\n\n<section id=\"infoTown\">\n\t<div class=\"sections-town\">\n\n\t\t<div id=\"informationSection\">\n\t\t\t<div>\n\t\t\t\t<h2 class=\"p-h2-town\">Informationen<\/h2>\n\t\t\t\t<hr>\n\t\t\t\t<h3 class=\"p-h3-town\">Get to know Lisboa<\/h3>\n\t\t\t<\/div>\n\t\t\t<p>Lissabon ist die Hauptstadt Portugals und gleichzeitig eine der wichtigsten St\u00e4dte des Landes. Sie liegt an der M\u00fcndung des Tejo und ist damit eine der wichtigsten Enklaven in der Herrschaft des Atlantischen Ozeans.<\/p> <p>Die uralte Geschichte der Stadt ist auf ihre Lage zur\u00fcckzuf\u00fchren. Unz\u00e4hlige Zivilisationen haben die Stadt durchquert, was sie zu einer Stadt von gro\u00dfem kulturellem Reichtum macht. Um sich in den Stra\u00dfen der Stadt fortzubewegen, ist es am besten, zu Fu\u00df zu gehen, um alle Denkm\u00e4ler zu besichtigen, aber Sie k\u00f6nnen auch die historischen Stra\u00dfenbahnen benutzen, die das gesamte Stadtzentrum verbinden.\n\t\t<\/div>\n\n\t\t<div id=\"locationSection\">\n\t\t\t<div>\n\t\t\t\t<h2 class=\"p-h2-town\">Standort<\/h2>\n\t\t\t\t<hr>\n\t\t\t\t<h3 class=\"p-h3-town\">Wegbeschreibung<\/h3>\n\t\t\t<\/div>\n\t\t\t<p>Am einfachsten erreicht man Lissabon \u00fcber die Autobahn AP-9 oder die A-1, aber es \u00fcberrascht nicht, dass die Hauptstadt an fast alle Autobahnen des Landes angeschlossen ist, wie die A-2, A-8, A-10, A-33, A-12, A-37, A-5 und A-16. Wenn Sie aus dem Norden kommen, k\u00f6nnen Sie die E-1, die Europastra\u00dfe, nehmen.\n\n<p>Die Anreise mit dem Flugzeug ist sehr einfach, mit bekannten Fluggesellschaften wie Vueling, Easyjet und Ryanair. Am Flughafen angekommen, k\u00f6nnen Sie einen Bus ins Stadtzentrum nehmen.\n\n<p>Sie k\u00f6nnen auch mit dem Zug anreisen, indem Sie den AVE oder den Hotelzug Lusitania von Madrid aus nehmen. Mit dem Bus kann man von Madrid, Barcelona, Sevilla, Bilbao oder Valencia aus anreisen.\n\t\t\t<div>\n\t\t\t\t<div>\n  <iframe loading=\"lazy\"\n    src=\"https:\/\/www.google.com\/maps\/d\/embed?mid=17GJiEW7rQrpI9Jh825uaNar_b3ROYgM&amp;ehbc=2E312F\"\n    width=\"640\"\n    height=\"480\"\n    alt=\"Mapa Lisboa\"\n  ><\/iframe>\n<\/div>\n\n\t\t\t<\/div>\n\t\t<\/div>\n\n\t\t\n\t\t\t<div id=\"toVisitSection\">\n\t\t\t\t<div>\n\t\t\t\t\t<h2 class=\"p-h2-town\">Geschichte \/ Kultur<\/h2>\n\t\t\t\t\t<hr>\n\t\t\t\t\t<h3 class=\"p-h3-town\">Was es zu sehen gibt<\/h3>\n\t\t\t\t<\/div>\n\t\t\t\t<div>\n\t\t\t\t\t<div class=\"accordion\">\n\t\t\t\t\t\t<div class=\"accordion__menu\">\n\t\t\t\t\t\t\t<nav>\n\t\t\t\t\t\t\t\t\n\t\t\t\t\t\t\t\t\t<button class=\"nav-tab-accordion active\"><span>&#10093;<\/span><span> Bas\u00edlica da Estrela<\/span><\/button>\n\t\t\t\t\t\t\t\t\n\t\t\t\t\t\t\t\t\t<button class=\"nav-tab-accordion \"><span>&#10093;<\/span><span> Convento do Carmo<\/span><\/button>\n\t\t\t\t\t\t\t\t\n\t\t\t\t\t\t\t\t\t<button class=\"nav-tab-accordion \"><span>&#10093;<\/span><span> Monasterio de los Jer\u00f3nimos<\/span><\/button>\n\t\t\t\t\t\t\t\t\n\t\t\t\t\t\t\t\t\t<button class=\"nav-tab-accordion \"><span>&#10093;<\/span><span> Museo Berardo<\/span><\/button>\n\t\t\t\t\t\t\t\t\n\t\t\t\t\t\t\t\t\t<button class=\"nav-tab-accordion \"><span>&#10093;<\/span><span> Museo da Marinha<\/span><\/button>\n\t\t\t\t\t\t\t\t\n\t\t\t\t\t\t\t\t\t<button class=\"nav-tab-accordion \"><span>&#10093;<\/span><span> Museo Nacional de Arte Antigo<\/span><\/button>\n\t\t\t\t\t\t\t\t\n\t\t\t\t\t\t\t\t\t<button class=\"nav-tab-accordion \"><span>&#10093;<\/span><span> Museo Nacional dos Coches<\/span><\/button>\n\t\t\t\t\t\t\t\t\n\t\t\t\t\t\t\t\t\t<button class=\"nav-tab-accordion \"><span>&#10093;<\/span><span> Ocean\u00e1rio<\/span><\/button>\n\t\t\t\t\t\t\t\t\n\t\t\t\t\t\t\t\t\t<button class=\"nav-tab-accordion \"><span>&#10093;<\/span><span> Palacio de Bel\u00e9m<\/span><\/button>\n\t\t\t\t\t\t\t\t\n\t\t\t\t\t\t\t\t\t<button class=\"nav-tab-accordion \"><span>&#10093;<\/span><span> Pante\u00f3n Nacional<\/span><\/button>\n\t\t\t\t\t\t\t\t\n\t\t\t\t\t\t\t\t\t<button class=\"nav-tab-accordion \"><span>&#10093;<\/span><span> Plaza del Rossio<\/span><\/button>\n\t\t\t\t\t\t\t\t\n\t\t\t\t\t\t\t\t\t<button class=\"nav-tab-accordion \"><span>&#10093;<\/span><span> Puente Vasco da Gamma<\/span><\/button>\n\t\t\t\t\t\t\t\t\n\t\t\t\t\t\t\t\t\t<button class=\"nav-tab-accordion \"><span>&#10093;<\/span><span> Pabell\u00f3n do Conhecimento<\/span><\/button>\n\t\t\t\t\t\t\t\t\n\t\t\t\t\t\t\t\t\t<button class=\"nav-tab-accordion \"><span>&#10093;<\/span><span> Torre de Bel\u00e9m<\/span><\/button>\n\t\t\t\t\t\t\t\t\n\t\t\t\t\t\t\t\t\t<button class=\"nav-tab-accordion \"><span>&#10093;<\/span><span> Acueducto de las Aguas Libres<\/span><\/button>\n\t\t\t\t\t\t\t\t\n\t\t\t\t\t\t\t\t\t<button class=\"nav-tab-accordion \"><span>&#10093;<\/span><span> Castillo de S\u00e3o Jorge<\/span><\/button>\n\t\t\t\t\t\t\t\t\n\t\t\t\t\t\t\t\t\t<button class=\"nav-tab-accordion \"><span>&#10093;<\/span><span> Catedral de Lisboa<\/span><\/button>\n\t\t\t\t\t\t\t\t\n\t\t\t\t\t\t\t\t\t<button class=\"nav-tab-accordion \"><span>&#10093;<\/span><span> Iglesia de Nossa Senhora da Concei\u00e7ao Velha<\/span><\/button>\n\t\t\t\t\t\t\t\t\n\t\t\t\t\t\t\t\t\t<button class=\"nav-tab-accordion \"><span>&#10093;<\/span><span> Iglesia de San Vicente de Fora<\/span><\/button>\n\t\t\t\t\t\t\t\t\n\t\t\t\t\t\t\t\t\t<button class=\"nav-tab-accordion \"><span>&#10093;<\/span><span> Iglesia de Santo Antonio de Lisboa<\/span><\/button>\n\t\t\t\t\t\t\t\t\n\t\t\t\t\t\t\t\t\t<button class=\"nav-tab-accordion \"><span>&#10093;<\/span><span> Iglesia de Santo Est\u00eav\u00e3o<\/span><\/button>\n\t\t\t\t\t\t\t\t\n\t\t\t\t\t\t\t\t\t<button class=\"nav-tab-accordion \"><span>&#10093;<\/span><span> Iglesia de S\u00e3o Domingos<\/span><\/button>\n\t\t\t\t\t\t\t\t\n\t\t\t\t\t\t\t\t\t<button class=\"nav-tab-accordion \"><span>&#10093;<\/span><span> Iglesia de S\u00e3o Roque<\/span><\/button>\n\t\t\t\t\t\t\t\t\n\t\t\t\t\t\t\t\t\t<button class=\"nav-tab-accordion \"><span>&#10093;<\/span><span> Monumento a los Descubrimientos<\/span><\/button>\n\t\t\t\t\t\t\t\t\n\t\t\t\t\t\t\t\t\t<button class=\"nav-tab-accordion \"><span>&#10093;<\/span><span> Palacio das Necessidades<\/span><\/button>\n\t\t\t\t\t\t\t\t\n\t\t\t\t\t\t\t\t\t<button class=\"nav-tab-accordion \"><span>&#10093;<\/span><span> Palacio de Queluz<\/span><\/button>\n\t\t\t\t\t\t\t\t\n\t\t\t\t\t\t\t\t\t<button class=\"nav-tab-accordion \"><span>&#10093;<\/span><span> Palacio de Seteais<\/span><\/button>\n\t\t\t\t\t\t\t\t\n\t\t\t\t\t\t\t\t\t<button class=\"nav-tab-accordion \"><span>&#10093;<\/span><span> Palacio Nacional da Ajuda<\/span><\/button>\n\t\t\t\t\t\t\t\t\n\t\t\t\t\t\t\t\t\t<button class=\"nav-tab-accordion \"><span>&#10093;<\/span><span> Plaza do Comercio<\/span><\/button>\n\t\t\t\t\t\t\t\t\n\t\t\t\t\t\t\t\t\t<button class=\"nav-tab-accordion \"><span>&#10093;<\/span><span> Plaza Marqu\u00eas de Pombal<\/span><\/button>\n\t\t\t\t\t\t\t\t\n\t\t\t\t\t\t\t\t\t<button class=\"nav-tab-accordion \"><span>&#10093;<\/span><span> Puente 25 de Abril<\/span><\/button>\n\t\t\t\t\t\t\t\t\n\t\t\t\t\t\t\t\t\t<button class=\"nav-tab-accordion \"><span>&#10093;<\/span><span> Museo Calouste Gulbenkian<\/span><\/button>\n\t\t\t\t\t\t\t\t\n\t\t\t\t\t\t\t\t\t<button class=\"nav-tab-accordion \"><span>&#10093;<\/span><span> Teatro Nacional Dona Mar\u00eda II<\/span><\/button>\n\t\t\t\t\t\t\t\t\n\t\t\t\t\t\t\t\t\t<button class=\"nav-tab-accordion \"><span>&#10093;<\/span><span> Elevador de Santa Justa<\/span><\/button>\n\t\t\t\t\t\t\t\t\n\t\t\t\t\t\t\t<\/nav>\n\t\t\t\t\t\t<\/div>\n\n\t\t\t\t\t\t\n\t\t\t\t\t\t\t<div class=\"accordion__accordion-content \">\n\t\t\t\t\t\t\t\t<div>\n\t\t\t\t\t\t\t\t\t<div>\n\t\t\t\t\t\t\t\t\t\t<h4>Bas\u00edlica da Estrela<\/h4>\n\t\t\t\t\t\t\t\t\t\t<p>Die Bas\u00edlica da Estrela, auch bekannt als Bas\u00edlica do Sagrado Cora\u00e7\u00e3o, wurde 1779 im Auftrag von K\u00f6nigin Maria I. erbaut, da sie versprochen hatte, einen Tempel zu bauen, falls sie einen Thronfolger zur Welt bringen w\u00fcrde.<\/p> <p>Die Bas\u00edlica da Estrela ist auch bekannt als Bas\u00edlica do Sagrado Cora\u00e7\u00e3o.\n\n<p>Der Tempel zeichnet sich durch seine gro\u00dfe Kuppel aus, von der aus man die Stadt \u00fcberblicken kann. Das Innere ist im neoklassizistischen Stil mit barocken Akzenten gehalten und mit farbigem Marmor verziert. Die Basilika beherbergt das Grab von Maria I. und ein Bild, das den Tag der Geburt Jesu darstellt.\n\t\t\t\t\t\t\t\t\t<\/div>\n\t\t\t\t\t\t\t\t\t<img decoding=\"async\" src=\"https:\/\/cdn.pilgrim.es\/web\/caminos\/camino-portugues\/pueblos\/lisboa\/puntos-de-interes\/basilica-da-estrela.jpg\" alt=\"Bas\u00edlica da Estrela\">\n\t\t\t\t\t\t\t\t<\/div>\n\t\t\t\t\t\t\t<\/div>\n\t\t\t\t\t\t\n\t\t\t\t\t\t\t<div class=\"accordion__accordion-content inactive\">\n\t\t\t\t\t\t\t\t<div>\n\t\t\t\t\t\t\t\t\t<div>\n\t\t\t\t\t\t\t\t\t\t<h4>Convento do Carmo<\/h4>\n\t\t\t\t\t\t\t\t\t\t<p>Die Ruinen des Convento do Carmo, die unter freiem Himmel liegen, sind eines der besten Beispiele f\u00fcr den innovativen Aspekt der Stadt Lissabon. Die hohen Gew\u00f6lbe des ehemaligen Klosters fallen besonders durch ihre gro\u00dfen Ausma\u00dfe auf. Dieses gotische Kloster war bis zum Erdbeben von 1755 das wertvollste der Stadt.\n\n<p>Die Klosterkirche wurde auf Veranlassung von Nuno Alvares Pereira gebaut, einem Adligen, der sich ins Ordensleben zur\u00fcckziehen wollte. Die Arbeiten an der Kirche wurden im fr\u00fchen 15. Jahrhundert abgeschlossen, so dass das heutige Bauwerk einen f\u00fcr das portugiesische Mittelalter typischen Stil aufweist.<\/p> <p>Die Kirche wurde von Nuno Alvares Pereira, einem Adligen, der sich in ein religi\u00f6ses Leben zur\u00fcckziehen wollte, erbaut.\n\t\t\t\t\t\t\t\t\t<\/div>\n\t\t\t\t\t\t\t\t\t<img decoding=\"async\" src=\"https:\/\/cdn.pilgrim.es\/web\/caminos\/camino-portugues\/pueblos\/lisboa\/puntos-de-interes\/convento-do-carmo.jpg\" alt=\"Convento do Carmo\">\n\t\t\t\t\t\t\t\t<\/div>\n\t\t\t\t\t\t\t<\/div>\n\t\t\t\t\t\t\n\t\t\t\t\t\t\t<div class=\"accordion__accordion-content inactive\">\n\t\t\t\t\t\t\t\t<div>\n\t\t\t\t\t\t\t\t\t<div>\n\t\t\t\t\t\t\t\t\t\t<h4>Monasterio de los Jer\u00f3nimos<\/h4>\n\t\t\t\t\t\t\t\t\t\t<p>Das Hieronymitenkloster ist eines der sch\u00f6nsten Beispiele manuelinischer Architektur in Portugal. Das Kloster, das 1983 von der UNESCO zum Weltkulturerbe erkl\u00e4rt wurde, wurde im Auftrag von Manuel I. zum Gedenken an die R\u00fcckkehr von Vasco da Gama aus Indien errichtet.\n\n<p>Das Jer\u00f3nimos-Kloster in der Gegend von Bel\u00e9m wurde auf den \u00dcberresten einer alten Kapelle erbaut, die einst von Heinrich dem Seefahrer errichtet wurde. Der Name dieses wertvollen und bewundernswerten Denkmals r\u00fchrt daher, dass in den ersten Jahren die M\u00f6nche des Ordens des Heiligen Hieronymus in dem Kloster lebten. Ab dem 19. Jahrhundert, mit der Errichtung der liberalen Regierung und der Aufl\u00f6sung der religi\u00f6sen Orden, wurde das Kloster Staatseigentum.\n\t\t\t\t\t\t\t\t\t<\/div>\n\t\t\t\t\t\t\t\t\t<img decoding=\"async\" src=\"https:\/\/cdn.pilgrim.es\/web\/caminos\/camino-portugues\/pueblos\/lisboa\/puntos-de-interes\/monasterio-de-los-jeronimos.jpg\" alt=\"Monasterio de los Jer\u00f3nimos\">\n\t\t\t\t\t\t\t\t<\/div>\n\t\t\t\t\t\t\t<\/div>\n\t\t\t\t\t\t\n\t\t\t\t\t\t\t<div class=\"accordion__accordion-content inactive\">\n\t\t\t\t\t\t\t\t<div>\n\t\t\t\t\t\t\t\t\t<div>\n\t\t\t\t\t\t\t\t\t\t<h4>Museo Berardo<\/h4>\n\t\t\t\t\t\t\t\t\t\t<p>Das 2007 eingeweihte Berardo-Museum beherbergt eine der interessantesten Sammlungen zeitgen\u00f6ssischer Kunst, so dass es mehrere Jahre lang zu den hundert meistbesuchten Museen der Welt geh\u00f6rte.<\/p> <p>Das Berardo-Museum ist eine der interessantesten Sammlungen zeitgen\u00f6ssischer Kunst der Welt.\n\n<p>Wie der Name schon sagt, ist die Erinnerung an dieses Museum eng mit dem Kunstsammler Jos\u00e9 Manuel Berardo verbunden, einem m\u00e4chtigen Gesch\u00e4ftsmann aus Portugal. Er f\u00fchlte sich schon in jungen Jahren zur Kunst hingezogen und sammelte mit gro\u00dfem Engagement verschiedene Werke, bis er eine Sammlung von mehr als 40 000 Werken besa\u00df. Zu dieser Zeit unterzeichnete Berardo ein Abkommen mit der portugiesischen Regierung, das zur Gr\u00fcndung der Stiftung f\u00fcr moderne und zeitgen\u00f6ssische Kunst &#8211; Sammlung Berardo &#8211; f\u00fchrte, eine Sammlung, die heute zu sehen ist.\n\t\t\t\t\t\t\t\t\t<\/div>\n\t\t\t\t\t\t\t\t\t<img decoding=\"async\" src=\"https:\/\/cdn.pilgrim.es\/web\/caminos\/camino-portugues\/pueblos\/lisboa\/puntos-de-interes\/museo-berardo.jpg\" alt=\"Museo Berardo\">\n\t\t\t\t\t\t\t\t<\/div>\n\t\t\t\t\t\t\t<\/div>\n\t\t\t\t\t\t\n\t\t\t\t\t\t\t<div class=\"accordion__accordion-content inactive\">\n\t\t\t\t\t\t\t\t<div>\n\t\t\t\t\t\t\t\t\t<div>\n\t\t\t\t\t\t\t\t\t\t<h4>Museo da Marinha<\/h4>\n\t\t\t\t\t\t\t\t\t\t<p>Das Museo da Marinha ist eines der meistbesuchten Museen Portugals und wurde 1973 von K\u00f6nig Lu\u00eds eingeweiht. Wie der Name schon sagt, besteht seine Hauptaufgabe darin, das Wissen \u00fcber milit\u00e4rische Elemente und Strukturen der portugiesischen maritimen Vergangenheit von der Zeit der Entdeckungen bis zum 19. Jahrhundert zu verbreiten. Es verf\u00fcgt \u00fcber eine st\u00e4ndige Sammlung, die Flussschiffe, Waffen, Uniformen, Seekarten und verschiedene Gegenst\u00e4nde und Navigationsger\u00e4te umfasst. Au\u00dferdem verf\u00fcgt es \u00fcber eine maritime Bibliothek mit historischen B\u00e4nden und B\u00fcchern aller Art, die dem Besucher helfen, die komplexe Welt der Marine zu verstehen.\n\t\t\t\t\t\t\t\t\t<\/div>\n\t\t\t\t\t\t\t\t\t<img decoding=\"async\" src=\"https:\/\/cdn.pilgrim.es\/web\/caminos\/camino-portugues\/pueblos\/lisboa\/puntos-de-interes\/museo-da-marinha.jpg\" alt=\"Museo da Marinha\">\n\t\t\t\t\t\t\t\t<\/div>\n\t\t\t\t\t\t\t<\/div>\n\t\t\t\t\t\t\n\t\t\t\t\t\t\t<div class=\"accordion__accordion-content inactive\">\n\t\t\t\t\t\t\t\t<div>\n\t\t\t\t\t\t\t\t\t<div>\n\t\t\t\t\t\t\t\t\t\t<h4>Museo Nacional de Arte Antigo<\/h4>\n\t\t\t\t\t\t\t\t\t\t<p>Das Nationalmuseum f\u00fcr Alte Kunst beherbergt eine der bedeutendsten Ausstellungen Portugals, die vom 12. bis zum 19. Jahrhundert reicht. Das Geb\u00e4ude, das heute das Museum beherbergt, diente im 17. Jahrhundert als Kloster und war im Besitz der ber\u00fchmten Familie T\u00e1vora. Sp\u00e4ter ging das Kloster in den Besitz des Markgrafen von Pombal \u00fcber, der es zu einem Palast ausbauen lie\u00df. Einige Zeit sp\u00e4ter, im Jahr 1884, wurde dieses Geb\u00e4ude zum Sitz des Nationalmuseums f\u00fcr Sch\u00f6ne K\u00fcnste und Arch\u00e4ologie. Bereits 1911 wurde im Inneren auf Wunsch von Jos\u00e9 Figueirido das Nationale Museum f\u00fcr Alte Kunst eingerichtet.\n\t\t\t\t\t\t\t\t\t<\/div>\n\t\t\t\t\t\t\t\t\t<img decoding=\"async\" src=\"https:\/\/cdn.pilgrim.es\/web\/caminos\/camino-portugues\/pueblos\/lisboa\/puntos-de-interes\/museo-nacional-de-arte-antigo.jpg\" alt=\"Museo Nacional de Arte Antigo\">\n\t\t\t\t\t\t\t\t<\/div>\n\t\t\t\t\t\t\t<\/div>\n\t\t\t\t\t\t\n\t\t\t\t\t\t\t<div class=\"accordion__accordion-content inactive\">\n\t\t\t\t\t\t\t\t<div>\n\t\t\t\t\t\t\t\t\t<div>\n\t\t\t\t\t\t\t\t\t\t<h4>Museo Nacional dos Coches<\/h4>\n\t\t\t\t\t\t\t\t\t\t<p>Das 1905 eingeweihte Museo Nacional dos Coches ist eines der meistbesuchten Museen in Lissabon. Es beherbergt eine gro\u00dfe Sammlung von Fahrzeugen aus dem 17., 18. und 19. Jahrhundert, wie z. B. ein Fahrzeug aus dem Besitz von K\u00f6nig Philipp III. von Spanien oder drei italienisch gepr\u00e4gte Kutschen im Barockstil, die 1716 in Rom hergestellt wurden. <\/p>\n\t\t\t\t\t\t\t\t\t<\/div>\n\t\t\t\t\t\t\t\t\t<img decoding=\"async\" src=\"https:\/\/cdn.pilgrim.es\/web\/caminos\/camino-portugues\/pueblos\/lisboa\/puntos-de-interes\/museo-nacional-dos-coches.jpg\" alt=\"Museo Nacional dos Coches\">\n\t\t\t\t\t\t\t\t<\/div>\n\t\t\t\t\t\t\t<\/div>\n\t\t\t\t\t\t\n\t\t\t\t\t\t\t<div class=\"accordion__accordion-content inactive\">\n\t\t\t\t\t\t\t\t<div>\n\t\t\t\t\t\t\t\t\t<div>\n\t\t\t\t\t\t\t\t\t\t<h4>Ocean\u00e1rio<\/h4>\n\t\t\t\t\t\t\t\t\t\t<p>Nach dem L`Oceanogr\u00e0fic in Valencia ist das Lissaboner Ozeanarium das gr\u00f6\u00dfte in Europa und beherbergt rund 16.000 Exemplare von mehr als vierhundertf\u00fcnfzig verschiedenen Meeresarten. <\/p>\n\n<p>Das Ozeanarium wurde 1998 im Rahmen der Expo gebaut und von Peter Chermayeff entworfen. Das Geb\u00e4ude befindet sich in der N\u00e4he des Parque de las Naciones und &#8222;schwimmt&#8220; auf dem Wasser, um einen schwimmenden Hafen zu imitieren.\n\t\t\t\t\t\t\t\t\t<\/div>\n\t\t\t\t\t\t\t\t\t<img decoding=\"async\" src=\"https:\/\/cdn.pilgrim.es\/web\/caminos\/camino-portugues\/pueblos\/lisboa\/puntos-de-interes\/oceanario.jpg\" alt=\"Ocean\u00e1rio\">\n\t\t\t\t\t\t\t\t<\/div>\n\t\t\t\t\t\t\t<\/div>\n\t\t\t\t\t\t\n\t\t\t\t\t\t\t<div class=\"accordion__accordion-content inactive\">\n\t\t\t\t\t\t\t\t<div>\n\t\t\t\t\t\t\t\t\t<div>\n\t\t\t\t\t\t\t\t\t\t<h4>Palacio de Bel\u00e9m<\/h4>\n\t\t\t\t\t\t\t\t\t\t<p>Der Bel\u00e9m-Palast ist ein wundersch\u00f6nes Geb\u00e4ude aus dem Jahr 1559, ein Werk des portugiesischen Aristokraten Manuel de Alburquerque, das im 17. Jahrhundert im Auftrag der Grafen von Aveiras umfassend renoviert wurde. Mitte des 18. Jahrhunderts wurde K\u00f6nig Johann V. Eigent\u00fcmer des Geb\u00e4udes, der es vergr\u00f6\u00dferte und \u00e4u\u00dferlich renovierte. Von diesem Zeitpunkt an diente es als k\u00f6nigliche Residenz, bis es 1886 zur offiziellen Residenz der Herz\u00f6ge von Bragan\u00e7a wurde. Heute ist es die Residenz der portugiesischen Pr\u00e4sidenten und beherbergt das Museum der Pr\u00e4sidentschaft der Republik, in dem verschiedene Ausstellungen \u00fcber die portugiesische Republik gezeigt werden. Bemerkenswert ist auch das Kutschenmuseum, in dem verschiedene Arten von Kutschen ausgestellt sind, die im Laufe der portugiesischen Geschichte verwendet wurden.\n\t\t\t\t\t\t\t\t\t<\/div>\n\t\t\t\t\t\t\t\t\t<img decoding=\"async\" src=\"https:\/\/cdn.pilgrim.es\/web\/caminos\/camino-portugues\/pueblos\/lisboa\/puntos-de-interes\/palacio-de-belem.jpg\" alt=\"Palacio de Bel\u00e9m\">\n\t\t\t\t\t\t\t\t<\/div>\n\t\t\t\t\t\t\t<\/div>\n\t\t\t\t\t\t\n\t\t\t\t\t\t\t<div class=\"accordion__accordion-content inactive\">\n\t\t\t\t\t\t\t\t<div>\n\t\t\t\t\t\t\t\t\t<div>\n\t\t\t\t\t\t\t\t\t\t<h4>Pante\u00f3n Nacional<\/h4>\n\t\t\t\t\t\t\t\t\t\t<p>Das Nationale Pantheon ist ein Geb\u00e4ude im Barockstil, das an der Stelle einer alten Kirche, der Kirche Santa Engracia, errichtet wurde. Die Arbeiten daran begannen Ende des 17. Jahrhunderts, wurden aber erst 1966 abgeschlossen. Seit Anfang des 20. Jahrhunderts dient sie als Begr\u00e4bnisst\u00e4tte f\u00fcr ber\u00fchmte portugiesische Pers\u00f6nlichkeiten, wie die Pr\u00e4sidenten von Portugal, Am\u00e1lia Rodrigues und Jo\u00e3o de Deus, sowie f\u00fcr die Gr\u00e4ber anderer ber\u00fchmter Portugiesen, wie Vasco de Gama und Luis de Cam\u00f4es. An der Spitze des Geb\u00e4udes befindet sich die wei\u00dfe Kuppel, die sich durch ihren vielfarbigen Marmor und die Kuppel, die sie kr\u00f6nt und ihre Struktur beleuchtet, auszeichnet. <\/p>\n\t\t\t\t\t\t\t\t\t<\/div>\n\t\t\t\t\t\t\t\t\t<img decoding=\"async\" src=\"https:\/\/cdn.pilgrim.es\/web\/caminos\/camino-portugues\/pueblos\/lisboa\/puntos-de-interes\/panteon-nacional.jpg\" alt=\"Pante\u00f3n Nacional\">\n\t\t\t\t\t\t\t\t<\/div>\n\t\t\t\t\t\t\t<\/div>\n\t\t\t\t\t\t\n\t\t\t\t\t\t\t<div class=\"accordion__accordion-content inactive\">\n\t\t\t\t\t\t\t\t<div>\n\t\t\t\t\t\t\t\t\t<div>\n\t\t\t\t\t\t\t\t\t\t<h4>Plaza del Rossio<\/h4>\n\t\t\t\t\t\t\t\t\t\t<p>Der Rossio-Platz, auch bekannt als Pra\u00e7a Dom Pedro IV, ist das Zentrum des Lissabonner Stadtlebens. Er befindet sich im Stadtteil Baixa, direkt am n\u00f6rdlichen Rand der Rua Augusta.\n\n<p>Dieser Platz ist der belebteste und unterhaltsamste Bereich der Stadt, ein regelm\u00e4\u00dfiger Ort, an dem sich die Lissabonner treffen, um ihre Freizeit zu genie\u00dfen. Aus diesem Grund befinden sich in der Umgebung des Platzes die beliebtesten Gesch\u00e4fte, Restaurants und Bars der Stadt, wie zum Beispiel das Caf\u00e9 Nicola, das sich zum erfolgreichsten Caf\u00e9 Lissabons entwickelt hat.<\/p> <p>Auf dem Platz befinden sich auch einige der beliebtesten Bars der Stadt.\n\n<p>Im zentralen Teil des Rossio-Platzes steht die Skulptur von Pedro IV. von Portugal, dem Soldatenk\u00f6nig.<\/p> <p>Die Skulptur von Pedro IV. von Portugal, dem Soldatenk\u00f6nig.\n\t\t\t\t\t\t\t\t\t<\/div>\n\t\t\t\t\t\t\t\t\t<img decoding=\"async\" src=\"https:\/\/cdn.pilgrim.es\/web\/caminos\/camino-portugues\/pueblos\/lisboa\/puntos-de-interes\/plaza-del-rossio.jpg\" alt=\"Plaza del Rossio\">\n\t\t\t\t\t\t\t\t<\/div>\n\t\t\t\t\t\t\t<\/div>\n\t\t\t\t\t\t\n\t\t\t\t\t\t\t<div class=\"accordion__accordion-content inactive\">\n\t\t\t\t\t\t\t\t<div>\n\t\t\t\t\t\t\t\t\t<div>\n\t\t\t\t\t\t\t\t\t\t<h4>Puente Vasco da Gamma<\/h4>\n\t\t\t\t\t\t\t\t\t\t<p>Die Vasco-da-Gama-Br\u00fccke ist die l\u00e4ngste Br\u00fccke Europas. Sie \u00fcberspannt mit 17,2 Kilometern den Tejo und verbindet Lissabon mit Montijo. 3 300 Arbeiter haben 18 Monate f\u00fcr den Bau gebraucht. Sie wurde 1998 mit dem Namen des ber\u00fchmtesten portugiesischen Seefahrers eingeweiht, um an den 500. Jahrestag seiner Ankunft aus Indien zu erinnern. <\/p>\n\t\t\t\t\t\t\t\t\t<\/div>\n\t\t\t\t\t\t\t\t\t<img decoding=\"async\" src=\"https:\/\/cdn.pilgrim.es\/web\/caminos\/camino-portugues\/pueblos\/lisboa\/puntos-de-interes\/puente-vasco-da-gamma.jpg\" alt=\"Puente Vasco da Gamma\">\n\t\t\t\t\t\t\t\t<\/div>\n\t\t\t\t\t\t\t<\/div>\n\t\t\t\t\t\t\n\t\t\t\t\t\t\t<div class=\"accordion__accordion-content inactive\">\n\t\t\t\t\t\t\t\t<div>\n\t\t\t\t\t\t\t\t\t<div>\n\t\t\t\t\t\t\t\t\t\t<h4>Pabell\u00f3n do Conhecimento<\/h4>\n\t\t\t\t\t\t\t\t\t\t<p>Das Pabell\u00f3n do Conhecimento ist ein interaktives Museum f\u00fcr Wissenschaft und Technik, das seit 1999 f\u00fcr die \u00d6ffentlichkeit zug\u00e4nglich ist und dessen Hauptziel die Verbreitung von Wissen und wissenschaftlicher Kultur unter den B\u00fcrgern ist. Es bietet sowohl tempor\u00e4re als auch permanente Ausstellungen und interaktive Aktivit\u00e4ten. <\/p>\n\n<p>STUNDEN<\/p>\n\n<p>Dienstag bis Freitag: 10 bis 18 Uhr, Wochenende: 11 bis 19 Uhr, Montag, 24., 25., 31. Dezember und 1. Januar geschlossen. <\/p>\n\n<p>INFORMATIONEN VON INTERESSE:<\/p> <p>Wir haben montags, am Montag, 25. und 25. Dezember und am 1. Januar geschlossen.\n\n<p>Telefon: +351 218 917 100 Web: http:\/\/www.pavconhecimento.pt\/home\/<\/p> <p>Telefon: +351 218 917 100 Web: http:\/\/www.pavconhecimento.pt\/home\/<\/p>\n\t\t\t\t\t\t\t\t\t<\/div>\n\t\t\t\t\t\t\t\t\t<img decoding=\"async\" src=\"https:\/\/cdn.pilgrim.es\/web\/caminos\/camino-portugues\/pueblos\/lisboa\/puntos-de-interes\/pabellon-do-conhecimento.jpg\" alt=\"Pabell\u00f3n do Conhecimento\">\n\t\t\t\t\t\t\t\t<\/div>\n\t\t\t\t\t\t\t<\/div>\n\t\t\t\t\t\t\n\t\t\t\t\t\t\t<div class=\"accordion__accordion-content inactive\">\n\t\t\t\t\t\t\t\t<div>\n\t\t\t\t\t\t\t\t\t<div>\n\t\t\t\t\t\t\t\t\t\t<h4>Torre de Bel\u00e9m<\/h4>\n\t\t\t\t\t\t\t\t\t\t<p>Der Turm von Bel\u00e9m, der 1983 zum Weltkulturerbe erkl\u00e4rt wurde, ist von bewundernswerter manuelinischer Eleganz und wurde zwischen 1515 und 1519 von Francisco de Arruda erbaut.<\/p> <p>Der Turm von Bel\u00e9m wurde zwischen 1515 und 1519 von Francisco de Arruda erbaut.<\/p> <p>Der Turm von Bel\u00e9m, der 1983 zum Weltkulturerbe erkl\u00e4rt wurde, ist von bewundernswerter manuelinischer Eleganz.\n\n<p>Dieses architektonisch sch\u00f6ne Monument befindet sich an der M\u00fcndung des Tejo und diente urspr\u00fcnglich dazu, die Stadt Lissabon vor Angriffen zu sch\u00fctzen. Sp\u00e4ter diente der Turm als Grenzstation und Leuchtturm.\n\t\t\t\t\t\t\t\t\t<\/div>\n\t\t\t\t\t\t\t\t\t<img decoding=\"async\" src=\"https:\/\/cdn.pilgrim.es\/web\/caminos\/camino-portugues\/pueblos\/lisboa\/puntos-de-interes\/torre-de-belem.jpg\" alt=\"Torre de Bel\u00e9m\">\n\t\t\t\t\t\t\t\t<\/div>\n\t\t\t\t\t\t\t<\/div>\n\t\t\t\t\t\t\n\t\t\t\t\t\t\t<div class=\"accordion__accordion-content inactive\">\n\t\t\t\t\t\t\t\t<div>\n\t\t\t\t\t\t\t\t\t<div>\n\t\t\t\t\t\t\t\t\t\t<h4>Acueducto de las Aguas Libres<\/h4>\n\t\t\t\t\t\t\t\t\t\t<p>Das Aqu\u00e4dukt Aguas Libres ist eines der ber\u00fchmtesten Wahrzeichen Lissabons und befindet sich oberhalb des Alc\u00e2ntara-Tals. Dieses Aqu\u00e4dukt wurde im Auftrag von Johannes V. gebaut, um die Stadt im 19. Jahrhundert mit Wasser zu versorgen. <\/p>\n\n<p>Der Hauptkanal hat eine L\u00e4nge von 19 Kilometern, aber wenn man die Nebenkan\u00e4le zusammenz\u00e4hlt, sind es insgesamt 58 Kilometer. Au\u00dferdem hat er 35 B\u00f6gen, von denen einige bis zu 65 Meter hoch sind. Derzeit werden F\u00fchrungen \u00fcber die B\u00f6gen sowie Besuche im Wassermuseum angeboten. <\/p>\n\t\t\t\t\t\t\t\t\t<\/div>\n\t\t\t\t\t\t\t\t\t<img decoding=\"async\" src=\"https:\/\/cdn.pilgrim.es\/web\/caminos\/camino-portugues\/pueblos\/lisboa\/puntos-de-interes\/aqueduto-das-augas-livres.jpg\" alt=\"Acueducto de las Aguas Libres\">\n\t\t\t\t\t\t\t\t<\/div>\n\t\t\t\t\t\t\t<\/div>\n\t\t\t\t\t\t\n\t\t\t\t\t\t\t<div class=\"accordion__accordion-content inactive\">\n\t\t\t\t\t\t\t\t<div>\n\t\t\t\t\t\t\t\t\t<div>\n\t\t\t\t\t\t\t\t\t\t<h4>Castillo de S\u00e3o Jorge<\/h4>\n\t\t\t\t\t\t\t\t\t\t<p>Die Burg S\u00e3o Jorge wurde auf dem H\u00fcgel S\u00e3o Jorge, dem h\u00f6chsten H\u00fcgel Lissabons, erbaut und ist heute eines der meistbesuchten Bauwerke der Stadt. Sie wurde um das 5. Jahrhundert von den Westgoten erbaut, aber sp\u00e4ter von den Arabern im 9. Jahrhundert erweitert. Zu dieser Zeit war sie als Castelo dos Mouros bekannt, da sie eine muslimische Festung war. <\/p>\n\n<p>Um 1150 wurde die Festung von Alfonso Henr\u00edquez erneut erobert und von den K\u00f6nigen Portugals besetzt, so dass das Geb\u00e4ude zu dieser Zeit und bis Mitte des 16. Jahrhunderts seine gr\u00f6\u00dfte Pracht erlebte. <\/p>\n\t\t\t\t\t\t\t\t\t<\/div>\n\t\t\t\t\t\t\t\t\t<img decoding=\"async\" src=\"https:\/\/cdn.pilgrim.es\/web\/caminos\/camino-portugues\/pueblos\/lisboa\/puntos-de-interes\/castillo-sao-jorge.jpg\" alt=\"Castillo de S\u00e3o Jorge\">\n\t\t\t\t\t\t\t\t<\/div>\n\t\t\t\t\t\t\t<\/div>\n\t\t\t\t\t\t\n\t\t\t\t\t\t\t<div class=\"accordion__accordion-content inactive\">\n\t\t\t\t\t\t\t\t<div>\n\t\t\t\t\t\t\t\t\t<div>\n\t\t\t\t\t\t\t\t\t\t<h4>Catedral de Lisboa<\/h4>\n\t\t\t\t\t\t\t\t\t\t<p>Die Kathedrale von Lissabon, auch bekannt als S\u00e9 de Lisboa, ist die \u00e4lteste und bekannteste Kirche der Stadt. Sie stammt aus dem 12. Jahrhundert und ist fast vollst\u00e4ndig im romanischen Stil gehalten. Sie wurde im Laufe der Jahre mehrfach renoviert, insbesondere nach dem Erdbeben von 1755, bei dem mehrere Teile der Kirche zerst\u00f6rt wurden.\n\t\t\t\t\t\t\t\t\t<\/div>\n\t\t\t\t\t\t\t\t\t<img decoding=\"async\" src=\"https:\/\/cdn.pilgrim.es\/web\/caminos\/camino-portugues\/pueblos\/lisboa\/puntos-de-interes\/catedral-lisboa.jpg\" alt=\"Catedral de Lisboa\">\n\t\t\t\t\t\t\t\t<\/div>\n\t\t\t\t\t\t\t<\/div>\n\t\t\t\t\t\t\n\t\t\t\t\t\t\t<div class=\"accordion__accordion-content inactive\">\n\t\t\t\t\t\t\t\t<div>\n\t\t\t\t\t\t\t\t\t<div>\n\t\t\t\t\t\t\t\t\t\t<h4>Iglesia de Nossa Senhora da Concei\u00e7ao Velha<\/h4>\n\t\t\t\t\t\t\t\t\t\t<p>Die Kirche Nossa Senhora da Concei\u00e7ao Velha ist eine Kirche, die auf den Ruinen der Kirche Nossa Senhora da Miseric\u00f3rdia nach dem Erdbeben von 1755 in Lissabon errichtet wurde. Sie wurde 2010 zum Nationaldenkmal erkl\u00e4rt. <\/p>\n\n<p>Die Kirche zeichnet sich durch ihre Fassade im manuelinischen Stil aus, die von einem einfachen dreieckigen Giebel gekr\u00f6nt wird. Das Portal ist mit einem Tympanon versehen und mit Skulpturen verziert, die Nossa Senhora da Miseric\u00f3rdia darstellen, umgeben von K\u00f6nig D. Manuel I., K\u00f6nigin D. Leonor und Leonor von Viseo. Leonor und Leonor de Viseu, Papst Alexandre VI., der Bischof von Lissabon und andere Pers\u00f6nlichkeiten der damaligen Zeit. Das Innere besteht aus einem einzigen Kirchenschiff und einer Kapelle, die als Sant\u00edssimo Sacramento bekannt ist. In dieser Kapelle befindet sich ein der Nossa Senhora do Restelo gewidmetes Bild, das vom Infanten Don Henrique gestiftet wurde. Das Innere ist mit Kacheln und Stuck verziert. Seit 2014 wurde sie einer umfassenden Renovierung unterzogen.  <\/p>\n\t\t\t\t\t\t\t\t\t<\/div>\n\t\t\t\t\t\t\t\t\t<img decoding=\"async\" src=\"https:\/\/cdn.pilgrim.es\/web\/caminos\/camino-portugues\/pueblos\/lisboa\/puntos-de-interes\/iglesia-nossa-senhora-da-conceicao-velha.jpg\" alt=\"Iglesia de Nossa Senhora da Concei\u00e7ao Velha\">\n\t\t\t\t\t\t\t\t<\/div>\n\t\t\t\t\t\t\t<\/div>\n\t\t\t\t\t\t\n\t\t\t\t\t\t\t<div class=\"accordion__accordion-content inactive\">\n\t\t\t\t\t\t\t\t<div>\n\t\t\t\t\t\t\t\t\t<div>\n\t\t\t\t\t\t\t\t\t\t<h4>Iglesia de San Vicente de Fora<\/h4>\n\t\t\t\t\t\t\t\t\t\t<p>Die Kirche San Vicente de Fora geht auf das Jahr 1582 zur\u00fcck, obwohl sie vom ersten K\u00f6nig Portugals, Alfonso Enr\u00edques, in Auftrag gegeben wurde, der sie mit der Absicht errichten wollte, den Leichnam des Heiligen Vinzenz, der sp\u00e4ter zum Schutzpatron der Stadt ernannt wurde, aufzubewahren. Die Bauarbeiten wurden 1629 abgeschlossen, aber dann wurde sie durch das Erdbeben von Lissabon im Jahr 1755 in Mitleidenschaft gezogen, restauriert und in das Pantheon der Bragan\u00e7a-Dynastie umgewandelt. <\/p>\n\t\t\t\t\t\t\t\t\t<\/div>\n\t\t\t\t\t\t\t\t\t<img decoding=\"async\" src=\"https:\/\/cdn.pilgrim.es\/web\/caminos\/camino-portugues\/pueblos\/lisboa\/puntos-de-interes\/iglesia-san-vicente-de-fora.jpg\" alt=\"Iglesia de San Vicente de Fora\">\n\t\t\t\t\t\t\t\t<\/div>\n\t\t\t\t\t\t\t<\/div>\n\t\t\t\t\t\t\n\t\t\t\t\t\t\t<div class=\"accordion__accordion-content inactive\">\n\t\t\t\t\t\t\t\t<div>\n\t\t\t\t\t\t\t\t\t<div>\n\t\t\t\t\t\t\t\t\t\t<h4>Iglesia de Santo Antonio de Lisboa<\/h4>\n\t\t\t\t\t\t\t\t\t\t<p>Die kleine Kirche Santo Ant\u00f3nio war dem Heiligen Antonius gewidmet, der in Lissabon geboren wurde. Diese Kirche wurde sp\u00e4ter, im Jahr 1755, aufgrund des Erdbebens, das die Stadt verw\u00fcstete, abgerissen und dank der Intervention von Mateus Vicente wiederaufgebaut. Es ist erw\u00e4hnenswert, dass ein Teil des Wiederaufbaus dank des Geldes, das von Lissaboner Kindern, die auf der Stra\u00dfe bettelten, gesammelt wurde, durchgef\u00fchrt wurde. <\/p>\n\t\t\t\t\t\t\t\t\t<\/div>\n\t\t\t\t\t\t\t\t\t<img decoding=\"async\" src=\"https:\/\/cdn.pilgrim.es\/web\/caminos\/camino-portugues\/pueblos\/lisboa\/puntos-de-interes\/iglesia-santo-antonio.jpg\" alt=\"Iglesia de Santo Antonio de Lisboa\">\n\t\t\t\t\t\t\t\t<\/div>\n\t\t\t\t\t\t\t<\/div>\n\t\t\t\t\t\t\n\t\t\t\t\t\t\t<div class=\"accordion__accordion-content inactive\">\n\t\t\t\t\t\t\t\t<div>\n\t\t\t\t\t\t\t\t\t<div>\n\t\t\t\t\t\t\t\t\t\t<h4>Iglesia de Santo Est\u00eav\u00e3o<\/h4>\n\t\t\t\t\t\t\t\t\t\t<p>Die Kirche Santo Est\u00eav\u00e3o ist eine Kirche aus dem Jahr 1773, die durch Pilaster in f\u00fcnf Abschnitte unterteilt ist, von denen sich drei in der Mitte befinden und von einem Giebel mit Fries gekr\u00f6nt werden. An der rechten Seite ist ein gro\u00dfer Glockenturm angebaut. In jedem der Mittelschiffe befinden sich drei T\u00fcren, die mit Giebeln verziert sind, die verschiedene Szenen darstellen. <\/p>\n\n<p>Das Hauptaltarbild im Inneren der Kirche, das sich im hinteren Teil des Kirchenschiffs befindet, wurde im 18. Jahrhundert von Mateus Vicente de Oliveira und Joao Antonio de Padura geschaffen und wird von einem schroffen Giebel \u00fcberragt. In seiner Mitte befindet sich eine Schnitzerei, die die Szene des &#8222;von den Engeln angebeteten gekreuzigten Christus&#8220; darstellt. Bemerkenswert sind auch die alte Sakristei, die seit Mitte des 18. Jahrhunderts mit Kacheln bedeckt ist, und die moderne Sakristei, in der Gem\u00e4lde von Bernardo Pereira und Pedro Alexandrino zu sehen sind. <\/p>\n\t\t\t\t\t\t\t\t\t<\/div>\n\t\t\t\t\t\t\t\t\t<img decoding=\"async\" src=\"https:\/\/cdn.pilgrim.es\/web\/caminos\/camino-portugues\/pueblos\/lisboa\/puntos-de-interes\/iglesia-santo-estevao.jpg\" alt=\"Iglesia de Santo Est\u00eav\u00e3o\">\n\t\t\t\t\t\t\t\t<\/div>\n\t\t\t\t\t\t\t<\/div>\n\t\t\t\t\t\t\n\t\t\t\t\t\t\t<div class=\"accordion__accordion-content inactive\">\n\t\t\t\t\t\t\t\t<div>\n\t\t\t\t\t\t\t\t\t<div>\n\t\t\t\t\t\t\t\t\t\t<h4>Iglesia de S\u00e3o Domingos<\/h4>\n\t\t\t\t\t\t\t\t\t\t<p>Die Kirche S\u00e3o Domingos ist eine im 13. Jahrhundert eingeweihte Kirche, die nach dem Erdbeben, das Lissabon im Jahr 1755 ersch\u00fctterte, in gro\u00dfem Umfang wieder aufgebaut wurde. Mitte 1959 wurde die Kirche jedoch von einem Brand heimgesucht, der ihr Inneres vollst\u00e4ndig zerst\u00f6rte, wobei das imposante Kirchenschiff und die S\u00e4ulen sowie einige Gem\u00e4lde und Bilder aus der Sakristei erhalten blieben. Unter diesen Bildern ragt das Bildnis des S\u00e3o Tom\u00e1s de Aquino heraus, das ganz aus mehrfarbigem Holz gefertigt ist. <\/p>\n\n<p>STUNDENMontag bis Sonntag: 07:30 bis 19.00.<\/p> <p>Messzeiten: 08:00, 08:30, 09:00, 10:00, 11:00, 12:00 und 18:00.\n\n<p>Geb\u00fchren<\/p>\n\n<p>Der Eintritt ist frei<\/p>\n\n<p>INFORMATIONEN VON INTERESSE<\/p>\n\n<p>Telefon: +351 21 342 8275<\/p> <p>Telefon: +351 21 342 8275<\/p>\n\t\t\t\t\t\t\t\t\t<\/div>\n\t\t\t\t\t\t\t\t\t<img decoding=\"async\" src=\"https:\/\/cdn.pilgrim.es\/web\/caminos\/camino-portugues\/pueblos\/lisboa\/puntos-de-interes\/iglesia-sao-domingos.jpg\" alt=\"Iglesia de S\u00e3o Domingos\">\n\t\t\t\t\t\t\t\t<\/div>\n\t\t\t\t\t\t\t<\/div>\n\t\t\t\t\t\t\n\t\t\t\t\t\t\t<div class=\"accordion__accordion-content inactive\">\n\t\t\t\t\t\t\t\t<div>\n\t\t\t\t\t\t\t\t\t<div>\n\t\t\t\t\t\t\t\t\t\t<h4>Iglesia de S\u00e3o Roque<\/h4>\n\t\t\t\t\t\t\t\t\t\t<p>Die Kirche S\u00e3o Roque ist eine schlichte und kleine Kirche, die kaum Aufmerksamkeit erregt, aber 1506 begonnen wurde und in der Folge Erweiterungen und Ver\u00e4nderungen durch ihre verschiedenen Besitzer erfuhr. Sie geh\u00f6rte zun\u00e4chst der Bruderschaft von S\u00e3o Roque, daher ihr Name, und wurde sp\u00e4ter an die Jesuiten abgetreten, die Schnitzereien der von ihnen verehrten Heiligen wie Franz Xaver, Franz Borgia, Ludwig von Gonzaga und Ignatius von Loyola einbauten. <\/p>\n\n<p>Nachdem die Jesuiten aus dem Land verbannt wurden, wurde diese Kirche Teil der Santa Casa da Miseric\u00f3rdia de Lisboa. Das Innere der Kirche besteht aus einer Hauptkapelle im hinteren Teil sowie acht weiteren kleinen Kapellen auf beiden Seiten, die mit Gold verkleidet sind. Die Kapelle des Heiligen Johannes des T\u00e4ufers wurde zwischen 1742 und 1747 in Rom erbaut, damit Papst Benedikt XIV. im Mai desselben Jahres eine Messe feiern konnte, und dann in Teilen per Schiff nach Lissabon transportiert. <\/p>\n\n<p>STUNDENMontag bis Freitag: 08:30 bis 17:00.<\/p> <p>Samstag und Sonntag: 09:30 bis 17:00.<\/p> <p>Samstag und Sonntag: 09:30 bis 17:00.\n\n<p>INFORMATIONEN VON INTERESSE<\/p> <p>Samstag und Sonntag<\/p> <p>Samstag und Sonntag\n\n<p>Telefon: +351 21 346 0361<\/p>\n\t\t\t\t\t\t\t\t\t<\/div>\n\t\t\t\t\t\t\t\t\t<img decoding=\"async\" src=\"https:\/\/cdn.pilgrim.es\/web\/caminos\/camino-portugues\/pueblos\/lisboa\/puntos-de-interes\/iglesia-sao-roque.jpg\" alt=\"Iglesia de S\u00e3o Roque\">\n\t\t\t\t\t\t\t\t<\/div>\n\t\t\t\t\t\t\t<\/div>\n\t\t\t\t\t\t\n\t\t\t\t\t\t\t<div class=\"accordion__accordion-content inactive\">\n\t\t\t\t\t\t\t\t<div>\n\t\t\t\t\t\t\t\t\t<div>\n\t\t\t\t\t\t\t\t\t\t<h4>Monumento a los Descubrimientos<\/h4>\n\t\t\t\t\t\t\t\t\t\t<p>Das Denkmal der Entdeckungen befindet sich neben dem Turm von Bel\u00e9m und dem Jer\u00f3nimos-Kloster. Das zweiundf\u00fcnfzig Meter hohe Denkmal wurde 1960 zum Gedenken an den f\u00fcnfhundertsten Jahrestag von Infante Henrique dem Seefahrer errichtet, einem ber\u00fchmten Entdecker, der die Insel Madeira, die Azoren und die Kapverden entdeckte.<\/p> <p>Das Denkmal befindet sich neben dem Turm von Bel\u00e9m und dem Jer\u00f3nimos-Kloster.\n\n<p>Das Denkmal f\u00fcr die Entdeckungen ist eine Skulptur in Form einer Karavelle, auf der der Infant zusammen mit einigen Pers\u00f6nlichkeiten aus der Entdeckungsgeschichte des Landes eingeschifft ist.\n\t\t\t\t\t\t\t\t\t<\/div>\n\t\t\t\t\t\t\t\t\t<img decoding=\"async\" src=\"https:\/\/cdn.pilgrim.es\/web\/caminos\/camino-portugues\/pueblos\/lisboa\/puntos-de-interes\/monumento-descubrimientos.jpg\" alt=\"Monumento a los Descubrimientos\">\n\t\t\t\t\t\t\t\t<\/div>\n\t\t\t\t\t\t\t<\/div>\n\t\t\t\t\t\t\n\t\t\t\t\t\t\t<div class=\"accordion__accordion-content inactive\">\n\t\t\t\t\t\t\t\t<div>\n\t\t\t\t\t\t\t\t\t<div>\n\t\t\t\t\t\t\t\t\t\t<h4>Palacio das Necessidades<\/h4>\n\t\t\t\t\t\t\t\t\t\t<p>Der Palacio das Necessidades ist ein gro\u00dfer Komplex aus Kloster und Palast, der auf den \u00dcberresten der alten Eremitage Nossa Senhora das Necessidades errichtet wurde. Er zeichnet sich dadurch aus, dass er der einzige k\u00f6nigliche Wohnkomplex ist, der dem Erdbeben von 1755 standgehalten hat. Zun\u00e4chst diente sie als Residenz von D. Jo\u00e3o IV., sp\u00e4ter wurde sie zur Residenz f\u00fcr ausl\u00e4ndische Prinzen, die Lissabon besuchten. Erst 1834 wurde beschlossen, das Kloster und den K\u00f6nigspalast zur Akademie der Wissenschaften zusammenzulegen, und 1916 wurde es schlie\u00dflich zum Sitz des Au\u00dfenministeriums.\n\t\t\t\t\t\t\t\t\t<\/div>\n\t\t\t\t\t\t\t\t\t<img decoding=\"async\" src=\"https:\/\/cdn.pilgrim.es\/web\/caminos\/camino-portugues\/pueblos\/lisboa\/puntos-de-interes\/palacio-seteais.jpg\" alt=\"Palacio das Necessidades\">\n\t\t\t\t\t\t\t\t<\/div>\n\t\t\t\t\t\t\t<\/div>\n\t\t\t\t\t\t\n\t\t\t\t\t\t\t<div class=\"accordion__accordion-content inactive\">\n\t\t\t\t\t\t\t\t<div>\n\t\t\t\t\t\t\t\t\t<div>\n\t\t\t\t\t\t\t\t\t\t<h4>Palacio de Queluz<\/h4>\n\t\t\t\t\t\t\t\t\t\t<p>Der Queluz-Palast stammt aus dem 18. Jahrhundert und wurde im Auftrag der Familie Braganza erbaut. Er ist im Barockstil gehalten, wurde aber seit dem Erdbeben von 1755 von der portugiesischen Architektur beeinflusst, wie man an den Fliesen erkennen kann. Zun\u00e4chst wurde es als k\u00f6nigliche Residenz genutzt, bis es an den Staat abgetreten wurde. Mitte des 20. Jahrhunderts wurde das Geb\u00e4ude erneut von einem schweren Brand heimgesucht und musste erneut renoviert werden. <\/p>\n\t\t\t\t\t\t\t\t\t<\/div>\n\t\t\t\t\t\t\t\t\t<img decoding=\"async\" src=\"https:\/\/cdn.pilgrim.es\/web\/caminos\/camino-portugues\/pueblos\/lisboa\/puntos-de-interes\/palacio-queluz.jpg\" alt=\"Palacio de Queluz\">\n\t\t\t\t\t\t\t\t<\/div>\n\t\t\t\t\t\t\t<\/div>\n\t\t\t\t\t\t\n\t\t\t\t\t\t\t<div class=\"accordion__accordion-content inactive\">\n\t\t\t\t\t\t\t\t<div>\n\t\t\t\t\t\t\t\t\t<div>\n\t\t\t\t\t\t\t\t\t\t<h4>Palacio de Seteais<\/h4>\n\t\t\t\t\t\t\t\t\t\t<p>Der Seteais-Palast ist ein majest\u00e4tisches Geb\u00e4ude in Sintra, an den H\u00e4ngen des ber\u00fchmten Sintra-Massivs gelegen. Es wurde gegen Ende des 18. Jahrhunderts auf Initiative des niederl\u00e4ndischen Konsuls in Portugal, Daniel de Gildemeester, erbaut. Nach seinem Tod \u00fcbertrug seine Familie das Geb\u00e4ude an Diogo de Menezes Noronha Coutinho, den f\u00fcnften Aristokraten von Marialva. Unter diesem Markgrafen wurde das Geb\u00e4ude erweitert, indem ein Fl\u00fcgel der Fassade symmetrisch zur bestehenden Fassade ge\u00f6ffnet wurde. Dieser Marquis starb kurz nach dem Erwerb des Hauses, so dass der Staat 1946 Eigent\u00fcmer des Anwesens wurde, und zehn Jahre sp\u00e4ter wurde das Luxushotel er\u00f6ffnet, das noch heute in Betrieb ist. <\/p>\n\n<p>Das Innere des palastartigen Geb\u00e4udes zeichnet sich durch die Dekoration der Zimmer aus, einige mit Fresken, andere mit Bildern, die mythologische Wesen darstellen. <\/p>\n\t\t\t\t\t\t\t\t\t<\/div>\n\t\t\t\t\t\t\t\t\t<img decoding=\"async\" src=\"https:\/\/cdn.pilgrim.es\/web\/caminos\/camino-portugues\/pueblos\/lisboa\/puntos-de-interes\/palacio-seteais.jpg\" alt=\"Palacio de Seteais\">\n\t\t\t\t\t\t\t\t<\/div>\n\t\t\t\t\t\t\t<\/div>\n\t\t\t\t\t\t\n\t\t\t\t\t\t\t<div class=\"accordion__accordion-content inactive\">\n\t\t\t\t\t\t\t\t<div>\n\t\t\t\t\t\t\t\t\t<div>\n\t\t\t\t\t\t\t\t\t\t<h4>Palacio Nacional da Ajuda<\/h4>\n\t\t\t\t\t\t\t\t\t\t<p>Der Palacio Nacional da Ajuda wurde zum Nationaldenkmal erkl\u00e4rt und ist eine ehemalige Residenz, die von der portugiesischen K\u00f6nigsfamilie im 19. Jahrhundert genutzt wurde, nachdem der Palacio da Ribeira durch das Erdbeben von 1755 zerst\u00f6rt worden war. <\/p>\n\n<p>Es handelt sich um ein neoklassizistisches Geb\u00e4ude, das seit 1910 als Museum dient, in dem das t\u00e4gliche Leben einer k\u00f6niglichen Familie im 19. Jahrhundert gezeigt wird. Zu den S\u00e4len geh\u00f6ren der Musiksaal, der Ballsaal und der Thronsaal sowie zahlreiche Dekorationen aus Porzellan, Wandteppichen, Gem\u00e4lden und Skulpturen, um nur einige zu nennen. Als Kuriosit\u00e4t sind die 23 Marmorstatuen am Haupteingang zu erw\u00e4hnen, die jeweils eine Tugend wie Dankbarkeit oder Gro\u00dfz\u00fcgigkeit darstellen. Heute finden hier die symboltr\u00e4chtigsten Zeremonien der Pr\u00e4sidentschaft der Republik statt, und es ist der Sitz der Nationalbibliothek von Ajuda und des Kulturministeriums.\n\t\t\t\t\t\t\t\t\t<\/div>\n\t\t\t\t\t\t\t\t\t<img decoding=\"async\" src=\"https:\/\/cdn.pilgrim.es\/web\/caminos\/camino-portugues\/pueblos\/lisboa\/puntos-de-interes\/palacio-nacional-ajuda.jpg\" alt=\"Palacio Nacional da Ajuda\">\n\t\t\t\t\t\t\t\t<\/div>\n\t\t\t\t\t\t\t<\/div>\n\t\t\t\t\t\t\n\t\t\t\t\t\t\t<div class=\"accordion__accordion-content inactive\">\n\t\t\t\t\t\t\t\t<div>\n\t\t\t\t\t\t\t\t\t<div>\n\t\t\t\t\t\t\t\t\t\t<h4>Plaza do Comercio<\/h4>\n\t\t\t\t\t\t\t\t\t\t<p>Die Pla\u00e7a do Com\u00e9rcio befindet sich in der Baixa Pombalina und ist dem Fluss Tejo zugewandt. Dieser Platz gilt als das Wahrzeichen der Stadt und wurde an der Stelle des ehemaligen K\u00f6nigspalastes errichtet, der durch das Erdbeben von 1755 zerst\u00f6rt wurde. <\/p>\n\n<p>Der Platz ist an drei Seiten von Arkadengeb\u00e4uden umgeben, in denen verschiedene Beh\u00f6rden und das Fremdenverkehrsamt der Stadt untergebracht sind. Dar\u00fcber hinaus dient dieser Platz auch als Freizeitzentrum mit zahlreichen Restaurants und Bars in der Umgebung, wie dem Martinho da Arcada, dem \u00e4ltesten in Lissabon.<\/p> <p>Auf dem Platz befindet sich auch das Fremdenverkehrsamt der Stadt.\n\t\t\t\t\t\t\t\t\t<\/div>\n\t\t\t\t\t\t\t\t\t<img decoding=\"async\" src=\"https:\/\/cdn.pilgrim.es\/web\/caminos\/camino-portugues\/pueblos\/lisboa\/puntos-de-interes\/praza-do-comercio.jpg\" alt=\"Plaza do Comercio\">\n\t\t\t\t\t\t\t\t<\/div>\n\t\t\t\t\t\t\t<\/div>\n\t\t\t\t\t\t\n\t\t\t\t\t\t\t<div class=\"accordion__accordion-content inactive\">\n\t\t\t\t\t\t\t\t<div>\n\t\t\t\t\t\t\t\t\t<div>\n\t\t\t\t\t\t\t\t\t\t<h4>Plaza Marqu\u00eas de Pombal<\/h4>\n\t\t\t\t\t\t\t\t\t\t<p>Der Marqu\u00eas de Pombal-Platz ist der H\u00f6hepunkt des Modernismus in der Stadt Lissabon. In der Mitte des Platzes steht eine Skulptur zu Ehren des Marquis de Pombal, der zwischen 1750 und 1777 Pr\u00e4sident der Stadt war. Dieser Park verf\u00fcgt \u00fcber gute Freizeit- und Ruhezonen und ist gut erschlossen. Er ist umgeben von Geb\u00e4uden wie den Hauptsitzen wichtiger Unternehmen, den wichtigsten Banken und Hotels usw.<\/p> <p>.\n\t\t\t\t\t\t\t\t\t<\/div>\n\t\t\t\t\t\t\t\t\t<img decoding=\"async\" src=\"https:\/\/cdn.pilgrim.es\/web\/caminos\/camino-portugues\/pueblos\/lisboa\/puntos-de-interes\/praza-marques-de-pombal.jpg\" alt=\"Plaza Marqu\u00eas de Pombal\">\n\t\t\t\t\t\t\t\t<\/div>\n\t\t\t\t\t\t\t<\/div>\n\t\t\t\t\t\t\n\t\t\t\t\t\t\t<div class=\"accordion__accordion-content inactive\">\n\t\t\t\t\t\t\t\t<div>\n\t\t\t\t\t\t\t\t\t<div>\n\t\t\t\t\t\t\t\t\t\t<h4>Puente 25 de Abril<\/h4>\n\t\t\t\t\t\t\t\t\t\t<p>Die Br\u00fccke des 25. April ist mit einer L\u00e4nge von 2 277 Metern die l\u00e4ngste H\u00e4ngebr\u00fccke in Europa. Sie hat zwei Gleise in unterschiedlichen H\u00f6hen: das h\u00f6here f\u00fcr Autos und das niedrigere f\u00fcr Z\u00fcge. Diese Br\u00fccke wurde 1966 in Betrieb genommen. <\/p>\n\t\t\t\t\t\t\t\t\t<\/div>\n\t\t\t\t\t\t\t\t\t<img decoding=\"async\" src=\"https:\/\/cdn.pilgrim.es\/web\/caminos\/camino-portugues\/pueblos\/lisboa\/puntos-de-interes\/puente-25-abril.jpg\" alt=\"Puente 25 de Abril\">\n\t\t\t\t\t\t\t\t<\/div>\n\t\t\t\t\t\t\t<\/div>\n\t\t\t\t\t\t\n\t\t\t\t\t\t\t<div class=\"accordion__accordion-content inactive\">\n\t\t\t\t\t\t\t\t<div>\n\t\t\t\t\t\t\t\t\t<div>\n\t\t\t\t\t\t\t\t\t\t<h4>Museo Calouste Gulbenkian<\/h4>\n\t\t\t\t\t\t\t\t\t\t<p>Das Calouste-Gulbenkian-Museum beherbergt eine der gr\u00f6\u00dften Privatsammlungen in Europa. Eine der herausragendsten Sammlungen ist die des m\u00e4chtigen Calouste Gulbenkian, der mehr als vierzig Jahre damit verbrachte, die Objekte zusammenzutragen, die heute in dem Museum zu sehen sind, das er dem portugiesischen Staat bei seinem Tod im Jahr 1955 schenkte. Das Museum, das als eines der interessantesten Museen der Welt gilt, wurde 2001 modernisiert und beherbergt eine breite Palette von Werken aus der Zeit von 2000 v. Chr. bis zur heutigen Zeit.\n\n<p>Zu den bewundernswerten Sammlungen dieses Museums geh\u00f6ren: griechisch-r\u00f6mischer Schmuck, eine Sammlung hellenistischer M\u00fcnzen, orientalische Porzellanarbeiten, ein assyrisches Flachrelief in Form eines Schildes aus dem 9. Jahrhundert v. Chr.<\/p> <p>Das Museum beherbergt auch eine Sammlung der interessantesten Kunstwerke der Welt.\n\t\t\t\t\t\t\t\t\t<\/div>\n\t\t\t\t\t\t\t\t\t<img decoding=\"async\" src=\"https:\/\/cdn.pilgrim.es\/web\/caminos\/camino-portugues\/pueblos\/lisboa\/puntos-de-interes\/museo-calouste.jpg\" alt=\"Museo Calouste Gulbenkian\">\n\t\t\t\t\t\t\t\t<\/div>\n\t\t\t\t\t\t\t<\/div>\n\t\t\t\t\t\t\n\t\t\t\t\t\t\t<div class=\"accordion__accordion-content inactive\">\n\t\t\t\t\t\t\t\t<div>\n\t\t\t\t\t\t\t\t\t<div>\n\t\t\t\t\t\t\t\t\t\t<h4>Teatro Nacional Dona Mar\u00eda II<\/h4>\n\t\t\t\t\t\t\t\t\t\t<p>Das Nationaltheater Dona Maria II. wurde 2012 zum Nationaldenkmal erkl\u00e4rt. Es ist ein gro\u00dfes Geb\u00e4ude, das 1846 von Almeida Garret, einem bekannten portugiesischen Dramatiker, eingeweiht wurde. Das Theater befindet sich in einem Geb\u00e4ude, das als ehemaliger Palast der Inquisition oder Palacio dos Estatus bekannt ist. Im Jahr 1964 brach im Inneren ein gro\u00dfes Feuer aus, bei dem nur die Au\u00dfenmauern des Geb\u00e4udes stehen blieben, so dass es mehr als 14 Jahre lang im Bau war. <\/p>\n\n<p>Heute weist es einen neoklassizistischen Stil mit palladianischem Einfluss auf, von dem die Fassade mit einem Portikus aus sechs ionischen S\u00e4ulen an der Vorderseite mit einer dreieckigen Spitze bemerkenswert ist. Der Giebel ist mit einem Relief verziert, das Apollo und die Musen darstellt. Dieses Theater ist ein wichtiger Schauplatz f\u00fcr die portugiesische Kultur, da hier mehrere nationale K\u00fcnstler aufgetreten sind.\n\t\t\t\t\t\t\t\t\t<\/div>\n\t\t\t\t\t\t\t\t\t<img decoding=\"async\" src=\"https:\/\/cdn.pilgrim.es\/web\/caminos\/camino-portugues\/pueblos\/lisboa\/puntos-de-interes\/teatro-nacional-dona-maria.jpg\" alt=\"Teatro Nacional Dona Mar\u00eda II\">\n\t\t\t\t\t\t\t\t<\/div>\n\t\t\t\t\t\t\t<\/div>\n\t\t\t\t\t\t\n\t\t\t\t\t\t\t<div class=\"accordion__accordion-content inactive\">\n\t\t\t\t\t\t\t\t<div>\n\t\t\t\t\t\t\t\t\t<div>\n\t\t\t\t\t\t\t\t\t\t<h4>Elevador de Santa Justa<\/h4>\n\t\t\t\t\t\t\t\t\t\t<p>Der Aufzug Santa Justa ist das schnellste Verkehrsmittel, das Baixa und Bairro Alto miteinander verbindet. Aber er ist nicht nur ein Transportmittel, sondern hat sich auch als Touristenattraktion etabliert. Er wurde 1902 eingeweiht, und an diesem Tag wurden mehr als dreitausend Fahrkarten verkauft. Damals noch unter dem Namen Elevador do Carmo bekannt, wurde sie von den Einwohnern Lissabons mit gro\u00dfer Freude begr\u00fc\u00dft, da sie das erste Verkehrsmittel war, das eine Verbindung zwischen den oberen und unteren Stadtteilen herstellte.\n\t\t\t\t\t\t\t\t\t<\/div>\n\t\t\t\t\t\t\t\t\t<img decoding=\"async\" src=\"https:\/\/cdn.pilgrim.es\/web\/caminos\/camino-portugues\/pueblos\/lisboa\/puntos-de-interes\/elevador-santa-justa.jpg\" alt=\"Elevador de Santa Justa\">\n\t\t\t\t\t\t\t\t<\/div>\n\t\t\t\t\t\t\t<\/div>\n\t\t\t\t\t\t\n\t\t\t\t\t<\/div>\n\t\t\t\t<\/div>\n\t\t\t<\/div>\n\t\t\n\n\t\t<div id=\"phonesSection\">\n\t\t\t<div>\n\t\t\t\t<h2 class=\"p-h3-town\">Informationen von Interesse<\/h2>\n\t\t\t<\/div>\n\t\t\t<div class=\"grid\">\n\t\t\t\t\n\t\t\t\t\t<div class=\"phone-number-item\">\n\t\t\t\t\t\t<div class=\"phone-number-item__icon\"><i class=\"icon-police\"><\/i><\/div>\n\t\t\t\t\t\t<div class=\"phone-number-item__title\">\n\t\t\t\t\t\t\t<h3 class=\"p-font-bold\">Ortspolizei<\/h3>\n\t\t\t\t\t\t\t<p>+351 21 782 5200<\/p>\n\t\t\t\t\t\t\t\n\t\t\t\t\t\t<\/div>\n\t\t\t\t\t<\/div>\n\t\t\t\t\n\t\t\t\t\t<div class=\"phone-number-item\">\n\t\t\t\t\t\t<div class=\"phone-number-item__icon\"><i class=\"icon-firefighters\"><\/i><\/div>\n\t\t\t\t\t\t<div class=\"phone-number-item__title\">\n\t\t\t\t\t\t\t<h3 class=\"p-font-bold\">Feuerwehr<\/h3>\n\t\t\t\t\t\t\t<p>+351 21 817 1411<\/p>\n\t\t\t\t\t\t\t\n\t\t\t\t\t\t<\/div>\n\t\t\t\t\t<\/div>\n\t\t\t\t\n\t\t\t\t\t<div class=\"phone-number-item\">\n\t\t\t\t\t\t<div class=\"phone-number-item__icon\"><i class=\"icon-civil-protection\"><\/i><\/div>\n\t\t\t\t\t\t<div class=\"phone-number-item__title\">\n\t\t\t\t\t\t\t<h3 class=\"p-font-bold\">Zivilschutz<\/h3>\n\t\t\t\t\t\t\t<p>+351 21 882 0960<\/p>\n\t\t\t\t\t\t\t\n\t\t\t\t\t\t<\/div>\n\t\t\t\t\t<\/div>\n\t\t\t\t\n\t\t\t\t\t<div class=\"phone-number-item\">\n\t\t\t\t\t\t<div class=\"phone-number-item__icon\"><i class=\"icon-town-council\"><\/i><\/div>\n\t\t\t\t\t\t<div class=\"phone-number-item__title\">\n\t\t\t\t\t\t\t<h3 class=\"p-font-bold\">Rathaus<\/h3>\n\t\t\t\t\t\t\t<p>+351 21 323 6200<\/p>\n\t\t\t\t\t\t\t\n\t\t\t\t\t\t<\/div>\n\t\t\t\t\t<\/div>\n\t\t\t\t\n\t\t\t\t\t<div class=\"phone-number-item\">\n\t\t\t\t\t\t<div class=\"phone-number-item__icon\"><i class=\"icon-hospital\"><\/i><\/div>\n\t\t\t\t\t\t<div class=\"phone-number-item__title\">\n\t\t\t\t\t\t\t<h3 class=\"p-font-bold\">Gesundheitszentrum<\/h3>\n\t\t\t\t\t\t\t<p>+351 21 359 4000 \/ +351 21 313 6300<\/p>\n\t\t\t\t\t\t\t\n\t\t\t\t\t\t<\/div>\n\t\t\t\t\t<\/div>\n\t\t\t\t\n\t\t\t\t\t<div class=\"phone-number-item\">\n\t\t\t\t\t\t<div class=\"phone-number-item__icon\"><i class=\"icon-tourism\"><\/i><\/div>\n\t\t\t\t\t\t<div class=\"phone-number-item__title\">\n\t\t\t\t\t\t\t<h3 class=\"p-font-bold\">Fremdenverkehrsamt<\/h3>\n\t\t\t\t\t\t\t<p><\/p>\n\t\t\t\t\t\t\t\n\t\t\t\t\t\t<\/div>\n\t\t\t\t\t<\/div>\n\t\t\t\t\n\t\t\t<\/div>\n\t\t<\/div>\n\n\t\t<div id=\"clientForm\">\n        <section>\n        <img decoding=\"async\" src=\"https:\/\/cdn.pilgrim.es\/web\/home\/email-contacto.png\" alt=\"contacto\">\n        <div>\n            <p>Wir senden dir deine Planung<\/p>\n            <p>Gib uns deine Daten an und erhalte die Planung deiner Reise per E-Mail <\/p>\n            <form method=\"post\" data-url=\"\/wp-admin\/admin-ajax.php\" id=\"planner--client\" class=\"flag-right form-client\">\n    <div class=\"form-data\">\n        <input name=\"form_id\" type=\"hidden\" value=\"Formulario Leads\">\n        <input name=\"type\" type=\"hidden\" value=\"planner_client\">\n        <input type=\"text\" name=\"nombre\" value=\"\" size=\"40\" class=\"form-control\" aria-required=\"true\" aria-invalid=\"false\" placeholder=\"Name\">\n        <input type=\"email\" name=\"email\" value=\"\" size=\"40\" class=\"form-control\" aria-required=\"true\" aria-invalid=\"false\" placeholder=\"E- Mail\">\n        <input type=\"text\" id=\"phone-input\" name=\"tel\" value=\"\" size=\"40\" class=\"phone-input form-control\" aria-required=\"true\" aria-invalid=\"false\" placeholder=\"Telefon\">\n        <input type=\"hidden\" name=\"telefono\">\n    <\/div>\n    <div class=\"form-checkbox\">\n        <span>\n            Pilgrim Travel, S.L. teilt gem\u00e4\u00df Regulierung 2016\/679 mit, dass die in diesem Formular verwendeten Daten sowohl f\u00fcr die Beantwortung der m\u00f6glichen Anfragen als auch f\u00fcr die Ver\u00f6ffentlichung der Kommentare verwendet werden, mit der Zustimmung des Nutzers. Sie k\u00f6nnen Ihre Rechte in \u00dcbereinstimmung mit unserer Datenschutzbestimmungen aus\u00fcben             <a href=\"https:\/\/www.pilgrim.es\/politica-de-privacidad\/\" target=\"_blank\" rel=\"noopener noreferrer nofollow\">Datenschutzerkl\u00e4rung.<\/a>\n        <\/span>\n    <\/div>\n\n    <div class=\"form-submit\">\n        <button id=\"planner--client-create\" type=\"submit\">Anfrage senden<\/button>\n        <div class=\"loadingDiv\"><i class=\"p-spinner\"><\/i><\/div>\n    <\/div>\n\n    <div class=\"contact-content-form-success\">\n        <p><i class=\"fas fa-check\"><\/i> Das Formular hat sich erfolgreich gesendet.<\/p>\n    <\/div>\n\n    <div class=\"contact-content-form-error\">\n        <span class=\"input-error\"><\/span>\n    <\/div>\n<\/form>        <\/div>\n    <\/section>\n<\/div>\n\n\t\t<div id=\"recomendationSection\">\n\t\t\t<div>\n\t\t\t\t<h2 class=\"p-h2-town\">Empfohlen<\/h2>\n\t\t\t\t<hr>\n\t\t\t\t<h3 class=\"p-h3-town\">Gastronomie<\/h3>\n\t\t\t<\/div>\n\t\t\tZu den traditionellsten Gerichten Lissabons geh\u00f6ren beispielsweise caldo verde, sopa de nabizas, porco \u00e0 alentejana, cocido a la portuguesa, favas \u00e0 portuguesa, feijoadas, Eint\u00f6pfe sowie Fisch- und Meeresfr\u00fcchtegerichte, wobei der Kabeljau zu den Starprodukten der Stadt geh\u00f6rt.\n\nBei den S\u00fc\u00dfwaren stechen die Torten von Bel\u00e9m, die Queijadas de Sintra und die Birnen in Wein hervor. Was die Getr\u00e4nke betrifft, so gibt es in der Region Lissabon 18 Wei\u00df-, Rot- und Ros\u00e9weine mit Ursprungsbezeichnung.\n\t\t<\/div>\n\n\n\t\t\n\t\t\t<div id=\"holidaysSection\">\n\t\t\t\t<div>\n\t\t\t\t\t<h2 class=\"p-h2-town\">Empfohlen<\/h2>\n\t\t\t\t\t<hr>\n\t\t\t\t\t<h3 class=\"p-h3-town\">Feste und Pilgerfahrten<\/h3>\n\t\t\t\t<\/div>\n\t\t\t\t<div class=\"grid holidays-grid\">\n\t\t\t\t\t\n\t\t\t\t\t\t<div>\n\t\t\t\t\t\t\t<div class=\"phone-number-item\">\n\t\t\t\t\t\t\t\t<div class=\"phone-number-item__icon\"><i class=\"icon-holiday\"><\/i><\/div>\n\t\t\t\t\t\t\t\t<div class=\"phone-number-item__title dark-text\">\n\t\t\t\t\t\t\t\t\t<p class=\"p-font-bold\">Lokaler Urlaub<\/p>\n\t\t\t\t\t\t\t\t\t<p>25 de Abril: D\u00eda de la Libertad<\/p>\n\t\t\t\t\t\t\t\t<\/div>\n\t\t\t\t\t\t\t<\/div>\n\t\t\t\t\t\t<\/div>\n\t\t\t\t\t\n\t\t\t\t\t\t<div>\n\t\t\t\t\t\t\t<div class=\"phone-number-item\">\n\t\t\t\t\t\t\t\t<div class=\"phone-number-item__icon\"><i class=\"icon-holiday\"><\/i><\/div>\n\t\t\t\t\t\t\t\t<div class=\"phone-number-item__title dark-text\">\n\t\t\t\t\t\t\t\t\t<p class=\"p-font-bold\">Lokaler Urlaub<\/p>\n\t\t\t\t\t\t\t\t\t<p>Durante el mes de Junio: Fiestas de San Antonio<\/p>\n\t\t\t\t\t\t\t\t<\/div>\n\t\t\t\t\t\t\t<\/div>\n\t\t\t\t\t\t<\/div>\n\t\t\t\t\t\n\t\t\t\t\t\t<div>\n\t\t\t\t\t\t\t<div class=\"phone-number-item\">\n\t\t\t\t\t\t\t\t<div class=\"phone-number-item__icon\"><i class=\"icon-holiday\"><\/i><\/div>\n\t\t\t\t\t\t\t\t<div class=\"phone-number-item__title dark-text\">\n\t\t\t\t\t\t\t\t\t<p class=\"p-font-bold\">Lokaler Urlaub<\/p>\n\t\t\t\t\t\t\t\t\t<p>1 de Diciembre: D\u00eda de la Restauraci\u00f3n<\/p>\n\t\t\t\t\t\t\t\t<\/div>\n\t\t\t\t\t\t\t<\/div>\n\t\t\t\t\t\t<\/div>\n\t\t\t\t\t\n\t\t\t\t\t\t<div>\n\t\t\t\t\t\t\t<div class=\"phone-number-item\">\n\t\t\t\t\t\t\t\t<div class=\"phone-number-item__icon\"><i class=\"icon-holiday\"><\/i><\/div>\n\t\t\t\t\t\t\t\t<div class=\"phone-number-item__title dark-text\">\n\t\t\t\t\t\t\t\t\t<p class=\"p-font-bold\">Lokaler Urlaub<\/p>\n\t\t\t\t\t\t\t\t\t<p>15 de Agosto: Fiesta de la Asunci\u00f3n<\/p>\n\t\t\t\t\t\t\t\t<\/div>\n\t\t\t\t\t\t\t<\/div>\n\t\t\t\t\t\t<\/div>\n\t\t\t\t\t\n\t\t\t\t<\/div>\n\t\t\t<\/div>\n\t\t\n\t<\/div>\n<\/section>\n\n<div id=\"stage_list_section\"><div class=\"stage-list\">\n    <div class='stage-list__map-card'>\n        <div class='stage-list__map-card__map'>\n            <div class='stage-list__map-card__map__text'>\n                <h2> Pages <\/h2>\n                <p> Zu Fu\u00df<\/p>\n                <p> 0etappen<\/p>\n            <\/div>\n            <div class='stage-list__map-card__map__img'>\n                <img decoding=\"async\" src=\"\" alt=\" mapa \" \/>\n            <\/div>\n        <\/div>\n    <\/div>\n\n    <\/div>\n<\/div> ","protected":false},"excerpt":{"rendered":"<p>Lisboa &#8249; Zur\u00fcck zur B\u00fchne Lisboa Einwohner: 530.847 aprox. Bundesland: Informationen Get to know Lisboa Lissabon ist die Hauptstadt Portugals und gleichzeitig eine der wichtigsten St\u00e4dte des Landes. Sie liegt an der M\u00fcndung des Tejo und ist damit eine der wichtigsten Enklaven in der Herrschaft des Atlantischen Ozeans. Die uralte Geschichte der Stadt ist auf &hellip; <\/p>\n<p class=\"read_more\"><a href=\"https:\/\/www.pilgrim.es\/de\/portugiesischer-weg\/lisboa\/\">Leer m\u00e1s<\/a><\/p>\n","protected":false},"author":0,"featured_media":6104,"parent":10665,"menu_order":0,"comment_status":"closed","ping_status":"closed","template":"views\/template-new-web-design.blade.php","meta":{"footnotes":""},"categories":[],"tags":[],"class_list":["post-91162","page","type-page","status-publish","has-post-thumbnail","hentry"],"yoast_head":"<!-- This site is optimized with the Yoast SEO plugin v27.4 - https:\/\/yoast.com\/product\/yoast-seo-wordpress\/ -->\n<title>Lisboa: Was sehen und wo \u00fcbernachten | Jakobsweg | Pilgrim<\/title>\n<meta name=\"description\" content=\"Lisboa Entdecken Sie alle Informationen \u00fcber Unterk\u00fcnfte, Anreise, Gastronomie und die wichtigsten Sehensw\u00fcrdigkeiten der Orte am Portugiesischer Weg\" \/>\n<meta name=\"robots\" content=\"index, follow, max-snippet:-1, max-image-preview:large, max-video-preview:-1\" \/>\n<link rel=\"canonical\" href=\"https:\/\/www.pilgrim.es\/de\/portugiesischer-weg\/lisboa\/\" \/>\n<meta property=\"og:locale\" content=\"de_DE\" \/>\n<meta property=\"og:type\" content=\"article\" \/>\n<meta property=\"og:title\" content=\"Lisboa: Was sehen und wo \u00fcbernachten | Jakobsweg | Pilgrim\" \/>\n<meta property=\"og:description\" content=\"Lisboa Entdecken Sie alle Informationen \u00fcber Unterk\u00fcnfte, Anreise, Gastronomie und die wichtigsten Sehensw\u00fcrdigkeiten der Orte am Portugiesischer Weg\" \/>\n<meta property=\"og:url\" content=\"https:\/\/www.pilgrim.es\/de\/portugiesischer-weg\/lisboa\/\" \/>\n<meta property=\"og:site_name\" content=\"Pilgrim\" \/>\n<meta property=\"article:publisher\" content=\"https:\/\/www.facebook.com\/pilgrim.es\/\" \/>\n<meta property=\"og:image\" content=\"https:\/\/www.pilgrim.es\/wp-content\/uploads\/2019\/02\/Lisboa1.jpg\" \/>\n\t<meta property=\"og:image:width\" content=\"520\" \/>\n\t<meta property=\"og:image:height\" content=\"370\" \/>\n\t<meta property=\"og:image:type\" content=\"image\/jpeg\" \/>\n<meta name=\"twitter:card\" content=\"summary_large_image\" \/>\n<meta name=\"twitter:site\" content=\"@pilgrim_es\" \/>\n<meta name=\"twitter:label1\" content=\"Gesch\u00e4tzte Lesezeit\" \/>\n\t<meta name=\"twitter:data1\" content=\"21\u00a0Minuten\" \/>\n<script type=\"application\/ld+json\" class=\"yoast-schema-graph\">{\"@context\":\"https:\\\/\\\/schema.org\",\"@graph\":[{\"@type\":\"WebPage\",\"@id\":\"https:\\\/\\\/www.pilgrim.es\\\/de\\\/portugiesischer-weg\\\/lisboa\\\/\",\"url\":\"https:\\\/\\\/www.pilgrim.es\\\/de\\\/portugiesischer-weg\\\/lisboa\\\/\",\"name\":\"Lisboa: Was sehen und wo \u00fcbernachten | Jakobsweg | Pilgrim\",\"isPartOf\":{\"@id\":\"https:\\\/\\\/www.pilgrim.es\\\/de\\\/#website\"},\"primaryImageOfPage\":{\"@id\":\"https:\\\/\\\/www.pilgrim.es\\\/de\\\/portugiesischer-weg\\\/lisboa\\\/#primaryimage\"},\"image\":{\"@id\":\"https:\\\/\\\/www.pilgrim.es\\\/de\\\/portugiesischer-weg\\\/lisboa\\\/#primaryimage\"},\"thumbnailUrl\":\"https:\\\/\\\/www.pilgrim.es\\\/wp-content\\\/uploads\\\/2019\\\/02\\\/Lisboa1.jpg\",\"datePublished\":\"2025-03-17T13:51:07+00:00\",\"description\":\"Lisboa Entdecken Sie alle Informationen \u00fcber Unterk\u00fcnfte, Anreise, Gastronomie und die wichtigsten Sehensw\u00fcrdigkeiten der Orte am Portugiesischer Weg\",\"breadcrumb\":{\"@id\":\"https:\\\/\\\/www.pilgrim.es\\\/de\\\/portugiesischer-weg\\\/lisboa\\\/#breadcrumb\"},\"inLanguage\":\"de\",\"potentialAction\":[{\"@type\":\"ReadAction\",\"target\":[\"https:\\\/\\\/www.pilgrim.es\\\/de\\\/portugiesischer-weg\\\/lisboa\\\/\"]}]},{\"@type\":\"ImageObject\",\"inLanguage\":\"de\",\"@id\":\"https:\\\/\\\/www.pilgrim.es\\\/de\\\/portugiesischer-weg\\\/lisboa\\\/#primaryimage\",\"url\":\"https:\\\/\\\/www.pilgrim.es\\\/wp-content\\\/uploads\\\/2019\\\/02\\\/Lisboa1.jpg\",\"contentUrl\":\"https:\\\/\\\/www.pilgrim.es\\\/wp-content\\\/uploads\\\/2019\\\/02\\\/Lisboa1.jpg\",\"width\":520,\"height\":370,\"caption\":\"Lisboa\"},{\"@type\":\"BreadcrumbList\",\"@id\":\"https:\\\/\\\/www.pilgrim.es\\\/de\\\/portugiesischer-weg\\\/lisboa\\\/#breadcrumb\",\"itemListElement\":[{\"@type\":\"ListItem\",\"position\":1,\"name\":\"Camino de Santiago\",\"item\":\"https:\\\/\\\/www.pilgrim.es\\\/de\\\/\"},{\"@type\":\"ListItem\",\"position\":2,\"name\":\"Portugiesischer Weg\",\"item\":\"https:\\\/\\\/www.pilgrim.es\\\/de\\\/portugiesischer-weg\\\/\"},{\"@type\":\"ListItem\",\"position\":3,\"name\":\"Lisboa\"}]},{\"@type\":\"WebSite\",\"@id\":\"https:\\\/\\\/www.pilgrim.es\\\/de\\\/#website\",\"url\":\"https:\\\/\\\/www.pilgrim.es\\\/de\\\/\",\"name\":\"Pilgrim\",\"description\":\"Camino de Santiago | Caminamos Contigo\",\"publisher\":{\"@id\":\"https:\\\/\\\/www.pilgrim.es\\\/de\\\/#organization\"},\"potentialAction\":[{\"@type\":\"SearchAction\",\"target\":{\"@type\":\"EntryPoint\",\"urlTemplate\":\"https:\\\/\\\/www.pilgrim.es\\\/de\\\/?s={search_term_string}\"},\"query-input\":{\"@type\":\"PropertyValueSpecification\",\"valueRequired\":true,\"valueName\":\"search_term_string\"}}],\"inLanguage\":\"de\"},{\"@type\":\"Organization\",\"@id\":\"https:\\\/\\\/www.pilgrim.es\\\/de\\\/#organization\",\"name\":\"Pilgrim Camino de Santiago\",\"url\":\"https:\\\/\\\/www.pilgrim.es\\\/de\\\/\",\"logo\":{\"@type\":\"ImageObject\",\"inLanguage\":\"de\",\"@id\":\"https:\\\/\\\/www.pilgrim.es\\\/de\\\/#\\\/schema\\\/logo\\\/image\\\/\",\"url\":\"https:\\\/\\\/www.pilgrim.es\\\/wp-content\\\/uploads\\\/2019\\\/04\\\/logo_pilgrim.png\",\"contentUrl\":\"https:\\\/\\\/www.pilgrim.es\\\/wp-content\\\/uploads\\\/2019\\\/04\\\/logo_pilgrim.png\",\"width\":512,\"height\":512,\"caption\":\"Pilgrim Camino de Santiago\"},\"image\":{\"@id\":\"https:\\\/\\\/www.pilgrim.es\\\/de\\\/#\\\/schema\\\/logo\\\/image\\\/\"},\"sameAs\":[\"https:\\\/\\\/www.facebook.com\\\/pilgrim.es\\\/\",\"https:\\\/\\\/x.com\\\/pilgrim_es\",\"https:\\\/\\\/www.instagram.com\\\/pilgrim.es\\\/\",\"https:\\\/\\\/www.linkedin.com\\\/company\\\/pilgrim-camino-de-santiago\\\/\",\"https:\\\/\\\/www.pinterest.es\\\/pilgrimcaminodesantiago\\\/\",\"https:\\\/\\\/www.youtube.com\\\/channel\\\/UCIv2ZzFLXVqthkNF32rKedw\\\/featured\"]}]}<\/script>\n<!-- \/ Yoast SEO plugin. -->","yoast_head_json":{"title":"Lisboa: Was sehen und wo \u00fcbernachten | Jakobsweg | Pilgrim","description":"Lisboa Entdecken Sie alle Informationen \u00fcber Unterk\u00fcnfte, Anreise, Gastronomie und die wichtigsten Sehensw\u00fcrdigkeiten der Orte am Portugiesischer Weg","robots":{"index":"index","follow":"follow","max-snippet":"max-snippet:-1","max-image-preview":"max-image-preview:large","max-video-preview":"max-video-preview:-1"},"canonical":"https:\/\/www.pilgrim.es\/de\/portugiesischer-weg\/lisboa\/","og_locale":"de_DE","og_type":"article","og_title":"Lisboa: Was sehen und wo \u00fcbernachten | Jakobsweg | Pilgrim","og_description":"Lisboa Entdecken Sie alle Informationen \u00fcber Unterk\u00fcnfte, Anreise, Gastronomie und die wichtigsten Sehensw\u00fcrdigkeiten der Orte am Portugiesischer Weg","og_url":"https:\/\/www.pilgrim.es\/de\/portugiesischer-weg\/lisboa\/","og_site_name":"Pilgrim","article_publisher":"https:\/\/www.facebook.com\/pilgrim.es\/","og_image":[{"width":520,"height":370,"url":"https:\/\/www.pilgrim.es\/wp-content\/uploads\/2019\/02\/Lisboa1.jpg","type":"image\/jpeg"}],"twitter_card":"summary_large_image","twitter_site":"@pilgrim_es","twitter_misc":{"Gesch\u00e4tzte Lesezeit":"21\u00a0Minuten"},"schema":{"@context":"https:\/\/schema.org","@graph":[{"@type":"WebPage","@id":"https:\/\/www.pilgrim.es\/de\/portugiesischer-weg\/lisboa\/","url":"https:\/\/www.pilgrim.es\/de\/portugiesischer-weg\/lisboa\/","name":"Lisboa: Was sehen und wo \u00fcbernachten | Jakobsweg | Pilgrim","isPartOf":{"@id":"https:\/\/www.pilgrim.es\/de\/#website"},"primaryImageOfPage":{"@id":"https:\/\/www.pilgrim.es\/de\/portugiesischer-weg\/lisboa\/#primaryimage"},"image":{"@id":"https:\/\/www.pilgrim.es\/de\/portugiesischer-weg\/lisboa\/#primaryimage"},"thumbnailUrl":"https:\/\/www.pilgrim.es\/wp-content\/uploads\/2019\/02\/Lisboa1.jpg","datePublished":"2025-03-17T13:51:07+00:00","description":"Lisboa Entdecken Sie alle Informationen \u00fcber Unterk\u00fcnfte, Anreise, Gastronomie und die wichtigsten Sehensw\u00fcrdigkeiten der Orte am Portugiesischer Weg","breadcrumb":{"@id":"https:\/\/www.pilgrim.es\/de\/portugiesischer-weg\/lisboa\/#breadcrumb"},"inLanguage":"de","potentialAction":[{"@type":"ReadAction","target":["https:\/\/www.pilgrim.es\/de\/portugiesischer-weg\/lisboa\/"]}]},{"@type":"ImageObject","inLanguage":"de","@id":"https:\/\/www.pilgrim.es\/de\/portugiesischer-weg\/lisboa\/#primaryimage","url":"https:\/\/www.pilgrim.es\/wp-content\/uploads\/2019\/02\/Lisboa1.jpg","contentUrl":"https:\/\/www.pilgrim.es\/wp-content\/uploads\/2019\/02\/Lisboa1.jpg","width":520,"height":370,"caption":"Lisboa"},{"@type":"BreadcrumbList","@id":"https:\/\/www.pilgrim.es\/de\/portugiesischer-weg\/lisboa\/#breadcrumb","itemListElement":[{"@type":"ListItem","position":1,"name":"Camino de Santiago","item":"https:\/\/www.pilgrim.es\/de\/"},{"@type":"ListItem","position":2,"name":"Portugiesischer Weg","item":"https:\/\/www.pilgrim.es\/de\/portugiesischer-weg\/"},{"@type":"ListItem","position":3,"name":"Lisboa"}]},{"@type":"WebSite","@id":"https:\/\/www.pilgrim.es\/de\/#website","url":"https:\/\/www.pilgrim.es\/de\/","name":"Pilgrim","description":"Camino de Santiago | Caminamos Contigo","publisher":{"@id":"https:\/\/www.pilgrim.es\/de\/#organization"},"potentialAction":[{"@type":"SearchAction","target":{"@type":"EntryPoint","urlTemplate":"https:\/\/www.pilgrim.es\/de\/?s={search_term_string}"},"query-input":{"@type":"PropertyValueSpecification","valueRequired":true,"valueName":"search_term_string"}}],"inLanguage":"de"},{"@type":"Organization","@id":"https:\/\/www.pilgrim.es\/de\/#organization","name":"Pilgrim Camino de Santiago","url":"https:\/\/www.pilgrim.es\/de\/","logo":{"@type":"ImageObject","inLanguage":"de","@id":"https:\/\/www.pilgrim.es\/de\/#\/schema\/logo\/image\/","url":"https:\/\/www.pilgrim.es\/wp-content\/uploads\/2019\/04\/logo_pilgrim.png","contentUrl":"https:\/\/www.pilgrim.es\/wp-content\/uploads\/2019\/04\/logo_pilgrim.png","width":512,"height":512,"caption":"Pilgrim Camino de Santiago"},"image":{"@id":"https:\/\/www.pilgrim.es\/de\/#\/schema\/logo\/image\/"},"sameAs":["https:\/\/www.facebook.com\/pilgrim.es\/","https:\/\/x.com\/pilgrim_es","https:\/\/www.instagram.com\/pilgrim.es\/","https:\/\/www.linkedin.com\/company\/pilgrim-camino-de-santiago\/","https:\/\/www.pinterest.es\/pilgrimcaminodesantiago\/","https:\/\/www.youtube.com\/channel\/UCIv2ZzFLXVqthkNF32rKedw\/featured"]}]}},"_links":{"self":[{"href":"https:\/\/www.pilgrim.es\/de\/wp-json\/wp\/v2\/pages\/91162","targetHints":{"allow":["GET"]}}],"collection":[{"href":"https:\/\/www.pilgrim.es\/de\/wp-json\/wp\/v2\/pages"}],"about":[{"href":"https:\/\/www.pilgrim.es\/de\/wp-json\/wp\/v2\/types\/page"}],"replies":[{"embeddable":true,"href":"https:\/\/www.pilgrim.es\/de\/wp-json\/wp\/v2\/comments?post=91162"}],"version-history":[{"count":0,"href":"https:\/\/www.pilgrim.es\/de\/wp-json\/wp\/v2\/pages\/91162\/revisions"}],"up":[{"embeddable":true,"href":"https:\/\/www.pilgrim.es\/de\/wp-json\/wp\/v2\/pages\/10665"}],"wp:featuredmedia":[{"embeddable":true,"href":"https:\/\/www.pilgrim.es\/de\/wp-json\/wp\/v2\/media\/6104"}],"wp:attachment":[{"href":"https:\/\/www.pilgrim.es\/de\/wp-json\/wp\/v2\/media?parent=91162"}],"wp:term":[{"taxonomy":"category","embeddable":true,"href":"https:\/\/www.pilgrim.es\/de\/wp-json\/wp\/v2\/categories?post=91162"},{"taxonomy":"post_tag","embeddable":true,"href":"https:\/\/www.pilgrim.es\/de\/wp-json\/wp\/v2\/tags?post=91162"}],"curies":[{"name":"wp","href":"https:\/\/api.w.org\/{rel}","templated":true}]}}