{"id":91102,"date":"2025-03-17T13:27:58","date_gmt":"2025-03-17T13:27:58","guid":{"rendered":"https:\/\/www.pilgrim.es\/franzosischer-weg\/leon\/"},"modified":"2025-03-17T13:27:58","modified_gmt":"2025-03-17T13:27:58","slug":"leon","status":"publish","type":"page","link":"https:\/\/www.pilgrim.es\/de\/franzosischer-weg\/leon\/","title":{"rendered":"Le\u00f3n"},"content":{"rendered":" <section id=\"hero\">\n\t<h1>Le\u00f3n<\/h1>\n\t<div class=\"hero-grid\">\n\t\t<div class=\"hero-grid__town-col\" data-background=\"https:\/\/cdn.pilgrim.es\/web\/caminos\/camino-frances\/pueblos\/leon\/leon.jpg\">\n\t\t\t<div>\n\t\t\t\t<a class=\"link-to-stage\" href=\"https:\/\/www.pilgrim.es\/camino-frances\/etapa-20-mansilla-de-las-mulas-leon\/\">\n\t\t\t\t\t<p>&#8249; Zur\u00fcck zur B\u00fchne<\/p>\n\t\t\t\t<\/a>\n\n\t\t\t\t<div class=\"town-data\">\n\t\t\t\t\t<h2>Le\u00f3n<\/h2>\n\t\t\t\t\t<ul>\n\t\t\t\t\t\t<li>Einwohner: 127.551 aprox.<\/li>\n\t\t\t\t\t\t<li>Bundesland: Le\u00f3n<\/li>\n\t\t\t\t\t<\/ul>\n\t\t\t\t<\/div>\n\t\t\t<\/div>\n\t\t<\/div>\n\t\t<div class=\"hero-grid__planner-col\"><div\r\n  class=\"p-col-span-1 p-rounded-lg p-px-5 p-h-full\"\r\n  style=\"background-image: url('https:\/\/cdn.pilgrim.es\/web\/pilgrim-planner\/bg-plugin-planificador.webp')\"\r\n  rel=\"preload\"\r\n  fetchpriority=\"high\"\r\n  >\r\n    <div class=\"p-text-center p-pt-5 p-text-white p-text-2xl p-font-semibold\">\r\n      Plane deinen Weg    <\/div>\r\n    <div\r\n            id='primary-app'\r\n            data-name='banner'\r\n            data-api='https:\/\/pathfinder.pilgrim.es\/api\/pathfinder\/v2'\r\n            data-mode='normal'\r\n            data-lang='de'\r\n            data-route='1'\r\n            data-destiny='https:\/\/planificador.pilgrim.es'\r\n            data-modality='1'\r\n            data-inline=''\r\n        ><\/div><\/div><\/div>\n\t<\/div>\n<\/section>\n\n<section id=\"infoTown\">\n\t<div class=\"sections-town\">\n\n\t\t<div id=\"informationSection\">\n\t\t\t<div>\n\t\t\t\t<h2 class=\"p-h2-town\">Informationen<\/h2>\n\t\t\t\t<hr>\n\t\t\t\t<h3 class=\"p-h3-town\">Get to know Le\u00f3n<\/h3>\n\t\t\t<\/div>\n\t\t\t<p>Le\u00f3n ist die n\u00e4chste Stadt, die die Pilger auf ihrem Weg nach Santiago durchqueren. Sie ist eine der wichtigsten St\u00e4dte auf dem Franz\u00f6sischen Weg dank ihrer jahrhundertelangen Gastfreundschaft, dank der bis zu siebzehn Pilgerhospit\u00e4ler und der Gr\u00fcndung des Milit\u00e4rischen Santiagoordens in dieser Stadt.<\/p> <p>Pilger sollten auf dem Weg einen Halt einlegen, um das bedeutende historische Erbe der Stadt Le\u00f3n zu besichtigen.\n\t\t<\/div>\n\n\t\t<div id=\"locationSection\">\n\t\t\t<div>\n\t\t\t\t<h2 class=\"p-h2-town\">Standort<\/h2>\n\t\t\t\t<hr>\n\t\t\t\t<h3 class=\"p-h3-town\">Wegbeschreibung<\/h3>\n\t\t\t<\/div>\n\t\t\t<p>Die Stadt Le\u00f3n ist sehr gut mit der ganzen Halbinsel verbunden, von jedem Punkt aus gibt es eine Hauptstra\u00dfe, um dorthin zu gelangen. Wenn Sie mit \u00f6ffentlichen Verkehrsmitteln anreisen, ist der Zug am bequemsten und empfehlenswertesten. Es gibt t\u00e4gliche Verbindungen nach A Coru\u00f1a, Gij\u00f3n, Madrid, Barcelona und Bilbao.\n\n<p>Wenn Sie den Bus bevorzugen, verbindet das Unternehmen Alsa Le\u00f3n mit den wichtigsten spanischen St\u00e4dten wie Madrid, Barcelona, Alicante, Bilbao, Sevilla und A Coru\u00f1a.\n\n<p>Die Stadt verf\u00fcgt auch \u00fcber einen Flughafen mit Fl\u00fcgen nach Barcelona, auf die Kanarischen Inseln und die Balearen.\n\t\t\t<div>\n\t\t\t\t<div>\n  <iframe loading=\"lazy\"\n    src=\"https:\/\/www.google.com\/maps\/d\/embed?mid=1DnyEKKyzngsdkoiyTqPu_eGY1DTMnfg&amp;ehbc=2E312F\"\n    width=\"640\"\n    height=\"480\"\n    alt=\"Mapa Le\u00f3n\"\n  ><\/iframe>\n<\/div>\n\n\t\t\t<\/div>\n\t\t<\/div>\n\n\t\t\n\t\t\t<div id=\"toVisitSection\">\n\t\t\t\t<div>\n\t\t\t\t\t<h2 class=\"p-h2-town\">Geschichte \/ Kultur<\/h2>\n\t\t\t\t\t<hr>\n\t\t\t\t\t<h3 class=\"p-h3-town\">Was es zu sehen gibt<\/h3>\n\t\t\t\t<\/div>\n\t\t\t\t<div>\n\t\t\t\t\t<div class=\"accordion\">\n\t\t\t\t\t\t<div class=\"accordion__menu\">\n\t\t\t\t\t\t\t<nav>\n\t\t\t\t\t\t\t\t\n\t\t\t\t\t\t\t\t\t<button class=\"nav-tab-accordion active\"><span>&#10093;<\/span><span> Castillo de Le\u00f3n<\/span><\/button>\n\t\t\t\t\t\t\t\t\n\t\t\t\t\t\t\t\t\t<button class=\"nav-tab-accordion \"><span>&#10093;<\/span><span> Catedral de Le\u00f3n<\/span><\/button>\n\t\t\t\t\t\t\t\t\n\t\t\t\t\t\t\t\t\t<button class=\"nav-tab-accordion \"><span>&#10093;<\/span><span> Torre de los Ponce<\/span><\/button>\n\t\t\t\t\t\t\t\t\n\t\t\t\t\t\t\t\t\t<button class=\"nav-tab-accordion \"><span>&#10093;<\/span><span> Casa Botines<\/span><\/button>\n\t\t\t\t\t\t\t\t\n\t\t\t\t\t\t\t\t\t<button class=\"nav-tab-accordion \"><span>&#10093;<\/span><span> Plaza del Grano<\/span><\/button>\n\t\t\t\t\t\t\t\t\n\t\t\t\t\t\t\t\t\t<button class=\"nav-tab-accordion \"><span>&#10093;<\/span><span> Plaza Mayor<\/span><\/button>\n\t\t\t\t\t\t\t\t\n\t\t\t\t\t\t\t\t\t<button class=\"nav-tab-accordion \"><span>&#10093;<\/span><span> Auditorio Municipal<\/span><\/button>\n\t\t\t\t\t\t\t\t\n\t\t\t\t\t\t\t\t\t<button class=\"nav-tab-accordion \"><span>&#10093;<\/span><span> Ayuntamiento de San Marcelo<\/span><\/button>\n\t\t\t\t\t\t\t\t\n\t\t\t\t\t\t\t\t\t<button class=\"nav-tab-accordion \"><span>&#10093;<\/span><span> Capilla del Santo Cristo de la Victoria<\/span><\/button>\n\t\t\t\t\t\t\t\t\n\t\t\t\t\t\t\t\t\t<button class=\"nav-tab-accordion \"><span>&#10093;<\/span><span> Casonas y Palacios del Casco Hist\u00f3rico<\/span><\/button>\n\t\t\t\t\t\t\t\t\n\t\t\t\t\t\t\t\t\t<button class=\"nav-tab-accordion \"><span>&#10093;<\/span><span> Convento de las Concepcionistas<\/span><\/button>\n\t\t\t\t\t\t\t\t\n\t\t\t\t\t\t\t\t\t<button class=\"nav-tab-accordion \"><span>&#10093;<\/span><span> Convento de San Francisco<\/span><\/button>\n\t\t\t\t\t\t\t\t\n\t\t\t\t\t\t\t\t\t<button class=\"nav-tab-accordion \"><span>&#10093;<\/span><span> Convento de San Marcos<\/span><\/button>\n\t\t\t\t\t\t\t\t\n\t\t\t\t\t\t\t\t\t<button class=\"nav-tab-accordion \"><span>&#10093;<\/span><span> Edificio del MUSAC<\/span><\/button>\n\t\t\t\t\t\t\t\t\n\t\t\t\t\t\t\t\t\t<button class=\"nav-tab-accordion \"><span>&#10093;<\/span><span> El Barrio Jud\u00edo<\/span><\/button>\n\t\t\t\t\t\t\t\t\n\t\t\t\t\t\t\t\t\t<button class=\"nav-tab-accordion \"><span>&#10093;<\/span><span> Iglesia de San Marcelo<\/span><\/button>\n\t\t\t\t\t\t\t\t\n\t\t\t\t\t\t\t\t\t<button class=\"nav-tab-accordion \"><span>&#10093;<\/span><span> Iglesia de San Mart\u00edn<\/span><\/button>\n\t\t\t\t\t\t\t\t\n\t\t\t\t\t\t\t\t\t<button class=\"nav-tab-accordion \"><span>&#10093;<\/span><span> Palacio de los Guzmanes<\/span><\/button>\n\t\t\t\t\t\t\t\t\n\t\t\t\t\t\t\t\t\t<button class=\"nav-tab-accordion \"><span>&#10093;<\/span><span> Iglesia de San Salvador de Palat de Rey<\/span><\/button>\n\t\t\t\t\t\t\t\t\n\t\t\t\t\t\t\t\t\t<button class=\"nav-tab-accordion \"><span>&#10093;<\/span><span> Iglesia de Santa Ana<\/span><\/button>\n\t\t\t\t\t\t\t\t\n\t\t\t\t\t\t\t\t\t<button class=\"nav-tab-accordion \"><span>&#10093;<\/span><span> Iglesia de Santa Mar\u00eda del Mercado<\/span><\/button>\n\t\t\t\t\t\t\t\t\n\t\t\t\t\t\t\t\t\t<button class=\"nav-tab-accordion \"><span>&#10093;<\/span><span> Iglesia de Santa Marina<\/span><\/button>\n\t\t\t\t\t\t\t\t\n\t\t\t\t\t\t\t\t\t<button class=\"nav-tab-accordion \"><span>&#10093;<\/span><span> Palacio de los Condes de Luna<\/span><\/button>\n\t\t\t\t\t\t\t\t\n\t\t\t\t\t\t\t\t\t<button class=\"nav-tab-accordion \"><span>&#10093;<\/span><span> Real Colegiata de San Isidoro<\/span><\/button>\n\t\t\t\t\t\t\t\t\n\t\t\t\t\t\t\t\t\t<button class=\"nav-tab-accordion \"><span>&#10093;<\/span><span> Muralla Romana y Cerca Medieval<\/span><\/button>\n\t\t\t\t\t\t\t\t\n\t\t\t\t\t\t\t<\/nav>\n\t\t\t\t\t\t<\/div>\n\n\t\t\t\t\t\t\n\t\t\t\t\t\t\t<div class=\"accordion__accordion-content \">\n\t\t\t\t\t\t\t\t<div>\n\t\t\t\t\t\t\t\t\t<div>\n\t\t\t\t\t\t\t\t\t\t<h4>Castillo de Le\u00f3n<\/h4>\n\t\t\t\t\t\t\t\t\t\t<p>El Castillo de Le\u00f3n, auch bekannt als das Alte Gef\u00e4ngnis, ist ein au\u00dfergew\u00f6hnliches Bauwerk mit zwei aneinander grenzenden Geb\u00e4uden. Durch die vergitterten Fenster, die isolierten H\u00f6fe, die hohen Mauern und die gro\u00dfe Steintreppe wirkt das Monument wie ein Gef\u00e4ngnis oder eine Festung. <\/p>\n\n<p>Der Torre del Conde befindet sich auf der rechten Seite der Burg und wurde als Gef\u00e4ngnis f\u00fcr Adlige genutzt, aber ab 1862 wurde er f\u00fcr gew\u00f6hnliche Gefangene verwendet. Von da an wurden die adligen Gefangenen in ein dreist\u00f6ckiges Geb\u00e4ude verlegt, das mit der Canseco-Uhr abschloss.<\/p> <p>Der Turm befindet sich rechts von der Burg und wurde als Gef\u00e4ngnis f\u00fcr Adlige genutzt, aber ab 1862 wurde er f\u00fcr gew\u00f6hnliche Gefangene verwendet.\n\n<p>Heute sind die Iglesia de los Descalzos und das Castillo de Le\u00f3n die beiden Geb\u00e4ude, in denen sich der Sitz des Historischen Archivs der Provinz Le\u00f3n befindet.\n\t\t\t\t\t\t\t\t\t<\/div>\n\t\t\t\t\t\t\t\t\t<img decoding=\"async\" src=\"https:\/\/cdn.pilgrim.es\/web\/caminos\/camino-frances\/pueblos\/leon\/puntos-de-interes\/castillo-de-leon.jpg\" alt=\"Castillo de Le\u00f3n\">\n\t\t\t\t\t\t\t\t<\/div>\n\t\t\t\t\t\t\t<\/div>\n\t\t\t\t\t\t\n\t\t\t\t\t\t\t<div class=\"accordion__accordion-content inactive\">\n\t\t\t\t\t\t\t\t<div>\n\t\t\t\t\t\t\t\t\t<div>\n\t\t\t\t\t\t\t\t\t\t<h4>Catedral de Le\u00f3n<\/h4>\n\t\t\t\t\t\t\t\t\t\t<p>Die Kathedrale von Le\u00f3n stammt aus dem 10. Jahrhundert und befindet sich an der Stelle der alten B\u00e4der und \u00f6ffentlichen Geb\u00e4ude, die Legio VII Ende des 2. Nach dem Sieg \u00fcber die Araber in der Schlacht von San Esteban de Gormaz wurde dieses Geb\u00e4ude vom K\u00f6nig gestiftet, um darauf den ersten Kathedralentempel zu errichten. Auf Anordnung von Prinzessin Urraca, der Schwester von Fernando I., wurde mit dem Bau eines neuen Geb\u00e4udes begonnen, das vollst\u00e4ndig aus Ziegeln und Mauerwerk besteht. <\/p>\n\n<p>Diese Kathedrale blieb bis zum Ende des 3. Jahrhunderts vollst\u00e4ndig erhalten, als Alfons IX. zu regieren begann, und er war es, der den Bau des heutigen Geb\u00e4udes anordnete. Dieses neue Geb\u00e4ude bestand aus drei Schiffen zwischen dem Eingang und dem Querschiff und wurde zwischen dem Querschiff und dem Hochaltar auf f\u00fcnf Schiffe erweitert. Diese Schiffe waren alle mit Kreuzrippengew\u00f6lben \u00fcberdacht. Der Innenraum wurde mit einem gro\u00dfen Chevet abgeschlossen. <\/p>\n\t\t\t\t\t\t\t\t\t<\/div>\n\t\t\t\t\t\t\t\t\t<img decoding=\"async\" src=\"https:\/\/cdn.pilgrim.es\/web\/caminos\/camino-frances\/pueblos\/leon\/puntos-de-interes\/catedral-de-leon.jpg\" alt=\"Catedral de Le\u00f3n\">\n\t\t\t\t\t\t\t\t<\/div>\n\t\t\t\t\t\t\t<\/div>\n\t\t\t\t\t\t\n\t\t\t\t\t\t\t<div class=\"accordion__accordion-content inactive\">\n\t\t\t\t\t\t\t\t<div>\n\t\t\t\t\t\t\t\t\t<div>\n\t\t\t\t\t\t\t\t\t\t<h4>Torre de los Ponce<\/h4>\n\t\t\t\t\t\t\t\t\t\t<p>Der Ponce-Turm ist die \u00e4lteste Festung der Stadt und die einzige, die noch erhalten ist. Sein Bau war als kirchliches Gef\u00e4ngnis und sp\u00e4ter als Ort gedacht, an dem die Brotsteuer entrichtet werden sollte. <\/p>\n\n<p>Seinen Namen verdankt er dem Grafen Don Ponce de Minerva, dem Verwalter von Alfons VII. und Gouverneur der Stadtt\u00fcrme.<\/p> <p>Er wurde zur Befestigung der Stadt gebaut.\n\t\t\t\t\t\t\t\t\t<\/div>\n\t\t\t\t\t\t\t\t\t<img decoding=\"async\" src=\"https:\/\/cdn.pilgrim.es\/web\/caminos\/camino-frances\/pueblos\/leon\/puntos-de-interes\/torre-de-los-ponce.jpg\" alt=\"Torre de los Ponce\">\n\t\t\t\t\t\t\t\t<\/div>\n\t\t\t\t\t\t\t<\/div>\n\t\t\t\t\t\t\n\t\t\t\t\t\t\t<div class=\"accordion__accordion-content inactive\">\n\t\t\t\t\t\t\t\t<div>\n\t\t\t\t\t\t\t\t\t<div>\n\t\t\t\t\t\t\t\t\t\t<h4>Casa Botines<\/h4>\n\t\t\t\t\t\t\t\t\t\t<p>Die Casa Botines, die Antonio Gaud\u00ed im Auftrag des von Joan Homs i Botin\u00e0s gegr\u00fcndeten Unternehmens errichtete, \u00e4hnelt einer Burg mit gotischen Ankl\u00e4ngen. Das Geb\u00e4ude beherbergte im Erdgeschoss und im Halbkeller die Weberei, w\u00e4hrend die oberen Stockwerke zur privaten Nutzung vermietet wurden. <\/p>\n\n<\/p> <p>Das Geb\u00e4ude ist heute Sitz eines Finanzinstituts, und in den oberen Stockwerken finden h\u00e4ufig Wechselausstellungen statt.<\/p> <p>Das Geb\u00e4ude beherbergte die Weberei im Erdgeschoss und im Halbkeller.\n\t\t\t\t\t\t\t\t\t<\/div>\n\t\t\t\t\t\t\t\t\t<img decoding=\"async\" src=\"https:\/\/cdn.pilgrim.es\/web\/caminos\/camino-frances\/pueblos\/leon\/puntos-de-interes\/casa-botines.jpg\" alt=\"Casa Botines\">\n\t\t\t\t\t\t\t\t<\/div>\n\t\t\t\t\t\t\t<\/div>\n\t\t\t\t\t\t\n\t\t\t\t\t\t\t<div class=\"accordion__accordion-content inactive\">\n\t\t\t\t\t\t\t\t<div>\n\t\t\t\t\t\t\t\t\t<div>\n\t\t\t\t\t\t\t\t\t\t<h4>Plaza del Grano<\/h4>\n\t\t\t\t\t\t\t\t\t\t<p>Der Plaza del Grano ist einer der bekanntesten Pl\u00e4tze der Stadt, da hier der monatliche Getreidemarkt und sporadische Stierk\u00e4mpfe stattfanden.\n\n<p>Er ist auch daf\u00fcr bekannt, dass sein Boden aus klassischem Kopfsteinpflaster und H\u00e4usern mit Arkaden besteht, was ihm ein noch stattlicheres Aussehen verleiht. In seiner Mitte steht ein Steinkreuz, das der Legende nach an der Stelle errichtet wurde, an der die Jungfrau Maria erschienen ist. <\/p>\n\t\t\t\t\t\t\t\t\t<\/div>\n\t\t\t\t\t\t\t\t\t<img decoding=\"async\" src=\"https:\/\/cdn.pilgrim.es\/web\/caminos\/camino-frances\/pueblos\/leon\/puntos-de-interes\/plaza-del-grano.jpg\" alt=\"Plaza del Grano\">\n\t\t\t\t\t\t\t\t<\/div>\n\t\t\t\t\t\t\t<\/div>\n\t\t\t\t\t\t\n\t\t\t\t\t\t\t<div class=\"accordion__accordion-content inactive\">\n\t\t\t\t\t\t\t\t<div>\n\t\t\t\t\t\t\t\t\t<div>\n\t\t\t\t\t\t\t\t\t\t<h4>Plaza Mayor<\/h4>\n\t\t\t\t\t\t\t\t\t\t<p>Der Plaza Mayor ist der Hauptplatz der Stadt, sowohl als Freizeit- als auch als Verwaltungszentrum. Er wurde in zwei Perioden erbaut: die erste von 1654 bis 1672 nach Pl\u00e4nen von Antonio Ambrosio und die zweite von 1677, als Francisco del Pi\u00f1al beschloss, ihn nach einem Brand neu zu gestalten. <\/p>\n\n<p>Heute sind die Arkaden und die halbst\u00f6ckigen H\u00e4user erhalten geblieben und beherbergen immer noch den Markt, w\u00e4hrend sich unter dem Schutz der S\u00e4ulen eine Vielzahl von Freizeiteinrichtungen angesiedelt hat. <\/p>\n\t\t\t\t\t\t\t\t\t<\/div>\n\t\t\t\t\t\t\t\t\t<img decoding=\"async\" src=\"https:\/\/cdn.pilgrim.es\/web\/caminos\/camino-frances\/pueblos\/leon\/puntos-de-interes\/plaza-mayor.jpg\" alt=\"Plaza Mayor\">\n\t\t\t\t\t\t\t\t<\/div>\n\t\t\t\t\t\t\t<\/div>\n\t\t\t\t\t\t\n\t\t\t\t\t\t\t<div class=\"accordion__accordion-content inactive\">\n\t\t\t\t\t\t\t\t<div>\n\t\t\t\t\t\t\t\t\t<div>\n\t\t\t\t\t\t\t\t\t\t<h4>Auditorio Municipal<\/h4>\n\t\t\t\t\t\t\t\t\t\t<p>Das st\u00e4dtische Auditorium von Le\u00f3n wurde dank seines exklusiven architektonischen Konzepts und der hohen Qualit\u00e4t der f\u00fcr seinen Bau verwendeten Materialien mit dem spanischen Architekturpreis ausgezeichnet.<\/p> <p>Das st\u00e4dtische Auditorium von Le\u00f3n wurde dank seines exklusiven architektonischen Konzepts und der hohen Qualit\u00e4t der f\u00fcr seinen Bau verwendeten Materialien mit dem spanischen Architekturpreis ausgezeichnet.\n\n<p>Dieses Geb\u00e4ude, das 1500 Personen in drei S\u00e4len Platz bietet, wurde 2002 eingeweiht und beherbergt seither alle kulturellen Aktivit\u00e4ten der Stadt, von Theater, Tanz, Musik und lyrischen St\u00fccken.<\/p> <p>Das Auditorio Municipal de Le\u00f3n bietet 1500 Personen in drei S\u00e4len Platz.\n\t\t\t\t\t\t\t\t\t<\/div>\n\t\t\t\t\t\t\t\t\t<img decoding=\"async\" src=\"https:\/\/cdn.pilgrim.es\/web\/caminos\/camino-frances\/pueblos\/leon\/puntos-de-interes\/auditorio-municipal.jpg\" alt=\"Auditorio Municipal\">\n\t\t\t\t\t\t\t\t<\/div>\n\t\t\t\t\t\t\t<\/div>\n\t\t\t\t\t\t\n\t\t\t\t\t\t\t<div class=\"accordion__accordion-content inactive\">\n\t\t\t\t\t\t\t\t<div>\n\t\t\t\t\t\t\t\t\t<div>\n\t\t\t\t\t\t\t\t\t\t<h4>Ayuntamiento de San Marcelo<\/h4>\n\t\t\t\t\t\t\t\t\t\t<p>Das Geb\u00e4ude des Rathauses von San Marcelo, auch Casa de la Poridad genannt, stammt aus dem 16. Jahrhundert und ist das Werk von Juan del Ribero.<\/p> <p>Das Geb\u00e4ude wurde von Juan del Ribero entworfen.\n\n<p>Vom urspr\u00fcnglichen Geb\u00e4ude ist nur noch der nordwestliche Fl\u00fcgel erhalten, da in den 1920er Jahren eine Reihe von An- und Umbauten vorgenommen wurden, nachdem das benachbarte Teatro Principal eingest\u00fcrzt war.<\/p> <p>Das Geb\u00e4ude wurde von Juan del Ribero erbaut.\n\n<p>In seinem Inneren befinden sich zwei schlichte S\u00e4ulen aus dem 16. Jahrhundert, die aus dem inzwischen verschwundenen Kloster Santo Domingo stammen, die Wandmalereien von Vela Zanetti und das von Luis Garc\u00eda Zurdo geschaffene Buntglasfenster. <\/p>\n\t\t\t\t\t\t\t\t\t<\/div>\n\t\t\t\t\t\t\t\t\t<img decoding=\"async\" src=\"https:\/\/cdn.pilgrim.es\/web\/caminos\/camino-frances\/pueblos\/leon\/puntos-de-interes\/ayuntamiento.jpg\" alt=\"Ayuntamiento de San Marcelo\">\n\t\t\t\t\t\t\t\t<\/div>\n\t\t\t\t\t\t\t<\/div>\n\t\t\t\t\t\t\n\t\t\t\t\t\t\t<div class=\"accordion__accordion-content inactive\">\n\t\t\t\t\t\t\t\t<div>\n\t\t\t\t\t\t\t\t\t<div>\n\t\t\t\t\t\t\t\t\t\t<h4>Capilla del Santo Cristo de la Victoria<\/h4>\n\t\t\t\t\t\t\t\t\t\t<p>Die Kapelle Santo Cristo de la Victoria wurde der Legende nach an der Stelle des Hauses des Heiligen M\u00e4rtyrers erbaut, eines r\u00f6mischen Zenturios der Legio VII Gemina, der als Heiliger Marcellus bekannt und Schutzpatron der Stadt war. <\/p>\n\n<p>Der Tempel, in dem der Santo Cristo de la Victoria verehrt wird, mit einem Bild aus dem 12. Jahrhundert, zeichnet sich durch einen ausgepr\u00e4gten neoromanischen Stil aus.<\/p> <p>Die Kirche, in der der Santo Cristo de la Victoria verehrt wird, zeichnet sich durch einen ausgepr\u00e4gten neoromanischen Stil aus.\n\t\t\t\t\t\t\t\t\t<\/div>\n\t\t\t\t\t\t\t\t\t<img decoding=\"async\" src=\"https:\/\/cdn.pilgrim.es\/web\/caminos\/camino-frances\/pueblos\/leon\/puntos-de-interes\/capilla-del-cristo-de-la-victoria.jpg\" alt=\"Capilla del Santo Cristo de la Victoria\">\n\t\t\t\t\t\t\t\t<\/div>\n\t\t\t\t\t\t\t<\/div>\n\t\t\t\t\t\t\n\t\t\t\t\t\t\t<div class=\"accordion__accordion-content inactive\">\n\t\t\t\t\t\t\t\t<div>\n\t\t\t\t\t\t\t\t\t<div>\n\t\t\t\t\t\t\t\t\t\t<h4>Casonas y Palacios del Casco Hist\u00f3rico<\/h4>\n\t\t\t\t\t\t\t\t\t\t\n\t\t\t\t\t\t\t\t\t<\/div>\n\t\t\t\t\t\t\t\t\t<img decoding=\"async\" src=\"https:\/\/cdn.pilgrim.es\/web\/caminos\/camino-frances\/pueblos\/leon\/puntos-de-interes\/capilla-del-cristo-de-la-victoria.jpg\" alt=\"Casonas y Palacios del Casco Hist\u00f3rico\">\n\t\t\t\t\t\t\t\t<\/div>\n\t\t\t\t\t\t\t<\/div>\n\t\t\t\t\t\t\n\t\t\t\t\t\t\t<div class=\"accordion__accordion-content inactive\">\n\t\t\t\t\t\t\t\t<div>\n\t\t\t\t\t\t\t\t\t<div>\n\t\t\t\t\t\t\t\t\t\t<h4>Convento de las Concepcionistas<\/h4>\n\t\t\t\t\t\t\t\t\t\t<p>Das Kloster der Konzeptionistinnen wurde im 16. Jahrhundert gegr\u00fcndet. Jh. mit einer Steinfassade aus dem 14. Jh. mit eleganten und schlichten Gesimsen. <\/p>\n\n<p>Juan del Ribero war f\u00fcr den Bau der Kirche im Inneren des Klosters verantwortlich. Dieses Gotteshaus besitzt einen einzigartigen Altaraufsatz aus vergoldetem und mehrfarbigem Kiefernholz aus dem 18. Jahrhundert, der aus einer Bank, zwei Stockwerken und einem Dachboden besteht. <\/p>\n\t\t\t\t\t\t\t\t\t<\/div>\n\t\t\t\t\t\t\t\t\t<img decoding=\"async\" src=\"https:\/\/cdn.pilgrim.es\/web\/caminos\/camino-frances\/pueblos\/leon\/puntos-de-interes\/convento-de-los-concepcionistas.jpg\" alt=\"Convento de las Concepcionistas\">\n\t\t\t\t\t\t\t\t<\/div>\n\t\t\t\t\t\t\t<\/div>\n\t\t\t\t\t\t\n\t\t\t\t\t\t\t<div class=\"accordion__accordion-content inactive\">\n\t\t\t\t\t\t\t\t<div>\n\t\t\t\t\t\t\t\t\t<div>\n\t\t\t\t\t\t\t\t\t\t<h4>Convento de San Francisco<\/h4>\n\t\t\t\t\t\t\t\t\t\t<p>Das Kloster San Francisco wurde an der Stelle eines einfachen Klosters aus dem 13. Jahrhundert erbaut, das vom Heiligen Franz von Assisi auf seinem Weg nach Compostela gegr\u00fcndet wurde.<\/p> <p>Das Kloster San Francisco wurde an der Stelle eines einfachen Klosters aus dem 13. Jahrhundert erbaut, das vom Heiligen Franz von Assisi auf seinem Weg nach Compostela gegr\u00fcndet wurde.\n\n<p>Die Klosterkirche aus dem Jahr 1791 ist ein Werk von Francisco de Rivas und besitzt Altarbilder und Schnitzereien von gro\u00dfem Wert. Seit 1882 befindet sich auf dem Altar ein gro\u00dfes Altarbild aus dem 18. Jahrhundert, das die Himmelfahrt Mariens darstellt und ein Werk von Narciso Tom\u00e9 und Sim\u00f3n Gavil\u00e1n ist.\n\t\t\t\t\t\t\t\t\t<\/div>\n\t\t\t\t\t\t\t\t\t<img decoding=\"async\" src=\"https:\/\/cdn.pilgrim.es\/web\/caminos\/camino-frances\/pueblos\/leon\/puntos-de-interes\/convento-san-marcos.jpg\" alt=\"Convento de San Francisco\">\n\t\t\t\t\t\t\t\t<\/div>\n\t\t\t\t\t\t\t<\/div>\n\t\t\t\t\t\t\n\t\t\t\t\t\t\t<div class=\"accordion__accordion-content inactive\">\n\t\t\t\t\t\t\t\t<div>\n\t\t\t\t\t\t\t\t\t<div>\n\t\t\t\t\t\t\t\t\t\t<h4>Convento de San Marcos<\/h4>\n\t\t\t\t\t\t\t\t\t\t<p>Das Kloster San Marcos wurde dank einer Schenkung der Infantin Do\u00f1a Sancha im 12. Jahrhundert erbaut, um am Stadtrand ein Krankenhaus f\u00fcr die Pilger auf dem Weg nach Santiago zu errichten.<\/p> <p>Das Kloster San Marcos wurde von der Infantin Do\u00f1a Sancha im 12. Jahrhundert erbaut, um am Stadtrand ein Krankenhaus f\u00fcr die Pilger auf dem Weg nach Santiago zu errichten.\n\n<p>Die Fassade dieses Geb\u00e4udes im plateresken Stil zeichnet sich durch ihre schlichte Gestaltung aus. Das Geb\u00e4ude ist in drei Abschnitte unterteilt, von denen der dritte mit einem durchbrochenen pflanzlichen Dekor verziert ist. Das interessanteste Merkmal des Komplexes sind die beiden Nischen, die sich in jedem der T\u00fcrme der Kirche befinden:<\/p> <p>Die Nischen befinden sich auf jedem der T\u00fcrme der Kirche.\n\t\t\t\t\t\t\t\t\t<\/div>\n\t\t\t\t\t\t\t\t\t<img decoding=\"async\" src=\"https:\/\/cdn.pilgrim.es\/web\/caminos\/camino-frances\/pueblos\/leon\/puntos-de-interes\/convento-san-marcos.jpg\" alt=\"Convento de San Marcos\">\n\t\t\t\t\t\t\t\t<\/div>\n\t\t\t\t\t\t\t<\/div>\n\t\t\t\t\t\t\n\t\t\t\t\t\t\t<div class=\"accordion__accordion-content inactive\">\n\t\t\t\t\t\t\t\t<div>\n\t\t\t\t\t\t\t\t\t<div>\n\t\t\t\t\t\t\t\t\t\t<h4>Edificio del MUSAC<\/h4>\n\t\t\t\t\t\t\t\t\t\t<p>Das Musac-Geb\u00e4ude ist das Werk von Emilio Tu\u00f1\u00f3n \u00c1lvarez und Luis Moreno Mansilla, das am 1. April 2005 gegr\u00fcndet wurde und zwei Jahre sp\u00e4ter den Mies Van Der Rohe-Preis der Europ\u00e4ischen Union f\u00fcr zeitgen\u00f6ssische Architektur erhielt. <\/p>\n\n<p>Das Besondere an dem Bauwerk sind die 3.000 stradischen Glasscheiben, aus denen es besteht und die ein gro\u00dfes Farbmosaik bilden. Das Museum soll das Erbe der Stadt Le\u00f3n verbreiten und gleichzeitig an den zeitgen\u00f6ssischen Charakter der Kathedrale erinnern.<\/p> <p>Das Hauptziel des Museums ist es, das Erbe der Stadt Le\u00f3n zu f\u00f6rdern und gleichzeitig an den zeitgen\u00f6ssischen Charakter der Kathedrale zu erinnern.\n\t\t\t\t\t\t\t\t\t<\/div>\n\t\t\t\t\t\t\t\t\t<img decoding=\"async\" src=\"https:\/\/cdn.pilgrim.es\/web\/caminos\/camino-frances\/pueblos\/leon\/puntos-de-interes\/palacio-condes-de-luna.jpg\" alt=\"Edificio del MUSAC\">\n\t\t\t\t\t\t\t\t<\/div>\n\t\t\t\t\t\t\t<\/div>\n\t\t\t\t\t\t\n\t\t\t\t\t\t\t<div class=\"accordion__accordion-content inactive\">\n\t\t\t\t\t\t\t\t<div>\n\t\t\t\t\t\t\t\t\t<div>\n\t\t\t\t\t\t\t\t\t\t<h4>El Barrio Jud\u00edo<\/h4>\n\t\t\t\t\t\t\t\t\t\t<p>Das j\u00fcdische Viertel von Le\u00f3n entstand in einem Gebiet, das von der Plaza Mayor, der Calle Santa Ana und der Calle Grano begrenzt wird, als die hebr\u00e4ische Gemeinde zwischen dem 13. und 15. Jahrhundert in die Stadt kam.<\/p> <p>Das j\u00fcdische Viertel von Le\u00f3n entstand in einem Gebiet, das von der Plaza Mayor, der Calle Santa Ana und der Calle Grano begrenzt wird, als die hebr\u00e4ische Gemeinde zwischen dem 13. und 15.\n\n<p>Zurzeit wird daran gearbeitet, das hebr\u00e4ische Erbe, das dieser Ort dank der hebr\u00e4ischen Siedlung hatte, wiederherzustellen. Besonders erw\u00e4hnenswert ist der historische Wert, der in den Stra\u00dfen Misericordia und Santa Cruz erhalten geblieben ist.\n\t\t\t\t\t\t\t\t\t<\/div>\n\t\t\t\t\t\t\t\t\t<img decoding=\"async\" src=\"https:\/\/cdn.pilgrim.es\/web\/caminos\/camino-frances\/pueblos\/leon\/puntos-de-interes\/palacio-guzmanes.jpg\" alt=\"El Barrio Jud\u00edo\">\n\t\t\t\t\t\t\t\t<\/div>\n\t\t\t\t\t\t\t<\/div>\n\t\t\t\t\t\t\n\t\t\t\t\t\t\t<div class=\"accordion__accordion-content inactive\">\n\t\t\t\t\t\t\t\t<div>\n\t\t\t\t\t\t\t\t\t<div>\n\t\t\t\t\t\t\t\t\t\t<h4>Iglesia de San Marcelo<\/h4>\n\t\t\t\t\t\t\t\t\t\t<p>Die Kirche San Marcelo wurde auf den \u00dcberresten des ehemaligen Schutzpatrons des Ortes, San Marcelo, erbaut, die 1493 von K\u00f6nig Ferdinand dem Katholischen in die Stadt \u00fcbertragen wurden. <\/p>\n\n<p>Diese \u00dcberreste wurden erst 1588 gefunden, als Juan del Ribero Rada und Baltasar Guti\u00e9rrez das heutige Gotteshaus errichteten und die Arbeiten bis 1627 verl\u00e4ngerten. Im Inneren des Tempels ist der Hauptaltaraufsatz aus dem 18. Jahrhundert hervorzuheben, in dessen Zentrum sich die dem Heiligen Marcos gewidmete Schnitzerei befindet.\n\t\t\t\t\t\t\t\t\t<\/div>\n\t\t\t\t\t\t\t\t\t<img decoding=\"async\" src=\"https:\/\/cdn.pilgrim.es\/web\/caminos\/camino-frances\/pueblos\/leon\/puntos-de-interes\/iglesia-san-marcelo.jpg\" alt=\"Iglesia de San Marcelo\">\n\t\t\t\t\t\t\t\t<\/div>\n\t\t\t\t\t\t\t<\/div>\n\t\t\t\t\t\t\n\t\t\t\t\t\t\t<div class=\"accordion__accordion-content inactive\">\n\t\t\t\t\t\t\t\t<div>\n\t\t\t\t\t\t\t\t\t<div>\n\t\t\t\t\t\t\t\t\t\t<h4>Iglesia de San Mart\u00edn<\/h4>\n\t\t\t\t\t\t\t\t\t\t<p>Die Kirche San Mart\u00edn aus dem 11. Jahrhundert hat aufgrund der unz\u00e4hligen Umgestaltungen, denen sie im Laufe der Jahrhunderte unterworfen wurde, einen Teil ihres urspr\u00fcnglichen romanischen Stils bewahrt.<\/p> <p>Die Kirche San Mart\u00edn aus dem 11. Jahrhundert hat aufgrund der unz\u00e4hligen Umgestaltungen, denen sie im Laufe der Jahrhunderte unterworfen wurde, einen Teil ihres urspr\u00fcnglichen romanischen Stils bewahrt.\n\n<p>Zurzeit ist eine Apsis erhalten, die an das angrenzende Geb\u00e4ude des Alten Konsistoriums angebaut ist und in der sich eine Piet\u00e0-Schnitzerei aus der Mitte des 18. Jahrhunderts befindet, ein Werk von Luis Salvador Carmona.<\/p> <p>Die Kirche wurde aufgrund der zahlreichen Umgestaltungen, denen sie im Laufe der Jahrhunderte unterworfen war, in ihrem urspr\u00fcnglichen romanischen Stil restauriert.\n\t\t\t\t\t\t\t\t\t<\/div>\n\t\t\t\t\t\t\t\t\t<img decoding=\"async\" src=\"https:\/\/cdn.pilgrim.es\/web\/caminos\/camino-frances\/pueblos\/leon\/puntos-de-interes\/iglesia-san-martin.jpg\" alt=\"Iglesia de San Mart\u00edn\">\n\t\t\t\t\t\t\t\t<\/div>\n\t\t\t\t\t\t\t<\/div>\n\t\t\t\t\t\t\n\t\t\t\t\t\t\t<div class=\"accordion__accordion-content inactive\">\n\t\t\t\t\t\t\t\t<div>\n\t\t\t\t\t\t\t\t\t<div>\n\t\t\t\t\t\t\t\t\t\t<h4>Palacio de los Guzmanes<\/h4>\n\t\t\t\t\t\t\t\t\t\t<p>Der Palacio de los Guzmanes ist ein Geb\u00e4ude, das zwischen 1559 und 1572 auf den Resten der alten Stadtmauer errichtet wurde. Im Laufe der Jahre wurde er mehrfach umgebaut, vor allem 1882, als er in den Besitz der Provinzregierung \u00fcberging.\n\n<p>Was die Struktur betrifft, so ist der trapezf\u00f6rmige Grundriss hervorzuheben, der an jeder Ecke von einem Turm gekr\u00f6nt wird. Das Geb\u00e4ude ist in zwei Abschnitte unterteilt, von denen der obere mit einer Reihe von Balkonen und der untere mit gro\u00dfen, vergitterten Fenstern versehen ist. Das gesamte Geb\u00e4ude ist um einen mit S\u00e4ulen versehenen Innenhof herum angeordnet.\n\t\t\t\t\t\t\t\t\t<\/div>\n\t\t\t\t\t\t\t\t\t<img decoding=\"async\" src=\"https:\/\/cdn.pilgrim.es\/web\/caminos\/camino-frances\/pueblos\/leon\/puntos-de-interes\/palacio-guzmanes.jpg\" alt=\"Palacio de los Guzmanes\">\n\t\t\t\t\t\t\t\t<\/div>\n\t\t\t\t\t\t\t<\/div>\n\t\t\t\t\t\t\n\t\t\t\t\t\t\t<div class=\"accordion__accordion-content inactive\">\n\t\t\t\t\t\t\t\t<div>\n\t\t\t\t\t\t\t\t\t<div>\n\t\t\t\t\t\t\t\t\t\t<h4>Iglesia de San Salvador de Palat de Rey<\/h4>\n\t\t\t\t\t\t\t\t\t\t<p>Die Kirche San Salvador de Palat de Rey wurde auf den \u00dcberresten eines Tempels mit griechischem Kreuz erbaut, von dem nur noch das mit einem Kreuzgew\u00f6lbe bedeckte Querschiff erhalten ist. <\/p>\n\n<p>Es wurde im 10. Jahrhundert im Auftrag von Ramiro II. wieder aufgebaut, der beschloss, ein kleines Kloster f\u00fcr seine Tochter Elvira zu errichten. Dieses Kloster wurde w\u00e4hrend des Mittelalters verlassen, bis es als Pfarrkirche genutzt wurde. <\/p>\n\t\t\t\t\t\t\t\t\t<\/div>\n\t\t\t\t\t\t\t\t\t<img decoding=\"async\" src=\"https:\/\/cdn.pilgrim.es\/web\/caminos\/camino-frances\/pueblos\/leon\/puntos-de-interes\/iglesia-san-salvador-palat.jpg\" alt=\"Iglesia de San Salvador de Palat de Rey\">\n\t\t\t\t\t\t\t\t<\/div>\n\t\t\t\t\t\t\t<\/div>\n\t\t\t\t\t\t\n\t\t\t\t\t\t\t<div class=\"accordion__accordion-content inactive\">\n\t\t\t\t\t\t\t\t<div>\n\t\t\t\t\t\t\t\t\t<div>\n\t\t\t\t\t\t\t\t\t\t<h4>Iglesia de Santa Ana<\/h4>\n\t\t\t\t\t\t\t\t\t\t<p>Im alten j\u00fcdischen Viertel der Stadt befindet sich die Kirche Santa Ana, die ein dreischiffiges Bauwerk beherbergt, wobei das Mittelschiff das breiteste ist und die beiden Seitenschiffe durch Spitzb\u00f6gen unterteilt sind. <\/p>\n\n<\/p> <p>Besonders sehenswert im Inneren sind die Wandmalereien mit Mud\u00e9jar-Einfl\u00fcssen sowie der neoklassizistische Altaraufsatz mit den Schnitzereien des Heiligen Lazarus und des Heiligen Antonius Abt.\n\t\t\t\t\t\t\t\t\t<\/div>\n\t\t\t\t\t\t\t\t\t<img decoding=\"async\" src=\"https:\/\/cdn.pilgrim.es\/web\/caminos\/camino-frances\/pueblos\/leon\/puntos-de-interes\/iglesia-santa-ana.jpg\" alt=\"Iglesia de Santa Ana\">\n\t\t\t\t\t\t\t\t<\/div>\n\t\t\t\t\t\t\t<\/div>\n\t\t\t\t\t\t\n\t\t\t\t\t\t\t<div class=\"accordion__accordion-content inactive\">\n\t\t\t\t\t\t\t\t<div>\n\t\t\t\t\t\t\t\t\t<div>\n\t\t\t\t\t\t\t\t\t\t<h4>Iglesia de Santa Mar\u00eda del Mercado<\/h4>\n\t\t\t\t\t\t\t\t\t\t<p>Die Kirche Santa Mar\u00eda del Mercado geht auf das 12. Jahrhundert zur\u00fcck, obwohl sie im 15., 16. und 18. Das Gotteshaus hat eine sehr originelle Form, da die H\u00f6he der Kirchenschiffe vom Altarraum bis zum Fu\u00df der Kirche abnimmt, weshalb es eine sarkophagartige Form hat.\n\n<p>Von den drei urspr\u00fcnglichen Apsiden der Kirche sind heute nur noch die beiden mit Ofengew\u00f6lben bedeckten Seitenapsiden erhalten. Die mittlere Apsis wurde zu Beginn des 18. Jahrhunderts abgerissen, um an ihrer Stelle eine kleine Kapelle zu errichten, die den Zugang zur Kirche von der R\u00fcckseite her erm\u00f6glichte, um das Bildnis der Jungfrau des Weges zu verehren, ein Werk aus dem 15.\n\t\t\t\t\t\t\t\t\t<\/div>\n\t\t\t\t\t\t\t\t\t<img decoding=\"async\" src=\"https:\/\/cdn.pilgrim.es\/web\/caminos\/camino-frances\/pueblos\/leon\/puntos-de-interes\/iglesia-santa-maria-del-mercado.jpg\" alt=\"Iglesia de Santa Mar\u00eda del Mercado\">\n\t\t\t\t\t\t\t\t<\/div>\n\t\t\t\t\t\t\t<\/div>\n\t\t\t\t\t\t\n\t\t\t\t\t\t\t<div class=\"accordion__accordion-content inactive\">\n\t\t\t\t\t\t\t\t<div>\n\t\t\t\t\t\t\t\t\t<div>\n\t\t\t\t\t\t\t\t\t\t<h4>Iglesia de Santa Marina<\/h4>\n\t\t\t\t\t\t\t\t\t\t<p>Die Kirche Santa Marina wurde Mitte des 16. Jahrhunderts im Auftrag des Bischofs Don Juan de San Mill\u00e1n errichtet. Im Inneren sind noch zahlreiche Skulpturen erhalten, wie die der Jungfrau des Rosenkranzes, die Figur des Bischofs Don Juan und das Bildnis des San Francisco Javier.\n\t\t\t\t\t\t\t\t\t<\/div>\n\t\t\t\t\t\t\t\t\t<img decoding=\"async\" src=\"https:\/\/cdn.pilgrim.es\/web\/caminos\/camino-frances\/pueblos\/leon\/puntos-de-interes\/iglesia-santa-marina.jpg\" alt=\"Iglesia de Santa Marina\">\n\t\t\t\t\t\t\t\t<\/div>\n\t\t\t\t\t\t\t<\/div>\n\t\t\t\t\t\t\n\t\t\t\t\t\t\t<div class=\"accordion__accordion-content inactive\">\n\t\t\t\t\t\t\t\t<div>\n\t\t\t\t\t\t\t\t\t<div>\n\t\t\t\t\t\t\t\t\t\t<h4>Palacio de los Condes de Luna<\/h4>\n\t\t\t\t\t\t\t\t\t\t<p>Der Palast der Grafen von Luna wurde im 14. Jahrhundert von Don Pedro Su\u00e1rez de Qui\u00f1ones und seiner Frau Do\u00f1a Juana Gonz\u00e1lez de Baz\u00e1n erbaut. Aus dieser Zeit ist nur noch die Fassade im gotischen Mud\u00e9jar-Stil erhalten, die mit den Wappen der Familie verziert ist. Sp\u00e4ter beschloss Do\u00f1a Clara Pimentel, den Palast durch einen mit Schiefer gedeckten Turm im Renaissance-Stil zu erweitern. <\/p>\n\n<p>Heute ist er im Besitz der Stadtverwaltung, die ihn als Sitz der Universit\u00e4t von Washington in Spanien sowie als Interpretationszentrum f\u00fcr die Geschichte des K\u00f6nigreichs Le\u00f3n nutzt.\n\t\t\t\t\t\t\t\t\t<\/div>\n\t\t\t\t\t\t\t\t\t<img decoding=\"async\" src=\"https:\/\/cdn.pilgrim.es\/web\/caminos\/camino-frances\/pueblos\/leon\/puntos-de-interes\/palacio-condes-de-luna.jpg\" alt=\"Palacio de los Condes de Luna\">\n\t\t\t\t\t\t\t\t<\/div>\n\t\t\t\t\t\t\t<\/div>\n\t\t\t\t\t\t\n\t\t\t\t\t\t\t<div class=\"accordion__accordion-content inactive\">\n\t\t\t\t\t\t\t\t<div>\n\t\t\t\t\t\t\t\t\t<div>\n\t\t\t\t\t\t\t\t\t\t<h4>Real Colegiata de San Isidoro<\/h4>\n\t\t\t\t\t\t\t\t\t\t<p>Die k\u00f6nigliche Stiftskirche San Isidoro wurde im 10. Jahrhundert im Auftrag von K\u00f6nig Sancho de Crassus gegr\u00fcndet, um die sterblichen \u00dcberreste des M\u00e4rtyrerkindes von C\u00f3rdoba darin zu bestatten. Sp\u00e4ter wurde sie von Alfonso V. in gro\u00dfem Stil umgebaut, um das Geb\u00e4ude in eine Wohnung f\u00fcr seine Tochter Do\u00f1a Sancha und ihren Ehemann Fernando I. umzuwandeln. Dieser Umbau wurde im Jahr 1063 abgeschlossen und f\u00fchrte zu einem vollst\u00e4ndig romanischen Gotteshaus.\n\n<p>Zum Innenraum gelangt man durch mehrere Portale, das Hauptportal, das als La Puerta del Cordero (Lammtor) bekannt ist und eine Pferdeskulptur von San Isidoro beherbergt, und das Nebenportal, das zu Ehren der Pilger, die hierher kamen, als La Puerta del Perd\u00f3n (Vergebungstor) bezeichnet wird. Im Hauptaltar im hispano-fl\u00e4mischen Stil befindet sich ein wundersch\u00f6nes Altarbild aus dem 16. Jahrhundert. <\/p>\n\t\t\t\t\t\t\t\t\t<\/div>\n\t\t\t\t\t\t\t\t\t<img decoding=\"async\" src=\"https:\/\/cdn.pilgrim.es\/web\/caminos\/camino-frances\/pueblos\/leon\/puntos-de-interes\/real-colegiata-san-isidoro.jpg\" alt=\"Real Colegiata de San Isidoro\">\n\t\t\t\t\t\t\t\t<\/div>\n\t\t\t\t\t\t\t<\/div>\n\t\t\t\t\t\t\n\t\t\t\t\t\t\t<div class=\"accordion__accordion-content inactive\">\n\t\t\t\t\t\t\t\t<div>\n\t\t\t\t\t\t\t\t\t<div>\n\t\t\t\t\t\t\t\t\t\t<h4>Muralla Romana y Cerca Medieval<\/h4>\n\t\t\t\t\t\t\t\t\t\t<p>Die r\u00f6mische Stadtmauer ist auch als Mauer der W\u00fcrfel bekannt. Sie umgab das Lager der Legio VI Victrix und hatte vier Eing\u00e4nge auf jeder ihrer Seiten. Von diesen Toren ist nur noch das sogenannte &#8222;Burgtor&#8220; erhalten, das 1759 wiederaufgebaut wurde. <\/p>\n\n<p>Was die Struktur der Mauer betrifft, so ist sie etwas mehr als 5 Meter dick, etwa 8 Meter hoch und hat halbkreisf\u00f6rmige, gew\u00f6lbte T\u00fcrme.  <\/p>\n\t\t\t\t\t\t\t\t\t<\/div>\n\t\t\t\t\t\t\t\t\t<img decoding=\"async\" src=\"https:\/\/cdn.pilgrim.es\/web\/caminos\/camino-frances\/pueblos\/leon\/puntos-de-interes\/muralla-romana.jpg\" alt=\"Muralla Romana y Cerca Medieval\">\n\t\t\t\t\t\t\t\t<\/div>\n\t\t\t\t\t\t\t<\/div>\n\t\t\t\t\t\t\n\t\t\t\t\t<\/div>\n\t\t\t\t<\/div>\n\t\t\t<\/div>\n\t\t\n\n\t\t<div id=\"phonesSection\">\n\t\t\t<div>\n\t\t\t\t<h2 class=\"p-h3-town\">Informationen von Interesse<\/h2>\n\t\t\t<\/div>\n\t\t\t<div class=\"grid\">\n\t\t\t\t\n\t\t\t\t\t<div class=\"phone-number-item\">\n\t\t\t\t\t\t<div class=\"phone-number-item__icon\"><i class=\"icon-police\"><\/i><\/div>\n\t\t\t\t\t\t<div class=\"phone-number-item__title\">\n\t\t\t\t\t\t\t<h3 class=\"p-font-bold\">Ortspolizei<\/h3>\n\t\t\t\t\t\t\t<p>987 255 500<\/p>\n\t\t\t\t\t\t\t\n\t\t\t\t\t\t<\/div>\n\t\t\t\t\t<\/div>\n\t\t\t\t\n\t\t\t\t\t<div class=\"phone-number-item\">\n\t\t\t\t\t\t<div class=\"phone-number-item__icon\"><i class=\"icon-spanish-military-police\"><\/i><\/div>\n\t\t\t\t\t\t<div class=\"phone-number-item__title\">\n\t\t\t\t\t\t\t<h3 class=\"p-font-bold\">Zivilwache<\/h3>\n\t\t\t\t\t\t\t<p>987 253 211<\/p>\n\t\t\t\t\t\t\t\n\t\t\t\t\t\t<\/div>\n\t\t\t\t\t<\/div>\n\t\t\t\t\n\t\t\t\t\t<div class=\"phone-number-item\">\n\t\t\t\t\t\t<div class=\"phone-number-item__icon\"><i class=\"icon-firefighters\"><\/i><\/div>\n\t\t\t\t\t\t<div class=\"phone-number-item__title\">\n\t\t\t\t\t\t\t<h3 class=\"p-font-bold\">Feuerwehr<\/h3>\n\t\t\t\t\t\t\t<p>987 216 080<\/p>\n\t\t\t\t\t\t\t\n\t\t\t\t\t\t<\/div>\n\t\t\t\t\t<\/div>\n\t\t\t\t\n\t\t\t\t\t<div class=\"phone-number-item\">\n\t\t\t\t\t\t<div class=\"phone-number-item__icon\"><i class=\"icon-civil-protection\"><\/i><\/div>\n\t\t\t\t\t\t<div class=\"phone-number-item__title\">\n\t\t\t\t\t\t\t<h3 class=\"p-font-bold\">Zivilschutz<\/h3>\n\t\t\t\t\t\t\t<p>987 969 100<\/p>\n\t\t\t\t\t\t\t\n\t\t\t\t\t\t<\/div>\n\t\t\t\t\t<\/div>\n\t\t\t\t\n\t\t\t\t\t<div class=\"phone-number-item\">\n\t\t\t\t\t\t<div class=\"phone-number-item__icon\"><i class=\"icon-town-council\"><\/i><\/div>\n\t\t\t\t\t\t<div class=\"phone-number-item__title\">\n\t\t\t\t\t\t\t<h3 class=\"p-font-bold\">Rathaus<\/h3>\n\t\t\t\t\t\t\t<p>987 895 500<\/p>\n\t\t\t\t\t\t\t\n\t\t\t\t\t\t<\/div>\n\t\t\t\t\t<\/div>\n\t\t\t\t\n\t\t\t\t\t<div class=\"phone-number-item\">\n\t\t\t\t\t\t<div class=\"phone-number-item__icon\"><i class=\"icon-hospital\"><\/i><\/div>\n\t\t\t\t\t\t<div class=\"phone-number-item__title\">\n\t\t\t\t\t\t\t<h3 class=\"p-font-bold\">Gesundheitszentrum<\/h3>\n\t\t\t\t\t\t\t<p>987 245 911 \/ 987 236 459<\/p>\n\t\t\t\t\t\t\t\n\t\t\t\t\t\t<\/div>\n\t\t\t\t\t<\/div>\n\t\t\t\t\n\t\t\t\t\t<div class=\"phone-number-item\">\n\t\t\t\t\t\t<div class=\"phone-number-item__icon\"><i class=\"icon-tourism\"><\/i><\/div>\n\t\t\t\t\t\t<div class=\"phone-number-item__title\">\n\t\t\t\t\t\t\t<h3 class=\"p-font-bold\">Fremdenverkehrsamt<\/h3>\n\t\t\t\t\t\t\t<p>987 237 082<\/p>\n\t\t\t\t\t\t\t\n\t\t\t\t\t\t\t\t<p>C\/ Plaza de Regla, 2<\/p>\n\t\t\t\t\t\t\t\n\t\t\t\t\t\t<\/div>\n\t\t\t\t\t<\/div>\n\t\t\t\t\n\t\t\t<\/div>\n\t\t<\/div>\n\n\t\t<div id=\"clientForm\">\n        <section>\n        <img decoding=\"async\" src=\"https:\/\/cdn.pilgrim.es\/web\/home\/email-contacto.png\" alt=\"contacto\">\n        <div>\n            <p>Wir senden dir deine Planung<\/p>\n            <p>Gib uns deine Daten an und erhalte die Planung deiner Reise per E-Mail <\/p>\n            <form method=\"post\" data-url=\"\/wp-admin\/admin-ajax.php\" id=\"planner--client\" class=\"flag-right form-client\">\n    <div class=\"form-data\">\n        <input name=\"form_id\" type=\"hidden\" value=\"Formulario Leads\">\n        <input name=\"type\" type=\"hidden\" value=\"planner_client\">\n        <input type=\"text\" name=\"nombre\" value=\"\" size=\"40\" class=\"form-control\" aria-required=\"true\" aria-invalid=\"false\" placeholder=\"Name\">\n        <input type=\"email\" name=\"email\" value=\"\" size=\"40\" class=\"form-control\" aria-required=\"true\" aria-invalid=\"false\" placeholder=\"E- Mail\">\n        <input type=\"text\" id=\"phone-input\" name=\"tel\" value=\"\" size=\"40\" class=\"phone-input form-control\" aria-required=\"true\" aria-invalid=\"false\" placeholder=\"Telefon\">\n        <input type=\"hidden\" name=\"telefono\">\n    <\/div>\n    <div class=\"form-checkbox\">\n        <span>\n            Pilgrim Travel, S.L. teilt gem\u00e4\u00df Regulierung 2016\/679 mit, dass die in diesem Formular verwendeten Daten sowohl f\u00fcr die Beantwortung der m\u00f6glichen Anfragen als auch f\u00fcr die Ver\u00f6ffentlichung der Kommentare verwendet werden, mit der Zustimmung des Nutzers. Sie k\u00f6nnen Ihre Rechte in \u00dcbereinstimmung mit unserer Datenschutzbestimmungen aus\u00fcben             <a href=\"https:\/\/www.pilgrim.es\/politica-de-privacidad\/\" target=\"_blank\" rel=\"noopener noreferrer nofollow\">Datenschutzerkl\u00e4rung.<\/a>\n        <\/span>\n    <\/div>\n\n    <div class=\"form-submit\">\n        <button id=\"planner--client-create\" type=\"submit\">Anfrage senden<\/button>\n        <div class=\"loadingDiv\"><i class=\"p-spinner\"><\/i><\/div>\n    <\/div>\n\n    <div class=\"contact-content-form-success\">\n        <p><i class=\"fas fa-check\"><\/i> Das Formular hat sich erfolgreich gesendet.<\/p>\n    <\/div>\n\n    <div class=\"contact-content-form-error\">\n        <span class=\"input-error\"><\/span>\n    <\/div>\n<\/form>        <\/div>\n    <\/section>\n<\/div>\n\n\t\t<div id=\"recomendationSection\">\n\t\t\t<div>\n\t\t\t\t<h2 class=\"p-h2-town\">Empfohlen<\/h2>\n\t\t\t\t<hr>\n\t\t\t\t<h3 class=\"p-h3-town\">Gastronomie<\/h3>\n\t\t\t<\/div>\n\t\t\tDie typische Gastronomie Le\u00f3ns ist reich an Fleisch- und Wurstwaren und Gartenprodukten, die die Gerichte zu wahren Geschmacksexplosionen machen.\n\nBesonders hervorzuheben ist das Schweinefleisch, aus dem Blutwurst, Chorizo, Schinken, Schweinelende und D\u00f6rrfleisch hergestellt werden, neben anderen typischen Produkten der Region. Ebenfalls sehr typisch sind Botillo, Rebh\u00fchner mit Kohl, gebackene Wachteln und Cocido Maragato oder Cocido Monta\u00f1\u00e9s. Ein weiteres Stargericht sind die verschiedenen Rezepte, die mit Forellen aus den Fl\u00fcssen von Le\u00f3n zubereitet werden.\n\nDie beste Gegend, um die reichhaltige Gastronomie Le\u00f3ns zu genie\u00dfen, ist das bekannte Barrio H\u00famedo, wo Sie zahlreiche Lokale finden, in denen Sie Tapas essen k\u00f6nnen.\n\t\t<\/div>\n\n\n\t\t\n\t\t\t<div id=\"holidaysSection\">\n\t\t\t\t<div>\n\t\t\t\t\t<h2 class=\"p-h2-town\">Empfohlen<\/h2>\n\t\t\t\t\t<hr>\n\t\t\t\t\t<h3 class=\"p-h3-town\">Feste und Pilgerfahrten<\/h3>\n\t\t\t\t<\/div>\n\t\t\t\t<div class=\"grid holidays-grid\">\n\t\t\t\t\t\n\t\t\t\t\t\t<div>\n\t\t\t\t\t\t\t<div class=\"phone-number-item\">\n\t\t\t\t\t\t\t\t<div class=\"phone-number-item__icon\"><i class=\"icon-holiday\"><\/i><\/div>\n\t\t\t\t\t\t\t\t<div class=\"phone-number-item__title dark-text\">\n\t\t\t\t\t\t\t\t\t<p class=\"p-font-bold\">Lokaler Urlaub<\/p>\n\t\t\t\t\t\t\t\t\t<p>30 de Junio: Fiesta de San Pedro<\/p>\n\t\t\t\t\t\t\t\t<\/div>\n\t\t\t\t\t\t\t<\/div>\n\t\t\t\t\t\t<\/div>\n\t\t\t\t\t\n\t\t\t\t\t\t<div>\n\t\t\t\t\t\t\t<div class=\"phone-number-item\">\n\t\t\t\t\t\t\t\t<div class=\"phone-number-item__icon\"><i class=\"icon-holiday\"><\/i><\/div>\n\t\t\t\t\t\t\t\t<div class=\"phone-number-item__title dark-text\">\n\t\t\t\t\t\t\t\t\t<p class=\"p-font-bold\">Lokaler Urlaub<\/p>\n\t\t\t\t\t\t\t\t\t<p>\u00daltimo domingo de abril: Fiesta de Las Cabezadas<\/p>\n\t\t\t\t\t\t\t\t<\/div>\n\t\t\t\t\t\t\t<\/div>\n\t\t\t\t\t\t<\/div>\n\t\t\t\t\t\n\t\t\t\t\t\t<div>\n\t\t\t\t\t\t\t<div class=\"phone-number-item\">\n\t\t\t\t\t\t\t\t<div class=\"phone-number-item__icon\"><i class=\"icon-holiday\"><\/i><\/div>\n\t\t\t\t\t\t\t\t<div class=\"phone-number-item__title dark-text\">\n\t\t\t\t\t\t\t\t\t<p class=\"p-font-bold\">Lokaler Urlaub<\/p>\n\t\t\t\t\t\t\t\t\t<p>24 de junio: Fiesta de San Juan<\/p>\n\t\t\t\t\t\t\t\t<\/div>\n\t\t\t\t\t\t\t<\/div>\n\t\t\t\t\t\t<\/div>\n\t\t\t\t\t\n\t\t\t\t\t\t<div>\n\t\t\t\t\t\t\t<div class=\"phone-number-item\">\n\t\t\t\t\t\t\t\t<div class=\"phone-number-item__icon\"><i class=\"icon-holiday\"><\/i><\/div>\n\t\t\t\t\t\t\t\t<div class=\"phone-number-item__title dark-text\">\n\t\t\t\t\t\t\t\t\t<p class=\"p-font-bold\">Lokaler Urlaub<\/p>\n\t\t\t\t\t\t\t\t\t<p>5 de octubre: Fiestas de San Froil\u00e1n<\/p>\n\t\t\t\t\t\t\t\t<\/div>\n\t\t\t\t\t\t\t<\/div>\n\t\t\t\t\t\t<\/div>\n\t\t\t\t\t\n\t\t\t\t<\/div>\n\t\t\t<\/div>\n\t\t\n\t<\/div>\n<\/section>\n\n<div id=\"stage_list_section\"><div class=\"stage-list\">\n    <div class='stage-list__map-card'>\n        <div class='stage-list__map-card__map'>\n            <div class='stage-list__map-card__map__text'>\n                <h2> Pages <\/h2>\n                <p> Zu Fu\u00df<\/p>\n                <p> 0etappen<\/p>\n            <\/div>\n            <div class='stage-list__map-card__map__img'>\n                <img decoding=\"async\" src=\"\" alt=\" mapa \" \/>\n            <\/div>\n        <\/div>\n    <\/div>\n\n    <\/div>\n<\/div> ","protected":false},"excerpt":{"rendered":"<p>Le\u00f3n &#8249; Zur\u00fcck zur B\u00fchne Le\u00f3n Einwohner: 127.551 aprox. Bundesland: Le\u00f3n Informationen Get to know Le\u00f3n Le\u00f3n ist die n\u00e4chste Stadt, die die Pilger auf ihrem Weg nach Santiago durchqueren. Sie ist eine der wichtigsten St\u00e4dte auf dem Franz\u00f6sischen Weg dank ihrer jahrhundertelangen Gastfreundschaft, dank der bis zu siebzehn Pilgerhospit\u00e4ler und der Gr\u00fcndung des Milit\u00e4rischen &hellip; <\/p>\n<p class=\"read_more\"><a href=\"https:\/\/www.pilgrim.es\/de\/franzosischer-weg\/leon\/\">Leer m\u00e1s<\/a><\/p>\n","protected":false},"author":0,"featured_media":2984,"parent":10659,"menu_order":0,"comment_status":"closed","ping_status":"closed","template":"views\/template-new-web-design.blade.php","meta":{"footnotes":""},"categories":[],"tags":[],"class_list":["post-91102","page","type-page","status-publish","has-post-thumbnail","hentry"],"yoast_head":"<!-- This site is optimized with the Yoast SEO plugin v27.4 - https:\/\/yoast.com\/product\/yoast-seo-wordpress\/ -->\n<title>Le\u00f3n: Was sehen und wo \u00fcbernachten | Jakobsweg | Pilgrim<\/title>\n<meta name=\"description\" content=\"Le\u00f3n Entdecken Sie alle Informationen \u00fcber Unterk\u00fcnfte, Anreise, Gastronomie und die wichtigsten Sehensw\u00fcrdigkeiten der Orte am Franz\u00f6sischer Weg\" \/>\n<meta name=\"robots\" content=\"index, follow, max-snippet:-1, max-image-preview:large, max-video-preview:-1\" \/>\n<link rel=\"canonical\" href=\"https:\/\/www.pilgrim.es\/de\/franzosischer-weg\/leon\/\" \/>\n<meta property=\"og:locale\" content=\"de_DE\" \/>\n<meta property=\"og:type\" content=\"article\" \/>\n<meta property=\"og:title\" content=\"Le\u00f3n: Was sehen und wo \u00fcbernachten | Jakobsweg | Pilgrim\" \/>\n<meta property=\"og:description\" content=\"Le\u00f3n Entdecken Sie alle Informationen \u00fcber Unterk\u00fcnfte, Anreise, Gastronomie und die wichtigsten Sehensw\u00fcrdigkeiten der Orte am Franz\u00f6sischer Weg\" \/>\n<meta property=\"og:url\" content=\"https:\/\/www.pilgrim.es\/de\/franzosischer-weg\/leon\/\" \/>\n<meta property=\"og:site_name\" content=\"Pilgrim\" \/>\n<meta property=\"article:publisher\" content=\"https:\/\/www.facebook.com\/pilgrim.es\/\" \/>\n<meta property=\"og:image\" content=\"https:\/\/www.pilgrim.es\/wp-content\/uploads\/2019\/02\/catedral-leon1.jpg\" \/>\n\t<meta property=\"og:image:width\" content=\"1600\" \/>\n\t<meta property=\"og:image:height\" content=\"1200\" \/>\n\t<meta property=\"og:image:type\" content=\"image\/jpeg\" \/>\n<meta name=\"twitter:card\" content=\"summary_large_image\" \/>\n<meta name=\"twitter:site\" content=\"@pilgrim_es\" \/>\n<meta name=\"twitter:label1\" content=\"Gesch\u00e4tzte Lesezeit\" \/>\n\t<meta name=\"twitter:data1\" content=\"15\u00a0Minuten\" \/>\n<script type=\"application\/ld+json\" class=\"yoast-schema-graph\">{\"@context\":\"https:\\\/\\\/schema.org\",\"@graph\":[{\"@type\":\"WebPage\",\"@id\":\"https:\\\/\\\/www.pilgrim.es\\\/de\\\/franzosischer-weg\\\/leon\\\/\",\"url\":\"https:\\\/\\\/www.pilgrim.es\\\/de\\\/franzosischer-weg\\\/leon\\\/\",\"name\":\"Le\u00f3n: Was sehen und wo \u00fcbernachten | Jakobsweg | Pilgrim\",\"isPartOf\":{\"@id\":\"https:\\\/\\\/www.pilgrim.es\\\/de\\\/#website\"},\"primaryImageOfPage\":{\"@id\":\"https:\\\/\\\/www.pilgrim.es\\\/de\\\/franzosischer-weg\\\/leon\\\/#primaryimage\"},\"image\":{\"@id\":\"https:\\\/\\\/www.pilgrim.es\\\/de\\\/franzosischer-weg\\\/leon\\\/#primaryimage\"},\"thumbnailUrl\":\"https:\\\/\\\/www.pilgrim.es\\\/wp-content\\\/uploads\\\/2019\\\/02\\\/catedral-leon1.jpg\",\"datePublished\":\"2025-03-17T13:27:58+00:00\",\"description\":\"Le\u00f3n Entdecken Sie alle Informationen \u00fcber Unterk\u00fcnfte, Anreise, Gastronomie und die wichtigsten Sehensw\u00fcrdigkeiten der Orte am Franz\u00f6sischer Weg\",\"breadcrumb\":{\"@id\":\"https:\\\/\\\/www.pilgrim.es\\\/de\\\/franzosischer-weg\\\/leon\\\/#breadcrumb\"},\"inLanguage\":\"de\",\"potentialAction\":[{\"@type\":\"ReadAction\",\"target\":[\"https:\\\/\\\/www.pilgrim.es\\\/de\\\/franzosischer-weg\\\/leon\\\/\"]}]},{\"@type\":\"ImageObject\",\"inLanguage\":\"de\",\"@id\":\"https:\\\/\\\/www.pilgrim.es\\\/de\\\/franzosischer-weg\\\/leon\\\/#primaryimage\",\"url\":\"https:\\\/\\\/www.pilgrim.es\\\/wp-content\\\/uploads\\\/2019\\\/02\\\/catedral-leon1.jpg\",\"contentUrl\":\"https:\\\/\\\/www.pilgrim.es\\\/wp-content\\\/uploads\\\/2019\\\/02\\\/catedral-leon1.jpg\",\"width\":1600,\"height\":1200,\"caption\":\"Le\u00f3n\"},{\"@type\":\"BreadcrumbList\",\"@id\":\"https:\\\/\\\/www.pilgrim.es\\\/de\\\/franzosischer-weg\\\/leon\\\/#breadcrumb\",\"itemListElement\":[{\"@type\":\"ListItem\",\"position\":1,\"name\":\"Camino de Santiago\",\"item\":\"https:\\\/\\\/www.pilgrim.es\\\/de\\\/\"},{\"@type\":\"ListItem\",\"position\":2,\"name\":\"Franz\u00f6sischer Weg\",\"item\":\"https:\\\/\\\/www.pilgrim.es\\\/de\\\/franzosischer-weg\\\/\"},{\"@type\":\"ListItem\",\"position\":3,\"name\":\"Le\u00f3n\"}]},{\"@type\":\"WebSite\",\"@id\":\"https:\\\/\\\/www.pilgrim.es\\\/de\\\/#website\",\"url\":\"https:\\\/\\\/www.pilgrim.es\\\/de\\\/\",\"name\":\"Pilgrim\",\"description\":\"Camino de Santiago | Caminamos Contigo\",\"publisher\":{\"@id\":\"https:\\\/\\\/www.pilgrim.es\\\/de\\\/#organization\"},\"potentialAction\":[{\"@type\":\"SearchAction\",\"target\":{\"@type\":\"EntryPoint\",\"urlTemplate\":\"https:\\\/\\\/www.pilgrim.es\\\/de\\\/?s={search_term_string}\"},\"query-input\":{\"@type\":\"PropertyValueSpecification\",\"valueRequired\":true,\"valueName\":\"search_term_string\"}}],\"inLanguage\":\"de\"},{\"@type\":\"Organization\",\"@id\":\"https:\\\/\\\/www.pilgrim.es\\\/de\\\/#organization\",\"name\":\"Pilgrim Camino de Santiago\",\"url\":\"https:\\\/\\\/www.pilgrim.es\\\/de\\\/\",\"logo\":{\"@type\":\"ImageObject\",\"inLanguage\":\"de\",\"@id\":\"https:\\\/\\\/www.pilgrim.es\\\/de\\\/#\\\/schema\\\/logo\\\/image\\\/\",\"url\":\"https:\\\/\\\/www.pilgrim.es\\\/wp-content\\\/uploads\\\/2019\\\/04\\\/logo_pilgrim.png\",\"contentUrl\":\"https:\\\/\\\/www.pilgrim.es\\\/wp-content\\\/uploads\\\/2019\\\/04\\\/logo_pilgrim.png\",\"width\":512,\"height\":512,\"caption\":\"Pilgrim Camino de Santiago\"},\"image\":{\"@id\":\"https:\\\/\\\/www.pilgrim.es\\\/de\\\/#\\\/schema\\\/logo\\\/image\\\/\"},\"sameAs\":[\"https:\\\/\\\/www.facebook.com\\\/pilgrim.es\\\/\",\"https:\\\/\\\/x.com\\\/pilgrim_es\",\"https:\\\/\\\/www.instagram.com\\\/pilgrim.es\\\/\",\"https:\\\/\\\/www.linkedin.com\\\/company\\\/pilgrim-camino-de-santiago\\\/\",\"https:\\\/\\\/www.pinterest.es\\\/pilgrimcaminodesantiago\\\/\",\"https:\\\/\\\/www.youtube.com\\\/channel\\\/UCIv2ZzFLXVqthkNF32rKedw\\\/featured\"]}]}<\/script>\n<!-- \/ Yoast SEO plugin. -->","yoast_head_json":{"title":"Le\u00f3n: Was sehen und wo \u00fcbernachten | Jakobsweg | Pilgrim","description":"Le\u00f3n Entdecken Sie alle Informationen \u00fcber Unterk\u00fcnfte, Anreise, Gastronomie und die wichtigsten Sehensw\u00fcrdigkeiten der Orte am Franz\u00f6sischer Weg","robots":{"index":"index","follow":"follow","max-snippet":"max-snippet:-1","max-image-preview":"max-image-preview:large","max-video-preview":"max-video-preview:-1"},"canonical":"https:\/\/www.pilgrim.es\/de\/franzosischer-weg\/leon\/","og_locale":"de_DE","og_type":"article","og_title":"Le\u00f3n: Was sehen und wo \u00fcbernachten | Jakobsweg | Pilgrim","og_description":"Le\u00f3n Entdecken Sie alle Informationen \u00fcber Unterk\u00fcnfte, Anreise, Gastronomie und die wichtigsten Sehensw\u00fcrdigkeiten der Orte am Franz\u00f6sischer Weg","og_url":"https:\/\/www.pilgrim.es\/de\/franzosischer-weg\/leon\/","og_site_name":"Pilgrim","article_publisher":"https:\/\/www.facebook.com\/pilgrim.es\/","og_image":[{"width":1600,"height":1200,"url":"https:\/\/www.pilgrim.es\/wp-content\/uploads\/2019\/02\/catedral-leon1.jpg","type":"image\/jpeg"}],"twitter_card":"summary_large_image","twitter_site":"@pilgrim_es","twitter_misc":{"Gesch\u00e4tzte Lesezeit":"15\u00a0Minuten"},"schema":{"@context":"https:\/\/schema.org","@graph":[{"@type":"WebPage","@id":"https:\/\/www.pilgrim.es\/de\/franzosischer-weg\/leon\/","url":"https:\/\/www.pilgrim.es\/de\/franzosischer-weg\/leon\/","name":"Le\u00f3n: Was sehen und wo \u00fcbernachten | Jakobsweg | Pilgrim","isPartOf":{"@id":"https:\/\/www.pilgrim.es\/de\/#website"},"primaryImageOfPage":{"@id":"https:\/\/www.pilgrim.es\/de\/franzosischer-weg\/leon\/#primaryimage"},"image":{"@id":"https:\/\/www.pilgrim.es\/de\/franzosischer-weg\/leon\/#primaryimage"},"thumbnailUrl":"https:\/\/www.pilgrim.es\/wp-content\/uploads\/2019\/02\/catedral-leon1.jpg","datePublished":"2025-03-17T13:27:58+00:00","description":"Le\u00f3n Entdecken Sie alle Informationen \u00fcber Unterk\u00fcnfte, Anreise, Gastronomie und die wichtigsten Sehensw\u00fcrdigkeiten der Orte am Franz\u00f6sischer Weg","breadcrumb":{"@id":"https:\/\/www.pilgrim.es\/de\/franzosischer-weg\/leon\/#breadcrumb"},"inLanguage":"de","potentialAction":[{"@type":"ReadAction","target":["https:\/\/www.pilgrim.es\/de\/franzosischer-weg\/leon\/"]}]},{"@type":"ImageObject","inLanguage":"de","@id":"https:\/\/www.pilgrim.es\/de\/franzosischer-weg\/leon\/#primaryimage","url":"https:\/\/www.pilgrim.es\/wp-content\/uploads\/2019\/02\/catedral-leon1.jpg","contentUrl":"https:\/\/www.pilgrim.es\/wp-content\/uploads\/2019\/02\/catedral-leon1.jpg","width":1600,"height":1200,"caption":"Le\u00f3n"},{"@type":"BreadcrumbList","@id":"https:\/\/www.pilgrim.es\/de\/franzosischer-weg\/leon\/#breadcrumb","itemListElement":[{"@type":"ListItem","position":1,"name":"Camino de Santiago","item":"https:\/\/www.pilgrim.es\/de\/"},{"@type":"ListItem","position":2,"name":"Franz\u00f6sischer Weg","item":"https:\/\/www.pilgrim.es\/de\/franzosischer-weg\/"},{"@type":"ListItem","position":3,"name":"Le\u00f3n"}]},{"@type":"WebSite","@id":"https:\/\/www.pilgrim.es\/de\/#website","url":"https:\/\/www.pilgrim.es\/de\/","name":"Pilgrim","description":"Camino de Santiago | Caminamos Contigo","publisher":{"@id":"https:\/\/www.pilgrim.es\/de\/#organization"},"potentialAction":[{"@type":"SearchAction","target":{"@type":"EntryPoint","urlTemplate":"https:\/\/www.pilgrim.es\/de\/?s={search_term_string}"},"query-input":{"@type":"PropertyValueSpecification","valueRequired":true,"valueName":"search_term_string"}}],"inLanguage":"de"},{"@type":"Organization","@id":"https:\/\/www.pilgrim.es\/de\/#organization","name":"Pilgrim Camino de Santiago","url":"https:\/\/www.pilgrim.es\/de\/","logo":{"@type":"ImageObject","inLanguage":"de","@id":"https:\/\/www.pilgrim.es\/de\/#\/schema\/logo\/image\/","url":"https:\/\/www.pilgrim.es\/wp-content\/uploads\/2019\/04\/logo_pilgrim.png","contentUrl":"https:\/\/www.pilgrim.es\/wp-content\/uploads\/2019\/04\/logo_pilgrim.png","width":512,"height":512,"caption":"Pilgrim Camino de Santiago"},"image":{"@id":"https:\/\/www.pilgrim.es\/de\/#\/schema\/logo\/image\/"},"sameAs":["https:\/\/www.facebook.com\/pilgrim.es\/","https:\/\/x.com\/pilgrim_es","https:\/\/www.instagram.com\/pilgrim.es\/","https:\/\/www.linkedin.com\/company\/pilgrim-camino-de-santiago\/","https:\/\/www.pinterest.es\/pilgrimcaminodesantiago\/","https:\/\/www.youtube.com\/channel\/UCIv2ZzFLXVqthkNF32rKedw\/featured"]}]}},"_links":{"self":[{"href":"https:\/\/www.pilgrim.es\/de\/wp-json\/wp\/v2\/pages\/91102","targetHints":{"allow":["GET"]}}],"collection":[{"href":"https:\/\/www.pilgrim.es\/de\/wp-json\/wp\/v2\/pages"}],"about":[{"href":"https:\/\/www.pilgrim.es\/de\/wp-json\/wp\/v2\/types\/page"}],"replies":[{"embeddable":true,"href":"https:\/\/www.pilgrim.es\/de\/wp-json\/wp\/v2\/comments?post=91102"}],"version-history":[{"count":0,"href":"https:\/\/www.pilgrim.es\/de\/wp-json\/wp\/v2\/pages\/91102\/revisions"}],"up":[{"embeddable":true,"href":"https:\/\/www.pilgrim.es\/de\/wp-json\/wp\/v2\/pages\/10659"}],"wp:featuredmedia":[{"embeddable":true,"href":"https:\/\/www.pilgrim.es\/de\/wp-json\/wp\/v2\/media\/2984"}],"wp:attachment":[{"href":"https:\/\/www.pilgrim.es\/de\/wp-json\/wp\/v2\/media?parent=91102"}],"wp:term":[{"taxonomy":"category","embeddable":true,"href":"https:\/\/www.pilgrim.es\/de\/wp-json\/wp\/v2\/categories?post=91102"},{"taxonomy":"post_tag","embeddable":true,"href":"https:\/\/www.pilgrim.es\/de\/wp-json\/wp\/v2\/tags?post=91102"}],"curies":[{"name":"wp","href":"https:\/\/api.w.org\/{rel}","templated":true}]}}