{"id":91099,"date":"2025-03-17T13:18:46","date_gmt":"2025-03-17T13:18:46","guid":{"rendered":"https:\/\/www.pilgrim.es\/franzosischer-weg\/mansilla-de-las-mulas\/"},"modified":"2025-03-17T13:18:46","modified_gmt":"2025-03-17T13:18:46","slug":"mansilla-de-las-mulas","status":"publish","type":"page","link":"https:\/\/www.pilgrim.es\/de\/franzosischer-weg\/mansilla-de-las-mulas\/","title":{"rendered":"Mansilla de las Mulas"},"content":{"rendered":" <section id=\"hero\">\n\t<h1>Mansilla de las Mulas<\/h1>\n\t<div class=\"hero-grid\">\n\t\t<div class=\"hero-grid__town-col\" data-background=\"https:\/\/cdn.pilgrim.es\/web\/caminos\/camino-frances\/pueblos\/mansilla-de-las-mulas\/mansilla-de-las-mulas.jpg\">\n\t\t\t<div>\n\t\t\t\t<a class=\"link-to-stage\" href=\"https:\/\/www.pilgrim.es\/camino-frances\/etapa-19-bercianos-del-real-camino-mansilla-de-las-mulas\/\">\n\t\t\t\t\t<p>&#8249; Zur\u00fcck zur B\u00fchne<\/p>\n\t\t\t\t<\/a>\n\n\t\t\t\t<div class=\"town-data\">\n\t\t\t\t\t<h2>Mansilla de las Mulas<\/h2>\n\t\t\t\t\t<ul>\n\t\t\t\t\t\t<li>Einwohner: 1.085 aprox.<\/li>\n\t\t\t\t\t\t<li>Bundesland: Le\u00f3n<\/li>\n\t\t\t\t\t<\/ul>\n\t\t\t\t<\/div>\n\t\t\t<\/div>\n\t\t<\/div>\n\t\t<div class=\"hero-grid__planner-col\"><div\r\n  class=\"p-col-span-1 p-rounded-lg p-px-5 p-h-full\"\r\n  style=\"background-image: url('https:\/\/cdn.pilgrim.es\/web\/pilgrim-planner\/bg-plugin-planificador.webp')\"\r\n  rel=\"preload\"\r\n  fetchpriority=\"high\"\r\n  >\r\n    <div class=\"p-text-center p-pt-5 p-text-white p-text-2xl p-font-semibold\">\r\n      Plane deinen Weg    <\/div>\r\n    <div\r\n            id='primary-app'\r\n            data-name='banner'\r\n            data-api='https:\/\/pathfinder.pilgrim.es\/api\/pathfinder\/v2'\r\n            data-mode='normal'\r\n            data-lang='de'\r\n            data-route='1'\r\n            data-destiny='https:\/\/planificador.pilgrim.es'\r\n            data-modality='1'\r\n            data-inline=''\r\n        ><\/div><\/div><\/div>\n\t<\/div>\n<\/section>\n\n<section id=\"infoTown\">\n\t<div class=\"sections-town\">\n\n\t\t<div id=\"informationSection\">\n\t\t\t<div>\n\t\t\t\t<h2 class=\"p-h2-town\">Informationen<\/h2>\n\t\t\t\t<hr>\n\t\t\t\t<h3 class=\"p-h3-town\">Get to know Mansilla de las Mulas<\/h3>\n\t\t\t<\/div>\n\t\t\t<p>Diese kleine Stadt in der Provinz Le\u00f3n liegt am Fluss Esla, der Legende nach war dieser Fluss urspr\u00fcnglich der Fluss Astura, der den Asturiern ihren Namen gab. Sie besiedelten einen gro\u00dfen Teil der Provinz Le\u00f3n.<\/p> <p>Seinen Namen verdankt er den zahlreichen Viehm\u00e4rkten, die lange Zeit in der Gemeinde abgehalten wurden.<\/p> <p>Es ist ein kleines Dorf in der Provinz Le\u00f3n.\n\t\t<\/div>\n\n\t\t<div id=\"locationSection\">\n\t\t\t<div>\n\t\t\t\t<h2 class=\"p-h2-town\">Standort<\/h2>\n\t\t\t\t<hr>\n\t\t\t\t<h3 class=\"p-h3-town\">Wegbeschreibung<\/h3>\n\t\t\t<\/div>\n\t\t\t<p>Um nach Mansilla de las Mulas zu gelangen, ist es am einfachsten und empfehlenswertesten, zuerst nach Le\u00f3n zu fahren, da es dort einen Bahnhof, einen Busbahnhof und einen Flughafen gibt, und dann nach Mansilla zu fahren.\n\n<p>Von Le\u00f3n aus muss man nur die Nationalstra\u00dfe N-601 nehmen und erreicht nach 18 km den Ort. Aufgrund seiner N\u00e4he liegt der Ort im Gro\u00dfraum Le\u00f3n, so dass Mansilla dank der Buslinie 1 leicht zu erreichen ist.\n\t\t\t<div>\n\t\t\t\t<div>\n  <iframe loading=\"lazy\"\n    src=\"https:\/\/www.google.com\/maps\/d\/embed?mid=1vpS2LykRSfE-w3PnyNR1U9w3hR-rFTs&amp;ehbc=2E312F\"\n    width=\"640\"\n    height=\"480\"\n    alt=\"Mapa Mansilla de las Mulas\"\n  ><\/iframe>\n<\/div>\n\n\t\t\t<\/div>\n\t\t<\/div>\n\n\t\t\n\t\t\t<div id=\"toVisitSection\">\n\t\t\t\t<div>\n\t\t\t\t\t<h2 class=\"p-h2-town\">Geschichte \/ Kultur<\/h2>\n\t\t\t\t\t<hr>\n\t\t\t\t\t<h3 class=\"p-h3-town\">Was es zu sehen gibt<\/h3>\n\t\t\t\t<\/div>\n\t\t\t\t<div>\n\t\t\t\t\t<div class=\"accordion\">\n\t\t\t\t\t\t<div class=\"accordion__menu\">\n\t\t\t\t\t\t\t<nav>\n\t\t\t\t\t\t\t\t\n\t\t\t\t\t\t\t\t\t<button class=\"nav-tab-accordion active\"><span>&#10093;<\/span><span> Iglesia de Santa Mar\u00eda<\/span><\/button>\n\t\t\t\t\t\t\t\t\n\t\t\t\t\t\t\t\t\t<button class=\"nav-tab-accordion \"><span>&#10093;<\/span><span> Monumento al Peregrino<\/span><\/button>\n\t\t\t\t\t\t\t\t\n\t\t\t\t\t\t\t\t\t<button class=\"nav-tab-accordion \"><span>&#10093;<\/span><span> Muralla y Puerta del Castillo<\/span><\/button>\n\t\t\t\t\t\t\t\t\n\t\t\t\t\t\t\t\t\t<button class=\"nav-tab-accordion \"><span>&#10093;<\/span><span> Puente sobre el R\u00edo Esla<\/span><\/button>\n\t\t\t\t\t\t\t\t\n\t\t\t\t\t\t\t\t\t<button class=\"nav-tab-accordion \"><span>&#10093;<\/span><span> Ermita de Nuestra Se\u00f1ora de Gracia<\/span><\/button>\n\t\t\t\t\t\t\t\t\n\t\t\t\t\t\t\t<\/nav>\n\t\t\t\t\t\t<\/div>\n\n\t\t\t\t\t\t\n\t\t\t\t\t\t\t<div class=\"accordion__accordion-content \">\n\t\t\t\t\t\t\t\t<div>\n\t\t\t\t\t\t\t\t\t<div>\n\t\t\t\t\t\t\t\t\t\t<h4>Iglesia de Santa Mar\u00eda<\/h4>\n\t\t\t\t\t\t\t\t\t\t<p>Die Kirche Santa Maria wurde im 18. Jahrhundert an der Stelle einer alten Kirche aus dem 13. Jahrhundert erbaut und im Jahr 2002 restauriert, wodurch sie ihr heutiges Aussehen erhielt.\n\n<p>Das Gotteshaus hat einen basilikalen Grundriss, drei Schiffe mit Querschiff und eine Kuppel auf Pendentiven, die alle sehr gut erhalten sind. Sie verf\u00fcgt auch \u00fcber ein Presbyterium, durch das man Zugang zu den beiden Sakristeien und dem Chor hat, der \u00fcber dem Mittelschiff der Kirche angeordnet ist. <\/p>\n\n<p>Highlights im Inneren der Kirche sind das barocke Altarbild des Hochaltars aus dem 18. Jahrhundert und die sieben Flachreliefs aus dem 18. Jahrhundert.<\/p> <p>Im Inneren der Kirche befindet sich ein barockes Altarbild aus dem 18.\n\t\t\t\t\t\t\t\t\t<\/div>\n\t\t\t\t\t\t\t\t\t<img decoding=\"async\" src=\"https:\/\/cdn.pilgrim.es\/web\/caminos\/camino-frances\/pueblos\/mansilla-de-las-mulas\/puntos-de-interes\/iglesia-santa-maria.jpg\" alt=\"Iglesia de Santa Mar\u00eda\">\n\t\t\t\t\t\t\t\t<\/div>\n\t\t\t\t\t\t\t<\/div>\n\t\t\t\t\t\t\n\t\t\t\t\t\t\t<div class=\"accordion__accordion-content inactive\">\n\t\t\t\t\t\t\t\t<div>\n\t\t\t\t\t\t\t\t\t<div>\n\t\t\t\t\t\t\t\t\t\t<h4>Monumento al Peregrino<\/h4>\n\t\t\t\t\t\t\t\t\t\t<p>Das Pilgerdenkmal, das zu Ehren aller Pilger errichtet wurde, die durch die Stadt Mansilla de las Mulas zogen, wurde in Stein neben dem Burgtor errichtet. <\/p>\n\n<p>Es besteht aus drei menschlichen Figuren, die die Pilger symbolisieren und auf einem gestuften Sockel sitzen. In der Mitte befindet sich ein Kreuz mit den Darstellungen der Jungfrau und Christi.<\/p> <p>Es besteht aus drei menschlichen Figuren, die die Pilger symbolisieren und auf einem gestuften Sockel sitzen.\n\t\t\t\t\t\t\t\t\t<\/div>\n\t\t\t\t\t\t\t\t\t<img decoding=\"async\" src=\"https:\/\/cdn.pilgrim.es\/web\/caminos\/camino-frances\/pueblos\/mansilla-de-las-mulas\/puntos-de-interes\/monumento-peregrino.jpg\" alt=\"Monumento al Peregrino\">\n\t\t\t\t\t\t\t\t<\/div>\n\t\t\t\t\t\t\t<\/div>\n\t\t\t\t\t\t\n\t\t\t\t\t\t\t<div class=\"accordion__accordion-content inactive\">\n\t\t\t\t\t\t\t\t<div>\n\t\t\t\t\t\t\t\t\t<div>\n\t\t\t\t\t\t\t\t\t\t<h4>Muralla y Puerta del Castillo<\/h4>\n\t\t\t\t\t\t\t\t\t\t<p>Die Stadtmauer von Mansilla de las Mulas wurde vor 1181 neben dem Fluss Esla errichtet, als K\u00f6nig Fernando II. die Befestigung der Stadt anordnete, um die Sicherheit der Einwohner zu gew\u00e4hrleisten.<\/p> <p>Die Stadtmauer von Mansilla de las Mulas wurde vor 1181 neben dem Fluss Esla errichtet, als K\u00f6nig Fernando II. die Befestigung der Stadt anordnete, um die Sicherheit der Einwohner zu gew\u00e4hrleisten.\n\n<p>Im Gegensatz zu allen anderen Mauern Le\u00f3ns hatte diese ein festes Aussehen, denn die Mauern waren hoch und volumin\u00f6s. <\/p>\n\n<p>Heute sind von den vier Zugangstoren, die die Stadtmauer einst hatte, nur noch die Puerta de la Concepci\u00f3n und die Ruinen der Puerta del Castillo erhalten, die in der Mitte des Franz\u00f6sischen Weges liegen und die Pilger in die Stadt aufnehmen.\n\t\t\t\t\t\t\t\t\t<\/div>\n\t\t\t\t\t\t\t\t\t<img decoding=\"async\" src=\"https:\/\/cdn.pilgrim.es\/web\/caminos\/camino-frances\/pueblos\/mansilla-de-las-mulas\/puntos-de-interes\/muralla.jpg\" alt=\"Muralla y Puerta del Castillo\">\n\t\t\t\t\t\t\t\t<\/div>\n\t\t\t\t\t\t\t<\/div>\n\t\t\t\t\t\t\n\t\t\t\t\t\t\t<div class=\"accordion__accordion-content inactive\">\n\t\t\t\t\t\t\t\t<div>\n\t\t\t\t\t\t\t\t\t<div>\n\t\t\t\t\t\t\t\t\t\t<h4>Puente sobre el R\u00edo Esla<\/h4>\n\t\t\t\t\t\t\t\t\t\t<p>Die mittelalterliche Br\u00fccke \u00fcber den Fluss Esla, der durch Mansilla de las Mulas flie\u00dft, wurde 1573 mit acht Tonnengew\u00f6lben und einer L\u00e4nge von ca. 141 Metern wiederaufgebaut.\n\n<p>Sie liegt direkt an der Route des Franz\u00f6sischen Weges, was sie zu einem obligatorischen Halt f\u00fcr Pilger macht, die Mansilla de las Mulas auf ihrem Weg nach Le\u00f3n verlassen. <\/p>\n\t\t\t\t\t\t\t\t\t<\/div>\n\t\t\t\t\t\t\t\t\t<img decoding=\"async\" src=\"https:\/\/cdn.pilgrim.es\/web\/caminos\/camino-frances\/pueblos\/mansilla-de-las-mulas\/puntos-de-interes\/puente-rio-esla.jpg\" alt=\"Puente sobre el R\u00edo Esla\">\n\t\t\t\t\t\t\t\t<\/div>\n\t\t\t\t\t\t\t<\/div>\n\t\t\t\t\t\t\n\t\t\t\t\t\t\t<div class=\"accordion__accordion-content inactive\">\n\t\t\t\t\t\t\t\t<div>\n\t\t\t\t\t\t\t\t\t<div>\n\t\t\t\t\t\t\t\t\t\t<h4>Ermita de Nuestra Se\u00f1ora de Gracia<\/h4>\n\t\t\t\t\t\t\t\t\t\t<p>Die Eremitage Nuestra Se\u00f1ora de Gracias wurde im 13. Jahrhundert erbaut und 1898 wieder aufgebaut, nachdem sie durch einen Brand vollst\u00e4ndig zerst\u00f6rt worden war. <\/p>\n\n<p>Sie befindet sich in einem sehr guten Erhaltungszustand und f\u00e4llt durch ihre ockerfarbenen Farben und ihr rotes Mauerwerk auf. Das Geb\u00e4ude hat eine rechteckige Form mit einem einzigen Schiff und einem Glockenturm. Von au\u00dfen und innen fallen vor allem die Buntglasfenster auf, die zwar sehr schlichte Ornamente aufweisen, aber den Altar mit der Darstellung der Jungfrau der Gnade zusammen mit dem Jesuskind und einer Krone sehr hell erstrahlen lassen.\n\n<p>Die Kirche wird nicht mehr f\u00fcr religi\u00f6se Zwecke genutzt, au\u00dfer am 4. September, wenn die Wallfahrt zu Ehren der Virgen de Gracia stattfindet und eine gro\u00dfe Anzahl von Pilgern in das Gotteshaus str\u00f6mt.\n\t\t\t\t\t\t\t\t\t<\/div>\n\t\t\t\t\t\t\t\t\t<img decoding=\"async\" src=\"https:\/\/cdn.pilgrim.es\/web\/caminos\/camino-frances\/pueblos\/mansilla-de-las-mulas\/puntos-de-interes\/ermita-nuestra-senora-de-gracia.jpg\" alt=\"Ermita de Nuestra Se\u00f1ora de Gracia\">\n\t\t\t\t\t\t\t\t<\/div>\n\t\t\t\t\t\t\t<\/div>\n\t\t\t\t\t\t\n\t\t\t\t\t<\/div>\n\t\t\t\t<\/div>\n\t\t\t<\/div>\n\t\t\n\n\t\t<div id=\"phonesSection\">\n\t\t\t<div>\n\t\t\t\t<h2 class=\"p-h3-town\">Informationen von Interesse<\/h2>\n\t\t\t<\/div>\n\t\t\t<div class=\"grid\">\n\t\t\t\t\n\t\t\t\t\t<div class=\"phone-number-item\">\n\t\t\t\t\t\t<div class=\"phone-number-item__icon\"><i class=\"icon-police\"><\/i><\/div>\n\t\t\t\t\t\t<div class=\"phone-number-item__title\">\n\t\t\t\t\t\t\t<h3 class=\"p-font-bold\">Ortspolizei<\/h3>\n\t\t\t\t\t\t\t<p>112<\/p>\n\t\t\t\t\t\t\t\n\t\t\t\t\t\t<\/div>\n\t\t\t\t\t<\/div>\n\t\t\t\t\n\t\t\t\t\t<div class=\"phone-number-item\">\n\t\t\t\t\t\t<div class=\"phone-number-item__icon\"><i class=\"icon-spanish-military-police\"><\/i><\/div>\n\t\t\t\t\t\t<div class=\"phone-number-item__title\">\n\t\t\t\t\t\t\t<h3 class=\"p-font-bold\">Zivilwache<\/h3>\n\t\t\t\t\t\t\t<p>987 310 008<\/p>\n\t\t\t\t\t\t\t\n\t\t\t\t\t\t<\/div>\n\t\t\t\t\t<\/div>\n\t\t\t\t\n\t\t\t\t\t<div class=\"phone-number-item\">\n\t\t\t\t\t\t<div class=\"phone-number-item__icon\"><i class=\"icon-firefighters\"><\/i><\/div>\n\t\t\t\t\t\t<div class=\"phone-number-item__title\">\n\t\t\t\t\t\t\t<h3 class=\"p-font-bold\">Feuerwehr<\/h3>\n\t\t\t\t\t\t\t<p>112<\/p>\n\t\t\t\t\t\t\t\n\t\t\t\t\t\t<\/div>\n\t\t\t\t\t<\/div>\n\t\t\t\t\n\t\t\t\t\t<div class=\"phone-number-item\">\n\t\t\t\t\t\t<div class=\"phone-number-item__icon\"><i class=\"icon-civil-protection\"><\/i><\/div>\n\t\t\t\t\t\t<div class=\"phone-number-item__title\">\n\t\t\t\t\t\t\t<h3 class=\"p-font-bold\">Zivilschutz<\/h3>\n\t\t\t\t\t\t\t<p>112<\/p>\n\t\t\t\t\t\t\t\n\t\t\t\t\t\t<\/div>\n\t\t\t\t\t<\/div>\n\t\t\t\t\n\t\t\t\t\t<div class=\"phone-number-item\">\n\t\t\t\t\t\t<div class=\"phone-number-item__icon\"><i class=\"icon-town-council\"><\/i><\/div>\n\t\t\t\t\t\t<div class=\"phone-number-item__title\">\n\t\t\t\t\t\t\t<h3 class=\"p-font-bold\">Rathaus<\/h3>\n\t\t\t\t\t\t\t<p>987 311 800<\/p>\n\t\t\t\t\t\t\t\n\t\t\t\t\t\t<\/div>\n\t\t\t\t\t<\/div>\n\t\t\t\t\n\t\t\t\t\t<div class=\"phone-number-item\">\n\t\t\t\t\t\t<div class=\"phone-number-item__icon\"><i class=\"icon-hospital\"><\/i><\/div>\n\t\t\t\t\t\t<div class=\"phone-number-item__title\">\n\t\t\t\t\t\t\t<h3 class=\"p-font-bold\">Gesundheitszentrum<\/h3>\n\t\t\t\t\t\t\t<p>987 311 175<\/p>\n\t\t\t\t\t\t\t\n\t\t\t\t\t\t<\/div>\n\t\t\t\t\t<\/div>\n\t\t\t\t\n\t\t\t\t\t<div class=\"phone-number-item\">\n\t\t\t\t\t\t<div class=\"phone-number-item__icon\"><i class=\"icon-tourism\"><\/i><\/div>\n\t\t\t\t\t\t<div class=\"phone-number-item__title\">\n\t\t\t\t\t\t\t<h3 class=\"p-font-bold\">Fremdenverkehrsamt<\/h3>\n\t\t\t\t\t\t\t<p>987 310 012<\/p>\n\t\t\t\t\t\t\t\n\t\t\t\t\t\t\t\t<p>Plaza del pozo, 12<\/p>\n\t\t\t\t\t\t\t\n\t\t\t\t\t\t<\/div>\n\t\t\t\t\t<\/div>\n\t\t\t\t\n\t\t\t<\/div>\n\t\t<\/div>\n\n\t\t<div id=\"clientForm\">\n        <section>\n        <img decoding=\"async\" src=\"https:\/\/cdn.pilgrim.es\/web\/home\/email-contacto.png\" alt=\"contacto\">\n        <div>\n            <p>Wir senden dir deine Planung<\/p>\n            <p>Gib uns deine Daten an und erhalte die Planung deiner Reise per E-Mail <\/p>\n            <form method=\"post\" data-url=\"\/wp-admin\/admin-ajax.php\" id=\"planner--client\" class=\"flag-right form-client\">\n    <div class=\"form-data\">\n        <input name=\"form_id\" type=\"hidden\" value=\"Formulario Leads\">\n        <input name=\"type\" type=\"hidden\" value=\"planner_client\">\n        <input type=\"text\" name=\"nombre\" value=\"\" size=\"40\" class=\"form-control\" aria-required=\"true\" aria-invalid=\"false\" placeholder=\"Name\">\n        <input type=\"email\" name=\"email\" value=\"\" size=\"40\" class=\"form-control\" aria-required=\"true\" aria-invalid=\"false\" placeholder=\"E- Mail\">\n        <input type=\"text\" id=\"phone-input\" name=\"tel\" value=\"\" size=\"40\" class=\"phone-input form-control\" aria-required=\"true\" aria-invalid=\"false\" placeholder=\"Telefon\">\n        <input type=\"hidden\" name=\"telefono\">\n    <\/div>\n    <div class=\"form-checkbox\">\n        <span>\n            Pilgrim Travel, S.L. teilt gem\u00e4\u00df Regulierung 2016\/679 mit, dass die in diesem Formular verwendeten Daten sowohl f\u00fcr die Beantwortung der m\u00f6glichen Anfragen als auch f\u00fcr die Ver\u00f6ffentlichung der Kommentare verwendet werden, mit der Zustimmung des Nutzers. Sie k\u00f6nnen Ihre Rechte in \u00dcbereinstimmung mit unserer Datenschutzbestimmungen aus\u00fcben             <a href=\"https:\/\/www.pilgrim.es\/politica-de-privacidad\/\" target=\"_blank\" rel=\"noopener noreferrer nofollow\">Datenschutzerkl\u00e4rung.<\/a>\n        <\/span>\n    <\/div>\n\n    <div class=\"form-submit\">\n        <button id=\"planner--client-create\" type=\"submit\">Anfrage senden<\/button>\n        <div class=\"loadingDiv\"><i class=\"p-spinner\"><\/i><\/div>\n    <\/div>\n\n    <div class=\"contact-content-form-success\">\n        <p><i class=\"fas fa-check\"><\/i> Das Formular hat sich erfolgreich gesendet.<\/p>\n    <\/div>\n\n    <div class=\"contact-content-form-error\">\n        <span class=\"input-error\"><\/span>\n    <\/div>\n<\/form>        <\/div>\n    <\/section>\n<\/div>\n\n\t\t<div id=\"recomendationSection\">\n\t\t\t<div>\n\t\t\t\t<h2 class=\"p-h2-town\">Empfohlen<\/h2>\n\t\t\t\t<hr>\n\t\t\t\t<h3 class=\"p-h3-town\">Gastronomie<\/h3>\n\t\t\t<\/div>\n\t\t\tDie Gastronomie von Mansilla de las Mulas umfasst Kabeljau nach Mansilla-Art, Eintopf, W\u00fcrste, Kalbsbries, Kutteln, w\u00fcrziges Kaninchen und viele verschiedene Eint\u00f6pfe. Besonders hervorzuheben ist die Tomate, nicht nur, weil sie in vielen Gerichten als Beilage oder W\u00fcrze verwendet wird, sondern auch wegen ihrer hohen Qualit\u00e4t.\n\nBei den S\u00fc\u00dfwaren sind besonders die Rosquillas de palo, die Karnevalsohren, die Nisias und die Apretadientes zu erw\u00e4hnen. Schlie\u00dflich empfehlen wir Ihnen, die spektakul\u00e4re Limonade und die lokalen Weine zu probieren.\n\t\t<\/div>\n\n\n\t\t\n\t\t\t<div id=\"holidaysSection\">\n\t\t\t\t<div>\n\t\t\t\t\t<h2 class=\"p-h2-town\">Empfohlen<\/h2>\n\t\t\t\t\t<hr>\n\t\t\t\t\t<h3 class=\"p-h3-town\">Feste und Pilgerfahrten<\/h3>\n\t\t\t\t<\/div>\n\t\t\t\t<div class=\"grid holidays-grid\">\n\t\t\t\t\t\n\t\t\t\t\t\t<div>\n\t\t\t\t\t\t\t<div class=\"phone-number-item\">\n\t\t\t\t\t\t\t\t<div class=\"phone-number-item__icon\"><i class=\"icon-holiday\"><\/i><\/div>\n\t\t\t\t\t\t\t\t<div class=\"phone-number-item__title dark-text\">\n\t\t\t\t\t\t\t\t\t<p class=\"p-font-bold\">Lokaler Urlaub<\/p>\n\t\t\t\t\t\t\t\t\t<p>25 de Julio: Jornadas medievales<\/p>\n\t\t\t\t\t\t\t\t<\/div>\n\t\t\t\t\t\t\t<\/div>\n\t\t\t\t\t\t<\/div>\n\t\t\t\t\t\n\t\t\t\t\t\t<div>\n\t\t\t\t\t\t\t<div class=\"phone-number-item\">\n\t\t\t\t\t\t\t\t<div class=\"phone-number-item__icon\"><i class=\"icon-holiday\"><\/i><\/div>\n\t\t\t\t\t\t\t\t<div class=\"phone-number-item__title dark-text\">\n\t\t\t\t\t\t\t\t\t<p class=\"p-font-bold\">Lokaler Urlaub<\/p>\n\t\t\t\t\t\t\t\t\t<p>30 de Enero: Fiesta de Santa Eugenia<\/p>\n\t\t\t\t\t\t\t\t<\/div>\n\t\t\t\t\t\t\t<\/div>\n\t\t\t\t\t\t<\/div>\n\t\t\t\t\t\n\t\t\t\t\t\t<div>\n\t\t\t\t\t\t\t<div class=\"phone-number-item\">\n\t\t\t\t\t\t\t\t<div class=\"phone-number-item__icon\"><i class=\"icon-holiday\"><\/i><\/div>\n\t\t\t\t\t\t\t\t<div class=\"phone-number-item__title dark-text\">\n\t\t\t\t\t\t\t\t\t<p class=\"p-font-bold\">Lokaler Urlaub<\/p>\n\t\t\t\t\t\t\t\t\t<p>11 de Noviembre: Feria de San Mart\u00edn<\/p>\n\t\t\t\t\t\t\t\t<\/div>\n\t\t\t\t\t\t\t<\/div>\n\t\t\t\t\t\t<\/div>\n\t\t\t\t\t\n\t\t\t\t\t\t<div>\n\t\t\t\t\t\t\t<div class=\"phone-number-item\">\n\t\t\t\t\t\t\t\t<div class=\"phone-number-item__icon\"><i class=\"icon-holiday\"><\/i><\/div>\n\t\t\t\t\t\t\t\t<div class=\"phone-number-item__title dark-text\">\n\t\t\t\t\t\t\t\t\t<p class=\"p-font-bold\">Lokaler Urlaub<\/p>\n\t\t\t\t\t\t\t\t\t<p>\u00daltimo fin de semana de Agosto: Feria del tomate<\/p>\n\t\t\t\t\t\t\t\t<\/div>\n\t\t\t\t\t\t\t<\/div>\n\t\t\t\t\t\t<\/div>\n\t\t\t\t\t\n\t\t\t\t\t\t<div>\n\t\t\t\t\t\t\t<div class=\"phone-number-item\">\n\t\t\t\t\t\t\t\t<div class=\"phone-number-item__icon\"><i class=\"icon-holiday\"><\/i><\/div>\n\t\t\t\t\t\t\t\t<div class=\"phone-number-item__title dark-text\">\n\t\t\t\t\t\t\t\t\t<p class=\"p-font-bold\">Lokaler Urlaub<\/p>\n\t\t\t\t\t\t\t\t\t<p>Primer domingo de Septiembre: Fiesta de la Virgen de la Gracia<\/p>\n\t\t\t\t\t\t\t\t<\/div>\n\t\t\t\t\t\t\t<\/div>\n\t\t\t\t\t\t<\/div>\n\t\t\t\t\t\n\t\t\t\t<\/div>\n\t\t\t<\/div>\n\t\t\n\t<\/div>\n<\/section>\n\n<div id=\"stage_list_section\"><div class=\"stage-list\">\n    <div class='stage-list__map-card'>\n        <div class='stage-list__map-card__map'>\n            <div class='stage-list__map-card__map__text'>\n                <h2> Pages <\/h2>\n                <p> Zu Fu\u00df<\/p>\n                <p> 0etappen<\/p>\n            <\/div>\n            <div class='stage-list__map-card__map__img'>\n                <img decoding=\"async\" src=\"\" alt=\" mapa \" \/>\n            <\/div>\n        <\/div>\n    <\/div>\n\n    <\/div>\n<\/div> ","protected":false},"excerpt":{"rendered":"<p>Mansilla de las Mulas &#8249; Zur\u00fcck zur B\u00fchne Mansilla de las Mulas Einwohner: 1.085 aprox. Bundesland: Le\u00f3n Informationen Get to know Mansilla de las Mulas Diese kleine Stadt in der Provinz Le\u00f3n liegt am Fluss Esla, der Legende nach war dieser Fluss urspr\u00fcnglich der Fluss Astura, der den Asturiern ihren Namen gab. Sie besiedelten einen &hellip; <\/p>\n<p class=\"read_more\"><a href=\"https:\/\/www.pilgrim.es\/de\/franzosischer-weg\/mansilla-de-las-mulas\/\">Leer m\u00e1s<\/a><\/p>\n","protected":false},"author":0,"featured_media":6214,"parent":10659,"menu_order":0,"comment_status":"closed","ping_status":"closed","template":"views\/template-new-web-design.blade.php","meta":{"footnotes":""},"categories":[],"tags":[],"class_list":["post-91099","page","type-page","status-publish","has-post-thumbnail","hentry"],"yoast_head":"<!-- This site is optimized with the Yoast SEO plugin v27.4 - https:\/\/yoast.com\/product\/yoast-seo-wordpress\/ -->\n<title>Mansilla de las Mulas: Was sehen und wo \u00fcbernachten | Jakobsweg | Pilgrim<\/title>\n<meta name=\"description\" content=\"Mansilla de las Mulas Entdecken Sie alle Informationen \u00fcber Unterk\u00fcnfte, Anreise, Gastronomie und die wichtigsten Sehensw\u00fcrdigkeiten der Orte am Franz\u00f6sischer Weg\" \/>\n<meta name=\"robots\" content=\"index, follow, max-snippet:-1, max-image-preview:large, max-video-preview:-1\" \/>\n<link rel=\"canonical\" href=\"https:\/\/www.pilgrim.es\/de\/franzosischer-weg\/mansilla-de-las-mulas\/\" \/>\n<meta property=\"og:locale\" content=\"de_DE\" \/>\n<meta property=\"og:type\" content=\"article\" \/>\n<meta property=\"og:title\" content=\"Mansilla de las Mulas: Was sehen und wo \u00fcbernachten | Jakobsweg | Pilgrim\" \/>\n<meta property=\"og:description\" content=\"Mansilla de las Mulas Entdecken Sie alle Informationen \u00fcber Unterk\u00fcnfte, Anreise, Gastronomie und die wichtigsten Sehensw\u00fcrdigkeiten der Orte am Franz\u00f6sischer Weg\" \/>\n<meta property=\"og:url\" content=\"https:\/\/www.pilgrim.es\/de\/franzosischer-weg\/mansilla-de-las-mulas\/\" \/>\n<meta property=\"og:site_name\" content=\"Pilgrim\" \/>\n<meta property=\"article:publisher\" content=\"https:\/\/www.facebook.com\/pilgrim.es\/\" \/>\n<meta property=\"og:image\" content=\"https:\/\/www.pilgrim.es\/wp-content\/uploads\/2019\/02\/mansilla-de-las-mulas2.jpg\" \/>\n\t<meta property=\"og:image:width\" content=\"1024\" \/>\n\t<meta property=\"og:image:height\" content=\"685\" \/>\n\t<meta property=\"og:image:type\" content=\"image\/jpeg\" \/>\n<meta name=\"twitter:card\" content=\"summary_large_image\" \/>\n<meta name=\"twitter:site\" content=\"@pilgrim_es\" \/>\n<meta name=\"twitter:label1\" content=\"Gesch\u00e4tzte Lesezeit\" \/>\n\t<meta name=\"twitter:data1\" content=\"5\u00a0Minuten\" \/>\n<script type=\"application\/ld+json\" class=\"yoast-schema-graph\">{\"@context\":\"https:\\\/\\\/schema.org\",\"@graph\":[{\"@type\":\"WebPage\",\"@id\":\"https:\\\/\\\/www.pilgrim.es\\\/de\\\/franzosischer-weg\\\/mansilla-de-las-mulas\\\/\",\"url\":\"https:\\\/\\\/www.pilgrim.es\\\/de\\\/franzosischer-weg\\\/mansilla-de-las-mulas\\\/\",\"name\":\"Mansilla de las Mulas: Was sehen und wo \u00fcbernachten | Jakobsweg | Pilgrim\",\"isPartOf\":{\"@id\":\"https:\\\/\\\/www.pilgrim.es\\\/de\\\/#website\"},\"primaryImageOfPage\":{\"@id\":\"https:\\\/\\\/www.pilgrim.es\\\/de\\\/franzosischer-weg\\\/mansilla-de-las-mulas\\\/#primaryimage\"},\"image\":{\"@id\":\"https:\\\/\\\/www.pilgrim.es\\\/de\\\/franzosischer-weg\\\/mansilla-de-las-mulas\\\/#primaryimage\"},\"thumbnailUrl\":\"https:\\\/\\\/www.pilgrim.es\\\/wp-content\\\/uploads\\\/2019\\\/02\\\/mansilla-de-las-mulas2.jpg\",\"datePublished\":\"2025-03-17T13:18:46+00:00\",\"description\":\"Mansilla de las Mulas Entdecken Sie alle Informationen \u00fcber Unterk\u00fcnfte, Anreise, Gastronomie und die wichtigsten Sehensw\u00fcrdigkeiten der Orte am Franz\u00f6sischer Weg\",\"breadcrumb\":{\"@id\":\"https:\\\/\\\/www.pilgrim.es\\\/de\\\/franzosischer-weg\\\/mansilla-de-las-mulas\\\/#breadcrumb\"},\"inLanguage\":\"de\",\"potentialAction\":[{\"@type\":\"ReadAction\",\"target\":[\"https:\\\/\\\/www.pilgrim.es\\\/de\\\/franzosischer-weg\\\/mansilla-de-las-mulas\\\/\"]}]},{\"@type\":\"ImageObject\",\"inLanguage\":\"de\",\"@id\":\"https:\\\/\\\/www.pilgrim.es\\\/de\\\/franzosischer-weg\\\/mansilla-de-las-mulas\\\/#primaryimage\",\"url\":\"https:\\\/\\\/www.pilgrim.es\\\/wp-content\\\/uploads\\\/2019\\\/02\\\/mansilla-de-las-mulas2.jpg\",\"contentUrl\":\"https:\\\/\\\/www.pilgrim.es\\\/wp-content\\\/uploads\\\/2019\\\/02\\\/mansilla-de-las-mulas2.jpg\",\"width\":1024,\"height\":685,\"caption\":\"Mansilla de las Mulas\"},{\"@type\":\"BreadcrumbList\",\"@id\":\"https:\\\/\\\/www.pilgrim.es\\\/de\\\/franzosischer-weg\\\/mansilla-de-las-mulas\\\/#breadcrumb\",\"itemListElement\":[{\"@type\":\"ListItem\",\"position\":1,\"name\":\"Camino de Santiago\",\"item\":\"https:\\\/\\\/www.pilgrim.es\\\/de\\\/\"},{\"@type\":\"ListItem\",\"position\":2,\"name\":\"Franz\u00f6sischer Weg\",\"item\":\"https:\\\/\\\/www.pilgrim.es\\\/de\\\/franzosischer-weg\\\/\"},{\"@type\":\"ListItem\",\"position\":3,\"name\":\"Mansilla de las Mulas\"}]},{\"@type\":\"WebSite\",\"@id\":\"https:\\\/\\\/www.pilgrim.es\\\/de\\\/#website\",\"url\":\"https:\\\/\\\/www.pilgrim.es\\\/de\\\/\",\"name\":\"Pilgrim\",\"description\":\"Camino de Santiago | Caminamos Contigo\",\"publisher\":{\"@id\":\"https:\\\/\\\/www.pilgrim.es\\\/de\\\/#organization\"},\"potentialAction\":[{\"@type\":\"SearchAction\",\"target\":{\"@type\":\"EntryPoint\",\"urlTemplate\":\"https:\\\/\\\/www.pilgrim.es\\\/de\\\/?s={search_term_string}\"},\"query-input\":{\"@type\":\"PropertyValueSpecification\",\"valueRequired\":true,\"valueName\":\"search_term_string\"}}],\"inLanguage\":\"de\"},{\"@type\":\"Organization\",\"@id\":\"https:\\\/\\\/www.pilgrim.es\\\/de\\\/#organization\",\"name\":\"Pilgrim Camino de Santiago\",\"url\":\"https:\\\/\\\/www.pilgrim.es\\\/de\\\/\",\"logo\":{\"@type\":\"ImageObject\",\"inLanguage\":\"de\",\"@id\":\"https:\\\/\\\/www.pilgrim.es\\\/de\\\/#\\\/schema\\\/logo\\\/image\\\/\",\"url\":\"https:\\\/\\\/www.pilgrim.es\\\/wp-content\\\/uploads\\\/2019\\\/04\\\/logo_pilgrim.png\",\"contentUrl\":\"https:\\\/\\\/www.pilgrim.es\\\/wp-content\\\/uploads\\\/2019\\\/04\\\/logo_pilgrim.png\",\"width\":512,\"height\":512,\"caption\":\"Pilgrim Camino de Santiago\"},\"image\":{\"@id\":\"https:\\\/\\\/www.pilgrim.es\\\/de\\\/#\\\/schema\\\/logo\\\/image\\\/\"},\"sameAs\":[\"https:\\\/\\\/www.facebook.com\\\/pilgrim.es\\\/\",\"https:\\\/\\\/x.com\\\/pilgrim_es\",\"https:\\\/\\\/www.instagram.com\\\/pilgrim.es\\\/\",\"https:\\\/\\\/www.linkedin.com\\\/company\\\/pilgrim-camino-de-santiago\\\/\",\"https:\\\/\\\/www.pinterest.es\\\/pilgrimcaminodesantiago\\\/\",\"https:\\\/\\\/www.youtube.com\\\/channel\\\/UCIv2ZzFLXVqthkNF32rKedw\\\/featured\"]}]}<\/script>\n<!-- \/ Yoast SEO plugin. -->","yoast_head_json":{"title":"Mansilla de las Mulas: Was sehen und wo \u00fcbernachten | Jakobsweg | Pilgrim","description":"Mansilla de las Mulas Entdecken Sie alle Informationen \u00fcber Unterk\u00fcnfte, Anreise, Gastronomie und die wichtigsten Sehensw\u00fcrdigkeiten der Orte am Franz\u00f6sischer Weg","robots":{"index":"index","follow":"follow","max-snippet":"max-snippet:-1","max-image-preview":"max-image-preview:large","max-video-preview":"max-video-preview:-1"},"canonical":"https:\/\/www.pilgrim.es\/de\/franzosischer-weg\/mansilla-de-las-mulas\/","og_locale":"de_DE","og_type":"article","og_title":"Mansilla de las Mulas: Was sehen und wo \u00fcbernachten | Jakobsweg | Pilgrim","og_description":"Mansilla de las Mulas Entdecken Sie alle Informationen \u00fcber Unterk\u00fcnfte, Anreise, Gastronomie und die wichtigsten Sehensw\u00fcrdigkeiten der Orte am Franz\u00f6sischer Weg","og_url":"https:\/\/www.pilgrim.es\/de\/franzosischer-weg\/mansilla-de-las-mulas\/","og_site_name":"Pilgrim","article_publisher":"https:\/\/www.facebook.com\/pilgrim.es\/","og_image":[{"width":1024,"height":685,"url":"https:\/\/www.pilgrim.es\/wp-content\/uploads\/2019\/02\/mansilla-de-las-mulas2.jpg","type":"image\/jpeg"}],"twitter_card":"summary_large_image","twitter_site":"@pilgrim_es","twitter_misc":{"Gesch\u00e4tzte Lesezeit":"5\u00a0Minuten"},"schema":{"@context":"https:\/\/schema.org","@graph":[{"@type":"WebPage","@id":"https:\/\/www.pilgrim.es\/de\/franzosischer-weg\/mansilla-de-las-mulas\/","url":"https:\/\/www.pilgrim.es\/de\/franzosischer-weg\/mansilla-de-las-mulas\/","name":"Mansilla de las Mulas: Was sehen und wo \u00fcbernachten | Jakobsweg | Pilgrim","isPartOf":{"@id":"https:\/\/www.pilgrim.es\/de\/#website"},"primaryImageOfPage":{"@id":"https:\/\/www.pilgrim.es\/de\/franzosischer-weg\/mansilla-de-las-mulas\/#primaryimage"},"image":{"@id":"https:\/\/www.pilgrim.es\/de\/franzosischer-weg\/mansilla-de-las-mulas\/#primaryimage"},"thumbnailUrl":"https:\/\/www.pilgrim.es\/wp-content\/uploads\/2019\/02\/mansilla-de-las-mulas2.jpg","datePublished":"2025-03-17T13:18:46+00:00","description":"Mansilla de las Mulas Entdecken Sie alle Informationen \u00fcber Unterk\u00fcnfte, Anreise, Gastronomie und die wichtigsten Sehensw\u00fcrdigkeiten der Orte am Franz\u00f6sischer Weg","breadcrumb":{"@id":"https:\/\/www.pilgrim.es\/de\/franzosischer-weg\/mansilla-de-las-mulas\/#breadcrumb"},"inLanguage":"de","potentialAction":[{"@type":"ReadAction","target":["https:\/\/www.pilgrim.es\/de\/franzosischer-weg\/mansilla-de-las-mulas\/"]}]},{"@type":"ImageObject","inLanguage":"de","@id":"https:\/\/www.pilgrim.es\/de\/franzosischer-weg\/mansilla-de-las-mulas\/#primaryimage","url":"https:\/\/www.pilgrim.es\/wp-content\/uploads\/2019\/02\/mansilla-de-las-mulas2.jpg","contentUrl":"https:\/\/www.pilgrim.es\/wp-content\/uploads\/2019\/02\/mansilla-de-las-mulas2.jpg","width":1024,"height":685,"caption":"Mansilla de las Mulas"},{"@type":"BreadcrumbList","@id":"https:\/\/www.pilgrim.es\/de\/franzosischer-weg\/mansilla-de-las-mulas\/#breadcrumb","itemListElement":[{"@type":"ListItem","position":1,"name":"Camino de Santiago","item":"https:\/\/www.pilgrim.es\/de\/"},{"@type":"ListItem","position":2,"name":"Franz\u00f6sischer Weg","item":"https:\/\/www.pilgrim.es\/de\/franzosischer-weg\/"},{"@type":"ListItem","position":3,"name":"Mansilla de las Mulas"}]},{"@type":"WebSite","@id":"https:\/\/www.pilgrim.es\/de\/#website","url":"https:\/\/www.pilgrim.es\/de\/","name":"Pilgrim","description":"Camino de Santiago | Caminamos Contigo","publisher":{"@id":"https:\/\/www.pilgrim.es\/de\/#organization"},"potentialAction":[{"@type":"SearchAction","target":{"@type":"EntryPoint","urlTemplate":"https:\/\/www.pilgrim.es\/de\/?s={search_term_string}"},"query-input":{"@type":"PropertyValueSpecification","valueRequired":true,"valueName":"search_term_string"}}],"inLanguage":"de"},{"@type":"Organization","@id":"https:\/\/www.pilgrim.es\/de\/#organization","name":"Pilgrim Camino de Santiago","url":"https:\/\/www.pilgrim.es\/de\/","logo":{"@type":"ImageObject","inLanguage":"de","@id":"https:\/\/www.pilgrim.es\/de\/#\/schema\/logo\/image\/","url":"https:\/\/www.pilgrim.es\/wp-content\/uploads\/2019\/04\/logo_pilgrim.png","contentUrl":"https:\/\/www.pilgrim.es\/wp-content\/uploads\/2019\/04\/logo_pilgrim.png","width":512,"height":512,"caption":"Pilgrim Camino de Santiago"},"image":{"@id":"https:\/\/www.pilgrim.es\/de\/#\/schema\/logo\/image\/"},"sameAs":["https:\/\/www.facebook.com\/pilgrim.es\/","https:\/\/x.com\/pilgrim_es","https:\/\/www.instagram.com\/pilgrim.es\/","https:\/\/www.linkedin.com\/company\/pilgrim-camino-de-santiago\/","https:\/\/www.pinterest.es\/pilgrimcaminodesantiago\/","https:\/\/www.youtube.com\/channel\/UCIv2ZzFLXVqthkNF32rKedw\/featured"]}]}},"_links":{"self":[{"href":"https:\/\/www.pilgrim.es\/de\/wp-json\/wp\/v2\/pages\/91099","targetHints":{"allow":["GET"]}}],"collection":[{"href":"https:\/\/www.pilgrim.es\/de\/wp-json\/wp\/v2\/pages"}],"about":[{"href":"https:\/\/www.pilgrim.es\/de\/wp-json\/wp\/v2\/types\/page"}],"replies":[{"embeddable":true,"href":"https:\/\/www.pilgrim.es\/de\/wp-json\/wp\/v2\/comments?post=91099"}],"version-history":[{"count":0,"href":"https:\/\/www.pilgrim.es\/de\/wp-json\/wp\/v2\/pages\/91099\/revisions"}],"up":[{"embeddable":true,"href":"https:\/\/www.pilgrim.es\/de\/wp-json\/wp\/v2\/pages\/10659"}],"wp:featuredmedia":[{"embeddable":true,"href":"https:\/\/www.pilgrim.es\/de\/wp-json\/wp\/v2\/media\/6214"}],"wp:attachment":[{"href":"https:\/\/www.pilgrim.es\/de\/wp-json\/wp\/v2\/media?parent=91099"}],"wp:term":[{"taxonomy":"category","embeddable":true,"href":"https:\/\/www.pilgrim.es\/de\/wp-json\/wp\/v2\/categories?post=91099"},{"taxonomy":"post_tag","embeddable":true,"href":"https:\/\/www.pilgrim.es\/de\/wp-json\/wp\/v2\/tags?post=91099"}],"curies":[{"name":"wp","href":"https:\/\/api.w.org\/{rel}","templated":true}]}}