{"id":91087,"date":"2025-03-17T13:17:08","date_gmt":"2025-03-17T13:17:08","guid":{"rendered":"https:\/\/www.pilgrim.es\/franzosischer-weg\/carrion-de-los-condes\/"},"modified":"2025-03-17T13:17:08","modified_gmt":"2025-03-17T13:17:08","slug":"carrion-de-los-condes","status":"publish","type":"page","link":"https:\/\/www.pilgrim.es\/de\/franzosischer-weg\/carrion-de-los-condes\/","title":{"rendered":"Carri\u00f3n de los Condes"},"content":{"rendered":" <section id=\"hero\">\n\t<h1>Carri\u00f3n de los Condes<\/h1>\n\t<div class=\"hero-grid\">\n\t\t<div class=\"hero-grid__town-col\" data-background=\"https:\/\/cdn.pilgrim.es\/web\/caminos\/camino-frances\/pueblos\/carrion-de-los-condes\/carrion-de-los-condes.jpg\">\n\t\t\t<div>\n\t\t\t\t<a class=\"link-to-stage\" href=\"https:\/\/www.pilgrim.es\/camino-frances\/etapa-16-fromista-carrion-de-los-condes\/\">\n\t\t\t\t\t<p>&#8249; Zur\u00fcck zur B\u00fchne<\/p>\n\t\t\t\t<\/a>\n\n\t\t\t\t<div class=\"town-data\">\n\t\t\t\t\t<h2>Carri\u00f3n de los Condes<\/h2>\n\t\t\t\t\t<ul>\n\t\t\t\t\t\t<li>Einwohner: 2.198 aprox.<\/li>\n\t\t\t\t\t\t<li>Bundesland: Palencia<\/li>\n\t\t\t\t\t<\/ul>\n\t\t\t\t<\/div>\n\t\t\t<\/div>\n\t\t<\/div>\n\t\t<div class=\"hero-grid__planner-col\"><div\r\n  class=\"p-col-span-1 p-rounded-lg p-px-5 p-h-full\"\r\n  style=\"background-image: url('https:\/\/cdn.pilgrim.es\/web\/pilgrim-planner\/bg-plugin-planificador.webp')\"\r\n  rel=\"preload\"\r\n  fetchpriority=\"high\"\r\n  >\r\n    <div class=\"p-text-center p-pt-5 p-text-white p-text-2xl p-font-semibold\">\r\n      Plane deinen Weg    <\/div>\r\n    <div\r\n            id='primary-app'\r\n            data-name='banner'\r\n            data-api='https:\/\/pathfinder.pilgrim.es\/api\/pathfinder\/v2'\r\n            data-mode='normal'\r\n            data-lang='de'\r\n            data-route='1'\r\n            data-destiny='https:\/\/planificador.pilgrim.es'\r\n            data-modality='1'\r\n            data-inline=''\r\n        ><\/div><\/div><\/div>\n\t<\/div>\n<\/section>\n\n<section id=\"infoTown\">\n\t<div class=\"sections-town\">\n\n\t\t<div id=\"informationSection\">\n\t\t\t<div>\n\t\t\t\t<h2 class=\"p-h2-town\">Informationen<\/h2>\n\t\t\t\t<hr>\n\t\t\t\t<h3 class=\"p-h3-town\">Get to know Carri\u00f3n de los Condes<\/h3>\n\t\t\t<\/div>\n\t\t\t<p>Carri\u00f3n de los Condes ist eine kleine Stadt mit einer sehr bedeutenden Vergangenheit, so dass sie die Heimat so wichtiger historischer Pers\u00f6nlichkeiten wie der Retes, der Infantes de Carri\u00f3n und des Marquis von Santillana wurde.<\/p> <p>An diesem Ende der Etappe finden die Pilger alle Dienstleistungen, die sie ben\u00f6tigen.<\/p> <p>\n\t\t<\/div>\n\n\t\t<div id=\"locationSection\">\n\t\t\t<div>\n\t\t\t\t<h2 class=\"p-h2-town\">Standort<\/h2>\n\t\t\t\t<hr>\n\t\t\t\t<h3 class=\"p-h3-town\">Wegbeschreibung<\/h3>\n\t\t\t<\/div>\n\t\t\t<p>Mit dem Auto erreicht man Carri\u00f3n de los Condes am besten \u00fcber Palencia und von dort aus \u00fcber die CL-615. Nach 40 km erreicht man das Zentrum des Dorfes. Eine andere M\u00f6glichkeit ist, von Burgos aus \u00fcber die A-231 oder von Le\u00f3n aus \u00fcber dieselbe Stra\u00dfe in die entgegengesetzte Richtung zu fahren.\n\n<p>Die andere Alternative w\u00e4re, eine dieser drei gro\u00dfen St\u00e4dte (Burgos, Le\u00f3n und Palencia) entweder mit dem Auto, dem Bus oder dem Zug zu erreichen und von dort mit dem Bus nach Carri\u00f3n de los Condes zu fahren. Von Palencia aus bietet das Unternehmen AJA t\u00e4gliche Linien mit verschiedenen Fahrpl\u00e4nen in beide Richtungen an. Von Burgos aus f\u00e4hrt die Gesellschaft ALSA mit einem t\u00e4glichen Bus. Von Le\u00f3n aus bietet dieses Unternehmen ebenfalls eine t\u00e4gliche Busverbindung an, au\u00dfer an Samstagen, an denen kein Bus verkehrt.\n\t\t\t<div>\n\t\t\t\t<div>\n  <iframe loading=\"lazy\"\n    src=\"https:\/\/www.google.com\/maps\/d\/embed?mid=1EHRSygUNLoO_P5tW9j2JGXqS6bxu8RQ&amp;ehbc=2E312F\"\n    width=\"640\"\n    height=\"480\"\n    alt=\"Mapa Carri\u00f3n de los Condes\"\n  ><\/iframe>\n<\/div>\n\n\t\t\t<\/div>\n\t\t<\/div>\n\n\t\t\n\t\t\t<div id=\"toVisitSection\">\n\t\t\t\t<div>\n\t\t\t\t\t<h2 class=\"p-h2-town\">Geschichte \/ Kultur<\/h2>\n\t\t\t\t\t<hr>\n\t\t\t\t\t<h3 class=\"p-h3-town\">Was es zu sehen gibt<\/h3>\n\t\t\t\t<\/div>\n\t\t\t\t<div>\n\t\t\t\t\t<div class=\"accordion\">\n\t\t\t\t\t\t<div class=\"accordion__menu\">\n\t\t\t\t\t\t\t<nav>\n\t\t\t\t\t\t\t\t\n\t\t\t\t\t\t\t\t\t<button class=\"nav-tab-accordion active\"><span>&#10093;<\/span><span> Iglesia San Juli\u00e1n<\/span><\/button>\n\t\t\t\t\t\t\t\t\n\t\t\t\t\t\t\t\t\t<button class=\"nav-tab-accordion \"><span>&#10093;<\/span><span> Casa del \u00c1guila<\/span><\/button>\n\t\t\t\t\t\t\t\t\n\t\t\t\t\t\t\t\t\t<button class=\"nav-tab-accordion \"><span>&#10093;<\/span><span> Puente Mayor<\/span><\/button>\n\t\t\t\t\t\t\t\t\n\t\t\t\t\t\t\t\t\t<button class=\"nav-tab-accordion \"><span>&#10093;<\/span><span> Ermita de la Piedad<\/span><\/button>\n\t\t\t\t\t\t\t\t\n\t\t\t\t\t\t\t\t\t<button class=\"nav-tab-accordion \"><span>&#10093;<\/span><span> Real Monasterio de San Zoilo<\/span><\/button>\n\t\t\t\t\t\t\t\t\n\t\t\t\t\t\t\t\t\t<button class=\"nav-tab-accordion \"><span>&#10093;<\/span><span> Museo de Santiago<\/span><\/button>\n\t\t\t\t\t\t\t\t\n\t\t\t\t\t\t\t\t\t<button class=\"nav-tab-accordion \"><span>&#10093;<\/span><span> Monasterio de San Francisco<\/span><\/button>\n\t\t\t\t\t\t\t\t\n\t\t\t\t\t\t\t\t\t<button class=\"nav-tab-accordion \"><span>&#10093;<\/span><span> La Inmaculada Concepci\u00f3n<\/span><\/button>\n\t\t\t\t\t\t\t\t\n\t\t\t\t\t\t\t\t\t<button class=\"nav-tab-accordion \"><span>&#10093;<\/span><span> Iglesia de Santiago<\/span><\/button>\n\t\t\t\t\t\t\t\t\n\t\t\t\t\t\t\t\t\t<button class=\"nav-tab-accordion \"><span>&#10093;<\/span><span> Iglesia de Santa Mar\u00eda del Camino<\/span><\/button>\n\t\t\t\t\t\t\t\t\n\t\t\t\t\t\t\t\t\t<button class=\"nav-tab-accordion \"><span>&#10093;<\/span><span> Iglesia de Santa Clara<\/span><\/button>\n\t\t\t\t\t\t\t\t\n\t\t\t\t\t\t\t\t\t<button class=\"nav-tab-accordion \"><span>&#10093;<\/span><span> Museo de Santa Clara<\/span><\/button>\n\t\t\t\t\t\t\t\t\n\t\t\t\t\t\t\t\t\t<button class=\"nav-tab-accordion \"><span>&#10093;<\/span><span> Casa de los Gir\u00f3n<\/span><\/button>\n\t\t\t\t\t\t\t\t\n\t\t\t\t\t\t\t\t\t<button class=\"nav-tab-accordion \"><span>&#10093;<\/span><span> Casa del Marqu\u00e9s de Santillana<\/span><\/button>\n\t\t\t\t\t\t\t\t\n\t\t\t\t\t\t\t\t\t<button class=\"nav-tab-accordion \"><span>&#10093;<\/span><span> Iglesia de Nuestra Se\u00f1ora de Bel\u00e9n<\/span><\/button>\n\t\t\t\t\t\t\t\t\n\t\t\t\t\t\t\t\t\t<button class=\"nav-tab-accordion \"><span>&#10093;<\/span><span> Casa de la Cultura<\/span><\/button>\n\t\t\t\t\t\t\t\t\n\t\t\t\t\t\t\t\t\t<button class=\"nav-tab-accordion \"><span>&#10093;<\/span><span> Casa de la Calle Padre Gil<\/span><\/button>\n\t\t\t\t\t\t\t\t\n\t\t\t\t\t\t\t\t\t<button class=\"nav-tab-accordion \"><span>&#10093;<\/span><span> Iglesia de San Andr\u00e9s Ap\u00f3stol<\/span><\/button>\n\t\t\t\t\t\t\t\t\n\t\t\t\t\t\t\t\t\t<button class=\"nav-tab-accordion \"><span>&#10093;<\/span><span> Convento Hijas de la Caridad<\/span><\/button>\n\t\t\t\t\t\t\t\t\n\t\t\t\t\t\t\t\t\t<button class=\"nav-tab-accordion \"><span>&#10093;<\/span><span> Convento de la Sant\u00edsima Trinidad<\/span><\/button>\n\t\t\t\t\t\t\t\t\n\t\t\t\t\t\t\t\t\t<button class=\"nav-tab-accordion \"><span>&#10093;<\/span><span> San Juli\u00e1n de Cestillos<\/span><\/button>\n\t\t\t\t\t\t\t\t\n\t\t\t\t\t\t\t\t\t<button class=\"nav-tab-accordion \"><span>&#10093;<\/span><span> Real Monasterio de Santa Clara<\/span><\/button>\n\t\t\t\t\t\t\t\t\n\t\t\t\t\t\t\t<\/nav>\n\t\t\t\t\t\t<\/div>\n\n\t\t\t\t\t\t\n\t\t\t\t\t\t\t<div class=\"accordion__accordion-content \">\n\t\t\t\t\t\t\t\t<div>\n\t\t\t\t\t\t\t\t\t<div>\n\t\t\t\t\t\t\t\t\t\t<h4>Iglesia San Juli\u00e1n<\/h4>\n\t\t\t\t\t\t\t\t\t\t<p>Die Kirche San Juli\u00e1n hat ein einziges Schiff mit dem Grundriss eines lateinischen Kreuzes und ist aus Backstein gebaut. Sie wurde im 16. und 17. Jahrhundert vollst\u00e4ndig restauriert, so dass die Fassade vom Ende des 16. Jahrhunderts erhalten blieb, mit zwei Wappen und einer Nische mit einer Holzschnitzerei des Heiligen Julian auf einem Sockel, auf dem zu lesen ist: &#8222;\u00c1NGEL DE BERRIO PATRONO DE S. JULIAN&#8220; (ANGEL DE BERRIO PATRONO DE S. JULIAN). <\/p>\n\n<p>Das Innere ist von einem Tonnengew\u00f6lbe mit L\u00fcnetten und einer Kuppel \u00fcber dem Querschiff bedeckt, an dessen Seiten das Wappen des Markgrafen von Villasante angebracht wurde. Die Kirche besitzt auch den sch\u00f6nsten barocken Altaraufsatz der Stadt, mit Skulpturen von Pedro del Mazo V\u00e9lez aus dem Jahr 1706. <\/p>\n\t\t\t\t\t\t\t\t\t<\/div>\n\t\t\t\t\t\t\t\t\t<img decoding=\"async\" src=\"https:\/\/cdn.pilgrim.es\/web\/caminos\/camino-frances\/pueblos\/carrion-de-los-condes\/puntos-de-interes\/iglesia-san-julian.jpg\" alt=\"Iglesia San Juli\u00e1n\">\n\t\t\t\t\t\t\t\t<\/div>\n\t\t\t\t\t\t\t<\/div>\n\t\t\t\t\t\t\n\t\t\t\t\t\t\t<div class=\"accordion__accordion-content inactive\">\n\t\t\t\t\t\t\t\t<div>\n\t\t\t\t\t\t\t\t\t<div>\n\t\t\t\t\t\t\t\t\t\t<h4>Casa del \u00c1guila<\/h4>\n\t\t\t\t\t\t\t\t\t\t<p>Das Casa del \u00c1guila gilt als ein Palasthaus, das der Familie Velasco geh\u00f6rte. Es war das Geburtshaus von Don Luis de Velasco, dem zweiten Vizek\u00f6nig von Neuspanien, und seinem Sohn, der Vizek\u00f6nig von Peru und Neuspanien wurde. <\/p>\n\n<p>Es war eines der \u00e4ltesten zivilen Geb\u00e4ude der Stadt, aber da es viele Jahre lang verschlossen und vernachl\u00e4ssigt war, wurde es 1999 mit Ausnahme der Fassade vollst\u00e4ndig zerst\u00f6rt, um es von Grund auf neu zu errichten. <\/p>\n\t\t\t\t\t\t\t\t\t<\/div>\n\t\t\t\t\t\t\t\t\t<img decoding=\"async\" src=\"https:\/\/cdn.pilgrim.es\/web\/caminos\/camino-frances\/pueblos\/carrion-de-los-condes\/puntos-de-interes\/casa-del-aguila.jpg\" alt=\"Casa del \u00c1guila\">\n\t\t\t\t\t\t\t\t<\/div>\n\t\t\t\t\t\t\t<\/div>\n\t\t\t\t\t\t\n\t\t\t\t\t\t\t<div class=\"accordion__accordion-content inactive\">\n\t\t\t\t\t\t\t\t<div>\n\t\t\t\t\t\t\t\t\t<div>\n\t\t\t\t\t\t\t\t\t\t<h4>Puente Mayor<\/h4>\n\t\t\t\t\t\t\t\t\t\t<p>Die Hauptbr\u00fccke hat sieben Spannweiten und wurde aus Quadersteinen und verdichteten Bl\u00f6cken aus Kalk, Sand und Stein gebaut. Es gibt auch Unterlagen, die darauf hinweisen, dass sie an ihren Enden mit befestigten Toren ausgestattet war, die aber nur bis zur zweiten H\u00e4lfte des 16. Jahrhunderts bestanden, als sie abgerissen wurden. <\/p>\n\t\t\t\t\t\t\t\t\t<\/div>\n\t\t\t\t\t\t\t\t\t<img decoding=\"async\" src=\"https:\/\/cdn.pilgrim.es\/web\/caminos\/camino-frances\/pueblos\/carrion-de-los-condes\/puntos-de-interes\/puente-mayor.jpg\" alt=\"Puente Mayor\">\n\t\t\t\t\t\t\t\t<\/div>\n\t\t\t\t\t\t\t<\/div>\n\t\t\t\t\t\t\n\t\t\t\t\t\t\t<div class=\"accordion__accordion-content inactive\">\n\t\t\t\t\t\t\t\t<div>\n\t\t\t\t\t\t\t\t\t<div>\n\t\t\t\t\t\t\t\t\t\t<h4>Ermita de la Piedad<\/h4>\n\t\t\t\t\t\t\t\t\t\t<p>Die Ermita de la Piedad befindet sich in der N\u00e4he des Klosters Santa Clara und ist der erste Tempel, dem alle Pilger am Eingang von Carri\u00f3n de los Condes begegnen. <\/p>\n\n<p>Der steinerne Altarraum ist im gotischen Stil gehalten, w\u00e4hrend der Rest des Geb\u00e4udes aus Backstein besteht. Die Einsiedelei wurde unter der Schirmherrschaft der \u00c4btissin Schwester Luisa de la Ascensi\u00f3n im Jahr 1625 wiederaufgebaut, wie eine Inschrift an der Decke belegt. Es ist auch \u00fcberliefert, dass sie im 19. Jahrhundert renoviert wurde, aber seit 1993 werden die \u00dcberreste in der Kirche von Santiago ausgestellt.\n\t\t\t\t\t\t\t\t\t<\/div>\n\t\t\t\t\t\t\t\t\t<img decoding=\"async\" src=\"https:\/\/cdn.pilgrim.es\/web\/caminos\/camino-frances\/pueblos\/carrion-de-los-condes\/puntos-de-interes\/ermita-de-la-piedad.jpg\" alt=\"Ermita de la Piedad\">\n\t\t\t\t\t\t\t\t<\/div>\n\t\t\t\t\t\t\t<\/div>\n\t\t\t\t\t\t\n\t\t\t\t\t\t\t<div class=\"accordion__accordion-content inactive\">\n\t\t\t\t\t\t\t\t<div>\n\t\t\t\t\t\t\t\t\t<div>\n\t\t\t\t\t\t\t\t\t\t<h4>Real Monasterio de San Zoilo<\/h4>\n\t\t\t\t\t\t\t\t\t\t<p>Das K\u00f6nigliche Kloster von San Zoilo wurde am 11. Juli 2002 zum Kulturgut erkl\u00e4rt.<\/p> <p>Das K\u00f6nigliche Kloster von San Zoilo wurde am 11. Juli 2002 zum Kulturgut erkl\u00e4rt.\n\n<p>Das Kloster wurde im Laufe der Zeit unterschiedlich genutzt, zun\u00e4chst als religi\u00f6ses und politisches Zentrum des ersten Ordens, dann als Residenz der K\u00f6nige und im Mittelalter als Pilgerzentrum.<\/p> <p>Das Kloster San Zoilo wurde zum Kulturgut (BIC) erkl\u00e4rt.\n\n<p>Anfang des 19. Jahrhunderts war das Kloster von verschiedenen Entm\u00fcndigungs- und Entfremdungsprozessen betroffen, so dass es 1954 bis 1986 in ein Di\u00f6zesanseminar f\u00fcr Minderj\u00e4hrige umgewandelt wurde. Danach, im Jahr 1992, verkaufte die Di\u00f6zese das Anwesen und behielt sich das Eigentum an dem monumentalen Teil vor, obwohl ein gro\u00dfer Hotelkomplex in dem Geb\u00e4ude eingerichtet wurde, als es zur Nutzung \u00fcbergeben wurde.\n\n<p>Bei der Renovierung des Hotelkomplexes wurde im Galil\u00e4a-Saal ein romanisches Portal aus dem 11. und 12. Jahrhundert entdeckt, das seit dem Bau der heutigen Kirche im 16. und 17. Jahrhundert zugemauert war. Jahrhundert zugemauert war. Aus diesem Grund ist er in einem so hervorragenden Erhaltungszustand.\n\t\t\t\t\t\t\t\t\t<\/div>\n\t\t\t\t\t\t\t\t\t<img decoding=\"async\" src=\"https:\/\/cdn.pilgrim.es\/web\/caminos\/camino-frances\/pueblos\/carrion-de-los-condes\/puntos-de-interes\/monasterio-san-zoilo.jpg\" alt=\"Real Monasterio de San Zoilo\">\n\t\t\t\t\t\t\t\t<\/div>\n\t\t\t\t\t\t\t<\/div>\n\t\t\t\t\t\t\n\t\t\t\t\t\t\t<div class=\"accordion__accordion-content inactive\">\n\t\t\t\t\t\t\t\t<div>\n\t\t\t\t\t\t\t\t\t<div>\n\t\t\t\t\t\t\t\t\t\t<h4>Museo de Santiago<\/h4>\n\t\t\t\t\t\t\t\t\t\t<p>Das Museum f\u00fcr Sakrale Kunst ist auch als Museum von Santiago bekannt, da es sich seit 1993 in der Kirche von Santiago befindet. Es beherbergt St\u00fccke aus den Kunstsammlungen der Pfarrkirche Santa Mar\u00eda, der Kirche von Santiago selbst und den Kapellen San Juan de Cestillos und La Piedad. <\/p>\n\n<\/p> <p>Au\u00dferdem enth\u00e4lt es weitere Objekte aus der inzwischen aufgel\u00f6sten Pfarrkirche San Juan del Mercado und aus den erloschenen Kl\u00f6stern San Francisco und Santa Isabel sowie weitere Schenkungen von Anwohnern, wie Gold- und Silberschmiedearbeiten, Chorgest\u00fchl, Lesepulte, Gem\u00e4lde, Skulpturen usw.<\/p> <p>.\n\t\t\t\t\t\t\t\t\t<\/div>\n\t\t\t\t\t\t\t\t\t<img decoding=\"async\" src=\"https:\/\/cdn.pilgrim.es\/web\/caminos\/camino-frances\/pueblos\/carrion-de-los-condes\/puntos-de-interes\/museo-santiago.jpg\" alt=\"Museo de Santiago\">\n\t\t\t\t\t\t\t\t<\/div>\n\t\t\t\t\t\t\t<\/div>\n\t\t\t\t\t\t\n\t\t\t\t\t\t\t<div class=\"accordion__accordion-content inactive\">\n\t\t\t\t\t\t\t\t<div>\n\t\t\t\t\t\t\t\t\t<div>\n\t\t\t\t\t\t\t\t\t\t<h4>Monasterio de San Francisco<\/h4>\n\t\t\t\t\t\t\t\t\t\t<p>Das Kloster San Francisco de Carri\u00f3n de los Condes wurde zu Beginn des 13. Jahrhunderts gegr\u00fcndet. Jahrhunderts gegr\u00fcndet. Jahre sp\u00e4ter, nach den Auswirkungen des Unabh\u00e4ngigkeitskrieges (1811) und der Entmachtung des Klosters, wurde es aufgrund seines schlechten Zustands aufgegeben, aber 1971 erwarb Daniel \u00c1lvarez de Bobadilla die \u00dcberreste.\n\n<p>Heute befindet sich das wenige, was vom Kloster \u00fcbrig geblieben ist, im Museum des Klosters Santa Clara, wie die Werke von San Pedro Regalado, San Antonio de Padua, San Diego de Alcal\u00e1, der Jungfrau der Engel, San Luis Obispo und San Crist\u00f3bal.<\/p> &lt;p\n\t\t\t\t\t\t\t\t\t<\/div>\n\t\t\t\t\t\t\t\t\t<img decoding=\"async\" src=\"https:\/\/cdn.pilgrim.es\/web\/caminos\/camino-frances\/pueblos\/carrion-de-los-condes\/puntos-de-interes\/monasterio-san-francisco.jpg\" alt=\"Monasterio de San Francisco\">\n\t\t\t\t\t\t\t\t<\/div>\n\t\t\t\t\t\t\t<\/div>\n\t\t\t\t\t\t\n\t\t\t\t\t\t\t<div class=\"accordion__accordion-content inactive\">\n\t\t\t\t\t\t\t\t<div>\n\t\t\t\t\t\t\t\t\t<div>\n\t\t\t\t\t\t\t\t\t\t<h4>La Inmaculada Concepci\u00f3n<\/h4>\n\t\t\t\t\t\t\t\t\t\t<p>Die Statue der Unbefleckten Empf\u00e4ngnis wurde auf der Plaza de Santa Maria aufgestellt, um den Abschluss der Renovierungsarbeiten an der Plaza 1971-1972 zu markieren.  Die aus dem Jahr 1905 stammende Statue ist aus Eisen gefertigt und ahmt die Statue auf der Plaza de Espa\u00f1a in Rom nach. <\/p>\n\n<p>Die j\u00fcngsten Arbeiten auf dem Platz wurden zum Anlass genommen, die Eisenstatue zu restaurieren, sie zu reinigen, den Rost zu beseitigen und sie mit einem Schutzlack gegen Feuchtigkeit zu versehen. <\/p>\n\t\t\t\t\t\t\t\t\t<\/div>\n\t\t\t\t\t\t\t\t\t<img decoding=\"async\" src=\"https:\/\/cdn.pilgrim.es\/web\/caminos\/camino-frances\/pueblos\/carrion-de-los-condes\/puntos-de-interes\/san-julian-cestillos.jpg\" alt=\"La Inmaculada Concepci\u00f3n\">\n\t\t\t\t\t\t\t\t<\/div>\n\t\t\t\t\t\t\t<\/div>\n\t\t\t\t\t\t\n\t\t\t\t\t\t\t<div class=\"accordion__accordion-content inactive\">\n\t\t\t\t\t\t\t\t<div>\n\t\t\t\t\t\t\t\t\t<div>\n\t\t\t\t\t\t\t\t\t\t<h4>Iglesia de Santiago<\/h4>\n\t\t\t\t\t\t\t\t\t\t<p>Die Kirche Santiago de Carri\u00f3n de los Condes, die im 12. Jahrhundert erbaut wurde, wurde zum Kulturgut erkl\u00e4rt. <\/p>\n\n<p>Besonders bemerkenswert ist die Westfassade der Kirche, die von einem Rundbogenportal mit einem fig\u00fcrlichen Archivolten gebildet wird, das die mittelalterlichen Berufe von Carri\u00f3n darstellt. Die Fassade f\u00e4llt durch ihre 24 Figuren auf, 22 menschliche Figuren und 2 L\u00f6wen, die von links nach rechts dargestellt sind. <\/p>\n\t\t\t\t\t\t\t\t\t<\/div>\n\t\t\t\t\t\t\t\t\t<img decoding=\"async\" src=\"https:\/\/cdn.pilgrim.es\/web\/caminos\/camino-frances\/pueblos\/carrion-de-los-condes\/puntos-de-interes\/iglesia-santiago.jpg\" alt=\"Iglesia de Santiago\">\n\t\t\t\t\t\t\t\t<\/div>\n\t\t\t\t\t\t\t<\/div>\n\t\t\t\t\t\t\n\t\t\t\t\t\t\t<div class=\"accordion__accordion-content inactive\">\n\t\t\t\t\t\t\t\t<div>\n\t\t\t\t\t\t\t\t\t<div>\n\t\t\t\t\t\t\t\t\t\t<h4>Iglesia de Santa Mar\u00eda del Camino<\/h4>\n\t\t\t\t\t\t\t\t\t\t<p>Die Kirche Santa Mar\u00eda del Camino ist im romanischen Stil gehalten. Sie wurde in der Mitte des 12. Jahrhunderts erbaut und besteht aus drei Schiffen mit vier Abschnitten, von denen das mittlere das breiteste ist, mit zwei Apsiden und einem Querschiff, das in die H\u00f6he ragt, sowie einem Glockenturm am Fu\u00df der Kirche.\n\n<p>Die Kirche ist der Jungfrau des Sieges geweiht, in Anspielung auf die Niederlage, die die Muslime erlitten, als sie nach Carri\u00f3n kamen, um den &#8222;Tribut der Hundert Jungfrauen&#8220; zu fordern. Die Christen des K\u00f6nigs Mauregato mussten Miramamol\u00edn mit hundert M\u00e4dchen bezahlen, und Carri\u00f3n musste vier davon abliefern. Beim Verlassen der Stadt flehten die M\u00e4dchen die Jungfrau an, sich zu verabschieden, und als sie ihre Gebete erh\u00f6rte, lie\u00df sie vier Stiere erscheinen, die die Muslime zur Flucht veranlassten und die M\u00e4dchen frei lie\u00dfen. <\/p>\n\t\t\t\t\t\t\t\t\t<\/div>\n\t\t\t\t\t\t\t\t\t<img decoding=\"async\" src=\"https:\/\/cdn.pilgrim.es\/web\/caminos\/camino-frances\/pueblos\/carrion-de-los-condes\/puntos-de-interes\/iglesia-santa-maria-del-camino.jpg\" alt=\"Iglesia de Santa Mar\u00eda del Camino\">\n\t\t\t\t\t\t\t\t<\/div>\n\t\t\t\t\t\t\t<\/div>\n\t\t\t\t\t\t\n\t\t\t\t\t\t\t<div class=\"accordion__accordion-content inactive\">\n\t\t\t\t\t\t\t\t<div>\n\t\t\t\t\t\t\t\t\t<div>\n\t\t\t\t\t\t\t\t\t\t<h4>Iglesia de Santa Clara<\/h4>\n\t\t\t\t\t\t\t\t\t\t<p>Die Kirche Santa Clara entstand zwischen 1614 und 1621 aus der Vereinigung einer sehr bescheidenen Urkirche des Klosters mit der Heilig-Geist-Kirche der Augustiner-Chorherren, wodurch eine Kirche im klassischen Renaissance-Stil entstand.<\/p> <p>Die Kirche Santa Clara wurde zwischen 1614 und 1621 erbaut.\n\n<p>Die \u00c4btissin Schwester Luisa de la Ascensi\u00f3n Colmenares errichtete sie dank einer Schenkung von Philipp III. (1598-1621) und der von Philipp IV. (1621-1665) gew\u00e4hrten Pacht sowie Geschenken der Ehefrauen der beiden als Dank f\u00fcr ihre guten Ratschl\u00e4ge und Gebete. Das Gotteshaus ist aus Quadersteinen gebaut und die Kirche besteht aus einem einzigen Schiff mit einem Tonnengew\u00f6lbe mit L\u00fcnetten und einer Kuppel im Querschiff mit flachem Verputz und mehreren kleinen Kapellen mit Nischen.<\/p> <p>Die Kirche ist aus Quadersteinen gebaut und besteht aus einem einzigen Schiff mit einem Tonnengew\u00f6lbe mit L\u00fcnetten und einer Kuppel im Querschiff mit flachem Verputz und mehreren kleinen Kapellen mit Nischen.\n\t\t\t\t\t\t\t\t\t<\/div>\n\t\t\t\t\t\t\t\t\t<img decoding=\"async\" src=\"https:\/\/cdn.pilgrim.es\/web\/caminos\/camino-frances\/pueblos\/carrion-de-los-condes\/puntos-de-interes\/iglesia-santiago.jpg\" alt=\"Iglesia de Santa Clara\">\n\t\t\t\t\t\t\t\t<\/div>\n\t\t\t\t\t\t\t<\/div>\n\t\t\t\t\t\t\n\t\t\t\t\t\t\t<div class=\"accordion__accordion-content inactive\">\n\t\t\t\t\t\t\t\t<div>\n\t\t\t\t\t\t\t\t\t<div>\n\t\t\t\t\t\t\t\t\t\t<h4>Museo de Santa Clara<\/h4>\n\t\t\t\t\t\t\t\t\t\t<p>Das Museum Santa Clara wurde am 4. April 1987 eingeweiht, aber schon einige Jahre sp\u00e4ter, 1993, wurde es um einen weiteren Saal erweitert. Im Jahr 2002 wurde eine zweite Erweiterung vorgenommen, die neue Vitrinen, Gem\u00e4lde, Skulpturen und andere Objekte sowie eine M\u00fcnzsammlung und eine Sammlung von Krippen aus aller Welt umfasst.\n\n<p>Das Museum zeigt St\u00fccke aus dem Kloster Santa Clara selbst und aus fr\u00fcheren Kl\u00f6stern wie Santa Isabel (heute verschwunden) und San Francisco (heute verschwunden) sowie andere St\u00fccke, die von der Gemeinschaft gespendet oder erworben wurden.\n\n<p>Als Kuriosum ist zu erw\u00e4hnen, dass im Museum von Dezember bis Februar eine Krippensammlung zu sehen ist, die im 20. Jahrhundert von Schwester Mar\u00eda Micaela Vel\u00f3n de Francisco begonnen wurde. Jahrhundert von Schwester Micaela Vel\u00f3n de Francisco ins Leben gerufen wurde. Gegenw\u00e4rtig gibt es mehr als hundert Krippen aus allen m\u00f6glichen Materialien, aus der ganzen Welt und aus allen Epochen.\n\t\t\t\t\t\t\t\t\t<\/div>\n\t\t\t\t\t\t\t\t\t<img decoding=\"async\" src=\"https:\/\/cdn.pilgrim.es\/web\/caminos\/camino-frances\/pueblos\/carrion-de-los-condes\/puntos-de-interes\/museo-santa-clara.jpg\" alt=\"Museo de Santa Clara\">\n\t\t\t\t\t\t\t\t<\/div>\n\t\t\t\t\t\t\t<\/div>\n\t\t\t\t\t\t\n\t\t\t\t\t\t\t<div class=\"accordion__accordion-content inactive\">\n\t\t\t\t\t\t\t\t<div>\n\t\t\t\t\t\t\t\t\t<div>\n\t\t\t\t\t\t\t\t\t\t<h4>Casa de los Gir\u00f3n<\/h4>\n\t\t\t\t\t\t\t\t\t\t<p>Das Casa de los Gir\u00f3n ist ein spektakul\u00e4res Geb\u00e4ude aus dem 18. Jahrhundert und eines der wenigen Geb\u00e4ude, die den Brand von 1811 w\u00e4hrend des Unabh\u00e4ngigkeitskrieges \u00fcberstanden haben. <\/p>\n\n<p>An der aus Quadersteinen und Ziegeln errichteten Fassade sind die Familienwappen eingemei\u00dfelt und die Fenster sind mit pr\u00e4chtigen Gittern versehen. <\/p>\n\n<p>Im Inneren, gleich hinter der Fassade, f\u00fchrt eine kleine Eingangshalle zu einem sch\u00f6nen Innenhof mit dorischen S\u00e4ulen. Die Treppe, die zum Innenhof f\u00fchrt, ist mit Portr\u00e4ts einiger K\u00f6nige und K\u00f6niginnen, dem Familienwappen und einem Bild der Unbefleckten Empf\u00e4ngnis geschm\u00fcckt.<\/p> <p>Die Treppe ist mit Portr\u00e4ts von K\u00f6nigen und K\u00f6niginnen, dem Familienwappen und einem Bild der Unbefleckten Empf\u00e4ngnis geschm\u00fcckt.\n\t\t\t\t\t\t\t\t\t<\/div>\n\t\t\t\t\t\t\t\t\t<img decoding=\"async\" src=\"https:\/\/cdn.pilgrim.es\/web\/caminos\/camino-frances\/pueblos\/carrion-de-los-condes\/puntos-de-interes\/casa-giron.jpg\" alt=\"Casa de los Gir\u00f3n\">\n\t\t\t\t\t\t\t\t<\/div>\n\t\t\t\t\t\t\t<\/div>\n\t\t\t\t\t\t\n\t\t\t\t\t\t\t<div class=\"accordion__accordion-content inactive\">\n\t\t\t\t\t\t\t\t<div>\n\t\t\t\t\t\t\t\t\t<div>\n\t\t\t\t\t\t\t\t\t\t<h4>Casa del Marqu\u00e9s de Santillana<\/h4>\n\t\t\t\t\t\t\t\t\t\t<p>Das Haus des Markgrafen von Santillana hat an seiner Fassade ein Wappen der Familie Mendoza mit der Aufschrift &#8222;Ave Mar\u00eda, gratia plena&#8220; und einen steinernen Bogengang, der zum Gedenken an den 6. Jahrestag seiner Geburt errichtet wurde.<\/p> <p>Das Haus des Markgrafen von Santillana hat an seiner Fassade einen steinernen Bogengang, der zum Gedenken an den 6.\n\n<p>Das Innere des Hauses wurde im Laufe der Jahrhunderte durch verschiedene Umbauten zu einem Familiensitz umgestaltet. In diesem Haus wurde I\u00f1igo L\u00f3pez de Mendoza geboren, und hier lernte er die Liebe zur Literatur und Philosophie.\n\t\t\t\t\t\t\t\t\t<\/div>\n\t\t\t\t\t\t\t\t\t<img decoding=\"async\" src=\"https:\/\/cdn.pilgrim.es\/web\/caminos\/camino-frances\/pueblos\/carrion-de-los-condes\/puntos-de-interes\/casa-marques-santillana.jpg\" alt=\"Casa del Marqu\u00e9s de Santillana\">\n\t\t\t\t\t\t\t\t<\/div>\n\t\t\t\t\t\t\t<\/div>\n\t\t\t\t\t\t\n\t\t\t\t\t\t\t<div class=\"accordion__accordion-content inactive\">\n\t\t\t\t\t\t\t\t<div>\n\t\t\t\t\t\t\t\t\t<div>\n\t\t\t\t\t\t\t\t\t\t<h4>Iglesia de Nuestra Se\u00f1ora de Bel\u00e9n<\/h4>\n\t\t\t\t\t\t\t\t\t\t<p>Die Kirche Nuestra Se\u00f1ora de Bel\u00e9n de Carri\u00f3n de los Condes ist eine katholische Kirche, die sich im h\u00f6chsten Teil der Stadt befindet und eine vom Fluss Carri\u00f3n ge\u00f6ffnete Spalte \u00fcberblickt, von der aus man das gesamte Ufer des Carri\u00f3n sehen kann. <\/p>\n\n<p>Die Kirche wurde zwischen 1552 und 1579 \u00fcber einem primitiven mittelalterlichen Tempel vom Ende des 15. Jahrhunderts erbaut. Im 17. Jahrhundert wurde dann ein Umbau durchgef\u00fchrt, bei dem die Ausrichtung der Kirche ge\u00e4ndert, ein neues Kirchenschiff gebaut und der Turm fertiggestellt wurde. <\/p>\n\n<p>Im Inneren f\u00e4llt das Hauptaltarbild im plateresken Renaissance-Stil aus dem fr\u00fchen 16. Jahrhundert auf.<\/p> <p>Im Inneren f\u00e4llt das Hauptaltarbild im plateresken Renaissance-Stil aus dem fr\u00fchen 16.\n\t\t\t\t\t\t\t\t\t<\/div>\n\t\t\t\t\t\t\t\t\t<img decoding=\"async\" src=\"https:\/\/cdn.pilgrim.es\/web\/caminos\/camino-frances\/pueblos\/carrion-de-los-condes\/puntos-de-interes\/iglesia-nuestra-senora-belen.jpg\" alt=\"Iglesia de Nuestra Se\u00f1ora de Bel\u00e9n\">\n\t\t\t\t\t\t\t\t<\/div>\n\t\t\t\t\t\t\t<\/div>\n\t\t\t\t\t\t\n\t\t\t\t\t\t\t<div class=\"accordion__accordion-content inactive\">\n\t\t\t\t\t\t\t\t<div>\n\t\t\t\t\t\t\t\t\t<div>\n\t\t\t\t\t\t\t\t\t\t<h4>Casa de la Cultura<\/h4>\n\t\t\t\t\t\t\t\t\t\t<p>Die Casa de la Cultura stammt aus dem Jahr 1568 und befindet sich hinter dem Rathaus. Seit seiner Erbauung bis heute wurde das Geb\u00e4ude f\u00fcr verschiedene Zwecke genutzt, zum Beispiel als Gef\u00e4ngnis und Gerichtsgeb\u00e4ude. <\/p>\n\n<p>Ende des 20. Jahrhunderts wurde es als Casa de Cultura und Stadtbibliothek instand gesetzt, wobei die Renovierung von 2005 f\u00fcr sein heutiges Aussehen verantwortlich ist. Von der urspr\u00fcnglichen Konstruktion ist der erste Teil der Steinfassade mit den beiden Wappen der k\u00f6niglichen Familie und der Stadt erhalten geblieben. Im Erdgeschoss befanden sich die Kerker und Gef\u00e4ngniszellen, die heute als B\u00fcros und Sitzungsr\u00e4ume genutzt werden.\n\n<p>Im Jahr 2012 erhielt das Geb\u00e4ude den Namen Fray Miguel de Benavides Library (1552-1605), zu Ehren des Dominikanerm\u00f6nchs, der die Universit\u00e4t von Manila gr\u00fcndete.<\/p> <p>Das Geb\u00e4ude ist nun als Fray Miguel de Benavides Library (1552-1605) bekannt.\n\t\t\t\t\t\t\t\t\t<\/div>\n\t\t\t\t\t\t\t\t\t<img decoding=\"async\" src=\"https:\/\/cdn.pilgrim.es\/web\/caminos\/camino-frances\/pueblos\/carrion-de-los-condes\/puntos-de-interes\/casa-cultura.jpg\" alt=\"Casa de la Cultura\">\n\t\t\t\t\t\t\t\t<\/div>\n\t\t\t\t\t\t\t<\/div>\n\t\t\t\t\t\t\n\t\t\t\t\t\t\t<div class=\"accordion__accordion-content inactive\">\n\t\t\t\t\t\t\t\t<div>\n\t\t\t\t\t\t\t\t\t<div>\n\t\t\t\t\t\t\t\t\t\t<h4>Casa de la Calle Padre Gil<\/h4>\n\t\t\t\t\t\t\t\t\t\t<p>Die Casa de la Calle Padre Gil gilt als das \u00e4lteste Haus der Stadt und stammt etwa aus dem Ende des 15. Jahrhunderts. Jahrhunderts. Als Zeichen seiner glanzvolleren Vergangenheit bewahrt es heute noch ein Wappen und die Spitze der letzten Teile dessen, was ein Alfiz gewesen sein k\u00f6nnte. <\/p>\n\n<p>An derselben Fassade befindet sich ein Wappen mit einer Vase voller Lilien, ein marianischer Stil, der in einigen religi\u00f6sen Geb\u00e4uden in Carri\u00f3n de los Condes zu finden ist und die Reinheit Marias symbolisiert.<\/p> <p>Das Wappen hat eine Lilienvase.\n\t\t\t\t\t\t\t\t\t<\/div>\n\t\t\t\t\t\t\t\t\t<img decoding=\"async\" src=\"https:\/\/cdn.pilgrim.es\/web\/caminos\/camino-frances\/pueblos\/carrion-de-los-condes\/puntos-de-interes\/casa-giron.jpg\" alt=\"Casa de la Calle Padre Gil\">\n\t\t\t\t\t\t\t\t<\/div>\n\t\t\t\t\t\t\t<\/div>\n\t\t\t\t\t\t\n\t\t\t\t\t\t\t<div class=\"accordion__accordion-content inactive\">\n\t\t\t\t\t\t\t\t<div>\n\t\t\t\t\t\t\t\t\t<div>\n\t\t\t\t\t\t\t\t\t\t<h4>Iglesia de San Andr\u00e9s Ap\u00f3stol<\/h4>\n\t\t\t\t\t\t\t\t\t\t<p>Die Kirche San Andr\u00e9s Ap\u00f3stol ist bekannt als die &#8222;Kathedrale von Carri\u00f3n de los Condes&#8220;, die sich im Norden der Stadt am gleichnamigen Platz befindet. Sie wurde auf der vorherigen Kirche aus Quadersteinen erbaut und 1574 fertiggestellt.\n\n<p>Der urspr\u00fcngliche Turm brannte w\u00e4hrend des Unabh\u00e4ngigkeitskrieges ab und wurde daraufhin nach einem Projekt aus dem Jahr 1866 mit einer achteckigen Kuppel aus Ziegeln und Stein restauriert und mit einer Laterne und einem Steinkreuz gekr\u00f6nt.\n\t\t\t\t\t\t\t\t\t<\/div>\n\t\t\t\t\t\t\t\t\t<img decoding=\"async\" src=\"https:\/\/cdn.pilgrim.es\/web\/caminos\/camino-frances\/pueblos\/carrion-de-los-condes\/puntos-de-interes\/iglesia-san-andres-apostol.jpg\" alt=\"Iglesia de San Andr\u00e9s Ap\u00f3stol\">\n\t\t\t\t\t\t\t\t<\/div>\n\t\t\t\t\t\t\t<\/div>\n\t\t\t\t\t\t\n\t\t\t\t\t\t\t<div class=\"accordion__accordion-content inactive\">\n\t\t\t\t\t\t\t\t<div>\n\t\t\t\t\t\t\t\t\t<div>\n\t\t\t\t\t\t\t\t\t\t<h4>Convento Hijas de la Caridad<\/h4>\n\t\t\t\t\t\t\t\t\t\t<p>Das Kloster Hijas de la Caridad wurde von den T\u00f6chtern von San Vicente de Pa\u00fal bezogen, als sie um 1894 eine Erbschaft erhielten.  Das Kloster befindet sich auf der R\u00fcckseite des Palastes der Grafen von Salinas de Pisuerga und diente der Erziehung der M\u00e4dchen von Carri\u00f3n de los Condes. <\/p>\n\n<p>Nach einem Brand im Jahr 1957 wurde sie wieder aufgebaut und diente bis 2002 als Schule. Ab diesem Zeitpunkt wurde ein Teil des Klosters renoviert und in eine Pilgerherberge umgewandelt, zu der man \u00fcber den zentralen Innenhof gelangt. Der andere Teil des Klosters wurde f\u00fcr die Unterbringung von Nonnen im Ruhestand eingerichtet, die f\u00fcr den Betrieb der Herberge und die pastorale Arbeit in Carri\u00f3n und der Region zust\u00e4ndig waren.\n\n<p>Das Kloster besteht aus einem Oratorium f\u00fcr die Gemeinschaft und einer Kirche im neugotischen Stil, in der derzeit keine Gottesdienste stattfinden. Im Presbyterium sind die sterblichen \u00dcberreste der Wohlt\u00e4ter begraben, die ihr Erbe den T\u00f6chtern des Heiligen Vinzenz geschenkt haben.\n\t\t\t\t\t\t\t\t\t<\/div>\n\t\t\t\t\t\t\t\t\t<img decoding=\"async\" src=\"https:\/\/cdn.pilgrim.es\/web\/caminos\/camino-frances\/pueblos\/carrion-de-los-condes\/puntos-de-interes\/convento-santisima-trinidad.jpg\" alt=\"Convento Hijas de la Caridad\">\n\t\t\t\t\t\t\t\t<\/div>\n\t\t\t\t\t\t\t<\/div>\n\t\t\t\t\t\t\n\t\t\t\t\t\t\t<div class=\"accordion__accordion-content inactive\">\n\t\t\t\t\t\t\t\t<div>\n\t\t\t\t\t\t\t\t\t<div>\n\t\t\t\t\t\t\t\t\t\t<h4>Convento de la Sant\u00edsima Trinidad<\/h4>\n\t\t\t\t\t\t\t\t\t\t<p>Das Kloster der Heiligen Dreifaltigkeit ist das modernste Kloster in Carri\u00f3n, da es erst 1974 gebaut wurde, nachdem das vorherige abgebrannt war. Es wurde von dem Architekten Carlos Rivera entworfen und besteht aus der Kirche, der Drehbank, der Stube, dem Refektorium, der Krankenstation, dem oberen und unteren Chor, dem Kapitelsaal, dem Aufenthaltsraum und den Zellen der Nonnen. <\/p>\n\n<p>Die Kirche wurde aus Backstein erbaut und ist mit einem Kruzifix und einer Jungfrau vom Berg Karmel geschm\u00fcckt, die der Bildhauer V\u00edctor de los R\u00edos aus Holz geschaffen hat. Im Inneren der Kirche sind au\u00dferdem mehrere Gem\u00e4lde aus dem 17. Jahrhundert zu sehen, die Szenen aus dem Leben der Heiligen Teresa darstellen.<\/p> <p>Die Kirche ist mit einem Kruzifix und einer Jungfrau von Carmen geschm\u00fcckt, Holzarbeiten des Bildhauers V\u00edctor de los R\u00edos.\n\t\t\t\t\t\t\t\t\t<\/div>\n\t\t\t\t\t\t\t\t\t<img decoding=\"async\" src=\"https:\/\/cdn.pilgrim.es\/web\/caminos\/camino-frances\/pueblos\/carrion-de-los-condes\/puntos-de-interes\/convento-santisima-trinidad.jpg\" alt=\"Convento de la Sant\u00edsima Trinidad\">\n\t\t\t\t\t\t\t\t<\/div>\n\t\t\t\t\t\t\t<\/div>\n\t\t\t\t\t\t\n\t\t\t\t\t\t\t<div class=\"accordion__accordion-content inactive\">\n\t\t\t\t\t\t\t\t<div>\n\t\t\t\t\t\t\t\t\t<div>\n\t\t\t\t\t\t\t\t\t\t<h4>San Juli\u00e1n de Cestillos<\/h4>\n\t\t\t\t\t\t\t\t\t\t<p>Die Einsiedelei San Juli\u00e1n de Cestillos besteht aus einem einschiffigen Bau mit Tonnengew\u00f6lbe und einer Sakristei, die neben dem Evangelium angebracht ist. Unterhalb der Sakristei befindet sich der Anfang eines niedrigen Turms mit einer einzigen Glocke.\n\n<p>Der letzte Umbau, dem die Kapelle unterzogen wurde, stammt aus dem Jahr 1740 und wurde von den carrionesischen Baumeistern Jos\u00e9 Iglesias und Eugenio Rodr\u00edguez durchgef\u00fchrt.<\/p> <p>Der letzte Umbau, dem die Kapelle unterzogen wurde, stammt aus dem Jahr 1740 und wurde von den carrionesischen Baumeistern Jos\u00e9 Iglesias und Eugenio Rodr\u00edguez durchgef\u00fchrt.\n\n<p>Bis 1994 befand sich in der Kapelle ein Altaraufsatz aus dem Jahr 1600 zu Ehren von San Juan Bautista, der in das Museum der Kirche von Santiago \u00fcberf\u00fchrt wurde.<\/p> <p>Der Altaraufsatz wurde dann in das Museum der Kirche von Santiago \u00fcberf\u00fchrt.<\/p> <p>Der Altaraufsatz wurde dann in das Museum der Kirche von Santiago \u00fcberf\u00fchrt.\n\t\t\t\t\t\t\t\t\t<\/div>\n\t\t\t\t\t\t\t\t\t<img decoding=\"async\" src=\"https:\/\/cdn.pilgrim.es\/web\/caminos\/camino-frances\/pueblos\/carrion-de-los-condes\/puntos-de-interes\/san-julian-cestillos.jpg\" alt=\"San Juli\u00e1n de Cestillos\">\n\t\t\t\t\t\t\t\t<\/div>\n\t\t\t\t\t\t\t<\/div>\n\t\t\t\t\t\t\n\t\t\t\t\t\t\t<div class=\"accordion__accordion-content inactive\">\n\t\t\t\t\t\t\t\t<div>\n\t\t\t\t\t\t\t\t\t<div>\n\t\t\t\t\t\t\t\t\t\t<h4>Real Monasterio de Santa Clara<\/h4>\n\t\t\t\t\t\t\t\t\t\t<p>Das K\u00f6nigliche Kloster Santa Clara wurde 1231 von zwei Sch\u00fclern der Heiligen Klara gegr\u00fcndet. Es ist damit eines der \u00e4ltesten Klara-Kl\u00f6ster Spaniens. W\u00e4hrend des gesamten Mittelalters war das Kloster eng mit der Familie Casta\u00f1eda verbunden, so sehr, dass die \u00c4btissin des Klosters D\u00aa Beatriz Manrique hie\u00df. <\/p>\n\n<p>Die Kirche ist im Mud\u00e9jar-Stil des 13. und 14. Jahrhunderts gehalten, wurde aber erst im 17. Jahrhundert fertiggestellt, einer Zeit, in der das Kloster dank der Schwester Luisa de la Ascensi\u00f3n gro\u00dfe Bedeutung erlangte. <\/p>\n\t\t\t\t\t\t\t\t\t<\/div>\n\t\t\t\t\t\t\t\t\t<img decoding=\"async\" src=\"https:\/\/cdn.pilgrim.es\/web\/caminos\/camino-frances\/pueblos\/carrion-de-los-condes\/puntos-de-interes\/monasterio-santa-clara.jpg\" alt=\"Real Monasterio de Santa Clara\">\n\t\t\t\t\t\t\t\t<\/div>\n\t\t\t\t\t\t\t<\/div>\n\t\t\t\t\t\t\n\t\t\t\t\t<\/div>\n\t\t\t\t<\/div>\n\t\t\t<\/div>\n\t\t\n\n\t\t<div id=\"phonesSection\">\n\t\t\t<div>\n\t\t\t\t<h2 class=\"p-h3-town\">Informationen von Interesse<\/h2>\n\t\t\t<\/div>\n\t\t\t<div class=\"grid\">\n\t\t\t\t\n\t\t\t\t\t<div class=\"phone-number-item\">\n\t\t\t\t\t\t<div class=\"phone-number-item__icon\"><i class=\"icon-police\"><\/i><\/div>\n\t\t\t\t\t\t<div class=\"phone-number-item__title\">\n\t\t\t\t\t\t\t<h3 class=\"p-font-bold\">Ortspolizei<\/h3>\n\t\t\t\t\t\t\t<p>979 880 259<\/p>\n\t\t\t\t\t\t\t\n\t\t\t\t\t\t<\/div>\n\t\t\t\t\t<\/div>\n\t\t\t\t\n\t\t\t\t\t<div class=\"phone-number-item\">\n\t\t\t\t\t\t<div class=\"phone-number-item__icon\"><i class=\"icon-spanish-military-police\"><\/i><\/div>\n\t\t\t\t\t\t<div class=\"phone-number-item__title\">\n\t\t\t\t\t\t\t<h3 class=\"p-font-bold\">Zivilwache<\/h3>\n\t\t\t\t\t\t\t<p>979 880 003<\/p>\n\t\t\t\t\t\t\t\n\t\t\t\t\t\t<\/div>\n\t\t\t\t\t<\/div>\n\t\t\t\t\n\t\t\t\t\t<div class=\"phone-number-item\">\n\t\t\t\t\t\t<div class=\"phone-number-item__icon\"><i class=\"icon-firefighters\"><\/i><\/div>\n\t\t\t\t\t\t<div class=\"phone-number-item__title\">\n\t\t\t\t\t\t\t<h3 class=\"p-font-bold\">Feuerwehr<\/h3>\n\t\t\t\t\t\t\t<p>979 918 200<\/p>\n\t\t\t\t\t\t\t\n\t\t\t\t\t\t<\/div>\n\t\t\t\t\t<\/div>\n\t\t\t\t\n\t\t\t\t\t<div class=\"phone-number-item\">\n\t\t\t\t\t\t<div class=\"phone-number-item__icon\"><i class=\"icon-civil-protection\"><\/i><\/div>\n\t\t\t\t\t\t<div class=\"phone-number-item__title\">\n\t\t\t\t\t\t\t<h3 class=\"p-font-bold\">Zivilschutz<\/h3>\n\t\t\t\t\t\t\t<p>112<\/p>\n\t\t\t\t\t\t\t\n\t\t\t\t\t\t<\/div>\n\t\t\t\t\t<\/div>\n\t\t\t\t\n\t\t\t\t\t<div class=\"phone-number-item\">\n\t\t\t\t\t\t<div class=\"phone-number-item__icon\"><i class=\"icon-town-council\"><\/i><\/div>\n\t\t\t\t\t\t<div class=\"phone-number-item__title\">\n\t\t\t\t\t\t\t<h3 class=\"p-font-bold\">Rathaus<\/h3>\n\t\t\t\t\t\t\t<p>979 880 259<\/p>\n\t\t\t\t\t\t\t\n\t\t\t\t\t\t<\/div>\n\t\t\t\t\t<\/div>\n\t\t\t\t\n\t\t\t\t\t<div class=\"phone-number-item\">\n\t\t\t\t\t\t<div class=\"phone-number-item__icon\"><i class=\"icon-hospital\"><\/i><\/div>\n\t\t\t\t\t\t<div class=\"phone-number-item__title\">\n\t\t\t\t\t\t\t<h3 class=\"p-font-bold\">Gesundheitszentrum<\/h3>\n\t\t\t\t\t\t\t<p>979 880 245<\/p>\n\t\t\t\t\t\t\t\n\t\t\t\t\t\t<\/div>\n\t\t\t\t\t<\/div>\n\t\t\t\t\n\t\t\t\t\t<div class=\"phone-number-item\">\n\t\t\t\t\t\t<div class=\"phone-number-item__icon\"><i class=\"icon-tourism\"><\/i><\/div>\n\t\t\t\t\t\t<div class=\"phone-number-item__title\">\n\t\t\t\t\t\t\t<h3 class=\"p-font-bold\">Fremdenverkehrsamt<\/h3>\n\t\t\t\t\t\t\t<p>979 880 931<\/p>\n\t\t\t\t\t\t\t\n\t\t\t\t\t\t\t\t<p>C\/ Santa Mar\u00eda, s\/n<\/p>\n\t\t\t\t\t\t\t\n\t\t\t\t\t\t<\/div>\n\t\t\t\t\t<\/div>\n\t\t\t\t\n\t\t\t<\/div>\n\t\t<\/div>\n\n\t\t<div id=\"clientForm\">\n        <section>\n        <img decoding=\"async\" src=\"https:\/\/cdn.pilgrim.es\/web\/home\/email-contacto.png\" alt=\"contacto\">\n        <div>\n            <p>Wir senden dir deine Planung<\/p>\n            <p>Gib uns deine Daten an und erhalte die Planung deiner Reise per E-Mail <\/p>\n            <form method=\"post\" data-url=\"\/wp-admin\/admin-ajax.php\" id=\"planner--client\" class=\"flag-right form-client\">\n    <div class=\"form-data\">\n        <input name=\"form_id\" type=\"hidden\" value=\"Formulario Leads\">\n        <input name=\"type\" type=\"hidden\" value=\"planner_client\">\n        <input type=\"text\" name=\"nombre\" value=\"\" size=\"40\" class=\"form-control\" aria-required=\"true\" aria-invalid=\"false\" placeholder=\"Name\">\n        <input type=\"email\" name=\"email\" value=\"\" size=\"40\" class=\"form-control\" aria-required=\"true\" aria-invalid=\"false\" placeholder=\"E- Mail\">\n        <input type=\"text\" id=\"phone-input\" name=\"tel\" value=\"\" size=\"40\" class=\"phone-input form-control\" aria-required=\"true\" aria-invalid=\"false\" placeholder=\"Telefon\">\n        <input type=\"hidden\" name=\"telefono\">\n    <\/div>\n    <div class=\"form-checkbox\">\n        <span>\n            Pilgrim Travel, S.L. teilt gem\u00e4\u00df Regulierung 2016\/679 mit, dass die in diesem Formular verwendeten Daten sowohl f\u00fcr die Beantwortung der m\u00f6glichen Anfragen als auch f\u00fcr die Ver\u00f6ffentlichung der Kommentare verwendet werden, mit der Zustimmung des Nutzers. Sie k\u00f6nnen Ihre Rechte in \u00dcbereinstimmung mit unserer Datenschutzbestimmungen aus\u00fcben             <a href=\"https:\/\/www.pilgrim.es\/politica-de-privacidad\/\" target=\"_blank\" rel=\"noopener noreferrer nofollow\">Datenschutzerkl\u00e4rung.<\/a>\n        <\/span>\n    <\/div>\n\n    <div class=\"form-submit\">\n        <button id=\"planner--client-create\" type=\"submit\">Anfrage senden<\/button>\n        <div class=\"loadingDiv\"><i class=\"p-spinner\"><\/i><\/div>\n    <\/div>\n\n    <div class=\"contact-content-form-success\">\n        <p><i class=\"fas fa-check\"><\/i> Das Formular hat sich erfolgreich gesendet.<\/p>\n    <\/div>\n\n    <div class=\"contact-content-form-error\">\n        <span class=\"input-error\"><\/span>\n    <\/div>\n<\/form>        <\/div>\n    <\/section>\n<\/div>\n\n\t\t<div id=\"recomendationSection\">\n\t\t\t<div>\n\t\t\t\t<h2 class=\"p-h2-town\">Empfohlen<\/h2>\n\t\t\t\t<hr>\n\t\t\t\t<h3 class=\"p-h3-town\">Gastronomie<\/h3>\n\t\t\t<\/div>\n\t\t\tDie Gastronomie von Carri\u00f3n de los Condes ist sehr typisch f\u00fcr gebratenes Lammfleisch, Schweinefleischprodukte wie W\u00fcrste und Wurstwaren, K\u00e4se und lokale Produkte. Traditionelle Rezepte wie Knoblauchsuppe, Menestra Palentina, Forelle, Krabben, Schnecken nach Palentina-Art, Linsen mit Chorizo, kastilische Suppe und Kaninchen &#8222;a la cazadora&#8220; sind erw\u00e4hnenswert.\n\nZu den typischen S\u00fc\u00dfwaren von Carri\u00f3n geh\u00f6ren Amarguillos, Almendrados, Tocinillos de cielo, Rosquillas de palo, Marzas, Torrijas, Orejuelas, Bollos de carnaval und Mantecados. Nicht zu vergessen ist das Geb\u00e4ck, das die Nonnen des Klosters Santa Clara herstellen.\n\t\t<\/div>\n\n\n\t\t\n\t\t\t<div id=\"holidaysSection\">\n\t\t\t\t<div>\n\t\t\t\t\t<h2 class=\"p-h2-town\">Empfohlen<\/h2>\n\t\t\t\t\t<hr>\n\t\t\t\t\t<h3 class=\"p-h3-town\">Feste und Pilgerfahrten<\/h3>\n\t\t\t\t<\/div>\n\t\t\t\t<div class=\"grid holidays-grid\">\n\t\t\t\t\t\n\t\t\t\t\t\t<div>\n\t\t\t\t\t\t\t<div class=\"phone-number-item\">\n\t\t\t\t\t\t\t\t<div class=\"phone-number-item__icon\"><i class=\"icon-holiday\"><\/i><\/div>\n\t\t\t\t\t\t\t\t<div class=\"phone-number-item__title dark-text\">\n\t\t\t\t\t\t\t\t\t<p class=\"p-font-bold\">Lokaler Urlaub<\/p>\n\t\t\t\t\t\t\t\t\t<p>24 de junio: Romer\u00eda de San Juan de Cestillos<\/p>\n\t\t\t\t\t\t\t\t<\/div>\n\t\t\t\t\t\t\t<\/div>\n\t\t\t\t\t\t<\/div>\n\t\t\t\t\t\n\t\t\t\t\t\t<div>\n\t\t\t\t\t\t\t<div class=\"phone-number-item\">\n\t\t\t\t\t\t\t\t<div class=\"phone-number-item__icon\"><i class=\"icon-holiday\"><\/i><\/div>\n\t\t\t\t\t\t\t\t<div class=\"phone-number-item__title dark-text\">\n\t\t\t\t\t\t\t\t\t<p class=\"p-font-bold\">Lokaler Urlaub<\/p>\n\t\t\t\t\t\t\t\t\t<p>8 de septiembre: Fiesta de Nuestra Se\u00f1ora de Bel\u00e9n<\/p>\n\t\t\t\t\t\t\t\t<\/div>\n\t\t\t\t\t\t\t<\/div>\n\t\t\t\t\t\t<\/div>\n\t\t\t\t\t\n\t\t\t\t\t\t<div>\n\t\t\t\t\t\t\t<div class=\"phone-number-item\">\n\t\t\t\t\t\t\t\t<div class=\"phone-number-item__icon\"><i class=\"icon-holiday\"><\/i><\/div>\n\t\t\t\t\t\t\t\t<div class=\"phone-number-item__title dark-text\">\n\t\t\t\t\t\t\t\t\t<p class=\"p-font-bold\">Lokaler Urlaub<\/p>\n\t\t\t\t\t\t\t\t\t<p>\u00daltimo lunes de agosto: Fiesta de San Zoilo<\/p>\n\t\t\t\t\t\t\t\t<\/div>\n\t\t\t\t\t\t\t<\/div>\n\t\t\t\t\t\t<\/div>\n\t\t\t\t\t\n\t\t\t\t\t\t<div>\n\t\t\t\t\t\t\t<div class=\"phone-number-item\">\n\t\t\t\t\t\t\t\t<div class=\"phone-number-item__icon\"><i class=\"icon-holiday\"><\/i><\/div>\n\t\t\t\t\t\t\t\t<div class=\"phone-number-item__title dark-text\">\n\t\t\t\t\t\t\t\t\t<p class=\"p-font-bold\">Lokaler Urlaub<\/p>\n\t\t\t\t\t\t\t\t\t<p>3 de febrero: Fiesta de San Blas<\/p>\n\t\t\t\t\t\t\t\t<\/div>\n\t\t\t\t\t\t\t<\/div>\n\t\t\t\t\t\t<\/div>\n\t\t\t\t\t\n\t\t\t\t\t\t<div>\n\t\t\t\t\t\t\t<div class=\"phone-number-item\">\n\t\t\t\t\t\t\t\t<div class=\"phone-number-item__icon\"><i class=\"icon-holiday\"><\/i><\/div>\n\t\t\t\t\t\t\t\t<div class=\"phone-number-item__title dark-text\">\n\t\t\t\t\t\t\t\t\t<p class=\"p-font-bold\">Lokaler Urlaub<\/p>\n\t\t\t\t\t\t\t\t\t<p>5 de febrero: Fiesta  de Santa \u00c1gueda<\/p>\n\t\t\t\t\t\t\t\t<\/div>\n\t\t\t\t\t\t\t<\/div>\n\t\t\t\t\t\t<\/div>\n\t\t\t\t\t\n\t\t\t\t\t\t<div>\n\t\t\t\t\t\t\t<div class=\"phone-number-item\">\n\t\t\t\t\t\t\t\t<div class=\"phone-number-item__icon\"><i class=\"icon-holiday\"><\/i><\/div>\n\t\t\t\t\t\t\t\t<div class=\"phone-number-item__title dark-text\">\n\t\t\t\t\t\t\t\t\t<p class=\"p-font-bold\">Lokaler Urlaub<\/p>\n\t\t\t\t\t\t\t\t\t<p>7 de junio: Festividad de Corpus Christi<\/p>\n\t\t\t\t\t\t\t\t<\/div>\n\t\t\t\t\t\t\t<\/div>\n\t\t\t\t\t\t<\/div>\n\t\t\t\t\t\n\t\t\t\t\t\t<div>\n\t\t\t\t\t\t\t<div class=\"phone-number-item\">\n\t\t\t\t\t\t\t\t<div class=\"phone-number-item__icon\"><i class=\"icon-holiday\"><\/i><\/div>\n\t\t\t\t\t\t\t\t<div class=\"phone-number-item__title dark-text\">\n\t\t\t\t\t\t\t\t\t<p class=\"p-font-bold\">Lokaler Urlaub<\/p>\n\t\t\t\t\t\t\t\t\t<p>25 de junio: Fiesta de Santiago Ap\u00f3stol<\/p>\n\t\t\t\t\t\t\t\t<\/div>\n\t\t\t\t\t\t\t<\/div>\n\t\t\t\t\t\t<\/div>\n\t\t\t\t\t\n\t\t\t\t<\/div>\n\t\t\t<\/div>\n\t\t\n\t<\/div>\n<\/section>\n\n<div id=\"stage_list_section\"><div class=\"stage-list\">\n    <div class='stage-list__map-card'>\n        <div class='stage-list__map-card__map'>\n            <div class='stage-list__map-card__map__text'>\n                <h2> Pages <\/h2>\n                <p> Zu Fu\u00df<\/p>\n                <p> 0etappen<\/p>\n            <\/div>\n            <div class='stage-list__map-card__map__img'>\n                <img decoding=\"async\" src=\"\" alt=\" mapa \" \/>\n            <\/div>\n        <\/div>\n    <\/div>\n\n    <\/div>\n<\/div> ","protected":false},"excerpt":{"rendered":"<p>Carri\u00f3n de los Condes &#8249; Zur\u00fcck zur B\u00fchne Carri\u00f3n de los Condes Einwohner: 2.198 aprox. Bundesland: Palencia Informationen Get to know Carri\u00f3n de los Condes Carri\u00f3n de los Condes ist eine kleine Stadt mit einer sehr bedeutenden Vergangenheit, so dass sie die Heimat so wichtiger historischer Pers\u00f6nlichkeiten wie der Retes, der Infantes de Carri\u00f3n und &hellip; <\/p>\n<p class=\"read_more\"><a href=\"https:\/\/www.pilgrim.es\/de\/franzosischer-weg\/carrion-de-los-condes\/\">Leer m\u00e1s<\/a><\/p>\n","protected":false},"author":0,"featured_media":2574,"parent":10659,"menu_order":0,"comment_status":"closed","ping_status":"closed","template":"views\/template-new-web-design.blade.php","meta":{"footnotes":""},"categories":[],"tags":[],"class_list":["post-91087","page","type-page","status-publish","has-post-thumbnail","hentry"],"yoast_head":"<!-- This site is optimized with the Yoast SEO plugin v27.4 - https:\/\/yoast.com\/product\/yoast-seo-wordpress\/ -->\n<title>Carri\u00f3n de los Condes: Was sehen und wo \u00fcbernachten | Jakobsweg | Pilgrim<\/title>\n<meta name=\"description\" content=\"Carri\u00f3n de los Condes Entdecken Sie alle Informationen \u00fcber Unterk\u00fcnfte, Anreise, Gastronomie und die wichtigsten Sehensw\u00fcrdigkeiten der Orte am Franz\u00f6sischer Weg\" \/>\n<meta name=\"robots\" content=\"index, follow, max-snippet:-1, max-image-preview:large, max-video-preview:-1\" \/>\n<link rel=\"canonical\" href=\"https:\/\/www.pilgrim.es\/de\/franzosischer-weg\/carrion-de-los-condes\/\" \/>\n<meta property=\"og:locale\" content=\"de_DE\" \/>\n<meta property=\"og:type\" content=\"article\" \/>\n<meta property=\"og:title\" content=\"Carri\u00f3n de los Condes: Was sehen und wo \u00fcbernachten | Jakobsweg | Pilgrim\" \/>\n<meta property=\"og:description\" content=\"Carri\u00f3n de los Condes Entdecken Sie alle Informationen \u00fcber Unterk\u00fcnfte, Anreise, Gastronomie und die wichtigsten Sehensw\u00fcrdigkeiten der Orte am Franz\u00f6sischer Weg\" \/>\n<meta property=\"og:url\" content=\"https:\/\/www.pilgrim.es\/de\/franzosischer-weg\/carrion-de-los-condes\/\" \/>\n<meta property=\"og:site_name\" content=\"Pilgrim\" \/>\n<meta property=\"article:publisher\" content=\"https:\/\/www.facebook.com\/pilgrim.es\/\" \/>\n<meta property=\"og:image\" content=\"https:\/\/www.pilgrim.es\/wp-content\/uploads\/2019\/02\/carrion-de-los-condes-2.jpg\" \/>\n\t<meta property=\"og:image:width\" content=\"770\" \/>\n\t<meta property=\"og:image:height\" content=\"546\" \/>\n\t<meta property=\"og:image:type\" content=\"image\/jpeg\" \/>\n<meta name=\"twitter:card\" content=\"summary_large_image\" \/>\n<meta name=\"twitter:site\" content=\"@pilgrim_es\" \/>\n<meta name=\"twitter:label1\" content=\"Gesch\u00e4tzte Lesezeit\" \/>\n\t<meta name=\"twitter:data1\" content=\"16\u00a0Minuten\" \/>\n<script type=\"application\/ld+json\" class=\"yoast-schema-graph\">{\"@context\":\"https:\\\/\\\/schema.org\",\"@graph\":[{\"@type\":\"WebPage\",\"@id\":\"https:\\\/\\\/www.pilgrim.es\\\/de\\\/franzosischer-weg\\\/carrion-de-los-condes\\\/\",\"url\":\"https:\\\/\\\/www.pilgrim.es\\\/de\\\/franzosischer-weg\\\/carrion-de-los-condes\\\/\",\"name\":\"Carri\u00f3n de los Condes: Was sehen und wo \u00fcbernachten | Jakobsweg | Pilgrim\",\"isPartOf\":{\"@id\":\"https:\\\/\\\/www.pilgrim.es\\\/de\\\/#website\"},\"primaryImageOfPage\":{\"@id\":\"https:\\\/\\\/www.pilgrim.es\\\/de\\\/franzosischer-weg\\\/carrion-de-los-condes\\\/#primaryimage\"},\"image\":{\"@id\":\"https:\\\/\\\/www.pilgrim.es\\\/de\\\/franzosischer-weg\\\/carrion-de-los-condes\\\/#primaryimage\"},\"thumbnailUrl\":\"https:\\\/\\\/www.pilgrim.es\\\/wp-content\\\/uploads\\\/2019\\\/02\\\/carrion-de-los-condes-2.jpg\",\"datePublished\":\"2025-03-17T13:17:08+00:00\",\"description\":\"Carri\u00f3n de los Condes Entdecken Sie alle Informationen \u00fcber Unterk\u00fcnfte, Anreise, Gastronomie und die wichtigsten Sehensw\u00fcrdigkeiten der Orte am Franz\u00f6sischer Weg\",\"breadcrumb\":{\"@id\":\"https:\\\/\\\/www.pilgrim.es\\\/de\\\/franzosischer-weg\\\/carrion-de-los-condes\\\/#breadcrumb\"},\"inLanguage\":\"de\",\"potentialAction\":[{\"@type\":\"ReadAction\",\"target\":[\"https:\\\/\\\/www.pilgrim.es\\\/de\\\/franzosischer-weg\\\/carrion-de-los-condes\\\/\"]}]},{\"@type\":\"ImageObject\",\"inLanguage\":\"de\",\"@id\":\"https:\\\/\\\/www.pilgrim.es\\\/de\\\/franzosischer-weg\\\/carrion-de-los-condes\\\/#primaryimage\",\"url\":\"https:\\\/\\\/www.pilgrim.es\\\/wp-content\\\/uploads\\\/2019\\\/02\\\/carrion-de-los-condes-2.jpg\",\"contentUrl\":\"https:\\\/\\\/www.pilgrim.es\\\/wp-content\\\/uploads\\\/2019\\\/02\\\/carrion-de-los-condes-2.jpg\",\"width\":770,\"height\":546,\"caption\":\"Carri\u00f3n de los Condes\"},{\"@type\":\"BreadcrumbList\",\"@id\":\"https:\\\/\\\/www.pilgrim.es\\\/de\\\/franzosischer-weg\\\/carrion-de-los-condes\\\/#breadcrumb\",\"itemListElement\":[{\"@type\":\"ListItem\",\"position\":1,\"name\":\"Camino de Santiago\",\"item\":\"https:\\\/\\\/www.pilgrim.es\\\/de\\\/\"},{\"@type\":\"ListItem\",\"position\":2,\"name\":\"Franz\u00f6sischer Weg\",\"item\":\"https:\\\/\\\/www.pilgrim.es\\\/de\\\/franzosischer-weg\\\/\"},{\"@type\":\"ListItem\",\"position\":3,\"name\":\"Carri\u00f3n de los Condes\"}]},{\"@type\":\"WebSite\",\"@id\":\"https:\\\/\\\/www.pilgrim.es\\\/de\\\/#website\",\"url\":\"https:\\\/\\\/www.pilgrim.es\\\/de\\\/\",\"name\":\"Pilgrim\",\"description\":\"Camino de Santiago | Caminamos Contigo\",\"publisher\":{\"@id\":\"https:\\\/\\\/www.pilgrim.es\\\/de\\\/#organization\"},\"potentialAction\":[{\"@type\":\"SearchAction\",\"target\":{\"@type\":\"EntryPoint\",\"urlTemplate\":\"https:\\\/\\\/www.pilgrim.es\\\/de\\\/?s={search_term_string}\"},\"query-input\":{\"@type\":\"PropertyValueSpecification\",\"valueRequired\":true,\"valueName\":\"search_term_string\"}}],\"inLanguage\":\"de\"},{\"@type\":\"Organization\",\"@id\":\"https:\\\/\\\/www.pilgrim.es\\\/de\\\/#organization\",\"name\":\"Pilgrim Camino de Santiago\",\"url\":\"https:\\\/\\\/www.pilgrim.es\\\/de\\\/\",\"logo\":{\"@type\":\"ImageObject\",\"inLanguage\":\"de\",\"@id\":\"https:\\\/\\\/www.pilgrim.es\\\/de\\\/#\\\/schema\\\/logo\\\/image\\\/\",\"url\":\"https:\\\/\\\/www.pilgrim.es\\\/wp-content\\\/uploads\\\/2019\\\/04\\\/logo_pilgrim.png\",\"contentUrl\":\"https:\\\/\\\/www.pilgrim.es\\\/wp-content\\\/uploads\\\/2019\\\/04\\\/logo_pilgrim.png\",\"width\":512,\"height\":512,\"caption\":\"Pilgrim Camino de Santiago\"},\"image\":{\"@id\":\"https:\\\/\\\/www.pilgrim.es\\\/de\\\/#\\\/schema\\\/logo\\\/image\\\/\"},\"sameAs\":[\"https:\\\/\\\/www.facebook.com\\\/pilgrim.es\\\/\",\"https:\\\/\\\/x.com\\\/pilgrim_es\",\"https:\\\/\\\/www.instagram.com\\\/pilgrim.es\\\/\",\"https:\\\/\\\/www.linkedin.com\\\/company\\\/pilgrim-camino-de-santiago\\\/\",\"https:\\\/\\\/www.pinterest.es\\\/pilgrimcaminodesantiago\\\/\",\"https:\\\/\\\/www.youtube.com\\\/channel\\\/UCIv2ZzFLXVqthkNF32rKedw\\\/featured\"]}]}<\/script>\n<!-- \/ Yoast SEO plugin. -->","yoast_head_json":{"title":"Carri\u00f3n de los Condes: Was sehen und wo \u00fcbernachten | Jakobsweg | Pilgrim","description":"Carri\u00f3n de los Condes Entdecken Sie alle Informationen \u00fcber Unterk\u00fcnfte, Anreise, Gastronomie und die wichtigsten Sehensw\u00fcrdigkeiten der Orte am Franz\u00f6sischer Weg","robots":{"index":"index","follow":"follow","max-snippet":"max-snippet:-1","max-image-preview":"max-image-preview:large","max-video-preview":"max-video-preview:-1"},"canonical":"https:\/\/www.pilgrim.es\/de\/franzosischer-weg\/carrion-de-los-condes\/","og_locale":"de_DE","og_type":"article","og_title":"Carri\u00f3n de los Condes: Was sehen und wo \u00fcbernachten | Jakobsweg | Pilgrim","og_description":"Carri\u00f3n de los Condes Entdecken Sie alle Informationen \u00fcber Unterk\u00fcnfte, Anreise, Gastronomie und die wichtigsten Sehensw\u00fcrdigkeiten der Orte am Franz\u00f6sischer Weg","og_url":"https:\/\/www.pilgrim.es\/de\/franzosischer-weg\/carrion-de-los-condes\/","og_site_name":"Pilgrim","article_publisher":"https:\/\/www.facebook.com\/pilgrim.es\/","og_image":[{"width":770,"height":546,"url":"https:\/\/www.pilgrim.es\/wp-content\/uploads\/2019\/02\/carrion-de-los-condes-2.jpg","type":"image\/jpeg"}],"twitter_card":"summary_large_image","twitter_site":"@pilgrim_es","twitter_misc":{"Gesch\u00e4tzte Lesezeit":"16\u00a0Minuten"},"schema":{"@context":"https:\/\/schema.org","@graph":[{"@type":"WebPage","@id":"https:\/\/www.pilgrim.es\/de\/franzosischer-weg\/carrion-de-los-condes\/","url":"https:\/\/www.pilgrim.es\/de\/franzosischer-weg\/carrion-de-los-condes\/","name":"Carri\u00f3n de los Condes: Was sehen und wo \u00fcbernachten | Jakobsweg | Pilgrim","isPartOf":{"@id":"https:\/\/www.pilgrim.es\/de\/#website"},"primaryImageOfPage":{"@id":"https:\/\/www.pilgrim.es\/de\/franzosischer-weg\/carrion-de-los-condes\/#primaryimage"},"image":{"@id":"https:\/\/www.pilgrim.es\/de\/franzosischer-weg\/carrion-de-los-condes\/#primaryimage"},"thumbnailUrl":"https:\/\/www.pilgrim.es\/wp-content\/uploads\/2019\/02\/carrion-de-los-condes-2.jpg","datePublished":"2025-03-17T13:17:08+00:00","description":"Carri\u00f3n de los Condes Entdecken Sie alle Informationen \u00fcber Unterk\u00fcnfte, Anreise, Gastronomie und die wichtigsten Sehensw\u00fcrdigkeiten der Orte am Franz\u00f6sischer Weg","breadcrumb":{"@id":"https:\/\/www.pilgrim.es\/de\/franzosischer-weg\/carrion-de-los-condes\/#breadcrumb"},"inLanguage":"de","potentialAction":[{"@type":"ReadAction","target":["https:\/\/www.pilgrim.es\/de\/franzosischer-weg\/carrion-de-los-condes\/"]}]},{"@type":"ImageObject","inLanguage":"de","@id":"https:\/\/www.pilgrim.es\/de\/franzosischer-weg\/carrion-de-los-condes\/#primaryimage","url":"https:\/\/www.pilgrim.es\/wp-content\/uploads\/2019\/02\/carrion-de-los-condes-2.jpg","contentUrl":"https:\/\/www.pilgrim.es\/wp-content\/uploads\/2019\/02\/carrion-de-los-condes-2.jpg","width":770,"height":546,"caption":"Carri\u00f3n de los Condes"},{"@type":"BreadcrumbList","@id":"https:\/\/www.pilgrim.es\/de\/franzosischer-weg\/carrion-de-los-condes\/#breadcrumb","itemListElement":[{"@type":"ListItem","position":1,"name":"Camino de Santiago","item":"https:\/\/www.pilgrim.es\/de\/"},{"@type":"ListItem","position":2,"name":"Franz\u00f6sischer Weg","item":"https:\/\/www.pilgrim.es\/de\/franzosischer-weg\/"},{"@type":"ListItem","position":3,"name":"Carri\u00f3n de los Condes"}]},{"@type":"WebSite","@id":"https:\/\/www.pilgrim.es\/de\/#website","url":"https:\/\/www.pilgrim.es\/de\/","name":"Pilgrim","description":"Camino de Santiago | Caminamos Contigo","publisher":{"@id":"https:\/\/www.pilgrim.es\/de\/#organization"},"potentialAction":[{"@type":"SearchAction","target":{"@type":"EntryPoint","urlTemplate":"https:\/\/www.pilgrim.es\/de\/?s={search_term_string}"},"query-input":{"@type":"PropertyValueSpecification","valueRequired":true,"valueName":"search_term_string"}}],"inLanguage":"de"},{"@type":"Organization","@id":"https:\/\/www.pilgrim.es\/de\/#organization","name":"Pilgrim Camino de Santiago","url":"https:\/\/www.pilgrim.es\/de\/","logo":{"@type":"ImageObject","inLanguage":"de","@id":"https:\/\/www.pilgrim.es\/de\/#\/schema\/logo\/image\/","url":"https:\/\/www.pilgrim.es\/wp-content\/uploads\/2019\/04\/logo_pilgrim.png","contentUrl":"https:\/\/www.pilgrim.es\/wp-content\/uploads\/2019\/04\/logo_pilgrim.png","width":512,"height":512,"caption":"Pilgrim Camino de Santiago"},"image":{"@id":"https:\/\/www.pilgrim.es\/de\/#\/schema\/logo\/image\/"},"sameAs":["https:\/\/www.facebook.com\/pilgrim.es\/","https:\/\/x.com\/pilgrim_es","https:\/\/www.instagram.com\/pilgrim.es\/","https:\/\/www.linkedin.com\/company\/pilgrim-camino-de-santiago\/","https:\/\/www.pinterest.es\/pilgrimcaminodesantiago\/","https:\/\/www.youtube.com\/channel\/UCIv2ZzFLXVqthkNF32rKedw\/featured"]}]}},"_links":{"self":[{"href":"https:\/\/www.pilgrim.es\/de\/wp-json\/wp\/v2\/pages\/91087","targetHints":{"allow":["GET"]}}],"collection":[{"href":"https:\/\/www.pilgrim.es\/de\/wp-json\/wp\/v2\/pages"}],"about":[{"href":"https:\/\/www.pilgrim.es\/de\/wp-json\/wp\/v2\/types\/page"}],"replies":[{"embeddable":true,"href":"https:\/\/www.pilgrim.es\/de\/wp-json\/wp\/v2\/comments?post=91087"}],"version-history":[{"count":0,"href":"https:\/\/www.pilgrim.es\/de\/wp-json\/wp\/v2\/pages\/91087\/revisions"}],"up":[{"embeddable":true,"href":"https:\/\/www.pilgrim.es\/de\/wp-json\/wp\/v2\/pages\/10659"}],"wp:featuredmedia":[{"embeddable":true,"href":"https:\/\/www.pilgrim.es\/de\/wp-json\/wp\/v2\/media\/2574"}],"wp:attachment":[{"href":"https:\/\/www.pilgrim.es\/de\/wp-json\/wp\/v2\/media?parent=91087"}],"wp:term":[{"taxonomy":"category","embeddable":true,"href":"https:\/\/www.pilgrim.es\/de\/wp-json\/wp\/v2\/categories?post=91087"},{"taxonomy":"post_tag","embeddable":true,"href":"https:\/\/www.pilgrim.es\/de\/wp-json\/wp\/v2\/tags?post=91087"}],"curies":[{"name":"wp","href":"https:\/\/api.w.org\/{rel}","templated":true}]}}