{"id":91078,"date":"2025-03-17T13:14:31","date_gmt":"2025-03-17T13:14:31","guid":{"rendered":"https:\/\/www.pilgrim.es\/franzosischer-weg\/castrojeriz\/"},"modified":"2025-03-17T13:14:31","modified_gmt":"2025-03-17T13:14:31","slug":"castrojeriz","status":"publish","type":"page","link":"https:\/\/www.pilgrim.es\/de\/franzosischer-weg\/castrojeriz\/","title":{"rendered":"Castrojeriz"},"content":{"rendered":" <section id=\"hero\">\n\t<h1>Castrojeriz<\/h1>\n\t<div class=\"hero-grid\">\n\t\t<div class=\"hero-grid__town-col\" data-background=\"https:\/\/cdn.pilgrim.es\/web\/caminos\/camino-frances\/pueblos\/castrojeriz\/castrojeriz.jpg\">\n\t\t\t<div>\n\t\t\t\t<a class=\"link-to-stage\" href=\"https:\/\/www.pilgrim.es\/camino-frances\/etapa-14-hornillos-del-camino-castrojeriz\/\">\n\t\t\t\t\t<p>&#8249; Zur\u00fcck zur B\u00fchne<\/p>\n\t\t\t\t<\/a>\n\n\t\t\t\t<div class=\"town-data\">\n\t\t\t\t\t<h2>Castrojeriz<\/h2>\n\t\t\t\t\t<ul>\n\t\t\t\t\t\t<li>Einwohner: 845 aprox.<\/li>\n\t\t\t\t\t\t<li>Bundesland: Burgos<\/li>\n\t\t\t\t\t<\/ul>\n\t\t\t\t<\/div>\n\t\t\t<\/div>\n\t\t<\/div>\n\t\t<div class=\"hero-grid__planner-col\"><div\r\n  class=\"p-col-span-1 p-rounded-lg p-px-5 p-h-full\"\r\n  style=\"background-image: url('https:\/\/cdn.pilgrim.es\/web\/pilgrim-planner\/bg-plugin-planificador.webp')\"\r\n  rel=\"preload\"\r\n  fetchpriority=\"high\"\r\n  >\r\n    <div class=\"p-text-center p-pt-5 p-text-white p-text-2xl p-font-semibold\">\r\n      Plane deinen Weg    <\/div>\r\n    <div\r\n            id='primary-app'\r\n            data-name='banner'\r\n            data-api='https:\/\/pathfinder.pilgrim.es\/api\/pathfinder\/v2'\r\n            data-mode='normal'\r\n            data-lang='de'\r\n            data-route='1'\r\n            data-destiny='https:\/\/planificador.pilgrim.es'\r\n            data-modality='1'\r\n            data-inline=''\r\n        ><\/div><\/div><\/div>\n\t<\/div>\n<\/section>\n\n<section id=\"infoTown\">\n\t<div class=\"sections-town\">\n\n\t\t<div id=\"informationSection\">\n\t\t\t<div>\n\t\t\t\t<h2 class=\"p-h2-town\">Informationen<\/h2>\n\t\t\t\t<hr>\n\t\t\t\t<h3 class=\"p-h3-town\">Get to know Castrojeriz<\/h3>\n\t\t\t<\/div>\n\t\t\t<p>Dieses kleine Dorf liegt am Fluss Odra am Franz\u00f6sischen Weg und hat seit der Entdeckung des Grabes des Heiligen Jakobus eine gro\u00dfe Anzahl von Pilgern aufgenommen.<\/p> <p>Deshalb waren die Reisenden, die in der Vergangenheit in dem Dorf ankamen, \u00fcberrascht, das pr\u00e4chtige Pilgerhospital von San Ant\u00f3n zu finden, einen der wichtigsten Punkte des Jakobsweges.<\/p> <p>\n\t\t<\/div>\n\n\t\t<div id=\"locationSection\">\n\t\t\t<div>\n\t\t\t\t<h2 class=\"p-h2-town\">Standort<\/h2>\n\t\t\t\t<hr>\n\t\t\t\t<h3 class=\"p-h3-town\">Wegbeschreibung<\/h3>\n\t\t\t<\/div>\n\t\t\t<p>Das Dorf Castrojeriz erreicht man am besten \u00fcber die Autobahn A-231, die Burgos und Le\u00f3n verbindet. \u00dcber Sasam\u00f3n f\u00e4hrt man auf der N-12 bis Villasandino und nimmt dort schlie\u00dflich die BU-404, um zum Dorf zu gelangen. Wenn Sie aus Madrid kommen, nehmen Sie am besten die E-1 bis Lerma, dann die N-622 und die E-80 Richtung Burgos und in Villaquir\u00e1n de los Infantes die BU-400.\n\n<p>Mit den \u00f6ffentlichen Verkehrsmitteln ist es am einfachsten und empfehlenswertesten, in Burgos anzukommen und in der Stadt einen Bus zu nehmen, der Burgos t\u00e4glich mit Castrojeriz verbindet, obwohl es auch Linien ab Fr\u00f3mista gibt.\n\t\t\t<div>\n\t\t\t\t<div>\n  <iframe loading=\"lazy\"\n    src=\"https:\/\/www.google.com\/maps\/d\/embed?mid=1EVzesr_vixngpUmFFPSOdnH-Ux2rA9U&amp;ehbc=2E312F\"\n    width=\"640\"\n    height=\"480\"\n    alt=\"Mapa Castrojeriz\"\n  ><\/iframe>\n<\/div>\n\n\t\t\t<\/div>\n\t\t<\/div>\n\n\t\t\n\t\t\t<div id=\"toVisitSection\">\n\t\t\t\t<div>\n\t\t\t\t\t<h2 class=\"p-h2-town\">Geschichte \/ Kultur<\/h2>\n\t\t\t\t\t<hr>\n\t\t\t\t\t<h3 class=\"p-h3-town\">Was es zu sehen gibt<\/h3>\n\t\t\t\t<\/div>\n\t\t\t\t<div>\n\t\t\t\t\t<div class=\"accordion\">\n\t\t\t\t\t\t<div class=\"accordion__menu\">\n\t\t\t\t\t\t\t<nav>\n\t\t\t\t\t\t\t\t\n\t\t\t\t\t\t\t\t\t<button class=\"nav-tab-accordion active\"><span>&#10093;<\/span><span> Casa Gutierrez Barona<\/span><\/button>\n\t\t\t\t\t\t\t\t\n\t\t\t\t\t\t\t\t\t<button class=\"nav-tab-accordion \"><span>&#10093;<\/span><span> Museo Etnogr\u00e1fico<\/span><\/button>\n\t\t\t\t\t\t\t\t\n\t\t\t\t\t\t\t\t\t<button class=\"nav-tab-accordion \"><span>&#10093;<\/span><span> Plaza Mayor y Ayuntamiento<\/span><\/button>\n\t\t\t\t\t\t\t\t\n\t\t\t\t\t\t\t\t\t<button class=\"nav-tab-accordion \"><span>&#10093;<\/span><span> Iglesia de Santo Domingo<\/span><\/button>\n\t\t\t\t\t\t\t\t\n\t\t\t\t\t\t\t\t\t<button class=\"nav-tab-accordion \"><span>&#10093;<\/span><span> Iglesia de San Miguel de Tabanera<\/span><\/button>\n\t\t\t\t\t\t\t\t\n\t\t\t\t\t\t\t\t\t<button class=\"nav-tab-accordion \"><span>&#10093;<\/span><span> Iglesia de la Virgen del Manzano<\/span><\/button>\n\t\t\t\t\t\t\t\t\n\t\t\t\t\t\t\t\t\t<button class=\"nav-tab-accordion \"><span>&#10093;<\/span><span> Hospital General San Ant\u00f3n<\/span><\/button>\n\t\t\t\t\t\t\t\t\n\t\t\t\t\t\t\t\t\t<button class=\"nav-tab-accordion \"><span>&#10093;<\/span><span> Convento de Santa Clara<\/span><\/button>\n\t\t\t\t\t\t\t\t\n\t\t\t\t\t\t\t\t\t<button class=\"nav-tab-accordion \"><span>&#10093;<\/span><span> Iglesia de San Juan<\/span><\/button>\n\t\t\t\t\t\t\t\t\n\t\t\t\t\t\t\t\t\t<button class=\"nav-tab-accordion \"><span>&#10093;<\/span><span> Claustro de la Iglesia de San Juan<\/span><\/button>\n\t\t\t\t\t\t\t\t\n\t\t\t\t\t\t\t\t\t<button class=\"nav-tab-accordion \"><span>&#10093;<\/span><span> Arcos del Monasterio de San Francisco<\/span><\/button>\n\t\t\t\t\t\t\t\t\n\t\t\t\t\t\t\t\t\t<button class=\"nav-tab-accordion \"><span>&#10093;<\/span><span> Museo del Arte Sacro<\/span><\/button>\n\t\t\t\t\t\t\t\t\n\t\t\t\t\t\t\t<\/nav>\n\t\t\t\t\t\t<\/div>\n\n\t\t\t\t\t\t\n\t\t\t\t\t\t\t<div class=\"accordion__accordion-content \">\n\t\t\t\t\t\t\t\t<div>\n\t\t\t\t\t\t\t\t\t<div>\n\t\t\t\t\t\t\t\t\t\t<h4>Casa Gutierrez Barona<\/h4>\n\t\t\t\t\t\t\t\t\t\t<p>Die Casa Guti\u00e9rrez Barona befindet sich im Viertel San Juan und ist eines der Geb\u00e4ude, die der Adel bei Steinmetzen in Auftrag gab. Dieses Haus wurde Ende des 14. Jahrhunderts erbaut, obwohl es sp\u00e4ter den Besitzer wechselte und einige Ver\u00e4nderungen erfuhr. <\/p>\n\n<p>Gegenw\u00e4rtig ist das Geb\u00e4ude als Altersheim eingerichtet.\n\t\t\t\t\t\t\t\t\t<\/div>\n\t\t\t\t\t\t\t\t\t<img decoding=\"async\" src=\"https:\/\/cdn.pilgrim.es\/web\/caminos\/camino-frances\/pueblos\/castrojeriz\/puntos-de-interes\/casa-gutierrez-barona.jpg\" alt=\"Casa Gutierrez Barona\">\n\t\t\t\t\t\t\t\t<\/div>\n\t\t\t\t\t\t\t<\/div>\n\t\t\t\t\t\t\n\t\t\t\t\t\t\t<div class=\"accordion__accordion-content inactive\">\n\t\t\t\t\t\t\t\t<div>\n\t\t\t\t\t\t\t\t\t<div>\n\t\t\t\t\t\t\t\t\t\t<h4>Museo Etnogr\u00e1fico<\/h4>\n\t\t\t\t\t\t\t\t\t\t<p>Dieses ethnografische Museum befindet sich in einem von Do\u00f1a Josefina Gonz\u00e1lez Santos 1999 gestifteten Haus. Es wurde mit dem Ziel eingerichtet, das t\u00e4gliche Leben und die Br\u00e4uche der Dorfbewohner zu zeigen, die einst in Castrojeriz lebten.\n\t\t\t\t\t\t\t\t\t<\/div>\n\t\t\t\t\t\t\t\t\t<img decoding=\"async\" src=\"https:\/\/cdn.pilgrim.es\/web\/caminos\/camino-frances\/pueblos\/castrojeriz\/puntos-de-interes\/museo-etnografico.jpg\" alt=\"Museo Etnogr\u00e1fico\">\n\t\t\t\t\t\t\t\t<\/div>\n\t\t\t\t\t\t\t<\/div>\n\t\t\t\t\t\t\n\t\t\t\t\t\t\t<div class=\"accordion__accordion-content inactive\">\n\t\t\t\t\t\t\t\t<div>\n\t\t\t\t\t\t\t\t\t<div>\n\t\t\t\t\t\t\t\t\t\t<h4>Plaza Mayor y Ayuntamiento<\/h4>\n\t\t\t\t\t\t\t\t\t\t<p>Die Plaza Mayor befindet sich im Zentrum der Stadt Castrojeriz und wird vom Rathaus \u00fcberragt. <\/p>\n\n<p>Hier wurden die M\u00e4rkte der Stadt abgehalten und es sind noch die Reste von S\u00e4ulen aus dem 16. Das Rathausgeb\u00e4ude stammt aus dem 17. Jahrhundert, wurde jedoch im Inneren renoviert, um Verwaltungsaufgaben zu erf\u00fcllen und das Archiv und die Gemeindeb\u00fcros unterzubringen.\n\t\t\t\t\t\t\t\t\t<\/div>\n\t\t\t\t\t\t\t\t\t<img decoding=\"async\" src=\"https:\/\/cdn.pilgrim.es\/web\/caminos\/camino-frances\/pueblos\/castrojeriz\/puntos-de-interes\/plaza-mayor-castrojeriz.jpg\" alt=\"Plaza Mayor y Ayuntamiento\">\n\t\t\t\t\t\t\t\t<\/div>\n\t\t\t\t\t\t\t<\/div>\n\t\t\t\t\t\t\n\t\t\t\t\t\t\t<div class=\"accordion__accordion-content inactive\">\n\t\t\t\t\t\t\t\t<div>\n\t\t\t\t\t\t\t\t\t<div>\n\t\t\t\t\t\t\t\t\t\t<h4>Iglesia de Santo Domingo<\/h4>\n\t\t\t\t\t\t\t\t\t\t<p>Die Kirche Santo Domingo ist eine Mischung aus verschiedenen architektonischen Stilen, auch wenn ihre allgemeine Struktur im gotischen Stil gehalten ist. Im neoklassischen Stil sind die Gew\u00f6lbe, die sie bedecken, sowie das Hauptaltarbild, das den Altarraum beherrscht. Im plateresken Stil hebt sich das Eingangsportal aus dem 16.\n\t\t\t\t\t\t\t\t\t<\/div>\n\t\t\t\t\t\t\t\t\t<img decoding=\"async\" src=\"https:\/\/cdn.pilgrim.es\/web\/caminos\/camino-frances\/pueblos\/castrojeriz\/puntos-de-interes\/iglesia-santo-domingo.jpg\" alt=\"Iglesia de Santo Domingo\">\n\t\t\t\t\t\t\t\t<\/div>\n\t\t\t\t\t\t\t<\/div>\n\t\t\t\t\t\t\n\t\t\t\t\t\t\t<div class=\"accordion__accordion-content inactive\">\n\t\t\t\t\t\t\t\t<div>\n\t\t\t\t\t\t\t\t\t<div>\n\t\t\t\t\t\t\t\t\t\t<h4>Iglesia de San Miguel de Tabanera<\/h4>\n\t\t\t\t\t\t\t\t\t\t<p>Die Kirche San Miguel de Tabanera wurde 1607 im Auftrag von Isabel de Padilla errichtet, nachdem die Kirche an gleicher Stelle eingest\u00fcrzt war. Beim Bau wurden die Steine der urspr\u00fcnglichen Kirche wiederverwendet und die Formen des Bauwerks, wie z. B. das erste Stockwerk des Turms, beibehalten. Der Turm hat einen quadratischen Grundriss mit seitlichen \u00d6ffnungen ohne Fenster und ist mit einer spitzen Kuppel bedeckt, die aus Granitquadern errichtet wurde.<\/p> <p>Der Turm hat einen quadratischen Grundriss mit seitlichen \u00d6ffnungen ohne Fenster und ist mit einer spitzen Kuppel bedeckt, die aus Granitquadern errichtet wurde.\n\t\t\t\t\t\t\t\t\t<\/div>\n\t\t\t\t\t\t\t\t\t<img decoding=\"async\" src=\"https:\/\/cdn.pilgrim.es\/web\/caminos\/camino-frances\/pueblos\/castrojeriz\/puntos-de-interes\/iglesia-san-miguel-tabanera.jpg\" alt=\"Iglesia de San Miguel de Tabanera\">\n\t\t\t\t\t\t\t\t<\/div>\n\t\t\t\t\t\t\t<\/div>\n\t\t\t\t\t\t\n\t\t\t\t\t\t\t<div class=\"accordion__accordion-content inactive\">\n\t\t\t\t\t\t\t\t<div>\n\t\t\t\t\t\t\t\t\t<div>\n\t\t\t\t\t\t\t\t\t\t<h4>Iglesia de la Virgen del Manzano<\/h4>\n\t\t\t\t\t\t\t\t\t\t<p>Die Kirche Virgen del Manzano wurde im Jahr 1214 w\u00e4hrend des \u00dcbergangs zur Gotik erbaut, erfuhr jedoch mehrere Umbauten, von denen der bemerkenswerteste im 18. W\u00e4hrend dieser Reform wurden folgende Erweiterungen vorgenommen: die Kapelle der Virgen del Manzano wurde gebaut, die Krypta, in der die Grafen begraben waren, wurde ausgegraben, die neue Apsis wurde angebracht und der neue Turm wurde errichtet. <\/p>\n\n<p>Heute beherbergt das Innere das Museum f\u00fcr sakrale Kunst, in dem verschiedene mittelalterliche Skulpturen, fl\u00e4mische Gem\u00e4lde, Pergamente usw. ausgestellt sind.<\/p> <p>.\n\t\t\t\t\t\t\t\t\t<\/div>\n\t\t\t\t\t\t\t\t\t<img decoding=\"async\" src=\"https:\/\/cdn.pilgrim.es\/web\/caminos\/camino-frances\/pueblos\/castrojeriz\/puntos-de-interes\/iglesia-virgen-del-manzano.jpg\" alt=\"Iglesia de la Virgen del Manzano\">\n\t\t\t\t\t\t\t\t<\/div>\n\t\t\t\t\t\t\t<\/div>\n\t\t\t\t\t\t\n\t\t\t\t\t\t\t<div class=\"accordion__accordion-content inactive\">\n\t\t\t\t\t\t\t\t<div>\n\t\t\t\t\t\t\t\t\t<div>\n\t\t\t\t\t\t\t\t\t\t<h4>Hospital General San Ant\u00f3n<\/h4>\n\t\t\t\t\t\t\t\t\t\t<p>Das Allgemeine Krankenhaus San Ant\u00f3n, das im 14. Jahrhundert erbaut wurde, um die Pilger zu empfangen und zu versorgen, liegt am Stadtrand von Castrojeriz am Franz\u00f6sischen Weg, so dass die Pilger auf dieses Krankenhaus stie\u00dfen, bevor sie das Stadtzentrum erreichten.<\/p> <p>Das Allgemeine Krankenhaus San Ant\u00f3n, das im 14. Jahrhundert erbaut wurde, um die Pilger zu empfangen und zu versorgen, liegt am Stadtrand von Castrojeriz am Franz\u00f6sischen Weg, so dass die Pilger auf dieses Krankenhaus stie\u00dfen, bevor sie das Stadtzentrum erreichten.\n\t\t\t\t\t\t\t\t\t<\/div>\n\t\t\t\t\t\t\t\t\t<img decoding=\"async\" src=\"https:\/\/cdn.pilgrim.es\/web\/caminos\/camino-frances\/pueblos\/castrojeriz\/puntos-de-interes\/hospi\u0300tal-general-san-anton.jpg\" alt=\"Hospital General San Ant\u00f3n\">\n\t\t\t\t\t\t\t\t<\/div>\n\t\t\t\t\t\t\t<\/div>\n\t\t\t\t\t\t\n\t\t\t\t\t\t\t<div class=\"accordion__accordion-content inactive\">\n\t\t\t\t\t\t\t\t<div>\n\t\t\t\t\t\t\t\t\t<div>\n\t\t\t\t\t\t\t\t\t\t<h4>Convento de Santa Clara<\/h4>\n\t\t\t\t\t\t\t\t\t\t<p>Das Kloster Santa Clara ist im Stil der l\u00e4ndlichen Gotik von Burgos gehalten und wurde zuletzt im 18. Vor 1326, dem Jahr, in dem der Klarissenorden seinen Sitz in das Kloster verlegte, geh\u00f6rte das Geb\u00e4ude den Franziskanern. Damals, als die M\u00fctter einzogen, beschlossen sie, W\u00e4scherei- und Konditoreidienste anzubieten, um wirtschaftliche Vorteile zu erzielen und das Geb\u00e4ude zu erhalten.\n\n<p>Im Jahr 1976 feierte die Gemeinschaft der Armen Klarissen ihr 650-j\u00e4hriges Bestehen in diesem Dorf. <\/p>\n\t\t\t\t\t\t\t\t\t<\/div>\n\t\t\t\t\t\t\t\t\t<img decoding=\"async\" src=\"https:\/\/cdn.pilgrim.es\/web\/caminos\/camino-frances\/pueblos\/castrojeriz\/puntos-de-interes\/convento-santa-clara.jpg\" alt=\"Convento de Santa Clara\">\n\t\t\t\t\t\t\t\t<\/div>\n\t\t\t\t\t\t\t<\/div>\n\t\t\t\t\t\t\n\t\t\t\t\t\t\t<div class=\"accordion__accordion-content inactive\">\n\t\t\t\t\t\t\t\t<div>\n\t\t\t\t\t\t\t\t\t<div>\n\t\t\t\t\t\t\t\t\t\t<h4>Iglesia de San Juan<\/h4>\n\t\t\t\t\t\t\t\t\t\t<p>Die Kirche San Juan ist ein Werk von Rodrigo Gil de Honta\u00f1\u00f3n aus dem 16. Jahrhundert im Stil der deutschen Gotik. Jahrhundert im Stil der deutschen Gotik. Charakteristisch f\u00fcr diesen Stil ist, dass die drei Kirchenschiffe auf der gleichen H\u00f6he wie das Mittelschiff angeordnet sind, wie es auch bei dieser Kirche der Fall ist.\n\n<p>Im Inneren der Kirche befinden sich ein kleiner Kreuzgang aus dem 14. Jahrhundert und zwei Seitenkapellen, die der Heiligen Anna und dem Dulce Nombre de Jes\u00fas gewidmet sind. Das barocke Hauptaltarbild und das platereske Seitenaltarbild, das der Heiligen Anna gewidmet ist, vervollst\u00e4ndigen den Altarraum.\n\t\t\t\t\t\t\t\t\t<\/div>\n\t\t\t\t\t\t\t\t\t<img decoding=\"async\" src=\"https:\/\/cdn.pilgrim.es\/web\/caminos\/camino-frances\/pueblos\/castrojeriz\/puntos-de-interes\/iglesia-san-juan.jpg\" alt=\"Iglesia de San Juan\">\n\t\t\t\t\t\t\t\t<\/div>\n\t\t\t\t\t\t\t<\/div>\n\t\t\t\t\t\t\n\t\t\t\t\t\t\t<div class=\"accordion__accordion-content inactive\">\n\t\t\t\t\t\t\t\t<div>\n\t\t\t\t\t\t\t\t\t<div>\n\t\t\t\t\t\t\t\t\t\t<h4>Claustro de la Iglesia de San Juan<\/h4>\n\t\t\t\t\t\t\t\t\t\t<p>Der Kreuzgang der Kirche San Juan wurde im 16. Jahrhundert auf einem urspr\u00fcnglichen gotischen Kreuzgang aus dem 15. Jahrhundert errichtet. Heute sind im Kreuzgang die drei Ostfl\u00fcgel und die Mud\u00e9jar-Wandmalereien erhalten, mit denen seine S\u00e4ulen bedeckt waren.<\/p> <p>Der Kreuzgang wurde im 16. Jahrhundert auf einem anderen gotischen Original aus dem 15.\n\t\t\t\t\t\t\t\t\t<\/div>\n\t\t\t\t\t\t\t\t\t<img decoding=\"async\" src=\"https:\/\/cdn.pilgrim.es\/web\/caminos\/camino-frances\/pueblos\/castrojeriz\/puntos-de-interes\/claustro-iglesia-san-juan.jpg\" alt=\"Claustro de la Iglesia de San Juan\">\n\t\t\t\t\t\t\t\t<\/div>\n\t\t\t\t\t\t\t<\/div>\n\t\t\t\t\t\t\n\t\t\t\t\t\t\t<div class=\"accordion__accordion-content inactive\">\n\t\t\t\t\t\t\t\t<div>\n\t\t\t\t\t\t\t\t\t<div>\n\t\t\t\t\t\t\t\t\t\t<h4>Arcos del Monasterio de San Francisco<\/h4>\n\t\t\t\t\t\t\t\t\t\t<p>Nur wenige Reste des Bogens des Klosters San Francisco aus dem 14. Jahrhundert sind erhalten geblieben. Dieses Franziskanerkloster wurde in der Mitte der Franz\u00f6sischen Route gebaut, um das Kolleg und das Noviziat zu beherbergen, aber nur bis zum 15. Jahrhundert, da es mit der Ankunft der Entm\u00fcndigung von Mendiz\u00e1bal aufgegeben wurde. <\/p>\n\t\t\t\t\t\t\t\t\t<\/div>\n\t\t\t\t\t\t\t\t\t<img decoding=\"async\" src=\"https:\/\/cdn.pilgrim.es\/web\/caminos\/camino-frances\/pueblos\/castrojeriz\/puntos-de-interes\/arcos-monasterio-san-francisco.jpg\" alt=\"Arcos del Monasterio de San Francisco\">\n\t\t\t\t\t\t\t\t<\/div>\n\t\t\t\t\t\t\t<\/div>\n\t\t\t\t\t\t\n\t\t\t\t\t\t\t<div class=\"accordion__accordion-content inactive\">\n\t\t\t\t\t\t\t\t<div>\n\t\t\t\t\t\t\t\t\t<div>\n\t\t\t\t\t\t\t\t\t\t<h4>Museo del Arte Sacro<\/h4>\n\t\t\t\t\t\t\t\t\t\t<p>Das Museum f\u00fcr sakrale Kunst befindet sich in der Kirche der Jungfrau Santa Mar\u00eda del Mandazo und wurde mit dem Ziel errichtet, verschiedene Skulpturen, Schnitzereien und Gem\u00e4lde zu zeigen, die sich darin befinden, wie z. B. das Rokoko-Altarbild des Hauptaltars, die Gr\u00e4ber der Grafen von Castro, Gem\u00e4lde von Berruguete, Diego de Silo\u00e9, Carducho usw. <\/p>\n\t\t\t\t\t\t\t\t\t<\/div>\n\t\t\t\t\t\t\t\t\t<img decoding=\"async\" src=\"https:\/\/cdn.pilgrim.es\/web\/caminos\/camino-frances\/pueblos\/castrojeriz\/puntos-de-interes\/museo-arte-sacro.jpg\" alt=\"Museo del Arte Sacro\">\n\t\t\t\t\t\t\t\t<\/div>\n\t\t\t\t\t\t\t<\/div>\n\t\t\t\t\t\t\n\t\t\t\t\t<\/div>\n\t\t\t\t<\/div>\n\t\t\t<\/div>\n\t\t\n\n\t\t<div id=\"phonesSection\">\n\t\t\t<div>\n\t\t\t\t<h2 class=\"p-h3-town\">Informationen von Interesse<\/h2>\n\t\t\t<\/div>\n\t\t\t<div class=\"grid\">\n\t\t\t\t\n\t\t\t\t\t<div class=\"phone-number-item\">\n\t\t\t\t\t\t<div class=\"phone-number-item__icon\"><i class=\"icon-police\"><\/i><\/div>\n\t\t\t\t\t\t<div class=\"phone-number-item__title\">\n\t\t\t\t\t\t\t<h3 class=\"p-font-bold\">Ortspolizei<\/h3>\n\t\t\t\t\t\t\t<p>112<\/p>\n\t\t\t\t\t\t\t\n\t\t\t\t\t\t<\/div>\n\t\t\t\t\t<\/div>\n\t\t\t\t\n\t\t\t\t\t<div class=\"phone-number-item\">\n\t\t\t\t\t\t<div class=\"phone-number-item__icon\"><i class=\"icon-spanish-military-police\"><\/i><\/div>\n\t\t\t\t\t\t<div class=\"phone-number-item__title\">\n\t\t\t\t\t\t\t<h3 class=\"p-font-bold\">Zivilwache<\/h3>\n\t\t\t\t\t\t\t<p>947 377 031<\/p>\n\t\t\t\t\t\t\t\n\t\t\t\t\t\t<\/div>\n\t\t\t\t\t<\/div>\n\t\t\t\t\n\t\t\t\t\t<div class=\"phone-number-item\">\n\t\t\t\t\t\t<div class=\"phone-number-item__icon\"><i class=\"icon-firefighters\"><\/i><\/div>\n\t\t\t\t\t\t<div class=\"phone-number-item__title\">\n\t\t\t\t\t\t\t<h3 class=\"p-font-bold\">Feuerwehr<\/h3>\n\t\t\t\t\t\t\t<p>947 278 700<\/p>\n\t\t\t\t\t\t\t\n\t\t\t\t\t\t<\/div>\n\t\t\t\t\t<\/div>\n\t\t\t\t\n\t\t\t\t\t<div class=\"phone-number-item\">\n\t\t\t\t\t\t<div class=\"phone-number-item__icon\"><i class=\"icon-civil-protection\"><\/i><\/div>\n\t\t\t\t\t\t<div class=\"phone-number-item__title\">\n\t\t\t\t\t\t\t<h3 class=\"p-font-bold\">Zivilschutz<\/h3>\n\t\t\t\t\t\t\t<p>112<\/p>\n\t\t\t\t\t\t\t\n\t\t\t\t\t\t<\/div>\n\t\t\t\t\t<\/div>\n\t\t\t\t\n\t\t\t\t\t<div class=\"phone-number-item\">\n\t\t\t\t\t\t<div class=\"phone-number-item__icon\"><i class=\"icon-town-council\"><\/i><\/div>\n\t\t\t\t\t\t<div class=\"phone-number-item__title\">\n\t\t\t\t\t\t\t<h3 class=\"p-font-bold\">Rathaus<\/h3>\n\t\t\t\t\t\t\t<p>947 377 001<\/p>\n\t\t\t\t\t\t\t\n\t\t\t\t\t\t<\/div>\n\t\t\t\t\t<\/div>\n\t\t\t\t\n\t\t\t\t\t<div class=\"phone-number-item\">\n\t\t\t\t\t\t<div class=\"phone-number-item__icon\"><i class=\"icon-hospital\"><\/i><\/div>\n\t\t\t\t\t\t<div class=\"phone-number-item__title\">\n\t\t\t\t\t\t\t<h3 class=\"p-font-bold\">Gesundheitszentrum<\/h3>\n\t\t\t\t\t\t\t<p>947 377 020<\/p>\n\t\t\t\t\t\t\t\n\t\t\t\t\t\t<\/div>\n\t\t\t\t\t<\/div>\n\t\t\t\t\n\t\t\t\t\t<div class=\"phone-number-item\">\n\t\t\t\t\t\t<div class=\"phone-number-item__icon\"><i class=\"icon-tourism\"><\/i><\/div>\n\t\t\t\t\t\t<div class=\"phone-number-item__title\">\n\t\t\t\t\t\t\t<h3 class=\"p-font-bold\">Fremdenverkehrsamt<\/h3>\n\t\t\t\t\t\t\t<p>947 370 701<\/p>\n\t\t\t\t\t\t\t\n\t\t\t\t\t\t\t\t<p>Plaza Mayor, 1<\/p>\n\t\t\t\t\t\t\t\n\t\t\t\t\t\t<\/div>\n\t\t\t\t\t<\/div>\n\t\t\t\t\n\t\t\t<\/div>\n\t\t<\/div>\n\n\t\t<div id=\"clientForm\">\n        <section>\n        <img decoding=\"async\" src=\"https:\/\/cdn.pilgrim.es\/web\/home\/email-contacto.png\" alt=\"contacto\">\n        <div>\n            <p>Wir senden dir deine Planung<\/p>\n            <p>Gib uns deine Daten an und erhalte die Planung deiner Reise per E-Mail <\/p>\n            <form method=\"post\" data-url=\"\/wp-admin\/admin-ajax.php\" id=\"planner--client\" class=\"flag-right form-client\">\n    <div class=\"form-data\">\n        <input name=\"form_id\" type=\"hidden\" value=\"Formulario Leads\">\n        <input name=\"type\" type=\"hidden\" value=\"planner_client\">\n        <input type=\"text\" name=\"nombre\" value=\"\" size=\"40\" class=\"form-control\" aria-required=\"true\" aria-invalid=\"false\" placeholder=\"Name\">\n        <input type=\"email\" name=\"email\" value=\"\" size=\"40\" class=\"form-control\" aria-required=\"true\" aria-invalid=\"false\" placeholder=\"E- Mail\">\n        <input type=\"text\" id=\"phone-input\" name=\"tel\" value=\"\" size=\"40\" class=\"phone-input form-control\" aria-required=\"true\" aria-invalid=\"false\" placeholder=\"Telefon\">\n        <input type=\"hidden\" name=\"telefono\">\n    <\/div>\n    <div class=\"form-checkbox\">\n        <span>\n            Pilgrim Travel, S.L. teilt gem\u00e4\u00df Regulierung 2016\/679 mit, dass die in diesem Formular verwendeten Daten sowohl f\u00fcr die Beantwortung der m\u00f6glichen Anfragen als auch f\u00fcr die Ver\u00f6ffentlichung der Kommentare verwendet werden, mit der Zustimmung des Nutzers. Sie k\u00f6nnen Ihre Rechte in \u00dcbereinstimmung mit unserer Datenschutzbestimmungen aus\u00fcben             <a href=\"https:\/\/www.pilgrim.es\/politica-de-privacidad\/\" target=\"_blank\" rel=\"noopener noreferrer nofollow\">Datenschutzerkl\u00e4rung.<\/a>\n        <\/span>\n    <\/div>\n\n    <div class=\"form-submit\">\n        <button id=\"planner--client-create\" type=\"submit\">Anfrage senden<\/button>\n        <div class=\"loadingDiv\"><i class=\"p-spinner\"><\/i><\/div>\n    <\/div>\n\n    <div class=\"contact-content-form-success\">\n        <p><i class=\"fas fa-check\"><\/i> Das Formular hat sich erfolgreich gesendet.<\/p>\n    <\/div>\n\n    <div class=\"contact-content-form-error\">\n        <span class=\"input-error\"><\/span>\n    <\/div>\n<\/form>        <\/div>\n    <\/section>\n<\/div>\n\n\t\t<div id=\"recomendationSection\">\n\t\t\t<div>\n\t\t\t\t<h2 class=\"p-h2-town\">Empfohlen<\/h2>\n\t\t\t\t<hr>\n\t\t\t\t<h3 class=\"p-h3-town\">Gastronomie<\/h3>\n\t\t\t<\/div>\n\t\t\tDie Gastronomie von Castrojeriz ist der der Provinz, zu der sie geh\u00f6rt, sehr \u00e4hnlich, aber es lohnt sich, die traditionellsten Rezepte dieser kleinen Stadt zu erw\u00e4hnen, wie zum Beispiel die ber\u00fchmten Gerichte der Knoblauchsuppe, die Blutwurst aus Castrojeriz und das ber\u00fchmte gebratene Milchlamm sowie der ger\u00e4ucherte Schafsk\u00e4se.\n\t\t<\/div>\n\n\n\t\t\n\t\t\t<div id=\"holidaysSection\">\n\t\t\t\t<div>\n\t\t\t\t\t<h2 class=\"p-h2-town\">Empfohlen<\/h2>\n\t\t\t\t\t<hr>\n\t\t\t\t\t<h3 class=\"p-h3-town\">Feste und Pilgerfahrten<\/h3>\n\t\t\t\t<\/div>\n\t\t\t\t<div class=\"grid holidays-grid\">\n\t\t\t\t\t\n\t\t\t\t\t\t<div>\n\t\t\t\t\t\t\t<div class=\"phone-number-item\">\n\t\t\t\t\t\t\t\t<div class=\"phone-number-item__icon\"><i class=\"icon-holiday\"><\/i><\/div>\n\t\t\t\t\t\t\t\t<div class=\"phone-number-item__title dark-text\">\n\t\t\t\t\t\t\t\t\t<p class=\"p-font-bold\">Lokaler Urlaub<\/p>\n\t\t\t\t\t\t\t\t\t<p>Primera semana de Septiembre: El Sejo<\/p>\n\t\t\t\t\t\t\t\t<\/div>\n\t\t\t\t\t\t\t<\/div>\n\t\t\t\t\t\t<\/div>\n\t\t\t\t\t\n\t\t\t\t\t\t<div>\n\t\t\t\t\t\t\t<div class=\"phone-number-item\">\n\t\t\t\t\t\t\t\t<div class=\"phone-number-item__icon\"><i class=\"icon-holiday\"><\/i><\/div>\n\t\t\t\t\t\t\t\t<div class=\"phone-number-item__title dark-text\">\n\t\t\t\t\t\t\t\t\t<p class=\"p-font-bold\">Lokaler Urlaub<\/p>\n\t\t\t\t\t\t\t\t\t<p>23 de Junio: San Juan<\/p>\n\t\t\t\t\t\t\t\t<\/div>\n\t\t\t\t\t\t\t<\/div>\n\t\t\t\t\t\t<\/div>\n\t\t\t\t\t\n\t\t\t\t\t\t<div>\n\t\t\t\t\t\t\t<div class=\"phone-number-item\">\n\t\t\t\t\t\t\t\t<div class=\"phone-number-item__icon\"><i class=\"icon-holiday\"><\/i><\/div>\n\t\t\t\t\t\t\t\t<div class=\"phone-number-item__title dark-text\">\n\t\t\t\t\t\t\t\t\t<p class=\"p-font-bold\">Lokaler Urlaub<\/p>\n\t\t\t\t\t\t\t\t\t<p>Mediados de Julio hasta finales de Agosto: Feria del Ajo<\/p>\n\t\t\t\t\t\t\t\t<\/div>\n\t\t\t\t\t\t\t<\/div>\n\t\t\t\t\t\t<\/div>\n\t\t\t\t\t\n\t\t\t\t<\/div>\n\t\t\t<\/div>\n\t\t\n\t<\/div>\n<\/section>\n\n<div id=\"stage_list_section\"><div class=\"stage-list\">\n    <div class='stage-list__map-card'>\n        <div class='stage-list__map-card__map'>\n            <div class='stage-list__map-card__map__text'>\n                <h2> Pages <\/h2>\n                <p> Zu Fu\u00df<\/p>\n                <p> 0etappen<\/p>\n            <\/div>\n            <div class='stage-list__map-card__map__img'>\n                <img decoding=\"async\" src=\"\" alt=\" mapa \" \/>\n            <\/div>\n        <\/div>\n    <\/div>\n\n    <\/div>\n<\/div> ","protected":false},"excerpt":{"rendered":"<p>Castrojeriz &#8249; Zur\u00fcck zur B\u00fchne Castrojeriz Einwohner: 845 aprox. Bundesland: Burgos Informationen Get to know Castrojeriz Dieses kleine Dorf liegt am Fluss Odra am Franz\u00f6sischen Weg und hat seit der Entdeckung des Grabes des Heiligen Jakobus eine gro\u00dfe Anzahl von Pilgern aufgenommen. Deshalb waren die Reisenden, die in der Vergangenheit in dem Dorf ankamen, \u00fcberrascht, &hellip; <\/p>\n<p class=\"read_more\"><a href=\"https:\/\/www.pilgrim.es\/de\/franzosischer-weg\/castrojeriz\/\">Leer m\u00e1s<\/a><\/p>\n","protected":false},"author":0,"featured_media":9159,"parent":10659,"menu_order":0,"comment_status":"closed","ping_status":"closed","template":"views\/template-new-web-design.blade.php","meta":{"footnotes":""},"categories":[],"tags":[],"class_list":["post-91078","page","type-page","status-publish","has-post-thumbnail","hentry"],"yoast_head":"<!-- This site is optimized with the Yoast SEO plugin v27.4 - https:\/\/yoast.com\/product\/yoast-seo-wordpress\/ -->\n<title>Castrojeriz: Was sehen und wo \u00fcbernachten | Jakobsweg | Pilgrim<\/title>\n<meta name=\"description\" content=\"Castrojeriz Entdecken Sie alle Informationen \u00fcber Unterk\u00fcnfte, Anreise, Gastronomie und die wichtigsten Sehensw\u00fcrdigkeiten der Orte am Franz\u00f6sischer Weg\" \/>\n<meta name=\"robots\" content=\"index, follow, max-snippet:-1, max-image-preview:large, max-video-preview:-1\" \/>\n<link rel=\"canonical\" href=\"https:\/\/www.pilgrim.es\/de\/franzosischer-weg\/castrojeriz\/\" \/>\n<meta property=\"og:locale\" content=\"de_DE\" \/>\n<meta property=\"og:type\" content=\"article\" \/>\n<meta property=\"og:title\" content=\"Castrojeriz: Was sehen und wo \u00fcbernachten | Jakobsweg | Pilgrim\" \/>\n<meta property=\"og:description\" content=\"Castrojeriz Entdecken Sie alle Informationen \u00fcber Unterk\u00fcnfte, Anreise, Gastronomie und die wichtigsten Sehensw\u00fcrdigkeiten der Orte am Franz\u00f6sischer Weg\" \/>\n<meta property=\"og:url\" content=\"https:\/\/www.pilgrim.es\/de\/franzosischer-weg\/castrojeriz\/\" \/>\n<meta property=\"og:site_name\" content=\"Pilgrim\" \/>\n<meta property=\"article:publisher\" content=\"https:\/\/www.facebook.com\/pilgrim.es\/\" \/>\n<meta property=\"og:image\" content=\"https:\/\/www.pilgrim.es\/wp-content\/uploads\/2019\/02\/castillo-de-castrojeriz.jpg\" \/>\n\t<meta property=\"og:image:width\" content=\"1000\" \/>\n\t<meta property=\"og:image:height\" content=\"671\" \/>\n\t<meta property=\"og:image:type\" content=\"image\/jpeg\" \/>\n<meta name=\"twitter:card\" content=\"summary_large_image\" \/>\n<meta name=\"twitter:site\" content=\"@pilgrim_es\" \/>\n<meta name=\"twitter:label1\" content=\"Gesch\u00e4tzte Lesezeit\" \/>\n\t<meta name=\"twitter:data1\" content=\"6\u00a0Minuten\" \/>\n<script type=\"application\/ld+json\" class=\"yoast-schema-graph\">{\"@context\":\"https:\\\/\\\/schema.org\",\"@graph\":[{\"@type\":\"WebPage\",\"@id\":\"https:\\\/\\\/www.pilgrim.es\\\/de\\\/franzosischer-weg\\\/castrojeriz\\\/\",\"url\":\"https:\\\/\\\/www.pilgrim.es\\\/de\\\/franzosischer-weg\\\/castrojeriz\\\/\",\"name\":\"Castrojeriz: Was sehen und wo \u00fcbernachten | Jakobsweg | Pilgrim\",\"isPartOf\":{\"@id\":\"https:\\\/\\\/www.pilgrim.es\\\/de\\\/#website\"},\"primaryImageOfPage\":{\"@id\":\"https:\\\/\\\/www.pilgrim.es\\\/de\\\/franzosischer-weg\\\/castrojeriz\\\/#primaryimage\"},\"image\":{\"@id\":\"https:\\\/\\\/www.pilgrim.es\\\/de\\\/franzosischer-weg\\\/castrojeriz\\\/#primaryimage\"},\"thumbnailUrl\":\"https:\\\/\\\/www.pilgrim.es\\\/wp-content\\\/uploads\\\/2019\\\/02\\\/castillo-de-castrojeriz.jpg\",\"datePublished\":\"2025-03-17T13:14:31+00:00\",\"description\":\"Castrojeriz Entdecken Sie alle Informationen \u00fcber Unterk\u00fcnfte, Anreise, Gastronomie und die wichtigsten Sehensw\u00fcrdigkeiten der Orte am Franz\u00f6sischer Weg\",\"breadcrumb\":{\"@id\":\"https:\\\/\\\/www.pilgrim.es\\\/de\\\/franzosischer-weg\\\/castrojeriz\\\/#breadcrumb\"},\"inLanguage\":\"de\",\"potentialAction\":[{\"@type\":\"ReadAction\",\"target\":[\"https:\\\/\\\/www.pilgrim.es\\\/de\\\/franzosischer-weg\\\/castrojeriz\\\/\"]}]},{\"@type\":\"ImageObject\",\"inLanguage\":\"de\",\"@id\":\"https:\\\/\\\/www.pilgrim.es\\\/de\\\/franzosischer-weg\\\/castrojeriz\\\/#primaryimage\",\"url\":\"https:\\\/\\\/www.pilgrim.es\\\/wp-content\\\/uploads\\\/2019\\\/02\\\/castillo-de-castrojeriz.jpg\",\"contentUrl\":\"https:\\\/\\\/www.pilgrim.es\\\/wp-content\\\/uploads\\\/2019\\\/02\\\/castillo-de-castrojeriz.jpg\",\"width\":1000,\"height\":671,\"caption\":\"castrojeriz\"},{\"@type\":\"BreadcrumbList\",\"@id\":\"https:\\\/\\\/www.pilgrim.es\\\/de\\\/franzosischer-weg\\\/castrojeriz\\\/#breadcrumb\",\"itemListElement\":[{\"@type\":\"ListItem\",\"position\":1,\"name\":\"Camino de Santiago\",\"item\":\"https:\\\/\\\/www.pilgrim.es\\\/de\\\/\"},{\"@type\":\"ListItem\",\"position\":2,\"name\":\"Franz\u00f6sischer Weg\",\"item\":\"https:\\\/\\\/www.pilgrim.es\\\/de\\\/franzosischer-weg\\\/\"},{\"@type\":\"ListItem\",\"position\":3,\"name\":\"Castrojeriz\"}]},{\"@type\":\"WebSite\",\"@id\":\"https:\\\/\\\/www.pilgrim.es\\\/de\\\/#website\",\"url\":\"https:\\\/\\\/www.pilgrim.es\\\/de\\\/\",\"name\":\"Pilgrim\",\"description\":\"Camino de Santiago | Caminamos Contigo\",\"publisher\":{\"@id\":\"https:\\\/\\\/www.pilgrim.es\\\/de\\\/#organization\"},\"potentialAction\":[{\"@type\":\"SearchAction\",\"target\":{\"@type\":\"EntryPoint\",\"urlTemplate\":\"https:\\\/\\\/www.pilgrim.es\\\/de\\\/?s={search_term_string}\"},\"query-input\":{\"@type\":\"PropertyValueSpecification\",\"valueRequired\":true,\"valueName\":\"search_term_string\"}}],\"inLanguage\":\"de\"},{\"@type\":\"Organization\",\"@id\":\"https:\\\/\\\/www.pilgrim.es\\\/de\\\/#organization\",\"name\":\"Pilgrim Camino de Santiago\",\"url\":\"https:\\\/\\\/www.pilgrim.es\\\/de\\\/\",\"logo\":{\"@type\":\"ImageObject\",\"inLanguage\":\"de\",\"@id\":\"https:\\\/\\\/www.pilgrim.es\\\/de\\\/#\\\/schema\\\/logo\\\/image\\\/\",\"url\":\"https:\\\/\\\/www.pilgrim.es\\\/wp-content\\\/uploads\\\/2019\\\/04\\\/logo_pilgrim.png\",\"contentUrl\":\"https:\\\/\\\/www.pilgrim.es\\\/wp-content\\\/uploads\\\/2019\\\/04\\\/logo_pilgrim.png\",\"width\":512,\"height\":512,\"caption\":\"Pilgrim Camino de Santiago\"},\"image\":{\"@id\":\"https:\\\/\\\/www.pilgrim.es\\\/de\\\/#\\\/schema\\\/logo\\\/image\\\/\"},\"sameAs\":[\"https:\\\/\\\/www.facebook.com\\\/pilgrim.es\\\/\",\"https:\\\/\\\/x.com\\\/pilgrim_es\",\"https:\\\/\\\/www.instagram.com\\\/pilgrim.es\\\/\",\"https:\\\/\\\/www.linkedin.com\\\/company\\\/pilgrim-camino-de-santiago\\\/\",\"https:\\\/\\\/www.pinterest.es\\\/pilgrimcaminodesantiago\\\/\",\"https:\\\/\\\/www.youtube.com\\\/channel\\\/UCIv2ZzFLXVqthkNF32rKedw\\\/featured\"]}]}<\/script>\n<!-- \/ Yoast SEO plugin. -->","yoast_head_json":{"title":"Castrojeriz: Was sehen und wo \u00fcbernachten | Jakobsweg | Pilgrim","description":"Castrojeriz Entdecken Sie alle Informationen \u00fcber Unterk\u00fcnfte, Anreise, Gastronomie und die wichtigsten Sehensw\u00fcrdigkeiten der Orte am Franz\u00f6sischer Weg","robots":{"index":"index","follow":"follow","max-snippet":"max-snippet:-1","max-image-preview":"max-image-preview:large","max-video-preview":"max-video-preview:-1"},"canonical":"https:\/\/www.pilgrim.es\/de\/franzosischer-weg\/castrojeriz\/","og_locale":"de_DE","og_type":"article","og_title":"Castrojeriz: Was sehen und wo \u00fcbernachten | Jakobsweg | Pilgrim","og_description":"Castrojeriz Entdecken Sie alle Informationen \u00fcber Unterk\u00fcnfte, Anreise, Gastronomie und die wichtigsten Sehensw\u00fcrdigkeiten der Orte am Franz\u00f6sischer Weg","og_url":"https:\/\/www.pilgrim.es\/de\/franzosischer-weg\/castrojeriz\/","og_site_name":"Pilgrim","article_publisher":"https:\/\/www.facebook.com\/pilgrim.es\/","og_image":[{"width":1000,"height":671,"url":"https:\/\/www.pilgrim.es\/wp-content\/uploads\/2019\/02\/castillo-de-castrojeriz.jpg","type":"image\/jpeg"}],"twitter_card":"summary_large_image","twitter_site":"@pilgrim_es","twitter_misc":{"Gesch\u00e4tzte Lesezeit":"6\u00a0Minuten"},"schema":{"@context":"https:\/\/schema.org","@graph":[{"@type":"WebPage","@id":"https:\/\/www.pilgrim.es\/de\/franzosischer-weg\/castrojeriz\/","url":"https:\/\/www.pilgrim.es\/de\/franzosischer-weg\/castrojeriz\/","name":"Castrojeriz: Was sehen und wo \u00fcbernachten | Jakobsweg | Pilgrim","isPartOf":{"@id":"https:\/\/www.pilgrim.es\/de\/#website"},"primaryImageOfPage":{"@id":"https:\/\/www.pilgrim.es\/de\/franzosischer-weg\/castrojeriz\/#primaryimage"},"image":{"@id":"https:\/\/www.pilgrim.es\/de\/franzosischer-weg\/castrojeriz\/#primaryimage"},"thumbnailUrl":"https:\/\/www.pilgrim.es\/wp-content\/uploads\/2019\/02\/castillo-de-castrojeriz.jpg","datePublished":"2025-03-17T13:14:31+00:00","description":"Castrojeriz Entdecken Sie alle Informationen \u00fcber Unterk\u00fcnfte, Anreise, Gastronomie und die wichtigsten Sehensw\u00fcrdigkeiten der Orte am Franz\u00f6sischer Weg","breadcrumb":{"@id":"https:\/\/www.pilgrim.es\/de\/franzosischer-weg\/castrojeriz\/#breadcrumb"},"inLanguage":"de","potentialAction":[{"@type":"ReadAction","target":["https:\/\/www.pilgrim.es\/de\/franzosischer-weg\/castrojeriz\/"]}]},{"@type":"ImageObject","inLanguage":"de","@id":"https:\/\/www.pilgrim.es\/de\/franzosischer-weg\/castrojeriz\/#primaryimage","url":"https:\/\/www.pilgrim.es\/wp-content\/uploads\/2019\/02\/castillo-de-castrojeriz.jpg","contentUrl":"https:\/\/www.pilgrim.es\/wp-content\/uploads\/2019\/02\/castillo-de-castrojeriz.jpg","width":1000,"height":671,"caption":"castrojeriz"},{"@type":"BreadcrumbList","@id":"https:\/\/www.pilgrim.es\/de\/franzosischer-weg\/castrojeriz\/#breadcrumb","itemListElement":[{"@type":"ListItem","position":1,"name":"Camino de Santiago","item":"https:\/\/www.pilgrim.es\/de\/"},{"@type":"ListItem","position":2,"name":"Franz\u00f6sischer Weg","item":"https:\/\/www.pilgrim.es\/de\/franzosischer-weg\/"},{"@type":"ListItem","position":3,"name":"Castrojeriz"}]},{"@type":"WebSite","@id":"https:\/\/www.pilgrim.es\/de\/#website","url":"https:\/\/www.pilgrim.es\/de\/","name":"Pilgrim","description":"Camino de Santiago | Caminamos Contigo","publisher":{"@id":"https:\/\/www.pilgrim.es\/de\/#organization"},"potentialAction":[{"@type":"SearchAction","target":{"@type":"EntryPoint","urlTemplate":"https:\/\/www.pilgrim.es\/de\/?s={search_term_string}"},"query-input":{"@type":"PropertyValueSpecification","valueRequired":true,"valueName":"search_term_string"}}],"inLanguage":"de"},{"@type":"Organization","@id":"https:\/\/www.pilgrim.es\/de\/#organization","name":"Pilgrim Camino de Santiago","url":"https:\/\/www.pilgrim.es\/de\/","logo":{"@type":"ImageObject","inLanguage":"de","@id":"https:\/\/www.pilgrim.es\/de\/#\/schema\/logo\/image\/","url":"https:\/\/www.pilgrim.es\/wp-content\/uploads\/2019\/04\/logo_pilgrim.png","contentUrl":"https:\/\/www.pilgrim.es\/wp-content\/uploads\/2019\/04\/logo_pilgrim.png","width":512,"height":512,"caption":"Pilgrim Camino de Santiago"},"image":{"@id":"https:\/\/www.pilgrim.es\/de\/#\/schema\/logo\/image\/"},"sameAs":["https:\/\/www.facebook.com\/pilgrim.es\/","https:\/\/x.com\/pilgrim_es","https:\/\/www.instagram.com\/pilgrim.es\/","https:\/\/www.linkedin.com\/company\/pilgrim-camino-de-santiago\/","https:\/\/www.pinterest.es\/pilgrimcaminodesantiago\/","https:\/\/www.youtube.com\/channel\/UCIv2ZzFLXVqthkNF32rKedw\/featured"]}]}},"_links":{"self":[{"href":"https:\/\/www.pilgrim.es\/de\/wp-json\/wp\/v2\/pages\/91078","targetHints":{"allow":["GET"]}}],"collection":[{"href":"https:\/\/www.pilgrim.es\/de\/wp-json\/wp\/v2\/pages"}],"about":[{"href":"https:\/\/www.pilgrim.es\/de\/wp-json\/wp\/v2\/types\/page"}],"replies":[{"embeddable":true,"href":"https:\/\/www.pilgrim.es\/de\/wp-json\/wp\/v2\/comments?post=91078"}],"version-history":[{"count":0,"href":"https:\/\/www.pilgrim.es\/de\/wp-json\/wp\/v2\/pages\/91078\/revisions"}],"up":[{"embeddable":true,"href":"https:\/\/www.pilgrim.es\/de\/wp-json\/wp\/v2\/pages\/10659"}],"wp:featuredmedia":[{"embeddable":true,"href":"https:\/\/www.pilgrim.es\/de\/wp-json\/wp\/v2\/media\/9159"}],"wp:attachment":[{"href":"https:\/\/www.pilgrim.es\/de\/wp-json\/wp\/v2\/media?parent=91078"}],"wp:term":[{"taxonomy":"category","embeddable":true,"href":"https:\/\/www.pilgrim.es\/de\/wp-json\/wp\/v2\/categories?post=91078"},{"taxonomy":"post_tag","embeddable":true,"href":"https:\/\/www.pilgrim.es\/de\/wp-json\/wp\/v2\/tags?post=91078"}],"curies":[{"name":"wp","href":"https:\/\/api.w.org\/{rel}","templated":true}]}}