{"id":91072,"date":"2025-03-17T13:12:58","date_gmt":"2025-03-17T13:12:58","guid":{"rendered":"https:\/\/www.pilgrim.es\/franzosischer-weg\/burgos\/"},"modified":"2025-03-17T13:12:58","modified_gmt":"2025-03-17T13:12:58","slug":"burgos","status":"publish","type":"page","link":"https:\/\/www.pilgrim.es\/de\/franzosischer-weg\/burgos\/","title":{"rendered":"Burgos"},"content":{"rendered":" <section id=\"hero\">\n\t<h1>Burgos<\/h1>\n\t<div class=\"hero-grid\">\n\t\t<div class=\"hero-grid__town-col\" data-background=\"https:\/\/cdn.pilgrim.es\/web\/caminos\/camino-frances\/pueblos\/burgos\/burgos.jpg\">\n\t\t\t<div>\n\t\t\t\t<a class=\"link-to-stage\" href=\"https:\/\/www.pilgrim.es\/camino-frances\/etapa-12-san-juan-de-ortega-burgos\/\">\n\t\t\t\t\t<p>&#8249; Zur\u00fcck zur B\u00fchne<\/p>\n\t\t\t\t<\/a>\n\n\t\t\t\t<div class=\"town-data\">\n\t\t\t\t\t<h2>Burgos<\/h2>\n\t\t\t\t\t<ul>\n\t\t\t\t\t\t<li>Einwohner: 177.776 aprox.<\/li>\n\t\t\t\t\t\t<li>Bundesland: Burgos<\/li>\n\t\t\t\t\t<\/ul>\n\t\t\t\t<\/div>\n\t\t\t<\/div>\n\t\t<\/div>\n\t\t<div class=\"hero-grid__planner-col\"><div\r\n  class=\"p-col-span-1 p-rounded-lg p-px-5 p-h-full\"\r\n  style=\"background-image: url('https:\/\/cdn.pilgrim.es\/web\/pilgrim-planner\/bg-plugin-planificador.webp')\"\r\n  rel=\"preload\"\r\n  fetchpriority=\"high\"\r\n  >\r\n    <div class=\"p-text-center p-pt-5 p-text-white p-text-2xl p-font-semibold\">\r\n      Plane deinen Weg    <\/div>\r\n    <div\r\n            id='primary-app'\r\n            data-name='banner'\r\n            data-api='https:\/\/pathfinder.pilgrim.es\/api\/pathfinder\/v2'\r\n            data-mode='normal'\r\n            data-lang='de'\r\n            data-route='1'\r\n            data-destiny='https:\/\/planificador.pilgrim.es'\r\n            data-modality='1'\r\n            data-inline=''\r\n        ><\/div><\/div><\/div>\n\t<\/div>\n<\/section>\n\n<section id=\"infoTown\">\n\t<div class=\"sections-town\">\n\n\t\t<div id=\"informationSection\">\n\t\t\t<div>\n\t\t\t\t<h2 class=\"p-h2-town\">Informationen<\/h2>\n\t\t\t\t<hr>\n\t\t\t\t<h3 class=\"p-h3-town\">Get to know Burgos<\/h3>\n\t\t\t<\/div>\n\t\t\t<p>Burgos ist die n\u00e4chste Stadt, auf die die Pilger auf ihrem Weg nach Santiago sto\u00dfen. Sie genoss gro\u00dfe Bedeutung, vor allem nachdem sie im elften Jahrhundert zur Hauptstadt des K\u00f6nigreichs Kastilien ernannt wurde.<\/p> <p>Nur zwei Jahrhunderte nach diesem Ereignis wurde mit dem Bau der grandiosen Kathedrale Santa Maria de Burgos begonnen, die zum Weltkulturerbe erkl\u00e4rt wurde und ein Beispiel f\u00fcr das umfangreiche historische Erbe dieser Stadt ist.\n\t\t<\/div>\n\n\t\t<div id=\"locationSection\">\n\t\t\t<div>\n\t\t\t\t<h2 class=\"p-h2-town\">Standort<\/h2>\n\t\t\t\t<hr>\n\t\t\t\t<h3 class=\"p-h3-town\">Wegbeschreibung<\/h3>\n\t\t\t<\/div>\n\t\t\t<p>Die Stadt Burgos ist haupts\u00e4chlich \u00fcber die Stra\u00dfe zu erreichen. Sie ist durch Hauptverkehrsstra\u00dfen wie die A-1, die A-73, die N-627, die A-62, die N-120 und Nebenstra\u00dfen wie die BU-11, BU-30 und die E-5 verbunden. Burgos ist somit perfekt an die wichtigsten St\u00e4dte angebunden.\n\n<p>Der Busbahnhof bietet regelm\u00e4\u00dfige Verbindungen zu St\u00e4dten wie Madrid, Barcelona oder Le\u00f3n sowie zu allen umliegenden Ortschaften. Au\u00dferdem gibt es Eisenbahnlinien, die Burgos mit Madrid, Hendaye und Rosa de Lima verbinden.\n\n<p>Schlie\u00dflich ist der Flughafen der Stadt mit dem Flugzeug zu erreichen, obwohl er vier Kilometer vom Zentrum entfernt liegt, und es gibt eine Buslinie, die ihn mit der Stadt verbindet. Er bietet Fl\u00fcge nach Barcelona und Paris und im Sommer nach Palma de Mallorca.\n\t\t\t<div>\n\t\t\t\t<div>\n  <iframe loading=\"lazy\"\n    src=\"https:\/\/www.google.com\/maps\/d\/embed?mid=1XU-6GlgmJGUfOggrdcr75vEnBl1EQKc&amp;ehbc=2E312F\"\n    width=\"640\"\n    height=\"480\"\n    alt=\"Mapa Burgos\"\n  ><\/iframe>\n<\/div>\n\n\t\t\t<\/div>\n\t\t<\/div>\n\n\t\t\n\t\t\t<div id=\"toVisitSection\">\n\t\t\t\t<div>\n\t\t\t\t\t<h2 class=\"p-h2-town\">Geschichte \/ Kultur<\/h2>\n\t\t\t\t\t<hr>\n\t\t\t\t\t<h3 class=\"p-h3-town\">Was es zu sehen gibt<\/h3>\n\t\t\t\t<\/div>\n\t\t\t\t<div>\n\t\t\t\t\t<div class=\"accordion\">\n\t\t\t\t\t\t<div class=\"accordion__menu\">\n\t\t\t\t\t\t\t<nav>\n\t\t\t\t\t\t\t\t\n\t\t\t\t\t\t\t\t\t<button class=\"nav-tab-accordion active\"><span>&#10093;<\/span><span> Casa del Cord\u00f3n<\/span><\/button>\n\t\t\t\t\t\t\t\t\n\t\t\t\t\t\t\t\t\t<button class=\"nav-tab-accordion \"><span>&#10093;<\/span><span> Hospital del Rey<\/span><\/button>\n\t\t\t\t\t\t\t\t\n\t\t\t\t\t\t\t\t\t<button class=\"nav-tab-accordion \"><span>&#10093;<\/span><span> Instituto Cardenal L\u00f3pez de Mendoza<\/span><\/button>\n\t\t\t\t\t\t\t\t\n\t\t\t\t\t\t\t\t\t<button class=\"nav-tab-accordion \"><span>&#10093;<\/span><span> Monasterio de las Huelgas<\/span><\/button>\n\t\t\t\t\t\t\t\t\n\t\t\t\t\t\t\t\t\t<button class=\"nav-tab-accordion \"><span>&#10093;<\/span><span> Arco de Santa Mar\u00eda<\/span><\/button>\n\t\t\t\t\t\t\t\t\n\t\t\t\t\t\t\t\t\t<button class=\"nav-tab-accordion \"><span>&#10093;<\/span><span> Casa de Miranda e \u00cd\u00f1igo Angulo<\/span><\/button>\n\t\t\t\t\t\t\t\t\n\t\t\t\t\t\t\t\t\t<button class=\"nav-tab-accordion \"><span>&#10093;<\/span><span> El Ayuntamiento<\/span><\/button>\n\t\t\t\t\t\t\t\t\n\t\t\t\t\t\t\t\t\t<button class=\"nav-tab-accordion \"><span>&#10093;<\/span><span> El Castillo y su Mirador<\/span><\/button>\n\t\t\t\t\t\t\t\t\n\t\t\t\t\t\t\t\t\t<button class=\"nav-tab-accordion \"><span>&#10093;<\/span><span> El Paseo de la Isla<\/span><\/button>\n\t\t\t\t\t\t\t\t\n\t\t\t\t\t\t\t\t\t<button class=\"nav-tab-accordion \"><span>&#10093;<\/span><span> El Paseo del Espol\u00f3n<\/span><\/button>\n\t\t\t\t\t\t\t\t\n\t\t\t\t\t\t\t\t\t<button class=\"nav-tab-accordion \"><span>&#10093;<\/span><span> El Solar del Cid<\/span><\/button>\n\t\t\t\t\t\t\t\t\n\t\t\t\t\t\t\t\t\t<button class=\"nav-tab-accordion \"><span>&#10093;<\/span><span> Iglesia de la Merced<\/span><\/button>\n\t\t\t\t\t\t\t\t\n\t\t\t\t\t\t\t\t\t<button class=\"nav-tab-accordion \"><span>&#10093;<\/span><span> Iglesia de San Cosme y San Damian<\/span><\/button>\n\t\t\t\t\t\t\t\t\n\t\t\t\t\t\t\t\t\t<button class=\"nav-tab-accordion \"><span>&#10093;<\/span><span> La Plaza Mayor y sus aleda\u00f1os<\/span><\/button>\n\t\t\t\t\t\t\t\t\n\t\t\t\t\t\t\t\t\t<button class=\"nav-tab-accordion \"><span>&#10093;<\/span><span> Plaza del Cid<\/span><\/button>\n\t\t\t\t\t\t\t\t\n\t\t\t\t\t\t\t\t\t<button class=\"nav-tab-accordion \"><span>&#10093;<\/span><span> Monasterio de San Pedro de Carde\u00f1a<\/span><\/button>\n\t\t\t\t\t\t\t\t\n\t\t\t\t\t\t\t\t\t<button class=\"nav-tab-accordion \"><span>&#10093;<\/span><span> Iglesia de San Esteban<\/span><\/button>\n\t\t\t\t\t\t\t\t\n\t\t\t\t\t\t\t\t\t<button class=\"nav-tab-accordion \"><span>&#10093;<\/span><span> Palacio de Castilfal\u00e9<\/span><\/button>\n\t\t\t\t\t\t\t\t\n\t\t\t\t\t\t\t\t\t<button class=\"nav-tab-accordion \"><span>&#10093;<\/span><span> Plaza de San Juan<\/span><\/button>\n\t\t\t\t\t\t\t\t\n\t\t\t\t\t\t\t\t\t<button class=\"nav-tab-accordion \"><span>&#10093;<\/span><span> Iglesia de San Gil<\/span><\/button>\n\t\t\t\t\t\t\t\t\n\t\t\t\t\t\t\t\t\t<button class=\"nav-tab-accordion \"><span>&#10093;<\/span><span> Plaza de Santa Mar\u00eda<\/span><\/button>\n\t\t\t\t\t\t\t\t\n\t\t\t\t\t\t\t\t\t<button class=\"nav-tab-accordion \"><span>&#10093;<\/span><span> Puente de San Pablo y Correos<\/span><\/button>\n\t\t\t\t\t\t\t\t\n\t\t\t\t\t\t\t\t\t<button class=\"nav-tab-accordion \"><span>&#10093;<\/span><span> Iglesia de San Nicol\u00e1s<\/span><\/button>\n\t\t\t\t\t\t\t\t\n\t\t\t\t\t\t\t\t\t<button class=\"nav-tab-accordion \"><span>&#10093;<\/span><span> Museo de la Evoluci\u00f3n Humana<\/span><\/button>\n\t\t\t\t\t\t\t\t\n\t\t\t\t\t\t\t\t\t<button class=\"nav-tab-accordion \"><span>&#10093;<\/span><span> Catedral de Burgos<\/span><\/button>\n\t\t\t\t\t\t\t\t\n\t\t\t\t\t\t\t\t\t<button class=\"nav-tab-accordion \"><span>&#10093;<\/span><span> Cartuja de Miraflores<\/span><\/button>\n\t\t\t\t\t\t\t\t\n\t\t\t\t\t\t\t<\/nav>\n\t\t\t\t\t\t<\/div>\n\n\t\t\t\t\t\t\n\t\t\t\t\t\t\t<div class=\"accordion__accordion-content \">\n\t\t\t\t\t\t\t\t<div>\n\t\t\t\t\t\t\t\t\t<div>\n\t\t\t\t\t\t\t\t\t\t<h4>Casa del Cord\u00f3n<\/h4>\n\t\t\t\t\t\t\t\t\t\t<p>Das Casa del Cord\u00f3n ist der Palast, in dem die Katholischen K\u00f6nige Christoph Kolumbus empfingen, als er 1497 von seiner zweiten Expedition nach Amerika zur\u00fcckkehrte. Im selben Geb\u00e4ude fand auch die Hochzeit von Prinz Don Juan, dem erstgeborenen Sohn des K\u00f6nigs und der K\u00f6nigin, mit Margarita von \u00d6sterreich statt. <\/p>\n\t\t\t\t\t\t\t\t\t<\/div>\n\t\t\t\t\t\t\t\t\t<img decoding=\"async\" src=\"https:\/\/cdn.pilgrim.es\/web\/caminos\/camino-frances\/pueblos\/burgos\/puntos-de-interes\/casa-del-cordon.jpg\" alt=\"Casa del Cord\u00f3n\">\n\t\t\t\t\t\t\t\t<\/div>\n\t\t\t\t\t\t\t<\/div>\n\t\t\t\t\t\t\n\t\t\t\t\t\t\t<div class=\"accordion__accordion-content inactive\">\n\t\t\t\t\t\t\t\t<div>\n\t\t\t\t\t\t\t\t\t<div>\n\t\t\t\t\t\t\t\t\t\t<h4>Hospital del Rey<\/h4>\n\t\t\t\t\t\t\t\t\t\t<p>Das K\u00f6nigskrankenhaus wurde im Jahr 1200 von Alfons VIII. und seiner Frau Leonor von Aquitanien gegr\u00fcndet und ist damit das ber\u00fchmteste Krankenhaus auf dem Jakobsweg. <\/p>\n\n<p>Es stand unter dem Schutz der K\u00f6nige von Kastilien, die es stets mit pr\u00e4chtigen Pachten und Privilegien unterhielten. Heute beherbergt das Geb\u00e4ude den Sitz des Rektorats der Universit\u00e4t von Burgos und der juristischen Fakult\u00e4t.\n\t\t\t\t\t\t\t\t\t<\/div>\n\t\t\t\t\t\t\t\t\t<img decoding=\"async\" src=\"https:\/\/cdn.pilgrim.es\/web\/caminos\/camino-frances\/pueblos\/burgos\/puntos-de-interes\/hospital-del-rey.jpg\" alt=\"Hospital del Rey\">\n\t\t\t\t\t\t\t\t<\/div>\n\t\t\t\t\t\t\t<\/div>\n\t\t\t\t\t\t\n\t\t\t\t\t\t\t<div class=\"accordion__accordion-content inactive\">\n\t\t\t\t\t\t\t\t<div>\n\t\t\t\t\t\t\t\t\t<div>\n\t\t\t\t\t\t\t\t\t\t<h4>Instituto Cardenal L\u00f3pez de Mendoza<\/h4>\n\t\t\t\t\t\t\t\t\t\t<p>Das Institut Cardenal L\u00f3pez de Mendoza ist ein Geb\u00e4ude im Renaissancestil, eines der bedeutendsten der Stadt Burgos, mit einer gelungenen Kombination aus sp\u00e4tgotischen und Renaissance-Elementen. Seit seiner Errichtung und Einweihung ist das Geb\u00e4ude dem Unterricht gewidmet.\n\t\t\t\t\t\t\t\t\t<\/div>\n\t\t\t\t\t\t\t\t\t<img decoding=\"async\" src=\"https:\/\/cdn.pilgrim.es\/web\/caminos\/camino-frances\/pueblos\/burgos\/puntos-de-interes\/instituto-cardenal-lopez-de-mendoza.jpg\" alt=\"Instituto Cardenal L\u00f3pez de Mendoza\">\n\t\t\t\t\t\t\t\t<\/div>\n\t\t\t\t\t\t\t<\/div>\n\t\t\t\t\t\t\n\t\t\t\t\t\t\t<div class=\"accordion__accordion-content inactive\">\n\t\t\t\t\t\t\t\t<div>\n\t\t\t\t\t\t\t\t\t<div>\n\t\t\t\t\t\t\t\t\t\t<h4>Monasterio de las Huelgas<\/h4>\n\t\t\t\t\t\t\t\t\t\t<p>Die wichtigsten Kl\u00f6ster in der Stadt Burgos sind die von Santa Mar\u00eda la Real de Huelgas und die Cartuja de Miraflores.<\/p> <p>Die wichtigsten Kl\u00f6ster in der Stadt Burgos sind die von Santa Mar\u00eda la Real de Huelgas und die Cartuja de Miraflores.\n\n<p>Das Kloster Santa Mar\u00eda la Real befindet sich im Stadtteil Huelgas und wurde von K\u00f6nig Alfons VIII. und seiner Frau Do\u00f1a Leonor von England als k\u00f6nigliches Pantheon gegr\u00fcndet. Seine Bedeutung war so gro\u00df, dass es das erste kl\u00f6sterliche Zentrum Kastiliens wurde, von dem zahlreiche Kl\u00f6ster, Villen und Orte abhingen. <\/p>\n\t\t\t\t\t\t\t\t\t<\/div>\n\t\t\t\t\t\t\t\t\t<img decoding=\"async\" src=\"https:\/\/cdn.pilgrim.es\/web\/caminos\/camino-frances\/pueblos\/burgos\/puntos-de-interes\/monasterio-de-las-huelgas.jpg\" alt=\"Monasterio de las Huelgas\">\n\t\t\t\t\t\t\t\t<\/div>\n\t\t\t\t\t\t\t<\/div>\n\t\t\t\t\t\t\n\t\t\t\t\t\t\t<div class=\"accordion__accordion-content inactive\">\n\t\t\t\t\t\t\t\t<div>\n\t\t\t\t\t\t\t\t\t<div>\n\t\t\t\t\t\t\t\t\t\t<h4>Arco de Santa Mar\u00eda<\/h4>\n\t\t\t\t\t\t\t\t\t\t<p>Der Bogen von Santa Mar\u00eda ist einer der zw\u00f6lf urspr\u00fcnglichen Eing\u00e4nge zur mittelalterlichen Stadt. Er wurde im 16. Jahrhundert von Juan Vallejo und Francisco de Colonia umgebaut, wodurch er das Aussehen eines Triumphbogens erhielt und auf seiner Fassade Kaiser Karl V. darstellt, der von den wichtigsten Pers\u00f6nlichkeiten von Burgos und Kastilien umgeben ist.\n\t\t\t\t\t\t\t\t\t<\/div>\n\t\t\t\t\t\t\t\t\t<img decoding=\"async\" src=\"https:\/\/cdn.pilgrim.es\/web\/caminos\/camino-frances\/pueblos\/burgos\/puntos-de-interes\/arco-santa-maria.jpg\" alt=\"Arco de Santa Mar\u00eda\">\n\t\t\t\t\t\t\t\t<\/div>\n\t\t\t\t\t\t\t<\/div>\n\t\t\t\t\t\t\n\t\t\t\t\t\t\t<div class=\"accordion__accordion-content inactive\">\n\t\t\t\t\t\t\t\t<div>\n\t\t\t\t\t\t\t\t\t<div>\n\t\t\t\t\t\t\t\t\t\t<h4>Casa de Miranda e \u00cd\u00f1igo Angulo<\/h4>\n\t\t\t\t\t\t\t\t\t\t<p>Das Haus von \u00cd\u00f1igo Angulo, das zur gleichen Zeit erbaut wurde, hat seine Haupt- und R\u00fcckfassade mit einem dreiseitigen Innenhof beibehalten. Dieser Innenhof gilt als eines der interessantesten Beispiele spanischer Renaissancekunst und weist eine allegorische Dekoration mit klassischen Mythen und gro\u00dfen Figuren der Antike auf. Die zwei Stockwerke des Innenhofs sind eine Synthese der humanistischen Ausbildung und der Philosophie seines F\u00f6rderers: des Kanonikers von Burgos und apostolischen Prothonotars Francisco de Miranda y Sal\u00f3n.<\/p> <p>Der Innenhof hat zwei Stockwerke.\n\t\t\t\t\t\t\t\t\t<\/div>\n\t\t\t\t\t\t\t\t\t<img decoding=\"async\" src=\"https:\/\/cdn.pilgrim.es\/web\/caminos\/camino-frances\/pueblos\/burgos\/puntos-de-interes\/mirador-castillo.jpg\" alt=\"Casa de Miranda e \u00cd\u00f1igo Angulo\">\n\t\t\t\t\t\t\t\t<\/div>\n\t\t\t\t\t\t\t<\/div>\n\t\t\t\t\t\t\n\t\t\t\t\t\t\t<div class=\"accordion__accordion-content inactive\">\n\t\t\t\t\t\t\t\t<div>\n\t\t\t\t\t\t\t\t\t<div>\n\t\t\t\t\t\t\t\t\t\t<h4>El Ayuntamiento<\/h4>\n\t\t\t\t\t\t\t\t\t\t<p>Das Rathaus hat seinen Sitz an der Plaza Mayor, einer der Hauptverkehrsadern der Stadt. Das Geb\u00e4ude wurde an der Stelle der Puerta de las Carretas im klassizistischen Stil nach einem Entwurf des Burgoser Architekten Fernando Gonz\u00e1lez de Lara errichtet. <\/p>\n\n<p>Der Plaza Mayor gibt den Rhythmus der Stadt vor, da man ihn passieren muss, um den Espol\u00f3n und die Gesch\u00e4ftsviertel des Stadtzentrums zu erreichen.<\/p> <p>Der Plaza Mayor gibt den Rhythmus der Stadt vor.\n\t\t\t\t\t\t\t\t\t<\/div>\n\t\t\t\t\t\t\t\t\t<img decoding=\"async\" src=\"https:\/\/cdn.pilgrim.es\/web\/caminos\/camino-frances\/pueblos\/burgos\/puntos-de-interes\/ayuntamiento-burgos.jpg\" alt=\"El Ayuntamiento\">\n\t\t\t\t\t\t\t\t<\/div>\n\t\t\t\t\t\t\t<\/div>\n\t\t\t\t\t\t\n\t\t\t\t\t\t\t<div class=\"accordion__accordion-content inactive\">\n\t\t\t\t\t\t\t\t<div>\n\t\t\t\t\t\t\t\t\t<div>\n\t\t\t\t\t\t\t\t\t\t<h4>El Castillo y su Mirador<\/h4>\n\t\t\t\t\t\t\t\t\t\t<p>Die Burg befindet sich im h\u00f6chsten Teil der Stadt, auf dem H\u00fcgel von San Miguel. Im Laufe der Jahrhunderte fanden in der Festung viele Ereignisse statt, aber heute ist sie ein freundlicher und sehenswerter Ort, der dem Touristen einen unvergesslichen Rundgang innerhalb seiner Mauern erm\u00f6glicht.\n\t\t\t\t\t\t\t\t\t<\/div>\n\t\t\t\t\t\t\t\t\t<img decoding=\"async\" src=\"https:\/\/cdn.pilgrim.es\/web\/caminos\/camino-frances\/pueblos\/burgos\/puntos-de-interes\/cartuja-miraflores.jpg\" alt=\"El Castillo y su Mirador\">\n\t\t\t\t\t\t\t\t<\/div>\n\t\t\t\t\t\t\t<\/div>\n\t\t\t\t\t\t\n\t\t\t\t\t\t\t<div class=\"accordion__accordion-content inactive\">\n\t\t\t\t\t\t\t\t<div>\n\t\t\t\t\t\t\t\t\t<div>\n\t\t\t\t\t\t\t\t\t\t<h4>El Paseo de la Isla<\/h4>\n\t\t\t\t\t\t\t\t\t\t<p>Der Paseo de la Isla wurde von der Bourgeoisie im letzten Drittel des 19. Jahrhunderts angelegt und beginnt am Arco de Santa Mar\u00eda. <\/p>\n\n<p>Von der Plaza de Castilla f\u00fchrt er zu einem spektakul\u00e4ren botanischen Garten mit Arten aus verschiedenen \u00d6kosystemen. Zu dieser exotischen Vegetation gesellen sich einige monumentale Ruinen, wie zum Beispiel ein romanischer S\u00e4ulengang aus dem 12.\n\t\t\t\t\t\t\t\t\t<\/div>\n\t\t\t\t\t\t\t\t\t<img decoding=\"async\" src=\"https:\/\/cdn.pilgrim.es\/web\/caminos\/camino-frances\/pueblos\/burgos\/puntos-de-interes\/paseo-de-la-isla.jpg\" alt=\"El Paseo de la Isla\">\n\t\t\t\t\t\t\t\t<\/div>\n\t\t\t\t\t\t\t<\/div>\n\t\t\t\t\t\t\n\t\t\t\t\t\t\t<div class=\"accordion__accordion-content inactive\">\n\t\t\t\t\t\t\t\t<div>\n\t\t\t\t\t\t\t\t\t<div>\n\t\t\t\t\t\t\t\t\t\t<h4>El Paseo del Espol\u00f3n<\/h4>\n\t\t\t\t\t\t\t\t\t\t<p>Der Paseo del Espol\u00f3n ist der repr\u00e4sentativste Platz der Stadt, ein Muss f\u00fcr die Einwohner von Burgos, um einen Spaziergang zu machen. <\/p>\n\n<p>Auf dieser Promenade befindet sich das &#8222;Morito&#8220;, das an der Fassade des Teatro Principal gespielt wird und auch im Consulado del Mar selbst zu finden ist, einem Geb\u00e4ude, das durch den Seefahreranker auf dem Tympanon des Geb\u00e4udes auff\u00e4llt. In der Vergangenheit wurde dieses Geb\u00e4ude f\u00fcr die Handelsgesch\u00e4fte auf den europ\u00e4ischen Meeren genutzt.\n\t\t\t\t\t\t\t\t\t<\/div>\n\t\t\t\t\t\t\t\t\t<img decoding=\"async\" src=\"https:\/\/cdn.pilgrim.es\/web\/caminos\/camino-frances\/pueblos\/burgos\/puntos-de-interes\/paseo-espolon.jpg\" alt=\"El Paseo del Espol\u00f3n\">\n\t\t\t\t\t\t\t\t<\/div>\n\t\t\t\t\t\t\t<\/div>\n\t\t\t\t\t\t\n\t\t\t\t\t\t\t<div class=\"accordion__accordion-content inactive\">\n\t\t\t\t\t\t\t\t<div>\n\t\t\t\t\t\t\t\t\t<div>\n\t\t\t\t\t\t\t\t\t\t<h4>El Solar del Cid<\/h4>\n\t\t\t\t\t\t\t\t\t\t<p>Der Geschichte nach befand sich an diesem Ort die st\u00e4dtische Residenz des Campeador Cid, die neben dem Tor von San Mart\u00edn lag. Heute beherbergt das Denkmal die Wappen von Burgos und San Pedro de Carde\u00f1a.<\/p> <p>Das Denkmal ist noch erhalten.\n\t\t\t\t\t\t\t\t\t<\/div>\n\t\t\t\t\t\t\t\t\t<img decoding=\"async\" src=\"https:\/\/cdn.pilgrim.es\/web\/caminos\/camino-frances\/pueblos\/burgos\/puntos-de-interes\/solar-de-cid.jpg\" alt=\"El Solar del Cid\">\n\t\t\t\t\t\t\t\t<\/div>\n\t\t\t\t\t\t\t<\/div>\n\t\t\t\t\t\t\n\t\t\t\t\t\t\t<div class=\"accordion__accordion-content inactive\">\n\t\t\t\t\t\t\t\t<div>\n\t\t\t\t\t\t\t\t\t<div>\n\t\t\t\t\t\t\t\t\t\t<h4>Iglesia de la Merced<\/h4>\n\t\t\t\t\t\t\t\t\t\t<p>Als sich der Orden der Merced in der zweiten H\u00e4lfte des 13. Jahrhunderts in Burgos niederlie\u00df, tat er dies in einer primitiven Kirche weit au\u00dferhalb der Stadt, wo er bis 1419 blieb. In jenem Jahr zogen sie in die Kirche um, die wir heute als die Kirche La Merced kennen, und Ende des 15. Jahrhunderts errichteten sie mit Hilfe einiger wohlhabender Familien aus Burgos wie Los Castillo und Los Pesquera, die in ihrer Kirche begraben wurden, ein neues Geb\u00e4ude. <\/p>\n\t\t\t\t\t\t\t\t\t<\/div>\n\t\t\t\t\t\t\t\t\t<img decoding=\"async\" src=\"https:\/\/cdn.pilgrim.es\/web\/caminos\/camino-frances\/pueblos\/burgos\/puntos-de-interes\/iglesia-merced.jpg\" alt=\"Iglesia de la Merced\">\n\t\t\t\t\t\t\t\t<\/div>\n\t\t\t\t\t\t\t<\/div>\n\t\t\t\t\t\t\n\t\t\t\t\t\t\t<div class=\"accordion__accordion-content inactive\">\n\t\t\t\t\t\t\t\t<div>\n\t\t\t\t\t\t\t\t\t<div>\n\t\t\t\t\t\t\t\t\t\t<h4>Iglesia de San Cosme y San Damian<\/h4>\n\t\t\t\t\t\t\t\t\t\t<p>Die Kirche San Cosme und San Dami\u00e1n in Burgos wurde zwischen dem sp\u00e4ten 15. und fr\u00fchen 16. Jahrhundert an der Stelle einer alten Kirche errichtet. Das herausragendste Merkmal der Kirchenfassade ist die platereske Fassade, die 1552 von Juan de Vallejo errichtet wurde. Sie weist einen Rundbogen auf, der von aufgesetzten S\u00e4ulen mit B\u00fcsten in den Zwickeln flankiert wird. <\/p>\n\t\t\t\t\t\t\t\t\t<\/div>\n\t\t\t\t\t\t\t\t\t<img decoding=\"async\" src=\"https:\/\/cdn.pilgrim.es\/web\/caminos\/camino-frances\/pueblos\/burgos\/puntos-de-interes\/iglesia-san-cosme.jpg\" alt=\"Iglesia de San Cosme y San Damian\">\n\t\t\t\t\t\t\t\t<\/div>\n\t\t\t\t\t\t\t<\/div>\n\t\t\t\t\t\t\n\t\t\t\t\t\t\t<div class=\"accordion__accordion-content inactive\">\n\t\t\t\t\t\t\t\t<div>\n\t\t\t\t\t\t\t\t\t<div>\n\t\t\t\t\t\t\t\t\t\t<h4>La Plaza Mayor y sus aleda\u00f1os<\/h4>\n\t\t\t\t\t\t\t\t\t\t<p>Der Plaza Mayor liegt im Zentrum der Stadt, und so war es nur logisch, dass er in der Antike der Plaza del Mercado (Marktplatz) war. Heute befindet sich auf dem Platz das Rathaus in einem neoklassizistischen Geb\u00e4ude aus dem 18. Jahrhundert, das an der Stelle der ehemaligen Puerta de las Carretas errichtet wurde. <\/p>\n\t\t\t\t\t\t\t\t\t<\/div>\n\t\t\t\t\t\t\t\t\t<img decoding=\"async\" src=\"https:\/\/cdn.pilgrim.es\/web\/caminos\/camino-frances\/pueblos\/burgos\/puntos-de-interes\/plaza-mayor.jpg\" alt=\"La Plaza Mayor y sus aleda\u00f1os\">\n\t\t\t\t\t\t\t\t<\/div>\n\t\t\t\t\t\t\t<\/div>\n\t\t\t\t\t\t\n\t\t\t\t\t\t\t<div class=\"accordion__accordion-content inactive\">\n\t\t\t\t\t\t\t\t<div>\n\t\t\t\t\t\t\t\t\t<div>\n\t\t\t\t\t\t\t\t\t\t<h4>Plaza del Cid<\/h4>\n\t\t\t\t\t\t\t\t\t\t<p>Die Plaza del Cid befindet sich dort, wo seit 1955 die Ostfassade des Teatro Principal steht. Auf dem Platz stehen das Reiterstandbild des Cid Campeador, ein Werk von Juan Crist\u00f3bal, und die Statue des Kriegers Cid, der sein Schwert nach S\u00fcden schwingt und seinen Blick auf die Protagonisten des Cantar richtet, den Lucarini f\u00fcr die Br\u00fccke von San Pablo schuf.\n\t\t\t\t\t\t\t\t\t<\/div>\n\t\t\t\t\t\t\t\t\t<img decoding=\"async\" src=\"https:\/\/cdn.pilgrim.es\/web\/caminos\/camino-frances\/pueblos\/burgos\/puntos-de-interes\/plaza-cid.jpg\" alt=\"Plaza del Cid\">\n\t\t\t\t\t\t\t\t<\/div>\n\t\t\t\t\t\t\t<\/div>\n\t\t\t\t\t\t\n\t\t\t\t\t\t\t<div class=\"accordion__accordion-content inactive\">\n\t\t\t\t\t\t\t\t<div>\n\t\t\t\t\t\t\t\t\t<div>\n\t\t\t\t\t\t\t\t\t\t<h4>Monasterio de San Pedro de Carde\u00f1a<\/h4>\n\t\t\t\t\t\t\t\t\t\t<p>Das Kloster San Pedro de Carde\u00f1a war eine der Hauptfiguren in der Legende des Cid, denn hier wurden jahrhundertelang die sterblichen \u00dcberreste des Cid und seiner Frau Jimena aufbewahrt.\n\n<p>Das Kloster wurde 899 von den Benediktinern gegr\u00fcndet und etablierte sich als wichtiges kulturelles und spirituelles Zentrum, insbesondere in der Anfangsphase des Aufbaus Kastiliens. Damals war das Kloster im romanischen Stil gehalten, wurde aber 953 vom Heer von Abderram\u00e1n III. gepl\u00fcndert, so dass heute nur noch der alte Turm aus dem 10. bis 11. Jahrhundert und der romanische Kreuzgang aus dem 12. Jahrhundert erhalten sind.\n\t\t\t\t\t\t\t\t\t<\/div>\n\t\t\t\t\t\t\t\t\t<img decoding=\"async\" src=\"https:\/\/cdn.pilgrim.es\/web\/caminos\/camino-frances\/pueblos\/burgos\/puntos-de-interes\/monasterio-san-pedro-cardena.jpg\" alt=\"Monasterio de San Pedro de Carde\u00f1a\">\n\t\t\t\t\t\t\t\t<\/div>\n\t\t\t\t\t\t\t<\/div>\n\t\t\t\t\t\t\n\t\t\t\t\t\t\t<div class=\"accordion__accordion-content inactive\">\n\t\t\t\t\t\t\t\t<div>\n\t\t\t\t\t\t\t\t\t<div>\n\t\t\t\t\t\t\t\t\t\t<h4>Iglesia de San Esteban<\/h4>\n\t\t\t\t\t\t\t\t\t\t<p>Die Kirche San Esteban wurde im letzten Drittel des 13. und in der ersten H\u00e4lfte des 14. Jahrhunderts \u00fcber einer fr\u00fcheren romanischen Kirche errichtet. Ihre Struktur hat einen dreischiffigen Grundriss mit einfachen Kreuzrippengew\u00f6lben.\n\n<p>Hervorzuheben ist das Portal aus dem Ende des 13. Jahrhunderts, das von einem Spitzbogen mit drei Archivolten mit Heiligenbildern eingerahmt wird, neben denen &#8222;Statuens\u00e4ulen&#8220; stehen. <\/p>\n\t\t\t\t\t\t\t\t\t<\/div>\n\t\t\t\t\t\t\t\t\t<img decoding=\"async\" src=\"https:\/\/cdn.pilgrim.es\/web\/caminos\/camino-frances\/pueblos\/burgos\/puntos-de-interes\/iglesia-san-esteban.jpg\" alt=\"Iglesia de San Esteban\">\n\t\t\t\t\t\t\t\t<\/div>\n\t\t\t\t\t\t\t<\/div>\n\t\t\t\t\t\t\n\t\t\t\t\t\t\t<div class=\"accordion__accordion-content inactive\">\n\t\t\t\t\t\t\t\t<div>\n\t\t\t\t\t\t\t\t\t<div>\n\t\t\t\t\t\t\t\t\t\t<h4>Palacio de Castilfal\u00e9<\/h4>\n\t\t\t\t\t\t\t\t\t\t<p>Der Castilfal\u00e9-Palast ist nach seinen letzten Besitzern, den Grafen von Castilfal\u00e9, benannt. Es handelt sich um ein Geb\u00e4ude, das um die Mitte des 16. Jahrhunderts errichtet wurde und sich durch einen f\u00fcr die Renaissance in Burgos typischen Stil auszeichnet. Er wurde in der Calle Fern\u00e1n Gonz\u00e1lez errichtet, am Jakobsweg und in der angesehensten Gegend von Burgos, wo die wohlhabenden Kaufleute ihre H\u00e4user hatten.\n\t\t\t\t\t\t\t\t\t<\/div>\n\t\t\t\t\t\t\t\t\t<img decoding=\"async\" src=\"https:\/\/cdn.pilgrim.es\/web\/caminos\/camino-frances\/pueblos\/burgos\/puntos-de-interes\/palacio-castilfale.jpg\" alt=\"Palacio de Castilfal\u00e9\">\n\t\t\t\t\t\t\t\t<\/div>\n\t\t\t\t\t\t\t<\/div>\n\t\t\t\t\t\t\n\t\t\t\t\t\t\t<div class=\"accordion__accordion-content inactive\">\n\t\t\t\t\t\t\t\t<div>\n\t\t\t\t\t\t\t\t\t<div>\n\t\t\t\t\t\t\t\t\t\t<h4>Plaza de San Juan<\/h4>\n\t\t\t\t\t\t\t\t\t\t<p>Die Pilger erreichten die Plaza de San Juan \u00fcber Las Calzadas. Auf diesem Platz konnten sie den Komplex San Lesmes bewundern, der aus einem Kloster, einem Krankenhaus und einer Kirche besteht.\n\n<p>Vom Hospital sind kaum noch Reste vorhanden, und vom Kloster San Juan sind heute noch der Kreuzgang und der Kapitelsaal zu sehen.\n\t\t\t\t\t\t\t\t\t<\/div>\n\t\t\t\t\t\t\t\t\t<img decoding=\"async\" src=\"https:\/\/cdn.pilgrim.es\/web\/caminos\/camino-frances\/pueblos\/burgos\/puntos-de-interes\/plaza-san-juan.jpg\" alt=\"Plaza de San Juan\">\n\t\t\t\t\t\t\t\t<\/div>\n\t\t\t\t\t\t\t<\/div>\n\t\t\t\t\t\t\n\t\t\t\t\t\t\t<div class=\"accordion__accordion-content inactive\">\n\t\t\t\t\t\t\t\t<div>\n\t\t\t\t\t\t\t\t\t<div>\n\t\t\t\t\t\t\t\t\t\t<h4>Iglesia de San Gil<\/h4>\n\t\t\t\t\t\t\t\t\t\t<p>Die Kirche San Gil wurde zu Ehren des athenischen Heiligen San Gil erbaut, dessen Ruhm der Heiligkeit durch Pilger nach Burgos gelangte. Diese Kirche ist an die Stadtmauer angebaut und hat eine schlichte Au\u00dfenfassade. Ihr Inneres besteht aus drei Schiffen mit einem Querschiff und einem sternf\u00f6rmigen Gew\u00f6lbe.\n\t\t\t\t\t\t\t\t\t<\/div>\n\t\t\t\t\t\t\t\t\t<img decoding=\"async\" src=\"https:\/\/cdn.pilgrim.es\/web\/caminos\/camino-frances\/pueblos\/burgos\/puntos-de-interes\/iglesia-san-gil.jpg\" alt=\"Iglesia de San Gil\">\n\t\t\t\t\t\t\t\t<\/div>\n\t\t\t\t\t\t\t<\/div>\n\t\t\t\t\t\t\n\t\t\t\t\t\t\t<div class=\"accordion__accordion-content inactive\">\n\t\t\t\t\t\t\t\t<div>\n\t\t\t\t\t\t\t\t\t<div>\n\t\t\t\t\t\t\t\t\t\t<h4>Plaza de Santa Mar\u00eda<\/h4>\n\t\t\t\t\t\t\t\t\t\t<p>Der Platz Santa Maria liegt am Fu\u00dfe der Kathedrale und wird von einem Brunnen aus dem 17. Jahrhundert beherrscht, der der Jungfrau und dem Kind gewidmet ist. <\/p>\n\n<p>Dieser Platz war Schauplatz der wichtigsten historischen Ereignisse, wie der Empfang von K\u00f6nigen und Bisch\u00f6fen in der Kathedrale, die Feier von Prozessionen, usw. In fr\u00fcheren Jahrhunderten wurde hier auch ein beliebter Markt f\u00fcr frischen Fisch abgehalten.<\/p> <p>Es war auch der Ort f\u00fcr einen beliebten Markt f\u00fcr frischen Fisch.\n\t\t\t\t\t\t\t\t\t<\/div>\n\t\t\t\t\t\t\t\t\t<img decoding=\"async\" src=\"https:\/\/cdn.pilgrim.es\/web\/caminos\/camino-frances\/pueblos\/burgos\/puntos-de-interes\/plaza-santa-maria.jpg\" alt=\"Plaza de Santa Mar\u00eda\">\n\t\t\t\t\t\t\t\t<\/div>\n\t\t\t\t\t\t\t<\/div>\n\t\t\t\t\t\t\n\t\t\t\t\t\t\t<div class=\"accordion__accordion-content inactive\">\n\t\t\t\t\t\t\t\t<div>\n\t\t\t\t\t\t\t\t\t<div>\n\t\t\t\t\t\t\t\t\t\t<h4>Puente de San Pablo y Correos<\/h4>\n\t\t\t\t\t\t\t\t\t\t<p>Jahrhundertelang verband die Br\u00fccke von San Pablo die historische Stadt mit ihrer Ausdehnung s\u00fcdlich des Arlanz\u00f3n, wo sich zahlreiche religi\u00f6se Zentren wie das gro\u00dfe Dominikanerkloster San Pablo und das Kloster der Trinitarierinnen befanden. <\/p>\n\t\t\t\t\t\t\t\t\t<\/div>\n\t\t\t\t\t\t\t\t\t<img decoding=\"async\" src=\"https:\/\/cdn.pilgrim.es\/web\/caminos\/camino-frances\/pueblos\/burgos\/puntos-de-interes\/puente-san-pablo.jpg\" alt=\"Puente de San Pablo y Correos\">\n\t\t\t\t\t\t\t\t<\/div>\n\t\t\t\t\t\t\t<\/div>\n\t\t\t\t\t\t\n\t\t\t\t\t\t\t<div class=\"accordion__accordion-content inactive\">\n\t\t\t\t\t\t\t\t<div>\n\t\t\t\t\t\t\t\t\t<div>\n\t\t\t\t\t\t\t\t\t\t<h4>Iglesia de San Nicol\u00e1s<\/h4>\n\t\t\t\t\t\t\t\t\t\t<p>Diese Kirche ist dem heiligen Nikolaus von Bari gewidmet und wurde 1408 unter dem Patronat von Bischof Juan Cabeza de Vaca erbaut. <\/p>\n\n<p>Sie hat eine einfache und diskrete Struktur, in der das Portal mit einem Spitzbogen zweifelsohne hervorsticht. Das Tympanon zeigt den Heiligen Nikolaus auf einer Kathedra sitzend, flankiert vom Heiligen Sebastian und dem Heiligen von Burgos, dem Heiligen Vitores.<\/p> <p>Das Portal hat einen Spitzbogen.\n\t\t\t\t\t\t\t\t\t<\/div>\n\t\t\t\t\t\t\t\t\t<img decoding=\"async\" src=\"https:\/\/cdn.pilgrim.es\/web\/caminos\/camino-frances\/pueblos\/burgos\/puntos-de-interes\/iglesia-san-nicolas.jpg\" alt=\"Iglesia de San Nicol\u00e1s\">\n\t\t\t\t\t\t\t\t<\/div>\n\t\t\t\t\t\t\t<\/div>\n\t\t\t\t\t\t\n\t\t\t\t\t\t\t<div class=\"accordion__accordion-content inactive\">\n\t\t\t\t\t\t\t\t<div>\n\t\t\t\t\t\t\t\t\t<div>\n\t\t\t\t\t\t\t\t\t\t<h4>Museo de la Evoluci\u00f3n Humana<\/h4>\n\t\t\t\t\t\t\t\t\t\t<p>Das Museum der menschlichen Evolution (MEH) ist ein innovatives Ausstellungsmuseum, das von dem Architekten Juan Navarro Baldeweg entworfen wurde. Es vereint alle Entdeckungen &#8211; mit den Funden von Atapuerca als Protagonisten &#8211; die es uns erm\u00f6glicht haben, mehr als eine Million Jahre zur\u00fcckzugehen und zu entdecken, wie die menschliche Pr\u00e4senz in Europa zu dieser Zeit aussah.<\/p> <p>Das Museum der menschlichen Evolution (MEH) ist ein innovatives Ausstellungsmuseum, das von dem Architekten Juan Navarro Baldeweg entworfen wurde.\n\t\t\t\t\t\t\t\t\t<\/div>\n\t\t\t\t\t\t\t\t\t<img decoding=\"async\" src=\"https:\/\/cdn.pilgrim.es\/web\/caminos\/camino-frances\/pueblos\/burgos\/puntos-de-interes\/museo-evolucion-humana.jpg\" alt=\"Museo de la Evoluci\u00f3n Humana\">\n\t\t\t\t\t\t\t\t<\/div>\n\t\t\t\t\t\t\t<\/div>\n\t\t\t\t\t\t\n\t\t\t\t\t\t\t<div class=\"accordion__accordion-content inactive\">\n\t\t\t\t\t\t\t\t<div>\n\t\t\t\t\t\t\t\t\t<div>\n\t\t\t\t\t\t\t\t\t\t<h4>Catedral de Burgos<\/h4>\n\t\t\t\t\t\t\t\t\t\t<p>Die Kathedrale von Burgos ist Santa Mar\u00eda la Mayor gewidmet. Sie wurde 1984 von der UNESCO zum Weltkulturerbe erkl\u00e4rt und gilt als das repr\u00e4sentativste Bauwerk der Stadt. Ihr Bau begann im Jahr 1221 und wurde 1260 abgeschlossen. <\/p>\n\t\t\t\t\t\t\t\t\t<\/div>\n\t\t\t\t\t\t\t\t\t<img decoding=\"async\" src=\"https:\/\/cdn.pilgrim.es\/web\/caminos\/camino-frances\/pueblos\/burgos\/puntos-de-interes\/catedral-burgos.jpg\" alt=\"Catedral de Burgos\">\n\t\t\t\t\t\t\t\t<\/div>\n\t\t\t\t\t\t\t<\/div>\n\t\t\t\t\t\t\n\t\t\t\t\t\t\t<div class=\"accordion__accordion-content inactive\">\n\t\t\t\t\t\t\t\t<div>\n\t\t\t\t\t\t\t\t\t<div>\n\t\t\t\t\t\t\t\t\t\t<h4>Cartuja de Miraflores<\/h4>\n\t\t\t\t\t\t\t\t\t\t<p>Das Kart\u00e4userkloster von Miraflores befindet sich an der Stelle einer ehemaligen k\u00f6niglichen Palastfestung. Es wurde zur Verehrung von K\u00f6nig Heinrich III. erbaut, der seine Pal\u00e4ste den Kart\u00e4userm\u00f6nchen schenkte, um an gleicher Stelle ein Kloster des Ordens zu gr\u00fcnden.<\/p> <p>Das Kart\u00e4userkloster Miraflores steht an der Stelle einer ehemaligen k\u00f6niglichen Palastfestung.\n\n<p>Jahre sp\u00e4ter f\u00fcllte Isabella die Katholische die Kirche mit Pracht und Bedeutung, denn sie w\u00e4hlte diesen Ort, um ihre Eltern, Johannes II. von Kastilien und Isabella von Portugal, zu bestatten. <\/p>\n\t\t\t\t\t\t\t\t\t<\/div>\n\t\t\t\t\t\t\t\t\t<img decoding=\"async\" src=\"https:\/\/cdn.pilgrim.es\/web\/caminos\/camino-frances\/pueblos\/burgos\/puntos-de-interes\/cartuja-miraflores.jpg\" alt=\"Cartuja de Miraflores\">\n\t\t\t\t\t\t\t\t<\/div>\n\t\t\t\t\t\t\t<\/div>\n\t\t\t\t\t\t\n\t\t\t\t\t<\/div>\n\t\t\t\t<\/div>\n\t\t\t<\/div>\n\t\t\n\n\t\t<div id=\"phonesSection\">\n\t\t\t<div>\n\t\t\t\t<h2 class=\"p-h3-town\">Informationen von Interesse<\/h2>\n\t\t\t<\/div>\n\t\t\t<div class=\"grid\">\n\t\t\t\t\n\t\t\t\t\t<div class=\"phone-number-item\">\n\t\t\t\t\t\t<div class=\"phone-number-item__icon\"><i class=\"icon-police\"><\/i><\/div>\n\t\t\t\t\t\t<div class=\"phone-number-item__title\">\n\t\t\t\t\t\t\t<h3 class=\"p-font-bold\">Ortspolizei<\/h3>\n\t\t\t\t\t\t\t<p>947 288 834<\/p>\n\t\t\t\t\t\t\t\n\t\t\t\t\t\t<\/div>\n\t\t\t\t\t<\/div>\n\t\t\t\t\n\t\t\t\t\t<div class=\"phone-number-item\">\n\t\t\t\t\t\t<div class=\"phone-number-item__icon\"><i class=\"icon-spanish-military-police\"><\/i><\/div>\n\t\t\t\t\t\t<div class=\"phone-number-item__title\">\n\t\t\t\t\t\t\t<h3 class=\"p-font-bold\">Zivilwache<\/h3>\n\t\t\t\t\t\t\t<p>947 229 004<\/p>\n\t\t\t\t\t\t\t\n\t\t\t\t\t\t<\/div>\n\t\t\t\t\t<\/div>\n\t\t\t\t\n\t\t\t\t\t<div class=\"phone-number-item\">\n\t\t\t\t\t\t<div class=\"phone-number-item__icon\"><i class=\"icon-firefighters\"><\/i><\/div>\n\t\t\t\t\t\t<div class=\"phone-number-item__title\">\n\t\t\t\t\t\t\t<h3 class=\"p-font-bold\">Feuerwehr<\/h3>\n\t\t\t\t\t\t\t<p>947 288 800<\/p>\n\t\t\t\t\t\t\t\n\t\t\t\t\t\t<\/div>\n\t\t\t\t\t<\/div>\n\t\t\t\t\n\t\t\t\t\t<div class=\"phone-number-item\">\n\t\t\t\t\t\t<div class=\"phone-number-item__icon\"><i class=\"icon-civil-protection\"><\/i><\/div>\n\t\t\t\t\t\t<div class=\"phone-number-item__title\">\n\t\t\t\t\t\t\t<h3 class=\"p-font-bold\">Zivilschutz<\/h3>\n\t\t\t\t\t\t\t<p>947 205 500<\/p>\n\t\t\t\t\t\t\t\n\t\t\t\t\t\t<\/div>\n\t\t\t\t\t<\/div>\n\t\t\t\t\n\t\t\t\t\t<div class=\"phone-number-item\">\n\t\t\t\t\t\t<div class=\"phone-number-item__icon\"><i class=\"icon-town-council\"><\/i><\/div>\n\t\t\t\t\t\t<div class=\"phone-number-item__title\">\n\t\t\t\t\t\t\t<h3 class=\"p-font-bold\">Rathaus<\/h3>\n\t\t\t\t\t\t\t<p>947 560 312<\/p>\n\t\t\t\t\t\t\t\n\t\t\t\t\t\t<\/div>\n\t\t\t\t\t<\/div>\n\t\t\t\t\n\t\t\t\t\t<div class=\"phone-number-item\">\n\t\t\t\t\t\t<div class=\"phone-number-item__icon\"><i class=\"icon-hospital\"><\/i><\/div>\n\t\t\t\t\t\t<div class=\"phone-number-item__title\">\n\t\t\t\t\t\t\t<h3 class=\"p-font-bold\">Gesundheitszentrum<\/h3>\n\t\t\t\t\t\t\t<p>947 470 707 \/ 947 274 488<\/p>\n\t\t\t\t\t\t\t\n\t\t\t\t\t\t<\/div>\n\t\t\t\t\t<\/div>\n\t\t\t\t\n\t\t\t\t\t<div class=\"phone-number-item\">\n\t\t\t\t\t\t<div class=\"phone-number-item__icon\"><i class=\"icon-tourism\"><\/i><\/div>\n\t\t\t\t\t\t<div class=\"phone-number-item__title\">\n\t\t\t\t\t\t\t<h3 class=\"p-font-bold\">Fremdenverkehrsamt<\/h3>\n\t\t\t\t\t\t\t<p>947 203 125<\/p>\n\t\t\t\t\t\t\t\n\t\t\t\t\t\t\t\t<p>C\/ Plaza Alonso Mart\u00ednez, 7<\/p>\n\t\t\t\t\t\t\t\n\t\t\t\t\t\t<\/div>\n\t\t\t\t\t<\/div>\n\t\t\t\t\n\t\t\t<\/div>\n\t\t<\/div>\n\n\t\t<div id=\"clientForm\">\n        <section>\n        <img decoding=\"async\" src=\"https:\/\/cdn.pilgrim.es\/web\/home\/email-contacto.png\" alt=\"contacto\">\n        <div>\n            <p>Wir senden dir deine Planung<\/p>\n            <p>Gib uns deine Daten an und erhalte die Planung deiner Reise per E-Mail <\/p>\n            <form method=\"post\" data-url=\"\/wp-admin\/admin-ajax.php\" id=\"planner--client\" class=\"flag-right form-client\">\n    <div class=\"form-data\">\n        <input name=\"form_id\" type=\"hidden\" value=\"Formulario Leads\">\n        <input name=\"type\" type=\"hidden\" value=\"planner_client\">\n        <input type=\"text\" name=\"nombre\" value=\"\" size=\"40\" class=\"form-control\" aria-required=\"true\" aria-invalid=\"false\" placeholder=\"Name\">\n        <input type=\"email\" name=\"email\" value=\"\" size=\"40\" class=\"form-control\" aria-required=\"true\" aria-invalid=\"false\" placeholder=\"E- Mail\">\n        <input type=\"text\" id=\"phone-input\" name=\"tel\" value=\"\" size=\"40\" class=\"phone-input form-control\" aria-required=\"true\" aria-invalid=\"false\" placeholder=\"Telefon\">\n        <input type=\"hidden\" name=\"telefono\">\n    <\/div>\n    <div class=\"form-checkbox\">\n        <span>\n            Pilgrim Travel, S.L. teilt gem\u00e4\u00df Regulierung 2016\/679 mit, dass die in diesem Formular verwendeten Daten sowohl f\u00fcr die Beantwortung der m\u00f6glichen Anfragen als auch f\u00fcr die Ver\u00f6ffentlichung der Kommentare verwendet werden, mit der Zustimmung des Nutzers. Sie k\u00f6nnen Ihre Rechte in \u00dcbereinstimmung mit unserer Datenschutzbestimmungen aus\u00fcben             <a href=\"https:\/\/www.pilgrim.es\/politica-de-privacidad\/\" target=\"_blank\" rel=\"noopener noreferrer nofollow\">Datenschutzerkl\u00e4rung.<\/a>\n        <\/span>\n    <\/div>\n\n    <div class=\"form-submit\">\n        <button id=\"planner--client-create\" type=\"submit\">Anfrage senden<\/button>\n        <div class=\"loadingDiv\"><i class=\"p-spinner\"><\/i><\/div>\n    <\/div>\n\n    <div class=\"contact-content-form-success\">\n        <p><i class=\"fas fa-check\"><\/i> Das Formular hat sich erfolgreich gesendet.<\/p>\n    <\/div>\n\n    <div class=\"contact-content-form-error\">\n        <span class=\"input-error\"><\/span>\n    <\/div>\n<\/form>        <\/div>\n    <\/section>\n<\/div>\n\n\t\t<div id=\"recomendationSection\">\n\t\t\t<div>\n\t\t\t\t<h2 class=\"p-h2-town\">Empfohlen<\/h2>\n\t\t\t\t<hr>\n\t\t\t\t<h3 class=\"p-h3-town\">Gastronomie<\/h3>\n\t\t\t<\/div>\n\t\t\tDie Gastronomie von Burgos umfasst die traditionellsten und typischsten Rezepte wie Milchlamm, Blutwurst, &#8222;olla podrida&#8220; und Bohnen aus Ibeas. Nicht zu vergessen ist der Frischk\u00e4se aus Burgos, der bereits eine eigene Ursprungsbezeichnung hat.\n\nZu einem Essen in dieser Stadt sollte immer ein guter Wein gereicht werden, entweder ein Rotwein mit der Ursprungsbezeichnung Ribera del Duero oder ein Wein mit der Ursprungsbezeichnung Ribera del Arlanza.\n\nDie perfekte Gegend, um die Gastronomie zu probieren, ist die Gegend um die Plaza Mayor, insbesondere die Calle San Lorenzo und das Viertel Sombrerer\u00eda.\n\t\t<\/div>\n\n\n\t\t\n\t\t\t<div id=\"holidaysSection\">\n\t\t\t\t<div>\n\t\t\t\t\t<h2 class=\"p-h2-town\">Empfohlen<\/h2>\n\t\t\t\t\t<hr>\n\t\t\t\t\t<h3 class=\"p-h3-town\">Feste und Pilgerfahrten<\/h3>\n\t\t\t\t<\/div>\n\t\t\t\t<div class=\"grid holidays-grid\">\n\t\t\t\t\t\n\t\t\t\t\t\t<div>\n\t\t\t\t\t\t\t<div class=\"phone-number-item\">\n\t\t\t\t\t\t\t\t<div class=\"phone-number-item__icon\"><i class=\"icon-holiday\"><\/i><\/div>\n\t\t\t\t\t\t\t\t<div class=\"phone-number-item__title dark-text\">\n\t\t\t\t\t\t\t\t\t<p class=\"p-font-bold\">Lokaler Urlaub<\/p>\n\t\t\t\t\t\t\t\t\t<p>Primera quincena de agosto: Fiesta de la huerta melgare\u00f1a<\/p>\n\t\t\t\t\t\t\t\t<\/div>\n\t\t\t\t\t\t\t<\/div>\n\t\t\t\t\t\t<\/div>\n\t\t\t\t\t\n\t\t\t\t\t\t<div>\n\t\t\t\t\t\t\t<div class=\"phone-number-item\">\n\t\t\t\t\t\t\t\t<div class=\"phone-number-item__icon\"><i class=\"icon-holiday\"><\/i><\/div>\n\t\t\t\t\t\t\t\t<div class=\"phone-number-item__title dark-text\">\n\t\t\t\t\t\t\t\t\t<p class=\"p-font-bold\">Lokaler Urlaub<\/p>\n\t\t\t\t\t\t\t\t\t<p>\u00daltimo domingo de septiembre: D\u00eda de exaltaci\u00f3n de la patata de tardajos<\/p>\n\t\t\t\t\t\t\t\t<\/div>\n\t\t\t\t\t\t\t<\/div>\n\t\t\t\t\t\t<\/div>\n\t\t\t\t\t\n\t\t\t\t\t\t<div>\n\t\t\t\t\t\t\t<div class=\"phone-number-item\">\n\t\t\t\t\t\t\t\t<div class=\"phone-number-item__icon\"><i class=\"icon-holiday\"><\/i><\/div>\n\t\t\t\t\t\t\t\t<div class=\"phone-number-item__title dark-text\">\n\t\t\t\t\t\t\t\t\t<p class=\"p-font-bold\">Lokaler Urlaub<\/p>\n\t\t\t\t\t\t\t\t\t<p>\u00daltimo fin de semana de febrero: Fiesta de la matanza<\/p>\n\t\t\t\t\t\t\t\t<\/div>\n\t\t\t\t\t\t\t<\/div>\n\t\t\t\t\t\t<\/div>\n\t\t\t\t\t\n\t\t\t\t\t\t<div>\n\t\t\t\t\t\t\t<div class=\"phone-number-item\">\n\t\t\t\t\t\t\t\t<div class=\"phone-number-item__icon\"><i class=\"icon-holiday\"><\/i><\/div>\n\t\t\t\t\t\t\t\t<div class=\"phone-number-item__title dark-text\">\n\t\t\t\t\t\t\t\t\t<p class=\"p-font-bold\">Lokaler Urlaub<\/p>\n\t\t\t\t\t\t\t\t\t<p>Segundo fin de semana de julio: Fiesta medieval y de la cereza<\/p>\n\t\t\t\t\t\t\t\t<\/div>\n\t\t\t\t\t\t\t<\/div>\n\t\t\t\t\t\t<\/div>\n\t\t\t\t\t\n\t\t\t\t<\/div>\n\t\t\t<\/div>\n\t\t\n\t<\/div>\n<\/section>\n\n<div id=\"stage_list_section\"><div class=\"stage-list\">\n    <div class='stage-list__map-card'>\n        <div class='stage-list__map-card__map'>\n            <div class='stage-list__map-card__map__text'>\n                <h2> Pages <\/h2>\n                <p> Zu Fu\u00df<\/p>\n                <p> 0etappen<\/p>\n            <\/div>\n            <div class='stage-list__map-card__map__img'>\n                <img decoding=\"async\" src=\"\" alt=\" mapa \" \/>\n            <\/div>\n        <\/div>\n    <\/div>\n\n    <\/div>\n<\/div> ","protected":false},"excerpt":{"rendered":"<p>Burgos &#8249; Zur\u00fcck zur B\u00fchne Burgos Einwohner: 177.776 aprox. Bundesland: Burgos Informationen Get to know Burgos Burgos ist die n\u00e4chste Stadt, auf die die Pilger auf ihrem Weg nach Santiago sto\u00dfen. Sie genoss gro\u00dfe Bedeutung, vor allem nachdem sie im elften Jahrhundert zur Hauptstadt des K\u00f6nigreichs Kastilien ernannt wurde. Nur zwei Jahrhunderte nach diesem Ereignis &hellip; <\/p>\n<p class=\"read_more\"><a href=\"https:\/\/www.pilgrim.es\/de\/franzosischer-weg\/burgos\/\">Leer m\u00e1s<\/a><\/p>\n","protected":false},"author":0,"featured_media":2119,"parent":10659,"menu_order":0,"comment_status":"closed","ping_status":"closed","template":"views\/template-new-web-design.blade.php","meta":{"footnotes":""},"categories":[],"tags":[],"class_list":["post-91072","page","type-page","status-publish","has-post-thumbnail","hentry"],"yoast_head":"<!-- This site is optimized with the Yoast SEO plugin v27.4 - https:\/\/yoast.com\/product\/yoast-seo-wordpress\/ -->\n<title>Burgos: Was sehen und wo \u00fcbernachten | Jakobsweg | Pilgrim<\/title>\n<meta name=\"description\" content=\"Burgos Entdecken Sie alle Informationen \u00fcber Unterk\u00fcnfte, Anreise, Gastronomie und die wichtigsten Sehensw\u00fcrdigkeiten der Orte am Franz\u00f6sischer Weg\" \/>\n<meta name=\"robots\" content=\"index, follow, max-snippet:-1, max-image-preview:large, max-video-preview:-1\" \/>\n<link rel=\"canonical\" href=\"https:\/\/www.pilgrim.es\/de\/franzosischer-weg\/burgos\/\" \/>\n<meta property=\"og:locale\" content=\"de_DE\" \/>\n<meta property=\"og:type\" content=\"article\" \/>\n<meta property=\"og:title\" content=\"Burgos: Was sehen und wo \u00fcbernachten | Jakobsweg | Pilgrim\" \/>\n<meta property=\"og:description\" content=\"Burgos Entdecken Sie alle Informationen \u00fcber Unterk\u00fcnfte, Anreise, Gastronomie und die wichtigsten Sehensw\u00fcrdigkeiten der Orte am Franz\u00f6sischer Weg\" \/>\n<meta property=\"og:url\" content=\"https:\/\/www.pilgrim.es\/de\/franzosischer-weg\/burgos\/\" \/>\n<meta property=\"og:site_name\" content=\"Pilgrim\" \/>\n<meta property=\"article:publisher\" content=\"https:\/\/www.facebook.com\/pilgrim.es\/\" \/>\n<meta property=\"og:image\" content=\"https:\/\/www.pilgrim.es\/wp-content\/uploads\/2019\/02\/burgos-2.jpg\" \/>\n\t<meta property=\"og:image:width\" content=\"1122\" \/>\n\t<meta property=\"og:image:height\" content=\"850\" \/>\n\t<meta property=\"og:image:type\" content=\"image\/jpeg\" \/>\n<meta name=\"twitter:card\" content=\"summary_large_image\" \/>\n<meta name=\"twitter:site\" content=\"@pilgrim_es\" \/>\n<meta name=\"twitter:label1\" content=\"Gesch\u00e4tzte Lesezeit\" \/>\n\t<meta name=\"twitter:data1\" content=\"12\u00a0Minuten\" \/>\n<script type=\"application\/ld+json\" class=\"yoast-schema-graph\">{\"@context\":\"https:\\\/\\\/schema.org\",\"@graph\":[{\"@type\":\"WebPage\",\"@id\":\"https:\\\/\\\/www.pilgrim.es\\\/de\\\/franzosischer-weg\\\/burgos\\\/\",\"url\":\"https:\\\/\\\/www.pilgrim.es\\\/de\\\/franzosischer-weg\\\/burgos\\\/\",\"name\":\"Burgos: Was sehen und wo \u00fcbernachten | Jakobsweg | Pilgrim\",\"isPartOf\":{\"@id\":\"https:\\\/\\\/www.pilgrim.es\\\/de\\\/#website\"},\"primaryImageOfPage\":{\"@id\":\"https:\\\/\\\/www.pilgrim.es\\\/de\\\/franzosischer-weg\\\/burgos\\\/#primaryimage\"},\"image\":{\"@id\":\"https:\\\/\\\/www.pilgrim.es\\\/de\\\/franzosischer-weg\\\/burgos\\\/#primaryimage\"},\"thumbnailUrl\":\"https:\\\/\\\/www.pilgrim.es\\\/wp-content\\\/uploads\\\/2019\\\/02\\\/burgos-2.jpg\",\"datePublished\":\"2025-03-17T13:12:58+00:00\",\"description\":\"Burgos Entdecken Sie alle Informationen \u00fcber Unterk\u00fcnfte, Anreise, Gastronomie und die wichtigsten Sehensw\u00fcrdigkeiten der Orte am Franz\u00f6sischer Weg\",\"breadcrumb\":{\"@id\":\"https:\\\/\\\/www.pilgrim.es\\\/de\\\/franzosischer-weg\\\/burgos\\\/#breadcrumb\"},\"inLanguage\":\"de\",\"potentialAction\":[{\"@type\":\"ReadAction\",\"target\":[\"https:\\\/\\\/www.pilgrim.es\\\/de\\\/franzosischer-weg\\\/burgos\\\/\"]}]},{\"@type\":\"ImageObject\",\"inLanguage\":\"de\",\"@id\":\"https:\\\/\\\/www.pilgrim.es\\\/de\\\/franzosischer-weg\\\/burgos\\\/#primaryimage\",\"url\":\"https:\\\/\\\/www.pilgrim.es\\\/wp-content\\\/uploads\\\/2019\\\/02\\\/burgos-2.jpg\",\"contentUrl\":\"https:\\\/\\\/www.pilgrim.es\\\/wp-content\\\/uploads\\\/2019\\\/02\\\/burgos-2.jpg\",\"width\":1122,\"height\":850,\"caption\":\"Burgos\"},{\"@type\":\"BreadcrumbList\",\"@id\":\"https:\\\/\\\/www.pilgrim.es\\\/de\\\/franzosischer-weg\\\/burgos\\\/#breadcrumb\",\"itemListElement\":[{\"@type\":\"ListItem\",\"position\":1,\"name\":\"Camino de Santiago\",\"item\":\"https:\\\/\\\/www.pilgrim.es\\\/de\\\/\"},{\"@type\":\"ListItem\",\"position\":2,\"name\":\"Franz\u00f6sischer Weg\",\"item\":\"https:\\\/\\\/www.pilgrim.es\\\/de\\\/franzosischer-weg\\\/\"},{\"@type\":\"ListItem\",\"position\":3,\"name\":\"Burgos\"}]},{\"@type\":\"WebSite\",\"@id\":\"https:\\\/\\\/www.pilgrim.es\\\/de\\\/#website\",\"url\":\"https:\\\/\\\/www.pilgrim.es\\\/de\\\/\",\"name\":\"Pilgrim\",\"description\":\"Camino de Santiago | Caminamos Contigo\",\"publisher\":{\"@id\":\"https:\\\/\\\/www.pilgrim.es\\\/de\\\/#organization\"},\"potentialAction\":[{\"@type\":\"SearchAction\",\"target\":{\"@type\":\"EntryPoint\",\"urlTemplate\":\"https:\\\/\\\/www.pilgrim.es\\\/de\\\/?s={search_term_string}\"},\"query-input\":{\"@type\":\"PropertyValueSpecification\",\"valueRequired\":true,\"valueName\":\"search_term_string\"}}],\"inLanguage\":\"de\"},{\"@type\":\"Organization\",\"@id\":\"https:\\\/\\\/www.pilgrim.es\\\/de\\\/#organization\",\"name\":\"Pilgrim Camino de Santiago\",\"url\":\"https:\\\/\\\/www.pilgrim.es\\\/de\\\/\",\"logo\":{\"@type\":\"ImageObject\",\"inLanguage\":\"de\",\"@id\":\"https:\\\/\\\/www.pilgrim.es\\\/de\\\/#\\\/schema\\\/logo\\\/image\\\/\",\"url\":\"https:\\\/\\\/www.pilgrim.es\\\/wp-content\\\/uploads\\\/2019\\\/04\\\/logo_pilgrim.png\",\"contentUrl\":\"https:\\\/\\\/www.pilgrim.es\\\/wp-content\\\/uploads\\\/2019\\\/04\\\/logo_pilgrim.png\",\"width\":512,\"height\":512,\"caption\":\"Pilgrim Camino de Santiago\"},\"image\":{\"@id\":\"https:\\\/\\\/www.pilgrim.es\\\/de\\\/#\\\/schema\\\/logo\\\/image\\\/\"},\"sameAs\":[\"https:\\\/\\\/www.facebook.com\\\/pilgrim.es\\\/\",\"https:\\\/\\\/x.com\\\/pilgrim_es\",\"https:\\\/\\\/www.instagram.com\\\/pilgrim.es\\\/\",\"https:\\\/\\\/www.linkedin.com\\\/company\\\/pilgrim-camino-de-santiago\\\/\",\"https:\\\/\\\/www.pinterest.es\\\/pilgrimcaminodesantiago\\\/\",\"https:\\\/\\\/www.youtube.com\\\/channel\\\/UCIv2ZzFLXVqthkNF32rKedw\\\/featured\"]}]}<\/script>\n<!-- \/ Yoast SEO plugin. -->","yoast_head_json":{"title":"Burgos: Was sehen und wo \u00fcbernachten | Jakobsweg | Pilgrim","description":"Burgos Entdecken Sie alle Informationen \u00fcber Unterk\u00fcnfte, Anreise, Gastronomie und die wichtigsten Sehensw\u00fcrdigkeiten der Orte am Franz\u00f6sischer Weg","robots":{"index":"index","follow":"follow","max-snippet":"max-snippet:-1","max-image-preview":"max-image-preview:large","max-video-preview":"max-video-preview:-1"},"canonical":"https:\/\/www.pilgrim.es\/de\/franzosischer-weg\/burgos\/","og_locale":"de_DE","og_type":"article","og_title":"Burgos: Was sehen und wo \u00fcbernachten | Jakobsweg | Pilgrim","og_description":"Burgos Entdecken Sie alle Informationen \u00fcber Unterk\u00fcnfte, Anreise, Gastronomie und die wichtigsten Sehensw\u00fcrdigkeiten der Orte am Franz\u00f6sischer Weg","og_url":"https:\/\/www.pilgrim.es\/de\/franzosischer-weg\/burgos\/","og_site_name":"Pilgrim","article_publisher":"https:\/\/www.facebook.com\/pilgrim.es\/","og_image":[{"width":1122,"height":850,"url":"https:\/\/www.pilgrim.es\/wp-content\/uploads\/2019\/02\/burgos-2.jpg","type":"image\/jpeg"}],"twitter_card":"summary_large_image","twitter_site":"@pilgrim_es","twitter_misc":{"Gesch\u00e4tzte Lesezeit":"12\u00a0Minuten"},"schema":{"@context":"https:\/\/schema.org","@graph":[{"@type":"WebPage","@id":"https:\/\/www.pilgrim.es\/de\/franzosischer-weg\/burgos\/","url":"https:\/\/www.pilgrim.es\/de\/franzosischer-weg\/burgos\/","name":"Burgos: Was sehen und wo \u00fcbernachten | Jakobsweg | Pilgrim","isPartOf":{"@id":"https:\/\/www.pilgrim.es\/de\/#website"},"primaryImageOfPage":{"@id":"https:\/\/www.pilgrim.es\/de\/franzosischer-weg\/burgos\/#primaryimage"},"image":{"@id":"https:\/\/www.pilgrim.es\/de\/franzosischer-weg\/burgos\/#primaryimage"},"thumbnailUrl":"https:\/\/www.pilgrim.es\/wp-content\/uploads\/2019\/02\/burgos-2.jpg","datePublished":"2025-03-17T13:12:58+00:00","description":"Burgos Entdecken Sie alle Informationen \u00fcber Unterk\u00fcnfte, Anreise, Gastronomie und die wichtigsten Sehensw\u00fcrdigkeiten der Orte am Franz\u00f6sischer Weg","breadcrumb":{"@id":"https:\/\/www.pilgrim.es\/de\/franzosischer-weg\/burgos\/#breadcrumb"},"inLanguage":"de","potentialAction":[{"@type":"ReadAction","target":["https:\/\/www.pilgrim.es\/de\/franzosischer-weg\/burgos\/"]}]},{"@type":"ImageObject","inLanguage":"de","@id":"https:\/\/www.pilgrim.es\/de\/franzosischer-weg\/burgos\/#primaryimage","url":"https:\/\/www.pilgrim.es\/wp-content\/uploads\/2019\/02\/burgos-2.jpg","contentUrl":"https:\/\/www.pilgrim.es\/wp-content\/uploads\/2019\/02\/burgos-2.jpg","width":1122,"height":850,"caption":"Burgos"},{"@type":"BreadcrumbList","@id":"https:\/\/www.pilgrim.es\/de\/franzosischer-weg\/burgos\/#breadcrumb","itemListElement":[{"@type":"ListItem","position":1,"name":"Camino de Santiago","item":"https:\/\/www.pilgrim.es\/de\/"},{"@type":"ListItem","position":2,"name":"Franz\u00f6sischer Weg","item":"https:\/\/www.pilgrim.es\/de\/franzosischer-weg\/"},{"@type":"ListItem","position":3,"name":"Burgos"}]},{"@type":"WebSite","@id":"https:\/\/www.pilgrim.es\/de\/#website","url":"https:\/\/www.pilgrim.es\/de\/","name":"Pilgrim","description":"Camino de Santiago | Caminamos Contigo","publisher":{"@id":"https:\/\/www.pilgrim.es\/de\/#organization"},"potentialAction":[{"@type":"SearchAction","target":{"@type":"EntryPoint","urlTemplate":"https:\/\/www.pilgrim.es\/de\/?s={search_term_string}"},"query-input":{"@type":"PropertyValueSpecification","valueRequired":true,"valueName":"search_term_string"}}],"inLanguage":"de"},{"@type":"Organization","@id":"https:\/\/www.pilgrim.es\/de\/#organization","name":"Pilgrim Camino de Santiago","url":"https:\/\/www.pilgrim.es\/de\/","logo":{"@type":"ImageObject","inLanguage":"de","@id":"https:\/\/www.pilgrim.es\/de\/#\/schema\/logo\/image\/","url":"https:\/\/www.pilgrim.es\/wp-content\/uploads\/2019\/04\/logo_pilgrim.png","contentUrl":"https:\/\/www.pilgrim.es\/wp-content\/uploads\/2019\/04\/logo_pilgrim.png","width":512,"height":512,"caption":"Pilgrim Camino de Santiago"},"image":{"@id":"https:\/\/www.pilgrim.es\/de\/#\/schema\/logo\/image\/"},"sameAs":["https:\/\/www.facebook.com\/pilgrim.es\/","https:\/\/x.com\/pilgrim_es","https:\/\/www.instagram.com\/pilgrim.es\/","https:\/\/www.linkedin.com\/company\/pilgrim-camino-de-santiago\/","https:\/\/www.pinterest.es\/pilgrimcaminodesantiago\/","https:\/\/www.youtube.com\/channel\/UCIv2ZzFLXVqthkNF32rKedw\/featured"]}]}},"_links":{"self":[{"href":"https:\/\/www.pilgrim.es\/de\/wp-json\/wp\/v2\/pages\/91072","targetHints":{"allow":["GET"]}}],"collection":[{"href":"https:\/\/www.pilgrim.es\/de\/wp-json\/wp\/v2\/pages"}],"about":[{"href":"https:\/\/www.pilgrim.es\/de\/wp-json\/wp\/v2\/types\/page"}],"replies":[{"embeddable":true,"href":"https:\/\/www.pilgrim.es\/de\/wp-json\/wp\/v2\/comments?post=91072"}],"version-history":[{"count":0,"href":"https:\/\/www.pilgrim.es\/de\/wp-json\/wp\/v2\/pages\/91072\/revisions"}],"up":[{"embeddable":true,"href":"https:\/\/www.pilgrim.es\/de\/wp-json\/wp\/v2\/pages\/10659"}],"wp:featuredmedia":[{"embeddable":true,"href":"https:\/\/www.pilgrim.es\/de\/wp-json\/wp\/v2\/media\/2119"}],"wp:attachment":[{"href":"https:\/\/www.pilgrim.es\/de\/wp-json\/wp\/v2\/media?parent=91072"}],"wp:term":[{"taxonomy":"category","embeddable":true,"href":"https:\/\/www.pilgrim.es\/de\/wp-json\/wp\/v2\/categories?post=91072"},{"taxonomy":"post_tag","embeddable":true,"href":"https:\/\/www.pilgrim.es\/de\/wp-json\/wp\/v2\/tags?post=91072"}],"curies":[{"name":"wp","href":"https:\/\/api.w.org\/{rel}","templated":true}]}}