{"id":91063,"date":"2025-03-17T13:10:57","date_gmt":"2025-03-17T13:10:57","guid":{"rendered":"https:\/\/www.pilgrim.es\/franzosischer-weg\/santo-domingo-de-la-calzada\/"},"modified":"2025-03-17T13:10:57","modified_gmt":"2025-03-17T13:10:57","slug":"santo-domingo-de-la-calzada","status":"publish","type":"page","link":"https:\/\/www.pilgrim.es\/de\/franzosischer-weg\/santo-domingo-de-la-calzada\/","title":{"rendered":"Santo Domingo de la Calzada"},"content":{"rendered":" <section id=\"hero\">\n\t<h1>Santo Domingo de la Calzada<\/h1>\n\t<div class=\"hero-grid\">\n\t\t<div class=\"hero-grid__town-col\" data-background=\"https:\/\/cdn.pilgrim.es\/web\/caminos\/camino-frances\/pueblos\/santo-domingo-de-la-calzada\/santo-domingo-de-la-calzada.jpg\">\n\t\t\t<div>\n\t\t\t\t<a class=\"link-to-stage\" href=\"https:\/\/www.pilgrim.es\/camino-frances\/etapa-9-najera-santo-domingo-de-la-calzada\/\">\n\t\t\t\t\t<p>&#8249; Zur\u00fcck zur B\u00fchne<\/p>\n\t\t\t\t<\/a>\n\n\t\t\t\t<div class=\"town-data\">\n\t\t\t\t\t<h2>Santo Domingo de la Calzada<\/h2>\n\t\t\t\t\t<ul>\n\t\t\t\t\t\t<li>Einwohner: 6.520 aprox.<\/li>\n\t\t\t\t\t\t<li>Bundesland: La Rioja<\/li>\n\t\t\t\t\t<\/ul>\n\t\t\t\t<\/div>\n\t\t\t<\/div>\n\t\t<\/div>\n\t\t<div class=\"hero-grid__planner-col\"><div\r\n  class=\"p-col-span-1 p-rounded-lg p-px-5 p-h-full\"\r\n  style=\"background-image: url('https:\/\/cdn.pilgrim.es\/web\/pilgrim-planner\/bg-plugin-planificador.webp')\"\r\n  rel=\"preload\"\r\n  fetchpriority=\"high\"\r\n  >\r\n    <div class=\"p-text-center p-pt-5 p-text-white p-text-2xl p-font-semibold\">\r\n      Plane deinen Weg    <\/div>\r\n    <div\r\n            id='primary-app'\r\n            data-name='banner'\r\n            data-api='https:\/\/pathfinder.pilgrim.es\/api\/pathfinder\/v2'\r\n            data-mode='normal'\r\n            data-lang='de'\r\n            data-route='1'\r\n            data-destiny='https:\/\/planificador.pilgrim.es'\r\n            data-modality='1'\r\n            data-inline=''\r\n        ><\/div><\/div><\/div>\n\t<\/div>\n<\/section>\n\n<section id=\"infoTown\">\n\t<div class=\"sections-town\">\n\n\t\t<div id=\"informationSection\">\n\t\t\t<div>\n\t\t\t\t<h2 class=\"p-h2-town\">Informationen<\/h2>\n\t\t\t\t<hr>\n\t\t\t\t<h3 class=\"p-h3-town\">Get to know Santo Domingo de la Calzada<\/h3>\n\t\t\t<\/div>\n\t\t\t<p>Die kleine Stadt Santo Domingo de la Calzada ist durch und f\u00fcr den Jakobsweg entstanden, ihre gesamte Freizeit- und Wirtschaftst\u00e4tigkeit ist mit dem Jakobsweg verbunden, so dass sie sich wie der Franz\u00f6sische Weg entwickelt hat.<\/p> <p>Die Stadt bewahrt heute ein bedeutendes historisches Erbe sowie unz\u00e4hlige Legenden und Wunder, eine Tatsache, die es der Kathedrale der Stadt heute erlaubt, die einzige zu sein, die den Zugang zu Tieren erlaubt.<\/p> &lt;p\n\t\t<\/div>\n\n\t\t<div id=\"locationSection\">\n\t\t\t<div>\n\t\t\t\t<h2 class=\"p-h2-town\">Standort<\/h2>\n\t\t\t\t<hr>\n\t\t\t\t<h3 class=\"p-h3-town\">Wegbeschreibung<\/h3>\n\t\t\t<\/div>\n\t\t\t<p>Die Stadt Santo Domingo de la Calzada ist gut an das Stra\u00dfennetz angebunden und wird haupts\u00e4chlich mit dem Bus erreicht. Die Stadt hat mehrere Direktverbindungen mit Le\u00f3n, Madrid, Barcelona, Bilbao, Haro, Zaragoza, Logro\u00f1o und Burgos dank der Unternehmen, die diese Strecken bedienen, wie Jim\u00e9nez, Uni\u00f3n Alavesa und PLM.\n\t\t\t<div>\n\t\t\t\t<div>\n  <iframe loading=\"lazy\"\n    src=\"https:\/\/www.google.com\/maps\/d\/embed?mid=1331SMQ3W6NTGfyXZ23xVIL07xmPuzms&amp;ehbc=2E312F\"\n    width=\"640\"\n    height=\"480\"\n    alt=\"Mapa Santo Domingo de la Calzada\"\n  ><\/iframe>\n<\/div>\n\n\t\t\t<\/div>\n\t\t<\/div>\n\n\t\t\n\t\t\t<div id=\"toVisitSection\">\n\t\t\t\t<div>\n\t\t\t\t\t<h2 class=\"p-h2-town\">Geschichte \/ Kultur<\/h2>\n\t\t\t\t\t<hr>\n\t\t\t\t\t<h3 class=\"p-h3-town\">Was es zu sehen gibt<\/h3>\n\t\t\t\t<\/div>\n\t\t\t\t<div>\n\t\t\t\t\t<div class=\"accordion\">\n\t\t\t\t\t\t<div class=\"accordion__menu\">\n\t\t\t\t\t\t\t<nav>\n\t\t\t\t\t\t\t\t\n\t\t\t\t\t\t\t\t\t<button class=\"nav-tab-accordion active\"><span>&#10093;<\/span><span> Ayuntamiento<\/span><\/button>\n\t\t\t\t\t\t\t\t\n\t\t\t\t\t\t\t\t\t<button class=\"nav-tab-accordion \"><span>&#10093;<\/span><span> Catedral<\/span><\/button>\n\t\t\t\t\t\t\t\t\n\t\t\t\t\t\t\t\t\t<button class=\"nav-tab-accordion \"><span>&#10093;<\/span><span> Ermita del Puente<\/span><\/button>\n\t\t\t\t\t\t\t\t\n\t\t\t\t\t\t\t\t\t<button class=\"nav-tab-accordion \"><span>&#10093;<\/span><span> Casa Trast\u00e1mara<\/span><\/button>\n\t\t\t\t\t\t\t\t\n\t\t\t\t\t\t\t\t\t<button class=\"nav-tab-accordion \"><span>&#10093;<\/span><span> Plaza del Santo<\/span><\/button>\n\t\t\t\t\t\t\t\t\n\t\t\t\t\t\t\t\t\t<button class=\"nav-tab-accordion \"><span>&#10093;<\/span><span> Casa de la Cofrad\u00eda del Santo<\/span><\/button>\n\t\t\t\t\t\t\t\t\n\t\t\t\t\t\t\t\t\t<button class=\"nav-tab-accordion \"><span>&#10093;<\/span><span> Casa de Lorenzo de Tejada<\/span><\/button>\n\t\t\t\t\t\t\t\t\n\t\t\t\t\t\t\t\t\t<button class=\"nav-tab-accordion \"><span>&#10093;<\/span><span> Casa del Alcalde Mart\u00ednez de Pis\u00f3n<\/span><\/button>\n\t\t\t\t\t\t\t\t\n\t\t\t\t\t\t\t\t\t<button class=\"nav-tab-accordion \"><span>&#10093;<\/span><span> Casa del Marqu\u00e9s de la Ensenada<\/span><\/button>\n\t\t\t\t\t\t\t\t\n\t\t\t\t\t\t\t\t\t<button class=\"nav-tab-accordion \"><span>&#10093;<\/span><span> Centro de interpretaci\u00f3n del Camino de Santiago<\/span><\/button>\n\t\t\t\t\t\t\t\t\n\t\t\t\t\t\t\t\t\t<button class=\"nav-tab-accordion \"><span>&#10093;<\/span><span> Ermita de la Mesa del Santo<\/span><\/button>\n\t\t\t\t\t\t\t\t\n\t\t\t\t\t\t\t\t\t<button class=\"nav-tab-accordion \"><span>&#10093;<\/span><span> Ermita de Nuestra Se\u00f1ora de la Plaza<\/span><\/button>\n\t\t\t\t\t\t\t\t\n\t\t\t\t\t\t\t\t\t<button class=\"nav-tab-accordion \"><span>&#10093;<\/span><span> Muralla de Santo Domingo de la Calzada<\/span><\/button>\n\t\t\t\t\t\t\t\t\n\t\t\t\t\t\t\t\t\t<button class=\"nav-tab-accordion \"><span>&#10093;<\/span><span> V\u00eda verde del r\u00edo Oja<\/span><\/button>\n\t\t\t\t\t\t\t\t\n\t\t\t\t\t\t\t\t\t<button class=\"nav-tab-accordion \"><span>&#10093;<\/span><span> Palacio del Secretario de Carlos V<\/span><\/button>\n\t\t\t\t\t\t\t\t\n\t\t\t\t\t\t\t\t\t<button class=\"nav-tab-accordion \"><span>&#10093;<\/span><span> Paseo de la Carrera<\/span><\/button>\n\t\t\t\t\t\t\t\t\n\t\t\t\t\t\t\t\t\t<button class=\"nav-tab-accordion \"><span>&#10093;<\/span><span> Paseo del Espol\u00f3n<\/span><\/button>\n\t\t\t\t\t\t\t\t\n\t\t\t\t\t\t\t\t\t<button class=\"nav-tab-accordion \"><span>&#10093;<\/span><span> Plaza de Espa\u00f1a<\/span><\/button>\n\t\t\t\t\t\t\t\t\n\t\t\t\t\t\t\t\t\t<button class=\"nav-tab-accordion \"><span>&#10093;<\/span><span> Plaza de la Alameda<\/span><\/button>\n\t\t\t\t\t\t\t\t\n\t\t\t\t\t\t\t\t\t<button class=\"nav-tab-accordion \"><span>&#10093;<\/span><span> Ermita de la Virgen de las abejas<\/span><\/button>\n\t\t\t\t\t\t\t\t\n\t\t\t\t\t\t\t\t\t<button class=\"nav-tab-accordion \"><span>&#10093;<\/span><span> Convento de San Francisco<\/span><\/button>\n\t\t\t\t\t\t\t\t\n\t\t\t\t\t\t\t<\/nav>\n\t\t\t\t\t\t<\/div>\n\n\t\t\t\t\t\t\n\t\t\t\t\t\t\t<div class=\"accordion__accordion-content \">\n\t\t\t\t\t\t\t\t<div>\n\t\t\t\t\t\t\t\t\t<div>\n\t\t\t\t\t\t\t\t\t\t<h4>Ayuntamiento<\/h4>\n\t\t\t\t\t\t\t\t\t\t<p>Die Ratskammer wurde zu Beginn des 18. Jahrhunderts von der Plaza del Santo in den oberen Teil der Arkaden der Plaza de Espa\u00f1a verlegt. Jahrhunderts von der Plaza del Santo in den oberen Teil der Arkaden der Plaza de Espa\u00f1a verlegt. Nach dem Bau dieser Kammer wurde das Geb\u00e4ude erweitert, bis es zu dem wurde, was wir heute sehen, ein Geb\u00e4ude im Barockstil mit rechteckigem Grundriss und zwei Stockwerken.<\/p> <p>Die Ratskammer wurde zu Beginn des 18. Jahrhunderts in den oberen Teil der Arkaden der Plaza de Espa\u00f1a verlegt.\n\t\t\t\t\t\t\t\t\t<\/div>\n\t\t\t\t\t\t\t\t\t<img decoding=\"async\" src=\"https:\/\/cdn.pilgrim.es\/web\/caminos\/camino-frances\/pueblos\/santo-domingo-de-la-calzada\/puntos-de-interes\/ayuntamiento.jpg\" alt=\"Ayuntamiento\">\n\t\t\t\t\t\t\t\t<\/div>\n\t\t\t\t\t\t\t<\/div>\n\t\t\t\t\t\t\n\t\t\t\t\t\t\t<div class=\"accordion__accordion-content inactive\">\n\t\t\t\t\t\t\t\t<div>\n\t\t\t\t\t\t\t\t\t<div>\n\t\t\t\t\t\t\t\t\t\t<h4>Catedral<\/h4>\n\t\t\t\t\t\t\t\t\t\t<p>Die Kathedrale Santo Domingo de la Calzada wurde 1158 erbaut, um die sterblichen \u00dcberreste eines der ber\u00fchmtesten und am meisten verehrten Heiligen des Jakobsweges zu beherbergen, des Heiligen, nach dem die Stadt benannt ist, Santo Domingo de la Calzada. Er starb im Jahr 1109.\n\t\t\t\t\t\t\t\t\t<\/div>\n\t\t\t\t\t\t\t\t\t<img decoding=\"async\" src=\"https:\/\/cdn.pilgrim.es\/web\/caminos\/camino-frances\/pueblos\/santo-domingo-de-la-calzada\/puntos-de-interes\/catedral-santo-domingo.jpg\" alt=\"Catedral\">\n\t\t\t\t\t\t\t\t<\/div>\n\t\t\t\t\t\t\t<\/div>\n\t\t\t\t\t\t\n\t\t\t\t\t\t\t<div class=\"accordion__accordion-content inactive\">\n\t\t\t\t\t\t\t\t<div>\n\t\t\t\t\t\t\t\t\t<div>\n\t\t\t\t\t\t\t\t\t\t<h4>Ermita del Puente<\/h4>\n\t\t\t\t\t\t\t\t\t\t<p>Die Br\u00fcckenkapelle wurde 1917 dank einer privaten Spende als Hommage an den Heiligen errichtet. Das Gotteshaus im neoromanischen Stil hat einen rechteckigen Grundriss, mit Mauern aus Quadersteinen und Ziegeln, einem Satteldach und einem kleinen Glockenturm.<\/p> <p>Die Kirche hat einen rechteckigen Grundriss, mit Mauern aus Quadersteinen und Ziegeln, einem Satteldach und einem kleinen Glockenturm.\n\t\t\t\t\t\t\t\t\t<\/div>\n\t\t\t\t\t\t\t\t\t<img decoding=\"async\" src=\"https:\/\/cdn.pilgrim.es\/web\/caminos\/camino-frances\/pueblos\/santo-domingo-de-la-calzada\/puntos-de-interes\/ermita-del-puente.jpg\" alt=\"Ermita del Puente\">\n\t\t\t\t\t\t\t\t<\/div>\n\t\t\t\t\t\t\t<\/div>\n\t\t\t\t\t\t\n\t\t\t\t\t\t\t<div class=\"accordion__accordion-content inactive\">\n\t\t\t\t\t\t\t\t<div>\n\t\t\t\t\t\t\t\t\t<div>\n\t\t\t\t\t\t\t\t\t\t<h4>Casa Trast\u00e1mara<\/h4>\n\t\t\t\t\t\t\t\t\t\t<p>Die Casa de Trast\u00e1mara befindet sich in der Calle Mayor, am Jakobsweg und wurde 1983 zum historischen Denkmal (BIC) erkl\u00e4rt.<\/p> <p>Die Casa de Trast\u00e1mara befindet sich in der Calle Mayor, am Jakobsweg und wurde 1983 zum historischen Denkmal (BIC) erkl\u00e4rt.\n\n<p>Heute hei\u00dft es noch &#8222;Casa Trast\u00e1mara&#8220;, den Namen erhielt es, weil es die Hauptresidenz von K\u00f6nig Enrique de Trast\u00e1mara war. Es war auch der Ort, an dem er im Jahr 1379 starb.\n\n<p>Seit 2010 hat die Stadtbibliothek Casa Trast\u00e1mara ihren Sitz in diesem Geb\u00e4ude.\n\t\t\t\t\t\t\t\t\t<\/div>\n\t\t\t\t\t\t\t\t\t<img decoding=\"async\" src=\"https:\/\/cdn.pilgrim.es\/web\/caminos\/camino-frances\/pueblos\/santo-domingo-de-la-calzada\/puntos-de-interes\/casa-trastamara.jpg\" alt=\"Casa Trast\u00e1mara\">\n\t\t\t\t\t\t\t\t<\/div>\n\t\t\t\t\t\t\t<\/div>\n\t\t\t\t\t\t\n\t\t\t\t\t\t\t<div class=\"accordion__accordion-content inactive\">\n\t\t\t\t\t\t\t\t<div>\n\t\t\t\t\t\t\t\t\t<div>\n\t\t\t\t\t\t\t\t\t\t<h4>Plaza del Santo<\/h4>\n\t\t\t\t\t\t\t\t\t\t<p>Die Plaza del Santo befindet sich gegen\u00fcber der Kathedrale im Zentrum der Altstadt. Auf diesem Platz befanden sich fr\u00fcher die wichtigsten Einrichtungen: das Pilgerhospital, die Kathedrale und die alten Rathausgeb\u00e4ude sowie das Gef\u00e4ngnis.<\/p> <p>Die Plaza del Santo liegt gegen\u00fcber der Kathedrale im Zentrum der Altstadt.\n\t\t\t\t\t\t\t\t\t<\/div>\n\t\t\t\t\t\t\t\t\t<img decoding=\"async\" src=\"https:\/\/cdn.pilgrim.es\/web\/caminos\/camino-frances\/pueblos\/santo-domingo-de-la-calzada\/puntos-de-interes\/plaza-del-santo.jpg\" alt=\"Plaza del Santo\">\n\t\t\t\t\t\t\t\t<\/div>\n\t\t\t\t\t\t\t<\/div>\n\t\t\t\t\t\t\n\t\t\t\t\t\t\t<div class=\"accordion__accordion-content inactive\">\n\t\t\t\t\t\t\t\t<div>\n\t\t\t\t\t\t\t\t\t<div>\n\t\t\t\t\t\t\t\t\t\t<h4>Casa de la Cofrad\u00eda del Santo<\/h4>\n\t\t\t\t\t\t\t\t\t\t<p>Die Casa de la Cofrad\u00eda del Santo ist ein Renaissance-Geb\u00e4ude aus dem 16. Jahrhundert, das sich in der Calle Mayor befindet. Es wurde von der Familie Samaniego erbaut und im 18. Jahrhundert vom Marquis von Ciri\u00f1uela renoviert.\n\n<p>Im Jahr 1968 wurde es als Pilgerherberge und gleichzeitig als Sitz der Bruderschaft des Heiligen, der \u00e4ltesten Bruderschaft auf dem Jakobsweg nach Santiago de Compostela, in Betrieb genommen.\n\n<p><\/p>\n\t\t\t\t\t\t\t\t\t<\/div>\n\t\t\t\t\t\t\t\t\t<img decoding=\"async\" src=\"https:\/\/cdn.pilgrim.es\/web\/caminos\/camino-frances\/pueblos\/santo-domingo-de-la-calzada\/puntos-de-interes\/casa-cofradia-del-santo.jpg\" alt=\"Casa de la Cofrad\u00eda del Santo\">\n\t\t\t\t\t\t\t\t<\/div>\n\t\t\t\t\t\t\t<\/div>\n\t\t\t\t\t\t\n\t\t\t\t\t\t\t<div class=\"accordion__accordion-content inactive\">\n\t\t\t\t\t\t\t\t<div>\n\t\t\t\t\t\t\t\t\t<div>\n\t\t\t\t\t\t\t\t\t\t<h4>Casa de Lorenzo de Tejada<\/h4>\n\t\t\t\t\t\t\t\t\t\t<p>Das Haus von Lorenzo de Tejada gilt als pazo (Herrenhaus) und befindet sich in der Calle Mayor, es ist sehr gro\u00df und wird auch als das Haus der Herren von Cirujeda bezeichnet. <\/p>\n\t\t\t\t\t\t\t\t\t<\/div>\n\t\t\t\t\t\t\t\t\t<img decoding=\"async\" src=\"https:\/\/cdn.pilgrim.es\/web\/caminos\/camino-frances\/pueblos\/santo-domingo-de-la-calzada\/puntos-de-interes\/casa-lorenzo-tejada.jpg\" alt=\"Casa de Lorenzo de Tejada\">\n\t\t\t\t\t\t\t\t<\/div>\n\t\t\t\t\t\t\t<\/div>\n\t\t\t\t\t\t\n\t\t\t\t\t\t\t<div class=\"accordion__accordion-content inactive\">\n\t\t\t\t\t\t\t\t<div>\n\t\t\t\t\t\t\t\t\t<div>\n\t\t\t\t\t\t\t\t\t\t<h4>Casa del Alcalde Mart\u00ednez de Pis\u00f3n<\/h4>\n\t\t\t\t\t\t\t\t\t\t<p>Das Haus von Mayor Mart\u00ednez de Pis\u00f3n wurde 1633 erbaut und befindet sich im letzten Abschnitt der Calle Mayor. Bemerkenswert ist das Wappen an der Hauptfassade. Von der Eingangshalle aus gelangt man \u00fcber eine breite Treppe in den ersten Stock, der einst eine eigene Kuppel besa\u00df, die bei einem Brand zerst\u00f6rt wurde. Das Bemerkenswerteste an diesem Barockgeb\u00e4ude ist der sch\u00f6ne Saal, der die gesamte Fassade einnimmt, mit drei Balkonen, die auf die Stra\u00dfe blicken.\n\t\t\t\t\t\t\t\t\t<\/div>\n\t\t\t\t\t\t\t\t\t<img decoding=\"async\" src=\"https:\/\/cdn.pilgrim.es\/web\/caminos\/camino-frances\/pueblos\/santo-domingo-de-la-calzada\/puntos-de-interes\/casa-alcalde-martinez-pison.jpg\" alt=\"Casa del Alcalde Mart\u00ednez de Pis\u00f3n\">\n\t\t\t\t\t\t\t\t<\/div>\n\t\t\t\t\t\t\t<\/div>\n\t\t\t\t\t\t\n\t\t\t\t\t\t\t<div class=\"accordion__accordion-content inactive\">\n\t\t\t\t\t\t\t\t<div>\n\t\t\t\t\t\t\t\t\t<div>\n\t\t\t\t\t\t\t\t\t\t<h4>Casa del Marqu\u00e9s de la Ensenada<\/h4>\n\t\t\t\t\t\t\t\t\t\t<p>Die Casa del Marqu\u00e9s de la Ensenada wurde im 18. Jahrhundert im Barockstil erbaut. Die herausragendsten St\u00fccke sind die Wappen, die milit\u00e4rischen und maritimen Embleme sowie die Malteser- und Calatrava-Kreuze. <\/p>\n\n<p>Der Marquis de la Ensenada war ein ber\u00fchmter Politiker aus La Rioja, der 1702 in der Nachbarstadt Herv\u00edas geboren wurde und der Bruder der Frau von Salcedo Somovilla, dem Besitzer des Hauses, war.<\/p> <p>Der Marquis de la Ensenada war ein ber\u00fchmter Politiker aus La Rioja, der 1702 in der Nachbarstadt Herv\u00edas geboren wurde.\n\t\t\t\t\t\t\t\t\t<\/div>\n\t\t\t\t\t\t\t\t\t<img decoding=\"async\" src=\"https:\/\/cdn.pilgrim.es\/web\/caminos\/camino-frances\/pueblos\/santo-domingo-de-la-calzada\/puntos-de-interes\/casa-marques-ensenada.jpg\" alt=\"Casa del Marqu\u00e9s de la Ensenada\">\n\t\t\t\t\t\t\t\t<\/div>\n\t\t\t\t\t\t\t<\/div>\n\t\t\t\t\t\t\n\t\t\t\t\t\t\t<div class=\"accordion__accordion-content inactive\">\n\t\t\t\t\t\t\t\t<div>\n\t\t\t\t\t\t\t\t\t<div>\n\t\t\t\t\t\t\t\t\t\t<h4>Centro de interpretaci\u00f3n del Camino de Santiago<\/h4>\n\t\t\t\t\t\t\t\t\t\t<p>Das Interpretationszentrum des Jakobswegs bietet den Besuchern die M\u00f6glichkeit, mit Hilfe neuer Technologien eine Erfahrung zu machen, die der einer echten Pilgerreise sehr \u00e4hnlich ist. <\/p>\n\n<p>Der Besuch besteht aus einer sensorischen Reise entlang des Jakobswegs, unterst\u00fctzt durch audiovisuelle Projektionen, Simulatoren, Spiegelbildschirme, Soundeffekte, Animationen usw.<\/p> <p>Der Besuch besteht aus einer sensorischen Reise entlang des Jakobswegs, unterst\u00fctzt durch audiovisuelle Projektionen, Simulatoren, Spiegelbildschirme, Soundeffekte, Animationen usw.<\/p> <p>.\n\t\t\t\t\t\t\t\t\t<\/div>\n\t\t\t\t\t\t\t\t\t<img decoding=\"async\" src=\"https:\/\/cdn.pilgrim.es\/web\/caminos\/camino-frances\/pueblos\/santo-domingo-de-la-calzada\/puntos-de-interes\/centro-interpretacion-camino-santiago.jpg\" alt=\"Centro de interpretaci\u00f3n del Camino de Santiago\">\n\t\t\t\t\t\t\t\t<\/div>\n\t\t\t\t\t\t\t<\/div>\n\t\t\t\t\t\t\n\t\t\t\t\t\t\t<div class=\"accordion__accordion-content inactive\">\n\t\t\t\t\t\t\t\t<div>\n\t\t\t\t\t\t\t\t\t<div>\n\t\t\t\t\t\t\t\t\t\t<h4>Ermita de la Mesa del Santo<\/h4>\n\t\t\t\t\t\t\t\t\t\t<p>Die Ermita de la Mesa del Santo wurde 1890 als Ergebnis einer privaten Schenkung auf der &#8222;Dehesa del Santo&#8220;, einem nach dem Unabh\u00e4ngigkeitskrieg verkauften Gemeindegrundst\u00fcck, errichtet.<\/p> <p>Die Ermita de la Mesa del Santo wurde 1890 als Ergebnis einer privaten Schenkung auf der &#8222;Dehesa del Santo&#8220;, einem nach dem Unabh\u00e4ngigkeitskrieg verkauften Gemeindegrundst\u00fcck, errichtet.\n\t\t\t\t\t\t\t\t\t<\/div>\n\t\t\t\t\t\t\t\t\t<img decoding=\"async\" src=\"https:\/\/cdn.pilgrim.es\/web\/caminos\/camino-frances\/pueblos\/santo-domingo-de-la-calzada\/puntos-de-interes\/ermita-mesa-del-santo.jpg\" alt=\"Ermita de la Mesa del Santo\">\n\t\t\t\t\t\t\t\t<\/div>\n\t\t\t\t\t\t\t<\/div>\n\t\t\t\t\t\t\n\t\t\t\t\t\t\t<div class=\"accordion__accordion-content inactive\">\n\t\t\t\t\t\t\t\t<div>\n\t\t\t\t\t\t\t\t\t<div>\n\t\t\t\t\t\t\t\t\t\t<h4>Ermita de Nuestra Se\u00f1ora de la Plaza<\/h4>\n\t\t\t\t\t\t\t\t\t\t<p>Die Kapelle steht an der S\u00fcdseite der Plaza del Santo. Im Jahr 1487 errichteten die Steinmetze Sancho und Pedro Gil zwei W\u00e4nde und \u00e4nderten die Position des Portals. Im Jahr 1527 fertigte Meister Hernando die T\u00fcren und der Steinmetz Y\u00f1igo die D\u00e4cher an. Auf diese Weise wurde die Kapelle gebaut, bis sie 1710 ihr heutiges Aussehen erhielt. Die Kapelle hatte mehrere Funktionen, denn sie diente als erste Wohnung der Zisterzienserinnen und war Sitz der Bruderschaft des Heiligen.\n\t\t\t\t\t\t\t\t\t<\/div>\n\t\t\t\t\t\t\t\t\t<img decoding=\"async\" src=\"https:\/\/cdn.pilgrim.es\/web\/caminos\/camino-frances\/pueblos\/santo-domingo-de-la-calzada\/puntos-de-interes\/ermita-nuestra-senora-plaza.jpg\" alt=\"Ermita de Nuestra Se\u00f1ora de la Plaza\">\n\t\t\t\t\t\t\t\t<\/div>\n\t\t\t\t\t\t\t<\/div>\n\t\t\t\t\t\t\n\t\t\t\t\t\t\t<div class=\"accordion__accordion-content inactive\">\n\t\t\t\t\t\t\t\t<div>\n\t\t\t\t\t\t\t\t\t<div>\n\t\t\t\t\t\t\t\t\t\t<h4>Muralla de Santo Domingo de la Calzada<\/h4>\n\t\t\t\t\t\t\t\t\t\t<p>Santo Domingo de la Calzada verf\u00fcgt \u00fcber die bedeutendste Stadtmauer der Autonomen Gemeinschaft La Rioja.  Im 13. Jahrhundert wurde im Burgo ein erster &#8222;Zaun&#8220; errichtet, der sich vom sogenannten Barrio Viejo bis zum Barrio Nuevo erstreckte und auch einen Teil der Calle Mayor einschloss. Doch erst im 14. Jahrhundert wurde mit dem Bau der heutigen Mauer als Verteidigungsanlage begonnen.\n\t\t\t\t\t\t\t\t\t<\/div>\n\t\t\t\t\t\t\t\t\t<img decoding=\"async\" src=\"https:\/\/cdn.pilgrim.es\/web\/caminos\/camino-frances\/pueblos\/santo-domingo-de-la-calzada\/puntos-de-interes\/muralla-santo-domingo.jpg\" alt=\"Muralla de Santo Domingo de la Calzada\">\n\t\t\t\t\t\t\t\t<\/div>\n\t\t\t\t\t\t\t<\/div>\n\t\t\t\t\t\t\n\t\t\t\t\t\t\t<div class=\"accordion__accordion-content inactive\">\n\t\t\t\t\t\t\t\t<div>\n\t\t\t\t\t\t\t\t\t<div>\n\t\t\t\t\t\t\t\t\t\t<h4>V\u00eda verde del r\u00edo Oja<\/h4>\n\t\t\t\t\t\t\t\t\t\t<p>Die alte Eisenbahnlinie, die zwischen 1956 und 1964 die St\u00e4dte Haro und Ezcaray verband, wurde 1996 von der Spanischen Eisenbahnstiftung in &#8222;Gr\u00fcner Weg am Fluss Oja&#8220; zwischen den St\u00e4dten Santo Domingo de la Calzada und Ezcaray umbenannt. <\/p>\n\t\t\t\t\t\t\t\t\t<\/div>\n\t\t\t\t\t\t\t\t\t<img decoding=\"async\" src=\"https:\/\/cdn.pilgrim.es\/web\/caminos\/camino-frances\/pueblos\/santo-domingo-de-la-calzada\/puntos-de-interes\/via-verde.jpg\" alt=\"V\u00eda verde del r\u00edo Oja\">\n\t\t\t\t\t\t\t\t<\/div>\n\t\t\t\t\t\t\t<\/div>\n\t\t\t\t\t\t\n\t\t\t\t\t\t\t<div class=\"accordion__accordion-content inactive\">\n\t\t\t\t\t\t\t\t<div>\n\t\t\t\t\t\t\t\t\t<div>\n\t\t\t\t\t\t\t\t\t\t<h4>Palacio del Secretario de Carlos V<\/h4>\n\t\t\t\t\t\t\t\t\t\t<p>Der Palast des Sekret\u00e4rs von Karl V. stammt aus dem Jahr 1544, gilt als kleiner Palast und befindet sich in der Calle El Cristo. Er beherbergt derzeit das Colegio Sagrados Corazones (Schule der Heiligen Herzen).\n\t\t\t\t\t\t\t\t\t<\/div>\n\t\t\t\t\t\t\t\t\t<img decoding=\"async\" src=\"https:\/\/cdn.pilgrim.es\/web\/caminos\/camino-frances\/pueblos\/santo-domingo-de-la-calzada\/puntos-de-interes\/palacio-secretario-carlos-v.jpg\" alt=\"Palacio del Secretario de Carlos V\">\n\t\t\t\t\t\t\t\t<\/div>\n\t\t\t\t\t\t\t<\/div>\n\t\t\t\t\t\t\n\t\t\t\t\t\t\t<div class=\"accordion__accordion-content inactive\">\n\t\t\t\t\t\t\t\t<div>\n\t\t\t\t\t\t\t\t\t<div>\n\t\t\t\t\t\t\t\t\t\t<h4>Paseo de la Carrera<\/h4>\n\t\t\t\t\t\t\t\t\t\t<p>Der Paseo de la Carrera wurde 1783 erbaut und ist vor allem im Sommer sehr belebt, da er \u00fcber Kies- oder Graswege verf\u00fcgt, die die Ausfahrt von der nach Haro f\u00fchrenden Regionalstra\u00dfe umgeben. Die Promenade weist eine gro\u00dfe Vielfalt an B\u00e4umen auf, vor allem Kastanienb\u00e4ume, die sich \u00fcber mehr als 1 km vom Rathaus bis zur Ermita de la Mesa del Santo (Einsiedelei) erstrecken. Seit 2011 umfasst der Spaziergang auch den IX. Hundertjahrfeier-Park, der die Erholungsgebiete erweitert.\n\t\t\t\t\t\t\t\t\t<\/div>\n\t\t\t\t\t\t\t\t\t<img decoding=\"async\" src=\"https:\/\/cdn.pilgrim.es\/web\/caminos\/camino-frances\/pueblos\/santo-domingo-de-la-calzada\/puntos-de-interes\/paseo-carrera.jpg\" alt=\"Paseo de la Carrera\">\n\t\t\t\t\t\t\t\t<\/div>\n\t\t\t\t\t\t\t<\/div>\n\t\t\t\t\t\t\n\t\t\t\t\t\t\t<div class=\"accordion__accordion-content inactive\">\n\t\t\t\t\t\t\t\t<div>\n\t\t\t\t\t\t\t\t\t<div>\n\t\t\t\t\t\t\t\t\t\t<h4>Paseo del Espol\u00f3n<\/h4>\n\t\t\t\t\t\t\t\t\t\t<p>Die Promenade &#8222;El Espol\u00f3n&#8220; verl\u00e4uft durch das Zentrum der Stadt und trennt die Altstadt von den Au\u00dfenbezirken. Im 18. Jahrhundert wurde sie grundlegend umgebaut und erhielt dadurch ihr heutiges Aussehen mit einem \u00fcberwiegend illustrierten Stil.\n\t\t\t\t\t\t\t\t\t<\/div>\n\t\t\t\t\t\t\t\t\t<img decoding=\"async\" src=\"https:\/\/cdn.pilgrim.es\/web\/caminos\/camino-frances\/pueblos\/santo-domingo-de-la-calzada\/puntos-de-interes\/paseo-espolon.jpg\" alt=\"Paseo del Espol\u00f3n\">\n\t\t\t\t\t\t\t\t<\/div>\n\t\t\t\t\t\t\t<\/div>\n\t\t\t\t\t\t\n\t\t\t\t\t\t\t<div class=\"accordion__accordion-content inactive\">\n\t\t\t\t\t\t\t\t<div>\n\t\t\t\t\t\t\t\t\t<div>\n\t\t\t\t\t\t\t\t\t\t<h4>Plaza de Espa\u00f1a<\/h4>\n\t\t\t\t\t\t\t\t\t\t<p>Die Plaza de Espa\u00f1a in Santo Domingo de la Calzada gilt als der Hauptplatz der Stadt und befindet sich hinter der Kathedrale.<\/p> <p>Die Plaza de Espa\u00f1a in Santo Domingo de la Calzada gilt als der Hauptplatz der Stadt und befindet sich hinter der Kathedrale.\n\n<p>Der heutige Plaza de Espa\u00f1a war im Mittelalter der Platz au\u00dferhalb der Stadtmauern, auf dem der Markt der Stadt abgehalten wurde. Nach der Erweiterung der Stadtmauer im Jahr 1367 blieb dieser Platz innerhalb der Umfriedung und somit gesch\u00fctzt. <\/p>\n\t\t\t\t\t\t\t\t\t<\/div>\n\t\t\t\t\t\t\t\t\t<img decoding=\"async\" src=\"https:\/\/cdn.pilgrim.es\/web\/caminos\/camino-frances\/pueblos\/santo-domingo-de-la-calzada\/puntos-de-interes\/plaza-espana.jpg\" alt=\"Plaza de Espa\u00f1a\">\n\t\t\t\t\t\t\t\t<\/div>\n\t\t\t\t\t\t\t<\/div>\n\t\t\t\t\t\t\n\t\t\t\t\t\t\t<div class=\"accordion__accordion-content inactive\">\n\t\t\t\t\t\t\t\t<div>\n\t\t\t\t\t\t\t\t\t<div>\n\t\t\t\t\t\t\t\t\t\t<h4>Plaza de la Alameda<\/h4>\n\t\t\t\t\t\t\t\t\t\t<p>Die Plaza de la Alameda entstand im 16. Jahrhundert, und da sie die letzte war, die gebaut wurde, nannte man sie Plaza Nueva. <\/p>\n\n<p>Die Steineichen, die den Platz bev\u00f6lkern, erinnern an den alten Wald, in dem die Stadt gewachsen ist. Das Wappen der Stadt zeigt eine Sichel, mit der eine Steineiche gef\u00e4llt wird.\n\t\t\t\t\t\t\t\t\t<\/div>\n\t\t\t\t\t\t\t\t\t<img decoding=\"async\" src=\"https:\/\/cdn.pilgrim.es\/web\/caminos\/camino-frances\/pueblos\/santo-domingo-de-la-calzada\/puntos-de-interes\/plaza-alameda.jpg\" alt=\"Plaza de la Alameda\">\n\t\t\t\t\t\t\t\t<\/div>\n\t\t\t\t\t\t\t<\/div>\n\t\t\t\t\t\t\n\t\t\t\t\t\t\t<div class=\"accordion__accordion-content inactive\">\n\t\t\t\t\t\t\t\t<div>\n\t\t\t\t\t\t\t\t\t<div>\n\t\t\t\t\t\t\t\t\t\t<h4>Ermita de la Virgen de las abejas<\/h4>\n\t\t\t\t\t\t\t\t\t\t<p>Die Ermita de la Virgen de las Abejas liegt im Dorf Sonsoto, ca. 2 km von Santo Domingo de la Calzada entfernt, vollst\u00e4ndig umgeben von zahlreichen B\u00e4umen, einem Bach und einem Picknickplatz.<\/p> <p>Die Ermita de la Virgen de las Abejas liegt im Dorf Sonsoto, ca. 2 km von Santo Domingo de la Calzada entfernt, vollst\u00e4ndig umgeben von zahlreichen B\u00e4umen, einem Bach und einem Picknickplatz.\n\n<p>Der Tempel wurde am 3. August 1763 von einem Brand heimgesucht, der das Dach, die Bilder und die T\u00fcren zerst\u00f6rte. Ein Jahr sp\u00e4ter wurde er vollst\u00e4ndig wieder aufgebaut. <\/p>\n\t\t\t\t\t\t\t\t\t<\/div>\n\t\t\t\t\t\t\t\t\t<img decoding=\"async\" src=\"https:\/\/cdn.pilgrim.es\/web\/caminos\/camino-frances\/pueblos\/santo-domingo-de-la-calzada\/puntos-de-interes\/ermita-virgen-de-las-abejas.jpg\" alt=\"Ermita de la Virgen de las abejas\">\n\t\t\t\t\t\t\t\t<\/div>\n\t\t\t\t\t\t\t<\/div>\n\t\t\t\t\t\t\n\t\t\t\t\t\t\t<div class=\"accordion__accordion-content inactive\">\n\t\t\t\t\t\t\t\t<div>\n\t\t\t\t\t\t\t\t\t<div>\n\t\t\t\t\t\t\t\t\t\t<h4>Convento de San Francisco<\/h4>\n\t\t\t\t\t\t\t\t\t\t<p>Das Kloster San Francisco ist im herrschaftlichen Stil gehalten und wurde 1535 im Auftrag des Erzbischofs von Zaragoza, Fray Bernardo de Fresneda, gegr\u00fcndet. <\/p>\n\n<p>Von der Kirche im Inneren des Klosters San Francisco f\u00e4llt auf den ersten Blick vor allem das Querschiff auf, in dem sich das Grab des Gr\u00fcnders des Monuments befindet. <\/p>\n\t\t\t\t\t\t\t\t\t<\/div>\n\t\t\t\t\t\t\t\t\t<img decoding=\"async\" src=\"https:\/\/cdn.pilgrim.es\/web\/caminos\/camino-frances\/pueblos\/santo-domingo-de-la-calzada\/puntos-de-interes\/convento-san-francisco.jpg\" alt=\"Convento de San Francisco\">\n\t\t\t\t\t\t\t\t<\/div>\n\t\t\t\t\t\t\t<\/div>\n\t\t\t\t\t\t\n\t\t\t\t\t<\/div>\n\t\t\t\t<\/div>\n\t\t\t<\/div>\n\t\t\n\n\t\t<div id=\"phonesSection\">\n\t\t\t<div>\n\t\t\t\t<h2 class=\"p-h3-town\">Informationen von Interesse<\/h2>\n\t\t\t<\/div>\n\t\t\t<div class=\"grid\">\n\t\t\t\t\n\t\t\t\t\t<div class=\"phone-number-item\">\n\t\t\t\t\t\t<div class=\"phone-number-item__icon\"><i class=\"icon-police\"><\/i><\/div>\n\t\t\t\t\t\t<div class=\"phone-number-item__title\">\n\t\t\t\t\t\t\t<h3 class=\"p-font-bold\">Ortspolizei<\/h3>\n\t\t\t\t\t\t\t<p>941 340 005<\/p>\n\t\t\t\t\t\t\t\n\t\t\t\t\t\t<\/div>\n\t\t\t\t\t<\/div>\n\t\t\t\t\n\t\t\t\t\t<div class=\"phone-number-item\">\n\t\t\t\t\t\t<div class=\"phone-number-item__icon\"><i class=\"icon-spanish-military-police\"><\/i><\/div>\n\t\t\t\t\t\t<div class=\"phone-number-item__title\">\n\t\t\t\t\t\t\t<h3 class=\"p-font-bold\">Zivilwache<\/h3>\n\t\t\t\t\t\t\t<p>941 340 521<\/p>\n\t\t\t\t\t\t\t\n\t\t\t\t\t\t<\/div>\n\t\t\t\t\t<\/div>\n\t\t\t\t\n\t\t\t\t\t<div class=\"phone-number-item\">\n\t\t\t\t\t\t<div class=\"phone-number-item__icon\"><i class=\"icon-firefighters\"><\/i><\/div>\n\t\t\t\t\t\t<div class=\"phone-number-item__title\">\n\t\t\t\t\t\t\t<h3 class=\"p-font-bold\">Feuerwehr<\/h3>\n\t\t\t\t\t\t\t<p>941 341 546<\/p>\n\t\t\t\t\t\t\t\n\t\t\t\t\t\t<\/div>\n\t\t\t\t\t<\/div>\n\t\t\t\t\n\t\t\t\t\t<div class=\"phone-number-item\">\n\t\t\t\t\t\t<div class=\"phone-number-item__icon\"><i class=\"icon-civil-protection\"><\/i><\/div>\n\t\t\t\t\t\t<div class=\"phone-number-item__title\">\n\t\t\t\t\t\t\t<h3 class=\"p-font-bold\">Zivilschutz<\/h3>\n\t\t\t\t\t\t\t<p>941 341 586<\/p>\n\t\t\t\t\t\t\t\n\t\t\t\t\t\t<\/div>\n\t\t\t\t\t<\/div>\n\t\t\t\t\n\t\t\t\t\t<div class=\"phone-number-item\">\n\t\t\t\t\t\t<div class=\"phone-number-item__icon\"><i class=\"icon-town-council\"><\/i><\/div>\n\t\t\t\t\t\t<div class=\"phone-number-item__title\">\n\t\t\t\t\t\t\t<h3 class=\"p-font-bold\">Rathaus<\/h3>\n\t\t\t\t\t\t\t<p>941 340 004<\/p>\n\t\t\t\t\t\t\t\n\t\t\t\t\t\t<\/div>\n\t\t\t\t\t<\/div>\n\t\t\t\t\n\t\t\t\t\t<div class=\"phone-number-item\">\n\t\t\t\t\t\t<div class=\"phone-number-item__icon\"><i class=\"icon-hospital\"><\/i><\/div>\n\t\t\t\t\t\t<div class=\"phone-number-item__title\">\n\t\t\t\t\t\t\t<h3 class=\"p-font-bold\">Gesundheitszentrum<\/h3>\n\t\t\t\t\t\t\t<p>&#8230;<\/p>\n\t\t\t\t\t\t\t\n\t\t\t\t\t\t<\/div>\n\t\t\t\t\t<\/div>\n\t\t\t\t\n\t\t\t\t\t<div class=\"phone-number-item\">\n\t\t\t\t\t\t<div class=\"phone-number-item__icon\"><i class=\"icon-tourism\"><\/i><\/div>\n\t\t\t\t\t\t<div class=\"phone-number-item__title\">\n\t\t\t\t\t\t\t<h3 class=\"p-font-bold\">Fremdenverkehrsamt<\/h3>\n\t\t\t\t\t\t\t<p>941 341 238<\/p>\n\t\t\t\t\t\t\t\n\t\t\t\t\t\t\t\t<p>C\/ Mayor, 3<\/p>\n\t\t\t\t\t\t\t\n\t\t\t\t\t\t<\/div>\n\t\t\t\t\t<\/div>\n\t\t\t\t\n\t\t\t<\/div>\n\t\t<\/div>\n\n\t\t<div id=\"clientForm\">\n        <section>\n        <img decoding=\"async\" src=\"https:\/\/cdn.pilgrim.es\/web\/home\/email-contacto.png\" alt=\"contacto\">\n        <div>\n            <p>Wir senden dir deine Planung<\/p>\n            <p>Gib uns deine Daten an und erhalte die Planung deiner Reise per E-Mail <\/p>\n            <form method=\"post\" data-url=\"\/wp-admin\/admin-ajax.php\" id=\"planner--client\" class=\"flag-right form-client\">\n    <div class=\"form-data\">\n        <input name=\"form_id\" type=\"hidden\" value=\"Formulario Leads\">\n        <input name=\"type\" type=\"hidden\" value=\"planner_client\">\n        <input type=\"text\" name=\"nombre\" value=\"\" size=\"40\" class=\"form-control\" aria-required=\"true\" aria-invalid=\"false\" placeholder=\"Name\">\n        <input type=\"email\" name=\"email\" value=\"\" size=\"40\" class=\"form-control\" aria-required=\"true\" aria-invalid=\"false\" placeholder=\"E- Mail\">\n        <input type=\"text\" id=\"phone-input\" name=\"tel\" value=\"\" size=\"40\" class=\"phone-input form-control\" aria-required=\"true\" aria-invalid=\"false\" placeholder=\"Telefon\">\n        <input type=\"hidden\" name=\"telefono\">\n    <\/div>\n    <div class=\"form-checkbox\">\n        <span>\n            Pilgrim Travel, S.L. teilt gem\u00e4\u00df Regulierung 2016\/679 mit, dass die in diesem Formular verwendeten Daten sowohl f\u00fcr die Beantwortung der m\u00f6glichen Anfragen als auch f\u00fcr die Ver\u00f6ffentlichung der Kommentare verwendet werden, mit der Zustimmung des Nutzers. Sie k\u00f6nnen Ihre Rechte in \u00dcbereinstimmung mit unserer Datenschutzbestimmungen aus\u00fcben             <a href=\"https:\/\/www.pilgrim.es\/politica-de-privacidad\/\" target=\"_blank\" rel=\"noopener noreferrer nofollow\">Datenschutzerkl\u00e4rung.<\/a>\n        <\/span>\n    <\/div>\n\n    <div class=\"form-submit\">\n        <button id=\"planner--client-create\" type=\"submit\">Anfrage senden<\/button>\n        <div class=\"loadingDiv\"><i class=\"p-spinner\"><\/i><\/div>\n    <\/div>\n\n    <div class=\"contact-content-form-success\">\n        <p><i class=\"fas fa-check\"><\/i> Das Formular hat sich erfolgreich gesendet.<\/p>\n    <\/div>\n\n    <div class=\"contact-content-form-error\">\n        <span class=\"input-error\"><\/span>\n    <\/div>\n<\/form>        <\/div>\n    <\/section>\n<\/div>\n\n\t\t<div id=\"recomendationSection\">\n\t\t\t<div>\n\t\t\t\t<h2 class=\"p-h2-town\">Empfohlen<\/h2>\n\t\t\t\t<hr>\n\t\t\t\t<h3 class=\"p-h3-town\">Gastronomie<\/h3>\n\t\t\t<\/div>\n\t\t\tDas ber\u00fchmteste Gericht des Dorfes Santo Domingo de la Calzada sind Kichererbsen mit Fleisch und Gem\u00fcse, ein Gericht, das an die Gro\u00dfz\u00fcgigkeit des Schutzheiligen erinnert, sowie Kartoffeln nach Rioja-Art.\n\nAuf der s\u00fc\u00dfen Seite der Gastronomie sind die Ahorcaditos zu nennen, eine typische S\u00fc\u00dfigkeit des Ortes, die nur in einer einzigen B\u00e4ckerei (Pasteler\u00eda Isidro) verkauft wird, der \u00e4ltesten und einzigen, die eine Genehmigung f\u00fcr den Verkauf hat.\n\t\t<\/div>\n\n\n\t\t\n\t\t\t<div id=\"holidaysSection\">\n\t\t\t\t<div>\n\t\t\t\t\t<h2 class=\"p-h2-town\">Empfohlen<\/h2>\n\t\t\t\t\t<hr>\n\t\t\t\t\t<h3 class=\"p-h3-town\">Feste und Pilgerfahrten<\/h3>\n\t\t\t\t<\/div>\n\t\t\t\t<div class=\"grid holidays-grid\">\n\t\t\t\t\t\n\t\t\t\t\t\t<div>\n\t\t\t\t\t\t\t<div class=\"phone-number-item\">\n\t\t\t\t\t\t\t\t<div class=\"phone-number-item__icon\"><i class=\"icon-holiday\"><\/i><\/div>\n\t\t\t\t\t\t\t\t<div class=\"phone-number-item__title dark-text\">\n\t\t\t\t\t\t\t\t\t<p class=\"p-font-bold\">Lokaler Urlaub<\/p>\n\t\t\t\t\t\t\t\t\t<p>10 de mayo al 15: Fiesta del Santo<\/p>\n\t\t\t\t\t\t\t\t<\/div>\n\t\t\t\t\t\t\t<\/div>\n\t\t\t\t\t\t<\/div>\n\t\t\t\t\t\n\t\t\t\t\t\t<div>\n\t\t\t\t\t\t\t<div class=\"phone-number-item\">\n\t\t\t\t\t\t\t\t<div class=\"phone-number-item__icon\"><i class=\"icon-holiday\"><\/i><\/div>\n\t\t\t\t\t\t\t\t<div class=\"phone-number-item__title dark-text\">\n\t\t\t\t\t\t\t\t\t<p class=\"p-font-bold\">Lokaler Urlaub<\/p>\n\t\t\t\t\t\t\t\t\t<p>25 de abril: D\u00eda de la Gaita y el Tamboril<\/p>\n\t\t\t\t\t\t\t\t<\/div>\n\t\t\t\t\t\t\t<\/div>\n\t\t\t\t\t\t<\/div>\n\t\t\t\t\t\n\t\t\t\t\t\t<div>\n\t\t\t\t\t\t\t<div class=\"phone-number-item\">\n\t\t\t\t\t\t\t\t<div class=\"phone-number-item__icon\"><i class=\"icon-holiday\"><\/i><\/div>\n\t\t\t\t\t\t\t\t<div class=\"phone-number-item__title dark-text\">\n\t\t\t\t\t\t\t\t\t<p class=\"p-font-bold\">Lokaler Urlaub<\/p>\n\t\t\t\t\t\t\t\t\t<p>Mediados de Septiembre: Santiago Ap\u00f3stol<\/p>\n\t\t\t\t\t\t\t\t<\/div>\n\t\t\t\t\t\t\t<\/div>\n\t\t\t\t\t\t<\/div>\n\t\t\t\t\t\n\t\t\t\t<\/div>\n\t\t\t<\/div>\n\t\t\n\t<\/div>\n<\/section>\n\n<div id=\"stage_list_section\"><div class=\"stage-list\">\n    <div class='stage-list__map-card'>\n        <div class='stage-list__map-card__map'>\n            <div class='stage-list__map-card__map__text'>\n                <h2> Pages <\/h2>\n                <p> Zu Fu\u00df<\/p>\n                <p> 0etappen<\/p>\n            <\/div>\n            <div class='stage-list__map-card__map__img'>\n                <img decoding=\"async\" src=\"\" alt=\" mapa \" \/>\n            <\/div>\n        <\/div>\n    <\/div>\n\n    <\/div>\n<\/div> ","protected":false},"excerpt":{"rendered":"<p>Santo Domingo de la Calzada &#8249; Zur\u00fcck zur B\u00fchne Santo Domingo de la Calzada Einwohner: 6.520 aprox. Bundesland: La Rioja Informationen Get to know Santo Domingo de la Calzada Die kleine Stadt Santo Domingo de la Calzada ist durch und f\u00fcr den Jakobsweg entstanden, ihre gesamte Freizeit- und Wirtschaftst\u00e4tigkeit ist mit dem Jakobsweg verbunden, so &hellip; <\/p>\n<p class=\"read_more\"><a href=\"https:\/\/www.pilgrim.es\/de\/franzosischer-weg\/santo-domingo-de-la-calzada\/\">Leer m\u00e1s<\/a><\/p>\n","protected":false},"author":0,"featured_media":8484,"parent":10659,"menu_order":0,"comment_status":"closed","ping_status":"closed","template":"views\/template-new-web-design.blade.php","meta":{"footnotes":""},"categories":[],"tags":[],"class_list":["post-91063","page","type-page","status-publish","has-post-thumbnail","hentry"],"yoast_head":"<!-- This site is optimized with the Yoast SEO plugin v27.4 - https:\/\/yoast.com\/product\/yoast-seo-wordpress\/ -->\n<title>Santo Domingo de la Calzada: Was sehen und wo \u00fcbernachten | Jakobsweg | Pilgrim<\/title>\n<meta name=\"description\" content=\"Santo Domingo de la Calzada Entdecken Sie alle Informationen \u00fcber Unterk\u00fcnfte, Anreise, Gastronomie und die wichtigsten Sehensw\u00fcrdigkeiten der Orte am Franz\u00f6sischer Weg\" \/>\n<meta name=\"robots\" content=\"index, follow, max-snippet:-1, max-image-preview:large, max-video-preview:-1\" \/>\n<link rel=\"canonical\" href=\"https:\/\/www.pilgrim.es\/de\/franzosischer-weg\/santo-domingo-de-la-calzada\/\" \/>\n<meta property=\"og:locale\" content=\"de_DE\" \/>\n<meta property=\"og:type\" content=\"article\" \/>\n<meta property=\"og:title\" content=\"Santo Domingo de la Calzada: Was sehen und wo \u00fcbernachten | Jakobsweg | Pilgrim\" \/>\n<meta property=\"og:description\" content=\"Santo Domingo de la Calzada Entdecken Sie alle Informationen \u00fcber Unterk\u00fcnfte, Anreise, Gastronomie und die wichtigsten Sehensw\u00fcrdigkeiten der Orte am Franz\u00f6sischer Weg\" \/>\n<meta property=\"og:url\" content=\"https:\/\/www.pilgrim.es\/de\/franzosischer-weg\/santo-domingo-de-la-calzada\/\" \/>\n<meta property=\"og:site_name\" content=\"Pilgrim\" \/>\n<meta property=\"article:publisher\" content=\"https:\/\/www.facebook.com\/pilgrim.es\/\" \/>\n<meta property=\"og:image\" content=\"https:\/\/www.pilgrim.es\/wp-content\/uploads\/2019\/02\/santo-domingo-de-la-calzada-2-510x384.jpg\" \/>\n\t<meta property=\"og:image:width\" content=\"510\" \/>\n\t<meta property=\"og:image:height\" content=\"384\" \/>\n\t<meta property=\"og:image:type\" content=\"image\/jpeg\" \/>\n<meta name=\"twitter:card\" content=\"summary_large_image\" \/>\n<meta name=\"twitter:site\" content=\"@pilgrim_es\" \/>\n<meta name=\"twitter:label1\" content=\"Gesch\u00e4tzte Lesezeit\" \/>\n\t<meta name=\"twitter:data1\" content=\"9\u00a0Minuten\" \/>\n<script type=\"application\/ld+json\" class=\"yoast-schema-graph\">{\"@context\":\"https:\\\/\\\/schema.org\",\"@graph\":[{\"@type\":\"WebPage\",\"@id\":\"https:\\\/\\\/www.pilgrim.es\\\/de\\\/franzosischer-weg\\\/santo-domingo-de-la-calzada\\\/\",\"url\":\"https:\\\/\\\/www.pilgrim.es\\\/de\\\/franzosischer-weg\\\/santo-domingo-de-la-calzada\\\/\",\"name\":\"Santo Domingo de la Calzada: Was sehen und wo \u00fcbernachten | Jakobsweg | Pilgrim\",\"isPartOf\":{\"@id\":\"https:\\\/\\\/www.pilgrim.es\\\/de\\\/#website\"},\"primaryImageOfPage\":{\"@id\":\"https:\\\/\\\/www.pilgrim.es\\\/de\\\/franzosischer-weg\\\/santo-domingo-de-la-calzada\\\/#primaryimage\"},\"image\":{\"@id\":\"https:\\\/\\\/www.pilgrim.es\\\/de\\\/franzosischer-weg\\\/santo-domingo-de-la-calzada\\\/#primaryimage\"},\"thumbnailUrl\":\"https:\\\/\\\/www.pilgrim.es\\\/wp-content\\\/uploads\\\/2019\\\/02\\\/santo-domingo-de-la-calzada-2-510x384.jpg\",\"datePublished\":\"2025-03-17T13:10:57+00:00\",\"description\":\"Santo Domingo de la Calzada Entdecken Sie alle Informationen \u00fcber Unterk\u00fcnfte, Anreise, Gastronomie und die wichtigsten Sehensw\u00fcrdigkeiten der Orte am Franz\u00f6sischer Weg\",\"breadcrumb\":{\"@id\":\"https:\\\/\\\/www.pilgrim.es\\\/de\\\/franzosischer-weg\\\/santo-domingo-de-la-calzada\\\/#breadcrumb\"},\"inLanguage\":\"de\",\"potentialAction\":[{\"@type\":\"ReadAction\",\"target\":[\"https:\\\/\\\/www.pilgrim.es\\\/de\\\/franzosischer-weg\\\/santo-domingo-de-la-calzada\\\/\"]}]},{\"@type\":\"ImageObject\",\"inLanguage\":\"de\",\"@id\":\"https:\\\/\\\/www.pilgrim.es\\\/de\\\/franzosischer-weg\\\/santo-domingo-de-la-calzada\\\/#primaryimage\",\"url\":\"https:\\\/\\\/www.pilgrim.es\\\/wp-content\\\/uploads\\\/2019\\\/02\\\/santo-domingo-de-la-calzada-2-510x384.jpg\",\"contentUrl\":\"https:\\\/\\\/www.pilgrim.es\\\/wp-content\\\/uploads\\\/2019\\\/02\\\/santo-domingo-de-la-calzada-2-510x384.jpg\",\"width\":510,\"height\":384,\"caption\":\"Santo Domingo de la Calzada\"},{\"@type\":\"BreadcrumbList\",\"@id\":\"https:\\\/\\\/www.pilgrim.es\\\/de\\\/franzosischer-weg\\\/santo-domingo-de-la-calzada\\\/#breadcrumb\",\"itemListElement\":[{\"@type\":\"ListItem\",\"position\":1,\"name\":\"Camino de Santiago\",\"item\":\"https:\\\/\\\/www.pilgrim.es\\\/de\\\/\"},{\"@type\":\"ListItem\",\"position\":2,\"name\":\"Franz\u00f6sischer Weg\",\"item\":\"https:\\\/\\\/www.pilgrim.es\\\/de\\\/franzosischer-weg\\\/\"},{\"@type\":\"ListItem\",\"position\":3,\"name\":\"Santo Domingo de la Calzada\"}]},{\"@type\":\"WebSite\",\"@id\":\"https:\\\/\\\/www.pilgrim.es\\\/de\\\/#website\",\"url\":\"https:\\\/\\\/www.pilgrim.es\\\/de\\\/\",\"name\":\"Pilgrim\",\"description\":\"Camino de Santiago | Caminamos Contigo\",\"publisher\":{\"@id\":\"https:\\\/\\\/www.pilgrim.es\\\/de\\\/#organization\"},\"potentialAction\":[{\"@type\":\"SearchAction\",\"target\":{\"@type\":\"EntryPoint\",\"urlTemplate\":\"https:\\\/\\\/www.pilgrim.es\\\/de\\\/?s={search_term_string}\"},\"query-input\":{\"@type\":\"PropertyValueSpecification\",\"valueRequired\":true,\"valueName\":\"search_term_string\"}}],\"inLanguage\":\"de\"},{\"@type\":\"Organization\",\"@id\":\"https:\\\/\\\/www.pilgrim.es\\\/de\\\/#organization\",\"name\":\"Pilgrim Camino de Santiago\",\"url\":\"https:\\\/\\\/www.pilgrim.es\\\/de\\\/\",\"logo\":{\"@type\":\"ImageObject\",\"inLanguage\":\"de\",\"@id\":\"https:\\\/\\\/www.pilgrim.es\\\/de\\\/#\\\/schema\\\/logo\\\/image\\\/\",\"url\":\"https:\\\/\\\/www.pilgrim.es\\\/wp-content\\\/uploads\\\/2019\\\/04\\\/logo_pilgrim.png\",\"contentUrl\":\"https:\\\/\\\/www.pilgrim.es\\\/wp-content\\\/uploads\\\/2019\\\/04\\\/logo_pilgrim.png\",\"width\":512,\"height\":512,\"caption\":\"Pilgrim Camino de Santiago\"},\"image\":{\"@id\":\"https:\\\/\\\/www.pilgrim.es\\\/de\\\/#\\\/schema\\\/logo\\\/image\\\/\"},\"sameAs\":[\"https:\\\/\\\/www.facebook.com\\\/pilgrim.es\\\/\",\"https:\\\/\\\/x.com\\\/pilgrim_es\",\"https:\\\/\\\/www.instagram.com\\\/pilgrim.es\\\/\",\"https:\\\/\\\/www.linkedin.com\\\/company\\\/pilgrim-camino-de-santiago\\\/\",\"https:\\\/\\\/www.pinterest.es\\\/pilgrimcaminodesantiago\\\/\",\"https:\\\/\\\/www.youtube.com\\\/channel\\\/UCIv2ZzFLXVqthkNF32rKedw\\\/featured\"]}]}<\/script>\n<!-- \/ Yoast SEO plugin. -->","yoast_head_json":{"title":"Santo Domingo de la Calzada: Was sehen und wo \u00fcbernachten | Jakobsweg | Pilgrim","description":"Santo Domingo de la Calzada Entdecken Sie alle Informationen \u00fcber Unterk\u00fcnfte, Anreise, Gastronomie und die wichtigsten Sehensw\u00fcrdigkeiten der Orte am Franz\u00f6sischer Weg","robots":{"index":"index","follow":"follow","max-snippet":"max-snippet:-1","max-image-preview":"max-image-preview:large","max-video-preview":"max-video-preview:-1"},"canonical":"https:\/\/www.pilgrim.es\/de\/franzosischer-weg\/santo-domingo-de-la-calzada\/","og_locale":"de_DE","og_type":"article","og_title":"Santo Domingo de la Calzada: Was sehen und wo \u00fcbernachten | Jakobsweg | Pilgrim","og_description":"Santo Domingo de la Calzada Entdecken Sie alle Informationen \u00fcber Unterk\u00fcnfte, Anreise, Gastronomie und die wichtigsten Sehensw\u00fcrdigkeiten der Orte am Franz\u00f6sischer Weg","og_url":"https:\/\/www.pilgrim.es\/de\/franzosischer-weg\/santo-domingo-de-la-calzada\/","og_site_name":"Pilgrim","article_publisher":"https:\/\/www.facebook.com\/pilgrim.es\/","og_image":[{"width":510,"height":384,"url":"https:\/\/www.pilgrim.es\/wp-content\/uploads\/2019\/02\/santo-domingo-de-la-calzada-2-510x384.jpg","type":"image\/jpeg"}],"twitter_card":"summary_large_image","twitter_site":"@pilgrim_es","twitter_misc":{"Gesch\u00e4tzte Lesezeit":"9\u00a0Minuten"},"schema":{"@context":"https:\/\/schema.org","@graph":[{"@type":"WebPage","@id":"https:\/\/www.pilgrim.es\/de\/franzosischer-weg\/santo-domingo-de-la-calzada\/","url":"https:\/\/www.pilgrim.es\/de\/franzosischer-weg\/santo-domingo-de-la-calzada\/","name":"Santo Domingo de la Calzada: Was sehen und wo \u00fcbernachten | Jakobsweg | Pilgrim","isPartOf":{"@id":"https:\/\/www.pilgrim.es\/de\/#website"},"primaryImageOfPage":{"@id":"https:\/\/www.pilgrim.es\/de\/franzosischer-weg\/santo-domingo-de-la-calzada\/#primaryimage"},"image":{"@id":"https:\/\/www.pilgrim.es\/de\/franzosischer-weg\/santo-domingo-de-la-calzada\/#primaryimage"},"thumbnailUrl":"https:\/\/www.pilgrim.es\/wp-content\/uploads\/2019\/02\/santo-domingo-de-la-calzada-2-510x384.jpg","datePublished":"2025-03-17T13:10:57+00:00","description":"Santo Domingo de la Calzada Entdecken Sie alle Informationen \u00fcber Unterk\u00fcnfte, Anreise, Gastronomie und die wichtigsten Sehensw\u00fcrdigkeiten der Orte am Franz\u00f6sischer Weg","breadcrumb":{"@id":"https:\/\/www.pilgrim.es\/de\/franzosischer-weg\/santo-domingo-de-la-calzada\/#breadcrumb"},"inLanguage":"de","potentialAction":[{"@type":"ReadAction","target":["https:\/\/www.pilgrim.es\/de\/franzosischer-weg\/santo-domingo-de-la-calzada\/"]}]},{"@type":"ImageObject","inLanguage":"de","@id":"https:\/\/www.pilgrim.es\/de\/franzosischer-weg\/santo-domingo-de-la-calzada\/#primaryimage","url":"https:\/\/www.pilgrim.es\/wp-content\/uploads\/2019\/02\/santo-domingo-de-la-calzada-2-510x384.jpg","contentUrl":"https:\/\/www.pilgrim.es\/wp-content\/uploads\/2019\/02\/santo-domingo-de-la-calzada-2-510x384.jpg","width":510,"height":384,"caption":"Santo Domingo de la Calzada"},{"@type":"BreadcrumbList","@id":"https:\/\/www.pilgrim.es\/de\/franzosischer-weg\/santo-domingo-de-la-calzada\/#breadcrumb","itemListElement":[{"@type":"ListItem","position":1,"name":"Camino de Santiago","item":"https:\/\/www.pilgrim.es\/de\/"},{"@type":"ListItem","position":2,"name":"Franz\u00f6sischer Weg","item":"https:\/\/www.pilgrim.es\/de\/franzosischer-weg\/"},{"@type":"ListItem","position":3,"name":"Santo Domingo de la Calzada"}]},{"@type":"WebSite","@id":"https:\/\/www.pilgrim.es\/de\/#website","url":"https:\/\/www.pilgrim.es\/de\/","name":"Pilgrim","description":"Camino de Santiago | Caminamos Contigo","publisher":{"@id":"https:\/\/www.pilgrim.es\/de\/#organization"},"potentialAction":[{"@type":"SearchAction","target":{"@type":"EntryPoint","urlTemplate":"https:\/\/www.pilgrim.es\/de\/?s={search_term_string}"},"query-input":{"@type":"PropertyValueSpecification","valueRequired":true,"valueName":"search_term_string"}}],"inLanguage":"de"},{"@type":"Organization","@id":"https:\/\/www.pilgrim.es\/de\/#organization","name":"Pilgrim Camino de Santiago","url":"https:\/\/www.pilgrim.es\/de\/","logo":{"@type":"ImageObject","inLanguage":"de","@id":"https:\/\/www.pilgrim.es\/de\/#\/schema\/logo\/image\/","url":"https:\/\/www.pilgrim.es\/wp-content\/uploads\/2019\/04\/logo_pilgrim.png","contentUrl":"https:\/\/www.pilgrim.es\/wp-content\/uploads\/2019\/04\/logo_pilgrim.png","width":512,"height":512,"caption":"Pilgrim Camino de Santiago"},"image":{"@id":"https:\/\/www.pilgrim.es\/de\/#\/schema\/logo\/image\/"},"sameAs":["https:\/\/www.facebook.com\/pilgrim.es\/","https:\/\/x.com\/pilgrim_es","https:\/\/www.instagram.com\/pilgrim.es\/","https:\/\/www.linkedin.com\/company\/pilgrim-camino-de-santiago\/","https:\/\/www.pinterest.es\/pilgrimcaminodesantiago\/","https:\/\/www.youtube.com\/channel\/UCIv2ZzFLXVqthkNF32rKedw\/featured"]}]}},"_links":{"self":[{"href":"https:\/\/www.pilgrim.es\/de\/wp-json\/wp\/v2\/pages\/91063","targetHints":{"allow":["GET"]}}],"collection":[{"href":"https:\/\/www.pilgrim.es\/de\/wp-json\/wp\/v2\/pages"}],"about":[{"href":"https:\/\/www.pilgrim.es\/de\/wp-json\/wp\/v2\/types\/page"}],"replies":[{"embeddable":true,"href":"https:\/\/www.pilgrim.es\/de\/wp-json\/wp\/v2\/comments?post=91063"}],"version-history":[{"count":0,"href":"https:\/\/www.pilgrim.es\/de\/wp-json\/wp\/v2\/pages\/91063\/revisions"}],"up":[{"embeddable":true,"href":"https:\/\/www.pilgrim.es\/de\/wp-json\/wp\/v2\/pages\/10659"}],"wp:featuredmedia":[{"embeddable":true,"href":"https:\/\/www.pilgrim.es\/de\/wp-json\/wp\/v2\/media\/8484"}],"wp:attachment":[{"href":"https:\/\/www.pilgrim.es\/de\/wp-json\/wp\/v2\/media?parent=91063"}],"wp:term":[{"taxonomy":"category","embeddable":true,"href":"https:\/\/www.pilgrim.es\/de\/wp-json\/wp\/v2\/categories?post=91063"},{"taxonomy":"post_tag","embeddable":true,"href":"https:\/\/www.pilgrim.es\/de\/wp-json\/wp\/v2\/tags?post=91063"}],"curies":[{"name":"wp","href":"https:\/\/api.w.org\/{rel}","templated":true}]}}