{"id":91057,"date":"2025-03-17T13:08:56","date_gmt":"2025-03-17T13:08:56","guid":{"rendered":"https:\/\/www.pilgrim.es\/franzosischer-weg\/logrono\/"},"modified":"2025-03-17T13:08:56","modified_gmt":"2025-03-17T13:08:56","slug":"logrono","status":"publish","type":"page","link":"https:\/\/www.pilgrim.es\/de\/franzosischer-weg\/logrono\/","title":{"rendered":"Logro\u00f1o"},"content":{"rendered":" <section id=\"hero\">\n\t<h1>Logro\u00f1o<\/h1>\n\t<div class=\"hero-grid\">\n\t\t<div class=\"hero-grid__town-col\" data-background=\"https:\/\/cdn.pilgrim.es\/web\/caminos\/camino-frances\/pueblos\/logrono\/logrono.jpg\">\n\t\t\t<div>\n\t\t\t\t<a class=\"link-to-stage\" href=\"https:\/\/www.pilgrim.es\/camino-frances\/etapa-7-los-arcos-logrono\/\">\n\t\t\t\t\t<p>&#8249; Zur\u00fcck zur B\u00fchne<\/p>\n\t\t\t\t<\/a>\n\n\t\t\t\t<div class=\"town-data\">\n\t\t\t\t\t<h2>Logro\u00f1o<\/h2>\n\t\t\t\t\t<ul>\n\t\t\t\t\t\t<li>Einwohner: 151.962 aprox.<\/li>\n\t\t\t\t\t\t<li>Bundesland: La Rioja<\/li>\n\t\t\t\t\t<\/ul>\n\t\t\t\t<\/div>\n\t\t\t<\/div>\n\t\t<\/div>\n\t\t<div class=\"hero-grid__planner-col\"><div\r\n  class=\"p-col-span-1 p-rounded-lg p-px-5 p-h-full\"\r\n  style=\"background-image: url('https:\/\/cdn.pilgrim.es\/web\/pilgrim-planner\/bg-plugin-planificador.webp')\"\r\n  rel=\"preload\"\r\n  fetchpriority=\"high\"\r\n  >\r\n    <div class=\"p-text-center p-pt-5 p-text-white p-text-2xl p-font-semibold\">\r\n      Plane deinen Weg    <\/div>\r\n    <div\r\n            id='primary-app'\r\n            data-name='banner'\r\n            data-api='https:\/\/pathfinder.pilgrim.es\/api\/pathfinder\/v2'\r\n            data-mode='normal'\r\n            data-lang='de'\r\n            data-route='1'\r\n            data-destiny='https:\/\/planificador.pilgrim.es'\r\n            data-modality='1'\r\n            data-inline=''\r\n        ><\/div><\/div><\/div>\n\t<\/div>\n<\/section>\n\n<section id=\"infoTown\">\n\t<div class=\"sections-town\">\n\n\t\t<div id=\"informationSection\">\n\t\t\t<div>\n\t\t\t\t<h2 class=\"p-h2-town\">Informationen<\/h2>\n\t\t\t\t<hr>\n\t\t\t\t<h3 class=\"p-h3-town\">Get to know Logro\u00f1o<\/h3>\n\t\t\t<\/div>\n\t\t\t<p>Nachdem wir Navarra verlassen haben, betreten wir die L\u00e4ndereien von La Rioja und sto\u00dfen auf eine weitere gro\u00dfe Stadt, Logro\u00f1o.<\/p> <p>Sie wird vom Fluss Ebro umsp\u00fclt, dem ersten gro\u00dfen Flussbett der Franz\u00f6sischen Route, und galt seit der Antike als Kreuzung, da sie den Mittelpunkt zwischen den verschiedenen K\u00f6nigreichen im Norden der Halbinsel bildete.<\/p> &lt;p\n\t\t<\/div>\n\n\t\t<div id=\"locationSection\">\n\t\t\t<div>\n\t\t\t\t<h2 class=\"p-h2-town\">Standort<\/h2>\n\t\t\t\t<hr>\n\t\t\t\t<h3 class=\"p-h3-town\">Wegbeschreibung<\/h3>\n\t\t\t<\/div>\n\t\t\t<p>Logro\u00f1o ist dank der Stra\u00dfen LO-20, A-12, A-11 und AP-68 gut angebunden, wobei nur die letzte eine Mautstelle hat. Wenn Sie hingegen die Stadt mit \u00f6ffentlichen Verkehrsmitteln erreichen m\u00f6chten, gibt es mehrere M\u00f6glichkeiten: Flugzeug, Bus und Zug.\n\n<p>Der Flughafen von Logro\u00f1o wird kaum angeflogen, aber es gibt mehrere Fl\u00fcge nach Madrid. Ein weiteres Hindernis ist, dass er nur 9 km von der Stadt entfernt liegt und es keine \u00f6ffentlichen Verkehrsmittel gibt, um dorthin zu gelangen.\n\n<p>Was die anderen beiden Verkehrsmittel betrifft, so sind beide sehr gut mit den wichtigsten Punkten Spaniens verbunden, wie z.B.: Madrid, Valencia, Le\u00f3n, Alicante, Zamora, Barcelona, Santander, Vigo, Pontevedra, Orense, Valladolid, A Coru\u00f1a, etc. <\/p>\n\t\t\t<div>\n\t\t\t\t<div>\n  <iframe loading=\"lazy\"\n    src=\"https:\/\/www.google.com\/maps\/d\/embed?mid=1oBYgb06zU-N-9hhWXrlYmcse_ElGiwo&amp;ehbc=2E312F\"\n    width=\"640\"\n    height=\"480\"\n    alt=\"Mapa Logro\u00f1o\"\n  ><\/iframe>\n<\/div>\n\n\t\t\t<\/div>\n\t\t<\/div>\n\n\t\t\n\t\t\t<div id=\"toVisitSection\">\n\t\t\t\t<div>\n\t\t\t\t\t<h2 class=\"p-h2-town\">Geschichte \/ Kultur<\/h2>\n\t\t\t\t\t<hr>\n\t\t\t\t\t<h3 class=\"p-h3-town\">Was es zu sehen gibt<\/h3>\n\t\t\t\t<\/div>\n\t\t\t\t<div>\n\t\t\t\t\t<div class=\"accordion\">\n\t\t\t\t\t\t<div class=\"accordion__menu\">\n\t\t\t\t\t\t\t<nav>\n\t\t\t\t\t\t\t\t\n\t\t\t\t\t\t\t\t\t<button class=\"nav-tab-accordion active\"><span>&#10093;<\/span><span> Darien<\/span><\/button>\n\t\t\t\t\t\t\t\t\n\t\t\t\t\t\t\t\t\t<button class=\"nav-tab-accordion \"><span>&#10093;<\/span><span> Puente Mantible<\/span><\/button>\n\t\t\t\t\t\t\t\t\n\t\t\t\t\t\t\t\t\t<button class=\"nav-tab-accordion \"><span>&#10093;<\/span><span> Museo W\u00fcrth<\/span><\/button>\n\t\t\t\t\t\t\t\t\n\t\t\t\t\t\t\t\t\t<button class=\"nav-tab-accordion \"><span>&#10093;<\/span><span> Puente de Piedra<\/span><\/button>\n\t\t\t\t\t\t\t\t\n\t\t\t\t\t\t\t\t\t<button class=\"nav-tab-accordion \"><span>&#10093;<\/span><span> Teatro Bret\u00f3n de Los Herreros<\/span><\/button>\n\t\t\t\t\t\t\t\t\n\t\t\t\t\t\t\t\t\t<button class=\"nav-tab-accordion \"><span>&#10093;<\/span><span> Calado de San Gregorio<\/span><\/button>\n\t\t\t\t\t\t\t\t\n\t\t\t\t\t\t\t\t\t<button class=\"nav-tab-accordion \"><span>&#10093;<\/span><span> Castillo de Clavijo<\/span><\/button>\n\t\t\t\t\t\t\t\t\n\t\t\t\t\t\t\t\t\t<button class=\"nav-tab-accordion \"><span>&#10093;<\/span><span> Centro de la Cultura de la Rioja<\/span><\/button>\n\t\t\t\t\t\t\t\t\n\t\t\t\t\t\t\t\t\t<button class=\"nav-tab-accordion \"><span>&#10093;<\/span><span> Cubo de Revell\u00edn y la Muralla<\/span><\/button>\n\t\t\t\t\t\t\t\t\n\t\t\t\t\t\t\t\t\t<button class=\"nav-tab-accordion \"><span>&#10093;<\/span><span> Edificio de Correos<\/span><\/button>\n\t\t\t\t\t\t\t\t\n\t\t\t\t\t\t\t\t\t<button class=\"nav-tab-accordion \"><span>&#10093;<\/span><span> Edificio del Parlamento<\/span><\/button>\n\t\t\t\t\t\t\t\t\n\t\t\t\t\t\t\t\t\t<button class=\"nav-tab-accordion \"><span>&#10093;<\/span><span> Fuente del Peregrino<\/span><\/button>\n\t\t\t\t\t\t\t\t\n\t\t\t\t\t\t\t\t\t<button class=\"nav-tab-accordion \"><span>&#10093;<\/span><span> Iglesia de Santiago<\/span><\/button>\n\t\t\t\t\t\t\t\t\n\t\t\t\t\t\t\t\t\t<button class=\"nav-tab-accordion \"><span>&#10093;<\/span><span> Iglesia de San Bartolom\u00e9<\/span><\/button>\n\t\t\t\t\t\t\t\t\n\t\t\t\t\t\t\t\t\t<button class=\"nav-tab-accordion \"><span>&#10093;<\/span><span> Imperial Iglesia de Santa Mar\u00eda Palacio<\/span><\/button>\n\t\t\t\t\t\t\t\t\n\t\t\t\t\t\t\t\t\t<button class=\"nav-tab-accordion \"><span>&#10093;<\/span><span> Marqu\u00e9s de Murrieta<\/span><\/button>\n\t\t\t\t\t\t\t\t\n\t\t\t\t\t\t\t\t\t<button class=\"nav-tab-accordion \"><span>&#10093;<\/span><span> Museo de La Rioja<\/span><\/button>\n\t\t\t\t\t\t\t\t\n\t\t\t\t\t\t\t\t\t<button class=\"nav-tab-accordion \"><span>&#10093;<\/span><span> Campo Viejo<\/span><\/button>\n\t\t\t\t\t\t\t\t\n\t\t\t\t\t\t\t\t\t<button class=\"nav-tab-accordion \"><span>&#10093;<\/span><span> Palacio de Congresos<\/span><\/button>\n\t\t\t\t\t\t\t\t\n\t\t\t\t\t\t\t\t\t<button class=\"nav-tab-accordion \"><span>&#10093;<\/span><span> Palacio Marqu\u00e9s de Monasterio<\/span><\/button>\n\t\t\t\t\t\t\t\t\n\t\t\t\t\t\t\t\t\t<button class=\"nav-tab-accordion \"><span>&#10093;<\/span><span> Parque de La Grajera<\/span><\/button>\n\t\t\t\t\t\t\t\t\n\t\t\t\t\t\t\t\t\t<button class=\"nav-tab-accordion \"><span>&#10093;<\/span><span> Plaza del Ayuntamiento<\/span><\/button>\n\t\t\t\t\t\t\t\t\n\t\t\t\t\t\t\t\t\t<button class=\"nav-tab-accordion \"><span>&#10093;<\/span><span> Puente de Hierro<\/span><\/button>\n\t\t\t\t\t\t\t\t\n\t\t\t\t\t\t\t\t\t<button class=\"nav-tab-accordion \"><span>&#10093;<\/span><span> Bodega Onta\u00f1\u00f3n<\/span><\/button>\n\t\t\t\t\t\t\t\t\n\t\t\t\t\t\t\t\t\t<button class=\"nav-tab-accordion \"><span>&#10093;<\/span><span> Restos de la Antigua Vareia<\/span><\/button>\n\t\t\t\t\t\t\t\t\n\t\t\t\t\t\t\t\t\t<button class=\"nav-tab-accordion \"><span>&#10093;<\/span><span> Casa de Mateo de Nuevas<\/span><\/button>\n\t\t\t\t\t\t\t\t\n\t\t\t\t\t\t\t\t\t<button class=\"nav-tab-accordion \"><span>&#10093;<\/span><span> Concatedral de la Redonda<\/span><\/button>\n\t\t\t\t\t\t\t\t\n\t\t\t\t\t\t\t\t\t<button class=\"nav-tab-accordion \"><span>&#10093;<\/span><span> Sala Am\u00f3s Salvador<\/span><\/button>\n\t\t\t\t\t\t\t\t\n\t\t\t\t\t\t\t\t\t<button class=\"nav-tab-accordion \"><span>&#10093;<\/span><span> Bodega Marqu\u00e9s de Vargas<\/span><\/button>\n\t\t\t\t\t\t\t\t\n\t\t\t\t\t\t\t<\/nav>\n\t\t\t\t\t\t<\/div>\n\n\t\t\t\t\t\t\n\t\t\t\t\t\t\t<div class=\"accordion__accordion-content \">\n\t\t\t\t\t\t\t\t<div>\n\t\t\t\t\t\t\t\t\t<div>\n\t\t\t\t\t\t\t\t\t\t<h4>Darien<\/h4>\n\t\t\t\t\t\t\t\t\t\t<p>Darien ist ein Weingut, das von dem Architekten Jes\u00fas Mariano Pascual im avantgardistischen Stil erbaut wurde. Sie ist von Weinbergen umgeben und mit der modernsten Technologie f\u00fcr die Herstellung von pers\u00f6nlichen und modernen Weinen ausgestattet.\n\n<p>STUNDEN<\/p>\n\n<p>Montag bis Samstag, ge\u00f6ffnet von 11:00 bis 17:00 Uhr Sonntags von 11:00 bis 14:00 Uhr<\/p>\n\n<p>Preise<\/p>\n\n<p>F\u00fchrung mit Verkostung von 1 Wein: 6\u20ac F\u00fchrung mit Verkostung von 4 Weinen und Aperitif: 15\u20ac Kostenloser Besuch mit Verkostung von 1 Wein: 3\u20ac<\/p> <p>Freier Besuch mit Verkostung von 1 Wein: 3\u20ac<\/p> <p>Freier Besuch mit Verkostung von 1 Wein: 3\u20ac<\/p> &lt;p\n\n<p>INFORMATIONEN VON INTERESSE<\/p>\n\n<p>Web: www.darien.es E-Mail: infor@darien.es Telefon: 941 25 81 30<\/p>\n\n<p>F\u00fchrungen m\u00fcssen gebucht werden<\/p>\n\t\t\t\t\t\t\t\t\t<\/div>\n\t\t\t\t\t\t\t\t\t<img decoding=\"async\" src=\"https:\/\/cdn.pilgrim.es\/web\/caminos\/camino-frances\/pueblos\/logrono\/puntos-de-interes\/darien.jpg\" alt=\"Darien\">\n\t\t\t\t\t\t\t\t<\/div>\n\t\t\t\t\t\t\t<\/div>\n\t\t\t\t\t\t\n\t\t\t\t\t\t\t<div class=\"accordion__accordion-content inactive\">\n\t\t\t\t\t\t\t\t<div>\n\t\t\t\t\t\t\t\t\t<div>\n\t\t\t\t\t\t\t\t\t\t<h4>Puente Mantible<\/h4>\n\t\t\t\t\t\t\t\t\t\t<p>Die Ruinen der Br\u00fccke von Mantible zeigen einen der alten Wege, die es zur \u00dcberquerung des Ebro gab. \u00dcber das Datum ihres Baus herrscht keine Einigkeit; Historiker gehen davon aus, dass sie in der ersten H\u00e4lfte des 2. Jahrhunderts, also in der Mitte der r\u00f6mischen Kaiserzeit, errichtet wurde, w\u00e4hrend andere glauben, dass die Br\u00fccke im 11. Jahrhundert gebaut wurde und zur gleichen Zeit wie die Br\u00fccke von Puente la Reina entstanden ist. <\/p>\n\n<p>Nach der zweiten Theorie wurden beide Br\u00fccken gebaut, um die beiden wichtigsten St\u00e4dte des K\u00f6nigreichs Navarra, Pamplona und N\u00e1jera, zu verbinden. Sie waren 164 Meter lang, 5 Meter breit und hatten eine maximale H\u00f6he von 30 Metern. Sie bestand aus sieben halbkreisf\u00f6rmigen B\u00f6gen, von denen nur noch zwei erhalten sind. Das Bauwerk, das heute noch zu sehen ist, zeugt von der hervorragenden Qualit\u00e4t der bei seiner Errichtung verwendeten Steine.\n\t\t\t\t\t\t\t\t\t<\/div>\n\t\t\t\t\t\t\t\t\t<img decoding=\"async\" src=\"https:\/\/cdn.pilgrim.es\/web\/caminos\/camino-frances\/pueblos\/logrono\/puntos-de-interes\/puente-mantible.jpg\" alt=\"Puente Mantible\">\n\t\t\t\t\t\t\t\t<\/div>\n\t\t\t\t\t\t\t<\/div>\n\t\t\t\t\t\t\n\t\t\t\t\t\t\t<div class=\"accordion__accordion-content inactive\">\n\t\t\t\t\t\t\t\t<div>\n\t\t\t\t\t\t\t\t\t<div>\n\t\t\t\t\t\t\t\t\t\t<h4>Museo W\u00fcrth<\/h4>\n\t\t\t\t\t\t\t\t\t\t<p>Das im Industriegebiet El Sequero gelegene Museum W\u00fcrth, das dem gleichnamigen deutschen multinationalen Unternehmen geh\u00f6rt, ist ein Museum f\u00fcr zeitgen\u00f6ssische Kunst, das in der Regel prestigetr\u00e4chtige Ausstellungen renommierter Autoren mit Museumssammlungen aus dem Besitz des multinationalen Unternehmens verbindet.<\/p> <p>Das Museum W\u00fcrth ist ein Museum f\u00fcr zeitgen\u00f6ssische Kunst, das in der Regel prestigetr\u00e4chtige Ausstellungen renommierter Autoren mit Museumssammlungen aus dem Besitz des multinationalen Unternehmens verbindet.<\/p> <p>Das Museum W\u00fcrth ist ein Museum f\u00fcr zeitgen\u00f6ssische Kunst, das in der Regel prestigetr\u00e4chtige Ausstellungen renommierter Autoren mit Museumssammlungen aus dem Besitz des multinationalen Unternehmens verbindet.\n\t\t\t\t\t\t\t\t\t<\/div>\n\t\t\t\t\t\t\t\t\t<img decoding=\"async\" src=\"https:\/\/cdn.pilgrim.es\/web\/caminos\/camino-frances\/pueblos\/logrono\/puntos-de-interes\/museo-wurth.jpg\" alt=\"Museo W\u00fcrth\">\n\t\t\t\t\t\t\t\t<\/div>\n\t\t\t\t\t\t\t<\/div>\n\t\t\t\t\t\t\n\t\t\t\t\t\t\t<div class=\"accordion__accordion-content inactive\">\n\t\t\t\t\t\t\t\t<div>\n\t\t\t\t\t\t\t\t\t<div>\n\t\t\t\t\t\t\t\t\t\t<h4>Puente de Piedra<\/h4>\n\t\t\t\t\t\t\t\t\t\t<p>Die Mauth\u00e4user an der Steinernen Br\u00fccke wurden Ende des 19. Jahrhunderts gebaut, um Steuern von Personen zu erheben, die die Stadt betreten wollten. Sie befanden sich gegen\u00fcber an beiden Enden der Br\u00fccke und dienten auch als Unterkunft f\u00fcr die Carabinieri, die die Br\u00fccke bewachten. <\/p>\n\n<p>Der Ingenieur Ferm\u00edn Manso de Z\u00fa\u00f1iga baute diese neue Infrastruktur, nachdem seine Vorg\u00e4ngerin 1871 wegen einer \u00dcberschwemmung abgerissen worden war. Sie hatte zw\u00f6lf B\u00f6gen und war \u00fcber zweihundert Meter lang. Der Wiederaufbau der neuen Br\u00fccke wurde 1884 abgeschlossen, und 1917 wurde sie einer erneuten Reform unterzogen. Sie ist eines der Symbole von Logro\u00f1o, und ihr Erscheinen im Wappen der Stadt geht auf das Jahr 1285 zur\u00fcck. <\/p>\n\t\t\t\t\t\t\t\t\t<\/div>\n\t\t\t\t\t\t\t\t\t<img decoding=\"async\" src=\"https:\/\/cdn.pilgrim.es\/web\/caminos\/camino-frances\/pueblos\/logrono\/puntos-de-interes\/puente-de-piedra.jpg\" alt=\"Puente de Piedra\">\n\t\t\t\t\t\t\t\t<\/div>\n\t\t\t\t\t\t\t<\/div>\n\t\t\t\t\t\t\n\t\t\t\t\t\t\t<div class=\"accordion__accordion-content inactive\">\n\t\t\t\t\t\t\t\t<div>\n\t\t\t\t\t\t\t\t\t<div>\n\t\t\t\t\t\t\t\t\t\t<h4>Teatro Bret\u00f3n de Los Herreros<\/h4>\n\t\t\t\t\t\t\t\t\t\t<p>Das Theater Bret\u00f3n de los Herreros ist der Schauplatz f\u00fcr gro\u00dfe kulturelle Veranstaltungen. Au\u00dferdem ist es zusammen mit der Sala Am\u00f3s Salvador daf\u00fcr verantwortlich, der Stadt die Avantgarde der Kunst zu zeigen, und zwar in Form von Ausstellungen, die aufgrund der Qualit\u00e4t ihrer Werke und der Namen ihrer Autoren einen hohen Stellenwert haben.\n\n<p>Dieses Museum befindet sich im Zentrum von Logro\u00f1o, in der Fu\u00dfg\u00e4ngerzone. Es wurde durch eine Subskription des Volkes finanziert, an der sich ber\u00fchmte B\u00fcrger Riojas wie Espartero, Sagasta und der Architekt des Geb\u00e4udes selbst, F\u00e9lix Navarro, beteiligten. <\/p>\n\t\t\t\t\t\t\t\t\t<\/div>\n\t\t\t\t\t\t\t\t\t<img decoding=\"async\" src=\"https:\/\/cdn.pilgrim.es\/web\/caminos\/camino-frances\/pueblos\/logrono\/puntos-de-interes\/teatro-breton-de-los-herreros.jpg\" alt=\"Teatro Bret\u00f3n de Los Herreros\">\n\t\t\t\t\t\t\t\t<\/div>\n\t\t\t\t\t\t\t<\/div>\n\t\t\t\t\t\t\n\t\t\t\t\t\t\t<div class=\"accordion__accordion-content inactive\">\n\t\t\t\t\t\t\t\t<div>\n\t\t\t\t\t\t\t\t\t<div>\n\t\t\t\t\t\t\t\t\t\t<h4>Calado de San Gregorio<\/h4>\n\t\t\t\t\t\t\t\t\t\t<p>Die Hauptstadt von La Rioja ist vor allem f\u00fcr ihre Beziehung zum Wein bekannt. Bereits im 16. Jahrhundert war es \u00fcblich, unter den Fu\u00dfb\u00f6den der H\u00e4user der Stadt Keller zu bauen, wie die unterirdischen Keller in der Gegend genannt werden. Damals stellten die Familien ihren eigenen Wein f\u00fcr den Eigenbedarf her. Die mit Quadersteinen gemauerten Keller bieten die ideale Temperatur und Feuchtigkeit f\u00fcr die G\u00e4rung und Konservierung dieser Weine.\n\n<p>Der Weinkeller San Gregorio in der Calle Ruavieja ist der l\u00e4ngste, der bis heute erhalten geblieben ist. Er ist heute das Erbe des Rathauses, denn er ist ein wahres Juwel der traditionellen Weinarchitektur. Er ist drei\u00dfig Meter lang und seine Urspr\u00fcnge gehen auf das 16. Jahrhundert zur\u00fcck. <\/p>\n\t\t\t\t\t\t\t\t\t<\/div>\n\t\t\t\t\t\t\t\t\t<img decoding=\"async\" src=\"https:\/\/cdn.pilgrim.es\/web\/caminos\/camino-frances\/pueblos\/logrono\/puntos-de-interes\/calado-san-gregorio.jpg\" alt=\"Calado de San Gregorio\">\n\t\t\t\t\t\t\t\t<\/div>\n\t\t\t\t\t\t\t<\/div>\n\t\t\t\t\t\t\n\t\t\t\t\t\t\t<div class=\"accordion__accordion-content inactive\">\n\t\t\t\t\t\t\t\t<div>\n\t\t\t\t\t\t\t\t\t<div>\n\t\t\t\t\t\t\t\t\t\t<h4>Castillo de Clavijo<\/h4>\n\t\t\t\t\t\t\t\t\t\t<p>Die Burg von Clavijo liegt auf einer felsigen Landzunge in der Stadt Clavijo, etwa f\u00fcnfzehn Kilometer von Logro\u00f1o entfernt. <\/p>\n\n<p>Nach jakobinischer \u00dcberlieferung soll hier im Jahr 844 die Erscheinung des Apostels Jakobus auf seinem wei\u00dfen Ross die christlichen Truppen zum Sieg \u00fcber die muslimischen Horden gef\u00fchrt haben.\n\t\t\t\t\t\t\t\t\t<\/div>\n\t\t\t\t\t\t\t\t\t<img decoding=\"async\" src=\"https:\/\/cdn.pilgrim.es\/web\/caminos\/camino-frances\/pueblos\/logrono\/puntos-de-interes\/castillo-clavijo.jpg\" alt=\"Castillo de Clavijo\">\n\t\t\t\t\t\t\t\t<\/div>\n\t\t\t\t\t\t\t<\/div>\n\t\t\t\t\t\t\n\t\t\t\t\t\t\t<div class=\"accordion__accordion-content inactive\">\n\t\t\t\t\t\t\t\t<div>\n\t\t\t\t\t\t\t\t\t<div>\n\t\t\t\t\t\t\t\t\t\t<h4>Centro de la Cultura de la Rioja<\/h4>\n\t\t\t\t\t\t\t\t\t\t<p>Das Kulturzentrum Rioja ist das Werk des Architekten Jes\u00fas Marino Pascual und befindet sich im Zentrum der Stadt und im Herzen des historischen Viertels. Das Ziel dieses Projekts ist es, eine internationale Referenz f\u00fcr die Kultur des &#8222;Rioja&#8220;-Weines zu sein und dar\u00fcber hinaus eine Funktion der Rehabilitation des sozialen und kulturellen Lebens der historischen Stadt zu erf\u00fcllen. <\/p>\n\n<p>Das Zentrum wurde an der Stelle des alten Palastes der Familie Yang\u00fcas aus dem 16. Jahrhundert errichtet, von dem die Eingangshalle, der Bogen der Fassade, das Treppenhaus, die Laubs\u00e4gearbeiten, das Dach und der Balkon erhalten geblieben sind.  Seine Fassade wird von der Figur eines gro\u00dfen Flaschenhalters beherrscht. <\/p>\n\t\t\t\t\t\t\t\t\t<\/div>\n\t\t\t\t\t\t\t\t\t<img decoding=\"async\" src=\"https:\/\/cdn.pilgrim.es\/web\/caminos\/camino-frances\/pueblos\/logrono\/puntos-de-interes\/centro--cultura.jpg\" alt=\"Centro de la Cultura de la Rioja\">\n\t\t\t\t\t\t\t\t<\/div>\n\t\t\t\t\t\t\t<\/div>\n\t\t\t\t\t\t\n\t\t\t\t\t\t\t<div class=\"accordion__accordion-content inactive\">\n\t\t\t\t\t\t\t\t<div>\n\t\t\t\t\t\t\t\t\t<div>\n\t\t\t\t\t\t\t\t\t\t<h4>Cubo de Revell\u00edn y la Muralla<\/h4>\n\t\t\t\t\t\t\t\t\t\t<p>Der Cubo de Revell\u00edn ist eine Festung mit kubischer Struktur, die in perfektem Zustand erhalten ist und eine dokumentarische Ausstellung \u00fcber die Geschichte der Stadtbefestigung beherbergt. In Verbindung mit dieser Festung kann man zwei verschiedene Abschnitte der Stadtmauer besichtigen.\n\n<p>Die Nachbildung der Verteidigungsmauer erm\u00f6glicht es uns zu sehen, wie die Nordfassade der Stadt im 16. und 17.\n\t\t\t\t\t\t\t\t\t<\/div>\n\t\t\t\t\t\t\t\t\t<img decoding=\"async\" src=\"https:\/\/cdn.pilgrim.es\/web\/caminos\/camino-frances\/pueblos\/logrono\/puntos-de-interes\/cubo-revellin.jpg\" alt=\"Cubo de Revell\u00edn y la Muralla\">\n\t\t\t\t\t\t\t\t<\/div>\n\t\t\t\t\t\t\t<\/div>\n\t\t\t\t\t\t\n\t\t\t\t\t\t\t<div class=\"accordion__accordion-content inactive\">\n\t\t\t\t\t\t\t\t<div>\n\t\t\t\t\t\t\t\t\t<div>\n\t\t\t\t\t\t\t\t\t\t<h4>Edificio de Correos<\/h4>\n\t\t\t\t\t\t\t\t\t\t<p>Mit dem Bau des Postgeb\u00e4udes wurde 1927 begonnen, eingeweiht wurde es jedoch erst 1932. Es ist ein Werk der neobarocken Architektur des Architekten Agapito del Valle, das an der Stelle des ehemaligen Klosters der Augustinerinnen errichtet wurde.\n\t\t\t\t\t\t\t\t\t<\/div>\n\t\t\t\t\t\t\t\t\t<img decoding=\"async\" src=\"https:\/\/cdn.pilgrim.es\/web\/caminos\/camino-frances\/pueblos\/logrono\/puntos-de-interes\/edificio-correos.jpg\" alt=\"Edificio de Correos\">\n\t\t\t\t\t\t\t\t<\/div>\n\t\t\t\t\t\t\t<\/div>\n\t\t\t\t\t\t\n\t\t\t\t\t\t\t<div class=\"accordion__accordion-content inactive\">\n\t\t\t\t\t\t\t\t<div>\n\t\t\t\t\t\t\t\t\t<div>\n\t\t\t\t\t\t\t\t\t\t<h4>Edificio del Parlamento<\/h4>\n\t\t\t\t\t\t\t\t\t\t<p>Das Parlamentsgeb\u00e4ude von La Rioja ist das ehemalige Kloster La Merced, dessen Urspr\u00fcnge auf das 14. Jahrhundert zur\u00fcckgehen, auch wenn fast das gesamte Geb\u00e4ude im 16. <\/p>\n\n<p>Das von der Stadtmauer umgebene Kloster befand sich an einem der Stadttore. Im Laufe der Zeit wurde das Geb\u00e4ude auf unterschiedlichste Art und Weise genutzt. Im Jahr 1820 diente es als Kaserne, ein Jahrzehnt sp\u00e4ter wurde es als Lazarett, Lager, Artilleriepark und Gef\u00e4ngnis genutzt. Zwischen 1847 und 1868 war es Sitz der Karmeliterinnen. In diesem Jahr wurde das Geb\u00e4ude gegen einige Grundst\u00fccke eingetauscht und per k\u00f6niglichem Erlass an die Stadtverwaltung von Logro\u00f1o \u00fcbergeben. Infolge der Karlistenkriege verlor es seinen st\u00e4dtischen Besitz und ging in milit\u00e4rische H\u00e4nde \u00fcber.\n\t\t\t\t\t\t\t\t\t<\/div>\n\t\t\t\t\t\t\t\t\t<img decoding=\"async\" src=\"https:\/\/cdn.pilgrim.es\/web\/caminos\/camino-frances\/pueblos\/logrono\/puntos-de-interes\/parlamento.jpg\" alt=\"Edificio del Parlamento\">\n\t\t\t\t\t\t\t\t<\/div>\n\t\t\t\t\t\t\t<\/div>\n\t\t\t\t\t\t\n\t\t\t\t\t\t\t<div class=\"accordion__accordion-content inactive\">\n\t\t\t\t\t\t\t\t<div>\n\t\t\t\t\t\t\t\t\t<div>\n\t\t\t\t\t\t\t\t\t\t<h4>Fuente del Peregrino<\/h4>\n\t\t\t\t\t\t\t\t\t\t<p>Der Pilgerbrunnen befindet sich einige Meter vor der Rampe, die zur Kirche von Santiago f\u00fchrt. Der Brunnen ist aus Stein gebaut und besteht aus einer niedrigen bogenf\u00f6rmigen Figur, die von zwei S\u00e4ulen, einem Fries und einem Giebel flankiert wird.\n\n<p>Obwohl das genaue Baujahr nicht bekannt ist, gibt es Hinweise auf einen Umbau, der 1675 durchgef\u00fchrt wurde, obwohl alles darauf hindeutet, dass er \u00e4lter ist. Seitdem versorgen die beiden Wasserspeier die Pilger auf ihrem Weg nach Santiago auf dem Franz\u00f6sischen Weg, wo sich der Brunnen befindet, mit frischem Wasser. <\/p>\n\t\t\t\t\t\t\t\t\t<\/div>\n\t\t\t\t\t\t\t\t\t<img decoding=\"async\" src=\"https:\/\/cdn.pilgrim.es\/web\/caminos\/camino-frances\/pueblos\/logrono\/puntos-de-interes\/fuente-peregrinos.jpg\" alt=\"Fuente del Peregrino\">\n\t\t\t\t\t\t\t\t<\/div>\n\t\t\t\t\t\t\t<\/div>\n\t\t\t\t\t\t\n\t\t\t\t\t\t\t<div class=\"accordion__accordion-content inactive\">\n\t\t\t\t\t\t\t\t<div>\n\t\t\t\t\t\t\t\t\t<div>\n\t\t\t\t\t\t\t\t\t\t<h4>Iglesia de Santiago<\/h4>\n\t\t\t\t\t\t\t\t\t\t<p>Die Urspr\u00fcnge der Jakobskirche gehen auf das Jahr 844 zur\u00fcck, als Arcadius, ein Sch\u00fcler des Apostels, die erste Kirche zu Ehren des Heiligen erbaute.<\/p> <p>Die Jakobskirche wurde 844 gegr\u00fcndet, als Arcadius, ein Sch\u00fcler des Apostels, die erste Kirche zu Ehren des Heiligen erbaute.\n\n<p>Diese erste Kirche wurde mehrmals vergr\u00f6\u00dfert und um 1500 durch einen Brand zerst\u00f6rt. Mit dem Bau der heutigen Kirche wurde unmittelbar nach der Zerst\u00f6rung der urspr\u00fcnglichen Kirche durch die Flammen begonnen. <\/p>\n\t\t\t\t\t\t\t\t\t<\/div>\n\t\t\t\t\t\t\t\t\t<img decoding=\"async\" src=\"https:\/\/cdn.pilgrim.es\/web\/caminos\/camino-frances\/pueblos\/logrono\/puntos-de-interes\/iglesia-santiago.jpg\" alt=\"Iglesia de Santiago\">\n\t\t\t\t\t\t\t\t<\/div>\n\t\t\t\t\t\t\t<\/div>\n\t\t\t\t\t\t\n\t\t\t\t\t\t\t<div class=\"accordion__accordion-content inactive\">\n\t\t\t\t\t\t\t\t<div>\n\t\t\t\t\t\t\t\t\t<div>\n\t\t\t\t\t\t\t\t\t\t<h4>Iglesia de San Bartolom\u00e9<\/h4>\n\t\t\t\t\t\t\t\t\t\t<p>Die Kirche San Bartolom\u00e9 ist die \u00e4lteste der in der Stadt erhaltenen Kirchen. Sie wurde in den ersten Jahren des 13. Jahrhunderts erbaut, wahrscheinlich an der Stelle einer alten Kirche, die bereits existierte. Ihre Struktur besteht aus einem dreifachen Schiff, einem Querschiff, drei Schiffen und einem Turm. Die Decke und der Grundriss stammen aus der Romanik, und je n\u00e4her man dem Hauptportal kommt, desto mehr wird der gotische Stil vorherrschend. Bei den Umbauten im 16. Jahrhundert wurden neue S\u00e4ulen, ein \u00fcberdachtes Gew\u00f6lbe und ein Chor am Eingang hinzugef\u00fcgt.\n\t\t\t\t\t\t\t\t\t<\/div>\n\t\t\t\t\t\t\t\t\t<img decoding=\"async\" src=\"https:\/\/cdn.pilgrim.es\/web\/caminos\/camino-frances\/pueblos\/logrono\/puntos-de-interes\/iglesia-san-bartolome.jpg\" alt=\"Iglesia de San Bartolom\u00e9\">\n\t\t\t\t\t\t\t\t<\/div>\n\t\t\t\t\t\t\t<\/div>\n\t\t\t\t\t\t\n\t\t\t\t\t\t\t<div class=\"accordion__accordion-content inactive\">\n\t\t\t\t\t\t\t\t<div>\n\t\t\t\t\t\t\t\t\t<div>\n\t\t\t\t\t\t\t\t\t\t<h4>Imperial Iglesia de Santa Mar\u00eda Palacio<\/h4>\n\t\t\t\t\t\t\t\t\t\t<p>Die Kirche Santa Maria del Palacio steht an der Stelle einer alten Kirche, die vom Orden des Heiligen Grabes gegr\u00fcndet wurde, und stammt aus der zweiten H\u00e4lfte des 12. <\/p>\n\t\t\t\t\t\t\t\t\t<\/div>\n\t\t\t\t\t\t\t\t\t<img decoding=\"async\" src=\"https:\/\/cdn.pilgrim.es\/web\/caminos\/camino-frances\/pueblos\/logrono\/puntos-de-interes\/iglesia-santa-maria-palacio.jpg\" alt=\"Imperial Iglesia de Santa Mar\u00eda Palacio\">\n\t\t\t\t\t\t\t\t<\/div>\n\t\t\t\t\t\t\t<\/div>\n\t\t\t\t\t\t\n\t\t\t\t\t\t\t<div class=\"accordion__accordion-content inactive\">\n\t\t\t\t\t\t\t\t<div>\n\t\t\t\t\t\t\t\t\t<div>\n\t\t\t\t\t\t\t\t\t\t<h4>Marqu\u00e9s de Murrieta<\/h4>\n\t\t\t\t\t\t\t\t\t\t<p>Marqu\u00e9s de Murrieta ist ein hundertj\u00e4hriges Projekt aus dem Jahr 1852. Ein Traum, den der Marqu\u00e9s de Murrieta, ein geb\u00fcrtiger Logro\u00f1o und Riojaner durch Adoption, hatte.\n\n<p>Von 1983 bis heute leitet die Familie Cebri\u00e1n-Sagarriga unter der F\u00fchrung von Vicente Dalmau Cebri\u00e1n Sagarriga, Graf von Creixell, das Weingut und seine 300 Hektar Weinberge. <\/p>\n\n<\/p> <p> <\/p> &lt;p\n\t\t\t\t\t\t\t\t\t<\/div>\n\t\t\t\t\t\t\t\t\t<img decoding=\"async\" src=\"https:\/\/cdn.pilgrim.es\/web\/caminos\/camino-frances\/pueblos\/logrono\/puntos-de-interes\/marques-murrieta.jpg\" alt=\"Marqu\u00e9s de Murrieta\">\n\t\t\t\t\t\t\t\t<\/div>\n\t\t\t\t\t\t\t<\/div>\n\t\t\t\t\t\t\n\t\t\t\t\t\t\t<div class=\"accordion__accordion-content inactive\">\n\t\t\t\t\t\t\t\t<div>\n\t\t\t\t\t\t\t\t\t<div>\n\t\t\t\t\t\t\t\t\t\t<h4>Museo de La Rioja<\/h4>\n\t\t\t\t\t\t\t\t\t\t<p>Das 1971 er\u00f6ffnete Museum von La Rioja befindet sich im Espartero-Palast, dessen Hauptfassade auf die Plaza de San Agust\u00edn ausgerichtet ist. Es ist ein Geb\u00e4ude im Barockstil, das General Espartero nach seinem R\u00fcckzug aus der Politik nutzte, um mit seiner Frau Jacinta Mart\u00ednez de Sicilia zu leben.\n\t\t\t\t\t\t\t\t\t<\/div>\n\t\t\t\t\t\t\t\t\t<img decoding=\"async\" src=\"https:\/\/cdn.pilgrim.es\/web\/caminos\/camino-frances\/pueblos\/logrono\/puntos-de-interes\/museo-la-rioja.jpg\" alt=\"Museo de La Rioja\">\n\t\t\t\t\t\t\t\t<\/div>\n\t\t\t\t\t\t\t<\/div>\n\t\t\t\t\t\t\n\t\t\t\t\t\t\t<div class=\"accordion__accordion-content inactive\">\n\t\t\t\t\t\t\t\t<div>\n\t\t\t\t\t\t\t\t\t<div>\n\t\t\t\t\t\t\t\t\t\t<h4>Campo Viejo<\/h4>\n\t\t\t\t\t\t\t\t\t\t<p>El Campo Viejo wurde im Jahr 2001 unter dem Namen der neuen Kellerei Campo Viejo eingeweiht. Bei der Renovierung der Weinkellerei wurde ein Gleichgewicht zwischen \u00d6nologie und Architektur angestrebt, mit dem Ziel, ihre Nachhaltigkeit im Laufe der Zeit zu gew\u00e4hrleisten. So entstand dieser Tempel, der heute eine Spitzenposition auf dem internationalen Weinmarkt einnimmt.\n\n<p>Weine wie Campo Viejo, Alcorta, Azpilicueta sind der Beweis daf\u00fcr. Die erste und einzige Weinkellerei in Rioja, die mit dem Q f\u00fcr Qualit\u00e4tstourismus zertifiziert ist.\n\t\t\t\t\t\t\t\t\t<\/div>\n\t\t\t\t\t\t\t\t\t<img decoding=\"async\" src=\"https:\/\/cdn.pilgrim.es\/web\/caminos\/camino-frances\/pueblos\/logrono\/puntos-de-interes\/castillo-clavijo.jpg\" alt=\"Campo Viejo\">\n\t\t\t\t\t\t\t\t<\/div>\n\t\t\t\t\t\t\t<\/div>\n\t\t\t\t\t\t\n\t\t\t\t\t\t\t<div class=\"accordion__accordion-content inactive\">\n\t\t\t\t\t\t\t\t<div>\n\t\t\t\t\t\t\t\t\t<div>\n\t\t\t\t\t\t\t\t\t\t<h4>Palacio de Congresos<\/h4>\n\t\t\t\t\t\t\t\t\t\t<p>Der Palacio de Congresos de Logro\u00f1o, auch bekannt unter dem Spitznamen Rioja Forum, ist das Auditorium mit dem gr\u00f6\u00dften Fassungsverm\u00f6gen der Stadt. Er befindet sich in der Enklave Parque de la Ribera und wurde 2004 mit einem Fassungsverm\u00f6gen von rund dreitausend Personen eingeweiht. <\/p>\n\n<p>Es verf\u00fcgt \u00fcber drei Etagen, die ein Auditorium, einen Kammersaal, einen Ausstellungssaal und einen Festsaal umfassen. Er wurde f\u00fcr die Durchf\u00fchrung von Gro\u00dfveranstaltungen und alle Arten von Kongressen und Ausstellungen konzipiert.\n\t\t\t\t\t\t\t\t\t<\/div>\n\t\t\t\t\t\t\t\t\t<img decoding=\"async\" src=\"https:\/\/cdn.pilgrim.es\/web\/caminos\/camino-frances\/pueblos\/logrono\/puntos-de-interes\/palacio-congresos.jpg\" alt=\"Palacio de Congresos\">\n\t\t\t\t\t\t\t\t<\/div>\n\t\t\t\t\t\t\t<\/div>\n\t\t\t\t\t\t\n\t\t\t\t\t\t\t<div class=\"accordion__accordion-content inactive\">\n\t\t\t\t\t\t\t\t<div>\n\t\t\t\t\t\t\t\t\t<div>\n\t\t\t\t\t\t\t\t\t\t<h4>Palacio Marqu\u00e9s de Monasterio<\/h4>\n\t\t\t\t\t\t\t\t\t\t<p>Der Palast des Marqu\u00e9s de Monesterio, der sich in der Gegend von Herrer\u00edas befindet und heute Sitz der Sozialversicherung von Logro\u00f1o ist, ist ein deutliches Beispiel f\u00fcr die Architektur der Renaissance.  Jahrhundert, als Francisco de Tejada und seine Frau In\u00e9s de Sesma in der Gegend von Herrer\u00edas ein Haus errichteten, aus dem der heutige Palast hervorging, der noch an Bedeutung gewinnen sollte, als Juan de Tejada und seine Frau Leonor de Z\u00fa\u00f1iga das Haus sp\u00e4ter bis zur Kirche San Bartolom\u00e9 erweiterten. <\/p>\n\n<p>Im 18. Jahrhundert, als sich das Geb\u00e4ude im Besitz der Markgrafen von Monesterio befand, wurde der letzte Anbau abgerissen und der heutige Palast errichtet. Im Laufe des 19. Jahrhunderts verfiel das Haus allm\u00e4hlich und wurde im ersten Jahrzehnt des 21. Jahrhunderts zum letzten Mal restauriert. <\/p>\n\t\t\t\t\t\t\t\t\t<\/div>\n\t\t\t\t\t\t\t\t\t<img decoding=\"async\" src=\"https:\/\/cdn.pilgrim.es\/web\/caminos\/camino-frances\/pueblos\/logrono\/puntos-de-interes\/palacio-marques-monesterio.jpg\" alt=\"Palacio Marqu\u00e9s de Monasterio\">\n\t\t\t\t\t\t\t\t<\/div>\n\t\t\t\t\t\t\t<\/div>\n\t\t\t\t\t\t\n\t\t\t\t\t\t\t<div class=\"accordion__accordion-content inactive\">\n\t\t\t\t\t\t\t\t<div>\n\t\t\t\t\t\t\t\t\t<div>\n\t\t\t\t\t\t\t\t\t\t<h4>Parque de La Grajera<\/h4>\n\t\t\t\t\t\t\t\t\t\t<p>Der Grajera-Park ist eine beeindruckende Anlage, die sich \u00fcber mehr als vierhundert Hektar Land erstreckt und deren Markenzeichen der im letzten Drittel des 19. Jahrhunderts errichtete Stausee ist, der einst nur ein kleiner See war. <\/p>\n\t\t\t\t\t\t\t\t\t<\/div>\n\t\t\t\t\t\t\t\t\t<img decoding=\"async\" src=\"https:\/\/cdn.pilgrim.es\/web\/caminos\/camino-frances\/pueblos\/logrono\/puntos-de-interes\/la-grajera.jpg\" alt=\"Parque de La Grajera\">\n\t\t\t\t\t\t\t\t<\/div>\n\t\t\t\t\t\t\t<\/div>\n\t\t\t\t\t\t\n\t\t\t\t\t\t\t<div class=\"accordion__accordion-content inactive\">\n\t\t\t\t\t\t\t\t<div>\n\t\t\t\t\t\t\t\t\t<div>\n\t\t\t\t\t\t\t\t\t\t<h4>Plaza del Ayuntamiento<\/h4>\n\t\t\t\t\t\t\t\t\t\t<p>Der Rathausplatz ist von dem 1973-1974 vom Architekten Rafael Moneo entworfenen Geb\u00e4ude umgeben, das um 1980 fertiggestellt wurde. Es wurde an der Stelle einer alten Kaserne errichtet und hat das Ziel, die alte mit der neuen Stadt zu verbinden, perfekt erf\u00fcllt. <\/p>\n\n<p>Der gro\u00dfe Platz, auf dem das Rathaus mit seiner Sandsteinfassade majest\u00e4tisch thront, ist nach wie vor ein Mittelpunkt der Stadt. <\/p>\n\n<p>Auf der Mauer erhebt sich die Skulptur der Brunnenfrau, die \u00fcber einem gleichnamigen Brunnen aus Bronze mit zwei Wasserspeiern steht, der im Laufe der Zeit zu einem echten Symbol des Rathauses geworden ist.<\/p> <p>Die Skulptur der Brunnenfrau ist ein Symbol der Stadt.\n\t\t\t\t\t\t\t\t\t<\/div>\n\t\t\t\t\t\t\t\t\t<img decoding=\"async\" src=\"https:\/\/cdn.pilgrim.es\/web\/caminos\/camino-frances\/pueblos\/logrono\/puntos-de-interes\/plaza-ayuntamiento.jpg\" alt=\"Plaza del Ayuntamiento\">\n\t\t\t\t\t\t\t\t<\/div>\n\t\t\t\t\t\t\t<\/div>\n\t\t\t\t\t\t\n\t\t\t\t\t\t\t<div class=\"accordion__accordion-content inactive\">\n\t\t\t\t\t\t\t\t<div>\n\t\t\t\t\t\t\t\t\t<div>\n\t\t\t\t\t\t\t\t\t\t<h4>Puente de Hierro<\/h4>\n\t\t\t\t\t\t\t\t\t\t<p>Die Eiserne Br\u00fccke wurde 1882 eingeweiht und dank ihres Baus verbesserte die Stadt ihre Handelsverbindungen mit dem Norden Spaniens, insbesondere mit dem Baskenland. <\/p>\n\n<p>Die Idee stammte von dem riojanischen Politiker Pr\u00e1xedes Mateo Sagasta, der als Regierungspr\u00e4sident das Projekt zum Bau der Br\u00fccke f\u00f6rderte, die von dem Ingenieur Ferm\u00edn Manso de Z\u00fa\u00f1iga entworfen wurde. <\/p>\n\t\t\t\t\t\t\t\t\t<\/div>\n\t\t\t\t\t\t\t\t\t<img decoding=\"async\" src=\"https:\/\/cdn.pilgrim.es\/web\/caminos\/camino-frances\/pueblos\/logrono\/puntos-de-interes\/puente-hierro.jpg\" alt=\"Puente de Hierro\">\n\t\t\t\t\t\t\t\t<\/div>\n\t\t\t\t\t\t\t<\/div>\n\t\t\t\t\t\t\n\t\t\t\t\t\t\t<div class=\"accordion__accordion-content inactive\">\n\t\t\t\t\t\t\t\t<div>\n\t\t\t\t\t\t\t\t\t<div>\n\t\t\t\t\t\t\t\t\t\t<h4>Bodega Onta\u00f1\u00f3n<\/h4>\n\t\t\t\t\t\t\t\t\t\t<p>Das Museum der Weinkellerei Onta\u00f1\u00f3n wurde dank des riojanischen K\u00fcnstlers Miguel \u00c1ngel S\u00e1inz in einen Tempel der Weinkultur verwandelt. <\/p>\n\n<p>Der Besuch ist eine Reise durch die Geschichte des Weins durch die Mythologie, die in der Entdeckung des Schatzes der Kellerei Onta\u00f1\u00f3n gipfelt: die Weinprobe.<\/p> <p>Der Besuch ist eine Reise durch die Geschichte des Weins durch die Mythologie, die in der Entdeckung des Schatzes der Kellerei Onta\u00f1\u00f3n gipfelt: die Weinprobe.\n\n<p>ZEIT<\/p>\n\n<p>Montag bis Samstag ge\u00f6ffnet von 10:00 bis 14:00 Uhr und von 16:00 bis 19:00 UhrSonntag von 11:00 bis 14:00 Uhr<\/p>\n\n<p>INFORMATIONEN VON INTERESSE<\/p>\n\n<p>Web: www.ontanon.esTel\u00e9fono: 941 234 200 \/ 690 85 85 19<\/p>\n\t\t\t\t\t\t\t\t\t<\/div>\n\t\t\t\t\t\t\t\t\t<img decoding=\"async\" src=\"https:\/\/cdn.pilgrim.es\/web\/caminos\/camino-frances\/pueblos\/logrono\/puntos-de-interes\/bodegas-ontanon.jpg\" alt=\"Bodega Onta\u00f1\u00f3n\">\n\t\t\t\t\t\t\t\t<\/div>\n\t\t\t\t\t\t\t<\/div>\n\t\t\t\t\t\t\n\t\t\t\t\t\t\t<div class=\"accordion__accordion-content inactive\">\n\t\t\t\t\t\t\t\t<div>\n\t\t\t\t\t\t\t\t\t<div>\n\t\t\t\t\t\t\t\t\t\t<h4>Restos de la Antigua Vareia<\/h4>\n\t\t\t\t\t\t\t\t\t\t<p>Die \u00dcberreste des antiken Varela bilden eine arch\u00e4ologische St\u00e4tte r\u00f6mischen Ursprungs. Die meisten dieser \u00dcberreste stammen aus dem 5. Jahrhundert, obwohl es auch fr\u00fchere gibt, von denen man Teile der Behausungen sehen kann, in denen Titus Livius, Plinius, Strabo, Ptolem\u00e4us und andere ber\u00fchmte Pers\u00f6nlichkeiten des Reiches lebten.<\/p> <p>Die \u00dcberreste stammen aus dem 5.\n\t\t\t\t\t\t\t\t\t<\/div>\n\t\t\t\t\t\t\t\t\t<img decoding=\"async\" src=\"https:\/\/cdn.pilgrim.es\/web\/caminos\/camino-frances\/pueblos\/logrono\/puntos-de-interes\/iglesia-santa-maria-palacio.jpg\" alt=\"Restos de la Antigua Vareia\">\n\t\t\t\t\t\t\t\t<\/div>\n\t\t\t\t\t\t\t<\/div>\n\t\t\t\t\t\t\n\t\t\t\t\t\t\t<div class=\"accordion__accordion-content inactive\">\n\t\t\t\t\t\t\t\t<div>\n\t\t\t\t\t\t\t\t\t<div>\n\t\t\t\t\t\t\t\t\t\t<h4>Casa de Mateo de Nuevas<\/h4>\n\t\t\t\t\t\t\t\t\t\t<p>Das Haus Mateo de Nuevas ist das einzige architektonische Zeugnis der Inquisition in ganz Nordspanien und stammt aus dem 18. Jahrhundert. <\/p> <p>Es wurde im 18.\n\n<p>Im Inneren des Tempels, insbesondere in der Kuppel, befindet sich eine Wandmalerei, die das Wappen der Inquisition darstellt. Im Erdgeschoss befindet sich, wie in den meisten H\u00e4usern der Altstadt, ein Raum f\u00fcr die Weinherstellung. <\/p>\n\n<p>Das Haus von Mateo de Nuevas wurde im 18. Jahrhundert erbaut und ist damit das einzige architektonische Zeugnis der spanischen Inquisition, das in Nordspanien existiert.<\/p> <p>Das Haus von Mateo de Nuevas wurde im 18.\n\t\t\t\t\t\t\t\t\t<\/div>\n\t\t\t\t\t\t\t\t\t<img decoding=\"async\" src=\"https:\/\/cdn.pilgrim.es\/web\/caminos\/camino-frances\/pueblos\/logrono\/puntos-de-interes\/sala-amos.jpg\" alt=\"Casa de Mateo de Nuevas\">\n\t\t\t\t\t\t\t\t<\/div>\n\t\t\t\t\t\t\t<\/div>\n\t\t\t\t\t\t\n\t\t\t\t\t\t\t<div class=\"accordion__accordion-content inactive\">\n\t\t\t\t\t\t\t\t<div>\n\t\t\t\t\t\t\t\t\t<div>\n\t\t\t\t\t\t\t\t\t\t<h4>Concatedral de la Redonda<\/h4>\n\t\t\t\t\t\t\t\t\t\t<p>Bei der Co-Kathedrale von La Redonda ist die Fassade mit der Ofenstruktur hervorzuheben, an deren Seiten zwei T\u00fcrme aus dem 18. Jahrhundert stehen, die als &#8222;die Zwillinge&#8220; bekannt sind und im Barockstil gehalten sind.<\/p> <p>Die Fassade des Turms ist im Barockstil gehalten.\n\n<p>Das Hauptportal f\u00fchrt auf den Platz und weist einen gro\u00dfen Altaraufsatz aus Stein auf, der von korinthischen S\u00e4ulen eingerahmt und von einem Tor gesch\u00fctzt wird, das den Zugang zur Kapelle Santo Cristo erm\u00f6glicht. Das Querschiff des Tempels wird von einem Ofengew\u00f6lbe gekr\u00f6nt, in dem wir die Reliefdarstellungen der vier Evangelisten bewundern k\u00f6nnen.\n\t\t\t\t\t\t\t\t\t<\/div>\n\t\t\t\t\t\t\t\t\t<img decoding=\"async\" src=\"https:\/\/cdn.pilgrim.es\/web\/caminos\/camino-frances\/pueblos\/logrono\/puntos-de-interes\/concatedral-la-redonda.jpg\" alt=\"Concatedral de la Redonda\">\n\t\t\t\t\t\t\t\t<\/div>\n\t\t\t\t\t\t\t<\/div>\n\t\t\t\t\t\t\n\t\t\t\t\t\t\t<div class=\"accordion__accordion-content inactive\">\n\t\t\t\t\t\t\t\t<div>\n\t\t\t\t\t\t\t\t\t<div>\n\t\t\t\t\t\t\t\t\t\t<h4>Sala Am\u00f3s Salvador<\/h4>\n\t\t\t\t\t\t\t\t\t\t<p>Der Sala Am\u00f3s Salvador ist einer der wichtigsten Veranstaltungsorte f\u00fcr zeitgen\u00f6ssische Kultur in Logro\u00f1o. Er befindet sich in einem der Geb\u00e4ude, die fr\u00fcher Teil der Tabakfabrik waren. Jedes Jahr werden hier die ber\u00fchmtesten Werke und K\u00fcnstler der Gegenwart ausgestellt, seien es Maler, Bildhauer, Fotografen oder Fachleute aus anderen k\u00fcnstlerischen Bereichen.\n\t\t\t\t\t\t\t\t\t<\/div>\n\t\t\t\t\t\t\t\t\t<img decoding=\"async\" src=\"https:\/\/cdn.pilgrim.es\/web\/caminos\/camino-frances\/pueblos\/logrono\/puntos-de-interes\/sala-amos.jpg\" alt=\"Sala Am\u00f3s Salvador\">\n\t\t\t\t\t\t\t\t<\/div>\n\t\t\t\t\t\t\t<\/div>\n\t\t\t\t\t\t\n\t\t\t\t\t\t\t<div class=\"accordion__accordion-content inactive\">\n\t\t\t\t\t\t\t\t<div>\n\t\t\t\t\t\t\t\t\t<div>\n\t\t\t\t\t\t\t\t\t\t<h4>Bodega Marqu\u00e9s de Vargas<\/h4>\n\t\t\t\t\t\t\t\t\t\t<p>Das Weingut Marqu\u00e9s de Vargas wurde 1989 erbaut und befindet sich im Zentrum des Landguts Pradolagar. Es ist ein Weingut mit einer reichen Geschichte: Bereits 1840 baute Don Felipe de la Mata, der achte Marquis de Vargas, die ersten Weinberge auf seinem Land in der N\u00e4he von Logro\u00f1o an.\n\n<p>Das als &#8222;Chateau&#8220; bekannte Weingut stellt drei erstklassige Rotweine her: Marqu\u00e9s de Vargas Reserva, M. Vargas Reserva Privada und Hacienda Pradolagar mit ausgew\u00e4hlten Trauben aus eigenen Weinbergen mit begrenzter Produktion.\n\t\t\t\t\t\t\t\t\t<\/div>\n\t\t\t\t\t\t\t\t\t<img decoding=\"async\" src=\"https:\/\/cdn.pilgrim.es\/web\/caminos\/camino-frances\/pueblos\/logrono\/puntos-de-interes\/marques-vargas.jpg\" alt=\"Bodega Marqu\u00e9s de Vargas\">\n\t\t\t\t\t\t\t\t<\/div>\n\t\t\t\t\t\t\t<\/div>\n\t\t\t\t\t\t\n\t\t\t\t\t<\/div>\n\t\t\t\t<\/div>\n\t\t\t<\/div>\n\t\t\n\n\t\t<div id=\"phonesSection\">\n\t\t\t<div>\n\t\t\t\t<h2 class=\"p-h3-town\">Informationen von Interesse<\/h2>\n\t\t\t<\/div>\n\t\t\t<div class=\"grid\">\n\t\t\t\t\n\t\t\t\t\t<div class=\"phone-number-item\">\n\t\t\t\t\t\t<div class=\"phone-number-item__icon\"><i class=\"icon-police\"><\/i><\/div>\n\t\t\t\t\t\t<div class=\"phone-number-item__title\">\n\t\t\t\t\t\t\t<h3 class=\"p-font-bold\">Ortspolizei<\/h3>\n\t\t\t\t\t\t\t<p>941 235 011<\/p>\n\t\t\t\t\t\t\t\n\t\t\t\t\t\t<\/div>\n\t\t\t\t\t<\/div>\n\t\t\t\t\n\t\t\t\t\t<div class=\"phone-number-item\">\n\t\t\t\t\t\t<div class=\"phone-number-item__icon\"><i class=\"icon-spanish-military-police\"><\/i><\/div>\n\t\t\t\t\t\t<div class=\"phone-number-item__title\">\n\t\t\t\t\t\t\t<h3 class=\"p-font-bold\">Zivilwache<\/h3>\n\t\t\t\t\t\t\t<p>941 221 100<\/p>\n\t\t\t\t\t\t\t\n\t\t\t\t\t\t<\/div>\n\t\t\t\t\t<\/div>\n\t\t\t\t\n\t\t\t\t\t<div class=\"phone-number-item\">\n\t\t\t\t\t\t<div class=\"phone-number-item__icon\"><i class=\"icon-firefighters\"><\/i><\/div>\n\t\t\t\t\t\t<div class=\"phone-number-item__title\">\n\t\t\t\t\t\t\t<h3 class=\"p-font-bold\">Feuerwehr<\/h3>\n\t\t\t\t\t\t\t<p>941 228 058<\/p>\n\t\t\t\t\t\t\t\n\t\t\t\t\t\t<\/div>\n\t\t\t\t\t<\/div>\n\t\t\t\t\n\t\t\t\t\t<div class=\"phone-number-item\">\n\t\t\t\t\t\t<div class=\"phone-number-item__icon\"><i class=\"icon-civil-protection\"><\/i><\/div>\n\t\t\t\t\t\t<div class=\"phone-number-item__title\">\n\t\t\t\t\t\t\t<h3 class=\"p-font-bold\">Zivilschutz<\/h3>\n\t\t\t\t\t\t\t<p>941 228 604<\/p>\n\t\t\t\t\t\t\t\n\t\t\t\t\t\t<\/div>\n\t\t\t\t\t<\/div>\n\t\t\t\t\n\t\t\t\t\t<div class=\"phone-number-item\">\n\t\t\t\t\t\t<div class=\"phone-number-item__icon\"><i class=\"icon-town-council\"><\/i><\/div>\n\t\t\t\t\t\t<div class=\"phone-number-item__title\">\n\t\t\t\t\t\t\t<h3 class=\"p-font-bold\">Rathaus<\/h3>\n\t\t\t\t\t\t\t<p>941 277 000<\/p>\n\t\t\t\t\t\t\t\n\t\t\t\t\t\t<\/div>\n\t\t\t\t\t<\/div>\n\t\t\t\t\n\t\t\t\t\t<div class=\"phone-number-item\">\n\t\t\t\t\t\t<div class=\"phone-number-item__icon\"><i class=\"icon-hospital\"><\/i><\/div>\n\t\t\t\t\t\t<div class=\"phone-number-item__title\">\n\t\t\t\t\t\t\t<h3 class=\"p-font-bold\">Gesundheitszentrum<\/h3>\n\t\t\t\t\t\t\t<p>941 261 414 \/ 941 509 310<\/p>\n\t\t\t\t\t\t\t\n\t\t\t\t\t\t<\/div>\n\t\t\t\t\t<\/div>\n\t\t\t\t\n\t\t\t\t\t<div class=\"phone-number-item\">\n\t\t\t\t\t\t<div class=\"phone-number-item__icon\"><i class=\"icon-tourism\"><\/i><\/div>\n\t\t\t\t\t\t<div class=\"phone-number-item__title\">\n\t\t\t\t\t\t\t<h3 class=\"p-font-bold\">Fremdenverkehrsamt<\/h3>\n\t\t\t\t\t\t\t<p>941 277 000<\/p>\n\t\t\t\t\t\t\t\n\t\t\t\t\t\t\t\t<p>C\/ Portales, 50<\/p>\n\t\t\t\t\t\t\t\n\t\t\t\t\t\t<\/div>\n\t\t\t\t\t<\/div>\n\t\t\t\t\n\t\t\t<\/div>\n\t\t<\/div>\n\n\t\t<div id=\"clientForm\">\n        <section>\n        <img decoding=\"async\" src=\"https:\/\/cdn.pilgrim.es\/web\/home\/email-contacto.png\" alt=\"contacto\">\n        <div>\n            <p>Wir senden dir deine Planung<\/p>\n            <p>Gib uns deine Daten an und erhalte die Planung deiner Reise per E-Mail <\/p>\n            <form method=\"post\" data-url=\"\/wp-admin\/admin-ajax.php\" id=\"planner--client\" class=\"flag-right form-client\">\n    <div class=\"form-data\">\n        <input name=\"form_id\" type=\"hidden\" value=\"Formulario Leads\">\n        <input name=\"type\" type=\"hidden\" value=\"planner_client\">\n        <input type=\"text\" name=\"nombre\" value=\"\" size=\"40\" class=\"form-control\" aria-required=\"true\" aria-invalid=\"false\" placeholder=\"Name\">\n        <input type=\"email\" name=\"email\" value=\"\" size=\"40\" class=\"form-control\" aria-required=\"true\" aria-invalid=\"false\" placeholder=\"E- Mail\">\n        <input type=\"text\" id=\"phone-input\" name=\"tel\" value=\"\" size=\"40\" class=\"phone-input form-control\" aria-required=\"true\" aria-invalid=\"false\" placeholder=\"Telefon\">\n        <input type=\"hidden\" name=\"telefono\">\n    <\/div>\n    <div class=\"form-checkbox\">\n        <span>\n            Pilgrim Travel, S.L. teilt gem\u00e4\u00df Regulierung 2016\/679 mit, dass die in diesem Formular verwendeten Daten sowohl f\u00fcr die Beantwortung der m\u00f6glichen Anfragen als auch f\u00fcr die Ver\u00f6ffentlichung der Kommentare verwendet werden, mit der Zustimmung des Nutzers. Sie k\u00f6nnen Ihre Rechte in \u00dcbereinstimmung mit unserer Datenschutzbestimmungen aus\u00fcben             <a href=\"https:\/\/www.pilgrim.es\/politica-de-privacidad\/\" target=\"_blank\" rel=\"noopener noreferrer nofollow\">Datenschutzerkl\u00e4rung.<\/a>\n        <\/span>\n    <\/div>\n\n    <div class=\"form-submit\">\n        <button id=\"planner--client-create\" type=\"submit\">Anfrage senden<\/button>\n        <div class=\"loadingDiv\"><i class=\"p-spinner\"><\/i><\/div>\n    <\/div>\n\n    <div class=\"contact-content-form-success\">\n        <p><i class=\"fas fa-check\"><\/i> Das Formular hat sich erfolgreich gesendet.<\/p>\n    <\/div>\n\n    <div class=\"contact-content-form-error\">\n        <span class=\"input-error\"><\/span>\n    <\/div>\n<\/form>        <\/div>\n    <\/section>\n<\/div>\n\n\t\t<div id=\"recomendationSection\">\n\t\t\t<div>\n\t\t\t\t<h2 class=\"p-h2-town\">Empfohlen<\/h2>\n\t\t\t\t<hr>\n\t\t\t\t<h3 class=\"p-h3-town\">Gastronomie<\/h3>\n\t\t\t<\/div>\n\t\t\tLogro\u00f1o hat den Titel der gastronomischen Hauptstadt Spaniens gewonnen, und so ist es nicht verwunderlich, dass es in dieser Gegend viel gutes Essen gibt. Die typischsten Gerichte der riojanischen Gastronomie sind Kartoffeln nach Rioja-Art, Lammkoteletts mit Weinreben, Eier nach Rioja-Art und Thunfisch mit Tomaten, Rippchen mit Weinreben, Migas de Pastor (Hirtenbr\u00f6tchen), Caparrones, Kabeljau nach Rioja-Art, usw. Zu jedem dieser Gerichte sollte jedoch immer ein guter Wein mit der Herkunftsbezeichnung Rioja gereicht werden.\n\nAu\u00dferdem ist es \u00fcblich, dass w\u00e4hrend der Feste San Bernab\u00e9 und San Mateo in jedem Viertel ein anderes Gericht zubereitet wird, wie z. B. Fleischeintopf, Kutteln, Ohren, Kardonenauflauf usw.\n\t\t<\/div>\n\n\n\t\t\n\t\t\t<div id=\"holidaysSection\">\n\t\t\t\t<div>\n\t\t\t\t\t<h2 class=\"p-h2-town\">Empfohlen<\/h2>\n\t\t\t\t\t<hr>\n\t\t\t\t\t<h3 class=\"p-h3-town\">Feste und Pilgerfahrten<\/h3>\n\t\t\t\t<\/div>\n\t\t\t\t<div class=\"grid holidays-grid\">\n\t\t\t\t\t\n\t\t\t\t\t\t<div>\n\t\t\t\t\t\t\t<div class=\"phone-number-item\">\n\t\t\t\t\t\t\t\t<div class=\"phone-number-item__icon\"><i class=\"icon-holiday\"><\/i><\/div>\n\t\t\t\t\t\t\t\t<div class=\"phone-number-item__title dark-text\">\n\t\t\t\t\t\t\t\t\t<p class=\"p-font-bold\">Lokaler Urlaub<\/p>\n\t\t\t\t\t\t\t\t\t<p>21 de septiembre: Fiesta de San Mateo<\/p>\n\t\t\t\t\t\t\t\t<\/div>\n\t\t\t\t\t\t\t<\/div>\n\t\t\t\t\t\t<\/div>\n\t\t\t\t\t\n\t\t\t\t\t\t<div>\n\t\t\t\t\t\t\t<div class=\"phone-number-item\">\n\t\t\t\t\t\t\t\t<div class=\"phone-number-item__icon\"><i class=\"icon-holiday\"><\/i><\/div>\n\t\t\t\t\t\t\t\t<div class=\"phone-number-item__title dark-text\">\n\t\t\t\t\t\t\t\t\t<p class=\"p-font-bold\">Lokaler Urlaub<\/p>\n\t\t\t\t\t\t\t\t\t<p>11 de junio: Fiesta de San Bernab\u00e9<\/p>\n\t\t\t\t\t\t\t\t<\/div>\n\t\t\t\t\t\t\t<\/div>\n\t\t\t\t\t\t<\/div>\n\t\t\t\t\t\n\t\t\t\t<\/div>\n\t\t\t<\/div>\n\t\t\n\t<\/div>\n<\/section>\n\n<div id=\"stage_list_section\"><div class=\"stage-list\">\n    <div class='stage-list__map-card'>\n        <div class='stage-list__map-card__map'>\n            <div class='stage-list__map-card__map__text'>\n                <h2> Pages <\/h2>\n                <p> Zu Fu\u00df<\/p>\n                <p> 0etappen<\/p>\n            <\/div>\n            <div class='stage-list__map-card__map__img'>\n                <img decoding=\"async\" src=\"\" alt=\" mapa \" \/>\n            <\/div>\n        <\/div>\n    <\/div>\n\n    <\/div>\n<\/div> ","protected":false},"excerpt":{"rendered":"<p>Logro\u00f1o &#8249; Zur\u00fcck zur B\u00fchne Logro\u00f1o Einwohner: 151.962 aprox. Bundesland: La Rioja Informationen Get to know Logro\u00f1o Nachdem wir Navarra verlassen haben, betreten wir die L\u00e4ndereien von La Rioja und sto\u00dfen auf eine weitere gro\u00dfe Stadt, Logro\u00f1o. Sie wird vom Fluss Ebro umsp\u00fclt, dem ersten gro\u00dfen Flussbett der Franz\u00f6sischen Route, und galt seit der Antike &hellip; <\/p>\n<p class=\"read_more\"><a href=\"https:\/\/www.pilgrim.es\/de\/franzosischer-weg\/logrono\/\">Leer m\u00e1s<\/a><\/p>\n","protected":false},"author":0,"featured_media":6124,"parent":10659,"menu_order":0,"comment_status":"closed","ping_status":"closed","template":"views\/template-new-web-design.blade.php","meta":{"footnotes":""},"categories":[],"tags":[],"class_list":["post-91057","page","type-page","status-publish","has-post-thumbnail","hentry"],"yoast_head":"<!-- This site is optimized with the Yoast SEO plugin v27.4 - https:\/\/yoast.com\/product\/yoast-seo-wordpress\/ -->\n<title>Logro\u00f1o: Was sehen und wo \u00fcbernachten | Jakobsweg | Pilgrim<\/title>\n<meta name=\"description\" content=\"Logro\u00f1o Entdecken Sie alle Informationen \u00fcber Unterk\u00fcnfte, Anreise, Gastronomie und die wichtigsten Sehensw\u00fcrdigkeiten der Orte am Franz\u00f6sischer Weg\" \/>\n<meta name=\"robots\" content=\"index, follow, max-snippet:-1, max-image-preview:large, max-video-preview:-1\" \/>\n<link rel=\"canonical\" href=\"https:\/\/www.pilgrim.es\/de\/franzosischer-weg\/logrono\/\" \/>\n<meta property=\"og:locale\" content=\"de_DE\" \/>\n<meta property=\"og:type\" content=\"article\" \/>\n<meta property=\"og:title\" content=\"Logro\u00f1o: Was sehen und wo \u00fcbernachten | Jakobsweg | Pilgrim\" \/>\n<meta property=\"og:description\" content=\"Logro\u00f1o Entdecken Sie alle Informationen \u00fcber Unterk\u00fcnfte, Anreise, Gastronomie und die wichtigsten Sehensw\u00fcrdigkeiten der Orte am Franz\u00f6sischer Weg\" \/>\n<meta property=\"og:url\" content=\"https:\/\/www.pilgrim.es\/de\/franzosischer-weg\/logrono\/\" \/>\n<meta property=\"og:site_name\" content=\"Pilgrim\" \/>\n<meta property=\"article:publisher\" content=\"https:\/\/www.facebook.com\/pilgrim.es\/\" \/>\n<meta property=\"og:image\" content=\"https:\/\/www.pilgrim.es\/wp-content\/uploads\/2019\/02\/LogroC3B1o1.jpg\" \/>\n\t<meta property=\"og:image:width\" content=\"700\" \/>\n\t<meta property=\"og:image:height\" content=\"420\" \/>\n\t<meta property=\"og:image:type\" content=\"image\/jpeg\" \/>\n<meta name=\"twitter:card\" content=\"summary_large_image\" \/>\n<meta name=\"twitter:site\" content=\"@pilgrim_es\" \/>\n<meta name=\"twitter:label1\" content=\"Gesch\u00e4tzte Lesezeit\" \/>\n\t<meta name=\"twitter:data1\" content=\"15\u00a0Minuten\" \/>\n<script type=\"application\/ld+json\" class=\"yoast-schema-graph\">{\"@context\":\"https:\\\/\\\/schema.org\",\"@graph\":[{\"@type\":\"WebPage\",\"@id\":\"https:\\\/\\\/www.pilgrim.es\\\/de\\\/franzosischer-weg\\\/logrono\\\/\",\"url\":\"https:\\\/\\\/www.pilgrim.es\\\/de\\\/franzosischer-weg\\\/logrono\\\/\",\"name\":\"Logro\u00f1o: Was sehen und wo \u00fcbernachten | Jakobsweg | Pilgrim\",\"isPartOf\":{\"@id\":\"https:\\\/\\\/www.pilgrim.es\\\/de\\\/#website\"},\"primaryImageOfPage\":{\"@id\":\"https:\\\/\\\/www.pilgrim.es\\\/de\\\/franzosischer-weg\\\/logrono\\\/#primaryimage\"},\"image\":{\"@id\":\"https:\\\/\\\/www.pilgrim.es\\\/de\\\/franzosischer-weg\\\/logrono\\\/#primaryimage\"},\"thumbnailUrl\":\"https:\\\/\\\/www.pilgrim.es\\\/wp-content\\\/uploads\\\/2019\\\/02\\\/LogroC3B1o1.jpg\",\"datePublished\":\"2025-03-17T13:08:56+00:00\",\"description\":\"Logro\u00f1o Entdecken Sie alle Informationen \u00fcber Unterk\u00fcnfte, Anreise, Gastronomie und die wichtigsten Sehensw\u00fcrdigkeiten der Orte am Franz\u00f6sischer Weg\",\"breadcrumb\":{\"@id\":\"https:\\\/\\\/www.pilgrim.es\\\/de\\\/franzosischer-weg\\\/logrono\\\/#breadcrumb\"},\"inLanguage\":\"de\",\"potentialAction\":[{\"@type\":\"ReadAction\",\"target\":[\"https:\\\/\\\/www.pilgrim.es\\\/de\\\/franzosischer-weg\\\/logrono\\\/\"]}]},{\"@type\":\"ImageObject\",\"inLanguage\":\"de\",\"@id\":\"https:\\\/\\\/www.pilgrim.es\\\/de\\\/franzosischer-weg\\\/logrono\\\/#primaryimage\",\"url\":\"https:\\\/\\\/www.pilgrim.es\\\/wp-content\\\/uploads\\\/2019\\\/02\\\/LogroC3B1o1.jpg\",\"contentUrl\":\"https:\\\/\\\/www.pilgrim.es\\\/wp-content\\\/uploads\\\/2019\\\/02\\\/LogroC3B1o1.jpg\",\"width\":700,\"height\":420,\"caption\":\"Logro\u00f1o\"},{\"@type\":\"BreadcrumbList\",\"@id\":\"https:\\\/\\\/www.pilgrim.es\\\/de\\\/franzosischer-weg\\\/logrono\\\/#breadcrumb\",\"itemListElement\":[{\"@type\":\"ListItem\",\"position\":1,\"name\":\"Camino de Santiago\",\"item\":\"https:\\\/\\\/www.pilgrim.es\\\/de\\\/\"},{\"@type\":\"ListItem\",\"position\":2,\"name\":\"Franz\u00f6sischer Weg\",\"item\":\"https:\\\/\\\/www.pilgrim.es\\\/de\\\/franzosischer-weg\\\/\"},{\"@type\":\"ListItem\",\"position\":3,\"name\":\"Logro\u00f1o\"}]},{\"@type\":\"WebSite\",\"@id\":\"https:\\\/\\\/www.pilgrim.es\\\/de\\\/#website\",\"url\":\"https:\\\/\\\/www.pilgrim.es\\\/de\\\/\",\"name\":\"Pilgrim\",\"description\":\"Camino de Santiago | Caminamos Contigo\",\"publisher\":{\"@id\":\"https:\\\/\\\/www.pilgrim.es\\\/de\\\/#organization\"},\"potentialAction\":[{\"@type\":\"SearchAction\",\"target\":{\"@type\":\"EntryPoint\",\"urlTemplate\":\"https:\\\/\\\/www.pilgrim.es\\\/de\\\/?s={search_term_string}\"},\"query-input\":{\"@type\":\"PropertyValueSpecification\",\"valueRequired\":true,\"valueName\":\"search_term_string\"}}],\"inLanguage\":\"de\"},{\"@type\":\"Organization\",\"@id\":\"https:\\\/\\\/www.pilgrim.es\\\/de\\\/#organization\",\"name\":\"Pilgrim Camino de Santiago\",\"url\":\"https:\\\/\\\/www.pilgrim.es\\\/de\\\/\",\"logo\":{\"@type\":\"ImageObject\",\"inLanguage\":\"de\",\"@id\":\"https:\\\/\\\/www.pilgrim.es\\\/de\\\/#\\\/schema\\\/logo\\\/image\\\/\",\"url\":\"https:\\\/\\\/www.pilgrim.es\\\/wp-content\\\/uploads\\\/2019\\\/04\\\/logo_pilgrim.png\",\"contentUrl\":\"https:\\\/\\\/www.pilgrim.es\\\/wp-content\\\/uploads\\\/2019\\\/04\\\/logo_pilgrim.png\",\"width\":512,\"height\":512,\"caption\":\"Pilgrim Camino de Santiago\"},\"image\":{\"@id\":\"https:\\\/\\\/www.pilgrim.es\\\/de\\\/#\\\/schema\\\/logo\\\/image\\\/\"},\"sameAs\":[\"https:\\\/\\\/www.facebook.com\\\/pilgrim.es\\\/\",\"https:\\\/\\\/x.com\\\/pilgrim_es\",\"https:\\\/\\\/www.instagram.com\\\/pilgrim.es\\\/\",\"https:\\\/\\\/www.linkedin.com\\\/company\\\/pilgrim-camino-de-santiago\\\/\",\"https:\\\/\\\/www.pinterest.es\\\/pilgrimcaminodesantiago\\\/\",\"https:\\\/\\\/www.youtube.com\\\/channel\\\/UCIv2ZzFLXVqthkNF32rKedw\\\/featured\"]}]}<\/script>\n<!-- \/ Yoast SEO plugin. -->","yoast_head_json":{"title":"Logro\u00f1o: Was sehen und wo \u00fcbernachten | Jakobsweg | Pilgrim","description":"Logro\u00f1o Entdecken Sie alle Informationen \u00fcber Unterk\u00fcnfte, Anreise, Gastronomie und die wichtigsten Sehensw\u00fcrdigkeiten der Orte am Franz\u00f6sischer Weg","robots":{"index":"index","follow":"follow","max-snippet":"max-snippet:-1","max-image-preview":"max-image-preview:large","max-video-preview":"max-video-preview:-1"},"canonical":"https:\/\/www.pilgrim.es\/de\/franzosischer-weg\/logrono\/","og_locale":"de_DE","og_type":"article","og_title":"Logro\u00f1o: Was sehen und wo \u00fcbernachten | Jakobsweg | Pilgrim","og_description":"Logro\u00f1o Entdecken Sie alle Informationen \u00fcber Unterk\u00fcnfte, Anreise, Gastronomie und die wichtigsten Sehensw\u00fcrdigkeiten der Orte am Franz\u00f6sischer Weg","og_url":"https:\/\/www.pilgrim.es\/de\/franzosischer-weg\/logrono\/","og_site_name":"Pilgrim","article_publisher":"https:\/\/www.facebook.com\/pilgrim.es\/","og_image":[{"width":700,"height":420,"url":"https:\/\/www.pilgrim.es\/wp-content\/uploads\/2019\/02\/LogroC3B1o1.jpg","type":"image\/jpeg"}],"twitter_card":"summary_large_image","twitter_site":"@pilgrim_es","twitter_misc":{"Gesch\u00e4tzte Lesezeit":"15\u00a0Minuten"},"schema":{"@context":"https:\/\/schema.org","@graph":[{"@type":"WebPage","@id":"https:\/\/www.pilgrim.es\/de\/franzosischer-weg\/logrono\/","url":"https:\/\/www.pilgrim.es\/de\/franzosischer-weg\/logrono\/","name":"Logro\u00f1o: Was sehen und wo \u00fcbernachten | Jakobsweg | Pilgrim","isPartOf":{"@id":"https:\/\/www.pilgrim.es\/de\/#website"},"primaryImageOfPage":{"@id":"https:\/\/www.pilgrim.es\/de\/franzosischer-weg\/logrono\/#primaryimage"},"image":{"@id":"https:\/\/www.pilgrim.es\/de\/franzosischer-weg\/logrono\/#primaryimage"},"thumbnailUrl":"https:\/\/www.pilgrim.es\/wp-content\/uploads\/2019\/02\/LogroC3B1o1.jpg","datePublished":"2025-03-17T13:08:56+00:00","description":"Logro\u00f1o Entdecken Sie alle Informationen \u00fcber Unterk\u00fcnfte, Anreise, Gastronomie und die wichtigsten Sehensw\u00fcrdigkeiten der Orte am Franz\u00f6sischer Weg","breadcrumb":{"@id":"https:\/\/www.pilgrim.es\/de\/franzosischer-weg\/logrono\/#breadcrumb"},"inLanguage":"de","potentialAction":[{"@type":"ReadAction","target":["https:\/\/www.pilgrim.es\/de\/franzosischer-weg\/logrono\/"]}]},{"@type":"ImageObject","inLanguage":"de","@id":"https:\/\/www.pilgrim.es\/de\/franzosischer-weg\/logrono\/#primaryimage","url":"https:\/\/www.pilgrim.es\/wp-content\/uploads\/2019\/02\/LogroC3B1o1.jpg","contentUrl":"https:\/\/www.pilgrim.es\/wp-content\/uploads\/2019\/02\/LogroC3B1o1.jpg","width":700,"height":420,"caption":"Logro\u00f1o"},{"@type":"BreadcrumbList","@id":"https:\/\/www.pilgrim.es\/de\/franzosischer-weg\/logrono\/#breadcrumb","itemListElement":[{"@type":"ListItem","position":1,"name":"Camino de Santiago","item":"https:\/\/www.pilgrim.es\/de\/"},{"@type":"ListItem","position":2,"name":"Franz\u00f6sischer Weg","item":"https:\/\/www.pilgrim.es\/de\/franzosischer-weg\/"},{"@type":"ListItem","position":3,"name":"Logro\u00f1o"}]},{"@type":"WebSite","@id":"https:\/\/www.pilgrim.es\/de\/#website","url":"https:\/\/www.pilgrim.es\/de\/","name":"Pilgrim","description":"Camino de Santiago | Caminamos Contigo","publisher":{"@id":"https:\/\/www.pilgrim.es\/de\/#organization"},"potentialAction":[{"@type":"SearchAction","target":{"@type":"EntryPoint","urlTemplate":"https:\/\/www.pilgrim.es\/de\/?s={search_term_string}"},"query-input":{"@type":"PropertyValueSpecification","valueRequired":true,"valueName":"search_term_string"}}],"inLanguage":"de"},{"@type":"Organization","@id":"https:\/\/www.pilgrim.es\/de\/#organization","name":"Pilgrim Camino de Santiago","url":"https:\/\/www.pilgrim.es\/de\/","logo":{"@type":"ImageObject","inLanguage":"de","@id":"https:\/\/www.pilgrim.es\/de\/#\/schema\/logo\/image\/","url":"https:\/\/www.pilgrim.es\/wp-content\/uploads\/2019\/04\/logo_pilgrim.png","contentUrl":"https:\/\/www.pilgrim.es\/wp-content\/uploads\/2019\/04\/logo_pilgrim.png","width":512,"height":512,"caption":"Pilgrim Camino de Santiago"},"image":{"@id":"https:\/\/www.pilgrim.es\/de\/#\/schema\/logo\/image\/"},"sameAs":["https:\/\/www.facebook.com\/pilgrim.es\/","https:\/\/x.com\/pilgrim_es","https:\/\/www.instagram.com\/pilgrim.es\/","https:\/\/www.linkedin.com\/company\/pilgrim-camino-de-santiago\/","https:\/\/www.pinterest.es\/pilgrimcaminodesantiago\/","https:\/\/www.youtube.com\/channel\/UCIv2ZzFLXVqthkNF32rKedw\/featured"]}]}},"_links":{"self":[{"href":"https:\/\/www.pilgrim.es\/de\/wp-json\/wp\/v2\/pages\/91057","targetHints":{"allow":["GET"]}}],"collection":[{"href":"https:\/\/www.pilgrim.es\/de\/wp-json\/wp\/v2\/pages"}],"about":[{"href":"https:\/\/www.pilgrim.es\/de\/wp-json\/wp\/v2\/types\/page"}],"replies":[{"embeddable":true,"href":"https:\/\/www.pilgrim.es\/de\/wp-json\/wp\/v2\/comments?post=91057"}],"version-history":[{"count":0,"href":"https:\/\/www.pilgrim.es\/de\/wp-json\/wp\/v2\/pages\/91057\/revisions"}],"up":[{"embeddable":true,"href":"https:\/\/www.pilgrim.es\/de\/wp-json\/wp\/v2\/pages\/10659"}],"wp:featuredmedia":[{"embeddable":true,"href":"https:\/\/www.pilgrim.es\/de\/wp-json\/wp\/v2\/media\/6124"}],"wp:attachment":[{"href":"https:\/\/www.pilgrim.es\/de\/wp-json\/wp\/v2\/media?parent=91057"}],"wp:term":[{"taxonomy":"category","embeddable":true,"href":"https:\/\/www.pilgrim.es\/de\/wp-json\/wp\/v2\/categories?post=91057"},{"taxonomy":"post_tag","embeddable":true,"href":"https:\/\/www.pilgrim.es\/de\/wp-json\/wp\/v2\/tags?post=91057"}],"curies":[{"name":"wp","href":"https:\/\/api.w.org\/{rel}","templated":true}]}}