{"id":91051,"date":"2025-03-17T13:06:47","date_gmt":"2025-03-17T13:06:47","guid":{"rendered":"https:\/\/www.pilgrim.es\/franzosischer-weg\/estella\/"},"modified":"2025-03-17T13:06:47","modified_gmt":"2025-03-17T13:06:47","slug":"estella","status":"publish","type":"page","link":"https:\/\/www.pilgrim.es\/de\/franzosischer-weg\/estella\/","title":{"rendered":"Estella"},"content":{"rendered":" <section id=\"hero\">\n\t<h1>Estella<\/h1>\n\t<div class=\"hero-grid\">\n\t\t<div class=\"hero-grid__town-col\" data-background=\"https:\/\/cdn.pilgrim.es\/web\/caminos\/camino-frances\/pueblos\/estella\/estella.jpg\">\n\t\t\t<div>\n\t\t\t\t<a class=\"link-to-stage\" href=\"https:\/\/www.pilgrim.es\/camino-frances\/etapa-5-puente-de-la-reina-estella\/\">\n\t\t\t\t\t<p>&#8249; Zur\u00fcck zur B\u00fchne<\/p>\n\t\t\t\t<\/a>\n\n\t\t\t\t<div class=\"town-data\">\n\t\t\t\t\t<h2>Estella<\/h2>\n\t\t\t\t\t<ul>\n\t\t\t\t\t\t<li>Einwohner: 13.695 aprox.<\/li>\n\t\t\t\t\t\t<li>Bundesland: Navarra<\/li>\n\t\t\t\t\t<\/ul>\n\t\t\t\t<\/div>\n\t\t\t<\/div>\n\t\t<\/div>\n\t\t<div class=\"hero-grid__planner-col\"><div\r\n  class=\"p-col-span-1 p-rounded-lg p-px-5 p-h-full\"\r\n  style=\"background-image: url('https:\/\/cdn.pilgrim.es\/web\/pilgrim-planner\/bg-plugin-planificador.webp')\"\r\n  rel=\"preload\"\r\n  fetchpriority=\"high\"\r\n  >\r\n    <div class=\"p-text-center p-pt-5 p-text-white p-text-2xl p-font-semibold\">\r\n      Plane deinen Weg    <\/div>\r\n    <div\r\n            id='primary-app'\r\n            data-name='banner'\r\n            data-api='https:\/\/pathfinder.pilgrim.es\/api\/pathfinder\/v2'\r\n            data-mode='normal'\r\n            data-lang='de'\r\n            data-route='1'\r\n            data-destiny='https:\/\/planificador.pilgrim.es'\r\n            data-modality='1'\r\n            data-inline=''\r\n        ><\/div><\/div><\/div>\n\t<\/div>\n<\/section>\n\n<section id=\"infoTown\">\n\t<div class=\"sections-town\">\n\n\t\t<div id=\"informationSection\">\n\t\t\t<div>\n\t\t\t\t<h2 class=\"p-h2-town\">Informationen<\/h2>\n\t\t\t\t<hr>\n\t\t\t\t<h3 class=\"p-h3-town\">Get to know Estella<\/h3>\n\t\t\t<\/div>\n\t\t\t<p>In seinen Urspr\u00fcngen war Estella eng mit dem Jakobsweg verbunden und war unter dem Namen Lizarra bekannt, ein Name, der noch heute von einigen seiner \u00e4lteren Einwohner verwendet wird. Im Laufe der Jahre wurde aus dem kleinen Dorf eine Stadt, da zu Beginn des 11. Jahrhunderts auf Anordnung des K\u00f6nigs die Route des Jakobswegs ge\u00e4ndert wurde, was die Er\u00f6ffnung von Einrichtungen in der Gegend f\u00f6rderte.<\/p> <p>Die Stadt verf\u00fcgt \u00fcber eine Mauer, die gebaut wurde, um allen Pilgern, die in Estella ankamen und dort \u00fcbernachteten, Schutz und Sicherheit zu bieten.<\/p> <p>Die Stadt verf\u00fcgt \u00fcber eine Mauer, die gebaut wurde, um allen Pilgern, die in Estella ankamen und dort \u00fcbernachteten, Schutz und Sicherheit zu bieten.<\/p> <p>Die Stadt verf\u00fcgt \u00fcber eine Mauer, die gebaut wurde, um allen Pilgern, die in Estella ankamen und dort \u00fcbernachteten, Schutz und Sicherheit zu bieten.\n\t\t<\/div>\n\n\t\t<div id=\"locationSection\">\n\t\t\t<div>\n\t\t\t\t<h2 class=\"p-h2-town\">Standort<\/h2>\n\t\t\t\t<hr>\n\t\t\t\t<h3 class=\"p-h3-town\">Wegbeschreibung<\/h3>\n\t\t\t<\/div>\n\t\t\t<p>Die Stadt Estella ist vor allem \u00fcber die Autobahn A-12, die so genannte Autov\u00eda del Camino, zu erreichen. Sie verbindet Pamplona und Logro\u00f1o, so dass die Stadt Estella auf halbem Weg zwischen den beiden St\u00e4dten liegt, aber auch auf halbem Weg zwischen San Sebasti\u00e1n und Vitoria.\n\n<p>Wenn Sie sich entscheiden, die Stadt mit \u00f6ffentlichen Verkehrsmitteln zu erreichen, ist der Bus die empfehlenswerteste Option. Das Unternehmen Estellesa verbindet die Stadt Estella t\u00e4glich und mit hoher Frequenz mit Pamplona, Logro\u00f1o, Madrid, San Sebasti\u00e1n und Vitoria.\n\t\t\t<div>\n\t\t\t\t<div>\n  <iframe loading=\"lazy\"\n    src=\"https:\/\/www.google.com\/maps\/d\/embed?mid=1W_3_DqZHIaLUg9FEY5pqI1kf_H7J1pY&amp;ehbc=2E312F\"\n    width=\"640\"\n    height=\"480\"\n    alt=\"Mapa Estella\"\n  ><\/iframe>\n<\/div>\n\n\t\t\t<\/div>\n\t\t<\/div>\n\n\t\t\n\t\t\t<div id=\"toVisitSection\">\n\t\t\t\t<div>\n\t\t\t\t\t<h2 class=\"p-h2-town\">Geschichte \/ Kultur<\/h2>\n\t\t\t\t\t<hr>\n\t\t\t\t\t<h3 class=\"p-h3-town\">Was es zu sehen gibt<\/h3>\n\t\t\t\t<\/div>\n\t\t\t\t<div>\n\t\t\t\t\t<div class=\"accordion\">\n\t\t\t\t\t\t<div class=\"accordion__menu\">\n\t\t\t\t\t\t\t<nav>\n\t\t\t\t\t\t\t\t\n\t\t\t\t\t\t\t\t\t<button class=\"nav-tab-accordion active\"><span>&#10093;<\/span><span> Casa Consistorial<\/span><\/button>\n\t\t\t\t\t\t\t\t\n\t\t\t\t\t\t\t\t\t<button class=\"nav-tab-accordion \"><span>&#10093;<\/span><span> Palacio San Crist\u00f3bal<\/span><\/button>\n\t\t\t\t\t\t\t\t\n\t\t\t\t\t\t\t\t\t<button class=\"nav-tab-accordion \"><span>&#10093;<\/span><span> Bas\u00edlica del Puy<\/span><\/button>\n\t\t\t\t\t\t\t\t\n\t\t\t\t\t\t\t\t\t<button class=\"nav-tab-accordion \"><span>&#10093;<\/span><span> Convento de Concepcionistas Recoletas<\/span><\/button>\n\t\t\t\t\t\t\t\t\n\t\t\t\t\t\t\t\t\t<button class=\"nav-tab-accordion \"><span>&#10093;<\/span><span> Convento de Santa Clara<\/span><\/button>\n\t\t\t\t\t\t\t\t\n\t\t\t\t\t\t\t\t\t<button class=\"nav-tab-accordion \"><span>&#10093;<\/span><span> Convento de Santo Domingo<\/span><\/button>\n\t\t\t\t\t\t\t\t\n\t\t\t\t\t\t\t\t\t<button class=\"nav-tab-accordion \"><span>&#10093;<\/span><span> Iglesia de San Juan<\/span><\/button>\n\t\t\t\t\t\t\t\t\n\t\t\t\t\t\t\t\t\t<button class=\"nav-tab-accordion \"><span>&#10093;<\/span><span> Iglesia de San Miguel<\/span><\/button>\n\t\t\t\t\t\t\t\t\n\t\t\t\t\t\t\t\t\t<button class=\"nav-tab-accordion \"><span>&#10093;<\/span><span> Iglesia de San Pedro de la R\u00faa<\/span><\/button>\n\t\t\t\t\t\t\t\t\n\t\t\t\t\t\t\t\t\t<button class=\"nav-tab-accordion \"><span>&#10093;<\/span><span> Iglesia del Santo Sepulcro<\/span><\/button>\n\t\t\t\t\t\t\t\t\n\t\t\t\t\t\t\t\t\t<button class=\"nav-tab-accordion \"><span>&#10093;<\/span><span> Muralla urbana de Estella<\/span><\/button>\n\t\t\t\t\t\t\t\t\n\t\t\t\t\t\t\t\t\t<button class=\"nav-tab-accordion \"><span>&#10093;<\/span><span> Museo del Carlismo<\/span><\/button>\n\t\t\t\t\t\t\t\t\n\t\t\t\t\t\t\t\t\t<button class=\"nav-tab-accordion \"><span>&#10093;<\/span><span> Palacio de los Reyes de Navarra<\/span><\/button>\n\t\t\t\t\t\t\t\t\n\t\t\t\t\t\t\t\t\t<button class=\"nav-tab-accordion \"><span>&#10093;<\/span><span> Palacio del Gobernador<\/span><\/button>\n\t\t\t\t\t\t\t\t\n\t\t\t\t\t\t\t\t\t<button class=\"nav-tab-accordion \"><span>&#10093;<\/span><span> Manantial de agua salada<\/span><\/button>\n\t\t\t\t\t\t\t\t\n\t\t\t\t\t\t\t\t\t<button class=\"nav-tab-accordion \"><span>&#10093;<\/span><span> Fuente de Los Chorros<\/span><\/button>\n\t\t\t\t\t\t\t\t\n\t\t\t\t\t\t\t\t\t<button class=\"nav-tab-accordion \"><span>&#10093;<\/span><span> Puente de la C\u00e1rcel<\/span><\/button>\n\t\t\t\t\t\t\t\t\n\t\t\t\t\t\t\t\t\t<button class=\"nav-tab-accordion \"><span>&#10093;<\/span><span> Iglesia Santa Mar\u00eda de Jus del Castillo<\/span><\/button>\n\t\t\t\t\t\t\t\t\n\t\t\t\t\t\t\t\t\t<button class=\"nav-tab-accordion \"><span>&#10093;<\/span><span> Antiguo Palacio de la Justicia<\/span><\/button>\n\t\t\t\t\t\t\t\t\n\t\t\t\t\t\t\t\t\t<button class=\"nav-tab-accordion \"><span>&#10093;<\/span><span> Bas\u00edlica de Nuestra Se\u00f1ora de Rocamador<\/span><\/button>\n\t\t\t\t\t\t\t\t\n\t\t\t\t\t\t\t<\/nav>\n\t\t\t\t\t\t<\/div>\n\n\t\t\t\t\t\t\n\t\t\t\t\t\t\t<div class=\"accordion__accordion-content \">\n\t\t\t\t\t\t\t\t<div>\n\t\t\t\t\t\t\t\t\t<div>\n\t\t\t\t\t\t\t\t\t\t<h4>Casa Consistorial<\/h4>\n\t\t\t\t\t\t\t\t\t\t<p>Das Rathaus wurde zu Beginn des 20. Jahrhunderts in einem eklektischen Stil erbaut. Es befindet sich auf dem ehemaligen Gel\u00e4nde des Klosters von San Francisco. <\/p>\n\n<p>W\u00e4hrend des dritten Karlistenkrieges diente es als Milit\u00e4rfestung, die von den liberalen Truppen verteidigt und am 25. August 1873 vom Karlistengeneral Dorregaray in Anwesenheit von Don Carlos erobert wurde. <\/p>\n\n<p>Nachdem sie von den Minen zerst\u00f6rt, verbrannt und dem Erdboden gleichgemacht wurde, wurden auf ihren Fundamenten die st\u00e4dtischen Schulen und das heutige Rathaus errichtet.\n\t\t\t\t\t\t\t\t\t<\/div>\n\t\t\t\t\t\t\t\t\t<img decoding=\"async\" src=\"https:\/\/cdn.pilgrim.es\/web\/caminos\/camino-frances\/pueblos\/estella\/puntos-de-interes\/casa-consistorial.jpg\" alt=\"Casa Consistorial\">\n\t\t\t\t\t\t\t\t<\/div>\n\t\t\t\t\t\t\t<\/div>\n\t\t\t\t\t\t\n\t\t\t\t\t\t\t<div class=\"accordion__accordion-content inactive\">\n\t\t\t\t\t\t\t\t<div>\n\t\t\t\t\t\t\t\t\t<div>\n\t\t\t\t\t\t\t\t\t\t<h4>Palacio San Crist\u00f3bal<\/h4>\n\t\t\t\t\t\t\t\t\t\t<p>Der Palast San Crist\u00f3bal wurde um 1540 von Don Diego de San Crist\u00f3bal Ballesteros Egu\u00eda und seiner Frau Do\u00f1a Mar\u00eda Cruzat y Jaso erbaut. Seine elegante Fassade zeichnet sich durch ihre Vertikalit\u00e4t und ihre vollst\u00e4ndige Zusammensetzung aus Ziegeln aus. Au\u00dferdem wird die Steinfassade von einem Alfiz gesch\u00fctzt, aus dem zwei kleine Kragsteine mit zwei M\u00e4nnerk\u00f6pfen herausragen. Ein mit Fruchtgirlanden geschm\u00fccktes Wappen stellt die Abstammung der Familien San Crist\u00f3bal und Cruzat dar. <\/p>\n\n<p>Im ersten Stockwerk befinden sich zwei Balkone, die von halb-balustradenf\u00f6rmigen S\u00e4ulen flankiert werden, die von kleinen Atlanten getragen werden, die in einem Fries enden. Dieses tr\u00e4gt ein geschwungenes Tympanon, das mit Kinderskulpturen verziert ist, die wiederum choreografische Schilde tragen.<\/p> <p>Im zweiten Stockwerk befinden sich zwei Balkone, die von Halbs\u00e4ulen mit Balustraden flankiert sind, die von kleinen, in einem Fries endenden Atlanten getragen werden.\n\t\t\t\t\t\t\t\t\t<\/div>\n\t\t\t\t\t\t\t\t\t<img decoding=\"async\" src=\"https:\/\/cdn.pilgrim.es\/web\/caminos\/camino-frances\/pueblos\/estella\/puntos-de-interes\/palacio-san-cristobal.jpg\" alt=\"Palacio San Crist\u00f3bal\">\n\t\t\t\t\t\t\t\t<\/div>\n\t\t\t\t\t\t\t<\/div>\n\t\t\t\t\t\t\n\t\t\t\t\t\t\t<div class=\"accordion__accordion-content inactive\">\n\t\t\t\t\t\t\t\t<div>\n\t\t\t\t\t\t\t\t\t<div>\n\t\t\t\t\t\t\t\t\t\t<h4>Bas\u00edlica del Puy<\/h4>\n\t\t\t\t\t\t\t\t\t\t<p>Die Basilika von Le Puy verdankt ihren Namen der Tatsache, dass im Jahr 1085 an der Stelle, an der sie sich heute befindet, ein Bild der Jungfrau von Le Puy erschien. <\/p>\n\n<p>Es handelte sich um ein k\u00f6nigliches Patronat, das von den spanischen K\u00f6nigen bis 1895 aufrechterhalten wurde, als die K\u00f6nigin Regentin darauf verzichtete und damit den Bischof von Pamplona beg\u00fcnstigte. <\/p>\n\t\t\t\t\t\t\t\t\t<\/div>\n\t\t\t\t\t\t\t\t\t<img decoding=\"async\" src=\"https:\/\/cdn.pilgrim.es\/web\/caminos\/camino-frances\/pueblos\/estella\/puntos-de-interes\/basilica-le-puy.jpg\" alt=\"Bas\u00edlica del Puy\">\n\t\t\t\t\t\t\t\t<\/div>\n\t\t\t\t\t\t\t<\/div>\n\t\t\t\t\t\t\n\t\t\t\t\t\t\t<div class=\"accordion__accordion-content inactive\">\n\t\t\t\t\t\t\t\t<div>\n\t\t\t\t\t\t\t\t\t<div>\n\t\t\t\t\t\t\t\t\t\t<h4>Convento de Concepcionistas Recoletas<\/h4>\n\t\t\t\t\t\t\t\t\t\t<p>Das Kloster der konzeptionellen Rekollektiven wurde nach dem Vorbild des Klosters von Agreda gebaut. Es wurde fast f\u00fcnfzig Jahre sp\u00e4ter, am 25. November 1731, eingeweiht.\n\n<p>Die Fassade ist in drei Abschnitte mit unterschiedlichen H\u00f6hen unterteilt und wird von einem Giebel abgeschlossen, der die Formen des Karmeliter-Architekten Fr. Alberto de la Madre de Dios aus der ersten H\u00e4lfte des 17.\n\t\t\t\t\t\t\t\t\t<\/div>\n\t\t\t\t\t\t\t\t\t<img decoding=\"async\" src=\"https:\/\/cdn.pilgrim.es\/web\/caminos\/camino-frances\/pueblos\/estella\/puntos-de-interes\/convento-concepcionistas.jpg\" alt=\"Convento de Concepcionistas Recoletas\">\n\t\t\t\t\t\t\t\t<\/div>\n\t\t\t\t\t\t\t<\/div>\n\t\t\t\t\t\t\n\t\t\t\t\t\t\t<div class=\"accordion__accordion-content inactive\">\n\t\t\t\t\t\t\t\t<div>\n\t\t\t\t\t\t\t\t\t<div>\n\t\t\t\t\t\t\t\t\t\t<h4>Convento de Santa Clara<\/h4>\n\t\t\t\t\t\t\t\t\t\t<p>Das vollst\u00e4ndig aus Ziegeln erbaute Kloster Santa Clara befindet sich in Los Llanos, au\u00dferhalb der Stadtmauern des mittelalterlichen Dorfes. Man wei\u00df, dass es seit dem Ende des 13. Jahrhunderts besteht, und die Arbeiten, die ihm sein heutiges Aussehen verliehen, begannen 1635 und wurden 1654 von Juan de Larra\u00f1aga abgeschlossen. <\/p>\n\n<p>Die Kirche hat einen einfachen Grundriss in Form eines lateinischen Kreuzes, mit einem gut gekennzeichneten Querschiff und einem geraden Chor. Sie ist von einem Tonnengew\u00f6lbe mit L\u00fcnetten \u00fcberdacht. Im Querschiff ist eine Kuppel auf H\u00e4ngezwickeln zu sehen.<\/p> <p>Die Kirche ist von einem Tonnengew\u00f6lbe mit L\u00fcnetten bedeckt.\n\t\t\t\t\t\t\t\t\t<\/div>\n\t\t\t\t\t\t\t\t\t<img decoding=\"async\" src=\"https:\/\/cdn.pilgrim.es\/web\/caminos\/camino-frances\/pueblos\/estella\/puntos-de-interes\/monasterio-santa-clara.jpg\" alt=\"Convento de Santa Clara\">\n\t\t\t\t\t\t\t\t<\/div>\n\t\t\t\t\t\t\t<\/div>\n\t\t\t\t\t\t\n\t\t\t\t\t\t\t<div class=\"accordion__accordion-content inactive\">\n\t\t\t\t\t\t\t\t<div>\n\t\t\t\t\t\t\t\t\t<div>\n\t\t\t\t\t\t\t\t\t\t<h4>Convento de Santo Domingo<\/h4>\n\t\t\t\t\t\t\t\t\t\t<p>Das Kloster Santo Domingo wurde 1259 auf Anordnung von K\u00f6nig Theobald II. von Navarra erbaut, um Dominikanerm\u00f6nche aufzunehmen. Im Jahr 1839 wurde es jedoch \u00f6ffentliches Eigentum und ist heute, nach einer umfassenden Restaurierung, ein Pflegeheim der Regierung von Navarra.\n\n<p>Die \u00dcberreste der Kirche und eines Teils des Klosters, beide im gotischen Stil, sind heute noch zu sehen.<\/p> <p>Die Kirche wurde 1839 im gotischen Stil erbaut.\n\t\t\t\t\t\t\t\t\t<\/div>\n\t\t\t\t\t\t\t\t\t<img decoding=\"async\" src=\"https:\/\/cdn.pilgrim.es\/web\/caminos\/camino-frances\/pueblos\/estella\/puntos-de-interes\/convento-santo-domingo.jpg\" alt=\"Convento de Santo Domingo\">\n\t\t\t\t\t\t\t\t<\/div>\n\t\t\t\t\t\t\t<\/div>\n\t\t\t\t\t\t\n\t\t\t\t\t\t\t<div class=\"accordion__accordion-content inactive\">\n\t\t\t\t\t\t\t\t<div>\n\t\t\t\t\t\t\t\t\t<div>\n\t\t\t\t\t\t\t\t\t\t<h4>Iglesia de San Juan<\/h4>\n\t\t\t\t\t\t\t\t\t\t<p>Die Kirche San Juan, die sich an der Plaza de los Fueros befindet, wurde Ende des 13. Jahrhunderts auf einem Weinberg errichtet, der K\u00f6nig Sancho el Sabio geh\u00f6rte. <\/p>\n\n<p>Von ihrem urspr\u00fcnglichen romanischen Stil ist nur noch das Portal des Evangelienschiffs erhalten, da die Hauptfassade nach dem Einsturz des Glockenturms im Jahr 1846 restauriert wurde. Diese Restaurierung wurde von dem Architekten Anselmo Vicu\u00f1a aus Estella durchgef\u00fchrt, der eine neoklassizistische Fassade anbrachte. Sie wurde schlie\u00dflich Anfang des 20. Jahrhunderts von Florencio Ansoleaga vollendet.\n\t\t\t\t\t\t\t\t\t<\/div>\n\t\t\t\t\t\t\t\t\t<img decoding=\"async\" src=\"https:\/\/cdn.pilgrim.es\/web\/caminos\/camino-frances\/pueblos\/estella\/puntos-de-interes\/iglesia-san-juan.jpg\" alt=\"Iglesia de San Juan\">\n\t\t\t\t\t\t\t\t<\/div>\n\t\t\t\t\t\t\t<\/div>\n\t\t\t\t\t\t\n\t\t\t\t\t\t\t<div class=\"accordion__accordion-content inactive\">\n\t\t\t\t\t\t\t\t<div>\n\t\t\t\t\t\t\t\t\t<div>\n\t\t\t\t\t\t\t\t\t\t<h4>Iglesia de San Miguel<\/h4>\n\t\t\t\t\t\t\t\t\t\t<p>Die Kirche San Miguel ist sehr alt, genauer gesagt muss man auf das Jahr 1145 zur\u00fcckgehen. Sie besteht aus drei Schiffen, die der Sp\u00e4tromanik zuzuordnen sind und aus dem letzten Viertel des 12. Jahrhunderts stammen, und aus denen ihr Querschiff mit einer dreifachen halbrunden Apsis hervorsticht. \u00dcber dem Querschiff erhebt sich ein Backsteinturm, der aus dem fr\u00fchen 18. Jahrhundert stammt.\n\n<p>Zu dem Geb\u00e4ude gelangt man durch zwei Portale, eines auf der Epistelseite und eines auf der Evangelienseite. Ersteres ist sehr einfach, aber das gilt nicht f\u00fcr das Evangelienportal, das das wahre Juwel dieser Kirche ist. <\/p>\n\n<p>STUNDEN<\/p>\n\n<p>Montag bis Sonntag von 10:00 bis 13:00 Uhr und von 17:00 bis 20:00 Uhr<\/p> <p>Montag bis Sonntag von 10:00 bis 13:00 Uhr und von 17:00 bis 20:00 Uhr<\/p>\n\t\t\t\t\t\t\t\t\t<\/div>\n\t\t\t\t\t\t\t\t\t<img decoding=\"async\" src=\"https:\/\/cdn.pilgrim.es\/web\/caminos\/camino-frances\/pueblos\/estella\/puntos-de-interes\/iglesia-san-miguel.jpg\" alt=\"Iglesia de San Miguel\">\n\t\t\t\t\t\t\t\t<\/div>\n\t\t\t\t\t\t\t<\/div>\n\t\t\t\t\t\t\n\t\t\t\t\t\t\t<div class=\"accordion__accordion-content inactive\">\n\t\t\t\t\t\t\t\t<div>\n\t\t\t\t\t\t\t\t\t<div>\n\t\t\t\t\t\t\t\t\t\t<h4>Iglesia de San Pedro de la R\u00faa<\/h4>\n\t\t\t\t\t\t\t\t\t\t<p>Die Kirche San Pedro de la R\u00faa erhielt 1256 den Titel &#8222;Iglesia Mayor de la R\u00faa&#8220;. Sie kann nur \u00fcber eine in den fr\u00fchen siebziger Jahren des 20. Jahrhunderts gebaute Treppe betreten werden. <\/p>\n\n<p>Die Fassade stammt aus der ersten H\u00e4lfte des 13. Jahrhunderts und zeigt einen gewissen arabischen Einfluss, wenn auch mit Verzierungen im romanischen Stil und einem vegetabilen, geometrischen und figurativen Aussehen.<\/p> <p>Die Fassade der Kirche stammt aus der ersten H\u00e4lfte des 13. Jahrhunderts.\n\n<p>Der Kirchenraum ist in drei Schiffe unterteilt, von denen das evangelische Schiff hervorzuheben ist, in dem sich die Kapelle San Andr\u00e9s befindet, die 1696 erbaut wurde. Diese Kapelle zeichnet sich durch ihre tiefgr\u00fcndigen Verzierungen und ihr Altarbild aus, das Ende des 18. Jahrhunderts entstand.\n\t\t\t\t\t\t\t\t\t<\/div>\n\t\t\t\t\t\t\t\t\t<img decoding=\"async\" src=\"https:\/\/cdn.pilgrim.es\/web\/caminos\/camino-frances\/pueblos\/estella\/puntos-de-interes\/iglesia-san-pedro-de-la-rua.jpg\" alt=\"Iglesia de San Pedro de la R\u00faa\">\n\t\t\t\t\t\t\t\t<\/div>\n\t\t\t\t\t\t\t<\/div>\n\t\t\t\t\t\t\n\t\t\t\t\t\t\t<div class=\"accordion__accordion-content inactive\">\n\t\t\t\t\t\t\t\t<div>\n\t\t\t\t\t\t\t\t\t<div>\n\t\t\t\t\t\t\t\t\t\t<h4>Iglesia del Santo Sepulcro<\/h4>\n\t\t\t\t\t\t\t\t\t\t<p>Die Kirche des Heiligen Grabes befindet sich in der Curtidores-Stra\u00dfe, obwohl sie seit 1881 nicht mehr als Pfarrkirche dient. Das gesamte Mobiliar wurde in andere Kirchen gebracht, um deren Innenr\u00e4ume zu schm\u00fccken, wie z. B. die Kirche San Pedro de la R\u00faa.<\/p> <p>Die Grabeskirche befindet sich in der Curtidores-Stra\u00dfe.\n\n<p>Es handelt sich um ein dreischiffiges Gotteshaus, von dem nur das Evangelienschiff die f\u00fcr die Sp\u00e4tromanik typische halbrunde Form aufweist, die vor allem im 12. Jahrhundert entstanden ist.\n\t\t\t\t\t\t\t\t\t<\/div>\n\t\t\t\t\t\t\t\t\t<img decoding=\"async\" src=\"https:\/\/cdn.pilgrim.es\/web\/caminos\/camino-frances\/pueblos\/estella\/puntos-de-interes\/iglesia-santo-sepulcro.jpg\" alt=\"Iglesia del Santo Sepulcro\">\n\t\t\t\t\t\t\t\t<\/div>\n\t\t\t\t\t\t\t<\/div>\n\t\t\t\t\t\t\n\t\t\t\t\t\t\t<div class=\"accordion__accordion-content inactive\">\n\t\t\t\t\t\t\t\t<div>\n\t\t\t\t\t\t\t\t\t<div>\n\t\t\t\t\t\t\t\t\t\t<h4>Muralla urbana de Estella<\/h4>\n\t\t\t\t\t\t\t\t\t\t<p>Die Stadtmauer von Estella wurde im Jahr 2002 zum Historischen Ensemble erkl\u00e4rt. Ihre Entstehung ist der Tatsache zu verdanken, dass K\u00f6nig Sancho Ram\u00edrez der Stadt im Jahr 1090 das Stadtrecht von Estella verlieh. Diese Tatsache ging mit einer gro\u00dfen wirtschaftlichen Entwicklung einher und erm\u00f6glichte den Bau mehrerer befestigter Tempel, insbesondere den von San Pedro de la R\u00faa, und anderer neuer Geb\u00e4ude, wie Gasth\u00e4user, Gesch\u00e4fte, Krankenh\u00e4user usw.<\/p> <p>.\n\t\t\t\t\t\t\t\t\t<\/div>\n\t\t\t\t\t\t\t\t\t<img decoding=\"async\" src=\"https:\/\/cdn.pilgrim.es\/web\/caminos\/camino-frances\/pueblos\/estella\/puntos-de-interes\/muralla-urbana.jpg\" alt=\"Muralla urbana de Estella\">\n\t\t\t\t\t\t\t\t<\/div>\n\t\t\t\t\t\t\t<\/div>\n\t\t\t\t\t\t\n\t\t\t\t\t\t\t<div class=\"accordion__accordion-content inactive\">\n\t\t\t\t\t\t\t\t<div>\n\t\t\t\t\t\t\t\t\t<div>\n\t\t\t\t\t\t\t\t\t\t<h4>Museo del Carlismo<\/h4>\n\t\t\t\t\t\t\t\t\t\t<p>Das Museum des Carlismus wurde geschaffen, um den Besuchern die Geschichte des Carlismus im 19. und 20. Jahrhundert durch die Verbreitung und Erhaltung der ausgestellten Dokumentation und der Sammlungen n\u00e4her zu bringen. <\/p>\n\t\t\t\t\t\t\t\t\t<\/div>\n\t\t\t\t\t\t\t\t\t<img decoding=\"async\" src=\"https:\/\/cdn.pilgrim.es\/web\/caminos\/camino-frances\/pueblos\/estella\/puntos-de-interes\/museo-carlismo.jpg\" alt=\"Museo del Carlismo\">\n\t\t\t\t\t\t\t\t<\/div>\n\t\t\t\t\t\t\t<\/div>\n\t\t\t\t\t\t\n\t\t\t\t\t\t\t<div class=\"accordion__accordion-content inactive\">\n\t\t\t\t\t\t\t\t<div>\n\t\t\t\t\t\t\t\t\t<div>\n\t\t\t\t\t\t\t\t\t\t<h4>Palacio de los Reyes de Navarra<\/h4>\n\t\t\t\t\t\t\t\t\t\t<p>Der Palast der K\u00f6nige von Navarra, auch bekannt als Palast der Herz\u00f6ge von Granada de Ega, stammt aus dem 18. Jahrhundert und ist das sch\u00f6nste Beispiel f\u00fcr b\u00fcrgerliche romanische Architektur in Navarra. <\/p>\n\n<p>Es handelt sich um ein wundersch\u00f6nes, in der zweiten H\u00e4lfte des 12. Jahrhunderts errichtetes Geb\u00e4ude, dessen Hauptfassade in zwei aus Quadersteinen errichtete Stockwerke unterteilt ist. <\/p>\n\n<p>Der untere Teil auf Stra\u00dfenniveau \u00f6ffnet sich zu vier breiten Arkaden, die von an der Wand befestigten S\u00e4ulen mit pflanzlichen und historisierenden Verzierungen an den Kapitellen eingerahmt werden. Auf der linken Seite der Arkade sind stilisierte Figuren zu sehen, die eine Episode aus dem Kampf zwischen dem Paladin Karls des Gro\u00dfen, Roland, und dem Riesen Ferragut erz\u00e4hlen. Das erste Stockwerk wird von einer gro\u00dfen Galerie eingenommen.\n\t\t\t\t\t\t\t\t\t<\/div>\n\t\t\t\t\t\t\t\t\t<img decoding=\"async\" src=\"https:\/\/cdn.pilgrim.es\/web\/caminos\/camino-frances\/pueblos\/estella\/puntos-de-interes\/palacio-reyes-navarra.jpg\" alt=\"Palacio de los Reyes de Navarra\">\n\t\t\t\t\t\t\t\t<\/div>\n\t\t\t\t\t\t\t<\/div>\n\t\t\t\t\t\t\n\t\t\t\t\t\t\t<div class=\"accordion__accordion-content inactive\">\n\t\t\t\t\t\t\t\t<div>\n\t\t\t\t\t\t\t\t\t<div>\n\t\t\t\t\t\t\t\t\t\t<h4>Palacio del Gobernador<\/h4>\n\t\t\t\t\t\t\t\t\t\t<p>Der Gouverneurspalast, der sich durch seine N\u00fcchternheit und Horizontalit\u00e4t auszeichnet, hat keine \u00fcber die heraldischen Wappen hinausgehenden plastischen Verzierungen.<\/p> <p>Der Gouverneurspalast, der sich durch seine N\u00fcchternheit und Horizontalit\u00e4t auszeichnet, hat keine \u00fcber die heraldischen Wappen hinausgehenden plastischen Verzierungen.\n\n<p>Das Geb\u00e4ude steht auf einem Steinsockel und ist ganz aus Ziegeln gebaut, mit Ausnahme der Fensterrahmen und des Haupttors, die aus Stein sind, so dass eine f\u00fcr die \u00f6sterreichische Architektur Madrids typische Mischung verschiedener Baumaterialien entsteht. <\/p>\n\n<p>Auf dem Sturz des Balkons, der die Hauptachse der Fassade einrahmt, ist die Jahreszahl 1613 zwischen Wappen angebracht. Das Besondere an dem Palast ist jedoch der Innenhof, der in zwei Ebenen unterteilt ist und von einfachen toskanischen S\u00e4ulen getragen wird.\n\t\t\t\t\t\t\t\t\t<\/div>\n\t\t\t\t\t\t\t\t\t<img decoding=\"async\" src=\"https:\/\/cdn.pilgrim.es\/web\/caminos\/camino-frances\/pueblos\/estella\/puntos-de-interes\/palacio-gobernador.jpg\" alt=\"Palacio del Gobernador\">\n\t\t\t\t\t\t\t\t<\/div>\n\t\t\t\t\t\t\t<\/div>\n\t\t\t\t\t\t\n\t\t\t\t\t\t\t<div class=\"accordion__accordion-content inactive\">\n\t\t\t\t\t\t\t\t<div>\n\t\t\t\t\t\t\t\t\t<div>\n\t\t\t\t\t\t\t\t\t\t<h4>Manantial de agua salada<\/h4>\n\t\t\t\t\t\t\t\t\t\t<p>Dieser Wasserlauf befindet sich neben den st\u00e4dtischen Schwimmb\u00e4dern von Estella und auch neben dem Fluss Ega. Es handelt sich um eine Salzwasserquelle, die auf nat\u00fcrliche Weise aus einem Felsen flie\u00dft und ein Becken bildet, in dem das Wasser aufgrund des Salzgehalts eine fast wei\u00dfliche Farbe hat.<\/p> <p>Es handelt sich um eine Salzwasserquelle, die auf nat\u00fcrliche Weise aus einem Felsen flie\u00dft und ein Becken bildet, in dem das Wasser aufgrund des Salzgehalts eine fast wei\u00dfliche Farbe hat.\n\n<p>Die Einwohner von Estella sagen, dass das Wasser dieser Quelle heilende Eigenschaften hat.\n\t\t\t\t\t\t\t\t\t<\/div>\n\t\t\t\t\t\t\t\t\t<img decoding=\"async\" src=\"https:\/\/cdn.pilgrim.es\/web\/caminos\/camino-frances\/pueblos\/estella\/puntos-de-interes\/antiguo-palacio-justicia.jpg\" alt=\"Manantial de agua salada\">\n\t\t\t\t\t\t\t\t<\/div>\n\t\t\t\t\t\t\t<\/div>\n\t\t\t\t\t\t\n\t\t\t\t\t\t\t<div class=\"accordion__accordion-content inactive\">\n\t\t\t\t\t\t\t\t<div>\n\t\t\t\t\t\t\t\t\t<div>\n\t\t\t\t\t\t\t\t\t\t<h4>Fuente de Los Chorros<\/h4>\n\t\t\t\t\t\t\t\t\t\t<p>Der Brunnen der Jets, auch bekannt als Brunnen der Mona, befindet sich im Zentrum der Plaza de San Mart\u00edn. <\/p>\n\n<p>Dieser Brunnen im Renaissancestil, der aus dem 16. Jahrhundert stammt, wird von einem L\u00f6wen mit dem Wappen von Estella beherrscht.<\/p> <p>Der Brunnen der D\u00fcsen, der auch als Brunnen der Mona bekannt ist, befindet sich im Zentrum der Plaza de San Mart\u00edn.\n\t\t\t\t\t\t\t\t\t<\/div>\n\t\t\t\t\t\t\t\t\t<img decoding=\"async\" src=\"https:\/\/cdn.pilgrim.es\/web\/caminos\/camino-frances\/pueblos\/estella\/puntos-de-interes\/fuente-chorros.jpg\" alt=\"Fuente de Los Chorros\">\n\t\t\t\t\t\t\t\t<\/div>\n\t\t\t\t\t\t\t<\/div>\n\t\t\t\t\t\t\n\t\t\t\t\t\t\t<div class=\"accordion__accordion-content inactive\">\n\t\t\t\t\t\t\t\t<div>\n\t\t\t\t\t\t\t\t\t<div>\n\t\t\t\t\t\t\t\t\t\t<h4>Puente de la C\u00e1rcel<\/h4>\n\t\t\t\t\t\t\t\t\t\t<p>Die Puente de la C\u00e1rcel (Gef\u00e4ngnisbr\u00fccke), die wegen ihrer beiden steilen H\u00e4nge auch als Picudo-Br\u00fccke bekannt ist, \u00fcberspannt den Fluss Ega. <\/p>\n\n<p>Die urspr\u00fcngliche Konstruktion war mittelalterlichen Ursprungs, wurde jedoch 1873 aufgrund der Karlistenkriege abgerissen und 1975 wiederaufgebaut. Heute besteht sie aus einem einzigen Segmentbogen mit zwei Abh\u00e4ngen.\n\t\t\t\t\t\t\t\t\t<\/div>\n\t\t\t\t\t\t\t\t\t<img decoding=\"async\" src=\"https:\/\/cdn.pilgrim.es\/web\/caminos\/camino-frances\/pueblos\/estella\/puntos-de-interes\/puente-carcel.jpg\" alt=\"Puente de la C\u00e1rcel\">\n\t\t\t\t\t\t\t\t<\/div>\n\t\t\t\t\t\t\t<\/div>\n\t\t\t\t\t\t\n\t\t\t\t\t\t\t<div class=\"accordion__accordion-content inactive\">\n\t\t\t\t\t\t\t\t<div>\n\t\t\t\t\t\t\t\t\t<div>\n\t\t\t\t\t\t\t\t\t\t<h4>Iglesia Santa Mar\u00eda de Jus del Castillo<\/h4>\n\t\t\t\t\t\t\t\t\t\t<p>Die Kirche Santa Mar\u00eda de Jus del Castillo befindet sich auf dem Gipfel des Castillo-Berges und neben dem Kloster Santo Domingo, und zwar an der Stelle, an der einst eine j\u00fcdische Synagoge stand.\n\n<p>Diese Kirche, die unter der Verehrung der Heiligen Maria und Allerheiligen steht, besteht aus einem einzigen Schiff, das in drei Abschnitte unterteilt ist, die von einem Kreuzrippengew\u00f6lbe bedeckt werden, dessen Schlusssteine fig\u00fcrliche Motive aufweisen. Die Apsis, die Ende des 12. Jahrhunderts erbaut wurde, hat ein Ofendach und zeichnet sich au\u00dfen durch ihre romanische Reinheit und die Galerie der Kragsteine mit Pflanzendekor aus. Die Barockfassade am Fu\u00dfe der Kirche wurde in der zweiten H\u00e4lfte des 18.\n\t\t\t\t\t\t\t\t\t<\/div>\n\t\t\t\t\t\t\t\t\t<img decoding=\"async\" src=\"https:\/\/cdn.pilgrim.es\/web\/caminos\/camino-frances\/pueblos\/estella\/puntos-de-interes\/iglesia-santa-maria-jus-castillo.jpg\" alt=\"Iglesia Santa Mar\u00eda de Jus del Castillo\">\n\t\t\t\t\t\t\t\t<\/div>\n\t\t\t\t\t\t\t<\/div>\n\t\t\t\t\t\t\n\t\t\t\t\t\t\t<div class=\"accordion__accordion-content inactive\">\n\t\t\t\t\t\t\t\t<div>\n\t\t\t\t\t\t\t\t\t<div>\n\t\t\t\t\t\t\t\t\t\t<h4>Antiguo Palacio de la Justicia<\/h4>\n\t\t\t\t\t\t\t\t\t\t<p>Das alte Gerichtsgeb\u00e4ude, das auch das ehemalige Rathaus war, wurde im 18. Jahrhundert auf einem pr\u00e4chtigen Quadermauerwerk errichtet, im Gegensatz zu den fr\u00fcheren Pal\u00e4sten in Estella, bei denen sich Quader und Ziegelstein abwechselten.<\/p> <p>Das Geb\u00e4ude wurde im 18. Jahrhundert auf einem pr\u00e4chtigen Quadermauerwerk errichtet, im Gegensatz zu den fr\u00fcheren Pal\u00e4sten in Estella, bei denen sich Quader und Ziegelstein abwechselten.\n\n<p>Hervorstechende Merkmale der Fassade sind das skulpturale Volumen der fast freistehenden S\u00e4ulen, die Schr\u00e4gen, die das Hauptportal flankieren, und die Fenster, die dem Geb\u00e4ude eine leichte Beweglichkeit verleihen. <\/p>\n\n<p>Die Fassade endet in einem Dachgeschoss, das den Einfluss der mittleren Zone von Navarra und eine breite Traufe zeigt. In dieser hebt sich die gute Ornamentik der jungen, leicht bescheidenen Akte hervor, die einen Blick auf die gemei\u00dfelten Formen mit einer gewissen klassischen Tradition geben, die die Essenz des Renaissancestils wieder aufleben l\u00e4sst.\n\t\t\t\t\t\t\t\t\t<\/div>\n\t\t\t\t\t\t\t\t\t<img decoding=\"async\" src=\"https:\/\/cdn.pilgrim.es\/web\/caminos\/camino-frances\/pueblos\/estella\/puntos-de-interes\/antiguo-palacio-justicia.jpg\" alt=\"Antiguo Palacio de la Justicia\">\n\t\t\t\t\t\t\t\t<\/div>\n\t\t\t\t\t\t\t<\/div>\n\t\t\t\t\t\t\n\t\t\t\t\t\t\t<div class=\"accordion__accordion-content inactive\">\n\t\t\t\t\t\t\t\t<div>\n\t\t\t\t\t\t\t\t\t<div>\n\t\t\t\t\t\t\t\t\t\t<h4>Bas\u00edlica de Nuestra Se\u00f1ora de Rocamador<\/h4>\n\t\t\t\t\t\t\t\t\t\t<p>Die Basilika Nuestra Se\u00f1ora de Rocamador befindet sich am Ausgang der Pforte von Kastilien, an der Stra\u00dfe nach Irache. Dieser Ort wurde von den Pilgern auf ihrem Weg nach Compostela entlang des Franz\u00f6sischen Weges aufgesucht. <\/p>\n\n<p>Sie wurde im sp\u00e4ten 12. und fr\u00fchen 13. Jahrhundert erbaut. Jahrhundert erbaut. Aus dieser Zeit ist nur noch das halbrunde Gew\u00f6lbe erhalten, dem ein gerader Abschnitt mit einem Tonnengew\u00f6lbe vorausging. Der Rest der Kirche ist das Ergebnis barocker Erweiterungen, die um 1691 vorgenommen wurden.\n\t\t\t\t\t\t\t\t\t<\/div>\n\t\t\t\t\t\t\t\t\t<img decoding=\"async\" src=\"https:\/\/cdn.pilgrim.es\/web\/caminos\/camino-frances\/pueblos\/estella\/puntos-de-interes\/iglesia-nuestra-senora-rocamador.jpg\" alt=\"Bas\u00edlica de Nuestra Se\u00f1ora de Rocamador\">\n\t\t\t\t\t\t\t\t<\/div>\n\t\t\t\t\t\t\t<\/div>\n\t\t\t\t\t\t\n\t\t\t\t\t<\/div>\n\t\t\t\t<\/div>\n\t\t\t<\/div>\n\t\t\n\n\t\t<div id=\"phonesSection\">\n\t\t\t<div>\n\t\t\t\t<h2 class=\"p-h3-town\">Informationen von Interesse<\/h2>\n\t\t\t<\/div>\n\t\t\t<div class=\"grid\">\n\t\t\t\t\n\t\t\t\t\t<div class=\"phone-number-item\">\n\t\t\t\t\t\t<div class=\"phone-number-item__icon\"><i class=\"icon-police\"><\/i><\/div>\n\t\t\t\t\t\t<div class=\"phone-number-item__title\">\n\t\t\t\t\t\t\t<h3 class=\"p-font-bold\">Ortspolizei<\/h3>\n\t\t\t\t\t\t\t<p>948 548 226<\/p>\n\t\t\t\t\t\t\t\n\t\t\t\t\t\t<\/div>\n\t\t\t\t\t<\/div>\n\t\t\t\t\n\t\t\t\t\t<div class=\"phone-number-item\">\n\t\t\t\t\t\t<div class=\"phone-number-item__icon\"><i class=\"icon-spanish-military-police\"><\/i><\/div>\n\t\t\t\t\t\t<div class=\"phone-number-item__title\">\n\t\t\t\t\t\t\t<h3 class=\"p-font-bold\">Zivilwache<\/h3>\n\t\t\t\t\t\t\t<p>948 550 232<\/p>\n\t\t\t\t\t\t\t\n\t\t\t\t\t\t<\/div>\n\t\t\t\t\t<\/div>\n\t\t\t\t\n\t\t\t\t\t<div class=\"phone-number-item\">\n\t\t\t\t\t\t<div class=\"phone-number-item__icon\"><i class=\"icon-firefighters\"><\/i><\/div>\n\t\t\t\t\t\t<div class=\"phone-number-item__title\">\n\t\t\t\t\t\t\t<h3 class=\"p-font-bold\">Feuerwehr<\/h3>\n\t\t\t\t\t\t\t<p>948 556 402<\/p>\n\t\t\t\t\t\t\t\n\t\t\t\t\t\t<\/div>\n\t\t\t\t\t<\/div>\n\t\t\t\t\n\t\t\t\t\t<div class=\"phone-number-item\">\n\t\t\t\t\t\t<div class=\"phone-number-item__icon\"><i class=\"icon-civil-protection\"><\/i><\/div>\n\t\t\t\t\t\t<div class=\"phone-number-item__title\">\n\t\t\t\t\t\t\t<h3 class=\"p-font-bold\">Zivilschutz<\/h3>\n\t\t\t\t\t\t\t<p>112<\/p>\n\t\t\t\t\t\t\t\n\t\t\t\t\t\t<\/div>\n\t\t\t\t\t<\/div>\n\t\t\t\t\n\t\t\t\t\t<div class=\"phone-number-item\">\n\t\t\t\t\t\t<div class=\"phone-number-item__icon\"><i class=\"icon-town-council\"><\/i><\/div>\n\t\t\t\t\t\t<div class=\"phone-number-item__title\">\n\t\t\t\t\t\t\t<h3 class=\"p-font-bold\">Rathaus<\/h3>\n\t\t\t\t\t\t\t<p>948 458 200<\/p>\n\t\t\t\t\t\t\t\n\t\t\t\t\t\t<\/div>\n\t\t\t\t\t<\/div>\n\t\t\t\t\n\t\t\t\t\t<div class=\"phone-number-item\">\n\t\t\t\t\t\t<div class=\"phone-number-item__icon\"><i class=\"icon-hospital\"><\/i><\/div>\n\t\t\t\t\t\t<div class=\"phone-number-item__title\">\n\t\t\t\t\t\t\t<h3 class=\"p-font-bold\">Gesundheitszentrum<\/h3>\n\t\t\t\t\t\t\t<p>948 556 350<\/p>\n\t\t\t\t\t\t\t\n\t\t\t\t\t\t<\/div>\n\t\t\t\t\t<\/div>\n\t\t\t\t\n\t\t\t\t\t<div class=\"phone-number-item\">\n\t\t\t\t\t\t<div class=\"phone-number-item__icon\"><i class=\"icon-tourism\"><\/i><\/div>\n\t\t\t\t\t\t<div class=\"phone-number-item__title\">\n\t\t\t\t\t\t\t<h3 class=\"p-font-bold\">Fremdenverkehrsamt<\/h3>\n\t\t\t\t\t\t\t<p>948 556 301<\/p>\n\t\t\t\t\t\t\t\n\t\t\t\t\t\t\t\t<p>C\/ San Nicol\u00e1s, 1<\/p>\n\t\t\t\t\t\t\t\n\t\t\t\t\t\t<\/div>\n\t\t\t\t\t<\/div>\n\t\t\t\t\n\t\t\t<\/div>\n\t\t<\/div>\n\n\t\t<div id=\"clientForm\">\n        <section>\n        <img decoding=\"async\" src=\"https:\/\/cdn.pilgrim.es\/web\/home\/email-contacto.png\" alt=\"contacto\">\n        <div>\n            <p>Wir senden dir deine Planung<\/p>\n            <p>Gib uns deine Daten an und erhalte die Planung deiner Reise per E-Mail <\/p>\n            <form method=\"post\" data-url=\"\/wp-admin\/admin-ajax.php\" id=\"planner--client\" class=\"flag-right form-client\">\n    <div class=\"form-data\">\n        <input name=\"form_id\" type=\"hidden\" value=\"Formulario Leads\">\n        <input name=\"type\" type=\"hidden\" value=\"planner_client\">\n        <input type=\"text\" name=\"nombre\" value=\"\" size=\"40\" class=\"form-control\" aria-required=\"true\" aria-invalid=\"false\" placeholder=\"Name\">\n        <input type=\"email\" name=\"email\" value=\"\" size=\"40\" class=\"form-control\" aria-required=\"true\" aria-invalid=\"false\" placeholder=\"E- Mail\">\n        <input type=\"text\" id=\"phone-input\" name=\"tel\" value=\"\" size=\"40\" class=\"phone-input form-control\" aria-required=\"true\" aria-invalid=\"false\" placeholder=\"Telefon\">\n        <input type=\"hidden\" name=\"telefono\">\n    <\/div>\n    <div class=\"form-checkbox\">\n        <span>\n            Pilgrim Travel, S.L. teilt gem\u00e4\u00df Regulierung 2016\/679 mit, dass die in diesem Formular verwendeten Daten sowohl f\u00fcr die Beantwortung der m\u00f6glichen Anfragen als auch f\u00fcr die Ver\u00f6ffentlichung der Kommentare verwendet werden, mit der Zustimmung des Nutzers. Sie k\u00f6nnen Ihre Rechte in \u00dcbereinstimmung mit unserer Datenschutzbestimmungen aus\u00fcben             <a href=\"https:\/\/www.pilgrim.es\/politica-de-privacidad\/\" target=\"_blank\" rel=\"noopener noreferrer nofollow\">Datenschutzerkl\u00e4rung.<\/a>\n        <\/span>\n    <\/div>\n\n    <div class=\"form-submit\">\n        <button id=\"planner--client-create\" type=\"submit\">Anfrage senden<\/button>\n        <div class=\"loadingDiv\"><i class=\"p-spinner\"><\/i><\/div>\n    <\/div>\n\n    <div class=\"contact-content-form-success\">\n        <p><i class=\"fas fa-check\"><\/i> Das Formular hat sich erfolgreich gesendet.<\/p>\n    <\/div>\n\n    <div class=\"contact-content-form-error\">\n        <span class=\"input-error\"><\/span>\n    <\/div>\n<\/form>        <\/div>\n    <\/section>\n<\/div>\n\n\t\t<div id=\"recomendationSection\">\n\t\t\t<div>\n\t\t\t\t<h2 class=\"p-h2-town\">Empfohlen<\/h2>\n\t\t\t\t<hr>\n\t\t\t\t<h3 class=\"p-h3-town\">Gastronomie<\/h3>\n\t\t\t<\/div>\n\t\t\tDas typischste Gericht der Gastronomie von Estella ist der gebratene Gorr\u00edn, aber es gibt auch traditionelle Gerichte wie Calbotes, rote Bohnen mit Speck oder Schwanz, Piquillo-Paprika, Lamm in Chilindr\u00f3n-Sauce und Schweineohren. Bei den Fischgerichten sind die Forelle nach Navarreser Art und der Kabeljau in Ajoarriero-So\u00dfe zu erw\u00e4hnen.\n\nIn der Region ist es \u00fcblich, Urbasa-K\u00e4se mit etwas Pachar\u00e1n zu essen, einem typischen Lik\u00f6r der Region. Die ber\u00fchmteste Nachspeise dieser Gegend ist jedoch das Bl\u00e4tterteiggeb\u00e4ck alpargatas, aber auch die Felsen von El Puy und die conchas del camino sind erw\u00e4hnenswert, Desserts, die einen sehr guten Geschmack im Mund hinterlassen.\n\t\t<\/div>\n\n\n\t\t\n\t\t\t<div id=\"holidaysSection\">\n\t\t\t\t<div>\n\t\t\t\t\t<h2 class=\"p-h2-town\">Empfohlen<\/h2>\n\t\t\t\t\t<hr>\n\t\t\t\t\t<h3 class=\"p-h3-town\">Feste und Pilgerfahrten<\/h3>\n\t\t\t\t<\/div>\n\t\t\t\t<div class=\"grid holidays-grid\">\n\t\t\t\t\t\n\t\t\t\t\t\t<div>\n\t\t\t\t\t\t\t<div class=\"phone-number-item\">\n\t\t\t\t\t\t\t\t<div class=\"phone-number-item__icon\"><i class=\"icon-holiday\"><\/i><\/div>\n\t\t\t\t\t\t\t\t<div class=\"phone-number-item__title dark-text\">\n\t\t\t\t\t\t\t\t\t<p class=\"p-font-bold\">Lokaler Urlaub<\/p>\n\t\t\t\t\t\t\t\t\t<p>25 de mayo: Romer\u00eda de la Virgen del Puy<\/p>\n\t\t\t\t\t\t\t\t<\/div>\n\t\t\t\t\t\t\t<\/div>\n\t\t\t\t\t\t<\/div>\n\t\t\t\t\t\n\t\t\t\t\t\t<div>\n\t\t\t\t\t\t\t<div class=\"phone-number-item\">\n\t\t\t\t\t\t\t\t<div class=\"phone-number-item__icon\"><i class=\"icon-holiday\"><\/i><\/div>\n\t\t\t\t\t\t\t\t<div class=\"phone-number-item__title dark-text\">\n\t\t\t\t\t\t\t\t\t<p class=\"p-font-bold\">Lokaler Urlaub<\/p>\n\t\t\t\t\t\t\t\t\t<p>\u00daltima semana de Julio: Semana medieval<\/p>\n\t\t\t\t\t\t\t\t<\/div>\n\t\t\t\t\t\t\t<\/div>\n\t\t\t\t\t\t<\/div>\n\t\t\t\t\t\n\t\t\t\t\t\t<div>\n\t\t\t\t\t\t\t<div class=\"phone-number-item\">\n\t\t\t\t\t\t\t\t<div class=\"phone-number-item__icon\"><i class=\"icon-holiday\"><\/i><\/div>\n\t\t\t\t\t\t\t\t<div class=\"phone-number-item__title dark-text\">\n\t\t\t\t\t\t\t\t\t<p class=\"p-font-bold\">Lokaler Urlaub<\/p>\n\t\t\t\t\t\t\t\t\t<p>31 de julio al 6 de agosto: Fiestas patronales<\/p>\n\t\t\t\t\t\t\t\t<\/div>\n\t\t\t\t\t\t\t<\/div>\n\t\t\t\t\t\t<\/div>\n\t\t\t\t\t\n\t\t\t\t\t\t<div>\n\t\t\t\t\t\t\t<div class=\"phone-number-item\">\n\t\t\t\t\t\t\t\t<div class=\"phone-number-item__icon\"><i class=\"icon-holiday\"><\/i><\/div>\n\t\t\t\t\t\t\t\t<div class=\"phone-number-item__title dark-text\">\n\t\t\t\t\t\t\t\t\t<p class=\"p-font-bold\">Lokaler Urlaub<\/p>\n\t\t\t\t\t\t\t\t\t<p>28 al 30 de noviembre: Fiesta de San Andr\u00e9s<\/p>\n\t\t\t\t\t\t\t\t<\/div>\n\t\t\t\t\t\t\t<\/div>\n\t\t\t\t\t\t<\/div>\n\t\t\t\t\t\n\t\t\t\t<\/div>\n\t\t\t<\/div>\n\t\t\n\t<\/div>\n<\/section>\n\n<div id=\"stage_list_section\"><div class=\"stage-list\">\n    <div class='stage-list__map-card'>\n        <div class='stage-list__map-card__map'>\n            <div class='stage-list__map-card__map__text'>\n                <h2> Pages <\/h2>\n                <p> Zu Fu\u00df<\/p>\n                <p> 0etappen<\/p>\n            <\/div>\n            <div class='stage-list__map-card__map__img'>\n                <img decoding=\"async\" src=\"\" alt=\" mapa \" \/>\n            <\/div>\n        <\/div>\n    <\/div>\n\n    <\/div>\n<\/div> ","protected":false},"excerpt":{"rendered":"<p>Estella &#8249; Zur\u00fcck zur B\u00fchne Estella Einwohner: 13.695 aprox. Bundesland: Navarra Informationen Get to know Estella In seinen Urspr\u00fcngen war Estella eng mit dem Jakobsweg verbunden und war unter dem Namen Lizarra bekannt, ein Name, der noch heute von einigen seiner \u00e4lteren Einwohner verwendet wird. Im Laufe der Jahre wurde aus dem kleinen Dorf eine &hellip; <\/p>\n<p class=\"read_more\"><a href=\"https:\/\/www.pilgrim.es\/de\/franzosischer-weg\/estella\/\">Leer m\u00e1s<\/a><\/p>\n","protected":false},"author":0,"featured_media":3789,"parent":10659,"menu_order":0,"comment_status":"closed","ping_status":"closed","template":"views\/template-new-web-design.blade.php","meta":{"footnotes":""},"categories":[],"tags":[],"class_list":["post-91051","page","type-page","status-publish","has-post-thumbnail","hentry"],"yoast_head":"<!-- This site is optimized with the Yoast SEO plugin v27.4 - https:\/\/yoast.com\/product\/yoast-seo-wordpress\/ -->\n<title>Estella: Was sehen und wo \u00fcbernachten | Jakobsweg | Pilgrim<\/title>\n<meta name=\"description\" content=\"Estella Entdecken Sie alle Informationen \u00fcber Unterk\u00fcnfte, Anreise, Gastronomie und die wichtigsten Sehensw\u00fcrdigkeiten der Orte am Franz\u00f6sischer Weg\" \/>\n<meta name=\"robots\" content=\"index, follow, max-snippet:-1, max-image-preview:large, max-video-preview:-1\" \/>\n<link rel=\"canonical\" href=\"https:\/\/www.pilgrim.es\/de\/franzosischer-weg\/estella\/\" \/>\n<meta property=\"og:locale\" content=\"de_DE\" \/>\n<meta property=\"og:type\" content=\"article\" \/>\n<meta property=\"og:title\" content=\"Estella: Was sehen und wo \u00fcbernachten | Jakobsweg | Pilgrim\" \/>\n<meta property=\"og:description\" content=\"Estella Entdecken Sie alle Informationen \u00fcber Unterk\u00fcnfte, Anreise, Gastronomie und die wichtigsten Sehensw\u00fcrdigkeiten der Orte am Franz\u00f6sischer Weg\" \/>\n<meta property=\"og:url\" content=\"https:\/\/www.pilgrim.es\/de\/franzosischer-weg\/estella\/\" \/>\n<meta property=\"og:site_name\" content=\"Pilgrim\" \/>\n<meta property=\"article:publisher\" content=\"https:\/\/www.facebook.com\/pilgrim.es\/\" \/>\n<meta property=\"og:image\" content=\"https:\/\/www.pilgrim.es\/wp-content\/uploads\/2019\/02\/estella-puente.jpg\" \/>\n\t<meta property=\"og:image:width\" content=\"1024\" \/>\n\t<meta property=\"og:image:height\" content=\"768\" \/>\n\t<meta property=\"og:image:type\" content=\"image\/jpeg\" \/>\n<meta name=\"twitter:card\" content=\"summary_large_image\" \/>\n<meta name=\"twitter:site\" content=\"@pilgrim_es\" \/>\n<meta name=\"twitter:label1\" content=\"Gesch\u00e4tzte Lesezeit\" \/>\n\t<meta name=\"twitter:data1\" content=\"12\u00a0Minuten\" \/>\n<script type=\"application\/ld+json\" class=\"yoast-schema-graph\">{\"@context\":\"https:\\\/\\\/schema.org\",\"@graph\":[{\"@type\":\"WebPage\",\"@id\":\"https:\\\/\\\/www.pilgrim.es\\\/de\\\/franzosischer-weg\\\/estella\\\/\",\"url\":\"https:\\\/\\\/www.pilgrim.es\\\/de\\\/franzosischer-weg\\\/estella\\\/\",\"name\":\"Estella: Was sehen und wo \u00fcbernachten | Jakobsweg | Pilgrim\",\"isPartOf\":{\"@id\":\"https:\\\/\\\/www.pilgrim.es\\\/de\\\/#website\"},\"primaryImageOfPage\":{\"@id\":\"https:\\\/\\\/www.pilgrim.es\\\/de\\\/franzosischer-weg\\\/estella\\\/#primaryimage\"},\"image\":{\"@id\":\"https:\\\/\\\/www.pilgrim.es\\\/de\\\/franzosischer-weg\\\/estella\\\/#primaryimage\"},\"thumbnailUrl\":\"https:\\\/\\\/www.pilgrim.es\\\/wp-content\\\/uploads\\\/2019\\\/02\\\/estella-puente.jpg\",\"datePublished\":\"2025-03-17T13:06:47+00:00\",\"description\":\"Estella Entdecken Sie alle Informationen \u00fcber Unterk\u00fcnfte, Anreise, Gastronomie und die wichtigsten Sehensw\u00fcrdigkeiten der Orte am Franz\u00f6sischer Weg\",\"breadcrumb\":{\"@id\":\"https:\\\/\\\/www.pilgrim.es\\\/de\\\/franzosischer-weg\\\/estella\\\/#breadcrumb\"},\"inLanguage\":\"de\",\"potentialAction\":[{\"@type\":\"ReadAction\",\"target\":[\"https:\\\/\\\/www.pilgrim.es\\\/de\\\/franzosischer-weg\\\/estella\\\/\"]}]},{\"@type\":\"ImageObject\",\"inLanguage\":\"de\",\"@id\":\"https:\\\/\\\/www.pilgrim.es\\\/de\\\/franzosischer-weg\\\/estella\\\/#primaryimage\",\"url\":\"https:\\\/\\\/www.pilgrim.es\\\/wp-content\\\/uploads\\\/2019\\\/02\\\/estella-puente.jpg\",\"contentUrl\":\"https:\\\/\\\/www.pilgrim.es\\\/wp-content\\\/uploads\\\/2019\\\/02\\\/estella-puente.jpg\",\"width\":1024,\"height\":768,\"caption\":\"estella\"},{\"@type\":\"BreadcrumbList\",\"@id\":\"https:\\\/\\\/www.pilgrim.es\\\/de\\\/franzosischer-weg\\\/estella\\\/#breadcrumb\",\"itemListElement\":[{\"@type\":\"ListItem\",\"position\":1,\"name\":\"Camino de Santiago\",\"item\":\"https:\\\/\\\/www.pilgrim.es\\\/de\\\/\"},{\"@type\":\"ListItem\",\"position\":2,\"name\":\"Franz\u00f6sischer Weg\",\"item\":\"https:\\\/\\\/www.pilgrim.es\\\/de\\\/franzosischer-weg\\\/\"},{\"@type\":\"ListItem\",\"position\":3,\"name\":\"Estella\"}]},{\"@type\":\"WebSite\",\"@id\":\"https:\\\/\\\/www.pilgrim.es\\\/de\\\/#website\",\"url\":\"https:\\\/\\\/www.pilgrim.es\\\/de\\\/\",\"name\":\"Pilgrim\",\"description\":\"Camino de Santiago | Caminamos Contigo\",\"publisher\":{\"@id\":\"https:\\\/\\\/www.pilgrim.es\\\/de\\\/#organization\"},\"potentialAction\":[{\"@type\":\"SearchAction\",\"target\":{\"@type\":\"EntryPoint\",\"urlTemplate\":\"https:\\\/\\\/www.pilgrim.es\\\/de\\\/?s={search_term_string}\"},\"query-input\":{\"@type\":\"PropertyValueSpecification\",\"valueRequired\":true,\"valueName\":\"search_term_string\"}}],\"inLanguage\":\"de\"},{\"@type\":\"Organization\",\"@id\":\"https:\\\/\\\/www.pilgrim.es\\\/de\\\/#organization\",\"name\":\"Pilgrim Camino de Santiago\",\"url\":\"https:\\\/\\\/www.pilgrim.es\\\/de\\\/\",\"logo\":{\"@type\":\"ImageObject\",\"inLanguage\":\"de\",\"@id\":\"https:\\\/\\\/www.pilgrim.es\\\/de\\\/#\\\/schema\\\/logo\\\/image\\\/\",\"url\":\"https:\\\/\\\/www.pilgrim.es\\\/wp-content\\\/uploads\\\/2019\\\/04\\\/logo_pilgrim.png\",\"contentUrl\":\"https:\\\/\\\/www.pilgrim.es\\\/wp-content\\\/uploads\\\/2019\\\/04\\\/logo_pilgrim.png\",\"width\":512,\"height\":512,\"caption\":\"Pilgrim Camino de Santiago\"},\"image\":{\"@id\":\"https:\\\/\\\/www.pilgrim.es\\\/de\\\/#\\\/schema\\\/logo\\\/image\\\/\"},\"sameAs\":[\"https:\\\/\\\/www.facebook.com\\\/pilgrim.es\\\/\",\"https:\\\/\\\/x.com\\\/pilgrim_es\",\"https:\\\/\\\/www.instagram.com\\\/pilgrim.es\\\/\",\"https:\\\/\\\/www.linkedin.com\\\/company\\\/pilgrim-camino-de-santiago\\\/\",\"https:\\\/\\\/www.pinterest.es\\\/pilgrimcaminodesantiago\\\/\",\"https:\\\/\\\/www.youtube.com\\\/channel\\\/UCIv2ZzFLXVqthkNF32rKedw\\\/featured\"]}]}<\/script>\n<!-- \/ Yoast SEO plugin. -->","yoast_head_json":{"title":"Estella: Was sehen und wo \u00fcbernachten | Jakobsweg | Pilgrim","description":"Estella Entdecken Sie alle Informationen \u00fcber Unterk\u00fcnfte, Anreise, Gastronomie und die wichtigsten Sehensw\u00fcrdigkeiten der Orte am Franz\u00f6sischer Weg","robots":{"index":"index","follow":"follow","max-snippet":"max-snippet:-1","max-image-preview":"max-image-preview:large","max-video-preview":"max-video-preview:-1"},"canonical":"https:\/\/www.pilgrim.es\/de\/franzosischer-weg\/estella\/","og_locale":"de_DE","og_type":"article","og_title":"Estella: Was sehen und wo \u00fcbernachten | Jakobsweg | Pilgrim","og_description":"Estella Entdecken Sie alle Informationen \u00fcber Unterk\u00fcnfte, Anreise, Gastronomie und die wichtigsten Sehensw\u00fcrdigkeiten der Orte am Franz\u00f6sischer Weg","og_url":"https:\/\/www.pilgrim.es\/de\/franzosischer-weg\/estella\/","og_site_name":"Pilgrim","article_publisher":"https:\/\/www.facebook.com\/pilgrim.es\/","og_image":[{"width":1024,"height":768,"url":"https:\/\/www.pilgrim.es\/wp-content\/uploads\/2019\/02\/estella-puente.jpg","type":"image\/jpeg"}],"twitter_card":"summary_large_image","twitter_site":"@pilgrim_es","twitter_misc":{"Gesch\u00e4tzte Lesezeit":"12\u00a0Minuten"},"schema":{"@context":"https:\/\/schema.org","@graph":[{"@type":"WebPage","@id":"https:\/\/www.pilgrim.es\/de\/franzosischer-weg\/estella\/","url":"https:\/\/www.pilgrim.es\/de\/franzosischer-weg\/estella\/","name":"Estella: Was sehen und wo \u00fcbernachten | Jakobsweg | Pilgrim","isPartOf":{"@id":"https:\/\/www.pilgrim.es\/de\/#website"},"primaryImageOfPage":{"@id":"https:\/\/www.pilgrim.es\/de\/franzosischer-weg\/estella\/#primaryimage"},"image":{"@id":"https:\/\/www.pilgrim.es\/de\/franzosischer-weg\/estella\/#primaryimage"},"thumbnailUrl":"https:\/\/www.pilgrim.es\/wp-content\/uploads\/2019\/02\/estella-puente.jpg","datePublished":"2025-03-17T13:06:47+00:00","description":"Estella Entdecken Sie alle Informationen \u00fcber Unterk\u00fcnfte, Anreise, Gastronomie und die wichtigsten Sehensw\u00fcrdigkeiten der Orte am Franz\u00f6sischer Weg","breadcrumb":{"@id":"https:\/\/www.pilgrim.es\/de\/franzosischer-weg\/estella\/#breadcrumb"},"inLanguage":"de","potentialAction":[{"@type":"ReadAction","target":["https:\/\/www.pilgrim.es\/de\/franzosischer-weg\/estella\/"]}]},{"@type":"ImageObject","inLanguage":"de","@id":"https:\/\/www.pilgrim.es\/de\/franzosischer-weg\/estella\/#primaryimage","url":"https:\/\/www.pilgrim.es\/wp-content\/uploads\/2019\/02\/estella-puente.jpg","contentUrl":"https:\/\/www.pilgrim.es\/wp-content\/uploads\/2019\/02\/estella-puente.jpg","width":1024,"height":768,"caption":"estella"},{"@type":"BreadcrumbList","@id":"https:\/\/www.pilgrim.es\/de\/franzosischer-weg\/estella\/#breadcrumb","itemListElement":[{"@type":"ListItem","position":1,"name":"Camino de Santiago","item":"https:\/\/www.pilgrim.es\/de\/"},{"@type":"ListItem","position":2,"name":"Franz\u00f6sischer Weg","item":"https:\/\/www.pilgrim.es\/de\/franzosischer-weg\/"},{"@type":"ListItem","position":3,"name":"Estella"}]},{"@type":"WebSite","@id":"https:\/\/www.pilgrim.es\/de\/#website","url":"https:\/\/www.pilgrim.es\/de\/","name":"Pilgrim","description":"Camino de Santiago | Caminamos Contigo","publisher":{"@id":"https:\/\/www.pilgrim.es\/de\/#organization"},"potentialAction":[{"@type":"SearchAction","target":{"@type":"EntryPoint","urlTemplate":"https:\/\/www.pilgrim.es\/de\/?s={search_term_string}"},"query-input":{"@type":"PropertyValueSpecification","valueRequired":true,"valueName":"search_term_string"}}],"inLanguage":"de"},{"@type":"Organization","@id":"https:\/\/www.pilgrim.es\/de\/#organization","name":"Pilgrim Camino de Santiago","url":"https:\/\/www.pilgrim.es\/de\/","logo":{"@type":"ImageObject","inLanguage":"de","@id":"https:\/\/www.pilgrim.es\/de\/#\/schema\/logo\/image\/","url":"https:\/\/www.pilgrim.es\/wp-content\/uploads\/2019\/04\/logo_pilgrim.png","contentUrl":"https:\/\/www.pilgrim.es\/wp-content\/uploads\/2019\/04\/logo_pilgrim.png","width":512,"height":512,"caption":"Pilgrim Camino de Santiago"},"image":{"@id":"https:\/\/www.pilgrim.es\/de\/#\/schema\/logo\/image\/"},"sameAs":["https:\/\/www.facebook.com\/pilgrim.es\/","https:\/\/x.com\/pilgrim_es","https:\/\/www.instagram.com\/pilgrim.es\/","https:\/\/www.linkedin.com\/company\/pilgrim-camino-de-santiago\/","https:\/\/www.pinterest.es\/pilgrimcaminodesantiago\/","https:\/\/www.youtube.com\/channel\/UCIv2ZzFLXVqthkNF32rKedw\/featured"]}]}},"_links":{"self":[{"href":"https:\/\/www.pilgrim.es\/de\/wp-json\/wp\/v2\/pages\/91051","targetHints":{"allow":["GET"]}}],"collection":[{"href":"https:\/\/www.pilgrim.es\/de\/wp-json\/wp\/v2\/pages"}],"about":[{"href":"https:\/\/www.pilgrim.es\/de\/wp-json\/wp\/v2\/types\/page"}],"replies":[{"embeddable":true,"href":"https:\/\/www.pilgrim.es\/de\/wp-json\/wp\/v2\/comments?post=91051"}],"version-history":[{"count":0,"href":"https:\/\/www.pilgrim.es\/de\/wp-json\/wp\/v2\/pages\/91051\/revisions"}],"up":[{"embeddable":true,"href":"https:\/\/www.pilgrim.es\/de\/wp-json\/wp\/v2\/pages\/10659"}],"wp:featuredmedia":[{"embeddable":true,"href":"https:\/\/www.pilgrim.es\/de\/wp-json\/wp\/v2\/media\/3789"}],"wp:attachment":[{"href":"https:\/\/www.pilgrim.es\/de\/wp-json\/wp\/v2\/media?parent=91051"}],"wp:term":[{"taxonomy":"category","embeddable":true,"href":"https:\/\/www.pilgrim.es\/de\/wp-json\/wp\/v2\/categories?post=91051"},{"taxonomy":"post_tag","embeddable":true,"href":"https:\/\/www.pilgrim.es\/de\/wp-json\/wp\/v2\/tags?post=91051"}],"curies":[{"name":"wp","href":"https:\/\/api.w.org\/{rel}","templated":true}]}}