{"id":91045,"date":"2025-03-17T13:03:47","date_gmt":"2025-03-17T13:03:47","guid":{"rendered":"https:\/\/www.pilgrim.es\/franzosischer-weg\/pamplona\/"},"modified":"2025-03-17T13:03:47","modified_gmt":"2025-03-17T13:03:47","slug":"pamplona","status":"publish","type":"page","link":"https:\/\/www.pilgrim.es\/de\/franzosischer-weg\/pamplona\/","title":{"rendered":"Pamplona"},"content":{"rendered":" <section id=\"hero\">\n\t<h1>Pamplona<\/h1>\n\t<div class=\"hero-grid\">\n\t\t<div class=\"hero-grid__town-col\" data-background=\"https:\/\/cdn.pilgrim.es\/web\/caminos\/camino-frances\/pueblos\/pamplona\/pamplona.jpg\">\n\t\t\t<div>\n\t\t\t\t<a class=\"link-to-stage\" href=\"https:\/\/www.pilgrim.es\/camino-frances\/etapa-3-zubiri-pamplona\/\">\n\t\t\t\t\t<p>&#8249; Zur\u00fcck zur B\u00fchne<\/p>\n\t\t\t\t<\/a>\n\n\t\t\t\t<div class=\"town-data\">\n\t\t\t\t\t<h2>Pamplona<\/h2>\n\t\t\t\t\t<ul>\n\t\t\t\t\t\t<li>Einwohner: 196.166 aprox.<\/li>\n\t\t\t\t\t\t<li>Bundesland: Navarra<\/li>\n\t\t\t\t\t<\/ul>\n\t\t\t\t<\/div>\n\t\t\t<\/div>\n\t\t<\/div>\n\t\t<div class=\"hero-grid__planner-col\"><div\r\n  class=\"p-col-span-1 p-rounded-lg p-px-5 p-h-full\"\r\n  style=\"background-image: url('https:\/\/cdn.pilgrim.es\/web\/pilgrim-planner\/bg-plugin-planificador.webp')\"\r\n  rel=\"preload\"\r\n  fetchpriority=\"high\"\r\n  >\r\n    <div class=\"p-text-center p-pt-5 p-text-white p-text-2xl p-font-semibold\">\r\n      Plane deinen Weg    <\/div>\r\n    <div\r\n            id='primary-app'\r\n            data-name='banner'\r\n            data-api='https:\/\/pathfinder.pilgrim.es\/api\/pathfinder\/v2'\r\n            data-mode='normal'\r\n            data-lang='de'\r\n            data-route='1'\r\n            data-destiny='https:\/\/planificador.pilgrim.es'\r\n            data-modality='1'\r\n            data-inline=''\r\n        ><\/div><\/div><\/div>\n\t<\/div>\n<\/section>\n\n<section id=\"infoTown\">\n\t<div class=\"sections-town\">\n\n\t\t<div id=\"informationSection\">\n\t\t\t<div>\n\t\t\t\t<h2 class=\"p-h2-town\">Informationen<\/h2>\n\t\t\t\t<hr>\n\t\t\t\t<h3 class=\"p-h3-town\">Get to know Pamplona<\/h3>\n\t\t\t<\/div>\n\t\t\t<p>Pamplona ist die erste gro\u00dfe Stadt, die der Pilger auf dem Franz\u00f6sischen Weg vorfindet.<\/p> <p>Sie gilt als die Stadt mit der h\u00f6chsten Lebensqualit\u00e4t, die Modernit\u00e4t und Tradition perfekt miteinander verbindet, weshalb sich der Pilger hier wie zu Hause f\u00fchlen wird.<\/p> <p>Pamplona ist die erste gro\u00dfe Stadt, die der Pilger auf dem Franz\u00f6sischen Weg vorfindet.\n\t\t<\/div>\n\n\t\t<div id=\"locationSection\">\n\t\t\t<div>\n\t\t\t\t<h2 class=\"p-h2-town\">Standort<\/h2>\n\t\t\t\t<hr>\n\t\t\t\t<h3 class=\"p-h3-town\">Wegbeschreibung<\/h3>\n\t\t\t<\/div>\n\t\t\t<p>Die Stadt Pamplona ist sehr gut mit den wichtigsten spanischen St\u00e4dten verbunden. \u00dcber die AP-15, die San Sebastian mit Pamplona verbindet, die N-121, die Zaragoza mit Pamplona verbindet, die N-111, die Logro\u00f1o mit Pamplona verbindet, und die N-240, die Jaca mit Pamplona verbindet, kann man die Stadt auch von Victoria, Galizien und von Madrid aus erreichen, wenn man vorher die N-1 nimmt. Aus Frankreich kann man \u00fcber die N-121, die N-138 und die N-135 anreisen.\n\n<p>Die Stadt verf\u00fcgt \u00fcber einen Busbahnhof und einen Bahnhof. Mit dem Bus kann man Alicante, Andalusien, Barcelona, Bilbao, Salou, Pe\u00f1\u00edcola, Gij\u00f3n, Oviedo, Jaca, Ir\u00fan, Ja\u00e9n, Logro\u00f1o, Madrid, Santander, Soria, Vigo, Zaragoza und so weiter erreichen. Die Eisenbahnverbindungen verbinden die Stadt Pamplona mit Alicante, Barcelona, Burgos, A Coru\u00f1a, Ir\u00fan, Hendaye, Lugo, Madrid, Orense, Oviedo, Palencia, Vitoria, usw.<\/p> <p>.\n\n<p>Au\u00dferdem hat die Stadt einen Flughafen, der 7 km von der Stadt entfernt ist, aber es gibt eine Buslinie, die mit dem Stadtzentrum verbunden ist.\n\t\t\t<div>\n\t\t\t\t<div>\n  <iframe loading=\"lazy\"\n    src=\"https:\/\/www.google.com\/maps\/d\/embed?mid=1A2A8kuOdZs30gClxLrnJvDm5aXLGGvI&amp;ehbc=2E312F\"\n    width=\"640\"\n    height=\"480\"\n    alt=\"Mapa Pamplona\"\n  ><\/iframe>\n<\/div>\n\n\t\t\t<\/div>\n\t\t<\/div>\n\n\t\t\n\t\t\t<div id=\"toVisitSection\">\n\t\t\t\t<div>\n\t\t\t\t\t<h2 class=\"p-h2-town\">Geschichte \/ Kultur<\/h2>\n\t\t\t\t\t<hr>\n\t\t\t\t\t<h3 class=\"p-h3-town\">Was es zu sehen gibt<\/h3>\n\t\t\t\t<\/div>\n\t\t\t\t<div>\n\t\t\t\t\t<div class=\"accordion\">\n\t\t\t\t\t\t<div class=\"accordion__menu\">\n\t\t\t\t\t\t\t<nav>\n\t\t\t\t\t\t\t\t\n\t\t\t\t\t\t\t\t\t<button class=\"nav-tab-accordion active\"><span>&#10093;<\/span><span> Casa Consistorial<\/span><\/button>\n\t\t\t\t\t\t\t\t\n\t\t\t\t\t\t\t\t\t<button class=\"nav-tab-accordion \"><span>&#10093;<\/span><span> Ronda Barbazana<\/span><\/button>\n\t\t\t\t\t\t\t\t\n\t\t\t\t\t\t\t\t\t<button class=\"nav-tab-accordion \"><span>&#10093;<\/span><span> Caballo Blanco<\/span><\/button>\n\t\t\t\t\t\t\t\t\n\t\t\t\t\t\t\t\t\t<button class=\"nav-tab-accordion \"><span>&#10093;<\/span><span> Iglesia de San Nicol\u00e1s<\/span><\/button>\n\t\t\t\t\t\t\t\t\n\t\t\t\t\t\t\t\t\t<button class=\"nav-tab-accordion \"><span>&#10093;<\/span><span> Museo Catedralicio<\/span><\/button>\n\t\t\t\t\t\t\t\t\n\t\t\t\t\t\t\t\t\t<button class=\"nav-tab-accordion \"><span>&#10093;<\/span><span> Palacio de Navarra<\/span><\/button>\n\t\t\t\t\t\t\t\t\n\t\t\t\t\t\t\t\t\t<button class=\"nav-tab-accordion \"><span>&#10093;<\/span><span> Palacio del Baluarte<\/span><\/button>\n\t\t\t\t\t\t\t\t\n\t\t\t\t\t\t\t\t\t<button class=\"nav-tab-accordion \"><span>&#10093;<\/span><span> Parlamento de Navarra<\/span><\/button>\n\t\t\t\t\t\t\t\t\n\t\t\t\t\t\t\t\t\t<button class=\"nav-tab-accordion \"><span>&#10093;<\/span><span> Parque Fluvial de Pamplona<\/span><\/button>\n\t\t\t\t\t\t\t\t\n\t\t\t\t\t\t\t\t\t<button class=\"nav-tab-accordion \"><span>&#10093;<\/span><span> Paseo de Ronda<\/span><\/button>\n\t\t\t\t\t\t\t\t\n\t\t\t\t\t\t\t\t\t<button class=\"nav-tab-accordion \"><span>&#10093;<\/span><span> Plaza del Castillo<\/span><\/button>\n\t\t\t\t\t\t\t\t\n\t\t\t\t\t\t\t\t\t<button class=\"nav-tab-accordion \"><span>&#10093;<\/span><span> Las Murallas<\/span><\/button>\n\t\t\t\t\t\t\t\t\n\t\t\t\t\t\t\t\t\t<button class=\"nav-tab-accordion \"><span>&#10093;<\/span><span> Vuelta del Castillo y Ciudadela<\/span><\/button>\n\t\t\t\t\t\t\t\t\n\t\t\t\t\t\t\t\t\t<button class=\"nav-tab-accordion \"><span>&#10093;<\/span><span> Catedral de Santa Mar\u00eda la Real<\/span><\/button>\n\t\t\t\t\t\t\t\t\n\t\t\t\t\t\t\t\t\t<button class=\"nav-tab-accordion \"><span>&#10093;<\/span><span> Centro de Interpretraci\u00f3n de las Fortificaciones<\/span><\/button>\n\t\t\t\t\t\t\t\t\n\t\t\t\t\t\t\t\t\t<button class=\"nav-tab-accordion \"><span>&#10093;<\/span><span> Jardines de la Taconera<\/span><\/button>\n\t\t\t\t\t\t\t\t\n\t\t\t\t\t\t\t\t\t<button class=\"nav-tab-accordion \"><span>&#10093;<\/span><span> Museo de Pablo Sarasate<\/span><\/button>\n\t\t\t\t\t\t\t\t\n\t\t\t\t\t\t\t\t\t<button class=\"nav-tab-accordion \"><span>&#10093;<\/span><span> Museo de la Universidad de Navarra<\/span><\/button>\n\t\t\t\t\t\t\t\t\n\t\t\t\t\t\t\t\t\t<button class=\"nav-tab-accordion \"><span>&#10093;<\/span><span> Iglesia de San Cern\u00edn<\/span><\/button>\n\t\t\t\t\t\t\t\t\n\t\t\t\t\t\t\t\t\t<button class=\"nav-tab-accordion \"><span>&#10093;<\/span><span> Yamaguchi y el Planetario<\/span><\/button>\n\t\t\t\t\t\t\t\t\n\t\t\t\t\t\t\t\t\t<button class=\"nav-tab-accordion \"><span>&#10093;<\/span><span> Museo de Navarra<\/span><\/button>\n\t\t\t\t\t\t\t\t\n\t\t\t\t\t\t\t\t\t<button class=\"nav-tab-accordion \"><span>&#10093;<\/span><span> Archivo General de Navarra<\/span><\/button>\n\t\t\t\t\t\t\t\t\n\t\t\t\t\t\t\t<\/nav>\n\t\t\t\t\t\t<\/div>\n\n\t\t\t\t\t\t\n\t\t\t\t\t\t\t<div class=\"accordion__accordion-content \">\n\t\t\t\t\t\t\t\t<div>\n\t\t\t\t\t\t\t\t\t<div>\n\t\t\t\t\t\t\t\t\t\t<h4>Casa Consistorial<\/h4>\n\t\t\t\t\t\t\t\t\t\t<p>Die Casa Consistorial, heute Sitz der Stadtverwaltung, ist bekannt daf\u00fcr, dass hier die ber\u00fchmten Sanfermines-Feste beginnen. Bis 1423 bestand Pamplona aus drei autonomen Stadtbezirken: Navarrer\u00eda, San Cernin und San Nicol\u00e1s. Damals ordnete K\u00f6nig Karl III. ihre Vereinigung an, um einen einzigen Stadtkern und damit eine einzige Stadtverwaltung zu schaffen. Das erste Rathaus wurde an der Stelle errichtet, an der die Grenzen der drei Burgos zusammengef\u00fchrt wurden. Dieses erste Rathaus wurde im Jahr 1752 abgerissen, da es praktisch bauf\u00e4llig war. Daraufhin wurde 1760 das neue Rathaus errichtet, von dem nach einem weiteren gro\u00dfen Umbau im Jahr 1951 nur noch die Fassade erhalten ist.\n\t\t\t\t\t\t\t\t\t<\/div>\n\t\t\t\t\t\t\t\t\t<img decoding=\"async\" src=\"https:\/\/cdn.pilgrim.es\/web\/caminos\/camino-frances\/pueblos\/pamplona\/puntos-de-interes\/casa-consistorial-pamplona.jpg\" alt=\"Casa Consistorial\">\n\t\t\t\t\t\t\t\t<\/div>\n\t\t\t\t\t\t\t<\/div>\n\t\t\t\t\t\t\n\t\t\t\t\t\t\t<div class=\"accordion__accordion-content inactive\">\n\t\t\t\t\t\t\t\t<div>\n\t\t\t\t\t\t\t\t\t<div>\n\t\t\t\t\t\t\t\t\t\t<h4>Ronda Barbazana<\/h4>\n\t\t\t\t\t\t\t\t\t\t<p>Der Spaziergang entlang der Mauerlinie ist zu Ehren von Bischof Barbaz\u00e1n als Ronda Barbazana bekannt. Dieser Abschnitt der Mauer sch\u00fctzt den heiligsten Teil der Stadt: den erzbisch\u00f6flichen Palast, den Kreuzgang, die Barbazana-Kapelle und den Altarraum der Kathedrale Santa Mar\u00eda.\n\t\t\t\t\t\t\t\t\t<\/div>\n\t\t\t\t\t\t\t\t\t<img decoding=\"async\" src=\"https:\/\/cdn.pilgrim.es\/web\/caminos\/camino-frances\/pueblos\/pamplona\/puntos-de-interes\/ronda-barbazana.jpg\" alt=\"Ronda Barbazana\">\n\t\t\t\t\t\t\t\t<\/div>\n\t\t\t\t\t\t\t<\/div>\n\t\t\t\t\t\t\n\t\t\t\t\t\t\t<div class=\"accordion__accordion-content inactive\">\n\t\t\t\t\t\t\t\t<div>\n\t\t\t\t\t\t\t\t\t<div>\n\t\t\t\t\t\t\t\t\t\t<h4>Caballo Blanco<\/h4>\n\t\t\t\t\t\t\t\t\t\t<p>Es handelt sich um den h\u00f6chsten Teil der Bastion von Red\u00edn, ein Gebiet, das seit dem 16. Jahrhundert als Hinrichtungsst\u00e4tte galt, wobei man sich die Tatsache zunutze machte, dass es der unzug\u00e4nglichste Punkt der gesamten Festungsanlage war.\n\n<p>Im 16. und 17. Jahrhundert wurde die Mauer durch neue Konstruktionen verst\u00e4rkt, um die Verteidigungsstrategie an die neuen Zeiten anzupassen und die Kriegswaffen zu aktualisieren.\n\t\t\t\t\t\t\t\t\t<\/div>\n\t\t\t\t\t\t\t\t\t<img decoding=\"async\" src=\"https:\/\/cdn.pilgrim.es\/web\/caminos\/camino-frances\/pueblos\/pamplona\/puntos-de-interes\/caballo-blanco.jpg\" alt=\"Caballo Blanco\">\n\t\t\t\t\t\t\t\t<\/div>\n\t\t\t\t\t\t\t<\/div>\n\t\t\t\t\t\t\n\t\t\t\t\t\t\t<div class=\"accordion__accordion-content inactive\">\n\t\t\t\t\t\t\t\t<div>\n\t\t\t\t\t\t\t\t\t<div>\n\t\t\t\t\t\t\t\t\t\t<h4>Iglesia de San Nicol\u00e1s<\/h4>\n\t\t\t\t\t\t\t\t\t\t<p>Die Festungskirche San Nicol\u00e1s aus dem 12. Jahrhundert war das wichtigste religi\u00f6se Geb\u00e4ude in der Burgo de San Nicol\u00e1s. Ihre Hauptaufgabe war die Verteidigung der Nachbarn, die in diesem Gebiet lebten, daher die dicken Mauern, Tore und drei Wacht\u00fcrme, von denen nur einer, der 1924 renoviert wurde, bis heute erhalten geblieben ist.\n\n<p>Ihre Struktur basiert auf einem lateinischen Kreuzgrundriss mit drei Schiffen. Im Inneren sind die drei Seitenschiffe mit ihren jeweiligen spitzen Tonnengew\u00f6lben im gotischen Stil erhalten geblieben. Die Kreuzrippengew\u00f6lbe des Mittelschiffs, des Querschiffs und des Presbyteriums stammen jedoch aus dem 14. Jahrhundert. <\/p>\n\n<p>Im Inneren, insbesondere im Chor, f\u00e4llt die gro\u00dfe Barockorgel aus dem Jahr 1769 auf, die neben der von Santo Domingo als die bedeutendste der Stadt gilt.<\/p> <p>Im Chor ist die Orgel die bedeutendste der Stadt.\n\t\t\t\t\t\t\t\t\t<\/div>\n\t\t\t\t\t\t\t\t\t<img decoding=\"async\" src=\"https:\/\/cdn.pilgrim.es\/web\/caminos\/camino-frances\/pueblos\/pamplona\/puntos-de-interes\/iglesia-san-nicolas.jpg\" alt=\"Iglesia de San Nicol\u00e1s\">\n\t\t\t\t\t\t\t\t<\/div>\n\t\t\t\t\t\t\t<\/div>\n\t\t\t\t\t\t\n\t\t\t\t\t\t\t<div class=\"accordion__accordion-content inactive\">\n\t\t\t\t\t\t\t\t<div>\n\t\t\t\t\t\t\t\t\t<div>\n\t\t\t\t\t\t\t\t\t\t<h4>Museo Catedralicio<\/h4>\n\t\t\t\t\t\t\t\t\t\t<p>Das Museum befindet sich in den R\u00e4umen des Kathedralkomplexes, der die Kirche selbst, den Kreuzgang, die Kapellen von Arnaldo Barbaz\u00e1n, das Refektorium, die K\u00fcche und sogar die Ciller\u00eda umfasst. <\/p>\n\n<p>Heute beherbergen diese R\u00e4ume die st\u00e4ndige Ausstellung \u00fcber das alte Leben der Kathedrale, mit dem Ziel, ihr Wissen zu verbreiten, indem neue Kunstwerke vorgestellt und alte Kunstwerke restauriert werden&#8230; <\/p> <p>&#8230;<\/p> <p>Das Museum befindet sich in den R\u00e4umen der Kathedrale selbst.\n\t\t\t\t\t\t\t\t\t<\/div>\n\t\t\t\t\t\t\t\t\t<img decoding=\"async\" src=\"https:\/\/cdn.pilgrim.es\/web\/caminos\/camino-frances\/pueblos\/pamplona\/puntos-de-interes\/museo-catedral.jpg\" alt=\"Museo Catedralicio\">\n\t\t\t\t\t\t\t\t<\/div>\n\t\t\t\t\t\t\t<\/div>\n\t\t\t\t\t\t\n\t\t\t\t\t\t\t<div class=\"accordion__accordion-content inactive\">\n\t\t\t\t\t\t\t\t<div>\n\t\t\t\t\t\t\t\t\t<div>\n\t\t\t\t\t\t\t\t\t\t<h4>Palacio de Navarra<\/h4>\n\t\t\t\t\t\t\t\t\t\t<p>Der Palast von Navarra, der sich neben der Plaza del Castillo befindet, ist das repr\u00e4sentativste Symbol f\u00fcr die Geschichte Navarras. Er wurde 1840 erbaut und beherbergt heute den Sitz des Regierungspr\u00e4sidiums und andere Verwaltungsb\u00fcros.\n\t\t\t\t\t\t\t\t\t<\/div>\n\t\t\t\t\t\t\t\t\t<img decoding=\"async\" src=\"https:\/\/cdn.pilgrim.es\/web\/caminos\/camino-frances\/pueblos\/pamplona\/puntos-de-interes\/palacio-navarra.jpg\" alt=\"Palacio de Navarra\">\n\t\t\t\t\t\t\t\t<\/div>\n\t\t\t\t\t\t\t<\/div>\n\t\t\t\t\t\t\n\t\t\t\t\t\t\t<div class=\"accordion__accordion-content inactive\">\n\t\t\t\t\t\t\t\t<div>\n\t\t\t\t\t\t\t\t\t<div>\n\t\t\t\t\t\t\t\t\t\t<h4>Palacio del Baluarte<\/h4>\n\t\t\t\t\t\t\t\t\t\t<p>Der Palacio del Baluarte wurde mit dem Ziel errichtet, die Funktionen von Kongressen und Kultur zu vereinen. Mit einer Fl\u00e4che von \u00fcber sechzigtausend Quadratmetern und einer Sitzplatzkapazit\u00e4t von rund eintausendf\u00fcnfhundert Personen gilt er derzeit als eines der gr\u00f6\u00dften Auditorien und Konferenzzentren Spaniens. Neben dem Auditorium beherbergt es weitere Einrichtungen wie einen Hauptsaal, einen Kammersaal, zwei Kongresss\u00e4le, einen Konferenzsaal, einen Mehrzwecksaal, zwei Ausstellungss\u00e4le, eine Bar und ein Parkhaus.\n\n<p>INFORMATIONEN VON INTERESSE<\/p>\n\n<p>Website: www.baluarte.comE-mail: baluarte@baluarte.comTel\u00e9fono: 948 066 066<\/p> <p>Website: www.baluarte.comE-mail: baluarte@baluarte.comTel\u00e9fono: 948 066 066<\/p>\n\t\t\t\t\t\t\t\t\t<\/div>\n\t\t\t\t\t\t\t\t\t<img decoding=\"async\" src=\"https:\/\/cdn.pilgrim.es\/web\/caminos\/camino-frances\/pueblos\/pamplona\/puntos-de-interes\/palacio-navarra.jpg\" alt=\"Palacio del Baluarte\">\n\t\t\t\t\t\t\t\t<\/div>\n\t\t\t\t\t\t\t<\/div>\n\t\t\t\t\t\t\n\t\t\t\t\t\t\t<div class=\"accordion__accordion-content inactive\">\n\t\t\t\t\t\t\t\t<div>\n\t\t\t\t\t\t\t\t\t<div>\n\t\t\t\t\t\t\t\t\t\t<h4>Parlamento de Navarra<\/h4>\n\t\t\t\t\t\t\t\t\t\t<p>Das Parlament von Navarra hat seit 2002 einen festen Sitz. Es handelt sich um ein monumentales Geb\u00e4ude, das zwischen 1892 und 1897 aus roten Ziegeln und Stein erbaut wurde. Sein Inneres ist in vier Stockwerke unterteilt, die sich um einen gro\u00dfen verglasten Innenhof gruppieren, in dem der Plenarsaal untergebracht ist. <\/p>\n\n<p>Jedes Stockwerk hat einen anderen Verwendungszweck: Das Erdgeschoss dient dem \u00f6ffentlichen Dienst, das erste Stockwerk ist dem Pr\u00e4sidium vorbehalten, und im zweiten Stockwerk befinden sich die Fraktions- und Ausschussr\u00e4ume. Im Halbuntergeschoss schlie\u00dflich befinden sich der Zugang zum Plenarsaal und das Atrium.\n\t\t\t\t\t\t\t\t\t<\/div>\n\t\t\t\t\t\t\t\t\t<img decoding=\"async\" src=\"https:\/\/cdn.pilgrim.es\/web\/caminos\/camino-frances\/pueblos\/pamplona\/puntos-de-interes\/palacio-navarra.jpg\" alt=\"Parlamento de Navarra\">\n\t\t\t\t\t\t\t\t<\/div>\n\t\t\t\t\t\t\t<\/div>\n\t\t\t\t\t\t\n\t\t\t\t\t\t\t<div class=\"accordion__accordion-content inactive\">\n\t\t\t\t\t\t\t\t<div>\n\t\t\t\t\t\t\t\t\t<div>\n\t\t\t\t\t\t\t\t\t\t<h4>Parque Fluvial de Pamplona<\/h4>\n\t\t\t\t\t\t\t\t\t\t<p>Im Jahr 1984 begann die Stadt mit der Umsetzung des Integralen Plans f\u00fcr den Arga und den Flusspark von Pamplona, den nat\u00fcrlichen Lebensraum ihrer Fl\u00fcsse zu integrieren und wiederherzustellen, indem sie einen linearen Park von 17 km L\u00e4nge schuf. Heute verf\u00fcgt diese gro\u00dfe Gr\u00fcnfl\u00e4che \u00fcber Spazierwege, Stege und Anlegestellen sowie \u00fcber eine vielf\u00e4ltige Flora und Fauna.\n\t\t\t\t\t\t\t\t\t<\/div>\n\t\t\t\t\t\t\t\t\t<img decoding=\"async\" src=\"https:\/\/cdn.pilgrim.es\/web\/caminos\/camino-frances\/pueblos\/pamplona\/puntos-de-interes\/parque-fluvial.jpg\" alt=\"Parque Fluvial de Pamplona\">\n\t\t\t\t\t\t\t\t<\/div>\n\t\t\t\t\t\t\t<\/div>\n\t\t\t\t\t\t\n\t\t\t\t\t\t\t<div class=\"accordion__accordion-content inactive\">\n\t\t\t\t\t\t\t\t<div>\n\t\t\t\t\t\t\t\t\t<div>\n\t\t\t\t\t\t\t\t\t\t<h4>Paseo de Ronda<\/h4>\n\t\t\t\t\t\t\t\t\t\t<p>Der Paseo de Ronda ist die \u00dcberf\u00fchrung, die entlang der Zinnen der Stadtmauer verl\u00e4uft. Er wurde so benannt, weil der Weg des Spaziergangs derselbe ist, den die Soldaten fr\u00fcher nahmen, um den Horizont und die Umgebung zu beobachten und die Stadt zu sch\u00fctzen.\n\t\t\t\t\t\t\t\t\t<\/div>\n\t\t\t\t\t\t\t\t\t<img decoding=\"async\" src=\"https:\/\/cdn.pilgrim.es\/web\/caminos\/camino-frances\/pueblos\/pamplona\/puntos-de-interes\/paseo-ronda.jpg\" alt=\"Paseo de Ronda\">\n\t\t\t\t\t\t\t\t<\/div>\n\t\t\t\t\t\t\t<\/div>\n\t\t\t\t\t\t\n\t\t\t\t\t\t\t<div class=\"accordion__accordion-content inactive\">\n\t\t\t\t\t\t\t\t<div>\n\t\t\t\t\t\t\t\t\t<div>\n\t\t\t\t\t\t\t\t\t\t<h4>Plaza del Castillo<\/h4>\n\t\t\t\t\t\t\t\t\t\t<p>Die Plaza del Castillo erstreckt sich \u00fcber vierzehntausend Quadratmeter und war und ist Komplize der wichtigsten kulturellen Ereignisse Pamplonas: Stierk\u00e4mpfe bis 1844, Schlachten, Turniere, M\u00e4rkte, Milit\u00e4rparaden, politische und Volksversammlungen usw.<\/p> <p>Die Plaza del Castillo war und ist Komplize der wichtigsten kulturellen Ereignisse Pamplonas.\n\n<p>Viele der engen Gassen der Altstadt von Pamplona gehen von diesem Platz aus. Er ist von H\u00e4usern umgeben, von denen die meisten aus dem 18. Jahrhundert stammen und sich durch ihre Balkone, T\u00fcrmchen, Dachb\u00f6den und gro\u00dfen Fenster auszeichnen.\n\t\t\t\t\t\t\t\t\t<\/div>\n\t\t\t\t\t\t\t\t\t<img decoding=\"async\" src=\"https:\/\/cdn.pilgrim.es\/web\/caminos\/camino-frances\/pueblos\/pamplona\/puntos-de-interes\/plaza-castillo.jpg\" alt=\"Plaza del Castillo\">\n\t\t\t\t\t\t\t\t<\/div>\n\t\t\t\t\t\t\t<\/div>\n\t\t\t\t\t\t\n\t\t\t\t\t\t\t<div class=\"accordion__accordion-content inactive\">\n\t\t\t\t\t\t\t\t<div>\n\t\t\t\t\t\t\t\t\t<div>\n\t\t\t\t\t\t\t\t\t\t<h4>Las Murallas<\/h4>\n\t\t\t\t\t\t\t\t\t\t<p>Die Stadtmauern von Pamplona sind eine der am besten erhaltenen Festungsanlagen Spaniens, weshalb sie zum Kulturgut und Nationaldenkmal erkl\u00e4rt wurden. <\/p>\n\n<p>Pamplona wurde im 16. Jahrhundert von einer Stadtmauer umgeben, um die Stadt vor Feinden zu sch\u00fctzen.<\/p> <p>Pamplona wurde im 16. Jahrhundert von einer Stadtmauer umgeben, um die Stadt vor Feinden zu sch\u00fctzen.\n\t\t\t\t\t\t\t\t\t<\/div>\n\t\t\t\t\t\t\t\t\t<img decoding=\"async\" src=\"https:\/\/cdn.pilgrim.es\/web\/caminos\/camino-frances\/pueblos\/pamplona\/puntos-de-interes\/murallas.jpg\" alt=\"Las Murallas\">\n\t\t\t\t\t\t\t\t<\/div>\n\t\t\t\t\t\t\t<\/div>\n\t\t\t\t\t\t\n\t\t\t\t\t\t\t<div class=\"accordion__accordion-content inactive\">\n\t\t\t\t\t\t\t\t<div>\n\t\t\t\t\t\t\t\t\t<div>\n\t\t\t\t\t\t\t\t\t\t<h4>Vuelta del Castillo y Ciudadela<\/h4>\n\t\t\t\t\t\t\t\t\t\t<p>Die Zitadelle und die Vuelta del Castillo gelten aufgrund ihrer gro\u00dfen Ausdehnung als die gro\u00dfe gr\u00fcne Lunge der Stadt. Auf einer Fl\u00e4che von 280.000 Quadratmetern finden Sie eine Vielzahl von B\u00e4umen und Wiesen. Im Zentrum dieses Komplexes befindet sich die Zitadelle, eine zwischen 1571 und 1645 errichtete Festungsanlage. Ihre Pavillons, Gr\u00e4ben, Bastionen, Ravelins und Glacis sind heute \u00f6ffentliche Orte f\u00fcr Freizeit, Sport und Kultur. Dar\u00fcber hinaus wurden die Anlagen durch eine Reihe von B\u00e4nken, Brunnen und Promenaden erg\u00e4nzt.\n\n<p>Das Innere der Zitadelle ist auch ein angenehmer \u00f6ffentlicher Park mit weiten Rasenfl\u00e4chen, die von Wegen durchzogen sind, einem zentralen Platz mit einem Brunnen, B\u00e4nken zum Ausruhen, einem kleinen Kinderspielplatz und etwa drei\u00dfig Baumarten.<\/p> <p>Die Zitadelle ist auch der Standort eines gro\u00dfen \u00f6ffentlichen Parks mit einer gro\u00dfen Anzahl von B\u00e4umen, einem Brunnen, B\u00e4nken, einem kleinen Kinderspielplatz und etwa drei\u00dfig Arten von B\u00e4umen.\n\t\t\t\t\t\t\t\t\t<\/div>\n\t\t\t\t\t\t\t\t\t<img decoding=\"async\" src=\"https:\/\/cdn.pilgrim.es\/web\/caminos\/camino-frances\/pueblos\/pamplona\/puntos-de-interes\/ciudadela.jpg\" alt=\"Vuelta del Castillo y Ciudadela\">\n\t\t\t\t\t\t\t\t<\/div>\n\t\t\t\t\t\t\t<\/div>\n\t\t\t\t\t\t\n\t\t\t\t\t\t\t<div class=\"accordion__accordion-content inactive\">\n\t\t\t\t\t\t\t\t<div>\n\t\t\t\t\t\t\t\t\t<div>\n\t\t\t\t\t\t\t\t\t\t<h4>Catedral de Santa Mar\u00eda la Real<\/h4>\n\t\t\t\t\t\t\t\t\t\t<p>Die Kathedrale Santa Mar\u00eda ist das ber\u00fchmteste Bauwerk der Stadt, denn sie birgt die meisten kunsthistorischen Sch\u00e4tze. Sie wurde im 14. und 15. Jahrhundert an der Stelle eines alten romanischen Tempels errichtet, wo einst das r\u00f6mische Pompaelo stand. <\/p>\n\t\t\t\t\t\t\t\t\t<\/div>\n\t\t\t\t\t\t\t\t\t<img decoding=\"async\" src=\"https:\/\/cdn.pilgrim.es\/web\/caminos\/camino-frances\/pueblos\/pamplona\/puntos-de-interes\/catedral-santa-maria-la-real.jpg\" alt=\"Catedral de Santa Mar\u00eda la Real\">\n\t\t\t\t\t\t\t\t<\/div>\n\t\t\t\t\t\t\t<\/div>\n\t\t\t\t\t\t\n\t\t\t\t\t\t\t<div class=\"accordion__accordion-content inactive\">\n\t\t\t\t\t\t\t\t<div>\n\t\t\t\t\t\t\t\t\t<div>\n\t\t\t\t\t\t\t\t\t\t<h4>Centro de Interpretraci\u00f3n de las Fortificaciones<\/h4>\n\t\t\t\t\t\t\t\t\t\t<p>Das Interpretationszentrum der Befestigungsanlagen von Pamplona wurde im M\u00e4rz 2011 mit dem Ziel eingeweiht, \u00dcberreste und Fakten \u00fcber die Entwicklung der Stadtmauer von Pamplona zu sammeln und zu verbreiten.\n\n<p>Anhand von Informationstafeln und audiovisuellen Inhalten: Fotos, Zeichnungen, Projektionen usw. Die Besucher k\u00f6nnen verstehen, wie und warum die Bastionen gebaut wurden, und sie erfahren etwas \u00fcber die Verteidigungsstrategie, die in der Vergangenheit angewandt wurde und die Pamplona gepr\u00e4gt hat.\n\t\t\t\t\t\t\t\t\t<\/div>\n\t\t\t\t\t\t\t\t\t<img decoding=\"async\" src=\"https:\/\/cdn.pilgrim.es\/web\/caminos\/camino-frances\/pueblos\/pamplona\/puntos-de-interes\/centro-interpretacion-fortificaciones.jpg\" alt=\"Centro de Interpretraci\u00f3n de las Fortificaciones\">\n\t\t\t\t\t\t\t\t<\/div>\n\t\t\t\t\t\t\t<\/div>\n\t\t\t\t\t\t\n\t\t\t\t\t\t\t<div class=\"accordion__accordion-content inactive\">\n\t\t\t\t\t\t\t\t<div>\n\t\t\t\t\t\t\t\t\t<div>\n\t\t\t\t\t\t\t\t\t\t<h4>Jardines de la Taconera<\/h4>\n\t\t\t\t\t\t\t\t\t\t<p>Der Taconera-Park aus dem Jahr 1830 ist der \u00e4lteste und sch\u00f6nste aller Parks der Stadt. <\/p>\n\n<p>Von den zahlreichen Eing\u00e4ngen sticht das Portal von San Nicol\u00e1s in der Calle del Bosquecillo als das eleganteste hervor. Dieses Tor gilt als barocke Nachbildung eines Triumphbogens und von seiner Struktur ist nur noch die Hauptfassade erhalten.\n\n<p>Im Inneren des Parks sind verschiedene Skulpturen verstreut, wie die Figur der Mari Blanca, ein Werk von Luisa Paret aus dem 18. Jahrhundert; das wichtigste Denkmal an der Promenade ist jedoch das Juli\u00e1n Gayarre gewidmete, das 1950 von Fructuoso Orduna und V\u00edctor Eusa errichtet wurde. <\/p>\n\t\t\t\t\t\t\t\t\t<\/div>\n\t\t\t\t\t\t\t\t\t<img decoding=\"async\" src=\"https:\/\/cdn.pilgrim.es\/web\/caminos\/camino-frances\/pueblos\/pamplona\/puntos-de-interes\/jardines-taconera.jpg\" alt=\"Jardines de la Taconera\">\n\t\t\t\t\t\t\t\t<\/div>\n\t\t\t\t\t\t\t<\/div>\n\t\t\t\t\t\t\n\t\t\t\t\t\t\t<div class=\"accordion__accordion-content inactive\">\n\t\t\t\t\t\t\t\t<div>\n\t\t\t\t\t\t\t\t\t<div>\n\t\t\t\t\t\t\t\t\t\t<h4>Museo de Pablo Sarasate<\/h4>\n\t\t\t\t\t\t\t\t\t\t<p>Dieses Museum, das sich zwischen der Calle Mayor und der Calle Jarauta in Pamplona befindet, ist das beste Beispiel f\u00fcr die b\u00fcrgerliche Architektur des 16. Jahrhunderts in Pamplona. Das Museum beherbergt eine monografische Ausstellung, in der der Besucher einige der Objekte betrachten kann, die mit dem Leben und dem Werk von Sarasate (1844-1908), dem ber\u00fchmtesten Musiker Pamplonas aller Zeiten, verbunden sind.\n\t\t\t\t\t\t\t\t\t<\/div>\n\t\t\t\t\t\t\t\t\t<img decoding=\"async\" src=\"https:\/\/cdn.pilgrim.es\/web\/caminos\/camino-frances\/pueblos\/pamplona\/puntos-de-interes\/museo-pablo-sarasate.jpg\" alt=\"Museo de Pablo Sarasate\">\n\t\t\t\t\t\t\t\t<\/div>\n\t\t\t\t\t\t\t<\/div>\n\t\t\t\t\t\t\n\t\t\t\t\t\t\t<div class=\"accordion__accordion-content inactive\">\n\t\t\t\t\t\t\t\t<div>\n\t\t\t\t\t\t\t\t\t<div>\n\t\t\t\t\t\t\t\t\t\t<h4>Museo de la Universidad de Navarra<\/h4>\n\t\t\t\t\t\t\t\t\t\t<p>Die Universit\u00e4t von Navarra beherbergt ein von Rafael Moneo entworfenes Museum, in dem auf einer Fl\u00e4che von elftausend Quadratmetern zwei Sammlungen ausgestellt werden: die Kunstsammlung und die Fotosammlung.<\/p> <p>Das Museum wurde von Rafael Moneo entworfen.\n\t\t\t\t\t\t\t\t\t<\/div>\n\t\t\t\t\t\t\t\t\t<img decoding=\"async\" src=\"https:\/\/cdn.pilgrim.es\/web\/caminos\/camino-frances\/pueblos\/pamplona\/puntos-de-interes\/museo-universidad-navarra.jpg\" alt=\"Museo de la Universidad de Navarra\">\n\t\t\t\t\t\t\t\t<\/div>\n\t\t\t\t\t\t\t<\/div>\n\t\t\t\t\t\t\n\t\t\t\t\t\t\t<div class=\"accordion__accordion-content inactive\">\n\t\t\t\t\t\t\t\t<div>\n\t\t\t\t\t\t\t\t\t<div>\n\t\t\t\t\t\t\t\t\t\t<h4>Iglesia de San Cern\u00edn<\/h4>\n\t\t\t\t\t\t\t\t\t\t<p>Die Kirche San Cernin, die auch als Kirche San Saturnino bekannt ist, wurde vor allem zum Schutz der Bewohner der Gegend erbaut, weshalb sie von au\u00dfen wie eine Festung aussieht, die aus dicken Mauern und zwei hohen T\u00fcrmen besteht.\n\t\t\t\t\t\t\t\t\t<\/div>\n\t\t\t\t\t\t\t\t\t<img decoding=\"async\" src=\"https:\/\/cdn.pilgrim.es\/web\/caminos\/camino-frances\/pueblos\/pamplona\/puntos-de-interes\/iglesia-san-cernin.jpg\" alt=\"Iglesia de San Cern\u00edn\">\n\t\t\t\t\t\t\t\t<\/div>\n\t\t\t\t\t\t\t<\/div>\n\t\t\t\t\t\t\n\t\t\t\t\t\t\t<div class=\"accordion__accordion-content inactive\">\n\t\t\t\t\t\t\t\t<div>\n\t\t\t\t\t\t\t\t\t<div>\n\t\t\t\t\t\t\t\t\t\t<h4>Yamaguchi y el Planetario<\/h4>\n\t\t\t\t\t\t\t\t\t\t<p>Der Yamaguchi-Park verdankt seine Entstehung den guten Beziehungen zwischen Pamplona und seiner Partnerstadt Yamaguchi. Es handelt sich um einen orientalischen Park, der 1997 angelegt wurde und aus einer rund 85.000 Quadratmeter gro\u00dfen Wiese mit Elementen wie einem gro\u00dfen Geysir, einem Stelzenhaus, einem Teich mit Br\u00fccke und Wasserfall sowie verschiedenen japanischen Strauch- und Baumarten besteht. <\/p>\n\n<p>Das 1993 eingeweihte Planetarium von Pamplona verf\u00fcgt \u00fcber die gr\u00f6\u00dfte Kuppel der Welt mit einem Durchmesser von 20 Metern. Au\u00dferdem verf\u00fcgt es \u00fcber zwei Ausstellungss\u00e4le, in denen einige der wichtigsten Ausstellungen der Stadt zu sehen sind. Im ersten Stock befindet sich ein gro\u00dfes Glasfenster von Alberto Chueca, das mit Tierkreismotiven verziert ist.\n\t\t\t\t\t\t\t\t\t<\/div>\n\t\t\t\t\t\t\t\t\t<img decoding=\"async\" src=\"https:\/\/cdn.pilgrim.es\/web\/caminos\/camino-frances\/pueblos\/pamplona\/puntos-de-interes\/planetario-navarra.jpg\" alt=\"Yamaguchi y el Planetario\">\n\t\t\t\t\t\t\t\t<\/div>\n\t\t\t\t\t\t\t<\/div>\n\t\t\t\t\t\t\n\t\t\t\t\t\t\t<div class=\"accordion__accordion-content inactive\">\n\t\t\t\t\t\t\t\t<div>\n\t\t\t\t\t\t\t\t\t<div>\n\t\t\t\t\t\t\t\t\t\t<h4>Museo de Navarra<\/h4>\n\t\t\t\t\t\t\t\t\t\t<p>Das Museum von Navarra ist das bekannteste Museum in Pamplona. Es ist seit 1956 im ehemaligen Hospital de Nuestra Se\u00f1ora de la Misericordia untergebracht und beherbergt arch\u00e4ologische und k\u00fcnstlerische Sammlungen zur Entwicklung der Stadt im Laufe der Jahre.\n\t\t\t\t\t\t\t\t\t<\/div>\n\t\t\t\t\t\t\t\t\t<img decoding=\"async\" src=\"https:\/\/cdn.pilgrim.es\/web\/caminos\/camino-frances\/pueblos\/pamplona\/puntos-de-interes\/museo-navarra.jpg\" alt=\"Museo de Navarra\">\n\t\t\t\t\t\t\t\t<\/div>\n\t\t\t\t\t\t\t<\/div>\n\t\t\t\t\t\t\n\t\t\t\t\t\t\t<div class=\"accordion__accordion-content inactive\">\n\t\t\t\t\t\t\t\t<div>\n\t\t\t\t\t\t\t\t\t<div>\n\t\t\t\t\t\t\t\t\t\t<h4>Archivo General de Navarra<\/h4>\n\t\t\t\t\t\t\t\t\t\t<p>Das Generalarchiv von Navarra hat seit 2003 einen neuen Sitz, um die bestehenden Sammlungen und die neu hinzugekommenen Best\u00e4nde angemessen betreuen zu k\u00f6nnen. Dieser neue Standort befindet sich im Edificio de la Capitan\u00eda, einem alten Palast aus dem 12. Jahrhundert, der perfekt restauriert wurde. <\/p>\n\nJahrhundert, der perfekt restauriert wurde. <p>Der Umbau dieses Geb\u00e4udes wurde von dem navarresischen Architekten Rafael Moneo durchgef\u00fchrt und zielte darauf ab, einen der Bereiche des ehemaligen mittelalterlichen Geb\u00e4udes zu restaurieren, in dem sich ein Lesesaal und der Bereich f\u00fcr \u00f6ffentliche Dienstleistungen befinden. Au\u00dferdem wurde der Bau eines neuen einst\u00f6ckigen Geb\u00e4udes f\u00fcr die Dokumentenablage in Auftrag gegeben. <\/p>\n\t\t\t\t\t\t\t\t\t<\/div>\n\t\t\t\t\t\t\t\t\t<img decoding=\"async\" src=\"https:\/\/cdn.pilgrim.es\/web\/caminos\/camino-frances\/pueblos\/pamplona\/puntos-de-interes\/archivo-general-navarra.jpg\" alt=\"Archivo General de Navarra\">\n\t\t\t\t\t\t\t\t<\/div>\n\t\t\t\t\t\t\t<\/div>\n\t\t\t\t\t\t\n\t\t\t\t\t<\/div>\n\t\t\t\t<\/div>\n\t\t\t<\/div>\n\t\t\n\n\t\t<div id=\"phonesSection\">\n\t\t\t<div>\n\t\t\t\t<h2 class=\"p-h3-town\">Informationen von Interesse<\/h2>\n\t\t\t<\/div>\n\t\t\t<div class=\"grid\">\n\t\t\t\t\n\t\t\t\t\t<div class=\"phone-number-item\">\n\t\t\t\t\t\t<div class=\"phone-number-item__icon\"><i class=\"icon-police\"><\/i><\/div>\n\t\t\t\t\t\t<div class=\"phone-number-item__title\">\n\t\t\t\t\t\t\t<h3 class=\"p-font-bold\">Ortspolizei<\/h3>\n\t\t\t\t\t\t\t<p>948 420 640<\/p>\n\t\t\t\t\t\t\t\n\t\t\t\t\t\t<\/div>\n\t\t\t\t\t<\/div>\n\t\t\t\t\n\t\t\t\t\t<div class=\"phone-number-item\">\n\t\t\t\t\t\t<div class=\"phone-number-item__icon\"><i class=\"icon-spanish-military-police\"><\/i><\/div>\n\t\t\t\t\t\t<div class=\"phone-number-item__title\">\n\t\t\t\t\t\t\t<h3 class=\"p-font-bold\">Zivilwache<\/h3>\n\t\t\t\t\t\t\t<p>948 645 512<\/p>\n\t\t\t\t\t\t\t\n\t\t\t\t\t\t<\/div>\n\t\t\t\t\t<\/div>\n\t\t\t\t\n\t\t\t\t\t<div class=\"phone-number-item\">\n\t\t\t\t\t\t<div class=\"phone-number-item__icon\"><i class=\"icon-firefighters\"><\/i><\/div>\n\t\t\t\t\t\t<div class=\"phone-number-item__title\">\n\t\t\t\t\t\t\t<h3 class=\"p-font-bold\">Feuerwehr<\/h3>\n\t\t\t\t\t\t\t<p>948 423 000<\/p>\n\t\t\t\t\t\t\t\n\t\t\t\t\t\t<\/div>\n\t\t\t\t\t<\/div>\n\t\t\t\t\n\t\t\t\t\t<div class=\"phone-number-item\">\n\t\t\t\t\t\t<div class=\"phone-number-item__icon\"><i class=\"icon-civil-protection\"><\/i><\/div>\n\t\t\t\t\t\t<div class=\"phone-number-item__title\">\n\t\t\t\t\t\t\t<h3 class=\"p-font-bold\">Zivilschutz<\/h3>\n\t\t\t\t\t\t\t<p>948 427 170<\/p>\n\t\t\t\t\t\t\t\n\t\t\t\t\t\t<\/div>\n\t\t\t\t\t<\/div>\n\t\t\t\t\n\t\t\t\t\t<div class=\"phone-number-item\">\n\t\t\t\t\t\t<div class=\"phone-number-item__icon\"><i class=\"icon-town-council\"><\/i><\/div>\n\t\t\t\t\t\t<div class=\"phone-number-item__title\">\n\t\t\t\t\t\t\t<h3 class=\"p-font-bold\">Rathaus<\/h3>\n\t\t\t\t\t\t\t<p>948 420 100<\/p>\n\t\t\t\t\t\t\t\n\t\t\t\t\t\t<\/div>\n\t\t\t\t\t<\/div>\n\t\t\t\t\n\t\t\t\t\t<div class=\"phone-number-item\">\n\t\t\t\t\t\t<div class=\"phone-number-item__icon\"><i class=\"icon-hospital\"><\/i><\/div>\n\t\t\t\t\t\t<div class=\"phone-number-item__title\">\n\t\t\t\t\t\t\t<h3 class=\"p-font-bold\">Gesundheitszentrum<\/h3>\n\t\t\t\t\t\t\t<p>948 198 363<\/p>\n\t\t\t\t\t\t\t\n\t\t\t\t\t\t<\/div>\n\t\t\t\t\t<\/div>\n\t\t\t\t\n\t\t\t\t\t<div class=\"phone-number-item\">\n\t\t\t\t\t\t<div class=\"phone-number-item__icon\"><i class=\"icon-tourism\"><\/i><\/div>\n\t\t\t\t\t\t<div class=\"phone-number-item__title\">\n\t\t\t\t\t\t\t<h3 class=\"p-font-bold\">Fremdenverkehrsamt<\/h3>\n\t\t\t\t\t\t\t<p>948 420 700<\/p>\n\t\t\t\t\t\t\t\n\t\t\t\t\t\t\t\t<p>C\/San Saturnino, 2<\/p>\n\t\t\t\t\t\t\t\n\t\t\t\t\t\t<\/div>\n\t\t\t\t\t<\/div>\n\t\t\t\t\n\t\t\t\t\t<div class=\"phone-number-item\">\n\t\t\t\t\t\t<div class=\"phone-number-item__icon\"><i class=\"icon-tourism\"><\/i><\/div>\n\t\t\t\t\t\t<div class=\"phone-number-item__title\">\n\t\t\t\t\t\t\t<h3 class=\"p-font-bold\">Fremdenverkehrsamt<\/h3>\n\t\t\t\t\t\t\t<p><\/p>\n\t\t\t\t\t\t\t\n\t\t\t\t\t\t<\/div>\n\t\t\t\t\t<\/div>\n\t\t\t\t\n\t\t\t<\/div>\n\t\t<\/div>\n\n\t\t<div id=\"clientForm\">\n        <section>\n        <img decoding=\"async\" src=\"https:\/\/cdn.pilgrim.es\/web\/home\/email-contacto.png\" alt=\"contacto\">\n        <div>\n            <p>Wir senden dir deine Planung<\/p>\n            <p>Gib uns deine Daten an und erhalte die Planung deiner Reise per E-Mail <\/p>\n            <form method=\"post\" data-url=\"\/wp-admin\/admin-ajax.php\" id=\"planner--client\" class=\"flag-right form-client\">\n    <div class=\"form-data\">\n        <input name=\"form_id\" type=\"hidden\" value=\"Formulario Leads\">\n        <input name=\"type\" type=\"hidden\" value=\"planner_client\">\n        <input type=\"text\" name=\"nombre\" value=\"\" size=\"40\" class=\"form-control\" aria-required=\"true\" aria-invalid=\"false\" placeholder=\"Name\">\n        <input type=\"email\" name=\"email\" value=\"\" size=\"40\" class=\"form-control\" aria-required=\"true\" aria-invalid=\"false\" placeholder=\"E- Mail\">\n        <input type=\"text\" id=\"phone-input\" name=\"tel\" value=\"\" size=\"40\" class=\"phone-input form-control\" aria-required=\"true\" aria-invalid=\"false\" placeholder=\"Telefon\">\n        <input type=\"hidden\" name=\"telefono\">\n    <\/div>\n    <div class=\"form-checkbox\">\n        <span>\n            Pilgrim Travel, S.L. teilt gem\u00e4\u00df Regulierung 2016\/679 mit, dass die in diesem Formular verwendeten Daten sowohl f\u00fcr die Beantwortung der m\u00f6glichen Anfragen als auch f\u00fcr die Ver\u00f6ffentlichung der Kommentare verwendet werden, mit der Zustimmung des Nutzers. Sie k\u00f6nnen Ihre Rechte in \u00dcbereinstimmung mit unserer Datenschutzbestimmungen aus\u00fcben             <a href=\"https:\/\/www.pilgrim.es\/politica-de-privacidad\/\" target=\"_blank\" rel=\"noopener noreferrer nofollow\">Datenschutzerkl\u00e4rung.<\/a>\n        <\/span>\n    <\/div>\n\n    <div class=\"form-submit\">\n        <button id=\"planner--client-create\" type=\"submit\">Anfrage senden<\/button>\n        <div class=\"loadingDiv\"><i class=\"p-spinner\"><\/i><\/div>\n    <\/div>\n\n    <div class=\"contact-content-form-success\">\n        <p><i class=\"fas fa-check\"><\/i> Das Formular hat sich erfolgreich gesendet.<\/p>\n    <\/div>\n\n    <div class=\"contact-content-form-error\">\n        <span class=\"input-error\"><\/span>\n    <\/div>\n<\/form>        <\/div>\n    <\/section>\n<\/div>\n\n\t\t<div id=\"recomendationSection\">\n\t\t\t<div>\n\t\t\t\t<h2 class=\"p-h2-town\">Empfohlen<\/h2>\n\t\t\t\t<hr>\n\t\t\t\t<h3 class=\"p-h3-town\">Gastronomie<\/h3>\n\t\t\t<\/div>\n\t\t\tZur traditionellen Gastronomie Pamplonas geh\u00f6ren Rezepte wie Pochas de Sang\u00fce\u00f1a, gef\u00fcllte Blutwurst, Spanferkelbraten, Piquillo-Paprika und Mendavia-Spargel. Erw\u00e4hnenswert ist auch der ber\u00fchmte Roncal-K\u00e4se, der sehr typisch f\u00fcr diese Gegend ist. Vergessen Sie nicht, Ihre Mahlzeit mit einem guten Wein aus der Region zu begleiten, z. B. dem Vino Olite.\n\nIm Bereich der S\u00fc\u00dfwaren sind die Txantxigorri-Kuchen, die San-Blas-Krapfen, die Cuajada und die Leche Frito (gebratene Milch) hervorzuheben. Schlie\u00dflich sollte man die Stadt nicht verlassen, ohne den ber\u00fchmten Pachar\u00e1n, einen typischen Lik\u00f6r der Region, probiert zu haben.\n\t\t<\/div>\n\n\n\t\t\n\t\t\t<div id=\"holidaysSection\">\n\t\t\t\t<div>\n\t\t\t\t\t<h2 class=\"p-h2-town\">Empfohlen<\/h2>\n\t\t\t\t\t<hr>\n\t\t\t\t\t<h3 class=\"p-h3-town\">Feste und Pilgerfahrten<\/h3>\n\t\t\t\t<\/div>\n\t\t\t\t<div class=\"grid holidays-grid\">\n\t\t\t\t\t\n\t\t\t\t\t\t<div>\n\t\t\t\t\t\t\t<div class=\"phone-number-item\">\n\t\t\t\t\t\t\t\t<div class=\"phone-number-item__icon\"><i class=\"icon-holiday\"><\/i><\/div>\n\t\t\t\t\t\t\t\t<div class=\"phone-number-item__title dark-text\">\n\t\t\t\t\t\t\t\t\t<p class=\"p-font-bold\">Lokaler Urlaub<\/p>\n\t\t\t\t\t\t\t\t\t<p>Primer fin de semana de Agosto: San Esteban<\/p>\n\t\t\t\t\t\t\t\t<\/div>\n\t\t\t\t\t\t\t<\/div>\n\t\t\t\t\t\t<\/div>\n\t\t\t\t\t\n\t\t\t\t\t\t<div>\n\t\t\t\t\t\t\t<div class=\"phone-number-item\">\n\t\t\t\t\t\t\t\t<div class=\"phone-number-item__icon\"><i class=\"icon-holiday\"><\/i><\/div>\n\t\t\t\t\t\t\t\t<div class=\"phone-number-item__title dark-text\">\n\t\t\t\t\t\t\t\t\t<p class=\"p-font-bold\">Lokaler Urlaub<\/p>\n\t\t\t\t\t\t\t\t\t<p>6 al 14 de Julio: Los San Fermines<\/p>\n\t\t\t\t\t\t\t\t<\/div>\n\t\t\t\t\t\t\t<\/div>\n\t\t\t\t\t\t<\/div>\n\t\t\t\t\t\n\t\t\t\t<\/div>\n\t\t\t<\/div>\n\t\t\n\t<\/div>\n<\/section>\n\n<div id=\"stage_list_section\"><div class=\"stage-list\">\n    <div class='stage-list__map-card'>\n        <div class='stage-list__map-card__map'>\n            <div class='stage-list__map-card__map__text'>\n                <h2> Pages <\/h2>\n                <p> Zu Fu\u00df<\/p>\n                <p> 0etappen<\/p>\n            <\/div>\n            <div class='stage-list__map-card__map__img'>\n                <img decoding=\"async\" src=\"\" alt=\" mapa \" \/>\n            <\/div>\n        <\/div>\n    <\/div>\n\n    <\/div>\n<\/div> ","protected":false},"excerpt":{"rendered":"<p>Pamplona &#8249; Zur\u00fcck zur B\u00fchne Pamplona Einwohner: 196.166 aprox. Bundesland: Navarra Informationen Get to know Pamplona Pamplona ist die erste gro\u00dfe Stadt, die der Pilger auf dem Franz\u00f6sischen Weg vorfindet. Sie gilt als die Stadt mit der h\u00f6chsten Lebensqualit\u00e4t, die Modernit\u00e4t und Tradition perfekt miteinander verbindet, weshalb sich der Pilger hier wie zu Hause f\u00fchlen &hellip; <\/p>\n<p class=\"read_more\"><a href=\"https:\/\/www.pilgrim.es\/de\/franzosischer-weg\/pamplona\/\">Leer m\u00e1s<\/a><\/p>\n","protected":false},"author":0,"featured_media":7014,"parent":10659,"menu_order":0,"comment_status":"closed","ping_status":"closed","template":"views\/template-new-web-design.blade.php","meta":{"footnotes":""},"categories":[],"tags":[],"class_list":["post-91045","page","type-page","status-publish","has-post-thumbnail","hentry"],"yoast_head":"<!-- This site is optimized with the Yoast SEO plugin v27.4 - https:\/\/yoast.com\/product\/yoast-seo-wordpress\/ -->\n<title>Pamplona: Was sehen und wo \u00fcbernachten | Jakobsweg | Pilgrim<\/title>\n<meta name=\"description\" content=\"Pamplona Entdecken Sie alle Informationen \u00fcber Unterk\u00fcnfte, Anreise, Gastronomie und die wichtigsten Sehensw\u00fcrdigkeiten der Orte am Franz\u00f6sischer Weg\" \/>\n<meta name=\"robots\" content=\"index, follow, max-snippet:-1, max-image-preview:large, max-video-preview:-1\" \/>\n<link rel=\"canonical\" href=\"https:\/\/www.pilgrim.es\/de\/franzosischer-weg\/pamplona\/\" \/>\n<meta property=\"og:locale\" content=\"de_DE\" \/>\n<meta property=\"og:type\" content=\"article\" \/>\n<meta property=\"og:title\" content=\"Pamplona: Was sehen und wo \u00fcbernachten | Jakobsweg | Pilgrim\" \/>\n<meta property=\"og:description\" content=\"Pamplona Entdecken Sie alle Informationen \u00fcber Unterk\u00fcnfte, Anreise, Gastronomie und die wichtigsten Sehensw\u00fcrdigkeiten der Orte am Franz\u00f6sischer Weg\" \/>\n<meta property=\"og:url\" content=\"https:\/\/www.pilgrim.es\/de\/franzosischer-weg\/pamplona\/\" \/>\n<meta property=\"og:site_name\" content=\"Pilgrim\" \/>\n<meta property=\"article:publisher\" content=\"https:\/\/www.facebook.com\/pilgrim.es\/\" \/>\n<meta property=\"og:image\" content=\"https:\/\/www.pilgrim.es\/wp-content\/uploads\/2019\/02\/Pamplona-mrn6ipf0x6zd2xm8e4tr2jf2zu7mmk7wpap1lh0q00.jpg\" \/>\n\t<meta property=\"og:image:width\" content=\"900\" \/>\n\t<meta property=\"og:image:height\" content=\"400\" \/>\n\t<meta property=\"og:image:type\" content=\"image\/jpeg\" \/>\n<meta name=\"twitter:card\" content=\"summary_large_image\" \/>\n<meta name=\"twitter:site\" content=\"@pilgrim_es\" \/>\n<meta name=\"twitter:label1\" content=\"Gesch\u00e4tzte Lesezeit\" \/>\n\t<meta name=\"twitter:data1\" content=\"11\u00a0Minuten\" \/>\n<script type=\"application\/ld+json\" class=\"yoast-schema-graph\">{\"@context\":\"https:\\\/\\\/schema.org\",\"@graph\":[{\"@type\":\"WebPage\",\"@id\":\"https:\\\/\\\/www.pilgrim.es\\\/de\\\/franzosischer-weg\\\/pamplona\\\/\",\"url\":\"https:\\\/\\\/www.pilgrim.es\\\/de\\\/franzosischer-weg\\\/pamplona\\\/\",\"name\":\"Pamplona: Was sehen und wo \u00fcbernachten | Jakobsweg | Pilgrim\",\"isPartOf\":{\"@id\":\"https:\\\/\\\/www.pilgrim.es\\\/de\\\/#website\"},\"primaryImageOfPage\":{\"@id\":\"https:\\\/\\\/www.pilgrim.es\\\/de\\\/franzosischer-weg\\\/pamplona\\\/#primaryimage\"},\"image\":{\"@id\":\"https:\\\/\\\/www.pilgrim.es\\\/de\\\/franzosischer-weg\\\/pamplona\\\/#primaryimage\"},\"thumbnailUrl\":\"https:\\\/\\\/www.pilgrim.es\\\/wp-content\\\/uploads\\\/2019\\\/02\\\/Pamplona-mrn6ipf0x6zd2xm8e4tr2jf2zu7mmk7wpap1lh0q00.jpg\",\"datePublished\":\"2025-03-17T13:03:47+00:00\",\"description\":\"Pamplona Entdecken Sie alle Informationen \u00fcber Unterk\u00fcnfte, Anreise, Gastronomie und die wichtigsten Sehensw\u00fcrdigkeiten der Orte am Franz\u00f6sischer Weg\",\"breadcrumb\":{\"@id\":\"https:\\\/\\\/www.pilgrim.es\\\/de\\\/franzosischer-weg\\\/pamplona\\\/#breadcrumb\"},\"inLanguage\":\"de\",\"potentialAction\":[{\"@type\":\"ReadAction\",\"target\":[\"https:\\\/\\\/www.pilgrim.es\\\/de\\\/franzosischer-weg\\\/pamplona\\\/\"]}]},{\"@type\":\"ImageObject\",\"inLanguage\":\"de\",\"@id\":\"https:\\\/\\\/www.pilgrim.es\\\/de\\\/franzosischer-weg\\\/pamplona\\\/#primaryimage\",\"url\":\"https:\\\/\\\/www.pilgrim.es\\\/wp-content\\\/uploads\\\/2019\\\/02\\\/Pamplona-mrn6ipf0x6zd2xm8e4tr2jf2zu7mmk7wpap1lh0q00.jpg\",\"contentUrl\":\"https:\\\/\\\/www.pilgrim.es\\\/wp-content\\\/uploads\\\/2019\\\/02\\\/Pamplona-mrn6ipf0x6zd2xm8e4tr2jf2zu7mmk7wpap1lh0q00.jpg\",\"width\":900,\"height\":400,\"caption\":\"Pamplona\"},{\"@type\":\"BreadcrumbList\",\"@id\":\"https:\\\/\\\/www.pilgrim.es\\\/de\\\/franzosischer-weg\\\/pamplona\\\/#breadcrumb\",\"itemListElement\":[{\"@type\":\"ListItem\",\"position\":1,\"name\":\"Camino de Santiago\",\"item\":\"https:\\\/\\\/www.pilgrim.es\\\/de\\\/\"},{\"@type\":\"ListItem\",\"position\":2,\"name\":\"Franz\u00f6sischer Weg\",\"item\":\"https:\\\/\\\/www.pilgrim.es\\\/de\\\/franzosischer-weg\\\/\"},{\"@type\":\"ListItem\",\"position\":3,\"name\":\"Pamplona\"}]},{\"@type\":\"WebSite\",\"@id\":\"https:\\\/\\\/www.pilgrim.es\\\/de\\\/#website\",\"url\":\"https:\\\/\\\/www.pilgrim.es\\\/de\\\/\",\"name\":\"Pilgrim\",\"description\":\"Camino de Santiago | Caminamos Contigo\",\"publisher\":{\"@id\":\"https:\\\/\\\/www.pilgrim.es\\\/de\\\/#organization\"},\"potentialAction\":[{\"@type\":\"SearchAction\",\"target\":{\"@type\":\"EntryPoint\",\"urlTemplate\":\"https:\\\/\\\/www.pilgrim.es\\\/de\\\/?s={search_term_string}\"},\"query-input\":{\"@type\":\"PropertyValueSpecification\",\"valueRequired\":true,\"valueName\":\"search_term_string\"}}],\"inLanguage\":\"de\"},{\"@type\":\"Organization\",\"@id\":\"https:\\\/\\\/www.pilgrim.es\\\/de\\\/#organization\",\"name\":\"Pilgrim Camino de Santiago\",\"url\":\"https:\\\/\\\/www.pilgrim.es\\\/de\\\/\",\"logo\":{\"@type\":\"ImageObject\",\"inLanguage\":\"de\",\"@id\":\"https:\\\/\\\/www.pilgrim.es\\\/de\\\/#\\\/schema\\\/logo\\\/image\\\/\",\"url\":\"https:\\\/\\\/www.pilgrim.es\\\/wp-content\\\/uploads\\\/2019\\\/04\\\/logo_pilgrim.png\",\"contentUrl\":\"https:\\\/\\\/www.pilgrim.es\\\/wp-content\\\/uploads\\\/2019\\\/04\\\/logo_pilgrim.png\",\"width\":512,\"height\":512,\"caption\":\"Pilgrim Camino de Santiago\"},\"image\":{\"@id\":\"https:\\\/\\\/www.pilgrim.es\\\/de\\\/#\\\/schema\\\/logo\\\/image\\\/\"},\"sameAs\":[\"https:\\\/\\\/www.facebook.com\\\/pilgrim.es\\\/\",\"https:\\\/\\\/x.com\\\/pilgrim_es\",\"https:\\\/\\\/www.instagram.com\\\/pilgrim.es\\\/\",\"https:\\\/\\\/www.linkedin.com\\\/company\\\/pilgrim-camino-de-santiago\\\/\",\"https:\\\/\\\/www.pinterest.es\\\/pilgrimcaminodesantiago\\\/\",\"https:\\\/\\\/www.youtube.com\\\/channel\\\/UCIv2ZzFLXVqthkNF32rKedw\\\/featured\"]}]}<\/script>\n<!-- \/ Yoast SEO plugin. -->","yoast_head_json":{"title":"Pamplona: Was sehen und wo \u00fcbernachten | Jakobsweg | Pilgrim","description":"Pamplona Entdecken Sie alle Informationen \u00fcber Unterk\u00fcnfte, Anreise, Gastronomie und die wichtigsten Sehensw\u00fcrdigkeiten der Orte am Franz\u00f6sischer Weg","robots":{"index":"index","follow":"follow","max-snippet":"max-snippet:-1","max-image-preview":"max-image-preview:large","max-video-preview":"max-video-preview:-1"},"canonical":"https:\/\/www.pilgrim.es\/de\/franzosischer-weg\/pamplona\/","og_locale":"de_DE","og_type":"article","og_title":"Pamplona: Was sehen und wo \u00fcbernachten | Jakobsweg | Pilgrim","og_description":"Pamplona Entdecken Sie alle Informationen \u00fcber Unterk\u00fcnfte, Anreise, Gastronomie und die wichtigsten Sehensw\u00fcrdigkeiten der Orte am Franz\u00f6sischer Weg","og_url":"https:\/\/www.pilgrim.es\/de\/franzosischer-weg\/pamplona\/","og_site_name":"Pilgrim","article_publisher":"https:\/\/www.facebook.com\/pilgrim.es\/","og_image":[{"width":900,"height":400,"url":"https:\/\/www.pilgrim.es\/wp-content\/uploads\/2019\/02\/Pamplona-mrn6ipf0x6zd2xm8e4tr2jf2zu7mmk7wpap1lh0q00.jpg","type":"image\/jpeg"}],"twitter_card":"summary_large_image","twitter_site":"@pilgrim_es","twitter_misc":{"Gesch\u00e4tzte Lesezeit":"11\u00a0Minuten"},"schema":{"@context":"https:\/\/schema.org","@graph":[{"@type":"WebPage","@id":"https:\/\/www.pilgrim.es\/de\/franzosischer-weg\/pamplona\/","url":"https:\/\/www.pilgrim.es\/de\/franzosischer-weg\/pamplona\/","name":"Pamplona: Was sehen und wo \u00fcbernachten | Jakobsweg | Pilgrim","isPartOf":{"@id":"https:\/\/www.pilgrim.es\/de\/#website"},"primaryImageOfPage":{"@id":"https:\/\/www.pilgrim.es\/de\/franzosischer-weg\/pamplona\/#primaryimage"},"image":{"@id":"https:\/\/www.pilgrim.es\/de\/franzosischer-weg\/pamplona\/#primaryimage"},"thumbnailUrl":"https:\/\/www.pilgrim.es\/wp-content\/uploads\/2019\/02\/Pamplona-mrn6ipf0x6zd2xm8e4tr2jf2zu7mmk7wpap1lh0q00.jpg","datePublished":"2025-03-17T13:03:47+00:00","description":"Pamplona Entdecken Sie alle Informationen \u00fcber Unterk\u00fcnfte, Anreise, Gastronomie und die wichtigsten Sehensw\u00fcrdigkeiten der Orte am Franz\u00f6sischer Weg","breadcrumb":{"@id":"https:\/\/www.pilgrim.es\/de\/franzosischer-weg\/pamplona\/#breadcrumb"},"inLanguage":"de","potentialAction":[{"@type":"ReadAction","target":["https:\/\/www.pilgrim.es\/de\/franzosischer-weg\/pamplona\/"]}]},{"@type":"ImageObject","inLanguage":"de","@id":"https:\/\/www.pilgrim.es\/de\/franzosischer-weg\/pamplona\/#primaryimage","url":"https:\/\/www.pilgrim.es\/wp-content\/uploads\/2019\/02\/Pamplona-mrn6ipf0x6zd2xm8e4tr2jf2zu7mmk7wpap1lh0q00.jpg","contentUrl":"https:\/\/www.pilgrim.es\/wp-content\/uploads\/2019\/02\/Pamplona-mrn6ipf0x6zd2xm8e4tr2jf2zu7mmk7wpap1lh0q00.jpg","width":900,"height":400,"caption":"Pamplona"},{"@type":"BreadcrumbList","@id":"https:\/\/www.pilgrim.es\/de\/franzosischer-weg\/pamplona\/#breadcrumb","itemListElement":[{"@type":"ListItem","position":1,"name":"Camino de Santiago","item":"https:\/\/www.pilgrim.es\/de\/"},{"@type":"ListItem","position":2,"name":"Franz\u00f6sischer Weg","item":"https:\/\/www.pilgrim.es\/de\/franzosischer-weg\/"},{"@type":"ListItem","position":3,"name":"Pamplona"}]},{"@type":"WebSite","@id":"https:\/\/www.pilgrim.es\/de\/#website","url":"https:\/\/www.pilgrim.es\/de\/","name":"Pilgrim","description":"Camino de Santiago | Caminamos Contigo","publisher":{"@id":"https:\/\/www.pilgrim.es\/de\/#organization"},"potentialAction":[{"@type":"SearchAction","target":{"@type":"EntryPoint","urlTemplate":"https:\/\/www.pilgrim.es\/de\/?s={search_term_string}"},"query-input":{"@type":"PropertyValueSpecification","valueRequired":true,"valueName":"search_term_string"}}],"inLanguage":"de"},{"@type":"Organization","@id":"https:\/\/www.pilgrim.es\/de\/#organization","name":"Pilgrim Camino de Santiago","url":"https:\/\/www.pilgrim.es\/de\/","logo":{"@type":"ImageObject","inLanguage":"de","@id":"https:\/\/www.pilgrim.es\/de\/#\/schema\/logo\/image\/","url":"https:\/\/www.pilgrim.es\/wp-content\/uploads\/2019\/04\/logo_pilgrim.png","contentUrl":"https:\/\/www.pilgrim.es\/wp-content\/uploads\/2019\/04\/logo_pilgrim.png","width":512,"height":512,"caption":"Pilgrim Camino de Santiago"},"image":{"@id":"https:\/\/www.pilgrim.es\/de\/#\/schema\/logo\/image\/"},"sameAs":["https:\/\/www.facebook.com\/pilgrim.es\/","https:\/\/x.com\/pilgrim_es","https:\/\/www.instagram.com\/pilgrim.es\/","https:\/\/www.linkedin.com\/company\/pilgrim-camino-de-santiago\/","https:\/\/www.pinterest.es\/pilgrimcaminodesantiago\/","https:\/\/www.youtube.com\/channel\/UCIv2ZzFLXVqthkNF32rKedw\/featured"]}]}},"_links":{"self":[{"href":"https:\/\/www.pilgrim.es\/de\/wp-json\/wp\/v2\/pages\/91045","targetHints":{"allow":["GET"]}}],"collection":[{"href":"https:\/\/www.pilgrim.es\/de\/wp-json\/wp\/v2\/pages"}],"about":[{"href":"https:\/\/www.pilgrim.es\/de\/wp-json\/wp\/v2\/types\/page"}],"replies":[{"embeddable":true,"href":"https:\/\/www.pilgrim.es\/de\/wp-json\/wp\/v2\/comments?post=91045"}],"version-history":[{"count":0,"href":"https:\/\/www.pilgrim.es\/de\/wp-json\/wp\/v2\/pages\/91045\/revisions"}],"up":[{"embeddable":true,"href":"https:\/\/www.pilgrim.es\/de\/wp-json\/wp\/v2\/pages\/10659"}],"wp:featuredmedia":[{"embeddable":true,"href":"https:\/\/www.pilgrim.es\/de\/wp-json\/wp\/v2\/media\/7014"}],"wp:attachment":[{"href":"https:\/\/www.pilgrim.es\/de\/wp-json\/wp\/v2\/media?parent=91045"}],"wp:term":[{"taxonomy":"category","embeddable":true,"href":"https:\/\/www.pilgrim.es\/de\/wp-json\/wp\/v2\/categories?post=91045"},{"taxonomy":"post_tag","embeddable":true,"href":"https:\/\/www.pilgrim.es\/de\/wp-json\/wp\/v2\/tags?post=91045"}],"curies":[{"name":"wp","href":"https:\/\/api.w.org\/{rel}","templated":true}]}}