{"id":38975,"date":"2019-05-29T14:41:03","date_gmt":"2019-05-29T14:41:03","guid":{"rendered":"https:\/\/prod.pilgrim.es\/primitiver-weg\/etappe-11-san-romao-da-retorta-melide\/"},"modified":"2025-08-26T11:12:59","modified_gmt":"2025-08-26T11:12:59","slug":"etappe-11-san-romao-da-retorta-melide","status":"publish","type":"page","link":"https:\/\/www.pilgrim.es\/de\/primitiver-weg\/etappe-11-san-romao-da-retorta-melide\/","title":{"rendered":"Primitiver Weg (Urweg) | Etappe 11: San Romao da Retorta &#8211; Melide"},"content":{"rendered":"\n<section id=\"heroStage\">\n  <h1>Primitiver Weg (Urweg): Etappe 11<\/h1>\n  <div>\n    <div class=\"hero\" data-background=\"https:\/\/cdn.pilgrim.es\/web\/caminos\/camino-primitivo\/pueblos\/san-romao-da-retorta.jpg\">\n      <div class=\"hero__container\">\n        <div class=\"hero__container__labels\">\n          <p>Walk<\/p>\n          <p>14 Etappe \/ 310 Kms<\/p>\n        <\/div>\n        <div class=\"hero__container__stage-name\">\n          <h2>\n            San Romao da Retorta <br \/>\n            <span>&#10093;<\/span>\n            Melide\n          <\/h2>\n          <p>20 Km<\/p>\n        <\/div>\n        <div class=\"hero__container__stage-changer\">\n            <div class=\"stage-control\">\n              <a class=\"stage-control__link\" href=\"https:\/\/www.pilgrim.es\/de\/primitiver-weg\/etappe-10-lugo-san-romao-da-retorta\/\"><span>&#10094;<\/span> Etappe 10<\/a>\n            <\/div>\n          <div class=\"stage-control\">\n            <a class=\"stage-control__link\" href=\"https:\/\/www.pilgrim.es\/de\/primitiver-weg\/etappe-11-san-romao-da-retorta-melide\/\">Etappe 11 <span>&#10095;<\/span><\/a>\n          <\/div>\n        <\/div>\n      <\/div>\n    <\/div>\n    <div class=\"planner\"><div\r\n  class=\"p-col-span-1 p-rounded-lg p-px-5 p-h-full\"\r\n  style=\"background-image: url('https:\/\/cdn.pilgrim.es\/web\/pilgrim-planner\/bg-plugin-planificador.webp')\"\r\n  rel=\"preload\"\r\n  fetchpriority=\"high\"\r\n  >\r\n    <div class=\"p-text-center p-pt-5 p-text-white p-text-2xl p-font-semibold\">\r\n      Plane deinen Weg    <\/div>\r\n    <div\r\n            id='primary-app'\r\n            data-name='banner'\r\n            data-api='https:\/\/pathfinder.pilgrim.es\/api\/pathfinder\/v2'\r\n            data-mode='normal'\r\n            data-lang='de'\r\n            data-route='1'\r\n            data-destiny='https:\/\/planificador.pilgrim.es'\r\n            data-modality='1'\r\n            data-inline=''\r\n        ><\/div><\/div><\/div>\n  <\/div>\n<\/section>\n\n<section id=\"scoreBarsStage\">\n  <section>\r\n  <div class=\"p-flex p-flex-nowrap p-space-x-4 p-py-5 p-overflow-x-auto md:p-grid md:p-grid-cols-3 lg:p-grid-cols-5 md:p-gap-8 md:p-space-x-0 md:p-overflow-hidden scrollbar-thin\">\r\n    <div class=\"p-grid p-grid-cols-4 p-shrink-0 p-w-72 p-snap-start md:p-w-full\">\r\n        <div class=\"p-col-span-1 p-self-center p-text-center p-text-3xl\">\r\n            <i class=\"icon-influx\"><\/i>\r\n        <\/div>\r\n        <div class=\"p-col-span-3 p-flex p-flex-col p-items-start\">\r\n            <div class=\"p-text-start p-text-secondary p-mb-1 p-bold\"> Zustrom <\/div>\r\n            <div class=\"p-w-full p-bg-light p-rounded-full p-h-2 p-relative\">\r\n                <div class=\"p-bg-primary p-h-2 p-rounded-full p-absolute\" style=\"width: 60%;\"><\/div>\r\n            <\/div>\r\n        <\/div>\r\n    <\/div>\r\n\r\n    <div class=\"p-grid p-grid-cols-4 p-shrink-0 p-w-72 p-snap-start md:p-w-full\">\r\n        <div class=\"p-col-span-1 p-self-center p-text-center p-text-3xl\">\r\n            <i class=\"icon-difficulty\"><\/i>\r\n        <\/div>\r\n        <div class=\"p-col-span-3 p-flex p-flex-col p-items-start\">\r\n            <div class=\"p-text-start p-text-secondary p-mb-1 p-bold\"> Schwierigkeitsgrad <\/div>\r\n            <div class=\"p-w-full p-bg-light p-rounded-full p-h-2 p-relative\">\r\n                <div class=\"p-bg-primary p-h-2 p-rounded-full p-absolute\" style=\"width: 40%;\"><\/div>\r\n            <\/div>\r\n        <\/div>\r\n    <\/div>\r\n\r\n    <div class=\"p-grid p-grid-cols-4 p-shrink-0 p-w-72 p-snap-start md:p-w-full\">\r\n        <div class=\"p-col-span-1 p-self-center p-text-center p-text-3xl\">\r\n            <i class=\"icon-patrimony\"><\/i>\r\n        <\/div>\r\n        <div class=\"p-col-span-3 p-flex p-flex-col p-items-start\">\r\n            <div class=\"p-text-start p-text-secondary p-mb-1 p-bold\"> Kunst\/Geschichte <\/div>\r\n            <div class=\"p-w-full p-bg-light p-rounded-full p-h-2 p-relative\">\r\n                <div class=\"p-bg-primary p-h-2 p-rounded-full p-absolute\" style=\"width: 60%;\"><\/div>\r\n            <\/div>\r\n        <\/div>\r\n    <\/div>\r\n\r\n    <div class=\"p-grid p-grid-cols-4 p-shrink-0 p-w-72 p-snap-start md:p-w-full\">\r\n        <div class=\"p-col-span-1 p-self-center p-text-center p-text-3xl\">\r\n            <i class=\"icon-nature\"><\/i>\r\n        <\/div>\r\n        <div class=\"p-col-span-3 p-flex p-flex-col p-items-start\">\r\n            <div class=\"p-text-start p-text-secondary p-mb-1 p-bold\"> Natur <\/div>\r\n            <div class=\"p-w-full p-bg-light p-rounded-full p-h-2 p-relative\">\r\n                <div class=\"p-bg-primary p-h-2 p-rounded-full p-absolute\" style=\"width: 80%;\"><\/div>\r\n            <\/div>\r\n        <\/div>\r\n    <\/div>\r\n\r\n    <div class=\"p-grid p-grid-cols-4 p-shrink-0 p-w-72 p-snap-start md:p-w-full\">\r\n        <div class=\"p-col-span-1 p-self-center p-text-center p-text-3xl\">\r\n            <i class=\"icon-urban\"><\/i>\r\n        <\/div>\r\n        <div class=\"p-col-span-3 p-flex p-flex-col p-items-start\">\r\n            <div class=\"p-text-start p-text-secondary p-mb-1 p-bold\"> St\u00e4dtischer Weg <\/div>\r\n            <div class=\"p-w-full p-bg-light p-rounded-full p-h-2 p-relative\">\r\n                <div class=\"p-bg-primary p-h-2 p-rounded-full p-absolute\" style=\"width: 40%;\"><\/div>\r\n            <\/div>\r\n        <\/div>\r\n    <\/div>\r\n  <\/div>\r\n<\/section>\n<\/section>\n\n<div id=\"stage-list-section\"><div class=\"stage-list\">\n    <div class='stage-list__map-card'>\n        <div class='stage-list__map-card__map'>\n            <div class='stage-list__map-card__map__text'>\n                <h2> Pages <\/h2>\n                <p> Zu Fu\u00df<\/p>\n                <p> 0etappen<\/p>\n            <\/div>\n            <div class='stage-list__map-card__map__img'>\n                <img decoding=\"async\" src=\"\" alt=\" mapa \" \/>\n            <\/div>\n        <\/div>\n    <\/div>\n\n    <\/div>\n<\/div>\n\n<section id=\"navStage\">\n  <div>\n    <nav id=\"tab-navigation-section\" class=\"tab-navigation-section--cols-5\">\n      <a href=\"#infoSection\" class=\"active\">Information<\/a>\n       <a href=\"#profileSection\">Profil<\/a>\n       <a href=\"#itinerarySection\">Route<\/a>\n       <a href=\"#locationsSection\">Ortschaften<\/a>\n    <\/nav>\n\n    <div id=\"infoSection\">\n      <!-- Title Section with Orange Line -->\n      <div>\n        <h2 class=\"p-h2-stage\">Information<\/h2>\n        <hr class=\"orange-bar\" \/>\n        <h3 class=\"p-h3-stage\">\u00dcber diese Etappe<\/h3>\n      <\/div>\n\n      \n        <p>Heute werden wir Pilger aus Frankreich treffen, die \u00fcber die Route des franz\u00f6sischen Weges von Melide aus in diesen Verlauf \u00fcbergehen. Entlang l\u00e4ndlicher, asphaltierter- und erdiger Wege wandern wir zwischen kleinen D\u00f6rfern mit einer klaren jakobinischen Geschichte und viel Charme. Es gibt zwei Optionen, um diese Etappe durchzuf\u00fchren. Unsere Wahl trifft auf die Variante der &#8222;R\u00f6merstra\u00dfe&#8220;, da diese etwas k\u00fcrzer als die offizielle ist.<\/p>\n      \n\n      <div class=\"recomendation-card\">\n        <div>\n          <i class=\"icon-logo-pilgrim\"><\/i>\n          <h5>Empfehlung Pilgrim<\/h5>\n        <\/div>\n\n        \n          <p>Eine einfache Etappe, die uns nach Melide f\u00fchrt, wo der primitive- und der franz\u00f6sische Weg ineinander \u00fcbergehen. Es gibt verschiedene Alternativen, wie zum Beispiel die Variante der &#8222;Calzada Romana&#8220;, die etwas k\u00fcrzer ist und die sich der ofiziellen in der Pfarrgemeinde Ferreira anschlie\u00dft. Diese Etappe weist weder f\u00fcr Radfahrer noch f\u00fcr Personen mit eingeschr\u00e4nkter Bewegungsfreiheit besondere Schwierigkeit auf.<\/p>\n        \n      <\/div>\n    <\/div>\n\n    <div id=\"profileSection\">\n      <div>\n        <h2 class=\"p-h2-stage\">Entfernung und H\u00f6he<\/h2>\n        <hr class=\"orange-bar\" \/>\n        <h3 class=\"p-h3-stage\">Etappenprofil<\/h3>\n        <img decoding=\"async\" src=\"https:\/\/cdn.pilgrim.es\/web\/caminos\/camino-primitivo\/etapas\/etapa-11\/etapa11-perfil-ferreira-melide.jpg\" alt=\"Stage profile etappe-11-san-romao-da-retorta-melide\" \/>\n      <\/div>\n    <\/div>\n\n    <div id=\"itinerarySection\">\n      <h2 class=\"p-h2-stage\">Route<\/h2>\n      <hr \/>\n      <h3 class=\"p-h3-stage\">Itinerary<\/h3>\n\n      \n        <div>\n          <h4>Km 0 &#8211; Inicio<\/h4>\n\n          \n            <p>Wir verlassen San Romao da Retorta und beginnen diese Etappe von den Herbergen aus in Richtung Ponte Ferreira, indem wir Asphalt- und Erdabschnitte abwechselnd bew\u00e4ltigen. Nach einer Bergab- Strecke, immer geradeaus, erreichen wir Burgo de Negral im &#8222;Concello&#8220; Friol. In dieser Tages- Route werden wir an kleinen D\u00f6rfern und Pfarrgemeinden vorbeikommen, in denen es zumeist an Dienstleistungen und Interessenspunkten mangelt. Nach Villacarpide, O Pacio und der &#8222;Santa Mar\u00eda&#8220;- Kirche dieser Pfarrgemeinde, gehen wir in das Gebiet eines anderen Rathauses \u00fcber, n\u00e4mlich in das von Palas de Rei. Wir \u00fcberqueren die Stra\u00dfe in Richtung Ponte Ferreira, wo wir die Pilger treffen, die sich gestern entschieden haben, den Verlauf der Tages- Route zu verl\u00e4ngern, um hier zu \u00fcbernachten. Wir durchqueren Carballal, bereits alle zusammen bis nach Leboreira. Wir kehren auf die Stra\u00dfe zur\u00fcck und wandern noch mindestens zwei Kilometer, bis wir die Kirche von San Xurxo de Augas Santas erreichen; wo wir einen kuriosen Friedhof und eine Skulptur des Apostels Jakobus an einem Brunnen finden. Wir wandern weiter zwischen Obstg\u00e4rten und weitreichenden Bauernh\u00f6fen nach Montecelo und Merlan, wo wir neben einer romanischen Kirche zu Ehren von &#8222;San Salvador&#8220; vorbeikommen. An der n\u00e4chsten Kreuzung zeigt uns ein Pfeil einen aufsteigenden Weg nach links an, der uns zur &#8222;Casa Cam\u00ed\u00f1o&#8220; f\u00fchrt; obligatorischer Schritt, bevor wir den Ort namens Hospital de Seixas in der Serra do Care\u00f3n erreichen. Es existierte dort ein vom Malteserorden gegr\u00fcndetes Pilger- Hospital, dieser finanzierte viele andere Einrichtungen dieser Art entlang des Jakobsweges. Wir gelangen an eine enge lokale Stra\u00dfe und biegen nach links in Richtung einer kuriosen Einrichtung ab: &#8222;Casa Mapi&#8220;, einem Steinh\u00e4uschen, in dem eine Pilgerin aus Burgos wohnt, die immer bereit ist, den Wanderern zu helfen. Wir durchqueren dieses kleine Dorf, um einen Aufstieg anzugehen, dabei lassen wir einen &#8222;Horreo&#8220; (Vorratsh\u00e4uschen) auf der linken Seite hinter uns, und k\u00f6nnen In einem beeindruckenden Eichenwald wieder zu Atem kommen.<\/p>\n          \n            <p>Wir wandern weiter bergauf zwischen Feldern und den bekannten Windm\u00fchlen, um die Provinz Lugo zu verlassen und in Melide in die A Coru\u00f1as \u00fcberzugehen. Jetzt ist es Zeit, wieder bergab zu wandern: nach Vilouriz. Von hier aus k\u00f6nnen wir bereits unser Ziel in der Ferne sehen. Wieder werden sich asphaltierte Abschnitte mit Landwegen abwechseln, dabei kommen wir nach Vilamor de Arriba und sp\u00e4ter nach Vilamor de Abaixo. \u00dcber Asphalt gelangen wir an den Fluss Furelos, den wir \u00fcberqueren, um schlie\u00dflich vom &#8222;Concello&#8220; Toques in den von Melide zu gelangen. Nur ein paar Kilometer trennen uns von unserem Ziel und um uns mit unseren Gef\u00e4hrten des franz\u00f6sischen Weges zu treffen.<\/p>\n          \n            <p>Wir betreten den Ortskern von Melide \u00fcber die &#8222;Avenida de Toques&#8220; und der &#8222;De Friol&#8220;. Wir wandern weiter entlang der &#8222;Ronda de A Coru\u00f1a&#8220;, &#8222;R\u00faa Rambla de San Pablo&#8220; und &#8222;R\u00faa Mateo&#8220;, um in die &#8222;R\u00faa Cami\u00f1o de Oviedo&#8220; \u00fcberzugehen. Wir erreichten eine Kreuzung mit der &#8222;R\u00faa de San Pedro&#8220;, dem Endpunkt dieser Etappe, und treffen uns mit den Pilgern, die den Weg in Frankreich begonnen haben.<\/p>\n          \n\n          \n            <a class=\"town-link\" href=\"https:\/\/www.pilgrim.es\/de\/primitiver-weg\/san-romao-da-retorta\/\">\n              <div class=\"town-link__link-content\">\n                <div class=\"town-link__link-content__text\">\n                  <p>Lokale Informationen<\/p>\n                  <p>Polizei, medizinische Versorgung, Sehensw\u00fcrdigkeiten, Restaurants&#8230;<\/p>\n                <\/div>\n                <div class=\"town-link__link-content__town-btn\">\n                  <i class=\"icon-arrow\"><\/i>\n                <\/div>\n              <\/div>\n            <\/a>\n          \n        <\/div>\n        <hr \/>\n      \n      <div>\n        <h4>Km 20 &#8231; Melide<\/h4>\n        <a class=\"town-link\" href=\"\/primitiver-weg\/melide\">\n          <div class=\"town-link__link-content\">\n            <div class=\"town-link__link-content__text\">\n              <p>Lokale Informationen<\/p>\n              <p>Polizei, medizinische Versorgung, Sehensw\u00fcrdigkeiten, Restaurants&#8230;<\/p>\n            <\/div>\n            <div class=\"town-link__link-content__town-btn\">\n              <i class=\"icon-arrow\"><\/i>\n            <\/div>\n          <\/div>\n        <\/a>\n      <\/div>\n    <\/div>\n\n  <div id=\"locationsSection\">\n      <h2 class=\"p-h2-stage\">\u00d6rtlichkeiten<\/h2>\n      <hr \/>\n      <h3 class=\"p-h3-stage\">St\u00e4dte<\/h3>\n      <div class=\"grid-container\">\n\n        <div class=\"p-group card-stage p-max-w-full\">\n          <a href=\"https:\/\/www.pilgrim.es\/de\/primitiver-weg\/san-romao-da-retorta\/\" class=\"town-card\">\n            <div class=\"card-stage__header\">\n              <img decoding=\"async\" src=\"https:\/\/cdn.pilgrim.es\/web\/caminos\/camino-primitivo\/pueblos\/san-romao-da-retorta.jpg\" alt=\"San Romao da Retorta\" class=\"group-hover:p-scale-110\" \/>\n              <div class=\"card-overlay group-hover:p-opacity-50\"><\/div>\n            <\/div>\n            <div class=\"town-card__flex-container\">\n              <div class=\"town-card__flex-container__info\">\n                <h3>San Romao da Retorta<\/h3>\n                <p>Provincia: Lugo<\/p>\n              <\/div>\n              <div class=\"town-card__flex-container__btn\">\n                <i class=\"icon-arrow\"><\/i>\n              <\/div>\n            <\/div>\n          <\/a>\n        <\/div>\n        <div class=\"p-group card-stage p-max-w-full\">\n          <a href=\"\/primitiver-weg\/melide\/\" class=\"town-card\">\n            <div class=\"card-stage__header\">\n              <img decoding=\"async\" src=\"https:\/\/cdn.pilgrim.es\/web\/caminos\/camino-primitivo\/pueblos\/melide.jpg\" alt=\"Melide\" class=\"group-hover:p-scale-110\" \/>\n              <div class=\"card-overlay group-hover:p-opacity-50\"><\/div>\n            <\/div>\n            <div class=\"town-card__flex-container\">\n              <div class=\"town-card__flex-container__info\">\n                <h3>Melide<\/h3>\n                <p>Provincia: A Coru\u00f1a<\/p>\n              <\/div>\n              <div class=\"town-card__flex-container__btn\">\n                <i class=\"icon-arrow\"><\/i>\n              <\/div>\n            <\/div>\n          <\/a>\n        <\/div>\n      <\/div>\n    <\/div>\n    <hr class=\"single-bar\" \/>\n  <\/div>\n<\/section>\n\n<section id=\"stageChange\">\n  <div>\n    <a href=\"https:\/\/www.pilgrim.es\/de\/primitiver-weg\/etappe-10-lugo-san-romao-da-retorta\/\" class=\"change-btn\">\n    <div class=\"change-btn\">\n      <div class=\"btn-arrow previous\">\n        <i class=\"icon-arrow\"><\/i>\n      <\/div>\n      <div class=\"change-btn__info\">\n        <div>Etappe 10<\/div>\n        <p>\n          Lugo \u276f <br> San Romao da Retorta\n        <\/p>\n      <\/div>\n    <\/div>\n    <\/a>\n    <a href=\"https:\/\/www.pilgrim.es\/de\/primitiver-weg\/etappe-11-san-romao-da-retorta-melide\/\" class=\"change-btn\">\n      <div class=\"change-btn__info\">\n        <div>Etappe 11<\/div>\n        <p>\n          San Romao da Retorta \u276f <br> Melide\n        <\/p>\n      <\/div>\n      <div class=\"btn-arrow\">\n        <i class=\"icon-arrow\"><\/i>\n      <\/div>\n    <\/a>\n  <\/div>\n<\/section>\n","protected":false},"excerpt":{"rendered":"<p>Primitiver Weg (Urweg): Etappe 11 Walk 14 Etappe \/ 310 Kms San Romao da Retorta &#10093; Melide 20 Km &#10094; Etappe 10 Etappe 11 &#10095; Information Profil Route Ortschaften Information \u00dcber diese Etappe Heute werden wir Pilger aus Frankreich treffen, die \u00fcber die Route des franz\u00f6sischen Weges von Melide aus in diesen Verlauf \u00fcbergehen. Entlang &hellip; <\/p>\n<p class=\"read_more\"><a href=\"https:\/\/www.pilgrim.es\/de\/primitiver-weg\/etappe-11-san-romao-da-retorta-melide\/\">Leer m\u00e1s<\/a><\/p>\n","protected":false},"author":4,"featured_media":13085,"parent":10635,"menu_order":0,"comment_status":"closed","ping_status":"closed","template":"views\/template-new-web-design.blade.php","meta":{"footnotes":""},"categories":[],"tags":[],"class_list":["post-38975","page","type-page","status-publish","has-post-thumbnail","hentry"],"yoast_head":"<!-- This site is optimized with the Yoast SEO plugin v27.4 - https:\/\/yoast.com\/product\/yoast-seo-wordpress\/ -->\n<title>Camino Primitivo desde San Romao a Melide | Camino de Santiago | Pilgrim<\/title>\n<meta name=\"description\" content=\"Primitiver Weg (Urweg): Etappe 11 des Jakobsweges, der zwischen den D\u00f6rfern San Romao und Melide verl\u00e4uft. Entdecken Sie alle Informationen und planen Sie Ihre Etappe.\" \/>\n<meta name=\"robots\" content=\"index, follow, max-snippet:-1, max-image-preview:large, max-video-preview:-1\" \/>\n<link rel=\"canonical\" href=\"https:\/\/www.pilgrim.es\/de\/primitiver-weg\/etappe-11-san-romao-da-retorta-melide\/\" \/>\n<meta property=\"og:locale\" content=\"de_DE\" \/>\n<meta property=\"og:type\" content=\"article\" \/>\n<meta property=\"og:title\" content=\"Camino Primitivo desde San Romao a Melide | Camino de Santiago | Pilgrim\" \/>\n<meta property=\"og:description\" content=\"Primitiver Weg (Urweg): Etappe 11 des Jakobsweges, der zwischen den D\u00f6rfern San Romao und Melide verl\u00e4uft. Entdecken Sie alle Informationen und planen Sie Ihre Etappe.\" \/>\n<meta property=\"og:url\" content=\"https:\/\/www.pilgrim.es\/de\/primitiver-weg\/etappe-11-san-romao-da-retorta-melide\/\" \/>\n<meta property=\"og:site_name\" content=\"Pilgrim\" \/>\n<meta property=\"article:publisher\" content=\"https:\/\/www.facebook.com\/pilgrim.es\/\" \/>\n<meta property=\"article:modified_time\" content=\"2025-08-26T11:12:59+00:00\" \/>\n<meta property=\"og:image\" content=\"https:\/\/www.pilgrim.es\/wp-content\/uploads\/2019\/03\/camino_primitivo_etapa_11.jpg\" \/>\n\t<meta property=\"og:image:width\" content=\"1633\" \/>\n\t<meta property=\"og:image:height\" content=\"547\" \/>\n\t<meta property=\"og:image:type\" content=\"image\/jpeg\" \/>\n<meta name=\"twitter:card\" content=\"summary_large_image\" \/>\n<meta name=\"twitter:site\" content=\"@pilgrim_es\" \/>\n<meta name=\"twitter:label1\" content=\"Gesch\u00e4tzte Lesezeit\" \/>\n\t<meta name=\"twitter:data1\" content=\"4\u00a0Minuten\" \/>\n<script type=\"application\/ld+json\" class=\"yoast-schema-graph\">{\"@context\":\"https:\\\/\\\/schema.org\",\"@graph\":[{\"@type\":\"WebPage\",\"@id\":\"https:\\\/\\\/www.pilgrim.es\\\/de\\\/primitiver-weg\\\/etappe-11-san-romao-da-retorta-melide\\\/\",\"url\":\"https:\\\/\\\/www.pilgrim.es\\\/de\\\/primitiver-weg\\\/etappe-11-san-romao-da-retorta-melide\\\/\",\"name\":\"Camino Primitivo desde San Romao a Melide | Camino de Santiago | Pilgrim\",\"isPartOf\":{\"@id\":\"https:\\\/\\\/www.pilgrim.es\\\/de\\\/#website\"},\"primaryImageOfPage\":{\"@id\":\"https:\\\/\\\/www.pilgrim.es\\\/de\\\/primitiver-weg\\\/etappe-11-san-romao-da-retorta-melide\\\/#primaryimage\"},\"image\":{\"@id\":\"https:\\\/\\\/www.pilgrim.es\\\/de\\\/primitiver-weg\\\/etappe-11-san-romao-da-retorta-melide\\\/#primaryimage\"},\"thumbnailUrl\":\"https:\\\/\\\/www.pilgrim.es\\\/wp-content\\\/uploads\\\/2019\\\/03\\\/camino_primitivo_etapa_11.jpg\",\"datePublished\":\"2019-05-29T14:41:03+00:00\",\"dateModified\":\"2025-08-26T11:12:59+00:00\",\"description\":\"Primitiver Weg (Urweg): Etappe 11 des Jakobsweges, der zwischen den D\u00f6rfern San Romao und Melide verl\u00e4uft. Entdecken Sie alle Informationen und planen Sie Ihre Etappe.\",\"breadcrumb\":{\"@id\":\"https:\\\/\\\/www.pilgrim.es\\\/de\\\/primitiver-weg\\\/etappe-11-san-romao-da-retorta-melide\\\/#breadcrumb\"},\"inLanguage\":\"de\",\"potentialAction\":[{\"@type\":\"ReadAction\",\"target\":[\"https:\\\/\\\/www.pilgrim.es\\\/de\\\/primitiver-weg\\\/etappe-11-san-romao-da-retorta-melide\\\/\"]}]},{\"@type\":\"ImageObject\",\"inLanguage\":\"de\",\"@id\":\"https:\\\/\\\/www.pilgrim.es\\\/de\\\/primitiver-weg\\\/etappe-11-san-romao-da-retorta-melide\\\/#primaryimage\",\"url\":\"https:\\\/\\\/www.pilgrim.es\\\/wp-content\\\/uploads\\\/2019\\\/03\\\/camino_primitivo_etapa_11.jpg\",\"contentUrl\":\"https:\\\/\\\/www.pilgrim.es\\\/wp-content\\\/uploads\\\/2019\\\/03\\\/camino_primitivo_etapa_11.jpg\",\"width\":1633,\"height\":547,\"caption\":\"Landkarte Etappe 11 Primitiver Weg (Urweg)\"},{\"@type\":\"BreadcrumbList\",\"@id\":\"https:\\\/\\\/www.pilgrim.es\\\/de\\\/primitiver-weg\\\/etappe-11-san-romao-da-retorta-melide\\\/#breadcrumb\",\"itemListElement\":[{\"@type\":\"ListItem\",\"position\":1,\"name\":\"Camino de Santiago\",\"item\":\"https:\\\/\\\/www.pilgrim.es\\\/de\\\/\"},{\"@type\":\"ListItem\",\"position\":2,\"name\":\"Der Primitive Weg (Urweg)\",\"item\":\"https:\\\/\\\/www.pilgrim.es\\\/de\\\/primitiver-weg\\\/\"},{\"@type\":\"ListItem\",\"position\":3,\"name\":\"Primitiver Weg (Urweg) | Etappe 11: San Romao da Retorta &#8211; Melide\"}]},{\"@type\":\"WebSite\",\"@id\":\"https:\\\/\\\/www.pilgrim.es\\\/de\\\/#website\",\"url\":\"https:\\\/\\\/www.pilgrim.es\\\/de\\\/\",\"name\":\"Pilgrim\",\"description\":\"Camino de Santiago | Caminamos Contigo\",\"publisher\":{\"@id\":\"https:\\\/\\\/www.pilgrim.es\\\/de\\\/#organization\"},\"potentialAction\":[{\"@type\":\"SearchAction\",\"target\":{\"@type\":\"EntryPoint\",\"urlTemplate\":\"https:\\\/\\\/www.pilgrim.es\\\/de\\\/?s={search_term_string}\"},\"query-input\":{\"@type\":\"PropertyValueSpecification\",\"valueRequired\":true,\"valueName\":\"search_term_string\"}}],\"inLanguage\":\"de\"},{\"@type\":\"Organization\",\"@id\":\"https:\\\/\\\/www.pilgrim.es\\\/de\\\/#organization\",\"name\":\"Pilgrim Camino de Santiago\",\"url\":\"https:\\\/\\\/www.pilgrim.es\\\/de\\\/\",\"logo\":{\"@type\":\"ImageObject\",\"inLanguage\":\"de\",\"@id\":\"https:\\\/\\\/www.pilgrim.es\\\/de\\\/#\\\/schema\\\/logo\\\/image\\\/\",\"url\":\"https:\\\/\\\/www.pilgrim.es\\\/wp-content\\\/uploads\\\/2019\\\/04\\\/logo_pilgrim.png\",\"contentUrl\":\"https:\\\/\\\/www.pilgrim.es\\\/wp-content\\\/uploads\\\/2019\\\/04\\\/logo_pilgrim.png\",\"width\":512,\"height\":512,\"caption\":\"Pilgrim Camino de Santiago\"},\"image\":{\"@id\":\"https:\\\/\\\/www.pilgrim.es\\\/de\\\/#\\\/schema\\\/logo\\\/image\\\/\"},\"sameAs\":[\"https:\\\/\\\/www.facebook.com\\\/pilgrim.es\\\/\",\"https:\\\/\\\/x.com\\\/pilgrim_es\",\"https:\\\/\\\/www.instagram.com\\\/pilgrim.es\\\/\",\"https:\\\/\\\/www.linkedin.com\\\/company\\\/pilgrim-camino-de-santiago\\\/\",\"https:\\\/\\\/www.pinterest.es\\\/pilgrimcaminodesantiago\\\/\",\"https:\\\/\\\/www.youtube.com\\\/channel\\\/UCIv2ZzFLXVqthkNF32rKedw\\\/featured\"]}]}<\/script>\n<!-- \/ Yoast SEO plugin. -->","yoast_head_json":{"title":"Camino Primitivo desde San Romao a Melide | Camino de Santiago | Pilgrim","description":"Primitiver Weg (Urweg): Etappe 11 des Jakobsweges, der zwischen den D\u00f6rfern San Romao und Melide verl\u00e4uft. Entdecken Sie alle Informationen und planen Sie Ihre Etappe.","robots":{"index":"index","follow":"follow","max-snippet":"max-snippet:-1","max-image-preview":"max-image-preview:large","max-video-preview":"max-video-preview:-1"},"canonical":"https:\/\/www.pilgrim.es\/de\/primitiver-weg\/etappe-11-san-romao-da-retorta-melide\/","og_locale":"de_DE","og_type":"article","og_title":"Camino Primitivo desde San Romao a Melide | Camino de Santiago | Pilgrim","og_description":"Primitiver Weg (Urweg): Etappe 11 des Jakobsweges, der zwischen den D\u00f6rfern San Romao und Melide verl\u00e4uft. Entdecken Sie alle Informationen und planen Sie Ihre Etappe.","og_url":"https:\/\/www.pilgrim.es\/de\/primitiver-weg\/etappe-11-san-romao-da-retorta-melide\/","og_site_name":"Pilgrim","article_publisher":"https:\/\/www.facebook.com\/pilgrim.es\/","article_modified_time":"2025-08-26T11:12:59+00:00","og_image":[{"width":1633,"height":547,"url":"https:\/\/www.pilgrim.es\/wp-content\/uploads\/2019\/03\/camino_primitivo_etapa_11.jpg","type":"image\/jpeg"}],"twitter_card":"summary_large_image","twitter_site":"@pilgrim_es","twitter_misc":{"Gesch\u00e4tzte Lesezeit":"4\u00a0Minuten"},"schema":{"@context":"https:\/\/schema.org","@graph":[{"@type":"WebPage","@id":"https:\/\/www.pilgrim.es\/de\/primitiver-weg\/etappe-11-san-romao-da-retorta-melide\/","url":"https:\/\/www.pilgrim.es\/de\/primitiver-weg\/etappe-11-san-romao-da-retorta-melide\/","name":"Camino Primitivo desde San Romao a Melide | Camino de Santiago | Pilgrim","isPartOf":{"@id":"https:\/\/www.pilgrim.es\/de\/#website"},"primaryImageOfPage":{"@id":"https:\/\/www.pilgrim.es\/de\/primitiver-weg\/etappe-11-san-romao-da-retorta-melide\/#primaryimage"},"image":{"@id":"https:\/\/www.pilgrim.es\/de\/primitiver-weg\/etappe-11-san-romao-da-retorta-melide\/#primaryimage"},"thumbnailUrl":"https:\/\/www.pilgrim.es\/wp-content\/uploads\/2019\/03\/camino_primitivo_etapa_11.jpg","datePublished":"2019-05-29T14:41:03+00:00","dateModified":"2025-08-26T11:12:59+00:00","description":"Primitiver Weg (Urweg): Etappe 11 des Jakobsweges, der zwischen den D\u00f6rfern San Romao und Melide verl\u00e4uft. Entdecken Sie alle Informationen und planen Sie Ihre Etappe.","breadcrumb":{"@id":"https:\/\/www.pilgrim.es\/de\/primitiver-weg\/etappe-11-san-romao-da-retorta-melide\/#breadcrumb"},"inLanguage":"de","potentialAction":[{"@type":"ReadAction","target":["https:\/\/www.pilgrim.es\/de\/primitiver-weg\/etappe-11-san-romao-da-retorta-melide\/"]}]},{"@type":"ImageObject","inLanguage":"de","@id":"https:\/\/www.pilgrim.es\/de\/primitiver-weg\/etappe-11-san-romao-da-retorta-melide\/#primaryimage","url":"https:\/\/www.pilgrim.es\/wp-content\/uploads\/2019\/03\/camino_primitivo_etapa_11.jpg","contentUrl":"https:\/\/www.pilgrim.es\/wp-content\/uploads\/2019\/03\/camino_primitivo_etapa_11.jpg","width":1633,"height":547,"caption":"Landkarte Etappe 11 Primitiver Weg (Urweg)"},{"@type":"BreadcrumbList","@id":"https:\/\/www.pilgrim.es\/de\/primitiver-weg\/etappe-11-san-romao-da-retorta-melide\/#breadcrumb","itemListElement":[{"@type":"ListItem","position":1,"name":"Camino de Santiago","item":"https:\/\/www.pilgrim.es\/de\/"},{"@type":"ListItem","position":2,"name":"Der Primitive Weg (Urweg)","item":"https:\/\/www.pilgrim.es\/de\/primitiver-weg\/"},{"@type":"ListItem","position":3,"name":"Primitiver Weg (Urweg) | Etappe 11: San Romao da Retorta &#8211; Melide"}]},{"@type":"WebSite","@id":"https:\/\/www.pilgrim.es\/de\/#website","url":"https:\/\/www.pilgrim.es\/de\/","name":"Pilgrim","description":"Camino de Santiago | Caminamos Contigo","publisher":{"@id":"https:\/\/www.pilgrim.es\/de\/#organization"},"potentialAction":[{"@type":"SearchAction","target":{"@type":"EntryPoint","urlTemplate":"https:\/\/www.pilgrim.es\/de\/?s={search_term_string}"},"query-input":{"@type":"PropertyValueSpecification","valueRequired":true,"valueName":"search_term_string"}}],"inLanguage":"de"},{"@type":"Organization","@id":"https:\/\/www.pilgrim.es\/de\/#organization","name":"Pilgrim Camino de Santiago","url":"https:\/\/www.pilgrim.es\/de\/","logo":{"@type":"ImageObject","inLanguage":"de","@id":"https:\/\/www.pilgrim.es\/de\/#\/schema\/logo\/image\/","url":"https:\/\/www.pilgrim.es\/wp-content\/uploads\/2019\/04\/logo_pilgrim.png","contentUrl":"https:\/\/www.pilgrim.es\/wp-content\/uploads\/2019\/04\/logo_pilgrim.png","width":512,"height":512,"caption":"Pilgrim Camino de Santiago"},"image":{"@id":"https:\/\/www.pilgrim.es\/de\/#\/schema\/logo\/image\/"},"sameAs":["https:\/\/www.facebook.com\/pilgrim.es\/","https:\/\/x.com\/pilgrim_es","https:\/\/www.instagram.com\/pilgrim.es\/","https:\/\/www.linkedin.com\/company\/pilgrim-camino-de-santiago\/","https:\/\/www.pinterest.es\/pilgrimcaminodesantiago\/","https:\/\/www.youtube.com\/channel\/UCIv2ZzFLXVqthkNF32rKedw\/featured"]}]}},"_links":{"self":[{"href":"https:\/\/www.pilgrim.es\/de\/wp-json\/wp\/v2\/pages\/38975","targetHints":{"allow":["GET"]}}],"collection":[{"href":"https:\/\/www.pilgrim.es\/de\/wp-json\/wp\/v2\/pages"}],"about":[{"href":"https:\/\/www.pilgrim.es\/de\/wp-json\/wp\/v2\/types\/page"}],"author":[{"embeddable":true,"href":"https:\/\/www.pilgrim.es\/de\/wp-json\/wp\/v2\/users\/4"}],"replies":[{"embeddable":true,"href":"https:\/\/www.pilgrim.es\/de\/wp-json\/wp\/v2\/comments?post=38975"}],"version-history":[{"count":6,"href":"https:\/\/www.pilgrim.es\/de\/wp-json\/wp\/v2\/pages\/38975\/revisions"}],"predecessor-version":[{"id":135672,"href":"https:\/\/www.pilgrim.es\/de\/wp-json\/wp\/v2\/pages\/38975\/revisions\/135672"}],"up":[{"embeddable":true,"href":"https:\/\/www.pilgrim.es\/de\/wp-json\/wp\/v2\/pages\/10635"}],"wp:featuredmedia":[{"embeddable":true,"href":"https:\/\/www.pilgrim.es\/de\/wp-json\/wp\/v2\/media\/13085"}],"wp:attachment":[{"href":"https:\/\/www.pilgrim.es\/de\/wp-json\/wp\/v2\/media?parent=38975"}],"wp:term":[{"taxonomy":"category","embeddable":true,"href":"https:\/\/www.pilgrim.es\/de\/wp-json\/wp\/v2\/categories?post=38975"},{"taxonomy":"post_tag","embeddable":true,"href":"https:\/\/www.pilgrim.es\/de\/wp-json\/wp\/v2\/tags?post=38975"}],"curies":[{"name":"wp","href":"https:\/\/api.w.org\/{rel}","templated":true}]}}